{"id":171892,"date":"2026-09-05T15:43:21","date_gmt":"2026-09-05T15:43:21","guid":{"rendered":"https:\/\/iwell-guard.com\/?page_id=171892"},"modified":"2026-09-05T16:09:53","modified_gmt":"2026-09-05T16:09:53","slug":"triquetra-nus-triada-celtic","status":"publish","type":"page","link":"https:\/\/iwell-guard.com\/ca\/triquetra-nus-triada-celtic\/","title":{"rendered":"Triquetra: el nus de la tr\u00edada c\u00e8ltic"},"content":{"rendered":"\t\t<div data-elementor-type=\"wp-page\" data-elementor-id=\"171892\" class=\"elementor elementor-171892 elementor-3618 elementor-bc-flex-widget\" data-elementor-post-type=\"page\">\n\t\t\t\t<div class=\"elementor-element elementor-element-iwgs-triquetra-hero e-flex e-con-boxed e-con e-parent\" data-id=\"iwgs-triquetra-hero\" data-element_type=\"container\" data-e-type=\"container\">\n\t\t\t\t\t<div class=\"e-con-inner\">\n\t\t<div class=\"elementor-element elementor-element-iwgs-triquetra-hl e-flex e-con-boxed e-con e-parent\" data-id=\"iwgs-triquetra-hl\" data-element_type=\"container\" data-e-type=\"container\">\n\t\t\t\t\t<div class=\"e-con-inner\">\n\t\t<div class=\"elementor-element elementor-element-iwgs-triquetra-hlbox e-con-full e-flex e-con e-parent\" data-id=\"iwgs-triquetra-hlbox\" data-element_type=\"container\" data-e-type=\"container\">\n\t\t\t\t<div class=\"elementor-element elementor-element-iwgs-triquetra-h1 elementor-widget elementor-widget-heading\" data-id=\"iwgs-triquetra-h1\" data-element_type=\"widget\" data-e-type=\"widget\" data-widget_type=\"heading.default\">\n\t\t\t\t\t<h1 class=\"elementor-heading-title elementor-size-default\">La triquetra: el nus de la tr\u00edada c\u00e8ltic com a s\u00edmbol de protecci\u00f3<\/h1>\t\t\t\t<\/div>\n\t\t\t\t<div class=\"elementor-element elementor-element-iwgs-triquetra-lead elementor-widget elementor-widget-text-editor\" data-id=\"iwgs-triquetra-lead\" data-element_type=\"widget\" data-e-type=\"widget\" data-widget_type=\"text-editor.default\">\n\t\t\t\t\t\t\t\t\t<p>La triquetra \u00e9s un s\u00edmbol format per tres arcs entrella\u00e7ats, estretament vinculat al m\u00f3n de tradici\u00f3 c\u00e8ltica. Com a l\u00ednia cont\u00ednua i tancada sobre si mateixa, representa la tr\u00edada i la uni\u00f3, i \u00e9s un dels s\u00edmbols de nus m\u00e9s coneguts d&#8217;Europa.<\/p>\t\t\t\t\t\t\t\t<\/div>\n\t\t\t\t<\/div>\n\t\t\t\t<div class=\"elementor-element elementor-element-iwgs-triquetra-pills elementor-widget elementor-widget-html\" data-id=\"iwgs-triquetra-pills\" data-element_type=\"widget\" data-e-type=\"widget\" data-widget_type=\"html.default\">\n\t\t\t\t\t<div class=\"iwg-pill-row\"><span class=\"iwg-klasse-badge\" tabindex=\"0\" data-tooltip=\"S\u00edmbol de protecci\u00f3, amulet u objecte apotropaic.\">S\u00edmbol de protecci\u00f3<\/span><a href=\"https:\/\/iwell-guard.com\/ca\/celtic\/\" class=\"iwg-kultur-badge\" tabindex=\"0\" data-tooltip=\"Tradici\u00f3 de protecci\u00f3: c\u00e8ltica\">C\u00e8ltica<\/a><span class=\"iwg-tradition-badge\" tabindex=\"0\" data-tooltip=\"Un s\u00edmbol de protecci\u00f3 en forma de nus entrella\u00e7at.\">S\u00edmbol de nus<\/span><\/div>\t\t\t\t<\/div>\n\t\t\t\t\t<\/div>\n\t\t\t\t<\/div>\n\t\t<div class=\"elementor-element elementor-element-iwgs-triquetra-hr e-con-full e-flex e-con e-parent\" data-id=\"iwgs-triquetra-hr\" data-element_type=\"container\" data-e-type=\"container\">\n\t\t\t\t<div class=\"elementor-element elementor-element-iwgs-triquetra-himg iwg-hero-image elementor-widget elementor-widget-image\" data-id=\"iwgs-triquetra-himg\" data-element_type=\"widget\" data-e-type=\"widget\" data-widget_type=\"image.default\">\n\t\t\t\t\t\t\t\t\t\t\t\t\t\t\t<img fetchpriority=\"high\" decoding=\"async\" width=\"683\" height=\"1024\" src=\"https:\/\/iwell-guard.com\/wp-content\/uploads\/2026\/05\/schutzsymbol_keltisch_triquetra-683x1024.webp\" class=\"attachment-large size-large wp-image-3485\" alt=\"Triquetra: el nus de la tr\u00edada c\u00e8ltic\" srcset=\"https:\/\/iwell-guard.com\/wp-content\/uploads\/2026\/05\/schutzsymbol_keltisch_triquetra-683x1024.webp 683w, https:\/\/iwell-guard.com\/wp-content\/uploads\/2026\/05\/schutzsymbol_keltisch_triquetra-200x300.webp 200w, https:\/\/iwell-guard.com\/wp-content\/uploads\/2026\/05\/schutzsymbol_keltisch_triquetra-768x1152.webp 768w, https:\/\/iwell-guard.com\/wp-content\/uploads\/2026\/05\/schutzsymbol_keltisch_triquetra.webp 1024w\" sizes=\"(max-width: 683px) 100vw, 683px\" \/>\t\t\t\t\t\t\t\t\t\t\t\t\t\t\t<\/div>\n\t\t\t\t<\/div>\n\t\t\t\t\t<\/div>\n\t\t\t\t<\/div>\n\t\t<div class=\"elementor-element elementor-element-iwgs-triquetra-s0 e-flex e-con-boxed e-con e-parent\" data-id=\"iwgs-triquetra-s0\" data-element_type=\"container\" data-e-type=\"container\">\n\t\t\t\t\t<div class=\"e-con-inner\">\n\t\t\t\t<div class=\"elementor-element elementor-element-iwgs-triquetra-s0h elementor-widget elementor-widget-heading\" data-id=\"iwgs-triquetra-s0h\" data-element_type=\"widget\" data-e-type=\"widget\" data-widget_type=\"heading.default\">\n\t\t\t\t\t<h2 class=\"elementor-heading-title elementor-size-default\">Introducci\u00f3<\/h2>\t\t\t\t<\/div>\n\t\t<div class=\"elementor-element elementor-element-iwgs-triquetra-s0box e-con-full e-flex e-con e-parent\" data-id=\"iwgs-triquetra-s0box\" data-element_type=\"container\" data-e-type=\"container\">\n\t\t\t\t<div class=\"elementor-element elementor-element-iwgs-triquetra-s0t elementor-widget elementor-widget-text-editor\" data-id=\"iwgs-triquetra-s0t\" data-element_type=\"widget\" data-e-type=\"widget\" data-widget_type=\"text-editor.default\">\n\t\t\t\t\t\t\t\t\t<p>La triquetra \u00e9s un s\u00edmbol format per tres arcs id\u00e8ntics entrella\u00e7ats entre si. Cada arc forma un lla\u00e7 que s&#8217;estreny en punta, i els tres lla\u00e7os s&#8217;entrecreuen de manera que en resulta un patr\u00f3 equilibrat de tres parts. Sovint la triquetra apareix envoltada, a m\u00e9s, per un cercle. \u00c9s un dels s\u00edmbols m\u00e9s coneguts que s&#8217;associen al m\u00f3n de tradici\u00f3 <a href=\"https:\/\/iwell-guard.com\/ca\/celtic\/\">c\u00e8ltica<\/a>.<\/p><p>El nom triquetra prov\u00e9 del llat\u00ed i significa aproximadament el que t\u00e9 tres angles o el que t\u00e9 tres cantons. En l&#8217;\u00fas habitual en llengua alemanya, el s\u00edmbol sol anomenar-se nus de la tr\u00edada. Ambdues denominacions destaquen el mateix aspecte, \u00e9s a dir, el n\u00famero tres i l&#8217;entrella\u00e7ament. La triquetra \u00e9s un s\u00edmbol de la tr\u00edada amb forma de nus.<\/p><p>En l&#8217;\u00e0mbit de la <span class=\"iwg-fachbegriff\" data-tooltip=\"La ci\u00e8ncia que estudia les religions de manera comparativa i sense vincle de fe.\" tabindex=\"0\">ci\u00e8ncia de la religi\u00f3<\/span> i de la hist\u00f2ria de l&#8217;art, la triquetra s&#8217;estudia amb cura. Est\u00e0 ben documentada, per\u00f2 la seva hist\u00f2ria \u00e9s complexa. El s\u00edmbol ha estat interpretat de maneres diferents en \u00e8poques i per grups diversos. Aquesta hist\u00f2ria d&#8217;interpretacions canviants forma part d&#8217;una presentaci\u00f3 completa.<\/p><p>Com a s\u00edmbol de nus, la triquetra segueix un principi que moltes cultures coneixen. Una l\u00ednia ininterrompuda i tancada sobre si mateixa es considerava una forma protectora. La triquetra n&#8217;\u00e9s una expressi\u00f3 especialment equilibrada. Uneix la l\u00ednia tancada protectora amb el significatiu n\u00famero tres.<\/p>\t\t\t\t\t\t\t\t<\/div>\n\t\t\t\t<\/div>\n\t\t\t\t\t<\/div>\n\t\t\t\t<\/div>\n\t\t<div class=\"elementor-element elementor-element-iwgs-triquetra-s1 e-flex e-con-boxed e-con e-parent\" data-id=\"iwgs-triquetra-s1\" data-element_type=\"container\" data-e-type=\"container\">\n\t\t\t\t\t<div class=\"e-con-inner\">\n\t\t\t\t<div class=\"elementor-element elementor-element-iwgs-triquetra-s1h elementor-widget elementor-widget-heading\" data-id=\"iwgs-triquetra-s1h\" data-element_type=\"widget\" data-e-type=\"widget\" data-widget_type=\"heading.default\">\n\t\t\t\t\t<h2 class=\"elementor-heading-title elementor-size-default\">El nom i la forma<\/h2>\t\t\t\t<\/div>\n\t\t<div class=\"elementor-element elementor-element-iwgs-triquetra-s1box e-con-full e-flex e-con e-parent\" data-id=\"iwgs-triquetra-s1box\" data-element_type=\"container\" data-e-type=\"container\">\n\t\t\t\t<div class=\"elementor-element elementor-element-iwgs-triquetra-s1t elementor-widget elementor-widget-text-editor\" data-id=\"iwgs-triquetra-s1t\" data-element_type=\"widget\" data-e-type=\"widget\" data-widget_type=\"text-editor.default\">\n\t\t\t\t\t\t\t\t\t<p>La forma de la triquetra es pot derivar d&#8217;una \u00fanica figura b\u00e0sica. Aquesta figura b\u00e0sica \u00e9s el lla\u00e7 que s&#8217;estreny en punta i que es forma quan dos arcs de cercle se superposen. Tres lla\u00e7os d&#8217;aquest tipus, disposats de manera uniforme al voltant d&#8217;un punt central i entrella\u00e7ats entre si, formen la triquetra.<\/p><p>L&#8217;element decisiu \u00e9s l&#8217;entrella\u00e7ament. Els tres arcs estan disposats de manera que passen alternativament per sobre i per sota els uns dels altres. Per aix\u00f2 cap dels arcs es pot separar sense moure els altres. Les tres parts estan indissolublement unides entre si. Precisament aquesta indissolubilitat \u00e9s important per a la seva interpretaci\u00f3.<\/p><p>La triquetra es pot formar a partir d&#8217;una \u00fanica l\u00ednia cont\u00ednua. Aquesta l\u00ednia s&#8217;entrella\u00e7a tres vegades i torna al final al seu punt de partida sense que es formi cap buit. El s\u00edmbol \u00e9s, per tant, una l\u00ednia sense fi. No t\u00e9 ni principi ni final visibles.<\/p><p>El nom llat\u00ed fa refer\u00e8ncia a la forma triangular general del s\u00edmbol. De fet, al voltant dels tres arcs es pot tra\u00e7ar un triangle imaginari. Forma i nom coincideixen, doncs. La triquetra \u00e9s un s\u00edmbol triangular, format per tres parts, entrella\u00e7at sense fi, i cada un d&#8217;aquests trets contribueix al seu significat.<\/p>\t\t\t\t\t\t\t\t<\/div>\n\t\t\t\t<\/div>\n\t\t\t\t\t<\/div>\n\t\t\t\t<\/div>\n\t\t<div class=\"elementor-element elementor-element-iwgs-triquetra-s2 e-flex e-con-boxed e-con e-parent\" data-id=\"iwgs-triquetra-s2\" data-element_type=\"container\" data-e-type=\"container\">\n\t\t\t\t\t<div class=\"e-con-inner\">\n\t\t\t\t<div class=\"elementor-element elementor-element-iwgs-triquetra-s2h elementor-widget elementor-widget-heading\" data-id=\"iwgs-triquetra-s2h\" data-element_type=\"widget\" data-e-type=\"widget\" data-widget_type=\"heading.default\">\n\t\t\t\t\t<h2 class=\"elementor-heading-title elementor-size-default\">La triquetra en l'art insular<\/h2>\t\t\t\t<\/div>\n\t\t<div class=\"elementor-element elementor-element-iwgs-triquetra-s2box e-con-full e-flex e-con e-parent\" data-id=\"iwgs-triquetra-s2box\" data-element_type=\"container\" data-e-type=\"container\">\n\t\t\t\t<div class=\"elementor-element elementor-element-iwgs-triquetra-s2t elementor-widget elementor-widget-text-editor\" data-id=\"iwgs-triquetra-s2t\" data-element_type=\"widget\" data-e-type=\"widget\" data-widget_type=\"text-editor.default\">\n\t\t\t\t\t\t\t\t\t<p>El bressol hist\u00f2ric m\u00e9s important de la triquetra es troba en l&#8217;art insular. Amb aquest terme la hist\u00f2ria de l&#8217;art designa l&#8217;art de les Illes Brit\u00e0niques i d&#8217;Irlanda a l&#8217;alta edat mitjana. En aquest art, l&#8217;entrella\u00e7at de cintes tenia un paper destacat.<\/p><p>La triquetra apareix de manera especialment impressionant en els manuscrits ornamentats d&#8217;aquella \u00e8poca. En els grans llibres d&#8217;evangelis il\u00b7luminats, sobretot en el c\u00e8lebre Book of Kells, les p\u00e0gines estan cobertes d&#8217;un entrella\u00e7at i nus decoratiu molt elaborat. La triquetra \u00e9s un element recurrent d&#8217;aquesta decoraci\u00f3.<\/p><p>El s\u00edmbol tamb\u00e9 apareix en monuments de pedra. Creus i l\u00e0pides de l&#8217;alta edat mitjana del m\u00f3n insular presenten entrella\u00e7ats esculpits en els quals la triquetra hi t\u00e9 el seu lloc. No era, doncs, un s\u00edmbol rar i especial, sin\u00f3 un element habitual del llenguatge visual d&#8217;aquella \u00e8poca.<\/p><p>En tots aquests contextos, la triquetra apareix en un entorn cristi\u00e0. Els manuscrits eren llibres d&#8217;evangelis, les creus de pedra eren monuments cristians. La hist\u00f2ria primerenca documentada de la triquetra est\u00e0, doncs, estretament vinculada al cristianisme de les Illes Brit\u00e0niques i d&#8217;Irlanda. Aquest \u00e9s el punt de partida segur de qualsevol estudi del s\u00edmbol.<\/p>\t\t\t\t\t\t\t\t<\/div>\n\t\t\t\t<\/div>\n\t\t\t\t\t<\/div>\n\t\t\t\t<\/div>\n\t\t<div class=\"elementor-element elementor-element-iwgs-triquetra-s3 e-flex e-con-boxed e-con e-parent\" data-id=\"iwgs-triquetra-s3\" data-element_type=\"container\" data-e-type=\"container\">\n\t\t\t\t\t<div class=\"e-con-inner\">\n\t\t\t\t<div class=\"elementor-element elementor-element-iwgs-triquetra-s3h elementor-widget elementor-widget-heading\" data-id=\"iwgs-triquetra-s3h\" data-element_type=\"widget\" data-e-type=\"widget\" data-widget_type=\"heading.default\">\n\t\t\t\t\t<h2 class=\"elementor-heading-title elementor-size-default\">El s\u00edmbol cristi\u00e0 de la Trinitat<\/h2>\t\t\t\t<\/div>\n\t\t<div class=\"elementor-element elementor-element-iwgs-triquetra-s3box e-con-full e-flex e-con e-parent\" data-id=\"iwgs-triquetra-s3box\" data-element_type=\"container\" data-e-type=\"container\">\n\t\t\t\t<div class=\"elementor-element elementor-element-iwgs-triquetra-s3t elementor-widget elementor-widget-text-editor\" data-id=\"iwgs-triquetra-s3t\" data-element_type=\"widget\" data-e-type=\"widget\" data-widget_type=\"text-editor.default\">\n\t\t\t\t\t\t\t\t\t<p>En el context cristi\u00e0, la triquetra va rebre una interpretaci\u00f3 natural. El s\u00edmbol est\u00e0 format per tres parts iguals unides en una unitat indissoluble. Aquesta estructura es podia relacionar amb la doctrina cristiana de la Trinitat.<\/p><p>Segons aquesta doctrina, D\u00e9u \u00e9s un i alhora trinitari, \u00e9s a dir, Pare, Fill i Esperit <span class=\"iwg-fachbegriff\" data-tooltip=\"Un \u00e9sser incorpori a qui s'atribueix efecte en el m\u00f3n.\" tabindex=\"0\">Sant<\/span>. La triquetra representa aquesta idea de manera visual. Tres arcs equivalents que s&#8217;entrellacen en un \u00fanic s\u00edmbol mostren la tr\u00edada i la unitat en una sola figura. Per aquest motiu, la triquetra tamb\u00e9 es coneix com a nus de la Trinitat.<\/p><p>Aquesta interpretaci\u00f3 va convertir la triquetra en un ornament adequat per a manuscrits i monuments cristians. No era nom\u00e9s un <span class=\"iwg-fachbegriff\" data-tooltip=\"Un element decoratiu, sovint repetit, d'un patr\u00f3.\" tabindex=\"0\">ornament<\/span>, sin\u00f3 que alhora podia expressar una veritat de fe. La forma i la doctrina s&#8217;ajustaven perfectament. El s\u00edmbol era bell i significatiu alhora.<\/p><p>Com a s\u00edmbol de la Trinitat, la triquetra ha perdurat fins avui. S&#8217;utilitza en contextos cristians, en objectes de <span class=\"iwg-fachbegriff\" data-tooltip=\"L'actitud i la pr\u00e0ctica religiosa viscuda per una persona.\" tabindex=\"0\">pietat<\/span> i en la decoraci\u00f3 eclesi\u00e0stica. Aquesta interpretaci\u00f3 cristiana \u00e9s el significat de la triquetra millor documentat. Es troba a l&#8217;inici de la seva hist\u00f2ria verificable.<\/p>\t\t\t\t\t\t\t\t<\/div>\n\t\t\t\t<\/div>\n\t\t\t\t\t<\/div>\n\t\t\t\t<\/div>\n\t\t<div class=\"elementor-element elementor-element-iwgs-triquetra-s4 e-flex e-con-boxed e-con e-parent\" data-id=\"iwgs-triquetra-s4\" data-element_type=\"container\" data-e-type=\"container\">\n\t\t\t\t\t<div class=\"e-con-inner\">\n\t\t\t\t<div class=\"elementor-element elementor-element-iwgs-triquetra-s4h elementor-widget elementor-widget-heading\" data-id=\"iwgs-triquetra-s4h\" data-element_type=\"widget\" data-e-type=\"widget\" data-widget_type=\"heading.default\">\n\t\t\t\t\t<h2 class=\"elementor-heading-title elementor-size-default\">Rastres precristians<\/h2>\t\t\t\t<\/div>\n\t\t<div class=\"elementor-element elementor-element-iwgs-triquetra-s4box e-con-full e-flex e-con e-parent\" data-id=\"iwgs-triquetra-s4box\" data-element_type=\"container\" data-e-type=\"container\">\n\t\t\t\t<div class=\"elementor-element elementor-element-iwgs-triquetra-s4t elementor-widget elementor-widget-text-editor\" data-id=\"iwgs-triquetra-s4t\" data-element_type=\"widget\" data-e-type=\"widget\" data-widget_type=\"text-editor.default\">\n\t\t\t\t\t\t\t\t\t<p>Sovint es presenta la Triquetra com un signe precristi\u00e0 molt antic dels celtes. Aquesta idea mereix un examen acurat. \u00c9s una idea molt estesa, per\u00f2 no es pot demostrar f\u00e0cilment amb les fonts.<\/p><p>Els signes tripartits i entrella\u00e7ats s\u00f3n certament antics i es troben en diverses cultures. Tamb\u00e9 en objectes del m\u00f3n germ\u00e0nic i n\u00f2rdic apareixen signes semblants a la Triquetra. Ara b\u00e9, una Triquetra pura i ben definida com a <span class=\"iwg-fachbegriff\" data-tooltip=\"Un signe que representa una idea o un significat.\" tabindex=\"0\">s\u00edmbol<\/span> amb sentit propi nom\u00e9s queda documentada de manera segura sobretot en l&#8217;art insular altmedieval, de car\u00e0cter cristi\u00e0.<\/p><p>No es pot afirmar amb seguretat si la Triquetra es va utilitzar en l&#8217;\u00e8poca celta precristiana com a <span class=\"iwg-fachbegriff\" data-tooltip=\"Un signe que representa una idea o un significat.\" tabindex=\"0\">s\u00edmbol<\/span> propi amb un significat fix. Les fonts sobre aquest punt s\u00f3n escasses. Molt del que es considera un significat celta antic s&#8217;ha atribu\u00eft en realitat en temps m\u00e9s recents.<\/p><p>Una presentaci\u00f3 honesta ha de recon\u00e8ixer totes dues coses. El n\u00famero tres tenia import\u00e0ncia en el pensament celta, i els signes entrella\u00e7ats s\u00f3n antics. Per\u00f2 la Triquetra com a <span class=\"iwg-fachbegriff\" data-tooltip=\"Un signe que representa una idea o un significat.\" tabindex=\"0\">s\u00edmbol<\/span> fix nom\u00e9s \u00e9s documentable, en primer lloc, en l&#8217;art insular cristi\u00e0. La idea popular d&#8217;un antiqu\u00edssim signe pag\u00e0 celta va m\u00e9s enll\u00e0 del que es pot demostrar.<\/p>\t\t\t\t\t\t\t\t<\/div>\n\t\t\t\t<\/div>\n\t\t\t\t\t<\/div>\n\t\t\t\t<\/div>\n\t\t<div class=\"elementor-element elementor-element-iwgs-triquetra-s5 e-flex e-con-boxed e-con e-parent\" data-id=\"iwgs-triquetra-s5\" data-element_type=\"container\" data-e-type=\"container\">\n\t\t\t\t\t<div class=\"e-con-inner\">\n\t\t\t\t<div class=\"elementor-element elementor-element-iwgs-triquetra-s5h elementor-widget elementor-widget-heading\" data-id=\"iwgs-triquetra-s5h\" data-element_type=\"widget\" data-e-type=\"widget\" data-widget_type=\"heading.default\">\n\t\t\t\t\t<h2 class=\"elementor-heading-title elementor-size-default\">El principi de la l\u00ednia infinita<\/h2>\t\t\t\t<\/div>\n\t\t<div class=\"elementor-element elementor-element-iwgs-triquetra-s5box e-con-full e-flex e-con e-parent\" data-id=\"iwgs-triquetra-s5box\" data-element_type=\"container\" data-e-type=\"container\">\n\t\t\t\t<div class=\"elementor-element elementor-element-iwgs-triquetra-s5t elementor-widget elementor-widget-text-editor\" data-id=\"iwgs-triquetra-s5t\" data-element_type=\"widget\" data-e-type=\"widget\" data-widget_type=\"text-editor.default\">\n\t\t\t\t\t\t\t\t\t<p>Com a signe de protecci\u00f3, la Triquetra segueix el principi de la l\u00ednia infinita. Aquest principi \u00e9s present en moltes cultures. Es basa en la idea que una l\u00ednia cont\u00ednua i tancada en si mateixa forma una frontera segura.<\/p><p>Una l\u00ednia sense principi ni fi no ofereix cap punt on les forces nocives puguin agafar-se. Era una creen\u00e7a estesa que un \u00e9sser maligne havia de seguir cada l\u00ednia d&#8217;un signe i que quedava atrapat en una figura infinita. La Triquetra, formada per una \u00fanica l\u00ednia tancada, respon exactament a aquest patr\u00f3.<\/p><p>Amb aquest principi, la Triquetra s&#8217;inscriu en una s\u00e8rie amb altres signes. El cercle de protecci\u00f3 tra\u00e7at, el pentagrama i els nusos infinits de moltes cultures segueixen la mateixa idea. Tots formen una frontera que no es pot superar. La Triquetra \u00e9s una forma especialment clara i equilibrada d&#8217;aquesta idea.<\/p><p>L&#8217;entrella\u00e7ament dels tres arcs refor\u00e7a aquesta impressi\u00f3 de tancament. El signe transmet una sensaci\u00f3 de solidesa i de rep\u00f2s en si mateix. Aquesta qualitat converteix la Triquetra, m\u00e9s enll\u00e0 de la seva interpretaci\u00f3 cristiana, en un signe al qual s&#8217;atribueix una for\u00e7a protectora i ordenadora. Bellesa i idea de protecci\u00f3 s&#8217;hi fonen.<\/p>\t\t\t\t\t\t\t\t<\/div>\n\t\t\t\t<\/div>\n\t\t\t\t\t<\/div>\n\t\t\t\t<\/div>\n\t\t<div class=\"elementor-element elementor-element-iwgs-triquetra-s6 e-flex e-con-boxed e-con e-parent\" data-id=\"iwgs-triquetra-s6\" data-element_type=\"container\" data-e-type=\"container\">\n\t\t\t\t\t<div class=\"e-con-inner\">\n\t\t\t\t<div class=\"elementor-element elementor-element-iwgs-triquetra-s6h elementor-widget elementor-widget-heading\" data-id=\"iwgs-triquetra-s6h\" data-element_type=\"widget\" data-e-type=\"widget\" data-widget_type=\"heading.default\">\n\t\t\t\t\t<h2 class=\"elementor-heading-title elementor-size-default\">La Triquetra i l'art celta dels nusos<\/h2>\t\t\t\t<\/div>\n\t\t<div class=\"elementor-element elementor-element-iwgs-triquetra-s6box e-con-full e-flex e-con e-parent\" data-id=\"iwgs-triquetra-s6box\" data-element_type=\"container\" data-e-type=\"container\">\n\t\t\t\t<div class=\"elementor-element elementor-element-iwgs-triquetra-s6t elementor-widget elementor-widget-text-editor\" data-id=\"iwgs-triquetra-s6t\" data-element_type=\"widget\" data-e-type=\"widget\" data-widget_type=\"text-editor.default\">\n\t\t\t\t\t\t\t\t\t<p>La Triquetra \u00e9s nom\u00e9s un signe dins de tot un m\u00f3n de motius de nusos. L&#8217;art insular va portar l&#8217;entrella\u00e7at de cintes a una maduresa extraordin\u00e0ria. P\u00e0gines senceres de manuscrits i superf\u00edcies senceres de creus de pedra estan cobertes d&#8217;un teixit d&#8217;una gran elaboraci\u00f3.<\/p><p>Dins d&#8217;aquest art dels nusos, la Triquetra ocupa un lloc especial. \u00c9s un dels pocs motius de nusos que constitueixen alhora un signe propi, ben delimitat. Mentre que molt d&#8217;aquest entrella\u00e7at \u00e9s pura decoraci\u00f3, la Triquetra t\u00e9 una forma fixa i un significat propi. \u00c9s alhora <span class=\"iwg-fachbegriff\" data-tooltip=\"Un element decoratiu, sovint repetit.\" tabindex=\"0\">ornament<\/span> i <span class=\"iwg-fachbegriff\" data-tooltip=\"Un signe que representa una idea o un significat.\" tabindex=\"0\">s\u00edmbol<\/span>.<\/p><p>La Triquetra \u00e9s emparentada amb altres signes de car\u00e0cter celta, com el nus celta continu i la Triscele, el signe de la triple espiral. Amb la Triscele comparteix la significativa xifra tres. Amb el nus celta comparteix el principi de la l\u00ednia infinitament entrella\u00e7ada.<\/p><p>Aquesta classificaci\u00f3 mostra que la Triquetra no \u00e9s un signe a\u00efllat. Pertany a una rica tradici\u00f3 creativa que estimava el teixit, el nus i l&#8217;entrella\u00e7ament. Dins d&#8217;aquesta tradici\u00f3, la Triquetra \u00e9s probablement el signe individual m\u00e9s conegut i m\u00e9s clarament delimitat.<\/p>\t\t\t\t\t\t\t\t<\/div>\n\t\t\t\t<\/div>\n\t\t\t\t\t<\/div>\n\t\t\t\t<\/div>\n\t\t<div class=\"elementor-element elementor-element-iwgs-triquetra-s7 e-flex e-con-boxed e-con e-parent\" data-id=\"iwgs-triquetra-s7\" data-element_type=\"container\" data-e-type=\"container\">\n\t\t\t\t\t<div class=\"e-con-inner\">\n\t\t\t\t<div class=\"elementor-element elementor-element-iwgs-triquetra-s7h elementor-widget elementor-widget-heading\" data-id=\"iwgs-triquetra-s7h\" data-element_type=\"widget\" data-e-type=\"widget\" data-widget_type=\"heading.default\">\n\t\t\t\t\t<h2 class=\"elementor-heading-title elementor-size-default\">Interpretacions modernes<\/h2>\t\t\t\t<\/div>\n\t\t<div class=\"elementor-element elementor-element-iwgs-triquetra-s7box e-con-full e-flex e-con e-parent\" data-id=\"iwgs-triquetra-s7box\" data-element_type=\"container\" data-e-type=\"container\">\n\t\t\t\t<div class=\"elementor-element elementor-element-iwgs-triquetra-s7t elementor-widget elementor-widget-text-editor\" data-id=\"iwgs-triquetra-s7t\" data-element_type=\"widget\" data-e-type=\"widget\" data-widget_type=\"text-editor.default\">\n\t\t\t\t\t\t\t\t\t<p>En temps m\u00e9s recents, la Triquetra ha rebut interpretacions addicionals. Sobretot en corrents neopagans i de religiositat natural, el signe es repr\u00e8n i se li atribueixen significats propis. Aquestes interpretacions s\u00f3n recents, encara que sovint es remeten a un passat lluny\u00e0.<\/p><p>Una interpretaci\u00f3 moderna molt estesa associa els tres arcs amb una deessa triple. Les tres parts representarien llavors tres fases de la vida o tres aspectes del femen\u00ed. Altres interpretacions assignen als arcs els \u00e0mbits de la terra, l&#8217;aigua i el cel, o b\u00e9 el cos, l&#8217;<span class=\"iwg-fachbegriff\" data-tooltip=\"Un \u00e9sser sense cos al qual s'atribueix acci\u00f3 en el m\u00f3n.\" tabindex=\"0\">esperit<\/span> i l&#8217;\u00e0nima.<\/p><p>Aquestes interpretacions s\u00f3n coherents en si mateixes i tenen un significat profund per a molta gent. Formen part de la pres\u00e8ncia actual de la Triquetra i marquen el seu \u00fas contemporani. Ara b\u00e9, no s&#8217;han de confondre amb el significat hist\u00f2ricament documentat. La deessa triple \u00e9s una idea moderna, no un contingut demostrat de la Triquetra primitiva.<\/p><p>Tamb\u00e9 la cultura popular ha contribu\u00eft a la seva difusi\u00f3. En pel\u00b7l\u00edcules i s\u00e8ries, la Triquetra ha aparegut com un signe misteri\u00f3s i s&#8217;ha fet aix\u00ed molt coneguda. Una presentaci\u00f3 objectiva reconeix aquest m\u00f3n d&#8217;interpretacions modernes, per\u00f2 el classifica clarament com a contemporani i el distingeix de la hist\u00f2ria documentada del signe.<\/p>\t\t\t\t\t\t\t\t<\/div>\n\t\t\t\t<\/div>\n\t\t\t\t\t<\/div>\n\t\t\t\t<\/div>\n\t\t<div class=\"elementor-element elementor-element-iwgs-triquetra-s8 e-flex e-con-boxed e-con e-parent\" data-id=\"iwgs-triquetra-s8\" data-element_type=\"container\" data-e-type=\"container\">\n\t\t\t\t\t<div class=\"e-con-inner\">\n\t\t\t\t<div class=\"elementor-element elementor-element-iwgs-triquetra-s8h elementor-widget elementor-widget-heading\" data-id=\"iwgs-triquetra-s8h\" data-element_type=\"widget\" data-e-type=\"widget\" data-widget_type=\"heading.default\">\n\t\t\t\t\t<h2 class=\"elementor-heading-title elementor-size-default\">Recepci\u00f3 actual<\/h2>\t\t\t\t<\/div>\n\t\t<div class=\"elementor-element elementor-element-iwgs-triquetra-s8box e-con-full e-flex e-con e-parent\" data-id=\"iwgs-triquetra-s8box\" data-element_type=\"container\" data-e-type=\"container\">\n\t\t\t\t<div class=\"elementor-element elementor-element-iwgs-triquetra-s8t elementor-widget elementor-widget-text-editor\" data-id=\"iwgs-triquetra-s8t\" data-element_type=\"widget\" data-e-type=\"widget\" data-widget_type=\"text-editor.default\">\n\t\t\t\t\t\t\t\t\t<p>La triquetra \u00e9s avui un s\u00edmbol extraordin\u00e0riament est\u00e8s. Apareix en joieria, en roba i en disseny, i \u00e9s un <span class=\"iwg-fachbegriff\" data-tooltip=\"Un element tem\u00e0tic recurrent en l'art o en la narraci\u00f3.\" tabindex=\"0\">motiu<\/span> molt utilitzat en tatuatges. La seva forma equilibrada i clara contribueix de manera decisiva a aquesta popularitat.<\/p><p>Els significats amb qu\u00e8 avui es porta la triquetra s\u00f3n molt diversos. Per a uns \u00e9s el s\u00edmbol cristi\u00e0 de la Trinitat. Per a d&#8217;altres representa un vincle amb el m\u00f3n celta o una de les interpretacions modernes de car\u00e0cter neopag\u00e0. Encara d&#8217;altres l&#8217;aprecien simplement com un bell patr\u00f3 de nusos.<\/p><p>Aquesta diversitat de significats no \u00e9s inusual en un s\u00edmbol tan antic. Demostra que la triquetra ha mantingut la seva capacitat d&#8217;adaptaci\u00f3 al llarg dels segles. Diferents \u00e8poques i grups hi han pogut recon\u00e8ixer quelcom propi. La forma b\u00e0sica, clara i senzilla, ha ofert el suport com\u00fa que ho ha fet possible.<\/p><p>La triquetra continua sent aix\u00ed un exemple molt instructiu. \u00c9s un s\u00edmbol ben documentat de l&#8217;art cristi\u00e0 altmedieval, un signe de nusos basat en el principi de la l\u00ednia infinita i, alhora, un <span class=\"iwg-fachbegriff\" data-tooltip=\"Un signe que representa una idea o significat.\" tabindex=\"0\">s\u00edmbol<\/span> que en l&#8217;actualitat continua atraient noves interpretacions. Una presentaci\u00f3 completa distingeix aquestes capes de significat i valora cadascuna pel que \u00e9s.<\/p>\t\t\t\t\t\t\t\t<\/div>\n\t\t\t\t<\/div>\n\t\t\t\t\t<\/div>\n\t\t\t\t<\/div>\n\t\t<div class=\"elementor-element elementor-element-iwgs-triquetra-lit e-flex e-con-boxed e-con e-parent\" data-id=\"iwgs-triquetra-lit\" data-element_type=\"container\" data-e-type=\"container\">\n\t\t\t\t\t<div class=\"e-con-inner\">\n\t\t\t\t<div class=\"elementor-element elementor-element-iwgs-triquetra-lith elementor-widget elementor-widget-heading\" data-id=\"iwgs-triquetra-lith\" data-element_type=\"widget\" data-e-type=\"widget\" data-widget_type=\"heading.default\">\n\t\t\t\t\t<h2 class=\"elementor-heading-title elementor-size-default\">Bibliografia (selecci\u00f3)<\/h2>\t\t\t\t<\/div>\n\t\t<div class=\"elementor-element elementor-element-iwgs-triquetra-litbox e-con-full e-flex e-con e-parent\" data-id=\"iwgs-triquetra-litbox\" data-element_type=\"container\" data-e-type=\"container\">\n\t\t\t\t<div class=\"elementor-element elementor-element-iwgs-triquetra-litt elementor-widget elementor-widget-html\" data-id=\"iwgs-triquetra-litt\" data-element_type=\"widget\" data-e-type=\"widget\" data-widget_type=\"html.default\">\n\t\t\t\t\t<footer data-nosnippet=\"true\"><ul><li>George Bain: <em>Celtic Art. The Methods of Construction<\/em> (1951)<\/li><li>Bernard Meehan: <em>The Book of Kells<\/em> (1994)<\/li><li>Rudolf Simek: <em>Lexikon der germanischen Mythologie<\/em> (2006)<\/li><li>Nancy Edwards: <em>The Archaeology of Early Medieval Ireland<\/em> (1990)<\/li><li>Hans Biedermann: <em>Knaurs Lexikon der Symbole<\/em> (1989)<\/li><\/ul><\/footer>\t\t\t\t<\/div>\n\t\t\t\t<\/div>\n\t\t\t\t\t<\/div>\n\t\t\t\t<\/div>\n\t\t<div class=\"elementor-element elementor-element-iwgs-triquetra-kwd e-flex e-con-boxed e-con e-parent\" data-id=\"iwgs-triquetra-kwd\" data-element_type=\"container\" data-e-type=\"container\">\n\t\t\t\t\t<div class=\"e-con-inner\">\n\t\t\t\t<div class=\"elementor-element elementor-element-iwgs-triquetra-kwdt elementor-widget elementor-widget-text-editor\" data-id=\"iwgs-triquetra-kwdt\" data-element_type=\"widget\" data-e-type=\"widget\" data-widget_type=\"text-editor.default\">\n\t\t\t\t\t\t\t\t\t<p><em>Termes clau relacionats: triquetra, nus de la trinitat, nus trinitari, art insular, Book of Kells, signe de nusos, l\u00ednia infinita, celta.<\/em><\/p>\t\t\t\t\t\t\t\t<\/div>\n\t\t\t\t\t<\/div>\n\t\t\t\t<\/div>\n\t\t<div class=\"elementor-element elementor-element-iwgs-triquetra-cc e-flex e-con-boxed e-con e-parent\" data-id=\"iwgs-triquetra-cc\" data-element_type=\"container\" data-e-type=\"container\" id=\"iwg-cc-triquetra\">\n\t\t\t\t\t<div class=\"e-con-inner\">\n\t\t<div class=\"elementor-element elementor-element-iwgs-triquetra-ccinner e-flex e-con-boxed e-con e-parent\" data-id=\"iwgs-triquetra-ccinner\" data-element_type=\"container\" data-e-type=\"container\" data-settings=\"{&quot;background_background&quot;:&quot;classic&quot;}\">\n\t\t\t\t\t<div class=\"e-con-inner\">\n\t\t\t\t<div class=\"elementor-element elementor-element-iwgs-triquetra-cch elementor-widget elementor-widget-heading\" data-id=\"iwgs-triquetra-cch\" data-element_type=\"widget\" data-e-type=\"widget\" data-widget_type=\"heading.default\">\n\t\t\t\t\t<h2 class=\"elementor-heading-title elementor-size-default\">iWell Guard i tradicions de protecci\u00f3<\/h2>\t\t\t\t<\/div>\n\t\t\t\t<div class=\"elementor-element elementor-element-iwgs-triquetra-cct elementor-widget elementor-widget-text-editor\" data-id=\"iwgs-triquetra-cct\" data-element_type=\"widget\" data-e-type=\"widget\" data-widget_type=\"text-editor.default\">\n\t\t\t\t\t\t\t\t\t<p>iWell Guard s&#8217;inscriu en la l\u00ednia hist\u00f2rico-cultural dels objectes de protecci\u00f3 portables, a la qual pertany tamb\u00e9 la triquetra. Un acompanyant modern per a persones que viuen amb s\u00edmbols de protecci\u00f3: fabricat a Alemanya, amb 41 capes d&#8217;or fi, plat\u00ed i plata, i amb dret de devoluci\u00f3 de 30 dies.<\/p>\t\t\t\t\t\t\t\t<\/div>\n\t\t\t\t<div class=\"elementor-element elementor-element-iwgs-triquetra-ccb iwg-cc-button iwg-cc-cta-2026-05-13 elementor-widget elementor-widget-jet-button\" data-id=\"iwgs-triquetra-ccb\" data-element_type=\"widget\" data-e-type=\"widget\" data-widget_type=\"jet-button.default\">\n\t\t\t\t<div class=\"elementor-widget-container\">\n\t\t\t\t\t<div class=\"elementor-jet-button jet-elements\"><div class=\"jet-button__container\"><a class=\"jet-button__instance jet-button__instance--icon-left hover-effect-1\" href=\"\/schutzanhaenger-iwell-guard-kaufen\/?utm_source=iwell-guard.com&amp;utm_medium=info-box&amp;utm_campaign=schutzsymbole\"><div class=\"jet-button__plane jet-button__plane-normal\"><\/div><div class=\"jet-button__plane jet-button__plane-hover\"><\/div><div class=\"jet-button__state jet-button__state-normal\"><span class=\"jet-button__label\">M\u00e9s informaci\u00f3 sobre l'iWell Guard<\/span><\/div><div class=\"jet-button__state jet-button__state-hover\"><span class=\"jet-button__label\">M\u00e9s informaci\u00f3 sobre l'iWell Guard<\/span><\/div><\/a><\/div><\/div><style>.elementor-element.elementor-element-iwgs-triquetra-ccb .jet-button__instance{width:320px;height:56px;}.elementor-element.elementor-element-iwgs-triquetra-ccb .jet-button__state-normal .jet-button__label{text-align:center;margin:0px 0px 0px 0px;color:#1a1b20;font-family:Montserrat,sans-serif;font-size:13px;font-weight:400;letter-spacing:4px;line-height:1.714em;text-transform:uppercase;}.elementor-element.elementor-element-iwgs-triquetra-ccb .jet-button__state-hover .jet-button__label{text-align:center;margin:0px 0px 0px 0px;color:#FECC76;font-family:Montserrat,sans-serif;font-size:13px;font-weight:400;letter-spacing:4px;line-height:1.714em;text-transform:uppercase;}.elementor-element.elementor-element-iwgs-triquetra-ccb .jet-button__plane-normal{background-color:#FECC76;border-style:solid;border-color:#C99540;border-width:2px 2px 2px 2px;}.elementor-element.elementor-element-iwgs-triquetra-ccb .jet-button__plane-hover{background-color:rgba(0,0,0,0.55);border-style:solid;border-color:#FECC76;border-width:2px 2px 2px 2px;}<\/style>\t\t\t\t<\/div>\n\t\t\t\t<\/div>\n\t\t\t\t<div class=\"elementor-element elementor-element-iwgs-triquetra-ccd elementor-widget elementor-widget-text-editor\" data-id=\"iwgs-triquetra-ccd\" data-element_type=\"widget\" data-e-type=\"widget\" data-widget_type=\"text-editor.default\">\n\t\t\t\t\t\t\t\t\t<p style=\"text-align:center;font-size:13px;opacity:0.7;margin-top:14px\" data-nosnippet=\"true\">Les experi\u00e8ncies personals poden variar. No \u00e9s un producte sanitari. No es garanteix cap curaci\u00f3.<\/p>\t\t\t\t\t\t\t\t<\/div>\n\t\t\t\t\t<\/div>\n\t\t\t\t<\/div>\n\t\t\t\t\t<\/div>\n\t\t\t\t<\/div>\n\t\t<div class=\"elementor-element elementor-element-iwgs-triquetra-disc e-flex e-con-boxed e-con e-parent\" data-id=\"iwgs-triquetra-disc\" data-element_type=\"container\" data-e-type=\"container\">\n\t\t\t\t\t<div class=\"e-con-inner\">\n\t\t\t\t<div class=\"elementor-element elementor-element-iwgs-triquetra-discw elementor-widget elementor-widget-html\" data-id=\"iwgs-triquetra-discw\" data-element_type=\"widget\" data-e-type=\"widget\" data-widget_type=\"html.default\">\n\t\t\t\t\t<footer data-nosnippet=\"true\" class=\"iwg-disclaimer-block\"><p data-nosnippet=\"true\">iWell Guard <strong>no \u00e9s un producte sanitari<\/strong> i no substitueix cap tractament m\u00e8dic o psicoterap\u00e8utic. Els continguts presentats aqu\u00ed s\u00f3n una contextualitzaci\u00f3 des de la ci\u00e8ncia de les religions i la hist\u00f2ria cultural, no una promesa d'efecte espiritual.<\/p><\/footer>\t\t\t\t<\/div>\n\t\t\t\t\t<\/div>\n\t\t\t\t<\/div>\n\t\t\t\t<\/div>\n\t\t","protected":false},"excerpt":{"rendered":"","protected":false},"author":3,"featured_media":3485,"parent":0,"menu_order":0,"comment_status":"closed","ping_status":"closed","template":"elementor_header_footer","meta":{"_yoast_wpseo_focuskw":"Triquetra","_yoast_wpseo_title":"Triquetra: nus de la tr\u00edada c\u00e8ltic","_yoast_wpseo_metadesc":"La triquetra, el nus de la tr\u00edada format per tres arcs entrella\u00e7ats, \u00e9s un conegut s\u00edmbol c\u00e8ltic. S'expliquen el seu origen i significat.","_yoast_wpseo_meta-robots-noindex":"","_yoast_wpseo_canonical":"","_angie_page":false,"gefaehrdungsstufe":"","wesen_kultur":"","wesen_klasse":"","footnotes":""},"categories":[],"class_list":["post-171892","page","type-page","status-publish","has-post-thumbnail","hentry"],"yoast_head":"<!-- This site is optimized with the Yoast SEO Premium plugin v27.7 (Yoast SEO v28.3) - https:\/\/yoast.com\/product\/yoast-seo-premium-wordpress\/ -->\n<title>Triquetra: nus de la tr\u00edada c\u00e8ltic<\/title>\n<meta name=\"description\" content=\"La triquetra, el nus de la tr\u00edada format per tres arcs entrella\u00e7ats, \u00e9s un conegut s\u00edmbol c\u00e8ltic. S&#039;expliquen el seu origen i significat.\" \/>\n<meta name=\"robots\" content=\"index, follow, max-snippet:-1, max-image-preview:large, max-video-preview:-1\" \/>\n<link rel=\"canonical\" href=\"https:\/\/iwell-guard.com\/ca\/triquetra-nus-triada-celtic\/\" \/>\n<meta property=\"og:locale\" content=\"ca_ES\" \/>\n<meta property=\"og:type\" content=\"article\" \/>\n<meta property=\"og:title\" content=\"Triquetra: el nus de la tr\u00edada c\u00e8ltic\" \/>\n<meta property=\"og:description\" content=\"La triquetra, el nus de la tr\u00edada format per tres arcs entrella\u00e7ats, \u00e9s un conegut s\u00edmbol c\u00e8ltic. S&#039;expliquen el seu origen i significat.\" \/>\n<meta property=\"og:url\" content=\"https:\/\/iwell-guard.com\/ca\/triquetra-nus-triada-celtic\/\" \/>\n<meta property=\"og:site_name\" content=\"iWell Guard\" \/>\n<meta property=\"article:modified_time\" content=\"2026-09-05T16:09:53+00:00\" \/>\n<meta property=\"og:image\" content=\"https:\/\/iwell-guard.com\/wp-content\/uploads\/2026\/05\/schutzsymbol_keltisch_triquetra.webp\" \/>\n\t<meta property=\"og:image:width\" content=\"1024\" \/>\n\t<meta property=\"og:image:height\" content=\"1536\" \/>\n\t<meta property=\"og:image:type\" content=\"image\/webp\" \/>\n<meta name=\"twitter:card\" content=\"summary_large_image\" \/>\n<script type=\"application\/ld+json\" class=\"yoast-schema-graph\">{\"@context\":\"https:\\\/\\\/schema.org\",\"@graph\":[{\"@type\":\"WebPage\",\"@id\":\"https:\\\/\\\/iwell-guard.com\\\/ca\\\/triquetra-nus-triada-celtic\\\/\",\"url\":\"https:\\\/\\\/iwell-guard.com\\\/ca\\\/triquetra-nus-triada-celtic\\\/\",\"name\":\"Triquetra: nus de la tr\u00edada c\u00e8ltic\",\"isPartOf\":{\"@id\":\"https:\\\/\\\/iwell-guard.com\\\/ca\\\/#website\"},\"primaryImageOfPage\":{\"@id\":\"https:\\\/\\\/iwell-guard.com\\\/ca\\\/triquetra-nus-triada-celtic\\\/#primaryimage\"},\"image\":{\"@id\":\"https:\\\/\\\/iwell-guard.com\\\/ca\\\/triquetra-nus-triada-celtic\\\/#primaryimage\"},\"thumbnailUrl\":\"https:\\\/\\\/iwell-guard.com\\\/wp-content\\\/uploads\\\/2026\\\/05\\\/schutzsymbol_keltisch_triquetra.webp\",\"datePublished\":\"2026-09-05T15:43:21+00:00\",\"dateModified\":\"2026-09-05T16:09:53+00:00\",\"description\":\"La triquetra, el nus de la tr\u00edada format per tres arcs entrella\u00e7ats, \u00e9s un conegut s\u00edmbol c\u00e8ltic. S'expliquen el seu origen i significat.\",\"breadcrumb\":{\"@id\":\"https:\\\/\\\/iwell-guard.com\\\/ca\\\/triquetra-nus-triada-celtic\\\/#breadcrumb\"},\"inLanguage\":\"ca\",\"potentialAction\":[{\"@type\":\"ReadAction\",\"target\":[\"https:\\\/\\\/iwell-guard.com\\\/ca\\\/triquetra-nus-triada-celtic\\\/\"]}]},{\"@type\":\"ImageObject\",\"inLanguage\":\"ca\",\"@id\":\"https:\\\/\\\/iwell-guard.com\\\/ca\\\/triquetra-nus-triada-celtic\\\/#primaryimage\",\"url\":\"https:\\\/\\\/iwell-guard.com\\\/wp-content\\\/uploads\\\/2026\\\/05\\\/schutzsymbol_keltisch_triquetra.webp\",\"contentUrl\":\"https:\\\/\\\/iwell-guard.com\\\/wp-content\\\/uploads\\\/2026\\\/05\\\/schutzsymbol_keltisch_triquetra.webp\",\"width\":1024,\"height\":1536,\"caption\":\"S\u00edmbol de protecci\u00f3. Il\u00b7lustraci\u00f3 muse\u00edstica de bodeg\u00f3.\"},{\"@type\":\"BreadcrumbList\",\"@id\":\"https:\\\/\\\/iwell-guard.com\\\/ca\\\/triquetra-nus-triada-celtic\\\/#breadcrumb\",\"itemListElement\":[{\"@type\":\"ListItem\",\"position\":1,\"name\":\"Start\",\"item\":\"https:\\\/\\\/iwell-guard.com\\\/ca\\\/?page_id=171333\"},{\"@type\":\"ListItem\",\"position\":2,\"name\":\"Triquetra: el nus de la tr\u00edada c\u00e8ltic\"}]},{\"@type\":\"WebSite\",\"@id\":\"https:\\\/\\\/iwell-guard.com\\\/ca\\\/#website\",\"url\":\"https:\\\/\\\/iwell-guard.com\\\/ca\\\/\",\"name\":\"iWell Guard\",\"description\":\"Schutz vor dunklen Einfl\u00fcssen\",\"publisher\":{\"@id\":\"https:\\\/\\\/iwell-guard.com\\\/ca\\\/#organization\"},\"potentialAction\":[{\"@type\":\"SearchAction\",\"target\":{\"@type\":\"EntryPoint\",\"urlTemplate\":\"https:\\\/\\\/iwell-guard.com\\\/ca\\\/?s={search_term_string}\"},\"query-input\":{\"@type\":\"PropertyValueSpecification\",\"valueRequired\":true,\"valueName\":\"search_term_string\"}}],\"inLanguage\":\"ca\"},{\"@type\":\"Organization\",\"@id\":\"https:\\\/\\\/iwell-guard.com\\\/ca\\\/#organization\",\"name\":\"Ittermann electronic GmbH\",\"url\":\"https:\\\/\\\/iwell-guard.com\\\/ca\\\/\",\"logo\":{\"@type\":\"ImageObject\",\"inLanguage\":\"ca\",\"@id\":\"https:\\\/\\\/iwell-guard.com\\\/ca\\\/#\\\/schema\\\/logo\\\/image\\\/\",\"url\":\"https:\\\/\\\/iwell-guard.com\\\/wp-content\\\/uploads\\\/2026\\\/05\\\/Ittermann-Logo-1182x237-1.png\",\"contentUrl\":\"https:\\\/\\\/iwell-guard.com\\\/wp-content\\\/uploads\\\/2026\\\/05\\\/Ittermann-Logo-1182x237-1.png\",\"width\":1182,\"height\":237,\"caption\":\"Ittermann electronic GmbH\"},\"image\":{\"@id\":\"https:\\\/\\\/iwell-guard.com\\\/ca\\\/#\\\/schema\\\/logo\\\/image\\\/\"},\"sameAs\":[\"https:\\\/\\\/pantip.com\\\/profile\\\/9367242\",\"https:\\\/\\\/micro.blog\\\/iwellguard\",\"https:\\\/\\\/www.diggerslist.com\\\/iwellguard\\\/about\",\"https:\\\/\\\/skitterphoto.com\\\/photographers\\\/2870314\\\/iwell-guard\",\"https:\\\/\\\/iwellguard.wordpress.com\\\/2026\\\/06\\\/06\\\/iwell-guard\\\/\",\"https:\\\/\\\/hub.docker.com\\\/u\\\/iwellguard\",\"https:\\\/\\\/www.pinterest.com\\\/iwellguard\\\/\",\"https:\\\/\\\/bit.ly\\\/m\\\/iwellguard\",\"https:\\\/\\\/entre-vos-mains.alsace.eu\\\/profiles\\\/iwellguard\\\/activity\",\"https:\\\/\\\/gravatar.com\\\/reallybeded8fd34\",\"https:\\\/\\\/naijamatta.com\\\/iwellguard\",\"https:\\\/\\\/www.goodreads.com\\\/iwellguard\",\"https:\\\/\\\/profile.hatena.ne.jp\\\/iwellguard\\\/\",\"https:\\\/\\\/experiment.com\\\/users\\\/iwellguard\",\"https:\\\/\\\/wakelet.com\\\/@iWellGuard82270\",\"https:\\\/\\\/www.chordie.com\\\/forum\\\/profile.php?id=2555664\",\"https:\\\/\\\/www.instapaper.com\\\/p\\\/17757966\",\"https:\\\/\\\/www.mapleprimes.com\\\/users\\\/iwellguard\",\"https:\\\/\\\/businesslistingplus.com\\\/profile\\\/iwell-guard\\\/\",\"https:\\\/\\\/telegra.ph\\\/iWell-Guard-06-06\",\"https:\\\/\\\/pbase.com\\\/iwellguard\\\/iwellguard\",\"https:\\\/\\\/b.hatena.ne.jp\\\/iwellguard\\\/20260607#bookmark-4788405196491818882\",\"https:\\\/\\\/fliphtml5.com\\\/home\\\/iwellguard\",\"https:\\\/\\\/anyflip.com\\\/homepage\\\/cmiwl#About\",\"https:\\\/\\\/transfur.com\\\/Users\\\/iwellguard\",\"http:\\\/\\\/delphi.larsbo.org\\\/user\\\/iwellguard\",\"https:\\\/\\\/jobs.lajobsportal.org\\\/profiles\\\/8380803-iwell-guard\",\"https:\\\/\\\/md.chaosdorf.de\\\/s\\\/jfbe5SBdJD\",\"https:\\\/\\\/www.lingvolive.com\\\/en-us\\\/profile\\\/9ecaeaca-ce11-4e51-9e71-01d55e2bff36\\\/translations\",\"https:\\\/\\\/www.fitday.com\\\/fitness\\\/forums\\\/members\\\/iwellguard.html\",\"https:\\\/\\\/www.mymeetbook.com\\\/iwellguard\",\"https:\\\/\\\/pxhere.com\\\/en\\\/photographer-me\\\/5040798\",\"https:\\\/\\\/disqus.com\\\/by\\\/iwellguard\\\/about\\\/\",\"https:\\\/\\\/pastelink.net\\\/hjwciqwq\",\"https:\\\/\\\/pubhtml5.com\\\/homepage\\\/scjhn\\\/\",\"https:\\\/\\\/www.bitchute.com\\\/channel\\\/2O2eOKzNqujT\",\"https:\\\/\\\/audiomack.com\\\/iwellguard\"]}]}<\/script>\n<!-- \/ Yoast SEO Premium plugin. -->","yoast_head_json":{"title":"Triquetra: nus de la tr\u00edada c\u00e8ltic","description":"La triquetra, el nus de la tr\u00edada format per tres arcs entrella\u00e7ats, \u00e9s un conegut s\u00edmbol c\u00e8ltic. S'expliquen el seu origen i significat.","robots":{"index":"index","follow":"follow","max-snippet":"max-snippet:-1","max-image-preview":"max-image-preview:large","max-video-preview":"max-video-preview:-1"},"canonical":"https:\/\/iwell-guard.com\/ca\/triquetra-nus-triada-celtic\/","og_locale":"ca_ES","og_type":"article","og_title":"Triquetra: el nus de la tr\u00edada c\u00e8ltic","og_description":"La triquetra, el nus de la tr\u00edada format per tres arcs entrella\u00e7ats, \u00e9s un conegut s\u00edmbol c\u00e8ltic. S'expliquen el seu origen i significat.","og_url":"https:\/\/iwell-guard.com\/ca\/triquetra-nus-triada-celtic\/","og_site_name":"iWell Guard","article_modified_time":"2026-09-05T16:09:53+00:00","og_image":[{"width":1024,"height":1536,"url":"https:\/\/iwell-guard.com\/wp-content\/uploads\/2026\/05\/schutzsymbol_keltisch_triquetra.webp","type":"image\/webp"}],"twitter_card":"summary_large_image","schema":{"@context":"https:\/\/schema.org","@graph":[{"@type":"WebPage","@id":"https:\/\/iwell-guard.com\/ca\/triquetra-nus-triada-celtic\/","url":"https:\/\/iwell-guard.com\/ca\/triquetra-nus-triada-celtic\/","name":"Triquetra: nus de la tr\u00edada c\u00e8ltic","isPartOf":{"@id":"https:\/\/iwell-guard.com\/ca\/#website"},"primaryImageOfPage":{"@id":"https:\/\/iwell-guard.com\/ca\/triquetra-nus-triada-celtic\/#primaryimage"},"image":{"@id":"https:\/\/iwell-guard.com\/ca\/triquetra-nus-triada-celtic\/#primaryimage"},"thumbnailUrl":"https:\/\/iwell-guard.com\/wp-content\/uploads\/2026\/05\/schutzsymbol_keltisch_triquetra.webp","datePublished":"2026-09-05T15:43:21+00:00","dateModified":"2026-09-05T16:09:53+00:00","description":"La triquetra, el nus de la tr\u00edada format per tres arcs entrella\u00e7ats, \u00e9s un conegut s\u00edmbol c\u00e8ltic. S'expliquen el seu origen i significat.","breadcrumb":{"@id":"https:\/\/iwell-guard.com\/ca\/triquetra-nus-triada-celtic\/#breadcrumb"},"inLanguage":"ca","potentialAction":[{"@type":"ReadAction","target":["https:\/\/iwell-guard.com\/ca\/triquetra-nus-triada-celtic\/"]}]},{"@type":"ImageObject","inLanguage":"ca","@id":"https:\/\/iwell-guard.com\/ca\/triquetra-nus-triada-celtic\/#primaryimage","url":"https:\/\/iwell-guard.com\/wp-content\/uploads\/2026\/05\/schutzsymbol_keltisch_triquetra.webp","contentUrl":"https:\/\/iwell-guard.com\/wp-content\/uploads\/2026\/05\/schutzsymbol_keltisch_triquetra.webp","width":1024,"height":1536,"caption":"S\u00edmbol de protecci\u00f3. Il\u00b7lustraci\u00f3 muse\u00edstica de bodeg\u00f3."},{"@type":"BreadcrumbList","@id":"https:\/\/iwell-guard.com\/ca\/triquetra-nus-triada-celtic\/#breadcrumb","itemListElement":[{"@type":"ListItem","position":1,"name":"Start","item":"https:\/\/iwell-guard.com\/ca\/?page_id=171333"},{"@type":"ListItem","position":2,"name":"Triquetra: el nus de la tr\u00edada c\u00e8ltic"}]},{"@type":"WebSite","@id":"https:\/\/iwell-guard.com\/ca\/#website","url":"https:\/\/iwell-guard.com\/ca\/","name":"iWell Guard","description":"Schutz vor dunklen Einfl\u00fcssen","publisher":{"@id":"https:\/\/iwell-guard.com\/ca\/#organization"},"potentialAction":[{"@type":"SearchAction","target":{"@type":"EntryPoint","urlTemplate":"https:\/\/iwell-guard.com\/ca\/?s={search_term_string}"},"query-input":{"@type":"PropertyValueSpecification","valueRequired":true,"valueName":"search_term_string"}}],"inLanguage":"ca"},{"@type":"Organization","@id":"https:\/\/iwell-guard.com\/ca\/#organization","name":"Ittermann electronic GmbH","url":"https:\/\/iwell-guard.com\/ca\/","logo":{"@type":"ImageObject","inLanguage":"ca","@id":"https:\/\/iwell-guard.com\/ca\/#\/schema\/logo\/image\/","url":"https:\/\/iwell-guard.com\/wp-content\/uploads\/2026\/05\/Ittermann-Logo-1182x237-1.png","contentUrl":"https:\/\/iwell-guard.com\/wp-content\/uploads\/2026\/05\/Ittermann-Logo-1182x237-1.png","width":1182,"height":237,"caption":"Ittermann electronic GmbH"},"image":{"@id":"https:\/\/iwell-guard.com\/ca\/#\/schema\/logo\/image\/"},"sameAs":["https:\/\/pantip.com\/profile\/9367242","https:\/\/micro.blog\/iwellguard","https:\/\/www.diggerslist.com\/iwellguard\/about","https:\/\/skitterphoto.com\/photographers\/2870314\/iwell-guard","https:\/\/iwellguard.wordpress.com\/2026\/06\/06\/iwell-guard\/","https:\/\/hub.docker.com\/u\/iwellguard","https:\/\/www.pinterest.com\/iwellguard\/","https:\/\/bit.ly\/m\/iwellguard","https:\/\/entre-vos-mains.alsace.eu\/profiles\/iwellguard\/activity","https:\/\/gravatar.com\/reallybeded8fd34","https:\/\/naijamatta.com\/iwellguard","https:\/\/www.goodreads.com\/iwellguard","https:\/\/profile.hatena.ne.jp\/iwellguard\/","https:\/\/experiment.com\/users\/iwellguard","https:\/\/wakelet.com\/@iWellGuard82270","https:\/\/www.chordie.com\/forum\/profile.php?id=2555664","https:\/\/www.instapaper.com\/p\/17757966","https:\/\/www.mapleprimes.com\/users\/iwellguard","https:\/\/businesslistingplus.com\/profile\/iwell-guard\/","https:\/\/telegra.ph\/iWell-Guard-06-06","https:\/\/pbase.com\/iwellguard\/iwellguard","https:\/\/b.hatena.ne.jp\/iwellguard\/20260607#bookmark-4788405196491818882","https:\/\/fliphtml5.com\/home\/iwellguard","https:\/\/anyflip.com\/homepage\/cmiwl#About","https:\/\/transfur.com\/Users\/iwellguard","http:\/\/delphi.larsbo.org\/user\/iwellguard","https:\/\/jobs.lajobsportal.org\/profiles\/8380803-iwell-guard","https:\/\/md.chaosdorf.de\/s\/jfbe5SBdJD","https:\/\/www.lingvolive.com\/en-us\/profile\/9ecaeaca-ce11-4e51-9e71-01d55e2bff36\/translations","https:\/\/www.fitday.com\/fitness\/forums\/members\/iwellguard.html","https:\/\/www.mymeetbook.com\/iwellguard","https:\/\/pxhere.com\/en\/photographer-me\/5040798","https:\/\/disqus.com\/by\/iwellguard\/about\/","https:\/\/pastelink.net\/hjwciqwq","https:\/\/pubhtml5.com\/homepage\/scjhn\/","https:\/\/www.bitchute.com\/channel\/2O2eOKzNqujT","https:\/\/audiomack.com\/iwellguard"]}]}},"_links":{"self":[{"href":"https:\/\/iwell-guard.com\/ca\/wp-json\/wp\/v2\/pages\/171892","targetHints":{"allow":["GET"]}}],"collection":[{"href":"https:\/\/iwell-guard.com\/ca\/wp-json\/wp\/v2\/pages"}],"about":[{"href":"https:\/\/iwell-guard.com\/ca\/wp-json\/wp\/v2\/types\/page"}],"author":[{"embeddable":true,"href":"https:\/\/iwell-guard.com\/ca\/wp-json\/wp\/v2\/users\/3"}],"replies":[{"embeddable":true,"href":"https:\/\/iwell-guard.com\/ca\/wp-json\/wp\/v2\/comments?post=171892"}],"version-history":[{"count":0,"href":"https:\/\/iwell-guard.com\/ca\/wp-json\/wp\/v2\/pages\/171892\/revisions"}],"wp:featuredmedia":[{"embeddable":true,"href":"https:\/\/iwell-guard.com\/ca\/wp-json\/wp\/v2\/media\/3485"}],"wp:attachment":[{"href":"https:\/\/iwell-guard.com\/ca\/wp-json\/wp\/v2\/media?parent=171892"}],"wp:term":[{"taxonomy":"category","embeddable":true,"href":"https:\/\/iwell-guard.com\/ca\/wp-json\/wp\/v2\/categories?post=171892"}],"curies":[{"name":"wp","href":"https:\/\/api.w.org\/{rel}","templated":true}]}}