{"id":171884,"date":"2026-09-05T15:43:16","date_gmt":"2026-09-05T15:43:16","guid":{"rendered":"https:\/\/iwell-guard.com\/?page_id=171884"},"modified":"2026-09-05T16:09:43","modified_gmt":"2026-09-05T16:09:43","slug":"ferradura-simbol-sort-proteccio-porta","status":"publish","type":"page","link":"https:\/\/iwell-guard.com\/ca\/ferradura-simbol-sort-proteccio-porta\/","title":{"rendered":"Ferradura \u2013 el s\u00edmbol de sort i protecci\u00f3 sobre la porta"},"content":{"rendered":"\t\t<div data-elementor-type=\"wp-page\" data-elementor-id=\"171884\" class=\"elementor elementor-171884 elementor-3602 elementor-bc-flex-widget\" data-elementor-post-type=\"page\">\n\t\t\t\t<div class=\"elementor-element elementor-element-iwgs-hufeisen-hero e-flex e-con-boxed e-con e-parent\" data-id=\"iwgs-hufeisen-hero\" data-element_type=\"container\" data-e-type=\"container\">\n\t\t\t\t\t<div class=\"e-con-inner\">\n\t\t<div class=\"elementor-element elementor-element-iw-hufeisen-hero-bw e-con-full e-flex e-con e-child\" data-id=\"iw-hufeisen-hero-bw\" data-element_type=\"container\" data-e-type=\"container\">\n\t\t<div class=\"elementor-element elementor-element-iwgs-hufeisen-hl e-flex e-con-boxed e-con e-parent\" data-id=\"iwgs-hufeisen-hl\" data-element_type=\"container\" data-e-type=\"container\">\n\t\t\t\t\t<div class=\"e-con-inner\">\n\t\t<div class=\"elementor-element elementor-element-iwgs-hufeisen-hlbox e-con-full e-flex e-con e-parent\" data-id=\"iwgs-hufeisen-hlbox\" data-element_type=\"container\" data-e-type=\"container\">\n\t\t\t\t<div class=\"elementor-element elementor-element-iwgs-hufeisen-h1 elementor-widget elementor-widget-heading\" data-id=\"iwgs-hufeisen-h1\" data-element_type=\"widget\" data-e-type=\"widget\" data-widget_type=\"heading.default\">\n\t\t\t\t\t<h1 class=\"elementor-heading-title elementor-size-default\">La ferradura: s\u00edmbol de protecci\u00f3 i sort sobre la porta<\/h1>\t\t\t\t<\/div>\n\t\t\t\t<div class=\"elementor-element elementor-element-iwgs-hufeisen-lead elementor-widget elementor-widget-text-editor\" data-id=\"iwgs-hufeisen-lead\" data-element_type=\"widget\" data-e-type=\"widget\" data-widget_type=\"text-editor.default\">\n\t\t\t\t\t\t\t\t\t<p>La ferradura \u00e9s un dels s\u00edmbols de sort i protecci\u00f3 m\u00e9s coneguts d&#8217;Europa. Col\u00b7locada sobre la porta, unia dues antigues idees de protecci\u00f3, el poder del ferro i la forma de mitja lluna, i fins avui ha seguit sent un signe familiar.<\/p>\t\t\t\t\t\t\t\t<\/div>\n\t\t\t\t<\/div>\n\t\t\t\t<div class=\"elementor-element elementor-element-iwgs-hufeisen-pills elementor-widget elementor-widget-html\" data-id=\"iwgs-hufeisen-pills\" data-element_type=\"widget\" data-e-type=\"widget\" data-widget_type=\"html.default\">\n\t\t\t\t\t<div class=\"iwg-pill-row\"><span class=\"iwg-klasse-badge\" tabindex=\"0\" data-tooltip=\"S\u00edmbol de protecci\u00f3, amulet o objecte apotropaic.\">S\u00edmbol de protecci\u00f3<\/span><a href=\"https:\/\/iwell-guard.com\/ca\/simbols-de-proteccio\/\" class=\"iwg-kultur-badge\" tabindex=\"0\" data-tooltip=\"Tradici\u00f3 de protecci\u00f3: M\u00e0gia popular europea\">M\u00e0gia popular europea<\/a><span class=\"iwg-tradition-badge\" tabindex=\"0\" data-tooltip=\"Un signe destinat a atorgar o indicar protecci\u00f3.\">Signe de protecci\u00f3<\/span><\/div>\t\t\t\t<\/div>\n\t\t\t\t\t<\/div>\n\t\t\t\t<\/div>\n\t\t<div class=\"elementor-element elementor-element-iwgs-hufeisen-hr e-con-full e-flex e-con e-parent\" data-id=\"iwgs-hufeisen-hr\" data-element_type=\"container\" data-e-type=\"container\">\n\t\t\t\t<div class=\"elementor-element elementor-element-iwgs-hufeisen-himg iwg-hero-image elementor-widget elementor-widget-image\" data-id=\"iwgs-hufeisen-himg\" data-element_type=\"widget\" data-e-type=\"widget\" data-widget_type=\"image.default\">\n\t\t\t\t\t\t\t\t\t\t\t\t\t\t\t<img fetchpriority=\"high\" decoding=\"async\" width=\"683\" height=\"1024\" src=\"https:\/\/iwell-guard.com\/wp-content\/uploads\/2026\/05\/schutzsymbol_volksmagie_hufeisen-683x1024.webp\" class=\"attachment-large size-large wp-image-3448\" alt=\"Altes schmiedeeisernes Hufeisen mit nach oben offenen Enden auf dunklem Eichenholz\" srcset=\"https:\/\/iwell-guard.com\/wp-content\/uploads\/2026\/05\/schutzsymbol_volksmagie_hufeisen-683x1024.webp 683w, https:\/\/iwell-guard.com\/wp-content\/uploads\/2026\/05\/schutzsymbol_volksmagie_hufeisen-200x300.webp 200w, https:\/\/iwell-guard.com\/wp-content\/uploads\/2026\/05\/schutzsymbol_volksmagie_hufeisen-768x1152.webp 768w, https:\/\/iwell-guard.com\/wp-content\/uploads\/2026\/05\/schutzsymbol_volksmagie_hufeisen.webp 1024w\" sizes=\"(max-width: 683px) 100vw, 683px\" \/>\t\t\t\t\t\t\t\t\t\t\t\t\t\t\t<\/div>\n\t\t\t\t<\/div>\n\t\t\t\t<\/div>\n\t\t\t\t\t<\/div>\n\t\t\t\t<\/div>\n\t\t<div class=\"elementor-element elementor-element-iwgs-hufeisen-s0 e-flex e-con-boxed e-con e-parent\" data-id=\"iwgs-hufeisen-s0\" data-element_type=\"container\" data-e-type=\"container\">\n\t\t\t\t\t<div class=\"e-con-inner\">\n\t\t\t\t<div class=\"elementor-element elementor-element-iwgs-hufeisen-s0h elementor-widget elementor-widget-heading\" data-id=\"iwgs-hufeisen-s0h\" data-element_type=\"widget\" data-e-type=\"widget\" data-widget_type=\"heading.default\">\n\t\t\t\t\t<h2 class=\"elementor-heading-title elementor-size-default\">Introducci\u00f3<\/h2>\t\t\t\t<\/div>\n\t\t<div class=\"elementor-element elementor-element-iw-hufeisen-s0-bw e-con-full e-flex e-con e-child\" data-id=\"iw-hufeisen-s0-bw\" data-element_type=\"container\" data-e-type=\"container\">\n\t\t<div class=\"elementor-element elementor-element-iwgs-hufeisen-s0box e-con-full e-flex e-con e-parent\" data-id=\"iwgs-hufeisen-s0box\" data-element_type=\"container\" data-e-type=\"container\">\n\t\t\t\t<div class=\"elementor-element elementor-element-iwgs-hufeisen-s0t elementor-widget elementor-widget-text-editor\" data-id=\"iwgs-hufeisen-s0t\" data-element_type=\"widget\" data-e-type=\"widget\" data-widget_type=\"text-editor.default\">\n\t\t\t\t\t\t\t\t\t<p>La ferradura \u00e9s una pe\u00e7a de ferro corbada que origin\u00e0riament servia per protegir els peus dels cavalls. M\u00e9s enll\u00e0 d&#8217;aquesta finalitat pr\u00e0ctica, es va convertir en la creen\u00e7a popular europea en un s\u00edmbol de protecci\u00f3 i sort molt est\u00e8s.<\/p><p>Amb aquest significat, la ferradura no es col\u00b7loca al cavall, sin\u00f3 sobre portes, en parets de cases i en llindars. All\u00e0 havia de protegir la casa i els seus habitants i atreure la sort.<\/p><p>La ferradura combina dues idees de protecci\u00f3 m\u00e9s antigues. Una fa refer\u00e8ncia al material, el ferro, al qual la m\u00e0gia popular atribu\u00efa un poder defensiu. L&#8217;altra fa refer\u00e8ncia a la forma, la mitja lluna oberta cap amunt o cap avall.<\/p><p>Aix\u00ed, la ferradura \u00e9s un bon exemple de com un objecte quotidi\u00e0 pot convertir-se en un signe de protecci\u00f3. El seu significat no s&#8217;explica per una religi\u00f3, sin\u00f3 pel pensament popular sobre el material i la forma.<\/p><p>La ferradura no \u00e9s un cas a\u00efllat, sin\u00f3 que forma part de tot un conjunt de mitjans de protecci\u00f3 que tenien el seu lloc al llindar de la casa. La sal, els claus de ferro i certes plantes tamb\u00e9 es col\u00b7locaven a portes i entrades. Dins d&#8217;aquest conjunt, la ferradura \u00e9s el mitj\u00e0 de protecci\u00f3 dom\u00e8stica m\u00e9s conegut i m\u00e9s f\u00e0cilment disponible.<\/p>\t\t\t\t\t\t\t\t<\/div>\n\t\t\t\t<\/div>\n\t\t\t\t<\/div>\n\t\t\t\t\t<\/div>\n\t\t\t\t<\/div>\n\t\t<div class=\"elementor-element elementor-element-iwgs-hufeisen-s1 e-flex e-con-boxed e-con e-parent\" data-id=\"iwgs-hufeisen-s1\" data-element_type=\"container\" data-e-type=\"container\">\n\t\t\t\t\t<div class=\"e-con-inner\">\n\t\t\t\t<div class=\"elementor-element elementor-element-iwgs-hufeisen-s1h elementor-widget elementor-widget-heading\" data-id=\"iwgs-hufeisen-s1h\" data-element_type=\"widget\" data-e-type=\"widget\" data-widget_type=\"heading.default\">\n\t\t\t\t\t<h2 class=\"elementor-heading-title elementor-size-default\">El ferro com a metall protector<\/h2>\t\t\t\t<\/div>\n\t\t<div class=\"elementor-element elementor-element-iw-hufeisen-s1-bw e-con-full e-flex e-con e-child\" data-id=\"iw-hufeisen-s1-bw\" data-element_type=\"container\" data-e-type=\"container\">\n\t\t<div class=\"elementor-element elementor-element-iwgs-hufeisen-s1box e-con-full e-flex e-con e-parent\" data-id=\"iwgs-hufeisen-s1box\" data-element_type=\"container\" data-e-type=\"container\">\n\t\t\t\t<div class=\"elementor-element elementor-element-iwgs-hufeisen-s1t elementor-widget elementor-widget-text-editor\" data-id=\"iwgs-hufeisen-s1t\" data-element_type=\"widget\" data-e-type=\"widget\" data-widget_type=\"text-editor.default\">\n\t\t\t\t\t\t\t\t\t<p>Durant molt de temps, en la m\u00e0gia popular europea el ferro es considerava un metall amb poder defensiu. Se li atribu\u00efa la capacitat de mantenir allunyades les forces nocives, i tenia un paper en nombrosos costums de protecci\u00f3.<\/p><p>Estava molt estesa la creen\u00e7a que les bruixes, els esperits i altres \u00e9ssers mal\u00e8fics evitaven el ferro. Per aix\u00f2 es col\u00b7locaven objectes de ferro, claus i fulles a llindars, bressols i estables, per protegir aquests llocs.<\/p><p>Una possible ra\u00f3 d&#8217;aquesta creen\u00e7a podria trobar-se en la posici\u00f3 especial del ferro. La seva obtenci\u00f3 i el seu treball al foc de la farga exigien habilitat i es consideraven un art amb un significat propi, quasi misteri\u00f3s.<\/p><p>La ferradura \u00e9s un objecte de ferro, i per aix\u00f2 porta ja en si el significat protector del material. Nom\u00e9s com a pe\u00e7a de ferro sobre la porta seria, segons el pensament popular, un signe de defensa, encara abans que hi intervingu\u00e9s la seva forma.<\/p><p>La figura del ferrer estava estretament lligada al poder protector del ferro. El ferrer dominava el foc i donava forma al metall dur, i en la creen\u00e7a popular el seu ofici es considerava un art amb un poder especial, gaireb\u00e9 misteri\u00f3s. Aquesta valoraci\u00f3 del ferrer i del seu material es reflecteix tamb\u00e9 en el significat atribu\u00eft a la ferradura.<\/p>\t\t\t\t\t\t\t\t<\/div>\n\t\t\t\t<\/div>\n\t\t\t\t<\/div>\n\t\t\t\t\t<\/div>\n\t\t\t\t<\/div>\n\t\t<div class=\"elementor-element elementor-element-iwgs-hufeisen-s2 e-flex e-con-boxed e-con e-parent\" data-id=\"iwgs-hufeisen-s2\" data-element_type=\"container\" data-e-type=\"container\">\n\t\t\t\t\t<div class=\"e-con-inner\">\n\t\t\t\t<div class=\"elementor-element elementor-element-iwgs-hufeisen-s2h elementor-widget elementor-widget-heading\" data-id=\"iwgs-hufeisen-s2h\" data-element_type=\"widget\" data-e-type=\"widget\" data-widget_type=\"heading.default\">\n\t\t\t\t\t<h2 class=\"elementor-heading-title elementor-size-default\">La forma de mitja lluna<\/h2>\t\t\t\t<\/div>\n\t\t<div class=\"elementor-element elementor-element-iw-hufeisen-s2-bw e-con-full e-flex e-con e-child\" data-id=\"iw-hufeisen-s2-bw\" data-element_type=\"container\" data-e-type=\"container\">\n\t\t<div class=\"elementor-element elementor-element-iwgs-hufeisen-s2box e-con-full e-flex e-con e-parent\" data-id=\"iwgs-hufeisen-s2box\" data-element_type=\"container\" data-e-type=\"container\">\n\t\t\t\t<div class=\"elementor-element elementor-element-iwgs-hufeisen-s2t elementor-widget elementor-widget-text-editor\" data-id=\"iwgs-hufeisen-s2t\" data-element_type=\"widget\" data-e-type=\"widget\" data-widget_type=\"text-editor.default\">\n\t\t\t\t\t\t\t\t\t<p>A m\u00e9s del material, tamb\u00e9 la forma de la ferradura contribueix al seu significat protector. La ferradura forma un arc obert per un costat, que recorda la fal\u00e7 de la lluna creixent o decreixent.<\/p><p>La fal\u00e7 lunar \u00e9s un signe molt antic. Ja a l&#8217;<span class=\"iwg-fachbegriff\" data-tooltip=\"\u00c8poca de la cultura grega i romana, aproximadament del 800 a.C. al 600 d.C.\" tabindex=\"0\">Antiguitat<\/span> es portaven penjolls en forma de mitja lluna com a amulets de protecci\u00f3, com per exemple la lunula, que en l&#8217;\u00e0mbit rom\u00e0 es posava a les nenes com a protecci\u00f3.<\/p><p>En moltes cultures, la forma de mitja lluna es considerava favorable i protectora. S&#8217;associava amb el creixement, amb el pas del temps i amb poders protectors femenins. La ferradura recull aquesta forma, sense que qui la portava n&#8217;hagu\u00e9s de ser sempre conscient.<\/p><p>En la uni\u00f3 del ferro protector i la forma lunar protectora rau part de la posici\u00f3 especial de la ferradura. Dues idees de protecci\u00f3 independents es troben en un \u00fanic objecte quotidi\u00e0 i f\u00e0cilment disponible.<\/p><p>Els amulets de protecci\u00f3 en forma de mitja lluna de l&#8217;<span class=\"iwg-fachbegriff\" data-tooltip=\"\u00c8poca de la cultura grega i romana, aproximadament del 800 a.C. al 600 d.C.\" tabindex=\"0\">Antiguitat<\/span> es van portar durant segles, molt abans que la ferradura assum\u00eds el seu paper. Quan la ferradura es va convertir finalment en signe de protecci\u00f3, va continuar de manera inconscient l&#8217;antiga valoraci\u00f3 de la forma lunar. Molts dels qui penjaven una ferradura gaireb\u00e9 no pensaven en la lluna, i tot i aix\u00ed, l&#8217;antic significat de la forma seguia actuant de fons.<\/p>\t\t\t\t\t\t\t\t<\/div>\n\t\t\t\t<\/div>\n\t\t\t\t<\/div>\n\t\t\t\t\t<\/div>\n\t\t\t\t<\/div>\n\t\t<div class=\"elementor-element elementor-element-iwgs-hufeisen-s3 e-flex e-con-boxed e-con e-parent\" data-id=\"iwgs-hufeisen-s3\" data-element_type=\"container\" data-e-type=\"container\">\n\t\t\t\t\t<div class=\"e-con-inner\">\n\t\t\t\t<div class=\"elementor-element elementor-element-iwgs-hufeisen-s3h elementor-widget elementor-widget-heading\" data-id=\"iwgs-hufeisen-s3h\" data-element_type=\"widget\" data-e-type=\"widget\" data-widget_type=\"heading.default\">\n\t\t\t\t\t<h2 class=\"elementor-heading-title elementor-size-default\">Sobre la porta: col\u00b7locaci\u00f3 i orientaci\u00f3<\/h2>\t\t\t\t<\/div>\n\t\t<div class=\"elementor-element elementor-element-iw-hufeisen-s3-bw e-con-full e-flex e-con e-child\" data-id=\"iw-hufeisen-s3-bw\" data-element_type=\"container\" data-e-type=\"container\">\n\t\t<div class=\"elementor-element elementor-element-iwgs-hufeisen-s3box e-con-full e-flex e-con e-parent\" data-id=\"iwgs-hufeisen-s3box\" data-element_type=\"container\" data-e-type=\"container\">\n\t\t\t\t<div class=\"elementor-element elementor-element-iwgs-hufeisen-s3t elementor-widget elementor-widget-text-editor\" data-id=\"iwgs-hufeisen-s3t\" data-element_type=\"widget\" data-e-type=\"widget\" data-widget_type=\"text-editor.default\">\n\t\t\t\t\t\t\t\t\t<p>El lloc t\u00edpic per a una ferradura \u00e9s la porta. Es col\u00b7loca sobre l&#8217;entrada d&#8217;una casa, un habitatge o un estable. La porta \u00e9s el punt on, segons la creen\u00e7a popular, all\u00f2 nociu pot penetrar a l&#8217;espai protegit.<\/p><p>Sobre l&#8217;orientaci\u00f3 correcta de la ferradura hi ha opinions diverses. Una opini\u00f3 molt estesa diu que la ferradura s&#8217;ha de col\u00b7locar amb els extrems cap amunt, perqu\u00e8 aix\u00ed la sort quedi retinguda com en un recipient.<\/p><p>Una altra opini\u00f3 defensa el contrari. Amb els extrems cap avall, la ferradura vessaria la seva sort i protecci\u00f3 sobre tots els qui creuen la porta. Ambdues interpretacions s\u00f3n antigues i estan documentades una al costat de l&#8217;altra.<\/p><p>Aquesta discrep\u00e0ncia mostra que no hi ha una regla uniforme. L&#8217;orientaci\u00f3 segueix costums regionals i conviccions personals. Per a molta gent, m\u00e9s important que la direcci\u00f3 era el simple fet que hi hagu\u00e9s una ferradura penjada sobre la porta.<\/p><p>La discrep\u00e0ncia sobre l&#8217;orientaci\u00f3 correcta no es pot resoldre, ja que ambdues interpretacions s\u00f3n antigues i arrelades en regions diferents. En alguns llocs, fins i tot es penjava la ferradura deliberadament de manera que cobr\u00eds totes dues interpretacions. Aquesta diversitat mostra que en el costum popular rarament hi ha una \u00fanica regla vinculant, sin\u00f3 moltes tradicions que coexisteixen.<\/p>\t\t\t\t\t\t\t\t<\/div>\n\t\t\t\t<\/div>\n\t\t\t\t<\/div>\n\t\t\t\t\t<\/div>\n\t\t\t\t<\/div>\n\t\t<div class=\"elementor-element elementor-element-iwgs-hufeisen-s4 e-flex e-con-boxed e-con e-parent\" data-id=\"iwgs-hufeisen-s4\" data-element_type=\"container\" data-e-type=\"container\">\n\t\t\t\t\t<div class=\"e-con-inner\">\n\t\t\t\t<div class=\"elementor-element elementor-element-iwgs-hufeisen-s4h elementor-widget elementor-widget-heading\" data-id=\"iwgs-hufeisen-s4h\" data-element_type=\"widget\" data-e-type=\"widget\" data-widget_type=\"heading.default\">\n\t\t\t\t\t<h2 class=\"elementor-heading-title elementor-size-default\">La llegenda de Dunstan i el diable<\/h2>\t\t\t\t<\/div>\n\t\t<div class=\"elementor-element elementor-element-iw-hufeisen-s4-bw e-con-full e-flex e-con e-child\" data-id=\"iw-hufeisen-s4-bw\" data-element_type=\"container\" data-e-type=\"container\">\n\t\t<div class=\"elementor-element elementor-element-iwgs-hufeisen-s4box e-con-full e-flex e-con e-parent\" data-id=\"iwgs-hufeisen-s4box\" data-element_type=\"container\" data-e-type=\"container\">\n\t\t\t\t<div class=\"elementor-element elementor-element-iwgs-hufeisen-s4t elementor-widget elementor-widget-text-editor\" data-id=\"iwgs-hufeisen-s4t\" data-element_type=\"widget\" data-e-type=\"widget\" data-widget_type=\"text-editor.default\">\n\t\t\t\t\t\t\t\t\t<p>Del significat protector de la ferradura forma part una coneguda <span class=\"iwg-fachbegriff\" data-tooltip=\"Un relat edificant, generalment sobre la vida de sants.\" tabindex=\"0\">llegenda<\/span> vinculada a sant Dunstan. Dunstan va ser una figura eclesi\u00e0stica de l&#8217;alta edat mitjana, i el relat li atribueix l&#8217;ofici de ferrer.<\/p><p>La <span class=\"iwg-fachbegriff\" data-tooltip=\"Un relat edificant, generalment sobre la vida de sants.\" tabindex=\"0\">llegenda<\/span> explica que el dimoni es va presentar davant Dunstan i li va demanar que li ferr\u00e9s la seva pr\u00f2pia pe\u00fclla. Dunstan va recon\u00e8ixer el seu visitant i, durant la feina, li va provocar deliberadament grans dolors.<\/p><p>Nom\u00e9s quan el dimoni li ho va suplicar, Dunstan el va deixar anar. Per\u00f2 nom\u00e9s el va alliberar amb una condici\u00f3: el dimoni havia de prometre que mai entraria en una casa amb una ferradura penjada sobre la porta.<\/p><p>Aquest relat proporciona una explicaci\u00f3 il\u00b7lustrativa del <span class=\"iwg-fachbegriff\" data-tooltip=\"Una acci\u00f3 transmesa i repetida regularment en una comunitat.\" tabindex=\"0\">costum<\/span>. Explica per qu\u00e8 precisament la ferradura sobre la porta mant\u00e9 allunyat el mal, i lliga el signe protector a una hist\u00f2ria f\u00e0cil de recordar.<\/p><p>El relat de Dunstan no \u00e9s l&#8217;\u00fanic del seu tipus. La tradici\u00f3 popular coneix diverses hist\u00f2ries en qu\u00e8 un ferrer astut enganya el dimoni. El <span class=\"iwg-fachbegriff\" data-tooltip=\"Un element tem\u00e0tic recurrent en l'art o la narrativa.\" tabindex=\"0\">motiu<\/span> del dimoni enganyat era popular perqu\u00e8 donava seguretat a qui l&#8217;escoltava. La uni\u00f3 d&#8217;aquest motiu amb la ferradura va arrelar el costum protector en una hist\u00f2ria memorable i molt narrada.<\/p>\t\t\t\t\t\t\t\t<\/div>\n\t\t\t\t<\/div>\n\t\t\t\t<\/div>\n\t\t\t\t\t<\/div>\n\t\t\t\t<\/div>\n\t\t<div class=\"elementor-element elementor-element-iwgs-hufeisen-s5 e-flex e-con-boxed e-con e-parent\" data-id=\"iwgs-hufeisen-s5\" data-element_type=\"container\" data-e-type=\"container\">\n\t\t\t\t\t<div class=\"e-con-inner\">\n\t\t\t\t<div class=\"elementor-element elementor-element-iwgs-hufeisen-s5h elementor-widget elementor-widget-heading\" data-id=\"iwgs-hufeisen-s5h\" data-element_type=\"widget\" data-e-type=\"widget\" data-widget_type=\"heading.default\">\n\t\t\t\t\t<h2 class=\"elementor-heading-title elementor-size-default\">La ferradura trobada i els claus<\/h2>\t\t\t\t<\/div>\n\t\t<div class=\"elementor-element elementor-element-iw-hufeisen-s5-bw e-con-full e-flex e-con e-child\" data-id=\"iw-hufeisen-s5-bw\" data-element_type=\"container\" data-e-type=\"container\">\n\t\t<div class=\"elementor-element elementor-element-iwgs-hufeisen-s5box e-con-full e-flex e-con e-parent\" data-id=\"iwgs-hufeisen-s5box\" data-element_type=\"container\" data-e-type=\"container\">\n\t\t\t\t<div class=\"elementor-element elementor-element-iwgs-hufeisen-s5t elementor-widget elementor-widget-text-editor\" data-id=\"iwgs-hufeisen-s5t\" data-element_type=\"widget\" data-e-type=\"widget\" data-widget_type=\"text-editor.default\">\n\t\t\t\t\t\t\t\t\t<p>En la creen\u00e7a popular, no totes les ferradures es consideraven igualment eficaces. Es tenia per especialment afortunada aquella ferradura trobada per casualitat. Una ferradura trobada era un regal inesperat i es considerava un bon presagi.<\/p><p>Tamb\u00e9 els claus i els forats de la ferradura tenien la seva import\u00e0ncia. Era estesa la idea que una ferradura amb set forats per als claus era especialment portadora de sort, ja que al n\u00famero set se li atribu\u00efa sovint un significat favorable.<\/p><p>En alguns llocs era important que els claus vells encara hi fossin, o que es col\u00b7loqu\u00e9s amb el nombre original de claus. Aquests detalls mostren amb quina precisi\u00f3 observava la <span class=\"iwg-fachbegriff\" data-tooltip=\"Creences i costums religiosos estesos en la vida quotidiana.\" tabindex=\"0\">creen\u00e7a popular<\/span> aquest objecte.<\/p><p>En aquestes creences es combinen diverses idees de sort al voltant de la ferradura. La troballa, el n\u00famero i el ferro coincideixen i converteixen la pe\u00e7a en un signe al qual s&#8217;atribu\u00efa un efecte favorable m\u00faltiple.<\/p><p>La creen\u00e7a en el poder especial d&#8217;un objecte trobat estava molt estesa en el costum popular. Una troballa casual es considerava un senyal del dest\u00ed i, per tant, un bon presagi. Tamb\u00e9 el n\u00famero set tenia un significat favorable en molts contextos. En la ferradura trobada, amb els seus forats per als claus, coincidien de manera ben visible diverses d&#8217;aquestes creences de sort.<\/p>\t\t\t\t\t\t\t\t<\/div>\n\t\t\t\t<\/div>\n\t\t\t\t<\/div>\n\t\t\t\t\t<\/div>\n\t\t\t\t<\/div>\n\t\t<div class=\"elementor-element elementor-element-iwgs-hufeisen-s6 e-flex e-con-boxed e-con e-parent\" data-id=\"iwgs-hufeisen-s6\" data-element_type=\"container\" data-e-type=\"container\">\n\t\t\t\t\t<div class=\"e-con-inner\">\n\t\t\t\t<div class=\"elementor-element elementor-element-iwgs-hufeisen-s6h elementor-widget elementor-widget-heading\" data-id=\"iwgs-hufeisen-s6h\" data-element_type=\"widget\" data-e-type=\"widget\" data-widget_type=\"heading.default\">\n\t\t\t\t\t<h2 class=\"elementor-heading-title elementor-size-default\">Difusi\u00f3 en la creen\u00e7a popular europea<\/h2>\t\t\t\t<\/div>\n\t\t<div class=\"elementor-element elementor-element-iw-hufeisen-s6-bw e-con-full e-flex e-con e-child\" data-id=\"iw-hufeisen-s6-bw\" data-element_type=\"container\" data-e-type=\"container\">\n\t\t<div class=\"elementor-element elementor-element-iwgs-hufeisen-s6box e-con-full e-flex e-con e-parent\" data-id=\"iwgs-hufeisen-s6box\" data-element_type=\"container\" data-e-type=\"container\">\n\t\t\t\t<div class=\"elementor-element elementor-element-iwgs-hufeisen-s6t elementor-widget elementor-widget-text-editor\" data-id=\"iwgs-hufeisen-s6t\" data-element_type=\"widget\" data-e-type=\"widget\" data-widget_type=\"text-editor.default\">\n\t\t\t\t\t\t\t\t\t<p>El <span class=\"iwg-fachbegriff\" data-tooltip=\"Una acci\u00f3 transmesa i repetida regularment en una comunitat.\" tabindex=\"0\">costum<\/span> de col\u00b7locar una ferradura com a signe de protecci\u00f3 i sort est\u00e0 est\u00e8s per bona part d&#8217;Europa. Des de les illes brit\u00e0niques, passant pels pa\u00efsos de parla alemanya, fins a l&#8217;Europa de l&#8217;Est, la ferradura sobre la porta \u00e9s un signe conegut.<\/p><p>Aquesta \u00e0mplia difusi\u00f3 est\u00e0 relacionada amb la import\u00e0ncia del cavall. Durant segles, el cavall va ser omnipresent en l&#8217;agricultura, el transport i l&#8217;artesania, i per aix\u00f2 les ferradures eren f\u00e0cilment disponibles.<\/p><p>Amb la difusi\u00f3 del costum van apar\u00e8ixer difer\u00e8ncies regionals. Les idees sobre l&#8217;orientaci\u00f3 correcta, sobre el nombre de claus i sobre la millor manera de col\u00b7locar-la variaven d&#8217;un lloc a l&#8217;altre.<\/p><p>La ferradura \u00e9s, per tant, un exemple de signe protector de la m\u00e0gia popular que no segueix una doctrina \u00fanica. Va viure en la <span class=\"iwg-fachbegriff\" data-tooltip=\"La transmissi\u00f3 de coneixements i relats al llarg de generacions.\" tabindex=\"0\">tradici\u00f3<\/span> oral i en el <span class=\"iwg-fachbegriff\" data-tooltip=\"Una acci\u00f3 transmesa i repetida regularment en una comunitat.\" tabindex=\"0\">costum<\/span> quotidi\u00e0, i va adquirir moltes tonalitats locals.<\/p><p>Amb els emigrants i els viatgers, el costum de la ferradura va arribar tamb\u00e9 m\u00e9s enll\u00e0 d&#8217;Europa, per exemple a Am\u00e8rica del Nord, on igualment es va arrelar. A les granges i als estables, arreu on es tenien cavalls, la ferradura ja hi era present de manera natural. Aquesta disponibilitat la va convertir en un signe protector que s&#8217;integrava a la vida quotidiana sense cap esfor\u00e7 especial.<\/p>\t\t\t\t\t\t\t\t<\/div>\n\t\t\t\t<\/div>\n\t\t\t\t<\/div>\n\t\t\t\t\t<\/div>\n\t\t\t\t<\/div>\n\t\t<div class=\"elementor-element elementor-element-iwgs-hufeisen-s7 e-flex e-con-boxed e-con e-parent\" data-id=\"iwgs-hufeisen-s7\" data-element_type=\"container\" data-e-type=\"container\">\n\t\t\t\t\t<div class=\"e-con-inner\">\n\t\t\t\t<div class=\"elementor-element elementor-element-iwgs-hufeisen-s7h elementor-widget elementor-widget-heading\" data-id=\"iwgs-hufeisen-s7h\" data-element_type=\"widget\" data-e-type=\"widget\" data-widget_type=\"heading.default\">\n\t\t\t\t\t<h2 class=\"elementor-heading-title elementor-size-default\">Del signe protector al s\u00edmbol de sort<\/h2>\t\t\t\t<\/div>\n\t\t<div class=\"elementor-element elementor-element-iw-hufeisen-s7-bw e-con-full e-flex e-con e-child\" data-id=\"iw-hufeisen-s7-bw\" data-element_type=\"container\" data-e-type=\"container\">\n\t\t<div class=\"elementor-element elementor-element-iwgs-hufeisen-s7box e-con-full e-flex e-con e-parent\" data-id=\"iwgs-hufeisen-s7box\" data-element_type=\"container\" data-e-type=\"container\">\n\t\t\t\t<div class=\"elementor-element elementor-element-iwgs-hufeisen-s7t elementor-widget elementor-widget-text-editor\" data-id=\"iwgs-hufeisen-s7t\" data-element_type=\"widget\" data-e-type=\"widget\" data-widget_type=\"text-editor.default\">\n\t\t\t\t\t\t\t\t\t<p>Amb el temps, el significat de la ferradura ha canviat. En les concepcions m\u00e9s antigues, predominava la idea de defensa. La ferradura de ferro sobre la porta havia de mantenir allunyades les forces nocives i protegir la casa.<\/p><p>Amb el declivi de la creen\u00e7a en bruixes i esperits maleficents, aquesta idea de defensa va perdre pes. Tot i aix\u00ed, la ferradura va continuar en \u00fas, ara entesa m\u00e9s com un signe general de sort.<\/p><p>Avui dia, la ferradura representa sobretot la sort. Apareix en casaments, en el canvi d&#8217;any i en altres ocasions festives en qu\u00e8 ens desitgem sort m\u00fatuament. La idea original de protecci\u00f3 hi ressona, si de cas, nom\u00e9s en segon terme.<\/p><p>Aquesta evoluci\u00f3, del signe de defensa al s\u00edmbol de sort, es pot observar en molts objectes de protecci\u00f3. La ferradura la mostra de manera especialment clara, perqu\u00e8, sense cap vincle religi\u00f3s, es sost\u00e9 nom\u00e9s pel <span class=\"iwg-fachbegriff\" data-tooltip=\"Una acci\u00f3 transmesa i repetida regularment en una comunitat.\" tabindex=\"0\">costum<\/span> popular.<\/p><p>El canvi de signe de defensa a s\u00edmbol de sort es va produir de manera gradual i no es pot situar en una data concreta. Amb el declivi de la creen\u00e7a en forces nocives, la idea de defensa va perdre import\u00e0ncia, mentre que el desig de sort va perdurar. Molts antics signes protectors han seguit aquest cam\u00ed i avui sobreviuen com a portadors generals de bona sort.<\/p>\t\t\t\t\t\t\t\t<\/div>\n\t\t\t\t<\/div>\n\t\t\t\t<\/div>\n\t\t\t\t\t<\/div>\n\t\t\t\t<\/div>\n\t\t<div class=\"elementor-element elementor-element-iwgs-hufeisen-s8 e-flex e-con-boxed e-con e-parent\" data-id=\"iwgs-hufeisen-s8\" data-element_type=\"container\" data-e-type=\"container\">\n\t\t\t\t\t<div class=\"e-con-inner\">\n\t\t\t\t<div class=\"elementor-element elementor-element-iwgs-hufeisen-s8h elementor-widget elementor-widget-heading\" data-id=\"iwgs-hufeisen-s8h\" data-element_type=\"widget\" data-e-type=\"widget\" data-widget_type=\"heading.default\">\n\t\t\t\t\t<h2 class=\"elementor-heading-title elementor-size-default\">Recepci\u00f3 actual<\/h2>\t\t\t\t<\/div>\n\t\t<div class=\"elementor-element elementor-element-iw-hufeisen-s8-bw e-con-full e-flex e-con e-child\" data-id=\"iw-hufeisen-s8-bw\" data-element_type=\"container\" data-e-type=\"container\">\n\t\t<div class=\"elementor-element elementor-element-iwgs-hufeisen-s8box e-con-full e-flex e-con e-parent\" data-id=\"iwgs-hufeisen-s8box\" data-element_type=\"container\" data-e-type=\"container\">\n\t\t\t\t<div class=\"elementor-element elementor-element-iwgs-hufeisen-s8t elementor-widget elementor-widget-text-editor\" data-id=\"iwgs-hufeisen-s8t\" data-element_type=\"widget\" data-e-type=\"widget\" data-widget_type=\"text-editor.default\">\n\t\t\t\t\t\t\t\t\t<p>La ferradura \u00e9s fins avui un signe familiar. Com a petit penjoll, com a <span class=\"iwg-fachbegriff\" data-tooltip=\"Un element de contingut recurrent en l'art o en la narraci\u00f3.\" tabindex=\"0\">motiu<\/span> en targetes de felicitaci\u00f3 i com a joia, apareix en la vida quotidiana de moltes persones, sovint lligada a bons desitjos.<\/p><p>En aquest \u00fas, la ferradura sol estar desvinculada del seu origen. Es situa al costat d&#8217;altres signes de sort com el tr\u00e8vol de quatre fulles i el escura-xemeneies, i gaireb\u00e9 ja no s&#8217;associa amb el ferro ni amb la forma de lluna.<\/p><p>Tot i aix\u00ed, encara es troben ferradures de ferro aut\u00e8ntiques sobre les portes, sobretot a masies, cases antigues i estables. All\u00e0 el <span class=\"iwg-fachbegriff\" data-tooltip=\"Una acci\u00f3 transmesa i repetida regularment en una comunitat.\" tabindex=\"0\">costum<\/span> s&#8217;ha conservat en la seva forma original i material.<\/p><p>La ferradura \u00e9s, doncs, un signe de protecci\u00f3 que ha perdurat a trav\u00e9s dels canvis de temps. Mostra com un objecte senzill s&#8217;ha portat, interpretat i, finalment, convertit en un signe general de bona sort al llarg dels segles.<\/p><p>La ferradura apareix tamb\u00e9 en l&#8217;her\u00e0ldica, en escuts d&#8217;associacions i en l&#8217;esport, on es tria com a s\u00edmbol de sort i \u00e8xit. En algunes noces es lliura a la parella com a amulet de la sort. En tots aquests usos, el significat antic, originalment orientat a la protecci\u00f3, continua viu avui en una forma atenuada i amable.<\/p><div data-nosnippet=\"true\"><p>P\u00e0gines relacionades al lexic\u00f3: una visi\u00f3 general dels <a href=\"https:\/\/iwell-guard.com\/ca\/simbols-de-proteccio\/\">s\u00edmbols de protecci\u00f3<\/a> i la p\u00e0gina sobre l&#8217;<a href=\"https:\/\/iwell-guard.com\/ca\/?page_id=172009\">amulet de la sort<\/a>.<\/p><\/div>\t\t\t\t\t\t\t\t<\/div>\n\t\t\t\t<\/div>\n\t\t\t\t<\/div>\n\t\t\t\t\t<\/div>\n\t\t\t\t<\/div>\n\t\t<div class=\"elementor-element elementor-element-iwgs-hufeisen-lit e-flex e-con-boxed e-con e-parent\" data-id=\"iwgs-hufeisen-lit\" data-element_type=\"container\" data-e-type=\"container\">\n\t\t\t\t\t<div class=\"e-con-inner\">\n\t\t\t\t<div class=\"elementor-element elementor-element-iwgs-hufeisen-lith elementor-widget elementor-widget-heading\" data-id=\"iwgs-hufeisen-lith\" data-element_type=\"widget\" data-e-type=\"widget\" data-widget_type=\"heading.default\">\n\t\t\t\t\t<h2 class=\"elementor-heading-title elementor-size-default\">Bibliografia (selecci\u00f3)<\/h2>\t\t\t\t<\/div>\n\t\t<div class=\"elementor-element elementor-element-iw-hufeisen-lit-bw e-con-full e-flex e-con e-child\" data-id=\"iw-hufeisen-lit-bw\" data-element_type=\"container\" data-e-type=\"container\">\n\t\t<div class=\"elementor-element elementor-element-iwgs-hufeisen-litbox e-con-full e-flex e-con e-parent\" data-id=\"iwgs-hufeisen-litbox\" data-element_type=\"container\" data-e-type=\"container\">\n\t\t\t\t<div class=\"elementor-element elementor-element-iwgs-hufeisen-litt elementor-widget elementor-widget-html\" data-id=\"iwgs-hufeisen-litt\" data-element_type=\"widget\" data-e-type=\"widget\" data-widget_type=\"html.default\">\n\t\t\t\t\t<footer data-nosnippet=\"true\"><ul><li>Handw\u00f6rterbuch des deutschen Aberglaubens, articles <em>Hufeisen<\/em> i <em>Eisen<\/em><\/li><li>Hans B\u00e4chtold-St\u00e4ubli (ed.): <em>Aberglaube<\/em> (Studien zur Volkskunde)<\/li><li>Lutz R\u00f6hrich: <em>Lexikon der sprichw\u00f6rtlichen Redensarten<\/em> (1991)<\/li><li>Edward Lovett: <em>Magic in Modern London<\/em> (1925)<\/li><li>Ralph Merrifield: <em>The Archaeology of Ritual and Magic<\/em> (1987)<\/li><\/ul><\/footer>\t\t\t\t<\/div>\n\t\t\t\t<\/div>\n\t\t\t\t<\/div>\n\t\t\t\t\t<\/div>\n\t\t\t\t<\/div>\n\t\t<div class=\"elementor-element elementor-element-iwgs-hufeisen-kwd e-flex e-con-boxed e-con e-parent\" data-id=\"iwgs-hufeisen-kwd\" data-element_type=\"container\" data-e-type=\"container\">\n\t\t\t\t\t<div class=\"e-con-inner\">\n\t\t<div class=\"elementor-element elementor-element-iw-hufeisen-kwd-bw e-con-full e-flex e-con e-child\" data-id=\"iw-hufeisen-kwd-bw\" data-element_type=\"container\" data-e-type=\"container\">\n\t\t\t\t<div class=\"elementor-element elementor-element-iwgs-hufeisen-kwdt elementor-widget elementor-widget-text-editor\" data-id=\"iwgs-hufeisen-kwdt\" data-element_type=\"widget\" data-e-type=\"widget\" data-widget_type=\"text-editor.default\">\n\t\t\t\t\t\t\t\t\t<p><em>Termes clau relacionats: ferradura ferro s\u00edmbol de sort signe de protecci\u00f3 mitja lluna Dunstan llindar de porta m\u00e0gia popular amulet de la sort.<\/em><\/p>\t\t\t\t\t\t\t\t<\/div>\n\t\t\t\t<\/div>\n\t\t\t\t\t<\/div>\n\t\t\t\t<\/div>\n\t\t<div class=\"elementor-element elementor-element-iwgs-hufeisen-cc e-flex e-con-boxed e-con e-parent\" data-id=\"iwgs-hufeisen-cc\" data-element_type=\"container\" data-e-type=\"container\" id=\"iwg-cc-hufeisen\">\n\t\t\t\t\t<div class=\"e-con-inner\">\n\t\t<div class=\"elementor-element elementor-element-iwgs-hufeisen-ccinner e-flex e-con-boxed e-con e-parent\" data-id=\"iwgs-hufeisen-ccinner\" data-element_type=\"container\" data-e-type=\"container\" data-settings=\"{&quot;background_background&quot;:&quot;classic&quot;}\">\n\t\t\t\t\t<div class=\"e-con-inner\">\n\t\t\t\t<div class=\"elementor-element elementor-element-iwgs-hufeisen-cch elementor-widget elementor-widget-heading\" data-id=\"iwgs-hufeisen-cch\" data-element_type=\"widget\" data-e-type=\"widget\" data-widget_type=\"heading.default\">\n\t\t\t\t\t<h2 class=\"elementor-heading-title elementor-size-default\">iWell Guard i tradicions de protecci\u00f3<\/h2>\t\t\t\t<\/div>\n\t\t\t\t<div class=\"elementor-element elementor-element-iwgs-hufeisen-cct elementor-widget elementor-widget-text-editor\" data-id=\"iwgs-hufeisen-cct\" data-element_type=\"widget\" data-e-type=\"widget\" data-widget_type=\"text-editor.default\">\n\t\t\t\t\t\t\t\t\t<p>iWell Guard s&#8217;inscriu en la tradici\u00f3 cultural dels objectes de protecci\u00f3 portables, a la qual tamb\u00e9 pertany la ferradura. Un company modern per a persones que viuen amb s\u00edmbols de protecci\u00f3: fabricat a Alemanya, 41 capes d&#8217;or fi, plat\u00ed i plata, amb dret de devoluci\u00f3 de 30 dies.<\/p>\t\t\t\t\t\t\t\t<\/div>\n\t\t\t\t<div class=\"elementor-element elementor-element-iwgs-hufeisen-ccb iwg-cc-button iwg-cc-cta-2026-05-13 elementor-widget elementor-widget-jet-button\" data-id=\"iwgs-hufeisen-ccb\" data-element_type=\"widget\" data-e-type=\"widget\" data-widget_type=\"jet-button.default\">\n\t\t\t\t<div class=\"elementor-widget-container\">\n\t\t\t\t\t<div class=\"elementor-jet-button jet-elements\"><div class=\"jet-button__container\"><a class=\"jet-button__instance jet-button__instance--icon-left hover-effect-1\" href=\"\/schutzanhaenger-iwell-guard-kaufen\/?utm_source=iwell-guard.com&amp;utm_medium=info-box&amp;utm_campaign=schutzsymbole\"><div class=\"jet-button__plane jet-button__plane-normal\"><\/div><div class=\"jet-button__plane jet-button__plane-hover\"><\/div><div class=\"jet-button__state jet-button__state-normal\"><span class=\"jet-button__label\">M\u00e9s informaci\u00f3 sobre l'iWell Guard<\/span><\/div><div class=\"jet-button__state jet-button__state-hover\"><span class=\"jet-button__label\">M\u00e9s informaci\u00f3 sobre l'iWell Guard<\/span><\/div><\/a><\/div><\/div><style>.elementor-element.elementor-element-iwgs-hufeisen-ccb .jet-button__instance{width:320px;height:56px;}.elementor-element.elementor-element-iwgs-hufeisen-ccb .jet-button__state-normal .jet-button__label{text-align:center;margin:0px 0px 0px 0px;color:#1a1b20;font-family:Montserrat,sans-serif;font-size:13px;font-weight:400;letter-spacing:4px;line-height:1.714em;text-transform:uppercase;}.elementor-element.elementor-element-iwgs-hufeisen-ccb .jet-button__state-hover .jet-button__label{text-align:center;margin:0px 0px 0px 0px;color:#FECC76;font-family:Montserrat,sans-serif;font-size:13px;font-weight:400;letter-spacing:4px;line-height:1.714em;text-transform:uppercase;}.elementor-element.elementor-element-iwgs-hufeisen-ccb .jet-button__plane-normal{background-color:#FECC76;border-style:solid;border-color:#C99540;border-width:2px 2px 2px 2px;}.elementor-element.elementor-element-iwgs-hufeisen-ccb .jet-button__plane-hover{background-color:rgba(0,0,0,0.55);border-style:solid;border-color:#FECC76;border-width:2px 2px 2px 2px;}<\/style>\t\t\t\t<\/div>\n\t\t\t\t<\/div>\n\t\t\t\t<div class=\"elementor-element elementor-element-iwgs-hufeisen-ccd elementor-widget elementor-widget-text-editor\" data-id=\"iwgs-hufeisen-ccd\" data-element_type=\"widget\" data-e-type=\"widget\" data-widget_type=\"text-editor.default\">\n\t\t\t\t\t\t\t\t\t<p style=\"text-align:center;font-size:13px;opacity:0.7;margin-top:14px\" data-nosnippet=\"true\">Les experi\u00e8ncies personals poden variar. No \u00e9s un producte sanitari. No es garanteix cap curaci\u00f3.<\/p>\t\t\t\t\t\t\t\t<\/div>\n\t\t\t\t\t<\/div>\n\t\t\t\t<\/div>\n\t\t\t\t\t<\/div>\n\t\t\t\t<\/div>\n\t\t<div class=\"elementor-element elementor-element-iwgs-hufeisen-disc e-flex e-con-boxed e-con e-parent\" data-id=\"iwgs-hufeisen-disc\" data-element_type=\"container\" data-e-type=\"container\">\n\t\t\t\t\t<div class=\"e-con-inner\">\n\t\t<div class=\"elementor-element elementor-element-iw-hufeisen-disc-bw e-con-full e-flex e-con e-child\" data-id=\"iw-hufeisen-disc-bw\" data-element_type=\"container\" data-e-type=\"container\">\n\t\t\t\t<div class=\"elementor-element elementor-element-iwgs-hufeisen-discw elementor-widget elementor-widget-html\" data-id=\"iwgs-hufeisen-discw\" data-element_type=\"widget\" data-e-type=\"widget\" data-widget_type=\"html.default\">\n\t\t\t\t\t<footer data-nosnippet=\"true\" class=\"iwg-disclaimer-block\"><p data-nosnippet=\"true\">iWell Guard <strong>no \u00e9s un producte sanitari<\/strong> i no substitueix cap tractament m\u00e8dic o psicoterap\u00e8utic. Els continguts presentats aqu\u00ed s\u00f3n una contextualitzaci\u00f3 des de la ci\u00e8ncia de les religions i la hist\u00f2ria cultural, no una promesa d'efecte espiritual.<\/p><\/footer>\t\t\t\t<\/div>\n\t\t\t\t<\/div>\n\t\t\t\t\t<\/div>\n\t\t\t\t<\/div>\n\t\t\t\t<\/div>\n\t\t","protected":false},"excerpt":{"rendered":"","protected":false},"author":3,"featured_media":3448,"parent":0,"menu_order":0,"comment_status":"closed","ping_status":"closed","template":"elementor_header_footer","meta":{"_yoast_wpseo_focuskw":"Ferradura","_yoast_wpseo_title":"La ferradura com a s\u00edmbol de protecci\u00f3 i sort","_yoast_wpseo_metadesc":"La ferradura \u00e9s considerada un s\u00edmbol de protecci\u00f3 i sort. Es t'explica de manera clara el ferro, la forma, la llegenda de Dunstan i l'orientaci\u00f3 correcta.","_yoast_wpseo_meta-robots-noindex":"","_yoast_wpseo_canonical":"","_angie_page":false,"gefaehrdungsstufe":"","wesen_kultur":"","wesen_klasse":"","footnotes":""},"categories":[],"class_list":["post-171884","page","type-page","status-publish","has-post-thumbnail","hentry"],"yoast_head":"<!-- This site is optimized with the Yoast SEO Premium plugin v27.7 (Yoast SEO v28.3) - https:\/\/yoast.com\/product\/yoast-seo-premium-wordpress\/ -->\n<title>La ferradura com a s\u00edmbol de protecci\u00f3 i sort<\/title>\n<meta name=\"description\" content=\"La ferradura \u00e9s considerada un s\u00edmbol de protecci\u00f3 i sort. Es t&#039;explica de manera clara el ferro, la forma, la llegenda de Dunstan i l&#039;orientaci\u00f3 correcta.\" \/>\n<meta name=\"robots\" content=\"index, follow, max-snippet:-1, max-image-preview:large, max-video-preview:-1\" \/>\n<link rel=\"canonical\" href=\"https:\/\/iwell-guard.com\/ca\/ferradura-simbol-sort-proteccio-porta\/\" \/>\n<meta property=\"og:locale\" content=\"ca_ES\" \/>\n<meta property=\"og:type\" content=\"article\" \/>\n<meta property=\"og:title\" content=\"Ferradura \u2013 el s\u00edmbol de sort i protecci\u00f3 sobre la porta\" \/>\n<meta property=\"og:description\" content=\"La ferradura \u00e9s considerada un s\u00edmbol de protecci\u00f3 i sort. Es t&#039;explica de manera clara el ferro, la forma, la llegenda de Dunstan i l&#039;orientaci\u00f3 correcta.\" \/>\n<meta property=\"og:url\" content=\"https:\/\/iwell-guard.com\/ca\/ferradura-simbol-sort-proteccio-porta\/\" \/>\n<meta property=\"og:site_name\" content=\"iWell Guard\" \/>\n<meta property=\"article:modified_time\" content=\"2026-09-05T16:09:43+00:00\" \/>\n<meta property=\"og:image\" content=\"https:\/\/iwell-guard.com\/wp-content\/uploads\/2026\/05\/schutzsymbol_volksmagie_hufeisen.webp\" \/>\n\t<meta property=\"og:image:width\" content=\"1024\" \/>\n\t<meta property=\"og:image:height\" content=\"1536\" \/>\n\t<meta property=\"og:image:type\" content=\"image\/webp\" \/>\n<meta name=\"twitter:card\" content=\"summary_large_image\" \/>\n<script type=\"application\/ld+json\" class=\"yoast-schema-graph\">{\"@context\":\"https:\\\/\\\/schema.org\",\"@graph\":[{\"@type\":\"WebPage\",\"@id\":\"https:\\\/\\\/iwell-guard.com\\\/ca\\\/ferradura-simbol-sort-proteccio-porta\\\/\",\"url\":\"https:\\\/\\\/iwell-guard.com\\\/ca\\\/ferradura-simbol-sort-proteccio-porta\\\/\",\"name\":\"La ferradura com a s\u00edmbol de protecci\u00f3 i sort\",\"isPartOf\":{\"@id\":\"https:\\\/\\\/iwell-guard.com\\\/ca\\\/#website\"},\"primaryImageOfPage\":{\"@id\":\"https:\\\/\\\/iwell-guard.com\\\/ca\\\/ferradura-simbol-sort-proteccio-porta\\\/#primaryimage\"},\"image\":{\"@id\":\"https:\\\/\\\/iwell-guard.com\\\/ca\\\/ferradura-simbol-sort-proteccio-porta\\\/#primaryimage\"},\"thumbnailUrl\":\"https:\\\/\\\/iwell-guard.com\\\/wp-content\\\/uploads\\\/2026\\\/05\\\/schutzsymbol_volksmagie_hufeisen.webp\",\"datePublished\":\"2026-09-05T15:43:16+00:00\",\"dateModified\":\"2026-09-05T16:09:43+00:00\",\"description\":\"La ferradura \u00e9s considerada un s\u00edmbol de protecci\u00f3 i sort. Es t'explica de manera clara el ferro, la forma, la llegenda de Dunstan i l'orientaci\u00f3 correcta.\",\"breadcrumb\":{\"@id\":\"https:\\\/\\\/iwell-guard.com\\\/ca\\\/ferradura-simbol-sort-proteccio-porta\\\/#breadcrumb\"},\"inLanguage\":\"ca\",\"potentialAction\":[{\"@type\":\"ReadAction\",\"target\":[\"https:\\\/\\\/iwell-guard.com\\\/ca\\\/ferradura-simbol-sort-proteccio-porta\\\/\"]}]},{\"@type\":\"ImageObject\",\"inLanguage\":\"ca\",\"@id\":\"https:\\\/\\\/iwell-guard.com\\\/ca\\\/ferradura-simbol-sort-proteccio-porta\\\/#primaryimage\",\"url\":\"https:\\\/\\\/iwell-guard.com\\\/wp-content\\\/uploads\\\/2026\\\/05\\\/schutzsymbol_volksmagie_hufeisen.webp\",\"contentUrl\":\"https:\\\/\\\/iwell-guard.com\\\/wp-content\\\/uploads\\\/2026\\\/05\\\/schutzsymbol_volksmagie_hufeisen.webp\",\"width\":1024,\"height\":1536,\"caption\":\"S\u00edmbol de protecci\u00f3. Il\u00b7lustraci\u00f3 muse\u00edstica de bodeg\u00f3.\"},{\"@type\":\"BreadcrumbList\",\"@id\":\"https:\\\/\\\/iwell-guard.com\\\/ca\\\/ferradura-simbol-sort-proteccio-porta\\\/#breadcrumb\",\"itemListElement\":[{\"@type\":\"ListItem\",\"position\":1,\"name\":\"Start\",\"item\":\"https:\\\/\\\/iwell-guard.com\\\/ca\\\/?page_id=171333\"},{\"@type\":\"ListItem\",\"position\":2,\"name\":\"Ferradura \u2013 el s\u00edmbol de sort i protecci\u00f3 sobre la porta\"}]},{\"@type\":\"WebSite\",\"@id\":\"https:\\\/\\\/iwell-guard.com\\\/ca\\\/#website\",\"url\":\"https:\\\/\\\/iwell-guard.com\\\/ca\\\/\",\"name\":\"iWell Guard\",\"description\":\"Schutz vor dunklen Einfl\u00fcssen\",\"publisher\":{\"@id\":\"https:\\\/\\\/iwell-guard.com\\\/ca\\\/#organization\"},\"potentialAction\":[{\"@type\":\"SearchAction\",\"target\":{\"@type\":\"EntryPoint\",\"urlTemplate\":\"https:\\\/\\\/iwell-guard.com\\\/ca\\\/?s={search_term_string}\"},\"query-input\":{\"@type\":\"PropertyValueSpecification\",\"valueRequired\":true,\"valueName\":\"search_term_string\"}}],\"inLanguage\":\"ca\"},{\"@type\":\"Organization\",\"@id\":\"https:\\\/\\\/iwell-guard.com\\\/ca\\\/#organization\",\"name\":\"Ittermann electronic GmbH\",\"url\":\"https:\\\/\\\/iwell-guard.com\\\/ca\\\/\",\"logo\":{\"@type\":\"ImageObject\",\"inLanguage\":\"ca\",\"@id\":\"https:\\\/\\\/iwell-guard.com\\\/ca\\\/#\\\/schema\\\/logo\\\/image\\\/\",\"url\":\"https:\\\/\\\/iwell-guard.com\\\/wp-content\\\/uploads\\\/2026\\\/05\\\/Ittermann-Logo-1182x237-1.png\",\"contentUrl\":\"https:\\\/\\\/iwell-guard.com\\\/wp-content\\\/uploads\\\/2026\\\/05\\\/Ittermann-Logo-1182x237-1.png\",\"width\":1182,\"height\":237,\"caption\":\"Ittermann electronic GmbH\"},\"image\":{\"@id\":\"https:\\\/\\\/iwell-guard.com\\\/ca\\\/#\\\/schema\\\/logo\\\/image\\\/\"},\"sameAs\":[\"https:\\\/\\\/pantip.com\\\/profile\\\/9367242\",\"https:\\\/\\\/micro.blog\\\/iwellguard\",\"https:\\\/\\\/www.diggerslist.com\\\/iwellguard\\\/about\",\"https:\\\/\\\/skitterphoto.com\\\/photographers\\\/2870314\\\/iwell-guard\",\"https:\\\/\\\/iwellguard.wordpress.com\\\/2026\\\/06\\\/06\\\/iwell-guard\\\/\",\"https:\\\/\\\/hub.docker.com\\\/u\\\/iwellguard\",\"https:\\\/\\\/www.pinterest.com\\\/iwellguard\\\/\",\"https:\\\/\\\/bit.ly\\\/m\\\/iwellguard\",\"https:\\\/\\\/entre-vos-mains.alsace.eu\\\/profiles\\\/iwellguard\\\/activity\",\"https:\\\/\\\/gravatar.com\\\/reallybeded8fd34\",\"https:\\\/\\\/naijamatta.com\\\/iwellguard\",\"https:\\\/\\\/www.goodreads.com\\\/iwellguard\",\"https:\\\/\\\/profile.hatena.ne.jp\\\/iwellguard\\\/\",\"https:\\\/\\\/experiment.com\\\/users\\\/iwellguard\",\"https:\\\/\\\/wakelet.com\\\/@iWellGuard82270\",\"https:\\\/\\\/www.chordie.com\\\/forum\\\/profile.php?id=2555664\",\"https:\\\/\\\/www.instapaper.com\\\/p\\\/17757966\",\"https:\\\/\\\/www.mapleprimes.com\\\/users\\\/iwellguard\",\"https:\\\/\\\/businesslistingplus.com\\\/profile\\\/iwell-guard\\\/\",\"https:\\\/\\\/telegra.ph\\\/iWell-Guard-06-06\",\"https:\\\/\\\/pbase.com\\\/iwellguard\\\/iwellguard\",\"https:\\\/\\\/b.hatena.ne.jp\\\/iwellguard\\\/20260607#bookmark-4788405196491818882\",\"https:\\\/\\\/fliphtml5.com\\\/home\\\/iwellguard\",\"https:\\\/\\\/anyflip.com\\\/homepage\\\/cmiwl#About\",\"https:\\\/\\\/transfur.com\\\/Users\\\/iwellguard\",\"http:\\\/\\\/delphi.larsbo.org\\\/user\\\/iwellguard\",\"https:\\\/\\\/jobs.lajobsportal.org\\\/profiles\\\/8380803-iwell-guard\",\"https:\\\/\\\/md.chaosdorf.de\\\/s\\\/jfbe5SBdJD\",\"https:\\\/\\\/www.lingvolive.com\\\/en-us\\\/profile\\\/9ecaeaca-ce11-4e51-9e71-01d55e2bff36\\\/translations\",\"https:\\\/\\\/www.fitday.com\\\/fitness\\\/forums\\\/members\\\/iwellguard.html\",\"https:\\\/\\\/www.mymeetbook.com\\\/iwellguard\",\"https:\\\/\\\/pxhere.com\\\/en\\\/photographer-me\\\/5040798\",\"https:\\\/\\\/disqus.com\\\/by\\\/iwellguard\\\/about\\\/\",\"https:\\\/\\\/pastelink.net\\\/hjwciqwq\",\"https:\\\/\\\/pubhtml5.com\\\/homepage\\\/scjhn\\\/\",\"https:\\\/\\\/www.bitchute.com\\\/channel\\\/2O2eOKzNqujT\",\"https:\\\/\\\/audiomack.com\\\/iwellguard\"]}]}<\/script>\n<!-- \/ Yoast SEO Premium plugin. -->","yoast_head_json":{"title":"La ferradura com a s\u00edmbol de protecci\u00f3 i sort","description":"La ferradura \u00e9s considerada un s\u00edmbol de protecci\u00f3 i sort. Es t'explica de manera clara el ferro, la forma, la llegenda de Dunstan i l'orientaci\u00f3 correcta.","robots":{"index":"index","follow":"follow","max-snippet":"max-snippet:-1","max-image-preview":"max-image-preview:large","max-video-preview":"max-video-preview:-1"},"canonical":"https:\/\/iwell-guard.com\/ca\/ferradura-simbol-sort-proteccio-porta\/","og_locale":"ca_ES","og_type":"article","og_title":"Ferradura \u2013 el s\u00edmbol de sort i protecci\u00f3 sobre la porta","og_description":"La ferradura \u00e9s considerada un s\u00edmbol de protecci\u00f3 i sort. Es t'explica de manera clara el ferro, la forma, la llegenda de Dunstan i l'orientaci\u00f3 correcta.","og_url":"https:\/\/iwell-guard.com\/ca\/ferradura-simbol-sort-proteccio-porta\/","og_site_name":"iWell Guard","article_modified_time":"2026-09-05T16:09:43+00:00","og_image":[{"width":1024,"height":1536,"url":"https:\/\/iwell-guard.com\/wp-content\/uploads\/2026\/05\/schutzsymbol_volksmagie_hufeisen.webp","type":"image\/webp"}],"twitter_card":"summary_large_image","schema":{"@context":"https:\/\/schema.org","@graph":[{"@type":"WebPage","@id":"https:\/\/iwell-guard.com\/ca\/ferradura-simbol-sort-proteccio-porta\/","url":"https:\/\/iwell-guard.com\/ca\/ferradura-simbol-sort-proteccio-porta\/","name":"La ferradura com a s\u00edmbol de protecci\u00f3 i sort","isPartOf":{"@id":"https:\/\/iwell-guard.com\/ca\/#website"},"primaryImageOfPage":{"@id":"https:\/\/iwell-guard.com\/ca\/ferradura-simbol-sort-proteccio-porta\/#primaryimage"},"image":{"@id":"https:\/\/iwell-guard.com\/ca\/ferradura-simbol-sort-proteccio-porta\/#primaryimage"},"thumbnailUrl":"https:\/\/iwell-guard.com\/wp-content\/uploads\/2026\/05\/schutzsymbol_volksmagie_hufeisen.webp","datePublished":"2026-09-05T15:43:16+00:00","dateModified":"2026-09-05T16:09:43+00:00","description":"La ferradura \u00e9s considerada un s\u00edmbol de protecci\u00f3 i sort. Es t'explica de manera clara el ferro, la forma, la llegenda de Dunstan i l'orientaci\u00f3 correcta.","breadcrumb":{"@id":"https:\/\/iwell-guard.com\/ca\/ferradura-simbol-sort-proteccio-porta\/#breadcrumb"},"inLanguage":"ca","potentialAction":[{"@type":"ReadAction","target":["https:\/\/iwell-guard.com\/ca\/ferradura-simbol-sort-proteccio-porta\/"]}]},{"@type":"ImageObject","inLanguage":"ca","@id":"https:\/\/iwell-guard.com\/ca\/ferradura-simbol-sort-proteccio-porta\/#primaryimage","url":"https:\/\/iwell-guard.com\/wp-content\/uploads\/2026\/05\/schutzsymbol_volksmagie_hufeisen.webp","contentUrl":"https:\/\/iwell-guard.com\/wp-content\/uploads\/2026\/05\/schutzsymbol_volksmagie_hufeisen.webp","width":1024,"height":1536,"caption":"S\u00edmbol de protecci\u00f3. Il\u00b7lustraci\u00f3 muse\u00edstica de bodeg\u00f3."},{"@type":"BreadcrumbList","@id":"https:\/\/iwell-guard.com\/ca\/ferradura-simbol-sort-proteccio-porta\/#breadcrumb","itemListElement":[{"@type":"ListItem","position":1,"name":"Start","item":"https:\/\/iwell-guard.com\/ca\/?page_id=171333"},{"@type":"ListItem","position":2,"name":"Ferradura \u2013 el s\u00edmbol de sort i protecci\u00f3 sobre la porta"}]},{"@type":"WebSite","@id":"https:\/\/iwell-guard.com\/ca\/#website","url":"https:\/\/iwell-guard.com\/ca\/","name":"iWell Guard","description":"Schutz vor dunklen Einfl\u00fcssen","publisher":{"@id":"https:\/\/iwell-guard.com\/ca\/#organization"},"potentialAction":[{"@type":"SearchAction","target":{"@type":"EntryPoint","urlTemplate":"https:\/\/iwell-guard.com\/ca\/?s={search_term_string}"},"query-input":{"@type":"PropertyValueSpecification","valueRequired":true,"valueName":"search_term_string"}}],"inLanguage":"ca"},{"@type":"Organization","@id":"https:\/\/iwell-guard.com\/ca\/#organization","name":"Ittermann electronic GmbH","url":"https:\/\/iwell-guard.com\/ca\/","logo":{"@type":"ImageObject","inLanguage":"ca","@id":"https:\/\/iwell-guard.com\/ca\/#\/schema\/logo\/image\/","url":"https:\/\/iwell-guard.com\/wp-content\/uploads\/2026\/05\/Ittermann-Logo-1182x237-1.png","contentUrl":"https:\/\/iwell-guard.com\/wp-content\/uploads\/2026\/05\/Ittermann-Logo-1182x237-1.png","width":1182,"height":237,"caption":"Ittermann electronic GmbH"},"image":{"@id":"https:\/\/iwell-guard.com\/ca\/#\/schema\/logo\/image\/"},"sameAs":["https:\/\/pantip.com\/profile\/9367242","https:\/\/micro.blog\/iwellguard","https:\/\/www.diggerslist.com\/iwellguard\/about","https:\/\/skitterphoto.com\/photographers\/2870314\/iwell-guard","https:\/\/iwellguard.wordpress.com\/2026\/06\/06\/iwell-guard\/","https:\/\/hub.docker.com\/u\/iwellguard","https:\/\/www.pinterest.com\/iwellguard\/","https:\/\/bit.ly\/m\/iwellguard","https:\/\/entre-vos-mains.alsace.eu\/profiles\/iwellguard\/activity","https:\/\/gravatar.com\/reallybeded8fd34","https:\/\/naijamatta.com\/iwellguard","https:\/\/www.goodreads.com\/iwellguard","https:\/\/profile.hatena.ne.jp\/iwellguard\/","https:\/\/experiment.com\/users\/iwellguard","https:\/\/wakelet.com\/@iWellGuard82270","https:\/\/www.chordie.com\/forum\/profile.php?id=2555664","https:\/\/www.instapaper.com\/p\/17757966","https:\/\/www.mapleprimes.com\/users\/iwellguard","https:\/\/businesslistingplus.com\/profile\/iwell-guard\/","https:\/\/telegra.ph\/iWell-Guard-06-06","https:\/\/pbase.com\/iwellguard\/iwellguard","https:\/\/b.hatena.ne.jp\/iwellguard\/20260607#bookmark-4788405196491818882","https:\/\/fliphtml5.com\/home\/iwellguard","https:\/\/anyflip.com\/homepage\/cmiwl#About","https:\/\/transfur.com\/Users\/iwellguard","http:\/\/delphi.larsbo.org\/user\/iwellguard","https:\/\/jobs.lajobsportal.org\/profiles\/8380803-iwell-guard","https:\/\/md.chaosdorf.de\/s\/jfbe5SBdJD","https:\/\/www.lingvolive.com\/en-us\/profile\/9ecaeaca-ce11-4e51-9e71-01d55e2bff36\/translations","https:\/\/www.fitday.com\/fitness\/forums\/members\/iwellguard.html","https:\/\/www.mymeetbook.com\/iwellguard","https:\/\/pxhere.com\/en\/photographer-me\/5040798","https:\/\/disqus.com\/by\/iwellguard\/about\/","https:\/\/pastelink.net\/hjwciqwq","https:\/\/pubhtml5.com\/homepage\/scjhn\/","https:\/\/www.bitchute.com\/channel\/2O2eOKzNqujT","https:\/\/audiomack.com\/iwellguard"]}]}},"_links":{"self":[{"href":"https:\/\/iwell-guard.com\/ca\/wp-json\/wp\/v2\/pages\/171884","targetHints":{"allow":["GET"]}}],"collection":[{"href":"https:\/\/iwell-guard.com\/ca\/wp-json\/wp\/v2\/pages"}],"about":[{"href":"https:\/\/iwell-guard.com\/ca\/wp-json\/wp\/v2\/types\/page"}],"author":[{"embeddable":true,"href":"https:\/\/iwell-guard.com\/ca\/wp-json\/wp\/v2\/users\/3"}],"replies":[{"embeddable":true,"href":"https:\/\/iwell-guard.com\/ca\/wp-json\/wp\/v2\/comments?post=171884"}],"version-history":[{"count":0,"href":"https:\/\/iwell-guard.com\/ca\/wp-json\/wp\/v2\/pages\/171884\/revisions"}],"wp:featuredmedia":[{"embeddable":true,"href":"https:\/\/iwell-guard.com\/ca\/wp-json\/wp\/v2\/media\/3448"}],"wp:attachment":[{"href":"https:\/\/iwell-guard.com\/ca\/wp-json\/wp\/v2\/media?parent=171884"}],"wp:term":[{"taxonomy":"category","embeddable":true,"href":"https:\/\/iwell-guard.com\/ca\/wp-json\/wp\/v2\/categories?post=171884"}],"curies":[{"name":"wp","href":"https:\/\/api.w.org\/{rel}","templated":true}]}}