{"id":171882,"date":"2026-09-05T15:43:15","date_gmt":"2026-09-05T15:43:15","guid":{"rendered":"https:\/\/iwell-guard.com\/?page_id=171882"},"modified":"2026-09-05T16:09:39","modified_gmt":"2026-09-05T16:09:39","slug":"om-el-signe-sagrat-com-a-proteccio-i-benediccio","status":"publish","type":"page","link":"https:\/\/iwell-guard.com\/ca\/om-el-signe-sagrat-com-a-proteccio-i-benediccio\/","title":{"rendered":"Om \u2013 el signe sagrat com a protecci\u00f3 i benedicci\u00f3"},"content":{"rendered":"\t\t<div data-elementor-type=\"wp-page\" data-elementor-id=\"171882\" class=\"elementor elementor-171882 elementor-3595 elementor-bc-flex-widget\" data-elementor-post-type=\"page\">\n\t\t\t\t<div class=\"elementor-element elementor-element-iwgs-omsymbol-hero e-flex e-con-boxed e-con e-parent\" data-id=\"iwgs-omsymbol-hero\" data-element_type=\"container\" data-e-type=\"container\">\n\t\t\t\t\t<div class=\"e-con-inner\">\n\t\t<div class=\"elementor-element elementor-element-iwgs-omsymbol-hl e-flex e-con-boxed e-con e-parent\" data-id=\"iwgs-omsymbol-hl\" data-element_type=\"container\" data-e-type=\"container\">\n\t\t\t\t\t<div class=\"e-con-inner\">\n\t\t<div class=\"elementor-element elementor-element-iwgs-omsymbol-hlbox e-con-full e-flex e-con e-parent\" data-id=\"iwgs-omsymbol-hlbox\" data-element_type=\"container\" data-e-type=\"container\">\n\t\t\t\t<div class=\"elementor-element elementor-element-iwgs-omsymbol-h1 elementor-widget elementor-widget-heading\" data-id=\"iwgs-omsymbol-h1\" data-element_type=\"widget\" data-e-type=\"widget\" data-widget_type=\"heading.default\">\n\t\t\t\t\t<h1 class=\"elementor-heading-title elementor-size-default\">El s\u00edmbol Om \u2013 la s\u00edl\u00b7laba sagrada com a signe de protecci\u00f3 i benedicci\u00f3<\/h1>\t\t\t\t<\/div>\n\t\t\t\t<div class=\"elementor-element elementor-element-iwgs-omsymbol-lead elementor-widget elementor-widget-text-editor\" data-id=\"iwgs-omsymbol-lead\" data-element_type=\"widget\" data-e-type=\"widget\" data-widget_type=\"text-editor.default\">\n\t\t\t\t\t\t\t\t\t<p>L&#8217;Om, tamb\u00e9 escrit Aum, \u00e9s la s\u00edl\u00b7laba primordial sagrada de l&#8217;hinduisme. Com a so pronunciat i com a signe escrit, encap\u00e7ala el <span class=\"iwg-fachbegriff\" data-tooltip=\"L'adre\u00e7ament verbal de l'\u00e9sser hum\u00e0 a una divinitat.\" tabindex=\"0\">preg\u00e0ria<\/span> i l&#8217;escriptura, i alhora es considera un signe de benedicci\u00f3 i protecci\u00f3 que acompanya cases, persones i camins.<\/p>\t\t\t\t\t\t\t\t<\/div>\n\t\t\t\t<\/div>\n\t\t\t\t<div class=\"elementor-element elementor-element-iwgs-omsymbol-pills elementor-widget elementor-widget-html\" data-id=\"iwgs-omsymbol-pills\" data-element_type=\"widget\" data-e-type=\"widget\" data-widget_type=\"html.default\">\n\t\t\t\t\t<div class=\"iwg-pill-row\"><span class=\"iwg-klasse-badge\" tabindex=\"0\" data-tooltip=\"S\u00edmbol de protecci\u00f3, amulet o objecte apotropaic.\">S\u00edmbol de protecci\u00f3<\/span><a href=\"https:\/\/iwell-guard.com\/ca\/hinduisme\/\" class=\"iwg-kultur-badge\" tabindex=\"0\" data-tooltip=\"Tradici\u00f3 de protecci\u00f3: hinduisme\">Hinduisme<\/a><span class=\"iwg-tradition-badge\" tabindex=\"0\" data-tooltip=\"Un signe que expressa o transmet benedicci\u00f3.\">Signe de benedicci\u00f3<\/span><\/div>\t\t\t\t<\/div>\n\t\t\t\t\t<\/div>\n\t\t\t\t<\/div>\n\t\t<div class=\"elementor-element elementor-element-iwgs-omsymbol-hr e-con-full e-flex e-con e-parent\" data-id=\"iwgs-omsymbol-hr\" data-element_type=\"container\" data-e-type=\"container\">\n\t\t\t\t<div class=\"elementor-element elementor-element-iwgs-omsymbol-himg iwg-hero-image elementor-widget elementor-widget-image\" data-id=\"iwgs-omsymbol-himg\" data-element_type=\"widget\" data-e-type=\"widget\" data-widget_type=\"image.default\">\n\t\t\t\t\t\t\t\t\t\t\t\t\t\t\t<img fetchpriority=\"high\" decoding=\"async\" width=\"683\" height=\"1024\" src=\"https:\/\/iwell-guard.com\/wp-content\/uploads\/2026\/05\/schutzsymbol_hinduismus_om-683x1024.webp\" class=\"attachment-large size-large wp-image-3440\" alt=\"Om-Symbol als goldfarbener Messing-Anh\u00e4nger mit Ringelblumenbl\u00fcten auf dunklem Stein\" srcset=\"https:\/\/iwell-guard.com\/wp-content\/uploads\/2026\/05\/schutzsymbol_hinduismus_om-683x1024.webp 683w, https:\/\/iwell-guard.com\/wp-content\/uploads\/2026\/05\/schutzsymbol_hinduismus_om-200x300.webp 200w, https:\/\/iwell-guard.com\/wp-content\/uploads\/2026\/05\/schutzsymbol_hinduismus_om-768x1152.webp 768w, https:\/\/iwell-guard.com\/wp-content\/uploads\/2026\/05\/schutzsymbol_hinduismus_om.webp 1024w\" sizes=\"(max-width: 683px) 100vw, 683px\" \/>\t\t\t\t\t\t\t\t\t\t\t\t\t\t\t<\/div>\n\t\t\t\t<\/div>\n\t\t\t\t\t<\/div>\n\t\t\t\t<\/div>\n\t\t<div class=\"elementor-element elementor-element-iwgs-omsymbol-s0 e-flex e-con-boxed e-con e-parent\" data-id=\"iwgs-omsymbol-s0\" data-element_type=\"container\" data-e-type=\"container\">\n\t\t\t\t\t<div class=\"e-con-inner\">\n\t\t\t\t<div class=\"elementor-element elementor-element-iwgs-omsymbol-s0h elementor-widget elementor-widget-heading\" data-id=\"iwgs-omsymbol-s0h\" data-element_type=\"widget\" data-e-type=\"widget\" data-widget_type=\"heading.default\">\n\t\t\t\t\t<h2 class=\"elementor-heading-title elementor-size-default\">Introducci\u00f3<\/h2>\t\t\t\t<\/div>\n\t\t<div class=\"elementor-element elementor-element-iwgs-omsymbol-s0box e-con-full e-flex e-con e-parent\" data-id=\"iwgs-omsymbol-s0box\" data-element_type=\"container\" data-e-type=\"container\">\n\t\t\t\t<div class=\"elementor-element elementor-element-iwgs-omsymbol-s0t elementor-widget elementor-widget-text-editor\" data-id=\"iwgs-omsymbol-s0t\" data-element_type=\"widget\" data-e-type=\"widget\" data-widget_type=\"text-editor.default\">\n\t\t\t\t\t\t\t\t\t<p>L&#8217;Om \u00e9s la s\u00edl\u00b7laba sagrada m\u00e9s important de l&#8217;<a href=\"https:\/\/iwell-guard.com\/ca\/hinduisme\/\">hinduisme<\/a>. Es pronuncia, es canta i s&#8217;escriu, i en cadascuna d&#8217;aquestes formes es considera <span class=\"iwg-fachbegriff\" data-tooltip=\"Pertanyent al div\u00ed i, per tant, apartat de l'\u00fas quotidi\u00e0.\" tabindex=\"0\">sagrada<\/span>. Com a signe escrit, generalment en escriptura devanagari, l&#8217;Om \u00e9s un dels s\u00edmbols m\u00e9s coneguts de les religions \u00edndies.<\/p><p>A difer\u00e8ncia d&#8217;un <span class=\"iwg-fachbegriff\" data-tooltip=\"Un objecte que es porta al cos i al qual s'atribueix un efecte protector i que allunya el mal.\" tabindex=\"0\">amulet<\/span>, que ha de protegir d&#8217;un perill concret, l&#8217;Om \u00e9s sobretot un signe de benedicci\u00f3 i d&#8217;ordre sagrat. Es col\u00b7loca all\u00e0 on alguna cosa ha de ser santificada, bene\u00efda i posada sota un bon auguri. La idea de protecci\u00f3 hi \u00e9s inclosa, per\u00f2 s&#8217;insereix en un context m\u00e9s ampli.<\/p><p>Des del punt de vista de la ci\u00e8ncia de les religions, l&#8217;Om pertany als signes que no allunyen sin\u00f3 que <span class=\"iwg-fachbegriff\" data-tooltip=\"Lliurar un objecte, lloc o persona al sagrat mitjan\u00e7ant un acte religi\u00f3s.\" tabindex=\"0\">consagren<\/span>. Marca un inici com a <span class=\"iwg-fachbegriff\" data-tooltip=\"Pertanyent al div\u00ed i, per tant, apartat de l'\u00fas quotidi\u00e0.\" tabindex=\"0\">sagrat<\/span> i posa un lloc o una acci\u00f3 sota la <span class=\"iwg-fachbegriff\" data-tooltip=\"L'atorgament de salut i protecci\u00f3, sovint en una forma verbal fixa.\" tabindex=\"0\">benedicci\u00f3<\/span>. Amb aix\u00f2 es distingeix dels objectes de protecci\u00f3 apotropaics, la funci\u00f3 dels quals \u00e9s allunyar el mal.<\/p><p>Per a molts, l&#8217;Om \u00e9s considerat el signe m\u00e9s sagrat de tot l&#8217;hinduisme. Tradicionalment es col\u00b7loca a l&#8217;inici de manuscrits, cartes i documents per posar l&#8217;escrit sota un bon auguri.<\/p><p>Tamb\u00e9 l&#8217;ensenyament i l&#8217;estudi dels textos sagrats comencen amb l&#8217;Om. En aquest costum d&#8217;obrir cada inici significatiu amb el signe, es manifesta molt clarament la seva posici\u00f3 especial.<\/p>\t\t\t\t\t\t\t\t<\/div>\n\t\t\t\t<\/div>\n\t\t\t\t\t<\/div>\n\t\t\t\t<\/div>\n\t\t<div class=\"elementor-element elementor-element-iwgs-omsymbol-s1 e-flex e-con-boxed e-con e-parent\" data-id=\"iwgs-omsymbol-s1\" data-element_type=\"container\" data-e-type=\"container\">\n\t\t\t\t\t<div class=\"e-con-inner\">\n\t\t\t\t<div class=\"elementor-element elementor-element-iwgs-omsymbol-s1h elementor-widget elementor-widget-heading\" data-id=\"iwgs-omsymbol-s1h\" data-element_type=\"widget\" data-e-type=\"widget\" data-widget_type=\"heading.default\">\n\t\t\t\t\t<h2 class=\"elementor-heading-title elementor-size-default\">L'Om com a s\u00edl\u00b7laba primordial i so originari<\/h2>\t\t\t\t<\/div>\n\t\t<div class=\"elementor-element elementor-element-iwgs-omsymbol-s1box e-con-full e-flex e-con e-parent\" data-id=\"iwgs-omsymbol-s1box\" data-element_type=\"container\" data-e-type=\"container\">\n\t\t\t\t<div class=\"elementor-element elementor-element-iwgs-omsymbol-s1t elementor-widget elementor-widget-text-editor\" data-id=\"iwgs-omsymbol-s1t\" data-element_type=\"widget\" data-e-type=\"widget\" data-widget_type=\"text-editor.default\">\n\t\t\t\t\t\t\t\t\t<p>En el pensament hinduista, l&#8217;Om \u00e9s molt m\u00e9s que una paraula. Es considera el so originari del qual ha sorgit el m\u00f3n. En aquesta concepci\u00f3, a l&#8217;inici de la creaci\u00f3 hi ha un to, i aquest to \u00e9s l&#8217;Om. La s\u00edl\u00b7laba s&#8217;uneix aix\u00ed directament amb l&#8217;origen de l&#8217;exist\u00e8ncia.<\/p><p>Els textos sagrats de l&#8217;hinduisme atorguen a l&#8217;Om un rang elevat. Ja els Vedes i especialment les Upanishads tracten la s\u00edl\u00b7laba de manera extensa. Una upanishad pr\u00f2pia es dedica \u00edntegrament a la interpretaci\u00f3 de l&#8217;Om i n&#8217;explica el significat so per so.<\/p><p>D&#8217;aquesta comprensi\u00f3 es deriva el rang especial del signe. Qui pronuncia o escriu l&#8217;Om es refereix al fonament originari del m\u00f3n mateix. La s\u00edl\u00b7laba no \u00e9s, doncs, un <span class=\"iwg-fachbegriff\" data-tooltip=\"Un signe que representa una idea o significat.\" tabindex=\"0\">s\u00edmbol<\/span> qualsevol, sin\u00f3 un signe que, segons la concepci\u00f3 hinduista, anomena la realitat m\u00e9s profunda.<\/p><p>La Mandukya Upanishad es dedica \u00edntegrament a la interpretaci\u00f3 de l&#8217;Om i el descriu com a <span class=\"iwg-fachbegriff\" data-tooltip=\"Una imatge il\u00b7lustrativa que representa un pensament abstracte.\" tabindex=\"0\">imatge simb\u00f2lica<\/span> de la realitat suprema, anomenada Brahman en el pensament hinduista. L&#8217;Om \u00e9s, doncs, Brahman en forma de so.<\/p><p>Un altre nom transm\u00e8s de la s\u00edl\u00b7laba \u00e9s Pranava. En aquesta denominaci\u00f3 ressona la idea que l&#8217;Om expressa l&#8217;al\u00e8 vital i la for\u00e7a penetrant del sagrat.<\/p>\t\t\t\t\t\t\t\t<\/div>\n\t\t\t\t<\/div>\n\t\t\t\t\t<\/div>\n\t\t\t\t<\/div>\n\t\t<div class=\"elementor-element elementor-element-iwgs-omsymbol-s2 e-flex e-con-boxed e-con e-parent\" data-id=\"iwgs-omsymbol-s2\" data-element_type=\"container\" data-e-type=\"container\">\n\t\t\t\t\t<div class=\"e-con-inner\">\n\t\t\t\t<div class=\"elementor-element elementor-element-iwgs-omsymbol-s2h elementor-widget elementor-widget-heading\" data-id=\"iwgs-omsymbol-s2h\" data-element_type=\"widget\" data-e-type=\"widget\" data-widget_type=\"heading.default\">\n\t\t\t\t\t<h2 class=\"elementor-heading-title elementor-size-default\">La forma del signe<\/h2>\t\t\t\t<\/div>\n\t\t<div class=\"elementor-element elementor-element-iwgs-omsymbol-s2box e-con-full e-flex e-con e-parent\" data-id=\"iwgs-omsymbol-s2box\" data-element_type=\"container\" data-e-type=\"container\">\n\t\t\t\t<div class=\"elementor-element elementor-element-iwgs-omsymbol-s2t elementor-widget elementor-widget-text-editor\" data-id=\"iwgs-omsymbol-s2t\" data-element_type=\"widget\" data-e-type=\"widget\" data-widget_type=\"text-editor.default\">\n\t\t\t\t\t\t\t\t\t<p>L&#8217;Om escrit t\u00e9 una forma inconfusible. En l&#8217;escriptura devanagari consisteix en diverses l\u00ednies corbades, aix\u00ed com una mitja lluna i un punt a la part superior. Aquests elements formen conjuntament un signe equilibrat i f\u00e0cilment reconeixible.<\/p><p>Les diferents parts del signe s&#8217;interpreten tradicionalment. Les corbes s&#8217;associen amb diversos estats de consci\u00e8ncia, la mitja lluna amb el m\u00f3n aparent que separa i el punt amb l&#8217;estat suprem que ho transcendeix tot. El signe \u00e9s, doncs, no nom\u00e9s una imatge escrita, sin\u00f3 una imatge d&#8217;ensenyament condensada.<\/p><p>Aquesta forma ha fet que l&#8217;Om sigui conegut m\u00e9s enll\u00e0 dels qui coneixen l&#8217;escriptura. Fins qui no sap llegir l&#8217;escriptura devanagari reconeix el signe. Precisament aquesta forma clara i f\u00e0cil de recordar va contribuir a que l&#8217;Om esdevingu\u00e9s un signe \u00e0mpliament visible.<\/p><p>La forma visual de l&#8217;Om en escriptura devanagari, avui coneguda a tot el m\u00f3n, es va imposar com a est\u00e0ndard nom\u00e9s amb el temps.<\/p><p>En les diferents escriptures de l&#8217;\u00e0mbit indi, la s\u00edl\u00b7laba s&#8217;escriu de manera diferent, de manera que no hi ha una \u00fanica forma escrita transmesa de l&#8217;Om, sin\u00f3 diverses. La forma devanagari \u00e9s la m\u00e9s estesa i configura la imatge que la majoria de persones associen amb el signe.<\/p>\t\t\t\t\t\t\t\t<\/div>\n\t\t\t\t<\/div>\n\t\t\t\t\t<\/div>\n\t\t\t\t<\/div>\n\t\t<div class=\"elementor-element elementor-element-iwgs-omsymbol-s3 e-flex e-con-boxed e-con e-parent\" data-id=\"iwgs-omsymbol-s3\" data-element_type=\"container\" data-e-type=\"container\">\n\t\t\t\t\t<div class=\"e-con-inner\">\n\t\t\t\t<div class=\"elementor-element elementor-element-iwgs-omsymbol-s3h elementor-widget elementor-widget-heading\" data-id=\"iwgs-omsymbol-s3h\" data-element_type=\"widget\" data-e-type=\"widget\" data-widget_type=\"heading.default\">\n\t\t\t\t\t<h2 class=\"elementor-heading-title elementor-size-default\">A, U i M: els tres sons<\/h2>\t\t\t\t<\/div>\n\t\t<div class=\"elementor-element elementor-element-iwgs-omsymbol-s3box e-con-full e-flex e-con e-parent\" data-id=\"iwgs-omsymbol-s3box\" data-element_type=\"container\" data-e-type=\"container\">\n\t\t\t\t<div class=\"elementor-element elementor-element-iwgs-omsymbol-s3t elementor-widget elementor-widget-text-editor\" data-id=\"iwgs-omsymbol-s3t\" data-element_type=\"widget\" data-e-type=\"widget\" data-widget_type=\"text-editor.default\">\n\t\t\t\t\t\t\t\t\t<p>L&#8217;Om es pronuncia com un so continu, per\u00f2 la <span class=\"iwg-fachbegriff\" data-tooltip=\"La transmissi\u00f3 de coneixement i relats al llarg de generacions.\" tabindex=\"0\">tradici\u00f3<\/span> el descompon en tres sons: A, U i M. Aquests tres sons s&#8217;associen amb tr\u00edades de la doctrina hinduista, com per exemple la vig\u00edlia, el somni i el son profund sense somnis.<\/p><p>Als tres sons audibles s&#8217;hi afegeix un quart element: el silenci despr\u00e9s que el so s&#8217;ha esva\u00eft. Aquest silenci es considera l&#8217;element essencial, l&#8217;indici d&#8217;un estat m\u00e9s enll\u00e0 de tota paraula i imatge. L&#8217;Om abasta aix\u00ed tant l&#8217;audible com all\u00f2 que apunta m\u00e9s enll\u00e0 de l&#8217;audible.<\/p><p>En aquesta interpretaci\u00f3 es fa evident per qu\u00e8 l&#8217;Om es considera tan omniabastador. Inclou els nivells de la realitat, des de la vig\u00edlia fins al m\u00e9s alt estat. Qui pronuncia l&#8217;Om recorre, en certa manera, tot aquest ordre a trav\u00e9s del so, i \u00e9s precisament aix\u00f2 el que fa que la s\u00edl\u00b7laba resulti tan efica\u00e7 en la concepci\u00f3 de la tradici\u00f3.<\/p><p>Els tres sons de l&#8217;Om s&#8217;associen en la tradici\u00f3 amb nombroses tr\u00edades. Molt estesa \u00e9s l&#8217;atribuci\u00f3 als tres grans d\u00e9us Brahma, Vixnu i Xiva, i per tant a la creaci\u00f3, el manteniment i la dissoluci\u00f3 del m\u00f3n.<\/p><p>De la mateixa manera, els tres sons es relacionen amb els tres Vedes. Aquesta abund\u00e0ncia d&#8217;interpretacions subratlla que l&#8217;Om es concep com un signe que abasta tot l&#8217;ordre de l&#8217;exist\u00e8ncia.<\/p>\t\t\t\t\t\t\t\t<\/div>\n\t\t\t\t<\/div>\n\t\t\t\t\t<\/div>\n\t\t\t\t<\/div>\n\t\t<div class=\"elementor-element elementor-element-iwgs-omsymbol-s4 e-flex e-con-boxed e-con e-parent\" data-id=\"iwgs-omsymbol-s4\" data-element_type=\"container\" data-e-type=\"container\">\n\t\t\t\t\t<div class=\"e-con-inner\">\n\t\t\t\t<div class=\"elementor-element elementor-element-iwgs-omsymbol-s4h elementor-widget elementor-widget-heading\" data-id=\"iwgs-omsymbol-s4h\" data-element_type=\"widget\" data-e-type=\"widget\" data-widget_type=\"heading.default\">\n\t\t\t\t\t<h2 class=\"elementor-heading-title elementor-size-default\">L'Om en el ritual i en la preg\u00e0ria<\/h2>\t\t\t\t<\/div>\n\t\t<div class=\"elementor-element elementor-element-iwgs-omsymbol-s4box e-con-full e-flex e-con e-parent\" data-id=\"iwgs-omsymbol-s4box\" data-element_type=\"container\" data-e-type=\"container\">\n\t\t\t\t<div class=\"elementor-element elementor-element-iwgs-omsymbol-s4t elementor-widget elementor-widget-text-editor\" data-id=\"iwgs-omsymbol-s4t\" data-element_type=\"widget\" data-e-type=\"widget\" data-widget_type=\"text-editor.default\">\n\t\t\t\t\t\t\t\t\t<p>En la vida religiosa de l&#8217;hinduisme, l&#8217;Om es troba al principi i al final. Les preg\u00e0ries, la recitaci\u00f3 de textos sagrats i els actes rituals s&#8217;inicien i es clouen amb l&#8217;Om. La s\u00edl\u00b7laba emmarca aix\u00ed el sagrat i el separa del quotidi\u00e0.<\/p><p>L&#8217;Om es considera tamb\u00e9 una s\u00edl\u00b7laba germinal, un anomenat bija-<span class=\"iwg-fachbegriff\" data-tooltip=\"Una s\u00edl\u00b7laba o f\u00f3rmula sagrada que es repeteix en l'hinduisme i el budisme.\" tabindex=\"0\">mantra<\/span>. Forma part de nombroses f\u00f3rmules de preg\u00e0ria i mantres m\u00e9s llargs, i, segons la concepci\u00f3 tradicional, els confereix el seu poder. En la meditaci\u00f3, l&#8217;Om es pronuncia repetidament o es fa present interiorment per recollir l&#8217;<span class=\"iwg-fachbegriff\" data-tooltip=\"Un \u00e9sser sense cos al qual s'atribueix una acci\u00f3 en el m\u00f3n.\" tabindex=\"0\">esperit<\/span>.<\/p><p>Aquest \u00fas ritual constitueix la base del seu significat protector i de benedicci\u00f3. En obrir una acci\u00f3, l&#8217;Om la posa sota un signe sagrat. Segons la concepci\u00f3 hinduista, all\u00f2 que comen\u00e7a amb l&#8217;Om queda integrat des del principi en l&#8217;ordre sagrat i, per tant, preservat.<\/p><p>En la vida ritual quotidiana, l&#8217;Om \u00e9s omnipresent. Obre la recitaci\u00f3 dels Vedes i encap\u00e7ala moltes f\u00f3rmules de preg\u00e0ria conegudes. En la pr\u00e0ctica de la preg\u00e0ria repetitiva, el japa, l&#8217;Om es pronuncia una vegada i altra amb l&#8217;ajut d&#8217;un rosari.<\/p><p>D&#8217;aquesta manera, la s\u00edl\u00b7laba s&#8217;uneix a la pr\u00e0ctica di\u00e0ria i esdev\u00e9 un element constant de la vida religiosa de moltes persones.<\/p>\t\t\t\t\t\t\t\t<\/div>\n\t\t\t\t<\/div>\n\t\t\t\t\t<\/div>\n\t\t\t\t<\/div>\n\t\t<div class=\"elementor-element elementor-element-iwgs-omsymbol-s5 e-flex e-con-boxed e-con e-parent\" data-id=\"iwgs-omsymbol-s5\" data-element_type=\"container\" data-e-type=\"container\">\n\t\t\t\t\t<div class=\"e-con-inner\">\n\t\t\t\t<div class=\"elementor-element elementor-element-iwgs-omsymbol-s5h elementor-widget elementor-widget-heading\" data-id=\"iwgs-omsymbol-s5h\" data-element_type=\"widget\" data-e-type=\"widget\" data-widget_type=\"heading.default\">\n\t\t\t\t\t<h2 class=\"elementor-heading-title elementor-size-default\">L'Om com a signe de protecci\u00f3 i benedicci\u00f3<\/h2>\t\t\t\t<\/div>\n\t\t<div class=\"elementor-element elementor-element-iwgs-omsymbol-s5box e-con-full e-flex e-con e-parent\" data-id=\"iwgs-omsymbol-s5box\" data-element_type=\"container\" data-e-type=\"container\">\n\t\t\t\t<div class=\"elementor-element elementor-element-iwgs-omsymbol-s5t elementor-widget elementor-widget-text-editor\" data-id=\"iwgs-omsymbol-s5t\" data-element_type=\"widget\" data-e-type=\"widget\" data-widget_type=\"text-editor.default\">\n\t\t\t\t\t\t\t\t\t<p>Del significat sagrat de l&#8217;Om deriva el seu paper com a signe de protecci\u00f3 i benedicci\u00f3 en la vida quotidiana. El signe es col\u00b7loca a les entrades de les cases, es pinta sobre les portes i es penja als espais habitats. Marca el lloc com a bene\u00eft i el posa sota un bon presagi.<\/p><p>Com a penjoll, l&#8217;Om es porta damunt el cos, i tamb\u00e9 es troba en vehicles i en objectes d&#8217;\u00fas quotidi\u00e0. En totes aquestes formes no actua com a arma de defensa contra un enemic determinat, sin\u00f3 com una constant presa de consci\u00e8ncia del sagrat. On hi ha l&#8217;Om, hi \u00e9s present l&#8217;ordre sagrat.<\/p><p>Aix\u00ed, l&#8217;Om pertany al grup de signes que protegeixen mitjan\u00e7ant la <span class=\"iwg-fachbegriff\" data-tooltip=\"Acte ritual pel qual un objecte, lloc o persona \u00e9s transferit a l'\u00e0mbit religi\u00f3s.\" tabindex=\"0\">consagraci\u00f3<\/span>. Preserva perqu\u00e8 santifica. Aquesta manera d&#8217;actuar vincula l&#8217;Om amb altres signes de benedicci\u00f3 i, al mateix temps, el distingeix dels signes de por i defensa que pretenen allunyar el mal mitjan\u00e7ant l&#8217;espant.<\/p><p>Com a signe de protecci\u00f3 i benedicci\u00f3, l&#8217;Om apareix en molts \u00e0mbits de la vida dom\u00e8stica. En festes com la festa de la llum, Diwali, es pinta juntament amb altres signes de bona sort als llindars de les portes i al terra, sovint en el marc d&#8217;elaborats dibuixos de terra.<\/p><p>Tamb\u00e9 els llibres comptables i els nous projectes s&#8217;inicien amb l&#8217;Om. En tots aquests casos, el signe posa un comen\u00e7ament sota un bon i sagrat presagi.<\/p>\t\t\t\t\t\t\t\t<\/div>\n\t\t\t\t<\/div>\n\t\t\t\t\t<\/div>\n\t\t\t\t<\/div>\n\t\t<div class=\"elementor-element elementor-element-iwgs-omsymbol-s6 e-flex e-con-boxed e-con e-parent\" data-id=\"iwgs-omsymbol-s6\" data-element_type=\"container\" data-e-type=\"container\">\n\t\t\t\t\t<div class=\"e-con-inner\">\n\t\t\t\t<div class=\"elementor-element elementor-element-iwgs-omsymbol-s6h elementor-widget elementor-widget-heading\" data-id=\"iwgs-omsymbol-s6h\" data-element_type=\"widget\" data-e-type=\"widget\" data-widget_type=\"heading.default\">\n\t\t\t\t\t<h2 class=\"elementor-heading-title elementor-size-default\">L'Om en les religions \u00edndies<\/h2>\t\t\t\t<\/div>\n\t\t<div class=\"elementor-element elementor-element-iwgs-omsymbol-s6box e-con-full e-flex e-con e-parent\" data-id=\"iwgs-omsymbol-s6box\" data-element_type=\"container\" data-e-type=\"container\">\n\t\t\t\t<div class=\"elementor-element elementor-element-iwgs-omsymbol-s6t elementor-widget elementor-widget-text-editor\" data-id=\"iwgs-omsymbol-s6t\" data-element_type=\"widget\" data-e-type=\"widget\" data-widget_type=\"text-editor.default\">\n\t\t\t\t\t\t\t\t\t<p>L&#8217;Om no es limita a l&#8217;hinduisme. Tamb\u00e9 el <a href=\"https:\/\/iwell-guard.com\/ca\/budisme\/\">budisme<\/a> coneix aquesta s\u00edl\u00b7laba i la utilitza, sobretot en la coneguda f\u00f3rmula Om mani padme hum, que t\u00e9 un paper molt important especialment en el budisme tibet\u00e0.<\/p><p>De la mateixa manera, l&#8217;Om pertany al jainisme i al sikhisme, tot i que en cada cas amb interpretacions pr\u00f2pies i una escriptura pr\u00f2pia. En totes aquestes religions, la s\u00edl\u00b7laba es considera <span class=\"iwg-fachbegriff\" data-tooltip=\"Pertanyent al div\u00ed i, per aix\u00f2, excl\u00f2s de l'\u00fas quotidi\u00e0.\" tabindex=\"0\">sagrada<\/span> i \u00e9s un signe d&#8217;una realitat suprema, encara que aquesta realitat s&#8217;entengui de maneres diferents.<\/p><p>Aquesta pres\u00e8ncia en diverses religions converteix l&#8217;Om en un signe unificador de l&#8217;\u00e0mbit cultural indi. \u00c9s un exemple de com un signe sagrat pot adquirir significat m\u00e9s enll\u00e0 dels l\u00edmits d&#8217;una sola religi\u00f3 sense perdre&#8217;n la sacralitat.<\/p><p>En les altres religions \u00edndies, l&#8217;Om adquireix un mat\u00eds propi. En el jainisme, la s\u00edl\u00b7laba s&#8217;interpreta com la s\u00edntesi de les cinc entitats supremes.<\/p><p>El sikhisme situa al principi de la seva escriptura sagrada la f\u00f3rmula Ik Onkar, que expressa una idea af\u00ed, \u00e9s a dir, la de l&#8217;\u00fanic div\u00ed que tot ho impregna. Malgrat totes les difer\u00e8ncies, l&#8217;Om roman en totes aquestes tradicions un signe de suprema sacralitat.<\/p>\t\t\t\t\t\t\t\t<\/div>\n\t\t\t\t<\/div>\n\t\t\t\t\t<\/div>\n\t\t\t\t<\/div>\n\t\t<div class=\"elementor-element elementor-element-iwgs-omsymbol-s7 e-flex e-con-boxed e-con e-parent\" data-id=\"iwgs-omsymbol-s7\" data-element_type=\"container\" data-e-type=\"container\">\n\t\t\t\t\t<div class=\"e-con-inner\">\n\t\t\t\t<div class=\"elementor-element elementor-element-iwgs-omsymbol-s7h elementor-widget elementor-widget-heading\" data-id=\"iwgs-omsymbol-s7h\" data-element_type=\"widget\" data-e-type=\"widget\" data-widget_type=\"heading.default\">\n\t\t\t\t\t<h2 class=\"elementor-heading-title elementor-size-default\">Material i \u00fas com a penjoll<\/h2>\t\t\t\t<\/div>\n\t\t<div class=\"elementor-element elementor-element-iwgs-omsymbol-s7box e-con-full e-flex e-con e-parent\" data-id=\"iwgs-omsymbol-s7box\" data-element_type=\"container\" data-e-type=\"container\">\n\t\t\t\t<div class=\"elementor-element elementor-element-iwgs-omsymbol-s7t elementor-widget elementor-widget-text-editor\" data-id=\"iwgs-omsymbol-s7t\" data-element_type=\"widget\" data-e-type=\"widget\" data-widget_type=\"text-editor.default\">\n\t\t\t\t\t\t\t\t\t<p>Com a signe portat, l&#8217;Om es fabrica amb diferents materials. Els penjolls d&#8217;or, plata i llaut\u00f3 s\u00f3n habituals, i tamb\u00e9 hi ha peces de fusta i pedra. Sovint el signe es treballa en relleu, de manera que la seva forma corbada destaca b\u00e9.<\/p><p>L&#8217;Om se sol combinar amb altres signes sagrats i amb rosaris de preg\u00e0ria. Apareix en penjolls juntament amb representacions de divinitats o amb altres signes de benedicci\u00f3. En aquesta combinaci\u00f3, els signes reforcen m\u00fatuament el seu significat.<\/p><p>El seu \u00fas com a penjoll mostra com l&#8217;Om ha passat de l&#8217;\u00fas purament ritual a la vida quotidiana personal. Acompanya qui el porta durant el dia i mant\u00e9 visible la connexi\u00f3 amb el sagrat. En aix\u00f2, l&#8217;Om s&#8217;assembla als signes de protecci\u00f3 portats d&#8217;altres cultures.<\/p><p>Com a penjoll, l&#8217;Om se sol associar amb altres signes que anuncien sort i <span class=\"iwg-fachbegriff\" data-tooltip=\"Concessi\u00f3 de benestar i protecci\u00f3, sovint en una forma ling\u00fc\u00edstica fixa.\" tabindex=\"0\">benedicci\u00f3<\/span>, com la sv\u00e0stica, entesa en el seu sentit original com a signe de bona sort.<\/p><p>Moltes persones porten l&#8217;Om des de la inf\u00e0ncia, i tamb\u00e9 apareix com a tatuatge. En totes aquestes formes, la s\u00edl\u00b7laba no es limita a ser contemplada, sin\u00f3 que es porta i esdev\u00e9 aix\u00ed un company constant i personal en la vida quotidiana.<\/p>\t\t\t\t\t\t\t\t<\/div>\n\t\t\t\t<\/div>\n\t\t\t\t\t<\/div>\n\t\t\t\t<\/div>\n\t\t<div class=\"elementor-element elementor-element-iwgs-omsymbol-s8 e-flex e-con-boxed e-con e-parent\" data-id=\"iwgs-omsymbol-s8\" data-element_type=\"container\" data-e-type=\"container\">\n\t\t\t\t\t<div class=\"e-con-inner\">\n\t\t\t\t<div class=\"elementor-element elementor-element-iwgs-omsymbol-s8h elementor-widget elementor-widget-heading\" data-id=\"iwgs-omsymbol-s8h\" data-element_type=\"widget\" data-e-type=\"widget\" data-widget_type=\"heading.default\">\n\t\t\t\t\t<h2 class=\"elementor-heading-title elementor-size-default\">Recepci\u00f3 actual<\/h2>\t\t\t\t<\/div>\n\t\t<div class=\"elementor-element elementor-element-iwgs-omsymbol-s8box e-con-full e-flex e-con e-parent\" data-id=\"iwgs-omsymbol-s8box\" data-element_type=\"container\" data-e-type=\"container\">\n\t\t\t\t<div class=\"elementor-element elementor-element-iwgs-omsymbol-s8t elementor-widget elementor-widget-text-editor\" data-id=\"iwgs-omsymbol-s8t\" data-element_type=\"widget\" data-e-type=\"widget\" data-widget_type=\"text-editor.default\">\n\t\t\t\t\t\t\t\t\t<p>L&#8217;Om ha assolit una difusi\u00f3 mundial que va m\u00e9s enll\u00e0 de l&#8217;\u00e0mbit cultural indi. Amb l&#8217;expansi\u00f3 internacional del ioga i la meditaci\u00f3, el signe s&#8217;ha fet conegut a molts pa\u00efsos. Avui apareix en joieria, roba i en la decoraci\u00f3 d&#8217;espais.<\/p><p>Aquesta difusi\u00f3 va acompanyada d&#8217;un despla\u00e7ament del significat. En molts contextos, l&#8217;Om s&#8217;ent\u00e9n sobretot com un signe de calma, atenci\u00f3 plena i espiritualitat general, deslligat de la seva posici\u00f3 precisa dins les religions \u00edndies. D&#8217;un signe religi\u00f3s sagrat, es converteix en part en un <span class=\"iwg-fachbegriff\" data-tooltip=\"Un signe que representa una idea o significat.\" tabindex=\"0\">s\u00edmbol<\/span> gen\u00e8ric.<\/p><p>Dins l&#8217;hinduisme mateix, en canvi, el significat original es mant\u00e9 intacte. All\u00e0 l&#8217;Om continua sent la s\u00edl\u00b7laba sagrada primordial, el signe del so originari i un signe de benedicci\u00f3 que acompanya la vida quotidiana. Una descripci\u00f3 acurada hauria d&#8217;esmentar tots dos plans: la profunditat religiosa del signe i la seva recepci\u00f3 moderna i mundial.<\/p><p>Amb la difusi\u00f3 mundial del signe, tamb\u00e9 sorgeix la q\u00fcesti\u00f3 d&#8217;un \u00fas adequat. Com que molts creients consideren l&#8217;Om <span class=\"iwg-fachbegriff\" data-tooltip=\"Que pertany a l'\u00e0mbit div\u00ed i que, per aix\u00f2, queda fora de l'\u00fas quotidi\u00e0.\" tabindex=\"0\">sagrat<\/span>, un \u00fas descuidat o purament decoratiu es percep per alguns com poc respectu\u00f3s.<\/p><p>Per aix\u00f2, una descripci\u00f3 acurada esmenta ambd\u00f3s aspectes: la profunditat religiosa del signe dins les religions \u00edndies i el seu paper com a signe breu \u00e0mpliament conegut per representar l&#8217;\u00cdndia i l&#8217;espiritualitat.<\/p>\t\t\t\t\t\t\t\t<\/div>\n\t\t\t\t<\/div>\n\t\t\t\t\t<\/div>\n\t\t\t\t<\/div>\n\t\t<div class=\"elementor-element elementor-element-iwgs-omsymbol-lit e-flex e-con-boxed e-con e-parent\" data-id=\"iwgs-omsymbol-lit\" data-element_type=\"container\" data-e-type=\"container\">\n\t\t\t\t\t<div class=\"e-con-inner\">\n\t\t\t\t<div class=\"elementor-element elementor-element-iwgs-omsymbol-lith elementor-widget elementor-widget-heading\" data-id=\"iwgs-omsymbol-lith\" data-element_type=\"widget\" data-e-type=\"widget\" data-widget_type=\"heading.default\">\n\t\t\t\t\t<h2 class=\"elementor-heading-title elementor-size-default\">Bibliografia (selecci\u00f3)<\/h2>\t\t\t\t<\/div>\n\t\t<div class=\"elementor-element elementor-element-iwgs-omsymbol-litbox e-con-full e-flex e-con e-parent\" data-id=\"iwgs-omsymbol-litbox\" data-element_type=\"container\" data-e-type=\"container\">\n\t\t\t\t<div class=\"elementor-element elementor-element-iwgs-omsymbol-litt elementor-widget elementor-widget-html\" data-id=\"iwgs-omsymbol-litt\" data-element_type=\"widget\" data-e-type=\"widget\" data-widget_type=\"html.default\">\n\t\t\t\t\t<footer data-nosnippet=\"true\"><ul><li>Heinrich Zimmer: <em>Philosophie und Religion Indiens<\/em> (1961)<\/li><li>Jan Gonda: <em>Die Religionen Indiens<\/em> (1960)<\/li><li><em>Mandukya-Upanishad<\/em> (text cl\u00e0ssic en s\u00e0nscrit)<\/li><li>Axel Michaels: <em>Der Hinduismus. Geschichte und Gegenwart<\/em> (1998)<\/li><li>Annette Wilke, Oliver Moebus: <em>Sound and Communication. An Aesthetic Cultural History of Sanskrit Hinduism<\/em> (2011)<\/li><\/ul><\/footer>\t\t\t\t<\/div>\n\t\t\t\t<\/div>\n\t\t\t\t\t<\/div>\n\t\t\t\t<\/div>\n\t\t<div class=\"elementor-element elementor-element-iwgs-omsymbol-kwd e-flex e-con-boxed e-con e-parent\" data-id=\"iwgs-omsymbol-kwd\" data-element_type=\"container\" data-e-type=\"container\">\n\t\t\t\t\t<div class=\"e-con-inner\">\n\t\t\t\t<div class=\"elementor-element elementor-element-iwgs-omsymbol-kwdt elementor-widget elementor-widget-text-editor\" data-id=\"iwgs-omsymbol-kwdt\" data-element_type=\"widget\" data-e-type=\"widget\" data-widget_type=\"text-editor.default\">\n\t\t\t\t\t\t\t\t\t<p><em>Termes clau relacionats: Om Aum Pranava s\u00edl\u00b7laba primordial Devanagari Bija-<span class=\"iwg-fachbegriff\" data-tooltip=\"Una s\u00edl\u00b7laba o f\u00f3rmula sagrada que es repeteix en l'hinduisme i el budisme.\" tabindex=\"0\">mantra<\/span> Upanixads signes de benedicci\u00f3 hinduisme.<\/em><\/p>\t\t\t\t\t\t\t\t<\/div>\n\t\t\t\t\t<\/div>\n\t\t\t\t<\/div>\n\t\t<div class=\"elementor-element elementor-element-iwgs-omsymbol-cc e-flex e-con-boxed e-con e-parent\" data-id=\"iwgs-omsymbol-cc\" data-element_type=\"container\" data-e-type=\"container\" id=\"iwg-cc-om-symbol\">\n\t\t\t\t\t<div class=\"e-con-inner\">\n\t\t<div class=\"elementor-element elementor-element-iwgs-omsymbol-ccinner e-flex e-con-boxed e-con e-parent\" data-id=\"iwgs-omsymbol-ccinner\" data-element_type=\"container\" data-e-type=\"container\" data-settings=\"{&quot;background_background&quot;:&quot;classic&quot;}\">\n\t\t\t\t\t<div class=\"e-con-inner\">\n\t\t\t\t<div class=\"elementor-element elementor-element-iwgs-omsymbol-cch elementor-widget elementor-widget-heading\" data-id=\"iwgs-omsymbol-cch\" data-element_type=\"widget\" data-e-type=\"widget\" data-widget_type=\"heading.default\">\n\t\t\t\t\t<h2 class=\"elementor-heading-title elementor-size-default\">iWell Guard i tradicions de protecci\u00f3<\/h2>\t\t\t\t<\/div>\n\t\t\t\t<div class=\"elementor-element elementor-element-iwgs-omsymbol-cct elementor-widget elementor-widget-text-editor\" data-id=\"iwgs-omsymbol-cct\" data-element_type=\"widget\" data-e-type=\"widget\" data-widget_type=\"text-editor.default\">\n\t\t\t\t\t\t\t\t\t<p>iWell Guard s&#8217;inscriu en la l\u00ednia historicocultural dels objectes de protecci\u00f3 portables, a la qual tamb\u00e9 pertany el <span class=\"iwg-fachbegriff\" data-tooltip=\"Un signe que representa una idea o significat.\" tabindex=\"0\">s\u00edmbol<\/span> Om. Un company modern per a persones que viuen amb s\u00edmbols de protecci\u00f3: fabricat a Alemanya, 41 capes d&#8217;or, plat\u00ed i plata aut\u00e8ntics, amb dret de devoluci\u00f3 de 30 dies.<\/p>\t\t\t\t\t\t\t\t<\/div>\n\t\t\t\t<div class=\"elementor-element elementor-element-iwgs-omsymbol-ccb iwg-cc-button iwg-cc-cta-2026-05-13 elementor-widget elementor-widget-jet-button\" data-id=\"iwgs-omsymbol-ccb\" data-element_type=\"widget\" data-e-type=\"widget\" data-widget_type=\"jet-button.default\">\n\t\t\t\t<div class=\"elementor-widget-container\">\n\t\t\t\t\t<div class=\"elementor-jet-button jet-elements\"><div class=\"jet-button__container\"><a class=\"jet-button__instance jet-button__instance--icon-left hover-effect-1\" href=\"\/schutzanhaenger-iwell-guard-kaufen\/?utm_source=iwell-guard.com&amp;utm_medium=info-box&amp;utm_campaign=schutzsymbole\"><div class=\"jet-button__plane jet-button__plane-normal\"><\/div><div class=\"jet-button__plane jet-button__plane-hover\"><\/div><div class=\"jet-button__state jet-button__state-normal\"><span class=\"jet-button__label\">M\u00e9s informaci\u00f3 sobre l'iWell Guard<\/span><\/div><div class=\"jet-button__state jet-button__state-hover\"><span class=\"jet-button__label\">M\u00e9s informaci\u00f3 sobre l'iWell Guard<\/span><\/div><\/a><\/div><\/div><style>.elementor-element.elementor-element-iwgs-omsymbol-ccb .jet-button__instance{width:320px;height:56px;}.elementor-element.elementor-element-iwgs-omsymbol-ccb .jet-button__state-normal .jet-button__label{text-align:center;margin:0px 0px 0px 0px;color:#1a1b20;font-family:Montserrat,sans-serif;font-size:13px;font-weight:400;letter-spacing:4px;line-height:1.714em;text-transform:uppercase;}.elementor-element.elementor-element-iwgs-omsymbol-ccb .jet-button__state-hover .jet-button__label{text-align:center;margin:0px 0px 0px 0px;color:#FECC76;font-family:Montserrat,sans-serif;font-size:13px;font-weight:400;letter-spacing:4px;line-height:1.714em;text-transform:uppercase;}.elementor-element.elementor-element-iwgs-omsymbol-ccb .jet-button__plane-normal{background-color:#FECC76;border-style:solid;border-color:#C99540;border-width:2px 2px 2px 2px;}.elementor-element.elementor-element-iwgs-omsymbol-ccb .jet-button__plane-hover{background-color:rgba(0,0,0,0.55);border-style:solid;border-color:#FECC76;border-width:2px 2px 2px 2px;}<\/style>\t\t\t\t<\/div>\n\t\t\t\t<\/div>\n\t\t\t\t<div class=\"elementor-element elementor-element-iwgs-omsymbol-ccd elementor-widget elementor-widget-text-editor\" data-id=\"iwgs-omsymbol-ccd\" data-element_type=\"widget\" data-e-type=\"widget\" data-widget_type=\"text-editor.default\">\n\t\t\t\t\t\t\t\t\t<p style=\"text-align:center;font-size:13px;opacity:0.7;margin-top:14px\" data-nosnippet=\"true\">Les experi\u00e8ncies personals poden variar. No \u00e9s un producte sanitari. No es garanteix cap curaci\u00f3.<\/p>\t\t\t\t\t\t\t\t<\/div>\n\t\t\t\t\t<\/div>\n\t\t\t\t<\/div>\n\t\t\t\t\t<\/div>\n\t\t\t\t<\/div>\n\t\t<div class=\"elementor-element elementor-element-iwgs-omsymbol-disc e-flex e-con-boxed e-con e-parent\" data-id=\"iwgs-omsymbol-disc\" data-element_type=\"container\" data-e-type=\"container\">\n\t\t\t\t\t<div class=\"e-con-inner\">\n\t\t\t\t<div class=\"elementor-element elementor-element-iwgs-omsymbol-discw elementor-widget elementor-widget-html\" data-id=\"iwgs-omsymbol-discw\" data-element_type=\"widget\" data-e-type=\"widget\" data-widget_type=\"html.default\">\n\t\t\t\t\t<footer data-nosnippet=\"true\" class=\"iwg-disclaimer-block\"><p data-nosnippet=\"true\">iWell Guard <strong>no \u00e9s un producte sanitari<\/strong> i no substitueix cap tractament m\u00e8dic o psicoterap\u00e8utic. Els continguts presentats aqu\u00ed s\u00f3n una contextualitzaci\u00f3 des de la ci\u00e8ncia de les religions i la hist\u00f2ria cultural, no una promesa d'efecte espiritual.<\/p><\/footer>\t\t\t\t<\/div>\n\t\t\t\t\t<\/div>\n\t\t\t\t<\/div>\n\t\t\t\t<\/div>\n\t\t","protected":false},"excerpt":{"rendered":"","protected":false},"author":3,"featured_media":3440,"parent":0,"menu_order":0,"comment_status":"closed","ping_status":"closed","template":"elementor_header_footer","meta":{"_yoast_wpseo_focuskw":"S\u00edmbol Om","_yoast_wpseo_title":"S\u00edmbol Om \u2013 signe sagrat de l'hinduisme","_yoast_wpseo_metadesc":"L'Om \u00e9s la s\u00edl\u00b7laba primordial sagrada de l'hinduisme i es considera un signe de protecci\u00f3 i benedicci\u00f3. Significat, forma i \u00fas explicats de manera clara.","_yoast_wpseo_meta-robots-noindex":"","_yoast_wpseo_canonical":"","_angie_page":false,"gefaehrdungsstufe":"","wesen_kultur":"","wesen_klasse":"","footnotes":""},"categories":[],"class_list":["post-171882","page","type-page","status-publish","has-post-thumbnail","hentry"],"yoast_head":"<!-- This site is optimized with the Yoast SEO Premium plugin v27.7 (Yoast SEO v28.3) - https:\/\/yoast.com\/product\/yoast-seo-premium-wordpress\/ -->\n<title>S\u00edmbol Om \u2013 signe sagrat de l&#039;hinduisme<\/title>\n<meta name=\"description\" content=\"L&#039;Om \u00e9s la s\u00edl\u00b7laba primordial sagrada de l&#039;hinduisme i es considera un signe de protecci\u00f3 i benedicci\u00f3. Significat, forma i \u00fas explicats de manera clara.\" \/>\n<meta name=\"robots\" content=\"index, follow, max-snippet:-1, max-image-preview:large, max-video-preview:-1\" \/>\n<link rel=\"canonical\" href=\"https:\/\/iwell-guard.com\/ca\/om-el-signe-sagrat-com-a-proteccio-i-benediccio\/\" \/>\n<meta property=\"og:locale\" content=\"ca_ES\" \/>\n<meta property=\"og:type\" content=\"article\" \/>\n<meta property=\"og:title\" content=\"Om \u2013 el signe sagrat com a protecci\u00f3 i benedicci\u00f3\" \/>\n<meta property=\"og:description\" content=\"L&#039;Om \u00e9s la s\u00edl\u00b7laba primordial sagrada de l&#039;hinduisme i es considera un signe de protecci\u00f3 i benedicci\u00f3. Significat, forma i \u00fas explicats de manera clara.\" \/>\n<meta property=\"og:url\" content=\"https:\/\/iwell-guard.com\/ca\/om-el-signe-sagrat-com-a-proteccio-i-benediccio\/\" \/>\n<meta property=\"og:site_name\" content=\"iWell Guard\" \/>\n<meta property=\"article:modified_time\" content=\"2026-09-05T16:09:39+00:00\" \/>\n<meta property=\"og:image\" content=\"https:\/\/iwell-guard.com\/wp-content\/uploads\/2026\/05\/schutzsymbol_hinduismus_om.webp\" \/>\n\t<meta property=\"og:image:width\" content=\"1024\" \/>\n\t<meta property=\"og:image:height\" content=\"1536\" \/>\n\t<meta property=\"og:image:type\" content=\"image\/webp\" \/>\n<meta name=\"twitter:card\" content=\"summary_large_image\" \/>\n<script type=\"application\/ld+json\" class=\"yoast-schema-graph\">{\"@context\":\"https:\\\/\\\/schema.org\",\"@graph\":[{\"@type\":\"WebPage\",\"@id\":\"https:\\\/\\\/iwell-guard.com\\\/ca\\\/om-el-signe-sagrat-com-a-proteccio-i-benediccio\\\/\",\"url\":\"https:\\\/\\\/iwell-guard.com\\\/ca\\\/om-el-signe-sagrat-com-a-proteccio-i-benediccio\\\/\",\"name\":\"S\u00edmbol Om \u2013 signe sagrat de l'hinduisme\",\"isPartOf\":{\"@id\":\"https:\\\/\\\/iwell-guard.com\\\/ca\\\/#website\"},\"primaryImageOfPage\":{\"@id\":\"https:\\\/\\\/iwell-guard.com\\\/ca\\\/om-el-signe-sagrat-com-a-proteccio-i-benediccio\\\/#primaryimage\"},\"image\":{\"@id\":\"https:\\\/\\\/iwell-guard.com\\\/ca\\\/om-el-signe-sagrat-com-a-proteccio-i-benediccio\\\/#primaryimage\"},\"thumbnailUrl\":\"https:\\\/\\\/iwell-guard.com\\\/wp-content\\\/uploads\\\/2026\\\/05\\\/schutzsymbol_hinduismus_om.webp\",\"datePublished\":\"2026-09-05T15:43:15+00:00\",\"dateModified\":\"2026-09-05T16:09:39+00:00\",\"description\":\"L'Om \u00e9s la s\u00edl\u00b7laba primordial sagrada de l'hinduisme i es considera un signe de protecci\u00f3 i benedicci\u00f3. Significat, forma i \u00fas explicats de manera clara.\",\"breadcrumb\":{\"@id\":\"https:\\\/\\\/iwell-guard.com\\\/ca\\\/om-el-signe-sagrat-com-a-proteccio-i-benediccio\\\/#breadcrumb\"},\"inLanguage\":\"ca\",\"potentialAction\":[{\"@type\":\"ReadAction\",\"target\":[\"https:\\\/\\\/iwell-guard.com\\\/ca\\\/om-el-signe-sagrat-com-a-proteccio-i-benediccio\\\/\"]}]},{\"@type\":\"ImageObject\",\"inLanguage\":\"ca\",\"@id\":\"https:\\\/\\\/iwell-guard.com\\\/ca\\\/om-el-signe-sagrat-com-a-proteccio-i-benediccio\\\/#primaryimage\",\"url\":\"https:\\\/\\\/iwell-guard.com\\\/wp-content\\\/uploads\\\/2026\\\/05\\\/schutzsymbol_hinduismus_om.webp\",\"contentUrl\":\"https:\\\/\\\/iwell-guard.com\\\/wp-content\\\/uploads\\\/2026\\\/05\\\/schutzsymbol_hinduismus_om.webp\",\"width\":1024,\"height\":1536,\"caption\":\"S\u00edmbol de protecci\u00f3. Il\u00b7lustraci\u00f3 muse\u00edstica de bodeg\u00f3.\"},{\"@type\":\"BreadcrumbList\",\"@id\":\"https:\\\/\\\/iwell-guard.com\\\/ca\\\/om-el-signe-sagrat-com-a-proteccio-i-benediccio\\\/#breadcrumb\",\"itemListElement\":[{\"@type\":\"ListItem\",\"position\":1,\"name\":\"Start\",\"item\":\"https:\\\/\\\/iwell-guard.com\\\/ca\\\/?page_id=171333\"},{\"@type\":\"ListItem\",\"position\":2,\"name\":\"Om \u2013 el signe sagrat com a protecci\u00f3 i benedicci\u00f3\"}]},{\"@type\":\"WebSite\",\"@id\":\"https:\\\/\\\/iwell-guard.com\\\/ca\\\/#website\",\"url\":\"https:\\\/\\\/iwell-guard.com\\\/ca\\\/\",\"name\":\"iWell Guard\",\"description\":\"Schutz vor dunklen Einfl\u00fcssen\",\"publisher\":{\"@id\":\"https:\\\/\\\/iwell-guard.com\\\/ca\\\/#organization\"},\"potentialAction\":[{\"@type\":\"SearchAction\",\"target\":{\"@type\":\"EntryPoint\",\"urlTemplate\":\"https:\\\/\\\/iwell-guard.com\\\/ca\\\/?s={search_term_string}\"},\"query-input\":{\"@type\":\"PropertyValueSpecification\",\"valueRequired\":true,\"valueName\":\"search_term_string\"}}],\"inLanguage\":\"ca\"},{\"@type\":\"Organization\",\"@id\":\"https:\\\/\\\/iwell-guard.com\\\/ca\\\/#organization\",\"name\":\"Ittermann electronic GmbH\",\"url\":\"https:\\\/\\\/iwell-guard.com\\\/ca\\\/\",\"logo\":{\"@type\":\"ImageObject\",\"inLanguage\":\"ca\",\"@id\":\"https:\\\/\\\/iwell-guard.com\\\/ca\\\/#\\\/schema\\\/logo\\\/image\\\/\",\"url\":\"https:\\\/\\\/iwell-guard.com\\\/wp-content\\\/uploads\\\/2026\\\/05\\\/Ittermann-Logo-1182x237-1.png\",\"contentUrl\":\"https:\\\/\\\/iwell-guard.com\\\/wp-content\\\/uploads\\\/2026\\\/05\\\/Ittermann-Logo-1182x237-1.png\",\"width\":1182,\"height\":237,\"caption\":\"Ittermann electronic GmbH\"},\"image\":{\"@id\":\"https:\\\/\\\/iwell-guard.com\\\/ca\\\/#\\\/schema\\\/logo\\\/image\\\/\"},\"sameAs\":[\"https:\\\/\\\/pantip.com\\\/profile\\\/9367242\",\"https:\\\/\\\/micro.blog\\\/iwellguard\",\"https:\\\/\\\/www.diggerslist.com\\\/iwellguard\\\/about\",\"https:\\\/\\\/skitterphoto.com\\\/photographers\\\/2870314\\\/iwell-guard\",\"https:\\\/\\\/iwellguard.wordpress.com\\\/2026\\\/06\\\/06\\\/iwell-guard\\\/\",\"https:\\\/\\\/hub.docker.com\\\/u\\\/iwellguard\",\"https:\\\/\\\/www.pinterest.com\\\/iwellguard\\\/\",\"https:\\\/\\\/bit.ly\\\/m\\\/iwellguard\",\"https:\\\/\\\/entre-vos-mains.alsace.eu\\\/profiles\\\/iwellguard\\\/activity\",\"https:\\\/\\\/gravatar.com\\\/reallybeded8fd34\",\"https:\\\/\\\/naijamatta.com\\\/iwellguard\",\"https:\\\/\\\/www.goodreads.com\\\/iwellguard\",\"https:\\\/\\\/profile.hatena.ne.jp\\\/iwellguard\\\/\",\"https:\\\/\\\/experiment.com\\\/users\\\/iwellguard\",\"https:\\\/\\\/wakelet.com\\\/@iWellGuard82270\",\"https:\\\/\\\/www.chordie.com\\\/forum\\\/profile.php?id=2555664\",\"https:\\\/\\\/www.instapaper.com\\\/p\\\/17757966\",\"https:\\\/\\\/www.mapleprimes.com\\\/users\\\/iwellguard\",\"https:\\\/\\\/businesslistingplus.com\\\/profile\\\/iwell-guard\\\/\",\"https:\\\/\\\/telegra.ph\\\/iWell-Guard-06-06\",\"https:\\\/\\\/pbase.com\\\/iwellguard\\\/iwellguard\",\"https:\\\/\\\/b.hatena.ne.jp\\\/iwellguard\\\/20260607#bookmark-4788405196491818882\",\"https:\\\/\\\/fliphtml5.com\\\/home\\\/iwellguard\",\"https:\\\/\\\/anyflip.com\\\/homepage\\\/cmiwl#About\",\"https:\\\/\\\/transfur.com\\\/Users\\\/iwellguard\",\"http:\\\/\\\/delphi.larsbo.org\\\/user\\\/iwellguard\",\"https:\\\/\\\/jobs.lajobsportal.org\\\/profiles\\\/8380803-iwell-guard\",\"https:\\\/\\\/md.chaosdorf.de\\\/s\\\/jfbe5SBdJD\",\"https:\\\/\\\/www.lingvolive.com\\\/en-us\\\/profile\\\/9ecaeaca-ce11-4e51-9e71-01d55e2bff36\\\/translations\",\"https:\\\/\\\/www.fitday.com\\\/fitness\\\/forums\\\/members\\\/iwellguard.html\",\"https:\\\/\\\/www.mymeetbook.com\\\/iwellguard\",\"https:\\\/\\\/pxhere.com\\\/en\\\/photographer-me\\\/5040798\",\"https:\\\/\\\/disqus.com\\\/by\\\/iwellguard\\\/about\\\/\",\"https:\\\/\\\/pastelink.net\\\/hjwciqwq\",\"https:\\\/\\\/pubhtml5.com\\\/homepage\\\/scjhn\\\/\",\"https:\\\/\\\/www.bitchute.com\\\/channel\\\/2O2eOKzNqujT\",\"https:\\\/\\\/audiomack.com\\\/iwellguard\"]}]}<\/script>\n<!-- \/ Yoast SEO Premium plugin. -->","yoast_head_json":{"title":"S\u00edmbol Om \u2013 signe sagrat de l'hinduisme","description":"L'Om \u00e9s la s\u00edl\u00b7laba primordial sagrada de l'hinduisme i es considera un signe de protecci\u00f3 i benedicci\u00f3. Significat, forma i \u00fas explicats de manera clara.","robots":{"index":"index","follow":"follow","max-snippet":"max-snippet:-1","max-image-preview":"max-image-preview:large","max-video-preview":"max-video-preview:-1"},"canonical":"https:\/\/iwell-guard.com\/ca\/om-el-signe-sagrat-com-a-proteccio-i-benediccio\/","og_locale":"ca_ES","og_type":"article","og_title":"Om \u2013 el signe sagrat com a protecci\u00f3 i benedicci\u00f3","og_description":"L'Om \u00e9s la s\u00edl\u00b7laba primordial sagrada de l'hinduisme i es considera un signe de protecci\u00f3 i benedicci\u00f3. Significat, forma i \u00fas explicats de manera clara.","og_url":"https:\/\/iwell-guard.com\/ca\/om-el-signe-sagrat-com-a-proteccio-i-benediccio\/","og_site_name":"iWell Guard","article_modified_time":"2026-09-05T16:09:39+00:00","og_image":[{"width":1024,"height":1536,"url":"https:\/\/iwell-guard.com\/wp-content\/uploads\/2026\/05\/schutzsymbol_hinduismus_om.webp","type":"image\/webp"}],"twitter_card":"summary_large_image","schema":{"@context":"https:\/\/schema.org","@graph":[{"@type":"WebPage","@id":"https:\/\/iwell-guard.com\/ca\/om-el-signe-sagrat-com-a-proteccio-i-benediccio\/","url":"https:\/\/iwell-guard.com\/ca\/om-el-signe-sagrat-com-a-proteccio-i-benediccio\/","name":"S\u00edmbol Om \u2013 signe sagrat de l'hinduisme","isPartOf":{"@id":"https:\/\/iwell-guard.com\/ca\/#website"},"primaryImageOfPage":{"@id":"https:\/\/iwell-guard.com\/ca\/om-el-signe-sagrat-com-a-proteccio-i-benediccio\/#primaryimage"},"image":{"@id":"https:\/\/iwell-guard.com\/ca\/om-el-signe-sagrat-com-a-proteccio-i-benediccio\/#primaryimage"},"thumbnailUrl":"https:\/\/iwell-guard.com\/wp-content\/uploads\/2026\/05\/schutzsymbol_hinduismus_om.webp","datePublished":"2026-09-05T15:43:15+00:00","dateModified":"2026-09-05T16:09:39+00:00","description":"L'Om \u00e9s la s\u00edl\u00b7laba primordial sagrada de l'hinduisme i es considera un signe de protecci\u00f3 i benedicci\u00f3. Significat, forma i \u00fas explicats de manera clara.","breadcrumb":{"@id":"https:\/\/iwell-guard.com\/ca\/om-el-signe-sagrat-com-a-proteccio-i-benediccio\/#breadcrumb"},"inLanguage":"ca","potentialAction":[{"@type":"ReadAction","target":["https:\/\/iwell-guard.com\/ca\/om-el-signe-sagrat-com-a-proteccio-i-benediccio\/"]}]},{"@type":"ImageObject","inLanguage":"ca","@id":"https:\/\/iwell-guard.com\/ca\/om-el-signe-sagrat-com-a-proteccio-i-benediccio\/#primaryimage","url":"https:\/\/iwell-guard.com\/wp-content\/uploads\/2026\/05\/schutzsymbol_hinduismus_om.webp","contentUrl":"https:\/\/iwell-guard.com\/wp-content\/uploads\/2026\/05\/schutzsymbol_hinduismus_om.webp","width":1024,"height":1536,"caption":"S\u00edmbol de protecci\u00f3. Il\u00b7lustraci\u00f3 muse\u00edstica de bodeg\u00f3."},{"@type":"BreadcrumbList","@id":"https:\/\/iwell-guard.com\/ca\/om-el-signe-sagrat-com-a-proteccio-i-benediccio\/#breadcrumb","itemListElement":[{"@type":"ListItem","position":1,"name":"Start","item":"https:\/\/iwell-guard.com\/ca\/?page_id=171333"},{"@type":"ListItem","position":2,"name":"Om \u2013 el signe sagrat com a protecci\u00f3 i benedicci\u00f3"}]},{"@type":"WebSite","@id":"https:\/\/iwell-guard.com\/ca\/#website","url":"https:\/\/iwell-guard.com\/ca\/","name":"iWell Guard","description":"Schutz vor dunklen Einfl\u00fcssen","publisher":{"@id":"https:\/\/iwell-guard.com\/ca\/#organization"},"potentialAction":[{"@type":"SearchAction","target":{"@type":"EntryPoint","urlTemplate":"https:\/\/iwell-guard.com\/ca\/?s={search_term_string}"},"query-input":{"@type":"PropertyValueSpecification","valueRequired":true,"valueName":"search_term_string"}}],"inLanguage":"ca"},{"@type":"Organization","@id":"https:\/\/iwell-guard.com\/ca\/#organization","name":"Ittermann electronic GmbH","url":"https:\/\/iwell-guard.com\/ca\/","logo":{"@type":"ImageObject","inLanguage":"ca","@id":"https:\/\/iwell-guard.com\/ca\/#\/schema\/logo\/image\/","url":"https:\/\/iwell-guard.com\/wp-content\/uploads\/2026\/05\/Ittermann-Logo-1182x237-1.png","contentUrl":"https:\/\/iwell-guard.com\/wp-content\/uploads\/2026\/05\/Ittermann-Logo-1182x237-1.png","width":1182,"height":237,"caption":"Ittermann electronic GmbH"},"image":{"@id":"https:\/\/iwell-guard.com\/ca\/#\/schema\/logo\/image\/"},"sameAs":["https:\/\/pantip.com\/profile\/9367242","https:\/\/micro.blog\/iwellguard","https:\/\/www.diggerslist.com\/iwellguard\/about","https:\/\/skitterphoto.com\/photographers\/2870314\/iwell-guard","https:\/\/iwellguard.wordpress.com\/2026\/06\/06\/iwell-guard\/","https:\/\/hub.docker.com\/u\/iwellguard","https:\/\/www.pinterest.com\/iwellguard\/","https:\/\/bit.ly\/m\/iwellguard","https:\/\/entre-vos-mains.alsace.eu\/profiles\/iwellguard\/activity","https:\/\/gravatar.com\/reallybeded8fd34","https:\/\/naijamatta.com\/iwellguard","https:\/\/www.goodreads.com\/iwellguard","https:\/\/profile.hatena.ne.jp\/iwellguard\/","https:\/\/experiment.com\/users\/iwellguard","https:\/\/wakelet.com\/@iWellGuard82270","https:\/\/www.chordie.com\/forum\/profile.php?id=2555664","https:\/\/www.instapaper.com\/p\/17757966","https:\/\/www.mapleprimes.com\/users\/iwellguard","https:\/\/businesslistingplus.com\/profile\/iwell-guard\/","https:\/\/telegra.ph\/iWell-Guard-06-06","https:\/\/pbase.com\/iwellguard\/iwellguard","https:\/\/b.hatena.ne.jp\/iwellguard\/20260607#bookmark-4788405196491818882","https:\/\/fliphtml5.com\/home\/iwellguard","https:\/\/anyflip.com\/homepage\/cmiwl#About","https:\/\/transfur.com\/Users\/iwellguard","http:\/\/delphi.larsbo.org\/user\/iwellguard","https:\/\/jobs.lajobsportal.org\/profiles\/8380803-iwell-guard","https:\/\/md.chaosdorf.de\/s\/jfbe5SBdJD","https:\/\/www.lingvolive.com\/en-us\/profile\/9ecaeaca-ce11-4e51-9e71-01d55e2bff36\/translations","https:\/\/www.fitday.com\/fitness\/forums\/members\/iwellguard.html","https:\/\/www.mymeetbook.com\/iwellguard","https:\/\/pxhere.com\/en\/photographer-me\/5040798","https:\/\/disqus.com\/by\/iwellguard\/about\/","https:\/\/pastelink.net\/hjwciqwq","https:\/\/pubhtml5.com\/homepage\/scjhn\/","https:\/\/www.bitchute.com\/channel\/2O2eOKzNqujT","https:\/\/audiomack.com\/iwellguard"]}]}},"_links":{"self":[{"href":"https:\/\/iwell-guard.com\/ca\/wp-json\/wp\/v2\/pages\/171882","targetHints":{"allow":["GET"]}}],"collection":[{"href":"https:\/\/iwell-guard.com\/ca\/wp-json\/wp\/v2\/pages"}],"about":[{"href":"https:\/\/iwell-guard.com\/ca\/wp-json\/wp\/v2\/types\/page"}],"author":[{"embeddable":true,"href":"https:\/\/iwell-guard.com\/ca\/wp-json\/wp\/v2\/users\/3"}],"replies":[{"embeddable":true,"href":"https:\/\/iwell-guard.com\/ca\/wp-json\/wp\/v2\/comments?post=171882"}],"version-history":[{"count":0,"href":"https:\/\/iwell-guard.com\/ca\/wp-json\/wp\/v2\/pages\/171882\/revisions"}],"wp:featuredmedia":[{"embeddable":true,"href":"https:\/\/iwell-guard.com\/ca\/wp-json\/wp\/v2\/media\/3440"}],"wp:attachment":[{"href":"https:\/\/iwell-guard.com\/ca\/wp-json\/wp\/v2\/media?parent=171882"}],"wp:term":[{"taxonomy":"category","embeddable":true,"href":"https:\/\/iwell-guard.com\/ca\/wp-json\/wp\/v2\/categories?post=171882"}],"curies":[{"name":"wp","href":"https:\/\/api.w.org\/{rel}","templated":true}]}}