{"id":171879,"date":"2026-09-05T15:43:13","date_gmt":"2026-09-05T15:43:13","guid":{"rendered":"https:\/\/iwell-guard.com\/?page_id=171879"},"modified":"2026-09-05T16:09:34","modified_gmt":"2026-09-05T16:09:34","slug":"medalles-cristianes-de-proteccio","status":"publish","type":"page","link":"https:\/\/iwell-guard.com\/ca\/medalles-cristianes-de-proteccio\/","title":{"rendered":"Medalles cristianes de protecci\u00f3 \u2013 Benet, Maria, Crist\u00f2for"},"content":{"rendered":"\t\t<div data-elementor-type=\"wp-page\" data-elementor-id=\"171879\" class=\"elementor elementor-171879 elementor-3592 elementor-bc-flex-widget\" data-elementor-post-type=\"page\">\n\t\t\t\t<div class=\"elementor-element elementor-element-iwgs-christliches-hero e-flex e-con-boxed e-con e-parent\" data-id=\"iwgs-christliches-hero\" data-element_type=\"container\" data-e-type=\"container\">\n\t\t\t\t\t<div class=\"e-con-inner\">\n\t\t<div class=\"elementor-element elementor-element-iwgs-christliches-hl e-flex e-con-boxed e-con e-parent\" data-id=\"iwgs-christliches-hl\" data-element_type=\"container\" data-e-type=\"container\">\n\t\t\t\t\t<div class=\"e-con-inner\">\n\t\t<div class=\"elementor-element elementor-element-iwgs-christliches-hlbox e-con-full e-flex e-con e-parent\" data-id=\"iwgs-christliches-hlbox\" data-element_type=\"container\" data-e-type=\"container\">\n\t\t\t\t<div class=\"elementor-element elementor-element-iwgs-christliches-h1 elementor-widget elementor-widget-heading\" data-id=\"iwgs-christliches-h1\" data-element_type=\"widget\" data-e-type=\"widget\" data-widget_type=\"heading.default\">\n\t\t\t\t\t<h1 class=\"elementor-heading-title elementor-size-default\">Medalles cristianes de protecci\u00f3 \u2013 Medalla de Sant Benet, Medalla Miraculosa i Sant Crist\u00f2for<\/h1>\t\t\t\t<\/div>\n\t\t\t\t<div class=\"elementor-element elementor-element-iwgs-christliches-lead elementor-widget elementor-widget-text-editor\" data-id=\"iwgs-christliches-lead\" data-element_type=\"widget\" data-e-type=\"widget\" data-widget_type=\"text-editor.default\">\n\t\t\t\t\t\t\t\t\t<p>Aquesta visi\u00f3 general presenta de manera coherent les medalles cristianes de protecci\u00f3 m\u00e9s importants, les seves refer\u00e8ncies als sants i la seva tradici\u00f3 d&#8217;\u00fas. Les medalles cristianes de protecci\u00f3 es troben entre els objectes religiosos m\u00e9s portats del m\u00f3n occidental. La medalla de Sant Benet, la Medalla Miraculosa i la medalla de Sant Crist\u00f2for combinen una antiga necessitat de protecci\u00f3 amb el m\u00f3n de fe de l&#8217;Esgl\u00e9sia, i ho fan d&#8217;una manera que es distingeix clarament dels amulets m\u00e0gics.<\/p>\t\t\t\t\t\t\t\t<\/div>\n\t\t\t\t<\/div>\n\t\t\t\t<div class=\"elementor-element elementor-element-iwgs-christliches-pills elementor-widget elementor-widget-html\" data-id=\"iwgs-christliches-pills\" data-element_type=\"widget\" data-e-type=\"widget\" data-widget_type=\"html.default\">\n\t\t\t\t\t<div class=\"iwg-pill-row\"><span class=\"iwg-klasse-badge\" tabindex=\"0\" data-tooltip=\"S\u00edmbol de protecci\u00f3, amulet o objecte apotropaic.\">S\u00edmbol de protecci\u00f3<\/span><a href=\"https:\/\/iwell-guard.com\/ca\/cristianisme\/\" class=\"iwg-kultur-badge\" tabindex=\"0\" data-tooltip=\"Tradici\u00f3 de protecci\u00f3: Cristianisme\">Cristianisme<\/a><span class=\"iwg-tradition-badge\" tabindex=\"0\" data-tooltip=\"Un signe consagrat de l'Esgl\u00e9sia cat\u00f2lica.\">Sacramental<\/span><\/div>\t\t\t\t<\/div>\n\t\t\t\t\t<\/div>\n\t\t\t\t<\/div>\n\t\t<div class=\"elementor-element elementor-element-iwgs-christliches-hr e-con-full e-flex e-con e-parent\" data-id=\"iwgs-christliches-hr\" data-element_type=\"container\" data-e-type=\"container\">\n\t\t\t\t<div class=\"elementor-element elementor-element-iwgs-christliches-himg iwg-hero-image elementor-widget elementor-widget-image\" data-id=\"iwgs-christliches-himg\" data-element_type=\"widget\" data-e-type=\"widget\" data-widget_type=\"image.default\">\n\t\t\t\t\t\t\t\t\t\t\t\t\t\t\t<img fetchpriority=\"high\" decoding=\"async\" width=\"683\" height=\"1024\" src=\"https:\/\/iwell-guard.com\/wp-content\/uploads\/2026\/05\/schutzsymbol_christentum_schutzmedaillen-2-683x1024.webp\" class=\"attachment-large size-large wp-image-3436\" alt=\"Benedictus-Medaillon, Medaille Miraculeuse, Christophorus\" srcset=\"https:\/\/iwell-guard.com\/wp-content\/uploads\/2026\/05\/schutzsymbol_christentum_schutzmedaillen-2-683x1024.webp 683w, https:\/\/iwell-guard.com\/wp-content\/uploads\/2026\/05\/schutzsymbol_christentum_schutzmedaillen-2-200x300.webp 200w, https:\/\/iwell-guard.com\/wp-content\/uploads\/2026\/05\/schutzsymbol_christentum_schutzmedaillen-2-768x1152.webp 768w, https:\/\/iwell-guard.com\/wp-content\/uploads\/2026\/05\/schutzsymbol_christentum_schutzmedaillen-2.webp 1024w\" sizes=\"(max-width: 683px) 100vw, 683px\" \/>\t\t\t\t\t\t\t\t\t\t\t\t\t\t\t<\/div>\n\t\t\t\t<\/div>\n\t\t\t\t\t<\/div>\n\t\t\t\t<\/div>\n\t\t<div class=\"elementor-element elementor-element-iwgs-christliches-s0 e-flex e-con-boxed e-con e-parent\" data-id=\"iwgs-christliches-s0\" data-element_type=\"container\" data-e-type=\"container\">\n\t\t\t\t\t<div class=\"e-con-inner\">\n\t\t\t\t<div class=\"elementor-element elementor-element-iwgs-christliches-s0h elementor-widget elementor-widget-heading\" data-id=\"iwgs-christliches-s0h\" data-element_type=\"widget\" data-e-type=\"widget\" data-widget_type=\"heading.default\">\n\t\t\t\t\t<h2 class=\"elementor-heading-title elementor-size-default\">Introducci\u00f3<\/h2>\t\t\t\t<\/div>\n\t\t<div class=\"elementor-element elementor-element-iwgs-christliches-s0box e-con-full e-flex e-con e-parent\" data-id=\"iwgs-christliches-s0box\" data-element_type=\"container\" data-e-type=\"container\">\n\t\t\t\t<div class=\"elementor-element elementor-element-iwgs-christliches-s0t elementor-widget elementor-widget-text-editor\" data-id=\"iwgs-christliches-s0t\" data-element_type=\"widget\" data-e-type=\"widget\" data-widget_type=\"text-editor.default\">\n\t\t\t\t\t\t\t\t\t<p>Les medalles cristianes de protecci\u00f3 s\u00f3n petits penjolls, generalment rodons o ovalats, fets de metall, que porten una imatge religiosa i sovint una breu <span class=\"iwg-fachbegriff\" data-tooltip=\"Un text gravat o cisellat en un suport r\u00edgid.\" tabindex=\"0\">inscripci\u00f3<\/span>. Es porten en una cadena al coll, es fixen als rosaris, es col\u00b7loquen en vehicles o es pengen a les cases. En la tradici\u00f3 cat\u00f2lica del <a href=\"https:\/\/iwell-guard.com\/ca\/cristianisme\/\">cristianisme<\/a> estan extraordin\u00e0riament esteses.<\/p><p>En el llenguatge eclesi\u00e0stic, aquestes medalles pertanyen als sacramentals. Es tracta de signes i accions consagrats que estan orientats cap als sagraments sense ser sagraments en si mateixos. Una medalla de protecci\u00f3 \u00e9s, doncs, un objecte bene\u00eft que fa visible la fe i la recorda, i no un objecte amb un poder propi que actua de manera autom\u00e0tica.<\/p><p>Aquesta distinci\u00f3 \u00e9s essencial per entendre les medalles. Explica per qu\u00e8 l&#8217;Esgl\u00e9sia fomenta portar medalles i alhora adverteix contra un \u00fas superstici\u00f3s. Segons la doctrina eclesi\u00e0stica, una medalla de protecci\u00f3 no actua com un <span class=\"iwg-fachbegriff\" data-tooltip=\"Un objecte portat al qual s'atribueix un efecte protector que allunya la desgr\u00e0cia.\" tabindex=\"0\">amulet<\/span> m\u00e0gic, sin\u00f3 com un signe de confian\u00e7a en D\u00e9u i d&#8217;intercessi\u00f3 dels sants.<\/p><p>Les medalles de protecci\u00f3 es troben entre els objectes religiosos que es fabriquen m\u00e9s sovint de tots. Es difonen en llocs de pelegrinatge, en botigues eclesi\u00e0stiques i per congregacions religioses, i arriben a persones en totes les situacions de la vida.<\/p><p>Des del nen a qui l&#8217;\u00e0via regala una medalla fins al viatger que en col\u00b7loca una placa al cotxe, el cercle de persones que porten aquests signes \u00e9s molt ampli. Aquesta \u00e0mplia arrelament fa de la medalla un exemple revelador de <span class=\"iwg-fachbegriff\" data-tooltip=\"L'actitud i la pr\u00e0ctica religiosa viscuda d'una persona.\" tabindex=\"0\">pietat<\/span> viscuda.<\/p>\t\t\t\t\t\t\t\t<\/div>\n\t\t\t\t<\/div>\n\t\t\t\t\t<\/div>\n\t\t\t\t<\/div>\n\t\t<div class=\"elementor-element elementor-element-iwgs-christliches-s1 e-flex e-con-boxed e-con e-parent\" data-id=\"iwgs-christliches-s1\" data-element_type=\"container\" data-e-type=\"container\">\n\t\t\t\t\t<div class=\"e-con-inner\">\n\t\t\t\t<div class=\"elementor-element elementor-element-iwgs-christliches-s1h elementor-widget elementor-widget-heading\" data-id=\"iwgs-christliches-s1h\" data-element_type=\"widget\" data-e-type=\"widget\" data-widget_type=\"heading.default\">\n\t\t\t\t\t<h2 class=\"elementor-heading-title elementor-size-default\">Les medalles en la hist\u00f2ria del cristianisme<\/h2>\t\t\t\t<\/div>\n\t\t<div class=\"elementor-element elementor-element-iwgs-christliches-s1box e-con-full e-flex e-con e-parent\" data-id=\"iwgs-christliches-s1box\" data-element_type=\"container\" data-e-type=\"container\">\n\t\t\t\t<div class=\"elementor-element elementor-element-iwgs-christliches-s1t elementor-widget elementor-widget-text-editor\" data-id=\"iwgs-christliches-s1t\" data-element_type=\"widget\" data-e-type=\"widget\" data-widget_type=\"text-editor.default\">\n\t\t\t\t\t\t\t\t\t<p>El costum de portar signes consagrats \u00e9s molt antic en el cristianisme. Ja a l&#8217;<span class=\"iwg-fachbegriff\" data-tooltip=\"\u00c8poca de transici\u00f3 entre l'antiguitat i l'edat mitjana, aproximadament del segle III al VII.\" tabindex=\"0\">antiguitat tardana<\/span> els creients portaven petits penjolls, anomenats encolpia, sovint amb una creu o una <span class=\"iwg-fachbegriff\" data-tooltip=\"Resta o objecte d'un sant que rep veneraci\u00f3 en la pietat popular.\" tabindex=\"0\">rel\u00edquia<\/span>. Els <span class=\"iwg-fachbegriff\" data-tooltip=\"Una persona que fa un viatge motivat religiosament a un lloc sagrat.\" tabindex=\"0\">pelegrins<\/span> portaven dels grans llocs de pelegrinatge petits records, anomenats signes de pelegr\u00ed, que feien present el dest\u00ed sagrat del viatge.<\/p><p>D&#8217;aquestes primeres formes es va desenvolupar, al llarg de l&#8217;edat mitjana i de l&#8217;edat moderna, la medalla fosa o encunyada. Amb l&#8217;aparici\u00f3 d&#8217;una t\u00e8cnica d&#8217;encunyaci\u00f3 eficient, les medalles es van poder fabricar en gran quantitat. Aix\u00ed es van fer assequibles i van arribar a \u00e0mplies capes de la poblaci\u00f3, no nom\u00e9s a pelegrins individuals.<\/p><p>Als segles XIX i principis del XX, la medalla de protecci\u00f3 va viure una \u00e8poca daurada. Aparicions marianes, canonitzacions i grans pelegrinatges van donar lloc a nous tipus de medalles, algunes de les quals encara avui es troben entre les m\u00e9s conegudes. La medalla es va convertir aix\u00ed en una part fixa de la <span class=\"iwg-fachbegriff\" data-tooltip=\"L'actitud i la pr\u00e0ctica religiosa viscuda d'una persona.\" tabindex=\"0\">pietat<\/span> cat\u00f2lica.<\/p><p>Les confraries i els ordes religiosos van tenir un paper important en la seva difusi\u00f3. Van fomentar determinades medalles, les van vincular a les seves formes de pietat i van fer que un tipus concret es fes conegut m\u00e9s enll\u00e0 de regions concretes.<\/p><p>Amb la millora de la t\u00e8cnica d&#8217;encunyaci\u00f3, les medalles es van poder fabricar tamb\u00e9 en quantitats molt grans i a un cost redu\u00eft. Nom\u00e9s aix\u00ed la medalla de protecci\u00f3 va passar de ser un record poc freq\u00fcent a un company quotidi\u00e0 d&#8217;\u00e0mplies capes de la poblaci\u00f3.<\/p>\t\t\t\t\t\t\t\t<\/div>\n\t\t\t\t<\/div>\n\t\t\t\t\t<\/div>\n\t\t\t\t<\/div>\n\t\t<div class=\"elementor-element elementor-element-iwgs-christliches-s2 e-flex e-con-boxed e-con e-parent\" data-id=\"iwgs-christliches-s2\" data-element_type=\"container\" data-e-type=\"container\">\n\t\t\t\t\t<div class=\"e-con-inner\">\n\t\t\t\t<div class=\"elementor-element elementor-element-iwgs-christliches-s2h elementor-widget elementor-widget-heading\" data-id=\"iwgs-christliches-s2h\" data-element_type=\"widget\" data-e-type=\"widget\" data-widget_type=\"heading.default\">\n\t\t\t\t\t<h2 class=\"elementor-heading-title elementor-size-default\">La medalla de Sant Benet<\/h2>\t\t\t\t<\/div>\n\t\t<div class=\"elementor-element elementor-element-iwgs-christliches-s2box e-con-full e-flex e-con e-parent\" data-id=\"iwgs-christliches-s2box\" data-element_type=\"container\" data-e-type=\"container\">\n\t\t\t\t<div class=\"elementor-element elementor-element-iwgs-christliches-s2t elementor-widget elementor-widget-text-editor\" data-id=\"iwgs-christliches-s2t\" data-element_type=\"widget\" data-e-type=\"widget\" data-widget_type=\"text-editor.default\">\n\t\t\t\t\t\t\t\t\t<p><span data-nosnippet>La medalla de Sant Benet \u00e9s la forma m\u00e9s coneguda concebuda expl\u00edcitament com a medalla de protecci\u00f3. Mostra Sant Benet de N\u00farsia, el fundador del monaquisme occidental, amb una creu i un llibre, la regla de l&#8217;orde. La seva forma actual es remunta a una edici\u00f3 commemorativa encunyada el 1880 a l&#8217;abadia de Montecassino.<\/span><\/p><p>El tret especial de la medalla de Sant Benet s\u00f3n les nombroses lletres que cobreixen el seu revers i anvers. S\u00f3n les inicials d&#8217;una f\u00f3rmula llatina de preg\u00e0ria i benedicci\u00f3 que demana protecci\u00f3 contra el Mal i crida a apartar-se&#8217;n. La medalla porta aix\u00ed una <span class=\"iwg-fachbegriff\" data-tooltip=\"L'adre\u00e7ament ling\u00fc\u00edstic de l'\u00e9sser hum\u00e0 a una divinitat.\" tabindex=\"0\">preg\u00e0ria<\/span> condensada en forma de signes.<\/p><p>En la pr\u00e0ctica cat\u00f2lica, la medalla de Sant Benet es considera un signe de protecci\u00f3 contra el dany espiritual. Es beneeix, es porta i es col\u00b7loca a les cases o sobre les portes. Tamb\u00e9 aqu\u00ed val la visi\u00f3 eclesi\u00e0stica segons la qual no \u00e9s el metall el que actua, sin\u00f3 la <span class=\"iwg-fachbegriff\" data-tooltip=\"L'adre\u00e7ament ling\u00fc\u00edstic de l'\u00e9sser hum\u00e0 a una divinitat.\" tabindex=\"0\">preg\u00e0ria<\/span> i la fe que la medalla expressa.<\/p><p>L&#8217;abadia de Montecassino, el lloc d&#8217;origen de l&#8217;orde benedict\u00ed, est\u00e0 estretament vinculada a la medalla i la beneeix seguint una f\u00f3rmula pr\u00f2pia. En la tradici\u00f3 popular, la medalla de Sant Benet es considera especialment un signe contra la temptaci\u00f3 espiritual i s&#8217;utilitza tamb\u00e9 en relaci\u00f3 amb la <span class=\"iwg-fachbegriff\" data-tooltip=\"L'adre\u00e7ament ling\u00fc\u00edstic de l'\u00e9sser hum\u00e0 a una divinitat.\" tabindex=\"0\">preg\u00e0ria<\/span> eclesi\u00e0stica d&#8217;alliberament.<\/p><p>La successi\u00f3 densa de lletres la converteix en una de les medalles m\u00e9s inconfusibles, ja que porta la seva preg\u00e0ria de protecci\u00f3 visible sobre la seva pr\u00f2pia superf\u00edcie.<\/p>\t\t\t\t\t\t\t\t<\/div>\n\t\t\t\t<\/div>\n\t\t\t\t\t<\/div>\n\t\t\t\t<\/div>\n\t\t<div class=\"elementor-element elementor-element-iwgs-christliches-s3 e-flex e-con-boxed e-con e-parent\" data-id=\"iwgs-christliches-s3\" data-element_type=\"container\" data-e-type=\"container\">\n\t\t\t\t\t<div class=\"e-con-inner\">\n\t\t\t\t<div class=\"elementor-element elementor-element-iwgs-christliches-s3h elementor-widget elementor-widget-heading\" data-id=\"iwgs-christliches-s3h\" data-element_type=\"widget\" data-e-type=\"widget\" data-widget_type=\"heading.default\">\n\t\t\t\t\t<h2 class=\"elementor-heading-title elementor-size-default\">La Medalla Miraculosa<\/h2>\t\t\t\t<\/div>\n\t\t<div class=\"elementor-element elementor-element-iwgs-christliches-s3box e-con-full e-flex e-con e-parent\" data-id=\"iwgs-christliches-s3box\" data-element_type=\"container\" data-e-type=\"container\">\n\t\t\t\t<div class=\"elementor-element elementor-element-iwgs-christliches-s3t elementor-widget elementor-widget-text-editor\" data-id=\"iwgs-christliches-s3t\" data-element_type=\"widget\" data-e-type=\"widget\" data-widget_type=\"text-editor.default\">\n\t\t\t\t\t\t\t\t\t<p><span data-nosnippet>La Medalla Miraculosa es remunta a fets ocorreguts l&#8217;any 1830 a Par\u00eds. La religiosa Caterina Labour\u00e9 va relatar aparicions de la Mare de D\u00e9u Maria, durant les quals hauria rebut l&#8217;enc\u00e0rrec de fer encunyar una medalla seguint un model prec\u00eds. La medalla mostra Maria amb una <span class=\"iwg-fachbegriff\" data-tooltip=\"L'adre\u00e7ament suplicant o invocador a una divinitat o poder.\" tabindex=\"0\">invocaci\u00f3<\/span> que proclama la seva puresa des del naixement.<\/span><\/p><p>La difusi\u00f3 de la medalla va ser r\u00e0pida i a gran escala. Pocs anys despr\u00e9s de les aparicions, ja circulaven milions d&#8217;exemplars. El nom de Medalla Miraculosa va sorgir perqu\u00e8 nombrosos portadors van relatar preg\u00e0ries escoltades i ajudes que atribu\u00efen a la medalla.<\/p><p>La Medalla Miraculosa \u00e9s una medalla mariana. La seva idea de protecci\u00f3 est\u00e0 estretament lligada a la intercessi\u00f3 de Maria. Segons la comprensi\u00f3 cat\u00f2lica, qui la porta es confia a l&#8217;auxili de la Mare de D\u00e9u. La medalla \u00e9s, doncs, menys un signe de defensa que una expressi\u00f3 d&#8217;adre\u00e7ament i de petici\u00f3 d&#8217;acompanyament.<\/p><p>La r\u00e0pida difusi\u00f3 de la Medalla Miraculosa va coincidir amb una \u00e8poca de gran inseguretat. Als anys 1830, les epid\u00e8mies de c\u00f2lera van sacsejar Europa, i la necessitat de protecci\u00f3 i consol era gran.<\/p><p>La capella del carrer del Bac a Par\u00eds, on Caterina Labour\u00e9 va viure les seves aparicions, es va convertir en un lloc de pelegrinatge molt visitat. Encara avui \u00e9s un dels llocs marians m\u00e9s coneguts de la ciutat i atreu nombrosos <span class=\"iwg-fachbegriff\" data-tooltip=\"Una persona que empr\u00e8n un viatge motivat religiosament cap a un lloc sagrat.\" tabindex=\"0\">pelegrins<\/span>.<\/p>\t\t\t\t\t\t\t\t<\/div>\n\t\t\t\t<\/div>\n\t\t\t\t\t<\/div>\n\t\t\t\t<\/div>\n\t\t<div class=\"elementor-element elementor-element-iwgs-christliches-s4 e-flex e-con-boxed e-con e-parent\" data-id=\"iwgs-christliches-s4\" data-element_type=\"container\" data-e-type=\"container\">\n\t\t\t\t\t<div class=\"e-con-inner\">\n\t\t\t\t<div class=\"elementor-element elementor-element-iwgs-christliches-s4h elementor-widget elementor-widget-heading\" data-id=\"iwgs-christliches-s4h\" data-element_type=\"widget\" data-e-type=\"widget\" data-widget_type=\"heading.default\">\n\t\t\t\t\t<h2 class=\"elementor-heading-title elementor-size-default\">La medalla de Sant Crist\u00f2fol<\/h2>\t\t\t\t<\/div>\n\t\t<div class=\"elementor-element elementor-element-iwgs-christliches-s4box e-con-full e-flex e-con e-parent\" data-id=\"iwgs-christliches-s4box\" data-element_type=\"container\" data-e-type=\"container\">\n\t\t\t\t<div class=\"elementor-element elementor-element-iwgs-christliches-s4t elementor-widget elementor-widget-text-editor\" data-id=\"iwgs-christliches-s4t\" data-element_type=\"widget\" data-e-type=\"widget\" data-widget_type=\"text-editor.default\">\n\t\t\t\t\t\t\t\t\t<p>La medalla de Sant Crist\u00f2fol \u00e9s la medalla cl\u00e0ssica de protecci\u00f3 en els viatges. Mostra Sant Crist\u00f2fol, que segons la <span class=\"iwg-fachbegriff\" data-tooltip=\"Una narraci\u00f3 edificant, generalment sobre la vida dels sants.\" tabindex=\"0\">llegenda<\/span> va portar un infant a trav\u00e9s d&#8217;un riu turbulent i va descobrir aleshores que duia el mateix Crist sobre les seves espatlles. El nom Crist\u00f2fol significa literalment portador de Crist.<\/p><p>D&#8217;aquesta <span class=\"iwg-fachbegriff\" data-tooltip=\"Una narraci\u00f3 edificant, generalment sobre la vida dels sants.\" tabindex=\"0\">llegenda<\/span> es deriva el paper del sant com a patr\u00f3 dels viatgers. Qui tenia per endavant un cam\u00ed perill\u00f3s es posava sota la seva protecci\u00f3. Amb la difusi\u00f3 de l&#8217;autom\u00f2bil al segle XX, la medalla de Sant Crist\u00f2fol es va convertir en la placa t\u00edpica dels vehicles i en un penjoll de molts viatgers.<\/p><p>La medalla de Sant Crist\u00f2fol mostra de manera exemplar com una medalla de protecci\u00f3 pot estar vinculada a un \u00e0mbit de la vida concret. Mentre que la medalla de Sant Benet pret\u00e9n protegir de manera general contra el Mal, la medalla de Sant Crist\u00f2fol es refereix a la situaci\u00f3 del viatge. Totes dues pertanyen a la mateixa fam\u00edlia de signes consagrats, per\u00f2 s&#8217;adrecen a inquietuds diferents.<\/p><p>Sant Crist\u00f2fol pertanyia a l&#8217;Edat Mitjana als Catorze Sants Auxiliadors, un grup de sants invocats en necessitats especials. Era una creen\u00e7a estesa que la sola visi\u00f3 d&#8217;una imatge de Sant Crist\u00f2fol al mat\u00ed protegia aquell dia d&#8217;una mort sobtada i imprevista.<\/p><p>D&#8217;aquesta idea s&#8217;explica per qu\u00e8 es van col\u00b7locar grans imatges de Sant Crist\u00f2fol a les esgl\u00e9sies i als camins. La medalla actual dins del vehicle continua aquesta antiga vinculaci\u00f3 entre imatge i protecci\u00f3 en els viatges.<\/p>\t\t\t\t\t\t\t\t<\/div>\n\t\t\t\t<\/div>\n\t\t\t\t\t<\/div>\n\t\t\t\t<\/div>\n\t\t<div class=\"elementor-element elementor-element-iwgs-christliches-s5 e-flex e-con-boxed e-con e-parent\" data-id=\"iwgs-christliches-s5\" data-element_type=\"container\" data-e-type=\"container\">\n\t\t\t\t\t<div class=\"e-con-inner\">\n\t\t\t\t<div class=\"elementor-element elementor-element-iwgs-christliches-s5h elementor-widget elementor-widget-heading\" data-id=\"iwgs-christliches-s5h\" data-element_type=\"widget\" data-e-type=\"widget\" data-widget_type=\"heading.default\">\n\t\t\t\t\t<h2 class=\"elementor-heading-title elementor-size-default\">Altres medalles i l'escapulari<\/h2>\t\t\t\t<\/div>\n\t\t<div class=\"elementor-element elementor-element-iwgs-christliches-s5box e-con-full e-flex e-con e-parent\" data-id=\"iwgs-christliches-s5box\" data-element_type=\"container\" data-e-type=\"container\">\n\t\t\t\t<div class=\"elementor-element elementor-element-iwgs-christliches-s5t elementor-widget elementor-widget-text-editor\" data-id=\"iwgs-christliches-s5t\" data-element_type=\"widget\" data-e-type=\"widget\" data-widget_type=\"text-editor.default\">\n\t\t\t\t\t\t\t\t\t<p>A m\u00e9s dels tres grans tipus, hi ha nombroses altres medalles de protecci\u00f3. S\u00f3n freq\u00fcents les medalles de sants individuals, considerats patrons de determinats oficis, inquietuds o situacions de la vida. Tamb\u00e9 les medalles d&#8217;\u00e0ngels, especialment la de l&#8217;\u00e0ngel de la guarda, pertanyen a aquest grup i s&#8217;acostumen a donar als infants.<\/p><p>Estretament relacionat amb la medalla \u00e9s l&#8217;escapulari. Consisteix en dos petits trossos de tela units per cintes que es porten sobre el pit i l&#8217;esquena. El m\u00e9s conegut \u00e9s l&#8217;escapulari marr\u00f3, que es remunta a la tradici\u00f3 carmelitana. Avui dia sovint es porta una medalla escapular, que substitueix la tela.<\/p><p>Aquesta diversitat mostra que la medalla de protecci\u00f3 cristiana no \u00e9s un objecte uniforme, sin\u00f3 tot un g\u00e8nere. Totes les formes tenen en com\u00fa que porten una imatge religiosa sobre el cos i mantenen aix\u00ed visible una vinculaci\u00f3 amb un sant, amb Maria o amb Crist.<\/p><p>Amb l&#8217;escapulari s&#8217;associa una tradici\u00f3 pr\u00f2pia de pietat, que es remunta a l&#8217;orde carmelit\u00e0 i est\u00e0 vinculada a la Mare de D\u00e9u. Qui porta l&#8217;escapulari es compromet a determinades preg\u00e0ries i es posa sota la protecci\u00f3 de Maria.<\/p><p>Tamb\u00e9 s\u00f3n molt freq\u00fcents les medalles de l&#8217;\u00e0ngel de la guarda, que sovint es donen als infants. Uneixen la idea de l&#8217;acompanyant celestial amb el signe portat i pertanyen, per tant, tamb\u00e9 a la gran fam\u00edlia de les medalles de protecci\u00f3.<\/p>\t\t\t\t\t\t\t\t<\/div>\n\t\t\t\t<\/div>\n\t\t\t\t\t<\/div>\n\t\t\t\t<\/div>\n\t\t<div class=\"elementor-element elementor-element-iwgs-christliches-s6 e-flex e-con-boxed e-con e-parent\" data-id=\"iwgs-christliches-s6\" data-element_type=\"container\" data-e-type=\"container\">\n\t\t\t\t\t<div class=\"e-con-inner\">\n\t\t\t\t<div class=\"elementor-element elementor-element-iwgs-christliches-s6h elementor-widget elementor-widget-heading\" data-id=\"iwgs-christliches-s6h\" data-element_type=\"widget\" data-e-type=\"widget\" data-widget_type=\"heading.default\">\n\t\t\t\t\t<h2 class=\"elementor-heading-title elementor-size-default\">Material, disseny i benedicci\u00f3<\/h2>\t\t\t\t<\/div>\n\t\t<div class=\"elementor-element elementor-element-iwgs-christliches-s6box e-con-full e-flex e-con e-parent\" data-id=\"iwgs-christliches-s6box\" data-element_type=\"container\" data-e-type=\"container\">\n\t\t\t\t<div class=\"elementor-element elementor-element-iwgs-christliches-s6t elementor-widget elementor-widget-text-editor\" data-id=\"iwgs-christliches-s6t\" data-element_type=\"widget\" data-e-type=\"widget\" data-widget_type=\"text-editor.default\">\n\t\t\t\t\t\t\t\t\t<p>Les medalles de protecci\u00f3 es fabriquen amb materials diferents. S\u00f3n habituals les medalles senzilles d&#8217;alumini o de metall no noble, i al costat d&#8217;aquestes hi ha peces de plata i d&#8217;or. Segons la concepci\u00f3 eclesi\u00e0stica, la tria del material no diu res sobre el significat espiritual, ja que aquest no dep\u00e8n del valor del metall.<\/p><p>El disseny segueix tipus iconogr\u00e0fics fixos. Una medalla mostra habitualment en una cara la imatge principal, com el sant o Maria, i a l&#8217;altra cara un signe complementari o una <span class=\"iwg-fachbegriff\" data-tooltip=\"Un text gravat o cisellat en un suport fix.\" tabindex=\"0\">inscripci\u00f3<\/span>. Aquest llenguatge iconogr\u00e0fic s&#8217;ha mantingut estable durant molt temps, de manera que els grans tipus de medalles es reconeixen f\u00e0cilment.<\/p><p>El que \u00e9s essencial \u00e9s la <span class=\"iwg-fachbegriff\" data-tooltip=\"L'acte ritual pel qual s'atorga una benedicci\u00f3.\" tabindex=\"0\">benedicci\u00f3<\/span>. Una medalla \u00e9s bene\u00efda per un sacerdot o un diaca i esdev\u00e9 aix\u00ed un sagramental. Nom\u00e9s aquesta <span class=\"iwg-fachbegriff\" data-tooltip=\"Concessi\u00f3 de salvaci\u00f3 i protecci\u00f3, sovint amb una f\u00f3rmula ling\u00fc\u00edstica fixa.\" tabindex=\"0\">benedicci\u00f3<\/span> converteix el metall encunyat en un objecte consagrat. La <span class=\"iwg-fachbegriff\" data-tooltip=\"Acte ritual pel qual un objecte, lloc o persona es lliura a l'\u00e0mbit religi\u00f3s.\" tabindex=\"0\">consagraci\u00f3<\/span> subratlla que la medalla s&#8217;incorpora a la fe i a l&#8217;<span class=\"iwg-fachbegriff\" data-tooltip=\"L'adre\u00e7a verbal de l'\u00e9sser hum\u00e0 a una divinitat.\" tabindex=\"0\">oraci\u00f3<\/span> de l&#8217;Esgl\u00e9sia.<\/p><p>Qualsevol sacerdot o diaca pot beneir una medalla, sense necessitat d&#8217;un lloc de consagraci\u00f3 propi. Per aix\u00f2 la medalla de protecci\u00f3 \u00e9s, de manera deliberada, accessible a tothom. El seu rang espiritual no dep\u00e8n del material ni del preu, sin\u00f3 \u00fanicament de la <span class=\"iwg-fachbegriff\" data-tooltip=\"Concessi\u00f3 de salvaci\u00f3 i protecci\u00f3, sovint amb una f\u00f3rmula ling\u00fc\u00edstica fixa.\" tabindex=\"0\">benedicci\u00f3<\/span> i de la fe de qui la porta.<\/p><p>Precisament les medalles senzilles de metall no noble, que es reparteixen en gran nombre als llocs de pelegrinatge, s\u00f3n per aix\u00f2 sagramentals tan plenament v\u00e0lids com les peces precioses d&#8217;or.<\/p>\t\t\t\t\t\t\t\t<\/div>\n\t\t\t\t<\/div>\n\t\t\t\t\t<\/div>\n\t\t\t\t<\/div>\n\t\t<div class=\"elementor-element elementor-element-iwgs-christliches-s7 e-flex e-con-boxed e-con e-parent\" data-id=\"iwgs-christliches-s7\" data-element_type=\"container\" data-e-type=\"container\">\n\t\t\t\t\t<div class=\"e-con-inner\">\n\t\t\t\t<div class=\"elementor-element elementor-element-iwgs-christliches-s7h elementor-widget elementor-widget-heading\" data-id=\"iwgs-christliches-s7h\" data-element_type=\"widget\" data-e-type=\"widget\" data-widget_type=\"heading.default\">\n\t\t\t\t\t<h2 class=\"elementor-heading-title elementor-size-default\">Sagramental, no amulet<\/h2>\t\t\t\t<\/div>\n\t\t<div class=\"elementor-element elementor-element-iwgs-christliches-s7box e-con-full e-flex e-con e-parent\" data-id=\"iwgs-christliches-s7box\" data-element_type=\"container\" data-e-type=\"container\">\n\t\t\t\t<div class=\"elementor-element elementor-element-iwgs-christliches-s7t elementor-widget elementor-widget-text-editor\" data-id=\"iwgs-christliches-s7t\" data-element_type=\"widget\" data-e-type=\"widget\" data-widget_type=\"text-editor.default\">\n\t\t\t\t\t\t\t\t\t<p>La doctrina cat\u00f2lica dona molta import\u00e0ncia a la distinci\u00f3 entre un sagramental i un <span class=\"iwg-fachbegriff\" data-tooltip=\"Un objecte portat al cos al qual s'atribueix un efecte protector, que allunya el mal.\" tabindex=\"0\">amulet<\/span> m\u00e0gic. Un <span class=\"iwg-fachbegriff\" data-tooltip=\"Un objecte portat al cos al qual s'atribueix un efecte protector, que allunya el mal.\" tabindex=\"0\">amulet<\/span>, segons la concepci\u00f3 m\u00e0gica, actua per si mateix, gaireb\u00e9 de manera mec\u00e0nica, pel sol fet de portar-lo. Una medalla de protecci\u00f3, segons la doctrina eclesi\u00e0stica, no actua d&#8217;aquesta manera.<\/p><p>La medalla \u00e9s un signe. Recorda al qui la porta la seva fe, orienta la seva <span class=\"iwg-fachbegriff\" data-tooltip=\"L'adre\u00e7a verbal de l'\u00e9sser hum\u00e0 a una divinitat.\" tabindex=\"0\">oraci\u00f3<\/span> i demana la intercessi\u00f3 d&#8217;un sant o de Maria. La protecci\u00f3 que s&#8217;espera prov\u00e9 de D\u00e9u, no de l&#8217;objecte. L&#8217;Esgl\u00e9sia adverteix expressament de no atribuir a una medalla un efecte autom\u00e0tic, ja que aix\u00f2 seria <span class=\"iwg-fachbegriff\" data-tooltip=\"Denominaci\u00f3 pejorativa per a idees considerades religiosament infundades.\" tabindex=\"0\">superstici\u00f3<\/span>.<\/p><p>Aquesta distinci\u00f3 tamb\u00e9 \u00e9s reveladora des del punt de vista de la ci\u00e8ncia de les religions. Mostra que portar signes de protecci\u00f3 no ha de ser interpretat necess\u00e0riament com un fet m\u00e0gic. La medalla de protecci\u00f3 cristiana representa un model en el qual el signe que es porta es refereix per complet a l&#8217;<span class=\"iwg-fachbegriff\" data-tooltip=\"L'adre\u00e7a verbal de l'\u00e9sser hum\u00e0 a una divinitat.\" tabindex=\"0\">oraci\u00f3<\/span>, la fe i la intercessi\u00f3.<\/p><p>El Catecisme de l&#8217;Esgl\u00e9sia Cat\u00f2lica adverteix expressament de no utilitzar de manera supersticiosa els signes religiosos. Segons la doctrina eclesi\u00e0stica, hi ha <span class=\"iwg-fachbegriff\" data-tooltip=\"Denominaci\u00f3 pejorativa per a idees considerades religiosament infundades.\" tabindex=\"0\">superstici\u00f3<\/span> quan s&#8217;atribueix a un objecte un efecte gaireb\u00e9 mec\u00e0nic, independent de l&#8217;actitud interior de la persona.<\/p><p>La medalla de protecci\u00f3, en canvi, ha de sostenir la fe, no substituir-la. Tra\u00e7ar amb precisi\u00f3 aquesta frontera entre la <span class=\"iwg-fachbegriff\" data-tooltip=\"L'actitud i la pr\u00e0ctica religiosa viscuda per una persona.\" tabindex=\"0\">pietat<\/span> i la <span class=\"iwg-fachbegriff\" data-tooltip=\"Denominaci\u00f3 pejorativa per a idees considerades religiosament infundades.\" tabindex=\"0\">superstici\u00f3<\/span> ha estat, al llarg dels segles, una preocupaci\u00f3 constant de l&#8217;Esgl\u00e9sia.<\/p>\t\t\t\t\t\t\t\t<\/div>\n\t\t\t\t<\/div>\n\t\t\t\t\t<\/div>\n\t\t\t\t<\/div>\n\t\t<div class=\"elementor-element elementor-element-iwgs-christliches-s8 e-flex e-con-boxed e-con e-parent\" data-id=\"iwgs-christliches-s8\" data-element_type=\"container\" data-e-type=\"container\">\n\t\t\t\t\t<div class=\"e-con-inner\">\n\t\t\t\t<div class=\"elementor-element elementor-element-iwgs-christliches-s8h elementor-widget elementor-widget-heading\" data-id=\"iwgs-christliches-s8h\" data-element_type=\"widget\" data-e-type=\"widget\" data-widget_type=\"heading.default\">\n\t\t\t\t\t<h2 class=\"elementor-heading-title elementor-size-default\">Difusi\u00f3 i recepci\u00f3 actual<\/h2>\t\t\t\t<\/div>\n\t\t<div class=\"elementor-element elementor-element-iwgs-christliches-s8box e-con-full e-flex e-con e-parent\" data-id=\"iwgs-christliches-s8box\" data-element_type=\"container\" data-e-type=\"container\">\n\t\t\t\t<div class=\"elementor-element elementor-element-iwgs-christliches-s8t elementor-widget elementor-widget-text-editor\" data-id=\"iwgs-christliches-s8t\" data-element_type=\"widget\" data-e-type=\"widget\" data-widget_type=\"text-editor.default\">\n\t\t\t\t\t\t\t\t\t<p>Les medalles de protecci\u00f3 cristianes continuen sent extraordin\u00e0riament esteses avui dia. Als pa\u00efsos de tradici\u00f3 cat\u00f2lica formen part de la primera comuni\u00f3, del baptisme i de molts altres esdeveniments en qu\u00e8 se solen regalar. Per aix\u00f2 sovint estan vinculades a un fet vital concret i a un record personal.<\/p><p>M\u00e9s enll\u00e0 de l&#8217;\u00fas estrictament religi\u00f3s, algunes medalles han adquirit tamb\u00e9 un significat cultural. La placa de sant Crist\u00f2for al cotxe es col\u00b7loca en molts llocs de manera quasi autom\u00e0tica, fins i tot per persones allunyades de la pr\u00e0ctica eclesi\u00e0stica. Aqu\u00ed el sentit es despla\u00e7a del signe consagrat cap a un s\u00edmbol general de sort i protecci\u00f3.<\/p><p>Dins la <span class=\"iwg-fachbegriff\" data-tooltip=\"L'actitud i la pr\u00e0ctica religiosa viscuda per una persona.\" tabindex=\"0\">pietat<\/span> cat\u00f2lica mateixa, la medalla de protecci\u00f3 es mant\u00e9 vigent. \u00c9s un exemple de com la necessitat d&#8217;un signe de protecci\u00f3 portat al cos persisteix al llarg dels segles i de com una gran religi\u00f3 ha donat a aquesta necessitat una forma pr\u00f2pia, teol\u00f2gicament elaborada.<\/p><p>Les medalles de protecci\u00f3 apareixen fins a la hist\u00f2ria m\u00e9s recent en molts llocs. Els soldats les portaven a les guerres del segle XX, els emigrants se les emportaven en els seus viatges, i encara avui es regalen en el baptisme, la primera comuni\u00f3 i la confirmaci\u00f3.<\/p><p>Aquesta continu\u00eftat mostra que la medalla de protecci\u00f3 \u00e9s m\u00e9s que un objecte hist\u00f2ric. \u00c9s una forma viva en la qual conflueixen la necessitat de protecci\u00f3 i la professi\u00f3 de fe religiosa.<\/p>\t\t\t\t\t\t\t\t<\/div>\n\t\t\t\t<\/div>\n\t\t\t\t\t<\/div>\n\t\t\t\t<\/div>\n\t\t<div class=\"elementor-element elementor-element-iwgs-christliches-lit e-flex e-con-boxed e-con e-parent\" data-id=\"iwgs-christliches-lit\" data-element_type=\"container\" data-e-type=\"container\">\n\t\t\t\t\t<div class=\"e-con-inner\">\n\t\t\t\t<div class=\"elementor-element elementor-element-iwgs-christliches-lith elementor-widget elementor-widget-heading\" data-id=\"iwgs-christliches-lith\" data-element_type=\"widget\" data-e-type=\"widget\" data-widget_type=\"heading.default\">\n\t\t\t\t\t<h2 class=\"elementor-heading-title elementor-size-default\">Bibliografia (selecci\u00f3)<\/h2>\t\t\t\t<\/div>\n\t\t<div class=\"elementor-element elementor-element-iwgs-christliches-litbox e-con-full e-flex e-con e-parent\" data-id=\"iwgs-christliches-litbox\" data-element_type=\"container\" data-e-type=\"container\">\n\t\t\t\t<div class=\"elementor-element elementor-element-iwgs-christliches-litt elementor-widget elementor-widget-html\" data-id=\"iwgs-christliches-litt\" data-element_type=\"widget\" data-e-type=\"widget\" data-widget_type=\"html.default\">\n\t\t\t\t\t<footer data-nosnippet=\"true\"><ul><li>Lexikon f\u00fcr Theologie und Kirche, articles <em>Sakramentalien<\/em> i <em>Medaille<\/em><\/li><li>Arnold Angenendt: <em>Geschichte der Religiosit\u00e4t im Mittelalter<\/em> (1997)<\/li><li>Hans D\u00fcnninger: <em>Wallfahrt und Bilderkult<\/em> (Studien)<\/li><li>Katechismus der Katholischen Kirche, secci\u00f3 sobre els sagramentals<\/li><li>Lenz Kriss-Rettenbeck: <em>Bilder und Zeichen religi\u00f6sen Volksglaubens<\/em> (1971)<\/li><\/ul><\/footer>\t\t\t\t<\/div>\n\t\t\t\t<\/div>\n\t\t\t\t\t<\/div>\n\t\t\t\t<\/div>\n\t\t<div class=\"elementor-element elementor-element-iwgs-christliches-kwd e-flex e-con-boxed e-con e-parent\" data-id=\"iwgs-christliches-kwd\" data-element_type=\"container\" data-e-type=\"container\">\n\t\t\t\t\t<div class=\"e-con-inner\">\n\t\t\t\t<div class=\"elementor-element elementor-element-iwgs-christliches-kwdt elementor-widget elementor-widget-text-editor\" data-id=\"iwgs-christliches-kwdt\" data-element_type=\"widget\" data-e-type=\"widget\" data-widget_type=\"text-editor.default\">\n\t\t\t\t\t\t\t\t\t<p><em>Conceptes clau relacionats: medalla de sant Benet, Medalla Miraculosa, sant Crist\u00f2fol, sacramental, escapulari, medalla de sant, <span class=\"iwg-fachbegriff\" data-tooltip=\"Invocaci\u00f3 de salvaci\u00f3 i protecci\u00f3, sovint amb una f\u00f3rmula ling\u00fc\u00edstica fixa.\" tabindex=\"0\">benedicci\u00f3<\/span>, protecci\u00f3 en els viatges.<\/em><\/p>\t\t\t\t\t\t\t\t<\/div>\n\t\t\t\t\t<\/div>\n\t\t\t\t<\/div>\n\t\t<div class=\"elementor-element elementor-element-iwgs-christliches-cc e-flex e-con-boxed e-con e-parent\" data-id=\"iwgs-christliches-cc\" data-element_type=\"container\" data-e-type=\"container\" id=\"iwg-cc-christliche-schutzmedaillen\">\n\t\t\t\t\t<div class=\"e-con-inner\">\n\t\t<div class=\"elementor-element elementor-element-iwgs-christliches-ccinner e-flex e-con-boxed e-con e-parent\" data-id=\"iwgs-christliches-ccinner\" data-element_type=\"container\" data-e-type=\"container\" data-settings=\"{&quot;background_background&quot;:&quot;classic&quot;}\">\n\t\t\t\t\t<div class=\"e-con-inner\">\n\t\t\t\t<div class=\"elementor-element elementor-element-iwgs-christliches-cch elementor-widget elementor-widget-heading\" data-id=\"iwgs-christliches-cch\" data-element_type=\"widget\" data-e-type=\"widget\" data-widget_type=\"heading.default\">\n\t\t\t\t\t<h2 class=\"elementor-heading-title elementor-size-default\">iWell Guard i tradicions de protecci\u00f3<\/h2>\t\t\t\t<\/div>\n\t\t\t\t<div class=\"elementor-element elementor-element-iwgs-christliches-cct elementor-widget elementor-widget-text-editor\" data-id=\"iwgs-christliches-cct\" data-element_type=\"widget\" data-e-type=\"widget\" data-widget_type=\"text-editor.default\">\n\t\t\t\t\t\t\t\t\t<p>iWell Guard s&#8217;inscriu en la l\u00ednia hist\u00f2rico-cultural dels objectes de protecci\u00f3 portables, a la qual tamb\u00e9 pertanyen les medalles cristianes de protecci\u00f3. Un company modern per a les persones que viuen amb s\u00edmbols de protecci\u00f3: fabricat a Alemanya, amb 41 capes d&#8217;or, plat\u00ed i plata aut\u00e8ntics, i amb dret de devoluci\u00f3 de 30 dies.<\/p>\t\t\t\t\t\t\t\t<\/div>\n\t\t\t\t<div class=\"elementor-element elementor-element-iwgs-christliches-ccb iwg-cc-button iwg-cc-cta-2026-05-13 elementor-widget elementor-widget-jet-button\" data-id=\"iwgs-christliches-ccb\" data-element_type=\"widget\" data-e-type=\"widget\" data-widget_type=\"jet-button.default\">\n\t\t\t\t<div class=\"elementor-widget-container\">\n\t\t\t\t\t<div class=\"elementor-jet-button jet-elements\"><div class=\"jet-button__container\"><a class=\"jet-button__instance jet-button__instance--icon-left hover-effect-1\" href=\"\/schutzanhaenger-iwell-guard-kaufen\/?utm_source=iwell-guard.com&amp;utm_medium=info-box&amp;utm_campaign=schutzsymbole\"><div class=\"jet-button__plane jet-button__plane-normal\"><\/div><div class=\"jet-button__plane jet-button__plane-hover\"><\/div><div class=\"jet-button__state jet-button__state-normal\"><span class=\"jet-button__label\">M\u00e9s informaci\u00f3 sobre l'iWell Guard<\/span><\/div><div class=\"jet-button__state jet-button__state-hover\"><span class=\"jet-button__label\">M\u00e9s informaci\u00f3 sobre l'iWell Guard<\/span><\/div><\/a><\/div><\/div><style>.elementor-element.elementor-element-iwgs-christliches-ccb .jet-button__instance{width:320px;height:56px;}.elementor-element.elementor-element-iwgs-christliches-ccb .jet-button__state-normal .jet-button__label{text-align:center;margin:0px 0px 0px 0px;color:#1a1b20;font-family:Montserrat,sans-serif;font-size:13px;font-weight:400;letter-spacing:4px;line-height:1.714em;text-transform:uppercase;}.elementor-element.elementor-element-iwgs-christliches-ccb .jet-button__state-hover .jet-button__label{text-align:center;margin:0px 0px 0px 0px;color:#FECC76;font-family:Montserrat,sans-serif;font-size:13px;font-weight:400;letter-spacing:4px;line-height:1.714em;text-transform:uppercase;}.elementor-element.elementor-element-iwgs-christliches-ccb .jet-button__plane-normal{background-color:#FECC76;border-style:solid;border-color:#C99540;border-width:2px 2px 2px 2px;}.elementor-element.elementor-element-iwgs-christliches-ccb .jet-button__plane-hover{background-color:rgba(0,0,0,0.55);border-style:solid;border-color:#FECC76;border-width:2px 2px 2px 2px;}<\/style>\t\t\t\t<\/div>\n\t\t\t\t<\/div>\n\t\t\t\t<div class=\"elementor-element elementor-element-iwgs-christliches-ccd elementor-widget elementor-widget-text-editor\" data-id=\"iwgs-christliches-ccd\" data-element_type=\"widget\" data-e-type=\"widget\" data-widget_type=\"text-editor.default\">\n\t\t\t\t\t\t\t\t\t<p style=\"text-align:center;font-size:13px;opacity:0.7;margin-top:14px\" data-nosnippet=\"true\">Les experi\u00e8ncies personals poden variar. No \u00e9s un producte sanitari. No es garanteix cap curaci\u00f3.<\/p>\t\t\t\t\t\t\t\t<\/div>\n\t\t\t\t\t<\/div>\n\t\t\t\t<\/div>\n\t\t\t\t\t<\/div>\n\t\t\t\t<\/div>\n\t\t<div class=\"elementor-element elementor-element-iwgs-christliches-disc e-flex e-con-boxed e-con e-parent\" data-id=\"iwgs-christliches-disc\" data-element_type=\"container\" data-e-type=\"container\">\n\t\t\t\t\t<div class=\"e-con-inner\">\n\t\t\t\t<div class=\"elementor-element elementor-element-iwgs-christliches-discw elementor-widget elementor-widget-html\" data-id=\"iwgs-christliches-discw\" data-element_type=\"widget\" data-e-type=\"widget\" data-widget_type=\"html.default\">\n\t\t\t\t\t<footer data-nosnippet=\"true\" class=\"iwg-disclaimer-block\"><p data-nosnippet=\"true\">iWell Guard <strong>no \u00e9s un producte sanitari<\/strong> i no substitueix cap tractament m\u00e8dic o psicoterap\u00e8utic. Els continguts presentats aqu\u00ed s\u00f3n una contextualitzaci\u00f3 des de la ci\u00e8ncia de les religions i la hist\u00f2ria cultural, no una promesa d'efecte espiritual.<\/p><\/footer>\t\t\t\t<\/div>\n\t\t\t\t\t<\/div>\n\t\t\t\t<\/div>\n\t\t\t\t<\/div>\n\t\t","protected":false},"excerpt":{"rendered":"","protected":false},"author":3,"featured_media":3436,"parent":0,"menu_order":0,"comment_status":"closed","ping_status":"closed","template":"elementor_header_footer","meta":{"_yoast_wpseo_focuskw":"medalles cristianes de protecci\u00f3","_yoast_wpseo_title":"Medalles cristianes de protecci\u00f3 \u2013 Visi\u00f3 general","_yoast_wpseo_metadesc":"Medalla de Sant Benet, Medalla Miraculosa, Medalla de Sant Crist\u00f2for: origen, significat i \u00fas de les medalles cristianes de protecci\u00f3.","_yoast_wpseo_meta-robots-noindex":"","_yoast_wpseo_canonical":"","_angie_page":false,"gefaehrdungsstufe":"","wesen_kultur":"","wesen_klasse":"","footnotes":""},"categories":[],"class_list":["post-171879","page","type-page","status-publish","has-post-thumbnail","hentry"],"yoast_head":"<!-- This site is optimized with the Yoast SEO Premium plugin v27.7 (Yoast SEO v28.3) - https:\/\/yoast.com\/product\/yoast-seo-premium-wordpress\/ -->\n<title>Medalles cristianes de protecci\u00f3 \u2013 Visi\u00f3 general<\/title>\n<meta name=\"description\" content=\"Medalla de Sant Benet, Medalla Miraculosa, Medalla de Sant Crist\u00f2for: origen, significat i \u00fas de les medalles cristianes de protecci\u00f3.\" \/>\n<meta name=\"robots\" content=\"index, follow, max-snippet:-1, max-image-preview:large, max-video-preview:-1\" \/>\n<link rel=\"canonical\" href=\"https:\/\/iwell-guard.com\/ca\/medalles-cristianes-de-proteccio\/\" \/>\n<meta property=\"og:locale\" content=\"ca_ES\" \/>\n<meta property=\"og:type\" content=\"article\" \/>\n<meta property=\"og:title\" content=\"Medalles cristianes de protecci\u00f3 \u2013 Benet, Maria, Crist\u00f2for\" \/>\n<meta property=\"og:description\" content=\"Medalla de Sant Benet, Medalla Miraculosa, Medalla de Sant Crist\u00f2for: origen, significat i \u00fas de les medalles cristianes de protecci\u00f3.\" \/>\n<meta property=\"og:url\" content=\"https:\/\/iwell-guard.com\/ca\/medalles-cristianes-de-proteccio\/\" \/>\n<meta property=\"og:site_name\" content=\"iWell Guard\" \/>\n<meta property=\"article:modified_time\" content=\"2026-09-05T16:09:34+00:00\" \/>\n<meta property=\"og:image\" content=\"https:\/\/iwell-guard.com\/wp-content\/uploads\/2026\/05\/schutzsymbol_christentum_schutzmedaillen-2.webp\" \/>\n\t<meta property=\"og:image:width\" content=\"1024\" \/>\n\t<meta property=\"og:image:height\" content=\"1536\" \/>\n\t<meta property=\"og:image:type\" content=\"image\/webp\" \/>\n<meta name=\"twitter:card\" content=\"summary_large_image\" \/>\n<script type=\"application\/ld+json\" class=\"yoast-schema-graph\">{\"@context\":\"https:\\\/\\\/schema.org\",\"@graph\":[{\"@type\":\"WebPage\",\"@id\":\"https:\\\/\\\/iwell-guard.com\\\/ca\\\/medalles-cristianes-de-proteccio\\\/\",\"url\":\"https:\\\/\\\/iwell-guard.com\\\/ca\\\/medalles-cristianes-de-proteccio\\\/\",\"name\":\"Medalles cristianes de protecci\u00f3 \u2013 Visi\u00f3 general\",\"isPartOf\":{\"@id\":\"https:\\\/\\\/iwell-guard.com\\\/ca\\\/#website\"},\"primaryImageOfPage\":{\"@id\":\"https:\\\/\\\/iwell-guard.com\\\/ca\\\/medalles-cristianes-de-proteccio\\\/#primaryimage\"},\"image\":{\"@id\":\"https:\\\/\\\/iwell-guard.com\\\/ca\\\/medalles-cristianes-de-proteccio\\\/#primaryimage\"},\"thumbnailUrl\":\"https:\\\/\\\/iwell-guard.com\\\/wp-content\\\/uploads\\\/2026\\\/05\\\/schutzsymbol_christentum_schutzmedaillen-2.webp\",\"datePublished\":\"2026-09-05T15:43:13+00:00\",\"dateModified\":\"2026-09-05T16:09:34+00:00\",\"description\":\"Medalla de Sant Benet, Medalla Miraculosa, Medalla de Sant Crist\u00f2for: origen, significat i \u00fas de les medalles cristianes de protecci\u00f3.\",\"breadcrumb\":{\"@id\":\"https:\\\/\\\/iwell-guard.com\\\/ca\\\/medalles-cristianes-de-proteccio\\\/#breadcrumb\"},\"inLanguage\":\"ca\",\"potentialAction\":[{\"@type\":\"ReadAction\",\"target\":[\"https:\\\/\\\/iwell-guard.com\\\/ca\\\/medalles-cristianes-de-proteccio\\\/\"]}]},{\"@type\":\"ImageObject\",\"inLanguage\":\"ca\",\"@id\":\"https:\\\/\\\/iwell-guard.com\\\/ca\\\/medalles-cristianes-de-proteccio\\\/#primaryimage\",\"url\":\"https:\\\/\\\/iwell-guard.com\\\/wp-content\\\/uploads\\\/2026\\\/05\\\/schutzsymbol_christentum_schutzmedaillen-2.webp\",\"contentUrl\":\"https:\\\/\\\/iwell-guard.com\\\/wp-content\\\/uploads\\\/2026\\\/05\\\/schutzsymbol_christentum_schutzmedaillen-2.webp\",\"width\":1024,\"height\":1536,\"caption\":\"S\u00edmbol de protecci\u00f3. Il\u00b7lustraci\u00f3 muse\u00edstica de bodeg\u00f3.\"},{\"@type\":\"BreadcrumbList\",\"@id\":\"https:\\\/\\\/iwell-guard.com\\\/ca\\\/medalles-cristianes-de-proteccio\\\/#breadcrumb\",\"itemListElement\":[{\"@type\":\"ListItem\",\"position\":1,\"name\":\"Start\",\"item\":\"https:\\\/\\\/iwell-guard.com\\\/ca\\\/?page_id=171333\"},{\"@type\":\"ListItem\",\"position\":2,\"name\":\"Medalles cristianes de protecci\u00f3 \u2013 Benet, Maria, Crist\u00f2for\"}]},{\"@type\":\"WebSite\",\"@id\":\"https:\\\/\\\/iwell-guard.com\\\/ca\\\/#website\",\"url\":\"https:\\\/\\\/iwell-guard.com\\\/ca\\\/\",\"name\":\"iWell Guard\",\"description\":\"Schutz vor dunklen Einfl\u00fcssen\",\"publisher\":{\"@id\":\"https:\\\/\\\/iwell-guard.com\\\/ca\\\/#organization\"},\"potentialAction\":[{\"@type\":\"SearchAction\",\"target\":{\"@type\":\"EntryPoint\",\"urlTemplate\":\"https:\\\/\\\/iwell-guard.com\\\/ca\\\/?s={search_term_string}\"},\"query-input\":{\"@type\":\"PropertyValueSpecification\",\"valueRequired\":true,\"valueName\":\"search_term_string\"}}],\"inLanguage\":\"ca\"},{\"@type\":\"Organization\",\"@id\":\"https:\\\/\\\/iwell-guard.com\\\/ca\\\/#organization\",\"name\":\"Ittermann electronic GmbH\",\"url\":\"https:\\\/\\\/iwell-guard.com\\\/ca\\\/\",\"logo\":{\"@type\":\"ImageObject\",\"inLanguage\":\"ca\",\"@id\":\"https:\\\/\\\/iwell-guard.com\\\/ca\\\/#\\\/schema\\\/logo\\\/image\\\/\",\"url\":\"https:\\\/\\\/iwell-guard.com\\\/wp-content\\\/uploads\\\/2026\\\/05\\\/Ittermann-Logo-1182x237-1.png\",\"contentUrl\":\"https:\\\/\\\/iwell-guard.com\\\/wp-content\\\/uploads\\\/2026\\\/05\\\/Ittermann-Logo-1182x237-1.png\",\"width\":1182,\"height\":237,\"caption\":\"Ittermann electronic GmbH\"},\"image\":{\"@id\":\"https:\\\/\\\/iwell-guard.com\\\/ca\\\/#\\\/schema\\\/logo\\\/image\\\/\"},\"sameAs\":[\"https:\\\/\\\/pantip.com\\\/profile\\\/9367242\",\"https:\\\/\\\/micro.blog\\\/iwellguard\",\"https:\\\/\\\/www.diggerslist.com\\\/iwellguard\\\/about\",\"https:\\\/\\\/skitterphoto.com\\\/photographers\\\/2870314\\\/iwell-guard\",\"https:\\\/\\\/iwellguard.wordpress.com\\\/2026\\\/06\\\/06\\\/iwell-guard\\\/\",\"https:\\\/\\\/hub.docker.com\\\/u\\\/iwellguard\",\"https:\\\/\\\/www.pinterest.com\\\/iwellguard\\\/\",\"https:\\\/\\\/bit.ly\\\/m\\\/iwellguard\",\"https:\\\/\\\/entre-vos-mains.alsace.eu\\\/profiles\\\/iwellguard\\\/activity\",\"https:\\\/\\\/gravatar.com\\\/reallybeded8fd34\",\"https:\\\/\\\/naijamatta.com\\\/iwellguard\",\"https:\\\/\\\/www.goodreads.com\\\/iwellguard\",\"https:\\\/\\\/profile.hatena.ne.jp\\\/iwellguard\\\/\",\"https:\\\/\\\/experiment.com\\\/users\\\/iwellguard\",\"https:\\\/\\\/wakelet.com\\\/@iWellGuard82270\",\"https:\\\/\\\/www.chordie.com\\\/forum\\\/profile.php?id=2555664\",\"https:\\\/\\\/www.instapaper.com\\\/p\\\/17757966\",\"https:\\\/\\\/www.mapleprimes.com\\\/users\\\/iwellguard\",\"https:\\\/\\\/businesslistingplus.com\\\/profile\\\/iwell-guard\\\/\",\"https:\\\/\\\/telegra.ph\\\/iWell-Guard-06-06\",\"https:\\\/\\\/pbase.com\\\/iwellguard\\\/iwellguard\",\"https:\\\/\\\/b.hatena.ne.jp\\\/iwellguard\\\/20260607#bookmark-4788405196491818882\",\"https:\\\/\\\/fliphtml5.com\\\/home\\\/iwellguard\",\"https:\\\/\\\/anyflip.com\\\/homepage\\\/cmiwl#About\",\"https:\\\/\\\/transfur.com\\\/Users\\\/iwellguard\",\"http:\\\/\\\/delphi.larsbo.org\\\/user\\\/iwellguard\",\"https:\\\/\\\/jobs.lajobsportal.org\\\/profiles\\\/8380803-iwell-guard\",\"https:\\\/\\\/md.chaosdorf.de\\\/s\\\/jfbe5SBdJD\",\"https:\\\/\\\/www.lingvolive.com\\\/en-us\\\/profile\\\/9ecaeaca-ce11-4e51-9e71-01d55e2bff36\\\/translations\",\"https:\\\/\\\/www.fitday.com\\\/fitness\\\/forums\\\/members\\\/iwellguard.html\",\"https:\\\/\\\/www.mymeetbook.com\\\/iwellguard\",\"https:\\\/\\\/pxhere.com\\\/en\\\/photographer-me\\\/5040798\",\"https:\\\/\\\/disqus.com\\\/by\\\/iwellguard\\\/about\\\/\",\"https:\\\/\\\/pastelink.net\\\/hjwciqwq\",\"https:\\\/\\\/pubhtml5.com\\\/homepage\\\/scjhn\\\/\",\"https:\\\/\\\/www.bitchute.com\\\/channel\\\/2O2eOKzNqujT\",\"https:\\\/\\\/audiomack.com\\\/iwellguard\"]}]}<\/script>\n<!-- \/ Yoast SEO Premium plugin. -->","yoast_head_json":{"title":"Medalles cristianes de protecci\u00f3 \u2013 Visi\u00f3 general","description":"Medalla de Sant Benet, Medalla Miraculosa, Medalla de Sant Crist\u00f2for: origen, significat i \u00fas de les medalles cristianes de protecci\u00f3.","robots":{"index":"index","follow":"follow","max-snippet":"max-snippet:-1","max-image-preview":"max-image-preview:large","max-video-preview":"max-video-preview:-1"},"canonical":"https:\/\/iwell-guard.com\/ca\/medalles-cristianes-de-proteccio\/","og_locale":"ca_ES","og_type":"article","og_title":"Medalles cristianes de protecci\u00f3 \u2013 Benet, Maria, Crist\u00f2for","og_description":"Medalla de Sant Benet, Medalla Miraculosa, Medalla de Sant Crist\u00f2for: origen, significat i \u00fas de les medalles cristianes de protecci\u00f3.","og_url":"https:\/\/iwell-guard.com\/ca\/medalles-cristianes-de-proteccio\/","og_site_name":"iWell Guard","article_modified_time":"2026-09-05T16:09:34+00:00","og_image":[{"width":1024,"height":1536,"url":"https:\/\/iwell-guard.com\/wp-content\/uploads\/2026\/05\/schutzsymbol_christentum_schutzmedaillen-2.webp","type":"image\/webp"}],"twitter_card":"summary_large_image","schema":{"@context":"https:\/\/schema.org","@graph":[{"@type":"WebPage","@id":"https:\/\/iwell-guard.com\/ca\/medalles-cristianes-de-proteccio\/","url":"https:\/\/iwell-guard.com\/ca\/medalles-cristianes-de-proteccio\/","name":"Medalles cristianes de protecci\u00f3 \u2013 Visi\u00f3 general","isPartOf":{"@id":"https:\/\/iwell-guard.com\/ca\/#website"},"primaryImageOfPage":{"@id":"https:\/\/iwell-guard.com\/ca\/medalles-cristianes-de-proteccio\/#primaryimage"},"image":{"@id":"https:\/\/iwell-guard.com\/ca\/medalles-cristianes-de-proteccio\/#primaryimage"},"thumbnailUrl":"https:\/\/iwell-guard.com\/wp-content\/uploads\/2026\/05\/schutzsymbol_christentum_schutzmedaillen-2.webp","datePublished":"2026-09-05T15:43:13+00:00","dateModified":"2026-09-05T16:09:34+00:00","description":"Medalla de Sant Benet, Medalla Miraculosa, Medalla de Sant Crist\u00f2for: origen, significat i \u00fas de les medalles cristianes de protecci\u00f3.","breadcrumb":{"@id":"https:\/\/iwell-guard.com\/ca\/medalles-cristianes-de-proteccio\/#breadcrumb"},"inLanguage":"ca","potentialAction":[{"@type":"ReadAction","target":["https:\/\/iwell-guard.com\/ca\/medalles-cristianes-de-proteccio\/"]}]},{"@type":"ImageObject","inLanguage":"ca","@id":"https:\/\/iwell-guard.com\/ca\/medalles-cristianes-de-proteccio\/#primaryimage","url":"https:\/\/iwell-guard.com\/wp-content\/uploads\/2026\/05\/schutzsymbol_christentum_schutzmedaillen-2.webp","contentUrl":"https:\/\/iwell-guard.com\/wp-content\/uploads\/2026\/05\/schutzsymbol_christentum_schutzmedaillen-2.webp","width":1024,"height":1536,"caption":"S\u00edmbol de protecci\u00f3. Il\u00b7lustraci\u00f3 muse\u00edstica de bodeg\u00f3."},{"@type":"BreadcrumbList","@id":"https:\/\/iwell-guard.com\/ca\/medalles-cristianes-de-proteccio\/#breadcrumb","itemListElement":[{"@type":"ListItem","position":1,"name":"Start","item":"https:\/\/iwell-guard.com\/ca\/?page_id=171333"},{"@type":"ListItem","position":2,"name":"Medalles cristianes de protecci\u00f3 \u2013 Benet, Maria, Crist\u00f2for"}]},{"@type":"WebSite","@id":"https:\/\/iwell-guard.com\/ca\/#website","url":"https:\/\/iwell-guard.com\/ca\/","name":"iWell Guard","description":"Schutz vor dunklen Einfl\u00fcssen","publisher":{"@id":"https:\/\/iwell-guard.com\/ca\/#organization"},"potentialAction":[{"@type":"SearchAction","target":{"@type":"EntryPoint","urlTemplate":"https:\/\/iwell-guard.com\/ca\/?s={search_term_string}"},"query-input":{"@type":"PropertyValueSpecification","valueRequired":true,"valueName":"search_term_string"}}],"inLanguage":"ca"},{"@type":"Organization","@id":"https:\/\/iwell-guard.com\/ca\/#organization","name":"Ittermann electronic GmbH","url":"https:\/\/iwell-guard.com\/ca\/","logo":{"@type":"ImageObject","inLanguage":"ca","@id":"https:\/\/iwell-guard.com\/ca\/#\/schema\/logo\/image\/","url":"https:\/\/iwell-guard.com\/wp-content\/uploads\/2026\/05\/Ittermann-Logo-1182x237-1.png","contentUrl":"https:\/\/iwell-guard.com\/wp-content\/uploads\/2026\/05\/Ittermann-Logo-1182x237-1.png","width":1182,"height":237,"caption":"Ittermann electronic GmbH"},"image":{"@id":"https:\/\/iwell-guard.com\/ca\/#\/schema\/logo\/image\/"},"sameAs":["https:\/\/pantip.com\/profile\/9367242","https:\/\/micro.blog\/iwellguard","https:\/\/www.diggerslist.com\/iwellguard\/about","https:\/\/skitterphoto.com\/photographers\/2870314\/iwell-guard","https:\/\/iwellguard.wordpress.com\/2026\/06\/06\/iwell-guard\/","https:\/\/hub.docker.com\/u\/iwellguard","https:\/\/www.pinterest.com\/iwellguard\/","https:\/\/bit.ly\/m\/iwellguard","https:\/\/entre-vos-mains.alsace.eu\/profiles\/iwellguard\/activity","https:\/\/gravatar.com\/reallybeded8fd34","https:\/\/naijamatta.com\/iwellguard","https:\/\/www.goodreads.com\/iwellguard","https:\/\/profile.hatena.ne.jp\/iwellguard\/","https:\/\/experiment.com\/users\/iwellguard","https:\/\/wakelet.com\/@iWellGuard82270","https:\/\/www.chordie.com\/forum\/profile.php?id=2555664","https:\/\/www.instapaper.com\/p\/17757966","https:\/\/www.mapleprimes.com\/users\/iwellguard","https:\/\/businesslistingplus.com\/profile\/iwell-guard\/","https:\/\/telegra.ph\/iWell-Guard-06-06","https:\/\/pbase.com\/iwellguard\/iwellguard","https:\/\/b.hatena.ne.jp\/iwellguard\/20260607#bookmark-4788405196491818882","https:\/\/fliphtml5.com\/home\/iwellguard","https:\/\/anyflip.com\/homepage\/cmiwl#About","https:\/\/transfur.com\/Users\/iwellguard","http:\/\/delphi.larsbo.org\/user\/iwellguard","https:\/\/jobs.lajobsportal.org\/profiles\/8380803-iwell-guard","https:\/\/md.chaosdorf.de\/s\/jfbe5SBdJD","https:\/\/www.lingvolive.com\/en-us\/profile\/9ecaeaca-ce11-4e51-9e71-01d55e2bff36\/translations","https:\/\/www.fitday.com\/fitness\/forums\/members\/iwellguard.html","https:\/\/www.mymeetbook.com\/iwellguard","https:\/\/pxhere.com\/en\/photographer-me\/5040798","https:\/\/disqus.com\/by\/iwellguard\/about\/","https:\/\/pastelink.net\/hjwciqwq","https:\/\/pubhtml5.com\/homepage\/scjhn\/","https:\/\/www.bitchute.com\/channel\/2O2eOKzNqujT","https:\/\/audiomack.com\/iwellguard"]}]}},"_links":{"self":[{"href":"https:\/\/iwell-guard.com\/ca\/wp-json\/wp\/v2\/pages\/171879","targetHints":{"allow":["GET"]}}],"collection":[{"href":"https:\/\/iwell-guard.com\/ca\/wp-json\/wp\/v2\/pages"}],"about":[{"href":"https:\/\/iwell-guard.com\/ca\/wp-json\/wp\/v2\/types\/page"}],"author":[{"embeddable":true,"href":"https:\/\/iwell-guard.com\/ca\/wp-json\/wp\/v2\/users\/3"}],"replies":[{"embeddable":true,"href":"https:\/\/iwell-guard.com\/ca\/wp-json\/wp\/v2\/comments?post=171879"}],"version-history":[{"count":0,"href":"https:\/\/iwell-guard.com\/ca\/wp-json\/wp\/v2\/pages\/171879\/revisions"}],"wp:featuredmedia":[{"embeddable":true,"href":"https:\/\/iwell-guard.com\/ca\/wp-json\/wp\/v2\/media\/3436"}],"wp:attachment":[{"href":"https:\/\/iwell-guard.com\/ca\/wp-json\/wp\/v2\/media?parent=171879"}],"wp:term":[{"taxonomy":"category","embeddable":true,"href":"https:\/\/iwell-guard.com\/ca\/wp-json\/wp\/v2\/categories?post=171879"}],"curies":[{"name":"wp","href":"https:\/\/api.w.org\/{rel}","templated":true}]}}