{"id":171876,"date":"2026-09-05T15:43:12","date_gmt":"2026-09-05T15:43:12","guid":{"rendered":"https:\/\/iwell-guard.com\/?page_id=171876"},"modified":"2026-09-05T16:09:30","modified_gmt":"2026-09-05T16:09:30","slug":"martell-de-thor-mjolnir-simbol-protector-germanic","status":"publish","type":"page","link":"https:\/\/iwell-guard.com\/ca\/martell-de-thor-mjolnir-simbol-protector-germanic\/","title":{"rendered":"Martell de Thor \u2013 Mj\u00f6lnir com a s\u00edmbol protector germ\u00e0nic"},"content":{"rendered":"\t\t<div data-elementor-type=\"wp-page\" data-elementor-id=\"171876\" class=\"elementor elementor-171876 elementor-3587 elementor-bc-flex-widget\" data-elementor-post-type=\"page\">\n\t\t\t\t<div class=\"elementor-element elementor-element-iwgs-thorshammer-hero e-flex e-con-boxed e-con e-parent\" data-id=\"iwgs-thorshammer-hero\" data-element_type=\"container\" data-e-type=\"container\">\n\t\t\t\t\t<div class=\"e-con-inner\">\n\t\t<div class=\"elementor-element elementor-element-iwgs-thorshammer-hl e-flex e-con-boxed e-con e-parent\" data-id=\"iwgs-thorshammer-hl\" data-element_type=\"container\" data-e-type=\"container\">\n\t\t\t\t\t<div class=\"e-con-inner\">\n\t\t<div class=\"elementor-element elementor-element-iwgs-thorshammer-hlbox e-con-full e-flex e-con e-parent\" data-id=\"iwgs-thorshammer-hlbox\" data-element_type=\"container\" data-e-type=\"container\">\n\t\t\t\t<div class=\"elementor-element elementor-element-iwgs-thorshammer-h1 elementor-widget elementor-widget-heading\" data-id=\"iwgs-thorshammer-h1\" data-element_type=\"widget\" data-e-type=\"widget\" data-widget_type=\"heading.default\">\n\t\t\t\t\t<h1 class=\"elementor-heading-title elementor-size-default\">El martell de Thor \u2013 Mj\u00f6lnir com a signe protector germano-n\u00f2rdic<\/h1>\t\t\t\t<\/div>\n\t\t\t\t<div class=\"elementor-element elementor-element-iwgs-thorshammer-lead elementor-widget elementor-widget-text-editor\" data-id=\"iwgs-thorshammer-lead\" data-element_type=\"widget\" data-e-type=\"widget\" data-widget_type=\"text-editor.default\">\n\t\t\t\t\t\t\t\t\t<p>El martell de Thor, Mj\u00f6lnir, \u00e9s un signe protector germano-n\u00f2rdic que encarna la for\u00e7a, el <span class=\"iwg-fachbegriff\" data-tooltip=\"Invocaci\u00f3 de benediccio i protecci\u00f3, sovint en una forma ling\u00fc\u00edstica fixa.\" tabindex=\"0\">bendicci\u00f3<\/span> i la defensa contra els poders hostils. El martell de Thor, anomenat Mj\u00f6lnir en la <span class=\"iwg-fachbegriff\" data-tooltip=\"La transmissi\u00f3 de coneixements i relats al llarg de generacions.\" tabindex=\"0\">tradici\u00f3<\/span> n\u00f2rdica, va ser un penjoll protector molt est\u00e8s durant l&#8217;\u00e8poca viquinga. Combinava la idea de la capacitat defensiva divina amb un signe personal que posava el seu portador sota la protecci\u00f3 del d\u00e9u del tro. El Mj\u00f6lnir es considera un s\u00edmbol protector que unia la capacitat defensiva divina amb la protecci\u00f3 personal del seu portador.<\/p>\t\t\t\t\t\t\t\t<\/div>\n\t\t\t\t<\/div>\n\t\t\t\t<div class=\"elementor-element elementor-element-iwgs-thorshammer-pills elementor-widget elementor-widget-html\" data-id=\"iwgs-thorshammer-pills\" data-element_type=\"widget\" data-e-type=\"widget\" data-widget_type=\"html.default\">\n\t\t\t\t\t<div class=\"iwg-pill-row\"><span class=\"iwg-klasse-badge\" tabindex=\"0\" data-tooltip=\"S\u00edmbol protector, amulet o objecte apotropaic.\">S\u00edmbol protector<\/span><a href=\"https:\/\/iwell-guard.com\/ca\/germanica\/\" class=\"iwg-kultur-badge\" tabindex=\"0\" data-tooltip=\"Tradici\u00f3 protectora: Germ\u00e0nica\">Germ\u00e0nica<\/a><span class=\"iwg-tradition-badge\" tabindex=\"0\" data-tooltip=\"Un objecte o signe destinat a allunyar la desgr\u00e0cia i les influ\u00e8ncies nocives.\">Apotropaic<\/span><\/div>\t\t\t\t<\/div>\n\t\t\t\t\t<\/div>\n\t\t\t\t<\/div>\n\t\t<div class=\"elementor-element elementor-element-iwgs-thorshammer-hr e-con-full e-flex e-con e-parent\" data-id=\"iwgs-thorshammer-hr\" data-element_type=\"container\" data-e-type=\"container\">\n\t\t\t\t<div class=\"elementor-element elementor-element-iwgs-thorshammer-himg iwg-hero-image elementor-widget elementor-widget-image\" data-id=\"iwgs-thorshammer-himg\" data-element_type=\"widget\" data-e-type=\"widget\" data-widget_type=\"image.default\">\n\t\t\t\t\t\t\t\t\t\t\t\t\t\t\t<img fetchpriority=\"high\" decoding=\"async\" width=\"683\" height=\"1024\" src=\"https:\/\/iwell-guard.com\/wp-content\/uploads\/2026\/05\/schutzsymbol_germanisch_thorshammer-683x1024.webp\" class=\"attachment-large size-large wp-image-3439\" alt=\"Silberner Thorshammer-Anh\u00e4nger (Mj\u00f6lnir) im wikingerzeitlichen Stil mit Knotenwerk\" srcset=\"https:\/\/iwell-guard.com\/wp-content\/uploads\/2026\/05\/schutzsymbol_germanisch_thorshammer-683x1024.webp 683w, https:\/\/iwell-guard.com\/wp-content\/uploads\/2026\/05\/schutzsymbol_germanisch_thorshammer-200x300.webp 200w, https:\/\/iwell-guard.com\/wp-content\/uploads\/2026\/05\/schutzsymbol_germanisch_thorshammer-768x1152.webp 768w, https:\/\/iwell-guard.com\/wp-content\/uploads\/2026\/05\/schutzsymbol_germanisch_thorshammer.webp 1024w\" sizes=\"(max-width: 683px) 100vw, 683px\" \/>\t\t\t\t\t\t\t\t\t\t\t\t\t\t\t<\/div>\n\t\t\t\t<\/div>\n\t\t\t\t\t<\/div>\n\t\t\t\t<\/div>\n\t\t<div class=\"elementor-element elementor-element-iwgs-thorshammer-s0 e-flex e-con-boxed e-con e-parent\" data-id=\"iwgs-thorshammer-s0\" data-element_type=\"container\" data-e-type=\"container\">\n\t\t\t\t\t<div class=\"e-con-inner\">\n\t\t\t\t<div class=\"elementor-element elementor-element-iwgs-thorshammer-s0h elementor-widget elementor-widget-heading\" data-id=\"iwgs-thorshammer-s0h\" data-element_type=\"widget\" data-e-type=\"widget\" data-widget_type=\"heading.default\">\n\t\t\t\t\t<h2 class=\"elementor-heading-title elementor-size-default\">Introducci\u00f3<\/h2>\t\t\t\t<\/div>\n\t\t<div class=\"elementor-element elementor-element-iwgs-thorshammer-s0box e-con-full e-flex e-con e-parent\" data-id=\"iwgs-thorshammer-s0box\" data-element_type=\"container\" data-e-type=\"container\">\n\t\t\t\t<div class=\"elementor-element elementor-element-iwgs-thorshammer-s0t elementor-widget elementor-widget-text-editor\" data-id=\"iwgs-thorshammer-s0t\" data-element_type=\"widget\" data-e-type=\"widget\" data-widget_type=\"text-editor.default\">\n\t\t\t\t\t\t\t\t\t<p>El martell de Thor \u00e9s un penjoll protector del m\u00f3n <a href=\"https:\/\/iwell-guard.com\/ca\/germanica\/\">germano-n\u00f2rdic<\/a>. Reprodueix el Mj\u00f6lnir, el martell del d\u00e9u del tro Thor, i es va portar sobretot durant l&#8217;\u00e8poca viquinga, entre els segles nou i onze. Se n&#8217;han conservat nombrosos exemplars a Escandin\u00e0via, al B\u00e0ltic i als territoris colonitzats pels n\u00f2rdics.<\/p><p>A difer\u00e8ncia de molts amulets <span class=\"iwg-fachbegriff\" data-tooltip=\"\u00c8poca de la cultura grega i romana, aproximadament del 800 aC al 600 dC.\" tabindex=\"0\">antics<\/span>, el martell de Thor no \u00e9s la imatge d&#8217;una <span class=\"iwg-fachbegriff\" data-tooltip=\"Un \u00e9sser venerat com a div\u00ed dins d'una religi\u00f3.\" tabindex=\"0\">divinitat<\/span>, sin\u00f3 la representaci\u00f3 de la seva eina. No es portava Thor mateix, sin\u00f3 l&#8217;instrument amb el qual defensava el m\u00f3n dels humans i el dels d\u00e9us. El signe remetia aix\u00ed directament a un acte de protecci\u00f3.<\/p><p>En les <span class=\"iwg-fachbegriff\" data-tooltip=\"La ci\u00e8ncia que estudia les religions de manera comparativa i sense vinculaci\u00f3 de fe.\" tabindex=\"0\">ci\u00e8ncies de la religi\u00f3<\/span>, el martell de Thor es considera un exemple ben documentat d&#8217;un signe protector personal que alhora era expressi\u00f3 d&#8217;una pertinen\u00e7a religiosa. Precisament en l&#8217;\u00e8poca de transici\u00f3 cap al cristianisme, el martell va adquirir un significat que anava m\u00e9s enll\u00e0 de la simple protecci\u00f3 contra la desgr\u00e0cia.<\/p><p>El registre arqueol\u00f2gic \u00e9s extens. Es coneixen m\u00e9s de mil penjolls en forma de martell, als quals s&#8217;afegeixen motlles de fosa i representacions gr\u00e0fiques. Aquesta gran quantitat converteix el martell de Thor en un dels amulets millor estudiats de l&#8217;\u00e8poca viquinga.<\/p><p>Aix\u00f2 permet a la recerca establir amb m\u00e9s precisi\u00f3 la seva difusi\u00f3, els tallers i l&#8217;evoluci\u00f3 temporal que en molts altres signes protectors. El martell no \u00e9s, doncs, nom\u00e9s un signe religi\u00f3s, sin\u00f3 tamb\u00e9 una font important per a la cultura material del nord.<\/p>\t\t\t\t\t\t\t\t<\/div>\n\t\t\t\t<\/div>\n\t\t\t\t\t<\/div>\n\t\t\t\t<\/div>\n\t\t<div class=\"elementor-element elementor-element-iwgs-thorshammer-s1 e-flex e-con-boxed e-con e-parent\" data-id=\"iwgs-thorshammer-s1\" data-element_type=\"container\" data-e-type=\"container\">\n\t\t\t\t\t<div class=\"e-con-inner\">\n\t\t\t\t<div class=\"elementor-element elementor-element-iwgs-thorshammer-s1h elementor-widget elementor-widget-heading\" data-id=\"iwgs-thorshammer-s1h\" data-element_type=\"widget\" data-e-type=\"widget\" data-widget_type=\"heading.default\">\n\t\t\t\t\t<h2 class=\"elementor-heading-title elementor-size-default\">Mj\u00f6lnir, el martell de Thor<\/h2>\t\t\t\t<\/div>\n\t\t<div class=\"elementor-element elementor-element-iwgs-thorshammer-s1box e-con-full e-flex e-con e-parent\" data-id=\"iwgs-thorshammer-s1box\" data-element_type=\"container\" data-e-type=\"container\">\n\t\t\t\t<div class=\"elementor-element elementor-element-iwgs-thorshammer-s1t elementor-widget elementor-widget-text-editor\" data-id=\"iwgs-thorshammer-s1t\" data-element_type=\"widget\" data-e-type=\"widget\" data-widget_type=\"text-editor.default\">\n\t\t\t\t\t\t\t\t\t<p>La <span class=\"iwg-fachbegriff\" data-tooltip=\"La transmissi\u00f3 de coneixements i relats al llarg de generacions.\" tabindex=\"0\">tradici\u00f3<\/span> sobre el Mj\u00f6lnir prov\u00e9 sobretot de les fonts n\u00f2rdiques antigues, l&#8217;Edda po\u00e8tica i l&#8217;Edda en prosa de Snorri Sturluson. All\u00e0 s&#8217;explica com uns nans van forjar el martell. Una intervenci\u00f3 del d\u00e9u Loki va fer que el m\u00e0nec qued\u00e9s massa curt, per\u00f2 aix\u00f2 no va afectar l&#8217;efic\u00e0cia de l&#8217;arma.<\/p><p>Mj\u00f6lnir tenia propietats extraordin\u00e0ries. Encertava sempre el seu objectiu, tornava a la m\u00e0 de Thor i es podia reduir de mida, de manera que el d\u00e9u el podia portar amagat. En els mites, el martell \u00e9s l&#8217;arma decisiva contra els gegants, que apareixen com a enemics del m\u00f3n div\u00ed.<\/p><p>Tot i aix\u00f2, Mj\u00f6lnir no era nom\u00e9s una arma. Les fonts tamb\u00e9 el mostren com un instrument consagratori, amb el qual Thor bene\u00efa i santificava. Aquest doble paper, arma i eina de consagraci\u00f3 alhora, \u00e9s essencial per entendre l&#8217;amulet en forma de martell, ja que ambd\u00f3s aspectes formaven part del seu significat protector.<\/p><p>El nom Mj\u00f6lnir s&#8217;interpreta de diverses maneres des del punt de vista ling\u00fc\u00edstic. \u00c9s habitual derivar-lo d&#8217;una paraula que significa esclafar o triturar, que caracteritza el martell com una eina de destrucci\u00f3. Altres interpretacions relacionen el nom amb termes referits al llamp.<\/p><p>Ambdues l\u00ednies s&#8217;ajusten a la figura de Thor com a d\u00e9u del tro, amb el cop del qual, en la imaginaci\u00f3 de la gent, coincidien el llamp i el tro. El nom mateix porta, doncs, ja la doble naturalesa d&#8217;aquest objecte, alhora eina, arma i for\u00e7a de la natura.<\/p>\t\t\t\t\t\t\t\t<\/div>\n\t\t\t\t<\/div>\n\t\t\t\t\t<\/div>\n\t\t\t\t<\/div>\n\t\t<div class=\"elementor-element elementor-element-iwgs-thorshammer-s2 e-flex e-con-boxed e-con e-parent\" data-id=\"iwgs-thorshammer-s2\" data-element_type=\"container\" data-e-type=\"container\">\n\t\t\t\t\t<div class=\"e-con-inner\">\n\t\t\t\t<div class=\"elementor-element elementor-element-iwgs-thorshammer-s2h elementor-widget elementor-widget-heading\" data-id=\"iwgs-thorshammer-s2h\" data-element_type=\"widget\" data-e-type=\"widget\" data-widget_type=\"heading.default\">\n\t\t\t\t\t<h2 class=\"elementor-heading-title elementor-size-default\">Thor com a protector de d\u00e9us i humans<\/h2>\t\t\t\t<\/div>\n\t\t<div class=\"elementor-element elementor-element-iwgs-thorshammer-s2box e-con-full e-flex e-con e-parent\" data-id=\"iwgs-thorshammer-s2box\" data-element_type=\"container\" data-e-type=\"container\">\n\t\t\t\t<div class=\"elementor-element elementor-element-iwgs-thorshammer-s2t elementor-widget elementor-widget-text-editor\" data-id=\"iwgs-thorshammer-s2t\" data-element_type=\"widget\" data-e-type=\"widget\" data-widget_type=\"text-editor.default\">\n\t\t\t\t\t\t\t\t\t<p>Thor era un dels d\u00e9us m\u00e9s \u00e0mpliament venerats en la religi\u00f3 n\u00f2rdica. Es considerava el protector d&#8217;Asgard, el m\u00f3n dels d\u00e9us, i de Midgard, el m\u00f3n dels humans. La seva tasca era defensar l&#8217;ordre contra els poders del caos, que apareixien en forma de gegants.<\/p><p>A difer\u00e8ncia d&#8217;Odin, m\u00e9s associat al poder, la poesia i el regne dels morts, Thor estava a prop dels pagesos i la gent senzilla. Assegurava el temps i la fertilitat, i protegia la casa i la propietat. Els noms de lloc i de persona que remeten a Thor es troben per tota Escandin\u00e0via i s\u00f3n testimoni d&#8217;aquesta \u00e0mplia veneraci\u00f3.<\/p><p>Qui portava un martell de Thor es posava sota la protecci\u00f3 d&#8217;aquest d\u00e9u concret. L&#8217;<span class=\"iwg-fachbegriff\" data-tooltip=\"Un objecte que es porta al qual s'atribueix un efecte protector i d'allunyament de la desgr\u00e0cia.\" tabindex=\"0\">amulet<\/span> unia l&#8217;individu amb el poder protector que, en els mites, preservava el m\u00f3n dels humans de les forces hostils. Era, doncs, expressi\u00f3 de confian\u00e7a, no d&#8217;una imatge terror\u00edfica.<\/p><p>Fins a quin punt el martell pertanyia a Thor ho mostra el poema de Thrym, de l&#8217;Edda po\u00e8tica. All\u00e0, un gegant roba el Mj\u00f6lnir, i immediatament el m\u00f3n dels d\u00e9us queda amena\u00e7at.<\/p><p>Nom\u00e9s l&#8217;ast\u00facia amb la qual Thor recupera el martell restableix l&#8217;ordre. El relat deixa clar que el martell no era simplement una arma m\u00e9s entre moltes. Era la garantia de la seguretat, i la seva p\u00e8rdua significava un perill immediat per a d\u00e9us i humans.<\/p>\t\t\t\t\t\t\t\t<\/div>\n\t\t\t\t<\/div>\n\t\t\t\t\t<\/div>\n\t\t\t\t<\/div>\n\t\t<div class=\"elementor-element elementor-element-iwgs-thorshammer-s3 e-flex e-con-boxed e-con e-parent\" data-id=\"iwgs-thorshammer-s3\" data-element_type=\"container\" data-e-type=\"container\">\n\t\t\t\t\t<div class=\"e-con-inner\">\n\t\t\t\t<div class=\"elementor-element elementor-element-iwgs-thorshammer-s3h elementor-widget elementor-widget-heading\" data-id=\"iwgs-thorshammer-s3h\" data-element_type=\"widget\" data-e-type=\"widget\" data-widget_type=\"heading.default\">\n\t\t\t\t\t<h2 class=\"elementor-heading-title elementor-size-default\">Forma i material del penjoll<\/h2>\t\t\t\t<\/div>\n\t\t<div class=\"elementor-element elementor-element-iwgs-thorshammer-s3box e-con-full e-flex e-con e-parent\" data-id=\"iwgs-thorshammer-s3box\" data-element_type=\"container\" data-e-type=\"container\">\n\t\t\t\t<div class=\"elementor-element elementor-element-iwgs-thorshammer-s3t elementor-widget elementor-widget-text-editor\" data-id=\"iwgs-thorshammer-s3t\" data-element_type=\"widget\" data-e-type=\"widget\" data-widget_type=\"text-editor.default\">\n\t\t\t\t\t\t\t\t\t<p>Els penjolls conservats en forma de martell de Thor mostren una forma b\u00e0sica clara. Representen el martell amb un m\u00e0nec curt i un cap compacte, sovint amb una anella de suspensi\u00f3 a l&#8217;extrem superior del m\u00e0nec. Aquesta anella indica que les peces es portaven al coll amb un cord\u00f3 o una cadena.<\/p><p>Pel que fa al material, predominen la plata i el bronze, i tamb\u00e9 es documenten peces de ferro, ambre i, m\u00e9s rarament, or. Molts penjolls s\u00f3n senzills, mentre que altres presenten decoracions fines amb motius punxonats, entrella\u00e7ats o ornaments geom\u00e8trics. En algunes peces, l&#8217;extrem superior est\u00e0 treballat com un cap estilitzat d&#8217;animal o d&#8217;ocell.<\/p><p>Les mides van des de penjolls petits i lleugers fins a exemplars m\u00e9s robustos. Aquesta varietat de materials i acabats mostra que el martell de Thor es portava en diferents estrats socials. Les peces senzilles de ferro convivien amb els penjolls de plata treballats amb art de portadors benestants.<\/p><p>La recerca distingeix diversos tipus regionals que es diferencien en la forma i la decoraci\u00f3. Alguns martells es portaven sols, mentre que d&#8217;altres s&#8217;enfilaven en anelles de ferro de les quals penjaven diversos martells petits.<\/p><p>Aquestes anelles amb martells es van trobar sobretot al centre de Su\u00e8cia i s&#8217;associen amb certs costums funeraris. La varietat de troballes, des del ferro senzill fins a la plata treballada amb finesa, mostra que el martell tenia significat en contextos molt diversos.<\/p>\t\t\t\t\t\t\t\t<\/div>\n\t\t\t\t<\/div>\n\t\t\t\t\t<\/div>\n\t\t\t\t<\/div>\n\t\t<div class=\"elementor-element elementor-element-iwgs-thorshammer-s4 e-flex e-con-boxed e-con e-parent\" data-id=\"iwgs-thorshammer-s4\" data-element_type=\"container\" data-e-type=\"container\">\n\t\t\t\t\t<div class=\"e-con-inner\">\n\t\t\t\t<div class=\"elementor-element elementor-element-iwgs-thorshammer-s4h elementor-widget elementor-widget-heading\" data-id=\"iwgs-thorshammer-s4h\" data-element_type=\"widget\" data-e-type=\"widget\" data-widget_type=\"heading.default\">\n\t\t\t\t\t<h2 class=\"elementor-heading-title elementor-size-default\">El martell com a eina consagradora<\/h2>\t\t\t\t<\/div>\n\t\t<div class=\"elementor-element elementor-element-iwgs-thorshammer-s4box e-con-full e-flex e-con e-parent\" data-id=\"iwgs-thorshammer-s4box\" data-element_type=\"container\" data-e-type=\"container\">\n\t\t\t\t<div class=\"elementor-element elementor-element-iwgs-thorshammer-s4t elementor-widget elementor-widget-text-editor\" data-id=\"iwgs-thorshammer-s4t\" data-element_type=\"widget\" data-e-type=\"widget\" data-widget_type=\"text-editor.default\">\n\t\t\t\t\t\t\t\t\t<p>El significat protector del martell de Thor no es basa \u00fanicament en el seu paper d&#8217;arma. En els mites, Thor consagra amb Mj\u00f6lnir moments importants de transici\u00f3. Les fonts relaten que el martell tenia un paper en casaments, naixements i enterraments, ja que consagrava i posava sota protecci\u00f3 l&#8217;ocasi\u00f3.<\/p><p>Aquesta funci\u00f3 consagradora fa entendre per qu\u00e8 el martell era tan adequat com a <span class=\"iwg-fachbegriff\" data-tooltip=\"Un objecte portat al qual s'atribueix un efecte protector i que allunya el mal.\" tabindex=\"0\">amulet<\/span>. No representava nom\u00e9s la defensa, sin\u00f3 tamb\u00e9 la santificaci\u00f3 d&#8217;un \u00e0mbit de la vida. Un martell capa\u00e7 de beneir un casament i un naixement tamb\u00e9 protegia qui el portava com a signe al cos.<\/p><p>Aix\u00ed, el martell de Thor uneix dues idees de protecci\u00f3. \u00c9s la imatge d&#8217;una arma que allunya els enemics i, alhora, la imatge d&#8217;una eina que consagra i beneeix. En aquesta doble significaci\u00f3 es troba una part de la seva posici\u00f3 especial entre els signes de protecci\u00f3 del nord.<\/p><p>Un exemple contundent es troba a l&#8217;Edda en prosa. En l&#8217;enterrament del d\u00e9u Baldr, Thor consagra la pira funer\u00e0ria amb el seu martell.<\/p><p>Aquesta escena mostra Mj\u00f6lnir expl\u00edcitament com una eina consagradora en un dels llindars m\u00e9s importants, el pas cap a la mort. Tamb\u00e9 les inscripcions r\u00faniques recullen aquesta idea quan demanen, en ess\u00e8ncia, que Thor <span class=\"iwg-fachbegriff\" data-tooltip=\"Lliurar un objecte, un lloc o una persona a all\u00f2 sagrat mitjan\u00e7ant un acte religi\u00f3s.\" tabindex=\"0\">consagri<\/span> els fets. El martell com a <span class=\"iwg-fachbegriff\" data-tooltip=\"Un objecte portat al qual s'atribueix un efecte protector i que allunya el mal.\" tabindex=\"0\">amulet<\/span> portava aquesta idea sobre el cos, ja que representava el poder de posar una ocasi\u00f3 sota protecci\u00f3.<\/p>\t\t\t\t\t\t\t\t<\/div>\n\t\t\t\t<\/div>\n\t\t\t\t\t<\/div>\n\t\t\t\t<\/div>\n\t\t<div class=\"elementor-element elementor-element-iwgs-thorshammer-s5 e-flex e-con-boxed e-con e-parent\" data-id=\"iwgs-thorshammer-s5\" data-element_type=\"container\" data-e-type=\"container\">\n\t\t\t\t\t<div class=\"e-con-inner\">\n\t\t\t\t<div class=\"elementor-element elementor-element-iwgs-thorshammer-s5h elementor-widget elementor-widget-heading\" data-id=\"iwgs-thorshammer-s5h\" data-element_type=\"widget\" data-e-type=\"widget\" data-widget_type=\"heading.default\">\n\t\t\t\t\t<h2 class=\"elementor-heading-title elementor-size-default\">Signe de protecci\u00f3 en l'\u00e8poca de la conversi\u00f3<\/h2>\t\t\t\t<\/div>\n\t\t<div class=\"elementor-element elementor-element-iwgs-thorshammer-s5box e-con-full e-flex e-con e-parent\" data-id=\"iwgs-thorshammer-s5box\" data-element_type=\"container\" data-e-type=\"container\">\n\t\t\t\t<div class=\"elementor-element elementor-element-iwgs-thorshammer-s5t elementor-widget elementor-widget-text-editor\" data-id=\"iwgs-thorshammer-s5t\" data-element_type=\"widget\" data-e-type=\"widget\" data-widget_type=\"text-editor.default\">\n\t\t\t\t\t\t\t\t\t<p>El martell de Thor va adquirir un significat especial en l&#8217;\u00e8poca en qu\u00e8 el cristianisme avan\u00e7ava cap al nord. En aquesta fase de transici\u00f3, la creu portada pels cristians i el martell portat pels seguidors dels antics d\u00e9us es van trobar directament.<\/p><p>La recerca interpreta en part la notable difusi\u00f3 dels penjolls en forma de martell durant els segles nou i deu com una resposta conscient a la creu cristiana. Aix\u00ed, el martell es va convertir en un testimoni visible de fidelitat a la religi\u00f3 tradicional. \u00c9s revelador una troballa en la qual, en el mateix taller, es documenta un motlle de fosa que permetia fabricar creus i martells un al costat de l&#8217;altre.<\/p><p>Per tant, el martell de Thor era, en aquesta \u00e8poca, m\u00e9s que un signe d&#8217;allunyament del mal. Era un signe d&#8217;identitat i de pertinen\u00e7a religiosa. L&#8217;<span class=\"iwg-fachbegriff\" data-tooltip=\"Un objecte portat al qual s'atribueix un efecte protector i que allunya el mal.\" tabindex=\"0\">amulet<\/span> protegia el portador i alhora mostrava a quina tradici\u00f3 pertanyia.<\/p><p>El per\u00edode de transici\u00f3 no va ser una simple coexist\u00e8ncia pac\u00edfica entre la fe antiga i la nova. Les fonts parlen de persones que invocaven totes dues pot\u00e8ncies alhora, i de governants que vacil\u00b7laven entre les religions. En aquest context, el martell es va convertir en un testimoni visible.<\/p><p>Qui el portava mostrava la seva fidelitat als d\u00e9us tradicionals en una \u00e8poca en qu\u00e8 aquesta fidelitat requeria cada vegada m\u00e9s justificaci\u00f3. L&#8217;<span class=\"iwg-fachbegriff\" data-tooltip=\"Un objecte portat al qual s'atribueix un efecte protector i que allunya el mal.\" tabindex=\"0\">amulet<\/span> va guanyar aix\u00ed un significat que anava m\u00e9s enll\u00e0 de la protecci\u00f3 personal i s&#8217;orientava cap a la comunitat.<\/p>\t\t\t\t\t\t\t\t<\/div>\n\t\t\t\t<\/div>\n\t\t\t\t\t<\/div>\n\t\t\t\t<\/div>\n\t\t<div class=\"elementor-element elementor-element-iwgs-thorshammer-s6 e-flex e-con-boxed e-con e-parent\" data-id=\"iwgs-thorshammer-s6\" data-element_type=\"container\" data-e-type=\"container\">\n\t\t\t\t\t<div class=\"e-con-inner\">\n\t\t\t\t<div class=\"elementor-element elementor-element-iwgs-thorshammer-s6h elementor-widget elementor-widget-heading\" data-id=\"iwgs-thorshammer-s6h\" data-element_type=\"widget\" data-e-type=\"widget\" data-widget_type=\"heading.default\">\n\t\t\t\t\t<h2 class=\"elementor-heading-title elementor-size-default\">Difusi\u00f3 i troballes arqueol\u00f2giques<\/h2>\t\t\t\t<\/div>\n\t\t<div class=\"elementor-element elementor-element-iwgs-thorshammer-s6box e-con-full e-flex e-con e-parent\" data-id=\"iwgs-thorshammer-s6box\" data-element_type=\"container\" data-e-type=\"container\">\n\t\t\t\t<div class=\"elementor-element elementor-element-iwgs-thorshammer-s6t elementor-widget elementor-widget-text-editor\" data-id=\"iwgs-thorshammer-s6t\" data-element_type=\"widget\" data-e-type=\"widget\" data-widget_type=\"text-editor.default\">\n\t\t\t\t\t\t\t\t\t<p>S&#8217;han trobat penjolls en forma de martell de Thor en gran quantitat, sobretot a Escandin\u00e0via, per\u00f2 tamb\u00e9 al B\u00e0ltic, a Anglaterra, a Isl\u00e0ndia i als territoris de la Rus. Aquesta \u00e0mplia dispersi\u00f3 segueix les rutes dels comerciants, colons i guerrers de l&#8217;\u00e8poca viquinga.<\/p><p>Els llocs de troballa inclouen tombes, poblats i tresors amagats. A la tomba, el martell acompanyava el difunt; al poblat, formava part de l&#8217;equipament personal dels vius. La distribuci\u00f3 entre molts grups socials confirma que es tractava d&#8217;un signe \u00e0mpliament utilitzat.<\/p><p>La recerca arqueol\u00f2gica ha estudiat intensament el martell de Thor i distingeix diversos tipus regionals. Aquests tipus permeten situar els penjolls en el temps i l&#8217;espai, i converteixen el martell de Thor en una font important per a la hist\u00f2ria religiosa de l&#8217;\u00e8poca viquinga.<\/p><p>Els penjolls en forma de martell apareixen sovint en tombes de dona, la qual cosa mostra que la protecci\u00f3 de Thor no es limitava als guerrers. Llocs de troballa importants s\u00f3n els centres comercials de Hedeby i Birka, aix\u00ed com l&#8217;entorn de Wolin, a la mar B\u00e0ltica.<\/p><p>L&#8217;ambre amb qu\u00e8 es van fer alguns martells indica la regi\u00f3 b\u00e0ltica com a font de material. La distribuci\u00f3 de les troballes al llarg de les rutes comercials confirma que el signe es va despla\u00e7ar amb els moviments del m\u00f3n viquinga.<\/p>\t\t\t\t\t\t\t\t<\/div>\n\t\t\t\t<\/div>\n\t\t\t\t\t<\/div>\n\t\t\t\t<\/div>\n\t\t<div class=\"elementor-element elementor-element-iwgs-thorshammer-s7 e-flex e-con-boxed e-con e-parent\" data-id=\"iwgs-thorshammer-s7\" data-element_type=\"container\" data-e-type=\"container\">\n\t\t\t\t\t<div class=\"e-con-inner\">\n\t\t\t\t<div class=\"elementor-element elementor-element-iwgs-thorshammer-s7h elementor-widget elementor-widget-heading\" data-id=\"iwgs-thorshammer-s7h\" data-element_type=\"widget\" data-e-type=\"widget\" data-widget_type=\"heading.default\">\n\t\t\t\t\t<h2 class=\"elementor-heading-title elementor-size-default\">Inscripcions r\u00faniques i el nom de l'objecte<\/h2>\t\t\t\t<\/div>\n\t\t<div class=\"elementor-element elementor-element-iwgs-thorshammer-s7box e-con-full e-flex e-con e-parent\" data-id=\"iwgs-thorshammer-s7box\" data-element_type=\"container\" data-e-type=\"container\">\n\t\t\t\t<div class=\"elementor-element elementor-element-iwgs-thorshammer-s7t elementor-widget elementor-widget-text-editor\" data-id=\"iwgs-thorshammer-s7t\" data-element_type=\"widget\" data-e-type=\"widget\" data-widget_type=\"text-editor.default\">\n\t\t\t\t\t\t\t\t\t<p>Alguns signes de protecci\u00f3 de l&#8217;\u00e8poca vikinga porten inscripcions r\u00faniques que n&#8217;aclareixen el significat. \u00c9s coneguda la f\u00f3rmula que, en ess\u00e8ncia, expressa el desig de que Thor pugui <span class=\"iwg-fachbegriff\" data-tooltip=\"Lliurar un objecte, lloc o persona al sagrat mitjan\u00e7ant un acte religi\u00f3s.\" tabindex=\"0\">consagrar<\/span> o protegir. Aquestes inscripcions demostren que la <span class=\"iwg-fachbegriff\" data-tooltip=\"L'acte de pregar o invocar una divinitat o for\u00e7a a trav\u00e9s d'una s\u00faplica.\" tabindex=\"0\">invocaci\u00f3<\/span> del d\u00e9u s&#8217;entenia com a part de l&#8217;efecte protector.<\/p><p>Durant molt temps no va estar clar com anomenava la gent de l&#8217;\u00e8poca vikinga els mateixos penjolls en forma de martell. Una troballa del sud de Su\u00e8cia va aportar claredat en aquest punt. Un penjoll amb forma de martell porta una breu inscripci\u00f3 r\u00fanica que l&#8217;anomena expressament martell. Aix\u00f2 demostra que els penjolls s&#8217;entenien realment com a representacions de Mj\u00f6lnir.<\/p><p>Aquestes inscripcions s\u00f3n escasses, per\u00f2 de gran valor. Uneixen la troballa arqueol\u00f2gica amb la <span class=\"iwg-fachbegriff\" data-tooltip=\"La transmissi\u00f3 de coneixements i relats al llarg de generacions.\" tabindex=\"0\">tradici\u00f3<\/span> escrita i mostren que, en la imaginaci\u00f3 de la gent, els martells que es portaven i el Mj\u00f6lnir dels mites formaven part d&#8217;una mateixa idea.<\/p><p>Un testimoni conegut \u00e9s l&#8217;<span class=\"iwg-fachbegriff\" data-tooltip=\"Un objecte portat al qual s'atribueix un efecte protector i que allunya el mal.\" tabindex=\"0\">amulet<\/span> de Kvinneby, a \u00d6land, una petita placa de coure amb una inscripci\u00f3 r\u00fanica m\u00e9s extensa. El text invoca protecci\u00f3 i esmenta Thor, que amb el martell allunya el mal.<\/p><p>Aquestes inscripcions s\u00f3n especialment reveladores perqu\u00e8 posen en paraules la idea de protecci\u00f3. Mostren que la gent no entenia el martell nom\u00e9s com una imatge, sin\u00f3 que hi vinculava una petici\u00f3 activa d&#8217;ajuda que el d\u00e9u havia de complir mitjan\u00e7ant el seu instrument.<\/p>\t\t\t\t\t\t\t\t<\/div>\n\t\t\t\t<\/div>\n\t\t\t\t\t<\/div>\n\t\t\t\t<\/div>\n\t\t<div class=\"elementor-element elementor-element-iwgs-thorshammer-s8 e-flex e-con-boxed e-con e-parent\" data-id=\"iwgs-thorshammer-s8\" data-element_type=\"container\" data-e-type=\"container\">\n\t\t\t\t\t<div class=\"e-con-inner\">\n\t\t\t\t<div class=\"elementor-element elementor-element-iwgs-thorshammer-s8h elementor-widget elementor-widget-heading\" data-id=\"iwgs-thorshammer-s8h\" data-element_type=\"widget\" data-e-type=\"widget\" data-widget_type=\"heading.default\">\n\t\t\t\t\t<h2 class=\"elementor-heading-title elementor-size-default\">Recepci\u00f3 actual<\/h2>\t\t\t\t<\/div>\n\t\t<div class=\"elementor-element elementor-element-iwgs-thorshammer-s8box e-con-full e-flex e-con e-parent\" data-id=\"iwgs-thorshammer-s8box\" data-element_type=\"container\" data-e-type=\"container\">\n\t\t\t\t<div class=\"elementor-element elementor-element-iwgs-thorshammer-s8t elementor-widget elementor-widget-text-editor\" data-id=\"iwgs-thorshammer-s8t\" data-element_type=\"widget\" data-e-type=\"widget\" data-widget_type=\"text-editor.default\">\n\t\t\t\t\t\t\t\t\t<p>El martell de Thor ha perdurat molt m\u00e9s enll\u00e0 de l&#8217;\u00e8poca vikinga. Avui \u00e9s un dels signes m\u00e9s coneguts de la cultura n\u00f2rdica i es porta sovint com a joia. En aquest \u00fas, sol representar de manera general un vincle amb el m\u00f3n antic n\u00f2rdic.<\/p><p>Alhora, el martell \u00e9s el <span class=\"iwg-fachbegriff\" data-tooltip=\"Un signe que representa de manera simb\u00f2lica una idea o significat.\" tabindex=\"0\">s\u00edmbol<\/span> central dels moviments pagans moderns que reivindiquen la religi\u00f3 precristiana del nord. En diversos pa\u00efsos, el martell de Thor est\u00e0 reconegut com a signe religi\u00f3s d&#8217;aquestes comunitats. Aix\u00ed, l&#8217;<span class=\"iwg-fachbegriff\" data-tooltip=\"Un objecte portat al qual s'atribueix un efecte protector i que allunya el mal.\" tabindex=\"0\">amulet<\/span> ha adquirit un paper semblant al que tenen la creu o altres signes de fe.<\/p><p>Martells de Thor originals de l&#8217;\u00e8poca vikinga es poden veure en molts museus del nord d&#8217;Europa, per exemple al Museu Hist\u00f2ric de Su\u00e8cia, a Estocolm, i al Museu Nacional de Dinamarca, a Copenhaguen. Testimonien un signe de protecci\u00f3 que ha passat de ser un <span class=\"iwg-fachbegriff\" data-tooltip=\"Un objecte portat al qual s'atribueix un efecte protector i que allunya el mal.\" tabindex=\"0\">amulet<\/span> personal a un <span class=\"iwg-fachbegriff\" data-tooltip=\"Un signe que representa de manera simb\u00f2lica una idea o significat.\" tabindex=\"0\">s\u00edmbol<\/span> cultural durador.<\/p><p>El reconeixement del martell com a signe religi\u00f3s \u00e9s avui una realitat en diversos pa\u00efsos. A Isl\u00e0ndia, la comunitat de fe pagana va rebre reconeixement estatal ja als anys 1970, i el martell hi representa, com tamb\u00e9 en altres llocs, una confessi\u00f3 religiosa viva.<\/p><p>En la divulgaci\u00f3 cient\u00edfica i muse\u00edstica, el martell de Thor s&#8217;estudia amb rigor com a testimoni de la religi\u00f3 de l&#8217;\u00e8poca vikinga. Aquesta transmissi\u00f3 objectiva contribueix a mantenir el signe comprensible en el seu sentit hist\u00f2ric.<\/p>\t\t\t\t\t\t\t\t<\/div>\n\t\t\t\t<\/div>\n\t\t\t\t\t<\/div>\n\t\t\t\t<\/div>\n\t\t<div class=\"elementor-element elementor-element-iwgs-thorshammer-lit e-flex e-con-boxed e-con e-parent\" data-id=\"iwgs-thorshammer-lit\" data-element_type=\"container\" data-e-type=\"container\">\n\t\t\t\t\t<div class=\"e-con-inner\">\n\t\t\t\t<div class=\"elementor-element elementor-element-iwgs-thorshammer-lith elementor-widget elementor-widget-heading\" data-id=\"iwgs-thorshammer-lith\" data-element_type=\"widget\" data-e-type=\"widget\" data-widget_type=\"heading.default\">\n\t\t\t\t\t<h2 class=\"elementor-heading-title elementor-size-default\">Bibliografia (selecci\u00f3)<\/h2>\t\t\t\t<\/div>\n\t\t<div class=\"elementor-element elementor-element-iwgs-thorshammer-litbox e-con-full e-flex e-con e-parent\" data-id=\"iwgs-thorshammer-litbox\" data-element_type=\"container\" data-e-type=\"container\">\n\t\t\t\t<div class=\"elementor-element elementor-element-iwgs-thorshammer-litt elementor-widget elementor-widget-html\" data-id=\"iwgs-thorshammer-litt\" data-element_type=\"widget\" data-e-type=\"widget\" data-widget_type=\"html.default\">\n\t\t\t\t\t<footer data-nosnippet=\"true\"><ul><li>Rudolf Simek: <em>Lexikon der germanischen Mythologie<\/em> (2006)<\/li><li>Snorri Sturluson: <em>Prosa-Edda<\/em> (13. Jahrhundert)<\/li><li>Anders Andr\u00e9n: <em>Tracing Old Norse Cosmology<\/em> (2014)<\/li><li>Jens Peter Schj\u00f8dt: <em>Initiation between Two Worlds<\/em> (2008)<\/li><li>Neil Price: <em>The Viking Way. Magic and Mind in Late Iron Age Scandinavia<\/em> (2002)<\/li><\/ul><\/footer>\t\t\t\t<\/div>\n\t\t\t\t<\/div>\n\t\t\t\t\t<\/div>\n\t\t\t\t<\/div>\n\t\t<div class=\"elementor-element elementor-element-iwgs-thorshammer-kwd e-flex e-con-boxed e-con e-parent\" data-id=\"iwgs-thorshammer-kwd\" data-element_type=\"container\" data-e-type=\"container\">\n\t\t\t\t\t<div class=\"e-con-inner\">\n\t\t\t\t<div class=\"elementor-element elementor-element-iwgs-thorshammer-kwdt elementor-widget elementor-widget-text-editor\" data-id=\"iwgs-thorshammer-kwdt\" data-element_type=\"widget\" data-e-type=\"widget\" data-widget_type=\"text-editor.default\">\n\t\t\t\t\t\t\t\t\t<p><em>Conceptes clau relacionats: Mj\u00f6lnir Thor \u00e8poca vikinga penjoll de martell Edda <span class=\"iwg-fachbegriff\" data-tooltip=\"Terme de la hist\u00f2ria de les religions per a un objecte o signe amb funci\u00f3 d'allunyar el mal.\" tabindex=\"0\">apotropaic<\/span> Asgard inscripci\u00f3 r\u00fanica Escandin\u00e0via.<\/em><\/p>\t\t\t\t\t\t\t\t<\/div>\n\t\t\t\t\t<\/div>\n\t\t\t\t<\/div>\n\t\t<div class=\"elementor-element elementor-element-iwgs-thorshammer-cc e-flex e-con-boxed e-con e-parent\" data-id=\"iwgs-thorshammer-cc\" data-element_type=\"container\" data-e-type=\"container\" id=\"iwg-cc-thorshammer\">\n\t\t\t\t\t<div class=\"e-con-inner\">\n\t\t<div class=\"elementor-element elementor-element-iwgs-thorshammer-ccinner e-flex e-con-boxed e-con e-parent\" data-id=\"iwgs-thorshammer-ccinner\" data-element_type=\"container\" data-e-type=\"container\" data-settings=\"{&quot;background_background&quot;:&quot;classic&quot;}\">\n\t\t\t\t\t<div class=\"e-con-inner\">\n\t\t\t\t<div class=\"elementor-element elementor-element-iwgs-thorshammer-cch elementor-widget elementor-widget-heading\" data-id=\"iwgs-thorshammer-cch\" data-element_type=\"widget\" data-e-type=\"widget\" data-widget_type=\"heading.default\">\n\t\t\t\t\t<h2 class=\"elementor-heading-title elementor-size-default\">iWell Guard i tradicions de protecci\u00f3<\/h2>\t\t\t\t<\/div>\n\t\t\t\t<div class=\"elementor-element elementor-element-iwgs-thorshammer-cct elementor-widget elementor-widget-text-editor\" data-id=\"iwgs-thorshammer-cct\" data-element_type=\"widget\" data-e-type=\"widget\" data-widget_type=\"text-editor.default\">\n\t\t\t\t\t\t\t\t\t<p>iWell Guard s&#8217;inscriu en la l\u00ednia hist\u00f2rica i cultural dels objectes de protecci\u00f3 portables, a la qual tamb\u00e9 pertany el martell de Thor. Un company modern per a persones que viuen amb s\u00edmbols de protecci\u00f3: fabricat a Alemanya, 41 capes d&#8217;or, plat\u00ed i plata aut\u00e8ntics, amb dret de devoluci\u00f3 de 30 dies.<\/p>\t\t\t\t\t\t\t\t<\/div>\n\t\t\t\t<div class=\"elementor-element elementor-element-iwgs-thorshammer-ccb iwg-cc-button iwg-cc-cta-2026-05-13 elementor-widget elementor-widget-jet-button\" data-id=\"iwgs-thorshammer-ccb\" data-element_type=\"widget\" data-e-type=\"widget\" data-widget_type=\"jet-button.default\">\n\t\t\t\t<div class=\"elementor-widget-container\">\n\t\t\t\t\t<div class=\"elementor-jet-button jet-elements\"><div class=\"jet-button__container\"><a class=\"jet-button__instance jet-button__instance--icon-left hover-effect-1\" href=\"\/schutzanhaenger-iwell-guard-kaufen\/?utm_source=iwell-guard.com&amp;utm_medium=info-box&amp;utm_campaign=schutzsymbole\"><div class=\"jet-button__plane jet-button__plane-normal\"><\/div><div class=\"jet-button__plane jet-button__plane-hover\"><\/div><div class=\"jet-button__state jet-button__state-normal\"><span class=\"jet-button__label\">M\u00e9s informaci\u00f3 sobre l'iWell Guard<\/span><\/div><div class=\"jet-button__state jet-button__state-hover\"><span class=\"jet-button__label\">M\u00e9s informaci\u00f3 sobre l'iWell Guard<\/span><\/div><\/a><\/div><\/div><style>.elementor-element.elementor-element-iwgs-thorshammer-ccb .jet-button__instance{width:320px;height:56px;}.elementor-element.elementor-element-iwgs-thorshammer-ccb .jet-button__state-normal .jet-button__label{text-align:center;margin:0px 0px 0px 0px;color:#1a1b20;font-family:Montserrat,sans-serif;font-size:13px;font-weight:400;letter-spacing:4px;line-height:1.714em;text-transform:uppercase;}.elementor-element.elementor-element-iwgs-thorshammer-ccb .jet-button__state-hover .jet-button__label{text-align:center;margin:0px 0px 0px 0px;color:#FECC76;font-family:Montserrat,sans-serif;font-size:13px;font-weight:400;letter-spacing:4px;line-height:1.714em;text-transform:uppercase;}.elementor-element.elementor-element-iwgs-thorshammer-ccb .jet-button__plane-normal{background-color:#FECC76;border-style:solid;border-color:#C99540;border-width:2px 2px 2px 2px;}.elementor-element.elementor-element-iwgs-thorshammer-ccb .jet-button__plane-hover{background-color:rgba(0,0,0,0.55);border-style:solid;border-color:#FECC76;border-width:2px 2px 2px 2px;}<\/style>\t\t\t\t<\/div>\n\t\t\t\t<\/div>\n\t\t\t\t<div class=\"elementor-element elementor-element-iwgs-thorshammer-ccd elementor-widget elementor-widget-text-editor\" data-id=\"iwgs-thorshammer-ccd\" data-element_type=\"widget\" data-e-type=\"widget\" data-widget_type=\"text-editor.default\">\n\t\t\t\t\t\t\t\t\t<p style=\"text-align:center;font-size:13px;opacity:0.7;margin-top:14px\" data-nosnippet=\"true\">Les experi\u00e8ncies personals poden variar. No \u00e9s un producte sanitari. No es garanteix cap curaci\u00f3.<\/p>\t\t\t\t\t\t\t\t<\/div>\n\t\t\t\t\t<\/div>\n\t\t\t\t<\/div>\n\t\t\t\t\t<\/div>\n\t\t\t\t<\/div>\n\t\t<div class=\"elementor-element elementor-element-iwgs-thorshammer-disc e-flex e-con-boxed e-con e-parent\" data-id=\"iwgs-thorshammer-disc\" data-element_type=\"container\" data-e-type=\"container\">\n\t\t\t\t\t<div class=\"e-con-inner\">\n\t\t\t\t<div class=\"elementor-element elementor-element-iwgs-thorshammer-discw elementor-widget elementor-widget-html\" data-id=\"iwgs-thorshammer-discw\" data-element_type=\"widget\" data-e-type=\"widget\" data-widget_type=\"html.default\">\n\t\t\t\t\t<footer data-nosnippet=\"true\" class=\"iwg-disclaimer-block\"><p data-nosnippet=\"true\">iWell Guard <strong>no \u00e9s un producte sanitari<\/strong> i no substitueix cap tractament m\u00e8dic o psicoterap\u00e8utic. Els continguts presentats aqu\u00ed s\u00f3n una contextualitzaci\u00f3 des de la ci\u00e8ncia de les religions i la hist\u00f2ria cultural, no una promesa d'efecte espiritual.<\/p><\/footer>\t\t\t\t<\/div>\n\t\t\t\t\t<\/div>\n\t\t\t\t<\/div>\n\t\t\t\t<\/div>\n\t\t","protected":false},"excerpt":{"rendered":"","protected":false},"author":3,"featured_media":3439,"parent":0,"menu_order":0,"comment_status":"closed","ping_status":"closed","template":"elementor_header_footer","meta":{"_yoast_wpseo_focuskw":"Martell de Thor","_yoast_wpseo_title":"Martell de Thor \u2013 Mj\u00f6lnir com a s\u00edmbol protector","_yoast_wpseo_metadesc":"El martell de Thor, Mj\u00f6lnir, es va portar com a penjoll protector durant l'\u00e8poca viquinga. Mite, forma i troballes arqueol\u00f2giques explicats de manera comprensible.","_yoast_wpseo_meta-robots-noindex":"","_yoast_wpseo_canonical":"","_angie_page":false,"gefaehrdungsstufe":"","wesen_kultur":"","wesen_klasse":"","footnotes":""},"categories":[],"class_list":["post-171876","page","type-page","status-publish","has-post-thumbnail","hentry"],"yoast_head":"<!-- This site is optimized with the Yoast SEO Premium plugin v27.7 (Yoast SEO v28.3) - https:\/\/yoast.com\/product\/yoast-seo-premium-wordpress\/ -->\n<title>Martell de Thor \u2013 Mj\u00f6lnir com a s\u00edmbol protector<\/title>\n<meta name=\"description\" content=\"El martell de Thor, Mj\u00f6lnir, es va portar com a penjoll protector durant l&#039;\u00e8poca viquinga. Mite, forma i troballes arqueol\u00f2giques explicats de manera comprensible.\" \/>\n<meta name=\"robots\" content=\"index, follow, max-snippet:-1, max-image-preview:large, max-video-preview:-1\" \/>\n<link rel=\"canonical\" href=\"https:\/\/iwell-guard.com\/ca\/martell-de-thor-mjolnir-simbol-protector-germanic\/\" \/>\n<meta property=\"og:locale\" content=\"ca_ES\" \/>\n<meta property=\"og:type\" content=\"article\" \/>\n<meta property=\"og:title\" content=\"Martell de Thor \u2013 Mj\u00f6lnir com a s\u00edmbol protector germ\u00e0nic\" \/>\n<meta property=\"og:description\" content=\"El martell de Thor, Mj\u00f6lnir, es va portar com a penjoll protector durant l&#039;\u00e8poca viquinga. Mite, forma i troballes arqueol\u00f2giques explicats de manera comprensible.\" \/>\n<meta property=\"og:url\" content=\"https:\/\/iwell-guard.com\/ca\/martell-de-thor-mjolnir-simbol-protector-germanic\/\" \/>\n<meta property=\"og:site_name\" content=\"iWell Guard\" \/>\n<meta property=\"article:modified_time\" content=\"2026-09-05T16:09:30+00:00\" \/>\n<meta property=\"og:image\" content=\"https:\/\/iwell-guard.com\/wp-content\/uploads\/2026\/05\/schutzsymbol_germanisch_thorshammer.webp\" \/>\n\t<meta property=\"og:image:width\" content=\"1024\" \/>\n\t<meta property=\"og:image:height\" content=\"1536\" \/>\n\t<meta property=\"og:image:type\" content=\"image\/webp\" \/>\n<meta name=\"twitter:card\" content=\"summary_large_image\" \/>\n<script type=\"application\/ld+json\" class=\"yoast-schema-graph\">{\"@context\":\"https:\\\/\\\/schema.org\",\"@graph\":[{\"@type\":\"WebPage\",\"@id\":\"https:\\\/\\\/iwell-guard.com\\\/ca\\\/martell-de-thor-mjolnir-simbol-protector-germanic\\\/\",\"url\":\"https:\\\/\\\/iwell-guard.com\\\/ca\\\/martell-de-thor-mjolnir-simbol-protector-germanic\\\/\",\"name\":\"Martell de Thor \u2013 Mj\u00f6lnir com a s\u00edmbol protector\",\"isPartOf\":{\"@id\":\"https:\\\/\\\/iwell-guard.com\\\/ca\\\/#website\"},\"primaryImageOfPage\":{\"@id\":\"https:\\\/\\\/iwell-guard.com\\\/ca\\\/martell-de-thor-mjolnir-simbol-protector-germanic\\\/#primaryimage\"},\"image\":{\"@id\":\"https:\\\/\\\/iwell-guard.com\\\/ca\\\/martell-de-thor-mjolnir-simbol-protector-germanic\\\/#primaryimage\"},\"thumbnailUrl\":\"https:\\\/\\\/iwell-guard.com\\\/wp-content\\\/uploads\\\/2026\\\/05\\\/schutzsymbol_germanisch_thorshammer.webp\",\"datePublished\":\"2026-09-05T15:43:12+00:00\",\"dateModified\":\"2026-09-05T16:09:30+00:00\",\"description\":\"El martell de Thor, Mj\u00f6lnir, es va portar com a penjoll protector durant l'\u00e8poca viquinga. Mite, forma i troballes arqueol\u00f2giques explicats de manera comprensible.\",\"breadcrumb\":{\"@id\":\"https:\\\/\\\/iwell-guard.com\\\/ca\\\/martell-de-thor-mjolnir-simbol-protector-germanic\\\/#breadcrumb\"},\"inLanguage\":\"ca\",\"potentialAction\":[{\"@type\":\"ReadAction\",\"target\":[\"https:\\\/\\\/iwell-guard.com\\\/ca\\\/martell-de-thor-mjolnir-simbol-protector-germanic\\\/\"]}]},{\"@type\":\"ImageObject\",\"inLanguage\":\"ca\",\"@id\":\"https:\\\/\\\/iwell-guard.com\\\/ca\\\/martell-de-thor-mjolnir-simbol-protector-germanic\\\/#primaryimage\",\"url\":\"https:\\\/\\\/iwell-guard.com\\\/wp-content\\\/uploads\\\/2026\\\/05\\\/schutzsymbol_germanisch_thorshammer.webp\",\"contentUrl\":\"https:\\\/\\\/iwell-guard.com\\\/wp-content\\\/uploads\\\/2026\\\/05\\\/schutzsymbol_germanisch_thorshammer.webp\",\"width\":1024,\"height\":1536,\"caption\":\"S\u00edmbol de protecci\u00f3. Il\u00b7lustraci\u00f3 muse\u00edstica de bodeg\u00f3.\"},{\"@type\":\"BreadcrumbList\",\"@id\":\"https:\\\/\\\/iwell-guard.com\\\/ca\\\/martell-de-thor-mjolnir-simbol-protector-germanic\\\/#breadcrumb\",\"itemListElement\":[{\"@type\":\"ListItem\",\"position\":1,\"name\":\"Start\",\"item\":\"https:\\\/\\\/iwell-guard.com\\\/ca\\\/?page_id=171333\"},{\"@type\":\"ListItem\",\"position\":2,\"name\":\"Martell de Thor \u2013 Mj\u00f6lnir com a s\u00edmbol protector germ\u00e0nic\"}]},{\"@type\":\"WebSite\",\"@id\":\"https:\\\/\\\/iwell-guard.com\\\/ca\\\/#website\",\"url\":\"https:\\\/\\\/iwell-guard.com\\\/ca\\\/\",\"name\":\"iWell Guard\",\"description\":\"Schutz vor dunklen Einfl\u00fcssen\",\"publisher\":{\"@id\":\"https:\\\/\\\/iwell-guard.com\\\/ca\\\/#organization\"},\"potentialAction\":[{\"@type\":\"SearchAction\",\"target\":{\"@type\":\"EntryPoint\",\"urlTemplate\":\"https:\\\/\\\/iwell-guard.com\\\/ca\\\/?s={search_term_string}\"},\"query-input\":{\"@type\":\"PropertyValueSpecification\",\"valueRequired\":true,\"valueName\":\"search_term_string\"}}],\"inLanguage\":\"ca\"},{\"@type\":\"Organization\",\"@id\":\"https:\\\/\\\/iwell-guard.com\\\/ca\\\/#organization\",\"name\":\"Ittermann electronic GmbH\",\"url\":\"https:\\\/\\\/iwell-guard.com\\\/ca\\\/\",\"logo\":{\"@type\":\"ImageObject\",\"inLanguage\":\"ca\",\"@id\":\"https:\\\/\\\/iwell-guard.com\\\/ca\\\/#\\\/schema\\\/logo\\\/image\\\/\",\"url\":\"https:\\\/\\\/iwell-guard.com\\\/wp-content\\\/uploads\\\/2026\\\/05\\\/Ittermann-Logo-1182x237-1.png\",\"contentUrl\":\"https:\\\/\\\/iwell-guard.com\\\/wp-content\\\/uploads\\\/2026\\\/05\\\/Ittermann-Logo-1182x237-1.png\",\"width\":1182,\"height\":237,\"caption\":\"Ittermann electronic GmbH\"},\"image\":{\"@id\":\"https:\\\/\\\/iwell-guard.com\\\/ca\\\/#\\\/schema\\\/logo\\\/image\\\/\"},\"sameAs\":[\"https:\\\/\\\/pantip.com\\\/profile\\\/9367242\",\"https:\\\/\\\/micro.blog\\\/iwellguard\",\"https:\\\/\\\/www.diggerslist.com\\\/iwellguard\\\/about\",\"https:\\\/\\\/skitterphoto.com\\\/photographers\\\/2870314\\\/iwell-guard\",\"https:\\\/\\\/iwellguard.wordpress.com\\\/2026\\\/06\\\/06\\\/iwell-guard\\\/\",\"https:\\\/\\\/hub.docker.com\\\/u\\\/iwellguard\",\"https:\\\/\\\/www.pinterest.com\\\/iwellguard\\\/\",\"https:\\\/\\\/bit.ly\\\/m\\\/iwellguard\",\"https:\\\/\\\/entre-vos-mains.alsace.eu\\\/profiles\\\/iwellguard\\\/activity\",\"https:\\\/\\\/gravatar.com\\\/reallybeded8fd34\",\"https:\\\/\\\/naijamatta.com\\\/iwellguard\",\"https:\\\/\\\/www.goodreads.com\\\/iwellguard\",\"https:\\\/\\\/profile.hatena.ne.jp\\\/iwellguard\\\/\",\"https:\\\/\\\/experiment.com\\\/users\\\/iwellguard\",\"https:\\\/\\\/wakelet.com\\\/@iWellGuard82270\",\"https:\\\/\\\/www.chordie.com\\\/forum\\\/profile.php?id=2555664\",\"https:\\\/\\\/www.instapaper.com\\\/p\\\/17757966\",\"https:\\\/\\\/www.mapleprimes.com\\\/users\\\/iwellguard\",\"https:\\\/\\\/businesslistingplus.com\\\/profile\\\/iwell-guard\\\/\",\"https:\\\/\\\/telegra.ph\\\/iWell-Guard-06-06\",\"https:\\\/\\\/pbase.com\\\/iwellguard\\\/iwellguard\",\"https:\\\/\\\/b.hatena.ne.jp\\\/iwellguard\\\/20260607#bookmark-4788405196491818882\",\"https:\\\/\\\/fliphtml5.com\\\/home\\\/iwellguard\",\"https:\\\/\\\/anyflip.com\\\/homepage\\\/cmiwl#About\",\"https:\\\/\\\/transfur.com\\\/Users\\\/iwellguard\",\"http:\\\/\\\/delphi.larsbo.org\\\/user\\\/iwellguard\",\"https:\\\/\\\/jobs.lajobsportal.org\\\/profiles\\\/8380803-iwell-guard\",\"https:\\\/\\\/md.chaosdorf.de\\\/s\\\/jfbe5SBdJD\",\"https:\\\/\\\/www.lingvolive.com\\\/en-us\\\/profile\\\/9ecaeaca-ce11-4e51-9e71-01d55e2bff36\\\/translations\",\"https:\\\/\\\/www.fitday.com\\\/fitness\\\/forums\\\/members\\\/iwellguard.html\",\"https:\\\/\\\/www.mymeetbook.com\\\/iwellguard\",\"https:\\\/\\\/pxhere.com\\\/en\\\/photographer-me\\\/5040798\",\"https:\\\/\\\/disqus.com\\\/by\\\/iwellguard\\\/about\\\/\",\"https:\\\/\\\/pastelink.net\\\/hjwciqwq\",\"https:\\\/\\\/pubhtml5.com\\\/homepage\\\/scjhn\\\/\",\"https:\\\/\\\/www.bitchute.com\\\/channel\\\/2O2eOKzNqujT\",\"https:\\\/\\\/audiomack.com\\\/iwellguard\"]}]}<\/script>\n<!-- \/ Yoast SEO Premium plugin. -->","yoast_head_json":{"title":"Martell de Thor \u2013 Mj\u00f6lnir com a s\u00edmbol protector","description":"El martell de Thor, Mj\u00f6lnir, es va portar com a penjoll protector durant l'\u00e8poca viquinga. Mite, forma i troballes arqueol\u00f2giques explicats de manera comprensible.","robots":{"index":"index","follow":"follow","max-snippet":"max-snippet:-1","max-image-preview":"max-image-preview:large","max-video-preview":"max-video-preview:-1"},"canonical":"https:\/\/iwell-guard.com\/ca\/martell-de-thor-mjolnir-simbol-protector-germanic\/","og_locale":"ca_ES","og_type":"article","og_title":"Martell de Thor \u2013 Mj\u00f6lnir com a s\u00edmbol protector germ\u00e0nic","og_description":"El martell de Thor, Mj\u00f6lnir, es va portar com a penjoll protector durant l'\u00e8poca viquinga. Mite, forma i troballes arqueol\u00f2giques explicats de manera comprensible.","og_url":"https:\/\/iwell-guard.com\/ca\/martell-de-thor-mjolnir-simbol-protector-germanic\/","og_site_name":"iWell Guard","article_modified_time":"2026-09-05T16:09:30+00:00","og_image":[{"width":1024,"height":1536,"url":"https:\/\/iwell-guard.com\/wp-content\/uploads\/2026\/05\/schutzsymbol_germanisch_thorshammer.webp","type":"image\/webp"}],"twitter_card":"summary_large_image","schema":{"@context":"https:\/\/schema.org","@graph":[{"@type":"WebPage","@id":"https:\/\/iwell-guard.com\/ca\/martell-de-thor-mjolnir-simbol-protector-germanic\/","url":"https:\/\/iwell-guard.com\/ca\/martell-de-thor-mjolnir-simbol-protector-germanic\/","name":"Martell de Thor \u2013 Mj\u00f6lnir com a s\u00edmbol protector","isPartOf":{"@id":"https:\/\/iwell-guard.com\/ca\/#website"},"primaryImageOfPage":{"@id":"https:\/\/iwell-guard.com\/ca\/martell-de-thor-mjolnir-simbol-protector-germanic\/#primaryimage"},"image":{"@id":"https:\/\/iwell-guard.com\/ca\/martell-de-thor-mjolnir-simbol-protector-germanic\/#primaryimage"},"thumbnailUrl":"https:\/\/iwell-guard.com\/wp-content\/uploads\/2026\/05\/schutzsymbol_germanisch_thorshammer.webp","datePublished":"2026-09-05T15:43:12+00:00","dateModified":"2026-09-05T16:09:30+00:00","description":"El martell de Thor, Mj\u00f6lnir, es va portar com a penjoll protector durant l'\u00e8poca viquinga. Mite, forma i troballes arqueol\u00f2giques explicats de manera comprensible.","breadcrumb":{"@id":"https:\/\/iwell-guard.com\/ca\/martell-de-thor-mjolnir-simbol-protector-germanic\/#breadcrumb"},"inLanguage":"ca","potentialAction":[{"@type":"ReadAction","target":["https:\/\/iwell-guard.com\/ca\/martell-de-thor-mjolnir-simbol-protector-germanic\/"]}]},{"@type":"ImageObject","inLanguage":"ca","@id":"https:\/\/iwell-guard.com\/ca\/martell-de-thor-mjolnir-simbol-protector-germanic\/#primaryimage","url":"https:\/\/iwell-guard.com\/wp-content\/uploads\/2026\/05\/schutzsymbol_germanisch_thorshammer.webp","contentUrl":"https:\/\/iwell-guard.com\/wp-content\/uploads\/2026\/05\/schutzsymbol_germanisch_thorshammer.webp","width":1024,"height":1536,"caption":"S\u00edmbol de protecci\u00f3. Il\u00b7lustraci\u00f3 muse\u00edstica de bodeg\u00f3."},{"@type":"BreadcrumbList","@id":"https:\/\/iwell-guard.com\/ca\/martell-de-thor-mjolnir-simbol-protector-germanic\/#breadcrumb","itemListElement":[{"@type":"ListItem","position":1,"name":"Start","item":"https:\/\/iwell-guard.com\/ca\/?page_id=171333"},{"@type":"ListItem","position":2,"name":"Martell de Thor \u2013 Mj\u00f6lnir com a s\u00edmbol protector germ\u00e0nic"}]},{"@type":"WebSite","@id":"https:\/\/iwell-guard.com\/ca\/#website","url":"https:\/\/iwell-guard.com\/ca\/","name":"iWell Guard","description":"Schutz vor dunklen Einfl\u00fcssen","publisher":{"@id":"https:\/\/iwell-guard.com\/ca\/#organization"},"potentialAction":[{"@type":"SearchAction","target":{"@type":"EntryPoint","urlTemplate":"https:\/\/iwell-guard.com\/ca\/?s={search_term_string}"},"query-input":{"@type":"PropertyValueSpecification","valueRequired":true,"valueName":"search_term_string"}}],"inLanguage":"ca"},{"@type":"Organization","@id":"https:\/\/iwell-guard.com\/ca\/#organization","name":"Ittermann electronic GmbH","url":"https:\/\/iwell-guard.com\/ca\/","logo":{"@type":"ImageObject","inLanguage":"ca","@id":"https:\/\/iwell-guard.com\/ca\/#\/schema\/logo\/image\/","url":"https:\/\/iwell-guard.com\/wp-content\/uploads\/2026\/05\/Ittermann-Logo-1182x237-1.png","contentUrl":"https:\/\/iwell-guard.com\/wp-content\/uploads\/2026\/05\/Ittermann-Logo-1182x237-1.png","width":1182,"height":237,"caption":"Ittermann electronic GmbH"},"image":{"@id":"https:\/\/iwell-guard.com\/ca\/#\/schema\/logo\/image\/"},"sameAs":["https:\/\/pantip.com\/profile\/9367242","https:\/\/micro.blog\/iwellguard","https:\/\/www.diggerslist.com\/iwellguard\/about","https:\/\/skitterphoto.com\/photographers\/2870314\/iwell-guard","https:\/\/iwellguard.wordpress.com\/2026\/06\/06\/iwell-guard\/","https:\/\/hub.docker.com\/u\/iwellguard","https:\/\/www.pinterest.com\/iwellguard\/","https:\/\/bit.ly\/m\/iwellguard","https:\/\/entre-vos-mains.alsace.eu\/profiles\/iwellguard\/activity","https:\/\/gravatar.com\/reallybeded8fd34","https:\/\/naijamatta.com\/iwellguard","https:\/\/www.goodreads.com\/iwellguard","https:\/\/profile.hatena.ne.jp\/iwellguard\/","https:\/\/experiment.com\/users\/iwellguard","https:\/\/wakelet.com\/@iWellGuard82270","https:\/\/www.chordie.com\/forum\/profile.php?id=2555664","https:\/\/www.instapaper.com\/p\/17757966","https:\/\/www.mapleprimes.com\/users\/iwellguard","https:\/\/businesslistingplus.com\/profile\/iwell-guard\/","https:\/\/telegra.ph\/iWell-Guard-06-06","https:\/\/pbase.com\/iwellguard\/iwellguard","https:\/\/b.hatena.ne.jp\/iwellguard\/20260607#bookmark-4788405196491818882","https:\/\/fliphtml5.com\/home\/iwellguard","https:\/\/anyflip.com\/homepage\/cmiwl#About","https:\/\/transfur.com\/Users\/iwellguard","http:\/\/delphi.larsbo.org\/user\/iwellguard","https:\/\/jobs.lajobsportal.org\/profiles\/8380803-iwell-guard","https:\/\/md.chaosdorf.de\/s\/jfbe5SBdJD","https:\/\/www.lingvolive.com\/en-us\/profile\/9ecaeaca-ce11-4e51-9e71-01d55e2bff36\/translations","https:\/\/www.fitday.com\/fitness\/forums\/members\/iwellguard.html","https:\/\/www.mymeetbook.com\/iwellguard","https:\/\/pxhere.com\/en\/photographer-me\/5040798","https:\/\/disqus.com\/by\/iwellguard\/about\/","https:\/\/pastelink.net\/hjwciqwq","https:\/\/pubhtml5.com\/homepage\/scjhn\/","https:\/\/www.bitchute.com\/channel\/2O2eOKzNqujT","https:\/\/audiomack.com\/iwellguard"]}]}},"_links":{"self":[{"href":"https:\/\/iwell-guard.com\/ca\/wp-json\/wp\/v2\/pages\/171876","targetHints":{"allow":["GET"]}}],"collection":[{"href":"https:\/\/iwell-guard.com\/ca\/wp-json\/wp\/v2\/pages"}],"about":[{"href":"https:\/\/iwell-guard.com\/ca\/wp-json\/wp\/v2\/types\/page"}],"author":[{"embeddable":true,"href":"https:\/\/iwell-guard.com\/ca\/wp-json\/wp\/v2\/users\/3"}],"replies":[{"embeddable":true,"href":"https:\/\/iwell-guard.com\/ca\/wp-json\/wp\/v2\/comments?post=171876"}],"version-history":[{"count":0,"href":"https:\/\/iwell-guard.com\/ca\/wp-json\/wp\/v2\/pages\/171876\/revisions"}],"wp:featuredmedia":[{"embeddable":true,"href":"https:\/\/iwell-guard.com\/ca\/wp-json\/wp\/v2\/media\/3439"}],"wp:attachment":[{"href":"https:\/\/iwell-guard.com\/ca\/wp-json\/wp\/v2\/media?parent=171876"}],"wp:term":[{"taxonomy":"category","embeddable":true,"href":"https:\/\/iwell-guard.com\/ca\/wp-json\/wp\/v2\/categories?post=171876"}],"curies":[{"name":"wp","href":"https:\/\/api.w.org\/{rel}","templated":true}]}}