{"id":171870,"date":"2026-09-05T15:43:09","date_gmt":"2026-09-05T15:43:09","guid":{"rendered":"https:\/\/iwell-guard.com\/?page_id=171870"},"modified":"2026-09-05T16:09:20","modified_gmt":"2026-09-05T16:09:20","slug":"simbi","status":"publish","type":"page","link":"https:\/\/iwell-guard.com\/ca\/simbi\/","title":{"rendered":"Simbi"},"content":{"rendered":"\t\t<div data-elementor-type=\"wp-page\" data-elementor-id=\"171870\" class=\"elementor elementor-171870 elementor-3061 elementor-bc-flex-widget\" data-elementor-post-type=\"page\">\n\t\t\t\t<div class=\"elementor-element elementor-element-31a26b0 e-flex e-con-boxed e-con e-parent\" data-id=\"31a26b0\" data-element_type=\"container\" data-e-type=\"container\" data-settings=\"{&quot;background_background&quot;:&quot;classic&quot;}\">\n\t\t\t\t\t<div class=\"e-con-inner\">\n\t\t<div class=\"elementor-element elementor-element-3922802 e-flex e-con-boxed e-con e-child\" data-id=\"3922802\" data-element_type=\"container\" data-e-type=\"container\">\n\t\t\t\t\t<div class=\"e-con-inner\">\n\t\t<div class=\"elementor-element elementor-element-12c04c2 e-con-full e-flex e-con e-child\" data-id=\"12c04c2\" data-element_type=\"container\" data-e-type=\"container\">\n\t\t\t\t<div class=\"elementor-element elementor-element-dc1db37 elementor-widget elementor-widget-heading\" data-id=\"dc1db37\" data-element_type=\"widget\" data-e-type=\"widget\" data-widget_type=\"heading.default\">\n\t\t\t\t\t<h1 class=\"elementor-heading-title elementor-size-default\">Simbi, loa de les fonts i la m\u00e0gia en el Vodou<\/h1>\t\t\t\t<\/div>\n\t\t\t\t<div class=\"elementor-element elementor-element-b9b8d1f elementor-widget elementor-widget-text-editor\" data-id=\"b9b8d1f\" data-element_type=\"widget\" data-e-type=\"widget\" data-widget_type=\"text-editor.default\">\n\t\t\t\t\t\t\t\t\t<p>Els Simbi s\u00f3n esperits de l&#8217;aigua i loa serpent del Vodou que actuen a fonts, rius i aiguamolls, i custodien el coneixement de la <span class=\"iwg-fachbegriff\" data-tooltip=\"Pr\u00e0ctiques que pretenen intervenir en el curs de les coses mitjan\u00e7ant accions o f\u00f3rmules especials.\" tabindex=\"0\">m\u00e0gia<\/span>. Simbi (tamb\u00e9 Sim&#8217;bi, Simbi Dlo, Simbi Andezo) designa, en la tradici\u00f3 haitiana, una fam\u00edlia d&#8217;esperits serpent i d&#8217;aigua vinculats a l&#8217;aigua dol\u00e7a, els rius, els llacs i les fonts.<\/p><p>Pertany a la fam\u00edlia Petwo, el corrent m\u00e9s recent i \u00abcalent\u00bb d&#8217;aquesta tradici\u00f3, i es diferencia clarament del loa Rada Damballa, tot i que aquest tamb\u00e9 t\u00e9 forma de serpent. Els Simbi s\u00f3n venerats com a guaridors, mags i guardians dels misteris amagats de l&#8217;aigua.<\/p>\t\t\t\t\t\t\t\t<\/div>\n\t\t\t\t<\/div>\n\t\t<div class=\"elementor-element elementor-element-55f9448 e-con-full e-flex e-con e-parent\" data-id=\"55f9448\" data-element_type=\"container\" data-e-type=\"container\">\n\t\t\t\t<div class=\"elementor-element elementor-element-371c637 elementor-widget elementor-widget-html\" data-id=\"371c637\" data-element_type=\"widget\" data-e-type=\"widget\" data-widget_type=\"html.default\">\n\t\t\t\t\t<div class=\"iwg-pill-row\"><span class=\"iwg-klasse-badge\" tabindex=\"0\" data-tooltip=\"D\u00e9u \/ Deessa: Poder suprem personificat en el pante\u00f3 d'una cultura, amb compet\u00e8ncies clares \u2014 forces naturals, dest\u00ed, guerra, fertilitat. Venerat mitjan\u00e7ant cultes, ofrenes i institucions de temple.\">D\u00e9u<\/span><a href=\"https:\/\/iwell-guard.com\/ca\/vodou\/\" class=\"iwg-kultur-badge\" tabindex=\"0\" data-tooltip=\"Tradici\u00f3 Vodou haitiano-africana occidental amb \u00e9ssers lwa, procedent hist\u00f2ricament de l'\u00c0frica occidental cap al Carib.\">Vodou<\/a><\/div>\t\t\t\t<\/div>\n\t\t\t\t<\/div>\n\t\t<div class=\"elementor-element elementor-element-1174f35 e-con-full e-flex e-con e-child\" data-id=\"1174f35\" data-element_type=\"container\" data-e-type=\"container\">\n\t\t\t\t<div class=\"elementor-element elementor-element-ec0c8c0 elementor-toc--minimized-on-tablet elementor-widget elementor-widget-table-of-contents\" data-id=\"ec0c8c0\" data-element_type=\"widget\" data-e-type=\"widget\" data-settings=\"{&quot;exclude_headings_by_selector&quot;:[],&quot;no_headings_message&quot;:&quot;No s&#039;ha trobat cap encap\\u00e7alament en aquesta p\\u00e0gina.&quot;,&quot;headings_by_tags&quot;:[&quot;h2&quot;,&quot;h3&quot;],&quot;marker_view&quot;:&quot;bullets&quot;,&quot;icon&quot;:{&quot;value&quot;:&quot;fas fa-circle&quot;,&quot;library&quot;:&quot;fa-solid&quot;,&quot;rendered_tag&quot;:&quot;&lt;svg class=\\&quot;e-font-icon-svg e-fas-circle\\&quot; viewBox=\\&quot;0 0 512 512\\&quot; xmlns=\\&quot;http:\\\/\\\/www.w3.org\\\/2000\\\/svg\\&quot;&gt;&lt;path d=\\&quot;M256 8C119 8 8 119 8 256s111 248 248 248 248-111 248-248S393 8 256 8z\\&quot;&gt;&lt;\\\/path&gt;&lt;\\\/svg&gt;&quot;},&quot;minimize_box&quot;:&quot;yes&quot;,&quot;minimized_on&quot;:&quot;tablet&quot;,&quot;hierarchical_view&quot;:&quot;yes&quot;,&quot;min_height&quot;:{&quot;unit&quot;:&quot;px&quot;,&quot;size&quot;:&quot;&quot;,&quot;sizes&quot;:[]},&quot;min_height_tablet&quot;:{&quot;unit&quot;:&quot;px&quot;,&quot;size&quot;:&quot;&quot;,&quot;sizes&quot;:[]},&quot;min_height_mobile&quot;:{&quot;unit&quot;:&quot;px&quot;,&quot;size&quot;:&quot;&quot;,&quot;sizes&quot;:[]}}\" data-widget_type=\"table-of-contents.default\">\n\t\t\t\t\t\t\t\t\t<div class=\"elementor-toc__header\">\n\t\t\t\t\t\t<h2 class=\"elementor-toc__header-title\">\n\t\t\t\t\u00cdndex\t\t\t<\/h2>\n\t\t\t\t\t\t\t\t\t\t<div class=\"elementor-toc__toggle-button elementor-toc__toggle-button--expand\" role=\"button\" tabindex=\"0\" aria-controls=\"elementor-toc__ec0c8c0\" aria-expanded=\"true\" aria-label=\"Open table of contents\"><svg aria-hidden=\"true\" class=\"e-font-icon-svg e-fas-chevron-down\" viewBox=\"0 0 448 512\" xmlns=\"http:\/\/www.w3.org\/2000\/svg\"><path d=\"M207.029 381.476L12.686 187.132c-9.373-9.373-9.373-24.569 0-33.941l22.667-22.667c9.357-9.357 24.522-9.375 33.901-.04L224 284.505l154.745-154.021c9.379-9.335 24.544-9.317 33.901.04l22.667 22.667c9.373 9.373 9.373 24.569 0 33.941L240.971 381.476c-9.373 9.372-24.569 9.372-33.942 0z\"><\/path><\/svg><\/div>\n\t\t\t\t<div class=\"elementor-toc__toggle-button elementor-toc__toggle-button--collapse\" role=\"button\" tabindex=\"0\" aria-controls=\"elementor-toc__ec0c8c0\" aria-expanded=\"true\" aria-label=\"Close table of contents\"><svg aria-hidden=\"true\" class=\"e-font-icon-svg e-fas-chevron-up\" viewBox=\"0 0 448 512\" xmlns=\"http:\/\/www.w3.org\/2000\/svg\"><path d=\"M240.971 130.524l194.343 194.343c9.373 9.373 9.373 24.569 0 33.941l-22.667 22.667c-9.357 9.357-24.522 9.375-33.901.04L224 227.495 69.255 381.516c-9.379 9.335-24.544 9.317-33.901-.04l-22.667-22.667c-9.373-9.373-9.373-24.569 0-33.941L207.03 130.525c9.372-9.373 24.568-9.373 33.941-.001z\"><\/path><\/svg><\/div>\n\t\t\t\t\t<\/div>\n\t\t\t\t<div id=\"elementor-toc__ec0c8c0\" class=\"elementor-toc__body\">\n\t\t\t<div class=\"elementor-toc__spinner-container\">\n\t\t\t\t<svg class=\"elementor-toc__spinner eicon-animation-spin e-font-icon-svg e-eicon-loading\" aria-hidden=\"true\" viewBox=\"0 0 1000 1000\" xmlns=\"http:\/\/www.w3.org\/2000\/svg\"><path d=\"M500 975V858C696 858 858 696 858 500S696 142 500 142 142 304 142 500H25C25 237 238 25 500 25S975 237 975 500 763 975 500 975Z\"><\/path><\/svg>\t\t\t<\/div>\n\t\t<\/div>\n\t\t\t\t\t\t<\/div>\n\t\t\t\t<\/div>\n\t\t\t\t\t<\/div>\n\t\t\t\t<\/div>\n\t\t<div class=\"elementor-element elementor-element-d7ff833 e-con-full e-flex e-con e-child\" data-id=\"d7ff833\" data-element_type=\"container\" data-e-type=\"container\">\n\t\t\t\t<div class=\"elementor-element elementor-element-a05ac13 iwg-hero-image elementor-widget elementor-widget-image\" data-id=\"a05ac13\" data-element_type=\"widget\" data-e-type=\"widget\" data-widget_type=\"image.default\">\n\t\t\t\t\t\t\t\t\t\t\t\t\t\t\t<img fetchpriority=\"high\" decoding=\"async\" width=\"683\" height=\"1024\" src=\"https:\/\/iwell-guard.com\/wp-content\/uploads\/2026\/05\/goetter_vodou_simbi-683x1024.webp\" class=\"attachment-large size-large wp-image-173423\" alt=\"Simbi - d\u00e9us de la tradici\u00f3 vodou, il\u00b7lustraci\u00f3 historicocultural\" srcset=\"https:\/\/iwell-guard.com\/wp-content\/uploads\/2026\/05\/goetter_vodou_simbi-683x1024.webp 683w, https:\/\/iwell-guard.com\/wp-content\/uploads\/2026\/05\/goetter_vodou_simbi-200x300.webp 200w, https:\/\/iwell-guard.com\/wp-content\/uploads\/2026\/05\/goetter_vodou_simbi-768x1152.webp 768w, https:\/\/iwell-guard.com\/wp-content\/uploads\/2026\/05\/goetter_vodou_simbi.webp 1024w\" sizes=\"(max-width: 683px) 100vw, 683px\" \/>\t\t\t\t\t\t\t\t\t\t\t\t\t\t\t<\/div>\n\t\t\t\t<\/div>\n\t\t\t\t\t<\/div>\n\t\t\t\t<\/div>\n\t\t<div class=\"elementor-element elementor-element-aa43659 e-con-boxed e-flex e-con e-parent\" data-id=\"aa43659\" data-element_type=\"container\" data-e-type=\"container\">\n\t\t\t\t\t<div class=\"e-con-inner\">\n\t\t<div class=\"elementor-element elementor-element-5965313 e-con-full e-flex e-con e-child\" data-id=\"5965313\" data-element_type=\"container\" data-e-type=\"container\">\n\t\t\t\t<div class=\"elementor-element elementor-element-db05f2f elementor-widget elementor-widget-heading\" data-id=\"db05f2f\" data-element_type=\"widget\" data-e-type=\"widget\" data-widget_type=\"heading.default\">\n\t\t\t\t\t<h2 class=\"elementor-heading-title elementor-size-default\">Arrels en el culte del Congo<\/h2>\t\t\t\t<\/div>\n\t\t\t\t<div class=\"elementor-element elementor-element-66f820c elementor-widget elementor-widget-text-editor\" data-id=\"66f820c\" data-element_type=\"widget\" data-e-type=\"widget\" data-widget_type=\"text-editor.default\">\n\t\t\t\t\t\t\t\t\t<p>A difer\u00e8ncia de la majoria de loa haitians, les arrels dels Simbi no es troben en l&#8217;\u00e0mbit yoruba o fon, sin\u00f3 en la creen\u00e7a bakongo de l&#8217;actual Rep\u00fablica Democr\u00e0tica del Congo i Angola.<\/p><p>En la tradici\u00f3 bakongo, els \u00abbisimbi\u00bb (singular: simbi) designen una classe d&#8217;esperits de l&#8217;aigua que viuen a rius, llacs i cursos d&#8217;aigua subterranis. Es consideren guardians de forces especials i s\u00f3n invocats pels \u00abnganga\u00bb, guaridors i sacerdots tradicionals, en rituals de curaci\u00f3.<\/p>\n\n<p><span data-nosnippet>Robert Farris Thompson va estudiar sistem\u00e0ticament a \u00abFlash of the Spirit\u00bb (1983) l&#8217;origen bakongo de la veneraci\u00f3 dels Simbi, i va mostrar que aquesta tradici\u00f3 va arribar al Carib juntament amb la deportaci\u00f3 d&#8217;esclaus des de la conca del Congo als segles XVII i XVIII.<\/span><\/p><p>A Hait\u00ed es va barrejar amb altres tradicions africanes i criolles, per\u00f2 va conservar la seva vinculaci\u00f3 caracter\u00edstica amb l&#8217;aigua dol\u00e7a i l&#8217;art m\u00e0gic de la curaci\u00f3.<\/p>\t\t\t\t\t\t\t\t<\/div>\n\t\t\t\t<\/div>\n\t\t<div class=\"elementor-element elementor-element-720b8d6 e-con-full e-flex e-con e-child\" data-id=\"720b8d6\" data-element_type=\"container\" data-e-type=\"container\">\n\t\t\t\t<div class=\"elementor-element elementor-element-70b0d0e elementor-widget elementor-widget-heading\" data-id=\"70b0d0e\" data-element_type=\"widget\" data-e-type=\"widget\" data-widget_type=\"heading.default\">\n\t\t\t\t\t<h2 class=\"elementor-heading-title elementor-size-default\">Funci\u00f3 i manifestacions<\/h2>\t\t\t\t<\/div>\n\t\t\t\t<div class=\"elementor-element elementor-element-4de5615 elementor-widget elementor-widget-text-editor\" data-id=\"4de5615\" data-element_type=\"widget\" data-e-type=\"widget\" data-widget_type=\"text-editor.default\">\n\t\t\t\t\t\t\t\t\t<p>Els Simbi s\u00f3n venerats en diverses manifestacions. Simbi Dlo (\u00abSimbi de l&#8217;aigua\u00bb) \u00e9s la manifestaci\u00f3 principal i s&#8217;invoca a rius i fonts. Simbi Andezo (\u00abSimbi de les dues aig\u00fces\u00bb) marca el lloc on conflueixen l&#8217;aigua dol\u00e7a i l&#8217;aigua salada, i es considera un mediador entre diferents mons.<\/p><p>Simbi Makaya \u00e9s la forma m\u00e0gico-medicinal, invocada pels \u00abbokors\u00bb (especialistes en m\u00e0gia) per exercir el seu art. Simbi Yandezo \u00e9s una forma femenina vinculada a la curaci\u00f3 de dones i a l&#8217;acompanyament del part.<\/p>\n\n<p>Alfred M\u00e9traux va documentar a \u00abLe vaudou ha\u00eftien\u00bb la diversitat de manifestacions dels Simbi i va assenyalar la seva sovint diferenciada <span class=\"iwg-fachbegriff\" data-tooltip=\"L'acte d'invocar, suplicant o conjurant, una divinitat o poder.\" tabindex=\"0\">invocaci\u00f3<\/span> en diversos contextos rituals.<\/p><p>Maya Deren va descriure a \u00abDivine Horsemen\u00bb els Simbi com a \u00abcriatures de l&#8217;aigua\u00bb, la aparici\u00f3 dels quals sovint va acompanyada del so de l&#8217;aigua corrent, de simbolisme aqu\u00e0tic i de moviments frescos i suaus quan munten un creient a mode de cavall.<\/p>\t\t\t\t\t\t\t\t<\/div>\n\t\t\t\t<\/div>\n\t\t<div class=\"elementor-element elementor-element-30613b7 e-con-full e-flex e-con e-child\" data-id=\"30613b7\" data-element_type=\"container\" data-e-type=\"container\">\n\t\t\t\t<div class=\"elementor-element elementor-element-a40605d elementor-widget elementor-widget-heading\" data-id=\"a40605d\" data-element_type=\"widget\" data-e-type=\"widget\" data-widget_type=\"heading.default\">\n\t\t\t\t\t<h2 class=\"elementor-heading-title elementor-size-default\">Simbologia i atributs<\/h2>\t\t\t\t<\/div>\n\t\t\t\t<div class=\"elementor-element elementor-element-8b6d244 elementor-widget elementor-widget-text-editor\" data-id=\"8b6d244\" data-element_type=\"widget\" data-e-type=\"widget\" data-widget_type=\"text-editor.default\">\n\t\t\t\t\t\t\t\t\t<p>Els s\u00edmbols centrals dels Simbi s\u00f3n la serp, l&#8217;aigua, la mitja lluna i els colors verd i blau, i en algunes tradicions tamb\u00e9 el negre.<\/p><p>A difer\u00e8ncia de Damballa, la forma de serp del qual sembla tranquil\u00b7la i paternal, la serp dels Simbi \u00e9s \u00e0gil, perillosa i carregada de poder m\u00e0gic. En els \u00abv\u00e8v\u00e8\u00bb, els dibuixos rituals tra\u00e7ats a terra, les serps Simbi apareixen sovint dins l&#8217;aigua, en espirals o vinculades a la mitja lluna i les estrelles.<\/p>\n\n<p>Les ofrenes preferides s\u00f3n l&#8217;aigua dol\u00e7a fresca, la llet, l&#8217;arr\u00f2s blanc, els peixos i petits \u00e9ssers aqu\u00e0tics. En alguns rituals, les <span class=\"iwg-fachbegriff\" data-tooltip=\"Ofrena a una divinitat per expressar gratitud, s\u00faplica o veneraci\u00f3.\" tabindex=\"0\">ofrenes<\/span> es dipositen al riu o en una font.<\/p><p>La <span class=\"iwg-fachbegriff\" data-tooltip=\"L'acte d'invocar, suplicant o conjurant, una divinitat o poder.\" tabindex=\"0\">invocaci\u00f3<\/span> sovint t\u00e9 lloc en indrets concrets d&#8217;aigua, on segons la tradici\u00f3 local hi habiten els Simbi. Aquesta vinculaci\u00f3 geogr\u00e0fica distingeix els Simbi de molts altres loa, que poden ser venerats independentment del lloc concret.<\/p>\t\t\t\t\t\t\t\t<\/div>\n\t\t\t\t<\/div>\n\t\t<div class=\"elementor-element elementor-element-220c47e e-con-full e-flex e-con e-child\" data-id=\"220c47e\" data-element_type=\"container\" data-e-type=\"container\">\n\t\t\t\t<div class=\"elementor-element elementor-element-74c1021 elementor-widget elementor-widget-heading\" data-id=\"74c1021\" data-element_type=\"widget\" data-e-type=\"widget\" data-widget_type=\"heading.default\">\n\t\t\t\t\t<h2 class=\"elementor-heading-title elementor-size-default\">Els Simbi com a esperits de m\u00e0gia i curaci\u00f3<\/h2>\t\t\t\t<\/div>\n\t\t\t\t<div class=\"elementor-element elementor-element-34cbca1 elementor-widget elementor-widget-text-editor\" data-id=\"34cbca1\" data-element_type=\"widget\" data-e-type=\"widget\" data-widget_type=\"text-editor.default\">\n\t\t\t\t\t\t\t\t\t<p>Els Simbi tenen una relaci\u00f3 especial amb l&#8217;art m\u00e0gic de la curaci\u00f3. Els bokors i els especialistes en m\u00e0gia cerquen la seva ajuda quan necessiten curacions dif\u00edcils o poders especials.<\/p><p>En la medicina popular haitiana hi ha nombroses receptes de curaci\u00f3 que es preparen als rius amb <span class=\"iwg-fachbegriff\" data-tooltip=\"L'acte d'invocar, suplicant o conjurant, una divinitat o poder.\" tabindex=\"0\">invocaci\u00f3<\/span> dels Simbi. Aquesta \u00abmedsin fey\u00bb (medicina de fulles) i altres formes tradicionals de curaci\u00f3 estan molt esteses entre la poblaci\u00f3 rural haitiana i es transmeten de generaci\u00f3 en generaci\u00f3.<\/p>\n\n<p>Karen McCarthy Brown va documentar a \u00abMama Lola\u00bb la funci\u00f3 curativa dels Simbi en la pr\u00e0ctica urbana de la di\u00e0spora. La sacerdotessa que descriu utilitza rituals Simbi davant malalties cr\u00f2niques, blocatges en la curaci\u00f3 i la purificaci\u00f3 d&#8217;energia negativa. Aquesta funci\u00f3 curativa \u00e9s molt habitual en la pr\u00e0ctica haitiana i \u00e9s un dels serveis m\u00e9s sol\u00b7licitats.<\/p>\t\t\t\t\t\t\t\t<\/div>\n\t\t\t\t<\/div>\n\t\t<div class=\"elementor-element elementor-element-a69ccad e-con-full e-flex e-con e-child\" data-id=\"a69ccad\" data-element_type=\"container\" data-e-type=\"container\">\n\t\t\t\t<div class=\"elementor-element elementor-element-19e7c5a elementor-widget elementor-widget-heading\" data-id=\"19e7c5a\" data-element_type=\"widget\" data-e-type=\"widget\" data-widget_type=\"heading.default\">\n\t\t\t\t\t<h2 class=\"elementor-heading-title elementor-size-default\">Vinculaci\u00f3 amb els infants i la seva protecci\u00f3<\/h2>\t\t\t\t<\/div>\n\t\t\t\t<div class=\"elementor-element elementor-element-37e60b7 elementor-widget elementor-widget-text-editor\" data-id=\"37e60b7\" data-element_type=\"widget\" data-e-type=\"widget\" data-widget_type=\"text-editor.default\">\n\t\t\t\t\t\t\t\t\t<p>Una funci\u00f3 especial dels Simbi \u00e9s l&#8217;acompanyament dels infants. En algunes fam\u00edlies haitianes, els nens considerats especialment sensibles espiritualment es posen sota la protecci\u00f3 d&#8217;un esperit Simbi.<\/p><p>Aquests \u00abinfants Simbi\u00bb sovint porten talismans o petites peces de joieria que marquen la seva vinculaci\u00f3 amb l&#8217;esperit protector. En cas de malaltia o amena\u00e7a, se&#8217;ls renta a rius o fonts, amb l&#8217;expectativa de que el Simbi els porti la curaci\u00f3.<\/p>\n\n<p>Aquesta vinculaci\u00f3 entre els Simbi i la inf\u00e0ncia tamb\u00e9 est\u00e0 documentada al Congo i es considera una de les continu\u00eftats m\u00e9s directes entre la forma africana i la caribenya. La idea que certs esperits protegeixen especialment els infants \u00e9s habitual en moltes tradicions religioses, per\u00f2 en la tradici\u00f3 haitiana pren una forma espec\u00edfica lligada al simbolisme de l&#8217;aigua.<\/p>\t\t\t\t\t\t\t\t<\/div>\n\t\t\t\t<\/div>\n\t\t<div class=\"elementor-element elementor-element-89998ea e-con-full e-flex e-con e-child\" data-id=\"89998ea\" data-element_type=\"container\" data-e-type=\"container\">\n\t\t\t\t<div class=\"elementor-element elementor-element-e581c51 elementor-widget elementor-widget-heading\" data-id=\"e581c51\" data-element_type=\"widget\" data-e-type=\"widget\" data-widget_type=\"heading.default\">\n\t\t\t\t\t<h2 class=\"elementor-heading-title elementor-size-default\">Identificaci\u00f3 sincretista<\/h2>\t\t\t\t<\/div>\n\t\t\t\t<div class=\"elementor-element elementor-element-8633ff9 elementor-widget elementor-widget-text-editor\" data-id=\"8633ff9\" data-element_type=\"widget\" data-e-type=\"widget\" data-widget_type=\"text-editor.default\">\n\t\t\t\t\t\t\t\t\t<p>En el sistema sincr\u00e8tic cat\u00f2lic-vod\u00fa, les diferents manifestacions de Simbi s&#8217;identifiquen amb diversos sants cat\u00f2lics. Simbi Dlo sovint es vincula amb els \u00abSants Reis Mags\u00bb, perqu\u00e8 aquests, en la <span class=\"iwg-fachbegriff\" data-tooltip=\"Doctrina sobre els continguts de les imatges i el seu significat.\" tabindex=\"0\">iconografia<\/span> cat\u00f2lica, apareixen sovint associats amb l&#8217;aigua i el viatge.<\/p><p>Simbi Andezo s&#8217;identifica amb sant Andreu, venerat com a pescador i patr\u00f3 dels mariners. Simbi Makaya es vincula amb sant Marc.<\/p>\n\n<p>Aquestes identificacions varien segons la regi\u00f3 i segueixen convencions iconogr\u00e0fiques locals. Leslie Desmangles ha mostrat en els seus estudis que les identificacions dels Simbi estan menys fixades que les de figures principals com Damballa o Ogou, cosa que probablement es deu al fet que els Simbi ocupen un lloc menys central en la jerarquia general d&#8217;aquesta tradici\u00f3 i, per tant, han experimentat menys estabilitzaci\u00f3 iconogr\u00e0fica.<\/p>\t\t\t\t\t\t\t\t<\/div>\n\t\t\t\t<\/div>\n\t\t<div class=\"elementor-element elementor-element-14f9884 e-con-full e-flex e-con e-child\" data-id=\"14f9884\" data-element_type=\"container\" data-e-type=\"container\">\n\t\t\t\t<div class=\"elementor-element elementor-element-4ac781d elementor-widget elementor-widget-heading\" data-id=\"4ac781d\" data-element_type=\"widget\" data-e-type=\"widget\" data-widget_type=\"heading.default\">\n\t\t\t\t\t<h2 class=\"elementor-heading-title elementor-size-default\">Simbi i la fam\u00edlia Petwo<\/h2>\t\t\t\t<\/div>\n\t\t\t\t<div class=\"elementor-element elementor-element-27b8c8e elementor-widget elementor-widget-text-editor\" data-id=\"27b8c8e\" data-element_type=\"widget\" data-e-type=\"widget\" data-widget_type=\"text-editor.default\">\n\t\t\t\t\t\t\t\t\t<p>Els Simbi pertanyen a la fam\u00edlia Petwo d&#8217;aquesta tradici\u00f3, considerada un corrent m\u00e9s jove i de car\u00e0cter criollitzat. A difer\u00e8ncia de la fam\u00edlia Rada, que arrela directament en les tradicions fon i ioruba, la fam\u00edlia Petwo va sorgir al Carib, possiblement en el context de l&#8217;experi\u00e8ncia de l&#8217;esclavitud i de la revoluci\u00f3.<\/p><p>Els loa Petwo es consideren m\u00e9s ardents, agressius i poderosos m\u00e0gicament que els loa Rada, cosa que tamb\u00e9 es reflecteix en la m\u00fasica i en els ritus.<\/p>\n\n<p>Joan Dayan, a \u00abHaiti, History, and the Gods\u00bb, descriu la fam\u00edlia Petwo com una resposta espec\u00edfica de la poblaci\u00f3 esclavitzada davant l&#8217;experi\u00e8ncia de l&#8217;esclavitud. L&#8217;agressivitat dels loa Petwo correspon a la necessitat de resistir un sistema violent.<\/p><p>Els Simbi tenen un paper mediador dins d&#8217;aquesta fam\u00edlia: no s\u00f3n tan guerrers com altres loa Petwo, per\u00f2 s\u00ed notablement m\u00e9s poderosos i m\u00e0gics que els de la fam\u00edlia Rada.<\/p>\t\t\t\t\t\t\t\t<\/div>\n\t\t\t\t<\/div>\n\t\t<div class=\"elementor-element elementor-element-7ad7dc0 e-con-full e-flex e-con e-child\" data-id=\"7ad7dc0\" data-element_type=\"container\" data-e-type=\"container\">\n\t\t\t\t<div class=\"elementor-element elementor-element-dcd7e8c elementor-widget elementor-widget-heading\" data-id=\"dcd7e8c\" data-element_type=\"widget\" data-e-type=\"widget\" data-widget_type=\"heading.default\">\n\t\t\t\t\t<h2 class=\"elementor-heading-title elementor-size-default\">Recerca i actualitat<\/h2>\t\t\t\t<\/div>\n\t\t\t\t<div class=\"elementor-element elementor-element-104d1aa elementor-widget elementor-widget-text-editor\" data-id=\"104d1aa\" data-element_type=\"widget\" data-e-type=\"widget\" data-widget_type=\"text-editor.default\">\n\t\t\t\t\t\t\t\t\t<p>L&#8217;estudi dels Simbi forma part de la recerca m\u00e9s \u00e0mplia sobre aquesta tradici\u00f3 i es basa en els treballs de Maya Deren, Alfred M\u00e9traux, Karen McCarthy Brown, Leslie Desmangles, Joan Dayan i Robert Farris Thompson. Estudis espec\u00edfics sobre l&#8217;origen bakongo i la continu\u00eftat de la tradici\u00f3 dels esperits de l&#8217;aigua han estat presentats en els treballs de Wyatt MacGaffey i John Janzen.<\/p><p>Han demostrat que la tradici\u00f3 bakongo dels bisimbi s&#8217;ha conservat no nom\u00e9s a Hait\u00ed, sin\u00f3 tamb\u00e9 en altres religions afroamericanes (a Cuba en les Reglas de Congo, al Brasil en algunes l\u00ednies del Candombl\u00e9).<\/p>\n\n<p>A la di\u00e0spora haitiana, la veneraci\u00f3 dels Simbi continua en contextos urbans en condicions modificades. A Brooklyn i a Miami, els practicants d&#8217;aquesta tradici\u00f3 sovint utilitzen aquaris, fonts o brolladors p\u00fablics per invocar els esperits Simbi.<\/p><p>Aquestes adaptacions mostren la flexibilitat de la tradici\u00f3, que conserva la seva subst\u00e0ncia teol\u00f2gica fins i tot en condicions geogr\u00e0fiques canviants. Els Simbi es mantenen, aix\u00ed, com una tradici\u00f3 viva que uneix arrels africanes, hist\u00f2ria caribenya i actualitat transnacional.<\/p>\t\t\t\t\t\t\t\t<\/div>\n\t\t\t\t<\/div>\n\t\t<div class=\"elementor-element elementor-element-18c59c8 e-con-full e-flex e-con e-child\" data-id=\"18c59c8\" data-element_type=\"container\" data-e-type=\"container\">\n\t\t\t\t<div class=\"elementor-element elementor-element-0374738 elementor-widget elementor-widget-heading\" data-id=\"0374738\" data-element_type=\"widget\" data-e-type=\"widget\" data-widget_type=\"heading.default\">\n\t\t\t\t\t<h2 class=\"elementor-heading-title elementor-size-default\">Els bisimbi en el context bakongo<\/h2>\t\t\t\t<\/div>\n\t\t\t\t<div class=\"elementor-element elementor-element-0418b59 elementor-widget elementor-widget-text-editor\" data-id=\"0418b59\" data-element_type=\"widget\" data-e-type=\"widget\" data-widget_type=\"text-editor.default\">\n\t\t\t\t\t\t\t\t\t<p>La tradici\u00f3 bakongo coneix diverses classes de \u00abbakulu\u00bb (avantpassats) i esperits, entre les quals els bisimbi formen una categoria pr\u00f2pia.<\/p><p><span data-nosnippet>Wyatt MacGaffey ha mostrat, a \u00abReligion and Society in Central Africa: The BaKongo of Lower Zaire\u00bb (Chicago 1986) i a \u00abKongo Political Culture\u00bb (Bloomington 2000), que els bisimbi es consideren habitants de l&#8217;aigua i primers habitants del territori abans de l&#8217;arribada dels avantpassats humans.<\/span><\/p><p><span data-nosnippet>No s\u00f3n avantpassats morts, sin\u00f3 \u00e9ssers espirituals d&#8217;un ordre propi, vinculats a llocs especials: fonts, tolls d&#8217;aigua, r\u00e0pids i indrets \u00abmakulu\u00bb, \u00e9s a dir, determinades roques dins l&#8217;aigua. John Janzen ha documentat la transmissi\u00f3 transatl\u00e0ntica a \u00abLemba, 1650-1930: A Drum of Affliction in Africa and the New World\u00bb (New York 1982).<\/span><\/p>\n<p>Al Regne del Congo, especialment a la regi\u00f3 de Mbanza Kongo i als ports de Mpinda, Soyo i Loango, els bisimbi eren invocats en els ritus de la germandat Lemba, un moviment de curaci\u00f3 que es va estendre per tot el sud del Congo entre els segles XVII i XIX.<\/p><p>La germandat Lemba es va extingir a l&#8217;\u00c0frica a principis del segle XX, per\u00f2 les seves tradicions dels esperits de l&#8217;aigua van sobreviure al Carib. Janzen ha interpretat els ritus haitians dels Simbi com a descendents directes d&#8217;aquesta tradici\u00f3 Lemba, una tesi \u00e0mpliament acceptada en la recerca sobre aquesta tradici\u00f3 i que confirma la fam\u00edlia Petwo com a substrat congol\u00e8s de la tradici\u00f3 haitiana.<\/p>\t\t\t\t\t\t\t\t<\/div>\n\t\t\t\t<\/div>\n\t\t<div class=\"elementor-element elementor-element-4730496 e-con-full e-flex e-con e-child\" data-id=\"4730496\" data-element_type=\"container\" data-e-type=\"container\">\n\t\t\t\t<div class=\"elementor-element elementor-element-e34424f elementor-widget elementor-widget-heading\" data-id=\"e34424f\" data-element_type=\"widget\" data-e-type=\"widget\" data-widget_type=\"heading.default\">\n\t\t\t\t\t<h2 class=\"elementor-heading-title elementor-size-default\">Simbi Makaya i les germandats sanpw\u00e8l<\/h2>\t\t\t\t<\/div>\n\t\t\t\t<div class=\"elementor-element elementor-element-e2adb97 elementor-widget elementor-widget-text-editor\" data-id=\"e2adb97\" data-element_type=\"widget\" data-e-type=\"widget\" data-widget_type=\"text-editor.default\">\n\t\t\t\t\t\t\t\t\t<p>La manifestaci\u00f3 de Simbi Makaya ocupa un lloc especial en les germandats \u00absanpw\u00e8l\u00bb (tamb\u00e9 \u00absanpo\u00e8l\u00bb, \u00absans poil\u00bb, tradu\u00efble aproximadament com \u00absense p\u00e8l\u00bb), les associacions secretes de la poblaci\u00f3 rural haitiana que exerceixen funcions de protecci\u00f3, just\u00edcia i guarici\u00f3 a l&#8217;\u00e0mbit rural.<\/p><p>Wade Davis ha descrit les germandats sanpw\u00e8l a \u00abPassage of Darkness: The Ethnobiology of the Haitian Zombie\u00bb (Chapel Hill 1988), el treball de continuaci\u00f3 de car\u00e0cter etnogr\u00e0fic de \u00abThe Serpent and the Rainbow\u00bb (1985). No es tracta de cercles de \u00ab<span class=\"iwg-fachbegriff\" data-tooltip=\"Pr\u00e0ctiques que pretenen intervenir en el curs dels esdeveniments mitjan\u00e7ant accions o f\u00f3rmules especials.\" tabindex=\"0\">m\u00e0gia<\/span> negra\u00bb com els dels clix\u00e9s de Hollywood, sin\u00f3 organitzacions locals d&#8217;autoajuda que, en un context d&#8217;estatalitat feble, ofereixen resoluci\u00f3 tradicional de conflictes i treball de guarici\u00f3.<\/p>\n<p>Simbi Makaya \u00e9s invocat en les iniciacions sanpw\u00e8l i es considera el patr\u00f3 protector d&#8217;aquells \u00abbokors\u00bb que exerceixen el doble paper de guaridors i d&#8217;agents de la just\u00edcia popular. Aquest doble paper est\u00e0 arrelat teol\u00f2gicament en la tradici\u00f3 haitiana: guarir i castigar s\u00f3n dues cares de la mateixa compet\u00e8ncia m\u00e0gica.<\/p><p><span data-nosnippet>Karen Richman ha documentat, a \u00abMigration and Vodou\u00bb (Gainesville 2005), la funci\u00f3 social dels sanpw\u00e8l en les comunitats rurals d&#8217;Hait\u00ed i en la pr\u00e0ctica migrat\u00f2ria transnacional. Mostra que la veneraci\u00f3 de Simbi Makaya continua viva tamb\u00e9 en les comunitats migrants de Florida i de la Rep\u00fablica Dominicana, encara que en formes molt transformades.<\/span><\/p>\t\t\t\t\t\t\t\t<\/div>\n\t\t\t\t<\/div>\n\t\t<div class=\"elementor-element elementor-element-2d5e016 e-con-full e-flex e-con e-child\" data-id=\"2d5e016\" data-element_type=\"container\" data-e-type=\"container\">\n\t\t\t\t<div class=\"elementor-element elementor-element-92fedf7 elementor-widget elementor-widget-heading\" data-id=\"92fedf7\" data-element_type=\"widget\" data-e-type=\"widget\" data-widget_type=\"heading.default\">\n\t\t\t\t\t<h2 class=\"elementor-heading-title elementor-size-default\">Llocs aqu\u00e0tics i geografia sagrada<\/h2>\t\t\t\t<\/div>\n\t\t\t\t<div class=\"elementor-element elementor-element-fc488c5 elementor-widget elementor-widget-text-editor\" data-id=\"fc488c5\" data-element_type=\"widget\" data-e-type=\"widget\" data-widget_type=\"text-editor.default\">\n\t\t\t\t\t\t\t\t\t<p>La veneraci\u00f3 dels Simbi est\u00e0 vinculada espacialment a llocs d&#8217;aigua concrets. El lloc de peregrinaci\u00f3 m\u00e9s important \u00e9s \u00abSodo\u00bb (Saut-d&#8217;Eau), al departament de Mirebalais, una cascada on cada any, a mitjan juliol, se celebra la festa de la Verge del Mont Carmel (\u00abVierge du Mont-Carmel\u00bb) juntament amb la <span class=\"iwg-fachbegriff\" data-tooltip=\"L'acte de dirigir-se a una divinitat o poder, ja sigui pregant-lo o invocant-lo.\" tabindex=\"0\">invocaci\u00f3<\/span> de la Loa Erzulie Freda i dels esperits de l&#8217;aigua Simbi.<\/p><p>Milers de <span class=\"iwg-fachbegriff\" data-tooltip=\"Una persona que empr\u00e8n un viatge de motivaci\u00f3 religiosa cap a un lloc sagrat.\" tabindex=\"0\">pelegrins<\/span> hi arriben de tot Hait\u00ed i de la di\u00e0spora, es banyen a la cascada i realitzen ritus de curaci\u00f3. Karen Richman i Elizabeth McAlister han descrit \u00e0mpliament la festa de Saut-d&#8217;Eau. Aquesta il\u00b7lustra la fusi\u00f3 entre la devoci\u00f3 mariana cat\u00f2lica i la veneraci\u00f3 dels esperits de l&#8217;aigua d&#8217;aquesta tradici\u00f3, donant lloc a una pr\u00e0ctica religiosa pr\u00f2pia.<\/p>\n<p>A m\u00e9s de Saut-d&#8217;Eau, hi ha llocs Simbi locals en nombroses fonts, passos de rierol i basses d&#8217;aigua per tota la pen\u00ednsula haitiana. Aquests \u00abpwen\u00bb (\u00abpunts\u00bb) s\u00f3n identificats pels houngans i mambos locals i s&#8217;integren en la pr\u00e0ctica del hounfor.<\/p><p><span data-nosnippet>Donald Cosentino ha presentat, a \u00abSacred Arts of Haitian Vodou\u00bb (Los Angeles 1995), una visi\u00f3 general dels principals llocs d&#8217;aigua locals i de les seves convencions iconogr\u00e0fiques. La geografia sagrada de la veneraci\u00f3 dels Simbi constitueix aix\u00ed un mapa de la geografia aqu\u00e0tica haitiana des d&#8217;una perspectiva religiosa, que nom\u00e9s coincideix parcialment amb la geografia civil del pa\u00eds.<\/span><\/p>\t\t\t\t\t\t\t\t<\/div>\n\t\t\t\t<\/div>\n\t\t<div class=\"elementor-element elementor-element-36fd476 e-con-full e-flex e-con e-child\" data-id=\"36fd476\" data-element_type=\"container\" data-e-type=\"container\">\n\t\t\t\t<div class=\"elementor-element elementor-element-de547de elementor-widget elementor-widget-heading\" data-id=\"de547de\" data-element_type=\"widget\" data-e-type=\"widget\" data-widget_type=\"heading.default\">\n\t\t\t\t\t<h2 class=\"elementor-heading-title elementor-size-default\">Fonts i bibliografia<\/h2>\t\t\t\t<\/div>\n\t\t\t\t<div class=\"elementor-element elementor-element-4dce646 elementor-widget elementor-widget-text-editor\" data-id=\"4dce646\" data-element_type=\"widget\" data-e-type=\"widget\" data-widget_type=\"text-editor.default\">\n\t\t\t\t\t\t\t\t\t<footer class=\"iwg-literatur\"><p>Bibliografia secund\u00e0ria:<\/p><ul><li><span data-nosnippet>Alfred M\u00e9traux, \u00abLe vaudou ha\u00eftien\u00bb (Paris 1958).<\/span><\/li><li><span data-nosnippet>Karen McCarthy Brown, \u00abMama Lola\u00bb (Berkeley 1991).<\/span><\/li><li><span data-nosnippet>Karen Richman, \u00abMigration and Vodou\u00bb (Gainesville 2005).<\/span><\/li><li><span data-nosnippet>Elizabeth McAlister, \u00abRara!\u00bb (Berkeley 2002).<\/span><\/li><\/ul><p><span data-nosnippet>Sobre el rerefons bakongo: Robert Farris Thompson, \u00abFlash of the Spirit\u00bb (New York 1983); Wyatt MacGaffey, \u00abReligion and Society in Central Africa\u00bb (Chicago 1986) i \u00abKongo Political Culture\u00bb (Bloomington 2000); John M. Janzen, \u00abLemba, 1650-1930: A Drum of Affliction in Africa and the New World\u00bb (New York 1982); Anne Hilton, \u00abThe Kingdom of Kongo\u00bb (Oxford 1985).<\/span><\/p><p><span data-nosnippet>Sobre els sanpw\u00e8l i la just\u00edcia popular: Wade Davis, \u00abPassage of Darkness: The Ethnobiology of the Haitian Zombie\u00bb (Chapel Hill 1988); La\u00ebnnec Hurbon, \u00abLe barbare imaginaire\u00bb (Paris 1988).<\/span><\/p>\n<p class=\"iwg-bib-more\"><span data-nosnippet>M\u00e9s obres de refer\u00e8ncia a la <a href=\"https:\/\/iwell-guard.com\/ca\/literatura\/\">bibliografia<\/a>.<\/span><\/p><\/footer>\t\t\t\t\t\t\t\t<\/div>\n\t\t\t\t<\/div>\n\t\t\t\t\t<\/div>\n\t\t\t\t<\/div>\n\t\t\t\t<\/div>\n\t\t","protected":false},"excerpt":{"rendered":"","protected":false},"author":3,"featured_media":3285,"parent":0,"menu_order":0,"comment_status":"closed","ping_status":"closed","template":"elementor_header_footer","meta":{"_yoast_wpseo_focuskw":"Simbi","_yoast_wpseo_title":"Simbi - Esperits de l'aigua de les fonts i la m\u00e0gia","_yoast_wpseo_metadesc":"Els Simbi s\u00f3n els esperits de l'aigua i els loa serpent del Vodou. Guardians de les fonts d'aigua dol\u00e7a, la curaci\u00f3 i la m\u00e0gia amb arrels congoleses.","_yoast_wpseo_meta-robots-noindex":"","_yoast_wpseo_canonical":"","_angie_page":false,"gefaehrdungsstufe":"2","wesen_kultur":"vodou","wesen_klasse":"goetter","footnotes":""},"categories":[],"class_list":["post-171870","page","type-page","status-publish","has-post-thumbnail","hentry"],"yoast_head":"<!-- This site is optimized with the Yoast SEO Premium plugin v27.7 (Yoast SEO v28.3) - https:\/\/yoast.com\/product\/yoast-seo-premium-wordpress\/ -->\n<title>Simbi - Esperits de l&#039;aigua de les fonts i la m\u00e0gia<\/title>\n<meta name=\"description\" content=\"Els Simbi s\u00f3n els esperits de l&#039;aigua i els loa serpent del Vodou. Guardians de les fonts d&#039;aigua dol\u00e7a, la curaci\u00f3 i la m\u00e0gia amb arrels congoleses.\" \/>\n<meta name=\"robots\" content=\"index, follow, max-snippet:-1, max-image-preview:large, max-video-preview:-1\" \/>\n<link rel=\"canonical\" href=\"https:\/\/iwell-guard.com\/ca\/simbi\/\" \/>\n<meta property=\"og:locale\" content=\"ca_ES\" \/>\n<meta property=\"og:type\" content=\"article\" \/>\n<meta property=\"og:title\" content=\"Simbi\" \/>\n<meta property=\"og:description\" content=\"Els Simbi s\u00f3n els esperits de l&#039;aigua i els loa serpent del Vodou. Guardians de les fonts d&#039;aigua dol\u00e7a, la curaci\u00f3 i la m\u00e0gia amb arrels congoleses.\" \/>\n<meta property=\"og:url\" content=\"https:\/\/iwell-guard.com\/ca\/simbi\/\" \/>\n<meta property=\"og:site_name\" content=\"iWell Guard\" \/>\n<meta property=\"article:modified_time\" content=\"2026-09-05T16:09:20+00:00\" \/>\n<meta property=\"og:image\" content=\"https:\/\/iwell-guard.com\/wp-content\/uploads\/2026\/05\/goetter_vodou_simbi.webp\" \/>\n\t<meta property=\"og:image:width\" content=\"1024\" \/>\n\t<meta property=\"og:image:height\" content=\"1536\" \/>\n\t<meta property=\"og:image:type\" content=\"image\/webp\" \/>\n<meta name=\"twitter:card\" content=\"summary_large_image\" \/>\n<script type=\"application\/ld+json\" class=\"yoast-schema-graph\">{\"@context\":\"https:\\\/\\\/schema.org\",\"@graph\":[{\"@type\":\"WebPage\",\"@id\":\"https:\\\/\\\/iwell-guard.com\\\/ca\\\/simbi\\\/\",\"url\":\"https:\\\/\\\/iwell-guard.com\\\/ca\\\/simbi\\\/\",\"name\":\"Simbi - Esperits de l'aigua de les fonts i la m\u00e0gia\",\"isPartOf\":{\"@id\":\"https:\\\/\\\/iwell-guard.com\\\/ca\\\/#website\"},\"primaryImageOfPage\":{\"@id\":\"https:\\\/\\\/iwell-guard.com\\\/ca\\\/simbi\\\/#primaryimage\"},\"image\":{\"@id\":\"https:\\\/\\\/iwell-guard.com\\\/ca\\\/simbi\\\/#primaryimage\"},\"thumbnailUrl\":\"https:\\\/\\\/iwell-guard.com\\\/wp-content\\\/uploads\\\/2026\\\/05\\\/goetter_vodou_simbi.webp\",\"datePublished\":\"2026-09-05T15:43:09+00:00\",\"dateModified\":\"2026-09-05T16:09:20+00:00\",\"description\":\"Els Simbi s\u00f3n els esperits de l'aigua i els loa serpent del Vodou. Guardians de les fonts d'aigua dol\u00e7a, la curaci\u00f3 i la m\u00e0gia amb arrels congoleses.\",\"breadcrumb\":{\"@id\":\"https:\\\/\\\/iwell-guard.com\\\/ca\\\/simbi\\\/#breadcrumb\"},\"inLanguage\":\"ca\",\"potentialAction\":[{\"@type\":\"ReadAction\",\"target\":[\"https:\\\/\\\/iwell-guard.com\\\/ca\\\/simbi\\\/\"]}]},{\"@type\":\"ImageObject\",\"inLanguage\":\"ca\",\"@id\":\"https:\\\/\\\/iwell-guard.com\\\/ca\\\/simbi\\\/#primaryimage\",\"url\":\"https:\\\/\\\/iwell-guard.com\\\/wp-content\\\/uploads\\\/2026\\\/05\\\/goetter_vodou_simbi.webp\",\"contentUrl\":\"https:\\\/\\\/iwell-guard.com\\\/wp-content\\\/uploads\\\/2026\\\/05\\\/goetter_vodou_simbi.webp\",\"width\":1024,\"height\":1536,\"caption\":\"D\u00e9us de la tradici\u00f3 vodou.\"},{\"@type\":\"BreadcrumbList\",\"@id\":\"https:\\\/\\\/iwell-guard.com\\\/ca\\\/simbi\\\/#breadcrumb\",\"itemListElement\":[{\"@type\":\"ListItem\",\"position\":1,\"name\":\"Start\",\"item\":\"https:\\\/\\\/iwell-guard.com\\\/ca\\\/?page_id=171333\"},{\"@type\":\"ListItem\",\"position\":2,\"name\":\"Simbi\"}]},{\"@type\":\"WebSite\",\"@id\":\"https:\\\/\\\/iwell-guard.com\\\/ca\\\/#website\",\"url\":\"https:\\\/\\\/iwell-guard.com\\\/ca\\\/\",\"name\":\"iWell Guard\",\"description\":\"Schutz vor dunklen Einfl\u00fcssen\",\"publisher\":{\"@id\":\"https:\\\/\\\/iwell-guard.com\\\/ca\\\/#organization\"},\"potentialAction\":[{\"@type\":\"SearchAction\",\"target\":{\"@type\":\"EntryPoint\",\"urlTemplate\":\"https:\\\/\\\/iwell-guard.com\\\/ca\\\/?s={search_term_string}\"},\"query-input\":{\"@type\":\"PropertyValueSpecification\",\"valueRequired\":true,\"valueName\":\"search_term_string\"}}],\"inLanguage\":\"ca\"},{\"@type\":\"Organization\",\"@id\":\"https:\\\/\\\/iwell-guard.com\\\/ca\\\/#organization\",\"name\":\"Ittermann electronic GmbH\",\"url\":\"https:\\\/\\\/iwell-guard.com\\\/ca\\\/\",\"logo\":{\"@type\":\"ImageObject\",\"inLanguage\":\"ca\",\"@id\":\"https:\\\/\\\/iwell-guard.com\\\/ca\\\/#\\\/schema\\\/logo\\\/image\\\/\",\"url\":\"https:\\\/\\\/iwell-guard.com\\\/wp-content\\\/uploads\\\/2026\\\/05\\\/Ittermann-Logo-1182x237-1.png\",\"contentUrl\":\"https:\\\/\\\/iwell-guard.com\\\/wp-content\\\/uploads\\\/2026\\\/05\\\/Ittermann-Logo-1182x237-1.png\",\"width\":1182,\"height\":237,\"caption\":\"Ittermann electronic GmbH\"},\"image\":{\"@id\":\"https:\\\/\\\/iwell-guard.com\\\/ca\\\/#\\\/schema\\\/logo\\\/image\\\/\"},\"sameAs\":[\"https:\\\/\\\/pantip.com\\\/profile\\\/9367242\",\"https:\\\/\\\/micro.blog\\\/iwellguard\",\"https:\\\/\\\/www.diggerslist.com\\\/iwellguard\\\/about\",\"https:\\\/\\\/skitterphoto.com\\\/photographers\\\/2870314\\\/iwell-guard\",\"https:\\\/\\\/iwellguard.wordpress.com\\\/2026\\\/06\\\/06\\\/iwell-guard\\\/\",\"https:\\\/\\\/hub.docker.com\\\/u\\\/iwellguard\",\"https:\\\/\\\/www.pinterest.com\\\/iwellguard\\\/\",\"https:\\\/\\\/bit.ly\\\/m\\\/iwellguard\",\"https:\\\/\\\/entre-vos-mains.alsace.eu\\\/profiles\\\/iwellguard\\\/activity\",\"https:\\\/\\\/gravatar.com\\\/reallybeded8fd34\",\"https:\\\/\\\/naijamatta.com\\\/iwellguard\",\"https:\\\/\\\/www.goodreads.com\\\/iwellguard\",\"https:\\\/\\\/profile.hatena.ne.jp\\\/iwellguard\\\/\",\"https:\\\/\\\/experiment.com\\\/users\\\/iwellguard\",\"https:\\\/\\\/wakelet.com\\\/@iWellGuard82270\",\"https:\\\/\\\/www.chordie.com\\\/forum\\\/profile.php?id=2555664\",\"https:\\\/\\\/www.instapaper.com\\\/p\\\/17757966\",\"https:\\\/\\\/www.mapleprimes.com\\\/users\\\/iwellguard\",\"https:\\\/\\\/businesslistingplus.com\\\/profile\\\/iwell-guard\\\/\",\"https:\\\/\\\/telegra.ph\\\/iWell-Guard-06-06\",\"https:\\\/\\\/pbase.com\\\/iwellguard\\\/iwellguard\",\"https:\\\/\\\/b.hatena.ne.jp\\\/iwellguard\\\/20260607#bookmark-4788405196491818882\",\"https:\\\/\\\/fliphtml5.com\\\/home\\\/iwellguard\",\"https:\\\/\\\/anyflip.com\\\/homepage\\\/cmiwl#About\",\"https:\\\/\\\/transfur.com\\\/Users\\\/iwellguard\",\"http:\\\/\\\/delphi.larsbo.org\\\/user\\\/iwellguard\",\"https:\\\/\\\/jobs.lajobsportal.org\\\/profiles\\\/8380803-iwell-guard\",\"https:\\\/\\\/md.chaosdorf.de\\\/s\\\/jfbe5SBdJD\",\"https:\\\/\\\/www.lingvolive.com\\\/en-us\\\/profile\\\/9ecaeaca-ce11-4e51-9e71-01d55e2bff36\\\/translations\",\"https:\\\/\\\/www.fitday.com\\\/fitness\\\/forums\\\/members\\\/iwellguard.html\",\"https:\\\/\\\/www.mymeetbook.com\\\/iwellguard\",\"https:\\\/\\\/pxhere.com\\\/en\\\/photographer-me\\\/5040798\",\"https:\\\/\\\/disqus.com\\\/by\\\/iwellguard\\\/about\\\/\",\"https:\\\/\\\/pastelink.net\\\/hjwciqwq\",\"https:\\\/\\\/pubhtml5.com\\\/homepage\\\/scjhn\\\/\",\"https:\\\/\\\/www.bitchute.com\\\/channel\\\/2O2eOKzNqujT\",\"https:\\\/\\\/audiomack.com\\\/iwellguard\"]},{\"@type\":\"Article\",\"@id\":\"https:\\\/\\\/iwell-guard.com\\\/ca\\\/simbi\\\/#article\",\"isPartOf\":{\"@id\":\"https:\\\/\\\/iwell-guard.com\\\/ca\\\/simbi\\\/\"},\"author\":{\"name\":\"Ralf Ittermann\",\"@id\":\"https:\\\/\\\/iwell-guard.com\\\/ca\\\/#\\\/schema\\\/person\\\/ee2a27f1cac3406c7c6fb5820cb7349f\"},\"headline\":\"Simbi\",\"datePublished\":\"2026-09-05T15:43:09+00:00\",\"dateModified\":\"2026-09-05T16:09:20+00:00\",\"mainEntityOfPage\":{\"@id\":\"https:\\\/\\\/iwell-guard.com\\\/ca\\\/simbi\\\/\"},\"publisher\":{\"@id\":\"https:\\\/\\\/iwell-guard.com\\\/ca\\\/#organization\"},\"image\":{\"@id\":\"https:\\\/\\\/iwell-guard.com\\\/ca\\\/simbi\\\/#primaryimage\"},\"thumbnailUrl\":\"https:\\\/\\\/iwell-guard.com\\\/wp-content\\\/uploads\\\/2026\\\/05\\\/goetter_vodou_simbi.webp\",\"inLanguage\":\"ca\",\"description\":\"Els Simbi s\u00f3n els esperits de l'aigua i els loa serpent del Vodou. Guardians de les fonts d'aigua dol\u00e7a, la curaci\u00f3 i la m\u00e0gia amb arrels congoleses.\"}]}<\/script>\n<!-- \/ Yoast SEO Premium plugin. -->","yoast_head_json":{"title":"Simbi - Esperits de l'aigua de les fonts i la m\u00e0gia","description":"Els Simbi s\u00f3n els esperits de l'aigua i els loa serpent del Vodou. Guardians de les fonts d'aigua dol\u00e7a, la curaci\u00f3 i la m\u00e0gia amb arrels congoleses.","robots":{"index":"index","follow":"follow","max-snippet":"max-snippet:-1","max-image-preview":"max-image-preview:large","max-video-preview":"max-video-preview:-1"},"canonical":"https:\/\/iwell-guard.com\/ca\/simbi\/","og_locale":"ca_ES","og_type":"article","og_title":"Simbi","og_description":"Els Simbi s\u00f3n els esperits de l'aigua i els loa serpent del Vodou. Guardians de les fonts d'aigua dol\u00e7a, la curaci\u00f3 i la m\u00e0gia amb arrels congoleses.","og_url":"https:\/\/iwell-guard.com\/ca\/simbi\/","og_site_name":"iWell Guard","article_modified_time":"2026-09-05T16:09:20+00:00","og_image":[{"width":1024,"height":1536,"url":"https:\/\/iwell-guard.com\/wp-content\/uploads\/2026\/05\/goetter_vodou_simbi.webp","type":"image\/webp"}],"twitter_card":"summary_large_image","schema":{"@context":"https:\/\/schema.org","@graph":[{"@type":"Article","@id":"https:\/\/iwell-guard.com\/ca\/simbi\/#article","isPartOf":{"@id":"https:\/\/iwell-guard.com\/ca\/simbi\/"},"author":{"name":"Ralf Ittermann","@id":"https:\/\/iwell-guard.com\/ca\/#\/schema\/person\/ee2a27f1cac3406c7c6fb5820cb7349f"},"headline":"Simbi","datePublished":"2026-09-05T15:43:09+00:00","dateModified":"2026-09-05T16:09:20+00:00","mainEntityOfPage":{"@id":"https:\/\/iwell-guard.com\/ca\/simbi\/"},"publisher":{"@id":"https:\/\/iwell-guard.com\/ca\/#organization"},"image":{"@id":"https:\/\/iwell-guard.com\/ca\/simbi\/#primaryimage"},"thumbnailUrl":"https:\/\/iwell-guard.com\/wp-content\/uploads\/2026\/05\/goetter_vodou_simbi.webp","inLanguage":"ca","description":"Els Simbi s\u00f3n els esperits de l'aigua i els loa serpent del Vodou. Guardians de les fonts d'aigua dol\u00e7a, la curaci\u00f3 i la m\u00e0gia amb arrels congoleses."},{"@type":"WebPage","@id":"https:\/\/iwell-guard.com\/ca\/simbi\/","url":"https:\/\/iwell-guard.com\/ca\/simbi\/","name":"Simbi - Esperits de l'aigua de les fonts i la m\u00e0gia","isPartOf":{"@id":"https:\/\/iwell-guard.com\/ca\/#website"},"primaryImageOfPage":{"@id":"https:\/\/iwell-guard.com\/ca\/simbi\/#primaryimage"},"image":{"@id":"https:\/\/iwell-guard.com\/ca\/simbi\/#primaryimage"},"thumbnailUrl":"https:\/\/iwell-guard.com\/wp-content\/uploads\/2026\/05\/goetter_vodou_simbi.webp","datePublished":"2026-09-05T15:43:09+00:00","dateModified":"2026-09-05T16:09:20+00:00","description":"Els Simbi s\u00f3n els esperits de l'aigua i els loa serpent del Vodou. Guardians de les fonts d'aigua dol\u00e7a, la curaci\u00f3 i la m\u00e0gia amb arrels congoleses.","breadcrumb":{"@id":"https:\/\/iwell-guard.com\/ca\/simbi\/#breadcrumb"},"inLanguage":"ca","potentialAction":[{"@type":"ReadAction","target":["https:\/\/iwell-guard.com\/ca\/simbi\/"]}]},{"@type":"ImageObject","inLanguage":"ca","@id":"https:\/\/iwell-guard.com\/ca\/simbi\/#primaryimage","url":"https:\/\/iwell-guard.com\/wp-content\/uploads\/2026\/05\/goetter_vodou_simbi.webp","contentUrl":"https:\/\/iwell-guard.com\/wp-content\/uploads\/2026\/05\/goetter_vodou_simbi.webp","width":1024,"height":1536,"caption":"D\u00e9us de la tradici\u00f3 vodou."},{"@type":"BreadcrumbList","@id":"https:\/\/iwell-guard.com\/ca\/simbi\/#breadcrumb","itemListElement":[{"@type":"ListItem","position":1,"name":"Start","item":"https:\/\/iwell-guard.com\/ca\/?page_id=171333"},{"@type":"ListItem","position":2,"name":"Simbi"}]},{"@type":"WebSite","@id":"https:\/\/iwell-guard.com\/ca\/#website","url":"https:\/\/iwell-guard.com\/ca\/","name":"iWell Guard","description":"Schutz vor dunklen Einfl\u00fcssen","publisher":{"@id":"https:\/\/iwell-guard.com\/ca\/#organization"},"potentialAction":[{"@type":"SearchAction","target":{"@type":"EntryPoint","urlTemplate":"https:\/\/iwell-guard.com\/ca\/?s={search_term_string}"},"query-input":{"@type":"PropertyValueSpecification","valueRequired":true,"valueName":"search_term_string"}}],"inLanguage":"ca"},{"@type":"Organization","@id":"https:\/\/iwell-guard.com\/ca\/#organization","name":"Ittermann electronic GmbH","url":"https:\/\/iwell-guard.com\/ca\/","logo":{"@type":"ImageObject","inLanguage":"ca","@id":"https:\/\/iwell-guard.com\/ca\/#\/schema\/logo\/image\/","url":"https:\/\/iwell-guard.com\/wp-content\/uploads\/2026\/05\/Ittermann-Logo-1182x237-1.png","contentUrl":"https:\/\/iwell-guard.com\/wp-content\/uploads\/2026\/05\/Ittermann-Logo-1182x237-1.png","width":1182,"height":237,"caption":"Ittermann electronic GmbH"},"image":{"@id":"https:\/\/iwell-guard.com\/ca\/#\/schema\/logo\/image\/"},"sameAs":["https:\/\/pantip.com\/profile\/9367242","https:\/\/micro.blog\/iwellguard","https:\/\/www.diggerslist.com\/iwellguard\/about","https:\/\/skitterphoto.com\/photographers\/2870314\/iwell-guard","https:\/\/iwellguard.wordpress.com\/2026\/06\/06\/iwell-guard\/","https:\/\/hub.docker.com\/u\/iwellguard","https:\/\/www.pinterest.com\/iwellguard\/","https:\/\/bit.ly\/m\/iwellguard","https:\/\/entre-vos-mains.alsace.eu\/profiles\/iwellguard\/activity","https:\/\/gravatar.com\/reallybeded8fd34","https:\/\/naijamatta.com\/iwellguard","https:\/\/www.goodreads.com\/iwellguard","https:\/\/profile.hatena.ne.jp\/iwellguard\/","https:\/\/experiment.com\/users\/iwellguard","https:\/\/wakelet.com\/@iWellGuard82270","https:\/\/www.chordie.com\/forum\/profile.php?id=2555664","https:\/\/www.instapaper.com\/p\/17757966","https:\/\/www.mapleprimes.com\/users\/iwellguard","https:\/\/businesslistingplus.com\/profile\/iwell-guard\/","https:\/\/telegra.ph\/iWell-Guard-06-06","https:\/\/pbase.com\/iwellguard\/iwellguard","https:\/\/b.hatena.ne.jp\/iwellguard\/20260607#bookmark-4788405196491818882","https:\/\/fliphtml5.com\/home\/iwellguard","https:\/\/anyflip.com\/homepage\/cmiwl#About","https:\/\/transfur.com\/Users\/iwellguard","http:\/\/delphi.larsbo.org\/user\/iwellguard","https:\/\/jobs.lajobsportal.org\/profiles\/8380803-iwell-guard","https:\/\/md.chaosdorf.de\/s\/jfbe5SBdJD","https:\/\/www.lingvolive.com\/en-us\/profile\/9ecaeaca-ce11-4e51-9e71-01d55e2bff36\/translations","https:\/\/www.fitday.com\/fitness\/forums\/members\/iwellguard.html","https:\/\/www.mymeetbook.com\/iwellguard","https:\/\/pxhere.com\/en\/photographer-me\/5040798","https:\/\/disqus.com\/by\/iwellguard\/about\/","https:\/\/pastelink.net\/hjwciqwq","https:\/\/pubhtml5.com\/homepage\/scjhn\/","https:\/\/www.bitchute.com\/channel\/2O2eOKzNqujT","https:\/\/audiomack.com\/iwellguard"]},{"@type":"Person","@id":"https:\/\/iwell-guard.com\/ca\/#\/schema\/person\/ee2a27f1cac3406c7c6fb5820cb7349f","name":"Ralf Ittermann","image":{"@type":"ImageObject","inLanguage":"ca","@id":"https:\/\/secure.gravatar.com\/avatar\/073c0153e350a5005b68eb752b445fea71f6b24a26da9449ad7e155e6b446c9d?s=96&d=mm&r=g","url":"https:\/\/secure.gravatar.com\/avatar\/073c0153e350a5005b68eb752b445fea71f6b24a26da9449ad7e155e6b446c9d?s=96&d=mm&r=g","contentUrl":"https:\/\/secure.gravatar.com\/avatar\/073c0153e350a5005b68eb752b445fea71f6b24a26da9449ad7e155e6b446c9d?s=96&d=mm&r=g","caption":"Ralf Ittermann"},"givenName":"Ralf","familyName":"Ittermann","jobTitle":"Gesch\u00e4ftsf\u00fchrer und redaktioneller Verantwortlicher","url":"https:\/\/iwell-guard.com\/ca\/author\/claude\/","description":"Ralf Ittermann ist Gesch\u00e4ftsf\u00fchrer der Ittermann electronic GmbH und redaktioneller Verantwortlicher des iWell-Guard-Lexikons. Er verbindet langj\u00e4hrige Erfahrung in der Pr\u00e4zisionsfertigung mit medialer Praxis und religionsgeschichtlicher Quellenarbeit.","worksFor":{"@type":"Organization","name":"Ittermann electronic GmbH","url":"https:\/\/ittermann.de\/","address":{"@type":"PostalAddress","streetAddress":"K\u00f6hlergasse 16-18","postalCode":"99842","addressLocality":"Ruhla","addressCountry":"DE"}},"knowsAbout":["Religionsgeschichte","Mythologie","Mediale Praxis","Energetische Diagnostik","Schutzpraxis","Volksglauben","Westliche Esoterik"]},{"@type":"Article","@id":"https:\/\/iwell-guard.com\/ca\/simbi\/#article","isPartOf":{"@id":"https:\/\/iwell-guard.com\/ca\/simbi\/"},"author":{"name":"Ralf Ittermann","@id":"https:\/\/iwell-guard.com\/ca\/#\/schema\/person\/ee2a27f1cac3406c7c6fb5820cb7349f"},"headline":"Simbi","datePublished":"2026-09-05T15:43:09+00:00","dateModified":"2026-09-05T16:09:20+00:00","mainEntityOfPage":{"@id":"https:\/\/iwell-guard.com\/ca\/simbi\/"},"publisher":{"@id":"https:\/\/iwell-guard.com\/ca\/#organization"},"image":{"@id":"https:\/\/iwell-guard.com\/ca\/simbi\/#primaryimage"},"thumbnailUrl":"https:\/\/iwell-guard.com\/wp-content\/uploads\/2026\/05\/goetter_vodou_simbi.webp","inLanguage":"ca","description":"Els Simbi s\u00f3n els esperits de l'aigua i els loa serpent del Vodou. Guardians de les fonts d'aigua dol\u00e7a, la curaci\u00f3 i la m\u00e0gia amb arrels congoleses."}]}},"_links":{"self":[{"href":"https:\/\/iwell-guard.com\/ca\/wp-json\/wp\/v2\/pages\/171870","targetHints":{"allow":["GET"]}}],"collection":[{"href":"https:\/\/iwell-guard.com\/ca\/wp-json\/wp\/v2\/pages"}],"about":[{"href":"https:\/\/iwell-guard.com\/ca\/wp-json\/wp\/v2\/types\/page"}],"author":[{"embeddable":true,"href":"https:\/\/iwell-guard.com\/ca\/wp-json\/wp\/v2\/users\/3"}],"replies":[{"embeddable":true,"href":"https:\/\/iwell-guard.com\/ca\/wp-json\/wp\/v2\/comments?post=171870"}],"version-history":[{"count":0,"href":"https:\/\/iwell-guard.com\/ca\/wp-json\/wp\/v2\/pages\/171870\/revisions"}],"wp:featuredmedia":[{"embeddable":true,"href":"https:\/\/iwell-guard.com\/ca\/wp-json\/wp\/v2\/media\/3285"}],"wp:attachment":[{"href":"https:\/\/iwell-guard.com\/ca\/wp-json\/wp\/v2\/media?parent=171870"}],"wp:term":[{"taxonomy":"category","embeddable":true,"href":"https:\/\/iwell-guard.com\/ca\/wp-json\/wp\/v2\/categories?post=171870"}],"curies":[{"name":"wp","href":"https:\/\/api.w.org\/{rel}","templated":true}]}}