{"id":171858,"date":"2026-09-05T15:43:03","date_gmt":"2026-09-05T15:43:03","guid":{"rendered":"https:\/\/iwell-guard.com\/?page_id=171858"},"modified":"2026-09-05T16:09:02","modified_gmt":"2026-09-05T16:09:02","slug":"aengus","status":"publish","type":"page","link":"https:\/\/iwell-guard.com\/ca\/aengus\/","title":{"rendered":"Aengus"},"content":{"rendered":"\t\t<div data-elementor-type=\"wp-page\" data-elementor-id=\"171858\" class=\"elementor elementor-171858 elementor-3049 elementor-bc-flex-widget\" data-elementor-post-type=\"page\">\n\t\t\t\t<div class=\"elementor-element elementor-element-ac099aa e-flex e-con-boxed e-con e-parent\" data-id=\"ac099aa\" data-element_type=\"container\" data-e-type=\"container\" data-settings=\"{&quot;background_background&quot;:&quot;classic&quot;}\">\n\t\t\t\t\t<div class=\"e-con-inner\">\n\t\t<div class=\"elementor-element elementor-element-c4447c7 e-flex e-con-boxed e-con e-child\" data-id=\"c4447c7\" data-element_type=\"container\" data-e-type=\"container\">\n\t\t\t\t\t<div class=\"e-con-inner\">\n\t\t<div class=\"elementor-element elementor-element-db560b3 e-con-full e-flex e-con e-child\" data-id=\"db560b3\" data-element_type=\"container\" data-e-type=\"container\">\n\t\t\t\t<div class=\"elementor-element elementor-element-3adb205 elementor-widget elementor-widget-heading\" data-id=\"3adb205\" data-element_type=\"widget\" data-e-type=\"widget\" data-widget_type=\"heading.default\">\n\t\t\t\t\t<h1 class=\"elementor-heading-title elementor-size-default\">Aengus \u2014 d\u00e9u irland\u00e8s de l'amor i la joventut<\/h1>\t\t\t\t<\/div>\n\t\t\t\t<div class=\"elementor-element elementor-element-e069127 elementor-widget elementor-widget-text-editor\" data-id=\"e069127\" data-element_type=\"widget\" data-e-type=\"widget\" data-widget_type=\"text-editor.default\">\n\t\t\t\t\t\t\t\t\t<p>Aengus \u00e9s un d\u00e9u irland\u00e8s de l&#8217;amor, la joventut i la inspiraci\u00f3 po\u00e8tica, que ocupa un lloc destacat en el cicle m\u00edtic dels Tuatha D\u00e9 Danann.<\/p><p>Aengus, en grafia irlandesa antiga \u00d3engus mac in Daghdha o Mac ind \u00d3g (\u00abFill Jove\u00bb), \u00e9s una figura central de la <span class=\"iwg-fachbegriff\" data-tooltip=\"El conjunt de relats m\u00edtics sobre d\u00e9us transmesos per una cultura.\" tabindex=\"0\">mitologia<\/span> irlandesa i \u00e9s considerat d\u00e9u de la joventut, de l&#8217;amor i de la inspiraci\u00f3 po\u00e8tica.<\/p><p>\u00c9s fill del Dagda i de Boann, la deessa del riu Boyne, i resideix, segons la localitzaci\u00f3 tradicional, en el t\u00famul de Br\u00fa na B\u00f3inne, l&#8217;actual Newgrange. Els textos narratius m\u00e9s antics sobre Aengus es remunten al segle VIII.<\/p>\t\t\t\t\t\t\t\t<\/div>\n\t\t\t\t<\/div>\n\t\t<div class=\"elementor-element elementor-element-2bc47b3 e-con-full e-flex e-con e-parent\" data-id=\"2bc47b3\" data-element_type=\"container\" data-e-type=\"container\">\n\t\t\t\t<div class=\"elementor-element elementor-element-748962a elementor-widget elementor-widget-html\" data-id=\"748962a\" data-element_type=\"widget\" data-e-type=\"widget\" data-widget_type=\"html.default\">\n\t\t\t\t\t<div class=\"iwg-pill-row\"><span class=\"iwg-klasse-badge\" tabindex=\"0\" data-tooltip=\"D\u00e9u \/ Deessa: Poder personificat suprem dins el pante\u00f3 d'una cultura, amb \u00e0mbits d'acci\u00f3 clars: forces de la natura, dest\u00ed, guerra, fertilitat. Venerat mitjan\u00e7ant cultes, ofrenes i institucions de temple.\">Deessa<\/span><a href=\"https:\/\/iwell-guard.com\/ca\/celtic\/\" class=\"iwg-kultur-badge\" tabindex=\"0\" data-tooltip=\"Religi\u00f3 c\u00e8ltica de l'Europa occidental i les illes brit\u00e0niques, transmesa mitol\u00f2gicament a trav\u00e9s de textos irlandesos i gal\u00b7lesos.\">C\u00e8ltic<\/a><\/div>\t\t\t\t<\/div>\n\t\t\t\t<\/div>\n\t\t<div class=\"elementor-element elementor-element-f842fa7 e-con-full e-flex e-con e-child\" data-id=\"f842fa7\" data-element_type=\"container\" data-e-type=\"container\">\n\t\t\t\t<div class=\"elementor-element elementor-element-94b3352 elementor-toc--minimized-on-tablet elementor-widget elementor-widget-table-of-contents\" data-id=\"94b3352\" data-element_type=\"widget\" data-e-type=\"widget\" data-settings=\"{&quot;exclude_headings_by_selector&quot;:[],&quot;no_headings_message&quot;:&quot;No s&#039;ha trobat cap encap\\u00e7alament en aquesta p\\u00e0gina.&quot;,&quot;headings_by_tags&quot;:[&quot;h2&quot;,&quot;h3&quot;],&quot;marker_view&quot;:&quot;bullets&quot;,&quot;icon&quot;:{&quot;value&quot;:&quot;fas fa-circle&quot;,&quot;library&quot;:&quot;fa-solid&quot;,&quot;rendered_tag&quot;:&quot;&lt;svg class=\\&quot;e-font-icon-svg e-fas-circle\\&quot; viewBox=\\&quot;0 0 512 512\\&quot; xmlns=\\&quot;http:\\\/\\\/www.w3.org\\\/2000\\\/svg\\&quot;&gt;&lt;path d=\\&quot;M256 8C119 8 8 119 8 256s111 248 248 248 248-111 248-248S393 8 256 8z\\&quot;&gt;&lt;\\\/path&gt;&lt;\\\/svg&gt;&quot;},&quot;minimize_box&quot;:&quot;yes&quot;,&quot;minimized_on&quot;:&quot;tablet&quot;,&quot;hierarchical_view&quot;:&quot;yes&quot;,&quot;min_height&quot;:{&quot;unit&quot;:&quot;px&quot;,&quot;size&quot;:&quot;&quot;,&quot;sizes&quot;:[]},&quot;min_height_tablet&quot;:{&quot;unit&quot;:&quot;px&quot;,&quot;size&quot;:&quot;&quot;,&quot;sizes&quot;:[]},&quot;min_height_mobile&quot;:{&quot;unit&quot;:&quot;px&quot;,&quot;size&quot;:&quot;&quot;,&quot;sizes&quot;:[]}}\" data-widget_type=\"table-of-contents.default\">\n\t\t\t\t\t\t\t\t\t<div class=\"elementor-toc__header\">\n\t\t\t\t\t\t<h2 class=\"elementor-toc__header-title\">\n\t\t\t\t\u00cdndex\t\t\t<\/h2>\n\t\t\t\t\t\t\t\t\t\t<div class=\"elementor-toc__toggle-button elementor-toc__toggle-button--expand\" role=\"button\" tabindex=\"0\" aria-controls=\"elementor-toc__94b3352\" aria-expanded=\"true\" aria-label=\"Open table of contents\"><svg aria-hidden=\"true\" class=\"e-font-icon-svg e-fas-chevron-down\" viewBox=\"0 0 448 512\" xmlns=\"http:\/\/www.w3.org\/2000\/svg\"><path d=\"M207.029 381.476L12.686 187.132c-9.373-9.373-9.373-24.569 0-33.941l22.667-22.667c9.357-9.357 24.522-9.375 33.901-.04L224 284.505l154.745-154.021c9.379-9.335 24.544-9.317 33.901.04l22.667 22.667c9.373 9.373 9.373 24.569 0 33.941L240.971 381.476c-9.373 9.372-24.569 9.372-33.942 0z\"><\/path><\/svg><\/div>\n\t\t\t\t<div class=\"elementor-toc__toggle-button elementor-toc__toggle-button--collapse\" role=\"button\" tabindex=\"0\" aria-controls=\"elementor-toc__94b3352\" aria-expanded=\"true\" aria-label=\"Close table of contents\"><svg aria-hidden=\"true\" class=\"e-font-icon-svg e-fas-chevron-up\" viewBox=\"0 0 448 512\" xmlns=\"http:\/\/www.w3.org\/2000\/svg\"><path d=\"M240.971 130.524l194.343 194.343c9.373 9.373 9.373 24.569 0 33.941l-22.667 22.667c-9.357 9.357-24.522 9.375-33.901.04L224 227.495 69.255 381.516c-9.379 9.335-24.544 9.317-33.901-.04l-22.667-22.667c-9.373-9.373-9.373-24.569 0-33.941L207.03 130.525c9.372-9.373 24.568-9.373 33.941-.001z\"><\/path><\/svg><\/div>\n\t\t\t\t\t<\/div>\n\t\t\t\t<div id=\"elementor-toc__94b3352\" class=\"elementor-toc__body\">\n\t\t\t<div class=\"elementor-toc__spinner-container\">\n\t\t\t\t<svg class=\"elementor-toc__spinner eicon-animation-spin e-font-icon-svg e-eicon-loading\" aria-hidden=\"true\" viewBox=\"0 0 1000 1000\" xmlns=\"http:\/\/www.w3.org\/2000\/svg\"><path d=\"M500 975V858C696 858 858 696 858 500S696 142 500 142 142 304 142 500H25C25 237 238 25 500 25S975 237 975 500 763 975 500 975Z\"><\/path><\/svg>\t\t\t<\/div>\n\t\t<\/div>\n\t\t\t\t\t\t<\/div>\n\t\t\t\t<\/div>\n\t\t\t\t\t<\/div>\n\t\t\t\t<\/div>\n\t\t<div class=\"elementor-element elementor-element-4ea867a e-con-full e-flex e-con e-child\" data-id=\"4ea867a\" data-element_type=\"container\" data-e-type=\"container\">\n\t\t\t\t<div class=\"elementor-element elementor-element-f62e240 iwg-hero-image elementor-widget elementor-widget-image\" data-id=\"f62e240\" data-element_type=\"widget\" data-e-type=\"widget\" data-widget_type=\"image.default\">\n\t\t\t\t\t\t\t\t\t\t\t\t\t\t\t<img fetchpriority=\"high\" decoding=\"async\" width=\"683\" height=\"1024\" src=\"https:\/\/iwell-guard.com\/wp-content\/uploads\/2026\/05\/goetter_keltisch_aengus-683x1024.webp\" class=\"attachment-large size-large wp-image-173467\" alt=\"Aengus - D\u00e9us de la tradici\u00f3 c\u00e8ltica, il\u00b7lustraci\u00f3 historicista\" srcset=\"https:\/\/iwell-guard.com\/wp-content\/uploads\/2026\/05\/goetter_keltisch_aengus-683x1024.webp 683w, https:\/\/iwell-guard.com\/wp-content\/uploads\/2026\/05\/goetter_keltisch_aengus-200x300.webp 200w, https:\/\/iwell-guard.com\/wp-content\/uploads\/2026\/05\/goetter_keltisch_aengus-768x1152.webp 768w, https:\/\/iwell-guard.com\/wp-content\/uploads\/2026\/05\/goetter_keltisch_aengus.webp 1024w\" sizes=\"(max-width: 683px) 100vw, 683px\" \/>\t\t\t\t\t\t\t\t\t\t\t\t\t\t\t<\/div>\n\t\t\t\t<\/div>\n\t\t\t\t\t<\/div>\n\t\t\t\t<\/div>\n\t\t<div class=\"elementor-element elementor-element-6e6e69b e-con-boxed e-flex e-con e-parent\" data-id=\"6e6e69b\" data-element_type=\"container\" data-e-type=\"container\">\n\t\t\t\t\t<div class=\"e-con-inner\">\n\t\t<div class=\"elementor-element elementor-element-bd0c179 e-con-full e-flex e-con e-child\" data-id=\"bd0c179\" data-element_type=\"container\" data-e-type=\"container\">\n\t\t\t\t<div class=\"elementor-element elementor-element-1c4dfaf elementor-widget elementor-widget-heading\" data-id=\"1c4dfaf\" data-element_type=\"widget\" data-e-type=\"widget\" data-widget_type=\"heading.default\">\n\t\t\t\t\t<h2 class=\"elementor-heading-title elementor-size-default\">Fonts i transmissi\u00f3<\/h2>\t\t\t\t<\/div>\n\t\t\t\t<div class=\"elementor-element elementor-element-2f93be9 elementor-widget elementor-widget-text-editor\" data-id=\"2f93be9\" data-element_type=\"widget\" data-e-type=\"widget\" data-widget_type=\"text-editor.default\">\n\t\t\t\t\t\t\t\t\t<p>Els textos m\u00e9s importants sobre Aengus s\u00f3n els relats irlandesos antics \u00abAislinge \u00d3enguso\u00bb (\u00abEl somni d&#8217;Aengus\u00bb, segle VIII), \u00abTochmarc \u00c9ta\u00edne\u00bb (\u00abEl festeig d&#8217;\u00c9ta\u00edn\u00bb, tamb\u00e9 dels segles VIII-IX) i el material geneal\u00f2gic del \u00abLebor Gab\u00e1la \u00c9renn\u00bb.<\/p><p>S&#8217;hi afegeixen les \u00abDindshenchas\u00bb, els relats etimol\u00f2gics dels noms de lloc, que esmenten Aengus diverses vegades, especialment en relaci\u00f3 amb el Boyne i amb Br\u00fa na B\u00f3inne. En l&#8217;irland\u00e8s mitj\u00e0 \u00abAcallam na Sen\u00f3rach\u00bb (\u00abEl di\u00e0leg dels ancians\u00bb, segle XII), Aengus apareix com un rei vell i savi dels S\u00edde.<\/p>\n\n<p>John Carey, en els seus treballs sobre la literatura irlandesa mitjana (\u00abA Single Ray of the Sun\u00bb, 1999), ha assenyalat l&#8217;estreta relaci\u00f3 entre la tradici\u00f3 hagiogr\u00e0fica i la tradici\u00f3 m\u00edtica <span class=\"iwg-fachbegriff\" data-tooltip=\"Des del punt de vista cristi\u00e0: pertanyent a una religi\u00f3 precristiana o no cristiana.\" tabindex=\"0\">pagana<\/span>.<\/p><p>Aengus hi apareix com un exemple de figura precristiana que, en la redacci\u00f3 cristiana, va ser secularitzada per\u00f2 no eliminada. Bernhard Maier situa Aengus dins del sistema m\u00edtic dels Tuatha D\u00e9 Danann, en el qual representa la generaci\u00f3 m\u00e9s jove i, per tant, el \u00abprincipi de renovaci\u00f3\u00bb.<\/p>\t\t\t\t\t\t\t\t<\/div>\n\t\t\t\t<\/div>\n\t\t<div class=\"elementor-element elementor-element-7d8e1b0 e-con-full e-flex e-con e-child\" data-id=\"7d8e1b0\" data-element_type=\"container\" data-e-type=\"container\">\n\t\t\t\t<div class=\"elementor-element elementor-element-4116557 elementor-widget elementor-widget-heading\" data-id=\"4116557\" data-element_type=\"widget\" data-e-type=\"widget\" data-widget_type=\"heading.default\">\n\t\t\t\t\t<h2 class=\"elementor-heading-title elementor-size-default\">Naixement i Br\u00fa na B\u00f3inne<\/h2>\t\t\t\t<\/div>\n\t\t\t\t<div class=\"elementor-element elementor-element-e822efe elementor-widget elementor-widget-text-editor\" data-id=\"e822efe\" data-element_type=\"widget\" data-e-type=\"widget\" data-widget_type=\"text-editor.default\">\n\t\t\t\t\t\t\t\t\t<p>La hist\u00f2ria del naixement d&#8217;Aengus est\u00e0 estretament lligada al t\u00famul de Newgrange. El Dagda s&#8217;enamora de Boann, casada amb Elcmar. Per allargar la nit d&#8217;amor, el Dagda fa aturar el sol durant nou mesos, de manera que la concepci\u00f3, l&#8217;embar\u00e0s i el naixement d&#8217;Aengus tenen lloc en un sol dia.<\/p><p>D&#8217;aquesta concepci\u00f3 extraordin\u00e0ria deriva el nom \u00abMac ind \u00d3g\u00bb (\u00abFill Jove\u00bb). Despr\u00e9s de n\u00e9ixer, Aengus enganya Elcmar i pren possessi\u00f3 de Br\u00fa na B\u00f3inne demanant, en el moment de l&#8217;her\u00e8ncia, que li deixin el t\u00famul \u00abper un dia i una nit\u00bb, expressi\u00f3 que en irland\u00e8s antic pot abra\u00e7ar l&#8217;eternitat.<\/p>\n\n<p>Aquest relat apunta a un vincle antic entre Aengus i el t\u00famul megal\u00edtic del Boyne, constru\u00eft arqueol\u00f2gicament ja cap al 3200 abans de Crist.<\/p><p>Helmut Birkhan, a \u00abKelten\u00bb, ha destacat que aquesta hist\u00f2ria mostra un tr\u00e0nsit t\u00edpic de la tradici\u00f3 irlandesa, des del <span class=\"iwg-fachbegriff\" data-tooltip=\"Veneraci\u00f3 dels avantpassats d'una fam\u00edlia com a poders protectors persistents.\" tabindex=\"0\">culte als avantpassats<\/span> documentat arqueol\u00f2gicament fins a la <span class=\"iwg-fachbegriff\" data-tooltip=\"El conjunt de relats m\u00edtics sobre d\u00e9us transmesos per una cultura.\" tabindex=\"0\">mitologia<\/span> narrada medievalment. L&#8217;orientaci\u00f3 astron\u00f2mica de Newgrange cap a la sortida del sol d&#8217;hivern no es va explicitar en el text medieval, per\u00f2 \u00e9s coneguda gr\u00e0cies a la recerca arqueol\u00f2gica de Michael O&#8217;Kelly des de 1969.<\/p>\t\t\t\t\t\t\t\t<\/div>\n\t\t\t\t<\/div>\n\t\t<div class=\"elementor-element elementor-element-c7e255a e-con-full e-flex e-con e-child\" data-id=\"c7e255a\" data-element_type=\"container\" data-e-type=\"container\">\n\t\t\t\t<div class=\"elementor-element elementor-element-d7c632f elementor-widget elementor-widget-heading\" data-id=\"d7c632f\" data-element_type=\"widget\" data-e-type=\"widget\" data-widget_type=\"heading.default\">\n\t\t\t\t\t<h2 class=\"elementor-heading-title elementor-size-default\">El somni d'Aengus i l'amor per Caer<\/h2>\t\t\t\t<\/div>\n\t\t\t\t<div class=\"elementor-element elementor-element-4d558e5 elementor-widget elementor-widget-text-editor\" data-id=\"4d558e5\" data-element_type=\"widget\" data-e-type=\"widget\" data-widget_type=\"text-editor.default\">\n\t\t\t\t\t\t\t\t\t<p>El mitologema d&#8217;Aengus m\u00e9s conegut \u00e9s \u00abAislinge \u00d3enguso\u00bb, el seu somni. Aengus veu en somnis una dona jove i bell\u00edssima que desapareix quan es desperta. Malalt d&#8217;amor, la busca durant un any, fins que els seus pares, Boann i el Dagda, l&#8217;ajuden.<\/p><p>Finalment troba Caer Ibormeith al llac Loch B\u00e9l Dracon, on ella viu com a cigne entre 150 cignes que cada any, per Samain, es transformen en aus. Aengus mateix es transforma en cigne, i la parella s&#8217;allunya volant, mentre el seu cant fa dormir els que l&#8217;escolten durant tres dies.<\/p>\n\n<p>Marie-Louise Sjoestedt ha llegit aquesta hist\u00f2ria com un <span class=\"iwg-fachbegriff\" data-tooltip=\"Un element tem\u00e0tic recurrent en l'art o en la narrativa.\" tabindex=\"0\">motiu<\/span> c\u00e8ltic t\u00edpic del \u00abmissatger del somni\u00bb (\u00abfith-fath\u00bb), en el qual l&#8217;amor entre un hum\u00e0 i un \u00e9sser de l&#8217;altre m\u00f3n es realitza mitjan\u00e7ant la transformaci\u00f3 i el trasp\u00e0s de la frontera entre els mons.<\/p><p>John Carey ha assenyalat que la transformaci\u00f3 en cigne, en la tradici\u00f3 c\u00e8ltica i germ\u00e0nica, sovint es vincula amb Samain i amb el canvi de cicle temporal, la qual cosa situa Aengus en un marc calendari i ritual.<\/p>\t\t\t\t\t\t\t\t<\/div>\n\t\t\t\t<\/div>\n\t\t<div class=\"elementor-element elementor-element-c31da5b e-con-full e-flex e-con e-child\" data-id=\"c31da5b\" data-element_type=\"container\" data-e-type=\"container\">\n\t\t\t\t<div class=\"elementor-element elementor-element-5653c1e elementor-widget elementor-widget-heading\" data-id=\"5653c1e\" data-element_type=\"widget\" data-e-type=\"widget\" data-widget_type=\"heading.default\">\n\t\t\t\t\t<h2 class=\"elementor-heading-title elementor-size-default\">Paper en Tochmarc \u00c9ta\u00edne<\/h2>\t\t\t\t<\/div>\n\t\t\t\t<div class=\"elementor-element elementor-element-100a5d7 elementor-widget elementor-widget-text-editor\" data-id=\"100a5d7\" data-element_type=\"widget\" data-e-type=\"widget\" data-widget_type=\"text-editor.default\">\n\t\t\t\t\t\t\t\t\t<p>A \u00abTochmarc \u00c9ta\u00edne\u00bb, un dels cicles narratius m\u00e9s importants de la tradici\u00f3 irlandesa, Aengus t\u00e9 un paper central de mitjancer. El seu germanastre Midir s&#8217;enamora de la bella \u00c9ta\u00edn, que la primera esposa d&#8217;aquest, F\u00faamnach, transforma per gelosia en un bassal d&#8217;aigua. Al llarg de diverses metamorfosis, \u00c9ta\u00edn es converteix en mosca i despr\u00e9s torna a n\u00e9ixer com a dona.<\/p><p>Aengus l&#8217;acull al seu S\u00eddh, la protegeix i s&#8217;encarrega de que finalment torni a trobar-se amb Midir. El relat el vincula amb el <span class=\"iwg-fachbegriff\" data-tooltip=\"Un element tem\u00e0tic recurrent en l'art o en la narrativa.\" tabindex=\"0\">motiu<\/span> del renaixement i amb la lleialtat dins la fam\u00edlia dels d\u00e9us.<\/p>\n\n<p>Miranda Aldhouse-Green, a \u00abThe Gods of the Celts\u00bb (1986), ha assenyalat la funci\u00f3 estructural d&#8217;Aengus com a divinitat llindar: se situa entre generacions, entre la vig\u00edlia i el somni, entre la forma animal i la humana, entre aquest m\u00f3n i l&#8217;Altre M\u00f3n. Aquesta posici\u00f3 mediadora el fa apte per a nombrosos relats en els quals es representen transicions.<\/p>\t\t\t\t\t\t\t\t<\/div>\n\t\t\t\t<\/div>\n\t\t<div class=\"elementor-element elementor-element-fc0b71e e-con-full e-flex e-con e-child\" data-id=\"fc0b71e\" data-element_type=\"container\" data-e-type=\"container\">\n\t\t\t\t<div class=\"elementor-element elementor-element-f652002 elementor-widget elementor-widget-heading\" data-id=\"f652002\" data-element_type=\"widget\" data-e-type=\"widget\" data-widget_type=\"heading.default\">\n\t\t\t\t\t<h2 class=\"elementor-heading-title elementor-size-default\">\u00c0mbits de funci\u00f3<\/h2>\t\t\t\t<\/div>\n\t\t\t\t<div class=\"elementor-element elementor-element-ec69272 elementor-widget elementor-widget-text-editor\" data-id=\"ec69272\" data-element_type=\"widget\" data-e-type=\"widget\" data-widget_type=\"text-editor.default\">\n\t\t\t\t\t\t\t\t\t<p>A partir dels textos es poden identificar diversos \u00e0mbits funcionals. Aengus \u00e9s el d\u00e9u de l&#8217;amor juvenil i la fidelitat, de la poesia i la inspiraci\u00f3, del somni i la premonici\u00f3, aix\u00ed com de la transformaci\u00f3.<\/p><p>La seva resid\u00e8ncia, Br\u00fa na B\u00f3inne, \u00e9s considerada un lloc sagrat d&#8217;inspiraci\u00f3 i de trobada amb els S\u00edde. Es descriu repetidament com un amfitri\u00f3 gener\u00f3s i com a protector dels enamorats.<\/p>\n\n<p>Bernhard Maier l&#8217;inclou dins l&#8217;esquema funcional d&#8217;una \u00ab<span class=\"iwg-fachbegriff\" data-tooltip=\"Un \u00e9sser venerat com a div\u00ed dins d'una religi\u00f3.\" tabindex=\"0\">divinitat<\/span> jove\u00bb, comparable amb el germ\u00e0nic Baldr, el grec Eros o l&#8217;indi Kama.<\/p><p>No es pot establir una identitat funcional directa, per\u00f2 la proximitat tipol\u00f2gica il\u00b7lustra la funci\u00f3 d&#8217;una divinitat de l&#8217;amor i de la joventut dins el <span class=\"iwg-fachbegriff\" data-tooltip=\"El conjunt dels d\u00e9us d'una religi\u00f3 o cultura.\" tabindex=\"0\">pante\u00f3<\/span> c\u00e8ltic. Helmut Birkhan ha destacat, a m\u00e9s, l&#8217;aspecte de la poesia i la <span class=\"iwg-fachbegriff\" data-tooltip=\"Pr\u00e0ctiques que pretenen intervenir en el curs de les coses mitjan\u00e7ant accions o f\u00f3rmules especials.\" tabindex=\"0\">m\u00e0gia<\/span>, que relaciona Aengus amb Brigid i amb els filid, els poetes tradicionals irlandesos.<\/p>\t\t\t\t\t\t\t\t<\/div>\n\t\t\t\t<\/div>\n\t\t<div class=\"elementor-element elementor-element-228c187 e-con-full e-flex e-con e-child\" data-id=\"228c187\" data-element_type=\"container\" data-e-type=\"container\">\n\t\t\t\t<div class=\"elementor-element elementor-element-320c189 elementor-widget elementor-widget-heading\" data-id=\"320c189\" data-element_type=\"widget\" data-e-type=\"widget\" data-widget_type=\"heading.default\">\n\t\t\t\t\t<h2 class=\"elementor-heading-title elementor-size-default\">Paral\u00b7lelismes gal\u00b7lesos i gals<\/h2>\t\t\t\t<\/div>\n\t\t\t\t<div class=\"elementor-element elementor-element-9de5d9a elementor-widget elementor-widget-text-editor\" data-id=\"9de5d9a\" data-element_type=\"widget\" data-e-type=\"widget\" data-widget_type=\"text-editor.default\">\n\t\t\t\t\t\t\t\t\t<p>No es pot identificar amb claredat una equival\u00e8ncia gal\u00b7lesa directa d&#8217;Aengus. Funcions comparables es troben en la figura de Mabon, el jove fill de Modron, que t\u00e9 un paper a \u00abCulhwch i Olwen\u00bb.<\/p><p>Mabon \u00e9s comparable al Mac ind \u00d3g, aspecte que la investigaci\u00f3 m\u00e9s antiga de Sjoestedt i, m\u00e9s recentment, John T. Koch han posat de relleu. Al continent, Maponos est\u00e0 documentat en inscripcions romanes, i el seu nom t\u00e9 una relaci\u00f3 etimol\u00f2gica directa amb l&#8217;insular-c\u00e8ltic *makwo-no-s (\u00abjove fill\u00bb).<\/p>\n\n<p>Aquests paral\u00b7lelismes suggereixen que a l&#8217;\u00e0mbit ling\u00fc\u00edstic c\u00e8ltic hi havia una figura \u00e0mpliament estesa d&#8217;un d\u00e9u jove amb funci\u00f3 amorosa i inspiradora, que en els textos irlandesos es va concretar en la figura d&#8217;Aengus. No es documenta una estructura narrativa id\u00e8ntica, per\u00f2 la parentela estructural \u00e9s plausible.<\/p>\t\t\t\t\t\t\t\t<\/div>\n\t\t\t\t<\/div>\n\t\t<div class=\"elementor-element elementor-element-e186afd e-con-full e-flex e-con e-child\" data-id=\"e186afd\" data-element_type=\"container\" data-e-type=\"container\">\n\t\t\t\t<div class=\"elementor-element elementor-element-a83fbb1 elementor-widget elementor-widget-heading\" data-id=\"a83fbb1\" data-element_type=\"widget\" data-e-type=\"widget\" data-widget_type=\"heading.default\">\n\t\t\t\t\t<h2 class=\"elementor-heading-title elementor-size-default\">Recepci\u00f3<\/h2>\t\t\t\t<\/div>\n\t\t\t\t<div class=\"elementor-element elementor-element-dc78d2b elementor-widget elementor-widget-text-editor\" data-id=\"dc78d2b\" data-element_type=\"widget\" data-e-type=\"widget\" data-widget_type=\"text-editor.default\">\n\t\t\t\t\t\t\t\t\t<p>En la literatura moderna, William Butler Yeats va tractar Aengus en diversos poemes, el m\u00e9s conegut dels quals \u00e9s \u00abThe Song of Wandering Aengus\u00bb (1899), on recupera el motiu del somni. Yeats i el seu entorn van convertir Aengus en una de les figures destacades del renaixement irland\u00e8s.<\/p><p>En l&#8217;espiritualitat c\u00e8ltica moderna, Aengus es considera patr\u00f3 dels enamorats joves i inspiraci\u00f3 per al treball art\u00edstic. Cal aqu\u00ed precauci\u00f3 forense, ja que la recepci\u00f3 moderna sovint es basa m\u00e9s en Yeats que en els textos medievals.<\/p>\n\n<p>La recerca cient\u00edfica de John Carey, Tom\u00e1s \u00d3 Cathasaigh i Kim McCone ha posat de relleu, en les darreres d\u00e8cades, les estructures immanents dels textos i ha mostrat que els monjos erudits medievals entenien Aengus menys com un d\u00e9u pag\u00e0 que com una figura heroica del passat mitol\u00f2gic.<\/p><p>Aquesta dist\u00e0ncia entre funci\u00f3 religiosa i forma liter\u00e0ria marca el debat actual sobre si Aengus va ser un destinatari <span class=\"iwg-fachbegriff\" data-tooltip=\"El conjunt de pr\u00e0ctiques de veneraci\u00f3 religiosa vers una divinitat o figura sagrada.\" tabindex=\"0\">cultual<\/span> propi o principalment una construcci\u00f3 liter\u00e0ria dels escrivans medievals.<\/p>\t\t\t\t\t\t\t\t<\/div>\n\t\t\t\t<\/div>\n\t\t<div class=\"elementor-element elementor-element-47dbe91 e-con-full e-flex e-con e-child\" data-id=\"47dbe91\" data-element_type=\"container\" data-e-type=\"container\">\n\t\t\t\t<div class=\"elementor-element elementor-element-eabb141 elementor-widget elementor-widget-heading\" data-id=\"eabb141\" data-element_type=\"widget\" data-e-type=\"widget\" data-widget_type=\"heading.default\">\n\t\t\t\t\t<h2 class=\"elementor-heading-title elementor-size-default\">Aengus com a patr\u00f3 dels filid<\/h2>\t\t\t\t<\/div>\n\t\t\t\t<div class=\"elementor-element elementor-element-a123527 elementor-widget elementor-widget-text-editor\" data-id=\"a123527\" data-element_type=\"widget\" data-e-type=\"widget\" data-widget_type=\"text-editor.default\">\n\t\t\t\t\t\t\t\t\t<p>Una l\u00ednia espec\u00edfica de la tradici\u00f3 d&#8217;Aengus el relaciona amb els filid, la classe erudita de poetes d&#8217;Irlanda. A \u00abAcallam na Sen\u00f3rach\u00bb, un vell guerrer que havia conegut Aengus personalment relata el seu do de transformar la realitat mitjan\u00e7ant l&#8217;encanteri de les paraules i la m\u00fasica.<\/p><p>Aquest <span class=\"iwg-fachbegriff\" data-tooltip=\"Un element tem\u00e0tic recurrent en l'art o la narrativa.\" tabindex=\"0\">motiu<\/span> es connecta amb l&#8217;antiga concepci\u00f3 irlandesa de l&#8217;imbas forosnai, el \u00abconeixement inspirador global\u00bb que s&#8217;atribu\u00efa als filid en estat de tr\u00e0nsit. Aengus apareix aqu\u00ed no principalment com a d\u00e9u de l&#8217;amor, sin\u00f3 com a garant de la inspiraci\u00f3 po\u00e8tica.<\/p>\n\n<p>Kim McCone ha mostrat a \u00ab<span class=\"iwg-fachbegriff\" data-tooltip=\"Sin\u00f2nim de pag\u00e0; pertanyent a una religi\u00f3 precristiana.\" tabindex=\"0\">Pagan<\/span> Past and Christian Present\u00bb (1990) que els monjos medievals que van redactar les narracions van estilitzar Aengus deliberadament com una figura liter\u00e0riament efica\u00e7, que va traslladar l&#8217;art po\u00e8tic pag\u00e0 a un m\u00f3n educatiu cristi\u00e0. Aix\u00ed, Aengus \u00e9s menys un destinatari cultual hist\u00f2ricament tangible que una figura integradora que connecta el passat remot amb la cultura mon\u00e0stica.<\/p>\t\t\t\t\t\t\t\t<\/div>\n\t\t\t\t<\/div>\n\t\t<div class=\"elementor-element elementor-element-ca05d79 e-con-full e-flex e-con e-child\" data-id=\"ca05d79\" data-element_type=\"container\" data-e-type=\"container\">\n\t\t\t\t<div class=\"elementor-element elementor-element-f289f61 elementor-widget elementor-widget-heading\" data-id=\"f289f61\" data-element_type=\"widget\" data-e-type=\"widget\" data-widget_type=\"heading.default\">\n\t\t\t\t\t<h2 class=\"elementor-heading-title elementor-size-default\">Aengus a la saga de Finn<\/h2>\t\t\t\t<\/div>\n\t\t\t\t<div class=\"elementor-element elementor-element-e98b883 elementor-widget elementor-widget-text-editor\" data-id=\"e98b883\" data-element_type=\"widget\" data-e-type=\"widget\" data-widget_type=\"text-editor.default\">\n\t\t\t\t\t\t\t\t\t<p>En el cicle narratiu al voltant de Finn mac Cumhaill, Aengus apareix diverses vegades com a pare adoptiu protector i com a patr\u00f3 de Diarmuid Ua Duibhne, la mare del qual s&#8217;hauria trobat amb ell en una relaci\u00f3 de parentiu adoptiu.<\/p><p>A la \u00abT\u00f3raigheacht Dhiarmada agus Ghr\u00e1inne\u00bb (\u00abLa persecuci\u00f3 de Diarmuid i Gr\u00e1inne\u00bb), el testimoni manuscrit m\u00e9s antic de la qual data del segle XVI per\u00f2 la tradici\u00f3 oral de la qual es remunta fins al segle X, Aengus protegeix diverses vegades el fugitiu Diarmuid dels assetjaments de Finn.<\/p><p>Despr\u00e9s de la mort de Diarmuid pel ullal del senglar m\u00e0gic de Beann Gulbain (Ben Bulben), Aengus porta el cad\u00e0ver a Br\u00fa na B\u00f3inne, on el reactiva mitjan\u00e7ant un buf de vida per a converses ocasionals.<\/p><p>Joseph Falaky Nagy ha mostrat a \u00abThe Wisdom of the Outlaw\u00bb (Berkeley 1985) que aquest episodi actualitza el t\u00f2pic m\u00e9s antic de l&#8217;habitant dels S\u00eddhe com a patr\u00f3 protector de la joventut desterrada.<\/p>\n<p>Tamb\u00e9 a \u00abMacgn\u00edmartha Find\u00bb (\u00abLes gestes de la joventut de Finn\u00bb), text contingut al \u00abLebor na hUidre\u00bb, Aengus apareix al marge de la narraci\u00f3 com a figura de refer\u00e8ncia, a la cort de la qual Finn rep, de jove, part de la seva formaci\u00f3.<\/p><p>Aquest entrella\u00e7ament entre el Cicle Mitol\u00f2gic i el Cicle de Finn atorga a Aengus el paper de mediador cultural, que roman present m\u00e9s enll\u00e0 dels l\u00edmits dels cicles narratius. Proinsias Mac Cana ha descrit a \u00abCeltic Mythology\u00bb (1970) aquest estatus com un tret de les anomenades figures divines \u00abgen\u00e8ticament centrals\u00bb, que apareixen com a figures de suport en diverses capes narratives.<\/p>\t\t\t\t\t\t\t\t<\/div>\n\t\t\t\t<\/div>\n\t\t<div class=\"elementor-element elementor-element-d54be97 e-con-full e-flex e-con e-child\" data-id=\"d54be97\" data-element_type=\"container\" data-e-type=\"container\">\n\t\t\t\t<div class=\"elementor-element elementor-element-e6071f9 elementor-widget elementor-widget-heading\" data-id=\"e6071f9\" data-element_type=\"widget\" data-e-type=\"widget\" data-widget_type=\"heading.default\">\n\t\t\t\t\t<h2 class=\"elementor-heading-title elementor-size-default\">Refer\u00e8ncies ling\u00fc\u00edstiques i iconogr\u00e0fiques<\/h2>\t\t\t\t<\/div>\n\t\t\t\t<div class=\"elementor-element elementor-element-8e21ed9 elementor-widget elementor-widget-text-editor\" data-id=\"8e21ed9\" data-element_type=\"widget\" data-e-type=\"widget\" data-widget_type=\"text-editor.default\">\n\t\t\t\t\t\t\t\t\t<p>El nom Aengus es llegeix des del punt de vista de la hist\u00f2ria de la llengua com \u00ab\u00f3en-guss\u00bb, \u00ab\u00fanica for\u00e7a\u00bb o \u00abuna for\u00e7a\u00bb, relacionat amb l&#8217;irland\u00e8s antic \u00abguss\u00bb, \u00abfor\u00e7a, \u00edmpetu\u00bb.<\/p><p>Aquesta etimologia ja va ser defensada per Whitley Stokes i Kuno Meyer al segle XIX i es confirma en les obres de refer\u00e8ncia modernes sobre onom\u00e0stica irlandesa antiga, com la de Donncha \u00d3 Corr\u00e1in i Fidelma Maguire \u00abGaelic Personal Names\u00bb (Dubl\u00edn 1981).<\/p><p>Una lectura alternativa com \u00abuna elecci\u00f3\u00bb, \u00ab\u00fanica elecci\u00f3\u00bb, es troba en glosses marginals, per\u00f2 t\u00e9 menys base etimol\u00f2gica.<\/p><p>\u00c9s significatiu el joc literari pel qual Aengus porta l&#8217;ep\u00edtet \u00abMac ind \u00d3g\u00bb (\u00abfill de la joventut\u00bb o \u00abfill dels dos joves\u00bb), que John Carey, a \u00abStudia Celtica\u00bb vol. 19 (1984), interpreta com una inversi\u00f3 deliberada d&#8217;una f\u00f3rmula patron\u00edmica habitual: no \u00e9s el pare qui anomena el fill, sin\u00f3 que la mare (Boann) i el pare amant (Dagda) formen conjuntament la f\u00f3rmula del nom.<\/p>\n<p>Iconogr\u00e0ficament no es disposa de representacions <span class=\"iwg-fachbegriff\" data-tooltip=\"\u00c8poca de la cultura grega i romana, aproximadament del 800 aC al 600 dC\" tabindex=\"0\">antigues<\/span> clares d&#8217;Aengus, ja que l&#8217;art irland\u00e8s de l&#8217;<span class=\"iwg-fachbegriff\" data-tooltip=\"\u00c8poca prehist\u00f2rica posterior a l'edat del bronze, marcada pel treball del ferro.\" tabindex=\"0\">edat del ferro<\/span> \u00e9s majorit\u00e0riament no figuratiu.<\/p><p>Barry Raftery, a \u00abPagan Celtic Ireland\u00bb (Londres 1994), esmenta amb cautela els motius solars i d&#8217;aus del bronze final de l&#8217;or de Coggalbeg, aix\u00ed com la simbologia de la parella de cignes en objectes de bronze del riu Bann, com a possible substrat iconogr\u00e0fic. Sobre aquest substrat podrien haver-se projectat liter\u00e0riament narracions posteriors, com la transformaci\u00f3 d&#8217;Aengus i Caer en una parella de cignes. No \u00e9s possible fer-hi una identificaci\u00f3 directa.<\/p>\t\t\t\t\t\t\t\t<\/div>\n\t\t\t\t<\/div>\n\t\t<div class=\"elementor-element elementor-element-a894f54 e-con-full e-flex e-con e-child\" data-id=\"a894f54\" data-element_type=\"container\" data-e-type=\"container\">\n\t\t\t\t<div class=\"elementor-element elementor-element-9f1ec7d elementor-widget elementor-widget-heading\" data-id=\"9f1ec7d\" data-element_type=\"widget\" data-e-type=\"widget\" data-widget_type=\"heading.default\">\n\t\t\t\t\t<h2 class=\"elementor-heading-title elementor-size-default\">Br\u00fa na B\u00f3inne com a centre c\u00f2smic<\/h2>\t\t\t\t<\/div>\n\t\t\t\t<div class=\"elementor-element elementor-element-0834f76 elementor-widget elementor-widget-text-editor\" data-id=\"0834f76\" data-element_type=\"widget\" data-e-type=\"widget\" data-widget_type=\"text-editor.default\">\n\t\t\t\t\t\t\t\t\t<p>Br\u00fa na B\u00f3inne, el t\u00famul megal\u00edtic al riu Boyne, \u00e9s en la <span class=\"iwg-fachbegriff\" data-tooltip=\"El conjunt de narracions m\u00edtiques transmeses d'una cultura.\" tabindex=\"0\">mitologia<\/span> irlandesa el lloc m\u00e9s important d&#8217;Aengus. \u00c9s considerat una porta a l&#8217;Altre M\u00f3n, una cambra del tresor i un lloc de reuni\u00f3 dels Tuatha D\u00e9 Danann.<\/p><p>Els \u00abDindshenchas\u00bb transmeten diverses etimologies del nom del lloc, totes relacionades amb Boann o amb l&#8217;aigua. L&#8217;orientaci\u00f3 astron\u00f2mica del corredor cap a la sortida del sol d&#8217;hivern, coneguda des de les excavacions de Michael O&#8217;Kelly, no es menciona en cap font medieval, la qual cosa posa de manifest la dificultat de relacionar les troballes arqueol\u00f2giques amb la <span class=\"iwg-fachbegriff\" data-tooltip=\"El conjunt de narracions m\u00edtiques transmeses d'una cultura.\" tabindex=\"0\">mitologia<\/span> transmesa per escrit.<\/p>\n\n<p>En la recerca celtol\u00f2gica moderna, Br\u00fa na B\u00f3inne \u00e9s alhora patrimoni de la UNESCO i un punt culminant per als estudis sobre la relaci\u00f3 entre el neol\u00edtic i la <span class=\"iwg-fachbegriff\" data-tooltip=\"El conjunt de narracions m\u00edtiques transmeses d'una cultura.\" tabindex=\"0\">mitologia<\/span> c\u00e8ltica.<\/p><p>Bernhard Maier ha assenyalat que els textos medievals probablement es basen en una antiga i cont\u00ednua tradici\u00f3 de mem\u00f2ria que marcava certs llocs amb pres\u00e8ncia divina, sense que se&#8217;n pugui reconstruir una l\u00ednia directa amb la religiositat dels seus constructors.<\/p>\t\t\t\t\t\t\t\t<\/div>\n\t\t\t\t<\/div>\n\t\t\t\t\t<\/div>\n\t\t\t\t<\/div>\n\t\t\t\t<\/div>\n\t\t","protected":false},"excerpt":{"rendered":"","protected":false},"author":3,"featured_media":3239,"parent":0,"menu_order":0,"comment_status":"closed","ping_status":"closed","template":"elementor_header_footer","meta":{"_yoast_wpseo_focuskw":"Aengus","_yoast_wpseo_title":"Aengus \u2013 D\u00e9u irland\u00e8s de l'amor i la joventut | iWell Guard","_yoast_wpseo_metadesc":"Aengus (Aengus \u00d3g) \u00e9s el d\u00e9u irland\u00e8s de l'amor, la joventut i la inspiraci\u00f3, fill del Dagda i habitant del t\u00famul de Newgrange.","_yoast_wpseo_meta-robots-noindex":"","_yoast_wpseo_canonical":"","_angie_page":false,"gefaehrdungsstufe":"1","wesen_kultur":"","wesen_klasse":"","footnotes":""},"categories":[],"class_list":["post-171858","page","type-page","status-publish","has-post-thumbnail","hentry"],"yoast_head":"<!-- This site is optimized with the Yoast SEO Premium plugin v27.7 (Yoast SEO v28.3) - https:\/\/yoast.com\/product\/yoast-seo-premium-wordpress\/ -->\n<title>Aengus \u2013 D\u00e9u irland\u00e8s de l&#039;amor i la joventut | iWell Guard<\/title>\n<meta name=\"description\" content=\"Aengus (Aengus \u00d3g) \u00e9s el d\u00e9u irland\u00e8s de l&#039;amor, la joventut i la inspiraci\u00f3, fill del Dagda i habitant del t\u00famul de Newgrange.\" \/>\n<meta name=\"robots\" content=\"index, follow, max-snippet:-1, max-image-preview:large, max-video-preview:-1\" \/>\n<link rel=\"canonical\" href=\"https:\/\/iwell-guard.com\/ca\/aengus\/\" \/>\n<meta property=\"og:locale\" content=\"ca_ES\" \/>\n<meta property=\"og:type\" content=\"article\" \/>\n<meta property=\"og:title\" content=\"Aengus\" \/>\n<meta property=\"og:description\" content=\"Aengus (Aengus \u00d3g) \u00e9s el d\u00e9u irland\u00e8s de l&#039;amor, la joventut i la inspiraci\u00f3, fill del Dagda i habitant del t\u00famul de Newgrange.\" \/>\n<meta property=\"og:url\" content=\"https:\/\/iwell-guard.com\/ca\/aengus\/\" \/>\n<meta property=\"og:site_name\" content=\"iWell Guard\" \/>\n<meta property=\"article:modified_time\" content=\"2026-09-05T16:09:02+00:00\" \/>\n<meta property=\"og:image\" content=\"https:\/\/iwell-guard.com\/wp-content\/uploads\/2026\/05\/goetter_keltisch_aengus.webp\" \/>\n\t<meta property=\"og:image:width\" content=\"1024\" \/>\n\t<meta property=\"og:image:height\" content=\"1536\" \/>\n\t<meta property=\"og:image:type\" content=\"image\/webp\" \/>\n<meta name=\"twitter:card\" content=\"summary_large_image\" \/>\n<script type=\"application\/ld+json\" class=\"yoast-schema-graph\">{\"@context\":\"https:\\\/\\\/schema.org\",\"@graph\":[{\"@type\":\"WebPage\",\"@id\":\"https:\\\/\\\/iwell-guard.com\\\/ca\\\/aengus\\\/\",\"url\":\"https:\\\/\\\/iwell-guard.com\\\/ca\\\/aengus\\\/\",\"name\":\"Aengus \u2013 D\u00e9u irland\u00e8s de l'amor i la joventut | iWell Guard\",\"isPartOf\":{\"@id\":\"https:\\\/\\\/iwell-guard.com\\\/ca\\\/#website\"},\"primaryImageOfPage\":{\"@id\":\"https:\\\/\\\/iwell-guard.com\\\/ca\\\/aengus\\\/#primaryimage\"},\"image\":{\"@id\":\"https:\\\/\\\/iwell-guard.com\\\/ca\\\/aengus\\\/#primaryimage\"},\"thumbnailUrl\":\"https:\\\/\\\/iwell-guard.com\\\/wp-content\\\/uploads\\\/2026\\\/05\\\/goetter_keltisch_aengus.webp\",\"datePublished\":\"2026-09-05T15:43:03+00:00\",\"dateModified\":\"2026-09-05T16:09:02+00:00\",\"description\":\"Aengus (Aengus \u00d3g) \u00e9s el d\u00e9u irland\u00e8s de l'amor, la joventut i la inspiraci\u00f3, fill del Dagda i habitant del t\u00famul de Newgrange.\",\"breadcrumb\":{\"@id\":\"https:\\\/\\\/iwell-guard.com\\\/ca\\\/aengus\\\/#breadcrumb\"},\"inLanguage\":\"ca\",\"potentialAction\":[{\"@type\":\"ReadAction\",\"target\":[\"https:\\\/\\\/iwell-guard.com\\\/ca\\\/aengus\\\/\"]}]},{\"@type\":\"ImageObject\",\"inLanguage\":\"ca\",\"@id\":\"https:\\\/\\\/iwell-guard.com\\\/ca\\\/aengus\\\/#primaryimage\",\"url\":\"https:\\\/\\\/iwell-guard.com\\\/wp-content\\\/uploads\\\/2026\\\/05\\\/goetter_keltisch_aengus.webp\",\"contentUrl\":\"https:\\\/\\\/iwell-guard.com\\\/wp-content\\\/uploads\\\/2026\\\/05\\\/goetter_keltisch_aengus.webp\",\"width\":1024,\"height\":1536,\"caption\":\"D\u00e9us de la tradici\u00f3 c\u00e8ltica.\"},{\"@type\":\"BreadcrumbList\",\"@id\":\"https:\\\/\\\/iwell-guard.com\\\/ca\\\/aengus\\\/#breadcrumb\",\"itemListElement\":[{\"@type\":\"ListItem\",\"position\":1,\"name\":\"Start\",\"item\":\"https:\\\/\\\/iwell-guard.com\\\/ca\\\/?page_id=171333\"},{\"@type\":\"ListItem\",\"position\":2,\"name\":\"Aengus\"}]},{\"@type\":\"WebSite\",\"@id\":\"https:\\\/\\\/iwell-guard.com\\\/ca\\\/#website\",\"url\":\"https:\\\/\\\/iwell-guard.com\\\/ca\\\/\",\"name\":\"iWell Guard\",\"description\":\"Schutz vor dunklen Einfl\u00fcssen\",\"publisher\":{\"@id\":\"https:\\\/\\\/iwell-guard.com\\\/ca\\\/#organization\"},\"potentialAction\":[{\"@type\":\"SearchAction\",\"target\":{\"@type\":\"EntryPoint\",\"urlTemplate\":\"https:\\\/\\\/iwell-guard.com\\\/ca\\\/?s={search_term_string}\"},\"query-input\":{\"@type\":\"PropertyValueSpecification\",\"valueRequired\":true,\"valueName\":\"search_term_string\"}}],\"inLanguage\":\"ca\"},{\"@type\":\"Organization\",\"@id\":\"https:\\\/\\\/iwell-guard.com\\\/ca\\\/#organization\",\"name\":\"Ittermann electronic GmbH\",\"url\":\"https:\\\/\\\/iwell-guard.com\\\/ca\\\/\",\"logo\":{\"@type\":\"ImageObject\",\"inLanguage\":\"ca\",\"@id\":\"https:\\\/\\\/iwell-guard.com\\\/ca\\\/#\\\/schema\\\/logo\\\/image\\\/\",\"url\":\"https:\\\/\\\/iwell-guard.com\\\/wp-content\\\/uploads\\\/2026\\\/05\\\/Ittermann-Logo-1182x237-1.png\",\"contentUrl\":\"https:\\\/\\\/iwell-guard.com\\\/wp-content\\\/uploads\\\/2026\\\/05\\\/Ittermann-Logo-1182x237-1.png\",\"width\":1182,\"height\":237,\"caption\":\"Ittermann electronic GmbH\"},\"image\":{\"@id\":\"https:\\\/\\\/iwell-guard.com\\\/ca\\\/#\\\/schema\\\/logo\\\/image\\\/\"},\"sameAs\":[\"https:\\\/\\\/pantip.com\\\/profile\\\/9367242\",\"https:\\\/\\\/micro.blog\\\/iwellguard\",\"https:\\\/\\\/www.diggerslist.com\\\/iwellguard\\\/about\",\"https:\\\/\\\/skitterphoto.com\\\/photographers\\\/2870314\\\/iwell-guard\",\"https:\\\/\\\/iwellguard.wordpress.com\\\/2026\\\/06\\\/06\\\/iwell-guard\\\/\",\"https:\\\/\\\/hub.docker.com\\\/u\\\/iwellguard\",\"https:\\\/\\\/www.pinterest.com\\\/iwellguard\\\/\",\"https:\\\/\\\/bit.ly\\\/m\\\/iwellguard\",\"https:\\\/\\\/entre-vos-mains.alsace.eu\\\/profiles\\\/iwellguard\\\/activity\",\"https:\\\/\\\/gravatar.com\\\/reallybeded8fd34\",\"https:\\\/\\\/naijamatta.com\\\/iwellguard\",\"https:\\\/\\\/www.goodreads.com\\\/iwellguard\",\"https:\\\/\\\/profile.hatena.ne.jp\\\/iwellguard\\\/\",\"https:\\\/\\\/experiment.com\\\/users\\\/iwellguard\",\"https:\\\/\\\/wakelet.com\\\/@iWellGuard82270\",\"https:\\\/\\\/www.chordie.com\\\/forum\\\/profile.php?id=2555664\",\"https:\\\/\\\/www.instapaper.com\\\/p\\\/17757966\",\"https:\\\/\\\/www.mapleprimes.com\\\/users\\\/iwellguard\",\"https:\\\/\\\/businesslistingplus.com\\\/profile\\\/iwell-guard\\\/\",\"https:\\\/\\\/telegra.ph\\\/iWell-Guard-06-06\",\"https:\\\/\\\/pbase.com\\\/iwellguard\\\/iwellguard\",\"https:\\\/\\\/b.hatena.ne.jp\\\/iwellguard\\\/20260607#bookmark-4788405196491818882\",\"https:\\\/\\\/fliphtml5.com\\\/home\\\/iwellguard\",\"https:\\\/\\\/anyflip.com\\\/homepage\\\/cmiwl#About\",\"https:\\\/\\\/transfur.com\\\/Users\\\/iwellguard\",\"http:\\\/\\\/delphi.larsbo.org\\\/user\\\/iwellguard\",\"https:\\\/\\\/jobs.lajobsportal.org\\\/profiles\\\/8380803-iwell-guard\",\"https:\\\/\\\/md.chaosdorf.de\\\/s\\\/jfbe5SBdJD\",\"https:\\\/\\\/www.lingvolive.com\\\/en-us\\\/profile\\\/9ecaeaca-ce11-4e51-9e71-01d55e2bff36\\\/translations\",\"https:\\\/\\\/www.fitday.com\\\/fitness\\\/forums\\\/members\\\/iwellguard.html\",\"https:\\\/\\\/www.mymeetbook.com\\\/iwellguard\",\"https:\\\/\\\/pxhere.com\\\/en\\\/photographer-me\\\/5040798\",\"https:\\\/\\\/disqus.com\\\/by\\\/iwellguard\\\/about\\\/\",\"https:\\\/\\\/pastelink.net\\\/hjwciqwq\",\"https:\\\/\\\/pubhtml5.com\\\/homepage\\\/scjhn\\\/\",\"https:\\\/\\\/www.bitchute.com\\\/channel\\\/2O2eOKzNqujT\",\"https:\\\/\\\/audiomack.com\\\/iwellguard\"]}]}<\/script>\n<!-- \/ Yoast SEO Premium plugin. -->","yoast_head_json":{"title":"Aengus \u2013 D\u00e9u irland\u00e8s de l'amor i la joventut | iWell Guard","description":"Aengus (Aengus \u00d3g) \u00e9s el d\u00e9u irland\u00e8s de l'amor, la joventut i la inspiraci\u00f3, fill del Dagda i habitant del t\u00famul de Newgrange.","robots":{"index":"index","follow":"follow","max-snippet":"max-snippet:-1","max-image-preview":"max-image-preview:large","max-video-preview":"max-video-preview:-1"},"canonical":"https:\/\/iwell-guard.com\/ca\/aengus\/","og_locale":"ca_ES","og_type":"article","og_title":"Aengus","og_description":"Aengus (Aengus \u00d3g) \u00e9s el d\u00e9u irland\u00e8s de l'amor, la joventut i la inspiraci\u00f3, fill del Dagda i habitant del t\u00famul de Newgrange.","og_url":"https:\/\/iwell-guard.com\/ca\/aengus\/","og_site_name":"iWell Guard","article_modified_time":"2026-09-05T16:09:02+00:00","og_image":[{"width":1024,"height":1536,"url":"https:\/\/iwell-guard.com\/wp-content\/uploads\/2026\/05\/goetter_keltisch_aengus.webp","type":"image\/webp"}],"twitter_card":"summary_large_image","schema":{"@context":"https:\/\/schema.org","@graph":[{"@type":"WebPage","@id":"https:\/\/iwell-guard.com\/ca\/aengus\/","url":"https:\/\/iwell-guard.com\/ca\/aengus\/","name":"Aengus \u2013 D\u00e9u irland\u00e8s de l'amor i la joventut | iWell Guard","isPartOf":{"@id":"https:\/\/iwell-guard.com\/ca\/#website"},"primaryImageOfPage":{"@id":"https:\/\/iwell-guard.com\/ca\/aengus\/#primaryimage"},"image":{"@id":"https:\/\/iwell-guard.com\/ca\/aengus\/#primaryimage"},"thumbnailUrl":"https:\/\/iwell-guard.com\/wp-content\/uploads\/2026\/05\/goetter_keltisch_aengus.webp","datePublished":"2026-09-05T15:43:03+00:00","dateModified":"2026-09-05T16:09:02+00:00","description":"Aengus (Aengus \u00d3g) \u00e9s el d\u00e9u irland\u00e8s de l'amor, la joventut i la inspiraci\u00f3, fill del Dagda i habitant del t\u00famul de Newgrange.","breadcrumb":{"@id":"https:\/\/iwell-guard.com\/ca\/aengus\/#breadcrumb"},"inLanguage":"ca","potentialAction":[{"@type":"ReadAction","target":["https:\/\/iwell-guard.com\/ca\/aengus\/"]}]},{"@type":"ImageObject","inLanguage":"ca","@id":"https:\/\/iwell-guard.com\/ca\/aengus\/#primaryimage","url":"https:\/\/iwell-guard.com\/wp-content\/uploads\/2026\/05\/goetter_keltisch_aengus.webp","contentUrl":"https:\/\/iwell-guard.com\/wp-content\/uploads\/2026\/05\/goetter_keltisch_aengus.webp","width":1024,"height":1536,"caption":"D\u00e9us de la tradici\u00f3 c\u00e8ltica."},{"@type":"BreadcrumbList","@id":"https:\/\/iwell-guard.com\/ca\/aengus\/#breadcrumb","itemListElement":[{"@type":"ListItem","position":1,"name":"Start","item":"https:\/\/iwell-guard.com\/ca\/?page_id=171333"},{"@type":"ListItem","position":2,"name":"Aengus"}]},{"@type":"WebSite","@id":"https:\/\/iwell-guard.com\/ca\/#website","url":"https:\/\/iwell-guard.com\/ca\/","name":"iWell Guard","description":"Schutz vor dunklen Einfl\u00fcssen","publisher":{"@id":"https:\/\/iwell-guard.com\/ca\/#organization"},"potentialAction":[{"@type":"SearchAction","target":{"@type":"EntryPoint","urlTemplate":"https:\/\/iwell-guard.com\/ca\/?s={search_term_string}"},"query-input":{"@type":"PropertyValueSpecification","valueRequired":true,"valueName":"search_term_string"}}],"inLanguage":"ca"},{"@type":"Organization","@id":"https:\/\/iwell-guard.com\/ca\/#organization","name":"Ittermann electronic GmbH","url":"https:\/\/iwell-guard.com\/ca\/","logo":{"@type":"ImageObject","inLanguage":"ca","@id":"https:\/\/iwell-guard.com\/ca\/#\/schema\/logo\/image\/","url":"https:\/\/iwell-guard.com\/wp-content\/uploads\/2026\/05\/Ittermann-Logo-1182x237-1.png","contentUrl":"https:\/\/iwell-guard.com\/wp-content\/uploads\/2026\/05\/Ittermann-Logo-1182x237-1.png","width":1182,"height":237,"caption":"Ittermann electronic GmbH"},"image":{"@id":"https:\/\/iwell-guard.com\/ca\/#\/schema\/logo\/image\/"},"sameAs":["https:\/\/pantip.com\/profile\/9367242","https:\/\/micro.blog\/iwellguard","https:\/\/www.diggerslist.com\/iwellguard\/about","https:\/\/skitterphoto.com\/photographers\/2870314\/iwell-guard","https:\/\/iwellguard.wordpress.com\/2026\/06\/06\/iwell-guard\/","https:\/\/hub.docker.com\/u\/iwellguard","https:\/\/www.pinterest.com\/iwellguard\/","https:\/\/bit.ly\/m\/iwellguard","https:\/\/entre-vos-mains.alsace.eu\/profiles\/iwellguard\/activity","https:\/\/gravatar.com\/reallybeded8fd34","https:\/\/naijamatta.com\/iwellguard","https:\/\/www.goodreads.com\/iwellguard","https:\/\/profile.hatena.ne.jp\/iwellguard\/","https:\/\/experiment.com\/users\/iwellguard","https:\/\/wakelet.com\/@iWellGuard82270","https:\/\/www.chordie.com\/forum\/profile.php?id=2555664","https:\/\/www.instapaper.com\/p\/17757966","https:\/\/www.mapleprimes.com\/users\/iwellguard","https:\/\/businesslistingplus.com\/profile\/iwell-guard\/","https:\/\/telegra.ph\/iWell-Guard-06-06","https:\/\/pbase.com\/iwellguard\/iwellguard","https:\/\/b.hatena.ne.jp\/iwellguard\/20260607#bookmark-4788405196491818882","https:\/\/fliphtml5.com\/home\/iwellguard","https:\/\/anyflip.com\/homepage\/cmiwl#About","https:\/\/transfur.com\/Users\/iwellguard","http:\/\/delphi.larsbo.org\/user\/iwellguard","https:\/\/jobs.lajobsportal.org\/profiles\/8380803-iwell-guard","https:\/\/md.chaosdorf.de\/s\/jfbe5SBdJD","https:\/\/www.lingvolive.com\/en-us\/profile\/9ecaeaca-ce11-4e51-9e71-01d55e2bff36\/translations","https:\/\/www.fitday.com\/fitness\/forums\/members\/iwellguard.html","https:\/\/www.mymeetbook.com\/iwellguard","https:\/\/pxhere.com\/en\/photographer-me\/5040798","https:\/\/disqus.com\/by\/iwellguard\/about\/","https:\/\/pastelink.net\/hjwciqwq","https:\/\/pubhtml5.com\/homepage\/scjhn\/","https:\/\/www.bitchute.com\/channel\/2O2eOKzNqujT","https:\/\/audiomack.com\/iwellguard"]}]}},"_links":{"self":[{"href":"https:\/\/iwell-guard.com\/ca\/wp-json\/wp\/v2\/pages\/171858","targetHints":{"allow":["GET"]}}],"collection":[{"href":"https:\/\/iwell-guard.com\/ca\/wp-json\/wp\/v2\/pages"}],"about":[{"href":"https:\/\/iwell-guard.com\/ca\/wp-json\/wp\/v2\/types\/page"}],"author":[{"embeddable":true,"href":"https:\/\/iwell-guard.com\/ca\/wp-json\/wp\/v2\/users\/3"}],"replies":[{"embeddable":true,"href":"https:\/\/iwell-guard.com\/ca\/wp-json\/wp\/v2\/comments?post=171858"}],"version-history":[{"count":0,"href":"https:\/\/iwell-guard.com\/ca\/wp-json\/wp\/v2\/pages\/171858\/revisions"}],"wp:featuredmedia":[{"embeddable":true,"href":"https:\/\/iwell-guard.com\/ca\/wp-json\/wp\/v2\/media\/3239"}],"wp:attachment":[{"href":"https:\/\/iwell-guard.com\/ca\/wp-json\/wp\/v2\/media?parent=171858"}],"wp:term":[{"taxonomy":"category","embeddable":true,"href":"https:\/\/iwell-guard.com\/ca\/wp-json\/wp\/v2\/categories?post=171858"}],"curies":[{"name":"wp","href":"https:\/\/api.w.org\/{rel}","templated":true}]}}