{"id":171856,"date":"2026-09-05T15:43:02","date_gmt":"2026-09-05T15:43:02","guid":{"rendered":"https:\/\/iwell-guard.com\/?page_id=171856"},"modified":"2026-09-05T16:08:58","modified_gmt":"2026-09-05T16:08:58","slug":"danu","status":"publish","type":"page","link":"https:\/\/iwell-guard.com\/ca\/danu\/","title":{"rendered":"Danu"},"content":{"rendered":"\t\t<div data-elementor-type=\"wp-page\" data-elementor-id=\"171856\" class=\"elementor elementor-171856 elementor-3047 elementor-bc-flex-widget\" data-elementor-post-type=\"page\">\n\t\t\t\t<div class=\"elementor-element elementor-element-42e41e0 e-flex e-con-boxed e-con e-parent\" data-id=\"42e41e0\" data-element_type=\"container\" data-e-type=\"container\" data-settings=\"{&quot;background_background&quot;:&quot;classic&quot;}\">\n\t\t\t\t\t<div class=\"e-con-inner\">\n\t\t<div class=\"elementor-element elementor-element-348661a e-flex e-con-boxed e-con e-child\" data-id=\"348661a\" data-element_type=\"container\" data-e-type=\"container\">\n\t\t\t\t\t<div class=\"e-con-inner\">\n\t\t<div class=\"elementor-element elementor-element-94fd562 e-con-full e-flex e-con e-child\" data-id=\"94fd562\" data-element_type=\"container\" data-e-type=\"container\">\n\t\t\t\t<div class=\"elementor-element elementor-element-3928093 elementor-widget elementor-widget-heading\" data-id=\"3928093\" data-element_type=\"widget\" data-e-type=\"widget\" data-widget_type=\"heading.default\">\n\t\t\t\t\t<h1 class=\"elementor-heading-title elementor-size-default\">Danu, deessa mare dels Tuatha D\u00e9 Danann<\/h1>\t\t\t\t<\/div>\n\t\t\t\t<div class=\"elementor-element elementor-element-427c06f elementor-widget elementor-widget-text-editor\" data-id=\"427c06f\" data-element_type=\"widget\" data-e-type=\"widget\" data-widget_type=\"text-editor.default\">\n\t\t\t\t\t\t\t\t\t<p>Danu \u00e9s la deessa mare dels Tuatha D\u00e9 Danann, les hosts m\u00edtiques dels d\u00e9us d&#8217;Irlanda, i \u00e9s considerada la mare fundadora del seu llinatge. Danu, anomenada Don en la tradici\u00f3 gal\u00b7lesa, \u00e9s considerada en la <span class=\"iwg-fachbegriff\" data-tooltip=\"El conjunt de narracions divines transmeses d'una cultura.\" tabindex=\"0\">mitologia<\/span> irlandesa com la mare fundadora que dona nom als Tuatha D\u00e9 Danann, el \u00abpoble de la deessa Danu\u00bb.<\/p><p>Malgrat aquesta posici\u00f3 central, gaireb\u00e9 no apareix com a figura activa en els textos transmesos, sin\u00f3 que s&#8217;introdueix pr\u00e0cticament de manera exclusiva en clau geneal\u00f2gica. Des de la ci\u00e8ncia de les religions se la interpreta com a reflex d&#8217;una mare primig\u00e8nia indoeuropea i com a personificaci\u00f3 de l&#8217;aigua fluent.<\/p>\t\t\t\t\t\t\t\t<\/div>\n\t\t\t\t<\/div>\n\t\t<div class=\"elementor-element elementor-element-d3d3855 e-con-full e-flex e-con e-parent\" data-id=\"d3d3855\" data-element_type=\"container\" data-e-type=\"container\">\n\t\t\t\t<div class=\"elementor-element elementor-element-3e1426b elementor-widget elementor-widget-html\" data-id=\"3e1426b\" data-element_type=\"widget\" data-e-type=\"widget\" data-widget_type=\"html.default\">\n\t\t\t\t\t<div class=\"iwg-pill-row\"><span class=\"iwg-klasse-badge\" tabindex=\"0\" data-tooltip=\"D\u00e9u \/ Deessa: Poder personificat suprem dins el pante\u00f3 d'una cultura, amb \u00e0mbits d'acci\u00f3 clars: forces de la natura, dest\u00ed, guerra, fertilitat. Venerat mitjan\u00e7ant cultes, ofrenes i institucions de temple.\">Deessa<\/span><a href=\"https:\/\/iwell-guard.com\/ca\/celtic\/\" class=\"iwg-kultur-badge\" tabindex=\"0\" data-tooltip=\"Religi\u00f3 c\u00e8ltica de l'Europa occidental i les illes brit\u00e0niques, transmesa mitol\u00f2gicament a trav\u00e9s de textos irlandesos i gal\u00b7lesos.\">C\u00e8ltic<\/a><\/div>\t\t\t\t<\/div>\n\t\t\t\t<\/div>\n\t\t<div class=\"elementor-element elementor-element-8d73214 e-con-full e-flex e-con e-child\" data-id=\"8d73214\" data-element_type=\"container\" data-e-type=\"container\">\n\t\t\t\t<div class=\"elementor-element elementor-element-a4a4ee3 elementor-toc--minimized-on-tablet elementor-widget elementor-widget-table-of-contents\" data-id=\"a4a4ee3\" data-element_type=\"widget\" data-e-type=\"widget\" data-settings=\"{&quot;exclude_headings_by_selector&quot;:[],&quot;no_headings_message&quot;:&quot;No s&#039;ha trobat cap encap\\u00e7alament en aquesta p\\u00e0gina.&quot;,&quot;headings_by_tags&quot;:[&quot;h2&quot;,&quot;h3&quot;],&quot;marker_view&quot;:&quot;bullets&quot;,&quot;icon&quot;:{&quot;value&quot;:&quot;fas fa-circle&quot;,&quot;library&quot;:&quot;fa-solid&quot;,&quot;rendered_tag&quot;:&quot;&lt;svg class=\\&quot;e-font-icon-svg e-fas-circle\\&quot; viewBox=\\&quot;0 0 512 512\\&quot; xmlns=\\&quot;http:\\\/\\\/www.w3.org\\\/2000\\\/svg\\&quot;&gt;&lt;path d=\\&quot;M256 8C119 8 8 119 8 256s111 248 248 248 248-111 248-248S393 8 256 8z\\&quot;&gt;&lt;\\\/path&gt;&lt;\\\/svg&gt;&quot;},&quot;minimize_box&quot;:&quot;yes&quot;,&quot;minimized_on&quot;:&quot;tablet&quot;,&quot;hierarchical_view&quot;:&quot;yes&quot;,&quot;min_height&quot;:{&quot;unit&quot;:&quot;px&quot;,&quot;size&quot;:&quot;&quot;,&quot;sizes&quot;:[]},&quot;min_height_tablet&quot;:{&quot;unit&quot;:&quot;px&quot;,&quot;size&quot;:&quot;&quot;,&quot;sizes&quot;:[]},&quot;min_height_mobile&quot;:{&quot;unit&quot;:&quot;px&quot;,&quot;size&quot;:&quot;&quot;,&quot;sizes&quot;:[]}}\" data-widget_type=\"table-of-contents.default\">\n\t\t\t\t\t\t\t\t\t<div class=\"elementor-toc__header\">\n\t\t\t\t\t\t<h2 class=\"elementor-toc__header-title\">\n\t\t\t\t\u00cdndex\t\t\t<\/h2>\n\t\t\t\t\t\t\t\t\t\t<div class=\"elementor-toc__toggle-button elementor-toc__toggle-button--expand\" role=\"button\" tabindex=\"0\" aria-controls=\"elementor-toc__a4a4ee3\" aria-expanded=\"true\" aria-label=\"Open table of contents\"><svg aria-hidden=\"true\" class=\"e-font-icon-svg e-fas-chevron-down\" viewBox=\"0 0 448 512\" xmlns=\"http:\/\/www.w3.org\/2000\/svg\"><path d=\"M207.029 381.476L12.686 187.132c-9.373-9.373-9.373-24.569 0-33.941l22.667-22.667c9.357-9.357 24.522-9.375 33.901-.04L224 284.505l154.745-154.021c9.379-9.335 24.544-9.317 33.901.04l22.667 22.667c9.373 9.373 9.373 24.569 0 33.941L240.971 381.476c-9.373 9.372-24.569 9.372-33.942 0z\"><\/path><\/svg><\/div>\n\t\t\t\t<div class=\"elementor-toc__toggle-button elementor-toc__toggle-button--collapse\" role=\"button\" tabindex=\"0\" aria-controls=\"elementor-toc__a4a4ee3\" aria-expanded=\"true\" aria-label=\"Close table of contents\"><svg aria-hidden=\"true\" class=\"e-font-icon-svg e-fas-chevron-up\" viewBox=\"0 0 448 512\" xmlns=\"http:\/\/www.w3.org\/2000\/svg\"><path d=\"M240.971 130.524l194.343 194.343c9.373 9.373 9.373 24.569 0 33.941l-22.667 22.667c-9.357 9.357-24.522 9.375-33.901.04L224 227.495 69.255 381.516c-9.379 9.335-24.544 9.317-33.901-.04l-22.667-22.667c-9.373-9.373-9.373-24.569 0-33.941L207.03 130.525c9.372-9.373 24.568-9.373 33.941-.001z\"><\/path><\/svg><\/div>\n\t\t\t\t\t<\/div>\n\t\t\t\t<div id=\"elementor-toc__a4a4ee3\" class=\"elementor-toc__body\">\n\t\t\t<div class=\"elementor-toc__spinner-container\">\n\t\t\t\t<svg class=\"elementor-toc__spinner eicon-animation-spin e-font-icon-svg e-eicon-loading\" aria-hidden=\"true\" viewBox=\"0 0 1000 1000\" xmlns=\"http:\/\/www.w3.org\/2000\/svg\"><path d=\"M500 975V858C696 858 858 696 858 500S696 142 500 142 142 304 142 500H25C25 237 238 25 500 25S975 237 975 500 763 975 500 975Z\"><\/path><\/svg>\t\t\t<\/div>\n\t\t<\/div>\n\t\t\t\t\t\t<\/div>\n\t\t\t\t<\/div>\n\t\t\t\t\t<\/div>\n\t\t\t\t<\/div>\n\t\t<div class=\"elementor-element elementor-element-70ec0c0 e-con-full e-flex e-con e-child\" data-id=\"70ec0c0\" data-element_type=\"container\" data-e-type=\"container\">\n\t\t\t\t<div class=\"elementor-element elementor-element-f716535 iwg-hero-image elementor-widget elementor-widget-image\" data-id=\"f716535\" data-element_type=\"widget\" data-e-type=\"widget\" data-widget_type=\"image.default\">\n\t\t\t\t\t\t\t\t\t\t\t\t\t\t\t<img fetchpriority=\"high\" decoding=\"async\" width=\"683\" height=\"1024\" src=\"https:\/\/iwell-guard.com\/wp-content\/uploads\/2026\/05\/goetter_keltisch_danu-683x1024.webp\" class=\"attachment-large size-large wp-image-173465\" alt=\"Danu - D\u00e9us de la tradici\u00f3 celta, il\u00b7lustraci\u00f3 historicista\" srcset=\"https:\/\/iwell-guard.com\/wp-content\/uploads\/2026\/05\/goetter_keltisch_danu-683x1024.webp 683w, https:\/\/iwell-guard.com\/wp-content\/uploads\/2026\/05\/goetter_keltisch_danu-200x300.webp 200w, https:\/\/iwell-guard.com\/wp-content\/uploads\/2026\/05\/goetter_keltisch_danu-768x1152.webp 768w, https:\/\/iwell-guard.com\/wp-content\/uploads\/2026\/05\/goetter_keltisch_danu.webp 1024w\" sizes=\"(max-width: 683px) 100vw, 683px\" \/>\t\t\t\t\t\t\t\t\t\t\t\t\t\t\t<\/div>\n\t\t\t\t<\/div>\n\t\t\t\t\t<\/div>\n\t\t\t\t<\/div>\n\t\t<div class=\"elementor-element elementor-element-cce5bde e-con-boxed e-flex e-con e-parent\" data-id=\"cce5bde\" data-element_type=\"container\" data-e-type=\"container\">\n\t\t\t\t\t<div class=\"e-con-inner\">\n\t\t<div class=\"elementor-element elementor-element-ab927f7 e-con-full e-flex e-con e-child\" data-id=\"ab927f7\" data-element_type=\"container\" data-e-type=\"container\">\n\t\t\t\t<div class=\"elementor-element elementor-element-e28a2cb elementor-widget elementor-widget-heading\" data-id=\"e28a2cb\" data-element_type=\"widget\" data-e-type=\"widget\" data-widget_type=\"heading.default\">\n\t\t\t\t\t<h2 class=\"elementor-heading-title elementor-size-default\">Quadre de fonts i etimologia del nom<\/h2>\t\t\t\t<\/div>\n\t\t\t\t<div class=\"elementor-element elementor-element-68a2d8a elementor-widget elementor-widget-text-editor\" data-id=\"68a2d8a\" data-element_type=\"widget\" data-e-type=\"widget\" data-widget_type=\"text-editor.default\">\n\t\t\t\t\t\t\t\t\t<p>Els testimonis m\u00e9s antics sobre Danu provenen dels manuscrits medievals irlandesos, sobretot el \u00abLebor Gab\u00e1la \u00c9renn\u00bb (Llibre de les Conquestes, segle XI) i els tractats geneal\u00f2gics de les llistes reials.<\/p><p>Tamb\u00e9 en els \u00abDindshenchas\u00bb, les narracions sobre l&#8217;origen dels noms de lloc, apareix espor\u00e0dicament com a mare de les muntanyes \u00abDa Ch\u00edch Anann\u00bb a Kerry. En el recull gal\u00b7l\u00e8s dels Quatre Branques, el \u00abMabinogion\u00bb, hi apareix sota el nom de Don una mare fundadora comparable, els fills de la qual, Gwydion, Arianrhod i Gilfaethwy, tenen un paper actiu en les narracions.<\/p>\n\n<p>El nom Danu es fa derivar de l&#8217;arrel indoeuropea *d\u0101nu-, que significa \u00abriu, aigua fluent\u00bb. Aquesta mateixa arrel \u00e9s la base dels noms fluvials Danubi, Don, Dni\u00e8per i Dni\u00e8ster.<\/p><p>Bernhard Maier assenyala en la seva obra \u00abReligion der Kelten\u00bb (2001) que la identificaci\u00f3 amb la deessa v\u00e8dica de les aig\u00fces Danu no \u00e9s concloent, per\u00f2 es discuteix com a testimoni d&#8217;una her\u00e8ncia indoeuropea. Wolfgang Meid subratlla que les proves d&#8217;una deessa c\u00e8ltica continental anomenada Danu segueixen essent febles i que es reconstrueixen sobretot a partir de te\u00f2nims epigr\u00e0fics com Anu.<\/p>\t\t\t\t\t\t\t\t<\/div>\n\t\t\t\t<\/div>\n\t\t<div class=\"elementor-element elementor-element-6f6b27b e-con-full e-flex e-con e-child\" data-id=\"6f6b27b\" data-element_type=\"container\" data-e-type=\"container\">\n\t\t\t\t<div class=\"elementor-element elementor-element-eedb25a elementor-widget elementor-widget-heading\" data-id=\"eedb25a\" data-element_type=\"widget\" data-e-type=\"widget\" data-widget_type=\"heading.default\">\n\t\t\t\t\t<h2 class=\"elementor-heading-title elementor-size-default\">Posici\u00f3 dins els Tuatha D\u00e9 Danann<\/h2>\t\t\t\t<\/div>\n\t\t\t\t<div class=\"elementor-element elementor-element-bbd8bc3 elementor-widget elementor-widget-text-editor\" data-id=\"bbd8bc3\" data-element_type=\"widget\" data-e-type=\"widget\" data-widget_type=\"text-editor.default\">\n\t\t\t\t\t\t\t\t\t<p>En el \u00abLebor Gab\u00e1la \u00c9renn\u00bb, els Tuatha D\u00e9 Danann arriben a Irlanda com la quarta onada m\u00edtica d&#8217;immigrants, despr\u00e9s de v\u00e8ncer els gegants fomorians. S\u00f3n considerats els \u00abfills dels d\u00e9us\u00bb per excel\u00b7l\u00e8ncia. Danu hi apareix com la seva mare fundadora, sense que se n&#8217;hagi transm\u00e8s cap relat de creaci\u00f3 propi.<\/p><p>Segons la tradici\u00f3 geneal\u00f2gica, els seus fills principals s\u00f3n Brian, Iuchar i Iucharba, els \u00abtres d\u00e9us de l&#8217;habilitat artesana\u00bb. En altres tractats, Dagda, el \u00abd\u00e9u bo\u00bb, apareix com el seu fill o el seu germ\u00e0; les fonts es contradiuen en aquest punt.<\/p>\n\n<p>Marie-Louise Sjoestedt va formular a \u00abDieux et h\u00e9ros des Celtes\u00bb (1940) que Danu no \u00e9s una figura narrativa, sin\u00f3 un principi geneal\u00f2gic que confereix unitat al llinatge div\u00ed.<\/p><p>John Carey ha subratllat en els seus treballs sobre la <span class=\"iwg-fachbegriff\" data-tooltip=\"El conjunt de narracions divines transmeses d'una cultura.\" tabindex=\"0\">mitologia<\/span> irlandesa que Danu no s&#8217;ha d&#8217;identificar amb la posterior santa Anna ni amb Brigid, encara que la tradici\u00f3 popular i la recepci\u00f3 rom\u00e0ntica han establert repetidament aquests vincles.<\/p>\t\t\t\t\t\t\t\t<\/div>\n\t\t\t\t<\/div>\n\t\t<div class=\"elementor-element elementor-element-a525907 e-con-full e-flex e-con e-child\" data-id=\"a525907\" data-element_type=\"container\" data-e-type=\"container\">\n\t\t\t\t<div class=\"elementor-element elementor-element-5477536 elementor-widget elementor-widget-heading\" data-id=\"5477536\" data-element_type=\"widget\" data-e-type=\"widget\" data-widget_type=\"heading.default\">\n\t\t\t\t\t<h2 class=\"elementor-heading-title elementor-size-default\">L'equivalent gal\u00b7l\u00e8s Don<\/h2>\t\t\t\t<\/div>\n\t\t\t\t<div class=\"elementor-element elementor-element-4999e7c elementor-widget elementor-widget-text-editor\" data-id=\"4999e7c\" data-element_type=\"widget\" data-e-type=\"widget\" data-widget_type=\"text-editor.default\">\n\t\t\t\t\t\t\t\t\t<p>En les \u00abQuatre Branques del Mabinogi\u00bb, el manuscrit m\u00e9s antic del qual data del segle XIV, Don apareix com la mare d&#8217;una poderosa fam\u00edlia divina. Els seus fills s\u00f3n Gwydion, el mag ple d&#8217;ardits, Arianrhod, la dona c\u00f2smica de la roda d&#8217;argent, Gilfaethwy i Govannon, el ferrer.<\/p><p>Don en si mateixa no t\u00e9 un relat propi. Miranda Aldhouse-Green ha discutit \u00e0mpliament el paral\u00b7lelisme estructural amb la Danu irlandesa a \u00abCeltic Goddesses\u00bb (1995). Ambdues figures representen el \u00abcostat div\u00ed\u00bb d&#8217;un sistema m\u00edtic binari, en el qual l&#8217;altre costat \u00e9s ocupat per un llinatge gigantesc i sovint ca\u00f2tic.<\/p>\n\n<p>Helmut Birkhan assenyala a \u00abKelten\u00bb (1997) que la Don gal\u00b7lesa \u00e9s confosa en textos posteriors ocasionalment amb el rei b\u00edblic Don o amb Mathonwy, i que nom\u00e9s es pot identificar clarament com a mare fundadora femenina mitjan\u00e7ant refer\u00e8ncies creuades. La hip\u00f2tesi d&#8217;una divinitat mare comuna \u00abc\u00e8ltica insular\u00bb origin\u00e0ria es basa en la coincid\u00e8ncia estructural, no en la textual.<\/p>\t\t\t\t\t\t\t\t<\/div>\n\t\t\t\t<\/div>\n\t\t<div class=\"elementor-element elementor-element-f70a6ca e-con-full e-flex e-con e-child\" data-id=\"f70a6ca\" data-element_type=\"container\" data-e-type=\"container\">\n\t\t\t\t<div class=\"elementor-element elementor-element-377b0d1 elementor-widget elementor-widget-heading\" data-id=\"377b0d1\" data-element_type=\"widget\" data-e-type=\"widget\" data-widget_type=\"heading.default\">\n\t\t\t\t\t<h2 class=\"elementor-heading-title elementor-size-default\">Anu, Ana i la tradici\u00f3 popular irlandesa<\/h2>\t\t\t\t<\/div>\n\t\t\t\t<div class=\"elementor-element elementor-element-804151f elementor-widget elementor-widget-text-editor\" data-id=\"804151f\" data-element_type=\"widget\" data-e-type=\"widget\" data-widget_type=\"text-editor.default\">\n\t\t\t\t\t\t\t\t\t<p>A banda de Danu, la tradici\u00f3 irlandesa coneix una deessa Anu o Ana, que en el \u00abSanas Cormaic\u00bb (Glossari de Cormac, segle X) \u00e9s anomenada \u00abmare dels d\u00e9us irlandesos\u00bb.<\/p><p>Si Anu i Danu s\u00f3n dos noms d&#8217;una mateixa figura o si origin\u00e0riament eren figures separades \u00e9s una q\u00fcesti\u00f3 controvertida en la recerca. Els dos turons caracter\u00edstics del comtat de Kerry, les \u00abMamelles d&#8217;Anu\u00bb (\u00abDa Ch\u00edch Anann\u00bb), suggereixen un lligam concret amb el paisatge per a Anu, que en canvi no existeix per a Danu.<\/p>\n\n<p>En la <span class=\"iwg-fachbegriff\" data-tooltip=\"La religiositat viscuda en la vida quotidiana, sovint al costat de la doctrina oficial.\" tabindex=\"0\">pietat popular<\/span> posterior, Anu es va fondre amb santa Anna, la mare de Maria, cosa que Bernhard Maier descriu com un exemple t\u00edpic de la cristianitzaci\u00f3 de divinitats locals femenines a Irlanda.<\/p><p>La figura lluminosa anomenada \u00ab\u00c1ine\u00bb, procedent de Munster i associada al sol i la fertilitat, es interpreta de vegades com una localitzaci\u00f3 posterior d&#8217;Anu, per\u00f2 John Carey considera que aquesta identificaci\u00f3 no est\u00e0 prou fonamentada.<\/p>\t\t\t\t\t\t\t\t<\/div>\n\t\t\t\t<\/div>\n\t\t<div class=\"elementor-element elementor-element-2f3611c e-con-full e-flex e-con e-child\" data-id=\"2f3611c\" data-element_type=\"container\" data-e-type=\"container\">\n\t\t\t\t<div class=\"elementor-element elementor-element-cb17709 elementor-widget elementor-widget-heading\" data-id=\"cb17709\" data-element_type=\"widget\" data-e-type=\"widget\" data-widget_type=\"heading.default\">\n\t\t\t\t\t<h2 class=\"elementor-heading-title elementor-size-default\">Refer\u00e8ncies c\u00e8ltiques continentals<\/h2>\t\t\t\t<\/div>\n\t\t\t\t<div class=\"elementor-element elementor-element-730508b elementor-widget elementor-widget-text-editor\" data-id=\"730508b\" data-element_type=\"widget\" data-e-type=\"widget\" data-widget_type=\"text-editor.default\">\n\t\t\t\t\t\t\t\t\t<p>Al continent, les divinitats femenines amb funcions similars s\u00f3n identificables sobretot mitjan\u00e7ant inscripcions i representacions iconogr\u00e0fiques. Les deesses mare anomenades \u00abMatres\u00bb o \u00abMatronae\u00bb apareixen sovint com a tr\u00edada a la regi\u00f3 del Rin i s&#8217;associen amb l&#8217;abund\u00e0ncia, la fertilitat i la protecci\u00f3 local.<\/p><p>Fins ara no s&#8217;ha identificat de manera inequ\u00edvoca al continent cap <span class=\"iwg-fachbegriff\" data-tooltip=\"Un text gravat o esculpit en un suport s\u00f2lid.\" tabindex=\"0\">inscripci\u00f3<\/span> directa que mencioni una deessa Danu. C\u00e8sar esmenta a \u00abDe bello Gallico\u00bb (VI, 17) diverses divinitats gal\u00b7les, per\u00f2 els atribueix sistem\u00e0ticament noms romans, de manera que no \u00e9s possible identificar Danu dins del seu <span class=\"iwg-fachbegriff\" data-tooltip=\"El conjunt de de\u00eftats d'una religi\u00f3 o cultura.\" tabindex=\"0\">pante\u00f3<\/span>.<\/p>\n\n<p>Diodor de Sic\u00edlia transmet observacions etnogr\u00e0fiques sobre pr\u00e0ctiques cultuals gal\u00b7les, sense esmentar una mare tribal comparable. La refer\u00e8ncia al nom del riu Danubi continua sent l&#8217;indici m\u00e9s important de que el nom Danu es va estendre en un ampli cintur\u00f3 geogr\u00e0fic, sense que se&#8217;n pugui deduir un <span class=\"iwg-fachbegriff\" data-tooltip=\"El conjunt d'actes de veneraci\u00f3 religiosa cap a una divinitat o figura sagrada.\" tabindex=\"0\">culte<\/span> unificat.<\/p>\t\t\t\t\t\t\t\t<\/div>\n\t\t\t\t<\/div>\n\t\t<div class=\"elementor-element elementor-element-b93f02b e-con-full e-flex e-con e-child\" data-id=\"b93f02b\" data-element_type=\"container\" data-e-type=\"container\">\n\t\t\t\t<div class=\"elementor-element elementor-element-0728b73 elementor-widget elementor-widget-heading\" data-id=\"0728b73\" data-element_type=\"widget\" data-e-type=\"widget\" data-widget_type=\"heading.default\">\n\t\t\t\t\t<h2 class=\"elementor-heading-title elementor-size-default\">Perfil funcional i classificaci\u00f3 des de la ci\u00e8ncia de les religions<\/h2>\t\t\t\t<\/div>\n\t\t\t\t<div class=\"elementor-element elementor-element-4b28d1e elementor-widget elementor-widget-text-editor\" data-id=\"4b28d1e\" data-element_type=\"widget\" data-e-type=\"widget\" data-widget_type=\"text-editor.default\">\n\t\t\t\t\t\t\t\t\t<p>A partir del material documental, Danu es pot descriure sobretot com una deessa de la tribu i del llindar. \u00c9s la mare del llinatge div\u00ed, sense convertir-se ella mateixa en hero\u00efna activa. Aix\u00ed s&#8217;inscriu en una s\u00e8rie amb la Gaia grega, la Terra Mater romana i la Bestla n\u00f2rdica, que constitueixen cadascuna un nus geneal\u00f2gic sense assumir papers narratius principals.<\/p>\n\n<p>La connexi\u00f3 amb l&#8217;aigua, especialment amb fonts i rius, no va ser tractada espec\u00edficament per Geoffrey of Monmouth en les seves adaptacions de material llegendari brit\u00e0nic, per\u00f2 la recepci\u00f3 posterior l&#8217;ha desenvolupat.<\/p><p>Marija Gimbutas va situar Danu, durant la d\u00e8cada de 1970, com a exemple d&#8217;una de\u00eftat mare de la terra preindoeuropea; avui aquesta lectura es considera superada. Els treballs c\u00e8ltics actuals subratllen el rerefons indoeuropeu i la <span class=\"iwg-fachbegriff\" data-tooltip=\"La transmissi\u00f3 de coneixements i relats al llarg de generacions.\" tabindex=\"0\">transmissi\u00f3<\/span> fragment\u00e0ria.<\/p>\t\t\t\t\t\t\t\t<\/div>\n\t\t\t\t<\/div>\n\t\t<div class=\"elementor-element elementor-element-c732946 e-con-full e-flex e-con e-child\" data-id=\"c732946\" data-element_type=\"container\" data-e-type=\"container\">\n\t\t\t\t<div class=\"elementor-element elementor-element-6ca7d6d elementor-widget elementor-widget-heading\" data-id=\"6ca7d6d\" data-element_type=\"widget\" data-e-type=\"widget\" data-widget_type=\"heading.default\">\n\t\t\t\t\t<h2 class=\"elementor-heading-title elementor-size-default\">Recepci\u00f3 en el neopaganisme i la cultura popular<\/h2>\t\t\t\t<\/div>\n\t\t\t\t<div class=\"elementor-element elementor-element-ee9a780 elementor-widget elementor-widget-text-editor\" data-id=\"ee9a780\" data-element_type=\"widget\" data-e-type=\"widget\" data-widget_type=\"text-editor.default\">\n\t\t\t\t\t\t\t\t\t<p>En corrents neopagans i neodru\u00eddics des de finals del segle XX, Danu s&#8217;ha convertit en una figura central, invocada com a mare terra, deessa tribal o font c\u00f2smica.<\/p><p>La reconstrucci\u00f3 es basa m\u00e9s en la imatge d&#8217;una antiga de\u00eftat femenina de la terra dibuixada per investigadors com Marija Gimbutas que en les fonts medievals. Helmut Birkhan ha assenyalat de manera cr\u00edtica en diverses ocasions aquesta dist\u00e0ncia entre les dades documentals i la pr\u00e0ctica de veneraci\u00f3 moderna.<\/p>\n\n<p>En la literatura de fantasia, per exemple en obres de Marion Zimmer Bradley o Juliet Marillier, Danu es converteix en una figura de fons dins d&#8217;una imatge del m\u00f3n c\u00e8ltic amb una base globalment feminista. La investigaci\u00f3 sobre la recepci\u00f3 moderna dels celtes, presentada entre d&#8217;altres per Marion Bowman, classifica aquesta tradici\u00f3 com un moviment religi\u00f3s propi que nom\u00e9s es connecta parcialment amb les religions c\u00e8ltiques hist\u00f2riques.<\/p>\t\t\t\t\t\t\t\t<\/div>\n\t\t\t\t<\/div>\n\t\t<div class=\"elementor-element elementor-element-946a3e5 e-con-full e-flex e-con e-child\" data-id=\"946a3e5\" data-element_type=\"container\" data-e-type=\"container\">\n\t\t\t\t<div class=\"elementor-element elementor-element-0be96cf elementor-widget elementor-widget-heading\" data-id=\"0be96cf\" data-element_type=\"widget\" data-e-type=\"widget\" data-widget_type=\"heading.default\">\n\t\t\t\t\t<h2 class=\"elementor-heading-title elementor-size-default\">Estat de la investigaci\u00f3 i q\u00fcestions obertes<\/h2>\t\t\t\t<\/div>\n\t\t\t\t<div class=\"elementor-element elementor-element-fddb4bc elementor-widget elementor-widget-text-editor\" data-id=\"fddb4bc\" data-element_type=\"widget\" data-e-type=\"widget\" data-widget_type=\"text-editor.default\">\n\t\t\t\t\t\t\t\t\t<p>La q\u00fcesti\u00f3 oberta central continua sent si Danu era una deessa aut\u00f2noma amb un <span class=\"iwg-fachbegriff\" data-tooltip=\"El conjunt d'actes de veneraci\u00f3 religiosa cap a una divinitat o figura sagrada.\" tabindex=\"0\">culte<\/span> actiu o si el seu nom compleix principalment una funci\u00f3 geneal\u00f2gica.<\/p><p>Bernhard Maier, John Carey i Helmut Birkhan defensen la segona lectura i situen el <span class=\"iwg-fachbegriff\" data-tooltip=\"El conjunt d'actes de veneraci\u00f3 religiosa cap a una divinitat o figura sagrada.\" tabindex=\"0\">culte<\/span> actiu m\u00e9s aviat en figures locals com Anu, Brigid o les Matronae. Wolfgang Meid considera que la documentaci\u00f3 \u00e9s tan escassa que no \u00e9s possible arribar a una decisi\u00f3 definitiva.<\/p>\n\n<p>La investigaci\u00f3 arqueol\u00f2gica no ha identificat fins ara de manera inequ\u00edvoca cap santuari que es pugui considerar un <span class=\"iwg-fachbegriff\" data-tooltip=\"Un edifici destinat a la veneraci\u00f3 d'una o diverses divinitats.\" tabindex=\"0\">temple<\/span> de Danu. Tampoc hi ha inscripcions que mencionin el seu nom.<\/p><p>La discussi\u00f3 es mant\u00e9, doncs, dins del text mateix i es basa en poques refer\u00e8ncies medievals, el valor hist\u00f2ric de les quals per a la hist\u00f2ria religiosa precristiana \u00e9s controvertit. Per a la hist\u00f2ria de la recepci\u00f3, en canvi, Danu \u00e9s una figura extraordin\u00e0riament productiva, que continua exercint influ\u00e8ncia entre la investigaci\u00f3, la tradici\u00f3 popular i el neopaganisme modern fins avui.<\/p>\t\t\t\t\t\t\t\t<\/div>\n\t\t\t\t<\/div>\n\t\t<div class=\"elementor-element elementor-element-02749a1 e-con-full e-flex e-con e-child\" data-id=\"02749a1\" data-element_type=\"container\" data-e-type=\"container\">\n\t\t\t\t<div class=\"elementor-element elementor-element-33ee40a elementor-widget elementor-widget-heading\" data-id=\"33ee40a\" data-element_type=\"widget\" data-e-type=\"widget\" data-widget_type=\"heading.default\">\n\t\t\t\t\t<h2 class=\"elementor-heading-title elementor-size-default\">Mitologia comparada indoeuropea<\/h2>\t\t\t\t<\/div>\n\t\t\t\t<div class=\"elementor-element elementor-element-3b3f7cb elementor-widget elementor-widget-text-editor\" data-id=\"3b3f7cb\" data-element_type=\"widget\" data-e-type=\"widget\" data-widget_type=\"text-editor.default\">\n\t\t\t\t\t\t\t\t\t<p>La mitologia comparada indoeuropea ha relacionat repetidament Danu amb altres deesses tribals de tradicions afins. Al Rigveda apareix una deessa D\u0101nu, el fill de la qual, Vritra, mor en el combat c\u00f2smic amb el drac contra Indra. Aqu\u00ed, per\u00f2, D\u0101nu no \u00e9s una mare tribal dels d\u00e9us, sin\u00f3 una mare dels Asuras, un grup enemic.<\/p><p>El paral\u00b7lelisme es queda, doncs, en el nivell del nom. Calvert Watkins va reconstruir a \u00abHow to Kill a Dragon\u00bb (1995) el tipus del combat amb el drac des d&#8217;una perspectiva indoeuropea, sense situar-hi la Danu irlandesa dins d&#8217;aquesta l\u00ednia. No \u00e9s possible establir una correspond\u00e8ncia funcional directa.<\/p>\n\n<p>Dins de les de\u00eftats aqu\u00e0tiques indoeuropees es poden assenyalar relacions estructurals amb la Mokosch eslava, la \u017demyna b\u00e0ltica i la Nerthus germ\u00e0nica, tal com ha desenvolupat Anna-Birgitta Rooth en treballs comparatius.<\/p><p>La connexi\u00f3 amb la font que flueix, amb la mare lligada a la terra i amb la de\u00eftat aqu\u00e0tica c\u00f2smica t\u00e9 un pes diferent en cada un d&#8217;aquests casos, de manera que nom\u00e9s es pot parlar d&#8217;una \u00abGran Deessa\u00bb unificada com a construcci\u00f3 de la investigaci\u00f3.<\/p><p>Els treballs actuals sobre la hist\u00f2ria religiosa indoeuropea, com el de Martin L. West (\u00abIndo-European Poetry and Myth\u00bb, 2007), consideren Danu una figura plausible, per\u00f2 amb una base reconstructiva feble.<\/p>\t\t\t\t\t\t\t\t<\/div>\n\t\t\t\t<\/div>\n\t\t<div class=\"elementor-element elementor-element-2e1207b e-con-full e-flex e-con e-child\" data-id=\"2e1207b\" data-element_type=\"container\" data-e-type=\"container\">\n\t\t\t\t<div class=\"elementor-element elementor-element-866bcd0 elementor-widget elementor-widget-heading\" data-id=\"866bcd0\" data-element_type=\"widget\" data-e-type=\"widget\" data-widget_type=\"heading.default\">\n\t\t\t\t\t<h2 class=\"elementor-heading-title elementor-size-default\">Indicis arqueol\u00f2gics<\/h2>\t\t\t\t<\/div>\n\t\t\t\t<div class=\"elementor-element elementor-element-6f247cd elementor-widget elementor-widget-text-editor\" data-id=\"6f247cd\" data-element_type=\"widget\" data-e-type=\"widget\" data-widget_type=\"text-editor.default\">\n\t\t\t\t\t\t\t\t\t<p>La investigaci\u00f3 arqueol\u00f2gica a Irlanda no ha identificat fins ara santuaris inequ\u00edvocs que es puguin vincular a Danu. Els \u00abDa Ch\u00edch Anann\u00bb, els caracter\u00edstics turons bessons de Kerry, s\u00f3n identificables com a monument paisatg\u00edstic, per\u00f2 porten el nom d&#8217;Anu, no de Danu.<\/p><p>La investigaci\u00f3 de Ronald Hutton (\u00abThe <span class=\"iwg-fachbegriff\" data-tooltip=\"Sin\u00f2nim de pag\u00e0; que pertany a una religi\u00f3 preconsuana.\" tabindex=\"0\">Pagan<\/span> Religions of the Ancient British Isles\u00bb, 1991) subratlla que les fonts per a la religi\u00f3 irlandesa preconsuana s\u00f3n arqueol\u00f2gicament escasses i que la informaci\u00f3 m\u00e9s important prov\u00e9 de textos medievals redactats per monjos cristians.<\/p>\n\n<p>Les proves epigr\u00e0fiques manquen quasi completament per a Irlanda, perqu\u00e8 el sistema d&#8217;escriptura og\u00e0mica es va usar gaireb\u00e9 exclusivament per a noms personals.<\/p><p>Al continent, algunes inscripcions relacionades amb fonts contenen refer\u00e8ncies teon\u00edmiques a divinitats de l&#8217;aigua i de les fonts que la investigaci\u00f3 moderna a vegades relaciona amb Danu, sense que sigui possible una lectura inequ\u00edvoca. Aix\u00ed, Danu continua sent principalment una figura transmesa per via textual, les petjades materials de la qual s\u00f3n reconstructives i indirectes.<\/p>\t\t\t\t\t\t\t\t<\/div>\n\t\t\t\t<\/div>\n\t\t<div class=\"elementor-element elementor-element-fa58d34 e-con-full e-flex e-con e-child\" data-id=\"fa58d34\" data-element_type=\"container\" data-e-type=\"container\">\n\t\t\t\t<div class=\"elementor-element elementor-element-aaf6c1e elementor-widget elementor-widget-heading\" data-id=\"aaf6c1e\" data-element_type=\"widget\" data-e-type=\"widget\" data-widget_type=\"heading.default\">\n\t\t\t\t\t<h2 class=\"elementor-heading-title elementor-size-default\">Hidron\u00edmia i l'her\u00e8ncia indoeuropea de l'aigua<\/h2>\t\t\t\t<\/div>\n\t\t\t\t<div class=\"elementor-element elementor-element-17c9292 elementor-widget elementor-widget-text-editor\" data-id=\"17c9292\" data-element_type=\"widget\" data-e-type=\"widget\" data-widget_type=\"text-editor.default\">\n\t\t\t\t\t\t\t\t\t<p>La relaci\u00f3 etimol\u00f2gica de Danu amb el mot indoeuropeu de l&#8217;aigua *deh\u2082-nu- \u00abcorrent, aigua fluvial\u00bb va ser tractada sistem\u00e0ticament per Julius Pokorny en el seu \u00abIndogermanisches etymologisches W\u00f6rterbuch\u00bb (1959, entrada \u00ab*d\u0101-nu-\u00bb).<\/p><ul><li>Els noms de riu derivats s&#8217;estenen des de l&#8217;oest c\u00e8ltic per tota l&#8217;\u00e0rea de difusi\u00f3 indoeuropea: Danubi (llat\u00ed Danuvius en C\u00e8sar, \u00abDe bello Gallico\u00bb VI 25).<\/li><li>Don, Dni\u00e8per (antic Borysthenes, m\u00e9s tard Danapris).<\/li><li>Dni\u00e8ster (Danastris).<\/li><li>el Dheune al nord de Fran\u00e7a, el Garona al sud-oest de Fran\u00e7a amb el seu afluent Save, i a l&#8217;\u00cdndia la deessa v\u00e8dica de l&#8217;aigua D\u0101nu, mare de Vritra en el \u00abRigveda\u00bb I 32. Patrice Lajoye ha argumentat, en \u00abL&#8217;arbre du monde\u00bb (2016) i en els seus articles sobre <span class=\"iwg-fachbegriff\" data-tooltip=\"La ci\u00e8ncia que estudia les religions de manera comparativa i sense comprom\u00eds de fe.\" tabindex=\"0\">ci\u00e8ncia de les religions<\/span> indoeuropea, que aquest conjunt de noms no \u00e9s casual, sin\u00f3 que remet a un estrat arcaic de numina femenins de l&#8217;aigua i del corrent que va romandre productiu de manera cont\u00ednua en el c\u00e8ltic, l&#8217;indoirani\u00e0 i l&#8217;escita.<\/li><\/ul>\n<p>Wolfgang Meid, en canvi, havia advertit a \u00abDie Religion der Kelten\u00bb (Innsbruck 1991, 2a ed. 2007) sobre la prud\u00e8ncia metodol\u00f2gica amb qu\u00e8 cal equiparar directament la mare fundadora insular c\u00e8ltica amb el nom fluvial continental.<\/p><p>Bernhard Maier segueix aquesta l\u00ednia en la segona edici\u00f3 de la seva \u00abReligion der Kelten\u00bb (Munic 2012) i distingeix entre un parentiu etimol\u00f2gicament plausible per\u00f2 no necess\u00e0riament concloent des del punt de vista de la hist\u00f2ria de les religions.<\/p><p>Joseph Falaky Nagy ha afegit al \u00abCambridge Companion to the Celts\u00bb (2015) que els erudits irlandesos medievals mateixos no intenten en cap moment vincular Danu amb els cursos fluvials europeus; la connexi\u00f3 seria una construcci\u00f3 de la indoeurope\u00edstica comparada dels segles XIX i XX.<\/p>\t\t\t\t\t\t\t\t<\/div>\n\t\t\t\t<\/div>\n\t\t<div class=\"elementor-element elementor-element-b184dfd e-con-full e-flex e-con e-child\" data-id=\"b184dfd\" data-element_type=\"container\" data-e-type=\"container\">\n\t\t\t\t<div class=\"elementor-element elementor-element-60c401a elementor-widget elementor-widget-heading\" data-id=\"60c401a\" data-element_type=\"widget\" data-e-type=\"widget\" data-widget_type=\"heading.default\">\n\t\t\t\t\t<h2 class=\"elementor-heading-title elementor-size-default\">Recepci\u00f3 medieval en l'anal\u00b7l\u00edstica irlandesa<\/h2>\t\t\t\t<\/div>\n\t\t\t\t<div class=\"elementor-element elementor-element-a81572a elementor-widget elementor-widget-text-editor\" data-id=\"a81572a\" data-element_type=\"widget\" data-e-type=\"widget\" data-widget_type=\"text-editor.default\">\n\t\t\t\t\t\t\t\t\t<p>A m\u00e9s del \u00abLebor Gab\u00e1la \u00c9renn\u00bb, Danu apareix en la tradici\u00f3 anal\u00b7l\u00edstica irlandesa nom\u00e9s indirectament.<\/p><p>En els \u00abAnnala Rioghachta Eireann\u00bb (\u00abAnals del regne d&#8217;Irlanda\u00bb, compilats entre 1632 i 1636 pels Quatre Mestres al voltant de M\u00edche\u00e1l \u00d3 Cl\u00e9irigh), els Tuatha D\u00e9 Danann apareixen com una poblaci\u00f3 preexistent historiada, la mare fundadora de la qual s&#8217;anomena Danann, sense que es transmetin episodis propis.<\/p><p>Tamb\u00e9 els \u00abDindshenchas \u00c9renn\u00bb, les tradicions m\u00e8triques i en prosa dels noms de lloc dels manuscrits \u00abRennes\u00bb, \u00abBodleian\u00bb i \u00abBook of Lecan\u00bb, es limiten a assenyalar que la parella de muntanyes anomenades \u00abDa Ch\u00edch Anann\u00bb a Kerry porten el nom de la deessa.<\/p><p>John Carey ha mostrat, tant al volum col\u00b7lectiu \u00abThe Land of Promise\u00bb (Aberystwyth 2018) com a \u00abA New Introduction to the Lebor Gab\u00e1la\u00bb (Irish Texts Society 1993), que aquestes anotacions s\u00f3n restes de l\u00ednies de tradici\u00f3 m\u00e9s antigues que van ser fortament abreujades en la redacci\u00f3 cristiana.<\/p>\n<p>Una troballa metodol\u00f2gicament important es dona al \u00abSanas Cormaic\u00bb, el glossari del bisbe Cormac mac Cuilenn\u00e1in de Cashel (mort el 908), que glossa Anu com \u00abmare dels d\u00e9us irlandesos\u00bb. Whitley Stokes ja va assenyalar en la seva edici\u00f3 (Calcuta 1868) que la glossa de Cormac constitueix la prova datable m\u00e9s antiga de la funci\u00f3 d&#8217;Anu\/Danu com a mare fundadora divina.<\/p><p>Proinsias Mac Cana, en \u00abCeltic Mythology\u00bb (Londres 1970), dona suport a la lectura segons la qual el glossari reflecteix la tradici\u00f3 oral dels segles VIII i IX i, per tant, permet accedir al complex dels Tuatha D\u00e9 Danann en la seva fase liter\u00e0ria primerenca.<\/p>\t\t\t\t\t\t\t\t<\/div>\n\t\t\t\t<\/div>\n\t\t<div class=\"elementor-element elementor-element-dbc0306 e-con-full e-flex e-con e-child\" data-id=\"dbc0306\" data-element_type=\"container\" data-e-type=\"container\">\n\t\t\t\t<div class=\"elementor-element elementor-element-581a54c elementor-widget elementor-widget-heading\" data-id=\"581a54c\" data-element_type=\"widget\" data-e-type=\"widget\" data-widget_type=\"heading.default\">\n\t\t\t\t\t<h2 class=\"elementor-heading-title elementor-size-default\">Parentiu amb Brigid i la s\u00edntesi cristiana<\/h2>\t\t\t\t<\/div>\n\t\t\t\t<div class=\"elementor-element elementor-element-ae9f1dc elementor-widget elementor-widget-text-editor\" data-id=\"ae9f1dc\" data-element_type=\"widget\" data-e-type=\"widget\" data-widget_type=\"text-editor.default\">\n\t\t\t\t\t\t\t\t\t<p>Una de les l\u00ednies de recepci\u00f3 m\u00e9s importants porta de Danu a Brigid, la filla del Dagda, que ella mateixa era venerada com a deessa de la poesia, la medicina i l&#8217;ofici de ferrer. En la <span class=\"iwg-fachbegriff\" data-tooltip=\"La religiositat viscuda en el dia a dia, sovint al costat de la doctrina oficial.\" tabindex=\"0\">pietat popular<\/span> irlandesa, la Brigid pagana es va fondre amb la santa Brigida de Kildare (morta cap al 525), la fundaci\u00f3 mon\u00e0stica de la qual esdevingu\u00e9 un dels centres espirituals m\u00e9s importants d&#8217;Irlanda.<\/p><p>Bernhard Maier assenyala que la transfer\u00e8ncia de funcions d&#8217;una deessa mare i de la llum a la santa cristiana pot considerar-se un exemple t\u00edpic d&#8217;\u00abaculturaci\u00f3 religiosa\u00bb. Tot i aix\u00f2, rebutja una identificaci\u00f3 directa de Danu amb Brigid.<\/p>\n\n<p>En la tradici\u00f3 gal\u00b7lesa hi ha una transici\u00f3 similar en la figura de santa Non, mare de sant David, venerada a Gal\u00b7les en santuaris de fonts que anteriorment estaven vinculats a divinitats locals femenines.<\/p><p>Tamb\u00e9 aqu\u00ed es compleix que la l\u00ednia no porta directament a Don o a Danu, sin\u00f3 que testimonia una pr\u00e0ctica generalitzada de traspassar numina femenins d&#8217;aig\u00fces sagrades al culte cristi\u00e0 als sants. John Carey i Miranda Aldhouse-Green han interpretat aquestes transicions com una estrat\u00e8gia sistem\u00e0tica de l&#8217;erudici\u00f3 mon\u00e0stica irlandesa i gal\u00b7lesa.<\/p>\t\t\t\t\t\t\t\t<\/div>\n\t\t\t\t<\/div>\n\t\t\t\t\t<\/div>\n\t\t\t\t<\/div>\n\t\t\t\t<\/div>\n\t\t","protected":false},"excerpt":{"rendered":"","protected":false},"author":3,"featured_media":3241,"parent":0,"menu_order":0,"comment_status":"closed","ping_status":"closed","template":"elementor_header_footer","meta":{"_yoast_wpseo_focuskw":"Danu","_yoast_wpseo_title":"Danu \u2013 Deessa mare dels Tuatha D\u00e9 Danann | iWell Guard","_yoast_wpseo_metadesc":"Danu \u00e9s la deessa mare c\u00e8ltica i mare fundadora dels Tuatha D\u00e9 Danann, el llinatge div\u00ed d'Irlanda. Etimologia del Danubi, mite i significat.","_yoast_wpseo_meta-robots-noindex":"","_yoast_wpseo_canonical":"","_angie_page":false,"gefaehrdungsstufe":"","wesen_kultur":"","wesen_klasse":"","footnotes":""},"categories":[],"class_list":["post-171856","page","type-page","status-publish","has-post-thumbnail","hentry"],"yoast_head":"<!-- This site is optimized with the Yoast SEO Premium plugin v27.7 (Yoast SEO v28.3) - https:\/\/yoast.com\/product\/yoast-seo-premium-wordpress\/ -->\n<title>Danu \u2013 Deessa mare dels Tuatha D\u00e9 Danann | iWell Guard<\/title>\n<meta name=\"description\" content=\"Danu \u00e9s la deessa mare c\u00e8ltica i mare fundadora dels Tuatha D\u00e9 Danann, el llinatge div\u00ed d&#039;Irlanda. Etimologia del Danubi, mite i significat.\" \/>\n<meta name=\"robots\" content=\"index, follow, max-snippet:-1, max-image-preview:large, max-video-preview:-1\" \/>\n<link rel=\"canonical\" href=\"https:\/\/iwell-guard.com\/ca\/danu\/\" \/>\n<meta property=\"og:locale\" content=\"ca_ES\" \/>\n<meta property=\"og:type\" content=\"article\" \/>\n<meta property=\"og:title\" content=\"Danu\" \/>\n<meta property=\"og:description\" content=\"Danu \u00e9s la deessa mare c\u00e8ltica i mare fundadora dels Tuatha D\u00e9 Danann, el llinatge div\u00ed d&#039;Irlanda. Etimologia del Danubi, mite i significat.\" \/>\n<meta property=\"og:url\" content=\"https:\/\/iwell-guard.com\/ca\/danu\/\" \/>\n<meta property=\"og:site_name\" content=\"iWell Guard\" \/>\n<meta property=\"article:modified_time\" content=\"2026-09-05T16:08:58+00:00\" \/>\n<meta property=\"og:image\" content=\"https:\/\/iwell-guard.com\/wp-content\/uploads\/2026\/05\/goetter_keltisch_danu.webp\" \/>\n\t<meta property=\"og:image:width\" content=\"1024\" \/>\n\t<meta property=\"og:image:height\" content=\"1536\" \/>\n\t<meta property=\"og:image:type\" content=\"image\/webp\" \/>\n<meta name=\"twitter:card\" content=\"summary_large_image\" \/>\n<script type=\"application\/ld+json\" class=\"yoast-schema-graph\">{\"@context\":\"https:\\\/\\\/schema.org\",\"@graph\":[{\"@type\":\"WebPage\",\"@id\":\"https:\\\/\\\/iwell-guard.com\\\/ca\\\/danu\\\/\",\"url\":\"https:\\\/\\\/iwell-guard.com\\\/ca\\\/danu\\\/\",\"name\":\"Danu \u2013 Deessa mare dels Tuatha D\u00e9 Danann | iWell Guard\",\"isPartOf\":{\"@id\":\"https:\\\/\\\/iwell-guard.com\\\/ca\\\/#website\"},\"primaryImageOfPage\":{\"@id\":\"https:\\\/\\\/iwell-guard.com\\\/ca\\\/danu\\\/#primaryimage\"},\"image\":{\"@id\":\"https:\\\/\\\/iwell-guard.com\\\/ca\\\/danu\\\/#primaryimage\"},\"thumbnailUrl\":\"https:\\\/\\\/iwell-guard.com\\\/wp-content\\\/uploads\\\/2026\\\/05\\\/goetter_keltisch_danu.webp\",\"datePublished\":\"2026-09-05T15:43:02+00:00\",\"dateModified\":\"2026-09-05T16:08:58+00:00\",\"description\":\"Danu \u00e9s la deessa mare c\u00e8ltica i mare fundadora dels Tuatha D\u00e9 Danann, el llinatge div\u00ed d'Irlanda. Etimologia del Danubi, mite i significat.\",\"breadcrumb\":{\"@id\":\"https:\\\/\\\/iwell-guard.com\\\/ca\\\/danu\\\/#breadcrumb\"},\"inLanguage\":\"ca\",\"potentialAction\":[{\"@type\":\"ReadAction\",\"target\":[\"https:\\\/\\\/iwell-guard.com\\\/ca\\\/danu\\\/\"]}]},{\"@type\":\"ImageObject\",\"inLanguage\":\"ca\",\"@id\":\"https:\\\/\\\/iwell-guard.com\\\/ca\\\/danu\\\/#primaryimage\",\"url\":\"https:\\\/\\\/iwell-guard.com\\\/wp-content\\\/uploads\\\/2026\\\/05\\\/goetter_keltisch_danu.webp\",\"contentUrl\":\"https:\\\/\\\/iwell-guard.com\\\/wp-content\\\/uploads\\\/2026\\\/05\\\/goetter_keltisch_danu.webp\",\"width\":1024,\"height\":1536,\"caption\":\"D\u00e9us de la tradici\u00f3 c\u00e8ltica.\"},{\"@type\":\"BreadcrumbList\",\"@id\":\"https:\\\/\\\/iwell-guard.com\\\/ca\\\/danu\\\/#breadcrumb\",\"itemListElement\":[{\"@type\":\"ListItem\",\"position\":1,\"name\":\"Start\",\"item\":\"https:\\\/\\\/iwell-guard.com\\\/ca\\\/?page_id=171333\"},{\"@type\":\"ListItem\",\"position\":2,\"name\":\"Danu\"}]},{\"@type\":\"WebSite\",\"@id\":\"https:\\\/\\\/iwell-guard.com\\\/ca\\\/#website\",\"url\":\"https:\\\/\\\/iwell-guard.com\\\/ca\\\/\",\"name\":\"iWell Guard\",\"description\":\"Schutz vor dunklen Einfl\u00fcssen\",\"publisher\":{\"@id\":\"https:\\\/\\\/iwell-guard.com\\\/ca\\\/#organization\"},\"potentialAction\":[{\"@type\":\"SearchAction\",\"target\":{\"@type\":\"EntryPoint\",\"urlTemplate\":\"https:\\\/\\\/iwell-guard.com\\\/ca\\\/?s={search_term_string}\"},\"query-input\":{\"@type\":\"PropertyValueSpecification\",\"valueRequired\":true,\"valueName\":\"search_term_string\"}}],\"inLanguage\":\"ca\"},{\"@type\":\"Organization\",\"@id\":\"https:\\\/\\\/iwell-guard.com\\\/ca\\\/#organization\",\"name\":\"Ittermann electronic GmbH\",\"url\":\"https:\\\/\\\/iwell-guard.com\\\/ca\\\/\",\"logo\":{\"@type\":\"ImageObject\",\"inLanguage\":\"ca\",\"@id\":\"https:\\\/\\\/iwell-guard.com\\\/ca\\\/#\\\/schema\\\/logo\\\/image\\\/\",\"url\":\"https:\\\/\\\/iwell-guard.com\\\/wp-content\\\/uploads\\\/2026\\\/05\\\/Ittermann-Logo-1182x237-1.png\",\"contentUrl\":\"https:\\\/\\\/iwell-guard.com\\\/wp-content\\\/uploads\\\/2026\\\/05\\\/Ittermann-Logo-1182x237-1.png\",\"width\":1182,\"height\":237,\"caption\":\"Ittermann electronic GmbH\"},\"image\":{\"@id\":\"https:\\\/\\\/iwell-guard.com\\\/ca\\\/#\\\/schema\\\/logo\\\/image\\\/\"},\"sameAs\":[\"https:\\\/\\\/pantip.com\\\/profile\\\/9367242\",\"https:\\\/\\\/micro.blog\\\/iwellguard\",\"https:\\\/\\\/www.diggerslist.com\\\/iwellguard\\\/about\",\"https:\\\/\\\/skitterphoto.com\\\/photographers\\\/2870314\\\/iwell-guard\",\"https:\\\/\\\/iwellguard.wordpress.com\\\/2026\\\/06\\\/06\\\/iwell-guard\\\/\",\"https:\\\/\\\/hub.docker.com\\\/u\\\/iwellguard\",\"https:\\\/\\\/www.pinterest.com\\\/iwellguard\\\/\",\"https:\\\/\\\/bit.ly\\\/m\\\/iwellguard\",\"https:\\\/\\\/entre-vos-mains.alsace.eu\\\/profiles\\\/iwellguard\\\/activity\",\"https:\\\/\\\/gravatar.com\\\/reallybeded8fd34\",\"https:\\\/\\\/naijamatta.com\\\/iwellguard\",\"https:\\\/\\\/www.goodreads.com\\\/iwellguard\",\"https:\\\/\\\/profile.hatena.ne.jp\\\/iwellguard\\\/\",\"https:\\\/\\\/experiment.com\\\/users\\\/iwellguard\",\"https:\\\/\\\/wakelet.com\\\/@iWellGuard82270\",\"https:\\\/\\\/www.chordie.com\\\/forum\\\/profile.php?id=2555664\",\"https:\\\/\\\/www.instapaper.com\\\/p\\\/17757966\",\"https:\\\/\\\/www.mapleprimes.com\\\/users\\\/iwellguard\",\"https:\\\/\\\/businesslistingplus.com\\\/profile\\\/iwell-guard\\\/\",\"https:\\\/\\\/telegra.ph\\\/iWell-Guard-06-06\",\"https:\\\/\\\/pbase.com\\\/iwellguard\\\/iwellguard\",\"https:\\\/\\\/b.hatena.ne.jp\\\/iwellguard\\\/20260607#bookmark-4788405196491818882\",\"https:\\\/\\\/fliphtml5.com\\\/home\\\/iwellguard\",\"https:\\\/\\\/anyflip.com\\\/homepage\\\/cmiwl#About\",\"https:\\\/\\\/transfur.com\\\/Users\\\/iwellguard\",\"http:\\\/\\\/delphi.larsbo.org\\\/user\\\/iwellguard\",\"https:\\\/\\\/jobs.lajobsportal.org\\\/profiles\\\/8380803-iwell-guard\",\"https:\\\/\\\/md.chaosdorf.de\\\/s\\\/jfbe5SBdJD\",\"https:\\\/\\\/www.lingvolive.com\\\/en-us\\\/profile\\\/9ecaeaca-ce11-4e51-9e71-01d55e2bff36\\\/translations\",\"https:\\\/\\\/www.fitday.com\\\/fitness\\\/forums\\\/members\\\/iwellguard.html\",\"https:\\\/\\\/www.mymeetbook.com\\\/iwellguard\",\"https:\\\/\\\/pxhere.com\\\/en\\\/photographer-me\\\/5040798\",\"https:\\\/\\\/disqus.com\\\/by\\\/iwellguard\\\/about\\\/\",\"https:\\\/\\\/pastelink.net\\\/hjwciqwq\",\"https:\\\/\\\/pubhtml5.com\\\/homepage\\\/scjhn\\\/\",\"https:\\\/\\\/www.bitchute.com\\\/channel\\\/2O2eOKzNqujT\",\"https:\\\/\\\/audiomack.com\\\/iwellguard\"]}]}<\/script>\n<!-- \/ Yoast SEO Premium plugin. -->","yoast_head_json":{"title":"Danu \u2013 Deessa mare dels Tuatha D\u00e9 Danann | iWell Guard","description":"Danu \u00e9s la deessa mare c\u00e8ltica i mare fundadora dels Tuatha D\u00e9 Danann, el llinatge div\u00ed d'Irlanda. Etimologia del Danubi, mite i significat.","robots":{"index":"index","follow":"follow","max-snippet":"max-snippet:-1","max-image-preview":"max-image-preview:large","max-video-preview":"max-video-preview:-1"},"canonical":"https:\/\/iwell-guard.com\/ca\/danu\/","og_locale":"ca_ES","og_type":"article","og_title":"Danu","og_description":"Danu \u00e9s la deessa mare c\u00e8ltica i mare fundadora dels Tuatha D\u00e9 Danann, el llinatge div\u00ed d'Irlanda. Etimologia del Danubi, mite i significat.","og_url":"https:\/\/iwell-guard.com\/ca\/danu\/","og_site_name":"iWell Guard","article_modified_time":"2026-09-05T16:08:58+00:00","og_image":[{"width":1024,"height":1536,"url":"https:\/\/iwell-guard.com\/wp-content\/uploads\/2026\/05\/goetter_keltisch_danu.webp","type":"image\/webp"}],"twitter_card":"summary_large_image","schema":{"@context":"https:\/\/schema.org","@graph":[{"@type":"WebPage","@id":"https:\/\/iwell-guard.com\/ca\/danu\/","url":"https:\/\/iwell-guard.com\/ca\/danu\/","name":"Danu \u2013 Deessa mare dels Tuatha D\u00e9 Danann | iWell Guard","isPartOf":{"@id":"https:\/\/iwell-guard.com\/ca\/#website"},"primaryImageOfPage":{"@id":"https:\/\/iwell-guard.com\/ca\/danu\/#primaryimage"},"image":{"@id":"https:\/\/iwell-guard.com\/ca\/danu\/#primaryimage"},"thumbnailUrl":"https:\/\/iwell-guard.com\/wp-content\/uploads\/2026\/05\/goetter_keltisch_danu.webp","datePublished":"2026-09-05T15:43:02+00:00","dateModified":"2026-09-05T16:08:58+00:00","description":"Danu \u00e9s la deessa mare c\u00e8ltica i mare fundadora dels Tuatha D\u00e9 Danann, el llinatge div\u00ed d'Irlanda. Etimologia del Danubi, mite i significat.","breadcrumb":{"@id":"https:\/\/iwell-guard.com\/ca\/danu\/#breadcrumb"},"inLanguage":"ca","potentialAction":[{"@type":"ReadAction","target":["https:\/\/iwell-guard.com\/ca\/danu\/"]}]},{"@type":"ImageObject","inLanguage":"ca","@id":"https:\/\/iwell-guard.com\/ca\/danu\/#primaryimage","url":"https:\/\/iwell-guard.com\/wp-content\/uploads\/2026\/05\/goetter_keltisch_danu.webp","contentUrl":"https:\/\/iwell-guard.com\/wp-content\/uploads\/2026\/05\/goetter_keltisch_danu.webp","width":1024,"height":1536,"caption":"D\u00e9us de la tradici\u00f3 c\u00e8ltica."},{"@type":"BreadcrumbList","@id":"https:\/\/iwell-guard.com\/ca\/danu\/#breadcrumb","itemListElement":[{"@type":"ListItem","position":1,"name":"Start","item":"https:\/\/iwell-guard.com\/ca\/?page_id=171333"},{"@type":"ListItem","position":2,"name":"Danu"}]},{"@type":"WebSite","@id":"https:\/\/iwell-guard.com\/ca\/#website","url":"https:\/\/iwell-guard.com\/ca\/","name":"iWell Guard","description":"Schutz vor dunklen Einfl\u00fcssen","publisher":{"@id":"https:\/\/iwell-guard.com\/ca\/#organization"},"potentialAction":[{"@type":"SearchAction","target":{"@type":"EntryPoint","urlTemplate":"https:\/\/iwell-guard.com\/ca\/?s={search_term_string}"},"query-input":{"@type":"PropertyValueSpecification","valueRequired":true,"valueName":"search_term_string"}}],"inLanguage":"ca"},{"@type":"Organization","@id":"https:\/\/iwell-guard.com\/ca\/#organization","name":"Ittermann electronic GmbH","url":"https:\/\/iwell-guard.com\/ca\/","logo":{"@type":"ImageObject","inLanguage":"ca","@id":"https:\/\/iwell-guard.com\/ca\/#\/schema\/logo\/image\/","url":"https:\/\/iwell-guard.com\/wp-content\/uploads\/2026\/05\/Ittermann-Logo-1182x237-1.png","contentUrl":"https:\/\/iwell-guard.com\/wp-content\/uploads\/2026\/05\/Ittermann-Logo-1182x237-1.png","width":1182,"height":237,"caption":"Ittermann electronic GmbH"},"image":{"@id":"https:\/\/iwell-guard.com\/ca\/#\/schema\/logo\/image\/"},"sameAs":["https:\/\/pantip.com\/profile\/9367242","https:\/\/micro.blog\/iwellguard","https:\/\/www.diggerslist.com\/iwellguard\/about","https:\/\/skitterphoto.com\/photographers\/2870314\/iwell-guard","https:\/\/iwellguard.wordpress.com\/2026\/06\/06\/iwell-guard\/","https:\/\/hub.docker.com\/u\/iwellguard","https:\/\/www.pinterest.com\/iwellguard\/","https:\/\/bit.ly\/m\/iwellguard","https:\/\/entre-vos-mains.alsace.eu\/profiles\/iwellguard\/activity","https:\/\/gravatar.com\/reallybeded8fd34","https:\/\/naijamatta.com\/iwellguard","https:\/\/www.goodreads.com\/iwellguard","https:\/\/profile.hatena.ne.jp\/iwellguard\/","https:\/\/experiment.com\/users\/iwellguard","https:\/\/wakelet.com\/@iWellGuard82270","https:\/\/www.chordie.com\/forum\/profile.php?id=2555664","https:\/\/www.instapaper.com\/p\/17757966","https:\/\/www.mapleprimes.com\/users\/iwellguard","https:\/\/businesslistingplus.com\/profile\/iwell-guard\/","https:\/\/telegra.ph\/iWell-Guard-06-06","https:\/\/pbase.com\/iwellguard\/iwellguard","https:\/\/b.hatena.ne.jp\/iwellguard\/20260607#bookmark-4788405196491818882","https:\/\/fliphtml5.com\/home\/iwellguard","https:\/\/anyflip.com\/homepage\/cmiwl#About","https:\/\/transfur.com\/Users\/iwellguard","http:\/\/delphi.larsbo.org\/user\/iwellguard","https:\/\/jobs.lajobsportal.org\/profiles\/8380803-iwell-guard","https:\/\/md.chaosdorf.de\/s\/jfbe5SBdJD","https:\/\/www.lingvolive.com\/en-us\/profile\/9ecaeaca-ce11-4e51-9e71-01d55e2bff36\/translations","https:\/\/www.fitday.com\/fitness\/forums\/members\/iwellguard.html","https:\/\/www.mymeetbook.com\/iwellguard","https:\/\/pxhere.com\/en\/photographer-me\/5040798","https:\/\/disqus.com\/by\/iwellguard\/about\/","https:\/\/pastelink.net\/hjwciqwq","https:\/\/pubhtml5.com\/homepage\/scjhn\/","https:\/\/www.bitchute.com\/channel\/2O2eOKzNqujT","https:\/\/audiomack.com\/iwellguard"]}]}},"_links":{"self":[{"href":"https:\/\/iwell-guard.com\/ca\/wp-json\/wp\/v2\/pages\/171856","targetHints":{"allow":["GET"]}}],"collection":[{"href":"https:\/\/iwell-guard.com\/ca\/wp-json\/wp\/v2\/pages"}],"about":[{"href":"https:\/\/iwell-guard.com\/ca\/wp-json\/wp\/v2\/types\/page"}],"author":[{"embeddable":true,"href":"https:\/\/iwell-guard.com\/ca\/wp-json\/wp\/v2\/users\/3"}],"replies":[{"embeddable":true,"href":"https:\/\/iwell-guard.com\/ca\/wp-json\/wp\/v2\/comments?post=171856"}],"version-history":[{"count":0,"href":"https:\/\/iwell-guard.com\/ca\/wp-json\/wp\/v2\/pages\/171856\/revisions"}],"wp:featuredmedia":[{"embeddable":true,"href":"https:\/\/iwell-guard.com\/ca\/wp-json\/wp\/v2\/media\/3241"}],"wp:attachment":[{"href":"https:\/\/iwell-guard.com\/ca\/wp-json\/wp\/v2\/media?parent=171856"}],"wp:term":[{"taxonomy":"category","embeddable":true,"href":"https:\/\/iwell-guard.com\/ca\/wp-json\/wp\/v2\/categories?post=171856"}],"curies":[{"name":"wp","href":"https:\/\/api.w.org\/{rel}","templated":true}]}}