{"id":171848,"date":"2026-09-05T15:42:57","date_gmt":"2026-09-05T15:42:57","guid":{"rendered":"https:\/\/iwell-guard.com\/?page_id=171848"},"modified":"2026-09-05T16:08:44","modified_gmt":"2026-09-05T16:08:44","slug":"tara","status":"publish","type":"page","link":"https:\/\/iwell-guard.com\/ca\/tara\/","title":{"rendered":"Tara"},"content":{"rendered":"\t\t<div data-elementor-type=\"wp-page\" data-elementor-id=\"171848\" class=\"elementor elementor-171848 elementor-3036 elementor-bc-flex-widget\" data-elementor-post-type=\"page\">\n\t\t\t\t<div class=\"elementor-element elementor-element-ac84f4f e-flex e-con-boxed e-con e-parent\" data-id=\"ac84f4f\" data-element_type=\"container\" data-e-type=\"container\" data-settings=\"{&quot;background_background&quot;:&quot;classic&quot;}\">\n\t\t\t\t\t<div class=\"e-con-inner\">\n\t\t<div class=\"elementor-element elementor-element-278c97d e-flex e-con-boxed e-con e-child\" data-id=\"278c97d\" data-element_type=\"container\" data-e-type=\"container\">\n\t\t\t\t\t<div class=\"e-con-inner\">\n\t\t<div class=\"elementor-element elementor-element-c7c860e e-con-full e-flex e-con e-child\" data-id=\"c7c860e\" data-element_type=\"container\" data-e-type=\"container\">\n\t\t\t\t<div class=\"elementor-element elementor-element-16a62f8 elementor-widget elementor-widget-heading\" data-id=\"16a62f8\" data-element_type=\"widget\" data-e-type=\"widget\" data-widget_type=\"heading.default\">\n\t\t\t\t\t<h1 class=\"elementor-heading-title elementor-size-default\">Tara, bodhisattva de la compassi\u00f3<\/h1>\t\t\t\t<\/div>\n\t\t\t\t<div class=\"elementor-element elementor-element-dca5589 elementor-widget elementor-widget-text-editor\" data-id=\"dca5589\" data-element_type=\"widget\" data-e-type=\"widget\" data-widget_type=\"text-editor.default\">\n\t\t\t\t\t\t\t\t\t<p>Tara \u00e9s, dins del budisme Mahayana i especialment del Vajrayana tibet\u00e0, una figura femenina de bodhisattva d&#8217;import\u00e0ncia cabdal. El seu nom (en s\u00e0nscrit tara, \u00abla que fa travessar\u00bb) remet a la seva funci\u00f3 com a salvadora, que porta els \u00e9ssers a trav\u00e9s del \u00abcorrent\u00bb del cicle de l&#8217;exist\u00e8ncia (samsara) fins a l&#8217;altra riba de l&#8217;alliberament (nirvana).<\/p><p>Es manifesta en nombroses formes, entre les quals les m\u00e9s conegudes s\u00f3n la Tara Verda i la Tara Blanca, i tradicionalment tamb\u00e9 es veneren vint-i-una formes de Tara.<\/p>\t\t\t\t\t\t\t\t<\/div>\n\t\t\t\t<\/div>\n\t\t<div class=\"elementor-element elementor-element-ebefbe5 e-con-full e-flex e-con e-parent\" data-id=\"ebefbe5\" data-element_type=\"container\" data-e-type=\"container\">\n\t\t\t\t<div class=\"elementor-element elementor-element-13ef84c elementor-widget elementor-widget-html\" data-id=\"13ef84c\" data-element_type=\"widget\" data-e-type=\"widget\" data-widget_type=\"html.default\">\n\t\t\t\t\t<div class=\"iwg-pill-row\"><span class=\"iwg-klasse-badge\" tabindex=\"0\" data-tooltip=\"D\u00e9u \/ Deessa: Poder suprem personificat en el pante\u00f3 d'una cultura, amb compet\u00e8ncies clares \u2014 forces de la natura, dest\u00ed, guerra, fertilitat. Venerat mitjan\u00e7ant cultes, ofrenes i institucions de temple.\">D\u00e9u<\/span><a href=\"https:\/\/iwell-guard.com\/ca\/budisme\/\" class=\"iwg-kultur-badge\" tabindex=\"0\" data-tooltip=\"Tradici\u00f3 budista amb bodhisattvas, divinitats protectores, esperits famolencs i guardians dels inferns.\">Budisme<\/a><\/div>\t\t\t\t<\/div>\n\t\t\t\t<\/div>\n\t\t<div class=\"elementor-element elementor-element-a426fdd e-con-full e-flex e-con e-child\" data-id=\"a426fdd\" data-element_type=\"container\" data-e-type=\"container\">\n\t\t\t\t<div class=\"elementor-element elementor-element-6f43b85 elementor-toc--minimized-on-tablet elementor-widget elementor-widget-table-of-contents\" data-id=\"6f43b85\" data-element_type=\"widget\" data-e-type=\"widget\" data-settings=\"{&quot;exclude_headings_by_selector&quot;:[],&quot;no_headings_message&quot;:&quot;No s&#039;ha trobat cap encap\\u00e7alament en aquesta p\\u00e0gina.&quot;,&quot;headings_by_tags&quot;:[&quot;h2&quot;,&quot;h3&quot;],&quot;marker_view&quot;:&quot;bullets&quot;,&quot;icon&quot;:{&quot;value&quot;:&quot;fas fa-circle&quot;,&quot;library&quot;:&quot;fa-solid&quot;,&quot;rendered_tag&quot;:&quot;&lt;svg class=\\&quot;e-font-icon-svg e-fas-circle\\&quot; viewBox=\\&quot;0 0 512 512\\&quot; xmlns=\\&quot;http:\\\/\\\/www.w3.org\\\/2000\\\/svg\\&quot;&gt;&lt;path d=\\&quot;M256 8C119 8 8 119 8 256s111 248 248 248 248-111 248-248S393 8 256 8z\\&quot;&gt;&lt;\\\/path&gt;&lt;\\\/svg&gt;&quot;},&quot;minimize_box&quot;:&quot;yes&quot;,&quot;minimized_on&quot;:&quot;tablet&quot;,&quot;hierarchical_view&quot;:&quot;yes&quot;,&quot;min_height&quot;:{&quot;unit&quot;:&quot;px&quot;,&quot;size&quot;:&quot;&quot;,&quot;sizes&quot;:[]},&quot;min_height_tablet&quot;:{&quot;unit&quot;:&quot;px&quot;,&quot;size&quot;:&quot;&quot;,&quot;sizes&quot;:[]},&quot;min_height_mobile&quot;:{&quot;unit&quot;:&quot;px&quot;,&quot;size&quot;:&quot;&quot;,&quot;sizes&quot;:[]}}\" data-widget_type=\"table-of-contents.default\">\n\t\t\t\t\t\t\t\t\t<div class=\"elementor-toc__header\">\n\t\t\t\t\t\t<h2 class=\"elementor-toc__header-title\">\n\t\t\t\t\u00cdndex\t\t\t<\/h2>\n\t\t\t\t\t\t\t\t\t\t<div class=\"elementor-toc__toggle-button elementor-toc__toggle-button--expand\" role=\"button\" tabindex=\"0\" aria-controls=\"elementor-toc__6f43b85\" aria-expanded=\"true\" aria-label=\"Open table of contents\"><svg aria-hidden=\"true\" class=\"e-font-icon-svg e-fas-chevron-down\" viewBox=\"0 0 448 512\" xmlns=\"http:\/\/www.w3.org\/2000\/svg\"><path d=\"M207.029 381.476L12.686 187.132c-9.373-9.373-9.373-24.569 0-33.941l22.667-22.667c9.357-9.357 24.522-9.375 33.901-.04L224 284.505l154.745-154.021c9.379-9.335 24.544-9.317 33.901.04l22.667 22.667c9.373 9.373 9.373 24.569 0 33.941L240.971 381.476c-9.373 9.372-24.569 9.372-33.942 0z\"><\/path><\/svg><\/div>\n\t\t\t\t<div class=\"elementor-toc__toggle-button elementor-toc__toggle-button--collapse\" role=\"button\" tabindex=\"0\" aria-controls=\"elementor-toc__6f43b85\" aria-expanded=\"true\" aria-label=\"Close table of contents\"><svg aria-hidden=\"true\" class=\"e-font-icon-svg e-fas-chevron-up\" viewBox=\"0 0 448 512\" xmlns=\"http:\/\/www.w3.org\/2000\/svg\"><path d=\"M240.971 130.524l194.343 194.343c9.373 9.373 9.373 24.569 0 33.941l-22.667 22.667c-9.357 9.357-24.522 9.375-33.901.04L224 227.495 69.255 381.516c-9.379 9.335-24.544 9.317-33.901-.04l-22.667-22.667c-9.373-9.373-9.373-24.569 0-33.941L207.03 130.525c9.372-9.373 24.568-9.373 33.941-.001z\"><\/path><\/svg><\/div>\n\t\t\t\t\t<\/div>\n\t\t\t\t<div id=\"elementor-toc__6f43b85\" class=\"elementor-toc__body\">\n\t\t\t<div class=\"elementor-toc__spinner-container\">\n\t\t\t\t<svg class=\"elementor-toc__spinner eicon-animation-spin e-font-icon-svg e-eicon-loading\" aria-hidden=\"true\" viewBox=\"0 0 1000 1000\" xmlns=\"http:\/\/www.w3.org\/2000\/svg\"><path d=\"M500 975V858C696 858 858 696 858 500S696 142 500 142 142 304 142 500H25C25 237 238 25 500 25S975 237 975 500 763 975 500 975Z\"><\/path><\/svg>\t\t\t<\/div>\n\t\t<\/div>\n\t\t\t\t\t\t<\/div>\n\t\t\t\t<\/div>\n\t\t\t\t\t<\/div>\n\t\t\t\t<\/div>\n\t\t<div class=\"elementor-element elementor-element-135de0d e-con-full e-flex e-con e-child\" data-id=\"135de0d\" data-element_type=\"container\" data-e-type=\"container\">\n\t\t\t\t<div class=\"elementor-element elementor-element-6dd0c4d iwg-hero-image elementor-widget elementor-widget-image\" data-id=\"6dd0c4d\" data-element_type=\"widget\" data-e-type=\"widget\" data-widget_type=\"image.default\">\n\t\t\t\t\t\t\t\t\t\t\t\t\t\t\t<img fetchpriority=\"high\" decoding=\"async\" width=\"683\" height=\"1024\" src=\"https:\/\/iwell-guard.com\/wp-content\/uploads\/2026\/05\/goetter_buddhismus_tara-683x1024.webp\" class=\"attachment-large size-large wp-image-173430\" alt=\"Tara - D\u00e9us de la tradici\u00f3 budista, historicoil\u00b7lustratiu\" srcset=\"https:\/\/iwell-guard.com\/wp-content\/uploads\/2026\/05\/goetter_buddhismus_tara-683x1024.webp 683w, https:\/\/iwell-guard.com\/wp-content\/uploads\/2026\/05\/goetter_buddhismus_tara-200x300.webp 200w, https:\/\/iwell-guard.com\/wp-content\/uploads\/2026\/05\/goetter_buddhismus_tara-768x1152.webp 768w, https:\/\/iwell-guard.com\/wp-content\/uploads\/2026\/05\/goetter_buddhismus_tara.webp 1024w\" sizes=\"(max-width: 683px) 100vw, 683px\" \/>\t\t\t\t\t\t\t\t\t\t\t\t\t\t\t<\/div>\n\t\t\t\t<\/div>\n\t\t\t\t\t<\/div>\n\t\t\t\t<\/div>\n\t\t<div class=\"elementor-element elementor-element-cd65524 e-con-boxed e-flex e-con e-parent\" data-id=\"cd65524\" data-element_type=\"container\" data-e-type=\"container\">\n\t\t\t\t\t<div class=\"e-con-inner\">\n\t\t<div class=\"elementor-element elementor-element-eb1ea1b e-con-full e-flex e-con e-child\" data-id=\"eb1ea1b\" data-element_type=\"container\" data-e-type=\"container\">\n\t\t\t\t<div class=\"elementor-element elementor-element-5e0a479 elementor-widget elementor-widget-heading\" data-id=\"5e0a479\" data-element_type=\"widget\" data-e-type=\"widget\" data-widget_type=\"heading.default\">\n\t\t\t\t\t<h2 class=\"elementor-heading-title elementor-size-default\">Origen i hist\u00f2ria<\/h2>\t\t\t\t<\/div>\n\t\t\t\t<div class=\"elementor-element elementor-element-a625c6c elementor-widget elementor-widget-text-editor\" data-id=\"a625c6c\" data-element_type=\"widget\" data-e-type=\"widget\" data-widget_type=\"text-editor.default\">\n\t\t\t\t\t\t\t\t\t<p>Els testimonis m\u00e9s antics de Tara es remunten al segle VI o VII de la nostra era, a l&#8217;\u00cdndia. Escultures procedents de Nalanda i de l&#8217;imperi Pala (segles VIII a XII) ja la mostren en la t\u00edpica postura asseguda lalitasana, amb una cama penjant com a senyal de disposici\u00f3 a acudir en ajuda dels qui li ho demanen.<\/p><p>Els textos can\u00f2nics s\u00f3n l&#8217;Aryatara-namashtottarashataka (Els cent vuit noms de la noble Tara) i el Tara-Tantra. Al Tibet, la seva veneraci\u00f3 s&#8217;arrela a trav\u00e9s de la tasca de traducci\u00f3 iniciada a partir del segle VIII.<\/p>\n<p>Una important tradici\u00f3 tibetana, transmesa sobretot per l&#8217;escola Gelug, relaciona Tara amb les dues esposes budistes del rei Songtsen Gampo: es diu que Bhrikuti, del Nepal, encarna la Tara Verda, i Wencheng, de la Xina, la Tara Blanca.<\/p><p>Aquesta <span class=\"iwg-fachbegriff\" data-tooltip=\"Un relat edificant, generalment sobre la vida de sants.\" tabindex=\"0\">llegenda<\/span> no est\u00e0 documentada hist\u00f2ricament; es tracta d&#8217;una construcci\u00f3 retrospectiva dels segles XI o XII que dona forma ic\u00f2nica a la introducci\u00f3 del budisme al Tibet. David Snellgrove (\u00abIndo-Tibetan Buddhism\u00bb, Londres 1987) situa aquest episodi en el context de la fusi\u00f3, pr\u00f2pia de l&#8217;\u00cdndia tardana, entre la veneraci\u00f3 de bodhisattvas i la pr\u00e0ctica t\u00e0ntrica del yidam.<\/p>\t\t\t\t\t\t\t\t<\/div>\n\t\t\t\t<\/div>\n\t\t<div class=\"elementor-element elementor-element-8d1f796 e-con-full e-flex e-con e-child\" data-id=\"8d1f796\" data-element_type=\"container\" data-e-type=\"container\">\n\t\t\t\t<div class=\"elementor-element elementor-element-1867403 elementor-widget elementor-widget-heading\" data-id=\"1867403\" data-element_type=\"widget\" data-e-type=\"widget\" data-widget_type=\"heading.default\">\n\t\t\t\t\t<h2 class=\"elementor-heading-title elementor-size-default\">Tara Verda i Tara Blanca<\/h2>\t\t\t\t<\/div>\n\t\t\t\t<div class=\"elementor-element elementor-element-2308a9d elementor-widget elementor-widget-text-editor\" data-id=\"2308a9d\" data-element_type=\"widget\" data-e-type=\"widget\" data-widget_type=\"text-editor.default\">\n\t\t\t\t\t\t\t\t\t<p>La Tara Verda (en s\u00e0nscrit Shyamatara, en tibet\u00e0 Drolma Jangu) es considera la forma activa, que respon amb rapidesa a la <span class=\"iwg-fachbegriff\" data-tooltip=\"L'acte de dirigir-se a una divinitat o poder amb una petici\u00f3 o invocaci\u00f3.\" tabindex=\"0\">invocaci\u00f3<\/span>.<\/p><p>Es representa de color verd, amb la cama dreta baixant del seient de lotus, la m\u00e0 dreta en el gest d&#8217;atorgar desitjos (varada-mudra) i la m\u00e0 esquerra sostenint una flor de lotus blava (utpala). El seu <span class=\"iwg-fachbegriff\" data-tooltip=\"Una s\u00edl\u00b7laba o f\u00f3rmula sagrada que es repeteix en l'hinduisme i el budisme.\" tabindex=\"0\">mantra<\/span> \u00abom tare tuttare ture svaha\u00bb \u00e9s un dels textos m\u00e9s recitats del budisme tibet\u00e0.<\/p><p>La Tara Blanca (Sitatara, Drolma Karpo) \u00e9s, en canvi, la forma meditativa, associada a la longevitat, la salut i la protecci\u00f3 contra la mort prematura. Seu en posici\u00f3 completa de lotus, i el seu cos porta set ulls, un al front i un a cada palmell de les mans i planta dels peus, que simbolitzen la compassi\u00f3 vigilant en totes direccions.<\/p>\n<p>Ambdues formes es llegeixen, dins la tradici\u00f3 iconogr\u00e0fica, com dos aspectes d&#8217;una mateixa bodhisattva femenina: acci\u00f3 r\u00e0pida i vida llarga, activitat i contemplaci\u00f3. Les vint-i-una Taras del Sarvatathagatamatrtara-Visvakarmabhava-Tantra desenvolupen encara m\u00e9s aquesta polaritat, des de formes protectores iracundes fins a formes guaridores pac\u00edfiques.<\/p>\t\t\t\t\t\t\t\t<\/div>\n\t\t\t\t<\/div>\n\t\t<div class=\"elementor-element elementor-element-f50a183 e-con-full e-flex e-con e-child\" data-id=\"f50a183\" data-element_type=\"container\" data-e-type=\"container\">\n\t\t\t\t<div class=\"elementor-element elementor-element-d6b06f1 elementor-widget elementor-widget-heading\" data-id=\"d6b06f1\" data-element_type=\"widget\" data-e-type=\"widget\" data-widget_type=\"heading.default\">\n\t\t\t\t\t<h2 class=\"elementor-heading-title elementor-size-default\">Mite i tradici\u00f3 narrativa<\/h2>\t\t\t\t<\/div>\n\t\t\t\t<div class=\"elementor-element elementor-element-3a8b6bd elementor-widget elementor-widget-text-editor\" data-id=\"3a8b6bd\" data-element_type=\"widget\" data-e-type=\"widget\" data-widget_type=\"text-editor.default\">\n\t\t\t\t\t\t\t\t\t<p>Una hist\u00f2ria de Tara molt estesa en l&#8217;\u00e0mbit tibet\u00e0 parla de la princesa Yeshe Dawa, que en una era llunyana va prendre la decisi\u00f3 d&#8217;assolir la il\u00b7luminaci\u00f3.<\/p><p>Quan els seus mestres li van aconsellar prendre, en una propera vida, un cos mascul\u00ed, considerat m\u00e9s adequat per esdevenir Buda, ella va jurar n\u00e9ixer sempre en forma femenina fins que tots els \u00e9ssers fossin alliberats.<\/p><p>Aquest episodi ha estat objecte de discussi\u00f3 intensa en la recerca religiosa feminista contempor\u00e0nia. Anne Klein (\u00abMeeting the Great Bliss Queen\u00bb, Boston 1995) llegeix el relat com una marca deliberada d&#8217;una promesa de salvaci\u00f3 espec\u00edfica de g\u00e8nere, que oposa una posici\u00f3 alternativa dins el Mahayana indi de car\u00e0cter patriarcal.<\/p>\n<p>Al Tara-Tantra se la denomina \u00abmare de tots els Budes\u00bb, una dignitat que compartix amb Prajnaparamita, la personificaci\u00f3 de la saviesa perfecta. Aquesta identificaci\u00f3 no \u00e9s casual: ambdues figures encarnen la dimensi\u00f3 femenina de la il\u00b7luminaci\u00f3, en la qual el coneixement i la compassi\u00f3 s\u00f3n inseparables.<\/p>\t\t\t\t\t\t\t\t<\/div>\n\t\t\t\t<\/div>\n\t\t<div class=\"elementor-element elementor-element-4c6e79f e-con-full e-flex e-con e-child\" data-id=\"4c6e79f\" data-element_type=\"container\" data-e-type=\"container\">\n\t\t\t\t<div class=\"elementor-element elementor-element-992b0fd elementor-widget elementor-widget-heading\" data-id=\"992b0fd\" data-element_type=\"widget\" data-e-type=\"widget\" data-widget_type=\"heading.default\">\n\t\t\t\t\t<h2 class=\"elementor-heading-title elementor-size-default\">Pr\u00e0ctica, mantra i ritual<\/h2>\t\t\t\t<\/div>\n\t\t\t\t<div class=\"elementor-element elementor-element-c1a9105 elementor-widget elementor-widget-text-editor\" data-id=\"c1a9105\" data-element_type=\"widget\" data-e-type=\"widget\" data-widget_type=\"text-editor.default\">\n\t\t\t\t\t\t\t\t\t<p>La pr\u00e0ctica de Tara compr\u00e8n la recitaci\u00f3, la visualitzaci\u00f3 i les ofrenes. El mantra arrel \u00abom tare tuttare ture svaha\u00bb s&#8217;utilitza tant en la vida quotidiana com en la pr\u00e0ctica intensiva de retir (drubchen).<\/p><p>El \u00abLloan\u00e7a a les vint-i-una Taras\u00bb (Namastare ekavimsati-stotra) forma part de la <span class=\"iwg-fachbegriff\" data-tooltip=\"L'ordre establert del culte d'una comunitat religiosa.\" tabindex=\"0\">lit\u00fargia<\/span> di\u00e0ria en gaireb\u00e9 totes les escoles tibetanes. Les visualitzacions segueixen les instruccions de cada sadhana concreta, que prescriuen amb precisi\u00f3 la forma, el color, els atributs i el <span class=\"iwg-fachbegriff\" data-tooltip=\"Diagrama circular que representa el cosmos en l'hinduisme i el budisme.\" tabindex=\"0\">mandala<\/span> de la <span class=\"iwg-fachbegriff\" data-tooltip=\"Un \u00e9sser venerat com a div\u00ed dins d'una religi\u00f3.\" tabindex=\"0\">divinitat<\/span>.<\/p>\n<p>En el Vajrayana tibet\u00e0, Tara s&#8217;utilitza com a yidam (divinitat de meditaci\u00f3). La pr\u00e0ctica busca fer realitat, en la pr\u00f2pia percepci\u00f3, les qualitats de la bodhisattva, no pas el seu aspecte extern. Stephan Beyer, a \u00abThe Cult of Tara\u00bb (Berkeley 1973), va documentar de manera exhaustiva el corpus ritual d&#8217;una escola mon\u00e0stica tibetana, tot presentant una obra de refer\u00e8ncia encara central avui dia.<\/p>\t\t\t\t\t\t\t\t<\/div>\n\t\t\t\t<\/div>\n\t\t<div class=\"elementor-element elementor-element-7e45f64 e-con-full e-flex e-con e-child\" data-id=\"7e45f64\" data-element_type=\"container\" data-e-type=\"container\">\n\t\t\t\t<div class=\"elementor-element elementor-element-b7763cb elementor-widget elementor-widget-heading\" data-id=\"b7763cb\" data-element_type=\"widget\" data-e-type=\"widget\" data-widget_type=\"heading.default\">\n\t\t\t\t\t<h2 class=\"elementor-heading-title elementor-size-default\">Difusi\u00f3 dins el Mahayana<\/h2>\t\t\t\t<\/div>\n\t\t\t\t<div class=\"elementor-element elementor-element-4b42bb6 elementor-widget elementor-widget-text-editor\" data-id=\"4b42bb6\" data-element_type=\"widget\" data-e-type=\"widget\" data-widget_type=\"text-editor.default\">\n\t\t\t\t\t\t\t\t\t<p>Tara es venera no nom\u00e9s al Tibet, sin\u00f3 tamb\u00e9 al Nepal, a Mong\u00f2lia, a les regions budistes de Buri\u00e0tia i Calm\u00faquia, i, hist\u00f2ricament, a Java i en el Vajrayana xin\u00e8s.<\/p><p>A l&#8217;\u00c0sia oriental t\u00e9 una pres\u00e8ncia menys destacada, ja que hi predomina el bodhisattva Avalokiteshvara, representat en forma masculina o de g\u00e8nere indefinit, que a la Xina esdev\u00e9 la Guan Yin de connotaci\u00f3 femenina. En el budisme theravada de Sri Lanka i del sud-est asi\u00e0tic no hi \u00e9s present, ja que all\u00e0 no es va rebre el programa t\u00e0ntric del bodhisattva.<\/p>\t\t\t\t\t\t\t\t<\/div>\n\t\t\t\t<\/div>\n\t\t<div class=\"elementor-element elementor-element-e68adea e-con-full e-flex e-con e-child\" data-id=\"e68adea\" data-element_type=\"container\" data-e-type=\"container\">\n\t\t\t\t<div class=\"elementor-element elementor-element-9a4e48d elementor-widget elementor-widget-heading\" data-id=\"9a4e48d\" data-element_type=\"widget\" data-e-type=\"widget\" data-widget_type=\"heading.default\">\n\t\t\t\t\t<h2 class=\"elementor-heading-title elementor-size-default\">Import\u00e0ncia dins el Vajrayana<\/h2>\t\t\t\t<\/div>\n\t\t\t\t<div class=\"elementor-element elementor-element-ef4d88b elementor-widget elementor-widget-text-editor\" data-id=\"ef4d88b\" data-element_type=\"widget\" data-e-type=\"widget\" data-widget_type=\"text-editor.default\">\n\t\t\t\t\t\t\t\t\t<p>En el Vajrayana, Tara s&#8217;associa a les tres fam\u00edlies de Buda (kula), en els tantres m\u00e9s recents especialment a la fam\u00edlia Padma (lotus) del Buda Amitabha. Se la considera una manifestaci\u00f3 de la seva activitat, en paral\u00b7lel a Avalokiteshvara.<\/p><p>Aquesta ubicaci\u00f3 sistem\u00e0tica dins les cinc fam\u00edlies de Buda mostra que Tara s&#8217;insereix en un esquema c\u00f2smic te\u00f2ricament articulat, i no es tracta d&#8217;una divinitat popular a\u00efllada. Donald Lopez descriu a \u00abBuddhism. An Introduction and Guide\u00bb (Londres 2001) com aquesta classificaci\u00f3 estructura el <span class=\"iwg-fachbegriff\" data-tooltip=\"El conjunt de d\u00e9us d'una religi\u00f3 o cultura.\" tabindex=\"0\">pante\u00f3<\/span> tibet\u00e0.<\/p>\t\t\t\t\t\t\t\t<\/div>\n\t\t\t\t<\/div>\n\t\t<div class=\"elementor-element elementor-element-a15e773 e-con-full e-flex e-con e-child\" data-id=\"a15e773\" data-element_type=\"container\" data-e-type=\"container\">\n\t\t\t\t<div class=\"elementor-element elementor-element-350fd59 elementor-widget elementor-widget-heading\" data-id=\"350fd59\" data-element_type=\"widget\" data-e-type=\"widget\" data-widget_type=\"heading.default\">\n\t\t\t\t\t<h2 class=\"elementor-heading-title elementor-size-default\">Tara i Avalokiteshvara<\/h2>\t\t\t\t<\/div>\n\t\t\t\t<div class=\"elementor-element elementor-element-bdca0b7 elementor-widget elementor-widget-text-editor\" data-id=\"bdca0b7\" data-element_type=\"widget\" data-e-type=\"widget\" data-widget_type=\"text-editor.default\">\n\t\t\t\t\t\t\t\t\t<p>Una tradici\u00f3 narrativa important explica que Tara sorgeix de les ll\u00e0grimes que vessa Avalokiteshvara quan pren consci\u00e8ncia de l&#8217;abast del sofriment dels \u00e9ssers. D&#8217;una de les dues ll\u00e0grimes de lotus neix la Tara Verda, i de l&#8217;altra, la Tara Blanca.<\/p><p>Aquesta genealogia uneix ambd\u00f3s bodhisattvas com dos aspectes de la compassi\u00f3 i fa de Tara una ajudant directa d&#8217;Avalokiteshvara. Des del punt de vista de la ci\u00e8ncia de la religi\u00f3, aquest relat s&#8217;ha de llegir com un enlla\u00e7 posterior entre dues tradicions de culte origin\u00e0riament separades. Tara t\u00e9 una arrel \u00edndia pr\u00f2pia i m\u00e9s antiga, que nom\u00e9s es va vincular al complex d&#8217;Avalokiteshvara en l&#8217;\u00e8poca Pala.<\/p>\t\t\t\t\t\t\t\t<\/div>\n\t\t\t\t<\/div>\n\t\t<div class=\"elementor-element elementor-element-ebf3057 e-con-full e-flex e-con e-child\" data-id=\"ebf3057\" data-element_type=\"container\" data-e-type=\"container\">\n\t\t\t\t<div class=\"elementor-element elementor-element-48bcadc elementor-widget elementor-widget-heading\" data-id=\"48bcadc\" data-element_type=\"widget\" data-e-type=\"widget\" data-widget_type=\"heading.default\">\n\t\t\t\t\t<h2 class=\"elementor-heading-title elementor-size-default\">Recepci\u00f3 moderna<\/h2>\t\t\t\t<\/div>\n\t\t\t\t<div class=\"elementor-element elementor-element-f1ee611 elementor-widget elementor-widget-text-editor\" data-id=\"f1ee611\" data-element_type=\"widget\" data-e-type=\"widget\" data-widget_type=\"text-editor.default\">\n\t\t\t\t\t\t\t\t\t<p>En el budisme occidental, des dels anys 1970, Tara s&#8217;ha convertit en una de les figures femenines m\u00e9s destacades, sobretot en comunitats de tradici\u00f3 tibetana.<\/p><p>La mestra Tsultrim Allione va presentar Tara a \u00abWomen of Wisdom\u00bb (Londres 1984) com una figura de pr\u00e0ctica accessible per als practicants occidentals moderns. En la <span class=\"iwg-fachbegriff\" data-tooltip=\"La doctrina cient\u00edfica sobre D\u00e9u i la fe d'una religi\u00f3.\" tabindex=\"0\">teologia<\/span> budista feminista, representa una figura femenina d&#8217;il\u00b7luminaci\u00f3 que no es transmet a trav\u00e9s d&#8217;un \u00e9sser mascul\u00ed, sin\u00f3 que actua de manera aut\u00f2noma.<\/p>\t\t\t\t\t\t\t\t<\/div>\n\t\t\t\t<\/div>\n\t\t<div class=\"elementor-element elementor-element-f9d0628 e-con-full e-flex e-con e-child\" data-id=\"f9d0628\" data-element_type=\"container\" data-e-type=\"container\">\n\t\t\t\t<div class=\"elementor-element elementor-element-4e0b227 elementor-widget elementor-widget-heading\" data-id=\"4e0b227\" data-element_type=\"widget\" data-e-type=\"widget\" data-widget_type=\"heading.default\">\n\t\t\t\t\t<h2 class=\"elementor-heading-title elementor-size-default\">Fonts i bibliografia complement\u00e0ria<\/h2>\t\t\t\t<\/div>\n\t\t\t\t<div class=\"elementor-element elementor-element-b62f9d0 elementor-widget elementor-widget-text-editor\" data-id=\"b62f9d0\" data-element_type=\"widget\" data-e-type=\"widget\" data-widget_type=\"text-editor.default\">\n\t\t\t\t\t\t\t\t\t<footer class=\"iwg-literatur\"><div data-nosnippet=\"true\"><p>Fonts prim\u00e0ries: Aryatara-namashtottarashataka; Tara-Tantra; Sarvatathagatamatrtara-Visvakarmabhava-Tantra; \u00abLob auf die einundzwanzig Taras\u00bb (Namastare ekavimsati-stotra).<\/p>\n<p>Bibliografia secund\u00e0ria: Stephan Beyer, \u00abThe Cult of Tara\u00bb, Berkeley 1973; David Snellgrove, \u00abIndo-Tibetan Buddhism\u00bb, Londres 1987; Anne Klein, \u00abMeeting the Great Bliss Queen\u00bb, Boston 1995; Tsultrim Allione, \u00abWomen of Wisdom\u00bb, Londres 1984; Donald Lopez, \u00abBuddhism. An Introduction and Guide\u00bb, Londres 2001; Robert Buswell i Donald Lopez, \u00abPrinceton Dictionary of Buddhism\u00bb, Princeton 2014.<\/p><\/div><\/footer>\t\t\t\t\t\t\t\t<\/div>\n\t\t\t\t<\/div>\n\t\t<div class=\"elementor-element elementor-element-b3647d0 e-con-full e-flex e-con e-child\" data-id=\"b3647d0\" data-element_type=\"container\" data-e-type=\"container\">\n\t\t\t\t<div class=\"elementor-element elementor-element-29258d8 elementor-widget elementor-widget-heading\" data-id=\"29258d8\" data-element_type=\"widget\" data-e-type=\"widget\" data-widget_type=\"heading.default\">\n\t\t\t\t\t<h2 class=\"elementor-heading-title elementor-size-default\">Les vint-i-una formes de Tara<\/h2>\t\t\t\t<\/div>\n\t\t\t\t<div class=\"elementor-element elementor-element-237f159 elementor-widget elementor-widget-text-editor\" data-id=\"237f159\" data-element_type=\"widget\" data-e-type=\"widget\" data-widget_type=\"text-editor.default\">\n\t\t\t\t\t\t\t\t\t<p>Les vint-i-una Taras s\u00f3n un <span class=\"iwg-fachbegriff\" data-tooltip=\"El conjunt de textos sagrats d'una religi\u00f3 reconegut com a vinculant.\" tabindex=\"0\">c\u00e0non<\/span> sistematitzat de manifestacions femenines de bodhisattva, descrit detalladament per primera vegada al Sarvatathagatamatrtara-Tantra. Cada forma t\u00e9 un color propi, un gest mudra propi i una funci\u00f3 d&#8217;acci\u00f3 pr\u00f2pia.<\/p><p>La primera forma, Pravira Tara, \u00e9s la \u00abque salva r\u00e0pidament\u00bb i representa la reacci\u00f3 r\u00e0pida davant les emerg\u00e8ncies. La setena forma, Vajra Tara, t\u00e9 car\u00e0cter irat i s&#8217;invoca contra forces hostils.<\/p><p>L&#8217;onzena forma, Vaishravana Tara, s&#8217;associa amb la prosperitat i la riquesa. La vint-i-unena, Paripurani Tara, \u00e9s la \u00abque tot ho completa\u00bb i representa la realitzaci\u00f3 final.<\/p><p>Aquesta llista no \u00e9s id\u00e8ntica en totes les escoles; les tradicions Nyingma i Gelug tenen ordres i \u00e8mfasis diferents. Stephan Beyer va documentar completament a \u00abThe Cult of Tara\u00bb la llista habitual en la tradici\u00f3 Karma Kagy\u00fc.<\/p>\t\t\t\t\t\t\t\t<\/div>\n\t\t\t\t<\/div>\n\t\t<div class=\"elementor-element elementor-element-1e2374d e-con-full e-flex e-con e-child\" data-id=\"1e2374d\" data-element_type=\"container\" data-e-type=\"container\">\n\t\t\t\t<div class=\"elementor-element elementor-element-1ea53bb elementor-widget elementor-widget-heading\" data-id=\"1ea53bb\" data-element_type=\"widget\" data-e-type=\"widget\" data-widget_type=\"heading.default\">\n\t\t\t\t\t<h2 class=\"elementor-heading-title elementor-size-default\">Tara en les classes de tantra budistes<\/h2>\t\t\t\t<\/div>\n\t\t\t\t<div class=\"elementor-element elementor-element-e09256b elementor-widget elementor-widget-text-editor\" data-id=\"e09256b\" data-element_type=\"widget\" data-e-type=\"widget\" data-widget_type=\"text-editor.default\">\n\t\t\t\t\t\t\t\t\t<p>La classificaci\u00f3 tibetana dels tantres distingeix quatre o sis classes, ordenades segons el grau d&#8217;accessibilitat de la pr\u00e0ctica i la complexitat de la visualitzaci\u00f3. Tara es tracta en diverses d&#8217;aquestes classes. En el Kriya-Tantra, la classe m\u00e9s b\u00e0sica, hi \u00e9s present com a <span class=\"iwg-fachbegriff\" data-tooltip=\"Un \u00e9sser venerat com a div\u00ed dins d'una religi\u00f3.\" tabindex=\"0\">divinitat<\/span> venerable amb una forma ritual relativament senzilla. En el Yoga-Tantra s&#8217;utilitza com a yidam amb una estructura de <span class=\"iwg-fachbegriff\" data-tooltip=\"Diagrama circular que representa el cosmos en l'hinduisme i el budisme.\" tabindex=\"0\">mandala<\/span> pr\u00f2pia.<\/p><p>En l&#8217;Anuttara-Yoga-Tantra, la classe m\u00e9s elevada, apareix com a figura principal del Tara-Tantra, que en la tradici\u00f3 \u00edndia tardana i tibetana es considera un corpus doctrinal independent. Aquesta ubicaci\u00f3 m\u00faltiple en les classes de tantra \u00e9s reveladora des del punt de vista de la hist\u00f2ria de les religions: mostra que Tara no \u00e9s una figura d&#8217;una tradici\u00f3 doctrinal concreta, sin\u00f3 que apareix en diverses capes de la sistematitzaci\u00f3 t\u00e0ntrica.<\/p>\t\t\t\t\t\t\t\t<\/div>\n\t\t\t\t<\/div>\n\t\t<div class=\"elementor-element elementor-element-35e89fa e-con-full e-flex e-con e-child\" data-id=\"35e89fa\" data-element_type=\"container\" data-e-type=\"container\">\n\t\t\t\t<div class=\"elementor-element elementor-element-d37ada7 elementor-widget elementor-widget-heading\" data-id=\"d37ada7\" data-element_type=\"widget\" data-e-type=\"widget\" data-widget_type=\"heading.default\">\n\t\t\t\t\t<h2 class=\"elementor-heading-title elementor-size-default\">La iconografia tibetana de Tara<\/h2>\t\t\t\t<\/div>\n\t\t\t\t<div class=\"elementor-element elementor-element-80ef122 elementor-widget elementor-widget-text-editor\" data-id=\"80ef122\" data-element_type=\"widget\" data-e-type=\"widget\" data-widget_type=\"text-editor.default\">\n\t\t\t\t\t\t\t\t\t<p>La representaci\u00f3 iconogr\u00e0fica de Tara segueix convencions estrictes, fixades detalladament en els textos sadhana (instruccions de pr\u00e0ctica). La Tara Verda es representa en la postura asseguda lalitasana, amb la cama dreta baixada del seient de lotus. La seva m\u00e0 dreta mostra la varada-mudra (concessi\u00f3 de desitjos), i l&#8217;esquerra sost\u00e9 la tija d&#8217;una flor blava d&#8217;utpala, que floreix per sobre de la seva espatlla esquerra.<\/p><p>Se la representa jove, de setze anys, amb els ornaments d&#8217;una princesa reial, tretze ornaments i la corona t\u00e0ntrica caracter\u00edstica amb cinc imatges de Buda.<\/p><p>La Tara Blanca seu en el ple seient de lotus (vajraparyanka), tamb\u00e9 amb la m\u00e0 dreta en varada-mudra i l&#8217;esquerra davant del pit en el gest del triple refugi. El seu cos porta set ulls.<\/p>\t\t\t\t\t\t\t\t<\/div>\n\t\t\t\t<\/div>\n\t\t<div class=\"elementor-element elementor-element-25ecec2 e-con-full e-flex e-con e-child\" data-id=\"25ecec2\" data-element_type=\"container\" data-e-type=\"container\">\n\t\t\t\t<div class=\"elementor-element elementor-element-721226c elementor-widget elementor-widget-heading\" data-id=\"721226c\" data-element_type=\"widget\" data-e-type=\"widget\" data-widget_type=\"heading.default\">\n\t\t\t\t\t<h2 class=\"elementor-heading-title elementor-size-default\">Tara i els Karmapes<\/h2>\t\t\t\t<\/div>\n\t\t\t\t<div class=\"elementor-element elementor-element-aa779e7 elementor-widget elementor-widget-text-editor\" data-id=\"aa779e7\" data-element_type=\"widget\" data-e-type=\"widget\" data-widget_type=\"text-editor.default\">\n\t\t\t\t\t\t\t\t\t<p>El llinatge Karmapa, el llinatge tulku m\u00e9s antic del Tibet, t\u00e9 una relaci\u00f3 especial amb la veneraci\u00f3 de Tara. Segons la tradici\u00f3, el primer Karmapa, D\u00fcsum Khyenpa (1110 a 1193), va rebre visions directes de Tara que el van acompanyar en el seu cam\u00ed cap a la il\u00b7luminaci\u00f3. Karma Pakshi (1204 a 1283), que sota la dinastia Yuan tamb\u00e9 va ensenyar la pr\u00e0ctica de Tara a la cort mongola, hauria tingut la segona visi\u00f3 Karmapa.<\/p><p>Des d&#8217;aleshores, la tradici\u00f3 Karma Kagy\u00fc mant\u00e9 una sadhana de Tara pr\u00f2pia, que encara es practica di\u00e0riament als monestirs de Rumtek (Sikkim) i Tsurphu (Tibet). Aquesta connexi\u00f3 mostra com la veneraci\u00f3 d&#8217;un bodhisattva no queda en un pla abstracte i te\u00f2ric, sin\u00f3 que s&#8217;insereix en llinatges institucionals concrets.<\/p>\t\t\t\t\t\t\t\t<\/div>\n\t\t\t\t<\/div>\n\t\t<div class=\"elementor-element elementor-element-6d4b2cb e-con-full e-flex e-con e-child\" data-id=\"6d4b2cb\" data-element_type=\"container\" data-e-type=\"container\">\n\t\t\t\t<div class=\"elementor-element elementor-element-f21dcc3 elementor-widget elementor-widget-heading\" data-id=\"f21dcc3\" data-element_type=\"widget\" data-e-type=\"widget\" data-widget_type=\"heading.default\">\n\t\t\t\t\t<h2 class=\"elementor-heading-title elementor-size-default\">Tara en el Sadhanamala<\/h2>\t\t\t\t<\/div>\n\t\t\t\t<div class=\"elementor-element elementor-element-73b9099 elementor-widget elementor-widget-text-editor\" data-id=\"73b9099\" data-element_type=\"widget\" data-e-type=\"widget\" data-widget_type=\"text-editor.default\">\n\t\t\t\t\t\t\t\t\t<p>El Sadhanamala, una col\u00b7lecci\u00f3 de 312 textos de visualitzaci\u00f3 t\u00e0ntrica dels segles XI i XII, \u00e9s la font \u00edndia m\u00e9s important per a la pr\u00e0ctica de Tara.<\/p><p>Nomes 21 textos d&#8217;aquesta col\u00b7lecci\u00f3 estan dedicats a Tara, en diverses formes de color i amb diferents estructures de <span class=\"iwg-fachbegriff\" data-tooltip=\"Una s\u00edl\u00b7laba o f\u00f3rmula sagrada que es repeteix en l'hinduisme i el budisme.\" tabindex=\"0\">Mantra<\/span>. Benoytosh Bhattacharyya va editar cr\u00edticament els textos el 1925 i el 1928 a Baroda i els va sistematitzar a \u00abIndian Buddhist Iconography\u00bb (Calcuta 1958).<\/p><p>Els textos del Sadhanamala provenen probablement dels monestirs de Vikramashila i Nalanda, els mestres dels quals van ser entre els iniciadors de la <span class=\"iwg-fachbegriff\" data-tooltip=\"La doctrina cient\u00edfica sobre D\u00e9u i sobre la fe d'una religi\u00f3.\" tabindex=\"0\">teologia<\/span> \u00edndia tardana de Tara. La majoria d&#8217;aquests sadhanas van ser tradu\u00efts al tibet\u00e0 poc despr\u00e9s de la seva creaci\u00f3 i avui s\u00f3n <span class=\"iwg-fachbegriff\" data-tooltip=\"Que pertany al conjunt d'escriptures reconegudes oficialment per una religi\u00f3.\" tabindex=\"0\">can\u00f2nics<\/span> en les col\u00b7leccions Kangyur i Tengyur.<\/p>\t\t\t\t\t\t\t\t<\/div>\n\t\t\t\t<\/div>\n\t\t<div class=\"elementor-element elementor-element-02851a7 e-con-full e-flex e-con e-child\" data-id=\"02851a7\" data-element_type=\"container\" data-e-type=\"container\">\n\t\t\t\t<div class=\"elementor-element elementor-element-9b57001 elementor-widget elementor-widget-heading\" data-id=\"9b57001\" data-element_type=\"widget\" data-e-type=\"widget\" data-widget_type=\"heading.default\">\n\t\t\t\t\t<h2 class=\"elementor-heading-title elementor-size-default\">La transmissi\u00f3 d'Atisa<\/h2>\t\t\t\t<\/div>\n\t\t\t\t<div class=\"elementor-element elementor-element-4e80ed7 elementor-widget elementor-widget-text-editor\" data-id=\"4e80ed7\" data-element_type=\"widget\" data-e-type=\"widget\" data-widget_type=\"text-editor.default\">\n\t\t\t\t\t\t\t\t\t<p>L&#8217;erudit bengal\u00ed Atisa Dipankara Shrijnana (982 a 1054) tenia una relaci\u00f3 especialment estreta amb Tara. El seu \u00abBodhipathapradipa\u00bb (Llum en el cam\u00ed cap a la il\u00b7luminaci\u00f3) es considera el text fundacional de l&#8217;escola Kadam. Atisa va introduir la pr\u00e0ctica de Tara al Tibet, on va passar, a trav\u00e9s de Drom T\u00f6npa i els mestres kadam posteriors, a l&#8217;escola Gelug.<\/p><p>La tradici\u00f3 explica que Atisa venerava Tara com a divinitat protectora personal (yidam) i que sempre portava la seva imatge amb ell. Diversos himnes a Tara que se li atribueixen s&#8217;han conservat en el Tengyur tibet\u00e0. Robert Beer (\u00abThe Encyclopedia of Tibetan Symbols and Motifs\u00bb, Boston 1999) mostra que la pr\u00e0ctica de Tara d&#8217;Atisa va acabar canonitzant al Tibet la iconografia centreasi\u00e0tica de Tara.<\/p>\t\t\t\t\t\t\t\t<\/div>\n\t\t\t\t<\/div>\n\t\t<div class=\"elementor-element elementor-element-44061b1 e-con-full e-flex e-con e-child\" data-id=\"44061b1\" data-element_type=\"container\" data-e-type=\"container\">\n\t\t\t\t<div class=\"elementor-element elementor-element-ae7319c elementor-widget elementor-widget-heading\" data-id=\"ae7319c\" data-element_type=\"widget\" data-e-type=\"widget\" data-widget_type=\"heading.default\">\n\t\t\t\t\t<h2 class=\"elementor-heading-title elementor-size-default\">Cittamani-Tara i el llinatge secret<\/h2>\t\t\t\t<\/div>\n\t\t\t\t<div class=\"elementor-element elementor-element-e2723f6 elementor-widget elementor-widget-text-editor\" data-id=\"e2723f6\" data-element_type=\"widget\" data-e-type=\"widget\" data-widget_type=\"text-editor.default\">\n\t\t\t\t\t\t\t\t\t<p>Un llinatge esot\u00e8ric particular de la pr\u00e0ctica de Tara \u00e9s el de Cittamani-Tara (Tara com \u00abla joia de la ment que compleix desitjos\u00bb). Segons la tradici\u00f3, el mahasiddha indi Takphu Garwang la va rebre en una visi\u00f3, i pertany a la classe de l&#8217;anuttarayoga tantra. Aquesta forma va esdevenir destacada en el context Gelug gr\u00e0cies a Pabongka Rinpoche (1878 a 1941).<\/p><p>El primer Dalai Lama, Gend\u00fcn Drub, va compondre un sadhana extens que avui \u00e9s una de les pr\u00e0ctiques principals de l&#8217;escola Gelug. Cittamani-Tara \u00e9s verda, seu en la posici\u00f3 de relaxaci\u00f3 reial i sost\u00e9 un lotus i un vajra. La pr\u00e0ctica combina la devoci\u00f3 a Tara amb els iogues de les etapes de consumaci\u00f3 de l&#8217;anuttara tantra, cosa que la converteix estructuralment en el nivell m\u00e9s elevat de realitzaci\u00f3 de Tara.<\/p>\t\t\t\t\t\t\t\t<\/div>\n\t\t\t\t<\/div>\n\t\t<div class=\"elementor-element elementor-element-c8e0a60 e-con-full e-flex e-con e-child\" data-id=\"c8e0a60\" data-element_type=\"container\" data-e-type=\"container\">\n\t\t\t\t<div class=\"elementor-element elementor-element-d9c553d elementor-widget elementor-widget-heading\" data-id=\"d9c553d\" data-element_type=\"widget\" data-e-type=\"widget\" data-widget_type=\"heading.default\">\n\t\t\t\t\t<h2 class=\"elementor-heading-title elementor-size-default\">Tara als monestirs indo-tibetans<\/h2>\t\t\t\t<\/div>\n\t\t\t\t<div class=\"elementor-element elementor-element-556ae92 elementor-widget elementor-widget-text-editor\" data-id=\"556ae92\" data-element_type=\"widget\" data-e-type=\"widget\" data-widget_type=\"text-editor.default\">\n\t\t\t\t\t\t\t\t\t<p>Als grans monestirs tibetans de Ganden, Drepung i Sera, la <span class=\"iwg-fachbegriff\" data-tooltip=\"L'ordre establert del culte religi\u00f3s d'una comunitat de fe.\" tabindex=\"0\">lit\u00fargia<\/span> de Tara es mant\u00e9 en un cicle anual fix. El \u00abPuja de Tara\u00bb (sgrol ma&#8217;i mchod pa) \u00e9s una de les lit\u00fargies m\u00e9s recitades i es realitza tant en la reuni\u00f3 de primavera del M\u00f6nlam Chenmo com en ocasions especials, com malalties o crisis pol\u00edtiques.<\/p><p>La <span class=\"iwg-fachbegriff\" data-tooltip=\"L'ordre establert del culte religi\u00f3s d'una comunitat de fe.\" tabindex=\"0\">lit\u00fargia<\/span> segueix una estructura fixa amb lloan\u00e7a, ofrena del <span class=\"iwg-fachbegriff\" data-tooltip=\"Diagrama circular que representa el cosmos en l'hinduisme i el budisme.\" tabindex=\"0\">mandala<\/span>, recitaci\u00f3 del <span class=\"iwg-fachbegriff\" data-tooltip=\"Una s\u00edl\u00b7laba o f\u00f3rmula sagrada que es repeteix en l'hinduisme i el budisme.\" tabindex=\"0\">mantra<\/span> i repetici\u00f3 de la vidya. El nombre de repeticions varia entre 100 i 100.000, segons l&#8217;ocasi\u00f3 i la intenci\u00f3.<\/p><p>Robert Thurman (\u00abEssential Tibetan Buddhism\u00bb, San Francisco 1995) ha descrit aquesta <span class=\"iwg-fachbegriff\" data-tooltip=\"L'ordre establert del culte religi\u00f3s d'una comunitat de fe.\" tabindex=\"0\">lit\u00fargia<\/span> com \u00abl&#8217;equivalent tibet\u00e0 del rosari cristi\u00e0\u00bb, comparaci\u00f3 sostenible en el sentit d&#8217;una fenomenologia religiosa formalment comparativa.<\/p>\t\t\t\t\t\t\t\t<\/div>\n\t\t\t\t<\/div>\n\t\t<div class=\"elementor-element elementor-element-a48bca3 e-con-full e-flex e-con e-child\" data-id=\"a48bca3\" data-element_type=\"container\" data-e-type=\"container\">\n\t\t\t\t<div class=\"elementor-element elementor-element-dd6ee90 elementor-widget elementor-widget-heading\" data-id=\"dd6ee90\" data-element_type=\"widget\" data-e-type=\"widget\" data-widget_type=\"heading.default\">\n\t\t\t\t\t<h2 class=\"elementor-heading-title elementor-size-default\">El Khadiravani-Tara<\/h2>\t\t\t\t<\/div>\n\t\t\t\t<div class=\"elementor-element elementor-element-1dbd7a5 elementor-widget elementor-widget-text-editor\" data-id=\"1dbd7a5\" data-element_type=\"widget\" data-e-type=\"widget\" data-widget_type=\"text-editor.default\">\n\t\t\t\t\t\t\t\t\t<p>Una forma especialment destacada dins del corpus del Sadhanamala \u00e9s el Khadiravani-Tara, \u00abTara del bosc de Khadira\u00bb. Est\u00e0 associada amb l&#8217;arbre d&#8217;ac\u00e0cia (khadira), sota el qual, segons la tradici\u00f3, va apar\u00e8ixer al mont Potala. Les imatges la mostren de color verd, flanquejada per Marici (el sol) i Ekajati (la lluna).<\/p><p>Aquesta tr\u00edada \u00e9s una constel\u00b7laci\u00f3 iconogr\u00e0fica antiga que apareix sovint en les escultures de l&#8217;\u00e8poca Pala de l&#8217;\u00cdndia oriental, per exemple en troballes de Bihar i Bengala. La tradici\u00f3 tibetana posterior va adoptar aquesta constel\u00b7laci\u00f3 i la va traslladar a pintures murals, com a Tabo i Alchi (Him\u00e0laia occidental, segle XI).<\/p><p>Roger Goepper, en els seus estudis sobre Alchi (\u00abAlchi. Buddhas, G\u00f6ttinnen, Mandalas\u00bb, Col\u00f2nia 1982), ha documentat la continu\u00eftat iconogr\u00e0fica entre els models indis i la seva adaptaci\u00f3 tibetana.<\/p>\t\t\t\t\t\t\t\t<\/div>\n\t\t\t\t<\/div>\n\t\t<div class=\"elementor-element elementor-element-5ce10bc e-con-full e-flex e-con e-child\" data-id=\"5ce10bc\" data-element_type=\"container\" data-e-type=\"container\">\n\t\t\t\t<div class=\"elementor-element elementor-element-8a7fcbe elementor-widget elementor-widget-heading\" data-id=\"8a7fcbe\" data-element_type=\"widget\" data-e-type=\"widget\" data-widget_type=\"heading.default\">\n\t\t\t\t\t<h2 class=\"elementor-heading-title elementor-size-default\">Tara i l'espai femen\u00ed en el budisme<\/h2>\t\t\t\t<\/div>\n\t\t\t\t<div class=\"elementor-element elementor-element-882f709 elementor-widget elementor-widget-text-editor\" data-id=\"882f709\" data-element_type=\"widget\" data-e-type=\"widget\" data-widget_type=\"text-editor.default\">\n\t\t\t\t\t\t\t\t\t<p>La tradici\u00f3 de Tara \u00e9s especialment rellevant des del punt de vista de la hist\u00f2ria de les religions perqu\u00e8 aqu\u00ed una figura femenina d&#8217;il\u00b7luminaci\u00f3 ocupa un lloc plenament equivalent al costat dels bodhisattves masculins. Tara no \u00e9s una \u00abconsort\u00bb (prajna) d&#8217;una figura masculina principal, sin\u00f3 una forma de Buda aut\u00f2noma. Al segle XII, la iogini tibetana Machig Labdr\u00f6n va compondre himnes a Tara que encara es reciten avui.<\/p><p>Janet Gyatso (\u00abApparitions of the Self\u00bb, Princeton 1998) i Sarah Harding (\u00abMachig&#8217;s Complete Explanation\u00bb, Ithaca 2003) han documentat aquest llinatge com una de les poques veus aut\u00e8nticament femenines de la literatura religiosa tibetana. El moviment feminista budista modern sovint invoca la declaraci\u00f3 de Tara: \u00abFins que el m\u00f3n sigui buit, ser\u00e9 Buda en cos femen\u00ed\u00bb.<\/p>\t\t\t\t\t\t\t\t<\/div>\n\t\t\t\t<\/div>\n\t\t<div class=\"elementor-element elementor-element-c1eed29 e-con-full e-flex e-con e-child\" data-id=\"c1eed29\" data-element_type=\"container\" data-e-type=\"container\">\n\t\t\t\t<div class=\"elementor-element elementor-element-2975d59 elementor-widget elementor-widget-heading\" data-id=\"2975d59\" data-element_type=\"widget\" data-e-type=\"widget\" data-widget_type=\"heading.default\">\n\t\t\t\t\t<h2 class=\"elementor-heading-title elementor-size-default\">Preguntes freq\u00fcents<\/h2>\t\t\t\t<\/div>\n\t\t\t\t<div class=\"elementor-element elementor-element-3467c78 elementor-widget elementor-widget-text-editor\" data-id=\"3467c78\" data-element_type=\"widget\" data-e-type=\"widget\" data-widget_type=\"text-editor.default\">\n\t\t\t\t\t\t\t\t\t<p><strong>Tara \u00e9s una Buda o una Bodhisattva?<\/strong> \u00c9s una Bodhisattva, \u00e9s a dir, un \u00e9sser que es troba en el cam\u00ed cap a l&#8217;il\u00b7luminaci\u00f3 i que s&#8217;ha comprom\u00e8s a portar tamb\u00e9 els altres \u00e9ssers a l&#8217;alliberament.<\/p><p>En alguns textos t\u00e0ntrics posteriors se la tracta tamb\u00e9 com una buda femenina ja plenament il\u00b7luminada, per\u00f2 aquesta distinci\u00f3 t\u00e9 poca incid\u00e8ncia en la veneraci\u00f3 pr\u00e0ctica.<\/p>\n<p><strong>Quina difer\u00e8ncia hi ha entre la Tara Verda i la Tara Blanca?<\/strong> La Tara Verda \u00e9s la forma activa, invocada davant de problemes urgents. La Tara Blanca \u00e9s la forma meditativa, associada a la longevitat, la salut i la comprensi\u00f3 profunda. Totes dues es consideren dos aspectes d&#8217;una mateixa Bodhisattva.<\/p>\n<p><strong>Quin <span class=\"iwg-fachbegriff\" data-tooltip=\"Una s\u00edl\u00b7laba o f\u00f3rmula sagrada que es repeteix en l'hinduisme i el budisme.\" tabindex=\"0\">mantra<\/span> s&#8217;associa a Tara?<\/strong> El mantra arrel \u00e9s \u00abom tare tuttare ture svaha\u00bb. \u00c9s un dels mantres m\u00e9s recitats del budisme tibet\u00e0 i es pot repetir en qualsevol situaci\u00f3 de la vida.<\/p>\n<p><strong>T\u00e9 Tara alguna relaci\u00f3 amb la deessa \u00edndia Durga?<\/strong> Hist\u00f2ricament, aquestes relacions s\u00f3n discutides. Totes dues s\u00f3n figures femenines protectores amb aspectes guerrers. No es poden descartar paral\u00b7lelismes estructurals, per\u00f2 no es pot demostrar una adopci\u00f3 directa. Anne Klein i David Snellgrove consideren Tara com un desenvolupament bodhisattva indi independent, amb nom\u00e9s contactes perif\u00e8rics amb la tradici\u00f3 shakta.<\/p>\t\t\t\t\t\t\t\t<\/div>\n\t\t\t\t<\/div>\n\t\t\t\t\t<\/div>\n\t\t\t\t<\/div>\n\t\t\t\t<\/div>\n\t\t","protected":false},"excerpt":{"rendered":"","protected":false},"author":3,"featured_media":3278,"parent":0,"menu_order":0,"comment_status":"closed","ping_status":"closed","template":"elementor_header_footer","meta":{"_yoast_wpseo_focuskw":"Tara","_yoast_wpseo_title":"Tara - Bodhisattva de la compassi\u00f3","_yoast_wpseo_metadesc":"Tara \u00e9s la figura budista femenina m\u00e9s important del Vajrayana: Tara Verda (activitat), Tara Blanca (guarici\u00f3), 21 aspectes de Tara.","_yoast_wpseo_meta-robots-noindex":"","_yoast_wpseo_canonical":"","_angie_page":false,"gefaehrdungsstufe":"","wesen_kultur":"","wesen_klasse":"","footnotes":""},"categories":[],"class_list":["post-171848","page","type-page","status-publish","has-post-thumbnail","hentry"],"yoast_head":"<!-- This site is optimized with the Yoast SEO Premium plugin v27.7 (Yoast SEO v28.3) - https:\/\/yoast.com\/product\/yoast-seo-premium-wordpress\/ -->\n<title>Tara - Bodhisattva de la compassi\u00f3<\/title>\n<meta name=\"description\" content=\"Tara \u00e9s la figura budista femenina m\u00e9s important del Vajrayana: Tara Verda (activitat), Tara Blanca (guarici\u00f3), 21 aspectes de Tara.\" \/>\n<meta name=\"robots\" content=\"index, follow, max-snippet:-1, max-image-preview:large, max-video-preview:-1\" \/>\n<link rel=\"canonical\" href=\"https:\/\/iwell-guard.com\/ca\/tara\/\" \/>\n<meta property=\"og:locale\" content=\"ca_ES\" \/>\n<meta property=\"og:type\" content=\"article\" \/>\n<meta property=\"og:title\" content=\"Tara\" \/>\n<meta property=\"og:description\" content=\"Tara \u00e9s la figura budista femenina m\u00e9s important del Vajrayana: Tara Verda (activitat), Tara Blanca (guarici\u00f3), 21 aspectes de Tara.\" \/>\n<meta property=\"og:url\" content=\"https:\/\/iwell-guard.com\/ca\/tara\/\" \/>\n<meta property=\"og:site_name\" content=\"iWell Guard\" \/>\n<meta property=\"article:modified_time\" content=\"2026-09-05T16:08:44+00:00\" \/>\n<meta property=\"og:image\" content=\"https:\/\/iwell-guard.com\/wp-content\/uploads\/2026\/05\/goetter_buddhismus_tara.webp\" \/>\n\t<meta property=\"og:image:width\" content=\"1024\" \/>\n\t<meta property=\"og:image:height\" content=\"1536\" \/>\n\t<meta property=\"og:image:type\" content=\"image\/webp\" \/>\n<meta name=\"twitter:card\" content=\"summary_large_image\" \/>\n<script type=\"application\/ld+json\" class=\"yoast-schema-graph\">{\"@context\":\"https:\\\/\\\/schema.org\",\"@graph\":[{\"@type\":\"WebPage\",\"@id\":\"https:\\\/\\\/iwell-guard.com\\\/ca\\\/tara\\\/\",\"url\":\"https:\\\/\\\/iwell-guard.com\\\/ca\\\/tara\\\/\",\"name\":\"Tara - Bodhisattva de la compassi\u00f3\",\"isPartOf\":{\"@id\":\"https:\\\/\\\/iwell-guard.com\\\/ca\\\/#website\"},\"primaryImageOfPage\":{\"@id\":\"https:\\\/\\\/iwell-guard.com\\\/ca\\\/tara\\\/#primaryimage\"},\"image\":{\"@id\":\"https:\\\/\\\/iwell-guard.com\\\/ca\\\/tara\\\/#primaryimage\"},\"thumbnailUrl\":\"https:\\\/\\\/iwell-guard.com\\\/wp-content\\\/uploads\\\/2026\\\/05\\\/goetter_buddhismus_tara.webp\",\"datePublished\":\"2026-09-05T15:42:57+00:00\",\"dateModified\":\"2026-09-05T16:08:44+00:00\",\"description\":\"Tara \u00e9s la figura budista femenina m\u00e9s important del Vajrayana: Tara Verda (activitat), Tara Blanca (guarici\u00f3), 21 aspectes de Tara.\",\"breadcrumb\":{\"@id\":\"https:\\\/\\\/iwell-guard.com\\\/ca\\\/tara\\\/#breadcrumb\"},\"inLanguage\":\"ca\",\"potentialAction\":[{\"@type\":\"ReadAction\",\"target\":[\"https:\\\/\\\/iwell-guard.com\\\/ca\\\/tara\\\/\"]}]},{\"@type\":\"ImageObject\",\"inLanguage\":\"ca\",\"@id\":\"https:\\\/\\\/iwell-guard.com\\\/ca\\\/tara\\\/#primaryimage\",\"url\":\"https:\\\/\\\/iwell-guard.com\\\/wp-content\\\/uploads\\\/2026\\\/05\\\/goetter_buddhismus_tara.webp\",\"contentUrl\":\"https:\\\/\\\/iwell-guard.com\\\/wp-content\\\/uploads\\\/2026\\\/05\\\/goetter_buddhismus_tara.webp\",\"width\":1024,\"height\":1536,\"caption\":\"D\u00e9us de la tradici\u00f3 budista.\"},{\"@type\":\"BreadcrumbList\",\"@id\":\"https:\\\/\\\/iwell-guard.com\\\/ca\\\/tara\\\/#breadcrumb\",\"itemListElement\":[{\"@type\":\"ListItem\",\"position\":1,\"name\":\"Start\",\"item\":\"https:\\\/\\\/iwell-guard.com\\\/ca\\\/?page_id=171333\"},{\"@type\":\"ListItem\",\"position\":2,\"name\":\"Tara\"}]},{\"@type\":\"WebSite\",\"@id\":\"https:\\\/\\\/iwell-guard.com\\\/ca\\\/#website\",\"url\":\"https:\\\/\\\/iwell-guard.com\\\/ca\\\/\",\"name\":\"iWell Guard\",\"description\":\"Schutz vor dunklen Einfl\u00fcssen\",\"publisher\":{\"@id\":\"https:\\\/\\\/iwell-guard.com\\\/ca\\\/#organization\"},\"potentialAction\":[{\"@type\":\"SearchAction\",\"target\":{\"@type\":\"EntryPoint\",\"urlTemplate\":\"https:\\\/\\\/iwell-guard.com\\\/ca\\\/?s={search_term_string}\"},\"query-input\":{\"@type\":\"PropertyValueSpecification\",\"valueRequired\":true,\"valueName\":\"search_term_string\"}}],\"inLanguage\":\"ca\"},{\"@type\":\"Organization\",\"@id\":\"https:\\\/\\\/iwell-guard.com\\\/ca\\\/#organization\",\"name\":\"Ittermann electronic GmbH\",\"url\":\"https:\\\/\\\/iwell-guard.com\\\/ca\\\/\",\"logo\":{\"@type\":\"ImageObject\",\"inLanguage\":\"ca\",\"@id\":\"https:\\\/\\\/iwell-guard.com\\\/ca\\\/#\\\/schema\\\/logo\\\/image\\\/\",\"url\":\"https:\\\/\\\/iwell-guard.com\\\/wp-content\\\/uploads\\\/2026\\\/05\\\/Ittermann-Logo-1182x237-1.png\",\"contentUrl\":\"https:\\\/\\\/iwell-guard.com\\\/wp-content\\\/uploads\\\/2026\\\/05\\\/Ittermann-Logo-1182x237-1.png\",\"width\":1182,\"height\":237,\"caption\":\"Ittermann electronic GmbH\"},\"image\":{\"@id\":\"https:\\\/\\\/iwell-guard.com\\\/ca\\\/#\\\/schema\\\/logo\\\/image\\\/\"},\"sameAs\":[\"https:\\\/\\\/pantip.com\\\/profile\\\/9367242\",\"https:\\\/\\\/micro.blog\\\/iwellguard\",\"https:\\\/\\\/www.diggerslist.com\\\/iwellguard\\\/about\",\"https:\\\/\\\/skitterphoto.com\\\/photographers\\\/2870314\\\/iwell-guard\",\"https:\\\/\\\/iwellguard.wordpress.com\\\/2026\\\/06\\\/06\\\/iwell-guard\\\/\",\"https:\\\/\\\/hub.docker.com\\\/u\\\/iwellguard\",\"https:\\\/\\\/www.pinterest.com\\\/iwellguard\\\/\",\"https:\\\/\\\/bit.ly\\\/m\\\/iwellguard\",\"https:\\\/\\\/entre-vos-mains.alsace.eu\\\/profiles\\\/iwellguard\\\/activity\",\"https:\\\/\\\/gravatar.com\\\/reallybeded8fd34\",\"https:\\\/\\\/naijamatta.com\\\/iwellguard\",\"https:\\\/\\\/www.goodreads.com\\\/iwellguard\",\"https:\\\/\\\/profile.hatena.ne.jp\\\/iwellguard\\\/\",\"https:\\\/\\\/experiment.com\\\/users\\\/iwellguard\",\"https:\\\/\\\/wakelet.com\\\/@iWellGuard82270\",\"https:\\\/\\\/www.chordie.com\\\/forum\\\/profile.php?id=2555664\",\"https:\\\/\\\/www.instapaper.com\\\/p\\\/17757966\",\"https:\\\/\\\/www.mapleprimes.com\\\/users\\\/iwellguard\",\"https:\\\/\\\/businesslistingplus.com\\\/profile\\\/iwell-guard\\\/\",\"https:\\\/\\\/telegra.ph\\\/iWell-Guard-06-06\",\"https:\\\/\\\/pbase.com\\\/iwellguard\\\/iwellguard\",\"https:\\\/\\\/b.hatena.ne.jp\\\/iwellguard\\\/20260607#bookmark-4788405196491818882\",\"https:\\\/\\\/fliphtml5.com\\\/home\\\/iwellguard\",\"https:\\\/\\\/anyflip.com\\\/homepage\\\/cmiwl#About\",\"https:\\\/\\\/transfur.com\\\/Users\\\/iwellguard\",\"http:\\\/\\\/delphi.larsbo.org\\\/user\\\/iwellguard\",\"https:\\\/\\\/jobs.lajobsportal.org\\\/profiles\\\/8380803-iwell-guard\",\"https:\\\/\\\/md.chaosdorf.de\\\/s\\\/jfbe5SBdJD\",\"https:\\\/\\\/www.lingvolive.com\\\/en-us\\\/profile\\\/9ecaeaca-ce11-4e51-9e71-01d55e2bff36\\\/translations\",\"https:\\\/\\\/www.fitday.com\\\/fitness\\\/forums\\\/members\\\/iwellguard.html\",\"https:\\\/\\\/www.mymeetbook.com\\\/iwellguard\",\"https:\\\/\\\/pxhere.com\\\/en\\\/photographer-me\\\/5040798\",\"https:\\\/\\\/disqus.com\\\/by\\\/iwellguard\\\/about\\\/\",\"https:\\\/\\\/pastelink.net\\\/hjwciqwq\",\"https:\\\/\\\/pubhtml5.com\\\/homepage\\\/scjhn\\\/\",\"https:\\\/\\\/www.bitchute.com\\\/channel\\\/2O2eOKzNqujT\",\"https:\\\/\\\/audiomack.com\\\/iwellguard\"]}]}<\/script>\n<!-- \/ Yoast SEO Premium plugin. -->","yoast_head_json":{"title":"Tara - Bodhisattva de la compassi\u00f3","description":"Tara \u00e9s la figura budista femenina m\u00e9s important del Vajrayana: Tara Verda (activitat), Tara Blanca (guarici\u00f3), 21 aspectes de Tara.","robots":{"index":"index","follow":"follow","max-snippet":"max-snippet:-1","max-image-preview":"max-image-preview:large","max-video-preview":"max-video-preview:-1"},"canonical":"https:\/\/iwell-guard.com\/ca\/tara\/","og_locale":"ca_ES","og_type":"article","og_title":"Tara","og_description":"Tara \u00e9s la figura budista femenina m\u00e9s important del Vajrayana: Tara Verda (activitat), Tara Blanca (guarici\u00f3), 21 aspectes de Tara.","og_url":"https:\/\/iwell-guard.com\/ca\/tara\/","og_site_name":"iWell Guard","article_modified_time":"2026-09-05T16:08:44+00:00","og_image":[{"width":1024,"height":1536,"url":"https:\/\/iwell-guard.com\/wp-content\/uploads\/2026\/05\/goetter_buddhismus_tara.webp","type":"image\/webp"}],"twitter_card":"summary_large_image","schema":{"@context":"https:\/\/schema.org","@graph":[{"@type":"WebPage","@id":"https:\/\/iwell-guard.com\/ca\/tara\/","url":"https:\/\/iwell-guard.com\/ca\/tara\/","name":"Tara - Bodhisattva de la compassi\u00f3","isPartOf":{"@id":"https:\/\/iwell-guard.com\/ca\/#website"},"primaryImageOfPage":{"@id":"https:\/\/iwell-guard.com\/ca\/tara\/#primaryimage"},"image":{"@id":"https:\/\/iwell-guard.com\/ca\/tara\/#primaryimage"},"thumbnailUrl":"https:\/\/iwell-guard.com\/wp-content\/uploads\/2026\/05\/goetter_buddhismus_tara.webp","datePublished":"2026-09-05T15:42:57+00:00","dateModified":"2026-09-05T16:08:44+00:00","description":"Tara \u00e9s la figura budista femenina m\u00e9s important del Vajrayana: Tara Verda (activitat), Tara Blanca (guarici\u00f3), 21 aspectes de Tara.","breadcrumb":{"@id":"https:\/\/iwell-guard.com\/ca\/tara\/#breadcrumb"},"inLanguage":"ca","potentialAction":[{"@type":"ReadAction","target":["https:\/\/iwell-guard.com\/ca\/tara\/"]}]},{"@type":"ImageObject","inLanguage":"ca","@id":"https:\/\/iwell-guard.com\/ca\/tara\/#primaryimage","url":"https:\/\/iwell-guard.com\/wp-content\/uploads\/2026\/05\/goetter_buddhismus_tara.webp","contentUrl":"https:\/\/iwell-guard.com\/wp-content\/uploads\/2026\/05\/goetter_buddhismus_tara.webp","width":1024,"height":1536,"caption":"D\u00e9us de la tradici\u00f3 budista."},{"@type":"BreadcrumbList","@id":"https:\/\/iwell-guard.com\/ca\/tara\/#breadcrumb","itemListElement":[{"@type":"ListItem","position":1,"name":"Start","item":"https:\/\/iwell-guard.com\/ca\/?page_id=171333"},{"@type":"ListItem","position":2,"name":"Tara"}]},{"@type":"WebSite","@id":"https:\/\/iwell-guard.com\/ca\/#website","url":"https:\/\/iwell-guard.com\/ca\/","name":"iWell Guard","description":"Schutz vor dunklen Einfl\u00fcssen","publisher":{"@id":"https:\/\/iwell-guard.com\/ca\/#organization"},"potentialAction":[{"@type":"SearchAction","target":{"@type":"EntryPoint","urlTemplate":"https:\/\/iwell-guard.com\/ca\/?s={search_term_string}"},"query-input":{"@type":"PropertyValueSpecification","valueRequired":true,"valueName":"search_term_string"}}],"inLanguage":"ca"},{"@type":"Organization","@id":"https:\/\/iwell-guard.com\/ca\/#organization","name":"Ittermann electronic GmbH","url":"https:\/\/iwell-guard.com\/ca\/","logo":{"@type":"ImageObject","inLanguage":"ca","@id":"https:\/\/iwell-guard.com\/ca\/#\/schema\/logo\/image\/","url":"https:\/\/iwell-guard.com\/wp-content\/uploads\/2026\/05\/Ittermann-Logo-1182x237-1.png","contentUrl":"https:\/\/iwell-guard.com\/wp-content\/uploads\/2026\/05\/Ittermann-Logo-1182x237-1.png","width":1182,"height":237,"caption":"Ittermann electronic GmbH"},"image":{"@id":"https:\/\/iwell-guard.com\/ca\/#\/schema\/logo\/image\/"},"sameAs":["https:\/\/pantip.com\/profile\/9367242","https:\/\/micro.blog\/iwellguard","https:\/\/www.diggerslist.com\/iwellguard\/about","https:\/\/skitterphoto.com\/photographers\/2870314\/iwell-guard","https:\/\/iwellguard.wordpress.com\/2026\/06\/06\/iwell-guard\/","https:\/\/hub.docker.com\/u\/iwellguard","https:\/\/www.pinterest.com\/iwellguard\/","https:\/\/bit.ly\/m\/iwellguard","https:\/\/entre-vos-mains.alsace.eu\/profiles\/iwellguard\/activity","https:\/\/gravatar.com\/reallybeded8fd34","https:\/\/naijamatta.com\/iwellguard","https:\/\/www.goodreads.com\/iwellguard","https:\/\/profile.hatena.ne.jp\/iwellguard\/","https:\/\/experiment.com\/users\/iwellguard","https:\/\/wakelet.com\/@iWellGuard82270","https:\/\/www.chordie.com\/forum\/profile.php?id=2555664","https:\/\/www.instapaper.com\/p\/17757966","https:\/\/www.mapleprimes.com\/users\/iwellguard","https:\/\/businesslistingplus.com\/profile\/iwell-guard\/","https:\/\/telegra.ph\/iWell-Guard-06-06","https:\/\/pbase.com\/iwellguard\/iwellguard","https:\/\/b.hatena.ne.jp\/iwellguard\/20260607#bookmark-4788405196491818882","https:\/\/fliphtml5.com\/home\/iwellguard","https:\/\/anyflip.com\/homepage\/cmiwl#About","https:\/\/transfur.com\/Users\/iwellguard","http:\/\/delphi.larsbo.org\/user\/iwellguard","https:\/\/jobs.lajobsportal.org\/profiles\/8380803-iwell-guard","https:\/\/md.chaosdorf.de\/s\/jfbe5SBdJD","https:\/\/www.lingvolive.com\/en-us\/profile\/9ecaeaca-ce11-4e51-9e71-01d55e2bff36\/translations","https:\/\/www.fitday.com\/fitness\/forums\/members\/iwellguard.html","https:\/\/www.mymeetbook.com\/iwellguard","https:\/\/pxhere.com\/en\/photographer-me\/5040798","https:\/\/disqus.com\/by\/iwellguard\/about\/","https:\/\/pastelink.net\/hjwciqwq","https:\/\/pubhtml5.com\/homepage\/scjhn\/","https:\/\/www.bitchute.com\/channel\/2O2eOKzNqujT","https:\/\/audiomack.com\/iwellguard"]}]}},"_links":{"self":[{"href":"https:\/\/iwell-guard.com\/ca\/wp-json\/wp\/v2\/pages\/171848","targetHints":{"allow":["GET"]}}],"collection":[{"href":"https:\/\/iwell-guard.com\/ca\/wp-json\/wp\/v2\/pages"}],"about":[{"href":"https:\/\/iwell-guard.com\/ca\/wp-json\/wp\/v2\/types\/page"}],"author":[{"embeddable":true,"href":"https:\/\/iwell-guard.com\/ca\/wp-json\/wp\/v2\/users\/3"}],"replies":[{"embeddable":true,"href":"https:\/\/iwell-guard.com\/ca\/wp-json\/wp\/v2\/comments?post=171848"}],"version-history":[{"count":0,"href":"https:\/\/iwell-guard.com\/ca\/wp-json\/wp\/v2\/pages\/171848\/revisions"}],"wp:featuredmedia":[{"embeddable":true,"href":"https:\/\/iwell-guard.com\/ca\/wp-json\/wp\/v2\/media\/3278"}],"wp:attachment":[{"href":"https:\/\/iwell-guard.com\/ca\/wp-json\/wp\/v2\/media?parent=171848"}],"wp:term":[{"taxonomy":"category","embeddable":true,"href":"https:\/\/iwell-guard.com\/ca\/wp-json\/wp\/v2\/categories?post=171848"}],"curies":[{"name":"wp","href":"https:\/\/api.w.org\/{rel}","templated":true}]}}