{"id":171839,"date":"2026-09-05T15:42:52","date_gmt":"2026-09-05T15:42:52","guid":{"rendered":"https:\/\/iwell-guard.com\/?page_id=171839"},"modified":"2026-09-05T16:08:34","modified_gmt":"2026-09-05T16:08:34","slug":"ebisu","status":"publish","type":"page","link":"https:\/\/iwell-guard.com\/ca\/ebisu\/","title":{"rendered":"Ebisu"},"content":{"rendered":"\t\t<div data-elementor-type=\"wp-page\" data-elementor-id=\"171839\" class=\"elementor elementor-171839 elementor-3028 elementor-bc-flex-widget\" data-elementor-post-type=\"page\">\n\t\t\t\t<div class=\"elementor-element elementor-element-e596cf6 e-flex e-con-boxed e-con e-parent\" data-id=\"e596cf6\" data-element_type=\"container\" data-e-type=\"container\" data-settings=\"{&quot;background_background&quot;:&quot;classic&quot;}\">\n\t\t\t\t\t<div class=\"e-con-inner\">\n\t\t<div class=\"elementor-element elementor-element-f940558 e-flex e-con-boxed e-con e-child\" data-id=\"f940558\" data-element_type=\"container\" data-e-type=\"container\">\n\t\t\t\t\t<div class=\"e-con-inner\">\n\t\t<div class=\"elementor-element elementor-element-a06094f e-con-full e-flex e-con e-child\" data-id=\"a06094f\" data-element_type=\"container\" data-e-type=\"container\">\n\t\t\t\t<div class=\"elementor-element elementor-element-7063de9 elementor-widget elementor-widget-heading\" data-id=\"7063de9\" data-element_type=\"widget\" data-e-type=\"widget\" data-widget_type=\"heading.default\">\n\t\t\t\t\t<h1 class=\"elementor-heading-title elementor-size-default\">Ebisu, d\u00e9u japon\u00e8s de la sort i dels pescadors<\/h1>\t\t\t\t<\/div>\n\t\t\t\t<div class=\"elementor-element elementor-element-c0b75f5 elementor-widget elementor-widget-text-editor\" data-id=\"c0b75f5\" data-element_type=\"widget\" data-e-type=\"widget\" data-widget_type=\"text-editor.default\">\n\t\t\t\t\t\t\t\t\t<p>Ebisu \u00e9s el d\u00e9u japon\u00e8s de la sort i el protector dels pescadors i comerciants, a qui s&#8217;atribueix un tarann\u00e0 alegre i bondad\u00f3s. Ebisu, amb el nom complet Ebisu-no-<span class=\"iwg-fachbegriff\" data-tooltip=\"En el xintoisme japon\u00e8s, els esperits i poders divins venerats.\" tabindex=\"0\">Kami<\/span> (tamb\u00e9 anomenat Hiruko-no-Mikoto o Kotoshironushi-no-<span class=\"iwg-fachbegriff\" data-tooltip=\"En el xintoisme japon\u00e8s, els esperits i poders divins venerats.\" tabindex=\"0\">Kami<\/span>), \u00e9s en el xintoisme japon\u00e8s la <span class=\"iwg-fachbegriff\" data-tooltip=\"Un \u00e9sser venerat com a div\u00ed dins d'una religi\u00f3.\" tabindex=\"0\">divinitat<\/span> de la pesca, el comer\u00e7 i la sort.<\/p><p>Pertany als \u00abShichifukujin\u00bb, els Set D\u00e9us de la Sort, i \u00e9s l&#8217;\u00fanic dels set que \u00e9s un <span class=\"iwg-fachbegriff\" data-tooltip=\"En el xintoisme japon\u00e8s, els esperits i poders divins venerats.\" tabindex=\"0\">kami<\/span> genu\u00efnament japon\u00e8s; els altres sis provenen del <span class=\"iwg-fachbegriff\" data-tooltip=\"El conjunt dels d\u00e9us d'una religi\u00f3 o cultura.\" tabindex=\"0\">pante\u00f3<\/span> xin\u00e8s o indi.<\/p><p>Ebisu se sol representar amb una daurada (tai) sota el bra\u00e7 i una canya de pescar a la m\u00e0; el rostre rod\u00f3 i somrient i la t\u00fanica encoixinada el converteixen en un dels sants populars m\u00e9s estimats del Jap\u00f3.<\/p>\t\t\t\t\t\t\t\t<\/div>\n\t\t\t\t<\/div>\n\t\t<div class=\"elementor-element elementor-element-6a79c34 e-con-full e-flex e-con e-parent\" data-id=\"6a79c34\" data-element_type=\"container\" data-e-type=\"container\">\n\t\t\t\t<div class=\"elementor-element elementor-element-a7c895f elementor-widget elementor-widget-html\" data-id=\"a7c895f\" data-element_type=\"widget\" data-e-type=\"widget\" data-widget_type=\"html.default\">\n\t\t\t\t\t<div class=\"iwg-pill-row\"><span class=\"iwg-klasse-badge\" tabindex=\"0\" data-tooltip=\"D\u00e9u \/ Deessa: Poder personificat suprem en el pante\u00f3 d'una cultura, amb \u00e0mbits d'actuaci\u00f3 clars \u2014 forces naturals, dest\u00ed, guerra, fertilitat. Venerat mitjan\u00e7ant cultes, ofrenes i institucions de temple.\">D\u00e9u<\/span><a href=\"https:\/\/iwell-guard.com\/ca\/japo\/\" class=\"iwg-kultur-badge\" tabindex=\"0\" data-tooltip=\"Kami del Shint\u014d japon\u00e8s i mons budistes-yokai.\">Jap\u00f3<\/a><\/div>\t\t\t\t<\/div>\n\t\t\t\t<\/div>\n\t\t<div class=\"elementor-element elementor-element-c792d61 e-con-full e-flex e-con e-child\" data-id=\"c792d61\" data-element_type=\"container\" data-e-type=\"container\">\n\t\t\t\t<div class=\"elementor-element elementor-element-a06e544 elementor-toc--minimized-on-tablet elementor-widget elementor-widget-table-of-contents\" data-id=\"a06e544\" data-element_type=\"widget\" data-e-type=\"widget\" data-settings=\"{&quot;exclude_headings_by_selector&quot;:[],&quot;no_headings_message&quot;:&quot;No s&#039;ha trobat cap encap\\u00e7alament en aquesta p\\u00e0gina.&quot;,&quot;headings_by_tags&quot;:[&quot;h2&quot;,&quot;h3&quot;],&quot;marker_view&quot;:&quot;bullets&quot;,&quot;icon&quot;:{&quot;value&quot;:&quot;fas fa-circle&quot;,&quot;library&quot;:&quot;fa-solid&quot;,&quot;rendered_tag&quot;:&quot;&lt;svg class=\\&quot;e-font-icon-svg e-fas-circle\\&quot; viewBox=\\&quot;0 0 512 512\\&quot; xmlns=\\&quot;http:\\\/\\\/www.w3.org\\\/2000\\\/svg\\&quot;&gt;&lt;path d=\\&quot;M256 8C119 8 8 119 8 256s111 248 248 248 248-111 248-248S393 8 256 8z\\&quot;&gt;&lt;\\\/path&gt;&lt;\\\/svg&gt;&quot;},&quot;minimize_box&quot;:&quot;yes&quot;,&quot;minimized_on&quot;:&quot;tablet&quot;,&quot;hierarchical_view&quot;:&quot;yes&quot;,&quot;min_height&quot;:{&quot;unit&quot;:&quot;px&quot;,&quot;size&quot;:&quot;&quot;,&quot;sizes&quot;:[]},&quot;min_height_tablet&quot;:{&quot;unit&quot;:&quot;px&quot;,&quot;size&quot;:&quot;&quot;,&quot;sizes&quot;:[]},&quot;min_height_mobile&quot;:{&quot;unit&quot;:&quot;px&quot;,&quot;size&quot;:&quot;&quot;,&quot;sizes&quot;:[]}}\" data-widget_type=\"table-of-contents.default\">\n\t\t\t\t\t\t\t\t\t<div class=\"elementor-toc__header\">\n\t\t\t\t\t\t<h2 class=\"elementor-toc__header-title\">\n\t\t\t\t\u00cdndex\t\t\t<\/h2>\n\t\t\t\t\t\t\t\t\t\t<div class=\"elementor-toc__toggle-button elementor-toc__toggle-button--expand\" role=\"button\" tabindex=\"0\" aria-controls=\"elementor-toc__a06e544\" aria-expanded=\"true\" aria-label=\"Open table of contents\"><svg aria-hidden=\"true\" class=\"e-font-icon-svg e-fas-chevron-down\" viewBox=\"0 0 448 512\" xmlns=\"http:\/\/www.w3.org\/2000\/svg\"><path d=\"M207.029 381.476L12.686 187.132c-9.373-9.373-9.373-24.569 0-33.941l22.667-22.667c9.357-9.357 24.522-9.375 33.901-.04L224 284.505l154.745-154.021c9.379-9.335 24.544-9.317 33.901.04l22.667 22.667c9.373 9.373 9.373 24.569 0 33.941L240.971 381.476c-9.373 9.372-24.569 9.372-33.942 0z\"><\/path><\/svg><\/div>\n\t\t\t\t<div class=\"elementor-toc__toggle-button elementor-toc__toggle-button--collapse\" role=\"button\" tabindex=\"0\" aria-controls=\"elementor-toc__a06e544\" aria-expanded=\"true\" aria-label=\"Close table of contents\"><svg aria-hidden=\"true\" class=\"e-font-icon-svg e-fas-chevron-up\" viewBox=\"0 0 448 512\" xmlns=\"http:\/\/www.w3.org\/2000\/svg\"><path d=\"M240.971 130.524l194.343 194.343c9.373 9.373 9.373 24.569 0 33.941l-22.667 22.667c-9.357 9.357-24.522 9.375-33.901.04L224 227.495 69.255 381.516c-9.379 9.335-24.544 9.317-33.901-.04l-22.667-22.667c-9.373-9.373-9.373-24.569 0-33.941L207.03 130.525c9.372-9.373 24.568-9.373 33.941-.001z\"><\/path><\/svg><\/div>\n\t\t\t\t\t<\/div>\n\t\t\t\t<div id=\"elementor-toc__a06e544\" class=\"elementor-toc__body\">\n\t\t\t<div class=\"elementor-toc__spinner-container\">\n\t\t\t\t<svg class=\"elementor-toc__spinner eicon-animation-spin e-font-icon-svg e-eicon-loading\" aria-hidden=\"true\" viewBox=\"0 0 1000 1000\" xmlns=\"http:\/\/www.w3.org\/2000\/svg\"><path d=\"M500 975V858C696 858 858 696 858 500S696 142 500 142 142 304 142 500H25C25 237 238 25 500 25S975 237 975 500 763 975 500 975Z\"><\/path><\/svg>\t\t\t<\/div>\n\t\t<\/div>\n\t\t\t\t\t\t<\/div>\n\t\t\t\t<\/div>\n\t\t\t\t\t<\/div>\n\t\t\t\t<\/div>\n\t\t<div class=\"elementor-element elementor-element-0deddc1 e-con-full e-flex e-con e-child\" data-id=\"0deddc1\" data-element_type=\"container\" data-e-type=\"container\">\n\t\t\t\t<div class=\"elementor-element elementor-element-0be5082 iwg-hero-image elementor-widget elementor-widget-image\" data-id=\"0be5082\" data-element_type=\"widget\" data-e-type=\"widget\" data-widget_type=\"image.default\">\n\t\t\t\t\t\t\t\t\t\t\t\t\t\t\t<img fetchpriority=\"high\" decoding=\"async\" width=\"683\" height=\"1024\" src=\"https:\/\/iwell-guard.com\/wp-content\/uploads\/2026\/05\/goetter_japan_ebisu-683x1024.webp\" class=\"attachment-large size-large wp-image-173474\" alt=\"Ebisu - D\u00e9us de la tradici\u00f3 japonesa, il\u00b7lustratiu i hist\u00f2ric\" srcset=\"https:\/\/iwell-guard.com\/wp-content\/uploads\/2026\/05\/goetter_japan_ebisu-683x1024.webp 683w, https:\/\/iwell-guard.com\/wp-content\/uploads\/2026\/05\/goetter_japan_ebisu-200x300.webp 200w, https:\/\/iwell-guard.com\/wp-content\/uploads\/2026\/05\/goetter_japan_ebisu-768x1152.webp 768w, https:\/\/iwell-guard.com\/wp-content\/uploads\/2026\/05\/goetter_japan_ebisu.webp 1024w\" sizes=\"(max-width: 683px) 100vw, 683px\" \/>\t\t\t\t\t\t\t\t\t\t\t\t\t\t\t<\/div>\n\t\t\t\t<\/div>\n\t\t\t\t\t<\/div>\n\t\t\t\t<\/div>\n\t\t<div class=\"elementor-element elementor-element-df66f2c e-con-boxed e-flex e-con e-parent\" data-id=\"df66f2c\" data-element_type=\"container\" data-e-type=\"container\">\n\t\t\t\t\t<div class=\"e-con-inner\">\n\t\t<div class=\"elementor-element elementor-element-e184278 e-con-full e-flex e-con e-child\" data-id=\"e184278\" data-element_type=\"container\" data-e-type=\"container\">\n\t\t\t\t<div class=\"elementor-element elementor-element-8d59b40 elementor-widget elementor-widget-heading\" data-id=\"8d59b40\" data-element_type=\"widget\" data-e-type=\"widget\" data-widget_type=\"heading.default\">\n\t\t\t\t\t<h2 class=\"elementor-heading-title elementor-size-default\">Identificaci\u00f3 i doble naturalesa<\/h2>\t\t\t\t<\/div>\n\t\t\t\t<div class=\"elementor-element elementor-element-3b0a822 elementor-widget elementor-widget-text-editor\" data-id=\"3b0a822\" data-element_type=\"widget\" data-e-type=\"widget\" data-widget_type=\"text-editor.default\">\n\t\t\t\t\t\t\t\t\t<p>Des del punt de vista de la hist\u00f2ria de les religions, Ebisu no es pot atribuir a una \u00fanica figura m\u00edtica, sin\u00f3 que, segons la tradici\u00f3, s&#8217;identifica amb diversos <span class=\"iwg-fachbegriff\" data-tooltip=\"En el sintoisme japon\u00e8s, els esperits i poders divins venerats.\" tabindex=\"0\">Kami<\/span>. Les dues identificacions m\u00e9s importants s\u00f3n Hiruko i Kotoshironushi.<\/p>\n<p>Hiruko, l&#8217;\u00abinfant sangonera\u00bb, \u00e9s el primer fill deforme d&#8217;Izanagi i Izanami segons el \u00abKojiki\u00bb i el \u00abNihon Shoki\u00bb. Com que despr\u00e9s de tres anys encara no es podia posar dret, els pares el van abandonar en una barca de canyes i el van lliurar al mar.<\/p><p>En la tradici\u00f3 medieval, aquest infant abandonat es va relacionar amb el mar i la pesca, i finalment va ser de\u00efficat com a Ebisu. La tradici\u00f3 de santuari m\u00e9s important d&#8217;aquesta identificaci\u00f3 \u00e9s el Nishinomiya-jinja, a Hy\u014dgo.<\/p>\n<p>Kotoshironushi, fill d&#8217;\u014ckuninushi, \u00e9s considerat al \u00abKojiki\u00bb com el <span class=\"iwg-fachbegriff\" data-tooltip=\"En el sintoisme japon\u00e8s, els esperits i poders divins venerats.\" tabindex=\"0\">Kami<\/span> que consent la transfer\u00e8ncia del domini de la terra als d\u00e9us del cel i es retira al mar.<\/p><p>D&#8217;aquest episodi es va derivar a l&#8217;edat mitjana un <span class=\"iwg-fachbegriff\" data-tooltip=\"En el sintoisme japon\u00e8s, els esperits i poders divins venerats.\" tabindex=\"0\">Kami<\/span> pescador. Aquesta identificaci\u00f3 \u00e9s la predominant a l&#8217;Imamiya-Ebisu-jinja d&#8217;Osaka. Ambdues tradicions coexisteixen fins avui en paral\u00b7lel, sense que s&#8217;hagi produ\u00eft una harmonitzaci\u00f3 oficial.<\/p>\t\t\t\t\t\t\t\t<\/div>\n\t\t\t\t<\/div>\n\t\t<div class=\"elementor-element elementor-element-a1daa03 e-con-full e-flex e-con e-child\" data-id=\"a1daa03\" data-element_type=\"container\" data-e-type=\"container\">\n\t\t\t\t<div class=\"elementor-element elementor-element-3a4bb97 elementor-widget elementor-widget-heading\" data-id=\"3a4bb97\" data-element_type=\"widget\" data-e-type=\"widget\" data-widget_type=\"heading.default\">\n\t\t\t\t\t<h2 class=\"elementor-heading-title elementor-size-default\">Mite i origen<\/h2>\t\t\t\t<\/div>\n\t\t\t\t<div class=\"elementor-element elementor-element-feaf10d elementor-widget elementor-widget-text-editor\" data-id=\"feaf10d\" data-element_type=\"widget\" data-e-type=\"widget\" data-widget_type=\"text-editor.default\">\n\t\t\t\t\t\t\t\t\t<p>El relat de Hiruko obre el \u00abKojiki\u00bb: Izanagi i Izanami volten la columna celestial, per\u00f2 com que Izanami parla primer, el primer naixement surt malm\u00e8s. L&#8217;infant \u00e9s abandonat en una barca de canyes.<\/p><p>El relat m\u00edtic s&#8217;atura aqu\u00ed; el pensament popular japon\u00e8s medieval el va continuar, fent que Hiruko arrib\u00e9s a la costa de Settsu (avui Hy\u014dgo), on uns pescadors el van recollir i el van venerar com Ebisu. Aquest relat no est\u00e0 documentat en les fonts m\u00e9s antigues, per\u00f2 apareix en llegendes de <span class=\"iwg-fachbegriff\" data-tooltip=\"Un petit lloc sagrat de cust\u00f2dia o de devoci\u00f3.\" tabindex=\"0\">santuari<\/span> medievals.<\/p>\n<p>Des del punt de vista de la hist\u00f2ria de les religions, Ebisu pertany aix\u00ed a la classe \u00e0mpliament difosa dels \u00abHy\u014dchaku-shin\u00bb (\u00abd\u00e9us de platja\u00bb), venerats com a \u00e9ssers arribats a la deriva. Nelly Naumann va estudiar aquestes divinitats de platja en diversos assaigs com un fenomen t\u00edpic de la religiositat pesquera del Pac\u00edfic. Figures emparentades es troben en la tradici\u00f3 ainu (amb el d\u00e9u balena Repun-Kamuy) i en la religi\u00f3 de les Ry\u016bky\u016b.<\/p>\t\t\t\t\t\t\t\t<\/div>\n\t\t\t\t<\/div>\n\t\t<div class=\"elementor-element elementor-element-dc554a0 e-con-full e-flex e-con e-child\" data-id=\"dc554a0\" data-element_type=\"container\" data-e-type=\"container\">\n\t\t\t\t<div class=\"elementor-element elementor-element-42610fb elementor-widget elementor-widget-heading\" data-id=\"42610fb\" data-element_type=\"widget\" data-e-type=\"widget\" data-widget_type=\"heading.default\">\n\t\t\t\t\t<h2 class=\"elementor-heading-title elementor-size-default\">Iconografia i s\u00edmbols<\/h2>\t\t\t\t<\/div>\n\t\t\t\t<div class=\"elementor-element elementor-element-934bda7 elementor-widget elementor-widget-text-editor\" data-id=\"934bda7\" data-element_type=\"widget\" data-e-type=\"widget\" data-widget_type=\"text-editor.default\">\n\t\t\t\t\t\t\t\t\t<p>En les arts visuals, Ebisu es defineix des de l&#8217;inici del per\u00edode Edo (segle XVII) per una <span class=\"iwg-fachbegriff\" data-tooltip=\"L'estudi del contingut de les imatges i del seu significat.\" tabindex=\"0\">iconografia<\/span> clarament fixada: rostre rodanx\u00f3 i somrient, gorra negra alta (\u00abKazaori-eboshi\u00bb), t\u00fanica encoixinada en vermell o blau, amb una canya de pescar a la m\u00e0 dreta i un gran besuc (Tai) a la m\u00e0 esquerra.<\/p><p>El besuc \u00e9s <span class=\"iwg-fachbegriff\" data-tooltip=\"Un signe que representa una idea o un significat.\" tabindex=\"0\">s\u00edmbol<\/span> de la sort (jap. \u00abmedetai\u00bb, \u00abportador de sort\u00bb), mentre que la canya simbolitza el treball honest i pacient. De vegades Ebisu apareix assegut sobre una bola d&#8217;arr\u00f2s o una roca.<\/p>\n<p>Un tret particular \u00e9s la representaci\u00f3 freq\u00fcent amb l&#8217;orella embenada o tapada: es considera que Ebisu \u00e9s una mica sord, per la qual cosa els devots toquen la campana del <span class=\"iwg-fachbegriff\" data-tooltip=\"Un petit lloc sagrat de cust\u00f2dia o de devoci\u00f3.\" tabindex=\"0\">santuari<\/span> amb especial for\u00e7a i, en els seus dies de festa, sovint truquen als murs del santuari per fer-se sentir. Aquesta pr\u00e0ctica, anomenada \u00abEbisu-no-mimi-ate\u00bb, \u00e9s un costum popular ben viu.<\/p>\t\t\t\t\t\t\t\t<\/div>\n\t\t\t\t<\/div>\n\t\t<div class=\"elementor-element elementor-element-0f72a30 e-con-full e-flex e-con e-child\" data-id=\"0f72a30\" data-element_type=\"container\" data-e-type=\"container\">\n\t\t\t\t<div class=\"elementor-element elementor-element-b04ee83 elementor-widget elementor-widget-heading\" data-id=\"b04ee83\" data-element_type=\"widget\" data-e-type=\"widget\" data-widget_type=\"heading.default\">\n\t\t\t\t\t<h2 class=\"elementor-heading-title elementor-size-default\">Veneraci\u00f3 i santuaris principals<\/h2>\t\t\t\t<\/div>\n\t\t\t\t<div class=\"elementor-element elementor-element-b32574d elementor-widget elementor-widget-text-editor\" data-id=\"b32574d\" data-element_type=\"widget\" data-e-type=\"widget\" data-widget_type=\"text-editor.default\">\n\t\t\t\t\t\t\t\t\t<p>Ebisu \u00e9s venerat en m\u00e9s de 3.500 santuaris, amb dos santuaris principals de tradicions diferents. Nishinomiya-jinja, a Nishinomiya (Hy\u014dgo), \u00e9s el <span class=\"iwg-fachbegriff\" data-tooltip=\"Un petit lloc sagrat de conservaci\u00f3 o de devoci\u00f3.\" tabindex=\"0\">santuari<\/span> principal de la tradici\u00f3 Hiruko i centre de la festa \u00abT\u014dka Ebisu\u00bb, que atreu cada any centenars de milers de <span class=\"iwg-fachbegriff\" data-tooltip=\"Una persona que empr\u00e8n un viatge de motivaci\u00f3 religiosa cap a un lloc sagrat.\" tabindex=\"0\">pelegrins<\/span> del 9 al 11 de gener.<\/p><p>El punt culminant \u00e9s la cursa \u00abFuku-otoko\u00bb (l&#8217;\u00abhome de la sort\u00bb) al mat\u00ed del 10 de gener: els homes corren des de la porta principal fins a la sala principal, i el primer a arribar \u00e9s coronat \u00abhome de la sort de l&#8217;any\u00bb.<\/p>\n<p>Imamiya-Ebisu-jinja, a Osaka, \u00e9s el santuari principal de la tradici\u00f3 Kotoshironushi i celebra igualment el \u00abToka-Ebisu\u00bb, amb rituals propis dels gremis de comerciants. Altres santuaris importants s\u00f3n Ky\u014dto-Ebisu-jinja, Kanda-My\u014djin a T\u00f2quio (on Ebisu \u00e9s un dels kami principals), Mihogahama a Shimane i el T\u014dky\u014d-Ebisu-jinja al barri d&#8217;Ebisu (que va donar nom al districte).<\/p>\n<p>El barri d&#8217;Ebisu a T\u00f2quio va rebre el nom d&#8217;una f\u00e0brica de cervesa que el 1890 va llan\u00e7ar la \u00abcervesa Yebisu\u00bb i va batejar el seu empla\u00e7ament amb el nom del d\u00e9u de la sort. L&#8217;estaci\u00f3, el nom del carrer i el barri circumdant conserven aquest nom fins avui.<\/p>\t\t\t\t\t\t\t\t<\/div>\n\t\t\t\t<\/div>\n\t\t<div class=\"elementor-element elementor-element-e789671 e-con-full e-flex e-con e-child\" data-id=\"e789671\" data-element_type=\"container\" data-e-type=\"container\">\n\t\t\t\t<div class=\"elementor-element elementor-element-22ec1d2 elementor-widget elementor-widget-heading\" data-id=\"22ec1d2\" data-element_type=\"widget\" data-e-type=\"widget\" data-widget_type=\"heading.default\">\n\t\t\t\t\t<h2 class=\"elementor-heading-title elementor-size-default\">Ebisu entre els Shichifukujin<\/h2>\t\t\t\t<\/div>\n\t\t\t\t<div class=\"elementor-element elementor-element-da78d90 elementor-widget elementor-widget-text-editor\" data-id=\"da78d90\" data-element_type=\"widget\" data-e-type=\"widget\" data-widget_type=\"text-editor.default\">\n\t\t\t\t\t\t\t\t\t<p>Els Set D\u00e9us de la Sort (Shichifukujin) formen, des de la fi de l&#8217;edat mitjana (segle XV), un grup iconogr\u00e0fic ben establert, venerat en imatges d&#8217;any nou i com a conjunt conjunt en santuaris.<\/p><p>A m\u00e9s d&#8217;Ebisu, en formen part: Daikokuten (Mah\u0101k\u0101la, \u00cdndia, prosperitat), Bishamonten (Vai\u015brava\u1e47a, \u00cdndia, protecci\u00f3 guerrera), Benzaiten (Sarasvat\u012b, \u00cdndia, arts i aigua), Fukurokuju (Xina, longevitat), Jur\u014djin (Xina, longevitat) i Hotei (Budai, Xina, satisfacci\u00f3). El grup uneix elements shintoistes, budistes i taoistes, i \u00e9s un exemple clau de la cultura de <span class=\"iwg-fachbegriff\" data-tooltip=\"Fusi\u00f3 d'idees o divinitats procedents de diferents tradicions religioses.\" tabindex=\"0\">sincretisme<\/span> japon\u00e8s del per\u00edode Muromachi.<\/p>\n<p>En les celebracions d&#8217;Any Nou, moltes cases exposen una imatge del \u00abTakarabune\u00bb: els set d\u00e9us a bord d&#8217;un vaixell del tresor que ha d&#8217;apar\u00e8ixer en somnis la nit de Cap d&#8217;Any. Aquesta tradici\u00f3 est\u00e0 documentada extensament al \u00abEdo-meisho-zue\u00bb (1834).<\/p>\t\t\t\t\t\t\t\t<\/div>\n\t\t\t\t<\/div>\n\t\t<div class=\"elementor-element elementor-element-7f64fb9 e-con-full e-flex e-con e-child\" data-id=\"7f64fb9\" data-element_type=\"container\" data-e-type=\"container\">\n\t\t\t\t<div class=\"elementor-element elementor-element-769a68c elementor-widget elementor-widget-heading\" data-id=\"769a68c\" data-element_type=\"widget\" data-e-type=\"widget\" data-widget_type=\"heading.default\">\n\t\t\t\t\t<h2 class=\"elementor-heading-title elementor-size-default\">Rituals, ofrenes i festes<\/h2>\t\t\t\t<\/div>\n\t\t\t\t<div class=\"elementor-element elementor-element-b87db78 elementor-widget elementor-widget-text-editor\" data-id=\"b87db78\" data-element_type=\"widget\" data-e-type=\"widget\" data-widget_type=\"text-editor.default\">\n\t\t\t\t\t\t\t\t\t<p>La festa m\u00e9s important \u00e9s el T\u014dka-Ebisu, el 10 de gener (amb vig\u00edlia i cloenda el 9 i l&#8217;11), durant la qual els devots ofereixen sake, besuc, mongetes, arr\u00f2s i petits amulets de la sort (\u00abFuku-zasa\u00bb, bamb\u00fa de la sort amb petites boles d&#8217;arr\u00f2s i monedes d&#8217;or).<\/p><p>Aquestes branques de bamb\u00fa es lliuren als <span class=\"iwg-fachbegriff\" data-tooltip=\"Una persona que empr\u00e8n un viatge de motivaci\u00f3 religiosa cap a un lloc sagrat.\" tabindex=\"0\">pelegrins<\/span> a canvi de donatius i es col\u00b7loquen als negocis, on han d&#8217;assegurar la sort comercial durant tot l&#8217;any. A la tardor (el 20 d&#8217;octubre o una data similar, segons la regi\u00f3) t\u00e9 lloc l&#8217;\u00abEbisu-k\u014d\u00bb: els comerciants ofereixen un banquet als seus socis comercials i donen gr\u00e0cies a Ebisu per l&#8217;any transcorregut.<\/p>\n<p>En les festes de pescadors al llarg de la costa, s&#8217;ofereix a Ebisu les primeres captures de la temporada. En el per\u00edode Edo era costum instal\u00b7lar una \u00abEbisu-da-iko\u00bb (llanterna d&#8217;Ebisu) durant la temporada de pesca i dedicar-li cada mat\u00ed el primer besuc, abans de dur-lo al mercat.<\/p>\t\t\t\t\t\t\t\t<\/div>\n\t\t\t\t<\/div>\n\t\t<div class=\"elementor-element elementor-element-7a5f6d5 e-con-full e-flex e-con e-child\" data-id=\"7a5f6d5\" data-element_type=\"container\" data-e-type=\"container\">\n\t\t\t\t<div class=\"elementor-element elementor-element-a66e6aa elementor-widget elementor-widget-heading\" data-id=\"a66e6aa\" data-element_type=\"widget\" data-e-type=\"widget\" data-widget_type=\"heading.default\">\n\t\t\t\t\t<h2 class=\"elementor-heading-title elementor-size-default\">Classificaci\u00f3 dins la hist\u00f2ria de les religions<\/h2>\t\t\t\t<\/div>\n\t\t\t\t<div class=\"elementor-element elementor-element-b68bf96 elementor-widget elementor-widget-text-editor\" data-id=\"b68bf96\" data-element_type=\"widget\" data-e-type=\"widget\" data-widget_type=\"text-editor.default\">\n\t\t\t\t\t\t\t\t\t<p>Ebisu resulta cient\u00edficament interessant per diversos motius: com a t\u00edpic <span class=\"iwg-fachbegriff\" data-tooltip=\"En el shinto japon\u00e8s, els esperits venerats i les forces divines.\" tabindex=\"0\">kami<\/span> de platja, com a figura central de la pietat comercial urbana del per\u00edode Edo i com a \u00fanic representant genu\u00efnament japon\u00e8s dins dels Shichifukujin.<\/p><p>Helen Hardacre i Bernhard Scheid han documentat en diversos treballs el paper d&#8217;Ebisu en el desenvolupament de la religiositat comercial japonesa. Klaus Vollmer ha estudiat la connexi\u00f3 entre els relats medievals de Hiruko i la tradici\u00f3 narrativa oral dels pobles pescadors japonesos. Nelly Naumann ha analitzat el parentiu amb els d\u00e9us de platja de les illes Ry\u016bky\u016b (el complex \u00abNiraikanai\u00bb).<\/p>\n<p>Estructuralment, Ebisu presenta paral\u00b7lelismes amb Hermes (Gr\u00e8cia) i Mercuri (Roma) com a d\u00e9u protector dels comerciants, amb Posid\u00f3 i Nept\u00fa com a d\u00e9u del mar, i amb Lakshmi (hinduisme) com a deessa de la sort. Dins el <span class=\"iwg-fachbegriff\" data-tooltip=\"El conjunt de d\u00e9us d'una religi\u00f3 o cultura.\" tabindex=\"0\">pante\u00f3<\/span> dels d\u00e9us de la sort de l&#8217;\u00c0sia oriental, la seva bonhomia de sord t\u00e9 un perfil propi, que el distingeix del poder sever de Bishamonten o de l&#8217;elegant gr\u00e0cia de Benzaiten.<\/p>\t\t\t\t\t\t\t\t<\/div>\n\t\t\t\t<\/div>\n\t\t<div class=\"elementor-element elementor-element-b37a11b e-con-full e-flex e-con e-child\" data-id=\"b37a11b\" data-element_type=\"container\" data-e-type=\"container\">\n\t\t\t\t<div class=\"elementor-element elementor-element-555376a elementor-widget elementor-widget-heading\" data-id=\"555376a\" data-element_type=\"widget\" data-e-type=\"widget\" data-widget_type=\"heading.default\">\n\t\t\t\t\t<h2 class=\"elementor-heading-title elementor-size-default\">Ebisu en la cultura popular<\/h2>\t\t\t\t<\/div>\n\t\t\t\t<div class=\"elementor-element elementor-element-e765de7 elementor-widget elementor-widget-text-editor\" data-id=\"e765de7\" data-element_type=\"widget\" data-e-type=\"widget\" data-widget_type=\"text-editor.default\">\n\t\t\t\t\t\t\t\t\t<p>Ebisu \u00e9s al Jap\u00f3 un <span class=\"iwg-fachbegriff\" data-tooltip=\"Un element tem\u00e0tic recurrent en art o narrativa.\" tabindex=\"0\">motiu<\/span> publicitari i de marca omnipresent: la cervesa Yebisu (1890), el barri Ebisu de T\u00f2quio, nombrosos restaurants, mascotes, targetes de la sort i c\u00f2mics. La seva figura rodona i amable \u00e9s un motiu est\u00e0ndard del g\u00e8nere japon\u00e8s \u00abEngimono\u00bb (amulets de la sort).<\/p><p>En manga i anime apareix regularment com a personatge secundari, i en jocs com \u00abPersona\u00bb i \u00abTouhou\u00bb amb manifestacions pr\u00f2pies. La vinculaci\u00f3 amb el 10 de gener com a dia de sort continua marcant fins avui el calendari comercial anual.<\/p>\t\t\t\t\t\t\t\t<\/div>\n\t\t\t\t<\/div>\n\t\t<div class=\"elementor-element elementor-element-9b5737f e-con-full e-flex e-con e-child\" data-id=\"9b5737f\" data-element_type=\"container\" data-e-type=\"container\">\n\t\t\t\t<div class=\"elementor-element elementor-element-d6242ed elementor-widget elementor-widget-heading\" data-id=\"d6242ed\" data-element_type=\"widget\" data-e-type=\"widget\" data-widget_type=\"heading.default\">\n\t\t\t\t\t<h2 class=\"elementor-heading-title elementor-size-default\">Fonts<\/h2>\t\t\t\t<\/div>\n\t\t\t\t<div class=\"elementor-element elementor-element-298d49b elementor-widget elementor-widget-text-editor\" data-id=\"298d49b\" data-element_type=\"widget\" data-e-type=\"widget\" data-widget_type=\"text-editor.default\">\n\t\t\t\t\t\t\t\t\t<div data-nosnippet=\"true\"><p>\u00abKojiki\u00bb (712), llibre I (episodi de Hiruko). \u00abNihon Shoki\u00bb (720), llibre I. \u00abEngishiki\u00bb (927). \u00abEdo-meisho-zue\u00bb (1834). Diverses llegendes medievals de <span class=\"iwg-fachbegriff\" data-tooltip=\"Un petit lloc sagrat de conservaci\u00f3 o de devoci\u00f3.\" tabindex=\"0\">santuari<\/span> (\u00abNishinomiya-engi\u00bb, \u00abImamiya-engi\u00bb). \u00abSaikaku Oridome\u00bb i altra literatura mercantil del per\u00edode Edo amb refer\u00e8ncies a Ebisu.<\/p>\n<p>Nelly Naumann, \u00abDie einheimische Religion Japans\u00bb, 2 volums, Leiden 1988 i 1994. Klaus Antoni, \u00abShint\u00f4 und die Konzeption des japanischen Nationalwesens\u00bb, Leiden 1998. Helen Hardacre, \u00ab<span class=\"iwg-fachbegriff\" data-tooltip=\"La religi\u00f3 ind\u00edgena del Jap\u00f3, marcada per la veneraci\u00f3 dels kami.\" tabindex=\"0\">Shinto<\/span>.<\/p><p>A History\u00bb, Oxford 2017. Joseph Kitagawa, \u00abReligion in Japanese History\u00bb, Nova York 1966. Klaus Vollmer, \u00abShint\u00f4 und Buddhismus\u00bb, Munic 2002. Bernhard Scheid, \u00abReligion-in-Japan: Ein digitales Handbuch\u00bb, Viena, en curs.<\/p><p>Inken Prohl, \u00abReligi\u00f6se Innovationen\u00bb, Berl\u00edn 2006. Reiko Chiba, \u00abThe Seven Lucky Gods of Japan\u00bb, T\u00f2quio 1966.<\/p><\/div>\t\t\t\t\t\t\t\t<\/div>\n\t\t\t\t<\/div>\n\t\t<div class=\"elementor-element elementor-element-760a69e e-con-full e-flex e-con e-child\" data-id=\"760a69e\" data-element_type=\"container\" data-e-type=\"container\">\n\t\t\t\t<div class=\"elementor-element elementor-element-f9f34d4 elementor-widget elementor-widget-heading\" data-id=\"f9f34d4\" data-element_type=\"widget\" data-e-type=\"widget\" data-widget_type=\"heading.default\">\n\t\t\t\t\t<h2 class=\"elementor-heading-title elementor-size-default\">Ebisu i la religiositat balenera<\/h2>\t\t\t\t<\/div>\n\t\t\t\t<div class=\"elementor-element elementor-element-15c0fca elementor-widget elementor-widget-text-editor\" data-id=\"15c0fca\" data-element_type=\"widget\" data-e-type=\"widget\" data-widget_type=\"text-editor.default\">\n\t\t\t\t\t\t\t\t\t<p>Un rastre particular de la tradici\u00f3 d&#8217;Ebisu \u00e9s la seva veneraci\u00f3 com a d\u00e9u balener en regions costaneres on es practicava la ca\u00e7a de balenes. A Wakayama, Kochi i Nagasaki, la balena mateixa \u00e9s considerada \u00abEbisu-sama\u00bb o \u00abEbisu-no-Maru\u00bb; en algunes tradicions de poble, una balena arribada a la costa \u00e9s rebuda <span class=\"iwg-fachbegriff\" data-tooltip=\"Que pertany a un proc\u00e9s d'acci\u00f3 religiosa establert.\" tabindex=\"0\">ritualment<\/span> com a Ebisu i interpretada com un regal d&#8217;Ebisu per a tota la comunitat.<\/p><p>Aquesta concepci\u00f3 forma part del conjunt dels \u00abHy\u014dchaku-shin\u00bb, les divinitats varades a la platja, i pertany a les capes m\u00e9s antigues de la religiositat d&#8217;Ebisu. Nelly Naumann ha documentat en diversos estudis detallats aquesta capa mar\u00edtima profunda de la tradici\u00f3.<\/p>\n<p>A Taiji (Wakayama), el centre tradicional de la ca\u00e7a de balenes al Jap\u00f3, encara existeix avui un <span class=\"iwg-fachbegriff\" data-tooltip=\"Un lloc sagrat dedicat a la veneraci\u00f3 d'una divinitat.\" tabindex=\"0\">santuari<\/span> commemoratiu de les balenes, on les \u00e0nimes de les balenes ca\u00e7ades s\u00f3n apaivagades <span class=\"iwg-fachbegriff\" data-tooltip=\"Que pertany a un proc\u00e9s d'acci\u00f3 religiosa establert.\" tabindex=\"0\">ritualment<\/span> (\u00abKuy\u014d\u00bb).<\/p><p>El <span class=\"iwg-fachbegriff\" data-tooltip=\"Un petit lloc sagrat de cust\u00f2dia o de devoci\u00f3.\" tabindex=\"0\">santuari<\/span> local d&#8217;Ebisu est\u00e0 estretament vinculat amb el <span class=\"iwg-fachbegriff\" data-tooltip=\"El conjunt d'actes de veneraci\u00f3 religiosa dedicats a una divinitat o figura sagrada.\" tabindex=\"0\">culte<\/span> a les balenes. Aquesta tradici\u00f3 es troba en tensi\u00f3 amb el moviment modern de protecci\u00f3 de les balenes i \u00e9s objecte d&#8217;estudis de sociologia religiosa sobre la controv\u00e8rsia japonesa de la ca\u00e7a de balenes.<\/p>\t\t\t\t\t\t\t\t<\/div>\n\t\t\t\t<\/div>\n\t\t<div class=\"elementor-element elementor-element-29e45cb e-con-full e-flex e-con e-child\" data-id=\"29e45cb\" data-element_type=\"container\" data-e-type=\"container\">\n\t\t\t\t<div class=\"elementor-element elementor-element-d62b7b4 elementor-widget elementor-widget-heading\" data-id=\"d62b7b4\" data-element_type=\"widget\" data-e-type=\"widget\" data-widget_type=\"heading.default\">\n\t\t\t\t\t<h2 class=\"elementor-heading-title elementor-size-default\">Ebisu i el culte mercantil urb\u00e0 de l'\u00e8poca Edo<\/h2>\t\t\t\t<\/div>\n\t\t\t\t<div class=\"elementor-element elementor-element-207f612 elementor-widget elementor-widget-text-editor\" data-id=\"207f612\" data-element_type=\"widget\" data-e-type=\"widget\" data-widget_type=\"text-editor.default\">\n\t\t\t\t\t\t\t\t\t<p>Amb la urbanitzaci\u00f3 de l&#8217;\u00e8poca Edo (1603 a 1867), la veneraci\u00f3 d&#8217;Ebisu es va traslladar del poble costaner a les ciutats en creixement d&#8217;Edo (Tokyo), Osaka i Kyoto. En aquesta fase va sorgir el <span class=\"iwg-fachbegriff\" data-tooltip=\"El conjunt d'actes de veneraci\u00f3 religiosa dedicats a una divinitat o figura sagrada.\" tabindex=\"0\">culte<\/span> urb\u00e0 d&#8217;Ebisu, en el qual la <span class=\"iwg-fachbegriff\" data-tooltip=\"Un \u00e9sser venerat com a div\u00ed dins d'una religi\u00f3.\" tabindex=\"0\">divinitat<\/span> era entesa menys com a protector dels pescadors i m\u00e9s com a d\u00e9u protector del comer\u00e7 i de la pietat comercial.<\/p><p>Els artesans de Sakai i les cases d&#8217;hostatge de riu d&#8217;Hokkaid\u014d (cases Hatago) de l&#8217;\u00e8poca Edo mantenien l&#8217;\u00abEbisu-k\u014d\u00bb (\u00abcooperativa d&#8217;Ebisu\u00bb), un \u00e0pat festiu anual el 20 d&#8217;octubre, en el qual es reunien comerciants, artesans i socis de negocis.<\/p>\n<p>Saikaku Ihara, el narrador m\u00e9s important de l&#8217;\u00e8poca Edo dins del g\u00e8nere mercantil, va incorporar a les seves obres (\u00abNippon Eitaigura\u00bb, 1688; \u00abSeken Munesan&#8217;y\u014d\u00bb, 1692) nombroses an\u00e8cdotes sobre Ebisu, i va mostrar com aquesta <span class=\"iwg-fachbegriff\" data-tooltip=\"Un \u00e9sser venerat com a div\u00ed dins d'una religi\u00f3.\" tabindex=\"0\">divinitat<\/span> havia arrelat profundament en l&#8217;autoconcepci\u00f3 dels comerciants urbans. La \u00abcooperativa d&#8217;Ebisu\u00bb es va convertir al llarg del segle XVIII en una instituci\u00f3 econ\u00f2mica informal en la qual les relacions comercials es ratificaven religiosament.<\/p>\t\t\t\t\t\t\t\t<\/div>\n\t\t\t\t<\/div>\n\t\t<div class=\"elementor-element elementor-element-27ccdc2 e-con-full e-flex e-con e-child\" data-id=\"27ccdc2\" data-element_type=\"container\" data-e-type=\"container\">\n\t\t\t\t<div class=\"elementor-element elementor-element-da3995b elementor-widget elementor-widget-heading\" data-id=\"da3995b\" data-element_type=\"widget\" data-e-type=\"widget\" data-widget_type=\"heading.default\">\n\t\t\t\t\t<h2 class=\"elementor-heading-title elementor-size-default\">La cultura festiva del T\u014dka-Ebisu<\/h2>\t\t\t\t<\/div>\n\t\t\t\t<div class=\"elementor-element elementor-element-21a88db elementor-widget elementor-widget-text-editor\" data-id=\"21a88db\" data-element_type=\"widget\" data-e-type=\"widget\" data-widget_type=\"text-editor.default\">\n\t\t\t\t\t\t\t\t\t<p>La festa principal, el T\u014dka-Ebisu, se celebra el 10 de gener (amb el Yoinomiya el 9 i el Zankyo-Ebisu l&#8217;11 de gener) i \u00e9s una de les festes de santuari urbanes m\u00e9s grans del Jap\u00f3.<\/p><p>A Osaka arriben anualment prop d&#8217;un mili\u00f3 de <span class=\"iwg-fachbegriff\" data-tooltip=\"Una persona que empr\u00e8n un viatge de motivaci\u00f3 religiosa cap a un lloc sagrat.\" tabindex=\"0\">pelegrins<\/span> a l&#8217;Imamiya-Ebisu, i a Nishinomiya, uns 500.000 al <span class=\"iwg-fachbegriff\" data-tooltip=\"Un petit lloc sagrat de cust\u00f2dia o de devoci\u00f3.\" tabindex=\"0\">santuari<\/span> de Nishinomiya. El <span class=\"iwg-fachbegriff\" data-tooltip=\"Un acte religi\u00f3s fix i recurrent.\" tabindex=\"0\">ritu<\/span> central \u00e9s el repartiment dels \u00abFuku-zasa\u00bb, branques de bamb\u00fa amb monedes daurades penjades, petites boles d&#8217;arr\u00f2s, s\u00edmbols de bona sort i sonalls. Aquestes branques de bamb\u00fa es col\u00b7loquen als comer\u00e7os i es creu que asseguren la fortuna del negoci durant tot l&#8217;any.<\/p>\n<p>La cursa dels \u00abFuku-otoko\u00bb, al mat\u00ed del 10 de gener a Nishinomiya, \u00e9s un dels esdeveniments religiosos observats amb m\u00e9s intensitat pels mitjans de comunicaci\u00f3 al Jap\u00f3. Els devots masculins corren des de la porta principal fins al sal\u00f3 principal (un trajecte d&#8217;uns 230 metres); el primer, el segon i el tercer a arribar s\u00f3n proclamats \u00abFuku-otoko\u00bb (\u00abhomes de la sort de l&#8217;any\u00bb) i reben obsequis del santuari.<\/p><p>Aquesta pr\u00e0ctica existeix des de finals del segle XVII i \u00e9s una de les poques festes de santuari modernes que es transmeten regularment en directe pels mitjans de comunicaci\u00f3 de massa.<\/p>\t\t\t\t\t\t\t\t<\/div>\n\t\t\t\t<\/div>\n\t\t<div class=\"elementor-element elementor-element-953ea63 e-con-full e-flex e-con e-child\" data-id=\"953ea63\" data-element_type=\"container\" data-e-type=\"container\">\n\t\t\t\t<div class=\"elementor-element elementor-element-8b0194b elementor-widget elementor-widget-heading\" data-id=\"8b0194b\" data-element_type=\"widget\" data-e-type=\"widget\" data-widget_type=\"heading.default\">\n\t\t\t\t\t<h2 class=\"elementor-heading-title elementor-size-default\">La iconografia d'Ebisu en l'art popular de l'\u00e8poca Edo<\/h2>\t\t\t\t<\/div>\n\t\t\t\t<div class=\"elementor-element elementor-element-7bc483d elementor-widget elementor-widget-text-editor\" data-id=\"7bc483d\" data-element_type=\"widget\" data-e-type=\"widget\" data-widget_type=\"text-editor.default\">\n\t\t\t\t\t\t\t\t\t<p>La <span class=\"iwg-fachbegriff\" data-tooltip=\"La disciplina que estudia els continguts de les imatges i el seu significat.\" tabindex=\"0\">iconografia<\/span> can\u00f2nica actual d&#8217;Ebisu, amb el peix (dorada), la canya de pescar i el barret eboshi, es va fixar a principis de l&#8217;\u00e8poca Edo i es va reproduir en innombrables gravats en fusta, otsu-e (pintures populars d&#8217;Otsu), netsuke (penjolls de cintur\u00f3) i inr\u014d (petites capses medicinals).<\/p><p>Hokusai i Hiroshige van crear diverses imatges d&#8217;Ebisu que es van difondre \u00e0mpliament mitjan\u00e7ant estampes. L&#8217;art popular japon\u00e8s va convertir Ebisu en una de les figures \u00abengimono\u00bb (portadores de bona sort) m\u00e9s inconfusibles, la imatge de la qual apareix a l&#8217;entrada dels comer\u00e7os, en els regals de Cap d&#8217;Any i en les cartes de felicitaci\u00f3.<\/p>\n<p>Una tradici\u00f3 pr\u00f2pia s\u00f3n els \u00abEbisu-Ningy\u014d\u00bb, petites cadires de tela o fang que es fabricaven durant l&#8217;\u00e8poca Edo com a joguines i com a portadores de bona sort. La tradici\u00f3 continua viva en la cultura moderna de joguines \u00abKappa-Tengu-Ebisu\u00bb i est\u00e0 documentada en museus d&#8217;art popular com el Nihon Mingeikan de Tokyo.<\/p>\t\t\t\t\t\t\t\t<\/div>\n\t\t\t\t<\/div>\n\t\t<div class=\"elementor-element elementor-element-08050f2 e-con-full e-flex e-con e-child\" data-id=\"08050f2\" data-element_type=\"container\" data-e-type=\"container\">\n\t\t\t\t<div class=\"elementor-element elementor-element-3e6a54d elementor-widget elementor-widget-heading\" data-id=\"3e6a54d\" data-element_type=\"widget\" data-e-type=\"widget\" data-widget_type=\"heading.default\">\n\t\t\t\t\t<h2 class=\"elementor-heading-title elementor-size-default\">Identificacions sincr\u00e8tiques amb Daikokuten<\/h2>\t\t\t\t<\/div>\n\t\t\t\t<div class=\"elementor-element elementor-element-9f2845e elementor-widget elementor-widget-text-editor\" data-id=\"9f2845e\" data-element_type=\"widget\" data-e-type=\"widget\" data-widget_type=\"text-editor.default\">\n\t\t\t\t\t\t\t\t\t<p>Una constel\u00b7laci\u00f3 teol\u00f2gica important \u00e9s l&#8217;estreta vinculaci\u00f3 d&#8217;Ebisu amb Daikokuten, un altre dels Set D\u00e9us de la Sort. Tots dos s\u00f3n representats sovint com a parella: Ebisu per l&#8217;economia de l&#8217;aigua (pesca, comer\u00e7), Daikokuten per l&#8217;economia de la terra (agricultura, magatzems d&#8217;arr\u00f2s).<\/p><p>En moltes llars i comer\u00e7os japonesos, les figures d&#8217;Ebisu i de Daikokuten es col\u00b7loquen juntes al Kamidana, l&#8217;altar dom\u00e8stic. Aquesta vinculaci\u00f3 \u00e9s rellevant des del punt de vista de la hist\u00f2ria de les religions, ja que estableix una complementarietat conscient dins la <span class=\"iwg-fachbegriff\" data-tooltip=\"La disciplina cient\u00edfica que estudia D\u00e9u i la fe d'una religi\u00f3.\" tabindex=\"0\">teologia<\/span> de la bona sort.<\/p>\n<p>En algunes tradicions, Ebisu \u00e9s venerat com a fill de Daikokuten, i Daikokuten com el seu pare; aix\u00f2 prov\u00e9 d&#8217;una construcci\u00f3 tardana de l&#8217;\u00e8poca Edo en la qual els Set D\u00e9us de la Sort van ser ordenats geneal\u00f2gicament.<\/p><p>Aquesta genealogia no est\u00e0 ancorada en les fonts m\u00e9s antigues, per\u00f2 s&#8217;ha consolidat en la pr\u00e0ctica religiosa popular. Reiko Chiba va documentar la hist\u00f2ria d&#8217;aquestes constel\u00b7lacions a \u00abThe Seven Lucky Gods of Japan\u00bb (1966).<\/p>\t\t\t\t\t\t\t\t<\/div>\n\t\t\t\t<\/div>\n\t\t<div class=\"elementor-element elementor-element-8cec84a e-con-full e-flex e-con e-child\" data-id=\"8cec84a\" data-element_type=\"container\" data-e-type=\"container\">\n\t\t\t\t<div class=\"elementor-element elementor-element-479aa34 elementor-widget elementor-widget-heading\" data-id=\"479aa34\" data-element_type=\"widget\" data-e-type=\"widget\" data-widget_type=\"heading.default\">\n\t\t\t\t\t<h2 class=\"elementor-heading-title elementor-size-default\">Ebisu i el concepte del Marebito<\/h2>\t\t\t\t<\/div>\n\t\t\t\t<div class=\"elementor-element elementor-element-74416e2 elementor-widget elementor-widget-text-editor\" data-id=\"74416e2\" data-element_type=\"widget\" data-e-type=\"widget\" data-widget_type=\"text-editor.default\">\n\t\t\t\t\t\t\t\t\t<p>La recerca acad\u00e8mica d&#8217;Origuchi Shinobu (1887-1953), un dels etn\u00f2legs japonesos m\u00e9s destacats, ha situat Ebisu dins del complex del \u00abMarebito\u00bb (\u00abhostes forasters\u00bb). Segons la teoria d&#8217;Origuchi, els marebito s\u00f3n \u00e9ssers div\u00ed que arriben peri\u00f2dicament d&#8217;un m\u00f3n de l&#8217;enll\u00e0, porten <span class=\"iwg-fachbegriff\" data-tooltip=\"Concessi\u00f3 de benedicci\u00f3 i protecci\u00f3, sovint en una forma ling\u00fc\u00edstica fixa.\" tabindex=\"0\">benedicci\u00f3<\/span> i tornen a marxar.<\/p><p>Ebisu, que arriba de fora com un Hiruko abandonat i desembarca a la costa, \u00e9s un marebito cl\u00e0ssic. Aquesta teoria no es sost\u00e9 en tots els seus detalls dins l&#8217;<span class=\"iwg-fachbegriff\" data-tooltip=\"Ci\u00e8ncia que estudia comparativament cultures i societats.\" tabindex=\"0\">etnologia<\/span> moderna, per\u00f2 ha marcat de manera duradora l&#8217;estudi de la religi\u00f3 japonesa i ha situat Ebisu en un context hist\u00f2ric m\u00e9s ampli.<\/p>\n<p>Joseph Kitagawa i Helen Hardacre han recollit la teoria del Marebito en diversos estudis i han assenyalat la import\u00e0ncia de \u00abl&#8217;estranger\u00bb i de \u00abl&#8217;arribat pel mar\u00bb dins la religiositat japonesa. En aquesta interpretaci\u00f3, Ebisu no \u00e9s nom\u00e9s un d\u00e9u de la fortuna, sin\u00f3 tamb\u00e9 un <span class=\"iwg-fachbegriff\" data-tooltip=\"Un signe que representa una idea o un significat.\" tabindex=\"0\">s\u00edmbol<\/span> de la possibilitat de la salvaci\u00f3 provinent de l&#8217;estranger, una idea de gran profunditat en la hist\u00f2ria de les religions.<\/p>\t\t\t\t\t\t\t\t<\/div>\n\t\t\t\t<\/div>\n\t\t<div class=\"elementor-element elementor-element-93068f2 e-con-full e-flex e-con e-child\" data-id=\"93068f2\" data-element_type=\"container\" data-e-type=\"container\">\n\t\t\t\t<div class=\"elementor-element elementor-element-42b1639 elementor-widget elementor-widget-heading\" data-id=\"42b1639\" data-element_type=\"widget\" data-e-type=\"widget\" data-widget_type=\"heading.default\">\n\t\t\t\t\t<h2 class=\"elementor-heading-title elementor-size-default\">Creaci\u00f3 moderna de marca i valor simb\u00f2lic urb\u00e0<\/h2>\t\t\t\t<\/div>\n\t\t\t\t<div class=\"elementor-element elementor-element-04be4c4 elementor-widget elementor-widget-text-editor\" data-id=\"04be4c4\" data-element_type=\"widget\" data-e-type=\"widget\" data-widget_type=\"text-editor.default\">\n\t\t\t\t\t\t\t\t\t<p>Una particularitat de la hist\u00f2ria religiosa d&#8217;Ebisu \u00e9s l&#8217;intensa creaci\u00f3 de marca en l&#8217;\u00e8poca moderna. La \u00abcervesa Yebisu\u00bb, introdu\u00efda a T\u00f2quio el 1890 (l&#8217;antiga grafia amb \u00abYe-\u00bb no s&#8217;ha modernitzat), \u00e9s un dels noms de marca m\u00e9s antics del Jap\u00f3.<\/p><p>L&#8217;estaci\u00f3 d&#8217;Ebisu, el barri d&#8217;Ebisu i el Yebisu Garden Place porten el nom del d\u00e9u de la fortuna i s\u00f3n exemples de la tensi\u00f3 productiva entre la creaci\u00f3 de marca comercial i el simbolisme religi\u00f3s. Efectes similars es troben en noms de restaurants i botigues (\u00abEbisuya\u00bb, \u00abEbisu-tei\u00bb), molt estesos al Jap\u00f3, que aprofiten la connotaci\u00f3 positiva del nom.<\/p>\n<p>En la cultura popular contempor\u00e0nia, Ebisu \u00e9s una figura recurrent en anime, manga i videojocs. La bondat afable i una mica sord de la <span class=\"iwg-fachbegriff\" data-tooltip=\"Estudi de les imatges i el seu significat.\" tabindex=\"0\">iconografia<\/span> tradicional s&#8217;hi cita sovint de manera par\u00f2dica o ir\u00f2nica. Malgrat aquesta c\u00e0rrega comercial i d&#8217;entreteniment, el nucli religi\u00f3s del complex d&#8217;Ebisu roman viu, com demostren les massives festes de pelegrinatge anuals del T\u014dka-Ebisu.<\/p>\t\t\t\t\t\t\t\t<\/div>\n\t\t\t\t<\/div>\n\t\t\t\t\t<\/div>\n\t\t\t\t<\/div>\n\t\t\t\t<\/div>\n\t\t","protected":false},"excerpt":{"rendered":"","protected":false},"author":3,"featured_media":3232,"parent":0,"menu_order":0,"comment_status":"closed","ping_status":"closed","template":"elementor_header_footer","meta":{"_yoast_wpseo_focuskw":"Ebisu","_yoast_wpseo_title":"Ebisu \u2013 D\u00e9u de la sort dels pescadors del Jap\u00f3 | iWell Guard","_yoast_wpseo_metadesc":"Ebisu \u00e9s el d\u00e9u de la sort dels pescadors, comerciants i la prosperitat. Un dels set d\u00e9us de la sort del Jap\u00f3, sovint amb canya de pescar i besuc. Mite i culte.","_yoast_wpseo_meta-robots-noindex":"","_yoast_wpseo_canonical":"","_angie_page":false,"gefaehrdungsstufe":"","wesen_kultur":"","wesen_klasse":"","footnotes":""},"categories":[],"class_list":["post-171839","page","type-page","status-publish","has-post-thumbnail","hentry"],"yoast_head":"<!-- This site is optimized with the Yoast SEO Premium plugin v27.7 (Yoast SEO v28.3) - https:\/\/yoast.com\/product\/yoast-seo-premium-wordpress\/ -->\n<title>Ebisu \u2013 D\u00e9u de la sort dels pescadors del Jap\u00f3 | iWell Guard<\/title>\n<meta name=\"description\" content=\"Ebisu \u00e9s el d\u00e9u de la sort dels pescadors, comerciants i la prosperitat. Un dels set d\u00e9us de la sort del Jap\u00f3, sovint amb canya de pescar i besuc. Mite i culte.\" \/>\n<meta name=\"robots\" content=\"index, follow, max-snippet:-1, max-image-preview:large, max-video-preview:-1\" \/>\n<link rel=\"canonical\" href=\"https:\/\/iwell-guard.com\/ca\/ebisu\/\" \/>\n<meta property=\"og:locale\" content=\"ca_ES\" \/>\n<meta property=\"og:type\" content=\"article\" \/>\n<meta property=\"og:title\" content=\"Ebisu\" \/>\n<meta property=\"og:description\" content=\"Ebisu \u00e9s el d\u00e9u de la sort dels pescadors, comerciants i la prosperitat. Un dels set d\u00e9us de la sort del Jap\u00f3, sovint amb canya de pescar i besuc. Mite i culte.\" \/>\n<meta property=\"og:url\" content=\"https:\/\/iwell-guard.com\/ca\/ebisu\/\" \/>\n<meta property=\"og:site_name\" content=\"iWell Guard\" \/>\n<meta property=\"article:modified_time\" content=\"2026-09-05T16:08:34+00:00\" \/>\n<meta property=\"og:image\" content=\"https:\/\/iwell-guard.com\/wp-content\/uploads\/2026\/05\/goetter_japan_ebisu.webp\" \/>\n\t<meta property=\"og:image:width\" content=\"1024\" \/>\n\t<meta property=\"og:image:height\" content=\"1536\" \/>\n\t<meta property=\"og:image:type\" content=\"image\/webp\" \/>\n<meta name=\"twitter:card\" content=\"summary_large_image\" \/>\n<script type=\"application\/ld+json\" class=\"yoast-schema-graph\">{\"@context\":\"https:\\\/\\\/schema.org\",\"@graph\":[{\"@type\":\"WebPage\",\"@id\":\"https:\\\/\\\/iwell-guard.com\\\/ca\\\/ebisu\\\/\",\"url\":\"https:\\\/\\\/iwell-guard.com\\\/ca\\\/ebisu\\\/\",\"name\":\"Ebisu \u2013 D\u00e9u de la sort dels pescadors del Jap\u00f3 | iWell Guard\",\"isPartOf\":{\"@id\":\"https:\\\/\\\/iwell-guard.com\\\/ca\\\/#website\"},\"primaryImageOfPage\":{\"@id\":\"https:\\\/\\\/iwell-guard.com\\\/ca\\\/ebisu\\\/#primaryimage\"},\"image\":{\"@id\":\"https:\\\/\\\/iwell-guard.com\\\/ca\\\/ebisu\\\/#primaryimage\"},\"thumbnailUrl\":\"https:\\\/\\\/iwell-guard.com\\\/wp-content\\\/uploads\\\/2026\\\/05\\\/goetter_japan_ebisu.webp\",\"datePublished\":\"2026-09-05T15:42:52+00:00\",\"dateModified\":\"2026-09-05T16:08:34+00:00\",\"description\":\"Ebisu \u00e9s el d\u00e9u de la sort dels pescadors, comerciants i la prosperitat. Un dels set d\u00e9us de la sort del Jap\u00f3, sovint amb canya de pescar i besuc. Mite i culte.\",\"breadcrumb\":{\"@id\":\"https:\\\/\\\/iwell-guard.com\\\/ca\\\/ebisu\\\/#breadcrumb\"},\"inLanguage\":\"ca\",\"potentialAction\":[{\"@type\":\"ReadAction\",\"target\":[\"https:\\\/\\\/iwell-guard.com\\\/ca\\\/ebisu\\\/\"]}]},{\"@type\":\"ImageObject\",\"inLanguage\":\"ca\",\"@id\":\"https:\\\/\\\/iwell-guard.com\\\/ca\\\/ebisu\\\/#primaryimage\",\"url\":\"https:\\\/\\\/iwell-guard.com\\\/wp-content\\\/uploads\\\/2026\\\/05\\\/goetter_japan_ebisu.webp\",\"contentUrl\":\"https:\\\/\\\/iwell-guard.com\\\/wp-content\\\/uploads\\\/2026\\\/05\\\/goetter_japan_ebisu.webp\",\"width\":1024,\"height\":1536,\"caption\":\"D\u00e9us de la tradici\u00f3 japonesa.\"},{\"@type\":\"BreadcrumbList\",\"@id\":\"https:\\\/\\\/iwell-guard.com\\\/ca\\\/ebisu\\\/#breadcrumb\",\"itemListElement\":[{\"@type\":\"ListItem\",\"position\":1,\"name\":\"Start\",\"item\":\"https:\\\/\\\/iwell-guard.com\\\/ca\\\/?page_id=171333\"},{\"@type\":\"ListItem\",\"position\":2,\"name\":\"Ebisu\"}]},{\"@type\":\"WebSite\",\"@id\":\"https:\\\/\\\/iwell-guard.com\\\/ca\\\/#website\",\"url\":\"https:\\\/\\\/iwell-guard.com\\\/ca\\\/\",\"name\":\"iWell Guard\",\"description\":\"Schutz vor dunklen Einfl\u00fcssen\",\"publisher\":{\"@id\":\"https:\\\/\\\/iwell-guard.com\\\/ca\\\/#organization\"},\"potentialAction\":[{\"@type\":\"SearchAction\",\"target\":{\"@type\":\"EntryPoint\",\"urlTemplate\":\"https:\\\/\\\/iwell-guard.com\\\/ca\\\/?s={search_term_string}\"},\"query-input\":{\"@type\":\"PropertyValueSpecification\",\"valueRequired\":true,\"valueName\":\"search_term_string\"}}],\"inLanguage\":\"ca\"},{\"@type\":\"Organization\",\"@id\":\"https:\\\/\\\/iwell-guard.com\\\/ca\\\/#organization\",\"name\":\"Ittermann electronic GmbH\",\"url\":\"https:\\\/\\\/iwell-guard.com\\\/ca\\\/\",\"logo\":{\"@type\":\"ImageObject\",\"inLanguage\":\"ca\",\"@id\":\"https:\\\/\\\/iwell-guard.com\\\/ca\\\/#\\\/schema\\\/logo\\\/image\\\/\",\"url\":\"https:\\\/\\\/iwell-guard.com\\\/wp-content\\\/uploads\\\/2026\\\/05\\\/Ittermann-Logo-1182x237-1.png\",\"contentUrl\":\"https:\\\/\\\/iwell-guard.com\\\/wp-content\\\/uploads\\\/2026\\\/05\\\/Ittermann-Logo-1182x237-1.png\",\"width\":1182,\"height\":237,\"caption\":\"Ittermann electronic GmbH\"},\"image\":{\"@id\":\"https:\\\/\\\/iwell-guard.com\\\/ca\\\/#\\\/schema\\\/logo\\\/image\\\/\"},\"sameAs\":[\"https:\\\/\\\/pantip.com\\\/profile\\\/9367242\",\"https:\\\/\\\/micro.blog\\\/iwellguard\",\"https:\\\/\\\/www.diggerslist.com\\\/iwellguard\\\/about\",\"https:\\\/\\\/skitterphoto.com\\\/photographers\\\/2870314\\\/iwell-guard\",\"https:\\\/\\\/iwellguard.wordpress.com\\\/2026\\\/06\\\/06\\\/iwell-guard\\\/\",\"https:\\\/\\\/hub.docker.com\\\/u\\\/iwellguard\",\"https:\\\/\\\/www.pinterest.com\\\/iwellguard\\\/\",\"https:\\\/\\\/bit.ly\\\/m\\\/iwellguard\",\"https:\\\/\\\/entre-vos-mains.alsace.eu\\\/profiles\\\/iwellguard\\\/activity\",\"https:\\\/\\\/gravatar.com\\\/reallybeded8fd34\",\"https:\\\/\\\/naijamatta.com\\\/iwellguard\",\"https:\\\/\\\/www.goodreads.com\\\/iwellguard\",\"https:\\\/\\\/profile.hatena.ne.jp\\\/iwellguard\\\/\",\"https:\\\/\\\/experiment.com\\\/users\\\/iwellguard\",\"https:\\\/\\\/wakelet.com\\\/@iWellGuard82270\",\"https:\\\/\\\/www.chordie.com\\\/forum\\\/profile.php?id=2555664\",\"https:\\\/\\\/www.instapaper.com\\\/p\\\/17757966\",\"https:\\\/\\\/www.mapleprimes.com\\\/users\\\/iwellguard\",\"https:\\\/\\\/businesslistingplus.com\\\/profile\\\/iwell-guard\\\/\",\"https:\\\/\\\/telegra.ph\\\/iWell-Guard-06-06\",\"https:\\\/\\\/pbase.com\\\/iwellguard\\\/iwellguard\",\"https:\\\/\\\/b.hatena.ne.jp\\\/iwellguard\\\/20260607#bookmark-4788405196491818882\",\"https:\\\/\\\/fliphtml5.com\\\/home\\\/iwellguard\",\"https:\\\/\\\/anyflip.com\\\/homepage\\\/cmiwl#About\",\"https:\\\/\\\/transfur.com\\\/Users\\\/iwellguard\",\"http:\\\/\\\/delphi.larsbo.org\\\/user\\\/iwellguard\",\"https:\\\/\\\/jobs.lajobsportal.org\\\/profiles\\\/8380803-iwell-guard\",\"https:\\\/\\\/md.chaosdorf.de\\\/s\\\/jfbe5SBdJD\",\"https:\\\/\\\/www.lingvolive.com\\\/en-us\\\/profile\\\/9ecaeaca-ce11-4e51-9e71-01d55e2bff36\\\/translations\",\"https:\\\/\\\/www.fitday.com\\\/fitness\\\/forums\\\/members\\\/iwellguard.html\",\"https:\\\/\\\/www.mymeetbook.com\\\/iwellguard\",\"https:\\\/\\\/pxhere.com\\\/en\\\/photographer-me\\\/5040798\",\"https:\\\/\\\/disqus.com\\\/by\\\/iwellguard\\\/about\\\/\",\"https:\\\/\\\/pastelink.net\\\/hjwciqwq\",\"https:\\\/\\\/pubhtml5.com\\\/homepage\\\/scjhn\\\/\",\"https:\\\/\\\/www.bitchute.com\\\/channel\\\/2O2eOKzNqujT\",\"https:\\\/\\\/audiomack.com\\\/iwellguard\"]}]}<\/script>\n<!-- \/ Yoast SEO Premium plugin. -->","yoast_head_json":{"title":"Ebisu \u2013 D\u00e9u de la sort dels pescadors del Jap\u00f3 | iWell Guard","description":"Ebisu \u00e9s el d\u00e9u de la sort dels pescadors, comerciants i la prosperitat. Un dels set d\u00e9us de la sort del Jap\u00f3, sovint amb canya de pescar i besuc. Mite i culte.","robots":{"index":"index","follow":"follow","max-snippet":"max-snippet:-1","max-image-preview":"max-image-preview:large","max-video-preview":"max-video-preview:-1"},"canonical":"https:\/\/iwell-guard.com\/ca\/ebisu\/","og_locale":"ca_ES","og_type":"article","og_title":"Ebisu","og_description":"Ebisu \u00e9s el d\u00e9u de la sort dels pescadors, comerciants i la prosperitat. Un dels set d\u00e9us de la sort del Jap\u00f3, sovint amb canya de pescar i besuc. Mite i culte.","og_url":"https:\/\/iwell-guard.com\/ca\/ebisu\/","og_site_name":"iWell Guard","article_modified_time":"2026-09-05T16:08:34+00:00","og_image":[{"width":1024,"height":1536,"url":"https:\/\/iwell-guard.com\/wp-content\/uploads\/2026\/05\/goetter_japan_ebisu.webp","type":"image\/webp"}],"twitter_card":"summary_large_image","schema":{"@context":"https:\/\/schema.org","@graph":[{"@type":"WebPage","@id":"https:\/\/iwell-guard.com\/ca\/ebisu\/","url":"https:\/\/iwell-guard.com\/ca\/ebisu\/","name":"Ebisu \u2013 D\u00e9u de la sort dels pescadors del Jap\u00f3 | iWell Guard","isPartOf":{"@id":"https:\/\/iwell-guard.com\/ca\/#website"},"primaryImageOfPage":{"@id":"https:\/\/iwell-guard.com\/ca\/ebisu\/#primaryimage"},"image":{"@id":"https:\/\/iwell-guard.com\/ca\/ebisu\/#primaryimage"},"thumbnailUrl":"https:\/\/iwell-guard.com\/wp-content\/uploads\/2026\/05\/goetter_japan_ebisu.webp","datePublished":"2026-09-05T15:42:52+00:00","dateModified":"2026-09-05T16:08:34+00:00","description":"Ebisu \u00e9s el d\u00e9u de la sort dels pescadors, comerciants i la prosperitat. Un dels set d\u00e9us de la sort del Jap\u00f3, sovint amb canya de pescar i besuc. Mite i culte.","breadcrumb":{"@id":"https:\/\/iwell-guard.com\/ca\/ebisu\/#breadcrumb"},"inLanguage":"ca","potentialAction":[{"@type":"ReadAction","target":["https:\/\/iwell-guard.com\/ca\/ebisu\/"]}]},{"@type":"ImageObject","inLanguage":"ca","@id":"https:\/\/iwell-guard.com\/ca\/ebisu\/#primaryimage","url":"https:\/\/iwell-guard.com\/wp-content\/uploads\/2026\/05\/goetter_japan_ebisu.webp","contentUrl":"https:\/\/iwell-guard.com\/wp-content\/uploads\/2026\/05\/goetter_japan_ebisu.webp","width":1024,"height":1536,"caption":"D\u00e9us de la tradici\u00f3 japonesa."},{"@type":"BreadcrumbList","@id":"https:\/\/iwell-guard.com\/ca\/ebisu\/#breadcrumb","itemListElement":[{"@type":"ListItem","position":1,"name":"Start","item":"https:\/\/iwell-guard.com\/ca\/?page_id=171333"},{"@type":"ListItem","position":2,"name":"Ebisu"}]},{"@type":"WebSite","@id":"https:\/\/iwell-guard.com\/ca\/#website","url":"https:\/\/iwell-guard.com\/ca\/","name":"iWell Guard","description":"Schutz vor dunklen Einfl\u00fcssen","publisher":{"@id":"https:\/\/iwell-guard.com\/ca\/#organization"},"potentialAction":[{"@type":"SearchAction","target":{"@type":"EntryPoint","urlTemplate":"https:\/\/iwell-guard.com\/ca\/?s={search_term_string}"},"query-input":{"@type":"PropertyValueSpecification","valueRequired":true,"valueName":"search_term_string"}}],"inLanguage":"ca"},{"@type":"Organization","@id":"https:\/\/iwell-guard.com\/ca\/#organization","name":"Ittermann electronic GmbH","url":"https:\/\/iwell-guard.com\/ca\/","logo":{"@type":"ImageObject","inLanguage":"ca","@id":"https:\/\/iwell-guard.com\/ca\/#\/schema\/logo\/image\/","url":"https:\/\/iwell-guard.com\/wp-content\/uploads\/2026\/05\/Ittermann-Logo-1182x237-1.png","contentUrl":"https:\/\/iwell-guard.com\/wp-content\/uploads\/2026\/05\/Ittermann-Logo-1182x237-1.png","width":1182,"height":237,"caption":"Ittermann electronic GmbH"},"image":{"@id":"https:\/\/iwell-guard.com\/ca\/#\/schema\/logo\/image\/"},"sameAs":["https:\/\/pantip.com\/profile\/9367242","https:\/\/micro.blog\/iwellguard","https:\/\/www.diggerslist.com\/iwellguard\/about","https:\/\/skitterphoto.com\/photographers\/2870314\/iwell-guard","https:\/\/iwellguard.wordpress.com\/2026\/06\/06\/iwell-guard\/","https:\/\/hub.docker.com\/u\/iwellguard","https:\/\/www.pinterest.com\/iwellguard\/","https:\/\/bit.ly\/m\/iwellguard","https:\/\/entre-vos-mains.alsace.eu\/profiles\/iwellguard\/activity","https:\/\/gravatar.com\/reallybeded8fd34","https:\/\/naijamatta.com\/iwellguard","https:\/\/www.goodreads.com\/iwellguard","https:\/\/profile.hatena.ne.jp\/iwellguard\/","https:\/\/experiment.com\/users\/iwellguard","https:\/\/wakelet.com\/@iWellGuard82270","https:\/\/www.chordie.com\/forum\/profile.php?id=2555664","https:\/\/www.instapaper.com\/p\/17757966","https:\/\/www.mapleprimes.com\/users\/iwellguard","https:\/\/businesslistingplus.com\/profile\/iwell-guard\/","https:\/\/telegra.ph\/iWell-Guard-06-06","https:\/\/pbase.com\/iwellguard\/iwellguard","https:\/\/b.hatena.ne.jp\/iwellguard\/20260607#bookmark-4788405196491818882","https:\/\/fliphtml5.com\/home\/iwellguard","https:\/\/anyflip.com\/homepage\/cmiwl#About","https:\/\/transfur.com\/Users\/iwellguard","http:\/\/delphi.larsbo.org\/user\/iwellguard","https:\/\/jobs.lajobsportal.org\/profiles\/8380803-iwell-guard","https:\/\/md.chaosdorf.de\/s\/jfbe5SBdJD","https:\/\/www.lingvolive.com\/en-us\/profile\/9ecaeaca-ce11-4e51-9e71-01d55e2bff36\/translations","https:\/\/www.fitday.com\/fitness\/forums\/members\/iwellguard.html","https:\/\/www.mymeetbook.com\/iwellguard","https:\/\/pxhere.com\/en\/photographer-me\/5040798","https:\/\/disqus.com\/by\/iwellguard\/about\/","https:\/\/pastelink.net\/hjwciqwq","https:\/\/pubhtml5.com\/homepage\/scjhn\/","https:\/\/www.bitchute.com\/channel\/2O2eOKzNqujT","https:\/\/audiomack.com\/iwellguard"]}]}},"_links":{"self":[{"href":"https:\/\/iwell-guard.com\/ca\/wp-json\/wp\/v2\/pages\/171839","targetHints":{"allow":["GET"]}}],"collection":[{"href":"https:\/\/iwell-guard.com\/ca\/wp-json\/wp\/v2\/pages"}],"about":[{"href":"https:\/\/iwell-guard.com\/ca\/wp-json\/wp\/v2\/types\/page"}],"author":[{"embeddable":true,"href":"https:\/\/iwell-guard.com\/ca\/wp-json\/wp\/v2\/users\/3"}],"replies":[{"embeddable":true,"href":"https:\/\/iwell-guard.com\/ca\/wp-json\/wp\/v2\/comments?post=171839"}],"version-history":[{"count":0,"href":"https:\/\/iwell-guard.com\/ca\/wp-json\/wp\/v2\/pages\/171839\/revisions"}],"wp:featuredmedia":[{"embeddable":true,"href":"https:\/\/iwell-guard.com\/ca\/wp-json\/wp\/v2\/media\/3232"}],"wp:attachment":[{"href":"https:\/\/iwell-guard.com\/ca\/wp-json\/wp\/v2\/media?parent=171839"}],"wp:term":[{"taxonomy":"category","embeddable":true,"href":"https:\/\/iwell-guard.com\/ca\/wp-json\/wp\/v2\/categories?post=171839"}],"curies":[{"name":"wp","href":"https:\/\/api.w.org\/{rel}","templated":true}]}}