{"id":171824,"date":"2026-09-05T15:42:44","date_gmt":"2026-09-05T15:42:44","guid":{"rendered":"https:\/\/iwell-guard.com\/?page_id=171824"},"modified":"2026-09-05T16:08:07","modified_gmt":"2026-09-05T16:08:07","slug":"diana","status":"publish","type":"page","link":"https:\/\/iwell-guard.com\/ca\/diana\/","title":{"rendered":"Diana"},"content":{"rendered":"\t\t<div data-elementor-type=\"wp-page\" data-elementor-id=\"171824\" class=\"elementor elementor-171824 elementor-3012 elementor-bc-flex-widget\" data-elementor-post-type=\"page\">\n\t\t\t\t<div class=\"elementor-element elementor-element-0938905 e-flex e-con-boxed e-con e-parent\" data-id=\"0938905\" data-element_type=\"container\" data-e-type=\"container\" data-settings=\"{&quot;background_background&quot;:&quot;classic&quot;}\">\n\t\t\t\t\t<div class=\"e-con-inner\">\n\t\t<div class=\"elementor-element elementor-element-407655f e-flex e-con-boxed e-con e-child\" data-id=\"407655f\" data-element_type=\"container\" data-e-type=\"container\">\n\t\t\t\t\t<div class=\"e-con-inner\">\n\t\t<div class=\"elementor-element elementor-element-f581a00 e-con-full e-flex e-con e-child\" data-id=\"f581a00\" data-element_type=\"container\" data-e-type=\"container\">\n\t\t\t\t<div class=\"elementor-element elementor-element-410379c elementor-widget elementor-widget-heading\" data-id=\"410379c\" data-element_type=\"widget\" data-e-type=\"widget\" data-widget_type=\"heading.default\">\n\t\t\t\t\t<h1 class=\"elementor-heading-title elementor-size-default\">Diana, deessa romana de la ca\u00e7a i de la lluna<\/h1>\t\t\t\t<\/div>\n\t\t\t\t<div class=\"elementor-element elementor-element-5d0d7a5 elementor-widget elementor-widget-text-editor\" data-id=\"5d0d7a5\" data-element_type=\"widget\" data-e-type=\"widget\" data-widget_type=\"text-editor.default\">\n\t\t\t\t\t\t\t\t\t<p>Diana \u00e9s la deessa romana de la ca\u00e7a, de la lluna i dels boscos salvatges. Protegeix les dones durant el part, els animals del bosc i els viatgers pels camins no fressats.<\/p><p>El seu antic culte principal es trobava al <span class=\"iwg-fachbegriff\" data-tooltip=\"Un bosc sagrat que servia de lloc de culte.\" tabindex=\"0\">bosc sagrat<\/span> de Nemi, prop del llac Alb\u00e0, un <span class=\"iwg-fachbegriff\" data-tooltip=\"Un lloc sagrat dedicat a la veneraci\u00f3 d'una divinitat.\" tabindex=\"0\">santuari<\/span> que ja abans de la formaci\u00f3 de l&#8217;estat rom\u00e0 era considerat un santuari federal de les ciutats llatines. M\u00e9s endavant, Diana es va identificar en gran mesura amb la grega Artemis i, en aquesta fusi\u00f3, va ser considerada germana d&#8217;Apol\u00b7lo i filla de J\u00fapiter i Latona.<\/p>\t\t\t\t\t\t\t\t<\/div>\n\t\t\t\t<\/div>\n\t\t<div class=\"elementor-element elementor-element-1826bdf e-con-full e-flex e-con e-parent\" data-id=\"1826bdf\" data-element_type=\"container\" data-e-type=\"container\">\n\t\t\t\t<div class=\"elementor-element elementor-element-c2061a9 elementor-widget elementor-widget-html\" data-id=\"c2061a9\" data-element_type=\"widget\" data-e-type=\"widget\" data-widget_type=\"html.default\">\n\t\t\t\t\t<div class=\"iwg-pill-row\"><span class=\"iwg-klasse-badge\" tabindex=\"0\" data-tooltip=\"D\u00e9u \/ Deessa: Poder suprem personificat dins el pante\u00f3 d'una cultura, amb \u00e0mbits d'acci\u00f3 clars: forces de la natura, dest\u00ed, guerra, fertilitat. Venerat mitjan\u00e7ant cultes, ofrenes i institucions templ\u00e0ries.\">D\u00e9u<\/span><a href=\"https:\/\/iwell-guard.com\/ca\/roma\/\" class=\"iwg-kultur-badge\" tabindex=\"0\" data-tooltip=\"Religi\u00f3 romana des de la monarquia fins a l'Antiguitat tardana, sincr\u00e8tica amb capes gregues i etrusques.\">Roma<\/a><\/div>\t\t\t\t<\/div>\n\t\t\t\t<\/div>\n\t\t<div class=\"elementor-element elementor-element-e2c3b89 e-con-full e-flex e-con e-child\" data-id=\"e2c3b89\" data-element_type=\"container\" data-e-type=\"container\">\n\t\t\t\t<div class=\"elementor-element elementor-element-494d901 elementor-toc--minimized-on-tablet elementor-widget elementor-widget-table-of-contents\" data-id=\"494d901\" data-element_type=\"widget\" data-e-type=\"widget\" data-settings=\"{&quot;exclude_headings_by_selector&quot;:[],&quot;no_headings_message&quot;:&quot;No s&#039;ha trobat cap encap\\u00e7alament en aquesta p\\u00e0gina.&quot;,&quot;headings_by_tags&quot;:[&quot;h2&quot;,&quot;h3&quot;],&quot;marker_view&quot;:&quot;bullets&quot;,&quot;icon&quot;:{&quot;value&quot;:&quot;fas fa-circle&quot;,&quot;library&quot;:&quot;fa-solid&quot;,&quot;rendered_tag&quot;:&quot;&lt;svg class=\\&quot;e-font-icon-svg e-fas-circle\\&quot; viewBox=\\&quot;0 0 512 512\\&quot; xmlns=\\&quot;http:\\\/\\\/www.w3.org\\\/2000\\\/svg\\&quot;&gt;&lt;path d=\\&quot;M256 8C119 8 8 119 8 256s111 248 248 248 248-111 248-248S393 8 256 8z\\&quot;&gt;&lt;\\\/path&gt;&lt;\\\/svg&gt;&quot;},&quot;minimize_box&quot;:&quot;yes&quot;,&quot;minimized_on&quot;:&quot;tablet&quot;,&quot;hierarchical_view&quot;:&quot;yes&quot;,&quot;min_height&quot;:{&quot;unit&quot;:&quot;px&quot;,&quot;size&quot;:&quot;&quot;,&quot;sizes&quot;:[]},&quot;min_height_tablet&quot;:{&quot;unit&quot;:&quot;px&quot;,&quot;size&quot;:&quot;&quot;,&quot;sizes&quot;:[]},&quot;min_height_mobile&quot;:{&quot;unit&quot;:&quot;px&quot;,&quot;size&quot;:&quot;&quot;,&quot;sizes&quot;:[]}}\" data-widget_type=\"table-of-contents.default\">\n\t\t\t\t\t\t\t\t\t<div class=\"elementor-toc__header\">\n\t\t\t\t\t\t<h2 class=\"elementor-toc__header-title\">\n\t\t\t\t\u00cdndex\t\t\t<\/h2>\n\t\t\t\t\t\t\t\t\t\t<div class=\"elementor-toc__toggle-button elementor-toc__toggle-button--expand\" role=\"button\" tabindex=\"0\" aria-controls=\"elementor-toc__494d901\" aria-expanded=\"true\" aria-label=\"Open table of contents\"><svg aria-hidden=\"true\" class=\"e-font-icon-svg e-fas-chevron-down\" viewBox=\"0 0 448 512\" xmlns=\"http:\/\/www.w3.org\/2000\/svg\"><path d=\"M207.029 381.476L12.686 187.132c-9.373-9.373-9.373-24.569 0-33.941l22.667-22.667c9.357-9.357 24.522-9.375 33.901-.04L224 284.505l154.745-154.021c9.379-9.335 24.544-9.317 33.901.04l22.667 22.667c9.373 9.373 9.373 24.569 0 33.941L240.971 381.476c-9.373 9.372-24.569 9.372-33.942 0z\"><\/path><\/svg><\/div>\n\t\t\t\t<div class=\"elementor-toc__toggle-button elementor-toc__toggle-button--collapse\" role=\"button\" tabindex=\"0\" aria-controls=\"elementor-toc__494d901\" aria-expanded=\"true\" aria-label=\"Close table of contents\"><svg aria-hidden=\"true\" class=\"e-font-icon-svg e-fas-chevron-up\" viewBox=\"0 0 448 512\" xmlns=\"http:\/\/www.w3.org\/2000\/svg\"><path d=\"M240.971 130.524l194.343 194.343c9.373 9.373 9.373 24.569 0 33.941l-22.667 22.667c-9.357 9.357-24.522 9.375-33.901.04L224 227.495 69.255 381.516c-9.379 9.335-24.544 9.317-33.901-.04l-22.667-22.667c-9.373-9.373-9.373-24.569 0-33.941L207.03 130.525c9.372-9.373 24.568-9.373 33.941-.001z\"><\/path><\/svg><\/div>\n\t\t\t\t\t<\/div>\n\t\t\t\t<div id=\"elementor-toc__494d901\" class=\"elementor-toc__body\">\n\t\t\t<div class=\"elementor-toc__spinner-container\">\n\t\t\t\t<svg class=\"elementor-toc__spinner eicon-animation-spin e-font-icon-svg e-eicon-loading\" aria-hidden=\"true\" viewBox=\"0 0 1000 1000\" xmlns=\"http:\/\/www.w3.org\/2000\/svg\"><path d=\"M500 975V858C696 858 858 696 858 500S696 142 500 142 142 304 142 500H25C25 237 238 25 500 25S975 237 975 500 763 975 500 975Z\"><\/path><\/svg>\t\t\t<\/div>\n\t\t<\/div>\n\t\t\t\t\t\t<\/div>\n\t\t\t\t<\/div>\n\t\t\t\t\t<\/div>\n\t\t\t\t<\/div>\n\t\t<div class=\"elementor-element elementor-element-779a289 e-con-full e-flex e-con e-child\" data-id=\"779a289\" data-element_type=\"container\" data-e-type=\"container\">\n\t\t\t\t<div class=\"elementor-element elementor-element-6e24f3d iwg-hero-image elementor-widget elementor-widget-image\" data-id=\"6e24f3d\" data-element_type=\"widget\" data-e-type=\"widget\" data-widget_type=\"image.default\">\n\t\t\t\t\t\t\t\t\t\t\t\t\t\t\t<img fetchpriority=\"high\" decoding=\"async\" width=\"683\" height=\"1024\" src=\"https:\/\/iwell-guard.com\/wp-content\/uploads\/2026\/05\/goetter_rom_diana-683x1024.webp\" class=\"attachment-large size-large wp-image-3256\" alt=\"Diana\" srcset=\"https:\/\/iwell-guard.com\/wp-content\/uploads\/2026\/05\/goetter_rom_diana-683x1024.webp 683w, https:\/\/iwell-guard.com\/wp-content\/uploads\/2026\/05\/goetter_rom_diana-200x300.webp 200w, https:\/\/iwell-guard.com\/wp-content\/uploads\/2026\/05\/goetter_rom_diana-768x1152.webp 768w, https:\/\/iwell-guard.com\/wp-content\/uploads\/2026\/05\/goetter_rom_diana.webp 1024w\" sizes=\"(max-width: 683px) 100vw, 683px\" \/>\t\t\t\t\t\t\t\t\t\t\t\t\t\t\t<\/div>\n\t\t\t\t<\/div>\n\t\t\t\t\t<\/div>\n\t\t\t\t<\/div>\n\t\t<div class=\"elementor-element elementor-element-266f5f8 e-con-boxed e-flex e-con e-parent\" data-id=\"266f5f8\" data-element_type=\"container\" data-e-type=\"container\">\n\t\t\t\t\t<div class=\"e-con-inner\">\n\t\t<div class=\"elementor-element elementor-element-a940ad5 e-con-full e-flex e-con e-child\" data-id=\"a940ad5\" data-element_type=\"container\" data-e-type=\"container\">\n\t\t\t\t<div class=\"elementor-element elementor-element-bf6b107 elementor-widget elementor-widget-heading\" data-id=\"bf6b107\" data-element_type=\"widget\" data-e-type=\"widget\" data-widget_type=\"heading.default\">\n\t\t\t\t\t<h2 class=\"elementor-heading-title elementor-size-default\">Mite i origen<\/h2>\t\t\t\t<\/div>\n\t\t\t\t<div class=\"elementor-element elementor-element-1b6e2e6 elementor-widget elementor-widget-text-editor\" data-id=\"1b6e2e6\" data-element_type=\"widget\" data-e-type=\"widget\" data-widget_type=\"text-editor.default\">\n\t\t\t\t\t\t\t\t\t<p>Des del punt de vista de la hist\u00f2ria de la llengua, el nom de Diana es fa remuntar a una arrel indoeuropea amb el significat de \u00ablluent\u00bb o \u00abclar com el cel\u00bb. D&#8217;aqu\u00ed sorgeix la seva estreta relaci\u00f3 amb la lluna i la llum del dia. En les capes m\u00e9s antigues de la religi\u00f3 it\u00e0lica, Diana era una deessa de la natura salvatge, de les fonts i de la maduresa femenina.<\/p><p>Nom\u00e9s amb la reforma religiosa duta a terme sota Servi Tul\u00b7li va ser incorporada a la religi\u00f3 urbana, quan es va erigir a l&#8217;Avent\u00ed un <span class=\"iwg-fachbegriff\" data-tooltip=\"Un edifici destinat a la veneraci\u00f3 d'una o m\u00e9s divinitats.\" tabindex=\"0\">temple<\/span> de Diana, que havia de ser alhora santuari federal de les ciutats llatines. Aquesta funci\u00f3 pol\u00edtica era un gest deliberat d&#8217;afirmaci\u00f3 de la preemin\u00e8ncia romana davant les altres comunitats llatines.<\/p>\n<p>Tanmateix, el centre de culte rom\u00e0 m\u00e9s antic es trobava a Nemi, un llac de cr\u00e0ter volc\u00e0nic als monts Albans. All\u00e0 els llatins veneraven Diana Nemorensis, la senyora del bosc.<\/p><p>Ja Cat\u00f3 parla de la import\u00e0ncia d&#8217;aquest santuari, i Estrab\u00f3 descriu el ritual sacerdotal ins\u00f2lit segons el qual el sacerdot en exercici, el Rex Nemorensis, podia ser desafiat per un esclau fugitiu i substitu\u00eft en un combat singular.<\/p><p>Aquesta pr\u00e0ctica arcaica conservava traces de ritus d&#8217;iniciaci\u00f3 m\u00e9s antics i, m\u00e9s tard, va fascinar la investigaci\u00f3 en hist\u00f2ria de les religions, especialment James George Frazer, que va comen\u00e7ar la seva obra \u00abThe Golden Bough\u00bb precisament amb el <span class=\"iwg-fachbegriff\" data-tooltip=\"Un bosc sagrat que servia de lloc de culte.\" tabindex=\"0\">bosc sagrat<\/span> de Nemi. La q\u00fcesti\u00f3 de si el Rex Nemorensis va existir realment o si es tracta d&#8217;una construcci\u00f3 liter\u00e0ria continua ocupant la investigaci\u00f3 avui dia.<\/p>\n<p>Virgili anomena Diana repetidament com a patrona dels fidels rurals. Ovidi li dedica, a les \u00abMetamorfosis\u00bb, la c\u00e8lebre episodi d&#8217;Acte\u00f3, que veu la deessa banyant-se i, com a c\u00e0stig, \u00e9s transformat en c\u00e9rvol.<\/p><p>La tradici\u00f3 romana va incorporar aquest tipus de relats sobretot seguint models grecs, per\u00f2 els va vincular m\u00e9s estretament a realitats cultuals del Laci. Catul li dedica un himne propi, el Carmen 34, que descriu la deessa com a portadora de llum i protectora de les noies joves.<\/p>\n<p>En la religi\u00f3 popular it\u00e0lica, Diana va seguir present durant molt temps com a senyora dels animals i dels paisatges no conreats. Inscripcions de l&#8217;interior del Laci la mostren com a divinitat de les fonts, protectora dels ramats i ajudant en els parts.<\/p><p>Aquests components rurals van quedar vinculats al culte p\u00fablic de l&#8217;Avent\u00ed, per\u00f2 en la tradici\u00f3 liter\u00e0ria sovint van passar a un segon pla en favor de les imatges d&#8217;Artemis amb tints hel\u00b7len\u00edstics.<\/p>\t\t\t\t\t\t\t\t<\/div>\n\t\t\t\t<\/div>\n\t\t<div class=\"elementor-element elementor-element-3c9f8e5 e-con-full e-flex e-con e-child\" data-id=\"3c9f8e5\" data-element_type=\"container\" data-e-type=\"container\">\n\t\t\t\t<div class=\"elementor-element elementor-element-182ea83 elementor-widget elementor-widget-heading\" data-id=\"182ea83\" data-element_type=\"widget\" data-e-type=\"widget\" data-widget_type=\"heading.default\">\n\t\t\t\t\t<h2 class=\"elementor-heading-title elementor-size-default\">S\u00edmbols i atributs<\/h2>\t\t\t\t<\/div>\n\t\t\t\t<div class=\"elementor-element elementor-element-66eb4df elementor-widget elementor-widget-text-editor\" data-id=\"66eb4df\" data-element_type=\"widget\" data-e-type=\"widget\" data-widget_type=\"text-editor.default\">\n\t\t\t\t\t\t\t\t\t<p>L&#8217;arc i les fletxes s\u00f3n el senyal d&#8217;identificaci\u00f3 central de Diana i remeten al seu paper com a ca\u00e7adora. En la tradici\u00f3 iconogr\u00e0fica se la representa sobretot amb la t\u00fanica recollida i sand\u00e0lies, sovint acompanyada d&#8217;un gos o d&#8217;un c\u00e9rvol.<\/p><p>La lluna, visible com una mitja lluna sobre el front o entre els cabells, la caracteritza tamb\u00e9 com a deessa de la llum. Aquesta simbologia combinada d&#8217;arma de ca\u00e7a i signe lunar apareix en nombroses monedes de finals de la Rep\u00fablica i de l&#8217;\u00e8poca imperial.<\/p>\n<p>Un altre atribut \u00e9s la torxa. Destaca especialment en els contextos en qu\u00e8 Diana apareix com a deessa de la il\u00b7luminaci\u00f3 nocturna i dels camins pels boscos foscos. En el <span class=\"iwg-fachbegriff\" data-tooltip=\"El conjunt d'actes de veneraci\u00f3 religiosa dedicats a una divinitat o figura sagrada.\" tabindex=\"0\">culte<\/span> de Nemi, els <span class=\"iwg-fachbegriff\" data-tooltip=\"Una persona que empr\u00e8n un viatge motivat religiosament cap a un lloc sagrat.\" tabindex=\"0\">pelegrins<\/span> portaven torxes al voltant del llac, les aig\u00fces del qual es consideraven un mirall de la lluna.<\/p><p>Aquesta relaci\u00f3 entre la llum de la lluna i la claror de les torxes marca la tradici\u00f3 iconogr\u00e0fica posterior fins al Renaixement, on Diana apareix gaireb\u00e9 sempre com una figura nocturna, envoltada de llum.<\/p>\n<p>Diana sol anar acompanyada de gossos, c\u00e9rvols, cabirols i, m\u00e9s rarament, ossos. Aquests animals marquen el seu domini sobre el bosc. En els relleus de l&#8217;Avent\u00ed hi apareixen tamb\u00e9 serps, que indiquen el seu vessant ct\u00f2nic i la seva relaci\u00f3 amb les fonts curatives.<\/p><p>Les dones que li demanaven ajuda durant el part solien oferir com a exvot una corona de branca d&#8217;olivera silvestre. Tamb\u00e9 les figuretes votives de fang de dones embarassades, trobades en gran nombre a Nemi i a altres santuaris, formen part dels rastres materials del seu culte del part.<\/p>\n<p>A les prov\u00edncies, sovint es va sincretitzar amb la deessa de la natura local, com Diana Abnoba a la Selva Negra, Diana Arduinna a les Ardenes o Diana Nemetona a la regi\u00f3 del Danubi. Aquestes formes locals presenten sovint atributs propis, com branques de pi, copes de font o animals salvatges regionals. La <span class=\"iwg-fachbegriff\" data-tooltip=\"La disciplina que estudia els continguts de les imatges i el seu significat.\" tabindex=\"0\">iconografia<\/span> provincial mostra de manera notable la capacitat de la religi\u00f3 romana d&#8217;aplegar cultes locals de la natura sota una \u00fanica divinitat tutelar.<\/p>\t\t\t\t\t\t\t\t<\/div>\n\t\t\t\t<\/div>\n\t\t<div class=\"elementor-element elementor-element-f2962d8 e-con-full e-flex e-con e-child\" data-id=\"f2962d8\" data-element_type=\"container\" data-e-type=\"container\">\n\t\t\t\t<div class=\"elementor-element elementor-element-bd612d8 elementor-widget elementor-widget-heading\" data-id=\"bd612d8\" data-element_type=\"widget\" data-e-type=\"widget\" data-widget_type=\"heading.default\">\n\t\t\t\t\t<h2 class=\"elementor-heading-title elementor-size-default\">Culte i veneraci\u00f3<\/h2>\t\t\t\t<\/div>\n\t\t\t\t<div class=\"elementor-element elementor-element-db40542 elementor-widget elementor-widget-text-editor\" data-id=\"db40542\" data-element_type=\"widget\" data-e-type=\"widget\" data-widget_type=\"text-editor.default\">\n\t\t\t\t\t\t\t\t\t<p>El <span class=\"iwg-fachbegriff\" data-tooltip=\"Un lloc sagrat dedicat a la veneraci\u00f3 d'una divinitat.\" tabindex=\"0\">santuari<\/span> de Nemi era el culte rural m\u00e9s influent de la deessa. Milers d&#8217;exvots de terracota, recuperats arqueol\u00f2gicament, mostren dones amb infants, figurines de dones embarassades i animals.<\/p><p>Aquestes troballes demostren que Diana, a m\u00e9s del seu paper com a deessa de la ca\u00e7a, era invocada sobretot com a auxiliadora en els parts i la crian\u00e7a. Les campanyes arqueol\u00f2giques des del segle XIX han posat de manifest que el <span class=\"iwg-fachbegriff\" data-tooltip=\"Un lloc sagrat dedicat a la veneraci\u00f3 d'una divinitat.\" tabindex=\"0\">santuari<\/span> era un centre de pelegrinatge rural de rellev\u00e0ncia per a tota la pen\u00ednsula it\u00e0lica, amb amplis edificis, sales i recintes de temples.<\/p>\n<p>A Roma mateix hi havia el <span class=\"iwg-fachbegriff\" data-tooltip=\"Una construcci\u00f3 destinada a la veneraci\u00f3 d'una o diverses divinitats.\" tabindex=\"0\">temple<\/span> a l&#8217;Avent\u00ed. Segons Livi, va ser fundat sota Servi Tul\u00b7li i era considerat lloc de reuni\u00f3 dels plebeus i dels esclaus. Davant d&#8217;aquest <span class=\"iwg-fachbegriff\" data-tooltip=\"Una construcci\u00f3 destinada a la veneraci\u00f3 d'una o diverses divinitats.\" tabindex=\"0\">temple<\/span> se celebrava el 13 d&#8217;agost la festa principal, el Servatorius o dies natalis.<\/p><p>Aquell dia els esclaus no podien ser obligats a treballar, i s&#8217;organitzava una process\u00f3 de llums que anava de Roma fins a Nemi al llarg de tota la nit. Aquesta uni\u00f3 del culte urb\u00e0 i del culte rural mitjan\u00e7ant un cam\u00ed processional il\u00b7luminat \u00e9s una forma festiva ins\u00f2lita i especialment intensa dins la religi\u00f3 romana.<\/p>\n<p>A C\u00e0pua i en altres indrets it\u00e0lics es venerava Diana Tifatina, amb el seu propi <span class=\"iwg-fachbegriff\" data-tooltip=\"Un bosc sagrat que servia com a lloc de culte.\" tabindex=\"0\">bosc sagrat<\/span> i font. A les prov\u00edncies, sobretot a la G\u00e0l\u00b7lia i a Germ\u00e0nia, apareix sovint en sincretismes locals.<\/p><p>A Brit\u00e0nia, Hisp\u00e0nia i la costa nord-africana est\u00e0 documentada epigr\u00e0ficament com a ca\u00e7adora i deessa de la natura. A Efes hi havia el <span class=\"iwg-fachbegriff\" data-tooltip=\"Un lloc sagrat dedicat a la veneraci\u00f3 d'una divinitat.\" tabindex=\"0\">santuari<\/span> de Diana Ef\u00e8sia, identificada amb la gran deessa mare oriental, que t\u00e9 un paper destacat en el relat dels Fets dels Ap\u00f2stols del Nou Testament.<\/p>\n<p>Tamb\u00e9 en la religiositat popular Diana va romandre viva durant molt de temps. El Concili d&#8217;Ancira del segle IV i s\u00ednodes posteriors prohibeixen a les dones \u00abcavalcar de nit amb Diana\u00bb.<\/p><p>Aquest passatge \u00e9s un testimoni important de la persist\u00e8ncia de les creences dianianes m\u00e9s enll\u00e0 de la fi dels cultes pagans i es troba a l&#8217;origen de posteriors creences sobre bruixeria. En l&#8217;anomenat Canon Episcopi del segle IX, el vol nocturn amb Diana \u00e9s condemnat com a <span class=\"iwg-fachbegriff\" data-tooltip=\"Denominaci\u00f3 despectiva per a creences considerades infundades religiosament.\" tabindex=\"0\">superstici\u00f3<\/span>, la qual cosa mostra la tenacitat d&#8217;aquesta veneraci\u00f3 popular.<\/p>\n<p>Les vestals, que servien Vesta, portaven ofrenes al <span class=\"iwg-fachbegriff\" data-tooltip=\"Una construcci\u00f3 destinada a la veneraci\u00f3 d'una o diverses divinitats.\" tabindex=\"0\">temple<\/span> de Diana en els seus dies festius. Aquesta connexi\u00f3 cultual entre Vesta i Diana reflecteix l&#8217;estreta relaci\u00f3 entre puresa, virginitat i deessa de la llum. Tamb\u00e9 Juno era invocada conjuntament en els dies festius de Diana a Lavinium i Tusculum, cosa que subratlla la funci\u00f3 d&#8217;ambdues deesses com a auxiliadores del part.<\/p>\t\t\t\t\t\t\t\t<\/div>\n\t\t\t\t<\/div>\n\t\t<div class=\"elementor-element elementor-element-67e249f e-con-full e-flex e-con e-child\" data-id=\"67e249f\" data-element_type=\"container\" data-e-type=\"container\">\n\t\t\t\t<div class=\"elementor-element elementor-element-f9d3f49 elementor-widget elementor-widget-heading\" data-id=\"f9d3f49\" data-element_type=\"widget\" data-e-type=\"widget\" data-widget_type=\"heading.default\">\n\t\t\t\t\t<h2 class=\"elementor-heading-title elementor-size-default\">Mites importants<\/h2>\t\t\t\t<\/div>\n\t\t\t\t<div class=\"elementor-element elementor-element-007d6ba elementor-widget elementor-widget-text-editor\" data-id=\"007d6ba\" data-element_type=\"widget\" data-e-type=\"widget\" data-widget_type=\"text-editor.default\">\n\t\t\t\t\t\t\t\t\t<p>El relat d&#8217;Acte\u00f3 \u00e9s l&#8217;episodi m\u00e9s conegut de la <span class=\"iwg-fachbegriff\" data-tooltip=\"El conjunt dels relats m\u00edtics transmesos d'una cultura sobre els seus d\u00e9us.\" tabindex=\"0\">mitologia<\/span> dianesa. Ovidi narra a les \u00abMetamorfosis\u00bb com el jove ca\u00e7ador Acte\u00f3, mentre passejava, es troba per casualitat amb Diana banyant-se. Indignada per la violaci\u00f3 de la seva puresa, ella el converteix en c\u00e9rvol, que \u00e9s esquin\u00e7at pels seus propis gossos.<\/p><p>El relat cont\u00e9 un antic tab\u00fa de la divinitat, la prohibici\u00f3 de la mirada no autoritzada, i a l&#8217;Edat Mitjana va ser al\u00b7legoritzat cristianament com una advert\u00e8ncia contra la curiositat imp\u00fadica. Titi\u00e0 i pintors posteriors van captar l&#8217;instant de la transformaci\u00f3 en c\u00e8lebres quadres que condensen visualment el <span class=\"iwg-fachbegriff\" data-tooltip=\"Un element de contingut recurrent en l'art o la narrativa.\" tabindex=\"0\">motiu<\/span> del llindar sagrat.<\/p>\n<p>Un segon episodi fa refer\u00e8ncia a Ifig\u00e8nia. Segons una tradici\u00f3 referida per Servi, Diana va salvar la filla d&#8217;Agam\u00e8mnon en l&#8217;\u00faltim instant de la mort sacrificial a \u00c0ulide i la va traslladar a T\u00e0urida, on va esdevenir sacerdotessa seva.<\/p><p>En la lectura romana, el relat es vincula amb el <span class=\"iwg-fachbegriff\" data-tooltip=\"El conjunt de les pr\u00e0ctiques religioses de veneraci\u00f3 d'una divinitat o figura sagrada.\" tabindex=\"0\">culte<\/span> de Nemi, ja que el sacrifici hum\u00e0 t\u00edpic de T\u00e0urida \u00e9s aturat per la mateixa Diana, i la deessa esdev\u00e9 garant d&#8217;una pr\u00e0ctica sacrificial justa i moderada.<\/p><p>L&#8217;adaptaci\u00f3 d&#8217;aquest <span class=\"iwg-fachbegriff\" data-tooltip=\"Un relat transm\u00e8s sobre d\u00e9us, or\u00edgens i l'ordre del m\u00f3n.\" tabindex=\"0\">mite<\/span> feta per Eur\u00edpides a \u00abIfig\u00e8nia a T\u00e0urida\u00bb va ser representada sovint en \u00e8poca romana i va influir en la comprensi\u00f3 de Diana com a deessa que salva les persones en lloc de sacrificar-les.<\/p>\n<p>Un tercer relat parla del c\u00e9rvol de Diana a l&#8217;Avent\u00ed. Segons Livi, un pag\u00e8s rom\u00e0 d&#8217;origen sab\u00ed va criar un c\u00e9rvol especialment gran, del qual un <span class=\"iwg-fachbegriff\" data-tooltip=\"Un lloc o instituci\u00f3 on es consulta un designi div\u00ed.\" tabindex=\"0\">oracle<\/span> deia que el poble que el sacrifiqu\u00e9s obtindria el domini sobre It\u00e0lia.<\/p><p>El sab\u00ed va portar el c\u00e9rvol al <span class=\"iwg-fachbegriff\" data-tooltip=\"Una construcci\u00f3 destinada a la veneraci\u00f3 d'una o diverses divinitats.\" tabindex=\"0\">temple<\/span> de l&#8217;Avent\u00ed, per\u00f2 una ast\u00facia romana el va enganyar per fer-lo sacrificar. Aix\u00ed Roma va obtenir la posici\u00f3 hegem\u00f2nica profetitzada. El relat vincula el <span class=\"iwg-fachbegriff\" data-tooltip=\"Un signe que representa una idea o significat.\" tabindex=\"0\">s\u00edmbol<\/span> rural del c\u00e9rvol amb el significat pol\u00edtic de Diana com a patrona protectora de Roma.<\/p>\n<p>Una quarta mem\u00f2ria m\u00edtica es refereix a Hip\u00f2lit. El jove fill de Teseu, que nom\u00e9s venerava Diana i menyspreava Venus, va ser mort per un <span class=\"iwg-fachbegriff\" data-tooltip=\"\u00c9sser espiritual al qual s'atribueix un efecte nociu o ambivalent.\" tabindex=\"0\">dimoni<\/span> amb forma de toro, i Diana el va fer ressuscitar mitjan\u00e7ant Esculapi i el va traslladar a Aricia, a la vall de Nemi.<\/p><p>All\u00e0 se diu que va actuar com a heroi amb el nom de Virbi. El relat vincula el culte de l&#8217;Avent\u00ed amb el <span class=\"iwg-fachbegriff\" data-tooltip=\"Un bosc sagrat que servia com a lloc de culte.\" tabindex=\"0\">bosc sagrat<\/span> de Nemi i presenta Diana com una deessa que porta els seus seguidors m\u00e9s enll\u00e0 de la mort.<\/p>\t\t\t\t\t\t\t\t<\/div>\n\t\t\t\t<\/div>\n\t\t<div class=\"elementor-element elementor-element-d5b5d49 e-con-full e-flex e-con e-child\" data-id=\"d5b5d49\" data-element_type=\"container\" data-e-type=\"container\">\n\t\t\t\t<div class=\"elementor-element elementor-element-75ed841 elementor-widget elementor-widget-heading\" data-id=\"75ed841\" data-element_type=\"widget\" data-e-type=\"widget\" data-widget_type=\"heading.default\">\n\t\t\t\t\t<h2 class=\"elementor-heading-title elementor-size-default\">Relacions dins el pante\u00f3<\/h2>\t\t\t\t<\/div>\n\t\t\t\t<div class=\"elementor-element elementor-element-853128a elementor-widget elementor-widget-text-editor\" data-id=\"853128a\" data-element_type=\"widget\" data-e-type=\"widget\" data-widget_type=\"text-editor.default\">\n\t\t\t\t\t\t\t\t\t<p>Diana va ser entesa des d&#8217;antic com a germana d&#8217;Apol\u00b7lo, en un paral\u00b7lelisme exacte amb \u00c0rtemis i Apol\u00b7lo en el sistema grec. Ambd\u00f3s es consideren fills de J\u00fapiter i Latona. Apol\u00b7lo encarna el vessant llumin\u00f3s del dia i del sol, mentre que Diana representa el vessant de la lluna i de la nit.<\/p><p>En llocs de culte com Delos i en sincretismes romans, els dos germans apareixen sovint junts. La pol\u00edtica religiosa augustal va utilitzar deliberadament aquesta parella de germans, ja que el mateix August es considerava protegit per Apol\u00b7lo.<\/p>\n<p>Amb Trivia, la deessa dels encreuaments de camins, Diana es troba estretament fusionada. En aquesta funci\u00f3 esdev\u00e9 una deessa ct\u00f2nica de la nit, de la <span class=\"iwg-fachbegriff\" data-tooltip=\"Pr\u00e0ctiques que pretenen intervenir en el curs de les coses mitjan\u00e7ant accions o f\u00f3rmules especials.\" tabindex=\"0\">m\u00e0gia<\/span> i dels llindars. Catul, Virgili i Horaci utilitzen l&#8217;ep\u00edtet Trivia com a variant po\u00e8tica.<\/p><p>La s\u00e8rie Diana, Luna, H\u00e8cate, Trivia sovint es fon en una \u00fanica figura multiforme, molt popular en \u00e8poca imperial. En aquest sentit resulta tamb\u00e9 il\u00b7lustrativa la <span class=\"iwg-fachbegriff\" data-tooltip=\"L'acte de dirigir-se a una divinitat o poder amb s\u00faplica o invocaci\u00f3.\" tabindex=\"0\">invocaci\u00f3<\/span> d&#8217;August al \u00abCarmen Saeculare\u00bb d&#8217;Horaci, que aplega la tr\u00edada de deesses sota el nom de Diana.<\/p>\n<p>En relaci\u00f3 amb Venus, Diana apareix com a defensora de la castedat. Ambdues deesses s\u00f3n invocades de manera contrastada en q\u00fcestions d&#8217;amor i matrimoni. Amb Juno, Diana comparteix l&#8217;aspecte de l&#8217;ajuda en el part, motiu pel qual ambdues eren invocades conjuntament en demanar protecci\u00f3 durant els alumbraments. Aquests aspectes mostren que Diana, dins el <span class=\"iwg-fachbegriff\" data-tooltip=\"El conjunt dels d\u00e9us d'una religi\u00f3 o cultura.\" tabindex=\"0\">pante\u00f3<\/span> rom\u00e0, no estava a\u00efllada, sin\u00f3 inserida en una xarxa de funcions femenines.<\/p>\t\t\t\t\t\t\t\t<\/div>\n\t\t\t\t<\/div>\n\t\t<div class=\"elementor-element elementor-element-c92c8a7 e-con-full e-flex e-con e-child\" data-id=\"c92c8a7\" data-element_type=\"container\" data-e-type=\"container\">\n\t\t\t\t<div class=\"elementor-element elementor-element-3bb7509 elementor-widget elementor-widget-heading\" data-id=\"3bb7509\" data-element_type=\"widget\" data-e-type=\"widget\" data-widget_type=\"heading.default\">\n\t\t\t\t\t<h2 class=\"elementor-heading-title elementor-size-default\">Recepci\u00f3 i influ\u00e8ncia<\/h2>\t\t\t\t<\/div>\n\t\t\t\t<div class=\"elementor-element elementor-element-52b9961 elementor-widget elementor-widget-text-editor\" data-id=\"52b9961\" data-element_type=\"widget\" data-e-type=\"widget\" data-widget_type=\"text-editor.default\">\n\t\t\t\t\t\t\t\t\t<p>El Renaixement va redescobrir Diana com a encarnaci\u00f3 de la gr\u00e0cia i de la llunyania respecte a la civilitzaci\u00f3. Tiziano la va pintar repetidament, sobretot a \u00abDiana i Acte\u00f3\u00bb i \u00abDiana i Calisto\u00bb, totes dues avui a Edimburg.<\/p><p>Al segle XVI es va convertir en la deessa preferida de la cultura cortesana francesa, especialment sota Enric II i Diane de Poitiers, que es va situar deliberadament en el paper de Diana. El castell d&#8217;Anet es va convertir en un refugi dianic amb nombrosos programes iconogr\u00e0fics, inclosa la famosa est\u00e0tua Diane chasseresse, que avui es troba al Louvre.<\/p>\n<p>Durant el Barroc, Diana apareix a l&#8217;\u00f2pera cortesana francesa, per exemple en Lully, i en les pintures de Domenichino i Rubens.<\/p><p>Al segle XVIII ocupa un espai menys iconogr\u00e0fic i m\u00e9s paisatg\u00edstic, ja que creix l&#8217;inter\u00e8s pels boscos salvatges i les escenes de clar de lluna. El romanticisme del segle XIX aprofundeix aquesta imatge i converteix Diana en <span class=\"iwg-fachbegriff\" data-tooltip=\"Una imatge il\u00b7lustrativa que representa una idea abstracta.\" tabindex=\"0\">s\u00edmbol<\/span> de la natura indomable i preciviltzada.<\/p>\n<p>En la hist\u00f2ria de les religions dels segles XIX i XX, Diana es va convertir en una figura clau. Frazer va obrir la seva obra \u00abThe Golden Bough\u00bb amb la pregunta sobre el sacerdot de Nemi i a partir d&#8217;aqu\u00ed va desenvolupar una teoria \u00e0mplia sobre la reialesa m\u00e0gica.<\/p><p>Margaret Murray i els seus seguidors van fer de Diana la deessa epon\u00edmica d&#8217;una suposada religi\u00f3 subterr\u00e0nia europea, una construcci\u00f3 que la investigaci\u00f3 actual considera hist\u00f2ricament insostenible, per\u00f2 que ha marcat profundament els corrents neopagans moderns. La Stregheria, un moviment de bruixeria italoameric\u00e0 del segle XX, invoca Diana com a <span class=\"iwg-fachbegriff\" data-tooltip=\"Un \u00e9sser venerat com a div\u00ed dins d'una religi\u00f3.\" tabindex=\"0\">divinitat<\/span> suprema, prova de la vig\u00e8ncia duradora de la figura antiga.<\/p>\t\t\t\t\t\t\t\t<\/div>\n\t\t\t\t<\/div>\n\t\t<div class=\"elementor-element elementor-element-f43230f e-con-full e-flex e-con e-child\" data-id=\"f43230f\" data-element_type=\"container\" data-e-type=\"container\">\n\t\t\t\t<div class=\"elementor-element elementor-element-47197b7 elementor-widget elementor-widget-heading\" data-id=\"47197b7\" data-element_type=\"widget\" data-e-type=\"widget\" data-widget_type=\"heading.default\">\n\t\t\t\t\t<h2 class=\"elementor-heading-title elementor-size-default\">Classificaci\u00f3 dins la ci\u00e8ncia de la religi\u00f3<\/h2>\t\t\t\t<\/div>\n\t\t\t\t<div class=\"elementor-element elementor-element-bd211dd elementor-widget elementor-widget-text-editor\" data-id=\"bd211dd\" data-element_type=\"widget\" data-e-type=\"widget\" data-widget_type=\"text-editor.default\">\n\t\t\t\t\t\t\t\t\t<p>Robert Schilling descriu Diana com una deessa it\u00e0lica amb dos eixos principals, el culte rural del bosc sagrat i la funci\u00f3 estatal i urbana a l&#8217;Avent\u00ed. Els dos pols estan separats des del punt de vista social, per\u00f2 units cultualment. Kurt Latte interpreta l&#8217;antiga Diana com a deessa principal llatina i veu en el <span class=\"iwg-fachbegriff\" data-tooltip=\"El conjunt d'actes de veneraci\u00f3 religiosa dedicats a una divinitat o figura sagrada.\" tabindex=\"0\">culte<\/span> de Nemi un lloc de jurament federal de les ciutats llatines abans de l&#8217;hegemonia romana.<\/p>\n<p>Mary Beard, John North i Simon Price subratllen el component social. El <span class=\"iwg-fachbegriff\" data-tooltip=\"Una construcci\u00f3 dedicada a la veneraci\u00f3 d'una o diverses divinitats.\" tabindex=\"0\">temple<\/span> de l&#8217;Avent\u00ed era lloc de reuni\u00f3 dels plebeus i esclaus, mentre que el <span class=\"iwg-fachbegriff\" data-tooltip=\"El conjunt d'actes de veneraci\u00f3 religiosa dedicats a una divinitat o figura sagrada.\" tabindex=\"0\">culte<\/span> rural s&#8217;adre\u00e7ava a dones, pastors i viatgers. La deessa reflecteix aix\u00ed capes fora del nucli senatorial, la qual cosa explica la seva llarga perviv\u00e8ncia en la religi\u00f3 popular.<\/p><p>J\u00f6rg R\u00fcpke destaca el car\u00e0cter intermedial de Diana, que unia elements urbans i rurals, hel\u00b7len\u00edstics i it\u00e0lics, p\u00fablics i privats.<\/p>\n<p>La continu\u00eftat en la hist\u00f2ria de les religions fins a l&#8217;edat mitjana est\u00e0 \u00e0mpliament documentada. Carlo Ginzburg, a \u00abStoria notturna\u00bb, ha resseguit les traces de les concepcions dianiques en pr\u00e0ctiques m\u00e0giques populars de l&#8217;It\u00e0lia septentrional, i ha mostrat que les creences en la bruixeria de l&#8217;inici de l&#8217;edat moderna van sorgir d&#8217;una xarxa d&#8217;aquestes tradicions. Tamb\u00e9 Norman Cohn, a \u00abEurope&#8217;s Inner Demons\u00bb, analitza com la diabolitzaci\u00f3 eclesi\u00e0stica va recobrir aquestes concepcions rurals.<\/p>\n<p>La investigaci\u00f3 arqueol\u00f2gica dels segles XX i XXI ha perm\u00e8s explorar, mitjan\u00e7ant grans excavacions, el <span class=\"iwg-fachbegriff\" data-tooltip=\"Un lloc sagrat dedicat a la veneraci\u00f3 d'una divinitat.\" tabindex=\"0\">santuari<\/span> de Nemi, Aricia i l&#8217;Avent\u00ed. Les troballes, especialment inscripcions i ofrenes votives, documenten una continu\u00eftat durant segles i mostren que el <span class=\"iwg-fachbegriff\" data-tooltip=\"El conjunt d'actes de veneraci\u00f3 religiosa dedicats a una divinitat o figura sagrada.\" tabindex=\"0\">culte<\/span> es va mantenir fins a l&#8217;<span class=\"iwg-fachbegriff\" data-tooltip=\"\u00c8poca de transici\u00f3 entre l'Antiguitat i l'edat mitjana, aproximadament del segle III al VII.\" tabindex=\"0\">antiguitat tardana<\/span> cristiana.<\/p>\t\t\t\t\t\t\t\t<\/div>\n\t\t\t\t<\/div>\n\t\t<div class=\"elementor-element elementor-element-a72358d e-con-full e-flex e-con e-child\" data-id=\"a72358d\" data-element_type=\"container\" data-e-type=\"container\">\n\t\t\t\t<div class=\"elementor-element elementor-element-261e25e elementor-widget elementor-widget-heading\" data-id=\"261e25e\" data-element_type=\"widget\" data-e-type=\"widget\" data-widget_type=\"heading.default\">\n\t\t\t\t\t<h2 class=\"elementor-heading-title elementor-size-default\">Fonts i bibliografia complement\u00e0ria<\/h2>\t\t\t\t<\/div>\n\t\t\t\t<div class=\"elementor-element elementor-element-0e3b7c1 elementor-widget elementor-widget-text-editor\" data-id=\"0e3b7c1\" data-element_type=\"widget\" data-e-type=\"widget\" data-widget_type=\"text-editor.default\">\n\t\t\t\t\t\t\t\t\t<div data-nosnippet=\"true\"><p>Fonts de l&#8217;<span class=\"iwg-fachbegriff\" data-tooltip=\"\u00c8poca de la cultura grega i romana, aproximadament del 800 aC al 600 dC.\" tabindex=\"0\">Antiguitat<\/span>: Virgili \u00abEneida\u00bb, Ovidi \u00abMetamorfosis\u00bb i \u00abFasti\u00bb, Livi \u00abAb urbe condita\u00bb, Catul \u00abCarmina\u00bb 34, Horaci \u00abCarmen Saeculare\u00bb, Estrab\u00f3 \u00abGeographika\u00bb, comentari de Servi, Paus\u00e0nies \u00abPeriegesi\u00bb, Plini \u00abNaturalis historia\u00bb.<\/p>\n<ul><li>Bibliografia de recerca: James George Frazer, \u00abThe Golden Bough\u00bb, Londres 1890-1915.<\/li><li>Robert Schilling, \u00abRites, cultes, dieux de Rome\u00bb, Par\u00eds 1979.<\/li><li>Mary Beard, John North, Simon Price, \u00abReligions of Rome\u00bb, Cambridge 1998.<\/li><li>J\u00f6rg R\u00fcpke, \u00abDie Religion der R\u00f6mer\u00bb, Munic 2001.<\/li><li>Carlo Ginzburg, \u00abStoria notturna\u00bb, Tor\u00ed 1989.<\/li><li>Christopher Smith, \u00abThe Roman Clan\u00bb, Cambridge 2006.<\/li><li>Kurt Latte, \u00abR\u00f6mische Religionsgeschichte\u00bb, Munic 1960.<\/li><\/ul><\/div>\t\t\t\t\t\t\t\t<\/div>\n\t\t\t\t<\/div>\n\t\t\t\t\t<\/div>\n\t\t\t\t<\/div>\n\t\t\t\t<\/div>\n\t\t","protected":false},"excerpt":{"rendered":"","protected":false},"author":3,"featured_media":3256,"parent":0,"menu_order":0,"comment_status":"closed","ping_status":"closed","template":"elementor_header_footer","meta":{"_yoast_wpseo_focuskw":"Diana","_yoast_wpseo_title":"Diana \u2013 deessa romana de la ca\u00e7a | iWell Guard","_yoast_wpseo_metadesc":"Diana \u00e9s la deessa romana de la ca\u00e7a, la lluna, els animals salvatges i el part. Germana d'Apol\u00b7lo, santuari de Nemi, aspecte de Trivia. Mite i culte.","_yoast_wpseo_meta-robots-noindex":"","_yoast_wpseo_canonical":"","_angie_page":false,"gefaehrdungsstufe":"2","wesen_kultur":"rom","wesen_klasse":"goetter","footnotes":""},"categories":[],"class_list":["post-171824","page","type-page","status-publish","has-post-thumbnail","hentry"],"yoast_head":"<!-- This site is optimized with the Yoast SEO Premium plugin v27.7 (Yoast SEO v28.3) - https:\/\/yoast.com\/product\/yoast-seo-premium-wordpress\/ -->\n<title>Diana \u2013 deessa romana de la ca\u00e7a | iWell Guard<\/title>\n<meta name=\"description\" content=\"Diana \u00e9s la deessa romana de la ca\u00e7a, la lluna, els animals salvatges i el part. Germana d&#039;Apol\u00b7lo, santuari de Nemi, aspecte de Trivia. Mite i culte.\" \/>\n<meta name=\"robots\" content=\"index, follow, max-snippet:-1, max-image-preview:large, max-video-preview:-1\" \/>\n<link rel=\"canonical\" href=\"https:\/\/iwell-guard.com\/ca\/diana\/\" \/>\n<meta property=\"og:locale\" content=\"ca_ES\" \/>\n<meta property=\"og:type\" content=\"article\" \/>\n<meta property=\"og:title\" content=\"Diana\" \/>\n<meta property=\"og:description\" content=\"Diana \u00e9s la deessa romana de la ca\u00e7a, la lluna, els animals salvatges i el part. Germana d&#039;Apol\u00b7lo, santuari de Nemi, aspecte de Trivia. Mite i culte.\" \/>\n<meta property=\"og:url\" content=\"https:\/\/iwell-guard.com\/ca\/diana\/\" \/>\n<meta property=\"og:site_name\" content=\"iWell Guard\" \/>\n<meta property=\"article:modified_time\" content=\"2026-09-05T16:08:07+00:00\" \/>\n<meta property=\"og:image\" content=\"https:\/\/iwell-guard.com\/wp-content\/uploads\/2026\/05\/goetter_rom_diana.webp\" \/>\n\t<meta property=\"og:image:width\" content=\"1024\" \/>\n\t<meta property=\"og:image:height\" content=\"1536\" \/>\n\t<meta property=\"og:image:type\" content=\"image\/webp\" \/>\n<meta name=\"twitter:card\" content=\"summary_large_image\" \/>\n<script type=\"application\/ld+json\" class=\"yoast-schema-graph\">{\"@context\":\"https:\\\/\\\/schema.org\",\"@graph\":[{\"@type\":\"WebPage\",\"@id\":\"https:\\\/\\\/iwell-guard.com\\\/ca\\\/diana\\\/\",\"url\":\"https:\\\/\\\/iwell-guard.com\\\/ca\\\/diana\\\/\",\"name\":\"Diana \u2013 deessa romana de la ca\u00e7a | iWell Guard\",\"isPartOf\":{\"@id\":\"https:\\\/\\\/iwell-guard.com\\\/ca\\\/#website\"},\"primaryImageOfPage\":{\"@id\":\"https:\\\/\\\/iwell-guard.com\\\/ca\\\/diana\\\/#primaryimage\"},\"image\":{\"@id\":\"https:\\\/\\\/iwell-guard.com\\\/ca\\\/diana\\\/#primaryimage\"},\"thumbnailUrl\":\"https:\\\/\\\/iwell-guard.com\\\/wp-content\\\/uploads\\\/2026\\\/05\\\/goetter_rom_diana.webp\",\"datePublished\":\"2026-09-05T15:42:44+00:00\",\"dateModified\":\"2026-09-05T16:08:07+00:00\",\"description\":\"Diana \u00e9s la deessa romana de la ca\u00e7a, la lluna, els animals salvatges i el part. Germana d'Apol\u00b7lo, santuari de Nemi, aspecte de Trivia. Mite i culte.\",\"breadcrumb\":{\"@id\":\"https:\\\/\\\/iwell-guard.com\\\/ca\\\/diana\\\/#breadcrumb\"},\"inLanguage\":\"ca\",\"potentialAction\":[{\"@type\":\"ReadAction\",\"target\":[\"https:\\\/\\\/iwell-guard.com\\\/ca\\\/diana\\\/\"]}]},{\"@type\":\"ImageObject\",\"inLanguage\":\"ca\",\"@id\":\"https:\\\/\\\/iwell-guard.com\\\/ca\\\/diana\\\/#primaryimage\",\"url\":\"https:\\\/\\\/iwell-guard.com\\\/wp-content\\\/uploads\\\/2026\\\/05\\\/goetter_rom_diana.webp\",\"contentUrl\":\"https:\\\/\\\/iwell-guard.com\\\/wp-content\\\/uploads\\\/2026\\\/05\\\/goetter_rom_diana.webp\",\"width\":1024,\"height\":1536,\"caption\":\"D\u00e9us de la tradici\u00f3 romana.\"},{\"@type\":\"BreadcrumbList\",\"@id\":\"https:\\\/\\\/iwell-guard.com\\\/ca\\\/diana\\\/#breadcrumb\",\"itemListElement\":[{\"@type\":\"ListItem\",\"position\":1,\"name\":\"Start\",\"item\":\"https:\\\/\\\/iwell-guard.com\\\/ca\\\/?page_id=171333\"},{\"@type\":\"ListItem\",\"position\":2,\"name\":\"Diana\"}]},{\"@type\":\"WebSite\",\"@id\":\"https:\\\/\\\/iwell-guard.com\\\/ca\\\/#website\",\"url\":\"https:\\\/\\\/iwell-guard.com\\\/ca\\\/\",\"name\":\"iWell Guard\",\"description\":\"Schutz vor dunklen Einfl\u00fcssen\",\"publisher\":{\"@id\":\"https:\\\/\\\/iwell-guard.com\\\/ca\\\/#organization\"},\"potentialAction\":[{\"@type\":\"SearchAction\",\"target\":{\"@type\":\"EntryPoint\",\"urlTemplate\":\"https:\\\/\\\/iwell-guard.com\\\/ca\\\/?s={search_term_string}\"},\"query-input\":{\"@type\":\"PropertyValueSpecification\",\"valueRequired\":true,\"valueName\":\"search_term_string\"}}],\"inLanguage\":\"ca\"},{\"@type\":\"Organization\",\"@id\":\"https:\\\/\\\/iwell-guard.com\\\/ca\\\/#organization\",\"name\":\"Ittermann electronic GmbH\",\"url\":\"https:\\\/\\\/iwell-guard.com\\\/ca\\\/\",\"logo\":{\"@type\":\"ImageObject\",\"inLanguage\":\"ca\",\"@id\":\"https:\\\/\\\/iwell-guard.com\\\/ca\\\/#\\\/schema\\\/logo\\\/image\\\/\",\"url\":\"https:\\\/\\\/iwell-guard.com\\\/wp-content\\\/uploads\\\/2026\\\/05\\\/Ittermann-Logo-1182x237-1.png\",\"contentUrl\":\"https:\\\/\\\/iwell-guard.com\\\/wp-content\\\/uploads\\\/2026\\\/05\\\/Ittermann-Logo-1182x237-1.png\",\"width\":1182,\"height\":237,\"caption\":\"Ittermann electronic GmbH\"},\"image\":{\"@id\":\"https:\\\/\\\/iwell-guard.com\\\/ca\\\/#\\\/schema\\\/logo\\\/image\\\/\"},\"sameAs\":[\"https:\\\/\\\/pantip.com\\\/profile\\\/9367242\",\"https:\\\/\\\/micro.blog\\\/iwellguard\",\"https:\\\/\\\/www.diggerslist.com\\\/iwellguard\\\/about\",\"https:\\\/\\\/skitterphoto.com\\\/photographers\\\/2870314\\\/iwell-guard\",\"https:\\\/\\\/iwellguard.wordpress.com\\\/2026\\\/06\\\/06\\\/iwell-guard\\\/\",\"https:\\\/\\\/hub.docker.com\\\/u\\\/iwellguard\",\"https:\\\/\\\/www.pinterest.com\\\/iwellguard\\\/\",\"https:\\\/\\\/bit.ly\\\/m\\\/iwellguard\",\"https:\\\/\\\/entre-vos-mains.alsace.eu\\\/profiles\\\/iwellguard\\\/activity\",\"https:\\\/\\\/gravatar.com\\\/reallybeded8fd34\",\"https:\\\/\\\/naijamatta.com\\\/iwellguard\",\"https:\\\/\\\/www.goodreads.com\\\/iwellguard\",\"https:\\\/\\\/profile.hatena.ne.jp\\\/iwellguard\\\/\",\"https:\\\/\\\/experiment.com\\\/users\\\/iwellguard\",\"https:\\\/\\\/wakelet.com\\\/@iWellGuard82270\",\"https:\\\/\\\/www.chordie.com\\\/forum\\\/profile.php?id=2555664\",\"https:\\\/\\\/www.instapaper.com\\\/p\\\/17757966\",\"https:\\\/\\\/www.mapleprimes.com\\\/users\\\/iwellguard\",\"https:\\\/\\\/businesslistingplus.com\\\/profile\\\/iwell-guard\\\/\",\"https:\\\/\\\/telegra.ph\\\/iWell-Guard-06-06\",\"https:\\\/\\\/pbase.com\\\/iwellguard\\\/iwellguard\",\"https:\\\/\\\/b.hatena.ne.jp\\\/iwellguard\\\/20260607#bookmark-4788405196491818882\",\"https:\\\/\\\/fliphtml5.com\\\/home\\\/iwellguard\",\"https:\\\/\\\/anyflip.com\\\/homepage\\\/cmiwl#About\",\"https:\\\/\\\/transfur.com\\\/Users\\\/iwellguard\",\"http:\\\/\\\/delphi.larsbo.org\\\/user\\\/iwellguard\",\"https:\\\/\\\/jobs.lajobsportal.org\\\/profiles\\\/8380803-iwell-guard\",\"https:\\\/\\\/md.chaosdorf.de\\\/s\\\/jfbe5SBdJD\",\"https:\\\/\\\/www.lingvolive.com\\\/en-us\\\/profile\\\/9ecaeaca-ce11-4e51-9e71-01d55e2bff36\\\/translations\",\"https:\\\/\\\/www.fitday.com\\\/fitness\\\/forums\\\/members\\\/iwellguard.html\",\"https:\\\/\\\/www.mymeetbook.com\\\/iwellguard\",\"https:\\\/\\\/pxhere.com\\\/en\\\/photographer-me\\\/5040798\",\"https:\\\/\\\/disqus.com\\\/by\\\/iwellguard\\\/about\\\/\",\"https:\\\/\\\/pastelink.net\\\/hjwciqwq\",\"https:\\\/\\\/pubhtml5.com\\\/homepage\\\/scjhn\\\/\",\"https:\\\/\\\/www.bitchute.com\\\/channel\\\/2O2eOKzNqujT\",\"https:\\\/\\\/audiomack.com\\\/iwellguard\"]},{\"@type\":\"Article\",\"@id\":\"https:\\\/\\\/iwell-guard.com\\\/ca\\\/diana\\\/#article\",\"isPartOf\":{\"@id\":\"https:\\\/\\\/iwell-guard.com\\\/ca\\\/diana\\\/\"},\"author\":{\"name\":\"Ralf Ittermann\",\"@id\":\"https:\\\/\\\/iwell-guard.com\\\/ca\\\/#\\\/schema\\\/person\\\/ee2a27f1cac3406c7c6fb5820cb7349f\"},\"headline\":\"Diana\",\"datePublished\":\"2026-09-05T15:42:44+00:00\",\"dateModified\":\"2026-09-05T16:08:07+00:00\",\"mainEntityOfPage\":{\"@id\":\"https:\\\/\\\/iwell-guard.com\\\/ca\\\/diana\\\/\"},\"publisher\":{\"@id\":\"https:\\\/\\\/iwell-guard.com\\\/ca\\\/#organization\"},\"image\":{\"@id\":\"https:\\\/\\\/iwell-guard.com\\\/ca\\\/diana\\\/#primaryimage\"},\"thumbnailUrl\":\"https:\\\/\\\/iwell-guard.com\\\/wp-content\\\/uploads\\\/2026\\\/05\\\/goetter_rom_diana.webp\",\"inLanguage\":\"ca\",\"description\":\"Diana \u00e9s la deessa romana de la ca\u00e7a, la lluna, els animals salvatges i el part. Germana d'Apol\u00b7lo, santuari de Nemi, aspecte de Trivia. Mite i culte.\"}]}<\/script>\n<!-- \/ Yoast SEO Premium plugin. -->","yoast_head_json":{"title":"Diana \u2013 deessa romana de la ca\u00e7a | iWell Guard","description":"Diana \u00e9s la deessa romana de la ca\u00e7a, la lluna, els animals salvatges i el part. Germana d'Apol\u00b7lo, santuari de Nemi, aspecte de Trivia. Mite i culte.","robots":{"index":"index","follow":"follow","max-snippet":"max-snippet:-1","max-image-preview":"max-image-preview:large","max-video-preview":"max-video-preview:-1"},"canonical":"https:\/\/iwell-guard.com\/ca\/diana\/","og_locale":"ca_ES","og_type":"article","og_title":"Diana","og_description":"Diana \u00e9s la deessa romana de la ca\u00e7a, la lluna, els animals salvatges i el part. Germana d'Apol\u00b7lo, santuari de Nemi, aspecte de Trivia. Mite i culte.","og_url":"https:\/\/iwell-guard.com\/ca\/diana\/","og_site_name":"iWell Guard","article_modified_time":"2026-09-05T16:08:07+00:00","og_image":[{"width":1024,"height":1536,"url":"https:\/\/iwell-guard.com\/wp-content\/uploads\/2026\/05\/goetter_rom_diana.webp","type":"image\/webp"}],"twitter_card":"summary_large_image","schema":{"@context":"https:\/\/schema.org","@graph":[{"@type":"Article","@id":"https:\/\/iwell-guard.com\/ca\/diana\/#article","isPartOf":{"@id":"https:\/\/iwell-guard.com\/ca\/diana\/"},"author":{"name":"Ralf Ittermann","@id":"https:\/\/iwell-guard.com\/ca\/#\/schema\/person\/ee2a27f1cac3406c7c6fb5820cb7349f"},"headline":"Diana","datePublished":"2026-09-05T15:42:44+00:00","dateModified":"2026-09-05T16:08:07+00:00","mainEntityOfPage":{"@id":"https:\/\/iwell-guard.com\/ca\/diana\/"},"publisher":{"@id":"https:\/\/iwell-guard.com\/ca\/#organization"},"image":{"@id":"https:\/\/iwell-guard.com\/ca\/diana\/#primaryimage"},"thumbnailUrl":"https:\/\/iwell-guard.com\/wp-content\/uploads\/2026\/05\/goetter_rom_diana.webp","inLanguage":"ca","description":"Diana \u00e9s la deessa romana de la ca\u00e7a, la lluna, els animals salvatges i el part. Germana d'Apol\u00b7lo, santuari de Nemi, aspecte de Trivia. Mite i culte."},{"@type":"WebPage","@id":"https:\/\/iwell-guard.com\/ca\/diana\/","url":"https:\/\/iwell-guard.com\/ca\/diana\/","name":"Diana \u2013 deessa romana de la ca\u00e7a | iWell Guard","isPartOf":{"@id":"https:\/\/iwell-guard.com\/ca\/#website"},"primaryImageOfPage":{"@id":"https:\/\/iwell-guard.com\/ca\/diana\/#primaryimage"},"image":{"@id":"https:\/\/iwell-guard.com\/ca\/diana\/#primaryimage"},"thumbnailUrl":"https:\/\/iwell-guard.com\/wp-content\/uploads\/2026\/05\/goetter_rom_diana.webp","datePublished":"2026-09-05T15:42:44+00:00","dateModified":"2026-09-05T16:08:07+00:00","description":"Diana \u00e9s la deessa romana de la ca\u00e7a, la lluna, els animals salvatges i el part. Germana d'Apol\u00b7lo, santuari de Nemi, aspecte de Trivia. Mite i culte.","breadcrumb":{"@id":"https:\/\/iwell-guard.com\/ca\/diana\/#breadcrumb"},"inLanguage":"ca","potentialAction":[{"@type":"ReadAction","target":["https:\/\/iwell-guard.com\/ca\/diana\/"]}]},{"@type":"ImageObject","inLanguage":"ca","@id":"https:\/\/iwell-guard.com\/ca\/diana\/#primaryimage","url":"https:\/\/iwell-guard.com\/wp-content\/uploads\/2026\/05\/goetter_rom_diana.webp","contentUrl":"https:\/\/iwell-guard.com\/wp-content\/uploads\/2026\/05\/goetter_rom_diana.webp","width":1024,"height":1536,"caption":"D\u00e9us de la tradici\u00f3 romana."},{"@type":"BreadcrumbList","@id":"https:\/\/iwell-guard.com\/ca\/diana\/#breadcrumb","itemListElement":[{"@type":"ListItem","position":1,"name":"Start","item":"https:\/\/iwell-guard.com\/ca\/?page_id=171333"},{"@type":"ListItem","position":2,"name":"Diana"}]},{"@type":"WebSite","@id":"https:\/\/iwell-guard.com\/ca\/#website","url":"https:\/\/iwell-guard.com\/ca\/","name":"iWell Guard","description":"Schutz vor dunklen Einfl\u00fcssen","publisher":{"@id":"https:\/\/iwell-guard.com\/ca\/#organization"},"potentialAction":[{"@type":"SearchAction","target":{"@type":"EntryPoint","urlTemplate":"https:\/\/iwell-guard.com\/ca\/?s={search_term_string}"},"query-input":{"@type":"PropertyValueSpecification","valueRequired":true,"valueName":"search_term_string"}}],"inLanguage":"ca"},{"@type":"Organization","@id":"https:\/\/iwell-guard.com\/ca\/#organization","name":"Ittermann electronic GmbH","url":"https:\/\/iwell-guard.com\/ca\/","logo":{"@type":"ImageObject","inLanguage":"ca","@id":"https:\/\/iwell-guard.com\/ca\/#\/schema\/logo\/image\/","url":"https:\/\/iwell-guard.com\/wp-content\/uploads\/2026\/05\/Ittermann-Logo-1182x237-1.png","contentUrl":"https:\/\/iwell-guard.com\/wp-content\/uploads\/2026\/05\/Ittermann-Logo-1182x237-1.png","width":1182,"height":237,"caption":"Ittermann electronic GmbH"},"image":{"@id":"https:\/\/iwell-guard.com\/ca\/#\/schema\/logo\/image\/"},"sameAs":["https:\/\/pantip.com\/profile\/9367242","https:\/\/micro.blog\/iwellguard","https:\/\/www.diggerslist.com\/iwellguard\/about","https:\/\/skitterphoto.com\/photographers\/2870314\/iwell-guard","https:\/\/iwellguard.wordpress.com\/2026\/06\/06\/iwell-guard\/","https:\/\/hub.docker.com\/u\/iwellguard","https:\/\/www.pinterest.com\/iwellguard\/","https:\/\/bit.ly\/m\/iwellguard","https:\/\/entre-vos-mains.alsace.eu\/profiles\/iwellguard\/activity","https:\/\/gravatar.com\/reallybeded8fd34","https:\/\/naijamatta.com\/iwellguard","https:\/\/www.goodreads.com\/iwellguard","https:\/\/profile.hatena.ne.jp\/iwellguard\/","https:\/\/experiment.com\/users\/iwellguard","https:\/\/wakelet.com\/@iWellGuard82270","https:\/\/www.chordie.com\/forum\/profile.php?id=2555664","https:\/\/www.instapaper.com\/p\/17757966","https:\/\/www.mapleprimes.com\/users\/iwellguard","https:\/\/businesslistingplus.com\/profile\/iwell-guard\/","https:\/\/telegra.ph\/iWell-Guard-06-06","https:\/\/pbase.com\/iwellguard\/iwellguard","https:\/\/b.hatena.ne.jp\/iwellguard\/20260607#bookmark-4788405196491818882","https:\/\/fliphtml5.com\/home\/iwellguard","https:\/\/anyflip.com\/homepage\/cmiwl#About","https:\/\/transfur.com\/Users\/iwellguard","http:\/\/delphi.larsbo.org\/user\/iwellguard","https:\/\/jobs.lajobsportal.org\/profiles\/8380803-iwell-guard","https:\/\/md.chaosdorf.de\/s\/jfbe5SBdJD","https:\/\/www.lingvolive.com\/en-us\/profile\/9ecaeaca-ce11-4e51-9e71-01d55e2bff36\/translations","https:\/\/www.fitday.com\/fitness\/forums\/members\/iwellguard.html","https:\/\/www.mymeetbook.com\/iwellguard","https:\/\/pxhere.com\/en\/photographer-me\/5040798","https:\/\/disqus.com\/by\/iwellguard\/about\/","https:\/\/pastelink.net\/hjwciqwq","https:\/\/pubhtml5.com\/homepage\/scjhn\/","https:\/\/www.bitchute.com\/channel\/2O2eOKzNqujT","https:\/\/audiomack.com\/iwellguard"]},{"@type":"Person","@id":"https:\/\/iwell-guard.com\/ca\/#\/schema\/person\/ee2a27f1cac3406c7c6fb5820cb7349f","name":"Ralf Ittermann","image":{"@type":"ImageObject","inLanguage":"ca","@id":"https:\/\/secure.gravatar.com\/avatar\/073c0153e350a5005b68eb752b445fea71f6b24a26da9449ad7e155e6b446c9d?s=96&d=mm&r=g","url":"https:\/\/secure.gravatar.com\/avatar\/073c0153e350a5005b68eb752b445fea71f6b24a26da9449ad7e155e6b446c9d?s=96&d=mm&r=g","contentUrl":"https:\/\/secure.gravatar.com\/avatar\/073c0153e350a5005b68eb752b445fea71f6b24a26da9449ad7e155e6b446c9d?s=96&d=mm&r=g","caption":"Ralf Ittermann"},"givenName":"Ralf","familyName":"Ittermann","jobTitle":"Gesch\u00e4ftsf\u00fchrer und redaktioneller Verantwortlicher","url":"https:\/\/iwell-guard.com\/ca\/author\/claude\/","description":"Ralf Ittermann ist Gesch\u00e4ftsf\u00fchrer der Ittermann electronic GmbH und redaktioneller Verantwortlicher des iWell-Guard-Lexikons. Er verbindet langj\u00e4hrige Erfahrung in der Pr\u00e4zisionsfertigung mit medialer Praxis und religionsgeschichtlicher Quellenarbeit.","worksFor":{"@type":"Organization","name":"Ittermann electronic GmbH","url":"https:\/\/ittermann.de\/","address":{"@type":"PostalAddress","streetAddress":"K\u00f6hlergasse 16-18","postalCode":"99842","addressLocality":"Ruhla","addressCountry":"DE"}},"knowsAbout":["Religionsgeschichte","Mythologie","Mediale Praxis","Energetische Diagnostik","Schutzpraxis","Volksglauben","Westliche Esoterik"]},{"@type":"Article","@id":"https:\/\/iwell-guard.com\/ca\/diana\/#article","isPartOf":{"@id":"https:\/\/iwell-guard.com\/ca\/diana\/"},"author":{"name":"Ralf Ittermann","@id":"https:\/\/iwell-guard.com\/ca\/#\/schema\/person\/ee2a27f1cac3406c7c6fb5820cb7349f"},"headline":"Diana","datePublished":"2026-09-05T15:42:44+00:00","dateModified":"2026-09-05T16:08:07+00:00","mainEntityOfPage":{"@id":"https:\/\/iwell-guard.com\/ca\/diana\/"},"publisher":{"@id":"https:\/\/iwell-guard.com\/ca\/#organization"},"image":{"@id":"https:\/\/iwell-guard.com\/ca\/diana\/#primaryimage"},"thumbnailUrl":"https:\/\/iwell-guard.com\/wp-content\/uploads\/2026\/05\/goetter_rom_diana.webp","inLanguage":"ca","description":"Diana \u00e9s la deessa romana de la ca\u00e7a, la lluna, els animals salvatges i el part. Germana d'Apol\u00b7lo, santuari de Nemi, aspecte de Trivia. Mite i culte."}]}},"_links":{"self":[{"href":"https:\/\/iwell-guard.com\/ca\/wp-json\/wp\/v2\/pages\/171824","targetHints":{"allow":["GET"]}}],"collection":[{"href":"https:\/\/iwell-guard.com\/ca\/wp-json\/wp\/v2\/pages"}],"about":[{"href":"https:\/\/iwell-guard.com\/ca\/wp-json\/wp\/v2\/types\/page"}],"author":[{"embeddable":true,"href":"https:\/\/iwell-guard.com\/ca\/wp-json\/wp\/v2\/users\/3"}],"replies":[{"embeddable":true,"href":"https:\/\/iwell-guard.com\/ca\/wp-json\/wp\/v2\/comments?post=171824"}],"version-history":[{"count":0,"href":"https:\/\/iwell-guard.com\/ca\/wp-json\/wp\/v2\/pages\/171824\/revisions"}],"wp:featuredmedia":[{"embeddable":true,"href":"https:\/\/iwell-guard.com\/ca\/wp-json\/wp\/v2\/media\/3256"}],"wp:attachment":[{"href":"https:\/\/iwell-guard.com\/ca\/wp-json\/wp\/v2\/media?parent=171824"}],"wp:term":[{"taxonomy":"category","embeddable":true,"href":"https:\/\/iwell-guard.com\/ca\/wp-json\/wp\/v2\/categories?post=171824"}],"curies":[{"name":"wp","href":"https:\/\/api.w.org\/{rel}","templated":true}]}}