{"id":171823,"date":"2026-09-05T15:42:43","date_gmt":"2026-09-05T15:42:43","guid":{"rendered":"https:\/\/iwell-guard.com\/?page_id=171823"},"modified":"2026-09-05T16:08:11","modified_gmt":"2026-09-05T16:08:11","slug":"neptu","status":"publish","type":"page","link":"https:\/\/iwell-guard.com\/ca\/neptu\/","title":{"rendered":"Nept\u00fa"},"content":{"rendered":"\t\t<div data-elementor-type=\"wp-page\" data-elementor-id=\"171823\" class=\"elementor elementor-171823 elementor-3013 elementor-bc-flex-widget\" data-elementor-post-type=\"page\">\n\t\t\t\t<div class=\"elementor-element elementor-element-7fedc39 e-flex e-con-boxed e-con e-parent\" data-id=\"7fedc39\" data-element_type=\"container\" data-e-type=\"container\" data-settings=\"{&quot;background_background&quot;:&quot;classic&quot;}\">\n\t\t\t\t\t<div class=\"e-con-inner\">\n\t\t<div class=\"elementor-element elementor-element-5acd9bb e-flex e-con-boxed e-con e-child\" data-id=\"5acd9bb\" data-element_type=\"container\" data-e-type=\"container\">\n\t\t\t\t\t<div class=\"e-con-inner\">\n\t\t<div class=\"elementor-element elementor-element-b324d66 e-con-full e-flex e-con e-child\" data-id=\"b324d66\" data-element_type=\"container\" data-e-type=\"container\">\n\t\t\t\t<div class=\"elementor-element elementor-element-bd5217d elementor-widget elementor-widget-heading\" data-id=\"bd5217d\" data-element_type=\"widget\" data-e-type=\"widget\" data-widget_type=\"heading.default\">\n\t\t\t\t\t<h1 class=\"elementor-heading-title elementor-size-default\">Nept\u00fa, d\u00e9u rom\u00e0 del mar<\/h1>\t\t\t\t<\/div>\n\t\t\t\t<div class=\"elementor-element elementor-element-e1b2263 elementor-widget elementor-widget-text-editor\" data-id=\"e1b2263\" data-element_type=\"widget\" data-e-type=\"widget\" data-widget_type=\"text-editor.default\">\n\t\t\t\t\t\t\t\t\t<p>Nept\u00fa \u00e9s el d\u00e9u rom\u00e0 del mar, de l&#8217;aigua dol\u00e7a i dels cavalls. El seu car\u00e0cter origin\u00e0riament \u00edtalic encara es reconeix en les capes m\u00e9s antigues de la religi\u00f3 romana, on apareixia menys com a senyor dels oceans que com a <span class=\"iwg-fachbegriff\" data-tooltip=\"Un \u00e9sser venerat com a div\u00ed dins d'una religi\u00f3.\" tabindex=\"0\">divinitat<\/span> de les aig\u00fces corrents i de les fonts.<\/p><p>No va ser fins a l&#8217;adopci\u00f3 hel\u00b7len\u00edstica de Posid\u00f3 que Nept\u00fa es va convertir en d\u00e9u del mar en sentit estricte i en germ\u00e0 mitol\u00f2gic de J\u00fapiter i Plut\u00f3. En aquesta forma influ\u00efda pel hel\u00b7lenisme, governa la tempesta, els terratr\u00e8mols i el dest\u00ed de tots els navegants.<\/p>\t\t\t\t\t\t\t\t<\/div>\n\t\t\t\t<\/div>\n\t\t<div class=\"elementor-element elementor-element-a1d89c3 e-con-full e-flex e-con e-parent\" data-id=\"a1d89c3\" data-element_type=\"container\" data-e-type=\"container\">\n\t\t\t\t<div class=\"elementor-element elementor-element-fdb4f2b elementor-widget elementor-widget-html\" data-id=\"fdb4f2b\" data-element_type=\"widget\" data-e-type=\"widget\" data-widget_type=\"html.default\">\n\t\t\t\t\t<div class=\"iwg-pill-row\"><span class=\"iwg-klasse-badge\" tabindex=\"0\" data-tooltip=\"D\u00e9u \/ Deessa: Poder suprem personificat dins el pante\u00f3 d'una cultura, amb \u00e0mbits d'acci\u00f3 clars: forces de la natura, dest\u00ed, guerra, fertilitat. Venerat mitjan\u00e7ant cultes, ofrenes i institucions templ\u00e0ries.\">D\u00e9u<\/span><a href=\"https:\/\/iwell-guard.com\/ca\/roma\/\" class=\"iwg-kultur-badge\" tabindex=\"0\" data-tooltip=\"Religi\u00f3 romana des de la monarquia fins a l'Antiguitat tardana, sincr\u00e8tica amb capes gregues i etrusques.\">Roma<\/a><\/div>\t\t\t\t<\/div>\n\t\t\t\t<\/div>\n\t\t<div class=\"elementor-element elementor-element-e8ae2eb e-con-full e-flex e-con e-child\" data-id=\"e8ae2eb\" data-element_type=\"container\" data-e-type=\"container\">\n\t\t\t\t<div class=\"elementor-element elementor-element-ea403d9 elementor-toc--minimized-on-tablet elementor-widget elementor-widget-table-of-contents\" data-id=\"ea403d9\" data-element_type=\"widget\" data-e-type=\"widget\" data-settings=\"{&quot;exclude_headings_by_selector&quot;:[],&quot;no_headings_message&quot;:&quot;No s&#039;ha trobat cap encap\\u00e7alament en aquesta p\\u00e0gina.&quot;,&quot;headings_by_tags&quot;:[&quot;h2&quot;,&quot;h3&quot;],&quot;marker_view&quot;:&quot;bullets&quot;,&quot;icon&quot;:{&quot;value&quot;:&quot;fas fa-circle&quot;,&quot;library&quot;:&quot;fa-solid&quot;,&quot;rendered_tag&quot;:&quot;&lt;svg class=\\&quot;e-font-icon-svg e-fas-circle\\&quot; viewBox=\\&quot;0 0 512 512\\&quot; xmlns=\\&quot;http:\\\/\\\/www.w3.org\\\/2000\\\/svg\\&quot;&gt;&lt;path d=\\&quot;M256 8C119 8 8 119 8 256s111 248 248 248 248-111 248-248S393 8 256 8z\\&quot;&gt;&lt;\\\/path&gt;&lt;\\\/svg&gt;&quot;},&quot;minimize_box&quot;:&quot;yes&quot;,&quot;minimized_on&quot;:&quot;tablet&quot;,&quot;hierarchical_view&quot;:&quot;yes&quot;,&quot;min_height&quot;:{&quot;unit&quot;:&quot;px&quot;,&quot;size&quot;:&quot;&quot;,&quot;sizes&quot;:[]},&quot;min_height_tablet&quot;:{&quot;unit&quot;:&quot;px&quot;,&quot;size&quot;:&quot;&quot;,&quot;sizes&quot;:[]},&quot;min_height_mobile&quot;:{&quot;unit&quot;:&quot;px&quot;,&quot;size&quot;:&quot;&quot;,&quot;sizes&quot;:[]}}\" data-widget_type=\"table-of-contents.default\">\n\t\t\t\t\t\t\t\t\t<div class=\"elementor-toc__header\">\n\t\t\t\t\t\t<h2 class=\"elementor-toc__header-title\">\n\t\t\t\t\u00cdndex\t\t\t<\/h2>\n\t\t\t\t\t\t\t\t\t\t<div class=\"elementor-toc__toggle-button elementor-toc__toggle-button--expand\" role=\"button\" tabindex=\"0\" aria-controls=\"elementor-toc__ea403d9\" aria-expanded=\"true\" aria-label=\"Open table of contents\"><svg aria-hidden=\"true\" class=\"e-font-icon-svg e-fas-chevron-down\" viewBox=\"0 0 448 512\" xmlns=\"http:\/\/www.w3.org\/2000\/svg\"><path d=\"M207.029 381.476L12.686 187.132c-9.373-9.373-9.373-24.569 0-33.941l22.667-22.667c9.357-9.357 24.522-9.375 33.901-.04L224 284.505l154.745-154.021c9.379-9.335 24.544-9.317 33.901.04l22.667 22.667c9.373 9.373 9.373 24.569 0 33.941L240.971 381.476c-9.373 9.372-24.569 9.372-33.942 0z\"><\/path><\/svg><\/div>\n\t\t\t\t<div class=\"elementor-toc__toggle-button elementor-toc__toggle-button--collapse\" role=\"button\" tabindex=\"0\" aria-controls=\"elementor-toc__ea403d9\" aria-expanded=\"true\" aria-label=\"Close table of contents\"><svg aria-hidden=\"true\" class=\"e-font-icon-svg e-fas-chevron-up\" viewBox=\"0 0 448 512\" xmlns=\"http:\/\/www.w3.org\/2000\/svg\"><path d=\"M240.971 130.524l194.343 194.343c9.373 9.373 9.373 24.569 0 33.941l-22.667 22.667c-9.357 9.357-24.522 9.375-33.901.04L224 227.495 69.255 381.516c-9.379 9.335-24.544 9.317-33.901-.04l-22.667-22.667c-9.373-9.373-9.373-24.569 0-33.941L207.03 130.525c9.372-9.373 24.568-9.373 33.941-.001z\"><\/path><\/svg><\/div>\n\t\t\t\t\t<\/div>\n\t\t\t\t<div id=\"elementor-toc__ea403d9\" class=\"elementor-toc__body\">\n\t\t\t<div class=\"elementor-toc__spinner-container\">\n\t\t\t\t<svg class=\"elementor-toc__spinner eicon-animation-spin e-font-icon-svg e-eicon-loading\" aria-hidden=\"true\" viewBox=\"0 0 1000 1000\" xmlns=\"http:\/\/www.w3.org\/2000\/svg\"><path d=\"M500 975V858C696 858 858 696 858 500S696 142 500 142 142 304 142 500H25C25 237 238 25 500 25S975 237 975 500 763 975 500 975Z\"><\/path><\/svg>\t\t\t<\/div>\n\t\t<\/div>\n\t\t\t\t\t\t<\/div>\n\t\t\t\t<\/div>\n\t\t\t\t\t<\/div>\n\t\t\t\t<\/div>\n\t\t<div class=\"elementor-element elementor-element-68c9e72 e-con-full e-flex e-con e-child\" data-id=\"68c9e72\" data-element_type=\"container\" data-e-type=\"container\">\n\t\t\t\t<div class=\"elementor-element elementor-element-6929a21 iwg-hero-image elementor-widget elementor-widget-image\" data-id=\"6929a21\" data-element_type=\"widget\" data-e-type=\"widget\" data-widget_type=\"image.default\">\n\t\t\t\t\t\t\t\t\t\t\t\t\t\t\t<img fetchpriority=\"high\" decoding=\"async\" width=\"683\" height=\"1024\" src=\"https:\/\/iwell-guard.com\/wp-content\/uploads\/2026\/05\/goetter_rom_neptun-683x1024.webp\" class=\"attachment-large size-large wp-image-173448\" alt=\"Nept\u00fa - d\u00e9us de la tradici\u00f3 romana, il\u00b7lustratiu i historicista\" srcset=\"https:\/\/iwell-guard.com\/wp-content\/uploads\/2026\/05\/goetter_rom_neptun-683x1024.webp 683w, https:\/\/iwell-guard.com\/wp-content\/uploads\/2026\/05\/goetter_rom_neptun-200x300.webp 200w, https:\/\/iwell-guard.com\/wp-content\/uploads\/2026\/05\/goetter_rom_neptun-768x1152.webp 768w, https:\/\/iwell-guard.com\/wp-content\/uploads\/2026\/05\/goetter_rom_neptun.webp 1024w\" sizes=\"(max-width: 683px) 100vw, 683px\" \/>\t\t\t\t\t\t\t\t\t\t\t\t\t\t\t<\/div>\n\t\t\t\t<\/div>\n\t\t\t\t\t<\/div>\n\t\t\t\t<\/div>\n\t\t<div class=\"elementor-element elementor-element-31ac2f6 e-con-boxed e-flex e-con e-parent\" data-id=\"31ac2f6\" data-element_type=\"container\" data-e-type=\"container\">\n\t\t\t\t\t<div class=\"e-con-inner\">\n\t\t<div class=\"elementor-element elementor-element-eaecbc3 e-con-full e-flex e-con e-child\" data-id=\"eaecbc3\" data-element_type=\"container\" data-e-type=\"container\">\n\t\t\t\t<div class=\"elementor-element elementor-element-fc92f60 elementor-widget elementor-widget-heading\" data-id=\"fc92f60\" data-element_type=\"widget\" data-e-type=\"widget\" data-widget_type=\"heading.default\">\n\t\t\t\t\t<h2 class=\"elementor-heading-title elementor-size-default\">Mite i origen<\/h2>\t\t\t\t<\/div>\n\t\t\t\t<div class=\"elementor-element elementor-element-37977a3 elementor-widget elementor-widget-text-editor\" data-id=\"37977a3\" data-element_type=\"widget\" data-e-type=\"widget\" data-widget_type=\"text-editor.default\">\n\t\t\t\t\t\t\t\t\t<p>En l&#8217;\u00e8poca \u00edtalica primitiva, Nept\u00fa era un d\u00e9u de l&#8217;aigua corrent, probablement relacionat amb els cultes de l&#8217;aigua etruscos i sabins. El seu nom es pot fer remuntar, a trav\u00e9s de l&#8217;indoeuropeu, a una arrel que significa \u00abhumit\u00bb, que tamb\u00e9 es troba en divinitats de l&#8217;aigua antic-\u00edndies i c\u00e8ltiques.<\/p><p>A difer\u00e8ncia del posterior d\u00e9u del mar, en un principi era responsable de les fonts, els rierols i el sistema de pous de les cases i ciutats \u00edtaliques. Les Neptun\u00e0lies, la seva festa antiga, se celebraven el 23 de juliol, en plena fase seca de l&#8217;estiu, cosa que subratlla la import\u00e0ncia del culte a l&#8217;aigua en el paisatge estival, sec, de la pen\u00ednsula it\u00e0lica.<\/p>\n<p>Amb el contacte amb la cultura grega a trav\u00e9s de Sic\u00edlia i la Magna Gr\u00e8cia, Nept\u00fa va anar adoptant progressivament trets de Posid\u00f3. Ja al segle III a. C. les descripcions liter\u00e0ries de Virgili i Nevi estaven marcades per la idea d&#8217;un poder\u00f3s d\u00e9u del mar que desfermava tempestes i dirigia les navegacions.<\/p><p>Virgili mostra a l&#8217;\u00abEneida\u00bb Nept\u00fa diverses vegades com a protector de la flota troiana, per exemple quan repr\u00e8n \u00c8ol per haver deslligat una tempesta sense el seu perm\u00eds. Aquest episodi va marcar la imatge romana del d\u00e9u com a governant sobir\u00e0 i just de les forces de la natura.<\/p>\n<div data-nosnippet=\"true\"><p>Servi i Macrobi transmeten aspectes m\u00e9s antics. Macrobi relata a les \u00abSaturnals\u00bb un antic ep\u00edtet, Neptunus equestris, que subratlla la seva vinculaci\u00f3 amb el cavall.<\/p><p>Aquesta vinculaci\u00f3 no era un producte d&#8217;importaci\u00f3 grega, sin\u00f3 que estava arrelada en les tradicions indoeuropees dels cultes \u00edtalics de l&#8217;aigua, com ha destacat Georges Dum\u00e9zil en comparar-la amb divinitats equines v\u00e8diques i c\u00e8ltiques. La seva comparaci\u00f3 amb el v\u00e8dic Apam Napat, el \u00abnet de les aig\u00fces\u00bb, ha marcat de manera duradora la recerca sobre la religi\u00f3 indoeuropea.<\/p><\/div>\n<p>En la concepci\u00f3 religiosa romana, Nept\u00fa va seguir sent una <span class=\"iwg-fachbegriff\" data-tooltip=\"Un \u00e9sser venerat com a div\u00ed dins d'una religi\u00f3.\" tabindex=\"0\">divinitat<\/span> espec\u00edficament \u00edtalica malgrat la superposici\u00f3 hel\u00b7len\u00edstica. A difer\u00e8ncia del Posid\u00f3 grec, que sovint apareix com a competidor col\u00e8ric de Zeus, en la literatura romana se&#8217;l representa m\u00e9s b\u00e9 com un governant ser\u00e8 i sobir\u00e0, que doma les tempestes en lloc de desfermar-les.<\/p><p>Aquesta imatge va servir, especialment en l&#8217;autorepresentaci\u00f3 augustal, com a model de mesura i ordre estatal.<\/p>\t\t\t\t\t\t\t\t<\/div>\n\t\t\t\t<\/div>\n\t\t<div class=\"elementor-element elementor-element-44dd43d e-con-full e-flex e-con e-child\" data-id=\"44dd43d\" data-element_type=\"container\" data-e-type=\"container\">\n\t\t\t\t<div class=\"elementor-element elementor-element-391c7fd elementor-widget elementor-widget-heading\" data-id=\"391c7fd\" data-element_type=\"widget\" data-e-type=\"widget\" data-widget_type=\"heading.default\">\n\t\t\t\t\t<h2 class=\"elementor-heading-title elementor-size-default\">S\u00edmbols i atributs<\/h2>\t\t\t\t<\/div>\n\t\t\t\t<div class=\"elementor-element elementor-element-db4e5a7 elementor-widget elementor-widget-text-editor\" data-id=\"db4e5a7\" data-element_type=\"widget\" data-e-type=\"widget\" data-widget_type=\"text-editor.default\">\n\t\t\t\t\t\t\t\t\t<p>El trident \u00e9s l&#8217;atribut m\u00e9s important de Nept\u00fa, que en el repertori iconogr\u00e0fic rom\u00e0 sol combinar-se amb tirs de cavalls. Mitol\u00f2gicament, el trident s&#8217;interpreta com una eina per desfermar tempestes i per obrir la terra, cosa que fa que Nept\u00fa pugui ser causant de terratr\u00e8mols.<\/p><p>L&#8217;ep\u00edtet Enosichthon, \u00abel que sacseja la terra\u00bb, es va adoptar de la tradici\u00f3 grega i en el context rom\u00e0 es va llegir com una refer\u00e8ncia a fen\u00f2mens s\u00edsmics. Els cat\u00e0legs de terratr\u00e8mols de l&#8217;<span class=\"iwg-fachbegriff\" data-tooltip=\"\u00c8poca de la cultura grega i romana, entre aproximadament el 800 a. C. i el 600 d. C.\" tabindex=\"0\">Antiguitat<\/span> esmenten Nept\u00fa com a <span class=\"iwg-fachbegriff\" data-tooltip=\"Un \u00e9sser venerat com a div\u00ed dins d'una religi\u00f3.\" tabindex=\"0\">divinitat<\/span> que cal reconciliar, sobretot a les ciutats portu\u00e0ries del sud d&#8217;It\u00e0lia, que patien terratr\u00e8mols freq\u00fcents.<\/p>\n<p>La petxina i la parella de dofins s\u00f3n altres elements iconogr\u00e0fics habituals. En mosaics d&#8217;\u00d2stia, Pompeia i el nord d&#8217;\u00c0frica, Nept\u00fa apareix sovint sobre un carro tirat per hipocamps.<\/p><p>Aquests <span class=\"iwg-fachbegriff\" data-tooltip=\"Un \u00e9sser que reuneix trets de diverses criatures diferents.\" tabindex=\"0\">\u00e9ssers h\u00edbrids<\/span> amb cos de cavall i cua de peix uneixen en una sola figura els seus dos \u00e0mbits principals, el cavall i el mar. Tamb\u00e9 a la numism\u00e0tica de l&#8217;\u00e8poca imperial apareix el <span class=\"iwg-fachbegriff\" data-tooltip=\"Un element de contingut recurrent en l'art o la narraci\u00f3.\" tabindex=\"0\">motiu<\/span> de l&#8217;hipocamp, especialment en monedes que representen vict\u00f2ries navals o la seguretat de les rutes mar\u00edtimes.<\/p>\n<p>En el sacrifici d&#8217;animals, el toro li era <span class=\"iwg-fachbegriff\" data-tooltip=\"Pertanyent a l'\u00e0mbit div\u00ed i, per tant, excl\u00f2s de l'\u00fas quotidi\u00e0.\" tabindex=\"0\">sagrat<\/span>, sovint de color negre i sense taques, ja que els bous eren considerats un <span class=\"iwg-fachbegriff\" data-tooltip=\"Una imatge il\u00b7lustrativa que representa una idea abstracta.\" tabindex=\"0\">s\u00edmbol<\/span> de la for\u00e7a natural domada. Abans de salpar, els vaixells portaven encens i vi als altars de bord dedicats a Nept\u00fa.<\/p><p>Les unitats navals romanes tenien ins\u00edgnies amb el trident i li feien <span class=\"iwg-fachbegriff\" data-tooltip=\"Ofrena a una divinitat per expressar gratitud, s\u00faplica o veneraci\u00f3.\" tabindex=\"0\">ofrenes<\/span> quan es posaven en servei nous vaixells. Inscripcions de Misenum, el port naval m\u00e9s important d&#8217;It\u00e0lia, documenten el paper central de Nept\u00fa en els afers navals militars.<\/p>\n<p>Un atribut menys conegut \u00e9s la sal, dedicada a Nept\u00fa com a senyor de les aig\u00fces salades. En els batejos de vaixells s&#8217;escampava sal sobre la coberta de proa, un <span class=\"iwg-fachbegriff\" data-tooltip=\"Un costum transm\u00e8s i repetit regularment dins d'una comunitat.\" tabindex=\"0\">costum<\/span> que es va perpetuar des de l&#8217;<span class=\"iwg-fachbegriff\" data-tooltip=\"\u00c8poca de transici\u00f3 entre l'Antiguitat i l'edat mitjana, aproximadament entre els segles III i VII.\" tabindex=\"0\">Antiguitat tardana<\/span> fins a la pr\u00e0ctica cristiana de la benedicci\u00f3 de vaixells.<\/p>\t\t\t\t\t\t\t\t<\/div>\n\t\t\t\t<\/div>\n\t\t<div class=\"elementor-element elementor-element-d37946b e-con-full e-flex e-con e-child\" data-id=\"d37946b\" data-element_type=\"container\" data-e-type=\"container\">\n\t\t\t\t<div class=\"elementor-element elementor-element-3e4ed5e elementor-widget elementor-widget-heading\" data-id=\"3e4ed5e\" data-element_type=\"widget\" data-e-type=\"widget\" data-widget_type=\"heading.default\">\n\t\t\t\t\t<h2 class=\"elementor-heading-title elementor-size-default\">Culte i veneraci\u00f3<\/h2>\t\t\t\t<\/div>\n\t\t\t\t<div class=\"elementor-element elementor-element-85e7779 elementor-widget elementor-widget-text-editor\" data-id=\"85e7779\" data-element_type=\"widget\" data-e-type=\"widget\" data-widget_type=\"text-editor.default\">\n\t\t\t\t\t\t\t\t\t<p>La festa principal de Nept\u00fa eren les Neptun\u00e0lia, celebrades el 23 de juliol. Cicer\u00f3 i Varr\u00f3 les descriuen com una festa rural en la qual la gent erigia cabanes senzilles fetes de fullatge i branques, anomenades umbrae. Aquestes cabanes servien d&#8217;espais d&#8217;ombra on es bevia vi i s&#8217;aguantava la calor de l&#8217;estiu.<\/p><p>La festa tenia un car\u00e0cter marcadament popular i se celebrava tant a Roma com al camp. La idea que el sostre d&#8217;ombra de la festa al\u00b7ludeix a l&#8217;acci\u00f3 del d\u00e9u que porta l&#8217;aigua refrescant est\u00e0 profundament arrelada en la religi\u00f3 rural d&#8217;It\u00e0lia.<\/p>\n<p>El seu <span class=\"iwg-fachbegriff\" data-tooltip=\"Una construcci\u00f3 destinada a la veneraci\u00f3 d'una o diverses divinitats.\" tabindex=\"0\">temple<\/span> m\u00e9s important a Roma s&#8217;al\u00e7ava al Camp de Mart, prop del Circ Flamini, amb un gran pati porticat conegut com el Porticus Neptuni. All\u00ed es trobaven les ofrenes votives dels comandants de flotes victorioses.<\/p><p>Marc Vipsani Agripa, gendre d&#8217;August, va fer renovar el conjunt despr\u00e9s de la batalla d&#8217;\u00c0ccium i va honrar Nept\u00fa com a protector de la seva flota. Aquest homenatge formava part d&#8217;una \u00e0mplia posada en escena teol\u00f2gica estatal amb la qual August legitimava religiosament la seva vict\u00f2ria sobre Marc Antoni.<\/p>\n<p>A la costa, especialment a ciutats portu\u00e0ries com Ostia, Puteoli, Mass\u00edlia i Cartago, Nept\u00fa era el d\u00e9u principal dels navegants. Inscripcions d&#8217;armadors i gremis professionals testimonien la seva funci\u00f3 com a patr\u00f3 dels oficis n\u00e0utics.<\/p><p>Els santuaris costaners amb altars rocosos i copes votives estaven molt estesos a les prov\u00edncies d&#8217;\u00c0frica i Hisp\u00e0nia. Tamb\u00e9 a la regi\u00f3 del mar Negre, en escenaris on operaven les flotes romanes, Nept\u00fa apareix documentat en inscripcions com a divinitat protectora.<\/p>\n<p>En els cossos de cavalleria i en les curses de carros, Nept\u00fa equestris tenia un paper important. Abans de les curses al Circ M\u00e0xim se li oferien sacrificis de cavalls, sovint en forma de crins simb\u00f2liques.<\/p><p>La vinculaci\u00f3 amb les curses de carros s&#8217;explica per la idea que Nept\u00fa havia donat el cavall a la humanitat, fent possible aix\u00ed el domini del moviment r\u00e0pid. L&#8217;Equus October, un antic sacrifici de cavall celebrat el 15 d&#8217;octubre, estava originalment atribu\u00eft a Mart, per\u00f2 en la tradici\u00f3 posterior tamb\u00e9 va quedar associat a Nept\u00fa.<\/p>\t\t\t\t\t\t\t\t<\/div>\n\t\t\t\t<\/div>\n\t\t<div class=\"elementor-element elementor-element-fbe7784 e-con-full e-flex e-con e-child\" data-id=\"fbe7784\" data-element_type=\"container\" data-e-type=\"container\">\n\t\t\t\t<div class=\"elementor-element elementor-element-c05e5b1 elementor-widget elementor-widget-heading\" data-id=\"c05e5b1\" data-element_type=\"widget\" data-e-type=\"widget\" data-widget_type=\"heading.default\">\n\t\t\t\t\t<h2 class=\"elementor-heading-title elementor-size-default\">Mites importants<\/h2>\t\t\t\t<\/div>\n\t\t\t\t<div class=\"elementor-element elementor-element-6b06055 elementor-widget elementor-widget-text-editor\" data-id=\"6b06055\" data-element_type=\"widget\" data-e-type=\"widget\" data-widget_type=\"text-editor.default\">\n\t\t\t\t\t\t\t\t\t<p>A l&#8217;\u00abEneida\u00bb, Virgili narra en el primer llibre com Juno persuadeix el d\u00e9u de les tempestes Eol per desfermar una violenta tempesta contra la flota troiana. Nept\u00fa s&#8217;adona d&#8217;aquesta acci\u00f3 arbitr\u00e0ria, repr\u00e8n Eol amb les paraules Quos ego i calma el mar.<\/p><p>El vers Quos ego, \u00e9s a dir, \u00abals quals jo\u00bb, es va convertir en una cita c\u00e8lebre per designar una amena\u00e7a interrompuda sobtadament. L&#8217;escena mostra el domini sobir\u00e0 de Nept\u00fa sobre les tempestes i el seu paper espec\u00edficament rom\u00e0 com a protector del llinatge troi\u00e0, del qual sorgeixen els fundadors de Roma. Al mateix temps, oferia una prova religiosa i teol\u00f2gica del car\u00e0cter providencial de la hist\u00f2ria romana.<\/p>\n<p>Un segon relat tracta de la disputa amb Minerva pel patronatge d&#8217;Atenes. Aquest episodi grec va ser reelaborat en clau romana per Ovidi a les \u00abMetamorfosis\u00bb. Nept\u00fa va crear el cavall, Minerva l&#8217;olivera, i els ciutadans van optar pel regal m\u00e9s \u00fatil, el de Minerva.<\/p><p>Llegit en clau romana, el relat serveix d&#8217;exemple de la primacia de la invenci\u00f3 erudita sobre la invenci\u00f3 b\u00e8l\u00b7lica. Es va utilitzar a les escoles romanes com a exemple d&#8217;educaci\u00f3 \u00e8tica.<\/p>\n<p>Un tercer relat narra la construcci\u00f3 de les muralles de Troia, en la qual Nept\u00fa va participar juntament amb Apol\u00b7lo. Segons una <span class=\"iwg-fachbegriff\" data-tooltip=\"La transmissi\u00f3 de coneixements i relats al llarg de generacions.\" tabindex=\"0\">tradici\u00f3<\/span> que refereixen Virgili i posteriorment Servi, els dos d\u00e9us havien rebut la promesa d&#8217;una recompensa per part del rei troi\u00e0 Laomedont, per\u00f2 van ser enganyats i no van cobrar el pagament.<\/p><p>D&#8217;aquesta ofensa va n\u00e9ixer el ressentiment posterior de Nept\u00fa envers Troia, que nom\u00e9s es va apaivagar en part gr\u00e0cies al dest\u00ed del seu predilecte Eneas. L&#8217;episodi vincula l&#8217;arquitectura c\u00f2smica, la fidelitat contractual i el dest\u00ed a llarg termini en un \u00fanic moviment m\u00edtic.<\/p>\n<p>Un quart relat descriu el lliurament del cavall a la humanitat. Segons Virgili, Nept\u00fa va colpejar la terra amb el trident, i d&#8217;aqu\u00ed va sorgir el primer cavall. Aquest relat constitueix el rerefons del seu ep\u00edtet Equester i del seu paper en la cria de cavalls. Es representava especialment en cultes de Sic\u00edlia i Ap\u00falia, regions amb una tradici\u00f3 de cria equina.<\/p>\t\t\t\t\t\t\t\t<\/div>\n\t\t\t\t<\/div>\n\t\t<div class=\"elementor-element elementor-element-56ed780 e-con-full e-flex e-con e-child\" data-id=\"56ed780\" data-element_type=\"container\" data-e-type=\"container\">\n\t\t\t\t<div class=\"elementor-element elementor-element-871fb8d elementor-widget elementor-widget-heading\" data-id=\"871fb8d\" data-element_type=\"widget\" data-e-type=\"widget\" data-widget_type=\"heading.default\">\n\t\t\t\t\t<h2 class=\"elementor-heading-title elementor-size-default\">Relacions dins el pante\u00f3<\/h2>\t\t\t\t<\/div>\n\t\t\t\t<div class=\"elementor-element elementor-element-04585bd elementor-widget elementor-widget-text-editor\" data-id=\"04585bd\" data-element_type=\"widget\" data-e-type=\"widget\" data-widget_type=\"text-editor.default\">\n\t\t\t\t\t\t\t\t\t<p>En la imatge hel\u00b7len\u00edstica, Nept\u00fa \u00e9s un dels tres fills de Saturn i Ops, juntament amb J\u00fapiter i Plut\u00f3. Segons l&#8217;antic <span class=\"iwg-fachbegriff\" data-tooltip=\"Un relat transm\u00e8s sobre d\u00e9us, or\u00edgens i l'ordre del m\u00f3n.\" tabindex=\"0\">mite<\/span>, els germans es van repartir el regne: J\u00fapiter va rebre el cel, Nept\u00fa el mar i Plut\u00f3 el m\u00f3n subterrani.<\/p><p>Aquesta divisi\u00f3 tripartida va ser sovint citada per Naevi i Virgili en el context rom\u00e0 i incorporada a la representaci\u00f3 augustal. Reflecteix l&#8217;her\u00e8ncia conceptual d&#8217;una divisi\u00f3 tripartida indoeuropea del cosmos, que apareix en patrons similars tamb\u00e9 en la <span class=\"iwg-fachbegriff\" data-tooltip=\"El conjunt dels relats mitol\u00f2gics transmesos d'una cultura sobre els seus d\u00e9us.\" tabindex=\"0\">mitologia<\/span> \u00edndia i nord-europea.<\/p>\n<p>Nept\u00fa es va casar amb Sal\u00e0cia, una antiga deessa it\u00e0lica de les aig\u00fces. El nom de Sal\u00e0cia, que remet a \u00abaigua salada\u00bb, est\u00e0 documentat com a esposa en la religi\u00f3 it\u00e0lica abans que la grega Amfitrite complet\u00e9s la imatge.<\/p><p>En textos m\u00e9s tardans apareix Ven\u00edlia com a segona companya, sobretot en cultes rurals de fonts. Aquesta pluralitat conjugal no \u00e9s, des del punt de vista de la hist\u00f2ria de les religions, una contradicci\u00f3, sin\u00f3 que marca diversos aspectes de l&#8217;\u00e9sser aqu\u00e0tic, cadascun amb la seva pr\u00f2pia companya.<\/p>\n<p>Nept\u00fa est\u00e0 estretament relacionat amb Port\u00fa, el d\u00e9u dels ports, i amb Tiber\u00ed, el d\u00e9u fluvial del T\u00edber. Junts formen un subpante\u00f3 relacionat amb les aig\u00fces, amb funcions pr\u00f2pies. En el <span class=\"iwg-fachbegriff\" data-tooltip=\"Fusi\u00f3 de conceptes o divinitats provinents de diferents tradicions religioses.\" tabindex=\"0\">sincretisme<\/span> hel\u00b7len\u00edstic, Nept\u00fa va assumir gaireb\u00e9 tot el cicle m\u00edtic de Posid\u00f3 i en la tradici\u00f3 liter\u00e0ria gaireb\u00e9 mai m\u00e9s va ser concebut de manera independent.<\/p>\n<p>En la divinitat etrusca Nethuns, documentada en miralls de bronze i en el fetge de bronze de Piacenza, investigadors com Massimo Pallottino hi veuen un precedent directe o almenys un culte paral\u00b7lel.<\/p><p>Nethuns apareix en inscripcions etrusques com a divinitat aqu\u00e0tica amb l&#8217;atribut del trident, cosa que fa plausible l&#8217;origen etrusc d&#8217;alguns elements del culte rom\u00e0 a Nept\u00fa. La direcci\u00f3 exacta de l&#8217;intercanvi cultual entre Etr\u00faria i el Laci continua sent objecte de debat en la investigaci\u00f3.<\/p>\n<p>En la <span class=\"iwg-fachbegriff\" data-tooltip=\"La doctrina cient\u00edfica sobre D\u00e9u i la fe d'una religi\u00f3.\" tabindex=\"0\">teologia<\/span> estoica posterior, per exemple en Cornut i Cleantes, Nept\u00fa va ser interpretat com a personificaci\u00f3 de l&#8217;element humit. Aquesta interpretaci\u00f3 f\u00edsico-al\u00b7leg\u00f2rica es troba a gran dist\u00e0ncia de la imatge cultual dels d\u00e9us, per\u00f2 va mantenir la seva vig\u00e8ncia durant molt de temps en Lucreci i en la formaci\u00f3 filos\u00f2fica de la natura.<\/p>\t\t\t\t\t\t\t\t<\/div>\n\t\t\t\t<\/div>\n\t\t<div class=\"elementor-element elementor-element-23894e9 e-con-full e-flex e-con e-child\" data-id=\"23894e9\" data-element_type=\"container\" data-e-type=\"container\">\n\t\t\t\t<div class=\"elementor-element elementor-element-aaf2bce elementor-widget elementor-widget-heading\" data-id=\"aaf2bce\" data-element_type=\"widget\" data-e-type=\"widget\" data-widget_type=\"heading.default\">\n\t\t\t\t\t<h2 class=\"elementor-heading-title elementor-size-default\">Recepci\u00f3 i influ\u00e8ncia<\/h2>\t\t\t\t<\/div>\n\t\t\t\t<div class=\"elementor-element elementor-element-5003f82 elementor-widget elementor-widget-text-editor\" data-id=\"5003f82\" data-element_type=\"widget\" data-e-type=\"widget\" data-widget_type=\"text-editor.default\">\n\t\t\t\t\t\t\t\t\t<p>Nept\u00fa va continuar sent una figura al\u00b7leg\u00f2rica preferida durant el Renaixement i el Barroc. Es van erigir fonts amb figures de Nept\u00fa a Bolonya, Flor\u00e8ncia, Messina i, sobretot, a Roma. La Fontana di Trevi presenta el d\u00e9u, segons un programa de Nicola Salvi, acabat el 1762, com a figura central dominant d&#8217;un paisatge aqu\u00e0tic monumental.<\/p><p>Tamb\u00e9 a Versalles i a Sanssouci la font central porta el seu nom. Aquesta tradici\u00f3 de fonts converteix Nept\u00fa en una figura de mem\u00f2ria present en el paisatge urb\u00e0 de l&#8217;edat moderna.<\/p>\n<p>En la pintura, Tintoretto, Rubens, Poussin i m\u00e9s tard B\u00f6cklin van tractar temes neptunians. La <span class=\"iwg-fachbegriff\" data-tooltip=\"Estudi del contingut de les imatges i del seu significat.\" tabindex=\"0\">iconografia<\/span> oscil\u00b7la entre un anci\u00e0 que governa tranquil i un d\u00e9u de la tempesta agitat i furi\u00f3s. Als segles XVIII i XIX, Nept\u00fa es va convertir en figura est\u00e0ndard de les al\u00b7legories mar\u00edtimes, sobretot en drassanes, acad\u00e8mies navals i construccions portu\u00e0ries. En nombrosos r\u00e8tols de drassanes i escuts d&#8217;armadors apareix el trident com a signe simb\u00f2lic.<\/p>\n<p>En la hist\u00f2ria de la ci\u00e8ncia, l&#8217;astronomia va atorgar al d\u00e9u una pres\u00e8ncia addicional. El vuit\u00e8 planeta, descobert el 1846 a Berl\u00edn per Johann Galle i Heinrich d&#8217;Arrest a partir de la predicci\u00f3 d&#8217;Urbain Le Verrier, va rebre aquest nom perqu\u00e8 la seva atmosfera agitada i la seva dist\u00e0ncia del centre solar es corresponien simb\u00f2licament amb el d\u00e9u del mar.<\/p><p>Avui tamb\u00e9 diversos tipus de vaixells i ordes navals porten el seu nom, entre ells la classe francesa Neptun i l&#8217;Order of Neptune brit\u00e0nic.<\/p>\n<p>En la literatura anglesa, Nept\u00fa apareix a \u00abHamlet\u00bb i \u00abAntony and Cleopatra\u00bb de Shakespeare com a imatge simb\u00f2lica del dest\u00ed de Brit\u00e0nia, que atribueix a les illes una identitat mar\u00edtima pr\u00f2pia.<\/p><p>Aquest t\u00f2pic es va convertir en l&#8217;Imperi Brit\u00e0nic en ret\u00f2rica est\u00e0ndard de la propaganda de la flota naval, amb rituals anuals de les celebracions \u00abCrossing the Line\u00bb, en les quals un actor en el paper de Nept\u00fa realitzava cerimonialment el pas de l&#8217;equador. Tamb\u00e9 tradicions navals actuals com l&#8217;\u00abOrder of Neptune\u00bb de la US Navy es remunten a aquesta l\u00ednia.<\/p>\n<p>En la hist\u00f2ria moderna de la ci\u00e8ncia, el descobriment del planeta Nept\u00fa el 1846 va desencadenar alhora un debat teol\u00f2gic, ja que el cos celeste predit va confirmar brillantment la mec\u00e0nica newtoniana.<\/p><p>John Couch Adams a Cambridge i Le Verrier a Par\u00eds van batejar el planeta juntament amb l&#8217;observatori de Berl\u00edn. El nom arrossegat va donar lloc des de llavors a altres denominacions, entre elles les llunes Trit\u00f3 i Nereida, els noms de les quals provenen de l&#8217;entorn mitol\u00f2gic de Nept\u00fa.<\/p>\t\t\t\t\t\t\t\t<\/div>\n\t\t\t\t<\/div>\n\t\t<div class=\"elementor-element elementor-element-519b987 e-con-full e-flex e-con e-child\" data-id=\"519b987\" data-element_type=\"container\" data-e-type=\"container\">\n\t\t\t\t<div class=\"elementor-element elementor-element-39bff2c elementor-widget elementor-widget-heading\" data-id=\"39bff2c\" data-element_type=\"widget\" data-e-type=\"widget\" data-widget_type=\"heading.default\">\n\t\t\t\t\t<h2 class=\"elementor-heading-title elementor-size-default\">Classificaci\u00f3 dins la ci\u00e8ncia de la religi\u00f3<\/h2>\t\t\t\t<\/div>\n\t\t\t\t<div class=\"elementor-element elementor-element-1570392 elementor-widget elementor-widget-text-editor\" data-id=\"1570392\" data-element_type=\"widget\" data-e-type=\"widget\" data-widget_type=\"text-editor.default\">\n\t\t\t\t\t\t\t\t\t<p>Georges Dum\u00e9zil veu en Nept\u00fa una divinitat it\u00e0lica del cavall i de l&#8217;aigua, que relaciona en comparaci\u00f3 indoeuropea amb el v\u00e8dic Apam Napat i amb \u00e9ssers aqu\u00e0tics c\u00e8ltics.<\/p><p>Des d&#8217;aquesta perspectiva, la posterior identificaci\u00f3 amb Posid\u00f3 \u00e9s un proc\u00e9s secundari que ha superposat parcialment la figura it\u00e0lica original. La tesi de Dum\u00e9zil ha generat una discussi\u00f3 intensa en la investigaci\u00f3 i avui es considera un plantejament explicatiu plausible, tot i que alguns detalls continuen sent controvertits.<\/p>\n<p>Robert Schilling i Kurt Latte destaquen que en la religi\u00f3 romana m\u00e9s antiga Nept\u00fa era competent sobretot com a d\u00e9u de l&#8217;aigua dol\u00e7a, i que nom\u00e9s en \u00e8poca republicana va ser elevat a d\u00e9u del mar.<\/p><p>John Scheid i J\u00f6rg R\u00fcpke posen l&#8217;accent en la funci\u00f3 social del seu culte, que integrava soldats de marina, gremis de barquers i corredors de carros. Mary Beard analitza l&#8217;exaltaci\u00f3 augustal de Nept\u00fa despr\u00e9s d&#8217;Actium com a element de la propaganda imperial, i mostra com la religi\u00f3 estatal pot transformar la imatge d&#8217;un d\u00e9u.<\/p>\n<p>Stefan Maul, en estudis comparatius, ha plantejat fins a quin punt els d\u00e9us aqu\u00e0tics romans es relacionen amb conceptes d&#8217;aigua dol\u00e7a de l&#8217;Orient Pr\u00f2xim antic com Ea. La investigaci\u00f3 hi veu m\u00e9s b\u00e9 paral\u00b7lelismes tipol\u00f2gics que una depend\u00e8ncia directa, perqu\u00e8 els cultes aqu\u00e0tics romans estan fermament arrelats en substrats it\u00e0lics i c\u00e8ltics.<\/p><p>Encara falta un estudi comparatiu exhaustiu de les divinitats aqu\u00e0tiques de la Mediterr\u00e0nia, per\u00f2 ja es troben primers plantejaments en els treballs de Walter Burkert.<\/p>\t\t\t\t\t\t\t\t<\/div>\n\t\t\t\t<\/div>\n\t\t<div class=\"elementor-element elementor-element-ee43a76 e-con-full e-flex e-con e-child\" data-id=\"ee43a76\" data-element_type=\"container\" data-e-type=\"container\">\n\t\t\t\t<div class=\"elementor-element elementor-element-b121000 elementor-widget elementor-widget-heading\" data-id=\"b121000\" data-element_type=\"widget\" data-e-type=\"widget\" data-widget_type=\"heading.default\">\n\t\t\t\t\t<h2 class=\"elementor-heading-title elementor-size-default\">Santuaris i topografia<\/h2>\t\t\t\t<\/div>\n\t\t\t\t<div class=\"elementor-element elementor-element-d96c2a0 elementor-widget elementor-widget-text-editor\" data-id=\"d96c2a0\" data-element_type=\"widget\" data-e-type=\"widget\" data-widget_type=\"text-editor.default\">\n\t\t\t\t\t\t\t\t\t<p>El <span class=\"iwg-fachbegriff\" data-tooltip=\"Un edifici destinat a la veneraci\u00f3 d'una o diverses divinitats.\" tabindex=\"0\">temple<\/span> proper al circ, al Camp de Mart, anomenat origin\u00e0riament Aedes Neptuni, s&#8217;identifica en la recerca amb el <span class=\"iwg-fachbegriff\" data-tooltip=\"Un lloc sagrat dedicat a la veneraci\u00f3 d'una divinitat.\" tabindex=\"0\">santuari<\/span> fundat per Cneu Domici Ahenobarb despr\u00e9s de la vict\u00f2ria sobre els pirates il\u00b7liris l&#8217;any 122 aC.<\/p><p>El fam\u00f3s <span class=\"iwg-fachbegriff\" data-tooltip=\"Una representaci\u00f3 esculpida en relleu sobre una superf\u00edcie.\" tabindex=\"0\">relleu<\/span> amb el Census i el Casament mar\u00ed, avui repartit entre Munic i el Louvre, decorava probablement el s\u00f2col del grup d&#8217;imatges de culte o un <span class=\"iwg-fachbegriff\" data-tooltip=\"Lloc elevat o taula per a sacrificis i actes religiosos.\" tabindex=\"0\">altar<\/span> proper.<\/p><p>Filippo Coarelli i Adam Ziolkowski han discutit en estudis topogr\u00e0fics la localitzaci\u00f3 canviant del santuari i n&#8217;han assenyalat la connexi\u00f3 amb la Porticus Octaviae i amb el posterior Teatre de Balb.<\/p>\n<p>A Ostia, el port de Roma, Nept\u00fa era el d\u00e9u central dels col\u00b7legis professionals. El fam\u00f3s mosaic en blanc i negre de les Termes de Nept\u00fa mostra el d\u00e9u sobre un carro tirat per cavalls marins, envoltat de tritons i nereides.<\/p><p>La Forica dels col\u00b7legis professionals, al F\u00f2rum de les Corporacions, mostra en nombrosos mosaics de paviment escenes nept\u00faniques que remeten cada una als \u00e0mbits n\u00e0utics de negoci de les diferents companyies navilieres. A Misenum, prop de N\u00e0pols, principal base de la flota pretoriana del Mediterrani, inscripcions votives documenten un Iseum Serapeum Neptunum, un santuari mixt on tamb\u00e9 es veneraven d\u00e9us marins egipcio-hel\u00b7len\u00edstics.<\/p>\n<p>Els santuaris provincials estan especialment ben documentats al nord d&#8217;\u00c0frica i a la costa atl\u00e0ntica gal\u00b7la. A Diana Veteranorum, a l&#8217;actual Alg\u00e8ria, els veterans que hi residien van consagrar un <span class=\"iwg-fachbegriff\" data-tooltip=\"Lloc elevat o taula per a sacrificis i actes religiosos.\" tabindex=\"0\">altar<\/span> amb <span class=\"iwg-fachbegriff\" data-tooltip=\"Un element de contingut recurrent en l'art o la narrativa.\" tabindex=\"0\">motiu<\/span> de trident. A Bordeus, unes inscripcions esmenten un Neptunus Hippius, sorgit de la fusi\u00f3 local amb un culte c\u00e8ltic de l&#8217;aigua.<\/p><p>Al llarg del Danubi i del limes, unes pedres votives testimonien una veneraci\u00f3 militar que invoca Nept\u00fa juntament amb les nimfes o el genius loci. Aquesta distribuci\u00f3 dels santuaris mostra fins a quin punt el <span class=\"iwg-fachbegriff\" data-tooltip=\"El conjunt d'actes de veneraci\u00f3 religiosa envers una divinitat o figura sagrada.\" tabindex=\"0\">culte<\/span> estava lligat a la infraestructura romana de rutes mar\u00edtimes, ports i rius fronterers.<\/p>\t\t\t\t\t\t\t\t<\/div>\n\t\t\t\t<\/div>\n\t\t<div class=\"elementor-element elementor-element-b24ae35 e-con-full e-flex e-con e-child\" data-id=\"b24ae35\" data-element_type=\"container\" data-e-type=\"container\">\n\t\t\t\t<div class=\"elementor-element elementor-element-f021295 elementor-widget elementor-widget-heading\" data-id=\"f021295\" data-element_type=\"widget\" data-e-type=\"widget\" data-widget_type=\"heading.default\">\n\t\t\t\t\t<h2 class=\"elementor-heading-title elementor-size-default\">Inscripcions i textos<\/h2>\t\t\t\t<\/div>\n\t\t\t\t<div class=\"elementor-element elementor-element-e19ad9d elementor-widget elementor-widget-text-editor\" data-id=\"e19ad9d\" data-element_type=\"widget\" data-e-type=\"widget\" data-widget_type=\"text-editor.default\">\n\t\t\t\t\t\t\t\t\t<p>El Corpus Inscriptionum Latinarum recull unes dues-centes consagracions a Nept\u00fa, sobretot a les prov\u00edncies d&#8217;\u00c0frica, Hisp\u00e0nia, G\u00e0l\u00b7lia i les prov\u00edncies del Danubi. Les f\u00f3rmules t\u00edpiques s\u00f3n Neptuno sacrum, Neptuno Augusto, Neptuno conservatori.<\/p><p>Diverses inscripcions militars vinculen Nept\u00fa amb el Geni de la unitat, com per exemple Neptuno et Genio classis praetoriae Misenensis. Altres el designen com a patr\u00f3 dels fusters navals, dels calafats i dels constructors d&#8217;embarcacions.<\/p>\n<p>Liter\u00e0riament, l&#8217;Eneida de Virgili \u00e9s la font po\u00e8tica m\u00e9s important, complementada pels episodis de navegaci\u00f3 de les Metamorfosis d&#8217;Ovidi, llibre XI (Ceix i Alc\u00edone) i llibre XIII (Aquem\u00e8nides). Estaci, a la Tebaida (II, 723), es refereix a Nept\u00fa com a d\u00e9u dels terratr\u00e8mols.<\/p><p>En la prosa hist\u00f2rica, s\u00f3n especialment rellevants els relats de Livi sobre les batalles de Milas i Naulocos, on Nept\u00fa apareix com a destinatari dels sacrificis d&#8217;acci\u00f3 de gr\u00e0cies per la vict\u00f2ria. El comentari de Servi a l&#8217;Eneida, de l&#8217;<span class=\"iwg-fachbegriff\" data-tooltip=\"\u00c8poca de transici\u00f3 entre l'antiguitat i l'edat mitjana, aproximadament del segle III al VII.\" tabindex=\"0\">antiguitat tardana<\/span>, recull nombroses notes cultuals i etimol\u00f2giques que d&#8217;altra manera s&#8217;haurien perdut.<\/p>\n<p>Un g\u00e8nere de fonts particular s\u00f3n els grafits n\u00e0utics de Pompeia i Ostia. Inscripcions al costat de les naus com Neptune fave, \u00abque Nept\u00fa sigui favorable\u00bb, testimonien la religiositat quotidiana del viatger.<\/p><p>Les Tabulae Pompeianae, una col\u00b7lecci\u00f3 de documents comercials del segle I, esmenten vaixells amb noms te\u00f2fors com Neptunus, Hippokampos i Salacia. Aquest g\u00e8nere de fonts permet una mirada a la pr\u00e0ctica religiosa quotidiana fora dels calendaris festius estatals.<\/p>\t\t\t\t\t\t\t\t<\/div>\n\t\t\t\t<\/div>\n\t\t<div class=\"elementor-element elementor-element-704c0ef e-con-full e-flex e-con e-child\" data-id=\"704c0ef\" data-element_type=\"container\" data-e-type=\"container\">\n\t\t\t\t<div class=\"elementor-element elementor-element-8dbf066 elementor-widget elementor-widget-heading\" data-id=\"8dbf066\" data-element_type=\"widget\" data-e-type=\"widget\" data-widget_type=\"heading.default\">\n\t\t\t\t\t<h2 class=\"elementor-heading-title elementor-size-default\">Calendari festiu i ritus<\/h2>\t\t\t\t<\/div>\n\t\t\t\t<div class=\"elementor-element elementor-element-77cb93f elementor-widget elementor-widget-text-editor\" data-id=\"77cb93f\" data-element_type=\"widget\" data-e-type=\"widget\" data-widget_type=\"text-editor.default\">\n\t\t\t\t\t\t\t\t\t<p>En el calendari festiu rom\u00e0, el 23 de juliol era el dia principal de les Neptunalia, amb una festa associada de Furrina dos dies m\u00e9s tard. Les Feriae inclo\u00efen <span class=\"iwg-fachbegriff\" data-tooltip=\"Ofrena a una divinitat per expressar gratitud, s\u00faplica o veneraci\u00f3.\" tabindex=\"0\">sacrificis<\/span> a l&#8217;ara maxima Neptuni, al Camp de Mart, i un \u00e0pat comunitari a l&#8217;ombra de cabanes de fullatge.<\/p><p>Macrobi i Servi expliquen un <span class=\"iwg-fachbegriff\" data-tooltip=\"Un acte religi\u00f3s fixat i recurrent.\" tabindex=\"0\">ritu<\/span> amb vi i aigua salada, en el qual la barreja dels dos l\u00edquids simbolitzava el matrimoni de Nept\u00fa i Sal\u00e0cia. El dia tamb\u00e9 es considerava l&#8217;inici de la fase m\u00e9s calorosa de l&#8217;estiu, quan el reg dels camps es feia urgent.<\/p>\n<p>Les Consualia, del 21 d&#8217;agost i del 15 de desembre, estaven formalment dedicades a Consus, per\u00f2 mantenien, per la participaci\u00f3 dels cavalls, una estreta connexi\u00f3 amb Neptunus equestris.<\/p><p>Les curses de carros que se celebraven al circ s&#8217;iniciaven amb un sacrifici de cavall, que en la consci\u00e8ncia romana se situava entre Mart i Nept\u00fa. La creen\u00e7a que Nept\u00fa havia creat el cavall donava a la cursa una dimensi\u00f3 cosmol\u00f2gica, en la qual el domini de la velocitat s&#8217;entenia com un acte religi\u00f3s.<\/p>\n<p>Els batejos de vaixells seguien un <span class=\"iwg-fachbegriff\" data-tooltip=\"Una seq\u00fc\u00e8ncia regulada d'actes simb\u00f2lics amb significat religi\u00f3s o cultural.\" tabindex=\"0\">ritual<\/span> fixat. S&#8217;abocava vi a la proa del vaixell, que rajava cap al mar, i alhora s&#8217;escampava sal. Un sacerdot pronunciava la f\u00f3rmula Neptuno favente et sereno mari, \u00abamb el favor de Nept\u00fa i el mar ser\u00e8\u00bb.<\/p><p>Aquest ritual de batejar vaixells est\u00e0 descrit per Plini el Vell i en diverses Tabulae d&#8217;Ostia. En l&#8217;<span class=\"iwg-fachbegriff\" data-tooltip=\"\u00c8poca de transici\u00f3 entre l'antiguitat i l'edat mitjana, aproximadament del segle III al VII.\" tabindex=\"0\">antiguitat tardana<\/span> cristiana, el <span class=\"iwg-fachbegriff\" data-tooltip=\"Un costum transm\u00e8s i repetit regularment dins d'una comunitat.\" tabindex=\"0\">costum<\/span> es va traspassar a Sant Nicolau, la hagiografia del qual va recollir deliberadament motius de la veneraci\u00f3 de Nept\u00fa per facilitar la conversi\u00f3 dels mariners.<\/p>\t\t\t\t\t\t\t\t<\/div>\n\t\t\t\t<\/div>\n\t\t<div class=\"elementor-element elementor-element-2af192e e-con-full e-flex e-con e-child\" data-id=\"2af192e\" data-element_type=\"container\" data-e-type=\"container\">\n\t\t\t\t<div class=\"elementor-element elementor-element-ea9969c elementor-widget elementor-widget-heading\" data-id=\"ea9969c\" data-element_type=\"widget\" data-e-type=\"widget\" data-widget_type=\"heading.default\">\n\t\t\t\t\t<h2 class=\"elementor-heading-title elementor-size-default\">Fonts i bibliografia complement\u00e0ria<\/h2>\t\t\t\t<\/div>\n\t\t\t\t<div class=\"elementor-element elementor-element-6e2a051 elementor-widget elementor-widget-text-editor\" data-id=\"6e2a051\" data-element_type=\"widget\" data-e-type=\"widget\" data-widget_type=\"text-editor.default\">\n\t\t\t\t\t\t\t\t\t<p>Fonts de l&#8217;<span class=\"iwg-fachbegriff\" data-tooltip=\"\u00c8poca de la cultura grega i romana, aproximadament del 800 aC al 600 dC\" tabindex=\"0\">Antiguitat<\/span>: Virgili \u00abEneida\u00bb, Ovidi \u00abMetamorfosis\u00bb i \u00abFasti\u00bb, Livi \u00abAb urbe condita\u00bb, Cicer\u00f3 \u00abDe natura deorum\u00bb, Varr\u00f3 \u00abDe lingua latina\u00bb, Macrobi \u00abSaturnalia\u00bb, comentari de Servi, Estrab\u00f3 \u00abGeographika\u00bb, Plini \u00abNaturalis historia\u00bb.<\/p>\n<div data-nosnippet=\"true\"><p>Bibliografia de recerca: Georges Dum\u00e9zil, \u00abLa religion romaine archa\u00efque\u00bb, Par\u00eds 1966. Robert Schilling, \u00abRites, cultes, dieux de Rome\u00bb, Par\u00eds 1979. Kurt Latte, \u00abR\u00f6mische Religionsgeschichte\u00bb, Munic 1960. Mary Beard, John North, Simon Price, \u00abReligions of Rome\u00bb, Cambridge 1998. J\u00f6rg R\u00fcpke, \u00abDie Religion der R\u00f6mer\u00bb, Munic 2001. John Scheid, \u00abAn Introduction to Roman Religion\u00bb, Edimburg 2003.<\/p><\/div>\t\t\t\t\t\t\t\t<\/div>\n\t\t\t\t<\/div>\n\t\t\t\t\t<\/div>\n\t\t\t\t<\/div>\n\t\t\t\t<\/div>\n\t\t","protected":false},"excerpt":{"rendered":"","protected":false},"author":3,"featured_media":3259,"parent":0,"menu_order":0,"comment_status":"closed","ping_status":"closed","template":"elementor_header_footer","meta":{"_yoast_wpseo_focuskw":"Nept\u00fa","_yoast_wpseo_title":"Nept\u00fa \u2013 d\u00e9u rom\u00e0 del mar | iWell Guard","_yoast_wpseo_metadesc":"Nept\u00fa \u00e9s el d\u00e9u rom\u00e0 del mar i dels cavalls, identificat amb Posid\u00f3. Festa de les Neptun\u00e0lies, trident i la seva funci\u00f3 m\u00e9s antiga com a d\u00e9u de l'aigua dol\u00e7a.","_yoast_wpseo_meta-robots-noindex":"","_yoast_wpseo_canonical":"","_angie_page":false,"gefaehrdungsstufe":"2","wesen_kultur":"rom","wesen_klasse":"goetter","footnotes":""},"categories":[],"class_list":["post-171823","page","type-page","status-publish","has-post-thumbnail","hentry"],"yoast_head":"<!-- This site is optimized with the Yoast SEO Premium plugin v27.7 (Yoast SEO v28.3) - https:\/\/yoast.com\/product\/yoast-seo-premium-wordpress\/ -->\n<title>Nept\u00fa \u2013 d\u00e9u rom\u00e0 del mar | iWell Guard<\/title>\n<meta name=\"description\" content=\"Nept\u00fa \u00e9s el d\u00e9u rom\u00e0 del mar i dels cavalls, identificat amb Posid\u00f3. Festa de les Neptun\u00e0lies, trident i la seva funci\u00f3 m\u00e9s antiga com a d\u00e9u de l&#039;aigua dol\u00e7a.\" \/>\n<meta name=\"robots\" content=\"index, follow, max-snippet:-1, max-image-preview:large, max-video-preview:-1\" \/>\n<link rel=\"canonical\" href=\"https:\/\/iwell-guard.com\/ca\/neptu\/\" \/>\n<meta property=\"og:locale\" content=\"ca_ES\" \/>\n<meta property=\"og:type\" content=\"article\" \/>\n<meta property=\"og:title\" content=\"Nept\u00fa\" \/>\n<meta property=\"og:description\" content=\"Nept\u00fa \u00e9s el d\u00e9u rom\u00e0 del mar i dels cavalls, identificat amb Posid\u00f3. Festa de les Neptun\u00e0lies, trident i la seva funci\u00f3 m\u00e9s antiga com a d\u00e9u de l&#039;aigua dol\u00e7a.\" \/>\n<meta property=\"og:url\" content=\"https:\/\/iwell-guard.com\/ca\/neptu\/\" \/>\n<meta property=\"og:site_name\" content=\"iWell Guard\" \/>\n<meta property=\"article:modified_time\" content=\"2026-09-05T16:08:11+00:00\" \/>\n<meta property=\"og:image\" content=\"https:\/\/iwell-guard.com\/wp-content\/uploads\/2026\/05\/goetter_rom_neptun.webp\" \/>\n\t<meta property=\"og:image:width\" content=\"1024\" \/>\n\t<meta property=\"og:image:height\" content=\"1536\" \/>\n\t<meta property=\"og:image:type\" content=\"image\/webp\" \/>\n<meta name=\"twitter:card\" content=\"summary_large_image\" \/>\n<script type=\"application\/ld+json\" class=\"yoast-schema-graph\">{\"@context\":\"https:\\\/\\\/schema.org\",\"@graph\":[{\"@type\":\"WebPage\",\"@id\":\"https:\\\/\\\/iwell-guard.com\\\/ca\\\/neptu\\\/\",\"url\":\"https:\\\/\\\/iwell-guard.com\\\/ca\\\/neptu\\\/\",\"name\":\"Nept\u00fa \u2013 d\u00e9u rom\u00e0 del mar | iWell Guard\",\"isPartOf\":{\"@id\":\"https:\\\/\\\/iwell-guard.com\\\/ca\\\/#website\"},\"primaryImageOfPage\":{\"@id\":\"https:\\\/\\\/iwell-guard.com\\\/ca\\\/neptu\\\/#primaryimage\"},\"image\":{\"@id\":\"https:\\\/\\\/iwell-guard.com\\\/ca\\\/neptu\\\/#primaryimage\"},\"thumbnailUrl\":\"https:\\\/\\\/iwell-guard.com\\\/wp-content\\\/uploads\\\/2026\\\/05\\\/goetter_rom_neptun.webp\",\"datePublished\":\"2026-09-05T15:42:43+00:00\",\"dateModified\":\"2026-09-05T16:08:11+00:00\",\"description\":\"Nept\u00fa \u00e9s el d\u00e9u rom\u00e0 del mar i dels cavalls, identificat amb Posid\u00f3. Festa de les Neptun\u00e0lies, trident i la seva funci\u00f3 m\u00e9s antiga com a d\u00e9u de l'aigua dol\u00e7a.\",\"breadcrumb\":{\"@id\":\"https:\\\/\\\/iwell-guard.com\\\/ca\\\/neptu\\\/#breadcrumb\"},\"inLanguage\":\"ca\",\"potentialAction\":[{\"@type\":\"ReadAction\",\"target\":[\"https:\\\/\\\/iwell-guard.com\\\/ca\\\/neptu\\\/\"]}]},{\"@type\":\"ImageObject\",\"inLanguage\":\"ca\",\"@id\":\"https:\\\/\\\/iwell-guard.com\\\/ca\\\/neptu\\\/#primaryimage\",\"url\":\"https:\\\/\\\/iwell-guard.com\\\/wp-content\\\/uploads\\\/2026\\\/05\\\/goetter_rom_neptun.webp\",\"contentUrl\":\"https:\\\/\\\/iwell-guard.com\\\/wp-content\\\/uploads\\\/2026\\\/05\\\/goetter_rom_neptun.webp\",\"width\":1024,\"height\":1536,\"caption\":\"D\u00e9us de la tradici\u00f3 romana.\"},{\"@type\":\"BreadcrumbList\",\"@id\":\"https:\\\/\\\/iwell-guard.com\\\/ca\\\/neptu\\\/#breadcrumb\",\"itemListElement\":[{\"@type\":\"ListItem\",\"position\":1,\"name\":\"Start\",\"item\":\"https:\\\/\\\/iwell-guard.com\\\/ca\\\/?page_id=171333\"},{\"@type\":\"ListItem\",\"position\":2,\"name\":\"Nept\u00fa\"}]},{\"@type\":\"WebSite\",\"@id\":\"https:\\\/\\\/iwell-guard.com\\\/ca\\\/#website\",\"url\":\"https:\\\/\\\/iwell-guard.com\\\/ca\\\/\",\"name\":\"iWell Guard\",\"description\":\"Schutz vor dunklen Einfl\u00fcssen\",\"publisher\":{\"@id\":\"https:\\\/\\\/iwell-guard.com\\\/ca\\\/#organization\"},\"potentialAction\":[{\"@type\":\"SearchAction\",\"target\":{\"@type\":\"EntryPoint\",\"urlTemplate\":\"https:\\\/\\\/iwell-guard.com\\\/ca\\\/?s={search_term_string}\"},\"query-input\":{\"@type\":\"PropertyValueSpecification\",\"valueRequired\":true,\"valueName\":\"search_term_string\"}}],\"inLanguage\":\"ca\"},{\"@type\":\"Organization\",\"@id\":\"https:\\\/\\\/iwell-guard.com\\\/ca\\\/#organization\",\"name\":\"Ittermann electronic GmbH\",\"url\":\"https:\\\/\\\/iwell-guard.com\\\/ca\\\/\",\"logo\":{\"@type\":\"ImageObject\",\"inLanguage\":\"ca\",\"@id\":\"https:\\\/\\\/iwell-guard.com\\\/ca\\\/#\\\/schema\\\/logo\\\/image\\\/\",\"url\":\"https:\\\/\\\/iwell-guard.com\\\/wp-content\\\/uploads\\\/2026\\\/05\\\/Ittermann-Logo-1182x237-1.png\",\"contentUrl\":\"https:\\\/\\\/iwell-guard.com\\\/wp-content\\\/uploads\\\/2026\\\/05\\\/Ittermann-Logo-1182x237-1.png\",\"width\":1182,\"height\":237,\"caption\":\"Ittermann electronic GmbH\"},\"image\":{\"@id\":\"https:\\\/\\\/iwell-guard.com\\\/ca\\\/#\\\/schema\\\/logo\\\/image\\\/\"},\"sameAs\":[\"https:\\\/\\\/pantip.com\\\/profile\\\/9367242\",\"https:\\\/\\\/micro.blog\\\/iwellguard\",\"https:\\\/\\\/www.diggerslist.com\\\/iwellguard\\\/about\",\"https:\\\/\\\/skitterphoto.com\\\/photographers\\\/2870314\\\/iwell-guard\",\"https:\\\/\\\/iwellguard.wordpress.com\\\/2026\\\/06\\\/06\\\/iwell-guard\\\/\",\"https:\\\/\\\/hub.docker.com\\\/u\\\/iwellguard\",\"https:\\\/\\\/www.pinterest.com\\\/iwellguard\\\/\",\"https:\\\/\\\/bit.ly\\\/m\\\/iwellguard\",\"https:\\\/\\\/entre-vos-mains.alsace.eu\\\/profiles\\\/iwellguard\\\/activity\",\"https:\\\/\\\/gravatar.com\\\/reallybeded8fd34\",\"https:\\\/\\\/naijamatta.com\\\/iwellguard\",\"https:\\\/\\\/www.goodreads.com\\\/iwellguard\",\"https:\\\/\\\/profile.hatena.ne.jp\\\/iwellguard\\\/\",\"https:\\\/\\\/experiment.com\\\/users\\\/iwellguard\",\"https:\\\/\\\/wakelet.com\\\/@iWellGuard82270\",\"https:\\\/\\\/www.chordie.com\\\/forum\\\/profile.php?id=2555664\",\"https:\\\/\\\/www.instapaper.com\\\/p\\\/17757966\",\"https:\\\/\\\/www.mapleprimes.com\\\/users\\\/iwellguard\",\"https:\\\/\\\/businesslistingplus.com\\\/profile\\\/iwell-guard\\\/\",\"https:\\\/\\\/telegra.ph\\\/iWell-Guard-06-06\",\"https:\\\/\\\/pbase.com\\\/iwellguard\\\/iwellguard\",\"https:\\\/\\\/b.hatena.ne.jp\\\/iwellguard\\\/20260607#bookmark-4788405196491818882\",\"https:\\\/\\\/fliphtml5.com\\\/home\\\/iwellguard\",\"https:\\\/\\\/anyflip.com\\\/homepage\\\/cmiwl#About\",\"https:\\\/\\\/transfur.com\\\/Users\\\/iwellguard\",\"http:\\\/\\\/delphi.larsbo.org\\\/user\\\/iwellguard\",\"https:\\\/\\\/jobs.lajobsportal.org\\\/profiles\\\/8380803-iwell-guard\",\"https:\\\/\\\/md.chaosdorf.de\\\/s\\\/jfbe5SBdJD\",\"https:\\\/\\\/www.lingvolive.com\\\/en-us\\\/profile\\\/9ecaeaca-ce11-4e51-9e71-01d55e2bff36\\\/translations\",\"https:\\\/\\\/www.fitday.com\\\/fitness\\\/forums\\\/members\\\/iwellguard.html\",\"https:\\\/\\\/www.mymeetbook.com\\\/iwellguard\",\"https:\\\/\\\/pxhere.com\\\/en\\\/photographer-me\\\/5040798\",\"https:\\\/\\\/disqus.com\\\/by\\\/iwellguard\\\/about\\\/\",\"https:\\\/\\\/pastelink.net\\\/hjwciqwq\",\"https:\\\/\\\/pubhtml5.com\\\/homepage\\\/scjhn\\\/\",\"https:\\\/\\\/www.bitchute.com\\\/channel\\\/2O2eOKzNqujT\",\"https:\\\/\\\/audiomack.com\\\/iwellguard\"]},{\"@type\":\"Article\",\"@id\":\"https:\\\/\\\/iwell-guard.com\\\/ca\\\/neptu\\\/#article\",\"isPartOf\":{\"@id\":\"https:\\\/\\\/iwell-guard.com\\\/ca\\\/neptu\\\/\"},\"author\":{\"name\":\"Ralf Ittermann\",\"@id\":\"https:\\\/\\\/iwell-guard.com\\\/ca\\\/#\\\/schema\\\/person\\\/ee2a27f1cac3406c7c6fb5820cb7349f\"},\"headline\":\"Nept\u00fa\",\"datePublished\":\"2026-09-05T15:42:43+00:00\",\"dateModified\":\"2026-09-05T16:08:11+00:00\",\"mainEntityOfPage\":{\"@id\":\"https:\\\/\\\/iwell-guard.com\\\/ca\\\/neptu\\\/\"},\"publisher\":{\"@id\":\"https:\\\/\\\/iwell-guard.com\\\/ca\\\/#organization\"},\"image\":{\"@id\":\"https:\\\/\\\/iwell-guard.com\\\/ca\\\/neptu\\\/#primaryimage\"},\"thumbnailUrl\":\"https:\\\/\\\/iwell-guard.com\\\/wp-content\\\/uploads\\\/2026\\\/05\\\/goetter_rom_neptun.webp\",\"inLanguage\":\"ca\",\"description\":\"Nept\u00fa \u00e9s el d\u00e9u rom\u00e0 del mar i dels cavalls, identificat amb Posid\u00f3. Festa de les Neptun\u00e0lies, trident i la seva funci\u00f3 m\u00e9s antiga com a d\u00e9u de l'aigua dol\u00e7a.\"}]}<\/script>\n<!-- \/ Yoast SEO Premium plugin. -->","yoast_head_json":{"title":"Nept\u00fa \u2013 d\u00e9u rom\u00e0 del mar | iWell Guard","description":"Nept\u00fa \u00e9s el d\u00e9u rom\u00e0 del mar i dels cavalls, identificat amb Posid\u00f3. Festa de les Neptun\u00e0lies, trident i la seva funci\u00f3 m\u00e9s antiga com a d\u00e9u de l'aigua dol\u00e7a.","robots":{"index":"index","follow":"follow","max-snippet":"max-snippet:-1","max-image-preview":"max-image-preview:large","max-video-preview":"max-video-preview:-1"},"canonical":"https:\/\/iwell-guard.com\/ca\/neptu\/","og_locale":"ca_ES","og_type":"article","og_title":"Nept\u00fa","og_description":"Nept\u00fa \u00e9s el d\u00e9u rom\u00e0 del mar i dels cavalls, identificat amb Posid\u00f3. Festa de les Neptun\u00e0lies, trident i la seva funci\u00f3 m\u00e9s antiga com a d\u00e9u de l'aigua dol\u00e7a.","og_url":"https:\/\/iwell-guard.com\/ca\/neptu\/","og_site_name":"iWell Guard","article_modified_time":"2026-09-05T16:08:11+00:00","og_image":[{"width":1024,"height":1536,"url":"https:\/\/iwell-guard.com\/wp-content\/uploads\/2026\/05\/goetter_rom_neptun.webp","type":"image\/webp"}],"twitter_card":"summary_large_image","schema":{"@context":"https:\/\/schema.org","@graph":[{"@type":"Article","@id":"https:\/\/iwell-guard.com\/ca\/neptu\/#article","isPartOf":{"@id":"https:\/\/iwell-guard.com\/ca\/neptu\/"},"author":{"name":"Ralf Ittermann","@id":"https:\/\/iwell-guard.com\/ca\/#\/schema\/person\/ee2a27f1cac3406c7c6fb5820cb7349f"},"headline":"Nept\u00fa","datePublished":"2026-09-05T15:42:43+00:00","dateModified":"2026-09-05T16:08:11+00:00","mainEntityOfPage":{"@id":"https:\/\/iwell-guard.com\/ca\/neptu\/"},"publisher":{"@id":"https:\/\/iwell-guard.com\/ca\/#organization"},"image":{"@id":"https:\/\/iwell-guard.com\/ca\/neptu\/#primaryimage"},"thumbnailUrl":"https:\/\/iwell-guard.com\/wp-content\/uploads\/2026\/05\/goetter_rom_neptun.webp","inLanguage":"ca","description":"Nept\u00fa \u00e9s el d\u00e9u rom\u00e0 del mar i dels cavalls, identificat amb Posid\u00f3. Festa de les Neptun\u00e0lies, trident i la seva funci\u00f3 m\u00e9s antiga com a d\u00e9u de l'aigua dol\u00e7a."},{"@type":"WebPage","@id":"https:\/\/iwell-guard.com\/ca\/neptu\/","url":"https:\/\/iwell-guard.com\/ca\/neptu\/","name":"Nept\u00fa \u2013 d\u00e9u rom\u00e0 del mar | iWell Guard","isPartOf":{"@id":"https:\/\/iwell-guard.com\/ca\/#website"},"primaryImageOfPage":{"@id":"https:\/\/iwell-guard.com\/ca\/neptu\/#primaryimage"},"image":{"@id":"https:\/\/iwell-guard.com\/ca\/neptu\/#primaryimage"},"thumbnailUrl":"https:\/\/iwell-guard.com\/wp-content\/uploads\/2026\/05\/goetter_rom_neptun.webp","datePublished":"2026-09-05T15:42:43+00:00","dateModified":"2026-09-05T16:08:11+00:00","description":"Nept\u00fa \u00e9s el d\u00e9u rom\u00e0 del mar i dels cavalls, identificat amb Posid\u00f3. Festa de les Neptun\u00e0lies, trident i la seva funci\u00f3 m\u00e9s antiga com a d\u00e9u de l'aigua dol\u00e7a.","breadcrumb":{"@id":"https:\/\/iwell-guard.com\/ca\/neptu\/#breadcrumb"},"inLanguage":"ca","potentialAction":[{"@type":"ReadAction","target":["https:\/\/iwell-guard.com\/ca\/neptu\/"]}]},{"@type":"ImageObject","inLanguage":"ca","@id":"https:\/\/iwell-guard.com\/ca\/neptu\/#primaryimage","url":"https:\/\/iwell-guard.com\/wp-content\/uploads\/2026\/05\/goetter_rom_neptun.webp","contentUrl":"https:\/\/iwell-guard.com\/wp-content\/uploads\/2026\/05\/goetter_rom_neptun.webp","width":1024,"height":1536,"caption":"D\u00e9us de la tradici\u00f3 romana."},{"@type":"BreadcrumbList","@id":"https:\/\/iwell-guard.com\/ca\/neptu\/#breadcrumb","itemListElement":[{"@type":"ListItem","position":1,"name":"Start","item":"https:\/\/iwell-guard.com\/ca\/?page_id=171333"},{"@type":"ListItem","position":2,"name":"Nept\u00fa"}]},{"@type":"WebSite","@id":"https:\/\/iwell-guard.com\/ca\/#website","url":"https:\/\/iwell-guard.com\/ca\/","name":"iWell Guard","description":"Schutz vor dunklen Einfl\u00fcssen","publisher":{"@id":"https:\/\/iwell-guard.com\/ca\/#organization"},"potentialAction":[{"@type":"SearchAction","target":{"@type":"EntryPoint","urlTemplate":"https:\/\/iwell-guard.com\/ca\/?s={search_term_string}"},"query-input":{"@type":"PropertyValueSpecification","valueRequired":true,"valueName":"search_term_string"}}],"inLanguage":"ca"},{"@type":"Organization","@id":"https:\/\/iwell-guard.com\/ca\/#organization","name":"Ittermann electronic GmbH","url":"https:\/\/iwell-guard.com\/ca\/","logo":{"@type":"ImageObject","inLanguage":"ca","@id":"https:\/\/iwell-guard.com\/ca\/#\/schema\/logo\/image\/","url":"https:\/\/iwell-guard.com\/wp-content\/uploads\/2026\/05\/Ittermann-Logo-1182x237-1.png","contentUrl":"https:\/\/iwell-guard.com\/wp-content\/uploads\/2026\/05\/Ittermann-Logo-1182x237-1.png","width":1182,"height":237,"caption":"Ittermann electronic GmbH"},"image":{"@id":"https:\/\/iwell-guard.com\/ca\/#\/schema\/logo\/image\/"},"sameAs":["https:\/\/pantip.com\/profile\/9367242","https:\/\/micro.blog\/iwellguard","https:\/\/www.diggerslist.com\/iwellguard\/about","https:\/\/skitterphoto.com\/photographers\/2870314\/iwell-guard","https:\/\/iwellguard.wordpress.com\/2026\/06\/06\/iwell-guard\/","https:\/\/hub.docker.com\/u\/iwellguard","https:\/\/www.pinterest.com\/iwellguard\/","https:\/\/bit.ly\/m\/iwellguard","https:\/\/entre-vos-mains.alsace.eu\/profiles\/iwellguard\/activity","https:\/\/gravatar.com\/reallybeded8fd34","https:\/\/naijamatta.com\/iwellguard","https:\/\/www.goodreads.com\/iwellguard","https:\/\/profile.hatena.ne.jp\/iwellguard\/","https:\/\/experiment.com\/users\/iwellguard","https:\/\/wakelet.com\/@iWellGuard82270","https:\/\/www.chordie.com\/forum\/profile.php?id=2555664","https:\/\/www.instapaper.com\/p\/17757966","https:\/\/www.mapleprimes.com\/users\/iwellguard","https:\/\/businesslistingplus.com\/profile\/iwell-guard\/","https:\/\/telegra.ph\/iWell-Guard-06-06","https:\/\/pbase.com\/iwellguard\/iwellguard","https:\/\/b.hatena.ne.jp\/iwellguard\/20260607#bookmark-4788405196491818882","https:\/\/fliphtml5.com\/home\/iwellguard","https:\/\/anyflip.com\/homepage\/cmiwl#About","https:\/\/transfur.com\/Users\/iwellguard","http:\/\/delphi.larsbo.org\/user\/iwellguard","https:\/\/jobs.lajobsportal.org\/profiles\/8380803-iwell-guard","https:\/\/md.chaosdorf.de\/s\/jfbe5SBdJD","https:\/\/www.lingvolive.com\/en-us\/profile\/9ecaeaca-ce11-4e51-9e71-01d55e2bff36\/translations","https:\/\/www.fitday.com\/fitness\/forums\/members\/iwellguard.html","https:\/\/www.mymeetbook.com\/iwellguard","https:\/\/pxhere.com\/en\/photographer-me\/5040798","https:\/\/disqus.com\/by\/iwellguard\/about\/","https:\/\/pastelink.net\/hjwciqwq","https:\/\/pubhtml5.com\/homepage\/scjhn\/","https:\/\/www.bitchute.com\/channel\/2O2eOKzNqujT","https:\/\/audiomack.com\/iwellguard"]},{"@type":"Person","@id":"https:\/\/iwell-guard.com\/ca\/#\/schema\/person\/ee2a27f1cac3406c7c6fb5820cb7349f","name":"Ralf Ittermann","image":{"@type":"ImageObject","inLanguage":"ca","@id":"https:\/\/secure.gravatar.com\/avatar\/073c0153e350a5005b68eb752b445fea71f6b24a26da9449ad7e155e6b446c9d?s=96&d=mm&r=g","url":"https:\/\/secure.gravatar.com\/avatar\/073c0153e350a5005b68eb752b445fea71f6b24a26da9449ad7e155e6b446c9d?s=96&d=mm&r=g","contentUrl":"https:\/\/secure.gravatar.com\/avatar\/073c0153e350a5005b68eb752b445fea71f6b24a26da9449ad7e155e6b446c9d?s=96&d=mm&r=g","caption":"Ralf Ittermann"},"givenName":"Ralf","familyName":"Ittermann","jobTitle":"Gesch\u00e4ftsf\u00fchrer und redaktioneller Verantwortlicher","url":"https:\/\/iwell-guard.com\/ca\/author\/claude\/","description":"Ralf Ittermann ist Gesch\u00e4ftsf\u00fchrer der Ittermann electronic GmbH und redaktioneller Verantwortlicher des iWell-Guard-Lexikons. Er verbindet langj\u00e4hrige Erfahrung in der Pr\u00e4zisionsfertigung mit medialer Praxis und religionsgeschichtlicher Quellenarbeit.","worksFor":{"@type":"Organization","name":"Ittermann electronic GmbH","url":"https:\/\/ittermann.de\/","address":{"@type":"PostalAddress","streetAddress":"K\u00f6hlergasse 16-18","postalCode":"99842","addressLocality":"Ruhla","addressCountry":"DE"}},"knowsAbout":["Religionsgeschichte","Mythologie","Mediale Praxis","Energetische Diagnostik","Schutzpraxis","Volksglauben","Westliche Esoterik"]},{"@type":"Article","@id":"https:\/\/iwell-guard.com\/ca\/neptu\/#article","isPartOf":{"@id":"https:\/\/iwell-guard.com\/ca\/neptu\/"},"author":{"name":"Ralf Ittermann","@id":"https:\/\/iwell-guard.com\/ca\/#\/schema\/person\/ee2a27f1cac3406c7c6fb5820cb7349f"},"headline":"Nept\u00fa","datePublished":"2026-09-05T15:42:43+00:00","dateModified":"2026-09-05T16:08:11+00:00","mainEntityOfPage":{"@id":"https:\/\/iwell-guard.com\/ca\/neptu\/"},"publisher":{"@id":"https:\/\/iwell-guard.com\/ca\/#organization"},"image":{"@id":"https:\/\/iwell-guard.com\/ca\/neptu\/#primaryimage"},"thumbnailUrl":"https:\/\/iwell-guard.com\/wp-content\/uploads\/2026\/05\/goetter_rom_neptun.webp","inLanguage":"ca","description":"Nept\u00fa \u00e9s el d\u00e9u rom\u00e0 del mar i dels cavalls, identificat amb Posid\u00f3. Festa de les Neptun\u00e0lies, trident i la seva funci\u00f3 m\u00e9s antiga com a d\u00e9u de l'aigua dol\u00e7a."}]}},"_links":{"self":[{"href":"https:\/\/iwell-guard.com\/ca\/wp-json\/wp\/v2\/pages\/171823","targetHints":{"allow":["GET"]}}],"collection":[{"href":"https:\/\/iwell-guard.com\/ca\/wp-json\/wp\/v2\/pages"}],"about":[{"href":"https:\/\/iwell-guard.com\/ca\/wp-json\/wp\/v2\/types\/page"}],"author":[{"embeddable":true,"href":"https:\/\/iwell-guard.com\/ca\/wp-json\/wp\/v2\/users\/3"}],"replies":[{"embeddable":true,"href":"https:\/\/iwell-guard.com\/ca\/wp-json\/wp\/v2\/comments?post=171823"}],"version-history":[{"count":0,"href":"https:\/\/iwell-guard.com\/ca\/wp-json\/wp\/v2\/pages\/171823\/revisions"}],"wp:featuredmedia":[{"embeddable":true,"href":"https:\/\/iwell-guard.com\/ca\/wp-json\/wp\/v2\/media\/3259"}],"wp:attachment":[{"href":"https:\/\/iwell-guard.com\/ca\/wp-json\/wp\/v2\/media?parent=171823"}],"wp:term":[{"taxonomy":"category","embeddable":true,"href":"https:\/\/iwell-guard.com\/ca\/wp-json\/wp\/v2\/categories?post=171823"}],"curies":[{"name":"wp","href":"https:\/\/api.w.org\/{rel}","templated":true}]}}