{"id":171812,"date":"2026-09-05T15:42:37","date_gmt":"2026-09-05T15:42:37","guid":{"rendered":"https:\/\/iwell-guard.com\/?page_id=171812"},"modified":"2026-09-05T16:07:52","modified_gmt":"2026-09-05T16:07:52","slug":"baldur","status":"publish","type":"page","link":"https:\/\/iwell-guard.com\/ca\/baldur\/","title":{"rendered":"Baldur"},"content":{"rendered":"\t\t<div data-elementor-type=\"wp-page\" data-elementor-id=\"171812\" class=\"elementor elementor-171812 elementor-3001 elementor-bc-flex-widget\" data-elementor-post-type=\"page\">\n\t\t\t\t<div class=\"elementor-element elementor-element-aceda2a e-flex e-con-boxed e-con e-parent\" data-id=\"aceda2a\" data-element_type=\"container\" data-e-type=\"container\" data-settings=\"{&quot;background_background&quot;:&quot;classic&quot;}\">\n\t\t\t\t\t<div class=\"e-con-inner\">\n\t\t<div class=\"elementor-element elementor-element-d9a5e77 e-flex e-con-boxed e-con e-child\" data-id=\"d9a5e77\" data-element_type=\"container\" data-e-type=\"container\">\n\t\t\t\t\t<div class=\"e-con-inner\">\n\t\t<div class=\"elementor-element elementor-element-6f33b93 e-con-full e-flex e-con e-child\" data-id=\"6f33b93\" data-element_type=\"container\" data-e-type=\"container\">\n\t\t\t\t<div class=\"elementor-element elementor-element-9d2b74a elementor-widget elementor-widget-heading\" data-id=\"9d2b74a\" data-element_type=\"widget\" data-e-type=\"widget\" data-widget_type=\"heading.default\">\n\t\t\t\t\t<h1 class=\"elementor-heading-title elementor-size-default\">Baldur, d\u00e9u de la llum i fill d'Odin<\/h1>\t\t\t\t<\/div>\n\t\t\t\t<div class=\"elementor-element elementor-element-1120e02 elementor-widget elementor-widget-text-editor\" data-id=\"1120e02\" data-element_type=\"widget\" data-e-type=\"widget\" data-widget_type=\"text-editor.default\">\n\t\t\t\t\t\t\t\t\t<p>Baldur, en la forma n\u00f2rdica antiga Baldr, \u00e9s el d\u00e9u llumin\u00f3s de la <span class=\"iwg-fachbegriff\" data-tooltip=\"El conjunt de relats mitol\u00f2gics transmesos per una cultura.\" tabindex=\"0\">mitologia<\/span> germ\u00e0nica, fill d&#8217;Odin i Frigg.<\/p><p>La seva mort per la branca de galzeran, dirigida per la m\u00e0 del cec Hodr sota l&#8217;engany de Loki, \u00e9s una de les narracions m\u00e9s impactants de la <span class=\"iwg-fachbegriff\" data-tooltip=\"La transmissi\u00f3 de coneixements i relats al llarg de generacions.\" tabindex=\"0\">tradici\u00f3<\/span> n\u00f2rdica. Baldur \u00e9s considerat <span class=\"iwg-fachbegriff\" data-tooltip=\"Una imatge il\u00b7lustrativa que representa una idea abstracta.\" tabindex=\"0\">s\u00edmbol<\/span> de bellesa, puresa i mort innocent. En els esdeveniments del Ragnar\u00f6k, la seva mort marca l&#8217;inici de la fi del m\u00f3n, i el seu retorn despr\u00e9s de l&#8217;incendi universal simbolitza l&#8217;esperan\u00e7a d&#8217;un m\u00f3n nou i guarit. Com a d\u00e9u de la llum, encarna all\u00f2 pur i resplendent dins el pante\u00f3 germ\u00e0nic.<\/p>\t\t\t\t\t\t\t\t<\/div>\n\t\t\t\t<\/div>\n\t\t<div class=\"elementor-element elementor-element-4611dfe e-con-full e-flex e-con e-parent\" data-id=\"4611dfe\" data-element_type=\"container\" data-e-type=\"container\">\n\t\t\t\t<div class=\"elementor-element elementor-element-cdc708a elementor-widget elementor-widget-html\" data-id=\"cdc708a\" data-element_type=\"widget\" data-e-type=\"widget\" data-widget_type=\"html.default\">\n\t\t\t\t\t<div class=\"iwg-pill-row\"><span class=\"iwg-klasse-badge\" tabindex=\"0\" data-tooltip=\"D\u00e9u \/ Deessa: Poder suprem personificat en el pante\u00f3 d'una cultura, amb funcions clares \u2014 forces de la natura, dest\u00ed, guerra, fertilitat. Venerat mitjan\u00e7ant cultes, ofrenes i institucions de temple.\">D\u00e9u<\/span><a href=\"https:\/\/iwell-guard.com\/ca\/germanica\/\" class=\"iwg-kultur-badge\" tabindex=\"0\" data-tooltip=\"M\u00f3n de d\u00e9us i esperits precristi\u00e0 del nord i centre d'Europa.\">Germ\u00e0nic<\/a><\/div>\t\t\t\t<\/div>\n\t\t\t\t<\/div>\n\t\t<div class=\"elementor-element elementor-element-cca5d83 e-con-full e-flex e-con e-child\" data-id=\"cca5d83\" data-element_type=\"container\" data-e-type=\"container\">\n\t\t\t\t<div class=\"elementor-element elementor-element-5cd35bd elementor-toc--minimized-on-tablet elementor-widget elementor-widget-table-of-contents\" data-id=\"5cd35bd\" data-element_type=\"widget\" data-e-type=\"widget\" data-settings=\"{&quot;exclude_headings_by_selector&quot;:[],&quot;no_headings_message&quot;:&quot;No s&#039;ha trobat cap encap\\u00e7alament en aquesta p\\u00e0gina.&quot;,&quot;headings_by_tags&quot;:[&quot;h2&quot;,&quot;h3&quot;],&quot;marker_view&quot;:&quot;bullets&quot;,&quot;icon&quot;:{&quot;value&quot;:&quot;fas fa-circle&quot;,&quot;library&quot;:&quot;fa-solid&quot;,&quot;rendered_tag&quot;:&quot;&lt;svg class=\\&quot;e-font-icon-svg e-fas-circle\\&quot; viewBox=\\&quot;0 0 512 512\\&quot; xmlns=\\&quot;http:\\\/\\\/www.w3.org\\\/2000\\\/svg\\&quot;&gt;&lt;path d=\\&quot;M256 8C119 8 8 119 8 256s111 248 248 248 248-111 248-248S393 8 256 8z\\&quot;&gt;&lt;\\\/path&gt;&lt;\\\/svg&gt;&quot;},&quot;minimize_box&quot;:&quot;yes&quot;,&quot;minimized_on&quot;:&quot;tablet&quot;,&quot;hierarchical_view&quot;:&quot;yes&quot;,&quot;min_height&quot;:{&quot;unit&quot;:&quot;px&quot;,&quot;size&quot;:&quot;&quot;,&quot;sizes&quot;:[]},&quot;min_height_tablet&quot;:{&quot;unit&quot;:&quot;px&quot;,&quot;size&quot;:&quot;&quot;,&quot;sizes&quot;:[]},&quot;min_height_mobile&quot;:{&quot;unit&quot;:&quot;px&quot;,&quot;size&quot;:&quot;&quot;,&quot;sizes&quot;:[]}}\" data-widget_type=\"table-of-contents.default\">\n\t\t\t\t\t\t\t\t\t<div class=\"elementor-toc__header\">\n\t\t\t\t\t\t<h2 class=\"elementor-toc__header-title\">\n\t\t\t\t\u00cdndex\t\t\t<\/h2>\n\t\t\t\t\t\t\t\t\t\t<div class=\"elementor-toc__toggle-button elementor-toc__toggle-button--expand\" role=\"button\" tabindex=\"0\" aria-controls=\"elementor-toc__5cd35bd\" aria-expanded=\"true\" aria-label=\"Open table of contents\"><svg aria-hidden=\"true\" class=\"e-font-icon-svg e-fas-chevron-down\" viewBox=\"0 0 448 512\" xmlns=\"http:\/\/www.w3.org\/2000\/svg\"><path d=\"M207.029 381.476L12.686 187.132c-9.373-9.373-9.373-24.569 0-33.941l22.667-22.667c9.357-9.357 24.522-9.375 33.901-.04L224 284.505l154.745-154.021c9.379-9.335 24.544-9.317 33.901.04l22.667 22.667c9.373 9.373 9.373 24.569 0 33.941L240.971 381.476c-9.373 9.372-24.569 9.372-33.942 0z\"><\/path><\/svg><\/div>\n\t\t\t\t<div class=\"elementor-toc__toggle-button elementor-toc__toggle-button--collapse\" role=\"button\" tabindex=\"0\" aria-controls=\"elementor-toc__5cd35bd\" aria-expanded=\"true\" aria-label=\"Close table of contents\"><svg aria-hidden=\"true\" class=\"e-font-icon-svg e-fas-chevron-up\" viewBox=\"0 0 448 512\" xmlns=\"http:\/\/www.w3.org\/2000\/svg\"><path d=\"M240.971 130.524l194.343 194.343c9.373 9.373 9.373 24.569 0 33.941l-22.667 22.667c-9.357 9.357-24.522 9.375-33.901.04L224 227.495 69.255 381.516c-9.379 9.335-24.544 9.317-33.901-.04l-22.667-22.667c-9.373-9.373-9.373-24.569 0-33.941L207.03 130.525c9.372-9.373 24.568-9.373 33.941-.001z\"><\/path><\/svg><\/div>\n\t\t\t\t\t<\/div>\n\t\t\t\t<div id=\"elementor-toc__5cd35bd\" class=\"elementor-toc__body\">\n\t\t\t<div class=\"elementor-toc__spinner-container\">\n\t\t\t\t<svg class=\"elementor-toc__spinner eicon-animation-spin e-font-icon-svg e-eicon-loading\" aria-hidden=\"true\" viewBox=\"0 0 1000 1000\" xmlns=\"http:\/\/www.w3.org\/2000\/svg\"><path d=\"M500 975V858C696 858 858 696 858 500S696 142 500 142 142 304 142 500H25C25 237 238 25 500 25S975 237 975 500 763 975 500 975Z\"><\/path><\/svg>\t\t\t<\/div>\n\t\t<\/div>\n\t\t\t\t\t\t<\/div>\n\t\t\t\t<\/div>\n\t\t\t\t\t<\/div>\n\t\t\t\t<\/div>\n\t\t<div class=\"elementor-element elementor-element-8013b31 e-con-full e-flex e-con e-child\" data-id=\"8013b31\" data-element_type=\"container\" data-e-type=\"container\">\n\t\t\t\t<div class=\"elementor-element elementor-element-09c30a0 iwg-hero-image elementor-widget elementor-widget-image\" data-id=\"09c30a0\" data-element_type=\"widget\" data-e-type=\"widget\" data-widget_type=\"image.default\">\n\t\t\t\t\t\t\t\t\t\t\t\t\t\t\t<img fetchpriority=\"high\" decoding=\"async\" width=\"683\" height=\"1024\" src=\"https:\/\/iwell-guard.com\/wp-content\/uploads\/2026\/05\/goetter_germanisch_baldur-683x1024.webp\" class=\"attachment-large size-large wp-image-173488\" alt=\"Baldur - D\u00e9us de la tradici\u00f3 germ\u00e0nica, historicoil\u00b7lustratiu\" srcset=\"https:\/\/iwell-guard.com\/wp-content\/uploads\/2026\/05\/goetter_germanisch_baldur-683x1024.webp 683w, https:\/\/iwell-guard.com\/wp-content\/uploads\/2026\/05\/goetter_germanisch_baldur-200x300.webp 200w, https:\/\/iwell-guard.com\/wp-content\/uploads\/2026\/05\/goetter_germanisch_baldur-768x1152.webp 768w, https:\/\/iwell-guard.com\/wp-content\/uploads\/2026\/05\/goetter_germanisch_baldur.webp 1024w\" sizes=\"(max-width: 683px) 100vw, 683px\" \/>\t\t\t\t\t\t\t\t\t\t\t\t\t\t\t<\/div>\n\t\t\t\t<\/div>\n\t\t\t\t\t<\/div>\n\t\t\t\t<\/div>\n\t\t<div class=\"elementor-element elementor-element-f0c459d e-con-boxed e-flex e-con e-parent\" data-id=\"f0c459d\" data-element_type=\"container\" data-e-type=\"container\">\n\t\t\t\t\t<div class=\"e-con-inner\">\n\t\t<div class=\"elementor-element elementor-element-72db403 e-con-full e-flex e-con e-child\" data-id=\"72db403\" data-element_type=\"container\" data-e-type=\"container\">\n\t\t\t\t<div class=\"elementor-element elementor-element-99f2d96 elementor-widget elementor-widget-heading\" data-id=\"99f2d96\" data-element_type=\"widget\" data-e-type=\"widget\" data-widget_type=\"heading.default\">\n\t\t\t\t\t<h2 class=\"elementor-heading-title elementor-size-default\">Mite i origen<\/h2>\t\t\t\t<\/div>\n\t\t\t\t<div class=\"elementor-element elementor-element-842ff73 elementor-widget elementor-widget-text-editor\" data-id=\"842ff73\" data-element_type=\"widget\" data-e-type=\"widget\" data-widget_type=\"text-editor.default\">\n\t\t\t\t\t\t\t\t\t<p>Snorri Sturluson anomena Baldur, a la \u00abProsa-Edda\u00bb (Gylfaginning 22), \u00abel m\u00e9s savi dels Asos, el de rostre m\u00e9s bell i el m\u00e9s ben\u00e8vol\u00bb. Diu que era tan blanc que la planta m\u00e9s clara porta el seu nom: la camamilla (n\u00f2rdic antic baldursbra, \u00abcella de Baldur\u00bb).<\/p><p>La seva resid\u00e8ncia \u00e9s Breidablik, un sal\u00f3 on no es tolera res impur. L&#8217;esposa de Baldur \u00e9s Nanna, i el seu fill Forseti, el d\u00e9u del judici.<\/p>\n<p><span data-nosnippet>La investigaci\u00f3 considera Baldur una figura central de la <span class=\"iwg-fachbegriff\" data-tooltip=\"El conjunt de relats mitol\u00f2gics transmesos per una cultura.\" tabindex=\"0\">mitologia<\/span> \u00e8ddica, tot i que el seu rerefons religi\u00f3s exacte continua sent objecte de debat. Sophus Bugge (1881-89) el va interpretar com un reflex de la figura de Crist, tesi que avui es rebutja majorit\u00e0riament.<\/span><\/p><p><span data-nosnippet>Karl Helm (1946) el va interpretar com a d\u00e9u de la tempesta, Georges Dum\u00e9zil (1953) com a sobir\u00e0 que mor i retorna, un tipus indoeuropeu equivalent a Mitra. Jan de Vries i Rudolf Simek prefereixen la lectura com a d\u00e9u de la llum i figura sacrificial, la mort de la qual marca el trencament cosmol\u00f2gic.<\/span><\/p>\n<p>Saxo Grammaticus, a \u00abGesta Danorum\u00bb (llibre 3, cap al 1200), relata una versi\u00f3 notablement diferent. Aqu\u00ed Baldur \u00e9s un semid\u00e9u, fill d&#8217;Odin, que lluita amb Hodr (Hotherus) per la m\u00e0 de la princesa Nanna.<\/p><p>Baldur mor finalment per una espasa m\u00e0gica que pertanyia a una dona del bosc. Aquesta versi\u00f3 euhemeritzada presenta Baldur com un heroi mortal i despla\u00e7a la mort cap a un enfrontament cavalleresc. La investigaci\u00f3 veu en ambdues versions, l&#8217;\u00e8ddica i la sax\u00f2nica, reflexos d&#8217;una tradici\u00f3 m\u00e9s antiga i preliter\u00e0ria.<\/p>\n\n<p>La versi\u00f3 euhemeritzada de Saxo Grammaticus a \u00abGesta Danorum\u00bb (llibre 3) mereix una atenci\u00f3 especial. En Saxo, Baldur \u00e9s un semid\u00e9u dan\u00e8s-noruec, fill d&#8217;Odin, que lluita amb el pr\u00edncep suec Hotherus (Hodr) per la m\u00e0 de la princesa Nanna.<\/p><p>El combat s&#8217;allarga en diverses batalles, i Baldur mor finalment per una espasa m\u00e0gica que Hotherus va rebre d&#8217;una dona del bosc. Aquesta versi\u00f3 difereix fonamentalment de l&#8217;\u00e8ddica: no hi ha motiu del galzeran, ni <span class=\"iwg-fachbegriff\" data-tooltip=\"Ofrena a una divinitat per expressar gratitud, s\u00faplica o veneraci\u00f3.\" tabindex=\"0\">sacrifici<\/span> innocent, ni germ\u00e0 cec, sin\u00f3 un combat heroic convencional per una dona.<\/p>\n<p><span data-nosnippet>La investigaci\u00f3 discuteix, des dels \u00abStudien\u00bb de Sophus Bugge (1881-89), la relaci\u00f3 entre ambdues versions. Alguns investigadors (Bugge, Olrik) van veure en la versi\u00f3 de Saxo una tardana desfiguraci\u00f3 que redu\u00efa l&#8217;element pag\u00e0 a l&#8217;heroic.<\/span><\/p><p>Altres (Dum\u00e9zil, von See) la van llegir com una tradici\u00f3 alternativa que conservava un <span class=\"iwg-fachbegriff\" data-tooltip=\"Un relat transm\u00e8s sobre d\u00e9us, or\u00edgens i l'ordre del m\u00f3n.\" tabindex=\"0\">mite<\/span> de Baldur m\u00e9s antic i menys sacralitzat. La investigaci\u00f3 actual tendeix cap a una lectura de m\u00faltiples capes: ambdues versions reflecteixen tradicions m\u00edtiques reals per\u00f2 diferents, la relaci\u00f3 de les quals no era lineal sin\u00f3 complement\u00e0ria.<\/p>\t\t\t\t\t\t\t\t<\/div>\n\t\t\t\t<\/div>\n\t\t<div class=\"elementor-element elementor-element-55da0bd e-con-full e-flex e-con e-child\" data-id=\"55da0bd\" data-element_type=\"container\" data-e-type=\"container\">\n\t\t\t\t<div class=\"elementor-element elementor-element-93689d4 elementor-widget elementor-widget-heading\" data-id=\"93689d4\" data-element_type=\"widget\" data-e-type=\"widget\" data-widget_type=\"heading.default\">\n\t\t\t\t\t<h2 class=\"elementor-heading-title elementor-size-default\">S\u00edmbols i atributs<\/h2>\t\t\t\t<\/div>\n\t\t\t\t<div class=\"elementor-element elementor-element-8c64625 elementor-widget elementor-widget-text-editor\" data-id=\"8c64625\" data-element_type=\"widget\" data-e-type=\"widget\" data-widget_type=\"text-editor.default\">\n\t\t\t\t\t\t\t\t\t<p>L&#8217;atribut m\u00e9s important de Baldur \u00e9s el seu aspecte resplendent. Snorri el descriu com tan llumin\u00f3s que en desprenen raigs. La planta que porta el seu nom, baldursbra (Matricaria, camamilla), transmet aquesta simbologia lluminosa a la creen\u00e7a popular. A Dinamarca i Su\u00e8cia, la planta es va utilitzar fins al segle XIX com a protecci\u00f3 contra els mals esperits.<\/p>\n<p>La seva sala Breidablik (\u00abamplament resplendent\u00bb) s&#8217;esmenta a \u00abGrimnismal\u00bb 12: \u00abBreidablik es diu la setena (sala), on Baldur ha triat el seu habitatge, a la terra que menys impuresa conec\u00bb.<\/p><p>El seu vaixell Hringhorni es considera el m\u00e9s gran de tots els vaixells, i \u00e9s on Baldur \u00e9s cremat despr\u00e9s de la seva mort. El seu cavall s&#8217;esmenta a \u00abGrimnismal\u00bb 30, per\u00f2 el seu nom no s&#8217;ha conservat.<\/p>\n<p>La branca de galzeran amb qu\u00e8 \u00e9s assassinat \u00e9s el seu atribut paradoxal contrari. El galzeran (Viscum album) era considerat <span class=\"iwg-fachbegriff\" data-tooltip=\"Pertanyent a l'\u00e0mbit div\u00ed i, per tant, excl\u00f2s de l'\u00fas quotidi\u00e0.\" tabindex=\"0\">sagrat<\/span> a l&#8217;<span class=\"iwg-fachbegriff\" data-tooltip=\"\u00c8poca de la cultura grega i romana, aproximadament del 800 aC al 600 dC.\" tabindex=\"0\">antiguitat<\/span> i es descriu a la \u00abNaturalis Historia\u00bb de Plini (llibre 16, 95) com a planta tallada pels druides celtes.<\/p><p><span data-nosnippet>En la tradici\u00f3 popular germ\u00e0nica, la branca de galzeran continua com a <span class=\"iwg-fachbegriff\" data-tooltip=\"Un signe que representa una idea o significat.\" tabindex=\"0\">s\u00edmbol<\/span> ambivalent: protectora i mortal alhora. Aquesta doble significaci\u00f3 va ser convertida per James George Frazer, a \u00abThe Golden Bough\u00bb (1890), en el <span class=\"iwg-fachbegriff\" data-tooltip=\"Un signe que representa una idea o significat.\" tabindex=\"0\">s\u00edmbol<\/span> central de la seva <span class=\"iwg-fachbegriff\" data-tooltip=\"El conjunt de relats mitol\u00f2gics transmesos per una cultura.\" tabindex=\"0\">mitologia<\/span> comparada.<\/span><\/p>\t\t\t\t\t\t\t\t<\/div>\n\t\t\t\t<\/div>\n\t\t<div class=\"elementor-element elementor-element-80cb920 e-con-full e-flex e-con e-child\" data-id=\"80cb920\" data-element_type=\"container\" data-e-type=\"container\">\n\t\t\t\t<div class=\"elementor-element elementor-element-7bdec8e elementor-widget elementor-widget-heading\" data-id=\"7bdec8e\" data-element_type=\"widget\" data-e-type=\"widget\" data-widget_type=\"heading.default\">\n\t\t\t\t\t<h2 class=\"elementor-heading-title elementor-size-default\">Culte i veneraci\u00f3<\/h2>\t\t\t\t<\/div>\n\t\t\t\t<div class=\"elementor-element elementor-element-e85c1dd elementor-widget elementor-widget-text-editor\" data-id=\"e85c1dd\" data-element_type=\"widget\" data-e-type=\"widget\" data-widget_type=\"text-editor.default\">\n\t\t\t\t\t\t\t\t\t<p>Les proves cultuals directes sobre Baldur s\u00f3n escasses. Adam de Bremen no l&#8217;esmenta. Els top\u00f2nims amb l&#8217;element Baldr es troben sobretot a Noruega (Baldrshagi, \u00abel bosc de Baldur\u00bb) i s\u00f3n poc nombrosos en comparaci\u00f3 amb els top\u00f2nims relacionats amb Thor o Odin.<\/p><p>Aquesta escassa tra\u00e7a ha portat a Folke Strom a interpretar-la com un indici de que Baldur seria principalment una figura liter\u00e0ria de la fase \u00e8ddica tardana, m\u00e9s que una divinitat \u00e0mpliament venerada en el culte.<\/p>\n<p>La \u00abSaga de Fridtjof\u00bb i altres fonts islandeses esmenten la mort de Baldur en un context ritual-m\u00edtic, per\u00f2 sense formes de culte expl\u00edcites.<\/p><p>La descripci\u00f3 que fa Snorri del funeral a Gylfaginning 49 \u00e9s el relat m\u00e9s detallat d&#8217;un enterrament div\u00ed a l&#8217;Edda: la nau es carrega de fusta, la giganta Hyrrokin l&#8217;empeny a l&#8217;aigua, Thor consagra la pira amb el martell Mj\u00f6llnir, i un en\u00e0 queda esclafat en apropar-se a Thor.<\/p><p>Aquesta escena sembla un model m\u00edtic per als enterraments amb vaixell hist\u00f2rics, com les troballes de l&#8217;\u00e8poca viking d&#8217;Oseberg (834 dC) i Gokstad (finals del segle IX).<\/p>\n<p><span data-nosnippet>R\u00e9gis Boyer va defensar a \u00abLa religion des anciens Scandinaves\u00bb (1981) la tesi que el <span class=\"iwg-fachbegriff\" data-tooltip=\"Un relat transm\u00e8s sobre d\u00e9us, or\u00edgens i l'ordre del m\u00f3n.\" tabindex=\"0\">mite<\/span> de la mort i el retorn de Baldur reflectiria un ritual d&#8217;iniciaci\u00f3 o estacional, probablement relacionat amb el solstici. No hi ha proves rituals directes, per\u00f2 hi ha traces indirectes ben documentades en els rituals populars del foc de Sant Joan a Escandin\u00e0via.<\/span><\/p>\t\t\t\t\t\t\t\t<\/div>\n\t\t\t\t<\/div>\n\t\t<div class=\"elementor-element elementor-element-81d981c e-con-full e-flex e-con e-child\" data-id=\"81d981c\" data-element_type=\"container\" data-e-type=\"container\">\n\t\t\t\t<div class=\"elementor-element elementor-element-e4dde74 elementor-widget elementor-widget-heading\" data-id=\"e4dde74\" data-element_type=\"widget\" data-e-type=\"widget\" data-widget_type=\"heading.default\">\n\t\t\t\t\t<h2 class=\"elementor-heading-title elementor-size-default\">Mites importants<\/h2>\t\t\t\t<\/div>\n\t\t\t\t<div class=\"elementor-element elementor-element-d04084a elementor-widget elementor-widget-text-editor\" data-id=\"d04084a\" data-element_type=\"widget\" data-e-type=\"widget\" data-widget_type=\"text-editor.default\">\n\t\t\t\t\t\t\t\t\t<p>El relat central \u00e9s la mort de Baldur. Snorri ho explica a Gylfaginning 49: Baldur somia la seva pr\u00f2pia mort. Frigg, la seva mare, fa jurar a tots els \u00e9ssers que no li faran mal.<\/p><p>Nom\u00e9s el vesc l&#8217;omet, perqu\u00e8 el considera massa jove. Els asos s&#8217;entretenen llan\u00e7ant projectils contra Baldur, que no l&#8217;encerten. Loki, disfressat de dona, aconsegueix que Frigg li reveli el secret.<\/p><p>Fabrica una fletxa de fusta de vesc i la dona a Hodr, el cec, guiant-li la m\u00e0, i Hodr fereix mortalment Baldur. Els asos queden muts de dolor. Hermod, el germ\u00e0 de Baldur, munta Sleipnir i cavalca fins a Hel per demanar el retorn de Baldur.<\/p><p>Hel hi consent si tots els \u00e9ssers ploren Baldur. Tots ploren, excepte una vella giganta anomenada Th\u00f6kk, darrere de la qual s&#8217;amaga Loki, que es nega a vessar cap ll\u00e0grima. Baldur roman a Hel fins despr\u00e9s del Ragnar\u00f6k.<\/p>\n<p>La \u00abV\u00f6lusp\u00e1\u00bb 31-33 narra el <span class=\"iwg-fachbegriff\" data-tooltip=\"Un relat transm\u00e8s sobre d\u00e9us, or\u00edgens i l'ordre del m\u00f3n.\" tabindex=\"0\">mite<\/span> de manera breu i condensada. Especialment centrals s\u00f3n les estrofes sobre el dest\u00ed de Hodr i sobre Vali, el fill venjador engendrat per Odin, que mata Hodr. Aquesta genealogia mostra que la mort de Baldur no \u00e9s el final de la hist\u00f2ria: genera una cadena de venjan\u00e7a que culmina en el Ragnar\u00f6k.<\/p>\n<p>El tercer <span class=\"iwg-fachbegriff\" data-tooltip=\"Un relat transm\u00e8s sobre d\u00e9us, or\u00edgens i l'ordre del m\u00f3n.\" tabindex=\"0\">mite<\/span> \u00e9s el retorn de Baldur despr\u00e9s de l&#8217;incendi del m\u00f3n. La \u00abV\u00f6lusp\u00e1\u00bb 62 descriu com la terra emergeix del mar, com Baldur i Hodr es reconcilien, com neix un m\u00f3n nou. Aquest retorn de Baldur \u00e9s un dels motius m\u00e9s potents de l&#8217;escatologia n\u00f2rdica i ha tingut una llarga influ\u00e8ncia en la recepci\u00f3 cristiana de la <span class=\"iwg-fachbegriff\" data-tooltip=\"El conjunt dels relats transmesos sobre d\u00e9us d'una cultura.\" tabindex=\"0\">mitologia<\/span> n\u00f2rdica.<\/p>\n\n<p>Un episodi especialment commovedor \u00e9s la cavalcada de Hermod cap a Hel per alliberar Baldur. Snorri ho descriu detalladament a Gylfaginning 49: Hermod cavalca nou nits per valls fosques i profundes, creua el pont daurat de Gjallarbr\u00fa, la guardiana del qual, Modgudr, li pregunta el motiu del seu viatge, i finalment arriba a la sala de Hel.<\/p><p>All\u00ed, Baldur seu al lloc d&#8217;honor, i Hel promet deixar-lo tornar si tots els \u00e9ssers el ploren.<\/p><p>Hermod torna amb aquest missatge. Els asos envien missatgers a tots els mons, i tots els \u00e9ssers ploren, excepte una vella giganta anomenada Th\u00f6kk, que seu en una cova. Ella diu: \u00abAmb ulls secs plorar\u00e0 Th\u00f6kk a Baldur. Que Hel es quedi el que t\u00e9!\u00bb Snorri assenyala que molts creuen que aquesta Th\u00f6kk era en realitat Loki.<\/p>\n<p>La investigaci\u00f3 ha llegit l&#8217;episodi de Hermod com una de les proves m\u00e9s importants del rerefons xam\u00e0nic de la <span class=\"iwg-fachbegriff\" data-tooltip=\"El conjunt dels relats transmesos sobre d\u00e9us d'una cultura.\" tabindex=\"0\">mitologia<\/span> n\u00f2rdica. Hermod cavalca Sleipnir, el cavall xam\u00e0nic de vuit potes d&#8217;Odin, a trav\u00e9s del m\u00f3n subterrani, travessa llindars i arriba al m\u00f3n dels morts.<\/p><p>Aquesta manera de viatjar correspon tipol\u00f2gicament al vol xam\u00e0nic, tal com est\u00e0 documentat en moltes tradicions sibirianes i mongoles. Mircea Eliade va situar la <span class=\"iwg-fachbegriff\" data-tooltip=\"El conjunt dels relats transmesos sobre d\u00e9us d'una cultura.\" tabindex=\"0\">mitologia<\/span> n\u00f2rdica en aquest context a \u00abLe chamanisme et les techniques archa\u00efques de l&#8217;<span lang=\"fr\">extase<\/span>\u00bb (1951).<\/p>\t\t\t\t\t\t\t\t<\/div>\n\t\t\t\t<\/div>\n\t\t<div class=\"elementor-element elementor-element-c36b63c e-con-full e-flex e-con e-child\" data-id=\"c36b63c\" data-element_type=\"container\" data-e-type=\"container\">\n\t\t\t\t<div class=\"elementor-element elementor-element-1ecc8fc elementor-widget elementor-widget-heading\" data-id=\"1ecc8fc\" data-element_type=\"widget\" data-e-type=\"widget\" data-widget_type=\"heading.default\">\n\t\t\t\t\t<h2 class=\"elementor-heading-title elementor-size-default\">Relacions dins el pante\u00f3<\/h2>\t\t\t\t<\/div>\n\t\t\t\t<div class=\"elementor-element elementor-element-36e5f1a elementor-widget elementor-widget-text-editor\" data-id=\"36e5f1a\" data-element_type=\"widget\" data-e-type=\"widget\" data-widget_type=\"text-editor.default\">\n\t\t\t\t\t\t\t\t\t<p>Baldur \u00e9s fill d&#8217;Odin i Frigg, pare de Forseti (d\u00e9u de la just\u00edcia), germ\u00e0 de Hodr (el cec), germanastre de Thor, Hermod i molts altres fills d&#8217;Odin.<\/p><p>La seva esposa Nanna mor de dolor quan Baldur \u00e9s mort, i \u00e9s cremada amb ell a la nau Hringhorni. Forseti, el seu fill, hereta el seient Glitnir, una sala amb sostre de plata i columnes daurades.<\/p>\n<p>Amb Loki, Baldur mant\u00e9 una relaci\u00f3 paradoxal. Loki, com a company dels asos, sovint apareix vinculat a Baldur i als asos, per\u00f2 es converteix en l&#8217;instrument de la seva mort.<\/p><p>La \u00abLokasenna\u00bb 28 mostra com Loki, en discussi\u00f3 amb Frigg, insinua la mort de Baldur. Aquest antagonisme s&#8217;accentua cada cop m\u00e9s en la tradici\u00f3 posterior i culmina en la imatge de Loki com el destructor de l&#8217;ordre.<\/p>\n<p>Amb Hel, filla de Loki i senyora del m\u00f3n subterrani, Baldur hi mant\u00e9 una relaci\u00f3 com el seu hoste especial. Hermod ha de cavalcar nou nits per valls fosques per arribar a la sala de Hel. All\u00ed ella el rep asseguda al lloc d&#8217;honor, amb Baldur al seu costat. Aquesta escena \u00e9s una de les descripcions m\u00e9s commovedores del m\u00f3n subterrani \u00e8ddic.<\/p>\t\t\t\t\t\t\t\t<\/div>\n\t\t\t\t<\/div>\n\t\t<div class=\"elementor-element elementor-element-f5d4549 e-con-full e-flex e-con e-child\" data-id=\"f5d4549\" data-element_type=\"container\" data-e-type=\"container\">\n\t\t\t\t<div class=\"elementor-element elementor-element-1bcaaf8 elementor-widget elementor-widget-heading\" data-id=\"1bcaaf8\" data-element_type=\"widget\" data-e-type=\"widget\" data-widget_type=\"heading.default\">\n\t\t\t\t\t<h2 class=\"elementor-heading-title elementor-size-default\">Recepci\u00f3 i influ\u00e8ncia<\/h2>\t\t\t\t<\/div>\n\t\t\t\t<div class=\"elementor-element elementor-element-1ba3e6e elementor-widget elementor-widget-text-editor\" data-id=\"1ba3e6e\" data-element_type=\"widget\" data-e-type=\"widget\" data-widget_type=\"text-editor.default\">\n\t\t\t\t\t\t\t\t\t<p><span data-nosnippet>En la recepci\u00f3 medieval cristiana, Baldur va ser interpretat des de ben aviat com una prefiguraci\u00f3 de Crist. Sophus Bugge va desenvolupar aquesta tesi extensament a \u00abStudien \u00fcber die Entstehung der nordischen G\u00f6tter- und Heldensagen\u00bb (1881-89). Avui la tesi cristol\u00f2gica es considera exagerada, per\u00f2 alguns paral\u00b7lelismes (d\u00e9u que mor i retorna, <span class=\"iwg-fachbegriff\" data-tooltip=\"Ofrena a una divinitat per expressar gratitud, s\u00faplica o veneraci\u00f3.\" tabindex=\"0\">sacrifici<\/span> innocent, conseq\u00fc\u00e8ncies c\u00f2smiques) es reconeixen tipol\u00f2gicament.<\/span><\/p>\n<p><span data-nosnippet>Jacob Grimm va dedicar a Baldur un cap\u00edtol propi a la \u00abDeutsche <span class=\"iwg-fachbegriff\" data-tooltip=\"El conjunt de relats sobre d\u00e9us transmesos per una cultura.\" tabindex=\"0\">Mythologie<\/span>\u00bb (1835). Hi veia el d\u00e9u de la llum per excel\u00b7l\u00e8ncia. Al segle XIX, Baldur es va popularitzar en el romanticisme n\u00f2rdic i la pintura.<\/span><\/p><p><span data-nosnippet>\u00abBaldur hin gode\u00bb (1808) d&#8217;Adam Oehlenschl\u00e4ger \u00e9s una adaptaci\u00f3 dram\u00e0tica del mite. Baldur tamb\u00e9 apareix en la literatura nacionalrom\u00e0ntica de Su\u00e8cia i Noruega com a <span class=\"iwg-fachbegriff\" data-tooltip=\"Una imatge concreta que representa una idea abstracta.\" tabindex=\"0\">s\u00edmbol<\/span> de puresa i bellesa tr\u00e0gica.<\/span><\/p>\n<p>Richard Wagner no va incloure Baldur a \u00abEl anell del Nibelung\u00bb, probablement perqu\u00e8 el mite semblava menys heroic i conflictiu que les hist\u00f2ries de Wotan i Sigfrid.<\/p><p><span data-nosnippet>Al segle XX, Baldur va esdevenir central en la <span class=\"iwg-fachbegriff\" data-tooltip=\"El conjunt de relats sobre d\u00e9us transmesos per una cultura.\" tabindex=\"0\">mitologia<\/span> comparada, sobretot gr\u00e0cies a \u00abThe Golden Bough\u00bb (12 vols., 1890-1915) de James George Frazer, on el mite del vesc va esdevenir el punt de partida d&#8217;una \u00e0mplia teoria sobre d\u00e9us que moren i ressusciten.<\/span><\/p>\t\t\t\t\t\t\t\t<\/div>\n\t\t\t\t<\/div>\n\t\t<div class=\"elementor-element elementor-element-bb2c714 e-con-full e-flex e-con e-child\" data-id=\"bb2c714\" data-element_type=\"container\" data-e-type=\"container\">\n\t\t\t\t<div class=\"elementor-element elementor-element-cbe191d elementor-widget elementor-widget-heading\" data-id=\"cbe191d\" data-element_type=\"widget\" data-e-type=\"widget\" data-widget_type=\"heading.default\">\n\t\t\t\t\t<h2 class=\"elementor-heading-title elementor-size-default\">Classificaci\u00f3 dins la ci\u00e8ncia de la religi\u00f3<\/h2>\t\t\t\t<\/div>\n\t\t\t\t<div class=\"elementor-element elementor-element-4ae3e8b elementor-widget elementor-widget-text-editor\" data-id=\"4ae3e8b\" data-element_type=\"widget\" data-e-type=\"widget\" data-widget_type=\"text-editor.default\">\n\t\t\t\t\t\t\t\t\t<p>En la <span class=\"iwg-fachbegriff\" data-tooltip=\"El conjunt de relats sobre d\u00e9us transmesos per una cultura.\" tabindex=\"0\">mitologia<\/span> comparada, Baldur s&#8217;inclou en el tipus del \u00abd\u00e9u que mor i retorna\u00bb, juntament amb Adonis, Tammuz, Osiris i Crist.<\/p><p><span data-nosnippet>Aquesta classificaci\u00f3 tipol\u00f2gica va ser popularitzada per Frazer i sistematitzada per investigadors posteriors com Mircea Eliade (\u00abLe mythe de l&#8217;eternel retour\u00bb, 1949). Les cr\u00edtiques van venir de Jonathan Z. Smith (\u00abDrudgery Divine\u00bb, 1990), que va criticar aquesta equiparaci\u00f3 tipol\u00f2gica com massa generalitzadora.<\/span><\/p>\n<p><span data-nosnippet>Georges Dum\u00e9zil va intentar situar Baldur dins el model indoeuropeu de les tres funcions a \u00abLoki\u00bb (1948) i \u00abMythe et epopee\u00bb (1968-73). Segons ell, Baldur seria el sobir\u00e0 pur i indiv\u00eds, la mort del qual sacsejaria l&#8217;ordre.<\/span><\/p><p>Aquesta lectura va ser recollida i matisada per Edgar Polom\u00e9 i Jens Peter Schj\u00f8dt. Polom\u00e9 veu en Baldur l&#8217;aspecte de la perfecci\u00f3 f\u00edsica de la sobirania, en contrast amb Odin (m\u00e0gic-espiritual) i Tyr (jur\u00eddic).<\/p>\n<p><span data-nosnippet>La simbologia del vesc va ser comparada amb paral\u00b7lelismes celtes per investigadors celt\u00f2legs i indoeuropeistes com Marie-Louise Sj\u00f6stedt a \u00abDieux et heros des Celtes\u00bb (1940). En ambdues tradicions, el vesc apareix com una planta <span class=\"iwg-fachbegriff\" data-tooltip=\"Pertanyent al div\u00ed i, per tant, separat de l'\u00fas quotidi\u00e0.\" tabindex=\"0\">sagrada<\/span> i paradoxal, capa\u00e7 d&#8217;aportar alhora curaci\u00f3 i mort.<\/span><\/p>\n\n<p><span data-nosnippet>La tesi de Frazer sobre el d\u00e9u que mor i retorna ha rebut matisos en la recerca m\u00e9s recent. Jonathan Z. Smith va mostrar a \u00abDrudgery Divine\u00bb (1990) que l&#8217;equiparaci\u00f3 tipol\u00f2gica de Baldur, Crist, Adonis, Osiris i Tammuz amaga m\u00e9s difer\u00e8ncies que semblances.<\/span><\/p><p>Crist \u00e9s una figura salvadora messi\u00e0nica, Adonis una mat\u00e8ria vegetativa dels misteris de l&#8217;amor, Osiris un rei cosmog\u00f2nic, Tammuz un dimoni agrari de la vegetaci\u00f3. Baldur no s&#8217;encaixa clarament en aquestes s\u00e8ries. La seva especificitat rau en la combinaci\u00f3 de precursor cosmol\u00f2gic del Ragnar\u00f6k i <span class=\"iwg-fachbegriff\" data-tooltip=\"Un signe que representa una idea o significat.\" tabindex=\"0\">s\u00edmbol<\/span> d&#8217;esperan\u00e7a per a la renovaci\u00f3 despr\u00e9s de la destrucci\u00f3.<\/p>\n<p>En la recerca indoeuropea comparada, Baldur s&#8217;ha comparat diverses vegades amb l&#8217;indi Tvashtar, el celta Lug i el litu\u00e0 Velinas. Aquestes comparacions s\u00f3n tipol\u00f2giques i no gen\u00e8ticament concloents. La proced\u00e8ncia indoeuropea exacta de la figura de Baldur continua sent incerta.<\/p><p><span data-nosnippet>Edgar Polom\u00e9 va defensar a \u00abOld Norse Religious Terminology\u00bb (1969) i en articles posteriors la tesi que Baldur seria una creaci\u00f3 genu\u00efnament n\u00f2rdica de la fase tardana de l&#8217;era viquinga, que ofereix resson\u00e0ncies amb elements indoeuropeus m\u00e9s antics sense ser-ne un hereu directe.<\/span><\/p>\t\t\t\t\t\t\t\t<\/div>\n\t\t\t\t<\/div>\n\t\t<div class=\"elementor-element elementor-element-229bf7a e-con-full e-flex e-con e-child\" data-id=\"229bf7a\" data-element_type=\"container\" data-e-type=\"container\">\n\t\t\t\t<div class=\"elementor-element elementor-element-59ec109 elementor-widget elementor-widget-heading\" data-id=\"59ec109\" data-element_type=\"widget\" data-e-type=\"widget\" data-widget_type=\"heading.default\">\n\t\t\t\t\t<h2 class=\"elementor-heading-title elementor-size-default\">Fonts i bibliografia complement\u00e0ria<\/h2>\t\t\t\t<\/div>\n\t\t\t\t<div class=\"elementor-element elementor-element-3147572 elementor-widget elementor-widget-text-editor\" data-id=\"3147572\" data-element_type=\"widget\" data-e-type=\"widget\" data-widget_type=\"text-editor.default\">\n\t\t\t\t\t\t\t\t\t<footer class=\"iwg-literatur\"><p><span data-nosnippet>Fonts prim\u00e0ries: \u00abProsa-Edda\u00bb (Snorri Sturluson, ca. 1220), \u00abV\u00f6lusp\u00e1\u00bb i \u00abGr\u00edmnism\u00e1l\u00bb (Edda po\u00e8tica, Codex Regius), \u00abBaldrs draumar\u00bb (Edda po\u00e8tica), \u00abGesta Danorum\u00bb llibre 3 (Saxo Grammaticus, ca. 1200). Poemes esc\u00e0ldics a Finnur J\u00f3nsson \u00abDen norsk-islandske Skjaldedigtning\u00bb (1912-15).<\/span><\/p>\n<p>Bibliografia secund\u00e0ria:<\/p><ul><li><span data-nosnippet>Jan de Vries \u00abAltgermanische Religionsgeschichte\u00bb (1956\/57).<\/span><\/li><li>Georges Dum\u00e9zil \u00abLoki\u00bb (1948).<\/li><li><span data-nosnippet>James George Frazer \u00abThe Golden Bough\u00bb (1890-1915).<\/span><\/li><li><span data-nosnippet>Sophus Bugge \u00abStudien \u00fcber die Entstehung der nordischen G\u00f6tter- und Heldensagen\u00bb (1881-89).<\/span><\/li><li>Karl Helm \u00abWodan\u00bb (1946).<\/li><li><span data-nosnippet>R\u00e9gis Boyer \u00abLa religion des anciens Scandinaves\u00bb (1981).<\/span><\/li><li><span data-nosnippet>Margaret Clunies Ross \u00abProlonged Echoes\u00bb (1994\/98).<\/span><\/li><\/ul>\n<p class=\"iwg-bib-more\"><span data-nosnippet>M\u00e9s obres de refer\u00e8ncia al <a href=\"https:\/\/iwell-guard.com\/ca\/literatura\/\">llistat bibliogr\u00e0fic<\/a>.<\/span><\/p><\/footer>\t\t\t\t\t\t\t\t<\/div>\n\t\t\t\t<\/div>\n\t\t\t\t\t<\/div>\n\t\t\t\t<\/div>\n\t\t\t\t<\/div>\n\t\t","protected":false},"excerpt":{"rendered":"","protected":false},"author":3,"featured_media":3218,"parent":0,"menu_order":0,"comment_status":"closed","ping_status":"closed","template":"elementor_header_footer","meta":{"_yoast_wpseo_focuskw":"Baldur","_yoast_wpseo_title":"Baldur \u2013 D\u00e9u de la llum i fill d'Odin | iWell Guard","_yoast_wpseo_metadesc":"Baldur \u00e9s el d\u00e9u germ\u00e0nic-n\u00f2rdic de la llum i la puresa, fill d'Odin i Frigg. La seva mort a mans de Loki dona inici al Ragnar\u00f6k.","_yoast_wpseo_meta-robots-noindex":"","_yoast_wpseo_canonical":"","_angie_page":false,"gefaehrdungsstufe":"","wesen_kultur":"","wesen_klasse":"","footnotes":""},"categories":[],"class_list":["post-171812","page","type-page","status-publish","has-post-thumbnail","hentry"],"yoast_head":"<!-- This site is optimized with the Yoast SEO Premium plugin v27.7 (Yoast SEO v28.3) - https:\/\/yoast.com\/product\/yoast-seo-premium-wordpress\/ -->\n<title>Baldur \u2013 D\u00e9u de la llum i fill d&#039;Odin | iWell Guard<\/title>\n<meta name=\"description\" content=\"Baldur \u00e9s el d\u00e9u germ\u00e0nic-n\u00f2rdic de la llum i la puresa, fill d&#039;Odin i Frigg. La seva mort a mans de Loki dona inici al Ragnar\u00f6k.\" \/>\n<meta name=\"robots\" content=\"index, follow, max-snippet:-1, max-image-preview:large, max-video-preview:-1\" \/>\n<link rel=\"canonical\" href=\"https:\/\/iwell-guard.com\/ca\/baldur\/\" \/>\n<meta property=\"og:locale\" content=\"ca_ES\" \/>\n<meta property=\"og:type\" content=\"article\" \/>\n<meta property=\"og:title\" content=\"Baldur\" \/>\n<meta property=\"og:description\" content=\"Baldur \u00e9s el d\u00e9u germ\u00e0nic-n\u00f2rdic de la llum i la puresa, fill d&#039;Odin i Frigg. La seva mort a mans de Loki dona inici al Ragnar\u00f6k.\" \/>\n<meta property=\"og:url\" content=\"https:\/\/iwell-guard.com\/ca\/baldur\/\" \/>\n<meta property=\"og:site_name\" content=\"iWell Guard\" \/>\n<meta property=\"article:modified_time\" content=\"2026-09-05T16:07:52+00:00\" \/>\n<meta property=\"og:image\" content=\"https:\/\/iwell-guard.com\/wp-content\/uploads\/2026\/05\/goetter_germanisch_baldur.webp\" \/>\n\t<meta property=\"og:image:width\" content=\"1024\" \/>\n\t<meta property=\"og:image:height\" content=\"1536\" \/>\n\t<meta property=\"og:image:type\" content=\"image\/webp\" \/>\n<meta name=\"twitter:card\" content=\"summary_large_image\" \/>\n<script type=\"application\/ld+json\" class=\"yoast-schema-graph\">{\"@context\":\"https:\\\/\\\/schema.org\",\"@graph\":[{\"@type\":\"WebPage\",\"@id\":\"https:\\\/\\\/iwell-guard.com\\\/ca\\\/baldur\\\/\",\"url\":\"https:\\\/\\\/iwell-guard.com\\\/ca\\\/baldur\\\/\",\"name\":\"Baldur \u2013 D\u00e9u de la llum i fill d'Odin | iWell Guard\",\"isPartOf\":{\"@id\":\"https:\\\/\\\/iwell-guard.com\\\/ca\\\/#website\"},\"primaryImageOfPage\":{\"@id\":\"https:\\\/\\\/iwell-guard.com\\\/ca\\\/baldur\\\/#primaryimage\"},\"image\":{\"@id\":\"https:\\\/\\\/iwell-guard.com\\\/ca\\\/baldur\\\/#primaryimage\"},\"thumbnailUrl\":\"https:\\\/\\\/iwell-guard.com\\\/wp-content\\\/uploads\\\/2026\\\/05\\\/goetter_germanisch_baldur.webp\",\"datePublished\":\"2026-09-05T15:42:37+00:00\",\"dateModified\":\"2026-09-05T16:07:52+00:00\",\"description\":\"Baldur \u00e9s el d\u00e9u germ\u00e0nic-n\u00f2rdic de la llum i la puresa, fill d'Odin i Frigg. La seva mort a mans de Loki dona inici al Ragnar\u00f6k.\",\"breadcrumb\":{\"@id\":\"https:\\\/\\\/iwell-guard.com\\\/ca\\\/baldur\\\/#breadcrumb\"},\"inLanguage\":\"ca\",\"potentialAction\":[{\"@type\":\"ReadAction\",\"target\":[\"https:\\\/\\\/iwell-guard.com\\\/ca\\\/baldur\\\/\"]}]},{\"@type\":\"ImageObject\",\"inLanguage\":\"ca\",\"@id\":\"https:\\\/\\\/iwell-guard.com\\\/ca\\\/baldur\\\/#primaryimage\",\"url\":\"https:\\\/\\\/iwell-guard.com\\\/wp-content\\\/uploads\\\/2026\\\/05\\\/goetter_germanisch_baldur.webp\",\"contentUrl\":\"https:\\\/\\\/iwell-guard.com\\\/wp-content\\\/uploads\\\/2026\\\/05\\\/goetter_germanisch_baldur.webp\",\"width\":1024,\"height\":1536,\"caption\":\"D\u00e9us de la tradici\u00f3 germ\u00e0nica.\"},{\"@type\":\"BreadcrumbList\",\"@id\":\"https:\\\/\\\/iwell-guard.com\\\/ca\\\/baldur\\\/#breadcrumb\",\"itemListElement\":[{\"@type\":\"ListItem\",\"position\":1,\"name\":\"Start\",\"item\":\"https:\\\/\\\/iwell-guard.com\\\/ca\\\/?page_id=171333\"},{\"@type\":\"ListItem\",\"position\":2,\"name\":\"Baldur\"}]},{\"@type\":\"WebSite\",\"@id\":\"https:\\\/\\\/iwell-guard.com\\\/ca\\\/#website\",\"url\":\"https:\\\/\\\/iwell-guard.com\\\/ca\\\/\",\"name\":\"iWell Guard\",\"description\":\"Schutz vor dunklen Einfl\u00fcssen\",\"publisher\":{\"@id\":\"https:\\\/\\\/iwell-guard.com\\\/ca\\\/#organization\"},\"potentialAction\":[{\"@type\":\"SearchAction\",\"target\":{\"@type\":\"EntryPoint\",\"urlTemplate\":\"https:\\\/\\\/iwell-guard.com\\\/ca\\\/?s={search_term_string}\"},\"query-input\":{\"@type\":\"PropertyValueSpecification\",\"valueRequired\":true,\"valueName\":\"search_term_string\"}}],\"inLanguage\":\"ca\"},{\"@type\":\"Organization\",\"@id\":\"https:\\\/\\\/iwell-guard.com\\\/ca\\\/#organization\",\"name\":\"Ittermann electronic GmbH\",\"url\":\"https:\\\/\\\/iwell-guard.com\\\/ca\\\/\",\"logo\":{\"@type\":\"ImageObject\",\"inLanguage\":\"ca\",\"@id\":\"https:\\\/\\\/iwell-guard.com\\\/ca\\\/#\\\/schema\\\/logo\\\/image\\\/\",\"url\":\"https:\\\/\\\/iwell-guard.com\\\/wp-content\\\/uploads\\\/2026\\\/05\\\/Ittermann-Logo-1182x237-1.png\",\"contentUrl\":\"https:\\\/\\\/iwell-guard.com\\\/wp-content\\\/uploads\\\/2026\\\/05\\\/Ittermann-Logo-1182x237-1.png\",\"width\":1182,\"height\":237,\"caption\":\"Ittermann electronic GmbH\"},\"image\":{\"@id\":\"https:\\\/\\\/iwell-guard.com\\\/ca\\\/#\\\/schema\\\/logo\\\/image\\\/\"},\"sameAs\":[\"https:\\\/\\\/pantip.com\\\/profile\\\/9367242\",\"https:\\\/\\\/micro.blog\\\/iwellguard\",\"https:\\\/\\\/www.diggerslist.com\\\/iwellguard\\\/about\",\"https:\\\/\\\/skitterphoto.com\\\/photographers\\\/2870314\\\/iwell-guard\",\"https:\\\/\\\/iwellguard.wordpress.com\\\/2026\\\/06\\\/06\\\/iwell-guard\\\/\",\"https:\\\/\\\/hub.docker.com\\\/u\\\/iwellguard\",\"https:\\\/\\\/www.pinterest.com\\\/iwellguard\\\/\",\"https:\\\/\\\/bit.ly\\\/m\\\/iwellguard\",\"https:\\\/\\\/entre-vos-mains.alsace.eu\\\/profiles\\\/iwellguard\\\/activity\",\"https:\\\/\\\/gravatar.com\\\/reallybeded8fd34\",\"https:\\\/\\\/naijamatta.com\\\/iwellguard\",\"https:\\\/\\\/www.goodreads.com\\\/iwellguard\",\"https:\\\/\\\/profile.hatena.ne.jp\\\/iwellguard\\\/\",\"https:\\\/\\\/experiment.com\\\/users\\\/iwellguard\",\"https:\\\/\\\/wakelet.com\\\/@iWellGuard82270\",\"https:\\\/\\\/www.chordie.com\\\/forum\\\/profile.php?id=2555664\",\"https:\\\/\\\/www.instapaper.com\\\/p\\\/17757966\",\"https:\\\/\\\/www.mapleprimes.com\\\/users\\\/iwellguard\",\"https:\\\/\\\/businesslistingplus.com\\\/profile\\\/iwell-guard\\\/\",\"https:\\\/\\\/telegra.ph\\\/iWell-Guard-06-06\",\"https:\\\/\\\/pbase.com\\\/iwellguard\\\/iwellguard\",\"https:\\\/\\\/b.hatena.ne.jp\\\/iwellguard\\\/20260607#bookmark-4788405196491818882\",\"https:\\\/\\\/fliphtml5.com\\\/home\\\/iwellguard\",\"https:\\\/\\\/anyflip.com\\\/homepage\\\/cmiwl#About\",\"https:\\\/\\\/transfur.com\\\/Users\\\/iwellguard\",\"http:\\\/\\\/delphi.larsbo.org\\\/user\\\/iwellguard\",\"https:\\\/\\\/jobs.lajobsportal.org\\\/profiles\\\/8380803-iwell-guard\",\"https:\\\/\\\/md.chaosdorf.de\\\/s\\\/jfbe5SBdJD\",\"https:\\\/\\\/www.lingvolive.com\\\/en-us\\\/profile\\\/9ecaeaca-ce11-4e51-9e71-01d55e2bff36\\\/translations\",\"https:\\\/\\\/www.fitday.com\\\/fitness\\\/forums\\\/members\\\/iwellguard.html\",\"https:\\\/\\\/www.mymeetbook.com\\\/iwellguard\",\"https:\\\/\\\/pxhere.com\\\/en\\\/photographer-me\\\/5040798\",\"https:\\\/\\\/disqus.com\\\/by\\\/iwellguard\\\/about\\\/\",\"https:\\\/\\\/pastelink.net\\\/hjwciqwq\",\"https:\\\/\\\/pubhtml5.com\\\/homepage\\\/scjhn\\\/\",\"https:\\\/\\\/www.bitchute.com\\\/channel\\\/2O2eOKzNqujT\",\"https:\\\/\\\/audiomack.com\\\/iwellguard\"]}]}<\/script>\n<!-- \/ Yoast SEO Premium plugin. -->","yoast_head_json":{"title":"Baldur \u2013 D\u00e9u de la llum i fill d'Odin | iWell Guard","description":"Baldur \u00e9s el d\u00e9u germ\u00e0nic-n\u00f2rdic de la llum i la puresa, fill d'Odin i Frigg. La seva mort a mans de Loki dona inici al Ragnar\u00f6k.","robots":{"index":"index","follow":"follow","max-snippet":"max-snippet:-1","max-image-preview":"max-image-preview:large","max-video-preview":"max-video-preview:-1"},"canonical":"https:\/\/iwell-guard.com\/ca\/baldur\/","og_locale":"ca_ES","og_type":"article","og_title":"Baldur","og_description":"Baldur \u00e9s el d\u00e9u germ\u00e0nic-n\u00f2rdic de la llum i la puresa, fill d'Odin i Frigg. La seva mort a mans de Loki dona inici al Ragnar\u00f6k.","og_url":"https:\/\/iwell-guard.com\/ca\/baldur\/","og_site_name":"iWell Guard","article_modified_time":"2026-09-05T16:07:52+00:00","og_image":[{"width":1024,"height":1536,"url":"https:\/\/iwell-guard.com\/wp-content\/uploads\/2026\/05\/goetter_germanisch_baldur.webp","type":"image\/webp"}],"twitter_card":"summary_large_image","schema":{"@context":"https:\/\/schema.org","@graph":[{"@type":"WebPage","@id":"https:\/\/iwell-guard.com\/ca\/baldur\/","url":"https:\/\/iwell-guard.com\/ca\/baldur\/","name":"Baldur \u2013 D\u00e9u de la llum i fill d'Odin | iWell Guard","isPartOf":{"@id":"https:\/\/iwell-guard.com\/ca\/#website"},"primaryImageOfPage":{"@id":"https:\/\/iwell-guard.com\/ca\/baldur\/#primaryimage"},"image":{"@id":"https:\/\/iwell-guard.com\/ca\/baldur\/#primaryimage"},"thumbnailUrl":"https:\/\/iwell-guard.com\/wp-content\/uploads\/2026\/05\/goetter_germanisch_baldur.webp","datePublished":"2026-09-05T15:42:37+00:00","dateModified":"2026-09-05T16:07:52+00:00","description":"Baldur \u00e9s el d\u00e9u germ\u00e0nic-n\u00f2rdic de la llum i la puresa, fill d'Odin i Frigg. La seva mort a mans de Loki dona inici al Ragnar\u00f6k.","breadcrumb":{"@id":"https:\/\/iwell-guard.com\/ca\/baldur\/#breadcrumb"},"inLanguage":"ca","potentialAction":[{"@type":"ReadAction","target":["https:\/\/iwell-guard.com\/ca\/baldur\/"]}]},{"@type":"ImageObject","inLanguage":"ca","@id":"https:\/\/iwell-guard.com\/ca\/baldur\/#primaryimage","url":"https:\/\/iwell-guard.com\/wp-content\/uploads\/2026\/05\/goetter_germanisch_baldur.webp","contentUrl":"https:\/\/iwell-guard.com\/wp-content\/uploads\/2026\/05\/goetter_germanisch_baldur.webp","width":1024,"height":1536,"caption":"D\u00e9us de la tradici\u00f3 germ\u00e0nica."},{"@type":"BreadcrumbList","@id":"https:\/\/iwell-guard.com\/ca\/baldur\/#breadcrumb","itemListElement":[{"@type":"ListItem","position":1,"name":"Start","item":"https:\/\/iwell-guard.com\/ca\/?page_id=171333"},{"@type":"ListItem","position":2,"name":"Baldur"}]},{"@type":"WebSite","@id":"https:\/\/iwell-guard.com\/ca\/#website","url":"https:\/\/iwell-guard.com\/ca\/","name":"iWell Guard","description":"Schutz vor dunklen Einfl\u00fcssen","publisher":{"@id":"https:\/\/iwell-guard.com\/ca\/#organization"},"potentialAction":[{"@type":"SearchAction","target":{"@type":"EntryPoint","urlTemplate":"https:\/\/iwell-guard.com\/ca\/?s={search_term_string}"},"query-input":{"@type":"PropertyValueSpecification","valueRequired":true,"valueName":"search_term_string"}}],"inLanguage":"ca"},{"@type":"Organization","@id":"https:\/\/iwell-guard.com\/ca\/#organization","name":"Ittermann electronic GmbH","url":"https:\/\/iwell-guard.com\/ca\/","logo":{"@type":"ImageObject","inLanguage":"ca","@id":"https:\/\/iwell-guard.com\/ca\/#\/schema\/logo\/image\/","url":"https:\/\/iwell-guard.com\/wp-content\/uploads\/2026\/05\/Ittermann-Logo-1182x237-1.png","contentUrl":"https:\/\/iwell-guard.com\/wp-content\/uploads\/2026\/05\/Ittermann-Logo-1182x237-1.png","width":1182,"height":237,"caption":"Ittermann electronic GmbH"},"image":{"@id":"https:\/\/iwell-guard.com\/ca\/#\/schema\/logo\/image\/"},"sameAs":["https:\/\/pantip.com\/profile\/9367242","https:\/\/micro.blog\/iwellguard","https:\/\/www.diggerslist.com\/iwellguard\/about","https:\/\/skitterphoto.com\/photographers\/2870314\/iwell-guard","https:\/\/iwellguard.wordpress.com\/2026\/06\/06\/iwell-guard\/","https:\/\/hub.docker.com\/u\/iwellguard","https:\/\/www.pinterest.com\/iwellguard\/","https:\/\/bit.ly\/m\/iwellguard","https:\/\/entre-vos-mains.alsace.eu\/profiles\/iwellguard\/activity","https:\/\/gravatar.com\/reallybeded8fd34","https:\/\/naijamatta.com\/iwellguard","https:\/\/www.goodreads.com\/iwellguard","https:\/\/profile.hatena.ne.jp\/iwellguard\/","https:\/\/experiment.com\/users\/iwellguard","https:\/\/wakelet.com\/@iWellGuard82270","https:\/\/www.chordie.com\/forum\/profile.php?id=2555664","https:\/\/www.instapaper.com\/p\/17757966","https:\/\/www.mapleprimes.com\/users\/iwellguard","https:\/\/businesslistingplus.com\/profile\/iwell-guard\/","https:\/\/telegra.ph\/iWell-Guard-06-06","https:\/\/pbase.com\/iwellguard\/iwellguard","https:\/\/b.hatena.ne.jp\/iwellguard\/20260607#bookmark-4788405196491818882","https:\/\/fliphtml5.com\/home\/iwellguard","https:\/\/anyflip.com\/homepage\/cmiwl#About","https:\/\/transfur.com\/Users\/iwellguard","http:\/\/delphi.larsbo.org\/user\/iwellguard","https:\/\/jobs.lajobsportal.org\/profiles\/8380803-iwell-guard","https:\/\/md.chaosdorf.de\/s\/jfbe5SBdJD","https:\/\/www.lingvolive.com\/en-us\/profile\/9ecaeaca-ce11-4e51-9e71-01d55e2bff36\/translations","https:\/\/www.fitday.com\/fitness\/forums\/members\/iwellguard.html","https:\/\/www.mymeetbook.com\/iwellguard","https:\/\/pxhere.com\/en\/photographer-me\/5040798","https:\/\/disqus.com\/by\/iwellguard\/about\/","https:\/\/pastelink.net\/hjwciqwq","https:\/\/pubhtml5.com\/homepage\/scjhn\/","https:\/\/www.bitchute.com\/channel\/2O2eOKzNqujT","https:\/\/audiomack.com\/iwellguard"]}]}},"_links":{"self":[{"href":"https:\/\/iwell-guard.com\/ca\/wp-json\/wp\/v2\/pages\/171812","targetHints":{"allow":["GET"]}}],"collection":[{"href":"https:\/\/iwell-guard.com\/ca\/wp-json\/wp\/v2\/pages"}],"about":[{"href":"https:\/\/iwell-guard.com\/ca\/wp-json\/wp\/v2\/types\/page"}],"author":[{"embeddable":true,"href":"https:\/\/iwell-guard.com\/ca\/wp-json\/wp\/v2\/users\/3"}],"replies":[{"embeddable":true,"href":"https:\/\/iwell-guard.com\/ca\/wp-json\/wp\/v2\/comments?post=171812"}],"version-history":[{"count":0,"href":"https:\/\/iwell-guard.com\/ca\/wp-json\/wp\/v2\/pages\/171812\/revisions"}],"wp:featuredmedia":[{"embeddable":true,"href":"https:\/\/iwell-guard.com\/ca\/wp-json\/wp\/v2\/media\/3218"}],"wp:attachment":[{"href":"https:\/\/iwell-guard.com\/ca\/wp-json\/wp\/v2\/media?parent=171812"}],"wp:term":[{"taxonomy":"category","embeddable":true,"href":"https:\/\/iwell-guard.com\/ca\/wp-json\/wp\/v2\/categories?post=171812"}],"curies":[{"name":"wp","href":"https:\/\/api.w.org\/{rel}","templated":true}]}}