{"id":171805,"date":"2026-09-05T15:42:34","date_gmt":"2026-09-05T15:42:34","guid":{"rendered":"https:\/\/iwell-guard.com\/?page_id=171805"},"modified":"2026-09-05T16:07:39","modified_gmt":"2026-09-05T16:07:39","slug":"atum","status":"publish","type":"page","link":"https:\/\/iwell-guard.com\/ca\/atum\/","title":{"rendered":"Atum"},"content":{"rendered":"\t\t<div data-elementor-type=\"wp-page\" data-elementor-id=\"171805\" class=\"elementor elementor-171805 elementor-2994 elementor-bc-flex-widget\" data-elementor-post-type=\"page\">\n\t\t\t\t<div class=\"elementor-element elementor-element-b9c39ef e-flex e-con-boxed e-con e-parent\" data-id=\"b9c39ef\" data-element_type=\"container\" data-e-type=\"container\" data-settings=\"{&quot;background_background&quot;:&quot;classic&quot;}\">\n\t\t\t\t\t<div class=\"e-con-inner\">\n\t\t<div class=\"elementor-element elementor-element-46b50b3 e-flex e-con-boxed e-con e-child\" data-id=\"46b50b3\" data-element_type=\"container\" data-e-type=\"container\">\n\t\t\t\t\t<div class=\"e-con-inner\">\n\t\t<div class=\"elementor-element elementor-element-ec779fe e-con-full e-flex e-con e-child\" data-id=\"ec779fe\" data-element_type=\"container\" data-e-type=\"container\">\n\t\t\t\t<div class=\"elementor-element elementor-element-1bf506e elementor-widget elementor-widget-heading\" data-id=\"1bf506e\" data-element_type=\"widget\" data-e-type=\"widget\" data-widget_type=\"heading.default\">\n\t\t\t\t\t<h1 class=\"elementor-heading-title elementor-size-default\">Atum, d\u00e9u creador egipci d'Heli\u00f2polis<\/h1>\t\t\t\t<\/div>\n\t\t\t\t<div class=\"elementor-element elementor-element-9f70063 elementor-widget elementor-widget-text-editor\" data-id=\"9f70063\" data-element_type=\"widget\" data-e-type=\"widget\" data-widget_type=\"text-editor.default\">\n\t\t\t\t\t\t\t\t\t<p>Atum \u00e9s un d\u00e9u creador egipci, el <span class=\"iwg-fachbegriff\" data-tooltip=\"El conjunt d'actes de veneraci\u00f3 religiosa cap a una divinitat o figura sagrada.\" tabindex=\"0\">culte<\/span> del qual tenia el seu centre a Heli\u00f2polis, on encap\u00e7ala l&#8217;Enneadea local. Atum \u00e9s considerat, en el <span class=\"iwg-fachbegriff\" data-tooltip=\"El conjunt de d\u00e9us d'una religi\u00f3 o cultura.\" tabindex=\"0\">pante\u00f3<\/span> de l&#8217;antic Egipte, el d\u00e9u creador d&#8217;Heli\u00f2polis, que va emergir de les aig\u00fces primig\u00e8nies de Nun i que, per si mateix, va engendrar els dos primers d\u00e9us, Shu i Tefnut.<\/p><p>El seu nom se sol traduir com \u00abel complet\u00bb, \u00abel perfecte\u00bb o \u00abel que ha esdevingut tot\u00bb; alhora, tamb\u00e9 pot significar \u00abel que no \u00e9s\u00bb, ja que el verb \u00abtem\u00bb pot expressar tant la culminaci\u00f3 com la negaci\u00f3.<\/p><p>Aquesta ambival\u00e8ncia sem\u00e0ntica reflecteix la posici\u00f3 teol\u00f2gica d&#8217;Atum: \u00e9s all\u00f2 que existia abans de la creaci\u00f3 i all\u00f2 que existir\u00e0 despr\u00e9s d&#8217;ella, l&#8217;inici i la fi del cicle c\u00f2smic.<\/p><p>Mentre que en l&#8217;Imperi Mitj\u00e0 i el Nou Imperi Amon-Re assumeix el paper teol\u00f2gic principal, Atum conserva la seva funci\u00f3 cosmog\u00f2nica i el seu perfil peculiar com a creador per automasturbaci\u00f3 o autoenunciaci\u00f3, un dels conceptes m\u00e9s antics i elaborats de la hist\u00f2ria de les religions.<\/p>\t\t\t\t\t\t\t\t<\/div>\n\t\t\t\t<\/div>\n\t\t<div class=\"elementor-element elementor-element-e442eee e-con-full e-flex e-con e-parent\" data-id=\"e442eee\" data-element_type=\"container\" data-e-type=\"container\">\n\t\t\t\t<div class=\"elementor-element elementor-element-3a6f0a9 elementor-widget elementor-widget-html\" data-id=\"3a6f0a9\" data-element_type=\"widget\" data-e-type=\"widget\" data-widget_type=\"html.default\">\n\t\t\t\t\t<div class=\"iwg-pill-row\"><span class=\"iwg-klasse-badge\" tabindex=\"0\" data-tooltip=\"D\u00e9u \/ Deessa: Poder personificat suprem dins el pante\u00f3 d'una cultura, amb funcions clares: forces de la natura, dest\u00ed, guerra, fertilitat. Venerat mitjan\u00e7ant cultes, ofrenes i institucions de temple.\">D\u00e9u<\/span><a href=\"https:\/\/iwell-guard.com\/ca\/egipte\/\" class=\"iwg-kultur-badge\" tabindex=\"0\" data-tooltip=\"Mitologia de l'antiga vall del Nil, aproximadament del 3000 a. C. al 30 a. C.\">Egipte<\/a><\/div>\t\t\t\t<\/div>\n\t\t\t\t<\/div>\n\t\t<div class=\"elementor-element elementor-element-8373406 e-con-full e-flex e-con e-child\" data-id=\"8373406\" data-element_type=\"container\" data-e-type=\"container\">\n\t\t\t\t<div class=\"elementor-element elementor-element-92ddae4 elementor-toc--minimized-on-tablet elementor-widget elementor-widget-table-of-contents\" data-id=\"92ddae4\" data-element_type=\"widget\" data-e-type=\"widget\" data-settings=\"{&quot;exclude_headings_by_selector&quot;:[],&quot;no_headings_message&quot;:&quot;No s&#039;ha trobat cap encap\\u00e7alament en aquesta p\\u00e0gina.&quot;,&quot;headings_by_tags&quot;:[&quot;h2&quot;,&quot;h3&quot;],&quot;marker_view&quot;:&quot;bullets&quot;,&quot;icon&quot;:{&quot;value&quot;:&quot;fas fa-circle&quot;,&quot;library&quot;:&quot;fa-solid&quot;,&quot;rendered_tag&quot;:&quot;&lt;svg class=\\&quot;e-font-icon-svg e-fas-circle\\&quot; viewBox=\\&quot;0 0 512 512\\&quot; xmlns=\\&quot;http:\\\/\\\/www.w3.org\\\/2000\\\/svg\\&quot;&gt;&lt;path d=\\&quot;M256 8C119 8 8 119 8 256s111 248 248 248 248-111 248-248S393 8 256 8z\\&quot;&gt;&lt;\\\/path&gt;&lt;\\\/svg&gt;&quot;},&quot;minimize_box&quot;:&quot;yes&quot;,&quot;minimized_on&quot;:&quot;tablet&quot;,&quot;hierarchical_view&quot;:&quot;yes&quot;,&quot;min_height&quot;:{&quot;unit&quot;:&quot;px&quot;,&quot;size&quot;:&quot;&quot;,&quot;sizes&quot;:[]},&quot;min_height_tablet&quot;:{&quot;unit&quot;:&quot;px&quot;,&quot;size&quot;:&quot;&quot;,&quot;sizes&quot;:[]},&quot;min_height_mobile&quot;:{&quot;unit&quot;:&quot;px&quot;,&quot;size&quot;:&quot;&quot;,&quot;sizes&quot;:[]}}\" data-widget_type=\"table-of-contents.default\">\n\t\t\t\t\t\t\t\t\t<div class=\"elementor-toc__header\">\n\t\t\t\t\t\t<h2 class=\"elementor-toc__header-title\">\n\t\t\t\t\u00cdndex\t\t\t<\/h2>\n\t\t\t\t\t\t\t\t\t\t<div class=\"elementor-toc__toggle-button elementor-toc__toggle-button--expand\" role=\"button\" tabindex=\"0\" aria-controls=\"elementor-toc__92ddae4\" aria-expanded=\"true\" aria-label=\"Open table of contents\"><svg aria-hidden=\"true\" class=\"e-font-icon-svg e-fas-chevron-down\" viewBox=\"0 0 448 512\" xmlns=\"http:\/\/www.w3.org\/2000\/svg\"><path d=\"M207.029 381.476L12.686 187.132c-9.373-9.373-9.373-24.569 0-33.941l22.667-22.667c9.357-9.357 24.522-9.375 33.901-.04L224 284.505l154.745-154.021c9.379-9.335 24.544-9.317 33.901.04l22.667 22.667c9.373 9.373 9.373 24.569 0 33.941L240.971 381.476c-9.373 9.372-24.569 9.372-33.942 0z\"><\/path><\/svg><\/div>\n\t\t\t\t<div class=\"elementor-toc__toggle-button elementor-toc__toggle-button--collapse\" role=\"button\" tabindex=\"0\" aria-controls=\"elementor-toc__92ddae4\" aria-expanded=\"true\" aria-label=\"Close table of contents\"><svg aria-hidden=\"true\" class=\"e-font-icon-svg e-fas-chevron-up\" viewBox=\"0 0 448 512\" xmlns=\"http:\/\/www.w3.org\/2000\/svg\"><path d=\"M240.971 130.524l194.343 194.343c9.373 9.373 9.373 24.569 0 33.941l-22.667 22.667c-9.357 9.357-24.522 9.375-33.901.04L224 227.495 69.255 381.516c-9.379 9.335-24.544 9.317-33.901-.04l-22.667-22.667c-9.373-9.373-9.373-24.569 0-33.941L207.03 130.525c9.372-9.373 24.568-9.373 33.941-.001z\"><\/path><\/svg><\/div>\n\t\t\t\t\t<\/div>\n\t\t\t\t<div id=\"elementor-toc__92ddae4\" class=\"elementor-toc__body\">\n\t\t\t<div class=\"elementor-toc__spinner-container\">\n\t\t\t\t<svg class=\"elementor-toc__spinner eicon-animation-spin e-font-icon-svg e-eicon-loading\" aria-hidden=\"true\" viewBox=\"0 0 1000 1000\" xmlns=\"http:\/\/www.w3.org\/2000\/svg\"><path d=\"M500 975V858C696 858 858 696 858 500S696 142 500 142 142 304 142 500H25C25 237 238 25 500 25S975 237 975 500 763 975 500 975Z\"><\/path><\/svg>\t\t\t<\/div>\n\t\t<\/div>\n\t\t\t\t\t\t<\/div>\n\t\t\t\t<\/div>\n\t\t\t\t\t<\/div>\n\t\t\t\t<\/div>\n\t\t<div class=\"elementor-element elementor-element-33831b3 e-con-full e-flex e-con e-child\" data-id=\"33831b3\" data-element_type=\"container\" data-e-type=\"container\">\n\t\t\t\t<div class=\"elementor-element elementor-element-e9fb63f iwg-hero-image elementor-widget elementor-widget-image\" data-id=\"e9fb63f\" data-element_type=\"widget\" data-e-type=\"widget\" data-widget_type=\"image.default\">\n\t\t\t\t\t\t\t\t\t\t\t\t\t\t\t<img fetchpriority=\"high\" decoding=\"async\" width=\"683\" height=\"1024\" src=\"https:\/\/iwell-guard.com\/wp-content\/uploads\/2026\/05\/goetter_aegypten_atum-683x1024.webp\" class=\"attachment-large size-large wp-image-173503\" alt=\"Atum - D\u00e9us de la tradici\u00f3 eg\u00edpcia, historicoil\u00b7lustratiu\" srcset=\"https:\/\/iwell-guard.com\/wp-content\/uploads\/2026\/05\/goetter_aegypten_atum-683x1024.webp 683w, https:\/\/iwell-guard.com\/wp-content\/uploads\/2026\/05\/goetter_aegypten_atum-200x300.webp 200w, https:\/\/iwell-guard.com\/wp-content\/uploads\/2026\/05\/goetter_aegypten_atum-768x1152.webp 768w, https:\/\/iwell-guard.com\/wp-content\/uploads\/2026\/05\/goetter_aegypten_atum.webp 1024w\" sizes=\"(max-width: 683px) 100vw, 683px\" \/>\t\t\t\t\t\t\t\t\t\t\t\t\t\t\t<\/div>\n\t\t\t\t<\/div>\n\t\t\t\t\t<\/div>\n\t\t\t\t<\/div>\n\t\t<div class=\"elementor-element elementor-element-883c3bc e-con-boxed e-flex e-con e-parent\" data-id=\"883c3bc\" data-element_type=\"container\" data-e-type=\"container\">\n\t\t\t\t\t<div class=\"e-con-inner\">\n\t\t<div class=\"elementor-element elementor-element-a66878f e-con-full e-flex e-con e-child\" data-id=\"a66878f\" data-element_type=\"container\" data-e-type=\"container\">\n\t\t\t\t<div class=\"elementor-element elementor-element-8a036d9 elementor-widget elementor-widget-heading\" data-id=\"8a036d9\" data-element_type=\"widget\" data-e-type=\"widget\" data-widget_type=\"heading.default\">\n\t\t\t\t\t<h2 class=\"elementor-heading-title elementor-size-default\">Mite i genealogia<\/h2>\t\t\t\t<\/div>\n\t\t\t\t<div class=\"elementor-element elementor-element-95f1797 elementor-widget elementor-widget-text-editor\" data-id=\"95f1797\" data-element_type=\"widget\" data-e-type=\"widget\" data-widget_type=\"text-editor.default\">\n\t\t\t\t\t\t\t\t\t<p>La cosmogonia heliopolitana situa Atum a l&#8217;origen de l&#8217;Enneadea (grup de nou d\u00e9us). De les aig\u00fces primig\u00e8nies de Nun, on encara no existien ni el temps ni la forma, Atum emergeix sobre el tur\u00f3 primigeni (Tatenen), el primer punt ferm enmig del caos.<\/p><p>Sobre aquest tur\u00f3, Atum duu a terme la creaci\u00f3: als Textos de les Pir\u00e0mides (f\u00f3rmula 527) engendra Shu i Tefnut mitjan\u00e7ant el seu semen, que emet amb la m\u00e0 o que rep en forma de la seva pr\u00f2pia deessa-m\u00e0, \u00abHethemut\u00bb.<\/p><p>En una altra variant (Textos de les Pir\u00e0mides, f\u00f3rmula 600), Atum crea els primers d\u00e9us mitjan\u00e7ant l&#8217;expulsi\u00f3 per la boca: esternuda Shu (l&#8217;aire) i escup Tefnut (la humitat). Ambdues versions coexisteixen sense que la <span class=\"iwg-fachbegriff\" data-tooltip=\"La disciplina cient\u00edfica que estudia D\u00e9u i la fe d'una religi\u00f3.\" tabindex=\"0\">teologia<\/span> eg\u00edpcia intent\u00e9s harmonitzar-les.<\/p>\n<p>De Shu i Tefnut neixen Geb (la terra) i Nut (el cel), de la uni\u00f3 dels quals sorgeixen Osiris, Isis, Set, Nefti i, en algunes llistes, tamb\u00e9 Horus el Vell. Aix\u00ed, Atum esdev\u00e9 el patriarca geneal\u00f2gic de gaireb\u00e9 tots els d\u00e9us principals egipcis.<\/p><p>L&#8217;Enneadea d&#8217;Heli\u00f2polis (el grup de nou d\u00e9us) reuneix Atum, Shu, Tefnut, Geb, Nut, Osiris, Isis, Set i Nefti; constitueix l&#8217;armadura teol\u00f2gica b\u00e0sica de la <span class=\"iwg-fachbegriff\" data-tooltip=\"La disciplina cient\u00edfica que estudia D\u00e9u i la fe d'una religi\u00f3.\" tabindex=\"0\">teologia<\/span> heliopolitana.<\/p><p>La s\u00e8rie de d\u00e9us s&#8217;ha de llegir no nom\u00e9s geneal\u00f2gicament sin\u00f3 tamb\u00e9 c\u00f2smicament: desplega la creaci\u00f3 des de la puresa de l&#8217;\u00e9sser d&#8217;Atum, passant per les forces elementals de la natura, fins a les figures divines que caracteritzen el m\u00f3n hum\u00e0.<\/p>\n<p>\u00c9s notable l&#8217;autosufici\u00e8ncia d&#8217;Atum en la tradici\u00f3 m\u00e9s antiga. A difer\u00e8ncia d&#8217;altres d\u00e9us creadors, Atum no necessita cap parella ni cap mat\u00e8ria preexistent; crea el m\u00f3n a partir de si mateix.<\/p><p>Aquesta idea es desenvolupa filos\u00f2ficament en la <span class=\"iwg-fachbegriff\" data-tooltip=\"La disciplina cient\u00edfica que estudia D\u00e9u i la fe d'una religi\u00f3.\" tabindex=\"0\">teologia<\/span> posterior: els himnes a Atum del Nou Imperi el descriuen com aquell que \u00abs&#8217;ha fet a si mateix\u00bb, que \u00abha sorgit de si mateix\u00bb (kheper-djesef). Aquesta lectura marca les especulacions teol\u00f2giques de l&#8217;\u00e8poca tardana i influeix tamb\u00e9 en les concepcions gn\u00f2stic-cristianes de l&#8217;autogenerador.<\/p>\n<p>En la forma divina unificada Atum-Re, Atum apareix com un aspecte del d\u00e9u sol, concretament com el sol vespert\u00ed que es pon (en contrast amb Khepri com el sol naixent i Re com el sol del migdia).<\/p><p>Aquesta divisi\u00f3 tripartita del cicle solar, tractada extensament a les lletanies solars del Nou Imperi, converteix Atum en el d\u00e9u de la fi del cicle c\u00f2smic, que alhora cont\u00e9 en si mateix el nou principi. Els faraons s&#8217;identificaven especialment en la mort amb Atum, ja que aquest encarnava el pas des de la posta de sol terrenal fins al renaixement en l&#8217;altre m\u00f3n.<\/p>\t\t\t\t\t\t\t\t<\/div>\n\t\t\t\t<\/div>\n\t\t<div class=\"elementor-element elementor-element-f33afe9 e-con-full e-flex e-con e-child\" data-id=\"f33afe9\" data-element_type=\"container\" data-e-type=\"container\">\n\t\t\t\t<div class=\"elementor-element elementor-element-fd5bf22 elementor-widget elementor-widget-heading\" data-id=\"fd5bf22\" data-element_type=\"widget\" data-e-type=\"widget\" data-widget_type=\"heading.default\">\n\t\t\t\t\t<h2 class=\"elementor-heading-title elementor-size-default\">S\u00edmbols, iconografia i atributs<\/h2>\t\t\t\t<\/div>\n\t\t\t\t<div class=\"elementor-element elementor-element-a29c4e2 elementor-widget elementor-widget-text-editor\" data-id=\"a29c4e2\" data-element_type=\"widget\" data-e-type=\"widget\" data-widget_type=\"text-editor.default\">\n\t\t\t\t\t\t\t\t\t<p>Atum se sol representar com un home amb la corona doble (pschent), que simbolitza la uni\u00f3 de l&#8217;Alt i el Baix Egipte. Aquesta corona \u00e9s un atribut reial i subratlla la funci\u00f3 d&#8217;Atum com a rei primordial i patriarca de la dignitat fara\u00f2nica.<\/p><p>Tamb\u00e9 pot apar\u00e8ixer amb el <span class=\"iwg-fachbegriff\" data-tooltip=\"L'escarabat pilotaire com a s\u00edmbol de l'antic Egipte per al devenir i la renovaci\u00f3.\" tabindex=\"0\">escarabat<\/span> al cap, amb el disc solar o amb la corona atef. En forma antropomorfa, el seu rostre \u00e9s habitualment lampinya i juvenil, cosa que contrasta amb la idea de l&#8217;Atum \u00abvell\u00bb, que encarna el sol vespert\u00ed.<\/p>\n<p>El seu animal sagrat \u00e9s la serp. Al Llibre dels Morts (f\u00f3rmula 175), Atum declara: \u00abFar\u00e9 tornar el m\u00f3n a les aig\u00fces primordials, i nom\u00e9s jo i Osiris quedarem, com dues serps que cap home ni cap d\u00e9u coneixer\u00e0\u00bb.<\/p><p>Aquesta visi\u00f3 escatol\u00f2gica presenta la serp com a <span class=\"iwg-fachbegriff\" data-tooltip=\"Un signe que representa una idea o un significat.\" tabindex=\"0\">s\u00edmbol<\/span> de l&#8217;estat primordial indiferenciat. A m\u00e9s, l&#8217;icneum\u00f3 (rata fara\u00f3) \u00e9s un animal sagrat d&#8217;Atum, ja que mata les serps que encarnen amenaces semblants a Apofis.<\/p>\n<p>El principal s\u00edmbol de culte d&#8217;Atum \u00e9s la pedra benben d&#8217;Heli\u00f2polis, una pedra piramidal o c\u00f2nica que encarnava el tur\u00f3 primordial.<\/p><p>De la benben van sorgir la forma posterior de les pir\u00e0mides de les tombes reials i els obeliscs; cada piramidi\u00f3 (cim de pir\u00e0mide) \u00e9s simb\u00f2licament una pedra benben, que encarna l&#8217;ascens al cel i la trobada amb Atum-Ra. La mateixa Heli\u00f2polis es designava en escriptura jerogl\u00edfica amb el signe del benben.<\/p>\n<p>S&#8217;han conservat imatges pl\u00e0stiques d&#8217;Atum de totes les \u00e8poques de la religi\u00f3 eg\u00edpcia. Del Regne Nou prov\u00e9 una famosa est\u00e0tua de quarsita de Tutankamon, en la qual el jove rei es representa amb la corona d&#8217;Atum; del per\u00edode tard\u00e0 s&#8217;han conservat nombroses petites est\u00e0tues de bronze amb Atum.<\/p><p>A les parets dels temples de l&#8217;\u00e8poca ram\u00e8ssida, especialment a Karnak i Abidos, Atum apareix regularment entre les files de d\u00e9us que coronen el rei o li lliuren el signe de vida \u00abanj\u00bb. A Deir el-Bahari, Hatxepsut va dotar el <span class=\"iwg-fachbegriff\" data-tooltip=\"El conjunt d'actes de veneraci\u00f3 religiosa dedicats a una divinitat o figura sagrada.\" tabindex=\"0\">culte<\/span> d&#8217;Atum-Ra amb impressionants programes iconogr\u00e0fics que legitimaven la seva pr\u00f2pia creaci\u00f3 per part d&#8217;Amon-Atum.<\/p>\t\t\t\t\t\t\t\t<\/div>\n\t\t\t\t<\/div>\n\t\t<div class=\"elementor-element elementor-element-f518c57 e-con-full e-flex e-con e-child\" data-id=\"f518c57\" data-element_type=\"container\" data-e-type=\"container\">\n\t\t\t\t<div class=\"elementor-element elementor-element-93f90a1 elementor-widget elementor-widget-heading\" data-id=\"93f90a1\" data-element_type=\"widget\" data-e-type=\"widget\" data-widget_type=\"heading.default\">\n\t\t\t\t\t<h2 class=\"elementor-heading-title elementor-size-default\">Culte i veneraci\u00f3<\/h2>\t\t\t\t<\/div>\n\t\t\t\t<div class=\"elementor-element elementor-element-386b226 elementor-widget elementor-widget-text-editor\" data-id=\"386b226\" data-element_type=\"widget\" data-e-type=\"widget\" data-widget_type=\"text-editor.default\">\n\t\t\t\t\t\t\t\t\t<p>Heli\u00f2polis (en egipci Iunu, que significa \u00abciutat de les columnes\u00bb o \u00abciutat dels pilars\u00bb) va ser el principal centre de culte d&#8217;Atum. La ciutat es trobava a uns deu quil\u00f2metres al nord-est de l&#8217;actual el Caire i, des de la unificaci\u00f3 d&#8217;Egipte, va ser una de les ciutats teol\u00f2gicament m\u00e9s importants del pa\u00eds.<\/p><p>Aqu\u00ed s&#8217;hi trobava el gran <span class=\"iwg-fachbegriff\" data-tooltip=\"Un edifici destinat a la veneraci\u00f3 d'una o diverses divinitats.\" tabindex=\"0\">temple<\/span> d&#8217;Atum-Ra amb la pedra benben, l&#8217;arbre sagrat perseia i la barca solar, que representava l&#8217;aparici\u00f3 i desaparici\u00f3 di\u00e0ria del sol. El sacerdoci d&#8217;Heli\u00f2polis, encap\u00e7alat pel Gran Sacerdot (anomenat \u00abGran dels Videnst\u00bb), era el m\u00e9s erudit de la religi\u00f3 eg\u00edpcia; les seves especulacions teol\u00f2giques van influir en tot el pa\u00eds.<\/p>\n<p>En el ritual diari del temple d&#8217;Atum, al mat\u00ed es feia el \u00abdespertar\u00bb de la imatge divina mitjan\u00e7ant encens, <span class=\"iwg-fachbegriff\" data-tooltip=\"El vessament d'un l\u00edquid com a ofrena a una divinitat.\" tabindex=\"0\">libaci\u00f3<\/span> i recitaci\u00f3 d&#8217;himnes. Durant el dia s&#8217;oferien els sacrificis diaris d&#8217;aliments; al vespre, la imatge divina es posava a descansar de manera <span class=\"iwg-fachbegriff\" data-tooltip=\"Que forma part d'una seq\u00fc\u00e8ncia d'actes religiosos establerta.\" tabindex=\"0\">ritual<\/span> i se segellava el santuari.<\/p><p>En festes especials, com el jubileu reial (festa sed) i la festa de Cap d&#8217;Any, la imatge d&#8217;Atum es treia del santuari i es portava en <span class=\"iwg-fachbegriff\" data-tooltip=\"Una desfilada religiosa solemne.\" tabindex=\"0\">process\u00f3<\/span> pels patis del temple. Aquestes processons eren p\u00fabliques i permetien a la poblaci\u00f3 de la ciutat participar en un <span class=\"iwg-fachbegriff\" data-tooltip=\"El conjunt d'actes de veneraci\u00f3 religiosa dedicats a una divinitat o figura sagrada.\" tabindex=\"0\">culte<\/span> que normalment era reservat als sacerdots.<\/p>\n<p>La festa principal d&#8217;Atum era la festa de \u00abWepet-Renpet\u00bb, el Cap d&#8217;Any, que marcava l&#8217;inici de la crescuda del Nil. Atum rebia la vespra de l&#8217;any nou les prim\u00edcies, ja que, com a creador, era tamb\u00e9 qui renovava el cicle anual.<\/p><p>Inscripcions al <span class=\"iwg-fachbegriff\" data-tooltip=\"Un edifici destinat a la veneraci\u00f3 d'una o diverses divinitats.\" tabindex=\"0\">temple<\/span> de Karnak i als temples funeraris ram\u00e8ssides documenten aquests ritus amb detall. En el \u00ab<span class=\"iwg-fachbegriff\" data-tooltip=\"Una seq\u00fc\u00e8ncia regulada d'accions simb\u00f2liques amb significat religi\u00f3s o cultural.\" tabindex=\"0\">ritual<\/span> del rei de mans d&#8217;Atum\u00bb (Papir de Berl\u00edn 3055) es transmet \u00edntegrament la seq\u00fc\u00e8ncia lit\u00fargica; va servir al fara\u00f3 com a model del seu propi ritual quotidi\u00e0 al temple.<\/p>\n<p>Fora d&#8217;Heli\u00f2polis, el <span class=\"iwg-fachbegriff\" data-tooltip=\"El conjunt d'actes de veneraci\u00f3 religiosa dedicats a una divinitat o figura sagrada.\" tabindex=\"0\">culte<\/span> d&#8217;Atum era present en molts llocs, per\u00f2 gaireb\u00e9 sempre com a aspecte d&#8217;altres divinitats principals. A Tebes es venerava Amon-Atum, i a Karnak tota l&#8217;Enneada, incl\u00f2s Atum, s&#8217;incorporava al calendari de festes. A Memfis, Ptah-Atum era una important vinculaci\u00f3 teol\u00f2gica que combinava el concepte de Ptah com a intel\u00b7lecte amb el concepte d&#8217;Atum com a autosufici\u00e8ncia.<\/p><p>El fam\u00f3s text de la \u00ab<span class=\"iwg-fachbegriff\" data-tooltip=\"La doctrina cient\u00edfica sobre D\u00e9u i sobre la fe d'una religi\u00f3.\" tabindex=\"0\">Teologia<\/span> Memfita\u00bb (a la Pedra de Shabaka, avui a Londres) formula la reflexi\u00f3 teol\u00f2gica segons la qual Ptah havia realitzat mitjan\u00e7ant l&#8217;intel\u00b7lecte i la paraula tot all\u00f2 que Atum havia realitzat mitjan\u00e7ant el seu semen; una variant filos\u00f2ficament sofisticada de la teologia de la creaci\u00f3.<\/p>\t\t\t\t\t\t\t\t<\/div>\n\t\t\t\t<\/div>\n\t\t<div class=\"elementor-element elementor-element-049a490 e-con-full e-flex e-con e-child\" data-id=\"049a490\" data-element_type=\"container\" data-e-type=\"container\">\n\t\t\t\t<div class=\"elementor-element elementor-element-57bb878 elementor-widget elementor-widget-heading\" data-id=\"57bb878\" data-element_type=\"widget\" data-e-type=\"widget\" data-widget_type=\"heading.default\">\n\t\t\t\t\t<h2 class=\"elementor-heading-title elementor-size-default\">Santuaris i temples importants<\/h2>\t\t\t\t<\/div>\n\t\t\t\t<div class=\"elementor-element elementor-element-76f48b4 elementor-widget elementor-widget-text-editor\" data-id=\"76f48b4\" data-element_type=\"widget\" data-e-type=\"widget\" data-widget_type=\"text-editor.default\">\n\t\t\t\t\t\t\t\t\t<p>El <span class=\"iwg-fachbegriff\" data-tooltip=\"Un edifici que serveix per venerar una o diverses divinitats.\" tabindex=\"0\">temple<\/span> d&#8217;Atum-Ra a Heli\u00f2polis era un dels edificis sagrats m\u00e9s grans d&#8217;Egipte, per\u00f2 pr\u00e0cticament no n&#8217;ha quedat res. La ciutat va ser abandonada en \u00e8poca romana i durant l&#8217;edat mitjana es va utilitzar com a pedrera per a la construcci\u00f3 de la propera El Caire; nom\u00e9s han perdurat alguns obeliscs (Sesostris I a Matariya) i restes dels murs del temple.<\/p><p>Estrab\u00f3 (XVII, 1, 27 a 30) descriu la seva visita a Heli\u00f2polis al segle I abans de Crist i dona un breu relat del <span class=\"iwg-fachbegriff\" data-tooltip=\"Un edifici que serveix per venerar una o diverses divinitats.\" tabindex=\"0\">temple<\/span>; en aquella \u00e8poca el <span class=\"iwg-fachbegriff\" data-tooltip=\"Un lloc sagrat dedicat a la veneraci\u00f3 d'una divinitat.\" tabindex=\"0\">santuari<\/span> ja estava descuidat, per\u00f2 encara era visible.<\/p>\n<p>Es troben capelles importants dedicades a Atum a Karnak (al pati del temple d&#8217;Amon), al temple funerari de Hatshepsut a Deir el-Bahari, al <span class=\"iwg-fachbegriff\" data-tooltip=\"Un edifici que serveix per venerar una o diverses divinitats.\" tabindex=\"0\">temple<\/span> de Rams\u00e8s II a Abidos i al <span class=\"iwg-fachbegriff\" data-tooltip=\"Un edifici que serveix per venerar una o diverses divinitats.\" tabindex=\"0\">temple<\/span> de la festa Sed d&#8217;Amenofis III a Malkata.<\/p><p>La majoria dels temples funeraris ram\u00e8ssides a la riba occidental de Tebes (el Ramesseum, Medinet Habu, el <span class=\"iwg-fachbegriff\" data-tooltip=\"Un edifici que serveix per venerar una o diverses divinitats.\" tabindex=\"0\">temple<\/span> de Seti I) tenen capelles d&#8217;Atum, on el rei difunt s&#8217;unia amb Atum-Ra.<\/p>\n<p>A Abu Simbel, Atum figura entre els quatre d\u00e9us principals del gran temple (Amon-Ra, Ra-Horakhty, Ptah, aix\u00ed com el mateix Rams\u00e8s II); Atum hi apareix com a part de l&#8217;apoteosi reial. A Deir el-Medina, el poble dels treballadors de les tombes reials, hi ha petits santuaris privats on Atum-Ra rebia invocacions al costat d&#8217;Amon i Ptah.<\/p><p>Els santuaris d&#8217;Atum al desert L\u00edbic (Bahariya, Kharga, Dakhla) estan documentats en \u00e8poca tardana. Al <span class=\"iwg-fachbegriff\" data-tooltip=\"Un edifici que serveix per venerar una o diverses divinitats.\" tabindex=\"0\">temple<\/span> d&#8217;Hibis a l&#8217;oasi de Kharga, Atum hi \u00e9s representat de manera destacada com a part dels programes iconogr\u00e0fics teol\u00f2gics.<\/p>\t\t\t\t\t\t\t\t<\/div>\n\t\t\t\t<\/div>\n\t\t<div class=\"elementor-element elementor-element-f4a3fcf e-con-full e-flex e-con e-child\" data-id=\"f4a3fcf\" data-element_type=\"container\" data-e-type=\"container\">\n\t\t\t\t<div class=\"elementor-element elementor-element-bf69d58 elementor-widget elementor-widget-heading\" data-id=\"bf69d58\" data-element_type=\"widget\" data-e-type=\"widget\" data-widget_type=\"heading.default\">\n\t\t\t\t\t<h2 class=\"elementor-heading-title elementor-size-default\">Relats m\u00edtics<\/h2>\t\t\t\t<\/div>\n\t\t\t\t<div class=\"elementor-element elementor-element-8cfda27 elementor-widget elementor-widget-text-editor\" data-id=\"8cfda27\" data-element_type=\"widget\" data-e-type=\"widget\" data-widget_type=\"text-editor.default\">\n\t\t\t\t\t\t\t\t\t<p>El <span class=\"iwg-fachbegriff\" data-tooltip=\"Un relat transm\u00e8s sobre d\u00e9us, or\u00edgens i l'ordre del m\u00f3n.\" tabindex=\"0\">mite<\/span> central d&#8217;Atum \u00e9s el de la seva autocreaci\u00f3. Als Textos de les Pir\u00e0mides (f\u00f3rmules 527 i 600) la hist\u00f2ria es narra en dues variants. En la primera, Atum, tot sol sobre el tur\u00f3 primigeni, emet el seu semen a la seva m\u00e0, que es personifica com la deessa Hethemut o Iusaas; d&#8217;aquesta taca de semen neixen Xu i Tefnut.<\/p><p>En la segona variant, Atum escup els dos d\u00e9us, i el joc de paraules egipci entre \u00abescopir\u00bb (techech) i Tefnut, i entre \u00abesternudar\u00bb (ischesch) i Xu, es fa evident; els d\u00e9us sorgeixen aix\u00ed dels verbs mitjan\u00e7ant onomatopeia. Ambdues variants reflecteixen la idea eg\u00edpcia que la creaci\u00f3 \u00e9s un acte corporal, no un proc\u00e9s abstracte o espiritual.<\/p>\n<p>Un altre relat descriu la recerca que fa Atum dels seus fills perduts, Xu i Tefnut. En un temps m\u00edtic primordial, els dos d\u00e9us van desapar\u00e8ixer en l&#8217;aigua primig\u00e8nia de Nun; Atum va enviar el seu ull (l&#8217;Ull-Ull o l&#8217;Ull d&#8217;Ureh) a buscar-los. Mentre l&#8217;ull era fora, Atum es va crear un nou ull.<\/p><p>Quan l&#8217;ull antic va tornar amb els fills trobats, va trobar el nou ull al seu lloc i es va enfurir. Atum va calmar l&#8217;ull col\u00b7locant-lo al front en forma de serp uraeus; de les ll\u00e0grimes de l&#8217;ull van n\u00e9ixer els primers humans.<\/p><p>Aquest relat m\u00edtic, transm\u00e8s en diversos textos tardans, estableix la relaci\u00f3 entre l&#8217;ull div\u00ed i la serp uraeus, i alhora explica l&#8217;origen del g\u00e8nere hum\u00e0.<\/p>\n<p>Al Llibre dels Morts (f\u00f3rmula 175) hi trobem una visi\u00f3 escatol\u00f2gica: Atum anuncia que, despr\u00e9s de llargues \u00e8poques, el m\u00f3n creat tornar\u00e0 a l&#8217;aigua primig\u00e8nia de Nun; nom\u00e9s Atum mateix i Osiris romandran, en forma de serp.<\/p><p>Aquesta idea d&#8217;un retorn c\u00edclic-escatol\u00f2gic del m\u00f3n al caos t\u00e9 una gran rellev\u00e0ncia en la hist\u00f2ria de les religions i mostra una parentela estructural amb el concepte hind\u00fa del pralaya i amb concepcions apocal\u00edptiques posteriors.<\/p>\n<p>En el cicle solar diari, Atum assumeix el paper del sol vespert\u00ed. Amb la seva entrada al m\u00f3n subterrani comen\u00e7a el viatge nocturn de la barca solar, que travessa el regne dels morts en dotze trams horaris.<\/p><p>Aquest viatge es descriu detalladament als \u00abLlibres de les Portes\u00bb i a l&#8217;\u00abAmduat\u00bb (el \u00abLlibre del que hi ha al m\u00f3n subterrani\u00bb). Atum, representat com un home vell amb bast\u00f3 i esquena corbada, puja a la barca i \u00e9s condu\u00eft a trav\u00e9s de la nit fins a la seva ressurrecci\u00f3 matinal com a Khepri.<\/p>\t\t\t\t\t\t\t\t<\/div>\n\t\t\t\t<\/div>\n\t\t<div class=\"elementor-element elementor-element-f432fbe e-con-full e-flex e-con e-child\" data-id=\"f432fbe\" data-element_type=\"container\" data-e-type=\"container\">\n\t\t\t\t<div class=\"elementor-element elementor-element-4c63116 elementor-widget elementor-widget-heading\" data-id=\"4c63116\" data-element_type=\"widget\" data-e-type=\"widget\" data-widget_type=\"heading.default\">\n\t\t\t\t\t<h2 class=\"elementor-heading-title elementor-size-default\">Relacions dins el pante\u00f3<\/h2>\t\t\t\t<\/div>\n\t\t\t\t<div class=\"elementor-element elementor-element-4c52982 elementor-widget elementor-widget-text-editor\" data-id=\"4c52982\" data-element_type=\"widget\" data-e-type=\"widget\" data-widget_type=\"text-editor.default\">\n\t\t\t\t\t\t\t\t\t<p>Atum \u00e9s, geneal\u00f2gicament i teol\u00f2gicament, el patriarca del pante\u00f3 heliopolit\u00e0. Amb Xu i Tefnut mant\u00e9 una relaci\u00f3 de pare i fills; en una variant apareixen com les seves mans, que assoleixen exist\u00e8ncia pr\u00f2pia.<\/p><p>Amb Re forma la forma doble Atum-Re, en la qual el sol vespert\u00ed i el sol di\u00fcrn es fusionen teol\u00f2gicament. Amb Khepri i Re es dona la figura tr\u00edada del cicle solar: Khepri (sol del mat\u00ed), Re (sol del migdia), Atum (sol del vespre).<\/p>\n<p>Amb Amon, a Tebes, Atum es fon en Amon-Atum, una forma que va adquirir rellev\u00e0ncia teol\u00f2gica en \u00e8poca ram\u00e8ssida.<\/p><p>Amb Ptah, a Memfis, existeix una relaci\u00f3 filos\u00f2fica dins la \u00ab<span class=\"iwg-fachbegriff\" data-tooltip=\"La doctrina cient\u00edfica sobre D\u00e9u i sobre la fe d'una religi\u00f3.\" tabindex=\"0\">teologia<\/span> memfita\u00bb: Ptah pensa i pronuncia all\u00f2 que Atum despr\u00e9s executa creativament; aquesta lectura converteix Atum en l&#8217;aspecte executor d&#8217;una creaci\u00f3 concebuda per Ptah. Amb Khnum, a Esna, hi ha una complementarietat semblant; Khnum dona forma als \u00e9ssers vius, i Atum els porta a l&#8217;exist\u00e8ncia.<\/p>\n<p>Amb Osiris, Atum mant\u00e9 una relaci\u00f3 escatol\u00f2gica que s&#8217;expressa al Llibre dels Morts: tots dos s\u00f3n presentats com els \u00fanics d\u00e9us que romandran al final del m\u00f3n, en forma de serp. Aquesta configuraci\u00f3 fa d&#8217;Atum el d\u00e9u del principi i el final c\u00f2smics, i d&#8217;Osiris el d\u00e9u del regne del m\u00f3n subterrani.<\/p><p>Amb el rei (fara\u00f3) hi ha una relaci\u00f3 especial: en la seva coronaci\u00f3, el fara\u00f3 s&#8217;identifica amb Atum; en la seva mort, \u00e9s incorporat com Atum-Re al cicle solar. Aquesta identificaci\u00f3 ritual constitueix el nucli de la teologia reial eg\u00edpcia.<\/p>\t\t\t\t\t\t\t\t<\/div>\n\t\t\t\t<\/div>\n\t\t<div class=\"elementor-element elementor-element-aa28b21 e-con-full e-flex e-con e-child\" data-id=\"aa28b21\" data-element_type=\"container\" data-e-type=\"container\">\n\t\t\t\t<div class=\"elementor-element elementor-element-5a347e0 elementor-widget elementor-widget-heading\" data-id=\"5a347e0\" data-element_type=\"widget\" data-e-type=\"widget\" data-widget_type=\"heading.default\">\n\t\t\t\t\t<h2 class=\"elementor-heading-title elementor-size-default\">Recepci\u00f3<\/h2>\t\t\t\t<\/div>\n\t\t\t\t<div class=\"elementor-element elementor-element-a562a54 elementor-widget elementor-widget-text-editor\" data-id=\"a562a54\" data-element_type=\"widget\" data-e-type=\"widget\" data-widget_type=\"text-editor.default\">\n\t\t\t\t\t\t\t\t\t<p>En l&#8217;<span class=\"iwg-fachbegriff\" data-tooltip=\"\u00c8poca de la cultura grega i romana, aproximadament entre el 800 a.C. i el 600 d.C.\" tabindex=\"0\">Antiguitat<\/span> grecoromana, Atum era generalment equiparat a H\u00e8lios o Apol\u00b7lo, i de vegades tamb\u00e9 a Saturn, perqu\u00e8 Atum \u00e9s \u00abel Vell\u00bb. Plutarc (\u00abDe Iside et Osiride\u00bb 12 i 73) tracta la <span class=\"iwg-fachbegriff\" data-tooltip=\"La doctrina cient\u00edfica sobre D\u00e9u i sobre la fe d'una religi\u00f3.\" tabindex=\"0\">teologia<\/span> heliopolitana i identifica Atum amb el \u00abGeron\u00bb grec, el Vell.<\/p><p>L&#8217;hermetisme hel\u00b7len\u00edstic va emprar conceptes d&#8217;Atum en les seves especulacions sobre l&#8217;\u00abautogenes theos\u00bb, el \u00abd\u00e9u autogenerat\u00bb. Aquesta interpretaci\u00f3 marca el \u00abCorpus Hermeticum\u00bb i, a trav\u00e9s d&#8217;ell, la <span class=\"iwg-fachbegriff\" data-tooltip=\"La doctrina cient\u00edfica sobre D\u00e9u i sobre la fe d'una religi\u00f3.\" tabindex=\"0\">teologia<\/span> cristiano-gn\u00f2stica de l&#8217;<span class=\"iwg-fachbegriff\" data-tooltip=\"\u00c8poca de transici\u00f3 entre l'Antiguitat i l'edat mitjana, aproximadament entre els segles III i VII.\" tabindex=\"0\">Antiguitat tardana<\/span>.<\/p>\n<p>Amb la fi del culte pag\u00e0 als temples, als segles cinqu\u00e8 i sis\u00e8 de l&#8217;era cristiana, va desapar\u00e8ixer el <span class=\"iwg-fachbegriff\" data-tooltip=\"El conjunt d'actes de veneraci\u00f3 religiosa dedicats a una divinitat o figura sagrada.\" tabindex=\"0\">culte<\/span> pr\u00e0ctic a Atum. Tanmateix, la tradici\u00f3 copta va conservar alguns conceptes teol\u00f2gics, com la idea del d\u00e9u autogenerat, que es fa visible en la cristologia coptocristiana.<\/p><p>A l&#8217;edat mitjana, viatgers \u00e0rabs van descriure les ru\u00efnes abandonades dels temples d&#8217;Heli\u00f2polis; la majoria d&#8217;obeliscs van ser transportats amb el temps a Roma (avui al Later\u00e0 i a la Piazza del Popolo) o a Constantinoble.<\/p>\n<p>La redescoberta moderna del culte a Atum comen\u00e7a amb els cient\u00edfics napole\u00f2nics i amb el desxiframent dels jerogl\u00edfics per Champollion. Al segle dinou, Lepsius va documentar els programes iconogr\u00e0fics d&#8217;Atum; al segle vint, James Henry Breasted, Henri Frankfort i Erik Hornung van exposar sistem\u00e0ticament la profunditat teol\u00f2gica de la cosmogonia heliopolitana.<\/p><p>En la investigaci\u00f3 m\u00e9s recent de Jan Assmann (\u00ab<span class=\"iwg-fachbegriff\" data-tooltip=\"La doctrina cient\u00edfica sobre D\u00e9u i sobre la fe d'una religi\u00f3.\" tabindex=\"0\">Teologia<\/span> i <span class=\"iwg-fachbegriff\" data-tooltip=\"L'actitud i la pr\u00e0ctica religiosa viscuda per una persona.\" tabindex=\"0\">pietat<\/span>\u00bb, 1984) i James P. Allen (\u00abGenesis in Egypt\u00bb, 1988), Atum ha estat tractat com a figura central de la \u00abteologia pregestacional\u00bb eg\u00edpcia. En l&#8217;<span class=\"iwg-fachbegriff\" data-tooltip=\"Terme gen\u00e8ric per a doctrines que reclamen un coneixement ocult, accessible nom\u00e9s als iniciats.\" tabindex=\"0\">esoterisme<\/span> modern i en la literatura New Age, Atum apareix com a arquetip de la \u00abconsci\u00e8ncia autogenerada\u00bb, una lectura que es recolza en la tradici\u00f3 hermetico-gn\u00f2stica.<\/p>\t\t\t\t\t\t\t\t<\/div>\n\t\t\t\t<\/div>\n\t\t<div class=\"elementor-element elementor-element-0ac60ea e-con-full e-flex e-con e-child\" data-id=\"0ac60ea\" data-element_type=\"container\" data-e-type=\"container\">\n\t\t\t\t<div class=\"elementor-element elementor-element-ee7888d elementor-widget elementor-widget-heading\" data-id=\"ee7888d\" data-element_type=\"widget\" data-e-type=\"widget\" data-widget_type=\"heading.default\">\n\t\t\t\t\t<h2 class=\"elementor-heading-title elementor-size-default\">Classificaci\u00f3 dins la ci\u00e8ncia de la religi\u00f3<\/h2>\t\t\t\t<\/div>\n\t\t\t\t<div class=\"elementor-element elementor-element-a7006bf elementor-widget elementor-widget-text-editor\" data-id=\"a7006bf\" data-element_type=\"widget\" data-e-type=\"widget\" data-widget_type=\"text-editor.default\">\n\t\t\t\t\t\t\t\t\t<p>Atum pertany a la categoria dels d\u00e9us creadors que creen mitjan\u00e7ant l&#8217;autogeneraci\u00f3. Aquesta idea \u00e9s notable des del punt de vista de la hist\u00f2ria de les religions: mentre que la majoria de religions politeistes descriuen la creaci\u00f3 mitjan\u00e7ant lluita, uni\u00f3 o treball artesanal, la <span class=\"iwg-fachbegriff\" data-tooltip=\"La doctrina cient\u00edfica sobre D\u00e9u i sobre la fe d'una religi\u00f3.\" tabindex=\"0\">teologia<\/span> heliopolitana eg\u00edpcia coneix el creador que sorgeix de si mateix.<\/p><p>Nom\u00e9s unes poques altres idees s\u00f3n comparables: el Praj\u0101pati hind\u00fa, el Hira\u1e47yagarbha v\u00e8dic (l&#8217;\u00abou daurat\u00bb) i, de manera limitada, tamb\u00e9 l&#8217;Autogenes gn\u00f2stic.<\/p>\n<p>La reflexi\u00f3 teol\u00f2gica sobre Atum va assolir els seus punts culminants especialment en l&#8217;\u00e8poca tardana. Els himnes d&#8217;Esna, la <span class=\"iwg-fachbegriff\" data-tooltip=\"La doctrina cient\u00edfica sobre D\u00e9u i sobre la fe d'una religi\u00f3.\" tabindex=\"0\">teologia<\/span> de Memfis i els himnes dels temples d&#8217;Edfu i Dendara tracten els aspectes paradoxals del creador: es troba en les aig\u00fces primordials i alhora n&#8217;\u00e9s diferent, \u00e9s sol i alhora pare d&#8217;una enn\u00e8ada divina, \u00e9s vell i etern al mateix temps.<\/p><p>Aquesta profunditat filos\u00f2fica converteix el discurs egipci sobre la creaci\u00f3 en un dels m\u00e9s refinats de la hist\u00f2ria de les religions antigues, i col\u00b7loca el pensament egipci al mateix nivell que la filosofia grega i \u00edndia.<\/p>\n<p>Henri Frankfort va veure en Atum el \u00abd\u00e9u suprem\u00bb de la religi\u00f3 eg\u00edpcia, una lectura que Hornung va relativitzar m\u00e9s tard: Atum no \u00e9s l&#8217;\u00fanic ni el m\u00e9s alt dels d\u00e9us, sin\u00f3 una manifestaci\u00f3 del principi div\u00ed que es presenta amb molts noms i formes. Jan Assmann, a \u00abEgipte.<\/p><p><span class=\"iwg-fachbegriff\" data-tooltip=\"La doctrina cient\u00edfica sobre D\u00e9u i sobre la fe d'una religi\u00f3.\" tabindex=\"0\">Teologia<\/span> i <span class=\"iwg-fachbegriff\" data-tooltip=\"L'actitud i la pr\u00e0ctica religiosa viscuda per una persona.\" tabindex=\"0\">pietat<\/span>\u00bb (1984), va analitzar la \u00abnova teologia solar\u00bb del Regne Nou, en la qual Atum, Ra i Khepri s&#8217;uneixen en tres aspectes d&#8217;un \u00fanic \u00e9sser solar; aquesta lectura prepara la <span class=\"iwg-fachbegriff\" data-tooltip=\"L'actitud i la pr\u00e0ctica religiosa viscuda per una persona.\" tabindex=\"0\">pietat<\/span> monol\u00e0trica de l&#8217;\u00e8poca d&#8217;Amarna sota Akhenaton i t\u00e9 una relaci\u00f3 estructural amb el posterior <span class=\"iwg-fachbegriff\" data-tooltip=\"La creen\u00e7a en un \u00fanic d\u00e9u.\" tabindex=\"0\">monoteisme<\/span> b\u00edblic.<\/p>\t\t\t\t\t\t\t\t<\/div>\n\t\t\t\t<\/div>\n\t\t<div class=\"elementor-element elementor-element-c841e62 e-con-full e-flex e-con e-child\" data-id=\"c841e62\" data-element_type=\"container\" data-e-type=\"container\">\n\t\t\t\t<div class=\"elementor-element elementor-element-049c634 elementor-widget elementor-widget-heading\" data-id=\"049c634\" data-element_type=\"widget\" data-e-type=\"widget\" data-widget_type=\"heading.default\">\n\t\t\t\t\t<h2 class=\"elementor-heading-title elementor-size-default\">Fonts<\/h2>\t\t\t\t<\/div>\n\t\t\t\t<div class=\"elementor-element elementor-element-8498c51 elementor-widget elementor-widget-text-editor\" data-id=\"8498c51\" data-element_type=\"widget\" data-e-type=\"widget\" data-widget_type=\"text-editor.default\">\n\t\t\t\t\t\t\t\t\t<div data-nosnippet=\"true\"><p>Textos de les pir\u00e0mides, f\u00f3rmula 527 (autocreaci\u00f3), f\u00f3rmula 600 (Shu i Tefnut), f\u00f3rmula 587. Textos dels sarc\u00f2fags i Llibre dels morts, especialment les f\u00f3rmules 17, 78 i 175. <span class=\"iwg-fachbegriff\" data-tooltip=\"La doctrina cient\u00edfica sobre D\u00e9u i sobre la fe d'una religi\u00f3.\" tabindex=\"0\">Teologia<\/span> m\u00e8nfita (Pedra de Shabaka, British Museum EA 498), edici\u00f3 de James H. Breasted. Inscripcions del temple d&#8217;Esna, edici\u00f3 de Sauneron. \u00abLlibre de les portes\u00bb i \u00abAmduat\u00bb de les tombes reials de la Vall dels Reis, edici\u00f3 d&#8217;Hornung.<\/p><p>Estrab\u00f3, \u00abGeographika\u00bb XVII, 1, 27-30; Plutarc, \u00abDe Iside et Osiride\u00bb 12, 73. Henri Frankfort, \u00abKingship and the Gods\u00bb, Chicago 1948. Erik Hornung, \u00abDer Eine und die Vielen\u00bb, Darmstadt 1971. James P. Allen, \u00abGenesis in Egypt.<\/p><p>The Philosophy of Ancient Egyptian Creation Accounts\u00bb, New Haven 1988. Jan Assmann, \u00ab\u00c4gypten. <span class=\"iwg-fachbegriff\" data-tooltip=\"La doctrina cient\u00edfica sobre D\u00e9u i sobre la fe d'una religi\u00f3.\" tabindex=\"0\">Teologia<\/span> und <span class=\"iwg-fachbegriff\" data-tooltip=\"L'actitud i la pr\u00e0ctica religiosa viscuda per una persona.\" tabindex=\"0\">Fr\u00f6mmigkeit<\/span> einer fr\u00fchen Hochkultur\u00bb, Stuttgart 1984.<\/p><\/div>\t\t\t\t\t\t\t\t<\/div>\n\t\t\t\t<\/div>\n\t\t\t\t\t<\/div>\n\t\t\t\t<\/div>\n\t\t\t\t<\/div>\n\t\t","protected":false},"excerpt":{"rendered":"","protected":false},"author":3,"featured_media":3203,"parent":0,"menu_order":0,"comment_status":"closed","ping_status":"closed","template":"elementor_header_footer","meta":{"_yoast_wpseo_focuskw":"Atum","_yoast_wpseo_title":"Atum \u2013 D\u00e9u creador egipci d'Heli\u00f2polis | iWell Guard","_yoast_wpseo_metadesc":"Atum \u00e9s el d\u00e9u creador egipci d'Heli\u00f2polis, pare de l'Enneadea i avantpassat primigeni del pante\u00f3.","_yoast_wpseo_meta-robots-noindex":"","_yoast_wpseo_canonical":"","_angie_page":false,"gefaehrdungsstufe":"","wesen_kultur":"","wesen_klasse":"","footnotes":""},"categories":[],"class_list":["post-171805","page","type-page","status-publish","has-post-thumbnail","hentry"],"yoast_head":"<!-- This site is optimized with the Yoast SEO Premium plugin v27.7 (Yoast SEO v28.3) - https:\/\/yoast.com\/product\/yoast-seo-premium-wordpress\/ -->\n<title>Atum \u2013 D\u00e9u creador egipci d&#039;Heli\u00f2polis | iWell Guard<\/title>\n<meta name=\"description\" content=\"Atum \u00e9s el d\u00e9u creador egipci d&#039;Heli\u00f2polis, pare de l&#039;Enneadea i avantpassat primigeni del pante\u00f3.\" \/>\n<meta name=\"robots\" content=\"index, follow, max-snippet:-1, max-image-preview:large, max-video-preview:-1\" \/>\n<link rel=\"canonical\" href=\"https:\/\/iwell-guard.com\/ca\/atum\/\" \/>\n<meta property=\"og:locale\" content=\"ca_ES\" \/>\n<meta property=\"og:type\" content=\"article\" \/>\n<meta property=\"og:title\" content=\"Atum\" \/>\n<meta property=\"og:description\" content=\"Atum \u00e9s el d\u00e9u creador egipci d&#039;Heli\u00f2polis, pare de l&#039;Enneadea i avantpassat primigeni del pante\u00f3.\" \/>\n<meta property=\"og:url\" content=\"https:\/\/iwell-guard.com\/ca\/atum\/\" \/>\n<meta property=\"og:site_name\" content=\"iWell Guard\" \/>\n<meta property=\"article:modified_time\" content=\"2026-09-05T16:07:39+00:00\" \/>\n<meta property=\"og:image\" content=\"https:\/\/iwell-guard.com\/wp-content\/uploads\/2026\/05\/goetter_aegypten_atum.webp\" \/>\n\t<meta property=\"og:image:width\" content=\"1024\" \/>\n\t<meta property=\"og:image:height\" content=\"1536\" \/>\n\t<meta property=\"og:image:type\" content=\"image\/webp\" \/>\n<meta name=\"twitter:card\" content=\"summary_large_image\" \/>\n<script type=\"application\/ld+json\" class=\"yoast-schema-graph\">{\"@context\":\"https:\\\/\\\/schema.org\",\"@graph\":[{\"@type\":\"WebPage\",\"@id\":\"https:\\\/\\\/iwell-guard.com\\\/ca\\\/atum\\\/\",\"url\":\"https:\\\/\\\/iwell-guard.com\\\/ca\\\/atum\\\/\",\"name\":\"Atum \u2013 D\u00e9u creador egipci d'Heli\u00f2polis | iWell Guard\",\"isPartOf\":{\"@id\":\"https:\\\/\\\/iwell-guard.com\\\/ca\\\/#website\"},\"primaryImageOfPage\":{\"@id\":\"https:\\\/\\\/iwell-guard.com\\\/ca\\\/atum\\\/#primaryimage\"},\"image\":{\"@id\":\"https:\\\/\\\/iwell-guard.com\\\/ca\\\/atum\\\/#primaryimage\"},\"thumbnailUrl\":\"https:\\\/\\\/iwell-guard.com\\\/wp-content\\\/uploads\\\/2026\\\/05\\\/goetter_aegypten_atum.webp\",\"datePublished\":\"2026-09-05T15:42:34+00:00\",\"dateModified\":\"2026-09-05T16:07:39+00:00\",\"description\":\"Atum \u00e9s el d\u00e9u creador egipci d'Heli\u00f2polis, pare de l'Enneadea i avantpassat primigeni del pante\u00f3.\",\"breadcrumb\":{\"@id\":\"https:\\\/\\\/iwell-guard.com\\\/ca\\\/atum\\\/#breadcrumb\"},\"inLanguage\":\"ca\",\"potentialAction\":[{\"@type\":\"ReadAction\",\"target\":[\"https:\\\/\\\/iwell-guard.com\\\/ca\\\/atum\\\/\"]}]},{\"@type\":\"ImageObject\",\"inLanguage\":\"ca\",\"@id\":\"https:\\\/\\\/iwell-guard.com\\\/ca\\\/atum\\\/#primaryimage\",\"url\":\"https:\\\/\\\/iwell-guard.com\\\/wp-content\\\/uploads\\\/2026\\\/05\\\/goetter_aegypten_atum.webp\",\"contentUrl\":\"https:\\\/\\\/iwell-guard.com\\\/wp-content\\\/uploads\\\/2026\\\/05\\\/goetter_aegypten_atum.webp\",\"width\":1024,\"height\":1536,\"caption\":\"D\u00e9us de la tradici\u00f3 eg\u00edpcia.\"},{\"@type\":\"BreadcrumbList\",\"@id\":\"https:\\\/\\\/iwell-guard.com\\\/ca\\\/atum\\\/#breadcrumb\",\"itemListElement\":[{\"@type\":\"ListItem\",\"position\":1,\"name\":\"Start\",\"item\":\"https:\\\/\\\/iwell-guard.com\\\/ca\\\/?page_id=171333\"},{\"@type\":\"ListItem\",\"position\":2,\"name\":\"Atum\"}]},{\"@type\":\"WebSite\",\"@id\":\"https:\\\/\\\/iwell-guard.com\\\/ca\\\/#website\",\"url\":\"https:\\\/\\\/iwell-guard.com\\\/ca\\\/\",\"name\":\"iWell Guard\",\"description\":\"Schutz vor dunklen Einfl\u00fcssen\",\"publisher\":{\"@id\":\"https:\\\/\\\/iwell-guard.com\\\/ca\\\/#organization\"},\"potentialAction\":[{\"@type\":\"SearchAction\",\"target\":{\"@type\":\"EntryPoint\",\"urlTemplate\":\"https:\\\/\\\/iwell-guard.com\\\/ca\\\/?s={search_term_string}\"},\"query-input\":{\"@type\":\"PropertyValueSpecification\",\"valueRequired\":true,\"valueName\":\"search_term_string\"}}],\"inLanguage\":\"ca\"},{\"@type\":\"Organization\",\"@id\":\"https:\\\/\\\/iwell-guard.com\\\/ca\\\/#organization\",\"name\":\"Ittermann electronic GmbH\",\"url\":\"https:\\\/\\\/iwell-guard.com\\\/ca\\\/\",\"logo\":{\"@type\":\"ImageObject\",\"inLanguage\":\"ca\",\"@id\":\"https:\\\/\\\/iwell-guard.com\\\/ca\\\/#\\\/schema\\\/logo\\\/image\\\/\",\"url\":\"https:\\\/\\\/iwell-guard.com\\\/wp-content\\\/uploads\\\/2026\\\/05\\\/Ittermann-Logo-1182x237-1.png\",\"contentUrl\":\"https:\\\/\\\/iwell-guard.com\\\/wp-content\\\/uploads\\\/2026\\\/05\\\/Ittermann-Logo-1182x237-1.png\",\"width\":1182,\"height\":237,\"caption\":\"Ittermann electronic GmbH\"},\"image\":{\"@id\":\"https:\\\/\\\/iwell-guard.com\\\/ca\\\/#\\\/schema\\\/logo\\\/image\\\/\"},\"sameAs\":[\"https:\\\/\\\/pantip.com\\\/profile\\\/9367242\",\"https:\\\/\\\/micro.blog\\\/iwellguard\",\"https:\\\/\\\/www.diggerslist.com\\\/iwellguard\\\/about\",\"https:\\\/\\\/skitterphoto.com\\\/photographers\\\/2870314\\\/iwell-guard\",\"https:\\\/\\\/iwellguard.wordpress.com\\\/2026\\\/06\\\/06\\\/iwell-guard\\\/\",\"https:\\\/\\\/hub.docker.com\\\/u\\\/iwellguard\",\"https:\\\/\\\/www.pinterest.com\\\/iwellguard\\\/\",\"https:\\\/\\\/bit.ly\\\/m\\\/iwellguard\",\"https:\\\/\\\/entre-vos-mains.alsace.eu\\\/profiles\\\/iwellguard\\\/activity\",\"https:\\\/\\\/gravatar.com\\\/reallybeded8fd34\",\"https:\\\/\\\/naijamatta.com\\\/iwellguard\",\"https:\\\/\\\/www.goodreads.com\\\/iwellguard\",\"https:\\\/\\\/profile.hatena.ne.jp\\\/iwellguard\\\/\",\"https:\\\/\\\/experiment.com\\\/users\\\/iwellguard\",\"https:\\\/\\\/wakelet.com\\\/@iWellGuard82270\",\"https:\\\/\\\/www.chordie.com\\\/forum\\\/profile.php?id=2555664\",\"https:\\\/\\\/www.instapaper.com\\\/p\\\/17757966\",\"https:\\\/\\\/www.mapleprimes.com\\\/users\\\/iwellguard\",\"https:\\\/\\\/businesslistingplus.com\\\/profile\\\/iwell-guard\\\/\",\"https:\\\/\\\/telegra.ph\\\/iWell-Guard-06-06\",\"https:\\\/\\\/pbase.com\\\/iwellguard\\\/iwellguard\",\"https:\\\/\\\/b.hatena.ne.jp\\\/iwellguard\\\/20260607#bookmark-4788405196491818882\",\"https:\\\/\\\/fliphtml5.com\\\/home\\\/iwellguard\",\"https:\\\/\\\/anyflip.com\\\/homepage\\\/cmiwl#About\",\"https:\\\/\\\/transfur.com\\\/Users\\\/iwellguard\",\"http:\\\/\\\/delphi.larsbo.org\\\/user\\\/iwellguard\",\"https:\\\/\\\/jobs.lajobsportal.org\\\/profiles\\\/8380803-iwell-guard\",\"https:\\\/\\\/md.chaosdorf.de\\\/s\\\/jfbe5SBdJD\",\"https:\\\/\\\/www.lingvolive.com\\\/en-us\\\/profile\\\/9ecaeaca-ce11-4e51-9e71-01d55e2bff36\\\/translations\",\"https:\\\/\\\/www.fitday.com\\\/fitness\\\/forums\\\/members\\\/iwellguard.html\",\"https:\\\/\\\/www.mymeetbook.com\\\/iwellguard\",\"https:\\\/\\\/pxhere.com\\\/en\\\/photographer-me\\\/5040798\",\"https:\\\/\\\/disqus.com\\\/by\\\/iwellguard\\\/about\\\/\",\"https:\\\/\\\/pastelink.net\\\/hjwciqwq\",\"https:\\\/\\\/pubhtml5.com\\\/homepage\\\/scjhn\\\/\",\"https:\\\/\\\/www.bitchute.com\\\/channel\\\/2O2eOKzNqujT\",\"https:\\\/\\\/audiomack.com\\\/iwellguard\"]}]}<\/script>\n<!-- \/ Yoast SEO Premium plugin. -->","yoast_head_json":{"title":"Atum \u2013 D\u00e9u creador egipci d'Heli\u00f2polis | iWell Guard","description":"Atum \u00e9s el d\u00e9u creador egipci d'Heli\u00f2polis, pare de l'Enneadea i avantpassat primigeni del pante\u00f3.","robots":{"index":"index","follow":"follow","max-snippet":"max-snippet:-1","max-image-preview":"max-image-preview:large","max-video-preview":"max-video-preview:-1"},"canonical":"https:\/\/iwell-guard.com\/ca\/atum\/","og_locale":"ca_ES","og_type":"article","og_title":"Atum","og_description":"Atum \u00e9s el d\u00e9u creador egipci d'Heli\u00f2polis, pare de l'Enneadea i avantpassat primigeni del pante\u00f3.","og_url":"https:\/\/iwell-guard.com\/ca\/atum\/","og_site_name":"iWell Guard","article_modified_time":"2026-09-05T16:07:39+00:00","og_image":[{"width":1024,"height":1536,"url":"https:\/\/iwell-guard.com\/wp-content\/uploads\/2026\/05\/goetter_aegypten_atum.webp","type":"image\/webp"}],"twitter_card":"summary_large_image","schema":{"@context":"https:\/\/schema.org","@graph":[{"@type":"WebPage","@id":"https:\/\/iwell-guard.com\/ca\/atum\/","url":"https:\/\/iwell-guard.com\/ca\/atum\/","name":"Atum \u2013 D\u00e9u creador egipci d'Heli\u00f2polis | iWell Guard","isPartOf":{"@id":"https:\/\/iwell-guard.com\/ca\/#website"},"primaryImageOfPage":{"@id":"https:\/\/iwell-guard.com\/ca\/atum\/#primaryimage"},"image":{"@id":"https:\/\/iwell-guard.com\/ca\/atum\/#primaryimage"},"thumbnailUrl":"https:\/\/iwell-guard.com\/wp-content\/uploads\/2026\/05\/goetter_aegypten_atum.webp","datePublished":"2026-09-05T15:42:34+00:00","dateModified":"2026-09-05T16:07:39+00:00","description":"Atum \u00e9s el d\u00e9u creador egipci d'Heli\u00f2polis, pare de l'Enneadea i avantpassat primigeni del pante\u00f3.","breadcrumb":{"@id":"https:\/\/iwell-guard.com\/ca\/atum\/#breadcrumb"},"inLanguage":"ca","potentialAction":[{"@type":"ReadAction","target":["https:\/\/iwell-guard.com\/ca\/atum\/"]}]},{"@type":"ImageObject","inLanguage":"ca","@id":"https:\/\/iwell-guard.com\/ca\/atum\/#primaryimage","url":"https:\/\/iwell-guard.com\/wp-content\/uploads\/2026\/05\/goetter_aegypten_atum.webp","contentUrl":"https:\/\/iwell-guard.com\/wp-content\/uploads\/2026\/05\/goetter_aegypten_atum.webp","width":1024,"height":1536,"caption":"D\u00e9us de la tradici\u00f3 eg\u00edpcia."},{"@type":"BreadcrumbList","@id":"https:\/\/iwell-guard.com\/ca\/atum\/#breadcrumb","itemListElement":[{"@type":"ListItem","position":1,"name":"Start","item":"https:\/\/iwell-guard.com\/ca\/?page_id=171333"},{"@type":"ListItem","position":2,"name":"Atum"}]},{"@type":"WebSite","@id":"https:\/\/iwell-guard.com\/ca\/#website","url":"https:\/\/iwell-guard.com\/ca\/","name":"iWell Guard","description":"Schutz vor dunklen Einfl\u00fcssen","publisher":{"@id":"https:\/\/iwell-guard.com\/ca\/#organization"},"potentialAction":[{"@type":"SearchAction","target":{"@type":"EntryPoint","urlTemplate":"https:\/\/iwell-guard.com\/ca\/?s={search_term_string}"},"query-input":{"@type":"PropertyValueSpecification","valueRequired":true,"valueName":"search_term_string"}}],"inLanguage":"ca"},{"@type":"Organization","@id":"https:\/\/iwell-guard.com\/ca\/#organization","name":"Ittermann electronic GmbH","url":"https:\/\/iwell-guard.com\/ca\/","logo":{"@type":"ImageObject","inLanguage":"ca","@id":"https:\/\/iwell-guard.com\/ca\/#\/schema\/logo\/image\/","url":"https:\/\/iwell-guard.com\/wp-content\/uploads\/2026\/05\/Ittermann-Logo-1182x237-1.png","contentUrl":"https:\/\/iwell-guard.com\/wp-content\/uploads\/2026\/05\/Ittermann-Logo-1182x237-1.png","width":1182,"height":237,"caption":"Ittermann electronic GmbH"},"image":{"@id":"https:\/\/iwell-guard.com\/ca\/#\/schema\/logo\/image\/"},"sameAs":["https:\/\/pantip.com\/profile\/9367242","https:\/\/micro.blog\/iwellguard","https:\/\/www.diggerslist.com\/iwellguard\/about","https:\/\/skitterphoto.com\/photographers\/2870314\/iwell-guard","https:\/\/iwellguard.wordpress.com\/2026\/06\/06\/iwell-guard\/","https:\/\/hub.docker.com\/u\/iwellguard","https:\/\/www.pinterest.com\/iwellguard\/","https:\/\/bit.ly\/m\/iwellguard","https:\/\/entre-vos-mains.alsace.eu\/profiles\/iwellguard\/activity","https:\/\/gravatar.com\/reallybeded8fd34","https:\/\/naijamatta.com\/iwellguard","https:\/\/www.goodreads.com\/iwellguard","https:\/\/profile.hatena.ne.jp\/iwellguard\/","https:\/\/experiment.com\/users\/iwellguard","https:\/\/wakelet.com\/@iWellGuard82270","https:\/\/www.chordie.com\/forum\/profile.php?id=2555664","https:\/\/www.instapaper.com\/p\/17757966","https:\/\/www.mapleprimes.com\/users\/iwellguard","https:\/\/businesslistingplus.com\/profile\/iwell-guard\/","https:\/\/telegra.ph\/iWell-Guard-06-06","https:\/\/pbase.com\/iwellguard\/iwellguard","https:\/\/b.hatena.ne.jp\/iwellguard\/20260607#bookmark-4788405196491818882","https:\/\/fliphtml5.com\/home\/iwellguard","https:\/\/anyflip.com\/homepage\/cmiwl#About","https:\/\/transfur.com\/Users\/iwellguard","http:\/\/delphi.larsbo.org\/user\/iwellguard","https:\/\/jobs.lajobsportal.org\/profiles\/8380803-iwell-guard","https:\/\/md.chaosdorf.de\/s\/jfbe5SBdJD","https:\/\/www.lingvolive.com\/en-us\/profile\/9ecaeaca-ce11-4e51-9e71-01d55e2bff36\/translations","https:\/\/www.fitday.com\/fitness\/forums\/members\/iwellguard.html","https:\/\/www.mymeetbook.com\/iwellguard","https:\/\/pxhere.com\/en\/photographer-me\/5040798","https:\/\/disqus.com\/by\/iwellguard\/about\/","https:\/\/pastelink.net\/hjwciqwq","https:\/\/pubhtml5.com\/homepage\/scjhn\/","https:\/\/www.bitchute.com\/channel\/2O2eOKzNqujT","https:\/\/audiomack.com\/iwellguard"]}]}},"_links":{"self":[{"href":"https:\/\/iwell-guard.com\/ca\/wp-json\/wp\/v2\/pages\/171805","targetHints":{"allow":["GET"]}}],"collection":[{"href":"https:\/\/iwell-guard.com\/ca\/wp-json\/wp\/v2\/pages"}],"about":[{"href":"https:\/\/iwell-guard.com\/ca\/wp-json\/wp\/v2\/types\/page"}],"author":[{"embeddable":true,"href":"https:\/\/iwell-guard.com\/ca\/wp-json\/wp\/v2\/users\/3"}],"replies":[{"embeddable":true,"href":"https:\/\/iwell-guard.com\/ca\/wp-json\/wp\/v2\/comments?post=171805"}],"version-history":[{"count":0,"href":"https:\/\/iwell-guard.com\/ca\/wp-json\/wp\/v2\/pages\/171805\/revisions"}],"wp:featuredmedia":[{"embeddable":true,"href":"https:\/\/iwell-guard.com\/ca\/wp-json\/wp\/v2\/media\/3203"}],"wp:attachment":[{"href":"https:\/\/iwell-guard.com\/ca\/wp-json\/wp\/v2\/media?parent=171805"}],"wp:term":[{"taxonomy":"category","embeddable":true,"href":"https:\/\/iwell-guard.com\/ca\/wp-json\/wp\/v2\/categories?post=171805"}],"curies":[{"name":"wp","href":"https:\/\/api.w.org\/{rel}","templated":true}]}}