{"id":171799,"date":"2026-09-05T15:42:30","date_gmt":"2026-09-05T15:42:30","guid":{"rendered":"https:\/\/iwell-guard.com\/?page_id=171799"},"modified":"2026-09-05T16:07:30","modified_gmt":"2026-09-05T16:07:30","slug":"atena","status":"publish","type":"page","link":"https:\/\/iwell-guard.com\/ca\/atena\/","title":{"rendered":"Atena"},"content":{"rendered":"\t\t<div data-elementor-type=\"wp-page\" data-elementor-id=\"171799\" class=\"elementor elementor-171799 elementor-2976 elementor-bc-flex-widget\" data-elementor-post-type=\"page\">\n\t\t\t\t<div class=\"elementor-element elementor-element-5267971 e-flex e-con-boxed e-con e-parent\" data-id=\"5267971\" data-element_type=\"container\" data-e-type=\"container\" data-settings=\"{&quot;background_background&quot;:&quot;classic&quot;}\">\n\t\t\t\t\t<div class=\"e-con-inner\">\n\t\t<div class=\"elementor-element elementor-element-8380ddd e-flex e-con-boxed e-con e-child\" data-id=\"8380ddd\" data-element_type=\"container\" data-e-type=\"container\">\n\t\t\t\t\t<div class=\"e-con-inner\">\n\t\t<div class=\"elementor-element elementor-element-fc8e551 e-con-full e-flex e-con e-child\" data-id=\"fc8e551\" data-element_type=\"container\" data-e-type=\"container\">\n\t\t\t\t<div class=\"elementor-element elementor-element-37bad8f elementor-widget elementor-widget-heading\" data-id=\"37bad8f\" data-element_type=\"widget\" data-e-type=\"widget\" data-widget_type=\"heading.default\">\n\t\t\t\t\t<h1 class=\"elementor-heading-title elementor-size-default\">Atena, deessa de la saviesa i protectora d'Atenes<\/h1>\t\t\t\t<\/div>\n\t\t\t\t<div class=\"elementor-element elementor-element-66c7ec4 elementor-widget elementor-widget-text-editor\" data-id=\"66c7ec4\" data-element_type=\"widget\" data-e-type=\"widget\" data-widget_type=\"text-editor.default\">\n\t\t\t\t\t\t\t\t\t<p>Com a deessa de la saviesa i protectora d&#8217;Atenes, Atena uneix el judici assenyat amb l&#8217;ajut b\u00e8l\u00b7lic a la comunitat de la ciutat. Atena, en dialecte \u00e0tic Athena, \u00e9s una de les figures centrals del pante\u00f3 grec i es considera filla de Zeus, nascuda del seu cap.<\/p><p>\u00c9s la deessa protectora de la ciutat d&#8217;Atenes, patrona de l&#8217;habilitat artesana, de l&#8217;ast\u00facia militar i de l&#8217;ordre just. A difer\u00e8ncia d&#8217;Ares, ella no encarna el combat sagnant, sin\u00f3 el lideratge estrat\u00e8gic i la protecci\u00f3 de la p\u00f2lis.<\/p><p>Els seus ep\u00edtets \u00abPolias\u00bb (protectora de la ciutat), \u00abPromachos\u00bb (combatent capdavantera) i \u00abParthenos\u00bb (verge) marquen els tres eixos principals del seu culte. En Homer porta l&#8217;<span class=\"iwg-fachbegriff\" data-tooltip=\"Un sobrenom fix que caracteritza una divinitat o figura.\" tabindex=\"0\">ep\u00edtet<\/span> \u00abglaukopis\u00bb, que segons la interpretaci\u00f3 es tradueix com \u00abd&#8217;ulls de mussol\u00bb o \u00abde mirada penetrant\u00bb i que fa refer\u00e8ncia a la seva mirada aguda i penetrant.<\/p><p>Els testimonis en escriptura lineal B de l&#8217;\u00e8poca mic\u00e8nica mostren una \u00abSenyora Athana\u00bb, el qual dona suport a la tesi d&#8217;una divinitat pregrega de la fortalesa que va adquirir, dins la religi\u00f3 arcaica de la p\u00f2lis, la funci\u00f3 d&#8217;una divinitat protectora panhel\u00b7l\u00e8nica.<\/p>\t\t\t\t\t\t\t\t<\/div>\n\t\t\t\t<\/div>\n\t\t<div class=\"elementor-element elementor-element-e520f96 e-con-full e-flex e-con e-parent\" data-id=\"e520f96\" data-element_type=\"container\" data-e-type=\"container\">\n\t\t\t\t<div class=\"elementor-element elementor-element-171ee25 elementor-widget elementor-widget-html\" data-id=\"171ee25\" data-element_type=\"widget\" data-e-type=\"widget\" data-widget_type=\"html.default\">\n\t\t\t\t\t<div class=\"iwg-pill-row\"><span class=\"iwg-klasse-badge\" tabindex=\"0\" data-tooltip=\"D\u00e9u \/ Deessa: Poder personificat suprem en el pante\u00f3 d'una cultura, amb funcions clares: forces naturals, dest\u00ed, guerra, fertilitat. Venerat mitjan\u00e7ant cultes, sacrificis i institucions de temple.\">D\u00e9u<\/span><a href=\"https:\/\/iwell-guard.com\/ca\/grecia\/\" class=\"iwg-kultur-badge\" tabindex=\"0\" data-tooltip=\"Religi\u00f3 i mitologia de la Gr\u00e8cia antiga, des de l'\u00e8poca mic\u00e8nica fins a l'antiguitat tardana.\">Gr\u00e8cia<\/a><\/div>\t\t\t\t<\/div>\n\t\t\t\t<\/div>\n\t\t<div class=\"elementor-element elementor-element-2b8c7f2 e-con-full e-flex e-con e-child\" data-id=\"2b8c7f2\" data-element_type=\"container\" data-e-type=\"container\">\n\t\t\t\t<div class=\"elementor-element elementor-element-f49cf33 elementor-toc--minimized-on-tablet elementor-widget elementor-widget-table-of-contents\" data-id=\"f49cf33\" data-element_type=\"widget\" data-e-type=\"widget\" data-settings=\"{&quot;exclude_headings_by_selector&quot;:[],&quot;no_headings_message&quot;:&quot;No s&#039;ha trobat cap encap\\u00e7alament en aquesta p\\u00e0gina.&quot;,&quot;headings_by_tags&quot;:[&quot;h2&quot;,&quot;h3&quot;],&quot;marker_view&quot;:&quot;bullets&quot;,&quot;icon&quot;:{&quot;value&quot;:&quot;fas fa-circle&quot;,&quot;library&quot;:&quot;fa-solid&quot;,&quot;rendered_tag&quot;:&quot;&lt;svg class=\\&quot;e-font-icon-svg e-fas-circle\\&quot; viewBox=\\&quot;0 0 512 512\\&quot; xmlns=\\&quot;http:\\\/\\\/www.w3.org\\\/2000\\\/svg\\&quot;&gt;&lt;path d=\\&quot;M256 8C119 8 8 119 8 256s111 248 248 248 248-111 248-248S393 8 256 8z\\&quot;&gt;&lt;\\\/path&gt;&lt;\\\/svg&gt;&quot;},&quot;minimize_box&quot;:&quot;yes&quot;,&quot;minimized_on&quot;:&quot;tablet&quot;,&quot;hierarchical_view&quot;:&quot;yes&quot;,&quot;min_height&quot;:{&quot;unit&quot;:&quot;px&quot;,&quot;size&quot;:&quot;&quot;,&quot;sizes&quot;:[]},&quot;min_height_tablet&quot;:{&quot;unit&quot;:&quot;px&quot;,&quot;size&quot;:&quot;&quot;,&quot;sizes&quot;:[]},&quot;min_height_mobile&quot;:{&quot;unit&quot;:&quot;px&quot;,&quot;size&quot;:&quot;&quot;,&quot;sizes&quot;:[]}}\" data-widget_type=\"table-of-contents.default\">\n\t\t\t\t\t\t\t\t\t<div class=\"elementor-toc__header\">\n\t\t\t\t\t\t<h2 class=\"elementor-toc__header-title\">\n\t\t\t\t\u00cdndex\t\t\t<\/h2>\n\t\t\t\t\t\t\t\t\t\t<div class=\"elementor-toc__toggle-button elementor-toc__toggle-button--expand\" role=\"button\" tabindex=\"0\" aria-controls=\"elementor-toc__f49cf33\" aria-expanded=\"true\" aria-label=\"Open table of contents\"><svg aria-hidden=\"true\" class=\"e-font-icon-svg e-fas-chevron-down\" viewBox=\"0 0 448 512\" xmlns=\"http:\/\/www.w3.org\/2000\/svg\"><path d=\"M207.029 381.476L12.686 187.132c-9.373-9.373-9.373-24.569 0-33.941l22.667-22.667c9.357-9.357 24.522-9.375 33.901-.04L224 284.505l154.745-154.021c9.379-9.335 24.544-9.317 33.901.04l22.667 22.667c9.373 9.373 9.373 24.569 0 33.941L240.971 381.476c-9.373 9.372-24.569 9.372-33.942 0z\"><\/path><\/svg><\/div>\n\t\t\t\t<div class=\"elementor-toc__toggle-button elementor-toc__toggle-button--collapse\" role=\"button\" tabindex=\"0\" aria-controls=\"elementor-toc__f49cf33\" aria-expanded=\"true\" aria-label=\"Close table of contents\"><svg aria-hidden=\"true\" class=\"e-font-icon-svg e-fas-chevron-up\" viewBox=\"0 0 448 512\" xmlns=\"http:\/\/www.w3.org\/2000\/svg\"><path d=\"M240.971 130.524l194.343 194.343c9.373 9.373 9.373 24.569 0 33.941l-22.667 22.667c-9.357 9.357-24.522 9.375-33.901.04L224 227.495 69.255 381.516c-9.379 9.335-24.544 9.317-33.901-.04l-22.667-22.667c-9.373-9.373-9.373-24.569 0-33.941L207.03 130.525c9.372-9.373 24.568-9.373 33.941-.001z\"><\/path><\/svg><\/div>\n\t\t\t\t\t<\/div>\n\t\t\t\t<div id=\"elementor-toc__f49cf33\" class=\"elementor-toc__body\">\n\t\t\t<div class=\"elementor-toc__spinner-container\">\n\t\t\t\t<svg class=\"elementor-toc__spinner eicon-animation-spin e-font-icon-svg e-eicon-loading\" aria-hidden=\"true\" viewBox=\"0 0 1000 1000\" xmlns=\"http:\/\/www.w3.org\/2000\/svg\"><path d=\"M500 975V858C696 858 858 696 858 500S696 142 500 142 142 304 142 500H25C25 237 238 25 500 25S975 237 975 500 763 975 500 975Z\"><\/path><\/svg>\t\t\t<\/div>\n\t\t<\/div>\n\t\t\t\t\t\t<\/div>\n\t\t\t\t<\/div>\n\t\t\t\t\t<\/div>\n\t\t\t\t<\/div>\n\t\t<div class=\"elementor-element elementor-element-8aea15e e-con-full e-flex e-con e-child\" data-id=\"8aea15e\" data-element_type=\"container\" data-e-type=\"container\">\n\t\t\t\t<div class=\"elementor-element elementor-element-f4dc559 iwg-hero-image elementor-widget elementor-widget-image\" data-id=\"f4dc559\" data-element_type=\"widget\" data-e-type=\"widget\" data-widget_type=\"image.default\">\n\t\t\t\t\t\t\t\t\t\t\t\t\t\t\t<img fetchpriority=\"high\" decoding=\"async\" width=\"683\" height=\"1024\" src=\"https:\/\/iwell-guard.com\/wp-content\/uploads\/2026\/05\/goetter_griechenland_athene-683x1024.webp\" class=\"attachment-large size-large wp-image-173508\" alt=\"Atena - D\u00e9us de la tradici\u00f3 de Gr\u00e8cia, il\u00b7lustraci\u00f3 historicista\" srcset=\"https:\/\/iwell-guard.com\/wp-content\/uploads\/2026\/05\/goetter_griechenland_athene-683x1024.webp 683w, https:\/\/iwell-guard.com\/wp-content\/uploads\/2026\/05\/goetter_griechenland_athene-200x300.webp 200w, https:\/\/iwell-guard.com\/wp-content\/uploads\/2026\/05\/goetter_griechenland_athene-768x1152.webp 768w, https:\/\/iwell-guard.com\/wp-content\/uploads\/2026\/05\/goetter_griechenland_athene.webp 1024w\" sizes=\"(max-width: 683px) 100vw, 683px\" \/>\t\t\t\t\t\t\t\t\t\t\t\t\t\t\t<\/div>\n\t\t\t\t<\/div>\n\t\t\t\t\t<\/div>\n\t\t\t\t<\/div>\n\t\t<div class=\"elementor-element elementor-element-9a56661 e-con-boxed e-flex e-con e-parent\" data-id=\"9a56661\" data-element_type=\"container\" data-e-type=\"container\">\n\t\t\t\t\t<div class=\"e-con-inner\">\n\t\t<div class=\"elementor-element elementor-element-099658b e-con-full e-flex e-con e-child\" data-id=\"099658b\" data-element_type=\"container\" data-e-type=\"container\">\n\t\t\t\t<div class=\"elementor-element elementor-element-74a9afa elementor-widget elementor-widget-heading\" data-id=\"74a9afa\" data-element_type=\"widget\" data-e-type=\"widget\" data-widget_type=\"heading.default\">\n\t\t\t\t\t<h2 class=\"elementor-heading-title elementor-size-default\">Mite i genealogia<\/h2>\t\t\t\t<\/div>\n\t\t\t\t<div class=\"elementor-element elementor-element-fec0d72 elementor-widget elementor-widget-text-editor\" data-id=\"fec0d72\" data-element_type=\"widget\" data-e-type=\"widget\" data-widget_type=\"text-editor.default\">\n\t\t\t\t\t\t\t\t\t<p>El naixement d&#8217;Atena del cap de Zeus \u00e9s un dels mites de creaci\u00f3 m\u00e9s coneguts de la <span class=\"iwg-fachbegriff\" data-tooltip=\"La transmissi\u00f3 de coneixements i relats al llarg de generacions.\" tabindex=\"0\">tradici\u00f3<\/span> grega. Hes\u00edode descriu a la \u00abTeogonia\u00bb (versos 886 a 900 i 924 a 926) com Zeus s&#8217;empassa la Metis embarassada per evitar una profecia segons la qual un fill d&#8217;aquesta uni\u00f3 el destronaria.<\/p><p>Del crani esberlat de Zeus, obert per Hefest o Prometeu amb una destral, en surt Atena en plena armadura. L&#8217;episodi fonamenta la seva posici\u00f3 especial com a creaci\u00f3 purament espiritual del pare dels d\u00e9us, sense mediaci\u00f3 materna en el sentit habitual.<\/p><p>Metis roman integrada en Zeus i esdev\u00e9 la personificaci\u00f3 de l&#8217;ast\u00facia enginyosa que el pare dels d\u00e9us porta des d&#8217;aleshores dins seu; Atena hereta aquesta qualitat de manera visible cap a l&#8217;exterior.<\/p>\n<p>La setena oda ol\u00edmpica de P\u00edndar (versos 35 a 38) dona una variant r\u00f2dia, segons la qual en el moment del naixement va caure una pluja d&#8217;or sobre l&#8217;illa i les Hel\u00edades, per les presses, van oblidar encendre la primera <span class=\"iwg-fachbegriff\" data-tooltip=\"Ofrena a una divinitat per expressar gratitud, s\u00faplica o veneraci\u00f3.\" tabindex=\"0\">ofrena<\/span>, motiu pel qual van portar el foc als r\u00f2dis.<\/p><p>A Creta, una altra tradici\u00f3 situava el naixement al llac Tritonis, a L\u00edbia, motiu pel qual Atena porta el sobrenom \u00abTritogeneia\u00bb; Her\u00f2dot (IV, 180) parla d&#8217;un <span class=\"iwg-fachbegriff\" data-tooltip=\"El conjunt d'actes de veneraci\u00f3 religiosa cap a una divinitat o figura sagrada.\" tabindex=\"0\">culte<\/span> l\u00edbic a Atena entre els auseus, vinculat a un combat anual de noies al voltant del <span class=\"iwg-fachbegriff\" data-tooltip=\"Una construcci\u00f3 dedicada a la veneraci\u00f3 d'una o diverses divinitats.\" tabindex=\"0\">temple<\/span>.<\/p><p>La interpretaci\u00f3 etimol\u00f2gica del sobrenom continua sent discutida entre una refer\u00e8ncia al llac Tritonis i el terme grec antic \u00abtrito\u00bb, que significa \u00abnascuda en tercer lloc\u00bb o \u00abvertadera\u00bb.<\/p>\n<p>D&#8217;un episodi amb Hefest sorgeix, en una tradici\u00f3 local \u00e0tica, Erictoni: Hefest intenta violar Atena; el seu semen cau sobre la cama d&#8217;ella, ella se l&#8217;eixuga amb llana i llen\u00e7a el drap a terra, d&#8217;on neix Erictoni (Apol\u00b7lodor III, 14, 6).<\/p><p>Atena cria el nen en secret i el lliura a les filles de C\u00e8crops, Aglaure, Herse i P\u00e0ndrosos, dins una caixa tancada, amb la prohibici\u00f3 d&#8217;obrir-la.<\/p><p>Aglaure i Herse obren la caixa, veuen l&#8217;infant envoltat d&#8217;una serp i, presa de bogeria, es llencen des de l&#8217;Acr\u00f2polis. D&#8217;aquesta hist\u00f2ria deriva la idea de l&#8217;autoctonia dels atenesos: els seus primers reis s\u00f3n \u00abnascuts de la terra\u00bb, no pas nouvinguts. Erictoni institueix la festa de les Panatenees i se&#8217;l considera l&#8217;inventor del carro de quatre cavalls.<\/p>\n<p>Atena est\u00e0 unida per lla\u00e7os fraterns amb Apol\u00b7lo, \u00c0rtemis, Hermes i Ares; la seva relaci\u00f3 m\u00e9s estreta dins el <span class=\"iwg-fachbegriff\" data-tooltip=\"El conjunt de d\u00e9us d'una religi\u00f3 o cultura.\" tabindex=\"0\">pante\u00f3<\/span> \u00e9s amb el mateix Zeus, els plans del qual executa sovint. No t\u00e9 fills propis; la seva virginitat \u00e9s constitutiva i la distingeix estructuralment d&#8217;Hera i Dem\u00e8ter.<\/p><p>Les al\u00b7legories de l&#8217;<span class=\"iwg-fachbegriff\" data-tooltip=\"\u00c8poca de transici\u00f3 entre l'antiguitat i l'edat mitjana, aproximadament del segle III al VII.\" tabindex=\"0\">Antiguitat tardana<\/span> veien en Atena el \u00abpensament\u00bb del pare dels d\u00e9us, \u00e9s a dir, un logos personificat que actua abans de qualsevol creaci\u00f3; aquesta interpretaci\u00f3 va ser desenvolupada per Fil\u00f3 d&#8217;Alexandria i per autors neoplat\u00f2nics com Procle.<\/p>\t\t\t\t\t\t\t\t<\/div>\n\t\t\t\t<\/div>\n\t\t<div class=\"elementor-element elementor-element-2c2320c e-con-full e-flex e-con e-child\" data-id=\"2c2320c\" data-element_type=\"container\" data-e-type=\"container\">\n\t\t\t\t<div class=\"elementor-element elementor-element-0a0957b elementor-widget elementor-widget-heading\" data-id=\"0a0957b\" data-element_type=\"widget\" data-e-type=\"widget\" data-widget_type=\"heading.default\">\n\t\t\t\t\t<h2 class=\"elementor-heading-title elementor-size-default\">S\u00edmbols, iconografia i atributs<\/h2>\t\t\t\t<\/div>\n\t\t\t\t<div class=\"elementor-element elementor-element-9d26a0a elementor-widget elementor-widget-text-editor\" data-id=\"9d26a0a\" data-element_type=\"widget\" data-e-type=\"widget\" data-widget_type=\"text-editor.default\">\n\t\t\t\t\t\t\t\t\t<p>Els principals atributs d&#8217;Atena s\u00f3n el casc, la llan\u00e7a, l&#8217;escut i l&#8217;\u00e8gida. L&#8217;\u00e8gida, una pe\u00e7a de pit feta de pell de cabra vorejada de serps amb el gorgoneion al centre, es considera un signe protector heretat de Zeus. En Homer, Atena porta l&#8217;\u00e8gida a la batalla en representaci\u00f3 del pare.<\/p><p>El casc, sovint coronat amb una esfinx o un P\u00e8gas, marca la funci\u00f3 guerrera, mentre que la llan\u00e7a es mant\u00e9 regularment enlaire, no en posici\u00f3 d&#8217;atac. Aquesta contenci\u00f3 deliberada de l&#8217;arma al\u00e7ada la mostra com a estratega, no com a f\u00faria de la batalla.<\/p>\n<p>El mussol, especialment el xot (Athene noctua, que porta el seu nom fins a la zoologia moderna), \u00e9s el seu ocell des de l&#8217;\u00e8poca arcaica. En les tetradracmes \u00e0tiques apareix com a emblema al costat del cap de la deessa; les monedes es negociaven per tot el Mediterrani com \u00abglaukes\u00bb (mussols) i van originar el proverbi \u00abportar mussols a Atenes\u00bb.<\/p><p>L&#8217;olivera es remunta a la disputa amb Posid\u00f3: Atena va plantar el primer olivera a l&#8217;Acr\u00f2polis i va regalar aix\u00ed als atenesos aquest arbre, que proporcionava aliment, llum i guariment de ferides.<\/p><p>L&#8217;olivera sagrada del Pandroseion es considerava indestructible fins a l&#8217;\u00e8poca romana tardana; Paus\u00e0nies (I, 27, 2) explica que, despr\u00e9s de l&#8217;incendi persa de l&#8217;any 480 abans de la nostra era, va rebrotar durant la nit.<\/p>\n<p>La serp \u00e9s un altre atribut fix, amb dues funcions: d&#8217;una banda com a Erictoni, custodiat per Atena en forma de serp, i de l&#8217;altra com a <span class=\"iwg-fachbegriff\" data-tooltip=\"Un signe que representa una idea o un significat.\" tabindex=\"0\">s\u00edmbol<\/span> del lligam amb la terra i de la saviesa curativa.<\/p><p>L&#8217;Atena Partenos criselefantina de F\u00eddies, descrita per Paus\u00e0nies (I, 24, 5 a 7), mostra la deessa amb quit\u00f3, amb Nike a la m\u00e0 dreta estesa, al costat de la llan\u00e7a recolzada sobre l&#8217;escut; en un plec del terra s&#8217;enrosca una gran serp, identificada amb Erictoni.<\/p><p>L&#8217;escut portava la batalla de les amazones, l&#8217;interior la gigantom\u00e0quia, les sand\u00e0lies la centaurom\u00e0quia. L&#8217;obra feia dotze metres d&#8217;al\u00e7ada, feta amb 1140 quilograms d&#8217;or en plaques desmuntables, de manera que P\u00e8ricles disposava d&#8217;una reserva d&#8217;or estatal en cas de crisi.<\/p>\n<p>A m\u00e9s, l&#8217;estri de teixir i filar es considera un dels seus atributs. Atena \u00abErgane\u00bb, \u00abla treballadora\u00bb, protegia tot l&#8217;artesanat, per\u00f2 sobretot l&#8217;habilitat t\u00e8xtil de les dones. En el <span class=\"iwg-fachbegriff\" data-tooltip=\"Un relat transm\u00e8s sobre d\u00e9us, or\u00edgens i l'ordre del m\u00f3n.\" tabindex=\"0\">mite<\/span> de la disputa del teixit amb Aracne (Ovidi, Metamorfosis VI, 5 a 145), apareix com el rigor de la norma que destrueix l&#8217;obra superior, per\u00f2 cr\u00edtica amb els d\u00e9us, de la l\u00eddia.<\/p><p>F\u00eddies va dissenyar per al Parten\u00f3 el peple d&#8217;Atena, teixit de nou cada any, com a programa iconogr\u00e0fic: en la tela tenyida de safr\u00e0 s&#8217;hi teixien sempre escenes de la gigantom\u00e0quia, en les quals Atena bandejava el gigant Encelad sota l&#8217;illa de Sic\u00edlia.<\/p>\t\t\t\t\t\t\t\t<\/div>\n\t\t\t\t<\/div>\n\t\t<div class=\"elementor-element elementor-element-98b4b8a e-con-full e-flex e-con e-child\" data-id=\"98b4b8a\" data-element_type=\"container\" data-e-type=\"container\">\n\t\t\t\t<div class=\"elementor-element elementor-element-f302c73 elementor-widget elementor-widget-heading\" data-id=\"f302c73\" data-element_type=\"widget\" data-e-type=\"widget\" data-widget_type=\"heading.default\">\n\t\t\t\t\t<h2 class=\"elementor-heading-title elementor-size-default\">Culte i veneraci\u00f3<\/h2>\t\t\t\t<\/div>\n\t\t\t\t<div class=\"elementor-element elementor-element-1c84aca elementor-widget elementor-widget-text-editor\" data-id=\"1c84aca\" data-element_type=\"widget\" data-e-type=\"widget\" data-widget_type=\"text-editor.default\">\n\t\t\t\t\t\t\t\t\t<p>La festa central d&#8217;Atena eren les Panatenees, celebrades anualment el 28 d&#8217;Hecatombe\u00f3 (juliol\/agost), i cada quatre anys com a \u00abGrans Panatenees\u00bb amb una magnific\u00e8ncia m\u00e9s gran. Comen\u00e7ava amb una process\u00f3 nocturna de portadors de torxes des del <span class=\"iwg-fachbegriff\" data-tooltip=\"Un bosc sagrat que servia de lloc de culte.\" tabindex=\"0\">bosc sagrat<\/span> de l&#8217;Acad\u00e8mia fins a l&#8217;Acr\u00f2polis.<\/p><p>El punt culminant era la desfilada festiva, en la qual participaven ciutadans, metecs i noies escollides; portaven el peple recentment teixit per a l&#8217;antiga imatge de culte de fusta d&#8217;Atena P\u00f2lias en un carro amb forma de vaixell. El fris del Parten\u00f3 mostra aquesta process\u00f3 al llarg de 160 metres amb unes 380 figures humanes i animals.<\/p>\n<p>A les Grans Panatenees hi participaven atletes, rapsodes i m\u00fasics en competicions; els guanyadors rebien com a premi \u00e0mfores amb oli d&#8217;oliva premsat del <span class=\"iwg-fachbegriff\" data-tooltip=\"Un bosc sagrat que servia de lloc de culte.\" tabindex=\"0\">bosc sagrat<\/span>.<\/p><p>Aquestes \u00e0mfores premiades panatenaiques, amb Atena Pr\u00f2makhos en un costat i l&#8217;esport corresponent a l&#8217;altre, s\u00f3n avui una de les fonts m\u00e9s riques per a la pintura de gerros \u00e0tica dels segles sis\u00e8 i cinqu\u00e8.<\/p><p>L&#8217;atlotet, encarregat d&#8217;organitzar els jocs, era un dels c\u00e0rrecs m\u00e9s alts de la democr\u00e0cia \u00e0tica. Tamb\u00e9 les obres d&#8217;Homer es recitaven de manera raps\u00f2dica a les Panatenees des de l&#8217;\u00e8poca de Pis\u00edstrat, la qual cosa va contribuir a la canonitzaci\u00f3 dels poemes hom\u00e8rics.<\/p>\n<p>A m\u00e9s de les Panatenees, hi havia altres festes dedicades a Atena. En les Arrefor\u00edes, al mes de Skirofori\u00f3, quatre noies de l&#8217;alta noblesa portaven una cistella oculta a la terra. Les Calkeia, al mes de Pianopsi\u00f3, eren la festa dels ferrers dedicada a Atena Ergane i a Hefest. Les Skira, al mes de Skirofori\u00f3, marcaven una retirada de les dones i l&#8217;inici del nou teixit del peple. A les Plint\u00e8ries, l&#8217;antiga imatge de culte era despullada i rentada al mar.<\/p><p>Aquest dia la ciutat es considerava ritualment impura, els <span class=\"iwg-fachbegriff\" data-tooltip=\"Un edifici dedicat al culte d'una o diverses divinitats.\" tabindex=\"0\">temples<\/span> es tancaven amb cordes i les negociacions pol\u00edtiques quedaven suspeses. Aquests rituals mostren Atena menys com a deessa guerrera i m\u00e9s com a deessa creadora de cultura, protectora de l&#8217;artesanat, la <span class=\"iwg-fachbegriff\" data-tooltip=\"Transici\u00f3 ritual per la qual alg\u00fa \u00e9s adm\u00e8s a un nou estatus o a una comunitat.\" tabindex=\"0\">iniciaci\u00f3<\/span> i la comunitat c\u00edvica.<\/p>\n<p>Fora d&#8217;Atenes, el seu <span class=\"iwg-fachbegriff\" data-tooltip=\"El conjunt d'actes rituals de veneraci\u00f3 dedicats a una divinitat o figura sagrada.\" tabindex=\"0\">culte<\/span> es va estendre per tot el m\u00f3n grec. A Esparta se l&#8217;anomenava Atena Calcieca, \u00abla de la casa de bronze\u00bb, per un <span class=\"iwg-fachbegriff\" data-tooltip=\"Un edifici dedicat al culte d'una o diverses divinitats.\" tabindex=\"0\">temple<\/span> amb plaques de bronze; a T\u00e8gea, el <span class=\"iwg-fachbegriff\" data-tooltip=\"Un edifici dedicat al culte d'una o diverses divinitats.\" tabindex=\"0\">temple<\/span> d&#8217;Atena Alea era considerat un dels santuaris m\u00e9s grans del Pelopon\u00e8s, constru\u00eft per Escopas.<\/p><p>A P\u00e8rgam, el <span class=\"iwg-fachbegriff\" data-tooltip=\"Un lloc sagrat dedicat al culte d'una divinitat.\" tabindex=\"0\">santuari<\/span> d&#8217;Atena P\u00f2lias s&#8217;al\u00e7ava a l&#8217;Acr\u00f2polis, al costat de la famosa biblioteca dels \u00c0tal\u00b7lides. L&#8217;Atena Nic\u00e8for hel\u00b7len\u00edstica de P\u00e8rgam es va convertir en el punt de refer\u00e8ncia d&#8217;un programa cultural panhel\u00b7l\u00e8nic dels \u00c0tal\u00b7lides, que invocava Atenes com a p\u00e0tria espiritual.<\/p>\t\t\t\t\t\t\t\t<\/div>\n\t\t\t\t<\/div>\n\t\t<div class=\"elementor-element elementor-element-f2f5de9 e-con-full e-flex e-con e-child\" data-id=\"f2f5de9\" data-element_type=\"container\" data-e-type=\"container\">\n\t\t\t\t<div class=\"elementor-element elementor-element-4126cda elementor-widget elementor-widget-heading\" data-id=\"4126cda\" data-element_type=\"widget\" data-e-type=\"widget\" data-widget_type=\"heading.default\">\n\t\t\t\t\t<h2 class=\"elementor-heading-title elementor-size-default\">Santuaris i temples importants<\/h2>\t\t\t\t<\/div>\n\t\t\t\t<div class=\"elementor-element elementor-element-faa4da8 elementor-widget elementor-widget-text-editor\" data-id=\"faa4da8\" data-element_type=\"widget\" data-e-type=\"widget\" data-widget_type=\"text-editor.default\">\n\t\t\t\t\t\t\t\t\t<p>El Parten\u00f3, a l&#8217;Acr\u00f2poli d&#8217;Atenes, constru\u00eft entre els anys 447 i 432 abans de la nostra era sota Pericles, \u00e9s el <span class=\"iwg-fachbegriff\" data-tooltip=\"Un lloc sagrat dedicat a la veneraci\u00f3 d'una divinitat.\" tabindex=\"0\">santuari<\/span> m\u00e9s c\u00e8lebre de la deessa.<\/p><p>Iktinos i Cal\u00b7l\u00edcrates van dissenyar el <span class=\"iwg-fachbegriff\" data-tooltip=\"Una construcci\u00f3 destinada a la veneraci\u00f3 d'una o diverses divinitats.\" tabindex=\"0\">temple<\/span> d\u00f2ric, i F\u00eddies va crear l&#8217;est\u00e0tua d&#8217;or i vori de dotze metres d&#8217;al\u00e7ada d&#8217;Atena Partenos. L&#8217;edifici no servia com a lloc de culte principal, sin\u00f3 com a tresoreria i temple honor\u00edfic; la veritable <span class=\"iwg-fachbegriff\" data-tooltip=\"Representaci\u00f3 d'una divinitat venerada en un temple o santuari.\" tabindex=\"0\">imatge de culte<\/span> d&#8217;Atena P\u00f2lias es trobava a l&#8217;Erecteion ve\u00ed.<\/p><p>All\u00e0 s&#8217;exhibien tamb\u00e9 el mar d&#8217;aigua salada, vinculat a la disputa entre Atena i Posid\u00f3, i l&#8217;olivera sagrada. El Parten\u00f3 portava als seus frontons el naixement d&#8217;Atena (front\u00f3 oriental) i la disputa amb Posid\u00f3 (front\u00f3 occidental); les metopes mostraven la gigantom\u00e0quia, l&#8217;amazonom\u00e0quia, la centaurom\u00e0quia i la caiguda de Troia.<\/p>\n<p>L&#8217;Erecteion, amb la sala de les Cores, constru\u00eft entre els anys 421 i 406, era el veritable centre de culte. A l&#8217;interior es conservava la imatge arcaica de fusta d&#8217;Atena, un \u00abxoanon\u00bb que, segons la <span class=\"iwg-fachbegriff\" data-tooltip=\"Un relat edificant, generalment sobre la vida de sants.\" tabindex=\"0\">llegenda<\/span>, havia caigut del cel.<\/p><p>Durant les Plint\u00e8ries, aquesta imatge era despullada cada any i rentada al mar, de manera semblant a la Tonaia s\u00e0mia dedicada a Hera. El <span class=\"iwg-fachbegriff\" data-tooltip=\"Una construcci\u00f3 destinada a la veneraci\u00f3 d'una o diverses divinitats.\" tabindex=\"0\">temple<\/span> reunia sota un mateix sostre el <span class=\"iwg-fachbegriff\" data-tooltip=\"El conjunt d'accions rituals de veneraci\u00f3 dedicades a una divinitat o figura sagrada.\" tabindex=\"0\">culte<\/span> d&#8217;Atena, de Posid\u00f3-Erecteu i del rei C\u00e8crops, i es considera per aix\u00f2 l&#8217;edifici sagrat m\u00e9s complex de l&#8217;\u00e8poca cl\u00e0ssica.<\/p>\n<p>Fora d&#8217;Atenes destaquen el <span class=\"iwg-fachbegriff\" data-tooltip=\"Una construcci\u00f3 destinada a la veneraci\u00f3 d'una o diverses divinitats.\" tabindex=\"0\">temple<\/span> d&#8217;Atena a Sunion, a l&#8217;extrem sud-est de l&#8217;\u00c0tica, el <span class=\"iwg-fachbegriff\" data-tooltip=\"Una construcci\u00f3 destinada a la veneraci\u00f3 d'una o diverses divinitats.\" tabindex=\"0\">temple<\/span> d&#8217;Atena Afaia a Egina (en realitat <span class=\"iwg-fachbegriff\" data-tooltip=\"Consagrat mitjan\u00e7ant un acte religi\u00f3s i, per tant, elevat per damunt de l'\u00e0mbit quotidi\u00e0.\" tabindex=\"0\">consagrat<\/span> a Afaia, per\u00f2 estretament lligat a la iconografia d&#8217;Atena), el <span class=\"iwg-fachbegriff\" data-tooltip=\"Un lloc sagrat dedicat a la veneraci\u00f3 d'una divinitat.\" tabindex=\"0\">santuari<\/span> d&#8217;Atena Pronaia a Delfos i el d&#8217;Atena Itonia a Tess\u00e0lia.<\/p><p>A l&#8217;\u00c0sia Menor, el <span class=\"iwg-fachbegriff\" data-tooltip=\"Una construcci\u00f3 destinada a la veneraci\u00f3 d'una o diverses divinitats.\" tabindex=\"0\">temple<\/span> d&#8217;Atena a Priene, constru\u00eft per Piteos al segle quart abans de la nostra era, i el <span class=\"iwg-fachbegriff\" data-tooltip=\"Una construcci\u00f3 destinada a la veneraci\u00f3 d'una o diverses divinitats.\" tabindex=\"0\">temple<\/span> d&#8217;Atena L\u00edndia a Rodes figuraven entre els grans llocs de pelegrinatge de l&#8217;\u00e8poca hel\u00b7len\u00edstica. El temple d&#8217;Atena L\u00edndia acollia la Cr\u00f2nica L\u00edndia, una <span class=\"iwg-fachbegriff\" data-tooltip=\"Un text gravat o esculpit en un suport durador.\" tabindex=\"0\">inscripci\u00f3<\/span> que enumerava els exvots m\u00e9s valuosos del santuari des dels primers temps fins l&#8217;any 99 abans de la nostra era.<\/p>\t\t\t\t\t\t\t\t<\/div>\n\t\t\t\t<\/div>\n\t\t<div class=\"elementor-element elementor-element-fcb85f0 e-con-full e-flex e-con e-child\" data-id=\"fcb85f0\" data-element_type=\"container\" data-e-type=\"container\">\n\t\t\t\t<div class=\"elementor-element elementor-element-146581b elementor-widget elementor-widget-heading\" data-id=\"146581b\" data-element_type=\"widget\" data-e-type=\"widget\" data-widget_type=\"heading.default\">\n\t\t\t\t\t<h2 class=\"elementor-heading-title elementor-size-default\">Relats m\u00edtics<\/h2>\t\t\t\t<\/div>\n\t\t\t\t<div class=\"elementor-element elementor-element-d591b2a elementor-widget elementor-widget-text-editor\" data-id=\"d591b2a\" data-element_type=\"widget\" data-e-type=\"widget\" data-widget_type=\"text-editor.default\">\n\t\t\t\t\t\t\t\t\t<p>La disputa amb Posid\u00f3 per l&#8217;\u00c0tica \u00e9s una de les narracions fundacionals d&#8217;Atenes. Apol\u00b7lodor (III, 14, 1) explica que ambdues divinitats van reclamar el territori i van presentar els seus dons davant el col\u00b7legi de d\u00e9us. Posid\u00f3 va clavar el seu trident al terra de l&#8217;Acr\u00f2poli i en va fer brollar aigua salada (o apar\u00e8ixer un cavall, segons la variant); Atena va plantar l&#8217;olivera.<\/p><p>El col\u00b7legi de d\u00e9us, o b\u00e9 el rei C\u00e8crops, va decidir a favor d&#8217;Atena, i Posid\u00f3, com a c\u00e0stig, va inundar la terra. F\u00eddies va representar aquesta disputa al front\u00f3 occidental del Parten\u00f3. Paus\u00e0nies (I, 26, 5) atesta a l&#8217;Erect\u00e8on una esquerda a la roca produ\u00efda pel cop del trident, i el pou d&#8217;aigua salada que, quan bufa el vent del sud, fa olor de mar.<\/p>\n<p>Durant la guerra de Troia, Atena es mant\u00e9 sempre al costat dels grecs. Guia Odisseu al llarg de l&#8217;\u00abOdissea\u00bb, dona suport a Diomedes en el combat contra Ares i Afrodita (Il\u00edada V), i idea juntament amb \u00c8peu el cavall de fusta amb qu\u00e8 els troians obren ells mateixos la ciutat.<\/p><p>La seva ira, despr\u00e9s de la vict\u00f2ria, es dirigeix contra els grecs perqu\u00e8 \u00c0iax d&#8217;Oileu va profanar Cassandra al <span class=\"iwg-fachbegriff\" data-tooltip=\"Un edifici dedicat al culte d'una o diverses divinitats.\" tabindex=\"0\">temple<\/span> de la deessa (Eur\u00edpides, Les troianes 48-97); la tempesta i el desastre del retorn en s\u00f3n la conseq\u00fc\u00e8ncia.<\/p><p>La disputa pel Pal\u00b7ladi, la imatge de fusta d&#8217;Atena rescatada de Troia, continua sent en el <span class=\"iwg-fachbegriff\" data-tooltip=\"Una narraci\u00f3 transmesa sobre d\u00e9us, or\u00edgens i l'ordre del m\u00f3n.\" tabindex=\"0\">mite<\/span> un argument pol\u00edtic de les ciutats que en reclamen la cust\u00f2dia; Argos, Atenes i finalment Roma (a trav\u00e9s d&#8217;Eneas) reclamen la imatge com a legitimaci\u00f3 divina del seu estat.<\/p>\n<p>En el <span class=\"iwg-fachbegriff\" data-tooltip=\"Una narraci\u00f3 transmesa sobre d\u00e9us, or\u00edgens i l'ordre del m\u00f3n.\" tabindex=\"0\">mite<\/span> de Medusa, Atena ajuda Perseu a tallar el cap de la G\u00f2rgona, oferint-li l&#8217;escut polit com a mirall. La deessa conserva el Gorgon\u00e8ion com a pe\u00e7a central de la seva \u00e8gida.<\/p><p>Apol\u00b7lodor (II, 4, 3) i Ovidi (Metamorfosis IV, 798-803) ofereixen dues proced\u00e8ncies diferents de la G\u00f2rgona; en la versi\u00f3 d&#8217;Ovidi, Medusa era origin\u00e0riament una bella mortal que, despr\u00e9s de ser violada per Posid\u00f3 al temple d&#8217;Atena, va ser transformada per la mateixa deessa en un \u00e9sser terrible.<\/p><p>La tradici\u00f3 grega m\u00e9s antiga, en canvi, presenta Medusa com un \u00e9sser monstru\u00f3s per naturalesa, sense cap passat hum\u00e0.<\/p>\n<p>El <span class=\"iwg-fachbegriff\" data-tooltip=\"Una narraci\u00f3 transmesa sobre d\u00e9us, or\u00edgens i l'ordre del m\u00f3n.\" tabindex=\"0\">mite<\/span> d&#8217;Aracne (Ovidi, Metamorfosis VI) mostra Atena com a implacable protectora de l&#8217;ordre div\u00ed: la teixidora l\u00eddia Aracne desafia la deessa a una competici\u00f3 i representa en el seu teixit les fetes indignes dels d\u00e9us.<\/p><p>Atena estripa l&#8217;obra, colpeja Aracne amb la llan\u00e7adora i finalment la converteix en aranya. L&#8217;episodi es va convertir, en la tradici\u00f3 posterior, en la faula exemplar contra la sup\u00e8rbia. Alhora, l&#8217;estudi feminista del mite hi llegeix una reflexi\u00f3 sobre els l\u00edmits de la cr\u00edtica art\u00edstica leg\u00edtima davant el poder.<\/p>\t\t\t\t\t\t\t\t<\/div>\n\t\t\t\t<\/div>\n\t\t<div class=\"elementor-element elementor-element-07f94f4 e-con-full e-flex e-con e-child\" data-id=\"07f94f4\" data-element_type=\"container\" data-e-type=\"container\">\n\t\t\t\t<div class=\"elementor-element elementor-element-b6b8164 elementor-widget elementor-widget-heading\" data-id=\"b6b8164\" data-element_type=\"widget\" data-e-type=\"widget\" data-widget_type=\"heading.default\">\n\t\t\t\t\t<h2 class=\"elementor-heading-title elementor-size-default\">Relacions dins el pante\u00f3<\/h2>\t\t\t\t<\/div>\n\t\t\t\t<div class=\"elementor-element elementor-element-43c6d57 elementor-widget elementor-widget-text-editor\" data-id=\"43c6d57\" data-element_type=\"widget\" data-e-type=\"widget\" data-widget_type=\"text-editor.default\">\n\t\t\t\t\t\t\t\t\t<p>Atena \u00e9s considerada la filla predilecta de Zeus; a la \u00abIl\u00edada\u00bb \u00e9s l&#8217;\u00fanica que porta el seu escut, l&#8217;\u00e8gida, en representaci\u00f3 seva. La seva lleialtat al pare \u00e9s absoluta, i nom\u00e9s en un episodi (Il\u00edada I, 396-406) s&#8217;esmenta que va formar part de la conspiraci\u00f3 ol\u00edmpica contra ell.<\/p><p>Amb els seus germans Apol\u00b7lo i \u00c0rtemis mant\u00e9 una relaci\u00f3 tranquil\u00b7la i d&#8217;igual a igual; els tres encarnen la generaci\u00f3 m\u00e9s jove i refinada enfront de l&#8217;antic <span class=\"iwg-fachbegriff\" data-tooltip=\"El conjunt de d\u00e9us d'una religi\u00f3 o cultura.\" tabindex=\"0\">pante\u00f3<\/span>. Amb Hermes comparteix la funci\u00f3 de protector prudent, motiu pel qual tots dos ajuden alhora Perseu, H\u00e8racles i Odisseu.<\/p>\n<p>La rivalitat amb Posid\u00f3 marca diversos mites locals, no nom\u00e9s a Atenes sin\u00f3 tamb\u00e9 a Trezena i Argos. Amb Ares hi ha una hostilitat oberta: Atena representa la guerra estrat\u00e8gica, Ares la f\u00faria embriagadora del combat.<\/p><p>En Homer, Atena fereix Ares amb la m\u00e0 de Diomedes (Il\u00edada V, 855-859), i els dos es tornen a enfrontar en la teom\u00e0quia dels cants XX i XXI de la Il\u00edada. Amb Afrodita hi ha una relaci\u00f3 de contenci\u00f3 hostil, provocada pel judici de Paris; Atena havia prom\u00e8s a Paris saviesa i vict\u00f2ria en la guerra, Afrodita li havia prom\u00e8s H\u00e8lena.<\/p>\n<p>Hefest \u00e9s el seu company d&#8217;ofici; tots dos eren venerats com a patrons dels artesans \u00e0tics. L&#8217;Hefest\u00e8ion de l&#8217;\u00c0gora, sovint anomenat err\u00f2niament \u00abTeseion\u00bb, els estava <span class=\"iwg-fachbegriff\" data-tooltip=\"Lliurat mitjan\u00e7ant un acte religi\u00f3s al sagrat, i per tant apartat de l'\u00fas quotidi\u00e0.\" tabindex=\"0\">consagrat<\/span> conjuntament i \u00e9s el <span class=\"iwg-fachbegriff\" data-tooltip=\"Un edifici dedicat al culte d'una o diverses divinitats.\" tabindex=\"0\">temple<\/span> d\u00f2ric m\u00e9s ben conservat de Gr\u00e8cia.<\/p><p>Atena mant\u00e9 una relaci\u00f3 especial amb els herois: Odisseu, Perseu, Bel\u00b7lerofont (a qui regala la brida d&#8217;or per a P\u00e8gas), Diomedes, J\u00e0son i, sobretot, H\u00e8racles reben el seu suport d&#8217;una manera que, segons l&#8217;\u00e8tica hom\u00e8rica, representa el m\u00e0xim reconeixement div\u00ed possible.<\/p><p>A l&#8217;Escut d&#8217;H\u00e8racles d&#8217;Hes\u00edode, Atena apareix com a patrona armadora, que dota l&#8217;heroi de saviesa divina.<\/p>\t\t\t\t\t\t\t\t<\/div>\n\t\t\t\t<\/div>\n\t\t<div class=\"elementor-element elementor-element-e4341ec e-con-full e-flex e-con e-child\" data-id=\"e4341ec\" data-element_type=\"container\" data-e-type=\"container\">\n\t\t\t\t<div class=\"elementor-element elementor-element-60a0e01 elementor-widget elementor-widget-heading\" data-id=\"60a0e01\" data-element_type=\"widget\" data-e-type=\"widget\" data-widget_type=\"heading.default\">\n\t\t\t\t\t<h2 class=\"elementor-heading-title elementor-size-default\">Recepci\u00f3<\/h2>\t\t\t\t<\/div>\n\t\t\t\t<div class=\"elementor-element elementor-element-e94523b elementor-widget elementor-widget-text-editor\" data-id=\"e94523b\" data-element_type=\"widget\" data-e-type=\"widget\" data-widget_type=\"text-editor.default\">\n\t\t\t\t\t\t\t\t\t<p>La identificaci\u00f3 romana amb Minerva comporta un canvi d&#8217;accentuaci\u00f3: Minerva era origin\u00e0riament una deessa etrusca, Menrva, les funcions de la qual com a patrona dels oficis i de l&#8217;ensenyament ocupaven el primer pla; la dimensi\u00f3 guerrera de l&#8217;Atena grega quedava coberta a Roma per Mart i Bel\u00b7lona.<\/p><p>En la tr\u00edade capitolina amb J\u00fapiter i Juno, Minerva va continuar sent, per\u00f2, una <span class=\"iwg-fachbegriff\" data-tooltip=\"Un \u00e9sser venerat com a div\u00ed dins d'una religi\u00f3.\" tabindex=\"0\">divinitat<\/span> estatal central, i Domici\u00e0 li va erigir un important <span class=\"iwg-fachbegriff\" data-tooltip=\"Un lloc sagrat dedicat a la veneraci\u00f3 d'una divinitat.\" tabindex=\"0\">santuari<\/span> al Camp de Mart. Les Quinquatrus, festes de cinc dies celebrades al mar\u00e7, honoraven Minerva especialment com a patrona de mestres i alumnes; Ovidi els dedica una descripci\u00f3 detallada en els seus \u00abFasti\u00bb (III, 809-848).<\/p>\n<p>A l&#8217;<span class=\"iwg-fachbegriff\" data-tooltip=\"\u00c8poca de transici\u00f3 entre l'Antiguitat i l'Edat Mitjana, aproximadament del segle III al VII.\" tabindex=\"0\">Antiguitat tardana<\/span>, l&#8217;Atena Parthenos es va convertir en un xifra cultural: Procopi relata que la imatge de l&#8217;Atena Promachos encara estava dreta a Constantinoble al segle sis\u00e8, abans de ser destru\u00efda en la revolta del 1203.<\/p><p>L&#8217;Edat Mitjana coneixia Pal\u00b7las sobretot com a figura al\u00b7leg\u00f2rica de la saviesa; al \u00abRoman de la Rose\u00bb i a la \u00abCit\u00e9 des Dames\u00bb de Christine de Pizan es converteix en deessa protectora de les dones instru\u00efdes. El \u00abDe claris mulieribus\u00bb de Boccaccio la situa entre les figures femenines exemplars de l&#8217;Antiguitat, i Petrarca la tracta en l&#8217;\u00abAfrica\u00bb.<\/p>\n<p>El Renaixement va portar, amb \u00abPal\u00b7las i el Centaure\u00bb de Sandro Botticelli i \u00abPal\u00b7las expulsa els Vicis\u00bb d&#8217;Andrea Mantegna, una reapropiaci\u00f3 humanista. El segle divuit va veure en Pal\u00b7las Atena la imatge de la Il\u00b7lustraci\u00f3, que Schiller va celebrar en el seu c\u00e8lebre d\u00edstic \u00abLa ci\u00e8ncia m\u00e9s bella\u00bb.<\/p><p>El segle dinou la va convertir en emblema her\u00e0ldic d&#8217;acad\u00e8mies i universitats, com l&#8217;Acad\u00e8mia de Ci\u00e8ncies de Berl\u00edn i la Universitat d&#8217;Atenes, al vest\u00edbul de la qual hi ha l&#8217;est\u00e0tua de la deessa segons el model de F\u00eddies.<\/p><p>Els estudis fonamentals de Klaus Vierneisel i Peter Zanker sobre la iconografia d&#8217;Atena han analitzat sistem\u00e0ticament la import\u00e0ncia cultural i pol\u00edtica de la figura durant el classicisme i el segle dinou.<\/p>\t\t\t\t\t\t\t\t<\/div>\n\t\t\t\t<\/div>\n\t\t<div class=\"elementor-element elementor-element-64df9ac e-con-full e-flex e-con e-child\" data-id=\"64df9ac\" data-element_type=\"container\" data-e-type=\"container\">\n\t\t\t\t<div class=\"elementor-element elementor-element-4eb67d5 elementor-widget elementor-widget-heading\" data-id=\"4eb67d5\" data-element_type=\"widget\" data-e-type=\"widget\" data-widget_type=\"heading.default\">\n\t\t\t\t\t<h2 class=\"elementor-heading-title elementor-size-default\">Classificaci\u00f3 dins la ci\u00e8ncia de la religi\u00f3<\/h2>\t\t\t\t<\/div>\n\t\t\t\t<div class=\"elementor-element elementor-element-17c1d6f elementor-widget elementor-widget-text-editor\" data-id=\"17c1d6f\" data-element_type=\"widget\" data-e-type=\"widget\" data-widget_type=\"text-editor.default\">\n\t\t\t\t\t\t\t\t\t<p>L&#8217;etimologia del nom Atena continua sent objecte de debat. Es considera improbable una derivaci\u00f3 indoeuropea; la majoria dels investigadors, entre ells Robert Beekes, assumeixen un origen pregrec, egeu. El lineal B coneix una denominaci\u00f3 \u00aba-ta-na-po-ti-ni-ja\u00bb (\u00abSenyora Athana\u00bb) en una <span class=\"iwg-fachbegriff\" data-tooltip=\"Un text gravat o esculpit sobre un suport fix.\" tabindex=\"0\">inscripci\u00f3<\/span> de Cnosos, la qual cosa suggereix una deessa protectora de l&#8217;edat del bronze d&#8217;una fortalesa o ciutat palatina.<\/p><p>Martin P. Nilsson veia en Atena una personificaci\u00f3 de la senyora del palau mic\u00e8nic, que va conservar la seva funci\u00f3 guerrera i artesanal en la transici\u00f3 de la reialesa palatina a la religi\u00f3 de la p\u00f2lis.<\/p>\n<p>Des d&#8217;una perspectiva comparativa indoeuropea, Atena mostra similituds estructurals amb la Minerva romana (a trav\u00e9s de la mediaci\u00f3 etrusca) i amb la Sarasvati indo\u00e0ria, que igualment protegeix la saviesa, la llengua i les arts. Per\u00f2 la combinaci\u00f3 espec\u00edfica de guerrera, patrona dels oficis i protectora de la ciutat \u00e9s rara en el material comparatiu indoeuropeu i dona suport a la hip\u00f2tesi d&#8217;una divinitat de substrat egeu.<\/p><p>Georges Dum\u00e9zil no va assignar Atena de manera inequ\u00edvoca dins el marc de la seva teoria de les tres funcions: mostra trets de les tres funcions, cosa inusual en una <span class=\"iwg-fachbegriff\" data-tooltip=\"Un \u00e9sser venerat com a div\u00ed dins d'una religi\u00f3.\" tabindex=\"0\">divinitat<\/span> indoeuropea, per\u00f2 previsible en una divinitat de substrat.<\/p>\n<p>Walter Burkert i Jean-Pierre Vernant han posat en relleu l&#8217;oposici\u00f3 estructural entre Atena i Ares com a model de la classificaci\u00f3 grega de la guerra: Atena representa la viol\u00e8ncia guerrera controlada, vinculada a la p\u00f2lis i finalment reconciliable, mentre que Ares representa la f\u00faria de la batalla, ext\u00e0tica i disgregadora de la comunitat. Aquesta polaritat \u00e9s clau per comprendre l&#8217;\u00e8tica militar grega.<\/p><p>La tesi de Joan Connelly (2014), segons la qual el fris del Parten\u00f3 no mostra la <span class=\"iwg-fachbegriff\" data-tooltip=\"Una process\u00f3 religiosa solemne.\" tabindex=\"0\">process\u00f3<\/span> de les Panatenees sin\u00f3 el sacrifici m\u00edtic de les filles d&#8217;Erecteu, ha obert un nou debat sobre el programa religi\u00f3s del culte estatal aten\u00e8s. La recerca m\u00e9s recent de les darreres d\u00e8cades subratlla en conjunt la funci\u00f3 pol\u00edtica d&#8217;Atena com a <span class=\"iwg-fachbegriff\" data-tooltip=\"Una imatge visual que representa una idea abstracta.\" tabindex=\"0\">s\u00edmbol<\/span> de l&#8217;autoafirmaci\u00f3 democr\u00e0tica d&#8217;Atenes.<\/p>\t\t\t\t\t\t\t\t<\/div>\n\t\t\t\t<\/div>\n\t\t<div class=\"elementor-element elementor-element-3162f43 e-con-full e-flex e-con e-child\" data-id=\"3162f43\" data-element_type=\"container\" data-e-type=\"container\">\n\t\t\t\t<div class=\"elementor-element elementor-element-bb06698 elementor-widget elementor-widget-heading\" data-id=\"bb06698\" data-element_type=\"widget\" data-e-type=\"widget\" data-widget_type=\"heading.default\">\n\t\t\t\t\t<h2 class=\"elementor-heading-title elementor-size-default\">Fonts<\/h2>\t\t\t\t<\/div>\n\t\t\t\t<div class=\"elementor-element elementor-element-1c02019 elementor-widget elementor-widget-text-editor\" data-id=\"1c02019\" data-element_type=\"widget\" data-e-type=\"widget\" data-widget_type=\"text-editor.default\">\n\t\t\t\t\t\t\t\t\t<div data-nosnippet=\"true\"><p>Homer, \u00abIl\u00edada\u00bb (especialment V, XV, XX-XXII) i \u00abOdissea\u00bb (especialment I, V, XIII). Hes\u00edode, \u00abTeogonia\u00bb 886-900 i 924-926. Apol\u00b7lodor, \u00abBiblioteca\u00bb, III, 14 (disputa per l&#8217;\u00c0tica, Erictoni).<\/p><p>Paus\u00e0nias, \u00abDescripci\u00f3 de Gr\u00e8cia\u00bb, I, 24-28 (Acr\u00f2polis); Her\u00f2dot, \u00abHist\u00f2ries\u00bb, IV, 180 (<span class=\"iwg-fachbegriff\" data-tooltip=\"El conjunt d'actes rituals de veneraci\u00f3 dedicats a una divinitat o figura sagrada.\" tabindex=\"0\">culte<\/span> l\u00edbic d&#8217;Atena). Ovidi, \u00abMetamorfosis\u00bb, VI, 5-145 (Aracne) i IV, 798-803 (Medusa).<\/p><p>Ovidi, \u00abFasti\u00bb III, 809-848 (Quinquatrus). P\u00edndar, Odes Ol\u00edmpiques VII. Eur\u00edpides, \u00abI\u00f3\u00bb i \u00abLes troianes\u00bb.<\/p><p>Walter Burkert, \u00abGriechische Religion der archaischen und klassischen Epoche\u00bb, Stuttgart 1977. Karl Ker\u00e9nyi, \u00abDie <span class=\"iwg-fachbegriff\" data-tooltip=\"El conjunt de relats m\u00edtics transmesos d'una cultura sobre els seus d\u00e9us.\" tabindex=\"0\">Mythologie<\/span> der Griechen\u00bb, Z\u00faric 1951. Jean-Pierre Vernant, \u00ab<span class=\"iwg-fachbegriff\" data-tooltip=\"Un relat transm\u00e8s sobre d\u00e9us, or\u00edgens i l'ordre del m\u00f3n.\" tabindex=\"0\">Mythe<\/span> et soci\u00e9t\u00e9 en Gr\u00e8ce ancienne\u00bb, Frankfurt am Main 1987. Joan Breton Connelly, \u00abThe Parthenon Enigma\u00bb, Nova York 2014.<\/p><\/div>\t\t\t\t\t\t\t\t<\/div>\n\t\t\t\t<\/div>\n\t\t\t\t\t<\/div>\n\t\t\t\t<\/div>\n\t\t\t\t<\/div>\n\t\t","protected":false},"excerpt":{"rendered":"","protected":false},"author":3,"featured_media":2982,"parent":0,"menu_order":0,"comment_status":"closed","ping_status":"closed","template":"elementor_header_footer","meta":{"_yoast_wpseo_focuskw":"Atena","_yoast_wpseo_title":"Atena \u2013 Deessa de la saviesa, protectora d'Atenes | iWell Guard","_yoast_wpseo_metadesc":"Atena \u00e9s la deessa de la saviesa, l'estrat\u00e8gia i les arts artesanes, nascuda del cap de Zeus. Protectora d'Atenes, amb el mussol i l'\u00e8gida.","_yoast_wpseo_meta-robots-noindex":"","_yoast_wpseo_canonical":"","_angie_page":false,"gefaehrdungsstufe":"1","wesen_kultur":"griechenland","wesen_klasse":"goetter","footnotes":""},"categories":[],"class_list":["post-171799","page","type-page","status-publish","has-post-thumbnail","hentry"],"yoast_head":"<!-- This site is optimized with the Yoast SEO Premium plugin v27.7 (Yoast SEO v28.3) - https:\/\/yoast.com\/product\/yoast-seo-premium-wordpress\/ -->\n<title>Atena \u2013 Deessa de la saviesa, protectora d&#039;Atenes | iWell Guard<\/title>\n<meta name=\"description\" content=\"Atena \u00e9s la deessa de la saviesa, l&#039;estrat\u00e8gia i les arts artesanes, nascuda del cap de Zeus. Protectora d&#039;Atenes, amb el mussol i l&#039;\u00e8gida.\" \/>\n<meta name=\"robots\" content=\"index, follow, max-snippet:-1, max-image-preview:large, max-video-preview:-1\" \/>\n<link rel=\"canonical\" href=\"https:\/\/iwell-guard.com\/ca\/atena\/\" \/>\n<meta property=\"og:locale\" content=\"ca_ES\" \/>\n<meta property=\"og:type\" content=\"article\" \/>\n<meta property=\"og:title\" content=\"Atena\" \/>\n<meta property=\"og:description\" content=\"Atena \u00e9s la deessa de la saviesa, l&#039;estrat\u00e8gia i les arts artesanes, nascuda del cap de Zeus. Protectora d&#039;Atenes, amb el mussol i l&#039;\u00e8gida.\" \/>\n<meta property=\"og:url\" content=\"https:\/\/iwell-guard.com\/ca\/atena\/\" \/>\n<meta property=\"og:site_name\" content=\"iWell Guard\" \/>\n<meta property=\"article:modified_time\" content=\"2026-09-05T16:07:30+00:00\" \/>\n<meta property=\"og:image\" content=\"https:\/\/iwell-guard.com\/wp-content\/uploads\/2026\/05\/goetter_griechenland_athene.webp\" \/>\n\t<meta property=\"og:image:width\" content=\"1024\" \/>\n\t<meta property=\"og:image:height\" content=\"1536\" \/>\n\t<meta property=\"og:image:type\" content=\"image\/webp\" \/>\n<meta name=\"twitter:card\" content=\"summary_large_image\" \/>\n<script type=\"application\/ld+json\" class=\"yoast-schema-graph\">{\"@context\":\"https:\\\/\\\/schema.org\",\"@graph\":[{\"@type\":\"WebPage\",\"@id\":\"https:\\\/\\\/iwell-guard.com\\\/ca\\\/atena\\\/\",\"url\":\"https:\\\/\\\/iwell-guard.com\\\/ca\\\/atena\\\/\",\"name\":\"Atena \u2013 Deessa de la saviesa, protectora d'Atenes | iWell Guard\",\"isPartOf\":{\"@id\":\"https:\\\/\\\/iwell-guard.com\\\/ca\\\/#website\"},\"primaryImageOfPage\":{\"@id\":\"https:\\\/\\\/iwell-guard.com\\\/ca\\\/atena\\\/#primaryimage\"},\"image\":{\"@id\":\"https:\\\/\\\/iwell-guard.com\\\/ca\\\/atena\\\/#primaryimage\"},\"thumbnailUrl\":\"https:\\\/\\\/iwell-guard.com\\\/wp-content\\\/uploads\\\/2026\\\/05\\\/goetter_griechenland_athene.webp\",\"datePublished\":\"2026-09-05T15:42:30+00:00\",\"dateModified\":\"2026-09-05T16:07:30+00:00\",\"description\":\"Atena \u00e9s la deessa de la saviesa, l'estrat\u00e8gia i les arts artesanes, nascuda del cap de Zeus. Protectora d'Atenes, amb el mussol i l'\u00e8gida.\",\"breadcrumb\":{\"@id\":\"https:\\\/\\\/iwell-guard.com\\\/ca\\\/atena\\\/#breadcrumb\"},\"inLanguage\":\"ca\",\"potentialAction\":[{\"@type\":\"ReadAction\",\"target\":[\"https:\\\/\\\/iwell-guard.com\\\/ca\\\/atena\\\/\"]}]},{\"@type\":\"ImageObject\",\"inLanguage\":\"ca\",\"@id\":\"https:\\\/\\\/iwell-guard.com\\\/ca\\\/atena\\\/#primaryimage\",\"url\":\"https:\\\/\\\/iwell-guard.com\\\/wp-content\\\/uploads\\\/2026\\\/05\\\/goetter_griechenland_athene.webp\",\"contentUrl\":\"https:\\\/\\\/iwell-guard.com\\\/wp-content\\\/uploads\\\/2026\\\/05\\\/goetter_griechenland_athene.webp\",\"width\":1024,\"height\":1536,\"caption\":\"D\u00e9us de la tradici\u00f3 grega.\"},{\"@type\":\"BreadcrumbList\",\"@id\":\"https:\\\/\\\/iwell-guard.com\\\/ca\\\/atena\\\/#breadcrumb\",\"itemListElement\":[{\"@type\":\"ListItem\",\"position\":1,\"name\":\"Start\",\"item\":\"https:\\\/\\\/iwell-guard.com\\\/ca\\\/?page_id=171333\"},{\"@type\":\"ListItem\",\"position\":2,\"name\":\"Atena\"}]},{\"@type\":\"WebSite\",\"@id\":\"https:\\\/\\\/iwell-guard.com\\\/ca\\\/#website\",\"url\":\"https:\\\/\\\/iwell-guard.com\\\/ca\\\/\",\"name\":\"iWell Guard\",\"description\":\"Schutz vor dunklen Einfl\u00fcssen\",\"publisher\":{\"@id\":\"https:\\\/\\\/iwell-guard.com\\\/ca\\\/#organization\"},\"potentialAction\":[{\"@type\":\"SearchAction\",\"target\":{\"@type\":\"EntryPoint\",\"urlTemplate\":\"https:\\\/\\\/iwell-guard.com\\\/ca\\\/?s={search_term_string}\"},\"query-input\":{\"@type\":\"PropertyValueSpecification\",\"valueRequired\":true,\"valueName\":\"search_term_string\"}}],\"inLanguage\":\"ca\"},{\"@type\":\"Organization\",\"@id\":\"https:\\\/\\\/iwell-guard.com\\\/ca\\\/#organization\",\"name\":\"Ittermann electronic GmbH\",\"url\":\"https:\\\/\\\/iwell-guard.com\\\/ca\\\/\",\"logo\":{\"@type\":\"ImageObject\",\"inLanguage\":\"ca\",\"@id\":\"https:\\\/\\\/iwell-guard.com\\\/ca\\\/#\\\/schema\\\/logo\\\/image\\\/\",\"url\":\"https:\\\/\\\/iwell-guard.com\\\/wp-content\\\/uploads\\\/2026\\\/05\\\/Ittermann-Logo-1182x237-1.png\",\"contentUrl\":\"https:\\\/\\\/iwell-guard.com\\\/wp-content\\\/uploads\\\/2026\\\/05\\\/Ittermann-Logo-1182x237-1.png\",\"width\":1182,\"height\":237,\"caption\":\"Ittermann electronic GmbH\"},\"image\":{\"@id\":\"https:\\\/\\\/iwell-guard.com\\\/ca\\\/#\\\/schema\\\/logo\\\/image\\\/\"},\"sameAs\":[\"https:\\\/\\\/pantip.com\\\/profile\\\/9367242\",\"https:\\\/\\\/micro.blog\\\/iwellguard\",\"https:\\\/\\\/www.diggerslist.com\\\/iwellguard\\\/about\",\"https:\\\/\\\/skitterphoto.com\\\/photographers\\\/2870314\\\/iwell-guard\",\"https:\\\/\\\/iwellguard.wordpress.com\\\/2026\\\/06\\\/06\\\/iwell-guard\\\/\",\"https:\\\/\\\/hub.docker.com\\\/u\\\/iwellguard\",\"https:\\\/\\\/www.pinterest.com\\\/iwellguard\\\/\",\"https:\\\/\\\/bit.ly\\\/m\\\/iwellguard\",\"https:\\\/\\\/entre-vos-mains.alsace.eu\\\/profiles\\\/iwellguard\\\/activity\",\"https:\\\/\\\/gravatar.com\\\/reallybeded8fd34\",\"https:\\\/\\\/naijamatta.com\\\/iwellguard\",\"https:\\\/\\\/www.goodreads.com\\\/iwellguard\",\"https:\\\/\\\/profile.hatena.ne.jp\\\/iwellguard\\\/\",\"https:\\\/\\\/experiment.com\\\/users\\\/iwellguard\",\"https:\\\/\\\/wakelet.com\\\/@iWellGuard82270\",\"https:\\\/\\\/www.chordie.com\\\/forum\\\/profile.php?id=2555664\",\"https:\\\/\\\/www.instapaper.com\\\/p\\\/17757966\",\"https:\\\/\\\/www.mapleprimes.com\\\/users\\\/iwellguard\",\"https:\\\/\\\/businesslistingplus.com\\\/profile\\\/iwell-guard\\\/\",\"https:\\\/\\\/telegra.ph\\\/iWell-Guard-06-06\",\"https:\\\/\\\/pbase.com\\\/iwellguard\\\/iwellguard\",\"https:\\\/\\\/b.hatena.ne.jp\\\/iwellguard\\\/20260607#bookmark-4788405196491818882\",\"https:\\\/\\\/fliphtml5.com\\\/home\\\/iwellguard\",\"https:\\\/\\\/anyflip.com\\\/homepage\\\/cmiwl#About\",\"https:\\\/\\\/transfur.com\\\/Users\\\/iwellguard\",\"http:\\\/\\\/delphi.larsbo.org\\\/user\\\/iwellguard\",\"https:\\\/\\\/jobs.lajobsportal.org\\\/profiles\\\/8380803-iwell-guard\",\"https:\\\/\\\/md.chaosdorf.de\\\/s\\\/jfbe5SBdJD\",\"https:\\\/\\\/www.lingvolive.com\\\/en-us\\\/profile\\\/9ecaeaca-ce11-4e51-9e71-01d55e2bff36\\\/translations\",\"https:\\\/\\\/www.fitday.com\\\/fitness\\\/forums\\\/members\\\/iwellguard.html\",\"https:\\\/\\\/www.mymeetbook.com\\\/iwellguard\",\"https:\\\/\\\/pxhere.com\\\/en\\\/photographer-me\\\/5040798\",\"https:\\\/\\\/disqus.com\\\/by\\\/iwellguard\\\/about\\\/\",\"https:\\\/\\\/pastelink.net\\\/hjwciqwq\",\"https:\\\/\\\/pubhtml5.com\\\/homepage\\\/scjhn\\\/\",\"https:\\\/\\\/www.bitchute.com\\\/channel\\\/2O2eOKzNqujT\",\"https:\\\/\\\/audiomack.com\\\/iwellguard\"]},{\"@type\":\"Article\",\"@id\":\"https:\\\/\\\/iwell-guard.com\\\/ca\\\/atena\\\/#article\",\"isPartOf\":{\"@id\":\"https:\\\/\\\/iwell-guard.com\\\/ca\\\/atena\\\/\"},\"author\":{\"name\":\"Ralf Ittermann\",\"@id\":\"https:\\\/\\\/iwell-guard.com\\\/ca\\\/#\\\/schema\\\/person\\\/ee2a27f1cac3406c7c6fb5820cb7349f\"},\"headline\":\"Atena\",\"datePublished\":\"2026-09-05T15:42:30+00:00\",\"dateModified\":\"2026-09-05T16:07:30+00:00\",\"mainEntityOfPage\":{\"@id\":\"https:\\\/\\\/iwell-guard.com\\\/ca\\\/atena\\\/\"},\"publisher\":{\"@id\":\"https:\\\/\\\/iwell-guard.com\\\/ca\\\/#organization\"},\"image\":{\"@id\":\"https:\\\/\\\/iwell-guard.com\\\/ca\\\/atena\\\/#primaryimage\"},\"thumbnailUrl\":\"https:\\\/\\\/iwell-guard.com\\\/wp-content\\\/uploads\\\/2026\\\/05\\\/goetter_griechenland_athene.webp\",\"inLanguage\":\"ca\",\"description\":\"Atena \u00e9s la deessa de la saviesa, l'estrat\u00e8gia i les arts artesanes, nascuda del cap de Zeus. Protectora d'Atenes, amb el mussol i l'\u00e8gida.\"}]}<\/script>\n<!-- \/ Yoast SEO Premium plugin. -->","yoast_head_json":{"title":"Atena \u2013 Deessa de la saviesa, protectora d'Atenes | iWell Guard","description":"Atena \u00e9s la deessa de la saviesa, l'estrat\u00e8gia i les arts artesanes, nascuda del cap de Zeus. Protectora d'Atenes, amb el mussol i l'\u00e8gida.","robots":{"index":"index","follow":"follow","max-snippet":"max-snippet:-1","max-image-preview":"max-image-preview:large","max-video-preview":"max-video-preview:-1"},"canonical":"https:\/\/iwell-guard.com\/ca\/atena\/","og_locale":"ca_ES","og_type":"article","og_title":"Atena","og_description":"Atena \u00e9s la deessa de la saviesa, l'estrat\u00e8gia i les arts artesanes, nascuda del cap de Zeus. Protectora d'Atenes, amb el mussol i l'\u00e8gida.","og_url":"https:\/\/iwell-guard.com\/ca\/atena\/","og_site_name":"iWell Guard","article_modified_time":"2026-09-05T16:07:30+00:00","og_image":[{"width":1024,"height":1536,"url":"https:\/\/iwell-guard.com\/wp-content\/uploads\/2026\/05\/goetter_griechenland_athene.webp","type":"image\/webp"}],"twitter_card":"summary_large_image","schema":{"@context":"https:\/\/schema.org","@graph":[{"@type":"Article","@id":"https:\/\/iwell-guard.com\/ca\/atena\/#article","isPartOf":{"@id":"https:\/\/iwell-guard.com\/ca\/atena\/"},"author":{"name":"Ralf Ittermann","@id":"https:\/\/iwell-guard.com\/ca\/#\/schema\/person\/ee2a27f1cac3406c7c6fb5820cb7349f"},"headline":"Atena","datePublished":"2026-09-05T15:42:30+00:00","dateModified":"2026-09-05T16:07:30+00:00","mainEntityOfPage":{"@id":"https:\/\/iwell-guard.com\/ca\/atena\/"},"publisher":{"@id":"https:\/\/iwell-guard.com\/ca\/#organization"},"image":{"@id":"https:\/\/iwell-guard.com\/ca\/atena\/#primaryimage"},"thumbnailUrl":"https:\/\/iwell-guard.com\/wp-content\/uploads\/2026\/05\/goetter_griechenland_athene.webp","inLanguage":"ca","description":"Atena \u00e9s la deessa de la saviesa, l'estrat\u00e8gia i les arts artesanes, nascuda del cap de Zeus. Protectora d'Atenes, amb el mussol i l'\u00e8gida."},{"@type":"WebPage","@id":"https:\/\/iwell-guard.com\/ca\/atena\/","url":"https:\/\/iwell-guard.com\/ca\/atena\/","name":"Atena \u2013 Deessa de la saviesa, protectora d'Atenes | iWell Guard","isPartOf":{"@id":"https:\/\/iwell-guard.com\/ca\/#website"},"primaryImageOfPage":{"@id":"https:\/\/iwell-guard.com\/ca\/atena\/#primaryimage"},"image":{"@id":"https:\/\/iwell-guard.com\/ca\/atena\/#primaryimage"},"thumbnailUrl":"https:\/\/iwell-guard.com\/wp-content\/uploads\/2026\/05\/goetter_griechenland_athene.webp","datePublished":"2026-09-05T15:42:30+00:00","dateModified":"2026-09-05T16:07:30+00:00","description":"Atena \u00e9s la deessa de la saviesa, l'estrat\u00e8gia i les arts artesanes, nascuda del cap de Zeus. Protectora d'Atenes, amb el mussol i l'\u00e8gida.","breadcrumb":{"@id":"https:\/\/iwell-guard.com\/ca\/atena\/#breadcrumb"},"inLanguage":"ca","potentialAction":[{"@type":"ReadAction","target":["https:\/\/iwell-guard.com\/ca\/atena\/"]}]},{"@type":"ImageObject","inLanguage":"ca","@id":"https:\/\/iwell-guard.com\/ca\/atena\/#primaryimage","url":"https:\/\/iwell-guard.com\/wp-content\/uploads\/2026\/05\/goetter_griechenland_athene.webp","contentUrl":"https:\/\/iwell-guard.com\/wp-content\/uploads\/2026\/05\/goetter_griechenland_athene.webp","width":1024,"height":1536,"caption":"D\u00e9us de la tradici\u00f3 grega."},{"@type":"BreadcrumbList","@id":"https:\/\/iwell-guard.com\/ca\/atena\/#breadcrumb","itemListElement":[{"@type":"ListItem","position":1,"name":"Start","item":"https:\/\/iwell-guard.com\/ca\/?page_id=171333"},{"@type":"ListItem","position":2,"name":"Atena"}]},{"@type":"WebSite","@id":"https:\/\/iwell-guard.com\/ca\/#website","url":"https:\/\/iwell-guard.com\/ca\/","name":"iWell Guard","description":"Schutz vor dunklen Einfl\u00fcssen","publisher":{"@id":"https:\/\/iwell-guard.com\/ca\/#organization"},"potentialAction":[{"@type":"SearchAction","target":{"@type":"EntryPoint","urlTemplate":"https:\/\/iwell-guard.com\/ca\/?s={search_term_string}"},"query-input":{"@type":"PropertyValueSpecification","valueRequired":true,"valueName":"search_term_string"}}],"inLanguage":"ca"},{"@type":"Organization","@id":"https:\/\/iwell-guard.com\/ca\/#organization","name":"Ittermann electronic GmbH","url":"https:\/\/iwell-guard.com\/ca\/","logo":{"@type":"ImageObject","inLanguage":"ca","@id":"https:\/\/iwell-guard.com\/ca\/#\/schema\/logo\/image\/","url":"https:\/\/iwell-guard.com\/wp-content\/uploads\/2026\/05\/Ittermann-Logo-1182x237-1.png","contentUrl":"https:\/\/iwell-guard.com\/wp-content\/uploads\/2026\/05\/Ittermann-Logo-1182x237-1.png","width":1182,"height":237,"caption":"Ittermann electronic GmbH"},"image":{"@id":"https:\/\/iwell-guard.com\/ca\/#\/schema\/logo\/image\/"},"sameAs":["https:\/\/pantip.com\/profile\/9367242","https:\/\/micro.blog\/iwellguard","https:\/\/www.diggerslist.com\/iwellguard\/about","https:\/\/skitterphoto.com\/photographers\/2870314\/iwell-guard","https:\/\/iwellguard.wordpress.com\/2026\/06\/06\/iwell-guard\/","https:\/\/hub.docker.com\/u\/iwellguard","https:\/\/www.pinterest.com\/iwellguard\/","https:\/\/bit.ly\/m\/iwellguard","https:\/\/entre-vos-mains.alsace.eu\/profiles\/iwellguard\/activity","https:\/\/gravatar.com\/reallybeded8fd34","https:\/\/naijamatta.com\/iwellguard","https:\/\/www.goodreads.com\/iwellguard","https:\/\/profile.hatena.ne.jp\/iwellguard\/","https:\/\/experiment.com\/users\/iwellguard","https:\/\/wakelet.com\/@iWellGuard82270","https:\/\/www.chordie.com\/forum\/profile.php?id=2555664","https:\/\/www.instapaper.com\/p\/17757966","https:\/\/www.mapleprimes.com\/users\/iwellguard","https:\/\/businesslistingplus.com\/profile\/iwell-guard\/","https:\/\/telegra.ph\/iWell-Guard-06-06","https:\/\/pbase.com\/iwellguard\/iwellguard","https:\/\/b.hatena.ne.jp\/iwellguard\/20260607#bookmark-4788405196491818882","https:\/\/fliphtml5.com\/home\/iwellguard","https:\/\/anyflip.com\/homepage\/cmiwl#About","https:\/\/transfur.com\/Users\/iwellguard","http:\/\/delphi.larsbo.org\/user\/iwellguard","https:\/\/jobs.lajobsportal.org\/profiles\/8380803-iwell-guard","https:\/\/md.chaosdorf.de\/s\/jfbe5SBdJD","https:\/\/www.lingvolive.com\/en-us\/profile\/9ecaeaca-ce11-4e51-9e71-01d55e2bff36\/translations","https:\/\/www.fitday.com\/fitness\/forums\/members\/iwellguard.html","https:\/\/www.mymeetbook.com\/iwellguard","https:\/\/pxhere.com\/en\/photographer-me\/5040798","https:\/\/disqus.com\/by\/iwellguard\/about\/","https:\/\/pastelink.net\/hjwciqwq","https:\/\/pubhtml5.com\/homepage\/scjhn\/","https:\/\/www.bitchute.com\/channel\/2O2eOKzNqujT","https:\/\/audiomack.com\/iwellguard"]},{"@type":"Person","@id":"https:\/\/iwell-guard.com\/ca\/#\/schema\/person\/ee2a27f1cac3406c7c6fb5820cb7349f","name":"Ralf Ittermann","image":{"@type":"ImageObject","inLanguage":"ca","@id":"https:\/\/secure.gravatar.com\/avatar\/073c0153e350a5005b68eb752b445fea71f6b24a26da9449ad7e155e6b446c9d?s=96&d=mm&r=g","url":"https:\/\/secure.gravatar.com\/avatar\/073c0153e350a5005b68eb752b445fea71f6b24a26da9449ad7e155e6b446c9d?s=96&d=mm&r=g","contentUrl":"https:\/\/secure.gravatar.com\/avatar\/073c0153e350a5005b68eb752b445fea71f6b24a26da9449ad7e155e6b446c9d?s=96&d=mm&r=g","caption":"Ralf Ittermann"},"givenName":"Ralf","familyName":"Ittermann","jobTitle":"Gesch\u00e4ftsf\u00fchrer und redaktioneller Verantwortlicher","url":"https:\/\/iwell-guard.com\/ca\/author\/claude\/","description":"Ralf Ittermann ist Gesch\u00e4ftsf\u00fchrer der Ittermann electronic GmbH und redaktioneller Verantwortlicher des iWell-Guard-Lexikons. Er verbindet langj\u00e4hrige Erfahrung in der Pr\u00e4zisionsfertigung mit medialer Praxis und religionsgeschichtlicher Quellenarbeit.","worksFor":{"@type":"Organization","name":"Ittermann electronic GmbH","url":"https:\/\/ittermann.de\/","address":{"@type":"PostalAddress","streetAddress":"K\u00f6hlergasse 16-18","postalCode":"99842","addressLocality":"Ruhla","addressCountry":"DE"}},"knowsAbout":["Religionsgeschichte","Mythologie","Mediale Praxis","Energetische Diagnostik","Schutzpraxis","Volksglauben","Westliche Esoterik"]},{"@type":"Article","@id":"https:\/\/iwell-guard.com\/ca\/atena\/#article","isPartOf":{"@id":"https:\/\/iwell-guard.com\/ca\/atena\/"},"author":{"name":"Ralf Ittermann","@id":"https:\/\/iwell-guard.com\/ca\/#\/schema\/person\/ee2a27f1cac3406c7c6fb5820cb7349f"},"headline":"Atena","datePublished":"2026-09-05T15:42:30+00:00","dateModified":"2026-09-05T16:07:30+00:00","mainEntityOfPage":{"@id":"https:\/\/iwell-guard.com\/ca\/atena\/"},"publisher":{"@id":"https:\/\/iwell-guard.com\/ca\/#organization"},"image":{"@id":"https:\/\/iwell-guard.com\/ca\/atena\/#primaryimage"},"thumbnailUrl":"https:\/\/iwell-guard.com\/wp-content\/uploads\/2026\/05\/goetter_griechenland_athene.webp","inLanguage":"ca","description":"Atena \u00e9s la deessa de la saviesa, l'estrat\u00e8gia i les arts artesanes, nascuda del cap de Zeus. Protectora d'Atenes, amb el mussol i l'\u00e8gida."}]}},"_links":{"self":[{"href":"https:\/\/iwell-guard.com\/ca\/wp-json\/wp\/v2\/pages\/171799","targetHints":{"allow":["GET"]}}],"collection":[{"href":"https:\/\/iwell-guard.com\/ca\/wp-json\/wp\/v2\/pages"}],"about":[{"href":"https:\/\/iwell-guard.com\/ca\/wp-json\/wp\/v2\/types\/page"}],"author":[{"embeddable":true,"href":"https:\/\/iwell-guard.com\/ca\/wp-json\/wp\/v2\/users\/3"}],"replies":[{"embeddable":true,"href":"https:\/\/iwell-guard.com\/ca\/wp-json\/wp\/v2\/comments?post=171799"}],"version-history":[{"count":0,"href":"https:\/\/iwell-guard.com\/ca\/wp-json\/wp\/v2\/pages\/171799\/revisions"}],"wp:featuredmedia":[{"embeddable":true,"href":"https:\/\/iwell-guard.com\/ca\/wp-json\/wp\/v2\/media\/2982"}],"wp:attachment":[{"href":"https:\/\/iwell-guard.com\/ca\/wp-json\/wp\/v2\/media?parent=171799"}],"wp:term":[{"taxonomy":"category","embeddable":true,"href":"https:\/\/iwell-guard.com\/ca\/wp-json\/wp\/v2\/categories?post=171799"}],"curies":[{"name":"wp","href":"https:\/\/api.w.org\/{rel}","templated":true}]}}