{"id":171798,"date":"2026-09-05T15:42:30","date_gmt":"2026-09-05T15:42:30","guid":{"rendered":"https:\/\/iwell-guard.com\/?page_id=171798"},"modified":"2026-09-05T16:07:29","modified_gmt":"2026-09-05T16:07:29","slug":"hera","status":"publish","type":"page","link":"https:\/\/iwell-guard.com\/ca\/hera\/","title":{"rendered":"Hera"},"content":{"rendered":"\t\t<div data-elementor-type=\"wp-page\" data-elementor-id=\"171798\" class=\"elementor elementor-171798 elementor-2975 elementor-bc-flex-widget\" data-elementor-post-type=\"page\">\n\t\t\t\t<div class=\"elementor-element elementor-element-02c38e4 e-flex e-con-boxed e-con e-parent\" data-id=\"02c38e4\" data-element_type=\"container\" data-e-type=\"container\" data-settings=\"{&quot;background_background&quot;:&quot;classic&quot;}\">\n\t\t\t\t\t<div class=\"e-con-inner\">\n\t\t<div class=\"elementor-element elementor-element-bd34ca0 e-flex e-con-boxed e-con e-child\" data-id=\"bd34ca0\" data-element_type=\"container\" data-e-type=\"container\">\n\t\t\t\t\t<div class=\"e-con-inner\">\n\t\t<div class=\"elementor-element elementor-element-95d8c55 e-con-full e-flex e-con e-child\" data-id=\"95d8c55\" data-element_type=\"container\" data-e-type=\"container\">\n\t\t\t\t<div class=\"elementor-element elementor-element-fc0d859 elementor-widget elementor-widget-heading\" data-id=\"fc0d859\" data-element_type=\"widget\" data-e-type=\"widget\" data-widget_type=\"heading.default\">\n\t\t\t\t\t<h1 class=\"elementor-heading-title elementor-size-default\">Hera, deessa del matrimoni i reina de l'Olimp<\/h1>\t\t\t\t<\/div>\n\t\t\t\t<div class=\"elementor-element elementor-element-233b87c elementor-widget elementor-widget-text-editor\" data-id=\"233b87c\" data-element_type=\"widget\" data-e-type=\"widget\" data-widget_type=\"text-editor.default\">\n\t\t\t\t\t\t\t\t\t<p>Hera figura, dins del <span class=\"iwg-fachbegriff\" data-tooltip=\"El conjunt dels d\u00e9us d'una religi\u00f3 o cultura.\" tabindex=\"0\">pante\u00f3<\/span> grec, entre les dotze grans divinitats ol\u00edmpiques i \u00e9s considerada germana i alhora esposa de Zeus. Encarna el matrimoni leg\u00edtim, el vincle conjugal i la sobirania de la reina. En la \u00abTeogonia\u00bb d&#8217;Hes\u00edode se l&#8217;anomena filla de Cronos i Rea, amb la qual cosa pertany a la generaci\u00f3 m\u00e9s antiga dels ol\u00edmpics.<\/p><p>El seu ep\u00edtet \u00abteleia\u00bb, la \u00abPerfecta\u00bb o \u00abConsumada\u00bb, la designa com a patrona del matrimoni consumat; en el <span class=\"iwg-fachbegriff\" data-tooltip=\"El conjunt d'actes de veneraci\u00f3 religiosa envers una divinitat o figura sagrada.\" tabindex=\"0\">culte<\/span> d&#8217;Argos apareix com a \u00abArgeia\u00bb, l&#8217;Argiva.<\/p><p>M\u00e9s enll\u00e0 de l&#8217;\u00e8pica hom\u00e8rica, Hera \u00e9s present en nombrosos cultes locals, des d&#8217;Argos i Samos fins a Ol\u00edmpia i la Magna Gr\u00e8cia. La pr\u00e0ctica cultual d&#8217;aquests llocs suggereix una senyora urbana independent, que nom\u00e9s en una segona etapa esdevindria l&#8217;esposa ol\u00edmpica.<\/p>\t\t\t\t\t\t\t\t<\/div>\n\t\t\t\t<\/div>\n\t\t<div class=\"elementor-element elementor-element-d4b5642 e-con-full e-flex e-con e-parent\" data-id=\"d4b5642\" data-element_type=\"container\" data-e-type=\"container\">\n\t\t\t\t<div class=\"elementor-element elementor-element-f5fd9db elementor-widget elementor-widget-html\" data-id=\"f5fd9db\" data-element_type=\"widget\" data-e-type=\"widget\" data-widget_type=\"html.default\">\n\t\t\t\t\t<div class=\"iwg-pill-row\"><span class=\"iwg-klasse-badge\" tabindex=\"0\" data-tooltip=\"D\u00e9u \/ Deessa: Poder personificat suprem en el pante\u00f3 d'una cultura, amb funcions clares: forces naturals, dest\u00ed, guerra, fertilitat. Venerat mitjan\u00e7ant cultes, sacrificis i institucions de temple.\">D\u00e9u<\/span><a href=\"https:\/\/iwell-guard.com\/ca\/grecia\/\" class=\"iwg-kultur-badge\" tabindex=\"0\" data-tooltip=\"Religi\u00f3 i mitologia de la Gr\u00e8cia antiga, des de l'\u00e8poca mic\u00e8nica fins a l'antiguitat tardana.\">Gr\u00e8cia<\/a><\/div>\t\t\t\t<\/div>\n\t\t\t\t<\/div>\n\t\t<div class=\"elementor-element elementor-element-283b43a e-con-full e-flex e-con e-child\" data-id=\"283b43a\" data-element_type=\"container\" data-e-type=\"container\">\n\t\t\t\t<div class=\"elementor-element elementor-element-0d4e971 elementor-toc--minimized-on-tablet elementor-widget elementor-widget-table-of-contents\" data-id=\"0d4e971\" data-element_type=\"widget\" data-e-type=\"widget\" data-settings=\"{&quot;exclude_headings_by_selector&quot;:[],&quot;no_headings_message&quot;:&quot;No s&#039;ha trobat cap encap\\u00e7alament en aquesta p\\u00e0gina.&quot;,&quot;headings_by_tags&quot;:[&quot;h2&quot;,&quot;h3&quot;],&quot;marker_view&quot;:&quot;bullets&quot;,&quot;icon&quot;:{&quot;value&quot;:&quot;fas fa-circle&quot;,&quot;library&quot;:&quot;fa-solid&quot;,&quot;rendered_tag&quot;:&quot;&lt;svg class=\\&quot;e-font-icon-svg e-fas-circle\\&quot; viewBox=\\&quot;0 0 512 512\\&quot; xmlns=\\&quot;http:\\\/\\\/www.w3.org\\\/2000\\\/svg\\&quot;&gt;&lt;path d=\\&quot;M256 8C119 8 8 119 8 256s111 248 248 248 248-111 248-248S393 8 256 8z\\&quot;&gt;&lt;\\\/path&gt;&lt;\\\/svg&gt;&quot;},&quot;minimize_box&quot;:&quot;yes&quot;,&quot;minimized_on&quot;:&quot;tablet&quot;,&quot;hierarchical_view&quot;:&quot;yes&quot;,&quot;min_height&quot;:{&quot;unit&quot;:&quot;px&quot;,&quot;size&quot;:&quot;&quot;,&quot;sizes&quot;:[]},&quot;min_height_tablet&quot;:{&quot;unit&quot;:&quot;px&quot;,&quot;size&quot;:&quot;&quot;,&quot;sizes&quot;:[]},&quot;min_height_mobile&quot;:{&quot;unit&quot;:&quot;px&quot;,&quot;size&quot;:&quot;&quot;,&quot;sizes&quot;:[]}}\" data-widget_type=\"table-of-contents.default\">\n\t\t\t\t\t\t\t\t\t<div class=\"elementor-toc__header\">\n\t\t\t\t\t\t<h2 class=\"elementor-toc__header-title\">\n\t\t\t\t\u00cdndex\t\t\t<\/h2>\n\t\t\t\t\t\t\t\t\t\t<div class=\"elementor-toc__toggle-button elementor-toc__toggle-button--expand\" role=\"button\" tabindex=\"0\" aria-controls=\"elementor-toc__0d4e971\" aria-expanded=\"true\" aria-label=\"Open table of contents\"><svg aria-hidden=\"true\" class=\"e-font-icon-svg e-fas-chevron-down\" viewBox=\"0 0 448 512\" xmlns=\"http:\/\/www.w3.org\/2000\/svg\"><path d=\"M207.029 381.476L12.686 187.132c-9.373-9.373-9.373-24.569 0-33.941l22.667-22.667c9.357-9.357 24.522-9.375 33.901-.04L224 284.505l154.745-154.021c9.379-9.335 24.544-9.317 33.901.04l22.667 22.667c9.373 9.373 9.373 24.569 0 33.941L240.971 381.476c-9.373 9.372-24.569 9.372-33.942 0z\"><\/path><\/svg><\/div>\n\t\t\t\t<div class=\"elementor-toc__toggle-button elementor-toc__toggle-button--collapse\" role=\"button\" tabindex=\"0\" aria-controls=\"elementor-toc__0d4e971\" aria-expanded=\"true\" aria-label=\"Close table of contents\"><svg aria-hidden=\"true\" class=\"e-font-icon-svg e-fas-chevron-up\" viewBox=\"0 0 448 512\" xmlns=\"http:\/\/www.w3.org\/2000\/svg\"><path d=\"M240.971 130.524l194.343 194.343c9.373 9.373 9.373 24.569 0 33.941l-22.667 22.667c-9.357 9.357-24.522 9.375-33.901.04L224 227.495 69.255 381.516c-9.379 9.335-24.544 9.317-33.901-.04l-22.667-22.667c-9.373-9.373-9.373-24.569 0-33.941L207.03 130.525c9.372-9.373 24.568-9.373 33.941-.001z\"><\/path><\/svg><\/div>\n\t\t\t\t\t<\/div>\n\t\t\t\t<div id=\"elementor-toc__0d4e971\" class=\"elementor-toc__body\">\n\t\t\t<div class=\"elementor-toc__spinner-container\">\n\t\t\t\t<svg class=\"elementor-toc__spinner eicon-animation-spin e-font-icon-svg e-eicon-loading\" aria-hidden=\"true\" viewBox=\"0 0 1000 1000\" xmlns=\"http:\/\/www.w3.org\/2000\/svg\"><path d=\"M500 975V858C696 858 858 696 858 500S696 142 500 142 142 304 142 500H25C25 237 238 25 500 25S975 237 975 500 763 975 500 975Z\"><\/path><\/svg>\t\t\t<\/div>\n\t\t<\/div>\n\t\t\t\t\t\t<\/div>\n\t\t\t\t<\/div>\n\t\t\t\t\t<\/div>\n\t\t\t\t<\/div>\n\t\t<div class=\"elementor-element elementor-element-03277b6 e-con-full e-flex e-con e-child\" data-id=\"03277b6\" data-element_type=\"container\" data-e-type=\"container\">\n\t\t\t\t<div class=\"elementor-element elementor-element-dcfe2b5 iwg-hero-image elementor-widget elementor-widget-image\" data-id=\"dcfe2b5\" data-element_type=\"widget\" data-e-type=\"widget\" data-widget_type=\"image.default\">\n\t\t\t\t\t\t\t\t\t\t\t\t\t\t\t<img fetchpriority=\"high\" decoding=\"async\" width=\"683\" height=\"1024\" src=\"https:\/\/iwell-guard.com\/wp-content\/uploads\/2026\/05\/goetter_griechenland_hera-683x1024.webp\" class=\"attachment-large size-large wp-image-173506\" alt=\"Hera - D\u00e9us de la tradici\u00f3 de Gr\u00e8cia, il\u00b7lustraci\u00f3 historicista\" srcset=\"https:\/\/iwell-guard.com\/wp-content\/uploads\/2026\/05\/goetter_griechenland_hera-683x1024.webp 683w, https:\/\/iwell-guard.com\/wp-content\/uploads\/2026\/05\/goetter_griechenland_hera-200x300.webp 200w, https:\/\/iwell-guard.com\/wp-content\/uploads\/2026\/05\/goetter_griechenland_hera-768x1152.webp 768w, https:\/\/iwell-guard.com\/wp-content\/uploads\/2026\/05\/goetter_griechenland_hera.webp 1024w\" sizes=\"(max-width: 683px) 100vw, 683px\" \/>\t\t\t\t\t\t\t\t\t\t\t\t\t\t\t<\/div>\n\t\t\t\t<\/div>\n\t\t\t\t\t<\/div>\n\t\t\t\t<\/div>\n\t\t<div class=\"elementor-element elementor-element-2f53819 e-con-boxed e-flex e-con e-parent\" data-id=\"2f53819\" data-element_type=\"container\" data-e-type=\"container\">\n\t\t\t\t\t<div class=\"e-con-inner\">\n\t\t<div class=\"elementor-element elementor-element-dc837e9 e-con-full e-flex e-con e-child\" data-id=\"dc837e9\" data-element_type=\"container\" data-e-type=\"container\">\n\t\t\t\t<div class=\"elementor-element elementor-element-8136194 elementor-widget elementor-widget-heading\" data-id=\"8136194\" data-element_type=\"widget\" data-e-type=\"widget\" data-widget_type=\"heading.default\">\n\t\t\t\t\t<h2 class=\"elementor-heading-title elementor-size-default\">Mite i genealogia<\/h2>\t\t\t\t<\/div>\n\t\t\t\t<div class=\"elementor-element elementor-element-1babf69 elementor-widget elementor-widget-text-editor\" data-id=\"1babf69\" data-element_type=\"widget\" data-e-type=\"widget\" data-widget_type=\"text-editor.default\">\n\t\t\t\t\t\t\t\t\t<p>Hes\u00edode situa Hera, a la \u00abTeogonia\u00bb (versos 453 a 458), en la segona generaci\u00f3 d&#8217;\u00e9ssers div\u00ed: \u00e9s filla dels titans Cronos i Rea, germana d&#8217;H\u00e8stia, Dem\u00e8ter, Hades, Posid\u00f3 i Zeus.<\/p><p>Segons la faula de l&#8217;engoliment, com els seus germans \u00e9s empassada per Cronos i posteriorment alliberada gr\u00e0cies al vomitiu que li administra Rea. Paus\u00e0nias registra una tradici\u00f3 arc\u00e0dia segons la qual Hera va cr\u00e9ixer com a noia a la riba del riu Asterion, prop d&#8217;Argos, criada per les tres filles del riu, Euboea, Prosimna i Acrea, que m\u00e9s tard van ser venerades com a nimfes de les fonts del santuari.<\/p>\n<p>La Teogonia interpreta la uni\u00f3 amb Zeus com un hieros gamos, un casament sagrat que fonamenta cosmol\u00f2gicament la sobirania de l&#8217;Olimp. D&#8217;aquest matrimoni, segons Hes\u00edode, neixen Ares, Hebe i Ilitia; Hefest, segons algunes fonts, \u00e9s engendrat per Hera tota sola, com a resposta desafiant al naixement partenogen\u00e8tic d&#8217;Atena del cap de Zeus.<\/p><p>En Homer les genealogies apareixen m\u00e9s estables, per\u00f2 el <span class=\"iwg-fachbegriff\" data-tooltip=\"Un element de contingut recurrent en l'art o la narrativa.\" tabindex=\"0\">motiu<\/span> de la maternitat aut\u00f2noma d&#8217;Hera continua sent un element recurrent en els seus mites. Una tradici\u00f3 hel\u00b7len\u00edstica tardana, transmesa per Diodor (V, 72), esmenta Argos mateixa com a lloc de naixement i converteix Temenos, fill de Pelasgos, en el primer ordenador dels seus ritus.<\/p>\n<p>Destaquen els indicis d&#8217;una identitat pregrega independent: Walter Burkert, a \u00abGriechische Religion der archaischen und klassischen Epoche\u00bb, ha assenyalat que els centres de culte d&#8217;Hera a Argos, Samos i Perachora semblen m\u00e9s antics que l&#8217;ordre ol\u00edmpic ja plenament configurat.<\/p><p>Troballes de tauletes mic\u00e8niques en lineal B procedents de Pilos i Tebes documenten, sota el nom \u00abe-ra\u00bb, una receptora d&#8217;ofrenes ja al segle XIII abans de Crist. La deessa presenta aix\u00ed trets d&#8217;una senyora urbana independent, que nom\u00e9s secund\u00e0riament va ser integrada en el sistema hom\u00e8ric de l&#8217;esposa de Zeus.<\/p>\n<p>Geneal\u00f2gicament, Hera actua a trav\u00e9s dels seus fills en profunditat dins del <span class=\"iwg-fachbegriff\" data-tooltip=\"Una narraci\u00f3 transmesa sobre d\u00e9us, or\u00edgens i l'ordre del m\u00f3n.\" tabindex=\"0\">mite<\/span>. Ares esdev\u00e9 pare d&#8217;Eros (en una de les tradicions concurrents), de Fobos i Deimos; Hebe, despr\u00e9s de l&#8217;apoteosi d&#8217;H\u00e8racles, es casa amb l&#8217;heroi divinitzat; Ilitia esdev\u00e9 l&#8217;acompanyant indispensable de tot naixement.<\/p><p>Aquesta l\u00ednia mostra Hera menys com una mare c\u00f2smica origin\u00e0ria que com a fundadora d&#8217;institucions socials: matrimoni, naixement, joventut.<\/p>\t\t\t\t\t\t\t\t<\/div>\n\t\t\t\t<\/div>\n\t\t<div class=\"elementor-element elementor-element-3f74f07 e-con-full e-flex e-con e-child\" data-id=\"3f74f07\" data-element_type=\"container\" data-e-type=\"container\">\n\t\t\t\t<div class=\"elementor-element elementor-element-768fc0b elementor-widget elementor-widget-heading\" data-id=\"768fc0b\" data-element_type=\"widget\" data-e-type=\"widget\" data-widget_type=\"heading.default\">\n\t\t\t\t\t<h2 class=\"elementor-heading-title elementor-size-default\">S\u00edmbols, iconografia i atributs<\/h2>\t\t\t\t<\/div>\n\t\t\t\t<div class=\"elementor-element elementor-element-465c0ec elementor-widget elementor-widget-text-editor\" data-id=\"465c0ec\" data-element_type=\"widget\" data-e-type=\"widget\" data-widget_type=\"text-editor.default\">\n\t\t\t\t\t\t\t\t\t<p>L&#8217;atribut cl\u00e0ssic d&#8217;Hera \u00e9s el diadema o l&#8217;est\u00e8fane, una corona alta, sovint en forma de torre, que marca la seva posici\u00f3 reial. Sovint sost\u00e9 el ceptre, i de vegades la copa (phiale) per a les libacions.<\/p><p>El pa\u00f3, estretament vinculat a ella en \u00e8poca romana, apareix tardanament en la tradici\u00f3 iconogr\u00e0fica grega; en \u00e8poca arcaica hi predominen el cucut i la vaca. La vinculaci\u00f3 amb el pa\u00f3 es remunta a Ovidi (Metamorfosis I, 722 a 723), que fa ren\u00e9ixer els cent ulls d&#8217;Argos, mort, en les plomes de l&#8217;ocell.<\/p>\n<p>L&#8217;ep\u00edtet \u00abboopis\u00bb, \u00abd&#8217;ulls de vaca\u00bb, \u00e9s un ep\u00edtet hom\u00e8ric habitual i remet a una antiga relaci\u00f3 amb el bou. Heinrich Schliemann i les generacions posteriors d&#8217;investigadors han trobat, en les troballes d&#8217;Argos, \u00eddols interpretats com a bucranis (caps de bou) que reforcen la proximitat d&#8217;Hera al bestiar bov\u00ed.<\/p><p>El cucut t\u00e9 un paper en el mite del casament: se diu que Zeus es va transformar en un cucut que passava fred, al qual Hera va recollir i abrigar, moment en qu\u00e8 el d\u00e9u es va revelar i li va fer la petici\u00f3 de matrimoni. Paus\u00e0nias (II, 17, 4) confirma aquesta variant com a tradici\u00f3 local d&#8217;Argos.<\/p>\n<p>En la pintura de vasos cl\u00e0ssica, Hera porta un peple llarg i cenyit, un vel i, de vegades, la magrana com a fruita del matrimoni i la fecunditat.<\/p><p>Policlet va crear per a l&#8217;Hereon d&#8217;Argos una est\u00e0tua de culte crisoelefantina, de la qual Paus\u00e0nias explica que duia una corona amb les C\u00e0rites i les Hores, i que sostenia a una m\u00e0 la magrana i a l&#8217;altra el ceptre amb un cucut al capdamunt.<\/p><p>L&#8217;est\u00e0tua era considerada una de les obres principals de Policlet, comparable al seu Dor\u00edforo, i va marcar durant segles la imatge de la deessa madura i entronitzada.<\/p>\n<p>Atributs menys coneguts s\u00f3n l&#8217;arbust de lygos (aloc), amb el qual s&#8217;embolicava la seva <span class=\"iwg-fachbegriff\" data-tooltip=\"Representaci\u00f3 figurativa d'una divinitat venerada en un temple o santuari.\" tabindex=\"0\">imatge de culte<\/span> durant la Tonaia samiana, i la magrana. Aquesta \u00faltima vincula Hera amb Pers\u00e8fone i remet a la doble funci\u00f3 de la fruita com a <span class=\"iwg-fachbegriff\" data-tooltip=\"Un signe que representa una idea o significat.\" tabindex=\"0\">s\u00edmbol<\/span> tant de fecunditat conjugal com de vincle amb l&#8217;infram\u00f3n.<\/p><p>La distinci\u00f3 iconogr\u00e0fica entre Hera i Dem\u00e8ter continua sent poc clara en les representacions arcaiques, fet que dona suport a la tesi d&#8217;una deessa de la vegetaci\u00f3 i protectora urbana origin\u00e0riament emparentades.<\/p>\t\t\t\t\t\t\t\t<\/div>\n\t\t\t\t<\/div>\n\t\t<div class=\"elementor-element elementor-element-f74891a e-con-full e-flex e-con e-child\" data-id=\"f74891a\" data-element_type=\"container\" data-e-type=\"container\">\n\t\t\t\t<div class=\"elementor-element elementor-element-2223a90 elementor-widget elementor-widget-heading\" data-id=\"2223a90\" data-element_type=\"widget\" data-e-type=\"widget\" data-widget_type=\"heading.default\">\n\t\t\t\t\t<h2 class=\"elementor-heading-title elementor-size-default\">Culte i veneraci\u00f3<\/h2>\t\t\t\t<\/div>\n\t\t\t\t<div class=\"elementor-element elementor-element-830b952 elementor-widget elementor-widget-text-editor\" data-id=\"830b952\" data-element_type=\"widget\" data-e-type=\"widget\" data-widget_type=\"text-editor.default\">\n\t\t\t\t\t\t\t\t\t<p>El <span class=\"iwg-fachbegriff\" data-tooltip=\"El conjunt d'actes religiosos de veneraci\u00f3 dedicats a una divinitat o figura sagrada.\" tabindex=\"0\">culte<\/span> del Heraion es divideix en diverses grans l\u00ednies. A Argos, Hera era venerada com a deessa de la ciutat: el Heraion entre Micenes i Argos era el <span class=\"iwg-fachbegriff\" data-tooltip=\"Un lloc sagrat dedicat a la veneraci\u00f3 d'una divinitat.\" tabindex=\"0\">santuari<\/span> central de l&#8217;Arg\u00f2lida, amb sacerdotessa pr\u00f2pia i una festa de diversos dies, les Heraia. En aquests jocs s&#8217;oferien hecatombes, per la qual cosa les Heraia tamb\u00e9 es coneixien com \u00abHekatombaia\u00bb.<\/p><p>L&#8217;ordre cultual inclo\u00efa una cursa de carros, on el vencedor rebia un escut de bronze com a distinci\u00f3, aix\u00ed com una desfilada solemne de la sacerdotessa en un carro tirat per bous blancs, descrita en l&#8217;episodi de Cleobis i Biton per Herodot (I, 31).<\/p>\n<p>A Samos hi havia el Heraion j\u00f2nic, la construcci\u00f3 del qual va assolir dimensions colossals durant el segle sis\u00e8 abans de la nostra era. Herodot descriu el <span class=\"iwg-fachbegriff\" data-tooltip=\"Un lloc sagrat dedicat a la veneraci\u00f3 d'una divinitat.\" tabindex=\"0\">santuari<\/span> com un dels m\u00e9s grans de Gr\u00e8cia (Herodot III, 60).<\/p><p>El <span class=\"iwg-fachbegriff\" data-tooltip=\"Una seq\u00fc\u00e8ncia ordenada d'actes simb\u00f2lics amb significat religi\u00f3s o cultural.\" tabindex=\"0\">ritual<\/span> central era la Tonaia: la <span class=\"iwg-fachbegriff\" data-tooltip=\"Representaci\u00f3 figurativa d'una divinitat, venerada al temple o santuari.\" tabindex=\"0\">imatge de culte<\/span> era portada de nit fins a la platja, embolicada en branques de lygos i rentada, la qual cosa s&#8217;interpreta com una renovaci\u00f3 de l&#8217;Hera verge i com un retorn simb\u00f2lic a l&#8217;estat previ al matrimoni. El <span class=\"iwg-fachbegriff\" data-tooltip=\"Un relat transm\u00e8s sobre d\u00e9us, or\u00edgens i l'ordre del m\u00f3n.\" tabindex=\"0\">mite<\/span> explicava el <span class=\"iwg-fachbegriff\" data-tooltip=\"Un acte religi\u00f3s fixat i recurrent.\" tabindex=\"0\">ritu<\/span> com a record de l&#8217;intent de pirates caris de robar la <span class=\"iwg-fachbegriff\" data-tooltip=\"Representaci\u00f3 figurativa d'una divinitat, venerada al temple o santuari.\" tabindex=\"0\">imatge de culte<\/span>.<\/p>\n<p>A Ol\u00edmpia, el temple d&#8217;Hera era m\u00e9s antic que el de Zeus; aqu\u00ed se celebraven les Heraia, una cursa de noies solteres en tres categories d&#8217;edat sobre cinc sisenes parts de la longitud de l&#8217;estadi, descrita per Paus\u00e0nies (V, 16). Setze matronae, escollides entre les tribus d&#8217;\u00cdlia, teixien el peplos per a la deessa.<\/p><p>A Perachora, prop de Corint, el <span class=\"iwg-fachbegriff\" data-tooltip=\"Un lloc sagrat dedicat a la veneraci\u00f3 d'una divinitat.\" tabindex=\"0\">santuari<\/span> d&#8217;Hera Acraia i Limenia, la \u00abrocosa\u00bb i la \u00abportu\u00e0ria\u00bb, testimonia un culte mar\u00edtim primerenc relacionat amb la navegaci\u00f3; milers de troballes votives, entre elles escarabeus fenicis, mostren la import\u00e0ncia del culte portuari durant els segles set\u00e8 i sis\u00e8 abans de la nostra era.<\/p>\n<p>Una l\u00ednia pr\u00f2pia \u00e9s la del culte nupcial. A Platees, els beocis celebraven les \u00abDaidala\u00bb, en les quals una <span class=\"iwg-fachbegriff\" data-tooltip=\"Representaci\u00f3 figurativa d'una divinitat, venerada al temple o santuari.\" tabindex=\"0\">imatge de culte<\/span> de fusta era guarnida com una n\u00favia, portada en process\u00f3 triomfal fins al mont Citer\u00f3 i finalment cremada.<\/p><p>Paus\u00e0nies (IX, 3) explica la festa com una reconciliaci\u00f3 entre Zeus i Hera, que s&#8217;havia retirat despr\u00e9s d&#8217;una disputa. Aquests ritus mostren Hera com a personificaci\u00f3 d&#8217;una uni\u00f3 conjugal repetida c\u00edclicament, en la qual la separaci\u00f3 i la reuni\u00f3 tenen un significat cosmogr\u00e0fic.<\/p>\t\t\t\t\t\t\t\t<\/div>\n\t\t\t\t<\/div>\n\t\t<div class=\"elementor-element elementor-element-34db45c e-con-full e-flex e-con e-child\" data-id=\"34db45c\" data-element_type=\"container\" data-e-type=\"container\">\n\t\t\t\t<div class=\"elementor-element elementor-element-56068f1 elementor-widget elementor-widget-heading\" data-id=\"56068f1\" data-element_type=\"widget\" data-e-type=\"widget\" data-widget_type=\"heading.default\">\n\t\t\t\t\t<h2 class=\"elementor-heading-title elementor-size-default\">Santuaris i temples importants<\/h2>\t\t\t\t<\/div>\n\t\t\t\t<div class=\"elementor-element elementor-element-896894f elementor-widget elementor-widget-text-editor\" data-id=\"896894f\" data-element_type=\"widget\" data-e-type=\"widget\" data-widget_type=\"text-editor.default\">\n\t\t\t\t\t\t\t\t\t<p>El Heraion arg\u00edvic es troba a uns vuit quil\u00f2metres al nord-est d&#8217;Argos, en una terrassa del mont Eubea. El <span class=\"iwg-fachbegriff\" data-tooltip=\"Una construcci\u00f3 dedicada a la veneraci\u00f3 d'una o diverses divinitats.\" tabindex=\"0\">temple<\/span> arcaic del segle set\u00e8 va cremar l&#8217;any 423 abans de la nostra era, tal com assenyala Tuc\u00eddides (IV, 133); la construcci\u00f3 posterior, d&#8217;\u00e8poca cl\u00e0ssica, va ser erigida sota l&#8217;arquitecte Eup\u00f2lem.<\/p><p>Segons una tradici\u00f3 posterior, aqu\u00ed es comptaven els anys argius segons les sacerdotesses d&#8217;Hera; Tuc\u00eddides data un esdeveniment de la Guerra del Pelopon\u00e8s amb la sacerdotessa Cr\u00edsis.<\/p>\n<p>El Heraion sami, prop de Ireon, es va convertir des del segle vuit\u00e8 en un punt d&#8217;atracci\u00f3 panhel\u00b7l\u00e8nic. El tercer <span class=\"iwg-fachbegriff\" data-tooltip=\"Una construcci\u00f3 dedicada a la veneraci\u00f3 d'una o diverses divinitats.\" tabindex=\"0\">temple<\/span>, dissenyat per Roikos i Teodor, era un d\u00edptere amb m\u00e9s de cent columnes.<\/p><p>Les troballes van des de bronzes egipcis fins a marfils del nord de S\u00edria, i mostren l&#8217;ampli entramat de relacions del santuari. Pol\u00edcrates hi va fer construir una nova edificaci\u00f3 que, segons Herodot, hauria estat el <span class=\"iwg-fachbegriff\" data-tooltip=\"Una construcci\u00f3 dedicada a la veneraci\u00f3 d'una o diverses divinitats.\" tabindex=\"0\">temple<\/span> grec m\u00e9s gran del seu temps, per\u00f2 mai es va acabar.<\/p>\n<p>Altres llocs importants s\u00f3n el Heraion de Foce del Sele, prop de Paestum, a Luc\u00e0nia, el fonament del temple d&#8217;Hera Lacinia prop de Cr\u00f2tona, a Cal\u00e0bria (Estrab\u00f3 VI, 1, 11), i el temple d&#8217;Hera al <span class=\"iwg-fachbegriff\" data-tooltip=\"Un bosc sagrat que servia com a lloc de culte.\" tabindex=\"0\">bosc<\/span> ol\u00edmpic (Heraion d&#8217;Ol\u00edmpia), on, segons Paus\u00e0nies, hi era col\u00b7locat l&#8217;Hermes de Prax\u00edteles.<\/p><p>Tamb\u00e9 el segon <span class=\"iwg-fachbegriff\" data-tooltip=\"Una construcci\u00f3 dedicada a la veneraci\u00f3 d'una o diverses divinitats.\" tabindex=\"0\">temple<\/span> de Paestum, anomenat al segle dinov\u00e8 \u00abtemple de Posid\u00f3\u00bb, avui s&#8217;identifica majorit\u00e0riament com a temple d&#8217;Hera. El Heraion Lacini era lloc de reuni\u00f3 dels grecs it\u00e0lics i centre d&#8217;una lliga que va perdurar fins a l&#8217;\u00e8poca romana.<\/p>\n<p>Entre els santuaris menys coneguts hi ha el Heraion de Tirint, constru\u00eft despr\u00e9s de la destrucci\u00f3 de la fortalesa mic\u00e8nica sobre les ru\u00efnes de l&#8217;antic megaron, el Heraion de Corint i el Heraion de Mantinea. La continu\u00eftat d&#8217;aquests llocs entre l&#8217;\u00e8poca mic\u00e8nica i l&#8217;arcaica \u00e9s un dels arguments m\u00e9s importants a favor d&#8217;una capa pregrega en el culte d&#8217;Hera.<\/p>\t\t\t\t\t\t\t\t<\/div>\n\t\t\t\t<\/div>\n\t\t<div class=\"elementor-element elementor-element-6cfea5c e-con-full e-flex e-con e-child\" data-id=\"6cfea5c\" data-element_type=\"container\" data-e-type=\"container\">\n\t\t\t\t<div class=\"elementor-element elementor-element-397f5f0 elementor-widget elementor-widget-heading\" data-id=\"397f5f0\" data-element_type=\"widget\" data-e-type=\"widget\" data-widget_type=\"heading.default\">\n\t\t\t\t\t<h2 class=\"elementor-heading-title elementor-size-default\">Relats m\u00edtics<\/h2>\t\t\t\t<\/div>\n\t\t\t\t<div class=\"elementor-element elementor-element-7eb4199 elementor-widget elementor-widget-text-editor\" data-id=\"7eb4199\" data-element_type=\"widget\" data-e-type=\"widget\" data-widget_type=\"text-editor.default\">\n\t\t\t\t\t\t\t\t\t<p>Tres cicles narratius defineixen la figura m\u00edtica d&#8217;Hera. El primer \u00e9s la persecuci\u00f3 de les rivals i els fills bastards de Zeus. Segons Apol\u00b7lodor (Biblioteca II, 4, 8), Hera envia dues serps per matar el nad\u00f3 H\u00e8racles al bressol; l&#8217;infant les estrangula.<\/p><p>M\u00e9s endavant el colpeja amb la bogeria, fent que mati els seus propis fills, fet que dona lloc als dotze treballs.<\/p><p>En el cas d&#8217;Io, Zeus transforma la seva estimada en vaca, que Hera aconsegueix per a si i fa vigilar per Argos Panoptes.<\/p><p>Despr\u00e9s que Hermes mat\u00e9s aquest darrer, un t\u00e0vec enviat per Hera persegueix Io per tot el m\u00f3n fins a Egipte, on recupera la seva forma humana; \u00c8squil converteix aquest recorregut, al \u00abPrometeu encadenat\u00bb, en una anticipaci\u00f3 de la genealogia d&#8217;H\u00e8racles.<\/p>\n<p>El segon cicle tracta els drames del naixement. Segons Homer (Il\u00edada XIX, 95-133), Hera retarda el naixement d&#8217;H\u00e8racles retenint Eile\u00edtia, de manera que Euristeu neix primer i obt\u00e9 aix\u00ed el dret de primogenitura.<\/p><p>En la disputa per Leto, Hera prohibeix a l&#8217;amant embarassada de Zeus qualsevol terra ferma; Delos, una illa flotant, esdev\u00e9 el lloc de naixement d&#8217;Apol\u00b7lo i \u00c0rtemis. Tamb\u00e9 la transformaci\u00f3 de Cal\u00b7listo en \u00f3ssa, narrada per Ovidi (Metamorfosis II, 466-495), s&#8217;atribueix en algunes variants a Hera.<\/p>\n<p>El tercer cicle presenta Hera com a reina activa en la guerra de Troia. En l&#8217;\u00abEngany de Zeus\u00bb (Il\u00edada XIV, 153-360), sedueix el seu marit al cim de l&#8217;Ida amb el cinyell d&#8217;Afrodita per afavorir els aqueus.<\/p><p>Aquesta escena es considera un dels exemples m\u00e9s antics de l&#8217;ast\u00facia femenina en la literatura europea. En els antecedents de la guerra, despr\u00e9s del judici de Paris, esdev\u00e9 l&#8217;enemiga m\u00e9s ferotge de Troia: Paris havia atorgat la poma d&#8217;or d&#8217;Eris a Afrodita, i no a Hera, que li havia prom\u00e8s la sobirania i la gl\u00f2ria b\u00e8l\u00b7lica.<\/p>\n<p>Un quart episodi, menys conegut, \u00e9s la revolta a l&#8217;Olimp: segons Homer (Il\u00edada I, 396-406), Aquil\u00b7les explica que Hera, Posid\u00f3 i Atena havien encadenat Zeus, fins que Tetis va cridar l&#8217;ajuda de Briareu, el gegant de cent bra\u00e7os, que va alliberar el pare dels d\u00e9us.<\/p><p>Aquest episodi mostra Hera com a l\u00edder d&#8217;una facci\u00f3 aristocr\u00e0tica contra la pretensi\u00f3 mon\u00e0rquica del seu marit i refor\u00e7a la seva posici\u00f3 com a sobirana amb capacitat d&#8217;actuaci\u00f3 pr\u00f2pia.<\/p>\t\t\t\t\t\t\t\t<\/div>\n\t\t\t\t<\/div>\n\t\t<div class=\"elementor-element elementor-element-c041306 e-con-full e-flex e-con e-child\" data-id=\"c041306\" data-element_type=\"container\" data-e-type=\"container\">\n\t\t\t\t<div class=\"elementor-element elementor-element-93398f8 elementor-widget elementor-widget-heading\" data-id=\"93398f8\" data-element_type=\"widget\" data-e-type=\"widget\" data-widget_type=\"heading.default\">\n\t\t\t\t\t<h2 class=\"elementor-heading-title elementor-size-default\">Relacions dins el pante\u00f3<\/h2>\t\t\t\t<\/div>\n\t\t\t\t<div class=\"elementor-element elementor-element-e2a0c61 elementor-widget elementor-widget-text-editor\" data-id=\"e2a0c61\" data-element_type=\"widget\" data-e-type=\"widget\" data-widget_type=\"text-editor.default\">\n\t\t\t\t\t\t\t\t\t<p>La tensi\u00f3 entre Hera i Zeus recorre tota l&#8217;\u00e8pica hom\u00e8rica. No es tracta de simple gelosia, sin\u00f3 de l&#8217;expressi\u00f3 de dues pretensions sobiranes rivals: Zeus com a sobir\u00e0 ol\u00edmpic, Hera com a reina leg\u00edtima.<\/p><p>En P\u00edndar i en les trag\u00e8dies apareix com a garant incorruptible del dret matrimonial. La reconciliaci\u00f3 freq\u00fcent d&#8217;ambd\u00f3s d\u00e9us, com en el <span class=\"iwg-fachbegriff\" data-tooltip=\"Un relat transm\u00e8s sobre d\u00e9us, or\u00edgens i l'ordre del m\u00f3n.\" tabindex=\"0\">mite<\/span> dels \u00abDaidala\u00bb de Plateas, es pot llegir com una representaci\u00f3 ritual d&#8217;una uni\u00f3 conjugal cosmicament que s&#8217;ha de renovar cada any.<\/p>\n<p>Amb Atena i Posid\u00f3 comparteix la derrota en la disputa per Argos: Paus\u00e0nies transmet que els d\u00e9us fluvials \u00cdnac, Cef\u00eds i Asteri\u00f3 van decidir a favor d&#8217;Hera, despr\u00e9s de la qual cosa Posid\u00f3 va assecar els rius.<\/p><p>Amb Afrodita mant\u00e9 una relaci\u00f3 ambivalent: Hera li manlleva el cinyell, per\u00f2 rebutja com a principi l&#8217;ess\u00e8ncia de la seducci\u00f3 er\u00f2tica. La divisi\u00f3 clara entre la uni\u00f3 conjugal (Hera) i l&#8217;erotisme lliure (Afrodita) forma part de les polaritats fonamentals del col\u00b7legi div\u00ed grec.<\/p>\n<p>Hefest, segons la tradici\u00f3 fill seu, li forja en una variant un tron d&#8217;or que atrapa la seva mare, fins que Dion\u00eds torna el d\u00e9u ferrer embriagat i el persuadeix perqu\u00e8 l&#8217;alliberi.<\/p><p>La relaci\u00f3 amb H\u00e8racles, fill d&#8217;Alcmena, continua sent l&#8217;enemistat m\u00e9s marcada del pante\u00f3; nom\u00e9s despr\u00e9s de la seva apoteosi es reconcilien, i Hebe, filla d&#8217;Hera, esdev\u00e9 la seva esposa ol\u00edmpica. Amb Iris, la missatgera dels d\u00e9us, mant\u00e9 una relaci\u00f3 peculiarment estreta de serventa i senyora: Iris executa els enc\u00e0rrecs d&#8217;Hera sovint sense passar per Zeus.<\/p>\t\t\t\t\t\t\t\t<\/div>\n\t\t\t\t<\/div>\n\t\t<div class=\"elementor-element elementor-element-0bc498a e-con-full e-flex e-con e-child\" data-id=\"0bc498a\" data-element_type=\"container\" data-e-type=\"container\">\n\t\t\t\t<div class=\"elementor-element elementor-element-db984cd elementor-widget elementor-widget-heading\" data-id=\"db984cd\" data-element_type=\"widget\" data-e-type=\"widget\" data-widget_type=\"heading.default\">\n\t\t\t\t\t<h2 class=\"elementor-heading-title elementor-size-default\">Recepci\u00f3<\/h2>\t\t\t\t<\/div>\n\t\t\t\t<div class=\"elementor-element elementor-element-d85d2c9 elementor-widget elementor-widget-text-editor\" data-id=\"d85d2c9\" data-element_type=\"widget\" data-e-type=\"widget\" data-widget_type=\"text-editor.default\">\n\t\t\t\t\t\t\t\t\t<p>En la religi\u00f3 romana, Hera s&#8217;identifica amb Juno, venerada a Roma com a part de la tr\u00edada capitolina juntament amb J\u00fapiter i Minerva. Els ep\u00edtets de Juno com Lucina (deessa del part), Moneta (la que amonesta) i Regina traslladen funcions de l&#8217;Hera grega al context llat\u00ed, per\u00f2 hi afegeixen nous aspectes de culte estatal.<\/p><p>L&#8217;\u00abEneida\u00bb de Virgili converteix Juno en la principal antagonista de la migraci\u00f3 troiana cap a It\u00e0lia i, per tant, en l&#8217;advers\u00e0ria de la fundaci\u00f3 de l&#8217;estat rom\u00e0, abans de ser finalment reconciliada (Eneida XII, 791-842).<\/p>\n<p>L&#8217;edat mitjana coneixia Hera sobretot a trav\u00e9s de la recepci\u00f3 d&#8217;Ovidi. En l&#8217;\u00abOvide moralis\u00e9\u00bb i en els manuals mitogr\u00e0fics de Bocaccio apareix com a figura al\u00b7leg\u00f2rica, sovint redu\u00efda a la gelosia.<\/p><p>El Renaixement, amb les obres de Botticelli i Rafael, porta una redescoberta de la <span class=\"iwg-fachbegriff\" data-tooltip=\"Doctrina sobre els continguts de les imatges i el seu significat.\" tabindex=\"0\">iconografia<\/span> antiga; la galeria d&#8217;Annibale Carracci al Palazzo Farnese mostra el carro triomfal de Juno amb un seguici de paons. Rubens va pintar diverses versions del \u00abJurament de Juno\u00bb i de la disputa per la poma d&#8217;or.<\/p>\n<p>Al segle dinou i vint, la recepci\u00f3 cient\u00edfica se centra en la q\u00fcesti\u00f3 d&#8217;una forma egea anterior d&#8217;Hera. Martin Persson Nilsson hi veia un reflex de les deesses ciutat minoiques; Karl Ker\u00e9nyi va interpretar Hera com la personificaci\u00f3 de la plenitud del cicle de vida femen\u00ed, format per donzella, esposa i v\u00eddua, tal com es reflecteix en els ep\u00edtets Pais, Teleia i Chera.<\/p><p>En la moderna comparaci\u00f3 religiosa, Hera serveix de paradigma d&#8217;una sobirana senyora del matrimoni enfront de la deessa er\u00f2tica de l&#8217;amor. La investigaci\u00f3 feminista sobre mites ha rellegit, des dels anys 1980, Hera com una figura femenina de poder complexa, sovint redu\u00efda a papers secundaris en les fonts liter\u00e0ries.<\/p>\t\t\t\t\t\t\t\t<\/div>\n\t\t\t\t<\/div>\n\t\t<div class=\"elementor-element elementor-element-930558b e-con-full e-flex e-con e-child\" data-id=\"930558b\" data-element_type=\"container\" data-e-type=\"container\">\n\t\t\t\t<div class=\"elementor-element elementor-element-58bd161 elementor-widget elementor-widget-heading\" data-id=\"58bd161\" data-element_type=\"widget\" data-e-type=\"widget\" data-widget_type=\"heading.default\">\n\t\t\t\t\t<h2 class=\"elementor-heading-title elementor-size-default\">Classificaci\u00f3 dins la ci\u00e8ncia de la religi\u00f3<\/h2>\t\t\t\t<\/div>\n\t\t\t\t<div class=\"elementor-element elementor-element-cc260ed elementor-widget elementor-widget-text-editor\" data-id=\"cc260ed\" data-element_type=\"widget\" data-e-type=\"widget\" data-widget_type=\"text-editor.default\">\n\t\t\t\t\t\t\t\t\t<p>Des d&#8217;una perspectiva indoeuropea, la vinculaci\u00f3 d&#8217;Hera amb Zeus \u00e9s probablement l&#8217;estrat m\u00e9s recent; una etimologia indoeuropea del seu nom \u00e9s discutida. S&#8217;han proposat derivacions de \u00abhora\u00bb (estaci\u00f3, temps oport\u00fa), amb les quals Hera es interpretaria com a personificaci\u00f3 del temps madur, apte per al matrimoni.<\/p><p>Altres autors, entre ells Robert Beekes, consideren m\u00e9s plausible un origen pregrec, possiblement egeu. El testimoni mic\u00e8nic \u00abe-ra\u00bb confirma l&#8217;exist\u00e8ncia del nom, per\u00f2 no permet extreure&#8217;n conclusions segures sobre la seva funci\u00f3 origin\u00e0ria.<\/p>\n<p>En comparaci\u00f3 amb el material de l&#8217;Orient Pr\u00f2xim antic, destaquen paral\u00b7lelismes amb la sum\u00e8ria Innana o l&#8217;hetita Hebat, que tamb\u00e9 apareixen com a senyores de ciutats i reines del d\u00e9u de les tempestes.<\/p>\n<p>Tot i aix\u00f2, Hera es diferencia d&#8217;aquestes per la seva estricta vinculaci\u00f3 al matrimoni leg\u00edtim; no \u00e9s una deessa de l&#8217;amor, sin\u00f3 una deessa del vincle conjugal. La protohist\u00f2ria egea probablement va con\u00e8ixer una deessa de ciutat pr\u00f2pia i independent, que amb la migraci\u00f3 grega es va integrar en el sistema ol\u00edmpic.<\/p>\n<p>Burkert situa Hera dins l&#8217;esquema de la \u00abreligi\u00f3 de la polis\u00bb: \u00e9s, prim\u00e0riament, protectora d&#8217;una comunitat pol\u00edtica, i secund\u00e0riament esposa c\u00f2smica. La investigaci\u00f3 m\u00e9s antiga de Wilamowitz-Moellendorff veia en Hera una prova de la fusi\u00f3 de tradicions cultuals locals en una figura panhel\u00b7l\u00e8nica, model que encara avui es considera b\u00e0sic.<\/p><p>Treballs m\u00e9s recents de Joan Breton Connelly sobre el paper de les sacerdotesses destaquen la posici\u00f3 institucional del sacerdoci d&#8217;Hera, que a Argos servia com a inst\u00e0ncia de dataci\u00f3 i tenia, per tant, una dimensi\u00f3 pol\u00edtica que no es troba de forma comparable en els cultes de d\u00e9us masculins.<\/p>\t\t\t\t\t\t\t\t<\/div>\n\t\t\t\t<\/div>\n\t\t<div class=\"elementor-element elementor-element-f79547f e-con-full e-flex e-con e-child\" data-id=\"f79547f\" data-element_type=\"container\" data-e-type=\"container\">\n\t\t\t\t<div class=\"elementor-element elementor-element-991ff3e elementor-widget elementor-widget-heading\" data-id=\"991ff3e\" data-element_type=\"widget\" data-e-type=\"widget\" data-widget_type=\"heading.default\">\n\t\t\t\t\t<h2 class=\"elementor-heading-title elementor-size-default\">Fonts<\/h2>\t\t\t\t<\/div>\n\t\t\t\t<div class=\"elementor-element elementor-element-4929a8b elementor-widget elementor-widget-text-editor\" data-id=\"4929a8b\" data-element_type=\"widget\" data-e-type=\"widget\" data-widget_type=\"text-editor.default\">\n\t\t\t\t\t\t\t\t\t<div data-nosnippet=\"true\"><p>Hes\u00edode, \u00abTeogonia\u00bb, versos 453 a 506 i 921 a 929. Homer, \u00abIl\u00edada\u00bb, especialment els llibres I, IV, XIV i XIX. Apol\u00b7lodor, \u00abBiblioteca\u00bb, I, 1 a 4 i II, 4, 8. Paus\u00e0nies, \u00abDescripci\u00f3 de Gr\u00e8cia\u00bb, II, 17 (Heraion d&#8217;Argos), V, 16 (Ol\u00edmpia) i IX, 3 (Plateus-Daidala).<\/p><p>Herodot, \u00abHist\u00f2ries\u00bb, I, 31 i III, 60. Tuc\u00eddides, \u00abHist\u00f2ria de la guerra del Pelopon\u00e8s\u00bb, IV, 133. Ovidi, \u00abMetamorfosis\u00bb, especialment el llibre I (Io) i II (Cal\u00b7listo).<\/p><p>Virgili, \u00abEneida\u00bb, especialment el llibre I i XII. Walter Burkert, \u00abGriechische Religion der archaischen und klassischen Epoche\u00bb, Stuttgart 1977. Karl Ker\u00e9nyi, \u00abZeus und Hera. Urbild des Vaters, des Gatten und der Frau\u00bb, Leiden 1972. Martin P. Nilsson, \u00abGeschichte der griechischen Religion\u00bb, M\u00fcnchen 1955.<\/p>\n\n<\/div>\t\t\t\t\t\t\t\t<\/div>\n\t\t\t\t<\/div>\n\t\t<div class=\"elementor-element elementor-element-b31c44f e-con-full e-flex e-con e-child\" data-id=\"b31c44f\" data-element_type=\"container\" data-e-type=\"container\">\n\t\t\t\t<div class=\"elementor-element elementor-element-889c41b elementor-widget elementor-widget-heading\" data-id=\"889c41b\" data-element_type=\"widget\" data-e-type=\"widget\" data-widget_type=\"heading.default\">\n\t\t\t\t\t<h2 class=\"elementor-heading-title elementor-size-default\">Preguntes freq\u00fcents sobre Hera<\/h2>\t\t\t\t<\/div>\n\t\t\t\t<div class=\"elementor-element elementor-element-d3a2d8b elementor-widget elementor-widget-text-editor\" data-id=\"d3a2d8b\" data-element_type=\"widget\" data-e-type=\"widget\" data-widget_type=\"text-editor.default\">\n\t\t\t\t\t\t\t\t\t<h3 class=\"wp-block-heading\">Qui \u00e9s Hera en la <span class=\"iwg-fachbegriff\" data-tooltip=\"El conjunt de relats sobre d\u00e9us transmesos d'una cultura.\" tabindex=\"0\">mitologia<\/span> grega?<\/h3>\n\n\n\n<p>Hera \u00e9s, en la <span class=\"iwg-fachbegriff\" data-tooltip=\"El conjunt de relats sobre d\u00e9us transmesos d'una cultura.\" tabindex=\"0\">mitologia<\/span> grega, la reina dels d\u00e9us, germana i esposa de Zeus, una dels dotze d\u00e9us ol\u00edmpics. \u00c9s la deessa del matrimoni, de la fam\u00edlia i del part, i \u00e9s considerada protectora de les dones casades.<\/p><p>Hera es representa com una figura digna i majestuosa, sovint amb diadema i ceptre; el seu animal sagrat \u00e9s el pa\u00f3. El seu equivalent rom\u00e0 \u00e9s Juno, de qui pren el nom el mes de juny.<\/p>\n\n\n\n<h3 class=\"wp-block-heading\">Per qu\u00e8 Hera es considera gelosa en els mites?<\/h3>\n\n\n\n<p>Hera apareix en nombrosos mites com una esposa gelosa i rancorosa, fet directament relacionat amb la infidelitat de Zeus: Zeus va engendrar innombrables fills amb deesses i dones mortals, i la ira d&#8217;Hera solia dirigir-se contra aquestes amants i la seva descend\u00e8ncia.<\/p><p>\u00c9s coneguda la seva persecuci\u00f3 de tota la vida contra H\u00e8racles, un fill de Zeus, el nom del qual, paradoxalment, significa gl\u00f2ria d&#8217;Hera. Des del punt de vista de la hist\u00f2ria de les religions, aquests conflictes probablement reflecteixen la fusi\u00f3 d&#8217;una antiga deessa mare independent amb el <span class=\"iwg-fachbegriff\" data-tooltip=\"El conjunt de pr\u00e0ctiques de veneraci\u00f3 religiosa envers una divinitat o figura sagrada.\" tabindex=\"0\">culte<\/span> de Zeus.<\/p>\n\n\n\n<script type=\"application\/ld+json\">{\"@context\":\"https:\/\/schema.org\",\"@type\":\"FAQPage\",\"mainEntity\":[{\"@type\":\"Question\",\"name\":\"Wer ist Hera in der griechischen Mythologie?\",\"acceptedAnswer\":{\"@type\":\"Answer\",\"text\":\"Hera \\u00e9s, en la mitologia grega, la reina dels d\\u00e9us, germana i esposa de Zeus, una dels dotze d\\u00e9us ol\\u00edmpics. \\u00c9s la deessa del matrimoni, de la fam\\u00edlia i del part, i \\u00e9s considerada protectora de les dones casades. Hera es representa com una figura digna i majestuosa, sovint amb diadema i ceptre; el seu animal sagrat \\u00e9s el pa\\u00f3. El seu equivalent rom\\u00e0 \\u00e9s Juno, de qui pren el nom el mes de juny.\"}},{\"@type\":\"Question\",\"name\":\"Warum gilt Hera in den Mythen als eifers\\u00fcchtig?\",\"acceptedAnswer\":{\"@type\":\"Answer\",\"text\":\"Hera apareix en nombrosos mites com una esposa gelosa i rancorosa, fet directament relacionat amb la infidelitat de Zeus: Zeus va engendrar innombrables fills amb deesses i dones mortals, i la ira d'Hera solia dirigir-se contra aquestes amants i la seva descend\\u00e8ncia. \\u00c9s coneguda la seva persecuci\\u00f3 de tota la vida contra H\\u00e8racles, un fill de Zeus, el nom del qual, paradoxalment, significa gl\\u00f2ria d'Hera. Des del punt de vista de la hist\\u00f2ria de les religions, aquests conflictes probablement reflecteixen la fusi\\u00f3 d'una antiga deessa mare independent amb el culte de Zeus.\"}}]}<\/script>\t\t\t\t\t\t\t\t<\/div>\n\t\t\t\t<\/div>\n\t\t\t\t\t<\/div>\n\t\t\t\t<\/div>\n\t\t\t\t<\/div>\n\t\t","protected":false},"excerpt":{"rendered":"","protected":false},"author":3,"featured_media":2984,"parent":0,"menu_order":0,"comment_status":"closed","ping_status":"closed","template":"elementor_header_footer","meta":{"_yoast_wpseo_focuskw":"Hera","_yoast_wpseo_title":"Hera \u2013 Deessa del matrimoni i reina de l'Olimp | iWell Guard","_yoast_wpseo_metadesc":"Hera \u00e9s la deessa del matrimoni, la fam\u00edlia i reina de l'Olimp. Germana i esposa de Zeus, mare d'Ares, Hebe i Hefest. Mite, culte, veneraci\u00f3.","_yoast_wpseo_meta-robots-noindex":"","_yoast_wpseo_canonical":"","_angie_page":false,"gefaehrdungsstufe":"3","wesen_kultur":"griechenland","wesen_klasse":"goetter","footnotes":""},"categories":[],"class_list":["post-171798","page","type-page","status-publish","has-post-thumbnail","hentry"],"yoast_head":"<!-- This site is optimized with the Yoast SEO Premium plugin v27.7 (Yoast SEO v28.3) - https:\/\/yoast.com\/product\/yoast-seo-premium-wordpress\/ -->\n<title>Hera \u2013 Deessa del matrimoni i reina de l&#039;Olimp | iWell Guard<\/title>\n<meta name=\"description\" content=\"Hera \u00e9s la deessa del matrimoni, la fam\u00edlia i reina de l&#039;Olimp. Germana i esposa de Zeus, mare d&#039;Ares, Hebe i Hefest. Mite, culte, veneraci\u00f3.\" \/>\n<meta name=\"robots\" content=\"index, follow, max-snippet:-1, max-image-preview:large, max-video-preview:-1\" \/>\n<link rel=\"canonical\" href=\"https:\/\/iwell-guard.com\/ca\/hera\/\" \/>\n<meta property=\"og:locale\" content=\"ca_ES\" \/>\n<meta property=\"og:type\" content=\"article\" \/>\n<meta property=\"og:title\" content=\"Hera\" \/>\n<meta property=\"og:description\" content=\"Hera \u00e9s la deessa del matrimoni, la fam\u00edlia i reina de l&#039;Olimp. Germana i esposa de Zeus, mare d&#039;Ares, Hebe i Hefest. Mite, culte, veneraci\u00f3.\" \/>\n<meta property=\"og:url\" content=\"https:\/\/iwell-guard.com\/ca\/hera\/\" \/>\n<meta property=\"og:site_name\" content=\"iWell Guard\" \/>\n<meta property=\"article:modified_time\" content=\"2026-09-05T16:07:29+00:00\" \/>\n<meta property=\"og:image\" content=\"https:\/\/iwell-guard.com\/wp-content\/uploads\/2026\/05\/goetter_griechenland_hera.webp\" \/>\n\t<meta property=\"og:image:width\" content=\"1024\" \/>\n\t<meta property=\"og:image:height\" content=\"1536\" \/>\n\t<meta property=\"og:image:type\" content=\"image\/webp\" \/>\n<meta name=\"twitter:card\" content=\"summary_large_image\" \/>\n<script type=\"application\/ld+json\" class=\"yoast-schema-graph\">{\"@context\":\"https:\\\/\\\/schema.org\",\"@graph\":[{\"@type\":\"WebPage\",\"@id\":\"https:\\\/\\\/iwell-guard.com\\\/ca\\\/hera\\\/\",\"url\":\"https:\\\/\\\/iwell-guard.com\\\/ca\\\/hera\\\/\",\"name\":\"Hera \u2013 Deessa del matrimoni i reina de l'Olimp | iWell Guard\",\"isPartOf\":{\"@id\":\"https:\\\/\\\/iwell-guard.com\\\/ca\\\/#website\"},\"primaryImageOfPage\":{\"@id\":\"https:\\\/\\\/iwell-guard.com\\\/ca\\\/hera\\\/#primaryimage\"},\"image\":{\"@id\":\"https:\\\/\\\/iwell-guard.com\\\/ca\\\/hera\\\/#primaryimage\"},\"thumbnailUrl\":\"https:\\\/\\\/iwell-guard.com\\\/wp-content\\\/uploads\\\/2026\\\/05\\\/goetter_griechenland_hera.webp\",\"datePublished\":\"2026-09-05T15:42:30+00:00\",\"dateModified\":\"2026-09-05T16:07:29+00:00\",\"description\":\"Hera \u00e9s la deessa del matrimoni, la fam\u00edlia i reina de l'Olimp. Germana i esposa de Zeus, mare d'Ares, Hebe i Hefest. Mite, culte, veneraci\u00f3.\",\"breadcrumb\":{\"@id\":\"https:\\\/\\\/iwell-guard.com\\\/ca\\\/hera\\\/#breadcrumb\"},\"inLanguage\":\"ca\",\"potentialAction\":[{\"@type\":\"ReadAction\",\"target\":[\"https:\\\/\\\/iwell-guard.com\\\/ca\\\/hera\\\/\"]}]},{\"@type\":\"ImageObject\",\"inLanguage\":\"ca\",\"@id\":\"https:\\\/\\\/iwell-guard.com\\\/ca\\\/hera\\\/#primaryimage\",\"url\":\"https:\\\/\\\/iwell-guard.com\\\/wp-content\\\/uploads\\\/2026\\\/05\\\/goetter_griechenland_hera.webp\",\"contentUrl\":\"https:\\\/\\\/iwell-guard.com\\\/wp-content\\\/uploads\\\/2026\\\/05\\\/goetter_griechenland_hera.webp\",\"width\":1024,\"height\":1536,\"caption\":\"D\u00e9us de la tradici\u00f3 grega.\"},{\"@type\":\"BreadcrumbList\",\"@id\":\"https:\\\/\\\/iwell-guard.com\\\/ca\\\/hera\\\/#breadcrumb\",\"itemListElement\":[{\"@type\":\"ListItem\",\"position\":1,\"name\":\"Start\",\"item\":\"https:\\\/\\\/iwell-guard.com\\\/ca\\\/?page_id=171333\"},{\"@type\":\"ListItem\",\"position\":2,\"name\":\"Hera\"}]},{\"@type\":\"WebSite\",\"@id\":\"https:\\\/\\\/iwell-guard.com\\\/ca\\\/#website\",\"url\":\"https:\\\/\\\/iwell-guard.com\\\/ca\\\/\",\"name\":\"iWell Guard\",\"description\":\"Schutz vor dunklen Einfl\u00fcssen\",\"publisher\":{\"@id\":\"https:\\\/\\\/iwell-guard.com\\\/ca\\\/#organization\"},\"potentialAction\":[{\"@type\":\"SearchAction\",\"target\":{\"@type\":\"EntryPoint\",\"urlTemplate\":\"https:\\\/\\\/iwell-guard.com\\\/ca\\\/?s={search_term_string}\"},\"query-input\":{\"@type\":\"PropertyValueSpecification\",\"valueRequired\":true,\"valueName\":\"search_term_string\"}}],\"inLanguage\":\"ca\"},{\"@type\":\"Organization\",\"@id\":\"https:\\\/\\\/iwell-guard.com\\\/ca\\\/#organization\",\"name\":\"Ittermann electronic GmbH\",\"url\":\"https:\\\/\\\/iwell-guard.com\\\/ca\\\/\",\"logo\":{\"@type\":\"ImageObject\",\"inLanguage\":\"ca\",\"@id\":\"https:\\\/\\\/iwell-guard.com\\\/ca\\\/#\\\/schema\\\/logo\\\/image\\\/\",\"url\":\"https:\\\/\\\/iwell-guard.com\\\/wp-content\\\/uploads\\\/2026\\\/05\\\/Ittermann-Logo-1182x237-1.png\",\"contentUrl\":\"https:\\\/\\\/iwell-guard.com\\\/wp-content\\\/uploads\\\/2026\\\/05\\\/Ittermann-Logo-1182x237-1.png\",\"width\":1182,\"height\":237,\"caption\":\"Ittermann electronic GmbH\"},\"image\":{\"@id\":\"https:\\\/\\\/iwell-guard.com\\\/ca\\\/#\\\/schema\\\/logo\\\/image\\\/\"},\"sameAs\":[\"https:\\\/\\\/pantip.com\\\/profile\\\/9367242\",\"https:\\\/\\\/micro.blog\\\/iwellguard\",\"https:\\\/\\\/www.diggerslist.com\\\/iwellguard\\\/about\",\"https:\\\/\\\/skitterphoto.com\\\/photographers\\\/2870314\\\/iwell-guard\",\"https:\\\/\\\/iwellguard.wordpress.com\\\/2026\\\/06\\\/06\\\/iwell-guard\\\/\",\"https:\\\/\\\/hub.docker.com\\\/u\\\/iwellguard\",\"https:\\\/\\\/www.pinterest.com\\\/iwellguard\\\/\",\"https:\\\/\\\/bit.ly\\\/m\\\/iwellguard\",\"https:\\\/\\\/entre-vos-mains.alsace.eu\\\/profiles\\\/iwellguard\\\/activity\",\"https:\\\/\\\/gravatar.com\\\/reallybeded8fd34\",\"https:\\\/\\\/naijamatta.com\\\/iwellguard\",\"https:\\\/\\\/www.goodreads.com\\\/iwellguard\",\"https:\\\/\\\/profile.hatena.ne.jp\\\/iwellguard\\\/\",\"https:\\\/\\\/experiment.com\\\/users\\\/iwellguard\",\"https:\\\/\\\/wakelet.com\\\/@iWellGuard82270\",\"https:\\\/\\\/www.chordie.com\\\/forum\\\/profile.php?id=2555664\",\"https:\\\/\\\/www.instapaper.com\\\/p\\\/17757966\",\"https:\\\/\\\/www.mapleprimes.com\\\/users\\\/iwellguard\",\"https:\\\/\\\/businesslistingplus.com\\\/profile\\\/iwell-guard\\\/\",\"https:\\\/\\\/telegra.ph\\\/iWell-Guard-06-06\",\"https:\\\/\\\/pbase.com\\\/iwellguard\\\/iwellguard\",\"https:\\\/\\\/b.hatena.ne.jp\\\/iwellguard\\\/20260607#bookmark-4788405196491818882\",\"https:\\\/\\\/fliphtml5.com\\\/home\\\/iwellguard\",\"https:\\\/\\\/anyflip.com\\\/homepage\\\/cmiwl#About\",\"https:\\\/\\\/transfur.com\\\/Users\\\/iwellguard\",\"http:\\\/\\\/delphi.larsbo.org\\\/user\\\/iwellguard\",\"https:\\\/\\\/jobs.lajobsportal.org\\\/profiles\\\/8380803-iwell-guard\",\"https:\\\/\\\/md.chaosdorf.de\\\/s\\\/jfbe5SBdJD\",\"https:\\\/\\\/www.lingvolive.com\\\/en-us\\\/profile\\\/9ecaeaca-ce11-4e51-9e71-01d55e2bff36\\\/translations\",\"https:\\\/\\\/www.fitday.com\\\/fitness\\\/forums\\\/members\\\/iwellguard.html\",\"https:\\\/\\\/www.mymeetbook.com\\\/iwellguard\",\"https:\\\/\\\/pxhere.com\\\/en\\\/photographer-me\\\/5040798\",\"https:\\\/\\\/disqus.com\\\/by\\\/iwellguard\\\/about\\\/\",\"https:\\\/\\\/pastelink.net\\\/hjwciqwq\",\"https:\\\/\\\/pubhtml5.com\\\/homepage\\\/scjhn\\\/\",\"https:\\\/\\\/www.bitchute.com\\\/channel\\\/2O2eOKzNqujT\",\"https:\\\/\\\/audiomack.com\\\/iwellguard\"]},{\"@type\":\"Article\",\"@id\":\"https:\\\/\\\/iwell-guard.com\\\/ca\\\/hera\\\/#article\",\"isPartOf\":{\"@id\":\"https:\\\/\\\/iwell-guard.com\\\/ca\\\/hera\\\/\"},\"author\":{\"name\":\"Ralf Ittermann\",\"@id\":\"https:\\\/\\\/iwell-guard.com\\\/ca\\\/#\\\/schema\\\/person\\\/ee2a27f1cac3406c7c6fb5820cb7349f\"},\"headline\":\"Hera\",\"datePublished\":\"2026-09-05T15:42:30+00:00\",\"dateModified\":\"2026-09-05T16:07:29+00:00\",\"mainEntityOfPage\":{\"@id\":\"https:\\\/\\\/iwell-guard.com\\\/ca\\\/hera\\\/\"},\"publisher\":{\"@id\":\"https:\\\/\\\/iwell-guard.com\\\/ca\\\/#organization\"},\"image\":{\"@id\":\"https:\\\/\\\/iwell-guard.com\\\/ca\\\/hera\\\/#primaryimage\"},\"thumbnailUrl\":\"https:\\\/\\\/iwell-guard.com\\\/wp-content\\\/uploads\\\/2026\\\/05\\\/goetter_griechenland_hera.webp\",\"inLanguage\":\"ca\",\"description\":\"Hera \u00e9s la deessa del matrimoni, la fam\u00edlia i reina de l'Olimp. Germana i esposa de Zeus, mare d'Ares, Hebe i Hefest. Mite, culte, veneraci\u00f3.\"}]}<\/script>\n<!-- \/ Yoast SEO Premium plugin. -->","yoast_head_json":{"title":"Hera \u2013 Deessa del matrimoni i reina de l'Olimp | iWell Guard","description":"Hera \u00e9s la deessa del matrimoni, la fam\u00edlia i reina de l'Olimp. Germana i esposa de Zeus, mare d'Ares, Hebe i Hefest. Mite, culte, veneraci\u00f3.","robots":{"index":"index","follow":"follow","max-snippet":"max-snippet:-1","max-image-preview":"max-image-preview:large","max-video-preview":"max-video-preview:-1"},"canonical":"https:\/\/iwell-guard.com\/ca\/hera\/","og_locale":"ca_ES","og_type":"article","og_title":"Hera","og_description":"Hera \u00e9s la deessa del matrimoni, la fam\u00edlia i reina de l'Olimp. Germana i esposa de Zeus, mare d'Ares, Hebe i Hefest. Mite, culte, veneraci\u00f3.","og_url":"https:\/\/iwell-guard.com\/ca\/hera\/","og_site_name":"iWell Guard","article_modified_time":"2026-09-05T16:07:29+00:00","og_image":[{"width":1024,"height":1536,"url":"https:\/\/iwell-guard.com\/wp-content\/uploads\/2026\/05\/goetter_griechenland_hera.webp","type":"image\/webp"}],"twitter_card":"summary_large_image","schema":{"@context":"https:\/\/schema.org","@graph":[{"@type":"Article","@id":"https:\/\/iwell-guard.com\/ca\/hera\/#article","isPartOf":{"@id":"https:\/\/iwell-guard.com\/ca\/hera\/"},"author":{"name":"Ralf Ittermann","@id":"https:\/\/iwell-guard.com\/ca\/#\/schema\/person\/ee2a27f1cac3406c7c6fb5820cb7349f"},"headline":"Hera","datePublished":"2026-09-05T15:42:30+00:00","dateModified":"2026-09-05T16:07:29+00:00","mainEntityOfPage":{"@id":"https:\/\/iwell-guard.com\/ca\/hera\/"},"publisher":{"@id":"https:\/\/iwell-guard.com\/ca\/#organization"},"image":{"@id":"https:\/\/iwell-guard.com\/ca\/hera\/#primaryimage"},"thumbnailUrl":"https:\/\/iwell-guard.com\/wp-content\/uploads\/2026\/05\/goetter_griechenland_hera.webp","inLanguage":"ca","description":"Hera \u00e9s la deessa del matrimoni, la fam\u00edlia i reina de l'Olimp. Germana i esposa de Zeus, mare d'Ares, Hebe i Hefest. Mite, culte, veneraci\u00f3."},{"@type":"WebPage","@id":"https:\/\/iwell-guard.com\/ca\/hera\/","url":"https:\/\/iwell-guard.com\/ca\/hera\/","name":"Hera \u2013 Deessa del matrimoni i reina de l'Olimp | iWell Guard","isPartOf":{"@id":"https:\/\/iwell-guard.com\/ca\/#website"},"primaryImageOfPage":{"@id":"https:\/\/iwell-guard.com\/ca\/hera\/#primaryimage"},"image":{"@id":"https:\/\/iwell-guard.com\/ca\/hera\/#primaryimage"},"thumbnailUrl":"https:\/\/iwell-guard.com\/wp-content\/uploads\/2026\/05\/goetter_griechenland_hera.webp","datePublished":"2026-09-05T15:42:30+00:00","dateModified":"2026-09-05T16:07:29+00:00","description":"Hera \u00e9s la deessa del matrimoni, la fam\u00edlia i reina de l'Olimp. Germana i esposa de Zeus, mare d'Ares, Hebe i Hefest. Mite, culte, veneraci\u00f3.","breadcrumb":{"@id":"https:\/\/iwell-guard.com\/ca\/hera\/#breadcrumb"},"inLanguage":"ca","potentialAction":[{"@type":"ReadAction","target":["https:\/\/iwell-guard.com\/ca\/hera\/"]}]},{"@type":"ImageObject","inLanguage":"ca","@id":"https:\/\/iwell-guard.com\/ca\/hera\/#primaryimage","url":"https:\/\/iwell-guard.com\/wp-content\/uploads\/2026\/05\/goetter_griechenland_hera.webp","contentUrl":"https:\/\/iwell-guard.com\/wp-content\/uploads\/2026\/05\/goetter_griechenland_hera.webp","width":1024,"height":1536,"caption":"D\u00e9us de la tradici\u00f3 grega."},{"@type":"BreadcrumbList","@id":"https:\/\/iwell-guard.com\/ca\/hera\/#breadcrumb","itemListElement":[{"@type":"ListItem","position":1,"name":"Start","item":"https:\/\/iwell-guard.com\/ca\/?page_id=171333"},{"@type":"ListItem","position":2,"name":"Hera"}]},{"@type":"WebSite","@id":"https:\/\/iwell-guard.com\/ca\/#website","url":"https:\/\/iwell-guard.com\/ca\/","name":"iWell Guard","description":"Schutz vor dunklen Einfl\u00fcssen","publisher":{"@id":"https:\/\/iwell-guard.com\/ca\/#organization"},"potentialAction":[{"@type":"SearchAction","target":{"@type":"EntryPoint","urlTemplate":"https:\/\/iwell-guard.com\/ca\/?s={search_term_string}"},"query-input":{"@type":"PropertyValueSpecification","valueRequired":true,"valueName":"search_term_string"}}],"inLanguage":"ca"},{"@type":"Organization","@id":"https:\/\/iwell-guard.com\/ca\/#organization","name":"Ittermann electronic GmbH","url":"https:\/\/iwell-guard.com\/ca\/","logo":{"@type":"ImageObject","inLanguage":"ca","@id":"https:\/\/iwell-guard.com\/ca\/#\/schema\/logo\/image\/","url":"https:\/\/iwell-guard.com\/wp-content\/uploads\/2026\/05\/Ittermann-Logo-1182x237-1.png","contentUrl":"https:\/\/iwell-guard.com\/wp-content\/uploads\/2026\/05\/Ittermann-Logo-1182x237-1.png","width":1182,"height":237,"caption":"Ittermann electronic GmbH"},"image":{"@id":"https:\/\/iwell-guard.com\/ca\/#\/schema\/logo\/image\/"},"sameAs":["https:\/\/pantip.com\/profile\/9367242","https:\/\/micro.blog\/iwellguard","https:\/\/www.diggerslist.com\/iwellguard\/about","https:\/\/skitterphoto.com\/photographers\/2870314\/iwell-guard","https:\/\/iwellguard.wordpress.com\/2026\/06\/06\/iwell-guard\/","https:\/\/hub.docker.com\/u\/iwellguard","https:\/\/www.pinterest.com\/iwellguard\/","https:\/\/bit.ly\/m\/iwellguard","https:\/\/entre-vos-mains.alsace.eu\/profiles\/iwellguard\/activity","https:\/\/gravatar.com\/reallybeded8fd34","https:\/\/naijamatta.com\/iwellguard","https:\/\/www.goodreads.com\/iwellguard","https:\/\/profile.hatena.ne.jp\/iwellguard\/","https:\/\/experiment.com\/users\/iwellguard","https:\/\/wakelet.com\/@iWellGuard82270","https:\/\/www.chordie.com\/forum\/profile.php?id=2555664","https:\/\/www.instapaper.com\/p\/17757966","https:\/\/www.mapleprimes.com\/users\/iwellguard","https:\/\/businesslistingplus.com\/profile\/iwell-guard\/","https:\/\/telegra.ph\/iWell-Guard-06-06","https:\/\/pbase.com\/iwellguard\/iwellguard","https:\/\/b.hatena.ne.jp\/iwellguard\/20260607#bookmark-4788405196491818882","https:\/\/fliphtml5.com\/home\/iwellguard","https:\/\/anyflip.com\/homepage\/cmiwl#About","https:\/\/transfur.com\/Users\/iwellguard","http:\/\/delphi.larsbo.org\/user\/iwellguard","https:\/\/jobs.lajobsportal.org\/profiles\/8380803-iwell-guard","https:\/\/md.chaosdorf.de\/s\/jfbe5SBdJD","https:\/\/www.lingvolive.com\/en-us\/profile\/9ecaeaca-ce11-4e51-9e71-01d55e2bff36\/translations","https:\/\/www.fitday.com\/fitness\/forums\/members\/iwellguard.html","https:\/\/www.mymeetbook.com\/iwellguard","https:\/\/pxhere.com\/en\/photographer-me\/5040798","https:\/\/disqus.com\/by\/iwellguard\/about\/","https:\/\/pastelink.net\/hjwciqwq","https:\/\/pubhtml5.com\/homepage\/scjhn\/","https:\/\/www.bitchute.com\/channel\/2O2eOKzNqujT","https:\/\/audiomack.com\/iwellguard"]},{"@type":"Person","@id":"https:\/\/iwell-guard.com\/ca\/#\/schema\/person\/ee2a27f1cac3406c7c6fb5820cb7349f","name":"Ralf Ittermann","image":{"@type":"ImageObject","inLanguage":"ca","@id":"https:\/\/secure.gravatar.com\/avatar\/073c0153e350a5005b68eb752b445fea71f6b24a26da9449ad7e155e6b446c9d?s=96&d=mm&r=g","url":"https:\/\/secure.gravatar.com\/avatar\/073c0153e350a5005b68eb752b445fea71f6b24a26da9449ad7e155e6b446c9d?s=96&d=mm&r=g","contentUrl":"https:\/\/secure.gravatar.com\/avatar\/073c0153e350a5005b68eb752b445fea71f6b24a26da9449ad7e155e6b446c9d?s=96&d=mm&r=g","caption":"Ralf Ittermann"},"givenName":"Ralf","familyName":"Ittermann","jobTitle":"Gesch\u00e4ftsf\u00fchrer und redaktioneller Verantwortlicher","url":"https:\/\/iwell-guard.com\/ca\/author\/claude\/","description":"Ralf Ittermann ist Gesch\u00e4ftsf\u00fchrer der Ittermann electronic GmbH und redaktioneller Verantwortlicher des iWell-Guard-Lexikons. Er verbindet langj\u00e4hrige Erfahrung in der Pr\u00e4zisionsfertigung mit medialer Praxis und religionsgeschichtlicher Quellenarbeit.","worksFor":{"@type":"Organization","name":"Ittermann electronic GmbH","url":"https:\/\/ittermann.de\/","address":{"@type":"PostalAddress","streetAddress":"K\u00f6hlergasse 16-18","postalCode":"99842","addressLocality":"Ruhla","addressCountry":"DE"}},"knowsAbout":["Religionsgeschichte","Mythologie","Mediale Praxis","Energetische Diagnostik","Schutzpraxis","Volksglauben","Westliche Esoterik"]},{"@type":"Article","@id":"https:\/\/iwell-guard.com\/ca\/hera\/#article","isPartOf":{"@id":"https:\/\/iwell-guard.com\/ca\/hera\/"},"author":{"name":"Ralf Ittermann","@id":"https:\/\/iwell-guard.com\/ca\/#\/schema\/person\/ee2a27f1cac3406c7c6fb5820cb7349f"},"headline":"Hera","datePublished":"2026-09-05T15:42:30+00:00","dateModified":"2026-09-05T16:07:29+00:00","mainEntityOfPage":{"@id":"https:\/\/iwell-guard.com\/ca\/hera\/"},"publisher":{"@id":"https:\/\/iwell-guard.com\/ca\/#organization"},"image":{"@id":"https:\/\/iwell-guard.com\/ca\/hera\/#primaryimage"},"thumbnailUrl":"https:\/\/iwell-guard.com\/wp-content\/uploads\/2026\/05\/goetter_griechenland_hera.webp","inLanguage":"ca","description":"Hera \u00e9s la deessa del matrimoni, la fam\u00edlia i reina de l'Olimp. Germana i esposa de Zeus, mare d'Ares, Hebe i Hefest. Mite, culte, veneraci\u00f3."}]}},"_links":{"self":[{"href":"https:\/\/iwell-guard.com\/ca\/wp-json\/wp\/v2\/pages\/171798","targetHints":{"allow":["GET"]}}],"collection":[{"href":"https:\/\/iwell-guard.com\/ca\/wp-json\/wp\/v2\/pages"}],"about":[{"href":"https:\/\/iwell-guard.com\/ca\/wp-json\/wp\/v2\/types\/page"}],"author":[{"embeddable":true,"href":"https:\/\/iwell-guard.com\/ca\/wp-json\/wp\/v2\/users\/3"}],"replies":[{"embeddable":true,"href":"https:\/\/iwell-guard.com\/ca\/wp-json\/wp\/v2\/comments?post=171798"}],"version-history":[{"count":0,"href":"https:\/\/iwell-guard.com\/ca\/wp-json\/wp\/v2\/pages\/171798\/revisions"}],"wp:featuredmedia":[{"embeddable":true,"href":"https:\/\/iwell-guard.com\/ca\/wp-json\/wp\/v2\/media\/2984"}],"wp:attachment":[{"href":"https:\/\/iwell-guard.com\/ca\/wp-json\/wp\/v2\/media?parent=171798"}],"wp:term":[{"taxonomy":"category","embeddable":true,"href":"https:\/\/iwell-guard.com\/ca\/wp-json\/wp\/v2\/categories?post=171798"}],"curies":[{"name":"wp","href":"https:\/\/api.w.org\/{rel}","templated":true}]}}