{"id":171796,"date":"2026-09-05T15:42:29","date_gmt":"2026-09-05T15:42:29","guid":{"rendered":"https:\/\/iwell-guard.com\/?page_id=171796"},"modified":"2026-09-05T16:07:25","modified_gmt":"2026-09-05T16:07:25","slug":"ranginui-pare-cel-cosmologia-maori","status":"publish","type":"page","link":"https:\/\/iwell-guard.com\/ca\/ranginui-pare-cel-cosmologia-maori\/","title":{"rendered":"Ranginui \u2013 el pare cel de la cosmologia maori"},"content":{"rendered":"\t\t<div data-elementor-type=\"wp-page\" data-elementor-id=\"171796\" class=\"elementor elementor-171796 elementor-2930 elementor-bc-flex-widget\" data-elementor-post-type=\"page\">\n\t\t\t\t<div class=\"elementor-element elementor-element-herocf5ad9a e-flex e-con-boxed e-con e-parent\" data-id=\"herocf5ad9a\" data-element_type=\"container\" data-e-type=\"container\">\n\t\t\t\t\t<div class=\"e-con-inner\">\n\t\t\t\t<div class=\"elementor-element elementor-element-heroimgdbd55a6 iwg-hero-image elementor-widget elementor-widget-image\" data-id=\"heroimgdbd55a6\" data-element_type=\"widget\" data-e-type=\"widget\" data-widget_type=\"image.default\">\n\t\t\t\t\t\t\t\t\t\t\t\t\t\t\t<img fetchpriority=\"high\" decoding=\"async\" width=\"683\" height=\"1024\" src=\"https:\/\/iwell-guard.com\/wp-content\/uploads\/2026\/05\/goetter_polynesisch-maori_ranginui-683x1024.webp\" class=\"attachment-large size-large wp-image-3385\" alt=\"Ranginui \u2013 el pare cel de la cosmologia maori\" srcset=\"https:\/\/iwell-guard.com\/wp-content\/uploads\/2026\/05\/goetter_polynesisch-maori_ranginui-683x1024.webp 683w, https:\/\/iwell-guard.com\/wp-content\/uploads\/2026\/05\/goetter_polynesisch-maori_ranginui-200x300.webp 200w, https:\/\/iwell-guard.com\/wp-content\/uploads\/2026\/05\/goetter_polynesisch-maori_ranginui-768x1152.webp 768w, https:\/\/iwell-guard.com\/wp-content\/uploads\/2026\/05\/goetter_polynesisch-maori_ranginui.webp 1024w\" sizes=\"(max-width: 683px) 100vw, 683px\" \/>\t\t\t\t\t\t\t\t\t\t\t\t\t\t\t<\/div>\n\t\t\t\t\t<\/div>\n\t\t\t\t<\/div>\n\t\t<div class=\"elementor-element elementor-element-iwgw-ranginui-hero e-flex e-con-boxed e-con e-parent\" data-id=\"iwgw-ranginui-hero\" data-element_type=\"container\" data-e-type=\"container\">\n\t\t\t\t\t<div class=\"e-con-inner\">\n\t\t\t\t<div class=\"elementor-element elementor-element-iwgw-ranginui-h1 elementor-widget elementor-widget-heading\" data-id=\"iwgw-ranginui-h1\" data-element_type=\"widget\" data-e-type=\"widget\" data-widget_type=\"heading.default\">\n\t\t\t\t\t<h1 class=\"elementor-heading-title elementor-size-default\">Ranginui \u2013 el pare cel en la cosmovisi\u00f3 dels maoris<\/h1>\t\t\t\t<\/div>\n\t\t\t\t<div class=\"elementor-element elementor-element-iwgw-ranginui-pills elementor-widget elementor-widget-html\" data-id=\"iwgw-ranginui-pills\" data-element_type=\"widget\" data-e-type=\"widget\" data-widget_type=\"html.default\">\n\t\t\t\t\t<div class=\"iwg-pill-row\"><span class=\"iwg-klasse-badge\" tabindex=\"0\" data-tooltip=\"D\u00e9u de la tradici\u00f3 Polin\u00e8sia \/ maori.\">D\u00e9u<\/span><a href=\"https:\/\/iwell-guard.com\/ca\/polinesia-maori-hawaii-tradicions-proteccio\/\" class=\"iwg-kultur-badge\" tabindex=\"0\" data-tooltip=\"Mitologia de la tradici\u00f3 Polin\u00e8sia \/ maori.\">Polin\u00e8sia \/ Maori<\/a><span class=\"iwg-tradition-badge\" tabindex=\"0\" data-tooltip=\"Pare Cel.\">Pare Cel<\/span><\/div>\t\t\t\t<\/div>\n\t\t\t\t<div class=\"elementor-element elementor-element-iwgw-ranginui-lead elementor-widget elementor-widget-text-editor\" data-id=\"iwgw-ranginui-lead\" data-element_type=\"widget\" data-e-type=\"widget\" data-widget_type=\"text-editor.default\">\n\t\t\t\t\t\t\t\t\t<p>Ranginui \u00e9s el pare cel de la <span class=\"iwg-fachbegriff\" data-tooltip=\"Concepci\u00f3 sobre l'estructura i l'ordre del m\u00f3n dins d'una cultura.\" tabindex=\"0\">cosmologia<\/span> maori. Juntament amb la mare terra Papat\u016b\u0101nuku forma la parella primordial. Els seus fills el separen violentament de la terra per crear llum i espai vital; des d&#8217;aleshores \u00e9s el cel que plora, girat cap a la terra.<\/p>\t\t\t\t\t\t\t\t<\/div>\n\t\t\t\t\t<\/div>\n\t\t\t\t<\/div>\n\t\t<div class=\"elementor-element elementor-element-iwgw-ranginui-s0 e-flex e-con-boxed e-con e-parent\" data-id=\"iwgw-ranginui-s0\" data-element_type=\"container\" data-e-type=\"container\">\n\t\t\t\t\t<div class=\"e-con-inner\">\n\t\t\t\t<div class=\"elementor-element elementor-element-iwgw-ranginui-s0h elementor-widget elementor-widget-heading\" data-id=\"iwgw-ranginui-s0h\" data-element_type=\"widget\" data-e-type=\"widget\" data-widget_type=\"heading.default\">\n\t\t\t\t\t<h2 class=\"elementor-heading-title elementor-size-default\">Introducci\u00f3<\/h2>\t\t\t\t<\/div>\n\t\t\t\t<div class=\"elementor-element elementor-element-iwgw-ranginui-s0t elementor-widget elementor-widget-text-editor\" data-id=\"iwgw-ranginui-s0t\" data-element_type=\"widget\" data-e-type=\"widget\" data-widget_type=\"text-editor.default\">\n\t\t\t\t\t\t\t\t\t<p>Ranginui, sovint anomenat simplement Rangi, \u00e9s en la <span class=\"iwg-fachbegriff\" data-tooltip=\"Concepci\u00f3 sobre l'estructura i l'ordre del m\u00f3n dins d'una cultura.\" tabindex=\"0\">cosmologia<\/span> dels maoris el cel, concebut com a figura primordial masculina i pare. Juntament amb la mare terra Papat\u016b\u0101nuku forma la parella primordial, de la qual descendeixen els d\u00e9us i tot all\u00f2 viu. Com passa amb Papat\u016b\u0101nuku, cal tenir en compte que Ranginui no governa el cel, sin\u00f3 que \u00e9s el cel. Nom i realitat s\u00f3n una sola cosa.<\/p><p>Dins de la religi\u00f3 de <a href=\"https:\/\/iwell-guard.com\/ca\/polinesia-maori-hawaii-tradicions-proteccio\/\">Polin\u00e8sia \/ Maori<\/a>, Ranginui es troba a l&#8217;inici de la s\u00e8rie geneal\u00f2gica, la whakapapa, que uneix d\u00e9us, terra i persones. Pertany aix\u00ed a la primera generaci\u00f3 de forces personificades. El seu significat m\u00edtic pr\u00f2piament dit prov\u00e9 menys de les seves accions que del seu dest\u00ed: l&#8217;abra\u00e7ada amb la terra i la dolorosa separaci\u00f3 d&#8217;ella.<\/p><p>Des del punt de vista de la ci\u00e8ncia de les religions, Ranginui encarna el tipus del pare cel que forma amb una mare terra una parella c\u00f2smica. Aquest <span class=\"iwg-fachbegriff\" data-tooltip=\"Un element de contingut recurrent en l'art o la narrativa.\" tabindex=\"0\">motiu<\/span> est\u00e0 molt est\u00e8s a Polin\u00e8sia i apareix tamb\u00e9 en nombroses altres mitologies. Caracter\u00edstic de la versi\u00f3 maori \u00e9s que el m\u00f3n no sorgeix per un acte de creaci\u00f3, sin\u00f3 per l&#8217;evoluci\u00f3 i la separaci\u00f3 d&#8217;aquesta parella primordial.<\/p>\t\t\t\t\t\t\t\t<\/div>\n\t\t\t\t\t<\/div>\n\t\t\t\t<\/div>\n\t\t<div class=\"elementor-element elementor-element-iwgw-ranginui-s1 e-flex e-con-boxed e-con e-parent\" data-id=\"iwgw-ranginui-s1\" data-element_type=\"container\" data-e-type=\"container\">\n\t\t\t\t\t<div class=\"e-con-inner\">\n\t\t\t\t<div class=\"elementor-element elementor-element-iwgw-ranginui-s1h elementor-widget elementor-widget-heading\" data-id=\"iwgw-ranginui-s1h\" data-element_type=\"widget\" data-e-type=\"widget\" data-widget_type=\"heading.default\">\n\t\t\t\t\t<h2 class=\"elementor-heading-title elementor-size-default\">Nom i etimologia<\/h2>\t\t\t\t<\/div>\n\t\t\t\t<div class=\"elementor-element elementor-element-iwgw-ranginui-s1t elementor-widget elementor-widget-text-editor\" data-id=\"iwgw-ranginui-s1t\" data-element_type=\"widget\" data-e-type=\"widget\" data-widget_type=\"text-editor.default\">\n\t\t\t\t\t\t\t\t\t<p>El nom Ranginui est\u00e0 compost per <em>rangi<\/em>, cel, i <em>nui<\/em>, gran. Significa doncs el gran cel. La paraula <em>rangi<\/em> est\u00e0 molt estesa en maori i en les lleng\u00fces polin\u00e8sies emparentades, i designa alhora el cel visible i el dia.<\/p><p>En les narracions apareix sobretot la forma curta Rangi. A m\u00e9s, hi ha una s\u00e8rie de sobrenoms que denoten diferents aspectes del cel, com el cel clar, el lluny\u00e0 o el que s&#8217;est\u00e9n per damunt de tot. Algunes tradicions coneixen una successi\u00f3 o estratificaci\u00f3 de diversos cels, en la qual Ranginui \u00e9s el m\u00e9s inferior, el que est\u00e0 girat cap a la terra.<\/p><p>Noms emparentats per a figures celestes es troben en altres parts de Polin\u00e8sia, la qual cosa situa Ranginui dins d&#8217;un patrimoni mitol\u00f2gic com\u00fa. Com en el cas de Papat\u016b\u0101nuku, cal observar la unitat entre nom, figura personal i realitat f\u00edsica: Ranginui no \u00e9s un d\u00e9u del cel, sin\u00f3 el cel com a for\u00e7a personal i emparentada.<\/p>\t\t\t\t\t\t\t\t<\/div>\n\t\t\t\t\t<\/div>\n\t\t\t\t<\/div>\n\t\t<div class=\"elementor-element elementor-element-iwgw-ranginui-s2 e-flex e-con-boxed e-con e-parent\" data-id=\"iwgw-ranginui-s2\" data-element_type=\"container\" data-e-type=\"container\">\n\t\t\t\t\t<div class=\"e-con-inner\">\n\t\t\t\t<div class=\"elementor-element elementor-element-iwgw-ranginui-s2h elementor-widget elementor-widget-heading\" data-id=\"iwgw-ranginui-s2h\" data-element_type=\"widget\" data-e-type=\"widget\" data-widget_type=\"heading.default\">\n\t\t\t\t\t<h2 class=\"elementor-heading-title elementor-size-default\">Descripci\u00f3 i formes d'aparici\u00f3<\/h2>\t\t\t\t<\/div>\n\t\t\t\t<div class=\"elementor-element elementor-element-iwgw-ranginui-s2t elementor-widget elementor-widget-text-editor\" data-id=\"iwgw-ranginui-s2t\" data-element_type=\"widget\" data-e-type=\"widget\" data-widget_type=\"text-editor.default\">\n\t\t\t\t\t\t\t\t\t<p>Ranginui es representa com una figura masculina que jeu sobre la terra i que despr\u00e9s \u00e9s al\u00e7ada cap amunt. En el temps abans de la separaci\u00f3, el seu cos cobreix directament el cos de Papat\u016b\u0101nuku, de manera que entre tots dos no queda espai ni llum. Despr\u00e9s de la separaci\u00f3, \u00e9s el cel est\u00e8s en l&#8217;al\u00e7ada que cobreix el m\u00f3n amb la seva volta.<\/p><p>Les seves formes de manifestaci\u00f3 s\u00f3n els fen\u00f2mens del cel. La pluja i la rosada es consideren les seves ll\u00e0grimes, que vessa per l&#8217;anyoran\u00e7a de l&#8217;esposa separada.<\/p><p>Els estels es interpreten en algunes tradicions com a ornaments amb els quals el seu fill el va guarnir despr\u00e9s de la separaci\u00f3, per consolar i honrar el pare. Els n\u00favols, la boira i la llum del dia tamb\u00e9 formen part de la seva pres\u00e8ncia visible.<\/p><p>A difer\u00e8ncia dels d\u00e9us embusters o metam\u00f2rfics, Ranginui no apareix en formes canviants. La seva pres\u00e8ncia \u00e9s la pres\u00e8ncia constant del cel damunt la terra. Caracter\u00edstica \u00e9s la seva actitud de dedicaci\u00f3: es queda a dalt, per\u00f2 est\u00e0 girat cap a la terra, i el seu dol mant\u00e9 la connexi\u00f3 amb Papat\u016b\u0101nuku.<\/p>\t\t\t\t\t\t\t\t<\/div>\n\t\t\t\t\t<\/div>\n\t\t\t\t<\/div>\n\t\t<div class=\"elementor-element elementor-element-iwgw-ranginui-s3 e-flex e-con-boxed e-con e-parent\" data-id=\"iwgw-ranginui-s3\" data-element_type=\"container\" data-e-type=\"container\">\n\t\t\t\t\t<div class=\"e-con-inner\">\n\t\t\t\t<div class=\"elementor-element elementor-element-iwgw-ranginui-s3h elementor-widget elementor-widget-heading\" data-id=\"iwgw-ranginui-s3h\" data-element_type=\"widget\" data-e-type=\"widget\" data-widget_type=\"heading.default\">\n\t\t\t\t\t<h2 class=\"elementor-heading-title elementor-size-default\">Mitologia i transmissi\u00f3<\/h2>\t\t\t\t<\/div>\n\t\t\t\t<div class=\"elementor-element elementor-element-iwgw-ranginui-s3t elementor-widget elementor-widget-text-editor\" data-id=\"iwgw-ranginui-s3t\" data-element_type=\"widget\" data-e-type=\"widget\" data-widget_type=\"text-editor.default\">\n\t\t\t\t\t\t\t\t\t<p>El <span class=\"iwg-fachbegriff\" data-tooltip=\"Un relat transm\u00e8s sobre d\u00e9us, or\u00edgens i l'ordre del m\u00f3n.\" tabindex=\"0\">mite<\/span> central de Ranginui \u00e9s la separaci\u00f3 de la parella ancestral primordial. Al principi, Ranginui i Papat\u016b\u0101nuku jeuen abra\u00e7ats estretament. Els seus fills divins, tancats en la foscor entre els pares, deliberen sobre com aconseguir llum i espai. Rebutgen la idea de matar els pares i decideixen separar-los.<\/p><p>Diversos fills intenten en va separar el cel de la terra. Nom\u00e9s T\u0101ne, el d\u00e9u dels boscos, ho aconsegueix: recolzant les espatlles contra la terra i els peus contra el cel, aixeca lentament Ranginui.<\/p><p>Aix\u00ed sorgeix el m\u00f3n de la llum. Un altre fill, T\u0101whirim\u0101tea, el d\u00e9u de les tempestes, no accepta la separaci\u00f3. Segueix el seu pare cap a les altures i des d&#8217;all\u00e0 envia vent i tempestes contra els seus germans, que han restat a baix.<\/p><p>La separaci\u00f3 porta la vida al m\u00f3n, per\u00f2 resta per als pares un dolor permanent. Ranginui plora, i les seves ll\u00e0grimes cauen com pluja i rosada sobre Papat\u016b\u0101nuku; ella envia el seu sospir en forma de boira cap a ell. Aix\u00ed el <span class=\"iwg-fachbegriff\" data-tooltip=\"Un relat transm\u00e8s sobre d\u00e9us, or\u00edgens i l'ordre del m\u00f3n.\" tabindex=\"0\">mite<\/span> explica la connexi\u00f3 incessant entre el cel i la terra.<\/p><p>En algunes tradicions, T\u0101ne consola el pare adornant-lo amb el sol, la lluna i les estrelles. Sobre aquesta separaci\u00f3 informa, entre d&#8217;altres, el relat de la creaci\u00f3 que Te Rangik\u0101heke va registrar al segle XIX; a m\u00e9s, existeixen nombroses variants regionals amb detalls diferents.<\/p><p>Un episodi desenvolupat en diverses tradicions tracta l&#8217;adornament de Ranginui. Un cop el cel ha estat aixecat, apareix inicialment nu i despullat.<\/p><p>T\u0101ne intenta adornar-lo amb diverses llums i finalment disposa els astres sobre el seu cos: la llum vermella de l&#8217;aurora, el sol, la lluna i finalment les estrelles, que escampa des d&#8217;una cistella.<\/p><p>Aquest relat explica alhora l&#8217;ordre visible del cel i li dona sentit, ja que l&#8217;ornament \u00e9s un acte de reparaci\u00f3 i consol per al pare separat.<\/p><p>Algunes versions coneixen tamb\u00e9 una hist\u00f2ria pr\u00e8via a la separaci\u00f3. Fan sorgir, en etapes, del caos primigeni indiferenciat, del no-res, del buit i de la nit, primer el pensament i la recerca, i despr\u00e9s la parella ancestral.<\/p><p>Ranginui no es troba, doncs, en l&#8217;origen absolut, sin\u00f3 com la primera figura masculina en la transici\u00f3 del temps primordial informe cap al m\u00f3n ordenat. Tamb\u00e9 el nombre i l&#8217;ordre dels fills que intenten la separaci\u00f3 varien entre els diferents iwi; alguns clans anomenen altres d\u00e9us com l&#8217;aixecador reeixit o coneixen altres germans que no apareixen a la versi\u00f3 coneguda de Te Rangik\u0101heke.<\/p>\t\t\t\t\t\t\t\t<\/div>\n\t\t\t\t\t<\/div>\n\t\t\t\t<\/div>\n\t\t<div class=\"elementor-element elementor-element-iwgw-ranginui-s4 e-flex e-con-boxed e-con e-parent\" data-id=\"iwgw-ranginui-s4\" data-element_type=\"container\" data-e-type=\"container\">\n\t\t\t\t\t<div class=\"e-con-inner\">\n\t\t\t\t<div class=\"elementor-element elementor-element-iwgw-ranginui-s4h elementor-widget elementor-widget-heading\" data-id=\"iwgw-ranginui-s4h\" data-element_type=\"widget\" data-e-type=\"widget\" data-widget_type=\"heading.default\">\n\t\t\t\t\t<h2 class=\"elementor-heading-title elementor-size-default\">Culte i veneraci\u00f3<\/h2>\t\t\t\t<\/div>\n\t\t\t\t<div class=\"elementor-element elementor-element-iwgw-ranginui-s4t elementor-widget elementor-widget-text-editor\" data-id=\"iwgw-ranginui-s4t\" data-element_type=\"widget\" data-e-type=\"widget\" data-widget_type=\"text-editor.default\">\n\t\t\t\t\t\t\t\t\t<p>Igual que per a Papat\u016b\u0101nuku, per a Ranginui no hi havia <span class=\"iwg-fachbegriff\" data-tooltip=\"Un edifici destinat a la veneraci\u00f3 d'una o diverses divinitats.\" tabindex=\"0\">temples<\/span> ni una organitzaci\u00f3 de culte pr\u00f2pia. La seva veneraci\u00f3 formava part de l&#8217;ordre ritual global que regulava la relaci\u00f3 de l&#8217;\u00e9sser hum\u00e0 amb els poders divins i amb la natura. Ranginui era invocat en els karakia, les f\u00f3rmules i preg\u00e0ries rituals que acompanyaven les accions importants.<\/p><p>Ranginui adquiria especial rellev\u00e0ncia en tot all\u00f2 relacionat amb el temps, la pluja, els astres i el c\u00f2mput del temps. L&#8217;observaci\u00f3 del cel, de les estrelles i de les seves sortides era indispensable per a la navegaci\u00f3, l&#8217;agricultura i el calendari festiu; aquest coneixement estava lligat a la figura m\u00edtica del pare celestial. Qui interpretava el cel es relacionava amb Ranginui i els seus senyals.<\/p><p>En els discursos al marae, el lloc de reuni\u00f3, encara avui es convoquen conjuntament Ranginui i Papat\u016b\u0101nuku, sovint en la <span class=\"iwg-fachbegriff\" data-tooltip=\"L'acte de dirigir-se a una divinitat o poder amb s\u00faplica o invocaci\u00f3.\" tabindex=\"0\">invocaci\u00f3<\/span> introduct\u00f2ria que saluda el cel i la terra abans de parlar dels humans.<\/p><p>Aix\u00ed, la parella ancestral roman present en la parla ritual dels maori, fins i tot on ja no existeix un <span class=\"iwg-fachbegriff\" data-tooltip=\"El conjunt d'actes de veneraci\u00f3 religiosa dedicats a una divinitat o figura sagrada.\" tabindex=\"0\">culte<\/span> pr\u00f2piament dit. L&#8217;estreta connexi\u00f3 entre Ranginui i Papat\u016b\u0101nuku en la <span class=\"iwg-fachbegriff\" data-tooltip=\"L'adre\u00e7a verbal de l'\u00e9sser hum\u00e0 a una divinitat.\" tabindex=\"0\">preg\u00e0ria<\/span> reflecteix l&#8217;enyoran\u00e7a m\u00edtica dels pares separats.<\/p>\t\t\t\t\t\t\t\t<\/div>\n\t\t\t\t\t<\/div>\n\t\t\t\t<\/div>\n\t\t<div class=\"elementor-element elementor-element-iwgw-ranginui-s5 e-flex e-con-boxed e-con e-parent\" data-id=\"iwgw-ranginui-s5\" data-element_type=\"container\" data-e-type=\"container\">\n\t\t\t\t\t<div class=\"e-con-inner\">\n\t\t\t\t<div class=\"elementor-element elementor-element-iwgw-ranginui-s5h elementor-widget elementor-widget-heading\" data-id=\"iwgw-ranginui-s5h\" data-element_type=\"widget\" data-e-type=\"widget\" data-widget_type=\"heading.default\">\n\t\t\t\t\t<h2 class=\"elementor-heading-title elementor-size-default\">Pr\u00e0ctica de protecci\u00f3 i elements apotropaics<\/h2>\t\t\t\t<\/div>\n\t\t\t\t<div class=\"elementor-element elementor-element-iwgw-ranginui-s5t elementor-widget elementor-widget-text-editor\" data-id=\"iwgw-ranginui-s5t\" data-element_type=\"widget\" data-e-type=\"widget\" data-widget_type=\"text-editor.default\">\n\t\t\t\t\t\t\t\t\t<p>La protecci\u00f3 relacionada amb Ranginui t\u00e9 a veure sobretot amb l&#8217;ordre correcte davant els poders del cel i del temps. La tempesta, el mal temps i la sequera es comprenien com l&#8217;acci\u00f3 de poders divins, especialment com a obra del d\u00e9u de les tempestes T\u0101whirim\u0101tea, que despr\u00e9s de la separaci\u00f3 havia ascendit fins al seu pare.<\/p><p>La defensa contra aquestes amenaces es feia mitjan\u00e7ant karakia, f\u00f3rmules rituals amb les quals es buscava calmar les tempestes o demanar temps favorable.<\/p><p>No \u00e9s caracter\u00edstica una pr\u00e0ctica apotropaica pr\u00f2piament dita, en el sentit d&#8217;amulets o objectes de protecci\u00f3 espec\u00edficament relacionats amb Ranginui.<\/p><p>La protecci\u00f3 es basava m\u00e9s b\u00e9 en el coneixement correcte i en el comportament adequat: en el coneixement dels senyals del cel, de les sortides de les estrelles i de les regles meteorol\u00f2giques, que feien \u00fatil a la pr\u00e0ctica el saber m\u00edtic sobre Ranginui. Qui sabia llegir el cel podia fer front a temps als perills.<\/p><p>Des del punt de vista de la ci\u00e8ncia de la religi\u00f3, tamb\u00e9 aqu\u00ed es manifesta el patr\u00f3 maori segons el qual la protecci\u00f3 es basa en la relaci\u00f3, el coneixement i la mesura, i no en una <span class=\"iwg-fachbegriff\" data-tooltip=\"Pr\u00e0ctiques que pretenen intervenir en el curs de les coses mitjan\u00e7ant accions o f\u00f3rmules especials.\" tabindex=\"0\">m\u00e0gia<\/span> a\u00efllada.<\/p><p>El respecte ritual envers el pare celestial, per exemple en les invocacions introduct\u00f2ries del cel i la terra, tenia ell mateix una funci\u00f3 preservadora: situava l&#8217;\u00e9sser hum\u00e0 dins l&#8217;estructura de parentiu del cosmos i la comunitat, i aix\u00ed assegurava la base de l&#8217;acci\u00f3.<\/p>\t\t\t\t\t\t\t\t<\/div>\n\t\t\t\t\t<\/div>\n\t\t\t\t<\/div>\n\t\t<div class=\"elementor-element elementor-element-iwgw-ranginui-s6 e-flex e-con-boxed e-con e-parent\" data-id=\"iwgw-ranginui-s6\" data-element_type=\"container\" data-e-type=\"container\">\n\t\t\t\t\t<div class=\"e-con-inner\">\n\t\t\t\t<div class=\"elementor-element elementor-element-iwgw-ranginui-s6h elementor-widget elementor-widget-heading\" data-id=\"iwgw-ranginui-s6h\" data-element_type=\"widget\" data-e-type=\"widget\" data-widget_type=\"heading.default\">\n\t\t\t\t\t<h2 class=\"elementor-heading-title elementor-size-default\">Posici\u00f3 en la genealogia i en el coneixement astral<\/h2>\t\t\t\t<\/div>\n\t\t\t\t<div class=\"elementor-element elementor-element-iwgw-ranginui-s6t elementor-widget elementor-widget-text-editor\" data-id=\"iwgw-ranginui-s6t\" data-element_type=\"widget\" data-e-type=\"widget\" data-widget_type=\"text-editor.default\">\n\t\t\t\t\t\t\t\t\t<p>Ranginui no \u00e9s nom\u00e9s una figura c\u00f2smica primig\u00e8nia, sin\u00f3 tamb\u00e9 el punt de partida d&#8217;un coneixement d&#8217;\u00fas pr\u00e0ctic. Les capes celestes que algunes tradicions situen per sobre d&#8217;ell es consideren llocs on habiten altres poders, i l&#8217;observaci\u00f3 del cel es va convertir en un saber altament desenvolupat, vinculat a la figura m\u00edtica del pare del cel.<\/p><p>Un significat especial tenia l&#8217;astronomia estelar i lunar. L&#8217;aixecament hel\u00edac del grup estel\u00b7lar Matariki, que designa les Pl\u00e8iades, o en altres territoris tribals el de l&#8217;estrella Puanga, marcava el canvi d&#8217;any i l&#8217;inici d&#8217;un nou per\u00edode de conreu.<\/p><p>El calendari lunar, el <em>maramataka<\/em>, ordenava les nits del mes lunar segons la seva idone\u00eftat per a la pesca, la plantaci\u00f3 i la collita. Aquest coneixement estava lligat a especialistes, els <em>tohunga<\/em>, i es transmetia en formes transmeses amb precisi\u00f3.<\/p><p>Tamb\u00e9 la navegaci\u00f3 en mar obert es basava en el cel de Ranginui. Els navegants que van poblar el Pac\u00edfic llegien el seu rumb a partir dels punts d&#8217;aixecament de les estrelles, del vent i de l&#8217;onatge.<\/p><p>Des d&#8217;un punt de vista cient\u00edfic, aix\u00f2 mostra que la figura m\u00edtica del pare del cel i l&#8217;observaci\u00f3 s\u00f2bria dels astres no eren \u00e0mbits separats en el pensament maori: qui sabia interpretar el cel es movia dins el cos d&#8217;un poder emparentat i personal, i alhora feia servir un coneixement prec\u00eds i basat en l&#8217;experi\u00e8ncia.<\/p>\t\t\t\t\t\t\t\t<\/div>\n\t\t\t\t\t<\/div>\n\t\t\t\t<\/div>\n\t\t<div class=\"elementor-element elementor-element-iwgw-ranginui-s7 e-flex e-con-boxed e-con e-parent\" data-id=\"iwgw-ranginui-s7\" data-element_type=\"container\" data-e-type=\"container\">\n\t\t\t\t\t<div class=\"e-con-inner\">\n\t\t\t\t<div class=\"elementor-element elementor-element-iwgw-ranginui-s7h elementor-widget elementor-widget-heading\" data-id=\"iwgw-ranginui-s7h\" data-element_type=\"widget\" data-e-type=\"widget\" data-widget_type=\"heading.default\">\n\t\t\t\t\t<h2 class=\"elementor-heading-title elementor-size-default\">Paral\u00b7lelismes en altres cultures<\/h2>\t\t\t\t<\/div>\n\t\t\t\t<div class=\"elementor-element elementor-element-iwgw-ranginui-s7t elementor-widget elementor-widget-text-editor\" data-id=\"iwgw-ranginui-s7t\" data-element_type=\"widget\" data-e-type=\"widget\" data-widget_type=\"text-editor.default\">\n\t\t\t\t\t\t\t\t\t<p>La parella primig\u00e8nia de pare del cel i mare de la terra es troba estesa per tota la Polin\u00e8sia. A Hawaii, a les illes de la Societat i en altres llocs apareixen figures celestes emparentades i relats sobre la separaci\u00f3 del cel i la terra. Aquestes coincid\u00e8ncies remeten a un fons m\u00edtic polinesi com\u00fa.<\/p><p>M\u00e9s enll\u00e0 de la Polin\u00e8sia, Ranginui pertany al tipus de pare del cel testimoniat arreu del m\u00f3n. En la <span class=\"iwg-fachbegriff\" data-tooltip=\"La transmissi\u00f3 de coneixements i relats a trav\u00e9s de les generacions.\" tabindex=\"0\">tradici\u00f3<\/span> grega, Uranos forma amb Gaia una parella comparable, la uni\u00f3 estreta de la qual \u00e9s trencada violentament pels seus fills.<\/p><p>Aquest <span class=\"iwg-fachbegriff\" data-tooltip=\"Un element de contingut recurrent en l'art o la narraci\u00f3.\" tabindex=\"0\">motiu<\/span> de la separaci\u00f3 del cel i la terra per part dels descendents s&#8217;acosta d&#8217;una manera estructuralment notable al relat maori. Altres tradicions indoeuropees tamb\u00e9 coneixen un pare del cel com a alta <span class=\"iwg-fachbegriff\" data-tooltip=\"Un \u00e9sser venerat com a div\u00ed dins d'una religi\u00f3.\" tabindex=\"0\">divinitat<\/span>.<\/p><p>Cient\u00edficament, cal subratllar que aquests paral\u00b7lelismes no demostren una depend\u00e8ncia directa. Mostren que la interpretaci\u00f3 del cel i la terra com una parella oposada i alhora engendradora \u00e9s un patr\u00f3 cosmol\u00f2gic est\u00e8s.<\/p><p>La versi\u00f3 maori es distingeix per dos trets: per la seva inserci\u00f3 en el whakapapa, que uneix sense fissures d\u00e9us, terra i persones, i per l&#8217;\u00e8mfasi marcat en l&#8217;enyoran\u00e7a i el dol que continuen unint la parella separada.<\/p>\t\t\t\t\t\t\t\t<\/div>\n\t\t\t\t\t<\/div>\n\t\t\t\t<\/div>\n\t\t<div class=\"elementor-element elementor-element-iwgw-ranginui-s8 e-flex e-con-boxed e-con e-parent\" data-id=\"iwgw-ranginui-s8\" data-element_type=\"container\" data-e-type=\"container\">\n\t\t\t\t\t<div class=\"e-con-inner\">\n\t\t\t\t<div class=\"elementor-element elementor-element-iwgw-ranginui-s8h elementor-widget elementor-widget-heading\" data-id=\"iwgw-ranginui-s8h\" data-element_type=\"widget\" data-e-type=\"widget\" data-widget_type=\"heading.default\">\n\t\t\t\t\t<h2 class=\"elementor-heading-title elementor-size-default\">Recepci\u00f3 i investigaci\u00f3 actuals<\/h2>\t\t\t\t<\/div>\n\t\t\t\t<div class=\"elementor-element elementor-element-iwgw-ranginui-s8t elementor-widget elementor-widget-text-editor\" data-id=\"iwgw-ranginui-s8t\" data-element_type=\"widget\" data-e-type=\"widget\" data-widget_type=\"text-editor.default\">\n\t\t\t\t\t\t\t\t\t<p>L&#8217;estudi de Ranginui est\u00e0 estretament lligat a l&#8217;estudi de tota la <span class=\"iwg-fachbegriff\" data-tooltip=\"La concepci\u00f3 de l'estructura i l'ordre del m\u00f3n dins d'una cultura.\" tabindex=\"0\">cosmologia<\/span> maori. Va comen\u00e7ar al segle XIX amb les col\u00b7leccions de George Grey i els estudis etnogr\u00e0fics d&#8217;Elsdon Best. Edward Tregear va aprofundir en les relacions ling\u00fc\u00edstiques polin\u00e8sies, i autors posteriors com Margaret Orbell van sistematitzar i comentar cr\u00edticament els mites.<\/p><p>Aqu\u00ed tamb\u00e9 cal llegir amb precauci\u00f3 la <span class=\"iwg-fachbegriff\" data-tooltip=\"La transmissi\u00f3 de coneixements i relats a trav\u00e9s de les generacions.\" tabindex=\"0\">tradici\u00f3<\/span> m\u00e9s antiga. Els editors colonials van uniformitzar els relats i els van adaptar a les expectatives europees; el relat de la creaci\u00f3 de Te Rangik\u0101heke es va convertir, gr\u00e0cies a la publicaci\u00f3 de Grey, en la versi\u00f3 aparentment de refer\u00e8ncia, tot i que \u00e9s nom\u00e9s una de les moltes tradicions tribals.<\/p><p>Per aix\u00f2 la investigaci\u00f3 m\u00e9s recent posa l&#8217;accent en la diversitat de les versions regionals i en la import\u00e0ncia de les veus maori mateixes.<\/p><p>Actualment, Ranginui i Papat\u016b\u0101nuku formen part integral de l&#8217;autocomprensi\u00f3 cultural. Apareixen en l&#8217;educaci\u00f3, la literatura, l&#8217;art i el discurs p\u00fablic, sovint esmentats com a parella. El <span class=\"iwg-fachbegriff\" data-tooltip=\"Un relat transm\u00e8s sobre d\u00e9us, or\u00edgens i l'ordre del m\u00f3n.\" tabindex=\"0\">mite<\/span> dels pares separats no serveix nom\u00e9s com a record d&#8217;una antiga <span class=\"iwg-fachbegriff\" data-tooltip=\"La concepci\u00f3 de l'estructura i l'ordre del m\u00f3n dins d'una cultura.\" tabindex=\"0\">cosmologia<\/span>, sin\u00f3 tamb\u00e9 com a imatge de la relaci\u00f3 entre les persones, la terra i el cel.<\/p><p>El debat que es porta a Nova Zelanda sobre el reconeixement legal dels \u00e9ssers naturals s&#8217;enlla\u00e7a amb aquesta visi\u00f3 del m\u00f3n, en la qual el cel i la terra s\u00f3n persones emparentades i no simples recursos.<\/p>\t\t\t\t\t\t\t\t<\/div>\n\t\t\t\t\t<\/div>\n\t\t\t\t<\/div>\n\t\t<div class=\"elementor-element elementor-element-iwgw-ranginui-lit e-flex e-con-boxed e-con e-parent\" data-id=\"iwgw-ranginui-lit\" data-element_type=\"container\" data-e-type=\"container\">\n\t\t\t\t\t<div class=\"e-con-inner\">\n\t\t\t\t<div class=\"elementor-element elementor-element-iwgw-ranginui-lith elementor-widget elementor-widget-heading\" data-id=\"iwgw-ranginui-lith\" data-element_type=\"widget\" data-e-type=\"widget\" data-widget_type=\"heading.default\">\n\t\t\t\t\t<h2 class=\"elementor-heading-title elementor-size-default\">Bibliografia (selecci\u00f3)<\/h2>\t\t\t\t<\/div>\n\t\t\t\t<div class=\"elementor-element elementor-element-iwgw-ranginui-litt elementor-widget elementor-widget-text-editor\" data-id=\"iwgw-ranginui-litt\" data-element_type=\"widget\" data-e-type=\"widget\" data-widget_type=\"text-editor.default\">\n\t\t\t\t\t\t\t\t\t<div data-nosnippet=\"true\"><ul><li>Elsdon Best: <em>Maori Religion and Mythology<\/em> (1924)<\/li><li>George Grey: <em>Polynesian Mythology<\/em> (1855)<\/li><li>Margaret Orbell: <em>The Illustrated Encyclopedia of M\u0101ori Myth and Legend<\/em> (1995)<\/li><li>Edward Tregear: <em>The Maori-Polynesian Comparative Dictionary<\/em> (1891)<\/li><li>Cleve Barlow: <em>Tikanga Whakaaro. Key Concepts in M\u0101ori Culture<\/em> (1991)<\/li><\/ul><\/div>\t\t\t\t\t\t\t\t<\/div>\n\t\t\t\t\t<\/div>\n\t\t\t\t<\/div>\n\t\t<div class=\"elementor-element elementor-element-iwgw-ranginui-kwd e-flex e-con-boxed e-con e-parent\" data-id=\"iwgw-ranginui-kwd\" data-element_type=\"container\" data-e-type=\"container\">\n\t\t\t\t\t<div class=\"e-con-inner\">\n\t\t\t\t<div class=\"elementor-element elementor-element-iwgw-ranginui-kwdt elementor-widget elementor-widget-text-editor\" data-id=\"iwgw-ranginui-kwdt\" data-element_type=\"widget\" data-e-type=\"widget\" data-widget_type=\"text-editor.default\">\n\t\t\t\t\t\t\t\t\t<p><em>Conceptes clau relacionats: Ranginui Rangi Papatuanuku Maori pare del cel Tane Tawhirimatea whakapapa karakia.<\/em><\/p>\t\t\t\t\t\t\t\t<\/div>\n\t\t\t\t\t<\/div>\n\t\t\t\t<\/div>\n\t\t<div class=\"elementor-element elementor-element-iwgw-ranginui-cc e-flex e-con-boxed e-con e-parent\" data-id=\"iwgw-ranginui-cc\" data-element_type=\"container\" data-e-type=\"container\" id=\"iwg-cc-ranginui\">\n\t\t\t\t\t<div class=\"e-con-inner\">\n\t\t<div class=\"elementor-element elementor-element-iwgw-ranginui-ccinner e-flex e-con-boxed e-con e-parent\" data-id=\"iwgw-ranginui-ccinner\" data-element_type=\"container\" data-e-type=\"container\" data-settings=\"{&quot;background_background&quot;:&quot;classic&quot;}\">\n\t\t\t\t\t<div class=\"e-con-inner\">\n\t\t\t\t<div class=\"elementor-element elementor-element-iwgw-ranginui-cch elementor-widget elementor-widget-heading\" data-id=\"iwgw-ranginui-cch\" data-element_type=\"widget\" data-e-type=\"widget\" data-widget_type=\"heading.default\">\n\t\t\t\t\t<h2 class=\"elementor-heading-title elementor-size-default\">iWell Guard i tradicions de protecci\u00f3<\/h2>\t\t\t\t<\/div>\n\t\t\t\t<div class=\"elementor-element elementor-element-iwgw-ranginui-cct elementor-widget elementor-widget-text-editor\" data-id=\"iwgw-ranginui-cct\" data-element_type=\"widget\" data-e-type=\"widget\" data-widget_type=\"text-editor.default\">\n\t\t\t\t\t\t\t\t\t<div data-nosnippet=\"true\"><p>iWell Guard s&#8217;inspira en la tradici\u00f3 cultural i hist\u00f2rica dels objectes de protecci\u00f3 portables, en la l\u00ednia de la <a href=\"https:\/\/iwell-guard.com\/ca\/polinesia-maori-hawaii-tradicions-proteccio\/\">Polin\u00e8sia \/ maori<\/a> i de moltes altres cultures d&#8217;arreu del m\u00f3n. 41 capes, or aut\u00e8ntic, plat\u00ed, plata, fabricat a Alemanya. Dret de devoluci\u00f3 de 30 dies.<\/p><\/div>\t\t\t\t\t\t\t\t<\/div>\n\t\t\t\t<div class=\"elementor-element elementor-element-iwgw-ranginui-ccb iwg-cc-button iwg-cc-cta-2026-05-13 elementor-widget elementor-widget-jet-button\" data-id=\"iwgw-ranginui-ccb\" data-element_type=\"widget\" data-e-type=\"widget\" data-widget_type=\"jet-button.default\">\n\t\t\t\t<div class=\"elementor-widget-container\">\n\t\t\t\t\t<div class=\"elementor-jet-button jet-elements\"><div class=\"jet-button__container\"><a class=\"jet-button__instance jet-button__instance--icon-left hover-effect-1\" href=\"\/ueber-iwell-guard\/?utm_source=iwell-guard.com&amp;utm_medium=info-box&amp;utm_campaign=wesen-tradition\"><div class=\"jet-button__plane jet-button__plane-normal\"><\/div><div class=\"jet-button__plane jet-button__plane-hover\"><\/div><div class=\"jet-button__state jet-button__state-normal\"><span class=\"jet-button__label\">M\u00e9s informaci\u00f3 sobre l'iWell Guard<\/span><\/div><div class=\"jet-button__state jet-button__state-hover\"><span class=\"jet-button__label\">M\u00e9s informaci\u00f3 sobre l'iWell Guard<\/span><\/div><\/a><\/div><\/div><style>.elementor-element.elementor-element-iwgw-ranginui-ccb .jet-button__instance{width:320px;height:56px;}.elementor-element.elementor-element-iwgw-ranginui-ccb .jet-button__state-normal .jet-button__label{text-align:center;margin:0px 0px 0px 0px;color:#1a1b20;font-family:Montserrat,sans-serif;font-size:13px;font-weight:400;letter-spacing:4px;line-height:1.714em;text-transform:uppercase;}.elementor-element.elementor-element-iwgw-ranginui-ccb .jet-button__state-hover .jet-button__label{text-align:center;margin:0px 0px 0px 0px;color:#FECC76;font-family:Montserrat,sans-serif;font-size:13px;font-weight:400;letter-spacing:4px;line-height:1.714em;text-transform:uppercase;}.elementor-element.elementor-element-iwgw-ranginui-ccb .jet-button__plane-normal{background-color:#FECC76;border-style:solid;border-color:#C99540;border-width:2px 2px 2px 2px;}.elementor-element.elementor-element-iwgw-ranginui-ccb .jet-button__plane-hover{background-color:rgba(0,0,0,0.55);border-style:solid;border-color:#FECC76;border-width:2px 2px 2px 2px;}<\/style>\t\t\t\t<\/div>\n\t\t\t\t<\/div>\n\t\t\t\t<div class=\"elementor-element elementor-element-iwgw-ranginui-ccd elementor-widget elementor-widget-text-editor\" data-id=\"iwgw-ranginui-ccd\" data-element_type=\"widget\" data-e-type=\"widget\" data-widget_type=\"text-editor.default\">\n\t\t\t\t\t\t\t\t\t<div data-nosnippet=\"true\"><p style=\"text-align:center;font-size:13px;opacity:0.7;margin-top:14px\" data-nosnippet=\"true\">Les experi\u00e8ncies personals poden variar. No \u00e9s un producte sanitari. No \u00e9s una promesa de curaci\u00f3.<\/p><\/div>\t\t\t\t\t\t\t\t<\/div>\n\t\t\t\t\t<\/div>\n\t\t\t\t<\/div>\n\t\t\t\t\t<\/div>\n\t\t\t\t<\/div>\n\t\t<div class=\"elementor-element elementor-element-iwgw-ranginui-disc e-flex e-con-boxed e-con e-parent\" data-id=\"iwgw-ranginui-disc\" data-element_type=\"container\" data-e-type=\"container\">\n\t\t\t\t\t<div class=\"e-con-inner\">\n\t\t\t\t<div class=\"elementor-element elementor-element-iwgw-ranginui-discw elementor-widget elementor-widget-html\" data-id=\"iwgw-ranginui-discw\" data-element_type=\"widget\" data-e-type=\"widget\" data-widget_type=\"html.default\">\n\t\t\t\t\t<footer data-nosnippet=\"true\" class=\"iwg-disclaimer-block\"><p data-nosnippet=\"true\">iWell Guard <strong>no \u00e9s un producte sanitari<\/strong> i no substitueix cap tractament m\u00e8dic o psicoterap\u00e8utic. Els continguts d'hist\u00f2ria de les religions s\u00f3n una classificaci\u00f3 culturohist\u00f2rica, no una recomanaci\u00f3 de pr\u00e0ctica espiritual.<\/p><\/footer>\t\t\t\t<\/div>\n\t\t\t\t\t<\/div>\n\t\t\t\t<\/div>\n\t\t\t\t<\/div>\n\t\t","protected":false},"excerpt":{"rendered":"","protected":false},"author":3,"featured_media":3385,"parent":0,"menu_order":0,"comment_status":"closed","ping_status":"closed","template":"elementor_header_footer","meta":{"_yoast_wpseo_focuskw":"Ranginui pare cel maori","_yoast_wpseo_title":"Ranginui \u2013 Pare Cel de la cosmologia maori","_yoast_wpseo_metadesc":"Ranginui \u00e9s el pare cel dels maoris, separat de Papat\u016b\u0101nuku pels seus fills. Situaci\u00f3 religiosa i cultural amb el mite","_yoast_wpseo_meta-robots-noindex":"","_yoast_wpseo_canonical":"","_angie_page":false,"gefaehrdungsstufe":"","wesen_kultur":"","wesen_klasse":"","footnotes":""},"categories":[],"class_list":["post-171796","page","type-page","status-publish","has-post-thumbnail","hentry"],"yoast_head":"<!-- This site is optimized with the Yoast SEO Premium plugin v27.7 (Yoast SEO v28.3) - https:\/\/yoast.com\/product\/yoast-seo-premium-wordpress\/ -->\n<title>Ranginui \u2013 Pare Cel de la cosmologia maori<\/title>\n<meta name=\"description\" content=\"Ranginui \u00e9s el pare cel dels maoris, separat de Papat\u016b\u0101nuku pels seus fills. Situaci\u00f3 religiosa i cultural amb el mite\" \/>\n<meta name=\"robots\" content=\"index, follow, max-snippet:-1, max-image-preview:large, max-video-preview:-1\" \/>\n<link rel=\"canonical\" href=\"https:\/\/iwell-guard.com\/ca\/ranginui-pare-cel-cosmologia-maori\/\" \/>\n<meta property=\"og:locale\" content=\"ca_ES\" \/>\n<meta property=\"og:type\" content=\"article\" \/>\n<meta property=\"og:title\" content=\"Ranginui \u2013 el pare cel de la cosmologia maori\" \/>\n<meta property=\"og:description\" content=\"Ranginui \u00e9s el pare cel dels maoris, separat de Papat\u016b\u0101nuku pels seus fills. Situaci\u00f3 religiosa i cultural amb el mite\" \/>\n<meta property=\"og:url\" content=\"https:\/\/iwell-guard.com\/ca\/ranginui-pare-cel-cosmologia-maori\/\" \/>\n<meta property=\"og:site_name\" content=\"iWell Guard\" \/>\n<meta property=\"article:modified_time\" content=\"2026-09-05T16:07:25+00:00\" \/>\n<meta property=\"og:image\" content=\"https:\/\/iwell-guard.com\/wp-content\/uploads\/2026\/05\/goetter_polynesisch-maori_ranginui.webp\" \/>\n\t<meta property=\"og:image:width\" content=\"1024\" \/>\n\t<meta property=\"og:image:height\" content=\"1536\" \/>\n\t<meta property=\"og:image:type\" content=\"image\/webp\" \/>\n<meta name=\"twitter:card\" content=\"summary_large_image\" \/>\n<script type=\"application\/ld+json\" class=\"yoast-schema-graph\">{\"@context\":\"https:\\\/\\\/schema.org\",\"@graph\":[{\"@type\":\"WebPage\",\"@id\":\"https:\\\/\\\/iwell-guard.com\\\/ca\\\/ranginui-pare-cel-cosmologia-maori\\\/\",\"url\":\"https:\\\/\\\/iwell-guard.com\\\/ca\\\/ranginui-pare-cel-cosmologia-maori\\\/\",\"name\":\"Ranginui \u2013 Pare Cel de la cosmologia maori\",\"isPartOf\":{\"@id\":\"https:\\\/\\\/iwell-guard.com\\\/ca\\\/#website\"},\"primaryImageOfPage\":{\"@id\":\"https:\\\/\\\/iwell-guard.com\\\/ca\\\/ranginui-pare-cel-cosmologia-maori\\\/#primaryimage\"},\"image\":{\"@id\":\"https:\\\/\\\/iwell-guard.com\\\/ca\\\/ranginui-pare-cel-cosmologia-maori\\\/#primaryimage\"},\"thumbnailUrl\":\"https:\\\/\\\/iwell-guard.com\\\/wp-content\\\/uploads\\\/2026\\\/05\\\/goetter_polynesisch-maori_ranginui.webp\",\"datePublished\":\"2026-09-05T15:42:29+00:00\",\"dateModified\":\"2026-09-05T16:07:25+00:00\",\"description\":\"Ranginui \u00e9s el pare cel dels maoris, separat de Papat\u016b\u0101nuku pels seus fills. Situaci\u00f3 religiosa i cultural amb el mite\",\"breadcrumb\":{\"@id\":\"https:\\\/\\\/iwell-guard.com\\\/ca\\\/ranginui-pare-cel-cosmologia-maori\\\/#breadcrumb\"},\"inLanguage\":\"ca\",\"potentialAction\":[{\"@type\":\"ReadAction\",\"target\":[\"https:\\\/\\\/iwell-guard.com\\\/ca\\\/ranginui-pare-cel-cosmologia-maori\\\/\"]}]},{\"@type\":\"ImageObject\",\"inLanguage\":\"ca\",\"@id\":\"https:\\\/\\\/iwell-guard.com\\\/ca\\\/ranginui-pare-cel-cosmologia-maori\\\/#primaryimage\",\"url\":\"https:\\\/\\\/iwell-guard.com\\\/wp-content\\\/uploads\\\/2026\\\/05\\\/goetter_polynesisch-maori_ranginui.webp\",\"contentUrl\":\"https:\\\/\\\/iwell-guard.com\\\/wp-content\\\/uploads\\\/2026\\\/05\\\/goetter_polynesisch-maori_ranginui.webp\",\"width\":1024,\"height\":1536,\"caption\":\"D\u00e9us de la tradici\u00f3 polin\u00e8sia maori.\"},{\"@type\":\"BreadcrumbList\",\"@id\":\"https:\\\/\\\/iwell-guard.com\\\/ca\\\/ranginui-pare-cel-cosmologia-maori\\\/#breadcrumb\",\"itemListElement\":[{\"@type\":\"ListItem\",\"position\":1,\"name\":\"Start\",\"item\":\"https:\\\/\\\/iwell-guard.com\\\/ca\\\/?page_id=171333\"},{\"@type\":\"ListItem\",\"position\":2,\"name\":\"Ranginui \u2013 el pare cel de la cosmologia maori\"}]},{\"@type\":\"WebSite\",\"@id\":\"https:\\\/\\\/iwell-guard.com\\\/ca\\\/#website\",\"url\":\"https:\\\/\\\/iwell-guard.com\\\/ca\\\/\",\"name\":\"iWell Guard\",\"description\":\"Schutz vor dunklen Einfl\u00fcssen\",\"publisher\":{\"@id\":\"https:\\\/\\\/iwell-guard.com\\\/ca\\\/#organization\"},\"potentialAction\":[{\"@type\":\"SearchAction\",\"target\":{\"@type\":\"EntryPoint\",\"urlTemplate\":\"https:\\\/\\\/iwell-guard.com\\\/ca\\\/?s={search_term_string}\"},\"query-input\":{\"@type\":\"PropertyValueSpecification\",\"valueRequired\":true,\"valueName\":\"search_term_string\"}}],\"inLanguage\":\"ca\"},{\"@type\":\"Organization\",\"@id\":\"https:\\\/\\\/iwell-guard.com\\\/ca\\\/#organization\",\"name\":\"Ittermann electronic GmbH\",\"url\":\"https:\\\/\\\/iwell-guard.com\\\/ca\\\/\",\"logo\":{\"@type\":\"ImageObject\",\"inLanguage\":\"ca\",\"@id\":\"https:\\\/\\\/iwell-guard.com\\\/ca\\\/#\\\/schema\\\/logo\\\/image\\\/\",\"url\":\"https:\\\/\\\/iwell-guard.com\\\/wp-content\\\/uploads\\\/2026\\\/05\\\/Ittermann-Logo-1182x237-1.png\",\"contentUrl\":\"https:\\\/\\\/iwell-guard.com\\\/wp-content\\\/uploads\\\/2026\\\/05\\\/Ittermann-Logo-1182x237-1.png\",\"width\":1182,\"height\":237,\"caption\":\"Ittermann electronic GmbH\"},\"image\":{\"@id\":\"https:\\\/\\\/iwell-guard.com\\\/ca\\\/#\\\/schema\\\/logo\\\/image\\\/\"},\"sameAs\":[\"https:\\\/\\\/pantip.com\\\/profile\\\/9367242\",\"https:\\\/\\\/micro.blog\\\/iwellguard\",\"https:\\\/\\\/www.diggerslist.com\\\/iwellguard\\\/about\",\"https:\\\/\\\/skitterphoto.com\\\/photographers\\\/2870314\\\/iwell-guard\",\"https:\\\/\\\/iwellguard.wordpress.com\\\/2026\\\/06\\\/06\\\/iwell-guard\\\/\",\"https:\\\/\\\/hub.docker.com\\\/u\\\/iwellguard\",\"https:\\\/\\\/www.pinterest.com\\\/iwellguard\\\/\",\"https:\\\/\\\/bit.ly\\\/m\\\/iwellguard\",\"https:\\\/\\\/entre-vos-mains.alsace.eu\\\/profiles\\\/iwellguard\\\/activity\",\"https:\\\/\\\/gravatar.com\\\/reallybeded8fd34\",\"https:\\\/\\\/naijamatta.com\\\/iwellguard\",\"https:\\\/\\\/www.goodreads.com\\\/iwellguard\",\"https:\\\/\\\/profile.hatena.ne.jp\\\/iwellguard\\\/\",\"https:\\\/\\\/experiment.com\\\/users\\\/iwellguard\",\"https:\\\/\\\/wakelet.com\\\/@iWellGuard82270\",\"https:\\\/\\\/www.chordie.com\\\/forum\\\/profile.php?id=2555664\",\"https:\\\/\\\/www.instapaper.com\\\/p\\\/17757966\",\"https:\\\/\\\/www.mapleprimes.com\\\/users\\\/iwellguard\",\"https:\\\/\\\/businesslistingplus.com\\\/profile\\\/iwell-guard\\\/\",\"https:\\\/\\\/telegra.ph\\\/iWell-Guard-06-06\",\"https:\\\/\\\/pbase.com\\\/iwellguard\\\/iwellguard\",\"https:\\\/\\\/b.hatena.ne.jp\\\/iwellguard\\\/20260607#bookmark-4788405196491818882\",\"https:\\\/\\\/fliphtml5.com\\\/home\\\/iwellguard\",\"https:\\\/\\\/anyflip.com\\\/homepage\\\/cmiwl#About\",\"https:\\\/\\\/transfur.com\\\/Users\\\/iwellguard\",\"http:\\\/\\\/delphi.larsbo.org\\\/user\\\/iwellguard\",\"https:\\\/\\\/jobs.lajobsportal.org\\\/profiles\\\/8380803-iwell-guard\",\"https:\\\/\\\/md.chaosdorf.de\\\/s\\\/jfbe5SBdJD\",\"https:\\\/\\\/www.lingvolive.com\\\/en-us\\\/profile\\\/9ecaeaca-ce11-4e51-9e71-01d55e2bff36\\\/translations\",\"https:\\\/\\\/www.fitday.com\\\/fitness\\\/forums\\\/members\\\/iwellguard.html\",\"https:\\\/\\\/www.mymeetbook.com\\\/iwellguard\",\"https:\\\/\\\/pxhere.com\\\/en\\\/photographer-me\\\/5040798\",\"https:\\\/\\\/disqus.com\\\/by\\\/iwellguard\\\/about\\\/\",\"https:\\\/\\\/pastelink.net\\\/hjwciqwq\",\"https:\\\/\\\/pubhtml5.com\\\/homepage\\\/scjhn\\\/\",\"https:\\\/\\\/www.bitchute.com\\\/channel\\\/2O2eOKzNqujT\",\"https:\\\/\\\/audiomack.com\\\/iwellguard\"]}]}<\/script>\n<!-- \/ Yoast SEO Premium plugin. -->","yoast_head_json":{"title":"Ranginui \u2013 Pare Cel de la cosmologia maori","description":"Ranginui \u00e9s el pare cel dels maoris, separat de Papat\u016b\u0101nuku pels seus fills. Situaci\u00f3 religiosa i cultural amb el mite","robots":{"index":"index","follow":"follow","max-snippet":"max-snippet:-1","max-image-preview":"max-image-preview:large","max-video-preview":"max-video-preview:-1"},"canonical":"https:\/\/iwell-guard.com\/ca\/ranginui-pare-cel-cosmologia-maori\/","og_locale":"ca_ES","og_type":"article","og_title":"Ranginui \u2013 el pare cel de la cosmologia maori","og_description":"Ranginui \u00e9s el pare cel dels maoris, separat de Papat\u016b\u0101nuku pels seus fills. Situaci\u00f3 religiosa i cultural amb el mite","og_url":"https:\/\/iwell-guard.com\/ca\/ranginui-pare-cel-cosmologia-maori\/","og_site_name":"iWell Guard","article_modified_time":"2026-09-05T16:07:25+00:00","og_image":[{"width":1024,"height":1536,"url":"https:\/\/iwell-guard.com\/wp-content\/uploads\/2026\/05\/goetter_polynesisch-maori_ranginui.webp","type":"image\/webp"}],"twitter_card":"summary_large_image","schema":{"@context":"https:\/\/schema.org","@graph":[{"@type":"WebPage","@id":"https:\/\/iwell-guard.com\/ca\/ranginui-pare-cel-cosmologia-maori\/","url":"https:\/\/iwell-guard.com\/ca\/ranginui-pare-cel-cosmologia-maori\/","name":"Ranginui \u2013 Pare Cel de la cosmologia maori","isPartOf":{"@id":"https:\/\/iwell-guard.com\/ca\/#website"},"primaryImageOfPage":{"@id":"https:\/\/iwell-guard.com\/ca\/ranginui-pare-cel-cosmologia-maori\/#primaryimage"},"image":{"@id":"https:\/\/iwell-guard.com\/ca\/ranginui-pare-cel-cosmologia-maori\/#primaryimage"},"thumbnailUrl":"https:\/\/iwell-guard.com\/wp-content\/uploads\/2026\/05\/goetter_polynesisch-maori_ranginui.webp","datePublished":"2026-09-05T15:42:29+00:00","dateModified":"2026-09-05T16:07:25+00:00","description":"Ranginui \u00e9s el pare cel dels maoris, separat de Papat\u016b\u0101nuku pels seus fills. Situaci\u00f3 religiosa i cultural amb el mite","breadcrumb":{"@id":"https:\/\/iwell-guard.com\/ca\/ranginui-pare-cel-cosmologia-maori\/#breadcrumb"},"inLanguage":"ca","potentialAction":[{"@type":"ReadAction","target":["https:\/\/iwell-guard.com\/ca\/ranginui-pare-cel-cosmologia-maori\/"]}]},{"@type":"ImageObject","inLanguage":"ca","@id":"https:\/\/iwell-guard.com\/ca\/ranginui-pare-cel-cosmologia-maori\/#primaryimage","url":"https:\/\/iwell-guard.com\/wp-content\/uploads\/2026\/05\/goetter_polynesisch-maori_ranginui.webp","contentUrl":"https:\/\/iwell-guard.com\/wp-content\/uploads\/2026\/05\/goetter_polynesisch-maori_ranginui.webp","width":1024,"height":1536,"caption":"D\u00e9us de la tradici\u00f3 polin\u00e8sia maori."},{"@type":"BreadcrumbList","@id":"https:\/\/iwell-guard.com\/ca\/ranginui-pare-cel-cosmologia-maori\/#breadcrumb","itemListElement":[{"@type":"ListItem","position":1,"name":"Start","item":"https:\/\/iwell-guard.com\/ca\/?page_id=171333"},{"@type":"ListItem","position":2,"name":"Ranginui \u2013 el pare cel de la cosmologia maori"}]},{"@type":"WebSite","@id":"https:\/\/iwell-guard.com\/ca\/#website","url":"https:\/\/iwell-guard.com\/ca\/","name":"iWell Guard","description":"Schutz vor dunklen Einfl\u00fcssen","publisher":{"@id":"https:\/\/iwell-guard.com\/ca\/#organization"},"potentialAction":[{"@type":"SearchAction","target":{"@type":"EntryPoint","urlTemplate":"https:\/\/iwell-guard.com\/ca\/?s={search_term_string}"},"query-input":{"@type":"PropertyValueSpecification","valueRequired":true,"valueName":"search_term_string"}}],"inLanguage":"ca"},{"@type":"Organization","@id":"https:\/\/iwell-guard.com\/ca\/#organization","name":"Ittermann electronic GmbH","url":"https:\/\/iwell-guard.com\/ca\/","logo":{"@type":"ImageObject","inLanguage":"ca","@id":"https:\/\/iwell-guard.com\/ca\/#\/schema\/logo\/image\/","url":"https:\/\/iwell-guard.com\/wp-content\/uploads\/2026\/05\/Ittermann-Logo-1182x237-1.png","contentUrl":"https:\/\/iwell-guard.com\/wp-content\/uploads\/2026\/05\/Ittermann-Logo-1182x237-1.png","width":1182,"height":237,"caption":"Ittermann electronic GmbH"},"image":{"@id":"https:\/\/iwell-guard.com\/ca\/#\/schema\/logo\/image\/"},"sameAs":["https:\/\/pantip.com\/profile\/9367242","https:\/\/micro.blog\/iwellguard","https:\/\/www.diggerslist.com\/iwellguard\/about","https:\/\/skitterphoto.com\/photographers\/2870314\/iwell-guard","https:\/\/iwellguard.wordpress.com\/2026\/06\/06\/iwell-guard\/","https:\/\/hub.docker.com\/u\/iwellguard","https:\/\/www.pinterest.com\/iwellguard\/","https:\/\/bit.ly\/m\/iwellguard","https:\/\/entre-vos-mains.alsace.eu\/profiles\/iwellguard\/activity","https:\/\/gravatar.com\/reallybeded8fd34","https:\/\/naijamatta.com\/iwellguard","https:\/\/www.goodreads.com\/iwellguard","https:\/\/profile.hatena.ne.jp\/iwellguard\/","https:\/\/experiment.com\/users\/iwellguard","https:\/\/wakelet.com\/@iWellGuard82270","https:\/\/www.chordie.com\/forum\/profile.php?id=2555664","https:\/\/www.instapaper.com\/p\/17757966","https:\/\/www.mapleprimes.com\/users\/iwellguard","https:\/\/businesslistingplus.com\/profile\/iwell-guard\/","https:\/\/telegra.ph\/iWell-Guard-06-06","https:\/\/pbase.com\/iwellguard\/iwellguard","https:\/\/b.hatena.ne.jp\/iwellguard\/20260607#bookmark-4788405196491818882","https:\/\/fliphtml5.com\/home\/iwellguard","https:\/\/anyflip.com\/homepage\/cmiwl#About","https:\/\/transfur.com\/Users\/iwellguard","http:\/\/delphi.larsbo.org\/user\/iwellguard","https:\/\/jobs.lajobsportal.org\/profiles\/8380803-iwell-guard","https:\/\/md.chaosdorf.de\/s\/jfbe5SBdJD","https:\/\/www.lingvolive.com\/en-us\/profile\/9ecaeaca-ce11-4e51-9e71-01d55e2bff36\/translations","https:\/\/www.fitday.com\/fitness\/forums\/members\/iwellguard.html","https:\/\/www.mymeetbook.com\/iwellguard","https:\/\/pxhere.com\/en\/photographer-me\/5040798","https:\/\/disqus.com\/by\/iwellguard\/about\/","https:\/\/pastelink.net\/hjwciqwq","https:\/\/pubhtml5.com\/homepage\/scjhn\/","https:\/\/www.bitchute.com\/channel\/2O2eOKzNqujT","https:\/\/audiomack.com\/iwellguard"]}]}},"_links":{"self":[{"href":"https:\/\/iwell-guard.com\/ca\/wp-json\/wp\/v2\/pages\/171796","targetHints":{"allow":["GET"]}}],"collection":[{"href":"https:\/\/iwell-guard.com\/ca\/wp-json\/wp\/v2\/pages"}],"about":[{"href":"https:\/\/iwell-guard.com\/ca\/wp-json\/wp\/v2\/types\/page"}],"author":[{"embeddable":true,"href":"https:\/\/iwell-guard.com\/ca\/wp-json\/wp\/v2\/users\/3"}],"replies":[{"embeddable":true,"href":"https:\/\/iwell-guard.com\/ca\/wp-json\/wp\/v2\/comments?post=171796"}],"version-history":[{"count":0,"href":"https:\/\/iwell-guard.com\/ca\/wp-json\/wp\/v2\/pages\/171796\/revisions"}],"wp:featuredmedia":[{"embeddable":true,"href":"https:\/\/iwell-guard.com\/ca\/wp-json\/wp\/v2\/media\/3385"}],"wp:attachment":[{"href":"https:\/\/iwell-guard.com\/ca\/wp-json\/wp\/v2\/media?parent=171796"}],"wp:term":[{"taxonomy":"category","embeddable":true,"href":"https:\/\/iwell-guard.com\/ca\/wp-json\/wp\/v2\/categories?post=171796"}],"curies":[{"name":"wp","href":"https:\/\/api.w.org\/{rel}","templated":true}]}}