{"id":171792,"date":"2026-09-05T15:42:26","date_gmt":"2026-09-05T15:42:26","guid":{"rendered":"https:\/\/iwell-guard.com\/?page_id=171792"},"modified":"2026-09-05T16:07:20","modified_gmt":"2026-09-05T16:07:20","slug":"rama-sete-avatara-de-vixnu","status":"publish","type":"page","link":"https:\/\/iwell-guard.com\/ca\/rama-sete-avatara-de-vixnu\/","title":{"rendered":"Rama \u2013 set\u00e8 avatara de Vixnu"},"content":{"rendered":"\t\t<div data-elementor-type=\"wp-page\" data-elementor-id=\"171792\" class=\"elementor elementor-171792 elementor-2926 elementor-bc-flex-widget\" data-elementor-post-type=\"page\">\n\t\t\t\t<div class=\"elementor-element elementor-element-hero1baa694 e-flex e-con-boxed e-con e-parent\" data-id=\"hero1baa694\" data-element_type=\"container\" data-e-type=\"container\">\n\t\t\t\t\t<div class=\"e-con-inner\">\n\t\t\t\t<div class=\"elementor-element elementor-element-heroimgd11c513 iwg-hero-image elementor-widget elementor-widget-image\" data-id=\"heroimgd11c513\" data-element_type=\"widget\" data-e-type=\"widget\" data-widget_type=\"image.default\">\n\t\t\t\t\t\t\t\t\t\t\t\t\t\t\t<img fetchpriority=\"high\" decoding=\"async\" width=\"683\" height=\"1024\" src=\"https:\/\/iwell-guard.com\/wp-content\/uploads\/2026\/05\/goetter_hinduismus_rama-683x1024.webp\" class=\"attachment-large size-large wp-image-3378\" alt=\"Rama \u2013 set\u00e8 avatara de Vixnu\" srcset=\"https:\/\/iwell-guard.com\/wp-content\/uploads\/2026\/05\/goetter_hinduismus_rama-683x1024.webp 683w, https:\/\/iwell-guard.com\/wp-content\/uploads\/2026\/05\/goetter_hinduismus_rama-200x300.webp 200w, https:\/\/iwell-guard.com\/wp-content\/uploads\/2026\/05\/goetter_hinduismus_rama-768x1152.webp 768w, https:\/\/iwell-guard.com\/wp-content\/uploads\/2026\/05\/goetter_hinduismus_rama.webp 1024w\" sizes=\"(max-width: 683px) 100vw, 683px\" \/>\t\t\t\t\t\t\t\t\t\t\t\t\t\t\t<\/div>\n\t\t\t\t\t<\/div>\n\t\t\t\t<\/div>\n\t\t<div class=\"elementor-element elementor-element-iwgw-rama-hero e-flex e-con-boxed e-con e-parent\" data-id=\"iwgw-rama-hero\" data-element_type=\"container\" data-e-type=\"container\">\n\t\t\t\t\t<div class=\"e-con-inner\">\n\t\t\t\t<div class=\"elementor-element elementor-element-iwgw-rama-h1 elementor-widget elementor-widget-heading\" data-id=\"iwgw-rama-h1\" data-element_type=\"widget\" data-e-type=\"widget\" data-widget_type=\"heading.default\">\n\t\t\t\t\t<h1 class=\"elementor-heading-title elementor-size-default\">Rama \u2013 set\u00e8 avatara de Vixnu i heroi del Ramayana<\/h1>\t\t\t\t<\/div>\n\t\t\t\t<div class=\"elementor-element elementor-element-iwgw-rama-pills elementor-widget elementor-widget-html\" data-id=\"iwgw-rama-pills\" data-element_type=\"widget\" data-e-type=\"widget\" data-widget_type=\"html.default\">\n\t\t\t\t\t<div class=\"iwg-pill-row\"><span class=\"iwg-klasse-badge\" tabindex=\"0\" data-tooltip=\"D\u00e9u de la tradici\u00f3 Hinduisme.\">D\u00e9u<\/span><a href=\"https:\/\/iwell-guard.com\/ca\/hinduisme\/\" class=\"iwg-kultur-badge\" tabindex=\"0\" data-tooltip=\"Mitologia de la tradici\u00f3 Hinduisme.\">Hinduisme<\/a><span class=\"iwg-tradition-badge\" tabindex=\"0\" data-tooltip=\"Avatara.\">Avatara<\/span><\/div>\t\t\t\t<\/div>\n\t\t\t\t<div class=\"elementor-element elementor-element-iwgw-rama-lead elementor-widget elementor-widget-text-editor\" data-id=\"iwgw-rama-lead\" data-element_type=\"widget\" data-e-type=\"widget\" data-widget_type=\"text-editor.default\">\n\t\t\t\t\t\t\t\t\t<p>Rama \u00e9s considerat el set\u00e8 avatara de Vixnu i l&#8217;heroi de l&#8217;epopeia Ramayana. Encarna l&#8217;ideal del rei just i del compliment del deure. La seva hist\u00f2ria, la p\u00e8rdua i la recuperaci\u00f3 de Sita, ha marcat profundament la cultura religiosa del sud i sud-est asi\u00e0tics.<\/p>\t\t\t\t\t\t\t\t<\/div>\n\t\t\t\t\t<\/div>\n\t\t\t\t<\/div>\n\t\t<div class=\"elementor-element elementor-element-iwgw-rama-s0 e-flex e-con-boxed e-con e-parent\" data-id=\"iwgw-rama-s0\" data-element_type=\"container\" data-e-type=\"container\">\n\t\t\t\t\t<div class=\"e-con-inner\">\n\t\t\t\t<div class=\"elementor-element elementor-element-iwgw-rama-s0h elementor-widget elementor-widget-heading\" data-id=\"iwgw-rama-s0h\" data-element_type=\"widget\" data-e-type=\"widget\" data-widget_type=\"heading.default\">\n\t\t\t\t\t<h2 class=\"elementor-heading-title elementor-size-default\">Introducci\u00f3<\/h2>\t\t\t\t<\/div>\n\t\t\t\t<div class=\"elementor-element elementor-element-iwgw-rama-s0t elementor-widget elementor-widget-text-editor\" data-id=\"iwgw-rama-s0t\" data-element_type=\"widget\" data-e-type=\"widget\" data-widget_type=\"text-editor.default\">\n\t\t\t\t\t\t\t\t\t<p>En l&#8217;<a href=\"https:\/\/iwell-guard.com\/ca\/hinduisme\/\">hinduisme<\/a>, Rama pertany a les deu encarnacions principals de Vixnu i, segons l&#8217;ordre habitual, se&#8217;l situa com a set\u00e8 avatara. A difer\u00e8ncia dels avataras anteriors amb forma animal o mixta, Rama apareix amb una forma completament humana, com a pr\u00edncep i, m\u00e9s tard, rei. Amb aix\u00f2, l&#8217;\u00e8mfasi es despla\u00e7a de l&#8217;amena\u00e7a c\u00f2smica a la q\u00fcesti\u00f3 del comportament hum\u00e0 correcte.<\/p><p>La font principal \u00e9s el <em>Ramayana<\/em>, atribu\u00eft al llegendari poeta Valmiki. Forma part de les dues grans epopeies de l&#8217;\u00cdndia i es conserva en nombroses versions regionals i ling\u00fc\u00edstiques.<\/p><p>La investigaci\u00f3 situa les capes m\u00e9s antigues del text de Valmiki majorit\u00e0riament en els darrers segles abans de l&#8217;era comuna, mentre que els llibres que l&#8217;enmarquen, on Rama \u00e9s presentat expl\u00edcitament com a div\u00ed, s\u00f3n m\u00e9s recents. Aquesta diversitat de versions \u00e9s rellevant des del punt de vista de la hist\u00f2ria de les religions, ja que mostra com un mateix material va ser reexplicat i reinterpretat al llarg dels segles.<\/p><p>Rama \u00e9s considerat l&#8217;encarnaci\u00f3 del <em><span class=\"iwg-fachbegriff\" data-tooltip=\"En les religions \u00edndies, la doctrina i l'ordre just de l'acci\u00f3.\" tabindex=\"0\">dharma<\/span><\/em>, l&#8217;ordre correcte i el compliment del deure. La seva conducta en situacions dif\u00edcils es considera exemplar dins la tradici\u00f3. Al mateix temps, algunes de les seves decisions, com el tracte amb la seva companya Sita, s\u00f3n objecte de debat des de fa temps, la qual cosa converteix aquesta figura en un tema constant de reflexi\u00f3 \u00e8tica.<\/p><p>Des del punt de vista de la hist\u00f2ria de les religions, \u00e9s remarcable que la divinitzaci\u00f3 de Rama es va produir de manera gradual. En les capes textuals m\u00e9s antigues apareix sobretot com un \u00e9sser hum\u00e0 ideal i un heroi. Nom\u00e9s durant el primer mil\u00b7lenni de l&#8217;era comuna, amb l&#8217;auge del moviment bhakti, Rama va esdevenir una divinitat principal, a qui es van dedicar <span class=\"iwg-fachbegriff\" data-tooltip=\"Un edifici destinat a la veneraci\u00f3 d'una o m\u00e9s divinitats.\" tabindex=\"0\">temples<\/span>, festes i escoles teol\u00f2giques pr\u00f2pies.<\/p>\t\t\t\t\t\t\t\t<\/div>\n\t\t\t\t\t<\/div>\n\t\t\t\t<\/div>\n\t\t<div class=\"elementor-element elementor-element-iwgw-rama-s1 e-flex e-con-boxed e-con e-parent\" data-id=\"iwgw-rama-s1\" data-element_type=\"container\" data-e-type=\"container\">\n\t\t\t\t\t<div class=\"e-con-inner\">\n\t\t\t\t<div class=\"elementor-element elementor-element-iwgw-rama-s1h elementor-widget elementor-widget-heading\" data-id=\"iwgw-rama-s1h\" data-element_type=\"widget\" data-e-type=\"widget\" data-widget_type=\"heading.default\">\n\t\t\t\t\t<h2 class=\"elementor-heading-title elementor-size-default\">Nom i etimologia<\/h2>\t\t\t\t<\/div>\n\t\t\t\t<div class=\"elementor-element elementor-element-iwgw-rama-s1t elementor-widget elementor-widget-text-editor\" data-id=\"iwgw-rama-s1t\" data-element_type=\"widget\" data-e-type=\"widget\" data-widget_type=\"text-editor.default\">\n\t\t\t\t\t\t\t\t\t<p>El nom <em>Rama<\/em> es relaciona en s\u00e0nscrit amb significats com el que produeix alegria, l&#8217;agradable o el fosc. En l&#8217;\u00fas religi\u00f3s, el nom mateix ha adquirit una gran import\u00e0ncia i es recita sovint en la pr\u00e0ctica bhakti. La invocaci\u00f3 Sita-Rama \u00e9s una <span class=\"iwg-fachbegriff\" data-tooltip=\"La invocaci\u00f3 suplicant o conjuradora d'una divinitat o poder.\" tabindex=\"0\">invocaci\u00f3<\/span> molt estesa que anomena conjuntament la parella divina.<\/p><p>Rama porta diversos ep\u00edtets que remeten al seu origen i a la seva acci\u00f3. <em>Raghava<\/em> el designa com a descendent del llinatge de Raghu, <em>Ramachandra<\/em> el compara amb la lluna per la seva bellesa, <em>Dasharathi<\/em> l&#8217;anomena fill del rei Dasharatha. Denominacions com <em>Kosalendra<\/em> remeten al seu domini sobre el pa\u00eds de Kosala, i altres noms al seu llinatge solar.<\/p><p>En la vida religiosa, la <span class=\"iwg-fachbegriff\" data-tooltip=\"La invocaci\u00f3 suplicant o conjuradora d'una divinitat o poder.\" tabindex=\"0\">invocaci\u00f3<\/span> repetida del nom, per exemple en la forma Ram o en la f\u00f3rmula Sita-Ram, ocupa un lloc fix en diverses tradicions bhakti.<\/p><p>Reformadors i poetes dels darrers segles han fet del nom de Rama un element central de la seva pr\u00e0ctica devocional. En alguns corrents, com el del poeta Kabir, Ram va ser ent\u00e8s alhora com el nom d&#8217;una divinitat suprema i sense forma, que transcendeix la figura \u00e8pica.<\/p>\t\t\t\t\t\t\t\t<\/div>\n\t\t\t\t\t<\/div>\n\t\t\t\t<\/div>\n\t\t<div class=\"elementor-element elementor-element-iwgw-rama-s2 e-flex e-con-boxed e-con e-parent\" data-id=\"iwgw-rama-s2\" data-element_type=\"container\" data-e-type=\"container\">\n\t\t\t\t\t<div class=\"e-con-inner\">\n\t\t\t\t<div class=\"elementor-element elementor-element-iwgw-rama-s2h elementor-widget elementor-widget-heading\" data-id=\"iwgw-rama-s2h\" data-element_type=\"widget\" data-e-type=\"widget\" data-widget_type=\"heading.default\">\n\t\t\t\t\t<h2 class=\"elementor-heading-title elementor-size-default\">Descripci\u00f3 i iconografia<\/h2>\t\t\t\t<\/div>\n\t\t\t\t<div class=\"elementor-element elementor-element-iwgw-rama-s2t elementor-widget elementor-widget-text-editor\" data-id=\"iwgw-rama-s2t\" data-element_type=\"widget\" data-e-type=\"widget\" data-widget_type=\"text-editor.default\">\n\t\t\t\t\t\t\t\t\t<p>En la tradici\u00f3 iconogr\u00e0fica, Rama se sol representar com un pr\u00edncep jove i digne. Sovint la seva pell apareix de color fosc o blau fosc, la qual cosa el vincula iconogr\u00e0ficament amb <a href=\"https:\/\/iwell-guard.com\/ca\/vishnu\/\">Vixnu<\/a>. El seu atribut caracter\u00edstic \u00e9s el gran arc, que remet al seu paper de guerrer i protector; sovint tamb\u00e9 porta una fletxa o un buirac.<\/p><p>\u00c9s molt habitual la representaci\u00f3 en grup, l&#8217;anomenat Rama-Parivar. Hi apareix Rama juntament amb la seva companya Sita, el seu fidel germ\u00e0 Lakshmana i l&#8217;heroi simiesc Hanuman, sovint agenollat en actitud servicial als peus de la parella. Aquesta composici\u00f3 iconogr\u00e0fica \u00e9s molt freq\u00fcent en temples i altars dom\u00e8stics i resumeix les relacions centrals de l&#8217;epopeia.<\/p><p>A m\u00e9s, hi ha representacions d&#8217;escenes individuals de l&#8217;epopeia, com Rama tensant o trencant el gran arc de Xiva durant el festeig amb Sita, en combat contra el rei dels dimonis Ravana, o en el moment de tornar a la seva ciutat natal, Ayodhya.<\/p><p>La iconografia emfasitza constantment la uni\u00f3 entre dignitat reial, destresa guerrera i exemplaritat moral. En la miniatura del nord de l&#8217;\u00cdndia i en les pintures murals de <span class=\"iwg-fachbegriff\" data-tooltip=\"Un edifici destinat a la veneraci\u00f3 d'una o m\u00e9s divinitats.\" tabindex=\"0\">temples<\/span> del sud de l&#8217;\u00cdndia i del sud-est asi\u00e0tic es conserven cicles pict\u00f2rics complets del Ramayana.<\/p>\t\t\t\t\t\t\t\t<\/div>\n\t\t\t\t\t<\/div>\n\t\t\t\t<\/div>\n\t\t<div class=\"elementor-element elementor-element-iwgw-rama-s3 e-flex e-con-boxed e-con e-parent\" data-id=\"iwgw-rama-s3\" data-element_type=\"container\" data-e-type=\"container\">\n\t\t\t\t\t<div class=\"e-con-inner\">\n\t\t\t\t<div class=\"elementor-element elementor-element-iwgw-rama-s3h elementor-widget elementor-widget-heading\" data-id=\"iwgw-rama-s3h\" data-element_type=\"widget\" data-e-type=\"widget\" data-widget_type=\"heading.default\">\n\t\t\t\t\t<h2 class=\"elementor-heading-title elementor-size-default\">Relats mitol\u00f2gics<\/h2>\t\t\t\t<\/div>\n\t\t\t\t<div class=\"elementor-element elementor-element-iwgw-rama-s3t elementor-widget elementor-widget-text-editor\" data-id=\"iwgw-rama-s3t\" data-element_type=\"widget\" data-e-type=\"widget\" data-widget_type=\"text-editor.default\">\n\t\t\t\t\t\t\t\t\t<p>El <em>Ramayana<\/em> narra la vida de Rama des del naixement fins al reialme. Rama \u00e9s el fill gran del rei Dasharatha d&#8217;Ayodhya i, com a hereu leg\u00edtim, ha de pujar al tron.<\/p><p>De jove acompanya el savi Vishvamitra, protegeix el seu foc sacrificial dels dimonis i guanya la m\u00e0 de Sita en un concurs a la cort de Mithila, essent l&#8217;\u00fanic capa\u00e7 de tensar l&#8217;arc gegant\u00ed de Shiva, que es trenca en el proc\u00e9s.<\/p><p>Tanmateix, per una antiga promesa que el rei havia fet a la seva esposa Kaikeyi, Rama \u00e9s enviat, just abans de la seva coronaci\u00f3, a un exili de catorze anys al bosc, mentre que el fill de Kaikeyi, Bharata, ha de rebre el tron.<\/p><p>En lloc d&#8217;oposar-se, Rama accepta l&#8217;exili com a compliment del deure. La seva companya Sita i el seu germ\u00e0 Lakshmana l&#8217;acompanyen volunt\u00e0riament. Bharata, per\u00f2, es nega a reclamar el tron per a ell mateix i governa nom\u00e9s com a substitut, col\u00b7locant les sand\u00e0lies de Rama sobre el tron.<\/p><p>Al bosc, Sita \u00e9s segrestada per Ravana, el rei dimoni de deu caps de l&#8217;illa de Lanka, despr\u00e9s que aquest l&#8217;hagi separat dels seus protectors mitjan\u00e7ant l&#8217;engany d&#8217;un c\u00e9rvol daurat.<\/p><p>La cerca posterior i l&#8217;alliberament de Sita constitueixen la part principal de l&#8217;epopeia. Rama s&#8217;alia amb el poble dels micos, al rei del qual, Sugriva, ajuda a pujar al tron, i el seu heroi m\u00e9s important \u00e9s Hanuman.<\/p><p>Hanuman salta sobre el mar, troba Sita presonera al <span class=\"iwg-fachbegriff\" data-tooltip=\"Un conjunt d'arbres sagrat que servia com a lloc de culte.\" tabindex=\"0\">bosquet<\/span> de Lanka i li porta un senyal de Rama. Segueix la construcci\u00f3 d&#8217;un pas cap a l&#8217;illa per part de l&#8217;ex\u00e8rcit dels micos i, finalment, la gran batalla en la qual Ravana i els seus guerrers s\u00f3n derrotats.<\/p><p>Despr\u00e9s de la vict\u00f2ria, Rama torna amb Sita i els seus companys a Ayodhya i assumeix el reialme. El seu per\u00edode de govern es coneix a la tradici\u00f3 com <em>Ramarajya<\/em>, considerat el paradigma d&#8217;un govern just i pac\u00edfic, on regnen la prosperitat i l&#8217;ordre.<\/p><p>Tanmateix, l&#8217;\u00faltim llibre de l&#8217;epopeia narra tamb\u00e9 un episodi posterior i amarg: a causa de rumors populars sobre el temps de captivitat de Sita, Rama la desterra, tot i que est\u00e0 embarassada.<\/p><p>Ella troba refugi amb el savi Valmiki i dona a llum els bessons Lava i Kusha. Al final, Sita retorna a la terra d&#8217;on, segons la <span class=\"iwg-fachbegriff\" data-tooltip=\"La transmissi\u00f3 de coneixements i relats a trav\u00e9s de generacions.\" tabindex=\"0\">tradici\u00f3<\/span>, havia sorgit en el seu moment. Aquest episodi \u00e9s considerat des de fa temps eticament problem\u00e0tic i \u00e9s tractat de manera diferent segons les versions, o b\u00e9 \u00e9s totalment om\u00e8s.<\/p><p>Les diverses versions regionals del Ramayana posen l&#8217;accent en aspectes diferents. La versi\u00f3 t\u00e0mil de Kamban, la versi\u00f3 en hindi de Tulsidas titulada <em>Ramcharitmanas<\/em>, el Ramayana bengal\u00ed de Krittibas i nombroses altres adaptacions destaquen, en alguns casos, m\u00e9s la devoci\u00f3 a Rama, en altres el deure reial, i d&#8217;altres donen m\u00e9s pes a personatges concrets com Sita o Hanuman.<\/p><p>Aquesta diversitat converteix l&#8217;epopeia en un material viu, interpretat cont\u00ednuament de noves maneres.<\/p>\t\t\t\t\t\t\t\t<\/div>\n\t\t\t\t\t<\/div>\n\t\t\t\t<\/div>\n\t\t<div class=\"elementor-element elementor-element-iwgw-rama-s4 e-flex e-con-boxed e-con e-parent\" data-id=\"iwgw-rama-s4\" data-element_type=\"container\" data-e-type=\"container\">\n\t\t\t\t\t<div class=\"e-con-inner\">\n\t\t\t\t<div class=\"elementor-element elementor-element-iwgw-rama-s4h elementor-widget elementor-widget-heading\" data-id=\"iwgw-rama-s4h\" data-element_type=\"widget\" data-e-type=\"widget\" data-widget_type=\"heading.default\">\n\t\t\t\t\t<h2 class=\"elementor-heading-title elementor-size-default\">Culte i veneraci\u00f3<\/h2>\t\t\t\t<\/div>\n\t\t\t\t<div class=\"elementor-element elementor-element-iwgw-rama-s4t elementor-widget elementor-widget-text-editor\" data-id=\"iwgw-rama-s4t\" data-element_type=\"widget\" data-e-type=\"widget\" data-widget_type=\"text-editor.default\">\n\t\t\t\t\t\t\t\t\t<p>La veneraci\u00f3 de Rama est\u00e0 estesa en gran part de l&#8217;\u00cdndia i t\u00e9 una import\u00e0ncia especial al nord del pa\u00eds.<\/p><p>Els llocs de refer\u00e8ncia m\u00e9s destacats s\u00f3n la ciutat d&#8217;Ayodhya, considerada el seu lloc de naixement i de govern, aix\u00ed com indrets vinculats al seu exili, com Chitrakut i Nashik, i Rameswaram, a l&#8217;extrem sud, on Rama, segons la <span class=\"iwg-fachbegriff\" data-tooltip=\"La transmissi\u00f3 de coneixements i relats a trav\u00e9s de generacions.\" tabindex=\"0\">tradici\u00f3<\/span>, va retre culte a Shiva abans de creuar cap a Lanka.<\/p><p>Nombrosos <span class=\"iwg-fachbegriff\" data-tooltip=\"Un edifici dedicat a la veneraci\u00f3 d'una o diverses divinitats.\" tabindex=\"0\">temples<\/span> estan dedicats al grup iconogr\u00e0fic del Rama-Parivar. La festa anual de Ramanavami celebra l&#8217;aparici\u00f3 de Rama a la primavera.<\/p><p>Un paper destacat el tenen les representacions populars de l&#8217;epopeia, les Ramlila, en les quals episodis de la vida de Rama es representen esc\u00e8nicament durant diversos dies, sovint amb la crema de figures gigantines de Ravana com a punt culminant.<\/p><p>La festa de tardor Dussehra commemora la vict\u00f2ria sobre Ravana, mentre que la festa de les llums Diwali s&#8217;associa en molts llocs amb el retorn de Rama a Ayodhya, que les rengleres de llums d&#8217;oli evoquen.<\/p><p>La poesia bhakti ha marcat profundament la veneraci\u00f3 de Rama. Reformadors i poetes dels segles passats van redactar versions de l&#8217;epopeia en lleng\u00fces regionals, entre les quals el <em>Ramcharitmanas<\/em> de Tulsidas, del segle setze, va tenir una influ\u00e8ncia especialment \u00e0mplia i va fer la pr\u00e0ctica religiosa accessible a amplis sectors de la poblaci\u00f3.<\/p><p>Comunitats pr\u00f2pies com els ascetes ramanandi es dediquen principalment a la veneraci\u00f3 de Rama. Tamb\u00e9 el fidel servent Hanuman \u00e9s objecte d&#8217;una veneraci\u00f3 pr\u00f2pia i molt estesa, estretament lligada a la <span class=\"iwg-fachbegriff\" data-tooltip=\"L'actitud i la pr\u00e0ctica religiosa viscuda d'una persona.\" tabindex=\"0\">devoci\u00f3<\/span> a Rama.<\/p>\t\t\t\t\t\t\t\t<\/div>\n\t\t\t\t\t<\/div>\n\t\t\t\t<\/div>\n\t\t<div class=\"elementor-element elementor-element-iwgw-rama-s5 e-flex e-con-boxed e-con e-parent\" data-id=\"iwgw-rama-s5\" data-element_type=\"container\" data-e-type=\"container\">\n\t\t\t\t\t<div class=\"e-con-inner\">\n\t\t\t\t<div class=\"elementor-element elementor-element-iwgw-rama-s5h elementor-widget elementor-widget-heading\" data-id=\"iwgw-rama-s5h\" data-element_type=\"widget\" data-e-type=\"widget\" data-widget_type=\"heading.default\">\n\t\t\t\t\t<h2 class=\"elementor-heading-title elementor-size-default\">Pr\u00e0ctica de protecci\u00f3 i elements apotropaics<\/h2>\t\t\t\t<\/div>\n\t\t\t\t<div class=\"elementor-element elementor-element-iwgw-rama-s5t elementor-widget elementor-widget-text-editor\" data-id=\"iwgw-rama-s5t\" data-element_type=\"widget\" data-e-type=\"widget\" data-widget_type=\"text-editor.default\">\n\t\t\t\t\t\t\t\t\t<p>Al voltant de la veneraci\u00f3 de Rama s&#8217;han desenvolupat diverses formes que la <span class=\"iwg-fachbegriff\" data-tooltip=\"La ci\u00e8ncia que estudia les religions de manera comparativa i sense vincle de fe.\" tabindex=\"0\">ci\u00e8ncia de la religi\u00f3<\/span> descriu com <span class=\"iwg-fachbegriff\" data-tooltip=\"Que allunya la desgr\u00e0cia: relatiu a signes i objectes destinats a mantenir allunyades les influ\u00e8ncies nocives.\" tabindex=\"0\">apotropaiques<\/span>.<\/p><p>Entre aquestes hi ha la recitaci\u00f3 del nom, sovint en la forma Ram, la lectura o l&#8217;audici\u00f3 de fragments de l&#8217;epopeia i la veneraci\u00f3 de la figura estretament vinculada a Rama, Hanuman, que en moltes tradicions es considera una figura protectora poderosa. Tamb\u00e9 himnes com el Ramaraksha-Stotra es reciten com a oracions de protecci\u00f3.<\/p><p>La base mitol\u00f2gica \u00e9s el relat mateix, en el qual Rama restableix l&#8217;ordre i la just\u00edcia i elimina l&#8217;amena\u00e7a del rei dimoni.<\/p><p>La fermesa de Rama durant l&#8217;exili i el combat s&#8217;ent\u00e9n en la tradici\u00f3 com un model a seguir, en el qual els devots s&#8217;han d&#8217;inspirar en la seva pr\u00f2pia vida. Hanuman, considerat invulnerable gr\u00e0cies a la seva fidelitat a Rama, \u00e9s invocat especialment per allunyar la por i els poders hostils.<\/p><p>Cal assenyalar, des del punt de vista de la hist\u00f2ria de les religions, que aquestes pr\u00e0ctiques es presenten com a creences transmeses. Una descripci\u00f3 objectiva les presenta com a part de la tradici\u00f3 i no els atribueix cap efecte protector objectiu ni verificable. Des del punt de vista cient\u00edfic, resulta interessant observar com, en la <span class=\"iwg-fachbegriff\" data-tooltip=\"L'actitud i la pr\u00e0ctica religiosa viscuda d'una persona.\" tabindex=\"0\">devoci\u00f3<\/span> a Rama, el model \u00e8tic i la confian\u00e7a en la protecci\u00f3 es troben estretament units.<\/p>\t\t\t\t\t\t\t\t<\/div>\n\t\t\t\t\t<\/div>\n\t\t\t\t<\/div>\n\t\t<div class=\"elementor-element elementor-element-iwgw-rama-s6 e-flex e-con-boxed e-con e-parent\" data-id=\"iwgw-rama-s6\" data-element_type=\"container\" data-e-type=\"container\">\n\t\t\t\t\t<div class=\"e-con-inner\">\n\t\t\t\t<div class=\"elementor-element elementor-element-iwgw-rama-s6h elementor-widget elementor-widget-heading\" data-id=\"iwgw-rama-s6h\" data-element_type=\"widget\" data-e-type=\"widget\" data-widget_type=\"heading.default\">\n\t\t\t\t\t<h2 class=\"elementor-heading-title elementor-size-default\">Paral\u00b7lelismes en altres cultures<\/h2>\t\t\t\t<\/div>\n\t\t\t\t<div class=\"elementor-element elementor-element-iwgw-rama-s6t elementor-widget elementor-widget-text-editor\" data-id=\"iwgw-rama-s6t\" data-element_type=\"widget\" data-e-type=\"widget\" data-widget_type=\"text-editor.default\">\n\t\t\t\t\t\t\t\t\t<p>El Ramayana ha aconseguit una difusi\u00f3 notable m\u00e9s enll\u00e0 de l&#8217;\u00cdndia. Al sud-est asi\u00e0tic, per exemple a les cultures de l&#8217;actual Tail\u00e0ndia amb el Ramakien, a Cambodja amb el Reamker, a Laos i a Indon\u00e8sia, han sorgit versions pr\u00f2pies d&#8217;aquest material, que continuen vives en la literatura, el teatre d&#8217;ombres, la dansa i les arts visuals.<\/p><p>Els relleus d&#8217;Angkor i de Prambanan es troben entre els testimonis m\u00e9s impressionants. Aquestes versions s\u00f3n creacions culturals pr\u00f2pies, no simples traduccions, i sovint adapten el material a concepcions budistes o locals.<\/p><p>La investigaci\u00f3 comparada ha relacionat alguns motius de l&#8217;epopeia, com el segrest de la companya i la guerra posterior per recuperar-la, amb narracions d&#8217;altres tradicions. Aquestes comparacions no demostren cap depend\u00e8ncia directa, per\u00f2 assenyalen patrons narratius recurrents, com el patr\u00f3 del viatge heroic amb exili, prova i retorn.<\/p><p>Dins de l&#8217;espai religi\u00f3s indi, Rama ocupa un lloc dins la s\u00e8rie d&#8217;avatars de <a href=\"https:\/\/iwell-guard.com\/ca\/vishnu\/\">Vishnu<\/a>. La comparaci\u00f3 amb altres avatars i amb <a href=\"https:\/\/iwell-guard.com\/ca\/shiva\/\">Shiva<\/a> permet descriure models diferents del div\u00ed, des de la intervenci\u00f3 c\u00f2smica d&#8217;una figura animal fins a l&#8217;ideal hum\u00e0 de l&#8217;acci\u00f3 recta encarnat en la vida.<\/p><p>Mentre que Krishna, en el Mahabharata, encarna el joc div\u00ed i l&#8217;amor devocional, Rama representa el vincle amb el deure i l&#8217;ordre, de manera que els dos avatars de forma humana ofereixen models de valors complementaris.<\/p>\t\t\t\t\t\t\t\t<\/div>\n\t\t\t\t\t<\/div>\n\t\t\t\t<\/div>\n\t\t<div class=\"elementor-element elementor-element-iwgw-rama-s7 e-flex e-con-boxed e-con e-parent\" data-id=\"iwgw-rama-s7\" data-element_type=\"container\" data-e-type=\"container\">\n\t\t\t\t\t<div class=\"e-con-inner\">\n\t\t\t\t<div class=\"elementor-element elementor-element-iwgw-rama-s7h elementor-widget elementor-widget-heading\" data-id=\"iwgw-rama-s7h\" data-element_type=\"widget\" data-e-type=\"widget\" data-widget_type=\"heading.default\">\n\t\t\t\t\t<h2 class=\"elementor-heading-title elementor-size-default\">Recepci\u00f3 i investigaci\u00f3 actuals<\/h2>\t\t\t\t<\/div>\n\t\t\t\t<div class=\"elementor-element elementor-element-iwgw-rama-s7t elementor-widget elementor-widget-text-editor\" data-id=\"iwgw-rama-s7t\" data-element_type=\"widget\" data-e-type=\"widget\" data-widget_type=\"text-editor.default\">\n\t\t\t\t\t\t\t\t\t<p>Rama t\u00e9 una pres\u00e8ncia molt forta en la cultura contempor\u00e0nia de l&#8217;\u00cdndia i del sud-est asi\u00e0tic. L&#8217;epopeia es repr\u00e8n constantment en el cinema, la televisi\u00f3, els c\u00f2mics i els mitjans digitals.<\/p><p>La s\u00e8rie televisiva del Ramayana va assolir una audi\u00e8ncia extraordin\u00e0riament \u00e0mplia a finals dels anys vuitanta i va marcar de manera duradora la imatge visual del personatge. Les representacions del Ramlila i les grans festes vinculades a Rama formen part essencial de la vida p\u00fablica.<\/p><p>Al mateix temps, la figura de Rama tamb\u00e9 ha estat carregada pol\u00edticament. La <span class=\"iwg-fachbegriff\" data-tooltip=\"La ci\u00e8ncia que estudia les religions de manera comparada i sense comprom\u00eds de fe.\" tabindex=\"0\">ci\u00e8ncia de la religi\u00f3<\/span> i la historiografia estudien com aquest material ha estat reivindicat en l&#8217;\u00e8poca moderna per a diverses causes socials i pol\u00edtiques, especialment en relaci\u00f3 amb els conflictes al voltant d&#8217;Ayodhya.<\/p><p>Aquesta investigaci\u00f3 examina cr\u00edticament la hist\u00f2ria de la recepci\u00f3 i la situa en context hist\u00f2ric, sense reduir el significat religi\u00f3s del personatge.<\/p><p>L&#8217;estudi acad\u00e8mic del Ramayana compr\u00e8n la hist\u00f2ria textual, la comparaci\u00f3 de les nombroses versions regionals, la iconografia i la hist\u00f2ria social. S\u00f3n d&#8217;especial inter\u00e8s la diversitat de versions, la progressiva divinitzaci\u00f3 de Rama i el debat \u00e8tic continu sobre certs episodis, sobretot el tracte donat a Sita.<\/p><p>Les lectures d&#8217;orientaci\u00f3 feminista, que situen Sita al centre, tamb\u00e9 formen part avui de la recerca. Rama continua sent, aix\u00ed, un objecte central de l&#8217;indologia i de la <span class=\"iwg-fachbegriff\" data-tooltip=\"La ci\u00e8ncia que estudia les religions de manera comparada i sense comprom\u00eds de fe.\" tabindex=\"0\">ci\u00e8ncia de la religi\u00f3<\/span> comparada.<\/p>\t\t\t\t\t\t\t\t<\/div>\n\t\t\t\t\t<\/div>\n\t\t\t\t<\/div>\n\t\t<div class=\"elementor-element elementor-element-iwgw-rama-lit e-flex e-con-boxed e-con e-parent\" data-id=\"iwgw-rama-lit\" data-element_type=\"container\" data-e-type=\"container\">\n\t\t\t\t\t<div class=\"e-con-inner\">\n\t\t\t\t<div class=\"elementor-element elementor-element-iwgw-rama-lith elementor-widget elementor-widget-heading\" data-id=\"iwgw-rama-lith\" data-element_type=\"widget\" data-e-type=\"widget\" data-widget_type=\"heading.default\">\n\t\t\t\t\t<h2 class=\"elementor-heading-title elementor-size-default\">Bibliografia (selecci\u00f3)<\/h2>\t\t\t\t<\/div>\n\t\t\t\t<div class=\"elementor-element elementor-element-iwgw-rama-litt elementor-widget elementor-widget-text-editor\" data-id=\"iwgw-rama-litt\" data-element_type=\"widget\" data-e-type=\"widget\" data-widget_type=\"text-editor.default\">\n\t\t\t\t\t\t\t\t\t<ul><li>Gavin Flood: <em>An Introduction to Hinduism<\/em> (1996)<\/li><li>Wendy Doniger: <em>The Hindus. An Alternative History<\/em> (2009)<\/li><li>Klaus K. Klostermaier: <em>A Survey of Hinduism<\/em> (2007)<\/li><li>Robert P. Goldman (ed.): <em>The Ramayana of Valmiki. An Epic of Ancient India<\/em> (1984 i seg.)<\/li><li>Paula Richman (ed.): <em>Many Ramayanas. The Diversity of a Narrative Tradition in South Asia<\/em> (1991)<\/li><\/ul>\t\t\t\t\t\t\t\t<\/div>\n\t\t\t\t\t<\/div>\n\t\t\t\t<\/div>\n\t\t<div class=\"elementor-element elementor-element-iwgw-rama-kwd e-flex e-con-boxed e-con e-parent\" data-id=\"iwgw-rama-kwd\" data-element_type=\"container\" data-e-type=\"container\">\n\t\t\t\t\t<div class=\"e-con-inner\">\n\t\t\t\t<div class=\"elementor-element elementor-element-iwgw-rama-kwdt elementor-widget elementor-widget-text-editor\" data-id=\"iwgw-rama-kwdt\" data-element_type=\"widget\" data-e-type=\"widget\" data-widget_type=\"text-editor.default\">\n\t\t\t\t\t\t\t\t\t<p><em>Termes clau relacionats: Rama Vishnu Ramayana Sita Hanuman Ravana Ayodhya <span class=\"iwg-fachbegriff\" data-tooltip=\"En les religions \u00edndies, la doctrina i l'ordre recte de l'acci\u00f3.\" tabindex=\"0\">Dharma<\/span>.<\/em><\/p>\t\t\t\t\t\t\t\t<\/div>\n\t\t\t\t\t<\/div>\n\t\t\t\t<\/div>\n\t\t<div class=\"elementor-element elementor-element-iwgw-rama-cc e-flex e-con-boxed e-con e-parent\" data-id=\"iwgw-rama-cc\" data-element_type=\"container\" data-e-type=\"container\" id=\"iwg-cc-rama\">\n\t\t\t\t\t<div class=\"e-con-inner\">\n\t\t<div class=\"elementor-element elementor-element-iwgw-rama-ccinner e-flex e-con-boxed e-con e-parent\" data-id=\"iwgw-rama-ccinner\" data-element_type=\"container\" data-e-type=\"container\" data-settings=\"{&quot;background_background&quot;:&quot;classic&quot;}\">\n\t\t\t\t\t<div class=\"e-con-inner\">\n\t\t\t\t<div class=\"elementor-element elementor-element-iwgw-rama-cch elementor-widget elementor-widget-heading\" data-id=\"iwgw-rama-cch\" data-element_type=\"widget\" data-e-type=\"widget\" data-widget_type=\"heading.default\">\n\t\t\t\t\t<h2 class=\"elementor-heading-title elementor-size-default\">iWell Guard i tradicions de protecci\u00f3<\/h2>\t\t\t\t<\/div>\n\t\t\t\t<div class=\"elementor-element elementor-element-iwgw-rama-cct elementor-widget elementor-widget-text-editor\" data-id=\"iwgw-rama-cct\" data-element_type=\"widget\" data-e-type=\"widget\" data-widget_type=\"text-editor.default\">\n\t\t\t\t\t\t\t\t\t<div data-nosnippet=\"true\"><p>iWell Guard s&#8217;inspira en la tradici\u00f3 cultural i hist\u00f2rica dels objectes de protecci\u00f3 portables, seguint la tradici\u00f3 de l&#8217;<a href=\"https:\/\/iwell-guard.com\/ca\/hinduisme\/\">hinduisme<\/a> i de moltes altres cultures d&#8217;arreu del m\u00f3n. 41 capes, or de veritat, plat\u00ed, plata, fabricat a Alemanya. Dret de devoluci\u00f3 de 30 dies.<\/p><\/div>\t\t\t\t\t\t\t\t<\/div>\n\t\t\t\t<div class=\"elementor-element elementor-element-iwgw-rama-ccb iwg-cc-button iwg-cc-cta-2026-05-13 elementor-widget elementor-widget-jet-button\" data-id=\"iwgw-rama-ccb\" data-element_type=\"widget\" data-e-type=\"widget\" data-widget_type=\"jet-button.default\">\n\t\t\t\t<div class=\"elementor-widget-container\">\n\t\t\t\t\t<div class=\"elementor-jet-button jet-elements\"><div class=\"jet-button__container\"><a class=\"jet-button__instance jet-button__instance--icon-left hover-effect-1\" href=\"\/ueber-iwell-guard\/?utm_source=iwell-guard.com&amp;utm_medium=info-box&amp;utm_campaign=wesen-tradition\"><div class=\"jet-button__plane jet-button__plane-normal\"><\/div><div class=\"jet-button__plane jet-button__plane-hover\"><\/div><div class=\"jet-button__state jet-button__state-normal\"><span class=\"jet-button__label\">M\u00e9s informaci\u00f3 sobre l'iWell Guard<\/span><\/div><div class=\"jet-button__state jet-button__state-hover\"><span class=\"jet-button__label\">M\u00e9s informaci\u00f3 sobre l'iWell Guard<\/span><\/div><\/a><\/div><\/div><style>.elementor-element.elementor-element-iwgw-rama-ccb .jet-button__instance{width:320px;height:56px;}.elementor-element.elementor-element-iwgw-rama-ccb .jet-button__state-normal .jet-button__label{text-align:center;margin:0px 0px 0px 0px;color:#1a1b20;font-family:Montserrat,sans-serif;font-size:13px;font-weight:400;letter-spacing:4px;line-height:1.714em;text-transform:uppercase;}.elementor-element.elementor-element-iwgw-rama-ccb .jet-button__state-hover .jet-button__label{text-align:center;margin:0px 0px 0px 0px;color:#FECC76;font-family:Montserrat,sans-serif;font-size:13px;font-weight:400;letter-spacing:4px;line-height:1.714em;text-transform:uppercase;}.elementor-element.elementor-element-iwgw-rama-ccb .jet-button__plane-normal{background-color:#FECC76;border-style:solid;border-color:#C99540;border-width:2px 2px 2px 2px;}.elementor-element.elementor-element-iwgw-rama-ccb .jet-button__plane-hover{background-color:rgba(0,0,0,0.55);border-style:solid;border-color:#FECC76;border-width:2px 2px 2px 2px;}<\/style>\t\t\t\t<\/div>\n\t\t\t\t<\/div>\n\t\t\t\t<div class=\"elementor-element elementor-element-iwgw-rama-ccd elementor-widget elementor-widget-text-editor\" data-id=\"iwgw-rama-ccd\" data-element_type=\"widget\" data-e-type=\"widget\" data-widget_type=\"text-editor.default\">\n\t\t\t\t\t\t\t\t\t<div data-nosnippet=\"true\"><p style=\"text-align:center;font-size:13px;opacity:0.7;margin-top:14px\" data-nosnippet=\"true\">Les experi\u00e8ncies personals poden variar. No \u00e9s un producte sanitari. No \u00e9s una promesa de curaci\u00f3.<\/p><\/div>\t\t\t\t\t\t\t\t<\/div>\n\t\t\t\t\t<\/div>\n\t\t\t\t<\/div>\n\t\t\t\t\t<\/div>\n\t\t\t\t<\/div>\n\t\t<div class=\"elementor-element elementor-element-iwgw-rama-disc e-flex e-con-boxed e-con e-parent\" data-id=\"iwgw-rama-disc\" data-element_type=\"container\" data-e-type=\"container\">\n\t\t\t\t\t<div class=\"e-con-inner\">\n\t\t\t\t<div class=\"elementor-element elementor-element-iwgw-rama-discw elementor-widget elementor-widget-html\" data-id=\"iwgw-rama-discw\" data-element_type=\"widget\" data-e-type=\"widget\" data-widget_type=\"html.default\">\n\t\t\t\t\t<footer data-nosnippet=\"true\" class=\"iwg-disclaimer-block\"><p data-nosnippet=\"true\">iWell Guard <strong>no \u00e9s un producte sanitari<\/strong> i no substitueix cap tractament m\u00e8dic o psicoterap\u00e8utic. Els continguts d'hist\u00f2ria de les religions s\u00f3n una classificaci\u00f3 culturohist\u00f2rica, no una recomanaci\u00f3 de pr\u00e0ctica espiritual.<\/p><\/footer>\t\t\t\t<\/div>\n\t\t\t\t\t<\/div>\n\t\t\t\t<\/div>\n\t\t\t\t<\/div>\n\t\t","protected":false},"excerpt":{"rendered":"","protected":false},"author":3,"featured_media":3378,"parent":0,"menu_order":0,"comment_status":"closed","ping_status":"closed","template":"elementor_header_footer","meta":{"_yoast_wpseo_focuskw":"Rama Avatara Vixnu","_yoast_wpseo_title":"Rama - Heroi de l'epopeia Ramayana i el compliment del deure","_yoast_wpseo_metadesc":"Rama, el set\u00e8 avatara de Vixnu, \u00e9s l'heroi del Ramayana i s\u00edmbol de la reialesa dh\u00e0rmica. La font principal \u00e9s l'epopeia atribu\u00efda a Valmiki.","_yoast_wpseo_meta-robots-noindex":"","_yoast_wpseo_canonical":"","_angie_page":false,"gefaehrdungsstufe":"","wesen_kultur":"","wesen_klasse":"","footnotes":""},"categories":[],"class_list":["post-171792","page","type-page","status-publish","has-post-thumbnail","hentry"],"yoast_head":"<!-- This site is optimized with the Yoast SEO Premium plugin v27.7 (Yoast SEO v28.3) - https:\/\/yoast.com\/product\/yoast-seo-premium-wordpress\/ -->\n<title>Rama - Heroi de l&#039;epopeia Ramayana i el compliment del deure<\/title>\n<meta name=\"description\" content=\"Rama, el set\u00e8 avatara de Vixnu, \u00e9s l&#039;heroi del Ramayana i s\u00edmbol de la reialesa dh\u00e0rmica. La font principal \u00e9s l&#039;epopeia atribu\u00efda a Valmiki.\" \/>\n<meta name=\"robots\" content=\"index, follow, max-snippet:-1, max-image-preview:large, max-video-preview:-1\" \/>\n<link rel=\"canonical\" href=\"https:\/\/iwell-guard.com\/ca\/rama-sete-avatara-de-vixnu\/\" \/>\n<meta property=\"og:locale\" content=\"ca_ES\" \/>\n<meta property=\"og:type\" content=\"article\" \/>\n<meta property=\"og:title\" content=\"Rama \u2013 set\u00e8 avatara de Vixnu\" \/>\n<meta property=\"og:description\" content=\"Rama, el set\u00e8 avatara de Vixnu, \u00e9s l&#039;heroi del Ramayana i s\u00edmbol de la reialesa dh\u00e0rmica. La font principal \u00e9s l&#039;epopeia atribu\u00efda a Valmiki.\" \/>\n<meta property=\"og:url\" content=\"https:\/\/iwell-guard.com\/ca\/rama-sete-avatara-de-vixnu\/\" \/>\n<meta property=\"og:site_name\" content=\"iWell Guard\" \/>\n<meta property=\"article:modified_time\" content=\"2026-09-05T16:07:20+00:00\" \/>\n<meta property=\"og:image\" content=\"https:\/\/iwell-guard.com\/wp-content\/uploads\/2026\/05\/goetter_hinduismus_rama.webp\" \/>\n\t<meta property=\"og:image:width\" content=\"1024\" \/>\n\t<meta property=\"og:image:height\" content=\"1536\" \/>\n\t<meta property=\"og:image:type\" content=\"image\/webp\" \/>\n<meta name=\"twitter:card\" content=\"summary_large_image\" \/>\n<script type=\"application\/ld+json\" class=\"yoast-schema-graph\">{\"@context\":\"https:\\\/\\\/schema.org\",\"@graph\":[{\"@type\":\"WebPage\",\"@id\":\"https:\\\/\\\/iwell-guard.com\\\/ca\\\/rama-sete-avatara-de-vixnu\\\/\",\"url\":\"https:\\\/\\\/iwell-guard.com\\\/ca\\\/rama-sete-avatara-de-vixnu\\\/\",\"name\":\"Rama - Heroi de l'epopeia Ramayana i el compliment del deure\",\"isPartOf\":{\"@id\":\"https:\\\/\\\/iwell-guard.com\\\/ca\\\/#website\"},\"primaryImageOfPage\":{\"@id\":\"https:\\\/\\\/iwell-guard.com\\\/ca\\\/rama-sete-avatara-de-vixnu\\\/#primaryimage\"},\"image\":{\"@id\":\"https:\\\/\\\/iwell-guard.com\\\/ca\\\/rama-sete-avatara-de-vixnu\\\/#primaryimage\"},\"thumbnailUrl\":\"https:\\\/\\\/iwell-guard.com\\\/wp-content\\\/uploads\\\/2026\\\/05\\\/goetter_hinduismus_rama.webp\",\"datePublished\":\"2026-09-05T15:42:26+00:00\",\"dateModified\":\"2026-09-05T16:07:20+00:00\",\"description\":\"Rama, el set\u00e8 avatara de Vixnu, \u00e9s l'heroi del Ramayana i s\u00edmbol de la reialesa dh\u00e0rmica. La font principal \u00e9s l'epopeia atribu\u00efda a Valmiki.\",\"breadcrumb\":{\"@id\":\"https:\\\/\\\/iwell-guard.com\\\/ca\\\/rama-sete-avatara-de-vixnu\\\/#breadcrumb\"},\"inLanguage\":\"ca\",\"potentialAction\":[{\"@type\":\"ReadAction\",\"target\":[\"https:\\\/\\\/iwell-guard.com\\\/ca\\\/rama-sete-avatara-de-vixnu\\\/\"]}]},{\"@type\":\"ImageObject\",\"inLanguage\":\"ca\",\"@id\":\"https:\\\/\\\/iwell-guard.com\\\/ca\\\/rama-sete-avatara-de-vixnu\\\/#primaryimage\",\"url\":\"https:\\\/\\\/iwell-guard.com\\\/wp-content\\\/uploads\\\/2026\\\/05\\\/goetter_hinduismus_rama.webp\",\"contentUrl\":\"https:\\\/\\\/iwell-guard.com\\\/wp-content\\\/uploads\\\/2026\\\/05\\\/goetter_hinduismus_rama.webp\",\"width\":1024,\"height\":1536,\"caption\":\"D\u00e9us de la tradici\u00f3 hind\u00fa.\"},{\"@type\":\"BreadcrumbList\",\"@id\":\"https:\\\/\\\/iwell-guard.com\\\/ca\\\/rama-sete-avatara-de-vixnu\\\/#breadcrumb\",\"itemListElement\":[{\"@type\":\"ListItem\",\"position\":1,\"name\":\"Start\",\"item\":\"https:\\\/\\\/iwell-guard.com\\\/ca\\\/?page_id=171333\"},{\"@type\":\"ListItem\",\"position\":2,\"name\":\"Rama \u2013 set\u00e8 avatara de Vixnu\"}]},{\"@type\":\"WebSite\",\"@id\":\"https:\\\/\\\/iwell-guard.com\\\/ca\\\/#website\",\"url\":\"https:\\\/\\\/iwell-guard.com\\\/ca\\\/\",\"name\":\"iWell Guard\",\"description\":\"Schutz vor dunklen Einfl\u00fcssen\",\"publisher\":{\"@id\":\"https:\\\/\\\/iwell-guard.com\\\/ca\\\/#organization\"},\"potentialAction\":[{\"@type\":\"SearchAction\",\"target\":{\"@type\":\"EntryPoint\",\"urlTemplate\":\"https:\\\/\\\/iwell-guard.com\\\/ca\\\/?s={search_term_string}\"},\"query-input\":{\"@type\":\"PropertyValueSpecification\",\"valueRequired\":true,\"valueName\":\"search_term_string\"}}],\"inLanguage\":\"ca\"},{\"@type\":\"Organization\",\"@id\":\"https:\\\/\\\/iwell-guard.com\\\/ca\\\/#organization\",\"name\":\"Ittermann electronic GmbH\",\"url\":\"https:\\\/\\\/iwell-guard.com\\\/ca\\\/\",\"logo\":{\"@type\":\"ImageObject\",\"inLanguage\":\"ca\",\"@id\":\"https:\\\/\\\/iwell-guard.com\\\/ca\\\/#\\\/schema\\\/logo\\\/image\\\/\",\"url\":\"https:\\\/\\\/iwell-guard.com\\\/wp-content\\\/uploads\\\/2026\\\/05\\\/Ittermann-Logo-1182x237-1.png\",\"contentUrl\":\"https:\\\/\\\/iwell-guard.com\\\/wp-content\\\/uploads\\\/2026\\\/05\\\/Ittermann-Logo-1182x237-1.png\",\"width\":1182,\"height\":237,\"caption\":\"Ittermann electronic GmbH\"},\"image\":{\"@id\":\"https:\\\/\\\/iwell-guard.com\\\/ca\\\/#\\\/schema\\\/logo\\\/image\\\/\"},\"sameAs\":[\"https:\\\/\\\/pantip.com\\\/profile\\\/9367242\",\"https:\\\/\\\/micro.blog\\\/iwellguard\",\"https:\\\/\\\/www.diggerslist.com\\\/iwellguard\\\/about\",\"https:\\\/\\\/skitterphoto.com\\\/photographers\\\/2870314\\\/iwell-guard\",\"https:\\\/\\\/iwellguard.wordpress.com\\\/2026\\\/06\\\/06\\\/iwell-guard\\\/\",\"https:\\\/\\\/hub.docker.com\\\/u\\\/iwellguard\",\"https:\\\/\\\/www.pinterest.com\\\/iwellguard\\\/\",\"https:\\\/\\\/bit.ly\\\/m\\\/iwellguard\",\"https:\\\/\\\/entre-vos-mains.alsace.eu\\\/profiles\\\/iwellguard\\\/activity\",\"https:\\\/\\\/gravatar.com\\\/reallybeded8fd34\",\"https:\\\/\\\/naijamatta.com\\\/iwellguard\",\"https:\\\/\\\/www.goodreads.com\\\/iwellguard\",\"https:\\\/\\\/profile.hatena.ne.jp\\\/iwellguard\\\/\",\"https:\\\/\\\/experiment.com\\\/users\\\/iwellguard\",\"https:\\\/\\\/wakelet.com\\\/@iWellGuard82270\",\"https:\\\/\\\/www.chordie.com\\\/forum\\\/profile.php?id=2555664\",\"https:\\\/\\\/www.instapaper.com\\\/p\\\/17757966\",\"https:\\\/\\\/www.mapleprimes.com\\\/users\\\/iwellguard\",\"https:\\\/\\\/businesslistingplus.com\\\/profile\\\/iwell-guard\\\/\",\"https:\\\/\\\/telegra.ph\\\/iWell-Guard-06-06\",\"https:\\\/\\\/pbase.com\\\/iwellguard\\\/iwellguard\",\"https:\\\/\\\/b.hatena.ne.jp\\\/iwellguard\\\/20260607#bookmark-4788405196491818882\",\"https:\\\/\\\/fliphtml5.com\\\/home\\\/iwellguard\",\"https:\\\/\\\/anyflip.com\\\/homepage\\\/cmiwl#About\",\"https:\\\/\\\/transfur.com\\\/Users\\\/iwellguard\",\"http:\\\/\\\/delphi.larsbo.org\\\/user\\\/iwellguard\",\"https:\\\/\\\/jobs.lajobsportal.org\\\/profiles\\\/8380803-iwell-guard\",\"https:\\\/\\\/md.chaosdorf.de\\\/s\\\/jfbe5SBdJD\",\"https:\\\/\\\/www.lingvolive.com\\\/en-us\\\/profile\\\/9ecaeaca-ce11-4e51-9e71-01d55e2bff36\\\/translations\",\"https:\\\/\\\/www.fitday.com\\\/fitness\\\/forums\\\/members\\\/iwellguard.html\",\"https:\\\/\\\/www.mymeetbook.com\\\/iwellguard\",\"https:\\\/\\\/pxhere.com\\\/en\\\/photographer-me\\\/5040798\",\"https:\\\/\\\/disqus.com\\\/by\\\/iwellguard\\\/about\\\/\",\"https:\\\/\\\/pastelink.net\\\/hjwciqwq\",\"https:\\\/\\\/pubhtml5.com\\\/homepage\\\/scjhn\\\/\",\"https:\\\/\\\/www.bitchute.com\\\/channel\\\/2O2eOKzNqujT\",\"https:\\\/\\\/audiomack.com\\\/iwellguard\"]}]}<\/script>\n<!-- \/ Yoast SEO Premium plugin. -->","yoast_head_json":{"title":"Rama - Heroi de l'epopeia Ramayana i el compliment del deure","description":"Rama, el set\u00e8 avatara de Vixnu, \u00e9s l'heroi del Ramayana i s\u00edmbol de la reialesa dh\u00e0rmica. La font principal \u00e9s l'epopeia atribu\u00efda a Valmiki.","robots":{"index":"index","follow":"follow","max-snippet":"max-snippet:-1","max-image-preview":"max-image-preview:large","max-video-preview":"max-video-preview:-1"},"canonical":"https:\/\/iwell-guard.com\/ca\/rama-sete-avatara-de-vixnu\/","og_locale":"ca_ES","og_type":"article","og_title":"Rama \u2013 set\u00e8 avatara de Vixnu","og_description":"Rama, el set\u00e8 avatara de Vixnu, \u00e9s l'heroi del Ramayana i s\u00edmbol de la reialesa dh\u00e0rmica. La font principal \u00e9s l'epopeia atribu\u00efda a Valmiki.","og_url":"https:\/\/iwell-guard.com\/ca\/rama-sete-avatara-de-vixnu\/","og_site_name":"iWell Guard","article_modified_time":"2026-09-05T16:07:20+00:00","og_image":[{"width":1024,"height":1536,"url":"https:\/\/iwell-guard.com\/wp-content\/uploads\/2026\/05\/goetter_hinduismus_rama.webp","type":"image\/webp"}],"twitter_card":"summary_large_image","schema":{"@context":"https:\/\/schema.org","@graph":[{"@type":"WebPage","@id":"https:\/\/iwell-guard.com\/ca\/rama-sete-avatara-de-vixnu\/","url":"https:\/\/iwell-guard.com\/ca\/rama-sete-avatara-de-vixnu\/","name":"Rama - Heroi de l'epopeia Ramayana i el compliment del deure","isPartOf":{"@id":"https:\/\/iwell-guard.com\/ca\/#website"},"primaryImageOfPage":{"@id":"https:\/\/iwell-guard.com\/ca\/rama-sete-avatara-de-vixnu\/#primaryimage"},"image":{"@id":"https:\/\/iwell-guard.com\/ca\/rama-sete-avatara-de-vixnu\/#primaryimage"},"thumbnailUrl":"https:\/\/iwell-guard.com\/wp-content\/uploads\/2026\/05\/goetter_hinduismus_rama.webp","datePublished":"2026-09-05T15:42:26+00:00","dateModified":"2026-09-05T16:07:20+00:00","description":"Rama, el set\u00e8 avatara de Vixnu, \u00e9s l'heroi del Ramayana i s\u00edmbol de la reialesa dh\u00e0rmica. La font principal \u00e9s l'epopeia atribu\u00efda a Valmiki.","breadcrumb":{"@id":"https:\/\/iwell-guard.com\/ca\/rama-sete-avatara-de-vixnu\/#breadcrumb"},"inLanguage":"ca","potentialAction":[{"@type":"ReadAction","target":["https:\/\/iwell-guard.com\/ca\/rama-sete-avatara-de-vixnu\/"]}]},{"@type":"ImageObject","inLanguage":"ca","@id":"https:\/\/iwell-guard.com\/ca\/rama-sete-avatara-de-vixnu\/#primaryimage","url":"https:\/\/iwell-guard.com\/wp-content\/uploads\/2026\/05\/goetter_hinduismus_rama.webp","contentUrl":"https:\/\/iwell-guard.com\/wp-content\/uploads\/2026\/05\/goetter_hinduismus_rama.webp","width":1024,"height":1536,"caption":"D\u00e9us de la tradici\u00f3 hind\u00fa."},{"@type":"BreadcrumbList","@id":"https:\/\/iwell-guard.com\/ca\/rama-sete-avatara-de-vixnu\/#breadcrumb","itemListElement":[{"@type":"ListItem","position":1,"name":"Start","item":"https:\/\/iwell-guard.com\/ca\/?page_id=171333"},{"@type":"ListItem","position":2,"name":"Rama \u2013 set\u00e8 avatara de Vixnu"}]},{"@type":"WebSite","@id":"https:\/\/iwell-guard.com\/ca\/#website","url":"https:\/\/iwell-guard.com\/ca\/","name":"iWell Guard","description":"Schutz vor dunklen Einfl\u00fcssen","publisher":{"@id":"https:\/\/iwell-guard.com\/ca\/#organization"},"potentialAction":[{"@type":"SearchAction","target":{"@type":"EntryPoint","urlTemplate":"https:\/\/iwell-guard.com\/ca\/?s={search_term_string}"},"query-input":{"@type":"PropertyValueSpecification","valueRequired":true,"valueName":"search_term_string"}}],"inLanguage":"ca"},{"@type":"Organization","@id":"https:\/\/iwell-guard.com\/ca\/#organization","name":"Ittermann electronic GmbH","url":"https:\/\/iwell-guard.com\/ca\/","logo":{"@type":"ImageObject","inLanguage":"ca","@id":"https:\/\/iwell-guard.com\/ca\/#\/schema\/logo\/image\/","url":"https:\/\/iwell-guard.com\/wp-content\/uploads\/2026\/05\/Ittermann-Logo-1182x237-1.png","contentUrl":"https:\/\/iwell-guard.com\/wp-content\/uploads\/2026\/05\/Ittermann-Logo-1182x237-1.png","width":1182,"height":237,"caption":"Ittermann electronic GmbH"},"image":{"@id":"https:\/\/iwell-guard.com\/ca\/#\/schema\/logo\/image\/"},"sameAs":["https:\/\/pantip.com\/profile\/9367242","https:\/\/micro.blog\/iwellguard","https:\/\/www.diggerslist.com\/iwellguard\/about","https:\/\/skitterphoto.com\/photographers\/2870314\/iwell-guard","https:\/\/iwellguard.wordpress.com\/2026\/06\/06\/iwell-guard\/","https:\/\/hub.docker.com\/u\/iwellguard","https:\/\/www.pinterest.com\/iwellguard\/","https:\/\/bit.ly\/m\/iwellguard","https:\/\/entre-vos-mains.alsace.eu\/profiles\/iwellguard\/activity","https:\/\/gravatar.com\/reallybeded8fd34","https:\/\/naijamatta.com\/iwellguard","https:\/\/www.goodreads.com\/iwellguard","https:\/\/profile.hatena.ne.jp\/iwellguard\/","https:\/\/experiment.com\/users\/iwellguard","https:\/\/wakelet.com\/@iWellGuard82270","https:\/\/www.chordie.com\/forum\/profile.php?id=2555664","https:\/\/www.instapaper.com\/p\/17757966","https:\/\/www.mapleprimes.com\/users\/iwellguard","https:\/\/businesslistingplus.com\/profile\/iwell-guard\/","https:\/\/telegra.ph\/iWell-Guard-06-06","https:\/\/pbase.com\/iwellguard\/iwellguard","https:\/\/b.hatena.ne.jp\/iwellguard\/20260607#bookmark-4788405196491818882","https:\/\/fliphtml5.com\/home\/iwellguard","https:\/\/anyflip.com\/homepage\/cmiwl#About","https:\/\/transfur.com\/Users\/iwellguard","http:\/\/delphi.larsbo.org\/user\/iwellguard","https:\/\/jobs.lajobsportal.org\/profiles\/8380803-iwell-guard","https:\/\/md.chaosdorf.de\/s\/jfbe5SBdJD","https:\/\/www.lingvolive.com\/en-us\/profile\/9ecaeaca-ce11-4e51-9e71-01d55e2bff36\/translations","https:\/\/www.fitday.com\/fitness\/forums\/members\/iwellguard.html","https:\/\/www.mymeetbook.com\/iwellguard","https:\/\/pxhere.com\/en\/photographer-me\/5040798","https:\/\/disqus.com\/by\/iwellguard\/about\/","https:\/\/pastelink.net\/hjwciqwq","https:\/\/pubhtml5.com\/homepage\/scjhn\/","https:\/\/www.bitchute.com\/channel\/2O2eOKzNqujT","https:\/\/audiomack.com\/iwellguard"]}]}},"_links":{"self":[{"href":"https:\/\/iwell-guard.com\/ca\/wp-json\/wp\/v2\/pages\/171792","targetHints":{"allow":["GET"]}}],"collection":[{"href":"https:\/\/iwell-guard.com\/ca\/wp-json\/wp\/v2\/pages"}],"about":[{"href":"https:\/\/iwell-guard.com\/ca\/wp-json\/wp\/v2\/types\/page"}],"author":[{"embeddable":true,"href":"https:\/\/iwell-guard.com\/ca\/wp-json\/wp\/v2\/users\/3"}],"replies":[{"embeddable":true,"href":"https:\/\/iwell-guard.com\/ca\/wp-json\/wp\/v2\/comments?post=171792"}],"version-history":[{"count":0,"href":"https:\/\/iwell-guard.com\/ca\/wp-json\/wp\/v2\/pages\/171792\/revisions"}],"wp:featuredmedia":[{"embeddable":true,"href":"https:\/\/iwell-guard.com\/ca\/wp-json\/wp\/v2\/media\/3378"}],"wp:attachment":[{"href":"https:\/\/iwell-guard.com\/ca\/wp-json\/wp\/v2\/media?parent=171792"}],"wp:term":[{"taxonomy":"category","embeddable":true,"href":"https:\/\/iwell-guard.com\/ca\/wp-json\/wp\/v2\/categories?post=171792"}],"curies":[{"name":"wp","href":"https:\/\/api.w.org\/{rel}","templated":true}]}}