{"id":171788,"date":"2026-09-05T15:42:24","date_gmt":"2026-09-05T15:42:24","guid":{"rendered":"https:\/\/iwell-guard.com\/?page_id=171788"},"modified":"2026-09-05T16:07:15","modified_gmt":"2026-09-05T16:07:15","slug":"utukku-esperits-morts-dimonis-inframon","status":"publish","type":"page","link":"https:\/\/iwell-guard.com\/ca\/utukku-esperits-morts-dimonis-inframon\/","title":{"rendered":"Utukku \u2013 esperits dels morts i dimonis del infram\u00f3n"},"content":{"rendered":"\t\t<div data-elementor-type=\"wp-page\" data-elementor-id=\"171788\" class=\"elementor elementor-171788 elementor-2922 elementor-bc-flex-widget\" data-elementor-post-type=\"page\">\n\t\t\t\t<div class=\"elementor-element elementor-element-heroae1e90b e-flex e-con-boxed e-con e-parent\" data-id=\"heroae1e90b\" data-element_type=\"container\" data-e-type=\"container\">\n\t\t\t\t\t<div class=\"e-con-inner\">\n\t\t\t\t<div class=\"elementor-element elementor-element-heroimg37adfaf iwg-hero-image elementor-widget elementor-widget-image\" data-id=\"heroimg37adfaf\" data-element_type=\"widget\" data-e-type=\"widget\" data-widget_type=\"image.default\">\n\t\t\t\t\t\t\t\t\t\t\t\t\t\t\t<img fetchpriority=\"high\" decoding=\"async\" width=\"683\" height=\"1024\" src=\"https:\/\/iwell-guard.com\/wp-content\/uploads\/2026\/05\/daemonen_mesopotamien_utukku-683x1024.webp\" class=\"attachment-large size-large wp-image-3380\" alt=\"Utukku \u2013 esperits dels morts i dimonis del infram\u00f3n\" srcset=\"https:\/\/iwell-guard.com\/wp-content\/uploads\/2026\/05\/daemonen_mesopotamien_utukku-683x1024.webp 683w, https:\/\/iwell-guard.com\/wp-content\/uploads\/2026\/05\/daemonen_mesopotamien_utukku-200x300.webp 200w, https:\/\/iwell-guard.com\/wp-content\/uploads\/2026\/05\/daemonen_mesopotamien_utukku-768x1152.webp 768w, https:\/\/iwell-guard.com\/wp-content\/uploads\/2026\/05\/daemonen_mesopotamien_utukku.webp 1024w\" sizes=\"(max-width: 683px) 100vw, 683px\" \/>\t\t\t\t\t\t\t\t\t\t\t\t\t\t\t<\/div>\n\t\t\t\t\t<\/div>\n\t\t\t\t<\/div>\n\t\t<div class=\"elementor-element elementor-element-iwgw-utukku-hero e-flex e-con-boxed e-con e-parent\" data-id=\"iwgw-utukku-hero\" data-element_type=\"container\" data-e-type=\"container\">\n\t\t\t\t\t<div class=\"e-con-inner\">\n\t\t\t\t<div class=\"elementor-element elementor-element-iwgw-utukku-h1 elementor-widget elementor-widget-heading\" data-id=\"iwgw-utukku-h1\" data-element_type=\"widget\" data-e-type=\"widget\" data-widget_type=\"heading.default\">\n\t\t\t\t\t<h1 class=\"elementor-heading-title elementor-size-default\">Utukku \u2013 esperits dels morts i dimonis del infram\u00f3n mesopot\u00e0mics<\/h1>\t\t\t\t<\/div>\n\t\t\t\t<div class=\"elementor-element elementor-element-iwgw-utukku-pills elementor-widget elementor-widget-html\" data-id=\"iwgw-utukku-pills\" data-element_type=\"widget\" data-e-type=\"widget\" data-widget_type=\"html.default\">\n\t\t\t\t\t<div class=\"iwg-pill-row\"><span class=\"iwg-klasse-badge\" tabindex=\"0\" data-tooltip=\"Dimoni de la tradici\u00f3 de Mesopot\u00e0mia.\">Dimoni<\/span><a href=\"https:\/\/iwell-guard.com\/ca\/mesopotamia\/\" class=\"iwg-kultur-badge\" tabindex=\"0\" data-tooltip=\"Mitologia de la tradici\u00f3 de Mesopot\u00e0mia.\">Mesopot\u00e0mia<\/a><span class=\"iwg-tradition-badge\" tabindex=\"0\" data-tooltip=\"Esperit dels morts.\">Esperit dels morts<\/span><\/div>\t\t\t\t<\/div>\n\t\t\t\t<div class=\"elementor-element elementor-element-iwgw-utukku-lead elementor-widget elementor-widget-text-editor\" data-id=\"iwgw-utukku-lead\" data-element_type=\"widget\" data-e-type=\"widget\" data-widget_type=\"text-editor.default\">\n\t\t\t\t\t\t\t\t\t<p>Utukku no \u00e9s un \u00e9sser individual, sin\u00f3 una denominaci\u00f3 col\u00b7lectiva per a una classe d&#8217;esperits mesopot\u00e0mics. Es movien entre l&#8217;infram\u00f3n i el m\u00f3n dels vius, eren considerats causants de malaltia i infortuni, i ocupaven un lloc central en una extensa literatura d&#8217;exorcismes.<\/p>\t\t\t\t\t\t\t\t<\/div>\n\t\t\t\t\t<\/div>\n\t\t\t\t<\/div>\n\t\t<div class=\"elementor-element elementor-element-iwgw-utukku-s0 e-flex e-con-boxed e-con e-parent\" data-id=\"iwgw-utukku-s0\" data-element_type=\"container\" data-e-type=\"container\">\n\t\t\t\t\t<div class=\"e-con-inner\">\n\t\t\t\t<div class=\"elementor-element elementor-element-iwgw-utukku-s0h elementor-widget elementor-widget-heading\" data-id=\"iwgw-utukku-s0h\" data-element_type=\"widget\" data-e-type=\"widget\" data-widget_type=\"heading.default\">\n\t\t\t\t\t<h2 class=\"elementor-heading-title elementor-size-default\">Introducci\u00f3<\/h2>\t\t\t\t<\/div>\n\t\t\t\t<div class=\"elementor-element elementor-element-iwgw-utukku-s0t elementor-widget elementor-widget-text-editor\" data-id=\"iwgw-utukku-s0t\" data-element_type=\"widget\" data-e-type=\"widget\" data-widget_type=\"text-editor.default\">\n\t\t\t\t\t\t\t\t\t<p>El terme Utukku pertany al vocabulari de la demonologia mesopot\u00e0mica. No designa una figura \u00fanica i clarament delimitada, sin\u00f3 tota una categoria d&#8217;esperits que van tenir un paper important en els textos de <a href=\"https:\/\/iwell-guard.com\/ca\/mesopotamia\/\">Mesopot\u00e0mia<\/a> durant segles.<\/p><p>Els Utukku podien ser tant \u00e9ssers mal\u00e8vols com, en determinats contextos, \u00e9ssers neutres o protectors, per\u00f2 en la vida religiosa quotidiana predominaven els Utukku perillosos i nocius.<\/p><p>La concepci\u00f3 mesopot\u00e0mica coneixia nombroses classes de dimonis i esperits. A m\u00e9s dels Utukku, hi apareixien \u00e9ssers com els Etemmu, els esperits dels morts en sentit estricte, aix\u00ed com altres grups de dimonis.<\/p><p>Els l\u00edmits entre aquestes categories eren difusos, i els textos no sempre utilitzen els termes de manera estrictament separada. Els Utukku podien entendre&#8217;s com a esperits de difunts que no trobaven rep\u00f2s, per\u00f2 tamb\u00e9 com a pot\u00e8ncies demon\u00edaques aut\u00f2nomes sense origen hum\u00e0.<\/p><p>Des del punt de vista de la hist\u00f2ria de les religions, els Utukku s\u00f3n significatius perqu\u00e8 permeten llegir-hi la concepci\u00f3 mesopot\u00e0mica de la malaltia, l&#8217;infortuni i la mort. El sofriment sovint no s&#8217;interpretava com un fenomen purament corporal, sin\u00f3 com l&#8217;acci\u00f3 de pot\u00e8ncies sobrenaturals. Els Utukku eren un dels \u00e9ssers als quals s&#8217;atribu\u00efa aquesta acci\u00f3.<\/p>\t\t\t\t\t\t\t\t<\/div>\n\t\t\t\t\t<\/div>\n\t\t\t\t<\/div>\n\t\t<div class=\"elementor-element elementor-element-iwgw-utukku-s1 e-flex e-con-boxed e-con e-parent\" data-id=\"iwgw-utukku-s1\" data-element_type=\"container\" data-e-type=\"container\">\n\t\t\t\t\t<div class=\"e-con-inner\">\n\t\t\t\t<div class=\"elementor-element elementor-element-iwgw-utukku-s1h elementor-widget elementor-widget-heading\" data-id=\"iwgw-utukku-s1h\" data-element_type=\"widget\" data-e-type=\"widget\" data-widget_type=\"heading.default\">\n\t\t\t\t\t<h2 class=\"elementor-heading-title elementor-size-default\">Nom i etimologia<\/h2>\t\t\t\t<\/div>\n\t\t\t\t<div class=\"elementor-element elementor-element-iwgw-utukku-s1t elementor-widget elementor-widget-text-editor\" data-id=\"iwgw-utukku-s1t\" data-element_type=\"widget\" data-e-type=\"widget\" data-widget_type=\"text-editor.default\">\n\t\t\t\t\t\t\t\t\t<p>El terme est\u00e0 documentat en sumeri com <em>udug<\/em> i va ser adoptat en accadi com Utukku. El significat original exacte del mot sumeri no est\u00e0 del tot aclarit. Designa de manera general un esperit o un <span class=\"iwg-fachbegriff\" data-tooltip=\"\u00c9sser espiritual al qual s'atribueix un efecte nociu o ambivalent.\" tabindex=\"0\">dimoni<\/span> i pot referir-se, segons el context, a \u00e9ssers molt diferents.<\/p><p>\u00c9s caracter\u00edstic que la paraula rarament apareix sola. En els textos sol anar acompanyada d&#8217;un afegit que la precisa. La variant mal\u00e8vola es diu en accadi Utukku Lemnu, \u00e9s a dir, Utukku dolent.<\/p><p>En canvi, un Utukku tamb\u00e9 podia ser qualificat de favorable o protector. Aquesta dualitat mostra que el terme designa en primer lloc un tipus d&#8217;\u00e9sser, l&#8217;orientaci\u00f3 moral del qual nom\u00e9s queda fixada mitjan\u00e7ant l&#8217;ep\u00edtet.<\/p><p>En la literatura acad\u00e8mica, Utukku de vegades es tradueix gen\u00e8ricament per <span class=\"iwg-fachbegriff\" data-tooltip=\"\u00c9sser espiritual al qual s'atribueix un efecte nociu o ambivalent.\" tabindex=\"0\">dimoni<\/span> o <span class=\"iwg-fachbegriff\" data-tooltip=\"Un \u00e9sser sense cos al qual s'atribueix acci\u00f3 en el m\u00f3n.\" tabindex=\"0\">esperit<\/span>. Aquestes traduccions s\u00f3n aproximacions, ja que el concepte mesopot\u00e0mic no coincideix exactament amb les nocions modernes de dimoni. El plural, que designa tot un grup d&#8217;aquests \u00e9ssers, t\u00e9 un paper especial en els textos d&#8217;exorcisme.<\/p>\t\t\t\t\t\t\t\t<\/div>\n\t\t\t\t\t<\/div>\n\t\t\t\t<\/div>\n\t\t<div class=\"elementor-element elementor-element-iwgw-utukku-s2 e-flex e-con-boxed e-con e-parent\" data-id=\"iwgw-utukku-s2\" data-element_type=\"container\" data-e-type=\"container\">\n\t\t\t\t\t<div class=\"e-con-inner\">\n\t\t\t\t<div class=\"elementor-element elementor-element-iwgw-utukku-s2h elementor-widget elementor-widget-heading\" data-id=\"iwgw-utukku-s2h\" data-element_type=\"widget\" data-e-type=\"widget\" data-widget_type=\"heading.default\">\n\t\t\t\t\t<h2 class=\"elementor-heading-title elementor-size-default\">Descripci\u00f3 i iconografia<\/h2>\t\t\t\t<\/div>\n\t\t\t\t<div class=\"elementor-element elementor-element-iwgw-utukku-s2t elementor-widget elementor-widget-text-editor\" data-id=\"iwgw-utukku-s2t\" data-element_type=\"widget\" data-e-type=\"widget\" data-widget_type=\"text-editor.default\">\n\t\t\t\t\t\t\t\t\t<p>Els Utukku s&#8217;escapen d&#8217;una representaci\u00f3 visual fixa, precisament perqu\u00e8 es tracta d&#8217;una categoria col\u00b7lectiva. A difer\u00e8ncia de la dimoniessa <a href=\"https:\/\/iwell-guard.com\/ca\/lamashtu\/\">Lamashtu<\/a> o del <span class=\"iwg-fachbegriff\" data-tooltip=\"\u00c9sser espiritual al qual s'atribueix un efecte nociu o ambivalent.\" tabindex=\"0\">dimoni<\/span> <a href=\"https:\/\/iwell-guard.com\/ca\/pazuzu\/\">Pazuzu<\/a>, que en l&#8217;art s\u00f3n identificables mitjan\u00e7ant figures h\u00edbrides clarament reconeixibles, els Utukku van romandre, per norma general, sense una imatge canonitzada de manera un\u00edvoca.<\/p><p>Els textos els descriuen sovint com a inquietants, informes o ombr\u00edvols. Poden habitar el desert, llocs abandonats, ru\u00efnes o l&#8217;\u00e0mbit de les tombes.<\/p><p>Algunes tradicions els descriuen com a \u00e9ssers que apareixen en la penombra, es lliscen al llarg de les parets o romanen a les portes i els llindars. La seva amena\u00e7a rau precisament en la seva inaprehensibilitat. S\u00f3n a tot arreu i enlloc, penetren sense ser vistos a les cases i als cossos.<\/p><p>Quan els textos descriuen amb m\u00e9s concreci\u00f3 alguns Utukku mal\u00e8vols en particular, en subratllen el car\u00e0cter ferotge i implacable. Se&#8217;ls compara amb vents de tempesta, amb b\u00e8sties feroces o amb el fred de la mort.<\/p><p>Aquestes imatges transmeten la impressi\u00f3 d&#8217;una for\u00e7a que irromp, agafa i no deixa anar. L&#8217;abs\u00e8ncia d&#8217;una iconografia fixa subratlla, des del punt de vista de la hist\u00f2ria de les religions, que els Utukku es concebien menys com a figures visuals que com una amena\u00e7a experimentada.<\/p>\t\t\t\t\t\t\t\t<\/div>\n\t\t\t\t\t<\/div>\n\t\t\t\t<\/div>\n\t\t<div class=\"elementor-element elementor-element-iwgw-utukku-s3 e-flex e-con-boxed e-con e-parent\" data-id=\"iwgw-utukku-s3\" data-element_type=\"container\" data-e-type=\"container\">\n\t\t\t\t\t<div class=\"e-con-inner\">\n\t\t\t\t<div class=\"elementor-element elementor-element-iwgw-utukku-s3h elementor-widget elementor-widget-heading\" data-id=\"iwgw-utukku-s3h\" data-element_type=\"widget\" data-e-type=\"widget\" data-widget_type=\"heading.default\">\n\t\t\t\t\t<h2 class=\"elementor-heading-title elementor-size-default\">Relats mitol\u00f2gics<\/h2>\t\t\t\t<\/div>\n\t\t\t\t<div class=\"elementor-element elementor-element-iwgw-utukku-s3t elementor-widget elementor-widget-text-editor\" data-id=\"iwgw-utukku-s3t\" data-element_type=\"widget\" data-e-type=\"widget\" data-widget_type=\"text-editor.default\">\n\t\t\t\t\t\t\t\t\t<p>A difer\u00e8ncia dels grans d\u00e9us, els Utukku no ocupen el centre de mites propis amb acci\u00f3 i fil narratiu. Apareixen m\u00e9s b\u00e9 en els textos d&#8217;exorcisme i ritual, els quals contenen ells mateixos una forma pr\u00f2pia de narraci\u00f3 m\u00edtica. Aquests textos sovint descriuen l&#8217;origen dels dimonis, les seves caracter\u00edstiques i el seu actuar perjudicial, amb el prop\u00f2sit de sotmetre&#8217;ls al control ritual.<\/p><p>La font m\u00e9s important \u00e9s la gran s\u00e8rie d&#8217;exorcismes coneguda en la recerca com Utukku Lemnutu, \u00e9s a dir, els Utukku malignes. Es tracta d&#8217;una extensa col\u00b7lecci\u00f3 d&#8217;exorcismes distribu\u00efda en moltes tauletes.<\/p><p>Aquesta s\u00e8rie es va transmetre, copiar i comentar durant molt de temps. Cont\u00e9 descripcions de com els dimonis pugen del m\u00f3n subterrani, com recorren la terra i com ataquen les persones.<\/p><p>Una imatge recurrent \u00e9s la dels Set, un grup d&#8217;\u00e9ssers demon\u00edacs especialment temuts, que no coneixen ni vergonya ni pietat, que no s\u00f3n ni masculins ni femenins i que travessen la terra com una tempesta. Aquests Set de vegades es relacionen amb els Utukku i es consideren missatgers que executen la desgr\u00e0cia.<\/p><p>Caracter\u00edstica d&#8217;aquests textos \u00e9s la constel\u00b7laci\u00f3 entre l&#8217;\u00e9sser hum\u00e0, el <span class=\"iwg-fachbegriff\" data-tooltip=\"\u00c9sser espiritual al qual s'atribueix un efecte perjudicial o ambivalent.\" tabindex=\"0\">dimoni<\/span> i el d\u00e9u. La persona atacada per un Utukku es troba desemparada. El sacerdot exorcista actua com a mediador i invoca els d\u00e9us, sobretot Enki, el d\u00e9u de la saviesa, i el seu fill, el d\u00e9u dels exorcismes.<\/p><p>En un patr\u00f3 narratiu freq\u00fcent, el fill, sense sortida, s&#8217;adre\u00e7a al seu pare Enki, i aquest li transmet el coneixement efica\u00e7, de manera que la curaci\u00f3 apareix com una transmissi\u00f3 de la saviesa divina.<\/p><p>Amb l&#8217;autoritat dels d\u00e9us, s&#8217;ordena al <span class=\"iwg-fachbegriff\" data-tooltip=\"\u00c9sser espiritual al qual s'atribueix un efecte perjudicial o ambivalent.\" tabindex=\"0\">dimoni<\/span> que abandoni la persona i torni al m\u00f3n subterrani. Aquesta narraci\u00f3 ritual es repeteix en m\u00faltiples variants i constitueix el nucli de l&#8217;enfrontament mesopot\u00e0mic amb els Utukku.<\/p><p>Alguns textos relacionen tamb\u00e9 els Utukku amb els morts sense enterrar o els descuidats. Qui no havia rebut un enterrament digne o el culte funerari del qual havia estat negligit podia tornar com un <span class=\"iwg-fachbegriff\" data-tooltip=\"Un \u00e9sser incorpori al qual s'atribueix efecte en el m\u00f3n.\" tabindex=\"0\">esperit<\/span> desassossegat i assetjar els vius.<\/p><p>Una mort violenta, morir lluny de la terra pr\u00f2pia o l&#8217;abs\u00e8ncia de descendents que mantinguessin el culte funerari tamb\u00e9 es consideraven motius del desassossec d&#8217;un esperit. En aquesta interpretaci\u00f3, els Utukku estan estretament vinculats a la concepci\u00f3 mesopot\u00e0mica de la relaci\u00f3 entre els vius i els seus morts.<\/p>\t\t\t\t\t\t\t\t<\/div>\n\t\t\t\t\t<\/div>\n\t\t\t\t<\/div>\n\t\t<div class=\"elementor-element elementor-element-iwgw-utukku-s4 e-flex e-con-boxed e-con e-parent\" data-id=\"iwgw-utukku-s4\" data-element_type=\"container\" data-e-type=\"container\">\n\t\t\t\t\t<div class=\"e-con-inner\">\n\t\t\t\t<div class=\"elementor-element elementor-element-iwgw-utukku-s4h elementor-widget elementor-widget-heading\" data-id=\"iwgw-utukku-s4h\" data-element_type=\"widget\" data-e-type=\"widget\" data-widget_type=\"heading.default\">\n\t\t\t\t\t<h2 class=\"elementor-heading-title elementor-size-default\">Culte i veneraci\u00f3<\/h2>\t\t\t\t<\/div>\n\t\t\t\t<div class=\"elementor-element elementor-element-iwgw-utukku-s4t elementor-widget elementor-widget-text-editor\" data-id=\"iwgw-utukku-s4t\" data-element_type=\"widget\" data-e-type=\"widget\" data-widget_type=\"text-editor.default\">\n\t\t\t\t\t\t\t\t\t<p>Com que els Utukku malignes es consideraven poders perjudicials, no existia cap <span class=\"iwg-fachbegriff\" data-tooltip=\"El conjunt de les accions religioses de veneraci\u00f3 cap a una divinitat o figura sagrada.\" tabindex=\"0\">culte<\/span> en el sentit d&#8217;una veneraci\u00f3. No se&#8217;ls erigien <span class=\"iwg-fachbegriff\" data-tooltip=\"Una construcci\u00f3 destinada a la veneraci\u00f3 d'una o diverses divinitats.\" tabindex=\"0\">temples<\/span> ni se&#8217;ls oferien <span class=\"iwg-fachbegriff\" data-tooltip=\"Ofrena a una divinitat per expressar gratitud, petici\u00f3 o veneraci\u00f3.\" tabindex=\"0\">ofrenes<\/span> regulars, com era habitual amb els d\u00e9us. El tracte religi\u00f3s amb els Utukku consistia m\u00e9s b\u00e9 en la defensa, la conjuraci\u00f3 i l&#8217;expulsi\u00f3.<\/p><p>L&#8217;actor central era el sacerdot exorcista, anomenat aschipu en accadi. Disposava del coneixement necessari i dels textos rituals. Aquest especialista realitzava rituals de purificaci\u00f3 i defensa, recitava els exorcismes, executava accions simb\u00f2liques i, si calia, elaborava petites figures d&#8217;argila, cera o pasta que representaven el <span class=\"iwg-fachbegriff\" data-tooltip=\"\u00c9sser espiritual al qual s'atribueix un efecte perjudicial o ambivalent.\" tabindex=\"0\">dimoni<\/span> i eren neutralitzades.<\/p><p>A m\u00e9s de l&#8217;aschipu, tamb\u00e9 es podia rec\u00f3rrer a l&#8217;aschu, una mena de guaridor, que treballava m\u00e9s b\u00e9 amb plantes i subst\u00e0ncies. Sovint els dos especialistes actuaven conjuntament, de manera que el tractament d&#8217;una persona atacada per un Utukku combinava la paraula pronunciada, l&#8217;acci\u00f3 simb\u00f2lica i els mitjans materials.<\/p><p>Dins d&#8217;aquest sistema, els grans d\u00e9us tenien un paper important, no com a destinataris d&#8217;un culte als Utukku, sin\u00f3 com a poders l&#8217;autoritat dels quals s&#8217;invocava contra els dimonis.<\/p><p>Shamash com a d\u00e9u del dret, Enki com a d\u00e9u de la saviesa i el seu fill, el d\u00e9u dels exorcismes, eren invocats amb especial freq\u00fc\u00e8ncia. En els exorcismes, el sacerdot actua expl\u00edcitament com a missatger o enviat d&#8217;aquests d\u00e9us, de manera que no ell mateix, sin\u00f3 el poder div\u00ed, \u00e9s qui expulsa el <span class=\"iwg-fachbegriff\" data-tooltip=\"\u00c9sser espiritual al qual s'atribueix un efecte perjudicial o ambivalent.\" tabindex=\"0\">dimoni<\/span>.<\/p><p>El culte funerari pels propis morts es pot entendre tamb\u00e9, en aquest context, com una mesura preventiva, ja que un culte funerari ben mantingut, amb ofrenes regulars d&#8217;aigua i menjar, impedia que un difunt es convert\u00eds en un <span class=\"iwg-fachbegriff\" data-tooltip=\"Un \u00e9sser incorpori al qual s'atribueix efecte en el m\u00f3n.\" tabindex=\"0\">esperit<\/span> desassossegat i perjudicial. La neglig\u00e8ncia d&#8217;aquests deures es considerava una de les causes principals que feien que els esperits arribessin a assetjar els vius.<\/p>\t\t\t\t\t\t\t\t<\/div>\n\t\t\t\t\t<\/div>\n\t\t\t\t<\/div>\n\t\t<div class=\"elementor-element elementor-element-iwgw-utukku-s5 e-flex e-con-boxed e-con e-parent\" data-id=\"iwgw-utukku-s5\" data-element_type=\"container\" data-e-type=\"container\">\n\t\t\t\t\t<div class=\"e-con-inner\">\n\t\t\t\t<div class=\"elementor-element elementor-element-iwgw-utukku-s5h elementor-widget elementor-widget-heading\" data-id=\"iwgw-utukku-s5h\" data-element_type=\"widget\" data-e-type=\"widget\" data-widget_type=\"heading.default\">\n\t\t\t\t\t<h2 class=\"elementor-heading-title elementor-size-default\">Pr\u00e0ctica de protecci\u00f3 i elements apotropaics<\/h2>\t\t\t\t<\/div>\n\t\t\t\t<div class=\"elementor-element elementor-element-iwgw-utukku-s5t elementor-widget elementor-widget-text-editor\" data-id=\"iwgw-utukku-s5t\" data-element_type=\"widget\" data-e-type=\"widget\" data-widget_type=\"text-editor.default\">\n\t\t\t\t\t\t\t\t\t<p>La protecci\u00f3 contra els Utukku era una de les tasques m\u00e9s importants de la pr\u00e0ctica ritual mesopot\u00e0mica. La s\u00e8rie d&#8217;encanteris Utukku Lemnutu era l&#8217;eina m\u00e9s extensa d&#8217;aquesta defensa. Els seus encanteris solen seguir una estructura fixa.<\/p><p>Primer es nomenen els dimonis i es descriu la seva amena\u00e7a, despr\u00e9s s&#8217;invoquen els d\u00e9us i finalment s&#8217;ordena al <span class=\"iwg-fachbegriff\" data-tooltip=\"\u00c9sser espiritual al qual s'atribueix un efecte nociu o ambivalent.\" tabindex=\"0\">dimoni<\/span> que es retiri i torni al m\u00f3n subterrani.<\/p><p>Entre les mesures apotropaiques hi havia rituals de purificaci\u00f3 amb aigua, foc i determinades subst\u00e0ncies. Sovint es fabricaven figures substitut\u00f2ries que representaven el <span class=\"iwg-fachbegriff\" data-tooltip=\"\u00c9sser espiritual al qual s'atribueix un efecte nociu o ambivalent.\" tabindex=\"0\">dimoni<\/span> o el pacient. Mitjan\u00e7ant accions rituals sobre aquestes figures, es pretenia conjurar, cremar o expulsar el mal. Tamb\u00e9 amulets i objectes inscrits podien servir de protecci\u00f3.<\/p><p>Tamb\u00e9 era important mantenir l&#8217;ordre a la llar i en la relaci\u00f3 amb els morts. Les tombes descuidades, els llindars pertorbats i els llocs impurs es consideraven portes d&#8217;entrada per als Utukku. Qui seguia les regles rituals, mantenia el culte als morts i, en cas de malaltia, recorria al sacerdot exorcista, buscava aix\u00ed protegir-se dels dimonis.<\/p><p>L&#8217;estudi cient\u00edfic ent\u00e9n aquestes pr\u00e0ctiques com a part d&#8217;una cosmovisi\u00f3 coherent, dins de la qual la malaltia i la desgr\u00e0cia esdevenien explicables i, per tant, tamb\u00e9 tractables. No s&#8217;afirma amb aix\u00f2 una efic\u00e0cia en sentit m\u00e8dic modern.<\/p>\t\t\t\t\t\t\t\t<\/div>\n\t\t\t\t\t<\/div>\n\t\t\t\t<\/div>\n\t\t<div class=\"elementor-element elementor-element-iwgw-utukku-s6 e-flex e-con-boxed e-con e-parent\" data-id=\"iwgw-utukku-s6\" data-element_type=\"container\" data-e-type=\"container\">\n\t\t\t\t\t<div class=\"e-con-inner\">\n\t\t\t\t<div class=\"elementor-element elementor-element-iwgw-utukku-s6h elementor-widget elementor-widget-heading\" data-id=\"iwgw-utukku-s6h\" data-element_type=\"widget\" data-e-type=\"widget\" data-widget_type=\"heading.default\">\n\t\t\t\t\t<h2 class=\"elementor-heading-title elementor-size-default\">Paral\u00b7lelismes en altres cultures<\/h2>\t\t\t\t<\/div>\n\t\t\t\t<div class=\"elementor-element elementor-element-iwgw-utukku-s6t elementor-widget elementor-widget-text-editor\" data-id=\"iwgw-utukku-s6t\" data-element_type=\"widget\" data-e-type=\"widget\" data-widget_type=\"text-editor.default\">\n\t\t\t\t\t\t\t\t\t<p>Les creences en esperits dels morts sense rep\u00f2s i dimonis portadors de malaltia s\u00f3n comunes a moltes cultures. Dins del Pr\u00f2xim Orient antic es poden tra\u00e7ar vincles amb la demonologia sem\u00edtica occidental i, m\u00e9s tard, amb la demonologia jueva, on apareixen conceptes similars d&#8217;esperits i forces impures.<\/p><p>La literatura d&#8217;encanteris mesopot\u00e0mica ha rebut atenci\u00f3 en la recerca com a rerefons de tradicions d&#8217;encanteris posteriors, per exemple en la tradici\u00f3 de les copes m\u00e0giques aramees de l&#8217;<span class=\"iwg-fachbegriff\" data-tooltip=\"\u00c8poca de transici\u00f3 entre l'Antiguitat i l'edat mitjana, aproximadament del segle III al VII.\" tabindex=\"0\">Antiguitat tardana<\/span>, en la qual els dimonis tamb\u00e9 es nomenen i es conjuren.<\/p><p>Comparable a nivell estructural \u00e9s la idea de que la malaltia sorgeix de la intrusi\u00f3 d&#8217;un \u00e9sser espiritual estrany i que pot guarir-se mitjan\u00e7ant l&#8217;expulsi\u00f3 ritual. Aquests conceptes apareixen en nombrosos sistemes de curaci\u00f3 premoderns.<\/p><p>Tamb\u00e9 el <span class=\"iwg-fachbegriff\" data-tooltip=\"Un element tem\u00e0tic recurrent en l'art o la narrativa.\" tabindex=\"0\">motiu<\/span> del difunt sense enterrar que torna com a <span class=\"iwg-fachbegriff\" data-tooltip=\"\u00c9sser incorpori al qual s'atribueix efecte en el m\u00f3n.\" tabindex=\"0\">esperit<\/span> \u00e9s molt est\u00e8s i apareix, per exemple, en l&#8217;imaginari grec i rom\u00e0, on els esperits dels morts es consideraven inquiets quan l&#8217;enterrament era descurat i calia aplacar-los mitjan\u00e7ant rituals propis.<\/p><p>Malgrat totes aquestes semblances, cal ser prudents. Els Utukku estan integrats en un sistema espec\u00edficament mesopot\u00e0mic, que t\u00e9 els seus propis d\u00e9us, la seva pr\u00f2pia concepci\u00f3 del m\u00f3n subterrani i la seva pr\u00f2pia tradici\u00f3 ritual.<\/p><p>Els paral\u00b7lelismes s&#8217;han d&#8217;entendre, doncs, com un parentiu tipol\u00f2gic, no com una simple equiparaci\u00f3. La recerca comparada en religions els utilitza per descriure patrons generals en la manera d&#8217;afrontar la malaltia, la mort i les forces invisibles.<\/p>\t\t\t\t\t\t\t\t<\/div>\n\t\t\t\t\t<\/div>\n\t\t\t\t<\/div>\n\t\t<div class=\"elementor-element elementor-element-iwgw-utukku-s7 e-flex e-con-boxed e-con e-parent\" data-id=\"iwgw-utukku-s7\" data-element_type=\"container\" data-e-type=\"container\">\n\t\t\t\t\t<div class=\"e-con-inner\">\n\t\t\t\t<div class=\"elementor-element elementor-element-iwgw-utukku-s7h elementor-widget elementor-widget-heading\" data-id=\"iwgw-utukku-s7h\" data-element_type=\"widget\" data-e-type=\"widget\" data-widget_type=\"heading.default\">\n\t\t\t\t\t<h2 class=\"elementor-heading-title elementor-size-default\">Recepci\u00f3 i investigaci\u00f3 actuals<\/h2>\t\t\t\t<\/div>\n\t\t\t\t<div class=\"elementor-element elementor-element-iwgw-utukku-s7t elementor-widget elementor-widget-text-editor\" data-id=\"iwgw-utukku-s7t\" data-element_type=\"widget\" data-e-type=\"widget\" data-widget_type=\"text-editor.default\">\n\t\t\t\t\t\t\t\t\t<p>Els Utukku han esdevingut coneguts principalment gr\u00e0cies a l&#8217;estudi cient\u00edfic de la s\u00e8rie d&#8217;exorcismes Utukku Lemnutu. Aquesta s\u00e8rie ha estat reconstru\u00efda, editada i tradu\u00efda a partir de nombroses tauletes cune\u00efformes. Moltes d&#8217;aquestes tauletes provenen de la biblioteca del rei assiri Assurbanipal a N\u00ednive, i d&#8217;altres troballes textuals m\u00e9s antigues que es remunten al segon mil\u00b7lenni.<\/p><p>El treball amb aquests textos \u00e9s exigent, ja que la s\u00e8rie s&#8217;ha transm\u00e8s al llarg de per\u00edodes molt llargs i existeix en diverses versions, algunes amb passatges biling\u00fces sumeri-accadi, en qu\u00e8 l&#8217;<span class=\"iwg-fachbegriff\" data-tooltip=\"Un ritual ling\u00fc\u00edstic destinat a invocar o vincular un poder.\" tabindex=\"0\">exorcisme<\/span> sumeri va acompanyat, l\u00ednia per l\u00ednia, d&#8217;una traducci\u00f3 acc\u00e0dia.<\/p><p>Un resultat important de la recerca \u00e9s la constataci\u00f3 que la demonologia mesopot\u00e0mica no era una <span class=\"iwg-fachbegriff\" data-tooltip=\"Creences i costums religiosos estesos en la vida quotidiana.\" tabindex=\"0\">creen\u00e7a popular<\/span> desordenada, sin\u00f3 un sistema erudit transm\u00e8s per escrit. Termes com Utukku, Etemmu o Alu formaven part d&#8217;un llenguatge especialitzat que s&#8217;ensenyava a les escoles d&#8217;escribes. La recerca debat fins a quin punt aquestes categories estaven clarament delimitades i fins a quin punt se superposaven.<\/p><p>La recerca s&#8217;interessa especialment per la concepci\u00f3 mesopot\u00e0mica de la malaltia, la curaci\u00f3 i el paper del sacerdot exorcista.<\/p><p>A trav\u00e9s dels textos sobre els Utukku es pot estudiar com estaven \u00edntimament entrella\u00e7ades la interpretaci\u00f3 religiosa, la pr\u00e0ctica ritual i el que es podria anomenar una medicina primerenca. Els sacerdots exorcistes disposaven d&#8217;un extens coneixement textual, recopilat a les biblioteques erudites del primer mil\u00b7lenni.<\/p><p>En la recepci\u00f3 popular, el terme Utukku s&#8217;ha utilitzat de vegades per designar els dimonis mesopot\u00e0mics en general, sovint sense una refer\u00e8ncia precisa a les fonts.<\/p><p>Un estudi rigor\u00f3s dels Utukku es basa en les edicions cr\u00edtiques dels textos d&#8217;exorcisme i en la literatura assiriol\u00f2gica especialitzada, que situa aquests \u00e9ssers en el seu context hist\u00f2ric i religi\u00f3s. Aquest estudi mostra els Utukku com a part integrant d&#8217;una demonologia molt diferenciada que va marcar la comprensi\u00f3 mesopot\u00e0mica del m\u00f3n i del patiment.<\/p>\t\t\t\t\t\t\t\t<\/div>\n\t\t\t\t\t<\/div>\n\t\t\t\t<\/div>\n\t\t<div class=\"elementor-element elementor-element-iwgw-utukku-lit e-flex e-con-boxed e-con e-parent\" data-id=\"iwgw-utukku-lit\" data-element_type=\"container\" data-e-type=\"container\">\n\t\t\t\t\t<div class=\"e-con-inner\">\n\t\t\t\t<div class=\"elementor-element elementor-element-iwgw-utukku-lith elementor-widget elementor-widget-heading\" data-id=\"iwgw-utukku-lith\" data-element_type=\"widget\" data-e-type=\"widget\" data-widget_type=\"heading.default\">\n\t\t\t\t\t<h2 class=\"elementor-heading-title elementor-size-default\">Bibliografia (selecci\u00f3)<\/h2>\t\t\t\t<\/div>\n\t\t\t\t<div class=\"elementor-element elementor-element-iwgw-utukku-litt elementor-widget elementor-widget-text-editor\" data-id=\"iwgw-utukku-litt\" data-element_type=\"widget\" data-e-type=\"widget\" data-widget_type=\"text-editor.default\">\n\t\t\t\t\t\t\t\t\t<ul><li>Markham J. Geller: <em>Evil Demons. Canonical Utukk\u016b Lemn\u016btu Incantations<\/em> (2007)<\/li><li><span data-nosnippet>Jeremy Black, Anthony Green: <em>Gods, Demons and Symbols of Ancient Mesopotamia<\/em> (1992)<\/span><\/li><li>Walter Farber: <em>Lama\u0161tu. An Edition of the Canonical Series of Lama\u0161tu Incantations<\/em> (2014)<\/li><li>Jean Bott\u00e9ro: <em>Die \u00e4lteste Religion. Mesopotamien<\/em> (2001)<\/li><li>Frans A. M. Wiggermann: <em>Mesopotamian Protective Spirits<\/em> (1992)<\/li><\/ul>\t\t\t\t\t\t\t\t<\/div>\n\t\t\t\t\t<\/div>\n\t\t\t\t<\/div>\n\t\t<div class=\"elementor-element elementor-element-iwgkw2-add-utukku e-flex e-con-boxed e-con e-parent\" data-id=\"iwgkw2-add-utukku\" data-element_type=\"container\" data-e-type=\"container\">\n\t\t\t\t\t<div class=\"e-con-inner\">\n\t\t\t\t<div class=\"elementor-element elementor-element-iwgkw2-add-utukku-t elementor-widget elementor-widget-text-editor\" data-id=\"iwgkw2-add-utukku-t\" data-element_type=\"widget\" data-e-type=\"widget\" data-widget_type=\"text-editor.default\">\n\t\t\t\t\t\t\t\t\t<p>Els Utukku es compten, en la literatura d&#8217;encanteris acc\u00e0dia, entre els temuts <em>dimonis del m\u00f3n subterrani<\/em>, que com a esperits dels morts sense rep\u00f2s podien portar malaltia i desgr\u00e0cia als vius; la font central \u00e9s la s\u00e8rie Utukku Lemnutu.<\/p>\t\t\t\t\t\t\t\t<\/div>\n\t\t\t\t\t<\/div>\n\t\t\t\t<\/div>\n\t\t<div class=\"elementor-element elementor-element-iwgw-utukku-kwd e-flex e-con-boxed e-con e-parent\" data-id=\"iwgw-utukku-kwd\" data-element_type=\"container\" data-e-type=\"container\">\n\t\t\t\t\t<div class=\"e-con-inner\">\n\t\t\t\t<div class=\"elementor-element elementor-element-iwgw-utukku-kwdt elementor-widget elementor-widget-text-editor\" data-id=\"iwgw-utukku-kwdt\" data-element_type=\"widget\" data-e-type=\"widget\" data-widget_type=\"text-editor.default\">\n\t\t\t\t\t\t\t\t\t<p><em>Termes clau relacionats: Utukku Lemnutu udug s\u00e8rie d&#8217;encanteris esperit dels morts Etemmu sacerdot exorcista m\u00f3n subterrani.<\/em><\/p>\t\t\t\t\t\t\t\t<\/div>\n\t\t\t\t\t<\/div>\n\t\t\t\t<\/div>\n\t\t<div class=\"elementor-element elementor-element-iwgw-utukku-cc e-flex e-con-boxed e-con e-parent\" data-id=\"iwgw-utukku-cc\" data-element_type=\"container\" data-e-type=\"container\" id=\"iwg-cc-utukku\">\n\t\t\t\t\t<div class=\"e-con-inner\">\n\t\t<div class=\"elementor-element elementor-element-iwgw-utukku-ccinner e-flex e-con-boxed e-con e-parent\" data-id=\"iwgw-utukku-ccinner\" data-element_type=\"container\" data-e-type=\"container\" data-settings=\"{&quot;background_background&quot;:&quot;classic&quot;}\">\n\t\t\t\t\t<div class=\"e-con-inner\">\n\t\t\t\t<div class=\"elementor-element elementor-element-iwgw-utukku-cch elementor-widget elementor-widget-heading\" data-id=\"iwgw-utukku-cch\" data-element_type=\"widget\" data-e-type=\"widget\" data-widget_type=\"heading.default\">\n\t\t\t\t\t<h2 class=\"elementor-heading-title elementor-size-default\">iWell Guard i tradicions de protecci\u00f3<\/h2>\t\t\t\t<\/div>\n\t\t\t\t<div class=\"elementor-element elementor-element-iwgw-utukku-cct elementor-widget elementor-widget-text-editor\" data-id=\"iwgw-utukku-cct\" data-element_type=\"widget\" data-e-type=\"widget\" data-widget_type=\"text-editor.default\">\n\t\t\t\t\t\t\t\t\t<div data-nosnippet=\"true\"><p>iWell Guard s&#8217;inspira en la tradici\u00f3 cultural i hist\u00f2rica dels objectes de protecci\u00f3 portables, seguint la tradici\u00f3 de <a href=\"https:\/\/iwell-guard.com\/ca\/mesopotamia\/\">Mesopot\u00e0mia<\/a> i de moltes altres cultures d&#8217;arreu del m\u00f3n. 41 nivells, or aut\u00e8ntic, plat\u00ed, plata, fabricat a Alemanya. Dret de devoluci\u00f3 de 30 dies.<\/p><\/div>\t\t\t\t\t\t\t\t<\/div>\n\t\t\t\t<div class=\"elementor-element elementor-element-iwgw-utukku-ccb iwg-cc-button iwg-cc-cta-2026-05-13 elementor-widget elementor-widget-jet-button\" data-id=\"iwgw-utukku-ccb\" data-element_type=\"widget\" data-e-type=\"widget\" data-widget_type=\"jet-button.default\">\n\t\t\t\t<div class=\"elementor-widget-container\">\n\t\t\t\t\t<div class=\"elementor-jet-button jet-elements\"><div class=\"jet-button__container\"><a class=\"jet-button__instance jet-button__instance--icon-left hover-effect-1\" href=\"\/ueber-iwell-guard\/?utm_source=iwell-guard.com&amp;utm_medium=info-box&amp;utm_campaign=wesen-tradition\"><div class=\"jet-button__plane jet-button__plane-normal\"><\/div><div class=\"jet-button__plane jet-button__plane-hover\"><\/div><div class=\"jet-button__state jet-button__state-normal\"><span class=\"jet-button__label\">M\u00e9s informaci\u00f3 sobre l'iWell Guard<\/span><\/div><div class=\"jet-button__state jet-button__state-hover\"><span class=\"jet-button__label\">M\u00e9s informaci\u00f3 sobre l'iWell Guard<\/span><\/div><\/a><\/div><\/div><style>.elementor-element.elementor-element-iwgw-utukku-ccb .jet-button__instance{width:320px;height:56px;}.elementor-element.elementor-element-iwgw-utukku-ccb .jet-button__state-normal .jet-button__label{text-align:center;margin:0px 0px 0px 0px;color:#1a1b20;font-family:Montserrat,sans-serif;font-size:13px;font-weight:400;letter-spacing:4px;line-height:1.714em;text-transform:uppercase;}.elementor-element.elementor-element-iwgw-utukku-ccb .jet-button__state-hover .jet-button__label{text-align:center;margin:0px 0px 0px 0px;color:#FECC76;font-family:Montserrat,sans-serif;font-size:13px;font-weight:400;letter-spacing:4px;line-height:1.714em;text-transform:uppercase;}.elementor-element.elementor-element-iwgw-utukku-ccb .jet-button__plane-normal{background-color:#FECC76;border-style:solid;border-color:#C99540;border-width:2px 2px 2px 2px;}.elementor-element.elementor-element-iwgw-utukku-ccb .jet-button__plane-hover{background-color:rgba(0,0,0,0.55);border-style:solid;border-color:#FECC76;border-width:2px 2px 2px 2px;}<\/style>\t\t\t\t<\/div>\n\t\t\t\t<\/div>\n\t\t\t\t<div class=\"elementor-element elementor-element-iwgw-utukku-ccd elementor-widget elementor-widget-text-editor\" data-id=\"iwgw-utukku-ccd\" data-element_type=\"widget\" data-e-type=\"widget\" data-widget_type=\"text-editor.default\">\n\t\t\t\t\t\t\t\t\t<div data-nosnippet=\"true\"><p style=\"text-align:center;font-size:13px;opacity:0.7;margin-top:14px\" data-nosnippet=\"true\">Les experi\u00e8ncies personals poden variar. No \u00e9s un producte sanitari. No \u00e9s una promesa de curaci\u00f3.<\/p><\/div>\t\t\t\t\t\t\t\t<\/div>\n\t\t\t\t\t<\/div>\n\t\t\t\t<\/div>\n\t\t\t\t\t<\/div>\n\t\t\t\t<\/div>\n\t\t<div class=\"elementor-element elementor-element-iwgw-utukku-disc e-flex e-con-boxed e-con e-parent\" data-id=\"iwgw-utukku-disc\" data-element_type=\"container\" data-e-type=\"container\">\n\t\t\t\t\t<div class=\"e-con-inner\">\n\t\t\t\t<div class=\"elementor-element elementor-element-iwgw-utukku-discw elementor-widget elementor-widget-html\" data-id=\"iwgw-utukku-discw\" data-element_type=\"widget\" data-e-type=\"widget\" data-widget_type=\"html.default\">\n\t\t\t\t\t<footer data-nosnippet=\"true\" class=\"iwg-disclaimer-block\"><p data-nosnippet=\"true\">iWell Guard <strong>no \u00e9s un producte sanitari<\/strong> i no substitueix cap tractament m\u00e8dic o psicoterap\u00e8utic. Els continguts d'hist\u00f2ria de les religions s\u00f3n una classificaci\u00f3 culturohist\u00f2rica, no una recomanaci\u00f3 de pr\u00e0ctica espiritual.<\/p><\/footer>\t\t\t\t<\/div>\n\t\t\t\t\t<\/div>\n\t\t\t\t<\/div>\n\t\t\t\t<\/div>\n\t\t","protected":false},"excerpt":{"rendered":"","protected":false},"author":3,"featured_media":3380,"parent":0,"menu_order":0,"comment_status":"closed","ping_status":"closed","template":"elementor_header_footer","meta":{"_yoast_wpseo_focuskw":"Utukku dimonis mesopot\u00e0mics","_yoast_wpseo_title":"Utukku \u2013 esperits dels morts i dimonis mesopot\u00e0mics","_yoast_wpseo_metadesc":"Utukku designa una classe de dimonis i esperits dels morts mesopot\u00e0mics. An\u00e0lisi religiosocient\u00edfica amb la s\u00e8rie d'exorcismes, culte i fonts.","_yoast_wpseo_meta-robots-noindex":"","_yoast_wpseo_canonical":"","_angie_page":false,"gefaehrdungsstufe":"3","wesen_kultur":"mesopotamien","wesen_klasse":"daemonen","footnotes":""},"categories":[],"class_list":["post-171788","page","type-page","status-publish","has-post-thumbnail","hentry"],"yoast_head":"<!-- This site is optimized with the Yoast SEO Premium plugin v27.7 (Yoast SEO v28.3) - https:\/\/yoast.com\/product\/yoast-seo-premium-wordpress\/ -->\n<title>Utukku \u2013 esperits dels morts i dimonis mesopot\u00e0mics<\/title>\n<meta name=\"description\" content=\"Utukku designa una classe de dimonis i esperits dels morts mesopot\u00e0mics. An\u00e0lisi religiosocient\u00edfica amb la s\u00e8rie d&#039;exorcismes, culte i fonts.\" \/>\n<meta name=\"robots\" content=\"index, follow, max-snippet:-1, max-image-preview:large, max-video-preview:-1\" \/>\n<link rel=\"canonical\" href=\"https:\/\/iwell-guard.com\/ca\/utukku-esperits-morts-dimonis-inframon\/\" \/>\n<meta property=\"og:locale\" content=\"ca_ES\" \/>\n<meta property=\"og:type\" content=\"article\" \/>\n<meta property=\"og:title\" content=\"Utukku \u2013 esperits dels morts i dimonis del infram\u00f3n\" \/>\n<meta property=\"og:description\" content=\"Utukku designa una classe de dimonis i esperits dels morts mesopot\u00e0mics. An\u00e0lisi religiosocient\u00edfica amb la s\u00e8rie d&#039;exorcismes, culte i fonts.\" \/>\n<meta property=\"og:url\" content=\"https:\/\/iwell-guard.com\/ca\/utukku-esperits-morts-dimonis-inframon\/\" \/>\n<meta property=\"og:site_name\" content=\"iWell Guard\" \/>\n<meta property=\"article:modified_time\" content=\"2026-09-05T16:07:15+00:00\" \/>\n<meta property=\"og:image\" content=\"https:\/\/iwell-guard.com\/wp-content\/uploads\/2026\/05\/daemonen_mesopotamien_utukku.webp\" \/>\n\t<meta property=\"og:image:width\" content=\"1024\" \/>\n\t<meta property=\"og:image:height\" content=\"1536\" \/>\n\t<meta property=\"og:image:type\" content=\"image\/webp\" \/>\n<meta name=\"twitter:card\" content=\"summary_large_image\" \/>\n<script type=\"application\/ld+json\" class=\"yoast-schema-graph\">{\"@context\":\"https:\\\/\\\/schema.org\",\"@graph\":[{\"@type\":\"WebPage\",\"@id\":\"https:\\\/\\\/iwell-guard.com\\\/ca\\\/utukku-esperits-morts-dimonis-inframon\\\/\",\"url\":\"https:\\\/\\\/iwell-guard.com\\\/ca\\\/utukku-esperits-morts-dimonis-inframon\\\/\",\"name\":\"Utukku \u2013 esperits dels morts i dimonis mesopot\u00e0mics\",\"isPartOf\":{\"@id\":\"https:\\\/\\\/iwell-guard.com\\\/ca\\\/#website\"},\"primaryImageOfPage\":{\"@id\":\"https:\\\/\\\/iwell-guard.com\\\/ca\\\/utukku-esperits-morts-dimonis-inframon\\\/#primaryimage\"},\"image\":{\"@id\":\"https:\\\/\\\/iwell-guard.com\\\/ca\\\/utukku-esperits-morts-dimonis-inframon\\\/#primaryimage\"},\"thumbnailUrl\":\"https:\\\/\\\/iwell-guard.com\\\/wp-content\\\/uploads\\\/2026\\\/05\\\/daemonen_mesopotamien_utukku.webp\",\"datePublished\":\"2026-09-05T15:42:24+00:00\",\"dateModified\":\"2026-09-05T16:07:15+00:00\",\"description\":\"Utukku designa una classe de dimonis i esperits dels morts mesopot\u00e0mics. An\u00e0lisi religiosocient\u00edfica amb la s\u00e8rie d'exorcismes, culte i fonts.\",\"breadcrumb\":{\"@id\":\"https:\\\/\\\/iwell-guard.com\\\/ca\\\/utukku-esperits-morts-dimonis-inframon\\\/#breadcrumb\"},\"inLanguage\":\"ca\",\"potentialAction\":[{\"@type\":\"ReadAction\",\"target\":[\"https:\\\/\\\/iwell-guard.com\\\/ca\\\/utukku-esperits-morts-dimonis-inframon\\\/\"]}]},{\"@type\":\"ImageObject\",\"inLanguage\":\"ca\",\"@id\":\"https:\\\/\\\/iwell-guard.com\\\/ca\\\/utukku-esperits-morts-dimonis-inframon\\\/#primaryimage\",\"url\":\"https:\\\/\\\/iwell-guard.com\\\/wp-content\\\/uploads\\\/2026\\\/05\\\/daemonen_mesopotamien_utukku.webp\",\"contentUrl\":\"https:\\\/\\\/iwell-guard.com\\\/wp-content\\\/uploads\\\/2026\\\/05\\\/daemonen_mesopotamien_utukku.webp\",\"width\":1024,\"height\":1536,\"caption\":\"Dimonis de la tradici\u00f3 mesopot\u00e0mica.\"},{\"@type\":\"BreadcrumbList\",\"@id\":\"https:\\\/\\\/iwell-guard.com\\\/ca\\\/utukku-esperits-morts-dimonis-inframon\\\/#breadcrumb\",\"itemListElement\":[{\"@type\":\"ListItem\",\"position\":1,\"name\":\"Start\",\"item\":\"https:\\\/\\\/iwell-guard.com\\\/ca\\\/?page_id=171333\"},{\"@type\":\"ListItem\",\"position\":2,\"name\":\"Utukku \u2013 esperits dels morts i dimonis del infram\u00f3n\"}]},{\"@type\":\"WebSite\",\"@id\":\"https:\\\/\\\/iwell-guard.com\\\/ca\\\/#website\",\"url\":\"https:\\\/\\\/iwell-guard.com\\\/ca\\\/\",\"name\":\"iWell Guard\",\"description\":\"Schutz vor dunklen Einfl\u00fcssen\",\"publisher\":{\"@id\":\"https:\\\/\\\/iwell-guard.com\\\/ca\\\/#organization\"},\"potentialAction\":[{\"@type\":\"SearchAction\",\"target\":{\"@type\":\"EntryPoint\",\"urlTemplate\":\"https:\\\/\\\/iwell-guard.com\\\/ca\\\/?s={search_term_string}\"},\"query-input\":{\"@type\":\"PropertyValueSpecification\",\"valueRequired\":true,\"valueName\":\"search_term_string\"}}],\"inLanguage\":\"ca\"},{\"@type\":\"Organization\",\"@id\":\"https:\\\/\\\/iwell-guard.com\\\/ca\\\/#organization\",\"name\":\"Ittermann electronic GmbH\",\"url\":\"https:\\\/\\\/iwell-guard.com\\\/ca\\\/\",\"logo\":{\"@type\":\"ImageObject\",\"inLanguage\":\"ca\",\"@id\":\"https:\\\/\\\/iwell-guard.com\\\/ca\\\/#\\\/schema\\\/logo\\\/image\\\/\",\"url\":\"https:\\\/\\\/iwell-guard.com\\\/wp-content\\\/uploads\\\/2026\\\/05\\\/Ittermann-Logo-1182x237-1.png\",\"contentUrl\":\"https:\\\/\\\/iwell-guard.com\\\/wp-content\\\/uploads\\\/2026\\\/05\\\/Ittermann-Logo-1182x237-1.png\",\"width\":1182,\"height\":237,\"caption\":\"Ittermann electronic GmbH\"},\"image\":{\"@id\":\"https:\\\/\\\/iwell-guard.com\\\/ca\\\/#\\\/schema\\\/logo\\\/image\\\/\"},\"sameAs\":[\"https:\\\/\\\/pantip.com\\\/profile\\\/9367242\",\"https:\\\/\\\/micro.blog\\\/iwellguard\",\"https:\\\/\\\/www.diggerslist.com\\\/iwellguard\\\/about\",\"https:\\\/\\\/skitterphoto.com\\\/photographers\\\/2870314\\\/iwell-guard\",\"https:\\\/\\\/iwellguard.wordpress.com\\\/2026\\\/06\\\/06\\\/iwell-guard\\\/\",\"https:\\\/\\\/hub.docker.com\\\/u\\\/iwellguard\",\"https:\\\/\\\/www.pinterest.com\\\/iwellguard\\\/\",\"https:\\\/\\\/bit.ly\\\/m\\\/iwellguard\",\"https:\\\/\\\/entre-vos-mains.alsace.eu\\\/profiles\\\/iwellguard\\\/activity\",\"https:\\\/\\\/gravatar.com\\\/reallybeded8fd34\",\"https:\\\/\\\/naijamatta.com\\\/iwellguard\",\"https:\\\/\\\/www.goodreads.com\\\/iwellguard\",\"https:\\\/\\\/profile.hatena.ne.jp\\\/iwellguard\\\/\",\"https:\\\/\\\/experiment.com\\\/users\\\/iwellguard\",\"https:\\\/\\\/wakelet.com\\\/@iWellGuard82270\",\"https:\\\/\\\/www.chordie.com\\\/forum\\\/profile.php?id=2555664\",\"https:\\\/\\\/www.instapaper.com\\\/p\\\/17757966\",\"https:\\\/\\\/www.mapleprimes.com\\\/users\\\/iwellguard\",\"https:\\\/\\\/businesslistingplus.com\\\/profile\\\/iwell-guard\\\/\",\"https:\\\/\\\/telegra.ph\\\/iWell-Guard-06-06\",\"https:\\\/\\\/pbase.com\\\/iwellguard\\\/iwellguard\",\"https:\\\/\\\/b.hatena.ne.jp\\\/iwellguard\\\/20260607#bookmark-4788405196491818882\",\"https:\\\/\\\/fliphtml5.com\\\/home\\\/iwellguard\",\"https:\\\/\\\/anyflip.com\\\/homepage\\\/cmiwl#About\",\"https:\\\/\\\/transfur.com\\\/Users\\\/iwellguard\",\"http:\\\/\\\/delphi.larsbo.org\\\/user\\\/iwellguard\",\"https:\\\/\\\/jobs.lajobsportal.org\\\/profiles\\\/8380803-iwell-guard\",\"https:\\\/\\\/md.chaosdorf.de\\\/s\\\/jfbe5SBdJD\",\"https:\\\/\\\/www.lingvolive.com\\\/en-us\\\/profile\\\/9ecaeaca-ce11-4e51-9e71-01d55e2bff36\\\/translations\",\"https:\\\/\\\/www.fitday.com\\\/fitness\\\/forums\\\/members\\\/iwellguard.html\",\"https:\\\/\\\/www.mymeetbook.com\\\/iwellguard\",\"https:\\\/\\\/pxhere.com\\\/en\\\/photographer-me\\\/5040798\",\"https:\\\/\\\/disqus.com\\\/by\\\/iwellguard\\\/about\\\/\",\"https:\\\/\\\/pastelink.net\\\/hjwciqwq\",\"https:\\\/\\\/pubhtml5.com\\\/homepage\\\/scjhn\\\/\",\"https:\\\/\\\/www.bitchute.com\\\/channel\\\/2O2eOKzNqujT\",\"https:\\\/\\\/audiomack.com\\\/iwellguard\"]},{\"@type\":\"Article\",\"@id\":\"https:\\\/\\\/iwell-guard.com\\\/ca\\\/utukku-esperits-morts-dimonis-inframon\\\/#article\",\"isPartOf\":{\"@id\":\"https:\\\/\\\/iwell-guard.com\\\/ca\\\/utukku-esperits-morts-dimonis-inframon\\\/\"},\"author\":{\"name\":\"Ralf Ittermann\",\"@id\":\"https:\\\/\\\/iwell-guard.com\\\/ca\\\/#\\\/schema\\\/person\\\/ee2a27f1cac3406c7c6fb5820cb7349f\"},\"headline\":\"Utukku \u2013 esperits dels morts i dimonis del infram\u00f3n\",\"datePublished\":\"2026-09-05T15:42:24+00:00\",\"dateModified\":\"2026-09-05T16:07:15+00:00\",\"mainEntityOfPage\":{\"@id\":\"https:\\\/\\\/iwell-guard.com\\\/ca\\\/utukku-esperits-morts-dimonis-inframon\\\/\"},\"publisher\":{\"@id\":\"https:\\\/\\\/iwell-guard.com\\\/ca\\\/#organization\"},\"image\":{\"@id\":\"https:\\\/\\\/iwell-guard.com\\\/ca\\\/utukku-esperits-morts-dimonis-inframon\\\/#primaryimage\"},\"thumbnailUrl\":\"https:\\\/\\\/iwell-guard.com\\\/wp-content\\\/uploads\\\/2026\\\/05\\\/daemonen_mesopotamien_utukku.webp\",\"inLanguage\":\"ca\",\"description\":\"Utukku designa una classe de dimonis i esperits dels morts mesopot\u00e0mics. An\u00e0lisi religiosocient\u00edfica amb la s\u00e8rie d'exorcismes, culte i fonts.\"}]}<\/script>\n<!-- \/ Yoast SEO Premium plugin. -->","yoast_head_json":{"title":"Utukku \u2013 esperits dels morts i dimonis mesopot\u00e0mics","description":"Utukku designa una classe de dimonis i esperits dels morts mesopot\u00e0mics. An\u00e0lisi religiosocient\u00edfica amb la s\u00e8rie d'exorcismes, culte i fonts.","robots":{"index":"index","follow":"follow","max-snippet":"max-snippet:-1","max-image-preview":"max-image-preview:large","max-video-preview":"max-video-preview:-1"},"canonical":"https:\/\/iwell-guard.com\/ca\/utukku-esperits-morts-dimonis-inframon\/","og_locale":"ca_ES","og_type":"article","og_title":"Utukku \u2013 esperits dels morts i dimonis del infram\u00f3n","og_description":"Utukku designa una classe de dimonis i esperits dels morts mesopot\u00e0mics. An\u00e0lisi religiosocient\u00edfica amb la s\u00e8rie d'exorcismes, culte i fonts.","og_url":"https:\/\/iwell-guard.com\/ca\/utukku-esperits-morts-dimonis-inframon\/","og_site_name":"iWell Guard","article_modified_time":"2026-09-05T16:07:15+00:00","og_image":[{"width":1024,"height":1536,"url":"https:\/\/iwell-guard.com\/wp-content\/uploads\/2026\/05\/daemonen_mesopotamien_utukku.webp","type":"image\/webp"}],"twitter_card":"summary_large_image","schema":{"@context":"https:\/\/schema.org","@graph":[{"@type":"Article","@id":"https:\/\/iwell-guard.com\/ca\/utukku-esperits-morts-dimonis-inframon\/#article","isPartOf":{"@id":"https:\/\/iwell-guard.com\/ca\/utukku-esperits-morts-dimonis-inframon\/"},"author":{"name":"Ralf Ittermann","@id":"https:\/\/iwell-guard.com\/ca\/#\/schema\/person\/ee2a27f1cac3406c7c6fb5820cb7349f"},"headline":"Utukku \u2013 esperits dels morts i dimonis del infram\u00f3n","datePublished":"2026-09-05T15:42:24+00:00","dateModified":"2026-09-05T16:07:15+00:00","mainEntityOfPage":{"@id":"https:\/\/iwell-guard.com\/ca\/utukku-esperits-morts-dimonis-inframon\/"},"publisher":{"@id":"https:\/\/iwell-guard.com\/ca\/#organization"},"image":{"@id":"https:\/\/iwell-guard.com\/ca\/utukku-esperits-morts-dimonis-inframon\/#primaryimage"},"thumbnailUrl":"https:\/\/iwell-guard.com\/wp-content\/uploads\/2026\/05\/daemonen_mesopotamien_utukku.webp","inLanguage":"ca","description":"Utukku designa una classe de dimonis i esperits dels morts mesopot\u00e0mics. An\u00e0lisi religiosocient\u00edfica amb la s\u00e8rie d'exorcismes, culte i fonts."},{"@type":"WebPage","@id":"https:\/\/iwell-guard.com\/ca\/utukku-esperits-morts-dimonis-inframon\/","url":"https:\/\/iwell-guard.com\/ca\/utukku-esperits-morts-dimonis-inframon\/","name":"Utukku \u2013 esperits dels morts i dimonis mesopot\u00e0mics","isPartOf":{"@id":"https:\/\/iwell-guard.com\/ca\/#website"},"primaryImageOfPage":{"@id":"https:\/\/iwell-guard.com\/ca\/utukku-esperits-morts-dimonis-inframon\/#primaryimage"},"image":{"@id":"https:\/\/iwell-guard.com\/ca\/utukku-esperits-morts-dimonis-inframon\/#primaryimage"},"thumbnailUrl":"https:\/\/iwell-guard.com\/wp-content\/uploads\/2026\/05\/daemonen_mesopotamien_utukku.webp","datePublished":"2026-09-05T15:42:24+00:00","dateModified":"2026-09-05T16:07:15+00:00","description":"Utukku designa una classe de dimonis i esperits dels morts mesopot\u00e0mics. An\u00e0lisi religiosocient\u00edfica amb la s\u00e8rie d'exorcismes, culte i fonts.","breadcrumb":{"@id":"https:\/\/iwell-guard.com\/ca\/utukku-esperits-morts-dimonis-inframon\/#breadcrumb"},"inLanguage":"ca","potentialAction":[{"@type":"ReadAction","target":["https:\/\/iwell-guard.com\/ca\/utukku-esperits-morts-dimonis-inframon\/"]}]},{"@type":"ImageObject","inLanguage":"ca","@id":"https:\/\/iwell-guard.com\/ca\/utukku-esperits-morts-dimonis-inframon\/#primaryimage","url":"https:\/\/iwell-guard.com\/wp-content\/uploads\/2026\/05\/daemonen_mesopotamien_utukku.webp","contentUrl":"https:\/\/iwell-guard.com\/wp-content\/uploads\/2026\/05\/daemonen_mesopotamien_utukku.webp","width":1024,"height":1536,"caption":"Dimonis de la tradici\u00f3 mesopot\u00e0mica."},{"@type":"BreadcrumbList","@id":"https:\/\/iwell-guard.com\/ca\/utukku-esperits-morts-dimonis-inframon\/#breadcrumb","itemListElement":[{"@type":"ListItem","position":1,"name":"Start","item":"https:\/\/iwell-guard.com\/ca\/?page_id=171333"},{"@type":"ListItem","position":2,"name":"Utukku \u2013 esperits dels morts i dimonis del infram\u00f3n"}]},{"@type":"WebSite","@id":"https:\/\/iwell-guard.com\/ca\/#website","url":"https:\/\/iwell-guard.com\/ca\/","name":"iWell Guard","description":"Schutz vor dunklen Einfl\u00fcssen","publisher":{"@id":"https:\/\/iwell-guard.com\/ca\/#organization"},"potentialAction":[{"@type":"SearchAction","target":{"@type":"EntryPoint","urlTemplate":"https:\/\/iwell-guard.com\/ca\/?s={search_term_string}"},"query-input":{"@type":"PropertyValueSpecification","valueRequired":true,"valueName":"search_term_string"}}],"inLanguage":"ca"},{"@type":"Organization","@id":"https:\/\/iwell-guard.com\/ca\/#organization","name":"Ittermann electronic GmbH","url":"https:\/\/iwell-guard.com\/ca\/","logo":{"@type":"ImageObject","inLanguage":"ca","@id":"https:\/\/iwell-guard.com\/ca\/#\/schema\/logo\/image\/","url":"https:\/\/iwell-guard.com\/wp-content\/uploads\/2026\/05\/Ittermann-Logo-1182x237-1.png","contentUrl":"https:\/\/iwell-guard.com\/wp-content\/uploads\/2026\/05\/Ittermann-Logo-1182x237-1.png","width":1182,"height":237,"caption":"Ittermann electronic GmbH"},"image":{"@id":"https:\/\/iwell-guard.com\/ca\/#\/schema\/logo\/image\/"},"sameAs":["https:\/\/pantip.com\/profile\/9367242","https:\/\/micro.blog\/iwellguard","https:\/\/www.diggerslist.com\/iwellguard\/about","https:\/\/skitterphoto.com\/photographers\/2870314\/iwell-guard","https:\/\/iwellguard.wordpress.com\/2026\/06\/06\/iwell-guard\/","https:\/\/hub.docker.com\/u\/iwellguard","https:\/\/www.pinterest.com\/iwellguard\/","https:\/\/bit.ly\/m\/iwellguard","https:\/\/entre-vos-mains.alsace.eu\/profiles\/iwellguard\/activity","https:\/\/gravatar.com\/reallybeded8fd34","https:\/\/naijamatta.com\/iwellguard","https:\/\/www.goodreads.com\/iwellguard","https:\/\/profile.hatena.ne.jp\/iwellguard\/","https:\/\/experiment.com\/users\/iwellguard","https:\/\/wakelet.com\/@iWellGuard82270","https:\/\/www.chordie.com\/forum\/profile.php?id=2555664","https:\/\/www.instapaper.com\/p\/17757966","https:\/\/www.mapleprimes.com\/users\/iwellguard","https:\/\/businesslistingplus.com\/profile\/iwell-guard\/","https:\/\/telegra.ph\/iWell-Guard-06-06","https:\/\/pbase.com\/iwellguard\/iwellguard","https:\/\/b.hatena.ne.jp\/iwellguard\/20260607#bookmark-4788405196491818882","https:\/\/fliphtml5.com\/home\/iwellguard","https:\/\/anyflip.com\/homepage\/cmiwl#About","https:\/\/transfur.com\/Users\/iwellguard","http:\/\/delphi.larsbo.org\/user\/iwellguard","https:\/\/jobs.lajobsportal.org\/profiles\/8380803-iwell-guard","https:\/\/md.chaosdorf.de\/s\/jfbe5SBdJD","https:\/\/www.lingvolive.com\/en-us\/profile\/9ecaeaca-ce11-4e51-9e71-01d55e2bff36\/translations","https:\/\/www.fitday.com\/fitness\/forums\/members\/iwellguard.html","https:\/\/www.mymeetbook.com\/iwellguard","https:\/\/pxhere.com\/en\/photographer-me\/5040798","https:\/\/disqus.com\/by\/iwellguard\/about\/","https:\/\/pastelink.net\/hjwciqwq","https:\/\/pubhtml5.com\/homepage\/scjhn\/","https:\/\/www.bitchute.com\/channel\/2O2eOKzNqujT","https:\/\/audiomack.com\/iwellguard"]},{"@type":"Person","@id":"https:\/\/iwell-guard.com\/ca\/#\/schema\/person\/ee2a27f1cac3406c7c6fb5820cb7349f","name":"Ralf Ittermann","image":{"@type":"ImageObject","inLanguage":"ca","@id":"https:\/\/secure.gravatar.com\/avatar\/073c0153e350a5005b68eb752b445fea71f6b24a26da9449ad7e155e6b446c9d?s=96&d=mm&r=g","url":"https:\/\/secure.gravatar.com\/avatar\/073c0153e350a5005b68eb752b445fea71f6b24a26da9449ad7e155e6b446c9d?s=96&d=mm&r=g","contentUrl":"https:\/\/secure.gravatar.com\/avatar\/073c0153e350a5005b68eb752b445fea71f6b24a26da9449ad7e155e6b446c9d?s=96&d=mm&r=g","caption":"Ralf Ittermann"},"givenName":"Ralf","familyName":"Ittermann","jobTitle":"Gesch\u00e4ftsf\u00fchrer und redaktioneller Verantwortlicher","url":"https:\/\/iwell-guard.com\/ca\/author\/claude\/","description":"Ralf Ittermann ist Gesch\u00e4ftsf\u00fchrer der Ittermann electronic GmbH und redaktioneller Verantwortlicher des iWell-Guard-Lexikons. Er verbindet langj\u00e4hrige Erfahrung in der Pr\u00e4zisionsfertigung mit medialer Praxis und religionsgeschichtlicher Quellenarbeit.","worksFor":{"@type":"Organization","name":"Ittermann electronic GmbH","url":"https:\/\/ittermann.de\/","address":{"@type":"PostalAddress","streetAddress":"K\u00f6hlergasse 16-18","postalCode":"99842","addressLocality":"Ruhla","addressCountry":"DE"}},"knowsAbout":["Religionsgeschichte","Mythologie","Mediale Praxis","Energetische Diagnostik","Schutzpraxis","Volksglauben","Westliche Esoterik"]},{"@type":"Article","@id":"https:\/\/iwell-guard.com\/ca\/utukku-esperits-morts-dimonis-inframon\/#article","isPartOf":{"@id":"https:\/\/iwell-guard.com\/ca\/utukku-esperits-morts-dimonis-inframon\/"},"author":{"name":"Ralf Ittermann","@id":"https:\/\/iwell-guard.com\/ca\/#\/schema\/person\/ee2a27f1cac3406c7c6fb5820cb7349f"},"headline":"Utukku \u2013 esperits dels morts i dimonis del infram\u00f3n","datePublished":"2026-09-05T15:42:24+00:00","dateModified":"2026-09-05T16:07:15+00:00","mainEntityOfPage":{"@id":"https:\/\/iwell-guard.com\/ca\/utukku-esperits-morts-dimonis-inframon\/"},"publisher":{"@id":"https:\/\/iwell-guard.com\/ca\/#organization"},"image":{"@id":"https:\/\/iwell-guard.com\/ca\/utukku-esperits-morts-dimonis-inframon\/#primaryimage"},"thumbnailUrl":"https:\/\/iwell-guard.com\/wp-content\/uploads\/2026\/05\/daemonen_mesopotamien_utukku.webp","inLanguage":"ca","description":"Utukku designa una classe de dimonis i esperits dels morts mesopot\u00e0mics. An\u00e0lisi religiosocient\u00edfica amb la s\u00e8rie d'exorcismes, culte i fonts."}]}},"_links":{"self":[{"href":"https:\/\/iwell-guard.com\/ca\/wp-json\/wp\/v2\/pages\/171788","targetHints":{"allow":["GET"]}}],"collection":[{"href":"https:\/\/iwell-guard.com\/ca\/wp-json\/wp\/v2\/pages"}],"about":[{"href":"https:\/\/iwell-guard.com\/ca\/wp-json\/wp\/v2\/types\/page"}],"author":[{"embeddable":true,"href":"https:\/\/iwell-guard.com\/ca\/wp-json\/wp\/v2\/users\/3"}],"replies":[{"embeddable":true,"href":"https:\/\/iwell-guard.com\/ca\/wp-json\/wp\/v2\/comments?post=171788"}],"version-history":[{"count":0,"href":"https:\/\/iwell-guard.com\/ca\/wp-json\/wp\/v2\/pages\/171788\/revisions"}],"wp:featuredmedia":[{"embeddable":true,"href":"https:\/\/iwell-guard.com\/ca\/wp-json\/wp\/v2\/media\/3380"}],"wp:attachment":[{"href":"https:\/\/iwell-guard.com\/ca\/wp-json\/wp\/v2\/media?parent=171788"}],"wp:term":[{"taxonomy":"category","embeddable":true,"href":"https:\/\/iwell-guard.com\/ca\/wp-json\/wp\/v2\/categories?post=171788"}],"curies":[{"name":"wp","href":"https:\/\/api.w.org\/{rel}","templated":true}]}}