{"id":171787,"date":"2026-09-05T15:42:24","date_gmt":"2026-09-05T15:42:24","guid":{"rendered":"https:\/\/iwell-guard.com\/?page_id=171787"},"modified":"2026-09-05T16:07:11","modified_gmt":"2026-09-05T16:07:11","slug":"sin-deu-lunar-ur-harran","status":"publish","type":"page","link":"https:\/\/iwell-guard.com\/ca\/sin-deu-lunar-ur-harran\/","title":{"rendered":"Sin \u2013 D\u00e9u lunar d&#8217;Ur i Harran"},"content":{"rendered":"\t\t<div data-elementor-type=\"wp-page\" data-elementor-id=\"171787\" class=\"elementor elementor-171787 elementor-2921 elementor-bc-flex-widget\" data-elementor-post-type=\"page\">\n\t\t\t\t<div class=\"elementor-element elementor-element-hero2b91e78 e-flex e-con-boxed e-con e-parent\" data-id=\"hero2b91e78\" data-element_type=\"container\" data-e-type=\"container\">\n\t\t\t\t\t<div class=\"e-con-inner\">\n\t\t\t\t<div class=\"elementor-element elementor-element-heroimg44d3a7a iwg-hero-image elementor-widget elementor-widget-image\" data-id=\"heroimg44d3a7a\" data-element_type=\"widget\" data-e-type=\"widget\" data-widget_type=\"image.default\">\n\t\t\t\t\t\t\t\t\t\t\t\t\t\t\t<img fetchpriority=\"high\" decoding=\"async\" width=\"683\" height=\"1024\" src=\"https:\/\/iwell-guard.com\/wp-content\/uploads\/2026\/05\/goetter_mesopotamien_sin-683x1024.webp\" class=\"attachment-large size-large wp-image-173407\" alt=\"Sin - D\u00e9us de la tradici\u00f3 mesopot\u00e0mica, il\u00b7lustraci\u00f3 historicocultural\" srcset=\"https:\/\/iwell-guard.com\/wp-content\/uploads\/2026\/05\/goetter_mesopotamien_sin-683x1024.webp 683w, https:\/\/iwell-guard.com\/wp-content\/uploads\/2026\/05\/goetter_mesopotamien_sin-200x300.webp 200w, https:\/\/iwell-guard.com\/wp-content\/uploads\/2026\/05\/goetter_mesopotamien_sin-768x1152.webp 768w, https:\/\/iwell-guard.com\/wp-content\/uploads\/2026\/05\/goetter_mesopotamien_sin.webp 1024w\" sizes=\"(max-width: 683px) 100vw, 683px\" \/>\t\t\t\t\t\t\t\t\t\t\t\t\t\t\t<\/div>\n\t\t\t\t\t<\/div>\n\t\t\t\t<\/div>\n\t\t<div class=\"elementor-element elementor-element-iwgw-sin-hero e-flex e-con-boxed e-con e-parent\" data-id=\"iwgw-sin-hero\" data-element_type=\"container\" data-e-type=\"container\">\n\t\t\t\t\t<div class=\"e-con-inner\">\n\t\t\t\t<div class=\"elementor-element elementor-element-iwgw-sin-h1 elementor-widget elementor-widget-heading\" data-id=\"iwgw-sin-h1\" data-element_type=\"widget\" data-e-type=\"widget\" data-widget_type=\"heading.default\">\n\t\t\t\t\t<h1 class=\"elementor-heading-title elementor-size-default\">Sin \u2013 d\u00e9u lunar mesopot\u00e0mic i senyor de la nit<\/h1>\t\t\t\t<\/div>\n\t\t\t\t<div class=\"elementor-element elementor-element-iwgw-sin-pills elementor-widget elementor-widget-html\" data-id=\"iwgw-sin-pills\" data-element_type=\"widget\" data-e-type=\"widget\" data-widget_type=\"html.default\">\n\t\t\t\t\t<div class=\"iwg-pill-row\"><span class=\"iwg-klasse-badge\" tabindex=\"0\" data-tooltip=\"D\u00e9u de la tradici\u00f3 Mesopot\u00e0mia.\">D\u00e9u<\/span><a href=\"https:\/\/iwell-guard.com\/ca\/mesopotamia\/\" class=\"iwg-kultur-badge\" tabindex=\"0\" data-tooltip=\"Mitologia de la tradici\u00f3 Mesopot\u00e0mia.\">Mesopot\u00e0mia<\/a><span class=\"iwg-tradition-badge\" tabindex=\"0\" data-tooltip=\"Divinitat lunar.\">Divinitat lunar<\/span><\/div>\t\t\t\t<\/div>\n\t\t\t\t<div class=\"elementor-element elementor-element-iwgw-sin-lead elementor-widget elementor-widget-text-editor\" data-id=\"iwgw-sin-lead\" data-element_type=\"widget\" data-e-type=\"widget\" data-widget_type=\"text-editor.default\">\n\t\t\t\t\t\t\t\t\t\nSin (tamb\u00e9 d\u00e9u lunar Nanna en el <span class=\"iwg-fachbegriff\" data-tooltip=\"El conjunt de d\u00e9us d'una religi\u00f3 o cultura.\" tabindex=\"0\">pante\u00f3<\/span> sumeri) personificava la lluna i, per tant, l&#8217;ordre del temps. Com a senyor del cel nocturn regulava els mesos i les festes, era considerat un savi comptador dels dies i pare de d\u00e9us importants del pante\u00f3 babil\u00f2nic. A Ur i Harran els seus cultes de temple es van mantenir fins ben entrada l&#8217;<span class=\"iwg-fachbegriff\" data-tooltip=\"\u00c8poca de transici\u00f3 entre l'antiguitat i l'edat mitjana, aproximadament del segle III al VII.\" tabindex=\"0\">antiguitat tardana<\/span> isl\u00e0mica.\t\t\t\t\t\t\t\t<\/div>\n\t\t\t\t\t<\/div>\n\t\t\t\t<\/div>\n\t\t<div class=\"elementor-element elementor-element-iwgw-sin-s0 e-flex e-con-boxed e-con e-parent\" data-id=\"iwgw-sin-s0\" data-element_type=\"container\" data-e-type=\"container\">\n\t\t\t\t\t<div class=\"e-con-inner\">\n\t\t\t\t<div class=\"elementor-element elementor-element-iwgw-sin-s0h elementor-widget elementor-widget-heading\" data-id=\"iwgw-sin-s0h\" data-element_type=\"widget\" data-e-type=\"widget\" data-widget_type=\"heading.default\">\n\t\t\t\t\t<h2 class=\"elementor-heading-title elementor-size-default\">Introducci\u00f3<\/h2>\t\t\t\t<\/div>\n\t\t\t\t<div class=\"elementor-element elementor-element-iwgw-sin-s0t elementor-widget elementor-widget-text-editor\" data-id=\"iwgw-sin-s0t\" data-element_type=\"widget\" data-e-type=\"widget\" data-widget_type=\"text-editor.default\">\n\t\t\t\t\t\t\t\t\t<p>Sin, anomenat en sumeri Nanna o Suen, \u00e9s una de les divinitats m\u00e9s antigues i persistents de <a href=\"https:\/\/iwell-guard.com\/ca\/mesopotamia\/\">Mesopot\u00e0mia<\/a>. Com a d\u00e9u de la lluna ocupava una posici\u00f3 destacada dins el pante\u00f3, ja que la lluna estructurava el calendari i, amb ell, tota la vida religiosa i econ\u00f2mica.<\/p><p>En la sistem\u00e0tica teol\u00f2gica, Sin era considerat fill d&#8217;Enlil i Ninlil, quedant aix\u00ed fermament arrelat dins la fam\u00edlia dels d\u00e9us m\u00e9s elevats.<\/p><p>De Sin van sorgir altres divinitats importants. El seu fill era el d\u00e9u solar Xamaix, i tamb\u00e9 la deessa Ixtar en la seva forma d&#8217;astre de Venus.<\/p><p>Sin es trobava, doncs, a l&#8217;origen d&#8217;aquelles divinitats celestes centrals per a la religi\u00f3 astral mesopot\u00e0mica. La lluna com a pare del sol i de Venus reflecteix la gran estima que gaudia el cel nocturn en aquesta cultura.<\/p><p>Des del punt de vista de la hist\u00f2ria de les religions, resulta notable la longevitat del culte a Sin. Mentre altres divinitats perdien import\u00e0ncia, Sin va conservar durant mil\u00b7lennis una comunitat de fidels. Especialment el <span class=\"iwg-fachbegriff\" data-tooltip=\"Un lloc sagrat dedicat a la veneraci\u00f3 d'una divinitat.\" tabindex=\"0\">santuari<\/span> de Harran, al nord de Mesopot\u00e0mia, va continuar essent fins a l&#8217;<span class=\"iwg-fachbegriff\" data-tooltip=\"\u00c8poca de transici\u00f3 entre l'antiguitat i l'edat mitjana, aproximadament del segle III al VII.\" tabindex=\"0\">antiguitat tardana<\/span> un centre viu de veneraci\u00f3 lunar.<\/p>\t\t\t\t\t\t\t\t<\/div>\n\t\t\t\t\t<\/div>\n\t\t\t\t<\/div>\n\t\t<div class=\"elementor-element elementor-element-iwgw-sin-s1 e-flex e-con-boxed e-con e-parent\" data-id=\"iwgw-sin-s1\" data-element_type=\"container\" data-e-type=\"container\">\n\t\t\t\t\t<div class=\"e-con-inner\">\n\t\t\t\t<div class=\"elementor-element elementor-element-iwgw-sin-s1h elementor-widget elementor-widget-heading\" data-id=\"iwgw-sin-s1h\" data-element_type=\"widget\" data-e-type=\"widget\" data-widget_type=\"heading.default\">\n\t\t\t\t\t<h2 class=\"elementor-heading-title elementor-size-default\">Nom i etimologia<\/h2>\t\t\t\t<\/div>\n\t\t\t\t<div class=\"elementor-element elementor-element-iwgw-sin-s1t elementor-widget elementor-widget-text-editor\" data-id=\"iwgw-sin-s1t\" data-element_type=\"widget\" data-e-type=\"widget\" data-widget_type=\"text-editor.default\">\n\t\t\t\t\t\t\t\t\t<p>El d\u00e9u porta dos noms principals, la relaci\u00f3 dels quals ha ocupat llargament la investigaci\u00f3. El nom sumeri Nanna \u00e9s el m\u00e9s antic; al costat hi ha la forma Suen, de la qual, per evoluci\u00f3 fon\u00e8tica en accadi, va sorgir el nom Sin. En molts textos apareix escrit com a combinaci\u00f3 dels signes que representen Nanna i Suen.<\/p><p>El significat exacte del nom Nanna no est\u00e0 del tot aclarit. S&#8217;han proposat interpretacions que el relacionen amb l&#8217;astre llumin\u00f3s o amb termes de resplendor i grandesa. Per a Suen l&#8217;etimologia tamb\u00e9 \u00e9s incerta. M\u00e9s important que la derivaci\u00f3 ling\u00fc\u00edstica \u00e9s observar que ambd\u00f3s noms es van fer servir al llarg de tota la hist\u00f2ria mesopot\u00e0mica, sovint junts.<\/p><p>Sin portava nombrosos ep\u00edtets que descrivien les seves funcions. Se l&#8217;anomenava el brau llumin\u00f3s, el senyor de la corona, el senyor savi o el comptador dels dies. La relaci\u00f3 amb el brau prov\u00e9 de la forma de la mitja lluna, que recordava banyes de brau. Aquestes imatges travessen himnes i preg\u00e0ries i configuren la comprensi\u00f3 religiosa del d\u00e9u.<\/p>\t\t\t\t\t\t\t\t<\/div>\n\t\t\t\t\t<\/div>\n\t\t\t\t<\/div>\n\t\t<div class=\"elementor-element elementor-element-iwgw-sin-s2 e-flex e-con-boxed e-con e-parent\" data-id=\"iwgw-sin-s2\" data-element_type=\"container\" data-e-type=\"container\">\n\t\t\t\t\t<div class=\"e-con-inner\">\n\t\t\t\t<div class=\"elementor-element elementor-element-iwgw-sin-s2h elementor-widget elementor-widget-heading\" data-id=\"iwgw-sin-s2h\" data-element_type=\"widget\" data-e-type=\"widget\" data-widget_type=\"heading.default\">\n\t\t\t\t\t<h2 class=\"elementor-heading-title elementor-size-default\">Descripci\u00f3 i iconografia<\/h2>\t\t\t\t<\/div>\n\t\t\t\t<div class=\"elementor-element elementor-element-iwgw-sin-s2t elementor-widget elementor-widget-text-editor\" data-id=\"iwgw-sin-s2t\" data-element_type=\"widget\" data-e-type=\"widget\" data-widget_type=\"text-editor.default\">\n\t\t\t\t\t\t\t\t\t<p>El <span class=\"iwg-fachbegriff\" data-tooltip=\"Un signe que representa una idea o un significat.\" tabindex=\"0\">s\u00edmbol<\/span> inequ\u00edvoc i estable al llarg dels segles de Sin \u00e9s la mitja lluna ajaguda. Apareix en segells cil\u00edndrics, fites, esteles i art del temple. Sovint la mitja lluna es representa de manera que recorda una barca, imatge que concorda amb la idea que el d\u00e9u lunar travessava el cel nocturn com sobre una embarcaci\u00f3.<\/p><p>En representacions antropomorfes, Sin apareix com un d\u00e9u barbut i entronitzat amb la corona banyada. Algunes imatges el mostren amb una mitja lluna sobre el cap o a la m\u00e0.<\/p><p>En les fites babil\u00f2niques, els anomenats kudurrus, la mitja lluna \u00e9s un dels s\u00edmbols divins representats amb m\u00e9s freq\u00fc\u00e8ncia i hi apareix normalment al costat de l&#8217;estel solar de Xamaix i l&#8217;estel de Venus d&#8217;Ixtar.<\/p><p>La descripci\u00f3 liter\u00e0ria destaca la llum de Sin. La seva claror es descriu com suau, per\u00f2 tamb\u00e9 penetrant. Il\u00b7lumina la nit sense fer-la fugir i permet orientar-se en la foscor.<\/p><p>El creixement i la disminuci\u00f3 de la lluna es va interpretar m\u00edticament i es va associar amb l&#8217;aparici\u00f3 i desaparici\u00f3 regular del d\u00e9u. Aquesta naturalesa c\u00edclica va fer de Sin la imatge de l&#8217;ordre fiable i que es renova.<\/p>\t\t\t\t\t\t\t\t<\/div>\n\t\t\t\t\t<\/div>\n\t\t\t\t<\/div>\n\t\t<div class=\"elementor-element elementor-element-iwgw-sin-s3 e-flex e-con-boxed e-con e-parent\" data-id=\"iwgw-sin-s3\" data-element_type=\"container\" data-e-type=\"container\">\n\t\t\t\t\t<div class=\"e-con-inner\">\n\t\t\t\t<div class=\"elementor-element elementor-element-iwgw-sin-s3h elementor-widget elementor-widget-heading\" data-id=\"iwgw-sin-s3h\" data-element_type=\"widget\" data-e-type=\"widget\" data-widget_type=\"heading.default\">\n\t\t\t\t\t<h2 class=\"elementor-heading-title elementor-size-default\">Relats mitol\u00f2gics<\/h2>\t\t\t\t<\/div>\n\t\t\t\t<div class=\"elementor-element elementor-element-iwgw-sin-s3t elementor-widget elementor-widget-text-editor\" data-id=\"iwgw-sin-s3t\" data-element_type=\"widget\" data-e-type=\"widget\" data-widget_type=\"text-editor.default\">\n\t\t\t\t\t\t\t\t\t<p>El naixement de Sin es narra en la hist\u00f2ria d&#8217;Enlil i Ninlil. Despr\u00e9s que Enlil forc\u00e9s la deessa Ninlil, l&#8217;assemblea dels d\u00e9us el desterra al m\u00f3n inferior. Ninlil, que havia concebut d&#8217;ell el d\u00e9u lluna, el segueix.<\/p><p>Perqu\u00e8 el fill, que pertany al cel llumin\u00f3s, no romangui al m\u00f3n inferior, Enlil i Ninlil, mitjan\u00e7ant altres trobades, lliuren divinitats substitutes al m\u00f3n inferior. Aix\u00ed Sin arriba al cel, mentre que les divinitats subterr\u00e0nies habiten l&#8217;abisme.<\/p><p>Sin tamb\u00e9 apareix en mites en els quals \u00e9s assetjat per dimonis. Un relat d&#8217;encantament descriu com poders malignes enfosqueixen la lluna. En una narraci\u00f3 conservada, set dimonis mal\u00e8fics s&#8217;alien per envoltar Sin al cel i extingir la seva llum.<\/p><p>Un eclipsi lunar es considerava un senyal funest, un atac d&#8217;\u00e9ssers hostils contra el d\u00e9u. En aquests casos, els sacerdots encantadors invocaven altres d\u00e9us perqu\u00e8 ajudessin Sin a recuperar la seva llum. Aquest motiu narratiu vincula directament <span class=\"iwg-fachbegriff\" data-tooltip=\"Un relat transm\u00e8s sobre d\u00e9us, or\u00edgens i l'ordre del m\u00f3n.\" tabindex=\"0\">mite<\/span> i <span class=\"iwg-fachbegriff\" data-tooltip=\"Una seq\u00fc\u00e8ncia regulada d'accions simb\u00f2liques amb significat religi\u00f3s o cultural.\" tabindex=\"0\">ritual<\/span>.<\/p><p>En els himnes, Sin apareix com a savi conseller que, juntament amb el seu fill Xamaix, vetlla pel dret i la veritat. Mentre que Xamaix, com a d\u00e9u del sol, ho veu tot durant el dia, Sin penetra la nit.<\/p><p>D&#8217;aquesta constel\u00b7laci\u00f3 sorgeix la idea d&#8217;una mirada divina sense escletxes, que no deixa res amagat. Es diu que Sin determina el dest\u00ed del mes, motiu pel qual la seva aparici\u00f3 mensual s&#8217;observava amb especial atenci\u00f3.<\/p><p>Un motiu narratiu propi \u00e9s el somni en el qual Sin es revela als homes. L&#8217;\u00faltim rei babiloni, Nabonid, relata en les seves inscripcions que el d\u00e9u lluna se li va apar\u00e8ixer en somnis i li va encomanar reconstruir el seu <span class=\"iwg-fachbegriff\" data-tooltip=\"Un edifici destinat a la veneraci\u00f3 d'una o diverses divinitats.\" tabindex=\"0\">temple<\/span> enrunat a Harran.<\/p><p>Aquests textos no s\u00f3n mites en sentit estricte, per\u00f2 mostren com les concepcions m\u00edtiques del d\u00e9u que parla i que guia van influir fins i tot en l&#8217;autorepresentaci\u00f3 reial.<\/p><p>Tamb\u00e9 en els himnes atribu\u00efts a Enheduanna, i en les preg\u00e0ries de les summes sacerdotesses, Sin apareix com un d\u00e9u que escolta s\u00fapliques i envia senyals. La interpretaci\u00f3 d&#8217;aquests senyals, sobretot les fases de la lluna i la posici\u00f3 de la fal\u00e7 lunar, va ser objecte d&#8217;una elaborada pr\u00e0ctica d&#8217;observaci\u00f3 i interpretaci\u00f3.<\/p>\t\t\t\t\t\t\t\t<\/div>\n\t\t\t\t\t<\/div>\n\t\t\t\t<\/div>\n\t\t<div class=\"elementor-element elementor-element-iwgw-sin-s4 e-flex e-con-boxed e-con e-parent\" data-id=\"iwgw-sin-s4\" data-element_type=\"container\" data-e-type=\"container\">\n\t\t\t\t\t<div class=\"e-con-inner\">\n\t\t\t\t<div class=\"elementor-element elementor-element-iwgw-sin-s4h elementor-widget elementor-widget-heading\" data-id=\"iwgw-sin-s4h\" data-element_type=\"widget\" data-e-type=\"widget\" data-widget_type=\"heading.default\">\n\t\t\t\t\t<h2 class=\"elementor-heading-title elementor-size-default\">Culte i veneraci\u00f3<\/h2>\t\t\t\t<\/div>\n\t\t\t\t<div class=\"elementor-element elementor-element-iwgw-sin-s4t elementor-widget elementor-widget-text-editor\" data-id=\"iwgw-sin-s4t\" data-element_type=\"widget\" data-e-type=\"widget\" data-widget_type=\"text-editor.default\">\n\t\t\t\t\t\t\t\t\t<p>El centre de culte m\u00e9s important de Sin al sud de Mesopot\u00e0mia va ser la ciutat d&#8217;Ur. All\u00ed hi havia el <span class=\"iwg-fachbegriff\" data-tooltip=\"Un edifici destinat a la veneraci\u00f3 d'una o diverses divinitats.\" tabindex=\"0\">temple<\/span> Ekixnugal, i la famosa zigurat d&#8217;Ur, una plataforma de temple esglaonada, estava <span class=\"iwg-fachbegriff\" data-tooltip=\"Lliurat a trav\u00e9s d'un acte religi\u00f3s al sagrat i, per tant, separat de l'ordinari.\" tabindex=\"0\">consagrada<\/span> al d\u00e9u lluna. El rei Ur-Nammu i el seu fill Xulgi van erigir la zigurat monumental en la forma que les seves ru\u00efnes encara permeten recon\u00e8ixer avui dia.<\/p><p>Sota la tercera dinastia d&#8217;Ur, el <span class=\"iwg-fachbegriff\" data-tooltip=\"El conjunt d'accions de veneraci\u00f3 religiosa dedicades a una divinitat o figura sagrada.\" tabindex=\"0\">culte<\/span> va viure un per\u00edode de gran esplendor.<\/p><p>El c\u00e0rrec de summa sacerdotessa del d\u00e9u lluna, sovint ocupat per filles reials, va tenir un paper destacat. La titular m\u00e9s coneguda d&#8217;aquest c\u00e0rrec va ser Enheduanna, filla del rei Sargon d&#8217;Accad, a qui s&#8217;atribueixen himnes literaris.<\/p><p>El c\u00e0rrec va perdurar durant segles, i encara el rei Nabonid va nomenar la seva filla sacerdotessa a Ur, invocant una elecci\u00f3 divina indicada per un presagi lunar.<\/p><p>Al nord de Mesopot\u00e0mia, Harran era el segon gran centre de la veneraci\u00f3 de la lluna. El <span class=\"iwg-fachbegriff\" data-tooltip=\"Un edifici destinat a la veneraci\u00f3 d'una o diverses divinitats.\" tabindex=\"0\">temple<\/span> de Sin all\u00e0, anomenat Echulchul, va gaudir de prestigi durant un per\u00edode extraordin\u00e0riament llarg.<\/p><p>Encara en el primer mil\u00b7lenni abans de la nostra era, els sobirans neoassiris i neobabilonis mostraven gran inter\u00e8s per aquest <span class=\"iwg-fachbegriff\" data-tooltip=\"Un lloc sagrat dedicat a la veneraci\u00f3 d'una divinitat.\" tabindex=\"0\">santuari<\/span>. L&#8217;\u00faltim rei babiloni, Nabonid, va dedicar especial atenci\u00f3 a Sin de Harran, va fer reconstruir el <span class=\"iwg-fachbegriff\" data-tooltip=\"Un edifici destinat a la veneraci\u00f3 d'una o diverses divinitats.\" tabindex=\"0\">temple<\/span> i va passar diversos anys lluny de Babil\u00f2nia, cosa que va trobar resist\u00e8ncia entre el sacerdoci d&#8217;altres d\u00e9us, sobretot de Marduk.<\/p><p>Tamb\u00e9 la mare de Nabonid, la llarga vida de la qual queda registrada en una <span class=\"iwg-fachbegriff\" data-tooltip=\"Un text gravat o esculpit en un suport permanent.\" tabindex=\"0\">inscripci\u00f3<\/span> pr\u00f2pia, estava estretament vinculada al <span class=\"iwg-fachbegriff\" data-tooltip=\"El conjunt d'accions de veneraci\u00f3 religiosa dedicades a una divinitat o figura sagrada.\" tabindex=\"0\">culte<\/span> de Sin a Harran.<\/p><p>El <span class=\"iwg-fachbegriff\" data-tooltip=\"El conjunt d'accions de veneraci\u00f3 religiosa dedicades a una divinitat o figura sagrada.\" tabindex=\"0\">culte<\/span> comprenia <span class=\"iwg-fachbegriff\" data-tooltip=\"Ofrena a una divinitat per expressar gratitud, s\u00faplica o veneraci\u00f3.\" tabindex=\"0\">ofrenes<\/span> di\u00e0ries, festes mensuals lligades a les fases de la lluna i preg\u00e0ries. La lluna nova, la lluna plena i la desaparici\u00f3 de la lluna eren moments <span class=\"iwg-fachbegriff\" data-tooltip=\"Pertanyent a una seq\u00fc\u00e8ncia d'accions religioses fixada.\" tabindex=\"0\">ritualment<\/span> significatius en els quals es duien a terme ritus especials. El dia de la desaparici\u00f3 de la lluna es considerava delicat i estava vinculat a ritus de lament i expiaci\u00f3.<\/p><p>Els <span class=\"iwg-fachbegriff\" data-tooltip=\"Un edifici destinat a la veneraci\u00f3 d'una o diverses divinitats.\" tabindex=\"0\">temples<\/span> disposaven d&#8217;extensos b\u00e9ns immobles i d&#8217;un sacerdoci jerarquitzat amb cantors, sacerdots plorosos i personal administratiu. D&#8217;Ur provenen rics troballes arqueol\u00f2giques, entre elles el <span class=\"iwg-fachbegriff\" data-tooltip=\"Un lloc sagrat dedicat a la veneraci\u00f3 d'una divinitat.\" tabindex=\"0\">santuari<\/span> del c\u00e0rrec de summa sacerdotessa, el Gipar, que ofereixen una visi\u00f3 de la cultura material del culte a Sin.<\/p>\t\t\t\t\t\t\t\t<\/div>\n\t\t\t\t\t<\/div>\n\t\t\t\t<\/div>\n\t\t<div class=\"elementor-element elementor-element-iwgw-sin-s5 e-flex e-con-boxed e-con e-parent\" data-id=\"iwgw-sin-s5\" data-element_type=\"container\" data-e-type=\"container\">\n\t\t\t\t\t<div class=\"e-con-inner\">\n\t\t\t\t<div class=\"elementor-element elementor-element-iwgw-sin-s5h elementor-widget elementor-widget-heading\" data-id=\"iwgw-sin-s5h\" data-element_type=\"widget\" data-e-type=\"widget\" data-widget_type=\"heading.default\">\n\t\t\t\t\t<h2 class=\"elementor-heading-title elementor-size-default\">Pr\u00e0ctica de protecci\u00f3 i elements apotropaics<\/h2>\t\t\t\t<\/div>\n\t\t\t\t<div class=\"elementor-element elementor-element-iwgw-sin-s5t elementor-widget elementor-widget-text-editor\" data-id=\"iwgw-sin-s5t\" data-element_type=\"widget\" data-e-type=\"widget\" data-widget_type=\"text-editor.default\">\n\t\t\t\t\t\t\t\t\t<p>Sin estava estretament vinculat a l&#8217;\u00e0mbit de la protecci\u00f3 i la conjuraci\u00f3 de la desgr\u00e0cia, ja que la seva llum il\u00b7luminava la fosca nocturna en la qual es creia que les forces demon\u00edaques eren especialment actives.<\/p><p>Les preg\u00e0ries a Sin demanaven la seva llum com a ajuda i guia. Com que la lluna ordenava el calendari, la seva fiabilitat era alhora una protecci\u00f3 contra el caos del temps incomptat.<\/p><p>Sin tenia un paper especial en relaci\u00f3 amb els eclipsis de lluna. Un eclipsi es considerava un atac d&#8217;\u00e9ssers hostils contra el d\u00e9u i un presagi funest, sobretot per al rei.<\/p><p>Hi havia textos rituals espec\u00edfics amb els quals es volien conjurar les conseq\u00fc\u00e8ncies nocives d&#8217;un eclipsi. Un procediment conegut era el ritual del rei substitut, en el qual un representant assumia simb\u00f2licament la desgr\u00e0cia amena\u00e7ada per l&#8217;omin\u00f3s auguri, mentre el veritable rei quedava protegit.<\/p><p>En els exorcismes, Sin era invocat juntament amb altres divinitats per guarir malalts i expulsar esperits malignes. El d\u00e9u lunar hi apareix no com una for\u00e7a protectora a\u00efllada, sin\u00f3 com a part d&#8217;una assist\u00e8ncia divina m\u00e9s \u00e0mplia.<\/p><p>Com que Sin era considerat un d\u00e9u savi i just, es confiava que donaria suport als qui eren oprimits injustament. La seva llum suau per\u00f2 constant era un <span class=\"iwg-fachbegriff\" data-tooltip=\"Una imatge il\u00b7lustrativa que representa una idea abstracta.\" tabindex=\"0\">s\u00edmbol<\/span> de l&#8217;esperan\u00e7a que fins i tot la nit m\u00e9s fosca arriba a la seva fi.<\/p>\t\t\t\t\t\t\t\t<\/div>\n\t\t\t\t\t<\/div>\n\t\t\t\t<\/div>\n\t\t<div class=\"elementor-element elementor-element-iwgw-sin-s6 e-flex e-con-boxed e-con e-parent\" data-id=\"iwgw-sin-s6\" data-element_type=\"container\" data-e-type=\"container\">\n\t\t\t\t\t<div class=\"e-con-inner\">\n\t\t\t\t<div class=\"elementor-element elementor-element-iwgw-sin-s6h elementor-widget elementor-widget-heading\" data-id=\"iwgw-sin-s6h\" data-element_type=\"widget\" data-e-type=\"widget\" data-widget_type=\"heading.default\">\n\t\t\t\t\t<h2 class=\"elementor-heading-title elementor-size-default\">Paral\u00b7lelismes en altres cultures<\/h2>\t\t\t\t<\/div>\n\t\t\t\t<div class=\"elementor-element elementor-element-iwgw-sin-s6t elementor-widget elementor-widget-text-editor\" data-id=\"iwgw-sin-s6t\" data-element_type=\"widget\" data-e-type=\"widget\" data-widget_type=\"text-editor.default\">\n\t\t\t\t\t\t\t\t\t<p>Les divinitats lunars estan documentades en moltes cultures de l&#8217;Orient Pr\u00f2xim antic i m\u00e9s enll\u00e0. En l&#8217;\u00e0mbit semita occidental hi havia divinitats lunars pr\u00f2pies, i tamb\u00e9 al sud d&#8217;Ar\u00e0bia la lluna ocupava el centre de cultes importants. El vincle entre lluna, calendari i ordre del temps \u00e9s un patr\u00f3 recurrent, ja que el cicle lunar constitu\u00efa per a les societats premodernes la base m\u00e9s natural del c\u00f2mput del temps.<\/p><p>\u00c9s notable que en el sistema mesopot\u00e0mic el d\u00e9u lunar Sin sigui considerat el pare del d\u00e9u solar. En molts altres sistemes mitol\u00f2gics, com el grec, la relaci\u00f3 \u00e9s inversa o t\u00e9 un pes diferent, i el sol ocupa una posici\u00f3 preeminent. La major valoraci\u00f3 mesopot\u00e0mica de la lluna reflecteix la import\u00e0ncia de l&#8217;observaci\u00f3 celeste nocturna i del calendari lunar.<\/p><p>El <span class=\"iwg-fachbegriff\" data-tooltip=\"El conjunt d'actes de veneraci\u00f3 religiosa dedicats a una divinitat o figura sagrada.\" tabindex=\"0\">culte<\/span> de Sin a Harran \u00e9s un cas especial de continu\u00eftat religiosa. Mentre que en altres llocs la religi\u00f3 mesopot\u00e0mica antiga ja s&#8217;havia extingit feia temps, a Harran es van mantenir formes de veneraci\u00f3 astral fins a l&#8217;<span class=\"iwg-fachbegriff\" data-tooltip=\"\u00c8poca de transici\u00f3 entre l'antiguitat i l'edat mitjana, aproximadament dels segles III al VII.\" tabindex=\"0\">antiguitat tardana<\/span>. Fonts posteriors informen d&#8217;una comunitat a Harran que practicava cultes astrals.<\/p><p>La valoraci\u00f3 d&#8217;aquestes not\u00edcies \u00e9s controvertida en la recerca, per\u00f2 mostren fins a quin punt va persistir la veneraci\u00f3 de la lluna en aquest lloc.<\/p>\t\t\t\t\t\t\t\t<\/div>\n\t\t\t\t\t<\/div>\n\t\t\t\t<\/div>\n\t\t<div class=\"elementor-element elementor-element-iwgw-sin-s7 e-flex e-con-boxed e-con e-parent\" data-id=\"iwgw-sin-s7\" data-element_type=\"container\" data-e-type=\"container\">\n\t\t\t\t\t<div class=\"e-con-inner\">\n\t\t\t\t<div class=\"elementor-element elementor-element-iwgw-sin-s7h elementor-widget elementor-widget-heading\" data-id=\"iwgw-sin-s7h\" data-element_type=\"widget\" data-e-type=\"widget\" data-widget_type=\"heading.default\">\n\t\t\t\t\t<h2 class=\"elementor-heading-title elementor-size-default\">Recepci\u00f3 i investigaci\u00f3 actuals<\/h2>\t\t\t\t<\/div>\n\t\t\t\t<div class=\"elementor-element elementor-element-iwgw-sin-s7t elementor-widget elementor-widget-text-editor\" data-id=\"iwgw-sin-s7t\" data-element_type=\"widget\" data-e-type=\"widget\" data-widget_type=\"text-editor.default\">\n\t\t\t\t\t\t\t\t\t<p>L&#8217;estudi del culte de Sin es basa en una \u00e0mplia base de fonts. Les excavacions a Ur, sobretot els treballs de Leonard Woolley durant la primera meitat del segle vint, van deixar al descobert <span class=\"iwg-fachbegriff\" data-tooltip=\"Un edifici destinat a la veneraci\u00f3 d'una o m\u00e9s divinitats.\" tabindex=\"0\">temples<\/span>, el zigurat, el gipar i nombroses troballes.<\/p><p>A aix\u00f2 s&#8217;hi afegeixen textos cune\u00efformes, entre ells himnes, preg\u00e0ries, textos rituals i documents administratius, que documenten el <span class=\"iwg-fachbegriff\" data-tooltip=\"El conjunt d'actes de veneraci\u00f3 religiosa dedicats a una divinitat o figura sagrada.\" tabindex=\"0\">culte<\/span> en les seves diverses etapes. Les inscripcions de Nabonid formen un conjunt de fonts propi, molt estudiat, sobre la fase tardana de la veneraci\u00f3 lunar.<\/p><p>Un tema debatut de manera persistent \u00e9s la pol\u00edtica religiosa de Nabonid. La seva prefer\u00e8ncia per Sin en detriment de Marduk va ser presentada com una falta en textos posteriors que li eren hostils. La recerca s&#8217;esfor\u00e7a a distingir aquestes fonts tendencioses de les declaracions pr\u00f2pies del rei i a reconstruir el rerefons de l&#8217;enfrontament entre els sacerdocis.<\/p><p>Un tema important de recerca \u00e9s la dimensi\u00f3 astral de la religi\u00f3 mesopot\u00e0mica. Sin ocupa el centre de la q\u00fcesti\u00f3 de com interactuaven l&#8217;observaci\u00f3 celeste, el calendari i la interpretaci\u00f3 religiosa.<\/p><p>Els savis mesopot\u00e0mics van desenvolupar una interpretaci\u00f3 d&#8217;auguris molt sofisticada, en la qual els fen\u00f2mens lunars tenien un paper central. Aquests textos s\u00f3n interessants no nom\u00e9s des del punt de vista de la hist\u00f2ria de les religions, sin\u00f3 tamb\u00e9 de la hist\u00f2ria de la ci\u00e8ncia, ja que es compten entre les arrels de l&#8217;astronomia posterior.<\/p><p>Tamb\u00e9 la figura d&#8217;Enheduanna ha rebut molta atenci\u00f3 en les darreres d\u00e8cades. Com a summa sacerdotessa del d\u00e9u lunar i suposada autora d&#8217;himnes, es la considera una de les primeres autores conegudes pel nom en la hist\u00f2ria de la literatura.<\/p><p>L&#8217;atribuci\u00f3 dels textos es debat de manera matisada en l&#8217;\u00e0mbit acad\u00e8mic. En conjunt, Sin continua sent una figura a trav\u00e9s de la qual es poden estudiar de manera exemplar temes centrals de la hist\u00f2ria de la religi\u00f3 mesopot\u00e0mica.<\/p>\t\t\t\t\t\t\t\t<\/div>\n\t\t\t\t\t<\/div>\n\t\t\t\t<\/div>\n\t\t<div class=\"elementor-element elementor-element-iwgw-sin-lit e-flex e-con-boxed e-con e-parent\" data-id=\"iwgw-sin-lit\" data-element_type=\"container\" data-e-type=\"container\">\n\t\t\t\t\t<div class=\"e-con-inner\">\n\t\t\t\t<div class=\"elementor-element elementor-element-iwgw-sin-lith elementor-widget elementor-widget-heading\" data-id=\"iwgw-sin-lith\" data-element_type=\"widget\" data-e-type=\"widget\" data-widget_type=\"heading.default\">\n\t\t\t\t\t<h2 class=\"elementor-heading-title elementor-size-default\">Bibliografia (selecci\u00f3)<\/h2>\t\t\t\t<\/div>\n\t\t\t\t<div class=\"elementor-element elementor-element-iwgw-sin-litt elementor-widget elementor-widget-text-editor\" data-id=\"iwgw-sin-litt\" data-element_type=\"widget\" data-e-type=\"widget\" data-widget_type=\"text-editor.default\">\n\t\t\t\t\t\t\t\t\t<ul><li><span data-nosnippet>Jeremy Black, Anthony Green: <em>Gods, Demons and Symbols of Ancient Mesopotamia<\/em> (1992)<\/span><\/li><li>Jean Bott\u00e9ro: <em>Die \u00e4lteste Religion. Mesopotamien<\/em> (2001)<\/li><li>Thorkild Jacobsen: <em>The Treasures of Darkness. A History of Mesopotamian Religion<\/em> (1976)<\/li><li>Mark E. Cohen: <em>The Cultic Calendars of the Ancient Near East<\/em> (1993)<\/li><li>Wilfred G. Lambert: <em>Babylonian Oracle Questions<\/em> (2007)<\/li><\/ul>\t\t\t\t\t\t\t\t<\/div>\n\t\t\t\t\t<\/div>\n\t\t\t\t<\/div>\n\t\t<div class=\"elementor-element elementor-element-iwgkw2-add-sin e-flex e-con-boxed e-con e-parent\" data-id=\"iwgkw2-add-sin\" data-element_type=\"container\" data-e-type=\"container\">\n\t\t\t\t\t<div class=\"e-con-inner\">\n\t\t\t\t<div class=\"elementor-element elementor-element-iwgkw2-add-sin-t elementor-widget elementor-widget-text-editor\" data-id=\"iwgkw2-add-sin-t\" data-element_type=\"widget\" data-e-type=\"widget\" data-widget_type=\"text-editor.default\">\n\t\t\t\t\t\t\t\t\t<p>Sin \u00e9s considerat el d\u00e9u lunar <em>mesopot\u00e0mic<\/em> d&#8217;Ur i Harran, la corona amb banyes i la simbologia de la mitja lluna del qual es va transmetre des de l&#8217;antic sumeri Nanna fins a la ideologia reial babil\u00f2nica tardana.<\/p>\t\t\t\t\t\t\t\t<\/div>\n\t\t\t\t\t<\/div>\n\t\t\t\t<\/div>\n\t\t<div class=\"elementor-element elementor-element-iwgw-sin-kwd e-flex e-con-boxed e-con e-parent\" data-id=\"iwgw-sin-kwd\" data-element_type=\"container\" data-e-type=\"container\">\n\t\t\t\t\t<div class=\"e-con-inner\">\n\t\t\t\t<div class=\"elementor-element elementor-element-iwgw-sin-kwdt elementor-widget elementor-widget-text-editor\" data-id=\"iwgw-sin-kwdt\" data-element_type=\"widget\" data-e-type=\"widget\" data-widget_type=\"text-editor.default\">\n\t\t\t\t\t\t\t\t\t<p><em>Termes clau relacionats: Sin Nanna Suen Ur Harran d\u00e9u lunar zigurat Enheduanna Xamaix.<\/em><\/p>\t\t\t\t\t\t\t\t<\/div>\n\t\t\t\t\t<\/div>\n\t\t\t\t<\/div>\n\t\t<div class=\"elementor-element elementor-element-iwgw-sin-cc e-flex e-con-boxed e-con e-parent\" data-id=\"iwgw-sin-cc\" data-element_type=\"container\" data-e-type=\"container\" id=\"iwg-cc-sin\">\n\t\t\t\t\t<div class=\"e-con-inner\">\n\t\t<div class=\"elementor-element elementor-element-iwgw-sin-ccinner e-flex e-con-boxed e-con e-parent\" data-id=\"iwgw-sin-ccinner\" data-element_type=\"container\" data-e-type=\"container\" data-settings=\"{&quot;background_background&quot;:&quot;classic&quot;}\">\n\t\t\t\t\t<div class=\"e-con-inner\">\n\t\t\t\t<div class=\"elementor-element elementor-element-iwgw-sin-cch elementor-widget elementor-widget-heading\" data-id=\"iwgw-sin-cch\" data-element_type=\"widget\" data-e-type=\"widget\" data-widget_type=\"heading.default\">\n\t\t\t\t\t<h2 class=\"elementor-heading-title elementor-size-default\">iWell Guard i tradicions de protecci\u00f3<\/h2>\t\t\t\t<\/div>\n\t\t\t\t<div class=\"elementor-element elementor-element-iwgw-sin-cct elementor-widget elementor-widget-text-editor\" data-id=\"iwgw-sin-cct\" data-element_type=\"widget\" data-e-type=\"widget\" data-widget_type=\"text-editor.default\">\n\t\t\t\t\t\t\t\t\t<div data-nosnippet=\"true\"><p>iWell Guard s&#8217;inspira en la tradici\u00f3 cultural i hist\u00f2rica dels objectes de protecci\u00f3 portables, seguint la tradici\u00f3 de <a href=\"https:\/\/iwell-guard.com\/ca\/mesopotamia\/\">Mesopot\u00e0mia<\/a> i de moltes altres cultures d&#8217;arreu del m\u00f3n. 41 nivells, or aut\u00e8ntic, plat\u00ed, plata, fabricat a Alemanya. Dret de devoluci\u00f3 de 30 dies.<\/p><\/div>\t\t\t\t\t\t\t\t<\/div>\n\t\t\t\t<div class=\"elementor-element elementor-element-iwgw-sin-ccb iwg-cc-button iwg-cc-cta-2026-05-13 elementor-widget elementor-widget-jet-button\" data-id=\"iwgw-sin-ccb\" data-element_type=\"widget\" data-e-type=\"widget\" data-widget_type=\"jet-button.default\">\n\t\t\t\t<div class=\"elementor-widget-container\">\n\t\t\t\t\t<div class=\"elementor-jet-button jet-elements\"><div class=\"jet-button__container\"><a class=\"jet-button__instance jet-button__instance--icon-left hover-effect-1\" href=\"\/ueber-iwell-guard\/?utm_source=iwell-guard.com&amp;utm_medium=info-box&amp;utm_campaign=wesen-tradition\"><div class=\"jet-button__plane jet-button__plane-normal\"><\/div><div class=\"jet-button__plane jet-button__plane-hover\"><\/div><div class=\"jet-button__state jet-button__state-normal\"><span class=\"jet-button__label\">M\u00e9s informaci\u00f3 sobre l'iWell Guard<\/span><\/div><div class=\"jet-button__state jet-button__state-hover\"><span class=\"jet-button__label\">M\u00e9s informaci\u00f3 sobre l'iWell Guard<\/span><\/div><\/a><\/div><\/div><style>.elementor-element.elementor-element-iwgw-sin-ccb .jet-button__instance{width:320px;height:56px;}.elementor-element.elementor-element-iwgw-sin-ccb .jet-button__state-normal .jet-button__label{text-align:center;margin:0px 0px 0px 0px;color:#1a1b20;font-family:Montserrat,sans-serif;font-size:13px;font-weight:400;letter-spacing:4px;line-height:1.714em;text-transform:uppercase;}.elementor-element.elementor-element-iwgw-sin-ccb .jet-button__state-hover .jet-button__label{text-align:center;margin:0px 0px 0px 0px;color:#FECC76;font-family:Montserrat,sans-serif;font-size:13px;font-weight:400;letter-spacing:4px;line-height:1.714em;text-transform:uppercase;}.elementor-element.elementor-element-iwgw-sin-ccb .jet-button__plane-normal{background-color:#FECC76;border-style:solid;border-color:#C99540;border-width:2px 2px 2px 2px;}.elementor-element.elementor-element-iwgw-sin-ccb .jet-button__plane-hover{background-color:rgba(0,0,0,0.55);border-style:solid;border-color:#FECC76;border-width:2px 2px 2px 2px;}<\/style>\t\t\t\t<\/div>\n\t\t\t\t<\/div>\n\t\t\t\t<div class=\"elementor-element elementor-element-iwgw-sin-ccd elementor-widget elementor-widget-text-editor\" data-id=\"iwgw-sin-ccd\" data-element_type=\"widget\" data-e-type=\"widget\" data-widget_type=\"text-editor.default\">\n\t\t\t\t\t\t\t\t\t<div data-nosnippet=\"true\"><p style=\"text-align:center;font-size:13px;opacity:0.7;margin-top:14px\" data-nosnippet=\"true\">Les experi\u00e8ncies personals poden variar. No \u00e9s un producte sanitari. No \u00e9s una promesa de curaci\u00f3.<\/p><\/div>\t\t\t\t\t\t\t\t<\/div>\n\t\t\t\t\t<\/div>\n\t\t\t\t<\/div>\n\t\t\t\t\t<\/div>\n\t\t\t\t<\/div>\n\t\t<div class=\"elementor-element elementor-element-iwgw-sin-disc e-flex e-con-boxed e-con e-parent\" data-id=\"iwgw-sin-disc\" data-element_type=\"container\" data-e-type=\"container\">\n\t\t\t\t\t<div class=\"e-con-inner\">\n\t\t\t\t<div class=\"elementor-element elementor-element-iwgw-sin-discw elementor-widget elementor-widget-html\" data-id=\"iwgw-sin-discw\" data-element_type=\"widget\" data-e-type=\"widget\" data-widget_type=\"html.default\">\n\t\t\t\t\t<footer data-nosnippet=\"true\" class=\"iwg-disclaimer-block\"><p data-nosnippet=\"true\">iWell Guard <strong>no \u00e9s un producte sanitari<\/strong> i no substitueix cap tractament m\u00e8dic o psicoterap\u00e8utic. Els continguts d'hist\u00f2ria de les religions s\u00f3n una classificaci\u00f3 culturohist\u00f2rica, no una recomanaci\u00f3 de pr\u00e0ctica espiritual.<\/p><\/footer>\t\t\t\t<\/div>\n\t\t\t\t\t<\/div>\n\t\t\t\t<\/div>\n\t\t\t\t<\/div>\n\t\t","protected":false},"excerpt":{"rendered":"","protected":false},"author":3,"featured_media":3382,"parent":0,"menu_order":0,"comment_status":"closed","ping_status":"closed","template":"elementor_header_footer","meta":{"_yoast_wpseo_focuskw":"Sin d\u00e9u lunar mesopot\u00e0mic","_yoast_wpseo_title":"Sin \u2013 d\u00e9u lunar mesopot\u00e0mic d'Ur i Harran","_yoast_wpseo_metadesc":"Sin, en sumeri Nanna, era el d\u00e9u lunar mesopot\u00e0mic amb centres de culte a Ur i Harran, guardi\u00e0 del temps i del calendari.","_yoast_wpseo_meta-robots-noindex":"","_yoast_wpseo_canonical":"","_angie_page":false,"gefaehrdungsstufe":"2","wesen_kultur":"mesopotamien","wesen_klasse":"goetter","footnotes":""},"categories":[],"class_list":["post-171787","page","type-page","status-publish","has-post-thumbnail","hentry"],"yoast_head":"<!-- This site is optimized with the Yoast SEO Premium plugin v27.7 (Yoast SEO v28.3) - https:\/\/yoast.com\/product\/yoast-seo-premium-wordpress\/ -->\n<title>Sin \u2013 d\u00e9u lunar mesopot\u00e0mic d&#039;Ur i Harran<\/title>\n<meta name=\"description\" content=\"Sin, en sumeri Nanna, era el d\u00e9u lunar mesopot\u00e0mic amb centres de culte a Ur i Harran, guardi\u00e0 del temps i del calendari.\" \/>\n<meta name=\"robots\" content=\"index, follow, max-snippet:-1, max-image-preview:large, max-video-preview:-1\" \/>\n<link rel=\"canonical\" href=\"https:\/\/iwell-guard.com\/ca\/sin-deu-lunar-ur-harran\/\" \/>\n<meta property=\"og:locale\" content=\"ca_ES\" \/>\n<meta property=\"og:type\" content=\"article\" \/>\n<meta property=\"og:title\" content=\"Sin \u2013 D\u00e9u lunar d&#039;Ur i Harran\" \/>\n<meta property=\"og:description\" content=\"Sin, en sumeri Nanna, era el d\u00e9u lunar mesopot\u00e0mic amb centres de culte a Ur i Harran, guardi\u00e0 del temps i del calendari.\" \/>\n<meta property=\"og:url\" content=\"https:\/\/iwell-guard.com\/ca\/sin-deu-lunar-ur-harran\/\" \/>\n<meta property=\"og:site_name\" content=\"iWell Guard\" \/>\n<meta property=\"article:modified_time\" content=\"2026-09-05T16:07:11+00:00\" \/>\n<meta property=\"og:image\" content=\"https:\/\/iwell-guard.com\/wp-content\/uploads\/2026\/05\/goetter_mesopotamien_sin.webp\" \/>\n\t<meta property=\"og:image:width\" content=\"1024\" \/>\n\t<meta property=\"og:image:height\" content=\"1536\" \/>\n\t<meta property=\"og:image:type\" content=\"image\/webp\" \/>\n<meta name=\"twitter:card\" content=\"summary_large_image\" \/>\n<script type=\"application\/ld+json\" class=\"yoast-schema-graph\">{\"@context\":\"https:\\\/\\\/schema.org\",\"@graph\":[{\"@type\":\"WebPage\",\"@id\":\"https:\\\/\\\/iwell-guard.com\\\/ca\\\/sin-deu-lunar-ur-harran\\\/\",\"url\":\"https:\\\/\\\/iwell-guard.com\\\/ca\\\/sin-deu-lunar-ur-harran\\\/\",\"name\":\"Sin \u2013 d\u00e9u lunar mesopot\u00e0mic d'Ur i Harran\",\"isPartOf\":{\"@id\":\"https:\\\/\\\/iwell-guard.com\\\/ca\\\/#website\"},\"primaryImageOfPage\":{\"@id\":\"https:\\\/\\\/iwell-guard.com\\\/ca\\\/sin-deu-lunar-ur-harran\\\/#primaryimage\"},\"image\":{\"@id\":\"https:\\\/\\\/iwell-guard.com\\\/ca\\\/sin-deu-lunar-ur-harran\\\/#primaryimage\"},\"thumbnailUrl\":\"https:\\\/\\\/iwell-guard.com\\\/wp-content\\\/uploads\\\/2026\\\/05\\\/goetter_mesopotamien_sin.webp\",\"datePublished\":\"2026-09-05T15:42:24+00:00\",\"dateModified\":\"2026-09-05T16:07:11+00:00\",\"description\":\"Sin, en sumeri Nanna, era el d\u00e9u lunar mesopot\u00e0mic amb centres de culte a Ur i Harran, guardi\u00e0 del temps i del calendari.\",\"breadcrumb\":{\"@id\":\"https:\\\/\\\/iwell-guard.com\\\/ca\\\/sin-deu-lunar-ur-harran\\\/#breadcrumb\"},\"inLanguage\":\"ca\",\"potentialAction\":[{\"@type\":\"ReadAction\",\"target\":[\"https:\\\/\\\/iwell-guard.com\\\/ca\\\/sin-deu-lunar-ur-harran\\\/\"]}]},{\"@type\":\"ImageObject\",\"inLanguage\":\"ca\",\"@id\":\"https:\\\/\\\/iwell-guard.com\\\/ca\\\/sin-deu-lunar-ur-harran\\\/#primaryimage\",\"url\":\"https:\\\/\\\/iwell-guard.com\\\/wp-content\\\/uploads\\\/2026\\\/05\\\/goetter_mesopotamien_sin.webp\",\"contentUrl\":\"https:\\\/\\\/iwell-guard.com\\\/wp-content\\\/uploads\\\/2026\\\/05\\\/goetter_mesopotamien_sin.webp\",\"width\":1024,\"height\":1536,\"caption\":\"D\u00e9us de la tradici\u00f3 mesopot\u00e0mica.\"},{\"@type\":\"BreadcrumbList\",\"@id\":\"https:\\\/\\\/iwell-guard.com\\\/ca\\\/sin-deu-lunar-ur-harran\\\/#breadcrumb\",\"itemListElement\":[{\"@type\":\"ListItem\",\"position\":1,\"name\":\"Start\",\"item\":\"https:\\\/\\\/iwell-guard.com\\\/ca\\\/?page_id=171333\"},{\"@type\":\"ListItem\",\"position\":2,\"name\":\"Sin \u2013 D\u00e9u lunar d&#8217;Ur i Harran\"}]},{\"@type\":\"WebSite\",\"@id\":\"https:\\\/\\\/iwell-guard.com\\\/ca\\\/#website\",\"url\":\"https:\\\/\\\/iwell-guard.com\\\/ca\\\/\",\"name\":\"iWell Guard\",\"description\":\"Schutz vor dunklen Einfl\u00fcssen\",\"publisher\":{\"@id\":\"https:\\\/\\\/iwell-guard.com\\\/ca\\\/#organization\"},\"potentialAction\":[{\"@type\":\"SearchAction\",\"target\":{\"@type\":\"EntryPoint\",\"urlTemplate\":\"https:\\\/\\\/iwell-guard.com\\\/ca\\\/?s={search_term_string}\"},\"query-input\":{\"@type\":\"PropertyValueSpecification\",\"valueRequired\":true,\"valueName\":\"search_term_string\"}}],\"inLanguage\":\"ca\"},{\"@type\":\"Organization\",\"@id\":\"https:\\\/\\\/iwell-guard.com\\\/ca\\\/#organization\",\"name\":\"Ittermann electronic GmbH\",\"url\":\"https:\\\/\\\/iwell-guard.com\\\/ca\\\/\",\"logo\":{\"@type\":\"ImageObject\",\"inLanguage\":\"ca\",\"@id\":\"https:\\\/\\\/iwell-guard.com\\\/ca\\\/#\\\/schema\\\/logo\\\/image\\\/\",\"url\":\"https:\\\/\\\/iwell-guard.com\\\/wp-content\\\/uploads\\\/2026\\\/05\\\/Ittermann-Logo-1182x237-1.png\",\"contentUrl\":\"https:\\\/\\\/iwell-guard.com\\\/wp-content\\\/uploads\\\/2026\\\/05\\\/Ittermann-Logo-1182x237-1.png\",\"width\":1182,\"height\":237,\"caption\":\"Ittermann electronic GmbH\"},\"image\":{\"@id\":\"https:\\\/\\\/iwell-guard.com\\\/ca\\\/#\\\/schema\\\/logo\\\/image\\\/\"},\"sameAs\":[\"https:\\\/\\\/pantip.com\\\/profile\\\/9367242\",\"https:\\\/\\\/micro.blog\\\/iwellguard\",\"https:\\\/\\\/www.diggerslist.com\\\/iwellguard\\\/about\",\"https:\\\/\\\/skitterphoto.com\\\/photographers\\\/2870314\\\/iwell-guard\",\"https:\\\/\\\/iwellguard.wordpress.com\\\/2026\\\/06\\\/06\\\/iwell-guard\\\/\",\"https:\\\/\\\/hub.docker.com\\\/u\\\/iwellguard\",\"https:\\\/\\\/www.pinterest.com\\\/iwellguard\\\/\",\"https:\\\/\\\/bit.ly\\\/m\\\/iwellguard\",\"https:\\\/\\\/entre-vos-mains.alsace.eu\\\/profiles\\\/iwellguard\\\/activity\",\"https:\\\/\\\/gravatar.com\\\/reallybeded8fd34\",\"https:\\\/\\\/naijamatta.com\\\/iwellguard\",\"https:\\\/\\\/www.goodreads.com\\\/iwellguard\",\"https:\\\/\\\/profile.hatena.ne.jp\\\/iwellguard\\\/\",\"https:\\\/\\\/experiment.com\\\/users\\\/iwellguard\",\"https:\\\/\\\/wakelet.com\\\/@iWellGuard82270\",\"https:\\\/\\\/www.chordie.com\\\/forum\\\/profile.php?id=2555664\",\"https:\\\/\\\/www.instapaper.com\\\/p\\\/17757966\",\"https:\\\/\\\/www.mapleprimes.com\\\/users\\\/iwellguard\",\"https:\\\/\\\/businesslistingplus.com\\\/profile\\\/iwell-guard\\\/\",\"https:\\\/\\\/telegra.ph\\\/iWell-Guard-06-06\",\"https:\\\/\\\/pbase.com\\\/iwellguard\\\/iwellguard\",\"https:\\\/\\\/b.hatena.ne.jp\\\/iwellguard\\\/20260607#bookmark-4788405196491818882\",\"https:\\\/\\\/fliphtml5.com\\\/home\\\/iwellguard\",\"https:\\\/\\\/anyflip.com\\\/homepage\\\/cmiwl#About\",\"https:\\\/\\\/transfur.com\\\/Users\\\/iwellguard\",\"http:\\\/\\\/delphi.larsbo.org\\\/user\\\/iwellguard\",\"https:\\\/\\\/jobs.lajobsportal.org\\\/profiles\\\/8380803-iwell-guard\",\"https:\\\/\\\/md.chaosdorf.de\\\/s\\\/jfbe5SBdJD\",\"https:\\\/\\\/www.lingvolive.com\\\/en-us\\\/profile\\\/9ecaeaca-ce11-4e51-9e71-01d55e2bff36\\\/translations\",\"https:\\\/\\\/www.fitday.com\\\/fitness\\\/forums\\\/members\\\/iwellguard.html\",\"https:\\\/\\\/www.mymeetbook.com\\\/iwellguard\",\"https:\\\/\\\/pxhere.com\\\/en\\\/photographer-me\\\/5040798\",\"https:\\\/\\\/disqus.com\\\/by\\\/iwellguard\\\/about\\\/\",\"https:\\\/\\\/pastelink.net\\\/hjwciqwq\",\"https:\\\/\\\/pubhtml5.com\\\/homepage\\\/scjhn\\\/\",\"https:\\\/\\\/www.bitchute.com\\\/channel\\\/2O2eOKzNqujT\",\"https:\\\/\\\/audiomack.com\\\/iwellguard\"]},{\"@type\":\"Article\",\"@id\":\"https:\\\/\\\/iwell-guard.com\\\/ca\\\/sin-deu-lunar-ur-harran\\\/#article\",\"isPartOf\":{\"@id\":\"https:\\\/\\\/iwell-guard.com\\\/ca\\\/sin-deu-lunar-ur-harran\\\/\"},\"author\":{\"name\":\"Ralf Ittermann\",\"@id\":\"https:\\\/\\\/iwell-guard.com\\\/ca\\\/#\\\/schema\\\/person\\\/ee2a27f1cac3406c7c6fb5820cb7349f\"},\"headline\":\"Sin \u2013 D\u00e9u lunar d&#8217;Ur i Harran\",\"datePublished\":\"2026-09-05T15:42:24+00:00\",\"dateModified\":\"2026-09-05T16:07:11+00:00\",\"mainEntityOfPage\":{\"@id\":\"https:\\\/\\\/iwell-guard.com\\\/ca\\\/sin-deu-lunar-ur-harran\\\/\"},\"publisher\":{\"@id\":\"https:\\\/\\\/iwell-guard.com\\\/ca\\\/#organization\"},\"image\":{\"@id\":\"https:\\\/\\\/iwell-guard.com\\\/ca\\\/sin-deu-lunar-ur-harran\\\/#primaryimage\"},\"thumbnailUrl\":\"https:\\\/\\\/iwell-guard.com\\\/wp-content\\\/uploads\\\/2026\\\/05\\\/goetter_mesopotamien_sin.webp\",\"inLanguage\":\"ca\",\"description\":\"Sin, en sumeri Nanna, era el d\u00e9u lunar mesopot\u00e0mic amb centres de culte a Ur i Harran, guardi\u00e0 del temps i del calendari.\"}]}<\/script>\n<!-- \/ Yoast SEO Premium plugin. -->","yoast_head_json":{"title":"Sin \u2013 d\u00e9u lunar mesopot\u00e0mic d'Ur i Harran","description":"Sin, en sumeri Nanna, era el d\u00e9u lunar mesopot\u00e0mic amb centres de culte a Ur i Harran, guardi\u00e0 del temps i del calendari.","robots":{"index":"index","follow":"follow","max-snippet":"max-snippet:-1","max-image-preview":"max-image-preview:large","max-video-preview":"max-video-preview:-1"},"canonical":"https:\/\/iwell-guard.com\/ca\/sin-deu-lunar-ur-harran\/","og_locale":"ca_ES","og_type":"article","og_title":"Sin \u2013 D\u00e9u lunar d'Ur i Harran","og_description":"Sin, en sumeri Nanna, era el d\u00e9u lunar mesopot\u00e0mic amb centres de culte a Ur i Harran, guardi\u00e0 del temps i del calendari.","og_url":"https:\/\/iwell-guard.com\/ca\/sin-deu-lunar-ur-harran\/","og_site_name":"iWell Guard","article_modified_time":"2026-09-05T16:07:11+00:00","og_image":[{"width":1024,"height":1536,"url":"https:\/\/iwell-guard.com\/wp-content\/uploads\/2026\/05\/goetter_mesopotamien_sin.webp","type":"image\/webp"}],"twitter_card":"summary_large_image","schema":{"@context":"https:\/\/schema.org","@graph":[{"@type":"Article","@id":"https:\/\/iwell-guard.com\/ca\/sin-deu-lunar-ur-harran\/#article","isPartOf":{"@id":"https:\/\/iwell-guard.com\/ca\/sin-deu-lunar-ur-harran\/"},"author":{"name":"Ralf Ittermann","@id":"https:\/\/iwell-guard.com\/ca\/#\/schema\/person\/ee2a27f1cac3406c7c6fb5820cb7349f"},"headline":"Sin \u2013 D\u00e9u lunar d&#8217;Ur i Harran","datePublished":"2026-09-05T15:42:24+00:00","dateModified":"2026-09-05T16:07:11+00:00","mainEntityOfPage":{"@id":"https:\/\/iwell-guard.com\/ca\/sin-deu-lunar-ur-harran\/"},"publisher":{"@id":"https:\/\/iwell-guard.com\/ca\/#organization"},"image":{"@id":"https:\/\/iwell-guard.com\/ca\/sin-deu-lunar-ur-harran\/#primaryimage"},"thumbnailUrl":"https:\/\/iwell-guard.com\/wp-content\/uploads\/2026\/05\/goetter_mesopotamien_sin.webp","inLanguage":"ca","description":"Sin, en sumeri Nanna, era el d\u00e9u lunar mesopot\u00e0mic amb centres de culte a Ur i Harran, guardi\u00e0 del temps i del calendari."},{"@type":"WebPage","@id":"https:\/\/iwell-guard.com\/ca\/sin-deu-lunar-ur-harran\/","url":"https:\/\/iwell-guard.com\/ca\/sin-deu-lunar-ur-harran\/","name":"Sin \u2013 d\u00e9u lunar mesopot\u00e0mic d'Ur i Harran","isPartOf":{"@id":"https:\/\/iwell-guard.com\/ca\/#website"},"primaryImageOfPage":{"@id":"https:\/\/iwell-guard.com\/ca\/sin-deu-lunar-ur-harran\/#primaryimage"},"image":{"@id":"https:\/\/iwell-guard.com\/ca\/sin-deu-lunar-ur-harran\/#primaryimage"},"thumbnailUrl":"https:\/\/iwell-guard.com\/wp-content\/uploads\/2026\/05\/goetter_mesopotamien_sin.webp","datePublished":"2026-09-05T15:42:24+00:00","dateModified":"2026-09-05T16:07:11+00:00","description":"Sin, en sumeri Nanna, era el d\u00e9u lunar mesopot\u00e0mic amb centres de culte a Ur i Harran, guardi\u00e0 del temps i del calendari.","breadcrumb":{"@id":"https:\/\/iwell-guard.com\/ca\/sin-deu-lunar-ur-harran\/#breadcrumb"},"inLanguage":"ca","potentialAction":[{"@type":"ReadAction","target":["https:\/\/iwell-guard.com\/ca\/sin-deu-lunar-ur-harran\/"]}]},{"@type":"ImageObject","inLanguage":"ca","@id":"https:\/\/iwell-guard.com\/ca\/sin-deu-lunar-ur-harran\/#primaryimage","url":"https:\/\/iwell-guard.com\/wp-content\/uploads\/2026\/05\/goetter_mesopotamien_sin.webp","contentUrl":"https:\/\/iwell-guard.com\/wp-content\/uploads\/2026\/05\/goetter_mesopotamien_sin.webp","width":1024,"height":1536,"caption":"D\u00e9us de la tradici\u00f3 mesopot\u00e0mica."},{"@type":"BreadcrumbList","@id":"https:\/\/iwell-guard.com\/ca\/sin-deu-lunar-ur-harran\/#breadcrumb","itemListElement":[{"@type":"ListItem","position":1,"name":"Start","item":"https:\/\/iwell-guard.com\/ca\/?page_id=171333"},{"@type":"ListItem","position":2,"name":"Sin \u2013 D\u00e9u lunar d&#8217;Ur i Harran"}]},{"@type":"WebSite","@id":"https:\/\/iwell-guard.com\/ca\/#website","url":"https:\/\/iwell-guard.com\/ca\/","name":"iWell Guard","description":"Schutz vor dunklen Einfl\u00fcssen","publisher":{"@id":"https:\/\/iwell-guard.com\/ca\/#organization"},"potentialAction":[{"@type":"SearchAction","target":{"@type":"EntryPoint","urlTemplate":"https:\/\/iwell-guard.com\/ca\/?s={search_term_string}"},"query-input":{"@type":"PropertyValueSpecification","valueRequired":true,"valueName":"search_term_string"}}],"inLanguage":"ca"},{"@type":"Organization","@id":"https:\/\/iwell-guard.com\/ca\/#organization","name":"Ittermann electronic GmbH","url":"https:\/\/iwell-guard.com\/ca\/","logo":{"@type":"ImageObject","inLanguage":"ca","@id":"https:\/\/iwell-guard.com\/ca\/#\/schema\/logo\/image\/","url":"https:\/\/iwell-guard.com\/wp-content\/uploads\/2026\/05\/Ittermann-Logo-1182x237-1.png","contentUrl":"https:\/\/iwell-guard.com\/wp-content\/uploads\/2026\/05\/Ittermann-Logo-1182x237-1.png","width":1182,"height":237,"caption":"Ittermann electronic GmbH"},"image":{"@id":"https:\/\/iwell-guard.com\/ca\/#\/schema\/logo\/image\/"},"sameAs":["https:\/\/pantip.com\/profile\/9367242","https:\/\/micro.blog\/iwellguard","https:\/\/www.diggerslist.com\/iwellguard\/about","https:\/\/skitterphoto.com\/photographers\/2870314\/iwell-guard","https:\/\/iwellguard.wordpress.com\/2026\/06\/06\/iwell-guard\/","https:\/\/hub.docker.com\/u\/iwellguard","https:\/\/www.pinterest.com\/iwellguard\/","https:\/\/bit.ly\/m\/iwellguard","https:\/\/entre-vos-mains.alsace.eu\/profiles\/iwellguard\/activity","https:\/\/gravatar.com\/reallybeded8fd34","https:\/\/naijamatta.com\/iwellguard","https:\/\/www.goodreads.com\/iwellguard","https:\/\/profile.hatena.ne.jp\/iwellguard\/","https:\/\/experiment.com\/users\/iwellguard","https:\/\/wakelet.com\/@iWellGuard82270","https:\/\/www.chordie.com\/forum\/profile.php?id=2555664","https:\/\/www.instapaper.com\/p\/17757966","https:\/\/www.mapleprimes.com\/users\/iwellguard","https:\/\/businesslistingplus.com\/profile\/iwell-guard\/","https:\/\/telegra.ph\/iWell-Guard-06-06","https:\/\/pbase.com\/iwellguard\/iwellguard","https:\/\/b.hatena.ne.jp\/iwellguard\/20260607#bookmark-4788405196491818882","https:\/\/fliphtml5.com\/home\/iwellguard","https:\/\/anyflip.com\/homepage\/cmiwl#About","https:\/\/transfur.com\/Users\/iwellguard","http:\/\/delphi.larsbo.org\/user\/iwellguard","https:\/\/jobs.lajobsportal.org\/profiles\/8380803-iwell-guard","https:\/\/md.chaosdorf.de\/s\/jfbe5SBdJD","https:\/\/www.lingvolive.com\/en-us\/profile\/9ecaeaca-ce11-4e51-9e71-01d55e2bff36\/translations","https:\/\/www.fitday.com\/fitness\/forums\/members\/iwellguard.html","https:\/\/www.mymeetbook.com\/iwellguard","https:\/\/pxhere.com\/en\/photographer-me\/5040798","https:\/\/disqus.com\/by\/iwellguard\/about\/","https:\/\/pastelink.net\/hjwciqwq","https:\/\/pubhtml5.com\/homepage\/scjhn\/","https:\/\/www.bitchute.com\/channel\/2O2eOKzNqujT","https:\/\/audiomack.com\/iwellguard"]},{"@type":"Person","@id":"https:\/\/iwell-guard.com\/ca\/#\/schema\/person\/ee2a27f1cac3406c7c6fb5820cb7349f","name":"Ralf Ittermann","image":{"@type":"ImageObject","inLanguage":"ca","@id":"https:\/\/secure.gravatar.com\/avatar\/073c0153e350a5005b68eb752b445fea71f6b24a26da9449ad7e155e6b446c9d?s=96&d=mm&r=g","url":"https:\/\/secure.gravatar.com\/avatar\/073c0153e350a5005b68eb752b445fea71f6b24a26da9449ad7e155e6b446c9d?s=96&d=mm&r=g","contentUrl":"https:\/\/secure.gravatar.com\/avatar\/073c0153e350a5005b68eb752b445fea71f6b24a26da9449ad7e155e6b446c9d?s=96&d=mm&r=g","caption":"Ralf Ittermann"},"givenName":"Ralf","familyName":"Ittermann","jobTitle":"Gesch\u00e4ftsf\u00fchrer und redaktioneller Verantwortlicher","url":"https:\/\/iwell-guard.com\/ca\/author\/claude\/","description":"Ralf Ittermann ist Gesch\u00e4ftsf\u00fchrer der Ittermann electronic GmbH und redaktioneller Verantwortlicher des iWell-Guard-Lexikons. Er verbindet langj\u00e4hrige Erfahrung in der Pr\u00e4zisionsfertigung mit medialer Praxis und religionsgeschichtlicher Quellenarbeit.","worksFor":{"@type":"Organization","name":"Ittermann electronic GmbH","url":"https:\/\/ittermann.de\/","address":{"@type":"PostalAddress","streetAddress":"K\u00f6hlergasse 16-18","postalCode":"99842","addressLocality":"Ruhla","addressCountry":"DE"}},"knowsAbout":["Religionsgeschichte","Mythologie","Mediale Praxis","Energetische Diagnostik","Schutzpraxis","Volksglauben","Westliche Esoterik"]},{"@type":"Article","@id":"https:\/\/iwell-guard.com\/ca\/sin-deu-lunar-ur-harran\/#article","isPartOf":{"@id":"https:\/\/iwell-guard.com\/ca\/sin-deu-lunar-ur-harran\/"},"author":{"name":"Ralf Ittermann","@id":"https:\/\/iwell-guard.com\/ca\/#\/schema\/person\/ee2a27f1cac3406c7c6fb5820cb7349f"},"headline":"Sin \u2013 D\u00e9u lunar d&#8217;Ur i Harran","datePublished":"2026-09-05T15:42:24+00:00","dateModified":"2026-09-05T16:07:11+00:00","mainEntityOfPage":{"@id":"https:\/\/iwell-guard.com\/ca\/sin-deu-lunar-ur-harran\/"},"publisher":{"@id":"https:\/\/iwell-guard.com\/ca\/#organization"},"image":{"@id":"https:\/\/iwell-guard.com\/ca\/sin-deu-lunar-ur-harran\/#primaryimage"},"thumbnailUrl":"https:\/\/iwell-guard.com\/wp-content\/uploads\/2026\/05\/goetter_mesopotamien_sin.webp","inLanguage":"ca","description":"Sin, en sumeri Nanna, era el d\u00e9u lunar mesopot\u00e0mic amb centres de culte a Ur i Harran, guardi\u00e0 del temps i del calendari."}]}},"_links":{"self":[{"href":"https:\/\/iwell-guard.com\/ca\/wp-json\/wp\/v2\/pages\/171787","targetHints":{"allow":["GET"]}}],"collection":[{"href":"https:\/\/iwell-guard.com\/ca\/wp-json\/wp\/v2\/pages"}],"about":[{"href":"https:\/\/iwell-guard.com\/ca\/wp-json\/wp\/v2\/types\/page"}],"author":[{"embeddable":true,"href":"https:\/\/iwell-guard.com\/ca\/wp-json\/wp\/v2\/users\/3"}],"replies":[{"embeddable":true,"href":"https:\/\/iwell-guard.com\/ca\/wp-json\/wp\/v2\/comments?post=171787"}],"version-history":[{"count":0,"href":"https:\/\/iwell-guard.com\/ca\/wp-json\/wp\/v2\/pages\/171787\/revisions"}],"wp:featuredmedia":[{"embeddable":true,"href":"https:\/\/iwell-guard.com\/ca\/wp-json\/wp\/v2\/media\/3382"}],"wp:attachment":[{"href":"https:\/\/iwell-guard.com\/ca\/wp-json\/wp\/v2\/media?parent=171787"}],"wp:term":[{"taxonomy":"category","embeddable":true,"href":"https:\/\/iwell-guard.com\/ca\/wp-json\/wp\/v2\/categories?post=171787"}],"curies":[{"name":"wp","href":"https:\/\/api.w.org\/{rel}","templated":true}]}}