{"id":171786,"date":"2026-09-05T15:42:23","date_gmt":"2026-09-05T15:42:23","guid":{"rendered":"https:\/\/iwell-guard.com\/?page_id=171786"},"modified":"2026-09-05T16:07:11","modified_gmt":"2026-09-05T16:07:11","slug":"enlil-deu-de-la-tempesta-i-senyor-del-panteo","status":"publish","type":"page","link":"https:\/\/iwell-guard.com\/ca\/enlil-deu-de-la-tempesta-i-senyor-del-panteo\/","title":{"rendered":"Enlil \u2013 d\u00e9u de la tempesta i senyor del pante\u00f3"},"content":{"rendered":"\t\t<div data-elementor-type=\"wp-page\" data-elementor-id=\"171786\" class=\"elementor elementor-171786 elementor-2920 elementor-bc-flex-widget\" data-elementor-post-type=\"page\">\n\t\t\t\t<div class=\"elementor-element elementor-element-heroaad0d85 e-flex e-con-boxed e-con e-parent\" data-id=\"heroaad0d85\" data-element_type=\"container\" data-e-type=\"container\">\n\t\t\t\t\t<div class=\"e-con-inner\">\n\t\t\t\t<div class=\"elementor-element elementor-element-heroimgba7b3ad iwg-hero-image elementor-widget elementor-widget-image\" data-id=\"heroimgba7b3ad\" data-element_type=\"widget\" data-e-type=\"widget\" data-widget_type=\"image.default\">\n\t\t\t\t\t\t\t\t\t\t\t\t\t\t\t<img fetchpriority=\"high\" decoding=\"async\" width=\"683\" height=\"1024\" src=\"https:\/\/iwell-guard.com\/wp-content\/uploads\/2026\/05\/goetter_mesopotamien_enlil-683x1024.webp\" class=\"attachment-large size-large wp-image-3381\" alt=\"Enlil \u2013 d\u00e9u de la tempesta i senyor del pante\u00f3\" srcset=\"https:\/\/iwell-guard.com\/wp-content\/uploads\/2026\/05\/goetter_mesopotamien_enlil-683x1024.webp 683w, https:\/\/iwell-guard.com\/wp-content\/uploads\/2026\/05\/goetter_mesopotamien_enlil-200x300.webp 200w, https:\/\/iwell-guard.com\/wp-content\/uploads\/2026\/05\/goetter_mesopotamien_enlil-768x1152.webp 768w, https:\/\/iwell-guard.com\/wp-content\/uploads\/2026\/05\/goetter_mesopotamien_enlil.webp 1024w\" sizes=\"(max-width: 683px) 100vw, 683px\" \/>\t\t\t\t\t\t\t\t\t\t\t\t\t\t\t<\/div>\n\t\t\t\t\t<\/div>\n\t\t\t\t<\/div>\n\t\t<div class=\"elementor-element elementor-element-iwgw-enlil-hero e-flex e-con-boxed e-con e-parent\" data-id=\"iwgw-enlil-hero\" data-element_type=\"container\" data-e-type=\"container\">\n\t\t\t\t\t<div class=\"e-con-inner\">\n\t\t\t\t<div class=\"elementor-element elementor-element-iwgw-enlil-h1 elementor-widget elementor-widget-heading\" data-id=\"iwgw-enlil-h1\" data-element_type=\"widget\" data-e-type=\"widget\" data-widget_type=\"heading.default\">\n\t\t\t\t\t<h1 class=\"elementor-heading-title elementor-size-default\">Enlil \u2013 d\u00e9u mesopot\u00e0mic de la tempesta i senyor del consell div\u00ed<\/h1>\t\t\t\t<\/div>\n\t\t\t\t<div class=\"elementor-element elementor-element-iwgw-enlil-pills elementor-widget elementor-widget-html\" data-id=\"iwgw-enlil-pills\" data-element_type=\"widget\" data-e-type=\"widget\" data-widget_type=\"html.default\">\n\t\t\t\t\t<div class=\"iwg-pill-row\"><span class=\"iwg-klasse-badge\" tabindex=\"0\" data-tooltip=\"D\u00e9u de la tradici\u00f3 de Mesopot\u00e0mia.\">D\u00e9u<\/span><a href=\"https:\/\/iwell-guard.com\/ca\/mesopotamia\/\" class=\"iwg-kultur-badge\" tabindex=\"0\" data-tooltip=\"Mitologia de la tradici\u00f3 de Mesopot\u00e0mia.\">Mesopot\u00e0mia<\/a><span class=\"iwg-tradition-badge\" tabindex=\"0\" data-tooltip=\"Alta divinitat.\">Alta divinitat<\/span><\/div>\t\t\t\t<\/div>\n\t\t\t\t<div class=\"elementor-element elementor-element-iwgw-enlil-lead elementor-widget elementor-widget-text-editor\" data-id=\"iwgw-enlil-lead\" data-element_type=\"widget\" data-e-type=\"widget\" data-widget_type=\"text-editor.default\">\n\t\t\t\t\t\t\t\t\t\nEnlil, d\u00e9u de la tempesta, del vent i del pante\u00f3, va ser considerat durant segles, en l&#8217;\u00e0mbit sumeri i accadi, com el veritable regidor del m\u00f3n. Com a m\u00e0xima autoritat executiva del col\u00b7legi div\u00ed, determinava els destins, regia la reialesa i les forces de la natura, i era considerat el poder que mantenia el m\u00f3n cohesionat.\t\t\t\t\t\t\t\t<\/div>\n\t\t\t\t\t<\/div>\n\t\t\t\t<\/div>\n\t\t\t\t<section class=\"elementor-section elementor-top-section elementor-element elementor-element-sec-iwgcomp-enlil elementor-section-boxed elementor-section-height-default elementor-section-height-default\" data-id=\"sec-iwgcomp-enlil\" data-element_type=\"section\" data-e-type=\"section\">\n\t\t\t\t\t\t<div class=\"elementor-container elementor-column-gap-default\">\n\t\t\t\t\t<div class=\"elementor-column elementor-col-100 elementor-top-column elementor-element elementor-element-col-iwgcomp-enlil\" data-id=\"col-iwgcomp-enlil\" data-element_type=\"column\" data-e-type=\"column\">\n\t\t\t<div class=\"elementor-widget-wrap elementor-element-populated\">\n\t\t\t\t\t\t<div class=\"elementor-element elementor-element-iwgcomp-enlil elementor-widget elementor-widget-text-editor\" data-id=\"iwgcomp-enlil\" data-element_type=\"widget\" data-e-type=\"widget\" data-widget_type=\"text-editor.default\">\n\t\t\t\t\t\t\t\t\t<p>Enlil \u00e9s considerat en el <span class=\"iwg-fachbegriff\" data-tooltip=\"El conjunt de d\u00e9us d'una religi\u00f3 o cultura.\" tabindex=\"0\">pante\u00f3<\/span> mesopot\u00e0mic el <strong>senyor del <span class=\"iwg-fachbegriff\" data-tooltip=\"El conjunt de d\u00e9us d'una religi\u00f3 o cultura.\" tabindex=\"0\">pante\u00f3<\/span><\/strong>, que administra les tauletes del dest\u00ed i governa tant d\u00e9us com homes.<\/p>\t\t\t\t\t\t\t\t<\/div>\n\t\t\t\t\t<\/div>\n\t\t<\/div>\n\t\t\t\t\t<\/div>\n\t\t<\/section>\n\t\t<div class=\"elementor-element elementor-element-iwgw-enlil-s0 e-flex e-con-boxed e-con e-parent\" data-id=\"iwgw-enlil-s0\" data-element_type=\"container\" data-e-type=\"container\">\n\t\t\t\t\t<div class=\"e-con-inner\">\n\t\t\t\t<div class=\"elementor-element elementor-element-iwgw-enlil-s0h elementor-widget elementor-widget-heading\" data-id=\"iwgw-enlil-s0h\" data-element_type=\"widget\" data-e-type=\"widget\" data-widget_type=\"heading.default\">\n\t\t\t\t\t<h2 class=\"elementor-heading-title elementor-size-default\">Introducci\u00f3<\/h2>\t\t\t\t<\/div>\n\t\t\t\t<div class=\"elementor-element elementor-element-iwgw-enlil-s0t elementor-widget elementor-widget-text-editor\" data-id=\"iwgw-enlil-s0t\" data-element_type=\"widget\" data-e-type=\"widget\" data-widget_type=\"text-editor.default\">\n\t\t\t\t\t\t\t\t\t<p>Enlil es troba entre les divinitats m\u00e9s importants de l&#8217;antiga <a href=\"https:\/\/iwell-guard.com\/ca\/mesopotamia\/\">Mesopot\u00e0mia<\/a>. En la concepci\u00f3 religiosa dels sumeris i, m\u00e9s tard, dels accadis, babilonis i assiris, formava junt amb el d\u00e9u del cel An i el d\u00e9u de l&#8217;aigua i la saviesa Enki la tr\u00edada suprema de d\u00e9us.<\/p><p>Mentre An romania una autoritat m\u00e9s abstracta i llunyana, Enlil era el d\u00e9u que efectivament executava i feia complir les decisions del consell div\u00ed. Per aquest motiu, els textos el descrivien sovint com el senyor de les terres i com aquell en les mans del qual reposaven els destins.<\/p><p>La import\u00e0ncia hist\u00f2rica i religiosa d&#8217;Enlil \u00e9s dif\u00edcil de sobreestimar. Des del tercer mil\u00b7lenni abans de la nostra era fins ben entrat el segon mil\u00b7lenni, el seu <span class=\"iwg-fachbegriff\" data-tooltip=\"Un edifici dedicat al culte d'una o diverses divinitats.\" tabindex=\"0\">temple<\/span> a Nippur va ser el centre ideal del m\u00f3n mesopot\u00e0mic.<\/p><p>Governants de diversos estats-ciutat i dinasties cercaven el reconeixement d&#8217;Enlil per legitimar el seu poder. Nom\u00e9s amb l&#8217;ascens de Babil\u00f2nia i la creixent preemin\u00e8ncia del d\u00e9u tutelar Marduk, Enlil va anar perdent pes, tot i que mai va desapar\u00e8ixer del tot.<\/p><p>Enlil no \u00e9s una figura clarament ben\u00e8vola. Les fonts el mostren com un poder ambivalent que crea ordre i concedeix prosperitat, per\u00f2 que igualment decreta cat\u00e0strofes quan la humanitat trenca l&#8217;equilibri c\u00f2smic. Aquesta doble naturalesa correspon a la pr\u00f2pia ess\u00e8ncia de la tempesta, que porta pluja als camps i alhora pot causar devastaci\u00f3.<\/p>\t\t\t\t\t\t\t\t<\/div>\n\t\t\t\t\t<\/div>\n\t\t\t\t<\/div>\n\t\t<div class=\"elementor-element elementor-element-iwgw-enlil-s1 e-flex e-con-boxed e-con e-parent\" data-id=\"iwgw-enlil-s1\" data-element_type=\"container\" data-e-type=\"container\">\n\t\t\t\t\t<div class=\"e-con-inner\">\n\t\t\t\t<div class=\"elementor-element elementor-element-iwgw-enlil-s1h elementor-widget elementor-widget-heading\" data-id=\"iwgw-enlil-s1h\" data-element_type=\"widget\" data-e-type=\"widget\" data-widget_type=\"heading.default\">\n\t\t\t\t\t<h2 class=\"elementor-heading-title elementor-size-default\">Nom i etimologia<\/h2>\t\t\t\t<\/div>\n\t\t\t\t<div class=\"elementor-element elementor-element-iwgw-enlil-s1t elementor-widget elementor-widget-text-editor\" data-id=\"iwgw-enlil-s1t\" data-element_type=\"widget\" data-e-type=\"widget\" data-widget_type=\"text-editor.default\">\n\t\t\t\t\t\t\t\t\t<p>El nom Enlil \u00e9s d&#8217;origen sumeri. La interpretaci\u00f3 tradicional l&#8217;ent\u00e9n com la uni\u00f3 dels elements <em>en<\/em>, \u00e9s a dir, senyor, i <em>l\u00edl<\/em>, un mot associat al vent, l&#8217;aire o l&#8217;al\u00e8 atmosf\u00e8ric.<\/p><p>Segons aquesta lectura, en resulta la traducci\u00f3 Senyor Vent o Senyor de l&#8217;Aire, que correspon b\u00e9 al car\u00e0cter d&#8217;Enlil com a d\u00e9u de l&#8217;espai aeri en moviment entre el cel i la terra.<\/p><p>La recerca ha assenyalat que el terme sumeri <em>l\u00edl<\/em> \u00e9s un concepte poli\u00e8dric. No designa nom\u00e9s l&#8217;aire en moviment, sin\u00f3 que tamb\u00e9 pot referir-se a una esfera fantasmag\u00f2rica i inquietant.<\/p><p>Alguns assiri\u00f2legs hi veuen un indici de que Enlil origin\u00e0riament tamb\u00e9 tenia aspectes numinosos, dif\u00edcils de copsar. En qualsevol cas, el nom representa un poder que actua de forma invisible i, tot i aix\u00f2, es fa sentir arreu.<\/p><p>En textos accadis, el d\u00e9u apareix sota el mateix nom, de vegades tamb\u00e9 en la forma Ellil. A m\u00e9s, portava nombrosos ep\u00edtets i t\u00edtols, com Nunamnir, aix\u00ed com denominacions com Gran Cim de la Muntanya o Pare dels D\u00e9us. La refer\u00e8ncia a la muntanya \u00e9s significativa, ja que el seu <span class=\"iwg-fachbegriff\" data-tooltip=\"Un edifici dedicat al culte d'una o diverses divinitats.\" tabindex=\"0\">temple<\/span> a Nippur es deia Ekur, que significa Casa de la Muntanya o Temple de la Muntanya.<\/p>\t\t\t\t\t\t\t\t<\/div>\n\t\t\t\t\t<\/div>\n\t\t\t\t<\/div>\n\t\t<div class=\"elementor-element elementor-element-iwgw-enlil-s2 e-flex e-con-boxed e-con e-parent\" data-id=\"iwgw-enlil-s2\" data-element_type=\"container\" data-e-type=\"container\">\n\t\t\t\t\t<div class=\"e-con-inner\">\n\t\t\t\t<div class=\"elementor-element elementor-element-iwgw-enlil-s2h elementor-widget elementor-widget-heading\" data-id=\"iwgw-enlil-s2h\" data-element_type=\"widget\" data-e-type=\"widget\" data-widget_type=\"heading.default\">\n\t\t\t\t\t<h2 class=\"elementor-heading-title elementor-size-default\">Descripci\u00f3 i iconografia<\/h2>\t\t\t\t<\/div>\n\t\t\t\t<div class=\"elementor-element elementor-element-iwgw-enlil-s2t elementor-widget elementor-widget-text-editor\" data-id=\"iwgw-enlil-s2t\" data-element_type=\"widget\" data-e-type=\"widget\" data-widget_type=\"text-editor.default\">\n\t\t\t\t\t\t\t\t\t<p>A difer\u00e8ncia d&#8217;altres divinitats mesopot\u00e0miques, la representaci\u00f3 iconogr\u00e0fica d&#8217;Enlil no es caracteritza per un atribut \u00fanic i sempre recurrent. En la gliptica, \u00e9s a dir, en els segells cil\u00edndrics, i en l&#8217;art del relleu, les divinitats apareixen sovint en forma humana, entronitzades, amb la corona banyuda com a signe de dignitat divina.<\/p><p>La corona banyuda \u00e9s el senyal general del rang div\u00ed i tamb\u00e9 s&#8217;atribueix a Enlil, per\u00f2 no es pot determinar amb la mateixa certesa un <span class=\"iwg-fachbegriff\" data-tooltip=\"Un signe que representa una idea o significat.\" tabindex=\"0\">s\u00edmbol<\/span> espec\u00edfic exclusiu seu, com per exemple la pala de Marduk o la fal\u00e7 lunar del d\u00e9u de la lluna.<\/p><p>En els textos, Enlil es descriu com una figura majestuosa i entronitzada, davant la qual fins i tot els altres d\u00e9us senten rever\u00e8ncia. Els himnes descriuen la seva mirada com tan poderosa que cap d\u00e9u la pot desafiar impunement. La seva paraula es considera irrevocable. Aquesta iconografia ling\u00fc\u00edstica sovint resulta m\u00e9s esclaridora per comprendre Enlil que l&#8217;art figuratiu conservat.<\/p><p>Associada a Enlil hi ha la imatge de la tempesta i el temporal. Els textos literaris comparen la seva veu amb el tro i la seva ira amb la marea de tempesta. El seu animal simb\u00f2lic est\u00e0 vinculat, en algunes tradicions, a l&#8217;\u00e0mbit de la terra i les muntanyes.<\/p><p>La idea que Enlil resideix en un temple de muntanya marca tota la simbologia entorn de la seva figura i fa que el <span class=\"iwg-fachbegriff\" data-tooltip=\"Un edifici dedicat al culte d'una o diverses divinitats.\" tabindex=\"0\">temple<\/span> Ekur esdevingui ell mateix un portador central de la seva veneraci\u00f3.<\/p>\t\t\t\t\t\t\t\t<\/div>\n\t\t\t\t\t<\/div>\n\t\t\t\t<\/div>\n\t\t<div class=\"elementor-element elementor-element-iwgw-enlil-s3 e-flex e-con-boxed e-con e-parent\" data-id=\"iwgw-enlil-s3\" data-element_type=\"container\" data-e-type=\"container\">\n\t\t\t\t\t<div class=\"e-con-inner\">\n\t\t\t\t<div class=\"elementor-element elementor-element-iwgw-enlil-s3h elementor-widget elementor-widget-heading\" data-id=\"iwgw-enlil-s3h\" data-element_type=\"widget\" data-e-type=\"widget\" data-widget_type=\"heading.default\">\n\t\t\t\t\t<h2 class=\"elementor-heading-title elementor-size-default\">Relats mitol\u00f2gics<\/h2>\t\t\t\t<\/div>\n\t\t\t\t<div class=\"elementor-element elementor-element-iwgw-enlil-s3t elementor-widget elementor-widget-text-editor\" data-id=\"iwgw-enlil-s3t\" data-element_type=\"widget\" data-e-type=\"widget\" data-widget_type=\"text-editor.default\">\n\t\t\t\t\t\t\t\t\t<p>Enlil apareix en nombrosos mites sumeris i accadis com a figura principal. Segons diverses tradicions creacionistes, se li atribueix haver separat el cel i la terra, creant aix\u00ed l&#8217;espai en qu\u00e8 la vida es va fer possible. Alguns textos el presenten com aquell que va inventar l&#8217;aixada i, amb ella, va permetre a la humanitat l&#8217;agricultura i la civilitzaci\u00f3.<\/p><p>Una narraci\u00f3 coneguda descriu la uni\u00f3 d&#8217;Enlil amb la deessa del gra Ninlil. En aquesta hist\u00f2ria, el jove Enlil troba la deessa a la vora de l&#8217;aigua, i la seva uni\u00f3 porta al naixement de diverses divinitats, entre elles el d\u00e9u lunar.<\/p><p>Per aquesta transgressi\u00f3, l&#8217;assemblea dels d\u00e9us desterra Enlil al m\u00f3n subterrani. Ninlil el segueix, i mitjan\u00e7ant una s\u00e8rie de noves trobades sorgeixen divinitats del m\u00f3n subterrani. La narraci\u00f3 vincula de manera peculiar la culpa, el c\u00e0stig i l&#8217;origen d&#8217;importants \u00e9ssers divins.<\/p><p>Especialment influent \u00e9s el paper d&#8217;Enlil en els mites del diluvi. En la narraci\u00f3 d&#8217;Atrahasis i en tradicions relacionades, \u00e9s Enlil qui percep el creixement de la humanitat com una mol\u00e8stia. Primer envia pestes i sequeres, i finalment decideix el gran diluvi per exterminar la humanitat.<\/p><p>El savi d\u00e9u Enki frustra aquest pla en avisar un home que construeix un vaixell i sobreviu. Aquesta constel\u00b7laci\u00f3 m\u00edtica, en la qual Enlil apareix com a poder col\u00e8ric i Enki com a poder salvador, marca de manera duradora la imatge mesopot\u00e0mica d&#8217;ambd\u00f3s d\u00e9us.<\/p><p>En la narraci\u00f3 de l&#8217;ocell Anzu, Enlil tamb\u00e9 t\u00e9 un paper central. L&#8217;ocell Anzu roba les anomenades tauletes del dest\u00ed, un objecte que encarna el poder sobre les decisions c\u00f2smiques.<\/p><p>Nom\u00e9s despr\u00e9s d&#8217;un combat es recuperen les tauletes. L&#8217;episodi subratlla que el domini sobre els destins est\u00e0 estretament lligat a Enlil, i que la seva p\u00e8rdua amena\u00e7a el mateix ordre del m\u00f3n.<\/p>\t\t\t\t\t\t\t\t<\/div>\n\t\t\t\t\t<\/div>\n\t\t\t\t<\/div>\n\t\t<div class=\"elementor-element elementor-element-iwgw-enlil-s4 e-flex e-con-boxed e-con e-parent\" data-id=\"iwgw-enlil-s4\" data-element_type=\"container\" data-e-type=\"container\">\n\t\t\t\t\t<div class=\"e-con-inner\">\n\t\t\t\t<div class=\"elementor-element elementor-element-iwgw-enlil-s4h elementor-widget elementor-widget-heading\" data-id=\"iwgw-enlil-s4h\" data-element_type=\"widget\" data-e-type=\"widget\" data-widget_type=\"heading.default\">\n\t\t\t\t\t<h2 class=\"elementor-heading-title elementor-size-default\">Culte i veneraci\u00f3<\/h2>\t\t\t\t<\/div>\n\t\t\t\t<div class=\"elementor-element elementor-element-iwgw-enlil-s4t elementor-widget elementor-widget-text-editor\" data-id=\"iwgw-enlil-s4t\" data-element_type=\"widget\" data-e-type=\"widget\" data-widget_type=\"text-editor.default\">\n\t\t\t\t\t\t\t\t\t<p>El centre de la veneraci\u00f3 d&#8217;Enlil era la ciutat de Nippur, al sud de Mesopot\u00e0mia. Nippur no era un seient de poder pol\u00edtic important, sin\u00f3 una ciutat definida sobretot religiosament. Precisament aquesta neutralitat pol\u00edtica relativa la va convertir en el <span class=\"iwg-fachbegriff\" data-tooltip=\"Un lloc sagrat dedicat a la veneraci\u00f3 d'una divinitat.\" tabindex=\"0\">santuari<\/span> com\u00fa de ciutats-estat rivals.<\/p><p>El <span class=\"iwg-fachbegriff\" data-tooltip=\"Una construcci\u00f3 dedicada a la veneraci\u00f3 d'una o diverses divinitats.\" tabindex=\"0\">temple<\/span> Ekur era considerat el lloc on la reialesa es concedia i es confirmava. Al <span class=\"iwg-fachbegriff\" data-tooltip=\"Un lloc sagrat dedicat a la veneraci\u00f3 d'una divinitat.\" tabindex=\"0\">santuari<\/span> pertanyia la zigurat, que apareix a les fonts amb el nom d&#8217;Eduranki, un nom que al\u00b7ludeix a la uni\u00f3 del cel i la terra i que marcava Nippur com a punt axial del m\u00f3n.<\/p><p>Governants de les ciutats-estat sum\u00e8ries, de la dinastia d&#8217;Accad i de la tercera dinastia d&#8217;Ur van fer construir a Nippur, hi van fer ofrenes votives i van destacar en les seves inscripcions el favor d&#8217;Enlil.<\/p><p>Ja el governant protodin\u00e0stic Ur-Nanshe de Lagash, i m\u00e9s tard Eannatum, es van referir a Enlil, aix\u00ed com Sargon d&#8217;Accad i el seu net Naram-Sin. Sota la tercera dinastia d&#8217;Ur, Ur-Nammu i Shulgi van fer renovar l&#8217;Ekur a gran escala.<\/p><p>Qui era reconegut per Enlil com a governant leg\u00edtim podia reclamar una pretensi\u00f3 de govern de gran abast. Aquesta funci\u00f3 ideol\u00f2gica del culte a Enlil es va mantenir estable durant segles.<\/p><p>Al <span class=\"iwg-fachbegriff\" data-tooltip=\"El conjunt d'actes de veneraci\u00f3 religiosa dedicats a una divinitat o figura sagrada.\" tabindex=\"0\">culte<\/span> pertanyien <span class=\"iwg-fachbegriff\" data-tooltip=\"Ofrena a una divinitat per expressar gratitud, s\u00faplica o veneraci\u00f3.\" tabindex=\"0\">ofrenes<\/span> regulars, himnes i rituals festius. El calendari del temple de Nippur tenia festes fixes, entre elles celebracions relacionades amb la sembra i la collita, aix\u00ed com la festa d&#8217;any nou.<\/p><p>Un extens cos sacerdotal es feia c\u00e0rrec del <span class=\"iwg-fachbegriff\" data-tooltip=\"Un lloc sagrat dedicat a la veneraci\u00f3 d'una divinitat.\" tabindex=\"0\">santuari<\/span>, administrava les seves terres i portava a terme el <span class=\"iwg-fachbegriff\" data-tooltip=\"El conjunt d'actes de veneraci\u00f3 religiosa dedicats a una divinitat o figura sagrada.\" tabindex=\"0\">culte<\/span> diari, que inclo\u00efa l&#8217;alimentaci\u00f3 de la imatge del d\u00e9u, ritus de purificaci\u00f3 i la recitaci\u00f3 d&#8217;himnes.<\/p><p>La import\u00e0ncia econ\u00f2mica de l&#8217;Ekur era considerable, ja que el <span class=\"iwg-fachbegriff\" data-tooltip=\"Una construcci\u00f3 dedicada a la veneraci\u00f3 d'una o diverses divinitats.\" tabindex=\"0\">temple<\/span> disposava de camps, ramats i m\u00e0 d&#8217;obra. Els arxius del temple de Nippur figuren entre les fonts m\u00e9s importants per a la hist\u00f2ria social i econ\u00f2mica de la regi\u00f3.<\/p><p>Al costat d&#8217;Enlil hi havia la seva esposa Ninlil, que tenia el seu propi <span class=\"iwg-fachbegriff\" data-tooltip=\"Un lloc sagrat dedicat a la veneraci\u00f3 d'una divinitat.\" tabindex=\"0\">santuari<\/span> a Nippur. Tamb\u00e9 altres divinitats estaven vinculades a l&#8217;Ekur i al seu entorn, entre elles el servent i visir d&#8217;Enlil, Nuska, de manera que el complex del temple aglutinava tota una xarxa de relacions cultuals.<\/p><p>Un grup de textos literaris, els anomenats himnes dels temples, i els laments per la destrucci\u00f3 de Nippur mostren fins a quin punt la ciutat era percebuda com un <span class=\"iwg-fachbegriff\" data-tooltip=\"Una imatge v\u00edvida que representa una idea abstracta.\" tabindex=\"0\">s\u00edmbol<\/span> religi\u00f3s, la devastaci\u00f3 del qual es considerava una cat\u00e0strofe c\u00f2smica.<\/p>\t\t\t\t\t\t\t\t<\/div>\n\t\t\t\t\t<\/div>\n\t\t\t\t<\/div>\n\t\t<div class=\"elementor-element elementor-element-iwgw-enlil-s5 e-flex e-con-boxed e-con e-parent\" data-id=\"iwgw-enlil-s5\" data-element_type=\"container\" data-e-type=\"container\">\n\t\t\t\t\t<div class=\"e-con-inner\">\n\t\t\t\t<div class=\"elementor-element elementor-element-iwgw-enlil-s5h elementor-widget elementor-widget-heading\" data-id=\"iwgw-enlil-s5h\" data-element_type=\"widget\" data-e-type=\"widget\" data-widget_type=\"heading.default\">\n\t\t\t\t\t<h2 class=\"elementor-heading-title elementor-size-default\">Pr\u00e0ctica de protecci\u00f3 i elements apotropaics<\/h2>\t\t\t\t<\/div>\n\t\t\t\t<div class=\"elementor-element elementor-element-iwgw-enlil-s5t elementor-widget elementor-widget-text-editor\" data-id=\"iwgw-enlil-s5t\" data-element_type=\"widget\" data-e-type=\"widget\" data-widget_type=\"text-editor.default\">\n\t\t\t\t\t\t\t\t\t<p>En la vida religiosa quotidiana de Mesopot\u00e0mia, la gent s&#8217;adre\u00e7ava a Enlil sobretot mitjan\u00e7ant oracions i himnes que reconeixien el seu poder i li demanaven el seu favor. Com que es considerava que Enlil determinava els destins, era crucial mantenir el seu benvolen\u00e7a i no provocar la seva ira.<\/p><p>Les oracions de penediment i les lamentacions, en les quals les persones interpretaven la seva desgr\u00e0cia com a conseq\u00fc\u00e8ncia de la ira divina, tamb\u00e9 s&#8217;adre\u00e7aven de vegades a ell o a les divinitats que li estaven associades.<\/p><p>El m\u00f3n de creences mesopot\u00e0mic coneixia un sistema dens d&#8217;exorcismes i rituals apotropaics amb els quals es buscava protecci\u00f3 contra la malaltia, la desgr\u00e0cia i els poders demon\u00edacs. Enlil, per\u00f2, no era en sentit estricte una divinitat protectora a la qual es recorregu\u00e9s per repel\u00b7lir dimonis de manera directa.<\/p><p>Aquesta funci\u00f3 la complien m\u00e9s b\u00e9 els sacerdots exorcistes, aix\u00ed com certes divinitats i <span class=\"iwg-fachbegriff\" data-tooltip=\"Un \u00e9sser que reuneix trets de diversos animals o criatures.\" tabindex=\"0\">\u00e9ssers h\u00edbrids<\/span> protectors. Contra la temuda dimoniessa <a href=\"https:\/\/iwell-guard.com\/ca\/lamashtu\/\">Lamashtu<\/a>, per exemple, es demanava l&#8217;ajuda del dimoni <a href=\"https:\/\/iwell-guard.com\/ca\/pazuzu\/\">Pazuzu<\/a>, no la d&#8217;Enlil.<\/p><p>Tot i aix\u00f2, Enlil tocava l&#8217;\u00e0mbit de la protecci\u00f3 des d&#8217;un nivell superior. Com que se&#8217;l considerava garant de l&#8217;ordre cosmic\u00f3 i pol\u00edtic, el seu favor assegurava l&#8217;estabilitat en la qual la vida humana podia prosperar.<\/p><p>Un rei confirmat per Enlil entenia el seu govern com una muralla protectora contra el caos i els enemics. En aquest sentit m\u00e9s ampli, Enlil era una for\u00e7a ordenadora i, per tant, indirectament protectora.<\/p>\t\t\t\t\t\t\t\t<\/div>\n\t\t\t\t\t<\/div>\n\t\t\t\t<\/div>\n\t\t<div class=\"elementor-element elementor-element-iwgw-enlil-s6 e-flex e-con-boxed e-con e-parent\" data-id=\"iwgw-enlil-s6\" data-element_type=\"container\" data-e-type=\"container\">\n\t\t\t\t\t<div class=\"e-con-inner\">\n\t\t\t\t<div class=\"elementor-element elementor-element-iwgw-enlil-s6h elementor-widget elementor-widget-heading\" data-id=\"iwgw-enlil-s6h\" data-element_type=\"widget\" data-e-type=\"widget\" data-widget_type=\"heading.default\">\n\t\t\t\t\t<h2 class=\"elementor-heading-title elementor-size-default\">Paral\u00b7lelismes en altres cultures<\/h2>\t\t\t\t<\/div>\n\t\t\t\t<div class=\"elementor-element elementor-element-iwgw-enlil-s6t elementor-widget elementor-widget-text-editor\" data-id=\"iwgw-enlil-s6t\" data-element_type=\"widget\" data-e-type=\"widget\" data-widget_type=\"text-editor.default\">\n\t\t\t\t\t\t\t\t\t<p>El tipus del d\u00e9u de la tempesta i el clima al capdavant o al centre d&#8217;un pante\u00f3 apareix en nombroses cultures de l&#8217;Orient Pr\u00f2xim antic i de l&#8217;\u00e0rea mediterr\u00e0nia. En l&#8217;\u00e0mbit hurrita i hitita, el d\u00e9u de la tempesta Teixub ocupa una posici\u00f3 comparativament central.<\/p><p>A S\u00edria i el Llevant, el d\u00e9u de la tempesta Hadad o Baal \u00e9s una figura destacada que encarna la pluja i la fertilitat, per\u00f2 tamb\u00e9 les tempestes destructores.<\/p><p>Dins de la mateixa Mesopot\u00e0mia hi ha un despla\u00e7ament notable. Amb l&#8217;ascens pol\u00edtic de Babil\u00f2nia, el d\u00e9u tutelar de la ciutat, Marduk, va assumir moltes de les funcions que abans corresponien a Enlil.<\/p><p>En el poema babil\u00f2nic de la creaci\u00f3 Enuma Elix, Marduk \u00e9s elevat a rei dels d\u00e9us i se li atorguen t\u00edtols que recorden l&#8217;antiga dignitat d&#8217;Enlil. Alguns textos fins i tot parlen d&#8217;un \u00abEnlil dels d\u00e9us\u00bb com a t\u00edtol honor\u00edfic per a Marduk. A Ass\u00edria, al seu torn, el d\u00e9u imperial Assur va assumir funcions equivalents.<\/p><p>Una comparaci\u00f3 directa amb el Zeus grec o el J\u00fapiter rom\u00e0 nom\u00e9s \u00e9s possible amb precauci\u00f3. Encara que comparteixen el <span class=\"iwg-fachbegriff\" data-tooltip=\"Un element tem\u00e0tic recurrent en l'art o la narrativa.\" tabindex=\"0\">motiu<\/span> del d\u00e9u suprem vinculat al cel i al temps, els sistemes religiosos en qu\u00e8 s&#8217;inscriuen difereixen fonamentalment. Aquests paral\u00b7lelismes s&#8217;han d&#8217;entendre m\u00e9s com a similituds tipol\u00f2giques que com a depend\u00e8ncia hist\u00f2rica.<\/p>\t\t\t\t\t\t\t\t<\/div>\n\t\t\t\t\t<\/div>\n\t\t\t\t<\/div>\n\t\t<div class=\"elementor-element elementor-element-iwgw-enlil-s7 e-flex e-con-boxed e-con e-parent\" data-id=\"iwgw-enlil-s7\" data-element_type=\"container\" data-e-type=\"container\">\n\t\t\t\t\t<div class=\"e-con-inner\">\n\t\t\t\t<div class=\"elementor-element elementor-element-iwgw-enlil-s7h elementor-widget elementor-widget-heading\" data-id=\"iwgw-enlil-s7h\" data-element_type=\"widget\" data-e-type=\"widget\" data-widget_type=\"heading.default\">\n\t\t\t\t\t<h2 class=\"elementor-heading-title elementor-size-default\">Recepci\u00f3 i investigaci\u00f3 actuals<\/h2>\t\t\t\t<\/div>\n\t\t\t\t<div class=\"elementor-element elementor-element-iwgw-enlil-s7t elementor-widget elementor-widget-text-editor\" data-id=\"iwgw-enlil-s7t\" data-element_type=\"widget\" data-e-type=\"widget\" data-widget_type=\"text-editor.default\">\n\t\t\t\t\t\t\t\t\t<p>Enlil \u00e9s una figura intensament estudiada en l&#8217;assiriologia moderna. Les excavacions a Nippur, dutes a terme des de finals del segle dinou per expedicions americanes i m\u00e9s tard en col\u00b7laboraci\u00f3 amb institucions iraquianes, amb interrupcions, han proporcionat una <span class=\"iwg-fachbegriff\" data-tooltip=\"La transmissi\u00f3 de coneixements i relats a trav\u00e9s de les generacions.\" tabindex=\"0\">tradici\u00f3<\/span> extraordin\u00e0riament rica.<\/p><p>Milers de tauletes cune\u00efformes, incloent-hi textos literaris, himnes i documents administratius, permeten una visi\u00f3 detallada del <span class=\"iwg-fachbegriff\" data-tooltip=\"El conjunt d'actes de veneraci\u00f3 religiosa dedicats a una divinitat o figura sagrada.\" tabindex=\"0\">culte<\/span> a Enlil i la seva hist\u00f2ria. Una part considerable de la coneguda literatura escolar sum\u00e8ria prov\u00e9 de Nippur, ja que la ciutat era un centre de formaci\u00f3 d&#8217;escribes.<\/p><p>La recerca s&#8217;interessa especialment per la q\u00fcesti\u00f3 de com es relacionaven l&#8217;autoritat religiosa i el poder pol\u00edtic en la Mesopot\u00e0mia antiga. El cas d&#8217;Enlil \u00e9s un exemple clau per a aix\u00f2, perqu\u00e8 aqu\u00ed una ciutat definida religiosament va mediar durant segles la legitimaci\u00f3 de governants canviants.<\/p><p>Aix\u00ed mateix, s&#8217;estudia el despla\u00e7ament gradual de la dignitat de d\u00e9u suprem d&#8217;Enlil a Marduk com a exemple de canvi teol\u00f2gic arran de trasbalsos pol\u00edtics. Tamb\u00e9 es discuteix fins a quin punt Enlil va seguir sent una figura pr\u00f2pia i fins a quin punt es va convertir en una mena de t\u00edtol o designaci\u00f3 funcional transferible a altres d\u00e9us.<\/p><p>Un altre \u00e8mfasi important recau en l&#8217;ambival\u00e8ncia d&#8217;Enlil. Els textos no el mostren com un d\u00e9u totalment ben\u00e8vol, sin\u00f3 com un poder que disposa tant de la <span class=\"iwg-fachbegriff\" data-tooltip=\"Concessi\u00f3 de benestar i protecci\u00f3, sovint en forma ling\u00fc\u00edstica fixa.\" tabindex=\"0\">benedicci\u00f3<\/span> com de la ru\u00efna. Des del punt de vista de l&#8217;estudi de les religions, aquesta tensi\u00f3 \u00e9s especialment esclaridora, ja que mostra que la <span class=\"iwg-fachbegriff\" data-tooltip=\"La doctrina cient\u00edfica sobre D\u00e9u i la fe d'una religi\u00f3.\" tabindex=\"0\">teologia<\/span> mesopot\u00e0mica no mantenia el mal allunyat de la <span class=\"iwg-fachbegriff\" data-tooltip=\"Un \u00e9sser venerat com a div\u00ed dins d'una religi\u00f3.\" tabindex=\"0\">divinitat<\/span> suprema, sin\u00f3 que l&#8217;inclo\u00efa en la seva pr\u00f2pia naturalesa.<\/p><p>En el p\u00fablic m\u00e9s ampli, Enlil s&#8217;ha fet conegut sobretot a trav\u00e9s dels mites del diluvi, ja que aquests han generat molt debat en relaci\u00f3 amb la tradici\u00f3 b\u00edblica del diluvi.<\/p><p>Cal, per\u00f2, ser prudent, ja que les representacions populars sovint simplifiquen considerablement la complexa situaci\u00f3 de les fonts. Un estudi seri\u00f3s d&#8217;Enlil es recolza en els textos cune\u00efformes editats i en la bibliografia cient\u00edfica especialitzada que situa el seu paper en el context hist\u00f2ric i cultural corresponent.<\/p>\t\t\t\t\t\t\t\t<\/div>\n\t\t\t\t\t<\/div>\n\t\t\t\t<\/div>\n\t\t<div class=\"elementor-element elementor-element-iwgw-enlil-lit e-flex e-con-boxed e-con e-parent\" data-id=\"iwgw-enlil-lit\" data-element_type=\"container\" data-e-type=\"container\">\n\t\t\t\t\t<div class=\"e-con-inner\">\n\t\t\t\t<div class=\"elementor-element elementor-element-iwgw-enlil-lith elementor-widget elementor-widget-heading\" data-id=\"iwgw-enlil-lith\" data-element_type=\"widget\" data-e-type=\"widget\" data-widget_type=\"heading.default\">\n\t\t\t\t\t<h2 class=\"elementor-heading-title elementor-size-default\">Bibliografia (selecci\u00f3)<\/h2>\t\t\t\t<\/div>\n\t\t\t\t<div class=\"elementor-element elementor-element-iwgw-enlil-litt elementor-widget elementor-widget-text-editor\" data-id=\"iwgw-enlil-litt\" data-element_type=\"widget\" data-e-type=\"widget\" data-widget_type=\"text-editor.default\">\n\t\t\t\t\t\t\t\t\t<ul><li>Jean Bott\u00e9ro: <em>Die \u00e4lteste Religion. Mesopotamien<\/em> (2001)<\/li><li><span data-nosnippet>Jeremy Black, Anthony Green: <em>Gods, Demons and Symbols of Ancient Mesopotamia<\/em> (1992)<\/span><\/li><li>Thorkild Jacobsen: <em>The Treasures of Darkness. A History of Mesopotamian Religion<\/em> (1976)<\/li><li>Wilfred G. Lambert: <em>Babylonian Creation Myths<\/em> (2013)<\/li><li>Stefan M. Maul: <em>Das Gilgamesch-Epos<\/em> (2005)<\/li><\/ul>\t\t\t\t\t\t\t\t<\/div>\n\t\t\t\t\t<\/div>\n\t\t\t\t<\/div>\n\t\t<div class=\"elementor-element elementor-element-iwgkw2-add-enlil e-flex e-con-boxed e-con e-parent\" data-id=\"iwgkw2-add-enlil\" data-element_type=\"container\" data-e-type=\"container\">\n\t\t\t\t\t<div class=\"e-con-inner\">\n\t\t\t\t<div class=\"elementor-element elementor-element-iwgkw2-add-enlil-t elementor-widget elementor-widget-text-editor\" data-id=\"iwgkw2-add-enlil-t\" data-element_type=\"widget\" data-e-type=\"widget\" data-widget_type=\"text-editor.default\">\n\t\t\t\t\t\t\t\t\t<p>Enlil \u00e9s considerat el principal d\u00e9u <em>mesopot\u00e0mic<\/em> central, que des de Nippur governava el vent, la tempesta i la reialesa, i que apareix en himnes sumeris i accadis com a president de la gran assemblea dels d\u00e9us.<\/p>\t\t\t\t\t\t\t\t<\/div>\n\t\t\t\t\t<\/div>\n\t\t\t\t<\/div>\n\t\t<div class=\"elementor-element elementor-element-iwgw-enlil-kwd e-flex e-con-boxed e-con e-parent\" data-id=\"iwgw-enlil-kwd\" data-element_type=\"container\" data-e-type=\"container\">\n\t\t\t\t\t<div class=\"e-con-inner\">\n\t\t\t\t<div class=\"elementor-element elementor-element-iwgw-enlil-kwdt elementor-widget elementor-widget-text-editor\" data-id=\"iwgw-enlil-kwdt\" data-element_type=\"widget\" data-e-type=\"widget\" data-widget_type=\"text-editor.default\">\n\t\t\t\t\t\t\t\t\t<p><em>Termes clau relacionats: Enlil, Nippur, Ekur, Sumer, Accad, d\u00e9u de la tempesta, consell dels d\u00e9us, tauletes del dest\u00ed, Ninlil.<\/em><\/p>\t\t\t\t\t\t\t\t<\/div>\n\t\t\t\t\t<\/div>\n\t\t\t\t<\/div>\n\t\t<div class=\"elementor-element elementor-element-iwgw-enlil-cc e-flex e-con-boxed e-con e-parent\" data-id=\"iwgw-enlil-cc\" data-element_type=\"container\" data-e-type=\"container\" id=\"iwg-cc-enlil\">\n\t\t\t\t\t<div class=\"e-con-inner\">\n\t\t<div class=\"elementor-element elementor-element-iwgw-enlil-ccinner e-flex e-con-boxed e-con e-parent\" data-id=\"iwgw-enlil-ccinner\" data-element_type=\"container\" data-e-type=\"container\" data-settings=\"{&quot;background_background&quot;:&quot;classic&quot;}\">\n\t\t\t\t\t<div class=\"e-con-inner\">\n\t\t\t\t<div class=\"elementor-element elementor-element-iwgw-enlil-cch elementor-widget elementor-widget-heading\" data-id=\"iwgw-enlil-cch\" data-element_type=\"widget\" data-e-type=\"widget\" data-widget_type=\"heading.default\">\n\t\t\t\t\t<h2 class=\"elementor-heading-title elementor-size-default\">iWell Guard i tradicions de protecci\u00f3<\/h2>\t\t\t\t<\/div>\n\t\t\t\t<div class=\"elementor-element elementor-element-iwgw-enlil-cct elementor-widget elementor-widget-text-editor\" data-id=\"iwgw-enlil-cct\" data-element_type=\"widget\" data-e-type=\"widget\" data-widget_type=\"text-editor.default\">\n\t\t\t\t\t\t\t\t\t<div data-nosnippet=\"true\"><p>iWell Guard s&#8217;inspira en la tradici\u00f3 cultural i hist\u00f2rica dels objectes de protecci\u00f3 portables, seguint la tradici\u00f3 de <a href=\"https:\/\/iwell-guard.com\/ca\/mesopotamia\/\">Mesopot\u00e0mia<\/a> i de moltes altres cultures d&#8217;arreu del m\u00f3n. 41 nivells, or aut\u00e8ntic, plat\u00ed, plata, fabricat a Alemanya. Dret de devoluci\u00f3 de 30 dies.<\/p><\/div>\t\t\t\t\t\t\t\t<\/div>\n\t\t\t\t<div class=\"elementor-element elementor-element-iwgw-enlil-ccb iwg-cc-button iwg-cc-cta-2026-05-13 elementor-widget elementor-widget-jet-button\" data-id=\"iwgw-enlil-ccb\" data-element_type=\"widget\" data-e-type=\"widget\" data-widget_type=\"jet-button.default\">\n\t\t\t\t<div class=\"elementor-widget-container\">\n\t\t\t\t\t<div class=\"elementor-jet-button jet-elements\"><div class=\"jet-button__container\"><a class=\"jet-button__instance jet-button__instance--icon-left hover-effect-1\" href=\"\/ueber-iwell-guard\/?utm_source=iwell-guard.com&amp;utm_medium=info-box&amp;utm_campaign=wesen-tradition\"><div class=\"jet-button__plane jet-button__plane-normal\"><\/div><div class=\"jet-button__plane jet-button__plane-hover\"><\/div><div class=\"jet-button__state jet-button__state-normal\"><span class=\"jet-button__label\">M\u00e9s informaci\u00f3 sobre l'iWell Guard<\/span><\/div><div class=\"jet-button__state jet-button__state-hover\"><span class=\"jet-button__label\">M\u00e9s informaci\u00f3 sobre l'iWell Guard<\/span><\/div><\/a><\/div><\/div><style>.elementor-element.elementor-element-iwgw-enlil-ccb .jet-button__instance{width:320px;height:56px;}.elementor-element.elementor-element-iwgw-enlil-ccb .jet-button__state-normal .jet-button__label{text-align:center;margin:0px 0px 0px 0px;color:#1a1b20;font-family:Montserrat,sans-serif;font-size:13px;font-weight:400;letter-spacing:4px;line-height:1.714em;text-transform:uppercase;}.elementor-element.elementor-element-iwgw-enlil-ccb .jet-button__state-hover .jet-button__label{text-align:center;margin:0px 0px 0px 0px;color:#FECC76;font-family:Montserrat,sans-serif;font-size:13px;font-weight:400;letter-spacing:4px;line-height:1.714em;text-transform:uppercase;}.elementor-element.elementor-element-iwgw-enlil-ccb .jet-button__plane-normal{background-color:#FECC76;border-style:solid;border-color:#C99540;border-width:2px 2px 2px 2px;}.elementor-element.elementor-element-iwgw-enlil-ccb .jet-button__plane-hover{background-color:rgba(0,0,0,0.55);border-style:solid;border-color:#FECC76;border-width:2px 2px 2px 2px;}<\/style>\t\t\t\t<\/div>\n\t\t\t\t<\/div>\n\t\t\t\t<div class=\"elementor-element elementor-element-iwgw-enlil-ccd elementor-widget elementor-widget-text-editor\" data-id=\"iwgw-enlil-ccd\" data-element_type=\"widget\" data-e-type=\"widget\" data-widget_type=\"text-editor.default\">\n\t\t\t\t\t\t\t\t\t<div data-nosnippet=\"true\"><p style=\"text-align:center;font-size:13px;opacity:0.7;margin-top:14px\" data-nosnippet=\"true\">Les experi\u00e8ncies personals poden variar. No \u00e9s un producte sanitari. No \u00e9s una promesa de curaci\u00f3.<\/p><\/div>\t\t\t\t\t\t\t\t<\/div>\n\t\t\t\t\t<\/div>\n\t\t\t\t<\/div>\n\t\t\t\t\t<\/div>\n\t\t\t\t<\/div>\n\t\t<div class=\"elementor-element elementor-element-iwgw-enlil-disc e-flex e-con-boxed e-con e-parent\" data-id=\"iwgw-enlil-disc\" data-element_type=\"container\" data-e-type=\"container\">\n\t\t\t\t\t<div class=\"e-con-inner\">\n\t\t\t\t<div class=\"elementor-element elementor-element-iwgw-enlil-discw elementor-widget elementor-widget-html\" data-id=\"iwgw-enlil-discw\" data-element_type=\"widget\" data-e-type=\"widget\" data-widget_type=\"html.default\">\n\t\t\t\t\t<footer data-nosnippet=\"true\" class=\"iwg-disclaimer-block\"><p data-nosnippet=\"true\">iWell Guard <strong>no \u00e9s un producte sanitari<\/strong> i no substitueix cap tractament m\u00e8dic o psicoterap\u00e8utic. Els continguts d'hist\u00f2ria de les religions s\u00f3n una classificaci\u00f3 culturohist\u00f2rica, no una recomanaci\u00f3 de pr\u00e0ctica espiritual.<\/p><\/footer>\t\t\t\t<\/div>\n\t\t\t\t\t<\/div>\n\t\t\t\t<\/div>\n\t\t\t\t<\/div>\n\t\t","protected":false},"excerpt":{"rendered":"","protected":false},"author":3,"featured_media":3381,"parent":0,"menu_order":0,"comment_status":"closed","ping_status":"closed","template":"elementor_header_footer","meta":{"_yoast_wpseo_focuskw":"Enlil d\u00e9u mesopot\u00e0mic","_yoast_wpseo_title":"Enlil \u2013 d\u00e9u mesopot\u00e0mic de la tempesta i senyor del pante\u00f3","_yoast_wpseo_metadesc":"Enlil, d\u00e9u del vent i de la tempesta de Mesopot\u00e0mia, encap\u00e7alava el pante\u00f3 de Nippur i era considerat el senyor del consell div\u00ed.","_yoast_wpseo_meta-robots-noindex":"","_yoast_wpseo_canonical":"","_angie_page":false,"gefaehrdungsstufe":"3","wesen_kultur":"mesopotamien","wesen_klasse":"goetter","footnotes":""},"categories":[],"class_list":["post-171786","page","type-page","status-publish","has-post-thumbnail","hentry"],"yoast_head":"<!-- This site is optimized with the Yoast SEO Premium plugin v27.7 (Yoast SEO v28.3) - https:\/\/yoast.com\/product\/yoast-seo-premium-wordpress\/ -->\n<title>Enlil \u2013 d\u00e9u mesopot\u00e0mic de la tempesta i senyor del pante\u00f3<\/title>\n<meta name=\"description\" content=\"Enlil, d\u00e9u del vent i de la tempesta de Mesopot\u00e0mia, encap\u00e7alava el pante\u00f3 de Nippur i era considerat el senyor del consell div\u00ed.\" \/>\n<meta name=\"robots\" content=\"index, follow, max-snippet:-1, max-image-preview:large, max-video-preview:-1\" \/>\n<link rel=\"canonical\" href=\"https:\/\/iwell-guard.com\/ca\/enlil-deu-de-la-tempesta-i-senyor-del-panteo\/\" \/>\n<meta property=\"og:locale\" content=\"ca_ES\" \/>\n<meta property=\"og:type\" content=\"article\" \/>\n<meta property=\"og:title\" content=\"Enlil \u2013 d\u00e9u de la tempesta i senyor del pante\u00f3\" \/>\n<meta property=\"og:description\" content=\"Enlil, d\u00e9u del vent i de la tempesta de Mesopot\u00e0mia, encap\u00e7alava el pante\u00f3 de Nippur i era considerat el senyor del consell div\u00ed.\" \/>\n<meta property=\"og:url\" content=\"https:\/\/iwell-guard.com\/ca\/enlil-deu-de-la-tempesta-i-senyor-del-panteo\/\" \/>\n<meta property=\"og:site_name\" content=\"iWell Guard\" \/>\n<meta property=\"article:modified_time\" content=\"2026-09-05T16:07:11+00:00\" \/>\n<meta property=\"og:image\" content=\"https:\/\/iwell-guard.com\/wp-content\/uploads\/2026\/05\/goetter_mesopotamien_enlil.webp\" \/>\n\t<meta property=\"og:image:width\" content=\"1024\" \/>\n\t<meta property=\"og:image:height\" content=\"1536\" \/>\n\t<meta property=\"og:image:type\" content=\"image\/webp\" \/>\n<meta name=\"twitter:card\" content=\"summary_large_image\" \/>\n<script type=\"application\/ld+json\" class=\"yoast-schema-graph\">{\"@context\":\"https:\\\/\\\/schema.org\",\"@graph\":[{\"@type\":\"WebPage\",\"@id\":\"https:\\\/\\\/iwell-guard.com\\\/ca\\\/enlil-deu-de-la-tempesta-i-senyor-del-panteo\\\/\",\"url\":\"https:\\\/\\\/iwell-guard.com\\\/ca\\\/enlil-deu-de-la-tempesta-i-senyor-del-panteo\\\/\",\"name\":\"Enlil \u2013 d\u00e9u mesopot\u00e0mic de la tempesta i senyor del pante\u00f3\",\"isPartOf\":{\"@id\":\"https:\\\/\\\/iwell-guard.com\\\/ca\\\/#website\"},\"primaryImageOfPage\":{\"@id\":\"https:\\\/\\\/iwell-guard.com\\\/ca\\\/enlil-deu-de-la-tempesta-i-senyor-del-panteo\\\/#primaryimage\"},\"image\":{\"@id\":\"https:\\\/\\\/iwell-guard.com\\\/ca\\\/enlil-deu-de-la-tempesta-i-senyor-del-panteo\\\/#primaryimage\"},\"thumbnailUrl\":\"https:\\\/\\\/iwell-guard.com\\\/wp-content\\\/uploads\\\/2026\\\/05\\\/goetter_mesopotamien_enlil.webp\",\"datePublished\":\"2026-09-05T15:42:23+00:00\",\"dateModified\":\"2026-09-05T16:07:11+00:00\",\"description\":\"Enlil, d\u00e9u del vent i de la tempesta de Mesopot\u00e0mia, encap\u00e7alava el pante\u00f3 de Nippur i era considerat el senyor del consell div\u00ed.\",\"breadcrumb\":{\"@id\":\"https:\\\/\\\/iwell-guard.com\\\/ca\\\/enlil-deu-de-la-tempesta-i-senyor-del-panteo\\\/#breadcrumb\"},\"inLanguage\":\"ca\",\"potentialAction\":[{\"@type\":\"ReadAction\",\"target\":[\"https:\\\/\\\/iwell-guard.com\\\/ca\\\/enlil-deu-de-la-tempesta-i-senyor-del-panteo\\\/\"]}]},{\"@type\":\"ImageObject\",\"inLanguage\":\"ca\",\"@id\":\"https:\\\/\\\/iwell-guard.com\\\/ca\\\/enlil-deu-de-la-tempesta-i-senyor-del-panteo\\\/#primaryimage\",\"url\":\"https:\\\/\\\/iwell-guard.com\\\/wp-content\\\/uploads\\\/2026\\\/05\\\/goetter_mesopotamien_enlil.webp\",\"contentUrl\":\"https:\\\/\\\/iwell-guard.com\\\/wp-content\\\/uploads\\\/2026\\\/05\\\/goetter_mesopotamien_enlil.webp\",\"width\":1024,\"height\":1536,\"caption\":\"D\u00e9us de la tradici\u00f3 mesopot\u00e0mica.\"},{\"@type\":\"BreadcrumbList\",\"@id\":\"https:\\\/\\\/iwell-guard.com\\\/ca\\\/enlil-deu-de-la-tempesta-i-senyor-del-panteo\\\/#breadcrumb\",\"itemListElement\":[{\"@type\":\"ListItem\",\"position\":1,\"name\":\"Start\",\"item\":\"https:\\\/\\\/iwell-guard.com\\\/ca\\\/?page_id=171333\"},{\"@type\":\"ListItem\",\"position\":2,\"name\":\"Enlil \u2013 d\u00e9u de la tempesta i senyor del pante\u00f3\"}]},{\"@type\":\"WebSite\",\"@id\":\"https:\\\/\\\/iwell-guard.com\\\/ca\\\/#website\",\"url\":\"https:\\\/\\\/iwell-guard.com\\\/ca\\\/\",\"name\":\"iWell Guard\",\"description\":\"Schutz vor dunklen Einfl\u00fcssen\",\"publisher\":{\"@id\":\"https:\\\/\\\/iwell-guard.com\\\/ca\\\/#organization\"},\"potentialAction\":[{\"@type\":\"SearchAction\",\"target\":{\"@type\":\"EntryPoint\",\"urlTemplate\":\"https:\\\/\\\/iwell-guard.com\\\/ca\\\/?s={search_term_string}\"},\"query-input\":{\"@type\":\"PropertyValueSpecification\",\"valueRequired\":true,\"valueName\":\"search_term_string\"}}],\"inLanguage\":\"ca\"},{\"@type\":\"Organization\",\"@id\":\"https:\\\/\\\/iwell-guard.com\\\/ca\\\/#organization\",\"name\":\"Ittermann electronic GmbH\",\"url\":\"https:\\\/\\\/iwell-guard.com\\\/ca\\\/\",\"logo\":{\"@type\":\"ImageObject\",\"inLanguage\":\"ca\",\"@id\":\"https:\\\/\\\/iwell-guard.com\\\/ca\\\/#\\\/schema\\\/logo\\\/image\\\/\",\"url\":\"https:\\\/\\\/iwell-guard.com\\\/wp-content\\\/uploads\\\/2026\\\/05\\\/Ittermann-Logo-1182x237-1.png\",\"contentUrl\":\"https:\\\/\\\/iwell-guard.com\\\/wp-content\\\/uploads\\\/2026\\\/05\\\/Ittermann-Logo-1182x237-1.png\",\"width\":1182,\"height\":237,\"caption\":\"Ittermann electronic GmbH\"},\"image\":{\"@id\":\"https:\\\/\\\/iwell-guard.com\\\/ca\\\/#\\\/schema\\\/logo\\\/image\\\/\"},\"sameAs\":[\"https:\\\/\\\/pantip.com\\\/profile\\\/9367242\",\"https:\\\/\\\/micro.blog\\\/iwellguard\",\"https:\\\/\\\/www.diggerslist.com\\\/iwellguard\\\/about\",\"https:\\\/\\\/skitterphoto.com\\\/photographers\\\/2870314\\\/iwell-guard\",\"https:\\\/\\\/iwellguard.wordpress.com\\\/2026\\\/06\\\/06\\\/iwell-guard\\\/\",\"https:\\\/\\\/hub.docker.com\\\/u\\\/iwellguard\",\"https:\\\/\\\/www.pinterest.com\\\/iwellguard\\\/\",\"https:\\\/\\\/bit.ly\\\/m\\\/iwellguard\",\"https:\\\/\\\/entre-vos-mains.alsace.eu\\\/profiles\\\/iwellguard\\\/activity\",\"https:\\\/\\\/gravatar.com\\\/reallybeded8fd34\",\"https:\\\/\\\/naijamatta.com\\\/iwellguard\",\"https:\\\/\\\/www.goodreads.com\\\/iwellguard\",\"https:\\\/\\\/profile.hatena.ne.jp\\\/iwellguard\\\/\",\"https:\\\/\\\/experiment.com\\\/users\\\/iwellguard\",\"https:\\\/\\\/wakelet.com\\\/@iWellGuard82270\",\"https:\\\/\\\/www.chordie.com\\\/forum\\\/profile.php?id=2555664\",\"https:\\\/\\\/www.instapaper.com\\\/p\\\/17757966\",\"https:\\\/\\\/www.mapleprimes.com\\\/users\\\/iwellguard\",\"https:\\\/\\\/businesslistingplus.com\\\/profile\\\/iwell-guard\\\/\",\"https:\\\/\\\/telegra.ph\\\/iWell-Guard-06-06\",\"https:\\\/\\\/pbase.com\\\/iwellguard\\\/iwellguard\",\"https:\\\/\\\/b.hatena.ne.jp\\\/iwellguard\\\/20260607#bookmark-4788405196491818882\",\"https:\\\/\\\/fliphtml5.com\\\/home\\\/iwellguard\",\"https:\\\/\\\/anyflip.com\\\/homepage\\\/cmiwl#About\",\"https:\\\/\\\/transfur.com\\\/Users\\\/iwellguard\",\"http:\\\/\\\/delphi.larsbo.org\\\/user\\\/iwellguard\",\"https:\\\/\\\/jobs.lajobsportal.org\\\/profiles\\\/8380803-iwell-guard\",\"https:\\\/\\\/md.chaosdorf.de\\\/s\\\/jfbe5SBdJD\",\"https:\\\/\\\/www.lingvolive.com\\\/en-us\\\/profile\\\/9ecaeaca-ce11-4e51-9e71-01d55e2bff36\\\/translations\",\"https:\\\/\\\/www.fitday.com\\\/fitness\\\/forums\\\/members\\\/iwellguard.html\",\"https:\\\/\\\/www.mymeetbook.com\\\/iwellguard\",\"https:\\\/\\\/pxhere.com\\\/en\\\/photographer-me\\\/5040798\",\"https:\\\/\\\/disqus.com\\\/by\\\/iwellguard\\\/about\\\/\",\"https:\\\/\\\/pastelink.net\\\/hjwciqwq\",\"https:\\\/\\\/pubhtml5.com\\\/homepage\\\/scjhn\\\/\",\"https:\\\/\\\/www.bitchute.com\\\/channel\\\/2O2eOKzNqujT\",\"https:\\\/\\\/audiomack.com\\\/iwellguard\"]},{\"@type\":\"Article\",\"@id\":\"https:\\\/\\\/iwell-guard.com\\\/ca\\\/enlil-deu-de-la-tempesta-i-senyor-del-panteo\\\/#article\",\"isPartOf\":{\"@id\":\"https:\\\/\\\/iwell-guard.com\\\/ca\\\/enlil-deu-de-la-tempesta-i-senyor-del-panteo\\\/\"},\"author\":{\"name\":\"Ralf Ittermann\",\"@id\":\"https:\\\/\\\/iwell-guard.com\\\/ca\\\/#\\\/schema\\\/person\\\/ee2a27f1cac3406c7c6fb5820cb7349f\"},\"headline\":\"Enlil \u2013 d\u00e9u de la tempesta i senyor del pante\u00f3\",\"datePublished\":\"2026-09-05T15:42:23+00:00\",\"dateModified\":\"2026-09-05T16:07:11+00:00\",\"mainEntityOfPage\":{\"@id\":\"https:\\\/\\\/iwell-guard.com\\\/ca\\\/enlil-deu-de-la-tempesta-i-senyor-del-panteo\\\/\"},\"publisher\":{\"@id\":\"https:\\\/\\\/iwell-guard.com\\\/ca\\\/#organization\"},\"image\":{\"@id\":\"https:\\\/\\\/iwell-guard.com\\\/ca\\\/enlil-deu-de-la-tempesta-i-senyor-del-panteo\\\/#primaryimage\"},\"thumbnailUrl\":\"https:\\\/\\\/iwell-guard.com\\\/wp-content\\\/uploads\\\/2026\\\/05\\\/goetter_mesopotamien_enlil.webp\",\"inLanguage\":\"ca\",\"description\":\"Enlil, d\u00e9u del vent i de la tempesta de Mesopot\u00e0mia, encap\u00e7alava el pante\u00f3 de Nippur i era considerat el senyor del consell div\u00ed.\"}]}<\/script>\n<!-- \/ Yoast SEO Premium plugin. -->","yoast_head_json":{"title":"Enlil \u2013 d\u00e9u mesopot\u00e0mic de la tempesta i senyor del pante\u00f3","description":"Enlil, d\u00e9u del vent i de la tempesta de Mesopot\u00e0mia, encap\u00e7alava el pante\u00f3 de Nippur i era considerat el senyor del consell div\u00ed.","robots":{"index":"index","follow":"follow","max-snippet":"max-snippet:-1","max-image-preview":"max-image-preview:large","max-video-preview":"max-video-preview:-1"},"canonical":"https:\/\/iwell-guard.com\/ca\/enlil-deu-de-la-tempesta-i-senyor-del-panteo\/","og_locale":"ca_ES","og_type":"article","og_title":"Enlil \u2013 d\u00e9u de la tempesta i senyor del pante\u00f3","og_description":"Enlil, d\u00e9u del vent i de la tempesta de Mesopot\u00e0mia, encap\u00e7alava el pante\u00f3 de Nippur i era considerat el senyor del consell div\u00ed.","og_url":"https:\/\/iwell-guard.com\/ca\/enlil-deu-de-la-tempesta-i-senyor-del-panteo\/","og_site_name":"iWell Guard","article_modified_time":"2026-09-05T16:07:11+00:00","og_image":[{"width":1024,"height":1536,"url":"https:\/\/iwell-guard.com\/wp-content\/uploads\/2026\/05\/goetter_mesopotamien_enlil.webp","type":"image\/webp"}],"twitter_card":"summary_large_image","schema":{"@context":"https:\/\/schema.org","@graph":[{"@type":"Article","@id":"https:\/\/iwell-guard.com\/ca\/enlil-deu-de-la-tempesta-i-senyor-del-panteo\/#article","isPartOf":{"@id":"https:\/\/iwell-guard.com\/ca\/enlil-deu-de-la-tempesta-i-senyor-del-panteo\/"},"author":{"name":"Ralf Ittermann","@id":"https:\/\/iwell-guard.com\/ca\/#\/schema\/person\/ee2a27f1cac3406c7c6fb5820cb7349f"},"headline":"Enlil \u2013 d\u00e9u de la tempesta i senyor del pante\u00f3","datePublished":"2026-09-05T15:42:23+00:00","dateModified":"2026-09-05T16:07:11+00:00","mainEntityOfPage":{"@id":"https:\/\/iwell-guard.com\/ca\/enlil-deu-de-la-tempesta-i-senyor-del-panteo\/"},"publisher":{"@id":"https:\/\/iwell-guard.com\/ca\/#organization"},"image":{"@id":"https:\/\/iwell-guard.com\/ca\/enlil-deu-de-la-tempesta-i-senyor-del-panteo\/#primaryimage"},"thumbnailUrl":"https:\/\/iwell-guard.com\/wp-content\/uploads\/2026\/05\/goetter_mesopotamien_enlil.webp","inLanguage":"ca","description":"Enlil, d\u00e9u del vent i de la tempesta de Mesopot\u00e0mia, encap\u00e7alava el pante\u00f3 de Nippur i era considerat el senyor del consell div\u00ed."},{"@type":"WebPage","@id":"https:\/\/iwell-guard.com\/ca\/enlil-deu-de-la-tempesta-i-senyor-del-panteo\/","url":"https:\/\/iwell-guard.com\/ca\/enlil-deu-de-la-tempesta-i-senyor-del-panteo\/","name":"Enlil \u2013 d\u00e9u mesopot\u00e0mic de la tempesta i senyor del pante\u00f3","isPartOf":{"@id":"https:\/\/iwell-guard.com\/ca\/#website"},"primaryImageOfPage":{"@id":"https:\/\/iwell-guard.com\/ca\/enlil-deu-de-la-tempesta-i-senyor-del-panteo\/#primaryimage"},"image":{"@id":"https:\/\/iwell-guard.com\/ca\/enlil-deu-de-la-tempesta-i-senyor-del-panteo\/#primaryimage"},"thumbnailUrl":"https:\/\/iwell-guard.com\/wp-content\/uploads\/2026\/05\/goetter_mesopotamien_enlil.webp","datePublished":"2026-09-05T15:42:23+00:00","dateModified":"2026-09-05T16:07:11+00:00","description":"Enlil, d\u00e9u del vent i de la tempesta de Mesopot\u00e0mia, encap\u00e7alava el pante\u00f3 de Nippur i era considerat el senyor del consell div\u00ed.","breadcrumb":{"@id":"https:\/\/iwell-guard.com\/ca\/enlil-deu-de-la-tempesta-i-senyor-del-panteo\/#breadcrumb"},"inLanguage":"ca","potentialAction":[{"@type":"ReadAction","target":["https:\/\/iwell-guard.com\/ca\/enlil-deu-de-la-tempesta-i-senyor-del-panteo\/"]}]},{"@type":"ImageObject","inLanguage":"ca","@id":"https:\/\/iwell-guard.com\/ca\/enlil-deu-de-la-tempesta-i-senyor-del-panteo\/#primaryimage","url":"https:\/\/iwell-guard.com\/wp-content\/uploads\/2026\/05\/goetter_mesopotamien_enlil.webp","contentUrl":"https:\/\/iwell-guard.com\/wp-content\/uploads\/2026\/05\/goetter_mesopotamien_enlil.webp","width":1024,"height":1536,"caption":"D\u00e9us de la tradici\u00f3 mesopot\u00e0mica."},{"@type":"BreadcrumbList","@id":"https:\/\/iwell-guard.com\/ca\/enlil-deu-de-la-tempesta-i-senyor-del-panteo\/#breadcrumb","itemListElement":[{"@type":"ListItem","position":1,"name":"Start","item":"https:\/\/iwell-guard.com\/ca\/?page_id=171333"},{"@type":"ListItem","position":2,"name":"Enlil \u2013 d\u00e9u de la tempesta i senyor del pante\u00f3"}]},{"@type":"WebSite","@id":"https:\/\/iwell-guard.com\/ca\/#website","url":"https:\/\/iwell-guard.com\/ca\/","name":"iWell Guard","description":"Schutz vor dunklen Einfl\u00fcssen","publisher":{"@id":"https:\/\/iwell-guard.com\/ca\/#organization"},"potentialAction":[{"@type":"SearchAction","target":{"@type":"EntryPoint","urlTemplate":"https:\/\/iwell-guard.com\/ca\/?s={search_term_string}"},"query-input":{"@type":"PropertyValueSpecification","valueRequired":true,"valueName":"search_term_string"}}],"inLanguage":"ca"},{"@type":"Organization","@id":"https:\/\/iwell-guard.com\/ca\/#organization","name":"Ittermann electronic GmbH","url":"https:\/\/iwell-guard.com\/ca\/","logo":{"@type":"ImageObject","inLanguage":"ca","@id":"https:\/\/iwell-guard.com\/ca\/#\/schema\/logo\/image\/","url":"https:\/\/iwell-guard.com\/wp-content\/uploads\/2026\/05\/Ittermann-Logo-1182x237-1.png","contentUrl":"https:\/\/iwell-guard.com\/wp-content\/uploads\/2026\/05\/Ittermann-Logo-1182x237-1.png","width":1182,"height":237,"caption":"Ittermann electronic GmbH"},"image":{"@id":"https:\/\/iwell-guard.com\/ca\/#\/schema\/logo\/image\/"},"sameAs":["https:\/\/pantip.com\/profile\/9367242","https:\/\/micro.blog\/iwellguard","https:\/\/www.diggerslist.com\/iwellguard\/about","https:\/\/skitterphoto.com\/photographers\/2870314\/iwell-guard","https:\/\/iwellguard.wordpress.com\/2026\/06\/06\/iwell-guard\/","https:\/\/hub.docker.com\/u\/iwellguard","https:\/\/www.pinterest.com\/iwellguard\/","https:\/\/bit.ly\/m\/iwellguard","https:\/\/entre-vos-mains.alsace.eu\/profiles\/iwellguard\/activity","https:\/\/gravatar.com\/reallybeded8fd34","https:\/\/naijamatta.com\/iwellguard","https:\/\/www.goodreads.com\/iwellguard","https:\/\/profile.hatena.ne.jp\/iwellguard\/","https:\/\/experiment.com\/users\/iwellguard","https:\/\/wakelet.com\/@iWellGuard82270","https:\/\/www.chordie.com\/forum\/profile.php?id=2555664","https:\/\/www.instapaper.com\/p\/17757966","https:\/\/www.mapleprimes.com\/users\/iwellguard","https:\/\/businesslistingplus.com\/profile\/iwell-guard\/","https:\/\/telegra.ph\/iWell-Guard-06-06","https:\/\/pbase.com\/iwellguard\/iwellguard","https:\/\/b.hatena.ne.jp\/iwellguard\/20260607#bookmark-4788405196491818882","https:\/\/fliphtml5.com\/home\/iwellguard","https:\/\/anyflip.com\/homepage\/cmiwl#About","https:\/\/transfur.com\/Users\/iwellguard","http:\/\/delphi.larsbo.org\/user\/iwellguard","https:\/\/jobs.lajobsportal.org\/profiles\/8380803-iwell-guard","https:\/\/md.chaosdorf.de\/s\/jfbe5SBdJD","https:\/\/www.lingvolive.com\/en-us\/profile\/9ecaeaca-ce11-4e51-9e71-01d55e2bff36\/translations","https:\/\/www.fitday.com\/fitness\/forums\/members\/iwellguard.html","https:\/\/www.mymeetbook.com\/iwellguard","https:\/\/pxhere.com\/en\/photographer-me\/5040798","https:\/\/disqus.com\/by\/iwellguard\/about\/","https:\/\/pastelink.net\/hjwciqwq","https:\/\/pubhtml5.com\/homepage\/scjhn\/","https:\/\/www.bitchute.com\/channel\/2O2eOKzNqujT","https:\/\/audiomack.com\/iwellguard"]},{"@type":"Person","@id":"https:\/\/iwell-guard.com\/ca\/#\/schema\/person\/ee2a27f1cac3406c7c6fb5820cb7349f","name":"Ralf Ittermann","image":{"@type":"ImageObject","inLanguage":"ca","@id":"https:\/\/secure.gravatar.com\/avatar\/073c0153e350a5005b68eb752b445fea71f6b24a26da9449ad7e155e6b446c9d?s=96&d=mm&r=g","url":"https:\/\/secure.gravatar.com\/avatar\/073c0153e350a5005b68eb752b445fea71f6b24a26da9449ad7e155e6b446c9d?s=96&d=mm&r=g","contentUrl":"https:\/\/secure.gravatar.com\/avatar\/073c0153e350a5005b68eb752b445fea71f6b24a26da9449ad7e155e6b446c9d?s=96&d=mm&r=g","caption":"Ralf Ittermann"},"givenName":"Ralf","familyName":"Ittermann","jobTitle":"Gesch\u00e4ftsf\u00fchrer und redaktioneller Verantwortlicher","url":"https:\/\/iwell-guard.com\/ca\/author\/claude\/","description":"Ralf Ittermann ist Gesch\u00e4ftsf\u00fchrer der Ittermann electronic GmbH und redaktioneller Verantwortlicher des iWell-Guard-Lexikons. Er verbindet langj\u00e4hrige Erfahrung in der Pr\u00e4zisionsfertigung mit medialer Praxis und religionsgeschichtlicher Quellenarbeit.","worksFor":{"@type":"Organization","name":"Ittermann electronic GmbH","url":"https:\/\/ittermann.de\/","address":{"@type":"PostalAddress","streetAddress":"K\u00f6hlergasse 16-18","postalCode":"99842","addressLocality":"Ruhla","addressCountry":"DE"}},"knowsAbout":["Religionsgeschichte","Mythologie","Mediale Praxis","Energetische Diagnostik","Schutzpraxis","Volksglauben","Westliche Esoterik"]},{"@type":"Article","@id":"https:\/\/iwell-guard.com\/ca\/enlil-deu-de-la-tempesta-i-senyor-del-panteo\/#article","isPartOf":{"@id":"https:\/\/iwell-guard.com\/ca\/enlil-deu-de-la-tempesta-i-senyor-del-panteo\/"},"author":{"name":"Ralf Ittermann","@id":"https:\/\/iwell-guard.com\/ca\/#\/schema\/person\/ee2a27f1cac3406c7c6fb5820cb7349f"},"headline":"Enlil \u2013 d\u00e9u de la tempesta i senyor del pante\u00f3","datePublished":"2026-09-05T15:42:23+00:00","dateModified":"2026-09-05T16:07:11+00:00","mainEntityOfPage":{"@id":"https:\/\/iwell-guard.com\/ca\/enlil-deu-de-la-tempesta-i-senyor-del-panteo\/"},"publisher":{"@id":"https:\/\/iwell-guard.com\/ca\/#organization"},"image":{"@id":"https:\/\/iwell-guard.com\/ca\/enlil-deu-de-la-tempesta-i-senyor-del-panteo\/#primaryimage"},"thumbnailUrl":"https:\/\/iwell-guard.com\/wp-content\/uploads\/2026\/05\/goetter_mesopotamien_enlil.webp","inLanguage":"ca","description":"Enlil, d\u00e9u del vent i de la tempesta de Mesopot\u00e0mia, encap\u00e7alava el pante\u00f3 de Nippur i era considerat el senyor del consell div\u00ed."}]}},"_links":{"self":[{"href":"https:\/\/iwell-guard.com\/ca\/wp-json\/wp\/v2\/pages\/171786","targetHints":{"allow":["GET"]}}],"collection":[{"href":"https:\/\/iwell-guard.com\/ca\/wp-json\/wp\/v2\/pages"}],"about":[{"href":"https:\/\/iwell-guard.com\/ca\/wp-json\/wp\/v2\/types\/page"}],"author":[{"embeddable":true,"href":"https:\/\/iwell-guard.com\/ca\/wp-json\/wp\/v2\/users\/3"}],"replies":[{"embeddable":true,"href":"https:\/\/iwell-guard.com\/ca\/wp-json\/wp\/v2\/comments?post=171786"}],"version-history":[{"count":0,"href":"https:\/\/iwell-guard.com\/ca\/wp-json\/wp\/v2\/pages\/171786\/revisions"}],"wp:featuredmedia":[{"embeddable":true,"href":"https:\/\/iwell-guard.com\/ca\/wp-json\/wp\/v2\/media\/3381"}],"wp:attachment":[{"href":"https:\/\/iwell-guard.com\/ca\/wp-json\/wp\/v2\/media?parent=171786"}],"wp:term":[{"taxonomy":"category","embeddable":true,"href":"https:\/\/iwell-guard.com\/ca\/wp-json\/wp\/v2\/categories?post=171786"}],"curies":[{"name":"wp","href":"https:\/\/api.w.org\/{rel}","templated":true}]}}