{"id":171785,"date":"2026-09-05T15:42:23","date_gmt":"2026-09-05T15:42:23","guid":{"rendered":"https:\/\/iwell-guard.com\/?page_id=171785"},"modified":"2026-09-05T16:07:10","modified_gmt":"2026-09-05T16:07:10","slug":"les-moires-deesses-del-desti","status":"publish","type":"page","link":"https:\/\/iwell-guard.com\/ca\/les-moires-deesses-del-desti\/","title":{"rendered":"Les Moires \u2013 Deesses del dest\u00ed i guardianes del fil de la vida"},"content":{"rendered":"\t\t<div data-elementor-type=\"wp-page\" data-elementor-id=\"171785\" class=\"elementor elementor-171785 elementor-2919 elementor-bc-flex-widget\" data-elementor-post-type=\"page\">\n\t\t\t\t<div class=\"elementor-element elementor-element-heroaac6eee e-flex e-con-boxed e-con e-parent\" data-id=\"heroaac6eee\" data-element_type=\"container\" data-e-type=\"container\">\n\t\t\t\t\t<div class=\"e-con-inner\">\n\t\t\t\t<div class=\"elementor-element elementor-element-heroimg5243f35 iwg-hero-image elementor-widget elementor-widget-image\" data-id=\"heroimg5243f35\" data-element_type=\"widget\" data-e-type=\"widget\" data-widget_type=\"image.default\">\n\t\t\t\t\t\t\t\t\t\t\t\t\t\t\t<img fetchpriority=\"high\" decoding=\"async\" width=\"683\" height=\"1024\" src=\"https:\/\/iwell-guard.com\/wp-content\/uploads\/2026\/05\/goetter_griechenland_moiren-683x1024.webp\" class=\"attachment-large size-large wp-image-173414\" alt=\"Moires: d\u00e9us de la tradici\u00f3 de la Gr\u00e8cia antiga, il\u00b7lustraci\u00f3 historicista\" srcset=\"https:\/\/iwell-guard.com\/wp-content\/uploads\/2026\/05\/goetter_griechenland_moiren-683x1024.webp 683w, https:\/\/iwell-guard.com\/wp-content\/uploads\/2026\/05\/goetter_griechenland_moiren-200x300.webp 200w, https:\/\/iwell-guard.com\/wp-content\/uploads\/2026\/05\/goetter_griechenland_moiren-768x1152.webp 768w, https:\/\/iwell-guard.com\/wp-content\/uploads\/2026\/05\/goetter_griechenland_moiren.webp 1024w\" sizes=\"(max-width: 683px) 100vw, 683px\" \/>\t\t\t\t\t\t\t\t\t\t\t\t\t\t\t<\/div>\n\t\t\t\t\t<\/div>\n\t\t\t\t<\/div>\n\t\t<div class=\"elementor-element elementor-element-iwgw-moiren-hero e-flex e-con-boxed e-con e-parent\" data-id=\"iwgw-moiren-hero\" data-element_type=\"container\" data-e-type=\"container\">\n\t\t\t\t\t<div class=\"e-con-inner\">\n\t\t\t\t<div class=\"elementor-element elementor-element-iwgw-moiren-h1 elementor-widget elementor-widget-heading\" data-id=\"iwgw-moiren-h1\" data-element_type=\"widget\" data-e-type=\"widget\" data-widget_type=\"heading.default\">\n\t\t\t\t\t<h1 class=\"elementor-heading-title elementor-size-default\">Les Moires \u2013 Clot\u00f3, L\u00e0quesis i \u00c0tropos<\/h1>\t\t\t\t<\/div>\n\t\t\t\t<div class=\"elementor-element elementor-element-iwgw-moiren-pills elementor-widget elementor-widget-html\" data-id=\"iwgw-moiren-pills\" data-element_type=\"widget\" data-e-type=\"widget\" data-widget_type=\"html.default\">\n\t\t\t\t\t<div class=\"iwg-pill-row\"><span class=\"iwg-klasse-badge\" tabindex=\"0\" data-tooltip=\"Deesses del dest\u00ed de la tradici\u00f3 de Gr\u00e8cia.\">Deesses del dest\u00ed<\/span><a href=\"https:\/\/iwell-guard.com\/ca\/grecia\/\" class=\"iwg-kultur-badge\" tabindex=\"0\" data-tooltip=\"Mitologia de la tradici\u00f3 de Gr\u00e8cia.\">Gr\u00e8cia<\/a><span class=\"iwg-tradition-badge\" tabindex=\"0\" data-tooltip=\"Poders del dest\u00ed.\">Poders del dest\u00ed<\/span><\/div>\t\t\t\t<\/div>\n\t\t\t\t<div class=\"elementor-element elementor-element-iwgw-moiren-lead elementor-widget elementor-widget-text-editor\" data-id=\"iwgw-moiren-lead\" data-element_type=\"widget\" data-e-type=\"widget\" data-widget_type=\"text-editor.default\">\n\t\t\t\t\t\t\t\t\t<p>Les Moires s\u00f3n les tres deesses del dest\u00ed de la <span class=\"iwg-fachbegriff\" data-tooltip=\"El conjunt de relats m\u00edtics transmesos d'una cultura.\" tabindex=\"0\">mitologia<\/span> grega: Clot\u00f3 fila el fil de la vida, L\u00e0quesis el mesura, \u00c0tropos el talla. Encarnen la limitaci\u00f3 inevitable de tota vida humana.<\/p>\t\t\t\t\t\t\t\t<\/div>\n\t\t\t\t\t<\/div>\n\t\t\t\t<\/div>\n\t\t<div class=\"elementor-element elementor-element-iwgw-moiren-s0 e-flex e-con-boxed e-con e-parent\" data-id=\"iwgw-moiren-s0\" data-element_type=\"container\" data-e-type=\"container\">\n\t\t\t\t\t<div class=\"e-con-inner\">\n\t\t\t\t<div class=\"elementor-element elementor-element-iwgw-moiren-s0h elementor-widget elementor-widget-heading\" data-id=\"iwgw-moiren-s0h\" data-element_type=\"widget\" data-e-type=\"widget\" data-widget_type=\"heading.default\">\n\t\t\t\t\t<h2 class=\"elementor-heading-title elementor-size-default\">Introducci\u00f3<\/h2>\t\t\t\t<\/div>\n\t\t\t\t<div class=\"elementor-element elementor-element-iwgw-moiren-s0t elementor-widget elementor-widget-text-editor\" data-id=\"iwgw-moiren-s0t\" data-element_type=\"widget\" data-e-type=\"widget\" data-widget_type=\"text-editor.default\">\n\t\t\t\t\t\t\t\t\t<p>Les Moires pertanyen a les divinitats m\u00e9s antigues i alhora m\u00e9s abstractes de la religi\u00f3 <a href=\"https:\/\/iwell-guard.com\/ca\/grecia\/\">grega<\/a>. S\u00f3n les personificacions del dest\u00ed, aquell poder que fixa la mesura de tota vida humana i al qual fins i tot els d\u00e9us ol\u00edmpics nom\u00e9s poden oposar-se de manera limitada. En la <span class=\"iwg-fachbegriff\" data-tooltip=\"La transmissi\u00f3 de coneixements i relats a trav\u00e9s de generacions.\" tabindex=\"0\">tradici\u00f3<\/span> cl\u00e0ssica apareixen com una tr\u00edada, amb els noms de Clot\u00f3, L\u00e0quesis i \u00c0tropos.<\/p><p>Des del punt de vista de la ci\u00e8ncia de les religions, les Moires s\u00f3n un exemple especialment revelador de la personificaci\u00f3 d&#8217;un concepte. La paraula grega moira significa origin\u00e0riament part, porci\u00f3, all\u00f2 assignat.<\/p><p>D&#8217;aquest concepte del que \u00e9s assignat a cada individu es va desenvolupar la idea de figures divines que duen a terme aquesta assignaci\u00f3. Les Moires es troben, doncs, en el l\u00edmit entre una idea abstracta i una <span class=\"iwg-fachbegriff\" data-tooltip=\"Un \u00e9sser venerat com a div\u00ed dins d'una religi\u00f3.\" tabindex=\"0\">divinitat<\/span> venerada en un culte.<\/p><p>La font primerenca m\u00e9s important \u00e9s, de nou, la <em>Teogonia<\/em> d&#8217;Hes\u00edode, que fixa la seva genealogia. Homer ja coneix la idea del dest\u00ed assignat, per\u00f2 sol concebre la moira m\u00e9s com un poder impersonal que com un grup de deesses ben definit.<\/p><p>En Plat\u00f3, en el mite final de la <em>Rep\u00fablica<\/em>, les tres Moires apareixen en una escena elaborada com a filles de la Necessitat. En la trag\u00e8dia, en els grans poetes \u00e0tics, s\u00f3n poders esmentats sovint. Les arts pl\u00e0stiques les van representar des de l&#8217;\u00e8poca arcaica.<\/p>\t\t\t\t\t\t\t\t<\/div>\n\t\t\t\t\t<\/div>\n\t\t\t\t<\/div>\n\t\t<div class=\"elementor-element elementor-element-iwgw-moiren-s1 e-flex e-con-boxed e-con e-parent\" data-id=\"iwgw-moiren-s1\" data-element_type=\"container\" data-e-type=\"container\">\n\t\t\t\t\t<div class=\"e-con-inner\">\n\t\t\t\t<div class=\"elementor-element elementor-element-iwgw-moiren-s1h elementor-widget elementor-widget-heading\" data-id=\"iwgw-moiren-s1h\" data-element_type=\"widget\" data-e-type=\"widget\" data-widget_type=\"heading.default\">\n\t\t\t\t\t<h2 class=\"elementor-heading-title elementor-size-default\">Nom i etimologia<\/h2>\t\t\t\t<\/div>\n\t\t\t\t<div class=\"elementor-element elementor-element-iwgw-moiren-s1t elementor-widget elementor-widget-text-editor\" data-id=\"iwgw-moiren-s1t\" data-element_type=\"widget\" data-e-type=\"widget\" data-widget_type=\"text-editor.default\">\n\t\t\t\t\t\t\t\t\t<p>El nom gen\u00e8ric Moires deriva de la paraula grega moira, que significa part, sort assignada, dest\u00ed. Pertany a una fam\u00edlia de paraules que designa el repartiment i l&#8217;assignaci\u00f3.<\/p><p>La moira \u00e9s, per tant, origin\u00e0riament no la deessa, sin\u00f3 la porci\u00f3 de vida assignada a un \u00e9sser hum\u00e0. Va ser la personificaci\u00f3 la que en va fer la deessa del dest\u00ed, i el plural, les Moires, va donar el grup de deesses.<\/p><p>Els tres noms individuals s\u00f3n noms parlants, cadascun designa una activitat sobre el fil de la vida. Clot\u00f3 significa la filadora, d&#8217;una paraula que designa filar el fil. L\u00e0quesis significa la que assigna o la que dona la sort, d&#8217;una paraula relacionada amb obtenir i assignar per sort.<\/p><p>\u00c0tropos significa la inexorable o la que no es pot fer canviar, literalment la que no es deixa persuadir. En la <span class=\"iwg-fachbegriff\" data-tooltip=\"La transmissi\u00f3 de coneixements i relats a trav\u00e9s de generacions.\" tabindex=\"0\">tradici\u00f3<\/span> posterior i sistematitzadora, es va assignar a aquests noms un repartiment fix de funcions: Clot\u00f3 fila, L\u00e0quesis mesura, \u00c0tropos talla.<\/p><p>Aquesta clara divisi\u00f3 del treball \u00e9s, en realitat, una fixaci\u00f3 ordenadora de l&#8217;\u00e8poca posthom\u00e8rica. En les fonts m\u00e9s antigues, les funcions estan repartides de manera menys estricta.<\/p><p>En llat\u00ed corresponen a les Moires les Parques, els noms de les quals, Nona, Decuma i Morta, estaven origin\u00e0riament relacionats amb el naixement en el nov\u00e8 o des\u00e8 mes i amb la mort, per\u00f2 despr\u00e9s es van identificar amb les Moires gregues. Aquesta identificaci\u00f3 de Moires i Parques va marcar de manera decisiva la imatge posterior a l&#8217;antiguitat de les tres germanes del dest\u00ed.<\/p>\t\t\t\t\t\t\t\t<\/div>\n\t\t\t\t\t<\/div>\n\t\t\t\t<\/div>\n\t\t<div class=\"elementor-element elementor-element-iwgw-moiren-s2 e-flex e-con-boxed e-con e-parent\" data-id=\"iwgw-moiren-s2\" data-element_type=\"container\" data-e-type=\"container\">\n\t\t\t\t\t<div class=\"e-con-inner\">\n\t\t\t\t<div class=\"elementor-element elementor-element-iwgw-moiren-s2h elementor-widget elementor-widget-heading\" data-id=\"iwgw-moiren-s2h\" data-element_type=\"widget\" data-e-type=\"widget\" data-widget_type=\"heading.default\">\n\t\t\t\t\t<h2 class=\"elementor-heading-title elementor-size-default\">Descripci\u00f3 i iconografia<\/h2>\t\t\t\t<\/div>\n\t\t\t\t<div class=\"elementor-element elementor-element-iwgw-moiren-s2t elementor-widget elementor-widget-text-editor\" data-id=\"iwgw-moiren-s2t\" data-element_type=\"widget\" data-e-type=\"widget\" data-widget_type=\"text-editor.default\">\n\t\t\t\t\t\t\t\t\t<p>Les Moires es representen a l&#8217;art antic majorit\u00e0riament com tres dones, sovint amb una actitud seriosa i digna. La seva edat es dona de manera diversa; en algunes representacions apareixen com a dones madures o velles, en altres sense trets d&#8217;edat clars.<\/p><p>El seu atribut caracter\u00edstic s\u00f3n les eines del treball amb el fil: el fus, el fil, la filosa, i en la tradici\u00f3 posterior tamb\u00e9 unes tisores o un instrument de tall per a \u00c0tropos.<\/p><p>La imatge dominant \u00e9s la del filat. La vida humana es concep com un fil que les Moires fabriquen, mesuren i finalment tallen.<\/p><p>La longitud del fil correspon a la durada de la vida, i el tall significa la mort. Aquesta imatge \u00e9s molt gr\u00e0fica i ha marcat tota la concepci\u00f3 posterior del fil de la vida. En el relat de Plat\u00f3, les tres Moires seuen en trons, vestides de blanc, coronades, i giren juntes el gran fus de l&#8217;univers.<\/p><p>En la pintura sobre vasos i en representacions de relleu, les Moires apareixen sovint en esdeveniments decisius del dest\u00ed, com naixements o casaments, per\u00f2 sobretot en el naixement de figures importants. En aquests casos s\u00f3n els poders que fixen la sort del nounat.<\/p><p>En \u00e8poca romana, com a Parques, van ser un dels motius iconogr\u00e0fics m\u00e9s estesos en els sarc\u00f2fags, on simbolitzaven la limitaci\u00f3 de la vida. La r\u00edgida repartici\u00f3 de funcions entre les tres, una fila, una mesura, una talla, \u00e9s sobretot un esquema iconogr\u00e0fic de l&#8217;art postcl\u00e0ssic i posterior a l&#8217;antiguitat.<\/p>\t\t\t\t\t\t\t\t<\/div>\n\t\t\t\t\t<\/div>\n\t\t\t\t<\/div>\n\t\t<div class=\"elementor-element elementor-element-iwgw-moiren-s3 e-flex e-con-boxed e-con e-parent\" data-id=\"iwgw-moiren-s3\" data-element_type=\"container\" data-e-type=\"container\">\n\t\t\t\t\t<div class=\"e-con-inner\">\n\t\t\t\t<div class=\"elementor-element elementor-element-iwgw-moiren-s3h elementor-widget elementor-widget-heading\" data-id=\"iwgw-moiren-s3h\" data-element_type=\"widget\" data-e-type=\"widget\" data-widget_type=\"heading.default\">\n\t\t\t\t\t<h2 class=\"elementor-heading-title elementor-size-default\">Relats mitol\u00f2gics<\/h2>\t\t\t\t<\/div>\n\t\t\t\t<div class=\"elementor-element elementor-element-iwgw-moiren-s3t elementor-widget elementor-widget-text-editor\" data-id=\"iwgw-moiren-s3t\" data-element_type=\"widget\" data-e-type=\"widget\" data-widget_type=\"text-editor.default\">\n\t\t\t\t\t\t\t\t\t<p>Sobre l&#8217;origen de les Moires hi ha dues tradicions paral\u00b7leles, que ja apareixen a la <em>Teogonia<\/em> d&#8217;Hes\u00edode. Segons una d&#8217;elles, s\u00f3n filles de Nyx, la Nit, i pertanyen aix\u00ed a les forces fosques i primig\u00e8nies que sorgeixen de la nit sense pare, juntament amb la Mort i altres figures ombr\u00edvoles.<\/p><p>Segons l&#8217;altra versi\u00f3, tamb\u00e9 transmesa per Hes\u00edode, s\u00f3n filles de <a href=\"https:\/\/iwell-guard.com\/ca\/zeus\/\">Zeus<\/a> i de Temis, la deessa de l&#8217;ordre establert. En aquesta genealogia s\u00f3n germanes de les Hores i representen l&#8217;assignaci\u00f3 ordenada i leg\u00edtima del dest\u00ed.<\/p><p>Aquests dos or\u00edgens reflecteixen dues concepcions del dest\u00ed: el poder inquietant nascut de la nit i la just\u00edcia integrada en l&#8217;ordre div\u00ed.<\/p><p>Les Moires apareixen en nombrosos mites com les forces que determinen el curs de la vida. Una de les narracions m\u00e9s conegudes \u00e9s la de Meleagre. En n\u00e9ixer, les Moires es van presentar i van predir que el noi viuria mentre no es crem\u00e9s un determinat ti\u00f3 a la llar.<\/p><p>La seva mare, Altea, va arrabassar el ti\u00f3 del foc i el va guardar. Anys despr\u00e9s, col\u00e8rica per la mort dels seus germans a mans de Meleagre, va llan\u00e7ar el ti\u00f3 al foc, i el seu fill va morir en el mateix instant en qu\u00e8 es consumia.<\/p><p>Un altre episodi conegut \u00e9s el d&#8217;Admet. Apol\u00b7lo va aconseguir de les Moires que Admet pogu\u00e9s escapar de la mort si alg\u00fa altre hi anava en el seu lloc. Segons la <span class=\"iwg-fachbegriff\" data-tooltip=\"La transmissi\u00f3 de coneixements i narracions al llarg de generacions.\" tabindex=\"0\">tradici\u00f3<\/span>, Apol\u00b7lo va poder fer canviar d&#8217;opini\u00f3 les Moires emborratxant-les amb vi.<\/p><p>Aquest episodi mostra que el dest\u00ed fixat per les Moires podia, en casos excepcionals, ajornar-se, per\u00f2 no pas anul\u00b7lar-se realment: al final, alg\u00fa havia de morir.<\/p><p>La seva relaci\u00f3 amb Zeus va ser objecte de discussi\u00f3 a l&#8217;antiguitat. En algunes representacions, Zeus ordena el dest\u00ed i les Moires l&#8217;executen; en aquest cas rep l&#8217;ep\u00edtet de Moiragetes, el guia de les Moires.<\/p><p>En altres representacions, el dest\u00ed es troba fins i tot per damunt de Zeus. Aquesta tensi\u00f3 no es va resoldre a l&#8217;<span class=\"iwg-fachbegriff\" data-tooltip=\"\u00c8poca de la cultura grega i romana, aproximadament del 800 aC al 600 dC.\" tabindex=\"0\">antiguitat<\/span>; forma part de la seva pr\u00f2pia natura: el dest\u00ed \u00e9s una for\u00e7a cuya relaci\u00f3 amb la <span class=\"iwg-fachbegriff\" data-tooltip=\"Un \u00e9sser venerat com a div\u00ed dins d'una religi\u00f3.\" tabindex=\"0\">divinitat<\/span> suprema va quedar fonamentalment oberta.<\/p>\t\t\t\t\t\t\t\t<\/div>\n\t\t\t\t\t<\/div>\n\t\t\t\t<\/div>\n\t\t<div class=\"elementor-element elementor-element-iwgw-moiren-s4 e-flex e-con-boxed e-con e-parent\" data-id=\"iwgw-moiren-s4\" data-element_type=\"container\" data-e-type=\"container\">\n\t\t\t\t\t<div class=\"e-con-inner\">\n\t\t\t\t<div class=\"elementor-element elementor-element-iwgw-moiren-s4h elementor-widget elementor-widget-heading\" data-id=\"iwgw-moiren-s4h\" data-element_type=\"widget\" data-e-type=\"widget\" data-widget_type=\"heading.default\">\n\t\t\t\t\t<h2 class=\"elementor-heading-title elementor-size-default\">Culte i veneraci\u00f3<\/h2>\t\t\t\t<\/div>\n\t\t\t\t<div class=\"elementor-element elementor-element-iwgw-moiren-s4t elementor-widget elementor-widget-text-editor\" data-id=\"iwgw-moiren-s4t\" data-element_type=\"widget\" data-e-type=\"widget\" data-widget_type=\"text-editor.default\">\n\t\t\t\t\t\t\t\t\t<p>Les Moires eren venerades cultualment en diversos llocs de Gr\u00e8cia, encara que sovint no en grans santuaris propis, sin\u00f3 m\u00e9s b\u00e9 en relaci\u00f3 amb altres divinitats o en llocs especials. Es documenten altars i <span class=\"iwg-fachbegriff\" data-tooltip=\"Un lloc sagrat dedicat a la veneraci\u00f3 d'una divinitat.\" tabindex=\"0\">santuaris<\/span> a Corint, Esparta, Tebes i Ol\u00edmpia, entre altres indrets. A Delfos estaven estretament vinculades al santuari d&#8217;Apol\u00b7lo.<\/p><p>El <span class=\"iwg-fachbegriff\" data-tooltip=\"El conjunt d'actes de veneraci\u00f3 religiosa dedicats a una divinitat o figura sagrada.\" tabindex=\"0\">culte<\/span> a les Moires estava estretament lligat a les transicions de la vida humana, sobretot al naixement i al matrimoni. En n\u00e9ixer un infant, es considerava que les Moires hi eren presents, ja que en aquell instant es fixava el dest\u00ed de la vida.<\/p><p>En els casaments s&#8217;adre\u00e7aven preg\u00e0ries i <span class=\"iwg-fachbegriff\" data-tooltip=\"Ofrena a una divinitat per expressar gratitud, s\u00faplica o veneraci\u00f3.\" tabindex=\"0\">ofrenes<\/span> a les Moires per tal que concedissin a la parella un bon dest\u00ed. En els funerals i en el dol, tamb\u00e9 tenien un paper important com a les forces que havien tallat el fil de la vida.<\/p><p>Les <span class=\"iwg-fachbegriff\" data-tooltip=\"Ofrena a una divinitat per expressar gratitud, s\u00faplica o veneraci\u00f3.\" tabindex=\"0\">ofrenes<\/span> a les Moires consistien, segons el que se n&#8217;ha transm\u00e8s, sovint en dons no sagnants, com flors, mel i ofrenes similars, cosa que les apropa a altres divinitats ct\u00f2niques. En alguns llocs eren venerades juntament amb Zeus, amb les Eum\u00e8nides o amb divinitats del naixement.<\/p><p>En conjunt, el seu <span class=\"iwg-fachbegriff\" data-tooltip=\"El conjunt d'actes de veneraci\u00f3 religiosa dedicats a una divinitat o figura sagrada.\" tabindex=\"0\">culte<\/span> estava molt est\u00e8s per\u00f2 era discret: acompanyava els moments decisius de la vida sense requerir grans celebracions p\u00fabliques. Aquesta pres\u00e8ncia repartida al llarg de tota la vida correspon a la seva naturalesa com a forces que no actuen en un sol lloc, sin\u00f3 en cada dest\u00ed individual.<\/p>\t\t\t\t\t\t\t\t<\/div>\n\t\t\t\t\t<\/div>\n\t\t\t\t<\/div>\n\t\t<div class=\"elementor-element elementor-element-iwgw-moiren-s5 e-flex e-con-boxed e-con e-parent\" data-id=\"iwgw-moiren-s5\" data-element_type=\"container\" data-e-type=\"container\">\n\t\t\t\t\t<div class=\"e-con-inner\">\n\t\t\t\t<div class=\"elementor-element elementor-element-iwgw-moiren-s5h elementor-widget elementor-widget-heading\" data-id=\"iwgw-moiren-s5h\" data-element_type=\"widget\" data-e-type=\"widget\" data-widget_type=\"heading.default\">\n\t\t\t\t\t<h2 class=\"elementor-heading-title elementor-size-default\">Pr\u00e0ctica de protecci\u00f3 i elements apotropaics<\/h2>\t\t\t\t<\/div>\n\t\t\t\t<div class=\"elementor-element elementor-element-iwgw-moiren-s5t elementor-widget elementor-widget-text-editor\" data-id=\"iwgw-moiren-s5t\" data-element_type=\"widget\" data-e-type=\"widget\" data-widget_type=\"text-editor.default\">\n\t\t\t\t\t\t\t\t\t<p>La relaci\u00f3 de l&#8217;\u00e9sser hum\u00e0 amb les Moires estava marcada per la consci\u00e8ncia de la inevitabilitat de la seva acci\u00f3. A difer\u00e8ncia dels esperits mal\u00e8fics, no era possible protegir-se realment del dest\u00ed que les Moires havien fixat.<\/p><p>Per aix\u00f2, la religi\u00f3 grega no oferia una pr\u00e0ctica apotropaica pr\u00f2piament dita, sin\u00f3 formes d&#8217;apropament, de s\u00faplica i de reconeixement ritual.<\/p><p>En el naixement i en el matrimoni, els dos moments de transici\u00f3 en qu\u00e8 es considerava que les Moires eren especialment properes, s&#8217;adre\u00e7aven preg\u00e0ries i <span class=\"iwg-fachbegriff\" data-tooltip=\"Ofrena a una divinitat per expressar gratitud, s\u00faplica o veneraci\u00f3.\" tabindex=\"0\">ofrenes<\/span> a elles per tal que concedissin un dest\u00ed favorable.<\/p><p>Aquests rituals no eren una forma de defensa, sin\u00f3 un intent d&#8217;assegurar-se la benevol\u00e8ncia de les forces del dest\u00ed abans que el dest\u00ed qued\u00e9s decidit. En la creen\u00e7a popular es mantenia la idea que els primers dies despr\u00e9s d&#8217;un naixement eren especialment delicats, perqu\u00e8 el dest\u00ed de l&#8217;infant encara estava en suspens.<\/p><p>Anomenar les Moires amb l&#8217;ep\u00edtet afalagador de ben\u00e8voles o de clements formava part d&#8217;una pr\u00e0ctica ling\u00fc\u00edstica religiosa habitual, que pretenia apaivagar les forces temibles mitjan\u00e7ant una designaci\u00f3 m\u00e9s suau. La mateixa pr\u00e0ctica es troba en les Er\u00ednies, invocades com a Eum\u00e8nides, les ben\u00e8voles.<\/p><p>D&#8217;altra banda, la tradici\u00f3 de saviesa grega, sobretot la trag\u00e8dia, ensenyava la consci\u00e8ncia dels l\u00edmits humans: acceptar el que les Moires havien assignat es considerava un signe de maduresa.<\/p><p>L&#8217;intent de transgredir violentament el propi dest\u00ed condu\u00efa sempre, en les narracions m\u00edtiques, a la desgr\u00e0cia. La protecci\u00f3 davant les Moires no consistia, en definitiva, en un <span class=\"iwg-fachbegriff\" data-tooltip=\"Una seq\u00fc\u00e8ncia regulada d'accions simb\u00f2liques amb significat religi\u00f3s o cultural.\" tabindex=\"0\">ritual<\/span>, sin\u00f3 en la conducci\u00f3 mesurada de la vida.<\/p>\t\t\t\t\t\t\t\t<\/div>\n\t\t\t\t\t<\/div>\n\t\t\t\t<\/div>\n\t\t<div class=\"elementor-element elementor-element-iwgw-moiren-s6 e-flex e-con-boxed e-con e-parent\" data-id=\"iwgw-moiren-s6\" data-element_type=\"container\" data-e-type=\"container\">\n\t\t\t\t\t<div class=\"e-con-inner\">\n\t\t\t\t<div class=\"elementor-element elementor-element-iwgw-moiren-s6h elementor-widget elementor-widget-heading\" data-id=\"iwgw-moiren-s6h\" data-element_type=\"widget\" data-e-type=\"widget\" data-widget_type=\"heading.default\">\n\t\t\t\t\t<h2 class=\"elementor-heading-title elementor-size-default\">Paral\u00b7lelismes en altres cultures<\/h2>\t\t\t\t<\/div>\n\t\t\t\t<div class=\"elementor-element elementor-element-iwgw-moiren-s6t elementor-widget elementor-widget-text-editor\" data-id=\"iwgw-moiren-s6t\" data-element_type=\"widget\" data-e-type=\"widget\" data-widget_type=\"text-editor.default\">\n\t\t\t\t\t\t\t\t\t<p>La idea de forces determinants del dest\u00ed, sovint sota forma d&#8217;una trinitat femenina i sovint associades a la imatge de filar, est\u00e0 \u00e0mpliament difosa a les cultures indoeuropees. La investigaci\u00f3 comparada hi veu una her\u00e8ncia comuna.<\/p><p>El paral\u00b7lel m\u00e9s proper s\u00f3n les Parques romanes, que es van identificar amb les Moires de manera tan completa que, en la <span class=\"iwg-fachbegriff\" data-tooltip=\"La transmissi\u00f3 de coneixements i relats al llarg de generacions.\" tabindex=\"0\">tradici\u00f3<\/span>, ambd\u00f3s grups amb prou feines es poden distingir.<\/p><p>En la <span class=\"iwg-fachbegriff\" data-tooltip=\"El conjunt dels relats m\u00edtics transmesos d'una cultura.\" tabindex=\"0\">mitologia<\/span> n\u00f2rdica hi ha les nornes, que determinen el dest\u00ed dels humans al peu de l&#8217;arbre del m\u00f3n; tamb\u00e9 elles s\u00f3n, en la <span class=\"iwg-fachbegriff\" data-tooltip=\"La transmissi\u00f3 de coneixements i relats al llarg de generacions.\" tabindex=\"0\">tradici\u00f3<\/span> m\u00e9s coneguda, tres en nombre i associades a filar i teixir.<\/p><p>A l&#8217;\u00e0mbit b\u00e0ltic i al m\u00f3n eslau hi ha dones del dest\u00ed equivalents, que apareixen en n\u00e9ixer un infant i determinen la seva sort.<\/p><p>La imatge del fil de la vida, que es fila, es mesura i es talla, n&#8217;\u00e9s l&#8217;element com\u00fa. Vincula l&#8217;activitat quotidiana de filar, associada a la dona en l&#8217;<span class=\"iwg-fachbegriff\" data-tooltip=\"\u00c8poca de la cultura grega i romana, aproximadament del 800 aC al 600 dC.\" tabindex=\"0\">antiguitat<\/span>, amb la idea de la finitud de la vida. La investigaci\u00f3 hi ha reconegut un antic <span class=\"iwg-fachbegriff\" data-tooltip=\"Un element de contingut recurrent en l'art o en la narrativa.\" tabindex=\"0\">motiu<\/span> indoeuropeu, que va prendre formes pr\u00f2pies en diferents \u00e0mbits ling\u00fc\u00edstics i culturals.<\/p><p>M\u00e9s enll\u00e0 de l&#8217;\u00e0mbit indoeuropeu, altres cultures tamb\u00e9 coneixen divinitats del dest\u00ed que determinen la mesura de la vida, sense que el motiu de filar hi ocupi necess\u00e0riament un lloc central. Les Moires s\u00f3n, dins d&#8217;aquesta \u00e0mplia fam\u00edlia de motius, la variant grega, caracteritzada pel nombre fix de tres, pels noms propis significatius i per la vinculaci\u00f3 estreta amb la reflexi\u00f3 filos\u00f2fica sobre la necessitat i la llibertat.<\/p>\t\t\t\t\t\t\t\t<\/div>\n\t\t\t\t\t<\/div>\n\t\t\t\t<\/div>\n\t\t<div class=\"elementor-element elementor-element-iwgw-moiren-s7 e-flex e-con-boxed e-con e-parent\" data-id=\"iwgw-moiren-s7\" data-element_type=\"container\" data-e-type=\"container\">\n\t\t\t\t\t<div class=\"e-con-inner\">\n\t\t\t\t<div class=\"elementor-element elementor-element-iwgw-moiren-s7h elementor-widget elementor-widget-heading\" data-id=\"iwgw-moiren-s7h\" data-element_type=\"widget\" data-e-type=\"widget\" data-widget_type=\"heading.default\">\n\t\t\t\t\t<h2 class=\"elementor-heading-title elementor-size-default\">Recepci\u00f3 i investigaci\u00f3 actuals<\/h2>\t\t\t\t<\/div>\n\t\t\t\t<div class=\"elementor-element elementor-element-iwgw-moiren-s7t elementor-widget elementor-widget-text-editor\" data-id=\"iwgw-moiren-s7t\" data-element_type=\"widget\" data-e-type=\"widget\" data-widget_type=\"text-editor.default\">\n\t\t\t\t\t\t\t\t\t<p>Les Moires es troben entre les figures m\u00edtiques la imatge de les quals ha rom\u00e0s viva fins avui. El <span class=\"iwg-fachbegriff\" data-tooltip=\"Un element de contingut recurrent en l'art o en la narrativa.\" tabindex=\"0\">motiu<\/span> de les tres germanes del dest\u00ed, que filen i tallen el fil de la vida, ha esdevingut, a trav\u00e9s de les Parques romanes i de la literatura i l&#8217;art medievals i moderns, un element fix del llenguatge visual europeu.<\/p><p>En la poesia moderna, en el drama i en les arts visuals, apareixen repetidament com a <span class=\"iwg-fachbegriff\" data-tooltip=\"Una imatge simb\u00f2lica que representa una idea abstracta.\" tabindex=\"0\">s\u00edmbol<\/span> de la fugacitat i de la inevitabilitat.<\/p><p>En la cultura popular, les tres dones del dest\u00ed s\u00f3n un <span class=\"iwg-fachbegriff\" data-tooltip=\"Un element de contingut recurrent en l'art o en la narrativa.\" tabindex=\"0\">motiu<\/span> recurrent, en literatura, cinema i jocs, sovint barrejat amb les nornes o amb les bruixes d&#8217;altres tradicions. Expressions com la imatge del fil de la vida o del fil que es talla es remunten directament a la idea de les Moires.<\/p><p>La investigaci\u00f3 en hist\u00f2ria de les religions ha estudiat les Moires des de diversos punts de vista. En primer terme hi ha la q\u00fcesti\u00f3 del concepte grec de dest\u00ed i la seva relaci\u00f3 amb el m\u00f3n dels d\u00e9us, especialment amb Zeus, una q\u00fcesti\u00f3 que ja va ocupar Erwin Rohde i, despr\u00e9s d&#8217;ell, nombrosos investigadors.<\/p><p>A m\u00e9s, hi ha l&#8217;estudi de la personificaci\u00f3: com es converteix el concepte de la part assignada en una deessa? Walter Burkert i Martin Persson Nilsson han situat les Moires dins la visi\u00f3 de conjunt de la religi\u00f3 grega, Timothy Gantz ha examinat les fonts, Fritz Graf ha tractat la seva posici\u00f3 en la <span class=\"iwg-fachbegriff\" data-tooltip=\"El conjunt dels relats m\u00edtics transmesos d'una cultura.\" tabindex=\"0\">mitologia<\/span>.<\/p><p>Les Moires continuen sent un exemple clau de com els grecs reflexionaven sobre la necessitat, la mort i els l\u00edmits de l&#8217;acci\u00f3 humana.<\/p>\t\t\t\t\t\t\t\t<\/div>\n\t\t\t\t\t<\/div>\n\t\t\t\t<\/div>\n\t\t<div class=\"elementor-element elementor-element-iwgw-moiren-lit e-flex e-con-boxed e-con e-parent\" data-id=\"iwgw-moiren-lit\" data-element_type=\"container\" data-e-type=\"container\">\n\t\t\t\t\t<div class=\"e-con-inner\">\n\t\t\t\t<div class=\"elementor-element elementor-element-iwgw-moiren-lith elementor-widget elementor-widget-heading\" data-id=\"iwgw-moiren-lith\" data-element_type=\"widget\" data-e-type=\"widget\" data-widget_type=\"heading.default\">\n\t\t\t\t\t<h2 class=\"elementor-heading-title elementor-size-default\">Bibliografia (selecci\u00f3)<\/h2>\t\t\t\t<\/div>\n\t\t\t\t<div class=\"elementor-element elementor-element-iwgw-moiren-litt elementor-widget elementor-widget-text-editor\" data-id=\"iwgw-moiren-litt\" data-element_type=\"widget\" data-e-type=\"widget\" data-widget_type=\"text-editor.default\">\n\t\t\t\t\t\t\t\t\t<ul><li>Erwin Rohde: <em>Psyche. Seelencult und Unsterblichkeitsglaube der Griechen<\/em> (1894)<\/li><li>Walter Burkert: <em>Griechische Religion der archaischen und klassischen Epoche<\/em> (1977)<\/li><li>Martin Persson Nilsson: <em>Geschichte der griechischen Religion<\/em> (1941\u20131950)<\/li><li>Timothy Gantz: <em>Early Greek Myth. A Guide to Literary and Artistic Sources<\/em> (1993)<\/li><li>Fritz Graf: <em>Griechische <span class=\"iwg-fachbegriff\" data-tooltip=\"El conjunt dels relats m\u00edtics transmesos d'una cultura.\" tabindex=\"0\">Mythologie<\/span>. Eine Einf\u00fchrung<\/em> (1985)<\/li><li>Martin Litchfield West: <em>Hesiod. Theogony. Edited with Prolegomena and Commentary<\/em> (1966)<\/li><\/ul>\t\t\t\t\t\t\t\t<\/div>\n\t\t\t\t\t<\/div>\n\t\t\t\t<\/div>\n\t\t<div class=\"elementor-element elementor-element-iwgw-moiren-kwd e-flex e-con-boxed e-con e-parent\" data-id=\"iwgw-moiren-kwd\" data-element_type=\"container\" data-e-type=\"container\">\n\t\t\t\t\t<div class=\"e-con-inner\">\n\t\t\t\t<div class=\"elementor-element elementor-element-iwgw-moiren-kwdt elementor-widget elementor-widget-text-editor\" data-id=\"iwgw-moiren-kwdt\" data-element_type=\"widget\" data-e-type=\"widget\" data-widget_type=\"text-editor.default\">\n\t\t\t\t\t\t\t\t\t<p><em>Conceptes clau relacionats: Moires Klotho Lachesis Atropos Dest\u00ed Fil de la vida Parques Filosa.<\/em><\/p>\t\t\t\t\t\t\t\t<\/div>\n\t\t\t\t\t<\/div>\n\t\t\t\t<\/div>\n\t\t<div class=\"elementor-element elementor-element-iwgw-moiren-cc e-flex e-con-boxed e-con e-parent\" data-id=\"iwgw-moiren-cc\" data-element_type=\"container\" data-e-type=\"container\" id=\"iwg-cc-moiren\">\n\t\t\t\t\t<div class=\"e-con-inner\">\n\t\t<div class=\"elementor-element elementor-element-iwgw-moiren-ccinner e-flex e-con-boxed e-con e-parent\" data-id=\"iwgw-moiren-ccinner\" data-element_type=\"container\" data-e-type=\"container\" data-settings=\"{&quot;background_background&quot;:&quot;classic&quot;}\">\n\t\t\t\t\t<div class=\"e-con-inner\">\n\t\t\t\t<div class=\"elementor-element elementor-element-iwgw-moiren-cch elementor-widget elementor-widget-heading\" data-id=\"iwgw-moiren-cch\" data-element_type=\"widget\" data-e-type=\"widget\" data-widget_type=\"heading.default\">\n\t\t\t\t\t<h2 class=\"elementor-heading-title elementor-size-default\">iWell Guard i tradicions de protecci\u00f3<\/h2>\t\t\t\t<\/div>\n\t\t\t\t<div class=\"elementor-element elementor-element-iwgw-moiren-cct elementor-widget elementor-widget-text-editor\" data-id=\"iwgw-moiren-cct\" data-element_type=\"widget\" data-e-type=\"widget\" data-widget_type=\"text-editor.default\">\n\t\t\t\t\t\t\t\t\t<div data-nosnippet=\"true\"><p>iWell Guard s&#8217;inscriu en la tradici\u00f3 cultural i hist\u00f2rica dels objectes de protecci\u00f3 portables, en la tradici\u00f3 de <a href=\"https:\/\/iwell-guard.com\/ca\/grecia\/\">Gr\u00e8cia<\/a> i de moltes altres cultures d&#8217;arreu del m\u00f3n. 41 nivells, or aut\u00e8ntic, plat\u00ed, plata, fabricat a Alemanya. Dret de devoluci\u00f3 de 30 dies.<\/p><\/div>\t\t\t\t\t\t\t\t<\/div>\n\t\t\t\t<div class=\"elementor-element elementor-element-iwgw-moiren-ccb iwg-cc-button iwg-cc-cta-2026-05-13 elementor-widget elementor-widget-jet-button\" data-id=\"iwgw-moiren-ccb\" data-element_type=\"widget\" data-e-type=\"widget\" data-widget_type=\"jet-button.default\">\n\t\t\t\t<div class=\"elementor-widget-container\">\n\t\t\t\t\t<div class=\"elementor-jet-button jet-elements\"><div class=\"jet-button__container\"><a class=\"jet-button__instance jet-button__instance--icon-left hover-effect-1\" href=\"\/ueber-iwell-guard\/?utm_source=iwell-guard.com&amp;utm_medium=info-box&amp;utm_campaign=wesen-tradition\"><div class=\"jet-button__plane jet-button__plane-normal\"><\/div><div class=\"jet-button__plane jet-button__plane-hover\"><\/div><div class=\"jet-button__state jet-button__state-normal\"><span class=\"jet-button__label\">M\u00e9s informaci\u00f3 sobre l'iWell Guard<\/span><\/div><div class=\"jet-button__state jet-button__state-hover\"><span class=\"jet-button__label\">M\u00e9s informaci\u00f3 sobre l'iWell Guard<\/span><\/div><\/a><\/div><\/div><style>.elementor-element.elementor-element-iwgw-moiren-ccb .jet-button__instance{width:320px;height:56px;}.elementor-element.elementor-element-iwgw-moiren-ccb .jet-button__state-normal .jet-button__label{text-align:center;margin:0px 0px 0px 0px;color:#1a1b20;font-family:Montserrat,sans-serif;font-size:13px;font-weight:400;letter-spacing:4px;line-height:1.714em;text-transform:uppercase;}.elementor-element.elementor-element-iwgw-moiren-ccb .jet-button__state-hover .jet-button__label{text-align:center;margin:0px 0px 0px 0px;color:#FECC76;font-family:Montserrat,sans-serif;font-size:13px;font-weight:400;letter-spacing:4px;line-height:1.714em;text-transform:uppercase;}.elementor-element.elementor-element-iwgw-moiren-ccb .jet-button__plane-normal{background-color:#FECC76;border-style:solid;border-color:#C99540;border-width:2px 2px 2px 2px;}.elementor-element.elementor-element-iwgw-moiren-ccb .jet-button__plane-hover{background-color:rgba(0,0,0,0.55);border-style:solid;border-color:#FECC76;border-width:2px 2px 2px 2px;}<\/style>\t\t\t\t<\/div>\n\t\t\t\t<\/div>\n\t\t\t\t<div class=\"elementor-element elementor-element-iwgw-moiren-ccd elementor-widget elementor-widget-text-editor\" data-id=\"iwgw-moiren-ccd\" data-element_type=\"widget\" data-e-type=\"widget\" data-widget_type=\"text-editor.default\">\n\t\t\t\t\t\t\t\t\t<div data-nosnippet=\"true\"><p style=\"text-align:center;font-size:13px;opacity:0.7;margin-top:14px\" data-nosnippet=\"true\">Les experi\u00e8ncies personals poden variar. No \u00e9s un producte sanitari. No \u00e9s una promesa de curaci\u00f3.<\/p><\/div>\t\t\t\t\t\t\t\t<\/div>\n\t\t\t\t\t<\/div>\n\t\t\t\t<\/div>\n\t\t\t\t\t<\/div>\n\t\t\t\t<\/div>\n\t\t<div class=\"elementor-element elementor-element-iwgw-moiren-disc e-flex e-con-boxed e-con e-parent\" data-id=\"iwgw-moiren-disc\" data-element_type=\"container\" data-e-type=\"container\">\n\t\t\t\t\t<div class=\"e-con-inner\">\n\t\t\t\t<div class=\"elementor-element elementor-element-iwgw-moiren-discw elementor-widget elementor-widget-html\" data-id=\"iwgw-moiren-discw\" data-element_type=\"widget\" data-e-type=\"widget\" data-widget_type=\"html.default\">\n\t\t\t\t\t<footer data-nosnippet=\"true\" class=\"iwg-disclaimer-block\"><p data-nosnippet=\"true\">iWell Guard <strong>no \u00e9s un producte sanitari<\/strong> i no substitueix cap tractament m\u00e8dic o psicoterap\u00e8utic. Els continguts d'hist\u00f2ria de les religions s\u00f3n una classificaci\u00f3 culturohist\u00f2rica, no una recomanaci\u00f3 de pr\u00e0ctica espiritual.<\/p><\/footer>\t\t\t\t<\/div>\n\t\t\t\t\t<\/div>\n\t\t\t\t<\/div>\n\t\t\t\t<\/div>\n\t\t","protected":false},"excerpt":{"rendered":"","protected":false},"author":3,"featured_media":3375,"parent":0,"menu_order":0,"comment_status":"closed","ping_status":"closed","template":"elementor_header_footer","meta":{"_yoast_wpseo_focuskw":"Moires deesses del dest\u00ed","_yoast_wpseo_title":"Les Moires \u2013 Deesses del dest\u00ed dels grecs","_yoast_wpseo_metadesc":"Les Moires, les tres deesses del dest\u00ed de la mitologia grega, filen el fil de la vida: Clot\u00f3 fila, L\u00e0quesis mesura, \u00c0tropos el talla.","_yoast_wpseo_meta-robots-noindex":"","_yoast_wpseo_canonical":"","_angie_page":false,"gefaehrdungsstufe":"","wesen_kultur":"","wesen_klasse":"","footnotes":""},"categories":[],"class_list":["post-171785","page","type-page","status-publish","has-post-thumbnail","hentry"],"yoast_head":"<!-- This site is optimized with the Yoast SEO Premium plugin v27.7 (Yoast SEO v28.3) - https:\/\/yoast.com\/product\/yoast-seo-premium-wordpress\/ -->\n<title>Les Moires \u2013 Deesses del dest\u00ed dels grecs<\/title>\n<meta name=\"description\" content=\"Les Moires, les tres deesses del dest\u00ed de la mitologia grega, filen el fil de la vida: Clot\u00f3 fila, L\u00e0quesis mesura, \u00c0tropos el talla.\" \/>\n<meta name=\"robots\" content=\"index, follow, max-snippet:-1, max-image-preview:large, max-video-preview:-1\" \/>\n<link rel=\"canonical\" href=\"https:\/\/iwell-guard.com\/ca\/les-moires-deesses-del-desti\/\" \/>\n<meta property=\"og:locale\" content=\"ca_ES\" \/>\n<meta property=\"og:type\" content=\"article\" \/>\n<meta property=\"og:title\" content=\"Les Moires \u2013 Deesses del dest\u00ed i guardianes del fil de la vida\" \/>\n<meta property=\"og:description\" content=\"Les Moires, les tres deesses del dest\u00ed de la mitologia grega, filen el fil de la vida: Clot\u00f3 fila, L\u00e0quesis mesura, \u00c0tropos el talla.\" \/>\n<meta property=\"og:url\" content=\"https:\/\/iwell-guard.com\/ca\/les-moires-deesses-del-desti\/\" \/>\n<meta property=\"og:site_name\" content=\"iWell Guard\" \/>\n<meta property=\"article:modified_time\" content=\"2026-09-05T16:07:10+00:00\" \/>\n<meta property=\"og:image\" content=\"https:\/\/iwell-guard.com\/wp-content\/uploads\/2026\/05\/goetter_griechenland_moiren.webp\" \/>\n\t<meta property=\"og:image:width\" content=\"1024\" \/>\n\t<meta property=\"og:image:height\" content=\"1536\" \/>\n\t<meta property=\"og:image:type\" content=\"image\/webp\" \/>\n<meta name=\"twitter:card\" content=\"summary_large_image\" \/>\n<script type=\"application\/ld+json\" class=\"yoast-schema-graph\">{\"@context\":\"https:\\\/\\\/schema.org\",\"@graph\":[{\"@type\":\"WebPage\",\"@id\":\"https:\\\/\\\/iwell-guard.com\\\/ca\\\/les-moires-deesses-del-desti\\\/\",\"url\":\"https:\\\/\\\/iwell-guard.com\\\/ca\\\/les-moires-deesses-del-desti\\\/\",\"name\":\"Les Moires \u2013 Deesses del dest\u00ed dels grecs\",\"isPartOf\":{\"@id\":\"https:\\\/\\\/iwell-guard.com\\\/ca\\\/#website\"},\"primaryImageOfPage\":{\"@id\":\"https:\\\/\\\/iwell-guard.com\\\/ca\\\/les-moires-deesses-del-desti\\\/#primaryimage\"},\"image\":{\"@id\":\"https:\\\/\\\/iwell-guard.com\\\/ca\\\/les-moires-deesses-del-desti\\\/#primaryimage\"},\"thumbnailUrl\":\"https:\\\/\\\/iwell-guard.com\\\/wp-content\\\/uploads\\\/2026\\\/05\\\/goetter_griechenland_moiren.webp\",\"datePublished\":\"2026-09-05T15:42:23+00:00\",\"dateModified\":\"2026-09-05T16:07:10+00:00\",\"description\":\"Les Moires, les tres deesses del dest\u00ed de la mitologia grega, filen el fil de la vida: Clot\u00f3 fila, L\u00e0quesis mesura, \u00c0tropos el talla.\",\"breadcrumb\":{\"@id\":\"https:\\\/\\\/iwell-guard.com\\\/ca\\\/les-moires-deesses-del-desti\\\/#breadcrumb\"},\"inLanguage\":\"ca\",\"potentialAction\":[{\"@type\":\"ReadAction\",\"target\":[\"https:\\\/\\\/iwell-guard.com\\\/ca\\\/les-moires-deesses-del-desti\\\/\"]}]},{\"@type\":\"ImageObject\",\"inLanguage\":\"ca\",\"@id\":\"https:\\\/\\\/iwell-guard.com\\\/ca\\\/les-moires-deesses-del-desti\\\/#primaryimage\",\"url\":\"https:\\\/\\\/iwell-guard.com\\\/wp-content\\\/uploads\\\/2026\\\/05\\\/goetter_griechenland_moiren.webp\",\"contentUrl\":\"https:\\\/\\\/iwell-guard.com\\\/wp-content\\\/uploads\\\/2026\\\/05\\\/goetter_griechenland_moiren.webp\",\"width\":1024,\"height\":1536,\"caption\":\"D\u00e9us de la tradici\u00f3 grega.\"},{\"@type\":\"BreadcrumbList\",\"@id\":\"https:\\\/\\\/iwell-guard.com\\\/ca\\\/les-moires-deesses-del-desti\\\/#breadcrumb\",\"itemListElement\":[{\"@type\":\"ListItem\",\"position\":1,\"name\":\"Start\",\"item\":\"https:\\\/\\\/iwell-guard.com\\\/ca\\\/?page_id=171333\"},{\"@type\":\"ListItem\",\"position\":2,\"name\":\"Les Moires \u2013 Deesses del dest\u00ed i guardianes del fil de la vida\"}]},{\"@type\":\"WebSite\",\"@id\":\"https:\\\/\\\/iwell-guard.com\\\/ca\\\/#website\",\"url\":\"https:\\\/\\\/iwell-guard.com\\\/ca\\\/\",\"name\":\"iWell Guard\",\"description\":\"Schutz vor dunklen Einfl\u00fcssen\",\"publisher\":{\"@id\":\"https:\\\/\\\/iwell-guard.com\\\/ca\\\/#organization\"},\"potentialAction\":[{\"@type\":\"SearchAction\",\"target\":{\"@type\":\"EntryPoint\",\"urlTemplate\":\"https:\\\/\\\/iwell-guard.com\\\/ca\\\/?s={search_term_string}\"},\"query-input\":{\"@type\":\"PropertyValueSpecification\",\"valueRequired\":true,\"valueName\":\"search_term_string\"}}],\"inLanguage\":\"ca\"},{\"@type\":\"Organization\",\"@id\":\"https:\\\/\\\/iwell-guard.com\\\/ca\\\/#organization\",\"name\":\"Ittermann electronic GmbH\",\"url\":\"https:\\\/\\\/iwell-guard.com\\\/ca\\\/\",\"logo\":{\"@type\":\"ImageObject\",\"inLanguage\":\"ca\",\"@id\":\"https:\\\/\\\/iwell-guard.com\\\/ca\\\/#\\\/schema\\\/logo\\\/image\\\/\",\"url\":\"https:\\\/\\\/iwell-guard.com\\\/wp-content\\\/uploads\\\/2026\\\/05\\\/Ittermann-Logo-1182x237-1.png\",\"contentUrl\":\"https:\\\/\\\/iwell-guard.com\\\/wp-content\\\/uploads\\\/2026\\\/05\\\/Ittermann-Logo-1182x237-1.png\",\"width\":1182,\"height\":237,\"caption\":\"Ittermann electronic GmbH\"},\"image\":{\"@id\":\"https:\\\/\\\/iwell-guard.com\\\/ca\\\/#\\\/schema\\\/logo\\\/image\\\/\"},\"sameAs\":[\"https:\\\/\\\/pantip.com\\\/profile\\\/9367242\",\"https:\\\/\\\/micro.blog\\\/iwellguard\",\"https:\\\/\\\/www.diggerslist.com\\\/iwellguard\\\/about\",\"https:\\\/\\\/skitterphoto.com\\\/photographers\\\/2870314\\\/iwell-guard\",\"https:\\\/\\\/iwellguard.wordpress.com\\\/2026\\\/06\\\/06\\\/iwell-guard\\\/\",\"https:\\\/\\\/hub.docker.com\\\/u\\\/iwellguard\",\"https:\\\/\\\/www.pinterest.com\\\/iwellguard\\\/\",\"https:\\\/\\\/bit.ly\\\/m\\\/iwellguard\",\"https:\\\/\\\/entre-vos-mains.alsace.eu\\\/profiles\\\/iwellguard\\\/activity\",\"https:\\\/\\\/gravatar.com\\\/reallybeded8fd34\",\"https:\\\/\\\/naijamatta.com\\\/iwellguard\",\"https:\\\/\\\/www.goodreads.com\\\/iwellguard\",\"https:\\\/\\\/profile.hatena.ne.jp\\\/iwellguard\\\/\",\"https:\\\/\\\/experiment.com\\\/users\\\/iwellguard\",\"https:\\\/\\\/wakelet.com\\\/@iWellGuard82270\",\"https:\\\/\\\/www.chordie.com\\\/forum\\\/profile.php?id=2555664\",\"https:\\\/\\\/www.instapaper.com\\\/p\\\/17757966\",\"https:\\\/\\\/www.mapleprimes.com\\\/users\\\/iwellguard\",\"https:\\\/\\\/businesslistingplus.com\\\/profile\\\/iwell-guard\\\/\",\"https:\\\/\\\/telegra.ph\\\/iWell-Guard-06-06\",\"https:\\\/\\\/pbase.com\\\/iwellguard\\\/iwellguard\",\"https:\\\/\\\/b.hatena.ne.jp\\\/iwellguard\\\/20260607#bookmark-4788405196491818882\",\"https:\\\/\\\/fliphtml5.com\\\/home\\\/iwellguard\",\"https:\\\/\\\/anyflip.com\\\/homepage\\\/cmiwl#About\",\"https:\\\/\\\/transfur.com\\\/Users\\\/iwellguard\",\"http:\\\/\\\/delphi.larsbo.org\\\/user\\\/iwellguard\",\"https:\\\/\\\/jobs.lajobsportal.org\\\/profiles\\\/8380803-iwell-guard\",\"https:\\\/\\\/md.chaosdorf.de\\\/s\\\/jfbe5SBdJD\",\"https:\\\/\\\/www.lingvolive.com\\\/en-us\\\/profile\\\/9ecaeaca-ce11-4e51-9e71-01d55e2bff36\\\/translations\",\"https:\\\/\\\/www.fitday.com\\\/fitness\\\/forums\\\/members\\\/iwellguard.html\",\"https:\\\/\\\/www.mymeetbook.com\\\/iwellguard\",\"https:\\\/\\\/pxhere.com\\\/en\\\/photographer-me\\\/5040798\",\"https:\\\/\\\/disqus.com\\\/by\\\/iwellguard\\\/about\\\/\",\"https:\\\/\\\/pastelink.net\\\/hjwciqwq\",\"https:\\\/\\\/pubhtml5.com\\\/homepage\\\/scjhn\\\/\",\"https:\\\/\\\/www.bitchute.com\\\/channel\\\/2O2eOKzNqujT\",\"https:\\\/\\\/audiomack.com\\\/iwellguard\"]}]}<\/script>\n<!-- \/ Yoast SEO Premium plugin. -->","yoast_head_json":{"title":"Les Moires \u2013 Deesses del dest\u00ed dels grecs","description":"Les Moires, les tres deesses del dest\u00ed de la mitologia grega, filen el fil de la vida: Clot\u00f3 fila, L\u00e0quesis mesura, \u00c0tropos el talla.","robots":{"index":"index","follow":"follow","max-snippet":"max-snippet:-1","max-image-preview":"max-image-preview:large","max-video-preview":"max-video-preview:-1"},"canonical":"https:\/\/iwell-guard.com\/ca\/les-moires-deesses-del-desti\/","og_locale":"ca_ES","og_type":"article","og_title":"Les Moires \u2013 Deesses del dest\u00ed i guardianes del fil de la vida","og_description":"Les Moires, les tres deesses del dest\u00ed de la mitologia grega, filen el fil de la vida: Clot\u00f3 fila, L\u00e0quesis mesura, \u00c0tropos el talla.","og_url":"https:\/\/iwell-guard.com\/ca\/les-moires-deesses-del-desti\/","og_site_name":"iWell Guard","article_modified_time":"2026-09-05T16:07:10+00:00","og_image":[{"width":1024,"height":1536,"url":"https:\/\/iwell-guard.com\/wp-content\/uploads\/2026\/05\/goetter_griechenland_moiren.webp","type":"image\/webp"}],"twitter_card":"summary_large_image","schema":{"@context":"https:\/\/schema.org","@graph":[{"@type":"WebPage","@id":"https:\/\/iwell-guard.com\/ca\/les-moires-deesses-del-desti\/","url":"https:\/\/iwell-guard.com\/ca\/les-moires-deesses-del-desti\/","name":"Les Moires \u2013 Deesses del dest\u00ed dels grecs","isPartOf":{"@id":"https:\/\/iwell-guard.com\/ca\/#website"},"primaryImageOfPage":{"@id":"https:\/\/iwell-guard.com\/ca\/les-moires-deesses-del-desti\/#primaryimage"},"image":{"@id":"https:\/\/iwell-guard.com\/ca\/les-moires-deesses-del-desti\/#primaryimage"},"thumbnailUrl":"https:\/\/iwell-guard.com\/wp-content\/uploads\/2026\/05\/goetter_griechenland_moiren.webp","datePublished":"2026-09-05T15:42:23+00:00","dateModified":"2026-09-05T16:07:10+00:00","description":"Les Moires, les tres deesses del dest\u00ed de la mitologia grega, filen el fil de la vida: Clot\u00f3 fila, L\u00e0quesis mesura, \u00c0tropos el talla.","breadcrumb":{"@id":"https:\/\/iwell-guard.com\/ca\/les-moires-deesses-del-desti\/#breadcrumb"},"inLanguage":"ca","potentialAction":[{"@type":"ReadAction","target":["https:\/\/iwell-guard.com\/ca\/les-moires-deesses-del-desti\/"]}]},{"@type":"ImageObject","inLanguage":"ca","@id":"https:\/\/iwell-guard.com\/ca\/les-moires-deesses-del-desti\/#primaryimage","url":"https:\/\/iwell-guard.com\/wp-content\/uploads\/2026\/05\/goetter_griechenland_moiren.webp","contentUrl":"https:\/\/iwell-guard.com\/wp-content\/uploads\/2026\/05\/goetter_griechenland_moiren.webp","width":1024,"height":1536,"caption":"D\u00e9us de la tradici\u00f3 grega."},{"@type":"BreadcrumbList","@id":"https:\/\/iwell-guard.com\/ca\/les-moires-deesses-del-desti\/#breadcrumb","itemListElement":[{"@type":"ListItem","position":1,"name":"Start","item":"https:\/\/iwell-guard.com\/ca\/?page_id=171333"},{"@type":"ListItem","position":2,"name":"Les Moires \u2013 Deesses del dest\u00ed i guardianes del fil de la vida"}]},{"@type":"WebSite","@id":"https:\/\/iwell-guard.com\/ca\/#website","url":"https:\/\/iwell-guard.com\/ca\/","name":"iWell Guard","description":"Schutz vor dunklen Einfl\u00fcssen","publisher":{"@id":"https:\/\/iwell-guard.com\/ca\/#organization"},"potentialAction":[{"@type":"SearchAction","target":{"@type":"EntryPoint","urlTemplate":"https:\/\/iwell-guard.com\/ca\/?s={search_term_string}"},"query-input":{"@type":"PropertyValueSpecification","valueRequired":true,"valueName":"search_term_string"}}],"inLanguage":"ca"},{"@type":"Organization","@id":"https:\/\/iwell-guard.com\/ca\/#organization","name":"Ittermann electronic GmbH","url":"https:\/\/iwell-guard.com\/ca\/","logo":{"@type":"ImageObject","inLanguage":"ca","@id":"https:\/\/iwell-guard.com\/ca\/#\/schema\/logo\/image\/","url":"https:\/\/iwell-guard.com\/wp-content\/uploads\/2026\/05\/Ittermann-Logo-1182x237-1.png","contentUrl":"https:\/\/iwell-guard.com\/wp-content\/uploads\/2026\/05\/Ittermann-Logo-1182x237-1.png","width":1182,"height":237,"caption":"Ittermann electronic GmbH"},"image":{"@id":"https:\/\/iwell-guard.com\/ca\/#\/schema\/logo\/image\/"},"sameAs":["https:\/\/pantip.com\/profile\/9367242","https:\/\/micro.blog\/iwellguard","https:\/\/www.diggerslist.com\/iwellguard\/about","https:\/\/skitterphoto.com\/photographers\/2870314\/iwell-guard","https:\/\/iwellguard.wordpress.com\/2026\/06\/06\/iwell-guard\/","https:\/\/hub.docker.com\/u\/iwellguard","https:\/\/www.pinterest.com\/iwellguard\/","https:\/\/bit.ly\/m\/iwellguard","https:\/\/entre-vos-mains.alsace.eu\/profiles\/iwellguard\/activity","https:\/\/gravatar.com\/reallybeded8fd34","https:\/\/naijamatta.com\/iwellguard","https:\/\/www.goodreads.com\/iwellguard","https:\/\/profile.hatena.ne.jp\/iwellguard\/","https:\/\/experiment.com\/users\/iwellguard","https:\/\/wakelet.com\/@iWellGuard82270","https:\/\/www.chordie.com\/forum\/profile.php?id=2555664","https:\/\/www.instapaper.com\/p\/17757966","https:\/\/www.mapleprimes.com\/users\/iwellguard","https:\/\/businesslistingplus.com\/profile\/iwell-guard\/","https:\/\/telegra.ph\/iWell-Guard-06-06","https:\/\/pbase.com\/iwellguard\/iwellguard","https:\/\/b.hatena.ne.jp\/iwellguard\/20260607#bookmark-4788405196491818882","https:\/\/fliphtml5.com\/home\/iwellguard","https:\/\/anyflip.com\/homepage\/cmiwl#About","https:\/\/transfur.com\/Users\/iwellguard","http:\/\/delphi.larsbo.org\/user\/iwellguard","https:\/\/jobs.lajobsportal.org\/profiles\/8380803-iwell-guard","https:\/\/md.chaosdorf.de\/s\/jfbe5SBdJD","https:\/\/www.lingvolive.com\/en-us\/profile\/9ecaeaca-ce11-4e51-9e71-01d55e2bff36\/translations","https:\/\/www.fitday.com\/fitness\/forums\/members\/iwellguard.html","https:\/\/www.mymeetbook.com\/iwellguard","https:\/\/pxhere.com\/en\/photographer-me\/5040798","https:\/\/disqus.com\/by\/iwellguard\/about\/","https:\/\/pastelink.net\/hjwciqwq","https:\/\/pubhtml5.com\/homepage\/scjhn\/","https:\/\/www.bitchute.com\/channel\/2O2eOKzNqujT","https:\/\/audiomack.com\/iwellguard"]}]}},"_links":{"self":[{"href":"https:\/\/iwell-guard.com\/ca\/wp-json\/wp\/v2\/pages\/171785","targetHints":{"allow":["GET"]}}],"collection":[{"href":"https:\/\/iwell-guard.com\/ca\/wp-json\/wp\/v2\/pages"}],"about":[{"href":"https:\/\/iwell-guard.com\/ca\/wp-json\/wp\/v2\/types\/page"}],"author":[{"embeddable":true,"href":"https:\/\/iwell-guard.com\/ca\/wp-json\/wp\/v2\/users\/3"}],"replies":[{"embeddable":true,"href":"https:\/\/iwell-guard.com\/ca\/wp-json\/wp\/v2\/comments?post=171785"}],"version-history":[{"count":0,"href":"https:\/\/iwell-guard.com\/ca\/wp-json\/wp\/v2\/pages\/171785\/revisions"}],"wp:featuredmedia":[{"embeddable":true,"href":"https:\/\/iwell-guard.com\/ca\/wp-json\/wp\/v2\/media\/3375"}],"wp:attachment":[{"href":"https:\/\/iwell-guard.com\/ca\/wp-json\/wp\/v2\/media?parent=171785"}],"wp:term":[{"taxonomy":"category","embeddable":true,"href":"https:\/\/iwell-guard.com\/ca\/wp-json\/wp\/v2\/categories?post=171785"}],"curies":[{"name":"wp","href":"https:\/\/api.w.org\/{rel}","templated":true}]}}