{"id":171784,"date":"2026-09-05T15:42:22","date_gmt":"2026-09-05T15:42:22","guid":{"rendered":"https:\/\/iwell-guard.com\/?page_id=171784"},"modified":"2026-09-05T16:07:07","modified_gmt":"2026-09-05T16:07:07","slug":"cronos-tita-governant-edat-or","status":"publish","type":"page","link":"https:\/\/iwell-guard.com\/ca\/cronos-tita-governant-edat-or\/","title":{"rendered":"Cronos \u2013 Tit\u00e0 i governant de l&#8217;Edat d&#8217;Or"},"content":{"rendered":"\t\t<div data-elementor-type=\"wp-page\" data-elementor-id=\"171784\" class=\"elementor elementor-171784 elementor-2918 elementor-bc-flex-widget\" data-elementor-post-type=\"page\">\n\t\t\t\t<div class=\"elementor-element elementor-element-herof597b9c e-flex e-con-boxed e-con e-parent\" data-id=\"herof597b9c\" data-element_type=\"container\" data-e-type=\"container\">\n\t\t\t\t\t<div class=\"e-con-inner\">\n\t\t\t\t<div class=\"elementor-element elementor-element-heroimg20a558e iwg-hero-image elementor-widget elementor-widget-image\" data-id=\"heroimg20a558e\" data-element_type=\"widget\" data-e-type=\"widget\" data-widget_type=\"image.default\">\n\t\t\t\t\t\t\t\t\t\t\t\t\t\t\t<img fetchpriority=\"high\" decoding=\"async\" width=\"683\" height=\"1024\" src=\"https:\/\/iwell-guard.com\/wp-content\/uploads\/2026\/05\/goetter_griechenland_kronos-683x1024.webp\" class=\"attachment-large size-large wp-image-3374\" alt=\"Cronos \u2013 Tit\u00e0 i governant de l\u2019Edat d\u2019Or\" srcset=\"https:\/\/iwell-guard.com\/wp-content\/uploads\/2026\/05\/goetter_griechenland_kronos-683x1024.webp 683w, https:\/\/iwell-guard.com\/wp-content\/uploads\/2026\/05\/goetter_griechenland_kronos-200x300.webp 200w, https:\/\/iwell-guard.com\/wp-content\/uploads\/2026\/05\/goetter_griechenland_kronos-768x1152.webp 768w, https:\/\/iwell-guard.com\/wp-content\/uploads\/2026\/05\/goetter_griechenland_kronos.webp 1024w\" sizes=\"(max-width: 683px) 100vw, 683px\" \/>\t\t\t\t\t\t\t\t\t\t\t\t\t\t\t<\/div>\n\t\t\t\t\t<\/div>\n\t\t\t\t<\/div>\n\t\t<div class=\"elementor-element elementor-element-iwgw-kronos-hero e-flex e-con-boxed e-con e-parent\" data-id=\"iwgw-kronos-hero\" data-element_type=\"container\" data-e-type=\"container\">\n\t\t\t\t\t<div class=\"e-con-inner\">\n\t\t\t\t<div class=\"elementor-element elementor-element-iwgw-kronos-h1 elementor-widget elementor-widget-heading\" data-id=\"iwgw-kronos-h1\" data-element_type=\"widget\" data-e-type=\"widget\" data-widget_type=\"heading.default\">\n\t\t\t\t\t<h1 class=\"elementor-heading-title elementor-size-default\">Cronos \u2013 Tit\u00e0, pare de Zeus i governant enderrocat<\/h1>\t\t\t\t<\/div>\n\t\t\t\t<div class=\"elementor-element elementor-element-iwgw-kronos-pills elementor-widget elementor-widget-html\" data-id=\"iwgw-kronos-pills\" data-element_type=\"widget\" data-e-type=\"widget\" data-widget_type=\"html.default\">\n\t\t\t\t\t<div class=\"iwg-pill-row\"><span class=\"iwg-klasse-badge\" tabindex=\"0\" data-tooltip=\"Tit\u00e0 de la tradici\u00f3 de Gr\u00e8cia.\">Tit\u00e0<\/span><a href=\"https:\/\/iwell-guard.com\/ca\/grecia\/\" class=\"iwg-kultur-badge\" tabindex=\"0\" data-tooltip=\"Mitologia de la tradici\u00f3 de Gr\u00e8cia.\">Gr\u00e8cia<\/a><span class=\"iwg-tradition-badge\" tabindex=\"0\" data-tooltip=\"Divinitat primordial.\">Divinitat primordial<\/span><\/div>\t\t\t\t<\/div>\n\t\t\t\t<div class=\"elementor-element elementor-element-iwgw-kronos-lead elementor-widget elementor-widget-text-editor\" data-id=\"iwgw-kronos-lead\" data-element_type=\"widget\" data-e-type=\"widget\" data-widget_type=\"text-editor.default\">\n\t\t\t\t\t\t\t\t\t<p>Cronos \u00e9s el m\u00e9s jove dels titans, fill d&#8217;Ur\u00e0 i Gea, i pare de Zeus. Emascula el seu pare, es devora els seus propis fills i finalment \u00e9s enderrocat per Zeus. Alhora, el seu regnat es considera l&#8217;Edat d&#8217;Or.<\/p>\t\t\t\t\t\t\t\t<\/div>\n\t\t\t\t\t<\/div>\n\t\t\t\t<\/div>\n\t\t<div class=\"elementor-element elementor-element-iwgw-kronos-s0 e-flex e-con-boxed e-con e-parent\" data-id=\"iwgw-kronos-s0\" data-element_type=\"container\" data-e-type=\"container\">\n\t\t\t\t\t<div class=\"e-con-inner\">\n\t\t\t\t<div class=\"elementor-element elementor-element-iwgw-kronos-s0h elementor-widget elementor-widget-heading\" data-id=\"iwgw-kronos-s0h\" data-element_type=\"widget\" data-e-type=\"widget\" data-widget_type=\"heading.default\">\n\t\t\t\t\t<h2 class=\"elementor-heading-title elementor-size-default\">Introducci\u00f3<\/h2>\t\t\t\t<\/div>\n\t\t\t\t<div class=\"elementor-element elementor-element-iwgw-kronos-s0t elementor-widget elementor-widget-text-editor\" data-id=\"iwgw-kronos-s0t\" data-element_type=\"widget\" data-e-type=\"widget\" data-widget_type=\"text-editor.default\">\n\t\t\t\t\t\t\t\t\t<p>Cronos pertany a la generaci\u00f3 dels titans, aquells llinatges de d\u00e9us que en la <span class=\"iwg-fachbegriff\" data-tooltip=\"El conjunt de relats m\u00edtics transmesos sobre els d\u00e9us d'una cultura.\" tabindex=\"0\">mitologia<\/span> <a href=\"https:\/\/iwell-guard.com\/ca\/grecia\/\">grega<\/a> se situen entre les pot\u00e8ncies primordials m\u00e9s antigues i els d\u00e9us ol\u00edmpics. \u00c9s el fill m\u00e9s jove del d\u00e9u del cel Ur\u00e0 i de la deessa de la terra Gea, i despr\u00e9s de l&#8217;enderrocament del seu pare assumeix el govern del m\u00f3n.<\/p><p>Cronos \u00e9s aix\u00ed la figura central de la fase interm\u00e8dia del mite grec de la creaci\u00f3, l&#8217;anomenada mitologia de successi\u00f3, en la qual el domini del m\u00f3n es transmet al llarg de tres generacions.<\/p><p>Des del punt de vista de la ci\u00e8ncia de les religions, Cronos \u00e9s una figura doble. D&#8217;una banda hi ha el governant cruel, que mutila el seu pare i devora els seus propis fills per assegurar el seu poder.<\/p><p>De l&#8217;altra hi ha el rei de l&#8217;Edat d&#8217;Or, sota el regnat del qual els humans vivien despreocupats i sense esfor\u00e7. Aquesta tensi\u00f3 entre figura terrible i rei pac\u00edfic converteix Cronos en una figura especialment reveladora per entendre les concepcions gregues de la hist\u00f2ria i del temps.<\/p><p>La font m\u00e9s important \u00e9s la <em>Teogonia<\/em> d&#8217;Hes\u00edode, que narra amb detall el <span class=\"iwg-fachbegriff\" data-tooltip=\"Un relat transm\u00e8s sobre d\u00e9us, or\u00edgens i l'ordre del m\u00f3n.\" tabindex=\"0\">mite<\/span> de la successi\u00f3 dels governants del m\u00f3n. A m\u00e9s, hi ha nombroses tradicions posteriors, obres mitogr\u00e0fiques i la identificaci\u00f3 amb el Saturn rom\u00e0, que van seguir configurant la imatge de Cronos durant l&#8217;<span class=\"iwg-fachbegriff\" data-tooltip=\"\u00c8poca de la cultura grega i romana, aproximadament del 800 aC al 600 dC.\" tabindex=\"0\">Antiguitat<\/span>. La poesia \u00f2rfica va oferir una versi\u00f3 pr\u00f2pia, diferent de la d&#8217;Hes\u00edode, sobre la successi\u00f3 dels d\u00e9us.<\/p>\t\t\t\t\t\t\t\t<\/div>\n\t\t\t\t\t<\/div>\n\t\t\t\t<\/div>\n\t\t<div class=\"elementor-element elementor-element-iwgw-kronos-s1 e-flex e-con-boxed e-con e-parent\" data-id=\"iwgw-kronos-s1\" data-element_type=\"container\" data-e-type=\"container\">\n\t\t\t\t\t<div class=\"e-con-inner\">\n\t\t\t\t<div class=\"elementor-element elementor-element-iwgw-kronos-s1h elementor-widget elementor-widget-heading\" data-id=\"iwgw-kronos-s1h\" data-element_type=\"widget\" data-e-type=\"widget\" data-widget_type=\"heading.default\">\n\t\t\t\t\t<h2 class=\"elementor-heading-title elementor-size-default\">Nom i etimologia<\/h2>\t\t\t\t<\/div>\n\t\t\t\t<div class=\"elementor-element elementor-element-iwgw-kronos-s1t elementor-widget elementor-widget-text-editor\" data-id=\"iwgw-kronos-s1t\" data-element_type=\"widget\" data-e-type=\"widget\" data-widget_type=\"text-editor.default\">\n\t\t\t\t\t\t\t\t\t<p>El nom de Cronos no t\u00e9 una etimologia clarament establerta. Ja a l&#8217;<span class=\"iwg-fachbegriff\" data-tooltip=\"\u00c8poca de la cultura grega i romana, aproximadament del 800 aC al 600 dC.\" tabindex=\"0\">Antiguitat<\/span> es va relacionar sovint amb la paraula grega per al temps, Cronos (Chronos). Aquesta identificaci\u00f3 no es sost\u00e9 ling\u00fc\u00edsticament, ja que els dos noms s&#8217;escriuen i s&#8217;accentuen de manera diferent.<\/p><p>Tot i aix\u00f2, va tenir una gran influ\u00e8ncia: ja a l&#8217;<span class=\"iwg-fachbegriff\" data-tooltip=\"\u00c8poca de la cultura grega i romana, aproximadament del 800 aC al 600 dC.\" tabindex=\"0\">Antiguitat<\/span>, especialment en la especulaci\u00f3 estoica i \u00f2rfica, Cronos va ser interpretat com la personificaci\u00f3 del temps, que devora els seus propis fills, \u00e9s a dir, tot all\u00f2 que ha nascut.<\/p><p>Altres interpretacions de l&#8217;<span class=\"iwg-fachbegriff\" data-tooltip=\"\u00c8poca de la cultura grega i romana, aproximadament del 800 aC al 600 dC.\" tabindex=\"0\">Antiguitat<\/span> van relacionar el nom amb el verb collir o amb termes de l&#8217;\u00e0mbit de l&#8217;agricultura, que concordaven amb el seu atribut, la fal\u00e7. Aquestes explicacions tamb\u00e9 s\u00f3n etimologies populars i no estan confirmades.<\/p><p>La recerca moderna tendeix a considerar el nom Cronos com a pregrec, \u00e9s a dir, una paraula heretada d&#8217;una capa ling\u00fc\u00edstica parlada abans de l&#8217;arribada de la poblaci\u00f3 de parla grega a l&#8217;Egeu. No existeix una etimologia segura.<\/p><p>En la <span class=\"iwg-fachbegriff\" data-tooltip=\"La transmissi\u00f3 de coneixements i relats al llarg de generacions.\" tabindex=\"0\">tradici\u00f3<\/span> romana, Cronos va ser identificat amb Saturn. Aquesta identificaci\u00f3 va tenir tant impacte que molts trets de Cronos van pervviure en l&#8217;\u00e0mbit cultural llat\u00ed sota el nom de Saturn, com la idea de l&#8217;Edat d&#8217;Or i la festa de les Saturnals.<\/p><p>La distinci\u00f3 entre el Cronos grec i el Saturn rom\u00e0 \u00e9s important en la recerca, perqu\u00e8 ambdues figures van seguir desenvolupaments propis.<\/p>\t\t\t\t\t\t\t\t<\/div>\n\t\t\t\t\t<\/div>\n\t\t\t\t<\/div>\n\t\t<div class=\"elementor-element elementor-element-iwgw-kronos-s2 e-flex e-con-boxed e-con e-parent\" data-id=\"iwgw-kronos-s2\" data-element_type=\"container\" data-e-type=\"container\">\n\t\t\t\t\t<div class=\"e-con-inner\">\n\t\t\t\t<div class=\"elementor-element elementor-element-iwgw-kronos-s2h elementor-widget elementor-widget-heading\" data-id=\"iwgw-kronos-s2h\" data-element_type=\"widget\" data-e-type=\"widget\" data-widget_type=\"heading.default\">\n\t\t\t\t\t<h2 class=\"elementor-heading-title elementor-size-default\">Descripci\u00f3 i iconografia<\/h2>\t\t\t\t<\/div>\n\t\t\t\t<div class=\"elementor-element elementor-element-iwgw-kronos-s2t elementor-widget elementor-widget-text-editor\" data-id=\"iwgw-kronos-s2t\" data-element_type=\"widget\" data-e-type=\"widget\" data-widget_type=\"text-editor.default\">\n\t\t\t\t\t\t\t\t\t<p>Cronos \u00e9s representat en l&#8217;art de l&#8217;<span class=\"iwg-fachbegriff\" data-tooltip=\"\u00c8poca de la cultura grega i romana, aproximadament del 800 aC al 600 dC\" tabindex=\"0\">Antiguitat<\/span> de manera menys freq\u00fcent i menys uniforme que els d\u00e9us ol\u00edmpics. Quan apareix, se&#8217;l mostra generalment com un home barbut i madur, amb dignitat, per\u00f2 sense la for\u00e7a juvenil que caracteritza, per exemple, a Zeus.<\/p><p>El seu atribut m\u00e9s destacat \u00e9s la fal\u00e7 o l&#8217;eina de tall corbada amb la qual, segons el <span class=\"iwg-fachbegriff\" data-tooltip=\"Un relat transm\u00e8s sobre d\u00e9us, or\u00edgens i l'ordre del m\u00f3n.\" tabindex=\"0\">mite<\/span>, va castrar el seu pare Ur\u00e0. Aquesta eina, anomenada harpe en les fonts, \u00e9s el seu tret distintiu fix.<\/p><p>Sovint es representa Cronos amb el cap cobert, amb el mantell estirat sobre la part posterior del cap. Aquesta cobertura es va interpretar com un signe de la seva connexi\u00f3 amb el costat ocult i inquietant del m\u00f3n, o com una refer\u00e8ncia al seu estatus de sobir\u00e0 destronat i exiliat a les profunditats. En la iconografia romana de Saturn, aquest tret es va mantenir.<\/p><p>Les escenes que il\u00b7lustren el <span class=\"iwg-fachbegriff\" data-tooltip=\"Un relat transm\u00e8s sobre d\u00e9us, or\u00edgens i l'ordre del m\u00f3n.\" tabindex=\"0\">mite<\/span> mostren Cronos sobretot en dos moments: la castraci\u00f3 d&#8217;Ur\u00e0 i la devoraci\u00f3 dels seus fills.<\/p><p>Aquesta \u00faltima escena, en la qual Cronos porta un infant a la boca o rep una pedra embolicada amb bolquers, va ser especialment recollida en l&#8217;art posterior a l&#8217;Antiguitat i \u00e9s una de les imatges m\u00e9s impactants de tota la <span class=\"iwg-fachbegriff\" data-tooltip=\"El conjunt dels relats m\u00edtics transmesos d'una cultura sobre els seus d\u00e9us.\" tabindex=\"0\">mitologia<\/span>. Tot i aix\u00f2, en la pr\u00f2pia <span class=\"iwg-fachbegriff\" data-tooltip=\"\u00c8poca de la cultura grega i romana, aproximadament del 800 aC al 600 dC\" tabindex=\"0\">Antiguitat<\/span> predomina la representaci\u00f3 serena i sobirana. Com a rei de l&#8217;Edat d&#8217;Or, ocasionalment se&#8217;l mostrava entronitzat.<\/p>\t\t\t\t\t\t\t\t<\/div>\n\t\t\t\t\t<\/div>\n\t\t\t\t<\/div>\n\t\t<div class=\"elementor-element elementor-element-iwgw-kronos-s3 e-flex e-con-boxed e-con e-parent\" data-id=\"iwgw-kronos-s3\" data-element_type=\"container\" data-e-type=\"container\">\n\t\t\t\t\t<div class=\"e-con-inner\">\n\t\t\t\t<div class=\"elementor-element elementor-element-iwgw-kronos-s3h elementor-widget elementor-widget-heading\" data-id=\"iwgw-kronos-s3h\" data-element_type=\"widget\" data-e-type=\"widget\" data-widget_type=\"heading.default\">\n\t\t\t\t\t<h2 class=\"elementor-heading-title elementor-size-default\">Relats mitol\u00f2gics<\/h2>\t\t\t\t<\/div>\n\t\t\t\t<div class=\"elementor-element elementor-element-iwgw-kronos-s3t elementor-widget elementor-widget-text-editor\" data-id=\"iwgw-kronos-s3t\" data-element_type=\"widget\" data-e-type=\"widget\" data-widget_type=\"text-editor.default\">\n\t\t\t\t\t\t\t\t\t<p>La hist\u00f2ria de Cronos comen\u00e7a amb un conflicte entre les pot\u00e8ncies primig\u00e8nies. Ur\u00e0, el cel, es va unir amb Gaia, la terra, per\u00f2 va retenir els seus fills comuns, entre ells els titans, a l&#8217;interior de la terra. Gaia, aclaparada per aquesta c\u00e0rrega, va tra\u00e7ar un pla i va forjar una fal\u00e7 de pedra dura.<\/p><p>De tots els seus fills, va ser nom\u00e9s Cronos, el m\u00e9s jove dels titans, qui es va oferir a actuar contra el pare. Quan Ur\u00e0 es va apropar novament a Gaia, Cronos li va tallar els genitals i els va llan\u00e7ar al mar.<\/p><p>De la sang i de les parts caigudes al mar van n\u00e9ixer altres \u00e9ssers, entre ells Afrodita segons una <span class=\"iwg-fachbegriff\" data-tooltip=\"La transmissi\u00f3 de coneixements i relats al llarg de generacions.\" tabindex=\"0\">tradici\u00f3<\/span>, aix\u00ed com les Er\u00ednies i els Gigants.<\/p><p>Amb aquest cop, Cronos es va convertir en sobir\u00e0 del m\u00f3n. Va prendre com a esposa la seva germana Rea i va tenir amb ella una s\u00e8rie de fills, que van esdevenir la primera generaci\u00f3 dels d\u00e9us ol\u00edmpics.<\/p><p>Per\u00f2 Ur\u00e0 i Gaia havien profetitzat a Cronos que ell tamb\u00e9 seria destronat per un dels seus propis fills. Per evitar aquesta profecia, Cronos devorava cada fill immediatament despr\u00e9s del naixement: H\u00e8stia, Dem\u00e8ter, Hera, Hades i Posid\u00f3.<\/p><p>Quan havia de n\u00e9ixer el sis\u00e8 fill, Zeus, Rea va concebre un ardit. Va donar a llum el nad\u00f3 en secret a Creta i va entregar a Cronos, en lloc del nen, una pedra embolicada amb bolquers, que ell va devorar sense adonar-se&#8217;n. Zeus va cr\u00e9ixer amagat.<\/p><p>Quan va arribar a l&#8217;edat adulta, va obligar Cronos a vomitar els germans devorats, primer la pedra, despr\u00e9s els d\u00e9us. Va seguir la gran guerra entre els titans encap\u00e7alats per Cronos i els d\u00e9us m\u00e9s joves encap\u00e7alats per <a href=\"https:\/\/iwell-guard.com\/ca\/zeus\/\">Zeus<\/a>, la Titanom\u00e0quia.<\/p><p>Va acabar amb la vict\u00f2ria dels ol\u00edmpics. Els titans derrotats van ser desterrats al T\u00e0rtar, la regi\u00f3 m\u00e9s profunda del m\u00f3n subterrani.<\/p><p>Sobre el dest\u00ed posterior de Cronos existeixen tradicions diferents. Segons una versi\u00f3, roman presoner al T\u00e0rtar.<\/p><p>Segons una altra tradici\u00f3, m\u00e9s benigna, despr\u00e9s de la seva reconciliaci\u00f3 esdev\u00e9 sobir\u00e0 de les Illes dels Benaurats, on els morts justos porten una exist\u00e8ncia feli\u00e7. Aquesta segona l\u00ednia es vincula amb la idea de l&#8217;Edat d&#8217;Or, que hauria regnat sota el seu govern.<\/p>\t\t\t\t\t\t\t\t<\/div>\n\t\t\t\t\t<\/div>\n\t\t\t\t<\/div>\n\t\t<div class=\"elementor-element elementor-element-iwgw-kronos-s4 e-flex e-con-boxed e-con e-parent\" data-id=\"iwgw-kronos-s4\" data-element_type=\"container\" data-e-type=\"container\">\n\t\t\t\t\t<div class=\"e-con-inner\">\n\t\t\t\t<div class=\"elementor-element elementor-element-iwgw-kronos-s4h elementor-widget elementor-widget-heading\" data-id=\"iwgw-kronos-s4h\" data-element_type=\"widget\" data-e-type=\"widget\" data-widget_type=\"heading.default\">\n\t\t\t\t\t<h2 class=\"elementor-heading-title elementor-size-default\">Culte i veneraci\u00f3<\/h2>\t\t\t\t<\/div>\n\t\t\t\t<div class=\"elementor-element elementor-element-iwgw-kronos-s4t elementor-widget elementor-widget-text-editor\" data-id=\"iwgw-kronos-s4t\" data-element_type=\"widget\" data-e-type=\"widget\" data-widget_type=\"text-editor.default\">\n\t\t\t\t\t\t\t\t\t<p>En comparaci\u00f3 amb els d\u00e9us ol\u00edmpics, el <span class=\"iwg-fachbegriff\" data-tooltip=\"El conjunt de pr\u00e0ctiques de veneraci\u00f3 religiosa dedicades a una divinitat o figura sagrada.\" tabindex=\"0\">culte<\/span> a Cronos a Gr\u00e8cia tenia un abast menor, per\u00f2 existia. La festa m\u00e9s important dedicada a ell eren les Cronias, celebrades a Atenes i en altres llocs.<\/p><p>Es celebraven despr\u00e9s de la collita i tenien un car\u00e0cter especial: aquest dia, l&#8217;ordre social quedava temporalment susp\u00e8s o relaxat. Amos i esclaus participaven junts al banquet, i en alguns llocs els esclaus eren servits pels seus amos.<\/p><p>Des del punt de vista de la hist\u00f2ria de les religions, aquesta inversi\u00f3 ritual t\u00e9 una gran import\u00e0ncia. La festa restablia, durant un per\u00edode limitat, l&#8217;estat de l&#8217;Edat d&#8217;Or, en el qual, segons el <span class=\"iwg-fachbegriff\" data-tooltip=\"Un relat transm\u00e8s sobre d\u00e9us, or\u00edgens i l'ordre del m\u00f3n.\" tabindex=\"0\">mite<\/span>, no hi havia hagut ni dominaci\u00f3, ni fatiga, ni difer\u00e8ncies socials.<\/p><p>La festa era, doncs, un record ritual d&#8217;una \u00e8poca primig\u00e8nia perduda d&#8217;igualtat. Les Saturnals romanes, la festa de Saturn, identificat amb Cronos, tenien el mateix car\u00e0cter i es celebraven encara amb m\u00e9s intensitat.<\/p><p>Es documenten santuaris de Cronos en diversos llocs, entre ells Ol\u00edmpia, on el tur\u00f3 situat sobre el <span class=\"iwg-fachbegriff\" data-tooltip=\"Un lloc sagrat dedicat a la veneraci\u00f3 d'una divinitat.\" tabindex=\"0\">santuari<\/span> portava el nom del titan. A Atenes hi havia un recinte compartit per a Cronos i Rea.<\/p><p>Tot i aix\u00ed, el <span class=\"iwg-fachbegriff\" data-tooltip=\"El conjunt de pr\u00e0ctiques de veneraci\u00f3 religiosa dedicades a una divinitat o figura sagrada.\" tabindex=\"0\">culte<\/span> va romandre a l&#8217;ombra de les grans divinitats ol\u00edmpiques. Cronos era una <span class=\"iwg-fachbegriff\" data-tooltip=\"Un \u00e9sser venerat com a div\u00ed dins d'una religi\u00f3.\" tabindex=\"0\">divinitat<\/span> del passat, de l&#8217;ordre del m\u00f3n ja superat, i aquesta posici\u00f3 es reflectia en la seva pres\u00e8ncia cultual limitada per\u00f2 significativa.<\/p>\t\t\t\t\t\t\t\t<\/div>\n\t\t\t\t\t<\/div>\n\t\t\t\t<\/div>\n\t\t<div class=\"elementor-element elementor-element-iwgw-kronos-s5 e-flex e-con-boxed e-con e-parent\" data-id=\"iwgw-kronos-s5\" data-element_type=\"container\" data-e-type=\"container\">\n\t\t\t\t\t<div class=\"e-con-inner\">\n\t\t\t\t<div class=\"elementor-element elementor-element-iwgw-kronos-s5h elementor-widget elementor-widget-heading\" data-id=\"iwgw-kronos-s5h\" data-element_type=\"widget\" data-e-type=\"widget\" data-widget_type=\"heading.default\">\n\t\t\t\t\t<h2 class=\"elementor-heading-title elementor-size-default\">Pr\u00e0ctica de protecci\u00f3 i elements apotropaics<\/h2>\t\t\t\t<\/div>\n\t\t\t\t<div class=\"elementor-element elementor-element-iwgw-kronos-s5t elementor-widget elementor-widget-text-editor\" data-id=\"iwgw-kronos-s5t\" data-element_type=\"widget\" data-e-type=\"widget\" data-widget_type=\"text-editor.default\">\n\t\t\t\t\t\t\t\t\t<p>Cronos no era una figura contra la qual s&#8217;exerc\u00eds una pr\u00e0ctica apotropaica marcada, com s\u00ed que existia contra dimonis o esperits danyants. Com a tit\u00e0 caigut i desterrat al T\u00e0rtar, havia estat retirat de l&#8217;\u00e0mbit d&#8217;acci\u00f3 activa del m\u00f3n. No s&#8217;ha transm\u00e8s una pr\u00e0ctica apotropaica pr\u00f2piament dita contra Cronos.<\/p><p>Tot i aix\u00f2, la figura de Cronos comportava un component sinistre i amena\u00e7ador que va perdurar en l&#8217;imaginari col\u00b7lectiu. El pare que devorava els seus fills era una imatge d&#8217;esglai.<\/p><p>En la interpretaci\u00f3 posterior, sobretot romana i de l&#8217;antiguitat tardana, en qu\u00e8 Cronos va ser identificat amb Cronos, el temps, aquest aspecte va guanyar pes: el temps, que tot ho genera i tot ho destrueix, es va convertir en la figura simb\u00f2lica de la fugacitat. Aquesta interpretaci\u00f3 era, per\u00f2, filos\u00f2fica i liter\u00e0ria, no cultual.<\/p><p>En l&#8217;\u00e0mbit ritual s&#8217;observa m\u00e9s b\u00e9 el contrari d&#8217;una defensa. La festa de les Cronies no pretenia mantenir el tit\u00e0 allunyat, sin\u00f3 recuperar breument el seu temps, l&#8217;edat d&#8217;or. La relaxaci\u00f3 festiva de l&#8217;ordre era una aproximaci\u00f3 controlada a l&#8217;\u00e0mbit de Cronos.<\/p><p>All\u00e0 on es van vincular idees apotropaiques amb Saturn, com en l&#8217;astrologia de l&#8217;antiguitat tardana, on el planeta Saturn era considerat portador de desgr\u00e0cies, es tracta d&#8217;un desenvolupament que va molt m\u00e9s enll\u00e0 del Cronos grec i que pertany a l&#8217;endevinaci\u00f3 astral romano-oriental.<\/p>\t\t\t\t\t\t\t\t<\/div>\n\t\t\t\t\t<\/div>\n\t\t\t\t<\/div>\n\t\t<div class=\"elementor-element elementor-element-iwgw-kronos-s6 e-flex e-con-boxed e-con e-parent\" data-id=\"iwgw-kronos-s6\" data-element_type=\"container\" data-e-type=\"container\">\n\t\t\t\t\t<div class=\"e-con-inner\">\n\t\t\t\t<div class=\"elementor-element elementor-element-iwgw-kronos-s6h elementor-widget elementor-widget-heading\" data-id=\"iwgw-kronos-s6h\" data-element_type=\"widget\" data-e-type=\"widget\" data-widget_type=\"heading.default\">\n\t\t\t\t\t<h2 class=\"elementor-heading-title elementor-size-default\">Paral\u00b7lelismes en altres cultures<\/h2>\t\t\t\t<\/div>\n\t\t\t\t<div class=\"elementor-element elementor-element-iwgw-kronos-s6t elementor-widget elementor-widget-text-editor\" data-id=\"iwgw-kronos-s6t\" data-element_type=\"widget\" data-e-type=\"widget\" data-widget_type=\"text-editor.default\">\n\t\t\t\t\t\t\t\t\t<p>El <span class=\"iwg-fachbegriff\" data-tooltip=\"Un relat transm\u00e8s sobre d\u00e9us, or\u00edgens i l'ordre del m\u00f3n.\" tabindex=\"0\">mite<\/span> de la caiguda del pare del cel i de la successi\u00f3 de sobirans del m\u00f3n t\u00e9 paral\u00b7lelismos estrets amb les cultures de l&#8217;Orient Antic i l&#8217;\u00c0sia Menor. La recerca comparativa ha revelat des del segle vint connexions de gran abast en aquest sentit.<\/p><p>La correspond\u00e8ncia m\u00e9s clara la trobem en el <span class=\"iwg-fachbegriff\" data-tooltip=\"Un relat transm\u00e8s sobre d\u00e9us, or\u00edgens i l'ordre del m\u00f3n.\" tabindex=\"0\">mite<\/span> hitita de la reialesa al cel, transm\u00e8s en tauletes cune\u00efformes procedents de l&#8217;\u00c0sia Menor. All\u00e0 el d\u00e9u Kumarbi castra el seu predecessor Anu mossegant-li els genitals, i ell mateix \u00e9s posteriorment enderrocat per una generaci\u00f3 de d\u00e9us posterior.<\/p><p>La coincid\u00e8ncia amb el relat de Cronos, tant en la successi\u00f3 de generacions de sobirans com en el <span class=\"iwg-fachbegriff\" data-tooltip=\"Un element de contingut recurrent en l'art o la narraci\u00f3.\" tabindex=\"0\">motiu<\/span> de la castraci\u00f3, es considera tan estreta que es dona per generalment acceptada una connexi\u00f3 hist\u00f2rica, ja sigui una adopci\u00f3 o una her\u00e8ncia oriental comuna.<\/p><p>Tamb\u00e9 en la poesia cosmog\u00f2nica babil\u00f2nica hi ha una successi\u00f3 de generacions de d\u00e9us amb un canvi de poder violent. En la <span class=\"iwg-fachbegriff\" data-tooltip=\"El conjunt de relats m\u00edtics transmesos d'una cultura sobre els seus d\u00e9us.\" tabindex=\"0\">mitologia<\/span> n\u00f2rdica, el conflicte entre els gegants primigenis i els d\u00e9us m\u00e9s joves presenta una proximitat tem\u00e0tica llunyana.<\/p><p>El <span class=\"iwg-fachbegriff\" data-tooltip=\"Un element de contingut recurrent en l'art o la narraci\u00f3.\" tabindex=\"0\">motiu<\/span> de l&#8217;edat d&#8217;or, aquella era primig\u00e8nia sense esfor\u00e7 sota un sobir\u00e0 ben\u00e8vol, t\u00e9 correspond\u00e8ncies en moltes cultures, des de la idea de l&#8217;Orient Antic d&#8217;un estat original paradis\u00edac fins a les concepcions \u00edndies de les eres del m\u00f3n.<\/p><p>Cronos combina aix\u00ed dos cercles de motius \u00e0mpliament difosos: la successi\u00f3 violenta dels d\u00e9us i l&#8217;edat primig\u00e8nia perduda de la felicitat. La recerca veu en la teogonia grega una elaboraci\u00f3 pr\u00f2pia de materials que en bona part provenen del Pr\u00f2xim Orient.<\/p>\t\t\t\t\t\t\t\t<\/div>\n\t\t\t\t\t<\/div>\n\t\t\t\t<\/div>\n\t\t<div class=\"elementor-element elementor-element-iwgw-kronos-s7 e-flex e-con-boxed e-con e-parent\" data-id=\"iwgw-kronos-s7\" data-element_type=\"container\" data-e-type=\"container\">\n\t\t\t\t\t<div class=\"e-con-inner\">\n\t\t\t\t<div class=\"elementor-element elementor-element-iwgw-kronos-s7h elementor-widget elementor-widget-heading\" data-id=\"iwgw-kronos-s7h\" data-element_type=\"widget\" data-e-type=\"widget\" data-widget_type=\"heading.default\">\n\t\t\t\t\t<h2 class=\"elementor-heading-title elementor-size-default\">Recepci\u00f3 i investigaci\u00f3 actuals<\/h2>\t\t\t\t<\/div>\n\t\t\t\t<div class=\"elementor-element elementor-element-iwgw-kronos-s7t elementor-widget elementor-widget-text-editor\" data-id=\"iwgw-kronos-s7t\" data-element_type=\"widget\" data-e-type=\"widget\" data-widget_type=\"text-editor.default\">\n\t\t\t\t\t\t\t\t\t<p>Cronos continua present avui dia sobretot a trav\u00e9s de dues l\u00ednies d&#8217;influ\u00e8ncia. La primera \u00e9s la identificaci\u00f3 amb el temps. A trav\u00e9s de l&#8217;especulaci\u00f3 <span class=\"iwg-fachbegriff\" data-tooltip=\"\u00c8poca de la cultura grega i romana, aproximadament del 800 a.C. al 600 d.C.\" tabindex=\"0\">antiga<\/span>, l&#8217;al\u00b7legoria medieval i l&#8217;art modern va sorgir la figura del vell Pare Temps amb dalla i rellotge de sorra, una fusi\u00f3 de Cronos, Cronos-temps i Saturn.<\/p><p>La segona l\u00ednia \u00e9s la imatge del tit\u00e0 que devora els seus fills, que va trobar representacions impactants en les arts pl\u00e0stiques modernes i es va convertir en un <span class=\"iwg-fachbegriff\" data-tooltip=\"Un element de contingut recurrent en l'art o la narraci\u00f3.\" tabindex=\"0\">motiu<\/span> fix de la hist\u00f2ria de l&#8217;art europea.<\/p><p>En la cultura popular, Cronos apareix sovint, la majoria de vegades en el paper de d\u00e9u primigeni omnipotent i amena\u00e7ador, sovint fusionat amb trets d&#8217;altres titans o barrejat amb el nom de Cronos-temps. Tamb\u00e9 el terme saturnals ha passat al llenguatge general com a denominaci\u00f3 de festes desenfrenades.<\/p><p>La recerca cient\u00edfica ha tractat Cronos en diversos nivells. Des de fa temps, el centre d&#8217;atenci\u00f3 ha estat la q\u00fcesti\u00f3 de les arrels orientals de la mitologia de successi\u00f3.<\/p><p>Martin Litchfield West i altres han posat de manifest les connexions amb la <span class=\"iwg-fachbegriff\" data-tooltip=\"La transmissi\u00f3 de coneixement i relats al llarg de generacions.\" tabindex=\"0\">tradici\u00f3<\/span> hitita i babil\u00f2nica. A m\u00e9s, hi ha l&#8217;estudi del culte a Cronos i de la festa de les Cronies, que ha suscitat un gran inter\u00e8s com a exemple d&#8217;inversi\u00f3 ritual.<\/p><p>Walter Burkert ha situat Cronos en el marc de la hist\u00f2ria de la religi\u00f3 grega, Fritz Graf en la recerca m\u00edtica, Timothy Gantz ha recopilat les fonts. Cronos continua sent un exemple clau de com els grecs reflexionaven sobre l&#8217;origen del m\u00f3n, la formaci\u00f3 de l&#8217;ordre i una \u00e8poca millor perduda.<\/p>\t\t\t\t\t\t\t\t<\/div>\n\t\t\t\t\t<\/div>\n\t\t\t\t<\/div>\n\t\t<div class=\"elementor-element elementor-element-iwgw-kronos-lit e-flex e-con-boxed e-con e-parent\" data-id=\"iwgw-kronos-lit\" data-element_type=\"container\" data-e-type=\"container\">\n\t\t\t\t\t<div class=\"e-con-inner\">\n\t\t\t\t<div class=\"elementor-element elementor-element-iwgw-kronos-lith elementor-widget elementor-widget-heading\" data-id=\"iwgw-kronos-lith\" data-element_type=\"widget\" data-e-type=\"widget\" data-widget_type=\"heading.default\">\n\t\t\t\t\t<h2 class=\"elementor-heading-title elementor-size-default\">Bibliografia (selecci\u00f3)<\/h2>\t\t\t\t<\/div>\n\t\t\t\t<div class=\"elementor-element elementor-element-iwgw-kronos-litt elementor-widget elementor-widget-text-editor\" data-id=\"iwgw-kronos-litt\" data-element_type=\"widget\" data-e-type=\"widget\" data-widget_type=\"text-editor.default\">\n\t\t\t\t\t\t\t\t\t<ul><li>Martin Litchfield West: <em>The East Face of Helicon. West Asiatic Elements in Greek Poetry and Myth<\/em> (1997)<\/li><li>Walter Burkert: <em>Griechische Religion der archaischen und klassischen Epoche<\/em> (1977)<\/li><li>Martin Persson Nilsson: <em>Geschichte der griechischen Religion<\/em> (1941\u20131950)<\/li><li>Timothy Gantz: <em>Early Greek Myth. A Guide to Literary and Artistic Sources<\/em> (1993)<\/li><li>Fritz Graf: <em>Griechische <span class=\"iwg-fachbegriff\" data-tooltip=\"El conjunt de relats m\u00edtics transmesos d'una cultura sobre els seus d\u00e9us.\" tabindex=\"0\">Mythologie<\/span>. Eine Einf\u00fchrung<\/em> (1985)<\/li><li>Walter Burkert: <em>Die orientalisierende Epoche in der griechischen Religion und Literatur<\/em> (1984)<\/li><\/ul>\t\t\t\t\t\t\t\t<\/div>\n\t\t\t\t\t<\/div>\n\t\t\t\t<\/div>\n\t\t<div class=\"elementor-element elementor-element-iwgw-kronos-kwd e-flex e-con-boxed e-con e-parent\" data-id=\"iwgw-kronos-kwd\" data-element_type=\"container\" data-e-type=\"container\">\n\t\t\t\t\t<div class=\"e-con-inner\">\n\t\t\t\t<div class=\"elementor-element elementor-element-iwgw-kronos-kwdt elementor-widget elementor-widget-text-editor\" data-id=\"iwgw-kronos-kwdt\" data-element_type=\"widget\" data-e-type=\"widget\" data-widget_type=\"text-editor.default\">\n\t\t\t\t\t\t\t\t\t<p><em>Conceptes clau relacionats: Cronos Tit\u00e0 Zeus Rea Uranos Titanom\u00e0quia Edat d&#8217;Or T\u00e0rtar.<\/em><\/p>\t\t\t\t\t\t\t\t<\/div>\n\t\t\t\t\t<\/div>\n\t\t\t\t<\/div>\n\t\t<div class=\"elementor-element elementor-element-iwgw-kronos-cc e-flex e-con-boxed e-con e-parent\" data-id=\"iwgw-kronos-cc\" data-element_type=\"container\" data-e-type=\"container\" id=\"iwg-cc-kronos\">\n\t\t\t\t\t<div class=\"e-con-inner\">\n\t\t<div class=\"elementor-element elementor-element-iwgw-kronos-ccinner e-flex e-con-boxed e-con e-parent\" data-id=\"iwgw-kronos-ccinner\" data-element_type=\"container\" data-e-type=\"container\" data-settings=\"{&quot;background_background&quot;:&quot;classic&quot;}\">\n\t\t\t\t\t<div class=\"e-con-inner\">\n\t\t\t\t<div class=\"elementor-element elementor-element-iwgw-kronos-cch elementor-widget elementor-widget-heading\" data-id=\"iwgw-kronos-cch\" data-element_type=\"widget\" data-e-type=\"widget\" data-widget_type=\"heading.default\">\n\t\t\t\t\t<h2 class=\"elementor-heading-title elementor-size-default\">iWell Guard i tradicions de protecci\u00f3<\/h2>\t\t\t\t<\/div>\n\t\t\t\t<div class=\"elementor-element elementor-element-iwgw-kronos-cct elementor-widget elementor-widget-text-editor\" data-id=\"iwgw-kronos-cct\" data-element_type=\"widget\" data-e-type=\"widget\" data-widget_type=\"text-editor.default\">\n\t\t\t\t\t\t\t\t\t<div data-nosnippet=\"true\"><p>iWell Guard s&#8217;inscriu en la tradici\u00f3 cultural i hist\u00f2rica dels objectes de protecci\u00f3 portables, en la tradici\u00f3 de <a href=\"https:\/\/iwell-guard.com\/ca\/grecia\/\">Gr\u00e8cia<\/a> i de moltes altres cultures d&#8217;arreu del m\u00f3n. 41 nivells, or aut\u00e8ntic, plat\u00ed, plata, fabricat a Alemanya. Dret de devoluci\u00f3 de 30 dies.<\/p><\/div>\t\t\t\t\t\t\t\t<\/div>\n\t\t\t\t<div class=\"elementor-element elementor-element-iwgw-kronos-ccb iwg-cc-button iwg-cc-cta-2026-05-13 elementor-widget elementor-widget-jet-button\" data-id=\"iwgw-kronos-ccb\" data-element_type=\"widget\" data-e-type=\"widget\" data-widget_type=\"jet-button.default\">\n\t\t\t\t<div class=\"elementor-widget-container\">\n\t\t\t\t\t<div class=\"elementor-jet-button jet-elements\"><div class=\"jet-button__container\"><a class=\"jet-button__instance jet-button__instance--icon-left hover-effect-1\" href=\"\/ueber-iwell-guard\/?utm_source=iwell-guard.com&amp;utm_medium=info-box&amp;utm_campaign=wesen-tradition\"><div class=\"jet-button__plane jet-button__plane-normal\"><\/div><div class=\"jet-button__plane jet-button__plane-hover\"><\/div><div class=\"jet-button__state jet-button__state-normal\"><span class=\"jet-button__label\">M\u00e9s informaci\u00f3 sobre l'iWell Guard<\/span><\/div><div class=\"jet-button__state jet-button__state-hover\"><span class=\"jet-button__label\">M\u00e9s informaci\u00f3 sobre l'iWell Guard<\/span><\/div><\/a><\/div><\/div><style>.elementor-element.elementor-element-iwgw-kronos-ccb .jet-button__instance{width:320px;height:56px;}.elementor-element.elementor-element-iwgw-kronos-ccb .jet-button__state-normal .jet-button__label{text-align:center;margin:0px 0px 0px 0px;color:#1a1b20;font-family:Montserrat,sans-serif;font-size:13px;font-weight:400;letter-spacing:4px;line-height:1.714em;text-transform:uppercase;}.elementor-element.elementor-element-iwgw-kronos-ccb .jet-button__state-hover .jet-button__label{text-align:center;margin:0px 0px 0px 0px;color:#FECC76;font-family:Montserrat,sans-serif;font-size:13px;font-weight:400;letter-spacing:4px;line-height:1.714em;text-transform:uppercase;}.elementor-element.elementor-element-iwgw-kronos-ccb .jet-button__plane-normal{background-color:#FECC76;border-style:solid;border-color:#C99540;border-width:2px 2px 2px 2px;}.elementor-element.elementor-element-iwgw-kronos-ccb .jet-button__plane-hover{background-color:rgba(0,0,0,0.55);border-style:solid;border-color:#FECC76;border-width:2px 2px 2px 2px;}<\/style>\t\t\t\t<\/div>\n\t\t\t\t<\/div>\n\t\t\t\t<div class=\"elementor-element elementor-element-iwgw-kronos-ccd elementor-widget elementor-widget-text-editor\" data-id=\"iwgw-kronos-ccd\" data-element_type=\"widget\" data-e-type=\"widget\" data-widget_type=\"text-editor.default\">\n\t\t\t\t\t\t\t\t\t<div data-nosnippet=\"true\"><p style=\"text-align:center;font-size:13px;opacity:0.7;margin-top:14px\" data-nosnippet=\"true\">Les experi\u00e8ncies personals poden variar. No \u00e9s un producte sanitari. No \u00e9s una promesa de curaci\u00f3.<\/p><\/div>\t\t\t\t\t\t\t\t<\/div>\n\t\t\t\t\t<\/div>\n\t\t\t\t<\/div>\n\t\t\t\t\t<\/div>\n\t\t\t\t<\/div>\n\t\t<div class=\"elementor-element elementor-element-iwgw-kronos-disc e-flex e-con-boxed e-con e-parent\" data-id=\"iwgw-kronos-disc\" data-element_type=\"container\" data-e-type=\"container\">\n\t\t\t\t\t<div class=\"e-con-inner\">\n\t\t\t\t<div class=\"elementor-element elementor-element-iwgw-kronos-discw elementor-widget elementor-widget-html\" data-id=\"iwgw-kronos-discw\" data-element_type=\"widget\" data-e-type=\"widget\" data-widget_type=\"html.default\">\n\t\t\t\t\t<footer data-nosnippet=\"true\" class=\"iwg-disclaimer-block\"><p data-nosnippet=\"true\">iWell Guard <strong>no \u00e9s un producte sanitari<\/strong> i no substitueix cap tractament m\u00e8dic o psicoterap\u00e8utic. Els continguts d'hist\u00f2ria de les religions s\u00f3n una classificaci\u00f3 culturohist\u00f2rica, no una recomanaci\u00f3 de pr\u00e0ctica espiritual.<\/p><\/footer>\t\t\t\t<\/div>\n\t\t\t\t\t<\/div>\n\t\t\t\t<\/div>\n\t\t\t\t<\/div>\n\t\t","protected":false},"excerpt":{"rendered":"","protected":false},"author":3,"featured_media":3374,"parent":0,"menu_order":0,"comment_status":"closed","ping_status":"closed","template":"elementor_header_footer","meta":{"_yoast_wpseo_focuskw":"Cronos, el Tit\u00e0","_yoast_wpseo_title":"Cronos \u2013 Tit\u00e0 i pare de Zeus","_yoast_wpseo_metadesc":"Cronos, el tit\u00e0 de la mitologia grega, pare de Zeus i governant de l'Edat d'Or.","_yoast_wpseo_meta-robots-noindex":"","_yoast_wpseo_canonical":"","_angie_page":false,"gefaehrdungsstufe":"","wesen_kultur":"","wesen_klasse":"","footnotes":""},"categories":[],"class_list":["post-171784","page","type-page","status-publish","has-post-thumbnail","hentry"],"yoast_head":"<!-- This site is optimized with the Yoast SEO Premium plugin v27.7 (Yoast SEO v28.3) - https:\/\/yoast.com\/product\/yoast-seo-premium-wordpress\/ -->\n<title>Cronos \u2013 Tit\u00e0 i pare de Zeus<\/title>\n<meta name=\"description\" content=\"Cronos, el tit\u00e0 de la mitologia grega, pare de Zeus i governant de l&#039;Edat d&#039;Or.\" \/>\n<meta name=\"robots\" content=\"index, follow, max-snippet:-1, max-image-preview:large, max-video-preview:-1\" \/>\n<link rel=\"canonical\" href=\"https:\/\/iwell-guard.com\/ca\/cronos-tita-governant-edat-or\/\" \/>\n<meta property=\"og:locale\" content=\"ca_ES\" \/>\n<meta property=\"og:type\" content=\"article\" \/>\n<meta property=\"og:title\" content=\"Cronos \u2013 Tit\u00e0 i governant de l&#039;Edat d&#039;Or\" \/>\n<meta property=\"og:description\" content=\"Cronos, el tit\u00e0 de la mitologia grega, pare de Zeus i governant de l&#039;Edat d&#039;Or.\" \/>\n<meta property=\"og:url\" content=\"https:\/\/iwell-guard.com\/ca\/cronos-tita-governant-edat-or\/\" \/>\n<meta property=\"og:site_name\" content=\"iWell Guard\" \/>\n<meta property=\"article:modified_time\" content=\"2026-09-05T16:07:07+00:00\" \/>\n<meta property=\"og:image\" content=\"https:\/\/iwell-guard.com\/wp-content\/uploads\/2026\/05\/goetter_griechenland_kronos.webp\" \/>\n\t<meta property=\"og:image:width\" content=\"1024\" \/>\n\t<meta property=\"og:image:height\" content=\"1536\" \/>\n\t<meta property=\"og:image:type\" content=\"image\/webp\" \/>\n<meta name=\"twitter:card\" content=\"summary_large_image\" \/>\n<script type=\"application\/ld+json\" class=\"yoast-schema-graph\">{\"@context\":\"https:\\\/\\\/schema.org\",\"@graph\":[{\"@type\":\"WebPage\",\"@id\":\"https:\\\/\\\/iwell-guard.com\\\/ca\\\/cronos-tita-governant-edat-or\\\/\",\"url\":\"https:\\\/\\\/iwell-guard.com\\\/ca\\\/cronos-tita-governant-edat-or\\\/\",\"name\":\"Cronos \u2013 Tit\u00e0 i pare de Zeus\",\"isPartOf\":{\"@id\":\"https:\\\/\\\/iwell-guard.com\\\/ca\\\/#website\"},\"primaryImageOfPage\":{\"@id\":\"https:\\\/\\\/iwell-guard.com\\\/ca\\\/cronos-tita-governant-edat-or\\\/#primaryimage\"},\"image\":{\"@id\":\"https:\\\/\\\/iwell-guard.com\\\/ca\\\/cronos-tita-governant-edat-or\\\/#primaryimage\"},\"thumbnailUrl\":\"https:\\\/\\\/iwell-guard.com\\\/wp-content\\\/uploads\\\/2026\\\/05\\\/goetter_griechenland_kronos.webp\",\"datePublished\":\"2026-09-05T15:42:22+00:00\",\"dateModified\":\"2026-09-05T16:07:07+00:00\",\"description\":\"Cronos, el tit\u00e0 de la mitologia grega, pare de Zeus i governant de l'Edat d'Or.\",\"breadcrumb\":{\"@id\":\"https:\\\/\\\/iwell-guard.com\\\/ca\\\/cronos-tita-governant-edat-or\\\/#breadcrumb\"},\"inLanguage\":\"ca\",\"potentialAction\":[{\"@type\":\"ReadAction\",\"target\":[\"https:\\\/\\\/iwell-guard.com\\\/ca\\\/cronos-tita-governant-edat-or\\\/\"]}]},{\"@type\":\"ImageObject\",\"inLanguage\":\"ca\",\"@id\":\"https:\\\/\\\/iwell-guard.com\\\/ca\\\/cronos-tita-governant-edat-or\\\/#primaryimage\",\"url\":\"https:\\\/\\\/iwell-guard.com\\\/wp-content\\\/uploads\\\/2026\\\/05\\\/goetter_griechenland_kronos.webp\",\"contentUrl\":\"https:\\\/\\\/iwell-guard.com\\\/wp-content\\\/uploads\\\/2026\\\/05\\\/goetter_griechenland_kronos.webp\",\"width\":1024,\"height\":1536,\"caption\":\"D\u00e9us de la tradici\u00f3 grega.\"},{\"@type\":\"BreadcrumbList\",\"@id\":\"https:\\\/\\\/iwell-guard.com\\\/ca\\\/cronos-tita-governant-edat-or\\\/#breadcrumb\",\"itemListElement\":[{\"@type\":\"ListItem\",\"position\":1,\"name\":\"Start\",\"item\":\"https:\\\/\\\/iwell-guard.com\\\/ca\\\/?page_id=171333\"},{\"@type\":\"ListItem\",\"position\":2,\"name\":\"Cronos \u2013 Tit\u00e0 i governant de l&#8217;Edat d&#8217;Or\"}]},{\"@type\":\"WebSite\",\"@id\":\"https:\\\/\\\/iwell-guard.com\\\/ca\\\/#website\",\"url\":\"https:\\\/\\\/iwell-guard.com\\\/ca\\\/\",\"name\":\"iWell Guard\",\"description\":\"Schutz vor dunklen Einfl\u00fcssen\",\"publisher\":{\"@id\":\"https:\\\/\\\/iwell-guard.com\\\/ca\\\/#organization\"},\"potentialAction\":[{\"@type\":\"SearchAction\",\"target\":{\"@type\":\"EntryPoint\",\"urlTemplate\":\"https:\\\/\\\/iwell-guard.com\\\/ca\\\/?s={search_term_string}\"},\"query-input\":{\"@type\":\"PropertyValueSpecification\",\"valueRequired\":true,\"valueName\":\"search_term_string\"}}],\"inLanguage\":\"ca\"},{\"@type\":\"Organization\",\"@id\":\"https:\\\/\\\/iwell-guard.com\\\/ca\\\/#organization\",\"name\":\"Ittermann electronic GmbH\",\"url\":\"https:\\\/\\\/iwell-guard.com\\\/ca\\\/\",\"logo\":{\"@type\":\"ImageObject\",\"inLanguage\":\"ca\",\"@id\":\"https:\\\/\\\/iwell-guard.com\\\/ca\\\/#\\\/schema\\\/logo\\\/image\\\/\",\"url\":\"https:\\\/\\\/iwell-guard.com\\\/wp-content\\\/uploads\\\/2026\\\/05\\\/Ittermann-Logo-1182x237-1.png\",\"contentUrl\":\"https:\\\/\\\/iwell-guard.com\\\/wp-content\\\/uploads\\\/2026\\\/05\\\/Ittermann-Logo-1182x237-1.png\",\"width\":1182,\"height\":237,\"caption\":\"Ittermann electronic GmbH\"},\"image\":{\"@id\":\"https:\\\/\\\/iwell-guard.com\\\/ca\\\/#\\\/schema\\\/logo\\\/image\\\/\"},\"sameAs\":[\"https:\\\/\\\/pantip.com\\\/profile\\\/9367242\",\"https:\\\/\\\/micro.blog\\\/iwellguard\",\"https:\\\/\\\/www.diggerslist.com\\\/iwellguard\\\/about\",\"https:\\\/\\\/skitterphoto.com\\\/photographers\\\/2870314\\\/iwell-guard\",\"https:\\\/\\\/iwellguard.wordpress.com\\\/2026\\\/06\\\/06\\\/iwell-guard\\\/\",\"https:\\\/\\\/hub.docker.com\\\/u\\\/iwellguard\",\"https:\\\/\\\/www.pinterest.com\\\/iwellguard\\\/\",\"https:\\\/\\\/bit.ly\\\/m\\\/iwellguard\",\"https:\\\/\\\/entre-vos-mains.alsace.eu\\\/profiles\\\/iwellguard\\\/activity\",\"https:\\\/\\\/gravatar.com\\\/reallybeded8fd34\",\"https:\\\/\\\/naijamatta.com\\\/iwellguard\",\"https:\\\/\\\/www.goodreads.com\\\/iwellguard\",\"https:\\\/\\\/profile.hatena.ne.jp\\\/iwellguard\\\/\",\"https:\\\/\\\/experiment.com\\\/users\\\/iwellguard\",\"https:\\\/\\\/wakelet.com\\\/@iWellGuard82270\",\"https:\\\/\\\/www.chordie.com\\\/forum\\\/profile.php?id=2555664\",\"https:\\\/\\\/www.instapaper.com\\\/p\\\/17757966\",\"https:\\\/\\\/www.mapleprimes.com\\\/users\\\/iwellguard\",\"https:\\\/\\\/businesslistingplus.com\\\/profile\\\/iwell-guard\\\/\",\"https:\\\/\\\/telegra.ph\\\/iWell-Guard-06-06\",\"https:\\\/\\\/pbase.com\\\/iwellguard\\\/iwellguard\",\"https:\\\/\\\/b.hatena.ne.jp\\\/iwellguard\\\/20260607#bookmark-4788405196491818882\",\"https:\\\/\\\/fliphtml5.com\\\/home\\\/iwellguard\",\"https:\\\/\\\/anyflip.com\\\/homepage\\\/cmiwl#About\",\"https:\\\/\\\/transfur.com\\\/Users\\\/iwellguard\",\"http:\\\/\\\/delphi.larsbo.org\\\/user\\\/iwellguard\",\"https:\\\/\\\/jobs.lajobsportal.org\\\/profiles\\\/8380803-iwell-guard\",\"https:\\\/\\\/md.chaosdorf.de\\\/s\\\/jfbe5SBdJD\",\"https:\\\/\\\/www.lingvolive.com\\\/en-us\\\/profile\\\/9ecaeaca-ce11-4e51-9e71-01d55e2bff36\\\/translations\",\"https:\\\/\\\/www.fitday.com\\\/fitness\\\/forums\\\/members\\\/iwellguard.html\",\"https:\\\/\\\/www.mymeetbook.com\\\/iwellguard\",\"https:\\\/\\\/pxhere.com\\\/en\\\/photographer-me\\\/5040798\",\"https:\\\/\\\/disqus.com\\\/by\\\/iwellguard\\\/about\\\/\",\"https:\\\/\\\/pastelink.net\\\/hjwciqwq\",\"https:\\\/\\\/pubhtml5.com\\\/homepage\\\/scjhn\\\/\",\"https:\\\/\\\/www.bitchute.com\\\/channel\\\/2O2eOKzNqujT\",\"https:\\\/\\\/audiomack.com\\\/iwellguard\"]}]}<\/script>\n<!-- \/ Yoast SEO Premium plugin. -->","yoast_head_json":{"title":"Cronos \u2013 Tit\u00e0 i pare de Zeus","description":"Cronos, el tit\u00e0 de la mitologia grega, pare de Zeus i governant de l'Edat d'Or.","robots":{"index":"index","follow":"follow","max-snippet":"max-snippet:-1","max-image-preview":"max-image-preview:large","max-video-preview":"max-video-preview:-1"},"canonical":"https:\/\/iwell-guard.com\/ca\/cronos-tita-governant-edat-or\/","og_locale":"ca_ES","og_type":"article","og_title":"Cronos \u2013 Tit\u00e0 i governant de l'Edat d'Or","og_description":"Cronos, el tit\u00e0 de la mitologia grega, pare de Zeus i governant de l'Edat d'Or.","og_url":"https:\/\/iwell-guard.com\/ca\/cronos-tita-governant-edat-or\/","og_site_name":"iWell Guard","article_modified_time":"2026-09-05T16:07:07+00:00","og_image":[{"width":1024,"height":1536,"url":"https:\/\/iwell-guard.com\/wp-content\/uploads\/2026\/05\/goetter_griechenland_kronos.webp","type":"image\/webp"}],"twitter_card":"summary_large_image","schema":{"@context":"https:\/\/schema.org","@graph":[{"@type":"WebPage","@id":"https:\/\/iwell-guard.com\/ca\/cronos-tita-governant-edat-or\/","url":"https:\/\/iwell-guard.com\/ca\/cronos-tita-governant-edat-or\/","name":"Cronos \u2013 Tit\u00e0 i pare de Zeus","isPartOf":{"@id":"https:\/\/iwell-guard.com\/ca\/#website"},"primaryImageOfPage":{"@id":"https:\/\/iwell-guard.com\/ca\/cronos-tita-governant-edat-or\/#primaryimage"},"image":{"@id":"https:\/\/iwell-guard.com\/ca\/cronos-tita-governant-edat-or\/#primaryimage"},"thumbnailUrl":"https:\/\/iwell-guard.com\/wp-content\/uploads\/2026\/05\/goetter_griechenland_kronos.webp","datePublished":"2026-09-05T15:42:22+00:00","dateModified":"2026-09-05T16:07:07+00:00","description":"Cronos, el tit\u00e0 de la mitologia grega, pare de Zeus i governant de l'Edat d'Or.","breadcrumb":{"@id":"https:\/\/iwell-guard.com\/ca\/cronos-tita-governant-edat-or\/#breadcrumb"},"inLanguage":"ca","potentialAction":[{"@type":"ReadAction","target":["https:\/\/iwell-guard.com\/ca\/cronos-tita-governant-edat-or\/"]}]},{"@type":"ImageObject","inLanguage":"ca","@id":"https:\/\/iwell-guard.com\/ca\/cronos-tita-governant-edat-or\/#primaryimage","url":"https:\/\/iwell-guard.com\/wp-content\/uploads\/2026\/05\/goetter_griechenland_kronos.webp","contentUrl":"https:\/\/iwell-guard.com\/wp-content\/uploads\/2026\/05\/goetter_griechenland_kronos.webp","width":1024,"height":1536,"caption":"D\u00e9us de la tradici\u00f3 grega."},{"@type":"BreadcrumbList","@id":"https:\/\/iwell-guard.com\/ca\/cronos-tita-governant-edat-or\/#breadcrumb","itemListElement":[{"@type":"ListItem","position":1,"name":"Start","item":"https:\/\/iwell-guard.com\/ca\/?page_id=171333"},{"@type":"ListItem","position":2,"name":"Cronos \u2013 Tit\u00e0 i governant de l&#8217;Edat d&#8217;Or"}]},{"@type":"WebSite","@id":"https:\/\/iwell-guard.com\/ca\/#website","url":"https:\/\/iwell-guard.com\/ca\/","name":"iWell Guard","description":"Schutz vor dunklen Einfl\u00fcssen","publisher":{"@id":"https:\/\/iwell-guard.com\/ca\/#organization"},"potentialAction":[{"@type":"SearchAction","target":{"@type":"EntryPoint","urlTemplate":"https:\/\/iwell-guard.com\/ca\/?s={search_term_string}"},"query-input":{"@type":"PropertyValueSpecification","valueRequired":true,"valueName":"search_term_string"}}],"inLanguage":"ca"},{"@type":"Organization","@id":"https:\/\/iwell-guard.com\/ca\/#organization","name":"Ittermann electronic GmbH","url":"https:\/\/iwell-guard.com\/ca\/","logo":{"@type":"ImageObject","inLanguage":"ca","@id":"https:\/\/iwell-guard.com\/ca\/#\/schema\/logo\/image\/","url":"https:\/\/iwell-guard.com\/wp-content\/uploads\/2026\/05\/Ittermann-Logo-1182x237-1.png","contentUrl":"https:\/\/iwell-guard.com\/wp-content\/uploads\/2026\/05\/Ittermann-Logo-1182x237-1.png","width":1182,"height":237,"caption":"Ittermann electronic GmbH"},"image":{"@id":"https:\/\/iwell-guard.com\/ca\/#\/schema\/logo\/image\/"},"sameAs":["https:\/\/pantip.com\/profile\/9367242","https:\/\/micro.blog\/iwellguard","https:\/\/www.diggerslist.com\/iwellguard\/about","https:\/\/skitterphoto.com\/photographers\/2870314\/iwell-guard","https:\/\/iwellguard.wordpress.com\/2026\/06\/06\/iwell-guard\/","https:\/\/hub.docker.com\/u\/iwellguard","https:\/\/www.pinterest.com\/iwellguard\/","https:\/\/bit.ly\/m\/iwellguard","https:\/\/entre-vos-mains.alsace.eu\/profiles\/iwellguard\/activity","https:\/\/gravatar.com\/reallybeded8fd34","https:\/\/naijamatta.com\/iwellguard","https:\/\/www.goodreads.com\/iwellguard","https:\/\/profile.hatena.ne.jp\/iwellguard\/","https:\/\/experiment.com\/users\/iwellguard","https:\/\/wakelet.com\/@iWellGuard82270","https:\/\/www.chordie.com\/forum\/profile.php?id=2555664","https:\/\/www.instapaper.com\/p\/17757966","https:\/\/www.mapleprimes.com\/users\/iwellguard","https:\/\/businesslistingplus.com\/profile\/iwell-guard\/","https:\/\/telegra.ph\/iWell-Guard-06-06","https:\/\/pbase.com\/iwellguard\/iwellguard","https:\/\/b.hatena.ne.jp\/iwellguard\/20260607#bookmark-4788405196491818882","https:\/\/fliphtml5.com\/home\/iwellguard","https:\/\/anyflip.com\/homepage\/cmiwl#About","https:\/\/transfur.com\/Users\/iwellguard","http:\/\/delphi.larsbo.org\/user\/iwellguard","https:\/\/jobs.lajobsportal.org\/profiles\/8380803-iwell-guard","https:\/\/md.chaosdorf.de\/s\/jfbe5SBdJD","https:\/\/www.lingvolive.com\/en-us\/profile\/9ecaeaca-ce11-4e51-9e71-01d55e2bff36\/translations","https:\/\/www.fitday.com\/fitness\/forums\/members\/iwellguard.html","https:\/\/www.mymeetbook.com\/iwellguard","https:\/\/pxhere.com\/en\/photographer-me\/5040798","https:\/\/disqus.com\/by\/iwellguard\/about\/","https:\/\/pastelink.net\/hjwciqwq","https:\/\/pubhtml5.com\/homepage\/scjhn\/","https:\/\/www.bitchute.com\/channel\/2O2eOKzNqujT","https:\/\/audiomack.com\/iwellguard"]}]}},"_links":{"self":[{"href":"https:\/\/iwell-guard.com\/ca\/wp-json\/wp\/v2\/pages\/171784","targetHints":{"allow":["GET"]}}],"collection":[{"href":"https:\/\/iwell-guard.com\/ca\/wp-json\/wp\/v2\/pages"}],"about":[{"href":"https:\/\/iwell-guard.com\/ca\/wp-json\/wp\/v2\/types\/page"}],"author":[{"embeddable":true,"href":"https:\/\/iwell-guard.com\/ca\/wp-json\/wp\/v2\/users\/3"}],"replies":[{"embeddable":true,"href":"https:\/\/iwell-guard.com\/ca\/wp-json\/wp\/v2\/comments?post=171784"}],"version-history":[{"count":0,"href":"https:\/\/iwell-guard.com\/ca\/wp-json\/wp\/v2\/pages\/171784\/revisions"}],"wp:featuredmedia":[{"embeddable":true,"href":"https:\/\/iwell-guard.com\/ca\/wp-json\/wp\/v2\/media\/3374"}],"wp:attachment":[{"href":"https:\/\/iwell-guard.com\/ca\/wp-json\/wp\/v2\/media?parent=171784"}],"wp:term":[{"taxonomy":"category","embeddable":true,"href":"https:\/\/iwell-guard.com\/ca\/wp-json\/wp\/v2\/categories?post=171784"}],"curies":[{"name":"wp","href":"https:\/\/api.w.org\/{rel}","templated":true}]}}