{"id":171780,"date":"2026-09-05T15:42:20","date_gmt":"2026-09-05T15:42:20","guid":{"rendered":"https:\/\/iwell-guard.com\/?page_id=171780"},"modified":"2026-09-05T16:07:02","modified_gmt":"2026-09-05T16:07:02","slug":"ceres-deessa-romana-blat-agricultura","status":"publish","type":"page","link":"https:\/\/iwell-guard.com\/ca\/ceres-deessa-romana-blat-agricultura\/","title":{"rendered":"Ceres \u2013 deessa romana del blat i l&#8217;agricultura"},"content":{"rendered":"\t\t<div data-elementor-type=\"wp-page\" data-elementor-id=\"171780\" class=\"elementor elementor-171780 elementor-2914 elementor-bc-flex-widget\" data-elementor-post-type=\"page\">\n\t\t\t\t<div class=\"elementor-element elementor-element-hero4a1e70c e-flex e-con-boxed e-con e-parent\" data-id=\"hero4a1e70c\" data-element_type=\"container\" data-e-type=\"container\">\n\t\t\t\t\t<div class=\"e-con-inner\">\n\t\t\t\t<div class=\"elementor-element elementor-element-heroimg61869a4 iwg-hero-image elementor-widget elementor-widget-image\" data-id=\"heroimg61869a4\" data-element_type=\"widget\" data-e-type=\"widget\" data-widget_type=\"image.default\">\n\t\t\t\t\t\t\t\t\t\t\t\t\t\t\t<img fetchpriority=\"high\" decoding=\"async\" width=\"683\" height=\"1024\" src=\"https:\/\/iwell-guard.com\/wp-content\/uploads\/2026\/05\/goetter_rom_ceres-683x1024.webp\" class=\"attachment-large size-large wp-image-3389\" alt=\"Ceres \u2013 deessa romana del blat i l\u2019agricultura\" srcset=\"https:\/\/iwell-guard.com\/wp-content\/uploads\/2026\/05\/goetter_rom_ceres-683x1024.webp 683w, https:\/\/iwell-guard.com\/wp-content\/uploads\/2026\/05\/goetter_rom_ceres-200x300.webp 200w, https:\/\/iwell-guard.com\/wp-content\/uploads\/2026\/05\/goetter_rom_ceres-768x1152.webp 768w, https:\/\/iwell-guard.com\/wp-content\/uploads\/2026\/05\/goetter_rom_ceres.webp 1024w\" sizes=\"(max-width: 683px) 100vw, 683px\" \/>\t\t\t\t\t\t\t\t\t\t\t\t\t\t\t<\/div>\n\t\t\t\t\t<\/div>\n\t\t\t\t<\/div>\n\t\t<div class=\"elementor-element elementor-element-iwgw-ceres-hero e-flex e-con-boxed e-con e-parent\" data-id=\"iwgw-ceres-hero\" data-element_type=\"container\" data-e-type=\"container\">\n\t\t\t\t\t<div class=\"e-con-inner\">\n\t\t\t\t<div class=\"elementor-element elementor-element-iwgw-ceres-h1 elementor-widget elementor-widget-heading\" data-id=\"iwgw-ceres-h1\" data-element_type=\"widget\" data-e-type=\"widget\" data-widget_type=\"heading.default\">\n\t\t\t\t\t<h1 class=\"elementor-heading-title elementor-size-default\">Ceres \u2013 deessa del blat, de l'agricultura i de la plebs<\/h1>\t\t\t\t<\/div>\n\t\t\t\t<div class=\"elementor-element elementor-element-iwgw-ceres-pills elementor-widget elementor-widget-html\" data-id=\"iwgw-ceres-pills\" data-element_type=\"widget\" data-e-type=\"widget\" data-widget_type=\"html.default\">\n\t\t\t\t\t<div class=\"iwg-pill-row\"><span class=\"iwg-klasse-badge\" tabindex=\"0\" data-tooltip=\"Deessa de la tradici\u00f3 de Roma.\">Deessa<\/span><a href=\"https:\/\/iwell-guard.com\/ca\/roma\/\" class=\"iwg-kultur-badge\" tabindex=\"0\" data-tooltip=\"Mitologia de la tradici\u00f3 de Roma.\">Roma<\/a><span class=\"iwg-tradition-badge\" tabindex=\"0\" data-tooltip=\"Divinitat de la fertilitat.\">Divinitat de la fertilitat<\/span><\/div>\t\t\t\t<\/div>\n\t\t\t\t<div class=\"elementor-element elementor-element-iwgw-ceres-lead elementor-widget elementor-widget-text-editor\" data-id=\"iwgw-ceres-lead\" data-element_type=\"widget\" data-e-type=\"widget\" data-widget_type=\"text-editor.default\">\n\t\t\t\t\t\t\t\t\t<p>Ceres era per als romans la deessa del blat, de l&#8217;agricultura i del creixement. El seu <span class=\"iwg-fachbegriff\" data-tooltip=\"El conjunt d'actes de veneraci\u00f3 religiosa dedicats a una divinitat o figura sagrada.\" tabindex=\"0\">culte<\/span> estava estretament vinculat amb el prove\u00efment de la ciutat i amb el paper pol\u00edtic de la plebs.<\/p>\t\t\t\t\t\t\t\t<\/div>\n\t\t\t\t\t<\/div>\n\t\t\t\t<\/div>\n\t\t<div class=\"elementor-element elementor-element-iwgw-ceres-s0 e-flex e-con-boxed e-con e-parent\" data-id=\"iwgw-ceres-s0\" data-element_type=\"container\" data-e-type=\"container\">\n\t\t\t\t\t<div class=\"e-con-inner\">\n\t\t\t\t<div class=\"elementor-element elementor-element-iwgw-ceres-s0h elementor-widget elementor-widget-heading\" data-id=\"iwgw-ceres-s0h\" data-element_type=\"widget\" data-e-type=\"widget\" data-widget_type=\"heading.default\">\n\t\t\t\t\t<h2 class=\"elementor-heading-title elementor-size-default\">Introducci\u00f3<\/h2>\t\t\t\t<\/div>\n\t\t\t\t<div class=\"elementor-element elementor-element-iwgw-ceres-s0t elementor-widget elementor-widget-text-editor\" data-id=\"iwgw-ceres-s0t\" data-element_type=\"widget\" data-e-type=\"widget\" data-widget_type=\"text-editor.default\">\n\t\t\t\t\t\t\t\t\t<p>Ceres \u00e9s una de les divinitats m\u00e9s antigues i importants de la religi\u00f3 romana. Era la deessa del blat, de l&#8217;agricultura i, en general, del creixement dels fruits del camp. El seu \u00e0mbit tocava aix\u00ed un fonament de la vida romana, ja que el prove\u00efment de blat de la ciutat era una preocupaci\u00f3 constant de l&#8217;estat i de la societat.<\/p><p>Des del punt de vista de la hist\u00f2ria de les religions, Ceres \u00e9s significativa per diversos motius. Era una <span class=\"iwg-fachbegriff\" data-tooltip=\"Un \u00e9sser venerat com a div\u00ed dins d'una religi\u00f3.\" tabindex=\"0\">divinitat<\/span> antiga romana, probablement venerada ja en l&#8217;\u00e8poca it\u00e0lica primerenca, el nom de la qual prov\u00e9 d&#8217;una arrel relacionada amb el creixement.<\/p><p>Al mateix temps, va ser marcada aviat per la influ\u00e8ncia grega i identificada en gran mesura amb la Dem\u00e8ter grega. El seu <span class=\"iwg-fachbegriff\" data-tooltip=\"El conjunt d'actes de veneraci\u00f3 religiosa dedicats a una divinitat o figura sagrada.\" tabindex=\"0\">culte<\/span> a l&#8217;Avent\u00ed la vinculava, a m\u00e9s, estretament amb la plebs, la part no noble de la ciutadania romana, i li donava una dimensi\u00f3 clarament pol\u00edtica.<\/p><p>Ceres \u00e9s, doncs, un exemple de la diversitat de capes de la religi\u00f3 <a href=\"https:\/\/iwell-guard.com\/ca\/roma\/\">romana<\/a>. En ella s&#8217;hi combinen un antiqu\u00edssim culte agrari, la incorporaci\u00f3 d&#8217;idees i mites grecs, i una funci\u00f3 social i pol\u00edtica concreta dins la ciutat. Era alhora una deessa del camp i una deessa amb un paper definit dins l&#8217;engranatge de la societat romana.<\/p><p>La import\u00e0ncia estatal de Ceres es reflecteix en el prove\u00efment de blat de la capital, que amb el creixement de la poblaci\u00f3 es va convertir en una tasca pol\u00edtica permanent.<\/p><p>Els edils plebeus, vinculats al <span class=\"iwg-fachbegriff\" data-tooltip=\"Un lloc sagrat dedicat a la veneraci\u00f3 d'una divinitat.\" tabindex=\"0\">santuari<\/span> de l&#8217;Avent\u00ed, tenien entre les seves funcions la supervisi\u00f3 del mercat del blat. Aix\u00ed, Ceres no representava nom\u00e9s el creixement del gra al camp, sin\u00f3 tamb\u00e9 la seva distribuci\u00f3 ordenada a la ciutat.<\/p>\t\t\t\t\t\t\t\t<\/div>\n\t\t\t\t\t<\/div>\n\t\t\t\t<\/div>\n\t\t<div class=\"elementor-element elementor-element-iwgw-ceres-s1 e-flex e-con-boxed e-con e-parent\" data-id=\"iwgw-ceres-s1\" data-element_type=\"container\" data-e-type=\"container\">\n\t\t\t\t\t<div class=\"e-con-inner\">\n\t\t\t\t<div class=\"elementor-element elementor-element-iwgw-ceres-s1h elementor-widget elementor-widget-heading\" data-id=\"iwgw-ceres-s1h\" data-element_type=\"widget\" data-e-type=\"widget\" data-widget_type=\"heading.default\">\n\t\t\t\t\t<h2 class=\"elementor-heading-title elementor-size-default\">Nom i etimologia<\/h2>\t\t\t\t<\/div>\n\t\t\t\t<div class=\"elementor-element elementor-element-iwgw-ceres-s1t elementor-widget elementor-widget-text-editor\" data-id=\"iwgw-ceres-s1t\" data-element_type=\"widget\" data-e-type=\"widget\" data-widget_type=\"text-editor.default\">\n\t\t\t\t\t\t\t\t\t<p>El nom <em>Ceres<\/em> es fa derivar ling\u00fc\u00edsticament d&#8217;una arrel indoeuropea que designa el creixement, l&#8217;engendrament i la nutrici\u00f3. La mateixa arrel es troba en paraules llatines com <em>crescere<\/em>, cr\u00e9ixer, i <em>creare<\/em>, crear o produir. El nom identifica aix\u00ed Ceres directament com el poder que fa cr\u00e9ixer les plantes, i especialment el blat.<\/p><p>Aquesta etimologia transparent \u00e9s rellevant des del punt de vista de la hist\u00f2ria de les religions. Mostra que Ceres era, per la seva naturalesa, una deessa funcional, el nom de la qual designava la seva funci\u00f3. Aquests noms de d\u00e9us expl\u00edcits s\u00f3n freq\u00fcents en l&#8217;antiga religi\u00f3 romana i suggereixen que moltes divinitats estaven originalment lligades estretament a un \u00e0mbit d&#8217;acci\u00f3 concret.<\/p><p>Del nom <em>Ceres<\/em> deriva l&#8217;adjectiu que apareix en el nom de la festa <em>Cerialia<\/em>, aix\u00ed com la paraula <em>cerealis<\/em>, de la qual encara avui deriven denominacions per a productes de cereals.<\/p><p>Aquesta perviv\u00e8ncia ling\u00fc\u00edstica mostra com de fermament vinculada va quedar Ceres al concepte de blat. Encara que la deessa es va anar enriquint amb el temps amb mites grecs, el seu nucli va continuar sent l&#8217;\u00e0mbit del gra i del fruit del camp.<\/p>\t\t\t\t\t\t\t\t<\/div>\n\t\t\t\t\t<\/div>\n\t\t\t\t<\/div>\n\t\t<div class=\"elementor-element elementor-element-iwgw-ceres-s2 e-flex e-con-boxed e-con e-parent\" data-id=\"iwgw-ceres-s2\" data-element_type=\"container\" data-e-type=\"container\">\n\t\t\t\t\t<div class=\"e-con-inner\">\n\t\t\t\t<div class=\"elementor-element elementor-element-iwgw-ceres-s2h elementor-widget elementor-widget-heading\" data-id=\"iwgw-ceres-s2h\" data-element_type=\"widget\" data-e-type=\"widget\" data-widget_type=\"heading.default\">\n\t\t\t\t\t<h2 class=\"elementor-heading-title elementor-size-default\">Descripci\u00f3 i iconografia<\/h2>\t\t\t\t<\/div>\n\t\t\t\t<div class=\"elementor-element elementor-element-iwgw-ceres-s2t elementor-widget elementor-widget-text-editor\" data-id=\"iwgw-ceres-s2t\" data-element_type=\"widget\" data-e-type=\"widget\" data-widget_type=\"text-editor.default\">\n\t\t\t\t\t\t\t\t\t<p>En la <span class=\"iwg-fachbegriff\" data-tooltip=\"La transmissi\u00f3 de coneixements i relats a trav\u00e9s de generacions.\" tabindex=\"0\">tradici\u00f3<\/span> iconogr\u00e0fica, Ceres apareix com una dona digna i de maduresa, sovint asseguda o dreta, amb una t\u00fanica llarga. El seu atribut m\u00e9s important s\u00f3n les espigues de blat, que sost\u00e9 a la m\u00e0 o que li coronen el cap. Tamb\u00e9 hi apareixen c\u00e0psules de rosella, una cornuc\u00f2pia, una cistella de fruites i, de vegades, una torxa.<\/p><p>La torxa remet al cicle m\u00edtic heretat de la Dem\u00e8ter grega, en el qual la deessa cerca amb torxes la seva filla raptada.<\/p><p>La cornuc\u00f2pia i la cistella de fruites representen l&#8217;abund\u00e0ncia i la collita, mentre que la rosella al\u00b7ludeix als camps on el blat i la rosella creixien junts. De vegades Ceres apareix acompanyada d&#8217;un carro tirat per serps, un altre <span class=\"iwg-fachbegriff\" data-tooltip=\"Un element de contingut recurrent en l'art o la narrativa.\" tabindex=\"0\">motiu<\/span> pres de l&#8217;\u00e0mbit grec.<\/p><p>La iconografia subratlla constantment la maduresa, l&#8217;abund\u00e0ncia i la dignitat maternal. Ceres no \u00e9s una figura joven\u00edvola, sin\u00f3 una figura adulta i generosa. Aquest llenguatge visual corresponia a la seva funci\u00f3 com a deessa del fonament alimentari.<\/p><p>Apareix sovint en monedes de la Rep\u00fablica i de l&#8217;\u00e8poca imperial, moltes vegades en relaci\u00f3 amb el prove\u00efment estatal de blat, la qual cosa mostra com d&#8217;estretament vinculada estava la seva imatge amb la idea de prove\u00efment i prosperitat.<\/p>\t\t\t\t\t\t\t\t<\/div>\n\t\t\t\t\t<\/div>\n\t\t\t\t<\/div>\n\t\t<div class=\"elementor-element elementor-element-iwgw-ceres-s3 e-flex e-con-boxed e-con e-parent\" data-id=\"iwgw-ceres-s3\" data-element_type=\"container\" data-e-type=\"container\">\n\t\t\t\t\t<div class=\"e-con-inner\">\n\t\t\t\t<div class=\"elementor-element elementor-element-iwgw-ceres-s3h elementor-widget elementor-widget-heading\" data-id=\"iwgw-ceres-s3h\" data-element_type=\"widget\" data-e-type=\"widget\" data-widget_type=\"heading.default\">\n\t\t\t\t\t<h2 class=\"elementor-heading-title elementor-size-default\">Relats mitol\u00f2gics i tradici\u00f3<\/h2>\t\t\t\t<\/div>\n\t\t\t\t<div class=\"elementor-element elementor-element-iwgw-ceres-s3t elementor-widget elementor-widget-text-editor\" data-id=\"iwgw-ceres-s3t\" data-element_type=\"widget\" data-e-type=\"widget\" data-widget_type=\"text-editor.default\">\n\t\t\t\t\t\t\t\t\t<p>El <span class=\"iwg-fachbegriff\" data-tooltip=\"Un relat transm\u00e8s sobre d\u00e9us, or\u00edgens i l'ordre del m\u00f3n.\" tabindex=\"0\">mite<\/span> m\u00e9s conegut de Ceres \u00e9s la hist\u00f2ria del rapte de la seva filla Pros\u00e8rpina. Es troba transm\u00e8s en la literatura romana sobretot per Ovidi, que el narra tant a les <em>Metamorfosis<\/em> com als <em>Fasti<\/em>, i tamb\u00e9 pel poema \u00e8pic posterior de Claudi\u00e0.<\/p><p>El <span class=\"iwg-fachbegriff\" data-tooltip=\"Un relat transm\u00e8s sobre d\u00e9us, or\u00edgens i l'ordre del m\u00f3n.\" tabindex=\"0\">mite<\/span> prov\u00e9 en gran part de la tradici\u00f3 grega de Dem\u00e8ter i Pers\u00e8fone, per\u00f2 va ser adaptat a la llengua i al context romans.<\/p><p>Segons el relat, Pros\u00e8rpina \u00e9s raptada pel d\u00e9u del m\u00f3n subterrani. Ceres la cerca desesperadament amb torxes i, en fer-ho, descuida les seves funcions, de manera que la terra esdev\u00e9 est\u00e8ril i amena\u00e7a una fam.<\/p><p>Finalment s&#8217;arriba a un acord segons el qual Pros\u00e8rpina passa una part de l&#8217;any al m\u00f3n subterrani i una altra part amb la seva mare. Aix\u00ed s&#8217;explica m\u00edticament el canvi de les estacions, especialment l&#8217;alternan\u00e7a entre la vegetaci\u00f3 creixent i la vegetaci\u00f3 en rep\u00f2s.<\/p><p>La tradici\u00f3 romana tamb\u00e9 transmet relats que vinculen Ceres amb la ciutat de Roma mateixa. El seu <span class=\"iwg-fachbegriff\" data-tooltip=\"Un edifici destinat al culte d'una o m\u00e9s divinitats.\" tabindex=\"0\">temple<\/span> a l&#8217;Avent\u00ed s&#8217;hauria fundat ja en els primers temps de la Rep\u00fablica, i amb ell es va mantenir el record del paper social del culte.<\/p><p>La <span class=\"iwg-fachbegriff\" data-tooltip=\"La transmissi\u00f3 de coneixements i relats al llarg de les generacions.\" tabindex=\"0\">transmissi\u00f3<\/span> m\u00edtica de Ceres t\u00e9, doncs, un doble origen: el gran cicle m\u00edtic d&#8217;influ\u00e8ncia grega sobre la mare i la filla, i el vincle espec\u00edficament rom\u00e0 de la deessa amb la hist\u00f2ria de la plebs i el prove\u00efment de blat.<\/p><p>La tradici\u00f3 romana tamb\u00e9 coneixia un relat propi sobre la introducci\u00f3 del culte de Ceres, relacionat amb una greu fam durant els primers temps de la Rep\u00fablica.<\/p><p>Segons un oracle dels Llibres Sibil\u00b7lins, el <span class=\"iwg-fachbegriff\" data-tooltip=\"Un edifici destinat al culte d'una o m\u00e9s divinitats.\" tabindex=\"0\">temple<\/span> de l&#8217;Avent\u00ed hauria estat fundat per apaivagar la deessa i garantir el prove\u00efment. Aquesta <span class=\"iwg-fachbegriff\" data-tooltip=\"La transmissi\u00f3 de coneixements i relats al llarg de les generacions.\" tabindex=\"0\">transmissi\u00f3<\/span> vinculava Ceres directament amb la preocupaci\u00f3 pel pa quotidi\u00e0 i amb la superaci\u00f3 de les crisis.<\/p>\t\t\t\t\t\t\t\t<\/div>\n\t\t\t\t\t<\/div>\n\t\t\t\t<\/div>\n\t\t<div class=\"elementor-element elementor-element-iwgw-ceres-s4 e-flex e-con-boxed e-con e-parent\" data-id=\"iwgw-ceres-s4\" data-element_type=\"container\" data-e-type=\"container\">\n\t\t\t\t\t<div class=\"e-con-inner\">\n\t\t\t\t<div class=\"elementor-element elementor-element-iwgw-ceres-s4h elementor-widget elementor-widget-heading\" data-id=\"iwgw-ceres-s4h\" data-element_type=\"widget\" data-e-type=\"widget\" data-widget_type=\"heading.default\">\n\t\t\t\t\t<h2 class=\"elementor-heading-title elementor-size-default\">Culte i veneraci\u00f3<\/h2>\t\t\t\t<\/div>\n\t\t\t\t<div class=\"elementor-element elementor-element-iwgw-ceres-s4t elementor-widget elementor-widget-text-editor\" data-id=\"iwgw-ceres-s4t\" data-element_type=\"widget\" data-e-type=\"widget\" data-widget_type=\"text-editor.default\">\n\t\t\t\t\t\t\t\t\t<p>El <span class=\"iwg-fachbegriff\" data-tooltip=\"El conjunt d'actes de veneraci\u00f3 religiosa dedicats a una divinitat o figura sagrada.\" tabindex=\"0\">culte<\/span> de Ceres tenia a Roma diverses capes. Una antiga veneraci\u00f3 rural la considerava protectora de la sembra i de la collita.<\/p><p>En les feines del camp, en la sembra i en el moment de recollir el gra, les <span class=\"iwg-fachbegriff\" data-tooltip=\"Ofrena a una divinitat per expressar gratitud, s\u00faplica o veneraci\u00f3.\" tabindex=\"0\">ofrenes<\/span> a Ceres formaven part dels actes habituals. Tamb\u00e9 tenia un paper en l&#8217;\u00e0mbit de la llar i la fam\u00edlia, per exemple en certs rituals relacionats amb la mort i la puresa.<\/p><p>El <span class=\"iwg-fachbegriff\" data-tooltip=\"Lloc sagrat dedicat a la veneraci\u00f3 d'una divinitat.\" tabindex=\"0\">santuari<\/span> urb\u00e0 m\u00e9s important era el <span class=\"iwg-fachbegriff\" data-tooltip=\"Construcci\u00f3 destinada a la veneraci\u00f3 d'una o diverses divinitats.\" tabindex=\"0\">temple<\/span> de Ceres, Liber i Libera a l&#8217;Avent\u00ed. Aquesta tr\u00edada s&#8217;assimilava a la tr\u00edada grega de Dem\u00e8ter, Dion\u00eds i Pers\u00e8fone. El <span class=\"iwg-fachbegriff\" data-tooltip=\"Construcci\u00f3 destinada a la veneraci\u00f3 d'una o diverses divinitats.\" tabindex=\"0\">temple<\/span> de l&#8217;Avent\u00ed estava estretament lligat a la plebs.<\/p><p>Aqu\u00ed es custodiaven els decrets de la plebs, i els edils, magistrats plebeus, mantenien una relaci\u00f3 especial amb aquest <span class=\"iwg-fachbegriff\" data-tooltip=\"El conjunt d'actes de veneraci\u00f3 religiosa dedicats a una divinitat o figura sagrada.\" tabindex=\"0\">culte<\/span>. El culte a Ceres era, doncs, un punt de refer\u00e8ncia religi\u00f3s per a la ciutadania no aristocr\u00e0tica.<\/p><p>La festivitat central eren les <em>Cerialia<\/em>, celebrades a l&#8217;abril i acompanyades de jocs al circ. S&#8217;ha transm\u00e8s un curi\u00f3s <span class=\"iwg-fachbegriff\" data-tooltip=\"Acte transm\u00e8s i repetit regularment dins d'una comunitat.\" tabindex=\"0\">costum<\/span> segons el qual es feien c\u00f3rrer guineus amb torxes enceses pel circ, un ritu del qual ja a l&#8217;<span class=\"iwg-fachbegriff\" data-tooltip=\"\u00c8poca de la cultura grega i romana, aproximadament del 800 a. C. al 600 d. C.\" tabindex=\"0\">antiguitat<\/span> no se&#8217;n coneixia amb certesa el significat original.<\/p><p>A m\u00e9s, existia una festa femenina d&#8217;influ\u00e8ncia grega en honor de Ceres, que les dones celebraven amb diversos dies d&#8217;abstin\u00e8ncia. El culte a Ceres unia aix\u00ed la pietat agr\u00e0ria rural, la pol\u00edtica urbana i formes festives d&#8217;origen grec.<\/p><p>Segons la <span class=\"iwg-fachbegriff\" data-tooltip=\"La transmissi\u00f3 de coneixements i relats al llarg de generacions.\" tabindex=\"0\">tradici\u00f3<\/span>, el <span class=\"iwg-fachbegriff\" data-tooltip=\"Construcci\u00f3 destinada a la veneraci\u00f3 d'una o diverses divinitats.\" tabindex=\"0\">temple<\/span> de Ceres, Liber i Libera a l&#8217;Avent\u00ed va ser <span class=\"iwg-fachbegriff\" data-tooltip=\"Lliurat al sagrat mitjan\u00e7ant un acte religi\u00f3s i, per tant, apartat de l'\u00e0mbit quotidi\u00e0.\" tabindex=\"0\">consagrat<\/span> l&#8217;any 493 abans de la nostra era, i es considera un dels <span class=\"iwg-fachbegriff\" data-tooltip=\"Construcci\u00f3 destinada a la veneraci\u00f3 d'una o diverses divinitats.\" tabindex=\"0\">temples<\/span> m\u00e9s antics de marcat car\u00e0cter grec a Roma.<\/p><p>Estava ricament decorat amb obres d&#8217;artistes grecs, i la seva ubicaci\u00f3 fora del nucli antic de la ciutat, en la zona de poblaci\u00f3 plebea, refor\u00e7ava la seva vinculaci\u00f3 social.<\/p><p>Aqu\u00ed es dipositaven els decrets de la plebs, i el <span class=\"iwg-fachbegriff\" data-tooltip=\"Lloc sagrat dedicat a la veneraci\u00f3 d'una divinitat.\" tabindex=\"0\">santuari<\/span> servia d&#8217;arxiu dels edils.<\/p><p>Les Cerialia s&#8217;estenien durant diversos dies a l&#8217;abril i culminaven amb jocs al circ. Ovidi descriu, en els Fasti, el curi\u00f3s <span class=\"iwg-fachbegriff\" data-tooltip=\"Acte transm\u00e8s i repetit regularment dins d'una comunitat.\" tabindex=\"0\">costum<\/span> de lligar torxes enceses a la cua de les guineus i fer c\u00f3rrer els animals per l&#8217;hip\u00f2drom, i alhora reconeix que ja en el seu temps ning\u00fa no coneixia amb certesa el significat original d&#8217;aquest ritu.<\/p><p>A m\u00e9s de les Cerialia hi havia una festa femenina derivada de la celebraci\u00f3 grega de Dem\u00e8ter, que les dones casades celebraven a ple estiu amb diversos dies d&#8217;abstin\u00e8ncia, sense que els homes hi participessin.<\/p>\t\t\t\t\t\t\t\t<\/div>\n\t\t\t\t\t<\/div>\n\t\t\t\t<\/div>\n\t\t<div class=\"elementor-element elementor-element-iwgw-ceres-s5 e-flex e-con-boxed e-con e-parent\" data-id=\"iwgw-ceres-s5\" data-element_type=\"container\" data-e-type=\"container\">\n\t\t\t\t\t<div class=\"e-con-inner\">\n\t\t\t\t<div class=\"elementor-element elementor-element-iwgw-ceres-s5h elementor-widget elementor-widget-heading\" data-id=\"iwgw-ceres-s5h\" data-element_type=\"widget\" data-e-type=\"widget\" data-widget_type=\"heading.default\">\n\t\t\t\t\t<h2 class=\"elementor-heading-title elementor-size-default\">Pr\u00e0ctica de protecci\u00f3 i elements apotropaics<\/h2>\t\t\t\t<\/div>\n\t\t\t\t<div class=\"elementor-element elementor-element-iwgw-ceres-s5t elementor-widget elementor-widget-text-editor\" data-id=\"iwgw-ceres-s5t\" data-element_type=\"widget\" data-e-type=\"widget\" data-widget_type=\"text-editor.default\">\n\t\t\t\t\t\t\t\t\t<p>Ceres era, sobretot, una <span class=\"iwg-fachbegriff\" data-tooltip=\"Un \u00e9sser venerat com a div\u00ed dins d'una religi\u00f3.\" tabindex=\"0\">divinitat<\/span> propiciadora i nutr\u00edcia, no una divinitat protectora contra el mal. La pr\u00e0ctica religiosa que se li dedicava tenia com a objectiu principal assegurar el creixement i la fecunditat de les collites i, amb aix\u00f2, garantir l&#8217;alimentaci\u00f3 de la comunitat. Les <span class=\"iwg-fachbegriff\" data-tooltip=\"Ofrena a una divinitat per expressar gratitud, s\u00faplica o veneraci\u00f3.\" tabindex=\"0\">ofrenes<\/span> i les preg\u00e0ries a Ceres acompanyaven el transcurs de l&#8217;any agr\u00edcola.<\/p><p>Tot i aix\u00f2, hi havia \u00e0mbits on el seu <span class=\"iwg-fachbegriff\" data-tooltip=\"El conjunt d'actes de veneraci\u00f3 religiosa dedicats a una divinitat o figura sagrada.\" tabindex=\"0\">culte<\/span> tenia una funci\u00f3 ordenadora i protectora. Ceres estava, per exemple, vinculada a idees de dret i d&#8217;ordre social.<\/p><p>Qui cometia certes faltes greus, com les comeses contra l&#8217;ordre de la plebs, podia quedar consagrat a la deessa, \u00e9s a dir, la seva persona i els seus b\u00e9ns eren considerats <span class=\"iwg-fachbegriff\" data-tooltip=\"Lliurat al sagrat mitjan\u00e7ant un acte religi\u00f3s i, per tant, separat de l'\u00e0mbit quotidi\u00e0.\" tabindex=\"0\">consagrats<\/span> a ella. Aquest vincle mostra que el culte a Ceres tamb\u00e9 servia per estabilitzar l&#8217;ordre social.<\/p><p>En l&#8217;\u00e0mbit dom\u00e8stic i familiar, Ceres apareix en rituals relacionats amb la mort i la purificaci\u00f3. Quan hi havia una defunci\u00f3 a la fam\u00edlia, existien normes segons les quals una <span class=\"iwg-fachbegriff\" data-tooltip=\"Ofrena a una divinitat per expressar gratitud, s\u00faplica o veneraci\u00f3.\" tabindex=\"0\">ofrena<\/span> a Ceres retornava la fam\u00edlia a un estat religi\u00f3s ordenat.<\/p><p>Tamb\u00e9 en aquest cas la funci\u00f3 \u00e9s menys de protecci\u00f3 que de restauraci\u00f3 de l&#8217;ordre. En conjunt, la protecci\u00f3 que oferia Ceres era la protecci\u00f3 dels fonaments de la vida i de l&#8217;ordre social i ritual, no la defensa contra poders mal\u00e8fics concrets. Amb aix\u00f2 es diferencia clarament de les divinitats pr\u00f2piament protectores o defensives.<\/p><p>Ceres tenia tamb\u00e9 una funci\u00f3 ordenadora en el dret matrimonial i en l&#8217;\u00e0mbit de la puresa. En certes faltes contra l&#8217;ordre conjugal es preveien <span class=\"iwg-fachbegriff\" data-tooltip=\"Ofrena a una divinitat per expressar gratitud, s\u00faplica o veneraci\u00f3.\" tabindex=\"0\">ofrenes<\/span> a Ceres, i el seu <span class=\"iwg-fachbegriff\" data-tooltip=\"El conjunt d'actes de veneraci\u00f3 religiosa dedicats a una divinitat o figura sagrada.\" tabindex=\"0\">culte<\/span> estava vinculat a idees de fidelitat conjugal i d&#8217;ordre moral. Aix\u00ed, el seu \u00e0mbit d&#8217;acci\u00f3 s&#8217;estenia des de la sembra al camp fins a l&#8217;ordre de la fam\u00edlia.<\/p>\t\t\t\t\t\t\t\t<\/div>\n\t\t\t\t\t<\/div>\n\t\t\t\t<\/div>\n\t\t<div class=\"elementor-element elementor-element-iwgw-ceres-s6 e-flex e-con-boxed e-con e-parent\" data-id=\"iwgw-ceres-s6\" data-element_type=\"container\" data-e-type=\"container\">\n\t\t\t\t\t<div class=\"e-con-inner\">\n\t\t\t\t<div class=\"elementor-element elementor-element-iwgw-ceres-s6h elementor-widget elementor-widget-heading\" data-id=\"iwgw-ceres-s6h\" data-element_type=\"widget\" data-e-type=\"widget\" data-widget_type=\"heading.default\">\n\t\t\t\t\t<h2 class=\"elementor-heading-title elementor-size-default\">Paral\u00b7lelismes en altres cultures<\/h2>\t\t\t\t<\/div>\n\t\t\t\t<div class=\"elementor-element elementor-element-iwgw-ceres-s6t elementor-widget elementor-widget-text-editor\" data-id=\"iwgw-ceres-s6t\" data-element_type=\"widget\" data-e-type=\"widget\" data-widget_type=\"text-editor.default\">\n\t\t\t\t\t\t\t\t\t<p>El paral\u00b7lel m\u00e9s evident amb Ceres \u00e9s la deessa grega Dem\u00e8ter. Ja des de ben aviat Ceres va ser identificada amb ella, i tot el cicle m\u00edtic sobre la mare i la filla raptada es va adoptar de l&#8217;\u00e0mbit grec.<\/p><p>Tamb\u00e9 el <span class=\"iwg-fachbegriff\" data-tooltip=\"Un edifici destinat a la veneraci\u00f3 d'una o diverses divinitats.\" tabindex=\"0\">temple<\/span> de l&#8217;Avent\u00ed, amb la seva tr\u00edada, s&#8217;inspirava en models grecs. Tot i aix\u00ed, Ceres va continuar sent una <span class=\"iwg-fachbegriff\" data-tooltip=\"Un \u00e9sser venerat com a div\u00ed dins d'una religi\u00f3.\" tabindex=\"0\">divinitat<\/span> romana pr\u00f2pia, el nom, el <span class=\"iwg-fachbegriff\" data-tooltip=\"El conjunt d'actes de veneraci\u00f3 religiosa dedicats a una divinitat o figura sagrada.\" tabindex=\"0\">culte<\/span> m\u00e9s antic i el vincle amb la plebs de la qual s\u00f3n espec\u00edficament romans.<\/p><p>M\u00e9s enll\u00e0 de l&#8217;\u00e0mbit grec, Ceres pertany al tipus est\u00e8s de les deesses del cereal i de la terra, que trobem en moltes cultures agr\u00edcoles.<\/p><p>Aquestes divinitats encarnen la fecunditat del s\u00f2l conreat i solen estar relacionades amb mites sobre el canvi de les estacions i sobre la mort i el retorn de la vegetaci\u00f3. El <span class=\"iwg-fachbegriff\" data-tooltip=\"Un relat transm\u00e8s sobre d\u00e9us, or\u00edgens i l'ordre del m\u00f3n.\" tabindex=\"0\">mite<\/span> de la desaparici\u00f3 temporal de la filla al m\u00f3n subterrani \u00e9s un exemple ben conegut d&#8217;aquest patr\u00f3 narratiu tan est\u00e8s.<\/p><p>Des del punt de vista cient\u00edfic, Ceres \u00e9s un bon exemple de com una religi\u00f3 pot combinar una antiga divinitat funcional aut\u00f2ctona amb mites i formes festives d&#8217;origen estranger sense abandonar el seu nucli originari. La Ceres romana no \u00e9s ni una Dem\u00e8ter pura ni una simple deessa it\u00e0lica de la sembra, sin\u00f3 una figura en la qual conflueixen ambdues capes.<\/p>\t\t\t\t\t\t\t\t<\/div>\n\t\t\t\t\t<\/div>\n\t\t\t\t<\/div>\n\t\t<div class=\"elementor-element elementor-element-iwgw-ceres-s7 e-flex e-con-boxed e-con e-parent\" data-id=\"iwgw-ceres-s7\" data-element_type=\"container\" data-e-type=\"container\">\n\t\t\t\t\t<div class=\"e-con-inner\">\n\t\t\t\t<div class=\"elementor-element elementor-element-iwgw-ceres-s7h elementor-widget elementor-widget-heading\" data-id=\"iwgw-ceres-s7h\" data-element_type=\"widget\" data-e-type=\"widget\" data-widget_type=\"heading.default\">\n\t\t\t\t\t<h2 class=\"elementor-heading-title elementor-size-default\">Recepci\u00f3 i investigaci\u00f3 actuals<\/h2>\t\t\t\t<\/div>\n\t\t\t\t<div class=\"elementor-element elementor-element-iwgw-ceres-s7t elementor-widget elementor-widget-text-editor\" data-id=\"iwgw-ceres-s7t\" data-element_type=\"widget\" data-e-type=\"widget\" data-widget_type=\"text-editor.default\">\n\t\t\t\t\t\t\t\t\t<p>En la recerca sobre la religi\u00f3 romana, Ceres \u00e9s un tema molt tractat perqu\u00e8 en ella conflueixen diverses grans q\u00fcestions: la relaci\u00f3 entre religi\u00f3 aut\u00f2ctona i religi\u00f3 grega, la connexi\u00f3 entre <span class=\"iwg-fachbegriff\" data-tooltip=\"El conjunt d'actes de veneraci\u00f3 religiosa dedicats a una divinitat o figura sagrada.\" tabindex=\"0\">culte<\/span> i pol\u00edtica, i el paper del culte agrari.<\/p><p>Georg Wissowa i Kurt Latte van situar Ceres dins el m\u00f3n div\u00ed rom\u00e0 antic, Georges Dum\u00e9zil i altres han discutit sobre la seva posici\u00f3 dins el sistema de funcions, i els treballs m\u00e9s recents subratllen sobretot la dimensi\u00f3 social del culte avent\u00ed.<\/p><p>S&#8217;ha estudiat amb especial intensitat la connexi\u00f3 de Ceres amb la plebs. El <span class=\"iwg-fachbegriff\" data-tooltip=\"Un edifici dedicat a la veneraci\u00f3 d'una o m\u00e9s divinitats.\" tabindex=\"0\">temple<\/span> de l&#8217;Avent\u00ed com a lloc d&#8217;acords plebeus i el paper dels edils fan del culte a Ceres una clau per entendre la primera hist\u00f2ria social romana. Tamb\u00e9 les Cerialia i la festa femenina d&#8217;influ\u00e8ncia grega s\u00f3n objecte d&#8217;estudis d&#8217;hist\u00f2ria religiosa.<\/p><p>En la cultura general actual, Ceres \u00e9s present sobretot a trav\u00e9s de la llengua. Diversos termes per a productes derivats del cereal provenen del seu nom, i la deessa apareix regularment en l&#8217;art, la literatura i l&#8217;al\u00b7legoria com a encarnaci\u00f3 de la collita i la fertilitat.<\/p><p>Per a la <span class=\"iwg-fachbegriff\" data-tooltip=\"La disciplina que estudia les religions de manera comparativa i sense vincle de fe.\" tabindex=\"0\">ci\u00e8ncia de la religi\u00f3<\/span>, Ceres continua sent un exemple important de l&#8217;estratificaci\u00f3 de la religi\u00f3 romana i de l&#8217;estreta relaci\u00f3 entre <span class=\"iwg-fachbegriff\" data-tooltip=\"El conjunt d'actes de veneraci\u00f3 religiosa dedicats a una divinitat o figura sagrada.\" tabindex=\"0\">culte<\/span>, economia i societat.<\/p><p>La recerca tamb\u00e9 subratlla la connexi\u00f3 de Ceres amb la gesti\u00f3 de crisis. El recurs als Llibres Sibil\u00b7lins i la fundaci\u00f3 del temple avent\u00ed es consideren un exemple primerenc de com Roma va respondre a la pen\u00faria econ\u00f2mica amb la introducci\u00f3 d&#8217;un nou culte.<\/p><p>L&#8217;estratificaci\u00f3 entre el culte agrari italico antic, la reformulaci\u00f3 grega i la funci\u00f3 pol\u00edtica converteix Ceres en un cas paradigm\u00e0tic de la hist\u00f2ria de les religions.<\/p><p>Per aix\u00f2 continua sent, tamb\u00e9 en la ci\u00e8ncia actual, un exemple examinat des de m\u00faltiples angles.<\/p>\t\t\t\t\t\t\t\t<\/div>\n\t\t\t\t\t<\/div>\n\t\t\t\t<\/div>\n\t\t<div class=\"elementor-element elementor-element-iwgw-ceres-lit e-flex e-con-boxed e-con e-parent\" data-id=\"iwgw-ceres-lit\" data-element_type=\"container\" data-e-type=\"container\">\n\t\t\t\t\t<div class=\"e-con-inner\">\n\t\t\t\t<div class=\"elementor-element elementor-element-iwgw-ceres-lith elementor-widget elementor-widget-heading\" data-id=\"iwgw-ceres-lith\" data-element_type=\"widget\" data-e-type=\"widget\" data-widget_type=\"heading.default\">\n\t\t\t\t\t<h2 class=\"elementor-heading-title elementor-size-default\">Bibliografia (selecci\u00f3)<\/h2>\t\t\t\t<\/div>\n\t\t\t\t<div class=\"elementor-element elementor-element-iwgw-ceres-litt elementor-widget elementor-widget-text-editor\" data-id=\"iwgw-ceres-litt\" data-element_type=\"widget\" data-e-type=\"widget\" data-widget_type=\"text-editor.default\">\n\t\t\t\t\t\t\t\t\t<div data-nosnippet=\"true\"><ul><li>Georg Wissowa: <em>Religion und Kultus der R\u00f6mer<\/em> (1912)<\/li><li>Kurt Latte: <em>R\u00f6mische Religionsgeschichte<\/em> (1960)<\/li><li>Georges Dum\u00e9zil: <em>La religion romaine archa\u00efque<\/em> (1966)<\/li><li><span data-nosnippet>Mary Beard, John North, Simon Price: <em>Religions of Rome<\/em> (1998)<\/span><\/li><li>J\u00f6rg R\u00fcpke: <em>Die Religion der R\u00f6mer<\/em> (2001)<\/li><\/ul><\/div>\t\t\t\t\t\t\t\t<\/div>\n\t\t\t\t\t<\/div>\n\t\t\t\t<\/div>\n\t\t<div class=\"elementor-element elementor-element-iwgw-ceres-kwd e-flex e-con-boxed e-con e-parent\" data-id=\"iwgw-ceres-kwd\" data-element_type=\"container\" data-e-type=\"container\">\n\t\t\t\t\t<div class=\"e-con-inner\">\n\t\t\t\t<div class=\"elementor-element elementor-element-iwgw-ceres-kwdt elementor-widget elementor-widget-text-editor\" data-id=\"iwgw-ceres-kwdt\" data-element_type=\"widget\" data-e-type=\"widget\" data-widget_type=\"text-editor.default\">\n\t\t\t\t\t\t\t\t\t<p><em>Termes clau relacionats: Ceres Cerialia Liber Libera Avent\u00ed Plebs Cereals Dem\u00e8ter Agricultura.<\/em><\/p>\t\t\t\t\t\t\t\t<\/div>\n\t\t\t\t\t<\/div>\n\t\t\t\t<\/div>\n\t\t<div class=\"elementor-element elementor-element-iwgw-ceres-cc e-flex e-con-boxed e-con e-parent\" data-id=\"iwgw-ceres-cc\" data-element_type=\"container\" data-e-type=\"container\" id=\"iwg-cc-ceres\">\n\t\t\t\t\t<div class=\"e-con-inner\">\n\t\t<div class=\"elementor-element elementor-element-iwgw-ceres-ccinner e-flex e-con-boxed e-con e-parent\" data-id=\"iwgw-ceres-ccinner\" data-element_type=\"container\" data-e-type=\"container\" data-settings=\"{&quot;background_background&quot;:&quot;classic&quot;}\">\n\t\t\t\t\t<div class=\"e-con-inner\">\n\t\t\t\t<div class=\"elementor-element elementor-element-iwgw-ceres-cch elementor-widget elementor-widget-heading\" data-id=\"iwgw-ceres-cch\" data-element_type=\"widget\" data-e-type=\"widget\" data-widget_type=\"heading.default\">\n\t\t\t\t\t<h2 class=\"elementor-heading-title elementor-size-default\">iWell Guard i tradicions de protecci\u00f3<\/h2>\t\t\t\t<\/div>\n\t\t\t\t<div class=\"elementor-element elementor-element-iwgw-ceres-cct elementor-widget elementor-widget-text-editor\" data-id=\"iwgw-ceres-cct\" data-element_type=\"widget\" data-e-type=\"widget\" data-widget_type=\"text-editor.default\">\n\t\t\t\t\t\t\t\t\t<div data-nosnippet=\"true\"><p>iWell Guard s&#8217;inscriu en la tradici\u00f3 cultural i hist\u00f2rica dels objectes de protecci\u00f3 portables, en la tradici\u00f3 de <a href=\"https:\/\/iwell-guard.com\/ca\/roma\/\">Roma<\/a> i de moltes altres cultures d&#8217;arreu del m\u00f3n. 41 capes, or aut\u00e8ntic, plat\u00ed, plata, fabricat a Alemanya. Dret de devoluci\u00f3 de 30 dies.<\/p><\/div>\t\t\t\t\t\t\t\t<\/div>\n\t\t\t\t<div class=\"elementor-element elementor-element-iwgw-ceres-ccb iwg-cc-button iwg-cc-cta-2026-05-13 elementor-widget elementor-widget-jet-button\" data-id=\"iwgw-ceres-ccb\" data-element_type=\"widget\" data-e-type=\"widget\" data-widget_type=\"jet-button.default\">\n\t\t\t\t<div class=\"elementor-widget-container\">\n\t\t\t\t\t<div class=\"elementor-jet-button jet-elements\"><div class=\"jet-button__container\"><a class=\"jet-button__instance jet-button__instance--icon-left hover-effect-1\" href=\"\/ueber-iwell-guard\/?utm_source=iwell-guard.com&amp;utm_medium=info-box&amp;utm_campaign=wesen-tradition\"><div class=\"jet-button__plane jet-button__plane-normal\"><\/div><div class=\"jet-button__plane jet-button__plane-hover\"><\/div><div class=\"jet-button__state jet-button__state-normal\"><span class=\"jet-button__label\">M\u00e9s informaci\u00f3 sobre l'iWell Guard<\/span><\/div><div class=\"jet-button__state jet-button__state-hover\"><span class=\"jet-button__label\">M\u00e9s informaci\u00f3 sobre l'iWell Guard<\/span><\/div><\/a><\/div><\/div><style>.elementor-element.elementor-element-iwgw-ceres-ccb .jet-button__instance{width:320px;height:56px;}.elementor-element.elementor-element-iwgw-ceres-ccb .jet-button__state-normal .jet-button__label{text-align:center;margin:0px 0px 0px 0px;color:#1a1b20;font-family:Montserrat,sans-serif;font-size:13px;font-weight:400;letter-spacing:4px;line-height:1.714em;text-transform:uppercase;}.elementor-element.elementor-element-iwgw-ceres-ccb .jet-button__state-hover .jet-button__label{text-align:center;margin:0px 0px 0px 0px;color:#FECC76;font-family:Montserrat,sans-serif;font-size:13px;font-weight:400;letter-spacing:4px;line-height:1.714em;text-transform:uppercase;}.elementor-element.elementor-element-iwgw-ceres-ccb .jet-button__plane-normal{background-color:#FECC76;border-style:solid;border-color:#C99540;border-width:2px 2px 2px 2px;}.elementor-element.elementor-element-iwgw-ceres-ccb .jet-button__plane-hover{background-color:rgba(0,0,0,0.55);border-style:solid;border-color:#FECC76;border-width:2px 2px 2px 2px;}<\/style>\t\t\t\t<\/div>\n\t\t\t\t<\/div>\n\t\t\t\t<div class=\"elementor-element elementor-element-iwgw-ceres-ccd elementor-widget elementor-widget-text-editor\" data-id=\"iwgw-ceres-ccd\" data-element_type=\"widget\" data-e-type=\"widget\" data-widget_type=\"text-editor.default\">\n\t\t\t\t\t\t\t\t\t<div data-nosnippet=\"true\"><p style=\"text-align:center;font-size:13px;opacity:0.7;margin-top:14px\" data-nosnippet=\"true\">Les experi\u00e8ncies personals poden variar. No \u00e9s un producte sanitari. No \u00e9s una promesa de curaci\u00f3.<\/p><\/div>\t\t\t\t\t\t\t\t<\/div>\n\t\t\t\t\t<\/div>\n\t\t\t\t<\/div>\n\t\t\t\t\t<\/div>\n\t\t\t\t<\/div>\n\t\t<div class=\"elementor-element elementor-element-iwgw-ceres-disc e-flex e-con-boxed e-con e-parent\" data-id=\"iwgw-ceres-disc\" data-element_type=\"container\" data-e-type=\"container\">\n\t\t\t\t\t<div class=\"e-con-inner\">\n\t\t\t\t<div class=\"elementor-element elementor-element-iwgw-ceres-discw elementor-widget elementor-widget-html\" data-id=\"iwgw-ceres-discw\" data-element_type=\"widget\" data-e-type=\"widget\" data-widget_type=\"html.default\">\n\t\t\t\t\t<footer data-nosnippet=\"true\" class=\"iwg-disclaimer-block\"><p data-nosnippet=\"true\">iWell Guard <strong>no \u00e9s un producte sanitari<\/strong> i no substitueix cap tractament m\u00e8dic o psicoterap\u00e8utic. Els continguts d'hist\u00f2ria de les religions s\u00f3n una classificaci\u00f3 culturohist\u00f2rica, no una recomanaci\u00f3 de pr\u00e0ctica espiritual.<\/p><\/footer>\t\t\t\t<\/div>\n\t\t\t\t\t<\/div>\n\t\t\t\t<\/div>\n\t\t\t\t<\/div>\n\t\t","protected":false},"excerpt":{"rendered":"","protected":false},"author":3,"featured_media":3389,"parent":0,"menu_order":0,"comment_status":"closed","ping_status":"closed","template":"elementor_header_footer","meta":{"_yoast_wpseo_focuskw":"Ceres deessa romana","_yoast_wpseo_title":"Ceres \u2013 deessa romana del blat","_yoast_wpseo_metadesc":"Ceres \u00e9s la deessa romana del blat i l'agricultura. An\u00e0lisi des de la ci\u00e8ncia de la religi\u00f3 sobre les Cerialia, el culte plebeu i les fonts.","_yoast_wpseo_meta-robots-noindex":"","_yoast_wpseo_canonical":"","_angie_page":false,"gefaehrdungsstufe":"","wesen_kultur":"","wesen_klasse":"","footnotes":""},"categories":[],"class_list":["post-171780","page","type-page","status-publish","has-post-thumbnail","hentry"],"yoast_head":"<!-- This site is optimized with the Yoast SEO Premium plugin v27.7 (Yoast SEO v28.3) - https:\/\/yoast.com\/product\/yoast-seo-premium-wordpress\/ -->\n<title>Ceres \u2013 deessa romana del blat<\/title>\n<meta name=\"description\" content=\"Ceres \u00e9s la deessa romana del blat i l&#039;agricultura. An\u00e0lisi des de la ci\u00e8ncia de la religi\u00f3 sobre les Cerialia, el culte plebeu i les fonts.\" \/>\n<meta name=\"robots\" content=\"index, follow, max-snippet:-1, max-image-preview:large, max-video-preview:-1\" \/>\n<link rel=\"canonical\" href=\"https:\/\/iwell-guard.com\/ca\/ceres-deessa-romana-blat-agricultura\/\" \/>\n<meta property=\"og:locale\" content=\"ca_ES\" \/>\n<meta property=\"og:type\" content=\"article\" \/>\n<meta property=\"og:title\" content=\"Ceres \u2013 deessa romana del blat i l&#039;agricultura\" \/>\n<meta property=\"og:description\" content=\"Ceres \u00e9s la deessa romana del blat i l&#039;agricultura. An\u00e0lisi des de la ci\u00e8ncia de la religi\u00f3 sobre les Cerialia, el culte plebeu i les fonts.\" \/>\n<meta property=\"og:url\" content=\"https:\/\/iwell-guard.com\/ca\/ceres-deessa-romana-blat-agricultura\/\" \/>\n<meta property=\"og:site_name\" content=\"iWell Guard\" \/>\n<meta property=\"article:modified_time\" content=\"2026-09-05T16:07:02+00:00\" \/>\n<meta property=\"og:image\" content=\"https:\/\/iwell-guard.com\/wp-content\/uploads\/2026\/05\/goetter_rom_ceres.webp\" \/>\n\t<meta property=\"og:image:width\" content=\"1024\" \/>\n\t<meta property=\"og:image:height\" content=\"1536\" \/>\n\t<meta property=\"og:image:type\" content=\"image\/webp\" \/>\n<meta name=\"twitter:card\" content=\"summary_large_image\" \/>\n<script type=\"application\/ld+json\" class=\"yoast-schema-graph\">{\"@context\":\"https:\\\/\\\/schema.org\",\"@graph\":[{\"@type\":\"WebPage\",\"@id\":\"https:\\\/\\\/iwell-guard.com\\\/ca\\\/ceres-deessa-romana-blat-agricultura\\\/\",\"url\":\"https:\\\/\\\/iwell-guard.com\\\/ca\\\/ceres-deessa-romana-blat-agricultura\\\/\",\"name\":\"Ceres \u2013 deessa romana del blat\",\"isPartOf\":{\"@id\":\"https:\\\/\\\/iwell-guard.com\\\/ca\\\/#website\"},\"primaryImageOfPage\":{\"@id\":\"https:\\\/\\\/iwell-guard.com\\\/ca\\\/ceres-deessa-romana-blat-agricultura\\\/#primaryimage\"},\"image\":{\"@id\":\"https:\\\/\\\/iwell-guard.com\\\/ca\\\/ceres-deessa-romana-blat-agricultura\\\/#primaryimage\"},\"thumbnailUrl\":\"https:\\\/\\\/iwell-guard.com\\\/wp-content\\\/uploads\\\/2026\\\/05\\\/goetter_rom_ceres.webp\",\"datePublished\":\"2026-09-05T15:42:20+00:00\",\"dateModified\":\"2026-09-05T16:07:02+00:00\",\"description\":\"Ceres \u00e9s la deessa romana del blat i l'agricultura. An\u00e0lisi des de la ci\u00e8ncia de la religi\u00f3 sobre les Cerialia, el culte plebeu i les fonts.\",\"breadcrumb\":{\"@id\":\"https:\\\/\\\/iwell-guard.com\\\/ca\\\/ceres-deessa-romana-blat-agricultura\\\/#breadcrumb\"},\"inLanguage\":\"ca\",\"potentialAction\":[{\"@type\":\"ReadAction\",\"target\":[\"https:\\\/\\\/iwell-guard.com\\\/ca\\\/ceres-deessa-romana-blat-agricultura\\\/\"]}]},{\"@type\":\"ImageObject\",\"inLanguage\":\"ca\",\"@id\":\"https:\\\/\\\/iwell-guard.com\\\/ca\\\/ceres-deessa-romana-blat-agricultura\\\/#primaryimage\",\"url\":\"https:\\\/\\\/iwell-guard.com\\\/wp-content\\\/uploads\\\/2026\\\/05\\\/goetter_rom_ceres.webp\",\"contentUrl\":\"https:\\\/\\\/iwell-guard.com\\\/wp-content\\\/uploads\\\/2026\\\/05\\\/goetter_rom_ceres.webp\",\"width\":1024,\"height\":1536,\"caption\":\"D\u00e9us de la tradici\u00f3 romana.\"},{\"@type\":\"BreadcrumbList\",\"@id\":\"https:\\\/\\\/iwell-guard.com\\\/ca\\\/ceres-deessa-romana-blat-agricultura\\\/#breadcrumb\",\"itemListElement\":[{\"@type\":\"ListItem\",\"position\":1,\"name\":\"Start\",\"item\":\"https:\\\/\\\/iwell-guard.com\\\/ca\\\/?page_id=171333\"},{\"@type\":\"ListItem\",\"position\":2,\"name\":\"Ceres \u2013 deessa romana del blat i l&#8217;agricultura\"}]},{\"@type\":\"WebSite\",\"@id\":\"https:\\\/\\\/iwell-guard.com\\\/ca\\\/#website\",\"url\":\"https:\\\/\\\/iwell-guard.com\\\/ca\\\/\",\"name\":\"iWell Guard\",\"description\":\"Schutz vor dunklen Einfl\u00fcssen\",\"publisher\":{\"@id\":\"https:\\\/\\\/iwell-guard.com\\\/ca\\\/#organization\"},\"potentialAction\":[{\"@type\":\"SearchAction\",\"target\":{\"@type\":\"EntryPoint\",\"urlTemplate\":\"https:\\\/\\\/iwell-guard.com\\\/ca\\\/?s={search_term_string}\"},\"query-input\":{\"@type\":\"PropertyValueSpecification\",\"valueRequired\":true,\"valueName\":\"search_term_string\"}}],\"inLanguage\":\"ca\"},{\"@type\":\"Organization\",\"@id\":\"https:\\\/\\\/iwell-guard.com\\\/ca\\\/#organization\",\"name\":\"Ittermann electronic GmbH\",\"url\":\"https:\\\/\\\/iwell-guard.com\\\/ca\\\/\",\"logo\":{\"@type\":\"ImageObject\",\"inLanguage\":\"ca\",\"@id\":\"https:\\\/\\\/iwell-guard.com\\\/ca\\\/#\\\/schema\\\/logo\\\/image\\\/\",\"url\":\"https:\\\/\\\/iwell-guard.com\\\/wp-content\\\/uploads\\\/2026\\\/05\\\/Ittermann-Logo-1182x237-1.png\",\"contentUrl\":\"https:\\\/\\\/iwell-guard.com\\\/wp-content\\\/uploads\\\/2026\\\/05\\\/Ittermann-Logo-1182x237-1.png\",\"width\":1182,\"height\":237,\"caption\":\"Ittermann electronic GmbH\"},\"image\":{\"@id\":\"https:\\\/\\\/iwell-guard.com\\\/ca\\\/#\\\/schema\\\/logo\\\/image\\\/\"},\"sameAs\":[\"https:\\\/\\\/pantip.com\\\/profile\\\/9367242\",\"https:\\\/\\\/micro.blog\\\/iwellguard\",\"https:\\\/\\\/www.diggerslist.com\\\/iwellguard\\\/about\",\"https:\\\/\\\/skitterphoto.com\\\/photographers\\\/2870314\\\/iwell-guard\",\"https:\\\/\\\/iwellguard.wordpress.com\\\/2026\\\/06\\\/06\\\/iwell-guard\\\/\",\"https:\\\/\\\/hub.docker.com\\\/u\\\/iwellguard\",\"https:\\\/\\\/www.pinterest.com\\\/iwellguard\\\/\",\"https:\\\/\\\/bit.ly\\\/m\\\/iwellguard\",\"https:\\\/\\\/entre-vos-mains.alsace.eu\\\/profiles\\\/iwellguard\\\/activity\",\"https:\\\/\\\/gravatar.com\\\/reallybeded8fd34\",\"https:\\\/\\\/naijamatta.com\\\/iwellguard\",\"https:\\\/\\\/www.goodreads.com\\\/iwellguard\",\"https:\\\/\\\/profile.hatena.ne.jp\\\/iwellguard\\\/\",\"https:\\\/\\\/experiment.com\\\/users\\\/iwellguard\",\"https:\\\/\\\/wakelet.com\\\/@iWellGuard82270\",\"https:\\\/\\\/www.chordie.com\\\/forum\\\/profile.php?id=2555664\",\"https:\\\/\\\/www.instapaper.com\\\/p\\\/17757966\",\"https:\\\/\\\/www.mapleprimes.com\\\/users\\\/iwellguard\",\"https:\\\/\\\/businesslistingplus.com\\\/profile\\\/iwell-guard\\\/\",\"https:\\\/\\\/telegra.ph\\\/iWell-Guard-06-06\",\"https:\\\/\\\/pbase.com\\\/iwellguard\\\/iwellguard\",\"https:\\\/\\\/b.hatena.ne.jp\\\/iwellguard\\\/20260607#bookmark-4788405196491818882\",\"https:\\\/\\\/fliphtml5.com\\\/home\\\/iwellguard\",\"https:\\\/\\\/anyflip.com\\\/homepage\\\/cmiwl#About\",\"https:\\\/\\\/transfur.com\\\/Users\\\/iwellguard\",\"http:\\\/\\\/delphi.larsbo.org\\\/user\\\/iwellguard\",\"https:\\\/\\\/jobs.lajobsportal.org\\\/profiles\\\/8380803-iwell-guard\",\"https:\\\/\\\/md.chaosdorf.de\\\/s\\\/jfbe5SBdJD\",\"https:\\\/\\\/www.lingvolive.com\\\/en-us\\\/profile\\\/9ecaeaca-ce11-4e51-9e71-01d55e2bff36\\\/translations\",\"https:\\\/\\\/www.fitday.com\\\/fitness\\\/forums\\\/members\\\/iwellguard.html\",\"https:\\\/\\\/www.mymeetbook.com\\\/iwellguard\",\"https:\\\/\\\/pxhere.com\\\/en\\\/photographer-me\\\/5040798\",\"https:\\\/\\\/disqus.com\\\/by\\\/iwellguard\\\/about\\\/\",\"https:\\\/\\\/pastelink.net\\\/hjwciqwq\",\"https:\\\/\\\/pubhtml5.com\\\/homepage\\\/scjhn\\\/\",\"https:\\\/\\\/www.bitchute.com\\\/channel\\\/2O2eOKzNqujT\",\"https:\\\/\\\/audiomack.com\\\/iwellguard\"]}]}<\/script>\n<!-- \/ Yoast SEO Premium plugin. -->","yoast_head_json":{"title":"Ceres \u2013 deessa romana del blat","description":"Ceres \u00e9s la deessa romana del blat i l'agricultura. An\u00e0lisi des de la ci\u00e8ncia de la religi\u00f3 sobre les Cerialia, el culte plebeu i les fonts.","robots":{"index":"index","follow":"follow","max-snippet":"max-snippet:-1","max-image-preview":"max-image-preview:large","max-video-preview":"max-video-preview:-1"},"canonical":"https:\/\/iwell-guard.com\/ca\/ceres-deessa-romana-blat-agricultura\/","og_locale":"ca_ES","og_type":"article","og_title":"Ceres \u2013 deessa romana del blat i l'agricultura","og_description":"Ceres \u00e9s la deessa romana del blat i l'agricultura. An\u00e0lisi des de la ci\u00e8ncia de la religi\u00f3 sobre les Cerialia, el culte plebeu i les fonts.","og_url":"https:\/\/iwell-guard.com\/ca\/ceres-deessa-romana-blat-agricultura\/","og_site_name":"iWell Guard","article_modified_time":"2026-09-05T16:07:02+00:00","og_image":[{"width":1024,"height":1536,"url":"https:\/\/iwell-guard.com\/wp-content\/uploads\/2026\/05\/goetter_rom_ceres.webp","type":"image\/webp"}],"twitter_card":"summary_large_image","schema":{"@context":"https:\/\/schema.org","@graph":[{"@type":"WebPage","@id":"https:\/\/iwell-guard.com\/ca\/ceres-deessa-romana-blat-agricultura\/","url":"https:\/\/iwell-guard.com\/ca\/ceres-deessa-romana-blat-agricultura\/","name":"Ceres \u2013 deessa romana del blat","isPartOf":{"@id":"https:\/\/iwell-guard.com\/ca\/#website"},"primaryImageOfPage":{"@id":"https:\/\/iwell-guard.com\/ca\/ceres-deessa-romana-blat-agricultura\/#primaryimage"},"image":{"@id":"https:\/\/iwell-guard.com\/ca\/ceres-deessa-romana-blat-agricultura\/#primaryimage"},"thumbnailUrl":"https:\/\/iwell-guard.com\/wp-content\/uploads\/2026\/05\/goetter_rom_ceres.webp","datePublished":"2026-09-05T15:42:20+00:00","dateModified":"2026-09-05T16:07:02+00:00","description":"Ceres \u00e9s la deessa romana del blat i l'agricultura. An\u00e0lisi des de la ci\u00e8ncia de la religi\u00f3 sobre les Cerialia, el culte plebeu i les fonts.","breadcrumb":{"@id":"https:\/\/iwell-guard.com\/ca\/ceres-deessa-romana-blat-agricultura\/#breadcrumb"},"inLanguage":"ca","potentialAction":[{"@type":"ReadAction","target":["https:\/\/iwell-guard.com\/ca\/ceres-deessa-romana-blat-agricultura\/"]}]},{"@type":"ImageObject","inLanguage":"ca","@id":"https:\/\/iwell-guard.com\/ca\/ceres-deessa-romana-blat-agricultura\/#primaryimage","url":"https:\/\/iwell-guard.com\/wp-content\/uploads\/2026\/05\/goetter_rom_ceres.webp","contentUrl":"https:\/\/iwell-guard.com\/wp-content\/uploads\/2026\/05\/goetter_rom_ceres.webp","width":1024,"height":1536,"caption":"D\u00e9us de la tradici\u00f3 romana."},{"@type":"BreadcrumbList","@id":"https:\/\/iwell-guard.com\/ca\/ceres-deessa-romana-blat-agricultura\/#breadcrumb","itemListElement":[{"@type":"ListItem","position":1,"name":"Start","item":"https:\/\/iwell-guard.com\/ca\/?page_id=171333"},{"@type":"ListItem","position":2,"name":"Ceres \u2013 deessa romana del blat i l&#8217;agricultura"}]},{"@type":"WebSite","@id":"https:\/\/iwell-guard.com\/ca\/#website","url":"https:\/\/iwell-guard.com\/ca\/","name":"iWell Guard","description":"Schutz vor dunklen Einfl\u00fcssen","publisher":{"@id":"https:\/\/iwell-guard.com\/ca\/#organization"},"potentialAction":[{"@type":"SearchAction","target":{"@type":"EntryPoint","urlTemplate":"https:\/\/iwell-guard.com\/ca\/?s={search_term_string}"},"query-input":{"@type":"PropertyValueSpecification","valueRequired":true,"valueName":"search_term_string"}}],"inLanguage":"ca"},{"@type":"Organization","@id":"https:\/\/iwell-guard.com\/ca\/#organization","name":"Ittermann electronic GmbH","url":"https:\/\/iwell-guard.com\/ca\/","logo":{"@type":"ImageObject","inLanguage":"ca","@id":"https:\/\/iwell-guard.com\/ca\/#\/schema\/logo\/image\/","url":"https:\/\/iwell-guard.com\/wp-content\/uploads\/2026\/05\/Ittermann-Logo-1182x237-1.png","contentUrl":"https:\/\/iwell-guard.com\/wp-content\/uploads\/2026\/05\/Ittermann-Logo-1182x237-1.png","width":1182,"height":237,"caption":"Ittermann electronic GmbH"},"image":{"@id":"https:\/\/iwell-guard.com\/ca\/#\/schema\/logo\/image\/"},"sameAs":["https:\/\/pantip.com\/profile\/9367242","https:\/\/micro.blog\/iwellguard","https:\/\/www.diggerslist.com\/iwellguard\/about","https:\/\/skitterphoto.com\/photographers\/2870314\/iwell-guard","https:\/\/iwellguard.wordpress.com\/2026\/06\/06\/iwell-guard\/","https:\/\/hub.docker.com\/u\/iwellguard","https:\/\/www.pinterest.com\/iwellguard\/","https:\/\/bit.ly\/m\/iwellguard","https:\/\/entre-vos-mains.alsace.eu\/profiles\/iwellguard\/activity","https:\/\/gravatar.com\/reallybeded8fd34","https:\/\/naijamatta.com\/iwellguard","https:\/\/www.goodreads.com\/iwellguard","https:\/\/profile.hatena.ne.jp\/iwellguard\/","https:\/\/experiment.com\/users\/iwellguard","https:\/\/wakelet.com\/@iWellGuard82270","https:\/\/www.chordie.com\/forum\/profile.php?id=2555664","https:\/\/www.instapaper.com\/p\/17757966","https:\/\/www.mapleprimes.com\/users\/iwellguard","https:\/\/businesslistingplus.com\/profile\/iwell-guard\/","https:\/\/telegra.ph\/iWell-Guard-06-06","https:\/\/pbase.com\/iwellguard\/iwellguard","https:\/\/b.hatena.ne.jp\/iwellguard\/20260607#bookmark-4788405196491818882","https:\/\/fliphtml5.com\/home\/iwellguard","https:\/\/anyflip.com\/homepage\/cmiwl#About","https:\/\/transfur.com\/Users\/iwellguard","http:\/\/delphi.larsbo.org\/user\/iwellguard","https:\/\/jobs.lajobsportal.org\/profiles\/8380803-iwell-guard","https:\/\/md.chaosdorf.de\/s\/jfbe5SBdJD","https:\/\/www.lingvolive.com\/en-us\/profile\/9ecaeaca-ce11-4e51-9e71-01d55e2bff36\/translations","https:\/\/www.fitday.com\/fitness\/forums\/members\/iwellguard.html","https:\/\/www.mymeetbook.com\/iwellguard","https:\/\/pxhere.com\/en\/photographer-me\/5040798","https:\/\/disqus.com\/by\/iwellguard\/about\/","https:\/\/pastelink.net\/hjwciqwq","https:\/\/pubhtml5.com\/homepage\/scjhn\/","https:\/\/www.bitchute.com\/channel\/2O2eOKzNqujT","https:\/\/audiomack.com\/iwellguard"]}]}},"_links":{"self":[{"href":"https:\/\/iwell-guard.com\/ca\/wp-json\/wp\/v2\/pages\/171780","targetHints":{"allow":["GET"]}}],"collection":[{"href":"https:\/\/iwell-guard.com\/ca\/wp-json\/wp\/v2\/pages"}],"about":[{"href":"https:\/\/iwell-guard.com\/ca\/wp-json\/wp\/v2\/types\/page"}],"author":[{"embeddable":true,"href":"https:\/\/iwell-guard.com\/ca\/wp-json\/wp\/v2\/users\/3"}],"replies":[{"embeddable":true,"href":"https:\/\/iwell-guard.com\/ca\/wp-json\/wp\/v2\/comments?post=171780"}],"version-history":[{"count":0,"href":"https:\/\/iwell-guard.com\/ca\/wp-json\/wp\/v2\/pages\/171780\/revisions"}],"wp:featuredmedia":[{"embeddable":true,"href":"https:\/\/iwell-guard.com\/ca\/wp-json\/wp\/v2\/media\/3389"}],"wp:attachment":[{"href":"https:\/\/iwell-guard.com\/ca\/wp-json\/wp\/v2\/media?parent=171780"}],"wp:term":[{"taxonomy":"category","embeddable":true,"href":"https:\/\/iwell-guard.com\/ca\/wp-json\/wp\/v2\/categories?post=171780"}],"curies":[{"name":"wp","href":"https:\/\/api.w.org\/{rel}","templated":true}]}}