{"id":171779,"date":"2026-09-05T15:42:19","date_gmt":"2026-09-05T15:42:19","guid":{"rendered":"https:\/\/iwell-guard.com\/?page_id=171779"},"modified":"2026-09-05T16:07:01","modified_gmt":"2026-09-05T16:07:01","slug":"manes-esperits-deificats-morts","status":"publish","type":"page","link":"https:\/\/iwell-guard.com\/ca\/manes-esperits-deificats-morts\/","title":{"rendered":"Manes \u2013 els esperits de\u00efficats dels morts"},"content":{"rendered":"\t\t<div data-elementor-type=\"wp-page\" data-elementor-id=\"171779\" class=\"elementor elementor-171779 elementor-2913 elementor-bc-flex-widget\" data-elementor-post-type=\"page\">\n\t\t\t\t<div class=\"elementor-element elementor-element-heroddf97ec e-flex e-con-boxed e-con e-parent\" data-id=\"heroddf97ec\" data-element_type=\"container\" data-e-type=\"container\">\n\t\t\t\t\t<div class=\"e-con-inner\">\n\t\t\t\t<div class=\"elementor-element elementor-element-heroimgb8292d6 iwg-hero-image elementor-widget elementor-widget-image\" data-id=\"heroimgb8292d6\" data-element_type=\"widget\" data-e-type=\"widget\" data-widget_type=\"image.default\">\n\t\t\t\t\t\t\t\t\t\t\t\t\t\t\t<img fetchpriority=\"high\" decoding=\"async\" width=\"683\" height=\"1024\" src=\"https:\/\/iwell-guard.com\/wp-content\/uploads\/2026\/05\/geister_rom_manen-683x1024.webp\" class=\"attachment-large size-large wp-image-3388\" alt=\"Manes \u2013 els esperits de\u00efficats dels morts\" srcset=\"https:\/\/iwell-guard.com\/wp-content\/uploads\/2026\/05\/geister_rom_manen-683x1024.webp 683w, https:\/\/iwell-guard.com\/wp-content\/uploads\/2026\/05\/geister_rom_manen-200x300.webp 200w, https:\/\/iwell-guard.com\/wp-content\/uploads\/2026\/05\/geister_rom_manen-768x1152.webp 768w, https:\/\/iwell-guard.com\/wp-content\/uploads\/2026\/05\/geister_rom_manen.webp 1024w\" sizes=\"(max-width: 683px) 100vw, 683px\" \/>\t\t\t\t\t\t\t\t\t\t\t\t\t\t\t<\/div>\n\t\t\t\t\t<\/div>\n\t\t\t\t<\/div>\n\t\t<div class=\"elementor-element elementor-element-iwgw-manen-hero e-flex e-con-boxed e-con e-parent\" data-id=\"iwgw-manen-hero\" data-element_type=\"container\" data-e-type=\"container\">\n\t\t\t\t\t<div class=\"e-con-inner\">\n\t\t\t\t<div class=\"elementor-element elementor-element-iwgw-manen-h1 elementor-widget elementor-widget-heading\" data-id=\"iwgw-manen-h1\" data-element_type=\"widget\" data-e-type=\"widget\" data-widget_type=\"heading.default\">\n\t\t\t\t\t<h1 class=\"elementor-heading-title elementor-size-default\">Di Manes \u2013 els esperits dels morts de la religi\u00f3 romana<\/h1>\t\t\t\t<\/div>\n\t\t\t\t<div class=\"elementor-element elementor-element-iwgw-manen-pills elementor-widget elementor-widget-html\" data-id=\"iwgw-manen-pills\" data-element_type=\"widget\" data-e-type=\"widget\" data-widget_type=\"html.default\">\n\t\t\t\t\t<div class=\"iwg-pill-row\"><span class=\"iwg-klasse-badge\" tabindex=\"0\" data-tooltip=\"Esperits dels morts de la tradici\u00f3 de Roma.\">Esperits dels morts<\/span><a href=\"https:\/\/iwell-guard.com\/ca\/roma\/\" class=\"iwg-kultur-badge\" tabindex=\"0\" data-tooltip=\"Mitologia de la tradici\u00f3 de Roma.\">Roma<\/a><span class=\"iwg-tradition-badge\" tabindex=\"0\" data-tooltip=\"Esperits ancestrals.\">Esperits ancestrals<\/span><\/div>\t\t\t\t<\/div>\n\t\t\t\t<div class=\"elementor-element elementor-element-iwgw-manen-lead elementor-widget elementor-widget-text-editor\" data-id=\"iwgw-manen-lead\" data-element_type=\"widget\" data-e-type=\"widget\" data-widget_type=\"text-editor.default\">\n\t\t\t\t\t\t\t\t\t\nEls Manes (en llat\u00ed: Di Manes) eren, per als romans, els esperits de\u00efficats dels morts, als quals es retia veneraci\u00f3 divina. El seu <span class=\"iwg-fachbegriff\" data-tooltip=\"El conjunt d'actes de veneraci\u00f3 religiosa dedicats a una divinitat o figura sagrada.\" tabindex=\"0\">culte<\/span> va marcar la relaci\u00f3 amb els difunts des de la primera Rep\u00fablica fins ben entrat l&#8217;Imperi. Els Manes eren considerats \u00e9ssers protectors de la fam\u00edlia i eren invocats en rituals dom\u00e8stics com les Lemuria i les Parentalia.\nCom a esperits dels morts de la religi\u00f3 romana, els Manes eren venerats en rituals dom\u00e8stics com les Lemuria i les Parentalia.\t\t\t\t\t\t\t\t<\/div>\n\t\t\t\t\t<\/div>\n\t\t\t\t<\/div>\n\t\t<div class=\"elementor-element elementor-element-iwgw-manen-s0 e-flex e-con-boxed e-con e-parent\" data-id=\"iwgw-manen-s0\" data-element_type=\"container\" data-e-type=\"container\">\n\t\t\t\t\t<div class=\"e-con-inner\">\n\t\t\t\t<div class=\"elementor-element elementor-element-iwgw-manen-s0h elementor-widget elementor-widget-heading\" data-id=\"iwgw-manen-s0h\" data-element_type=\"widget\" data-e-type=\"widget\" data-widget_type=\"heading.default\">\n\t\t\t\t\t<h2 class=\"elementor-heading-title elementor-size-default\">Introducci\u00f3<\/h2>\t\t\t\t<\/div>\n\t\t\t\t<div class=\"elementor-element elementor-element-iwgw-manen-s0t elementor-widget elementor-widget-text-editor\" data-id=\"iwgw-manen-s0t\" data-element_type=\"widget\" data-e-type=\"widget\" data-widget_type=\"text-editor.default\">\n\t\t\t\t\t\t\t\t\t<p>Els <em>Di Manes<\/em>, o simplement els Manes, pertanyen a les concepcions fonamentals de la religi\u00f3 romana. Amb aquest terme, els romans designaven els esperits dels morts, que despr\u00e9s de la mort passaven a un estat col\u00b7lectiu concebut com a div\u00ed.<\/p><p>A difer\u00e8ncia d&#8217;altres religions, la idea sobre el dest\u00ed de l&#8217;individu despr\u00e9s de la mort estava poc desenvolupada a Roma. El centre d&#8217;atenci\u00f3 no era l&#8217;\u00e0nima individual, sin\u00f3 el conjunt dels morts, als quals es devia cura i veneraci\u00f3.<\/p><p>Des del punt de vista de la hist\u00f2ria de les religions, els Manes s\u00f3n un exemple de l&#8217;estreta vinculaci\u00f3 entre fam\u00edlia, mem\u00f2ria i religi\u00f3 a Roma. La cura dels morts era un deure dels parents vius, i la seva neglig\u00e8ncia es considerava una fallida tant religiosa com social. El culte als Manes estava, per tant, fermament integrat en l&#8217;estructura de la fam\u00edlia i la seva continu\u00eftat.<\/p><p>Els Manes es trobaven en una relaci\u00f3 fluida amb altres poders de l&#8217;m\u00e9s enll\u00e0 del m\u00f3n <a href=\"https:\/\/iwell-guard.com\/ca\/roma\/\">rom\u00e0<\/a>, com els Lars i les Larves i L\u00e8murs, considerats malastrucs.<\/p><p>Mentre que els Manes generalment apareixen com a receptors d&#8217;una veneraci\u00f3 deguda, els morts sense sepultura o negligits podien concebre&#8217;s com a esperits inquiets i perillosos. Aquesta amplitud reflecteix la import\u00e0ncia d&#8217;una relaci\u00f3 correcta amb la mort en el pensament rom\u00e0.<\/p><p>Ling\u00fc\u00edsticament i legalment, els Manes estaven fermament arrelats a la vida p\u00fablica. Les Lleis de les Dotze Taules, el dret rom\u00e0 m\u00e9s antic fixat per escrit, ja contenien disposicions sobre el dret funerari, protegint aix\u00ed indirectament l&#8217;\u00e0mbit dels morts.<\/p><p>El terme Di Manes apareix tant en f\u00f3rmules de consagraci\u00f3 com en l&#8217;epigrafia funer\u00e0ria i en el llenguatge jur\u00eddic, cosa que mostra fins a quin punt aquesta concepci\u00f3 impregnava tota la comunitat.<\/p>\t\t\t\t\t\t\t\t<\/div>\n\t\t\t\t\t<\/div>\n\t\t\t\t<\/div>\n\t\t<div class=\"elementor-element elementor-element-iwgw-manen-s1 e-flex e-con-boxed e-con e-parent\" data-id=\"iwgw-manen-s1\" data-element_type=\"container\" data-e-type=\"container\">\n\t\t\t\t\t<div class=\"e-con-inner\">\n\t\t\t\t<div class=\"elementor-element elementor-element-iwgw-manen-s1h elementor-widget elementor-widget-heading\" data-id=\"iwgw-manen-s1h\" data-element_type=\"widget\" data-e-type=\"widget\" data-widget_type=\"heading.default\">\n\t\t\t\t\t<h2 class=\"elementor-heading-title elementor-size-default\">Nom i etimologia<\/h2>\t\t\t\t<\/div>\n\t\t\t\t<div class=\"elementor-element elementor-element-iwgw-manen-s1t elementor-widget elementor-widget-text-editor\" data-id=\"iwgw-manen-s1t\" data-element_type=\"widget\" data-e-type=\"widget\" data-widget_type=\"text-editor.default\">\n\t\t\t\t\t\t\t\t\t<p>El terme <em>Manes<\/em> nom\u00e9s s&#8217;usa en plural i sol anar acompanyat de l&#8217;expressi\u00f3 <em>Di Manes<\/em>, els d\u00e9us bons. La interpretaci\u00f3 ling\u00fc\u00edstica <span class=\"iwg-fachbegriff\" data-tooltip=\"\u00c8poca de la cultura grega i romana, aproximadament del 800 aC al 600 dC.\" tabindex=\"0\">antiga<\/span> relacionava la paraula amb un antic adjectiu llat\u00ed, <em>manus<\/em>, que significava bo.<\/p><p>Els <em>Di Manes<\/em> serien, doncs, literalment els d\u00e9us bons, una denominaci\u00f3 eufem\u00edstica t\u00edpica de la manera prudent com els romans tractaven l&#8217;\u00e0mbit de la mort.<\/p><p>Aquesta interpretaci\u00f3 com a nom eufem\u00edstic \u00e9s reveladora des del punt de vista de la hist\u00f2ria de les religions. Mostra que els romans s&#8217;acostaven als morts amb una barreja de respecte i por, i evitaven anomenar-los directament com una amena\u00e7a. Estrat\u00e8gies eufem\u00edstiques similars es troben en altres \u00e0mbits sensibles de la religi\u00f3 antiga.<\/p><p>Estretament vinculada als Manes hi ha la deessa <em>Mania<\/em>, que en les fonts apareix de vegades com a mare o senyora dels Manes. Tamb\u00e9 aqu\u00ed la relaci\u00f3 exacta \u00e9s incerta.<\/p><p>\u00c9s important remarcar que el terme <em>Manes<\/em> va romandre col\u00b7lectiu. Encara que es refer\u00eds a un difunt en concret, per exemple en la f\u00f3rmula funer\u00e0ria, el designava com a part del conjunt dels morts, no com una \u00e0nima individual a\u00efllada.<\/p>\t\t\t\t\t\t\t\t<\/div>\n\t\t\t\t\t<\/div>\n\t\t\t\t<\/div>\n\t\t<div class=\"elementor-element elementor-element-iwgw-manen-s2 e-flex e-con-boxed e-con e-parent\" data-id=\"iwgw-manen-s2\" data-element_type=\"container\" data-e-type=\"container\">\n\t\t\t\t\t<div class=\"e-con-inner\">\n\t\t\t\t<div class=\"elementor-element elementor-element-iwgw-manen-s2h elementor-widget elementor-widget-heading\" data-id=\"iwgw-manen-s2h\" data-element_type=\"widget\" data-e-type=\"widget\" data-widget_type=\"heading.default\">\n\t\t\t\t\t<h2 class=\"elementor-heading-title elementor-size-default\">Descripci\u00f3 i iconografia<\/h2>\t\t\t\t<\/div>\n\t\t\t\t<div class=\"elementor-element elementor-element-iwgw-manen-s2t elementor-widget elementor-widget-text-editor\" data-id=\"iwgw-manen-s2t\" data-element_type=\"widget\" data-e-type=\"widget\" data-widget_type=\"text-editor.default\">\n\t\t\t\t\t\t\t\t\t<p>Els Manes no tenien una forma ic\u00f2nica fixa. A difer\u00e8ncia dels Lars, representats com a figures dansaires, els Manes van romandre en gran part sense forma definida. En lloc de manifestar-se mitjan\u00e7ant est\u00e0tues al santuari dom\u00e8stic, es feien presents a trav\u00e9s de la tomba, la inscripci\u00f3 funer\u00e0ria i l&#8217;acte ritual.<\/p><p>El rastre visible m\u00e9s important de la creen\u00e7a en els Manes \u00e9s la inscripci\u00f3 funer\u00e0ria. Innombrables l\u00e0pides romanes comencen amb la f\u00f3rmula <em>D M<\/em> o <em>D M S<\/em>, abreviatura de <em>Dis Manibus<\/em> o <em>Dis Manibus Sacrum<\/em>, <span class=\"iwg-fachbegriff\" data-tooltip=\"Lliurat al sagrat mitjan\u00e7ant un acte religi\u00f3s i aix\u00ed elevat per damunt de l'\u00e0mbit quotidi\u00e0.\" tabindex=\"0\">consagrat<\/span> als Manes del difunt.<\/p><p>Aquesta dedicat\u00f2ria convertia la tomba en un lloc de car\u00e0cter religi\u00f3s i posava el difunt sota la protecci\u00f3 i dins la comunitat dels Manes.<\/p><p>All\u00e0 on els morts s\u00ed que apareixen en imatges, per exemple en descripcions liter\u00e0ries d&#8217;aparicions, solen representar-se com a figures p\u00e0l\u00b7lides i ombr\u00edvoles. En els rituals nocturns de les Lemuria, s&#8217;evitava deliberadament mirar els esperits inquiets; precisament observar-los era el que calia evitar.<\/p><p>La iconografia dels Manes \u00e9s, doncs, sobretot una iconografia del lloc i de l&#8217;escriptura, no de la imatge. El monument funerari, el recinte de la tomba i la dedicat\u00f2ria gravada eren la seva forma de manifestaci\u00f3.<\/p>\t\t\t\t\t\t\t\t<\/div>\n\t\t\t\t\t<\/div>\n\t\t\t\t<\/div>\n\t\t<div class=\"elementor-element elementor-element-iwgw-manen-s3 e-flex e-con-boxed e-con e-parent\" data-id=\"iwgw-manen-s3\" data-element_type=\"container\" data-e-type=\"container\">\n\t\t\t\t\t<div class=\"e-con-inner\">\n\t\t\t\t<div class=\"elementor-element elementor-element-iwgw-manen-s3h elementor-widget elementor-widget-heading\" data-id=\"iwgw-manen-s3h\" data-element_type=\"widget\" data-e-type=\"widget\" data-widget_type=\"heading.default\">\n\t\t\t\t\t<h2 class=\"elementor-heading-title elementor-size-default\">Relats mitol\u00f2gics i tradici\u00f3<\/h2>\t\t\t\t<\/div>\n\t\t\t\t<div class=\"elementor-element elementor-element-iwgw-manen-s3t elementor-widget elementor-widget-text-editor\" data-id=\"iwgw-manen-s3t\" data-element_type=\"widget\" data-e-type=\"widget\" data-widget_type=\"text-editor.default\">\n\t\t\t\t\t\t\t\t\t<p>Els manes s\u00f3n menys objecte de narracions que de ritus. Tot i aix\u00ed, existeix una rica <span class=\"iwg-fachbegriff\" data-tooltip=\"La transmissi\u00f3 de coneixements i relats al llarg de generacions.\" tabindex=\"0\">tradici\u00f3<\/span> liter\u00e0ria que fa pal\u00e8s el concepte rom\u00e0 de la relaci\u00f3 entre els vius i els morts. El poeta Ovidi dedica en els seus <em>Fasti<\/em> extensos passatges tant a les Parentalia com a la Lemuria, i constitueix aix\u00ed una de les fonts m\u00e9s importants.<\/p><p>Ovidi relata que en els primers temps de Roma la cura dels morts va ser descuidada a causa d&#8217;una guerra. Els morts, convertits en esperits inquiets, haurien assetjat la ciutat, i nom\u00e9s la represa dels ritus va restablir l&#8217;ordre. Aquest relat explica la necessitat de les festes dels morts i subratlla la idea que els manes descuidats podien esdevenir perillosos.<\/p><p>Pel que fa a la Lemuria, Ovidi transmet un ritual dom\u00e8stic ben colpidor. El pare de fam\u00edlia s&#8217;aixeca a mitjanit, camina descal\u00e7 per la casa, llan\u00e7a faves negres per damunt de l&#8217;espatlla i pronuncia una f\u00f3rmula fixa amb la qual demana als esperits que abandonin la llar.<\/p><p>Aquests passatges mostren que el tracte amb els morts a Roma estava regulat amb precisi\u00f3 i que hi havia f\u00f3rmules i accions establertes per ordenar la relaci\u00f3 amb ells. En canvi, una mitologia coherent de l&#8217;ultratomba amb una topografia elaborada del m\u00f3n dels morts era m\u00e9s pr\u00f2pia de la literatura influ\u00efda per la poesia grega.<\/p><p>Virgili ofereix a l&#8217;Eneida una imatge colpidora de la veneraci\u00f3 dels morts, quan Eneas, davant la tomba del seu pare Anquises, ofereix un solemne <span class=\"iwg-fachbegriff\" data-tooltip=\"Do a una divinitat per expressar gratitud, s\u00faplica o veneraci\u00f3.\" tabindex=\"0\">sacrifici<\/span> i invoca els manes del seu pare.<\/p><p>L&#8217;escena mostra la cura de la tomba com un deure sagrat i expressi\u00f3 de la pietas, el vincle amb els avantpassats. Tamb\u00e9 Cicer\u00f3 esmenta els manes diverses vegades, per exemple quan, en el seu escrit sobre les lleis, afirma que els drets dels morts, considerats divins, s&#8217;havien de mantenir com a <span class=\"iwg-fachbegriff\" data-tooltip=\"Pertanyent a l'\u00e0mbit div\u00ed i, per aix\u00f2, excl\u00f2s de l'\u00fas quotidi\u00e0.\" tabindex=\"0\">sagrats<\/span>.<\/p>\t\t\t\t\t\t\t\t<\/div>\n\t\t\t\t\t<\/div>\n\t\t\t\t<\/div>\n\t\t<div class=\"elementor-element elementor-element-iwgw-manen-s4 e-flex e-con-boxed e-con e-parent\" data-id=\"iwgw-manen-s4\" data-element_type=\"container\" data-e-type=\"container\">\n\t\t\t\t\t<div class=\"e-con-inner\">\n\t\t\t\t<div class=\"elementor-element elementor-element-iwgw-manen-s4h elementor-widget elementor-widget-heading\" data-id=\"iwgw-manen-s4h\" data-element_type=\"widget\" data-e-type=\"widget\" data-widget_type=\"heading.default\">\n\t\t\t\t\t<h2 class=\"elementor-heading-title elementor-size-default\">Culte i veneraci\u00f3<\/h2>\t\t\t\t<\/div>\n\t\t\t\t<div class=\"elementor-element elementor-element-iwgw-manen-s4t elementor-widget elementor-widget-text-editor\" data-id=\"iwgw-manen-s4t\" data-element_type=\"widget\" data-e-type=\"widget\" data-widget_type=\"text-editor.default\">\n\t\t\t\t\t\t\t\t\t<p>El culte als manes tenia una vessant privada i una altra regulada p\u00fablicament. Al centre hi havia la cura de la tomba per part de la fam\u00edlia. En dies determinats, els familiars portaven ofrenes a la tomba, com vi, llet, oli, flors i menjar. El que importava era el compliment del deure i el record continuat, no el valor material de l&#8217;ofrena.<\/p><p>La festa p\u00fablica central dels morts eren les <em>Parentalia<\/em>, al febrer, que duraven diversos dies i tenien el seu punt culminant en la festa de les <em>Feralia<\/em>.<\/p><p>Durant aquest per\u00edode, els afers p\u00fablics quedaven parcialment aturats, els <span class=\"iwg-fachbegriff\" data-tooltip=\"Un edifici destinat a la veneraci\u00f3 d'una o diverses divinitats.\" tabindex=\"0\">temples<\/span> romanien tancats, i les fam\u00edlies es dirigien a les tombes per atendre els manes. La celebraci\u00f3 es tancava amb la festa de les <em>Caristia<\/em>, un dia de reconciliaci\u00f3 familiar entre els vius que complementava de manera adequada la cura dels morts.<\/p><p>Al maig seguien les <em>Lemuria<\/em>, una festa dels esperits inquiets. A difer\u00e8ncia de les Parentalia, de car\u00e0cter m\u00e9s assistencial, les Lemuria tenien un car\u00e0cter defensiu. Es tractava d&#8217;apaivagar els esperits que rondaven per la casa i fer-los fora.<\/p><p>La coexist\u00e8ncia d&#8217;ambdues festes mostra la doble natura de la creen\u00e7a romana sobre els morts: d&#8217;una banda, la veneraci\u00f3 amatent dels manes, i de l&#8217;altra, la necess\u00e0ria defensa contra els morts inquiets. Tot aquest conjunt es regia pel principi que els vius mantenien una obligaci\u00f3 permanent envers els morts.<\/p><p>Segons la <span class=\"iwg-fachbegriff\" data-tooltip=\"La transmissi\u00f3 de coneixements i relats al llarg de generacions.\" tabindex=\"0\">tradici\u00f3<\/span>, les Parentalia comen\u00e7aven el tretze de febrer i duraven fins al vint-i-u, el dia de les Feralia, considerat el tancament p\u00fablic. Durant aquest per\u00edode, hi havia restriccions en la vida p\u00fablica. Ovidi relata en els Fasti que no se celebraven casaments perqu\u00e8 aquest temps pertanyia als morts, i que els magistrats es despullaven de les seves ins\u00edgnies.<\/p><p>Els primers vuit dies estaven reservats a la cura privada dels morts per part de cada fam\u00edlia; nom\u00e9s les Feralia tenien car\u00e0cter p\u00fablic. L&#8217;endem\u00e0, en la Caristia o Cara Cognatio, la parentela viva es reunia en un \u00e0pat com\u00fa destinat expressament a la reconciliaci\u00f3 entre els vius.<\/p><p>Les Lemuria de maig es celebraven el nou, l&#8217;onze i el tretze del mes. Ovidi deriva el seu nom dels Lemures, els esperits errants, i relaciona la festa, per via etiol\u00f2gica, amb l&#8217;expiaci\u00f3 de la mort de Rem a mans de R\u00f2mul.<\/p><p>Tamb\u00e9 aix\u00f2 \u00e9s una construcci\u00f3 liter\u00e0ria que dona un origen al <span class=\"iwg-fachbegriff\" data-tooltip=\"Una acci\u00f3 religiosa establerta i recurrent.\" tabindex=\"0\">ritu<\/span>. Durant les Lemuria, els <span class=\"iwg-fachbegriff\" data-tooltip=\"Un edifici destinat a la veneraci\u00f3 d'una o diverses divinitats.\" tabindex=\"0\">temples<\/span> romanien tancats i no se celebraven casaments, cosa considerada de mal auguri.<\/p>\t\t\t\t\t\t\t\t<\/div>\n\t\t\t\t\t<\/div>\n\t\t\t\t<\/div>\n\t\t<div class=\"elementor-element elementor-element-iwgw-manen-s5 e-flex e-con-boxed e-con e-parent\" data-id=\"iwgw-manen-s5\" data-element_type=\"container\" data-e-type=\"container\">\n\t\t\t\t\t<div class=\"e-con-inner\">\n\t\t\t\t<div class=\"elementor-element elementor-element-iwgw-manen-s5h elementor-widget elementor-widget-heading\" data-id=\"iwgw-manen-s5h\" data-element_type=\"widget\" data-e-type=\"widget\" data-widget_type=\"heading.default\">\n\t\t\t\t\t<h2 class=\"elementor-heading-title elementor-size-default\">Pr\u00e0ctica de protecci\u00f3 i elements apotropaics<\/h2>\t\t\t\t<\/div>\n\t\t\t\t<div class=\"elementor-element elementor-element-iwgw-manen-s5t elementor-widget elementor-widget-text-editor\" data-id=\"iwgw-manen-s5t\" data-element_type=\"widget\" data-e-type=\"widget\" data-widget_type=\"text-editor.default\">\n\t\t\t\t\t\t\t\t\t<p>En relaci\u00f3 amb els manes, la protecci\u00f3 era sobretot protecci\u00f3 mitjan\u00e7ant una cura adequada. Mentre els morts fossin sepultats degudament i atesos amb regularitat, els manes eren considerats d\u00e9us ben\u00e8vols i bons, dels quals no calia t\u00e9mer la proximitat.<\/p><p>Segons la concepci\u00f3 romana, el perill sorgia quan es descuidava aquest deure, quan alg\u00fa restava sense sepultura o quan una tomba era profanada.<\/p><p>Per a aquests casos, la religi\u00f3 romana coneixia rites d&#8217;aversi\u00f3. L&#8217;exemple m\u00e9s conegut \u00e9s el llan\u00e7ament de faves durant les Lemuries. El pare de fam\u00edlia feia servir faves negres, pronunciava una f\u00f3rmula fixa i executava l&#8217;acte en una seq\u00fc\u00e8ncia estrictament regulada durant la nit.<\/p><p>El <span class=\"iwg-fachbegriff\" data-tooltip=\"Una seq\u00fc\u00e8ncia regulada d'actes simb\u00f2lics amb significat religi\u00f3s o cultural.\" tabindex=\"0\">ritual<\/span> tenia com a objectiu apaivagar els esperits i induir-los a abandonar la casa. \u00c9s caracter\u00edstic que qui oficiava no podia mirar els esperits i havia d&#8217;atenir-se a paraules i gestos fixos.<\/p><p>Tamb\u00e9 el dret sobre la tomba tenia una funci\u00f3 protectora. Les tombes es consideraven <em>loci religiosi<\/em>, llocs determinats religiosament, la profanaci\u00f3 dels quals comportava c\u00e0stigs. Les inscripcions funer\u00e0ries contenen ocasionalment malediccions contra possibles profanadors i posen la tomba sota la protecci\u00f3 dels manes.<\/p><p>Aix\u00ed, la norma jur\u00eddica i la concepci\u00f3 religiosa es combinaven en una protecci\u00f3 que pretenia preservar menys els vius dels morts que els morts dels vius. En conjunt, la pr\u00e0ctica protectora consistia a mantenir l&#8217;ordre entre ambd\u00f3s \u00e0mbits.<\/p><p>Una altra forma de tracte ordenat amb els morts era l&#8217;expiaci\u00f3 en cas de mort inusual. Qui restava sense sepultura, per exemple perqu\u00e8 no es trobava el cos, es considerava exposat al risc de vagar sense rep\u00f2s, per la qual cosa en aquests casos es podia erigir una tomba buida, un cenotafi.<\/p><p>Amb aix\u00f2 s&#8217;assignava simb\u00f2licament un lloc al difunt i se li facilitava el pas a la comunitat dels manes.<\/p>\t\t\t\t\t\t\t\t<\/div>\n\t\t\t\t\t<\/div>\n\t\t\t\t<\/div>\n\t\t<div class=\"elementor-element elementor-element-iwgw-manen-s6 e-flex e-con-boxed e-con e-parent\" data-id=\"iwgw-manen-s6\" data-element_type=\"container\" data-e-type=\"container\">\n\t\t\t\t\t<div class=\"e-con-inner\">\n\t\t\t\t<div class=\"elementor-element elementor-element-iwgw-manen-s6h elementor-widget elementor-widget-heading\" data-id=\"iwgw-manen-s6h\" data-element_type=\"widget\" data-e-type=\"widget\" data-widget_type=\"heading.default\">\n\t\t\t\t\t<h2 class=\"elementor-heading-title elementor-size-default\">Paral\u00b7lelismes en altres cultures<\/h2>\t\t\t\t<\/div>\n\t\t\t\t<div class=\"elementor-element elementor-element-iwgw-manen-s6t elementor-widget elementor-widget-text-editor\" data-id=\"iwgw-manen-s6t\" data-element_type=\"widget\" data-e-type=\"widget\" data-widget_type=\"text-editor.default\">\n\t\t\t\t\t\t\t\t\t<p>El culte rom\u00e0 als manes s&#8217;inscriu b\u00e9 en el ampli camp de la veneraci\u00f3 dels avantpassats i dels morts que es troba en moltes cultures.<\/p><p>Dins de la religi\u00f3 romana, els manes es situen al costat dels lars i penats, aix\u00ed com al costat de les larves i l\u00e8murs, considerats perillosos. Mentre que els lars estaven m\u00e9s lligats a un lloc, els manes es referien als morts com a tals.<\/p><p>Un paral\u00b7lel grec ho ofereix la veneraci\u00f3 dels difunts en el marc dels cultes funeraris grecs, com la cura de les tombes i la concepci\u00f3 de les ombres a l&#8217;inframon. Tamb\u00e9 el m\u00f3n grec coneixia dies en qu\u00e8 es pensava en els morts com especialment propers, i rites amb els quals es mantenia allunyats els esperits sense rep\u00f2s.<\/p><p>Tot i aix\u00f2, no \u00e9s possible una equiparaci\u00f3 exacta, ja que les condicions religioses de fons eren diferents. L&#8217;\u00e8mfasi rom\u00e0 en el deure familiar i en la tomba jur\u00eddicament protegida t\u00e9 un car\u00e0cter propi.<\/p><p>Cient\u00edficament, els manes pertanyen al tipus de culte col\u00b7lectiu als avantpassats, en el qual la comunitat dels morts i la seva relaci\u00f3 duradora amb els vius ocupen el primer pla, per davant del dest\u00ed individual en l&#8217;ultratomba. La manifestaci\u00f3 romana est\u00e0 especialment ben documentada gr\u00e0cies a les inscripcions i mostra fins a quin punt estaven estretament lligades la religi\u00f3, la fam\u00edlia i la cultura de la mem\u00f2ria.<\/p>\t\t\t\t\t\t\t\t<\/div>\n\t\t\t\t\t<\/div>\n\t\t\t\t<\/div>\n\t\t<div class=\"elementor-element elementor-element-iwgw-manen-s7 e-flex e-con-boxed e-con e-parent\" data-id=\"iwgw-manen-s7\" data-element_type=\"container\" data-e-type=\"container\">\n\t\t\t\t\t<div class=\"e-con-inner\">\n\t\t\t\t<div class=\"elementor-element elementor-element-iwgw-manen-s7h elementor-widget elementor-widget-heading\" data-id=\"iwgw-manen-s7h\" data-element_type=\"widget\" data-e-type=\"widget\" data-widget_type=\"heading.default\">\n\t\t\t\t\t<h2 class=\"elementor-heading-title elementor-size-default\">Recepci\u00f3 i investigaci\u00f3 actuals<\/h2>\t\t\t\t<\/div>\n\t\t\t\t<div class=\"elementor-element elementor-element-iwgw-manen-s7t elementor-widget elementor-widget-text-editor\" data-id=\"iwgw-manen-s7t\" data-element_type=\"widget\" data-e-type=\"widget\" data-widget_type=\"text-editor.default\">\n\t\t\t\t\t\t\t\t\t<p>Els manes constitueixen un tema central de l&#8217;estudi de la religi\u00f3 romana, perqu\u00e8 afecten el tracte amb la mort i, per tant, un \u00e0mbit fonamental de qualsevol religi\u00f3.<\/p><p>Georg Wissowa i Kurt Latte van tractar el culte als morts amb detall, i en la investigaci\u00f3 m\u00e9s recent, entre altres, John Scheid i J\u00f6rg R\u00fcpke han elaborat les dimensions rituals i socials de les Parentalia i les Lemuries.<\/p><p>Un grup de fonts important el constitueixen les innombrables inscripcions funer\u00e0ries amb la f\u00f3rmula <em>Dis Manibus<\/em>. Permeten a la investigaci\u00f3 resseguir la difusi\u00f3 del culte als manes per tot l&#8217;imperi, per totes les classes socials i durant llargs per\u00edodes de temps. L&#8217;<span class=\"iwg-fachbegriff\" data-tooltip=\"La ci\u00e8ncia de les inscripcions.\" tabindex=\"0\">epigrafia<\/span> ha mostrat aix\u00ed fins a quin punt la concepci\u00f3 dels manes era una part evident de la vida quotidiana romana.<\/p><p>En la cultura general actual, el concepte de manes \u00e9s menys conegut que el dels grans d\u00e9us romans, per\u00f2 apareix regularment en l&#8217;estudi dels costums funeraris antics, en museus i en l&#8217;educaci\u00f3 hist\u00f2rica.<\/p><p>L&#8217;abreviatura <em>D M<\/em> a les l\u00e0pides \u00e9s familiar a qui s&#8217;ocupa d&#8217;<span class=\"iwg-fachbegriff\" data-tooltip=\"La ci\u00e8ncia de les inscripcions.\" tabindex=\"0\">epigrafia<\/span> romana. Per a la <span class=\"iwg-fachbegriff\" data-tooltip=\"La ci\u00e8ncia que estudia les religions de manera comparativa i sense vinculaci\u00f3 de fe.\" tabindex=\"0\">ci\u00e8ncia de la religi\u00f3<\/span>, els manes continuen essent un exemple important de com una societat ordenava <span class=\"iwg-fachbegriff\" data-tooltip=\"Pertanyent a un procediment religi\u00f3s fixat.\" tabindex=\"0\">ritualment<\/span> la relaci\u00f3 entre vius i morts.<\/p><p>La investigaci\u00f3 m\u00e9s recent ha destacat, a m\u00e9s, la funci\u00f3 social de les festes dels morts. Les Parentalia i la posterior Caristia eren rites per als morts i, alhora, ocasions en qu\u00e8 la fam\u00edlia es reafirmava com una unitat duradora m\u00e9s enll\u00e0 de la frontera entre vida i mort.<\/p><p>Les inscripcions funer\u00e0ries, que sovint recullen l&#8217;estatus social, l&#8217;edat i els vincles familiars del difunt, es consideren per a la investigaci\u00f3 alhora una font religiosa i sociohist\u00f2rica de primer ordre.<\/p>\t\t\t\t\t\t\t\t<\/div>\n\t\t\t\t\t<\/div>\n\t\t\t\t<\/div>\n\t\t<div class=\"elementor-element elementor-element-iwgw-manen-lit e-flex e-con-boxed e-con e-parent\" data-id=\"iwgw-manen-lit\" data-element_type=\"container\" data-e-type=\"container\">\n\t\t\t\t\t<div class=\"e-con-inner\">\n\t\t\t\t<div class=\"elementor-element elementor-element-iwgw-manen-lith elementor-widget elementor-widget-heading\" data-id=\"iwgw-manen-lith\" data-element_type=\"widget\" data-e-type=\"widget\" data-widget_type=\"heading.default\">\n\t\t\t\t\t<h2 class=\"elementor-heading-title elementor-size-default\">Bibliografia (selecci\u00f3)<\/h2>\t\t\t\t<\/div>\n\t\t\t\t<div class=\"elementor-element elementor-element-iwgw-manen-litt elementor-widget elementor-widget-text-editor\" data-id=\"iwgw-manen-litt\" data-element_type=\"widget\" data-e-type=\"widget\" data-widget_type=\"text-editor.default\">\n\t\t\t\t\t\t\t\t\t<div data-nosnippet=\"true\"><ul><li>Georg Wissowa: <em>Religion und Kultus der R\u00f6mer<\/em> (1912)<\/li><li>Kurt Latte: <em>R\u00f6mische Religionsgeschichte<\/em> (1960)<\/li><li><span data-nosnippet>Mary Beard, John North, Simon Price: <em>Religions of Rome<\/em> (1998)<\/span><\/li><li>John Scheid: <em>An Introduction to Roman Religion<\/em> (2003)<\/li><li>J\u00f6rg R\u00fcpke: <em>Die Religion der R\u00f6mer<\/em> (2001)<\/li><\/ul><\/div>\t\t\t\t\t\t\t\t<\/div>\n\t\t\t\t\t<\/div>\n\t\t\t\t<\/div>\n\t\t<div class=\"elementor-element elementor-element-iwgw-manen-kwd e-flex e-con-boxed e-con e-parent\" data-id=\"iwgw-manen-kwd\" data-element_type=\"container\" data-e-type=\"container\">\n\t\t\t\t\t<div class=\"e-con-inner\">\n\t\t\t\t<div class=\"elementor-element elementor-element-iwgw-manen-kwdt elementor-widget elementor-widget-text-editor\" data-id=\"iwgw-manen-kwdt\" data-element_type=\"widget\" data-e-type=\"widget\" data-widget_type=\"text-editor.default\">\n\t\t\t\t\t\t\t\t\t<p><em>Conceptes clau relacionats: Manes Di Manes Parentalia Lemuria Feralia Culte als morts Dis Manibus Avantpassats.<\/em><\/p>\t\t\t\t\t\t\t\t<\/div>\n\t\t\t\t\t<\/div>\n\t\t\t\t<\/div>\n\t\t<div class=\"elementor-element elementor-element-iwgw-manen-cc e-flex e-con-boxed e-con e-parent\" data-id=\"iwgw-manen-cc\" data-element_type=\"container\" data-e-type=\"container\" id=\"iwg-cc-manen\">\n\t\t\t\t\t<div class=\"e-con-inner\">\n\t\t<div class=\"elementor-element elementor-element-iwgw-manen-ccinner e-flex e-con-boxed e-con e-parent\" data-id=\"iwgw-manen-ccinner\" data-element_type=\"container\" data-e-type=\"container\" data-settings=\"{&quot;background_background&quot;:&quot;classic&quot;}\">\n\t\t\t\t\t<div class=\"e-con-inner\">\n\t\t\t\t<div class=\"elementor-element elementor-element-iwgw-manen-cch elementor-widget elementor-widget-heading\" data-id=\"iwgw-manen-cch\" data-element_type=\"widget\" data-e-type=\"widget\" data-widget_type=\"heading.default\">\n\t\t\t\t\t<h2 class=\"elementor-heading-title elementor-size-default\">iWell Guard i tradicions de protecci\u00f3<\/h2>\t\t\t\t<\/div>\n\t\t\t\t<div class=\"elementor-element elementor-element-iwgw-manen-cct elementor-widget elementor-widget-text-editor\" data-id=\"iwgw-manen-cct\" data-element_type=\"widget\" data-e-type=\"widget\" data-widget_type=\"text-editor.default\">\n\t\t\t\t\t\t\t\t\t<div data-nosnippet=\"true\"><p>iWell Guard s&#8217;inscriu en la tradici\u00f3 cultural i hist\u00f2rica dels objectes de protecci\u00f3 portables, en la tradici\u00f3 de <a href=\"https:\/\/iwell-guard.com\/ca\/roma\/\">Roma<\/a> i de moltes altres cultures d&#8217;arreu del m\u00f3n. 41 capes, or aut\u00e8ntic, plat\u00ed, plata, fabricat a Alemanya. Dret de devoluci\u00f3 de 30 dies.<\/p><\/div>\t\t\t\t\t\t\t\t<\/div>\n\t\t\t\t<div class=\"elementor-element elementor-element-iwgw-manen-ccb iwg-cc-button iwg-cc-cta-2026-05-13 elementor-widget elementor-widget-jet-button\" data-id=\"iwgw-manen-ccb\" data-element_type=\"widget\" data-e-type=\"widget\" data-widget_type=\"jet-button.default\">\n\t\t\t\t<div class=\"elementor-widget-container\">\n\t\t\t\t\t<div class=\"elementor-jet-button jet-elements\"><div class=\"jet-button__container\"><a class=\"jet-button__instance jet-button__instance--icon-left hover-effect-1\" href=\"\/ueber-iwell-guard\/?utm_source=iwell-guard.com&amp;utm_medium=info-box&amp;utm_campaign=wesen-tradition\"><div class=\"jet-button__plane jet-button__plane-normal\"><\/div><div class=\"jet-button__plane jet-button__plane-hover\"><\/div><div class=\"jet-button__state jet-button__state-normal\"><span class=\"jet-button__label\">M\u00e9s informaci\u00f3 sobre l'iWell Guard<\/span><\/div><div class=\"jet-button__state jet-button__state-hover\"><span class=\"jet-button__label\">M\u00e9s informaci\u00f3 sobre l'iWell Guard<\/span><\/div><\/a><\/div><\/div><style>.elementor-element.elementor-element-iwgw-manen-ccb .jet-button__instance{width:320px;height:56px;}.elementor-element.elementor-element-iwgw-manen-ccb .jet-button__state-normal .jet-button__label{text-align:center;margin:0px 0px 0px 0px;color:#1a1b20;font-family:Montserrat,sans-serif;font-size:13px;font-weight:400;letter-spacing:4px;line-height:1.714em;text-transform:uppercase;}.elementor-element.elementor-element-iwgw-manen-ccb .jet-button__state-hover .jet-button__label{text-align:center;margin:0px 0px 0px 0px;color:#FECC76;font-family:Montserrat,sans-serif;font-size:13px;font-weight:400;letter-spacing:4px;line-height:1.714em;text-transform:uppercase;}.elementor-element.elementor-element-iwgw-manen-ccb .jet-button__plane-normal{background-color:#FECC76;border-style:solid;border-color:#C99540;border-width:2px 2px 2px 2px;}.elementor-element.elementor-element-iwgw-manen-ccb .jet-button__plane-hover{background-color:rgba(0,0,0,0.55);border-style:solid;border-color:#FECC76;border-width:2px 2px 2px 2px;}<\/style>\t\t\t\t<\/div>\n\t\t\t\t<\/div>\n\t\t\t\t<div class=\"elementor-element elementor-element-iwgw-manen-ccd elementor-widget elementor-widget-text-editor\" data-id=\"iwgw-manen-ccd\" data-element_type=\"widget\" data-e-type=\"widget\" data-widget_type=\"text-editor.default\">\n\t\t\t\t\t\t\t\t\t<div data-nosnippet=\"true\"><p style=\"text-align:center;font-size:13px;opacity:0.7;margin-top:14px\" data-nosnippet=\"true\">Les experi\u00e8ncies personals poden variar. No \u00e9s un producte sanitari. No \u00e9s una promesa de curaci\u00f3.<\/p><\/div>\t\t\t\t\t\t\t\t<\/div>\n\t\t\t\t\t<\/div>\n\t\t\t\t<\/div>\n\t\t\t\t\t<\/div>\n\t\t\t\t<\/div>\n\t\t<div class=\"elementor-element elementor-element-iwgw-manen-disc e-flex e-con-boxed e-con e-parent\" data-id=\"iwgw-manen-disc\" data-element_type=\"container\" data-e-type=\"container\">\n\t\t\t\t\t<div class=\"e-con-inner\">\n\t\t\t\t<div class=\"elementor-element elementor-element-iwgw-manen-discw elementor-widget elementor-widget-html\" data-id=\"iwgw-manen-discw\" data-element_type=\"widget\" data-e-type=\"widget\" data-widget_type=\"html.default\">\n\t\t\t\t\t<footer data-nosnippet=\"true\" class=\"iwg-disclaimer-block\"><p data-nosnippet=\"true\">iWell Guard <strong>no \u00e9s un producte sanitari<\/strong> i no substitueix cap tractament m\u00e8dic o psicoterap\u00e8utic. Els continguts d'hist\u00f2ria de les religions s\u00f3n una classificaci\u00f3 culturohist\u00f2rica, no una recomanaci\u00f3 de pr\u00e0ctica espiritual.<\/p><\/footer>\t\t\t\t<\/div>\n\t\t\t\t\t<\/div>\n\t\t\t\t<\/div>\n\t\t\t\t<\/div>\n\t\t","protected":false},"excerpt":{"rendered":"","protected":false},"author":3,"featured_media":3388,"parent":0,"menu_order":0,"comment_status":"closed","ping_status":"closed","template":"elementor_header_footer","meta":{"_yoast_wpseo_focuskw":"Manes esperits romans dels morts","_yoast_wpseo_title":"Manes \u2013 els esperits dels morts de la religi\u00f3 romana","_yoast_wpseo_metadesc":"Els Manes s\u00f3n els esperits de\u00efficats dels morts en la creen\u00e7a romana. An\u00e0lisi religi\u00f3s-hist\u00f2rica sobre les Parentalia, les Lemuria i el seu culte.","_yoast_wpseo_meta-robots-noindex":"","_yoast_wpseo_canonical":"","_angie_page":false,"gefaehrdungsstufe":"2","wesen_kultur":"rom","wesen_klasse":"geister","footnotes":""},"categories":[],"class_list":["post-171779","page","type-page","status-publish","has-post-thumbnail","hentry"],"yoast_head":"<!-- This site is optimized with the Yoast SEO Premium plugin v27.7 (Yoast SEO v28.3) - https:\/\/yoast.com\/product\/yoast-seo-premium-wordpress\/ -->\n<title>Manes \u2013 els esperits dels morts de la religi\u00f3 romana<\/title>\n<meta name=\"description\" content=\"Els Manes s\u00f3n els esperits de\u00efficats dels morts en la creen\u00e7a romana. An\u00e0lisi religi\u00f3s-hist\u00f2rica sobre les Parentalia, les Lemuria i el seu culte.\" \/>\n<meta name=\"robots\" content=\"index, follow, max-snippet:-1, max-image-preview:large, max-video-preview:-1\" \/>\n<link rel=\"canonical\" href=\"https:\/\/iwell-guard.com\/ca\/manes-esperits-deificats-morts\/\" \/>\n<meta property=\"og:locale\" content=\"ca_ES\" \/>\n<meta property=\"og:type\" content=\"article\" \/>\n<meta property=\"og:title\" content=\"Manes \u2013 els esperits de\u00efficats dels morts\" \/>\n<meta property=\"og:description\" content=\"Els Manes s\u00f3n els esperits de\u00efficats dels morts en la creen\u00e7a romana. An\u00e0lisi religi\u00f3s-hist\u00f2rica sobre les Parentalia, les Lemuria i el seu culte.\" \/>\n<meta property=\"og:url\" content=\"https:\/\/iwell-guard.com\/ca\/manes-esperits-deificats-morts\/\" \/>\n<meta property=\"og:site_name\" content=\"iWell Guard\" \/>\n<meta property=\"article:modified_time\" content=\"2026-09-05T16:07:01+00:00\" \/>\n<meta property=\"og:image\" content=\"https:\/\/iwell-guard.com\/wp-content\/uploads\/2026\/05\/geister_rom_manen.webp\" \/>\n\t<meta property=\"og:image:width\" content=\"1024\" \/>\n\t<meta property=\"og:image:height\" content=\"1536\" \/>\n\t<meta property=\"og:image:type\" content=\"image\/webp\" \/>\n<meta name=\"twitter:card\" content=\"summary_large_image\" \/>\n<script type=\"application\/ld+json\" class=\"yoast-schema-graph\">{\"@context\":\"https:\\\/\\\/schema.org\",\"@graph\":[{\"@type\":\"WebPage\",\"@id\":\"https:\\\/\\\/iwell-guard.com\\\/ca\\\/manes-esperits-deificats-morts\\\/\",\"url\":\"https:\\\/\\\/iwell-guard.com\\\/ca\\\/manes-esperits-deificats-morts\\\/\",\"name\":\"Manes \u2013 els esperits dels morts de la religi\u00f3 romana\",\"isPartOf\":{\"@id\":\"https:\\\/\\\/iwell-guard.com\\\/ca\\\/#website\"},\"primaryImageOfPage\":{\"@id\":\"https:\\\/\\\/iwell-guard.com\\\/ca\\\/manes-esperits-deificats-morts\\\/#primaryimage\"},\"image\":{\"@id\":\"https:\\\/\\\/iwell-guard.com\\\/ca\\\/manes-esperits-deificats-morts\\\/#primaryimage\"},\"thumbnailUrl\":\"https:\\\/\\\/iwell-guard.com\\\/wp-content\\\/uploads\\\/2026\\\/05\\\/geister_rom_manen.webp\",\"datePublished\":\"2026-09-05T15:42:19+00:00\",\"dateModified\":\"2026-09-05T16:07:01+00:00\",\"description\":\"Els Manes s\u00f3n els esperits de\u00efficats dels morts en la creen\u00e7a romana. An\u00e0lisi religi\u00f3s-hist\u00f2rica sobre les Parentalia, les Lemuria i el seu culte.\",\"breadcrumb\":{\"@id\":\"https:\\\/\\\/iwell-guard.com\\\/ca\\\/manes-esperits-deificats-morts\\\/#breadcrumb\"},\"inLanguage\":\"ca\",\"potentialAction\":[{\"@type\":\"ReadAction\",\"target\":[\"https:\\\/\\\/iwell-guard.com\\\/ca\\\/manes-esperits-deificats-morts\\\/\"]}]},{\"@type\":\"ImageObject\",\"inLanguage\":\"ca\",\"@id\":\"https:\\\/\\\/iwell-guard.com\\\/ca\\\/manes-esperits-deificats-morts\\\/#primaryimage\",\"url\":\"https:\\\/\\\/iwell-guard.com\\\/wp-content\\\/uploads\\\/2026\\\/05\\\/geister_rom_manen.webp\",\"contentUrl\":\"https:\\\/\\\/iwell-guard.com\\\/wp-content\\\/uploads\\\/2026\\\/05\\\/geister_rom_manen.webp\",\"width\":1024,\"height\":1536,\"caption\":\"Esperits de la tradici\u00f3 romana.\"},{\"@type\":\"BreadcrumbList\",\"@id\":\"https:\\\/\\\/iwell-guard.com\\\/ca\\\/manes-esperits-deificats-morts\\\/#breadcrumb\",\"itemListElement\":[{\"@type\":\"ListItem\",\"position\":1,\"name\":\"Start\",\"item\":\"https:\\\/\\\/iwell-guard.com\\\/ca\\\/?page_id=171333\"},{\"@type\":\"ListItem\",\"position\":2,\"name\":\"Manes \u2013 els esperits de\u00efficats dels morts\"}]},{\"@type\":\"WebSite\",\"@id\":\"https:\\\/\\\/iwell-guard.com\\\/ca\\\/#website\",\"url\":\"https:\\\/\\\/iwell-guard.com\\\/ca\\\/\",\"name\":\"iWell Guard\",\"description\":\"Schutz vor dunklen Einfl\u00fcssen\",\"publisher\":{\"@id\":\"https:\\\/\\\/iwell-guard.com\\\/ca\\\/#organization\"},\"potentialAction\":[{\"@type\":\"SearchAction\",\"target\":{\"@type\":\"EntryPoint\",\"urlTemplate\":\"https:\\\/\\\/iwell-guard.com\\\/ca\\\/?s={search_term_string}\"},\"query-input\":{\"@type\":\"PropertyValueSpecification\",\"valueRequired\":true,\"valueName\":\"search_term_string\"}}],\"inLanguage\":\"ca\"},{\"@type\":\"Organization\",\"@id\":\"https:\\\/\\\/iwell-guard.com\\\/ca\\\/#organization\",\"name\":\"Ittermann electronic GmbH\",\"url\":\"https:\\\/\\\/iwell-guard.com\\\/ca\\\/\",\"logo\":{\"@type\":\"ImageObject\",\"inLanguage\":\"ca\",\"@id\":\"https:\\\/\\\/iwell-guard.com\\\/ca\\\/#\\\/schema\\\/logo\\\/image\\\/\",\"url\":\"https:\\\/\\\/iwell-guard.com\\\/wp-content\\\/uploads\\\/2026\\\/05\\\/Ittermann-Logo-1182x237-1.png\",\"contentUrl\":\"https:\\\/\\\/iwell-guard.com\\\/wp-content\\\/uploads\\\/2026\\\/05\\\/Ittermann-Logo-1182x237-1.png\",\"width\":1182,\"height\":237,\"caption\":\"Ittermann electronic GmbH\"},\"image\":{\"@id\":\"https:\\\/\\\/iwell-guard.com\\\/ca\\\/#\\\/schema\\\/logo\\\/image\\\/\"},\"sameAs\":[\"https:\\\/\\\/pantip.com\\\/profile\\\/9367242\",\"https:\\\/\\\/micro.blog\\\/iwellguard\",\"https:\\\/\\\/www.diggerslist.com\\\/iwellguard\\\/about\",\"https:\\\/\\\/skitterphoto.com\\\/photographers\\\/2870314\\\/iwell-guard\",\"https:\\\/\\\/iwellguard.wordpress.com\\\/2026\\\/06\\\/06\\\/iwell-guard\\\/\",\"https:\\\/\\\/hub.docker.com\\\/u\\\/iwellguard\",\"https:\\\/\\\/www.pinterest.com\\\/iwellguard\\\/\",\"https:\\\/\\\/bit.ly\\\/m\\\/iwellguard\",\"https:\\\/\\\/entre-vos-mains.alsace.eu\\\/profiles\\\/iwellguard\\\/activity\",\"https:\\\/\\\/gravatar.com\\\/reallybeded8fd34\",\"https:\\\/\\\/naijamatta.com\\\/iwellguard\",\"https:\\\/\\\/www.goodreads.com\\\/iwellguard\",\"https:\\\/\\\/profile.hatena.ne.jp\\\/iwellguard\\\/\",\"https:\\\/\\\/experiment.com\\\/users\\\/iwellguard\",\"https:\\\/\\\/wakelet.com\\\/@iWellGuard82270\",\"https:\\\/\\\/www.chordie.com\\\/forum\\\/profile.php?id=2555664\",\"https:\\\/\\\/www.instapaper.com\\\/p\\\/17757966\",\"https:\\\/\\\/www.mapleprimes.com\\\/users\\\/iwellguard\",\"https:\\\/\\\/businesslistingplus.com\\\/profile\\\/iwell-guard\\\/\",\"https:\\\/\\\/telegra.ph\\\/iWell-Guard-06-06\",\"https:\\\/\\\/pbase.com\\\/iwellguard\\\/iwellguard\",\"https:\\\/\\\/b.hatena.ne.jp\\\/iwellguard\\\/20260607#bookmark-4788405196491818882\",\"https:\\\/\\\/fliphtml5.com\\\/home\\\/iwellguard\",\"https:\\\/\\\/anyflip.com\\\/homepage\\\/cmiwl#About\",\"https:\\\/\\\/transfur.com\\\/Users\\\/iwellguard\",\"http:\\\/\\\/delphi.larsbo.org\\\/user\\\/iwellguard\",\"https:\\\/\\\/jobs.lajobsportal.org\\\/profiles\\\/8380803-iwell-guard\",\"https:\\\/\\\/md.chaosdorf.de\\\/s\\\/jfbe5SBdJD\",\"https:\\\/\\\/www.lingvolive.com\\\/en-us\\\/profile\\\/9ecaeaca-ce11-4e51-9e71-01d55e2bff36\\\/translations\",\"https:\\\/\\\/www.fitday.com\\\/fitness\\\/forums\\\/members\\\/iwellguard.html\",\"https:\\\/\\\/www.mymeetbook.com\\\/iwellguard\",\"https:\\\/\\\/pxhere.com\\\/en\\\/photographer-me\\\/5040798\",\"https:\\\/\\\/disqus.com\\\/by\\\/iwellguard\\\/about\\\/\",\"https:\\\/\\\/pastelink.net\\\/hjwciqwq\",\"https:\\\/\\\/pubhtml5.com\\\/homepage\\\/scjhn\\\/\",\"https:\\\/\\\/www.bitchute.com\\\/channel\\\/2O2eOKzNqujT\",\"https:\\\/\\\/audiomack.com\\\/iwellguard\"]},{\"@type\":\"Article\",\"@id\":\"https:\\\/\\\/iwell-guard.com\\\/ca\\\/manes-esperits-deificats-morts\\\/#article\",\"isPartOf\":{\"@id\":\"https:\\\/\\\/iwell-guard.com\\\/ca\\\/manes-esperits-deificats-morts\\\/\"},\"author\":{\"name\":\"Ralf Ittermann\",\"@id\":\"https:\\\/\\\/iwell-guard.com\\\/ca\\\/#\\\/schema\\\/person\\\/ee2a27f1cac3406c7c6fb5820cb7349f\"},\"headline\":\"Manes \u2013 els esperits de\u00efficats dels morts\",\"datePublished\":\"2026-09-05T15:42:19+00:00\",\"dateModified\":\"2026-09-05T16:07:01+00:00\",\"mainEntityOfPage\":{\"@id\":\"https:\\\/\\\/iwell-guard.com\\\/ca\\\/manes-esperits-deificats-morts\\\/\"},\"publisher\":{\"@id\":\"https:\\\/\\\/iwell-guard.com\\\/ca\\\/#organization\"},\"image\":{\"@id\":\"https:\\\/\\\/iwell-guard.com\\\/ca\\\/manes-esperits-deificats-morts\\\/#primaryimage\"},\"thumbnailUrl\":\"https:\\\/\\\/iwell-guard.com\\\/wp-content\\\/uploads\\\/2026\\\/05\\\/geister_rom_manen.webp\",\"inLanguage\":\"ca\",\"description\":\"Els Manes s\u00f3n els esperits de\u00efficats dels morts en la creen\u00e7a romana. An\u00e0lisi religi\u00f3s-hist\u00f2rica sobre les Parentalia, les Lemuria i el seu culte.\"}]}<\/script>\n<!-- \/ Yoast SEO Premium plugin. -->","yoast_head_json":{"title":"Manes \u2013 els esperits dels morts de la religi\u00f3 romana","description":"Els Manes s\u00f3n els esperits de\u00efficats dels morts en la creen\u00e7a romana. An\u00e0lisi religi\u00f3s-hist\u00f2rica sobre les Parentalia, les Lemuria i el seu culte.","robots":{"index":"index","follow":"follow","max-snippet":"max-snippet:-1","max-image-preview":"max-image-preview:large","max-video-preview":"max-video-preview:-1"},"canonical":"https:\/\/iwell-guard.com\/ca\/manes-esperits-deificats-morts\/","og_locale":"ca_ES","og_type":"article","og_title":"Manes \u2013 els esperits de\u00efficats dels morts","og_description":"Els Manes s\u00f3n els esperits de\u00efficats dels morts en la creen\u00e7a romana. An\u00e0lisi religi\u00f3s-hist\u00f2rica sobre les Parentalia, les Lemuria i el seu culte.","og_url":"https:\/\/iwell-guard.com\/ca\/manes-esperits-deificats-morts\/","og_site_name":"iWell Guard","article_modified_time":"2026-09-05T16:07:01+00:00","og_image":[{"width":1024,"height":1536,"url":"https:\/\/iwell-guard.com\/wp-content\/uploads\/2026\/05\/geister_rom_manen.webp","type":"image\/webp"}],"twitter_card":"summary_large_image","schema":{"@context":"https:\/\/schema.org","@graph":[{"@type":"Article","@id":"https:\/\/iwell-guard.com\/ca\/manes-esperits-deificats-morts\/#article","isPartOf":{"@id":"https:\/\/iwell-guard.com\/ca\/manes-esperits-deificats-morts\/"},"author":{"name":"Ralf Ittermann","@id":"https:\/\/iwell-guard.com\/ca\/#\/schema\/person\/ee2a27f1cac3406c7c6fb5820cb7349f"},"headline":"Manes \u2013 els esperits de\u00efficats dels morts","datePublished":"2026-09-05T15:42:19+00:00","dateModified":"2026-09-05T16:07:01+00:00","mainEntityOfPage":{"@id":"https:\/\/iwell-guard.com\/ca\/manes-esperits-deificats-morts\/"},"publisher":{"@id":"https:\/\/iwell-guard.com\/ca\/#organization"},"image":{"@id":"https:\/\/iwell-guard.com\/ca\/manes-esperits-deificats-morts\/#primaryimage"},"thumbnailUrl":"https:\/\/iwell-guard.com\/wp-content\/uploads\/2026\/05\/geister_rom_manen.webp","inLanguage":"ca","description":"Els Manes s\u00f3n els esperits de\u00efficats dels morts en la creen\u00e7a romana. An\u00e0lisi religi\u00f3s-hist\u00f2rica sobre les Parentalia, les Lemuria i el seu culte."},{"@type":"WebPage","@id":"https:\/\/iwell-guard.com\/ca\/manes-esperits-deificats-morts\/","url":"https:\/\/iwell-guard.com\/ca\/manes-esperits-deificats-morts\/","name":"Manes \u2013 els esperits dels morts de la religi\u00f3 romana","isPartOf":{"@id":"https:\/\/iwell-guard.com\/ca\/#website"},"primaryImageOfPage":{"@id":"https:\/\/iwell-guard.com\/ca\/manes-esperits-deificats-morts\/#primaryimage"},"image":{"@id":"https:\/\/iwell-guard.com\/ca\/manes-esperits-deificats-morts\/#primaryimage"},"thumbnailUrl":"https:\/\/iwell-guard.com\/wp-content\/uploads\/2026\/05\/geister_rom_manen.webp","datePublished":"2026-09-05T15:42:19+00:00","dateModified":"2026-09-05T16:07:01+00:00","description":"Els Manes s\u00f3n els esperits de\u00efficats dels morts en la creen\u00e7a romana. An\u00e0lisi religi\u00f3s-hist\u00f2rica sobre les Parentalia, les Lemuria i el seu culte.","breadcrumb":{"@id":"https:\/\/iwell-guard.com\/ca\/manes-esperits-deificats-morts\/#breadcrumb"},"inLanguage":"ca","potentialAction":[{"@type":"ReadAction","target":["https:\/\/iwell-guard.com\/ca\/manes-esperits-deificats-morts\/"]}]},{"@type":"ImageObject","inLanguage":"ca","@id":"https:\/\/iwell-guard.com\/ca\/manes-esperits-deificats-morts\/#primaryimage","url":"https:\/\/iwell-guard.com\/wp-content\/uploads\/2026\/05\/geister_rom_manen.webp","contentUrl":"https:\/\/iwell-guard.com\/wp-content\/uploads\/2026\/05\/geister_rom_manen.webp","width":1024,"height":1536,"caption":"Esperits de la tradici\u00f3 romana."},{"@type":"BreadcrumbList","@id":"https:\/\/iwell-guard.com\/ca\/manes-esperits-deificats-morts\/#breadcrumb","itemListElement":[{"@type":"ListItem","position":1,"name":"Start","item":"https:\/\/iwell-guard.com\/ca\/?page_id=171333"},{"@type":"ListItem","position":2,"name":"Manes \u2013 els esperits de\u00efficats dels morts"}]},{"@type":"WebSite","@id":"https:\/\/iwell-guard.com\/ca\/#website","url":"https:\/\/iwell-guard.com\/ca\/","name":"iWell Guard","description":"Schutz vor dunklen Einfl\u00fcssen","publisher":{"@id":"https:\/\/iwell-guard.com\/ca\/#organization"},"potentialAction":[{"@type":"SearchAction","target":{"@type":"EntryPoint","urlTemplate":"https:\/\/iwell-guard.com\/ca\/?s={search_term_string}"},"query-input":{"@type":"PropertyValueSpecification","valueRequired":true,"valueName":"search_term_string"}}],"inLanguage":"ca"},{"@type":"Organization","@id":"https:\/\/iwell-guard.com\/ca\/#organization","name":"Ittermann electronic GmbH","url":"https:\/\/iwell-guard.com\/ca\/","logo":{"@type":"ImageObject","inLanguage":"ca","@id":"https:\/\/iwell-guard.com\/ca\/#\/schema\/logo\/image\/","url":"https:\/\/iwell-guard.com\/wp-content\/uploads\/2026\/05\/Ittermann-Logo-1182x237-1.png","contentUrl":"https:\/\/iwell-guard.com\/wp-content\/uploads\/2026\/05\/Ittermann-Logo-1182x237-1.png","width":1182,"height":237,"caption":"Ittermann electronic GmbH"},"image":{"@id":"https:\/\/iwell-guard.com\/ca\/#\/schema\/logo\/image\/"},"sameAs":["https:\/\/pantip.com\/profile\/9367242","https:\/\/micro.blog\/iwellguard","https:\/\/www.diggerslist.com\/iwellguard\/about","https:\/\/skitterphoto.com\/photographers\/2870314\/iwell-guard","https:\/\/iwellguard.wordpress.com\/2026\/06\/06\/iwell-guard\/","https:\/\/hub.docker.com\/u\/iwellguard","https:\/\/www.pinterest.com\/iwellguard\/","https:\/\/bit.ly\/m\/iwellguard","https:\/\/entre-vos-mains.alsace.eu\/profiles\/iwellguard\/activity","https:\/\/gravatar.com\/reallybeded8fd34","https:\/\/naijamatta.com\/iwellguard","https:\/\/www.goodreads.com\/iwellguard","https:\/\/profile.hatena.ne.jp\/iwellguard\/","https:\/\/experiment.com\/users\/iwellguard","https:\/\/wakelet.com\/@iWellGuard82270","https:\/\/www.chordie.com\/forum\/profile.php?id=2555664","https:\/\/www.instapaper.com\/p\/17757966","https:\/\/www.mapleprimes.com\/users\/iwellguard","https:\/\/businesslistingplus.com\/profile\/iwell-guard\/","https:\/\/telegra.ph\/iWell-Guard-06-06","https:\/\/pbase.com\/iwellguard\/iwellguard","https:\/\/b.hatena.ne.jp\/iwellguard\/20260607#bookmark-4788405196491818882","https:\/\/fliphtml5.com\/home\/iwellguard","https:\/\/anyflip.com\/homepage\/cmiwl#About","https:\/\/transfur.com\/Users\/iwellguard","http:\/\/delphi.larsbo.org\/user\/iwellguard","https:\/\/jobs.lajobsportal.org\/profiles\/8380803-iwell-guard","https:\/\/md.chaosdorf.de\/s\/jfbe5SBdJD","https:\/\/www.lingvolive.com\/en-us\/profile\/9ecaeaca-ce11-4e51-9e71-01d55e2bff36\/translations","https:\/\/www.fitday.com\/fitness\/forums\/members\/iwellguard.html","https:\/\/www.mymeetbook.com\/iwellguard","https:\/\/pxhere.com\/en\/photographer-me\/5040798","https:\/\/disqus.com\/by\/iwellguard\/about\/","https:\/\/pastelink.net\/hjwciqwq","https:\/\/pubhtml5.com\/homepage\/scjhn\/","https:\/\/www.bitchute.com\/channel\/2O2eOKzNqujT","https:\/\/audiomack.com\/iwellguard"]},{"@type":"Person","@id":"https:\/\/iwell-guard.com\/ca\/#\/schema\/person\/ee2a27f1cac3406c7c6fb5820cb7349f","name":"Ralf Ittermann","image":{"@type":"ImageObject","inLanguage":"ca","@id":"https:\/\/secure.gravatar.com\/avatar\/073c0153e350a5005b68eb752b445fea71f6b24a26da9449ad7e155e6b446c9d?s=96&d=mm&r=g","url":"https:\/\/secure.gravatar.com\/avatar\/073c0153e350a5005b68eb752b445fea71f6b24a26da9449ad7e155e6b446c9d?s=96&d=mm&r=g","contentUrl":"https:\/\/secure.gravatar.com\/avatar\/073c0153e350a5005b68eb752b445fea71f6b24a26da9449ad7e155e6b446c9d?s=96&d=mm&r=g","caption":"Ralf Ittermann"},"givenName":"Ralf","familyName":"Ittermann","jobTitle":"Gesch\u00e4ftsf\u00fchrer und redaktioneller Verantwortlicher","url":"https:\/\/iwell-guard.com\/ca\/author\/claude\/","description":"Ralf Ittermann ist Gesch\u00e4ftsf\u00fchrer der Ittermann electronic GmbH und redaktioneller Verantwortlicher des iWell-Guard-Lexikons. Er verbindet langj\u00e4hrige Erfahrung in der Pr\u00e4zisionsfertigung mit medialer Praxis und religionsgeschichtlicher Quellenarbeit.","worksFor":{"@type":"Organization","name":"Ittermann electronic GmbH","url":"https:\/\/ittermann.de\/","address":{"@type":"PostalAddress","streetAddress":"K\u00f6hlergasse 16-18","postalCode":"99842","addressLocality":"Ruhla","addressCountry":"DE"}},"knowsAbout":["Religionsgeschichte","Mythologie","Mediale Praxis","Energetische Diagnostik","Schutzpraxis","Volksglauben","Westliche Esoterik"]},{"@type":"Article","@id":"https:\/\/iwell-guard.com\/ca\/manes-esperits-deificats-morts\/#article","isPartOf":{"@id":"https:\/\/iwell-guard.com\/ca\/manes-esperits-deificats-morts\/"},"author":{"name":"Ralf Ittermann","@id":"https:\/\/iwell-guard.com\/ca\/#\/schema\/person\/ee2a27f1cac3406c7c6fb5820cb7349f"},"headline":"Manes \u2013 els esperits de\u00efficats dels morts","datePublished":"2026-09-05T15:42:19+00:00","dateModified":"2026-09-05T16:07:01+00:00","mainEntityOfPage":{"@id":"https:\/\/iwell-guard.com\/ca\/manes-esperits-deificats-morts\/"},"publisher":{"@id":"https:\/\/iwell-guard.com\/ca\/#organization"},"image":{"@id":"https:\/\/iwell-guard.com\/ca\/manes-esperits-deificats-morts\/#primaryimage"},"thumbnailUrl":"https:\/\/iwell-guard.com\/wp-content\/uploads\/2026\/05\/geister_rom_manen.webp","inLanguage":"ca","description":"Els Manes s\u00f3n els esperits de\u00efficats dels morts en la creen\u00e7a romana. An\u00e0lisi religi\u00f3s-hist\u00f2rica sobre les Parentalia, les Lemuria i el seu culte."}]}},"_links":{"self":[{"href":"https:\/\/iwell-guard.com\/ca\/wp-json\/wp\/v2\/pages\/171779","targetHints":{"allow":["GET"]}}],"collection":[{"href":"https:\/\/iwell-guard.com\/ca\/wp-json\/wp\/v2\/pages"}],"about":[{"href":"https:\/\/iwell-guard.com\/ca\/wp-json\/wp\/v2\/types\/page"}],"author":[{"embeddable":true,"href":"https:\/\/iwell-guard.com\/ca\/wp-json\/wp\/v2\/users\/3"}],"replies":[{"embeddable":true,"href":"https:\/\/iwell-guard.com\/ca\/wp-json\/wp\/v2\/comments?post=171779"}],"version-history":[{"count":0,"href":"https:\/\/iwell-guard.com\/ca\/wp-json\/wp\/v2\/pages\/171779\/revisions"}],"wp:featuredmedia":[{"embeddable":true,"href":"https:\/\/iwell-guard.com\/ca\/wp-json\/wp\/v2\/media\/3388"}],"wp:attachment":[{"href":"https:\/\/iwell-guard.com\/ca\/wp-json\/wp\/v2\/media?parent=171779"}],"wp:term":[{"taxonomy":"category","embeddable":true,"href":"https:\/\/iwell-guard.com\/ca\/wp-json\/wp\/v2\/categories?post=171779"}],"curies":[{"name":"wp","href":"https:\/\/api.w.org\/{rel}","templated":true}]}}