{"id":171771,"date":"2026-09-05T15:42:15","date_gmt":"2026-09-05T15:42:15","guid":{"rendered":"https:\/\/iwell-guard.com\/?page_id=171771"},"modified":"2026-09-05T16:06:48","modified_gmt":"2026-09-05T16:06:48","slug":"practiques-magiques","status":"publish","type":"page","link":"https:\/\/iwell-guard.com\/ca\/practiques-magiques\/","title":{"rendered":"Pr\u00e0ctiques m\u00e0giques"},"content":{"rendered":"\t\t<div data-elementor-type=\"wp-page\" data-elementor-id=\"171771\" class=\"elementor elementor-171771 elementor-2717 elementor-bc-flex-widget\" data-elementor-post-type=\"page\">\n\t\t\t\t<div class=\"elementor-element elementor-element-prhero e-flex e-con-boxed e-con e-parent\" data-id=\"prhero\" data-element_type=\"container\" data-e-type=\"container\">\n\t\t\t\t\t<div class=\"e-con-inner\">\n\t\t<div class=\"elementor-element elementor-element-prherolft e-flex e-con-boxed e-con e-parent\" data-id=\"prherolft\" data-element_type=\"container\" data-e-type=\"container\">\n\t\t\t\t\t<div class=\"e-con-inner\">\n\t\t<div class=\"elementor-element elementor-element-prhh1c e-con-full e-flex e-con e-parent\" data-id=\"prhh1c\" data-element_type=\"container\" data-e-type=\"container\">\n\t\t\t\t<div class=\"elementor-element elementor-element-prhh1 elementor-widget elementor-widget-heading\" data-id=\"prhh1\" data-element_type=\"widget\" data-e-type=\"widget\" data-widget_type=\"heading.default\">\n\t\t\t\t\t<h1 class=\"elementor-heading-title elementor-size-default\">Pr\u00e0ctiques m\u00e0giques, maleficis, encanteris d'amor i rituals: una visi\u00f3 general<\/h1>\t\t\t\t<\/div>\n\t\t\t\t<div class=\"elementor-element elementor-element-prhlead elementor-widget elementor-widget-text-editor\" data-id=\"prhlead\" data-element_type=\"widget\" data-e-type=\"widget\" data-widget_type=\"text-editor.default\">\n\t\t\t\t\t\t\t\t\t<p>Les pr\u00e0ctiques m\u00e0giques acompanyen la humanitat des que existeixen fonts escrites. Maleficis, encanteris d&#8217;amor, invocaci\u00f3 dels morts, interpretaci\u00f3 de senyals: cada cultura ha desenvolupat els seus propis procediments per actuar sobre all\u00f2 invisible. Aquest l\u00e8xic ofereix una visi\u00f3 general, des de la ci\u00e8ncia de la religi\u00f3, de les pr\u00e0ctiques m\u00e9s importants, de manera objectiva i sense judicis de valor.<\/p>\t\t\t\t\t\t\t\t<\/div>\n\t\t\t\t<\/div>\n\t\t<div class=\"elementor-element elementor-element-prhpc e-con-full e-flex e-con e-parent\" data-id=\"prhpc\" data-element_type=\"container\" data-e-type=\"container\">\n\t\t\t\t<div class=\"elementor-element elementor-element-prhp elementor-widget elementor-widget-html\" data-id=\"prhp\" data-element_type=\"widget\" data-e-type=\"widget\" data-widget_type=\"html.default\">\n\t\t\t\t\t<div class=\"iwg-pill-row\"><span class=\"iwg-klasse-badge\" tabindex=\"0\" data-tooltip=\"Visi\u00f3 general tem\u00e0tica: p\u00e0gina recopilat\u00f2ria que enlla\u00e7a pr\u00e0ctiques m\u00e0giques de diverses tradicions i n'ofereix una classificaci\u00f3 culturohist\u00f2rica.\">Visi\u00f3 general tem\u00e0tica<\/span><\/div>\t\t\t\t<\/div>\n\t\t\t\t<\/div>\n\t\t\t\t\t<\/div>\n\t\t\t\t<\/div>\n\t\t<div class=\"elementor-element elementor-element-prherorgt e-flex e-con-boxed e-con e-parent\" data-id=\"prherorgt\" data-element_type=\"container\" data-e-type=\"container\" data-settings=\"{&quot;background_background&quot;:&quot;classic&quot;}\">\n\t\t\t\t\t<div class=\"e-con-inner\">\n\t\t\t\t<div class=\"elementor-element elementor-element-prheroimg iwg-hero-image elementor-widget elementor-widget-image\" data-id=\"prheroimg\" data-element_type=\"widget\" data-e-type=\"widget\" data-widget_type=\"image.default\">\n\t\t\t\t\t\t\t\t\t\t\t\t\t\t\t<img fetchpriority=\"high\" decoding=\"async\" width=\"800\" height=\"441\" src=\"https:\/\/iwell-guard.com\/wp-content\/uploads\/2026\/05\/Praktiken-1200x661-Hintergrund-sym-1024x564.webp\" class=\"attachment-large size-large wp-image-2274\" alt=\"Hintergrund-Kachel f\u00fcr Praktiken-Pages, 1200x661 als Tile\" srcset=\"https:\/\/iwell-guard.com\/wp-content\/uploads\/2026\/05\/Praktiken-1200x661-Hintergrund-sym-1024x564.webp 1024w, https:\/\/iwell-guard.com\/wp-content\/uploads\/2026\/05\/Praktiken-1200x661-Hintergrund-sym-300x165.webp 300w, https:\/\/iwell-guard.com\/wp-content\/uploads\/2026\/05\/Praktiken-1200x661-Hintergrund-sym-768x423.webp 768w, https:\/\/iwell-guard.com\/wp-content\/uploads\/2026\/05\/Praktiken-1200x661-Hintergrund-sym.webp 1200w\" sizes=\"(max-width: 800px) 100vw, 800px\" \/>\t\t\t\t\t\t\t\t\t\t\t\t\t\t\t<\/div>\n\t\t\t\t\t<\/div>\n\t\t\t\t<\/div>\n\t\t\t\t\t<\/div>\n\t\t\t\t<\/div>\n\t\t\t\t<section class=\"elementor-section elementor-top-section elementor-element elementor-element-sec-iwgcomp2-praktiken elementor-section-boxed elementor-section-height-default elementor-section-height-default\" data-id=\"sec-iwgcomp2-praktiken\" data-element_type=\"section\" data-e-type=\"section\">\n\t\t\t\t\t\t<div class=\"elementor-container elementor-column-gap-default\">\n\t\t\t\t\t<div class=\"elementor-column elementor-col-100 elementor-top-column elementor-element elementor-element-col-iwgcomp2-praktiken\" data-id=\"col-iwgcomp2-praktiken\" data-element_type=\"column\" data-e-type=\"column\">\n\t\t\t<div class=\"elementor-widget-wrap elementor-element-populated\">\n\t\t\t\t\t\t<div class=\"elementor-element elementor-element-iwgcomp2-praktiken elementor-widget elementor-widget-text-editor\" data-id=\"iwgcomp2-praktiken\" data-element_type=\"widget\" data-e-type=\"widget\" data-widget_type=\"text-editor.default\">\n\t\t\t\t\t\t\t\t\t<p>Aquesta p\u00e0gina ofereix una visi\u00f3 general dels <strong>rituals<\/strong> m\u00e0gics de diverses cultures.<\/p>\t\t\t\t\t\t\t\t<\/div>\n\t\t\t\t\t<\/div>\n\t\t<\/div>\n\t\t\t\t\t<\/div>\n\t\t<\/section>\n\t\t\t\t<section class=\"elementor-section elementor-top-section elementor-element elementor-element-sec-iwgcomp-praktiken elementor-section-boxed elementor-section-height-default elementor-section-height-default\" data-id=\"sec-iwgcomp-praktiken\" data-element_type=\"section\" data-e-type=\"section\">\n\t\t\t\t\t\t<div class=\"elementor-container elementor-column-gap-default\">\n\t\t\t\t\t<div class=\"elementor-column elementor-col-100 elementor-top-column elementor-element elementor-element-col-iwgcomp-praktiken\" data-id=\"col-iwgcomp-praktiken\" data-element_type=\"column\" data-e-type=\"column\">\n\t\t\t<div class=\"elementor-widget-wrap elementor-element-populated\">\n\t\t\t\t\t\t<div class=\"elementor-element elementor-element-iwgcomp-praktiken elementor-widget elementor-widget-text-editor\" data-id=\"iwgcomp-praktiken\" data-element_type=\"widget\" data-e-type=\"widget\" data-widget_type=\"text-editor.default\">\n\t\t\t\t\t\t\t\t\t<p>Les <strong>pr\u00e0ctiques<\/strong> m\u00e0giques estan documentades en <strong>moltes<\/strong> i, per tant, en les <strong>cultures<\/strong> m\u00e9s diverses de <strong>nombroses<\/strong> \u00e8poques, des de la m\u00e0gia dels temples egipcis fins a corrents contemporanis.<\/p>\t\t\t\t\t\t\t\t<\/div>\n\t\t\t\t\t<\/div>\n\t\t<\/div>\n\t\t\t\t\t<\/div>\n\t\t<\/section>\n\t\t<div class=\"elementor-element elementor-element-prsec1 e-flex e-con-boxed e-con e-parent\" data-id=\"prsec1\" data-element_type=\"container\" data-e-type=\"container\">\n\t\t\t\t\t<div class=\"e-con-inner\">\n\t\t\t\t<div class=\"elementor-element elementor-element-prsec1h elementor-widget elementor-widget-heading\" data-id=\"prsec1h\" data-element_type=\"widget\" data-e-type=\"widget\" data-widget_type=\"heading.default\">\n\t\t\t\t\t<h2 class=\"elementor-heading-title elementor-size-default\">Qu\u00e8 s\u00f3n les pr\u00e0ctiques m\u00e0giques<\/h2>\t\t\t\t<\/div>\n\t\t<div class=\"elementor-element elementor-element-prsec1b e-con-full e-flex e-con e-parent\" data-id=\"prsec1b\" data-element_type=\"container\" data-e-type=\"container\">\n\t\t\t\t<div class=\"elementor-element elementor-element-prsec1t elementor-widget elementor-widget-html\" data-id=\"prsec1t\" data-element_type=\"widget\" data-e-type=\"widget\" data-widget_type=\"html.default\">\n\t\t\t\t\t<p>Una pr\u00e0ctica m\u00e0gica \u00e9s un procediment regulat que, dins d'una tradici\u00f3, es considera efica\u00e7 per actuar sobre persones, esdeveniments o entitats. La suposici\u00f3 sobre el seu efecte va des d'una acci\u00f3 m\u00e0gica directa fins a l'oraci\u00f3 religiosa o l'autoafirmaci\u00f3 psicol\u00f2gica. Des de la ci\u00e8ncia de la religi\u00f3, aquests procediments es descriuen com a factualitats culturals coherents, sense judici moral i sense pronunciar-se sobre la seva efic\u00e0cia objectiva.<\/p><p>Des de l'etnologia de la religi\u00f3, se sol distingir a grans trets entre la m\u00e0gia perjudicial (com el <a href=\"https:\/\/iwell-guard.com\/ca\/malefici\/\">maleficis<\/a> i el <a href=\"https:\/\/iwell-guard.com\/ca\/gies-bruixeria-de-veri-vessament\/\">gies<\/a>), la m\u00e0gia influent (<a href=\"https:\/\/iwell-guard.com\/ca\/hexes-damorosos\/\">encanteri d'amor<\/a>, <a href=\"https:\/\/iwell-guard.com\/ca\/filtre-damor\/\">poci\u00f3 d'amor<\/a>), el treball amb entitats (<a href=\"https:\/\/iwell-guard.com\/ca\/invocacio-entitats-demoniaques\/\">invocaci\u00f3<\/a>, <a href=\"https:\/\/iwell-guard.com\/ca\/necromancia\/\">necrom\u00e0ncia<\/a>) i els procediments endevinatoris (<a href=\"https:\/\/iwell-guard.com\/ca\/numerologia\/\">numerologia<\/a>, <a href=\"https:\/\/iwell-guard.com\/ca\/geomancia\/\">geom\u00e0ncia<\/a>). La majoria de pr\u00e0ctiques es poden classificar simult\u00e0niament en diverses categories.<\/p>\n<p>L'etnologia de la religi\u00f3 cl\u00e0ssica ha intentat descriure la l\u00f2gica interna d'aquests procediments. James George Frazer, a \u00abLa branca daurada\u00bb, va distingir dos principis fonamentals: la m\u00e0gia per similitud, que parteix de la idea que all\u00f2 semblant produeix efectes semblants, i la m\u00e0gia per contacte, que suposa una acci\u00f3 a dist\u00e0ncia a trav\u00e9s d'objectes que van estar units, com cabells o peces de roba. Marcel Mauss va despla\u00e7ar la mirada de l'acte individual cap a la comunitat i va descriure la m\u00e0gia com una representaci\u00f3 compartida col\u00b7lectivament. Aquests models es consideren avui hist\u00f2rics, per\u00f2 continuen sent \u00fatils com a esquemes descriptius per fer visibles patrons recurrents m\u00e9s enll\u00e0 de les fronteres culturals.<\/p>\t\t\t\t<\/div>\n\t\t\t\t<\/div>\n\t\t\t\t\t<\/div>\n\t\t\t\t<\/div>\n\t\t<div class=\"elementor-element elementor-element-a506dc4 e-flex e-con-boxed e-con e-parent\" data-id=\"a506dc4\" data-element_type=\"container\" data-e-type=\"container\">\n\t\t\t\t\t<div class=\"e-con-inner\">\n\t\t\t\t<div class=\"elementor-element elementor-element-8255d8b elementor-widget elementor-widget-heading\" data-id=\"8255d8b\" data-element_type=\"widget\" data-e-type=\"widget\" data-widget_type=\"heading.default\">\n\t\t\t\t\t<h2 class=\"elementor-heading-title elementor-size-default\">M\u00e0gia, religi\u00f3 i ci\u00e8ncia<\/h2>\t\t\t\t<\/div>\n\t\t<div class=\"elementor-element elementor-element-5f30a46 e-con-full e-flex e-con e-parent\" data-id=\"5f30a46\" data-element_type=\"container\" data-e-type=\"container\">\n\t\t\t\t<div class=\"elementor-element elementor-element-1858040 elementor-widget elementor-widget-html\" data-id=\"1858040\" data-element_type=\"widget\" data-e-type=\"widget\" data-widget_type=\"html.default\">\n\t\t\t\t\t<p>La delimitaci\u00f3 entre m\u00e0gia i religi\u00f3 \u00e9s una de les q\u00fcestions m\u00e9s antigues i debatudes de la disciplina. Frazer situava la m\u00e0gia en una etapa primerenca anterior a la religi\u00f3; investigacions posteriors han rebutjat aquesta seq\u00fc\u00e8ncia evolutiva. \u00c9mile Durkheim va distingir totes dues a partir de la seva forma social: la religi\u00f3 cohesiona una comunitat, mentre que l'acte m\u00e0gic respon m\u00e9s b\u00e9 a una relaci\u00f3 de tipus client entre un especialista i qui demana consell. Bronis\u0142aw Malinowski, per la seva banda, va destacar l'arrelament pr\u00e0ctic en la vida quotidiana i va mostrar que els procediments m\u00e0gics es concentren all\u00e0 on el resultat d'una empresa continua sent incert.<\/p><p>La ci\u00e8ncia de la religi\u00f3 actual renuncia en gran mesura a tra\u00e7ar una l\u00ednia divis\u00f2ria clara. Tracta la m\u00e0gia, la religi\u00f3 i tamb\u00e9 les primeres formes de coneixement de la natura com a maneres entrella\u00e7ades de fer que el m\u00f3n sigui accessible. Per aix\u00f2, en aquest l\u00e8xic el terme \u00abm\u00e0gia\u00bb s'utilitza com a concepte recopilatori culturohist\u00f2ric, no com a judici de valor. Designa un comportament hum\u00e0 documentat, sense pronunciar-se sobre la seva efic\u00e0cia objectiva.<\/p>\t\t\t\t<\/div>\n\t\t\t\t<\/div>\n\t\t\t\t\t<\/div>\n\t\t\t\t<\/div>\n\t\t<div class=\"elementor-element elementor-element-prsec2 e-flex e-con-boxed e-con e-parent\" data-id=\"prsec2\" data-element_type=\"container\" data-e-type=\"container\">\n\t\t\t\t\t<div class=\"e-con-inner\">\n\t\t\t\t<div class=\"elementor-element elementor-element-prsec2h elementor-widget elementor-widget-heading\" data-id=\"prsec2h\" data-element_type=\"widget\" data-e-type=\"widget\" data-widget_type=\"heading.default\">\n\t\t\t\t\t<h2 class=\"elementor-heading-title elementor-size-default\">Pr\u00e0ctiques al l\u00e8xic<\/h2>\t\t\t\t<\/div>\n\t\t<div class=\"elementor-element elementor-element-prsec2b e-con-full e-flex e-con e-parent\" data-id=\"prsec2b\" data-element_type=\"container\" data-e-type=\"container\">\n\t\t\t\t<div class=\"elementor-element elementor-element-prsec2t elementor-widget elementor-widget-html\" data-id=\"prsec2t\" data-element_type=\"widget\" data-e-type=\"widget\" data-widget_type=\"html.default\">\n\t\t\t\t\t<p>Al l\u00e8xic d'iwell-guard trobareu actualment dotze entrades elaborades sobre pr\u00e0ctiques m\u00e0giques. Cada article situa la pr\u00e0ctica en el seu context hist\u00f2ric, cita les fonts principals i remet a \u00e9ssers relacionats:<\/p><div class=\"iwg-hub-grid\" style=\"display:grid;grid-template-columns:repeat(auto-fit,minmax(280px,1fr));gap:20px;margin:8px 0;\"><a href=\"https:\/\/iwell-guard.com\/ca\/malefici\/\" class=\"iwg-hub-card\" aria-label=\"M\u00e0gia maligna\"><img decoding=\"async\" src=\"https:\/\/iwell-guard.com\/wp-content\/uploads\/2026\/05\/praktiken_schadzauber.webp\" alt=\"M\u00e0gia maligna \u2014 Il\u00b7lustraci\u00f3\" class=\"iwg-hub-card-img\" loading=\"lazy\"><div class=\"iwg-hub-card-body\"><h3 class=\"iwg-hub-card-title\">M\u00e0gia maligna<\/h3><span class=\"iwg-hub-card-cta\">Llegir m\u00e9s<\/span><\/div><\/a><a href=\"https:\/\/iwell-guard.com\/ca\/hexes-damorosos\/\" class=\"iwg-hub-card\" aria-label=\"M\u00e0gia amorosa\"><img decoding=\"async\" src=\"https:\/\/iwell-guard.com\/wp-content\/uploads\/2026\/05\/praktiken_liebeszauber.webp\" alt=\"M\u00e0gia amorosa \u2014 Il\u00b7lustraci\u00f3\" class=\"iwg-hub-card-img\" loading=\"lazy\"><div class=\"iwg-hub-card-body\"><h3 class=\"iwg-hub-card-title\">M\u00e0gia amorosa<\/h3><span class=\"iwg-hub-card-cta\">Llegir m\u00e9s<\/span><\/div><\/a><a href=\"https:\/\/iwell-guard.com\/ca\/filtre-damor\/\" class=\"iwg-hub-card\" aria-label=\"Filtre d'amor\"><img decoding=\"async\" src=\"https:\/\/iwell-guard.com\/wp-content\/uploads\/2026\/05\/praktiken_liebestrank.webp\" alt=\"Filtre d'amor \u2014 Il\u00b7lustraci\u00f3\" class=\"iwg-hub-card-img\" loading=\"lazy\"><div class=\"iwg-hub-card-body\"><h3 class=\"iwg-hub-card-title\">Filtre d'amor<\/h3><span class=\"iwg-hub-card-cta\">Llegir m\u00e9s<\/span><\/div><\/a><a href=\"https:\/\/iwell-guard.com\/ca\/voodozauber\/\" class=\"iwg-hub-card\" aria-label=\"M\u00e0gia vod\u00fa\"><img decoding=\"async\" src=\"https:\/\/iwell-guard.com\/wp-content\/uploads\/2026\/05\/praktiken_voodozauber.webp\" alt=\"M\u00e0gia vod\u00fa \u2014 Il\u00b7lustraci\u00f3\" class=\"iwg-hub-card-img\" loading=\"lazy\"><div class=\"iwg-hub-card-body\"><h3 class=\"iwg-hub-card-title\">M\u00e0gia vod\u00fa<\/h3><span class=\"iwg-hub-card-cta\">Llegir m\u00e9s<\/span><\/div><\/a><a href=\"https:\/\/iwell-guard.com\/ca\/necromancia\/\" class=\"iwg-hub-card\" aria-label=\"Nigrom\u00e0ncia\"><img decoding=\"async\" src=\"https:\/\/iwell-guard.com\/wp-content\/uploads\/2026\/05\/praktiken_nekromantie.webp\" alt=\"Nigrom\u00e0ncia \u2014 Il\u00b7lustraci\u00f3\" class=\"iwg-hub-card-img\" loading=\"lazy\"><div class=\"iwg-hub-card-body\"><h3 class=\"iwg-hub-card-title\">Nigrom\u00e0ncia<\/h3><span class=\"iwg-hub-card-cta\">Llegir m\u00e9s<\/span><\/div><\/a><a href=\"https:\/\/iwell-guard.com\/ca\/magia-de-sang\/\" class=\"iwg-hub-card\" aria-label=\"M\u00e0gia de sang\"><img decoding=\"async\" src=\"https:\/\/iwell-guard.com\/wp-content\/uploads\/2026\/05\/praktiken_blutmagie.webp\" alt=\"M\u00e0gia de sang \u2014 Il\u00b7lustraci\u00f3\" class=\"iwg-hub-card-img\" loading=\"lazy\"><div class=\"iwg-hub-card-body\"><h3 class=\"iwg-hub-card-title\">M\u00e0gia de sang<\/h3><span class=\"iwg-hub-card-cta\">Llegir m\u00e9s<\/span><\/div><\/a><a href=\"https:\/\/iwell-guard.com\/ca\/magia-de-lombra\/\" class=\"iwg-hub-card\" aria-label=\"M\u00e0gia de les ombres\"><img decoding=\"async\" src=\"https:\/\/iwell-guard.com\/wp-content\/uploads\/2026\/05\/praktiken_schattenmagie.webp\" alt=\"M\u00e0gia de les ombres \u2014 Il\u00b7lustraci\u00f3\" class=\"iwg-hub-card-img\" loading=\"lazy\"><div class=\"iwg-hub-card-body\"><h3 class=\"iwg-hub-card-title\">M\u00e0gia de les ombres<\/h3><span class=\"iwg-hub-card-cta\">Llegir m\u00e9s<\/span><\/div><\/a><a href=\"https:\/\/iwell-guard.com\/ca\/invocacio-entitats-demoniaques\/\" class=\"iwg-hub-card\" aria-label=\"Invocaci\u00f3 d'entitats demon\u00edaques\"><img decoding=\"async\" src=\"https:\/\/iwell-guard.com\/wp-content\/uploads\/2026\/05\/praktiken_anrufung.webp\" alt=\"Invocaci\u00f3 d'entitats demon\u00edaques \u2014 Il\u00b7lustraci\u00f3\" class=\"iwg-hub-card-img\" loading=\"lazy\"><div class=\"iwg-hub-card-body\"><h3 class=\"iwg-hub-card-title\">Invocaci\u00f3 d'entitats demon\u00edaques<\/h3><span class=\"iwg-hub-card-cta\">Llegir m\u00e9s<\/span><\/div><\/a><a href=\"https:\/\/iwell-guard.com\/ca\/gies-bruixeria-de-veri-vessament\/\" class=\"iwg-hub-card\" aria-label=\"Gies\"><img decoding=\"async\" src=\"https:\/\/iwell-guard.com\/wp-content\/uploads\/2026\/05\/praktiken_gies.webp\" alt=\"Gies \u2014 Il\u00b7lustraci\u00f3\" class=\"iwg-hub-card-img\" loading=\"lazy\"><div class=\"iwg-hub-card-body\"><h3 class=\"iwg-hub-card-title\">Gies<\/h3><span class=\"iwg-hub-card-cta\">Llegir m\u00e9s<\/span><\/div><\/a><a href=\"https:\/\/iwell-guard.com\/ca\/numerologia\/\" class=\"iwg-hub-card\" aria-label=\"Numerologia\"><img decoding=\"async\" src=\"https:\/\/iwell-guard.com\/wp-content\/uploads\/2026\/05\/praktiken_numerologie.webp\" alt=\"Numerologia \u2014 Il\u00b7lustraci\u00f3\" class=\"iwg-hub-card-img\" loading=\"lazy\"><div class=\"iwg-hub-card-body\"><h3 class=\"iwg-hub-card-title\">Numerologia<\/h3><span class=\"iwg-hub-card-cta\">Llegir m\u00e9s<\/span><\/div><\/a><a href=\"https:\/\/iwell-guard.com\/ca\/geomancia\/\" class=\"iwg-hub-card\" aria-label=\"Geom\u00e0ncia\"><img decoding=\"async\" src=\"https:\/\/iwell-guard.com\/wp-content\/uploads\/2026\/05\/praktiken_geomantie.webp\" alt=\"Geom\u00e0ncia \u2014 Il\u00b7lustraci\u00f3\" class=\"iwg-hub-card-img\" loading=\"lazy\"><div class=\"iwg-hub-card-body\"><h3 class=\"iwg-hub-card-title\">Geom\u00e0ncia<\/h3><span class=\"iwg-hub-card-cta\">Llegir m\u00e9s<\/span><\/div><\/a><a href=\"https:\/\/iwell-guard.com\/ca\/magia-de-sigils\/\" class=\"iwg-hub-card\" aria-label=\"M\u00e0gia de segells\"><img decoding=\"async\" src=\"https:\/\/iwell-guard.com\/wp-content\/uploads\/2026\/05\/Praktiken-1200x661-Hintergrund-sym.webp\" alt=\"M\u00e0gia de segells \u2014 Il\u00b7lustraci\u00f3\" class=\"iwg-hub-card-img\" loading=\"lazy\"><div class=\"iwg-hub-card-body\"><h3 class=\"iwg-hub-card-title\">M\u00e0gia de segells<\/h3><span class=\"iwg-hub-card-cta\">Llegir m\u00e9s<\/span><\/div><\/a><\/div>\t\t\t\t<\/div>\n\t\t\t\t<\/div>\n\t\t\t\t\t<\/div>\n\t\t\t\t<\/div>\n\t\t<div class=\"elementor-element elementor-element-prsec3 e-flex e-con-boxed e-con e-parent\" data-id=\"prsec3\" data-element_type=\"container\" data-e-type=\"container\">\n\t\t\t\t\t<div class=\"e-con-inner\">\n\t\t\t\t<div class=\"elementor-element elementor-element-prsec3h elementor-widget elementor-widget-heading\" data-id=\"prsec3h\" data-element_type=\"widget\" data-e-type=\"widget\" data-widget_type=\"heading.default\">\n\t\t\t\t\t<h2 class=\"elementor-heading-title elementor-size-default\">Cl\u00fasters relacionats al l\u00e8xic<\/h2>\t\t\t\t<\/div>\n\t\t<div class=\"elementor-element elementor-element-prsec3b e-con-full e-flex e-con e-parent\" data-id=\"prsec3b\" data-element_type=\"container\" data-e-type=\"container\">\n\t\t\t\t<div class=\"elementor-element elementor-element-prsec3t elementor-widget elementor-widget-html\" data-id=\"prsec3t\" data-element_type=\"widget\" data-e-type=\"widget\" data-widget_type=\"html.default\">\n\t\t\t\t\t<p>Les pr\u00e0ctiques m\u00e0giques rarament s'entenen de manera a\u00efllada. Qui s'interessa per la m\u00e0gia maligna trobar\u00e0 context als <a href=\"https:\/\/iwell-guard.com\/ca\/hoellenwesen\/\">\u00e9ssers infernals<\/a> i als <a href=\"https:\/\/iwell-guard.com\/ca\/dimonis\/\">dimonis<\/a>; la nigrom\u00e0ncia remet als <a href=\"https:\/\/iwell-guard.com\/ca\/esperits\/\">esperits<\/a> i missatgers dels morts, i la invocaci\u00f3 a la <a href=\"https:\/\/iwell-guard.com\/ca\/goetia\/\">Go\u00e8tia<\/a>. Pel vessant protector, aquest \u00e0mbit tem\u00e0tic connecta amb els <a href=\"https:\/\/iwell-guard.com\/ca\/simbols-de-proteccio\/\">s\u00edmbols de protecci\u00f3<\/a>.<\/p>\n<p>Tamb\u00e9 \u00e9s possible situar aquestes pr\u00e0ctiques temporalment. Els testimonis m\u00e9s antics provenen dels textos rituals de Mesopot\u00e0mia i Egipte, on ja s'hi anomenen amb claredat procediments nocius i protectors. L'antiguitat i l'antiguitat tardana en deixen const\u00e0ncia escrita en tauletes de maledicci\u00f3 i en els papirs m\u00e0gics grecs. L'edat mitjana europea i la primera edat moderna interpreten els mateixos procediments de manera cada cop m\u00e9s demonol\u00f2gica, cosa que assoleix el seu trist punt culminant en els processos de bruixeria. No ser\u00e0 fins a la ci\u00e8ncia de la religi\u00f3 dels segles dinou i vint que aquestes pr\u00e0ctiques se separaran del context persecutori i seran descrites com a objecte d'investigaci\u00f3 serena.<\/p>\t\t\t\t<\/div>\n\t\t\t\t<\/div>\n\t\t\t\t\t<\/div>\n\t\t\t\t<\/div>\n\t\t<div class=\"elementor-element elementor-element-prsec4 e-flex e-con-boxed e-con e-parent\" data-id=\"prsec4\" data-element_type=\"container\" data-e-type=\"container\">\n\t\t\t\t\t<div class=\"e-con-inner\">\n\t\t\t\t<div class=\"elementor-element elementor-element-prsec4h elementor-widget elementor-widget-heading\" data-id=\"prsec4h\" data-element_type=\"widget\" data-e-type=\"widget\" data-widget_type=\"heading.default\">\n\t\t\t\t\t<h2 class=\"elementor-heading-title elementor-size-default\">Ampliacions previstes<\/h2>\t\t\t\t<\/div>\n\t\t<div class=\"elementor-element elementor-element-prsec4b e-con-full e-flex e-con e-parent\" data-id=\"prsec4b\" data-element_type=\"container\" data-e-type=\"container\">\n\t\t\t\t<div class=\"elementor-element elementor-element-prsec4t elementor-widget elementor-widget-html\" data-id=\"prsec4t\" data-element_type=\"widget\" data-e-type=\"widget\" data-widget_type=\"html.default\">\n\t\t\t\t\t<p>Aquest \u00e0mbit tem\u00e0tic s'amplia cont\u00ednuament. Es preveuen noves entrades sobre m\u00e8todes de divinaci\u00f3, sobre la m\u00e0gia simp\u00e0tica i sobre pr\u00e0ctiques espec\u00edfiques d'algunes regions. Acceptem suggeriments a trav\u00e9s de la <a href=\"https:\/\/iwell-guard.com\/ca\/contacte\/\">p\u00e0gina de contacte<\/a>.<\/p>\t\t\t\t<\/div>\n\t\t\t\t<\/div>\n\t\t\t\t\t<\/div>\n\t\t\t\t<\/div>\n\t\t<div class=\"elementor-element elementor-element-prsec5 e-flex e-con-boxed e-con e-parent\" data-id=\"prsec5\" data-element_type=\"container\" data-e-type=\"container\">\n\t\t\t\t\t<div class=\"e-con-inner\">\n\t\t\t\t<div class=\"elementor-element elementor-element-prsec5h elementor-widget elementor-widget-heading\" data-id=\"prsec5h\" data-element_type=\"widget\" data-e-type=\"widget\" data-widget_type=\"heading.default\">\n\t\t\t\t\t<h2 class=\"elementor-heading-title elementor-size-default\">Ubicaci\u00f3 dins del concepte de marca<\/h2>\t\t\t\t<\/div>\n\t\t<div class=\"elementor-element elementor-element-prsec5b e-con-full e-flex e-con e-parent\" data-id=\"prsec5b\" data-element_type=\"container\" data-e-type=\"container\">\n\t\t\t\t<div class=\"elementor-element elementor-element-prsec5t elementor-widget elementor-widget-html\" data-id=\"prsec5t\" data-element_type=\"widget\" data-e-type=\"widget\" data-widget_type=\"html.default\">\n\t\t\t\t\t<div data-nosnippet=\"true\"><p>iWell Guard es concep com una obra de consulta, no com un manual d'instruccions. Les pr\u00e0ctiques descrites aqu\u00ed es documenten i es contextualitzen des d'una perspectiva hist\u00f2rico-cultural, com a coneixement sobre les concepcions humanes de protecci\u00f3 i influ\u00e8ncia. El penjoll protector iWell Guard s'inspira en la vessant defensiva d'aquesta tradici\u00f3, sense ser ell mateix una pr\u00e0ctica m\u00e0gica.<\/p><\/div>\t\t\t\t<\/div>\n\t\t\t\t<\/div>\n\t\t\t\t\t<\/div>\n\t\t\t\t<\/div>\n\t\t<div class=\"elementor-element elementor-element-prsec6 e-flex e-con-boxed e-con e-parent\" data-id=\"prsec6\" data-element_type=\"container\" data-e-type=\"container\">\n\t\t\t\t\t<div class=\"e-con-inner\">\n\t\t\t\t<div class=\"elementor-element elementor-element-prsec6h elementor-widget elementor-widget-heading\" data-id=\"prsec6h\" data-element_type=\"widget\" data-e-type=\"widget\" data-widget_type=\"heading.default\">\n\t\t\t\t\t<div class=\"elementor-heading-title elementor-size-default\">Av\u00eds legal<\/div>\t\t\t\t<\/div>\n\t\t<div class=\"elementor-element elementor-element-prsec6b e-con-full e-flex e-con e-parent\" data-id=\"prsec6b\" data-element_type=\"container\" data-e-type=\"container\">\n\t\t\t\t<div class=\"elementor-element elementor-element-prsec6t elementor-widget elementor-widget-html\" data-id=\"prsec6t\" data-element_type=\"widget\" data-e-type=\"widget\" data-widget_type=\"html.default\">\n\t\t\t\t\t<p style=\"font-size:13px;opacity:0.75\">Aquest l\u00e8xic descriu pr\u00e0ctiques m\u00e0giques des d'una perspectiva de la ci\u00e8ncia de la religi\u00f3. La presentaci\u00f3 no constitueix cap instrucci\u00f3 d'\u00fas ni cap recomanaci\u00f3. Termes propis de la ci\u00e8ncia de la religi\u00f3 com \u00abm\u00e0gia\u00bb, \u00abmaledicci\u00f3\u00bb o \u00abdimoni\u00bb s'utilitzen com a termes historicoculturals.<\/p>\t\t\t\t<\/div>\n\t\t\t\t<\/div>\n\t\t\t\t\t<\/div>\n\t\t\t\t<\/div>\n\t\t<div class=\"elementor-element elementor-element-prscta e-flex e-con-boxed e-con e-parent\" data-id=\"prscta\" data-element_type=\"container\" data-e-type=\"container\">\n\t\t\t\t\t<div class=\"e-con-inner\">\n\t\t\t\t<div class=\"elementor-element elementor-element-prctab elementor-align-center elementor-widget elementor-widget-button\" data-id=\"prctab\" data-element_type=\"widget\" data-e-type=\"widget\" data-widget_type=\"button.default\">\n\t\t\t\t\t\t\t\t\t\t<a class=\"elementor-button elementor-button-link elementor-size-md\" href=\"\/ueber-iwell-guard\/\">\n\t\t\t\t\t\t<span class=\"elementor-button-content-wrapper\">\n\t\t\t\t\t\t\t\t\t<span class=\"elementor-button-text\">M\u00e9s informaci\u00f3 sobre l'iWell Guard<\/span>\n\t\t\t\t\t<\/span>\n\t\t\t\t\t<\/a>\n\t\t\t\t\t\t\t\t<\/div>\n\t\t\t\t\t<\/div>\n\t\t\t\t<\/div>\n\t\t<div class=\"elementor-element elementor-element-iwgcb-prakt-sec e-flex e-con-boxed e-con e-parent\" data-id=\"iwgcb-prakt-sec\" data-element_type=\"container\" data-e-type=\"container\" id=\"iwg-cb-praktiken\">\n\t\t\t\t\t<div class=\"e-con-inner\">\n\t\t<div class=\"elementor-element elementor-element-iwgcb-prakt-inner e-flex e-con-boxed e-con e-parent\" data-id=\"iwgcb-prakt-inner\" data-element_type=\"container\" data-e-type=\"container\" data-settings=\"{&quot;background_background&quot;:&quot;classic&quot;}\">\n\t\t\t\t\t<div class=\"e-con-inner\">\n\t\t\t\t<div class=\"elementor-element elementor-element-iwgcb-prakt-h elementor-widget elementor-widget-heading\" data-id=\"iwgcb-prakt-h\" data-element_type=\"widget\" data-e-type=\"widget\" data-widget_type=\"heading.default\">\n\t\t\t\t\t<h2 class=\"elementor-heading-title elementor-size-default\">iWell Guard i les tradicions de protecci\u00f3 m\u00e0gica<\/h2>\t\t\t\t<\/div>\n\t\t\t\t<div class=\"elementor-element elementor-element-iwgcb-prakt-t elementor-widget elementor-widget-text-editor\" data-id=\"iwgcb-prakt-t\" data-element_type=\"widget\" data-e-type=\"widget\" data-widget_type=\"text-editor.default\">\n\t\t\t\t\t\t\t\t\t<div data-nosnippet=\"true\"><p>En totes les cultures documentades, les pr\u00e0ctiques nocives i protectores coexisteixen: on hi va haver <a href=\"https:\/\/iwell-guard.com\/ca\/malefici\/\">m\u00e0gia mal\u00e8fica<\/a>, tamb\u00e9 hi va haver defensa contra ella. iWell Guard recull la vessant defensiva d&#8217;aquesta l\u00ednia mil\u00b7len\u00e0ria en una arquitectura de materials contempor\u00e0nia, fabricada a Alemanya, 41 capes, or aut\u00e8ntic, plat\u00ed, plata. Dret de devoluci\u00f3 de 30 dies.<\/p><\/div>\t\t\t\t\t\t\t\t<\/div>\n\t\t\t\t<div class=\"elementor-element elementor-element-iwgcb-prakt-b iwg-cb-button iwg-cb-cta-2026-05-13 elementor-widget elementor-widget-jet-button\" data-id=\"iwgcb-prakt-b\" data-element_type=\"widget\" data-e-type=\"widget\" data-widget_type=\"jet-button.default\">\n\t\t\t\t<div class=\"elementor-widget-container\">\n\t\t\t\t\t<div class=\"elementor-jet-button jet-elements\"><div class=\"jet-button__container\"><a class=\"jet-button__instance jet-button__instance--icon-left hover-effect-1\" href=\"\/ueber-iwell-guard\/?utm_source=iwell-guard.com&amp;utm_medium=info-box&amp;utm_campaign=hub-tradition\"><div class=\"jet-button__plane jet-button__plane-normal\"><\/div><div class=\"jet-button__plane jet-button__plane-hover\"><\/div><div class=\"jet-button__state jet-button__state-normal\"><span class=\"jet-button__label\">M\u00e9s informaci\u00f3 sobre l'iWell Guard<\/span><\/div><div class=\"jet-button__state jet-button__state-hover\"><span class=\"jet-button__label\">M\u00e9s informaci\u00f3 sobre l'iWell Guard<\/span><\/div><\/a><\/div><\/div><style>.elementor-element.elementor-element-iwgcb-prakt-b .jet-button__instance{width:320px;height:56px;}.elementor-element.elementor-element-iwgcb-prakt-b .jet-button__state-normal .jet-button__label{text-align:center;margin:0px 0px 0px 0px;color:#1a1b20;font-family:Montserrat,sans-serif;font-size:13px;font-weight:400;letter-spacing:4px;line-height:1.714em;text-transform:uppercase;}.elementor-element.elementor-element-iwgcb-prakt-b .jet-button__state-hover .jet-button__label{text-align:center;margin:0px 0px 0px 0px;color:#FECC76;font-family:Montserrat,sans-serif;font-size:13px;font-weight:400;letter-spacing:4px;line-height:1.714em;text-transform:uppercase;}.elementor-element.elementor-element-iwgcb-prakt-b .jet-button__plane-normal{background-color:#FECC76;border-style:solid;border-color:#C99540;border-width:2px 2px 2px 2px;}.elementor-element.elementor-element-iwgcb-prakt-b .jet-button__plane-hover{background-color:rgba(0,0,0,0.55);border-style:solid;border-color:#FECC76;border-width:2px 2px 2px 2px;}<\/style>\t\t\t\t<\/div>\n\t\t\t\t<\/div>\n\t\t\t\t<div class=\"elementor-element elementor-element-iwgcb-prakt-d elementor-widget elementor-widget-text-editor\" data-id=\"iwgcb-prakt-d\" data-element_type=\"widget\" data-e-type=\"widget\" data-widget_type=\"text-editor.default\">\n\t\t\t\t\t\t\t\t\t<div data-nosnippet=\"true\"><p style=\"text-align:center;font-size:13px;opacity:0.7;margin-top:14px\" data-nosnippet=\"true\">Les experi\u00e8ncies personals poden variar. No \u00e9s un producte sanitari. No \u00e9s una promesa de curaci\u00f3.<\/p><\/div>\t\t\t\t\t\t\t\t<\/div>\n\t\t\t\t\t<\/div>\n\t\t\t\t<\/div>\n\t\t\t\t\t<\/div>\n\t\t\t\t<\/div>\n\t\t\t\t<\/div>\n\t\t","protected":false},"excerpt":{"rendered":"","protected":false},"author":3,"featured_media":2302,"parent":0,"menu_order":0,"comment_status":"closed","ping_status":"closed","template":"elementor_header_footer","meta":{"_yoast_wpseo_focuskw":"Pr\u00e0ctiques m\u00e0giques","_yoast_wpseo_title":"Pr\u00e0ctiques m\u00e0giques de moltes cultures | iWell Guard","_yoast_wpseo_metadesc":"Pr\u00e0ctiques m\u00e0giques, des del maleficis fins a l'amor m\u00e0gic i la necrom\u00e0ncia, classificades des de la ci\u00e8ncia de la religi\u00f3 al l\u00e8xic d'iWell Guard.","_yoast_wpseo_meta-robots-noindex":"","_yoast_wpseo_canonical":"","_angie_page":false,"gefaehrdungsstufe":"","wesen_kultur":"","wesen_klasse":"","footnotes":""},"categories":[],"class_list":["post-171771","page","type-page","status-publish","has-post-thumbnail","hentry"],"yoast_head":"<!-- This site is optimized with the Yoast SEO Premium plugin v27.7 (Yoast SEO v28.3) - https:\/\/yoast.com\/product\/yoast-seo-premium-wordpress\/ -->\n<title>Pr\u00e0ctiques m\u00e0giques de moltes cultures | iWell Guard<\/title>\n<meta name=\"description\" content=\"Pr\u00e0ctiques m\u00e0giques, des del maleficis fins a l&#039;amor m\u00e0gic i la necrom\u00e0ncia, classificades des de la ci\u00e8ncia de la religi\u00f3 al l\u00e8xic d&#039;iWell Guard.\" \/>\n<meta name=\"robots\" content=\"index, follow, max-snippet:-1, max-image-preview:large, max-video-preview:-1\" \/>\n<link rel=\"canonical\" href=\"https:\/\/iwell-guard.com\/ca\/practiques-magiques\/\" \/>\n<meta property=\"og:locale\" content=\"ca_ES\" \/>\n<meta property=\"og:type\" content=\"article\" \/>\n<meta property=\"og:title\" content=\"Pr\u00e0ctiques m\u00e0giques\" \/>\n<meta property=\"og:description\" content=\"Pr\u00e0ctiques m\u00e0giques, des del maleficis fins a l&#039;amor m\u00e0gic i la necrom\u00e0ncia, classificades des de la ci\u00e8ncia de la religi\u00f3 al l\u00e8xic d&#039;iWell Guard.\" \/>\n<meta property=\"og:url\" content=\"https:\/\/iwell-guard.com\/ca\/practiques-magiques\/\" \/>\n<meta property=\"og:site_name\" content=\"iWell Guard\" \/>\n<meta property=\"article:modified_time\" content=\"2026-09-05T16:06:48+00:00\" \/>\n<meta property=\"og:image\" content=\"https:\/\/iwell-guard.com\/wp-content\/uploads\/2026\/05\/praktiken_schadzauber.webp\" \/>\n\t<meta property=\"og:image:width\" content=\"1024\" \/>\n\t<meta property=\"og:image:height\" content=\"1536\" \/>\n\t<meta property=\"og:image:type\" content=\"image\/webp\" \/>\n<meta name=\"twitter:card\" content=\"summary_large_image\" \/>\n<script type=\"application\/ld+json\" class=\"yoast-schema-graph\">{\"@context\":\"https:\\\/\\\/schema.org\",\"@graph\":[{\"@type\":\"WebPage\",\"@id\":\"https:\\\/\\\/iwell-guard.com\\\/ca\\\/practiques-magiques\\\/\",\"url\":\"https:\\\/\\\/iwell-guard.com\\\/ca\\\/practiques-magiques\\\/\",\"name\":\"Pr\u00e0ctiques m\u00e0giques de moltes cultures | iWell Guard\",\"isPartOf\":{\"@id\":\"https:\\\/\\\/iwell-guard.com\\\/ca\\\/#website\"},\"primaryImageOfPage\":{\"@id\":\"https:\\\/\\\/iwell-guard.com\\\/ca\\\/practiques-magiques\\\/#primaryimage\"},\"image\":{\"@id\":\"https:\\\/\\\/iwell-guard.com\\\/ca\\\/practiques-magiques\\\/#primaryimage\"},\"thumbnailUrl\":\"https:\\\/\\\/iwell-guard.com\\\/wp-content\\\/uploads\\\/2026\\\/05\\\/praktiken_schadzauber.webp\",\"datePublished\":\"2026-09-05T15:42:15+00:00\",\"dateModified\":\"2026-09-05T16:06:48+00:00\",\"description\":\"Pr\u00e0ctiques m\u00e0giques, des del maleficis fins a l'amor m\u00e0gic i la necrom\u00e0ncia, classificades des de la ci\u00e8ncia de la religi\u00f3 al l\u00e8xic d'iWell Guard.\",\"breadcrumb\":{\"@id\":\"https:\\\/\\\/iwell-guard.com\\\/ca\\\/practiques-magiques\\\/#breadcrumb\"},\"inLanguage\":\"ca\",\"potentialAction\":[{\"@type\":\"ReadAction\",\"target\":[\"https:\\\/\\\/iwell-guard.com\\\/ca\\\/practiques-magiques\\\/\"]}]},{\"@type\":\"ImageObject\",\"inLanguage\":\"ca\",\"@id\":\"https:\\\/\\\/iwell-guard.com\\\/ca\\\/practiques-magiques\\\/#primaryimage\",\"url\":\"https:\\\/\\\/iwell-guard.com\\\/wp-content\\\/uploads\\\/2026\\\/05\\\/praktiken_schadzauber.webp\",\"contentUrl\":\"https:\\\/\\\/iwell-guard.com\\\/wp-content\\\/uploads\\\/2026\\\/05\\\/praktiken_schadzauber.webp\",\"width\":1024,\"height\":1536,\"caption\":\"Malefici \u2014 pr\u00e0ctiques m\u00e0giques perjudicials\"},{\"@type\":\"BreadcrumbList\",\"@id\":\"https:\\\/\\\/iwell-guard.com\\\/ca\\\/practiques-magiques\\\/#breadcrumb\",\"itemListElement\":[{\"@type\":\"ListItem\",\"position\":1,\"name\":\"Start\",\"item\":\"https:\\\/\\\/iwell-guard.com\\\/ca\\\/?page_id=171333\"},{\"@type\":\"ListItem\",\"position\":2,\"name\":\"Pr\u00e0ctiques m\u00e0giques\"}]},{\"@type\":\"WebSite\",\"@id\":\"https:\\\/\\\/iwell-guard.com\\\/ca\\\/#website\",\"url\":\"https:\\\/\\\/iwell-guard.com\\\/ca\\\/\",\"name\":\"iWell Guard\",\"description\":\"Schutz vor dunklen Einfl\u00fcssen\",\"publisher\":{\"@id\":\"https:\\\/\\\/iwell-guard.com\\\/ca\\\/#organization\"},\"potentialAction\":[{\"@type\":\"SearchAction\",\"target\":{\"@type\":\"EntryPoint\",\"urlTemplate\":\"https:\\\/\\\/iwell-guard.com\\\/ca\\\/?s={search_term_string}\"},\"query-input\":{\"@type\":\"PropertyValueSpecification\",\"valueRequired\":true,\"valueName\":\"search_term_string\"}}],\"inLanguage\":\"ca\"},{\"@type\":\"Organization\",\"@id\":\"https:\\\/\\\/iwell-guard.com\\\/ca\\\/#organization\",\"name\":\"Ittermann electronic GmbH\",\"url\":\"https:\\\/\\\/iwell-guard.com\\\/ca\\\/\",\"logo\":{\"@type\":\"ImageObject\",\"inLanguage\":\"ca\",\"@id\":\"https:\\\/\\\/iwell-guard.com\\\/ca\\\/#\\\/schema\\\/logo\\\/image\\\/\",\"url\":\"https:\\\/\\\/iwell-guard.com\\\/wp-content\\\/uploads\\\/2026\\\/05\\\/Ittermann-Logo-1182x237-1.png\",\"contentUrl\":\"https:\\\/\\\/iwell-guard.com\\\/wp-content\\\/uploads\\\/2026\\\/05\\\/Ittermann-Logo-1182x237-1.png\",\"width\":1182,\"height\":237,\"caption\":\"Ittermann electronic GmbH\"},\"image\":{\"@id\":\"https:\\\/\\\/iwell-guard.com\\\/ca\\\/#\\\/schema\\\/logo\\\/image\\\/\"},\"sameAs\":[\"https:\\\/\\\/pantip.com\\\/profile\\\/9367242\",\"https:\\\/\\\/micro.blog\\\/iwellguard\",\"https:\\\/\\\/www.diggerslist.com\\\/iwellguard\\\/about\",\"https:\\\/\\\/skitterphoto.com\\\/photographers\\\/2870314\\\/iwell-guard\",\"https:\\\/\\\/iwellguard.wordpress.com\\\/2026\\\/06\\\/06\\\/iwell-guard\\\/\",\"https:\\\/\\\/hub.docker.com\\\/u\\\/iwellguard\",\"https:\\\/\\\/www.pinterest.com\\\/iwellguard\\\/\",\"https:\\\/\\\/bit.ly\\\/m\\\/iwellguard\",\"https:\\\/\\\/entre-vos-mains.alsace.eu\\\/profiles\\\/iwellguard\\\/activity\",\"https:\\\/\\\/gravatar.com\\\/reallybeded8fd34\",\"https:\\\/\\\/naijamatta.com\\\/iwellguard\",\"https:\\\/\\\/www.goodreads.com\\\/iwellguard\",\"https:\\\/\\\/profile.hatena.ne.jp\\\/iwellguard\\\/\",\"https:\\\/\\\/experiment.com\\\/users\\\/iwellguard\",\"https:\\\/\\\/wakelet.com\\\/@iWellGuard82270\",\"https:\\\/\\\/www.chordie.com\\\/forum\\\/profile.php?id=2555664\",\"https:\\\/\\\/www.instapaper.com\\\/p\\\/17757966\",\"https:\\\/\\\/www.mapleprimes.com\\\/users\\\/iwellguard\",\"https:\\\/\\\/businesslistingplus.com\\\/profile\\\/iwell-guard\\\/\",\"https:\\\/\\\/telegra.ph\\\/iWell-Guard-06-06\",\"https:\\\/\\\/pbase.com\\\/iwellguard\\\/iwellguard\",\"https:\\\/\\\/b.hatena.ne.jp\\\/iwellguard\\\/20260607#bookmark-4788405196491818882\",\"https:\\\/\\\/fliphtml5.com\\\/home\\\/iwellguard\",\"https:\\\/\\\/anyflip.com\\\/homepage\\\/cmiwl#About\",\"https:\\\/\\\/transfur.com\\\/Users\\\/iwellguard\",\"http:\\\/\\\/delphi.larsbo.org\\\/user\\\/iwellguard\",\"https:\\\/\\\/jobs.lajobsportal.org\\\/profiles\\\/8380803-iwell-guard\",\"https:\\\/\\\/md.chaosdorf.de\\\/s\\\/jfbe5SBdJD\",\"https:\\\/\\\/www.lingvolive.com\\\/en-us\\\/profile\\\/9ecaeaca-ce11-4e51-9e71-01d55e2bff36\\\/translations\",\"https:\\\/\\\/www.fitday.com\\\/fitness\\\/forums\\\/members\\\/iwellguard.html\",\"https:\\\/\\\/www.mymeetbook.com\\\/iwellguard\",\"https:\\\/\\\/pxhere.com\\\/en\\\/photographer-me\\\/5040798\",\"https:\\\/\\\/disqus.com\\\/by\\\/iwellguard\\\/about\\\/\",\"https:\\\/\\\/pastelink.net\\\/hjwciqwq\",\"https:\\\/\\\/pubhtml5.com\\\/homepage\\\/scjhn\\\/\",\"https:\\\/\\\/www.bitchute.com\\\/channel\\\/2O2eOKzNqujT\",\"https:\\\/\\\/audiomack.com\\\/iwellguard\"]}]}<\/script>\n<!-- \/ Yoast SEO Premium plugin. -->","yoast_head_json":{"title":"Pr\u00e0ctiques m\u00e0giques de moltes cultures | iWell Guard","description":"Pr\u00e0ctiques m\u00e0giques, des del maleficis fins a l'amor m\u00e0gic i la necrom\u00e0ncia, classificades des de la ci\u00e8ncia de la religi\u00f3 al l\u00e8xic d'iWell Guard.","robots":{"index":"index","follow":"follow","max-snippet":"max-snippet:-1","max-image-preview":"max-image-preview:large","max-video-preview":"max-video-preview:-1"},"canonical":"https:\/\/iwell-guard.com\/ca\/practiques-magiques\/","og_locale":"ca_ES","og_type":"article","og_title":"Pr\u00e0ctiques m\u00e0giques","og_description":"Pr\u00e0ctiques m\u00e0giques, des del maleficis fins a l'amor m\u00e0gic i la necrom\u00e0ncia, classificades des de la ci\u00e8ncia de la religi\u00f3 al l\u00e8xic d'iWell Guard.","og_url":"https:\/\/iwell-guard.com\/ca\/practiques-magiques\/","og_site_name":"iWell Guard","article_modified_time":"2026-09-05T16:06:48+00:00","og_image":[{"width":1024,"height":1536,"url":"https:\/\/iwell-guard.com\/wp-content\/uploads\/2026\/05\/praktiken_schadzauber.webp","type":"image\/webp"}],"twitter_card":"summary_large_image","schema":{"@context":"https:\/\/schema.org","@graph":[{"@type":"WebPage","@id":"https:\/\/iwell-guard.com\/ca\/practiques-magiques\/","url":"https:\/\/iwell-guard.com\/ca\/practiques-magiques\/","name":"Pr\u00e0ctiques m\u00e0giques de moltes cultures | iWell Guard","isPartOf":{"@id":"https:\/\/iwell-guard.com\/ca\/#website"},"primaryImageOfPage":{"@id":"https:\/\/iwell-guard.com\/ca\/practiques-magiques\/#primaryimage"},"image":{"@id":"https:\/\/iwell-guard.com\/ca\/practiques-magiques\/#primaryimage"},"thumbnailUrl":"https:\/\/iwell-guard.com\/wp-content\/uploads\/2026\/05\/praktiken_schadzauber.webp","datePublished":"2026-09-05T15:42:15+00:00","dateModified":"2026-09-05T16:06:48+00:00","description":"Pr\u00e0ctiques m\u00e0giques, des del maleficis fins a l'amor m\u00e0gic i la necrom\u00e0ncia, classificades des de la ci\u00e8ncia de la religi\u00f3 al l\u00e8xic d'iWell Guard.","breadcrumb":{"@id":"https:\/\/iwell-guard.com\/ca\/practiques-magiques\/#breadcrumb"},"inLanguage":"ca","potentialAction":[{"@type":"ReadAction","target":["https:\/\/iwell-guard.com\/ca\/practiques-magiques\/"]}]},{"@type":"ImageObject","inLanguage":"ca","@id":"https:\/\/iwell-guard.com\/ca\/practiques-magiques\/#primaryimage","url":"https:\/\/iwell-guard.com\/wp-content\/uploads\/2026\/05\/praktiken_schadzauber.webp","contentUrl":"https:\/\/iwell-guard.com\/wp-content\/uploads\/2026\/05\/praktiken_schadzauber.webp","width":1024,"height":1536,"caption":"Malefici \u2014 pr\u00e0ctiques m\u00e0giques perjudicials"},{"@type":"BreadcrumbList","@id":"https:\/\/iwell-guard.com\/ca\/practiques-magiques\/#breadcrumb","itemListElement":[{"@type":"ListItem","position":1,"name":"Start","item":"https:\/\/iwell-guard.com\/ca\/?page_id=171333"},{"@type":"ListItem","position":2,"name":"Pr\u00e0ctiques m\u00e0giques"}]},{"@type":"WebSite","@id":"https:\/\/iwell-guard.com\/ca\/#website","url":"https:\/\/iwell-guard.com\/ca\/","name":"iWell Guard","description":"Schutz vor dunklen Einfl\u00fcssen","publisher":{"@id":"https:\/\/iwell-guard.com\/ca\/#organization"},"potentialAction":[{"@type":"SearchAction","target":{"@type":"EntryPoint","urlTemplate":"https:\/\/iwell-guard.com\/ca\/?s={search_term_string}"},"query-input":{"@type":"PropertyValueSpecification","valueRequired":true,"valueName":"search_term_string"}}],"inLanguage":"ca"},{"@type":"Organization","@id":"https:\/\/iwell-guard.com\/ca\/#organization","name":"Ittermann electronic GmbH","url":"https:\/\/iwell-guard.com\/ca\/","logo":{"@type":"ImageObject","inLanguage":"ca","@id":"https:\/\/iwell-guard.com\/ca\/#\/schema\/logo\/image\/","url":"https:\/\/iwell-guard.com\/wp-content\/uploads\/2026\/05\/Ittermann-Logo-1182x237-1.png","contentUrl":"https:\/\/iwell-guard.com\/wp-content\/uploads\/2026\/05\/Ittermann-Logo-1182x237-1.png","width":1182,"height":237,"caption":"Ittermann electronic GmbH"},"image":{"@id":"https:\/\/iwell-guard.com\/ca\/#\/schema\/logo\/image\/"},"sameAs":["https:\/\/pantip.com\/profile\/9367242","https:\/\/micro.blog\/iwellguard","https:\/\/www.diggerslist.com\/iwellguard\/about","https:\/\/skitterphoto.com\/photographers\/2870314\/iwell-guard","https:\/\/iwellguard.wordpress.com\/2026\/06\/06\/iwell-guard\/","https:\/\/hub.docker.com\/u\/iwellguard","https:\/\/www.pinterest.com\/iwellguard\/","https:\/\/bit.ly\/m\/iwellguard","https:\/\/entre-vos-mains.alsace.eu\/profiles\/iwellguard\/activity","https:\/\/gravatar.com\/reallybeded8fd34","https:\/\/naijamatta.com\/iwellguard","https:\/\/www.goodreads.com\/iwellguard","https:\/\/profile.hatena.ne.jp\/iwellguard\/","https:\/\/experiment.com\/users\/iwellguard","https:\/\/wakelet.com\/@iWellGuard82270","https:\/\/www.chordie.com\/forum\/profile.php?id=2555664","https:\/\/www.instapaper.com\/p\/17757966","https:\/\/www.mapleprimes.com\/users\/iwellguard","https:\/\/businesslistingplus.com\/profile\/iwell-guard\/","https:\/\/telegra.ph\/iWell-Guard-06-06","https:\/\/pbase.com\/iwellguard\/iwellguard","https:\/\/b.hatena.ne.jp\/iwellguard\/20260607#bookmark-4788405196491818882","https:\/\/fliphtml5.com\/home\/iwellguard","https:\/\/anyflip.com\/homepage\/cmiwl#About","https:\/\/transfur.com\/Users\/iwellguard","http:\/\/delphi.larsbo.org\/user\/iwellguard","https:\/\/jobs.lajobsportal.org\/profiles\/8380803-iwell-guard","https:\/\/md.chaosdorf.de\/s\/jfbe5SBdJD","https:\/\/www.lingvolive.com\/en-us\/profile\/9ecaeaca-ce11-4e51-9e71-01d55e2bff36\/translations","https:\/\/www.fitday.com\/fitness\/forums\/members\/iwellguard.html","https:\/\/www.mymeetbook.com\/iwellguard","https:\/\/pxhere.com\/en\/photographer-me\/5040798","https:\/\/disqus.com\/by\/iwellguard\/about\/","https:\/\/pastelink.net\/hjwciqwq","https:\/\/pubhtml5.com\/homepage\/scjhn\/","https:\/\/www.bitchute.com\/channel\/2O2eOKzNqujT","https:\/\/audiomack.com\/iwellguard"]}]}},"_links":{"self":[{"href":"https:\/\/iwell-guard.com\/ca\/wp-json\/wp\/v2\/pages\/171771","targetHints":{"allow":["GET"]}}],"collection":[{"href":"https:\/\/iwell-guard.com\/ca\/wp-json\/wp\/v2\/pages"}],"about":[{"href":"https:\/\/iwell-guard.com\/ca\/wp-json\/wp\/v2\/types\/page"}],"author":[{"embeddable":true,"href":"https:\/\/iwell-guard.com\/ca\/wp-json\/wp\/v2\/users\/3"}],"replies":[{"embeddable":true,"href":"https:\/\/iwell-guard.com\/ca\/wp-json\/wp\/v2\/comments?post=171771"}],"version-history":[{"count":0,"href":"https:\/\/iwell-guard.com\/ca\/wp-json\/wp\/v2\/pages\/171771\/revisions"}],"wp:featuredmedia":[{"embeddable":true,"href":"https:\/\/iwell-guard.com\/ca\/wp-json\/wp\/v2\/media\/2302"}],"wp:attachment":[{"href":"https:\/\/iwell-guard.com\/ca\/wp-json\/wp\/v2\/media?parent=171771"}],"wp:term":[{"taxonomy":"category","embeddable":true,"href":"https:\/\/iwell-guard.com\/ca\/wp-json\/wp\/v2\/categories?post=171771"}],"curies":[{"name":"wp","href":"https:\/\/api.w.org\/{rel}","templated":true}]}}