{"id":171770,"date":"2026-09-05T15:42:14","date_gmt":"2026-09-05T15:42:14","guid":{"rendered":"https:\/\/iwell-guard.com\/?page_id=171770"},"modified":"2026-09-05T16:06:47","modified_gmt":"2026-09-05T16:06:47","slug":"saivo-mon-sagrat-muntanyes-llacs-sami","status":"publish","type":"page","link":"https:\/\/iwell-guard.com\/ca\/saivo-mon-sagrat-muntanyes-llacs-sami\/","title":{"rendered":"Saivo &#8211; Sagrat m\u00f3n de muntanyes i llacs dels sami"},"content":{"rendered":"\t\t<div data-elementor-type=\"wp-page\" data-elementor-id=\"171770\" class=\"elementor elementor-171770 elementor-2673 elementor-bc-flex-widget\" data-elementor-post-type=\"page\">\n\t\t\t\t<div class=\"elementor-element elementor-element-iwgw-saivo-hero e-flex e-con-boxed e-con e-parent\" data-id=\"iwgw-saivo-hero\" data-element_type=\"container\" data-e-type=\"container\" data-settings=\"{&quot;background_background&quot;:&quot;classic&quot;}\">\n\t\t\t\t\t<div class=\"e-con-inner\">\n\t\t<div class=\"elementor-element elementor-element-iwgw-saivo-hl e-flex e-con-boxed e-con e-child\" data-id=\"iwgw-saivo-hl\" data-element_type=\"container\" data-e-type=\"container\">\n\t\t\t\t\t<div class=\"e-con-inner\">\n\t\t<div class=\"elementor-element elementor-element-iwgw-saivo-htxt e-con-full e-flex e-con e-child\" data-id=\"iwgw-saivo-htxt\" data-element_type=\"container\" data-e-type=\"container\">\n\t\t\t\t<div class=\"elementor-element elementor-element-iwgw-saivo-h1 elementor-widget elementor-widget-heading\" data-id=\"iwgw-saivo-h1\" data-element_type=\"widget\" data-e-type=\"widget\" data-widget_type=\"heading.default\">\n\t\t\t\t\t<h1 class=\"elementor-heading-title elementor-size-default\">Saivo - Sagrat m\u00f3n de muntanyes i llacs dels sami, morada dels esperits auxiliars dels xamans<\/h1>\t\t\t\t<\/div>\n\t\t\t\t<div class=\"elementor-element elementor-element-iwgw-saivo-lead elementor-widget elementor-widget-text-editor\" data-id=\"iwgw-saivo-lead\" data-element_type=\"widget\" data-e-type=\"widget\" data-widget_type=\"text-editor.default\">\n\t\t\t\t\t\t\t\t\t<p>Saivo, escrit tamb\u00e9 S\u00e1jvva o Saaivo, \u00e9s en la religi\u00f3 presistiana <a href=\"https:\/\/iwell-guard.com\/ca\/sami-i-tradicio-fino-ugra-noaidi-i-tambor\/\">sami<\/a> un m\u00f3n espiritual particular, localitzat en determinades muntanyes i sota els llacs. Aqu\u00ed hi habiten els esperits saivo, que fan de esperits auxiliars personals dels xamans. Des del punt de vista de la ci\u00e8ncia de les religions, Saivo \u00e9s una de les configuracions m\u00e9s singulars de la <span class=\"iwg-fachbegriff\" data-tooltip=\"La doctrina cient\u00edfica sobre D\u00e9u i sobre la fe d'una religi\u00f3.\" tabindex=\"0\">teologia<\/span> sami.<\/p>\t\t\t\t\t\t\t\t<\/div>\n\t\t\t\t<\/div>\n\t\t<div class=\"elementor-element elementor-element-iwgw-saivo-pillc e-con-full e-flex e-con e-child\" data-id=\"iwgw-saivo-pillc\" data-element_type=\"container\" data-e-type=\"container\">\n\t\t\t\t<div class=\"elementor-element elementor-element-iwgw-saivo-pills elementor-widget elementor-widget-html\" data-id=\"iwgw-saivo-pills\" data-element_type=\"widget\" data-e-type=\"widget\" data-widget_type=\"html.default\">\n\t\t\t\t\t<div class=\"iwg-pill-row\"><span class=\"iwg-klasse-badge\" tabindex=\"0\" data-tooltip=\"Esperit de la tradici\u00f3 sami.\">Esperit<\/span><a href=\"https:\/\/iwell-guard.com\/ca\/sami-i-tradicio-fino-ugra-noaidi-i-tambor\/\" class=\"iwg-kultur-badge\" tabindex=\"0\" data-tooltip=\"Mitologia de la tradici\u00f3 sami.\">Sami<\/a><span class=\"iwg-tradition-badge\" tabindex=\"0\" data-tooltip=\"M\u00f3n sagrat i llar dels esperits.\">M\u00f3n sagrat i llar dels esperits<\/span><\/div>\t\t\t\t<\/div>\n\t\t\t\t<\/div>\n\t\t<div class=\"elementor-element elementor-element-iwgw-saivo-tocc e-con-full e-flex e-con e-child\" data-id=\"iwgw-saivo-tocc\" data-element_type=\"container\" data-e-type=\"container\">\n\t\t\t\t<div class=\"elementor-element elementor-element-iwgw-saivo-toc elementor-toc--minimized-on-tablet elementor-widget elementor-widget-table-of-contents\" data-id=\"iwgw-saivo-toc\" data-element_type=\"widget\" data-e-type=\"widget\" data-settings=\"{&quot;headings_by_tags&quot;:[&quot;h2&quot;,&quot;h3&quot;],&quot;minimize_box&quot;:&quot;yes&quot;,&quot;marker_view&quot;:&quot;bullets&quot;,&quot;no_headings_message&quot;:&quot;No s&#039;ha trobat cap encap\\u00e7alament en aquesta p\\u00e0gina.&quot;,&quot;exclude_headings_by_selector&quot;:[],&quot;icon&quot;:{&quot;value&quot;:&quot;fas fa-circle&quot;,&quot;library&quot;:&quot;fa-solid&quot;,&quot;rendered_tag&quot;:&quot;&lt;svg class=\\&quot;e-font-icon-svg e-fas-circle\\&quot; viewBox=\\&quot;0 0 512 512\\&quot; xmlns=\\&quot;http:\\\/\\\/www.w3.org\\\/2000\\\/svg\\&quot;&gt;&lt;path d=\\&quot;M256 8C119 8 8 119 8 256s111 248 248 248 248-111 248-248S393 8 256 8z\\&quot;&gt;&lt;\\\/path&gt;&lt;\\\/svg&gt;&quot;},&quot;minimized_on&quot;:&quot;tablet&quot;,&quot;hierarchical_view&quot;:&quot;yes&quot;,&quot;min_height&quot;:{&quot;unit&quot;:&quot;px&quot;,&quot;size&quot;:&quot;&quot;,&quot;sizes&quot;:[]},&quot;min_height_tablet&quot;:{&quot;unit&quot;:&quot;px&quot;,&quot;size&quot;:&quot;&quot;,&quot;sizes&quot;:[]},&quot;min_height_mobile&quot;:{&quot;unit&quot;:&quot;px&quot;,&quot;size&quot;:&quot;&quot;,&quot;sizes&quot;:[]}}\" data-widget_type=\"table-of-contents.default\">\n\t\t\t\t\t\t\t\t\t<div class=\"elementor-toc__header\">\n\t\t\t\t\t\t<h2 class=\"elementor-toc__header-title\">\n\t\t\t\t\u00cdndex\t\t\t<\/h2>\n\t\t\t\t\t\t\t\t\t\t<div class=\"elementor-toc__toggle-button elementor-toc__toggle-button--expand\" role=\"button\" tabindex=\"0\" aria-controls=\"elementor-toc__iwgw-saivo-toc\" aria-expanded=\"true\" aria-label=\"Open table of contents\"><svg aria-hidden=\"true\" class=\"e-font-icon-svg e-fas-chevron-down\" viewBox=\"0 0 448 512\" xmlns=\"http:\/\/www.w3.org\/2000\/svg\"><path d=\"M207.029 381.476L12.686 187.132c-9.373-9.373-9.373-24.569 0-33.941l22.667-22.667c9.357-9.357 24.522-9.375 33.901-.04L224 284.505l154.745-154.021c9.379-9.335 24.544-9.317 33.901.04l22.667 22.667c9.373 9.373 9.373 24.569 0 33.941L240.971 381.476c-9.373 9.372-24.569 9.372-33.942 0z\"><\/path><\/svg><\/div>\n\t\t\t\t<div class=\"elementor-toc__toggle-button elementor-toc__toggle-button--collapse\" role=\"button\" tabindex=\"0\" aria-controls=\"elementor-toc__iwgw-saivo-toc\" aria-expanded=\"true\" aria-label=\"Close table of contents\"><svg aria-hidden=\"true\" class=\"e-font-icon-svg e-fas-chevron-up\" viewBox=\"0 0 448 512\" xmlns=\"http:\/\/www.w3.org\/2000\/svg\"><path d=\"M240.971 130.524l194.343 194.343c9.373 9.373 9.373 24.569 0 33.941l-22.667 22.667c-9.357 9.357-24.522 9.375-33.901.04L224 227.495 69.255 381.516c-9.379 9.335-24.544 9.317-33.901-.04l-22.667-22.667c-9.373-9.373-9.373-24.569 0-33.941L207.03 130.525c9.372-9.373 24.568-9.373 33.941-.001z\"><\/path><\/svg><\/div>\n\t\t\t\t\t<\/div>\n\t\t\t\t<div id=\"elementor-toc__iwgw-saivo-toc\" class=\"elementor-toc__body\">\n\t\t\t<div class=\"elementor-toc__spinner-container\">\n\t\t\t\t<svg class=\"elementor-toc__spinner eicon-animation-spin e-font-icon-svg e-eicon-loading\" aria-hidden=\"true\" viewBox=\"0 0 1000 1000\" xmlns=\"http:\/\/www.w3.org\/2000\/svg\"><path d=\"M500 975V858C696 858 858 696 858 500S696 142 500 142 142 304 142 500H25C25 237 238 25 500 25S975 237 975 500 763 975 500 975Z\"><\/path><\/svg>\t\t\t<\/div>\n\t\t<\/div>\n\t\t\t\t\t\t<\/div>\n\t\t\t\t<\/div>\n\t\t\t\t\t<\/div>\n\t\t\t\t<\/div>\n\t\t<div class=\"elementor-element elementor-element-iwgw-saivo-hr e-con-full e-flex e-con e-child\" data-id=\"iwgw-saivo-hr\" data-element_type=\"container\" data-e-type=\"container\">\n\t\t\t\t<div class=\"elementor-element elementor-element-iwgw-saivo-heroimg iwg-hero-image elementor-widget elementor-widget-image\" data-id=\"iwgw-saivo-heroimg\" data-element_type=\"widget\" data-e-type=\"widget\" data-widget_type=\"image.default\">\n\t\t\t\t\t\t\t\t\t\t\t\t\t\t\t<img fetchpriority=\"high\" decoding=\"async\" width=\"683\" height=\"1024\" src=\"https:\/\/iwell-guard.com\/wp-content\/uploads\/2026\/05\/geister_sami_saivo-683x1024.webp\" class=\"attachment-large size-large wp-image-2889\" alt=\"Saivo \u2013 Sagrat m\u00f3n de muntanyes i llacs dels sami\" srcset=\"https:\/\/iwell-guard.com\/wp-content\/uploads\/2026\/05\/geister_sami_saivo-683x1024.webp 683w, https:\/\/iwell-guard.com\/wp-content\/uploads\/2026\/05\/geister_sami_saivo-200x300.webp 200w, https:\/\/iwell-guard.com\/wp-content\/uploads\/2026\/05\/geister_sami_saivo-768x1152.webp 768w, https:\/\/iwell-guard.com\/wp-content\/uploads\/2026\/05\/geister_sami_saivo.webp 1024w\" sizes=\"(max-width: 683px) 100vw, 683px\" \/>\t\t\t\t\t\t\t\t\t\t\t\t\t\t\t<\/div>\n\t\t\t\t<\/div>\n\t\t\t\t\t<\/div>\n\t\t\t\t<\/div>\n\t\t\t\t<section class=\"elementor-section elementor-top-section elementor-element elementor-element-sec-iwgcomp2-saivo elementor-section-boxed elementor-section-height-default elementor-section-height-default\" data-id=\"sec-iwgcomp2-saivo\" data-element_type=\"section\" data-e-type=\"section\">\n\t\t\t\t\t\t<div class=\"elementor-container elementor-column-gap-default\">\n\t\t\t\t\t<div class=\"elementor-column elementor-col-100 elementor-top-column elementor-element elementor-element-col-iwgcomp2-saivo\" data-id=\"col-iwgcomp2-saivo\" data-element_type=\"column\" data-e-type=\"column\">\n\t\t\t<div class=\"elementor-widget-wrap elementor-element-populated\">\n\t\t\t\t\t\t<div class=\"elementor-element elementor-element-iwgcomp2-saivo elementor-widget elementor-widget-text-editor\" data-id=\"iwgcomp2-saivo\" data-element_type=\"widget\" data-e-type=\"widget\" data-widget_type=\"text-editor.default\">\n\t\t\t\t\t\t\t\t\t<p>Saivo \u00e9s, en la creen\u00e7a sami, la morada dels <strong>esperits auxiliars dels xamans<\/strong>, en muntanyes i llacs sagrats.<\/p>\t\t\t\t\t\t\t\t<\/div>\n\t\t\t\t\t<\/div>\n\t\t<\/div>\n\t\t\t\t\t<\/div>\n\t\t<\/section>\n\t\t<div class=\"elementor-element elementor-element-iwgw-saivo-s0 e-flex e-con-boxed e-con e-parent\" data-id=\"iwgw-saivo-s0\" data-element_type=\"container\" data-e-type=\"container\">\n\t\t\t\t\t<div class=\"e-con-inner\">\n\t\t\t\t<div class=\"elementor-element elementor-element-iwgw-saivo-s0h elementor-widget elementor-widget-heading\" data-id=\"iwgw-saivo-s0h\" data-element_type=\"widget\" data-e-type=\"widget\" data-widget_type=\"heading.default\">\n\t\t\t\t\t<h2 class=\"elementor-heading-title elementor-size-default\">Classificaci\u00f3 i perfil breu<\/h2>\t\t\t\t<\/div>\n\t\t<div class=\"elementor-element elementor-element-iwgw-saivo-s0c e-con-full e-flex e-con e-child\" data-id=\"iwgw-saivo-s0c\" data-element_type=\"container\" data-e-type=\"container\">\n\t\t\t\t<div class=\"elementor-element elementor-element-iwgw-saivo-s0t elementor-widget elementor-widget-text-editor\" data-id=\"iwgw-saivo-s0t\" data-element_type=\"widget\" data-e-type=\"widget\" data-widget_type=\"text-editor.default\">\n\t\t\t\t\t\t\t\t\t<p>Saivo \u00e9s, alhora, una doble determinaci\u00f3 topogr\u00e0fica i religiosa: un lloc sagrat en el paisatge (muntanyes sagrades, llacs sagrats) i un m\u00f3n d&#8217;esperits que hi habiten. Aquesta doble determinaci\u00f3 \u00e9s pr\u00f2pia des del punt de vista de la fenomenologia de la religi\u00f3 i distingeix Saivo dels conceptes purament topogr\u00e0fics o purament teol\u00f2gics.<\/p><p>Els esperits saivo s\u00f3n els esperits auxiliars personals m\u00e9s importants dels xamans sami (noaidi). Cada <span class=\"iwg-fachbegriff\" data-tooltip=\"Especialista religi\u00f3s al qual s'atribueix la mediaci\u00f3 entre els humans i el m\u00f3n dels esperits.\" tabindex=\"0\">xaman<\/span> tenia un o diversos ajudants saivo que l&#8217;assistien en tr\u00e0nsit. Aquests esperits auxiliars podien prendre diverses formes: animal, humana, <span class=\"iwg-fachbegriff\" data-tooltip=\"Un \u00e9sser que reuneix trets de diversos \u00e9ssers vius.\" tabindex=\"0\">\u00e9sser h\u00edbrid<\/span>.<\/p><p>Des del punt de vista de la ci\u00e8ncia de les religions, Saivo \u00e9s una configuraci\u00f3 pr\u00f2pia que s&#8217;assembla estructuralment a la noci\u00f3 inuit de Tornarssuk (<a href=\"https:\/\/iwell-guard.com\/ca\/inuit-artic-sedna-tornit-proteccio\/\">inuit<\/a>), per\u00f2 que se&#8217;n distingeix per l&#8217;arrelament topogr\u00e0fic. Aquest arrelament \u00e9s un fenomen propi des de la fenomenologia de la religi\u00f3 i converteix Saivo en un objecte d&#8217;estudi especialment interessant.<\/p><p>El sagrat m\u00f3n de muntanyes i llacs de Saivo ha estat tractat en la recerca m\u00e9s recent amb enfocaments ampliats que combinen precisi\u00f3 etnogr\u00e0fica, cr\u00edtica ling\u00fc\u00edstica de les fonts i perspectiva comparativa. Investigadores i investigadors sami hi participen avui directament i corregeixen atribucions occidentals m\u00e9s antigues, algunes de les quals tenien car\u00e0cter colonial.<\/p><p>Amb la seva doble naturalesa de lloc sagrat i m\u00f3n d&#8217;esperits, Saivo s&#8217;insereix en el patr\u00f3 d&#8217;una topografia religiosa circumpolar que es repeteix en \u00e0mbits molt amplis. El fet que aquesta estructura es mantingui estable al llarg de milers de quil\u00f2metres \u00e9s considerat per la <span class=\"iwg-fachbegriff\" data-tooltip=\"La ci\u00e8ncia que estudia les religions de manera comparativa i sense vinculaci\u00f3 confessional.\" tabindex=\"0\">ci\u00e8ncia de les religions<\/span> comparada com una de les seves troballes m\u00e9s remarcables, i continua sent objecte de debat.<\/p>\t\t\t\t\t\t\t\t<\/div>\n\t\t\t\t<\/div>\n\t\t\t\t\t<\/div>\n\t\t\t\t<\/div>\n\t\t<div class=\"elementor-element elementor-element-iwgw-saivo-s1 e-flex e-con-boxed e-con e-parent\" data-id=\"iwgw-saivo-s1\" data-element_type=\"container\" data-e-type=\"container\">\n\t\t\t\t\t<div class=\"e-con-inner\">\n\t\t\t\t<div class=\"elementor-element elementor-element-iwgw-saivo-s1h elementor-widget elementor-widget-heading\" data-id=\"iwgw-saivo-s1h\" data-element_type=\"widget\" data-e-type=\"widget\" data-widget_type=\"heading.default\">\n\t\t\t\t\t<h2 class=\"elementor-heading-title elementor-size-default\">Nom i etimologia<\/h2>\t\t\t\t<\/div>\n\t\t<div class=\"elementor-element elementor-element-iwgw-saivo-s1c e-con-full e-flex e-con e-child\" data-id=\"iwgw-saivo-s1c\" data-element_type=\"container\" data-e-type=\"container\">\n\t\t\t\t<div class=\"elementor-element elementor-element-iwgw-saivo-s1t elementor-widget elementor-widget-text-editor\" data-id=\"iwgw-saivo-s1t\" data-element_type=\"widget\" data-e-type=\"widget\" data-widget_type=\"text-editor.default\">\n\t\t\t\t\t\t\t\t\t<p>El nom Saivo no est\u00e0 definitivament aclarit des del punt de vista ling\u00fc\u00edstic. Una hip\u00f2tesi el relaciona amb el n\u00f2rdic antic <em>s\u00e6<\/em>, que significa mar o llac, cosa que concorda amb el simbolisme aqu\u00e0tic. Una altra hip\u00f2tesi hi veu una arrel ur\u00e0lica pr\u00f2pia amb el significat de <span class=\"iwg-fachbegriff\" data-tooltip=\"Que pertany al div\u00ed i que, per aix\u00f2, queda excl\u00f2s de l'\u00fas quotidi\u00e0.\" tabindex=\"0\">sagrat<\/span> o amagat.<\/p><p>Etimol\u00f2gicament s&#8217;ha discutit el parentiu amb el fin\u00e8s <em>s\u00e4iv\u00f6<\/em>, que designa llocs sagrats semblants. Aquesta connexi\u00f3 \u00e9s productiva des de la fenomenologia de la religi\u00f3 i remet a un antic estrat finougri.<\/p><p>Les variants dialectals s\u00f3n Saivve en sami meridional, S\u00e1jvva en sami ume i S\u00e1ivvu en sami septentrional. Aquesta diversitat correspon a la diferenciaci\u00f3 dialectal general de la llengua sami.<\/p><p>Des de la sociologia de la religi\u00f3 cal preguntar-se quina funci\u00f3 exercia Saivo en l&#8217;ordre social de la comunitat sami tradicional. Com que els esperits saivo, en tant que ajudants personals dels xamans noaidi, sostenien la pr\u00e0ctica ritual, l&#8217;estructura religiosa estava estretament entrella\u00e7ada amb la vida social.<\/p><p>Aquesta connexi\u00f3 constitueix un camp de recerca propi de l&#8217;antropologia de la religi\u00f3, estudiat sistem\u00e0ticament sobretot per H\u00e5kan Rydving i Konsta Kaikkonen.<\/p><p>S&#8217;hi afegeix el significat actual de Saivo per a la pol\u00edtica identit\u00e0ria sami. Amb l&#8217;autogovern sami i el reconeixement del dret internacional als drets ind\u00edgenes, els llocs sagrats i el seu m\u00f3n d&#8217;esperits guanyen novament visibilitat. La interacci\u00f3 entre la recerca religiosa i el reconeixement pol\u00edtic constitueix un \u00e0mbit d&#8217;estudi propi, que en els darrers anys ha rebut una atenci\u00f3 creixent.<\/p>\t\t\t\t\t\t\t\t<\/div>\n\t\t\t\t<\/div>\n\t\t\t\t\t<\/div>\n\t\t\t\t<\/div>\n\t\t<div class=\"elementor-element elementor-element-iwgw-saivo-s2 e-flex e-con-boxed e-con e-parent\" data-id=\"iwgw-saivo-s2\" data-element_type=\"container\" data-e-type=\"container\">\n\t\t\t\t\t<div class=\"e-con-inner\">\n\t\t\t\t<div class=\"elementor-element elementor-element-iwgw-saivo-s2h elementor-widget elementor-widget-heading\" data-id=\"iwgw-saivo-s2h\" data-element_type=\"widget\" data-e-type=\"widget\" data-widget_type=\"heading.default\">\n\t\t\t\t\t<h2 class=\"elementor-heading-title elementor-size-default\">Topografia dels llocs saivo<\/h2>\t\t\t\t<\/div>\n\t\t<div class=\"elementor-element elementor-element-iwgw-saivo-s2c e-con-full e-flex e-con e-child\" data-id=\"iwgw-saivo-s2c\" data-element_type=\"container\" data-e-type=\"container\">\n\t\t\t\t<div class=\"elementor-element elementor-element-iwgw-saivo-s2t elementor-widget elementor-widget-text-editor\" data-id=\"iwgw-saivo-s2t\" data-element_type=\"widget\" data-e-type=\"widget\" data-widget_type=\"text-editor.default\">\n\t\t\t\t\t\t\t\t\t<p>Els llocs saivo estan situats concretament en el paisatge sami. Determinades muntanyes, determinats llacs i determinades formacions rocoses s&#8217;identifiquen com a saivo. Aquests llocs s\u00f3n adreces per a ofrenes i invocacions.<\/p><p>Caracter\u00edstica \u00e9s la idea d&#8217;un m\u00f3n invertit sota la muntanya saivo o el llac saivo. Mentre els sami viuen a la superf\u00edcie, els esperits saivo viuen en un m\u00f3n reflectit a sota. Aquesta idea especular \u00e9s, des de la fenomenologia de la religi\u00f3, un fenomen propi.<\/p><p>Els llocs saivo concrets estan documentats etnogr\u00e0ficament. Es troben en els territoris tradicionals sami i sovint presenten trets visuals particulars, com formacions rocoses cridaneres, llacs inusuals o muntanyes de forma especial.<\/p>\t\t\t\t\t\t\t\t<\/div>\n\t\t\t\t<\/div>\n\t\t\t\t\t<\/div>\n\t\t\t\t<\/div>\n\t\t<div class=\"elementor-element elementor-element-iwgw-saivo-s3 e-flex e-con-boxed e-con e-parent\" data-id=\"iwgw-saivo-s3\" data-element_type=\"container\" data-e-type=\"container\">\n\t\t\t\t\t<div class=\"e-con-inner\">\n\t\t\t\t<div class=\"elementor-element elementor-element-iwgw-saivo-s3h elementor-widget elementor-widget-heading\" data-id=\"iwgw-saivo-s3h\" data-element_type=\"widget\" data-e-type=\"widget\" data-widget_type=\"heading.default\">\n\t\t\t\t\t<h2 class=\"elementor-heading-title elementor-size-default\">Els esperits saivo com a esperits auxiliars<\/h2>\t\t\t\t<\/div>\n\t\t<div class=\"elementor-element elementor-element-iwgw-saivo-s3c e-con-full e-flex e-con e-child\" data-id=\"iwgw-saivo-s3c\" data-element_type=\"container\" data-e-type=\"container\">\n\t\t\t\t<div class=\"elementor-element elementor-element-iwgw-saivo-s3t elementor-widget elementor-widget-text-editor\" data-id=\"iwgw-saivo-s3t\" data-element_type=\"widget\" data-e-type=\"widget\" data-widget_type=\"text-editor.default\">\n\t\t\t\t\t\t\t\t\t<p>Els esperits saivo s\u00f3n els esperits auxiliars personals dels xamans. Poden apar\u00e8ixer en diverses formes: Saivo-Lodde com a esperit-<span class=\"iwg-fachbegriff\" data-tooltip=\"Un \u00e9sser sense cos al qual s'atribueix una acci\u00f3 en el m\u00f3n.\" tabindex=\"0\">esperit<\/span> d&#8217;ocell, Saivo-Guelie com a esperit-<span class=\"iwg-fachbegriff\" data-tooltip=\"Un \u00e9sser sense cos al qual s'atribueix una acci\u00f3 en el m\u00f3n.\" tabindex=\"0\">esperit<\/span> de peix, Saivo-Sarvva com a esperit-<span class=\"iwg-fachbegriff\" data-tooltip=\"Un \u00e9sser sense cos al qual s'atribueix una acci\u00f3 en el m\u00f3n.\" tabindex=\"0\">esperit<\/span> de ren, Saivo-Olmm\u00e1i com a esperit-<span class=\"iwg-fachbegriff\" data-tooltip=\"Un \u00e9sser sense cos al qual s'atribueix una acci\u00f3 en el m\u00f3n.\" tabindex=\"0\">esperit<\/span> hum\u00e0.<\/p><p>Cada <span class=\"iwg-fachbegriff\" data-tooltip=\"Especialista religi\u00f3s a qui s'atribueix la mediaci\u00f3 entre els humans i el m\u00f3n dels esperits.\" tabindex=\"0\">xaman<\/span> tenia un o diversos esperits saivo personals, que li havien correspost en el moment de la seva vocaci\u00f3 xam\u00e0nica. Aquests esperits auxiliars estaven vinculats al xaman durant tota la seva vida i podien transmetre&#8217;s a la generaci\u00f3 seg\u00fcent.<\/p><p>Cient\u00edficament, aquesta constel\u00b7laci\u00f3 d&#8217;esperits auxiliars est\u00e0 estructuralment relacionada amb la noci\u00f3 tornait dels <a href=\"https:\/\/iwell-guard.com\/ca\/inuit-artic-sedna-tornit-proteccio\/\">inuit<\/a> (vegeu <a href=\"https:\/\/iwell-guard.com\/ca\/?page_id=171753\">Tornarssuk<\/a>). Aquesta coincid\u00e8ncia estructural constitueix, des de la fenomenologia religiosa, un fet propi i remet a universals xam\u00e0niques circumpolars.<\/p>\t\t\t\t\t\t\t\t<\/div>\n\t\t\t\t<\/div>\n\t\t\t\t\t<\/div>\n\t\t\t\t<\/div>\n\t\t<div class=\"elementor-element elementor-element-iwgw-saivo-s4 e-flex e-con-boxed e-con e-parent\" data-id=\"iwgw-saivo-s4\" data-element_type=\"container\" data-e-type=\"container\">\n\t\t\t\t\t<div class=\"e-con-inner\">\n\t\t\t\t<div class=\"elementor-element elementor-element-iwgw-saivo-s4h elementor-widget elementor-widget-heading\" data-id=\"iwgw-saivo-s4h\" data-element_type=\"widget\" data-e-type=\"widget\" data-widget_type=\"heading.default\">\n\t\t\t\t\t<h2 class=\"elementor-heading-title elementor-size-default\">Pr\u00e0ctica xam\u00e0nica amb Saivo<\/h2>\t\t\t\t<\/div>\n\t\t<div class=\"elementor-element elementor-element-iwgw-saivo-s4c e-con-full e-flex e-con e-child\" data-id=\"iwgw-saivo-s4c\" data-element_type=\"container\" data-e-type=\"container\">\n\t\t\t\t<div class=\"elementor-element elementor-element-iwgw-saivo-s4t elementor-widget elementor-widget-text-editor\" data-id=\"iwgw-saivo-s4t\" data-element_type=\"widget\" data-e-type=\"widget\" data-widget_type=\"text-editor.default\">\n\t\t\t\t\t\t\t\t\t<p>La pr\u00e0ctica noaidi estava estretament vinculada a Saivo. En cada viatge de tr\u00e0nsit, el <span class=\"iwg-fachbegriff\" data-tooltip=\"Especialista religi\u00f3s a qui s'atribueix la mediaci\u00f3 entre els humans i el m\u00f3n dels esperits.\" tabindex=\"0\">xaman<\/span> invocava els seus ajudants saivo, que li mostraven el cam\u00ed cap a l&#8217;altre m\u00f3n. El tr\u00e0nsit s&#8217;indu\u00efa mitjan\u00e7ant el tambor i el joik.<\/p><p>Els ajudants saivo podien assistir el xaman en diverses tasques: la curaci\u00f3 de malalties, la predicci\u00f3 del temps, la recerca d&#8217;animals perduts, el contacte amb els difunts a <a href=\"https:\/\/iwell-guard.com\/ca\/?page_id=171769\">Jabmiidaibmu<\/a>. Aquesta diversitat de funcions \u00e9s t\u00edpica des de la fenomenologia religiosa.<\/p><p>Relats concrets de viatges xam\u00e0nics estan documentats detalladament en les fonts de Schefferus, Leem i L\u00e6stadius. Aquests relats s\u00f3n centrals, des de l&#8217;etnologia religiosa, per a l&#8217;estudi de la pr\u00e0ctica xam\u00e0nica sami.<\/p>\t\t\t\t\t\t\t\t<\/div>\n\t\t\t\t<\/div>\n\t\t\t\t\t<\/div>\n\t\t\t\t<\/div>\n\t\t<div class=\"elementor-element elementor-element-iwgw-saivo-s5 e-flex e-con-boxed e-con e-parent\" data-id=\"iwgw-saivo-s5\" data-element_type=\"container\" data-e-type=\"container\">\n\t\t\t\t\t<div class=\"e-con-inner\">\n\t\t\t\t<div class=\"elementor-element elementor-element-iwgw-saivo-s5h elementor-widget elementor-widget-heading\" data-id=\"iwgw-saivo-s5h\" data-element_type=\"widget\" data-e-type=\"widget\" data-widget_type=\"heading.default\">\n\t\t\t\t\t<h2 class=\"elementor-heading-title elementor-size-default\">Saivo i els difunts<\/h2>\t\t\t\t<\/div>\n\t\t<div class=\"elementor-element elementor-element-iwgw-saivo-s5c e-con-full e-flex e-con e-child\" data-id=\"iwgw-saivo-s5c\" data-element_type=\"container\" data-e-type=\"container\">\n\t\t\t\t<div class=\"elementor-element elementor-element-iwgw-saivo-s5t elementor-widget elementor-widget-text-editor\" data-id=\"iwgw-saivo-s5t\" data-element_type=\"widget\" data-e-type=\"widget\" data-widget_type=\"text-editor.default\">\n\t\t\t\t\t\t\t\t\t<p>En algunes fonts, Saivo es descriu no nom\u00e9s com un m\u00f3n d&#8217;esperits, sin\u00f3 tamb\u00e9 com el lloc de resid\u00e8ncia de certs difunts. Els avantpassats dels xamans, \u00e9s a dir, els antics noaidi, habiten a Saivo i es converteixen en esperits auxiliars dels seus successors.<\/p><p>Aquesta noci\u00f3 vincula Saivo amb <a href=\"https:\/\/iwell-guard.com\/ca\/?page_id=171769\">Jabmiidaibmu<\/a> en una duplicaci\u00f3 dels mons dels morts. Mentre que Jabmiidaibmu \u00e9s el lloc dels difunts ordinaris, Saivo \u00e9s un indret especial per als avantpassats dels dotats religiosament.<\/p><p>Cient\u00edficament, aquesta duplicaci\u00f3 dels mons dels morts constitueix una configuraci\u00f3 pr\u00f2pia. Distingeix la tradici\u00f3 sami de les tradicions amb un \u00fanic m\u00f3n dels morts i \u00e9s, des de la fenomenologia religiosa, una elaboraci\u00f3 notable.<\/p>\t\t\t\t\t\t\t\t<\/div>\n\t\t\t\t<\/div>\n\t\t\t\t\t<\/div>\n\t\t\t\t<\/div>\n\t\t<div class=\"elementor-element elementor-element-iwgw-saivo-s6 e-flex e-con-boxed e-con e-parent\" data-id=\"iwgw-saivo-s6\" data-element_type=\"container\" data-e-type=\"container\">\n\t\t\t\t\t<div class=\"e-con-inner\">\n\t\t\t\t<div class=\"elementor-element elementor-element-iwgw-saivo-s6h elementor-widget elementor-widget-heading\" data-id=\"iwgw-saivo-s6h\" data-element_type=\"widget\" data-e-type=\"widget\" data-widget_type=\"heading.default\">\n\t\t\t\t\t<h2 class=\"elementor-heading-title elementor-size-default\">Tab\u00fas de Saivo i pr\u00e0ctica sacrificial<\/h2>\t\t\t\t<\/div>\n\t\t<div class=\"elementor-element elementor-element-iwgw-saivo-s6c e-con-full e-flex e-con e-child\" data-id=\"iwgw-saivo-s6c\" data-element_type=\"container\" data-e-type=\"container\">\n\t\t\t\t<div class=\"elementor-element elementor-element-iwgw-saivo-s6t elementor-widget elementor-widget-text-editor\" data-id=\"iwgw-saivo-s6t\" data-element_type=\"widget\" data-e-type=\"widget\" data-widget_type=\"text-editor.default\">\n\t\t\t\t\t\t\t\t\t<p>Els indrets de Saivo estaven envoltats de nombrosos tab\u00fas. Qui visitava una muntanya de Saivo havia d&#8217;estar <span class=\"iwg-fachbegriff\" data-tooltip=\"Que pertany a una seq\u00fc\u00e8ncia d'accions religioses establerta.\" tabindex=\"0\">ritualment<\/span> pur, no podia pronunciar certes paraules i havia de portar ofrenes. Les infraccions dels tab\u00fas de Saivo podien comportar malaltia, mala sort en la cacera o mort.<\/p><p>Les ofrenes als indrets de Saivo consistien majorit\u00e0riament en banyes de ren, ossos, retalls de teixit o petites figures esculpides. Aquesta pr\u00e0ctica \u00e9s parcialment demostrable arqueol\u00f2gicament, ja que en alguns indrets de Saivo s&#8217;han trobat restes d&#8217;ofrenes.<\/p><p>La conservaci\u00f3 d&#8217;aquesta pr\u00e0ctica sacrificial \u00e9s cient\u00edficament reveladora. Permet una verificaci\u00f3 arqueol\u00f2gica dels registres etnogr\u00e0fics i converteix la religi\u00f3 de Saivo en un objecte d&#8217;estudi especialment ben documentat.<\/p>\t\t\t\t\t\t\t\t<\/div>\n\t\t\t\t<\/div>\n\t\t\t\t\t<\/div>\n\t\t\t\t<\/div>\n\t\t<div class=\"elementor-element elementor-element-iwgw-saivo-s7 e-flex e-con-boxed e-con e-parent\" data-id=\"iwgw-saivo-s7\" data-element_type=\"container\" data-e-type=\"container\">\n\t\t\t\t\t<div class=\"e-con-inner\">\n\t\t\t\t<div class=\"elementor-element elementor-element-iwgw-saivo-s7h elementor-widget elementor-widget-heading\" data-id=\"iwgw-saivo-s7h\" data-element_type=\"widget\" data-e-type=\"widget\" data-widget_type=\"heading.default\">\n\t\t\t\t\t<h2 class=\"elementor-heading-title elementor-size-default\">Comparaci\u00f3 amb altres mons dels esperits<\/h2>\t\t\t\t<\/div>\n\t\t<div class=\"elementor-element elementor-element-iwgw-saivo-s7c e-con-full e-flex e-con e-child\" data-id=\"iwgw-saivo-s7c\" data-element_type=\"container\" data-e-type=\"container\">\n\t\t\t\t<div class=\"elementor-element elementor-element-iwgw-saivo-s7t elementor-widget elementor-widget-text-editor\" data-id=\"iwgw-saivo-s7t\" data-element_type=\"widget\" data-e-type=\"widget\" data-widget_type=\"text-editor.default\">\n\t\t\t\t\t\t\t\t\t<p>Saivo pertany a la classe dels mons dels esperits amb arrelament topogr\u00e0fic, presents en nombroses religions ind\u00edgenes. Estructuralment comparables s\u00f3n la Tuonela finlandesa, amb la seva ubicaci\u00f3 topogr\u00e0fica, les muntanyes sagrades nenets i les llars manido nord-americanes.<\/p><p>L&#8217;especificitat de Saivo rau en la doble determinaci\u00f3 com a indret topogr\u00e0fic i com a resid\u00e8ncia d&#8217;esperits auxiliars personals. Aquesta doble determinaci\u00f3 \u00e9s, des de la fenomenologia religiosa, pr\u00f2pia i distingeix Saivo de configuracions purament topogr\u00e0fiques o purament teol\u00f2giques.<\/p><p>Dins de la tradici\u00f3 fino-\u00fagrica, Saivo est\u00e0 emparentat amb la noci\u00f3 finlandesa de <em>s\u00e4iv\u00f6<\/em>. Aquest parentiu estructural remet a un estrat com\u00fa antic. Aquest estrat est\u00e0 ben documentat des de la hist\u00f2ria de les religions.<\/p>\t\t\t\t\t\t\t\t<\/div>\n\t\t\t\t<\/div>\n\t\t\t\t\t<\/div>\n\t\t\t\t<\/div>\n\t\t<div class=\"elementor-element elementor-element-iwgw-saivo-s8 e-flex e-con-boxed e-con e-parent\" data-id=\"iwgw-saivo-s8\" data-element_type=\"container\" data-e-type=\"container\">\n\t\t\t\t\t<div class=\"e-con-inner\">\n\t\t\t\t<div class=\"elementor-element elementor-element-iwgw-saivo-s8h elementor-widget elementor-widget-heading\" data-id=\"iwgw-saivo-s8h\" data-element_type=\"widget\" data-e-type=\"widget\" data-widget_type=\"heading.default\">\n\t\t\t\t\t<h2 class=\"elementor-heading-title elementor-size-default\">Recerca i estat actual<\/h2>\t\t\t\t<\/div>\n\t\t<div class=\"elementor-element elementor-element-iwgw-saivo-s8c e-con-full e-flex e-con e-child\" data-id=\"iwgw-saivo-s8c\" data-element_type=\"container\" data-e-type=\"container\">\n\t\t\t\t<div class=\"elementor-element elementor-element-iwgw-saivo-s8t elementor-widget elementor-widget-text-editor\" data-id=\"iwgw-saivo-s8t\" data-element_type=\"widget\" data-e-type=\"widget\" data-widget_type=\"text-editor.default\">\n\t\t\t\t\t\t\t\t\t<p>La recerca sobre Saivo \u00e9s \u00e0mplia. H\u00e5kan Rydving, Juha Pentik\u00e4inen, Anna Lia Berthelsen i Konsta Kaikkonen han investigat sistem\u00e0ticament la <span class=\"iwg-fachbegriff\" data-tooltip=\"La doctrina cient\u00edfica sobre D\u00e9u i sobre la fe d'una religi\u00f3.\" tabindex=\"0\">teologia<\/span> de Saivo. Els treballs arqueol\u00f2gics als indrets de Saivo complementen les fonts etnogr\u00e0fiques.<\/p><p>En la revitalitzaci\u00f3 cultural sami contempor\u00e0nia, Saivo \u00e9s una figura significativa. Les muntanyes i llacs sagrats es protegeixen avui com a part del patrimoni cultural sami, cosa que constitueix un \u00e8xit important des del punt de vista de la pol\u00edtica religiosa.<\/p><p>Cient\u00edficament, l&#8217;estudi de Saivo \u00e9s un camp de recerca productiu. Hi ha desider\u00e0tums concrets d&#8217;investigaci\u00f3 en l&#8217;exploraci\u00f3 arqueol\u00f2gica d&#8217;altres indrets de Saivo i en la diferenciaci\u00f3 fenomenol\u00f2gico-religiosa precisa dels esperits saivo.<\/p>\t\t\t\t\t\t\t\t<\/div>\n\t\t\t\t<\/div>\n\t\t\t\t\t<\/div>\n\t\t\t\t<\/div>\n\t\t<div class=\"elementor-element elementor-element-iwgw-saivo-s9 e-flex e-con-boxed e-con e-parent\" data-id=\"iwgw-saivo-s9\" data-element_type=\"container\" data-e-type=\"container\">\n\t\t\t\t\t<div class=\"e-con-inner\">\n\t\t\t\t<div class=\"elementor-element elementor-element-iwgw-saivo-s9h elementor-widget elementor-widget-heading\" data-id=\"iwgw-saivo-s9h\" data-element_type=\"widget\" data-e-type=\"widget\" data-widget_type=\"heading.default\">\n\t\t\t\t\t<h2 class=\"elementor-heading-title elementor-size-default\">Refer\u00e8ncies creuades del l\u00e8xic<\/h2>\t\t\t\t<\/div>\n\t\t<div class=\"elementor-element elementor-element-iwgw-saivo-s9c e-con-full e-flex e-con e-child\" data-id=\"iwgw-saivo-s9c\" data-element_type=\"container\" data-e-type=\"container\">\n\t\t\t\t<div class=\"elementor-element elementor-element-iwgw-saivo-s9t elementor-widget elementor-widget-text-editor\" data-id=\"iwgw-saivo-s9t\" data-element_type=\"widget\" data-e-type=\"widget\" data-widget_type=\"text-editor.default\">\n\t\t\t\t\t\t\t\t\t<p>Saivo es relaciona amb <a href=\"https:\/\/iwell-guard.com\/ca\/?page_id=171769\">Jabmiidaibmu<\/a>, <a href=\"https:\/\/iwell-guard.com\/ca\/?page_id=171761\">Beaivi<\/a>, <a href=\"https:\/\/iwell-guard.com\/ca\/?page_id=171762\">M\u00e1nnu<\/a>, <a href=\"https:\/\/iwell-guard.com\/ca\/?page_id=171763\">R\u00e1hka<\/a>, <a href=\"https:\/\/iwell-guard.com\/ca\/?page_id=171764\">Stallo<\/a>, <a href=\"https:\/\/iwell-guard.com\/ca\/?page_id=171765\">Sara-Akka<\/a>, <a href=\"https:\/\/iwell-guard.com\/ca\/?page_id=171766\">Uksakka<\/a>, <a href=\"https:\/\/iwell-guard.com\/ca\/?page_id=171767\">Juksakka<\/a> i <a href=\"https:\/\/iwell-guard.com\/ca\/?page_id=171768\">Madderakka<\/a>. El nucli cultural <a href=\"https:\/\/iwell-guard.com\/ca\/sami-i-tradicio-fino-ugra-noaidi-i-tambor\/\">Tradici\u00f3 sami<\/a> emmarca els mons sagrats de les muntanyes. Llars d&#8217;esperits auxiliars estructuralment semblants es troben a la s\u00e8rie de lemmes <a href=\"https:\/\/iwell-guard.com\/ca\/inuit-artic-sedna-tornit-proteccio\/\">inuit<\/a> amb <em>Tornarssuk<\/em>.<\/p>\t\t\t\t\t\t\t\t<\/div>\n\t\t\t\t<\/div>\n\t\t\t\t\t<\/div>\n\t\t\t\t<\/div>\n\t\t<div class=\"elementor-element elementor-element-cp2fc47813 e-flex e-con-boxed e-con e-parent\" data-id=\"cp2fc47813\" data-element_type=\"container\" data-e-type=\"container\">\n\t\t\t\t\t<div class=\"e-con-inner\">\n\t\t\t\t<div class=\"elementor-element elementor-element-cp2a94fa09 elementor-widget elementor-widget-heading\" data-id=\"cp2a94fa09\" data-element_type=\"widget\" data-e-type=\"widget\" data-widget_type=\"heading.default\">\n\t\t\t\t\t<h2 class=\"elementor-heading-title elementor-size-default\">Saivo com a lloc i com a \u00e0mbit d'\u00e9sser: sobre el significat del concepte<\/h2>\t\t\t\t<\/div>\n\t\t<div class=\"elementor-element elementor-element-cp2ffcc7ba e-flex e-con-boxed e-con e-child\" data-id=\"cp2ffcc7ba\" data-element_type=\"container\" data-e-type=\"container\">\n\t\t\t\t\t<div class=\"e-con-inner\">\n\t\t\t\t<div class=\"elementor-element elementor-element-cp2493c457 elementor-widget elementor-widget-text-editor\" data-id=\"cp2493c457\" data-element_type=\"widget\" data-e-type=\"widget\" data-widget_type=\"text-editor.default\">\n\t\t\t\t\t\t\t\t\t<p>El terme sami <em>saivo<\/em> (en variants regionals tamb\u00e9 <em>saiva<\/em>, <em>s\u00e1iva<\/em>) no designa tant un \u00fanic \u00e9sser com tot un \u00e0mbit del m\u00f3n de l&#8217;m\u00e9s enll\u00e0. En les fonts, Saivo apareix com una esfera vinculada a determinats llacs sagrats, muntanyes i indrets del paisatge.<\/p><p>\u00c9s caracter\u00edstica la idea de llacs amb un doble fons: sota l&#8217;aigua visible hi hauria un segon fons, on existiria un m\u00f3n propi amb els seus propis peixos i \u00e9ssers.<\/p><p>A Saivo s&#8217;hi vinculava la idea que all\u00e0 vivien els \u00e9ssers <em>saivo<\/em>, entre els quals es comptaven els esperits auxiliars dels <em>noaidi<\/em>, els especialistes rituals samis. Aquests esperits podien prendre forma animal, per exemple com a peix <em>saivo<\/em>, ocell <em>saivo<\/em> o ren <em>saivo<\/em>, i ajudaven el noaidi en els seus viatges als \u00e0mbits de l&#8217;m\u00e9s enll\u00e0.<\/p><p>Alhora, en algunes tradicions Saivo era considerat un lloc de resid\u00e8ncia dels morts o de determinats avantpassats, de manera que el terme designa un espai on el m\u00f3n dels esperits i el m\u00f3n dels morts es toquen.<\/p><p>La delimitaci\u00f3 exacta de Saivo respecte a altres \u00e0mbits de l&#8217;m\u00e9s enll\u00e0 dins la <span class=\"iwg-fachbegriff\" data-tooltip=\"Idea sobre l'estructura i l'ordre del m\u00f3n dins d'una cultura.\" tabindex=\"0\">cosmologia<\/span> sami no \u00e9s uniforme en les fonts. A m\u00e9s de Saivo, tamb\u00e9 s&#8217;esmenten un inframon sota la terra i esferes celestials, i els relats es contradiuen en part.<\/p><p>Aix\u00f2 es deu, d&#8217;una banda, a la gran diversitat regional de la religi\u00f3 sami en un territori d&#8217;assentament immens, i de l&#8217;altra, a la <span class=\"iwg-fachbegriff\" data-tooltip=\"La transmissi\u00f3 de coneixements i relats al llarg de generacions.\" tabindex=\"0\">transmissi\u00f3<\/span> fragment\u00e0ria i filtrada per observadors cristians. Es pot afirmar que Saivo era un component central, per\u00f2 conceptualment imprec\u00eds, de la concepci\u00f3 sami d&#8217;un m\u00f3n format per diverses capes. Conceptes emparentats sobre llocs sagrats tamb\u00e9 es troben en altres <a href=\"https:\/\/iwell-guard.com\/ca\/sami-i-tradicio-fino-ugra-noaidi-i-tambor\/\">cultures nordeurasi\u00e0tiques<\/a>.<\/p>\t\t\t\t\t\t\t\t<\/div>\n\t\t\t\t\t<\/div>\n\t\t\t\t<\/div>\n\t\t\t\t\t<\/div>\n\t\t\t\t<\/div>\n\t\t<div class=\"elementor-element elementor-element-cp2a7ae17a e-flex e-con-boxed e-con e-parent\" data-id=\"cp2a7ae17a\" data-element_type=\"container\" data-e-type=\"container\">\n\t\t\t\t\t<div class=\"e-con-inner\">\n\t\t\t\t<div class=\"elementor-element elementor-element-cp2b8c42db elementor-widget elementor-widget-heading\" data-id=\"cp2b8c42db\" data-element_type=\"widget\" data-e-type=\"widget\" data-widget_type=\"heading.default\">\n\t\t\t\t\t<h2 class=\"elementor-heading-title elementor-size-default\">Els esperits saivo i la pr\u00e0ctica xam\u00e0nica: una transmissi\u00f3 distorsionada per la missi\u00f3<\/h2>\t\t\t\t<\/div>\n\t\t<div class=\"elementor-element elementor-element-cp2ac09e8f e-flex e-con-boxed e-con e-child\" data-id=\"cp2ac09e8f\" data-element_type=\"container\" data-e-type=\"container\">\n\t\t\t\t\t<div class=\"e-con-inner\">\n\t\t\t\t<div class=\"elementor-element elementor-element-cp21d51adc elementor-widget elementor-widget-text-editor\" data-id=\"cp21d51adc\" data-element_type=\"widget\" data-e-type=\"widget\" data-widget_type=\"text-editor.default\">\n\t\t\t\t\t\t\t\t\t<p>La vinculaci\u00f3 de Saivo amb la pr\u00e0ctica dels noaidi fa que el terme sigui important per a l&#8217;estudi de les religions, per\u00f2 al mateix temps especialment delicat des del punt de vista de la cr\u00edtica de fonts.<\/p><p>Gaireb\u00e9 tot el que se sap sobre els esperits auxiliars saivo prov\u00e9 dels escrits de missioners cristians dels segles XVII i XVIII, que consideraven el noaidi i el seu tambor com a instruments del diable. Els testimonis sobre els esperits saivo van sorgir, doncs, en el context de la lluita activa contra la religi\u00f3 aut\u00f2ctona.<\/p><p>Aquesta situaci\u00f3 d&#8217;origen ha marcat la <span class=\"iwg-fachbegriff\" data-tooltip=\"La transmissi\u00f3 de coneixements i relats al llarg de generacions.\" tabindex=\"0\">transmissi\u00f3<\/span> en diversos aspectes. En primer lloc, els observadors van demonitzar els esperits saivo i els van encaixar en un esquema cristi\u00e0 de pacte i possessi\u00f3.<\/p><p>En segon lloc, els cronistes s&#8217;interessaven sobretot pel que era espectacular, com el tr\u00e0ngol del noaidi, mentre que les relacions quotidianes de Saivo amb el paisatge i la ca\u00e7a van rebre menys atenci\u00f3. En tercer lloc, moltes dades provenen de situacions d&#8217;interrogatori, per exemple en el marc de processos contra especialistes rituals sami, la qual cosa redueix encara m\u00e9s la fiabilitat.<\/p><p>La recerca m\u00e9s recent, entre altres els treballs de H\u00e5kan Rydving i altres escandinavistes i estudiosos de les religions, subratlla per aix\u00f2 que la imatge transmesa dels esperits saivo no es pot llegir com un reflex directe de les concepcions sami. \u00c9s probable que alguns detalls siguin una construcci\u00f3 missionera, mentre que d&#8217;altres, si m\u00e9s no, encertin el nucli d&#8217;una tradici\u00f3 aut\u00f2ctona.<\/p><p>Es considera relativament ben establerta la idea b\u00e0sica de Saivo com un \u00e0mbit de l&#8217;ultratomba habitat per esperits, vinculat a llocs sagrats concrets del paisatge. En canvi, els detalls sobre els esperits saivo i el seu paper en la pr\u00e0ctica dels noaidi continuen presentant una incertesa considerable.<\/p>\t\t\t\t\t\t\t\t<\/div>\n\t\t\t\t\t<\/div>\n\t\t\t\t<\/div>\n\t\t\t\t\t<\/div>\n\t\t\t\t<\/div>\n\t\t<div class=\"elementor-element elementor-element-iwgw-saivo-lit e-flex e-con-boxed e-con e-parent\" data-id=\"iwgw-saivo-lit\" data-element_type=\"container\" data-e-type=\"container\">\n\t\t\t\t\t<div class=\"e-con-inner\">\n\t\t\t\t<div class=\"elementor-element elementor-element-iwgw-saivo-lith elementor-widget elementor-widget-heading\" data-id=\"iwgw-saivo-lith\" data-element_type=\"widget\" data-e-type=\"widget\" data-widget_type=\"heading.default\">\n\t\t\t\t\t<h2 class=\"elementor-heading-title elementor-size-default\">Bibliografia (selecci\u00f3)<\/h2>\t\t\t\t<\/div>\n\t\t<div class=\"elementor-element elementor-element-iwgw-saivo-litc e-con-full e-flex e-con e-child\" data-id=\"iwgw-saivo-litc\" data-element_type=\"container\" data-e-type=\"container\">\n\t\t\t\t<div class=\"elementor-element elementor-element-iwgw-saivo-litt elementor-widget elementor-widget-text-editor\" data-id=\"iwgw-saivo-litt\" data-element_type=\"widget\" data-e-type=\"widget\" data-widget_type=\"text-editor.default\">\n\t\t\t\t\t\t\t\t\t<div data-nosnippet=\"true\"><ul><li>Johannes Schefferus: <em>Lapponia<\/em> (Frankfurt 1673)<\/li><li>Knud Leem: <em>Beskrivelse over Finmarkens Lapper<\/em> (Kopenhagen 1767)<\/li><li>Lars Levi L\u00e6stadius: <em>Fragmenter i lappska mythologien<\/em> (Manuskript ca. 1840)<\/li><li>H\u00e5kan Rydving: <em>The End of Drum-Time<\/em> (Uppsala 1993)<\/li><li>Juha Pentik\u00e4inen: <em>Saamelaiset<\/em> (Helsinki 1995)<\/li><li>Konsta Kaikkonen: <em>Sami Pre-Christian Religion<\/em> (Helsinki 2020)<\/li><\/ul><\/div>\t\t\t\t\t\t\t\t<\/div>\n\t\t\t\t<\/div>\n\t\t\t\t\t<\/div>\n\t\t\t\t<\/div>\n\t\t<div class=\"elementor-element elementor-element-iwgkw2-add-saivo e-flex e-con-boxed e-con e-parent\" data-id=\"iwgkw2-add-saivo\" data-element_type=\"container\" data-e-type=\"container\">\n\t\t\t\t\t<div class=\"e-con-inner\">\n\t\t\t\t<div class=\"elementor-element elementor-element-iwgkw2-add-saivo-t elementor-widget elementor-widget-text-editor\" data-id=\"iwgkw2-add-saivo-t\" data-element_type=\"widget\" data-e-type=\"widget\" data-widget_type=\"text-editor.default\">\n\t\t\t\t\t\t\t\t\t<p>Saivo \u00e9s considerat, en la <span class=\"iwg-fachbegriff\" data-tooltip=\"La transmissi\u00f3 de coneixements i relats al llarg de generacions.\" tabindex=\"0\">transmissi\u00f3<\/span> sami m\u00e9s antiga, una <em>llar d&#8217;esperits<\/em> sagrada dins de les muntanyes i els llacs, on hi viuen els avantpassats i els animals auxiliars xam\u00e0nics, i que el noaidi visita en els seus viatges de tambor.<\/p>\t\t\t\t\t\t\t\t<\/div>\n\t\t\t\t\t<\/div>\n\t\t\t\t<\/div>\n\t\t<div class=\"elementor-element elementor-element-iwgw-saivo-kwd e-flex e-con-boxed e-con e-parent\" data-id=\"iwgw-saivo-kwd\" data-element_type=\"container\" data-e-type=\"container\">\n\t\t\t\t\t<div class=\"e-con-inner\">\n\t\t<div class=\"elementor-element elementor-element-iwgw-saivo-kwdc e-con-full e-flex e-con e-child\" data-id=\"iwgw-saivo-kwdc\" data-element_type=\"container\" data-e-type=\"container\">\n\t\t\t\t<div class=\"elementor-element elementor-element-iwgw-saivo-kwdt elementor-widget elementor-widget-text-editor\" data-id=\"iwgw-saivo-kwdt\" data-element_type=\"widget\" data-e-type=\"widget\" data-widget_type=\"text-editor.default\">\n\t\t\t\t\t\t\t\t\t<p><em>Termes clau relacionats: Saivo S\u00e1jvva Saaivo Sami M\u00f3n sagrat Llar d&#8217;esperits Noaidi Esperits auxiliars.<\/em><\/p>\t\t\t\t\t\t\t\t<\/div>\n\t\t\t\t<\/div>\n\t\t\t\t\t<\/div>\n\t\t\t\t<\/div>\n\t\t<div class=\"elementor-element elementor-element-iwgw-saivo-cc e-flex e-con-boxed e-con e-parent\" data-id=\"iwgw-saivo-cc\" data-element_type=\"container\" data-e-type=\"container\" id=\"iwg-cc-saivo\">\n\t\t\t\t\t<div class=\"e-con-inner\">\n\t\t<div class=\"elementor-element elementor-element-iwgw-saivo-ccinner e-flex e-con-boxed e-con e-parent\" data-id=\"iwgw-saivo-ccinner\" data-element_type=\"container\" data-e-type=\"container\" data-settings=\"{&quot;background_background&quot;:&quot;classic&quot;}\">\n\t\t\t\t\t<div class=\"e-con-inner\">\n\t\t\t\t<div class=\"elementor-element elementor-element-iwgw-saivo-cch elementor-widget elementor-widget-heading\" data-id=\"iwgw-saivo-cch\" data-element_type=\"widget\" data-e-type=\"widget\" data-widget_type=\"heading.default\">\n\t\t\t\t\t<h2 class=\"elementor-heading-title elementor-size-default\">iWell Guard i tradicions de protecci\u00f3<\/h2>\t\t\t\t<\/div>\n\t\t\t\t<div class=\"elementor-element elementor-element-iwgw-saivo-cct elementor-widget elementor-widget-text-editor\" data-id=\"iwgw-saivo-cct\" data-element_type=\"widget\" data-e-type=\"widget\" data-widget_type=\"text-editor.default\">\n\t\t\t\t\t\t\t\t\t<div data-nosnippet=\"true\"><p>iWell Guard s&#8217;inspira en la tradici\u00f3 culturohist\u00f2rica dels objectes de protecci\u00f3 portables, seguint la tradici\u00f3 dels <a href=\"https:\/\/iwell-guard.com\/ca\/sami-i-tradicio-fino-ugra-noaidi-i-tambor\/\">sami<\/a> i de moltes altres cultures d&#8217;arreu del m\u00f3n. 41 capes, or aut\u00e8ntic, plat\u00ed, plata, fabricat a Alemanya. Dret de devoluci\u00f3 de 30 dies.<\/p><\/div>\t\t\t\t\t\t\t\t<\/div>\n\t\t\t\t<div class=\"elementor-element elementor-element-iwgw-saivo-ccb iwg-cc-button iwg-cc-cta-2026-05-13 elementor-widget elementor-widget-jet-button\" data-id=\"iwgw-saivo-ccb\" data-element_type=\"widget\" data-e-type=\"widget\" data-widget_type=\"jet-button.default\">\n\t\t\t\t<div class=\"elementor-widget-container\">\n\t\t\t\t\t<div class=\"elementor-jet-button jet-elements\"><div class=\"jet-button__container\"><a class=\"jet-button__instance jet-button__instance--icon-left hover-effect-1\" href=\"\/ueber-iwell-guard\/?utm_source=iwell-guard.com&amp;utm_medium=info-box&amp;utm_campaign=wesen-tradition\"><div class=\"jet-button__plane jet-button__plane-normal\"><\/div><div class=\"jet-button__plane jet-button__plane-hover\"><\/div><div class=\"jet-button__state jet-button__state-normal\"><span class=\"jet-button__label\">M\u00e9s informaci\u00f3 sobre l'iWell Guard<\/span><\/div><div class=\"jet-button__state jet-button__state-hover\"><span class=\"jet-button__label\">M\u00e9s informaci\u00f3 sobre l'iWell Guard<\/span><\/div><\/a><\/div><\/div><style>.elementor-element.elementor-element-iwgw-saivo-ccb .jet-button__instance{width:320px;height:56px;}.elementor-element.elementor-element-iwgw-saivo-ccb .jet-button__state-normal .jet-button__label{text-align:center;margin:0px 0px 0px 0px;color:#1a1b20;font-family:Montserrat,sans-serif;font-size:13px;font-weight:400;letter-spacing:4px;line-height:1.714em;text-transform:uppercase;}.elementor-element.elementor-element-iwgw-saivo-ccb .jet-button__state-hover .jet-button__label{text-align:center;margin:0px 0px 0px 0px;color:#FECC76;font-family:Montserrat,sans-serif;font-size:13px;font-weight:400;letter-spacing:4px;line-height:1.714em;text-transform:uppercase;}.elementor-element.elementor-element-iwgw-saivo-ccb .jet-button__plane-normal{background-color:#FECC76;border-style:solid;border-color:#C99540;border-width:2px 2px 2px 2px;}.elementor-element.elementor-element-iwgw-saivo-ccb .jet-button__plane-hover{background-color:rgba(0,0,0,0.55);border-style:solid;border-color:#FECC76;border-width:2px 2px 2px 2px;}<\/style>\t\t\t\t<\/div>\n\t\t\t\t<\/div>\n\t\t\t\t<div class=\"elementor-element elementor-element-iwgw-saivo-ccd elementor-widget elementor-widget-text-editor\" data-id=\"iwgw-saivo-ccd\" data-element_type=\"widget\" data-e-type=\"widget\" data-widget_type=\"text-editor.default\">\n\t\t\t\t\t\t\t\t\t<div data-nosnippet=\"true\"><p style=\"text-align:center;font-size:13px;opacity:0.7;margin-top:14px\" data-nosnippet=\"true\">Les experi\u00e8ncies personals poden variar. No \u00e9s un producte sanitari. No \u00e9s una promesa de curaci\u00f3.<\/p><\/div>\t\t\t\t\t\t\t\t<\/div>\n\t\t\t\t\t<\/div>\n\t\t\t\t<\/div>\n\t\t\t\t\t<\/div>\n\t\t\t\t<\/div>\n\t\t<div class=\"elementor-element elementor-element-iwgw-saivo-disc e-flex e-con-boxed e-con e-parent\" data-id=\"iwgw-saivo-disc\" data-element_type=\"container\" data-e-type=\"container\">\n\t\t\t\t\t<div class=\"e-con-inner\">\n\t\t\t\t<div class=\"elementor-element elementor-element-iwgw-saivo-discw elementor-widget elementor-widget-html\" data-id=\"iwgw-saivo-discw\" data-element_type=\"widget\" data-e-type=\"widget\" data-widget_type=\"html.default\">\n\t\t\t\t\t<footer data-nosnippet=\"true\" class=\"iwg-disclaimer-block\"><p data-nosnippet=\"true\">iWell Guard <strong>no \u00e9s un producte sanitari<\/strong> i no substitueix cap tractament m\u00e8dic o psicoterap\u00e8utic. Els continguts d'hist\u00f2ria de les religions s\u00f3n una classificaci\u00f3 culturohist\u00f2rica, no una recomanaci\u00f3 de pr\u00e0ctica espiritual.<\/p><\/footer>\t\t\t\t<\/div>\n\t\t\t\t\t<\/div>\n\t\t\t\t<\/div>\n\t\t\t\t<\/div>\n\t\t","protected":false},"excerpt":{"rendered":"","protected":false},"author":3,"featured_media":2889,"parent":0,"menu_order":0,"comment_status":"closed","ping_status":"closed","template":"elementor_header_footer","meta":{"_yoast_wpseo_focuskw":"Saivo Sami M\u00f3n Sagrat","_yoast_wpseo_title":"Saivo - M\u00f3n sagrat i llar espiritual dels sami","_yoast_wpseo_metadesc":"Saivo \u00e9s el sagrat m\u00f3n de muntanyes i llacs de la religi\u00f3 sami, morada dels esperits auxiliars dels xamans. An\u00e0lisi des de la ci\u00e8ncia de les religions.","_yoast_wpseo_meta-robots-noindex":"","_yoast_wpseo_canonical":"","_angie_page":false,"gefaehrdungsstufe":"1","wesen_kultur":"sami","wesen_klasse":"geister","footnotes":""},"categories":[],"class_list":["post-171770","page","type-page","status-publish","has-post-thumbnail","hentry"],"yoast_head":"<!-- This site is optimized with the Yoast SEO Premium plugin v27.7 (Yoast SEO v28.3) - https:\/\/yoast.com\/product\/yoast-seo-premium-wordpress\/ -->\n<title>Saivo - M\u00f3n sagrat i llar espiritual dels sami<\/title>\n<meta name=\"description\" content=\"Saivo \u00e9s el sagrat m\u00f3n de muntanyes i llacs de la religi\u00f3 sami, morada dels esperits auxiliars dels xamans. An\u00e0lisi des de la ci\u00e8ncia de les religions.\" \/>\n<meta name=\"robots\" content=\"index, follow, max-snippet:-1, max-image-preview:large, max-video-preview:-1\" \/>\n<link rel=\"canonical\" href=\"https:\/\/iwell-guard.com\/ca\/saivo-mon-sagrat-muntanyes-llacs-sami\/\" \/>\n<meta property=\"og:locale\" content=\"ca_ES\" \/>\n<meta property=\"og:type\" content=\"article\" \/>\n<meta property=\"og:title\" content=\"Saivo - Sagrat m\u00f3n de muntanyes i llacs dels sami\" \/>\n<meta property=\"og:description\" content=\"Saivo \u00e9s el sagrat m\u00f3n de muntanyes i llacs de la religi\u00f3 sami, morada dels esperits auxiliars dels xamans. An\u00e0lisi des de la ci\u00e8ncia de les religions.\" \/>\n<meta property=\"og:url\" content=\"https:\/\/iwell-guard.com\/ca\/saivo-mon-sagrat-muntanyes-llacs-sami\/\" \/>\n<meta property=\"og:site_name\" content=\"iWell Guard\" \/>\n<meta property=\"article:modified_time\" content=\"2026-09-05T16:06:47+00:00\" \/>\n<meta property=\"og:image\" content=\"https:\/\/iwell-guard.com\/wp-content\/uploads\/2026\/05\/geister_sami_saivo.webp\" \/>\n\t<meta property=\"og:image:width\" content=\"1024\" \/>\n\t<meta property=\"og:image:height\" content=\"1536\" \/>\n\t<meta property=\"og:image:type\" content=\"image\/webp\" \/>\n<meta name=\"twitter:card\" content=\"summary_large_image\" \/>\n<script type=\"application\/ld+json\" class=\"yoast-schema-graph\">{\"@context\":\"https:\\\/\\\/schema.org\",\"@graph\":[{\"@type\":\"WebPage\",\"@id\":\"https:\\\/\\\/iwell-guard.com\\\/ca\\\/saivo-mon-sagrat-muntanyes-llacs-sami\\\/\",\"url\":\"https:\\\/\\\/iwell-guard.com\\\/ca\\\/saivo-mon-sagrat-muntanyes-llacs-sami\\\/\",\"name\":\"Saivo - M\u00f3n sagrat i llar espiritual dels sami\",\"isPartOf\":{\"@id\":\"https:\\\/\\\/iwell-guard.com\\\/ca\\\/#website\"},\"primaryImageOfPage\":{\"@id\":\"https:\\\/\\\/iwell-guard.com\\\/ca\\\/saivo-mon-sagrat-muntanyes-llacs-sami\\\/#primaryimage\"},\"image\":{\"@id\":\"https:\\\/\\\/iwell-guard.com\\\/ca\\\/saivo-mon-sagrat-muntanyes-llacs-sami\\\/#primaryimage\"},\"thumbnailUrl\":\"https:\\\/\\\/iwell-guard.com\\\/wp-content\\\/uploads\\\/2026\\\/05\\\/geister_sami_saivo.webp\",\"datePublished\":\"2026-09-05T15:42:14+00:00\",\"dateModified\":\"2026-09-05T16:06:47+00:00\",\"description\":\"Saivo \u00e9s el sagrat m\u00f3n de muntanyes i llacs de la religi\u00f3 sami, morada dels esperits auxiliars dels xamans. An\u00e0lisi des de la ci\u00e8ncia de les religions.\",\"breadcrumb\":{\"@id\":\"https:\\\/\\\/iwell-guard.com\\\/ca\\\/saivo-mon-sagrat-muntanyes-llacs-sami\\\/#breadcrumb\"},\"inLanguage\":\"ca\",\"potentialAction\":[{\"@type\":\"ReadAction\",\"target\":[\"https:\\\/\\\/iwell-guard.com\\\/ca\\\/saivo-mon-sagrat-muntanyes-llacs-sami\\\/\"]}]},{\"@type\":\"ImageObject\",\"inLanguage\":\"ca\",\"@id\":\"https:\\\/\\\/iwell-guard.com\\\/ca\\\/saivo-mon-sagrat-muntanyes-llacs-sami\\\/#primaryimage\",\"url\":\"https:\\\/\\\/iwell-guard.com\\\/wp-content\\\/uploads\\\/2026\\\/05\\\/geister_sami_saivo.webp\",\"contentUrl\":\"https:\\\/\\\/iwell-guard.com\\\/wp-content\\\/uploads\\\/2026\\\/05\\\/geister_sami_saivo.webp\",\"width\":1024,\"height\":1536,\"caption\":\"Esperits de la tradici\u00f3 sami.\"},{\"@type\":\"BreadcrumbList\",\"@id\":\"https:\\\/\\\/iwell-guard.com\\\/ca\\\/saivo-mon-sagrat-muntanyes-llacs-sami\\\/#breadcrumb\",\"itemListElement\":[{\"@type\":\"ListItem\",\"position\":1,\"name\":\"Start\",\"item\":\"https:\\\/\\\/iwell-guard.com\\\/ca\\\/?page_id=171333\"},{\"@type\":\"ListItem\",\"position\":2,\"name\":\"Saivo &#8211; Sagrat m\u00f3n de muntanyes i llacs dels sami\"}]},{\"@type\":\"WebSite\",\"@id\":\"https:\\\/\\\/iwell-guard.com\\\/ca\\\/#website\",\"url\":\"https:\\\/\\\/iwell-guard.com\\\/ca\\\/\",\"name\":\"iWell Guard\",\"description\":\"Schutz vor dunklen Einfl\u00fcssen\",\"publisher\":{\"@id\":\"https:\\\/\\\/iwell-guard.com\\\/ca\\\/#organization\"},\"potentialAction\":[{\"@type\":\"SearchAction\",\"target\":{\"@type\":\"EntryPoint\",\"urlTemplate\":\"https:\\\/\\\/iwell-guard.com\\\/ca\\\/?s={search_term_string}\"},\"query-input\":{\"@type\":\"PropertyValueSpecification\",\"valueRequired\":true,\"valueName\":\"search_term_string\"}}],\"inLanguage\":\"ca\"},{\"@type\":\"Organization\",\"@id\":\"https:\\\/\\\/iwell-guard.com\\\/ca\\\/#organization\",\"name\":\"Ittermann electronic GmbH\",\"url\":\"https:\\\/\\\/iwell-guard.com\\\/ca\\\/\",\"logo\":{\"@type\":\"ImageObject\",\"inLanguage\":\"ca\",\"@id\":\"https:\\\/\\\/iwell-guard.com\\\/ca\\\/#\\\/schema\\\/logo\\\/image\\\/\",\"url\":\"https:\\\/\\\/iwell-guard.com\\\/wp-content\\\/uploads\\\/2026\\\/05\\\/Ittermann-Logo-1182x237-1.png\",\"contentUrl\":\"https:\\\/\\\/iwell-guard.com\\\/wp-content\\\/uploads\\\/2026\\\/05\\\/Ittermann-Logo-1182x237-1.png\",\"width\":1182,\"height\":237,\"caption\":\"Ittermann electronic GmbH\"},\"image\":{\"@id\":\"https:\\\/\\\/iwell-guard.com\\\/ca\\\/#\\\/schema\\\/logo\\\/image\\\/\"},\"sameAs\":[\"https:\\\/\\\/pantip.com\\\/profile\\\/9367242\",\"https:\\\/\\\/micro.blog\\\/iwellguard\",\"https:\\\/\\\/www.diggerslist.com\\\/iwellguard\\\/about\",\"https:\\\/\\\/skitterphoto.com\\\/photographers\\\/2870314\\\/iwell-guard\",\"https:\\\/\\\/iwellguard.wordpress.com\\\/2026\\\/06\\\/06\\\/iwell-guard\\\/\",\"https:\\\/\\\/hub.docker.com\\\/u\\\/iwellguard\",\"https:\\\/\\\/www.pinterest.com\\\/iwellguard\\\/\",\"https:\\\/\\\/bit.ly\\\/m\\\/iwellguard\",\"https:\\\/\\\/entre-vos-mains.alsace.eu\\\/profiles\\\/iwellguard\\\/activity\",\"https:\\\/\\\/gravatar.com\\\/reallybeded8fd34\",\"https:\\\/\\\/naijamatta.com\\\/iwellguard\",\"https:\\\/\\\/www.goodreads.com\\\/iwellguard\",\"https:\\\/\\\/profile.hatena.ne.jp\\\/iwellguard\\\/\",\"https:\\\/\\\/experiment.com\\\/users\\\/iwellguard\",\"https:\\\/\\\/wakelet.com\\\/@iWellGuard82270\",\"https:\\\/\\\/www.chordie.com\\\/forum\\\/profile.php?id=2555664\",\"https:\\\/\\\/www.instapaper.com\\\/p\\\/17757966\",\"https:\\\/\\\/www.mapleprimes.com\\\/users\\\/iwellguard\",\"https:\\\/\\\/businesslistingplus.com\\\/profile\\\/iwell-guard\\\/\",\"https:\\\/\\\/telegra.ph\\\/iWell-Guard-06-06\",\"https:\\\/\\\/pbase.com\\\/iwellguard\\\/iwellguard\",\"https:\\\/\\\/b.hatena.ne.jp\\\/iwellguard\\\/20260607#bookmark-4788405196491818882\",\"https:\\\/\\\/fliphtml5.com\\\/home\\\/iwellguard\",\"https:\\\/\\\/anyflip.com\\\/homepage\\\/cmiwl#About\",\"https:\\\/\\\/transfur.com\\\/Users\\\/iwellguard\",\"http:\\\/\\\/delphi.larsbo.org\\\/user\\\/iwellguard\",\"https:\\\/\\\/jobs.lajobsportal.org\\\/profiles\\\/8380803-iwell-guard\",\"https:\\\/\\\/md.chaosdorf.de\\\/s\\\/jfbe5SBdJD\",\"https:\\\/\\\/www.lingvolive.com\\\/en-us\\\/profile\\\/9ecaeaca-ce11-4e51-9e71-01d55e2bff36\\\/translations\",\"https:\\\/\\\/www.fitday.com\\\/fitness\\\/forums\\\/members\\\/iwellguard.html\",\"https:\\\/\\\/www.mymeetbook.com\\\/iwellguard\",\"https:\\\/\\\/pxhere.com\\\/en\\\/photographer-me\\\/5040798\",\"https:\\\/\\\/disqus.com\\\/by\\\/iwellguard\\\/about\\\/\",\"https:\\\/\\\/pastelink.net\\\/hjwciqwq\",\"https:\\\/\\\/pubhtml5.com\\\/homepage\\\/scjhn\\\/\",\"https:\\\/\\\/www.bitchute.com\\\/channel\\\/2O2eOKzNqujT\",\"https:\\\/\\\/audiomack.com\\\/iwellguard\"]},{\"@type\":\"Article\",\"@id\":\"https:\\\/\\\/iwell-guard.com\\\/ca\\\/saivo-mon-sagrat-muntanyes-llacs-sami\\\/#article\",\"isPartOf\":{\"@id\":\"https:\\\/\\\/iwell-guard.com\\\/ca\\\/saivo-mon-sagrat-muntanyes-llacs-sami\\\/\"},\"author\":{\"name\":\"Ralf Ittermann\",\"@id\":\"https:\\\/\\\/iwell-guard.com\\\/ca\\\/#\\\/schema\\\/person\\\/ee2a27f1cac3406c7c6fb5820cb7349f\"},\"headline\":\"Saivo &#8211; Sagrat m\u00f3n de muntanyes i llacs dels sami\",\"datePublished\":\"2026-09-05T15:42:14+00:00\",\"dateModified\":\"2026-09-05T16:06:47+00:00\",\"mainEntityOfPage\":{\"@id\":\"https:\\\/\\\/iwell-guard.com\\\/ca\\\/saivo-mon-sagrat-muntanyes-llacs-sami\\\/\"},\"publisher\":{\"@id\":\"https:\\\/\\\/iwell-guard.com\\\/ca\\\/#organization\"},\"image\":{\"@id\":\"https:\\\/\\\/iwell-guard.com\\\/ca\\\/saivo-mon-sagrat-muntanyes-llacs-sami\\\/#primaryimage\"},\"thumbnailUrl\":\"https:\\\/\\\/iwell-guard.com\\\/wp-content\\\/uploads\\\/2026\\\/05\\\/geister_sami_saivo.webp\",\"inLanguage\":\"ca\",\"description\":\"Saivo \u00e9s el sagrat m\u00f3n de muntanyes i llacs de la religi\u00f3 sami, morada dels esperits auxiliars dels xamans. An\u00e0lisi des de la ci\u00e8ncia de les religions.\"}]}<\/script>\n<!-- \/ Yoast SEO Premium plugin. -->","yoast_head_json":{"title":"Saivo - M\u00f3n sagrat i llar espiritual dels sami","description":"Saivo \u00e9s el sagrat m\u00f3n de muntanyes i llacs de la religi\u00f3 sami, morada dels esperits auxiliars dels xamans. An\u00e0lisi des de la ci\u00e8ncia de les religions.","robots":{"index":"index","follow":"follow","max-snippet":"max-snippet:-1","max-image-preview":"max-image-preview:large","max-video-preview":"max-video-preview:-1"},"canonical":"https:\/\/iwell-guard.com\/ca\/saivo-mon-sagrat-muntanyes-llacs-sami\/","og_locale":"ca_ES","og_type":"article","og_title":"Saivo - Sagrat m\u00f3n de muntanyes i llacs dels sami","og_description":"Saivo \u00e9s el sagrat m\u00f3n de muntanyes i llacs de la religi\u00f3 sami, morada dels esperits auxiliars dels xamans. An\u00e0lisi des de la ci\u00e8ncia de les religions.","og_url":"https:\/\/iwell-guard.com\/ca\/saivo-mon-sagrat-muntanyes-llacs-sami\/","og_site_name":"iWell Guard","article_modified_time":"2026-09-05T16:06:47+00:00","og_image":[{"width":1024,"height":1536,"url":"https:\/\/iwell-guard.com\/wp-content\/uploads\/2026\/05\/geister_sami_saivo.webp","type":"image\/webp"}],"twitter_card":"summary_large_image","schema":{"@context":"https:\/\/schema.org","@graph":[{"@type":"Article","@id":"https:\/\/iwell-guard.com\/ca\/saivo-mon-sagrat-muntanyes-llacs-sami\/#article","isPartOf":{"@id":"https:\/\/iwell-guard.com\/ca\/saivo-mon-sagrat-muntanyes-llacs-sami\/"},"author":{"name":"Ralf Ittermann","@id":"https:\/\/iwell-guard.com\/ca\/#\/schema\/person\/ee2a27f1cac3406c7c6fb5820cb7349f"},"headline":"Saivo &#8211; Sagrat m\u00f3n de muntanyes i llacs dels sami","datePublished":"2026-09-05T15:42:14+00:00","dateModified":"2026-09-05T16:06:47+00:00","mainEntityOfPage":{"@id":"https:\/\/iwell-guard.com\/ca\/saivo-mon-sagrat-muntanyes-llacs-sami\/"},"publisher":{"@id":"https:\/\/iwell-guard.com\/ca\/#organization"},"image":{"@id":"https:\/\/iwell-guard.com\/ca\/saivo-mon-sagrat-muntanyes-llacs-sami\/#primaryimage"},"thumbnailUrl":"https:\/\/iwell-guard.com\/wp-content\/uploads\/2026\/05\/geister_sami_saivo.webp","inLanguage":"ca","description":"Saivo \u00e9s el sagrat m\u00f3n de muntanyes i llacs de la religi\u00f3 sami, morada dels esperits auxiliars dels xamans. An\u00e0lisi des de la ci\u00e8ncia de les religions."},{"@type":"WebPage","@id":"https:\/\/iwell-guard.com\/ca\/saivo-mon-sagrat-muntanyes-llacs-sami\/","url":"https:\/\/iwell-guard.com\/ca\/saivo-mon-sagrat-muntanyes-llacs-sami\/","name":"Saivo - M\u00f3n sagrat i llar espiritual dels sami","isPartOf":{"@id":"https:\/\/iwell-guard.com\/ca\/#website"},"primaryImageOfPage":{"@id":"https:\/\/iwell-guard.com\/ca\/saivo-mon-sagrat-muntanyes-llacs-sami\/#primaryimage"},"image":{"@id":"https:\/\/iwell-guard.com\/ca\/saivo-mon-sagrat-muntanyes-llacs-sami\/#primaryimage"},"thumbnailUrl":"https:\/\/iwell-guard.com\/wp-content\/uploads\/2026\/05\/geister_sami_saivo.webp","datePublished":"2026-09-05T15:42:14+00:00","dateModified":"2026-09-05T16:06:47+00:00","description":"Saivo \u00e9s el sagrat m\u00f3n de muntanyes i llacs de la religi\u00f3 sami, morada dels esperits auxiliars dels xamans. An\u00e0lisi des de la ci\u00e8ncia de les religions.","breadcrumb":{"@id":"https:\/\/iwell-guard.com\/ca\/saivo-mon-sagrat-muntanyes-llacs-sami\/#breadcrumb"},"inLanguage":"ca","potentialAction":[{"@type":"ReadAction","target":["https:\/\/iwell-guard.com\/ca\/saivo-mon-sagrat-muntanyes-llacs-sami\/"]}]},{"@type":"ImageObject","inLanguage":"ca","@id":"https:\/\/iwell-guard.com\/ca\/saivo-mon-sagrat-muntanyes-llacs-sami\/#primaryimage","url":"https:\/\/iwell-guard.com\/wp-content\/uploads\/2026\/05\/geister_sami_saivo.webp","contentUrl":"https:\/\/iwell-guard.com\/wp-content\/uploads\/2026\/05\/geister_sami_saivo.webp","width":1024,"height":1536,"caption":"Esperits de la tradici\u00f3 sami."},{"@type":"BreadcrumbList","@id":"https:\/\/iwell-guard.com\/ca\/saivo-mon-sagrat-muntanyes-llacs-sami\/#breadcrumb","itemListElement":[{"@type":"ListItem","position":1,"name":"Start","item":"https:\/\/iwell-guard.com\/ca\/?page_id=171333"},{"@type":"ListItem","position":2,"name":"Saivo &#8211; Sagrat m\u00f3n de muntanyes i llacs dels sami"}]},{"@type":"WebSite","@id":"https:\/\/iwell-guard.com\/ca\/#website","url":"https:\/\/iwell-guard.com\/ca\/","name":"iWell Guard","description":"Schutz vor dunklen Einfl\u00fcssen","publisher":{"@id":"https:\/\/iwell-guard.com\/ca\/#organization"},"potentialAction":[{"@type":"SearchAction","target":{"@type":"EntryPoint","urlTemplate":"https:\/\/iwell-guard.com\/ca\/?s={search_term_string}"},"query-input":{"@type":"PropertyValueSpecification","valueRequired":true,"valueName":"search_term_string"}}],"inLanguage":"ca"},{"@type":"Organization","@id":"https:\/\/iwell-guard.com\/ca\/#organization","name":"Ittermann electronic GmbH","url":"https:\/\/iwell-guard.com\/ca\/","logo":{"@type":"ImageObject","inLanguage":"ca","@id":"https:\/\/iwell-guard.com\/ca\/#\/schema\/logo\/image\/","url":"https:\/\/iwell-guard.com\/wp-content\/uploads\/2026\/05\/Ittermann-Logo-1182x237-1.png","contentUrl":"https:\/\/iwell-guard.com\/wp-content\/uploads\/2026\/05\/Ittermann-Logo-1182x237-1.png","width":1182,"height":237,"caption":"Ittermann electronic GmbH"},"image":{"@id":"https:\/\/iwell-guard.com\/ca\/#\/schema\/logo\/image\/"},"sameAs":["https:\/\/pantip.com\/profile\/9367242","https:\/\/micro.blog\/iwellguard","https:\/\/www.diggerslist.com\/iwellguard\/about","https:\/\/skitterphoto.com\/photographers\/2870314\/iwell-guard","https:\/\/iwellguard.wordpress.com\/2026\/06\/06\/iwell-guard\/","https:\/\/hub.docker.com\/u\/iwellguard","https:\/\/www.pinterest.com\/iwellguard\/","https:\/\/bit.ly\/m\/iwellguard","https:\/\/entre-vos-mains.alsace.eu\/profiles\/iwellguard\/activity","https:\/\/gravatar.com\/reallybeded8fd34","https:\/\/naijamatta.com\/iwellguard","https:\/\/www.goodreads.com\/iwellguard","https:\/\/profile.hatena.ne.jp\/iwellguard\/","https:\/\/experiment.com\/users\/iwellguard","https:\/\/wakelet.com\/@iWellGuard82270","https:\/\/www.chordie.com\/forum\/profile.php?id=2555664","https:\/\/www.instapaper.com\/p\/17757966","https:\/\/www.mapleprimes.com\/users\/iwellguard","https:\/\/businesslistingplus.com\/profile\/iwell-guard\/","https:\/\/telegra.ph\/iWell-Guard-06-06","https:\/\/pbase.com\/iwellguard\/iwellguard","https:\/\/b.hatena.ne.jp\/iwellguard\/20260607#bookmark-4788405196491818882","https:\/\/fliphtml5.com\/home\/iwellguard","https:\/\/anyflip.com\/homepage\/cmiwl#About","https:\/\/transfur.com\/Users\/iwellguard","http:\/\/delphi.larsbo.org\/user\/iwellguard","https:\/\/jobs.lajobsportal.org\/profiles\/8380803-iwell-guard","https:\/\/md.chaosdorf.de\/s\/jfbe5SBdJD","https:\/\/www.lingvolive.com\/en-us\/profile\/9ecaeaca-ce11-4e51-9e71-01d55e2bff36\/translations","https:\/\/www.fitday.com\/fitness\/forums\/members\/iwellguard.html","https:\/\/www.mymeetbook.com\/iwellguard","https:\/\/pxhere.com\/en\/photographer-me\/5040798","https:\/\/disqus.com\/by\/iwellguard\/about\/","https:\/\/pastelink.net\/hjwciqwq","https:\/\/pubhtml5.com\/homepage\/scjhn\/","https:\/\/www.bitchute.com\/channel\/2O2eOKzNqujT","https:\/\/audiomack.com\/iwellguard"]},{"@type":"Person","@id":"https:\/\/iwell-guard.com\/ca\/#\/schema\/person\/ee2a27f1cac3406c7c6fb5820cb7349f","name":"Ralf Ittermann","image":{"@type":"ImageObject","inLanguage":"ca","@id":"https:\/\/secure.gravatar.com\/avatar\/073c0153e350a5005b68eb752b445fea71f6b24a26da9449ad7e155e6b446c9d?s=96&d=mm&r=g","url":"https:\/\/secure.gravatar.com\/avatar\/073c0153e350a5005b68eb752b445fea71f6b24a26da9449ad7e155e6b446c9d?s=96&d=mm&r=g","contentUrl":"https:\/\/secure.gravatar.com\/avatar\/073c0153e350a5005b68eb752b445fea71f6b24a26da9449ad7e155e6b446c9d?s=96&d=mm&r=g","caption":"Ralf Ittermann"},"givenName":"Ralf","familyName":"Ittermann","jobTitle":"Gesch\u00e4ftsf\u00fchrer und redaktioneller Verantwortlicher","url":"https:\/\/iwell-guard.com\/ca\/author\/claude\/","description":"Ralf Ittermann ist Gesch\u00e4ftsf\u00fchrer der Ittermann electronic GmbH und redaktioneller Verantwortlicher des iWell-Guard-Lexikons. Er verbindet langj\u00e4hrige Erfahrung in der Pr\u00e4zisionsfertigung mit medialer Praxis und religionsgeschichtlicher Quellenarbeit.","worksFor":{"@type":"Organization","name":"Ittermann electronic GmbH","url":"https:\/\/ittermann.de\/","address":{"@type":"PostalAddress","streetAddress":"K\u00f6hlergasse 16-18","postalCode":"99842","addressLocality":"Ruhla","addressCountry":"DE"}},"knowsAbout":["Religionsgeschichte","Mythologie","Mediale Praxis","Energetische Diagnostik","Schutzpraxis","Volksglauben","Westliche Esoterik"]},{"@type":"Article","@id":"https:\/\/iwell-guard.com\/ca\/saivo-mon-sagrat-muntanyes-llacs-sami\/#article","isPartOf":{"@id":"https:\/\/iwell-guard.com\/ca\/saivo-mon-sagrat-muntanyes-llacs-sami\/"},"author":{"name":"Ralf Ittermann","@id":"https:\/\/iwell-guard.com\/ca\/#\/schema\/person\/ee2a27f1cac3406c7c6fb5820cb7349f"},"headline":"Saivo &#8211; Sagrat m\u00f3n de muntanyes i llacs dels sami","datePublished":"2026-09-05T15:42:14+00:00","dateModified":"2026-09-05T16:06:47+00:00","mainEntityOfPage":{"@id":"https:\/\/iwell-guard.com\/ca\/saivo-mon-sagrat-muntanyes-llacs-sami\/"},"publisher":{"@id":"https:\/\/iwell-guard.com\/ca\/#organization"},"image":{"@id":"https:\/\/iwell-guard.com\/ca\/saivo-mon-sagrat-muntanyes-llacs-sami\/#primaryimage"},"thumbnailUrl":"https:\/\/iwell-guard.com\/wp-content\/uploads\/2026\/05\/geister_sami_saivo.webp","inLanguage":"ca","description":"Saivo \u00e9s el sagrat m\u00f3n de muntanyes i llacs de la religi\u00f3 sami, morada dels esperits auxiliars dels xamans. An\u00e0lisi des de la ci\u00e8ncia de les religions."}]}},"_links":{"self":[{"href":"https:\/\/iwell-guard.com\/ca\/wp-json\/wp\/v2\/pages\/171770","targetHints":{"allow":["GET"]}}],"collection":[{"href":"https:\/\/iwell-guard.com\/ca\/wp-json\/wp\/v2\/pages"}],"about":[{"href":"https:\/\/iwell-guard.com\/ca\/wp-json\/wp\/v2\/types\/page"}],"author":[{"embeddable":true,"href":"https:\/\/iwell-guard.com\/ca\/wp-json\/wp\/v2\/users\/3"}],"replies":[{"embeddable":true,"href":"https:\/\/iwell-guard.com\/ca\/wp-json\/wp\/v2\/comments?post=171770"}],"version-history":[{"count":0,"href":"https:\/\/iwell-guard.com\/ca\/wp-json\/wp\/v2\/pages\/171770\/revisions"}],"wp:featuredmedia":[{"embeddable":true,"href":"https:\/\/iwell-guard.com\/ca\/wp-json\/wp\/v2\/media\/2889"}],"wp:attachment":[{"href":"https:\/\/iwell-guard.com\/ca\/wp-json\/wp\/v2\/media?parent=171770"}],"wp:term":[{"taxonomy":"category","embeddable":true,"href":"https:\/\/iwell-guard.com\/ca\/wp-json\/wp\/v2\/categories?post=171770"}],"curies":[{"name":"wp","href":"https:\/\/api.w.org\/{rel}","templated":true}]}}