{"id":171769,"date":"2026-09-05T15:42:14","date_gmt":"2026-09-05T15:42:14","guid":{"rendered":"https:\/\/iwell-guard.com\/?page_id=171769"},"modified":"2026-09-05T16:06:44","modified_gmt":"2026-09-05T16:06:44","slug":"jabmiidaibmu-terra-dels-morts-sami","status":"publish","type":"page","link":"https:\/\/iwell-guard.com\/ca\/jabmiidaibmu-terra-dels-morts-sami\/","title":{"rendered":"Jabmiidaibmu &#8211; Terra dels morts i regne dels difunts dels sami"},"content":{"rendered":"\t\t<div data-elementor-type=\"wp-page\" data-elementor-id=\"171769\" class=\"elementor elementor-171769 elementor-2672 elementor-bc-flex-widget\" data-elementor-post-type=\"page\">\n\t\t\t\t<div class=\"elementor-element elementor-element-iwgw-jabmiidaib-hero e-flex e-con-boxed e-con e-parent\" data-id=\"iwgw-jabmiidaib-hero\" data-element_type=\"container\" data-e-type=\"container\" data-settings=\"{&quot;background_background&quot;:&quot;classic&quot;}\">\n\t\t\t\t\t<div class=\"e-con-inner\">\n\t\t<div class=\"elementor-element elementor-element-iwgw-jabmiidaib-hl e-flex e-con-boxed e-con e-child\" data-id=\"iwgw-jabmiidaib-hl\" data-element_type=\"container\" data-e-type=\"container\">\n\t\t\t\t\t<div class=\"e-con-inner\">\n\t\t<div class=\"elementor-element elementor-element-iwgw-jabmiidaib-htxt e-con-full e-flex e-con e-child\" data-id=\"iwgw-jabmiidaib-htxt\" data-element_type=\"container\" data-e-type=\"container\">\n\t\t\t\t<div class=\"elementor-element elementor-element-iwgw-jabmiidaib-h1 elementor-widget elementor-widget-heading\" data-id=\"iwgw-jabmiidaib-h1\" data-element_type=\"widget\" data-e-type=\"widget\" data-widget_type=\"heading.default\">\n\t\t\t\t\t<h1 class=\"elementor-heading-title elementor-size-default\">Jabmiidaibmu - Terra dels morts i regne subterrani dels difunts en la tradici\u00f3 sami<\/h1>\t\t\t\t<\/div>\n\t\t\t\t<div class=\"elementor-element elementor-element-iwgw-jabmiidaib-lead elementor-widget elementor-widget-text-editor\" data-id=\"iwgw-jabmiidaib-lead\" data-element_type=\"widget\" data-e-type=\"widget\" data-widget_type=\"text-editor.default\">\n\t\t\t\t\t\t\t\t\t<p>Jabmiidaibmu, escrit tamb\u00e9 Jamiaibmu, J\u00e1bme-aibmu o Jamijmo, \u00e9s el pa\u00eds dels morts de la religi\u00f3 pre-cristiana <a href=\"https:\/\/iwell-guard.com\/ca\/sami-i-tradicio-fino-ugra-noaidi-i-tambor\/\">sami<\/a>. Es troba sota terra i acull els difunts. Des del punt de vista de la ci\u00e8ncia de la religi\u00f3, pertany a l&#8217;ampli grup dels m\u00f3ns subterranis dels morts presents en mitologies circumpolars i nord-europees.<\/p>\t\t\t\t\t\t\t\t<\/div>\n\t\t\t\t<\/div>\n\t\t<div class=\"elementor-element elementor-element-iwgw-jabmiidaib-pillc e-con-full e-flex e-con e-child\" data-id=\"iwgw-jabmiidaib-pillc\" data-element_type=\"container\" data-e-type=\"container\">\n\t\t\t\t<div class=\"elementor-element elementor-element-iwgw-jabmiidaib-pills elementor-widget elementor-widget-html\" data-id=\"iwgw-jabmiidaib-pills\" data-element_type=\"widget\" data-e-type=\"widget\" data-widget_type=\"html.default\">\n\t\t\t\t\t<div class=\"iwg-pill-row\"><span class=\"iwg-klasse-badge\" tabindex=\"0\" data-tooltip=\"Esperits dels morts de la tradici\u00f3 sami.\">Esperits dels morts<\/span><a href=\"https:\/\/iwell-guard.com\/ca\/sami-i-tradicio-fino-ugra-noaidi-i-tambor\/\" class=\"iwg-kultur-badge\" tabindex=\"0\" data-tooltip=\"Mitologia de la tradici\u00f3 sami.\">Sami<\/a><span class=\"iwg-tradition-badge\" tabindex=\"0\" data-tooltip=\"Terra dels morts i infram\u00f3n.\">Terra dels morts i infram\u00f3n<\/span><\/div>\t\t\t\t<\/div>\n\t\t\t\t<\/div>\n\t\t<div class=\"elementor-element elementor-element-iwgw-jabmiidaib-tocc e-con-full e-flex e-con e-child\" data-id=\"iwgw-jabmiidaib-tocc\" data-element_type=\"container\" data-e-type=\"container\">\n\t\t\t\t<div class=\"elementor-element elementor-element-iwgw-jabmiidaib-toc elementor-toc--minimized-on-tablet elementor-widget elementor-widget-table-of-contents\" data-id=\"iwgw-jabmiidaib-toc\" data-element_type=\"widget\" data-e-type=\"widget\" data-settings=\"{&quot;headings_by_tags&quot;:[&quot;h2&quot;,&quot;h3&quot;],&quot;minimize_box&quot;:&quot;yes&quot;,&quot;marker_view&quot;:&quot;bullets&quot;,&quot;no_headings_message&quot;:&quot;No s&#039;ha trobat cap encap\\u00e7alament en aquesta p\\u00e0gina.&quot;,&quot;exclude_headings_by_selector&quot;:[],&quot;icon&quot;:{&quot;value&quot;:&quot;fas fa-circle&quot;,&quot;library&quot;:&quot;fa-solid&quot;,&quot;rendered_tag&quot;:&quot;&lt;svg class=\\&quot;e-font-icon-svg e-fas-circle\\&quot; viewBox=\\&quot;0 0 512 512\\&quot; xmlns=\\&quot;http:\\\/\\\/www.w3.org\\\/2000\\\/svg\\&quot;&gt;&lt;path d=\\&quot;M256 8C119 8 8 119 8 256s111 248 248 248 248-111 248-248S393 8 256 8z\\&quot;&gt;&lt;\\\/path&gt;&lt;\\\/svg&gt;&quot;},&quot;minimized_on&quot;:&quot;tablet&quot;,&quot;hierarchical_view&quot;:&quot;yes&quot;,&quot;min_height&quot;:{&quot;unit&quot;:&quot;px&quot;,&quot;size&quot;:&quot;&quot;,&quot;sizes&quot;:[]},&quot;min_height_tablet&quot;:{&quot;unit&quot;:&quot;px&quot;,&quot;size&quot;:&quot;&quot;,&quot;sizes&quot;:[]},&quot;min_height_mobile&quot;:{&quot;unit&quot;:&quot;px&quot;,&quot;size&quot;:&quot;&quot;,&quot;sizes&quot;:[]}}\" data-widget_type=\"table-of-contents.default\">\n\t\t\t\t\t\t\t\t\t<div class=\"elementor-toc__header\">\n\t\t\t\t\t\t<h2 class=\"elementor-toc__header-title\">\n\t\t\t\t\u00cdndex\t\t\t<\/h2>\n\t\t\t\t\t\t\t\t\t\t<div class=\"elementor-toc__toggle-button elementor-toc__toggle-button--expand\" role=\"button\" tabindex=\"0\" aria-controls=\"elementor-toc__iwgw-jabmiidaib-toc\" aria-expanded=\"true\" aria-label=\"Open table of contents\"><svg aria-hidden=\"true\" class=\"e-font-icon-svg e-fas-chevron-down\" viewBox=\"0 0 448 512\" xmlns=\"http:\/\/www.w3.org\/2000\/svg\"><path d=\"M207.029 381.476L12.686 187.132c-9.373-9.373-9.373-24.569 0-33.941l22.667-22.667c9.357-9.357 24.522-9.375 33.901-.04L224 284.505l154.745-154.021c9.379-9.335 24.544-9.317 33.901.04l22.667 22.667c9.373 9.373 9.373 24.569 0 33.941L240.971 381.476c-9.373 9.372-24.569 9.372-33.942 0z\"><\/path><\/svg><\/div>\n\t\t\t\t<div class=\"elementor-toc__toggle-button elementor-toc__toggle-button--collapse\" role=\"button\" tabindex=\"0\" aria-controls=\"elementor-toc__iwgw-jabmiidaib-toc\" aria-expanded=\"true\" aria-label=\"Close table of contents\"><svg aria-hidden=\"true\" class=\"e-font-icon-svg e-fas-chevron-up\" viewBox=\"0 0 448 512\" xmlns=\"http:\/\/www.w3.org\/2000\/svg\"><path d=\"M240.971 130.524l194.343 194.343c9.373 9.373 9.373 24.569 0 33.941l-22.667 22.667c-9.357 9.357-24.522 9.375-33.901.04L224 227.495 69.255 381.516c-9.379 9.335-24.544 9.317-33.901-.04l-22.667-22.667c-9.373-9.373-9.373-24.569 0-33.941L207.03 130.525c9.372-9.373 24.568-9.373 33.941-.001z\"><\/path><\/svg><\/div>\n\t\t\t\t\t<\/div>\n\t\t\t\t<div id=\"elementor-toc__iwgw-jabmiidaib-toc\" class=\"elementor-toc__body\">\n\t\t\t<div class=\"elementor-toc__spinner-container\">\n\t\t\t\t<svg class=\"elementor-toc__spinner eicon-animation-spin e-font-icon-svg e-eicon-loading\" aria-hidden=\"true\" viewBox=\"0 0 1000 1000\" xmlns=\"http:\/\/www.w3.org\/2000\/svg\"><path d=\"M500 975V858C696 858 858 696 858 500S696 142 500 142 142 304 142 500H25C25 237 238 25 500 25S975 237 975 500 763 975 500 975Z\"><\/path><\/svg>\t\t\t<\/div>\n\t\t<\/div>\n\t\t\t\t\t\t<\/div>\n\t\t\t\t<\/div>\n\t\t\t\t\t<\/div>\n\t\t\t\t<\/div>\n\t\t<div class=\"elementor-element elementor-element-iwgw-jabmiidaib-hr e-con-full e-flex e-con e-child\" data-id=\"iwgw-jabmiidaib-hr\" data-element_type=\"container\" data-e-type=\"container\">\n\t\t\t\t<div class=\"elementor-element elementor-element-iwgw-jabmiidaib-heroimg iwg-hero-image elementor-widget elementor-widget-image\" data-id=\"iwgw-jabmiidaib-heroimg\" data-element_type=\"widget\" data-e-type=\"widget\" data-widget_type=\"image.default\">\n\t\t\t\t\t\t\t\t\t\t\t\t\t\t\t<img fetchpriority=\"high\" decoding=\"async\" width=\"683\" height=\"1024\" src=\"https:\/\/iwell-guard.com\/wp-content\/uploads\/2026\/05\/geister_sami_jabmiidaibmu-683x1024.webp\" class=\"attachment-large size-large wp-image-2888\" alt=\"Jabmiidaibmu \u2013 Terra dels morts i regne dels difunts dels sami\" srcset=\"https:\/\/iwell-guard.com\/wp-content\/uploads\/2026\/05\/geister_sami_jabmiidaibmu-683x1024.webp 683w, https:\/\/iwell-guard.com\/wp-content\/uploads\/2026\/05\/geister_sami_jabmiidaibmu-200x300.webp 200w, https:\/\/iwell-guard.com\/wp-content\/uploads\/2026\/05\/geister_sami_jabmiidaibmu-768x1152.webp 768w, https:\/\/iwell-guard.com\/wp-content\/uploads\/2026\/05\/geister_sami_jabmiidaibmu.webp 1024w\" sizes=\"(max-width: 683px) 100vw, 683px\" \/>\t\t\t\t\t\t\t\t\t\t\t\t\t\t\t<\/div>\n\t\t\t\t<\/div>\n\t\t\t\t\t<\/div>\n\t\t\t\t<\/div>\n\t\t<div class=\"elementor-element elementor-element-iwgw-jabmiidaib-s0 e-flex e-con-boxed e-con e-parent\" data-id=\"iwgw-jabmiidaib-s0\" data-element_type=\"container\" data-e-type=\"container\">\n\t\t\t\t\t<div class=\"e-con-inner\">\n\t\t\t\t<div class=\"elementor-element elementor-element-iwgw-jabmiidaib-s0h elementor-widget elementor-widget-heading\" data-id=\"iwgw-jabmiidaib-s0h\" data-element_type=\"widget\" data-e-type=\"widget\" data-widget_type=\"heading.default\">\n\t\t\t\t\t<h2 class=\"elementor-heading-title elementor-size-default\">Classificaci\u00f3 i perfil breu<\/h2>\t\t\t\t<\/div>\n\t\t<div class=\"elementor-element elementor-element-iwgw-jabmiidaib-s0c e-con-full e-flex e-con e-child\" data-id=\"iwgw-jabmiidaib-s0c\" data-element_type=\"container\" data-e-type=\"container\">\n\t\t\t\t<div class=\"elementor-element elementor-element-iwgw-jabmiidaib-s0t elementor-widget elementor-widget-text-editor\" data-id=\"iwgw-jabmiidaib-s0t\" data-element_type=\"widget\" data-e-type=\"widget\" data-widget_type=\"text-editor.default\">\n\t\t\t\t\t\t\t\t\t<p>Jabmiidaibmu \u00e9s el m\u00f3n subterrani dels morts de la tradici\u00f3 sami. Les fonts el descriuen com un lloc fred i ombr\u00edvol on els difunts continuen existint, encara que no de la mateixa manera que a la terra.<\/p><p>El terme es compon de <em>j\u00e1bmi<\/em>, que significa mort, i <em>\u00e1ibmu<\/em>, que significa m\u00f3n o \u00e0mbit. Jabmiidaibmu significa literalment m\u00f3n dels morts o \u00e0mbit dels morts. L&#8217;etimologia \u00e9s ling\u00fc\u00edsticament clara i est\u00e0 ben documentada des del punt de vista de la ci\u00e8ncia de les religions.<\/p><p>Cient\u00edficament, Jabmiidaibmu pertany a l&#8217;ampli grup de m\u00f3ns subterranis dels morts presents en nombroses religions. Comparables estructuralment s\u00f3n l&#8217;Adlivun dels <a href=\"https:\/\/iwell-guard.com\/ca\/inuit-artic-sedna-tornit-proteccio\/\">inuit<\/a> (vegeu <a href=\"https:\/\/iwell-guard.com\/ca\/?page_id=171755\">Anguta<\/a>), l&#8217;infram\u00f3n grec de l&#8217;Hades, el Helheim n\u00f2rdic antic i el Kurnugia mesopot\u00e0mic.<\/p><p>Tamb\u00e9 el m\u00f3n dels morts de Jabmiidaibmu ha estat estudiat en la recerca m\u00e9s recent amb m\u00e8todes ampliats que combinen precisi\u00f3 etnogr\u00e0fica, cr\u00edtica ling\u00fc\u00edstica de fonts i una mirada comparativa. La comunitat de coneixement sami forma avui part d&#8217;aquesta recerca i revisa cr\u00edticament interpretacions occidentals antigues del regne dels morts, en la mesura que estaven marcades per patrons de pensament colonials.<\/p><p>Com a regne subterrani dels difunts, Jabmiidaibmu s&#8217;integra en el patr\u00f3 d&#8217;una topografia religiosa circumpolar que es repeteix en espais molt amplis. El fet que aquesta estructura conservi els seus trets fonamentals al llarg de milers de quil\u00f2metres \u00e9s una de les troballes m\u00e9s notables de la <span class=\"iwg-fachbegriff\" data-tooltip=\"La ci\u00e8ncia que estudia les religions de manera comparativa i sense vincle de fe.\" tabindex=\"0\">ci\u00e8ncia de les religions<\/span> comparada, i encara avui se&#8217;n continua discutint.<\/p>\t\t\t\t\t\t\t\t<\/div>\n\t\t\t\t<\/div>\n\t\t\t\t\t<\/div>\n\t\t\t\t<\/div>\n\t\t<div class=\"elementor-element elementor-element-iwgw-jabmiidaib-s1 e-flex e-con-boxed e-con e-parent\" data-id=\"iwgw-jabmiidaib-s1\" data-element_type=\"container\" data-e-type=\"container\">\n\t\t\t\t\t<div class=\"e-con-inner\">\n\t\t\t\t<div class=\"elementor-element elementor-element-iwgw-jabmiidaib-s1h elementor-widget elementor-widget-heading\" data-id=\"iwgw-jabmiidaib-s1h\" data-element_type=\"widget\" data-e-type=\"widget\" data-widget_type=\"heading.default\">\n\t\t\t\t\t<h2 class=\"elementor-heading-title elementor-size-default\">Nom i etimologia<\/h2>\t\t\t\t<\/div>\n\t\t<div class=\"elementor-element elementor-element-iwgw-jabmiidaib-s1c e-con-full e-flex e-con e-child\" data-id=\"iwgw-jabmiidaib-s1c\" data-element_type=\"container\" data-e-type=\"container\">\n\t\t\t\t<div class=\"elementor-element elementor-element-iwgw-jabmiidaib-s1t elementor-widget elementor-widget-text-editor\" data-id=\"iwgw-jabmiidaib-s1t\" data-element_type=\"widget\" data-e-type=\"widget\" data-widget_type=\"text-editor.default\">\n\t\t\t\t\t\t\t\t\t<p>El nom Jabmiidaibmu \u00e9s una composici\u00f3 ling\u00fc\u00edsticament transparent. <em>J\u00e1bmi<\/em> o <em>j\u00e1met<\/em> significa en sami mort, difunt, traspassat. <em>\u00c1ibmu<\/em> o <em>aibmu<\/em> significa m\u00f3n, \u00e0mbit, esfera. La composici\u00f3 \u00e9s productiva en sami i forma part de la terminologia est\u00e0ndard.<\/p><p>Etimol\u00f2gicament, l&#8217;arrel <em>j\u00e1bmi<\/em> est\u00e0 emparentada amb el fin\u00e8s <em>j\u00e4m\u00e4<\/em>, que significa resta o \u00faltim, i pertany a la capa l\u00e8xica b\u00e0sica fino-\u00fagrica. La profunditat historicoreligiosa d&#8217;aquesta arrel \u00e9s considerable i remet a un estrat antic de la concepci\u00f3 dels morts.<\/p><p>Variants dialectals s\u00f3n Jamijmo en el sami meridional, Jamiaibmu en el sami d&#8217;Ume, J\u00e1bme-aibmu en l&#8217;\u00fas del sami septentrional. Aquesta diversitat correspon a la diferenciaci\u00f3 dialectal general.<\/p><p>De manera complement\u00e0ria, es pot plantejar des de la sociologia de la religi\u00f3 quina funci\u00f3 tenia la concepci\u00f3 de Jabmiidaibmu en l&#8217;ordre social de la comunitat sami tradicional, per exemple en la manera de gestionar la mort, el dol i la relaci\u00f3 amb els difunts.<\/p><p>La concepci\u00f3 religiosa i la pr\u00e0ctica social tampoc no estaven separades aqu\u00ed, sin\u00f3 estretament entrella\u00e7ades. Aquest entrella\u00e7ament constitueix un camp propi de recerca antropol\u00f2gica de la religi\u00f3, que H\u00e5kan Rydving i Konsta Kaikkonen han estudiat sistem\u00e0ticament.<\/p><p>Una altra dimensi\u00f3 afecta el significat actual de la terra dels morts per a la pol\u00edtica d&#8217;identitat sami. Amb l&#8217;autogovern sami i el reconeixement en dret internacional dels drets ind\u00edgenes, les concepcions religioses transmeses guanyen novament visibilitat. La manera com s&#8217;entrellacen la recerca religiosa i el reconeixement pol\u00edtic constitueix un camp propi al qual la ci\u00e8ncia dedica en els darrers anys m\u00e9s atenci\u00f3.<\/p>\t\t\t\t\t\t\t\t<\/div>\n\t\t\t\t<\/div>\n\t\t\t\t\t<\/div>\n\t\t\t\t<\/div>\n\t\t<div class=\"elementor-element elementor-element-iwgw-jabmiidaib-s2 e-flex e-con-boxed e-con e-parent\" data-id=\"iwgw-jabmiidaib-s2\" data-element_type=\"container\" data-e-type=\"container\">\n\t\t\t\t\t<div class=\"e-con-inner\">\n\t\t\t\t<div class=\"elementor-element elementor-element-iwgw-jabmiidaib-s2h elementor-widget elementor-widget-heading\" data-id=\"iwgw-jabmiidaib-s2h\" data-element_type=\"widget\" data-e-type=\"widget\" data-widget_type=\"heading.default\">\n\t\t\t\t\t<h2 class=\"elementor-heading-title elementor-size-default\">Topografia i descripci\u00f3<\/h2>\t\t\t\t<\/div>\n\t\t<div class=\"elementor-element elementor-element-iwgw-jabmiidaib-s2c e-con-full e-flex e-con e-child\" data-id=\"iwgw-jabmiidaib-s2c\" data-element_type=\"container\" data-e-type=\"container\">\n\t\t\t\t<div class=\"elementor-element elementor-element-iwgw-jabmiidaib-s2t elementor-widget elementor-widget-text-editor\" data-id=\"iwgw-jabmiidaib-s2t\" data-element_type=\"widget\" data-e-type=\"widget\" data-widget_type=\"text-editor.default\">\n\t\t\t\t\t\t\t\t\t<p>Jabmiidaibmu es troba sota la terra i no \u00e9s directament accessible. Els difunts hi s\u00f3n condu\u00efts despr\u00e9s de la mort, i nom\u00e9s els xamans poden viatjar-hi en tr\u00e0nsit per veure o interrogar els morts.<\/p><p>A les fonts, sobretot en Schefferus, Leem i L\u00e6stadius, Jabmiidaibmu es descriu com un lloc fred, fosc i ombr\u00edvol. Els difunts hi continuen existint en una forma m\u00e9s feble, sovint com un reflex de la seva exist\u00e8ncia terrenal, per\u00f2 amb una vitalitat atenuada.<\/p><p>Des del punt de vista de la fenomenologia de la religi\u00f3, aquesta concepci\u00f3 no \u00e9s un judici moral punitiu en el sentit cristi\u00e0. Jabmiidaibmu no \u00e9s un infern, sin\u00f3 una terra dels morts que acull tots els difunts, independentment de la seva conducta en vida. Aquesta concepci\u00f3 allunyada de l&#8217;\u00e8tica constitueix un fenomen propi des del punt de vista de la fenomenologia de la religi\u00f3.<\/p>\t\t\t\t\t\t\t\t<\/div>\n\t\t\t\t<\/div>\n\t\t\t\t\t<\/div>\n\t\t\t\t<\/div>\n\t\t<div class=\"elementor-element elementor-element-iwgw-jabmiidaib-s3 e-flex e-con-boxed e-con e-parent\" data-id=\"iwgw-jabmiidaib-s3\" data-element_type=\"container\" data-e-type=\"container\">\n\t\t\t\t\t<div class=\"e-con-inner\">\n\t\t\t\t<div class=\"elementor-element elementor-element-iwgw-jabmiidaib-s3h elementor-widget elementor-widget-heading\" data-id=\"iwgw-jabmiidaib-s3h\" data-element_type=\"widget\" data-e-type=\"widget\" data-widget_type=\"heading.default\">\n\t\t\t\t\t<h2 class=\"elementor-heading-title elementor-size-default\">El cam\u00ed cap a la terra dels morts<\/h2>\t\t\t\t<\/div>\n\t\t<div class=\"elementor-element elementor-element-iwgw-jabmiidaib-s3c e-con-full e-flex e-con e-child\" data-id=\"iwgw-jabmiidaib-s3c\" data-element_type=\"container\" data-e-type=\"container\">\n\t\t\t\t<div class=\"elementor-element elementor-element-iwgw-jabmiidaib-s3t elementor-widget elementor-widget-text-editor\" data-id=\"iwgw-jabmiidaib-s3t\" data-element_type=\"widget\" data-e-type=\"widget\" data-widget_type=\"text-editor.default\">\n\t\t\t\t\t\t\t\t\t<p>El cam\u00ed cap a la terra dels morts est\u00e0 descrit detalladament en les fonts sami. L&#8217;\u00e0nima del difunt travessa una tundra gelada, creua un riu o una muntanya i finalment entra a Jabmiidaibmu per una escletxa sota la terra.<\/p><p>En aquest pas hi ha diversos guardians o custodis que examinen l&#8217;\u00e0nima. En algunes fonts, la guardiana \u00e9s una figura d&#8217;Akka; en altres, un <span class=\"iwg-fachbegriff\" data-tooltip=\"Un \u00e9sser incorpori a qui s'atribueix una acci\u00f3 al m\u00f3n.\" tabindex=\"0\">esperit<\/span> mascul\u00ed. Aquesta concepci\u00f3 del guardi\u00e0 \u00e9s t\u00edpica, des del punt de vista de la fenomenologia de la religi\u00f3, dels passos cap al m\u00f3n dels morts.<\/p><p>Els xamans que viatjaven en tr\u00e0nsit cap a Jabmiidaibmu tamb\u00e9 havien de rec\u00f3rrer aquest cam\u00ed. Descripcions concretes del viatge xam\u00e0nic cap a Jabmiidaibmu es troben detallades en les fonts, per exemple en Schefferus, que reprodueix un llarg relat d&#8217;un noaidi sobre el seu viatge en tr\u00e0nsit cap a Jabmiidaibmu.<\/p>\t\t\t\t\t\t\t\t<\/div>\n\t\t\t\t<\/div>\n\t\t\t\t\t<\/div>\n\t\t\t\t<\/div>\n\t\t<div class=\"elementor-element elementor-element-iwgw-jabmiidaib-s4 e-flex e-con-boxed e-con e-parent\" data-id=\"iwgw-jabmiidaib-s4\" data-element_type=\"container\" data-e-type=\"container\">\n\t\t\t\t\t<div class=\"e-con-inner\">\n\t\t\t\t<div class=\"elementor-element elementor-element-iwgw-jabmiidaib-s4h elementor-widget elementor-widget-heading\" data-id=\"iwgw-jabmiidaib-s4h\" data-element_type=\"widget\" data-e-type=\"widget\" data-widget_type=\"heading.default\">\n\t\t\t\t\t<h2 class=\"elementor-heading-title elementor-size-default\">Els morts a Jabmiidaibmu<\/h2>\t\t\t\t<\/div>\n\t\t<div class=\"elementor-element elementor-element-iwgw-jabmiidaib-s4c e-con-full e-flex e-con e-child\" data-id=\"iwgw-jabmiidaib-s4c\" data-element_type=\"container\" data-e-type=\"container\">\n\t\t\t\t<div class=\"elementor-element elementor-element-iwgw-jabmiidaib-s4t elementor-widget elementor-widget-text-editor\" data-id=\"iwgw-jabmiidaib-s4t\" data-element_type=\"widget\" data-e-type=\"widget\" data-widget_type=\"text-editor.default\">\n\t\t\t\t\t\t\t\t\t<p>Els morts viuen a Jabmiidaibmu en una forma que reflecteix la seva exist\u00e8ncia terrenal, per\u00f2 esmorte\u00efda. Tenen les seves eines, les seves fam\u00edlies, els seus ramats de rens, per\u00f2 tot en una forma m\u00e9s feble que a la Terra.<\/p><p>Aquesta concepci\u00f3 \u00e9s, des del punt de vista de la fenomenologia religiosa, un fenomen propi i distingeix la teologia dels morts sami de tradicions en qu\u00e8 els morts passen a una forma d&#8217;exist\u00e8ncia completament diferent. Entre els sami, la identitat del difunt es conserva, nom\u00e9s se&#8217;n redueix la intensitat.<\/p><p>Cient\u00edficament, aix\u00f2 correspon a una <span class=\"iwg-fachbegriff\" data-tooltip=\"La doctrina cient\u00edfica sobre D\u00e9u i sobre la fe d'una religi\u00f3.\" tabindex=\"0\">teologia<\/span> mirall del m\u00f3n dels morts, documentada en moltes religions ind\u00edgenes. La coincid\u00e8ncia estructural amb altres tradicions \u00e9s, en si mateixa, un fet propi de la fenomenologia religiosa.<\/p>\t\t\t\t\t\t\t\t<\/div>\n\t\t\t\t<\/div>\n\t\t\t\t\t<\/div>\n\t\t\t\t<\/div>\n\t\t<div class=\"elementor-element elementor-element-iwgw-jabmiidaib-s5 e-flex e-con-boxed e-con e-parent\" data-id=\"iwgw-jabmiidaib-s5\" data-element_type=\"container\" data-e-type=\"container\">\n\t\t\t\t\t<div class=\"e-con-inner\">\n\t\t\t\t<div class=\"elementor-element elementor-element-iwgw-jabmiidaib-s5h elementor-widget elementor-widget-heading\" data-id=\"iwgw-jabmiidaib-s5h\" data-element_type=\"widget\" data-e-type=\"widget\" data-widget_type=\"heading.default\">\n\t\t\t\t\t<h2 class=\"elementor-heading-title elementor-size-default\">Rituals funeraris i contacte amb els morts<\/h2>\t\t\t\t<\/div>\n\t\t<div class=\"elementor-element elementor-element-iwgw-jabmiidaib-s5c e-con-full e-flex e-con e-child\" data-id=\"iwgw-jabmiidaib-s5c\" data-element_type=\"container\" data-e-type=\"container\">\n\t\t\t\t<div class=\"elementor-element elementor-element-iwgw-jabmiidaib-s5t elementor-widget elementor-widget-text-editor\" data-id=\"iwgw-jabmiidaib-s5t\" data-element_type=\"widget\" data-e-type=\"widget\" data-widget_type=\"text-editor.default\">\n\t\t\t\t\t\t\t\t\t<p>Els rituals funeraris sami estaven estretament vinculats a Jabmiidaibmu. El difunt era enterrat amb eines, ornaments i, de vegades, amb rens sacrificats que necessitaria al m\u00f3n dels morts. Aquesta pr\u00e0ctica de dipositar ofrenes funer\u00e0ries est\u00e0 documentada amb detall en l&#8217;etnologia religiosa.<\/p><p>El contacte amb els morts era possible a trav\u00e9s dels xamans. En moments de crisi, malaltia o afers familiars, un noaidi podia viatjar a Jabmiidaibmu i interrogar els morts. Aquesta pr\u00e0ctica era, en termes d&#8217;etnologia religiosa, un element central de la religi\u00f3 sami.<\/p><p>Els morts tamb\u00e9 podien manifestar-se per iniciativa pr\u00f2pia, sobretot en somnis o com a esperits que es feien visibles en moments especials. Aquesta concepci\u00f3 \u00e9s, des del punt de vista de la fenomenologia religiosa, un fenomen propi i est\u00e0 estesa en moltes religions ind\u00edgenes.<\/p>\t\t\t\t\t\t\t\t<\/div>\n\t\t\t\t<\/div>\n\t\t\t\t\t<\/div>\n\t\t\t\t<\/div>\n\t\t<div class=\"elementor-element elementor-element-iwgw-jabmiidaib-s6 e-flex e-con-boxed e-con e-parent\" data-id=\"iwgw-jabmiidaib-s6\" data-element_type=\"container\" data-e-type=\"container\">\n\t\t\t\t\t<div class=\"e-con-inner\">\n\t\t\t\t<div class=\"elementor-element elementor-element-iwgw-jabmiidaib-s6h elementor-widget elementor-widget-heading\" data-id=\"iwgw-jabmiidaib-s6h\" data-element_type=\"widget\" data-e-type=\"widget\" data-widget_type=\"heading.default\">\n\t\t\t\t\t<h2 class=\"elementor-heading-title elementor-size-default\">Jabmiidaibmu en comparaci\u00f3 circumpolar<\/h2>\t\t\t\t<\/div>\n\t\t<div class=\"elementor-element elementor-element-iwgw-jabmiidaib-s6c e-con-full e-flex e-con e-child\" data-id=\"iwgw-jabmiidaib-s6c\" data-element_type=\"container\" data-e-type=\"container\">\n\t\t\t\t<div class=\"elementor-element elementor-element-iwgw-jabmiidaib-s6t elementor-widget elementor-widget-text-editor\" data-id=\"iwgw-jabmiidaib-s6t\" data-element_type=\"widget\" data-e-type=\"widget\" data-widget_type=\"text-editor.default\">\n\t\t\t\t\t\t\t\t\t<p>Jabmiidaibmu pertany a l&#8217;ampli grup de m\u00f3ns dels morts subterranis presents en religions circumpolars i nord-europees. Estructuralment comparables s\u00f3n l&#8217;Adlivun dels <a href=\"https:\/\/iwell-guard.com\/ca\/inuit-artic-sedna-tornit-proteccio\/\">inuit<\/a> (custodiat per <a href=\"https:\/\/iwell-guard.com\/ca\/?page_id=171755\">Anguta<\/a>), el Helheim n\u00f2rdic antic (custodiat per Hel), el Tuonela finland\u00e8s (custodiat per Tuoni) i el Ngo&#8217;-jelba nenets.<\/p><p>L&#8217;especificitat de Jabmiidaibmu rau en la descripci\u00f3 topogr\u00e0fica detallada i en l&#8217;elaborada pr\u00e0ctica del viatge xam\u00e0nic. Aquesta profunditat de la tradici\u00f3 \u00e9s, en termes de fenomenologia religiosa, pr\u00f2pia i distintiva, i converteix la teologia dels morts sami en un cas ben documentat.<\/p><p>Dins la tradici\u00f3 fino\u00fagrica, la concepci\u00f3 del Tuonela finland\u00e8s \u00e9s el paral\u00b7lel m\u00e9s proper. El parentiu estructural \u00e9s considerable i est\u00e0 ben documentat hist\u00f2ricament. Aquest parentiu apunta a una antiga capa comuna.<\/p>\t\t\t\t\t\t\t\t<\/div>\n\t\t\t\t<\/div>\n\t\t\t\t\t<\/div>\n\t\t\t\t<\/div>\n\t\t<div class=\"elementor-element elementor-element-iwgw-jabmiidaib-s7 e-flex e-con-boxed e-con e-parent\" data-id=\"iwgw-jabmiidaib-s7\" data-element_type=\"container\" data-e-type=\"container\">\n\t\t\t\t\t<div class=\"e-con-inner\">\n\t\t\t\t<div class=\"elementor-element elementor-element-iwgw-jabmiidaib-s7h elementor-widget elementor-widget-heading\" data-id=\"iwgw-jabmiidaib-s7h\" data-element_type=\"widget\" data-e-type=\"widget\" data-widget_type=\"heading.default\">\n\t\t\t\t\t<h2 class=\"elementor-heading-title elementor-size-default\">Missi\u00f3 i despla\u00e7ament<\/h2>\t\t\t\t<\/div>\n\t\t<div class=\"elementor-element elementor-element-iwgw-jabmiidaib-s7c e-con-full e-flex e-con e-child\" data-id=\"iwgw-jabmiidaib-s7c\" data-element_type=\"container\" data-e-type=\"container\">\n\t\t\t\t<div class=\"elementor-element elementor-element-iwgw-jabmiidaib-s7t elementor-widget elementor-widget-text-editor\" data-id=\"iwgw-jabmiidaib-s7t\" data-element_type=\"widget\" data-e-type=\"widget\" data-widget_type=\"text-editor.default\">\n\t\t\t\t\t\t\t\t\t<p>La missi\u00f3 cristiana va reinterpretar Jabmiidaibmu de manera cristiana, en part com a Infern, en part com a Purgatori, en part com a Limbe. Aquesta reinterpretaci\u00f3 va provocar confusions teol\u00f2giques considerables, perqu\u00e8 la concepci\u00f3 sami, aliena a un esquema \u00e8tic, no s&#8217;ajustava f\u00e0cilment al marc moral cristi\u00e0.<\/p><p>La pr\u00e0ctica ritual de l&#8217;enterrament va ser molt alterada per la missi\u00f3. Es van prohibir les ofrenes funer\u00e0ries i es van criminalitzar els viatges xam\u00e0nics al m\u00f3n dels morts. Restes de la tradici\u00f3 s&#8217;han conservat en la pr\u00e0ctica familiar i en narracions transmeses oralment.<\/p><p>Cient\u00edficament, aquesta hist\u00f2ria missionera constitueix un camp de recerca propi. La revisi\u00f3 postcolonial de la teologia dels morts sami ha fet progressos considerables en les darreres d\u00e8cades i corregeix la representaci\u00f3 m\u00e9s antiga marcada per la perspectiva missionera.<\/p>\t\t\t\t\t\t\t\t<\/div>\n\t\t\t\t<\/div>\n\t\t\t\t\t<\/div>\n\t\t\t\t<\/div>\n\t\t<div class=\"elementor-element elementor-element-iwgw-jabmiidaib-s8 e-flex e-con-boxed e-con e-parent\" data-id=\"iwgw-jabmiidaib-s8\" data-element_type=\"container\" data-e-type=\"container\">\n\t\t\t\t\t<div class=\"e-con-inner\">\n\t\t\t\t<div class=\"elementor-element elementor-element-iwgw-jabmiidaib-s8h elementor-widget elementor-widget-heading\" data-id=\"iwgw-jabmiidaib-s8h\" data-element_type=\"widget\" data-e-type=\"widget\" data-widget_type=\"heading.default\">\n\t\t\t\t\t<h2 class=\"elementor-heading-title elementor-size-default\">Recerca i estat actual<\/h2>\t\t\t\t<\/div>\n\t\t<div class=\"elementor-element elementor-element-iwgw-jabmiidaib-s8c e-con-full e-flex e-con e-child\" data-id=\"iwgw-jabmiidaib-s8c\" data-element_type=\"container\" data-e-type=\"container\">\n\t\t\t\t<div class=\"elementor-element elementor-element-iwgw-jabmiidaib-s8t elementor-widget elementor-widget-text-editor\" data-id=\"iwgw-jabmiidaib-s8t\" data-element_type=\"widget\" data-e-type=\"widget\" data-widget_type=\"text-editor.default\">\n\t\t\t\t\t\t\t\t\t<p>La recerca sobre Jabmiidaibmu \u00e9s \u00e0mplia. H\u00e5kan Rydving, Juha Pentik\u00e4inen, Anna Lia Berthelsen i Konsta Kaikkonen han investigat sistem\u00e0ticament la teologia dels morts i n&#8217;han precisat la configuraci\u00f3 espec\u00edficament sami.<\/p><p>En la cultura sami contempor\u00e0nia, Jabmiidaibmu \u00e9s present en textos de joik, en la literatura sami i en les arts pl\u00e0stiques. Escriptors com Nils-Aslak Valkeap\u00e4\u00e4 han repr\u00e8s de manera productiva la concepci\u00f3 del m\u00f3n dels morts.<\/p><p>L&#8217;estudi cient\u00edfic de Jabmiidaibmu \u00e9s encara en curs. Hi ha llacunes concretes de recerca en la relaci\u00f3 exacta entre Jabmiidaibmu i <a href=\"https:\/\/iwell-guard.com\/ca\/?page_id=171770\">Saivo<\/a> com a segon m\u00f3n subterrani de la tradici\u00f3 sami. Aquesta duplicitat del m\u00f3n inferior \u00e9s, en termes de fenomenologia religiosa, un element propi.<\/p>\t\t\t\t\t\t\t\t<\/div>\n\t\t\t\t<\/div>\n\t\t\t\t\t<\/div>\n\t\t\t\t<\/div>\n\t\t<div class=\"elementor-element elementor-element-iwgw-jabmiidaib-s9 e-flex e-con-boxed e-con e-parent\" data-id=\"iwgw-jabmiidaib-s9\" data-element_type=\"container\" data-e-type=\"container\">\n\t\t\t\t\t<div class=\"e-con-inner\">\n\t\t\t\t<div class=\"elementor-element elementor-element-iwgw-jabmiidaib-s9h elementor-widget elementor-widget-heading\" data-id=\"iwgw-jabmiidaib-s9h\" data-element_type=\"widget\" data-e-type=\"widget\" data-widget_type=\"heading.default\">\n\t\t\t\t\t<h2 class=\"elementor-heading-title elementor-size-default\">Refer\u00e8ncies creuades del l\u00e8xic<\/h2>\t\t\t\t<\/div>\n\t\t<div class=\"elementor-element elementor-element-iwgw-jabmiidaib-s9c e-con-full e-flex e-con e-child\" data-id=\"iwgw-jabmiidaib-s9c\" data-element_type=\"container\" data-e-type=\"container\">\n\t\t\t\t<div class=\"elementor-element elementor-element-iwgw-jabmiidaib-s9t elementor-widget elementor-widget-text-editor\" data-id=\"iwgw-jabmiidaib-s9t\" data-element_type=\"widget\" data-e-type=\"widget\" data-widget_type=\"text-editor.default\">\n\t\t\t\t\t\t\t\t\t<p>Jabmiidaibmu es vincula amb <a href=\"https:\/\/iwell-guard.com\/ca\/?page_id=171770\">Saivo<\/a>, <a href=\"https:\/\/iwell-guard.com\/ca\/?page_id=171761\">Beaivi<\/a>, <a href=\"https:\/\/iwell-guard.com\/ca\/?page_id=171762\">M\u00e1nnu<\/a>, <a href=\"https:\/\/iwell-guard.com\/ca\/?page_id=171763\">R\u00e1hka<\/a>, <a href=\"https:\/\/iwell-guard.com\/ca\/?page_id=171764\">Stallo<\/a>, <a href=\"https:\/\/iwell-guard.com\/ca\/?page_id=171765\">Sara-Akka<\/a>, <a href=\"https:\/\/iwell-guard.com\/ca\/?page_id=171766\">Uksakka<\/a>, <a href=\"https:\/\/iwell-guard.com\/ca\/?page_id=171767\">Juksakka<\/a> i <a href=\"https:\/\/iwell-guard.com\/ca\/?page_id=171768\">Madderakka<\/a>. El nucli cultural <a href=\"https:\/\/iwell-guard.com\/ca\/sami-i-tradicio-fino-ugra-noaidi-i-tambor\/\">Tradici\u00f3 sami<\/a> emmarca la teologia dels morts. M\u00f3ns dels morts estructuralment similars es troben a la s\u00e8rie de lemes <a href=\"https:\/\/iwell-guard.com\/ca\/inuit-artic-sedna-tornit-proteccio\/\">inuit<\/a> d&#8217;<em>Anguta<\/em> i Adlivun.<\/p>\t\t\t\t\t\t\t\t<\/div>\n\t\t\t\t<\/div>\n\t\t\t\t\t<\/div>\n\t\t\t\t<\/div>\n\t\t<div class=\"elementor-element elementor-element-cp2483344c e-flex e-con-boxed e-con e-parent\" data-id=\"cp2483344c\" data-element_type=\"container\" data-e-type=\"container\">\n\t\t\t\t\t<div class=\"e-con-inner\">\n\t\t\t\t<div class=\"elementor-element elementor-element-cp21ce3fd3 elementor-widget elementor-widget-heading\" data-id=\"cp21ce3fd3\" data-element_type=\"widget\" data-e-type=\"widget\" data-widget_type=\"heading.default\">\n\t\t\t\t\t<h2 class=\"elementor-heading-title elementor-size-default\">Estat de les fonts: registres missioners i folkl\u00f2rics<\/h2>\t\t\t\t<\/div>\n\t\t<div class=\"elementor-element elementor-element-cp208326bd e-flex e-con-boxed e-con e-child\" data-id=\"cp208326bd\" data-element_type=\"container\" data-e-type=\"container\">\n\t\t\t\t\t<div class=\"e-con-inner\">\n\t\t\t\t<div class=\"elementor-element elementor-element-cp2255c84e elementor-widget elementor-widget-text-editor\" data-id=\"cp2255c84e\" data-element_type=\"widget\" data-e-type=\"widget\" data-widget_type=\"text-editor.default\">\n\t\t\t\t\t\t\t\t\t<p>Sobre <em>Jabmiidaibmu<\/em>, la senyora del regne dels morts sami <em>J\u00e1bmiid\u00e1ibmu<\/em>, no s&#8217;ha conservat cap text precristi\u00e0 escrit pels mateixos sami. Tot el coneixement prov\u00e9 de segona m\u00e0: dels registres de missioners luterans del segle XVII i principis del XVIII i de recopilacions folkl\u00f2riques posteriors.<\/p><p>Els testimonis primerencs m\u00e9s importants s\u00f3n els informes missioners dano-noruecs, en particular els manuscrits de l&#8217;entorn del col\u00b7legi de missions de Thomas von Westen, aix\u00ed com els treballs d&#8217;Isaac Olsen i Jens Kildal.<\/p><p>Aquestes fonts estan doblement filtrades. En primer lloc, provenen de persones que combatien la religi\u00f3 sami i la descrivien com a superstici\u00f3 o culte diab\u00f2lic. En segon lloc, molts noms i termes es van transcriure a l&#8217;o\u00efda, sense una ortografia unificada, per la qual cosa la forma del nom varia molt.<\/p><p>Historiadors de les religions com H\u00e5kan Rydving han assenyalat que les llistes de d\u00e9us aparentment sistem\u00e0tiques dels missioners s\u00f3n, en part, elles mateixes construccions que for\u00e7aven les concepcions sami dins d&#8217;un esquema familiar.<\/p><p>A aix\u00f2 s&#8217;hi afegeix la diversitat regional. La cultura sami s&#8217;est\u00e9n per Noruega, Su\u00e8cia, Finl\u00e0ndia i la pen\u00ednsula de Kola, amb diverses lleng\u00fces pr\u00f2pies.<\/p><p>Una figura que apareix en fonts del sami meridional no havia de tenir necess\u00e0riament el mateix paper en les tradicions del sami septentrional o del skolt. Per aix\u00f2, les afirmacions sobre Jabmiidaibmu s&#8217;haurien de relacionar sempre amb la pregunta de quina regi\u00f3 i quina capa de registre provenen.<\/p>\t\t\t\t\t\t\t\t<\/div>\n\t\t\t\t\t<\/div>\n\t\t\t\t<\/div>\n\t\t\t\t\t<\/div>\n\t\t\t\t<\/div>\n\t\t<div class=\"elementor-element elementor-element-cp2fb0f9b8 e-flex e-con-boxed e-con e-parent\" data-id=\"cp2fb0f9b8\" data-element_type=\"container\" data-e-type=\"container\">\n\t\t\t\t\t<div class=\"e-con-inner\">\n\t\t\t\t<div class=\"elementor-element elementor-element-cp2ae0b2b0 elementor-widget elementor-widget-heading\" data-id=\"cp2ae0b2b0\" data-element_type=\"widget\" data-e-type=\"widget\" data-widget_type=\"heading.default\">\n\t\t\t\t\t<h2 class=\"elementor-heading-title elementor-size-default\">J\u00e1bmiid\u00e1ibmu com a lloc: el regne dels morts sota terra<\/h2>\t\t\t\t<\/div>\n\t\t<div class=\"elementor-element elementor-element-cp29eae327 e-flex e-con-boxed e-con e-child\" data-id=\"cp29eae327\" data-element_type=\"container\" data-e-type=\"container\">\n\t\t\t\t\t<div class=\"e-con-inner\">\n\t\t\t\t<div class=\"elementor-element elementor-element-cp2c64f801 elementor-widget elementor-widget-text-editor\" data-id=\"cp2c64f801\" data-element_type=\"widget\" data-e-type=\"widget\" data-widget_type=\"text-editor.default\">\n\t\t\t\t\t\t\t\t\t<p>En les concepcions transmeses, <em>J\u00e1bmiid\u00e1ibmu<\/em> \u00e9s en primer lloc un lloc, un regne dels morts imaginat sota la terra, i nom\u00e9s en segon terme una senyora personificada d&#8217;aquest regne.<\/p><p>El mot sami cont\u00e9 l&#8217;arrel de \u00abels morts\u00bb (<em>j\u00e1bmek<\/em>) i un element que significa \u00abm\u00f3n\u00bb o \u00ab\u00e0mbit\u00bb. Segons els registres, els morts hi duien una exist\u00e8ncia semblant a la terrenal, per\u00f2 amb trets invertits o especulars.<\/p><p>La relaci\u00f3 entre els vius i el regne dels morts no era definitivament separada. Diverses fonts expliquen que el <em>noaidi<\/em>, l&#8217;especialista ritual sami, podia viatjar en tr\u00e0nsit fins als morts per negociar amb ells, per exemple en cas de malaltia.<\/p><p>La malaltia s&#8217;interpretava de vegades com un senyal que els morts cridaven a un viu perqu\u00e8 s&#8217;hi un\u00eds. El noaidi intentava aleshores oferir un present substitutiu, sovint un animal.<\/p><p>\u00c9s en aquest context que apareix la senyora personificada. \u00c9s la inst\u00e0ncia amb qui es negocia, la que accepta o rebutja les ofrenes. A difer\u00e8ncia de la Mort cristiana, no se la representa clarament com una figura amena\u00e7adora o punitiva; administra un \u00e0mbit al qual arriba tota persona, i roman esborradissa en les escasses fonts conservades.<\/p><p>Aquesta manca de definici\u00f3 no \u00e9s cap defecte de la figura, sin\u00f3 conseq\u00fc\u00e8ncia de la <span class=\"iwg-fachbegriff\" data-tooltip=\"La transmissi\u00f3 de coneixements i relats al llarg de generacions.\" tabindex=\"0\">tradici\u00f3 oral<\/span>: els missioners s&#8217;interessaven pel que podien condemnar com a idolatria, no pels trets subtils d&#8217;una senyora de l&#8217;ultratomba.<\/p>\t\t\t\t\t\t\t\t<\/div>\n\t\t\t\t\t<\/div>\n\t\t\t\t<\/div>\n\t\t\t\t\t<\/div>\n\t\t\t\t<\/div>\n\t\t<div class=\"elementor-element elementor-element-iwgw-jabmiidaib-lit e-flex e-con-boxed e-con e-parent\" data-id=\"iwgw-jabmiidaib-lit\" data-element_type=\"container\" data-e-type=\"container\">\n\t\t\t\t\t<div class=\"e-con-inner\">\n\t\t\t\t<div class=\"elementor-element elementor-element-iwgw-jabmiidaib-lith elementor-widget elementor-widget-heading\" data-id=\"iwgw-jabmiidaib-lith\" data-element_type=\"widget\" data-e-type=\"widget\" data-widget_type=\"heading.default\">\n\t\t\t\t\t<h2 class=\"elementor-heading-title elementor-size-default\">Bibliografia (selecci\u00f3)<\/h2>\t\t\t\t<\/div>\n\t\t<div class=\"elementor-element elementor-element-iwgw-jabmiidaib-litc e-con-full e-flex e-con e-child\" data-id=\"iwgw-jabmiidaib-litc\" data-element_type=\"container\" data-e-type=\"container\">\n\t\t\t\t<div class=\"elementor-element elementor-element-iwgw-jabmiidaib-litt elementor-widget elementor-widget-text-editor\" data-id=\"iwgw-jabmiidaib-litt\" data-element_type=\"widget\" data-e-type=\"widget\" data-widget_type=\"text-editor.default\">\n\t\t\t\t\t\t\t\t\t<div data-nosnippet=\"true\"><ul><li>Johannes Schefferus: <em>Lapponia<\/em> (Frankfurt 1673)<\/li><li>Knud Leem: <em>Beskrivelse over Finmarkens Lapper<\/em> (Kopenhagen 1767)<\/li><li>Lars Levi L\u00e6stadius: <em>Fragmenter i lappska mythologien<\/em> (Manuskript ca. 1840)<\/li><li>H\u00e5kan Rydving: <em>The End of Drum-Time<\/em> (Uppsala 1993)<\/li><li>Juha Pentik\u00e4inen: <em>Saamelaiset<\/em> (Helsinki 1995)<\/li><li>Konsta Kaikkonen: <em>Sami Pre-Christian Religion<\/em> (Helsinki 2020)<\/li><\/ul><\/div>\t\t\t\t\t\t\t\t<\/div>\n\t\t\t\t<\/div>\n\t\t\t\t\t<\/div>\n\t\t\t\t<\/div>\n\t\t<div class=\"elementor-element elementor-element-iwgw-jabmiidaib-kwd e-flex e-con-boxed e-con e-parent\" data-id=\"iwgw-jabmiidaib-kwd\" data-element_type=\"container\" data-e-type=\"container\">\n\t\t\t\t\t<div class=\"e-con-inner\">\n\t\t<div class=\"elementor-element elementor-element-iwgw-jabmiidaib-kwdc e-con-full e-flex e-con e-child\" data-id=\"iwgw-jabmiidaib-kwdc\" data-element_type=\"container\" data-e-type=\"container\">\n\t\t\t\t<div class=\"elementor-element elementor-element-iwgw-jabmiidaib-kwdt elementor-widget elementor-widget-text-editor\" data-id=\"iwgw-jabmiidaib-kwdt\" data-element_type=\"widget\" data-e-type=\"widget\" data-widget_type=\"text-editor.default\">\n\t\t\t\t\t\t\t\t\t<p><em>Termes clau relacionats: Jabmiidaibmu Jamiaibmu J\u00e1bme-aibmu Sami Terra dels morts Infram\u00f3n Noaidi Rituals funeraris.<\/em><\/p>\t\t\t\t\t\t\t\t<\/div>\n\t\t\t\t<\/div>\n\t\t\t\t\t<\/div>\n\t\t\t\t<\/div>\n\t\t<div class=\"elementor-element elementor-element-iwgw-jabmiidaib-cc e-flex e-con-boxed e-con e-parent\" data-id=\"iwgw-jabmiidaib-cc\" data-element_type=\"container\" data-e-type=\"container\" id=\"iwg-cc-jabmiidaibmu\">\n\t\t\t\t\t<div class=\"e-con-inner\">\n\t\t<div class=\"elementor-element elementor-element-iwgw-jabmiidaib-ccinner e-flex e-con-boxed e-con e-parent\" data-id=\"iwgw-jabmiidaib-ccinner\" data-element_type=\"container\" data-e-type=\"container\" data-settings=\"{&quot;background_background&quot;:&quot;classic&quot;}\">\n\t\t\t\t\t<div class=\"e-con-inner\">\n\t\t\t\t<div class=\"elementor-element elementor-element-iwgw-jabmiidaib-cch elementor-widget elementor-widget-heading\" data-id=\"iwgw-jabmiidaib-cch\" data-element_type=\"widget\" data-e-type=\"widget\" data-widget_type=\"heading.default\">\n\t\t\t\t\t<h2 class=\"elementor-heading-title elementor-size-default\">iWell Guard i tradicions de protecci\u00f3<\/h2>\t\t\t\t<\/div>\n\t\t\t\t<div class=\"elementor-element elementor-element-iwgw-jabmiidaib-cct elementor-widget elementor-widget-text-editor\" data-id=\"iwgw-jabmiidaib-cct\" data-element_type=\"widget\" data-e-type=\"widget\" data-widget_type=\"text-editor.default\">\n\t\t\t\t\t\t\t\t\t<div data-nosnippet=\"true\"><p>iWell Guard s&#8217;inspira en la tradici\u00f3 culturohist\u00f2rica dels objectes de protecci\u00f3 portables, seguint la tradici\u00f3 dels <a href=\"https:\/\/iwell-guard.com\/ca\/sami-i-tradicio-fino-ugra-noaidi-i-tambor\/\">sami<\/a> i de moltes altres cultures d&#8217;arreu del m\u00f3n. 41 capes, or aut\u00e8ntic, plat\u00ed, plata, fabricat a Alemanya. Dret de devoluci\u00f3 de 30 dies.<\/p><\/div>\t\t\t\t\t\t\t\t<\/div>\n\t\t\t\t<div class=\"elementor-element elementor-element-iwgw-jabmiidaib-ccb iwg-cc-button iwg-cc-cta-2026-05-13 elementor-widget elementor-widget-jet-button\" data-id=\"iwgw-jabmiidaib-ccb\" data-element_type=\"widget\" data-e-type=\"widget\" data-widget_type=\"jet-button.default\">\n\t\t\t\t<div class=\"elementor-widget-container\">\n\t\t\t\t\t<div class=\"elementor-jet-button jet-elements\"><div class=\"jet-button__container\"><a class=\"jet-button__instance jet-button__instance--icon-left hover-effect-1\" href=\"\/ueber-iwell-guard\/?utm_source=iwell-guard.com&amp;utm_medium=info-box&amp;utm_campaign=wesen-tradition\"><div class=\"jet-button__plane jet-button__plane-normal\"><\/div><div class=\"jet-button__plane jet-button__plane-hover\"><\/div><div class=\"jet-button__state jet-button__state-normal\"><span class=\"jet-button__label\">M\u00e9s informaci\u00f3 sobre l'iWell Guard<\/span><\/div><div class=\"jet-button__state jet-button__state-hover\"><span class=\"jet-button__label\">M\u00e9s informaci\u00f3 sobre l'iWell Guard<\/span><\/div><\/a><\/div><\/div><style>.elementor-element.elementor-element-iwgw-jabmiidaib-ccb .jet-button__instance{width:320px;height:56px;}.elementor-element.elementor-element-iwgw-jabmiidaib-ccb .jet-button__state-normal .jet-button__label{text-align:center;margin:0px 0px 0px 0px;color:#1a1b20;font-family:Montserrat,sans-serif;font-size:13px;font-weight:400;letter-spacing:4px;line-height:1.714em;text-transform:uppercase;}.elementor-element.elementor-element-iwgw-jabmiidaib-ccb .jet-button__state-hover .jet-button__label{text-align:center;margin:0px 0px 0px 0px;color:#FECC76;font-family:Montserrat,sans-serif;font-size:13px;font-weight:400;letter-spacing:4px;line-height:1.714em;text-transform:uppercase;}.elementor-element.elementor-element-iwgw-jabmiidaib-ccb .jet-button__plane-normal{background-color:#FECC76;border-style:solid;border-color:#C99540;border-width:2px 2px 2px 2px;}.elementor-element.elementor-element-iwgw-jabmiidaib-ccb .jet-button__plane-hover{background-color:rgba(0,0,0,0.55);border-style:solid;border-color:#FECC76;border-width:2px 2px 2px 2px;}<\/style>\t\t\t\t<\/div>\n\t\t\t\t<\/div>\n\t\t\t\t<div class=\"elementor-element elementor-element-iwgw-jabmiidaib-ccd elementor-widget elementor-widget-text-editor\" data-id=\"iwgw-jabmiidaib-ccd\" data-element_type=\"widget\" data-e-type=\"widget\" data-widget_type=\"text-editor.default\">\n\t\t\t\t\t\t\t\t\t<div data-nosnippet=\"true\"><p style=\"text-align:center;font-size:13px;opacity:0.7;margin-top:14px\" data-nosnippet=\"true\">Les experi\u00e8ncies personals poden variar. No \u00e9s un producte sanitari. No \u00e9s una promesa de curaci\u00f3.<\/p><\/div>\t\t\t\t\t\t\t\t<\/div>\n\t\t\t\t\t<\/div>\n\t\t\t\t<\/div>\n\t\t\t\t\t<\/div>\n\t\t\t\t<\/div>\n\t\t<div class=\"elementor-element elementor-element-iwgw-jabmiidaib-disc e-flex e-con-boxed e-con e-parent\" data-id=\"iwgw-jabmiidaib-disc\" data-element_type=\"container\" data-e-type=\"container\">\n\t\t\t\t\t<div class=\"e-con-inner\">\n\t\t\t\t<div class=\"elementor-element elementor-element-iwgw-jabmiidaib-discw elementor-widget elementor-widget-html\" data-id=\"iwgw-jabmiidaib-discw\" data-element_type=\"widget\" data-e-type=\"widget\" data-widget_type=\"html.default\">\n\t\t\t\t\t<footer data-nosnippet=\"true\" class=\"iwg-disclaimer-block\"><p data-nosnippet=\"true\">iWell Guard <strong>no \u00e9s un producte sanitari<\/strong> i no substitueix cap tractament m\u00e8dic o psicoterap\u00e8utic. Els continguts d'hist\u00f2ria de les religions s\u00f3n una classificaci\u00f3 culturohist\u00f2rica, no una recomanaci\u00f3 de pr\u00e0ctica espiritual.<\/p><\/footer>\t\t\t\t<\/div>\n\t\t\t\t\t<\/div>\n\t\t\t\t<\/div>\n\t\t\t\t<\/div>\n\t\t","protected":false},"excerpt":{"rendered":"","protected":false},"author":3,"featured_media":2888,"parent":0,"menu_order":0,"comment_status":"closed","ping_status":"closed","template":"elementor_header_footer","meta":{"_yoast_wpseo_focuskw":"Jabmiidaibmu terra dels morts sami","_yoast_wpseo_title":"Jabmiidaibmu - Terra dels morts de la religi\u00f3 sami","_yoast_wpseo_metadesc":"Jabmiidaibmu \u00e9s la terra dels morts de la religi\u00f3 sami, el regne subterrani dels difunts. Situaci\u00f3 historicoreligiosa amb fonts.","_yoast_wpseo_meta-robots-noindex":"","_yoast_wpseo_canonical":"","_angie_page":false,"gefaehrdungsstufe":"3","wesen_kultur":"sami","wesen_klasse":"geister","footnotes":""},"categories":[],"class_list":["post-171769","page","type-page","status-publish","has-post-thumbnail","hentry"],"yoast_head":"<!-- This site is optimized with the Yoast SEO Premium plugin v27.7 (Yoast SEO v28.3) - https:\/\/yoast.com\/product\/yoast-seo-premium-wordpress\/ -->\n<title>Jabmiidaibmu - Terra dels morts de la religi\u00f3 sami<\/title>\n<meta name=\"description\" content=\"Jabmiidaibmu \u00e9s la terra dels morts de la religi\u00f3 sami, el regne subterrani dels difunts. Situaci\u00f3 historicoreligiosa amb fonts.\" \/>\n<meta name=\"robots\" content=\"index, follow, max-snippet:-1, max-image-preview:large, max-video-preview:-1\" \/>\n<link rel=\"canonical\" href=\"https:\/\/iwell-guard.com\/ca\/jabmiidaibmu-terra-dels-morts-sami\/\" \/>\n<meta property=\"og:locale\" content=\"ca_ES\" \/>\n<meta property=\"og:type\" content=\"article\" \/>\n<meta property=\"og:title\" content=\"Jabmiidaibmu - Terra dels morts i regne dels difunts dels sami\" \/>\n<meta property=\"og:description\" content=\"Jabmiidaibmu \u00e9s la terra dels morts de la religi\u00f3 sami, el regne subterrani dels difunts. Situaci\u00f3 historicoreligiosa amb fonts.\" \/>\n<meta property=\"og:url\" content=\"https:\/\/iwell-guard.com\/ca\/jabmiidaibmu-terra-dels-morts-sami\/\" \/>\n<meta property=\"og:site_name\" content=\"iWell Guard\" \/>\n<meta property=\"article:modified_time\" content=\"2026-09-05T16:06:44+00:00\" \/>\n<meta property=\"og:image\" content=\"https:\/\/iwell-guard.com\/wp-content\/uploads\/2026\/05\/geister_sami_jabmiidaibmu.webp\" \/>\n\t<meta property=\"og:image:width\" content=\"1024\" \/>\n\t<meta property=\"og:image:height\" content=\"1536\" \/>\n\t<meta property=\"og:image:type\" content=\"image\/webp\" \/>\n<meta name=\"twitter:card\" content=\"summary_large_image\" \/>\n<script type=\"application\/ld+json\" class=\"yoast-schema-graph\">{\"@context\":\"https:\\\/\\\/schema.org\",\"@graph\":[{\"@type\":\"WebPage\",\"@id\":\"https:\\\/\\\/iwell-guard.com\\\/ca\\\/jabmiidaibmu-terra-dels-morts-sami\\\/\",\"url\":\"https:\\\/\\\/iwell-guard.com\\\/ca\\\/jabmiidaibmu-terra-dels-morts-sami\\\/\",\"name\":\"Jabmiidaibmu - Terra dels morts de la religi\u00f3 sami\",\"isPartOf\":{\"@id\":\"https:\\\/\\\/iwell-guard.com\\\/ca\\\/#website\"},\"primaryImageOfPage\":{\"@id\":\"https:\\\/\\\/iwell-guard.com\\\/ca\\\/jabmiidaibmu-terra-dels-morts-sami\\\/#primaryimage\"},\"image\":{\"@id\":\"https:\\\/\\\/iwell-guard.com\\\/ca\\\/jabmiidaibmu-terra-dels-morts-sami\\\/#primaryimage\"},\"thumbnailUrl\":\"https:\\\/\\\/iwell-guard.com\\\/wp-content\\\/uploads\\\/2026\\\/05\\\/geister_sami_jabmiidaibmu.webp\",\"datePublished\":\"2026-09-05T15:42:14+00:00\",\"dateModified\":\"2026-09-05T16:06:44+00:00\",\"description\":\"Jabmiidaibmu \u00e9s la terra dels morts de la religi\u00f3 sami, el regne subterrani dels difunts. Situaci\u00f3 historicoreligiosa amb fonts.\",\"breadcrumb\":{\"@id\":\"https:\\\/\\\/iwell-guard.com\\\/ca\\\/jabmiidaibmu-terra-dels-morts-sami\\\/#breadcrumb\"},\"inLanguage\":\"ca\",\"potentialAction\":[{\"@type\":\"ReadAction\",\"target\":[\"https:\\\/\\\/iwell-guard.com\\\/ca\\\/jabmiidaibmu-terra-dels-morts-sami\\\/\"]}]},{\"@type\":\"ImageObject\",\"inLanguage\":\"ca\",\"@id\":\"https:\\\/\\\/iwell-guard.com\\\/ca\\\/jabmiidaibmu-terra-dels-morts-sami\\\/#primaryimage\",\"url\":\"https:\\\/\\\/iwell-guard.com\\\/wp-content\\\/uploads\\\/2026\\\/05\\\/geister_sami_jabmiidaibmu.webp\",\"contentUrl\":\"https:\\\/\\\/iwell-guard.com\\\/wp-content\\\/uploads\\\/2026\\\/05\\\/geister_sami_jabmiidaibmu.webp\",\"width\":1024,\"height\":1536,\"caption\":\"Esperits de la tradici\u00f3 sami.\"},{\"@type\":\"BreadcrumbList\",\"@id\":\"https:\\\/\\\/iwell-guard.com\\\/ca\\\/jabmiidaibmu-terra-dels-morts-sami\\\/#breadcrumb\",\"itemListElement\":[{\"@type\":\"ListItem\",\"position\":1,\"name\":\"Start\",\"item\":\"https:\\\/\\\/iwell-guard.com\\\/ca\\\/?page_id=171333\"},{\"@type\":\"ListItem\",\"position\":2,\"name\":\"Jabmiidaibmu &#8211; Terra dels morts i regne dels difunts dels sami\"}]},{\"@type\":\"WebSite\",\"@id\":\"https:\\\/\\\/iwell-guard.com\\\/ca\\\/#website\",\"url\":\"https:\\\/\\\/iwell-guard.com\\\/ca\\\/\",\"name\":\"iWell Guard\",\"description\":\"Schutz vor dunklen Einfl\u00fcssen\",\"publisher\":{\"@id\":\"https:\\\/\\\/iwell-guard.com\\\/ca\\\/#organization\"},\"potentialAction\":[{\"@type\":\"SearchAction\",\"target\":{\"@type\":\"EntryPoint\",\"urlTemplate\":\"https:\\\/\\\/iwell-guard.com\\\/ca\\\/?s={search_term_string}\"},\"query-input\":{\"@type\":\"PropertyValueSpecification\",\"valueRequired\":true,\"valueName\":\"search_term_string\"}}],\"inLanguage\":\"ca\"},{\"@type\":\"Organization\",\"@id\":\"https:\\\/\\\/iwell-guard.com\\\/ca\\\/#organization\",\"name\":\"Ittermann electronic GmbH\",\"url\":\"https:\\\/\\\/iwell-guard.com\\\/ca\\\/\",\"logo\":{\"@type\":\"ImageObject\",\"inLanguage\":\"ca\",\"@id\":\"https:\\\/\\\/iwell-guard.com\\\/ca\\\/#\\\/schema\\\/logo\\\/image\\\/\",\"url\":\"https:\\\/\\\/iwell-guard.com\\\/wp-content\\\/uploads\\\/2026\\\/05\\\/Ittermann-Logo-1182x237-1.png\",\"contentUrl\":\"https:\\\/\\\/iwell-guard.com\\\/wp-content\\\/uploads\\\/2026\\\/05\\\/Ittermann-Logo-1182x237-1.png\",\"width\":1182,\"height\":237,\"caption\":\"Ittermann electronic GmbH\"},\"image\":{\"@id\":\"https:\\\/\\\/iwell-guard.com\\\/ca\\\/#\\\/schema\\\/logo\\\/image\\\/\"},\"sameAs\":[\"https:\\\/\\\/pantip.com\\\/profile\\\/9367242\",\"https:\\\/\\\/micro.blog\\\/iwellguard\",\"https:\\\/\\\/www.diggerslist.com\\\/iwellguard\\\/about\",\"https:\\\/\\\/skitterphoto.com\\\/photographers\\\/2870314\\\/iwell-guard\",\"https:\\\/\\\/iwellguard.wordpress.com\\\/2026\\\/06\\\/06\\\/iwell-guard\\\/\",\"https:\\\/\\\/hub.docker.com\\\/u\\\/iwellguard\",\"https:\\\/\\\/www.pinterest.com\\\/iwellguard\\\/\",\"https:\\\/\\\/bit.ly\\\/m\\\/iwellguard\",\"https:\\\/\\\/entre-vos-mains.alsace.eu\\\/profiles\\\/iwellguard\\\/activity\",\"https:\\\/\\\/gravatar.com\\\/reallybeded8fd34\",\"https:\\\/\\\/naijamatta.com\\\/iwellguard\",\"https:\\\/\\\/www.goodreads.com\\\/iwellguard\",\"https:\\\/\\\/profile.hatena.ne.jp\\\/iwellguard\\\/\",\"https:\\\/\\\/experiment.com\\\/users\\\/iwellguard\",\"https:\\\/\\\/wakelet.com\\\/@iWellGuard82270\",\"https:\\\/\\\/www.chordie.com\\\/forum\\\/profile.php?id=2555664\",\"https:\\\/\\\/www.instapaper.com\\\/p\\\/17757966\",\"https:\\\/\\\/www.mapleprimes.com\\\/users\\\/iwellguard\",\"https:\\\/\\\/businesslistingplus.com\\\/profile\\\/iwell-guard\\\/\",\"https:\\\/\\\/telegra.ph\\\/iWell-Guard-06-06\",\"https:\\\/\\\/pbase.com\\\/iwellguard\\\/iwellguard\",\"https:\\\/\\\/b.hatena.ne.jp\\\/iwellguard\\\/20260607#bookmark-4788405196491818882\",\"https:\\\/\\\/fliphtml5.com\\\/home\\\/iwellguard\",\"https:\\\/\\\/anyflip.com\\\/homepage\\\/cmiwl#About\",\"https:\\\/\\\/transfur.com\\\/Users\\\/iwellguard\",\"http:\\\/\\\/delphi.larsbo.org\\\/user\\\/iwellguard\",\"https:\\\/\\\/jobs.lajobsportal.org\\\/profiles\\\/8380803-iwell-guard\",\"https:\\\/\\\/md.chaosdorf.de\\\/s\\\/jfbe5SBdJD\",\"https:\\\/\\\/www.lingvolive.com\\\/en-us\\\/profile\\\/9ecaeaca-ce11-4e51-9e71-01d55e2bff36\\\/translations\",\"https:\\\/\\\/www.fitday.com\\\/fitness\\\/forums\\\/members\\\/iwellguard.html\",\"https:\\\/\\\/www.mymeetbook.com\\\/iwellguard\",\"https:\\\/\\\/pxhere.com\\\/en\\\/photographer-me\\\/5040798\",\"https:\\\/\\\/disqus.com\\\/by\\\/iwellguard\\\/about\\\/\",\"https:\\\/\\\/pastelink.net\\\/hjwciqwq\",\"https:\\\/\\\/pubhtml5.com\\\/homepage\\\/scjhn\\\/\",\"https:\\\/\\\/www.bitchute.com\\\/channel\\\/2O2eOKzNqujT\",\"https:\\\/\\\/audiomack.com\\\/iwellguard\"]},{\"@type\":\"Article\",\"@id\":\"https:\\\/\\\/iwell-guard.com\\\/ca\\\/jabmiidaibmu-terra-dels-morts-sami\\\/#article\",\"isPartOf\":{\"@id\":\"https:\\\/\\\/iwell-guard.com\\\/ca\\\/jabmiidaibmu-terra-dels-morts-sami\\\/\"},\"author\":{\"name\":\"Ralf Ittermann\",\"@id\":\"https:\\\/\\\/iwell-guard.com\\\/ca\\\/#\\\/schema\\\/person\\\/ee2a27f1cac3406c7c6fb5820cb7349f\"},\"headline\":\"Jabmiidaibmu &#8211; Terra dels morts i regne dels difunts dels sami\",\"datePublished\":\"2026-09-05T15:42:14+00:00\",\"dateModified\":\"2026-09-05T16:06:44+00:00\",\"mainEntityOfPage\":{\"@id\":\"https:\\\/\\\/iwell-guard.com\\\/ca\\\/jabmiidaibmu-terra-dels-morts-sami\\\/\"},\"publisher\":{\"@id\":\"https:\\\/\\\/iwell-guard.com\\\/ca\\\/#organization\"},\"image\":{\"@id\":\"https:\\\/\\\/iwell-guard.com\\\/ca\\\/jabmiidaibmu-terra-dels-morts-sami\\\/#primaryimage\"},\"thumbnailUrl\":\"https:\\\/\\\/iwell-guard.com\\\/wp-content\\\/uploads\\\/2026\\\/05\\\/geister_sami_jabmiidaibmu.webp\",\"inLanguage\":\"ca\",\"description\":\"Jabmiidaibmu \u00e9s la terra dels morts de la religi\u00f3 sami, el regne subterrani dels difunts. Situaci\u00f3 historicoreligiosa amb fonts.\"}]}<\/script>\n<!-- \/ Yoast SEO Premium plugin. -->","yoast_head_json":{"title":"Jabmiidaibmu - Terra dels morts de la religi\u00f3 sami","description":"Jabmiidaibmu \u00e9s la terra dels morts de la religi\u00f3 sami, el regne subterrani dels difunts. Situaci\u00f3 historicoreligiosa amb fonts.","robots":{"index":"index","follow":"follow","max-snippet":"max-snippet:-1","max-image-preview":"max-image-preview:large","max-video-preview":"max-video-preview:-1"},"canonical":"https:\/\/iwell-guard.com\/ca\/jabmiidaibmu-terra-dels-morts-sami\/","og_locale":"ca_ES","og_type":"article","og_title":"Jabmiidaibmu - Terra dels morts i regne dels difunts dels sami","og_description":"Jabmiidaibmu \u00e9s la terra dels morts de la religi\u00f3 sami, el regne subterrani dels difunts. Situaci\u00f3 historicoreligiosa amb fonts.","og_url":"https:\/\/iwell-guard.com\/ca\/jabmiidaibmu-terra-dels-morts-sami\/","og_site_name":"iWell Guard","article_modified_time":"2026-09-05T16:06:44+00:00","og_image":[{"width":1024,"height":1536,"url":"https:\/\/iwell-guard.com\/wp-content\/uploads\/2026\/05\/geister_sami_jabmiidaibmu.webp","type":"image\/webp"}],"twitter_card":"summary_large_image","schema":{"@context":"https:\/\/schema.org","@graph":[{"@type":"Article","@id":"https:\/\/iwell-guard.com\/ca\/jabmiidaibmu-terra-dels-morts-sami\/#article","isPartOf":{"@id":"https:\/\/iwell-guard.com\/ca\/jabmiidaibmu-terra-dels-morts-sami\/"},"author":{"name":"Ralf Ittermann","@id":"https:\/\/iwell-guard.com\/ca\/#\/schema\/person\/ee2a27f1cac3406c7c6fb5820cb7349f"},"headline":"Jabmiidaibmu &#8211; Terra dels morts i regne dels difunts dels sami","datePublished":"2026-09-05T15:42:14+00:00","dateModified":"2026-09-05T16:06:44+00:00","mainEntityOfPage":{"@id":"https:\/\/iwell-guard.com\/ca\/jabmiidaibmu-terra-dels-morts-sami\/"},"publisher":{"@id":"https:\/\/iwell-guard.com\/ca\/#organization"},"image":{"@id":"https:\/\/iwell-guard.com\/ca\/jabmiidaibmu-terra-dels-morts-sami\/#primaryimage"},"thumbnailUrl":"https:\/\/iwell-guard.com\/wp-content\/uploads\/2026\/05\/geister_sami_jabmiidaibmu.webp","inLanguage":"ca","description":"Jabmiidaibmu \u00e9s la terra dels morts de la religi\u00f3 sami, el regne subterrani dels difunts. Situaci\u00f3 historicoreligiosa amb fonts."},{"@type":"WebPage","@id":"https:\/\/iwell-guard.com\/ca\/jabmiidaibmu-terra-dels-morts-sami\/","url":"https:\/\/iwell-guard.com\/ca\/jabmiidaibmu-terra-dels-morts-sami\/","name":"Jabmiidaibmu - Terra dels morts de la religi\u00f3 sami","isPartOf":{"@id":"https:\/\/iwell-guard.com\/ca\/#website"},"primaryImageOfPage":{"@id":"https:\/\/iwell-guard.com\/ca\/jabmiidaibmu-terra-dels-morts-sami\/#primaryimage"},"image":{"@id":"https:\/\/iwell-guard.com\/ca\/jabmiidaibmu-terra-dels-morts-sami\/#primaryimage"},"thumbnailUrl":"https:\/\/iwell-guard.com\/wp-content\/uploads\/2026\/05\/geister_sami_jabmiidaibmu.webp","datePublished":"2026-09-05T15:42:14+00:00","dateModified":"2026-09-05T16:06:44+00:00","description":"Jabmiidaibmu \u00e9s la terra dels morts de la religi\u00f3 sami, el regne subterrani dels difunts. Situaci\u00f3 historicoreligiosa amb fonts.","breadcrumb":{"@id":"https:\/\/iwell-guard.com\/ca\/jabmiidaibmu-terra-dels-morts-sami\/#breadcrumb"},"inLanguage":"ca","potentialAction":[{"@type":"ReadAction","target":["https:\/\/iwell-guard.com\/ca\/jabmiidaibmu-terra-dels-morts-sami\/"]}]},{"@type":"ImageObject","inLanguage":"ca","@id":"https:\/\/iwell-guard.com\/ca\/jabmiidaibmu-terra-dels-morts-sami\/#primaryimage","url":"https:\/\/iwell-guard.com\/wp-content\/uploads\/2026\/05\/geister_sami_jabmiidaibmu.webp","contentUrl":"https:\/\/iwell-guard.com\/wp-content\/uploads\/2026\/05\/geister_sami_jabmiidaibmu.webp","width":1024,"height":1536,"caption":"Esperits de la tradici\u00f3 sami."},{"@type":"BreadcrumbList","@id":"https:\/\/iwell-guard.com\/ca\/jabmiidaibmu-terra-dels-morts-sami\/#breadcrumb","itemListElement":[{"@type":"ListItem","position":1,"name":"Start","item":"https:\/\/iwell-guard.com\/ca\/?page_id=171333"},{"@type":"ListItem","position":2,"name":"Jabmiidaibmu &#8211; Terra dels morts i regne dels difunts dels sami"}]},{"@type":"WebSite","@id":"https:\/\/iwell-guard.com\/ca\/#website","url":"https:\/\/iwell-guard.com\/ca\/","name":"iWell Guard","description":"Schutz vor dunklen Einfl\u00fcssen","publisher":{"@id":"https:\/\/iwell-guard.com\/ca\/#organization"},"potentialAction":[{"@type":"SearchAction","target":{"@type":"EntryPoint","urlTemplate":"https:\/\/iwell-guard.com\/ca\/?s={search_term_string}"},"query-input":{"@type":"PropertyValueSpecification","valueRequired":true,"valueName":"search_term_string"}}],"inLanguage":"ca"},{"@type":"Organization","@id":"https:\/\/iwell-guard.com\/ca\/#organization","name":"Ittermann electronic GmbH","url":"https:\/\/iwell-guard.com\/ca\/","logo":{"@type":"ImageObject","inLanguage":"ca","@id":"https:\/\/iwell-guard.com\/ca\/#\/schema\/logo\/image\/","url":"https:\/\/iwell-guard.com\/wp-content\/uploads\/2026\/05\/Ittermann-Logo-1182x237-1.png","contentUrl":"https:\/\/iwell-guard.com\/wp-content\/uploads\/2026\/05\/Ittermann-Logo-1182x237-1.png","width":1182,"height":237,"caption":"Ittermann electronic GmbH"},"image":{"@id":"https:\/\/iwell-guard.com\/ca\/#\/schema\/logo\/image\/"},"sameAs":["https:\/\/pantip.com\/profile\/9367242","https:\/\/micro.blog\/iwellguard","https:\/\/www.diggerslist.com\/iwellguard\/about","https:\/\/skitterphoto.com\/photographers\/2870314\/iwell-guard","https:\/\/iwellguard.wordpress.com\/2026\/06\/06\/iwell-guard\/","https:\/\/hub.docker.com\/u\/iwellguard","https:\/\/www.pinterest.com\/iwellguard\/","https:\/\/bit.ly\/m\/iwellguard","https:\/\/entre-vos-mains.alsace.eu\/profiles\/iwellguard\/activity","https:\/\/gravatar.com\/reallybeded8fd34","https:\/\/naijamatta.com\/iwellguard","https:\/\/www.goodreads.com\/iwellguard","https:\/\/profile.hatena.ne.jp\/iwellguard\/","https:\/\/experiment.com\/users\/iwellguard","https:\/\/wakelet.com\/@iWellGuard82270","https:\/\/www.chordie.com\/forum\/profile.php?id=2555664","https:\/\/www.instapaper.com\/p\/17757966","https:\/\/www.mapleprimes.com\/users\/iwellguard","https:\/\/businesslistingplus.com\/profile\/iwell-guard\/","https:\/\/telegra.ph\/iWell-Guard-06-06","https:\/\/pbase.com\/iwellguard\/iwellguard","https:\/\/b.hatena.ne.jp\/iwellguard\/20260607#bookmark-4788405196491818882","https:\/\/fliphtml5.com\/home\/iwellguard","https:\/\/anyflip.com\/homepage\/cmiwl#About","https:\/\/transfur.com\/Users\/iwellguard","http:\/\/delphi.larsbo.org\/user\/iwellguard","https:\/\/jobs.lajobsportal.org\/profiles\/8380803-iwell-guard","https:\/\/md.chaosdorf.de\/s\/jfbe5SBdJD","https:\/\/www.lingvolive.com\/en-us\/profile\/9ecaeaca-ce11-4e51-9e71-01d55e2bff36\/translations","https:\/\/www.fitday.com\/fitness\/forums\/members\/iwellguard.html","https:\/\/www.mymeetbook.com\/iwellguard","https:\/\/pxhere.com\/en\/photographer-me\/5040798","https:\/\/disqus.com\/by\/iwellguard\/about\/","https:\/\/pastelink.net\/hjwciqwq","https:\/\/pubhtml5.com\/homepage\/scjhn\/","https:\/\/www.bitchute.com\/channel\/2O2eOKzNqujT","https:\/\/audiomack.com\/iwellguard"]},{"@type":"Person","@id":"https:\/\/iwell-guard.com\/ca\/#\/schema\/person\/ee2a27f1cac3406c7c6fb5820cb7349f","name":"Ralf Ittermann","image":{"@type":"ImageObject","inLanguage":"ca","@id":"https:\/\/secure.gravatar.com\/avatar\/073c0153e350a5005b68eb752b445fea71f6b24a26da9449ad7e155e6b446c9d?s=96&d=mm&r=g","url":"https:\/\/secure.gravatar.com\/avatar\/073c0153e350a5005b68eb752b445fea71f6b24a26da9449ad7e155e6b446c9d?s=96&d=mm&r=g","contentUrl":"https:\/\/secure.gravatar.com\/avatar\/073c0153e350a5005b68eb752b445fea71f6b24a26da9449ad7e155e6b446c9d?s=96&d=mm&r=g","caption":"Ralf Ittermann"},"givenName":"Ralf","familyName":"Ittermann","jobTitle":"Gesch\u00e4ftsf\u00fchrer und redaktioneller Verantwortlicher","url":"https:\/\/iwell-guard.com\/ca\/author\/claude\/","description":"Ralf Ittermann ist Gesch\u00e4ftsf\u00fchrer der Ittermann electronic GmbH und redaktioneller Verantwortlicher des iWell-Guard-Lexikons. Er verbindet langj\u00e4hrige Erfahrung in der Pr\u00e4zisionsfertigung mit medialer Praxis und religionsgeschichtlicher Quellenarbeit.","worksFor":{"@type":"Organization","name":"Ittermann electronic GmbH","url":"https:\/\/ittermann.de\/","address":{"@type":"PostalAddress","streetAddress":"K\u00f6hlergasse 16-18","postalCode":"99842","addressLocality":"Ruhla","addressCountry":"DE"}},"knowsAbout":["Religionsgeschichte","Mythologie","Mediale Praxis","Energetische Diagnostik","Schutzpraxis","Volksglauben","Westliche Esoterik"]},{"@type":"Article","@id":"https:\/\/iwell-guard.com\/ca\/jabmiidaibmu-terra-dels-morts-sami\/#article","isPartOf":{"@id":"https:\/\/iwell-guard.com\/ca\/jabmiidaibmu-terra-dels-morts-sami\/"},"author":{"name":"Ralf Ittermann","@id":"https:\/\/iwell-guard.com\/ca\/#\/schema\/person\/ee2a27f1cac3406c7c6fb5820cb7349f"},"headline":"Jabmiidaibmu &#8211; Terra dels morts i regne dels difunts dels sami","datePublished":"2026-09-05T15:42:14+00:00","dateModified":"2026-09-05T16:06:44+00:00","mainEntityOfPage":{"@id":"https:\/\/iwell-guard.com\/ca\/jabmiidaibmu-terra-dels-morts-sami\/"},"publisher":{"@id":"https:\/\/iwell-guard.com\/ca\/#organization"},"image":{"@id":"https:\/\/iwell-guard.com\/ca\/jabmiidaibmu-terra-dels-morts-sami\/#primaryimage"},"thumbnailUrl":"https:\/\/iwell-guard.com\/wp-content\/uploads\/2026\/05\/geister_sami_jabmiidaibmu.webp","inLanguage":"ca","description":"Jabmiidaibmu \u00e9s la terra dels morts de la religi\u00f3 sami, el regne subterrani dels difunts. Situaci\u00f3 historicoreligiosa amb fonts."}]}},"_links":{"self":[{"href":"https:\/\/iwell-guard.com\/ca\/wp-json\/wp\/v2\/pages\/171769","targetHints":{"allow":["GET"]}}],"collection":[{"href":"https:\/\/iwell-guard.com\/ca\/wp-json\/wp\/v2\/pages"}],"about":[{"href":"https:\/\/iwell-guard.com\/ca\/wp-json\/wp\/v2\/types\/page"}],"author":[{"embeddable":true,"href":"https:\/\/iwell-guard.com\/ca\/wp-json\/wp\/v2\/users\/3"}],"replies":[{"embeddable":true,"href":"https:\/\/iwell-guard.com\/ca\/wp-json\/wp\/v2\/comments?post=171769"}],"version-history":[{"count":0,"href":"https:\/\/iwell-guard.com\/ca\/wp-json\/wp\/v2\/pages\/171769\/revisions"}],"wp:featuredmedia":[{"embeddable":true,"href":"https:\/\/iwell-guard.com\/ca\/wp-json\/wp\/v2\/media\/2888"}],"wp:attachment":[{"href":"https:\/\/iwell-guard.com\/ca\/wp-json\/wp\/v2\/media?parent=171769"}],"wp:term":[{"taxonomy":"category","embeddable":true,"href":"https:\/\/iwell-guard.com\/ca\/wp-json\/wp\/v2\/categories?post=171769"}],"curies":[{"name":"wp","href":"https:\/\/api.w.org\/{rel}","templated":true}]}}