{"id":171768,"date":"2026-09-05T15:42:13","date_gmt":"2026-09-05T15:42:13","guid":{"rendered":"https:\/\/iwell-guard.com\/?page_id=171768"},"modified":"2026-09-05T16:06:44","modified_gmt":"2026-09-05T16:06:44","slug":"madderakka-mare-mare-akka-suprema-sami","status":"publish","type":"page","link":"https:\/\/iwell-guard.com\/ca\/madderakka-mare-mare-akka-suprema-sami\/","title":{"rendered":"Madderakka &#8211; Mare mare i Akka suprema dels sami"},"content":{"rendered":"\t\t<div data-elementor-type=\"wp-page\" data-elementor-id=\"171768\" class=\"elementor elementor-171768 elementor-2671 elementor-bc-flex-widget\" data-elementor-post-type=\"page\">\n\t\t\t\t<div class=\"elementor-element elementor-element-iwgw-madderakka-hero e-flex e-con-boxed e-con e-parent\" data-id=\"iwgw-madderakka-hero\" data-element_type=\"container\" data-e-type=\"container\" data-settings=\"{&quot;background_background&quot;:&quot;classic&quot;}\">\n\t\t\t\t\t<div class=\"e-con-inner\">\n\t\t<div class=\"elementor-element elementor-element-iwgw-madderakka-hl e-flex e-con-boxed e-con e-child\" data-id=\"iwgw-madderakka-hl\" data-element_type=\"container\" data-e-type=\"container\">\n\t\t\t\t\t<div class=\"e-con-inner\">\n\t\t<div class=\"elementor-element elementor-element-iwgw-madderakka-htxt e-con-full e-flex e-con e-child\" data-id=\"iwgw-madderakka-htxt\" data-element_type=\"container\" data-e-type=\"container\">\n\t\t\t\t<div class=\"elementor-element elementor-element-iwgw-madderakka-h1 elementor-widget elementor-widget-heading\" data-id=\"iwgw-madderakka-h1\" data-element_type=\"widget\" data-e-type=\"widget\" data-widget_type=\"heading.default\">\n\t\t\t\t\t<h1 class=\"elementor-heading-title elementor-size-default\">Madderakka - Mare mare, receptora d'\u00e0nimes i Akka suprema de la religi\u00f3 sami<\/h1>\t\t\t\t<\/div>\n\t\t\t\t<div class=\"elementor-element elementor-element-iwgw-madderakka-lead elementor-widget elementor-widget-text-editor\" data-id=\"iwgw-madderakka-lead\" data-element_type=\"widget\" data-e-type=\"widget\" data-widget_type=\"text-editor.default\">\n\t\t\t\t\t\t\t\t\t<p>Madderakka, escrit tamb\u00e9 Maaddaraahka o M\u00e1ttar\u00e1hkk\u00e1, \u00e9s la m\u00e9s alta de les deesses Akka en la religi\u00f3 pre-cristiana <a href=\"https:\/\/iwell-guard.com\/ca\/sami-i-tradicio-fino-ugra-noaidi-i-tambor\/\">sami<\/a>. \u00c9s la mare mare que rep les \u00e0nimes abans que siguin transmeses a les seves filles <a href=\"https:\/\/iwell-guard.com\/ca\/?page_id=171765\">Sara-Akka<\/a>, <a href=\"https:\/\/iwell-guard.com\/ca\/?page_id=171766\">Uksakka<\/a> i <a href=\"https:\/\/iwell-guard.com\/ca\/?page_id=171767\">Juksakka<\/a>.<\/p>\t\t\t\t\t\t\t\t<\/div>\n\t\t\t\t<\/div>\n\t\t<div class=\"elementor-element elementor-element-iwgw-madderakka-pillc e-con-full e-flex e-con e-child\" data-id=\"iwgw-madderakka-pillc\" data-element_type=\"container\" data-e-type=\"container\">\n\t\t\t\t<div class=\"elementor-element elementor-element-iwgw-madderakka-pills elementor-widget elementor-widget-html\" data-id=\"iwgw-madderakka-pills\" data-element_type=\"widget\" data-e-type=\"widget\" data-widget_type=\"html.default\">\n\t\t\t\t\t<div class=\"iwg-pill-row\"><span class=\"iwg-klasse-badge\" tabindex=\"0\" data-tooltip=\"Deessa de la llar de la tradici\u00f3 Sami.\">Deessa de la llar<\/span><a href=\"https:\/\/iwell-guard.com\/ca\/sami-i-tradicio-fino-ugra-noaidi-i-tambor\/\" class=\"iwg-kultur-badge\" tabindex=\"0\" data-tooltip=\"Mitologia de la tradici\u00f3 Sami.\">Sami<\/a><span class=\"iwg-tradition-badge\" tabindex=\"0\" data-tooltip=\"Mare mare i receptora d'\u00e0nimes.\">Mare mare i receptora d'\u00e0nimes<\/span><\/div>\t\t\t\t<\/div>\n\t\t\t\t<\/div>\n\t\t<div class=\"elementor-element elementor-element-iwgw-madderakka-tocc e-con-full e-flex e-con e-child\" data-id=\"iwgw-madderakka-tocc\" data-element_type=\"container\" data-e-type=\"container\">\n\t\t\t\t<div class=\"elementor-element elementor-element-iwgw-madderakka-toc elementor-toc--minimized-on-tablet elementor-widget elementor-widget-table-of-contents\" data-id=\"iwgw-madderakka-toc\" data-element_type=\"widget\" data-e-type=\"widget\" data-settings=\"{&quot;headings_by_tags&quot;:[&quot;h2&quot;,&quot;h3&quot;],&quot;minimize_box&quot;:&quot;yes&quot;,&quot;marker_view&quot;:&quot;bullets&quot;,&quot;no_headings_message&quot;:&quot;No s&#039;ha trobat cap encap\\u00e7alament en aquesta p\\u00e0gina.&quot;,&quot;exclude_headings_by_selector&quot;:[],&quot;icon&quot;:{&quot;value&quot;:&quot;fas fa-circle&quot;,&quot;library&quot;:&quot;fa-solid&quot;,&quot;rendered_tag&quot;:&quot;&lt;svg class=\\&quot;e-font-icon-svg e-fas-circle\\&quot; viewBox=\\&quot;0 0 512 512\\&quot; xmlns=\\&quot;http:\\\/\\\/www.w3.org\\\/2000\\\/svg\\&quot;&gt;&lt;path d=\\&quot;M256 8C119 8 8 119 8 256s111 248 248 248 248-111 248-248S393 8 256 8z\\&quot;&gt;&lt;\\\/path&gt;&lt;\\\/svg&gt;&quot;},&quot;minimized_on&quot;:&quot;tablet&quot;,&quot;hierarchical_view&quot;:&quot;yes&quot;,&quot;min_height&quot;:{&quot;unit&quot;:&quot;px&quot;,&quot;size&quot;:&quot;&quot;,&quot;sizes&quot;:[]},&quot;min_height_tablet&quot;:{&quot;unit&quot;:&quot;px&quot;,&quot;size&quot;:&quot;&quot;,&quot;sizes&quot;:[]},&quot;min_height_mobile&quot;:{&quot;unit&quot;:&quot;px&quot;,&quot;size&quot;:&quot;&quot;,&quot;sizes&quot;:[]}}\" data-widget_type=\"table-of-contents.default\">\n\t\t\t\t\t\t\t\t\t<div class=\"elementor-toc__header\">\n\t\t\t\t\t\t<h2 class=\"elementor-toc__header-title\">\n\t\t\t\t\u00cdndex\t\t\t<\/h2>\n\t\t\t\t\t\t\t\t\t\t<div class=\"elementor-toc__toggle-button elementor-toc__toggle-button--expand\" role=\"button\" tabindex=\"0\" aria-controls=\"elementor-toc__iwgw-madderakka-toc\" aria-expanded=\"true\" aria-label=\"Open table of contents\"><svg aria-hidden=\"true\" class=\"e-font-icon-svg e-fas-chevron-down\" viewBox=\"0 0 448 512\" xmlns=\"http:\/\/www.w3.org\/2000\/svg\"><path d=\"M207.029 381.476L12.686 187.132c-9.373-9.373-9.373-24.569 0-33.941l22.667-22.667c9.357-9.357 24.522-9.375 33.901-.04L224 284.505l154.745-154.021c9.379-9.335 24.544-9.317 33.901.04l22.667 22.667c9.373 9.373 9.373 24.569 0 33.941L240.971 381.476c-9.373 9.372-24.569 9.372-33.942 0z\"><\/path><\/svg><\/div>\n\t\t\t\t<div class=\"elementor-toc__toggle-button elementor-toc__toggle-button--collapse\" role=\"button\" tabindex=\"0\" aria-controls=\"elementor-toc__iwgw-madderakka-toc\" aria-expanded=\"true\" aria-label=\"Close table of contents\"><svg aria-hidden=\"true\" class=\"e-font-icon-svg e-fas-chevron-up\" viewBox=\"0 0 448 512\" xmlns=\"http:\/\/www.w3.org\/2000\/svg\"><path d=\"M240.971 130.524l194.343 194.343c9.373 9.373 9.373 24.569 0 33.941l-22.667 22.667c-9.357 9.357-24.522 9.375-33.901.04L224 227.495 69.255 381.516c-9.379 9.335-24.544 9.317-33.901-.04l-22.667-22.667c-9.373-9.373-9.373-24.569 0-33.941L207.03 130.525c9.372-9.373 24.568-9.373 33.941-.001z\"><\/path><\/svg><\/div>\n\t\t\t\t\t<\/div>\n\t\t\t\t<div id=\"elementor-toc__iwgw-madderakka-toc\" class=\"elementor-toc__body\">\n\t\t\t<div class=\"elementor-toc__spinner-container\">\n\t\t\t\t<svg class=\"elementor-toc__spinner eicon-animation-spin e-font-icon-svg e-eicon-loading\" aria-hidden=\"true\" viewBox=\"0 0 1000 1000\" xmlns=\"http:\/\/www.w3.org\/2000\/svg\"><path d=\"M500 975V858C696 858 858 696 858 500S696 142 500 142 142 304 142 500H25C25 237 238 25 500 25S975 237 975 500 763 975 500 975Z\"><\/path><\/svg>\t\t\t<\/div>\n\t\t<\/div>\n\t\t\t\t\t\t<\/div>\n\t\t\t\t<\/div>\n\t\t\t\t\t<\/div>\n\t\t\t\t<\/div>\n\t\t<div class=\"elementor-element elementor-element-iwgw-madderakka-hr e-con-full e-flex e-con e-child\" data-id=\"iwgw-madderakka-hr\" data-element_type=\"container\" data-e-type=\"container\">\n\t\t\t\t<div class=\"elementor-element elementor-element-iwgw-madderakka-heroimg iwg-hero-image elementor-widget elementor-widget-image\" data-id=\"iwgw-madderakka-heroimg\" data-element_type=\"widget\" data-e-type=\"widget\" data-widget_type=\"image.default\">\n\t\t\t\t\t\t\t\t\t\t\t\t\t\t\t<img fetchpriority=\"high\" decoding=\"async\" width=\"683\" height=\"1024\" src=\"https:\/\/iwell-guard.com\/wp-content\/uploads\/2026\/05\/goetter_sami_madderakka-683x1024.webp\" class=\"attachment-large size-large wp-image-2892\" alt=\"Madderakka \u2013 Mare mare i Akka suprema dels sami\" srcset=\"https:\/\/iwell-guard.com\/wp-content\/uploads\/2026\/05\/goetter_sami_madderakka-683x1024.webp 683w, https:\/\/iwell-guard.com\/wp-content\/uploads\/2026\/05\/goetter_sami_madderakka-200x300.webp 200w, https:\/\/iwell-guard.com\/wp-content\/uploads\/2026\/05\/goetter_sami_madderakka-768x1152.webp 768w, https:\/\/iwell-guard.com\/wp-content\/uploads\/2026\/05\/goetter_sami_madderakka.webp 1024w\" sizes=\"(max-width: 683px) 100vw, 683px\" \/>\t\t\t\t\t\t\t\t\t\t\t\t\t\t\t<\/div>\n\t\t\t\t<\/div>\n\t\t\t\t\t<\/div>\n\t\t\t\t<\/div>\n\t\t<div class=\"elementor-element elementor-element-iwgw-madderakka-s0 e-flex e-con-boxed e-con e-parent\" data-id=\"iwgw-madderakka-s0\" data-element_type=\"container\" data-e-type=\"container\">\n\t\t\t\t\t<div class=\"e-con-inner\">\n\t\t\t\t<div class=\"elementor-element elementor-element-iwgw-madderakka-s0h elementor-widget elementor-widget-heading\" data-id=\"iwgw-madderakka-s0h\" data-element_type=\"widget\" data-e-type=\"widget\" data-widget_type=\"heading.default\">\n\t\t\t\t\t<h2 class=\"elementor-heading-title elementor-size-default\">Classificaci\u00f3 i perfil breu<\/h2>\t\t\t\t<\/div>\n\t\t<div class=\"elementor-element elementor-element-iwgw-madderakka-s0c e-con-full e-flex e-con e-child\" data-id=\"iwgw-madderakka-s0c\" data-element_type=\"container\" data-e-type=\"container\">\n\t\t\t\t<div class=\"elementor-element elementor-element-iwgw-madderakka-s0t elementor-widget elementor-widget-text-editor\" data-id=\"iwgw-madderakka-s0t\" data-element_type=\"widget\" data-e-type=\"widget\" data-widget_type=\"text-editor.default\">\n\t\t\t\t\t\t\t\t\t<p>Madderakka \u00e9s el cim jer\u00e0rquic de la tr\u00edada de les Akka i, per tant, la <span class=\"iwg-fachbegriff\" data-tooltip=\"Un \u00e9sser venerat com a div\u00ed dins d'una religi\u00f3.\" tabindex=\"0\">de\u00eftat<\/span> femenina m\u00e9s important de la religi\u00f3 sami. Rep les \u00e0nimes del d\u00e9u suprem <a href=\"https:\/\/iwell-guard.com\/ca\/?page_id=171763\">R\u00e1hka<\/a> o de <a href=\"https:\/\/iwell-guard.com\/ca\/?page_id=171761\">Beaivi<\/a> i les transmet a les seves tres filles, que exerceixen les funcions especialitzades relacionades amb el naixement.<\/p><p>Aquesta estructura jer\u00e0rquica est\u00e0 elaborada des del punt de vista de la ci\u00e8ncia de la religi\u00f3. Mostra que la <span class=\"iwg-fachbegriff\" data-tooltip=\"La doctrina cient\u00edfica sobre D\u00e9u i la fe d'una religi\u00f3.\" tabindex=\"0\">teologia<\/span> de les Akka sami no consisteix en de\u00eftats independents entre si, sin\u00f3 en una estructura familiar integrada, en la qual Madderakka ocupa la posici\u00f3 materna i les seves filles exerceixen les funcions executives.<\/p><p>Les fonts sobre Madderakka s\u00f3n abundants. Schefferus, Leem, L\u00e6stadius i les imatges dels tambors s\u00f3n les fonts principals. La seva import\u00e0ncia teol\u00f2gica est\u00e0 ben documentada en la recerca i reconeguda des de la ci\u00e8ncia de la religi\u00f3.<\/p><p>La mare mare Madderakka ha estat tractada en la recerca m\u00e9s recent amb enfocaments ampliats que combinen precisi\u00f3 etnogr\u00e0fica, examen cr\u00edtic de la <span class=\"iwg-fachbegriff\" data-tooltip=\"La transmissi\u00f3 de coneixements i relats a trav\u00e9s de generacions.\" tabindex=\"0\">transmissi\u00f3<\/span> ling\u00fc\u00edstica i perspectiva comparativa. Investigadores i investigadors sami formen part avui d&#8217;aquest treball i corregeixen interpretacions occidentals m\u00e9s antigues, en les quals de vegades s&#8217;havien reflectit visions colonials.<\/p><p>Com a cim jer\u00e0rquic de la tr\u00edada de les Akka, Madderakka s&#8217;insereix en una topografia religiosa circumpolar, el patr\u00f3 b\u00e0sic de la qual es repeteix en espais molt amplis. Aquesta const\u00e0ncia estructural al llarg de milers de quil\u00f2metres \u00e9s una de les troballes m\u00e9s notables de la <span class=\"iwg-fachbegriff\" data-tooltip=\"La ci\u00e8ncia que estudia les religions de manera comparativa i sense vincle de fe.\" tabindex=\"0\">ci\u00e8ncia de la religi\u00f3<\/span> comparativa i continua sent objecte de debats de recerca en curs.<\/p>\t\t\t\t\t\t\t\t<\/div>\n\t\t\t\t<\/div>\n\t\t\t\t\t<\/div>\n\t\t\t\t<\/div>\n\t\t<div class=\"elementor-element elementor-element-iwgw-madderakka-s1 e-flex e-con-boxed e-con e-parent\" data-id=\"iwgw-madderakka-s1\" data-element_type=\"container\" data-e-type=\"container\">\n\t\t\t\t\t<div class=\"e-con-inner\">\n\t\t\t\t<div class=\"elementor-element elementor-element-iwgw-madderakka-s1h elementor-widget elementor-widget-heading\" data-id=\"iwgw-madderakka-s1h\" data-element_type=\"widget\" data-e-type=\"widget\" data-widget_type=\"heading.default\">\n\t\t\t\t\t<h2 class=\"elementor-heading-title elementor-size-default\">Nom i etimologia<\/h2>\t\t\t\t<\/div>\n\t\t<div class=\"elementor-element elementor-element-iwgw-madderakka-s1c e-con-full e-flex e-con e-child\" data-id=\"iwgw-madderakka-s1c\" data-element_type=\"container\" data-e-type=\"container\">\n\t\t\t\t<div class=\"elementor-element elementor-element-iwgw-madderakka-s1t elementor-widget elementor-widget-text-editor\" data-id=\"iwgw-madderakka-s1t\" data-element_type=\"widget\" data-e-type=\"widget\" data-widget_type=\"text-editor.default\">\n\t\t\t\t\t\t\t\t\t<p>El nom Madderakka prov\u00e9 del sami <em>m\u00e1dd\u00e1<\/em>, que significa origen, tronc o \u00e0via. El component Akka \u00e9s, com en les altres Akka, la denominaci\u00f3 habitual de les deesses protectores femenines. Madder-Akka significa, doncs, literalment mare mare o \u00e0via primig\u00e8nia.<\/p><p>Etimol\u00f2gicament, l&#8217;arrel <em>m\u00e1dd\u00e1<\/em> pertany a la capa fino\u00fagrica. Termes relacionats es troben en el fin\u00e8s <em>maa<\/em>, que significa terra, i en l&#8217;estoni\u00e0 <em>maa<\/em>, que tamb\u00e9 significa terra. Aquesta profunditat ling\u00fc\u00edstica hist\u00f2rica remet a una capa antiga de la formaci\u00f3 conceptual religiosa.<\/p><p>Les variants dialectals s\u00f3n Maaddaraahka en sami del sud, M\u00e1ttar-akka en sami ume i M\u00e1ttar\u00e1hkk\u00e1 en sami del nord. Aquesta diversitat \u00e9s t\u00edpica des del punt de vista de la fenomenologia de la religi\u00f3.<\/p><p>Des de la sociologia de la religi\u00f3, cal preguntar-se quina funci\u00f3 exercia Madderakka en l&#8217;ordre social de la comunitat sami tradicional. Com que la seva posici\u00f3 teol\u00f2gica com a mare receptora d&#8217;\u00e0nimes d&#8217;una fam\u00edlia sencera de deesses reflecteix en certa manera l&#8217;estructura familiar, el religi\u00f3s estava aqu\u00ed estretament entrella\u00e7at amb la pr\u00e0ctica social.<\/p><p>Aquest entrella\u00e7ament constitueix un camp de recerca propi dins de l&#8217;antropologia de la religi\u00f3, que sobretot H\u00e5kan Rydving i Konsta Kaikkonen han estudiat de manera sistem\u00e0tica.<\/p><p>Un altre nivell concerneix el significat actual de Madderakka per a la pol\u00edtica identit\u00e0ria sami. En el marc de l&#8217;autogovern sami i del reconeixement dels drets dels pobles ind\u00edgenes en el dret internacional, figures transmeses com l&#8217;Akka suprema tornen a ocupar la consci\u00e8ncia p\u00fablica. La relaci\u00f3 entre la recerca en religi\u00f3 i l&#8217;autoafirmaci\u00f3 pol\u00edtica constitueix aqu\u00ed un \u00e0mbit de treball propi que en els darrers anys s&#8217;ha tractat amb m\u00e9s intensitat.<\/p>\t\t\t\t\t\t\t\t<\/div>\n\t\t\t\t<\/div>\n\t\t\t\t\t<\/div>\n\t\t\t\t<\/div>\n\t\t<div class=\"elementor-element elementor-element-iwgw-madderakka-s2 e-flex e-con-boxed e-con e-parent\" data-id=\"iwgw-madderakka-s2\" data-element_type=\"container\" data-e-type=\"container\">\n\t\t\t\t\t<div class=\"e-con-inner\">\n\t\t\t\t<div class=\"elementor-element elementor-element-iwgw-madderakka-s2h elementor-widget elementor-widget-heading\" data-id=\"iwgw-madderakka-s2h\" data-element_type=\"widget\" data-e-type=\"widget\" data-widget_type=\"heading.default\">\n\t\t\t\t\t<h2 class=\"elementor-heading-title elementor-size-default\">Descripci\u00f3 i iconografia<\/h2>\t\t\t\t<\/div>\n\t\t<div class=\"elementor-element elementor-element-iwgw-madderakka-s2c e-con-full e-flex e-con e-child\" data-id=\"iwgw-madderakka-s2c\" data-element_type=\"container\" data-e-type=\"container\">\n\t\t\t\t<div class=\"elementor-element elementor-element-iwgw-madderakka-s2t elementor-widget elementor-widget-text-editor\" data-id=\"iwgw-madderakka-s2t\" data-element_type=\"widget\" data-e-type=\"widget\" data-widget_type=\"text-editor.default\">\n\t\t\t\t\t\t\t\t\t<p>Madderakka \u00e9s descrita a les fonts etnogr\u00e0fiques com una \u00e0via vella, digna i venerable, que viu sota la terra o sota l&#8217;espai habitat. La seva ubicaci\u00f3 ct\u00f2nica \u00e9s, des del punt de vista de la fenomenologia de la religi\u00f3, un fenomen propi i la connecta amb la <span class=\"iwg-fachbegriff\" data-tooltip=\"La disciplina cient\u00edfica que estudia D\u00e9u i la fe d'una religi\u00f3.\">teologia<\/span> de la Mare Terra pr\u00f2pia de moltes religions ind\u00edgenes.<\/p><p>Als tambors xam\u00e0nics, Madderakka apareix normalment al nivell inferior del tambor, sovint representada com una dona asseguda o en rep\u00f2s. Els estudis sobre tambors d&#8217;Ernst Manker han mostrat la seva posici\u00f3 iconogr\u00e0fica consistent a la majoria dels tambors conservats.<\/p><p>Simb\u00f2licament, Madderakka est\u00e0 vinculada a la terra, el s\u00f2l, l&#8217;arrel i el temps primigeni. Aquest simbolisme constitueix, des de la fenomenologia de la religi\u00f3, un fenomen propi i est\u00e0 ben documentat a la <span class=\"iwg-fachbegriff\" data-tooltip=\"La ci\u00e8ncia que estudia les religions de manera comparativa i sense vinculaci\u00f3 de fe.\">ci\u00e8ncia de la religi\u00f3<\/span> comparada com a tipus de Mare Terra.<\/p>\t\t\t\t\t\t\t\t<\/div>\n\t\t\t\t<\/div>\n\t\t\t\t\t<\/div>\n\t\t\t\t<\/div>\n\t\t<div class=\"elementor-element elementor-element-iwgw-madderakka-s3 e-flex e-con-boxed e-con e-parent\" data-id=\"iwgw-madderakka-s3\" data-element_type=\"container\" data-e-type=\"container\">\n\t\t\t\t\t<div class=\"e-con-inner\">\n\t\t\t\t<div class=\"elementor-element elementor-element-iwgw-madderakka-s3h elementor-widget elementor-widget-heading\" data-id=\"iwgw-madderakka-s3h\" data-element_type=\"widget\" data-e-type=\"widget\" data-widget_type=\"heading.default\">\n\t\t\t\t\t<h2 class=\"elementor-heading-title elementor-size-default\">Recepci\u00f3 d'\u00e0nimes i pre-naixement<\/h2>\t\t\t\t<\/div>\n\t\t<div class=\"elementor-element elementor-element-iwgw-madderakka-s3c e-con-full e-flex e-con e-child\" data-id=\"iwgw-madderakka-s3c\" data-element_type=\"container\" data-e-type=\"container\">\n\t\t\t\t<div class=\"elementor-element elementor-element-iwgw-madderakka-s3t elementor-widget elementor-widget-text-editor\" data-id=\"iwgw-madderakka-s3t\" data-element_type=\"widget\" data-e-type=\"widget\" data-widget_type=\"text-editor.default\">\n\t\t\t\t\t\t\t\t\t<p>La funci\u00f3 central de Madderakka \u00e9s rebre les \u00e0nimes abans del naixement. Segons la creen\u00e7a sami, l&#8217;\u00e0nima d&#8217;un infant per n\u00e9ixer arriba primer a Madderakka, que l&#8217;examina i la transmet a la filla corresponent: Sara-Akka per a l&#8217;assist\u00e8ncia al part, Juksakka per a un infant mascle, Uksakka per al llindar.<\/p><p>Aquesta funci\u00f3 de recepci\u00f3 de les \u00e0nimes est\u00e0 elaborada des del punt de vista de la fenomenologia religiosa. Mostra que la tradici\u00f3 sami divideix teol\u00f2gicament el proc\u00e9s del naixement en diverses etapes: recepci\u00f3 de l&#8217;\u00e0nima, transmissi\u00f3 a les divinitats especialitzades, execuci\u00f3 del naixement.<\/p><p>Cient\u00edficament, aquesta teologia del naixement en diverses etapes \u00e9s una configuraci\u00f3 pr\u00f2pia. Distingeix la tradici\u00f3 sami de les tradicions amb una \u00fanica deessa del naixement i mostra l&#8217;elaborada estructuraci\u00f3 religiosa de la funci\u00f3 protectora femenina.<\/p>\t\t\t\t\t\t\t\t<\/div>\n\t\t\t\t<\/div>\n\t\t\t\t\t<\/div>\n\t\t\t\t<\/div>\n\t\t<div class=\"elementor-element elementor-element-iwgw-madderakka-s4 e-flex e-con-boxed e-con e-parent\" data-id=\"iwgw-madderakka-s4\" data-element_type=\"container\" data-e-type=\"container\">\n\t\t\t\t\t<div class=\"e-con-inner\">\n\t\t\t\t<div class=\"elementor-element elementor-element-iwgw-madderakka-s4h elementor-widget elementor-widget-heading\" data-id=\"iwgw-madderakka-s4h\" data-element_type=\"widget\" data-e-type=\"widget\" data-widget_type=\"heading.default\">\n\t\t\t\t\t<h2 class=\"elementor-heading-title elementor-size-default\">Culte i veneraci\u00f3<\/h2>\t\t\t\t<\/div>\n\t\t<div class=\"elementor-element elementor-element-iwgw-madderakka-s4c e-con-full e-flex e-con e-child\" data-id=\"iwgw-madderakka-s4c\" data-element_type=\"container\" data-e-type=\"container\">\n\t\t\t\t<div class=\"elementor-element elementor-element-iwgw-madderakka-s4t elementor-widget elementor-widget-text-editor\" data-id=\"iwgw-madderakka-s4t\" data-element_type=\"widget\" data-e-type=\"widget\" data-widget_type=\"text-editor.default\">\n\t\t\t\t\t\t\t\t\t<p>Madderakka era venerada en ocasions especialment importants, sobretot a l&#8217;inici d&#8217;un embar\u00e0s i en grans rituals familiars. El <span class=\"iwg-fachbegriff\" data-tooltip=\"El conjunt d'actes de veneraci\u00f3 religiosa dedicats a una divinitat o figura sagrada.\" tabindex=\"0\">culte<\/span> directe era rar; era m\u00e9s freq\u00fcent invocar les seves filles, especialment Sara-Akka, en la vida quotidiana.<\/p><p>A les pedres sagrades, els sieidi, Madderakka era de vegades destinat\u00e0ria d&#8217;ofrenes, per\u00f2 amb m\u00e9s freq\u00fc\u00e8ncia ho eren Beaivi, les altres Akkas i els d\u00e9us funcionals especialitzats. Aquesta asimetria de la pr\u00e0ctica cultual \u00e9s fenomenol\u00f2gicament t\u00edpica de les deesses supremes jer\u00e0rquicament superiors.<\/p><p>Cient\u00edficament, l&#8217;asimetria entre import\u00e0ncia teol\u00f2gica i pr\u00e0ctica cultual concreta \u00e9s un fenomen propi, observat tamb\u00e9 en el cas de R\u00e1hka. Madderakka \u00e9s l&#8217;equivalent femen\u00ed d&#8217;aquest patr\u00f3 estructural.<\/p>\t\t\t\t\t\t\t\t<\/div>\n\t\t\t\t<\/div>\n\t\t\t\t\t<\/div>\n\t\t\t\t<\/div>\n\t\t<div class=\"elementor-element elementor-element-iwgw-madderakka-s5 e-flex e-con-boxed e-con e-parent\" data-id=\"iwgw-madderakka-s5\" data-element_type=\"container\" data-e-type=\"container\">\n\t\t\t\t\t<div class=\"e-con-inner\">\n\t\t\t\t<div class=\"elementor-element elementor-element-iwgw-madderakka-s5h elementor-widget elementor-widget-heading\" data-id=\"iwgw-madderakka-s5h\" data-element_type=\"widget\" data-e-type=\"widget\" data-widget_type=\"heading.default\">\n\t\t\t\t\t<h2 class=\"elementor-heading-title elementor-size-default\">Madderakka dins el sistema Akka<\/h2>\t\t\t\t<\/div>\n\t\t<div class=\"elementor-element elementor-element-iwgw-madderakka-s5c e-con-full e-flex e-con e-child\" data-id=\"iwgw-madderakka-s5c\" data-element_type=\"container\" data-e-type=\"container\">\n\t\t\t\t<div class=\"elementor-element elementor-element-iwgw-madderakka-s5t elementor-widget elementor-widget-text-editor\" data-id=\"iwgw-madderakka-s5t\" data-element_type=\"widget\" data-e-type=\"widget\" data-widget_type=\"text-editor.default\">\n\t\t\t\t\t\t\t\t\t<p>Madderakka \u00e9s la mare de les altres tres Akkas i, per tant, el cim jer\u00e0rquic de la tr\u00edada Akka. La constel\u00b7laci\u00f3 qu\u00e0druple, Madderakka com a mare fundadora, Sara-Akka com a assistenta del part, Juksakka com a guardiana dels infants mascles, Uksakka com a guardiana del llindar, \u00e9s des del punt de vista de la fenomenologia religiosa un sistema elaborat.<\/p><p>Aquesta estructura familiar jer\u00e0rquica \u00e9s cient\u00edficament revel\u00b7ladora. Mostra que la tradici\u00f3 sami no fragmenta la funci\u00f3 protectora femenina en divinitats independents entre si, sin\u00f3 en una fam\u00edlia integrada en qu\u00e8 la mare coordina les altres.<\/p><p>Cient\u00edficament s&#8217;ha discutit si aquesta estructura familiar \u00e9s una sistematitzaci\u00f3 tardana introdu\u00efda pels missioners o una configuraci\u00f3 sami pr\u00f2pia. H\u00e5kan Rydving i Konsta Kaikkonen tendeixen cap a la segona lectura.<\/p>\t\t\t\t\t\t\t\t<\/div>\n\t\t\t\t<\/div>\n\t\t\t\t\t<\/div>\n\t\t\t\t<\/div>\n\t\t<div class=\"elementor-element elementor-element-iwgw-madderakka-s6 e-flex e-con-boxed e-con e-parent\" data-id=\"iwgw-madderakka-s6\" data-element_type=\"container\" data-e-type=\"container\">\n\t\t\t\t\t<div class=\"e-con-inner\">\n\t\t\t\t<div class=\"elementor-element elementor-element-iwgw-madderakka-s6h elementor-widget elementor-widget-heading\" data-id=\"iwgw-madderakka-s6h\" data-element_type=\"widget\" data-e-type=\"widget\" data-widget_type=\"heading.default\">\n\t\t\t\t\t<h2 class=\"elementor-heading-title elementor-size-default\">Comparaci\u00f3 amb altres mares fundadores<\/h2>\t\t\t\t<\/div>\n\t\t<div class=\"elementor-element elementor-element-iwgw-madderakka-s6c e-con-full e-flex e-con e-child\" data-id=\"iwgw-madderakka-s6c\" data-element_type=\"container\" data-e-type=\"container\">\n\t\t\t\t<div class=\"elementor-element elementor-element-iwgw-madderakka-s6t elementor-widget elementor-widget-text-editor\" data-id=\"iwgw-madderakka-s6t\" data-element_type=\"widget\" data-e-type=\"widget\" data-widget_type=\"text-editor.default\">\n\t\t\t\t\t\t\t\t\t<p>Madderakka pertany a la classe de les mares fundadores mitol\u00f2giques, presents en nombroses religions. Comparables estructuralment s\u00f3n la finesa Maa-Emoinen, l&#8217;hongaresa Boldogasszony, la grega Gaia, la hind\u00fa Prithivi i la concepci\u00f3 de mare fundadora dels <a href=\"https:\/\/iwell-guard.com\/ca\/inuit-artic-sedna-tornit-proteccio\/\">inuits<\/a> en <a href=\"https:\/\/iwell-guard.com\/ca\/?page_id=171756\">Pinga<\/a>.<\/p><p>L&#8217;especificitat de Madderakka rau en la seva inserci\u00f3 dins una jerarquia familiar amb tres filles. Aquesta estructura elaborada \u00e9s pr\u00f2pia des del punt de vista de la fenomenologia religiosa i distingeix la tradici\u00f3 sami de les tradicions amb una sola mare fundadora.<\/p><p>Dins la tradici\u00f3 fino-ugra, la configuraci\u00f3 de Madderakka est\u00e0 emparentada amb la concepci\u00f3 finesa de la Mare Terra i amb la concepci\u00f3 estoniana de Maa. Aquest parentiu estructural remet a una antiga capa fino-ugra comuna.<\/p>\t\t\t\t\t\t\t\t<\/div>\n\t\t\t\t<\/div>\n\t\t\t\t\t<\/div>\n\t\t\t\t<\/div>\n\t\t<div class=\"elementor-element elementor-element-iwgw-madderakka-s7 e-flex e-con-boxed e-con e-parent\" data-id=\"iwgw-madderakka-s7\" data-element_type=\"container\" data-e-type=\"container\">\n\t\t\t\t\t<div class=\"e-con-inner\">\n\t\t\t\t<div class=\"elementor-element elementor-element-iwgw-madderakka-s7h elementor-widget elementor-widget-heading\" data-id=\"iwgw-madderakka-s7h\" data-element_type=\"widget\" data-e-type=\"widget\" data-widget_type=\"heading.default\">\n\t\t\t\t\t<h2 class=\"elementor-heading-title elementor-size-default\">Missi\u00f3 i recepci\u00f3 moderna<\/h2>\t\t\t\t<\/div>\n\t\t<div class=\"elementor-element elementor-element-iwgw-madderakka-s7c e-con-full e-flex e-con e-child\" data-id=\"iwgw-madderakka-s7c\" data-element_type=\"container\" data-e-type=\"container\">\n\t\t\t\t<div class=\"elementor-element elementor-element-iwgw-madderakka-s7t elementor-widget elementor-widget-text-editor\" data-id=\"iwgw-madderakka-s7t\" data-element_type=\"widget\" data-e-type=\"widget\" data-widget_type=\"text-editor.default\">\n\t\t\t\t\t\t\t\t\t<p>La missi\u00f3 cristiana va identificar Madderakka en part amb Maria, en part amb Eva (com a mare fundadora de la humanitat). Aquesta identificaci\u00f3 no \u00e9s cient\u00edficament un simple <span class=\"iwg-fachbegriff\" data-tooltip=\"Fusi\u00f3 de conceptes o divinitats procedents de diferents tradicions religioses.\" tabindex=\"0\">sincretisme<\/span>, sin\u00f3 una elecci\u00f3 conscient d&#8217;estrat\u00e8gia missionera destinada a facilitar la teologia de transici\u00f3 dels sami missionats.<\/p><p>En la revitalitzaci\u00f3 cultural sami contempor\u00e0nia, Madderakka \u00e9s una figura significativa. Els corrents feministes dins la comunitat sami hi veuen una mare fundadora paradigm\u00e0tica i un exemple de la import\u00e0ncia de l&#8217;autoritat religiosa femenina en la religi\u00f3 tradicional.<\/p><p>Cient\u00edficament, la reapropiaci\u00f3 de Madderakka forma part d&#8217;una redescoberta m\u00e9s \u00e0mplia de la vessant femenina de la religi\u00f3 sami. Aquesta redescoberta \u00e9s productiva des del punt de vista de la fenomenologia religiosa.<\/p>\t\t\t\t\t\t\t\t<\/div>\n\t\t\t\t<\/div>\n\t\t\t\t\t<\/div>\n\t\t\t\t<\/div>\n\t\t<div class=\"elementor-element elementor-element-iwgw-madderakka-s8 e-flex e-con-boxed e-con e-parent\" data-id=\"iwgw-madderakka-s8\" data-element_type=\"container\" data-e-type=\"container\">\n\t\t\t\t\t<div class=\"e-con-inner\">\n\t\t\t\t<div class=\"elementor-element elementor-element-iwgw-madderakka-s8h elementor-widget elementor-widget-heading\" data-id=\"iwgw-madderakka-s8h\" data-element_type=\"widget\" data-e-type=\"widget\" data-widget_type=\"heading.default\">\n\t\t\t\t\t<h2 class=\"elementor-heading-title elementor-size-default\">Recerca i estat actual<\/h2>\t\t\t\t<\/div>\n\t\t<div class=\"elementor-element elementor-element-iwgw-madderakka-s8c e-con-full e-flex e-con e-child\" data-id=\"iwgw-madderakka-s8c\" data-element_type=\"container\" data-e-type=\"container\">\n\t\t\t\t<div class=\"elementor-element elementor-element-iwgw-madderakka-s8t elementor-widget elementor-widget-text-editor\" data-id=\"iwgw-madderakka-s8t\" data-element_type=\"widget\" data-e-type=\"widget\" data-widget_type=\"text-editor.default\">\n\t\t\t\t\t\t\t\t\t<p>La recerca sobre Madderakka \u00e9s \u00e0mplia. H\u00e5kan Rydving, Juha Pentik\u00e4inen, Konsta Kaikkonen i Anna Lia Berthelsen han investigat sistem\u00e0ticament el sistema Akka i han identificat Madderakka com el cim jer\u00e0rquic.<\/p><p>Encara falta una monografia pr\u00f2pia dedicada a Madderakka. Hi ha llacunes concretes de recerca pel que fa a la relaci\u00f3 exacta entre Madderakka i la tradici\u00f3 finesa de la Mare Terra, i pel que fa a la relaci\u00f3 amb R\u00e1hka com a d\u00e9u suprem.<\/p><p>En la recerca fenomenol\u00f2gica religiosa, Madderakka es tracta com a cas exemplar de les mares fundadores jer\u00e0rquiques. Aquesta classificaci\u00f3 permet comparacions estructurals cient\u00edficament productives.<\/p>\t\t\t\t\t\t\t\t<\/div>\n\t\t\t\t<\/div>\n\t\t\t\t\t<\/div>\n\t\t\t\t<\/div>\n\t\t<div class=\"elementor-element elementor-element-iwgw-madderakka-s9 e-flex e-con-boxed e-con e-parent\" data-id=\"iwgw-madderakka-s9\" data-element_type=\"container\" data-e-type=\"container\">\n\t\t\t\t\t<div class=\"e-con-inner\">\n\t\t\t\t<div class=\"elementor-element elementor-element-iwgw-madderakka-s9h elementor-widget elementor-widget-heading\" data-id=\"iwgw-madderakka-s9h\" data-element_type=\"widget\" data-e-type=\"widget\" data-widget_type=\"heading.default\">\n\t\t\t\t\t<h2 class=\"elementor-heading-title elementor-size-default\">Refer\u00e8ncies creuades del l\u00e8xic<\/h2>\t\t\t\t<\/div>\n\t\t<div class=\"elementor-element elementor-element-iwgw-madderakka-s9c e-con-full e-flex e-con e-child\" data-id=\"iwgw-madderakka-s9c\" data-element_type=\"container\" data-e-type=\"container\">\n\t\t\t\t<div class=\"elementor-element elementor-element-iwgw-madderakka-s9t elementor-widget elementor-widget-text-editor\" data-id=\"iwgw-madderakka-s9t\" data-element_type=\"widget\" data-e-type=\"widget\" data-widget_type=\"text-editor.default\">\n\t\t\t\t\t\t\t\t\t<p>Madderakka es relaciona amb <a href=\"https:\/\/iwell-guard.com\/ca\/?page_id=171765\">Sara-Akka<\/a>, <a href=\"https:\/\/iwell-guard.com\/ca\/?page_id=171767\">Juksakka<\/a>, <a href=\"https:\/\/iwell-guard.com\/ca\/?page_id=171766\">Uksakka<\/a>, <a href=\"https:\/\/iwell-guard.com\/ca\/?page_id=171761\">Beaivi<\/a>, <a href=\"https:\/\/iwell-guard.com\/ca\/?page_id=171762\">M\u00e1nnu<\/a>, <a href=\"https:\/\/iwell-guard.com\/ca\/?page_id=171763\">R\u00e1hka<\/a>, <a href=\"https:\/\/iwell-guard.com\/ca\/?page_id=171764\">Stallo<\/a>, <a href=\"https:\/\/iwell-guard.com\/ca\/?page_id=171769\">Jabmiidaibmu<\/a> i <a href=\"https:\/\/iwell-guard.com\/ca\/?page_id=171770\">Saivo<\/a>. El nucli cultural <a href=\"https:\/\/iwell-guard.com\/ca\/sami-i-tradicio-fino-ugra-noaidi-i-tambor\/\">Tradici\u00f3 sami<\/a> emmarca la <span class=\"iwg-fachbegriff\" data-tooltip=\"La doctrina cient\u00edfica sobre D\u00e9u i la fe d'una religi\u00f3.\" tabindex=\"0\">teologia<\/span> de la mare fundadora. Mares fundadores d&#8217;estructura similar es troben en nombroses religions arreu del m\u00f3n, com en la s\u00e8rie de llemes dels <a href=\"https:\/\/iwell-guard.com\/ca\/inuit-artic-sedna-tornit-proteccio\/\">inuits<\/a> a <em>Pinga<\/em>.<\/p>\t\t\t\t\t\t\t\t<\/div>\n\t\t\t\t<\/div>\n\t\t\t\t\t<\/div>\n\t\t\t\t<\/div>\n\t\t<div class=\"elementor-element elementor-element-cp25017b29 e-flex e-con-boxed e-con e-parent\" data-id=\"cp25017b29\" data-element_type=\"container\" data-e-type=\"container\">\n\t\t\t\t\t<div class=\"e-con-inner\">\n\t\t\t\t<div class=\"elementor-element elementor-element-cp27bd8f70 elementor-widget elementor-widget-heading\" data-id=\"cp27bd8f70\" data-element_type=\"widget\" data-e-type=\"widget\" data-widget_type=\"heading.default\">\n\t\t\t\t\t<h2 class=\"elementor-heading-title elementor-size-default\">Madderakka com a mare fundadora: la posici\u00f3 al cim de les divinitats Akka<\/h2>\t\t\t\t<\/div>\n\t\t<div class=\"elementor-element elementor-element-cp28f699f1 e-flex e-con-boxed e-con e-child\" data-id=\"cp28f699f1\" data-element_type=\"container\" data-e-type=\"container\">\n\t\t\t\t\t<div class=\"e-con-inner\">\n\t\t\t\t<div class=\"elementor-element elementor-element-cp28f39e3a elementor-widget elementor-widget-text-editor\" data-id=\"cp28f39e3a\" data-element_type=\"widget\" data-e-type=\"widget\" data-widget_type=\"text-editor.default\">\n\t\t\t\t\t\t\t\t\t<p>Maderakka, en les fonts tamb\u00e9 escrit <em>Madder-akka<\/em> o <em>M\u00e1tter\u00e1hkk\u00e1<\/em>, es considera en les representacions transmeses de la religi\u00f3 sami com la <span class=\"iwg-fachbegriff\" data-tooltip=\"Un \u00e9sser venerat com a div\u00ed dins d'una religi\u00f3.\" tabindex=\"0\">divinitat<\/span> femenina superior de l&#8217;\u00e0mbit del naixement i de la llar.<\/p><p>Se li atribueixen les tres filles Sarakka, <a href=\"https:\/\/iwell-guard.com\/ca\/?page_id=171766\">Uksakka<\/a> i Juksakka, cadascuna amb funcions pr\u00f2pies relacionades amb l&#8217;embar\u00e0s, el part i la primera inf\u00e0ncia. Maderakka mateixa es descriu com aquella que rep el nen i li dona un cos, abans de traspassar-lo a les altres.<\/p><p>L&#8217;element del nom <em>madder<\/em> se sol relacionar amb \u00abtronc\u00bb, \u00abarrel\u00bb o \u00aborigen\u00bb, d&#8217;on sorgeix la interpretaci\u00f3 com a \u00abmare del tronc\u00bb o \u00abmare ancestral\u00bb. Aquesta etimologia \u00e9s plausible per\u00f2 no del tot segura, ja que les grafies en les fonts antigues varien i les lleng\u00fces sami, esteses per un territori ampli, presenten formes diferents.<\/p><p>En la seva funci\u00f3 de mare ancestral, Maderakka seria menys una deessa individual del dest\u00ed que una personificaci\u00f3 de la l\u00ednia femenina, de l&#8217;origen i de la reproducci\u00f3 mateixa.<\/p><p>Resulta notable l&#8217;ordre de g\u00e8nere d&#8217;aquest complex de creences. Mentre que els cultes p\u00fablicament visibles de la religi\u00f3 sami, com els dedicats a divinitats del tro o de la ca\u00e7a, estaven m\u00e9s lligats als homes, l&#8217;\u00e0mbit de les divinitats Akka pertanyia de manera especial a les dones.<\/p><p>Maderakka i les seves filles eren divinitats de l&#8217;interior de la tenda, del naixement, de la lact\u00e0ncia i de la protecci\u00f3 dels infants petits. Aquesta <span class=\"iwg-fachbegriff\" data-tooltip=\"L'actitud i la pr\u00e0ctica religiosa viscuda per una persona.\" tabindex=\"0\">pietat<\/span> era pr\u00f2xima a la vida quotidiana i poc espectacular, la qual cosa explica per qu\u00e8 apareix nom\u00e9s marginalment en les fonts, fixades en all\u00f2 cridaner.<\/p>\t\t\t\t\t\t\t\t<\/div>\n\t\t\t\t\t<\/div>\n\t\t\t\t<\/div>\n\t\t\t\t\t<\/div>\n\t\t\t\t<\/div>\n\t\t<div class=\"elementor-element elementor-element-cp2ea20e8f e-flex e-con-boxed e-con e-parent\" data-id=\"cp2ea20e8f\" data-element_type=\"container\" data-e-type=\"container\">\n\t\t\t\t\t<div class=\"e-con-inner\">\n\t\t\t\t<div class=\"elementor-element elementor-element-cp21990dc3 elementor-widget elementor-widget-heading\" data-id=\"cp21990dc3\" data-element_type=\"widget\" data-e-type=\"widget\" data-widget_type=\"heading.default\">\n\t\t\t\t\t<h2 class=\"elementor-heading-title elementor-size-default\">Com de fiable \u00e9s la teologia de les Akka? Cr\u00edtica de fonts sobre Maderakka<\/h2>\t\t\t\t<\/div>\n\t\t<div class=\"elementor-element elementor-element-cp29318c99 e-flex e-con-boxed e-con e-child\" data-id=\"cp29318c99\" data-element_type=\"container\" data-e-type=\"container\">\n\t\t\t\t\t<div class=\"e-con-inner\">\n\t\t\t\t<div class=\"elementor-element elementor-element-cp24c92654 elementor-widget elementor-widget-text-editor\" data-id=\"cp24c92654\" data-element_type=\"widget\" data-e-type=\"widget\" data-widget_type=\"text-editor.default\">\n\t\t\t\t\t\t\t\t\t<p>La representaci\u00f3 ordenada de Maderakka com a deessa mare amb tres filles especialitzades apareix en nombrosos manuals, per\u00f2 cal llegir-la amb molta cautela.<\/p><p>Es basa en una base de fonts redu\u00efda dels segles XVII i XVIII, gaireb\u00e9 sempre escrites per missioners i clergues luterans que volien eradicar la religi\u00f3 sami i no tenien inter\u00e8s en una reproducci\u00f3 fidel.<\/p><p>Diversos problemes metodol\u00f2gics s&#8217;hi acumulen. Els qui van registrar aquestes idees les van traduir a esquemes de pensament europeus; un sistema format per una mare i tres filles amb funcions clarament repartides encaixava millor amb les seves expectatives d&#8217;ordre que no una xarxa laxa i regionalment variable d&#8217;\u00e9ssers protectors.<\/p><p>A m\u00e9s, els primers relats es copiaven els uns als altres, de manera que una aparent \u00e0mplia constataci\u00f3 es redueix, en realitat, a pocs textos originals. Finalment, algunes dades van sorgir en situacions d&#8217;interrogatori, en les quals els interrogats estaven sota pressi\u00f3.<\/p><p>La investigaci\u00f3 cr\u00edtica sobre la religi\u00f3 sami, com la de H\u00e5kan Rydving, n&#8217;ha tret la conclusi\u00f3 de tractar les divinitats Akka no com un sistema teol\u00f2gic segur, sin\u00f3 com una <span class=\"iwg-fachbegriff\" data-tooltip=\"La transmissi\u00f3 de coneixements i relats al llarg de generacions.\" tabindex=\"0\">tradici\u00f3<\/span> reconstru\u00efda i en part distorsionada. Per a Maderakka aix\u00f2 significa: que va existir una important <span class=\"iwg-fachbegriff\" data-tooltip=\"Un \u00e9sser venerat com a div\u00ed dins d'una religi\u00f3.\" tabindex=\"0\">divinitat<\/span> femenina de l&#8217;\u00e0mbit del naixement, amb una posici\u00f3 materna superior, \u00e9s un fet ben documentat i plausible.<\/p><p>Ara b\u00e9, si la neta divisi\u00f3 en quatre amb tres filles clarament delimitades correspon a la religi\u00f3 sami hist\u00f2rica o si \u00e9s essencialment un producte dels qui la van registrar, no es pot determinar amb certesa a partir de les fonts. La resposta m\u00e9s honesta de la investigaci\u00f3 actual \u00e9s que les l\u00ednies generals s\u00f3n reconeixibles, per\u00f2 els detalls resten incerts.<\/p>\t\t\t\t\t\t\t\t<\/div>\n\t\t\t\t\t<\/div>\n\t\t\t\t<\/div>\n\t\t\t\t\t<\/div>\n\t\t\t\t<\/div>\n\t\t<div class=\"elementor-element elementor-element-iwgw-madderakka-lit e-flex e-con-boxed e-con e-parent\" data-id=\"iwgw-madderakka-lit\" data-element_type=\"container\" data-e-type=\"container\">\n\t\t\t\t\t<div class=\"e-con-inner\">\n\t\t\t\t<div class=\"elementor-element elementor-element-iwgw-madderakka-lith elementor-widget elementor-widget-heading\" data-id=\"iwgw-madderakka-lith\" data-element_type=\"widget\" data-e-type=\"widget\" data-widget_type=\"heading.default\">\n\t\t\t\t\t<h2 class=\"elementor-heading-title elementor-size-default\">Bibliografia (selecci\u00f3)<\/h2>\t\t\t\t<\/div>\n\t\t<div class=\"elementor-element elementor-element-iwgw-madderakka-litc e-con-full e-flex e-con e-child\" data-id=\"iwgw-madderakka-litc\" data-element_type=\"container\" data-e-type=\"container\">\n\t\t\t\t<div class=\"elementor-element elementor-element-iwgw-madderakka-litt elementor-widget elementor-widget-text-editor\" data-id=\"iwgw-madderakka-litt\" data-element_type=\"widget\" data-e-type=\"widget\" data-widget_type=\"text-editor.default\">\n\t\t\t\t\t\t\t\t\t<div data-nosnippet=\"true\"><ul><li>Johannes Schefferus: <em>Lapponia<\/em> (Frankfurt 1673)<\/li><li>Knud Leem: <em>Beskrivelse over Finmarkens Lapper<\/em> (Kopenhagen 1767)<\/li><li>Lars Levi L\u00e6stadius: <em>Fragmenter i lappska mythologien<\/em> (Manuskript ca. 1840)<\/li><li>H\u00e5kan Rydving: <em>The End of Drum-Time<\/em> (Uppsala 1993)<\/li><li>Juha Pentik\u00e4inen: <em>Saamelaiset<\/em> (Helsinki 1995)<\/li><li>Konsta Kaikkonen: <em>Sami Pre-Christian Religion<\/em> (Helsinki 2020)<\/li><\/ul><\/div>\t\t\t\t\t\t\t\t<\/div>\n\t\t\t\t<\/div>\n\t\t\t\t\t<\/div>\n\t\t\t\t<\/div>\n\t\t<div class=\"elementor-element elementor-element-iwgw-madderakka-kwd e-flex e-con-boxed e-con e-parent\" data-id=\"iwgw-madderakka-kwd\" data-element_type=\"container\" data-e-type=\"container\">\n\t\t\t\t\t<div class=\"e-con-inner\">\n\t\t<div class=\"elementor-element elementor-element-iwgw-madderakka-kwdc e-con-full e-flex e-con e-child\" data-id=\"iwgw-madderakka-kwdc\" data-element_type=\"container\" data-e-type=\"container\">\n\t\t\t\t<div class=\"elementor-element elementor-element-iwgw-madderakka-kwdt elementor-widget elementor-widget-text-editor\" data-id=\"iwgw-madderakka-kwdt\" data-element_type=\"widget\" data-e-type=\"widget\" data-widget_type=\"text-editor.default\">\n\t\t\t\t\t\t\t\t\t<p><em>Termes clau relacionats: Madderakka Maaddaraahka M\u00e1ttar\u00e1hkk\u00e1 Sami Mare ancestral Receptora d&#8217;\u00e0nimes Akka.<\/em><\/p>\t\t\t\t\t\t\t\t<\/div>\n\t\t\t\t<\/div>\n\t\t\t\t\t<\/div>\n\t\t\t\t<\/div>\n\t\t<div class=\"elementor-element elementor-element-iwgw-madderakka-cc e-flex e-con-boxed e-con e-parent\" data-id=\"iwgw-madderakka-cc\" data-element_type=\"container\" data-e-type=\"container\" id=\"iwg-cc-madderakka\">\n\t\t\t\t\t<div class=\"e-con-inner\">\n\t\t<div class=\"elementor-element elementor-element-iwgw-madderakka-ccinner e-flex e-con-boxed e-con e-parent\" data-id=\"iwgw-madderakka-ccinner\" data-element_type=\"container\" data-e-type=\"container\" data-settings=\"{&quot;background_background&quot;:&quot;classic&quot;}\">\n\t\t\t\t\t<div class=\"e-con-inner\">\n\t\t\t\t<div class=\"elementor-element elementor-element-iwgw-madderakka-cch elementor-widget elementor-widget-heading\" data-id=\"iwgw-madderakka-cch\" data-element_type=\"widget\" data-e-type=\"widget\" data-widget_type=\"heading.default\">\n\t\t\t\t\t<h2 class=\"elementor-heading-title elementor-size-default\">iWell Guard i tradicions de protecci\u00f3<\/h2>\t\t\t\t<\/div>\n\t\t\t\t<div class=\"elementor-element elementor-element-iwgw-madderakka-cct elementor-widget elementor-widget-text-editor\" data-id=\"iwgw-madderakka-cct\" data-element_type=\"widget\" data-e-type=\"widget\" data-widget_type=\"text-editor.default\">\n\t\t\t\t\t\t\t\t\t<div data-nosnippet=\"true\"><p>iWell Guard s&#8217;inspira en la tradici\u00f3 culturohist\u00f2rica dels objectes de protecci\u00f3 portables, seguint la tradici\u00f3 dels <a href=\"https:\/\/iwell-guard.com\/ca\/sami-i-tradicio-fino-ugra-noaidi-i-tambor\/\">sami<\/a> i de moltes altres cultures d&#8217;arreu del m\u00f3n. 41 capes, or aut\u00e8ntic, plat\u00ed, plata, fabricat a Alemanya. Dret de devoluci\u00f3 de 30 dies.<\/p><\/div>\t\t\t\t\t\t\t\t<\/div>\n\t\t\t\t<div class=\"elementor-element elementor-element-iwgw-madderakka-ccb iwg-cc-button iwg-cc-cta-2026-05-13 elementor-widget elementor-widget-jet-button\" data-id=\"iwgw-madderakka-ccb\" data-element_type=\"widget\" data-e-type=\"widget\" data-widget_type=\"jet-button.default\">\n\t\t\t\t<div class=\"elementor-widget-container\">\n\t\t\t\t\t<div class=\"elementor-jet-button jet-elements\"><div class=\"jet-button__container\"><a class=\"jet-button__instance jet-button__instance--icon-left hover-effect-1\" href=\"\/ueber-iwell-guard\/?utm_source=iwell-guard.com&amp;utm_medium=info-box&amp;utm_campaign=wesen-tradition\"><div class=\"jet-button__plane jet-button__plane-normal\"><\/div><div class=\"jet-button__plane jet-button__plane-hover\"><\/div><div class=\"jet-button__state jet-button__state-normal\"><span class=\"jet-button__label\">M\u00e9s informaci\u00f3 sobre l'iWell Guard<\/span><\/div><div class=\"jet-button__state jet-button__state-hover\"><span class=\"jet-button__label\">M\u00e9s informaci\u00f3 sobre l'iWell Guard<\/span><\/div><\/a><\/div><\/div><style>.elementor-element.elementor-element-iwgw-madderakka-ccb .jet-button__instance{width:320px;height:56px;}.elementor-element.elementor-element-iwgw-madderakka-ccb .jet-button__state-normal .jet-button__label{text-align:center;margin:0px 0px 0px 0px;color:#1a1b20;font-family:Montserrat,sans-serif;font-size:13px;font-weight:400;letter-spacing:4px;line-height:1.714em;text-transform:uppercase;}.elementor-element.elementor-element-iwgw-madderakka-ccb .jet-button__state-hover .jet-button__label{text-align:center;margin:0px 0px 0px 0px;color:#FECC76;font-family:Montserrat,sans-serif;font-size:13px;font-weight:400;letter-spacing:4px;line-height:1.714em;text-transform:uppercase;}.elementor-element.elementor-element-iwgw-madderakka-ccb .jet-button__plane-normal{background-color:#FECC76;border-style:solid;border-color:#C99540;border-width:2px 2px 2px 2px;}.elementor-element.elementor-element-iwgw-madderakka-ccb .jet-button__plane-hover{background-color:rgba(0,0,0,0.55);border-style:solid;border-color:#FECC76;border-width:2px 2px 2px 2px;}<\/style>\t\t\t\t<\/div>\n\t\t\t\t<\/div>\n\t\t\t\t<div class=\"elementor-element elementor-element-iwgw-madderakka-ccd elementor-widget elementor-widget-text-editor\" data-id=\"iwgw-madderakka-ccd\" data-element_type=\"widget\" data-e-type=\"widget\" data-widget_type=\"text-editor.default\">\n\t\t\t\t\t\t\t\t\t<div data-nosnippet=\"true\"><p style=\"text-align:center;font-size:13px;opacity:0.7;margin-top:14px\" data-nosnippet=\"true\">Les experi\u00e8ncies personals poden variar. No \u00e9s un producte sanitari. No \u00e9s una promesa de curaci\u00f3.<\/p><\/div>\t\t\t\t\t\t\t\t<\/div>\n\t\t\t\t\t<\/div>\n\t\t\t\t<\/div>\n\t\t\t\t\t<\/div>\n\t\t\t\t<\/div>\n\t\t<div class=\"elementor-element elementor-element-iwgw-madderakka-disc e-flex e-con-boxed e-con e-parent\" data-id=\"iwgw-madderakka-disc\" data-element_type=\"container\" data-e-type=\"container\">\n\t\t\t\t\t<div class=\"e-con-inner\">\n\t\t\t\t<div class=\"elementor-element elementor-element-iwgw-madderakka-discw elementor-widget elementor-widget-html\" data-id=\"iwgw-madderakka-discw\" data-element_type=\"widget\" data-e-type=\"widget\" data-widget_type=\"html.default\">\n\t\t\t\t\t<footer data-nosnippet=\"true\" class=\"iwg-disclaimer-block\"><p data-nosnippet=\"true\">iWell Guard <strong>no \u00e9s un producte sanitari<\/strong> i no substitueix cap tractament m\u00e8dic o psicoterap\u00e8utic. Els continguts d'hist\u00f2ria de les religions s\u00f3n una classificaci\u00f3 culturohist\u00f2rica, no una recomanaci\u00f3 de pr\u00e0ctica espiritual.<\/p><\/footer>\t\t\t\t<\/div>\n\t\t\t\t\t<\/div>\n\t\t\t\t<\/div>\n\t\t\t\t<\/div>\n\t\t","protected":false},"excerpt":{"rendered":"","protected":false},"author":3,"featured_media":2892,"parent":0,"menu_order":0,"comment_status":"closed","ping_status":"closed","template":"elementor_header_footer","meta":{"_yoast_wpseo_focuskw":"Madderakka mare mare sami","_yoast_wpseo_title":"Madderakka - Mare mare dels sami i Akka suprema","_yoast_wpseo_metadesc":"Madderakka \u00e9s la mare mare i l'Akka suprema de la religi\u00f3 sami. Rep les \u00e0nimes abans del naixement. Ordenaci\u00f3 des de la ci\u00e8ncia de la religi\u00f3.","_yoast_wpseo_meta-robots-noindex":"","_yoast_wpseo_canonical":"","_angie_page":false,"gefaehrdungsstufe":"","wesen_kultur":"","wesen_klasse":"","footnotes":""},"categories":[],"class_list":["post-171768","page","type-page","status-publish","has-post-thumbnail","hentry"],"yoast_head":"<!-- This site is optimized with the Yoast SEO Premium plugin v27.7 (Yoast SEO v28.3) - https:\/\/yoast.com\/product\/yoast-seo-premium-wordpress\/ -->\n<title>Madderakka - Mare mare dels sami i Akka suprema<\/title>\n<meta name=\"description\" content=\"Madderakka \u00e9s la mare mare i l&#039;Akka suprema de la religi\u00f3 sami. Rep les \u00e0nimes abans del naixement. Ordenaci\u00f3 des de la ci\u00e8ncia de la religi\u00f3.\" \/>\n<meta name=\"robots\" content=\"index, follow, max-snippet:-1, max-image-preview:large, max-video-preview:-1\" \/>\n<link rel=\"canonical\" href=\"https:\/\/iwell-guard.com\/ca\/madderakka-mare-mare-akka-suprema-sami\/\" \/>\n<meta property=\"og:locale\" content=\"ca_ES\" \/>\n<meta property=\"og:type\" content=\"article\" \/>\n<meta property=\"og:title\" content=\"Madderakka - Mare mare i Akka suprema dels sami\" \/>\n<meta property=\"og:description\" content=\"Madderakka \u00e9s la mare mare i l&#039;Akka suprema de la religi\u00f3 sami. Rep les \u00e0nimes abans del naixement. Ordenaci\u00f3 des de la ci\u00e8ncia de la religi\u00f3.\" \/>\n<meta property=\"og:url\" content=\"https:\/\/iwell-guard.com\/ca\/madderakka-mare-mare-akka-suprema-sami\/\" \/>\n<meta property=\"og:site_name\" content=\"iWell Guard\" \/>\n<meta property=\"article:modified_time\" content=\"2026-09-05T16:06:44+00:00\" \/>\n<meta property=\"og:image\" content=\"https:\/\/iwell-guard.com\/wp-content\/uploads\/2026\/05\/goetter_sami_madderakka.webp\" \/>\n\t<meta property=\"og:image:width\" content=\"1024\" \/>\n\t<meta property=\"og:image:height\" content=\"1536\" \/>\n\t<meta property=\"og:image:type\" content=\"image\/webp\" \/>\n<meta name=\"twitter:card\" content=\"summary_large_image\" \/>\n<script type=\"application\/ld+json\" class=\"yoast-schema-graph\">{\"@context\":\"https:\\\/\\\/schema.org\",\"@graph\":[{\"@type\":\"WebPage\",\"@id\":\"https:\\\/\\\/iwell-guard.com\\\/ca\\\/madderakka-mare-mare-akka-suprema-sami\\\/\",\"url\":\"https:\\\/\\\/iwell-guard.com\\\/ca\\\/madderakka-mare-mare-akka-suprema-sami\\\/\",\"name\":\"Madderakka - Mare mare dels sami i Akka suprema\",\"isPartOf\":{\"@id\":\"https:\\\/\\\/iwell-guard.com\\\/ca\\\/#website\"},\"primaryImageOfPage\":{\"@id\":\"https:\\\/\\\/iwell-guard.com\\\/ca\\\/madderakka-mare-mare-akka-suprema-sami\\\/#primaryimage\"},\"image\":{\"@id\":\"https:\\\/\\\/iwell-guard.com\\\/ca\\\/madderakka-mare-mare-akka-suprema-sami\\\/#primaryimage\"},\"thumbnailUrl\":\"https:\\\/\\\/iwell-guard.com\\\/wp-content\\\/uploads\\\/2026\\\/05\\\/goetter_sami_madderakka.webp\",\"datePublished\":\"2026-09-05T15:42:13+00:00\",\"dateModified\":\"2026-09-05T16:06:44+00:00\",\"description\":\"Madderakka \u00e9s la mare mare i l'Akka suprema de la religi\u00f3 sami. Rep les \u00e0nimes abans del naixement. Ordenaci\u00f3 des de la ci\u00e8ncia de la religi\u00f3.\",\"breadcrumb\":{\"@id\":\"https:\\\/\\\/iwell-guard.com\\\/ca\\\/madderakka-mare-mare-akka-suprema-sami\\\/#breadcrumb\"},\"inLanguage\":\"ca\",\"potentialAction\":[{\"@type\":\"ReadAction\",\"target\":[\"https:\\\/\\\/iwell-guard.com\\\/ca\\\/madderakka-mare-mare-akka-suprema-sami\\\/\"]}]},{\"@type\":\"ImageObject\",\"inLanguage\":\"ca\",\"@id\":\"https:\\\/\\\/iwell-guard.com\\\/ca\\\/madderakka-mare-mare-akka-suprema-sami\\\/#primaryimage\",\"url\":\"https:\\\/\\\/iwell-guard.com\\\/wp-content\\\/uploads\\\/2026\\\/05\\\/goetter_sami_madderakka.webp\",\"contentUrl\":\"https:\\\/\\\/iwell-guard.com\\\/wp-content\\\/uploads\\\/2026\\\/05\\\/goetter_sami_madderakka.webp\",\"width\":1024,\"height\":1536,\"caption\":\"D\u00e9us de la tradici\u00f3 sami.\"},{\"@type\":\"BreadcrumbList\",\"@id\":\"https:\\\/\\\/iwell-guard.com\\\/ca\\\/madderakka-mare-mare-akka-suprema-sami\\\/#breadcrumb\",\"itemListElement\":[{\"@type\":\"ListItem\",\"position\":1,\"name\":\"Start\",\"item\":\"https:\\\/\\\/iwell-guard.com\\\/ca\\\/?page_id=171333\"},{\"@type\":\"ListItem\",\"position\":2,\"name\":\"Madderakka &#8211; Mare mare i Akka suprema dels sami\"}]},{\"@type\":\"WebSite\",\"@id\":\"https:\\\/\\\/iwell-guard.com\\\/ca\\\/#website\",\"url\":\"https:\\\/\\\/iwell-guard.com\\\/ca\\\/\",\"name\":\"iWell Guard\",\"description\":\"Schutz vor dunklen Einfl\u00fcssen\",\"publisher\":{\"@id\":\"https:\\\/\\\/iwell-guard.com\\\/ca\\\/#organization\"},\"potentialAction\":[{\"@type\":\"SearchAction\",\"target\":{\"@type\":\"EntryPoint\",\"urlTemplate\":\"https:\\\/\\\/iwell-guard.com\\\/ca\\\/?s={search_term_string}\"},\"query-input\":{\"@type\":\"PropertyValueSpecification\",\"valueRequired\":true,\"valueName\":\"search_term_string\"}}],\"inLanguage\":\"ca\"},{\"@type\":\"Organization\",\"@id\":\"https:\\\/\\\/iwell-guard.com\\\/ca\\\/#organization\",\"name\":\"Ittermann electronic GmbH\",\"url\":\"https:\\\/\\\/iwell-guard.com\\\/ca\\\/\",\"logo\":{\"@type\":\"ImageObject\",\"inLanguage\":\"ca\",\"@id\":\"https:\\\/\\\/iwell-guard.com\\\/ca\\\/#\\\/schema\\\/logo\\\/image\\\/\",\"url\":\"https:\\\/\\\/iwell-guard.com\\\/wp-content\\\/uploads\\\/2026\\\/05\\\/Ittermann-Logo-1182x237-1.png\",\"contentUrl\":\"https:\\\/\\\/iwell-guard.com\\\/wp-content\\\/uploads\\\/2026\\\/05\\\/Ittermann-Logo-1182x237-1.png\",\"width\":1182,\"height\":237,\"caption\":\"Ittermann electronic GmbH\"},\"image\":{\"@id\":\"https:\\\/\\\/iwell-guard.com\\\/ca\\\/#\\\/schema\\\/logo\\\/image\\\/\"},\"sameAs\":[\"https:\\\/\\\/pantip.com\\\/profile\\\/9367242\",\"https:\\\/\\\/micro.blog\\\/iwellguard\",\"https:\\\/\\\/www.diggerslist.com\\\/iwellguard\\\/about\",\"https:\\\/\\\/skitterphoto.com\\\/photographers\\\/2870314\\\/iwell-guard\",\"https:\\\/\\\/iwellguard.wordpress.com\\\/2026\\\/06\\\/06\\\/iwell-guard\\\/\",\"https:\\\/\\\/hub.docker.com\\\/u\\\/iwellguard\",\"https:\\\/\\\/www.pinterest.com\\\/iwellguard\\\/\",\"https:\\\/\\\/bit.ly\\\/m\\\/iwellguard\",\"https:\\\/\\\/entre-vos-mains.alsace.eu\\\/profiles\\\/iwellguard\\\/activity\",\"https:\\\/\\\/gravatar.com\\\/reallybeded8fd34\",\"https:\\\/\\\/naijamatta.com\\\/iwellguard\",\"https:\\\/\\\/www.goodreads.com\\\/iwellguard\",\"https:\\\/\\\/profile.hatena.ne.jp\\\/iwellguard\\\/\",\"https:\\\/\\\/experiment.com\\\/users\\\/iwellguard\",\"https:\\\/\\\/wakelet.com\\\/@iWellGuard82270\",\"https:\\\/\\\/www.chordie.com\\\/forum\\\/profile.php?id=2555664\",\"https:\\\/\\\/www.instapaper.com\\\/p\\\/17757966\",\"https:\\\/\\\/www.mapleprimes.com\\\/users\\\/iwellguard\",\"https:\\\/\\\/businesslistingplus.com\\\/profile\\\/iwell-guard\\\/\",\"https:\\\/\\\/telegra.ph\\\/iWell-Guard-06-06\",\"https:\\\/\\\/pbase.com\\\/iwellguard\\\/iwellguard\",\"https:\\\/\\\/b.hatena.ne.jp\\\/iwellguard\\\/20260607#bookmark-4788405196491818882\",\"https:\\\/\\\/fliphtml5.com\\\/home\\\/iwellguard\",\"https:\\\/\\\/anyflip.com\\\/homepage\\\/cmiwl#About\",\"https:\\\/\\\/transfur.com\\\/Users\\\/iwellguard\",\"http:\\\/\\\/delphi.larsbo.org\\\/user\\\/iwellguard\",\"https:\\\/\\\/jobs.lajobsportal.org\\\/profiles\\\/8380803-iwell-guard\",\"https:\\\/\\\/md.chaosdorf.de\\\/s\\\/jfbe5SBdJD\",\"https:\\\/\\\/www.lingvolive.com\\\/en-us\\\/profile\\\/9ecaeaca-ce11-4e51-9e71-01d55e2bff36\\\/translations\",\"https:\\\/\\\/www.fitday.com\\\/fitness\\\/forums\\\/members\\\/iwellguard.html\",\"https:\\\/\\\/www.mymeetbook.com\\\/iwellguard\",\"https:\\\/\\\/pxhere.com\\\/en\\\/photographer-me\\\/5040798\",\"https:\\\/\\\/disqus.com\\\/by\\\/iwellguard\\\/about\\\/\",\"https:\\\/\\\/pastelink.net\\\/hjwciqwq\",\"https:\\\/\\\/pubhtml5.com\\\/homepage\\\/scjhn\\\/\",\"https:\\\/\\\/www.bitchute.com\\\/channel\\\/2O2eOKzNqujT\",\"https:\\\/\\\/audiomack.com\\\/iwellguard\"]}]}<\/script>\n<!-- \/ Yoast SEO Premium plugin. -->","yoast_head_json":{"title":"Madderakka - Mare mare dels sami i Akka suprema","description":"Madderakka \u00e9s la mare mare i l'Akka suprema de la religi\u00f3 sami. Rep les \u00e0nimes abans del naixement. Ordenaci\u00f3 des de la ci\u00e8ncia de la religi\u00f3.","robots":{"index":"index","follow":"follow","max-snippet":"max-snippet:-1","max-image-preview":"max-image-preview:large","max-video-preview":"max-video-preview:-1"},"canonical":"https:\/\/iwell-guard.com\/ca\/madderakka-mare-mare-akka-suprema-sami\/","og_locale":"ca_ES","og_type":"article","og_title":"Madderakka - Mare mare i Akka suprema dels sami","og_description":"Madderakka \u00e9s la mare mare i l'Akka suprema de la religi\u00f3 sami. Rep les \u00e0nimes abans del naixement. Ordenaci\u00f3 des de la ci\u00e8ncia de la religi\u00f3.","og_url":"https:\/\/iwell-guard.com\/ca\/madderakka-mare-mare-akka-suprema-sami\/","og_site_name":"iWell Guard","article_modified_time":"2026-09-05T16:06:44+00:00","og_image":[{"width":1024,"height":1536,"url":"https:\/\/iwell-guard.com\/wp-content\/uploads\/2026\/05\/goetter_sami_madderakka.webp","type":"image\/webp"}],"twitter_card":"summary_large_image","schema":{"@context":"https:\/\/schema.org","@graph":[{"@type":"WebPage","@id":"https:\/\/iwell-guard.com\/ca\/madderakka-mare-mare-akka-suprema-sami\/","url":"https:\/\/iwell-guard.com\/ca\/madderakka-mare-mare-akka-suprema-sami\/","name":"Madderakka - Mare mare dels sami i Akka suprema","isPartOf":{"@id":"https:\/\/iwell-guard.com\/ca\/#website"},"primaryImageOfPage":{"@id":"https:\/\/iwell-guard.com\/ca\/madderakka-mare-mare-akka-suprema-sami\/#primaryimage"},"image":{"@id":"https:\/\/iwell-guard.com\/ca\/madderakka-mare-mare-akka-suprema-sami\/#primaryimage"},"thumbnailUrl":"https:\/\/iwell-guard.com\/wp-content\/uploads\/2026\/05\/goetter_sami_madderakka.webp","datePublished":"2026-09-05T15:42:13+00:00","dateModified":"2026-09-05T16:06:44+00:00","description":"Madderakka \u00e9s la mare mare i l'Akka suprema de la religi\u00f3 sami. Rep les \u00e0nimes abans del naixement. Ordenaci\u00f3 des de la ci\u00e8ncia de la religi\u00f3.","breadcrumb":{"@id":"https:\/\/iwell-guard.com\/ca\/madderakka-mare-mare-akka-suprema-sami\/#breadcrumb"},"inLanguage":"ca","potentialAction":[{"@type":"ReadAction","target":["https:\/\/iwell-guard.com\/ca\/madderakka-mare-mare-akka-suprema-sami\/"]}]},{"@type":"ImageObject","inLanguage":"ca","@id":"https:\/\/iwell-guard.com\/ca\/madderakka-mare-mare-akka-suprema-sami\/#primaryimage","url":"https:\/\/iwell-guard.com\/wp-content\/uploads\/2026\/05\/goetter_sami_madderakka.webp","contentUrl":"https:\/\/iwell-guard.com\/wp-content\/uploads\/2026\/05\/goetter_sami_madderakka.webp","width":1024,"height":1536,"caption":"D\u00e9us de la tradici\u00f3 sami."},{"@type":"BreadcrumbList","@id":"https:\/\/iwell-guard.com\/ca\/madderakka-mare-mare-akka-suprema-sami\/#breadcrumb","itemListElement":[{"@type":"ListItem","position":1,"name":"Start","item":"https:\/\/iwell-guard.com\/ca\/?page_id=171333"},{"@type":"ListItem","position":2,"name":"Madderakka &#8211; Mare mare i Akka suprema dels sami"}]},{"@type":"WebSite","@id":"https:\/\/iwell-guard.com\/ca\/#website","url":"https:\/\/iwell-guard.com\/ca\/","name":"iWell Guard","description":"Schutz vor dunklen Einfl\u00fcssen","publisher":{"@id":"https:\/\/iwell-guard.com\/ca\/#organization"},"potentialAction":[{"@type":"SearchAction","target":{"@type":"EntryPoint","urlTemplate":"https:\/\/iwell-guard.com\/ca\/?s={search_term_string}"},"query-input":{"@type":"PropertyValueSpecification","valueRequired":true,"valueName":"search_term_string"}}],"inLanguage":"ca"},{"@type":"Organization","@id":"https:\/\/iwell-guard.com\/ca\/#organization","name":"Ittermann electronic GmbH","url":"https:\/\/iwell-guard.com\/ca\/","logo":{"@type":"ImageObject","inLanguage":"ca","@id":"https:\/\/iwell-guard.com\/ca\/#\/schema\/logo\/image\/","url":"https:\/\/iwell-guard.com\/wp-content\/uploads\/2026\/05\/Ittermann-Logo-1182x237-1.png","contentUrl":"https:\/\/iwell-guard.com\/wp-content\/uploads\/2026\/05\/Ittermann-Logo-1182x237-1.png","width":1182,"height":237,"caption":"Ittermann electronic GmbH"},"image":{"@id":"https:\/\/iwell-guard.com\/ca\/#\/schema\/logo\/image\/"},"sameAs":["https:\/\/pantip.com\/profile\/9367242","https:\/\/micro.blog\/iwellguard","https:\/\/www.diggerslist.com\/iwellguard\/about","https:\/\/skitterphoto.com\/photographers\/2870314\/iwell-guard","https:\/\/iwellguard.wordpress.com\/2026\/06\/06\/iwell-guard\/","https:\/\/hub.docker.com\/u\/iwellguard","https:\/\/www.pinterest.com\/iwellguard\/","https:\/\/bit.ly\/m\/iwellguard","https:\/\/entre-vos-mains.alsace.eu\/profiles\/iwellguard\/activity","https:\/\/gravatar.com\/reallybeded8fd34","https:\/\/naijamatta.com\/iwellguard","https:\/\/www.goodreads.com\/iwellguard","https:\/\/profile.hatena.ne.jp\/iwellguard\/","https:\/\/experiment.com\/users\/iwellguard","https:\/\/wakelet.com\/@iWellGuard82270","https:\/\/www.chordie.com\/forum\/profile.php?id=2555664","https:\/\/www.instapaper.com\/p\/17757966","https:\/\/www.mapleprimes.com\/users\/iwellguard","https:\/\/businesslistingplus.com\/profile\/iwell-guard\/","https:\/\/telegra.ph\/iWell-Guard-06-06","https:\/\/pbase.com\/iwellguard\/iwellguard","https:\/\/b.hatena.ne.jp\/iwellguard\/20260607#bookmark-4788405196491818882","https:\/\/fliphtml5.com\/home\/iwellguard","https:\/\/anyflip.com\/homepage\/cmiwl#About","https:\/\/transfur.com\/Users\/iwellguard","http:\/\/delphi.larsbo.org\/user\/iwellguard","https:\/\/jobs.lajobsportal.org\/profiles\/8380803-iwell-guard","https:\/\/md.chaosdorf.de\/s\/jfbe5SBdJD","https:\/\/www.lingvolive.com\/en-us\/profile\/9ecaeaca-ce11-4e51-9e71-01d55e2bff36\/translations","https:\/\/www.fitday.com\/fitness\/forums\/members\/iwellguard.html","https:\/\/www.mymeetbook.com\/iwellguard","https:\/\/pxhere.com\/en\/photographer-me\/5040798","https:\/\/disqus.com\/by\/iwellguard\/about\/","https:\/\/pastelink.net\/hjwciqwq","https:\/\/pubhtml5.com\/homepage\/scjhn\/","https:\/\/www.bitchute.com\/channel\/2O2eOKzNqujT","https:\/\/audiomack.com\/iwellguard"]}]}},"_links":{"self":[{"href":"https:\/\/iwell-guard.com\/ca\/wp-json\/wp\/v2\/pages\/171768","targetHints":{"allow":["GET"]}}],"collection":[{"href":"https:\/\/iwell-guard.com\/ca\/wp-json\/wp\/v2\/pages"}],"about":[{"href":"https:\/\/iwell-guard.com\/ca\/wp-json\/wp\/v2\/types\/page"}],"author":[{"embeddable":true,"href":"https:\/\/iwell-guard.com\/ca\/wp-json\/wp\/v2\/users\/3"}],"replies":[{"embeddable":true,"href":"https:\/\/iwell-guard.com\/ca\/wp-json\/wp\/v2\/comments?post=171768"}],"version-history":[{"count":0,"href":"https:\/\/iwell-guard.com\/ca\/wp-json\/wp\/v2\/pages\/171768\/revisions"}],"wp:featuredmedia":[{"embeddable":true,"href":"https:\/\/iwell-guard.com\/ca\/wp-json\/wp\/v2\/media\/2892"}],"wp:attachment":[{"href":"https:\/\/iwell-guard.com\/ca\/wp-json\/wp\/v2\/media?parent=171768"}],"wp:term":[{"taxonomy":"category","embeddable":true,"href":"https:\/\/iwell-guard.com\/ca\/wp-json\/wp\/v2\/categories?post=171768"}],"curies":[{"name":"wp","href":"https:\/\/api.w.org\/{rel}","templated":true}]}}