{"id":171765,"date":"2026-09-05T15:42:12","date_gmt":"2026-09-05T15:42:12","guid":{"rendered":"https:\/\/iwell-guard.com\/?page_id=171765"},"modified":"2026-09-05T16:06:39","modified_gmt":"2026-09-05T16:06:39","slug":"sara-akka-deessa-naixement-samis","status":"publish","type":"page","link":"https:\/\/iwell-guard.com\/ca\/sara-akka-deessa-naixement-samis\/","title":{"rendered":"Sara-Akka &#8211; Deessa del naixement dels samis"},"content":{"rendered":"\t\t<div data-elementor-type=\"wp-page\" data-elementor-id=\"171765\" class=\"elementor elementor-171765 elementor-2668 elementor-bc-flex-widget\" data-elementor-post-type=\"page\">\n\t\t\t\t<div class=\"elementor-element elementor-element-iwgw-saraakka-hero e-flex e-con-boxed e-con e-parent\" data-id=\"iwgw-saraakka-hero\" data-element_type=\"container\" data-e-type=\"container\" data-settings=\"{&quot;background_background&quot;:&quot;classic&quot;}\">\n\t\t\t\t\t<div class=\"e-con-inner\">\n\t\t<div class=\"elementor-element elementor-element-iwgw-saraakka-hl e-flex e-con-boxed e-con e-child\" data-id=\"iwgw-saraakka-hl\" data-element_type=\"container\" data-e-type=\"container\">\n\t\t\t\t\t<div class=\"e-con-inner\">\n\t\t<div class=\"elementor-element elementor-element-iwgw-saraakka-htxt e-con-full e-flex e-con e-child\" data-id=\"iwgw-saraakka-htxt\" data-element_type=\"container\" data-e-type=\"container\">\n\t\t\t\t<div class=\"elementor-element elementor-element-iwgw-saraakka-h1 elementor-widget elementor-widget-heading\" data-id=\"iwgw-saraakka-h1\" data-element_type=\"widget\" data-e-type=\"widget\" data-widget_type=\"heading.default\">\n\t\t\t\t\t<h1 class=\"elementor-heading-title elementor-size-default\">Sara-Akka - Deessa i guardiana de l'embar\u00e0s en la religi\u00f3 sami<\/h1>\t\t\t\t<\/div>\n\t\t\t\t<div class=\"elementor-element elementor-element-iwgw-saraakka-lead elementor-widget elementor-widget-text-editor\" data-id=\"iwgw-saraakka-lead\" data-element_type=\"widget\" data-e-type=\"widget\" data-widget_type=\"text-editor.default\">\n\t\t\t\t\t\t\t\t\t<p>Sara-Akka, escrit tamb\u00e9 Sarakka, \u00e9s la deessa del naixement de la religi\u00f3 sami. Pertany a la tr\u00edada de deesses Akka amb <a href=\"https:\/\/iwell-guard.com\/ca\/?page_id=171768\">Madderakka<\/a>, <a href=\"https:\/\/iwell-guard.com\/ca\/?page_id=171767\">Juksakka<\/a> i <a href=\"https:\/\/iwell-guard.com\/ca\/?page_id=171766\">Uksakka<\/a>, i \u00e9s una de les divinitats femenines m\u00e9s \u00e0mpliament documentades de la tradici\u00f3 sami precristiana.<\/p>\t\t\t\t\t\t\t\t<\/div>\n\t\t\t\t<\/div>\n\t\t<div class=\"elementor-element elementor-element-iwgw-saraakka-pillc e-con-full e-flex e-con e-child\" data-id=\"iwgw-saraakka-pillc\" data-element_type=\"container\" data-e-type=\"container\">\n\t\t\t\t<div class=\"elementor-element elementor-element-iwgw-saraakka-pills elementor-widget elementor-widget-html\" data-id=\"iwgw-saraakka-pills\" data-element_type=\"widget\" data-e-type=\"widget\" data-widget_type=\"html.default\">\n\t\t\t\t\t<div class=\"iwg-pill-row\"><span class=\"iwg-klasse-badge\" tabindex=\"0\" data-tooltip=\"Deessa de la llar de la tradici\u00f3 sami.\">Deessa de la llar<\/span><a href=\"https:\/\/iwell-guard.com\/ca\/sami-i-tradicio-fino-ugra-noaidi-i-tambor\/\" class=\"iwg-kultur-badge\" tabindex=\"0\" data-tooltip=\"Mitologia de la tradici\u00f3 sami.\">Sami<\/a><span class=\"iwg-tradition-badge\" tabindex=\"0\" data-tooltip=\"Guardiana del naixement i l'embar\u00e0s.\">Guardiana del naixement i l'embar\u00e0s<\/span><\/div>\t\t\t\t<\/div>\n\t\t\t\t<\/div>\n\t\t<div class=\"elementor-element elementor-element-iwgw-saraakka-tocc e-con-full e-flex e-con e-child\" data-id=\"iwgw-saraakka-tocc\" data-element_type=\"container\" data-e-type=\"container\">\n\t\t\t\t<div class=\"elementor-element elementor-element-iwgw-saraakka-toc elementor-toc--minimized-on-tablet elementor-widget elementor-widget-table-of-contents\" data-id=\"iwgw-saraakka-toc\" data-element_type=\"widget\" data-e-type=\"widget\" data-settings=\"{&quot;headings_by_tags&quot;:[&quot;h2&quot;,&quot;h3&quot;],&quot;minimize_box&quot;:&quot;yes&quot;,&quot;marker_view&quot;:&quot;bullets&quot;,&quot;no_headings_message&quot;:&quot;No s&#039;ha trobat cap encap\\u00e7alament en aquesta p\\u00e0gina.&quot;,&quot;exclude_headings_by_selector&quot;:[],&quot;icon&quot;:{&quot;value&quot;:&quot;fas fa-circle&quot;,&quot;library&quot;:&quot;fa-solid&quot;,&quot;rendered_tag&quot;:&quot;&lt;svg class=\\&quot;e-font-icon-svg e-fas-circle\\&quot; viewBox=\\&quot;0 0 512 512\\&quot; xmlns=\\&quot;http:\\\/\\\/www.w3.org\\\/2000\\\/svg\\&quot;&gt;&lt;path d=\\&quot;M256 8C119 8 8 119 8 256s111 248 248 248 248-111 248-248S393 8 256 8z\\&quot;&gt;&lt;\\\/path&gt;&lt;\\\/svg&gt;&quot;},&quot;minimized_on&quot;:&quot;tablet&quot;,&quot;hierarchical_view&quot;:&quot;yes&quot;,&quot;min_height&quot;:{&quot;unit&quot;:&quot;px&quot;,&quot;size&quot;:&quot;&quot;,&quot;sizes&quot;:[]},&quot;min_height_tablet&quot;:{&quot;unit&quot;:&quot;px&quot;,&quot;size&quot;:&quot;&quot;,&quot;sizes&quot;:[]},&quot;min_height_mobile&quot;:{&quot;unit&quot;:&quot;px&quot;,&quot;size&quot;:&quot;&quot;,&quot;sizes&quot;:[]}}\" data-widget_type=\"table-of-contents.default\">\n\t\t\t\t\t\t\t\t\t<div class=\"elementor-toc__header\">\n\t\t\t\t\t\t<h2 class=\"elementor-toc__header-title\">\n\t\t\t\t\u00cdndex\t\t\t<\/h2>\n\t\t\t\t\t\t\t\t\t\t<div class=\"elementor-toc__toggle-button elementor-toc__toggle-button--expand\" role=\"button\" tabindex=\"0\" aria-controls=\"elementor-toc__iwgw-saraakka-toc\" aria-expanded=\"true\" aria-label=\"Open table of contents\"><svg aria-hidden=\"true\" class=\"e-font-icon-svg e-fas-chevron-down\" viewBox=\"0 0 448 512\" xmlns=\"http:\/\/www.w3.org\/2000\/svg\"><path d=\"M207.029 381.476L12.686 187.132c-9.373-9.373-9.373-24.569 0-33.941l22.667-22.667c9.357-9.357 24.522-9.375 33.901-.04L224 284.505l154.745-154.021c9.379-9.335 24.544-9.317 33.901.04l22.667 22.667c9.373 9.373 9.373 24.569 0 33.941L240.971 381.476c-9.373 9.372-24.569 9.372-33.942 0z\"><\/path><\/svg><\/div>\n\t\t\t\t<div class=\"elementor-toc__toggle-button elementor-toc__toggle-button--collapse\" role=\"button\" tabindex=\"0\" aria-controls=\"elementor-toc__iwgw-saraakka-toc\" aria-expanded=\"true\" aria-label=\"Close table of contents\"><svg aria-hidden=\"true\" class=\"e-font-icon-svg e-fas-chevron-up\" viewBox=\"0 0 448 512\" xmlns=\"http:\/\/www.w3.org\/2000\/svg\"><path d=\"M240.971 130.524l194.343 194.343c9.373 9.373 9.373 24.569 0 33.941l-22.667 22.667c-9.357 9.357-24.522 9.375-33.901.04L224 227.495 69.255 381.516c-9.379 9.335-24.544 9.317-33.901-.04l-22.667-22.667c-9.373-9.373-9.373-24.569 0-33.941L207.03 130.525c9.372-9.373 24.568-9.373 33.941-.001z\"><\/path><\/svg><\/div>\n\t\t\t\t\t<\/div>\n\t\t\t\t<div id=\"elementor-toc__iwgw-saraakka-toc\" class=\"elementor-toc__body\">\n\t\t\t<div class=\"elementor-toc__spinner-container\">\n\t\t\t\t<svg class=\"elementor-toc__spinner eicon-animation-spin e-font-icon-svg e-eicon-loading\" aria-hidden=\"true\" viewBox=\"0 0 1000 1000\" xmlns=\"http:\/\/www.w3.org\/2000\/svg\"><path d=\"M500 975V858C696 858 858 696 858 500S696 142 500 142 142 304 142 500H25C25 237 238 25 500 25S975 237 975 500 763 975 500 975Z\"><\/path><\/svg>\t\t\t<\/div>\n\t\t<\/div>\n\t\t\t\t\t\t<\/div>\n\t\t\t\t<\/div>\n\t\t\t\t\t<\/div>\n\t\t\t\t<\/div>\n\t\t<div class=\"elementor-element elementor-element-iwgw-saraakka-hr e-con-full e-flex e-con e-child\" data-id=\"iwgw-saraakka-hr\" data-element_type=\"container\" data-e-type=\"container\">\n\t\t\t\t<div class=\"elementor-element elementor-element-iwgw-saraakka-heroimg iwg-hero-image elementor-widget elementor-widget-image\" data-id=\"iwgw-saraakka-heroimg\" data-element_type=\"widget\" data-e-type=\"widget\" data-widget_type=\"image.default\">\n\t\t\t\t\t\t\t\t\t\t\t\t\t\t\t<img fetchpriority=\"high\" decoding=\"async\" width=\"683\" height=\"1024\" src=\"https:\/\/iwell-guard.com\/wp-content\/uploads\/2026\/05\/goetter_sami_sara-akka-683x1024.webp\" class=\"attachment-large size-large wp-image-2895\" alt=\"Sara-Akka \u2013 Deessa del naixement dels samis\" srcset=\"https:\/\/iwell-guard.com\/wp-content\/uploads\/2026\/05\/goetter_sami_sara-akka-683x1024.webp 683w, https:\/\/iwell-guard.com\/wp-content\/uploads\/2026\/05\/goetter_sami_sara-akka-200x300.webp 200w, https:\/\/iwell-guard.com\/wp-content\/uploads\/2026\/05\/goetter_sami_sara-akka-768x1152.webp 768w, https:\/\/iwell-guard.com\/wp-content\/uploads\/2026\/05\/goetter_sami_sara-akka.webp 1024w\" sizes=\"(max-width: 683px) 100vw, 683px\" \/>\t\t\t\t\t\t\t\t\t\t\t\t\t\t\t<\/div>\n\t\t\t\t<\/div>\n\t\t\t\t\t<\/div>\n\t\t\t\t<\/div>\n\t\t<div class=\"elementor-element elementor-element-iwgw-saraakka-s0 e-flex e-con-boxed e-con e-parent\" data-id=\"iwgw-saraakka-s0\" data-element_type=\"container\" data-e-type=\"container\">\n\t\t\t\t\t<div class=\"e-con-inner\">\n\t\t\t\t<div class=\"elementor-element elementor-element-iwgw-saraakka-s0h elementor-widget elementor-widget-heading\" data-id=\"iwgw-saraakka-s0h\" data-element_type=\"widget\" data-e-type=\"widget\" data-widget_type=\"heading.default\">\n\t\t\t\t\t<h2 class=\"elementor-heading-title elementor-size-default\">Classificaci\u00f3 i perfil breu<\/h2>\t\t\t\t<\/div>\n\t\t<div class=\"elementor-element elementor-element-iwgw-saraakka-s0c e-con-full e-flex e-con e-child\" data-id=\"iwgw-saraakka-s0c\" data-element_type=\"container\" data-e-type=\"container\">\n\t\t\t\t<div class=\"elementor-element elementor-element-iwgw-saraakka-s0t elementor-widget elementor-widget-text-editor\" data-id=\"iwgw-saraakka-s0t\" data-element_type=\"widget\" data-e-type=\"widget\" data-widget_type=\"text-editor.default\">\n\t\t\t\t\t\t\t\t\t<p>Sara-Akka \u00e9s la m\u00e9s important de les deesses Akka pel que fa al mateix moment del naixement. Mentre que <a href=\"https:\/\/iwell-guard.com\/ca\/?page_id=171768\">Madderakka<\/a>, com a mare ancestral, rep l&#8217;\u00e0nima, Sara-Akka assumeix l&#8217;ajuda durant el part pr\u00f2piament dit. <a href=\"https:\/\/iwell-guard.com\/ca\/?page_id=171767\">Juksakka<\/a> \u00e9s responsable dels nens, <a href=\"https:\/\/iwell-guard.com\/ca\/?page_id=171766\">Uksakka<\/a> \u00e9s la guardiana del llindar. Aquesta constel\u00b7laci\u00f3 de quatre Akkas constitueix, des del punt de vista de la fenomenologia de la religi\u00f3, un patr\u00f3 estructural propi.<\/p><p>Les fonts sobre Sara-Akka s\u00f3n abundants. La <em>Lapponia<\/em> de Johannes Schefferus (1673), la <em>Beskrivelse over Finmarkens Lapper<\/em> de Knud Leem (1767), els <em>Fragmenter i lappska mythologien<\/em> de Lars Levi L\u00e6stadius (ca. 1840) i les imatges dels tambors de la tradici\u00f3 xam\u00e0nica s\u00f3n les fonts principals.<\/p><p>Des del punt de vista de les ci\u00e8ncies de la religi\u00f3, Sara-Akka pertany a la classe de les deesses del naixement especialitzades, presents en moltes religions ind\u00edgenes. La seva funci\u00f3 particular \u00e9s l&#8217;ajuda durant el part mateix, incloent-hi la separaci\u00f3 de la placenta i el lliurament del nad\u00f3 als seus familiars.<\/p><p>La deessa del naixement Sara-Akka ha estat estudiada en la recerca recent amb m\u00e8todes ampliats que combinen precisi\u00f3 etnogr\u00e0fica, cr\u00edtica ling\u00fc\u00edstica de fonts i una mirada comparativa. Investigadores i investigadors samis formen avui part activa d&#8217;aquest treball i sotmeten a revisi\u00f3 cr\u00edtica atribucions occidentals m\u00e9s antigues que en part portaven marques colonials.<\/p><p>Com a deessa del naixement especialitzada dins de la constel\u00b7laci\u00f3 Akka, Sara-Akka s&#8217;integra en una topografia religiosa circumpolar, els trets fonamentals de la qual es repeteixen en amplis territoris. Aquesta const\u00e0ncia estructural al llarg de milers de quil\u00f2metres \u00e9s un dels resultats m\u00e9s remarcables de la <span class=\"iwg-fachbegriff\" data-tooltip=\"La ci\u00e8ncia que estudia les religions de manera comparativa i sense vincle de fe.\" tabindex=\"0\">ci\u00e8ncia de la religi\u00f3<\/span> comparada i encara avui se&#8217;n continua discutint.<\/p>\t\t\t\t\t\t\t\t<\/div>\n\t\t\t\t<\/div>\n\t\t\t\t\t<\/div>\n\t\t\t\t<\/div>\n\t\t<div class=\"elementor-element elementor-element-iwgw-saraakka-s1 e-flex e-con-boxed e-con e-parent\" data-id=\"iwgw-saraakka-s1\" data-element_type=\"container\" data-e-type=\"container\">\n\t\t\t\t\t<div class=\"e-con-inner\">\n\t\t\t\t<div class=\"elementor-element elementor-element-iwgw-saraakka-s1h elementor-widget elementor-widget-heading\" data-id=\"iwgw-saraakka-s1h\" data-element_type=\"widget\" data-e-type=\"widget\" data-widget_type=\"heading.default\">\n\t\t\t\t\t<h2 class=\"elementor-heading-title elementor-size-default\">Nom i etimologia<\/h2>\t\t\t\t<\/div>\n\t\t<div class=\"elementor-element elementor-element-iwgw-saraakka-s1c e-con-full e-flex e-con e-child\" data-id=\"iwgw-saraakka-s1c\" data-element_type=\"container\" data-e-type=\"container\">\n\t\t\t\t<div class=\"elementor-element elementor-element-iwgw-saraakka-s1t elementor-widget elementor-widget-text-editor\" data-id=\"iwgw-saraakka-s1t\" data-element_type=\"widget\" data-e-type=\"widget\" data-widget_type=\"text-editor.default\">\n\t\t\t\t\t\t\t\t\t<p>El nom Sara-Akka \u00e9s compost per <em>Sara<\/em>, possiblement d&#8217;una arrel antiga sami que significa separar o dividir, i <em>Akka<\/em>, que en moltes lleng\u00fces fino\u00fagriques significa dona gran, \u00e0via, deessa protectora. L&#8217;arrel Akka est\u00e0 documentada en com\u00fa en l&#8217;\u00fas ling\u00fc\u00edstic fin\u00e8s, estoni\u00e0, hongar\u00e8s i sami.<\/p><p>L&#8217;etimologia de Sara \u00e9s discutida. Una hip\u00f2tesi la relaciona amb el n\u00f2rdic antic <em>sarpa<\/em>, que significa crear o partir i que podria remetre a la funci\u00f3 d&#8217;ajuda en el part. Una altra hip\u00f2tesi hi veu una capa ur\u00e0lica.<\/p><p>Les variants dialectals s\u00f3n Saaraahkka en sami meridional, Sarakka en sami de Ume, S\u00e1rahkk\u00e1 en sami septentrional. Aquesta diversitat \u00e9s t\u00edpica des del punt de vista de la fenomenologia de la religi\u00f3 i reflecteix la diferenciaci\u00f3 dialectal del sami.<\/p><p>Des de la sociologia de la religi\u00f3 cal preguntar-se quina funci\u00f3 complia Sara-Akka en l&#8217;ordre social de la comunitat sami tradicional. Com que la seva tasca d&#8217;ajuda en el part actuava directament en el comen\u00e7ament de la vida, all\u00f2 religi\u00f3s no estava separat de la pr\u00e0ctica quotidiana, sin\u00f3 estretament entrella\u00e7at amb ella.<\/p><p>Aquest entrella\u00e7ament constitueix un camp de recerca propi de l&#8217;antropologia de la religi\u00f3, que sobretot H\u00e5kan Rydving i Konsta Kaikkonen han treballat de manera sistem\u00e0tica.<\/p><p>S&#8217;hi afegeix el significat actual de Sara-Akka per a la pol\u00edtica d&#8217;identitat sami. Amb l&#8217;autogovern sami i el reconeixement de drets ind\u00edgenes en el dret internacional, les deesses protectores transmeses guanyen novament m\u00e9s visibilitat. La manera com la recerca religiosa i el reconeixement pol\u00edtic s&#8217;entrellacen en aquest proc\u00e9s constitueix un camp propi, al qual la ci\u00e8ncia dedica darrerament molta m\u00e9s atenci\u00f3.<\/p>\t\t\t\t\t\t\t\t<\/div>\n\t\t\t\t<\/div>\n\t\t\t\t\t<\/div>\n\t\t\t\t<\/div>\n\t\t<div class=\"elementor-element elementor-element-iwgw-saraakka-s2 e-flex e-con-boxed e-con e-parent\" data-id=\"iwgw-saraakka-s2\" data-element_type=\"container\" data-e-type=\"container\">\n\t\t\t\t\t<div class=\"e-con-inner\">\n\t\t\t\t<div class=\"elementor-element elementor-element-iwgw-saraakka-s2h elementor-widget elementor-widget-heading\" data-id=\"iwgw-saraakka-s2h\" data-element_type=\"widget\" data-e-type=\"widget\" data-widget_type=\"heading.default\">\n\t\t\t\t\t<h2 class=\"elementor-heading-title elementor-size-default\">Descripci\u00f3 i iconografia<\/h2>\t\t\t\t<\/div>\n\t\t<div class=\"elementor-element elementor-element-iwgw-saraakka-s2c e-con-full e-flex e-con e-child\" data-id=\"iwgw-saraakka-s2c\" data-element_type=\"container\" data-e-type=\"container\">\n\t\t\t\t<div class=\"elementor-element elementor-element-iwgw-saraakka-s2t elementor-widget elementor-widget-text-editor\" data-id=\"iwgw-saraakka-s2t\" data-element_type=\"widget\" data-e-type=\"widget\" data-widget_type=\"text-editor.default\">\n\t\t\t\t\t\t\t\t\t<p>Sara-Akka es descriu en les fonts etnogr\u00e0fiques com una dona bondadosa, de mitjana edat o gran, present a l&#8217;espai dom\u00e8stic de la fam\u00edlia, especialment a la llar de foc. No \u00e9s una deessa del m\u00f3n exterior com <a href=\"https:\/\/iwell-guard.com\/ca\/?page_id=171761\">Beaivi<\/a>, sin\u00f3 una deessa de la casa i de la llar.<\/p><p>Als tambors xam\u00e0nics, Sara-Akka apareix representada generalment al nivell mitj\u00e0 del m\u00f3n vital, sovint com una dona amb els bra\u00e7os al\u00e7ats o amb un infant en bra\u00e7os. Els estudis dels tambors d&#8217;Ernst Manker han documentat de manera sistem\u00e0tica la seva posici\u00f3 iconogr\u00e0fica.<\/p><p>Simb\u00f2licament, Sara-Akka est\u00e0 associada a la llar de foc, al calder, a la sopa i al pa. Aquest entrella\u00e7ament entre <span class=\"iwg-fachbegriff\" data-tooltip=\"El conjunt d'accions de veneraci\u00f3 religiosa cap a una divinitat o figura sagrada.\" tabindex=\"0\">culte<\/span> i vida quotidiana \u00e9s t\u00edpic, des del punt de vista de la fenomenologia de la religi\u00f3, de les deesses dom\u00e8stiques ind\u00edgenes.<\/p>\t\t\t\t\t\t\t\t<\/div>\n\t\t\t\t<\/div>\n\t\t\t\t\t<\/div>\n\t\t\t\t<\/div>\n\t\t<div class=\"elementor-element elementor-element-iwgw-saraakka-s3 e-flex e-con-boxed e-con e-parent\" data-id=\"iwgw-saraakka-s3\" data-element_type=\"container\" data-e-type=\"container\">\n\t\t\t\t\t<div class=\"e-con-inner\">\n\t\t\t\t<div class=\"elementor-element elementor-element-iwgw-saraakka-s3h elementor-widget elementor-widget-heading\" data-id=\"iwgw-saraakka-s3h\" data-element_type=\"widget\" data-e-type=\"widget\" data-widget_type=\"heading.default\">\n\t\t\t\t\t<h2 class=\"elementor-heading-title elementor-size-default\">Culte durant el part<\/h2>\t\t\t\t<\/div>\n\t\t<div class=\"elementor-element elementor-element-iwgw-saraakka-s3c e-con-full e-flex e-con e-child\" data-id=\"iwgw-saraakka-s3c\" data-element_type=\"container\" data-e-type=\"container\">\n\t\t\t\t<div class=\"elementor-element elementor-element-iwgw-saraakka-s3t elementor-widget elementor-widget-text-editor\" data-id=\"iwgw-saraakka-s3t\" data-element_type=\"widget\" data-e-type=\"widget\" data-widget_type=\"text-editor.default\">\n\t\t\t\t\t\t\t\t\t<p>A cada naixement s&#8217;invocava Sara-Akka de manera <span class=\"iwg-fachbegriff\" data-tooltip=\"Que pertany a un desenvolupament d'accions religioses establert.\" tabindex=\"0\">ritual<\/span>. La llevadora o una parenta gran pronunciava certes paraules que invocaven l&#8217;ajuda de Sara-Akka. Despr\u00e9s del part, se li oferia una petita <span class=\"iwg-fachbegriff\" data-tooltip=\"Ofrena a una divinitat per expressar agra\u00efment, petici\u00f3 o veneraci\u00f3.\" tabindex=\"0\">ofrena<\/span>, sovint un aliment o un tros de roba.<\/p><p>Les pr\u00e0ctiques concretes estan documentades en els informes de Knud Leem i Schefferus. Sara-Akka era especialment sensible a les violacions de tab\u00fa durant el part. Qui parlava malament, actuava malament o ometia les paraules rituals, corria el risc de dificultats en el part o de debilitat del nad\u00f3.<\/p><p>Des de les ci\u00e8ncies de la religi\u00f3, aquesta pr\u00e0ctica del naixement \u00e9s un cas paradigm\u00e0tic d&#8217;una religiositat propera a la vida quotidiana, que no es limitava a illes rituals, sin\u00f3 que impregnava el cicle vital. La import\u00e0ncia de Sara-Akka rau precisament en aquesta proximitat quotidiana, que des de la fenomenologia de la religi\u00f3 constitueix un fenomen propi.<\/p>\t\t\t\t\t\t\t\t<\/div>\n\t\t\t\t<\/div>\n\t\t\t\t\t<\/div>\n\t\t\t\t<\/div>\n\t\t<div class=\"elementor-element elementor-element-iwgw-saraakka-s4 e-flex e-con-boxed e-con e-parent\" data-id=\"iwgw-saraakka-s4\" data-element_type=\"container\" data-e-type=\"container\">\n\t\t\t\t\t<div class=\"e-con-inner\">\n\t\t\t\t<div class=\"elementor-element elementor-element-iwgw-saraakka-s4h elementor-widget elementor-widget-heading\" data-id=\"iwgw-saraakka-s4h\" data-element_type=\"widget\" data-e-type=\"widget\" data-widget_type=\"heading.default\">\n\t\t\t\t\t<h2 class=\"elementor-heading-title elementor-size-default\">Sara-Akka i la beguda de Sara-Akka<\/h2>\t\t\t\t<\/div>\n\t\t<div class=\"elementor-element elementor-element-iwgw-saraakka-s4c e-con-full e-flex e-con e-child\" data-id=\"iwgw-saraakka-s4c\" data-element_type=\"container\" data-e-type=\"container\">\n\t\t\t\t<div class=\"elementor-element elementor-element-iwgw-saraakka-s4t elementor-widget elementor-widget-text-editor\" data-id=\"iwgw-saraakka-s4t\" data-element_type=\"widget\" data-e-type=\"widget\" data-widget_type=\"text-editor.default\">\n\t\t\t\t\t\t\t\t\t<p>Una pr\u00e0ctica ritual particular era la beguda de Sara-Akka, un aiguardent o una altra ofrena alcoh\u00f2lica que es bevia despr\u00e9s del part en honor de la deessa. Aquesta pr\u00e0ctica est\u00e0 testimoniada de manera independent per diverses fonts i \u00e9s interessant des del punt de vista de la fenomenologia de la religi\u00f3.<\/p><p>La beguda era compartida per la llevadora i les dones presents. Els homes estaven exclosos d&#8217;aquesta pr\u00e0ctica, la qual cosa subratlla l&#8217;estructuraci\u00f3 segons el g\u00e8nere de la religiositat del part. La separaci\u00f3 de g\u00e8neres en les pr\u00e0ctiques religioses era pronunciada en la tradici\u00f3 sami precristiana.<\/p><p>Cient\u00edficament, la beguda de Sara-Akka \u00e9s un exemple de la consolidaci\u00f3 ritualitzada de l&#8217;esfera religiosa femenina. La missi\u00f3 va atacar aquestes pr\u00e0ctiques amb especial agressivitat perqu\u00e8 contradeien l&#8217;ordre de g\u00e8nere luter\u00e0.<\/p>\t\t\t\t\t\t\t\t<\/div>\n\t\t\t\t<\/div>\n\t\t\t\t\t<\/div>\n\t\t\t\t<\/div>\n\t\t<div class=\"elementor-element elementor-element-iwgw-saraakka-s5 e-flex e-con-boxed e-con e-parent\" data-id=\"iwgw-saraakka-s5\" data-element_type=\"container\" data-e-type=\"container\">\n\t\t\t\t\t<div class=\"e-con-inner\">\n\t\t\t\t<div class=\"elementor-element elementor-element-iwgw-saraakka-s5h elementor-widget elementor-widget-heading\" data-id=\"iwgw-saraakka-s5h\" data-element_type=\"widget\" data-e-type=\"widget\" data-widget_type=\"heading.default\">\n\t\t\t\t\t<h2 class=\"elementor-heading-title elementor-size-default\">Tab\u00fas al voltant de l'embar\u00e0s i el part<\/h2>\t\t\t\t<\/div>\n\t\t<div class=\"elementor-element elementor-element-iwgw-saraakka-s5c e-con-full e-flex e-con e-child\" data-id=\"iwgw-saraakka-s5c\" data-element_type=\"container\" data-e-type=\"container\">\n\t\t\t\t<div class=\"elementor-element elementor-element-iwgw-saraakka-s5t elementor-widget elementor-widget-text-editor\" data-id=\"iwgw-saraakka-s5t\" data-element_type=\"widget\" data-e-type=\"widget\" data-widget_type=\"text-editor.default\">\n\t\t\t\t\t\t\t\t\t<p>Sara-Akka era destinat\u00e0ria de nombrosos tab\u00fas que regulaven l&#8217;embar\u00e0s, el part i els primers mesos de vida del nad\u00f3. La parturienta no podia menjar certs aliments, no podia pronunciar certes paraules i havia d&#8217;a\u00efllar-se durant alguns dies.<\/p><p>Aquesta estructura de tab\u00fas est\u00e0 documentada amb detall des del punt de vista de l&#8217;etnologia de la religi\u00f3. Entre les prohibicions concretes hi havia menjar carn d&#8217;os durant l&#8217;embar\u00e0s, cantar en veu alta durant el part i pronunciar certs noms de d\u00e9us a l&#8217;estan\u00e7a de la pu\u00e8rpera.<\/p><p>Cient\u00edficament, aquesta estructura de tab\u00fas constitueix una configuraci\u00f3 ritual pr\u00f2pia que estructurava religiosament la vida femenina. \u00c9s comparable amb les estructures de tab\u00fas d&#8217;altres deesses del part ind\u00edgenes, com la guardiana del part <a href=\"https:\/\/iwell-guard.com\/ca\/?page_id=171756\">Pinga<\/a> dels <a href=\"https:\/\/iwell-guard.com\/ca\/inuit-artic-sedna-tornit-proteccio\/\">inuit<\/a>.<\/p>\t\t\t\t\t\t\t\t<\/div>\n\t\t\t\t<\/div>\n\t\t\t\t\t<\/div>\n\t\t\t\t<\/div>\n\t\t<div class=\"elementor-element elementor-element-iwgw-saraakka-s6 e-flex e-con-boxed e-con e-parent\" data-id=\"iwgw-saraakka-s6\" data-element_type=\"container\" data-e-type=\"container\">\n\t\t\t\t\t<div class=\"e-con-inner\">\n\t\t\t\t<div class=\"elementor-element elementor-element-iwgw-saraakka-s6h elementor-widget elementor-widget-heading\" data-id=\"iwgw-saraakka-s6h\" data-element_type=\"widget\" data-e-type=\"widget\" data-widget_type=\"heading.default\">\n\t\t\t\t\t<h2 class=\"elementor-heading-title elementor-size-default\">Sara-Akka dins el sistema Akka<\/h2>\t\t\t\t<\/div>\n\t\t<div class=\"elementor-element elementor-element-iwgw-saraakka-s6c e-con-full e-flex e-con e-child\" data-id=\"iwgw-saraakka-s6c\" data-element_type=\"container\" data-e-type=\"container\">\n\t\t\t\t<div class=\"elementor-element elementor-element-iwgw-saraakka-s6t elementor-widget elementor-widget-text-editor\" data-id=\"iwgw-saraakka-s6t\" data-element_type=\"widget\" data-e-type=\"widget\" data-widget_type=\"text-editor.default\">\n\t\t\t\t\t\t\t\t\t<p>La constel\u00b7laci\u00f3 qu\u00e0druple de les Akka -Madderakka, Sara-Akka, Juksakka, Uksakka- constitueix cient\u00edficament un patr\u00f3 estructural propi. Madderakka rep l&#8217;\u00e0nima, Sara-Akka ajuda en el part, Juksakka t\u00e9 cura dels nois, Uksakka vigila el llindar.<\/p><p>Aquesta diferenciaci\u00f3 funcional \u00e9s elaborada des del punt de vista de la fenomenologia de la religi\u00f3. Distingeix la tradici\u00f3 sami de moltes altres tradicions ind\u00edgenes, en les quals l&#8217;assist\u00e8ncia al part no est\u00e0 tan clarament dividida en especialitzacions.<\/p><p>Cient\u00edficament s&#8217;ha discutit si la teologia qu\u00e0druple de les Akka \u00e9s una sistematitzaci\u00f3 tardana feta pels missioners o b\u00e9 una configuraci\u00f3 sami independent. H\u00e5kan Rydving i Konsta Kaikkonen s&#8217;inclinen per la segona lectura, cosa que subratlla l&#8217;autonomia de la <span class=\"iwg-fachbegriff\" data-tooltip=\"La doctrina cient\u00edfica sobre D\u00e9u i sobre la fe d'una religi\u00f3.\" tabindex=\"0\">teologia<\/span> sami.<\/p>\t\t\t\t\t\t\t\t<\/div>\n\t\t\t\t<\/div>\n\t\t\t\t\t<\/div>\n\t\t\t\t<\/div>\n\t\t<div class=\"elementor-element elementor-element-iwgw-saraakka-s7 e-flex e-con-boxed e-con e-parent\" data-id=\"iwgw-saraakka-s7\" data-element_type=\"container\" data-e-type=\"container\">\n\t\t\t\t\t<div class=\"e-con-inner\">\n\t\t\t\t<div class=\"elementor-element elementor-element-iwgw-saraakka-s7h elementor-widget elementor-widget-heading\" data-id=\"iwgw-saraakka-s7h\" data-element_type=\"widget\" data-e-type=\"widget\" data-widget_type=\"heading.default\">\n\t\t\t\t\t<h2 class=\"elementor-heading-title elementor-size-default\">Comparaci\u00f3 amb altres deesses del part<\/h2>\t\t\t\t<\/div>\n\t\t<div class=\"elementor-element elementor-element-iwgw-saraakka-s7c e-con-full e-flex e-con e-child\" data-id=\"iwgw-saraakka-s7c\" data-element_type=\"container\" data-e-type=\"container\">\n\t\t\t\t<div class=\"elementor-element elementor-element-iwgw-saraakka-s7t elementor-widget elementor-widget-text-editor\" data-id=\"iwgw-saraakka-s7t\" data-element_type=\"widget\" data-e-type=\"widget\" data-widget_type=\"text-editor.default\">\n\t\t\t\t\t\t\t\t\t<p>Sara-Akka pertany a la classe de deesses del part especialitzades, presents en nombroses cultures. Comparables estructuralment s\u00f3n la finesa Synnyt\u00e4j\u00e4t\u00e4r, la grega Ilitia (Eileithyia), l&#8217;eg\u00edpcia Taueret, la japonesa Konohanasakuya-hime i la guardiana del part <a href=\"https:\/\/iwell-guard.com\/ca\/?page_id=171756\">Pinga<\/a> dels <a href=\"https:\/\/iwell-guard.com\/ca\/inuit-artic-sedna-tornit-proteccio\/\">inuit<\/a>.<\/p><p>L&#8217;especificitat de Sara-Akka rau en la seva integraci\u00f3 dins el sistema Akka amb una clara divisi\u00f3 de funcions. Aquesta especialitzaci\u00f3 \u00e9s elaborada des del punt de vista de la fenomenologia de la religi\u00f3 i distingeix la tradici\u00f3 sami de les tradicions que nom\u00e9s tenen una deessa del part.<\/p><p>Dins la tradici\u00f3 fino-\u00fagrica, la configuraci\u00f3 Akka \u00e9s emparentada amb la finesa Lampi-Akka, l&#8217;hongaresa Boldogasszony i altres deesses protectores. Aquest parentiu estructural remet a un antic estrat fino-\u00fagric de formaci\u00f3 de conceptes religiosos.<\/p>\t\t\t\t\t\t\t\t<\/div>\n\t\t\t\t<\/div>\n\t\t\t\t\t<\/div>\n\t\t\t\t<\/div>\n\t\t<div class=\"elementor-element elementor-element-iwgw-saraakka-s8 e-flex e-con-boxed e-con e-parent\" data-id=\"iwgw-saraakka-s8\" data-element_type=\"container\" data-e-type=\"container\">\n\t\t\t\t\t<div class=\"e-con-inner\">\n\t\t\t\t<div class=\"elementor-element elementor-element-iwgw-saraakka-s8h elementor-widget elementor-widget-heading\" data-id=\"iwgw-saraakka-s8h\" data-element_type=\"widget\" data-e-type=\"widget\" data-widget_type=\"heading.default\">\n\t\t\t\t\t<h2 class=\"elementor-heading-title elementor-size-default\">Missi\u00f3 i recepci\u00f3 moderna<\/h2>\t\t\t\t<\/div>\n\t\t<div class=\"elementor-element elementor-element-iwgw-saraakka-s8c e-con-full e-flex e-con e-child\" data-id=\"iwgw-saraakka-s8c\" data-element_type=\"container\" data-e-type=\"container\">\n\t\t\t\t<div class=\"elementor-element elementor-element-iwgw-saraakka-s8t elementor-widget elementor-widget-text-editor\" data-id=\"iwgw-saraakka-s8t\" data-element_type=\"widget\" data-e-type=\"widget\" data-widget_type=\"text-editor.default\">\n\t\t\t\t\t\t\t\t\t<p>La missi\u00f3 cristiana va identificar parcialment Sara-Akka amb Maria, la qual cosa va facilitar la teologia de transici\u00f3 dels sami evangelitzats. Aquesta identificaci\u00f3 \u00e9s cient\u00edficament una reinterpretaci\u00f3 de car\u00e0cter colonial que va difuminar la teologia del part espec\u00edficament sami.<\/p><p>Les pr\u00e0ctiques de part al voltant de Sara-Akka van ser perseguides pels missioners luterans com a <span class=\"iwg-fachbegriff\" data-tooltip=\"Des del punt de vista cristi\u00e0: pertanyent a una religi\u00f3 precristiana o no cristiana.\" tabindex=\"0\">paganes<\/span>, cosa que va interrompre en gran mesura la tradici\u00f3 ritual. Vestigis de la tradici\u00f3 s&#8217;han conservat en la pr\u00e0ctica familiar i en dites transmeses oralment.<\/p><p>En la revitalitzaci\u00f3 cultural sami contempor\u00e0nia, Sara-Akka \u00e9s una figura significativa. Els moviments de drets de les dones dins la comunitat sami s&#8217;hi refereixen com a exemple d&#8217;autoritat religiosa femenina en la religi\u00f3 tradicional. Aquesta apropiaci\u00f3 \u00e9s productiva des del punt de vista de la fenomenologia de la religi\u00f3.<\/p>\t\t\t\t\t\t\t\t<\/div>\n\t\t\t\t<\/div>\n\t\t\t\t\t<\/div>\n\t\t\t\t<\/div>\n\t\t<div class=\"elementor-element elementor-element-iwgw-saraakka-s9 e-flex e-con-boxed e-con e-parent\" data-id=\"iwgw-saraakka-s9\" data-element_type=\"container\" data-e-type=\"container\">\n\t\t\t\t\t<div class=\"e-con-inner\">\n\t\t\t\t<div class=\"elementor-element elementor-element-iwgw-saraakka-s9h elementor-widget elementor-widget-heading\" data-id=\"iwgw-saraakka-s9h\" data-element_type=\"widget\" data-e-type=\"widget\" data-widget_type=\"heading.default\">\n\t\t\t\t\t<h2 class=\"elementor-heading-title elementor-size-default\">Refer\u00e8ncies creuades del l\u00e8xic<\/h2>\t\t\t\t<\/div>\n\t\t<div class=\"elementor-element elementor-element-iwgw-saraakka-s9c e-con-full e-flex e-con e-child\" data-id=\"iwgw-saraakka-s9c\" data-element_type=\"container\" data-e-type=\"container\">\n\t\t\t\t<div class=\"elementor-element elementor-element-iwgw-saraakka-s9t elementor-widget elementor-widget-text-editor\" data-id=\"iwgw-saraakka-s9t\" data-element_type=\"widget\" data-e-type=\"widget\" data-widget_type=\"text-editor.default\">\n\t\t\t\t\t\t\t\t\t<p>Sara-Akka es relaciona amb <a href=\"https:\/\/iwell-guard.com\/ca\/?page_id=171768\">Madderakka<\/a>, <a href=\"https:\/\/iwell-guard.com\/ca\/?page_id=171767\">Juksakka<\/a>, <a href=\"https:\/\/iwell-guard.com\/ca\/?page_id=171766\">Uksakka<\/a>, <a href=\"https:\/\/iwell-guard.com\/ca\/?page_id=171761\">Beaivi<\/a>, <a href=\"https:\/\/iwell-guard.com\/ca\/?page_id=171762\">M\u00e1nnu<\/a>, <a href=\"https:\/\/iwell-guard.com\/ca\/?page_id=171763\">R\u00e1hka<\/a>, <a href=\"https:\/\/iwell-guard.com\/ca\/?page_id=171764\">Stallo<\/a>, <a href=\"https:\/\/iwell-guard.com\/ca\/?page_id=171769\">Jabmiidaibmu<\/a> i <a href=\"https:\/\/iwell-guard.com\/ca\/?page_id=171770\">Saivo<\/a>. El nucli cultural <a href=\"https:\/\/iwell-guard.com\/ca\/sami-i-tradicio-fino-ugra-noaidi-i-tambor\/\">Tradici\u00f3 sami<\/a> emmarca la teologia del part. Deesses del part amb estructures similars es troben a la s\u00e8rie de lemes dels <a href=\"https:\/\/iwell-guard.com\/ca\/inuit-artic-sedna-tornit-proteccio\/\">inuit<\/a> amb <em>Pinga<\/em>.<\/p>\t\t\t\t\t\t\t\t<\/div>\n\t\t\t\t<\/div>\n\t\t\t\t\t<\/div>\n\t\t\t\t<\/div>\n\t\t<div class=\"elementor-element elementor-element-cp2b990ba7 e-flex e-con-boxed e-con e-parent\" data-id=\"cp2b990ba7\" data-element_type=\"container\" data-e-type=\"container\">\n\t\t\t\t\t<div class=\"e-con-inner\">\n\t\t\t\t<div class=\"elementor-element elementor-element-cp26f30671 elementor-widget elementor-widget-heading\" data-id=\"cp26f30671\" data-element_type=\"widget\" data-e-type=\"widget\" data-widget_type=\"heading.default\">\n\t\t\t\t\t<h2 class=\"elementor-heading-title elementor-size-default\">Sarakka al foc de la llar: la divinitat del part al centre de la tenda<\/h2>\t\t\t\t<\/div>\n\t\t<div class=\"elementor-element elementor-element-cp293e5391 e-flex e-con-boxed e-con e-child\" data-id=\"cp293e5391\" data-element_type=\"container\" data-e-type=\"container\">\n\t\t\t\t\t<div class=\"e-con-inner\">\n\t\t\t\t<div class=\"elementor-element elementor-element-cp254f8fbe elementor-widget elementor-widget-text-editor\" data-id=\"cp254f8fbe\" data-element_type=\"widget\" data-e-type=\"widget\" data-widget_type=\"text-editor.default\">\n\t\t\t\t\t\t\t\t\t<p>Sarakka, escrita tamb\u00e9 <em>S\u00e1r\u00e1hkk\u00e1<\/em> a les fonts, \u00e9s, entre les divinitats Akka sami, la m\u00e9s directament vinculada al part i al foc de la llar. Mentre que <a href=\"https:\/\/iwell-guard.com\/ca\/sami-i-tradicio-fino-ugra-noaidi-i-tambor\/\">Maderakka<\/a>, com a mare tribal suprema, dona el cos al nad\u00f3 i Uksakka vigila el llindar de la porta, l&#8217;\u00e0mbit d&#8217;acci\u00f3 de Sarakka correspon al centre de la tenda, all\u00e0 on crema el foc i on tenia lloc el part.<\/p><p>El nom sol relacionar-se en la recerca amb un verb sami que significa \u00abpartir\u00bb o \u00abdividir\u00bb, el qual s&#8217;interpreta com una al\u00b7lusi\u00f3 al proc\u00e9s del part. Aquesta etimologia \u00e9s plausible, per\u00f2 no est\u00e0 del tot confirmada.<\/p><p>Sarakka era considerada la que assistia la parturienta i, en certa manera, portava el nad\u00f3 al m\u00f3n visible. Les fonts relaten que se li oferien ofrenes especials, com porcions d&#8217;aliments, i que una dona parturienta, o les dones que l&#8217;assistien, s&#8217;adre\u00e7aven a Sarakka.<\/p><p>Cal destacar la vinculaci\u00f3 de Sarakka amb la llar. El foc al centre de la tenda era un focus ritual de la vida dom\u00e8stica, i Sarakka, com a <span class=\"iwg-fachbegriff\" data-tooltip=\"Un \u00e9sser venerat com a div\u00ed dins d'una religi\u00f3.\" tabindex=\"0\">divinitat<\/span> associada a aquest, encarnava la protecci\u00f3 que emanava d&#8217;aquest centre.<\/p><p>La seva veneraci\u00f3 estava lligada a la vida quotidiana, a situacions vitals concretes, i era sostinguda sobretot per dones. Precisament perqu\u00e8 aquesta <span class=\"iwg-fachbegriff\" data-tooltip=\"L'actitud i la pr\u00e0ctica religiosa viscuda d'una persona.\" tabindex=\"0\">pietat<\/span> era discreta i estava integrada en la vida quotidiana, apareix nom\u00e9s breument recollida en els informes dels missioners, centrats en els cultes p\u00fablics.<\/p>\t\t\t\t\t\t\t\t<\/div>\n\t\t\t\t\t<\/div>\n\t\t\t\t<\/div>\n\t\t\t\t\t<\/div>\n\t\t\t\t<\/div>\n\t\t<div class=\"elementor-element elementor-element-cp285d891a e-flex e-con-boxed e-con e-parent\" data-id=\"cp285d891a\" data-element_type=\"container\" data-e-type=\"container\">\n\t\t\t\t\t<div class=\"e-con-inner\">\n\t\t\t\t<div class=\"elementor-element elementor-element-cp289a15c1 elementor-widget elementor-widget-heading\" data-id=\"cp289a15c1\" data-element_type=\"widget\" data-e-type=\"widget\" data-widget_type=\"heading.default\">\n\t\t\t\t\t<h2 class=\"elementor-heading-title elementor-size-default\">Qu\u00e8 oculten i distorsionen els informes de missi\u00f3 sobre Sarakka<\/h2>\t\t\t\t<\/div>\n\t\t<div class=\"elementor-element elementor-element-cp22d7d5fa e-flex e-con-boxed e-con e-child\" data-id=\"cp22d7d5fa\" data-element_type=\"container\" data-e-type=\"container\">\n\t\t\t\t\t<div class=\"e-con-inner\">\n\t\t\t\t<div class=\"elementor-element elementor-element-cp2e8d6fc9 elementor-widget elementor-widget-text-editor\" data-id=\"cp2e8d6fc9\" data-element_type=\"widget\" data-e-type=\"widget\" data-widget_type=\"text-editor.default\">\n\t\t\t\t\t\t\t\t\t<p>La <span class=\"iwg-fachbegriff\" data-tooltip=\"La transmissi\u00f3 de coneixements i relats a trav\u00e9s de generacions.\" tabindex=\"0\">tradici\u00f3<\/span> sobre Sarakka s&#8217;enfronta al mateix problema fonamental que la de totes les divinitats sami: prov\u00e9 gaireb\u00e9 \u00edntegrament de la literatura de missioners i clergues cristians dels segles XVII i XVIII, que combatien la religi\u00f3 aut\u00f2ctona.<\/p><p>A l&#8217;\u00e0mbit noruec hi pertanyen relats sorgits de l&#8217;entorn de les campanyes missioneres de Thomas von Westen; a l&#8217;\u00e0mbit suec, els escrits de clergues com Pehr H\u00f6gstr\u00f6m.<\/p><p>Aquestes fonts distorsionen la imatge de Sarakka en diversos aspectes. En primer lloc, els redactors la consideraven un \u00eddol pag\u00e0 i no tenien cap inter\u00e8s en una representaci\u00f3 respectuosa.<\/p><p>En segon lloc, l&#8217;\u00e0mbit al qual estava associada Sarakka, \u00e9s a dir, el part, la lact\u00e0ncia i el saber femen\u00ed, resultava en part dif\u00edcil d&#8217;accedir per als observadors masculins i despertava en ells un rebuig especial, perqu\u00e8 precisament all\u00ed les pr\u00e0ctiques antigues perduraven amb m\u00e9s tenacitat.<\/p><p>Alguns ritus en honor de Sarakka van ser perseguits expl\u00edcitament per la missi\u00f3. All\u00f2 que transmeten els relats \u00e9s, per tant, una selecci\u00f3 filtrada pel rebuig i per l&#8217;acc\u00e9s limitat.<\/p><p>La investigaci\u00f3 cr\u00edtica de la religi\u00f3 sami, per exemple en H\u00e5kan Rydving, ha mostrat que la missi\u00f3 cristiana no va poder captar ni reprimir del tot, durant molt de temps, precisament la <span class=\"iwg-fachbegriff\" data-tooltip=\"L'actitud i la pr\u00e0ctica religiosa viscuda d'una persona.\" tabindex=\"0\">pietat<\/span> dom\u00e8stica, transmesa per les dones, perqu\u00e8 s&#8217;escapava al control p\u00fablic.<\/p><p>Aix\u00f2 \u00e9s important per valorar Sarakka: d&#8217;una banda, la seva veneraci\u00f3 est\u00e0 documentada de manera fragment\u00e0ria precisament per aquesta ocultaci\u00f3; de l&#8217;altra, \u00e9s probable que justament per aix\u00f2 s&#8217;hagi mantingut m\u00e9s temps que algun <span class=\"iwg-fachbegriff\" data-tooltip=\"El conjunt d'actes de veneraci\u00f3 religiosa dedicats a una divinitat o figura sagrada.\" tabindex=\"0\">culte<\/span> p\u00fablic.<\/p><p>Es considera ben establerta l&#8217;atribuci\u00f3 b\u00e0sica de Sarakka al part i a la llar; els detalls dels ritus que li eren dedicats, en canvi, estan marcats per la incertesa i sovint nom\u00e9s es poden deduir de descripcions hostils.<\/p>\t\t\t\t\t\t\t\t<\/div>\n\t\t\t\t\t<\/div>\n\t\t\t\t<\/div>\n\t\t\t\t\t<\/div>\n\t\t\t\t<\/div>\n\t\t<div class=\"elementor-element elementor-element-iwgw-saraakka-lit e-flex e-con-boxed e-con e-parent\" data-id=\"iwgw-saraakka-lit\" data-element_type=\"container\" data-e-type=\"container\">\n\t\t\t\t\t<div class=\"e-con-inner\">\n\t\t\t\t<div class=\"elementor-element elementor-element-iwgw-saraakka-lith elementor-widget elementor-widget-heading\" data-id=\"iwgw-saraakka-lith\" data-element_type=\"widget\" data-e-type=\"widget\" data-widget_type=\"heading.default\">\n\t\t\t\t\t<h2 class=\"elementor-heading-title elementor-size-default\">Bibliografia (selecci\u00f3)<\/h2>\t\t\t\t<\/div>\n\t\t<div class=\"elementor-element elementor-element-iwgw-saraakka-litc e-con-full e-flex e-con e-child\" data-id=\"iwgw-saraakka-litc\" data-element_type=\"container\" data-e-type=\"container\">\n\t\t\t\t<div class=\"elementor-element elementor-element-iwgw-saraakka-litt elementor-widget elementor-widget-text-editor\" data-id=\"iwgw-saraakka-litt\" data-element_type=\"widget\" data-e-type=\"widget\" data-widget_type=\"text-editor.default\">\n\t\t\t\t\t\t\t\t\t<div data-nosnippet=\"true\"><ul><li>Johannes Schefferus: <em>Lapponia<\/em> (Frankfurt 1673)<\/li><li>Knud Leem: <em>Beskrivelse over Finmarkens Lapper<\/em> (Kopenhagen 1767)<\/li><li>Lars Levi L\u00e6stadius: <em>Fragmenter i lappska mythologien<\/em> (Manuskript ca. 1840)<\/li><li>H\u00e5kan Rydving: <em>The End of Drum-Time<\/em> (Uppsala 1993)<\/li><li>Juha Pentik\u00e4inen: <em>Saamelaiset<\/em> (Helsinki 1995)<\/li><li>Konsta Kaikkonen: <em>Sami Pre-Christian Religion<\/em> (Helsinki 2020)<\/li><\/ul><\/div>\t\t\t\t\t\t\t\t<\/div>\n\t\t\t\t<\/div>\n\t\t\t\t\t<\/div>\n\t\t\t\t<\/div>\n\t\t<div class=\"elementor-element elementor-element-iwgkw-add-saraakka e-flex e-con-boxed e-con e-parent\" data-id=\"iwgkw-add-saraakka\" data-element_type=\"container\" data-e-type=\"container\">\n\t\t\t\t\t<div class=\"e-con-inner\">\n\t\t\t\t<div class=\"elementor-element elementor-element-iwgkw-add-saraakka-t elementor-widget elementor-widget-text-editor\" data-id=\"iwgkw-add-saraakka-t\" data-element_type=\"widget\" data-e-type=\"widget\" data-widget_type=\"text-editor.default\">\n\t\t\t\t\t\t\t\t\t<p>En la religi\u00f3 sami, Sara-Akka pertany a les deesses <em>Akka<\/em>, les pot\u00e8ncies protectores femenines de la llar i del cicle vital. Com a <em>guardiana<\/em> de l&#8217;embar\u00e0s, segons la concepci\u00f3 tradicional acompanyava la mare i el nad\u00f3 no nascut des de la concepci\u00f3 fins al part.<\/p><p>Les ofrenes a la llar, considerada el seu lloc de resid\u00e8ncia, tenien per objectiu assegurar la seva pres\u00e8ncia; el paper de guardiana la vinculava estretament amb els ritus de transici\u00f3 al voltant del naixement.<\/p>\t\t\t\t\t\t\t\t<\/div>\n\t\t\t\t\t<\/div>\n\t\t\t\t<\/div>\n\t\t<div class=\"elementor-element elementor-element-iwgw-saraakka-kwd e-flex e-con-boxed e-con e-parent\" data-id=\"iwgw-saraakka-kwd\" data-element_type=\"container\" data-e-type=\"container\">\n\t\t\t\t\t<div class=\"e-con-inner\">\n\t\t<div class=\"elementor-element elementor-element-iwgw-saraakka-kwdc e-con-full e-flex e-con e-child\" data-id=\"iwgw-saraakka-kwdc\" data-element_type=\"container\" data-e-type=\"container\">\n\t\t\t\t<div class=\"elementor-element elementor-element-iwgw-saraakka-kwdt elementor-widget elementor-widget-text-editor\" data-id=\"iwgw-saraakka-kwdt\" data-element_type=\"widget\" data-e-type=\"widget\" data-widget_type=\"text-editor.default\">\n\t\t\t\t\t\t\t\t\t<p><em>Termes clau relacionats: Sara-Akka Sarakka S\u00e1rahkk\u00e1 sami deessa del part sistema Akka Schefferus L\u00e6stadius.<\/em><\/p>\t\t\t\t\t\t\t\t<\/div>\n\t\t\t\t<\/div>\n\t\t\t\t\t<\/div>\n\t\t\t\t<\/div>\n\t\t<div class=\"elementor-element elementor-element-iwgw-saraakka-cc e-flex e-con-boxed e-con e-parent\" data-id=\"iwgw-saraakka-cc\" data-element_type=\"container\" data-e-type=\"container\" id=\"iwg-cc-sara-akka\">\n\t\t\t\t\t<div class=\"e-con-inner\">\n\t\t<div class=\"elementor-element elementor-element-iwgw-saraakka-ccinner e-flex e-con-boxed e-con e-parent\" data-id=\"iwgw-saraakka-ccinner\" data-element_type=\"container\" data-e-type=\"container\" data-settings=\"{&quot;background_background&quot;:&quot;classic&quot;}\">\n\t\t\t\t\t<div class=\"e-con-inner\">\n\t\t\t\t<div class=\"elementor-element elementor-element-iwgw-saraakka-cch elementor-widget elementor-widget-heading\" data-id=\"iwgw-saraakka-cch\" data-element_type=\"widget\" data-e-type=\"widget\" data-widget_type=\"heading.default\">\n\t\t\t\t\t<h2 class=\"elementor-heading-title elementor-size-default\">iWell Guard i tradicions de protecci\u00f3<\/h2>\t\t\t\t<\/div>\n\t\t\t\t<div class=\"elementor-element elementor-element-iwgw-saraakka-cct elementor-widget elementor-widget-text-editor\" data-id=\"iwgw-saraakka-cct\" data-element_type=\"widget\" data-e-type=\"widget\" data-widget_type=\"text-editor.default\">\n\t\t\t\t\t\t\t\t\t<div data-nosnippet=\"true\"><p>iWell Guard s&#8217;inspira en la tradici\u00f3 culturohist\u00f2rica dels objectes de protecci\u00f3 portables, seguint la tradici\u00f3 dels <a href=\"https:\/\/iwell-guard.com\/ca\/sami-i-tradicio-fino-ugra-noaidi-i-tambor\/\">sami<\/a> i de moltes altres cultures d&#8217;arreu del m\u00f3n. 41 capes, or aut\u00e8ntic, plat\u00ed, plata, fabricat a Alemanya. Dret de devoluci\u00f3 de 30 dies.<\/p><\/div>\t\t\t\t\t\t\t\t<\/div>\n\t\t\t\t<div class=\"elementor-element elementor-element-iwgw-saraakka-ccb iwg-cc-button iwg-cc-cta-2026-05-13 elementor-widget elementor-widget-jet-button\" data-id=\"iwgw-saraakka-ccb\" data-element_type=\"widget\" data-e-type=\"widget\" data-widget_type=\"jet-button.default\">\n\t\t\t\t<div class=\"elementor-widget-container\">\n\t\t\t\t\t<div class=\"elementor-jet-button jet-elements\"><div class=\"jet-button__container\"><a class=\"jet-button__instance jet-button__instance--icon-left hover-effect-1\" href=\"\/ueber-iwell-guard\/?utm_source=iwell-guard.com&amp;utm_medium=info-box&amp;utm_campaign=wesen-tradition\"><div class=\"jet-button__plane jet-button__plane-normal\"><\/div><div class=\"jet-button__plane jet-button__plane-hover\"><\/div><div class=\"jet-button__state jet-button__state-normal\"><span class=\"jet-button__label\">M\u00e9s informaci\u00f3 sobre l'iWell Guard<\/span><\/div><div class=\"jet-button__state jet-button__state-hover\"><span class=\"jet-button__label\">M\u00e9s informaci\u00f3 sobre l'iWell Guard<\/span><\/div><\/a><\/div><\/div><style>.elementor-element.elementor-element-iwgw-saraakka-ccb .jet-button__instance{width:320px;height:56px;}.elementor-element.elementor-element-iwgw-saraakka-ccb .jet-button__state-normal .jet-button__label{text-align:center;margin:0px 0px 0px 0px;color:#1a1b20;font-family:Montserrat,sans-serif;font-size:13px;font-weight:400;letter-spacing:4px;line-height:1.714em;text-transform:uppercase;}.elementor-element.elementor-element-iwgw-saraakka-ccb .jet-button__state-hover .jet-button__label{text-align:center;margin:0px 0px 0px 0px;color:#FECC76;font-family:Montserrat,sans-serif;font-size:13px;font-weight:400;letter-spacing:4px;line-height:1.714em;text-transform:uppercase;}.elementor-element.elementor-element-iwgw-saraakka-ccb .jet-button__plane-normal{background-color:#FECC76;border-style:solid;border-color:#C99540;border-width:2px 2px 2px 2px;}.elementor-element.elementor-element-iwgw-saraakka-ccb .jet-button__plane-hover{background-color:rgba(0,0,0,0.55);border-style:solid;border-color:#FECC76;border-width:2px 2px 2px 2px;}<\/style>\t\t\t\t<\/div>\n\t\t\t\t<\/div>\n\t\t\t\t<div class=\"elementor-element elementor-element-iwgw-saraakka-ccd elementor-widget elementor-widget-text-editor\" data-id=\"iwgw-saraakka-ccd\" data-element_type=\"widget\" data-e-type=\"widget\" data-widget_type=\"text-editor.default\">\n\t\t\t\t\t\t\t\t\t<div data-nosnippet=\"true\"><p style=\"text-align:center;font-size:13px;opacity:0.7;margin-top:14px\" data-nosnippet=\"true\">Les experi\u00e8ncies personals poden variar. No \u00e9s un producte sanitari. No \u00e9s una promesa de curaci\u00f3.<\/p><\/div>\t\t\t\t\t\t\t\t<\/div>\n\t\t\t\t\t<\/div>\n\t\t\t\t<\/div>\n\t\t\t\t\t<\/div>\n\t\t\t\t<\/div>\n\t\t<div class=\"elementor-element elementor-element-iwgw-saraakka-disc e-flex e-con-boxed e-con e-parent\" data-id=\"iwgw-saraakka-disc\" data-element_type=\"container\" data-e-type=\"container\">\n\t\t\t\t\t<div class=\"e-con-inner\">\n\t\t\t\t<div class=\"elementor-element elementor-element-iwgw-saraakka-discw elementor-widget elementor-widget-html\" data-id=\"iwgw-saraakka-discw\" data-element_type=\"widget\" data-e-type=\"widget\" data-widget_type=\"html.default\">\n\t\t\t\t\t<footer data-nosnippet=\"true\" class=\"iwg-disclaimer-block\"><p data-nosnippet=\"true\">iWell Guard <strong>no \u00e9s un producte sanitari<\/strong> i no substitueix cap tractament m\u00e8dic o psicoterap\u00e8utic. Els continguts d'hist\u00f2ria de les religions s\u00f3n una classificaci\u00f3 culturohist\u00f2rica, no una recomanaci\u00f3 de pr\u00e0ctica espiritual.<\/p><\/footer>\t\t\t\t<\/div>\n\t\t\t\t\t<\/div>\n\t\t\t\t<\/div>\n\t\t\t\t<\/div>\n\t\t","protected":false},"excerpt":{"rendered":"","protected":false},"author":3,"featured_media":2895,"parent":0,"menu_order":0,"comment_status":"closed","ping_status":"closed","template":"elementor_header_footer","meta":{"_yoast_wpseo_focuskw":"Sara-Akka deessa naixement sami","_yoast_wpseo_title":"Sara-Akka - Deessa del naixement en la tradici\u00f3 sami","_yoast_wpseo_metadesc":"Sara-Akka \u00e9s la deessa del naixement dels samis, guardiana de l'embar\u00e0s i el part. Classificaci\u00f3 de ci\u00e8ncies de la religi\u00f3 amb mite i fonts.","_yoast_wpseo_meta-robots-noindex":"","_yoast_wpseo_canonical":"","_angie_page":false,"gefaehrdungsstufe":"","wesen_kultur":"","wesen_klasse":"","footnotes":""},"categories":[],"class_list":["post-171765","page","type-page","status-publish","has-post-thumbnail","hentry"],"yoast_head":"<!-- This site is optimized with the Yoast SEO Premium plugin v27.7 (Yoast SEO v28.3) - https:\/\/yoast.com\/product\/yoast-seo-premium-wordpress\/ -->\n<title>Sara-Akka - Deessa del naixement en la tradici\u00f3 sami<\/title>\n<meta name=\"description\" content=\"Sara-Akka \u00e9s la deessa del naixement dels samis, guardiana de l&#039;embar\u00e0s i el part. Classificaci\u00f3 de ci\u00e8ncies de la religi\u00f3 amb mite i fonts.\" \/>\n<meta name=\"robots\" content=\"index, follow, max-snippet:-1, max-image-preview:large, max-video-preview:-1\" \/>\n<link rel=\"canonical\" href=\"https:\/\/iwell-guard.com\/ca\/sara-akka-deessa-naixement-samis\/\" \/>\n<meta property=\"og:locale\" content=\"ca_ES\" \/>\n<meta property=\"og:type\" content=\"article\" \/>\n<meta property=\"og:title\" content=\"Sara-Akka - Deessa del naixement dels samis\" \/>\n<meta property=\"og:description\" content=\"Sara-Akka \u00e9s la deessa del naixement dels samis, guardiana de l&#039;embar\u00e0s i el part. Classificaci\u00f3 de ci\u00e8ncies de la religi\u00f3 amb mite i fonts.\" \/>\n<meta property=\"og:url\" content=\"https:\/\/iwell-guard.com\/ca\/sara-akka-deessa-naixement-samis\/\" \/>\n<meta property=\"og:site_name\" content=\"iWell Guard\" \/>\n<meta property=\"article:modified_time\" content=\"2026-09-05T16:06:39+00:00\" \/>\n<meta property=\"og:image\" content=\"https:\/\/iwell-guard.com\/wp-content\/uploads\/2026\/05\/goetter_sami_sara-akka.webp\" \/>\n\t<meta property=\"og:image:width\" content=\"1024\" \/>\n\t<meta property=\"og:image:height\" content=\"1536\" \/>\n\t<meta property=\"og:image:type\" content=\"image\/webp\" \/>\n<meta name=\"twitter:card\" content=\"summary_large_image\" \/>\n<script type=\"application\/ld+json\" class=\"yoast-schema-graph\">{\"@context\":\"https:\\\/\\\/schema.org\",\"@graph\":[{\"@type\":\"WebPage\",\"@id\":\"https:\\\/\\\/iwell-guard.com\\\/ca\\\/sara-akka-deessa-naixement-samis\\\/\",\"url\":\"https:\\\/\\\/iwell-guard.com\\\/ca\\\/sara-akka-deessa-naixement-samis\\\/\",\"name\":\"Sara-Akka - Deessa del naixement en la tradici\u00f3 sami\",\"isPartOf\":{\"@id\":\"https:\\\/\\\/iwell-guard.com\\\/ca\\\/#website\"},\"primaryImageOfPage\":{\"@id\":\"https:\\\/\\\/iwell-guard.com\\\/ca\\\/sara-akka-deessa-naixement-samis\\\/#primaryimage\"},\"image\":{\"@id\":\"https:\\\/\\\/iwell-guard.com\\\/ca\\\/sara-akka-deessa-naixement-samis\\\/#primaryimage\"},\"thumbnailUrl\":\"https:\\\/\\\/iwell-guard.com\\\/wp-content\\\/uploads\\\/2026\\\/05\\\/goetter_sami_sara-akka.webp\",\"datePublished\":\"2026-09-05T15:42:12+00:00\",\"dateModified\":\"2026-09-05T16:06:39+00:00\",\"description\":\"Sara-Akka \u00e9s la deessa del naixement dels samis, guardiana de l'embar\u00e0s i el part. Classificaci\u00f3 de ci\u00e8ncies de la religi\u00f3 amb mite i fonts.\",\"breadcrumb\":{\"@id\":\"https:\\\/\\\/iwell-guard.com\\\/ca\\\/sara-akka-deessa-naixement-samis\\\/#breadcrumb\"},\"inLanguage\":\"ca\",\"potentialAction\":[{\"@type\":\"ReadAction\",\"target\":[\"https:\\\/\\\/iwell-guard.com\\\/ca\\\/sara-akka-deessa-naixement-samis\\\/\"]}]},{\"@type\":\"ImageObject\",\"inLanguage\":\"ca\",\"@id\":\"https:\\\/\\\/iwell-guard.com\\\/ca\\\/sara-akka-deessa-naixement-samis\\\/#primaryimage\",\"url\":\"https:\\\/\\\/iwell-guard.com\\\/wp-content\\\/uploads\\\/2026\\\/05\\\/goetter_sami_sara-akka.webp\",\"contentUrl\":\"https:\\\/\\\/iwell-guard.com\\\/wp-content\\\/uploads\\\/2026\\\/05\\\/goetter_sami_sara-akka.webp\",\"width\":1024,\"height\":1536,\"caption\":\"D\u00e9us de la tradici\u00f3 sami.\"},{\"@type\":\"BreadcrumbList\",\"@id\":\"https:\\\/\\\/iwell-guard.com\\\/ca\\\/sara-akka-deessa-naixement-samis\\\/#breadcrumb\",\"itemListElement\":[{\"@type\":\"ListItem\",\"position\":1,\"name\":\"Start\",\"item\":\"https:\\\/\\\/iwell-guard.com\\\/ca\\\/?page_id=171333\"},{\"@type\":\"ListItem\",\"position\":2,\"name\":\"Sara-Akka &#8211; Deessa del naixement dels samis\"}]},{\"@type\":\"WebSite\",\"@id\":\"https:\\\/\\\/iwell-guard.com\\\/ca\\\/#website\",\"url\":\"https:\\\/\\\/iwell-guard.com\\\/ca\\\/\",\"name\":\"iWell Guard\",\"description\":\"Schutz vor dunklen Einfl\u00fcssen\",\"publisher\":{\"@id\":\"https:\\\/\\\/iwell-guard.com\\\/ca\\\/#organization\"},\"potentialAction\":[{\"@type\":\"SearchAction\",\"target\":{\"@type\":\"EntryPoint\",\"urlTemplate\":\"https:\\\/\\\/iwell-guard.com\\\/ca\\\/?s={search_term_string}\"},\"query-input\":{\"@type\":\"PropertyValueSpecification\",\"valueRequired\":true,\"valueName\":\"search_term_string\"}}],\"inLanguage\":\"ca\"},{\"@type\":\"Organization\",\"@id\":\"https:\\\/\\\/iwell-guard.com\\\/ca\\\/#organization\",\"name\":\"Ittermann electronic GmbH\",\"url\":\"https:\\\/\\\/iwell-guard.com\\\/ca\\\/\",\"logo\":{\"@type\":\"ImageObject\",\"inLanguage\":\"ca\",\"@id\":\"https:\\\/\\\/iwell-guard.com\\\/ca\\\/#\\\/schema\\\/logo\\\/image\\\/\",\"url\":\"https:\\\/\\\/iwell-guard.com\\\/wp-content\\\/uploads\\\/2026\\\/05\\\/Ittermann-Logo-1182x237-1.png\",\"contentUrl\":\"https:\\\/\\\/iwell-guard.com\\\/wp-content\\\/uploads\\\/2026\\\/05\\\/Ittermann-Logo-1182x237-1.png\",\"width\":1182,\"height\":237,\"caption\":\"Ittermann electronic GmbH\"},\"image\":{\"@id\":\"https:\\\/\\\/iwell-guard.com\\\/ca\\\/#\\\/schema\\\/logo\\\/image\\\/\"},\"sameAs\":[\"https:\\\/\\\/pantip.com\\\/profile\\\/9367242\",\"https:\\\/\\\/micro.blog\\\/iwellguard\",\"https:\\\/\\\/www.diggerslist.com\\\/iwellguard\\\/about\",\"https:\\\/\\\/skitterphoto.com\\\/photographers\\\/2870314\\\/iwell-guard\",\"https:\\\/\\\/iwellguard.wordpress.com\\\/2026\\\/06\\\/06\\\/iwell-guard\\\/\",\"https:\\\/\\\/hub.docker.com\\\/u\\\/iwellguard\",\"https:\\\/\\\/www.pinterest.com\\\/iwellguard\\\/\",\"https:\\\/\\\/bit.ly\\\/m\\\/iwellguard\",\"https:\\\/\\\/entre-vos-mains.alsace.eu\\\/profiles\\\/iwellguard\\\/activity\",\"https:\\\/\\\/gravatar.com\\\/reallybeded8fd34\",\"https:\\\/\\\/naijamatta.com\\\/iwellguard\",\"https:\\\/\\\/www.goodreads.com\\\/iwellguard\",\"https:\\\/\\\/profile.hatena.ne.jp\\\/iwellguard\\\/\",\"https:\\\/\\\/experiment.com\\\/users\\\/iwellguard\",\"https:\\\/\\\/wakelet.com\\\/@iWellGuard82270\",\"https:\\\/\\\/www.chordie.com\\\/forum\\\/profile.php?id=2555664\",\"https:\\\/\\\/www.instapaper.com\\\/p\\\/17757966\",\"https:\\\/\\\/www.mapleprimes.com\\\/users\\\/iwellguard\",\"https:\\\/\\\/businesslistingplus.com\\\/profile\\\/iwell-guard\\\/\",\"https:\\\/\\\/telegra.ph\\\/iWell-Guard-06-06\",\"https:\\\/\\\/pbase.com\\\/iwellguard\\\/iwellguard\",\"https:\\\/\\\/b.hatena.ne.jp\\\/iwellguard\\\/20260607#bookmark-4788405196491818882\",\"https:\\\/\\\/fliphtml5.com\\\/home\\\/iwellguard\",\"https:\\\/\\\/anyflip.com\\\/homepage\\\/cmiwl#About\",\"https:\\\/\\\/transfur.com\\\/Users\\\/iwellguard\",\"http:\\\/\\\/delphi.larsbo.org\\\/user\\\/iwellguard\",\"https:\\\/\\\/jobs.lajobsportal.org\\\/profiles\\\/8380803-iwell-guard\",\"https:\\\/\\\/md.chaosdorf.de\\\/s\\\/jfbe5SBdJD\",\"https:\\\/\\\/www.lingvolive.com\\\/en-us\\\/profile\\\/9ecaeaca-ce11-4e51-9e71-01d55e2bff36\\\/translations\",\"https:\\\/\\\/www.fitday.com\\\/fitness\\\/forums\\\/members\\\/iwellguard.html\",\"https:\\\/\\\/www.mymeetbook.com\\\/iwellguard\",\"https:\\\/\\\/pxhere.com\\\/en\\\/photographer-me\\\/5040798\",\"https:\\\/\\\/disqus.com\\\/by\\\/iwellguard\\\/about\\\/\",\"https:\\\/\\\/pastelink.net\\\/hjwciqwq\",\"https:\\\/\\\/pubhtml5.com\\\/homepage\\\/scjhn\\\/\",\"https:\\\/\\\/www.bitchute.com\\\/channel\\\/2O2eOKzNqujT\",\"https:\\\/\\\/audiomack.com\\\/iwellguard\"]}]}<\/script>\n<!-- \/ Yoast SEO Premium plugin. -->","yoast_head_json":{"title":"Sara-Akka - Deessa del naixement en la tradici\u00f3 sami","description":"Sara-Akka \u00e9s la deessa del naixement dels samis, guardiana de l'embar\u00e0s i el part. Classificaci\u00f3 de ci\u00e8ncies de la religi\u00f3 amb mite i fonts.","robots":{"index":"index","follow":"follow","max-snippet":"max-snippet:-1","max-image-preview":"max-image-preview:large","max-video-preview":"max-video-preview:-1"},"canonical":"https:\/\/iwell-guard.com\/ca\/sara-akka-deessa-naixement-samis\/","og_locale":"ca_ES","og_type":"article","og_title":"Sara-Akka - Deessa del naixement dels samis","og_description":"Sara-Akka \u00e9s la deessa del naixement dels samis, guardiana de l'embar\u00e0s i el part. Classificaci\u00f3 de ci\u00e8ncies de la religi\u00f3 amb mite i fonts.","og_url":"https:\/\/iwell-guard.com\/ca\/sara-akka-deessa-naixement-samis\/","og_site_name":"iWell Guard","article_modified_time":"2026-09-05T16:06:39+00:00","og_image":[{"width":1024,"height":1536,"url":"https:\/\/iwell-guard.com\/wp-content\/uploads\/2026\/05\/goetter_sami_sara-akka.webp","type":"image\/webp"}],"twitter_card":"summary_large_image","schema":{"@context":"https:\/\/schema.org","@graph":[{"@type":"WebPage","@id":"https:\/\/iwell-guard.com\/ca\/sara-akka-deessa-naixement-samis\/","url":"https:\/\/iwell-guard.com\/ca\/sara-akka-deessa-naixement-samis\/","name":"Sara-Akka - Deessa del naixement en la tradici\u00f3 sami","isPartOf":{"@id":"https:\/\/iwell-guard.com\/ca\/#website"},"primaryImageOfPage":{"@id":"https:\/\/iwell-guard.com\/ca\/sara-akka-deessa-naixement-samis\/#primaryimage"},"image":{"@id":"https:\/\/iwell-guard.com\/ca\/sara-akka-deessa-naixement-samis\/#primaryimage"},"thumbnailUrl":"https:\/\/iwell-guard.com\/wp-content\/uploads\/2026\/05\/goetter_sami_sara-akka.webp","datePublished":"2026-09-05T15:42:12+00:00","dateModified":"2026-09-05T16:06:39+00:00","description":"Sara-Akka \u00e9s la deessa del naixement dels samis, guardiana de l'embar\u00e0s i el part. Classificaci\u00f3 de ci\u00e8ncies de la religi\u00f3 amb mite i fonts.","breadcrumb":{"@id":"https:\/\/iwell-guard.com\/ca\/sara-akka-deessa-naixement-samis\/#breadcrumb"},"inLanguage":"ca","potentialAction":[{"@type":"ReadAction","target":["https:\/\/iwell-guard.com\/ca\/sara-akka-deessa-naixement-samis\/"]}]},{"@type":"ImageObject","inLanguage":"ca","@id":"https:\/\/iwell-guard.com\/ca\/sara-akka-deessa-naixement-samis\/#primaryimage","url":"https:\/\/iwell-guard.com\/wp-content\/uploads\/2026\/05\/goetter_sami_sara-akka.webp","contentUrl":"https:\/\/iwell-guard.com\/wp-content\/uploads\/2026\/05\/goetter_sami_sara-akka.webp","width":1024,"height":1536,"caption":"D\u00e9us de la tradici\u00f3 sami."},{"@type":"BreadcrumbList","@id":"https:\/\/iwell-guard.com\/ca\/sara-akka-deessa-naixement-samis\/#breadcrumb","itemListElement":[{"@type":"ListItem","position":1,"name":"Start","item":"https:\/\/iwell-guard.com\/ca\/?page_id=171333"},{"@type":"ListItem","position":2,"name":"Sara-Akka &#8211; Deessa del naixement dels samis"}]},{"@type":"WebSite","@id":"https:\/\/iwell-guard.com\/ca\/#website","url":"https:\/\/iwell-guard.com\/ca\/","name":"iWell Guard","description":"Schutz vor dunklen Einfl\u00fcssen","publisher":{"@id":"https:\/\/iwell-guard.com\/ca\/#organization"},"potentialAction":[{"@type":"SearchAction","target":{"@type":"EntryPoint","urlTemplate":"https:\/\/iwell-guard.com\/ca\/?s={search_term_string}"},"query-input":{"@type":"PropertyValueSpecification","valueRequired":true,"valueName":"search_term_string"}}],"inLanguage":"ca"},{"@type":"Organization","@id":"https:\/\/iwell-guard.com\/ca\/#organization","name":"Ittermann electronic GmbH","url":"https:\/\/iwell-guard.com\/ca\/","logo":{"@type":"ImageObject","inLanguage":"ca","@id":"https:\/\/iwell-guard.com\/ca\/#\/schema\/logo\/image\/","url":"https:\/\/iwell-guard.com\/wp-content\/uploads\/2026\/05\/Ittermann-Logo-1182x237-1.png","contentUrl":"https:\/\/iwell-guard.com\/wp-content\/uploads\/2026\/05\/Ittermann-Logo-1182x237-1.png","width":1182,"height":237,"caption":"Ittermann electronic GmbH"},"image":{"@id":"https:\/\/iwell-guard.com\/ca\/#\/schema\/logo\/image\/"},"sameAs":["https:\/\/pantip.com\/profile\/9367242","https:\/\/micro.blog\/iwellguard","https:\/\/www.diggerslist.com\/iwellguard\/about","https:\/\/skitterphoto.com\/photographers\/2870314\/iwell-guard","https:\/\/iwellguard.wordpress.com\/2026\/06\/06\/iwell-guard\/","https:\/\/hub.docker.com\/u\/iwellguard","https:\/\/www.pinterest.com\/iwellguard\/","https:\/\/bit.ly\/m\/iwellguard","https:\/\/entre-vos-mains.alsace.eu\/profiles\/iwellguard\/activity","https:\/\/gravatar.com\/reallybeded8fd34","https:\/\/naijamatta.com\/iwellguard","https:\/\/www.goodreads.com\/iwellguard","https:\/\/profile.hatena.ne.jp\/iwellguard\/","https:\/\/experiment.com\/users\/iwellguard","https:\/\/wakelet.com\/@iWellGuard82270","https:\/\/www.chordie.com\/forum\/profile.php?id=2555664","https:\/\/www.instapaper.com\/p\/17757966","https:\/\/www.mapleprimes.com\/users\/iwellguard","https:\/\/businesslistingplus.com\/profile\/iwell-guard\/","https:\/\/telegra.ph\/iWell-Guard-06-06","https:\/\/pbase.com\/iwellguard\/iwellguard","https:\/\/b.hatena.ne.jp\/iwellguard\/20260607#bookmark-4788405196491818882","https:\/\/fliphtml5.com\/home\/iwellguard","https:\/\/anyflip.com\/homepage\/cmiwl#About","https:\/\/transfur.com\/Users\/iwellguard","http:\/\/delphi.larsbo.org\/user\/iwellguard","https:\/\/jobs.lajobsportal.org\/profiles\/8380803-iwell-guard","https:\/\/md.chaosdorf.de\/s\/jfbe5SBdJD","https:\/\/www.lingvolive.com\/en-us\/profile\/9ecaeaca-ce11-4e51-9e71-01d55e2bff36\/translations","https:\/\/www.fitday.com\/fitness\/forums\/members\/iwellguard.html","https:\/\/www.mymeetbook.com\/iwellguard","https:\/\/pxhere.com\/en\/photographer-me\/5040798","https:\/\/disqus.com\/by\/iwellguard\/about\/","https:\/\/pastelink.net\/hjwciqwq","https:\/\/pubhtml5.com\/homepage\/scjhn\/","https:\/\/www.bitchute.com\/channel\/2O2eOKzNqujT","https:\/\/audiomack.com\/iwellguard"]}]}},"_links":{"self":[{"href":"https:\/\/iwell-guard.com\/ca\/wp-json\/wp\/v2\/pages\/171765","targetHints":{"allow":["GET"]}}],"collection":[{"href":"https:\/\/iwell-guard.com\/ca\/wp-json\/wp\/v2\/pages"}],"about":[{"href":"https:\/\/iwell-guard.com\/ca\/wp-json\/wp\/v2\/types\/page"}],"author":[{"embeddable":true,"href":"https:\/\/iwell-guard.com\/ca\/wp-json\/wp\/v2\/users\/3"}],"replies":[{"embeddable":true,"href":"https:\/\/iwell-guard.com\/ca\/wp-json\/wp\/v2\/comments?post=171765"}],"version-history":[{"count":0,"href":"https:\/\/iwell-guard.com\/ca\/wp-json\/wp\/v2\/pages\/171765\/revisions"}],"wp:featuredmedia":[{"embeddable":true,"href":"https:\/\/iwell-guard.com\/ca\/wp-json\/wp\/v2\/media\/2895"}],"wp:attachment":[{"href":"https:\/\/iwell-guard.com\/ca\/wp-json\/wp\/v2\/media?parent=171765"}],"wp:term":[{"taxonomy":"category","embeddable":true,"href":"https:\/\/iwell-guard.com\/ca\/wp-json\/wp\/v2\/categories?post=171765"}],"curies":[{"name":"wp","href":"https:\/\/api.w.org\/{rel}","templated":true}]}}