{"id":171764,"date":"2026-09-05T15:42:11","date_gmt":"2026-09-05T15:42:11","guid":{"rendered":"https:\/\/iwell-guard.com\/?page_id=171764"},"modified":"2026-09-05T16:06:38","modified_gmt":"2026-09-05T16:06:38","slug":"stallo-gigant-devorador-tradicio-sami","status":"publish","type":"page","link":"https:\/\/iwell-guard.com\/ca\/stallo-gigant-devorador-tradicio-sami\/","title":{"rendered":"Stallo &#8211; Gigant devorador d&#8217;homes de la tradici\u00f3 sami"},"content":{"rendered":"\t\t<div data-elementor-type=\"wp-page\" data-elementor-id=\"171764\" class=\"elementor elementor-171764 elementor-2667 elementor-bc-flex-widget\" data-elementor-post-type=\"page\">\n\t\t\t\t<div class=\"elementor-element elementor-element-iwgw-stallo-hero e-flex e-con-boxed e-con e-parent\" data-id=\"iwgw-stallo-hero\" data-element_type=\"container\" data-e-type=\"container\" data-settings=\"{&quot;background_background&quot;:&quot;classic&quot;}\">\n\t\t\t\t\t<div class=\"e-con-inner\">\n\t\t<div class=\"elementor-element elementor-element-iwgw-stallo-hl e-flex e-con-boxed e-con e-child\" data-id=\"iwgw-stallo-hl\" data-element_type=\"container\" data-e-type=\"container\">\n\t\t\t\t\t<div class=\"e-con-inner\">\n\t\t<div class=\"elementor-element elementor-element-iwgw-stallo-htxt e-con-full e-flex e-con e-child\" data-id=\"iwgw-stallo-htxt\" data-element_type=\"container\" data-e-type=\"container\">\n\t\t\t\t<div class=\"elementor-element elementor-element-iwgw-stallo-h1 elementor-widget elementor-widget-heading\" data-id=\"iwgw-stallo-h1\" data-element_type=\"widget\" data-e-type=\"widget\" data-widget_type=\"heading.default\">\n\t\t\t\t\t<h1 class=\"elementor-heading-title elementor-size-default\">Stallo - Gigant devorador d'homes i antagonista embussador de la tradici\u00f3 sami<\/h1>\t\t\t\t<\/div>\n\t\t\t\t<div class=\"elementor-element elementor-element-iwgw-stallo-lead elementor-widget elementor-widget-text-editor\" data-id=\"iwgw-stallo-lead\" data-element_type=\"widget\" data-e-type=\"widget\" data-widget_type=\"text-editor.default\">\n\t\t\t\t\t\t\t\t\t<p>Stallo, en variants dialectals tamb\u00e9 Staaloe o Staaloh, \u00e9s el gegant devorador d&#8217;homes de la tradici\u00f3 narrativa sami. Apareix com a antagonista en nombroses narracions en les quals els protagonistes sami el vencen mitjan\u00e7ant l&#8217;ast\u00facia. Des del punt de vista de la ci\u00e8ncia de la religi\u00f3, pertany a la classe \u00e0mplia dels gegants antagonistes en les mitologies nord-europees.<\/p>\t\t\t\t\t\t\t\t<\/div>\n\t\t\t\t<\/div>\n\t\t<div class=\"elementor-element elementor-element-iwgw-stallo-pillc e-con-full e-flex e-con e-child\" data-id=\"iwgw-stallo-pillc\" data-element_type=\"container\" data-e-type=\"container\">\n\t\t\t\t<div class=\"elementor-element elementor-element-iwgw-stallo-pills elementor-widget elementor-widget-html\" data-id=\"iwgw-stallo-pills\" data-element_type=\"widget\" data-e-type=\"widget\" data-widget_type=\"html.default\">\n\t\t\t\t\t<div class=\"iwg-pill-row\"><span class=\"iwg-klasse-badge\" tabindex=\"0\" data-tooltip=\"Gegant de la tradici\u00f3 Sami.\">Gegant<\/span><a href=\"https:\/\/iwell-guard.com\/ca\/sami-i-tradicio-fino-ugra-noaidi-i-tambor\/\" class=\"iwg-kultur-badge\" tabindex=\"0\" data-tooltip=\"Mitologia de la tradici\u00f3 Sami.\">Sami<\/a><span class=\"iwg-tradition-badge\" tabindex=\"0\" data-tooltip=\"\u00c9sser gigant i antagonista.\">\u00c9sser gigant i antagonista<\/span><\/div>\t\t\t\t<\/div>\n\t\t\t\t<\/div>\n\t\t<div class=\"elementor-element elementor-element-iwgw-stallo-tocc e-con-full e-flex e-con e-child\" data-id=\"iwgw-stallo-tocc\" data-element_type=\"container\" data-e-type=\"container\">\n\t\t\t\t<div class=\"elementor-element elementor-element-iwgw-stallo-toc elementor-toc--minimized-on-tablet elementor-widget elementor-widget-table-of-contents\" data-id=\"iwgw-stallo-toc\" data-element_type=\"widget\" data-e-type=\"widget\" data-settings=\"{&quot;headings_by_tags&quot;:[&quot;h2&quot;,&quot;h3&quot;],&quot;minimize_box&quot;:&quot;yes&quot;,&quot;marker_view&quot;:&quot;bullets&quot;,&quot;no_headings_message&quot;:&quot;No s&#039;ha trobat cap encap\\u00e7alament en aquesta p\\u00e0gina.&quot;,&quot;exclude_headings_by_selector&quot;:[],&quot;icon&quot;:{&quot;value&quot;:&quot;fas fa-circle&quot;,&quot;library&quot;:&quot;fa-solid&quot;,&quot;rendered_tag&quot;:&quot;&lt;svg class=\\&quot;e-font-icon-svg e-fas-circle\\&quot; viewBox=\\&quot;0 0 512 512\\&quot; xmlns=\\&quot;http:\\\/\\\/www.w3.org\\\/2000\\\/svg\\&quot;&gt;&lt;path d=\\&quot;M256 8C119 8 8 119 8 256s111 248 248 248 248-111 248-248S393 8 256 8z\\&quot;&gt;&lt;\\\/path&gt;&lt;\\\/svg&gt;&quot;},&quot;minimized_on&quot;:&quot;tablet&quot;,&quot;hierarchical_view&quot;:&quot;yes&quot;,&quot;min_height&quot;:{&quot;unit&quot;:&quot;px&quot;,&quot;size&quot;:&quot;&quot;,&quot;sizes&quot;:[]},&quot;min_height_tablet&quot;:{&quot;unit&quot;:&quot;px&quot;,&quot;size&quot;:&quot;&quot;,&quot;sizes&quot;:[]},&quot;min_height_mobile&quot;:{&quot;unit&quot;:&quot;px&quot;,&quot;size&quot;:&quot;&quot;,&quot;sizes&quot;:[]}}\" data-widget_type=\"table-of-contents.default\">\n\t\t\t\t\t\t\t\t\t<div class=\"elementor-toc__header\">\n\t\t\t\t\t\t<h2 class=\"elementor-toc__header-title\">\n\t\t\t\t\u00cdndex\t\t\t<\/h2>\n\t\t\t\t\t\t\t\t\t\t<div class=\"elementor-toc__toggle-button elementor-toc__toggle-button--expand\" role=\"button\" tabindex=\"0\" aria-controls=\"elementor-toc__iwgw-stallo-toc\" aria-expanded=\"true\" aria-label=\"Open table of contents\"><svg aria-hidden=\"true\" class=\"e-font-icon-svg e-fas-chevron-down\" viewBox=\"0 0 448 512\" xmlns=\"http:\/\/www.w3.org\/2000\/svg\"><path d=\"M207.029 381.476L12.686 187.132c-9.373-9.373-9.373-24.569 0-33.941l22.667-22.667c9.357-9.357 24.522-9.375 33.901-.04L224 284.505l154.745-154.021c9.379-9.335 24.544-9.317 33.901.04l22.667 22.667c9.373 9.373 9.373 24.569 0 33.941L240.971 381.476c-9.373 9.372-24.569 9.372-33.942 0z\"><\/path><\/svg><\/div>\n\t\t\t\t<div class=\"elementor-toc__toggle-button elementor-toc__toggle-button--collapse\" role=\"button\" tabindex=\"0\" aria-controls=\"elementor-toc__iwgw-stallo-toc\" aria-expanded=\"true\" aria-label=\"Close table of contents\"><svg aria-hidden=\"true\" class=\"e-font-icon-svg e-fas-chevron-up\" viewBox=\"0 0 448 512\" xmlns=\"http:\/\/www.w3.org\/2000\/svg\"><path d=\"M240.971 130.524l194.343 194.343c9.373 9.373 9.373 24.569 0 33.941l-22.667 22.667c-9.357 9.357-24.522 9.375-33.901.04L224 227.495 69.255 381.516c-9.379 9.335-24.544 9.317-33.901-.04l-22.667-22.667c-9.373-9.373-9.373-24.569 0-33.941L207.03 130.525c9.372-9.373 24.568-9.373 33.941-.001z\"><\/path><\/svg><\/div>\n\t\t\t\t\t<\/div>\n\t\t\t\t<div id=\"elementor-toc__iwgw-stallo-toc\" class=\"elementor-toc__body\">\n\t\t\t<div class=\"elementor-toc__spinner-container\">\n\t\t\t\t<svg class=\"elementor-toc__spinner eicon-animation-spin e-font-icon-svg e-eicon-loading\" aria-hidden=\"true\" viewBox=\"0 0 1000 1000\" xmlns=\"http:\/\/www.w3.org\/2000\/svg\"><path d=\"M500 975V858C696 858 858 696 858 500S696 142 500 142 142 304 142 500H25C25 237 238 25 500 25S975 237 975 500 763 975 500 975Z\"><\/path><\/svg>\t\t\t<\/div>\n\t\t<\/div>\n\t\t\t\t\t\t<\/div>\n\t\t\t\t<\/div>\n\t\t\t\t\t<\/div>\n\t\t\t\t<\/div>\n\t\t<div class=\"elementor-element elementor-element-iwgw-stallo-hr e-con-full e-flex e-con e-child\" data-id=\"iwgw-stallo-hr\" data-element_type=\"container\" data-e-type=\"container\">\n\t\t\t\t<div class=\"elementor-element elementor-element-iwgw-stallo-heroimg iwg-hero-image elementor-widget elementor-widget-image\" data-id=\"iwgw-stallo-heroimg\" data-element_type=\"widget\" data-e-type=\"widget\" data-widget_type=\"image.default\">\n\t\t\t\t\t\t\t\t\t\t\t\t\t\t\t<img fetchpriority=\"high\" decoding=\"async\" width=\"683\" height=\"1024\" src=\"https:\/\/iwell-guard.com\/wp-content\/uploads\/2026\/05\/goetter_sami_stallo-683x1024.webp\" class=\"attachment-large size-large wp-image-2896\" alt=\"Stallo \u2013 Gigant devorador d\u2019homes de la tradici\u00f3 sami\" srcset=\"https:\/\/iwell-guard.com\/wp-content\/uploads\/2026\/05\/goetter_sami_stallo-683x1024.webp 683w, https:\/\/iwell-guard.com\/wp-content\/uploads\/2026\/05\/goetter_sami_stallo-200x300.webp 200w, https:\/\/iwell-guard.com\/wp-content\/uploads\/2026\/05\/goetter_sami_stallo-768x1152.webp 768w, https:\/\/iwell-guard.com\/wp-content\/uploads\/2026\/05\/goetter_sami_stallo.webp 1024w\" sizes=\"(max-width: 683px) 100vw, 683px\" \/>\t\t\t\t\t\t\t\t\t\t\t\t\t\t\t<\/div>\n\t\t\t\t<\/div>\n\t\t\t\t\t<\/div>\n\t\t\t\t<\/div>\n\t\t\t\t<section class=\"elementor-section elementor-top-section elementor-element elementor-element-sec-iwgcomp-stallo elementor-section-boxed elementor-section-height-default elementor-section-height-default\" data-id=\"sec-iwgcomp-stallo\" data-element_type=\"section\" data-e-type=\"section\">\n\t\t\t\t\t\t<div class=\"elementor-container elementor-column-gap-default\">\n\t\t\t\t\t<div class=\"elementor-column elementor-col-100 elementor-top-column elementor-element elementor-element-col-iwgcomp-stallo\" data-id=\"col-iwgcomp-stallo\" data-element_type=\"column\" data-e-type=\"column\">\n\t\t\t<div class=\"elementor-widget-wrap elementor-element-populated\">\n\t\t\t\t\t\t<div class=\"elementor-element elementor-element-iwgcomp-stallo elementor-widget elementor-widget-text-editor\" data-id=\"iwgcomp-stallo\" data-element_type=\"widget\" data-e-type=\"widget\" data-widget_type=\"text-editor.default\">\n\t\t\t\t\t\t\t\t\t<p>Stallo \u00e9s considerat un <strong>antagonista gigant<\/strong> en les narracions de les societats pageses sami, un marginal devorador d&#8217;homes.<\/p>\t\t\t\t\t\t\t\t<\/div>\n\t\t\t\t\t<\/div>\n\t\t<\/div>\n\t\t\t\t\t<\/div>\n\t\t<\/section>\n\t\t<div class=\"elementor-element elementor-element-iwgw-stallo-s0 e-flex e-con-boxed e-con e-parent\" data-id=\"iwgw-stallo-s0\" data-element_type=\"container\" data-e-type=\"container\">\n\t\t\t\t\t<div class=\"e-con-inner\">\n\t\t\t\t<div class=\"elementor-element elementor-element-iwgw-stallo-s0h elementor-widget elementor-widget-heading\" data-id=\"iwgw-stallo-s0h\" data-element_type=\"widget\" data-e-type=\"widget\" data-widget_type=\"heading.default\">\n\t\t\t\t\t<h2 class=\"elementor-heading-title elementor-size-default\">Classificaci\u00f3 i perfil breu<\/h2>\t\t\t\t<\/div>\n\t\t<div class=\"elementor-element elementor-element-iwgw-stallo-s0c e-con-full e-flex e-con e-child\" data-id=\"iwgw-stallo-s0c\" data-element_type=\"container\" data-e-type=\"container\">\n\t\t\t\t<div class=\"elementor-element elementor-element-iwgw-stallo-s0t elementor-widget elementor-widget-text-editor\" data-id=\"iwgw-stallo-s0t\" data-element_type=\"widget\" data-e-type=\"widget\" data-widget_type=\"text-editor.default\">\n\t\t\t\t\t\t\t\t\t<p>Stallo pertany a la capa narrativa de la tradici\u00f3 sami, que s&#8217;associa menys a la <span class=\"iwg-fachbegriff\" data-tooltip=\"La doctrina cient\u00edfica sobre D\u00e9u i la fe d'una religi\u00f3.\" tabindex=\"0\">teologia<\/span> religiosa pr\u00f2piament dita que a la tradici\u00f3 mitologicnarrativa. A difer\u00e8ncia de <a href=\"https:\/\/iwell-guard.com\/ca\/?page_id=171761\">Beaivi<\/a>, <a href=\"https:\/\/iwell-guard.com\/ca\/?page_id=171763\">R\u00e1hka<\/a> o les Akkas, Stallo no \u00e9s una figura de culte, sin\u00f3 un \u00e9sser narratiu que apareix en nombroses narracions.<\/p><p>Les narracions sobre Stallo estan esteses per les regions ling\u00fc\u00edstiques sami, des del nord de Su\u00e8cia fins a Noruega, Finl\u00e0ndia i R\u00fassia. Presenten Stallo majorit\u00e0riament com un gegant est\u00fapid i cruel, ven\u00e7ut per l&#8217;ast\u00facia dels sami, m\u00e9s enginyosos que ell. Aquesta constel\u00b7laci\u00f3 d&#8217;embussador antiheroi \u00e9s, en la fenomenologia de la religi\u00f3, un fenomen propi.<\/p><p>Des del punt de vista de la ci\u00e8ncia de la religi\u00f3, la posici\u00f3 exacta de Stallo entre religi\u00f3 i <span class=\"iwg-fachbegriff\" data-tooltip=\"La cultura popular transmesa amb costums, narracions i can\u00e7ons.\" tabindex=\"0\">folklore<\/span> \u00e9s discutida. Alguns investigadors (Pentik\u00e4inen) hi veuen un antagonista transfigurat hist\u00f2ricament, altres (Rydving) una figura purament narrativa, i encara altres (Kaikkonen) assenyalen la seva funci\u00f3 xam\u00e0nica com a figura d&#8217;iniciaci\u00f3.<\/p><p>Tamb\u00e9 la figura gigantesca narrativa de Stallo ha estat tractada en la recerca m\u00e9s recent amb enfocaments ampliats que combinen precisi\u00f3 etnogr\u00e0fica, revisi\u00f3 linguisticocr\u00edtica de la <span class=\"iwg-fachbegriff\" data-tooltip=\"La transmissi\u00f3 de coneixements i narracions al llarg de generacions.\" tabindex=\"0\">tradici\u00f3<\/span> transmesa i una classificaci\u00f3 comparativa. Investigadores i investigadors sami formen avui part d&#8217;aquesta recerca i corregeixen interpretacions occidentals m\u00e9s antigues de Stallo, en les quals es reflectien en part visions colonials.<\/p><p>En la comparaci\u00f3 cient\u00edfica m\u00e9s \u00e0mplia, Stallo, narrat des del nord de Su\u00e8cia fins a Noruega, Finl\u00e0ndia i R\u00fassia, s&#8217;inscriu en el patr\u00f3 d&#8217;una topografia religiosonarrativa circumpolar. Que la seva estructura b\u00e0sica es mantingui estable al llarg de milers de quil\u00f2metres es considera una de les troballes m\u00e9s notables de la disciplina i encara avui \u00e9s objecte de debat.<\/p>\t\t\t\t\t\t\t\t<\/div>\n\t\t\t\t<\/div>\n\t\t\t\t\t<\/div>\n\t\t\t\t<\/div>\n\t\t<div class=\"elementor-element elementor-element-iwgw-stallo-s1 e-flex e-con-boxed e-con e-parent\" data-id=\"iwgw-stallo-s1\" data-element_type=\"container\" data-e-type=\"container\">\n\t\t\t\t\t<div class=\"e-con-inner\">\n\t\t\t\t<div class=\"elementor-element elementor-element-iwgw-stallo-s1h elementor-widget elementor-widget-heading\" data-id=\"iwgw-stallo-s1h\" data-element_type=\"widget\" data-e-type=\"widget\" data-widget_type=\"heading.default\">\n\t\t\t\t\t<h2 class=\"elementor-heading-title elementor-size-default\">Nom i etimologia<\/h2>\t\t\t\t<\/div>\n\t\t<div class=\"elementor-element elementor-element-iwgw-stallo-s1c e-con-full e-flex e-con e-child\" data-id=\"iwgw-stallo-s1c\" data-element_type=\"container\" data-e-type=\"container\">\n\t\t\t\t<div class=\"elementor-element elementor-element-iwgw-stallo-s1t elementor-widget elementor-widget-text-editor\" data-id=\"iwgw-stallo-s1t\" data-element_type=\"widget\" data-e-type=\"widget\" data-widget_type=\"text-editor.default\">\n\t\t\t\t\t\t\t\t\t<p>El nom Stallo no est\u00e0 aclarit etimol\u00f2gicament de manera definitiva. Una hip\u00f2tesi el relaciona amb el n\u00f2rdic antic <em>stallari<\/em>, que origin\u00e0riament significava mestre d&#8217;estables o marescal i que en la literatura de sagues n\u00f2rdica antiga designava una funci\u00f3 d&#8217;honor.<\/p><p>Una altra hip\u00f2tesi apunta a una arrel sami pr\u00f2pia amb el significat de gegant o gran. Aquesta q\u00fcesti\u00f3 \u00e9s metodol\u00f2gicament important, perqu\u00e8 la connexi\u00f3 etimol\u00f2gica amb el terme n\u00f2rdic antic apuntaria a una capa de contacte historicocultural.<\/p><p>Les variants dialectals s\u00f3n Staaloe en sami meridional, Staaloh en ume sami, St\u00e1llu en l&#8217;\u00fas ling\u00fc\u00edstic lule sami. La diversitat de formes correspon a la diferenciaci\u00f3 dialectal general del sami i confirma l&#8217;\u00e0mplia difusi\u00f3 de la figura.<\/p><p>A m\u00e9s, es pot plantejar des de la sociologia de la religi\u00f3 quina funci\u00f3 tenien les narracions sobre Stallo en l&#8217;ordre social de la comunitat sami tradicional, per exemple com a peces educatives sobre l&#8217;ast\u00facia, el perill i la cohesi\u00f3.<\/p><p>La representaci\u00f3 religiosa i la pr\u00e0ctica social tampoc estaven separades aqu\u00ed, sin\u00f3 estretament vinculades. Aquesta interrelaci\u00f3 constitueix un camp de recerca propi de l&#8217;antropologia de la religi\u00f3, que han estudiat sistem\u00e0ticament sobretot H\u00e5kan Rydving i Konsta Kaikkonen.<\/p><p>Un altre nivell fa refer\u00e8ncia al significat actual de Stallo per a la pol\u00edtica d&#8217;identitat sami. En el marc de l&#8217;autogovern sami i del reconeixement de drets ind\u00edgenes en el dret internacional, tamb\u00e9 les figures narratives de la tradici\u00f3 guanyen nova visibilitat. La relaci\u00f3 entre la recerca religiosa i l&#8217;autoafirmaci\u00f3 pol\u00edtica constitueix aix\u00ed un camp de treball propi, que en els darrers anys s&#8217;ha treballat cada vegada m\u00e9s.<\/p>\t\t\t\t\t\t\t\t<\/div>\n\t\t\t\t<\/div>\n\t\t\t\t\t<\/div>\n\t\t\t\t<\/div>\n\t\t<div class=\"elementor-element elementor-element-iwgw-stallo-s2 e-flex e-con-boxed e-con e-parent\" data-id=\"iwgw-stallo-s2\" data-element_type=\"container\" data-e-type=\"container\">\n\t\t\t\t\t<div class=\"e-con-inner\">\n\t\t\t\t<div class=\"elementor-element elementor-element-iwgw-stallo-s2h elementor-widget elementor-widget-heading\" data-id=\"iwgw-stallo-s2h\" data-element_type=\"widget\" data-e-type=\"widget\" data-widget_type=\"heading.default\">\n\t\t\t\t\t<h2 class=\"elementor-heading-title elementor-size-default\">Descripci\u00f3 i car\u00e0cter<\/h2>\t\t\t\t<\/div>\n\t\t<div class=\"elementor-element elementor-element-iwgw-stallo-s2c e-con-full e-flex e-con e-child\" data-id=\"iwgw-stallo-s2c\" data-element_type=\"container\" data-e-type=\"container\">\n\t\t\t\t<div class=\"elementor-element elementor-element-iwgw-stallo-s2t elementor-widget elementor-widget-text-editor\" data-id=\"iwgw-stallo-s2t\" data-element_type=\"widget\" data-e-type=\"widget\" data-widget_type=\"text-editor.default\">\n\t\t\t\t\t\t\t\t\t<p>En les narracions, Stallo se sol descriure com un gegant gran, fort per\u00f2 est\u00fapid i cruel. Sovint porta equipament de ferro, cosa que el distingeix dels sami, que tradicionalment feien servir fusta, os i banya. Aquesta asimetria de materials \u00e9s cient\u00edficament reveladora.<\/p><p>Pel que fa al car\u00e0cter, Stallo \u00e9s vora\u00e7, violent, per\u00f2 f\u00e0cil d&#8217;enganyar. En les narracions, els sami el venceden majorit\u00e0riament amb l&#8217;ast\u00facia, per exemple atraient-lo cap a un parany, embriagant-lo o enganyant-lo amb una al\u00b7legoria. Aquesta constel\u00b7laci\u00f3 d&#8217;ast\u00facia embussadora \u00e9s t\u00edpica des del punt de vista de la fenomenologia narrativa.<\/p><p>Iconogr\u00e0ficament, Stallo no ha estat representat en la cultura tradicional. En l&#8217;art i la literatura sami contemporanis apareix m\u00e9s sovint, sovint com a figura critico\u00adhumor\u00edstica, de vegades com a al\u00b7legoria de l&#8217;amena\u00e7a colonial. Aquesta apropiaci\u00f3 moderna \u00e9s, en la fenomenologia de la religi\u00f3, un fenomen propi.<\/p>\t\t\t\t\t\t\t\t<\/div>\n\t\t\t\t<\/div>\n\t\t\t\t\t<\/div>\n\t\t\t\t<\/div>\n\t\t<div class=\"elementor-element elementor-element-iwgw-stallo-s3 e-flex e-con-boxed e-con e-parent\" data-id=\"iwgw-stallo-s3\" data-element_type=\"container\" data-e-type=\"container\">\n\t\t\t\t\t<div class=\"e-con-inner\">\n\t\t\t\t<div class=\"elementor-element elementor-element-iwgw-stallo-s3h elementor-widget elementor-widget-heading\" data-id=\"iwgw-stallo-s3h\" data-element_type=\"widget\" data-e-type=\"widget\" data-widget_type=\"heading.default\">\n\t\t\t\t\t<h2 class=\"elementor-heading-title elementor-size-default\">Les narracions sobre Stallo i la seva estructura<\/h2>\t\t\t\t<\/div>\n\t\t<div class=\"elementor-element elementor-element-iwgw-stallo-s3c e-con-full e-flex e-con e-child\" data-id=\"iwgw-stallo-s3c\" data-element_type=\"container\" data-e-type=\"container\">\n\t\t\t\t<div class=\"elementor-element elementor-element-iwgw-stallo-s3t elementor-widget elementor-widget-text-editor\" data-id=\"iwgw-stallo-s3t\" data-element_type=\"widget\" data-e-type=\"widget\" data-widget_type=\"text-editor.default\">\n\t\t\t\t\t\t\t\t\t<p>La narraci\u00f3 t\u00edpica sobre Stallo segueix un patr\u00f3 narratiu fix: un sami es troba amb Stallo, es posa en perill, troba una soluci\u00f3 astuta, ven\u00e7 a Stallo i torna amb un bot\u00ed. Aquesta estructura s&#8217;assembla a les narracions de trickster de moltes cultures.<\/p><p>Les narracions concretes varien en els detalls. En una narraci\u00f3 famosa, un ca\u00e7ador sami enganya a Stallo proposant-li menjar junts, l&#8217;atrau cap a una esquerda a la roca i el mata all\u00e0.<\/p><p>En una altra narraci\u00f3, dos germans atrauen a Stallo cap a una cabana on li claven una barra de ferro incandescent al coll. Aquestes solucions violentes s\u00f3n t\u00edpiques des del punt de vista narratiu-fenomenol\u00f2gic.<\/p><p>Cient\u00edficament, la literatura narrativa sobre Stallo est\u00e0 \u00e0mpliament documentada en les grans col\u00b7leccions de narracions samis, per exemple les de Just Knud Qvigstad i Konrad Nielsen. Aquestes col\u00b7leccions formen un camp de recerca propi i tenen un gran valor per a l&#8217;etnologia religiosa.<\/p>\t\t\t\t\t\t\t\t<\/div>\n\t\t\t\t<\/div>\n\t\t\t\t\t<\/div>\n\t\t\t\t<\/div>\n\t\t<div class=\"elementor-element elementor-element-iwgw-stallo-s4 e-flex e-con-boxed e-con e-parent\" data-id=\"iwgw-stallo-s4\" data-element_type=\"container\" data-e-type=\"container\">\n\t\t\t\t\t<div class=\"e-con-inner\">\n\t\t\t\t<div class=\"elementor-element elementor-element-iwgw-stallo-s4h elementor-widget elementor-widget-heading\" data-id=\"iwgw-stallo-s4h\" data-element_type=\"widget\" data-e-type=\"widget\" data-widget_type=\"heading.default\">\n\t\t\t\t\t<h2 class=\"elementor-heading-title elementor-size-default\">Interpretacions hist\u00f2riques<\/h2>\t\t\t\t<\/div>\n\t\t<div class=\"elementor-element elementor-element-iwgw-stallo-s4c e-con-full e-flex e-con e-child\" data-id=\"iwgw-stallo-s4c\" data-element_type=\"container\" data-e-type=\"container\">\n\t\t\t\t<div class=\"elementor-element elementor-element-iwgw-stallo-s4t elementor-widget elementor-widget-text-editor\" data-id=\"iwgw-stallo-s4t\" data-element_type=\"widget\" data-e-type=\"widget\" data-widget_type=\"text-editor.default\">\n\t\t\t\t\t\t\t\t\t<p>Una hip\u00f2tesi destacada de la recerca m\u00e9s antiga interpretava Stallo com un record transfigurat d&#8217;intrusos no samis, com les incursions v\u00edkings escandinaves o els colonitzadors russos. Aquesta hip\u00f2tesi t\u00e9 l&#8217;avantatge d&#8217;explicar l&#8217;asimetria de materials (Stallo amb ferro, els sami amb fusta).<\/p><p>Cient\u00edficament, aquesta hip\u00f2tesi \u00e9s plausible, per\u00f2 no del tot convincent. Existeixen narracions sobre Stallo tamb\u00e9 en regions on no hi ha const\u00e0ncia de cap contacte directe amb intrusos estrangers. La interpretaci\u00f3 purament historicista-racionalitzant es queda, doncs, curta.<\/p><p>Una interpretaci\u00f3 alternativa veu en Stallo una figura antagonista cosmol\u00f2gica que en cada cultura serveix com a contrapart necess\u00e0ria del jo cultural. Aquesta lectura estructuralista \u00e9s productiva des del punt de vista de la fenomenologia religiosa i correspon a la classe m\u00e9s \u00e0mplia dels antagonistes gigants en moltes mitologies.<\/p>\t\t\t\t\t\t\t\t<\/div>\n\t\t\t\t<\/div>\n\t\t\t\t\t<\/div>\n\t\t\t\t<\/div>\n\t\t<div class=\"elementor-element elementor-element-iwgw-stallo-s5 e-flex e-con-boxed e-con e-parent\" data-id=\"iwgw-stallo-s5\" data-element_type=\"container\" data-e-type=\"container\">\n\t\t\t\t\t<div class=\"e-con-inner\">\n\t\t\t\t<div class=\"elementor-element elementor-element-iwgw-stallo-s5h elementor-widget elementor-widget-heading\" data-id=\"iwgw-stallo-s5h\" data-element_type=\"widget\" data-e-type=\"widget\" data-widget_type=\"heading.default\">\n\t\t\t\t\t<h2 class=\"elementor-heading-title elementor-size-default\">Stallo i el ritu d'iniciaci\u00f3 xam\u00e0nic<\/h2>\t\t\t\t<\/div>\n\t\t<div class=\"elementor-element elementor-element-iwgw-stallo-s5c e-con-full e-flex e-con e-child\" data-id=\"iwgw-stallo-s5c\" data-element_type=\"container\" data-e-type=\"container\">\n\t\t\t\t<div class=\"elementor-element elementor-element-iwgw-stallo-s5t elementor-widget elementor-widget-text-editor\" data-id=\"iwgw-stallo-s5t\" data-element_type=\"widget\" data-e-type=\"widget\" data-widget_type=\"text-editor.default\">\n\t\t\t\t\t\t\t\t\t<p>Konsta Kaikkonen i alguns altres investigadors han proposat llegir Stallo com una figura d&#8217;iniciaci\u00f3 del <span class=\"iwg-fachbegriff\" data-tooltip=\"Sistema religi\u00f3s en el qual especialistes es comuniquen amb el m\u00f3n dels esperits.\" tabindex=\"0\">xamanisme<\/span> sami. Els joves aspirants a <em>noaidi<\/em> havien de demostrar la seva aptitud en una confrontaci\u00f3 simb\u00f2lica amb figures similars a Stallo. Aquesta hip\u00f2tesi \u00e9s controvertida, per\u00f2 t\u00e9 valor heur\u00edstic.<\/p><p>Si aquesta lectura \u00e9s certa, Stallo no seria nom\u00e9s una figura narrativa, sin\u00f3 tamb\u00e9 ritual. El significat fenomenol\u00f2gic-religi\u00f3s seria considerable, perqu\u00e8 despla\u00e7aria la l\u00ednia divis\u00f2ria entre <span class=\"iwg-fachbegriff\" data-tooltip=\"La cultura popular transmesa amb costums, narracions i can\u00e7ons.\" tabindex=\"0\">folklore<\/span> i religi\u00f3 dins la tradici\u00f3 sami.<\/p><p>Metodol\u00f2gicament, aquesta hip\u00f2tesi \u00e9s dif\u00edcil de comprovar, perqu\u00e8 la pr\u00e0ctica ritual directa s&#8217;ha interromput en gran part a causa de la missi\u00f3. Indicis indirectes en les narracions poden donar suport a la hip\u00f2tesi, per\u00f2 no la poden demostrar de manera definitiva. Aquesta prud\u00e8ncia metodol\u00f2gica \u00e9s cient\u00edficament necess\u00e0ria.<\/p>\t\t\t\t\t\t\t\t<\/div>\n\t\t\t\t<\/div>\n\t\t\t\t\t<\/div>\n\t\t\t\t<\/div>\n\t\t<div class=\"elementor-element elementor-element-iwgw-stallo-s6 e-flex e-con-boxed e-con e-parent\" data-id=\"iwgw-stallo-s6\" data-element_type=\"container\" data-e-type=\"container\">\n\t\t\t\t\t<div class=\"e-con-inner\">\n\t\t\t\t<div class=\"elementor-element elementor-element-iwgw-stallo-s6h elementor-widget elementor-widget-heading\" data-id=\"iwgw-stallo-s6h\" data-element_type=\"widget\" data-e-type=\"widget\" data-widget_type=\"heading.default\">\n\t\t\t\t\t<h2 class=\"elementor-heading-title elementor-size-default\">Stallo en comparaci\u00f3 amb els antagonistes gigants<\/h2>\t\t\t\t<\/div>\n\t\t<div class=\"elementor-element elementor-element-iwgw-stallo-s6c e-con-full e-flex e-con e-child\" data-id=\"iwgw-stallo-s6c\" data-element_type=\"container\" data-e-type=\"container\">\n\t\t\t\t<div class=\"elementor-element elementor-element-iwgw-stallo-s6t elementor-widget elementor-widget-text-editor\" data-id=\"iwgw-stallo-s6t\" data-element_type=\"widget\" data-e-type=\"widget\" data-widget_type=\"text-editor.default\">\n\t\t\t\t\t\t\t\t\t<p>Stallo pertany a la classe \u00e0mplia dels antagonistes gigants en les mitologies del nord d&#8217;Europa. Comparables estructuralment s\u00f3n els j\u00f6tunn n\u00f2rdics antics, els <em>j\u00e4tit<\/em> finlandesos, els gigants <em>volot<\/em> russos i les narracions sobre gigants dels <a href=\"https:\/\/iwell-guard.com\/ca\/inuit-artic-sedna-tornit-proteccio\/\">inuits<\/a>, en qu\u00e8 \u00e9ssers mitol\u00f2gics predecessors s\u00f3n ven\u00e7uts.<\/p><p>En comparaci\u00f3 amb els j\u00f6tunn n\u00f2rdics antics, Stallo \u00e9s clarament m\u00e9s senzill. No t\u00e9 una genealogia mitol\u00f2gica pr\u00f2pia com el m\u00f3n dels j\u00f6tunn a \u00datgardr, ni d\u00e9us propis, ni una <span class=\"iwg-fachbegriff\" data-tooltip=\"La doctrina cient\u00edfica sobre D\u00e9u i sobre la fe d'una religi\u00f3.\" tabindex=\"0\">teologia<\/span> pr\u00f2pia. Stallo \u00e9s m\u00e9s b\u00e9 una figura estereotipada que un contrapol mitol\u00f2gic plenament desenvolupat.<\/p><p>Aquesta senzillesa narrativa \u00e9s cient\u00edficament reveladora. Mostra que la tradici\u00f3 sami utilitza els antagonistes gigants com a eines narratives, sense desenvolupar-los en un m\u00f3n mitol\u00f2gic. Fenomenol\u00f2gicament, aquesta funcionalitat \u00e9s pr\u00f2pia i independent.<\/p>\t\t\t\t\t\t\t\t<\/div>\n\t\t\t\t<\/div>\n\t\t\t\t\t<\/div>\n\t\t\t\t<\/div>\n\t\t<div class=\"elementor-element elementor-element-iwgw-stallo-s7 e-flex e-con-boxed e-con e-parent\" data-id=\"iwgw-stallo-s7\" data-element_type=\"container\" data-e-type=\"container\">\n\t\t\t\t\t<div class=\"e-con-inner\">\n\t\t\t\t<div class=\"elementor-element elementor-element-iwgw-stallo-s7h elementor-widget elementor-widget-heading\" data-id=\"iwgw-stallo-s7h\" data-element_type=\"widget\" data-e-type=\"widget\" data-widget_type=\"heading.default\">\n\t\t\t\t\t<h2 class=\"elementor-heading-title elementor-size-default\">Stallo en l'apropiaci\u00f3 contempor\u00e0nia<\/h2>\t\t\t\t<\/div>\n\t\t<div class=\"elementor-element elementor-element-iwgw-stallo-s7c e-con-full e-flex e-con e-child\" data-id=\"iwgw-stallo-s7c\" data-element_type=\"container\" data-e-type=\"container\">\n\t\t\t\t<div class=\"elementor-element elementor-element-iwgw-stallo-s7t elementor-widget elementor-widget-text-editor\" data-id=\"iwgw-stallo-s7t\" data-element_type=\"widget\" data-e-type=\"widget\" data-widget_type=\"text-editor.default\">\n\t\t\t\t\t\t\t\t\t<p>En la cultura sami contempor\u00e0nia, Stallo \u00e9s una figura productiva. Escriptors com Nils-Aslak Valkeap\u00e4\u00e4, artistes com Britta Marakatt-Labba i cineastes com Nils Gaup han recuperat Stallo, sovint com a al\u00b7legoria de l&#8217;amena\u00e7a colonial o com a <span class=\"iwg-fachbegriff\" data-tooltip=\"Un signe que representa una idea o significat.\" tabindex=\"0\">s\u00edmbol<\/span> d&#8217;autoafirmaci\u00f3 davant de poders externs.<\/p><p>La pel\u00b7l\u00edcula <em>Pathfinder<\/em> (Ofela\u0161, 1987) de Nils Gaup ha posat en escena de manera destacada figures similars a Stallo, i aix\u00ed ha fet la figura accessible a un p\u00fablic internacional. Aquesta recepci\u00f3 constitueix un fenomen propi des del punt de vista de la fenomenologia religiosa.<\/p><p>En la pr\u00e0ctica pedag\u00f2gica de les escoles samis, Stallo s&#8217;utilitza com a figura d&#8217;identificaci\u00f3. La funci\u00f3 did\u00e0ctica rau en l&#8217;exemple del sami astut que ven\u00e7 la viol\u00e8ncia bruta mitjan\u00e7ant l&#8217;enginy. Aquesta apropiaci\u00f3 pedag\u00f2gica constitueix un camp propi dins la did\u00e0ctica religiosa.<\/p>\t\t\t\t\t\t\t\t<\/div>\n\t\t\t\t<\/div>\n\t\t\t\t\t<\/div>\n\t\t\t\t<\/div>\n\t\t<div class=\"elementor-element elementor-element-iwgw-stallo-s8 e-flex e-con-boxed e-con e-parent\" data-id=\"iwgw-stallo-s8\" data-element_type=\"container\" data-e-type=\"container\">\n\t\t\t\t\t<div class=\"e-con-inner\">\n\t\t\t\t<div class=\"elementor-element elementor-element-iwgw-stallo-s8h elementor-widget elementor-widget-heading\" data-id=\"iwgw-stallo-s8h\" data-element_type=\"widget\" data-e-type=\"widget\" data-widget_type=\"heading.default\">\n\t\t\t\t\t<h2 class=\"elementor-heading-title elementor-size-default\">Recerca i estat actual<\/h2>\t\t\t\t<\/div>\n\t\t<div class=\"elementor-element elementor-element-iwgw-stallo-s8c e-con-full e-flex e-con e-child\" data-id=\"iwgw-stallo-s8c\" data-element_type=\"container\" data-e-type=\"container\">\n\t\t\t\t<div class=\"elementor-element elementor-element-iwgw-stallo-s8t elementor-widget elementor-widget-text-editor\" data-id=\"iwgw-stallo-s8t\" data-element_type=\"widget\" data-e-type=\"widget\" data-widget_type=\"text-editor.default\">\n\t\t\t\t\t\t\t\t\t<p>La recerca sobre Stallo \u00e9s \u00e0mplia. Just Knud Qvigstad va presentar una col\u00b7lecci\u00f3 fonamental en les seves <em>Lappische M\u00e4rchen- und Sagenvarianten<\/em> (1925-1929). Juha Pentik\u00e4inen, H\u00e5kan Rydving i Konsta Kaikkonen han dut a terme l&#8217;estudi religi\u00f3s-antropol\u00f2gic.<\/p><p>En la fenomenologia religiosa comparada, Stallo es tracta com a cas exemplar dels antagonistes gigants del nord d&#8217;Europa. Aquesta classificaci\u00f3 permet comparacions estructurals que s\u00f3n cient\u00edficament productives.<\/p><p>Hi ha llacunes de recerca concretes en la diferenciaci\u00f3 precisa entre la funci\u00f3 <span class=\"iwg-fachbegriff\" data-tooltip=\"Que pertany a un proc\u00e9s d'acci\u00f3 religi\u00f3s establert.\" tabindex=\"0\">ritual<\/span>-religiosa i la funci\u00f3 narrativa-folkl\u00f2rica de Stallo. Aquesta diferenciaci\u00f3 \u00e9s metodol\u00f2gicament dif\u00edcil, per\u00f2 important per situar amb precisi\u00f3 cient\u00edfica aquesta figura.<\/p>\t\t\t\t\t\t\t\t<\/div>\n\t\t\t\t<\/div>\n\t\t\t\t\t<\/div>\n\t\t\t\t<\/div>\n\t\t<div class=\"elementor-element elementor-element-iwgw-stallo-s9 e-flex e-con-boxed e-con e-parent\" data-id=\"iwgw-stallo-s9\" data-element_type=\"container\" data-e-type=\"container\">\n\t\t\t\t\t<div class=\"e-con-inner\">\n\t\t\t\t<div class=\"elementor-element elementor-element-iwgw-stallo-s9h elementor-widget elementor-widget-heading\" data-id=\"iwgw-stallo-s9h\" data-element_type=\"widget\" data-e-type=\"widget\" data-widget_type=\"heading.default\">\n\t\t\t\t\t<h2 class=\"elementor-heading-title elementor-size-default\">Refer\u00e8ncies creuades del l\u00e8xic<\/h2>\t\t\t\t<\/div>\n\t\t<div class=\"elementor-element elementor-element-iwgw-stallo-s9c e-con-full e-flex e-con e-child\" data-id=\"iwgw-stallo-s9c\" data-element_type=\"container\" data-e-type=\"container\">\n\t\t\t\t<div class=\"elementor-element elementor-element-iwgw-stallo-s9t elementor-widget elementor-widget-text-editor\" data-id=\"iwgw-stallo-s9t\" data-element_type=\"widget\" data-e-type=\"widget\" data-widget_type=\"text-editor.default\">\n\t\t\t\t\t\t\t\t\t<p>Stallo es relaciona amb <a href=\"https:\/\/iwell-guard.com\/ca\/?page_id=171761\">Beaivi<\/a>, <a href=\"https:\/\/iwell-guard.com\/ca\/?page_id=171762\">M\u00e1nnu<\/a>, <a href=\"https:\/\/iwell-guard.com\/ca\/?page_id=171763\">R\u00e1hka<\/a>, <a href=\"https:\/\/iwell-guard.com\/ca\/?page_id=171765\">Sara-Akka<\/a>, <a href=\"https:\/\/iwell-guard.com\/ca\/?page_id=171766\">Uksakka<\/a>, <a href=\"https:\/\/iwell-guard.com\/ca\/?page_id=171767\">Juksakka<\/a>, <a href=\"https:\/\/iwell-guard.com\/ca\/?page_id=171768\">Madderakka<\/a>, <a href=\"https:\/\/iwell-guard.com\/ca\/?page_id=171769\">Jabmiidaibmu<\/a> i <a href=\"https:\/\/iwell-guard.com\/ca\/?page_id=171770\">Saivo<\/a>. El nucli cultural <a href=\"https:\/\/iwell-guard.com\/ca\/sami-i-tradicio-fino-ugra-noaidi-i-tambor\/\">Tradici\u00f3 sami<\/a> emmarca la tradici\u00f3 narrativa. Antagonistes gigants amb estructures similars es troben en moltes mitologies del nord d&#8217;Europa, com per exemple els j\u00f6tunn n\u00f2rdics antics.<\/p>\t\t\t\t\t\t\t\t<\/div>\n\t\t\t\t<\/div>\n\t\t\t\t\t<\/div>\n\t\t\t\t<\/div>\n\t\t<div class=\"elementor-element elementor-element-cp27f479d8 e-flex e-con-boxed e-con e-parent\" data-id=\"cp27f479d8\" data-element_type=\"container\" data-e-type=\"container\">\n\t\t\t\t\t<div class=\"e-con-inner\">\n\t\t\t\t<div class=\"elementor-element elementor-element-cp22e03f85 elementor-widget elementor-widget-heading\" data-id=\"cp22e03f85\" data-element_type=\"widget\" data-e-type=\"widget\" data-widget_type=\"heading.default\">\n\t\t\t\t\t<h2 class=\"elementor-heading-title elementor-size-default\">El Stallo en la tradici\u00f3 narrativa sami<\/h2>\t\t\t\t<\/div>\n\t\t<div class=\"elementor-element elementor-element-cp2d7af954 e-flex e-con-boxed e-con e-child\" data-id=\"cp2d7af954\" data-element_type=\"container\" data-e-type=\"container\">\n\t\t\t\t\t<div class=\"e-con-inner\">\n\t\t\t\t<div class=\"elementor-element elementor-element-cp2d72ad29 elementor-widget elementor-widget-text-editor\" data-id=\"cp2d72ad29\" data-element_type=\"widget\" data-e-type=\"widget\" data-widget_type=\"text-editor.default\">\n\t\t\t\t\t\t\t\t\t<p>L&#8217;Stallo, en la forma nord-sami <em>St\u00e1llu<\/em>, no \u00e9s una <span class=\"iwg-fachbegriff\" data-tooltip=\"Un \u00e9sser venerat com a div\u00ed dins d'una religi\u00f3.\" tabindex=\"0\">divinitat<\/span>, sin\u00f3 una figura de la tradici\u00f3 narrativa sami, transmesa oralment a trav\u00e9s de rondalles i llegendes.<\/p><p>En aquests relats apareix com un \u00e9sser gran, est\u00fapid i vora\u00e7 que viu a la natura salvatge, amena\u00e7a les persones i espera especialment nens i viatgers solitaris. Malgrat el seu perill, \u00e9s curt d&#8217;enteniment, de manera que els herois humans el vencen regularment amb enginy.<\/p><p>\u00c9s t\u00edpic el patr\u00f3 narratiu en qu\u00e8 un nen o una dona astuta enganya l&#8217;Stallo: se&#8217;l fa ferir-se ell mateix, caure a un forat o atacar els seus propis familiars.<\/p><p>En algunes hist\u00f2ries, l&#8217;Stallo t\u00e9 un gos, que tamb\u00e9 cal v\u00e8ncer, i riqueses de plata, que l&#8217;heroi victori\u00f3s acaba emportant-se com a bot\u00ed. Sovint se l&#8217;associa amb una eina de ferro, com una barra de ferro amb la qual atreu o cerca la seva <span class=\"iwg-fachbegriff\" data-tooltip=\"Ofrena a una divinitat per expressar gratitud, s\u00faplica o veneraci\u00f3.\" tabindex=\"0\">v\u00edctima<\/span>.<\/p><p>La recerca folkl\u00f2rica finlandesa i noruega, per exemple al voltant de les col\u00b7leccions de Just Knud Qvigstad, que a principis del segle XX va registrar i publicar un extens corpus de narracions sami, ha documentat un gran nombre d&#8217;hist\u00f2ries sobre l&#8217;Stallo.<\/p><p>Aquestes col\u00b7leccions constitueixen la font principal, ja que la cultura sami va mancar durant molt de temps d&#8217;escriptura pr\u00f2pia i el patrimoni narratiu no es va posar per escrit fins tard. Dins d&#8217;aquesta <span class=\"iwg-fachbegriff\" data-tooltip=\"La transmissi\u00f3 de coneixement i narracions al llarg de generacions.\" tabindex=\"0\">tradici\u00f3<\/span>, l&#8217;Stallo \u00e9s una de les figures m\u00e9s documentades i, en els relats, tamb\u00e9 servia com a personatge pedag\u00f2gic per advertir els nens dels perills de la natura salvatge.<\/p>\t\t\t\t\t\t\t\t<\/div>\n\t\t\t\t\t<\/div>\n\t\t\t\t<\/div>\n\t\t\t\t\t<\/div>\n\t\t\t\t<\/div>\n\t\t<div class=\"elementor-element elementor-element-cp2cec7cfd e-flex e-con-boxed e-con e-parent\" data-id=\"cp2cec7cfd\" data-element_type=\"container\" data-e-type=\"container\">\n\t\t\t\t\t<div class=\"e-con-inner\">\n\t\t\t\t<div class=\"elementor-element elementor-element-cp239c0ae7 elementor-widget elementor-widget-heading\" data-id=\"cp239c0ae7\" data-element_type=\"widget\" data-e-type=\"widget\" data-widget_type=\"heading.default\">\n\t\t\t\t\t<h2 class=\"elementor-heading-title elementor-size-default\">Les fosses d'Stallo i el debat arqueol\u00f2gic<\/h2>\t\t\t\t<\/div>\n\t\t<div class=\"elementor-element elementor-element-cp2fca4ed6 e-flex e-con-boxed e-con e-child\" data-id=\"cp2fca4ed6\" data-element_type=\"container\" data-e-type=\"container\">\n\t\t\t\t\t<div class=\"e-con-inner\">\n\t\t\t\t<div class=\"elementor-element elementor-element-cp235194de elementor-widget elementor-widget-text-editor\" data-id=\"cp235194de\" data-element_type=\"widget\" data-e-type=\"widget\" data-widget_type=\"text-editor.default\">\n\t\t\t\t\t\t\t\t\t<p>En el paisatge muntany\u00f3s del nord de Su\u00e8cia i Noruega, l&#8217;<span class=\"iwg-fachbegriff\" data-tooltip=\"Ci\u00e8ncia que estudia les cultures del passat a partir de restes materials.\" tabindex=\"0\">arqueologia<\/span> coneix un tipus concret de plantes de cases, anomenades en la recerca fosses d&#8217;Stallo o jaciments d&#8217;Stallo.<\/p><p>Es tracta d&#8217;estructures rodones o ovals, lleugerament enfonsades al terra, que solen trobar-se en filera al llarg de zones elevades i que es daten a l&#8217;<span class=\"iwg-fachbegriff\" data-tooltip=\"\u00c8poca prehist\u00f2rica posterior a l'edat del bronze, marcada per la metal\u00b7l\u00fargia del ferro.\" tabindex=\"0\">edat del ferro<\/span> i l&#8217;inici de l&#8217;edat mitjana, aproximadament al primer mil\u00b7lenni de la nostra era.<\/p><p>El nom prov\u00e9 d&#8217;informants sami que, en temps m\u00e9s recents, van relacionar aquestes traces al terreny amb l&#8217;\u00e9sser llegendari Stallo, sense que aix\u00f2 impliqui necess\u00e0riament una connexi\u00f3 hist\u00f2rica. Fa d\u00e8cades que es debat en l&#8217;<span class=\"iwg-fachbegriff\" data-tooltip=\"Ci\u00e8ncia que estudia les cultures del passat a partir de restes materials.\" tabindex=\"0\">arqueologia<\/span> sobre qui va construir i utilitzar realment aquests indrets.<\/p><p>Una interpretaci\u00f3 m\u00e9s antiga hi veia traces de recaptadors d&#8217;impostos noruecs o ca\u00e7adors estrangers. Inge Zachrisson i altres, en canvi, han argumentat que es tracta de restes d&#8217;assentaments de la mateixa poblaci\u00f3 sami, possiblement relacionats amb una forma primerenca i m\u00e9s intensiva de cria de rens.<\/p><p>El debat toca una q\u00fcesti\u00f3 fonamental de la hist\u00f2ria del nord d&#8217;Escandin\u00e0via: des de quan i de quina manera els sami van fer servir les altes muntanyes i com va evolucionar la seva forma d&#8217;economia. Les fosses d&#8217;Stallo s\u00f3n aqu\u00ed una troballa central, precisament perqu\u00e8 es poden datar b\u00e9.<\/p><p>Des del punt de vista cient\u00edfic, resulta especialment interessant el nom donat a posteriori: mostra com una poblaci\u00f3 posterior relaciona i interpreta traces incomprensibles del passat amb una figura narrativa. Aix\u00ed, el nom Stallo va passar de ser un \u00e9sser llegendari a un terme arqueol\u00f2gic t\u00e8cnic, sense que la <span class=\"iwg-fachbegriff\" data-tooltip=\"Una narraci\u00f3 transmesa amb sovint un fons hist\u00f2ric i trets meravellosos.\" tabindex=\"0\">llegenda<\/span> en si mateixa digui res sobre els seus veritables constructors.<\/p>\t\t\t\t\t\t\t\t<\/div>\n\t\t\t\t\t<\/div>\n\t\t\t\t<\/div>\n\t\t\t\t\t<\/div>\n\t\t\t\t<\/div>\n\t\t<div class=\"elementor-element elementor-element-cp2c949df5 e-flex e-con-boxed e-con e-parent\" data-id=\"cp2c949df5\" data-element_type=\"container\" data-e-type=\"container\">\n\t\t\t\t\t<div class=\"e-con-inner\">\n\t\t\t\t<div class=\"elementor-element elementor-element-cp266503be elementor-widget elementor-widget-heading\" data-id=\"cp266503be\" data-element_type=\"widget\" data-e-type=\"widget\" data-widget_type=\"heading.default\">\n\t\t\t\t\t<h2 class=\"elementor-heading-title elementor-size-default\">Interpretacions de la figura de l'Stallo en la recerca<\/h2>\t\t\t\t<\/div>\n\t\t<div class=\"elementor-element elementor-element-cp2900f5e8 e-flex e-con-boxed e-con e-child\" data-id=\"cp2900f5e8\" data-element_type=\"container\" data-e-type=\"container\">\n\t\t\t\t\t<div class=\"e-con-inner\">\n\t\t\t\t<div class=\"elementor-element elementor-element-cp2fff0e3e elementor-widget elementor-widget-text-editor\" data-id=\"cp2fff0e3e\" data-element_type=\"widget\" data-e-type=\"widget\" data-widget_type=\"text-editor.default\">\n\t\t\t\t\t\t\t\t\t<p>La q\u00fcesti\u00f3 de qu\u00e8 representava origin\u00e0riament l&#8217;Stallo ha ocupat la <span class=\"iwg-fachbegriff\" data-tooltip=\"Ci\u00e8ncia que estudia la cultura quotidiana, els costums i les creences transmeses.\" tabindex=\"0\">folklor\u00edstica<\/span> i la <span class=\"iwg-fachbegriff\" data-tooltip=\"La ci\u00e8ncia que estudia les religions de manera comparativa i sense vincle de fe.\" tabindex=\"0\">ci\u00e8ncia de la religi\u00f3<\/span> des del segle XIX. Diverses explicacions coexisteixen, sense que cap s&#8217;hagi imposat de manera definitiva.<\/p><p>Una interpretaci\u00f3 estesa veu en l&#8217;Stallo l&#8217;elaboraci\u00f3 narrativa d&#8217;experi\u00e8ncies hist\u00f2riques d&#8217;amena\u00e7a. Els sami van estar exposats durant segles a la recaptaci\u00f3 d&#8217;impostos estrangera, a abusos i a grups de poblaci\u00f3 rivals. L&#8217;Stallo, perill\u00f3s per\u00f2 est\u00fapid, que es pot v\u00e8ncer amb enginy, seria segons aquesta lectura una imatge de l&#8217;estranger poder\u00f3s per\u00f2 superable amb ast\u00facia.<\/p><p>A favor d&#8217;aquesta interpretaci\u00f3 hi ha el fet que, en molts relats, l&#8217;Stallo apareix associat al ferro, la plata i la riquesa, \u00e9s a dir, a b\u00e9ns associats a comerciants i poders estrangers. Ling\u00fc\u00edsticament, el nom s&#8217;ha relacionat de vegades amb el mot n\u00f2rdic antic per a l&#8217;acer, cosa que donaria suport a aquesta l\u00ednia, encara que no est\u00e0 confirmat.<\/p><p>Una altra interpretaci\u00f3 subratlla la funci\u00f3 de l&#8217;Stallo dins la mateixa comunitat narrativa. Com a figura terror\u00edfica, servia per educar i transmetre normes de comportament, com l&#8217;advertiment de no allunyar-se massa sol de l&#8217;assentament. D&#8217;altres han relacionat l&#8217;Stallo amb concepcions m\u00e9s antigues d&#8217;esperits salvatges o amb els morts.<\/p><p>La recerca m\u00e9s recent, per exemple els treballs en l&#8217;\u00e0mbit de la folklor\u00edstica sami, tendeix a admetre diverses d&#8217;aquestes capes alhora i a no reduir l&#8217;Stallo a una \u00fanica arrel. Continua essent, doncs, una figura poli\u00e8drica, la popularitat de la qual en el patrimoni narratiu potser rau precisament en el fet que condensa en un sol personatge l&#8217;amena\u00e7a i la manera de superar-la.<\/p>\t\t\t\t\t\t\t\t<\/div>\n\t\t\t\t\t<\/div>\n\t\t\t\t<\/div>\n\t\t\t\t\t<\/div>\n\t\t\t\t<\/div>\n\t\t<div class=\"elementor-element elementor-element-iwgw-stallo-lit e-flex e-con-boxed e-con e-parent\" data-id=\"iwgw-stallo-lit\" data-element_type=\"container\" data-e-type=\"container\">\n\t\t\t\t\t<div class=\"e-con-inner\">\n\t\t\t\t<div class=\"elementor-element elementor-element-iwgw-stallo-lith elementor-widget elementor-widget-heading\" data-id=\"iwgw-stallo-lith\" data-element_type=\"widget\" data-e-type=\"widget\" data-widget_type=\"heading.default\">\n\t\t\t\t\t<h2 class=\"elementor-heading-title elementor-size-default\">Bibliografia (selecci\u00f3)<\/h2>\t\t\t\t<\/div>\n\t\t<div class=\"elementor-element elementor-element-iwgw-stallo-litc e-con-full e-flex e-con e-child\" data-id=\"iwgw-stallo-litc\" data-element_type=\"container\" data-e-type=\"container\">\n\t\t\t\t<div class=\"elementor-element elementor-element-iwgw-stallo-litt elementor-widget elementor-widget-text-editor\" data-id=\"iwgw-stallo-litt\" data-element_type=\"widget\" data-e-type=\"widget\" data-widget_type=\"text-editor.default\">\n\t\t\t\t\t\t\t\t\t<ul><li>Just Knud Qvigstad: <em>Lappische M\u00e4rchen- und Sagenvarianten<\/em> (Oslo 1925-1929)<\/li><li>H\u00e5kan Rydving: <em>The End of Drum-Time<\/em> (Uppsala 1993)<\/li><li>Juha Pentik\u00e4inen: <em>Saamelaiset. Pohjoisen kansan mytologia<\/em> (Helsinki 1995)<\/li><li>Konsta Kaikkonen: <em>Sami Pre-Christian Religion<\/em> (Helsinki 2020)<\/li><li><span data-nosnippet>Nils Gaup: <em>Ofela\u0161 (Pathfinder)<\/em> (Pel\u00b7l\u00edcula, 1987)<\/span><\/li><li>Anna Lia Berthelsen: <em>The Sami People<\/em> (Fairbanks 2002)<\/li><\/ul>\t\t\t\t\t\t\t\t<\/div>\n\t\t\t\t<\/div>\n\t\t\t\t\t<\/div>\n\t\t\t\t<\/div>\n\t\t<div class=\"elementor-element elementor-element-iwgkw2-add-stallo e-flex e-con-boxed e-con e-parent\" data-id=\"iwgkw2-add-stallo\" data-element_type=\"container\" data-e-type=\"container\">\n\t\t\t\t\t<div class=\"e-con-inner\">\n\t\t\t\t<div class=\"elementor-element elementor-element-iwgkw2-add-stallo-t elementor-widget elementor-widget-text-editor\" data-id=\"iwgkw2-add-stallo-t\" data-element_type=\"widget\" data-e-type=\"widget\" data-widget_type=\"text-editor.default\">\n\t\t\t\t\t\t\t\t\t<p>Stallo apareix en els relats sami com un gegant <em>antrop\u00f2fag<\/em> i antagonista embaucador que posa a prova els herois i, en els relats did\u00e0ctics, marca els l\u00edmits entre la natura salvatge i el lloc habitat.<\/p>\t\t\t\t\t\t\t\t<\/div>\n\t\t\t\t\t<\/div>\n\t\t\t\t<\/div>\n\t\t<div class=\"elementor-element elementor-element-iwgw-stallo-kwd e-flex e-con-boxed e-con e-parent\" data-id=\"iwgw-stallo-kwd\" data-element_type=\"container\" data-e-type=\"container\">\n\t\t\t\t\t<div class=\"e-con-inner\">\n\t\t<div class=\"elementor-element elementor-element-iwgw-stallo-kwdc e-con-full e-flex e-con e-child\" data-id=\"iwgw-stallo-kwdc\" data-element_type=\"container\" data-e-type=\"container\">\n\t\t\t\t<div class=\"elementor-element elementor-element-iwgw-stallo-kwdt elementor-widget elementor-widget-text-editor\" data-id=\"iwgw-stallo-kwdt\" data-element_type=\"widget\" data-e-type=\"widget\" data-widget_type=\"text-editor.default\">\n\t\t\t\t\t\t\t\t\t<p><em>Conceptes clau relacionats: Stallo Staaloe St\u00e1llu Sami Gegant Antagonista Relat d&#8217;embaucador Qvigstad.<\/em><\/p>\t\t\t\t\t\t\t\t<\/div>\n\t\t\t\t<\/div>\n\t\t\t\t\t<\/div>\n\t\t\t\t<\/div>\n\t\t<div class=\"elementor-element elementor-element-iwgw-stallo-cc e-flex e-con-boxed e-con e-parent\" data-id=\"iwgw-stallo-cc\" data-element_type=\"container\" data-e-type=\"container\" id=\"iwg-cc-stallo\">\n\t\t\t\t\t<div class=\"e-con-inner\">\n\t\t<div class=\"elementor-element elementor-element-iwgw-stallo-ccinner e-flex e-con-boxed e-con e-parent\" data-id=\"iwgw-stallo-ccinner\" data-element_type=\"container\" data-e-type=\"container\" data-settings=\"{&quot;background_background&quot;:&quot;classic&quot;}\">\n\t\t\t\t\t<div class=\"e-con-inner\">\n\t\t\t\t<div class=\"elementor-element elementor-element-iwgw-stallo-cch elementor-widget elementor-widget-heading\" data-id=\"iwgw-stallo-cch\" data-element_type=\"widget\" data-e-type=\"widget\" data-widget_type=\"heading.default\">\n\t\t\t\t\t<h2 class=\"elementor-heading-title elementor-size-default\">iWell Guard i tradicions de protecci\u00f3<\/h2>\t\t\t\t<\/div>\n\t\t\t\t<div class=\"elementor-element elementor-element-iwgw-stallo-cct elementor-widget elementor-widget-text-editor\" data-id=\"iwgw-stallo-cct\" data-element_type=\"widget\" data-e-type=\"widget\" data-widget_type=\"text-editor.default\">\n\t\t\t\t\t\t\t\t\t<div data-nosnippet=\"true\"><p>iWell Guard s&#8217;inspira en la tradici\u00f3 culturohist\u00f2rica dels objectes de protecci\u00f3 portables, seguint la tradici\u00f3 dels <a href=\"https:\/\/iwell-guard.com\/ca\/sami-i-tradicio-fino-ugra-noaidi-i-tambor\/\">sami<\/a> i de moltes altres cultures d&#8217;arreu del m\u00f3n. 41 capes, or aut\u00e8ntic, plat\u00ed, plata, fabricat a Alemanya. Dret de devoluci\u00f3 de 30 dies.<\/p><\/div>\t\t\t\t\t\t\t\t<\/div>\n\t\t\t\t<div class=\"elementor-element elementor-element-iwgw-stallo-ccb iwg-cc-button iwg-cc-cta-2026-05-13 elementor-widget elementor-widget-jet-button\" data-id=\"iwgw-stallo-ccb\" data-element_type=\"widget\" data-e-type=\"widget\" data-widget_type=\"jet-button.default\">\n\t\t\t\t<div class=\"elementor-widget-container\">\n\t\t\t\t\t<div class=\"elementor-jet-button jet-elements\"><div class=\"jet-button__container\"><a class=\"jet-button__instance jet-button__instance--icon-left hover-effect-1\" href=\"\/ueber-iwell-guard\/?utm_source=iwell-guard.com&amp;utm_medium=info-box&amp;utm_campaign=wesen-tradition\"><div class=\"jet-button__plane jet-button__plane-normal\"><\/div><div class=\"jet-button__plane jet-button__plane-hover\"><\/div><div class=\"jet-button__state jet-button__state-normal\"><span class=\"jet-button__label\">M\u00e9s informaci\u00f3 sobre l'iWell Guard<\/span><\/div><div class=\"jet-button__state jet-button__state-hover\"><span class=\"jet-button__label\">M\u00e9s informaci\u00f3 sobre l'iWell Guard<\/span><\/div><\/a><\/div><\/div><style>.elementor-element.elementor-element-iwgw-stallo-ccb .jet-button__instance{width:320px;height:56px;}.elementor-element.elementor-element-iwgw-stallo-ccb .jet-button__state-normal .jet-button__label{text-align:center;margin:0px 0px 0px 0px;color:#1a1b20;font-family:Montserrat,sans-serif;font-size:13px;font-weight:400;letter-spacing:4px;line-height:1.714em;text-transform:uppercase;}.elementor-element.elementor-element-iwgw-stallo-ccb .jet-button__state-hover .jet-button__label{text-align:center;margin:0px 0px 0px 0px;color:#FECC76;font-family:Montserrat,sans-serif;font-size:13px;font-weight:400;letter-spacing:4px;line-height:1.714em;text-transform:uppercase;}.elementor-element.elementor-element-iwgw-stallo-ccb .jet-button__plane-normal{background-color:#FECC76;border-style:solid;border-color:#C99540;border-width:2px 2px 2px 2px;}.elementor-element.elementor-element-iwgw-stallo-ccb .jet-button__plane-hover{background-color:rgba(0,0,0,0.55);border-style:solid;border-color:#FECC76;border-width:2px 2px 2px 2px;}<\/style>\t\t\t\t<\/div>\n\t\t\t\t<\/div>\n\t\t\t\t<div class=\"elementor-element elementor-element-iwgw-stallo-ccd elementor-widget elementor-widget-text-editor\" data-id=\"iwgw-stallo-ccd\" data-element_type=\"widget\" data-e-type=\"widget\" data-widget_type=\"text-editor.default\">\n\t\t\t\t\t\t\t\t\t<div data-nosnippet=\"true\"><p style=\"text-align:center;font-size:13px;opacity:0.7;margin-top:14px\" data-nosnippet=\"true\">Les experi\u00e8ncies personals poden variar. No \u00e9s un producte sanitari. No \u00e9s una promesa de curaci\u00f3.<\/p><\/div>\t\t\t\t\t\t\t\t<\/div>\n\t\t\t\t\t<\/div>\n\t\t\t\t<\/div>\n\t\t\t\t\t<\/div>\n\t\t\t\t<\/div>\n\t\t<div class=\"elementor-element elementor-element-iwgw-stallo-disc e-flex e-con-boxed e-con e-parent\" data-id=\"iwgw-stallo-disc\" data-element_type=\"container\" data-e-type=\"container\">\n\t\t\t\t\t<div class=\"e-con-inner\">\n\t\t\t\t<div class=\"elementor-element elementor-element-iwgw-stallo-discw elementor-widget elementor-widget-html\" data-id=\"iwgw-stallo-discw\" data-element_type=\"widget\" data-e-type=\"widget\" data-widget_type=\"html.default\">\n\t\t\t\t\t<footer data-nosnippet=\"true\" class=\"iwg-disclaimer-block\"><p data-nosnippet=\"true\">iWell Guard <strong>no \u00e9s un producte sanitari<\/strong> i no substitueix cap tractament m\u00e8dic o psicoterap\u00e8utic. Els continguts d'hist\u00f2ria de les religions s\u00f3n una classificaci\u00f3 culturohist\u00f2rica, no una recomanaci\u00f3 de pr\u00e0ctica espiritual.<\/p><\/footer>\t\t\t\t<\/div>\n\t\t\t\t\t<\/div>\n\t\t\t\t<\/div>\n\t\t\t\t<\/div>\n\t\t","protected":false},"excerpt":{"rendered":"","protected":false},"author":3,"featured_media":2896,"parent":0,"menu_order":0,"comment_status":"closed","ping_status":"closed","template":"elementor_header_footer","meta":{"_yoast_wpseo_focuskw":"Stallo Gegant Sami","_yoast_wpseo_title":"Stallo - Antagonista gigant de les narracions sami","_yoast_wpseo_metadesc":"Stallo \u00e9s el gegant devorador d'homes de la tradici\u00f3 sami. An\u00e0lisi historicoreligiosa de les narracions sobre aquest antagonista.","_yoast_wpseo_meta-robots-noindex":"","_yoast_wpseo_canonical":"","_angie_page":false,"gefaehrdungsstufe":"4","wesen_kultur":"sami","wesen_klasse":"geister","footnotes":""},"categories":[],"class_list":["post-171764","page","type-page","status-publish","has-post-thumbnail","hentry"],"yoast_head":"<!-- This site is optimized with the Yoast SEO Premium plugin v27.7 (Yoast SEO v28.3) - https:\/\/yoast.com\/product\/yoast-seo-premium-wordpress\/ -->\n<title>Stallo - Antagonista gigant de les narracions sami<\/title>\n<meta name=\"description\" content=\"Stallo \u00e9s el gegant devorador d&#039;homes de la tradici\u00f3 sami. An\u00e0lisi historicoreligiosa de les narracions sobre aquest antagonista.\" \/>\n<meta name=\"robots\" content=\"index, follow, max-snippet:-1, max-image-preview:large, max-video-preview:-1\" \/>\n<link rel=\"canonical\" href=\"https:\/\/iwell-guard.com\/ca\/stallo-gigant-devorador-tradicio-sami\/\" \/>\n<meta property=\"og:locale\" content=\"ca_ES\" \/>\n<meta property=\"og:type\" content=\"article\" \/>\n<meta property=\"og:title\" content=\"Stallo - Gigant devorador d&#039;homes de la tradici\u00f3 sami\" \/>\n<meta property=\"og:description\" content=\"Stallo \u00e9s el gegant devorador d&#039;homes de la tradici\u00f3 sami. An\u00e0lisi historicoreligiosa de les narracions sobre aquest antagonista.\" \/>\n<meta property=\"og:url\" content=\"https:\/\/iwell-guard.com\/ca\/stallo-gigant-devorador-tradicio-sami\/\" \/>\n<meta property=\"og:site_name\" content=\"iWell Guard\" \/>\n<meta property=\"article:modified_time\" content=\"2026-09-05T16:06:38+00:00\" \/>\n<meta property=\"og:image\" content=\"https:\/\/iwell-guard.com\/wp-content\/uploads\/2026\/05\/goetter_sami_stallo.webp\" \/>\n\t<meta property=\"og:image:width\" content=\"1024\" \/>\n\t<meta property=\"og:image:height\" content=\"1536\" \/>\n\t<meta property=\"og:image:type\" content=\"image\/webp\" \/>\n<meta name=\"twitter:card\" content=\"summary_large_image\" \/>\n<script type=\"application\/ld+json\" class=\"yoast-schema-graph\">{\"@context\":\"https:\\\/\\\/schema.org\",\"@graph\":[{\"@type\":\"WebPage\",\"@id\":\"https:\\\/\\\/iwell-guard.com\\\/ca\\\/stallo-gigant-devorador-tradicio-sami\\\/\",\"url\":\"https:\\\/\\\/iwell-guard.com\\\/ca\\\/stallo-gigant-devorador-tradicio-sami\\\/\",\"name\":\"Stallo - Antagonista gigant de les narracions sami\",\"isPartOf\":{\"@id\":\"https:\\\/\\\/iwell-guard.com\\\/ca\\\/#website\"},\"primaryImageOfPage\":{\"@id\":\"https:\\\/\\\/iwell-guard.com\\\/ca\\\/stallo-gigant-devorador-tradicio-sami\\\/#primaryimage\"},\"image\":{\"@id\":\"https:\\\/\\\/iwell-guard.com\\\/ca\\\/stallo-gigant-devorador-tradicio-sami\\\/#primaryimage\"},\"thumbnailUrl\":\"https:\\\/\\\/iwell-guard.com\\\/wp-content\\\/uploads\\\/2026\\\/05\\\/goetter_sami_stallo.webp\",\"datePublished\":\"2026-09-05T15:42:11+00:00\",\"dateModified\":\"2026-09-05T16:06:38+00:00\",\"description\":\"Stallo \u00e9s el gegant devorador d'homes de la tradici\u00f3 sami. An\u00e0lisi historicoreligiosa de les narracions sobre aquest antagonista.\",\"breadcrumb\":{\"@id\":\"https:\\\/\\\/iwell-guard.com\\\/ca\\\/stallo-gigant-devorador-tradicio-sami\\\/#breadcrumb\"},\"inLanguage\":\"ca\",\"potentialAction\":[{\"@type\":\"ReadAction\",\"target\":[\"https:\\\/\\\/iwell-guard.com\\\/ca\\\/stallo-gigant-devorador-tradicio-sami\\\/\"]}]},{\"@type\":\"ImageObject\",\"inLanguage\":\"ca\",\"@id\":\"https:\\\/\\\/iwell-guard.com\\\/ca\\\/stallo-gigant-devorador-tradicio-sami\\\/#primaryimage\",\"url\":\"https:\\\/\\\/iwell-guard.com\\\/wp-content\\\/uploads\\\/2026\\\/05\\\/goetter_sami_stallo.webp\",\"contentUrl\":\"https:\\\/\\\/iwell-guard.com\\\/wp-content\\\/uploads\\\/2026\\\/05\\\/goetter_sami_stallo.webp\",\"width\":1024,\"height\":1536,\"caption\":\"D\u00e9us de la tradici\u00f3 sami.\"},{\"@type\":\"BreadcrumbList\",\"@id\":\"https:\\\/\\\/iwell-guard.com\\\/ca\\\/stallo-gigant-devorador-tradicio-sami\\\/#breadcrumb\",\"itemListElement\":[{\"@type\":\"ListItem\",\"position\":1,\"name\":\"Start\",\"item\":\"https:\\\/\\\/iwell-guard.com\\\/ca\\\/?page_id=171333\"},{\"@type\":\"ListItem\",\"position\":2,\"name\":\"Stallo &#8211; Gigant devorador d&#8217;homes de la tradici\u00f3 sami\"}]},{\"@type\":\"WebSite\",\"@id\":\"https:\\\/\\\/iwell-guard.com\\\/ca\\\/#website\",\"url\":\"https:\\\/\\\/iwell-guard.com\\\/ca\\\/\",\"name\":\"iWell Guard\",\"description\":\"Schutz vor dunklen Einfl\u00fcssen\",\"publisher\":{\"@id\":\"https:\\\/\\\/iwell-guard.com\\\/ca\\\/#organization\"},\"potentialAction\":[{\"@type\":\"SearchAction\",\"target\":{\"@type\":\"EntryPoint\",\"urlTemplate\":\"https:\\\/\\\/iwell-guard.com\\\/ca\\\/?s={search_term_string}\"},\"query-input\":{\"@type\":\"PropertyValueSpecification\",\"valueRequired\":true,\"valueName\":\"search_term_string\"}}],\"inLanguage\":\"ca\"},{\"@type\":\"Organization\",\"@id\":\"https:\\\/\\\/iwell-guard.com\\\/ca\\\/#organization\",\"name\":\"Ittermann electronic GmbH\",\"url\":\"https:\\\/\\\/iwell-guard.com\\\/ca\\\/\",\"logo\":{\"@type\":\"ImageObject\",\"inLanguage\":\"ca\",\"@id\":\"https:\\\/\\\/iwell-guard.com\\\/ca\\\/#\\\/schema\\\/logo\\\/image\\\/\",\"url\":\"https:\\\/\\\/iwell-guard.com\\\/wp-content\\\/uploads\\\/2026\\\/05\\\/Ittermann-Logo-1182x237-1.png\",\"contentUrl\":\"https:\\\/\\\/iwell-guard.com\\\/wp-content\\\/uploads\\\/2026\\\/05\\\/Ittermann-Logo-1182x237-1.png\",\"width\":1182,\"height\":237,\"caption\":\"Ittermann electronic GmbH\"},\"image\":{\"@id\":\"https:\\\/\\\/iwell-guard.com\\\/ca\\\/#\\\/schema\\\/logo\\\/image\\\/\"},\"sameAs\":[\"https:\\\/\\\/pantip.com\\\/profile\\\/9367242\",\"https:\\\/\\\/micro.blog\\\/iwellguard\",\"https:\\\/\\\/www.diggerslist.com\\\/iwellguard\\\/about\",\"https:\\\/\\\/skitterphoto.com\\\/photographers\\\/2870314\\\/iwell-guard\",\"https:\\\/\\\/iwellguard.wordpress.com\\\/2026\\\/06\\\/06\\\/iwell-guard\\\/\",\"https:\\\/\\\/hub.docker.com\\\/u\\\/iwellguard\",\"https:\\\/\\\/www.pinterest.com\\\/iwellguard\\\/\",\"https:\\\/\\\/bit.ly\\\/m\\\/iwellguard\",\"https:\\\/\\\/entre-vos-mains.alsace.eu\\\/profiles\\\/iwellguard\\\/activity\",\"https:\\\/\\\/gravatar.com\\\/reallybeded8fd34\",\"https:\\\/\\\/naijamatta.com\\\/iwellguard\",\"https:\\\/\\\/www.goodreads.com\\\/iwellguard\",\"https:\\\/\\\/profile.hatena.ne.jp\\\/iwellguard\\\/\",\"https:\\\/\\\/experiment.com\\\/users\\\/iwellguard\",\"https:\\\/\\\/wakelet.com\\\/@iWellGuard82270\",\"https:\\\/\\\/www.chordie.com\\\/forum\\\/profile.php?id=2555664\",\"https:\\\/\\\/www.instapaper.com\\\/p\\\/17757966\",\"https:\\\/\\\/www.mapleprimes.com\\\/users\\\/iwellguard\",\"https:\\\/\\\/businesslistingplus.com\\\/profile\\\/iwell-guard\\\/\",\"https:\\\/\\\/telegra.ph\\\/iWell-Guard-06-06\",\"https:\\\/\\\/pbase.com\\\/iwellguard\\\/iwellguard\",\"https:\\\/\\\/b.hatena.ne.jp\\\/iwellguard\\\/20260607#bookmark-4788405196491818882\",\"https:\\\/\\\/fliphtml5.com\\\/home\\\/iwellguard\",\"https:\\\/\\\/anyflip.com\\\/homepage\\\/cmiwl#About\",\"https:\\\/\\\/transfur.com\\\/Users\\\/iwellguard\",\"http:\\\/\\\/delphi.larsbo.org\\\/user\\\/iwellguard\",\"https:\\\/\\\/jobs.lajobsportal.org\\\/profiles\\\/8380803-iwell-guard\",\"https:\\\/\\\/md.chaosdorf.de\\\/s\\\/jfbe5SBdJD\",\"https:\\\/\\\/www.lingvolive.com\\\/en-us\\\/profile\\\/9ecaeaca-ce11-4e51-9e71-01d55e2bff36\\\/translations\",\"https:\\\/\\\/www.fitday.com\\\/fitness\\\/forums\\\/members\\\/iwellguard.html\",\"https:\\\/\\\/www.mymeetbook.com\\\/iwellguard\",\"https:\\\/\\\/pxhere.com\\\/en\\\/photographer-me\\\/5040798\",\"https:\\\/\\\/disqus.com\\\/by\\\/iwellguard\\\/about\\\/\",\"https:\\\/\\\/pastelink.net\\\/hjwciqwq\",\"https:\\\/\\\/pubhtml5.com\\\/homepage\\\/scjhn\\\/\",\"https:\\\/\\\/www.bitchute.com\\\/channel\\\/2O2eOKzNqujT\",\"https:\\\/\\\/audiomack.com\\\/iwellguard\"]},{\"@type\":\"Article\",\"@id\":\"https:\\\/\\\/iwell-guard.com\\\/ca\\\/stallo-gigant-devorador-tradicio-sami\\\/#article\",\"isPartOf\":{\"@id\":\"https:\\\/\\\/iwell-guard.com\\\/ca\\\/stallo-gigant-devorador-tradicio-sami\\\/\"},\"author\":{\"name\":\"Ralf Ittermann\",\"@id\":\"https:\\\/\\\/iwell-guard.com\\\/ca\\\/#\\\/schema\\\/person\\\/ee2a27f1cac3406c7c6fb5820cb7349f\"},\"headline\":\"Stallo &#8211; Gigant devorador d&#8217;homes de la tradici\u00f3 sami\",\"datePublished\":\"2026-09-05T15:42:11+00:00\",\"dateModified\":\"2026-09-05T16:06:38+00:00\",\"mainEntityOfPage\":{\"@id\":\"https:\\\/\\\/iwell-guard.com\\\/ca\\\/stallo-gigant-devorador-tradicio-sami\\\/\"},\"publisher\":{\"@id\":\"https:\\\/\\\/iwell-guard.com\\\/ca\\\/#organization\"},\"image\":{\"@id\":\"https:\\\/\\\/iwell-guard.com\\\/ca\\\/stallo-gigant-devorador-tradicio-sami\\\/#primaryimage\"},\"thumbnailUrl\":\"https:\\\/\\\/iwell-guard.com\\\/wp-content\\\/uploads\\\/2026\\\/05\\\/goetter_sami_stallo.webp\",\"inLanguage\":\"ca\",\"description\":\"Stallo \u00e9s el gegant devorador d'homes de la tradici\u00f3 sami. An\u00e0lisi historicoreligiosa de les narracions sobre aquest antagonista.\"}]}<\/script>\n<!-- \/ Yoast SEO Premium plugin. -->","yoast_head_json":{"title":"Stallo - Antagonista gigant de les narracions sami","description":"Stallo \u00e9s el gegant devorador d'homes de la tradici\u00f3 sami. An\u00e0lisi historicoreligiosa de les narracions sobre aquest antagonista.","robots":{"index":"index","follow":"follow","max-snippet":"max-snippet:-1","max-image-preview":"max-image-preview:large","max-video-preview":"max-video-preview:-1"},"canonical":"https:\/\/iwell-guard.com\/ca\/stallo-gigant-devorador-tradicio-sami\/","og_locale":"ca_ES","og_type":"article","og_title":"Stallo - Gigant devorador d'homes de la tradici\u00f3 sami","og_description":"Stallo \u00e9s el gegant devorador d'homes de la tradici\u00f3 sami. An\u00e0lisi historicoreligiosa de les narracions sobre aquest antagonista.","og_url":"https:\/\/iwell-guard.com\/ca\/stallo-gigant-devorador-tradicio-sami\/","og_site_name":"iWell Guard","article_modified_time":"2026-09-05T16:06:38+00:00","og_image":[{"width":1024,"height":1536,"url":"https:\/\/iwell-guard.com\/wp-content\/uploads\/2026\/05\/goetter_sami_stallo.webp","type":"image\/webp"}],"twitter_card":"summary_large_image","schema":{"@context":"https:\/\/schema.org","@graph":[{"@type":"Article","@id":"https:\/\/iwell-guard.com\/ca\/stallo-gigant-devorador-tradicio-sami\/#article","isPartOf":{"@id":"https:\/\/iwell-guard.com\/ca\/stallo-gigant-devorador-tradicio-sami\/"},"author":{"name":"Ralf Ittermann","@id":"https:\/\/iwell-guard.com\/ca\/#\/schema\/person\/ee2a27f1cac3406c7c6fb5820cb7349f"},"headline":"Stallo &#8211; Gigant devorador d&#8217;homes de la tradici\u00f3 sami","datePublished":"2026-09-05T15:42:11+00:00","dateModified":"2026-09-05T16:06:38+00:00","mainEntityOfPage":{"@id":"https:\/\/iwell-guard.com\/ca\/stallo-gigant-devorador-tradicio-sami\/"},"publisher":{"@id":"https:\/\/iwell-guard.com\/ca\/#organization"},"image":{"@id":"https:\/\/iwell-guard.com\/ca\/stallo-gigant-devorador-tradicio-sami\/#primaryimage"},"thumbnailUrl":"https:\/\/iwell-guard.com\/wp-content\/uploads\/2026\/05\/goetter_sami_stallo.webp","inLanguage":"ca","description":"Stallo \u00e9s el gegant devorador d'homes de la tradici\u00f3 sami. An\u00e0lisi historicoreligiosa de les narracions sobre aquest antagonista."},{"@type":"WebPage","@id":"https:\/\/iwell-guard.com\/ca\/stallo-gigant-devorador-tradicio-sami\/","url":"https:\/\/iwell-guard.com\/ca\/stallo-gigant-devorador-tradicio-sami\/","name":"Stallo - Antagonista gigant de les narracions sami","isPartOf":{"@id":"https:\/\/iwell-guard.com\/ca\/#website"},"primaryImageOfPage":{"@id":"https:\/\/iwell-guard.com\/ca\/stallo-gigant-devorador-tradicio-sami\/#primaryimage"},"image":{"@id":"https:\/\/iwell-guard.com\/ca\/stallo-gigant-devorador-tradicio-sami\/#primaryimage"},"thumbnailUrl":"https:\/\/iwell-guard.com\/wp-content\/uploads\/2026\/05\/goetter_sami_stallo.webp","datePublished":"2026-09-05T15:42:11+00:00","dateModified":"2026-09-05T16:06:38+00:00","description":"Stallo \u00e9s el gegant devorador d'homes de la tradici\u00f3 sami. An\u00e0lisi historicoreligiosa de les narracions sobre aquest antagonista.","breadcrumb":{"@id":"https:\/\/iwell-guard.com\/ca\/stallo-gigant-devorador-tradicio-sami\/#breadcrumb"},"inLanguage":"ca","potentialAction":[{"@type":"ReadAction","target":["https:\/\/iwell-guard.com\/ca\/stallo-gigant-devorador-tradicio-sami\/"]}]},{"@type":"ImageObject","inLanguage":"ca","@id":"https:\/\/iwell-guard.com\/ca\/stallo-gigant-devorador-tradicio-sami\/#primaryimage","url":"https:\/\/iwell-guard.com\/wp-content\/uploads\/2026\/05\/goetter_sami_stallo.webp","contentUrl":"https:\/\/iwell-guard.com\/wp-content\/uploads\/2026\/05\/goetter_sami_stallo.webp","width":1024,"height":1536,"caption":"D\u00e9us de la tradici\u00f3 sami."},{"@type":"BreadcrumbList","@id":"https:\/\/iwell-guard.com\/ca\/stallo-gigant-devorador-tradicio-sami\/#breadcrumb","itemListElement":[{"@type":"ListItem","position":1,"name":"Start","item":"https:\/\/iwell-guard.com\/ca\/?page_id=171333"},{"@type":"ListItem","position":2,"name":"Stallo &#8211; Gigant devorador d&#8217;homes de la tradici\u00f3 sami"}]},{"@type":"WebSite","@id":"https:\/\/iwell-guard.com\/ca\/#website","url":"https:\/\/iwell-guard.com\/ca\/","name":"iWell Guard","description":"Schutz vor dunklen Einfl\u00fcssen","publisher":{"@id":"https:\/\/iwell-guard.com\/ca\/#organization"},"potentialAction":[{"@type":"SearchAction","target":{"@type":"EntryPoint","urlTemplate":"https:\/\/iwell-guard.com\/ca\/?s={search_term_string}"},"query-input":{"@type":"PropertyValueSpecification","valueRequired":true,"valueName":"search_term_string"}}],"inLanguage":"ca"},{"@type":"Organization","@id":"https:\/\/iwell-guard.com\/ca\/#organization","name":"Ittermann electronic GmbH","url":"https:\/\/iwell-guard.com\/ca\/","logo":{"@type":"ImageObject","inLanguage":"ca","@id":"https:\/\/iwell-guard.com\/ca\/#\/schema\/logo\/image\/","url":"https:\/\/iwell-guard.com\/wp-content\/uploads\/2026\/05\/Ittermann-Logo-1182x237-1.png","contentUrl":"https:\/\/iwell-guard.com\/wp-content\/uploads\/2026\/05\/Ittermann-Logo-1182x237-1.png","width":1182,"height":237,"caption":"Ittermann electronic GmbH"},"image":{"@id":"https:\/\/iwell-guard.com\/ca\/#\/schema\/logo\/image\/"},"sameAs":["https:\/\/pantip.com\/profile\/9367242","https:\/\/micro.blog\/iwellguard","https:\/\/www.diggerslist.com\/iwellguard\/about","https:\/\/skitterphoto.com\/photographers\/2870314\/iwell-guard","https:\/\/iwellguard.wordpress.com\/2026\/06\/06\/iwell-guard\/","https:\/\/hub.docker.com\/u\/iwellguard","https:\/\/www.pinterest.com\/iwellguard\/","https:\/\/bit.ly\/m\/iwellguard","https:\/\/entre-vos-mains.alsace.eu\/profiles\/iwellguard\/activity","https:\/\/gravatar.com\/reallybeded8fd34","https:\/\/naijamatta.com\/iwellguard","https:\/\/www.goodreads.com\/iwellguard","https:\/\/profile.hatena.ne.jp\/iwellguard\/","https:\/\/experiment.com\/users\/iwellguard","https:\/\/wakelet.com\/@iWellGuard82270","https:\/\/www.chordie.com\/forum\/profile.php?id=2555664","https:\/\/www.instapaper.com\/p\/17757966","https:\/\/www.mapleprimes.com\/users\/iwellguard","https:\/\/businesslistingplus.com\/profile\/iwell-guard\/","https:\/\/telegra.ph\/iWell-Guard-06-06","https:\/\/pbase.com\/iwellguard\/iwellguard","https:\/\/b.hatena.ne.jp\/iwellguard\/20260607#bookmark-4788405196491818882","https:\/\/fliphtml5.com\/home\/iwellguard","https:\/\/anyflip.com\/homepage\/cmiwl#About","https:\/\/transfur.com\/Users\/iwellguard","http:\/\/delphi.larsbo.org\/user\/iwellguard","https:\/\/jobs.lajobsportal.org\/profiles\/8380803-iwell-guard","https:\/\/md.chaosdorf.de\/s\/jfbe5SBdJD","https:\/\/www.lingvolive.com\/en-us\/profile\/9ecaeaca-ce11-4e51-9e71-01d55e2bff36\/translations","https:\/\/www.fitday.com\/fitness\/forums\/members\/iwellguard.html","https:\/\/www.mymeetbook.com\/iwellguard","https:\/\/pxhere.com\/en\/photographer-me\/5040798","https:\/\/disqus.com\/by\/iwellguard\/about\/","https:\/\/pastelink.net\/hjwciqwq","https:\/\/pubhtml5.com\/homepage\/scjhn\/","https:\/\/www.bitchute.com\/channel\/2O2eOKzNqujT","https:\/\/audiomack.com\/iwellguard"]},{"@type":"Person","@id":"https:\/\/iwell-guard.com\/ca\/#\/schema\/person\/ee2a27f1cac3406c7c6fb5820cb7349f","name":"Ralf Ittermann","image":{"@type":"ImageObject","inLanguage":"ca","@id":"https:\/\/secure.gravatar.com\/avatar\/073c0153e350a5005b68eb752b445fea71f6b24a26da9449ad7e155e6b446c9d?s=96&d=mm&r=g","url":"https:\/\/secure.gravatar.com\/avatar\/073c0153e350a5005b68eb752b445fea71f6b24a26da9449ad7e155e6b446c9d?s=96&d=mm&r=g","contentUrl":"https:\/\/secure.gravatar.com\/avatar\/073c0153e350a5005b68eb752b445fea71f6b24a26da9449ad7e155e6b446c9d?s=96&d=mm&r=g","caption":"Ralf Ittermann"},"givenName":"Ralf","familyName":"Ittermann","jobTitle":"Gesch\u00e4ftsf\u00fchrer und redaktioneller Verantwortlicher","url":"https:\/\/iwell-guard.com\/ca\/author\/claude\/","description":"Ralf Ittermann ist Gesch\u00e4ftsf\u00fchrer der Ittermann electronic GmbH und redaktioneller Verantwortlicher des iWell-Guard-Lexikons. Er verbindet langj\u00e4hrige Erfahrung in der Pr\u00e4zisionsfertigung mit medialer Praxis und religionsgeschichtlicher Quellenarbeit.","worksFor":{"@type":"Organization","name":"Ittermann electronic GmbH","url":"https:\/\/ittermann.de\/","address":{"@type":"PostalAddress","streetAddress":"K\u00f6hlergasse 16-18","postalCode":"99842","addressLocality":"Ruhla","addressCountry":"DE"}},"knowsAbout":["Religionsgeschichte","Mythologie","Mediale Praxis","Energetische Diagnostik","Schutzpraxis","Volksglauben","Westliche Esoterik"]},{"@type":"Article","@id":"https:\/\/iwell-guard.com\/ca\/stallo-gigant-devorador-tradicio-sami\/#article","isPartOf":{"@id":"https:\/\/iwell-guard.com\/ca\/stallo-gigant-devorador-tradicio-sami\/"},"author":{"name":"Ralf Ittermann","@id":"https:\/\/iwell-guard.com\/ca\/#\/schema\/person\/ee2a27f1cac3406c7c6fb5820cb7349f"},"headline":"Stallo &#8211; Gigant devorador d&#8217;homes de la tradici\u00f3 sami","datePublished":"2026-09-05T15:42:11+00:00","dateModified":"2026-09-05T16:06:38+00:00","mainEntityOfPage":{"@id":"https:\/\/iwell-guard.com\/ca\/stallo-gigant-devorador-tradicio-sami\/"},"publisher":{"@id":"https:\/\/iwell-guard.com\/ca\/#organization"},"image":{"@id":"https:\/\/iwell-guard.com\/ca\/stallo-gigant-devorador-tradicio-sami\/#primaryimage"},"thumbnailUrl":"https:\/\/iwell-guard.com\/wp-content\/uploads\/2026\/05\/goetter_sami_stallo.webp","inLanguage":"ca","description":"Stallo \u00e9s el gegant devorador d'homes de la tradici\u00f3 sami. An\u00e0lisi historicoreligiosa de les narracions sobre aquest antagonista."}]}},"_links":{"self":[{"href":"https:\/\/iwell-guard.com\/ca\/wp-json\/wp\/v2\/pages\/171764","targetHints":{"allow":["GET"]}}],"collection":[{"href":"https:\/\/iwell-guard.com\/ca\/wp-json\/wp\/v2\/pages"}],"about":[{"href":"https:\/\/iwell-guard.com\/ca\/wp-json\/wp\/v2\/types\/page"}],"author":[{"embeddable":true,"href":"https:\/\/iwell-guard.com\/ca\/wp-json\/wp\/v2\/users\/3"}],"replies":[{"embeddable":true,"href":"https:\/\/iwell-guard.com\/ca\/wp-json\/wp\/v2\/comments?post=171764"}],"version-history":[{"count":0,"href":"https:\/\/iwell-guard.com\/ca\/wp-json\/wp\/v2\/pages\/171764\/revisions"}],"wp:featuredmedia":[{"embeddable":true,"href":"https:\/\/iwell-guard.com\/ca\/wp-json\/wp\/v2\/media\/2896"}],"wp:attachment":[{"href":"https:\/\/iwell-guard.com\/ca\/wp-json\/wp\/v2\/media?parent=171764"}],"wp:term":[{"taxonomy":"category","embeddable":true,"href":"https:\/\/iwell-guard.com\/ca\/wp-json\/wp\/v2\/categories?post=171764"}],"curies":[{"name":"wp","href":"https:\/\/api.w.org\/{rel}","templated":true}]}}