{"id":171763,"date":"2026-09-05T15:42:11","date_gmt":"2026-09-05T15:42:11","guid":{"rendered":"https:\/\/iwell-guard.com\/?page_id=171763"},"modified":"2026-09-05T16:06:35","modified_gmt":"2026-09-05T16:06:35","slug":"rahka-deu-pare-religio-sami","status":"publish","type":"page","link":"https:\/\/iwell-guard.com\/ca\/rahka-deu-pare-religio-sami\/","title":{"rendered":"R\u00e1hka &#8211; D\u00e9u Pare de la religi\u00f3 sami"},"content":{"rendered":"\t\t<div data-elementor-type=\"wp-page\" data-elementor-id=\"171763\" class=\"elementor elementor-171763 elementor-2666 elementor-bc-flex-widget\" data-elementor-post-type=\"page\">\n\t\t\t\t<div class=\"elementor-element elementor-element-iwgw-raehka-hero e-flex e-con-boxed e-con e-parent\" data-id=\"iwgw-raehka-hero\" data-element_type=\"container\" data-e-type=\"container\" data-settings=\"{&quot;background_background&quot;:&quot;classic&quot;}\">\n\t\t\t\t\t<div class=\"e-con-inner\">\n\t\t<div class=\"elementor-element elementor-element-iwgw-raehka-hl e-flex e-con-boxed e-con e-child\" data-id=\"iwgw-raehka-hl\" data-element_type=\"container\" data-e-type=\"container\">\n\t\t\t\t\t<div class=\"e-con-inner\">\n\t\t<div class=\"elementor-element elementor-element-iwgw-raehka-htxt e-con-full e-flex e-con e-child\" data-id=\"iwgw-raehka-htxt\" data-element_type=\"container\" data-e-type=\"container\">\n\t\t\t\t<div class=\"elementor-element elementor-element-iwgw-raehka-h1 elementor-widget elementor-widget-heading\" data-id=\"iwgw-raehka-h1\" data-element_type=\"widget\" data-e-type=\"widget\" data-widget_type=\"heading.default\">\n\t\t\t\t\t<h1 class=\"elementor-heading-title elementor-size-default\">R\u00e1hka - D\u00e9u creador i principi patern de la religi\u00f3 sami<\/h1>\t\t\t\t<\/div>\n\t\t\t\t<div class=\"elementor-element elementor-element-iwgw-raehka-lead elementor-widget elementor-widget-text-editor\" data-id=\"iwgw-raehka-lead\" data-element_type=\"widget\" data-e-type=\"widget\" data-widget_type=\"text-editor.default\">\n\t\t\t\t\t\t\t\t\t<p>R\u00e1hka o Radien-\u00c1h\u010d\u010di \u00e9s, en la religi\u00f3 sami, el d\u00e9u pare suprem i creador. Ocupa el cim del pante\u00f3 i atorga poder i ordre a les altres divinitats. Des del punt de vista de la ci\u00e8ncia de la religi\u00f3, pertany a la classe dels d\u00e9us superiors retirats (Deus otiosus), la veneraci\u00f3 concreta dels quals \u00e9s menys marcada que la seva import\u00e0ncia teol\u00f2gica.<\/p>\t\t\t\t\t\t\t\t<\/div>\n\t\t\t\t<\/div>\n\t\t<div class=\"elementor-element elementor-element-iwgw-raehka-pillc e-con-full e-flex e-con e-child\" data-id=\"iwgw-raehka-pillc\" data-element_type=\"container\" data-e-type=\"container\">\n\t\t\t\t<div class=\"elementor-element elementor-element-iwgw-raehka-pills elementor-widget elementor-widget-html\" data-id=\"iwgw-raehka-pills\" data-element_type=\"widget\" data-e-type=\"widget\" data-widget_type=\"html.default\">\n\t\t\t\t\t<div class=\"iwg-pill-row\"><span class=\"iwg-klasse-badge\" tabindex=\"0\" data-tooltip=\"D\u00e9u de la tradici\u00f3 sami.\">D\u00e9u<\/span><a href=\"https:\/\/iwell-guard.com\/ca\/sami-i-tradicio-fino-ugra-noaidi-i-tambor\/\" class=\"iwg-kultur-badge\" tabindex=\"0\" data-tooltip=\"Mitologia de la tradici\u00f3 sami.\">Sami<\/a><span class=\"iwg-tradition-badge\" tabindex=\"0\" data-tooltip=\"Creador i d\u00e9u pare.\">Creador i d\u00e9u pare<\/span><\/div>\t\t\t\t<\/div>\n\t\t\t\t<\/div>\n\t\t<div class=\"elementor-element elementor-element-iwgw-raehka-tocc e-con-full e-flex e-con e-child\" data-id=\"iwgw-raehka-tocc\" data-element_type=\"container\" data-e-type=\"container\">\n\t\t\t\t<div class=\"elementor-element elementor-element-iwgw-raehka-toc elementor-toc--minimized-on-tablet elementor-widget elementor-widget-table-of-contents\" data-id=\"iwgw-raehka-toc\" data-element_type=\"widget\" data-e-type=\"widget\" data-settings=\"{&quot;headings_by_tags&quot;:[&quot;h2&quot;,&quot;h3&quot;],&quot;minimize_box&quot;:&quot;yes&quot;,&quot;marker_view&quot;:&quot;bullets&quot;,&quot;no_headings_message&quot;:&quot;No s&#039;ha trobat cap encap\\u00e7alament en aquesta p\\u00e0gina.&quot;,&quot;exclude_headings_by_selector&quot;:[],&quot;icon&quot;:{&quot;value&quot;:&quot;fas fa-circle&quot;,&quot;library&quot;:&quot;fa-solid&quot;,&quot;rendered_tag&quot;:&quot;&lt;svg class=\\&quot;e-font-icon-svg e-fas-circle\\&quot; viewBox=\\&quot;0 0 512 512\\&quot; xmlns=\\&quot;http:\\\/\\\/www.w3.org\\\/2000\\\/svg\\&quot;&gt;&lt;path d=\\&quot;M256 8C119 8 8 119 8 256s111 248 248 248 248-111 248-248S393 8 256 8z\\&quot;&gt;&lt;\\\/path&gt;&lt;\\\/svg&gt;&quot;},&quot;minimized_on&quot;:&quot;tablet&quot;,&quot;hierarchical_view&quot;:&quot;yes&quot;,&quot;min_height&quot;:{&quot;unit&quot;:&quot;px&quot;,&quot;size&quot;:&quot;&quot;,&quot;sizes&quot;:[]},&quot;min_height_tablet&quot;:{&quot;unit&quot;:&quot;px&quot;,&quot;size&quot;:&quot;&quot;,&quot;sizes&quot;:[]},&quot;min_height_mobile&quot;:{&quot;unit&quot;:&quot;px&quot;,&quot;size&quot;:&quot;&quot;,&quot;sizes&quot;:[]}}\" data-widget_type=\"table-of-contents.default\">\n\t\t\t\t\t\t\t\t\t<div class=\"elementor-toc__header\">\n\t\t\t\t\t\t<h2 class=\"elementor-toc__header-title\">\n\t\t\t\t\u00cdndex\t\t\t<\/h2>\n\t\t\t\t\t\t\t\t\t\t<div class=\"elementor-toc__toggle-button elementor-toc__toggle-button--expand\" role=\"button\" tabindex=\"0\" aria-controls=\"elementor-toc__iwgw-raehka-toc\" aria-expanded=\"true\" aria-label=\"Open table of contents\"><svg aria-hidden=\"true\" class=\"e-font-icon-svg e-fas-chevron-down\" viewBox=\"0 0 448 512\" xmlns=\"http:\/\/www.w3.org\/2000\/svg\"><path d=\"M207.029 381.476L12.686 187.132c-9.373-9.373-9.373-24.569 0-33.941l22.667-22.667c9.357-9.357 24.522-9.375 33.901-.04L224 284.505l154.745-154.021c9.379-9.335 24.544-9.317 33.901.04l22.667 22.667c9.373 9.373 9.373 24.569 0 33.941L240.971 381.476c-9.373 9.372-24.569 9.372-33.942 0z\"><\/path><\/svg><\/div>\n\t\t\t\t<div class=\"elementor-toc__toggle-button elementor-toc__toggle-button--collapse\" role=\"button\" tabindex=\"0\" aria-controls=\"elementor-toc__iwgw-raehka-toc\" aria-expanded=\"true\" aria-label=\"Close table of contents\"><svg aria-hidden=\"true\" class=\"e-font-icon-svg e-fas-chevron-up\" viewBox=\"0 0 448 512\" xmlns=\"http:\/\/www.w3.org\/2000\/svg\"><path d=\"M240.971 130.524l194.343 194.343c9.373 9.373 9.373 24.569 0 33.941l-22.667 22.667c-9.357 9.357-24.522 9.375-33.901.04L224 227.495 69.255 381.516c-9.379 9.335-24.544 9.317-33.901-.04l-22.667-22.667c-9.373-9.373-9.373-24.569 0-33.941L207.03 130.525c9.372-9.373 24.568-9.373 33.941-.001z\"><\/path><\/svg><\/div>\n\t\t\t\t\t<\/div>\n\t\t\t\t<div id=\"elementor-toc__iwgw-raehka-toc\" class=\"elementor-toc__body\">\n\t\t\t<div class=\"elementor-toc__spinner-container\">\n\t\t\t\t<svg class=\"elementor-toc__spinner eicon-animation-spin e-font-icon-svg e-eicon-loading\" aria-hidden=\"true\" viewBox=\"0 0 1000 1000\" xmlns=\"http:\/\/www.w3.org\/2000\/svg\"><path d=\"M500 975V858C696 858 858 696 858 500S696 142 500 142 142 304 142 500H25C25 237 238 25 500 25S975 237 975 500 763 975 500 975Z\"><\/path><\/svg>\t\t\t<\/div>\n\t\t<\/div>\n\t\t\t\t\t\t<\/div>\n\t\t\t\t<\/div>\n\t\t\t\t\t<\/div>\n\t\t\t\t<\/div>\n\t\t<div class=\"elementor-element elementor-element-iwgw-raehka-hr e-con-full e-flex e-con e-child\" data-id=\"iwgw-raehka-hr\" data-element_type=\"container\" data-e-type=\"container\">\n\t\t\t\t<div class=\"elementor-element elementor-element-iwgw-raehka-heroimg iwg-hero-image elementor-widget elementor-widget-image\" data-id=\"iwgw-raehka-heroimg\" data-element_type=\"widget\" data-e-type=\"widget\" data-widget_type=\"image.default\">\n\t\t\t\t\t\t\t\t\t\t\t\t\t\t\t<img fetchpriority=\"high\" decoding=\"async\" width=\"683\" height=\"1024\" src=\"https:\/\/iwell-guard.com\/wp-content\/uploads\/2026\/05\/goetter_sami_raehka-683x1024.webp\" class=\"attachment-large size-large wp-image-2894\" alt=\"R\u00e1hka \u2013 D\u00e9u Pare de la religi\u00f3 sami\" srcset=\"https:\/\/iwell-guard.com\/wp-content\/uploads\/2026\/05\/goetter_sami_raehka-683x1024.webp 683w, https:\/\/iwell-guard.com\/wp-content\/uploads\/2026\/05\/goetter_sami_raehka-200x300.webp 200w, https:\/\/iwell-guard.com\/wp-content\/uploads\/2026\/05\/goetter_sami_raehka-768x1152.webp 768w, https:\/\/iwell-guard.com\/wp-content\/uploads\/2026\/05\/goetter_sami_raehka.webp 1024w\" sizes=\"(max-width: 683px) 100vw, 683px\" \/>\t\t\t\t\t\t\t\t\t\t\t\t\t\t\t<\/div>\n\t\t\t\t<\/div>\n\t\t\t\t\t<\/div>\n\t\t\t\t<\/div>\n\t\t\t\t<section class=\"elementor-section elementor-top-section elementor-element elementor-element-sec-iwgcomp2-raehka elementor-section-boxed elementor-section-height-default elementor-section-height-default\" data-id=\"sec-iwgcomp2-raehka\" data-element_type=\"section\" data-e-type=\"section\">\n\t\t\t\t\t\t<div class=\"elementor-container elementor-column-gap-default\">\n\t\t\t\t\t<div class=\"elementor-column elementor-col-100 elementor-top-column elementor-element elementor-element-col-iwgcomp2-raehka\" data-id=\"col-iwgcomp2-raehka\" data-element_type=\"column\" data-e-type=\"column\">\n\t\t\t<div class=\"elementor-widget-wrap elementor-element-populated\">\n\t\t\t\t\t\t<div class=\"elementor-element elementor-element-iwgcomp2-raehka elementor-widget elementor-widget-text-editor\" data-id=\"iwgcomp2-raehka\" data-element_type=\"widget\" data-e-type=\"widget\" data-widget_type=\"text-editor.default\">\n\t\t\t\t\t\t\t\t\t<p>R\u00e1hka \u00e9s considerat el <strong>d\u00e9u creador<\/strong> i el principi patern de la religi\u00f3 sami.<\/p>\t\t\t\t\t\t\t\t<\/div>\n\t\t\t\t\t<\/div>\n\t\t<\/div>\n\t\t\t\t\t<\/div>\n\t\t<\/section>\n\t\t\t\t<section class=\"elementor-section elementor-top-section elementor-element elementor-element-sec-iwgcomp-raehka elementor-section-boxed elementor-section-height-default elementor-section-height-default\" data-id=\"sec-iwgcomp-raehka\" data-element_type=\"section\" data-e-type=\"section\">\n\t\t\t\t\t\t<div class=\"elementor-container elementor-column-gap-default\">\n\t\t\t\t\t<div class=\"elementor-column elementor-col-100 elementor-top-column elementor-element elementor-element-col-iwgcomp-raehka\" data-id=\"col-iwgcomp-raehka\" data-element_type=\"column\" data-e-type=\"column\">\n\t\t\t<div class=\"elementor-widget-wrap elementor-element-populated\">\n\t\t\t\t\t\t<div class=\"elementor-element elementor-element-iwgcomp-raehka elementor-widget elementor-widget-text-editor\" data-id=\"iwgcomp-raehka\" data-element_type=\"widget\" data-e-type=\"widget\" data-widget_type=\"text-editor.default\">\n\t\t\t\t\t\t\t\t\t<p>R\u00e1hka \u00e9s considerat el <strong>d\u00e9u pare<\/strong> i creador de la religi\u00f3 sami, i complementa el <span class=\"iwg-fachbegriff\" data-tooltip=\"El conjunt dels d\u00e9us d'una religi\u00f3 o cultura.\" tabindex=\"0\">pante\u00f3<\/span> matern format per Maderakka i les seves filles.<\/p>\t\t\t\t\t\t\t\t<\/div>\n\t\t\t\t\t<\/div>\n\t\t<\/div>\n\t\t\t\t\t<\/div>\n\t\t<\/section>\n\t\t<div class=\"elementor-element elementor-element-iwgw-raehka-s0 e-flex e-con-boxed e-con e-parent\" data-id=\"iwgw-raehka-s0\" data-element_type=\"container\" data-e-type=\"container\">\n\t\t\t\t\t<div class=\"e-con-inner\">\n\t\t\t\t<div class=\"elementor-element elementor-element-iwgw-raehka-s0h elementor-widget elementor-widget-heading\" data-id=\"iwgw-raehka-s0h\" data-element_type=\"widget\" data-e-type=\"widget\" data-widget_type=\"heading.default\">\n\t\t\t\t\t<h2 class=\"elementor-heading-title elementor-size-default\">Classificaci\u00f3 i perfil breu<\/h2>\t\t\t\t<\/div>\n\t\t<div class=\"elementor-element elementor-element-iwgw-raehka-s0c e-con-full e-flex e-con e-child\" data-id=\"iwgw-raehka-s0c\" data-element_type=\"container\" data-e-type=\"container\">\n\t\t\t\t<div class=\"elementor-element elementor-element-iwgw-raehka-s0t elementor-widget elementor-widget-text-editor\" data-id=\"iwgw-raehka-s0t\" data-element_type=\"widget\" data-e-type=\"widget\" data-widget_type=\"text-editor.default\">\n\t\t\t\t\t\t\t\t\t<p>R\u00e1hka, anomenat tamb\u00e9 a les fonts Radien-\u00c1h\u010d\u010di, Radien-Attje o Veralden-Olmm\u00e1i, \u00e9s la figura masculina suprema de la religi\u00f3 precristiana <a href=\"https:\/\/iwell-guard.com\/ca\/sami-i-tradicio-fino-ugra-noaidi-i-tambor\/\">sami<\/a>. El seu nom significa literalment el pare que governa o l&#8217;home del m\u00f3n.<\/p><p>Des de la ci\u00e8ncia de la religi\u00f3, R\u00e1hka pertany a la classe dels d\u00e9us superiors retirats, que tot i ocupar el cim del pante\u00f3, en el <span class=\"iwg-fachbegriff\" data-tooltip=\"El conjunt de les pr\u00e0ctiques de veneraci\u00f3 religiosa dedicades a una divinitat o figura sagrada.\" tabindex=\"0\">culte<\/span> concret hi s\u00f3n menys presents que els seus fills, filles o els d\u00e9us subordinats amb funcions especialitzades. Aquesta constel\u00b7laci\u00f3 est\u00e0 documentada fenomenol\u00f2gicament en moltes religions d&#8217;arreu del m\u00f3n.<\/p><p>El seu fill, Radien-Pardne, apareix en algunes fonts com el poder executor del pare. Aquesta constel\u00b7laci\u00f3 pare-fill va generar confusi\u00f3 durant la missi\u00f3 cristiana, ja que recordava les categories trinit\u00e0ries cristianes i en part s&#8217;hi va reinterpretar. Cient\u00edficament, aquesta reinterpretaci\u00f3 s&#8217;ha d&#8217;analitzar de manera cr\u00edtica.<\/p><p>En el cas de R\u00e1hka es fa especialment palesa la necessitat d&#8217;un m\u00e8tode refinat: precisi\u00f3 etnogr\u00e0fica, cr\u00edtica ling\u00fc\u00edstica de les fonts i perspectiva comparativa han de convergir per copsar amb rigor aquesta figura de d\u00e9u superior anomenada de diverses maneres. Investigadors sami hi participen avui directament, corregint interpretacions occidentals m\u00e9s antigues que sovint tenien un biaix colonial.<\/p><p>Com a d\u00e9u superior retirat, R\u00e1hka s&#8217;inscriu en la topografia religiosa circumpolar, que mostra una estructura recurrent al llarg de grans dist\u00e0ncies. Aquesta const\u00e0ncia estructural al llarg de milers de quil\u00f2metres \u00e9s una de les troballes m\u00e9s remarcables de la <span class=\"iwg-fachbegriff\" data-tooltip=\"La ci\u00e8ncia que estudia les religions de manera comparativa i sense vincle de fe.\" tabindex=\"0\">ci\u00e8ncia de la religi\u00f3<\/span> comparada i encara \u00e9s objecte de debat.<\/p>\t\t\t\t\t\t\t\t<\/div>\n\t\t\t\t<\/div>\n\t\t\t\t\t<\/div>\n\t\t\t\t<\/div>\n\t\t<div class=\"elementor-element elementor-element-iwgw-raehka-s1 e-flex e-con-boxed e-con e-parent\" data-id=\"iwgw-raehka-s1\" data-element_type=\"container\" data-e-type=\"container\">\n\t\t\t\t\t<div class=\"e-con-inner\">\n\t\t\t\t<div class=\"elementor-element elementor-element-iwgw-raehka-s1h elementor-widget elementor-widget-heading\" data-id=\"iwgw-raehka-s1h\" data-element_type=\"widget\" data-e-type=\"widget\" data-widget_type=\"heading.default\">\n\t\t\t\t\t<h2 class=\"elementor-heading-title elementor-size-default\">Nom i etimologia<\/h2>\t\t\t\t<\/div>\n\t\t<div class=\"elementor-element elementor-element-iwgw-raehka-s1c e-con-full e-flex e-con e-child\" data-id=\"iwgw-raehka-s1c\" data-element_type=\"container\" data-e-type=\"container\">\n\t\t\t\t<div class=\"elementor-element elementor-element-iwgw-raehka-s1t elementor-widget elementor-widget-text-editor\" data-id=\"iwgw-raehka-s1t\" data-element_type=\"widget\" data-e-type=\"widget\" data-widget_type=\"text-editor.default\">\n\t\t\t\t\t\t\t\t\t<p>El nom R\u00e1hka prov\u00e9 d&#8217;una arrel proto-sami que significa governar o regir. La variant Radien es relaciona amb l&#8217;antic n\u00f2rdic <em>r\u00e1\u00f0<\/em>, que vol dir consell o poder. Aquesta doble denominaci\u00f3 apunta a una possible interacci\u00f3 ling\u00fc\u00edstica escandinau-sami.<\/p><p>La denominaci\u00f3 Veralden-Olmm\u00e1i significa literalment home del m\u00f3n o home de l&#8217;univers, i emfasitza la seva import\u00e0ncia cosmol\u00f2gica com a guardi\u00e0 de l&#8217;ordre del m\u00f3n. Aquesta doble o triple denominaci\u00f3 \u00e9s una peculiaritat fenomenol\u00f2gica de la tradici\u00f3 sami i fa que la identificaci\u00f3 precisa de la figura en les fonts sigui complexa.<\/p><p>Etimol\u00f2gicament, l&#8217;arrel <em>radien<\/em> est\u00e0 emparentada amb termes de l&#8217;antic escandinau, la qual cosa indica una antiga zona de contacte. El debat historicoreligi\u00f3s sobre el grau d&#8217;influ\u00e8ncia escandinava en les concepcions sami \u00e9s antic i no s&#8217;ha resolt del tot.<\/p><p>Des de la sociologia de la religi\u00f3, es planteja quina funci\u00f3 exercia un d\u00e9u superior com R\u00e1hka en l&#8217;ordre social de la comunitat sami tradicional, malgrat que en el <span class=\"iwg-fachbegriff\" data-tooltip=\"El conjunt de les pr\u00e0ctiques de veneraci\u00f3 religiosa dedicades a una divinitat o figura sagrada.\" tabindex=\"0\">culte<\/span> concret ocupava un paper m\u00e9s secundari.<\/p><p>Fins i tot en aquest cas, l&#8217;estructura religiosa va romandre estretament entrella\u00e7ada amb la pr\u00e0ctica social. Aquest vincle constitueix un camp de recerca propi dins l&#8217;antropologia de la religi\u00f3, estudiat de manera sistem\u00e0tica sobretot per H\u00e5kan Rydving i Konsta Kaikkonen.<\/p><p>Una altra dimensi\u00f3 \u00e9s la import\u00e0ncia de R\u00e1hka per a la pol\u00edtica d&#8217;identitat sami actual. Amb l&#8217;autogovern sami i el reconeixement del dret internacional als drets ind\u00edgenes, divinitats transmeses com el principi patern R\u00e1hka tornen a guanyar pres\u00e8ncia en la consci\u00e8ncia col\u00b7lectiva. Com es relacionen el reconeixement pol\u00edtic i la recerca religiosa \u00e9s un camp propi al qual la ci\u00e8ncia ha donat m\u00e9s pes en els darrers anys.<\/p>\t\t\t\t\t\t\t\t<\/div>\n\t\t\t\t<\/div>\n\t\t\t\t\t<\/div>\n\t\t\t\t<\/div>\n\t\t<div class=\"elementor-element elementor-element-iwgw-raehka-s2 e-flex e-con-boxed e-con e-parent\" data-id=\"iwgw-raehka-s2\" data-element_type=\"container\" data-e-type=\"container\">\n\t\t\t\t\t<div class=\"e-con-inner\">\n\t\t\t\t<div class=\"elementor-element elementor-element-iwgw-raehka-s2h elementor-widget elementor-widget-heading\" data-id=\"iwgw-raehka-s2h\" data-element_type=\"widget\" data-e-type=\"widget\" data-widget_type=\"heading.default\">\n\t\t\t\t\t<h2 class=\"elementor-heading-title elementor-size-default\">Descripci\u00f3 i iconografia<\/h2>\t\t\t\t<\/div>\n\t\t<div class=\"elementor-element elementor-element-iwgw-raehka-s2c e-con-full e-flex e-con e-child\" data-id=\"iwgw-raehka-s2c\" data-element_type=\"container\" data-e-type=\"container\">\n\t\t\t\t<div class=\"elementor-element elementor-element-iwgw-raehka-s2t elementor-widget elementor-widget-text-editor\" data-id=\"iwgw-raehka-s2t\" data-element_type=\"widget\" data-e-type=\"widget\" data-widget_type=\"text-editor.default\">\n\t\t\t\t\t\t\t\t\t<p>Les fonts etnogr\u00e0fiques descriuen R\u00e1hka com un home vell, savi i poder\u00f3s que vigila el cel i la terra. Rarament interv\u00e9 de manera directa en els esdeveniments, sin\u00f3 que deixa actuar els seus d\u00e9us subordinats i esperits ajudants.<\/p><p>Als tambors xam\u00e0nics sami, R\u00e1hka apareix generalment representat a la part superior, sovint com una figura masculina asseguda o dreta, de vegades amb corona, de vegades amb bast\u00f3. Ernst Manker va documentar sistem\u00e0ticament aquesta iconografia en els seus estudis sobre els tambors.<\/p><p>La posici\u00f3 iconogr\u00e0fica a la part superior del tambor correspon a la jerarquia teol\u00f2gica. Cient\u00edficament, la iconografia dels tambors \u00e9s una de les fonts ind\u00edgenes m\u00e9s importants per a la religi\u00f3 sami i complementa els relats escrits dels missioners, sovint pejoratius i esbiaixats.<\/p>\t\t\t\t\t\t\t\t<\/div>\n\t\t\t\t<\/div>\n\t\t\t\t\t<\/div>\n\t\t\t\t<\/div>\n\t\t<div class=\"elementor-element elementor-element-iwgw-raehka-s3 e-flex e-con-boxed e-con e-parent\" data-id=\"iwgw-raehka-s3\" data-element_type=\"container\" data-e-type=\"container\">\n\t\t\t\t\t<div class=\"e-con-inner\">\n\t\t\t\t<div class=\"elementor-element elementor-element-iwgw-raehka-s3h elementor-widget elementor-widget-heading\" data-id=\"iwgw-raehka-s3h\" data-element_type=\"widget\" data-e-type=\"widget\" data-widget_type=\"heading.default\">\n\t\t\t\t\t<h2 class=\"elementor-heading-title elementor-size-default\">Creaci\u00f3 i ordre del m\u00f3n<\/h2>\t\t\t\t<\/div>\n\t\t<div class=\"elementor-element elementor-element-iwgw-raehka-s3c e-con-full e-flex e-con e-child\" data-id=\"iwgw-raehka-s3c\" data-element_type=\"container\" data-e-type=\"container\">\n\t\t\t\t<div class=\"elementor-element elementor-element-iwgw-raehka-s3t elementor-widget elementor-widget-text-editor\" data-id=\"iwgw-raehka-s3t\" data-element_type=\"widget\" data-e-type=\"widget\" data-widget_type=\"text-editor.default\">\n\t\t\t\t\t\t\t\t\t<p>En algunes narracions samis de la creaci\u00f3, R\u00e1hka \u00e9s l&#8217;art\u00edfex del m\u00f3n. Va crear el cel, la terra, els animals i els \u00e9ssers humans. Els detalls d&#8217;aquestes concepcions de la creaci\u00f3 varien regionalment i no estan documentats de manera sistem\u00e0tica a les fonts.<\/p><p>Cient\u00edficament, la concepci\u00f3 de la creaci\u00f3 dels samis no \u00e9s una cosmogonia elaborada com l&#8217;Edda n\u00f2rdica antiga, sin\u00f3 una narraci\u00f3 de fons m\u00e9s aviat difusa que varia segons el context. Aquesta difusi\u00f3 \u00e9s t\u00edpica, des del punt de vista de la fenomenologia religiosa, de les religions de transmissi\u00f3 oral sense una <span class=\"iwg-fachbegriff\" data-tooltip=\"La doctrina cient\u00edfica sobre D\u00e9u i la fe d'una religi\u00f3.\" tabindex=\"0\">teologia<\/span> codificada.<\/p><p>R\u00e1hka mant\u00e9 l&#8217;ordre del m\u00f3n, per\u00f2 rarament el pertorba directament. Quan es viola l&#8217;ordre, per exemple mitjan\u00e7ant transgressions de tab\u00fas, solen intervenir els d\u00e9us subordinats i no R\u00e1hka mateix. Aquesta delegaci\u00f3 de l&#8217;activitat \u00e9s t\u00edpica, fenomenol\u00f2gicament, dels grans d\u00e9us retirats.<\/p>\t\t\t\t\t\t\t\t<\/div>\n\t\t\t\t<\/div>\n\t\t\t\t\t<\/div>\n\t\t\t\t<\/div>\n\t\t<div class=\"elementor-element elementor-element-iwgw-raehka-s4 e-flex e-con-boxed e-con e-parent\" data-id=\"iwgw-raehka-s4\" data-element_type=\"container\" data-e-type=\"container\">\n\t\t\t\t\t<div class=\"e-con-inner\">\n\t\t\t\t<div class=\"elementor-element elementor-element-iwgw-raehka-s4h elementor-widget elementor-widget-heading\" data-id=\"iwgw-raehka-s4h\" data-element_type=\"widget\" data-e-type=\"widget\" data-widget_type=\"heading.default\">\n\t\t\t\t\t<h2 class=\"elementor-heading-title elementor-size-default\">Culte i veneraci\u00f3<\/h2>\t\t\t\t<\/div>\n\t\t<div class=\"elementor-element elementor-element-iwgw-raehka-s4c e-con-full e-flex e-con e-child\" data-id=\"iwgw-raehka-s4c\" data-element_type=\"container\" data-e-type=\"container\">\n\t\t\t\t<div class=\"elementor-element elementor-element-iwgw-raehka-s4t elementor-widget elementor-widget-text-editor\" data-id=\"iwgw-raehka-s4t\" data-element_type=\"widget\" data-e-type=\"widget\" data-widget_type=\"text-editor.default\">\n\t\t\t\t\t\t\t\t\t<p>La veneraci\u00f3 directa a R\u00e1hka era menys pronunciada que la de Beaivi o les Akkas. Els xamans l&#8217;invocaven en ocasions especialment importants, com grans transicions vitals o crisis greus de la comunitat. En la vida quotidiana tenia un paper menor.<\/p><p>A les pedres sieidi, els llocs sagrats d&#8217;ofrena, R\u00e1hka era de vegades destinatari d&#8217;ofrenes, per\u00f2 amb m\u00e9s freq\u00fc\u00e8ncia ho eren <a href=\"https:\/\/iwell-guard.com\/ca\/?page_id=171761\">Beaivi<\/a>, les Akkas i els d\u00e9us funcionals especialitzats. Aquesta asimetria en la pr\u00e0ctica cultual \u00e9s t\u00edpica, fenomenol\u00f2gicament, d&#8217;aquest tipus de grans d\u00e9us.<\/p><p>Cient\u00edficament, l&#8217;asimetria entre la import\u00e0ncia teol\u00f2gica i la pr\u00e0ctica cultual concreta \u00e9s un fenomen propi que Mircea Eliade va descriure com a tret t\u00edpic del deus otiosus. R\u00e1hka \u00e9s un cas paradigm\u00e0tic d&#8217;aquesta constel\u00b7laci\u00f3 en la hist\u00f2ria religiosa circumpolar.<\/p>\t\t\t\t\t\t\t\t<\/div>\n\t\t\t\t<\/div>\n\t\t\t\t\t<\/div>\n\t\t\t\t<\/div>\n\t\t<div class=\"elementor-element elementor-element-iwgw-raehka-s5 e-flex e-con-boxed e-con e-parent\" data-id=\"iwgw-raehka-s5\" data-element_type=\"container\" data-e-type=\"container\">\n\t\t\t\t\t<div class=\"e-con-inner\">\n\t\t\t\t<div class=\"elementor-element elementor-element-iwgw-raehka-s5h elementor-widget elementor-widget-heading\" data-id=\"iwgw-raehka-s5h\" data-element_type=\"widget\" data-e-type=\"widget\" data-widget_type=\"heading.default\">\n\t\t\t\t\t<h2 class=\"elementor-heading-title elementor-size-default\">R\u00e1hka i el seu fill Radien-Pardne<\/h2>\t\t\t\t<\/div>\n\t\t<div class=\"elementor-element elementor-element-iwgw-raehka-s5c e-con-full e-flex e-con e-child\" data-id=\"iwgw-raehka-s5c\" data-element_type=\"container\" data-e-type=\"container\">\n\t\t\t\t<div class=\"elementor-element elementor-element-iwgw-raehka-s5t elementor-widget elementor-widget-text-editor\" data-id=\"iwgw-raehka-s5t\" data-element_type=\"widget\" data-e-type=\"widget\" data-widget_type=\"text-editor.default\">\n\t\t\t\t\t\t\t\t\t<p>En algunes fonts, R\u00e1hka es vincula estretament amb el seu fill Radien-Pardne, que actua com a poder executiu del pare. Mentre que R\u00e1hka representa l&#8217;ordre retirat, Radien-Pardne interv\u00e9 activament en els esdeveniments del m\u00f3n.<\/p><p>Aquesta constel\u00b7laci\u00f3 de pare i fill ha donat lloc, en la literatura missionera, a transfer\u00e8ncies parcials de la <span class=\"iwg-fachbegriff\" data-tooltip=\"La doctrina cient\u00edfica sobre D\u00e9u i la fe d'una religi\u00f3.\" tabindex=\"0\">teologia<\/span> cristiana de pare i fill. Cient\u00edficament, cal tractar aquesta reinterpretaci\u00f3 de manera cr\u00edtica, ja que se superposa a la constel\u00b7laci\u00f3 ind\u00edgena i en falsifica el significat original.<\/p><p>H\u00e5kan Rydving ha mostrat en els seus treballs que la constel\u00b7laci\u00f3 pare-fill en la religi\u00f3 sami precristiana tenia una l\u00f2gica pr\u00f2pia que no es pot copsar amb categories trinit\u00e0ries cristianes. Aquesta precisi\u00f3 metodol\u00f2gica \u00e9s central per a l&#8217;estudi cient\u00edfic.<\/p>\t\t\t\t\t\t\t\t<\/div>\n\t\t\t\t<\/div>\n\t\t\t\t\t<\/div>\n\t\t\t\t<\/div>\n\t\t<div class=\"elementor-element elementor-element-iwgw-raehka-s6 e-flex e-con-boxed e-con e-parent\" data-id=\"iwgw-raehka-s6\" data-element_type=\"container\" data-e-type=\"container\">\n\t\t\t\t\t<div class=\"e-con-inner\">\n\t\t\t\t<div class=\"elementor-element elementor-element-iwgw-raehka-s6h elementor-widget elementor-widget-heading\" data-id=\"iwgw-raehka-s6h\" data-element_type=\"widget\" data-e-type=\"widget\" data-widget_type=\"heading.default\">\n\t\t\t\t\t<h2 class=\"elementor-heading-title elementor-size-default\">Comparaci\u00f3 amb altres grans d\u00e9us<\/h2>\t\t\t\t<\/div>\n\t\t<div class=\"elementor-element elementor-element-iwgw-raehka-s6c e-con-full e-flex e-con e-child\" data-id=\"iwgw-raehka-s6c\" data-element_type=\"container\" data-e-type=\"container\">\n\t\t\t\t<div class=\"elementor-element elementor-element-iwgw-raehka-s6t elementor-widget elementor-widget-text-editor\" data-id=\"iwgw-raehka-s6t\" data-element_type=\"widget\" data-e-type=\"widget\" data-widget_type=\"text-editor.default\">\n\t\t\t\t\t\t\t\t\t<p>R\u00e1hka pertany a la classe dels grans d\u00e9us retirats, presents en moltes religions ind\u00edgenes d&#8217;Eur\u00e0sia i Am\u00e8rica del Nord. Comparables estructuralment s\u00f3n el fin\u00e8s Ukko (en la seva variant de gran d\u00e9u), el nenets Num, el txuktxi Tener o el Master of Life nord-americ\u00e0 de certes tradicions algonquines.<\/p><p>Aquesta constel\u00b7laci\u00f3 del deus otiosus \u00e9s, fenomenol\u00f2gicament, un patr\u00f3 estructural propi que Mircea Eliade va descriure sistem\u00e0ticament en la <span class=\"iwg-fachbegriff\" data-tooltip=\"La ci\u00e8ncia que estudia les religions de manera comparativa i sense comprom\u00eds de fe.\" tabindex=\"0\">ci\u00e8ncia de la religi\u00f3<\/span> comparada. El concepte d&#8217;Eliade \u00e9s discutit, per\u00f2 t\u00e9 un valor heur\u00edstic per a l&#8217;an\u00e0lisi de R\u00e1hka.<\/p><p>A difer\u00e8ncia dels grans d\u00e9us mediterranis com Zeus o J\u00fapiter, R\u00e1hka no \u00e9s conflictiu, ni er\u00f2tic, ni actiu en mites dram\u00e0tics. \u00c9s la inst\u00e0ncia de fons tranquil\u00b7la i estable que garanteix l&#8217;ordre sense intervenir-hi constantment. Aquesta gran divinitat serena \u00e9s, fenomenol\u00f2gicament, un fenomen propi.<\/p>\t\t\t\t\t\t\t\t<\/div>\n\t\t\t\t<\/div>\n\t\t\t\t\t<\/div>\n\t\t\t\t<\/div>\n\t\t<div class=\"elementor-element elementor-element-iwgw-raehka-s7 e-flex e-con-boxed e-con e-parent\" data-id=\"iwgw-raehka-s7\" data-element_type=\"container\" data-e-type=\"container\">\n\t\t\t\t\t<div class=\"e-con-inner\">\n\t\t\t\t<div class=\"elementor-element elementor-element-iwgw-raehka-s7h elementor-widget elementor-widget-heading\" data-id=\"iwgw-raehka-s7h\" data-element_type=\"widget\" data-e-type=\"widget\" data-widget_type=\"heading.default\">\n\t\t\t\t\t<h2 class=\"elementor-heading-title elementor-size-default\">Missi\u00f3 i despla\u00e7ament<\/h2>\t\t\t\t<\/div>\n\t\t<div class=\"elementor-element elementor-element-iwgw-raehka-s7c e-con-full e-flex e-con e-child\" data-id=\"iwgw-raehka-s7c\" data-element_type=\"container\" data-e-type=\"container\">\n\t\t\t\t<div class=\"elementor-element elementor-element-iwgw-raehka-s7t elementor-widget elementor-widget-text-editor\" data-id=\"iwgw-raehka-s7t\" data-element_type=\"widget\" data-e-type=\"widget\" data-widget_type=\"text-editor.default\">\n\t\t\t\t\t\t\t\t\t<p>La missi\u00f3 cristiana va identificar en part R\u00e1hka amb D\u00e9u Pare, cosa que va facilitar la teologia de transici\u00f3 dels samis cristianitzats, per\u00f2 va difuminar el significat sami espec\u00edfic. Aquesta identificaci\u00f3 no \u00e9s cient\u00edficament un simple <span class=\"iwg-fachbegriff\" data-tooltip=\"Fusi\u00f3 de concepcions o divinitats de diverses tradicions religioses.\" tabindex=\"0\">sincretisme<\/span>, sin\u00f3 una elecci\u00f3 deliberada d&#8217;estrat\u00e8gia missionera.<\/p><p>En els sermons luterans dels segles XVII i XVIII, R\u00e1hka apareixia de vegades presentat com una prefiguraci\u00f3 pagana incompleta del veritable D\u00e9u Pare cristi\u00e0. Aquesta reinterpretaci\u00f3 va ser una estrat\u00e8gia missionera efectiva, que va desactivar la religi\u00f3 ind\u00edgena sense eliminar-la del tot.<\/p><p>Cient\u00edficament, aquesta hist\u00f2ria missionera \u00e9s un camp de recerca propi que ha marcat la revisi\u00f3 postcolonial de la religi\u00f3 sami en les darreres d\u00e8cades. La redescoberta de R\u00e1hka com a gran d\u00e9u sami propi forma part d&#8217;aquesta revisi\u00f3.<\/p>\t\t\t\t\t\t\t\t<\/div>\n\t\t\t\t<\/div>\n\t\t\t\t\t<\/div>\n\t\t\t\t<\/div>\n\t\t<div class=\"elementor-element elementor-element-iwgw-raehka-s8 e-flex e-con-boxed e-con e-parent\" data-id=\"iwgw-raehka-s8\" data-element_type=\"container\" data-e-type=\"container\">\n\t\t\t\t\t<div class=\"e-con-inner\">\n\t\t\t\t<div class=\"elementor-element elementor-element-iwgw-raehka-s8h elementor-widget elementor-widget-heading\" data-id=\"iwgw-raehka-s8h\" data-element_type=\"widget\" data-e-type=\"widget\" data-widget_type=\"heading.default\">\n\t\t\t\t\t<h2 class=\"elementor-heading-title elementor-size-default\">Recerca i estat actual<\/h2>\t\t\t\t<\/div>\n\t\t<div class=\"elementor-element elementor-element-iwgw-raehka-s8c e-con-full e-flex e-con e-child\" data-id=\"iwgw-raehka-s8c\" data-element_type=\"container\" data-e-type=\"container\">\n\t\t\t\t<div class=\"elementor-element elementor-element-iwgw-raehka-s8t elementor-widget elementor-widget-text-editor\" data-id=\"iwgw-raehka-s8t\" data-element_type=\"widget\" data-e-type=\"widget\" data-widget_type=\"text-editor.default\">\n\t\t\t\t\t\t\t\t\t<p>La investigaci\u00f3 sobre R\u00e1hka est\u00e0 avui \u00e0mpliament desenvolupada. H\u00e5kan Rydving, Juha Pentik\u00e4inen, Anna Lia Berthelsen i Konsta Kaikkonen han estudiat sistem\u00e0ticament aquest gran d\u00e9u i n&#8217;han elaborat la <span class=\"iwg-fachbegriff\" data-tooltip=\"La doctrina cient\u00edfica sobre D\u00e9u i la fe d'una religi\u00f3.\" tabindex=\"0\">teologia<\/span> espec\u00edficament sami.<\/p><p>En la cultura sami contempor\u00e0nia, R\u00e1hka \u00e9s menys present que Beaivi o les Akkas, per\u00f2 apareix en la literatura sami i en les arts visuals. Els textos de joik el recullen ocasionalment sense situar-lo al centre.<\/p><p>La revisi\u00f3 cient\u00edfica de R\u00e1hka est\u00e0 en curs. Hi ha desiderats concrets de recerca en la diferenciaci\u00f3 regional precisa i en la relaci\u00f3 amb altres divinitats masculines sami com Horagalles o Tiermes. Aquestes llacunes s&#8217;haurien d&#8217;abordar en investigacions futures.<\/p>\t\t\t\t\t\t\t\t<\/div>\n\t\t\t\t<\/div>\n\t\t\t\t\t<\/div>\n\t\t\t\t<\/div>\n\t\t<div class=\"elementor-element elementor-element-iwgw-raehka-s9 e-flex e-con-boxed e-con e-parent\" data-id=\"iwgw-raehka-s9\" data-element_type=\"container\" data-e-type=\"container\">\n\t\t\t\t\t<div class=\"e-con-inner\">\n\t\t\t\t<div class=\"elementor-element elementor-element-iwgw-raehka-s9h elementor-widget elementor-widget-heading\" data-id=\"iwgw-raehka-s9h\" data-element_type=\"widget\" data-e-type=\"widget\" data-widget_type=\"heading.default\">\n\t\t\t\t\t<h2 class=\"elementor-heading-title elementor-size-default\">Refer\u00e8ncies creuades del l\u00e8xic<\/h2>\t\t\t\t<\/div>\n\t\t<div class=\"elementor-element elementor-element-iwgw-raehka-s9c e-con-full e-flex e-con e-child\" data-id=\"iwgw-raehka-s9c\" data-element_type=\"container\" data-e-type=\"container\">\n\t\t\t\t<div class=\"elementor-element elementor-element-iwgw-raehka-s9t elementor-widget elementor-widget-text-editor\" data-id=\"iwgw-raehka-s9t\" data-element_type=\"widget\" data-e-type=\"widget\" data-widget_type=\"text-editor.default\">\n\t\t\t\t\t\t\t\t\t<p>R\u00e1hka es relaciona amb <a href=\"https:\/\/iwell-guard.com\/ca\/?page_id=171761\">Beaivi<\/a>, <a href=\"https:\/\/iwell-guard.com\/ca\/?page_id=171762\">M\u00e1nnu<\/a>, <a href=\"https:\/\/iwell-guard.com\/ca\/?page_id=171764\">Stallo<\/a>, <a href=\"https:\/\/iwell-guard.com\/ca\/?page_id=171765\">Sara-Akka<\/a>, <a href=\"https:\/\/iwell-guard.com\/ca\/?page_id=171766\">Uksakka<\/a>, <a href=\"https:\/\/iwell-guard.com\/ca\/?page_id=171767\">Juksakka<\/a>, <a href=\"https:\/\/iwell-guard.com\/ca\/?page_id=171768\">Madderakka<\/a>, <a href=\"https:\/\/iwell-guard.com\/ca\/?page_id=171769\">Jabmiidaibmu<\/a> i <a href=\"https:\/\/iwell-guard.com\/ca\/?page_id=171770\">Saivo<\/a>. El nucli cultural <a href=\"https:\/\/iwell-guard.com\/ca\/sami-i-tradicio-fino-ugra-noaidi-i-tambor\/\">Tradici\u00f3 sami<\/a> emmarca la hist\u00f2ria religiosa. Grans d\u00e9us retirats amb estructures similars es troben en nombroses religions ind\u00edgenes d&#8217;Eur\u00e0sia i Am\u00e8rica del Nord i es descriuen en la fenomenologia religiosa com a deus otiosus.<\/p>\t\t\t\t\t\t\t\t<\/div>\n\t\t\t\t<\/div>\n\t\t\t\t\t<\/div>\n\t\t\t\t<\/div>\n\t\t<div class=\"elementor-element elementor-element-cp27454cbb e-flex e-con-boxed e-con e-parent\" data-id=\"cp27454cbb\" data-element_type=\"container\" data-e-type=\"container\">\n\t\t\t\t\t<div class=\"e-con-inner\">\n\t\t\t\t<div class=\"elementor-element elementor-element-cp2de9464a elementor-widget elementor-widget-heading\" data-id=\"cp2de9464a\" data-element_type=\"widget\" data-e-type=\"widget\" data-widget_type=\"heading.default\">\n\t\t\t\t\t<h2 class=\"elementor-heading-title elementor-size-default\">Estat de les fonts i el problema del registre<\/h2>\t\t\t\t<\/div>\n\t\t<div class=\"elementor-element elementor-element-cp2d7058cc e-flex e-con-boxed e-con e-child\" data-id=\"cp2d7058cc\" data-element_type=\"container\" data-e-type=\"container\">\n\t\t\t\t\t<div class=\"e-con-inner\">\n\t\t\t\t<div class=\"elementor-element elementor-element-cp22ea370e elementor-widget elementor-widget-text-editor\" data-id=\"cp22ea370e\" data-element_type=\"widget\" data-e-type=\"widget\" data-widget_type=\"text-editor.default\">\n\t\t\t\t\t\t\t\t\t<p>Sobre les concepcions religioses sami nom\u00e9s es coneix quelcom de manera molt fragment\u00e0ria i a trav\u00e9s d&#8217;una <span class=\"iwg-fachbegriff\" data-tooltip=\"La transmissi\u00f3 de coneixements i relats al llarg de generacions.\" tabindex=\"0\">tradici\u00f3<\/span> fortament interrompuda. Les lleng\u00fces sami no van ser escrites fins a l&#8217;\u00e8poca moderna, i la tradici\u00f3 religiosa era oral.<\/p><p>El que avui es pot copsar sobre figures individuals com Raehka prov\u00e9 sobretot de registres de missioners, capellans i viatgers dels segles XVII i XVIII, elaborats en el marc de la sovint violenta cristianitzaci\u00f3 del nord d&#8217;Escandin\u00e0via.<\/p><p>Fonts centrals d&#8217;aquest tipus s\u00f3n els informes de missioners noruecs i suecs com Thomas von Westen i els seus col\u00b7laboradors, aix\u00ed com els registres transmesos en manuscrits com l&#8217;anomenat manuscrit de N\u00e6r\u00f8y.<\/p><p>Aquests textos perseguien l&#8217;objectiu expl\u00edcit de descriure la religi\u00f3 sami per poder combatre-la. Els seus conceptes queden per aix\u00f2 distorsionats: les divinitats s\u00f3n en part demonitzades, en part reinterpretades amb categories cristianes, i les difer\u00e8ncies regionals entre els diversos grups sami s&#8217;esborren.<\/p><p>A m\u00e9s, una mateixa figura o una figura similar apareix en diferents regions sota noms diferents, i les grafies varien molt perqu\u00e8 els qui les van registrar nom\u00e9s reprodu\u00efen de manera aproximada els sons de les lleng\u00fces sami. Per aix\u00f2 no \u00e9s possible fer una afirmaci\u00f3 un\u00edvoca i v\u00e0lida a nivell supraregional sobre Raehka.<\/p><p>Historiadors de les religions com H\u00e5kan Rydving han assenyalat que fins i tot la idea d&#8217;un pante\u00f3 sami tancat i coherent podria ser un constructe de les fonts. Tota aproximaci\u00f3 a Raehka ha d&#8217;assenyalar aquesta doble incertesa: la fragmentarietat dels testimonis i el seu origen en un context d&#8217;opressi\u00f3.<\/p>\t\t\t\t\t\t\t\t<\/div>\n\t\t\t\t\t<\/div>\n\t\t\t\t<\/div>\n\t\t\t\t\t<\/div>\n\t\t\t\t<\/div>\n\t\t<div class=\"elementor-element elementor-element-cp20882ba7 e-flex e-con-boxed e-con e-parent\" data-id=\"cp20882ba7\" data-element_type=\"container\" data-e-type=\"container\">\n\t\t\t\t\t<div class=\"e-con-inner\">\n\t\t\t\t<div class=\"elementor-element elementor-element-cp2af949a8 elementor-widget elementor-widget-heading\" data-id=\"cp2af949a8\" data-element_type=\"widget\" data-e-type=\"widget\" data-widget_type=\"heading.default\">\n\t\t\t\t\t<h2 class=\"elementor-heading-title elementor-size-default\">Figures del tambor i la interpretaci\u00f3 dels signes gr\u00e0fics<\/h2>\t\t\t\t<\/div>\n\t\t<div class=\"elementor-element elementor-element-cp2bdb8657 e-flex e-con-boxed e-con e-child\" data-id=\"cp2bdb8657\" data-element_type=\"container\" data-e-type=\"container\">\n\t\t\t\t\t<div class=\"e-con-inner\">\n\t\t\t\t<div class=\"elementor-element elementor-element-cp25437e13 elementor-widget elementor-widget-text-editor\" data-id=\"cp25437e13\" data-element_type=\"widget\" data-e-type=\"widget\" data-widget_type=\"text-editor.default\">\n\t\t\t\t\t\t\t\t\t<p>Un g\u00e8nere de fonts propi per a les concepcions religioses sami s\u00f3n els tambors m\u00e0gics, en sami, segons la llengua, <em>goavddis<\/em> o <em>meavrresg\u00e1rri<\/em>. Sobre la seva membrana portaven figures pintades amb ocre que representaven \u00e0mbits cosmol\u00f2gics, divinitats, animals i elements del paisatge. En l&#8217;\u00fas ritual, un indicador es despla\u00e7ava per aquests camps, i el seu moviment era interpretat.<\/p><p>Es conserven diverses dotzenes d&#8217;aquests tambors, molts dels quals van ser confiscats als segles XVII i XVIII per autoritats i missioners i traslladats a col\u00b7leccions europees. Ernst Manker els va catalogar entre les d\u00e8cades de 1930 i 1950 i va intentar sistematitzar els signes gr\u00e0fics.<\/p><p>Amb aix\u00f2 va apar\u00e8ixer un problema fonamental: les interpretacions de les figures individuals procedeixen quasi sempre de registradors externs, no dels propietaris dels tambors, i sovint es contradiuen entre si.<\/p><p>Si una figura determinada d&#8217;un tambor s&#8217;ha d&#8217;identificar amb Raehka, per tant, normalment no es pot decidir amb seguretat. Les anotacions contempor\u00e0nies atribueixen el mateix tipus de figura, en tambors diferents, a figures diverses, i les tradicions pict\u00f2riques regionals difereixen considerablement.<\/p><p>Els tambors demostren, certament, que la religi\u00f3 sami disposava d&#8217;un ric sistema d&#8217;imatges, per\u00f2 no proporcionen un acc\u00e9s directe a una figura concreta.<\/p><p>Per a Raehka, aix\u00f2 significa que la tradici\u00f3 dels tambors s&#8217;ha d&#8217;esmentar com a possible rerefons, sense que es puguin atribuir amb seguretat testimonis gr\u00e0fics concrets. La recerca sami actual treballa cada cop m\u00e9s en col\u00b7laboraci\u00f3 amb els descendents de les comunitats tradicionals, en lloc de limitar-se a perpetuar els antics cat\u00e0legs.<\/p>\t\t\t\t\t\t\t\t<\/div>\n\t\t\t\t\t<\/div>\n\t\t\t\t<\/div>\n\t\t\t\t\t<\/div>\n\t\t\t\t<\/div>\n\t\t<div class=\"elementor-element elementor-element-iwgw-raehka-lit e-flex e-con-boxed e-con e-parent\" data-id=\"iwgw-raehka-lit\" data-element_type=\"container\" data-e-type=\"container\">\n\t\t\t\t\t<div class=\"e-con-inner\">\n\t\t\t\t<div class=\"elementor-element elementor-element-iwgw-raehka-lith elementor-widget elementor-widget-heading\" data-id=\"iwgw-raehka-lith\" data-element_type=\"widget\" data-e-type=\"widget\" data-widget_type=\"heading.default\">\n\t\t\t\t\t<h2 class=\"elementor-heading-title elementor-size-default\">Bibliografia (selecci\u00f3)<\/h2>\t\t\t\t<\/div>\n\t\t<div class=\"elementor-element elementor-element-iwgw-raehka-litc e-con-full e-flex e-con e-child\" data-id=\"iwgw-raehka-litc\" data-element_type=\"container\" data-e-type=\"container\">\n\t\t\t\t<div class=\"elementor-element elementor-element-iwgw-raehka-litt elementor-widget elementor-widget-text-editor\" data-id=\"iwgw-raehka-litt\" data-element_type=\"widget\" data-e-type=\"widget\" data-widget_type=\"text-editor.default\">\n\t\t\t\t\t\t\t\t\t<ul><li>H\u00e5kan Rydving: <em>The End of Drum-Time<\/em> (Uppsala 1993)<\/li><li>Juha Pentik\u00e4inen: <em>Saamelaiset. Pohjoisen kansan mytologia<\/em> (Helsinki 1995)<\/li><li>Ernst Manker: <em>Die Lappische Zaubertrommel<\/em> (Stockholm 1938-1950)<\/li><li>Johannes Schefferus: <em>Lapponia<\/em> (Frankfurt 1673)<\/li><li>Konsta Kaikkonen: <em>Sami Pre-Christian Religion<\/em> (Helsinki 2020)<\/li><li>Mircea Eliade: <em>El <span class=\"iwg-fachbegriff\" data-tooltip=\"Sistema religi\u00f3s en el qual especialistes es comuniquen amb el m\u00f3n dels esperits.\" tabindex=\"0\">xamanisme<\/span> i les t\u00e8cniques arcaiques de l&#8217;\u00e8xtasi<\/em> (Stuttgart 1957)<\/li><\/ul>\t\t\t\t\t\t\t\t<\/div>\n\t\t\t\t<\/div>\n\t\t\t\t\t<\/div>\n\t\t\t\t<\/div>\n\t\t<div class=\"elementor-element elementor-element-iwgw-raehka-kwd e-flex e-con-boxed e-con e-parent\" data-id=\"iwgw-raehka-kwd\" data-element_type=\"container\" data-e-type=\"container\">\n\t\t\t\t\t<div class=\"e-con-inner\">\n\t\t<div class=\"elementor-element elementor-element-iwgw-raehka-kwdc e-con-full e-flex e-con e-child\" data-id=\"iwgw-raehka-kwdc\" data-element_type=\"container\" data-e-type=\"container\">\n\t\t\t\t<div class=\"elementor-element elementor-element-iwgw-raehka-kwdt elementor-widget elementor-widget-text-editor\" data-id=\"iwgw-raehka-kwdt\" data-element_type=\"widget\" data-e-type=\"widget\" data-widget_type=\"text-editor.default\">\n\t\t\t\t\t\t\t\t\t<p><em>Conceptes clau relacionats: R\u00e1hka Radien-\u00c1h\u010d\u010di Radien-Attje Veralden-Olmm\u00e1i Sami D\u00e9u pare Creador Deus otiosus.<\/em><\/p>\t\t\t\t\t\t\t\t<\/div>\n\t\t\t\t<\/div>\n\t\t\t\t\t<\/div>\n\t\t\t\t<\/div>\n\t\t<div class=\"elementor-element elementor-element-iwgw-raehka-cc e-flex e-con-boxed e-con e-parent\" data-id=\"iwgw-raehka-cc\" data-element_type=\"container\" data-e-type=\"container\" id=\"iwg-cc-raehka\">\n\t\t\t\t\t<div class=\"e-con-inner\">\n\t\t<div class=\"elementor-element elementor-element-iwgw-raehka-ccinner e-flex e-con-boxed e-con e-parent\" data-id=\"iwgw-raehka-ccinner\" data-element_type=\"container\" data-e-type=\"container\" data-settings=\"{&quot;background_background&quot;:&quot;classic&quot;}\">\n\t\t\t\t\t<div class=\"e-con-inner\">\n\t\t\t\t<div class=\"elementor-element elementor-element-iwgw-raehka-cch elementor-widget elementor-widget-heading\" data-id=\"iwgw-raehka-cch\" data-element_type=\"widget\" data-e-type=\"widget\" data-widget_type=\"heading.default\">\n\t\t\t\t\t<h2 class=\"elementor-heading-title elementor-size-default\">iWell Guard i tradicions de protecci\u00f3<\/h2>\t\t\t\t<\/div>\n\t\t\t\t<div class=\"elementor-element elementor-element-iwgw-raehka-cct elementor-widget elementor-widget-text-editor\" data-id=\"iwgw-raehka-cct\" data-element_type=\"widget\" data-e-type=\"widget\" data-widget_type=\"text-editor.default\">\n\t\t\t\t\t\t\t\t\t<div data-nosnippet=\"true\"><p>iWell Guard s&#8217;inspira en la tradici\u00f3 culturohist\u00f2rica dels objectes de protecci\u00f3 portables, seguint la tradici\u00f3 dels <a href=\"https:\/\/iwell-guard.com\/ca\/sami-i-tradicio-fino-ugra-noaidi-i-tambor\/\">sami<\/a> i de moltes altres cultures d&#8217;arreu del m\u00f3n. 41 capes, or aut\u00e8ntic, plat\u00ed, plata, fabricat a Alemanya. Dret de devoluci\u00f3 de 30 dies.<\/p><\/div>\t\t\t\t\t\t\t\t<\/div>\n\t\t\t\t<div class=\"elementor-element elementor-element-iwgw-raehka-ccb iwg-cc-button iwg-cc-cta-2026-05-13 elementor-widget elementor-widget-jet-button\" data-id=\"iwgw-raehka-ccb\" data-element_type=\"widget\" data-e-type=\"widget\" data-widget_type=\"jet-button.default\">\n\t\t\t\t<div class=\"elementor-widget-container\">\n\t\t\t\t\t<div class=\"elementor-jet-button jet-elements\"><div class=\"jet-button__container\"><a class=\"jet-button__instance jet-button__instance--icon-left hover-effect-1\" href=\"\/ueber-iwell-guard\/?utm_source=iwell-guard.com&amp;utm_medium=info-box&amp;utm_campaign=wesen-tradition\"><div class=\"jet-button__plane jet-button__plane-normal\"><\/div><div class=\"jet-button__plane jet-button__plane-hover\"><\/div><div class=\"jet-button__state jet-button__state-normal\"><span class=\"jet-button__label\">M\u00e9s informaci\u00f3 sobre l'iWell Guard<\/span><\/div><div class=\"jet-button__state jet-button__state-hover\"><span class=\"jet-button__label\">M\u00e9s informaci\u00f3 sobre l'iWell Guard<\/span><\/div><\/a><\/div><\/div><style>.elementor-element.elementor-element-iwgw-raehka-ccb .jet-button__instance{width:320px;height:56px;}.elementor-element.elementor-element-iwgw-raehka-ccb .jet-button__state-normal .jet-button__label{text-align:center;margin:0px 0px 0px 0px;color:#1a1b20;font-family:Montserrat,sans-serif;font-size:13px;font-weight:400;letter-spacing:4px;line-height:1.714em;text-transform:uppercase;}.elementor-element.elementor-element-iwgw-raehka-ccb .jet-button__state-hover .jet-button__label{text-align:center;margin:0px 0px 0px 0px;color:#FECC76;font-family:Montserrat,sans-serif;font-size:13px;font-weight:400;letter-spacing:4px;line-height:1.714em;text-transform:uppercase;}.elementor-element.elementor-element-iwgw-raehka-ccb .jet-button__plane-normal{background-color:#FECC76;border-style:solid;border-color:#C99540;border-width:2px 2px 2px 2px;}.elementor-element.elementor-element-iwgw-raehka-ccb .jet-button__plane-hover{background-color:rgba(0,0,0,0.55);border-style:solid;border-color:#FECC76;border-width:2px 2px 2px 2px;}<\/style>\t\t\t\t<\/div>\n\t\t\t\t<\/div>\n\t\t\t\t<div class=\"elementor-element elementor-element-iwgw-raehka-ccd elementor-widget elementor-widget-text-editor\" data-id=\"iwgw-raehka-ccd\" data-element_type=\"widget\" data-e-type=\"widget\" data-widget_type=\"text-editor.default\">\n\t\t\t\t\t\t\t\t\t<div data-nosnippet=\"true\"><p style=\"text-align:center;font-size:13px;opacity:0.7;margin-top:14px\" data-nosnippet=\"true\">Les experi\u00e8ncies personals poden variar. No \u00e9s un producte sanitari. No \u00e9s una promesa de curaci\u00f3.<\/p><\/div>\t\t\t\t\t\t\t\t<\/div>\n\t\t\t\t\t<\/div>\n\t\t\t\t<\/div>\n\t\t\t\t\t<\/div>\n\t\t\t\t<\/div>\n\t\t<div class=\"elementor-element elementor-element-iwgw-raehka-disc e-flex e-con-boxed e-con e-parent\" data-id=\"iwgw-raehka-disc\" data-element_type=\"container\" data-e-type=\"container\">\n\t\t\t\t\t<div class=\"e-con-inner\">\n\t\t\t\t<div class=\"elementor-element elementor-element-iwgw-raehka-discw elementor-widget elementor-widget-html\" data-id=\"iwgw-raehka-discw\" data-element_type=\"widget\" data-e-type=\"widget\" data-widget_type=\"html.default\">\n\t\t\t\t\t<footer data-nosnippet=\"true\" class=\"iwg-disclaimer-block\"><p data-nosnippet=\"true\">iWell Guard <strong>no \u00e9s un producte sanitari<\/strong> i no substitueix cap tractament m\u00e8dic o psicoterap\u00e8utic. Els continguts d'hist\u00f2ria de les religions s\u00f3n una classificaci\u00f3 culturohist\u00f2rica, no una recomanaci\u00f3 de pr\u00e0ctica espiritual.<\/p><\/footer>\t\t\t\t<\/div>\n\t\t\t\t\t<\/div>\n\t\t\t\t<\/div>\n\t\t\t\t<\/div>\n\t\t","protected":false},"excerpt":{"rendered":"","protected":false},"author":3,"featured_media":2894,"parent":0,"menu_order":0,"comment_status":"closed","ping_status":"closed","template":"elementor_header_footer","meta":{"_yoast_wpseo_focuskw":"R\u00e1hka d\u00e9u pare sami","_yoast_wpseo_title":"R\u00e1hka - D\u00e9u Pare i creador dels sami","_yoast_wpseo_metadesc":"R\u00e1hka, Radien-\u00c1h\u010d\u010di, \u00e9s el d\u00e9u pare i creador de la religi\u00f3 sami. Situaci\u00f3 dins la mitologia, el culte i les fonts des de la perspectiva de la ci\u00e8ncia de la religi\u00f3.","_yoast_wpseo_meta-robots-noindex":"","_yoast_wpseo_canonical":"","_angie_page":false,"gefaehrdungsstufe":"","wesen_kultur":"","wesen_klasse":"","footnotes":""},"categories":[],"class_list":["post-171763","page","type-page","status-publish","has-post-thumbnail","hentry"],"yoast_head":"<!-- This site is optimized with the Yoast SEO Premium plugin v27.7 (Yoast SEO v28.3) - https:\/\/yoast.com\/product\/yoast-seo-premium-wordpress\/ -->\n<title>R\u00e1hka - D\u00e9u Pare i creador dels sami<\/title>\n<meta name=\"description\" content=\"R\u00e1hka, Radien-\u00c1h\u010d\u010di, \u00e9s el d\u00e9u pare i creador de la religi\u00f3 sami. Situaci\u00f3 dins la mitologia, el culte i les fonts des de la perspectiva de la ci\u00e8ncia de la religi\u00f3.\" \/>\n<meta name=\"robots\" content=\"index, follow, max-snippet:-1, max-image-preview:large, max-video-preview:-1\" \/>\n<link rel=\"canonical\" href=\"https:\/\/iwell-guard.com\/ca\/rahka-deu-pare-religio-sami\/\" \/>\n<meta property=\"og:locale\" content=\"ca_ES\" \/>\n<meta property=\"og:type\" content=\"article\" \/>\n<meta property=\"og:title\" content=\"R\u00e1hka - D\u00e9u Pare de la religi\u00f3 sami\" \/>\n<meta property=\"og:description\" content=\"R\u00e1hka, Radien-\u00c1h\u010d\u010di, \u00e9s el d\u00e9u pare i creador de la religi\u00f3 sami. Situaci\u00f3 dins la mitologia, el culte i les fonts des de la perspectiva de la ci\u00e8ncia de la religi\u00f3.\" \/>\n<meta property=\"og:url\" content=\"https:\/\/iwell-guard.com\/ca\/rahka-deu-pare-religio-sami\/\" \/>\n<meta property=\"og:site_name\" content=\"iWell Guard\" \/>\n<meta property=\"article:modified_time\" content=\"2026-09-05T16:06:35+00:00\" \/>\n<meta property=\"og:image\" content=\"https:\/\/iwell-guard.com\/wp-content\/uploads\/2026\/05\/goetter_sami_raehka.webp\" \/>\n\t<meta property=\"og:image:width\" content=\"1024\" \/>\n\t<meta property=\"og:image:height\" content=\"1536\" \/>\n\t<meta property=\"og:image:type\" content=\"image\/webp\" \/>\n<meta name=\"twitter:card\" content=\"summary_large_image\" \/>\n<script type=\"application\/ld+json\" class=\"yoast-schema-graph\">{\"@context\":\"https:\\\/\\\/schema.org\",\"@graph\":[{\"@type\":\"WebPage\",\"@id\":\"https:\\\/\\\/iwell-guard.com\\\/ca\\\/rahka-deu-pare-religio-sami\\\/\",\"url\":\"https:\\\/\\\/iwell-guard.com\\\/ca\\\/rahka-deu-pare-religio-sami\\\/\",\"name\":\"R\u00e1hka - D\u00e9u Pare i creador dels sami\",\"isPartOf\":{\"@id\":\"https:\\\/\\\/iwell-guard.com\\\/ca\\\/#website\"},\"primaryImageOfPage\":{\"@id\":\"https:\\\/\\\/iwell-guard.com\\\/ca\\\/rahka-deu-pare-religio-sami\\\/#primaryimage\"},\"image\":{\"@id\":\"https:\\\/\\\/iwell-guard.com\\\/ca\\\/rahka-deu-pare-religio-sami\\\/#primaryimage\"},\"thumbnailUrl\":\"https:\\\/\\\/iwell-guard.com\\\/wp-content\\\/uploads\\\/2026\\\/05\\\/goetter_sami_raehka.webp\",\"datePublished\":\"2026-09-05T15:42:11+00:00\",\"dateModified\":\"2026-09-05T16:06:35+00:00\",\"description\":\"R\u00e1hka, Radien-\u00c1h\u010d\u010di, \u00e9s el d\u00e9u pare i creador de la religi\u00f3 sami. Situaci\u00f3 dins la mitologia, el culte i les fonts des de la perspectiva de la ci\u00e8ncia de la religi\u00f3.\",\"breadcrumb\":{\"@id\":\"https:\\\/\\\/iwell-guard.com\\\/ca\\\/rahka-deu-pare-religio-sami\\\/#breadcrumb\"},\"inLanguage\":\"ca\",\"potentialAction\":[{\"@type\":\"ReadAction\",\"target\":[\"https:\\\/\\\/iwell-guard.com\\\/ca\\\/rahka-deu-pare-religio-sami\\\/\"]}]},{\"@type\":\"ImageObject\",\"inLanguage\":\"ca\",\"@id\":\"https:\\\/\\\/iwell-guard.com\\\/ca\\\/rahka-deu-pare-religio-sami\\\/#primaryimage\",\"url\":\"https:\\\/\\\/iwell-guard.com\\\/wp-content\\\/uploads\\\/2026\\\/05\\\/goetter_sami_raehka.webp\",\"contentUrl\":\"https:\\\/\\\/iwell-guard.com\\\/wp-content\\\/uploads\\\/2026\\\/05\\\/goetter_sami_raehka.webp\",\"width\":1024,\"height\":1536,\"caption\":\"D\u00e9us de la tradici\u00f3 sami.\"},{\"@type\":\"BreadcrumbList\",\"@id\":\"https:\\\/\\\/iwell-guard.com\\\/ca\\\/rahka-deu-pare-religio-sami\\\/#breadcrumb\",\"itemListElement\":[{\"@type\":\"ListItem\",\"position\":1,\"name\":\"Start\",\"item\":\"https:\\\/\\\/iwell-guard.com\\\/ca\\\/?page_id=171333\"},{\"@type\":\"ListItem\",\"position\":2,\"name\":\"R\u00e1hka &#8211; D\u00e9u Pare de la religi\u00f3 sami\"}]},{\"@type\":\"WebSite\",\"@id\":\"https:\\\/\\\/iwell-guard.com\\\/ca\\\/#website\",\"url\":\"https:\\\/\\\/iwell-guard.com\\\/ca\\\/\",\"name\":\"iWell Guard\",\"description\":\"Schutz vor dunklen Einfl\u00fcssen\",\"publisher\":{\"@id\":\"https:\\\/\\\/iwell-guard.com\\\/ca\\\/#organization\"},\"potentialAction\":[{\"@type\":\"SearchAction\",\"target\":{\"@type\":\"EntryPoint\",\"urlTemplate\":\"https:\\\/\\\/iwell-guard.com\\\/ca\\\/?s={search_term_string}\"},\"query-input\":{\"@type\":\"PropertyValueSpecification\",\"valueRequired\":true,\"valueName\":\"search_term_string\"}}],\"inLanguage\":\"ca\"},{\"@type\":\"Organization\",\"@id\":\"https:\\\/\\\/iwell-guard.com\\\/ca\\\/#organization\",\"name\":\"Ittermann electronic GmbH\",\"url\":\"https:\\\/\\\/iwell-guard.com\\\/ca\\\/\",\"logo\":{\"@type\":\"ImageObject\",\"inLanguage\":\"ca\",\"@id\":\"https:\\\/\\\/iwell-guard.com\\\/ca\\\/#\\\/schema\\\/logo\\\/image\\\/\",\"url\":\"https:\\\/\\\/iwell-guard.com\\\/wp-content\\\/uploads\\\/2026\\\/05\\\/Ittermann-Logo-1182x237-1.png\",\"contentUrl\":\"https:\\\/\\\/iwell-guard.com\\\/wp-content\\\/uploads\\\/2026\\\/05\\\/Ittermann-Logo-1182x237-1.png\",\"width\":1182,\"height\":237,\"caption\":\"Ittermann electronic GmbH\"},\"image\":{\"@id\":\"https:\\\/\\\/iwell-guard.com\\\/ca\\\/#\\\/schema\\\/logo\\\/image\\\/\"},\"sameAs\":[\"https:\\\/\\\/pantip.com\\\/profile\\\/9367242\",\"https:\\\/\\\/micro.blog\\\/iwellguard\",\"https:\\\/\\\/www.diggerslist.com\\\/iwellguard\\\/about\",\"https:\\\/\\\/skitterphoto.com\\\/photographers\\\/2870314\\\/iwell-guard\",\"https:\\\/\\\/iwellguard.wordpress.com\\\/2026\\\/06\\\/06\\\/iwell-guard\\\/\",\"https:\\\/\\\/hub.docker.com\\\/u\\\/iwellguard\",\"https:\\\/\\\/www.pinterest.com\\\/iwellguard\\\/\",\"https:\\\/\\\/bit.ly\\\/m\\\/iwellguard\",\"https:\\\/\\\/entre-vos-mains.alsace.eu\\\/profiles\\\/iwellguard\\\/activity\",\"https:\\\/\\\/gravatar.com\\\/reallybeded8fd34\",\"https:\\\/\\\/naijamatta.com\\\/iwellguard\",\"https:\\\/\\\/www.goodreads.com\\\/iwellguard\",\"https:\\\/\\\/profile.hatena.ne.jp\\\/iwellguard\\\/\",\"https:\\\/\\\/experiment.com\\\/users\\\/iwellguard\",\"https:\\\/\\\/wakelet.com\\\/@iWellGuard82270\",\"https:\\\/\\\/www.chordie.com\\\/forum\\\/profile.php?id=2555664\",\"https:\\\/\\\/www.instapaper.com\\\/p\\\/17757966\",\"https:\\\/\\\/www.mapleprimes.com\\\/users\\\/iwellguard\",\"https:\\\/\\\/businesslistingplus.com\\\/profile\\\/iwell-guard\\\/\",\"https:\\\/\\\/telegra.ph\\\/iWell-Guard-06-06\",\"https:\\\/\\\/pbase.com\\\/iwellguard\\\/iwellguard\",\"https:\\\/\\\/b.hatena.ne.jp\\\/iwellguard\\\/20260607#bookmark-4788405196491818882\",\"https:\\\/\\\/fliphtml5.com\\\/home\\\/iwellguard\",\"https:\\\/\\\/anyflip.com\\\/homepage\\\/cmiwl#About\",\"https:\\\/\\\/transfur.com\\\/Users\\\/iwellguard\",\"http:\\\/\\\/delphi.larsbo.org\\\/user\\\/iwellguard\",\"https:\\\/\\\/jobs.lajobsportal.org\\\/profiles\\\/8380803-iwell-guard\",\"https:\\\/\\\/md.chaosdorf.de\\\/s\\\/jfbe5SBdJD\",\"https:\\\/\\\/www.lingvolive.com\\\/en-us\\\/profile\\\/9ecaeaca-ce11-4e51-9e71-01d55e2bff36\\\/translations\",\"https:\\\/\\\/www.fitday.com\\\/fitness\\\/forums\\\/members\\\/iwellguard.html\",\"https:\\\/\\\/www.mymeetbook.com\\\/iwellguard\",\"https:\\\/\\\/pxhere.com\\\/en\\\/photographer-me\\\/5040798\",\"https:\\\/\\\/disqus.com\\\/by\\\/iwellguard\\\/about\\\/\",\"https:\\\/\\\/pastelink.net\\\/hjwciqwq\",\"https:\\\/\\\/pubhtml5.com\\\/homepage\\\/scjhn\\\/\",\"https:\\\/\\\/www.bitchute.com\\\/channel\\\/2O2eOKzNqujT\",\"https:\\\/\\\/audiomack.com\\\/iwellguard\"]}]}<\/script>\n<!-- \/ Yoast SEO Premium plugin. -->","yoast_head_json":{"title":"R\u00e1hka - D\u00e9u Pare i creador dels sami","description":"R\u00e1hka, Radien-\u00c1h\u010d\u010di, \u00e9s el d\u00e9u pare i creador de la religi\u00f3 sami. Situaci\u00f3 dins la mitologia, el culte i les fonts des de la perspectiva de la ci\u00e8ncia de la religi\u00f3.","robots":{"index":"index","follow":"follow","max-snippet":"max-snippet:-1","max-image-preview":"max-image-preview:large","max-video-preview":"max-video-preview:-1"},"canonical":"https:\/\/iwell-guard.com\/ca\/rahka-deu-pare-religio-sami\/","og_locale":"ca_ES","og_type":"article","og_title":"R\u00e1hka - D\u00e9u Pare de la religi\u00f3 sami","og_description":"R\u00e1hka, Radien-\u00c1h\u010d\u010di, \u00e9s el d\u00e9u pare i creador de la religi\u00f3 sami. Situaci\u00f3 dins la mitologia, el culte i les fonts des de la perspectiva de la ci\u00e8ncia de la religi\u00f3.","og_url":"https:\/\/iwell-guard.com\/ca\/rahka-deu-pare-religio-sami\/","og_site_name":"iWell Guard","article_modified_time":"2026-09-05T16:06:35+00:00","og_image":[{"width":1024,"height":1536,"url":"https:\/\/iwell-guard.com\/wp-content\/uploads\/2026\/05\/goetter_sami_raehka.webp","type":"image\/webp"}],"twitter_card":"summary_large_image","schema":{"@context":"https:\/\/schema.org","@graph":[{"@type":"WebPage","@id":"https:\/\/iwell-guard.com\/ca\/rahka-deu-pare-religio-sami\/","url":"https:\/\/iwell-guard.com\/ca\/rahka-deu-pare-religio-sami\/","name":"R\u00e1hka - D\u00e9u Pare i creador dels sami","isPartOf":{"@id":"https:\/\/iwell-guard.com\/ca\/#website"},"primaryImageOfPage":{"@id":"https:\/\/iwell-guard.com\/ca\/rahka-deu-pare-religio-sami\/#primaryimage"},"image":{"@id":"https:\/\/iwell-guard.com\/ca\/rahka-deu-pare-religio-sami\/#primaryimage"},"thumbnailUrl":"https:\/\/iwell-guard.com\/wp-content\/uploads\/2026\/05\/goetter_sami_raehka.webp","datePublished":"2026-09-05T15:42:11+00:00","dateModified":"2026-09-05T16:06:35+00:00","description":"R\u00e1hka, Radien-\u00c1h\u010d\u010di, \u00e9s el d\u00e9u pare i creador de la religi\u00f3 sami. Situaci\u00f3 dins la mitologia, el culte i les fonts des de la perspectiva de la ci\u00e8ncia de la religi\u00f3.","breadcrumb":{"@id":"https:\/\/iwell-guard.com\/ca\/rahka-deu-pare-religio-sami\/#breadcrumb"},"inLanguage":"ca","potentialAction":[{"@type":"ReadAction","target":["https:\/\/iwell-guard.com\/ca\/rahka-deu-pare-religio-sami\/"]}]},{"@type":"ImageObject","inLanguage":"ca","@id":"https:\/\/iwell-guard.com\/ca\/rahka-deu-pare-religio-sami\/#primaryimage","url":"https:\/\/iwell-guard.com\/wp-content\/uploads\/2026\/05\/goetter_sami_raehka.webp","contentUrl":"https:\/\/iwell-guard.com\/wp-content\/uploads\/2026\/05\/goetter_sami_raehka.webp","width":1024,"height":1536,"caption":"D\u00e9us de la tradici\u00f3 sami."},{"@type":"BreadcrumbList","@id":"https:\/\/iwell-guard.com\/ca\/rahka-deu-pare-religio-sami\/#breadcrumb","itemListElement":[{"@type":"ListItem","position":1,"name":"Start","item":"https:\/\/iwell-guard.com\/ca\/?page_id=171333"},{"@type":"ListItem","position":2,"name":"R\u00e1hka &#8211; D\u00e9u Pare de la religi\u00f3 sami"}]},{"@type":"WebSite","@id":"https:\/\/iwell-guard.com\/ca\/#website","url":"https:\/\/iwell-guard.com\/ca\/","name":"iWell Guard","description":"Schutz vor dunklen Einfl\u00fcssen","publisher":{"@id":"https:\/\/iwell-guard.com\/ca\/#organization"},"potentialAction":[{"@type":"SearchAction","target":{"@type":"EntryPoint","urlTemplate":"https:\/\/iwell-guard.com\/ca\/?s={search_term_string}"},"query-input":{"@type":"PropertyValueSpecification","valueRequired":true,"valueName":"search_term_string"}}],"inLanguage":"ca"},{"@type":"Organization","@id":"https:\/\/iwell-guard.com\/ca\/#organization","name":"Ittermann electronic GmbH","url":"https:\/\/iwell-guard.com\/ca\/","logo":{"@type":"ImageObject","inLanguage":"ca","@id":"https:\/\/iwell-guard.com\/ca\/#\/schema\/logo\/image\/","url":"https:\/\/iwell-guard.com\/wp-content\/uploads\/2026\/05\/Ittermann-Logo-1182x237-1.png","contentUrl":"https:\/\/iwell-guard.com\/wp-content\/uploads\/2026\/05\/Ittermann-Logo-1182x237-1.png","width":1182,"height":237,"caption":"Ittermann electronic GmbH"},"image":{"@id":"https:\/\/iwell-guard.com\/ca\/#\/schema\/logo\/image\/"},"sameAs":["https:\/\/pantip.com\/profile\/9367242","https:\/\/micro.blog\/iwellguard","https:\/\/www.diggerslist.com\/iwellguard\/about","https:\/\/skitterphoto.com\/photographers\/2870314\/iwell-guard","https:\/\/iwellguard.wordpress.com\/2026\/06\/06\/iwell-guard\/","https:\/\/hub.docker.com\/u\/iwellguard","https:\/\/www.pinterest.com\/iwellguard\/","https:\/\/bit.ly\/m\/iwellguard","https:\/\/entre-vos-mains.alsace.eu\/profiles\/iwellguard\/activity","https:\/\/gravatar.com\/reallybeded8fd34","https:\/\/naijamatta.com\/iwellguard","https:\/\/www.goodreads.com\/iwellguard","https:\/\/profile.hatena.ne.jp\/iwellguard\/","https:\/\/experiment.com\/users\/iwellguard","https:\/\/wakelet.com\/@iWellGuard82270","https:\/\/www.chordie.com\/forum\/profile.php?id=2555664","https:\/\/www.instapaper.com\/p\/17757966","https:\/\/www.mapleprimes.com\/users\/iwellguard","https:\/\/businesslistingplus.com\/profile\/iwell-guard\/","https:\/\/telegra.ph\/iWell-Guard-06-06","https:\/\/pbase.com\/iwellguard\/iwellguard","https:\/\/b.hatena.ne.jp\/iwellguard\/20260607#bookmark-4788405196491818882","https:\/\/fliphtml5.com\/home\/iwellguard","https:\/\/anyflip.com\/homepage\/cmiwl#About","https:\/\/transfur.com\/Users\/iwellguard","http:\/\/delphi.larsbo.org\/user\/iwellguard","https:\/\/jobs.lajobsportal.org\/profiles\/8380803-iwell-guard","https:\/\/md.chaosdorf.de\/s\/jfbe5SBdJD","https:\/\/www.lingvolive.com\/en-us\/profile\/9ecaeaca-ce11-4e51-9e71-01d55e2bff36\/translations","https:\/\/www.fitday.com\/fitness\/forums\/members\/iwellguard.html","https:\/\/www.mymeetbook.com\/iwellguard","https:\/\/pxhere.com\/en\/photographer-me\/5040798","https:\/\/disqus.com\/by\/iwellguard\/about\/","https:\/\/pastelink.net\/hjwciqwq","https:\/\/pubhtml5.com\/homepage\/scjhn\/","https:\/\/www.bitchute.com\/channel\/2O2eOKzNqujT","https:\/\/audiomack.com\/iwellguard"]}]}},"_links":{"self":[{"href":"https:\/\/iwell-guard.com\/ca\/wp-json\/wp\/v2\/pages\/171763","targetHints":{"allow":["GET"]}}],"collection":[{"href":"https:\/\/iwell-guard.com\/ca\/wp-json\/wp\/v2\/pages"}],"about":[{"href":"https:\/\/iwell-guard.com\/ca\/wp-json\/wp\/v2\/types\/page"}],"author":[{"embeddable":true,"href":"https:\/\/iwell-guard.com\/ca\/wp-json\/wp\/v2\/users\/3"}],"replies":[{"embeddable":true,"href":"https:\/\/iwell-guard.com\/ca\/wp-json\/wp\/v2\/comments?post=171763"}],"version-history":[{"count":0,"href":"https:\/\/iwell-guard.com\/ca\/wp-json\/wp\/v2\/pages\/171763\/revisions"}],"wp:featuredmedia":[{"embeddable":true,"href":"https:\/\/iwell-guard.com\/ca\/wp-json\/wp\/v2\/media\/2894"}],"wp:attachment":[{"href":"https:\/\/iwell-guard.com\/ca\/wp-json\/wp\/v2\/media?parent=171763"}],"wp:term":[{"taxonomy":"category","embeddable":true,"href":"https:\/\/iwell-guard.com\/ca\/wp-json\/wp\/v2\/categories?post=171763"}],"curies":[{"name":"wp","href":"https:\/\/api.w.org\/{rel}","templated":true}]}}