{"id":171761,"date":"2026-09-05T15:42:09","date_gmt":"2026-09-05T15:42:09","guid":{"rendered":"https:\/\/iwell-guard.com\/?page_id=171761"},"modified":"2026-09-05T16:06:34","modified_gmt":"2026-09-05T16:06:34","slug":"beaivi-deessa-del-sol-dels-sami","status":"publish","type":"page","link":"https:\/\/iwell-guard.com\/ca\/beaivi-deessa-del-sol-dels-sami\/","title":{"rendered":"Beaivi &#8211; Deessa del sol dels sami"},"content":{"rendered":"\t\t<div data-elementor-type=\"wp-page\" data-elementor-id=\"171761\" class=\"elementor elementor-171761 elementor-2664 elementor-bc-flex-widget\" data-elementor-post-type=\"page\">\n\t\t\t\t<div class=\"elementor-element elementor-element-iwgw-beaivi-hero e-flex e-con-boxed e-con e-parent\" data-id=\"iwgw-beaivi-hero\" data-element_type=\"container\" data-e-type=\"container\" data-settings=\"{&quot;background_background&quot;:&quot;classic&quot;}\">\n\t\t\t\t\t<div class=\"e-con-inner\">\n\t\t<div class=\"elementor-element elementor-element-iwgw-beaivi-hl e-flex e-con-boxed e-con e-child\" data-id=\"iwgw-beaivi-hl\" data-element_type=\"container\" data-e-type=\"container\">\n\t\t\t\t\t<div class=\"e-con-inner\">\n\t\t<div class=\"elementor-element elementor-element-iwgw-beaivi-htxt e-con-full e-flex e-con e-child\" data-id=\"iwgw-beaivi-htxt\" data-element_type=\"container\" data-e-type=\"container\">\n\t\t\t\t<div class=\"elementor-element elementor-element-iwgw-beaivi-h1 elementor-widget elementor-widget-heading\" data-id=\"iwgw-beaivi-h1\" data-element_type=\"widget\" data-e-type=\"widget\" data-widget_type=\"heading.default\">\n\t\t\t\t\t<h1 class=\"elementor-heading-title elementor-size-default\">Beaivi - Deessa del sol i donadora de vida de la religi\u00f3 sami<\/h1>\t\t\t\t<\/div>\n\t\t\t\t<div class=\"elementor-element elementor-element-iwgw-beaivi-lead elementor-widget elementor-widget-text-editor\" data-id=\"iwgw-beaivi-lead\" data-element_type=\"widget\" data-e-type=\"widget\" data-widget_type=\"text-editor.default\">\n\t\t\t\t\t\t\t\t\t<p>Beaivi, escrit tamb\u00e9 Beaivvi o, en la forma est\u00e0ndard sami septentrional, Beaivi, \u00e9s el sol com a <span class=\"iwg-fachbegriff\" data-tooltip=\"Un \u00e9sser venerat com a div\u00ed dins d'una religi\u00f3.\" tabindex=\"0\">divinitat<\/span> personificada de la tradici\u00f3 sami. Era considerada donadora de vida, mare dels rens i figura religiosa central, la veneraci\u00f3 de la qual H\u00e5kan Rydving i Juha Pentik\u00e4inen han reconstru\u00eft amb detall.<\/p>\t\t\t\t\t\t\t\t<\/div>\n\t\t\t\t<\/div>\n\t\t<div class=\"elementor-element elementor-element-iwgw-beaivi-pillc e-con-full e-flex e-con e-child\" data-id=\"iwgw-beaivi-pillc\" data-element_type=\"container\" data-e-type=\"container\">\n\t\t\t\t<div class=\"elementor-element elementor-element-iwgw-beaivi-pills elementor-widget elementor-widget-html\" data-id=\"iwgw-beaivi-pills\" data-element_type=\"widget\" data-e-type=\"widget\" data-widget_type=\"html.default\">\n\t\t\t\t\t<div class=\"iwg-pill-row\"><span class=\"iwg-klasse-badge\" tabindex=\"0\" data-tooltip=\"Deessa de la tradici\u00f3 sami.\">Deessa<\/span><a href=\"https:\/\/iwell-guard.com\/ca\/sami-i-tradicio-fino-ugra-noaidi-i-tambor\/\" class=\"iwg-kultur-badge\" tabindex=\"0\" data-tooltip=\"Mitologia de la tradici\u00f3 sami.\">Sami<\/a><span class=\"iwg-tradition-badge\" tabindex=\"0\" data-tooltip=\"Deessa del sol i de la vida.\">Deessa del sol i de la vida<\/span><\/div>\t\t\t\t<\/div>\n\t\t\t\t<\/div>\n\t\t<div class=\"elementor-element elementor-element-iwgw-beaivi-tocc e-con-full e-flex e-con e-child\" data-id=\"iwgw-beaivi-tocc\" data-element_type=\"container\" data-e-type=\"container\">\n\t\t\t\t<div class=\"elementor-element elementor-element-iwgw-beaivi-toc elementor-toc--minimized-on-tablet elementor-widget elementor-widget-table-of-contents\" data-id=\"iwgw-beaivi-toc\" data-element_type=\"widget\" data-e-type=\"widget\" data-settings=\"{&quot;headings_by_tags&quot;:[&quot;h2&quot;,&quot;h3&quot;],&quot;minimize_box&quot;:&quot;yes&quot;,&quot;marker_view&quot;:&quot;bullets&quot;,&quot;no_headings_message&quot;:&quot;No s&#039;ha trobat cap encap\\u00e7alament en aquesta p\\u00e0gina.&quot;,&quot;exclude_headings_by_selector&quot;:[],&quot;icon&quot;:{&quot;value&quot;:&quot;fas fa-circle&quot;,&quot;library&quot;:&quot;fa-solid&quot;,&quot;rendered_tag&quot;:&quot;&lt;svg class=\\&quot;e-font-icon-svg e-fas-circle\\&quot; viewBox=\\&quot;0 0 512 512\\&quot; xmlns=\\&quot;http:\\\/\\\/www.w3.org\\\/2000\\\/svg\\&quot;&gt;&lt;path d=\\&quot;M256 8C119 8 8 119 8 256s111 248 248 248 248-111 248-248S393 8 256 8z\\&quot;&gt;&lt;\\\/path&gt;&lt;\\\/svg&gt;&quot;},&quot;minimized_on&quot;:&quot;tablet&quot;,&quot;hierarchical_view&quot;:&quot;yes&quot;,&quot;min_height&quot;:{&quot;unit&quot;:&quot;px&quot;,&quot;size&quot;:&quot;&quot;,&quot;sizes&quot;:[]},&quot;min_height_tablet&quot;:{&quot;unit&quot;:&quot;px&quot;,&quot;size&quot;:&quot;&quot;,&quot;sizes&quot;:[]},&quot;min_height_mobile&quot;:{&quot;unit&quot;:&quot;px&quot;,&quot;size&quot;:&quot;&quot;,&quot;sizes&quot;:[]}}\" data-widget_type=\"table-of-contents.default\">\n\t\t\t\t\t\t\t\t\t<div class=\"elementor-toc__header\">\n\t\t\t\t\t\t<h2 class=\"elementor-toc__header-title\">\n\t\t\t\t\u00cdndex\t\t\t<\/h2>\n\t\t\t\t\t\t\t\t\t\t<div class=\"elementor-toc__toggle-button elementor-toc__toggle-button--expand\" role=\"button\" tabindex=\"0\" aria-controls=\"elementor-toc__iwgw-beaivi-toc\" aria-expanded=\"true\" aria-label=\"Open table of contents\"><svg aria-hidden=\"true\" class=\"e-font-icon-svg e-fas-chevron-down\" viewBox=\"0 0 448 512\" xmlns=\"http:\/\/www.w3.org\/2000\/svg\"><path d=\"M207.029 381.476L12.686 187.132c-9.373-9.373-9.373-24.569 0-33.941l22.667-22.667c9.357-9.357 24.522-9.375 33.901-.04L224 284.505l154.745-154.021c9.379-9.335 24.544-9.317 33.901.04l22.667 22.667c9.373 9.373 9.373 24.569 0 33.941L240.971 381.476c-9.373 9.372-24.569 9.372-33.942 0z\"><\/path><\/svg><\/div>\n\t\t\t\t<div class=\"elementor-toc__toggle-button elementor-toc__toggle-button--collapse\" role=\"button\" tabindex=\"0\" aria-controls=\"elementor-toc__iwgw-beaivi-toc\" aria-expanded=\"true\" aria-label=\"Close table of contents\"><svg aria-hidden=\"true\" class=\"e-font-icon-svg e-fas-chevron-up\" viewBox=\"0 0 448 512\" xmlns=\"http:\/\/www.w3.org\/2000\/svg\"><path d=\"M240.971 130.524l194.343 194.343c9.373 9.373 9.373 24.569 0 33.941l-22.667 22.667c-9.357 9.357-24.522 9.375-33.901.04L224 227.495 69.255 381.516c-9.379 9.335-24.544 9.317-33.901-.04l-22.667-22.667c-9.373-9.373-9.373-24.569 0-33.941L207.03 130.525c9.372-9.373 24.568-9.373 33.941-.001z\"><\/path><\/svg><\/div>\n\t\t\t\t\t<\/div>\n\t\t\t\t<div id=\"elementor-toc__iwgw-beaivi-toc\" class=\"elementor-toc__body\">\n\t\t\t<div class=\"elementor-toc__spinner-container\">\n\t\t\t\t<svg class=\"elementor-toc__spinner eicon-animation-spin e-font-icon-svg e-eicon-loading\" aria-hidden=\"true\" viewBox=\"0 0 1000 1000\" xmlns=\"http:\/\/www.w3.org\/2000\/svg\"><path d=\"M500 975V858C696 858 858 696 858 500S696 142 500 142 142 304 142 500H25C25 237 238 25 500 25S975 237 975 500 763 975 500 975Z\"><\/path><\/svg>\t\t\t<\/div>\n\t\t<\/div>\n\t\t\t\t\t\t<\/div>\n\t\t\t\t<\/div>\n\t\t\t\t\t<\/div>\n\t\t\t\t<\/div>\n\t\t<div class=\"elementor-element elementor-element-iwgw-beaivi-hr e-con-full e-flex e-con e-child\" data-id=\"iwgw-beaivi-hr\" data-element_type=\"container\" data-e-type=\"container\">\n\t\t\t\t<div class=\"elementor-element elementor-element-iwgw-beaivi-heroimg iwg-hero-image elementor-widget elementor-widget-image\" data-id=\"iwgw-beaivi-heroimg\" data-element_type=\"widget\" data-e-type=\"widget\" data-widget_type=\"image.default\">\n\t\t\t\t\t\t\t\t\t\t\t\t\t\t\t<img fetchpriority=\"high\" decoding=\"async\" width=\"683\" height=\"1024\" src=\"https:\/\/iwell-guard.com\/wp-content\/uploads\/2026\/05\/goetter_sami_beaivi-683x1024.webp\" class=\"attachment-large size-large wp-image-2890\" alt=\"Beaivi \u2013 Deessa del sol dels sami\" srcset=\"https:\/\/iwell-guard.com\/wp-content\/uploads\/2026\/05\/goetter_sami_beaivi-683x1024.webp 683w, https:\/\/iwell-guard.com\/wp-content\/uploads\/2026\/05\/goetter_sami_beaivi-200x300.webp 200w, https:\/\/iwell-guard.com\/wp-content\/uploads\/2026\/05\/goetter_sami_beaivi-768x1152.webp 768w, https:\/\/iwell-guard.com\/wp-content\/uploads\/2026\/05\/goetter_sami_beaivi.webp 1024w\" sizes=\"(max-width: 683px) 100vw, 683px\" \/>\t\t\t\t\t\t\t\t\t\t\t\t\t\t\t<\/div>\n\t\t\t\t<\/div>\n\t\t\t\t\t<\/div>\n\t\t\t\t<\/div>\n\t\t<div class=\"elementor-element elementor-element-iwgw-beaivi-s0 e-flex e-con-boxed e-con e-parent\" data-id=\"iwgw-beaivi-s0\" data-element_type=\"container\" data-e-type=\"container\">\n\t\t\t\t\t<div class=\"e-con-inner\">\n\t\t\t\t<div class=\"elementor-element elementor-element-iwgw-beaivi-s0h elementor-widget elementor-widget-heading\" data-id=\"iwgw-beaivi-s0h\" data-element_type=\"widget\" data-e-type=\"widget\" data-widget_type=\"heading.default\">\n\t\t\t\t\t<h2 class=\"elementor-heading-title elementor-size-default\">Classificaci\u00f3 i perfil breu<\/h2>\t\t\t\t<\/div>\n\t\t<div class=\"elementor-element elementor-element-iwgw-beaivi-s0c e-con-full e-flex e-con e-child\" data-id=\"iwgw-beaivi-s0c\" data-element_type=\"container\" data-e-type=\"container\">\n\t\t\t\t<div class=\"elementor-element elementor-element-iwgw-beaivi-s0t elementor-widget elementor-widget-text-editor\" data-id=\"iwgw-beaivi-s0t\" data-element_type=\"widget\" data-e-type=\"widget\" data-widget_type=\"text-editor.default\">\n\t\t\t\t\t\t\t\t\t<p>Beaivi \u00e9s, dins l&#8217;univers religi\u00f3s sami, la divinitat lluminosa central i una de les figures m\u00e9s ben documentades de la religi\u00f3 <a href=\"https:\/\/iwell-guard.com\/ca\/sami-i-tradicio-fino-ugra-noaidi-i-tambor\/\">sami<\/a> precristiana.<\/p><p>A difer\u00e8ncia de molts cultes solars mediterranis, Beaivi \u00e9s femenina, fet que la situa dins l&#8217;\u00e0mplia tradici\u00f3 circumpolar i nordeuropea de les deesses solars. Des del punt de vista de la religionoci\u00e8ncia, comparteix aquesta assignaci\u00f3 de g\u00e8nere amb la S\u00f3l germ\u00e0nica, la Saul\u0117 b\u00e0ltica i l&#8217;Amaterasu japonesa.<\/p><p>Les fonts sobre Beaivi s\u00f3n m\u00e9s abundants que les de moltes altres divinitats sami. Inclouen les pintures xam\u00e0niques dels tambors dels segles XVII i XVIII, els informes de missioners luterans com Johannes Schefferus, Knud Leem i Jens Kildal, aix\u00ed com els registres etnogr\u00e0fics de Lars Levi L\u00e6stadius del segle XIX. Aquesta amplitud de fonts fa que Beaivi sigui especialment accessible des del punt de vista cient\u00edfic.<\/p><p>Cient\u00edficament, Beaivi no \u00e9s nom\u00e9s un fenomen astron\u00f2mic, sin\u00f3 una divinitat de la vida en sentit ampli. Representa la fertilitat, la poblaci\u00f3 de rens, la salut i l&#8217;ordre cosmol\u00f2gic. Aquesta amplitud funcional \u00e9s t\u00edpica, des del punt de vista de la fenomenologia religiosa, de les deesses solars \u00e0rtiques, la import\u00e0ncia de les quals est\u00e0 lligada a la dicotomia vital entre el dia polar i la nit polar.<\/p><p>Precisament la deessa del sol Beaivi mostra fins a quin punt la recerca m\u00e9s recent ha afinat la seva metodologia: la precisi\u00f3 etnogr\u00e0fica, l&#8217;examen cr\u00edtic de la <span class=\"iwg-fachbegriff\" data-tooltip=\"La transmissi\u00f3 de coneixements i relats a trav\u00e9s de generacions.\" tabindex=\"0\">transmissi\u00f3<\/span> ling\u00fc\u00edstica i la mirada comparativa avui s&#8217;entrellacen. Hi participen de manera essencial els mateixos investigadors i investigadores sami, que revisen les interpretacions occidentals m\u00e9s antigues de Beaivi i les corregeixen all\u00e0 on estaven marcades per patrons de pensament colonial.<\/p><p>Beaivi, com a divinitat solar femenina, s&#8217;insereix en una topografia religiosa circumpolar que roman sorprenentment uniforme a trav\u00e9s de tot l&#8217;espai \u00e0rtic. El fet que aquestes estructures es mantinguin estables al llarg de milers de quil\u00f2metres \u00e9s considerat per la <span class=\"iwg-fachbegriff\" data-tooltip=\"La ci\u00e8ncia que estudia les religions de manera comparativa i sense vincle de fe.\" tabindex=\"0\">religionoci\u00e8ncia<\/span> comparada un dels seus resultats m\u00e9s notables, i encara avui es debat de manera controvertida.<\/p>\t\t\t\t\t\t\t\t<\/div>\n\t\t\t\t<\/div>\n\t\t\t\t\t<\/div>\n\t\t\t\t<\/div>\n\t\t<div class=\"elementor-element elementor-element-iwgw-beaivi-s1 e-flex e-con-boxed e-con e-parent\" data-id=\"iwgw-beaivi-s1\" data-element_type=\"container\" data-e-type=\"container\">\n\t\t\t\t\t<div class=\"e-con-inner\">\n\t\t\t\t<div class=\"elementor-element elementor-element-iwgw-beaivi-s1h elementor-widget elementor-widget-heading\" data-id=\"iwgw-beaivi-s1h\" data-element_type=\"widget\" data-e-type=\"widget\" data-widget_type=\"heading.default\">\n\t\t\t\t\t<h2 class=\"elementor-heading-title elementor-size-default\">Nom i etimologia<\/h2>\t\t\t\t<\/div>\n\t\t<div class=\"elementor-element elementor-element-iwgw-beaivi-s1c e-con-full e-flex e-con e-child\" data-id=\"iwgw-beaivi-s1c\" data-element_type=\"container\" data-e-type=\"container\">\n\t\t\t\t<div class=\"elementor-element elementor-element-iwgw-beaivi-s1t elementor-widget elementor-widget-text-editor\" data-id=\"iwgw-beaivi-s1t\" data-element_type=\"widget\" data-e-type=\"widget\" data-widget_type=\"text-editor.default\">\n\t\t\t\t\t\t\t\t\t<p>El nom Beaivi pertany al vocabulari b\u00e0sic sami i designa alhora el sol com a cos celeste i com a <span class=\"iwg-fachbegriff\" data-tooltip=\"Un \u00e9sser venerat com a div\u00ed dins d'una religi\u00f3.\" tabindex=\"0\">divinitat<\/span>. Entre les variants dialectals hi ha P\u00e4ivi en l&#8217;\u00e0rea sami meridional, Peivve en l&#8217;inari-sami, Paeivvi en el skolt-sami. Aquesta diversitat correspon a la diferenciaci\u00f3 dialectal del sami, que est\u00e0 format per diverses varietats ling\u00fc\u00edstiques que nom\u00e9s s&#8217;entenen parcialment entre elles.<\/p><p>Etimol\u00f2gicament, Beaivi pertany a l&#8217;arrel proto-ur\u00e0lica del sol, que tamb\u00e9 apareix en el fin\u00e8s <em>p\u00e4iv\u00e4<\/em>, en l&#8217;estoni\u00e0 <em>p\u00e4ev<\/em> i en parents m\u00e9s llunyans d&#8217;aquesta fam\u00edlia ling\u00fc\u00edstica ur\u00e0lica. Cient\u00edficament, aquesta profunditat ling\u00fc\u00edstico-hist\u00f2rica \u00e9s notable, perqu\u00e8 remet a una capa molt antiga de formaci\u00f3 de conceptes religiosos que es remunta almenys a l&#8217;\u00e8poca proto-ur\u00e0lica.<\/p><p>En l&#8217;\u00fas religi\u00f3s del llenguatge apareix sovint la forma honor\u00edfica <em>Beaivvi-\u00c1h\u010d\u010di<\/em> o <em>Beaivvi-Eadni<\/em>, literalment Pare-Sol o Mare-Sol, segons l&#8217;assignaci\u00f3 de g\u00e8nere regional. La doble pres\u00e8ncia d&#8217;aquestes dues formes en diferents regions \u00e9s cient\u00edficament reveladora i remet a una assignaci\u00f3 de g\u00e8nere flexible del sol.<\/p><p>Des del punt de vista de la sociologia de la religi\u00f3, es pot preguntar quin paper tenia Beaivi en l&#8217;estructura de la comunitat sami tradicional. Com que el culte solar estava lligat a la poblaci\u00f3 de rens, a la salut i al ritme del dia i la nit polars, el religi\u00f3s mai no va estar separat aqu\u00ed de la pr\u00e0ctica quotidiana de la vida.<\/p><p>Aquesta estreta imbricaci\u00f3 constitueix un camp de recerca propi dins l&#8217;antropologia religiosa, treballat de manera sistem\u00e0tica sobretot per H\u00e5kan Rydving i Konsta Kaikkonen.<\/p><p>A aix\u00f2 s&#8217;hi afegeix el significat actual de Beaivi per a la pol\u00edtica d&#8217;identitat sami. Amb l&#8217;expansi\u00f3 de l&#8217;autogovern sami i el reconeixement internacional dels drets ind\u00edgenes, figures com la deessa del sol tornen a fer-se presents amb m\u00e9s for\u00e7a en la consci\u00e8ncia p\u00fablica. La manera com la recerca religionocient\u00edfica i l&#8217;afirmaci\u00f3 pol\u00edtica s&#8217;entrellacen \u00e9s un camp de treball propi, al qual la ci\u00e8ncia dedica darrerament molta m\u00e9s atenci\u00f3.<\/p>\t\t\t\t\t\t\t\t<\/div>\n\t\t\t\t<\/div>\n\t\t\t\t\t<\/div>\n\t\t\t\t<\/div>\n\t\t<div class=\"elementor-element elementor-element-iwgw-beaivi-s2 e-flex e-con-boxed e-con e-parent\" data-id=\"iwgw-beaivi-s2\" data-element_type=\"container\" data-e-type=\"container\">\n\t\t\t\t\t<div class=\"e-con-inner\">\n\t\t\t\t<div class=\"elementor-element elementor-element-iwgw-beaivi-s2h elementor-widget elementor-widget-heading\" data-id=\"iwgw-beaivi-s2h\" data-element_type=\"widget\" data-e-type=\"widget\" data-widget_type=\"heading.default\">\n\t\t\t\t\t<h2 class=\"elementor-heading-title elementor-size-default\">Descripci\u00f3 i iconografia<\/h2>\t\t\t\t<\/div>\n\t\t<div class=\"elementor-element elementor-element-iwgw-beaivi-s2c e-con-full e-flex e-con e-child\" data-id=\"iwgw-beaivi-s2c\" data-element_type=\"container\" data-e-type=\"container\">\n\t\t\t\t<div class=\"elementor-element elementor-element-iwgw-beaivi-s2t elementor-widget elementor-widget-text-editor\" data-id=\"iwgw-beaivi-s2t\" data-element_type=\"widget\" data-e-type=\"widget\" data-widget_type=\"text-editor.default\">\n\t\t\t\t\t\t\t\t\t<p>En les fonts etnogr\u00e0fiques, Beaivi es descriu com una mare ben\u00e8vola i donadora de vida, els raigs de la qual escalfen la terra i fan prosperar els rens. En general no se la descriu com una figura antropomorfa, sin\u00f3 com el sol mateix, que envia els seus raigs com bra\u00e7os o cames en totes direccions.<\/p><p>Iconogr\u00e0ficament, Beaivi apareix sovint en els tambors xam\u00e0nics sami, els <em>goavddis<\/em> o <em>gievrie<\/em>, representada a la meitat superior com una roda o creu central.<\/p><p>Els famosos estudis de les imatges dels tambors realitzats per Ernst Manker al segle XX han mostrat que Beaivi \u00e9s present en gaireb\u00e9 tots els tambors conservats i que, generalment, se situa al centre o a la part superior del registre superior de la realitat.<\/p><p>Aquesta posici\u00f3 central en la iconografia correspon al seu significat teol\u00f2gic. Cient\u00edficament, la iconografia dels tambors \u00e9s una de les fonts m\u00e9s importants per a la religi\u00f3 sami, perqu\u00e8 prov\u00e9 de la tradici\u00f3 precristiana mateixa i no est\u00e0 marcada per filtres missioners. Complementa els informes escrits amb una font visual ind\u00edgena, cosa que \u00e9s especialment valuosa des del punt de vista metodol\u00f2gic en l&#8217;estudi de la religi\u00f3.<\/p>\t\t\t\t\t\t\t\t<\/div>\n\t\t\t\t<\/div>\n\t\t\t\t\t<\/div>\n\t\t\t\t<\/div>\n\t\t<div class=\"elementor-element elementor-element-iwgw-beaivi-s3 e-flex e-con-boxed e-con e-parent\" data-id=\"iwgw-beaivi-s3\" data-element_type=\"container\" data-e-type=\"container\">\n\t\t\t\t\t<div class=\"e-con-inner\">\n\t\t\t\t<div class=\"elementor-element elementor-element-iwgw-beaivi-s3h elementor-widget elementor-widget-heading\" data-id=\"iwgw-beaivi-s3h\" data-element_type=\"widget\" data-e-type=\"widget\" data-widget_type=\"heading.default\">\n\t\t\t\t\t<h2 class=\"elementor-heading-title elementor-size-default\">Beaivi i la ramaderia de rens<\/h2>\t\t\t\t<\/div>\n\t\t<div class=\"elementor-element elementor-element-iwgw-beaivi-s3c e-con-full e-flex e-con e-child\" data-id=\"iwgw-beaivi-s3c\" data-element_type=\"container\" data-e-type=\"container\">\n\t\t\t\t<div class=\"elementor-element elementor-element-iwgw-beaivi-s3t elementor-widget elementor-widget-text-editor\" data-id=\"iwgw-beaivi-s3t\" data-element_type=\"widget\" data-e-type=\"widget\" data-widget_type=\"text-editor.default\">\n\t\t\t\t\t\t\t\t\t<p>La import\u00e0ncia econ\u00f2mica central de Beaivi rau en la seva relaci\u00f3 amb la ramaderia de rens. Beaivi era la garant de les praderies d&#8217;estiu on pasturaven els ramats de rens, i els seus raigs feien cr\u00e9ixer la molsa que els rens necessitaven. La reciprocitat entre Beaivi i els pastors de rens sami era fonamental des del punt de vista de l&#8217;economia religiosa.<\/p><p>La gran festa d&#8217;estiu, vinculada en moltes regions a la nit de mig estiu o al solstici d&#8217;hivern, honorava Beaivi amb ofrenes. En algunes regions se sacrificaven rens blancs o clars, en d&#8217;altres productes lactis i mantega. Aquestes pr\u00e0ctiques d&#8217;ofrena estan documentades detalladament en els informes dels missioners luterans, tot i que sovint amb un llenguatge de to pejoratiu.<\/p><p>Cient\u00edficament, l&#8217;entrella\u00e7ament entre el sol i la ramaderia de rens \u00e9s un cas paradigm\u00e0tic de <span class=\"iwg-fachbegriff\" data-tooltip=\"La doctrina cient\u00edfica sobre D\u00e9u i la fe d'una religi\u00f3.\" tabindex=\"0\">teologia<\/span> arrelada en l&#8217;ecologia, comparable a l&#8217;entrella\u00e7ament entre Sedna i els animals marins entre els <a href=\"https:\/\/iwell-guard.com\/ca\/inuit-artic-sedna-tornit-proteccio\/\">inuit<\/a>. La religi\u00f3 no era un sistema de creences abstracte, sin\u00f3 una regulaci\u00f3 directa de la pr\u00e0ctica de subsist\u00e8ncia mitjan\u00e7ant la reciprocitat sagrada.<\/p>\t\t\t\t\t\t\t\t<\/div>\n\t\t\t\t<\/div>\n\t\t\t\t\t<\/div>\n\t\t\t\t<\/div>\n\t\t<div class=\"elementor-element elementor-element-iwgw-beaivi-s4 e-flex e-con-boxed e-con e-parent\" data-id=\"iwgw-beaivi-s4\" data-element_type=\"container\" data-e-type=\"container\">\n\t\t\t\t\t<div class=\"e-con-inner\">\n\t\t\t\t<div class=\"elementor-element elementor-element-iwgw-beaivi-s4h elementor-widget elementor-widget-heading\" data-id=\"iwgw-beaivi-s4h\" data-element_type=\"widget\" data-e-type=\"widget\" data-widget_type=\"heading.default\">\n\t\t\t\t\t<h2 class=\"elementor-heading-title elementor-size-default\">Festa del sol i mig estiu<\/h2>\t\t\t\t<\/div>\n\t\t<div class=\"elementor-element elementor-element-iwgw-beaivi-s4c e-con-full e-flex e-con e-child\" data-id=\"iwgw-beaivi-s4c\" data-element_type=\"container\" data-e-type=\"container\">\n\t\t\t\t<div class=\"elementor-element elementor-element-iwgw-beaivi-s4t elementor-widget elementor-widget-text-editor\" data-id=\"iwgw-beaivi-s4t\" data-element_type=\"widget\" data-e-type=\"widget\" data-widget_type=\"text-editor.default\">\n\t\t\t\t\t\t\t\t\t<p>La festa principal de Beaivi estava lligada al solstici. En la nit de mig estiu, quan a les zones sami del nord el sol no es pon, Beaivi era honorada de manera especial. Tamb\u00e9 el solstici d&#8217;hivern, quan el sol torna despr\u00e9s de la llarga nit polar, era un moment carregat de significat religi\u00f3s.<\/p><p>Els xamans, anomenats <em>noaidi<\/em> en sami, podien, en tr\u00e0nsit, invocar el sol i demanar-li calor. La pr\u00e0ctica cultual es duia a terme en pedres sagrades, els <em>sieidi<\/em>, on es feien <span class=\"iwg-fachbegriff\" data-tooltip=\"Ofrena a una divinitat per expressar gratitud, petici\u00f3 o veneraci\u00f3.\" tabindex=\"0\">ofrenes<\/span>. Aquesta pr\u00e0ctica del sieidi est\u00e0 ben documentada des del punt de vista de l&#8217;etnologia religiosa i \u00e9s un dels components m\u00e9s importants de la religi\u00f3 sami precristiana.<\/p><p>La compet\u00e8ncia amb la sem\u00e0ntica festiva cristiana va ser percebuda pels missioners i va conduir a prohibicions deliberades de les festes del sol. Cient\u00edficament, aquesta hist\u00f2ria de conflicte \u00e9s un camp de recerca propi i un exemple de les disputes de pol\u00edtica religiosa de la missi\u00f3 nord-europea.<\/p>\t\t\t\t\t\t\t\t<\/div>\n\t\t\t\t<\/div>\n\t\t\t\t\t<\/div>\n\t\t\t\t<\/div>\n\t\t<div class=\"elementor-element elementor-element-iwgw-beaivi-s5 e-flex e-con-boxed e-con e-parent\" data-id=\"iwgw-beaivi-s5\" data-element_type=\"container\" data-e-type=\"container\">\n\t\t\t\t\t<div class=\"e-con-inner\">\n\t\t\t\t<div class=\"elementor-element elementor-element-iwgw-beaivi-s5h elementor-widget elementor-widget-heading\" data-id=\"iwgw-beaivi-s5h\" data-element_type=\"widget\" data-e-type=\"widget\" data-widget_type=\"heading.default\">\n\t\t\t\t\t<h2 class=\"elementor-heading-title elementor-size-default\">Beaivi i la seva filla Sara-Akka<\/h2>\t\t\t\t<\/div>\n\t\t<div class=\"elementor-element elementor-element-iwgw-beaivi-s5c e-con-full e-flex e-con e-child\" data-id=\"iwgw-beaivi-s5c\" data-element_type=\"container\" data-e-type=\"container\">\n\t\t\t\t<div class=\"elementor-element elementor-element-iwgw-beaivi-s5t elementor-widget elementor-widget-text-editor\" data-id=\"iwgw-beaivi-s5t\" data-element_type=\"widget\" data-e-type=\"widget\" data-widget_type=\"text-editor.default\">\n\t\t\t\t\t\t\t\t\t<p>En la <span class=\"iwg-fachbegriff\" data-tooltip=\"La doctrina cient\u00edfica sobre D\u00e9u i la fe d'una religi\u00f3.\" tabindex=\"0\">teologia<\/span> sami precristiana, Beaivi est\u00e0 estretament vinculada a la fam\u00edlia de les Akka. En particular, la deessa del naixement <a href=\"https:\/\/iwell-guard.com\/ca\/?page_id=171765\">Sara-Akka<\/a> es descriu en algunes fonts com la seva filla o figura auxiliar. El sol i el naixement estan teol\u00f2gicament molt units en la tradici\u00f3 sami, perqu\u00e8 l&#8217;infant nounat arriba a la llum i s&#8217;entrega al principi llumin\u00f3s.<\/p><p>Cient\u00edficament, aquest entrella\u00e7ament entre el sol i el naixement \u00e9s un fenomen propi, documentat diverses vegades en la religi\u00f3 circumpolar. La deessa del sol <a href=\"https:\/\/iwell-guard.com\/ca\/inuit-artic-sedna-tornit-proteccio\/\">inuit<\/a> Malina t\u00e9 funcions similars en l&#8217;\u00e0mbit de les pr\u00e0ctiques femenines. Aquestes coincid\u00e8ncies estructurals s\u00f3n reveladores des del punt de vista de la fenomenologia de la religi\u00f3.<\/p><p>La relaci\u00f3 entre Beaivi i les Akka s&#8217;accentua de manera diferent segons la regi\u00f3. En algunes regions, Beaivi \u00e9s la mare de totes les Akka, en altres \u00e9s una entitat independent que mant\u00e9 amb les Akka una relaci\u00f3 cooperativa per\u00f2 no geneal\u00f2gica. Aquesta variaci\u00f3 no es pot resoldre cient\u00edficament, sin\u00f3 que cal respectar-la com a particularitat regional.<\/p>\t\t\t\t\t\t\t\t<\/div>\n\t\t\t\t<\/div>\n\t\t\t\t\t<\/div>\n\t\t\t\t<\/div>\n\t\t<div class=\"elementor-element elementor-element-iwgw-beaivi-s6 e-flex e-con-boxed e-con e-parent\" data-id=\"iwgw-beaivi-s6\" data-element_type=\"container\" data-e-type=\"container\">\n\t\t\t\t\t<div class=\"e-con-inner\">\n\t\t\t\t<div class=\"elementor-element elementor-element-iwgw-beaivi-s6h elementor-widget elementor-widget-heading\" data-id=\"iwgw-beaivi-s6h\" data-element_type=\"widget\" data-e-type=\"widget\" data-widget_type=\"heading.default\">\n\t\t\t\t\t<h2 class=\"elementor-heading-title elementor-size-default\">Beaivi en comparaci\u00f3 circumpolar<\/h2>\t\t\t\t<\/div>\n\t\t<div class=\"elementor-element elementor-element-iwgw-beaivi-s6c e-con-full e-flex e-con e-child\" data-id=\"iwgw-beaivi-s6c\" data-element_type=\"container\" data-e-type=\"container\">\n\t\t\t\t<div class=\"elementor-element elementor-element-iwgw-beaivi-s6t elementor-widget elementor-widget-text-editor\" data-id=\"iwgw-beaivi-s6t\" data-element_type=\"widget\" data-e-type=\"widget\" data-widget_type=\"text-editor.default\">\n\t\t\t\t\t\t\t\t\t<p>Beaivi pertany a la vasta classe de divinitats solars femenines de la regi\u00f3 circumpolar i nord-europea. Estructuralment comparables s\u00f3n la germ\u00e0nica S\u00f3l, la b\u00e0ltica Saul\u0117, la fino-\u00fagrica P\u00e4iv\u00e4t\u00e4r, la japonesa Amaterasu, la nenets <em>Khaer<\/em> i la deessa del sol <a href=\"https:\/\/iwell-guard.com\/ca\/inuit-artic-sedna-tornit-proteccio\/\">inuit<\/a> Malina. Aquesta atribuci\u00f3 de g\u00e8nere al sol constitueix una regi\u00f3 pr\u00f2pia de la fenomenologia de la religi\u00f3.<\/p><p>A difer\u00e8ncia de la tradici\u00f3 grega d&#8217;Helios-Sol, el sol femen\u00ed n\u00f2rdic emfasitza menys l&#8217;aspecte astron\u00f2mic-cosmol\u00f2gic i m\u00e9s la funci\u00f3 donadora de vida i vinculada a la fertilitat. Des del punt de vista de la fenomenologia de la religi\u00f3, aix\u00f2 correspon a una <span class=\"iwg-fachbegriff\" data-tooltip=\"La doctrina cient\u00edfica sobre D\u00e9u i la fe d'una religi\u00f3.\" tabindex=\"0\">teologia<\/span> materna, molt difosa en la tradici\u00f3 nord-europea, que es diferencia de les concepcions mediterr\u00e0nies del sol paternal.<\/p><p>El debat historicoreligi\u00f3s sobre la g\u00e8nesi d&#8217;aquesta capa \u00e9s antic i no s&#8217;ha resolt de manera definitiva. Mentre que Marija Gimbutas va postular una capa paneuroasi\u00e0tica de deessa mare, la investigaci\u00f3 actual \u00e9s m\u00e9s prudent i remet a coincid\u00e8ncies estructurals sense una mediaci\u00f3 hist\u00f2rica necess\u00e0ria.<\/p>\t\t\t\t\t\t\t\t<\/div>\n\t\t\t\t<\/div>\n\t\t\t\t\t<\/div>\n\t\t\t\t<\/div>\n\t\t<div class=\"elementor-element elementor-element-iwgw-beaivi-s7 e-flex e-con-boxed e-con e-parent\" data-id=\"iwgw-beaivi-s7\" data-element_type=\"container\" data-e-type=\"container\">\n\t\t\t\t\t<div class=\"e-con-inner\">\n\t\t\t\t<div class=\"elementor-element elementor-element-iwgw-beaivi-s7h elementor-widget elementor-widget-heading\" data-id=\"iwgw-beaivi-s7h\" data-element_type=\"widget\" data-e-type=\"widget\" data-widget_type=\"heading.default\">\n\t\t\t\t\t<h2 class=\"elementor-heading-title elementor-size-default\">Missi\u00f3 cristiana i despla\u00e7ament<\/h2>\t\t\t\t<\/div>\n\t\t<div class=\"elementor-element elementor-element-iwgw-beaivi-s7c e-con-full e-flex e-con e-child\" data-id=\"iwgw-beaivi-s7c\" data-element_type=\"container\" data-e-type=\"container\">\n\t\t\t\t<div class=\"elementor-element elementor-element-iwgw-beaivi-s7t elementor-widget elementor-widget-text-editor\" data-id=\"iwgw-beaivi-s7t\" data-element_type=\"widget\" data-e-type=\"widget\" data-widget_type=\"text-editor.default\">\n\t\t\t\t\t\t\t\t\t<p>La missi\u00f3 cristiana entre els sami va comen\u00e7ar a l&#8217;edat mitjana, per\u00f2 es va intensificar als segles XVII i XVIII sota les corones sueca, noruega i finlandesa. Els missioners luterans com Thomas von Westen, Knud Leem i, especialment, Lars Levi L\u00e6stadius al segle XIX van dur a terme una l\u00ednia dura contra la religi\u00f3 sami precristiana.<\/p><p>Beaivi va ser reinterpretada cristianament, en part identificada amb Maria com a mare de la llum, i en part perseguida com a <span class=\"iwg-fachbegriff\" data-tooltip=\"Denominaci\u00f3 despectiva per a una imatge de veneraci\u00f3 considerada falsa.\" tabindex=\"0\">\u00eddol<\/span> pag\u00e0. Els tambors xam\u00e0nics es van cremar p\u00fablicament, les pedres sieidi van ser destru\u00efdes i les pr\u00e0ctiques xam\u00e0niques van ser criminalitzades. Aquesta repressi\u00f3 va despla\u00e7ar en gran mesura la religi\u00f3 precristiana de l&#8217;espai p\u00fablic, sense eliminar-la completament.<\/p><p>Cient\u00edficament, aquesta hist\u00f2ria missionera \u00e9s un camp de recerca propi que en les darreres d\u00e8cades s&#8217;ha tornat a tractar des d&#8217;una perspectiva postcolonial. La revitalitzaci\u00f3 cultural sami actual s&#8217;inspira en part en Beaivi i altres figures precristianes, sense reclamar una continu\u00eftat ininterrompuda.<\/p>\t\t\t\t\t\t\t\t<\/div>\n\t\t\t\t<\/div>\n\t\t\t\t\t<\/div>\n\t\t\t\t<\/div>\n\t\t<div class=\"elementor-element elementor-element-iwgw-beaivi-s8 e-flex e-con-boxed e-con e-parent\" data-id=\"iwgw-beaivi-s8\" data-element_type=\"container\" data-e-type=\"container\">\n\t\t\t\t\t<div class=\"e-con-inner\">\n\t\t\t\t<div class=\"elementor-element elementor-element-iwgw-beaivi-s8h elementor-widget elementor-widget-heading\" data-id=\"iwgw-beaivi-s8h\" data-element_type=\"widget\" data-e-type=\"widget\" data-widget_type=\"heading.default\">\n\t\t\t\t\t<h2 class=\"elementor-heading-title elementor-size-default\">Recepci\u00f3 i investigaci\u00f3 actuals<\/h2>\t\t\t\t<\/div>\n\t\t<div class=\"elementor-element elementor-element-iwgw-beaivi-s8c e-con-full e-flex e-con e-child\" data-id=\"iwgw-beaivi-s8c\" data-element_type=\"container\" data-e-type=\"container\">\n\t\t\t\t<div class=\"elementor-element elementor-element-iwgw-beaivi-s8t elementor-widget elementor-widget-text-editor\" data-id=\"iwgw-beaivi-s8t\" data-element_type=\"widget\" data-e-type=\"widget\" data-widget_type=\"text-editor.default\">\n\t\t\t\t\t\t\t\t\t<p>La recerca cient\u00edfica sobre Beaivi \u00e9s avui \u00e0mplia i diversa. <em>The End of Drum-Time<\/em> (1993) de H\u00e5kan Rydving i els seus treballs posteriors han situat la religi\u00f3 sami sobre una nova base metodol\u00f2gica. Juha Pentik\u00e4inen, Anna Lia Berthelsen i Konsta Kaikkonen han investigat altres aspectes.<\/p><p>En la cultura sami contempor\u00e0nia, Beaivi \u00e9s present en l&#8217;art, la literatura i la m\u00fasica. Els cants de joik la recullen, i artistes com Britta Marakatt-Labba l&#8217;han representat visualment. Aquesta renaixen\u00e7a cultural constitueix, des del punt de vista de la fenomenologia religiosa, una contribuci\u00f3 important a la visibilitzaci\u00f3 de la tradici\u00f3.<\/p><p>Avui dia, el reconeixement institucional de la religi\u00f3 sami \u00e9s for\u00e7a ampli. Beaivi s&#8217;ensenya a les escoles sami i forma part dels curr\u00edculums acad\u00e8mics de Troms\u00f8, Ume\u00e5 i H\u00e8lsinki. Cient\u00edficament, la recerca sobre Beaivi es troba en una fase de reavaluaci\u00f3 productiva.<\/p>\t\t\t\t\t\t\t\t<\/div>\n\t\t\t\t<\/div>\n\t\t\t\t\t<\/div>\n\t\t\t\t<\/div>\n\t\t<div class=\"elementor-element elementor-element-iwgw-beaivi-s9 e-flex e-con-boxed e-con e-parent\" data-id=\"iwgw-beaivi-s9\" data-element_type=\"container\" data-e-type=\"container\">\n\t\t\t\t\t<div class=\"e-con-inner\">\n\t\t\t\t<div class=\"elementor-element elementor-element-iwgw-beaivi-s9h elementor-widget elementor-widget-heading\" data-id=\"iwgw-beaivi-s9h\" data-element_type=\"widget\" data-e-type=\"widget\" data-widget_type=\"heading.default\">\n\t\t\t\t\t<h2 class=\"elementor-heading-title elementor-size-default\">Refer\u00e8ncies creuades del l\u00e8xic<\/h2>\t\t\t\t<\/div>\n\t\t<div class=\"elementor-element elementor-element-iwgw-beaivi-s9c e-con-full e-flex e-con e-child\" data-id=\"iwgw-beaivi-s9c\" data-element_type=\"container\" data-e-type=\"container\">\n\t\t\t\t<div class=\"elementor-element elementor-element-iwgw-beaivi-s9t elementor-widget elementor-widget-text-editor\" data-id=\"iwgw-beaivi-s9t\" data-element_type=\"widget\" data-e-type=\"widget\" data-widget_type=\"text-editor.default\">\n\t\t\t\t\t\t\t\t\t<p>Beaivi es relaciona amb <a href=\"https:\/\/iwell-guard.com\/ca\/?page_id=171762\">M\u00e1nnu<\/a>, <a href=\"https:\/\/iwell-guard.com\/ca\/?page_id=171763\">R\u00e1hka<\/a>, <a href=\"https:\/\/iwell-guard.com\/ca\/?page_id=171764\">Stallo<\/a>, <a href=\"https:\/\/iwell-guard.com\/ca\/?page_id=171765\">Sara-Akka<\/a>, <a href=\"https:\/\/iwell-guard.com\/ca\/?page_id=171766\">Uksakka<\/a>, <a href=\"https:\/\/iwell-guard.com\/ca\/?page_id=171767\">Juksakka<\/a>, <a href=\"https:\/\/iwell-guard.com\/ca\/?page_id=171768\">Madderakka<\/a>, <a href=\"https:\/\/iwell-guard.com\/ca\/?page_id=171769\">Jabmiidaibmu<\/a> i <a href=\"https:\/\/iwell-guard.com\/ca\/?page_id=171770\">Saivo<\/a>. El nucli cultural <a href=\"https:\/\/iwell-guard.com\/ca\/sami-i-tradicio-fino-ugra-noaidi-i-tambor\/\">Tradici\u00f3 sami<\/a> emmarca la <span class=\"iwg-fachbegriff\" data-tooltip=\"La doctrina cient\u00edfica sobre d\u00e9u i sobre la creen\u00e7a d'una religi\u00f3.\" tabindex=\"0\">teologia<\/span> solar. Es troben deesses solars comparables a la s\u00e8rie de lemmes <a href=\"https:\/\/iwell-guard.com\/ca\/inuit-artic-sedna-tornit-proteccio\/\">inuit<\/a> amb <em>Malina<\/em>.<\/p>\t\t\t\t\t\t\t\t<\/div>\n\t\t\t\t<\/div>\n\t\t\t\t\t<\/div>\n\t\t\t\t<\/div>\n\t\t<div class=\"elementor-element elementor-element-cp2407d132 e-flex e-con-boxed e-con e-parent\" data-id=\"cp2407d132\" data-element_type=\"container\" data-e-type=\"container\">\n\t\t\t\t\t<div class=\"e-con-inner\">\n\t\t\t\t<div class=\"elementor-element elementor-element-cp21669eb1 elementor-widget elementor-widget-heading\" data-id=\"cp21669eb1\" data-element_type=\"widget\" data-e-type=\"widget\" data-widget_type=\"heading.default\">\n\t\t\t\t\t<h2 class=\"elementor-heading-title elementor-size-default\">Beaivi en el cicle anual sami i l'ofrena del solstici d'hivern<\/h2>\t\t\t\t<\/div>\n\t\t<div class=\"elementor-element elementor-element-cp23ff3f04 e-flex e-con-boxed e-con e-child\" data-id=\"cp23ff3f04\" data-element_type=\"container\" data-e-type=\"container\">\n\t\t\t\t\t<div class=\"e-con-inner\">\n\t\t\t\t<div class=\"elementor-element elementor-element-cp23f2b794 elementor-widget elementor-widget-text-editor\" data-id=\"cp23f2b794\" data-element_type=\"widget\" data-e-type=\"widget\" data-widget_type=\"text-editor.default\">\n\t\t\t\t\t\t\t\t\t<p>Beaivi, el sol, va ocupar una posici\u00f3 destacada en la religi\u00f3 sami precristiana, explicable per les condicions de vida de l&#8217;extrem nord. Durant els mesos d&#8217;hivern, el sol desapareix completament en gran part del territori sami o just s&#8217;enlaira per sobre de l&#8217;horitz\u00f3. El seu retorn a la primavera no era, doncs, un fet donat per fet, sin\u00f3 un esdeveniment de gran import\u00e0ncia existencial.<\/p><p>Fonts de l&#8217;\u00e8poca moderna, sobretot informes de missioners i funcionaris dels segles XVII i XVIII, transmeten que, en el moment del solstici d&#8217;hivern, els sami dedicaven un <span class=\"iwg-fachbegriff\" data-tooltip=\"Ofrena a una divinitat per expressar gratitud, s\u00faplica o veneraci\u00f3.\" tabindex=\"0\">sacrifici<\/span> a Beaivi.<\/p><p>Entre altres coses s&#8217;esmenta l&#8217;ofrena d&#8217;animals femelles i un <span class=\"iwg-fachbegriff\" data-tooltip=\"Una acci\u00f3 transmesa i repetida regularment en una comunitat.\" tabindex=\"0\">costum<\/span> en el qual anells trenats de branques tenien un paper, associats amb el retorn del sol. Aquests relats s&#8217;han de llegir amb cautela, perqu\u00e8 els seus autors van descriure la religi\u00f3 sami des de fora i sovint amb finalitats de conversi\u00f3.<\/p><p>Beaivi era considerada donadora de llum, calor i, per tant, de fertilitat, tant per als ramats de rens com per a les plantes de les quals aquests s&#8217;alimenten. Amb el sol s&#8217;associava tamb\u00e9 la idea de la salut mental; en algunes tradicions se la invocava per preservar la ra\u00f3.<\/p><p><span data-nosnippet>Les fonts primerenques m\u00e9s importants, com els escrits de Johannes Schefferus, l&#8217;obra del qual, <em>Lapponia<\/em>, va apar\u00e8ixer el 1673, aix\u00ed com registres missioners posteriors, han estat objecte d&#8217;una an\u00e0lisi intensa en la investigaci\u00f3. Mostren Beaivi com una figura central d&#8217;una fe estretament lligada al cicle anual extrem de la regi\u00f3 polar.<\/span><\/p>\t\t\t\t\t\t\t\t<\/div>\n\t\t\t\t\t<\/div>\n\t\t\t\t<\/div>\n\t\t\t\t\t<\/div>\n\t\t\t\t<\/div>\n\t\t<div class=\"elementor-element elementor-element-cp2a9998cb e-flex e-con-boxed e-con e-parent\" data-id=\"cp2a9998cb\" data-element_type=\"container\" data-e-type=\"container\">\n\t\t\t\t\t<div class=\"e-con-inner\">\n\t\t\t\t<div class=\"elementor-element elementor-element-cp279aeee7 elementor-widget elementor-widget-heading\" data-id=\"cp279aeee7\" data-element_type=\"widget\" data-e-type=\"widget\" data-widget_type=\"heading.default\">\n\t\t\t\t\t<h2 class=\"elementor-heading-title elementor-size-default\">El sol als tambors m\u00e0gics sami<\/h2>\t\t\t\t<\/div>\n\t\t<div class=\"elementor-element elementor-element-cp2a24edbe e-flex e-con-boxed e-con e-child\" data-id=\"cp2a24edbe\" data-element_type=\"container\" data-e-type=\"container\">\n\t\t\t\t\t<div class=\"e-con-inner\">\n\t\t\t\t<div class=\"elementor-element elementor-element-cp2b688a68 elementor-widget elementor-widget-text-editor\" data-id=\"cp2b688a68\" data-element_type=\"widget\" data-e-type=\"widget\" data-widget_type=\"text-editor.default\">\n\t\t\t\t\t\t\t\t\t<p>Els testimonis visuals m\u00e9s importants que s&#8217;han conservat de la religi\u00f3 sami precristiana s\u00f3n els tambors m\u00e0gics, anomenats en llengua sami <em>goavddis<\/em> o amb termes relacionats.<\/p><p>Aquests tambors eren utilitzats per l&#8217;especialista religi\u00f3s, el noaidi, per entrar en tr\u00e0nsit o per interpretar auguris fent moure un indicador sobre la pell pintada del tambor. A la membrana de molts tambors hi apareix representat el sol, sovint com a <span class=\"iwg-fachbegriff\" data-tooltip=\"Un element de contingut recurrent en l'art o la narraci\u00f3.\" tabindex=\"0\">motiu<\/span> central.<\/p><p>El s\u00edmbol solar apareix t\u00edpicament com un rombe o quadrat amb quatre raigs que assenyalen els quatre punts cardinals. Sovint el sol es troba situat al centre del tambor, i altres figures, divinitats, animals, paisatges, s&#8217;ordenen al seu voltant o al llarg dels seus raigs.<\/p><p>Aquesta posici\u00f3 central s&#8217;interpreta en la investigaci\u00f3 com una expressi\u00f3 de la import\u00e0ncia de Beaivi per a tota la cosmovisi\u00f3, ja que el sol ordena i estructura l&#8217;espai.<\/p><p>La majoria dels tambors conservats van ser confiscats als segles XVII i XVIII per missioners i autoritats i van acabar en col\u00b7leccions europees; molts altres van ser destru\u00efts. El seu estudi est\u00e0 lligat al nom d&#8217;Ernst Manker, que a mitjan segle XX va documentar un corpus exhaustiu dels tambors coneguts i va registrar sistem\u00e0ticament els seus motius visuals.<\/p><p>La interpretaci\u00f3 de les figures individuals continua sent dif\u00edcil, perqu\u00e8 el coneixement del seu significat exacte es va perdre en gran part amb els \u00faltims noaidi, i les explicacions escrites solen provenir d&#8217;observadors eclesi\u00e0stics externs.<\/p><p>Tot i aix\u00f2, els tambors s\u00f3n imprescindibles, ja que constitueixen els \u00fanics testimonis visuals propis i extensos de l&#8217;antiga religi\u00f3 sami, i Beaivi hi ocupa un lloc visiblement central.<\/p>\t\t\t\t\t\t\t\t<\/div>\n\t\t\t\t\t<\/div>\n\t\t\t\t<\/div>\n\t\t\t\t\t<\/div>\n\t\t\t\t<\/div>\n\t\t<div class=\"elementor-element elementor-element-cp2e73dfba e-flex e-con-boxed e-con e-parent\" data-id=\"cp2e73dfba\" data-element_type=\"container\" data-e-type=\"container\">\n\t\t\t\t\t<div class=\"e-con-inner\">\n\t\t\t\t<div class=\"elementor-element elementor-element-cp29f09c35 elementor-widget elementor-widget-heading\" data-id=\"cp29f09c35\" data-element_type=\"widget\" data-e-type=\"widget\" data-widget_type=\"heading.default\">\n\t\t\t\t\t<h2 class=\"elementor-heading-title elementor-size-default\">Cr\u00edtica de fonts sobre la religi\u00f3 solar sami<\/h2>\t\t\t\t<\/div>\n\t\t<div class=\"elementor-element elementor-element-cp2fe5f0bd e-flex e-con-boxed e-con e-child\" data-id=\"cp2fe5f0bd\" data-element_type=\"container\" data-e-type=\"container\">\n\t\t\t\t\t<div class=\"e-con-inner\">\n\t\t\t\t<div class=\"elementor-element elementor-element-cp254f97b5 elementor-widget elementor-widget-text-editor\" data-id=\"cp254f97b5\" data-element_type=\"widget\" data-e-type=\"widget\" data-widget_type=\"text-editor.default\">\n\t\t\t\t\t\t\t\t\t<p>L&#8217;estudi de Beaivi topa amb un problema metodol\u00f2gic fonamental: no existeixen testimonis escrits propis de la religi\u00f3 samis precristiana.<\/p><p>Els sami no van tenir durant molt temps una tradici\u00f3 escrita pr\u00f2pia, i la seva creen\u00e7a va ser descrita gaireb\u00e9 exclusivament des de fora, per missioners cristians, per capellans, per funcionaris estatals. Aquests autors tenien els seus propis pressup\u00f2sits i objectius, sovint el combat d&#8217;all\u00f2 que consideraven paganisme.<\/p><p>Aix\u00f2 afecta directament la imatge de Beaivi. Els primers relats sovint ordenaven les divinitats samis segons el model de la <span class=\"iwg-fachbegriff\" data-tooltip=\"El conjunt de relats m\u00edtics transmesos d'una cultura sobre els seus d\u00e9us.\" tabindex=\"0\">mitologia<\/span> grecoromana o segons categories cristianes, creant aix\u00ed possiblement un <span class=\"iwg-fachbegriff\" data-tooltip=\"El conjunt de d\u00e9us d'una religi\u00f3 o cultura.\" tabindex=\"0\">pante\u00f3<\/span> m\u00e9s sistem\u00e0tic del que coneixia la religi\u00f3 viscuda.<\/p><p>Tamb\u00e9 els noms i les compet\u00e8ncies de les divinitats varien considerablement entre les fonts i entre les diferents regions samis. La cultura sami mai va ser uniforme; abastava diverses lleng\u00fces i formes de vida diferents, des de la pesca costanera fins al nomadisme del ren.<\/p><p>La investigaci\u00f3 m\u00e9s recent, com els treballs de H\u00e5kan Rydving i altres, insisteix per aix\u00f2 en la necessitat d&#8217;una cr\u00edtica de fonts rigorosa. Rydving ha mostrat en estudis sobre el canvi religi\u00f3s entre els sami com d&#8217;intensament els relats transmesos estan marcats per la perspectiva de l&#8217;evangelitzaci\u00f3.<\/p><p>Per a Beaivi aix\u00f2 significa que el paper central del sol en la creen\u00e7a sami est\u00e0 ben documentat, mitjan\u00e7ant els tambors, mitjan\u00e7ant relats coincidents i mitjan\u00e7ant la l\u00f2gica comprensible del cicle anual polar, per\u00f2 que molts detalls del culte i de les concepcions romanen incerts. Qui escriu sobre Beaivi ha d&#8217;assenyalar obertament aquests l\u00edmits del coneixement.<\/p>\t\t\t\t\t\t\t\t<\/div>\n\t\t\t\t\t<\/div>\n\t\t\t\t<\/div>\n\t\t\t\t\t<\/div>\n\t\t\t\t<\/div>\n\t\t<div class=\"elementor-element elementor-element-iwgw-beaivi-lit e-flex e-con-boxed e-con e-parent\" data-id=\"iwgw-beaivi-lit\" data-element_type=\"container\" data-e-type=\"container\">\n\t\t\t\t\t<div class=\"e-con-inner\">\n\t\t\t\t<div class=\"elementor-element elementor-element-iwgw-beaivi-lith elementor-widget elementor-widget-heading\" data-id=\"iwgw-beaivi-lith\" data-element_type=\"widget\" data-e-type=\"widget\" data-widget_type=\"heading.default\">\n\t\t\t\t\t<h2 class=\"elementor-heading-title elementor-size-default\">Bibliografia (selecci\u00f3)<\/h2>\t\t\t\t<\/div>\n\t\t<div class=\"elementor-element elementor-element-iwgw-beaivi-litc e-con-full e-flex e-con e-child\" data-id=\"iwgw-beaivi-litc\" data-element_type=\"container\" data-e-type=\"container\">\n\t\t\t\t<div class=\"elementor-element elementor-element-iwgw-beaivi-litt elementor-widget elementor-widget-text-editor\" data-id=\"iwgw-beaivi-litt\" data-element_type=\"widget\" data-e-type=\"widget\" data-widget_type=\"text-editor.default\">\n\t\t\t\t\t\t\t\t\t<ul><li><span data-nosnippet>H\u00e5kan Rydving: <em>The End of Drum-Time. Religious Change Among the Lule Saami, 1670s-1740s<\/em> (Uppsala 1993)<\/span><\/li><li>Juha Pentik\u00e4inen: <em>Saamelaiset. Pohjoisen kansan mytologia<\/em> (Helsinki 1995)<\/li><li>Ernst Manker: <em>Die Lappische Zaubertrommel<\/em> (Stockholm 1938-1950)<\/li><li>Johannes Schefferus: <em>Lapponia<\/em> (Frankfurt 1673)<\/li><li>Lars Levi L\u00e6stadius: <em>Fragmenter i lappska mythologien<\/em> (Manuscrit ca. 1840)<\/li><li>Anna Lia Berthelsen: <em>The Sami People. Traditions in Transition<\/em> (Fairbanks 2002)<\/li><\/ul>\t\t\t\t\t\t\t\t<\/div>\n\t\t\t\t<\/div>\n\t\t\t\t\t<\/div>\n\t\t\t\t<\/div>\n\t\t<div class=\"elementor-element elementor-element-iwgw-beaivi-kwd e-flex e-con-boxed e-con e-parent\" data-id=\"iwgw-beaivi-kwd\" data-element_type=\"container\" data-e-type=\"container\">\n\t\t\t\t\t<div class=\"e-con-inner\">\n\t\t<div class=\"elementor-element elementor-element-iwgw-beaivi-kwdc e-con-full e-flex e-con e-child\" data-id=\"iwgw-beaivi-kwdc\" data-element_type=\"container\" data-e-type=\"container\">\n\t\t\t\t<div class=\"elementor-element elementor-element-iwgw-beaivi-kwdt elementor-widget elementor-widget-text-editor\" data-id=\"iwgw-beaivi-kwdt\" data-element_type=\"widget\" data-e-type=\"widget\" data-widget_type=\"text-editor.default\">\n\t\t\t\t\t\t\t\t\t<p><em>Termes clau relacionats: Beaivi P\u00e4ivi Peivve Sami deessa solar Goavddis Sieidi Noaidi solstici d&#8217;estiu.<\/em><\/p>\t\t\t\t\t\t\t\t<\/div>\n\t\t\t\t<\/div>\n\t\t\t\t\t<\/div>\n\t\t\t\t<\/div>\n\t\t<div class=\"elementor-element elementor-element-iwgw-beaivi-cc e-flex e-con-boxed e-con e-parent\" data-id=\"iwgw-beaivi-cc\" data-element_type=\"container\" data-e-type=\"container\" id=\"iwg-cc-beaivi\">\n\t\t\t\t\t<div class=\"e-con-inner\">\n\t\t<div class=\"elementor-element elementor-element-iwgw-beaivi-ccinner e-flex e-con-boxed e-con e-parent\" data-id=\"iwgw-beaivi-ccinner\" data-element_type=\"container\" data-e-type=\"container\" data-settings=\"{&quot;background_background&quot;:&quot;classic&quot;}\">\n\t\t\t\t\t<div class=\"e-con-inner\">\n\t\t\t\t<div class=\"elementor-element elementor-element-iwgw-beaivi-cch elementor-widget elementor-widget-heading\" data-id=\"iwgw-beaivi-cch\" data-element_type=\"widget\" data-e-type=\"widget\" data-widget_type=\"heading.default\">\n\t\t\t\t\t<h2 class=\"elementor-heading-title elementor-size-default\">iWell Guard i tradicions de protecci\u00f3<\/h2>\t\t\t\t<\/div>\n\t\t\t\t<div class=\"elementor-element elementor-element-iwgw-beaivi-cct elementor-widget elementor-widget-text-editor\" data-id=\"iwgw-beaivi-cct\" data-element_type=\"widget\" data-e-type=\"widget\" data-widget_type=\"text-editor.default\">\n\t\t\t\t\t\t\t\t\t<div data-nosnippet=\"true\"><p>iWell Guard s&#8217;inspira en la tradici\u00f3 culturohist\u00f2rica dels objectes de protecci\u00f3 portables, seguint la tradici\u00f3 dels <a href=\"https:\/\/iwell-guard.com\/ca\/sami-i-tradicio-fino-ugra-noaidi-i-tambor\/\">sami<\/a> i de moltes altres cultures d&#8217;arreu del m\u00f3n. 41 capes, or aut\u00e8ntic, plat\u00ed, plata, fabricat a Alemanya. Dret de devoluci\u00f3 de 30 dies.<\/p><\/div>\t\t\t\t\t\t\t\t<\/div>\n\t\t\t\t<div class=\"elementor-element elementor-element-iwgw-beaivi-ccb iwg-cc-button iwg-cc-cta-2026-05-13 elementor-widget elementor-widget-jet-button\" data-id=\"iwgw-beaivi-ccb\" data-element_type=\"widget\" data-e-type=\"widget\" data-widget_type=\"jet-button.default\">\n\t\t\t\t<div class=\"elementor-widget-container\">\n\t\t\t\t\t<div class=\"elementor-jet-button jet-elements\"><div class=\"jet-button__container\"><a class=\"jet-button__instance jet-button__instance--icon-left hover-effect-1\" href=\"\/ueber-iwell-guard\/?utm_source=iwell-guard.com&amp;utm_medium=info-box&amp;utm_campaign=wesen-tradition\"><div class=\"jet-button__plane jet-button__plane-normal\"><\/div><div class=\"jet-button__plane jet-button__plane-hover\"><\/div><div class=\"jet-button__state jet-button__state-normal\"><span class=\"jet-button__label\">M\u00e9s informaci\u00f3 sobre l'iWell Guard<\/span><\/div><div class=\"jet-button__state jet-button__state-hover\"><span class=\"jet-button__label\">M\u00e9s informaci\u00f3 sobre l'iWell Guard<\/span><\/div><\/a><\/div><\/div><style>.elementor-element.elementor-element-iwgw-beaivi-ccb .jet-button__instance{width:320px;height:56px;}.elementor-element.elementor-element-iwgw-beaivi-ccb .jet-button__state-normal .jet-button__label{text-align:center;margin:0px 0px 0px 0px;color:#1a1b20;font-family:Montserrat,sans-serif;font-size:13px;font-weight:400;letter-spacing:4px;line-height:1.714em;text-transform:uppercase;}.elementor-element.elementor-element-iwgw-beaivi-ccb .jet-button__state-hover .jet-button__label{text-align:center;margin:0px 0px 0px 0px;color:#FECC76;font-family:Montserrat,sans-serif;font-size:13px;font-weight:400;letter-spacing:4px;line-height:1.714em;text-transform:uppercase;}.elementor-element.elementor-element-iwgw-beaivi-ccb .jet-button__plane-normal{background-color:#FECC76;border-style:solid;border-color:#C99540;border-width:2px 2px 2px 2px;}.elementor-element.elementor-element-iwgw-beaivi-ccb .jet-button__plane-hover{background-color:rgba(0,0,0,0.55);border-style:solid;border-color:#FECC76;border-width:2px 2px 2px 2px;}<\/style>\t\t\t\t<\/div>\n\t\t\t\t<\/div>\n\t\t\t\t<div class=\"elementor-element elementor-element-iwgw-beaivi-ccd elementor-widget elementor-widget-text-editor\" data-id=\"iwgw-beaivi-ccd\" data-element_type=\"widget\" data-e-type=\"widget\" data-widget_type=\"text-editor.default\">\n\t\t\t\t\t\t\t\t\t<div data-nosnippet=\"true\"><p style=\"text-align:center;font-size:13px;opacity:0.7;margin-top:14px\" data-nosnippet=\"true\">Les experi\u00e8ncies personals poden variar. No \u00e9s un producte sanitari. No \u00e9s una promesa de curaci\u00f3.<\/p><\/div>\t\t\t\t\t\t\t\t<\/div>\n\t\t\t\t\t<\/div>\n\t\t\t\t<\/div>\n\t\t\t\t\t<\/div>\n\t\t\t\t<\/div>\n\t\t<div class=\"elementor-element elementor-element-iwgw-beaivi-disc e-flex e-con-boxed e-con e-parent\" data-id=\"iwgw-beaivi-disc\" data-element_type=\"container\" data-e-type=\"container\">\n\t\t\t\t\t<div class=\"e-con-inner\">\n\t\t\t\t<div class=\"elementor-element elementor-element-iwgw-beaivi-discw elementor-widget elementor-widget-html\" data-id=\"iwgw-beaivi-discw\" data-element_type=\"widget\" data-e-type=\"widget\" data-widget_type=\"html.default\">\n\t\t\t\t\t<footer data-nosnippet=\"true\" class=\"iwg-disclaimer-block\"><p data-nosnippet=\"true\">iWell Guard <strong>no \u00e9s un producte sanitari<\/strong> i no substitueix cap tractament m\u00e8dic o psicoterap\u00e8utic. Els continguts d'hist\u00f2ria de les religions s\u00f3n una classificaci\u00f3 culturohist\u00f2rica, no una recomanaci\u00f3 de pr\u00e0ctica espiritual.<\/p><\/footer>\t\t\t\t<\/div>\n\t\t\t\t\t<\/div>\n\t\t\t\t<\/div>\n\t\t\t\t<\/div>\n\t\t","protected":false},"excerpt":{"rendered":"","protected":false},"author":3,"featured_media":2890,"parent":0,"menu_order":0,"comment_status":"closed","ping_status":"closed","template":"elementor_header_footer","meta":{"_yoast_wpseo_focuskw":"Beaivi deessa del sol sami","_yoast_wpseo_title":"Beaivi - Deessa del sol dels sami i donadora de vida","_yoast_wpseo_metadesc":"Beaivi \u00e9s la deessa del sol dels sami i mare de la vida. Situaci\u00f3 religionocient\u00edfica de la religi\u00f3 sami precristiana.","_yoast_wpseo_meta-robots-noindex":"","_yoast_wpseo_canonical":"","_angie_page":false,"gefaehrdungsstufe":"","wesen_kultur":"","wesen_klasse":"","footnotes":""},"categories":[],"class_list":["post-171761","page","type-page","status-publish","has-post-thumbnail","hentry"],"yoast_head":"<!-- This site is optimized with the Yoast SEO Premium plugin v27.7 (Yoast SEO v28.3) - https:\/\/yoast.com\/product\/yoast-seo-premium-wordpress\/ -->\n<title>Beaivi - Deessa del sol dels sami i donadora de vida<\/title>\n<meta name=\"description\" content=\"Beaivi \u00e9s la deessa del sol dels sami i mare de la vida. Situaci\u00f3 religionocient\u00edfica de la religi\u00f3 sami precristiana.\" \/>\n<meta name=\"robots\" content=\"index, follow, max-snippet:-1, max-image-preview:large, max-video-preview:-1\" \/>\n<link rel=\"canonical\" href=\"https:\/\/iwell-guard.com\/ca\/beaivi-deessa-del-sol-dels-sami\/\" \/>\n<meta property=\"og:locale\" content=\"ca_ES\" \/>\n<meta property=\"og:type\" content=\"article\" \/>\n<meta property=\"og:title\" content=\"Beaivi - Deessa del sol dels sami\" \/>\n<meta property=\"og:description\" content=\"Beaivi \u00e9s la deessa del sol dels sami i mare de la vida. Situaci\u00f3 religionocient\u00edfica de la religi\u00f3 sami precristiana.\" \/>\n<meta property=\"og:url\" content=\"https:\/\/iwell-guard.com\/ca\/beaivi-deessa-del-sol-dels-sami\/\" \/>\n<meta property=\"og:site_name\" content=\"iWell Guard\" \/>\n<meta property=\"article:modified_time\" content=\"2026-09-05T16:06:34+00:00\" \/>\n<meta property=\"og:image\" content=\"https:\/\/iwell-guard.com\/wp-content\/uploads\/2026\/05\/goetter_sami_beaivi.webp\" \/>\n\t<meta property=\"og:image:width\" content=\"1024\" \/>\n\t<meta property=\"og:image:height\" content=\"1536\" \/>\n\t<meta property=\"og:image:type\" content=\"image\/webp\" \/>\n<meta name=\"twitter:card\" content=\"summary_large_image\" \/>\n<script type=\"application\/ld+json\" class=\"yoast-schema-graph\">{\"@context\":\"https:\\\/\\\/schema.org\",\"@graph\":[{\"@type\":\"WebPage\",\"@id\":\"https:\\\/\\\/iwell-guard.com\\\/ca\\\/beaivi-deessa-del-sol-dels-sami\\\/\",\"url\":\"https:\\\/\\\/iwell-guard.com\\\/ca\\\/beaivi-deessa-del-sol-dels-sami\\\/\",\"name\":\"Beaivi - Deessa del sol dels sami i donadora de vida\",\"isPartOf\":{\"@id\":\"https:\\\/\\\/iwell-guard.com\\\/ca\\\/#website\"},\"primaryImageOfPage\":{\"@id\":\"https:\\\/\\\/iwell-guard.com\\\/ca\\\/beaivi-deessa-del-sol-dels-sami\\\/#primaryimage\"},\"image\":{\"@id\":\"https:\\\/\\\/iwell-guard.com\\\/ca\\\/beaivi-deessa-del-sol-dels-sami\\\/#primaryimage\"},\"thumbnailUrl\":\"https:\\\/\\\/iwell-guard.com\\\/wp-content\\\/uploads\\\/2026\\\/05\\\/goetter_sami_beaivi.webp\",\"datePublished\":\"2026-09-05T15:42:09+00:00\",\"dateModified\":\"2026-09-05T16:06:34+00:00\",\"description\":\"Beaivi \u00e9s la deessa del sol dels sami i mare de la vida. Situaci\u00f3 religionocient\u00edfica de la religi\u00f3 sami precristiana.\",\"breadcrumb\":{\"@id\":\"https:\\\/\\\/iwell-guard.com\\\/ca\\\/beaivi-deessa-del-sol-dels-sami\\\/#breadcrumb\"},\"inLanguage\":\"ca\",\"potentialAction\":[{\"@type\":\"ReadAction\",\"target\":[\"https:\\\/\\\/iwell-guard.com\\\/ca\\\/beaivi-deessa-del-sol-dels-sami\\\/\"]}]},{\"@type\":\"ImageObject\",\"inLanguage\":\"ca\",\"@id\":\"https:\\\/\\\/iwell-guard.com\\\/ca\\\/beaivi-deessa-del-sol-dels-sami\\\/#primaryimage\",\"url\":\"https:\\\/\\\/iwell-guard.com\\\/wp-content\\\/uploads\\\/2026\\\/05\\\/goetter_sami_beaivi.webp\",\"contentUrl\":\"https:\\\/\\\/iwell-guard.com\\\/wp-content\\\/uploads\\\/2026\\\/05\\\/goetter_sami_beaivi.webp\",\"width\":1024,\"height\":1536,\"caption\":\"D\u00e9us de la tradici\u00f3 sami.\"},{\"@type\":\"BreadcrumbList\",\"@id\":\"https:\\\/\\\/iwell-guard.com\\\/ca\\\/beaivi-deessa-del-sol-dels-sami\\\/#breadcrumb\",\"itemListElement\":[{\"@type\":\"ListItem\",\"position\":1,\"name\":\"Start\",\"item\":\"https:\\\/\\\/iwell-guard.com\\\/ca\\\/?page_id=171333\"},{\"@type\":\"ListItem\",\"position\":2,\"name\":\"Beaivi &#8211; Deessa del sol dels sami\"}]},{\"@type\":\"WebSite\",\"@id\":\"https:\\\/\\\/iwell-guard.com\\\/ca\\\/#website\",\"url\":\"https:\\\/\\\/iwell-guard.com\\\/ca\\\/\",\"name\":\"iWell Guard\",\"description\":\"Schutz vor dunklen Einfl\u00fcssen\",\"publisher\":{\"@id\":\"https:\\\/\\\/iwell-guard.com\\\/ca\\\/#organization\"},\"potentialAction\":[{\"@type\":\"SearchAction\",\"target\":{\"@type\":\"EntryPoint\",\"urlTemplate\":\"https:\\\/\\\/iwell-guard.com\\\/ca\\\/?s={search_term_string}\"},\"query-input\":{\"@type\":\"PropertyValueSpecification\",\"valueRequired\":true,\"valueName\":\"search_term_string\"}}],\"inLanguage\":\"ca\"},{\"@type\":\"Organization\",\"@id\":\"https:\\\/\\\/iwell-guard.com\\\/ca\\\/#organization\",\"name\":\"Ittermann electronic GmbH\",\"url\":\"https:\\\/\\\/iwell-guard.com\\\/ca\\\/\",\"logo\":{\"@type\":\"ImageObject\",\"inLanguage\":\"ca\",\"@id\":\"https:\\\/\\\/iwell-guard.com\\\/ca\\\/#\\\/schema\\\/logo\\\/image\\\/\",\"url\":\"https:\\\/\\\/iwell-guard.com\\\/wp-content\\\/uploads\\\/2026\\\/05\\\/Ittermann-Logo-1182x237-1.png\",\"contentUrl\":\"https:\\\/\\\/iwell-guard.com\\\/wp-content\\\/uploads\\\/2026\\\/05\\\/Ittermann-Logo-1182x237-1.png\",\"width\":1182,\"height\":237,\"caption\":\"Ittermann electronic GmbH\"},\"image\":{\"@id\":\"https:\\\/\\\/iwell-guard.com\\\/ca\\\/#\\\/schema\\\/logo\\\/image\\\/\"},\"sameAs\":[\"https:\\\/\\\/pantip.com\\\/profile\\\/9367242\",\"https:\\\/\\\/micro.blog\\\/iwellguard\",\"https:\\\/\\\/www.diggerslist.com\\\/iwellguard\\\/about\",\"https:\\\/\\\/skitterphoto.com\\\/photographers\\\/2870314\\\/iwell-guard\",\"https:\\\/\\\/iwellguard.wordpress.com\\\/2026\\\/06\\\/06\\\/iwell-guard\\\/\",\"https:\\\/\\\/hub.docker.com\\\/u\\\/iwellguard\",\"https:\\\/\\\/www.pinterest.com\\\/iwellguard\\\/\",\"https:\\\/\\\/bit.ly\\\/m\\\/iwellguard\",\"https:\\\/\\\/entre-vos-mains.alsace.eu\\\/profiles\\\/iwellguard\\\/activity\",\"https:\\\/\\\/gravatar.com\\\/reallybeded8fd34\",\"https:\\\/\\\/naijamatta.com\\\/iwellguard\",\"https:\\\/\\\/www.goodreads.com\\\/iwellguard\",\"https:\\\/\\\/profile.hatena.ne.jp\\\/iwellguard\\\/\",\"https:\\\/\\\/experiment.com\\\/users\\\/iwellguard\",\"https:\\\/\\\/wakelet.com\\\/@iWellGuard82270\",\"https:\\\/\\\/www.chordie.com\\\/forum\\\/profile.php?id=2555664\",\"https:\\\/\\\/www.instapaper.com\\\/p\\\/17757966\",\"https:\\\/\\\/www.mapleprimes.com\\\/users\\\/iwellguard\",\"https:\\\/\\\/businesslistingplus.com\\\/profile\\\/iwell-guard\\\/\",\"https:\\\/\\\/telegra.ph\\\/iWell-Guard-06-06\",\"https:\\\/\\\/pbase.com\\\/iwellguard\\\/iwellguard\",\"https:\\\/\\\/b.hatena.ne.jp\\\/iwellguard\\\/20260607#bookmark-4788405196491818882\",\"https:\\\/\\\/fliphtml5.com\\\/home\\\/iwellguard\",\"https:\\\/\\\/anyflip.com\\\/homepage\\\/cmiwl#About\",\"https:\\\/\\\/transfur.com\\\/Users\\\/iwellguard\",\"http:\\\/\\\/delphi.larsbo.org\\\/user\\\/iwellguard\",\"https:\\\/\\\/jobs.lajobsportal.org\\\/profiles\\\/8380803-iwell-guard\",\"https:\\\/\\\/md.chaosdorf.de\\\/s\\\/jfbe5SBdJD\",\"https:\\\/\\\/www.lingvolive.com\\\/en-us\\\/profile\\\/9ecaeaca-ce11-4e51-9e71-01d55e2bff36\\\/translations\",\"https:\\\/\\\/www.fitday.com\\\/fitness\\\/forums\\\/members\\\/iwellguard.html\",\"https:\\\/\\\/www.mymeetbook.com\\\/iwellguard\",\"https:\\\/\\\/pxhere.com\\\/en\\\/photographer-me\\\/5040798\",\"https:\\\/\\\/disqus.com\\\/by\\\/iwellguard\\\/about\\\/\",\"https:\\\/\\\/pastelink.net\\\/hjwciqwq\",\"https:\\\/\\\/pubhtml5.com\\\/homepage\\\/scjhn\\\/\",\"https:\\\/\\\/www.bitchute.com\\\/channel\\\/2O2eOKzNqujT\",\"https:\\\/\\\/audiomack.com\\\/iwellguard\"]}]}<\/script>\n<!-- \/ Yoast SEO Premium plugin. -->","yoast_head_json":{"title":"Beaivi - Deessa del sol dels sami i donadora de vida","description":"Beaivi \u00e9s la deessa del sol dels sami i mare de la vida. Situaci\u00f3 religionocient\u00edfica de la religi\u00f3 sami precristiana.","robots":{"index":"index","follow":"follow","max-snippet":"max-snippet:-1","max-image-preview":"max-image-preview:large","max-video-preview":"max-video-preview:-1"},"canonical":"https:\/\/iwell-guard.com\/ca\/beaivi-deessa-del-sol-dels-sami\/","og_locale":"ca_ES","og_type":"article","og_title":"Beaivi - Deessa del sol dels sami","og_description":"Beaivi \u00e9s la deessa del sol dels sami i mare de la vida. Situaci\u00f3 religionocient\u00edfica de la religi\u00f3 sami precristiana.","og_url":"https:\/\/iwell-guard.com\/ca\/beaivi-deessa-del-sol-dels-sami\/","og_site_name":"iWell Guard","article_modified_time":"2026-09-05T16:06:34+00:00","og_image":[{"width":1024,"height":1536,"url":"https:\/\/iwell-guard.com\/wp-content\/uploads\/2026\/05\/goetter_sami_beaivi.webp","type":"image\/webp"}],"twitter_card":"summary_large_image","schema":{"@context":"https:\/\/schema.org","@graph":[{"@type":"WebPage","@id":"https:\/\/iwell-guard.com\/ca\/beaivi-deessa-del-sol-dels-sami\/","url":"https:\/\/iwell-guard.com\/ca\/beaivi-deessa-del-sol-dels-sami\/","name":"Beaivi - Deessa del sol dels sami i donadora de vida","isPartOf":{"@id":"https:\/\/iwell-guard.com\/ca\/#website"},"primaryImageOfPage":{"@id":"https:\/\/iwell-guard.com\/ca\/beaivi-deessa-del-sol-dels-sami\/#primaryimage"},"image":{"@id":"https:\/\/iwell-guard.com\/ca\/beaivi-deessa-del-sol-dels-sami\/#primaryimage"},"thumbnailUrl":"https:\/\/iwell-guard.com\/wp-content\/uploads\/2026\/05\/goetter_sami_beaivi.webp","datePublished":"2026-09-05T15:42:09+00:00","dateModified":"2026-09-05T16:06:34+00:00","description":"Beaivi \u00e9s la deessa del sol dels sami i mare de la vida. Situaci\u00f3 religionocient\u00edfica de la religi\u00f3 sami precristiana.","breadcrumb":{"@id":"https:\/\/iwell-guard.com\/ca\/beaivi-deessa-del-sol-dels-sami\/#breadcrumb"},"inLanguage":"ca","potentialAction":[{"@type":"ReadAction","target":["https:\/\/iwell-guard.com\/ca\/beaivi-deessa-del-sol-dels-sami\/"]}]},{"@type":"ImageObject","inLanguage":"ca","@id":"https:\/\/iwell-guard.com\/ca\/beaivi-deessa-del-sol-dels-sami\/#primaryimage","url":"https:\/\/iwell-guard.com\/wp-content\/uploads\/2026\/05\/goetter_sami_beaivi.webp","contentUrl":"https:\/\/iwell-guard.com\/wp-content\/uploads\/2026\/05\/goetter_sami_beaivi.webp","width":1024,"height":1536,"caption":"D\u00e9us de la tradici\u00f3 sami."},{"@type":"BreadcrumbList","@id":"https:\/\/iwell-guard.com\/ca\/beaivi-deessa-del-sol-dels-sami\/#breadcrumb","itemListElement":[{"@type":"ListItem","position":1,"name":"Start","item":"https:\/\/iwell-guard.com\/ca\/?page_id=171333"},{"@type":"ListItem","position":2,"name":"Beaivi &#8211; Deessa del sol dels sami"}]},{"@type":"WebSite","@id":"https:\/\/iwell-guard.com\/ca\/#website","url":"https:\/\/iwell-guard.com\/ca\/","name":"iWell Guard","description":"Schutz vor dunklen Einfl\u00fcssen","publisher":{"@id":"https:\/\/iwell-guard.com\/ca\/#organization"},"potentialAction":[{"@type":"SearchAction","target":{"@type":"EntryPoint","urlTemplate":"https:\/\/iwell-guard.com\/ca\/?s={search_term_string}"},"query-input":{"@type":"PropertyValueSpecification","valueRequired":true,"valueName":"search_term_string"}}],"inLanguage":"ca"},{"@type":"Organization","@id":"https:\/\/iwell-guard.com\/ca\/#organization","name":"Ittermann electronic GmbH","url":"https:\/\/iwell-guard.com\/ca\/","logo":{"@type":"ImageObject","inLanguage":"ca","@id":"https:\/\/iwell-guard.com\/ca\/#\/schema\/logo\/image\/","url":"https:\/\/iwell-guard.com\/wp-content\/uploads\/2026\/05\/Ittermann-Logo-1182x237-1.png","contentUrl":"https:\/\/iwell-guard.com\/wp-content\/uploads\/2026\/05\/Ittermann-Logo-1182x237-1.png","width":1182,"height":237,"caption":"Ittermann electronic GmbH"},"image":{"@id":"https:\/\/iwell-guard.com\/ca\/#\/schema\/logo\/image\/"},"sameAs":["https:\/\/pantip.com\/profile\/9367242","https:\/\/micro.blog\/iwellguard","https:\/\/www.diggerslist.com\/iwellguard\/about","https:\/\/skitterphoto.com\/photographers\/2870314\/iwell-guard","https:\/\/iwellguard.wordpress.com\/2026\/06\/06\/iwell-guard\/","https:\/\/hub.docker.com\/u\/iwellguard","https:\/\/www.pinterest.com\/iwellguard\/","https:\/\/bit.ly\/m\/iwellguard","https:\/\/entre-vos-mains.alsace.eu\/profiles\/iwellguard\/activity","https:\/\/gravatar.com\/reallybeded8fd34","https:\/\/naijamatta.com\/iwellguard","https:\/\/www.goodreads.com\/iwellguard","https:\/\/profile.hatena.ne.jp\/iwellguard\/","https:\/\/experiment.com\/users\/iwellguard","https:\/\/wakelet.com\/@iWellGuard82270","https:\/\/www.chordie.com\/forum\/profile.php?id=2555664","https:\/\/www.instapaper.com\/p\/17757966","https:\/\/www.mapleprimes.com\/users\/iwellguard","https:\/\/businesslistingplus.com\/profile\/iwell-guard\/","https:\/\/telegra.ph\/iWell-Guard-06-06","https:\/\/pbase.com\/iwellguard\/iwellguard","https:\/\/b.hatena.ne.jp\/iwellguard\/20260607#bookmark-4788405196491818882","https:\/\/fliphtml5.com\/home\/iwellguard","https:\/\/anyflip.com\/homepage\/cmiwl#About","https:\/\/transfur.com\/Users\/iwellguard","http:\/\/delphi.larsbo.org\/user\/iwellguard","https:\/\/jobs.lajobsportal.org\/profiles\/8380803-iwell-guard","https:\/\/md.chaosdorf.de\/s\/jfbe5SBdJD","https:\/\/www.lingvolive.com\/en-us\/profile\/9ecaeaca-ce11-4e51-9e71-01d55e2bff36\/translations","https:\/\/www.fitday.com\/fitness\/forums\/members\/iwellguard.html","https:\/\/www.mymeetbook.com\/iwellguard","https:\/\/pxhere.com\/en\/photographer-me\/5040798","https:\/\/disqus.com\/by\/iwellguard\/about\/","https:\/\/pastelink.net\/hjwciqwq","https:\/\/pubhtml5.com\/homepage\/scjhn\/","https:\/\/www.bitchute.com\/channel\/2O2eOKzNqujT","https:\/\/audiomack.com\/iwellguard"]}]}},"_links":{"self":[{"href":"https:\/\/iwell-guard.com\/ca\/wp-json\/wp\/v2\/pages\/171761","targetHints":{"allow":["GET"]}}],"collection":[{"href":"https:\/\/iwell-guard.com\/ca\/wp-json\/wp\/v2\/pages"}],"about":[{"href":"https:\/\/iwell-guard.com\/ca\/wp-json\/wp\/v2\/types\/page"}],"author":[{"embeddable":true,"href":"https:\/\/iwell-guard.com\/ca\/wp-json\/wp\/v2\/users\/3"}],"replies":[{"embeddable":true,"href":"https:\/\/iwell-guard.com\/ca\/wp-json\/wp\/v2\/comments?post=171761"}],"version-history":[{"count":0,"href":"https:\/\/iwell-guard.com\/ca\/wp-json\/wp\/v2\/pages\/171761\/revisions"}],"wp:featuredmedia":[{"embeddable":true,"href":"https:\/\/iwell-guard.com\/ca\/wp-json\/wp\/v2\/media\/2890"}],"wp:attachment":[{"href":"https:\/\/iwell-guard.com\/ca\/wp-json\/wp\/v2\/media?parent=171761"}],"wp:term":[{"taxonomy":"category","embeddable":true,"href":"https:\/\/iwell-guard.com\/ca\/wp-json\/wp\/v2\/categories?post=171761"}],"curies":[{"name":"wp","href":"https:\/\/api.w.org\/{rel}","templated":true}]}}