{"id":171759,"date":"2026-09-05T15:42:08","date_gmt":"2026-09-05T15:42:08","guid":{"rendered":"https:\/\/iwell-guard.com\/?page_id=171759"},"modified":"2026-09-05T16:06:29","modified_gmt":"2026-09-05T16:06:29","slug":"malina-deessa-del-sol-inuit","status":"publish","type":"page","link":"https:\/\/iwell-guard.com\/ca\/malina-deessa-del-sol-inuit\/","title":{"rendered":"Malina &#8211; Deessa del sol dels inuit"},"content":{"rendered":"\t\t<div data-elementor-type=\"wp-page\" data-elementor-id=\"171759\" class=\"elementor elementor-171759 elementor-2662 elementor-bc-flex-widget\" data-elementor-post-type=\"page\">\n\t\t\t\t<div class=\"elementor-element elementor-element-iwgw-malinainui-hero e-flex e-con-boxed e-con e-parent\" data-id=\"iwgw-malinainui-hero\" data-element_type=\"container\" data-e-type=\"container\" data-settings=\"{&quot;background_background&quot;:&quot;classic&quot;}\">\n\t\t\t\t\t<div class=\"e-con-inner\">\n\t\t<div class=\"elementor-element elementor-element-iwgw-malinainui-hl e-flex e-con-boxed e-con e-child\" data-id=\"iwgw-malinainui-hl\" data-element_type=\"container\" data-e-type=\"container\">\n\t\t\t\t\t<div class=\"e-con-inner\">\n\t\t<div class=\"elementor-element elementor-element-iwgw-malinainui-htxt e-con-full e-flex e-con e-child\" data-id=\"iwgw-malinainui-htxt\" data-element_type=\"container\" data-e-type=\"container\">\n\t\t\t\t<div class=\"elementor-element elementor-element-iwgw-malinainui-h1 elementor-widget elementor-widget-heading\" data-id=\"iwgw-malinainui-h1\" data-element_type=\"widget\" data-e-type=\"widget\" data-widget_type=\"heading.default\">\n\t\t\t\t\t<h1 class=\"elementor-heading-title elementor-size-default\">Malina - Deessa del sol i germana de la lluna en la tradici\u00f3 inuit<\/h1>\t\t\t\t<\/div>\n\t\t\t\t<div class=\"elementor-element elementor-element-iwgw-malinainui-lead elementor-widget elementor-widget-text-editor\" data-id=\"iwgw-malinainui-lead\" data-element_type=\"widget\" data-e-type=\"widget\" data-widget_type=\"text-editor.default\">\n\t\t\t\t\t\t\t\t\t<p>Malina \u00e9s, en la tradici\u00f3 <a href=\"https:\/\/iwell-guard.com\/ca\/inuit-artic-sedna-tornit-proteccio\/\">inuit<\/a> de l&#8217;\u00c0rtic central, la deessa del sol, germana de la lluna <a href=\"https:\/\/iwell-guard.com\/ca\/?page_id=171758\">Igaluk<\/a> i protagonista d&#8217;un dels mites inuit centrals. La seva fugida del germ\u00e0 explica la separaci\u00f3 entre el dia i la nit. Des de l&#8217;estudi de les religions, \u00e9s la deessa solar femenina paradigm\u00e0tica de la regi\u00f3 circumpolar.<\/p>\t\t\t\t\t\t\t\t<\/div>\n\t\t\t\t<\/div>\n\t\t<div class=\"elementor-element elementor-element-iwgw-malinainui-pillc e-con-full e-flex e-con e-child\" data-id=\"iwgw-malinainui-pillc\" data-element_type=\"container\" data-e-type=\"container\">\n\t\t\t\t<div class=\"elementor-element elementor-element-iwgw-malinainui-pills elementor-widget elementor-widget-html\" data-id=\"iwgw-malinainui-pills\" data-element_type=\"widget\" data-e-type=\"widget\" data-widget_type=\"html.default\">\n\t\t\t\t\t<div class=\"iwg-pill-row\"><span class=\"iwg-klasse-badge\" tabindex=\"0\" data-tooltip=\"Deessa de la tradici\u00f3 inuit.\">Deessa<\/span><a href=\"https:\/\/iwell-guard.com\/ca\/inuit-artic-sedna-tornit-proteccio\/\" class=\"iwg-kultur-badge\" tabindex=\"0\" data-tooltip=\"Mitologia de la tradici\u00f3 inuit.\">Inuit<\/a><span class=\"iwg-tradition-badge\" tabindex=\"0\" data-tooltip=\"Deessa del sol.\">Deessa del sol<\/span><\/div>\t\t\t\t<\/div>\n\t\t\t\t<\/div>\n\t\t<div class=\"elementor-element elementor-element-iwgw-malinainui-tocc e-con-full e-flex e-con e-child\" data-id=\"iwgw-malinainui-tocc\" data-element_type=\"container\" data-e-type=\"container\">\n\t\t\t\t<div class=\"elementor-element elementor-element-iwgw-malinainui-toc elementor-toc--minimized-on-tablet elementor-widget elementor-widget-table-of-contents\" data-id=\"iwgw-malinainui-toc\" data-element_type=\"widget\" data-e-type=\"widget\" data-settings=\"{&quot;headings_by_tags&quot;:[&quot;h2&quot;,&quot;h3&quot;],&quot;minimize_box&quot;:&quot;yes&quot;,&quot;marker_view&quot;:&quot;bullets&quot;,&quot;no_headings_message&quot;:&quot;No s&#039;ha trobat cap encap\\u00e7alament en aquesta p\\u00e0gina.&quot;,&quot;exclude_headings_by_selector&quot;:[],&quot;icon&quot;:{&quot;value&quot;:&quot;fas fa-circle&quot;,&quot;library&quot;:&quot;fa-solid&quot;,&quot;rendered_tag&quot;:&quot;&lt;svg class=\\&quot;e-font-icon-svg e-fas-circle\\&quot; viewBox=\\&quot;0 0 512 512\\&quot; xmlns=\\&quot;http:\\\/\\\/www.w3.org\\\/2000\\\/svg\\&quot;&gt;&lt;path d=\\&quot;M256 8C119 8 8 119 8 256s111 248 248 248 248-111 248-248S393 8 256 8z\\&quot;&gt;&lt;\\\/path&gt;&lt;\\\/svg&gt;&quot;},&quot;minimized_on&quot;:&quot;tablet&quot;,&quot;hierarchical_view&quot;:&quot;yes&quot;,&quot;min_height&quot;:{&quot;unit&quot;:&quot;px&quot;,&quot;size&quot;:&quot;&quot;,&quot;sizes&quot;:[]},&quot;min_height_tablet&quot;:{&quot;unit&quot;:&quot;px&quot;,&quot;size&quot;:&quot;&quot;,&quot;sizes&quot;:[]},&quot;min_height_mobile&quot;:{&quot;unit&quot;:&quot;px&quot;,&quot;size&quot;:&quot;&quot;,&quot;sizes&quot;:[]}}\" data-widget_type=\"table-of-contents.default\">\n\t\t\t\t\t\t\t\t\t<div class=\"elementor-toc__header\">\n\t\t\t\t\t\t<h2 class=\"elementor-toc__header-title\">\n\t\t\t\t\u00cdndex\t\t\t<\/h2>\n\t\t\t\t\t\t\t\t\t\t<div class=\"elementor-toc__toggle-button elementor-toc__toggle-button--expand\" role=\"button\" tabindex=\"0\" aria-controls=\"elementor-toc__iwgw-malinainui-toc\" aria-expanded=\"true\" aria-label=\"Open table of contents\"><svg aria-hidden=\"true\" class=\"e-font-icon-svg e-fas-chevron-down\" viewBox=\"0 0 448 512\" xmlns=\"http:\/\/www.w3.org\/2000\/svg\"><path d=\"M207.029 381.476L12.686 187.132c-9.373-9.373-9.373-24.569 0-33.941l22.667-22.667c9.357-9.357 24.522-9.375 33.901-.04L224 284.505l154.745-154.021c9.379-9.335 24.544-9.317 33.901.04l22.667 22.667c9.373 9.373 9.373 24.569 0 33.941L240.971 381.476c-9.373 9.372-24.569 9.372-33.942 0z\"><\/path><\/svg><\/div>\n\t\t\t\t<div class=\"elementor-toc__toggle-button elementor-toc__toggle-button--collapse\" role=\"button\" tabindex=\"0\" aria-controls=\"elementor-toc__iwgw-malinainui-toc\" aria-expanded=\"true\" aria-label=\"Close table of contents\"><svg aria-hidden=\"true\" class=\"e-font-icon-svg e-fas-chevron-up\" viewBox=\"0 0 448 512\" xmlns=\"http:\/\/www.w3.org\/2000\/svg\"><path d=\"M240.971 130.524l194.343 194.343c9.373 9.373 9.373 24.569 0 33.941l-22.667 22.667c-9.357 9.357-24.522 9.375-33.901.04L224 227.495 69.255 381.516c-9.379 9.335-24.544 9.317-33.901-.04l-22.667-22.667c-9.373-9.373-9.373-24.569 0-33.941L207.03 130.525c9.372-9.373 24.568-9.373 33.941-.001z\"><\/path><\/svg><\/div>\n\t\t\t\t\t<\/div>\n\t\t\t\t<div id=\"elementor-toc__iwgw-malinainui-toc\" class=\"elementor-toc__body\">\n\t\t\t<div class=\"elementor-toc__spinner-container\">\n\t\t\t\t<svg class=\"elementor-toc__spinner eicon-animation-spin e-font-icon-svg e-eicon-loading\" aria-hidden=\"true\" viewBox=\"0 0 1000 1000\" xmlns=\"http:\/\/www.w3.org\/2000\/svg\"><path d=\"M500 975V858C696 858 858 696 858 500S696 142 500 142 142 304 142 500H25C25 237 238 25 500 25S975 237 975 500 763 975 500 975Z\"><\/path><\/svg>\t\t\t<\/div>\n\t\t<\/div>\n\t\t\t\t\t\t<\/div>\n\t\t\t\t<\/div>\n\t\t\t\t\t<\/div>\n\t\t\t\t<\/div>\n\t\t<div class=\"elementor-element elementor-element-iwgw-malinainui-hr e-con-full e-flex e-con e-child\" data-id=\"iwgw-malinainui-hr\" data-element_type=\"container\" data-e-type=\"container\">\n\t\t\t\t<div class=\"elementor-element elementor-element-iwgw-malinainui-heroimg iwg-hero-image elementor-widget elementor-widget-image\" data-id=\"iwgw-malinainui-heroimg\" data-element_type=\"widget\" data-e-type=\"widget\" data-widget_type=\"image.default\">\n\t\t\t\t\t\t\t\t\t\t\t\t\t\t\t<img fetchpriority=\"high\" decoding=\"async\" width=\"683\" height=\"1024\" src=\"https:\/\/iwell-guard.com\/wp-content\/uploads\/2026\/05\/goetter_inuit_malina-inuit-683x1024.webp\" class=\"attachment-large size-large wp-image-2883\" alt=\"Malina \u2013 Deessa del sol dels inuit\" srcset=\"https:\/\/iwell-guard.com\/wp-content\/uploads\/2026\/05\/goetter_inuit_malina-inuit-683x1024.webp 683w, https:\/\/iwell-guard.com\/wp-content\/uploads\/2026\/05\/goetter_inuit_malina-inuit-200x300.webp 200w, https:\/\/iwell-guard.com\/wp-content\/uploads\/2026\/05\/goetter_inuit_malina-inuit-768x1152.webp 768w, https:\/\/iwell-guard.com\/wp-content\/uploads\/2026\/05\/goetter_inuit_malina-inuit.webp 1024w\" sizes=\"(max-width: 683px) 100vw, 683px\" \/>\t\t\t\t\t\t\t\t\t\t\t\t\t\t\t<\/div>\n\t\t\t\t<\/div>\n\t\t\t\t\t<\/div>\n\t\t\t\t<\/div>\n\t\t\t\t<section class=\"elementor-section elementor-top-section elementor-element elementor-element-sec-iwgcomp-malina-inuit elementor-section-boxed elementor-section-height-default elementor-section-height-default\" data-id=\"sec-iwgcomp-malina-inuit\" data-element_type=\"section\" data-e-type=\"section\">\n\t\t\t\t\t\t<div class=\"elementor-container elementor-column-gap-default\">\n\t\t\t\t\t<div class=\"elementor-column elementor-col-100 elementor-top-column elementor-element elementor-element-col-iwgcomp-malina-inuit\" data-id=\"col-iwgcomp-malina-inuit\" data-element_type=\"column\" data-e-type=\"column\">\n\t\t\t<div class=\"elementor-widget-wrap elementor-element-populated\">\n\t\t\t\t\t\t<div class=\"elementor-element elementor-element-iwgcomp-malina-inuit elementor-widget elementor-widget-text-editor\" data-id=\"iwgcomp-malina-inuit\" data-element_type=\"widget\" data-e-type=\"widget\" data-widget_type=\"text-editor.default\">\n\t\t\t\t\t\t\t\t\t<p>Malina \u00e9s la <strong>deessa del sol inuit<\/strong> i germana del d\u00e9u lunar Igaluk en la <span class=\"iwg-fachbegriff\" data-tooltip=\"El conjunt de les narracions divines transmeses d'una cultura.\" tabindex=\"0\">mitologia<\/span> \u00e0rtica.<\/p>\t\t\t\t\t\t\t\t<\/div>\n\t\t\t\t\t<\/div>\n\t\t<\/div>\n\t\t\t\t\t<\/div>\n\t\t<\/section>\n\t\t<div class=\"elementor-element elementor-element-iwgw-malinainui-s0 e-flex e-con-boxed e-con e-parent\" data-id=\"iwgw-malinainui-s0\" data-element_type=\"container\" data-e-type=\"container\">\n\t\t\t\t\t<div class=\"e-con-inner\">\n\t\t\t\t<div class=\"elementor-element elementor-element-iwgw-malinainui-s0h elementor-widget elementor-widget-heading\" data-id=\"iwgw-malinainui-s0h\" data-element_type=\"widget\" data-e-type=\"widget\" data-widget_type=\"heading.default\">\n\t\t\t\t\t<h2 class=\"elementor-heading-title elementor-size-default\">Classificaci\u00f3 i perfil breu<\/h2>\t\t\t\t<\/div>\n\t\t<div class=\"elementor-element elementor-element-iwgw-malinainui-s0c e-con-full e-flex e-con e-child\" data-id=\"iwgw-malinainui-s0c\" data-element_type=\"container\" data-e-type=\"container\">\n\t\t\t\t<div class=\"elementor-element elementor-element-iwgw-malinainui-s0t elementor-widget elementor-widget-text-editor\" data-id=\"iwgw-malinainui-s0t\" data-element_type=\"widget\" data-e-type=\"widget\" data-widget_type=\"text-editor.default\">\n\t\t\t\t\t\t\t\t\t<p>Malina \u00e9s, en el <span class=\"iwg-fachbegriff\" data-tooltip=\"El conjunt dels d\u00e9us d'una religi\u00f3 o cultura.\" tabindex=\"0\">pante\u00f3<\/span> inuit, el sol en forma femenina personificada. \u00c9s remarcable, des del punt de vista de l&#8217;estudi de les religions, que la tradici\u00f3 inuit, com la majoria de tradicions circumpolars i nord-europees, concep el sol com a femen\u00ed i la lluna com a masculina, a difer\u00e8ncia de moltes tradicions mediterr\u00e0nies, on la polaritat \u00e9s inversa. Aquesta atribuci\u00f3 de g\u00e8nere \u00e9s un tret important de la fenomenologia de la religi\u00f3.<\/p><p>Malina no \u00e9s una <span class=\"iwg-fachbegriff\" data-tooltip=\"Un \u00e9sser venerat com a div\u00ed dins d'una religi\u00f3.\" tabindex=\"0\">divinitat<\/span> aut\u00f2noma i independent, sin\u00f3 que se l&#8217;esmenta sempre en relaci\u00f3 amb el <span class=\"iwg-fachbegriff\" data-tooltip=\"Una narraci\u00f3 transmesa sobre d\u00e9us, or\u00edgens i l'ordre del m\u00f3n.\" tabindex=\"0\">mite<\/span> del seu germ\u00e0 Igaluk. La seva fugida cap al cel i la persecuci\u00f3 permanent d&#8217;Igaluk estructuren el cicle diari i, per tant, l&#8217;ordre b\u00e0sic del temps. Aquest vincle narratiu amb Igaluk constitueix, des de la fenomenologia de la religi\u00f3, un fenomen propi.<\/p><p>Malgrat aquest vincle narratiu, Malina t\u00e9 funcions rituals pr\u00f2pies, sobretot en l&#8217;\u00e0mbit de les pr\u00e0ctiques femenines, la puresa, el naixement i l&#8217;hivern fred, l&#8217;acabament del qual queda marcat pel seu retorn despr\u00e9s de la nit polar. La seva significaci\u00f3 religiosa est\u00e0 estretament lligada al cicle anual \u00e0rtic, cosa que la converteix en una figura clau de la concepci\u00f3 c\u00edclica del temps dels inuit.<\/p><p>La deessa solar Malina, sempre transmesa en relaci\u00f3 amb el <span class=\"iwg-fachbegriff\" data-tooltip=\"Una narraci\u00f3 transmesa sobre d\u00e9us, or\u00edgens i l'ordre del m\u00f3n.\" tabindex=\"0\">mite<\/span> del seu germ\u00e0 Igaluk, ha estat estudiada per la recerca m\u00e9s recent amb enfocaments metodol\u00f2gics ampliats que combinen precisi\u00f3 etnogr\u00e0fica, cr\u00edtica de fonts ling\u00fc\u00edstica i perspectiva comparativa. Avui la mateixa comunitat de coneixement inuit forma part d&#8217;aquesta recerca i corregeix atribucions occidentals m\u00e9s antigues, en part marcades pel colonialisme.<\/p><p>La q\u00fcesti\u00f3 sociorreligiosa de la funci\u00f3 de Malina en l&#8217;ordre social de la comunitat inuit tradicional aporta, a m\u00e9s, informaci\u00f3 rellevant. Com que la seva import\u00e0ncia ritual estava lligada a les pr\u00e0ctiques femenines, el naixement i el cicle anual, s&#8217;hi observa que l&#8217;estructura religiosa no estava separada de la pr\u00e0ctica social, sin\u00f3 estretament entrella\u00e7ada amb ella.<\/p><p>Aquest entrella\u00e7ament constitueix un camp de recerca propi de l&#8217;antropologia de la religi\u00f3, estudiat sobretot de manera sistem\u00e0tica per Fr\u00e9d\u00e9ric Laugrand i Jarich Oosten.<\/p>\t\t\t\t\t\t\t\t<\/div>\n\t\t\t\t<\/div>\n\t\t\t\t\t<\/div>\n\t\t\t\t<\/div>\n\t\t<div class=\"elementor-element elementor-element-iwgw-malinainui-s1 e-flex e-con-boxed e-con e-parent\" data-id=\"iwgw-malinainui-s1\" data-element_type=\"container\" data-e-type=\"container\">\n\t\t\t\t\t<div class=\"e-con-inner\">\n\t\t\t\t<div class=\"elementor-element elementor-element-iwgw-malinainui-s1h elementor-widget elementor-widget-heading\" data-id=\"iwgw-malinainui-s1h\" data-element_type=\"widget\" data-e-type=\"widget\" data-widget_type=\"heading.default\">\n\t\t\t\t\t<h2 class=\"elementor-heading-title elementor-size-default\">Nom i etimologia<\/h2>\t\t\t\t<\/div>\n\t\t<div class=\"elementor-element elementor-element-iwgw-malinainui-s1c e-con-full e-flex e-con e-child\" data-id=\"iwgw-malinainui-s1c\" data-element_type=\"container\" data-e-type=\"container\">\n\t\t\t\t<div class=\"elementor-element elementor-element-iwgw-malinainui-s1t elementor-widget elementor-widget-text-editor\" data-id=\"iwgw-malinainui-s1t\" data-element_type=\"widget\" data-e-type=\"widget\" data-widget_type=\"text-editor.default\">\n\t\t\t\t\t\t\t\t\t<p>El nom Malina \u00e9s m\u00e9s freq\u00fcent en el dialecte groenland\u00e8s occidental. Etimol\u00f2gicament no est\u00e0 resolt del tot, per\u00f2 podria estar relacionat amb l&#8217;arrel <em>mali\u014b\u014buq<\/em>, que designa el fet de perseguir. Cient\u00edficament, aix\u00f2 s&#8217;ajusta a la narraci\u00f3, en la qual l&#8217;estructura de persecuci\u00f3 \u00e9s el <span class=\"iwg-fachbegriff\" data-tooltip=\"Un element de contingut recurrent en l'art o la narraci\u00f3.\" tabindex=\"0\">motiu<\/span> central.<\/p><p>Altres noms del sol en les lleng\u00fces inuit s\u00f3n <em>seqineq<\/em>, <em>siqiniq<\/em> o <em>siqinniq<\/em>. Aquests noms, per\u00f2, designen principalment l&#8217;objecte celeste, no la deessa personificada. Aquesta difer\u00e8ncia \u00e9s cient\u00edficament important: no tota denominaci\u00f3 del sol comporta la figura teol\u00f2gica de Malina. Aqu\u00ed la cura metodol\u00f2gica en el treball de fonts \u00e9s decisiva.<\/p><p>A Iglulik apareix la forma Akycha o Malik, i a Groenl\u00e0ndia oriental, Naajaa. La variaci\u00f3 regional correspon a la diversitat ling\u00fc\u00edstica general del m\u00f3n inuit i s&#8217;ha de tenir en compte en l&#8217;estudi cient\u00edfic. Encara falta una s\u00edntesi ling\u00fc\u00edstica sistem\u00e0tica.<\/p><p>Dins de l&#8217;<span class=\"iwg-fachbegriff\" data-tooltip=\"La disciplina que estudia les religions de manera comparativa i sense vinculaci\u00f3 de fe.\" tabindex=\"0\">estudi de les religions<\/span> comparat, Malina s&#8217;inscriu en el patr\u00f3 de la topografia religiosa circumpolar, que es mant\u00e9 al llarg de milers de quil\u00f2metres amb una estructura sorprenentment constant. Aquesta estabilitat estructural \u00e9s, des de la fenomenologia de la religi\u00f3, una de les troballes m\u00e9s notables de la disciplina i encara continua sent objecte de debat.<\/p>\t\t\t\t\t\t\t\t<\/div>\n\t\t\t\t<\/div>\n\t\t\t\t\t<\/div>\n\t\t\t\t<\/div>\n\t\t<div class=\"elementor-element elementor-element-iwgw-malinainui-s2 e-flex e-con-boxed e-con e-parent\" data-id=\"iwgw-malinainui-s2\" data-element_type=\"container\" data-e-type=\"container\">\n\t\t\t\t\t<div class=\"e-con-inner\">\n\t\t\t\t<div class=\"elementor-element elementor-element-iwgw-malinainui-s2h elementor-widget elementor-widget-heading\" data-id=\"iwgw-malinainui-s2h\" data-element_type=\"widget\" data-e-type=\"widget\" data-widget_type=\"heading.default\">\n\t\t\t\t\t<h2 class=\"elementor-heading-title elementor-size-default\">El mite de l'incest i la fugida<\/h2>\t\t\t\t<\/div>\n\t\t<div class=\"elementor-element elementor-element-iwgw-malinainui-s2c e-con-full e-flex e-con e-child\" data-id=\"iwgw-malinainui-s2c\" data-element_type=\"container\" data-e-type=\"container\">\n\t\t\t\t<div class=\"elementor-element elementor-element-iwgw-malinainui-s2t elementor-widget elementor-widget-text-editor\" data-id=\"iwgw-malinainui-s2t\" data-element_type=\"widget\" data-e-type=\"widget\" data-widget_type=\"text-editor.default\">\n\t\t\t\t\t\t\t\t\t<p>El mite central sobre Malina \u00e9s id\u00e8ntic al <span class=\"iwg-fachbegriff\" data-tooltip=\"Un relat transm\u00e8s sobre d\u00e9us, or\u00edgens i l'ordre del m\u00f3n.\" tabindex=\"0\">mite<\/span> d&#8217;Igaluk i ja s&#8217;ha descrit all\u00e0. Des de la perspectiva de Malina, es tracta d&#8217;un relat d&#8217;afirmaci\u00f3 femenina i de creaci\u00f3 de l&#8217;ordre c\u00f2smic mitjan\u00e7ant una fugida aut\u00f2noma. Aquesta perspectiva \u00e9s cient\u00edficament productiva i ha estat formulada expl\u00edcitament per Birgitte Sonne i Pamela Stern.<\/p><p>Malina marca el seu germ\u00e0 amb sutge, reconeix la seva identitat, es talla els pits de vergonya, els hi llan\u00e7a i fuig cap al cel amb una torxa lluminosa. La seva lluminositat supera la del seu germ\u00e0 perqu\u00e8 ella va fugir primer i es va apoderar de la torxa m\u00e9s brillant. Igaluk la segueix, per\u00f2 es queda enrere.<\/p><p>Cient\u00edficament, aquest relat no \u00e9s una narrativa passiva de <span class=\"iwg-fachbegriff\" data-tooltip=\"Ofrena a una divinitat per expressar gratitud, s\u00faplica o veneraci\u00f3.\" tabindex=\"0\">sacrifici<\/span>, sin\u00f3 una acci\u00f3: Malina actua marcant-se ella mateixa, castrant-se, fugint. Es converteix en el Sol per la seva pr\u00f2pia iniciativa, no per una intervenci\u00f3 divina. Aquest component actiu mereix una atenci\u00f3 especial des de la fenomenologia religiosa i la distingeix dels mites solars purament orientats al sacrifici.<\/p>\t\t\t\t\t\t\t\t<\/div>\n\t\t\t\t<\/div>\n\t\t\t\t\t<\/div>\n\t\t\t\t<\/div>\n\t\t<div class=\"elementor-element elementor-element-iwgw-malinainui-s3 e-flex e-con-boxed e-con e-parent\" data-id=\"iwgw-malinainui-s3\" data-element_type=\"container\" data-e-type=\"container\">\n\t\t\t\t\t<div class=\"e-con-inner\">\n\t\t\t\t<div class=\"elementor-element elementor-element-iwgw-malinainui-s3h elementor-widget elementor-widget-heading\" data-id=\"iwgw-malinainui-s3h\" data-element_type=\"widget\" data-e-type=\"widget\" data-widget_type=\"heading.default\">\n\t\t\t\t\t<h2 class=\"elementor-heading-title elementor-size-default\">Sol, foscor i cicle anual \u00e0rtic<\/h2>\t\t\t\t<\/div>\n\t\t<div class=\"elementor-element elementor-element-iwgw-malinainui-s3c e-con-full e-flex e-con e-child\" data-id=\"iwgw-malinainui-s3c\" data-element_type=\"container\" data-e-type=\"container\">\n\t\t\t\t<div class=\"elementor-element elementor-element-iwgw-malinainui-s3t elementor-widget elementor-widget-text-editor\" data-id=\"iwgw-malinainui-s3t\" data-element_type=\"widget\" data-e-type=\"widget\" data-widget_type=\"text-editor.default\">\n\t\t\t\t\t\t\t\t\t<p>El significat religi\u00f3s de Malina est\u00e0 marcat pel cicle anual \u00e0rtic. La nit polar, durant la qual el Sol no apareix per sobre de l&#8217;horitz\u00f3 durant setmanes, era un estat carregat de significat religi\u00f3s. El retorn de Malina a la primavera era saludat <span class=\"iwg-fachbegriff\" data-tooltip=\"Que pertany a una seq\u00fc\u00e8ncia d'accions religioses establerta.\" tabindex=\"0\">ritualment<\/span>, en algunes regions amb petites festes, en altres amb tab\u00fas especials.<\/p><p>Rasmussen informa des d&#8217;Iglulik que, en la primera visi\u00f3 del Sol despr\u00e9s de la nit polar, els nens cantaven cants especials per saludar la deessa solar que retornava. Aquesta pr\u00e0ctica no era comparable a la intensa cultura festiva dels cultes solars meridionals, per\u00f2 tenia una profunditat ritual pr\u00f2pia i una rellev\u00e0ncia cient\u00edfica com a ritual \u00e0rtic de benvinguda al Sol.<\/p><p>A l&#8217;estiu, quan el Sol no es pon, Malina era una pres\u00e8ncia diferent: constantment visible, brillant, en certs aspectes aclaparadora. Aquesta doble pres\u00e8ncia d&#8217;abs\u00e8ncia i omnipres\u00e8ncia constitueix una particularitat de la fenomenologia religiosa de la veneraci\u00f3 solar \u00e0rtica i genera un ritme d&#8217;experi\u00e8ncia religiosa impossible en zones clim\u00e0tiques temperades.<\/p>\t\t\t\t\t\t\t\t<\/div>\n\t\t\t\t<\/div>\n\t\t\t\t\t<\/div>\n\t\t\t\t<\/div>\n\t\t<div class=\"elementor-element elementor-element-iwgw-malinainui-s4 e-flex e-con-boxed e-con e-parent\" data-id=\"iwgw-malinainui-s4\" data-element_type=\"container\" data-e-type=\"container\">\n\t\t\t\t\t<div class=\"e-con-inner\">\n\t\t\t\t<div class=\"elementor-element elementor-element-iwgw-malinainui-s4h elementor-widget elementor-widget-heading\" data-id=\"iwgw-malinainui-s4h\" data-element_type=\"widget\" data-e-type=\"widget\" data-widget_type=\"heading.default\">\n\t\t\t\t\t<h2 class=\"elementor-heading-title elementor-size-default\">Malina i la pr\u00e0ctica religiosa femenina<\/h2>\t\t\t\t<\/div>\n\t\t<div class=\"elementor-element elementor-element-iwgw-malinainui-s4c e-con-full e-flex e-con e-child\" data-id=\"iwgw-malinainui-s4c\" data-element_type=\"container\" data-e-type=\"container\">\n\t\t\t\t<div class=\"elementor-element elementor-element-iwgw-malinainui-s4t elementor-widget elementor-widget-text-editor\" data-id=\"iwgw-malinainui-s4t\" data-element_type=\"widget\" data-e-type=\"widget\" data-widget_type=\"text-editor.default\">\n\t\t\t\t\t\t\t\t\t<p>Malina est\u00e0 especialment propera a les dones en la pr\u00e0ctica religiosa. Se la invocava en el part, la menstruaci\u00f3 i les fases de tab\u00fa que marquen la vida femenina. La idea religiosa era que el Sol, com a dona m\u00e9s gran i experimentada, era receptiva a les experi\u00e8ncies de les dones humanes. Aquesta constel\u00b7laci\u00f3 d&#8217;empatia constitueix un fenomen propi dins la fenomenologia religiosa.<\/p><p>Determinats rituals, com els banys de purificaci\u00f3 a la neu o el fet de portar certs amulets, estaven vinculats a Malina. Cient\u00edficament, aix\u00f2 forma part de la classe m\u00e9s \u00e0mplia de veneracions solars femenines, documentades amb variacions a la regi\u00f3 circumpolar, que constitueixen un camp de recerca comparativa propi.<\/p><p>Entre els Caribou-inuit aquesta vinculaci\u00f3 era menys marcada que entre els Iglulik. La variaci\u00f3 regional \u00e9s considerable i no s&#8217;hauria de resumir en una \u00fanica <span class=\"iwg-fachbegriff\" data-tooltip=\"La disciplina cient\u00edfica que estudia D\u00e9u i la fe d'una religi\u00f3.\" tabindex=\"0\">teologia<\/span> de Malina. La tasca cient\u00edfica consisteix en una descripci\u00f3 regional diferenciada, no en una s\u00edntesi harmonitzadora.<\/p>\t\t\t\t\t\t\t\t<\/div>\n\t\t\t\t<\/div>\n\t\t\t\t\t<\/div>\n\t\t\t\t<\/div>\n\t\t<div class=\"elementor-element elementor-element-iwgw-malinainui-s5 e-flex e-con-boxed e-con e-parent\" data-id=\"iwgw-malinainui-s5\" data-element_type=\"container\" data-e-type=\"container\">\n\t\t\t\t\t<div class=\"e-con-inner\">\n\t\t\t\t<div class=\"elementor-element elementor-element-iwgw-malinainui-s5h elementor-widget elementor-widget-heading\" data-id=\"iwgw-malinainui-s5h\" data-element_type=\"widget\" data-e-type=\"widget\" data-widget_type=\"heading.default\">\n\t\t\t\t\t<h2 class=\"elementor-heading-title elementor-size-default\">El Sol com a s\u00edmbol d'esperan\u00e7a i temps<\/h2>\t\t\t\t<\/div>\n\t\t<div class=\"elementor-element elementor-element-iwgw-malinainui-s5c e-con-full e-flex e-con e-child\" data-id=\"iwgw-malinainui-s5c\" data-element_type=\"container\" data-e-type=\"container\">\n\t\t\t\t<div class=\"elementor-element elementor-element-iwgw-malinainui-s5t elementor-widget elementor-widget-text-editor\" data-id=\"iwgw-malinainui-s5t\" data-element_type=\"widget\" data-e-type=\"widget\" data-widget_type=\"text-editor.default\">\n\t\t\t\t\t\t\t\t\t<p>En la pr\u00e0ctica xam\u00e0nica, Malina podia ser invocada com a s\u00edmbol d&#8217;esperan\u00e7a. En cas de malaltia, fam o desesperaci\u00f3, el seu retorn de la nit polar s&#8217;interpretava com a model de renaixement. Els xamans no viatjaven en tr\u00e0nsit primordialment cap al Sol com ho feien cap a la Lluna, per\u00f2 podien reclamar la seva for\u00e7a com a suport.<\/p><p>Pel que fa al temps, Malina estructura el cicle diari. Mentre els cicles lunars determinen els mesos, el Sol marca el dia i l&#8217;estaci\u00f3. Cient\u00edficament, aquesta estructura temporal complement\u00e0ria \u00e9s un element important de la <span class=\"iwg-fachbegriff\" data-tooltip=\"Concepci\u00f3 de l'estructura i l'ordre del m\u00f3n dins d'una cultura.\" tabindex=\"0\">cosmologia<\/span> inuit i fa de la parella de germans Malina-Igaluk una d\u00edada calend\u00e0rica i religiosa.<\/p><p>En l&#8217;art inuit contemporani, Malina hi \u00e9s present, sovint en d\u00edptic amb Igaluk. L&#8217;asimetria entre els dos germans, el seu conflicte, la seva persecuci\u00f3, es fa productiva art\u00edsticament. Des de la fenomenologia religiosa, aix\u00f2 mostra la vitalitat persistent del <span class=\"iwg-fachbegriff\" data-tooltip=\"Un relat transm\u00e8s sobre d\u00e9us, or\u00edgens i l'ordre del m\u00f3n.\" tabindex=\"0\">mite<\/span> i la seva capacitat com a inspiraci\u00f3 art\u00edstica.<\/p>\t\t\t\t\t\t\t\t<\/div>\n\t\t\t\t<\/div>\n\t\t\t\t\t<\/div>\n\t\t\t\t<\/div>\n\t\t<div class=\"elementor-element elementor-element-iwgw-malinainui-s6 e-flex e-con-boxed e-con e-parent\" data-id=\"iwgw-malinainui-s6\" data-element_type=\"container\" data-e-type=\"container\">\n\t\t\t\t\t<div class=\"e-con-inner\">\n\t\t\t\t<div class=\"elementor-element elementor-element-iwgw-malinainui-s6h elementor-widget elementor-widget-heading\" data-id=\"iwgw-malinainui-s6h\" data-element_type=\"widget\" data-e-type=\"widget\" data-widget_type=\"heading.default\">\n\t\t\t\t\t<h2 class=\"elementor-heading-title elementor-size-default\">Comparaci\u00f3 amb altres deesses solars<\/h2>\t\t\t\t<\/div>\n\t\t<div class=\"elementor-element elementor-element-iwgw-malinainui-s6c e-con-full e-flex e-con e-child\" data-id=\"iwgw-malinainui-s6c\" data-element_type=\"container\" data-e-type=\"container\">\n\t\t\t\t<div class=\"elementor-element elementor-element-iwgw-malinainui-s6t elementor-widget elementor-widget-text-editor\" data-id=\"iwgw-malinainui-s6t\" data-element_type=\"widget\" data-e-type=\"widget\" data-widget_type=\"text-editor.default\">\n\t\t\t\t\t\t\t\t\t<p>Les divinitats solars femenines estan \u00e0mpliament esteses a la regi\u00f3 circumpolar i nord-europea. La <a href=\"https:\/\/iwell-guard.com\/ca\/sami-i-tradicio-fino-ugra-noaidi-i-tambor\/\">sami<\/a> Beaivi, la fino\u00fagrica P\u00e4iv\u00e4t\u00e4r, la germ\u00e0nica S\u00f3l, la b\u00e0ltica Saul\u0117 i la japonesa Amaterasu formen una classe comparable de deesses solars.<\/p><p>Aquesta difusi\u00f3 no \u00e9s cient\u00edficament casual. Reflecteix una \u00e0mplia assignaci\u00f3 de g\u00e8nere dels cossos celestes en el nord, que constitueix una regi\u00f3 pr\u00f2pia dins la perspectiva comparativa global. La profunditat historicoreligiosa d&#8217;aquesta capa \u00e9s objecte de recerca en curs i no hauria de conduir a construccions universalistes precipitades.<\/p><p>Dins la tradici\u00f3 inuit, Malina es troba en relaci\u00f3 complement\u00e0ria amb Igaluk, de manera semblant a com <a href=\"https:\/\/iwell-guard.com\/ca\/?page_id=171751\">Sedna<\/a> es relaciona amb <a href=\"https:\/\/iwell-guard.com\/ca\/?page_id=171755\">Anguta<\/a>. Les parelles de germans formen un patr\u00f3 religi\u00f3s recurrent i constitueixen, des de la fenomenologia religiosa, un patr\u00f3 estructural propi de la <span class=\"iwg-fachbegriff\" data-tooltip=\"La disciplina cient\u00edfica que estudia D\u00e9u i la fe d'una religi\u00f3.\" tabindex=\"0\">teologia<\/span> inuit.<\/p>\t\t\t\t\t\t\t\t<\/div>\n\t\t\t\t<\/div>\n\t\t\t\t\t<\/div>\n\t\t\t\t<\/div>\n\t\t<div class=\"elementor-element elementor-element-iwgw-malinainui-s7 e-flex e-con-boxed e-con e-parent\" data-id=\"iwgw-malinainui-s7\" data-element_type=\"container\" data-e-type=\"container\">\n\t\t\t\t\t<div class=\"e-con-inner\">\n\t\t\t\t<div class=\"elementor-element elementor-element-iwgw-malinainui-s7h elementor-widget elementor-widget-heading\" data-id=\"iwgw-malinainui-s7h\" data-element_type=\"widget\" data-e-type=\"widget\" data-widget_type=\"heading.default\">\n\t\t\t\t\t<h2 class=\"elementor-heading-title elementor-size-default\">Missi\u00f3 i recepci\u00f3 moderna<\/h2>\t\t\t\t<\/div>\n\t\t<div class=\"elementor-element elementor-element-iwgw-malinainui-s7c e-con-full e-flex e-con e-child\" data-id=\"iwgw-malinainui-s7c\" data-element_type=\"container\" data-e-type=\"container\">\n\t\t\t\t<div class=\"elementor-element elementor-element-iwgw-malinainui-s7t elementor-widget elementor-widget-text-editor\" data-id=\"iwgw-malinainui-s7t\" data-element_type=\"widget\" data-e-type=\"widget\" data-widget_type=\"text-editor.default\">\n\t\t\t\t\t\t\t\t\t<p>La missi\u00f3 va atacar Malina menys que Sedna o Tornarssuk, perqu\u00e8 la seva funci\u00f3 no estava directament relacionada amb l&#8217;<span class=\"iwg-fachbegriff\" data-tooltip=\"Sistema religi\u00f3s en el qual especialistes es comuniquen amb el m\u00f3n dels esperits.\" tabindex=\"0\">xamanisme<\/span> ni amb estructures de tab\u00fa. Tot i aix\u00ed, el <span class=\"iwg-fachbegriff\" data-tooltip=\"Un relat transm\u00e8s sobre d\u00e9us, or\u00edgens i l'ordre del m\u00f3n.\" tabindex=\"0\">mite<\/span> de l&#8217;incest va ser considerat en part ofensiu i va ser silenciat en la narrativa p\u00fablica.<\/p><p>En la cultura inuit contempor\u00e0nia, Malina \u00e9s present com a figura simb\u00f2lica, sovint interpretada des d&#8217;una perspectiva feminista com a exemple d&#8217;autoafirmaci\u00f3 femenina davant la viol\u00e8ncia sexualitzada. Aquesta apropiaci\u00f3 moderna no \u00e9s hist\u00f2ricament demostrable des del punt de vista cient\u00edfic, per\u00f2 \u00e9s culturalment rellevant i constitueix un exemple de l&#8217;activaci\u00f3 de relats tradicionals en els discursos actuals.<\/p><p>Als llibres de text i als museus, Malina es presenta amb cautela. La profunditat hist\u00f2rica de la seva figura es va reconeixent progressivament, sense que es reconstrueixi una <span class=\"iwg-fachbegriff\" data-tooltip=\"La doctrina cient\u00edfica sobre D\u00e9u i sobre la fe d'una religi\u00f3.\" tabindex=\"0\">teologia<\/span> sistem\u00e0tica. Aquesta cautela \u00e9s adequada des del punt de vista de la did\u00e0ctica religiosa, ja que l&#8217;estat de les fonts no permet una s\u00edntesi harmonitzadora.<\/p>\t\t\t\t\t\t\t\t<\/div>\n\t\t\t\t<\/div>\n\t\t\t\t\t<\/div>\n\t\t\t\t<\/div>\n\t\t<div class=\"elementor-element elementor-element-iwgw-malinainui-s8 e-flex e-con-boxed e-con e-parent\" data-id=\"iwgw-malinainui-s8\" data-element_type=\"container\" data-e-type=\"container\">\n\t\t\t\t\t<div class=\"e-con-inner\">\n\t\t\t\t<div class=\"elementor-element elementor-element-iwgw-malinainui-s8h elementor-widget elementor-widget-heading\" data-id=\"iwgw-malinainui-s8h\" data-element_type=\"widget\" data-e-type=\"widget\" data-widget_type=\"heading.default\">\n\t\t\t\t\t<h2 class=\"elementor-heading-title elementor-size-default\">Recerca i estat actual<\/h2>\t\t\t\t<\/div>\n\t\t<div class=\"elementor-element elementor-element-iwgw-malinainui-s8c e-con-full e-flex e-con e-child\" data-id=\"iwgw-malinainui-s8c\" data-element_type=\"container\" data-e-type=\"container\">\n\t\t\t\t<div class=\"elementor-element elementor-element-iwgw-malinainui-s8t elementor-widget elementor-widget-text-editor\" data-id=\"iwgw-malinainui-s8t\" data-element_type=\"widget\" data-e-type=\"widget\" data-widget_type=\"text-editor.default\">\n\t\t\t\t\t\t\t\t\t<p>La recerca sobre Malina est\u00e0 entrella\u00e7ada amb la relativa a Igaluk. Rasmussen, Boas, Birket-Smith i Merkur s\u00f3n les fonts principals. No existeix una monografia pr\u00f2pia sobre Malina, la qual cosa reflecteix la mateixa hist\u00f2ria de la recerca: la vessant masculina del <span class=\"iwg-fachbegriff\" data-tooltip=\"Un relat transm\u00e8s sobre d\u00e9us, or\u00edgens i l'ordre del m\u00f3n.\" tabindex=\"0\">mite<\/span> ha rebut m\u00e9s atenci\u00f3 durant m\u00e9s temps que la vessant femenina.<\/p><p>La recerca actual, especialment la de Birgitte Sonne i Pamela Stern, posa m\u00e9s \u00e8mfasi en la funci\u00f3 religiosa pr\u00f2pia de Malina i no la presenta \u00fanicament com a perseguida pel seu germ\u00e0. Aquest canvi de perspectiva \u00e9s cient\u00edficament productiu i correspon a una reformulaci\u00f3 feminista m\u00e9s \u00e0mplia de la hist\u00f2ria religiosa de les cultures ind\u00edgenes.<\/p><p>En el futur de la recerca religiosa inuit, seria desitjable un estudi m\u00e9s detallat dels rituals femenins relacionats amb Malina, en la mesura que les fonts ho permetin. Aquest estudi complementaria substancialment la visi\u00f3 general del pante\u00f3 inuit i corregiria la situaci\u00f3 de la recerca, marcada unilateralment per una perspectiva masculina.<\/p>\t\t\t\t\t\t\t\t<\/div>\n\t\t\t\t<\/div>\n\t\t\t\t\t<\/div>\n\t\t\t\t<\/div>\n\t\t<div class=\"elementor-element elementor-element-iwgw-malinainui-s9 e-flex e-con-boxed e-con e-parent\" data-id=\"iwgw-malinainui-s9\" data-element_type=\"container\" data-e-type=\"container\">\n\t\t\t\t\t<div class=\"e-con-inner\">\n\t\t\t\t<div class=\"elementor-element elementor-element-iwgw-malinainui-s9h elementor-widget elementor-widget-heading\" data-id=\"iwgw-malinainui-s9h\" data-element_type=\"widget\" data-e-type=\"widget\" data-widget_type=\"heading.default\">\n\t\t\t\t\t<h2 class=\"elementor-heading-title elementor-size-default\">Refer\u00e8ncies creuades del l\u00e8xic<\/h2>\t\t\t\t<\/div>\n\t\t<div class=\"elementor-element elementor-element-iwgw-malinainui-s9c e-con-full e-flex e-con e-child\" data-id=\"iwgw-malinainui-s9c\" data-element_type=\"container\" data-e-type=\"container\">\n\t\t\t\t<div class=\"elementor-element elementor-element-iwgw-malinainui-s9t elementor-widget elementor-widget-text-editor\" data-id=\"iwgw-malinainui-s9t\" data-element_type=\"widget\" data-e-type=\"widget\" data-widget_type=\"text-editor.default\">\n\t\t\t\t\t\t\t\t\t<p>Malina es relaciona amb <a href=\"https:\/\/iwell-guard.com\/ca\/?page_id=171758\">Igaluk<\/a>, <a href=\"https:\/\/iwell-guard.com\/ca\/?page_id=171751\">Sedna<\/a>, <a href=\"https:\/\/iwell-guard.com\/ca\/?page_id=171752\">Sila<\/a>, <a href=\"https:\/\/iwell-guard.com\/ca\/?page_id=171756\">Pinga<\/a>, <a href=\"https:\/\/iwell-guard.com\/ca\/?page_id=171755\">Anguta<\/a>, <a href=\"https:\/\/iwell-guard.com\/ca\/?page_id=171757\">Nanook<\/a>, <a href=\"https:\/\/iwell-guard.com\/ca\/?page_id=171753\">Tornarssuk<\/a>, <a href=\"https:\/\/iwell-guard.com\/ca\/?page_id=171754\">Tupilak<\/a> i <a href=\"https:\/\/iwell-guard.com\/ca\/?page_id=171760\">Qailertetang<\/a>. El nucli cultural <a href=\"https:\/\/iwell-guard.com\/ca\/inuit-artic-sedna-tornit-proteccio\/\">Tradici\u00f3 inuit<\/a> emmarca la <span class=\"iwg-fachbegriff\" data-tooltip=\"La doctrina cient\u00edfica sobre D\u00e9u i sobre la fe d'una religi\u00f3.\" tabindex=\"0\">teologia<\/span> solar. Es troben deesses solars amb estructures similars a la s\u00e8rie de lemes <a href=\"https:\/\/iwell-guard.com\/ca\/sami-i-tradicio-fino-ugra-noaidi-i-tambor\/\">sami<\/a> amb <em>Beaivi<\/em>.<\/p>\t\t\t\t\t\t\t\t<\/div>\n\t\t\t\t<\/div>\n\t\t\t\t\t<\/div>\n\t\t\t\t<\/div>\n\t\t<div class=\"elementor-element elementor-element-cp2f9cc2de e-flex e-con-boxed e-con e-parent\" data-id=\"cp2f9cc2de\" data-element_type=\"container\" data-e-type=\"container\">\n\t\t\t\t\t<div class=\"e-con-inner\">\n\t\t\t\t<div class=\"elementor-element elementor-element-cp2aefe3ab elementor-widget elementor-widget-heading\" data-id=\"cp2aefe3ab\" data-element_type=\"widget\" data-e-type=\"widget\" data-widget_type=\"heading.default\">\n\t\t\t\t\t<h2 class=\"elementor-heading-title elementor-size-default\">El relat de la persecuci\u00f3 del Sol i la Lluna<\/h2>\t\t\t\t<\/div>\n\t\t<div class=\"elementor-element elementor-element-cp24aa4a16 e-flex e-con-boxed e-con e-child\" data-id=\"cp24aa4a16\" data-element_type=\"container\" data-e-type=\"container\">\n\t\t\t\t\t<div class=\"e-con-inner\">\n\t\t\t\t<div class=\"elementor-element elementor-element-cp2de6ed82 elementor-widget elementor-widget-text-editor\" data-id=\"cp2de6ed82\" data-element_type=\"widget\" data-e-type=\"widget\" data-widget_type=\"text-editor.default\">\n\t\t\t\t\t\t\t\t\t<p>La <span class=\"iwg-fachbegriff\" data-tooltip=\"La transmissi\u00f3 de coneixement i relats al llarg de generacions.\" tabindex=\"0\">tradici\u00f3<\/span> m\u00e9s coneguda sobre Malina, la figura femenina sovint anomenada <em>Sun Sister<\/em> en l&#8217;etnografia angl\u00f2fona, \u00e9s el relat de germans que, despr\u00e9s de trencar el tab\u00fa social, es converteixen en el Sol i la Lluna.<\/p><p>En les versions recollides per Knud Rasmussen durant la Cinquena Expedici\u00f3 Thule (1921 a 1924), per exemple a <em>Intellectual Culture of the Iglulik Eskimos<\/em>, el relat descriu com un germ\u00e0 assetja en secret la seva germana en la fosca d&#8217;una casa de reunions.<\/p><p>La germana es tenyeix les mans amb sutge per marcar l&#8217;assetjador desconegut. Quan l&#8217;endem\u00e0 descobreix les marques de sutge a la cara del seu germ\u00e0, agafa una torxa encesa i fuig.<\/p><p>El germ\u00e0 la persegueix, per\u00f2 la seva torxa s&#8217;apaga parcialment i nom\u00e9s queda brasejant. Tots dos pugen al cel: la germana es converteix en el Sol, que brilla intensament, i el germ\u00e0 en la Lluna, de llum m\u00e9s feble, que des de llavors la persegueix sense arribar-la a atrapar mai.<\/p><p>El relat explica alhora diverses observacions: per qu\u00e8 el Sol i la Lluna es persegueixen m\u00fatuament pel cel, per qu\u00e8 la Lluna brilla menys que el Sol, i en algunes versions, per qu\u00e8 hi ha taques a la superf\u00edcie lunar, interpretades com a marques de sutge. Cient\u00edficament, cal llegir-lo com un <span class=\"iwg-fachbegriff\" data-tooltip=\"Un relat transm\u00e8s sobre d\u00e9us, or\u00edgens i l'ordre del m\u00f3n.\" tabindex=\"0\">mite<\/span> etiol\u00f2gic, que alhora marca la falta social m\u00e9s greu, l&#8217;incest, com a origen de l&#8217;ordre cosmic. La difusi\u00f3 regional del relat abasta des de Grenl\u00e0ndia fins a l&#8217;\u00c0rtic canadenc i Alaska, amb difer\u00e8ncies considerables en els noms i els detalls. El nom Malina est\u00e0 documentat sobretot en tradicions groenlandeses, mentre que altres grups inuit anomenen la germana del Sol de manera diferent o no li donen cap nom fix.\t\t\t\t\t\t\t\t<\/div>\n\t\t\t\t\t<\/div>\n\t\t\t\t<\/div>\n\t\t\t\t\t<\/div>\n\t\t\t\t<\/div>\n\t\t<div class=\"elementor-element elementor-element-cp2a334bb7 e-flex e-con-boxed e-con e-parent\" data-id=\"cp2a334bb7\" data-element_type=\"container\" data-e-type=\"container\">\n\t\t\t\t\t<div class=\"e-con-inner\">\n\t\t\t\t<div class=\"elementor-element elementor-element-cp26328bea elementor-widget elementor-widget-heading\" data-id=\"cp26328bea\" data-element_type=\"widget\" data-e-type=\"widget\" data-widget_type=\"heading.default\">\n\t\t\t\t\t<h2 class=\"elementor-heading-title elementor-size-default\">L'estat de les fonts i el perill de la generalitzaci\u00f3<\/h2>\t\t\t\t<\/div>\n\t\t<div class=\"elementor-element elementor-element-cp2ded0565 e-flex e-con-boxed e-con e-child\" data-id=\"cp2ded0565\" data-element_type=\"container\" data-e-type=\"container\">\n\t\t\t\t\t<div class=\"e-con-inner\">\n\t\t\t\t<div class=\"elementor-element elementor-element-cp2d14b225 elementor-widget elementor-widget-text-editor\" data-id=\"cp2d14b225\" data-element_type=\"widget\" data-e-type=\"widget\" data-widget_type=\"text-editor.default\">\n\t\t\t\t\t\t\t\t\t<p>La <span class=\"iwg-fachbegriff\" data-tooltip=\"La transmissi\u00f3 de coneixements i relats al llarg de generacions.\" tabindex=\"0\">tradici\u00f3 oral<\/span> sobre Malina \u00e9s dif\u00edcil de valorar cr\u00edticament, i qualsevol exposici\u00f3 ha de deixar clara aquesta limitaci\u00f3. No hi ha fonts escrites precolonials; tot el coneixement prov\u00e9 de registres realitzats a partir del segle XIX per missioners, balleners, comerciants i etn\u00f2grafs.<\/p><p>La col\u00b7lecci\u00f3 m\u00e9s important es deu a Knud Rasmussen, que, fill d&#8217;una fam\u00edlia parcialment d&#8217;origen inuit, parlava groenland\u00e8s i per aix\u00f2 va tenir un acc\u00e9s m\u00e9s directe als narradors que molts altres investigadors.<\/p><p>Tot i aix\u00ed, el material segueix sent fragmentari. Els inuit no formen una cultura unit\u00e0ria, sin\u00f3 un grup de comunitats regionalment independents, distribu\u00efdes per tot l&#8217;\u00e0rtic circumpolar, amb dialectes i tradicions diferents.<\/p><p>El nom Malina i el relat de la germana del Sol associat a ell no estan atestats de manera uniforme a tot arreu. A Groenl\u00e0ndia Occidental la forma est\u00e0 millor documentada que en altres llocs, i metodol\u00f2gicament no \u00e9s admissible deduir d&#8217;una versi\u00f3 groenlandesa l&#8217;exist\u00e8ncia d&#8217;una divinitat solar pan-inuit.<\/p><p>A m\u00e9s, molts dels primers recopiladors van arrencar els relats del context en qu\u00e8 es transmetien. Els relats inuit estaven vinculats a l&#8217;estaci\u00f3 de l&#8217;any, a l&#8217;ocasi\u00f3 i al narrador; la fixaci\u00f3 escrita els va convertir en textos est\u00e0tics. Cient\u00edficament, doncs, cal entendre Malina m\u00e9s com una figura regionalment lligada a un motiu narratiu \u00e0mpliament dif\u00f3s que com una deessa clarament definida en el sentit dels panteons mediterranis. La investigaci\u00f3, com la de Daniel Merkur a <em>Becoming Half Hidden<\/em> (1985), ha subratllat que la <span class=\"iwg-fachbegriff\" data-tooltip=\"La concepci\u00f3 sobre l'estructura i l'ordre del m\u00f3n dins d'una cultura.\" tabindex=\"0\">cosmologia<\/span> inuit estava determinada menys per divinitats supremes anomenades que per \u00e9ssers com la Dona del Mar i per pr\u00e0ctiques xam\u00e0niques.\t\t\t\t\t\t\t\t<\/div>\n\t\t\t\t\t<\/div>\n\t\t\t\t<\/div>\n\t\t\t\t\t<\/div>\n\t\t\t\t<\/div>\n\t\t<div class=\"elementor-element elementor-element-iwgw-malinainui-lit e-flex e-con-boxed e-con e-parent\" data-id=\"iwgw-malinainui-lit\" data-element_type=\"container\" data-e-type=\"container\">\n\t\t\t\t\t<div class=\"e-con-inner\">\n\t\t\t\t<div class=\"elementor-element elementor-element-iwgw-malinainui-lith elementor-widget elementor-widget-heading\" data-id=\"iwgw-malinainui-lith\" data-element_type=\"widget\" data-e-type=\"widget\" data-widget_type=\"heading.default\">\n\t\t\t\t\t<h2 class=\"elementor-heading-title elementor-size-default\">Bibliografia (selecci\u00f3)<\/h2>\t\t\t\t<\/div>\n\t\t<div class=\"elementor-element elementor-element-iwgw-malinainui-litc e-con-full e-flex e-con e-child\" data-id=\"iwgw-malinainui-litc\" data-element_type=\"container\" data-e-type=\"container\">\n\t\t\t\t<div class=\"elementor-element elementor-element-iwgw-malinainui-litt elementor-widget elementor-widget-text-editor\" data-id=\"iwgw-malinainui-litt\" data-element_type=\"widget\" data-e-type=\"widget\" data-widget_type=\"text-editor.default\">\n\t\t\t\t\t\t\t\t\t<ul><li>Knud Rasmussen: <em>Intellectual Culture of the Iglulik Eskimos<\/em> (Copenhaguen 1929)<\/li><li>Franz Boas: <em>The Central Eskimo<\/em> (Washington 1888)<\/li><li>Daniel Merkur: <em>Becoming Half Hidden<\/em> (Estocolm 1985)<\/li><li>Birgitte Sonne: <em>Heaven Negotiated. Hell Imagined<\/em> (Copenhaguen 2017)<\/li><li>Pamela Stern: <em>Historical Dictionary of the Inuit<\/em> (Lanham 2013)<\/li><li>Hinrich Rink: <em>Tales and Traditions of the Eskimo<\/em> (Edimburg 1875)<\/li><\/ul>\t\t\t\t\t\t\t\t<\/div>\n\t\t\t\t<\/div>\n\t\t\t\t\t<\/div>\n\t\t\t\t<\/div>\n\t\t<div class=\"elementor-element elementor-element-iwgkw2-add-malinainuit e-flex e-con-boxed e-con e-parent\" data-id=\"iwgkw2-add-malinainuit\" data-element_type=\"container\" data-e-type=\"container\">\n\t\t\t\t\t<div class=\"e-con-inner\">\n\t\t\t\t<div class=\"elementor-element elementor-element-iwgkw2-add-malinainuit-t elementor-widget elementor-widget-text-editor\" data-id=\"iwgkw2-add-malinainuit-t\" data-element_type=\"widget\" data-e-type=\"widget\" data-widget_type=\"text-editor.default\">\n\t\t\t\t\t\t\t\t\t<p>En els relats dels inuit, Malina \u00e9s la germana d&#8217;<strong>Igaluk<\/strong>, la Lluna, de les insinuacions del qual fuig cap al cel, i des d&#8217;aleshores recorre el seu cam\u00ed com el Sol.<\/p>\t\t\t\t\t\t\t\t<\/div>\n\t\t\t\t\t<\/div>\n\t\t\t\t<\/div>\n\t\t<div class=\"elementor-element elementor-element-iwgw-malinainui-kwd e-flex e-con-boxed e-con e-parent\" data-id=\"iwgw-malinainui-kwd\" data-element_type=\"container\" data-e-type=\"container\">\n\t\t\t\t\t<div class=\"e-con-inner\">\n\t\t<div class=\"elementor-element elementor-element-iwgw-malinainui-kwdc e-con-full e-flex e-con e-child\" data-id=\"iwgw-malinainui-kwdc\" data-element_type=\"container\" data-e-type=\"container\">\n\t\t\t\t<div class=\"elementor-element elementor-element-iwgw-malinainui-kwdt elementor-widget elementor-widget-text-editor\" data-id=\"iwgw-malinainui-kwdt\" data-element_type=\"widget\" data-e-type=\"widget\" data-widget_type=\"text-editor.default\">\n\t\t\t\t\t\t\t\t\t<p><em>Termes clau relacionats: Malina inuit deessa del sol Akycha Iglulik nit polar <span class=\"iwg-fachbegriff\" data-tooltip=\"Un relat transm\u00e8s sobre d\u00e9us, or\u00edgens i l'ordre del m\u00f3n.\" tabindex=\"0\">mite<\/span> Lluna-Sol fuga d&#8217;incest.<\/em><\/p>\t\t\t\t\t\t\t\t<\/div>\n\t\t\t\t<\/div>\n\t\t\t\t\t<\/div>\n\t\t\t\t<\/div>\n\t\t<div class=\"elementor-element elementor-element-iwgw-malinainui-cc e-flex e-con-boxed e-con e-parent\" data-id=\"iwgw-malinainui-cc\" data-element_type=\"container\" data-e-type=\"container\" id=\"iwg-cc-malina-inuit\">\n\t\t\t\t\t<div class=\"e-con-inner\">\n\t\t<div class=\"elementor-element elementor-element-iwgw-malinainui-ccinner e-flex e-con-boxed e-con e-parent\" data-id=\"iwgw-malinainui-ccinner\" data-element_type=\"container\" data-e-type=\"container\" data-settings=\"{&quot;background_background&quot;:&quot;classic&quot;}\">\n\t\t\t\t\t<div class=\"e-con-inner\">\n\t\t\t\t<div class=\"elementor-element elementor-element-iwgw-malinainui-cch elementor-widget elementor-widget-heading\" data-id=\"iwgw-malinainui-cch\" data-element_type=\"widget\" data-e-type=\"widget\" data-widget_type=\"heading.default\">\n\t\t\t\t\t<h2 class=\"elementor-heading-title elementor-size-default\">iWell Guard i tradicions de protecci\u00f3<\/h2>\t\t\t\t<\/div>\n\t\t\t\t<div class=\"elementor-element elementor-element-iwgw-malinainui-cct elementor-widget elementor-widget-text-editor\" data-id=\"iwgw-malinainui-cct\" data-element_type=\"widget\" data-e-type=\"widget\" data-widget_type=\"text-editor.default\">\n\t\t\t\t\t\t\t\t\t<div data-nosnippet=\"true\"><p>iWell Guard s&#8217;inscriu en la tradici\u00f3 cultural i hist\u00f2rica dels objectes protectors portables, seguint la tradici\u00f3 dels <a href=\"https:\/\/iwell-guard.com\/ca\/inuit-artic-sedna-tornit-proteccio\/\">inuit<\/a> i de moltes altres cultures d&#8217;arreu del m\u00f3n. 41 capes, or aut\u00e8ntic, plat\u00ed, plata, fabricat a Alemanya. Dret de devoluci\u00f3 de 30 dies.<\/p><\/div>\t\t\t\t\t\t\t\t<\/div>\n\t\t\t\t<div class=\"elementor-element elementor-element-iwgw-malinainui-ccb iwg-cc-button iwg-cc-cta-2026-05-13 elementor-widget elementor-widget-jet-button\" data-id=\"iwgw-malinainui-ccb\" data-element_type=\"widget\" data-e-type=\"widget\" data-widget_type=\"jet-button.default\">\n\t\t\t\t<div class=\"elementor-widget-container\">\n\t\t\t\t\t<div class=\"elementor-jet-button jet-elements\"><div class=\"jet-button__container\"><a class=\"jet-button__instance jet-button__instance--icon-left hover-effect-1\" href=\"\/ueber-iwell-guard\/?utm_source=iwell-guard.com&amp;utm_medium=info-box&amp;utm_campaign=wesen-tradition\"><div class=\"jet-button__plane jet-button__plane-normal\"><\/div><div class=\"jet-button__plane jet-button__plane-hover\"><\/div><div class=\"jet-button__state jet-button__state-normal\"><span class=\"jet-button__label\">M\u00e9s informaci\u00f3 sobre l'iWell Guard<\/span><\/div><div class=\"jet-button__state jet-button__state-hover\"><span class=\"jet-button__label\">M\u00e9s informaci\u00f3 sobre l'iWell Guard<\/span><\/div><\/a><\/div><\/div><style>.elementor-element.elementor-element-iwgw-malinainui-ccb .jet-button__instance{width:320px;height:56px;}.elementor-element.elementor-element-iwgw-malinainui-ccb .jet-button__state-normal .jet-button__label{text-align:center;margin:0px 0px 0px 0px;color:#1a1b20;font-family:Montserrat,sans-serif;font-size:13px;font-weight:400;letter-spacing:4px;line-height:1.714em;text-transform:uppercase;}.elementor-element.elementor-element-iwgw-malinainui-ccb .jet-button__state-hover .jet-button__label{text-align:center;margin:0px 0px 0px 0px;color:#FECC76;font-family:Montserrat,sans-serif;font-size:13px;font-weight:400;letter-spacing:4px;line-height:1.714em;text-transform:uppercase;}.elementor-element.elementor-element-iwgw-malinainui-ccb .jet-button__plane-normal{background-color:#FECC76;border-style:solid;border-color:#C99540;border-width:2px 2px 2px 2px;}.elementor-element.elementor-element-iwgw-malinainui-ccb .jet-button__plane-hover{background-color:rgba(0,0,0,0.55);border-style:solid;border-color:#FECC76;border-width:2px 2px 2px 2px;}<\/style>\t\t\t\t<\/div>\n\t\t\t\t<\/div>\n\t\t\t\t<div class=\"elementor-element elementor-element-iwgw-malinainui-ccd elementor-widget elementor-widget-text-editor\" data-id=\"iwgw-malinainui-ccd\" data-element_type=\"widget\" data-e-type=\"widget\" data-widget_type=\"text-editor.default\">\n\t\t\t\t\t\t\t\t\t<div data-nosnippet=\"true\"><p style=\"text-align:center;font-size:13px;opacity:0.7;margin-top:14px\" data-nosnippet=\"true\">Les experi\u00e8ncies personals poden variar. No \u00e9s un producte sanitari. No \u00e9s una promesa de curaci\u00f3.<\/p><\/div>\t\t\t\t\t\t\t\t<\/div>\n\t\t\t\t\t<\/div>\n\t\t\t\t<\/div>\n\t\t\t\t\t<\/div>\n\t\t\t\t<\/div>\n\t\t<div class=\"elementor-element elementor-element-iwgw-malinainui-disc e-flex e-con-boxed e-con e-parent\" data-id=\"iwgw-malinainui-disc\" data-element_type=\"container\" data-e-type=\"container\">\n\t\t\t\t\t<div class=\"e-con-inner\">\n\t\t\t\t<div class=\"elementor-element elementor-element-iwgw-malinainui-discw elementor-widget elementor-widget-html\" data-id=\"iwgw-malinainui-discw\" data-element_type=\"widget\" data-e-type=\"widget\" data-widget_type=\"html.default\">\n\t\t\t\t\t<footer data-nosnippet=\"true\" class=\"iwg-disclaimer-block\"><p data-nosnippet=\"true\">iWell Guard <strong>no \u00e9s un producte sanitari<\/strong> i no substitueix cap tractament m\u00e8dic o psicoterap\u00e8utic. Els continguts d'hist\u00f2ria de les religions s\u00f3n una classificaci\u00f3 culturohist\u00f2rica, no una recomanaci\u00f3 de pr\u00e0ctica espiritual.<\/p><\/footer>\t\t\t\t<\/div>\n\t\t\t\t\t<\/div>\n\t\t\t\t<\/div>\n\t\t\t\t<\/div>\n\t\t","protected":false},"excerpt":{"rendered":"","protected":false},"author":3,"featured_media":2883,"parent":0,"menu_order":0,"comment_status":"closed","ping_status":"closed","template":"elementor_header_footer","meta":{"_yoast_wpseo_focuskw":"Malina deessa del sol inuit","_yoast_wpseo_title":"Malina - Deessa del sol inuit i germana d'Igaluk","_yoast_wpseo_metadesc":"Malina \u00e9s la deessa del sol dels inuit, germana i perseguida de la lluna Igaluk. An\u00e0lisi des de l'estudi de les religions amb el mite i les fonts.","_yoast_wpseo_meta-robots-noindex":"","_yoast_wpseo_canonical":"","_angie_page":false,"gefaehrdungsstufe":"1","wesen_kultur":"inuit","wesen_klasse":"goetter","footnotes":""},"categories":[],"class_list":["post-171759","page","type-page","status-publish","has-post-thumbnail","hentry"],"yoast_head":"<!-- This site is optimized with the Yoast SEO Premium plugin v27.7 (Yoast SEO v28.3) - https:\/\/yoast.com\/product\/yoast-seo-premium-wordpress\/ -->\n<title>Malina - Deessa del sol inuit i germana d&#039;Igaluk<\/title>\n<meta name=\"description\" content=\"Malina \u00e9s la deessa del sol dels inuit, germana i perseguida de la lluna Igaluk. An\u00e0lisi des de l&#039;estudi de les religions amb el mite i les fonts.\" \/>\n<meta name=\"robots\" content=\"index, follow, max-snippet:-1, max-image-preview:large, max-video-preview:-1\" \/>\n<link rel=\"canonical\" href=\"https:\/\/iwell-guard.com\/ca\/malina-deessa-del-sol-inuit\/\" \/>\n<meta property=\"og:locale\" content=\"ca_ES\" \/>\n<meta property=\"og:type\" content=\"article\" \/>\n<meta property=\"og:title\" content=\"Malina - Deessa del sol dels inuit\" \/>\n<meta property=\"og:description\" content=\"Malina \u00e9s la deessa del sol dels inuit, germana i perseguida de la lluna Igaluk. An\u00e0lisi des de l&#039;estudi de les religions amb el mite i les fonts.\" \/>\n<meta property=\"og:url\" content=\"https:\/\/iwell-guard.com\/ca\/malina-deessa-del-sol-inuit\/\" \/>\n<meta property=\"og:site_name\" content=\"iWell Guard\" \/>\n<meta property=\"article:modified_time\" content=\"2026-09-05T16:06:29+00:00\" \/>\n<meta property=\"og:image\" content=\"https:\/\/iwell-guard.com\/wp-content\/uploads\/2026\/05\/goetter_inuit_malina-inuit.webp\" \/>\n\t<meta property=\"og:image:width\" content=\"1024\" \/>\n\t<meta property=\"og:image:height\" content=\"1536\" \/>\n\t<meta property=\"og:image:type\" content=\"image\/webp\" \/>\n<meta name=\"twitter:card\" content=\"summary_large_image\" \/>\n<script type=\"application\/ld+json\" class=\"yoast-schema-graph\">{\"@context\":\"https:\\\/\\\/schema.org\",\"@graph\":[{\"@type\":\"WebPage\",\"@id\":\"https:\\\/\\\/iwell-guard.com\\\/ca\\\/malina-deessa-del-sol-inuit\\\/\",\"url\":\"https:\\\/\\\/iwell-guard.com\\\/ca\\\/malina-deessa-del-sol-inuit\\\/\",\"name\":\"Malina - Deessa del sol inuit i germana d'Igaluk\",\"isPartOf\":{\"@id\":\"https:\\\/\\\/iwell-guard.com\\\/ca\\\/#website\"},\"primaryImageOfPage\":{\"@id\":\"https:\\\/\\\/iwell-guard.com\\\/ca\\\/malina-deessa-del-sol-inuit\\\/#primaryimage\"},\"image\":{\"@id\":\"https:\\\/\\\/iwell-guard.com\\\/ca\\\/malina-deessa-del-sol-inuit\\\/#primaryimage\"},\"thumbnailUrl\":\"https:\\\/\\\/iwell-guard.com\\\/wp-content\\\/uploads\\\/2026\\\/05\\\/goetter_inuit_malina-inuit.webp\",\"datePublished\":\"2026-09-05T15:42:08+00:00\",\"dateModified\":\"2026-09-05T16:06:29+00:00\",\"description\":\"Malina \u00e9s la deessa del sol dels inuit, germana i perseguida de la lluna Igaluk. An\u00e0lisi des de l'estudi de les religions amb el mite i les fonts.\",\"breadcrumb\":{\"@id\":\"https:\\\/\\\/iwell-guard.com\\\/ca\\\/malina-deessa-del-sol-inuit\\\/#breadcrumb\"},\"inLanguage\":\"ca\",\"potentialAction\":[{\"@type\":\"ReadAction\",\"target\":[\"https:\\\/\\\/iwell-guard.com\\\/ca\\\/malina-deessa-del-sol-inuit\\\/\"]}]},{\"@type\":\"ImageObject\",\"inLanguage\":\"ca\",\"@id\":\"https:\\\/\\\/iwell-guard.com\\\/ca\\\/malina-deessa-del-sol-inuit\\\/#primaryimage\",\"url\":\"https:\\\/\\\/iwell-guard.com\\\/wp-content\\\/uploads\\\/2026\\\/05\\\/goetter_inuit_malina-inuit.webp\",\"contentUrl\":\"https:\\\/\\\/iwell-guard.com\\\/wp-content\\\/uploads\\\/2026\\\/05\\\/goetter_inuit_malina-inuit.webp\",\"width\":1024,\"height\":1536,\"caption\":\"D\u00e9us de la tradici\u00f3 inuit.\"},{\"@type\":\"BreadcrumbList\",\"@id\":\"https:\\\/\\\/iwell-guard.com\\\/ca\\\/malina-deessa-del-sol-inuit\\\/#breadcrumb\",\"itemListElement\":[{\"@type\":\"ListItem\",\"position\":1,\"name\":\"Start\",\"item\":\"https:\\\/\\\/iwell-guard.com\\\/ca\\\/?page_id=171333\"},{\"@type\":\"ListItem\",\"position\":2,\"name\":\"Malina &#8211; Deessa del sol dels inuit\"}]},{\"@type\":\"WebSite\",\"@id\":\"https:\\\/\\\/iwell-guard.com\\\/ca\\\/#website\",\"url\":\"https:\\\/\\\/iwell-guard.com\\\/ca\\\/\",\"name\":\"iWell Guard\",\"description\":\"Schutz vor dunklen Einfl\u00fcssen\",\"publisher\":{\"@id\":\"https:\\\/\\\/iwell-guard.com\\\/ca\\\/#organization\"},\"potentialAction\":[{\"@type\":\"SearchAction\",\"target\":{\"@type\":\"EntryPoint\",\"urlTemplate\":\"https:\\\/\\\/iwell-guard.com\\\/ca\\\/?s={search_term_string}\"},\"query-input\":{\"@type\":\"PropertyValueSpecification\",\"valueRequired\":true,\"valueName\":\"search_term_string\"}}],\"inLanguage\":\"ca\"},{\"@type\":\"Organization\",\"@id\":\"https:\\\/\\\/iwell-guard.com\\\/ca\\\/#organization\",\"name\":\"Ittermann electronic GmbH\",\"url\":\"https:\\\/\\\/iwell-guard.com\\\/ca\\\/\",\"logo\":{\"@type\":\"ImageObject\",\"inLanguage\":\"ca\",\"@id\":\"https:\\\/\\\/iwell-guard.com\\\/ca\\\/#\\\/schema\\\/logo\\\/image\\\/\",\"url\":\"https:\\\/\\\/iwell-guard.com\\\/wp-content\\\/uploads\\\/2026\\\/05\\\/Ittermann-Logo-1182x237-1.png\",\"contentUrl\":\"https:\\\/\\\/iwell-guard.com\\\/wp-content\\\/uploads\\\/2026\\\/05\\\/Ittermann-Logo-1182x237-1.png\",\"width\":1182,\"height\":237,\"caption\":\"Ittermann electronic GmbH\"},\"image\":{\"@id\":\"https:\\\/\\\/iwell-guard.com\\\/ca\\\/#\\\/schema\\\/logo\\\/image\\\/\"},\"sameAs\":[\"https:\\\/\\\/pantip.com\\\/profile\\\/9367242\",\"https:\\\/\\\/micro.blog\\\/iwellguard\",\"https:\\\/\\\/www.diggerslist.com\\\/iwellguard\\\/about\",\"https:\\\/\\\/skitterphoto.com\\\/photographers\\\/2870314\\\/iwell-guard\",\"https:\\\/\\\/iwellguard.wordpress.com\\\/2026\\\/06\\\/06\\\/iwell-guard\\\/\",\"https:\\\/\\\/hub.docker.com\\\/u\\\/iwellguard\",\"https:\\\/\\\/www.pinterest.com\\\/iwellguard\\\/\",\"https:\\\/\\\/bit.ly\\\/m\\\/iwellguard\",\"https:\\\/\\\/entre-vos-mains.alsace.eu\\\/profiles\\\/iwellguard\\\/activity\",\"https:\\\/\\\/gravatar.com\\\/reallybeded8fd34\",\"https:\\\/\\\/naijamatta.com\\\/iwellguard\",\"https:\\\/\\\/www.goodreads.com\\\/iwellguard\",\"https:\\\/\\\/profile.hatena.ne.jp\\\/iwellguard\\\/\",\"https:\\\/\\\/experiment.com\\\/users\\\/iwellguard\",\"https:\\\/\\\/wakelet.com\\\/@iWellGuard82270\",\"https:\\\/\\\/www.chordie.com\\\/forum\\\/profile.php?id=2555664\",\"https:\\\/\\\/www.instapaper.com\\\/p\\\/17757966\",\"https:\\\/\\\/www.mapleprimes.com\\\/users\\\/iwellguard\",\"https:\\\/\\\/businesslistingplus.com\\\/profile\\\/iwell-guard\\\/\",\"https:\\\/\\\/telegra.ph\\\/iWell-Guard-06-06\",\"https:\\\/\\\/pbase.com\\\/iwellguard\\\/iwellguard\",\"https:\\\/\\\/b.hatena.ne.jp\\\/iwellguard\\\/20260607#bookmark-4788405196491818882\",\"https:\\\/\\\/fliphtml5.com\\\/home\\\/iwellguard\",\"https:\\\/\\\/anyflip.com\\\/homepage\\\/cmiwl#About\",\"https:\\\/\\\/transfur.com\\\/Users\\\/iwellguard\",\"http:\\\/\\\/delphi.larsbo.org\\\/user\\\/iwellguard\",\"https:\\\/\\\/jobs.lajobsportal.org\\\/profiles\\\/8380803-iwell-guard\",\"https:\\\/\\\/md.chaosdorf.de\\\/s\\\/jfbe5SBdJD\",\"https:\\\/\\\/www.lingvolive.com\\\/en-us\\\/profile\\\/9ecaeaca-ce11-4e51-9e71-01d55e2bff36\\\/translations\",\"https:\\\/\\\/www.fitday.com\\\/fitness\\\/forums\\\/members\\\/iwellguard.html\",\"https:\\\/\\\/www.mymeetbook.com\\\/iwellguard\",\"https:\\\/\\\/pxhere.com\\\/en\\\/photographer-me\\\/5040798\",\"https:\\\/\\\/disqus.com\\\/by\\\/iwellguard\\\/about\\\/\",\"https:\\\/\\\/pastelink.net\\\/hjwciqwq\",\"https:\\\/\\\/pubhtml5.com\\\/homepage\\\/scjhn\\\/\",\"https:\\\/\\\/www.bitchute.com\\\/channel\\\/2O2eOKzNqujT\",\"https:\\\/\\\/audiomack.com\\\/iwellguard\"]},{\"@type\":\"Article\",\"@id\":\"https:\\\/\\\/iwell-guard.com\\\/ca\\\/malina-deessa-del-sol-inuit\\\/#article\",\"isPartOf\":{\"@id\":\"https:\\\/\\\/iwell-guard.com\\\/ca\\\/malina-deessa-del-sol-inuit\\\/\"},\"author\":{\"name\":\"Ralf Ittermann\",\"@id\":\"https:\\\/\\\/iwell-guard.com\\\/ca\\\/#\\\/schema\\\/person\\\/ee2a27f1cac3406c7c6fb5820cb7349f\"},\"headline\":\"Malina &#8211; Deessa del sol dels inuit\",\"datePublished\":\"2026-09-05T15:42:08+00:00\",\"dateModified\":\"2026-09-05T16:06:29+00:00\",\"mainEntityOfPage\":{\"@id\":\"https:\\\/\\\/iwell-guard.com\\\/ca\\\/malina-deessa-del-sol-inuit\\\/\"},\"publisher\":{\"@id\":\"https:\\\/\\\/iwell-guard.com\\\/ca\\\/#organization\"},\"image\":{\"@id\":\"https:\\\/\\\/iwell-guard.com\\\/ca\\\/malina-deessa-del-sol-inuit\\\/#primaryimage\"},\"thumbnailUrl\":\"https:\\\/\\\/iwell-guard.com\\\/wp-content\\\/uploads\\\/2026\\\/05\\\/goetter_inuit_malina-inuit.webp\",\"inLanguage\":\"ca\",\"description\":\"Malina \u00e9s la deessa del sol dels inuit, germana i perseguida de la lluna Igaluk. An\u00e0lisi des de l'estudi de les religions amb el mite i les fonts.\"}]}<\/script>\n<!-- \/ Yoast SEO Premium plugin. -->","yoast_head_json":{"title":"Malina - Deessa del sol inuit i germana d'Igaluk","description":"Malina \u00e9s la deessa del sol dels inuit, germana i perseguida de la lluna Igaluk. An\u00e0lisi des de l'estudi de les religions amb el mite i les fonts.","robots":{"index":"index","follow":"follow","max-snippet":"max-snippet:-1","max-image-preview":"max-image-preview:large","max-video-preview":"max-video-preview:-1"},"canonical":"https:\/\/iwell-guard.com\/ca\/malina-deessa-del-sol-inuit\/","og_locale":"ca_ES","og_type":"article","og_title":"Malina - Deessa del sol dels inuit","og_description":"Malina \u00e9s la deessa del sol dels inuit, germana i perseguida de la lluna Igaluk. An\u00e0lisi des de l'estudi de les religions amb el mite i les fonts.","og_url":"https:\/\/iwell-guard.com\/ca\/malina-deessa-del-sol-inuit\/","og_site_name":"iWell Guard","article_modified_time":"2026-09-05T16:06:29+00:00","og_image":[{"width":1024,"height":1536,"url":"https:\/\/iwell-guard.com\/wp-content\/uploads\/2026\/05\/goetter_inuit_malina-inuit.webp","type":"image\/webp"}],"twitter_card":"summary_large_image","schema":{"@context":"https:\/\/schema.org","@graph":[{"@type":"Article","@id":"https:\/\/iwell-guard.com\/ca\/malina-deessa-del-sol-inuit\/#article","isPartOf":{"@id":"https:\/\/iwell-guard.com\/ca\/malina-deessa-del-sol-inuit\/"},"author":{"name":"Ralf Ittermann","@id":"https:\/\/iwell-guard.com\/ca\/#\/schema\/person\/ee2a27f1cac3406c7c6fb5820cb7349f"},"headline":"Malina &#8211; Deessa del sol dels inuit","datePublished":"2026-09-05T15:42:08+00:00","dateModified":"2026-09-05T16:06:29+00:00","mainEntityOfPage":{"@id":"https:\/\/iwell-guard.com\/ca\/malina-deessa-del-sol-inuit\/"},"publisher":{"@id":"https:\/\/iwell-guard.com\/ca\/#organization"},"image":{"@id":"https:\/\/iwell-guard.com\/ca\/malina-deessa-del-sol-inuit\/#primaryimage"},"thumbnailUrl":"https:\/\/iwell-guard.com\/wp-content\/uploads\/2026\/05\/goetter_inuit_malina-inuit.webp","inLanguage":"ca","description":"Malina \u00e9s la deessa del sol dels inuit, germana i perseguida de la lluna Igaluk. An\u00e0lisi des de l'estudi de les religions amb el mite i les fonts."},{"@type":"WebPage","@id":"https:\/\/iwell-guard.com\/ca\/malina-deessa-del-sol-inuit\/","url":"https:\/\/iwell-guard.com\/ca\/malina-deessa-del-sol-inuit\/","name":"Malina - Deessa del sol inuit i germana d'Igaluk","isPartOf":{"@id":"https:\/\/iwell-guard.com\/ca\/#website"},"primaryImageOfPage":{"@id":"https:\/\/iwell-guard.com\/ca\/malina-deessa-del-sol-inuit\/#primaryimage"},"image":{"@id":"https:\/\/iwell-guard.com\/ca\/malina-deessa-del-sol-inuit\/#primaryimage"},"thumbnailUrl":"https:\/\/iwell-guard.com\/wp-content\/uploads\/2026\/05\/goetter_inuit_malina-inuit.webp","datePublished":"2026-09-05T15:42:08+00:00","dateModified":"2026-09-05T16:06:29+00:00","description":"Malina \u00e9s la deessa del sol dels inuit, germana i perseguida de la lluna Igaluk. An\u00e0lisi des de l'estudi de les religions amb el mite i les fonts.","breadcrumb":{"@id":"https:\/\/iwell-guard.com\/ca\/malina-deessa-del-sol-inuit\/#breadcrumb"},"inLanguage":"ca","potentialAction":[{"@type":"ReadAction","target":["https:\/\/iwell-guard.com\/ca\/malina-deessa-del-sol-inuit\/"]}]},{"@type":"ImageObject","inLanguage":"ca","@id":"https:\/\/iwell-guard.com\/ca\/malina-deessa-del-sol-inuit\/#primaryimage","url":"https:\/\/iwell-guard.com\/wp-content\/uploads\/2026\/05\/goetter_inuit_malina-inuit.webp","contentUrl":"https:\/\/iwell-guard.com\/wp-content\/uploads\/2026\/05\/goetter_inuit_malina-inuit.webp","width":1024,"height":1536,"caption":"D\u00e9us de la tradici\u00f3 inuit."},{"@type":"BreadcrumbList","@id":"https:\/\/iwell-guard.com\/ca\/malina-deessa-del-sol-inuit\/#breadcrumb","itemListElement":[{"@type":"ListItem","position":1,"name":"Start","item":"https:\/\/iwell-guard.com\/ca\/?page_id=171333"},{"@type":"ListItem","position":2,"name":"Malina &#8211; Deessa del sol dels inuit"}]},{"@type":"WebSite","@id":"https:\/\/iwell-guard.com\/ca\/#website","url":"https:\/\/iwell-guard.com\/ca\/","name":"iWell Guard","description":"Schutz vor dunklen Einfl\u00fcssen","publisher":{"@id":"https:\/\/iwell-guard.com\/ca\/#organization"},"potentialAction":[{"@type":"SearchAction","target":{"@type":"EntryPoint","urlTemplate":"https:\/\/iwell-guard.com\/ca\/?s={search_term_string}"},"query-input":{"@type":"PropertyValueSpecification","valueRequired":true,"valueName":"search_term_string"}}],"inLanguage":"ca"},{"@type":"Organization","@id":"https:\/\/iwell-guard.com\/ca\/#organization","name":"Ittermann electronic GmbH","url":"https:\/\/iwell-guard.com\/ca\/","logo":{"@type":"ImageObject","inLanguage":"ca","@id":"https:\/\/iwell-guard.com\/ca\/#\/schema\/logo\/image\/","url":"https:\/\/iwell-guard.com\/wp-content\/uploads\/2026\/05\/Ittermann-Logo-1182x237-1.png","contentUrl":"https:\/\/iwell-guard.com\/wp-content\/uploads\/2026\/05\/Ittermann-Logo-1182x237-1.png","width":1182,"height":237,"caption":"Ittermann electronic GmbH"},"image":{"@id":"https:\/\/iwell-guard.com\/ca\/#\/schema\/logo\/image\/"},"sameAs":["https:\/\/pantip.com\/profile\/9367242","https:\/\/micro.blog\/iwellguard","https:\/\/www.diggerslist.com\/iwellguard\/about","https:\/\/skitterphoto.com\/photographers\/2870314\/iwell-guard","https:\/\/iwellguard.wordpress.com\/2026\/06\/06\/iwell-guard\/","https:\/\/hub.docker.com\/u\/iwellguard","https:\/\/www.pinterest.com\/iwellguard\/","https:\/\/bit.ly\/m\/iwellguard","https:\/\/entre-vos-mains.alsace.eu\/profiles\/iwellguard\/activity","https:\/\/gravatar.com\/reallybeded8fd34","https:\/\/naijamatta.com\/iwellguard","https:\/\/www.goodreads.com\/iwellguard","https:\/\/profile.hatena.ne.jp\/iwellguard\/","https:\/\/experiment.com\/users\/iwellguard","https:\/\/wakelet.com\/@iWellGuard82270","https:\/\/www.chordie.com\/forum\/profile.php?id=2555664","https:\/\/www.instapaper.com\/p\/17757966","https:\/\/www.mapleprimes.com\/users\/iwellguard","https:\/\/businesslistingplus.com\/profile\/iwell-guard\/","https:\/\/telegra.ph\/iWell-Guard-06-06","https:\/\/pbase.com\/iwellguard\/iwellguard","https:\/\/b.hatena.ne.jp\/iwellguard\/20260607#bookmark-4788405196491818882","https:\/\/fliphtml5.com\/home\/iwellguard","https:\/\/anyflip.com\/homepage\/cmiwl#About","https:\/\/transfur.com\/Users\/iwellguard","http:\/\/delphi.larsbo.org\/user\/iwellguard","https:\/\/jobs.lajobsportal.org\/profiles\/8380803-iwell-guard","https:\/\/md.chaosdorf.de\/s\/jfbe5SBdJD","https:\/\/www.lingvolive.com\/en-us\/profile\/9ecaeaca-ce11-4e51-9e71-01d55e2bff36\/translations","https:\/\/www.fitday.com\/fitness\/forums\/members\/iwellguard.html","https:\/\/www.mymeetbook.com\/iwellguard","https:\/\/pxhere.com\/en\/photographer-me\/5040798","https:\/\/disqus.com\/by\/iwellguard\/about\/","https:\/\/pastelink.net\/hjwciqwq","https:\/\/pubhtml5.com\/homepage\/scjhn\/","https:\/\/www.bitchute.com\/channel\/2O2eOKzNqujT","https:\/\/audiomack.com\/iwellguard"]},{"@type":"Person","@id":"https:\/\/iwell-guard.com\/ca\/#\/schema\/person\/ee2a27f1cac3406c7c6fb5820cb7349f","name":"Ralf Ittermann","image":{"@type":"ImageObject","inLanguage":"ca","@id":"https:\/\/secure.gravatar.com\/avatar\/073c0153e350a5005b68eb752b445fea71f6b24a26da9449ad7e155e6b446c9d?s=96&d=mm&r=g","url":"https:\/\/secure.gravatar.com\/avatar\/073c0153e350a5005b68eb752b445fea71f6b24a26da9449ad7e155e6b446c9d?s=96&d=mm&r=g","contentUrl":"https:\/\/secure.gravatar.com\/avatar\/073c0153e350a5005b68eb752b445fea71f6b24a26da9449ad7e155e6b446c9d?s=96&d=mm&r=g","caption":"Ralf Ittermann"},"givenName":"Ralf","familyName":"Ittermann","jobTitle":"Gesch\u00e4ftsf\u00fchrer und redaktioneller Verantwortlicher","url":"https:\/\/iwell-guard.com\/ca\/author\/claude\/","description":"Ralf Ittermann ist Gesch\u00e4ftsf\u00fchrer der Ittermann electronic GmbH und redaktioneller Verantwortlicher des iWell-Guard-Lexikons. Er verbindet langj\u00e4hrige Erfahrung in der Pr\u00e4zisionsfertigung mit medialer Praxis und religionsgeschichtlicher Quellenarbeit.","worksFor":{"@type":"Organization","name":"Ittermann electronic GmbH","url":"https:\/\/ittermann.de\/","address":{"@type":"PostalAddress","streetAddress":"K\u00f6hlergasse 16-18","postalCode":"99842","addressLocality":"Ruhla","addressCountry":"DE"}},"knowsAbout":["Religionsgeschichte","Mythologie","Mediale Praxis","Energetische Diagnostik","Schutzpraxis","Volksglauben","Westliche Esoterik"]},{"@type":"Article","@id":"https:\/\/iwell-guard.com\/ca\/malina-deessa-del-sol-inuit\/#article","isPartOf":{"@id":"https:\/\/iwell-guard.com\/ca\/malina-deessa-del-sol-inuit\/"},"author":{"name":"Ralf Ittermann","@id":"https:\/\/iwell-guard.com\/ca\/#\/schema\/person\/ee2a27f1cac3406c7c6fb5820cb7349f"},"headline":"Malina &#8211; Deessa del sol dels inuit","datePublished":"2026-09-05T15:42:08+00:00","dateModified":"2026-09-05T16:06:29+00:00","mainEntityOfPage":{"@id":"https:\/\/iwell-guard.com\/ca\/malina-deessa-del-sol-inuit\/"},"publisher":{"@id":"https:\/\/iwell-guard.com\/ca\/#organization"},"image":{"@id":"https:\/\/iwell-guard.com\/ca\/malina-deessa-del-sol-inuit\/#primaryimage"},"thumbnailUrl":"https:\/\/iwell-guard.com\/wp-content\/uploads\/2026\/05\/goetter_inuit_malina-inuit.webp","inLanguage":"ca","description":"Malina \u00e9s la deessa del sol dels inuit, germana i perseguida de la lluna Igaluk. An\u00e0lisi des de l'estudi de les religions amb el mite i les fonts."}]}},"_links":{"self":[{"href":"https:\/\/iwell-guard.com\/ca\/wp-json\/wp\/v2\/pages\/171759","targetHints":{"allow":["GET"]}}],"collection":[{"href":"https:\/\/iwell-guard.com\/ca\/wp-json\/wp\/v2\/pages"}],"about":[{"href":"https:\/\/iwell-guard.com\/ca\/wp-json\/wp\/v2\/types\/page"}],"author":[{"embeddable":true,"href":"https:\/\/iwell-guard.com\/ca\/wp-json\/wp\/v2\/users\/3"}],"replies":[{"embeddable":true,"href":"https:\/\/iwell-guard.com\/ca\/wp-json\/wp\/v2\/comments?post=171759"}],"version-history":[{"count":0,"href":"https:\/\/iwell-guard.com\/ca\/wp-json\/wp\/v2\/pages\/171759\/revisions"}],"wp:featuredmedia":[{"embeddable":true,"href":"https:\/\/iwell-guard.com\/ca\/wp-json\/wp\/v2\/media\/2883"}],"wp:attachment":[{"href":"https:\/\/iwell-guard.com\/ca\/wp-json\/wp\/v2\/media?parent=171759"}],"wp:term":[{"taxonomy":"category","embeddable":true,"href":"https:\/\/iwell-guard.com\/ca\/wp-json\/wp\/v2\/categories?post=171759"}],"curies":[{"name":"wp","href":"https:\/\/api.w.org\/{rel}","templated":true}]}}