{"id":171758,"date":"2026-09-05T15:42:08","date_gmt":"2026-09-05T15:42:08","guid":{"rendered":"https:\/\/iwell-guard.com\/?page_id=171758"},"modified":"2026-09-05T16:06:29","modified_gmt":"2026-09-05T16:06:29","slug":"igaluk-deu-lluna-tradicio-inuit","status":"publish","type":"page","link":"https:\/\/iwell-guard.com\/ca\/igaluk-deu-lluna-tradicio-inuit\/","title":{"rendered":"Igaluk &#8211; D\u00e9u de la lluna en la tradici\u00f3 inuit"},"content":{"rendered":"\t\t<div data-elementor-type=\"wp-page\" data-elementor-id=\"171758\" class=\"elementor elementor-171758 elementor-2661 elementor-bc-flex-widget\" data-elementor-post-type=\"page\">\n\t\t\t\t<div class=\"elementor-element elementor-element-iwgw-igaluk-hero e-flex e-con-boxed e-con e-parent\" data-id=\"iwgw-igaluk-hero\" data-element_type=\"container\" data-e-type=\"container\" data-settings=\"{&quot;background_background&quot;:&quot;classic&quot;}\">\n\t\t\t\t\t<div class=\"e-con-inner\">\n\t\t<div class=\"elementor-element elementor-element-iwgw-igaluk-hl e-flex e-con-boxed e-con e-child\" data-id=\"iwgw-igaluk-hl\" data-element_type=\"container\" data-e-type=\"container\">\n\t\t\t\t\t<div class=\"e-con-inner\">\n\t\t<div class=\"elementor-element elementor-element-iwgw-igaluk-htxt e-con-full e-flex e-con e-child\" data-id=\"iwgw-igaluk-htxt\" data-element_type=\"container\" data-e-type=\"container\">\n\t\t\t\t<div class=\"elementor-element elementor-element-iwgw-igaluk-h1 elementor-widget elementor-widget-heading\" data-id=\"iwgw-igaluk-h1\" data-element_type=\"widget\" data-e-type=\"widget\" data-widget_type=\"heading.default\">\n\t\t\t\t\t<h1 class=\"elementor-heading-title elementor-size-default\">Igaluk - D\u00e9u de la lluna, germ\u00e0 del sol i guardi\u00e0 de la ca\u00e7a<\/h1>\t\t\t\t<\/div>\n\t\t\t\t<div class=\"elementor-element elementor-element-iwgw-igaluk-lead elementor-widget elementor-widget-text-editor\" data-id=\"iwgw-igaluk-lead\" data-element_type=\"widget\" data-e-type=\"widget\" data-widget_type=\"text-editor.default\">\n\t\t\t\t\t\t\t\t\t<p>Igaluk \u00e9s, en la tradici\u00f3 inuit de l&#8217;\u00c0rtic central (<a href=\"https:\/\/iwell-guard.com\/ca\/inuit-artic-sedna-tornit-proteccio\/\">Inuit<\/a>), el d\u00e9u de la lluna, estretament vinculat a la seva germana, el sol <a href=\"https:\/\/iwell-guard.com\/ca\/?page_id=171759\">Malina<\/a>, en un <span class=\"iwg-fachbegriff\" data-tooltip=\"Un relat transm\u00e8s sobre d\u00e9us, or\u00edgens i l'ordre del m\u00f3n.\" tabindex=\"0\">mite<\/span> ambivalent. Es considera alhora guardi\u00e0 de la ca\u00e7a i figura moralment problem\u00e0tica per una hist\u00f2ria pr\u00e8via incestuosa. Des del punt de vista de la ci\u00e8ncia de les religions, es tracta d&#8217;una figura paradigm\u00e0ticament ambivalent.<\/p>\t\t\t\t\t\t\t\t<\/div>\n\t\t\t\t<\/div>\n\t\t<div class=\"elementor-element elementor-element-iwgw-igaluk-pillc e-con-full e-flex e-con e-child\" data-id=\"iwgw-igaluk-pillc\" data-element_type=\"container\" data-e-type=\"container\">\n\t\t\t\t<div class=\"elementor-element elementor-element-iwgw-igaluk-pills elementor-widget elementor-widget-html\" data-id=\"iwgw-igaluk-pills\" data-element_type=\"widget\" data-e-type=\"widget\" data-widget_type=\"html.default\">\n\t\t\t\t\t<div class=\"iwg-pill-row\"><span class=\"iwg-klasse-badge\" tabindex=\"0\" data-tooltip=\"D\u00e9u de la lluna de la tradici\u00f3 inuit.\">D\u00e9u de la lluna<\/span><a href=\"https:\/\/iwell-guard.com\/ca\/inuit-artic-sedna-tornit-proteccio\/\" class=\"iwg-kultur-badge\" tabindex=\"0\" data-tooltip=\"Mitologia de la tradici\u00f3 inuit.\">Inuit<\/a><span class=\"iwg-tradition-badge\" tabindex=\"0\" data-tooltip=\"Guardi\u00e0 de la lluna i la ca\u00e7a.\">Guardi\u00e0 de la lluna i la ca\u00e7a<\/span><\/div>\t\t\t\t<\/div>\n\t\t\t\t<\/div>\n\t\t<div class=\"elementor-element elementor-element-iwgw-igaluk-tocc e-con-full e-flex e-con e-child\" data-id=\"iwgw-igaluk-tocc\" data-element_type=\"container\" data-e-type=\"container\">\n\t\t\t\t<div class=\"elementor-element elementor-element-iwgw-igaluk-toc elementor-toc--minimized-on-tablet elementor-widget elementor-widget-table-of-contents\" data-id=\"iwgw-igaluk-toc\" data-element_type=\"widget\" data-e-type=\"widget\" data-settings=\"{&quot;headings_by_tags&quot;:[&quot;h2&quot;,&quot;h3&quot;],&quot;minimize_box&quot;:&quot;yes&quot;,&quot;marker_view&quot;:&quot;bullets&quot;,&quot;no_headings_message&quot;:&quot;No s&#039;ha trobat cap encap\\u00e7alament en aquesta p\\u00e0gina.&quot;,&quot;exclude_headings_by_selector&quot;:[],&quot;icon&quot;:{&quot;value&quot;:&quot;fas fa-circle&quot;,&quot;library&quot;:&quot;fa-solid&quot;,&quot;rendered_tag&quot;:&quot;&lt;svg class=\\&quot;e-font-icon-svg e-fas-circle\\&quot; viewBox=\\&quot;0 0 512 512\\&quot; xmlns=\\&quot;http:\\\/\\\/www.w3.org\\\/2000\\\/svg\\&quot;&gt;&lt;path d=\\&quot;M256 8C119 8 8 119 8 256s111 248 248 248 248-111 248-248S393 8 256 8z\\&quot;&gt;&lt;\\\/path&gt;&lt;\\\/svg&gt;&quot;},&quot;minimized_on&quot;:&quot;tablet&quot;,&quot;hierarchical_view&quot;:&quot;yes&quot;,&quot;min_height&quot;:{&quot;unit&quot;:&quot;px&quot;,&quot;size&quot;:&quot;&quot;,&quot;sizes&quot;:[]},&quot;min_height_tablet&quot;:{&quot;unit&quot;:&quot;px&quot;,&quot;size&quot;:&quot;&quot;,&quot;sizes&quot;:[]},&quot;min_height_mobile&quot;:{&quot;unit&quot;:&quot;px&quot;,&quot;size&quot;:&quot;&quot;,&quot;sizes&quot;:[]}}\" data-widget_type=\"table-of-contents.default\">\n\t\t\t\t\t\t\t\t\t<div class=\"elementor-toc__header\">\n\t\t\t\t\t\t<h2 class=\"elementor-toc__header-title\">\n\t\t\t\t\u00cdndex\t\t\t<\/h2>\n\t\t\t\t\t\t\t\t\t\t<div class=\"elementor-toc__toggle-button elementor-toc__toggle-button--expand\" role=\"button\" tabindex=\"0\" aria-controls=\"elementor-toc__iwgw-igaluk-toc\" aria-expanded=\"true\" aria-label=\"Open table of contents\"><svg aria-hidden=\"true\" class=\"e-font-icon-svg e-fas-chevron-down\" viewBox=\"0 0 448 512\" xmlns=\"http:\/\/www.w3.org\/2000\/svg\"><path d=\"M207.029 381.476L12.686 187.132c-9.373-9.373-9.373-24.569 0-33.941l22.667-22.667c9.357-9.357 24.522-9.375 33.901-.04L224 284.505l154.745-154.021c9.379-9.335 24.544-9.317 33.901.04l22.667 22.667c9.373 9.373 9.373 24.569 0 33.941L240.971 381.476c-9.373 9.372-24.569 9.372-33.942 0z\"><\/path><\/svg><\/div>\n\t\t\t\t<div class=\"elementor-toc__toggle-button elementor-toc__toggle-button--collapse\" role=\"button\" tabindex=\"0\" aria-controls=\"elementor-toc__iwgw-igaluk-toc\" aria-expanded=\"true\" aria-label=\"Close table of contents\"><svg aria-hidden=\"true\" class=\"e-font-icon-svg e-fas-chevron-up\" viewBox=\"0 0 448 512\" xmlns=\"http:\/\/www.w3.org\/2000\/svg\"><path d=\"M240.971 130.524l194.343 194.343c9.373 9.373 9.373 24.569 0 33.941l-22.667 22.667c-9.357 9.357-24.522 9.375-33.901.04L224 227.495 69.255 381.516c-9.379 9.335-24.544 9.317-33.901-.04l-22.667-22.667c-9.373-9.373-9.373-24.569 0-33.941L207.03 130.525c9.372-9.373 24.568-9.373 33.941-.001z\"><\/path><\/svg><\/div>\n\t\t\t\t\t<\/div>\n\t\t\t\t<div id=\"elementor-toc__iwgw-igaluk-toc\" class=\"elementor-toc__body\">\n\t\t\t<div class=\"elementor-toc__spinner-container\">\n\t\t\t\t<svg class=\"elementor-toc__spinner eicon-animation-spin e-font-icon-svg e-eicon-loading\" aria-hidden=\"true\" viewBox=\"0 0 1000 1000\" xmlns=\"http:\/\/www.w3.org\/2000\/svg\"><path d=\"M500 975V858C696 858 858 696 858 500S696 142 500 142 142 304 142 500H25C25 237 238 25 500 25S975 237 975 500 763 975 500 975Z\"><\/path><\/svg>\t\t\t<\/div>\n\t\t<\/div>\n\t\t\t\t\t\t<\/div>\n\t\t\t\t<\/div>\n\t\t\t\t\t<\/div>\n\t\t\t\t<\/div>\n\t\t<div class=\"elementor-element elementor-element-iwgw-igaluk-hr e-con-full e-flex e-con e-child\" data-id=\"iwgw-igaluk-hr\" data-element_type=\"container\" data-e-type=\"container\">\n\t\t\t\t<div class=\"elementor-element elementor-element-iwgw-igaluk-heroimg iwg-hero-image elementor-widget elementor-widget-image\" data-id=\"iwgw-igaluk-heroimg\" data-element_type=\"widget\" data-e-type=\"widget\" data-widget_type=\"image.default\">\n\t\t\t\t\t\t\t\t\t\t\t\t\t\t\t<img fetchpriority=\"high\" decoding=\"async\" width=\"683\" height=\"1024\" src=\"https:\/\/iwell-guard.com\/wp-content\/uploads\/2026\/05\/goetter_inuit_igaluk-683x1024.webp\" class=\"attachment-large size-large wp-image-2882\" alt=\"Igaluk \u2013 D\u00e9u de la lluna en la tradici\u00f3 inuit\" srcset=\"https:\/\/iwell-guard.com\/wp-content\/uploads\/2026\/05\/goetter_inuit_igaluk-683x1024.webp 683w, https:\/\/iwell-guard.com\/wp-content\/uploads\/2026\/05\/goetter_inuit_igaluk-200x300.webp 200w, https:\/\/iwell-guard.com\/wp-content\/uploads\/2026\/05\/goetter_inuit_igaluk-768x1152.webp 768w, https:\/\/iwell-guard.com\/wp-content\/uploads\/2026\/05\/goetter_inuit_igaluk.webp 1024w\" sizes=\"(max-width: 683px) 100vw, 683px\" \/>\t\t\t\t\t\t\t\t\t\t\t\t\t\t\t<\/div>\n\t\t\t\t<\/div>\n\t\t\t\t\t<\/div>\n\t\t\t\t<\/div>\n\t\t<div class=\"elementor-element elementor-element-iwgw-igaluk-s0 e-flex e-con-boxed e-con e-parent\" data-id=\"iwgw-igaluk-s0\" data-element_type=\"container\" data-e-type=\"container\">\n\t\t\t\t\t<div class=\"e-con-inner\">\n\t\t\t\t<div class=\"elementor-element elementor-element-iwgw-igaluk-s0h elementor-widget elementor-widget-heading\" data-id=\"iwgw-igaluk-s0h\" data-element_type=\"widget\" data-e-type=\"widget\" data-widget_type=\"heading.default\">\n\t\t\t\t\t<h2 class=\"elementor-heading-title elementor-size-default\">Classificaci\u00f3 i perfil breu<\/h2>\t\t\t\t<\/div>\n\t\t<div class=\"elementor-element elementor-element-iwgw-igaluk-s0c e-con-full e-flex e-con e-child\" data-id=\"iwgw-igaluk-s0c\" data-element_type=\"container\" data-e-type=\"container\">\n\t\t\t\t<div class=\"elementor-element elementor-element-iwgw-igaluk-s0t elementor-widget elementor-widget-text-editor\" data-id=\"iwgw-igaluk-s0t\" data-element_type=\"widget\" data-e-type=\"widget\" data-widget_type=\"text-editor.default\">\n\t\t\t\t\t\t\t\t\t<p>En la tradici\u00f3 inuit, la lluna no \u00e9s una magnitud astron\u00f2mica neutra, sin\u00f3 una figura personalitzada amb biografia pr\u00f2pia i c\u00e0rrega \u00e8tica. Igaluk, anomenat tamb\u00e9 Aningat o Tatqiq en algunes regions, \u00e9s una de les divinitats masculines m\u00e9s \u00e0mpliament documentades de l&#8217;\u00c0rtic central i, des de la ci\u00e8ncia de la religi\u00f3, una figura central.<\/p><p>Des del punt de vista cient\u00edfic, Igaluk destaca perqu\u00e8 t\u00e9 una c\u00e0rrega tant positiva com negativa. Positiva com a guardi\u00e0 de la ca\u00e7a, a qui poden visitar els xamans i que influeix en el temps i en les poblacions d&#8217;animals. Negativa com a protagonista d&#8217;un <span class=\"iwg-fachbegriff\" data-tooltip=\"Un relat transm\u00e8s sobre d\u00e9us, or\u00edgens i l'ordre del m\u00f3n.\" tabindex=\"0\">mite<\/span> incestu\u00f3s, en el qual jeu amb la seva germana sense saber-ho i la fa esdevenir aix\u00ed el sol. Aquesta doble determinaci\u00f3 ambivalent \u00e9s t\u00edpica en la fenomenologia de la religi\u00f3.<\/p><p>Aquesta ambival\u00e8ncia converteix Igaluk en una figura paradigm\u00e0tica per a la <span class=\"iwg-fachbegriff\" data-tooltip=\"L'estudi cient\u00edfic de D\u00e9u i de la fe d'una religi\u00f3.\" tabindex=\"0\">teologia<\/span> no moralista dels inuit. Els d\u00e9us no s\u00f3n ni unilateralment bons ni unilateralment dolents, sin\u00f3 portadors d&#8217;identitats narratives complexes. Aquesta complexitat s&#8217;oposa a les teologies monistes i constitueix, en fenomenologia de la religi\u00f3, un fenomen propi que caracteritza la tradici\u00f3 inuit.<\/p><p>El d\u00e9u de la lluna Igaluk, que es troba entre les divinitats masculines m\u00e9s \u00e0mpliament documentades de l&#8217;\u00c0rtic central, ha estat objecte d&#8217;estudi de la recerca m\u00e9s recent amb enfocaments metodol\u00f2gics ampliats que combinen precisi\u00f3 etnogr\u00e0fica, cr\u00edtica de fonts ling\u00fc\u00edstica i perspectiva comparativa. Avui la comunitat de coneixement inuit participa ella mateixa en aquesta recerca i corregeix interpretacions occidentals m\u00e9s antigues, algunes de car\u00e0cter colonial.<\/p><p>Una perspectiva complement\u00e0ria l&#8217;obre la q\u00fcesti\u00f3, pr\u00f2pia de la sociologia de la religi\u00f3, sobre la funci\u00f3 d&#8217;Igaluk en l&#8217;ordre social de la comunitat inuit tradicional.<\/p><p>Com a guardi\u00e0 \u00fatil de la ca\u00e7a i, alhora, protagonista d&#8217;un <span class=\"iwg-fachbegriff\" data-tooltip=\"Un relat transm\u00e8s sobre d\u00e9us, or\u00edgens i l'ordre del m\u00f3n.\" tabindex=\"0\">mite<\/span> moralment delicat, mostra que l&#8217;estructura religiosa no estava separada de la pr\u00e0ctica social, sin\u00f3 estretament entrella\u00e7ada amb ella. Aquest entrella\u00e7ament constitueix un camp propi de recerca en antropologia de la religi\u00f3 i ha estat estudiat sistem\u00e0ticament, sobretot, per Fr\u00e9d\u00e9ric Laugrand i Jarich Oosten.<\/p>\t\t\t\t\t\t\t\t<\/div>\n\t\t\t\t<\/div>\n\t\t\t\t\t<\/div>\n\t\t\t\t<\/div>\n\t\t<div class=\"elementor-element elementor-element-iwgw-igaluk-s1 e-flex e-con-boxed e-con e-parent\" data-id=\"iwgw-igaluk-s1\" data-element_type=\"container\" data-e-type=\"container\">\n\t\t\t\t\t<div class=\"e-con-inner\">\n\t\t\t\t<div class=\"elementor-element elementor-element-iwgw-igaluk-s1h elementor-widget elementor-widget-heading\" data-id=\"iwgw-igaluk-s1h\" data-element_type=\"widget\" data-e-type=\"widget\" data-widget_type=\"heading.default\">\n\t\t\t\t\t<h2 class=\"elementor-heading-title elementor-size-default\">Nom, etimologia i variants<\/h2>\t\t\t\t<\/div>\n\t\t<div class=\"elementor-element elementor-element-iwgw-igaluk-s1c e-con-full e-flex e-con e-child\" data-id=\"iwgw-igaluk-s1c\" data-element_type=\"container\" data-e-type=\"container\">\n\t\t\t\t<div class=\"elementor-element elementor-element-iwgw-igaluk-s1t elementor-widget elementor-widget-text-editor\" data-id=\"iwgw-igaluk-s1t\" data-element_type=\"widget\" data-e-type=\"widget\" data-widget_type=\"text-editor.default\">\n\t\t\t\t\t\t\t\t\t<p>El nom Igaluk deriva probablement de l&#8217;arrel <em>igalu-<\/em>, emparentada amb la paraula per a finestra o obertura de llum. Aix\u00f2 s&#8217;ajusta a la idea de la lluna com a font de llum nocturna, a trav\u00e9s de la qual el reialme del dia es projecta cap al reialme de la nit. Aquesta elecci\u00f3 l\u00e8xica \u00e9s reveladora des de la fenomenologia de la religi\u00f3.<\/p><p>Noms alternatius s\u00f3n Aningat o Anningan a Iglulik i Aningaup. El terme <em>tatqiq<\/em> designa tant la lluna com a cos celeste com el mes com a unitat de temps. Aquesta duplicitat sem\u00e0ntica \u00e9s cient\u00edficament reveladora, ja que condensa en un sol mot la connexi\u00f3 entre l&#8217;objecte celeste, el ritme temporal i la <span class=\"iwg-fachbegriff\" data-tooltip=\"Un \u00e9sser venerat com a div\u00ed dins d'una religi\u00f3.\" tabindex=\"0\">divinitat<\/span>, i marca la funci\u00f3 calend\u00e0rica de la lluna com a magnitud carregada religiosament.<\/p><p>A Groenl\u00e0ndia occidental apareix la forma Aningaaq, a Groenl\u00e0ndia oriental Aning&#8217;iaq, a Alaska Aliq. Les variants regionals reflecteixen difer\u00e8ncies ling\u00fc\u00edstiques sense alterar la subst\u00e0ncia religiosa. Aquesta estabilitat de la funci\u00f3 religiosa enmig de la diversitat ling\u00fc\u00edstica \u00e9s t\u00edpica, en fenomenologia de la religi\u00f3, dels conceptes pan-inuits.<\/p>\t\t\t\t\t\t\t\t<\/div>\n\t\t\t\t<\/div>\n\t\t\t\t\t<\/div>\n\t\t\t\t<\/div>\n\t\t<div class=\"elementor-element elementor-element-iwgw-igaluk-s2 e-flex e-con-boxed e-con e-parent\" data-id=\"iwgw-igaluk-s2\" data-element_type=\"container\" data-e-type=\"container\">\n\t\t\t\t\t<div class=\"e-con-inner\">\n\t\t\t\t<div class=\"elementor-element elementor-element-iwgw-igaluk-s2h elementor-widget elementor-widget-heading\" data-id=\"iwgw-igaluk-s2h\" data-element_type=\"widget\" data-e-type=\"widget\" data-widget_type=\"heading.default\">\n\t\t\t\t\t<h2 class=\"elementor-heading-title elementor-size-default\">Descripci\u00f3 i simbolisme<\/h2>\t\t\t\t<\/div>\n\t\t<div class=\"elementor-element elementor-element-iwgw-igaluk-s2c e-con-full e-flex e-con e-child\" data-id=\"iwgw-igaluk-s2c\" data-element_type=\"container\" data-e-type=\"container\">\n\t\t\t\t<div class=\"elementor-element elementor-element-iwgw-igaluk-s2t elementor-widget elementor-widget-text-editor\" data-id=\"iwgw-igaluk-s2t\" data-element_type=\"widget\" data-e-type=\"widget\" data-widget_type=\"text-editor.default\">\n\t\t\t\t\t\t\t\t\t<p>Les fonts etnogr\u00e0fiques descriuen Igaluk com un home jove i fort, de rostre clar i sovint tacat. Segons la concepci\u00f3 inuit, les taques del rostre lunar s\u00f3n vestigis del fet que ocupa un lloc central en el seu <span class=\"iwg-fachbegriff\" data-tooltip=\"Un relat transm\u00e8s sobre d\u00e9us, or\u00edgens i l'ordre del m\u00f3n.\" tabindex=\"0\">mite<\/span>. En algunes versions s\u00f3n restes de sutge, en altres ferides o ll\u00e0grimes.<\/p><p>Simb\u00f2licament, Igaluk est\u00e0 vinculat al trineu i al tir de gossos. Segons els relats, viatja amb el seu trineu pel cel, i el seu recorregut nocturn representa el cicle lunar.<\/p><p>De vegades tamb\u00e9 s&#8217;interpreta l&#8217;ombra del seu tir com el seu gos. Aquest simbolisme del trineu \u00e9s espec\u00edficament \u00e0rtic i distingeix Igaluk de les divinitats lunars mediterr\u00e0nies, generalment associades a un carro o a una nau.<\/p><p>Les representacions visuals s\u00f3n rares en la cultura tradicional, per\u00f2 freq\u00fcents en l&#8217;art inuit contemporani. Les talles en pedra mostren Igaluk com un jove xaman o com un home amb el disc lunar al fons. Des del punt de vista cient\u00edfic, aquesta visualitzaci\u00f3 moderna \u00e9s una reapropiaci\u00f3, no una continu\u00eftat dels imaginaris tradicionals. Aquesta difer\u00e8ncia s&#8217;ha de reflectir metodol\u00f2gicament.<\/p><p>En el discurs m\u00e9s ampli de la <span class=\"iwg-fachbegriff\" data-tooltip=\"La ci\u00e8ncia que estudia les religions de manera comparativa i sense vinculaci\u00f3 de fe.\" tabindex=\"0\">ci\u00e8ncia de la religi\u00f3<\/span> comparada, Igaluk s&#8217;insereix en el patr\u00f3 de la topografia religiosa circumpolar. La seva estabilitat estructural al llarg de milers de quil\u00f2metres es considera, en fenomenologia de la religi\u00f3, una de les troballes m\u00e9s notables de la disciplina i continua sent objecte de debat cient\u00edfic en curs.<\/p>\t\t\t\t\t\t\t\t<\/div>\n\t\t\t\t<\/div>\n\t\t\t\t\t<\/div>\n\t\t\t\t<\/div>\n\t\t<div class=\"elementor-element elementor-element-iwgw-igaluk-s3 e-flex e-con-boxed e-con e-parent\" data-id=\"iwgw-igaluk-s3\" data-element_type=\"container\" data-e-type=\"container\">\n\t\t\t\t\t<div class=\"e-con-inner\">\n\t\t\t\t<div class=\"elementor-element elementor-element-iwgw-igaluk-s3h elementor-widget elementor-widget-heading\" data-id=\"iwgw-igaluk-s3h\" data-element_type=\"widget\" data-e-type=\"widget\" data-widget_type=\"heading.default\">\n\t\t\t\t\t<h2 class=\"elementor-heading-title elementor-size-default\">El mite de l'incest i el seu significat<\/h2>\t\t\t\t<\/div>\n\t\t<div class=\"elementor-element elementor-element-iwgw-igaluk-s3c e-con-full e-flex e-con e-child\" data-id=\"iwgw-igaluk-s3c\" data-element_type=\"container\" data-e-type=\"container\">\n\t\t\t\t<div class=\"elementor-element elementor-element-iwgw-igaluk-s3t elementor-widget elementor-widget-text-editor\" data-id=\"iwgw-igaluk-s3t\" data-element_type=\"widget\" data-e-type=\"widget\" data-widget_type=\"text-editor.default\">\n\t\t\t\t\t\t\t\t\t<p>El mite central sobre Igaluk i la seva germana Malina \u00e9s una de les narracions m\u00e9s conegudes de la religi\u00f3 inuit. En la variant iglulik, tal com la va recollir Rasmussen, germ\u00e0 i germana vivien en una comunitat d&#8217;igl\u00fas.<\/p><p>En una nit fosca, un home desconegut es va ajeure amb Malina sense que ella el pogu\u00e8s recon\u00e8ixer. Ella es va untar les mans amb sutge i el va passar per la cara del desconegut per poder identificar-lo l&#8217;endem\u00e0.<\/p><p>Al mat\u00ed va veure que havia estat el seu germ\u00e0 Igaluk. Amb vergonya i ira, es va tallar els pits, els va llan\u00e7ar contra ell i va fugir cap al cel amb una torxa a la m\u00e0.<\/p><p>Igaluk la va seguir amb una torxa menys brillant. Tots dos es converteixen en el Sol i la Lluna. Les taques del seu rostre s\u00f3n les marques de sutge. Aquesta estructura narrativa tan crua \u00e9s cient\u00edficament reveladora.<\/p><p>Des del punt de vista cient\u00edfic, aquest <span class=\"iwg-fachbegriff\" data-tooltip=\"Una narraci\u00f3 transmesa sobre d\u00e9us, or\u00edgens i l'ordre del m\u00f3n.\" tabindex=\"0\">mite<\/span> no \u00e9s una lli\u00e7\u00f3 moral en sentit estricte, sin\u00f3 una narraci\u00f3 etiol\u00f2gica sobre l&#8217;origen dels cossos celestes i la seva lluminositat asim\u00e8trica. El component d&#8217;incest forma part de l&#8217;estructura etiol\u00f2gica, no \u00e9s principalment un av\u00eds moral. Aquesta lectura etiol\u00f2gica es diferencia de les interpretacions moralitzants posteriors.<\/p>\t\t\t\t\t\t\t\t<\/div>\n\t\t\t\t<\/div>\n\t\t\t\t\t<\/div>\n\t\t\t\t<\/div>\n\t\t<div class=\"elementor-element elementor-element-iwgw-igaluk-s4 e-flex e-con-boxed e-con e-parent\" data-id=\"iwgw-igaluk-s4\" data-element_type=\"container\" data-e-type=\"container\">\n\t\t\t\t\t<div class=\"e-con-inner\">\n\t\t\t\t<div class=\"elementor-element elementor-element-iwgw-igaluk-s4h elementor-widget elementor-widget-heading\" data-id=\"iwgw-igaluk-s4h\" data-element_type=\"widget\" data-e-type=\"widget\" data-widget_type=\"heading.default\">\n\t\t\t\t\t<h2 class=\"elementor-heading-title elementor-size-default\">Igaluk com a guardi\u00e0 de la ca\u00e7a i company dels xamans<\/h2>\t\t\t\t<\/div>\n\t\t<div class=\"elementor-element elementor-element-iwgw-igaluk-s4c e-con-full e-flex e-con e-child\" data-id=\"iwgw-igaluk-s4c\" data-element_type=\"container\" data-e-type=\"container\">\n\t\t\t\t<div class=\"elementor-element elementor-element-iwgw-igaluk-s4t elementor-widget elementor-widget-text-editor\" data-id=\"iwgw-igaluk-s4t\" data-element_type=\"widget\" data-e-type=\"widget\" data-widget_type=\"text-editor.default\">\n\t\t\t\t\t\t\t\t\t<p>Malgrat, o precisament a causa de, la seva ambivalent hist\u00f2ria pr\u00e8via, Igaluk \u00e9s una important figura religiosa de refer\u00e8ncia. Se&#8217;l considera protector de la ca\u00e7a, a qui els xamans poden adre\u00e7ar les seves peticions. En tr\u00e0nsit, els xamans visitaven Igaluk a la lluna i en tornaven amb coneixement o amb animals. Aquest viatge a la lluna constitueix un t\u00f2pic propi en la literatura xam\u00e0nica inuit.<\/p><p>Daniel Merkur documenta diverses descripcions d&#8217;aquests viatges a la lluna procedents d&#8217;Iglulik. El <span class=\"iwg-fachbegriff\" data-tooltip=\"Especialista religi\u00f3s al qual s'atribueix la mediaci\u00f3 entre els humans i el m\u00f3n dels esperits.\" tabindex=\"0\">xaman<\/span> puja al cel amb el poder dels seus esperits auxiliars, travessa l&#8217;atmosfera freda i es presenta davant Igaluk. All\u00e0 pot rebre respostes, fer regular les poblacions de carib\u00fa o trobar-se amb els difunts que resideixen a la lluna. Aquesta funci\u00f3 \u00e9s fenomenol\u00f2gicament pr\u00f2pia dins l&#8217;estudi de la religi\u00f3.<\/p><p>Aquesta funci\u00f3 d&#8217;Igaluk complementa la d&#8217;altres grans divinitats. <a href=\"https:\/\/iwell-guard.com\/ca\/?page_id=171751\">Sedna<\/a> controla els animals marins, <a href=\"https:\/\/iwell-guard.com\/ca\/?page_id=171756\">Pinga<\/a> els animals terrestres, <a href=\"https:\/\/iwell-guard.com\/ca\/?page_id=171752\">Sila<\/a> el temps atmosf\u00e8ric, i Igaluk els aspectes complementaris de la ca\u00e7a i del temps. Aquesta distribuci\u00f3 de les funcions religioses constitueix, fenomenol\u00f2gicament, un patr\u00f3 estructural propi de la <span class=\"iwg-fachbegriff\" data-tooltip=\"La doctrina cient\u00edfica sobre D\u00e9u i la fe d'una religi\u00f3.\" tabindex=\"0\">teologia<\/span> inuit.<\/p>\t\t\t\t\t\t\t\t<\/div>\n\t\t\t\t<\/div>\n\t\t\t\t\t<\/div>\n\t\t\t\t<\/div>\n\t\t<div class=\"elementor-element elementor-element-iwgw-igaluk-s5 e-flex e-con-boxed e-con e-parent\" data-id=\"iwgw-igaluk-s5\" data-element_type=\"container\" data-e-type=\"container\">\n\t\t\t\t\t<div class=\"e-con-inner\">\n\t\t\t\t<div class=\"elementor-element elementor-element-iwgw-igaluk-s5h elementor-widget elementor-widget-heading\" data-id=\"iwgw-igaluk-s5h\" data-element_type=\"widget\" data-e-type=\"widget\" data-widget_type=\"heading.default\">\n\t\t\t\t\t<h2 class=\"elementor-heading-title elementor-size-default\">Igaluk, la fertilitat i el temps<\/h2>\t\t\t\t<\/div>\n\t\t<div class=\"elementor-element elementor-element-iwgw-igaluk-s5c e-con-full e-flex e-con e-child\" data-id=\"iwgw-igaluk-s5c\" data-element_type=\"container\" data-e-type=\"container\">\n\t\t\t\t<div class=\"elementor-element elementor-element-iwgw-igaluk-s5t elementor-widget elementor-widget-text-editor\" data-id=\"iwgw-igaluk-s5t\" data-element_type=\"widget\" data-e-type=\"widget\" data-widget_type=\"text-editor.default\">\n\t\t\t\t\t\t\t\t\t<p>En algunes tradicions iglulik, Igaluk \u00e9s tamb\u00e9 una figura relacionada amb la fertilitat. Les dones joves no havien de mirar la Lluna gaire estona, ja que altrament podrien quedar embarassades d&#8217;Igaluk. Aquesta idea no s&#8217;ha d&#8217;interpretar cient\u00edficament com una instrucci\u00f3 pr\u00e0ctica real, sin\u00f3 com una indicaci\u00f3 ritual sobre el poder d&#8217;Igaluk en el moment de transici\u00f3.<\/p><p>Temporalment, Igaluk est\u00e0 vinculat al cicle lunar, que estructurava el calendari tradicional. Els mesos tenien noms que reflectien pr\u00e0ctiques de ca\u00e7a o fen\u00f2mens clim\u00e0tics, i Igaluk constitu\u00efa el marc d&#8217;aquesta estructura temporal. En el m\u00f3n de vida tradicional, el cicle lunar tenia una c\u00e0rrega religiosa i no era una simple observaci\u00f3 natural. Aquesta imbricaci\u00f3 entre temps i religi\u00f3 \u00e9s un fenomen propi des del punt de vista fenomenol\u00f2gic-religi\u00f3s.<\/p><p>La imbricaci\u00f3 de fertilitat, ca\u00e7a i temps en una sola figura \u00e9s t\u00edpica, des del punt de vista fenomenol\u00f2gic-religi\u00f3s, dels d\u00e9us lunars \u00e0rtics, i troba paral\u00b7lelismes amb el <em>M\u00e1nnu<\/em> <a href=\"https:\/\/iwell-guard.com\/ca\/sami-i-tradicio-fino-ugra-noaidi-i-tambor\/\">sami<\/a> i les divinitats lunars nenets. Aquesta coincid\u00e8ncia estructural suggereix un estrat antic i circumpolar de formaci\u00f3 de conceptes religiosos.<\/p>\t\t\t\t\t\t\t\t<\/div>\n\t\t\t\t<\/div>\n\t\t\t\t\t<\/div>\n\t\t\t\t<\/div>\n\t\t<div class=\"elementor-element elementor-element-iwgw-igaluk-s6 e-flex e-con-boxed e-con e-parent\" data-id=\"iwgw-igaluk-s6\" data-element_type=\"container\" data-e-type=\"container\">\n\t\t\t\t\t<div class=\"e-con-inner\">\n\t\t\t\t<div class=\"elementor-element elementor-element-iwgw-igaluk-s6h elementor-widget elementor-widget-heading\" data-id=\"iwgw-igaluk-s6h\" data-element_type=\"widget\" data-e-type=\"widget\" data-widget_type=\"heading.default\">\n\t\t\t\t\t<h2 class=\"elementor-heading-title elementor-size-default\">Comparaci\u00f3 amb altres divinitats lunars<\/h2>\t\t\t\t<\/div>\n\t\t<div class=\"elementor-element elementor-element-iwgw-igaluk-s6c e-con-full e-flex e-con e-child\" data-id=\"iwgw-igaluk-s6c\" data-element_type=\"container\" data-e-type=\"container\">\n\t\t\t\t<div class=\"elementor-element elementor-element-iwgw-igaluk-s6t elementor-widget elementor-widget-text-editor\" data-id=\"iwgw-igaluk-s6t\" data-element_type=\"widget\" data-e-type=\"widget\" data-widget_type=\"text-editor.default\">\n\t\t\t\t\t\t\t\t\t<p>Les divinitats lunars estan esteses per tot el m\u00f3n, per\u00f2 la seva assignaci\u00f3 de g\u00e8nere varia. Mentre que en el m\u00f3n indoeuropeu el Sol sol ser mascul\u00ed i la Lluna femenina (Sol\/Luna, Helios\/Selene), la tradici\u00f3 inuit inverteix aquesta distribuci\u00f3. El Sol \u00e9s femen\u00ed (Malina), la Lluna \u00e9s masculina (Igaluk).<\/p><p>Aquesta inversi\u00f3 \u00e9s cient\u00edficament reveladora. Es troba en parts de la tradici\u00f3 germ\u00e0nica (S\u00f3l femen\u00ed, M\u00e1ni mascul\u00ed), en parts de les creences dels <a href=\"https:\/\/iwell-guard.com\/ca\/sami-i-tradicio-fino-ugra-noaidi-i-tambor\/\">samis<\/a> (Beaivi femenina, M\u00e1nnu mascul\u00ed), en la tradici\u00f3 b\u00e0ltica i en moltes religions fino-\u00fagriques. La tradici\u00f3 inuit forma, doncs, part d&#8217;una assignaci\u00f3 de g\u00e8nere septentrional m\u00e9s \u00e0mplia, que constitueix un camp de recerca propi en la hist\u00f2ria comparada de les religions.<\/p><p>El <span class=\"iwg-fachbegriff\" data-tooltip=\"Una narraci\u00f3 transmesa sobre d\u00e9us, or\u00edgens i l'ordre del m\u00f3n.\" tabindex=\"0\">mite<\/span> de l&#8217;incest entre el Sol i la Lluna t\u00e9 paral\u00b7lelismes en nombroses mitologies, com entre els tucano sud-americans o els maori d&#8217;Oceania. La discussi\u00f3 cient\u00edfica sobre una genealogia universal d&#8217;incest per als cossos celestes \u00e9s antiga i controvertida, i encara no s&#8217;ha resolt de manera definitiva. Aquesta coincid\u00e8ncia estructural sense connexi\u00f3 hist\u00f2rica \u00e9s, des del punt de vista fenomenol\u00f2gic-religi\u00f3s, un fet propi.<\/p>\t\t\t\t\t\t\t\t<\/div>\n\t\t\t\t<\/div>\n\t\t\t\t\t<\/div>\n\t\t\t\t<\/div>\n\t\t<div class=\"elementor-element elementor-element-iwgw-igaluk-s7 e-flex e-con-boxed e-con e-parent\" data-id=\"iwgw-igaluk-s7\" data-element_type=\"container\" data-e-type=\"container\">\n\t\t\t\t\t<div class=\"e-con-inner\">\n\t\t\t\t<div class=\"elementor-element elementor-element-iwgw-igaluk-s7h elementor-widget elementor-widget-heading\" data-id=\"iwgw-igaluk-s7h\" data-element_type=\"widget\" data-e-type=\"widget\" data-widget_type=\"heading.default\">\n\t\t\t\t\t<h2 class=\"elementor-heading-title elementor-size-default\">Reinterpretaci\u00f3 cristiana i recepci\u00f3 moderna<\/h2>\t\t\t\t<\/div>\n\t\t<div class=\"elementor-element elementor-element-iwgw-igaluk-s7c e-con-full e-flex e-con e-child\" data-id=\"iwgw-igaluk-s7c\" data-element_type=\"container\" data-e-type=\"container\">\n\t\t\t\t<div class=\"elementor-element elementor-element-iwgw-igaluk-s7t elementor-widget elementor-widget-text-editor\" data-id=\"iwgw-igaluk-s7t\" data-element_type=\"widget\" data-e-type=\"widget\" data-widget_type=\"text-editor.default\">\n\t\t\t\t\t\t\t\t\t<p>La missi\u00f3 cristiana va considerar sovint ofensiu el <span class=\"iwg-fachbegriff\" data-tooltip=\"Una narraci\u00f3 transmesa sobre d\u00e9us, or\u00edgens i l'ordre del m\u00f3n.\" tabindex=\"0\">mite<\/span> de l&#8217;incest i el va utilitzar en pr\u00e8diques com a exemple d&#8217;immoralitat pagana. Aquesta reinterpretaci\u00f3 va fer que, a la segona meitat del segle XX, la narraci\u00f3 deix\u00e9s de ser explicada p\u00fablicament en moltes comunitats inuit.<\/p><p>Tot i aix\u00f2, la recerca cient\u00edfica ha documentat la narraci\u00f3, i durant la d\u00e8cada de 1990 la va tornar a introduir en el discurs escolar i cultural de Nunavut. Avui es tracta amb dist\u00e0ncia did\u00e0ctica, com a document d&#8217;hist\u00f2ria de les religions i no com a model moral. Aquesta reapropiaci\u00f3 pedag\u00f2gica constitueix un camp de recerca propi des del punt de vista de la did\u00e0ctica religiosa.<\/p><p>En l&#8217;art inuit contemporani, Igaluk \u00e9s present, sovint en d\u00edptic amb Malina. L&#8217;asimetria entre els dos germans, la seva separaci\u00f3 i la seva persecuci\u00f3 permanent al cel, es fa productiva art\u00edsticament. Des del punt de vista fenomenol\u00f2gic-religi\u00f3s, el <span class=\"iwg-fachbegriff\" data-tooltip=\"Una narraci\u00f3 transmesa sobre d\u00e9us, or\u00edgens i l'ordre del m\u00f3n.\" tabindex=\"0\">mite<\/span> continua viu, encara que el seu significat ritual s&#8217;hagi perdut en gran mesura i es perpetu\u00ef principalment en la tradici\u00f3 narrativa i art\u00edstica.<\/p>\t\t\t\t\t\t\t\t<\/div>\n\t\t\t\t<\/div>\n\t\t\t\t\t<\/div>\n\t\t\t\t<\/div>\n\t\t<div class=\"elementor-element elementor-element-iwgw-igaluk-s8 e-flex e-con-boxed e-con e-parent\" data-id=\"iwgw-igaluk-s8\" data-element_type=\"container\" data-e-type=\"container\">\n\t\t\t\t\t<div class=\"e-con-inner\">\n\t\t\t\t<div class=\"elementor-element elementor-element-iwgw-igaluk-s8h elementor-widget elementor-widget-heading\" data-id=\"iwgw-igaluk-s8h\" data-element_type=\"widget\" data-e-type=\"widget\" data-widget_type=\"heading.default\">\n\t\t\t\t\t<h2 class=\"elementor-heading-title elementor-size-default\">Recerca i estat actual<\/h2>\t\t\t\t<\/div>\n\t\t<div class=\"elementor-element elementor-element-iwgw-igaluk-s8c e-con-full e-flex e-con e-child\" data-id=\"iwgw-igaluk-s8c\" data-element_type=\"container\" data-e-type=\"container\">\n\t\t\t\t<div class=\"elementor-element elementor-element-iwgw-igaluk-s8t elementor-widget elementor-widget-text-editor\" data-id=\"iwgw-igaluk-s8t\" data-element_type=\"widget\" data-e-type=\"widget\" data-widget_type=\"text-editor.default\">\n\t\t\t\t\t\t\t\t\t<p>La recerca sobre Igaluk \u00e9s \u00e0mplia. Els apunts de Rasmussen s\u00f3n la font principal, complementats per Boas, Birket-Smith, Merkur i Laugrand. La narraci\u00f3 de la lluna i el sol est\u00e0 documentada en nombroses variacions, el que permet una an\u00e0lisi comparativa i facilita la recerca cient\u00edfica.<\/p><p>David Brumley ha estudiat els aspectes astron\u00f2mics per a la recerca sobre el calendari inuit, relacionant la figura lunar religiosa amb el c\u00f2mput temporal pr\u00e0ctic. Aquesta perspectiva interdisciplin\u00e0ria obre una visi\u00f3 m\u00e9s precisa del m\u00f3n de vida religi\u00f3s i temporal dels inuit i integra la hist\u00f2ria de l&#8217;astronomia en la <span class=\"iwg-fachbegriff\" data-tooltip=\"La ci\u00e8ncia que estudia les religions de manera comparativa i sense vincle de fe.\" tabindex=\"0\">ci\u00e8ncia de la religi\u00f3<\/span>.<\/p><p>En la religiositat ind\u00edgena actual, Igaluk \u00e9s m\u00e9s present que altres figures, perqu\u00e8 la seva forma lunar continua visible al cel i la narraci\u00f3 queda arrelada per la seva observaci\u00f3 di\u00e0ria. Aquest \u00e9s un punt propi des de la fenomenologia de la religi\u00f3: els mites vinculats a fen\u00f2mens naturals visibles perviuen millor que altres i constitueixen un tema propi en la recerca psicol\u00f2gica de la religi\u00f3.<\/p>\t\t\t\t\t\t\t\t<\/div>\n\t\t\t\t<\/div>\n\t\t\t\t\t<\/div>\n\t\t\t\t<\/div>\n\t\t<div class=\"elementor-element elementor-element-iwgw-igaluk-s9 e-flex e-con-boxed e-con e-parent\" data-id=\"iwgw-igaluk-s9\" data-element_type=\"container\" data-e-type=\"container\">\n\t\t\t\t\t<div class=\"e-con-inner\">\n\t\t\t\t<div class=\"elementor-element elementor-element-iwgw-igaluk-s9h elementor-widget elementor-widget-heading\" data-id=\"iwgw-igaluk-s9h\" data-element_type=\"widget\" data-e-type=\"widget\" data-widget_type=\"heading.default\">\n\t\t\t\t\t<h2 class=\"elementor-heading-title elementor-size-default\">Refer\u00e8ncies creuades del l\u00e8xic<\/h2>\t\t\t\t<\/div>\n\t\t<div class=\"elementor-element elementor-element-iwgw-igaluk-s9c e-con-full e-flex e-con e-child\" data-id=\"iwgw-igaluk-s9c\" data-element_type=\"container\" data-e-type=\"container\">\n\t\t\t\t<div class=\"elementor-element elementor-element-iwgw-igaluk-s9t elementor-widget elementor-widget-text-editor\" data-id=\"iwgw-igaluk-s9t\" data-element_type=\"widget\" data-e-type=\"widget\" data-widget_type=\"text-editor.default\">\n\t\t\t\t\t\t\t\t\t<p>Igaluk es relaciona amb <a href=\"https:\/\/iwell-guard.com\/ca\/?page_id=171759\">Malina<\/a>, <a href=\"https:\/\/iwell-guard.com\/ca\/?page_id=171751\">Sedna<\/a>, <a href=\"https:\/\/iwell-guard.com\/ca\/?page_id=171752\">Sila<\/a>, <a href=\"https:\/\/iwell-guard.com\/ca\/?page_id=171756\">Pinga<\/a>, <a href=\"https:\/\/iwell-guard.com\/ca\/?page_id=171755\">Anguta<\/a>, <a href=\"https:\/\/iwell-guard.com\/ca\/?page_id=171757\">Nanook<\/a>, <a href=\"https:\/\/iwell-guard.com\/ca\/?page_id=171753\">Tornarssuk<\/a>, <a href=\"https:\/\/iwell-guard.com\/ca\/?page_id=171754\">Tupilak<\/a> i <a href=\"https:\/\/iwell-guard.com\/ca\/?page_id=171760\">Qailertetang<\/a>. El nucli cultural <a href=\"https:\/\/iwell-guard.com\/ca\/inuit-artic-sedna-tornit-proteccio\/\">Tradici\u00f3 inuit<\/a> emmarca la <span class=\"iwg-fachbegriff\" data-tooltip=\"La doctrina cient\u00edfica sobre D\u00e9u i sobre la fe d'una religi\u00f3.\" tabindex=\"0\">teologia<\/span> lunar. Divinitats lunars comparables es troben en la s\u00e8rie de lemes <a href=\"https:\/\/iwell-guard.com\/ca\/sami-i-tradicio-fino-ugra-noaidi-i-tambor\/\">sami<\/a>, especialment en <em>M\u00e1nnu<\/em>.<\/p>\t\t\t\t\t\t\t\t<\/div>\n\t\t\t\t<\/div>\n\t\t\t\t\t<\/div>\n\t\t\t\t<\/div>\n\t\t<div class=\"elementor-element elementor-element-cp2b182d64 e-flex e-con-boxed e-con e-parent\" data-id=\"cp2b182d64\" data-element_type=\"container\" data-e-type=\"container\">\n\t\t\t\t\t<div class=\"e-con-inner\">\n\t\t\t\t<div class=\"elementor-element elementor-element-cp2529ede5 elementor-widget elementor-widget-heading\" data-id=\"cp2529ede5\" data-element_type=\"widget\" data-e-type=\"widget\" data-widget_type=\"heading.default\">\n\t\t\t\t\t<h2 class=\"elementor-heading-title elementor-size-default\">Igaluk, l'home de la lluna i senyor dels animals<\/h2>\t\t\t\t<\/div>\n\t\t<div class=\"elementor-element elementor-element-cp2eac0ff3 e-flex e-con-boxed e-con e-child\" data-id=\"cp2eac0ff3\" data-element_type=\"container\" data-e-type=\"container\">\n\t\t\t\t\t<div class=\"e-con-inner\">\n\t\t\t\t<div class=\"elementor-element elementor-element-cp2e8deb58 elementor-widget elementor-widget-text-editor\" data-id=\"cp2e8deb58\" data-element_type=\"widget\" data-e-type=\"widget\" data-widget_type=\"text-editor.default\">\n\t\t\t\t\t\t\t\t\t<p>Igaluk \u00e9s una denominaci\u00f3 documentada sobretot a la part occidental del m\u00f3n inuit, concretament a Alaska, per referir-se a l&#8217;home de la lluna, aquella figura celestial masculina que, en la difosa narraci\u00f3 de la persecuci\u00f3 entre el sol i la lluna, representa el germ\u00e0.<\/p><p>En les tradicions recollides des de finals del segle XIX per etn\u00f2grafs com Edward Nelson a <em>The Eskimo about Bering Strait<\/em> (1899) i posteriorment per altres investigadors, l&#8217;home de la lluna t\u00e9, m\u00e9s enll\u00e0 del relat cosmog\u00f2nic, una funci\u00f3 religiosa pr\u00f2pia.<\/p><p>En algunes tradicions, l&#8217;home de la lluna \u00e9s considerat senyor de certs animals terrestres o un \u00e9sser que influeix en la poblaci\u00f3 de fauna salvatge i, per tant, en l&#8217;\u00e8xit de la ca\u00e7a. Mentre que la deessa marina governa les criatures de l&#8217;aigua, l&#8217;home de la lluna \u00e9s, en algunes regions, responsable dels animals de terra o de la fertilitat.<\/p><p>Els xamans, els <em>angakkuit<\/em>, emprenien viatges en tr\u00e0ngol per visitar-lo, amb la finalitat de demanar sort en la ca\u00e7a o d&#8217;esbrinar quines transgressions de les normes havien provocat l&#8217;abs\u00e8ncia dels animals.<\/p><p>A l&#8217;home de la lluna tamb\u00e9 se li atribueix, en diverses tradicions, una influ\u00e8ncia sobre la reproducci\u00f3 i sobre les dones. En algunes regions es considerava perill\u00f3s que les dones miressin la lluna massa temps, ja que aix\u00f2 podia provocar un embar\u00e0s no desitjat. Cient\u00edficament, en Igaluk es concentra aix\u00ed un conjunt de compet\u00e8ncies: l&#8217;ordre cosmic, la ca\u00e7a, la fertilitat i la sanci\u00f3 de les normes socials. L&#8217;abast d&#8217;aquestes funcions varia molt segons la regi\u00f3, i el nom Igaluk mateix no \u00e9s emprat en tots els grups inuit. Els grups orientals utilitzen altres denominacions o narren la figura de l&#8217;home de la lluna sense un nom propi fix.\t\t\t\t\t\t\t\t<\/div>\n\t\t\t\t\t<\/div>\n\t\t\t\t<\/div>\n\t\t\t\t\t<\/div>\n\t\t\t\t<\/div>\n\t\t<div class=\"elementor-element elementor-element-cp28b94b8c e-flex e-con-boxed e-con e-parent\" data-id=\"cp28b94b8c\" data-element_type=\"container\" data-e-type=\"container\">\n\t\t\t\t\t<div class=\"e-con-inner\">\n\t\t\t\t<div class=\"elementor-element elementor-element-cp2a53fed6 elementor-widget elementor-widget-heading\" data-id=\"cp2a53fed6\" data-element_type=\"widget\" data-e-type=\"widget\" data-widget_type=\"heading.default\">\n\t\t\t\t\t<h2 class=\"elementor-heading-title elementor-size-default\">Vinculaci\u00f3 regional i cr\u00edtica de fonts colonials<\/h2>\t\t\t\t<\/div>\n\t\t<div class=\"elementor-element elementor-element-cp2d8a88cc e-flex e-con-boxed e-con e-child\" data-id=\"cp2d8a88cc\" data-element_type=\"container\" data-e-type=\"container\">\n\t\t\t\t\t<div class=\"e-con-inner\">\n\t\t\t\t<div class=\"elementor-element elementor-element-cp230f359d elementor-widget elementor-widget-text-editor\" data-id=\"cp230f359d\" data-element_type=\"widget\" data-e-type=\"widget\" data-widget_type=\"text-editor.default\">\n\t\t\t\t\t\t\t\t\t<p>La <span class=\"iwg-fachbegriff\" data-tooltip=\"La transmissi\u00f3 de coneixement i relats al llarg de generacions.\" tabindex=\"0\">tradici\u00f3<\/span> al voltant d&#8217;Igaluk \u00e9s un exemple de fins a quin punt un sol nom, dins la religi\u00f3 inuit, est\u00e0 lligat a una regi\u00f3 determinada, i de la prud\u00e8ncia amb qu\u00e8 cal formular afirmacions generals.<\/p><p>Igaluk est\u00e0 documentat sobretot a la zona de l&#8217;estret de Bering i en parts d&#8217;Alaska. Els inuits del Canad\u00e0 i de Grenl\u00e0ndia coneixen l&#8217;home de la lluna amb altres noms o narren la hist\u00f2ria del sol i la lluna amb matisos diferents. En aquest sentit, no existeix una divinitat lunar pan-inuit anomenada Igaluk.<\/p><p>La informaci\u00f3 disponible es basa gaireb\u00e9 \u00edntegrament en la tasca etnogr\u00e0fica de finals del segle XIX i principis del XX. Edward Nelson, que va passar diversos anys a l&#8217;estret de Bering per enc\u00e0rrec de la Smithsonian Institution, \u00e9s un dels primers i m\u00e9s importants recol\u00b7lectors per a Alaska.<\/p><p>Els seus apunts s\u00f3n rics, per\u00f2 presenten els problemes t\u00edpics de la seva \u00e8poca: es van elaborar mitjan\u00e7ant int\u00e8rprets, van classificar el material en categories alienes i sovint no van documentar el context narratiu.<\/p><p>A m\u00e9s, els apunts es van fer en una fase de transformacions profundes. La missi\u00f3 cristiana, el comer\u00e7 i noves malalties van canviar de manera considerable les societats inuit, i algunes tradicions ja es van registrar en una forma marcada per aquests canvis. Cient\u00edficament, se&#8217;n despr\u00e8n que les afirmacions sobre Igaluk s&#8217;han de vincular sempre a la tradici\u00f3 regional concreta i a la font respectiva. La recerca, com la de Daniel Merkur i treballs m\u00e9s recents sobre la hist\u00f2ria religiosa \u00e0rtica, subratlla que la <span class=\"iwg-fachbegriff\" data-tooltip=\"Concepci\u00f3 de l'estructura i l'ordre del m\u00f3n dins una cultura.\" tabindex=\"0\">cosmologia<\/span> inuit no coneixia un <span class=\"iwg-fachbegriff\" data-tooltip=\"El conjunt de d\u00e9us d'una religi\u00f3 o cultura.\" tabindex=\"0\">pante\u00f3<\/span> fix, sin\u00f3 una xarxa m\u00f2bil d&#8217;\u00e9ssers els noms, sexe i funci\u00f3 dels quals variaven d&#8217;una comunitat a l&#8217;altra.\t\t\t\t\t\t\t\t<\/div>\n\t\t\t\t\t<\/div>\n\t\t\t\t<\/div>\n\t\t\t\t\t<\/div>\n\t\t\t\t<\/div>\n\t\t<div class=\"elementor-element elementor-element-iwgw-igaluk-lit e-flex e-con-boxed e-con e-parent\" data-id=\"iwgw-igaluk-lit\" data-element_type=\"container\" data-e-type=\"container\">\n\t\t\t\t\t<div class=\"e-con-inner\">\n\t\t\t\t<div class=\"elementor-element elementor-element-iwgw-igaluk-lith elementor-widget elementor-widget-heading\" data-id=\"iwgw-igaluk-lith\" data-element_type=\"widget\" data-e-type=\"widget\" data-widget_type=\"heading.default\">\n\t\t\t\t\t<h2 class=\"elementor-heading-title elementor-size-default\">Bibliografia (selecci\u00f3)<\/h2>\t\t\t\t<\/div>\n\t\t<div class=\"elementor-element elementor-element-iwgw-igaluk-litc e-con-full e-flex e-con e-child\" data-id=\"iwgw-igaluk-litc\" data-element_type=\"container\" data-e-type=\"container\">\n\t\t\t\t<div class=\"elementor-element elementor-element-iwgw-igaluk-litt elementor-widget elementor-widget-text-editor\" data-id=\"iwgw-igaluk-litt\" data-element_type=\"widget\" data-e-type=\"widget\" data-widget_type=\"text-editor.default\">\n\t\t\t\t\t\t\t\t\t<ul><li>Knud Rasmussen: <em>Intellectual Culture of the Iglulik Eskimos<\/em> (Copenhaguen 1929)<\/li><li>Franz Boas: <em>The Central Eskimo<\/em> (Washington 1888)<\/li><li>Daniel Merkur: <em>Becoming Half Hidden<\/em> (Estocolm 1985)<\/li><li>Kaj Birket-Smith: <em>Die Eskimos<\/em> (Z\u00faric 1948)<\/li><li>Fr\u00e9d\u00e9ric Laugrand i Jarich Oosten: <em>Inuit Shamanism and Christianity<\/em> (Mont-real 2010)<\/li><li>Hinrich Rink: <em>Tales and Traditions of the Eskimo<\/em> (Edinburg 1875)<\/li><\/ul>\t\t\t\t\t\t\t\t<\/div>\n\t\t\t\t<\/div>\n\t\t\t\t\t<\/div>\n\t\t\t\t<\/div>\n\t\t<div class=\"elementor-element elementor-element-iwgw-igaluk-kwd e-flex e-con-boxed e-con e-parent\" data-id=\"iwgw-igaluk-kwd\" data-element_type=\"container\" data-e-type=\"container\">\n\t\t\t\t\t<div class=\"e-con-inner\">\n\t\t<div class=\"elementor-element elementor-element-iwgw-igaluk-kwdc e-con-full e-flex e-con e-child\" data-id=\"iwgw-igaluk-kwdc\" data-element_type=\"container\" data-e-type=\"container\">\n\t\t\t\t<div class=\"elementor-element elementor-element-iwgw-igaluk-kwdt elementor-widget elementor-widget-text-editor\" data-id=\"iwgw-igaluk-kwdt\" data-element_type=\"widget\" data-e-type=\"widget\" data-widget_type=\"text-editor.default\">\n\t\t\t\t\t\t\t\t\t<p><em>Termes clau relacionats: Igaluk Aningat Tatqiq d\u00e9u lunar inuit Malina cicle lunar <span class=\"iwg-fachbegriff\" data-tooltip=\"Un relat transm\u00e8s sobre d\u00e9us, or\u00edgens i l'ordre del m\u00f3n.\" tabindex=\"0\">mite<\/span> de l&#8217;incest.<\/em><\/p>\t\t\t\t\t\t\t\t<\/div>\n\t\t\t\t<\/div>\n\t\t\t\t\t<\/div>\n\t\t\t\t<\/div>\n\t\t<div class=\"elementor-element elementor-element-iwgw-igaluk-cc e-flex e-con-boxed e-con e-parent\" data-id=\"iwgw-igaluk-cc\" data-element_type=\"container\" data-e-type=\"container\" id=\"iwg-cc-igaluk\">\n\t\t\t\t\t<div class=\"e-con-inner\">\n\t\t<div class=\"elementor-element elementor-element-iwgw-igaluk-ccinner e-flex e-con-boxed e-con e-parent\" data-id=\"iwgw-igaluk-ccinner\" data-element_type=\"container\" data-e-type=\"container\" data-settings=\"{&quot;background_background&quot;:&quot;classic&quot;}\">\n\t\t\t\t\t<div class=\"e-con-inner\">\n\t\t\t\t<div class=\"elementor-element elementor-element-iwgw-igaluk-cch elementor-widget elementor-widget-heading\" data-id=\"iwgw-igaluk-cch\" data-element_type=\"widget\" data-e-type=\"widget\" data-widget_type=\"heading.default\">\n\t\t\t\t\t<h2 class=\"elementor-heading-title elementor-size-default\">iWell Guard i tradicions de protecci\u00f3<\/h2>\t\t\t\t<\/div>\n\t\t\t\t<div class=\"elementor-element elementor-element-iwgw-igaluk-cct elementor-widget elementor-widget-text-editor\" data-id=\"iwgw-igaluk-cct\" data-element_type=\"widget\" data-e-type=\"widget\" data-widget_type=\"text-editor.default\">\n\t\t\t\t\t\t\t\t\t<div data-nosnippet=\"true\"><p>iWell Guard s&#8217;inscriu en la tradici\u00f3 cultural i hist\u00f2rica dels objectes protectors portables, seguint la tradici\u00f3 dels <a href=\"https:\/\/iwell-guard.com\/ca\/inuit-artic-sedna-tornit-proteccio\/\">inuit<\/a> i de moltes altres cultures d&#8217;arreu del m\u00f3n. 41 capes, or aut\u00e8ntic, plat\u00ed, plata, fabricat a Alemanya. Dret de devoluci\u00f3 de 30 dies.<\/p><\/div>\t\t\t\t\t\t\t\t<\/div>\n\t\t\t\t<div class=\"elementor-element elementor-element-iwgw-igaluk-ccb iwg-cc-button iwg-cc-cta-2026-05-13 elementor-widget elementor-widget-jet-button\" data-id=\"iwgw-igaluk-ccb\" data-element_type=\"widget\" data-e-type=\"widget\" data-widget_type=\"jet-button.default\">\n\t\t\t\t<div class=\"elementor-widget-container\">\n\t\t\t\t\t<div class=\"elementor-jet-button jet-elements\"><div class=\"jet-button__container\"><a class=\"jet-button__instance jet-button__instance--icon-left hover-effect-1\" href=\"\/ueber-iwell-guard\/?utm_source=iwell-guard.com&amp;utm_medium=info-box&amp;utm_campaign=wesen-tradition\"><div class=\"jet-button__plane jet-button__plane-normal\"><\/div><div class=\"jet-button__plane jet-button__plane-hover\"><\/div><div class=\"jet-button__state jet-button__state-normal\"><span class=\"jet-button__label\">M\u00e9s informaci\u00f3 sobre l'iWell Guard<\/span><\/div><div class=\"jet-button__state jet-button__state-hover\"><span class=\"jet-button__label\">M\u00e9s informaci\u00f3 sobre l'iWell Guard<\/span><\/div><\/a><\/div><\/div><style>.elementor-element.elementor-element-iwgw-igaluk-ccb .jet-button__instance{width:320px;height:56px;}.elementor-element.elementor-element-iwgw-igaluk-ccb .jet-button__state-normal .jet-button__label{text-align:center;margin:0px 0px 0px 0px;color:#1a1b20;font-family:Montserrat,sans-serif;font-size:13px;font-weight:400;letter-spacing:4px;line-height:1.714em;text-transform:uppercase;}.elementor-element.elementor-element-iwgw-igaluk-ccb .jet-button__state-hover .jet-button__label{text-align:center;margin:0px 0px 0px 0px;color:#FECC76;font-family:Montserrat,sans-serif;font-size:13px;font-weight:400;letter-spacing:4px;line-height:1.714em;text-transform:uppercase;}.elementor-element.elementor-element-iwgw-igaluk-ccb .jet-button__plane-normal{background-color:#FECC76;border-style:solid;border-color:#C99540;border-width:2px 2px 2px 2px;}.elementor-element.elementor-element-iwgw-igaluk-ccb .jet-button__plane-hover{background-color:rgba(0,0,0,0.55);border-style:solid;border-color:#FECC76;border-width:2px 2px 2px 2px;}<\/style>\t\t\t\t<\/div>\n\t\t\t\t<\/div>\n\t\t\t\t<div class=\"elementor-element elementor-element-iwgw-igaluk-ccd elementor-widget elementor-widget-text-editor\" data-id=\"iwgw-igaluk-ccd\" data-element_type=\"widget\" data-e-type=\"widget\" data-widget_type=\"text-editor.default\">\n\t\t\t\t\t\t\t\t\t<div data-nosnippet=\"true\"><p style=\"text-align:center;font-size:13px;opacity:0.7;margin-top:14px\" data-nosnippet=\"true\">Les experi\u00e8ncies personals poden variar. No \u00e9s un producte sanitari. No \u00e9s una promesa de curaci\u00f3.<\/p><\/div>\t\t\t\t\t\t\t\t<\/div>\n\t\t\t\t\t<\/div>\n\t\t\t\t<\/div>\n\t\t\t\t\t<\/div>\n\t\t\t\t<\/div>\n\t\t<div class=\"elementor-element elementor-element-iwgw-igaluk-disc e-flex e-con-boxed e-con e-parent\" data-id=\"iwgw-igaluk-disc\" data-element_type=\"container\" data-e-type=\"container\">\n\t\t\t\t\t<div class=\"e-con-inner\">\n\t\t\t\t<div class=\"elementor-element elementor-element-iwgw-igaluk-discw elementor-widget elementor-widget-html\" data-id=\"iwgw-igaluk-discw\" data-element_type=\"widget\" data-e-type=\"widget\" data-widget_type=\"html.default\">\n\t\t\t\t\t<footer data-nosnippet=\"true\" class=\"iwg-disclaimer-block\"><p data-nosnippet=\"true\">iWell Guard <strong>no \u00e9s un producte sanitari<\/strong> i no substitueix cap tractament m\u00e8dic o psicoterap\u00e8utic. Els continguts d'hist\u00f2ria de les religions s\u00f3n una classificaci\u00f3 culturohist\u00f2rica, no una recomanaci\u00f3 de pr\u00e0ctica espiritual.<\/p><\/footer>\t\t\t\t<\/div>\n\t\t\t\t\t<\/div>\n\t\t\t\t<\/div>\n\t\t\t\t<\/div>\n\t\t","protected":false},"excerpt":{"rendered":"","protected":false},"author":3,"featured_media":2882,"parent":0,"menu_order":0,"comment_status":"closed","ping_status":"closed","template":"elementor_header_footer","meta":{"_yoast_wpseo_focuskw":"Igaluk d\u00e9u lluna inuit","_yoast_wpseo_title":"Igaluk - D\u00e9u de la lluna i guardi\u00e0 de la ca\u00e7a dels inuit","_yoast_wpseo_metadesc":"Igaluk \u00e9s el d\u00e9u de la lluna dels inuit, germ\u00e0 del sol Malina i guardi\u00e0 de la ca\u00e7a. An\u00e0lisi de la ci\u00e8ncia de la religi\u00f3 amb el mite i les fonts.","_yoast_wpseo_meta-robots-noindex":"","_yoast_wpseo_canonical":"","_angie_page":false,"gefaehrdungsstufe":"2","wesen_kultur":"inuit","wesen_klasse":"goetter","footnotes":""},"categories":[],"class_list":["post-171758","page","type-page","status-publish","has-post-thumbnail","hentry"],"yoast_head":"<!-- This site is optimized with the Yoast SEO Premium plugin v27.7 (Yoast SEO v28.3) - https:\/\/yoast.com\/product\/yoast-seo-premium-wordpress\/ -->\n<title>Igaluk - D\u00e9u de la lluna i guardi\u00e0 de la ca\u00e7a dels inuit<\/title>\n<meta name=\"description\" content=\"Igaluk \u00e9s el d\u00e9u de la lluna dels inuit, germ\u00e0 del sol Malina i guardi\u00e0 de la ca\u00e7a. An\u00e0lisi de la ci\u00e8ncia de la religi\u00f3 amb el mite i les fonts.\" \/>\n<meta name=\"robots\" content=\"index, follow, max-snippet:-1, max-image-preview:large, max-video-preview:-1\" \/>\n<link rel=\"canonical\" href=\"https:\/\/iwell-guard.com\/ca\/igaluk-deu-lluna-tradicio-inuit\/\" \/>\n<meta property=\"og:locale\" content=\"ca_ES\" \/>\n<meta property=\"og:type\" content=\"article\" \/>\n<meta property=\"og:title\" content=\"Igaluk - D\u00e9u de la lluna en la tradici\u00f3 inuit\" \/>\n<meta property=\"og:description\" content=\"Igaluk \u00e9s el d\u00e9u de la lluna dels inuit, germ\u00e0 del sol Malina i guardi\u00e0 de la ca\u00e7a. An\u00e0lisi de la ci\u00e8ncia de la religi\u00f3 amb el mite i les fonts.\" \/>\n<meta property=\"og:url\" content=\"https:\/\/iwell-guard.com\/ca\/igaluk-deu-lluna-tradicio-inuit\/\" \/>\n<meta property=\"og:site_name\" content=\"iWell Guard\" \/>\n<meta property=\"article:modified_time\" content=\"2026-09-05T16:06:29+00:00\" \/>\n<meta property=\"og:image\" content=\"https:\/\/iwell-guard.com\/wp-content\/uploads\/2026\/05\/goetter_inuit_igaluk.webp\" \/>\n\t<meta property=\"og:image:width\" content=\"1024\" \/>\n\t<meta property=\"og:image:height\" content=\"1536\" \/>\n\t<meta property=\"og:image:type\" content=\"image\/webp\" \/>\n<meta name=\"twitter:card\" content=\"summary_large_image\" \/>\n<script type=\"application\/ld+json\" class=\"yoast-schema-graph\">{\"@context\":\"https:\\\/\\\/schema.org\",\"@graph\":[{\"@type\":\"WebPage\",\"@id\":\"https:\\\/\\\/iwell-guard.com\\\/ca\\\/igaluk-deu-lluna-tradicio-inuit\\\/\",\"url\":\"https:\\\/\\\/iwell-guard.com\\\/ca\\\/igaluk-deu-lluna-tradicio-inuit\\\/\",\"name\":\"Igaluk - D\u00e9u de la lluna i guardi\u00e0 de la ca\u00e7a dels inuit\",\"isPartOf\":{\"@id\":\"https:\\\/\\\/iwell-guard.com\\\/ca\\\/#website\"},\"primaryImageOfPage\":{\"@id\":\"https:\\\/\\\/iwell-guard.com\\\/ca\\\/igaluk-deu-lluna-tradicio-inuit\\\/#primaryimage\"},\"image\":{\"@id\":\"https:\\\/\\\/iwell-guard.com\\\/ca\\\/igaluk-deu-lluna-tradicio-inuit\\\/#primaryimage\"},\"thumbnailUrl\":\"https:\\\/\\\/iwell-guard.com\\\/wp-content\\\/uploads\\\/2026\\\/05\\\/goetter_inuit_igaluk.webp\",\"datePublished\":\"2026-09-05T15:42:08+00:00\",\"dateModified\":\"2026-09-05T16:06:29+00:00\",\"description\":\"Igaluk \u00e9s el d\u00e9u de la lluna dels inuit, germ\u00e0 del sol Malina i guardi\u00e0 de la ca\u00e7a. An\u00e0lisi de la ci\u00e8ncia de la religi\u00f3 amb el mite i les fonts.\",\"breadcrumb\":{\"@id\":\"https:\\\/\\\/iwell-guard.com\\\/ca\\\/igaluk-deu-lluna-tradicio-inuit\\\/#breadcrumb\"},\"inLanguage\":\"ca\",\"potentialAction\":[{\"@type\":\"ReadAction\",\"target\":[\"https:\\\/\\\/iwell-guard.com\\\/ca\\\/igaluk-deu-lluna-tradicio-inuit\\\/\"]}]},{\"@type\":\"ImageObject\",\"inLanguage\":\"ca\",\"@id\":\"https:\\\/\\\/iwell-guard.com\\\/ca\\\/igaluk-deu-lluna-tradicio-inuit\\\/#primaryimage\",\"url\":\"https:\\\/\\\/iwell-guard.com\\\/wp-content\\\/uploads\\\/2026\\\/05\\\/goetter_inuit_igaluk.webp\",\"contentUrl\":\"https:\\\/\\\/iwell-guard.com\\\/wp-content\\\/uploads\\\/2026\\\/05\\\/goetter_inuit_igaluk.webp\",\"width\":1024,\"height\":1536,\"caption\":\"D\u00e9us de la tradici\u00f3 inuit.\"},{\"@type\":\"BreadcrumbList\",\"@id\":\"https:\\\/\\\/iwell-guard.com\\\/ca\\\/igaluk-deu-lluna-tradicio-inuit\\\/#breadcrumb\",\"itemListElement\":[{\"@type\":\"ListItem\",\"position\":1,\"name\":\"Start\",\"item\":\"https:\\\/\\\/iwell-guard.com\\\/ca\\\/?page_id=171333\"},{\"@type\":\"ListItem\",\"position\":2,\"name\":\"Igaluk &#8211; D\u00e9u de la lluna en la tradici\u00f3 inuit\"}]},{\"@type\":\"WebSite\",\"@id\":\"https:\\\/\\\/iwell-guard.com\\\/ca\\\/#website\",\"url\":\"https:\\\/\\\/iwell-guard.com\\\/ca\\\/\",\"name\":\"iWell Guard\",\"description\":\"Schutz vor dunklen Einfl\u00fcssen\",\"publisher\":{\"@id\":\"https:\\\/\\\/iwell-guard.com\\\/ca\\\/#organization\"},\"potentialAction\":[{\"@type\":\"SearchAction\",\"target\":{\"@type\":\"EntryPoint\",\"urlTemplate\":\"https:\\\/\\\/iwell-guard.com\\\/ca\\\/?s={search_term_string}\"},\"query-input\":{\"@type\":\"PropertyValueSpecification\",\"valueRequired\":true,\"valueName\":\"search_term_string\"}}],\"inLanguage\":\"ca\"},{\"@type\":\"Organization\",\"@id\":\"https:\\\/\\\/iwell-guard.com\\\/ca\\\/#organization\",\"name\":\"Ittermann electronic GmbH\",\"url\":\"https:\\\/\\\/iwell-guard.com\\\/ca\\\/\",\"logo\":{\"@type\":\"ImageObject\",\"inLanguage\":\"ca\",\"@id\":\"https:\\\/\\\/iwell-guard.com\\\/ca\\\/#\\\/schema\\\/logo\\\/image\\\/\",\"url\":\"https:\\\/\\\/iwell-guard.com\\\/wp-content\\\/uploads\\\/2026\\\/05\\\/Ittermann-Logo-1182x237-1.png\",\"contentUrl\":\"https:\\\/\\\/iwell-guard.com\\\/wp-content\\\/uploads\\\/2026\\\/05\\\/Ittermann-Logo-1182x237-1.png\",\"width\":1182,\"height\":237,\"caption\":\"Ittermann electronic GmbH\"},\"image\":{\"@id\":\"https:\\\/\\\/iwell-guard.com\\\/ca\\\/#\\\/schema\\\/logo\\\/image\\\/\"},\"sameAs\":[\"https:\\\/\\\/pantip.com\\\/profile\\\/9367242\",\"https:\\\/\\\/micro.blog\\\/iwellguard\",\"https:\\\/\\\/www.diggerslist.com\\\/iwellguard\\\/about\",\"https:\\\/\\\/skitterphoto.com\\\/photographers\\\/2870314\\\/iwell-guard\",\"https:\\\/\\\/iwellguard.wordpress.com\\\/2026\\\/06\\\/06\\\/iwell-guard\\\/\",\"https:\\\/\\\/hub.docker.com\\\/u\\\/iwellguard\",\"https:\\\/\\\/www.pinterest.com\\\/iwellguard\\\/\",\"https:\\\/\\\/bit.ly\\\/m\\\/iwellguard\",\"https:\\\/\\\/entre-vos-mains.alsace.eu\\\/profiles\\\/iwellguard\\\/activity\",\"https:\\\/\\\/gravatar.com\\\/reallybeded8fd34\",\"https:\\\/\\\/naijamatta.com\\\/iwellguard\",\"https:\\\/\\\/www.goodreads.com\\\/iwellguard\",\"https:\\\/\\\/profile.hatena.ne.jp\\\/iwellguard\\\/\",\"https:\\\/\\\/experiment.com\\\/users\\\/iwellguard\",\"https:\\\/\\\/wakelet.com\\\/@iWellGuard82270\",\"https:\\\/\\\/www.chordie.com\\\/forum\\\/profile.php?id=2555664\",\"https:\\\/\\\/www.instapaper.com\\\/p\\\/17757966\",\"https:\\\/\\\/www.mapleprimes.com\\\/users\\\/iwellguard\",\"https:\\\/\\\/businesslistingplus.com\\\/profile\\\/iwell-guard\\\/\",\"https:\\\/\\\/telegra.ph\\\/iWell-Guard-06-06\",\"https:\\\/\\\/pbase.com\\\/iwellguard\\\/iwellguard\",\"https:\\\/\\\/b.hatena.ne.jp\\\/iwellguard\\\/20260607#bookmark-4788405196491818882\",\"https:\\\/\\\/fliphtml5.com\\\/home\\\/iwellguard\",\"https:\\\/\\\/anyflip.com\\\/homepage\\\/cmiwl#About\",\"https:\\\/\\\/transfur.com\\\/Users\\\/iwellguard\",\"http:\\\/\\\/delphi.larsbo.org\\\/user\\\/iwellguard\",\"https:\\\/\\\/jobs.lajobsportal.org\\\/profiles\\\/8380803-iwell-guard\",\"https:\\\/\\\/md.chaosdorf.de\\\/s\\\/jfbe5SBdJD\",\"https:\\\/\\\/www.lingvolive.com\\\/en-us\\\/profile\\\/9ecaeaca-ce11-4e51-9e71-01d55e2bff36\\\/translations\",\"https:\\\/\\\/www.fitday.com\\\/fitness\\\/forums\\\/members\\\/iwellguard.html\",\"https:\\\/\\\/www.mymeetbook.com\\\/iwellguard\",\"https:\\\/\\\/pxhere.com\\\/en\\\/photographer-me\\\/5040798\",\"https:\\\/\\\/disqus.com\\\/by\\\/iwellguard\\\/about\\\/\",\"https:\\\/\\\/pastelink.net\\\/hjwciqwq\",\"https:\\\/\\\/pubhtml5.com\\\/homepage\\\/scjhn\\\/\",\"https:\\\/\\\/www.bitchute.com\\\/channel\\\/2O2eOKzNqujT\",\"https:\\\/\\\/audiomack.com\\\/iwellguard\"]},{\"@type\":\"Article\",\"@id\":\"https:\\\/\\\/iwell-guard.com\\\/ca\\\/igaluk-deu-lluna-tradicio-inuit\\\/#article\",\"isPartOf\":{\"@id\":\"https:\\\/\\\/iwell-guard.com\\\/ca\\\/igaluk-deu-lluna-tradicio-inuit\\\/\"},\"author\":{\"name\":\"Ralf Ittermann\",\"@id\":\"https:\\\/\\\/iwell-guard.com\\\/ca\\\/#\\\/schema\\\/person\\\/ee2a27f1cac3406c7c6fb5820cb7349f\"},\"headline\":\"Igaluk &#8211; D\u00e9u de la lluna en la tradici\u00f3 inuit\",\"datePublished\":\"2026-09-05T15:42:08+00:00\",\"dateModified\":\"2026-09-05T16:06:29+00:00\",\"mainEntityOfPage\":{\"@id\":\"https:\\\/\\\/iwell-guard.com\\\/ca\\\/igaluk-deu-lluna-tradicio-inuit\\\/\"},\"publisher\":{\"@id\":\"https:\\\/\\\/iwell-guard.com\\\/ca\\\/#organization\"},\"image\":{\"@id\":\"https:\\\/\\\/iwell-guard.com\\\/ca\\\/igaluk-deu-lluna-tradicio-inuit\\\/#primaryimage\"},\"thumbnailUrl\":\"https:\\\/\\\/iwell-guard.com\\\/wp-content\\\/uploads\\\/2026\\\/05\\\/goetter_inuit_igaluk.webp\",\"inLanguage\":\"ca\",\"description\":\"Igaluk \u00e9s el d\u00e9u de la lluna dels inuit, germ\u00e0 del sol Malina i guardi\u00e0 de la ca\u00e7a. An\u00e0lisi de la ci\u00e8ncia de la religi\u00f3 amb el mite i les fonts.\"}]}<\/script>\n<!-- \/ Yoast SEO Premium plugin. -->","yoast_head_json":{"title":"Igaluk - D\u00e9u de la lluna i guardi\u00e0 de la ca\u00e7a dels inuit","description":"Igaluk \u00e9s el d\u00e9u de la lluna dels inuit, germ\u00e0 del sol Malina i guardi\u00e0 de la ca\u00e7a. An\u00e0lisi de la ci\u00e8ncia de la religi\u00f3 amb el mite i les fonts.","robots":{"index":"index","follow":"follow","max-snippet":"max-snippet:-1","max-image-preview":"max-image-preview:large","max-video-preview":"max-video-preview:-1"},"canonical":"https:\/\/iwell-guard.com\/ca\/igaluk-deu-lluna-tradicio-inuit\/","og_locale":"ca_ES","og_type":"article","og_title":"Igaluk - D\u00e9u de la lluna en la tradici\u00f3 inuit","og_description":"Igaluk \u00e9s el d\u00e9u de la lluna dels inuit, germ\u00e0 del sol Malina i guardi\u00e0 de la ca\u00e7a. An\u00e0lisi de la ci\u00e8ncia de la religi\u00f3 amb el mite i les fonts.","og_url":"https:\/\/iwell-guard.com\/ca\/igaluk-deu-lluna-tradicio-inuit\/","og_site_name":"iWell Guard","article_modified_time":"2026-09-05T16:06:29+00:00","og_image":[{"width":1024,"height":1536,"url":"https:\/\/iwell-guard.com\/wp-content\/uploads\/2026\/05\/goetter_inuit_igaluk.webp","type":"image\/webp"}],"twitter_card":"summary_large_image","schema":{"@context":"https:\/\/schema.org","@graph":[{"@type":"Article","@id":"https:\/\/iwell-guard.com\/ca\/igaluk-deu-lluna-tradicio-inuit\/#article","isPartOf":{"@id":"https:\/\/iwell-guard.com\/ca\/igaluk-deu-lluna-tradicio-inuit\/"},"author":{"name":"Ralf Ittermann","@id":"https:\/\/iwell-guard.com\/ca\/#\/schema\/person\/ee2a27f1cac3406c7c6fb5820cb7349f"},"headline":"Igaluk &#8211; D\u00e9u de la lluna en la tradici\u00f3 inuit","datePublished":"2026-09-05T15:42:08+00:00","dateModified":"2026-09-05T16:06:29+00:00","mainEntityOfPage":{"@id":"https:\/\/iwell-guard.com\/ca\/igaluk-deu-lluna-tradicio-inuit\/"},"publisher":{"@id":"https:\/\/iwell-guard.com\/ca\/#organization"},"image":{"@id":"https:\/\/iwell-guard.com\/ca\/igaluk-deu-lluna-tradicio-inuit\/#primaryimage"},"thumbnailUrl":"https:\/\/iwell-guard.com\/wp-content\/uploads\/2026\/05\/goetter_inuit_igaluk.webp","inLanguage":"ca","description":"Igaluk \u00e9s el d\u00e9u de la lluna dels inuit, germ\u00e0 del sol Malina i guardi\u00e0 de la ca\u00e7a. An\u00e0lisi de la ci\u00e8ncia de la religi\u00f3 amb el mite i les fonts."},{"@type":"WebPage","@id":"https:\/\/iwell-guard.com\/ca\/igaluk-deu-lluna-tradicio-inuit\/","url":"https:\/\/iwell-guard.com\/ca\/igaluk-deu-lluna-tradicio-inuit\/","name":"Igaluk - D\u00e9u de la lluna i guardi\u00e0 de la ca\u00e7a dels inuit","isPartOf":{"@id":"https:\/\/iwell-guard.com\/ca\/#website"},"primaryImageOfPage":{"@id":"https:\/\/iwell-guard.com\/ca\/igaluk-deu-lluna-tradicio-inuit\/#primaryimage"},"image":{"@id":"https:\/\/iwell-guard.com\/ca\/igaluk-deu-lluna-tradicio-inuit\/#primaryimage"},"thumbnailUrl":"https:\/\/iwell-guard.com\/wp-content\/uploads\/2026\/05\/goetter_inuit_igaluk.webp","datePublished":"2026-09-05T15:42:08+00:00","dateModified":"2026-09-05T16:06:29+00:00","description":"Igaluk \u00e9s el d\u00e9u de la lluna dels inuit, germ\u00e0 del sol Malina i guardi\u00e0 de la ca\u00e7a. An\u00e0lisi de la ci\u00e8ncia de la religi\u00f3 amb el mite i les fonts.","breadcrumb":{"@id":"https:\/\/iwell-guard.com\/ca\/igaluk-deu-lluna-tradicio-inuit\/#breadcrumb"},"inLanguage":"ca","potentialAction":[{"@type":"ReadAction","target":["https:\/\/iwell-guard.com\/ca\/igaluk-deu-lluna-tradicio-inuit\/"]}]},{"@type":"ImageObject","inLanguage":"ca","@id":"https:\/\/iwell-guard.com\/ca\/igaluk-deu-lluna-tradicio-inuit\/#primaryimage","url":"https:\/\/iwell-guard.com\/wp-content\/uploads\/2026\/05\/goetter_inuit_igaluk.webp","contentUrl":"https:\/\/iwell-guard.com\/wp-content\/uploads\/2026\/05\/goetter_inuit_igaluk.webp","width":1024,"height":1536,"caption":"D\u00e9us de la tradici\u00f3 inuit."},{"@type":"BreadcrumbList","@id":"https:\/\/iwell-guard.com\/ca\/igaluk-deu-lluna-tradicio-inuit\/#breadcrumb","itemListElement":[{"@type":"ListItem","position":1,"name":"Start","item":"https:\/\/iwell-guard.com\/ca\/?page_id=171333"},{"@type":"ListItem","position":2,"name":"Igaluk &#8211; D\u00e9u de la lluna en la tradici\u00f3 inuit"}]},{"@type":"WebSite","@id":"https:\/\/iwell-guard.com\/ca\/#website","url":"https:\/\/iwell-guard.com\/ca\/","name":"iWell Guard","description":"Schutz vor dunklen Einfl\u00fcssen","publisher":{"@id":"https:\/\/iwell-guard.com\/ca\/#organization"},"potentialAction":[{"@type":"SearchAction","target":{"@type":"EntryPoint","urlTemplate":"https:\/\/iwell-guard.com\/ca\/?s={search_term_string}"},"query-input":{"@type":"PropertyValueSpecification","valueRequired":true,"valueName":"search_term_string"}}],"inLanguage":"ca"},{"@type":"Organization","@id":"https:\/\/iwell-guard.com\/ca\/#organization","name":"Ittermann electronic GmbH","url":"https:\/\/iwell-guard.com\/ca\/","logo":{"@type":"ImageObject","inLanguage":"ca","@id":"https:\/\/iwell-guard.com\/ca\/#\/schema\/logo\/image\/","url":"https:\/\/iwell-guard.com\/wp-content\/uploads\/2026\/05\/Ittermann-Logo-1182x237-1.png","contentUrl":"https:\/\/iwell-guard.com\/wp-content\/uploads\/2026\/05\/Ittermann-Logo-1182x237-1.png","width":1182,"height":237,"caption":"Ittermann electronic GmbH"},"image":{"@id":"https:\/\/iwell-guard.com\/ca\/#\/schema\/logo\/image\/"},"sameAs":["https:\/\/pantip.com\/profile\/9367242","https:\/\/micro.blog\/iwellguard","https:\/\/www.diggerslist.com\/iwellguard\/about","https:\/\/skitterphoto.com\/photographers\/2870314\/iwell-guard","https:\/\/iwellguard.wordpress.com\/2026\/06\/06\/iwell-guard\/","https:\/\/hub.docker.com\/u\/iwellguard","https:\/\/www.pinterest.com\/iwellguard\/","https:\/\/bit.ly\/m\/iwellguard","https:\/\/entre-vos-mains.alsace.eu\/profiles\/iwellguard\/activity","https:\/\/gravatar.com\/reallybeded8fd34","https:\/\/naijamatta.com\/iwellguard","https:\/\/www.goodreads.com\/iwellguard","https:\/\/profile.hatena.ne.jp\/iwellguard\/","https:\/\/experiment.com\/users\/iwellguard","https:\/\/wakelet.com\/@iWellGuard82270","https:\/\/www.chordie.com\/forum\/profile.php?id=2555664","https:\/\/www.instapaper.com\/p\/17757966","https:\/\/www.mapleprimes.com\/users\/iwellguard","https:\/\/businesslistingplus.com\/profile\/iwell-guard\/","https:\/\/telegra.ph\/iWell-Guard-06-06","https:\/\/pbase.com\/iwellguard\/iwellguard","https:\/\/b.hatena.ne.jp\/iwellguard\/20260607#bookmark-4788405196491818882","https:\/\/fliphtml5.com\/home\/iwellguard","https:\/\/anyflip.com\/homepage\/cmiwl#About","https:\/\/transfur.com\/Users\/iwellguard","http:\/\/delphi.larsbo.org\/user\/iwellguard","https:\/\/jobs.lajobsportal.org\/profiles\/8380803-iwell-guard","https:\/\/md.chaosdorf.de\/s\/jfbe5SBdJD","https:\/\/www.lingvolive.com\/en-us\/profile\/9ecaeaca-ce11-4e51-9e71-01d55e2bff36\/translations","https:\/\/www.fitday.com\/fitness\/forums\/members\/iwellguard.html","https:\/\/www.mymeetbook.com\/iwellguard","https:\/\/pxhere.com\/en\/photographer-me\/5040798","https:\/\/disqus.com\/by\/iwellguard\/about\/","https:\/\/pastelink.net\/hjwciqwq","https:\/\/pubhtml5.com\/homepage\/scjhn\/","https:\/\/www.bitchute.com\/channel\/2O2eOKzNqujT","https:\/\/audiomack.com\/iwellguard"]},{"@type":"Person","@id":"https:\/\/iwell-guard.com\/ca\/#\/schema\/person\/ee2a27f1cac3406c7c6fb5820cb7349f","name":"Ralf Ittermann","image":{"@type":"ImageObject","inLanguage":"ca","@id":"https:\/\/secure.gravatar.com\/avatar\/073c0153e350a5005b68eb752b445fea71f6b24a26da9449ad7e155e6b446c9d?s=96&d=mm&r=g","url":"https:\/\/secure.gravatar.com\/avatar\/073c0153e350a5005b68eb752b445fea71f6b24a26da9449ad7e155e6b446c9d?s=96&d=mm&r=g","contentUrl":"https:\/\/secure.gravatar.com\/avatar\/073c0153e350a5005b68eb752b445fea71f6b24a26da9449ad7e155e6b446c9d?s=96&d=mm&r=g","caption":"Ralf Ittermann"},"givenName":"Ralf","familyName":"Ittermann","jobTitle":"Gesch\u00e4ftsf\u00fchrer und redaktioneller Verantwortlicher","url":"https:\/\/iwell-guard.com\/ca\/author\/claude\/","description":"Ralf Ittermann ist Gesch\u00e4ftsf\u00fchrer der Ittermann electronic GmbH und redaktioneller Verantwortlicher des iWell-Guard-Lexikons. Er verbindet langj\u00e4hrige Erfahrung in der Pr\u00e4zisionsfertigung mit medialer Praxis und religionsgeschichtlicher Quellenarbeit.","worksFor":{"@type":"Organization","name":"Ittermann electronic GmbH","url":"https:\/\/ittermann.de\/","address":{"@type":"PostalAddress","streetAddress":"K\u00f6hlergasse 16-18","postalCode":"99842","addressLocality":"Ruhla","addressCountry":"DE"}},"knowsAbout":["Religionsgeschichte","Mythologie","Mediale Praxis","Energetische Diagnostik","Schutzpraxis","Volksglauben","Westliche Esoterik"]},{"@type":"Article","@id":"https:\/\/iwell-guard.com\/ca\/igaluk-deu-lluna-tradicio-inuit\/#article","isPartOf":{"@id":"https:\/\/iwell-guard.com\/ca\/igaluk-deu-lluna-tradicio-inuit\/"},"author":{"name":"Ralf Ittermann","@id":"https:\/\/iwell-guard.com\/ca\/#\/schema\/person\/ee2a27f1cac3406c7c6fb5820cb7349f"},"headline":"Igaluk &#8211; D\u00e9u de la lluna en la tradici\u00f3 inuit","datePublished":"2026-09-05T15:42:08+00:00","dateModified":"2026-09-05T16:06:29+00:00","mainEntityOfPage":{"@id":"https:\/\/iwell-guard.com\/ca\/igaluk-deu-lluna-tradicio-inuit\/"},"publisher":{"@id":"https:\/\/iwell-guard.com\/ca\/#organization"},"image":{"@id":"https:\/\/iwell-guard.com\/ca\/igaluk-deu-lluna-tradicio-inuit\/#primaryimage"},"thumbnailUrl":"https:\/\/iwell-guard.com\/wp-content\/uploads\/2026\/05\/goetter_inuit_igaluk.webp","inLanguage":"ca","description":"Igaluk \u00e9s el d\u00e9u de la lluna dels inuit, germ\u00e0 del sol Malina i guardi\u00e0 de la ca\u00e7a. An\u00e0lisi de la ci\u00e8ncia de la religi\u00f3 amb el mite i les fonts."}]}},"_links":{"self":[{"href":"https:\/\/iwell-guard.com\/ca\/wp-json\/wp\/v2\/pages\/171758","targetHints":{"allow":["GET"]}}],"collection":[{"href":"https:\/\/iwell-guard.com\/ca\/wp-json\/wp\/v2\/pages"}],"about":[{"href":"https:\/\/iwell-guard.com\/ca\/wp-json\/wp\/v2\/types\/page"}],"author":[{"embeddable":true,"href":"https:\/\/iwell-guard.com\/ca\/wp-json\/wp\/v2\/users\/3"}],"replies":[{"embeddable":true,"href":"https:\/\/iwell-guard.com\/ca\/wp-json\/wp\/v2\/comments?post=171758"}],"version-history":[{"count":0,"href":"https:\/\/iwell-guard.com\/ca\/wp-json\/wp\/v2\/pages\/171758\/revisions"}],"wp:featuredmedia":[{"embeddable":true,"href":"https:\/\/iwell-guard.com\/ca\/wp-json\/wp\/v2\/media\/2882"}],"wp:attachment":[{"href":"https:\/\/iwell-guard.com\/ca\/wp-json\/wp\/v2\/media?parent=171758"}],"wp:term":[{"taxonomy":"category","embeddable":true,"href":"https:\/\/iwell-guard.com\/ca\/wp-json\/wp\/v2\/categories?post=171758"}],"curies":[{"name":"wp","href":"https:\/\/api.w.org\/{rel}","templated":true}]}}