{"id":171757,"date":"2026-09-05T15:42:08","date_gmt":"2026-09-05T15:42:08","guid":{"rendered":"https:\/\/iwell-guard.com\/?page_id=171757"},"modified":"2026-09-05T16:06:26","modified_gmt":"2026-09-05T16:06:26","slug":"nanook-senyor-os-polar-inuit","status":"publish","type":"page","link":"https:\/\/iwell-guard.com\/ca\/nanook-senyor-os-polar-inuit\/","title":{"rendered":"Nanook &#8211; Senyor de l&#8217;\u00d3s Polar de la tradici\u00f3 inuit"},"content":{"rendered":"\t\t<div data-elementor-type=\"wp-page\" data-elementor-id=\"171757\" class=\"elementor elementor-171757 elementor-2660 elementor-bc-flex-widget\" data-elementor-post-type=\"page\">\n\t\t\t\t<div class=\"elementor-element elementor-element-iwgw-nanook-hero e-flex e-con-boxed e-con e-parent\" data-id=\"iwgw-nanook-hero\" data-element_type=\"container\" data-e-type=\"container\" data-settings=\"{&quot;background_background&quot;:&quot;classic&quot;}\">\n\t\t\t\t\t<div class=\"e-con-inner\">\n\t\t<div class=\"elementor-element elementor-element-iwgw-nanook-hl e-flex e-con-boxed e-con e-child\" data-id=\"iwgw-nanook-hl\" data-element_type=\"container\" data-e-type=\"container\">\n\t\t\t\t\t<div class=\"e-con-inner\">\n\t\t<div class=\"elementor-element elementor-element-iwgw-nanook-htxt e-con-full e-flex e-con e-child\" data-id=\"iwgw-nanook-htxt\" data-element_type=\"container\" data-e-type=\"container\">\n\t\t\t\t<div class=\"elementor-element elementor-element-iwgw-nanook-h1 elementor-widget elementor-widget-heading\" data-id=\"iwgw-nanook-h1\" data-element_type=\"widget\" data-e-type=\"widget\" data-widget_type=\"heading.default\">\n\t\t\t\t\t<h1 class=\"elementor-heading-title elementor-size-default\">Nanook - Senyor de l'\u00d3s Polar i ajudant xam\u00e0nic de la tradici\u00f3 inuit<\/h1>\t\t\t\t<\/div>\n\t\t\t\t<div class=\"elementor-element elementor-element-iwgw-nanook-lead elementor-widget elementor-widget-text-editor\" data-id=\"iwgw-nanook-lead\" data-element_type=\"widget\" data-e-type=\"widget\" data-widget_type=\"text-editor.default\">\n\t\t\t\t\t\t\t\t\t<p>Nanook, en la forma en llengua inuktitut Nanuq, \u00e9s la figura religiosament carregada de l&#8217;\u00f3s polar. Se&#8217;l considera un poder personalitzat i un esperit auxiliar dels xamans, les prohibicions i la veneraci\u00f3 del qual tenen un lloc propi dins la religi\u00f3 circumpolar. Des de la ci\u00e8ncia de la religi\u00f3, pertany a la tradici\u00f3 circumpolar de l&#8217;\u00f3s, amb una especificitat \u00e0rtica pr\u00f2pia.<\/p>\t\t\t\t\t\t\t\t<\/div>\n\t\t\t\t<\/div>\n\t\t<div class=\"elementor-element elementor-element-iwgw-nanook-pillc e-con-full e-flex e-con e-child\" data-id=\"iwgw-nanook-pillc\" data-element_type=\"container\" data-e-type=\"container\">\n\t\t\t\t<div class=\"elementor-element elementor-element-iwgw-nanook-pills elementor-widget elementor-widget-html\" data-id=\"iwgw-nanook-pills\" data-element_type=\"widget\" data-e-type=\"widget\" data-widget_type=\"html.default\">\n\t\t\t\t\t<div class=\"iwg-pill-row\"><span class=\"iwg-klasse-badge\" tabindex=\"0\" data-tooltip=\"Esperit animal de la tradici\u00f3 inuit.\">Esperit animal<\/span><a href=\"https:\/\/iwell-guard.com\/ca\/inuit-artic-sedna-tornit-proteccio\/\" class=\"iwg-kultur-badge\" tabindex=\"0\" data-tooltip=\"Mitologia de la tradici\u00f3 inuit.\">Inuit<\/a><span class=\"iwg-tradition-badge\" tabindex=\"0\" data-tooltip=\"Senyor de l'\u00d3s Polar.\">Senyor de l'\u00d3s Polar<\/span><\/div>\t\t\t\t<\/div>\n\t\t\t\t<\/div>\n\t\t<div class=\"elementor-element elementor-element-iwgw-nanook-tocc e-con-full e-flex e-con e-child\" data-id=\"iwgw-nanook-tocc\" data-element_type=\"container\" data-e-type=\"container\">\n\t\t\t\t<div class=\"elementor-element elementor-element-iwgw-nanook-toc elementor-toc--minimized-on-tablet elementor-widget elementor-widget-table-of-contents\" data-id=\"iwgw-nanook-toc\" data-element_type=\"widget\" data-e-type=\"widget\" data-settings=\"{&quot;headings_by_tags&quot;:[&quot;h2&quot;,&quot;h3&quot;],&quot;minimize_box&quot;:&quot;yes&quot;,&quot;marker_view&quot;:&quot;bullets&quot;,&quot;no_headings_message&quot;:&quot;No s&#039;ha trobat cap encap\\u00e7alament en aquesta p\\u00e0gina.&quot;,&quot;exclude_headings_by_selector&quot;:[],&quot;icon&quot;:{&quot;value&quot;:&quot;fas fa-circle&quot;,&quot;library&quot;:&quot;fa-solid&quot;,&quot;rendered_tag&quot;:&quot;&lt;svg class=\\&quot;e-font-icon-svg e-fas-circle\\&quot; viewBox=\\&quot;0 0 512 512\\&quot; xmlns=\\&quot;http:\\\/\\\/www.w3.org\\\/2000\\\/svg\\&quot;&gt;&lt;path d=\\&quot;M256 8C119 8 8 119 8 256s111 248 248 248 248-111 248-248S393 8 256 8z\\&quot;&gt;&lt;\\\/path&gt;&lt;\\\/svg&gt;&quot;},&quot;minimized_on&quot;:&quot;tablet&quot;,&quot;hierarchical_view&quot;:&quot;yes&quot;,&quot;min_height&quot;:{&quot;unit&quot;:&quot;px&quot;,&quot;size&quot;:&quot;&quot;,&quot;sizes&quot;:[]},&quot;min_height_tablet&quot;:{&quot;unit&quot;:&quot;px&quot;,&quot;size&quot;:&quot;&quot;,&quot;sizes&quot;:[]},&quot;min_height_mobile&quot;:{&quot;unit&quot;:&quot;px&quot;,&quot;size&quot;:&quot;&quot;,&quot;sizes&quot;:[]}}\" data-widget_type=\"table-of-contents.default\">\n\t\t\t\t\t\t\t\t\t<div class=\"elementor-toc__header\">\n\t\t\t\t\t\t<h2 class=\"elementor-toc__header-title\">\n\t\t\t\t\u00cdndex\t\t\t<\/h2>\n\t\t\t\t\t\t\t\t\t\t<div class=\"elementor-toc__toggle-button elementor-toc__toggle-button--expand\" role=\"button\" tabindex=\"0\" aria-controls=\"elementor-toc__iwgw-nanook-toc\" aria-expanded=\"true\" aria-label=\"Open table of contents\"><svg aria-hidden=\"true\" class=\"e-font-icon-svg e-fas-chevron-down\" viewBox=\"0 0 448 512\" xmlns=\"http:\/\/www.w3.org\/2000\/svg\"><path d=\"M207.029 381.476L12.686 187.132c-9.373-9.373-9.373-24.569 0-33.941l22.667-22.667c9.357-9.357 24.522-9.375 33.901-.04L224 284.505l154.745-154.021c9.379-9.335 24.544-9.317 33.901.04l22.667 22.667c9.373 9.373 9.373 24.569 0 33.941L240.971 381.476c-9.373 9.372-24.569 9.372-33.942 0z\"><\/path><\/svg><\/div>\n\t\t\t\t<div class=\"elementor-toc__toggle-button elementor-toc__toggle-button--collapse\" role=\"button\" tabindex=\"0\" aria-controls=\"elementor-toc__iwgw-nanook-toc\" aria-expanded=\"true\" aria-label=\"Close table of contents\"><svg aria-hidden=\"true\" class=\"e-font-icon-svg e-fas-chevron-up\" viewBox=\"0 0 448 512\" xmlns=\"http:\/\/www.w3.org\/2000\/svg\"><path d=\"M240.971 130.524l194.343 194.343c9.373 9.373 9.373 24.569 0 33.941l-22.667 22.667c-9.357 9.357-24.522 9.375-33.901.04L224 227.495 69.255 381.516c-9.379 9.335-24.544 9.317-33.901-.04l-22.667-22.667c-9.373-9.373-9.373-24.569 0-33.941L207.03 130.525c9.372-9.373 24.568-9.373 33.941-.001z\"><\/path><\/svg><\/div>\n\t\t\t\t\t<\/div>\n\t\t\t\t<div id=\"elementor-toc__iwgw-nanook-toc\" class=\"elementor-toc__body\">\n\t\t\t<div class=\"elementor-toc__spinner-container\">\n\t\t\t\t<svg class=\"elementor-toc__spinner eicon-animation-spin e-font-icon-svg e-eicon-loading\" aria-hidden=\"true\" viewBox=\"0 0 1000 1000\" xmlns=\"http:\/\/www.w3.org\/2000\/svg\"><path d=\"M500 975V858C696 858 858 696 858 500S696 142 500 142 142 304 142 500H25C25 237 238 25 500 25S975 237 975 500 763 975 500 975Z\"><\/path><\/svg>\t\t\t<\/div>\n\t\t<\/div>\n\t\t\t\t\t\t<\/div>\n\t\t\t\t<\/div>\n\t\t\t\t\t<\/div>\n\t\t\t\t<\/div>\n\t\t<div class=\"elementor-element elementor-element-iwgw-nanook-hr e-con-full e-flex e-con e-child\" data-id=\"iwgw-nanook-hr\" data-element_type=\"container\" data-e-type=\"container\">\n\t\t\t\t<div class=\"elementor-element elementor-element-iwgw-nanook-heroimg iwg-hero-image elementor-widget elementor-widget-image\" data-id=\"iwgw-nanook-heroimg\" data-element_type=\"widget\" data-e-type=\"widget\" data-widget_type=\"image.default\">\n\t\t\t\t\t\t\t\t\t\t\t\t\t\t\t<img fetchpriority=\"high\" decoding=\"async\" width=\"683\" height=\"1024\" src=\"https:\/\/iwell-guard.com\/wp-content\/uploads\/2026\/05\/geister_inuit_nanook-683x1024.webp\" class=\"attachment-large size-large wp-image-2876\" alt=\"Nanook \u2013 Senyor de l\u2019\u00d3s Polar de la tradici\u00f3 inuit\" srcset=\"https:\/\/iwell-guard.com\/wp-content\/uploads\/2026\/05\/geister_inuit_nanook-683x1024.webp 683w, https:\/\/iwell-guard.com\/wp-content\/uploads\/2026\/05\/geister_inuit_nanook-200x300.webp 200w, https:\/\/iwell-guard.com\/wp-content\/uploads\/2026\/05\/geister_inuit_nanook-768x1152.webp 768w, https:\/\/iwell-guard.com\/wp-content\/uploads\/2026\/05\/geister_inuit_nanook.webp 1024w\" sizes=\"(max-width: 683px) 100vw, 683px\" \/>\t\t\t\t\t\t\t\t\t\t\t\t\t\t\t<\/div>\n\t\t\t\t<\/div>\n\t\t\t\t\t<\/div>\n\t\t\t\t<\/div>\n\t\t\t\t<section class=\"elementor-section elementor-top-section elementor-element elementor-element-sec-iwgcomp-nanook elementor-section-boxed elementor-section-height-default elementor-section-height-default\" data-id=\"sec-iwgcomp-nanook\" data-element_type=\"section\" data-e-type=\"section\">\n\t\t\t\t\t\t<div class=\"elementor-container elementor-column-gap-default\">\n\t\t\t\t\t<div class=\"elementor-column elementor-col-100 elementor-top-column elementor-element elementor-element-col-iwgcomp-nanook\" data-id=\"col-iwgcomp-nanook\" data-element_type=\"column\" data-e-type=\"column\">\n\t\t\t<div class=\"elementor-widget-wrap elementor-element-populated\">\n\t\t\t\t\t\t<div class=\"elementor-element elementor-element-iwgcomp-nanook elementor-widget elementor-widget-text-editor\" data-id=\"iwgcomp-nanook\" data-element_type=\"widget\" data-e-type=\"widget\" data-widget_type=\"text-editor.default\">\n\t\t\t\t\t\t\t\t\t<p>Nanook, el Senyor de l&#8217;\u00d3s Polar, \u00e9s el <strong>ajudant xam\u00e0nic<\/strong> m\u00e9s important en la tradici\u00f3 inuit de Groenl\u00e0ndia i l&#8217;\u00e0rtic canadenc oriental.<\/p>\t\t\t\t\t\t\t\t<\/div>\n\t\t\t\t\t<\/div>\n\t\t<\/div>\n\t\t\t\t\t<\/div>\n\t\t<\/section>\n\t\t<div class=\"elementor-element elementor-element-iwgw-nanook-s0 e-flex e-con-boxed e-con e-parent\" data-id=\"iwgw-nanook-s0\" data-element_type=\"container\" data-e-type=\"container\">\n\t\t\t\t\t<div class=\"e-con-inner\">\n\t\t\t\t<div class=\"elementor-element elementor-element-iwgw-nanook-s0h elementor-widget elementor-widget-heading\" data-id=\"iwgw-nanook-s0h\" data-element_type=\"widget\" data-e-type=\"widget\" data-widget_type=\"heading.default\">\n\t\t\t\t\t<h2 class=\"elementor-heading-title elementor-size-default\">Classificaci\u00f3 i perfil breu<\/h2>\t\t\t\t<\/div>\n\t\t<div class=\"elementor-element elementor-element-iwgw-nanook-s0c e-con-full e-flex e-con e-child\" data-id=\"iwgw-nanook-s0c\" data-element_type=\"container\" data-e-type=\"container\">\n\t\t\t\t<div class=\"elementor-element elementor-element-iwgw-nanook-s0t elementor-widget elementor-widget-text-editor\" data-id=\"iwgw-nanook-s0t\" data-element_type=\"widget\" data-e-type=\"widget\" data-widget_type=\"text-editor.default\">\n\t\t\t\t\t\t\t\t\t<p>Nanook no \u00e9s un d\u00e9u abstracte, sin\u00f3 la constel\u00b7laci\u00f3 religiosa que s&#8217;articula entorn de l&#8217;\u00f3s polar. Des del punt de vista de la ci\u00e8ncia de la religi\u00f3, aquesta duplicitat d&#8217;animal i <span class=\"iwg-fachbegriff\" data-tooltip=\"Un \u00e9sser incorpori al qual s'atribueix efecte en el m\u00f3n.\" tabindex=\"0\">esperit<\/span> \u00e9s t\u00edpica de les societats de subsist\u00e8ncia \u00e0rtiques: l&#8217;animal \u00e9s alhora presa, adversari, parent i persona dotada de dignitat pr\u00f2pia. Aquesta constel\u00b7laci\u00f3 es resisteix a una dicotomia subjecte-objecte occidental i \u00e9s fenomenol\u00f2gicament pr\u00f2pia dins de la ci\u00e8ncia de la religi\u00f3.<\/p><p>En la tradici\u00f3 <a href=\"https:\/\/iwell-guard.com\/ca\/inuit-artic-sedna-tornit-proteccio\/\">inuit<\/a> de l&#8217;\u00e0rtic central, Nanook ocupa una posici\u00f3 destacada entre els animals. La ca\u00e7a de l&#8217;\u00f3s polar \u00e9s perillosa, la carn nutritiva, la pell prestigiosa.<\/p><p>D&#8217;aquesta import\u00e0ncia econ\u00f2mica sorgeix la c\u00e0rrega religiosa. Qui abat un \u00f3s polar no ha fet nom\u00e9s una presa: ha rebut un \u00e9sser que li ha cedit la seva for\u00e7a com a do.<\/p><p>L&#8217;\u00f3s polar \u00e9s, a m\u00e9s, el principal candidat a la figura d&#8217;esperits auxiliars, especialment de <a href=\"https:\/\/iwell-guard.com\/ca\/?page_id=171753\">Tornarssuk<\/a>. Aquesta interrelaci\u00f3 entre l&#8217;animal real i l&#8217;esperit auxiliar xam\u00e0nic \u00e9s un element central de la religi\u00f3 inuit i la distingeix de les religions que separen estrictament animals i esperits. Aquesta permeabilitat entre les esferes \u00e9s constitutiva des del punt de vista fenomenol\u00f2gic de la religi\u00f3.<\/p><p>La constel\u00b7laci\u00f3 religiosa entorn de l&#8217;\u00f3s polar ha estat tractada en la recerca m\u00e9s recent amb enfocaments metodol\u00f2gics ampliats que combinen precisi\u00f3 etnogr\u00e0fica, cr\u00edtica ling\u00fc\u00edstica de les fonts i perspectiva comparativa. Precisament en el cas de Nanook, la imatge del qual a Occident est\u00e0 fortament superposada per la recepci\u00f3 de la cultura popular, la comunitat de coneixement inuit que hi col\u00b7labora avui corregeix atribucions m\u00e9s antigues, en part de car\u00e0cter colonial.<\/p>\t\t\t\t\t\t\t\t<\/div>\n\t\t\t\t<\/div>\n\t\t\t\t\t<\/div>\n\t\t\t\t<\/div>\n\t\t<div class=\"elementor-element elementor-element-iwgw-nanook-s1 e-flex e-con-boxed e-con e-parent\" data-id=\"iwgw-nanook-s1\" data-element_type=\"container\" data-e-type=\"container\">\n\t\t\t\t\t<div class=\"e-con-inner\">\n\t\t\t\t<div class=\"elementor-element elementor-element-iwgw-nanook-s1h elementor-widget elementor-widget-heading\" data-id=\"iwgw-nanook-s1h\" data-element_type=\"widget\" data-e-type=\"widget\" data-widget_type=\"heading.default\">\n\t\t\t\t\t<h2 class=\"elementor-heading-title elementor-size-default\">Nom i diversitat ling\u00fc\u00edstica<\/h2>\t\t\t\t<\/div>\n\t\t<div class=\"elementor-element elementor-element-iwgw-nanook-s1c e-con-full e-flex e-con e-child\" data-id=\"iwgw-nanook-s1c\" data-element_type=\"container\" data-e-type=\"container\">\n\t\t\t\t<div class=\"elementor-element elementor-element-iwgw-nanook-s1t elementor-widget elementor-widget-text-editor\" data-id=\"iwgw-nanook-s1t\" data-element_type=\"widget\" data-e-type=\"widget\" data-widget_type=\"text-editor.default\">\n\t\t\t\t\t\t\t\t\t<p>En l&#8217;inuktitut de l&#8217;\u00e0rtic central, la forma \u00e9s Nanuq. A Groenl\u00e0ndia occidental, Nanoq; en la tradici\u00f3 de llengua inupiat d&#8217;Alaska, Nanuk; en la tradici\u00f3 tunumiit de Groenl\u00e0ndia oriental, Nannut. Aquesta variaci\u00f3 \u00e9s ling\u00fc\u00edsticament esperable i cient\u00edficament no decisiva, per\u00f2 cal tenir-la en compte en l&#8217;\u00fas de les fonts.<\/p><p>La forma anglesa Nanook es va convertir en la forma est\u00e0ndard internacional al segle XX gr\u00e0cies a la pel\u00b7l\u00edcula de Robert Flaherty <em>Nanook of the North<\/em> (1922). Cient\u00edficament, aquesta forma \u00e9s una recepci\u00f3 externa sense connexi\u00f3 directa amb el contingut religi\u00f3s. Representa m\u00e9s b\u00e9 una estandarditzaci\u00f3 de cultura popular, l&#8217;efecte de la qual sobre la imatge de la cultura inuit ha estat considerable.<\/p><p>Etimol\u00f2gicament, Nanuq est\u00e0 relacionat amb l&#8217;arrel proto-inuit per a \u00ab\u00f3s\u00bb. L&#8217;especialitzaci\u00f3 en l&#8217;\u00f3s polar en front de l&#8217;\u00f3s bru es deu a condicions \u00e0rtiques, ja que els \u00f3ssos bruns s\u00f3n rars fora dels boscos sub\u00e0rtics. Aquesta condicionalitat ecol\u00f2gica de la formaci\u00f3 del concepte \u00e9s, des del punt de vista fenomenol\u00f2gic de la religi\u00f3, un fenomen propi i reflecteix l&#8217;estreta interrelaci\u00f3 entre llengua i ecologia.<\/p><p>De manera complement\u00e0ria, es planteja la q\u00fcesti\u00f3 sociorreligiosa sobre la funci\u00f3 de Nanook en l&#8217;ordre social de la comunitat inuit tradicional. Com que la ca\u00e7a de l&#8217;\u00f3s polar, perillosa i alhora prestigiosa, estava carregada religiosament, aquest cas permet mostrar b\u00e9 com d&#8217;estretament vinculada estava l&#8217;estructura religiosa amb la pr\u00e0ctica social. No se&#8217;n pot separar.<\/p><p>Aquesta interrelaci\u00f3 \u00e9s un camp propi de recerca antropo-religiosa i ha estat estudiada de manera sistem\u00e0tica especialment per Fr\u00e9d\u00e9ric Laugrand i Jarich Oosten.<\/p>\t\t\t\t\t\t\t\t<\/div>\n\t\t\t\t<\/div>\n\t\t\t\t\t<\/div>\n\t\t\t\t<\/div>\n\t\t<div class=\"elementor-element elementor-element-iwgw-nanook-s2 e-flex e-con-boxed e-con e-parent\" data-id=\"iwgw-nanook-s2\" data-element_type=\"container\" data-e-type=\"container\">\n\t\t\t\t\t<div class=\"e-con-inner\">\n\t\t\t\t<div class=\"elementor-element elementor-element-iwgw-nanook-s2h elementor-widget elementor-widget-heading\" data-id=\"iwgw-nanook-s2h\" data-element_type=\"widget\" data-e-type=\"widget\" data-widget_type=\"heading.default\">\n\t\t\t\t\t<h2 class=\"elementor-heading-title elementor-size-default\">Descripci\u00f3 i c\u00e0rrega simb\u00f2lica<\/h2>\t\t\t\t<\/div>\n\t\t<div class=\"elementor-element elementor-element-iwgw-nanook-s2c e-con-full e-flex e-con e-child\" data-id=\"iwgw-nanook-s2c\" data-element_type=\"container\" data-e-type=\"container\">\n\t\t\t\t<div class=\"elementor-element elementor-element-iwgw-nanook-s2t elementor-widget elementor-widget-text-editor\" data-id=\"iwgw-nanook-s2t\" data-element_type=\"widget\" data-e-type=\"widget\" data-widget_type=\"text-editor.default\">\n\t\t\t\t\t\t\t\t\t<p>Nanook \u00e9s, en la seva figura religiosa, alhora animal i persona. Els xamans relaten que els \u00f3ssos polars apareixen en tr\u00e0nsit com a persones que es despullen de la seva pell com si fos una pe\u00e7a de roba. Aquesta idea de transformaci\u00f3 entre hum\u00e0 i animal \u00e9s un <span class=\"iwg-fachbegriff\" data-tooltip=\"Un element de contingut recurrent en l'art o la narrativa.\" tabindex=\"0\">motiu<\/span> central de la religi\u00f3 \u00e0rtica, que varia en nombroses narracions i constitueix un fenomen propi des de la perspectiva de la ci\u00e8ncia de la religi\u00f3.<\/p><p>En la iconografia de l&#8217;art inuit contemporani, Nanook \u00e9s una de les figures animals m\u00e9s freq\u00fcents. Els gravats en pedra de Cape Dorset, Pangnirtung i Iqaluit el mostren sovint en una actitud silenciosa i poderosa. El significat religi\u00f3s d&#8217;aquestes representacions t\u00e9 avui un pes divers: sovint \u00e9s una marca d&#8217;identitat cultural, de vegades una refer\u00e8ncia hist\u00f2rico-religiosa deliberada.<\/p><p>Simb\u00f2licament, Nanook est\u00e0 vinculat a la for\u00e7a, la paci\u00e8ncia i la perillosa bellesa del m\u00f3n \u00e0rtic. Cient\u00edficament, aix\u00f2 correspon a les afirmacions tradicionals dels xamans inuit sobre la dignitat de l&#8217;\u00f3s polar; no s&#8217;hi troba una romantitzaci\u00f3 moderna. Aquesta dignitat es fonamenta teol\u00f2gicament m\u00e9s que est\u00e8ticament i es manifesta en les pr\u00e0ctiques tab\u00fa de la ca\u00e7a i el tracte de la presa.<\/p><p>En la <span class=\"iwg-fachbegriff\" data-tooltip=\"La ci\u00e8ncia que estudia les religions de manera comparativa i sense vincle de fe.\" tabindex=\"0\">ci\u00e8ncia de la religi\u00f3<\/span> comparada, Nanook s&#8217;ent\u00e9n com a part de la topografia religiosa circumpolar, que es repeteix al llarg de milers de quil\u00f2metres amb una estructura notablement estable. Aquesta const\u00e0ncia a gran escala \u00e9s una de les troballes fenomenol\u00f2gico-religioses m\u00e9s sorprenents de la disciplina i encara avui \u00e9s objecte de debat cient\u00edfic en curs.<\/p>\t\t\t\t\t\t\t\t<\/div>\n\t\t\t\t<\/div>\n\t\t\t\t\t<\/div>\n\t\t\t\t<\/div>\n\t\t<div class=\"elementor-element elementor-element-iwgw-nanook-s3 e-flex e-con-boxed e-con e-parent\" data-id=\"iwgw-nanook-s3\" data-element_type=\"container\" data-e-type=\"container\">\n\t\t\t\t\t<div class=\"e-con-inner\">\n\t\t\t\t<div class=\"elementor-element elementor-element-iwgw-nanook-s3h elementor-widget elementor-widget-heading\" data-id=\"iwgw-nanook-s3h\" data-element_type=\"widget\" data-e-type=\"widget\" data-widget_type=\"heading.default\">\n\t\t\t\t\t<h2 class=\"elementor-heading-title elementor-size-default\">Prohibicions de ca\u00e7a i tracte de la presa<\/h2>\t\t\t\t<\/div>\n\t\t<div class=\"elementor-element elementor-element-iwgw-nanook-s3c e-con-full e-flex e-con e-child\" data-id=\"iwgw-nanook-s3c\" data-element_type=\"container\" data-e-type=\"container\">\n\t\t\t\t<div class=\"elementor-element elementor-element-iwgw-nanook-s3t elementor-widget elementor-widget-text-editor\" data-id=\"iwgw-nanook-s3t\" data-element_type=\"widget\" data-e-type=\"widget\" data-widget_type=\"text-editor.default\">\n\t\t\t\t\t\t\t\t\t<p>La ca\u00e7a a l&#8217;\u00f3s polar estava envoltada de nombrosos tab\u00fas. Despr\u00e9s d&#8217;una captura reeixida, l&#8217;\u00f3s era rebut com un convidat en lloc de ser tractat simplement com una pe\u00e7a de ca\u00e7a. L&#8217;\u00e0nima de l&#8217;\u00f3s, el seu <em>tatkoq<\/em> o <em>tarniq<\/em>, calia apaivagar-la mitjan\u00e7ant el tractament correcte del cos, perqu\u00e8 torn\u00e9s volunt\u00e0riament m\u00e9s endavant com a presa.<\/p><p>Les pr\u00e0ctiques concretes consistien a oferir aigua dol\u00e7a a l&#8217;\u00f3s mort, dipositar el seu crani en un lloc determinat, penjar la seva pell en una posici\u00f3 respectuosa i observar un per\u00edode de dol durant el qual els ca\u00e7adors evitaven certs aliments.<\/p><p>Aquestes pr\u00e0ctiques es coneixen en la recerca com a enterrament de l&#8217;\u00f3s o cerimonial de l&#8217;\u00f3s i s&#8217;assemblen estructuralment a les pr\u00e0ctiques d&#8217;altres pobles sub\u00e0rtics i \u00e0rtics, com els ainu i alguns grups siberians.<\/p><p>Cient\u00edficament, el cerimonial de l&#8217;\u00f3s \u00e9s una prova central de la reciprocitat en la religi\u00f3 inuit. La presa es considera un do que cal correspondre amb una reacci\u00f3 adequada perqu\u00e8 la ca\u00e7a continu\u00ef funcionant, i precisament no com a propietat del ca\u00e7ador. Aquesta <span class=\"iwg-fachbegriff\" data-tooltip=\"La doctrina cient\u00edfica sobre D\u00e9u i sobre la fe d'una religi\u00f3.\" tabindex=\"0\">teologia<\/span> de la reciprocitat \u00e9s, des del punt de vista de la fenomenologia de la religi\u00f3, un fenomen propi i es diferencia fonamentalment dels conceptes de recursos de l&#8217;economia de mercat.<\/p>\t\t\t\t\t\t\t\t<\/div>\n\t\t\t\t<\/div>\n\t\t\t\t\t<\/div>\n\t\t\t\t<\/div>\n\t\t<div class=\"elementor-element elementor-element-iwgw-nanook-s4 e-flex e-con-boxed e-con e-parent\" data-id=\"iwgw-nanook-s4\" data-element_type=\"container\" data-e-type=\"container\">\n\t\t\t\t\t<div class=\"e-con-inner\">\n\t\t\t\t<div class=\"elementor-element elementor-element-iwgw-nanook-s4h elementor-widget elementor-widget-heading\" data-id=\"iwgw-nanook-s4h\" data-element_type=\"widget\" data-e-type=\"widget\" data-widget_type=\"heading.default\">\n\t\t\t\t\t<h2 class=\"elementor-heading-title elementor-size-default\">Nanook com a esperit auxiliar dels xamans<\/h2>\t\t\t\t<\/div>\n\t\t<div class=\"elementor-element elementor-element-iwgw-nanook-s4c e-con-full e-flex e-con e-child\" data-id=\"iwgw-nanook-s4c\" data-element_type=\"container\" data-e-type=\"container\">\n\t\t\t\t<div class=\"elementor-element elementor-element-iwgw-nanook-s4t elementor-widget elementor-widget-text-editor\" data-id=\"iwgw-nanook-s4t\" data-element_type=\"widget\" data-e-type=\"widget\" data-widget_type=\"text-editor.default\">\n\t\t\t\t\t\t\t\t\t<p>Els \u00f3ssos polars eren una de les formes m\u00e9s freq\u00fcents en qu\u00e8 els xamans experimentaven els seus esperits auxiliars. <a href=\"https:\/\/iwell-guard.com\/ca\/?page_id=171753\">Tornarssuk<\/a>, l&#8217;esperit auxiliar suprem, es descriu en diverses fonts expl\u00edcitament amb forma d&#8217;\u00f3s polar. La connexi\u00f3 entre l&#8217;animal i el poder espiritual \u00e9s, doncs, estructural i constitutiva des del punt de vista de la fenomenologia de la religi\u00f3 per a la religi\u00f3 inuit; no es pot parlar d&#8217;atzar.<\/p><p>Els xamans especialitzats en determinades tasques rebien sovint un esperit d&#8217;\u00f3s polar com a ajudant. Daniel Merkur ha documentat a <em>Becoming Half Hidden<\/em> diverses biografies de vocaci\u00f3 en qu\u00e8 un \u00f3s polar apareix al futur angakkuq, el condueix a l&#8217;estat de tr\u00e0ngol i li transmet el seu poder. Aquesta seq\u00fc\u00e8ncia de vocaci\u00f3 \u00e9s un patr\u00f3 t\u00edpic del <span class=\"iwg-fachbegriff\" data-tooltip=\"Sistema religi\u00f3s en el qual especialistes es relacionen amb el m\u00f3n dels esperits.\" tabindex=\"0\">xamanisme<\/span> inuit.<\/p><p>En els rituals, els xamans podien transformar-se simb\u00f2licament en \u00f3ssos polars, caminant a quatre grapes, gruntant o utilitzant cr\u00e0nis d&#8217;\u00f3s polar com a m\u00e0scara. Aquesta pr\u00e0ctica \u00e9s <span class=\"iwg-fachbegriff\" data-tooltip=\"Que allunya el mal: relatiu a signes i objectes destinats a mantenir allunyades influ\u00e8ncies nocives.\" tabindex=\"0\">apotropaica<\/span> i alhora ritual d&#8217;iniciaci\u00f3, i \u00e9s coneguda en la recerca comparada sobre xamanisme com a identificaci\u00f3 animal \u00e0rtica. La conseq\u00fc\u00e8ncia teol\u00f2gica \u00e9s una estreta identificaci\u00f3 del xaman amb l&#8217;<span class=\"iwg-fachbegriff\" data-tooltip=\"Un \u00e9sser incorpori al qual s'atribueix una acci\u00f3 en el m\u00f3n.\" tabindex=\"0\">esperit<\/span> \u00f3s.<\/p>\t\t\t\t\t\t\t\t<\/div>\n\t\t\t\t<\/div>\n\t\t\t\t\t<\/div>\n\t\t\t\t<\/div>\n\t\t<div class=\"elementor-element elementor-element-iwgw-nanook-s5 e-flex e-con-boxed e-con e-parent\" data-id=\"iwgw-nanook-s5\" data-element_type=\"container\" data-e-type=\"container\">\n\t\t\t\t\t<div class=\"e-con-inner\">\n\t\t\t\t<div class=\"elementor-element elementor-element-iwgw-nanook-s5h elementor-widget elementor-widget-heading\" data-id=\"iwgw-nanook-s5h\" data-element_type=\"widget\" data-e-type=\"widget\" data-widget_type=\"heading.default\">\n\t\t\t\t\t<h2 class=\"elementor-heading-title elementor-size-default\">Relats de l'home \u00f3s polar<\/h2>\t\t\t\t<\/div>\n\t\t<div class=\"elementor-element elementor-element-iwgw-nanook-s5c e-con-full e-flex e-con e-child\" data-id=\"iwgw-nanook-s5c\" data-element_type=\"container\" data-e-type=\"container\">\n\t\t\t\t<div class=\"elementor-element elementor-element-iwgw-nanook-s5t elementor-widget elementor-widget-text-editor\" data-id=\"iwgw-nanook-s5t\" data-element_type=\"widget\" data-e-type=\"widget\" data-widget_type=\"text-editor.default\">\n\t\t\t\t\t\t\t\t\t<p>Un g\u00e8nere molt est\u00e8s en la literatura narrativa inuit \u00e9s el de l&#8217;home o la dona \u00f3s polar, que viuen amb forma humana entre els humans abans que es descobreixi la seva veritable naturalesa. Aquests relats reflecteixen la idea religiosa de la transformaci\u00f3 i s&#8217;han d&#8217;interpretar cient\u00edficament com una reflexi\u00f3 teol\u00f2gica en forma narrativa. Tenen poc en com\u00fa amb els contes de fades en el sentit occidental.<\/p><p>Un relat t\u00edpic parla d&#8217;una v\u00eddua que es casa amb un desconegut que m\u00e9s tard resulta ser un \u00f3s polar.<\/p><p>En algunes versions, ella viu feli\u00e7 amb ell; en altres, l&#8217;\u00f3s polar \u00e9s expulsat o mort a causa d&#8217;una violaci\u00f3 de tab\u00fa per part dels supervivents, despr\u00e9s de la qual la dona el plora com una p\u00e8rdua. Aquests relats es llegeixen com a exemples de les fronteres permeables entre el m\u00f3n hum\u00e0 i el m\u00f3n animal.<\/p><p>Cient\u00edficament, aquest g\u00e8nere narratiu \u00e9s important perqu\u00e8 porta la idea teol\u00f2gica a una forma narrativa. Sense els relats, la <span class=\"iwg-fachbegriff\" data-tooltip=\"La doctrina cient\u00edfica sobre D\u00e9u i sobre la fe d'una religi\u00f3.\" tabindex=\"0\">teologia<\/span> de l&#8217;\u00f3s polar seria una mera resta te\u00f2rica. Els relats fan que la <span class=\"iwg-fachbegriff\" data-tooltip=\"La doctrina cient\u00edfica sobre D\u00e9u i sobre la fe d'una religi\u00f3.\" tabindex=\"0\">teologia<\/span> sigui concreta i transmissible socialment, i assegura la tradici\u00f3 en forma oral al llarg de generacions.<\/p>\t\t\t\t\t\t\t\t<\/div>\n\t\t\t\t<\/div>\n\t\t\t\t\t<\/div>\n\t\t\t\t<\/div>\n\t\t<div class=\"elementor-element elementor-element-iwgw-nanook-s6 e-flex e-con-boxed e-con e-parent\" data-id=\"iwgw-nanook-s6\" data-element_type=\"container\" data-e-type=\"container\">\n\t\t\t\t\t<div class=\"e-con-inner\">\n\t\t\t\t<div class=\"elementor-element elementor-element-iwgw-nanook-s6h elementor-widget elementor-widget-heading\" data-id=\"iwgw-nanook-s6h\" data-element_type=\"widget\" data-e-type=\"widget\" data-widget_type=\"heading.default\">\n\t\t\t\t\t<h2 class=\"elementor-heading-title elementor-size-default\">Superposici\u00f3 cristiana i identitat moderna<\/h2>\t\t\t\t<\/div>\n\t\t<div class=\"elementor-element elementor-element-iwgw-nanook-s6c e-con-full e-flex e-con e-child\" data-id=\"iwgw-nanook-s6c\" data-element_type=\"container\" data-e-type=\"container\">\n\t\t\t\t<div class=\"elementor-element elementor-element-iwgw-nanook-s6t elementor-widget elementor-widget-text-editor\" data-id=\"iwgw-nanook-s6t\" data-element_type=\"widget\" data-e-type=\"widget\" data-widget_type=\"text-editor.default\">\n\t\t\t\t\t\t\t\t\t<p>La missi\u00f3 cristiana nom\u00e9s va transformar parcialment el <span class=\"iwg-fachbegriff\" data-tooltip=\"El conjunt d'actes de veneraci\u00f3 religiosa envers una divinitat o figura sagrada.\" tabindex=\"0\">culte<\/span> de l&#8217;\u00f3s polar. Els tab\u00fas al voltant de la ca\u00e7a es van mantenir en moltes comunitats inuit perqu\u00e8 estaven directament vinculats a la pr\u00e0ctica de la ca\u00e7a i no col\u00b7lidien directament amb les doctrines cristianes. La c\u00e0rrega religiosa es va reinterpretar en part cristianament, per exemple entenent la carn d&#8217;\u00f3s com un regal de D\u00e9u.<\/p><p>En la identitat inuit contempor\u00e0nia, l&#8217;\u00f3s polar s&#8217;ha convertit en un s\u00edmbol clau. La bandera de Nunavut mostra un inukshuk i petjades d&#8217;\u00f3s polar, i els escuts de moltes comunitats contenen motius d&#8217;\u00f3s polar. Aquesta simbologia no es pot reduir hist\u00f2ricament de manera estricta, per\u00f2 apunta a la import\u00e0ncia persistent de Nanook per a l&#8217;autolocalitzaci\u00f3 cultural de les comunitats inuit.<\/p><p>En el discurs sobre el canvi clim\u00e0tic i les poblacions d&#8217;\u00f3ssos polars, el rerefons religi\u00f3s torna en part a primer pla. Quan els \u00f3ssos polars desapareixen, desapareix alhora amb l&#8217;esp\u00e8cie animal un \u00e9sser carregat religiosament i culturalment. Aquesta doble dimensi\u00f3 contribueix al pes pol\u00edtic de la veu inuit en el debat clim\u00e0tic global i converteix l&#8217;\u00f3s polar en un s\u00edmbol clau teol\u00f2gico-pol\u00edtic.<\/p>\t\t\t\t\t\t\t\t<\/div>\n\t\t\t\t<\/div>\n\t\t\t\t\t<\/div>\n\t\t\t\t<\/div>\n\t\t<div class=\"elementor-element elementor-element-iwgw-nanook-s7 e-flex e-con-boxed e-con e-parent\" data-id=\"iwgw-nanook-s7\" data-element_type=\"container\" data-e-type=\"container\">\n\t\t\t\t\t<div class=\"e-con-inner\">\n\t\t\t\t<div class=\"elementor-element elementor-element-iwgw-nanook-s7h elementor-widget elementor-widget-heading\" data-id=\"iwgw-nanook-s7h\" data-element_type=\"widget\" data-e-type=\"widget\" data-widget_type=\"heading.default\">\n\t\t\t\t\t<h2 class=\"elementor-heading-title elementor-size-default\">Comparaci\u00f3 circumpolar<\/h2>\t\t\t\t<\/div>\n\t\t<div class=\"elementor-element elementor-element-iwgw-nanook-s7c e-con-full e-flex e-con e-child\" data-id=\"iwgw-nanook-s7c\" data-element_type=\"container\" data-e-type=\"container\">\n\t\t\t\t<div class=\"elementor-element elementor-element-iwgw-nanook-s7t elementor-widget elementor-widget-text-editor\" data-id=\"iwgw-nanook-s7t\" data-element_type=\"widget\" data-e-type=\"widget\" data-widget_type=\"text-editor.default\">\n\t\t\t\t\t\t\t\t\t<p>Els cultes a l&#8217;os estan \u00e0mpliament estesos a la regi\u00f3 circumpolar. La <span class=\"iwg-fachbegriff\" data-tooltip=\"Una acci\u00f3 solemne que es desenvolupa segons regles fixes.\" tabindex=\"0\">cerim\u00f2nia<\/span> ainu de l&#8217;Iyomante per a l&#8217;os, les festes de l&#8217;os fino\u00fagriques, els cerimonials sibirians de l&#8217;os i el tab\u00fa nord-americ\u00e0 de l&#8217;os de la sub\u00e0rtica formen conjuntament una religi\u00f3 circumpolar de l&#8217;os, les relacions de parentiu exactes de la qual s\u00f3n objecte de discussi\u00f3.<\/p><p>A. Irving Hallowell va documentar en el seu treball cl\u00e0ssic <em>Bear Ceremonialism in the Northern Hemisphere<\/em> (1926) la distribuci\u00f3 circumpolar dels tab\u00fas de l&#8217;os, obrint aix\u00ed el debat sobre una capa paneurasi\u00e0tica. Investigacions posteriors, com les de Juha Pentik\u00e4inen i Daniel Merkur, han matisat aquesta tesi i l&#8217;han complementat amb estudis regionals m\u00e9s precisos.<\/p><p>Dins de la tradici\u00f3 inuit, Nanook segueix sent una variant d&#8217;aquesta religi\u00f3 circumpolar de l&#8217;os amb les seves pr\u00f2pies particularitats. L&#8217;especificitat rau en la import\u00e0ncia especial de l&#8217;\u00f3s polar, que en aquesta forma nom\u00e9s es troba a l&#8217;\u00c0rtic i constitueix, per tant, una singularitat ecol\u00f2gica. Aquesta inserci\u00f3 ecol\u00f2gica \u00e9s decisiva per a la classificaci\u00f3 cient\u00edfica i distingeix la variant inuit dels cultes continentals de l&#8217;os.<\/p>\t\t\t\t\t\t\t\t<\/div>\n\t\t\t\t<\/div>\n\t\t\t\t\t<\/div>\n\t\t\t\t<\/div>\n\t\t<div class=\"elementor-element elementor-element-iwgw-nanook-s8 e-flex e-con-boxed e-con e-parent\" data-id=\"iwgw-nanook-s8\" data-element_type=\"container\" data-e-type=\"container\">\n\t\t\t\t\t<div class=\"e-con-inner\">\n\t\t\t\t<div class=\"elementor-element elementor-element-iwgw-nanook-s8h elementor-widget elementor-widget-heading\" data-id=\"iwgw-nanook-s8h\" data-element_type=\"widget\" data-e-type=\"widget\" data-widget_type=\"heading.default\">\n\t\t\t\t\t<h2 class=\"elementor-heading-title elementor-size-default\">Recerca i recepci\u00f3 actual<\/h2>\t\t\t\t<\/div>\n\t\t<div class=\"elementor-element elementor-element-iwgw-nanook-s8c e-con-full e-flex e-con e-child\" data-id=\"iwgw-nanook-s8c\" data-element_type=\"container\" data-e-type=\"container\">\n\t\t\t\t<div class=\"elementor-element elementor-element-iwgw-nanook-s8t elementor-widget elementor-widget-text-editor\" data-id=\"iwgw-nanook-s8t\" data-element_type=\"widget\" data-e-type=\"widget\" data-widget_type=\"text-editor.default\">\n\t\t\t\t\t\t\t\t\t<p>La recerca sobre Nanook \u00e9s \u00e0mplia. Els apunts de Knud Rasmussen, les obres de Franz Boas, la s\u00edntesi de Daniel Merkur i els treballs contemporanis de Fr\u00e9d\u00e9ric Laugrand i Pamela Stern ofereixen material extens. La combinaci\u00f3 d&#8217;etnologia religiosa, etologia animal i ci\u00e8ncia del clima \u00e9s un enfocament nou de les \u00faltimes dues d\u00e8cades i resulta especialment fruct\u00edfer cient\u00edficament.<\/p><p>En la recepci\u00f3 popular, Nanook \u00e9s present internacionalment des de la pel\u00b7l\u00edcula de Flaherty de 1922. Aquesta recepci\u00f3 \u00e9s en part rom\u00e0ntica, en part documental, en part comercial. Cient\u00edficament, la figura popular de Nanook s&#8217;ha de distingir de la <span class=\"iwg-fachbegriff\" data-tooltip=\"La disciplina cient\u00edfica que estudia D\u00e9u i la fe d'una religi\u00f3.\" tabindex=\"0\">teologia<\/span> tradicional de l&#8217;\u00f3s polar, sense que se n&#8217;hagi de subestimar l&#8217;efecte sobre la imatge de la cultura inuit.<\/p><p>Dins de les comunitats inuit, avui Nanook es llegeix principalment com un <span class=\"iwg-fachbegriff\" data-tooltip=\"Un signe que representa una idea o significat.\" tabindex=\"0\">s\u00edmbol<\/span> cultural i com a part de la identitat ecol\u00f2gica. La capa religiosa hi \u00e9s present, per\u00f2 rarament expl\u00edcita. Aix\u00f2 correspon a la secularitzaci\u00f3 general de la tradici\u00f3 religiosa amb la simult\u00e0nia preservaci\u00f3 de la pr\u00e0ctica cultural, i \u00e9s, des del punt de vista de la sociologia de la religi\u00f3, un patr\u00f3 t\u00edpic de les societats ind\u00edgenes modernes.<\/p>\t\t\t\t\t\t\t\t<\/div>\n\t\t\t\t<\/div>\n\t\t\t\t\t<\/div>\n\t\t\t\t<\/div>\n\t\t<div class=\"elementor-element elementor-element-iwgw-nanook-s9 e-flex e-con-boxed e-con e-parent\" data-id=\"iwgw-nanook-s9\" data-element_type=\"container\" data-e-type=\"container\">\n\t\t\t\t\t<div class=\"e-con-inner\">\n\t\t\t\t<div class=\"elementor-element elementor-element-iwgw-nanook-s9h elementor-widget elementor-widget-heading\" data-id=\"iwgw-nanook-s9h\" data-element_type=\"widget\" data-e-type=\"widget\" data-widget_type=\"heading.default\">\n\t\t\t\t\t<h2 class=\"elementor-heading-title elementor-size-default\">Refer\u00e8ncies creuades del l\u00e8xic<\/h2>\t\t\t\t<\/div>\n\t\t<div class=\"elementor-element elementor-element-iwgw-nanook-s9c e-con-full e-flex e-con e-child\" data-id=\"iwgw-nanook-s9c\" data-element_type=\"container\" data-e-type=\"container\">\n\t\t\t\t<div class=\"elementor-element elementor-element-iwgw-nanook-s9t elementor-widget elementor-widget-text-editor\" data-id=\"iwgw-nanook-s9t\" data-element_type=\"widget\" data-e-type=\"widget\" data-widget_type=\"text-editor.default\">\n\t\t\t\t\t\t\t\t\t<p>Nanook es relaciona amb <a href=\"https:\/\/iwell-guard.com\/ca\/?page_id=171751\">Sedna<\/a>, <a href=\"https:\/\/iwell-guard.com\/ca\/?page_id=171753\">Tornarssuk<\/a>, <a href=\"https:\/\/iwell-guard.com\/ca\/?page_id=171752\">Sila<\/a>, <a href=\"https:\/\/iwell-guard.com\/ca\/?page_id=171756\">Pinga<\/a>, <a href=\"https:\/\/iwell-guard.com\/ca\/?page_id=171758\">Igaluk<\/a>, <a href=\"https:\/\/iwell-guard.com\/ca\/?page_id=171755\">Anguta<\/a>, <a href=\"https:\/\/iwell-guard.com\/ca\/?page_id=171754\">Tupilak<\/a>, <a href=\"https:\/\/iwell-guard.com\/ca\/?page_id=171759\">Malina<\/a> i <a href=\"https:\/\/iwell-guard.com\/ca\/?page_id=171760\">Qailertetang<\/a>. El nucli cultural <a href=\"https:\/\/iwell-guard.com\/ca\/inuit-artic-sedna-tornit-proteccio\/\">Tradici\u00f3 inuit<\/a> emmarca el <span class=\"iwg-fachbegriff\" data-tooltip=\"El conjunt de pr\u00e0ctiques de veneraci\u00f3 religiosa per a una divinitat o figura sagrada.\" tabindex=\"0\">culte<\/span> a l&#8217;\u00f3s polar. Teologies de l&#8217;os amb estructures similars es troben a la s\u00e8rie de lemes <a href=\"https:\/\/iwell-guard.com\/ca\/sami-i-tradicio-fino-ugra-noaidi-i-tambor\/\">sami<\/a>, on <em>Leibolmm\u00e1i<\/em> compleix, com a senyor dels ossos, funcions comparables.<\/p>\t\t\t\t\t\t\t\t<\/div>\n\t\t\t\t<\/div>\n\t\t\t\t\t<\/div>\n\t\t\t\t<\/div>\n\t\t<div class=\"elementor-element elementor-element-cp2035a214 e-flex e-con-boxed e-con e-parent\" data-id=\"cp2035a214\" data-element_type=\"container\" data-e-type=\"container\">\n\t\t\t\t\t<div class=\"e-con-inner\">\n\t\t\t\t<div class=\"elementor-element elementor-element-cp2c61aaa0 elementor-widget elementor-widget-heading\" data-id=\"cp2c61aaa0\" data-element_type=\"widget\" data-e-type=\"widget\" data-widget_type=\"heading.default\">\n\t\t\t\t\t<h2 class=\"elementor-heading-title elementor-size-default\">El ritual de ca\u00e7a despr\u00e9s de la mort de l'\u00f3s<\/h2>\t\t\t\t<\/div>\n\t\t<div class=\"elementor-element elementor-element-cp2c08c299 e-flex e-con-boxed e-con e-child\" data-id=\"cp2c08c299\" data-element_type=\"container\" data-e-type=\"container\">\n\t\t\t\t\t<div class=\"e-con-inner\">\n\t\t\t\t<div class=\"elementor-element elementor-element-cp25efc88b elementor-widget elementor-widget-text-editor\" data-id=\"cp25efc88b\" data-element_type=\"widget\" data-e-type=\"widget\" data-widget_type=\"text-editor.default\">\n\t\t\t\t\t\t\t\t\t<p>En els registres etnogr\u00e0fics de l&#8217;\u00c0rtic central i oriental, el tracte donat a un \u00f3s polar mort es descriu com una seq\u00fc\u00e8ncia regulada d&#8217;accions.<\/p><p>Knud Rasmussen va documentar durant la Cinquena Expedici\u00f3 Thule (1921-1924), entre els inuit iglulik, la creen\u00e7a segons la qual l&#8217;\u00e0nima de l&#8217;\u00f3s, <em>tarniq<\/em>, romania diversos dies al lloc de campament despr\u00e9s de la mort. Durant aquest per\u00edode hi havia normes especials, el compliment de les quals determinava si l&#8217;\u00f3s parlaria favorablement de la cacera en l&#8217;altre m\u00f3n.<\/p><p>Entre els costums transmesos hi havia el de posar eines o petits obsequis al costat de l&#8217;animal ca\u00e7at. A un \u00f3s mascle se li assignaven eines de ca\u00e7a, i a una femella, estris relacionats amb el treball de les dones, com un raspador per a pells.<\/p><p>La separaci\u00f3 de la carn i de determinades parts del cos seguia normes, i dones i homes no podien fer les mateixes tasques amb l&#8217;animal alhora. Rasmussen va anotar que la bufeta o altres parts es tornaven al mar, una pr\u00e0ctica que mostra paral\u00b7lelismes amb el tracte \u00e0rticament est\u00e8s de les \u00e0nimes de les foques.<\/p><p>La recerca situa aquests costums dins d&#8217;un conjunt m\u00e9s ampli de creences segons les quals la ca\u00e7a es lliura volunt\u00e0riament als humans mentre es respecten les normes. En aquest marc, Nanook \u00e9s menys una <span class=\"iwg-fachbegriff\" data-tooltip=\"Un \u00e9sser venerat com a div\u00ed dins d'una religi\u00f3.\" tabindex=\"0\">divinitat<\/span> concreta que una personalitat animal destacada, el tracte a la qual \u00e9s exemplar de la relaci\u00f3 amb tot el m\u00f3n animal.<\/p><p>Investigadors posteriors, entre ells Asen Balikci en els seus treballs sobre els netsilik, van subratllar que aquests rituals variaven molt localment i que les versions registrades per les expedicions s\u00f3n instant\u00e0nies de grups concrets.<\/p><p>De les fonts no es pot deduir una uniformitzaci\u00f3 pan\u00e0rtica del ritual de l&#8217;os, tal com apareix en les representacions populars. Una cura comparable en el tracte de la presa es mostra tamb\u00e9 en el cas de <a href=\"https:\/\/iwell-guard.com\/ca\/?page_id=171751\">Sedna<\/a>, la senyora dels animals marins.<\/p>\t\t\t\t\t\t\t\t<\/div>\n\t\t\t\t\t<\/div>\n\t\t\t\t<\/div>\n\t\t\t\t\t<\/div>\n\t\t\t\t<\/div>\n\t\t<div class=\"elementor-element elementor-element-cp2d25e49d e-flex e-con-boxed e-con e-parent\" data-id=\"cp2d25e49d\" data-element_type=\"container\" data-e-type=\"container\">\n\t\t\t\t\t<div class=\"e-con-inner\">\n\t\t\t\t<div class=\"elementor-element elementor-element-cp2fb411fc elementor-widget elementor-widget-heading\" data-id=\"cp2fb411fc\" data-element_type=\"widget\" data-e-type=\"widget\" data-widget_type=\"heading.default\">\n\t\t\t\t\t<h2 class=\"elementor-heading-title elementor-size-default\">Estat de les fonts i el problema de la transmissi\u00f3<\/h2>\t\t\t\t<\/div>\n\t\t<div class=\"elementor-element elementor-element-cp260a022f e-flex e-con-boxed e-con e-child\" data-id=\"cp260a022f\" data-element_type=\"container\" data-e-type=\"container\">\n\t\t\t\t\t<div class=\"e-con-inner\">\n\t\t\t\t<div class=\"elementor-element elementor-element-cp23e6bc54 elementor-widget elementor-widget-text-editor\" data-id=\"cp23e6bc54\" data-element_type=\"widget\" data-e-type=\"widget\" data-widget_type=\"text-editor.default\">\n\t\t\t\t\t\t\t\t\t<p>El coneixement sobre Nanook prov\u00e9 gaireb\u00e9 exclusivament d&#8217;anotacions de viatgers exploradors, missioners i etn\u00f2grafs, poc de fonts dels mateixos inuit. Els primers informes, com el de Franz Boas sobre els esquimals centrals (1888) i l&#8217;extens recull de materials de les expedicions de Thule, continuen sent avui la base de moltes descripcions.<\/p><p>Aquests textos s\u00f3n valuosos, per\u00f2 porten en si mateixos les condicions de la seva creaci\u00f3. Es van recollir a trav\u00e9s d&#8217;int\u00e8rprets, sovint en estades curtes, i es van transcriure amb termes procedents de la terminologia religiosa europea.<\/p><p>Un problema concret \u00e9s la traducci\u00f3 de <em>tarniq<\/em> com a \u00e0nima i de personalitats animals com a divinitats. Ambdues traduccions suggereixen un sistema que probablement no existia en aquesta forma.<\/p><p>La recerca assenyala que les concepcions inuit sobre \u00f3ssos, persones i altres \u00e9ssers eren fluides i no es dividien en categories fixes de d\u00e9u, <span class=\"iwg-fachbegriff\" data-tooltip=\"Un \u00e9sser sense cos al qual s'atribueix acci\u00f3 en el m\u00f3n.\" tabindex=\"0\">esperit<\/span> i animal. Tamb\u00e9 el nom Nanook \u00e9s, en origen, simplement la paraula habitual per designar l&#8217;\u00f3s polar; el seu \u00fas com a nom propi d&#8217;una figura protectora o sobirana \u00e9s en part un producte de la posada per escrit.<\/p><p>A aix\u00f2 s&#8217;hi afegeix l&#8217;efecte de la pel\u00b7l\u00edcula <em>Nanook of the North<\/em> de Robert Flaherty, de l&#8217;any 1922. La pel\u00b7l\u00edcula estava en part escenificada i va marcar durablement la imatge occidental dels inuit, sense reflectir realment les seves concepcions religioses. En la recerca actual, per tant, es distingeix entre el complex ritual transm\u00e8s i la figura popular.<\/p><p>Les organitzacions inuit del Canad\u00e0 i de Groenl\u00e0ndia han comen\u00e7at en les darreres d\u00e8cades a revisar cr\u00edticament els registres antics i a documentar de nou el coneixement oral dels ancians, per exemple en el marc de projectes de l&#8217;Inuit Heritage Trust. Aquests treballs mostren les difer\u00e8ncies regionals amb m\u00e9s claredat del que ho feien els reculls cl\u00e0ssics.<\/p>\t\t\t\t\t\t\t\t<\/div>\n\t\t\t\t\t<\/div>\n\t\t\t\t<\/div>\n\t\t\t\t\t<\/div>\n\t\t\t\t<\/div>\n\t\t<div class=\"elementor-element elementor-element-iwgw-nanook-lit e-flex e-con-boxed e-con e-parent\" data-id=\"iwgw-nanook-lit\" data-element_type=\"container\" data-e-type=\"container\">\n\t\t\t\t\t<div class=\"e-con-inner\">\n\t\t\t\t<div class=\"elementor-element elementor-element-iwgw-nanook-lith elementor-widget elementor-widget-heading\" data-id=\"iwgw-nanook-lith\" data-element_type=\"widget\" data-e-type=\"widget\" data-widget_type=\"heading.default\">\n\t\t\t\t\t<h2 class=\"elementor-heading-title elementor-size-default\">Bibliografia (selecci\u00f3)<\/h2>\t\t\t\t<\/div>\n\t\t<div class=\"elementor-element elementor-element-iwgw-nanook-litc e-con-full e-flex e-con e-child\" data-id=\"iwgw-nanook-litc\" data-element_type=\"container\" data-e-type=\"container\">\n\t\t\t\t<div class=\"elementor-element elementor-element-iwgw-nanook-litt elementor-widget elementor-widget-text-editor\" data-id=\"iwgw-nanook-litt\" data-element_type=\"widget\" data-e-type=\"widget\" data-widget_type=\"text-editor.default\">\n\t\t\t\t\t\t\t\t\t<ul><li>Knud Rasmussen: <em>Intellectual Culture of the Iglulik Eskimos<\/em> (Copenhaguen 1929)<\/li><li>A. Irving Hallowell: <em>Bear Ceremonialism in the Northern Hemisphere<\/em> (Menasha 1926)<\/li><li>Daniel Merkur: <em>Becoming Half Hidden<\/em> (Estocolm 1985)<\/li><li>Fr\u00e9d\u00e9ric Laugrand i Jarich Oosten: <em>Inuit Shamanism and Christianity<\/em> (Mont-real 2010)<\/li><li>Pamela Stern: <em>Historical Dictionary of the Inuit<\/em> (Lanham 2013)<\/li><li>Robert Flaherty: <em>Nanook of the North<\/em> (pel\u00b7l\u00edcula, 1922)<\/li><\/ul>\t\t\t\t\t\t\t\t<\/div>\n\t\t\t\t<\/div>\n\t\t\t\t\t<\/div>\n\t\t\t\t<\/div>\n\t\t<div class=\"elementor-element elementor-element-iwgkw2-add-nanook e-flex e-con-boxed e-con e-parent\" data-id=\"iwgkw2-add-nanook\" data-element_type=\"container\" data-e-type=\"container\">\n\t\t\t\t\t<div class=\"e-con-inner\">\n\t\t\t\t<div class=\"elementor-element elementor-element-iwgkw2-add-nanook-t elementor-widget elementor-widget-text-editor\" data-id=\"iwgkw2-add-nanook-t\" data-element_type=\"widget\" data-e-type=\"widget\" data-widget_type=\"text-editor.default\">\n\t\t\t\t\t\t\t\t\t<p>En la tradici\u00f3 inuit, Nanook \u00e9s considerat el senyor dels \u00f3ssos polars i un <em>ajudant xam\u00e0nic<\/em>, que mostra a l&#8217;angakkuq camins a trav\u00e9s del gel i informaci\u00f3 sobre la ca\u00e7a futura.<\/p>\t\t\t\t\t\t\t\t<\/div>\n\t\t\t\t\t<\/div>\n\t\t\t\t<\/div>\n\t\t<div class=\"elementor-element elementor-element-iwgw-nanook-kwd e-flex e-con-boxed e-con e-parent\" data-id=\"iwgw-nanook-kwd\" data-element_type=\"container\" data-e-type=\"container\">\n\t\t\t\t\t<div class=\"e-con-inner\">\n\t\t<div class=\"elementor-element elementor-element-iwgw-nanook-kwdc e-con-full e-flex e-con e-child\" data-id=\"iwgw-nanook-kwdc\" data-element_type=\"container\" data-e-type=\"container\">\n\t\t\t\t<div class=\"elementor-element elementor-element-iwgw-nanook-kwdt elementor-widget elementor-widget-text-editor\" data-id=\"iwgw-nanook-kwdt\" data-element_type=\"widget\" data-e-type=\"widget\" data-widget_type=\"text-editor.default\">\n\t\t\t\t\t\t\t\t\t<p><em>Conceptes clau relacionats: Nanook Nanuq \u00f3s polar esperit de l&#8217;\u00f3s polar ceremonial de l&#8217;\u00f3s <span class=\"iwg-fachbegriff\" data-tooltip=\"Sistema religi\u00f3s en el qual especialistes es comuniquen amb el m\u00f3n dels esperits.\" tabindex=\"0\">xamanisme<\/span> \u00e0rtic inuktitut.<\/em><\/p>\t\t\t\t\t\t\t\t<\/div>\n\t\t\t\t<\/div>\n\t\t\t\t\t<\/div>\n\t\t\t\t<\/div>\n\t\t<div class=\"elementor-element elementor-element-iwgw-nanook-cc e-flex e-con-boxed e-con e-parent\" data-id=\"iwgw-nanook-cc\" data-element_type=\"container\" data-e-type=\"container\" id=\"iwg-cc-nanook\">\n\t\t\t\t\t<div class=\"e-con-inner\">\n\t\t<div class=\"elementor-element elementor-element-iwgw-nanook-ccinner e-flex e-con-boxed e-con e-parent\" data-id=\"iwgw-nanook-ccinner\" data-element_type=\"container\" data-e-type=\"container\" data-settings=\"{&quot;background_background&quot;:&quot;classic&quot;}\">\n\t\t\t\t\t<div class=\"e-con-inner\">\n\t\t\t\t<div class=\"elementor-element elementor-element-iwgw-nanook-cch elementor-widget elementor-widget-heading\" data-id=\"iwgw-nanook-cch\" data-element_type=\"widget\" data-e-type=\"widget\" data-widget_type=\"heading.default\">\n\t\t\t\t\t<h2 class=\"elementor-heading-title elementor-size-default\">iWell Guard i tradicions de protecci\u00f3<\/h2>\t\t\t\t<\/div>\n\t\t\t\t<div class=\"elementor-element elementor-element-iwgw-nanook-cct elementor-widget elementor-widget-text-editor\" data-id=\"iwgw-nanook-cct\" data-element_type=\"widget\" data-e-type=\"widget\" data-widget_type=\"text-editor.default\">\n\t\t\t\t\t\t\t\t\t<div data-nosnippet=\"true\"><p>iWell Guard s&#8217;inscriu en la tradici\u00f3 cultural i hist\u00f2rica dels objectes protectors portables, seguint la tradici\u00f3 dels <a href=\"https:\/\/iwell-guard.com\/ca\/inuit-artic-sedna-tornit-proteccio\/\">inuit<\/a> i de moltes altres cultures d&#8217;arreu del m\u00f3n. 41 capes, or aut\u00e8ntic, plat\u00ed, plata, fabricat a Alemanya. Dret de devoluci\u00f3 de 30 dies.<\/p><\/div>\t\t\t\t\t\t\t\t<\/div>\n\t\t\t\t<div class=\"elementor-element elementor-element-iwgw-nanook-ccb iwg-cc-button iwg-cc-cta-2026-05-13 elementor-widget elementor-widget-jet-button\" data-id=\"iwgw-nanook-ccb\" data-element_type=\"widget\" data-e-type=\"widget\" data-widget_type=\"jet-button.default\">\n\t\t\t\t<div class=\"elementor-widget-container\">\n\t\t\t\t\t<div class=\"elementor-jet-button jet-elements\"><div class=\"jet-button__container\"><a class=\"jet-button__instance jet-button__instance--icon-left hover-effect-1\" href=\"\/ueber-iwell-guard\/?utm_source=iwell-guard.com&amp;utm_medium=info-box&amp;utm_campaign=wesen-tradition\"><div class=\"jet-button__plane jet-button__plane-normal\"><\/div><div class=\"jet-button__plane jet-button__plane-hover\"><\/div><div class=\"jet-button__state jet-button__state-normal\"><span class=\"jet-button__label\">M\u00e9s informaci\u00f3 sobre l'iWell Guard<\/span><\/div><div class=\"jet-button__state jet-button__state-hover\"><span class=\"jet-button__label\">M\u00e9s informaci\u00f3 sobre l'iWell Guard<\/span><\/div><\/a><\/div><\/div><style>.elementor-element.elementor-element-iwgw-nanook-ccb .jet-button__instance{width:320px;height:56px;}.elementor-element.elementor-element-iwgw-nanook-ccb .jet-button__state-normal .jet-button__label{text-align:center;margin:0px 0px 0px 0px;color:#1a1b20;font-family:Montserrat,sans-serif;font-size:13px;font-weight:400;letter-spacing:4px;line-height:1.714em;text-transform:uppercase;}.elementor-element.elementor-element-iwgw-nanook-ccb .jet-button__state-hover .jet-button__label{text-align:center;margin:0px 0px 0px 0px;color:#FECC76;font-family:Montserrat,sans-serif;font-size:13px;font-weight:400;letter-spacing:4px;line-height:1.714em;text-transform:uppercase;}.elementor-element.elementor-element-iwgw-nanook-ccb .jet-button__plane-normal{background-color:#FECC76;border-style:solid;border-color:#C99540;border-width:2px 2px 2px 2px;}.elementor-element.elementor-element-iwgw-nanook-ccb .jet-button__plane-hover{background-color:rgba(0,0,0,0.55);border-style:solid;border-color:#FECC76;border-width:2px 2px 2px 2px;}<\/style>\t\t\t\t<\/div>\n\t\t\t\t<\/div>\n\t\t\t\t<div class=\"elementor-element elementor-element-iwgw-nanook-ccd elementor-widget elementor-widget-text-editor\" data-id=\"iwgw-nanook-ccd\" data-element_type=\"widget\" data-e-type=\"widget\" data-widget_type=\"text-editor.default\">\n\t\t\t\t\t\t\t\t\t<div data-nosnippet=\"true\"><p style=\"text-align:center;font-size:13px;opacity:0.7;margin-top:14px\" data-nosnippet=\"true\">Les experi\u00e8ncies personals poden variar. No \u00e9s un producte sanitari. No \u00e9s una promesa de curaci\u00f3.<\/p><\/div>\t\t\t\t\t\t\t\t<\/div>\n\t\t\t\t\t<\/div>\n\t\t\t\t<\/div>\n\t\t\t\t\t<\/div>\n\t\t\t\t<\/div>\n\t\t<div class=\"elementor-element elementor-element-iwgw-nanook-disc e-flex e-con-boxed e-con e-parent\" data-id=\"iwgw-nanook-disc\" data-element_type=\"container\" data-e-type=\"container\">\n\t\t\t\t\t<div class=\"e-con-inner\">\n\t\t\t\t<div class=\"elementor-element elementor-element-iwgw-nanook-discw elementor-widget elementor-widget-html\" data-id=\"iwgw-nanook-discw\" data-element_type=\"widget\" data-e-type=\"widget\" data-widget_type=\"html.default\">\n\t\t\t\t\t<footer data-nosnippet=\"true\" class=\"iwg-disclaimer-block\"><p data-nosnippet=\"true\">iWell Guard <strong>no \u00e9s un producte sanitari<\/strong> i no substitueix cap tractament m\u00e8dic o psicoterap\u00e8utic. Els continguts d'hist\u00f2ria de les religions s\u00f3n una classificaci\u00f3 culturohist\u00f2rica, no una recomanaci\u00f3 de pr\u00e0ctica espiritual.<\/p><\/footer>\t\t\t\t<\/div>\n\t\t\t\t\t<\/div>\n\t\t\t\t<\/div>\n\t\t\t\t<\/div>\n\t\t","protected":false},"excerpt":{"rendered":"","protected":false},"author":3,"featured_media":2876,"parent":0,"menu_order":0,"comment_status":"closed","ping_status":"closed","template":"elementor_header_footer","meta":{"_yoast_wpseo_focuskw":"Esperit \u00f3s polar inuit Nanook","_yoast_wpseo_title":"Nanook - Senyor de l'\u00d3s Polar i ajudant xam\u00e0nic dels inuit","_yoast_wpseo_metadesc":"Nanook \u00e9s el Senyor de l'\u00d3s Polar i poder\u00f3s esperit auxiliar dels xamans inuit. Classificaci\u00f3 des de la ci\u00e8ncia de la religi\u00f3 amb mite, culte i fonts.","_yoast_wpseo_meta-robots-noindex":"","_yoast_wpseo_canonical":"","_angie_page":false,"gefaehrdungsstufe":"2","wesen_kultur":"inuit","wesen_klasse":"goetter","footnotes":""},"categories":[],"class_list":["post-171757","page","type-page","status-publish","has-post-thumbnail","hentry"],"yoast_head":"<!-- This site is optimized with the Yoast SEO Premium plugin v27.7 (Yoast SEO v28.3) - https:\/\/yoast.com\/product\/yoast-seo-premium-wordpress\/ -->\n<title>Nanook - Senyor de l&#039;\u00d3s Polar i ajudant xam\u00e0nic dels inuit<\/title>\n<meta name=\"description\" content=\"Nanook \u00e9s el Senyor de l&#039;\u00d3s Polar i poder\u00f3s esperit auxiliar dels xamans inuit. Classificaci\u00f3 des de la ci\u00e8ncia de la religi\u00f3 amb mite, culte i fonts.\" \/>\n<meta name=\"robots\" content=\"index, follow, max-snippet:-1, max-image-preview:large, max-video-preview:-1\" \/>\n<link rel=\"canonical\" href=\"https:\/\/iwell-guard.com\/ca\/nanook-senyor-os-polar-inuit\/\" \/>\n<meta property=\"og:locale\" content=\"ca_ES\" \/>\n<meta property=\"og:type\" content=\"article\" \/>\n<meta property=\"og:title\" content=\"Nanook - Senyor de l&#039;\u00d3s Polar de la tradici\u00f3 inuit\" \/>\n<meta property=\"og:description\" content=\"Nanook \u00e9s el Senyor de l&#039;\u00d3s Polar i poder\u00f3s esperit auxiliar dels xamans inuit. Classificaci\u00f3 des de la ci\u00e8ncia de la religi\u00f3 amb mite, culte i fonts.\" \/>\n<meta property=\"og:url\" content=\"https:\/\/iwell-guard.com\/ca\/nanook-senyor-os-polar-inuit\/\" \/>\n<meta property=\"og:site_name\" content=\"iWell Guard\" \/>\n<meta property=\"article:modified_time\" content=\"2026-09-05T16:06:26+00:00\" \/>\n<meta property=\"og:image\" content=\"https:\/\/iwell-guard.com\/wp-content\/uploads\/2026\/05\/geister_inuit_nanook.webp\" \/>\n\t<meta property=\"og:image:width\" content=\"1024\" \/>\n\t<meta property=\"og:image:height\" content=\"1536\" \/>\n\t<meta property=\"og:image:type\" content=\"image\/webp\" \/>\n<meta name=\"twitter:card\" content=\"summary_large_image\" \/>\n<script type=\"application\/ld+json\" class=\"yoast-schema-graph\">{\"@context\":\"https:\\\/\\\/schema.org\",\"@graph\":[{\"@type\":\"WebPage\",\"@id\":\"https:\\\/\\\/iwell-guard.com\\\/ca\\\/nanook-senyor-os-polar-inuit\\\/\",\"url\":\"https:\\\/\\\/iwell-guard.com\\\/ca\\\/nanook-senyor-os-polar-inuit\\\/\",\"name\":\"Nanook - Senyor de l'\u00d3s Polar i ajudant xam\u00e0nic dels inuit\",\"isPartOf\":{\"@id\":\"https:\\\/\\\/iwell-guard.com\\\/ca\\\/#website\"},\"primaryImageOfPage\":{\"@id\":\"https:\\\/\\\/iwell-guard.com\\\/ca\\\/nanook-senyor-os-polar-inuit\\\/#primaryimage\"},\"image\":{\"@id\":\"https:\\\/\\\/iwell-guard.com\\\/ca\\\/nanook-senyor-os-polar-inuit\\\/#primaryimage\"},\"thumbnailUrl\":\"https:\\\/\\\/iwell-guard.com\\\/wp-content\\\/uploads\\\/2026\\\/05\\\/geister_inuit_nanook.webp\",\"datePublished\":\"2026-09-05T15:42:08+00:00\",\"dateModified\":\"2026-09-05T16:06:26+00:00\",\"description\":\"Nanook \u00e9s el Senyor de l'\u00d3s Polar i poder\u00f3s esperit auxiliar dels xamans inuit. Classificaci\u00f3 des de la ci\u00e8ncia de la religi\u00f3 amb mite, culte i fonts.\",\"breadcrumb\":{\"@id\":\"https:\\\/\\\/iwell-guard.com\\\/ca\\\/nanook-senyor-os-polar-inuit\\\/#breadcrumb\"},\"inLanguage\":\"ca\",\"potentialAction\":[{\"@type\":\"ReadAction\",\"target\":[\"https:\\\/\\\/iwell-guard.com\\\/ca\\\/nanook-senyor-os-polar-inuit\\\/\"]}]},{\"@type\":\"ImageObject\",\"inLanguage\":\"ca\",\"@id\":\"https:\\\/\\\/iwell-guard.com\\\/ca\\\/nanook-senyor-os-polar-inuit\\\/#primaryimage\",\"url\":\"https:\\\/\\\/iwell-guard.com\\\/wp-content\\\/uploads\\\/2026\\\/05\\\/geister_inuit_nanook.webp\",\"contentUrl\":\"https:\\\/\\\/iwell-guard.com\\\/wp-content\\\/uploads\\\/2026\\\/05\\\/geister_inuit_nanook.webp\",\"width\":1024,\"height\":1536,\"caption\":\"Esperits de la tradici\u00f3 inuit.\"},{\"@type\":\"BreadcrumbList\",\"@id\":\"https:\\\/\\\/iwell-guard.com\\\/ca\\\/nanook-senyor-os-polar-inuit\\\/#breadcrumb\",\"itemListElement\":[{\"@type\":\"ListItem\",\"position\":1,\"name\":\"Start\",\"item\":\"https:\\\/\\\/iwell-guard.com\\\/ca\\\/?page_id=171333\"},{\"@type\":\"ListItem\",\"position\":2,\"name\":\"Nanook &#8211; Senyor de l&#8217;\u00d3s Polar de la tradici\u00f3 inuit\"}]},{\"@type\":\"WebSite\",\"@id\":\"https:\\\/\\\/iwell-guard.com\\\/ca\\\/#website\",\"url\":\"https:\\\/\\\/iwell-guard.com\\\/ca\\\/\",\"name\":\"iWell Guard\",\"description\":\"Schutz vor dunklen Einfl\u00fcssen\",\"publisher\":{\"@id\":\"https:\\\/\\\/iwell-guard.com\\\/ca\\\/#organization\"},\"potentialAction\":[{\"@type\":\"SearchAction\",\"target\":{\"@type\":\"EntryPoint\",\"urlTemplate\":\"https:\\\/\\\/iwell-guard.com\\\/ca\\\/?s={search_term_string}\"},\"query-input\":{\"@type\":\"PropertyValueSpecification\",\"valueRequired\":true,\"valueName\":\"search_term_string\"}}],\"inLanguage\":\"ca\"},{\"@type\":\"Organization\",\"@id\":\"https:\\\/\\\/iwell-guard.com\\\/ca\\\/#organization\",\"name\":\"Ittermann electronic GmbH\",\"url\":\"https:\\\/\\\/iwell-guard.com\\\/ca\\\/\",\"logo\":{\"@type\":\"ImageObject\",\"inLanguage\":\"ca\",\"@id\":\"https:\\\/\\\/iwell-guard.com\\\/ca\\\/#\\\/schema\\\/logo\\\/image\\\/\",\"url\":\"https:\\\/\\\/iwell-guard.com\\\/wp-content\\\/uploads\\\/2026\\\/05\\\/Ittermann-Logo-1182x237-1.png\",\"contentUrl\":\"https:\\\/\\\/iwell-guard.com\\\/wp-content\\\/uploads\\\/2026\\\/05\\\/Ittermann-Logo-1182x237-1.png\",\"width\":1182,\"height\":237,\"caption\":\"Ittermann electronic GmbH\"},\"image\":{\"@id\":\"https:\\\/\\\/iwell-guard.com\\\/ca\\\/#\\\/schema\\\/logo\\\/image\\\/\"},\"sameAs\":[\"https:\\\/\\\/pantip.com\\\/profile\\\/9367242\",\"https:\\\/\\\/micro.blog\\\/iwellguard\",\"https:\\\/\\\/www.diggerslist.com\\\/iwellguard\\\/about\",\"https:\\\/\\\/skitterphoto.com\\\/photographers\\\/2870314\\\/iwell-guard\",\"https:\\\/\\\/iwellguard.wordpress.com\\\/2026\\\/06\\\/06\\\/iwell-guard\\\/\",\"https:\\\/\\\/hub.docker.com\\\/u\\\/iwellguard\",\"https:\\\/\\\/www.pinterest.com\\\/iwellguard\\\/\",\"https:\\\/\\\/bit.ly\\\/m\\\/iwellguard\",\"https:\\\/\\\/entre-vos-mains.alsace.eu\\\/profiles\\\/iwellguard\\\/activity\",\"https:\\\/\\\/gravatar.com\\\/reallybeded8fd34\",\"https:\\\/\\\/naijamatta.com\\\/iwellguard\",\"https:\\\/\\\/www.goodreads.com\\\/iwellguard\",\"https:\\\/\\\/profile.hatena.ne.jp\\\/iwellguard\\\/\",\"https:\\\/\\\/experiment.com\\\/users\\\/iwellguard\",\"https:\\\/\\\/wakelet.com\\\/@iWellGuard82270\",\"https:\\\/\\\/www.chordie.com\\\/forum\\\/profile.php?id=2555664\",\"https:\\\/\\\/www.instapaper.com\\\/p\\\/17757966\",\"https:\\\/\\\/www.mapleprimes.com\\\/users\\\/iwellguard\",\"https:\\\/\\\/businesslistingplus.com\\\/profile\\\/iwell-guard\\\/\",\"https:\\\/\\\/telegra.ph\\\/iWell-Guard-06-06\",\"https:\\\/\\\/pbase.com\\\/iwellguard\\\/iwellguard\",\"https:\\\/\\\/b.hatena.ne.jp\\\/iwellguard\\\/20260607#bookmark-4788405196491818882\",\"https:\\\/\\\/fliphtml5.com\\\/home\\\/iwellguard\",\"https:\\\/\\\/anyflip.com\\\/homepage\\\/cmiwl#About\",\"https:\\\/\\\/transfur.com\\\/Users\\\/iwellguard\",\"http:\\\/\\\/delphi.larsbo.org\\\/user\\\/iwellguard\",\"https:\\\/\\\/jobs.lajobsportal.org\\\/profiles\\\/8380803-iwell-guard\",\"https:\\\/\\\/md.chaosdorf.de\\\/s\\\/jfbe5SBdJD\",\"https:\\\/\\\/www.lingvolive.com\\\/en-us\\\/profile\\\/9ecaeaca-ce11-4e51-9e71-01d55e2bff36\\\/translations\",\"https:\\\/\\\/www.fitday.com\\\/fitness\\\/forums\\\/members\\\/iwellguard.html\",\"https:\\\/\\\/www.mymeetbook.com\\\/iwellguard\",\"https:\\\/\\\/pxhere.com\\\/en\\\/photographer-me\\\/5040798\",\"https:\\\/\\\/disqus.com\\\/by\\\/iwellguard\\\/about\\\/\",\"https:\\\/\\\/pastelink.net\\\/hjwciqwq\",\"https:\\\/\\\/pubhtml5.com\\\/homepage\\\/scjhn\\\/\",\"https:\\\/\\\/www.bitchute.com\\\/channel\\\/2O2eOKzNqujT\",\"https:\\\/\\\/audiomack.com\\\/iwellguard\"]},{\"@type\":\"Article\",\"@id\":\"https:\\\/\\\/iwell-guard.com\\\/ca\\\/nanook-senyor-os-polar-inuit\\\/#article\",\"isPartOf\":{\"@id\":\"https:\\\/\\\/iwell-guard.com\\\/ca\\\/nanook-senyor-os-polar-inuit\\\/\"},\"author\":{\"name\":\"Ralf Ittermann\",\"@id\":\"https:\\\/\\\/iwell-guard.com\\\/ca\\\/#\\\/schema\\\/person\\\/ee2a27f1cac3406c7c6fb5820cb7349f\"},\"headline\":\"Nanook &#8211; Senyor de l&#8217;\u00d3s Polar de la tradici\u00f3 inuit\",\"datePublished\":\"2026-09-05T15:42:08+00:00\",\"dateModified\":\"2026-09-05T16:06:26+00:00\",\"mainEntityOfPage\":{\"@id\":\"https:\\\/\\\/iwell-guard.com\\\/ca\\\/nanook-senyor-os-polar-inuit\\\/\"},\"publisher\":{\"@id\":\"https:\\\/\\\/iwell-guard.com\\\/ca\\\/#organization\"},\"image\":{\"@id\":\"https:\\\/\\\/iwell-guard.com\\\/ca\\\/nanook-senyor-os-polar-inuit\\\/#primaryimage\"},\"thumbnailUrl\":\"https:\\\/\\\/iwell-guard.com\\\/wp-content\\\/uploads\\\/2026\\\/05\\\/geister_inuit_nanook.webp\",\"inLanguage\":\"ca\",\"description\":\"Nanook \u00e9s el Senyor de l'\u00d3s Polar i poder\u00f3s esperit auxiliar dels xamans inuit. Classificaci\u00f3 des de la ci\u00e8ncia de la religi\u00f3 amb mite, culte i fonts.\"}]}<\/script>\n<!-- \/ Yoast SEO Premium plugin. -->","yoast_head_json":{"title":"Nanook - Senyor de l'\u00d3s Polar i ajudant xam\u00e0nic dels inuit","description":"Nanook \u00e9s el Senyor de l'\u00d3s Polar i poder\u00f3s esperit auxiliar dels xamans inuit. Classificaci\u00f3 des de la ci\u00e8ncia de la religi\u00f3 amb mite, culte i fonts.","robots":{"index":"index","follow":"follow","max-snippet":"max-snippet:-1","max-image-preview":"max-image-preview:large","max-video-preview":"max-video-preview:-1"},"canonical":"https:\/\/iwell-guard.com\/ca\/nanook-senyor-os-polar-inuit\/","og_locale":"ca_ES","og_type":"article","og_title":"Nanook - Senyor de l'\u00d3s Polar de la tradici\u00f3 inuit","og_description":"Nanook \u00e9s el Senyor de l'\u00d3s Polar i poder\u00f3s esperit auxiliar dels xamans inuit. Classificaci\u00f3 des de la ci\u00e8ncia de la religi\u00f3 amb mite, culte i fonts.","og_url":"https:\/\/iwell-guard.com\/ca\/nanook-senyor-os-polar-inuit\/","og_site_name":"iWell Guard","article_modified_time":"2026-09-05T16:06:26+00:00","og_image":[{"width":1024,"height":1536,"url":"https:\/\/iwell-guard.com\/wp-content\/uploads\/2026\/05\/geister_inuit_nanook.webp","type":"image\/webp"}],"twitter_card":"summary_large_image","schema":{"@context":"https:\/\/schema.org","@graph":[{"@type":"Article","@id":"https:\/\/iwell-guard.com\/ca\/nanook-senyor-os-polar-inuit\/#article","isPartOf":{"@id":"https:\/\/iwell-guard.com\/ca\/nanook-senyor-os-polar-inuit\/"},"author":{"name":"Ralf Ittermann","@id":"https:\/\/iwell-guard.com\/ca\/#\/schema\/person\/ee2a27f1cac3406c7c6fb5820cb7349f"},"headline":"Nanook &#8211; Senyor de l&#8217;\u00d3s Polar de la tradici\u00f3 inuit","datePublished":"2026-09-05T15:42:08+00:00","dateModified":"2026-09-05T16:06:26+00:00","mainEntityOfPage":{"@id":"https:\/\/iwell-guard.com\/ca\/nanook-senyor-os-polar-inuit\/"},"publisher":{"@id":"https:\/\/iwell-guard.com\/ca\/#organization"},"image":{"@id":"https:\/\/iwell-guard.com\/ca\/nanook-senyor-os-polar-inuit\/#primaryimage"},"thumbnailUrl":"https:\/\/iwell-guard.com\/wp-content\/uploads\/2026\/05\/geister_inuit_nanook.webp","inLanguage":"ca","description":"Nanook \u00e9s el Senyor de l'\u00d3s Polar i poder\u00f3s esperit auxiliar dels xamans inuit. Classificaci\u00f3 des de la ci\u00e8ncia de la religi\u00f3 amb mite, culte i fonts."},{"@type":"WebPage","@id":"https:\/\/iwell-guard.com\/ca\/nanook-senyor-os-polar-inuit\/","url":"https:\/\/iwell-guard.com\/ca\/nanook-senyor-os-polar-inuit\/","name":"Nanook - Senyor de l'\u00d3s Polar i ajudant xam\u00e0nic dels inuit","isPartOf":{"@id":"https:\/\/iwell-guard.com\/ca\/#website"},"primaryImageOfPage":{"@id":"https:\/\/iwell-guard.com\/ca\/nanook-senyor-os-polar-inuit\/#primaryimage"},"image":{"@id":"https:\/\/iwell-guard.com\/ca\/nanook-senyor-os-polar-inuit\/#primaryimage"},"thumbnailUrl":"https:\/\/iwell-guard.com\/wp-content\/uploads\/2026\/05\/geister_inuit_nanook.webp","datePublished":"2026-09-05T15:42:08+00:00","dateModified":"2026-09-05T16:06:26+00:00","description":"Nanook \u00e9s el Senyor de l'\u00d3s Polar i poder\u00f3s esperit auxiliar dels xamans inuit. Classificaci\u00f3 des de la ci\u00e8ncia de la religi\u00f3 amb mite, culte i fonts.","breadcrumb":{"@id":"https:\/\/iwell-guard.com\/ca\/nanook-senyor-os-polar-inuit\/#breadcrumb"},"inLanguage":"ca","potentialAction":[{"@type":"ReadAction","target":["https:\/\/iwell-guard.com\/ca\/nanook-senyor-os-polar-inuit\/"]}]},{"@type":"ImageObject","inLanguage":"ca","@id":"https:\/\/iwell-guard.com\/ca\/nanook-senyor-os-polar-inuit\/#primaryimage","url":"https:\/\/iwell-guard.com\/wp-content\/uploads\/2026\/05\/geister_inuit_nanook.webp","contentUrl":"https:\/\/iwell-guard.com\/wp-content\/uploads\/2026\/05\/geister_inuit_nanook.webp","width":1024,"height":1536,"caption":"Esperits de la tradici\u00f3 inuit."},{"@type":"BreadcrumbList","@id":"https:\/\/iwell-guard.com\/ca\/nanook-senyor-os-polar-inuit\/#breadcrumb","itemListElement":[{"@type":"ListItem","position":1,"name":"Start","item":"https:\/\/iwell-guard.com\/ca\/?page_id=171333"},{"@type":"ListItem","position":2,"name":"Nanook &#8211; Senyor de l&#8217;\u00d3s Polar de la tradici\u00f3 inuit"}]},{"@type":"WebSite","@id":"https:\/\/iwell-guard.com\/ca\/#website","url":"https:\/\/iwell-guard.com\/ca\/","name":"iWell Guard","description":"Schutz vor dunklen Einfl\u00fcssen","publisher":{"@id":"https:\/\/iwell-guard.com\/ca\/#organization"},"potentialAction":[{"@type":"SearchAction","target":{"@type":"EntryPoint","urlTemplate":"https:\/\/iwell-guard.com\/ca\/?s={search_term_string}"},"query-input":{"@type":"PropertyValueSpecification","valueRequired":true,"valueName":"search_term_string"}}],"inLanguage":"ca"},{"@type":"Organization","@id":"https:\/\/iwell-guard.com\/ca\/#organization","name":"Ittermann electronic GmbH","url":"https:\/\/iwell-guard.com\/ca\/","logo":{"@type":"ImageObject","inLanguage":"ca","@id":"https:\/\/iwell-guard.com\/ca\/#\/schema\/logo\/image\/","url":"https:\/\/iwell-guard.com\/wp-content\/uploads\/2026\/05\/Ittermann-Logo-1182x237-1.png","contentUrl":"https:\/\/iwell-guard.com\/wp-content\/uploads\/2026\/05\/Ittermann-Logo-1182x237-1.png","width":1182,"height":237,"caption":"Ittermann electronic GmbH"},"image":{"@id":"https:\/\/iwell-guard.com\/ca\/#\/schema\/logo\/image\/"},"sameAs":["https:\/\/pantip.com\/profile\/9367242","https:\/\/micro.blog\/iwellguard","https:\/\/www.diggerslist.com\/iwellguard\/about","https:\/\/skitterphoto.com\/photographers\/2870314\/iwell-guard","https:\/\/iwellguard.wordpress.com\/2026\/06\/06\/iwell-guard\/","https:\/\/hub.docker.com\/u\/iwellguard","https:\/\/www.pinterest.com\/iwellguard\/","https:\/\/bit.ly\/m\/iwellguard","https:\/\/entre-vos-mains.alsace.eu\/profiles\/iwellguard\/activity","https:\/\/gravatar.com\/reallybeded8fd34","https:\/\/naijamatta.com\/iwellguard","https:\/\/www.goodreads.com\/iwellguard","https:\/\/profile.hatena.ne.jp\/iwellguard\/","https:\/\/experiment.com\/users\/iwellguard","https:\/\/wakelet.com\/@iWellGuard82270","https:\/\/www.chordie.com\/forum\/profile.php?id=2555664","https:\/\/www.instapaper.com\/p\/17757966","https:\/\/www.mapleprimes.com\/users\/iwellguard","https:\/\/businesslistingplus.com\/profile\/iwell-guard\/","https:\/\/telegra.ph\/iWell-Guard-06-06","https:\/\/pbase.com\/iwellguard\/iwellguard","https:\/\/b.hatena.ne.jp\/iwellguard\/20260607#bookmark-4788405196491818882","https:\/\/fliphtml5.com\/home\/iwellguard","https:\/\/anyflip.com\/homepage\/cmiwl#About","https:\/\/transfur.com\/Users\/iwellguard","http:\/\/delphi.larsbo.org\/user\/iwellguard","https:\/\/jobs.lajobsportal.org\/profiles\/8380803-iwell-guard","https:\/\/md.chaosdorf.de\/s\/jfbe5SBdJD","https:\/\/www.lingvolive.com\/en-us\/profile\/9ecaeaca-ce11-4e51-9e71-01d55e2bff36\/translations","https:\/\/www.fitday.com\/fitness\/forums\/members\/iwellguard.html","https:\/\/www.mymeetbook.com\/iwellguard","https:\/\/pxhere.com\/en\/photographer-me\/5040798","https:\/\/disqus.com\/by\/iwellguard\/about\/","https:\/\/pastelink.net\/hjwciqwq","https:\/\/pubhtml5.com\/homepage\/scjhn\/","https:\/\/www.bitchute.com\/channel\/2O2eOKzNqujT","https:\/\/audiomack.com\/iwellguard"]},{"@type":"Person","@id":"https:\/\/iwell-guard.com\/ca\/#\/schema\/person\/ee2a27f1cac3406c7c6fb5820cb7349f","name":"Ralf Ittermann","image":{"@type":"ImageObject","inLanguage":"ca","@id":"https:\/\/secure.gravatar.com\/avatar\/073c0153e350a5005b68eb752b445fea71f6b24a26da9449ad7e155e6b446c9d?s=96&d=mm&r=g","url":"https:\/\/secure.gravatar.com\/avatar\/073c0153e350a5005b68eb752b445fea71f6b24a26da9449ad7e155e6b446c9d?s=96&d=mm&r=g","contentUrl":"https:\/\/secure.gravatar.com\/avatar\/073c0153e350a5005b68eb752b445fea71f6b24a26da9449ad7e155e6b446c9d?s=96&d=mm&r=g","caption":"Ralf Ittermann"},"givenName":"Ralf","familyName":"Ittermann","jobTitle":"Gesch\u00e4ftsf\u00fchrer und redaktioneller Verantwortlicher","url":"https:\/\/iwell-guard.com\/ca\/author\/claude\/","description":"Ralf Ittermann ist Gesch\u00e4ftsf\u00fchrer der Ittermann electronic GmbH und redaktioneller Verantwortlicher des iWell-Guard-Lexikons. Er verbindet langj\u00e4hrige Erfahrung in der Pr\u00e4zisionsfertigung mit medialer Praxis und religionsgeschichtlicher Quellenarbeit.","worksFor":{"@type":"Organization","name":"Ittermann electronic GmbH","url":"https:\/\/ittermann.de\/","address":{"@type":"PostalAddress","streetAddress":"K\u00f6hlergasse 16-18","postalCode":"99842","addressLocality":"Ruhla","addressCountry":"DE"}},"knowsAbout":["Religionsgeschichte","Mythologie","Mediale Praxis","Energetische Diagnostik","Schutzpraxis","Volksglauben","Westliche Esoterik"]},{"@type":"Article","@id":"https:\/\/iwell-guard.com\/ca\/nanook-senyor-os-polar-inuit\/#article","isPartOf":{"@id":"https:\/\/iwell-guard.com\/ca\/nanook-senyor-os-polar-inuit\/"},"author":{"name":"Ralf Ittermann","@id":"https:\/\/iwell-guard.com\/ca\/#\/schema\/person\/ee2a27f1cac3406c7c6fb5820cb7349f"},"headline":"Nanook &#8211; Senyor de l&#8217;\u00d3s Polar de la tradici\u00f3 inuit","datePublished":"2026-09-05T15:42:08+00:00","dateModified":"2026-09-05T16:06:26+00:00","mainEntityOfPage":{"@id":"https:\/\/iwell-guard.com\/ca\/nanook-senyor-os-polar-inuit\/"},"publisher":{"@id":"https:\/\/iwell-guard.com\/ca\/#organization"},"image":{"@id":"https:\/\/iwell-guard.com\/ca\/nanook-senyor-os-polar-inuit\/#primaryimage"},"thumbnailUrl":"https:\/\/iwell-guard.com\/wp-content\/uploads\/2026\/05\/geister_inuit_nanook.webp","inLanguage":"ca","description":"Nanook \u00e9s el Senyor de l'\u00d3s Polar i poder\u00f3s esperit auxiliar dels xamans inuit. Classificaci\u00f3 des de la ci\u00e8ncia de la religi\u00f3 amb mite, culte i fonts."}]}},"_links":{"self":[{"href":"https:\/\/iwell-guard.com\/ca\/wp-json\/wp\/v2\/pages\/171757","targetHints":{"allow":["GET"]}}],"collection":[{"href":"https:\/\/iwell-guard.com\/ca\/wp-json\/wp\/v2\/pages"}],"about":[{"href":"https:\/\/iwell-guard.com\/ca\/wp-json\/wp\/v2\/types\/page"}],"author":[{"embeddable":true,"href":"https:\/\/iwell-guard.com\/ca\/wp-json\/wp\/v2\/users\/3"}],"replies":[{"embeddable":true,"href":"https:\/\/iwell-guard.com\/ca\/wp-json\/wp\/v2\/comments?post=171757"}],"version-history":[{"count":0,"href":"https:\/\/iwell-guard.com\/ca\/wp-json\/wp\/v2\/pages\/171757\/revisions"}],"wp:featuredmedia":[{"embeddable":true,"href":"https:\/\/iwell-guard.com\/ca\/wp-json\/wp\/v2\/media\/2876"}],"wp:attachment":[{"href":"https:\/\/iwell-guard.com\/ca\/wp-json\/wp\/v2\/media?parent=171757"}],"wp:term":[{"taxonomy":"category","embeddable":true,"href":"https:\/\/iwell-guard.com\/ca\/wp-json\/wp\/v2\/categories?post=171757"}],"curies":[{"name":"wp","href":"https:\/\/api.w.org\/{rel}","templated":true}]}}