{"id":171752,"date":"2026-09-05T15:42:05","date_gmt":"2026-09-05T15:42:05","guid":{"rendered":"https:\/\/iwell-guard.com\/?page_id=171752"},"modified":"2026-09-05T16:06:20","modified_gmt":"2026-09-05T16:06:20","slug":"sila-ale-del-mon-senyor-del-temps-inuit","status":"publish","type":"page","link":"https:\/\/iwell-guard.com\/ca\/sila-ale-del-mon-senyor-del-temps-inuit\/","title":{"rendered":"Sila &#8211; Al\u00e8 del m\u00f3n i senyor del temps dels inuit"},"content":{"rendered":"\t\t<div data-elementor-type=\"wp-page\" data-elementor-id=\"171752\" class=\"elementor elementor-171752 elementor-2655 elementor-bc-flex-widget\" data-elementor-post-type=\"page\">\n\t\t\t\t<div class=\"elementor-element elementor-element-iwgw-sila-hero e-flex e-con-boxed e-con e-parent\" data-id=\"iwgw-sila-hero\" data-element_type=\"container\" data-e-type=\"container\" data-settings=\"{&quot;background_background&quot;:&quot;classic&quot;}\">\n\t\t\t\t\t<div class=\"e-con-inner\">\n\t\t<div class=\"elementor-element elementor-element-iwgw-sila-hl e-flex e-con-boxed e-con e-child\" data-id=\"iwgw-sila-hl\" data-element_type=\"container\" data-e-type=\"container\">\n\t\t\t\t\t<div class=\"e-con-inner\">\n\t\t<div class=\"elementor-element elementor-element-iwgw-sila-htxt e-con-full e-flex e-con e-child\" data-id=\"iwgw-sila-htxt\" data-element_type=\"container\" data-e-type=\"container\">\n\t\t\t\t<div class=\"elementor-element elementor-element-iwgw-sila-h1 elementor-widget elementor-widget-heading\" data-id=\"iwgw-sila-h1\" data-element_type=\"widget\" data-e-type=\"widget\" data-widget_type=\"heading.default\">\n\t\t\t\t\t<h1 class=\"elementor-heading-title elementor-size-default\">Sila - Al\u00e8 del m\u00f3n, temps i consci\u00e8ncia en el pensament inuit<\/h1>\t\t\t\t<\/div>\n\t\t\t\t<div class=\"elementor-element elementor-element-iwgw-sila-lead elementor-widget elementor-widget-text-editor\" data-id=\"iwgw-sila-lead\" data-element_type=\"widget\" data-e-type=\"widget\" data-widget_type=\"text-editor.default\">\n\t\t\t\t\t\t\t\t\t<p>Sila, en la concepci\u00f3 dels <a href=\"https:\/\/iwell-guard.com\/ca\/inuit-artic-sedna-tornit-proteccio\/\">inuit<\/a> de l&#8217;\u00c0rtic central, no \u00e9s un d\u00e9u personal en sentit estricte, sin\u00f3 el principi ordenador de l&#8217;aire, el temps, l&#8217;al\u00e8 i la ra\u00f3.<\/p><p>Qui coneix Sila coneix alhora el temps, el pensament i l&#8217;ordre del m\u00f3n, ja que la llengua inuit reuneix aquestes esferes en un \u00fanic terme. Des del punt de vista de les ci\u00e8ncies de la religi\u00f3, Sila \u00e9s un dels conceptes m\u00e9s profunds de tota la hist\u00f2ria religiosa circumpolar.<\/p>\t\t\t\t\t\t\t\t<\/div>\n\t\t\t\t<\/div>\n\t\t<div class=\"elementor-element elementor-element-iwgw-sila-pillc e-con-full e-flex e-con e-child\" data-id=\"iwgw-sila-pillc\" data-element_type=\"container\" data-e-type=\"container\">\n\t\t\t\t<div class=\"elementor-element elementor-element-iwgw-sila-pills elementor-widget elementor-widget-html\" data-id=\"iwgw-sila-pills\" data-element_type=\"widget\" data-e-type=\"widget\" data-widget_type=\"html.default\">\n\t\t\t\t\t<div class=\"iwg-pill-row\"><span class=\"iwg-klasse-badge\" tabindex=\"0\" data-tooltip=\"Esperit del temps de la tradici\u00f3 inuit.\">Esperit del temps<\/span><a href=\"https:\/\/iwell-guard.com\/ca\/inuit-artic-sedna-tornit-proteccio\/\" class=\"iwg-kultur-badge\" tabindex=\"0\" data-tooltip=\"Mitologia de la tradici\u00f3 inuit.\">Inuit<\/a><span class=\"iwg-tradition-badge\" tabindex=\"0\" data-tooltip=\"Principi del m\u00f3n i del temps.\">Principi del m\u00f3n i del temps<\/span><\/div>\t\t\t\t<\/div>\n\t\t\t\t<\/div>\n\t\t<div class=\"elementor-element elementor-element-iwgw-sila-tocc e-con-full e-flex e-con e-child\" data-id=\"iwgw-sila-tocc\" data-element_type=\"container\" data-e-type=\"container\">\n\t\t\t\t<div class=\"elementor-element elementor-element-iwgw-sila-toc elementor-toc--minimized-on-tablet elementor-widget elementor-widget-table-of-contents\" data-id=\"iwgw-sila-toc\" data-element_type=\"widget\" data-e-type=\"widget\" data-settings=\"{&quot;headings_by_tags&quot;:[&quot;h2&quot;,&quot;h3&quot;],&quot;minimize_box&quot;:&quot;yes&quot;,&quot;marker_view&quot;:&quot;bullets&quot;,&quot;no_headings_message&quot;:&quot;No s&#039;ha trobat cap encap\\u00e7alament en aquesta p\\u00e0gina.&quot;,&quot;exclude_headings_by_selector&quot;:[],&quot;icon&quot;:{&quot;value&quot;:&quot;fas fa-circle&quot;,&quot;library&quot;:&quot;fa-solid&quot;,&quot;rendered_tag&quot;:&quot;&lt;svg class=\\&quot;e-font-icon-svg e-fas-circle\\&quot; viewBox=\\&quot;0 0 512 512\\&quot; xmlns=\\&quot;http:\\\/\\\/www.w3.org\\\/2000\\\/svg\\&quot;&gt;&lt;path d=\\&quot;M256 8C119 8 8 119 8 256s111 248 248 248 248-111 248-248S393 8 256 8z\\&quot;&gt;&lt;\\\/path&gt;&lt;\\\/svg&gt;&quot;},&quot;minimized_on&quot;:&quot;tablet&quot;,&quot;hierarchical_view&quot;:&quot;yes&quot;,&quot;min_height&quot;:{&quot;unit&quot;:&quot;px&quot;,&quot;size&quot;:&quot;&quot;,&quot;sizes&quot;:[]},&quot;min_height_tablet&quot;:{&quot;unit&quot;:&quot;px&quot;,&quot;size&quot;:&quot;&quot;,&quot;sizes&quot;:[]},&quot;min_height_mobile&quot;:{&quot;unit&quot;:&quot;px&quot;,&quot;size&quot;:&quot;&quot;,&quot;sizes&quot;:[]}}\" data-widget_type=\"table-of-contents.default\">\n\t\t\t\t\t\t\t\t\t<div class=\"elementor-toc__header\">\n\t\t\t\t\t\t<h2 class=\"elementor-toc__header-title\">\n\t\t\t\t\u00cdndex\t\t\t<\/h2>\n\t\t\t\t\t\t\t\t\t\t<div class=\"elementor-toc__toggle-button elementor-toc__toggle-button--expand\" role=\"button\" tabindex=\"0\" aria-controls=\"elementor-toc__iwgw-sila-toc\" aria-expanded=\"true\" aria-label=\"Open table of contents\"><svg aria-hidden=\"true\" class=\"e-font-icon-svg e-fas-chevron-down\" viewBox=\"0 0 448 512\" xmlns=\"http:\/\/www.w3.org\/2000\/svg\"><path d=\"M207.029 381.476L12.686 187.132c-9.373-9.373-9.373-24.569 0-33.941l22.667-22.667c9.357-9.357 24.522-9.375 33.901-.04L224 284.505l154.745-154.021c9.379-9.335 24.544-9.317 33.901.04l22.667 22.667c9.373 9.373 9.373 24.569 0 33.941L240.971 381.476c-9.373 9.372-24.569 9.372-33.942 0z\"><\/path><\/svg><\/div>\n\t\t\t\t<div class=\"elementor-toc__toggle-button elementor-toc__toggle-button--collapse\" role=\"button\" tabindex=\"0\" aria-controls=\"elementor-toc__iwgw-sila-toc\" aria-expanded=\"true\" aria-label=\"Close table of contents\"><svg aria-hidden=\"true\" class=\"e-font-icon-svg e-fas-chevron-up\" viewBox=\"0 0 448 512\" xmlns=\"http:\/\/www.w3.org\/2000\/svg\"><path d=\"M240.971 130.524l194.343 194.343c9.373 9.373 9.373 24.569 0 33.941l-22.667 22.667c-9.357 9.357-24.522 9.375-33.901.04L224 227.495 69.255 381.516c-9.379 9.335-24.544 9.317-33.901-.04l-22.667-22.667c-9.373-9.373-9.373-24.569 0-33.941L207.03 130.525c9.372-9.373 24.568-9.373 33.941-.001z\"><\/path><\/svg><\/div>\n\t\t\t\t\t<\/div>\n\t\t\t\t<div id=\"elementor-toc__iwgw-sila-toc\" class=\"elementor-toc__body\">\n\t\t\t<div class=\"elementor-toc__spinner-container\">\n\t\t\t\t<svg class=\"elementor-toc__spinner eicon-animation-spin e-font-icon-svg e-eicon-loading\" aria-hidden=\"true\" viewBox=\"0 0 1000 1000\" xmlns=\"http:\/\/www.w3.org\/2000\/svg\"><path d=\"M500 975V858C696 858 858 696 858 500S696 142 500 142 142 304 142 500H25C25 237 238 25 500 25S975 237 975 500 763 975 500 975Z\"><\/path><\/svg>\t\t\t<\/div>\n\t\t<\/div>\n\t\t\t\t\t\t<\/div>\n\t\t\t\t<\/div>\n\t\t\t\t\t<\/div>\n\t\t\t\t<\/div>\n\t\t<div class=\"elementor-element elementor-element-iwgw-sila-hr e-con-full e-flex e-con e-child\" data-id=\"iwgw-sila-hr\" data-element_type=\"container\" data-e-type=\"container\">\n\t\t\t\t<div class=\"elementor-element elementor-element-iwgw-sila-heroimg iwg-hero-image elementor-widget elementor-widget-image\" data-id=\"iwgw-sila-heroimg\" data-element_type=\"widget\" data-e-type=\"widget\" data-widget_type=\"image.default\">\n\t\t\t\t\t\t\t\t\t\t\t\t\t\t\t<img fetchpriority=\"high\" decoding=\"async\" width=\"683\" height=\"1024\" src=\"https:\/\/iwell-guard.com\/wp-content\/uploads\/2026\/05\/geister_inuit_sila-683x1024.webp\" class=\"attachment-large size-large wp-image-2879\" alt=\"Sila \u2013 Al\u00e8 del m\u00f3n i senyor del temps dels inuit\" srcset=\"https:\/\/iwell-guard.com\/wp-content\/uploads\/2026\/05\/geister_inuit_sila-683x1024.webp 683w, https:\/\/iwell-guard.com\/wp-content\/uploads\/2026\/05\/geister_inuit_sila-200x300.webp 200w, https:\/\/iwell-guard.com\/wp-content\/uploads\/2026\/05\/geister_inuit_sila-768x1152.webp 768w, https:\/\/iwell-guard.com\/wp-content\/uploads\/2026\/05\/geister_inuit_sila.webp 1024w\" sizes=\"(max-width: 683px) 100vw, 683px\" \/>\t\t\t\t\t\t\t\t\t\t\t\t\t\t\t<\/div>\n\t\t\t\t<\/div>\n\t\t\t\t\t<\/div>\n\t\t\t\t<\/div>\n\t\t<div class=\"elementor-element elementor-element-iwgw-sila-s0 e-flex e-con-boxed e-con e-parent\" data-id=\"iwgw-sila-s0\" data-element_type=\"container\" data-e-type=\"container\">\n\t\t\t\t\t<div class=\"e-con-inner\">\n\t\t\t\t<div class=\"elementor-element elementor-element-iwgw-sila-s0h elementor-widget elementor-widget-heading\" data-id=\"iwgw-sila-s0h\" data-element_type=\"widget\" data-e-type=\"widget\" data-widget_type=\"heading.default\">\n\t\t\t\t\t<h2 class=\"elementor-heading-title elementor-size-default\">Classificaci\u00f3 i perfil breu<\/h2>\t\t\t\t<\/div>\n\t\t<div class=\"elementor-element elementor-element-iwgw-sila-s0c e-con-full e-flex e-con e-child\" data-id=\"iwgw-sila-s0c\" data-element_type=\"container\" data-e-type=\"container\">\n\t\t\t\t<div class=\"elementor-element elementor-element-iwgw-sila-s0t elementor-widget elementor-widget-text-editor\" data-id=\"iwgw-sila-s0t\" data-element_type=\"widget\" data-e-type=\"widget\" data-widget_type=\"text-editor.default\">\n\t\t\t\t\t\t\t\t\t<p>Sila pertany, en la classificaci\u00f3 de les ci\u00e8ncies de la religi\u00f3, al redu\u00eft grup de conceptes que designen alhora un principi cosmol\u00f2gic, meteorol\u00f2gic i epist\u00e8mic. Knud Rasmussen, que va identificar el terme en els seus apunts de la 5a Expedici\u00f3 Thule com a clau religiosa dels inuit de l&#8217;\u00c0rtic central, el va traduir com a ra\u00f3 del m\u00f3n, mentre que altres autors com Daniel Merkur i Fr\u00e9d\u00e9ric Laugrand parlen de l&#8217;al\u00e8 del m\u00f3n.<\/p><p>Aquesta amplitud de traduccions no \u00e9s expressi\u00f3 d&#8217;imprecisi\u00f3, sin\u00f3 que respon a la profunditat sem\u00e0ntica de la mateixa paraula, que no t\u00e9 una correspond\u00e8ncia directa en el vocabulari occidental.<\/p><p>A difer\u00e8ncia de <a href=\"https:\/\/iwell-guard.com\/ca\/?page_id=171751\">Sedna<\/a>, Sila no s&#8217;insereix en una biografia narrativa. Sila no t\u00e9 dits, ni barca, ni pare, ni promesos. Sila \u00e9s la condici\u00f3 invisible i omnipresent en la qual es mouen els animals i les persones.<\/p><p>Precisament per aix\u00f2, els inuit consideren el temps com la manifestaci\u00f3 d&#8217;una inst\u00e0ncia reflexiva, observadora i de vegades punitiva. La mediaci\u00f3 entre l&#8217;\u00e9sser hum\u00e0 i el m\u00f3n es produeix mitjan\u00e7ant l&#8217;al\u00e8 del m\u00f3n mateix, sense que calgui representar cap d\u00e9u.<\/p><p>Aquesta doble determinaci\u00f3 com a temps i com a ra\u00f3 converteix Sila en un concepte pont entre la percepci\u00f3 de la natura i la reflexi\u00f3 religiosa. El debat clim\u00e0tic actual ha recuperat el terme: quan els ancians inuit diuen que Sila ha canviat, no es refereixen nom\u00e9s al temps, sin\u00f3 a un ordre del m\u00f3n en crisi.<\/p><p>Aquesta actualitat fa de Sila potser el concepte m\u00e9s viu de tota la hist\u00f2ria religiosa inuit i el distingeix dels conceptes purament hist\u00f2rics d&#8217;altres religions.<\/p>\t\t\t\t\t\t\t\t<\/div>\n\t\t\t\t<\/div>\n\t\t\t\t\t<\/div>\n\t\t\t\t<\/div>\n\t\t<div class=\"elementor-element elementor-element-iwgw-sila-s1 e-flex e-con-boxed e-con e-parent\" data-id=\"iwgw-sila-s1\" data-element_type=\"container\" data-e-type=\"container\">\n\t\t\t\t\t<div class=\"e-con-inner\">\n\t\t\t\t<div class=\"elementor-element elementor-element-iwgw-sila-s1h elementor-widget elementor-widget-heading\" data-id=\"iwgw-sila-s1h\" data-element_type=\"widget\" data-e-type=\"widget\" data-widget_type=\"heading.default\">\n\t\t\t\t\t<h2 class=\"elementor-heading-title elementor-size-default\">Etimologia i complexitat ling\u00fc\u00edstica<\/h2>\t\t\t\t<\/div>\n\t\t<div class=\"elementor-element elementor-element-iwgw-sila-s1c e-con-full e-flex e-con e-child\" data-id=\"iwgw-sila-s1c\" data-element_type=\"container\" data-e-type=\"container\">\n\t\t\t\t<div class=\"elementor-element elementor-element-iwgw-sila-s1t elementor-widget elementor-widget-text-editor\" data-id=\"iwgw-sila-s1t\" data-element_type=\"widget\" data-e-type=\"widget\" data-widget_type=\"text-editor.default\">\n\t\t\t\t\t\t\t\t\t<p>El mot <em>sila<\/em> est\u00e0 documentat en una forma pr\u00e0cticament id\u00e8ntica a tot l&#8217;espai ling\u00fc\u00edstic inuit, des de Txukotka fins a Grenl\u00e0ndia, cosa que apunta a una gran profunditat de la idea. Els significats inclouen: el temps de fora, el m\u00f3n exterior, el cel, l&#8217;enteniment, la ra\u00f3, la intel\u00b7lig\u00e8ncia, el bon judici d&#8217;una situaci\u00f3.<\/p><p>D&#8217;aqu\u00ed deriva <em>silatujuq<\/em>, que designa una persona intel\u00b7ligent i s\u00e0via, literalment alg\u00fa que posseeix sila. Aquesta formaci\u00f3 \u00e9s fonamental des del punt de vista fenomenol\u00f2gic de la religi\u00f3, ja que mostra que la intel\u00b7lig\u00e8ncia s&#8217;ent\u00e9n aqu\u00ed sobretot com una possessi\u00f3 de sila, m\u00e9s que com una capacitat cognitiva.<\/p><p>El fet que la mateixa arrel porti un significat alhora meteorol\u00f2gic i intel\u00b7lectual no \u00e9s casual des del punt de vista de la hist\u00f2ria ling\u00fc\u00edstica. Cient\u00edficament s&#8217;hi veu una epistemologia ind\u00edgena en la qual el judici correcte de l&#8217;entorn i el pensament recte formen una unitat.<\/p><p>Qui no sap llegir el temps no \u00e9s intel\u00b7ligent, i a l&#8217;inrev\u00e9s: qui no \u00e9s intel\u00b7ligent passa per alt els senyals del temps. Aquesta interconnexi\u00f3 \u00e9s, des del punt de vista fenomenol\u00f2gic, un fenomen propi sense paral\u00b7lel directe en les lleng\u00fces europees.<\/p><p>En l&#8217;\u00fas religi\u00f3s apareix tamb\u00e9 l&#8217;expressi\u00f3 composta <em>sila inua<\/em>, literalment la persona de Sila o l&#8217;home del temps. Aquesta designa una inst\u00e0ncia gaireb\u00e9 personal, a la qual es pot invocar en el discurs xam\u00e0nic sense que arribi a constituir-se una figura divina plenament desenvolupada.<\/p><p>Aquesta indeterminaci\u00f3 entre principi i persona \u00e9s cient\u00edficament molt reveladora i correspon a una mena de <span class=\"iwg-fachbegriff\" data-tooltip=\"La disciplina cient\u00edfica que estudia D\u00e9u i la fe d'una religi\u00f3.\" tabindex=\"0\">teologia<\/span> modal: Sila es tracta, segons el context, amb m\u00e9s o menys personalitzaci\u00f3.<\/p>\t\t\t\t\t\t\t\t<\/div>\n\t\t\t\t<\/div>\n\t\t\t\t\t<\/div>\n\t\t\t\t<\/div>\n\t\t<div class=\"elementor-element elementor-element-iwgw-sila-s2 e-flex e-con-boxed e-con e-parent\" data-id=\"iwgw-sila-s2\" data-element_type=\"container\" data-e-type=\"container\">\n\t\t\t\t\t<div class=\"e-con-inner\">\n\t\t\t\t<div class=\"elementor-element elementor-element-iwgw-sila-s2h elementor-widget elementor-widget-heading\" data-id=\"iwgw-sila-s2h\" data-element_type=\"widget\" data-e-type=\"widget\" data-widget_type=\"heading.default\">\n\t\t\t\t\t<h2 class=\"elementor-heading-title elementor-size-default\">Descripci\u00f3 en les fonts etnogr\u00e0fiques<\/h2>\t\t\t\t<\/div>\n\t\t<div class=\"elementor-element elementor-element-iwgw-sila-s2c e-con-full e-flex e-con e-child\" data-id=\"iwgw-sila-s2c\" data-element_type=\"container\" data-e-type=\"container\">\n\t\t\t\t<div class=\"elementor-element elementor-element-iwgw-sila-s2t elementor-widget elementor-widget-text-editor\" data-id=\"iwgw-sila-s2t\" data-element_type=\"widget\" data-e-type=\"widget\" data-widget_type=\"text-editor.default\">\n\t\t\t\t\t\t\t\t\t<p>Les descripcions m\u00e9s antigues i detallades de Sila provenen de les converses de Rasmussen amb els xamans iglulik Aua, Ivaluardjuk i Kibkarjuk durant els anys 1920.<\/p><p>Aua va explicar a Rasmussen que Sila \u00e9s una for\u00e7a la veu de la qual \u00e9s tan fluixa que nom\u00e9s els infants la senten, i que el seu missatge, quan es manifesta, pot convertir-se en tempesta, ventisca i fam. Aquesta afirmaci\u00f3 s&#8217;ha convertit en un passatge cl\u00e0ssic del repertori cient\u00edfic sobre la religi\u00f3 \u00e0rtica.<\/p><p>Sila era, doncs, en tots els sentits, alhora el temps circumdant i la inst\u00e0ncia vigilant que registra el comportament hum\u00e0. Un altre <span class=\"iwg-fachbegriff\" data-tooltip=\"Especialista religi\u00f3s al qual s'atribueix la mediaci\u00f3 entre les persones i el m\u00f3n dels esperits.\" tabindex=\"0\">xaman<\/span> iglulik va dir: els morts, el sol i la lluna, tots pertanyen a Sila, perqu\u00e8 tot el que succeeix \u00e9s Sila.<\/p><p>D&#8217;aix\u00f2, Merkur en conclou que Sila, en la <span class=\"iwg-fachbegriff\" data-tooltip=\"La disciplina cient\u00edfica que estudia D\u00e9u i la fe d'una religi\u00f3.\" tabindex=\"0\">teologia<\/span> iglulik, \u00e9s una mena de principi de fons monista que engloba les divinitats personals sense absorbir-les. Aquesta interpretaci\u00f3 \u00e9s cient\u00edficament controvertida, per\u00f2 ha exercit una influ\u00e8ncia considerable en la recerca posterior.<\/p><p>A Grenl\u00e0ndia, Hinrich Rink documenta el terme en la forma <em>silap inua<\/em>, a la tundra centrecanadenca com <em>sila<\/em>, i entre els inuit del Mackenzie de vegades com <em>hila<\/em>. Malgrat la variaci\u00f3 dialectal, la funci\u00f3 religiosa es mant\u00e9 constant.<\/p><p>L&#8217;estabilitat del terme al llarg de milers de quil\u00f2metres \u00e9s cient\u00edficament notable i suggereix una capa conceptual molt antiga, que probablement remunta a l&#8217;estadi ling\u00fc\u00edstic proto-esquimo-aleuti\u00e0 i que, per tant, podria tenir diversos mil\u00b7lennis d&#8217;antiguitat.<\/p>\t\t\t\t\t\t\t\t<\/div>\n\t\t\t\t<\/div>\n\t\t\t\t\t<\/div>\n\t\t\t\t<\/div>\n\t\t<div class=\"elementor-element elementor-element-iwgw-sila-s3 e-flex e-con-boxed e-con e-parent\" data-id=\"iwgw-sila-s3\" data-element_type=\"container\" data-e-type=\"container\">\n\t\t\t\t\t<div class=\"e-con-inner\">\n\t\t\t\t<div class=\"elementor-element elementor-element-iwgw-sila-s3h elementor-widget elementor-widget-heading\" data-id=\"iwgw-sila-s3h\" data-element_type=\"widget\" data-e-type=\"widget\" data-widget_type=\"heading.default\">\n\t\t\t\t\t<h2 class=\"elementor-heading-title elementor-size-default\">Sila com a temps i principi cosmol\u00f2gic<\/h2>\t\t\t\t<\/div>\n\t\t<div class=\"elementor-element elementor-element-iwgw-sila-s3c e-con-full e-flex e-con e-child\" data-id=\"iwgw-sila-s3c\" data-element_type=\"container\" data-e-type=\"container\">\n\t\t\t\t<div class=\"elementor-element elementor-element-iwgw-sila-s3t elementor-widget elementor-widget-text-editor\" data-id=\"iwgw-sila-s3t\" data-element_type=\"widget\" data-e-type=\"widget\" data-widget_type=\"text-editor.default\">\n\t\t\t\t\t\t\t\t\t<p>En la vida quotidiana \u00e0rtica, Sila decideix com a temps atmosf\u00e8ric sobre la vida i la mort. Un whiteout sobtat, les tempestes de neu, la ruptura del gel mar\u00ed es consideren expressi\u00f3 d&#8217;una inst\u00e0ncia que reacciona al comportament hum\u00e0, i en cap cas fen\u00f2mens naturals atzarosos.<\/p><p>Cient\u00edficament, aix\u00f2 no \u00e9s <span class=\"iwg-fachbegriff\" data-tooltip=\"Idea segons la qual tamb\u00e9 els animals, les plantes i les coses posseeixen una \u00e0nima.\" tabindex=\"0\">animisme<\/span> en el sentit cl\u00e0ssic, sin\u00f3 una <span class=\"iwg-fachbegriff\" data-tooltip=\"La doctrina cient\u00edfica sobre D\u00e9u i sobre la fe d'una religi\u00f3.\" tabindex=\"0\">teologia<\/span> ecol\u00f2gica en la qual el temps atmosf\u00e8ric es considera una magnitud amb personalitat pr\u00f2pia i a la qual es pot adre\u00e7ar. Aquesta difer\u00e8ncia respecte a l&#8217;<span class=\"iwg-fachbegriff\" data-tooltip=\"Idea segons la qual tamb\u00e9 els animals, les plantes i les coses posseeixen una \u00e0nima.\" tabindex=\"0\">animisme<\/span> de definicions m\u00e9s antigues de la investigaci\u00f3 \u00e9s anal\u00edticament important.<\/p><p>Cosmol\u00f2gicament, en algunes narracions dels iglulik, Sila es descriu com l&#8217;antic gigant que, despr\u00e9s de la seva mort, va ser escampat sobre el m\u00f3n i el seu al\u00e8 mou ara el vent.<\/p><p>Altres relats coneixen Sila nom\u00e9s com l&#8217;element circumdant, sense hist\u00f2ria geneal\u00f2gica. Aquesta variaci\u00f3 no \u00e9s cient\u00edficament una contradicci\u00f3, sin\u00f3 reflex del fet que la religi\u00f3 inuit no \u00e9s un sistema dogm\u00e0tic, sin\u00f3 que viu en la tradici\u00f3 oral i es configura segons el context.<\/p><p>Important \u00e9s l&#8217;entrella\u00e7ament amb altres inst\u00e0ncies. Sila es situa al costat de <a href=\"https:\/\/iwell-guard.com\/ca\/?page_id=171751\">Sedna<\/a> com a senyora dels animals marins, al costat d&#8217;<a href=\"https:\/\/iwell-guard.com\/ca\/?page_id=171758\">Igaluk<\/a>, la lluna, i al costat de <a href=\"https:\/\/iwell-guard.com\/ca\/?page_id=171756\">Pinga<\/a>, que vigila els animals terrestres.<\/p><p>El poder est\u00e0 repartit, i Sila constitueix el marc que ho abra\u00e7a tot. Aquesta distribuci\u00f3 \u00e9s, fenomenol\u00f2gicament, un patr\u00f3 propi i converteix la religi\u00f3 inuit en una teologia relacional en lloc d&#8217;una jerarquia. El m\u00f3n div\u00ed est\u00e0 organitzat en xarxa, i no es pot parlar d&#8217;un ordre piramidal.<\/p>\t\t\t\t\t\t\t\t<\/div>\n\t\t\t\t<\/div>\n\t\t\t\t\t<\/div>\n\t\t\t\t<\/div>\n\t\t<div class=\"elementor-element elementor-element-iwgw-sila-s4 e-flex e-con-boxed e-con e-parent\" data-id=\"iwgw-sila-s4\" data-element_type=\"container\" data-e-type=\"container\">\n\t\t\t\t\t<div class=\"e-con-inner\">\n\t\t\t\t<div class=\"elementor-element elementor-element-iwgw-sila-s4h elementor-widget elementor-widget-heading\" data-id=\"iwgw-sila-s4h\" data-element_type=\"widget\" data-e-type=\"widget\" data-widget_type=\"heading.default\">\n\t\t\t\t\t<h2 class=\"elementor-heading-title elementor-size-default\">Sila com a enteniment i inst\u00e0ncia \u00e8tica<\/h2>\t\t\t\t<\/div>\n\t\t<div class=\"elementor-element elementor-element-iwgw-sila-s4c e-con-full e-flex e-con e-child\" data-id=\"iwgw-sila-s4c\" data-element_type=\"container\" data-e-type=\"container\">\n\t\t\t\t<div class=\"elementor-element elementor-element-iwgw-sila-s4t elementor-widget elementor-widget-text-editor\" data-id=\"iwgw-sila-s4t\" data-element_type=\"widget\" data-e-type=\"widget\" data-widget_type=\"text-editor.default\">\n\t\t\t\t\t\t\t\t\t<p>El doble sentit sem\u00e0ntic converteix Sila en una magnitud \u00e8tica. Qui transgredeix <em>pittailiniq<\/em>, els tab\u00fas, perdr\u00e0 els animals i, a m\u00e9s, tamb\u00e9 el seu sila, \u00e9s a dir, es tornar\u00e0 insensat, jutjar\u00e0 malament el temps atmosf\u00e8ric, es perdr\u00e0, morir\u00e0 congelat.<\/p><p>Els errors d&#8217;enteniment i les desgr\u00e0cies meteorol\u00f2giques s\u00f3n aix\u00ed dues manifestacions de la mateixa violaci\u00f3 de l&#8217;ordre del m\u00f3n. Aquest entrella\u00e7ament \u00e9s cient\u00edficament profund, perqu\u00e8 mostra que l&#8217;\u00e8tica inuit funciona mitjan\u00e7ant categories de prud\u00e8ncia en lloc de categories de culpa.<\/p><p>Entre els iglulik, Rasmussen documenta un concepte que descriu com a esto\u00efcisme inuit: l&#8217;actitud correcta durant la tempesta \u00e9s la resist\u00e8ncia paciente, clara i conforme al sila, no la lluita desesperada contra el vent.<\/p><p>Qui travessa el temps atmosf\u00e8ric sense perdre el sila no morir\u00e0 congelat. La disciplina de dominar els afectes \u00e9s, religiosament, una forma d&#8217;entrega a Sila. Aquest control dels afectes ha generat un espai de discussi\u00f3 considerable en la recerca etnopsicol\u00f2gica.<\/p><p>Aquesta connexi\u00f3 entre el temps atmosf\u00e8ric, l&#8217;enteniment i l&#8217;autodisciplina \u00e8tica ha rebut una atenci\u00f3 considerable en la filosofia de la religi\u00f3 de la segona meitat del segle XX, per exemple en els treballs de Merkur i en la discussi\u00f3 de l&#8217;ecologia de l&#8217;<span class=\"iwg-fachbegriff\" data-tooltip=\"Un \u00e9sser sense cos al qual s'atribueix efecte en el m\u00f3n.\" tabindex=\"0\">esperit<\/span> \u00e0rtic segons Tim Ingold.<\/p><p>La proximitat estructural amb les \u00e8tiques estoiques antigues \u00e9s notable, per\u00f2 no hauria de portar a una identificaci\u00f3 precipitada, ja que els contextos historicocultural s\u00f3n diferents i l&#8217;\u00e8tica inuit ha sorgit d&#8217;una situaci\u00f3 hist\u00f2rica diferent.<\/p>\t\t\t\t\t\t\t\t<\/div>\n\t\t\t\t<\/div>\n\t\t\t\t\t<\/div>\n\t\t\t\t<\/div>\n\t\t<div class=\"elementor-element elementor-element-iwgw-sila-s5 e-flex e-con-boxed e-con e-parent\" data-id=\"iwgw-sila-s5\" data-element_type=\"container\" data-e-type=\"container\">\n\t\t\t\t\t<div class=\"e-con-inner\">\n\t\t\t\t<div class=\"elementor-element elementor-element-iwgw-sila-s5h elementor-widget elementor-widget-heading\" data-id=\"iwgw-sila-s5h\" data-element_type=\"widget\" data-e-type=\"widget\" data-widget_type=\"heading.default\">\n\t\t\t\t\t<h2 class=\"elementor-heading-title elementor-size-default\">Pr\u00e0ctica xam\u00e0nica i ritual del temps atmosf\u00e8ric<\/h2>\t\t\t\t<\/div>\n\t\t<div class=\"elementor-element elementor-element-iwgw-sila-s5c e-con-full e-flex e-con e-child\" data-id=\"iwgw-sila-s5c\" data-element_type=\"container\" data-e-type=\"container\">\n\t\t\t\t<div class=\"elementor-element elementor-element-iwgw-sila-s5t elementor-widget elementor-widget-text-editor\" data-id=\"iwgw-sila-s5t\" data-element_type=\"widget\" data-e-type=\"widget\" data-widget_type=\"text-editor.default\">\n\t\t\t\t\t\t\t\t\t<p>Els angakkuit, els xamans, tenien, a m\u00e9s del viatge fins a Sedna, una segona tasca menys dram\u00e0tica per\u00f2 m\u00e9s quotidiana: calmar o despla\u00e7ar el temps atmosf\u00e8ric. Aquesta pr\u00e0ctica s&#8217;adre\u00e7ava a Sila.<\/p><p>Quan amena\u00e7ava una tempesta, un <span class=\"iwg-fachbegriff\" data-tooltip=\"Especialista religi\u00f3s al qual s'atribueix la mediaci\u00f3 entre els humans i el m\u00f3n dels esperits.\" tabindex=\"0\">xaman<\/span> podia entrar en tr\u00e0ngol i invocar Sila, de vegades aguantant la respiraci\u00f3, de vegades colpejant l&#8217;aire amb un fuet de pell de foca. Aquestes pr\u00e0ctiques estan documentades amb menys dramatisme que els viatges a Sedna, per\u00f2 s\u00f3n igualment importants en la vida quotidiana de la pr\u00e0ctica religiosa.<\/p><p>Altres pr\u00e0ctiques consistien a dibuixar petites imatges o a recitar paraules antigues considerades formes de Sila. Important era l&#8217;actitud: no es demanava res a Sila, sin\u00f3 que un s&#8217;orientava correctament envers Sila.<\/p><p>La difer\u00e8ncia respecte a la <span class=\"iwg-fachbegriff\" data-tooltip=\"Un ritual ling\u00fc\u00edstic destinat a invocar o vincular un poder.\" tabindex=\"0\">invocaci\u00f3<\/span> m\u00e0gico-instrumental \u00e9s cient\u00edficament decisiva i distingeix la pr\u00e0ctica inuit de tradicions siberianes emparentades, en les quals la invocaci\u00f3 del temps sovint es configurava de manera m\u00e9s concreta i manipuladora.<\/p><p>Els inuit treballaven tamb\u00e9 de manera <span class=\"iwg-fachbegriff\" data-tooltip=\"Que allunya el mal: es diu dels signes i objectes destinats a mantenir a dist\u00e0ncia influ\u00e8ncies nocives.\" tabindex=\"0\">apotropaica<\/span> amb el llenguatge. Certes paraules dirigides a Sila eren tab\u00fa, i altres s&#8217;havien de dir obligat\u00f2riament. Qui renyava un infant no li parlava amb massa duresa, perqu\u00e8 Sila podia registrar-ho i el temps atmosf\u00e8ric podia girar-se contra qui renyava.<\/p><p>Aquesta constel\u00b7laci\u00f3 subtil mostra com l&#8217;ordre religi\u00f3s, l&#8217;educaci\u00f3 i la regulaci\u00f3 del temps atmosf\u00e8ric estaven entrella\u00e7ats. Cient\u00edficament, es tracta d&#8217;un cas paradigm\u00e0tic d&#8217;una religiositat penetrant que no es limita a illes rituals.<\/p>\t\t\t\t\t\t\t\t<\/div>\n\t\t\t\t<\/div>\n\t\t\t\t\t<\/div>\n\t\t\t\t<\/div>\n\t\t<div class=\"elementor-element elementor-element-iwgw-sila-s6 e-flex e-con-boxed e-con e-parent\" data-id=\"iwgw-sila-s6\" data-element_type=\"container\" data-e-type=\"container\">\n\t\t\t\t\t<div class=\"e-con-inner\">\n\t\t\t\t<div class=\"elementor-element elementor-element-iwgw-sila-s6h elementor-widget elementor-widget-heading\" data-id=\"iwgw-sila-s6h\" data-element_type=\"widget\" data-e-type=\"widget\" data-widget_type=\"heading.default\">\n\t\t\t\t\t<h2 class=\"elementor-heading-title elementor-size-default\">Sila en comparaci\u00f3 amb altres concepcions del temps atmosf\u00e8ric<\/h2>\t\t\t\t<\/div>\n\t\t<div class=\"elementor-element elementor-element-iwgw-sila-s6c e-con-full e-flex e-con e-child\" data-id=\"iwgw-sila-s6c\" data-element_type=\"container\" data-e-type=\"container\">\n\t\t\t\t<div class=\"elementor-element elementor-element-iwgw-sila-s6t elementor-widget elementor-widget-text-editor\" data-id=\"iwgw-sila-s6t\" data-element_type=\"widget\" data-e-type=\"widget\" data-widget_type=\"text-editor.default\">\n\t\t\t\t\t\t\t\t\t<p>Cient\u00edficament, Sila \u00e9s especial perqu\u00e8 no \u00e9s comparable ni amb el model mediterrani del tipus Zeus ni amb el model indoeuropeu del d\u00e9u del tro. S&#8217;assembla m\u00e9s al <em><span class=\"iwg-fachbegriff\" data-tooltip=\"En la concepci\u00f3 xinesa, la for\u00e7a vital operant que ho impregna tot.\" tabindex=\"0\">qi<\/span><\/em> xin\u00e8s, al <em>pneuma<\/em> estoic i al <em>mana<\/em> polinesi, tot i que ancorat espec\u00edficament en l&#8217;\u00e0mbit \u00e0rtic, en la depend\u00e8ncia meteorol\u00f2gica de la societat ca\u00e7adora. Aquesta comparabilitat \u00e9s productiva des del punt de vista de la fenomenologia de la religi\u00f3, per\u00f2 no hauria de portar a construccions universalistes precipitades.<\/p><p>Dins la regi\u00f3 circumpolar es manifesta sobretot un paral\u00b7lelisme amb la concepci\u00f3 sami d&#8217;<em>Ilmaris<\/em> o amb el <em>Num<\/em> nenets, que tamb\u00e9 abasta el temps atmosf\u00e8ric i el cel com a principi monista.<\/p><p>Aqu\u00ed tamb\u00e9 la personalitzaci\u00f3 \u00e9s feble, mentre que l&#8217;abast del concepte \u00e9s gran. Aquesta coincid\u00e8ncia suggereix una antiga capa circumpolar de formaci\u00f3 de conceptes religiosos, la hist\u00f2ria precisa de la qual encara no s&#8217;ha estudiat a fons.<\/p><p>El pont amb la filosofia natural europea s&#8217;ha tra\u00e7at diverses vegades. Hugh Brody i Tim Ingold han argumentat que Sila es pot llegir com una variant ind\u00edgena d&#8217;un concepte ampli de l&#8217;atmosf\u00e8ric, que apareix en la fenomenologia occidental, per exemple en Hermann Schmitz o Gernot B\u00f6hme.<\/p><p>Tot i aix\u00f2, la profunditat religiosa de Sila va m\u00e9s enll\u00e0 de qualsevol filosofia occidental de l&#8217;atmosfera, perqu\u00e8 t\u00e9 rellev\u00e0ncia per a l&#8217;acci\u00f3 m\u00e9s enll\u00e0 del descriptiu.<\/p>\t\t\t\t\t\t\t\t<\/div>\n\t\t\t\t<\/div>\n\t\t\t\t\t<\/div>\n\t\t\t\t<\/div>\n\t\t<div class=\"elementor-element elementor-element-iwgw-sila-s7 e-flex e-con-boxed e-con e-parent\" data-id=\"iwgw-sila-s7\" data-element_type=\"container\" data-e-type=\"container\">\n\t\t\t\t\t<div class=\"e-con-inner\">\n\t\t\t\t<div class=\"elementor-element elementor-element-iwgw-sila-s7h elementor-widget elementor-widget-heading\" data-id=\"iwgw-sila-s7h\" data-element_type=\"widget\" data-e-type=\"widget\" data-widget_type=\"heading.default\">\n\t\t\t\t\t<h2 class=\"elementor-heading-title elementor-size-default\">Sila i el canvi clim\u00e0tic<\/h2>\t\t\t\t<\/div>\n\t\t<div class=\"elementor-element elementor-element-iwgw-sila-s7c e-con-full e-flex e-con e-child\" data-id=\"iwgw-sila-s7c\" data-element_type=\"container\" data-e-type=\"container\">\n\t\t\t\t<div class=\"elementor-element elementor-element-iwgw-sila-s7t elementor-widget elementor-widget-text-editor\" data-id=\"iwgw-sila-s7t\" data-element_type=\"widget\" data-e-type=\"widget\" data-widget_type=\"text-editor.default\">\n\t\t\t\t\t\t\t\t\t<p>Des dels anys 1990, Sila s&#8217;ha convertit en el concepte central de la discursivitat clim\u00e0tica inuit. Els ancians inuit, per exemple en els informes de l&#8217;Inuit Tapiriit Kanatami i el Consell Circumpolar Inuit, descriuen el canvi clim\u00e0tic sobretot com una p\u00e8rdua de la previsibilitat de Sila, m\u00e9s que com un augment de temperatura. El temps es tornaria imprevisible, cosa que alhora vol dir que ja no s&#8217;adequa a la ra\u00f3 transmesa.<\/p><p>Cient\u00edficament, aix\u00f2 \u00e9s remarcable perqu\u00e8 un concepte religi\u00f3s tradicional es converteix en el llenguatge de la crisi ecol\u00f2gica sense derivar en una restituci\u00f3 fonamentalista. La investigadora Sheila Watt-Cloutier ha utilitzat Sila a <em>The Right to Be Cold<\/em> com a concepte de traducci\u00f3 per al debat clim\u00e0tic de dret internacional, mostrant aix\u00ed com els conceptes religiosos ind\u00edgenes poden esdevenir pol\u00edticament efica\u00e7os a escala global.<\/p><p>Aquesta actualitat mostra que Sila no \u00e9s un fenomen religi\u00f3s del passat, sin\u00f3 un concepte viu i en transformaci\u00f3. L&#8217;ensenyament inuit de l&#8217;\u00e8tica meteorol\u00f2gica es troba aqu\u00ed amb discursos cient\u00edfics i pol\u00edtics globals sense perdre la seva pr\u00f2pia profunditat.<\/p><p>Cient\u00edficament, es tracta d&#8217;un cas paradigm\u00e0tic d&#8217;activaci\u00f3 de conceptes tradicionals per a discursos globals actuals, amb una rellev\u00e0ncia metodol\u00f2gica que va molt m\u00e9s enll\u00e0 de la tradici\u00f3 inuit.<\/p>\t\t\t\t\t\t\t\t<\/div>\n\t\t\t\t<\/div>\n\t\t\t\t\t<\/div>\n\t\t\t\t<\/div>\n\t\t<div class=\"elementor-element elementor-element-iwgw-sila-s8 e-flex e-con-boxed e-con e-parent\" data-id=\"iwgw-sila-s8\" data-element_type=\"container\" data-e-type=\"container\">\n\t\t\t\t\t<div class=\"e-con-inner\">\n\t\t\t\t<div class=\"elementor-element elementor-element-iwgw-sila-s8h elementor-widget elementor-widget-heading\" data-id=\"iwgw-sila-s8h\" data-element_type=\"widget\" data-e-type=\"widget\" data-widget_type=\"heading.default\">\n\t\t\t\t\t<h2 class=\"elementor-heading-title elementor-size-default\">Hist\u00f2ria de la investigaci\u00f3 i recepci\u00f3<\/h2>\t\t\t\t<\/div>\n\t\t<div class=\"elementor-element elementor-element-iwgw-sila-s8c e-con-full e-flex e-con e-child\" data-id=\"iwgw-sila-s8c\" data-element_type=\"container\" data-e-type=\"container\">\n\t\t\t\t<div class=\"elementor-element elementor-element-iwgw-sila-s8t elementor-widget elementor-widget-text-editor\" data-id=\"iwgw-sila-s8t\" data-element_type=\"widget\" data-e-type=\"widget\" data-widget_type=\"text-editor.default\">\n\t\t\t\t\t\t\t\t\t<p>L&#8217;estudi de Sila travessa tres fases. Primer, els exploradors polars de finals del segle XIX i principis del XX van documentar el concepte de manera fragment\u00e0ria (Boas, Rink, Birket-Smith). Rasmussen va proporcionar el 1929 la base que va romandre indiscutida durant d\u00e8cades. Daniel Merkur i Mircea Eliade en van construir la s\u00edntesi cient\u00edfica que va ser <span class=\"iwg-fachbegriff\" data-tooltip=\"Que pertany al conjunt d'escriptures reconegudes com a vinculants d'una religi\u00f3.\" tabindex=\"0\">can\u00f2nica<\/span> durant la segona meitat del segle XX.<\/p><p>Des dels anys 1990, Fr\u00e9d\u00e9ric Laugrand i Jarich Oosten s&#8217;han dedicat a una diferenciaci\u00f3 regional m\u00e9s precisa del concepte de Sila. Mostren que Iglulik, Netsilik, Baffin i Groenl\u00e0ndia desenvolupen connotacions lleugerament diferents, sense que l&#8217;estructura b\u00e0sica es dissolgui.<\/p><p>Una quarta fase marca l&#8217;actualitzaci\u00f3 ecol\u00f2gica i pol\u00edtica des dels anys 2000, en la qual autores i autors inuit mateixos publiquen sobre Sila i, aix\u00ed, transformen substancialment l&#8217;estat de la investigaci\u00f3.<\/p><p>Dins del mateix \u00e0mbit cultural inuit, Sila ha trobat el seu lloc en l&#8217;educaci\u00f3 escolar i universit\u00e0ria. La transmissi\u00f3 del concepte a la generaci\u00f3 m\u00e9s jove forma part avui d&#8217;una preservaci\u00f3 conscient de la llengua i el saber, acompanyada cient\u00edficament per\u00f2 no substitu\u00efda per la ci\u00e8ncia.<\/p><p>Aquesta duplicitat entre la comunitat de saber ind\u00edgena i la investigaci\u00f3 acad\u00e8mica constitueix, des del punt de vista de la fenomenologia de la religi\u00f3, un punt propi i un exemple de la reformulaci\u00f3 postcolonial de la <span class=\"iwg-fachbegriff\" data-tooltip=\"La ci\u00e8ncia que investiga les religions de manera comparativa i sense vincle de fe.\" tabindex=\"0\">ci\u00e8ncia de la religi\u00f3<\/span>.<\/p>\t\t\t\t\t\t\t\t<\/div>\n\t\t\t\t<\/div>\n\t\t\t\t\t<\/div>\n\t\t\t\t<\/div>\n\t\t<div class=\"elementor-element elementor-element-iwgw-sila-s9 e-flex e-con-boxed e-con e-parent\" data-id=\"iwgw-sila-s9\" data-element_type=\"container\" data-e-type=\"container\">\n\t\t\t\t\t<div class=\"e-con-inner\">\n\t\t\t\t<div class=\"elementor-element elementor-element-iwgw-sila-s9h elementor-widget elementor-widget-heading\" data-id=\"iwgw-sila-s9h\" data-element_type=\"widget\" data-e-type=\"widget\" data-widget_type=\"heading.default\">\n\t\t\t\t\t<h2 class=\"elementor-heading-title elementor-size-default\">Refer\u00e8ncies creuades al l\u00e8xic inuit<\/h2>\t\t\t\t<\/div>\n\t\t<div class=\"elementor-element elementor-element-iwgw-sila-s9c e-con-full e-flex e-con e-child\" data-id=\"iwgw-sila-s9c\" data-element_type=\"container\" data-e-type=\"container\">\n\t\t\t\t<div class=\"elementor-element elementor-element-iwgw-sila-s9t elementor-widget elementor-widget-text-editor\" data-id=\"iwgw-sila-s9t\" data-element_type=\"widget\" data-e-type=\"widget\" data-widget_type=\"text-editor.default\">\n\t\t\t\t\t\t\t\t\t<p>Qui vulgui aprofundir en la relaci\u00f3 de Sila amb altres inst\u00e0ncies, trobar\u00e0 al l\u00e8xic les entrades sobre <a href=\"https:\/\/iwell-guard.com\/ca\/?page_id=171751\">Sedna<\/a>, <a href=\"https:\/\/iwell-guard.com\/ca\/?page_id=171758\">Igaluk<\/a>, <a href=\"https:\/\/iwell-guard.com\/ca\/?page_id=171756\">Pinga<\/a>, <a href=\"https:\/\/iwell-guard.com\/ca\/?page_id=171753\">Tornarssuk<\/a>, <a href=\"https:\/\/iwell-guard.com\/ca\/?page_id=171757\">Nanook<\/a>, <a href=\"https:\/\/iwell-guard.com\/ca\/?page_id=171754\">Tupilak<\/a>, <a href=\"https:\/\/iwell-guard.com\/ca\/?page_id=171755\">Anguta<\/a>, <a href=\"https:\/\/iwell-guard.com\/ca\/?page_id=171759\">Malina<\/a> i <a href=\"https:\/\/iwell-guard.com\/ca\/?page_id=171760\">Qailertetang<\/a>. A un nivell superior, el nucli cultural de la <a href=\"https:\/\/iwell-guard.com\/ca\/inuit-artic-sedna-tornit-proteccio\/\">tradici\u00f3 inuit<\/a> emmarca la topografia religiosa de l&#8217;\u00c0rtic central.<\/p><p>Per a qui vulgui entendre Sila en una comparaci\u00f3 circumpolar m\u00e9s \u00e0mplia, els conceptes <a href=\"https:\/\/iwell-guard.com\/ca\/sami-i-tradicio-fino-ugra-noaidi-i-tambor\/\">sami<\/a> sobre el temps i l&#8217;atmosfera ofereixen paral\u00b7lelismes rellevants, especialment en la constel\u00b7laci\u00f3 Beaivi-Sara.<\/p>\t\t\t\t\t\t\t\t<\/div>\n\t\t\t\t<\/div>\n\t\t\t\t\t<\/div>\n\t\t\t\t<\/div>\n\t\t<div class=\"elementor-element elementor-element-cp2cd38ede e-flex e-con-boxed e-con e-parent\" data-id=\"cp2cd38ede\" data-element_type=\"container\" data-e-type=\"container\">\n\t\t\t\t\t<div class=\"e-con-inner\">\n\t\t\t\t<div class=\"elementor-element elementor-element-cp20442d65 elementor-widget elementor-widget-heading\" data-id=\"cp20442d65\" data-element_type=\"widget\" data-e-type=\"widget\" data-widget_type=\"heading.default\">\n\t\t\t\t\t<h2 class=\"elementor-heading-title elementor-size-default\">Aire, enteniment i temps: la dificultat de traduir Sila<\/h2>\t\t\t\t<\/div>\n\t\t<div class=\"elementor-element elementor-element-cp2b5f2985 e-flex e-con-boxed e-con e-child\" data-id=\"cp2b5f2985\" data-element_type=\"container\" data-e-type=\"container\">\n\t\t\t\t\t<div class=\"e-con-inner\">\n\t\t\t\t<div class=\"elementor-element elementor-element-cp266dd50f elementor-widget elementor-widget-text-editor\" data-id=\"cp266dd50f\" data-element_type=\"widget\" data-e-type=\"widget\" data-widget_type=\"text-editor.default\">\n\t\t\t\t\t\t\t\t\t<p>El terme <em>Sila<\/em>, testimoniat en diferents grafies com <em>Silap Inua<\/em> o <em>Sila Inua<\/em>, forma part de les concepcions de les tradicions inuit que es resisteixen amb especial obstinaci\u00f3 a les categories de traducci\u00f3 occidentals. La paraula cobreix un camp sem\u00e0ntic que en alemany es reparteix entre diversos termes separats.<\/p><p><em>Sila<\/em> pot designar el m\u00f3n exterior en el sentit del temps atmosf\u00e8ric i el clima, pot referir-se a l&#8217;aire i al cel, i alhora pot significar seny, ra\u00f3 o consci\u00e8ncia. Un infant que comen\u00e7a a fer-se raonable pot descriure&#8217;s amb una expressi\u00f3 que cont\u00e9 Sila.<\/p><p>Aquesta amplitud de significat no \u00e9s una mancan\u00e7a de la llengua, sin\u00f3 l&#8217;expressi\u00f3 d&#8217;una altra manera de retallar el m\u00f3n. Sila uneix all\u00f2 abastador de fora amb la comprensi\u00f3 de dins. La concepci\u00f3 de <em>Silap Inua<\/em>, l&#8217;Inua o propietari del Sila, pensa aquesta connexi\u00f3 com un poder amb car\u00e0cter de persona.<\/p><p>Inua, sovint tradu\u00eft com a propietari o habitant, designa en les tradicions inuit la persona inherent d&#8217;un lloc, d&#8217;un animal o d&#8217;un fenomen. Silap Inua \u00e9s, doncs, la cara interior amb car\u00e0cter de persona de tot l&#8217;ordre circumdant, no un d\u00e9u del temps atmosf\u00e8ric en el sentit europeu.<\/p><p>Knud Rasmussen, que durant la Cinquena Expedici\u00f3 Thule va enregistrar converses amb xamans, va deixar const\u00e0ncia d&#8217;algunes afirmacions en qu\u00e8 Sila apareix com un gran poder inabastable, que no es pot invocar amb paraules corrents i que es manifesta a trav\u00e9s del temps atmosf\u00e8ric, de la tempesta i del comportament dels animals.<\/p><p>Les transcripcions de Rasmussen s\u00f3n valuoses, per\u00f2 s\u00f3n traduccions de traduccions, mediades per int\u00e8rprets i per la seva pr\u00f2pia recerca d&#8217;una <span class=\"iwg-fachbegriff\" data-tooltip=\"La doctrina cient\u00edfica sobre D\u00e9u i sobre la fe d'una religi\u00f3.\" tabindex=\"0\">teologia<\/span> aprehensible. Alguns investigadors sospiten que la coher\u00e8ncia amb qu\u00e8 Sila apareix com a divinitat suprema en part de la literatura secund\u00e0ria \u00e9s, en part, un efecte d&#8217;aquesta situaci\u00f3 de registre.<\/p><p>Per a una descripci\u00f3 acurada, se&#8217;n deriven dues coses. Primer, Sila no s&#8217;hauria de reduir precipitadament a un d\u00e9u del temps atmosf\u00e8ric, perqu\u00e8 amb aix\u00f2 es perdria la connexi\u00f3 amb el seny i l&#8217;ordre de vida que \u00e9s essencial per a la concepci\u00f3 inuit.<\/p><p>Segon, en qualsevol afirmaci\u00f3 sobre Sila cal tenir present la mediaci\u00f3 colonial. Les fonts s\u00f3n escasses, dif\u00edcils de controlar per ser monoling\u00fces i estan tenyides per l&#8217;inter\u00e8s dels recol\u00b7lectors en un sistema religi\u00f3s ordenat.<\/p>\t\t\t\t\t\t\t\t<\/div>\n\t\t\t\t\t<\/div>\n\t\t\t\t<\/div>\n\t\t\t\t\t<\/div>\n\t\t\t\t<\/div>\n\t\t<div class=\"elementor-element elementor-element-iwgw-sila-lit e-flex e-con-boxed e-con e-parent\" data-id=\"iwgw-sila-lit\" data-element_type=\"container\" data-e-type=\"container\">\n\t\t\t\t\t<div class=\"e-con-inner\">\n\t\t\t\t<div class=\"elementor-element elementor-element-iwgw-sila-lith elementor-widget elementor-widget-heading\" data-id=\"iwgw-sila-lith\" data-element_type=\"widget\" data-e-type=\"widget\" data-widget_type=\"heading.default\">\n\t\t\t\t\t<h2 class=\"elementor-heading-title elementor-size-default\">Bibliografia (selecci\u00f3)<\/h2>\t\t\t\t<\/div>\n\t\t<div class=\"elementor-element elementor-element-iwgw-sila-litc e-con-full e-flex e-con e-child\" data-id=\"iwgw-sila-litc\" data-element_type=\"container\" data-e-type=\"container\">\n\t\t\t\t<div class=\"elementor-element elementor-element-iwgw-sila-litt elementor-widget elementor-widget-text-editor\" data-id=\"iwgw-sila-litt\" data-element_type=\"widget\" data-e-type=\"widget\" data-widget_type=\"text-editor.default\">\n\t\t\t\t\t\t\t\t\t<ul><li>Knud Rasmussen: <em>Intellectual Culture of the Iglulik Eskimos<\/em> (Copenhaguen 1929)<\/li><li>Daniel Merkur: <em>Powers Which We Do Not Know<\/em> (Moscow ID 1991)<\/li><li>Fr\u00e9d\u00e9ric Laugrand i Jarich Oosten: <em>Inuit Shamanism and Christianity<\/em> (Montreal 2010)<\/li><li>Hinrich Rink: <em>Tales and Traditions of the Eskimo<\/em> (Edimburg 1875)<\/li><li>Sheila Watt-Cloutier: <em>The Right to Be Cold<\/em> (Toronto 2015)<\/li><li>Tim Ingold: <em>The Perception of the Environment<\/em> (Londres 2000)<\/li><\/ul>\t\t\t\t\t\t\t\t<\/div>\n\t\t\t\t<\/div>\n\t\t\t\t\t<\/div>\n\t\t\t\t<\/div>\n\t\t<div class=\"elementor-element elementor-element-iwgw-sila-kwd e-flex e-con-boxed e-con e-parent\" data-id=\"iwgw-sila-kwd\" data-element_type=\"container\" data-e-type=\"container\">\n\t\t\t\t\t<div class=\"e-con-inner\">\n\t\t<div class=\"elementor-element elementor-element-iwgw-sila-kwdc e-con-full e-flex e-con e-child\" data-id=\"iwgw-sila-kwdc\" data-element_type=\"container\" data-e-type=\"container\">\n\t\t\t\t<div class=\"elementor-element elementor-element-iwgw-sila-kwdt elementor-widget elementor-widget-text-editor\" data-id=\"iwgw-sila-kwdt\" data-element_type=\"widget\" data-e-type=\"widget\" data-widget_type=\"text-editor.default\">\n\t\t\t\t\t\t\t\t\t<p><em>Termes clau relacionats: Sila Silap Inua al\u00e8 del m\u00f3n principi del temps atmosf\u00e8ric ra\u00f3 inuit Pittailiniq Iglulik.<\/em><\/p>\t\t\t\t\t\t\t\t<\/div>\n\t\t\t\t<\/div>\n\t\t\t\t\t<\/div>\n\t\t\t\t<\/div>\n\t\t<div class=\"elementor-element elementor-element-iwgw-sila-cc e-flex e-con-boxed e-con e-parent\" data-id=\"iwgw-sila-cc\" data-element_type=\"container\" data-e-type=\"container\" id=\"iwg-cc-sila\">\n\t\t\t\t\t<div class=\"e-con-inner\">\n\t\t<div class=\"elementor-element elementor-element-iwgw-sila-ccinner e-flex e-con-boxed e-con e-parent\" data-id=\"iwgw-sila-ccinner\" data-element_type=\"container\" data-e-type=\"container\" data-settings=\"{&quot;background_background&quot;:&quot;classic&quot;}\">\n\t\t\t\t\t<div class=\"e-con-inner\">\n\t\t\t\t<div class=\"elementor-element elementor-element-iwgw-sila-cch elementor-widget elementor-widget-heading\" data-id=\"iwgw-sila-cch\" data-element_type=\"widget\" data-e-type=\"widget\" data-widget_type=\"heading.default\">\n\t\t\t\t\t<h2 class=\"elementor-heading-title elementor-size-default\">iWell Guard i tradicions de protecci\u00f3<\/h2>\t\t\t\t<\/div>\n\t\t\t\t<div class=\"elementor-element elementor-element-iwgw-sila-cct elementor-widget elementor-widget-text-editor\" data-id=\"iwgw-sila-cct\" data-element_type=\"widget\" data-e-type=\"widget\" data-widget_type=\"text-editor.default\">\n\t\t\t\t\t\t\t\t\t<div data-nosnippet=\"true\"><p>iWell Guard s&#8217;inscriu en la tradici\u00f3 cultural i hist\u00f2rica dels objectes protectors portables, seguint la tradici\u00f3 dels <a href=\"https:\/\/iwell-guard.com\/ca\/inuit-artic-sedna-tornit-proteccio\/\">inuit<\/a> i de moltes altres cultures d&#8217;arreu del m\u00f3n. 41 capes, or aut\u00e8ntic, plat\u00ed, plata, fabricat a Alemanya. Dret de devoluci\u00f3 de 30 dies.<\/p><\/div>\t\t\t\t\t\t\t\t<\/div>\n\t\t\t\t<div class=\"elementor-element elementor-element-iwgw-sila-ccb iwg-cc-button iwg-cc-cta-2026-05-13 elementor-widget elementor-widget-jet-button\" data-id=\"iwgw-sila-ccb\" data-element_type=\"widget\" data-e-type=\"widget\" data-widget_type=\"jet-button.default\">\n\t\t\t\t<div class=\"elementor-widget-container\">\n\t\t\t\t\t<div class=\"elementor-jet-button jet-elements\"><div class=\"jet-button__container\"><a class=\"jet-button__instance jet-button__instance--icon-left hover-effect-1\" href=\"\/ueber-iwell-guard\/?utm_source=iwell-guard.com&amp;utm_medium=info-box&amp;utm_campaign=wesen-tradition\"><div class=\"jet-button__plane jet-button__plane-normal\"><\/div><div class=\"jet-button__plane jet-button__plane-hover\"><\/div><div class=\"jet-button__state jet-button__state-normal\"><span class=\"jet-button__label\">M\u00e9s informaci\u00f3 sobre l'iWell Guard<\/span><\/div><div class=\"jet-button__state jet-button__state-hover\"><span class=\"jet-button__label\">M\u00e9s informaci\u00f3 sobre l'iWell Guard<\/span><\/div><\/a><\/div><\/div><style>.elementor-element.elementor-element-iwgw-sila-ccb .jet-button__instance{width:320px;height:56px;}.elementor-element.elementor-element-iwgw-sila-ccb .jet-button__state-normal .jet-button__label{text-align:center;margin:0px 0px 0px 0px;color:#1a1b20;font-family:Montserrat,sans-serif;font-size:13px;font-weight:400;letter-spacing:4px;line-height:1.714em;text-transform:uppercase;}.elementor-element.elementor-element-iwgw-sila-ccb .jet-button__state-hover .jet-button__label{text-align:center;margin:0px 0px 0px 0px;color:#FECC76;font-family:Montserrat,sans-serif;font-size:13px;font-weight:400;letter-spacing:4px;line-height:1.714em;text-transform:uppercase;}.elementor-element.elementor-element-iwgw-sila-ccb .jet-button__plane-normal{background-color:#FECC76;border-style:solid;border-color:#C99540;border-width:2px 2px 2px 2px;}.elementor-element.elementor-element-iwgw-sila-ccb .jet-button__plane-hover{background-color:rgba(0,0,0,0.55);border-style:solid;border-color:#FECC76;border-width:2px 2px 2px 2px;}<\/style>\t\t\t\t<\/div>\n\t\t\t\t<\/div>\n\t\t\t\t<div class=\"elementor-element elementor-element-iwgw-sila-ccd elementor-widget elementor-widget-text-editor\" data-id=\"iwgw-sila-ccd\" data-element_type=\"widget\" data-e-type=\"widget\" data-widget_type=\"text-editor.default\">\n\t\t\t\t\t\t\t\t\t<div data-nosnippet=\"true\"><p style=\"text-align:center;font-size:13px;opacity:0.7;margin-top:14px\" data-nosnippet=\"true\">Les experi\u00e8ncies personals poden variar. No \u00e9s un producte sanitari. No \u00e9s una promesa de curaci\u00f3.<\/p><\/div>\t\t\t\t\t\t\t\t<\/div>\n\t\t\t\t\t<\/div>\n\t\t\t\t<\/div>\n\t\t\t\t\t<\/div>\n\t\t\t\t<\/div>\n\t\t<div class=\"elementor-element elementor-element-iwgw-sila-disc e-flex e-con-boxed e-con e-parent\" data-id=\"iwgw-sila-disc\" data-element_type=\"container\" data-e-type=\"container\">\n\t\t\t\t\t<div class=\"e-con-inner\">\n\t\t\t\t<div class=\"elementor-element elementor-element-iwgw-sila-discw elementor-widget elementor-widget-html\" data-id=\"iwgw-sila-discw\" data-element_type=\"widget\" data-e-type=\"widget\" data-widget_type=\"html.default\">\n\t\t\t\t\t<footer data-nosnippet=\"true\" class=\"iwg-disclaimer-block\"><p data-nosnippet=\"true\">iWell Guard <strong>no \u00e9s un producte sanitari<\/strong> i no substitueix cap tractament m\u00e8dic o psicoterap\u00e8utic. Els continguts d'hist\u00f2ria de les religions s\u00f3n una classificaci\u00f3 culturohist\u00f2rica, no una recomanaci\u00f3 de pr\u00e0ctica espiritual.<\/p><\/footer>\t\t\t\t<\/div>\n\t\t\t\t\t<\/div>\n\t\t\t\t<\/div>\n\t\t\t\t<\/div>\n\t\t","protected":false},"excerpt":{"rendered":"","protected":false},"author":3,"featured_media":2879,"parent":0,"menu_order":0,"comment_status":"closed","ping_status":"closed","template":"elementor_header_footer","meta":{"_yoast_wpseo_focuskw":"Sila al\u00e8 del m\u00f3n inuit","_yoast_wpseo_title":"Sila - Al\u00e8 del m\u00f3n dels inuit, temps i ra\u00f3","_yoast_wpseo_metadesc":"Sila \u00e9s el principi c\u00f2smic \u00e0rtic del temps, l'aire i la ra\u00f3. An\u00e0lisi de ci\u00e8ncies de la religi\u00f3 amb mite, pr\u00e0ctica xam\u00e0nica, fonts i tab\u00fa.","_yoast_wpseo_meta-robots-noindex":"","_yoast_wpseo_canonical":"","_angie_page":false,"gefaehrdungsstufe":"2","wesen_kultur":"inuit","wesen_klasse":"geister","footnotes":""},"categories":[],"class_list":["post-171752","page","type-page","status-publish","has-post-thumbnail","hentry"],"yoast_head":"<!-- This site is optimized with the Yoast SEO Premium plugin v27.7 (Yoast SEO v28.3) - https:\/\/yoast.com\/product\/yoast-seo-premium-wordpress\/ -->\n<title>Sila - Al\u00e8 del m\u00f3n dels inuit, temps i ra\u00f3<\/title>\n<meta name=\"description\" content=\"Sila \u00e9s el principi c\u00f2smic \u00e0rtic del temps, l&#039;aire i la ra\u00f3. An\u00e0lisi de ci\u00e8ncies de la religi\u00f3 amb mite, pr\u00e0ctica xam\u00e0nica, fonts i tab\u00fa.\" \/>\n<meta name=\"robots\" content=\"index, follow, max-snippet:-1, max-image-preview:large, max-video-preview:-1\" \/>\n<link rel=\"canonical\" href=\"https:\/\/iwell-guard.com\/ca\/sila-ale-del-mon-senyor-del-temps-inuit\/\" \/>\n<meta property=\"og:locale\" content=\"ca_ES\" \/>\n<meta property=\"og:type\" content=\"article\" \/>\n<meta property=\"og:title\" content=\"Sila - Al\u00e8 del m\u00f3n i senyor del temps dels inuit\" \/>\n<meta property=\"og:description\" content=\"Sila \u00e9s el principi c\u00f2smic \u00e0rtic del temps, l&#039;aire i la ra\u00f3. An\u00e0lisi de ci\u00e8ncies de la religi\u00f3 amb mite, pr\u00e0ctica xam\u00e0nica, fonts i tab\u00fa.\" \/>\n<meta property=\"og:url\" content=\"https:\/\/iwell-guard.com\/ca\/sila-ale-del-mon-senyor-del-temps-inuit\/\" \/>\n<meta property=\"og:site_name\" content=\"iWell Guard\" \/>\n<meta property=\"article:modified_time\" content=\"2026-09-05T16:06:20+00:00\" \/>\n<meta property=\"og:image\" content=\"https:\/\/iwell-guard.com\/wp-content\/uploads\/2026\/05\/geister_inuit_sila.webp\" \/>\n\t<meta property=\"og:image:width\" content=\"1024\" \/>\n\t<meta property=\"og:image:height\" content=\"1536\" \/>\n\t<meta property=\"og:image:type\" content=\"image\/webp\" \/>\n<meta name=\"twitter:card\" content=\"summary_large_image\" \/>\n<script type=\"application\/ld+json\" class=\"yoast-schema-graph\">{\"@context\":\"https:\\\/\\\/schema.org\",\"@graph\":[{\"@type\":\"WebPage\",\"@id\":\"https:\\\/\\\/iwell-guard.com\\\/ca\\\/sila-ale-del-mon-senyor-del-temps-inuit\\\/\",\"url\":\"https:\\\/\\\/iwell-guard.com\\\/ca\\\/sila-ale-del-mon-senyor-del-temps-inuit\\\/\",\"name\":\"Sila - Al\u00e8 del m\u00f3n dels inuit, temps i ra\u00f3\",\"isPartOf\":{\"@id\":\"https:\\\/\\\/iwell-guard.com\\\/ca\\\/#website\"},\"primaryImageOfPage\":{\"@id\":\"https:\\\/\\\/iwell-guard.com\\\/ca\\\/sila-ale-del-mon-senyor-del-temps-inuit\\\/#primaryimage\"},\"image\":{\"@id\":\"https:\\\/\\\/iwell-guard.com\\\/ca\\\/sila-ale-del-mon-senyor-del-temps-inuit\\\/#primaryimage\"},\"thumbnailUrl\":\"https:\\\/\\\/iwell-guard.com\\\/wp-content\\\/uploads\\\/2026\\\/05\\\/geister_inuit_sila.webp\",\"datePublished\":\"2026-09-05T15:42:05+00:00\",\"dateModified\":\"2026-09-05T16:06:20+00:00\",\"description\":\"Sila \u00e9s el principi c\u00f2smic \u00e0rtic del temps, l'aire i la ra\u00f3. An\u00e0lisi de ci\u00e8ncies de la religi\u00f3 amb mite, pr\u00e0ctica xam\u00e0nica, fonts i tab\u00fa.\",\"breadcrumb\":{\"@id\":\"https:\\\/\\\/iwell-guard.com\\\/ca\\\/sila-ale-del-mon-senyor-del-temps-inuit\\\/#breadcrumb\"},\"inLanguage\":\"ca\",\"potentialAction\":[{\"@type\":\"ReadAction\",\"target\":[\"https:\\\/\\\/iwell-guard.com\\\/ca\\\/sila-ale-del-mon-senyor-del-temps-inuit\\\/\"]}]},{\"@type\":\"ImageObject\",\"inLanguage\":\"ca\",\"@id\":\"https:\\\/\\\/iwell-guard.com\\\/ca\\\/sila-ale-del-mon-senyor-del-temps-inuit\\\/#primaryimage\",\"url\":\"https:\\\/\\\/iwell-guard.com\\\/wp-content\\\/uploads\\\/2026\\\/05\\\/geister_inuit_sila.webp\",\"contentUrl\":\"https:\\\/\\\/iwell-guard.com\\\/wp-content\\\/uploads\\\/2026\\\/05\\\/geister_inuit_sila.webp\",\"width\":1024,\"height\":1536,\"caption\":\"Esperits de la tradici\u00f3 inuit.\"},{\"@type\":\"BreadcrumbList\",\"@id\":\"https:\\\/\\\/iwell-guard.com\\\/ca\\\/sila-ale-del-mon-senyor-del-temps-inuit\\\/#breadcrumb\",\"itemListElement\":[{\"@type\":\"ListItem\",\"position\":1,\"name\":\"Start\",\"item\":\"https:\\\/\\\/iwell-guard.com\\\/ca\\\/?page_id=171333\"},{\"@type\":\"ListItem\",\"position\":2,\"name\":\"Sila &#8211; Al\u00e8 del m\u00f3n i senyor del temps dels inuit\"}]},{\"@type\":\"WebSite\",\"@id\":\"https:\\\/\\\/iwell-guard.com\\\/ca\\\/#website\",\"url\":\"https:\\\/\\\/iwell-guard.com\\\/ca\\\/\",\"name\":\"iWell Guard\",\"description\":\"Schutz vor dunklen Einfl\u00fcssen\",\"publisher\":{\"@id\":\"https:\\\/\\\/iwell-guard.com\\\/ca\\\/#organization\"},\"potentialAction\":[{\"@type\":\"SearchAction\",\"target\":{\"@type\":\"EntryPoint\",\"urlTemplate\":\"https:\\\/\\\/iwell-guard.com\\\/ca\\\/?s={search_term_string}\"},\"query-input\":{\"@type\":\"PropertyValueSpecification\",\"valueRequired\":true,\"valueName\":\"search_term_string\"}}],\"inLanguage\":\"ca\"},{\"@type\":\"Organization\",\"@id\":\"https:\\\/\\\/iwell-guard.com\\\/ca\\\/#organization\",\"name\":\"Ittermann electronic GmbH\",\"url\":\"https:\\\/\\\/iwell-guard.com\\\/ca\\\/\",\"logo\":{\"@type\":\"ImageObject\",\"inLanguage\":\"ca\",\"@id\":\"https:\\\/\\\/iwell-guard.com\\\/ca\\\/#\\\/schema\\\/logo\\\/image\\\/\",\"url\":\"https:\\\/\\\/iwell-guard.com\\\/wp-content\\\/uploads\\\/2026\\\/05\\\/Ittermann-Logo-1182x237-1.png\",\"contentUrl\":\"https:\\\/\\\/iwell-guard.com\\\/wp-content\\\/uploads\\\/2026\\\/05\\\/Ittermann-Logo-1182x237-1.png\",\"width\":1182,\"height\":237,\"caption\":\"Ittermann electronic GmbH\"},\"image\":{\"@id\":\"https:\\\/\\\/iwell-guard.com\\\/ca\\\/#\\\/schema\\\/logo\\\/image\\\/\"},\"sameAs\":[\"https:\\\/\\\/pantip.com\\\/profile\\\/9367242\",\"https:\\\/\\\/micro.blog\\\/iwellguard\",\"https:\\\/\\\/www.diggerslist.com\\\/iwellguard\\\/about\",\"https:\\\/\\\/skitterphoto.com\\\/photographers\\\/2870314\\\/iwell-guard\",\"https:\\\/\\\/iwellguard.wordpress.com\\\/2026\\\/06\\\/06\\\/iwell-guard\\\/\",\"https:\\\/\\\/hub.docker.com\\\/u\\\/iwellguard\",\"https:\\\/\\\/www.pinterest.com\\\/iwellguard\\\/\",\"https:\\\/\\\/bit.ly\\\/m\\\/iwellguard\",\"https:\\\/\\\/entre-vos-mains.alsace.eu\\\/profiles\\\/iwellguard\\\/activity\",\"https:\\\/\\\/gravatar.com\\\/reallybeded8fd34\",\"https:\\\/\\\/naijamatta.com\\\/iwellguard\",\"https:\\\/\\\/www.goodreads.com\\\/iwellguard\",\"https:\\\/\\\/profile.hatena.ne.jp\\\/iwellguard\\\/\",\"https:\\\/\\\/experiment.com\\\/users\\\/iwellguard\",\"https:\\\/\\\/wakelet.com\\\/@iWellGuard82270\",\"https:\\\/\\\/www.chordie.com\\\/forum\\\/profile.php?id=2555664\",\"https:\\\/\\\/www.instapaper.com\\\/p\\\/17757966\",\"https:\\\/\\\/www.mapleprimes.com\\\/users\\\/iwellguard\",\"https:\\\/\\\/businesslistingplus.com\\\/profile\\\/iwell-guard\\\/\",\"https:\\\/\\\/telegra.ph\\\/iWell-Guard-06-06\",\"https:\\\/\\\/pbase.com\\\/iwellguard\\\/iwellguard\",\"https:\\\/\\\/b.hatena.ne.jp\\\/iwellguard\\\/20260607#bookmark-4788405196491818882\",\"https:\\\/\\\/fliphtml5.com\\\/home\\\/iwellguard\",\"https:\\\/\\\/anyflip.com\\\/homepage\\\/cmiwl#About\",\"https:\\\/\\\/transfur.com\\\/Users\\\/iwellguard\",\"http:\\\/\\\/delphi.larsbo.org\\\/user\\\/iwellguard\",\"https:\\\/\\\/jobs.lajobsportal.org\\\/profiles\\\/8380803-iwell-guard\",\"https:\\\/\\\/md.chaosdorf.de\\\/s\\\/jfbe5SBdJD\",\"https:\\\/\\\/www.lingvolive.com\\\/en-us\\\/profile\\\/9ecaeaca-ce11-4e51-9e71-01d55e2bff36\\\/translations\",\"https:\\\/\\\/www.fitday.com\\\/fitness\\\/forums\\\/members\\\/iwellguard.html\",\"https:\\\/\\\/www.mymeetbook.com\\\/iwellguard\",\"https:\\\/\\\/pxhere.com\\\/en\\\/photographer-me\\\/5040798\",\"https:\\\/\\\/disqus.com\\\/by\\\/iwellguard\\\/about\\\/\",\"https:\\\/\\\/pastelink.net\\\/hjwciqwq\",\"https:\\\/\\\/pubhtml5.com\\\/homepage\\\/scjhn\\\/\",\"https:\\\/\\\/www.bitchute.com\\\/channel\\\/2O2eOKzNqujT\",\"https:\\\/\\\/audiomack.com\\\/iwellguard\"]},{\"@type\":\"Article\",\"@id\":\"https:\\\/\\\/iwell-guard.com\\\/ca\\\/sila-ale-del-mon-senyor-del-temps-inuit\\\/#article\",\"isPartOf\":{\"@id\":\"https:\\\/\\\/iwell-guard.com\\\/ca\\\/sila-ale-del-mon-senyor-del-temps-inuit\\\/\"},\"author\":{\"name\":\"Ralf Ittermann\",\"@id\":\"https:\\\/\\\/iwell-guard.com\\\/ca\\\/#\\\/schema\\\/person\\\/ee2a27f1cac3406c7c6fb5820cb7349f\"},\"headline\":\"Sila &#8211; Al\u00e8 del m\u00f3n i senyor del temps dels inuit\",\"datePublished\":\"2026-09-05T15:42:05+00:00\",\"dateModified\":\"2026-09-05T16:06:20+00:00\",\"mainEntityOfPage\":{\"@id\":\"https:\\\/\\\/iwell-guard.com\\\/ca\\\/sila-ale-del-mon-senyor-del-temps-inuit\\\/\"},\"publisher\":{\"@id\":\"https:\\\/\\\/iwell-guard.com\\\/ca\\\/#organization\"},\"image\":{\"@id\":\"https:\\\/\\\/iwell-guard.com\\\/ca\\\/sila-ale-del-mon-senyor-del-temps-inuit\\\/#primaryimage\"},\"thumbnailUrl\":\"https:\\\/\\\/iwell-guard.com\\\/wp-content\\\/uploads\\\/2026\\\/05\\\/geister_inuit_sila.webp\",\"inLanguage\":\"ca\",\"description\":\"Sila \u00e9s el principi c\u00f2smic \u00e0rtic del temps, l'aire i la ra\u00f3. An\u00e0lisi de ci\u00e8ncies de la religi\u00f3 amb mite, pr\u00e0ctica xam\u00e0nica, fonts i tab\u00fa.\"}]}<\/script>\n<!-- \/ Yoast SEO Premium plugin. -->","yoast_head_json":{"title":"Sila - Al\u00e8 del m\u00f3n dels inuit, temps i ra\u00f3","description":"Sila \u00e9s el principi c\u00f2smic \u00e0rtic del temps, l'aire i la ra\u00f3. An\u00e0lisi de ci\u00e8ncies de la religi\u00f3 amb mite, pr\u00e0ctica xam\u00e0nica, fonts i tab\u00fa.","robots":{"index":"index","follow":"follow","max-snippet":"max-snippet:-1","max-image-preview":"max-image-preview:large","max-video-preview":"max-video-preview:-1"},"canonical":"https:\/\/iwell-guard.com\/ca\/sila-ale-del-mon-senyor-del-temps-inuit\/","og_locale":"ca_ES","og_type":"article","og_title":"Sila - Al\u00e8 del m\u00f3n i senyor del temps dels inuit","og_description":"Sila \u00e9s el principi c\u00f2smic \u00e0rtic del temps, l'aire i la ra\u00f3. An\u00e0lisi de ci\u00e8ncies de la religi\u00f3 amb mite, pr\u00e0ctica xam\u00e0nica, fonts i tab\u00fa.","og_url":"https:\/\/iwell-guard.com\/ca\/sila-ale-del-mon-senyor-del-temps-inuit\/","og_site_name":"iWell Guard","article_modified_time":"2026-09-05T16:06:20+00:00","og_image":[{"width":1024,"height":1536,"url":"https:\/\/iwell-guard.com\/wp-content\/uploads\/2026\/05\/geister_inuit_sila.webp","type":"image\/webp"}],"twitter_card":"summary_large_image","schema":{"@context":"https:\/\/schema.org","@graph":[{"@type":"Article","@id":"https:\/\/iwell-guard.com\/ca\/sila-ale-del-mon-senyor-del-temps-inuit\/#article","isPartOf":{"@id":"https:\/\/iwell-guard.com\/ca\/sila-ale-del-mon-senyor-del-temps-inuit\/"},"author":{"name":"Ralf Ittermann","@id":"https:\/\/iwell-guard.com\/ca\/#\/schema\/person\/ee2a27f1cac3406c7c6fb5820cb7349f"},"headline":"Sila &#8211; Al\u00e8 del m\u00f3n i senyor del temps dels inuit","datePublished":"2026-09-05T15:42:05+00:00","dateModified":"2026-09-05T16:06:20+00:00","mainEntityOfPage":{"@id":"https:\/\/iwell-guard.com\/ca\/sila-ale-del-mon-senyor-del-temps-inuit\/"},"publisher":{"@id":"https:\/\/iwell-guard.com\/ca\/#organization"},"image":{"@id":"https:\/\/iwell-guard.com\/ca\/sila-ale-del-mon-senyor-del-temps-inuit\/#primaryimage"},"thumbnailUrl":"https:\/\/iwell-guard.com\/wp-content\/uploads\/2026\/05\/geister_inuit_sila.webp","inLanguage":"ca","description":"Sila \u00e9s el principi c\u00f2smic \u00e0rtic del temps, l'aire i la ra\u00f3. An\u00e0lisi de ci\u00e8ncies de la religi\u00f3 amb mite, pr\u00e0ctica xam\u00e0nica, fonts i tab\u00fa."},{"@type":"WebPage","@id":"https:\/\/iwell-guard.com\/ca\/sila-ale-del-mon-senyor-del-temps-inuit\/","url":"https:\/\/iwell-guard.com\/ca\/sila-ale-del-mon-senyor-del-temps-inuit\/","name":"Sila - Al\u00e8 del m\u00f3n dels inuit, temps i ra\u00f3","isPartOf":{"@id":"https:\/\/iwell-guard.com\/ca\/#website"},"primaryImageOfPage":{"@id":"https:\/\/iwell-guard.com\/ca\/sila-ale-del-mon-senyor-del-temps-inuit\/#primaryimage"},"image":{"@id":"https:\/\/iwell-guard.com\/ca\/sila-ale-del-mon-senyor-del-temps-inuit\/#primaryimage"},"thumbnailUrl":"https:\/\/iwell-guard.com\/wp-content\/uploads\/2026\/05\/geister_inuit_sila.webp","datePublished":"2026-09-05T15:42:05+00:00","dateModified":"2026-09-05T16:06:20+00:00","description":"Sila \u00e9s el principi c\u00f2smic \u00e0rtic del temps, l'aire i la ra\u00f3. An\u00e0lisi de ci\u00e8ncies de la religi\u00f3 amb mite, pr\u00e0ctica xam\u00e0nica, fonts i tab\u00fa.","breadcrumb":{"@id":"https:\/\/iwell-guard.com\/ca\/sila-ale-del-mon-senyor-del-temps-inuit\/#breadcrumb"},"inLanguage":"ca","potentialAction":[{"@type":"ReadAction","target":["https:\/\/iwell-guard.com\/ca\/sila-ale-del-mon-senyor-del-temps-inuit\/"]}]},{"@type":"ImageObject","inLanguage":"ca","@id":"https:\/\/iwell-guard.com\/ca\/sila-ale-del-mon-senyor-del-temps-inuit\/#primaryimage","url":"https:\/\/iwell-guard.com\/wp-content\/uploads\/2026\/05\/geister_inuit_sila.webp","contentUrl":"https:\/\/iwell-guard.com\/wp-content\/uploads\/2026\/05\/geister_inuit_sila.webp","width":1024,"height":1536,"caption":"Esperits de la tradici\u00f3 inuit."},{"@type":"BreadcrumbList","@id":"https:\/\/iwell-guard.com\/ca\/sila-ale-del-mon-senyor-del-temps-inuit\/#breadcrumb","itemListElement":[{"@type":"ListItem","position":1,"name":"Start","item":"https:\/\/iwell-guard.com\/ca\/?page_id=171333"},{"@type":"ListItem","position":2,"name":"Sila &#8211; Al\u00e8 del m\u00f3n i senyor del temps dels inuit"}]},{"@type":"WebSite","@id":"https:\/\/iwell-guard.com\/ca\/#website","url":"https:\/\/iwell-guard.com\/ca\/","name":"iWell Guard","description":"Schutz vor dunklen Einfl\u00fcssen","publisher":{"@id":"https:\/\/iwell-guard.com\/ca\/#organization"},"potentialAction":[{"@type":"SearchAction","target":{"@type":"EntryPoint","urlTemplate":"https:\/\/iwell-guard.com\/ca\/?s={search_term_string}"},"query-input":{"@type":"PropertyValueSpecification","valueRequired":true,"valueName":"search_term_string"}}],"inLanguage":"ca"},{"@type":"Organization","@id":"https:\/\/iwell-guard.com\/ca\/#organization","name":"Ittermann electronic GmbH","url":"https:\/\/iwell-guard.com\/ca\/","logo":{"@type":"ImageObject","inLanguage":"ca","@id":"https:\/\/iwell-guard.com\/ca\/#\/schema\/logo\/image\/","url":"https:\/\/iwell-guard.com\/wp-content\/uploads\/2026\/05\/Ittermann-Logo-1182x237-1.png","contentUrl":"https:\/\/iwell-guard.com\/wp-content\/uploads\/2026\/05\/Ittermann-Logo-1182x237-1.png","width":1182,"height":237,"caption":"Ittermann electronic GmbH"},"image":{"@id":"https:\/\/iwell-guard.com\/ca\/#\/schema\/logo\/image\/"},"sameAs":["https:\/\/pantip.com\/profile\/9367242","https:\/\/micro.blog\/iwellguard","https:\/\/www.diggerslist.com\/iwellguard\/about","https:\/\/skitterphoto.com\/photographers\/2870314\/iwell-guard","https:\/\/iwellguard.wordpress.com\/2026\/06\/06\/iwell-guard\/","https:\/\/hub.docker.com\/u\/iwellguard","https:\/\/www.pinterest.com\/iwellguard\/","https:\/\/bit.ly\/m\/iwellguard","https:\/\/entre-vos-mains.alsace.eu\/profiles\/iwellguard\/activity","https:\/\/gravatar.com\/reallybeded8fd34","https:\/\/naijamatta.com\/iwellguard","https:\/\/www.goodreads.com\/iwellguard","https:\/\/profile.hatena.ne.jp\/iwellguard\/","https:\/\/experiment.com\/users\/iwellguard","https:\/\/wakelet.com\/@iWellGuard82270","https:\/\/www.chordie.com\/forum\/profile.php?id=2555664","https:\/\/www.instapaper.com\/p\/17757966","https:\/\/www.mapleprimes.com\/users\/iwellguard","https:\/\/businesslistingplus.com\/profile\/iwell-guard\/","https:\/\/telegra.ph\/iWell-Guard-06-06","https:\/\/pbase.com\/iwellguard\/iwellguard","https:\/\/b.hatena.ne.jp\/iwellguard\/20260607#bookmark-4788405196491818882","https:\/\/fliphtml5.com\/home\/iwellguard","https:\/\/anyflip.com\/homepage\/cmiwl#About","https:\/\/transfur.com\/Users\/iwellguard","http:\/\/delphi.larsbo.org\/user\/iwellguard","https:\/\/jobs.lajobsportal.org\/profiles\/8380803-iwell-guard","https:\/\/md.chaosdorf.de\/s\/jfbe5SBdJD","https:\/\/www.lingvolive.com\/en-us\/profile\/9ecaeaca-ce11-4e51-9e71-01d55e2bff36\/translations","https:\/\/www.fitday.com\/fitness\/forums\/members\/iwellguard.html","https:\/\/www.mymeetbook.com\/iwellguard","https:\/\/pxhere.com\/en\/photographer-me\/5040798","https:\/\/disqus.com\/by\/iwellguard\/about\/","https:\/\/pastelink.net\/hjwciqwq","https:\/\/pubhtml5.com\/homepage\/scjhn\/","https:\/\/www.bitchute.com\/channel\/2O2eOKzNqujT","https:\/\/audiomack.com\/iwellguard"]},{"@type":"Person","@id":"https:\/\/iwell-guard.com\/ca\/#\/schema\/person\/ee2a27f1cac3406c7c6fb5820cb7349f","name":"Ralf Ittermann","image":{"@type":"ImageObject","inLanguage":"ca","@id":"https:\/\/secure.gravatar.com\/avatar\/073c0153e350a5005b68eb752b445fea71f6b24a26da9449ad7e155e6b446c9d?s=96&d=mm&r=g","url":"https:\/\/secure.gravatar.com\/avatar\/073c0153e350a5005b68eb752b445fea71f6b24a26da9449ad7e155e6b446c9d?s=96&d=mm&r=g","contentUrl":"https:\/\/secure.gravatar.com\/avatar\/073c0153e350a5005b68eb752b445fea71f6b24a26da9449ad7e155e6b446c9d?s=96&d=mm&r=g","caption":"Ralf Ittermann"},"givenName":"Ralf","familyName":"Ittermann","jobTitle":"Gesch\u00e4ftsf\u00fchrer und redaktioneller Verantwortlicher","url":"https:\/\/iwell-guard.com\/ca\/author\/claude\/","description":"Ralf Ittermann ist Gesch\u00e4ftsf\u00fchrer der Ittermann electronic GmbH und redaktioneller Verantwortlicher des iWell-Guard-Lexikons. Er verbindet langj\u00e4hrige Erfahrung in der Pr\u00e4zisionsfertigung mit medialer Praxis und religionsgeschichtlicher Quellenarbeit.","worksFor":{"@type":"Organization","name":"Ittermann electronic GmbH","url":"https:\/\/ittermann.de\/","address":{"@type":"PostalAddress","streetAddress":"K\u00f6hlergasse 16-18","postalCode":"99842","addressLocality":"Ruhla","addressCountry":"DE"}},"knowsAbout":["Religionsgeschichte","Mythologie","Mediale Praxis","Energetische Diagnostik","Schutzpraxis","Volksglauben","Westliche Esoterik"]},{"@type":"Article","@id":"https:\/\/iwell-guard.com\/ca\/sila-ale-del-mon-senyor-del-temps-inuit\/#article","isPartOf":{"@id":"https:\/\/iwell-guard.com\/ca\/sila-ale-del-mon-senyor-del-temps-inuit\/"},"author":{"name":"Ralf Ittermann","@id":"https:\/\/iwell-guard.com\/ca\/#\/schema\/person\/ee2a27f1cac3406c7c6fb5820cb7349f"},"headline":"Sila &#8211; Al\u00e8 del m\u00f3n i senyor del temps dels inuit","datePublished":"2026-09-05T15:42:05+00:00","dateModified":"2026-09-05T16:06:20+00:00","mainEntityOfPage":{"@id":"https:\/\/iwell-guard.com\/ca\/sila-ale-del-mon-senyor-del-temps-inuit\/"},"publisher":{"@id":"https:\/\/iwell-guard.com\/ca\/#organization"},"image":{"@id":"https:\/\/iwell-guard.com\/ca\/sila-ale-del-mon-senyor-del-temps-inuit\/#primaryimage"},"thumbnailUrl":"https:\/\/iwell-guard.com\/wp-content\/uploads\/2026\/05\/geister_inuit_sila.webp","inLanguage":"ca","description":"Sila \u00e9s el principi c\u00f2smic \u00e0rtic del temps, l'aire i la ra\u00f3. An\u00e0lisi de ci\u00e8ncies de la religi\u00f3 amb mite, pr\u00e0ctica xam\u00e0nica, fonts i tab\u00fa."}]}},"_links":{"self":[{"href":"https:\/\/iwell-guard.com\/ca\/wp-json\/wp\/v2\/pages\/171752","targetHints":{"allow":["GET"]}}],"collection":[{"href":"https:\/\/iwell-guard.com\/ca\/wp-json\/wp\/v2\/pages"}],"about":[{"href":"https:\/\/iwell-guard.com\/ca\/wp-json\/wp\/v2\/types\/page"}],"author":[{"embeddable":true,"href":"https:\/\/iwell-guard.com\/ca\/wp-json\/wp\/v2\/users\/3"}],"replies":[{"embeddable":true,"href":"https:\/\/iwell-guard.com\/ca\/wp-json\/wp\/v2\/comments?post=171752"}],"version-history":[{"count":0,"href":"https:\/\/iwell-guard.com\/ca\/wp-json\/wp\/v2\/pages\/171752\/revisions"}],"wp:featuredmedia":[{"embeddable":true,"href":"https:\/\/iwell-guard.com\/ca\/wp-json\/wp\/v2\/media\/2879"}],"wp:attachment":[{"href":"https:\/\/iwell-guard.com\/ca\/wp-json\/wp\/v2\/media?parent=171752"}],"wp:term":[{"taxonomy":"category","embeddable":true,"href":"https:\/\/iwell-guard.com\/ca\/wp-json\/wp\/v2\/categories?post=171752"}],"curies":[{"name":"wp","href":"https:\/\/api.w.org\/{rel}","templated":true}]}}