{"id":171751,"date":"2026-09-05T15:42:04","date_gmt":"2026-09-05T15:42:04","guid":{"rendered":"https:\/\/iwell-guard.com\/?page_id=171751"},"modified":"2026-09-05T16:06:17","modified_gmt":"2026-09-05T16:06:17","slug":"sedna-senyora-del-mar-inuit","status":"publish","type":"page","link":"https:\/\/iwell-guard.com\/ca\/sedna-senyora-del-mar-inuit\/","title":{"rendered":"Sedna &#8211; Senyora del mar dels inuit"},"content":{"rendered":"\t\t<div data-elementor-type=\"wp-page\" data-elementor-id=\"171751\" class=\"elementor elementor-171751 elementor-2654 elementor-bc-flex-widget\" data-elementor-post-type=\"page\">\n\t\t\t\t<div class=\"elementor-element elementor-element-iwgw-sedna-hero e-flex e-con-boxed e-con e-parent\" data-id=\"iwgw-sedna-hero\" data-element_type=\"container\" data-e-type=\"container\" data-settings=\"{&quot;background_background&quot;:&quot;classic&quot;}\">\n\t\t\t\t\t<div class=\"e-con-inner\">\n\t\t<div class=\"elementor-element elementor-element-iwgw-sedna-hl e-flex e-con-boxed e-con e-child\" data-id=\"iwgw-sedna-hl\" data-element_type=\"container\" data-e-type=\"container\">\n\t\t\t\t\t<div class=\"e-con-inner\">\n\t\t<div class=\"elementor-element elementor-element-iwgw-sedna-htxt e-con-full e-flex e-con e-child\" data-id=\"iwgw-sedna-htxt\" data-element_type=\"container\" data-e-type=\"container\">\n\t\t\t\t<div class=\"elementor-element elementor-element-iwgw-sedna-h1 elementor-widget elementor-widget-heading\" data-id=\"iwgw-sedna-h1\" data-element_type=\"widget\" data-e-type=\"widget\" data-widget_type=\"heading.default\">\n\t\t\t\t\t<h1 class=\"elementor-heading-title elementor-size-default\">Sedna - Senyora del mar i guardiana dels animals en el pante\u00f3 inuit<\/h1>\t\t\t\t<\/div>\n\t\t\t\t<div class=\"elementor-element elementor-element-iwgw-sedna-lead elementor-widget elementor-widget-text-editor\" data-id=\"iwgw-sedna-lead\" data-element_type=\"widget\" data-e-type=\"widget\" data-widget_type=\"text-editor.default\">\n\t\t\t\t\t\t\t\t\t<p>Sedna, coneguda en la tradici\u00f3 polar dels inuit sota nombrosos noms com Nuliajuk, Takannakapsaluk o Arnakuagsak, \u00e9s considerada la senyora dels animals marins i figura entre les gestes m\u00e9s \u00e0mpliament documentades de la hist\u00f2ria religiosa circumpolar. Els registres de Knud Rasmussen de la 5a Expedici\u00f3 Thule van convertir la seva figura en una pe\u00e7a clau de qualsevol aproximaci\u00f3 seriosa des dels estudis de la religi\u00f3 a les societats de subsist\u00e8ncia \u00e0rtiques.<\/p>\t\t\t\t\t\t\t\t<\/div>\n\t\t\t\t<\/div>\n\t\t<div class=\"elementor-element elementor-element-iwgw-sedna-pillc e-con-full e-flex e-con e-child\" data-id=\"iwgw-sedna-pillc\" data-element_type=\"container\" data-e-type=\"container\">\n\t\t\t\t<div class=\"elementor-element elementor-element-iwgw-sedna-pills elementor-widget elementor-widget-html\" data-id=\"iwgw-sedna-pills\" data-element_type=\"widget\" data-e-type=\"widget\" data-widget_type=\"html.default\">\n\t\t\t\t\t<div class=\"iwg-pill-row\"><span class=\"iwg-klasse-badge\" tabindex=\"0\" data-tooltip=\"\u00c9sser mar\u00ed de la tradici\u00f3 inuit.\">\u00c9sser mar\u00ed<\/span><a href=\"https:\/\/iwell-guard.com\/ca\/inuit-artic-sedna-tornit-proteccio\/\" class=\"iwg-kultur-badge\" tabindex=\"0\" data-tooltip=\"Mitologia de la tradici\u00f3 inuit.\">Inuit<\/a><span class=\"iwg-tradition-badge\" tabindex=\"0\" data-tooltip=\"Senyora dels animals.\">Senyora dels animals<\/span><\/div>\t\t\t\t<\/div>\n\t\t\t\t<\/div>\n\t\t<div class=\"elementor-element elementor-element-iwgw-sedna-tocc e-con-full e-flex e-con e-child\" data-id=\"iwgw-sedna-tocc\" data-element_type=\"container\" data-e-type=\"container\">\n\t\t\t\t<div class=\"elementor-element elementor-element-iwgw-sedna-toc elementor-toc--minimized-on-tablet elementor-widget elementor-widget-table-of-contents\" data-id=\"iwgw-sedna-toc\" data-element_type=\"widget\" data-e-type=\"widget\" data-settings=\"{&quot;headings_by_tags&quot;:[&quot;h2&quot;,&quot;h3&quot;],&quot;minimize_box&quot;:&quot;yes&quot;,&quot;marker_view&quot;:&quot;bullets&quot;,&quot;no_headings_message&quot;:&quot;No s&#039;ha trobat cap encap\\u00e7alament en aquesta p\\u00e0gina.&quot;,&quot;exclude_headings_by_selector&quot;:[],&quot;icon&quot;:{&quot;value&quot;:&quot;fas fa-circle&quot;,&quot;library&quot;:&quot;fa-solid&quot;,&quot;rendered_tag&quot;:&quot;&lt;svg class=\\&quot;e-font-icon-svg e-fas-circle\\&quot; viewBox=\\&quot;0 0 512 512\\&quot; xmlns=\\&quot;http:\\\/\\\/www.w3.org\\\/2000\\\/svg\\&quot;&gt;&lt;path d=\\&quot;M256 8C119 8 8 119 8 256s111 248 248 248 248-111 248-248S393 8 256 8z\\&quot;&gt;&lt;\\\/path&gt;&lt;\\\/svg&gt;&quot;},&quot;minimized_on&quot;:&quot;tablet&quot;,&quot;hierarchical_view&quot;:&quot;yes&quot;,&quot;min_height&quot;:{&quot;unit&quot;:&quot;px&quot;,&quot;size&quot;:&quot;&quot;,&quot;sizes&quot;:[]},&quot;min_height_tablet&quot;:{&quot;unit&quot;:&quot;px&quot;,&quot;size&quot;:&quot;&quot;,&quot;sizes&quot;:[]},&quot;min_height_mobile&quot;:{&quot;unit&quot;:&quot;px&quot;,&quot;size&quot;:&quot;&quot;,&quot;sizes&quot;:[]}}\" data-widget_type=\"table-of-contents.default\">\n\t\t\t\t\t\t\t\t\t<div class=\"elementor-toc__header\">\n\t\t\t\t\t\t<h2 class=\"elementor-toc__header-title\">\n\t\t\t\t\u00cdndex\t\t\t<\/h2>\n\t\t\t\t\t\t\t\t\t\t<div class=\"elementor-toc__toggle-button elementor-toc__toggle-button--expand\" role=\"button\" tabindex=\"0\" aria-controls=\"elementor-toc__iwgw-sedna-toc\" aria-expanded=\"true\" aria-label=\"Open table of contents\"><svg aria-hidden=\"true\" class=\"e-font-icon-svg e-fas-chevron-down\" viewBox=\"0 0 448 512\" xmlns=\"http:\/\/www.w3.org\/2000\/svg\"><path d=\"M207.029 381.476L12.686 187.132c-9.373-9.373-9.373-24.569 0-33.941l22.667-22.667c9.357-9.357 24.522-9.375 33.901-.04L224 284.505l154.745-154.021c9.379-9.335 24.544-9.317 33.901.04l22.667 22.667c9.373 9.373 9.373 24.569 0 33.941L240.971 381.476c-9.373 9.372-24.569 9.372-33.942 0z\"><\/path><\/svg><\/div>\n\t\t\t\t<div class=\"elementor-toc__toggle-button elementor-toc__toggle-button--collapse\" role=\"button\" tabindex=\"0\" aria-controls=\"elementor-toc__iwgw-sedna-toc\" aria-expanded=\"true\" aria-label=\"Close table of contents\"><svg aria-hidden=\"true\" class=\"e-font-icon-svg e-fas-chevron-up\" viewBox=\"0 0 448 512\" xmlns=\"http:\/\/www.w3.org\/2000\/svg\"><path d=\"M240.971 130.524l194.343 194.343c9.373 9.373 9.373 24.569 0 33.941l-22.667 22.667c-9.357 9.357-24.522 9.375-33.901.04L224 227.495 69.255 381.516c-9.379 9.335-24.544 9.317-33.901-.04l-22.667-22.667c-9.373-9.373-9.373-24.569 0-33.941L207.03 130.525c9.372-9.373 24.568-9.373 33.941-.001z\"><\/path><\/svg><\/div>\n\t\t\t\t\t<\/div>\n\t\t\t\t<div id=\"elementor-toc__iwgw-sedna-toc\" class=\"elementor-toc__body\">\n\t\t\t<div class=\"elementor-toc__spinner-container\">\n\t\t\t\t<svg class=\"elementor-toc__spinner eicon-animation-spin e-font-icon-svg e-eicon-loading\" aria-hidden=\"true\" viewBox=\"0 0 1000 1000\" xmlns=\"http:\/\/www.w3.org\/2000\/svg\"><path d=\"M500 975V858C696 858 858 696 858 500S696 142 500 142 142 304 142 500H25C25 237 238 25 500 25S975 237 975 500 763 975 500 975Z\"><\/path><\/svg>\t\t\t<\/div>\n\t\t<\/div>\n\t\t\t\t\t\t<\/div>\n\t\t\t\t<\/div>\n\t\t\t\t\t<\/div>\n\t\t\t\t<\/div>\n\t\t<div class=\"elementor-element elementor-element-iwgw-sedna-hr e-con-full e-flex e-con e-child\" data-id=\"iwgw-sedna-hr\" data-element_type=\"container\" data-e-type=\"container\">\n\t\t\t\t<div class=\"elementor-element elementor-element-iwgw-sedna-heroimg iwg-hero-image elementor-widget elementor-widget-image\" data-id=\"iwgw-sedna-heroimg\" data-element_type=\"widget\" data-e-type=\"widget\" data-widget_type=\"image.default\">\n\t\t\t\t\t\t\t\t\t\t\t\t\t\t\t<img fetchpriority=\"high\" decoding=\"async\" width=\"683\" height=\"1024\" src=\"https:\/\/iwell-guard.com\/wp-content\/uploads\/2026\/05\/goetter_inuit_sedna-1-683x1024.webp\" class=\"attachment-large size-large wp-image-2885\" alt=\"Sedna \u2013 Senyora del mar dels inuit\" srcset=\"https:\/\/iwell-guard.com\/wp-content\/uploads\/2026\/05\/goetter_inuit_sedna-1-683x1024.webp 683w, https:\/\/iwell-guard.com\/wp-content\/uploads\/2026\/05\/goetter_inuit_sedna-1-200x300.webp 200w, https:\/\/iwell-guard.com\/wp-content\/uploads\/2026\/05\/goetter_inuit_sedna-1-768x1152.webp 768w, https:\/\/iwell-guard.com\/wp-content\/uploads\/2026\/05\/goetter_inuit_sedna-1.webp 1024w\" sizes=\"(max-width: 683px) 100vw, 683px\" \/>\t\t\t\t\t\t\t\t\t\t\t\t\t\t\t<\/div>\n\t\t\t\t<\/div>\n\t\t\t\t\t<\/div>\n\t\t\t\t<\/div>\n\t\t\t\t<section class=\"elementor-section elementor-top-section elementor-element elementor-element-sec-iwgcomp-sedna elementor-section-boxed elementor-section-height-default elementor-section-height-default\" data-id=\"sec-iwgcomp-sedna\" data-element_type=\"section\" data-e-type=\"section\">\n\t\t\t\t\t\t<div class=\"elementor-container elementor-column-gap-default\">\n\t\t\t\t\t<div class=\"elementor-column elementor-col-100 elementor-top-column elementor-element elementor-element-col-iwgcomp-sedna\" data-id=\"col-iwgcomp-sedna\" data-element_type=\"column\" data-e-type=\"column\">\n\t\t\t<div class=\"elementor-widget-wrap elementor-element-populated\">\n\t\t\t\t\t\t<div class=\"elementor-element elementor-element-iwgcomp-sedna elementor-widget elementor-widget-text-editor\" data-id=\"iwgcomp-sedna\" data-element_type=\"widget\" data-e-type=\"widget\" data-widget_type=\"text-editor.default\">\n\t\t\t\t\t\t\t\t\t<p>El <strong><span class=\"iwg-fachbegriff\" data-tooltip=\"El conjunt d'actes de veneraci\u00f3 religiosa envers una divinitat o figura sagrada.\" tabindex=\"0\">culte<\/span><\/strong> a Sedna, senyora del mar dels inuit, marca encara avui els rituals de ca\u00e7a i protecci\u00f3 de la regi\u00f3 \u00e0rtica.<\/p>\t\t\t\t\t\t\t\t<\/div>\n\t\t\t\t\t<\/div>\n\t\t<\/div>\n\t\t\t\t\t<\/div>\n\t\t<\/section>\n\t\t<div class=\"elementor-element elementor-element-iwgw-sedna-s0 e-flex e-con-boxed e-con e-parent\" data-id=\"iwgw-sedna-s0\" data-element_type=\"container\" data-e-type=\"container\">\n\t\t\t\t\t<div class=\"e-con-inner\">\n\t\t\t\t<div class=\"elementor-element elementor-element-iwgw-sedna-s0h elementor-widget elementor-widget-heading\" data-id=\"iwgw-sedna-s0h\" data-element_type=\"widget\" data-e-type=\"widget\" data-widget_type=\"heading.default\">\n\t\t\t\t\t<h2 class=\"elementor-heading-title elementor-size-default\">Classificaci\u00f3 i perfil breu<\/h2>\t\t\t\t<\/div>\n\t\t<div class=\"elementor-element elementor-element-iwgw-sedna-s0c e-con-full e-flex e-con e-child\" data-id=\"iwgw-sedna-s0c\" data-element_type=\"container\" data-e-type=\"container\">\n\t\t\t\t<div class=\"elementor-element elementor-element-iwgw-sedna-s0t elementor-widget elementor-widget-text-editor\" data-id=\"iwgw-sedna-s0t\" data-element_type=\"widget\" data-e-type=\"widget\" data-widget_type=\"text-editor.default\">\n\t\t\t\t\t\t\t\t\t<p>Sedna \u00e9s la figura numinosa m\u00e9s prominent de la tradici\u00f3 dels <a href=\"https:\/\/iwell-guard.com\/ca\/inuit-artic-sedna-tornit-proteccio\/\">inuit<\/a> de l&#8217;\u00c0rtic central. Segons els relats transmesos, resideix al fons del mar i controla les poblacions de foques, balenes i morses, essencials per a la subsist\u00e8ncia.<\/p><p>A difer\u00e8ncia de moltes divinitats pan\u00e0rtiques, Sedna t\u00e9 una biografia narrativa cont\u00ednua que la presenta com una dona antigament humana, la mutilaci\u00f3 i submersi\u00f3 de la qual la va portar a la posici\u00f3 de senyora dels animals. Aquesta profunditat narrativa la converteix en un cas particularment ben treballat des dels estudis de la religi\u00f3.<\/p><p>Cient\u00edficament, Sedna es classifica com una encarnaci\u00f3 del tipus \u00e0mpliament est\u00e8s a Sib\u00e8ria i Am\u00e8rica del Nord conegut com la senyora dels animals. Knud Rasmussen, Ann Fienup-Riordan i Daniel Merkur han mostrat de manera coincident que la seva funci\u00f3 de control sobre la ca\u00e7a marca el punt central econ\u00f2mic i religi\u00f3s de la societat inuit tradicional. Segons l&#8217;ensenyament inuit, qui trenca els tab\u00fas contra ella tanca els territoris de ca\u00e7a.<\/p><p>El poder de Sedna no \u00e9s jutjador en el sentit moral occidental, sin\u00f3 regulat de manera reciproca. Ret\u00e9 els seus animals o els allibera segons si la manera de viure dels humans respecta el seu sistema de tab\u00fas.<\/p><p>Aquesta mec\u00e0nica es discuteix en la recerca com una economia de recursos religiosa que entrella\u00e7a la cohesi\u00f3 social amb la regulaci\u00f3 de la ca\u00e7a. Sedna \u00e9s, aix\u00ed, alhora una inst\u00e0ncia teol\u00f2gica i sociopol\u00edtica, cosa que la distingeix de moltes altres figures divines.<\/p><p>Com que Sedna disposa d&#8217;una biografia narrativa excepcionalment tancada, la recerca cient\u00edfica m\u00e9s recent ha posat a prova precisament en ella els seus enfocaments metodol\u00f2gics ampliats: hi combina la precisi\u00f3 etnogr\u00e0fica, la cr\u00edtica ling\u00fc\u00edstica de fonts i la perspectiva comparativa. Avui hi participen de manera decisiva investigadores i investigadors de la mateixa comunitat inuit, que revisen i corregeixen interpretacions m\u00e9s antigues, en part marcades per una mirada colonial, sobre la senyora del mar.<\/p>\t\t\t\t\t\t\t\t<\/div>\n\t\t\t\t<\/div>\n\t\t\t\t\t<\/div>\n\t\t\t\t<\/div>\n\t\t<div class=\"elementor-element elementor-element-iwgw-sedna-s1 e-flex e-con-boxed e-con e-parent\" data-id=\"iwgw-sedna-s1\" data-element_type=\"container\" data-e-type=\"container\">\n\t\t\t\t\t<div class=\"e-con-inner\">\n\t\t\t\t<div class=\"elementor-element elementor-element-iwgw-sedna-s1h elementor-widget elementor-widget-heading\" data-id=\"iwgw-sedna-s1h\" data-element_type=\"widget\" data-e-type=\"widget\" data-widget_type=\"heading.default\">\n\t\t\t\t\t<h2 class=\"elementor-heading-title elementor-size-default\">Nom, etimologia i variants regionals<\/h2>\t\t\t\t<\/div>\n\t\t<div class=\"elementor-element elementor-element-iwgw-sedna-s1c e-con-full e-flex e-con e-child\" data-id=\"iwgw-sedna-s1c\" data-element_type=\"container\" data-e-type=\"container\">\n\t\t\t\t<div class=\"elementor-element elementor-element-iwgw-sedna-s1t elementor-widget elementor-widget-text-editor\" data-id=\"iwgw-sedna-s1t\" data-element_type=\"widget\" data-e-type=\"widget\" data-widget_type=\"text-editor.default\">\n\t\t\t\t\t\t\t\t\t<p>El nom actualment habitual, Sedna, prov\u00e9 de l&#8217;inuktitut de la regi\u00f3 de Baffin i es va fer <span class=\"iwg-fachbegriff\" data-tooltip=\"Que pertany al conjunt de textos reconeguts com a vinculants dins una religi\u00f3.\" tabindex=\"0\">can\u00f2nic<\/span> gr\u00e0cies als registres de Franz Boas a finals del segle XIX. El nom pr\u00f2piament <span class=\"iwg-fachbegriff\" data-tooltip=\"Que allunya el mal: relatiu a signes i objectes destinats a mantenir a dist\u00e0ncia influ\u00e8ncies perjudicials.\" tabindex=\"0\">apotropaic<\/span> tabu\u00eftzat de Sedna sovint s&#8217;evita en les situacions narratives. En el seu lloc circulen noms honor\u00edfics com Nuliajuk, que literalment significa la sempre pretesa, i que domina a les regions netsilik i iglulik.<\/p><p>Entre els aivilingmiut i els iglulingmiut \u00e9s habitual la forma Takannakapsaluk, i a Groenl\u00e0ndia Arnakuagsak o Arnarquassaaq. La diversitat regional va m\u00e9s enll\u00e0 de l&#8217;aspecte ling\u00fc\u00edstic i porta associades, en cada cas, l\u00ednies m\u00edtiques lleugerament diferents.<\/p><p>Aix\u00ed, la variant iglulik posa m\u00e9s \u00e8mfasi en els fils d&#8217;adopci\u00f3 i matrimoni, mentre que la variant de Baffin destaca el pare Anguta i el drama de la barca. A Alaska existeixen conceptes emparentats, encara que funcionalment difereixen en part de la Sedna de l&#8217;\u00c0rtic central.<\/p><p>Etimol\u00f2gicament, Daniel Merkur interpreta el nom Nuliajuk en el sentit d&#8217;una dona constantment pretesa pels esperits, i hi veu un reflex del viatge xam\u00e0nic: el <span class=\"iwg-fachbegriff\" data-tooltip=\"Especialista religi\u00f3s a qui s'atribueix la mediaci\u00f3 entre els humans i el m\u00f3n dels esperits.\" tabindex=\"0\">xaman<\/span> ha d&#8217;apropar-se a ella com un pretendent que busca guanyar-se el seu favor.<\/p><p>Altres formes del nom reflecteixen la seva funci\u00f3: <em>Arnaq<\/em> significa simplement dona, <em>nuna<\/em> terra o m\u00f3n, de manera que sobrenoms com dona sota el mar mantenen un significat transparent. La diversitat de noms correspon a l&#8217;observaci\u00f3 fenomenol\u00f2gica religiosa segons la qual les figures numinoses poderoses sovint nom\u00e9s es poden anomenar mitjan\u00e7ant per\u00edfrasis.<\/p>\t\t\t\t\t\t\t\t<\/div>\n\t\t\t\t<\/div>\n\t\t\t\t\t<\/div>\n\t\t\t\t<\/div>\n\t\t<div class=\"elementor-element elementor-element-iwgw-sedna-s2 e-flex e-con-boxed e-con e-parent\" data-id=\"iwgw-sedna-s2\" data-element_type=\"container\" data-e-type=\"container\">\n\t\t\t\t\t<div class=\"e-con-inner\">\n\t\t\t\t<div class=\"elementor-element elementor-element-iwgw-sedna-s2h elementor-widget elementor-widget-heading\" data-id=\"iwgw-sedna-s2h\" data-element_type=\"widget\" data-e-type=\"widget\" data-widget_type=\"heading.default\">\n\t\t\t\t\t<h2 class=\"elementor-heading-title elementor-size-default\">Descripci\u00f3 i iconografia<\/h2>\t\t\t\t<\/div>\n\t\t<div class=\"elementor-element elementor-element-iwgw-sedna-s2c e-con-full e-flex e-con e-child\" data-id=\"iwgw-sedna-s2c\" data-element_type=\"container\" data-e-type=\"container\">\n\t\t\t\t<div class=\"elementor-element elementor-element-iwgw-sedna-s2t elementor-widget elementor-widget-text-editor\" data-id=\"iwgw-sedna-s2t\" data-element_type=\"widget\" data-e-type=\"widget\" data-widget_type=\"text-editor.default\">\n\t\t\t\t\t\t\t\t\t<p>Sedna \u00e9s descrita en les narracions transmeses com una dona colossal al fons del mar, les mans de la qual han deixat d&#8217;existir o s&#8217;han transformat en aletes de foca.<\/p><p>El seu cabell \u00e9s llarg, feixuc i est\u00e0 permanentment embullat, ja que sense dits no pot pentinar-se sola. D&#8217;aquest cabell embullat en sorgeixen, segons diversos relats, les malalties i l&#8217;escassetat de les preses de ca\u00e7a. Aquesta vulnerabilitat f\u00edsica constitueix, en fenomenologia de la religi\u00f3, un <span class=\"iwg-fachbegriff\" data-tooltip=\"Un element de contingut recurrent en l'art o la narraci\u00f3.\" tabindex=\"0\">motiu<\/span> propi.<\/p><p>Les representacions visuals eren rares en la cultura tradicional inuit, ja que la representaci\u00f3 figurativa de la senyora del mar estava marcada per un tab\u00fa. No va ser fins a l&#8217;art inuit contemporani, des dels anys 1950, per exemple a Cape Dorset (Kinngait) i Pangnirtung, que Sedna es va convertir en un <span class=\"iwg-fachbegriff\" data-tooltip=\"Un element de contingut recurrent en l'art o la narraci\u00f3.\" tabindex=\"0\">motiu<\/span> iconogr\u00e0ficament reconeixible.<\/p><p>Els gravats en pedra d&#8217;artistes com Ningiukulu Teevee, Kenojuak Ashevak o Pitseolak Ashoona la representen sovint com un \u00e9sser amb tors hum\u00e0 i aleta caudal.<\/p><p>Cal distingir cient\u00edficament aquesta tradici\u00f3 iconogr\u00e0fica contempor\u00e0nia de la tradici\u00f3 precristiana. En els registres de Rasmussen, els xamans expliquen que nom\u00e9s podien veure Sedna en condicions especials de tr\u00e0nsit i que qualsevol representaci\u00f3 anticipada es considerava presumptuosa. La tradici\u00f3 iconogr\u00e0fica actual \u00e9s, doncs, menys una reproducci\u00f3 d&#8217;una iconografia hist\u00f2rica que una apropiaci\u00f3 moderna pr\u00f2pia de la figura.<\/p><p>Simb\u00f2licament, se li atribueixen els mateixos animals aqu\u00e0tics: foques anellades, foques barbudes, morses, belugues, narvals. En els relats sobre la seva creaci\u00f3, aquests animals van sorgir de les falanges dels dits tallats, un <span class=\"iwg-fachbegriff\" data-tooltip=\"Un element de contingut recurrent en l'art o la narraci\u00f3.\" tabindex=\"0\">motiu<\/span> etiol\u00f2gic que fa visible la depend\u00e8ncia econ\u00f2mica <span class=\"iwg-fachbegriff\" data-tooltip=\"Una seq\u00fc\u00e8ncia regulada d'actes simb\u00f2lics amb significat religi\u00f3s o cultural.\" tabindex=\"0\">ritual<\/span>.<\/p><p>Qui abat una foca ha rebut, mitologicament, un tros del propi cos de Sedna, fet que fonamenta l&#8217;obligaci\u00f3 de tractar-la amb respecte.<\/p>\t\t\t\t\t\t\t\t<\/div>\n\t\t\t\t<\/div>\n\t\t\t\t\t<\/div>\n\t\t\t\t<\/div>\n\t\t<div class=\"elementor-element elementor-element-iwgw-sedna-s3 e-flex e-con-boxed e-con e-parent\" data-id=\"iwgw-sedna-s3\" data-element_type=\"container\" data-e-type=\"container\">\n\t\t\t\t\t<div class=\"e-con-inner\">\n\t\t\t\t<div class=\"elementor-element elementor-element-iwgw-sedna-s3h elementor-widget elementor-widget-heading\" data-id=\"iwgw-sedna-s3h\" data-element_type=\"widget\" data-e-type=\"widget\" data-widget_type=\"heading.default\">\n\t\t\t\t\t<h2 class=\"elementor-heading-title elementor-size-default\">El mite central de la mutilaci\u00f3<\/h2>\t\t\t\t<\/div>\n\t\t<div class=\"elementor-element elementor-element-iwgw-sedna-s3c e-con-full e-flex e-con e-child\" data-id=\"iwgw-sedna-s3c\" data-element_type=\"container\" data-e-type=\"container\">\n\t\t\t\t<div class=\"elementor-element elementor-element-iwgw-sedna-s3t elementor-widget elementor-widget-text-editor\" data-id=\"iwgw-sedna-s3t\" data-element_type=\"widget\" data-e-type=\"widget\" data-widget_type=\"text-editor.default\">\n\t\t\t\t\t\t\t\t\t<p>El relat central segueix, en gaireb\u00e9 totes les variants, un esquema fix, tal com han documentat Franz Boas, Knud Rasmussen i, m\u00e9s tard, Daniel Merkur. Sedna \u00e9s la filla de l&#8217;home <a href=\"https:\/\/iwell-guard.com\/ca\/?page_id=171755\">Anguta<\/a>. Es nega a casar-se amb un home hum\u00e0.<\/p><p>Finalment accepta un pretendent que resulta ser un ocell de tempesta, un gos o un desconegut. Despr\u00e9s del casament, descobreix la veritable naturalesa del seu marit i crida el seu pare.<\/p><p>Anguta la recull amb l&#8217;umiak, el vaixell de les dones. Durant la fugida, l&#8217;home-ocell de tempesta desferma una tempesta. Per salvar el vaixell d&#8217;enfonsar-se, Anguta llan\u00e7a la seva filla al mar.<\/p><p>Quan ella s&#8217;aferra a la vora del vaixell, ell li talla les falanges dels dits. De la primera falange sorgeixen les foques petites, de la segona les foques barbudes, de la tercera les morses i les balenes. Aquesta g\u00e8nesi successiva dels animals marins \u00e9s un <span class=\"iwg-fachbegriff\" data-tooltip=\"Un element de contingut recurrent en l'art o la narraci\u00f3.\" tabindex=\"0\">motiu<\/span> t\u00edpic de la literatura narrativa etiol\u00f2gica.<\/p><p>Sedna, mutilada, s&#8217;enfonsa al fons del mar i s&#8217;hi converteix en senyora dels animals. Es mant\u00e9 ambivalent envers el pare que l&#8217;ha tra\u00efda, envers els humans, les violacions dels tab\u00fas dels quals fan que se li embulli el cabell, i envers els xamans que davallen en tr\u00e0nsit fins a ella.<\/p><p>Aquest <span class=\"iwg-fachbegriff\" data-tooltip=\"Una narraci\u00f3 transmesa sobre d\u00e9us, or\u00edgens i l'ordre del m\u00f3n.\" tabindex=\"0\">mite<\/span> \u00e9s, sobretot, un model etiol\u00f2gic per a l&#8217;origen de l&#8217;economia de ca\u00e7a, no un mite de c\u00e0stig. Cient\u00edficament, constitueix un cas paradigm\u00e0tic de mitologia de la creaci\u00f3 en qu\u00e8 el m\u00f3n sorgeix de la mutilaci\u00f3 en lloc de l&#8217;ordre.<\/p>\t\t\t\t\t\t\t\t<\/div>\n\t\t\t\t<\/div>\n\t\t\t\t\t<\/div>\n\t\t\t\t<\/div>\n\t\t<div class=\"elementor-element elementor-element-iwgw-sedna-s4 e-flex e-con-boxed e-con e-parent\" data-id=\"iwgw-sedna-s4\" data-element_type=\"container\" data-e-type=\"container\">\n\t\t\t\t\t<div class=\"e-con-inner\">\n\t\t\t\t<div class=\"elementor-element elementor-element-iwgw-sedna-s4h elementor-widget elementor-widget-heading\" data-id=\"iwgw-sedna-s4h\" data-element_type=\"widget\" data-e-type=\"widget\" data-widget_type=\"heading.default\">\n\t\t\t\t\t<h2 class=\"elementor-heading-title elementor-size-default\">El viatge xam\u00e0nic cap avall<\/h2>\t\t\t\t<\/div>\n\t\t<div class=\"elementor-element elementor-element-iwgw-sedna-s4c e-con-full e-flex e-con e-child\" data-id=\"iwgw-sedna-s4c\" data-element_type=\"container\" data-e-type=\"container\">\n\t\t\t\t<div class=\"elementor-element elementor-element-iwgw-sedna-s4t elementor-widget elementor-widget-text-editor\" data-id=\"iwgw-sedna-s4t\" data-element_type=\"widget\" data-e-type=\"widget\" data-widget_type=\"text-editor.default\">\n\t\t\t\t\t\t\t\t\t<p>Quan la sort a la ca\u00e7a faltava durant un temps prolongat, era, segons la concepci\u00f3 inuit, la tasca central de l&#8217;angakkuq, el xaman, davallar fins a Sedna. Rasmussen va transmetre a <em>Intellectual Culture of the Iglulik Eskimos<\/em> una de les descripcions m\u00e9s detallades d&#8217;aquest viatge, que ha esdevingut un locus classicus en la recerca cient\u00edfica sobre el xamanisme circumpolar.<\/p><p>El <span class=\"iwg-fachbegriff\" data-tooltip=\"Especialista religi\u00f3s al qual s'atribueix la mediaci\u00f3 entre els humans i el m\u00f3n dels esperits.\" tabindex=\"0\">xaman<\/span> entra en tr\u00e0nsit mitjan\u00e7ant tambors, cants i t\u00e8cniques respirat\u00f2ries. El seu doble o la seva \u00e0nima abandona el cos, travessa una plana de tundra gelada, supera un congost d&#8217;icebergs giratoris, un corrent impetu\u00f3s ple de blocs de gel esmolats com ganivets i, finalment, un gos que vigila l&#8217;entrada de la casa de Sedna.<\/p><p>Un cop dins la casa, hi troba Sedna amb el cabell embullat, en el qual s&#8217;han quedat atrapats els animals.<\/p><p>La tasca del xaman \u00e9s pentinar-li i netejar-li el cabell i mostrar-se conciliador. Durant aquest acte, la comunitat humana reunida a l&#8217;igl\u00fa, sota la direcci\u00f3 del xaman auxiliar, confessa les seves violacions de tab\u00fa.<\/p><p>Nom\u00e9s quan s&#8217;han enunciat les faltes, Sedna allibera els animals. Mircea Eliade ha tractat aquesta pr\u00e0ctica a <em><span class=\"iwg-fachbegriff\" data-tooltip=\"Sistema religi\u00f3s en el qual especialistes es comuniquen amb el m\u00f3n dels esperits.\" tabindex=\"0\">xamanisme<\/span> i t\u00e8cniques arcaiques de l&#8217;\u00e8xtasi<\/em> com a cas exemplar de mediaci\u00f3 xam\u00e0nica.<\/p><p>Daniel Merkur subratlla que el viatge s&#8217;ha d&#8217;entendre com un ritual col\u00b7lectiu de crisi, en el qual la crisi econ\u00f2mica es simbolitza religiosament i es resol comunit\u00e0riament. Interpretat com una pr\u00e0ctica curativa individual, seria un malent\u00e8s. La funci\u00f3 social \u00e9s almenys tan important com la teol\u00f2gica, i totes dues s\u00f3n indissociables en la pr\u00e0ctica.<\/p>\t\t\t\t\t\t\t\t<\/div>\n\t\t\t\t<\/div>\n\t\t\t\t\t<\/div>\n\t\t\t\t<\/div>\n\t\t<div class=\"elementor-element elementor-element-iwgw-sedna-s5 e-flex e-con-boxed e-con e-parent\" data-id=\"iwgw-sedna-s5\" data-element_type=\"container\" data-e-type=\"container\">\n\t\t\t\t\t<div class=\"e-con-inner\">\n\t\t\t\t<div class=\"elementor-element elementor-element-iwgw-sedna-s5h elementor-widget elementor-widget-heading\" data-id=\"iwgw-sedna-s5h\" data-element_type=\"widget\" data-e-type=\"widget\" data-widget_type=\"heading.default\">\n\t\t\t\t\t<h2 class=\"elementor-heading-title elementor-size-default\">Tab\u00fa, pittailiniq i pr\u00e0ctica apotropaica<\/h2>\t\t\t\t<\/div>\n\t\t<div class=\"elementor-element elementor-element-iwgw-sedna-s5c e-con-full e-flex e-con e-child\" data-id=\"iwgw-sedna-s5c\" data-element_type=\"container\" data-e-type=\"container\">\n\t\t\t\t<div class=\"elementor-element elementor-element-iwgw-sedna-s5t elementor-widget elementor-widget-text-editor\" data-id=\"iwgw-sedna-s5t\" data-element_type=\"widget\" data-e-type=\"widget\" data-widget_type=\"text-editor.default\">\n\t\t\t\t\t\t\t\t\t<p>El sistema de tab\u00fas que envolta Sedna es coneix en la llengua inuit com <em>pittailiniq<\/em>, que literalment significa all\u00f2 que cal evitar. Aquestes prohibicions estan arrelades en la ca\u00e7a i l&#8217;economia de subsist\u00e8ncia, i no tenen un significat moral en sentit cristi\u00e0.<\/p><p>Segons aquesta concepci\u00f3, embruta els cabells de Sedna qui barreja animals de terra i de mar en un mateix menjar, qui no tracta la carn de foca degudament, qui esquartera foques durant la menstruaci\u00f3 o qui amaga un cas de dol.<\/p><p><span class=\"iwg-fachbegriff\" data-tooltip=\"Que allunya el mal: dit de signes i objectes destinats a mantenir a dist\u00e0ncia les influ\u00e8ncies perjudicials.\" tabindex=\"0\">Apotropaics<\/span> s\u00f3n sobretot els deures de purificaci\u00f3 despr\u00e9s d&#8217;un naixement o una defunci\u00f3, el fet de mantenir separades les eines per a la foca i per al carib\u00fa, la manera de tractar el primer animal ca\u00e7at i el fet de retornar aigua a la boca de la foca morta com a signe de respecte.<\/p><p>Aquest darrer gest, anomenat en la recerca l&#8217;enterrament de la foca, es considera el consol central ofert a l&#8217;\u00e0nima de l&#8217;animal i, indirectament, a Sedna.<\/p><p>Tamb\u00e9 hi ha const\u00e0ncia d&#8217;amulets protectors anomenats <em>aarnguaq<\/em>. Poden estar fets d&#8217;ossos, urpes o restes de bec d&#8217;animals morts, i es pengen als infants o als ca\u00e7adors.<\/p><p>M\u00e9s que funcionar de manera m\u00e0gica en el sentit d&#8217;un efecte mec\u00e0nic, indiquen una relaci\u00f3 cuidada amb les persones no humanes de les quals dep\u00e8n la superviv\u00e8ncia. Aquesta \u00e8tica relacional distingeix clarament la religi\u00f3 inuit de les tradicions m\u00e0gic-instrumentals.<\/p>\t\t\t\t\t\t\t\t<\/div>\n\t\t\t\t<\/div>\n\t\t\t\t\t<\/div>\n\t\t\t\t<\/div>\n\t\t<div class=\"elementor-element elementor-element-iwgw-sedna-s6 e-flex e-con-boxed e-con e-parent\" data-id=\"iwgw-sedna-s6\" data-element_type=\"container\" data-e-type=\"container\">\n\t\t\t\t\t<div class=\"e-con-inner\">\n\t\t\t\t<div class=\"elementor-element elementor-element-iwgw-sedna-s6h elementor-widget elementor-widget-heading\" data-id=\"iwgw-sedna-s6h\" data-element_type=\"widget\" data-e-type=\"widget\" data-widget_type=\"heading.default\">\n\t\t\t\t\t<h2 class=\"elementor-heading-title elementor-size-default\">Sedna en el context de la religi\u00f3 circumpolar<\/h2>\t\t\t\t<\/div>\n\t\t<div class=\"elementor-element elementor-element-iwgw-sedna-s6c e-con-full e-flex e-con e-child\" data-id=\"iwgw-sedna-s6c\" data-element_type=\"container\" data-e-type=\"container\">\n\t\t\t\t<div class=\"elementor-element elementor-element-iwgw-sedna-s6t elementor-widget elementor-widget-text-editor\" data-id=\"iwgw-sedna-s6t\" data-element_type=\"widget\" data-e-type=\"widget\" data-widget_type=\"text-editor.default\">\n\t\t\t\t\t\t\t\t\t<p>Des de la fenomenologia de la religi\u00f3, Sedna pertany a l&#8217;ampli grup de les senyores dels animals, que Adolf Friedrich i, m\u00e9s tard, Otto Zerries van descriure sistem\u00e0ticament per al nord d&#8217;Eurasia i Am\u00e8rica del Nord. Es troben paral\u00b7lelismes en la noci\u00f3 txuktxa de <em>kelet<\/em>, en les senyores del mar koriaques i itelmenes, i en la <a href=\"https:\/\/iwell-guard.com\/ca\/?page_id=171760\">Qailertetang<\/a> i\u00fapik, que en algunes narracions apareix fins i tot com a companya de Sedna.<\/p><p>En una comparaci\u00f3 circumpolar m\u00e9s \u00e0mplia, se l&#8217;aproxima a la <em>Mehts\u00e4-Em\u00e4<\/em> fino\u00fagrica, o Mare del Bosc, i a les senyores dels animals <a href=\"https:\/\/iwell-guard.com\/ca\/sami-i-tradicio-fino-ugra-noaidi-i-tambor\/\">sami<\/a>, com <em>Leibolmm\u00e1i<\/em>. La coincid\u00e8ncia estructural rau en la l\u00f2gica rec\u00edproca: la presa \u00e9s considerada un regal d&#8217;una persona numinosa, mai un simple recurs.<\/p><p>En el discurs sub\u00e0rtic-circumpolar, Ann Fienup-Riordan ha mostrat per a la tradici\u00f3 <em>i\u00fapik<\/em> que les figures estructuralment similars hi apareixen com a conjunts de relacions i tab\u00fas. Hi manca una personificaci\u00f3 unit\u00e0ria.<\/p><p>La tradici\u00f3 inuit de l&#8217;\u00c0rtic central, en canvi, tendeix m\u00e9s a la personalitzaci\u00f3 en una \u00fanica gran figura, Sedna. Aquesta difer\u00e8ncia dins l&#8217;espai circumpolar \u00e9s cient\u00edficament reveladora, perqu\u00e8 mostra que la forma religiosa no es deriva necess\u00e0riament de la configuraci\u00f3 ecol\u00f2gica.<\/p>\t\t\t\t\t\t\t\t<\/div>\n\t\t\t\t<\/div>\n\t\t\t\t\t<\/div>\n\t\t\t\t<\/div>\n\t\t<div class=\"elementor-element elementor-element-iwgw-sedna-s7 e-flex e-con-boxed e-con e-parent\" data-id=\"iwgw-sedna-s7\" data-element_type=\"container\" data-e-type=\"container\">\n\t\t\t\t\t<div class=\"e-con-inner\">\n\t\t\t\t<div class=\"elementor-element elementor-element-iwgw-sedna-s7h elementor-widget elementor-widget-heading\" data-id=\"iwgw-sedna-s7h\" data-element_type=\"widget\" data-e-type=\"widget\" data-widget_type=\"heading.default\">\n\t\t\t\t\t<h2 class=\"elementor-heading-title elementor-size-default\">Hist\u00f2ria colonial i superposici\u00f3 cristiana<\/h2>\t\t\t\t<\/div>\n\t\t<div class=\"elementor-element elementor-element-iwgw-sedna-s7c e-con-full e-flex e-con e-child\" data-id=\"iwgw-sedna-s7c\" data-element_type=\"container\" data-e-type=\"container\">\n\t\t\t\t<div class=\"elementor-element elementor-element-iwgw-sedna-s7t elementor-widget elementor-widget-text-editor\" data-id=\"iwgw-sedna-s7t\" data-element_type=\"widget\" data-e-type=\"widget\" data-widget_type=\"text-editor.default\">\n\t\t\t\t\t\t\t\t\t<p>Amb l&#8217;evangelitzaci\u00f3 dels inuit per missioners moravis i anglicans des del segle XVIII, intensificada al Canad\u00e0 al segle XIX i a principis del XX, el <span class=\"iwg-fachbegriff\" data-tooltip=\"El conjunt d'actes de veneraci\u00f3 religiosa dedicats a una divinitat o figura sagrada.\" tabindex=\"0\">culte<\/span> a Sedna va patir una pressi\u00f3 considerable.<\/p><p>Els xamans van ser difamats en molts llocs com a bruixots i els seus tambors van ser cremats p\u00fablicament. La pr\u00e0ctica de l&#8217;angakkuq es va extingir formalment en moltes regions, per\u00f2 aix\u00f2 no vol dir que les narracions de Sedna desapareguessin.<\/p><p>Est\u00e0 ben documentada cient\u00edficament una transformaci\u00f3 cap al camp de la literatura narrativa i, m\u00e9s tard, de l&#8217;art contemporani. Sedna es va convertir en un s\u00edmbol identitari literari i art\u00edstic d&#8217;una cultura sotmesa colonialment. Despr\u00e9s de la creaci\u00f3 del territori de Nunavut el 1999, ha passat a formar part dels curr\u00edculums escolars i de la pedagogia muse\u00edstica.<\/p><p>El moviment de restituci\u00f3 de les religions ind\u00edgenes ha portat, des de la d\u00e8cada del 2000, a una redescoberta de pr\u00e0ctiques xam\u00e0niques en forma desconfessionalitzada. L&#8217;observaci\u00f3 cient\u00edfica \u00e9s aqu\u00ed descriptiva: es tracta d&#8217;una forma mixta de pr\u00e0ctica de mem\u00f2ria, construcci\u00f3 identit\u00e0ria i revifament ritual parcial, no d&#8217;una continu\u00eftat ininterrompuda. Aquesta configuraci\u00f3 postcolonial constitueix un camp de recerca propi.<\/p>\t\t\t\t\t\t\t\t<\/div>\n\t\t\t\t<\/div>\n\t\t\t\t\t<\/div>\n\t\t\t\t<\/div>\n\t\t<div class=\"elementor-element elementor-element-iwgw-sedna-s8 e-flex e-con-boxed e-con e-parent\" data-id=\"iwgw-sedna-s8\" data-element_type=\"container\" data-e-type=\"container\">\n\t\t\t\t\t<div class=\"e-con-inner\">\n\t\t\t\t<div class=\"elementor-element elementor-element-iwgw-sedna-s8h elementor-widget elementor-widget-heading\" data-id=\"iwgw-sedna-s8h\" data-element_type=\"widget\" data-e-type=\"widget\" data-widget_type=\"heading.default\">\n\t\t\t\t\t<h2 class=\"elementor-heading-title elementor-size-default\">Recepci\u00f3 actual, recerca i art<\/h2>\t\t\t\t<\/div>\n\t\t<div class=\"elementor-element elementor-element-iwgw-sedna-s8c e-con-full e-flex e-con e-child\" data-id=\"iwgw-sedna-s8c\" data-element_type=\"container\" data-e-type=\"container\">\n\t\t\t\t<div class=\"elementor-element elementor-element-iwgw-sedna-s8t elementor-widget elementor-widget-text-editor\" data-id=\"iwgw-sedna-s8t\" data-element_type=\"widget\" data-e-type=\"widget\" data-widget_type=\"text-editor.default\">\n\t\t\t\t\t\t\t\t\t<p>En la recepci\u00f3 no ind\u00edgena, Sedna s&#8217;ha convertit en la figura m\u00e9s destacada de la religi\u00f3 \u00e0rtica. En l&#8217;\u00e0mbit astron\u00f2mic, un objecte transneptuni\u00e0 descobert el 2003 porta el nom de 90377 Sedna, fet que documenta l&#8217;abast de la figura m\u00e9s enll\u00e0 de l&#8217;\u00e0mbit cient\u00edfic estricte.<\/p><p>En la cultura popular \u00e9s present en novel\u00b7les, films, c\u00f2mics i jocs, sovint en una forma molt simplificada i, de vegades, romantitzada de manera problem\u00e0tica.<\/p><p>Dins les mateixes comunitats inuit, l&#8217;actitud envers aquesta recepci\u00f3 externa \u00e9s ambivalent. Mentre que la visibilitat es rep com un reconeixement cultural, veus com la de la conservadora inuit Heather Igloliorte o l&#8217;escriptora Rachel Qitsualik critiquen que els usos externs sovint ignoren les refer\u00e8ncies religioses i redueixen la figura a una sirena est\u00e8tica.<\/p><p>La recerca cient\u00edfica dels darrers vint anys, per exemple la de Fr\u00e9d\u00e9ric Laugrand, Jarich Oosten i Anna Lia Berthelsen, subratlla la necessitat de llegir Sedna com un node d&#8217;una xarxa de relacions entre humans, animals i territori, en lloc de considerar-la una imatge divina a\u00efllada.<\/p><p>Des d&#8217;aquesta lectura, es converteix en una figura clau d&#8217;una antropologia religiosa ecol\u00f2gica de l&#8217;\u00c0rtic. Aquest despla\u00e7ament te\u00f2ric t\u00e9 conseq\u00fc\u00e8ncies considerables per a la percepci\u00f3 de tota la hist\u00f2ria religiosa \u00e0rtica.<\/p>\t\t\t\t\t\t\t\t<\/div>\n\t\t\t\t<\/div>\n\t\t\t\t\t<\/div>\n\t\t\t\t<\/div>\n\t\t<div class=\"elementor-element elementor-element-iwgw-sedna-s9 e-flex e-con-boxed e-con e-parent\" data-id=\"iwgw-sedna-s9\" data-element_type=\"container\" data-e-type=\"container\">\n\t\t\t\t\t<div class=\"e-con-inner\">\n\t\t\t\t<div class=\"elementor-element elementor-element-iwgw-sedna-s9h elementor-widget elementor-widget-heading\" data-id=\"iwgw-sedna-s9h\" data-element_type=\"widget\" data-e-type=\"widget\" data-widget_type=\"heading.default\">\n\t\t\t\t\t<h2 class=\"elementor-heading-title elementor-size-default\">Sedna en el l\u00e8xic de la tradici\u00f3 inuit<\/h2>\t\t\t\t<\/div>\n\t\t<div class=\"elementor-element elementor-element-iwgw-sedna-s9c e-con-full e-flex e-con e-child\" data-id=\"iwgw-sedna-s9c\" data-element_type=\"container\" data-e-type=\"container\">\n\t\t\t\t<div class=\"elementor-element elementor-element-iwgw-sedna-s9t elementor-widget elementor-widget-text-editor\" data-id=\"iwgw-sedna-s9t\" data-element_type=\"widget\" data-e-type=\"widget\" data-widget_type=\"text-editor.default\">\n\t\t\t\t\t\t\t\t\t<p>Per a una an\u00e0lisi m\u00e9s aprofundida de l&#8217;univers de creences inuit, es recomanen les entrades sobre <a href=\"https:\/\/iwell-guard.com\/ca\/?page_id=171752\">Sila<\/a>, l&#8217;espai de la respiraci\u00f3 del m\u00f3n, <a href=\"https:\/\/iwell-guard.com\/ca\/?page_id=171755\">Anguta<\/a>, el seu pare, <a href=\"https:\/\/iwell-guard.com\/ca\/?page_id=171753\">Tornarssuk<\/a>, l&#8217;esperit auxiliar xam\u00e0nic, <a href=\"https:\/\/iwell-guard.com\/ca\/?page_id=171757\">Nanook<\/a>, l&#8217;esperit de l&#8217;\u00f3s polar, i <a href=\"https:\/\/iwell-guard.com\/ca\/?page_id=171760\">Qailertetang<\/a>, la companya que dona el temps atmosf\u00e8ric.<\/p><p>De manera transversal, el nucli cultural <a href=\"https:\/\/iwell-guard.com\/ca\/inuit-artic-sedna-tornit-proteccio\/\">Tradici\u00f3 inuit<\/a> ofereix el marc d&#8217;hist\u00f2ria de la religi\u00f3. Qui cerqui la relaci\u00f3 amb senyores dels animals d&#8217;altres cultures trobar\u00e0, en les entrades <a href=\"https:\/\/iwell-guard.com\/ca\/sami-i-tradicio-fino-ugra-noaidi-i-tambor\/\">sami<\/a>, configuracions estructuralment similars, com la de <em>Madderakka<\/em>.<\/p>\t\t\t\t\t\t\t\t<\/div>\n\t\t\t\t<\/div>\n\t\t\t\t\t<\/div>\n\t\t\t\t<\/div>\n\t\t<div class=\"elementor-element elementor-element-cp29452ded e-flex e-con-boxed e-con e-parent\" data-id=\"cp29452ded\" data-element_type=\"container\" data-e-type=\"container\">\n\t\t\t\t\t<div class=\"e-con-inner\">\n\t\t\t\t<div class=\"elementor-element elementor-element-cp24dd8067 elementor-widget elementor-widget-heading\" data-id=\"cp24dd8067\" data-element_type=\"widget\" data-e-type=\"widget\" data-widget_type=\"heading.default\">\n\t\t\t\t\t<h2 class=\"elementor-heading-title elementor-size-default\">Diversitat regional de la narraci\u00f3 i dels seus noms<\/h2>\t\t\t\t<\/div>\n\t\t<div class=\"elementor-element elementor-element-cp24eec498 e-flex e-con-boxed e-con e-child\" data-id=\"cp24eec498\" data-element_type=\"container\" data-e-type=\"container\">\n\t\t\t\t\t<div class=\"e-con-inner\">\n\t\t\t\t<div class=\"elementor-element elementor-element-cp27817669 elementor-widget elementor-widget-text-editor\" data-id=\"cp27817669\" data-element_type=\"widget\" data-e-type=\"widget\" data-widget_type=\"text-editor.default\">\n\t\t\t\t\t\t\t\t\t<p>Sedna no \u00e9s un nom unificat d&#8217;una <span class=\"iwg-fachbegriff\" data-tooltip=\"Un \u00e9sser venerat com a div\u00ed dins d'una religi\u00f3.\" tabindex=\"0\">divinitat<\/span> pan\u00e0rtica, sin\u00f3 una denominaci\u00f3 habitual en la literatura de recerca per a una figura que apareix, amb noms molt diferents, en les diverses regions inuit i iupik.<\/p><p>Entre els inuit de la badia de Hudson i l&#8217;\u00e0rtic oriental \u00e9s coneguda com Nuliajuk o Takannaaluk, mentre que a l&#8217;oest apareixen formes com Arnakuagsak, i el nom Sedna en si prov\u00e9 dels registres de Franz Boas sobre l&#8217;illa de Baffin a finals del segle XIX.<\/p><p>Aquesta diversitat no \u00e9s un detall menor, sin\u00f3 que reflecteix l&#8217;autonomia regional de cada comunitat. Tamb\u00e9 la narraci\u00f3 mateixa varia. En algunes versions, la futura senyora del mar \u00e9s una dona que es casa amb un gos o amb un ocell amb forma d&#8217;ocell; en altres, \u00e9s una noia que es nega a casar-se.<\/p><p>Un element com\u00fa a moltes versions \u00e9s que el seu pare la porta en caiac, la llan\u00e7a per la borda durant una tempesta i ella s&#8217;aferra a la vora fins que li tallen els dits. Dels dits tallats neixen els mam\u00edfers marins.<\/p><p>Les fonts principals sobre Sedna s\u00f3n els registres de Franz Boas i els extensos materials de la Cinquena Expedici\u00f3 Thule dirigida per Knud Rasmussen als anys 1920.<\/p><p>Ambd\u00f3s conjunts de fonts s\u00f3n valuosos, per\u00f2 estan filtrats per la llengua, la selecci\u00f3 i els interessos dels qui els van recollir. Una Sedna pan\u00e0rtica \u00e9s una construcci\u00f3 des d&#8217;una perspectiva externa. Per aix\u00f2, qualsevol afirmaci\u00f3 hauria d&#8217;especificar la regi\u00f3 concreta i el nom que s&#8217;hi utilitza.<\/p>\t\t\t\t\t\t\t\t<\/div>\n\t\t\t\t\t<\/div>\n\t\t\t\t<\/div>\n\t\t\t\t\t<\/div>\n\t\t\t\t<\/div>\n\t\t<div class=\"elementor-element elementor-element-cp22aea445 e-flex e-con-boxed e-con e-parent\" data-id=\"cp22aea445\" data-element_type=\"container\" data-e-type=\"container\">\n\t\t\t\t\t<div class=\"e-con-inner\">\n\t\t\t\t<div class=\"elementor-element elementor-element-cp292b3d5a elementor-widget elementor-widget-heading\" data-id=\"cp292b3d5a\" data-element_type=\"widget\" data-e-type=\"widget\" data-widget_type=\"heading.default\">\n\t\t\t\t\t<h2 class=\"elementor-heading-title elementor-size-default\">El descens del xaman a la senyora del mar<\/h2>\t\t\t\t<\/div>\n\t\t<div class=\"elementor-element elementor-element-cp2e8a031f e-flex e-con-boxed e-con e-child\" data-id=\"cp2e8a031f\" data-element_type=\"container\" data-e-type=\"container\">\n\t\t\t\t\t<div class=\"e-con-inner\">\n\t\t\t\t<div class=\"elementor-element elementor-element-cp26b91245 elementor-widget elementor-widget-text-editor\" data-id=\"cp26b91245\" data-element_type=\"widget\" data-e-type=\"widget\" data-widget_type=\"text-editor.default\">\n\t\t\t\t\t\t\t\t\t<p>Una tradici\u00f3 ritual pr\u00f2pia s&#8217;associa a la idea que la senyora del mar controla l&#8217;acc\u00e9s als mam\u00edfers marins. Quan les foques, les morses i les balenes no apareixien, i una comunitat es veia amena\u00e7ada per la fam, aix\u00f2 es considerava un senyal que la senyora estava enfadada.<\/p><p>Com a causa es citaven infraccions de tab\u00fas, per exemple transgressions relacionades amb el naixement, la mort o el tractament dels animals ca\u00e7ats. Segons la creen\u00e7a, les faltes de les persones s&#8217;acumulaven en forma de brut\u00edcia o embull en els cabells de la senyora.<\/p><p>En aquesta situaci\u00f3 entrava en acci\u00f3 l&#8217;<em>angakkuq<\/em>, el <span class=\"iwg-fachbegriff\" data-tooltip=\"Especialista religi\u00f3s a qui s'atribueix la mediaci\u00f3 entre els humans i el m\u00f3n dels esperits.\" tabindex=\"0\">xaman<\/span>. Knud Rasmussen va registrar, a la regi\u00f3 de la badia de Hudson, un relat detallat d&#8217;un <span class=\"iwg-fachbegriff\" data-tooltip=\"Una acci\u00f3 religiosa fixa i recurrent.\" tabindex=\"0\">ritu<\/span> d&#8217;aquest tipus.<\/p><p>El <span class=\"iwg-fachbegriff\" data-tooltip=\"Especialista religi\u00f3s a qui s'atribueix la mediaci\u00f3 entre els humans i el m\u00f3n dels esperits.\" tabindex=\"0\">xaman<\/span> es posa en tr\u00e0ngol i empr\u00e8n un viatge espiritual cap al fons del mar, on ha de superar obstacles, com un abisme, un bloc de gel que gira o un gos que vigila l&#8217;entrada.<\/p><p>Un cop arribat a la casa de la senyora, li pentina i li arregla els cabells, ja que ella, en no tenir dits, no ho pot fer sola. Amb aix\u00f2, li retira la brut\u00edcia i les faltes acumulades.<\/p><p>A canvi, la senyora ha de tornar a alliberar els mam\u00edfers marins. En tornar del tr\u00e0ngol, el <span class=\"iwg-fachbegriff\" data-tooltip=\"Especialista religi\u00f3s a qui s'atribueix la mediaci\u00f3 entre els humans i el m\u00f3n dels esperits.\" tabindex=\"0\">xaman<\/span> sovint demanava als reunits que confessessin obertament les seves transgressions dels tab\u00fas.<\/p><p>Des del punt de vista cient\u00edfic, aquest <span class=\"iwg-fachbegriff\" data-tooltip=\"Una acci\u00f3 religiosa fixa i recurrent.\" tabindex=\"0\">ritu<\/span> combina una explicaci\u00f3 cosmol\u00f2gica del frac\u00e0s de la ca\u00e7a amb una funci\u00f3 social: feia p\u00fablic un mal comportament ocult i restablia l&#8217;ordre entre els humans, els animals i la senyora del mar.<\/p>\t\t\t\t\t\t\t\t<\/div>\n\t\t\t\t\t<\/div>\n\t\t\t\t<\/div>\n\t\t\t\t\t<\/div>\n\t\t\t\t<\/div>\n\t\t<div class=\"elementor-element elementor-element-iwgw-sedna-lit e-flex e-con-boxed e-con e-parent\" data-id=\"iwgw-sedna-lit\" data-element_type=\"container\" data-e-type=\"container\">\n\t\t\t\t\t<div class=\"e-con-inner\">\n\t\t\t\t<div class=\"elementor-element elementor-element-iwgw-sedna-lith elementor-widget elementor-widget-heading\" data-id=\"iwgw-sedna-lith\" data-element_type=\"widget\" data-e-type=\"widget\" data-widget_type=\"heading.default\">\n\t\t\t\t\t<h2 class=\"elementor-heading-title elementor-size-default\">Bibliografia (selecci\u00f3)<\/h2>\t\t\t\t<\/div>\n\t\t<div class=\"elementor-element elementor-element-iwgw-sedna-litc e-con-full e-flex e-con e-child\" data-id=\"iwgw-sedna-litc\" data-element_type=\"container\" data-e-type=\"container\">\n\t\t\t\t<div class=\"elementor-element elementor-element-iwgw-sedna-litt elementor-widget elementor-widget-text-editor\" data-id=\"iwgw-sedna-litt\" data-element_type=\"widget\" data-e-type=\"widget\" data-widget_type=\"text-editor.default\">\n\t\t\t\t\t\t\t\t\t<ul><li><span data-nosnippet>Knud Rasmussen: <em>Intellectual Culture of the Iglulik Eskimos<\/em> (Report of the Fifth Thule Expedition, vol. VII.1, Copenhaguen 1929)<\/span><\/li><li>Franz Boas: <em>The Central Eskimo<\/em> (Washington 1888)<\/li><li><span data-nosnippet>Daniel Merkur: <em>Becoming Half Hidden: Shamanism and <span class=\"iwg-fachbegriff\" data-tooltip=\"Transici\u00f3 ritual a trav\u00e9s de la qual alg\u00fa \u00e9s adm\u00e8s en un nou estatus o comunitat.\" tabindex=\"0\">Initiation<\/span> among the Inuit<\/em> (Estocolm 1985)<\/span><\/li><li><span data-nosnippet>Ann Fienup-Riordan: <em>Boundaries and Passages: Rule and <span class=\"iwg-fachbegriff\" data-tooltip=\"Seq\u00fc\u00e8ncia regulada d'accions simb\u00f2liques amb significat religi\u00f3s o cultural.\" tabindex=\"0\">Ritual<\/span> in Yup&#8217;ik Eskimo Oral Tradition<\/em> (Norman 1994)<\/span><\/li><li>Fr\u00e9d\u00e9ric Laugrand i Jarich Oosten: <em>Inuit Shamanism and Christianity<\/em> (Mont-real 2010)<\/li><li>Mircea Eliade: <em><span class=\"iwg-fachbegriff\" data-tooltip=\"Sistema religi\u00f3s en el qual especialistes es comuniquen amb el m\u00f3n dels esperits.\" tabindex=\"0\">Xamanisme<\/span> i t\u00e8cniques arcaiques de l&#8217;\u00e8xtasi<\/em> (Stuttgart 1957)<\/li><\/ul>\t\t\t\t\t\t\t\t<\/div>\n\t\t\t\t<\/div>\n\t\t\t\t\t<\/div>\n\t\t\t\t<\/div>\n\t\t<div class=\"elementor-element elementor-element-iwgkw-add-sedna e-flex e-con-boxed e-con e-parent\" data-id=\"iwgkw-add-sedna\" data-element_type=\"container\" data-e-type=\"container\">\n\t\t\t\t\t<div class=\"e-con-inner\">\n\t\t\t\t<div class=\"elementor-element elementor-element-iwgkw-add-sedna-t elementor-widget elementor-widget-text-editor\" data-id=\"iwgkw-add-sedna-t\" data-element_type=\"widget\" data-e-type=\"widget\" data-widget_type=\"text-editor.default\">\n\t\t\t\t\t\t\t\t\t<p>En el <span class=\"iwg-fachbegriff\" data-tooltip=\"El conjunt de d\u00e9us d'una religi\u00f3 o cultura.\" tabindex=\"0\">pante\u00f3<\/span> inuit, Sedna \u00e9s considerada la <em>guardiana<\/em> dels animals marins: segons la concepci\u00f3 tradicional, les foques, les balenes i els peixos sorgeixen del seu cos i estan sota el seu control.<\/p><p>Si la comunitat infringeix les regles de ca\u00e7a i puresa, la guardiana ret\u00e9 els animals, i l&#8217;<em>Angakkoq<\/em> ha de baixar-hi en tr\u00e0ngol per pentinar-li els cabells i tornar a obrir aix\u00ed els terrenys de ca\u00e7a.<\/p>\t\t\t\t\t\t\t\t<\/div>\n\t\t\t\t\t<\/div>\n\t\t\t\t<\/div>\n\t\t<div class=\"elementor-element elementor-element-iwgw-sedna-kwd e-flex e-con-boxed e-con e-parent\" data-id=\"iwgw-sedna-kwd\" data-element_type=\"container\" data-e-type=\"container\">\n\t\t\t\t\t<div class=\"e-con-inner\">\n\t\t<div class=\"elementor-element elementor-element-iwgw-sedna-kwdc e-con-full e-flex e-con e-child\" data-id=\"iwgw-sedna-kwdc\" data-element_type=\"container\" data-e-type=\"container\">\n\t\t\t\t<div class=\"elementor-element elementor-element-iwgw-sedna-kwdt elementor-widget elementor-widget-text-editor\" data-id=\"iwgw-sedna-kwdt\" data-element_type=\"widget\" data-e-type=\"widget\" data-widget_type=\"text-editor.default\">\n\t\t\t\t\t\t\t\t\t<p><em>Termes clau relacionats: Sedna Nuliajuk Takannakapsaluk Angakkuq Iglulik senyora del mar senyora de les foques Pittailiniq.<\/em><\/p>\t\t\t\t\t\t\t\t<\/div>\n\t\t\t\t<\/div>\n\t\t\t\t\t<\/div>\n\t\t\t\t<\/div>\n\t\t<div class=\"elementor-element elementor-element-iwgw-sedna-cc e-flex e-con-boxed e-con e-parent\" data-id=\"iwgw-sedna-cc\" data-element_type=\"container\" data-e-type=\"container\" id=\"iwg-cc-sedna\">\n\t\t\t\t\t<div class=\"e-con-inner\">\n\t\t<div class=\"elementor-element elementor-element-iwgw-sedna-ccinner e-flex e-con-boxed e-con e-parent\" data-id=\"iwgw-sedna-ccinner\" data-element_type=\"container\" data-e-type=\"container\" data-settings=\"{&quot;background_background&quot;:&quot;classic&quot;}\">\n\t\t\t\t\t<div class=\"e-con-inner\">\n\t\t\t\t<div class=\"elementor-element elementor-element-iwgw-sedna-cch elementor-widget elementor-widget-heading\" data-id=\"iwgw-sedna-cch\" data-element_type=\"widget\" data-e-type=\"widget\" data-widget_type=\"heading.default\">\n\t\t\t\t\t<h2 class=\"elementor-heading-title elementor-size-default\">iWell Guard i tradicions de protecci\u00f3<\/h2>\t\t\t\t<\/div>\n\t\t\t\t<div class=\"elementor-element elementor-element-iwgw-sedna-cct elementor-widget elementor-widget-text-editor\" data-id=\"iwgw-sedna-cct\" data-element_type=\"widget\" data-e-type=\"widget\" data-widget_type=\"text-editor.default\">\n\t\t\t\t\t\t\t\t\t<div data-nosnippet=\"true\"><p>iWell Guard s&#8217;inscriu en la tradici\u00f3 cultural i hist\u00f2rica dels objectes protectors portables, seguint la tradici\u00f3 dels <a href=\"https:\/\/iwell-guard.com\/ca\/inuit-artic-sedna-tornit-proteccio\/\">inuit<\/a> i de moltes altres cultures d&#8217;arreu del m\u00f3n. 41 capes, or aut\u00e8ntic, plat\u00ed, plata, fabricat a Alemanya. Dret de devoluci\u00f3 de 30 dies.<\/p><\/div>\t\t\t\t\t\t\t\t<\/div>\n\t\t\t\t<div class=\"elementor-element elementor-element-iwgw-sedna-ccb iwg-cc-button iwg-cc-cta-2026-05-13 elementor-widget elementor-widget-jet-button\" data-id=\"iwgw-sedna-ccb\" data-element_type=\"widget\" data-e-type=\"widget\" data-widget_type=\"jet-button.default\">\n\t\t\t\t<div class=\"elementor-widget-container\">\n\t\t\t\t\t<div class=\"elementor-jet-button jet-elements\"><div class=\"jet-button__container\"><a class=\"jet-button__instance jet-button__instance--icon-left hover-effect-1\" href=\"\/ueber-iwell-guard\/?utm_source=iwell-guard.com&amp;utm_medium=info-box&amp;utm_campaign=wesen-tradition\"><div class=\"jet-button__plane jet-button__plane-normal\"><\/div><div class=\"jet-button__plane jet-button__plane-hover\"><\/div><div class=\"jet-button__state jet-button__state-normal\"><span class=\"jet-button__label\">M\u00e9s informaci\u00f3 sobre l'iWell Guard<\/span><\/div><div class=\"jet-button__state jet-button__state-hover\"><span class=\"jet-button__label\">M\u00e9s informaci\u00f3 sobre l'iWell Guard<\/span><\/div><\/a><\/div><\/div><style>.elementor-element.elementor-element-iwgw-sedna-ccb .jet-button__instance{width:320px;height:56px;}.elementor-element.elementor-element-iwgw-sedna-ccb .jet-button__state-normal .jet-button__label{text-align:center;margin:0px 0px 0px 0px;color:#1a1b20;font-family:Montserrat,sans-serif;font-size:13px;font-weight:400;letter-spacing:4px;line-height:1.714em;text-transform:uppercase;}.elementor-element.elementor-element-iwgw-sedna-ccb .jet-button__state-hover .jet-button__label{text-align:center;margin:0px 0px 0px 0px;color:#FECC76;font-family:Montserrat,sans-serif;font-size:13px;font-weight:400;letter-spacing:4px;line-height:1.714em;text-transform:uppercase;}.elementor-element.elementor-element-iwgw-sedna-ccb .jet-button__plane-normal{background-color:#FECC76;border-style:solid;border-color:#C99540;border-width:2px 2px 2px 2px;}.elementor-element.elementor-element-iwgw-sedna-ccb .jet-button__plane-hover{background-color:rgba(0,0,0,0.55);border-style:solid;border-color:#FECC76;border-width:2px 2px 2px 2px;}<\/style>\t\t\t\t<\/div>\n\t\t\t\t<\/div>\n\t\t\t\t<div class=\"elementor-element elementor-element-iwgw-sedna-ccd elementor-widget elementor-widget-text-editor\" data-id=\"iwgw-sedna-ccd\" data-element_type=\"widget\" data-e-type=\"widget\" data-widget_type=\"text-editor.default\">\n\t\t\t\t\t\t\t\t\t<div data-nosnippet=\"true\"><p style=\"text-align:center;font-size:13px;opacity:0.7;margin-top:14px\" data-nosnippet=\"true\">Les experi\u00e8ncies personals poden variar. No \u00e9s un producte sanitari. No \u00e9s una promesa de curaci\u00f3.<\/p><\/div>\t\t\t\t\t\t\t\t<\/div>\n\t\t\t\t\t<\/div>\n\t\t\t\t<\/div>\n\t\t\t\t\t<\/div>\n\t\t\t\t<\/div>\n\t\t<div class=\"elementor-element elementor-element-iwgw-sedna-disc e-flex e-con-boxed e-con e-parent\" data-id=\"iwgw-sedna-disc\" data-element_type=\"container\" data-e-type=\"container\">\n\t\t\t\t\t<div class=\"e-con-inner\">\n\t\t\t\t<div class=\"elementor-element elementor-element-iwgw-sedna-discw elementor-widget elementor-widget-html\" data-id=\"iwgw-sedna-discw\" data-element_type=\"widget\" data-e-type=\"widget\" data-widget_type=\"html.default\">\n\t\t\t\t\t<footer data-nosnippet=\"true\" class=\"iwg-disclaimer-block\"><p data-nosnippet=\"true\">iWell Guard <strong>no \u00e9s un producte sanitari<\/strong> i no substitueix cap tractament m\u00e8dic o psicoterap\u00e8utic. Els continguts d'hist\u00f2ria de les religions s\u00f3n una classificaci\u00f3 culturohist\u00f2rica, no una recomanaci\u00f3 de pr\u00e0ctica espiritual.<\/p><\/footer>\t\t\t\t<\/div>\n\t\t\t\t\t<\/div>\n\t\t\t\t<\/div>\n\t\t\t\t<\/div>\n\t\t","protected":false},"excerpt":{"rendered":"","protected":false},"author":3,"featured_media":2885,"parent":0,"menu_order":0,"comment_status":"closed","ping_status":"closed","template":"elementor_header_footer","meta":{"_yoast_wpseo_focuskw":"Sedna deessa marina inuit","_yoast_wpseo_title":"Sedna - Senyora del mar dels inuit, mite i culte","_yoast_wpseo_metadesc":"Sedna \u00e9s considerada la senyora dels animals marins en el pante\u00f3 inuit. Aproximaci\u00f3 des dels estudis de la religi\u00f3: mite, pr\u00e0ctica xam\u00e0nica, fonts.","_yoast_wpseo_meta-robots-noindex":"","_yoast_wpseo_canonical":"","_angie_page":false,"gefaehrdungsstufe":"3","wesen_kultur":"inuit","wesen_klasse":"geister","footnotes":""},"categories":[],"class_list":["post-171751","page","type-page","status-publish","has-post-thumbnail","hentry"],"yoast_head":"<!-- This site is optimized with the Yoast SEO Premium plugin v27.7 (Yoast SEO v28.3) - https:\/\/yoast.com\/product\/yoast-seo-premium-wordpress\/ -->\n<title>Sedna - Senyora del mar dels inuit, mite i culte<\/title>\n<meta name=\"description\" content=\"Sedna \u00e9s considerada la senyora dels animals marins en el pante\u00f3 inuit. Aproximaci\u00f3 des dels estudis de la religi\u00f3: mite, pr\u00e0ctica xam\u00e0nica, fonts.\" \/>\n<meta name=\"robots\" content=\"index, follow, max-snippet:-1, max-image-preview:large, max-video-preview:-1\" \/>\n<link rel=\"canonical\" href=\"https:\/\/iwell-guard.com\/ca\/sedna-senyora-del-mar-inuit\/\" \/>\n<meta property=\"og:locale\" content=\"ca_ES\" \/>\n<meta property=\"og:type\" content=\"article\" \/>\n<meta property=\"og:title\" content=\"Sedna - Senyora del mar dels inuit\" \/>\n<meta property=\"og:description\" content=\"Sedna \u00e9s considerada la senyora dels animals marins en el pante\u00f3 inuit. Aproximaci\u00f3 des dels estudis de la religi\u00f3: mite, pr\u00e0ctica xam\u00e0nica, fonts.\" \/>\n<meta property=\"og:url\" content=\"https:\/\/iwell-guard.com\/ca\/sedna-senyora-del-mar-inuit\/\" \/>\n<meta property=\"og:site_name\" content=\"iWell Guard\" \/>\n<meta property=\"article:modified_time\" content=\"2026-09-05T16:06:17+00:00\" \/>\n<meta property=\"og:image\" content=\"https:\/\/iwell-guard.com\/wp-content\/uploads\/2026\/05\/goetter_inuit_sedna-1.webp\" \/>\n\t<meta property=\"og:image:width\" content=\"1024\" \/>\n\t<meta property=\"og:image:height\" content=\"1536\" \/>\n\t<meta property=\"og:image:type\" content=\"image\/webp\" \/>\n<meta name=\"twitter:card\" content=\"summary_large_image\" \/>\n<script type=\"application\/ld+json\" class=\"yoast-schema-graph\">{\"@context\":\"https:\\\/\\\/schema.org\",\"@graph\":[{\"@type\":\"WebPage\",\"@id\":\"https:\\\/\\\/iwell-guard.com\\\/ca\\\/sedna-senyora-del-mar-inuit\\\/\",\"url\":\"https:\\\/\\\/iwell-guard.com\\\/ca\\\/sedna-senyora-del-mar-inuit\\\/\",\"name\":\"Sedna - Senyora del mar dels inuit, mite i culte\",\"isPartOf\":{\"@id\":\"https:\\\/\\\/iwell-guard.com\\\/ca\\\/#website\"},\"primaryImageOfPage\":{\"@id\":\"https:\\\/\\\/iwell-guard.com\\\/ca\\\/sedna-senyora-del-mar-inuit\\\/#primaryimage\"},\"image\":{\"@id\":\"https:\\\/\\\/iwell-guard.com\\\/ca\\\/sedna-senyora-del-mar-inuit\\\/#primaryimage\"},\"thumbnailUrl\":\"https:\\\/\\\/iwell-guard.com\\\/wp-content\\\/uploads\\\/2026\\\/05\\\/goetter_inuit_sedna-1.webp\",\"datePublished\":\"2026-09-05T15:42:04+00:00\",\"dateModified\":\"2026-09-05T16:06:17+00:00\",\"description\":\"Sedna \u00e9s considerada la senyora dels animals marins en el pante\u00f3 inuit. Aproximaci\u00f3 des dels estudis de la religi\u00f3: mite, pr\u00e0ctica xam\u00e0nica, fonts.\",\"breadcrumb\":{\"@id\":\"https:\\\/\\\/iwell-guard.com\\\/ca\\\/sedna-senyora-del-mar-inuit\\\/#breadcrumb\"},\"inLanguage\":\"ca\",\"potentialAction\":[{\"@type\":\"ReadAction\",\"target\":[\"https:\\\/\\\/iwell-guard.com\\\/ca\\\/sedna-senyora-del-mar-inuit\\\/\"]}]},{\"@type\":\"ImageObject\",\"inLanguage\":\"ca\",\"@id\":\"https:\\\/\\\/iwell-guard.com\\\/ca\\\/sedna-senyora-del-mar-inuit\\\/#primaryimage\",\"url\":\"https:\\\/\\\/iwell-guard.com\\\/wp-content\\\/uploads\\\/2026\\\/05\\\/goetter_inuit_sedna-1.webp\",\"contentUrl\":\"https:\\\/\\\/iwell-guard.com\\\/wp-content\\\/uploads\\\/2026\\\/05\\\/goetter_inuit_sedna-1.webp\",\"width\":1024,\"height\":1536,\"caption\":\"D\u00e9us de la tradici\u00f3 inuit.\"},{\"@type\":\"BreadcrumbList\",\"@id\":\"https:\\\/\\\/iwell-guard.com\\\/ca\\\/sedna-senyora-del-mar-inuit\\\/#breadcrumb\",\"itemListElement\":[{\"@type\":\"ListItem\",\"position\":1,\"name\":\"Start\",\"item\":\"https:\\\/\\\/iwell-guard.com\\\/ca\\\/?page_id=171333\"},{\"@type\":\"ListItem\",\"position\":2,\"name\":\"Sedna &#8211; Senyora del mar dels inuit\"}]},{\"@type\":\"WebSite\",\"@id\":\"https:\\\/\\\/iwell-guard.com\\\/ca\\\/#website\",\"url\":\"https:\\\/\\\/iwell-guard.com\\\/ca\\\/\",\"name\":\"iWell Guard\",\"description\":\"Schutz vor dunklen Einfl\u00fcssen\",\"publisher\":{\"@id\":\"https:\\\/\\\/iwell-guard.com\\\/ca\\\/#organization\"},\"potentialAction\":[{\"@type\":\"SearchAction\",\"target\":{\"@type\":\"EntryPoint\",\"urlTemplate\":\"https:\\\/\\\/iwell-guard.com\\\/ca\\\/?s={search_term_string}\"},\"query-input\":{\"@type\":\"PropertyValueSpecification\",\"valueRequired\":true,\"valueName\":\"search_term_string\"}}],\"inLanguage\":\"ca\"},{\"@type\":\"Organization\",\"@id\":\"https:\\\/\\\/iwell-guard.com\\\/ca\\\/#organization\",\"name\":\"Ittermann electronic GmbH\",\"url\":\"https:\\\/\\\/iwell-guard.com\\\/ca\\\/\",\"logo\":{\"@type\":\"ImageObject\",\"inLanguage\":\"ca\",\"@id\":\"https:\\\/\\\/iwell-guard.com\\\/ca\\\/#\\\/schema\\\/logo\\\/image\\\/\",\"url\":\"https:\\\/\\\/iwell-guard.com\\\/wp-content\\\/uploads\\\/2026\\\/05\\\/Ittermann-Logo-1182x237-1.png\",\"contentUrl\":\"https:\\\/\\\/iwell-guard.com\\\/wp-content\\\/uploads\\\/2026\\\/05\\\/Ittermann-Logo-1182x237-1.png\",\"width\":1182,\"height\":237,\"caption\":\"Ittermann electronic GmbH\"},\"image\":{\"@id\":\"https:\\\/\\\/iwell-guard.com\\\/ca\\\/#\\\/schema\\\/logo\\\/image\\\/\"},\"sameAs\":[\"https:\\\/\\\/pantip.com\\\/profile\\\/9367242\",\"https:\\\/\\\/micro.blog\\\/iwellguard\",\"https:\\\/\\\/www.diggerslist.com\\\/iwellguard\\\/about\",\"https:\\\/\\\/skitterphoto.com\\\/photographers\\\/2870314\\\/iwell-guard\",\"https:\\\/\\\/iwellguard.wordpress.com\\\/2026\\\/06\\\/06\\\/iwell-guard\\\/\",\"https:\\\/\\\/hub.docker.com\\\/u\\\/iwellguard\",\"https:\\\/\\\/www.pinterest.com\\\/iwellguard\\\/\",\"https:\\\/\\\/bit.ly\\\/m\\\/iwellguard\",\"https:\\\/\\\/entre-vos-mains.alsace.eu\\\/profiles\\\/iwellguard\\\/activity\",\"https:\\\/\\\/gravatar.com\\\/reallybeded8fd34\",\"https:\\\/\\\/naijamatta.com\\\/iwellguard\",\"https:\\\/\\\/www.goodreads.com\\\/iwellguard\",\"https:\\\/\\\/profile.hatena.ne.jp\\\/iwellguard\\\/\",\"https:\\\/\\\/experiment.com\\\/users\\\/iwellguard\",\"https:\\\/\\\/wakelet.com\\\/@iWellGuard82270\",\"https:\\\/\\\/www.chordie.com\\\/forum\\\/profile.php?id=2555664\",\"https:\\\/\\\/www.instapaper.com\\\/p\\\/17757966\",\"https:\\\/\\\/www.mapleprimes.com\\\/users\\\/iwellguard\",\"https:\\\/\\\/businesslistingplus.com\\\/profile\\\/iwell-guard\\\/\",\"https:\\\/\\\/telegra.ph\\\/iWell-Guard-06-06\",\"https:\\\/\\\/pbase.com\\\/iwellguard\\\/iwellguard\",\"https:\\\/\\\/b.hatena.ne.jp\\\/iwellguard\\\/20260607#bookmark-4788405196491818882\",\"https:\\\/\\\/fliphtml5.com\\\/home\\\/iwellguard\",\"https:\\\/\\\/anyflip.com\\\/homepage\\\/cmiwl#About\",\"https:\\\/\\\/transfur.com\\\/Users\\\/iwellguard\",\"http:\\\/\\\/delphi.larsbo.org\\\/user\\\/iwellguard\",\"https:\\\/\\\/jobs.lajobsportal.org\\\/profiles\\\/8380803-iwell-guard\",\"https:\\\/\\\/md.chaosdorf.de\\\/s\\\/jfbe5SBdJD\",\"https:\\\/\\\/www.lingvolive.com\\\/en-us\\\/profile\\\/9ecaeaca-ce11-4e51-9e71-01d55e2bff36\\\/translations\",\"https:\\\/\\\/www.fitday.com\\\/fitness\\\/forums\\\/members\\\/iwellguard.html\",\"https:\\\/\\\/www.mymeetbook.com\\\/iwellguard\",\"https:\\\/\\\/pxhere.com\\\/en\\\/photographer-me\\\/5040798\",\"https:\\\/\\\/disqus.com\\\/by\\\/iwellguard\\\/about\\\/\",\"https:\\\/\\\/pastelink.net\\\/hjwciqwq\",\"https:\\\/\\\/pubhtml5.com\\\/homepage\\\/scjhn\\\/\",\"https:\\\/\\\/www.bitchute.com\\\/channel\\\/2O2eOKzNqujT\",\"https:\\\/\\\/audiomack.com\\\/iwellguard\"]},{\"@type\":\"Article\",\"@id\":\"https:\\\/\\\/iwell-guard.com\\\/ca\\\/sedna-senyora-del-mar-inuit\\\/#article\",\"isPartOf\":{\"@id\":\"https:\\\/\\\/iwell-guard.com\\\/ca\\\/sedna-senyora-del-mar-inuit\\\/\"},\"author\":{\"name\":\"Ralf Ittermann\",\"@id\":\"https:\\\/\\\/iwell-guard.com\\\/ca\\\/#\\\/schema\\\/person\\\/ee2a27f1cac3406c7c6fb5820cb7349f\"},\"headline\":\"Sedna &#8211; Senyora del mar dels inuit\",\"datePublished\":\"2026-09-05T15:42:04+00:00\",\"dateModified\":\"2026-09-05T16:06:17+00:00\",\"mainEntityOfPage\":{\"@id\":\"https:\\\/\\\/iwell-guard.com\\\/ca\\\/sedna-senyora-del-mar-inuit\\\/\"},\"publisher\":{\"@id\":\"https:\\\/\\\/iwell-guard.com\\\/ca\\\/#organization\"},\"image\":{\"@id\":\"https:\\\/\\\/iwell-guard.com\\\/ca\\\/sedna-senyora-del-mar-inuit\\\/#primaryimage\"},\"thumbnailUrl\":\"https:\\\/\\\/iwell-guard.com\\\/wp-content\\\/uploads\\\/2026\\\/05\\\/goetter_inuit_sedna-1.webp\",\"inLanguage\":\"ca\",\"description\":\"Sedna \u00e9s considerada la senyora dels animals marins en el pante\u00f3 inuit. Aproximaci\u00f3 des dels estudis de la religi\u00f3: mite, pr\u00e0ctica xam\u00e0nica, fonts.\"}]}<\/script>\n<!-- \/ Yoast SEO Premium plugin. -->","yoast_head_json":{"title":"Sedna - Senyora del mar dels inuit, mite i culte","description":"Sedna \u00e9s considerada la senyora dels animals marins en el pante\u00f3 inuit. Aproximaci\u00f3 des dels estudis de la religi\u00f3: mite, pr\u00e0ctica xam\u00e0nica, fonts.","robots":{"index":"index","follow":"follow","max-snippet":"max-snippet:-1","max-image-preview":"max-image-preview:large","max-video-preview":"max-video-preview:-1"},"canonical":"https:\/\/iwell-guard.com\/ca\/sedna-senyora-del-mar-inuit\/","og_locale":"ca_ES","og_type":"article","og_title":"Sedna - Senyora del mar dels inuit","og_description":"Sedna \u00e9s considerada la senyora dels animals marins en el pante\u00f3 inuit. Aproximaci\u00f3 des dels estudis de la religi\u00f3: mite, pr\u00e0ctica xam\u00e0nica, fonts.","og_url":"https:\/\/iwell-guard.com\/ca\/sedna-senyora-del-mar-inuit\/","og_site_name":"iWell Guard","article_modified_time":"2026-09-05T16:06:17+00:00","og_image":[{"width":1024,"height":1536,"url":"https:\/\/iwell-guard.com\/wp-content\/uploads\/2026\/05\/goetter_inuit_sedna-1.webp","type":"image\/webp"}],"twitter_card":"summary_large_image","schema":{"@context":"https:\/\/schema.org","@graph":[{"@type":"Article","@id":"https:\/\/iwell-guard.com\/ca\/sedna-senyora-del-mar-inuit\/#article","isPartOf":{"@id":"https:\/\/iwell-guard.com\/ca\/sedna-senyora-del-mar-inuit\/"},"author":{"name":"Ralf Ittermann","@id":"https:\/\/iwell-guard.com\/ca\/#\/schema\/person\/ee2a27f1cac3406c7c6fb5820cb7349f"},"headline":"Sedna &#8211; Senyora del mar dels inuit","datePublished":"2026-09-05T15:42:04+00:00","dateModified":"2026-09-05T16:06:17+00:00","mainEntityOfPage":{"@id":"https:\/\/iwell-guard.com\/ca\/sedna-senyora-del-mar-inuit\/"},"publisher":{"@id":"https:\/\/iwell-guard.com\/ca\/#organization"},"image":{"@id":"https:\/\/iwell-guard.com\/ca\/sedna-senyora-del-mar-inuit\/#primaryimage"},"thumbnailUrl":"https:\/\/iwell-guard.com\/wp-content\/uploads\/2026\/05\/goetter_inuit_sedna-1.webp","inLanguage":"ca","description":"Sedna \u00e9s considerada la senyora dels animals marins en el pante\u00f3 inuit. Aproximaci\u00f3 des dels estudis de la religi\u00f3: mite, pr\u00e0ctica xam\u00e0nica, fonts."},{"@type":"WebPage","@id":"https:\/\/iwell-guard.com\/ca\/sedna-senyora-del-mar-inuit\/","url":"https:\/\/iwell-guard.com\/ca\/sedna-senyora-del-mar-inuit\/","name":"Sedna - Senyora del mar dels inuit, mite i culte","isPartOf":{"@id":"https:\/\/iwell-guard.com\/ca\/#website"},"primaryImageOfPage":{"@id":"https:\/\/iwell-guard.com\/ca\/sedna-senyora-del-mar-inuit\/#primaryimage"},"image":{"@id":"https:\/\/iwell-guard.com\/ca\/sedna-senyora-del-mar-inuit\/#primaryimage"},"thumbnailUrl":"https:\/\/iwell-guard.com\/wp-content\/uploads\/2026\/05\/goetter_inuit_sedna-1.webp","datePublished":"2026-09-05T15:42:04+00:00","dateModified":"2026-09-05T16:06:17+00:00","description":"Sedna \u00e9s considerada la senyora dels animals marins en el pante\u00f3 inuit. Aproximaci\u00f3 des dels estudis de la religi\u00f3: mite, pr\u00e0ctica xam\u00e0nica, fonts.","breadcrumb":{"@id":"https:\/\/iwell-guard.com\/ca\/sedna-senyora-del-mar-inuit\/#breadcrumb"},"inLanguage":"ca","potentialAction":[{"@type":"ReadAction","target":["https:\/\/iwell-guard.com\/ca\/sedna-senyora-del-mar-inuit\/"]}]},{"@type":"ImageObject","inLanguage":"ca","@id":"https:\/\/iwell-guard.com\/ca\/sedna-senyora-del-mar-inuit\/#primaryimage","url":"https:\/\/iwell-guard.com\/wp-content\/uploads\/2026\/05\/goetter_inuit_sedna-1.webp","contentUrl":"https:\/\/iwell-guard.com\/wp-content\/uploads\/2026\/05\/goetter_inuit_sedna-1.webp","width":1024,"height":1536,"caption":"D\u00e9us de la tradici\u00f3 inuit."},{"@type":"BreadcrumbList","@id":"https:\/\/iwell-guard.com\/ca\/sedna-senyora-del-mar-inuit\/#breadcrumb","itemListElement":[{"@type":"ListItem","position":1,"name":"Start","item":"https:\/\/iwell-guard.com\/ca\/?page_id=171333"},{"@type":"ListItem","position":2,"name":"Sedna &#8211; Senyora del mar dels inuit"}]},{"@type":"WebSite","@id":"https:\/\/iwell-guard.com\/ca\/#website","url":"https:\/\/iwell-guard.com\/ca\/","name":"iWell Guard","description":"Schutz vor dunklen Einfl\u00fcssen","publisher":{"@id":"https:\/\/iwell-guard.com\/ca\/#organization"},"potentialAction":[{"@type":"SearchAction","target":{"@type":"EntryPoint","urlTemplate":"https:\/\/iwell-guard.com\/ca\/?s={search_term_string}"},"query-input":{"@type":"PropertyValueSpecification","valueRequired":true,"valueName":"search_term_string"}}],"inLanguage":"ca"},{"@type":"Organization","@id":"https:\/\/iwell-guard.com\/ca\/#organization","name":"Ittermann electronic GmbH","url":"https:\/\/iwell-guard.com\/ca\/","logo":{"@type":"ImageObject","inLanguage":"ca","@id":"https:\/\/iwell-guard.com\/ca\/#\/schema\/logo\/image\/","url":"https:\/\/iwell-guard.com\/wp-content\/uploads\/2026\/05\/Ittermann-Logo-1182x237-1.png","contentUrl":"https:\/\/iwell-guard.com\/wp-content\/uploads\/2026\/05\/Ittermann-Logo-1182x237-1.png","width":1182,"height":237,"caption":"Ittermann electronic GmbH"},"image":{"@id":"https:\/\/iwell-guard.com\/ca\/#\/schema\/logo\/image\/"},"sameAs":["https:\/\/pantip.com\/profile\/9367242","https:\/\/micro.blog\/iwellguard","https:\/\/www.diggerslist.com\/iwellguard\/about","https:\/\/skitterphoto.com\/photographers\/2870314\/iwell-guard","https:\/\/iwellguard.wordpress.com\/2026\/06\/06\/iwell-guard\/","https:\/\/hub.docker.com\/u\/iwellguard","https:\/\/www.pinterest.com\/iwellguard\/","https:\/\/bit.ly\/m\/iwellguard","https:\/\/entre-vos-mains.alsace.eu\/profiles\/iwellguard\/activity","https:\/\/gravatar.com\/reallybeded8fd34","https:\/\/naijamatta.com\/iwellguard","https:\/\/www.goodreads.com\/iwellguard","https:\/\/profile.hatena.ne.jp\/iwellguard\/","https:\/\/experiment.com\/users\/iwellguard","https:\/\/wakelet.com\/@iWellGuard82270","https:\/\/www.chordie.com\/forum\/profile.php?id=2555664","https:\/\/www.instapaper.com\/p\/17757966","https:\/\/www.mapleprimes.com\/users\/iwellguard","https:\/\/businesslistingplus.com\/profile\/iwell-guard\/","https:\/\/telegra.ph\/iWell-Guard-06-06","https:\/\/pbase.com\/iwellguard\/iwellguard","https:\/\/b.hatena.ne.jp\/iwellguard\/20260607#bookmark-4788405196491818882","https:\/\/fliphtml5.com\/home\/iwellguard","https:\/\/anyflip.com\/homepage\/cmiwl#About","https:\/\/transfur.com\/Users\/iwellguard","http:\/\/delphi.larsbo.org\/user\/iwellguard","https:\/\/jobs.lajobsportal.org\/profiles\/8380803-iwell-guard","https:\/\/md.chaosdorf.de\/s\/jfbe5SBdJD","https:\/\/www.lingvolive.com\/en-us\/profile\/9ecaeaca-ce11-4e51-9e71-01d55e2bff36\/translations","https:\/\/www.fitday.com\/fitness\/forums\/members\/iwellguard.html","https:\/\/www.mymeetbook.com\/iwellguard","https:\/\/pxhere.com\/en\/photographer-me\/5040798","https:\/\/disqus.com\/by\/iwellguard\/about\/","https:\/\/pastelink.net\/hjwciqwq","https:\/\/pubhtml5.com\/homepage\/scjhn\/","https:\/\/www.bitchute.com\/channel\/2O2eOKzNqujT","https:\/\/audiomack.com\/iwellguard"]},{"@type":"Person","@id":"https:\/\/iwell-guard.com\/ca\/#\/schema\/person\/ee2a27f1cac3406c7c6fb5820cb7349f","name":"Ralf Ittermann","image":{"@type":"ImageObject","inLanguage":"ca","@id":"https:\/\/secure.gravatar.com\/avatar\/073c0153e350a5005b68eb752b445fea71f6b24a26da9449ad7e155e6b446c9d?s=96&d=mm&r=g","url":"https:\/\/secure.gravatar.com\/avatar\/073c0153e350a5005b68eb752b445fea71f6b24a26da9449ad7e155e6b446c9d?s=96&d=mm&r=g","contentUrl":"https:\/\/secure.gravatar.com\/avatar\/073c0153e350a5005b68eb752b445fea71f6b24a26da9449ad7e155e6b446c9d?s=96&d=mm&r=g","caption":"Ralf Ittermann"},"givenName":"Ralf","familyName":"Ittermann","jobTitle":"Gesch\u00e4ftsf\u00fchrer und redaktioneller Verantwortlicher","url":"https:\/\/iwell-guard.com\/ca\/author\/claude\/","description":"Ralf Ittermann ist Gesch\u00e4ftsf\u00fchrer der Ittermann electronic GmbH und redaktioneller Verantwortlicher des iWell-Guard-Lexikons. Er verbindet langj\u00e4hrige Erfahrung in der Pr\u00e4zisionsfertigung mit medialer Praxis und religionsgeschichtlicher Quellenarbeit.","worksFor":{"@type":"Organization","name":"Ittermann electronic GmbH","url":"https:\/\/ittermann.de\/","address":{"@type":"PostalAddress","streetAddress":"K\u00f6hlergasse 16-18","postalCode":"99842","addressLocality":"Ruhla","addressCountry":"DE"}},"knowsAbout":["Religionsgeschichte","Mythologie","Mediale Praxis","Energetische Diagnostik","Schutzpraxis","Volksglauben","Westliche Esoterik"]},{"@type":"Article","@id":"https:\/\/iwell-guard.com\/ca\/sedna-senyora-del-mar-inuit\/#article","isPartOf":{"@id":"https:\/\/iwell-guard.com\/ca\/sedna-senyora-del-mar-inuit\/"},"author":{"name":"Ralf Ittermann","@id":"https:\/\/iwell-guard.com\/ca\/#\/schema\/person\/ee2a27f1cac3406c7c6fb5820cb7349f"},"headline":"Sedna &#8211; Senyora del mar dels inuit","datePublished":"2026-09-05T15:42:04+00:00","dateModified":"2026-09-05T16:06:17+00:00","mainEntityOfPage":{"@id":"https:\/\/iwell-guard.com\/ca\/sedna-senyora-del-mar-inuit\/"},"publisher":{"@id":"https:\/\/iwell-guard.com\/ca\/#organization"},"image":{"@id":"https:\/\/iwell-guard.com\/ca\/sedna-senyora-del-mar-inuit\/#primaryimage"},"thumbnailUrl":"https:\/\/iwell-guard.com\/wp-content\/uploads\/2026\/05\/goetter_inuit_sedna-1.webp","inLanguage":"ca","description":"Sedna \u00e9s considerada la senyora dels animals marins en el pante\u00f3 inuit. Aproximaci\u00f3 des dels estudis de la religi\u00f3: mite, pr\u00e0ctica xam\u00e0nica, fonts."}]}},"_links":{"self":[{"href":"https:\/\/iwell-guard.com\/ca\/wp-json\/wp\/v2\/pages\/171751","targetHints":{"allow":["GET"]}}],"collection":[{"href":"https:\/\/iwell-guard.com\/ca\/wp-json\/wp\/v2\/pages"}],"about":[{"href":"https:\/\/iwell-guard.com\/ca\/wp-json\/wp\/v2\/types\/page"}],"author":[{"embeddable":true,"href":"https:\/\/iwell-guard.com\/ca\/wp-json\/wp\/v2\/users\/3"}],"replies":[{"embeddable":true,"href":"https:\/\/iwell-guard.com\/ca\/wp-json\/wp\/v2\/comments?post=171751"}],"version-history":[{"count":0,"href":"https:\/\/iwell-guard.com\/ca\/wp-json\/wp\/v2\/pages\/171751\/revisions"}],"wp:featuredmedia":[{"embeddable":true,"href":"https:\/\/iwell-guard.com\/ca\/wp-json\/wp\/v2\/media\/2885"}],"wp:attachment":[{"href":"https:\/\/iwell-guard.com\/ca\/wp-json\/wp\/v2\/media?parent=171751"}],"wp:term":[{"taxonomy":"category","embeddable":true,"href":"https:\/\/iwell-guard.com\/ca\/wp-json\/wp\/v2\/categories?post=171751"}],"curies":[{"name":"wp","href":"https:\/\/api.w.org\/{rel}","templated":true}]}}