{"id":171750,"date":"2026-09-05T15:42:03","date_gmt":"2026-09-05T15:42:03","guid":{"rendered":"https:\/\/iwell-guard.com\/?page_id=171750"},"modified":"2026-09-05T16:06:16","modified_gmt":"2026-09-05T16:06:16","slug":"namarrkon-home-del-llamp-kunwinjku","status":"publish","type":"page","link":"https:\/\/iwell-guard.com\/ca\/namarrkon-home-del-llamp-kunwinjku\/","title":{"rendered":"Namarrkon \u2013 L&#8217;home del llamp dels Kunwinjku"},"content":{"rendered":"\t\t<div data-elementor-type=\"wp-page\" data-elementor-id=\"171750\" class=\"elementor elementor-171750 elementor-2653 elementor-bc-flex-widget\" data-elementor-post-type=\"page\">\n\t\t\t\t<div class=\"elementor-element elementor-element-iwgw-namarrkon-hero e-flex e-con-boxed e-con e-parent\" data-id=\"iwgw-namarrkon-hero\" data-element_type=\"container\" data-e-type=\"container\" data-settings=\"{&quot;background_background&quot;:&quot;classic&quot;}\">\n\t\t\t\t\t<div class=\"e-con-inner\">\n\t\t<div class=\"elementor-element elementor-element-iwgw-namarrkon-hl e-flex e-con-boxed e-con e-child\" data-id=\"iwgw-namarrkon-hl\" data-element_type=\"container\" data-e-type=\"container\">\n\t\t\t\t\t<div class=\"e-con-inner\">\n\t\t<div class=\"elementor-element elementor-element-iwgw-namarrkon-htxt e-con-full e-flex e-con e-child\" data-id=\"iwgw-namarrkon-htxt\" data-element_type=\"container\" data-e-type=\"container\">\n\t\t\t\t<div class=\"elementor-element elementor-element-iwgw-namarrkon-h1 elementor-widget elementor-widget-heading\" data-id=\"iwgw-namarrkon-h1\" data-element_type=\"widget\" data-e-type=\"widget\" data-widget_type=\"heading.default\">\n\t\t\t\t\t<h1 class=\"elementor-heading-title elementor-size-default\">Namarrkon, creador del llamp i el tro de la tradici\u00f3 aborigen de la Terra d'Arnhem Occidental<\/h1>\t\t\t\t<\/div>\n\t\t\t\t<div class=\"elementor-element elementor-element-iwgw-namarrkon-lead elementor-widget elementor-widget-text-editor\" data-id=\"iwgw-namarrkon-lead\" data-element_type=\"widget\" data-e-type=\"widget\" data-widget_type=\"text-editor.default\">\n\t\t\t\t\t\t\t\t\t<p>Namarrkon \u00e9s l&#8217;\u00abhome del llamp\u00bb dels grups abor\u00edgens Kunwinjku i ve\u00efns de la Terra d&#8217;Arnhem Occidental (West-Arnhem-Land), al nord d&#8217;Austr\u00e0lia. Porta les tempestes mons\u00f2niques de l&#8217;estaci\u00f3 humida, colpeja els arbres amb les seves destrals de pedra i \u00e9s un \u00e9sser creador central de la regi\u00f3.<\/p>\t\t\t\t\t\t\t\t<\/div>\n\t\t\t\t<\/div>\n\t\t<div class=\"elementor-element elementor-element-iwgw-namarrkon-pillc e-con-full e-flex e-con e-child\" data-id=\"iwgw-namarrkon-pillc\" data-element_type=\"container\" data-e-type=\"container\">\n\t\t\t\t<div class=\"elementor-element elementor-element-iwgw-namarrkon-pills elementor-widget elementor-widget-html\" data-id=\"iwgw-namarrkon-pills\" data-element_type=\"widget\" data-e-type=\"widget\" data-widget_type=\"html.default\">\n\t\t\t\t\t<div class=\"iwg-pill-row\"><span class=\"iwg-klasse-badge\" tabindex=\"0\" data-tooltip=\"Creador de la tradici\u00f3 aborigen.\">Creador<\/span><a href=\"https:\/\/iwell-guard.com\/ca\/australia-aborigen-dreamtime-tjukurpa-objectes-proteccio\/\" class=\"iwg-kultur-badge\" tabindex=\"0\" data-tooltip=\"Mitologia de la tradici\u00f3 aborigen.\">Aborigen<\/a><span class=\"iwg-tradition-badge\" tabindex=\"0\" data-tooltip=\"\u00c9sser del llamp i el tro.\">\u00c9sser del llamp i el tro<\/span><\/div>\t\t\t\t<\/div>\n\t\t\t\t<\/div>\n\t\t<div class=\"elementor-element elementor-element-iwgw-namarrkon-tocc e-con-full e-flex e-con e-child\" data-id=\"iwgw-namarrkon-tocc\" data-element_type=\"container\" data-e-type=\"container\">\n\t\t\t\t<div class=\"elementor-element elementor-element-iwgw-namarrkon-toc elementor-toc--minimized-on-tablet elementor-widget elementor-widget-table-of-contents\" data-id=\"iwgw-namarrkon-toc\" data-element_type=\"widget\" data-e-type=\"widget\" data-settings=\"{&quot;headings_by_tags&quot;:[&quot;h2&quot;,&quot;h3&quot;],&quot;minimize_box&quot;:&quot;yes&quot;,&quot;marker_view&quot;:&quot;bullets&quot;,&quot;no_headings_message&quot;:&quot;No s&#039;ha trobat cap encap\\u00e7alament en aquesta p\\u00e0gina.&quot;,&quot;exclude_headings_by_selector&quot;:[],&quot;icon&quot;:{&quot;value&quot;:&quot;fas fa-circle&quot;,&quot;library&quot;:&quot;fa-solid&quot;,&quot;rendered_tag&quot;:&quot;&lt;svg class=\\&quot;e-font-icon-svg e-fas-circle\\&quot; viewBox=\\&quot;0 0 512 512\\&quot; xmlns=\\&quot;http:\\\/\\\/www.w3.org\\\/2000\\\/svg\\&quot;&gt;&lt;path d=\\&quot;M256 8C119 8 8 119 8 256s111 248 248 248 248-111 248-248S393 8 256 8z\\&quot;&gt;&lt;\\\/path&gt;&lt;\\\/svg&gt;&quot;},&quot;minimized_on&quot;:&quot;tablet&quot;,&quot;hierarchical_view&quot;:&quot;yes&quot;,&quot;min_height&quot;:{&quot;unit&quot;:&quot;px&quot;,&quot;size&quot;:&quot;&quot;,&quot;sizes&quot;:[]},&quot;min_height_tablet&quot;:{&quot;unit&quot;:&quot;px&quot;,&quot;size&quot;:&quot;&quot;,&quot;sizes&quot;:[]},&quot;min_height_mobile&quot;:{&quot;unit&quot;:&quot;px&quot;,&quot;size&quot;:&quot;&quot;,&quot;sizes&quot;:[]}}\" data-widget_type=\"table-of-contents.default\">\n\t\t\t\t\t\t\t\t\t<div class=\"elementor-toc__header\">\n\t\t\t\t\t\t<h2 class=\"elementor-toc__header-title\">\n\t\t\t\t\u00cdndex\t\t\t<\/h2>\n\t\t\t\t\t\t\t\t\t\t<div class=\"elementor-toc__toggle-button elementor-toc__toggle-button--expand\" role=\"button\" tabindex=\"0\" aria-controls=\"elementor-toc__iwgw-namarrkon-toc\" aria-expanded=\"true\" aria-label=\"Open table of contents\"><svg aria-hidden=\"true\" class=\"e-font-icon-svg e-fas-chevron-down\" viewBox=\"0 0 448 512\" xmlns=\"http:\/\/www.w3.org\/2000\/svg\"><path d=\"M207.029 381.476L12.686 187.132c-9.373-9.373-9.373-24.569 0-33.941l22.667-22.667c9.357-9.357 24.522-9.375 33.901-.04L224 284.505l154.745-154.021c9.379-9.335 24.544-9.317 33.901.04l22.667 22.667c9.373 9.373 9.373 24.569 0 33.941L240.971 381.476c-9.373 9.372-24.569 9.372-33.942 0z\"><\/path><\/svg><\/div>\n\t\t\t\t<div class=\"elementor-toc__toggle-button elementor-toc__toggle-button--collapse\" role=\"button\" tabindex=\"0\" aria-controls=\"elementor-toc__iwgw-namarrkon-toc\" aria-expanded=\"true\" aria-label=\"Close table of contents\"><svg aria-hidden=\"true\" class=\"e-font-icon-svg e-fas-chevron-up\" viewBox=\"0 0 448 512\" xmlns=\"http:\/\/www.w3.org\/2000\/svg\"><path d=\"M240.971 130.524l194.343 194.343c9.373 9.373 9.373 24.569 0 33.941l-22.667 22.667c-9.357 9.357-24.522 9.375-33.901.04L224 227.495 69.255 381.516c-9.379 9.335-24.544 9.317-33.901-.04l-22.667-22.667c-9.373-9.373-9.373-24.569 0-33.941L207.03 130.525c9.372-9.373 24.568-9.373 33.941-.001z\"><\/path><\/svg><\/div>\n\t\t\t\t\t<\/div>\n\t\t\t\t<div id=\"elementor-toc__iwgw-namarrkon-toc\" class=\"elementor-toc__body\">\n\t\t\t<div class=\"elementor-toc__spinner-container\">\n\t\t\t\t<svg class=\"elementor-toc__spinner eicon-animation-spin e-font-icon-svg e-eicon-loading\" aria-hidden=\"true\" viewBox=\"0 0 1000 1000\" xmlns=\"http:\/\/www.w3.org\/2000\/svg\"><path d=\"M500 975V858C696 858 858 696 858 500S696 142 500 142 142 304 142 500H25C25 237 238 25 500 25S975 237 975 500 763 975 500 975Z\"><\/path><\/svg>\t\t\t<\/div>\n\t\t<\/div>\n\t\t\t\t\t\t<\/div>\n\t\t\t\t<\/div>\n\t\t\t\t\t<\/div>\n\t\t\t\t<\/div>\n\t\t<div class=\"elementor-element elementor-element-iwgw-namarrkon-hr e-con-full e-flex e-con e-child\" data-id=\"iwgw-namarrkon-hr\" data-element_type=\"container\" data-e-type=\"container\">\n\t\t\t\t<div class=\"elementor-element elementor-element-iwgw-namarrkon-heroimg iwg-hero-image elementor-widget elementor-widget-image\" data-id=\"iwgw-namarrkon-heroimg\" data-element_type=\"widget\" data-e-type=\"widget\" data-widget_type=\"image.default\">\n\t\t\t\t\t\t\t\t\t\t\t\t\t\t\t<img fetchpriority=\"high\" decoding=\"async\" width=\"683\" height=\"1024\" src=\"https:\/\/iwell-guard.com\/wp-content\/uploads\/2026\/05\/goetter_aboriginal_namarrkon-683x1024.webp\" class=\"attachment-large size-large wp-image-2874\" alt=\"Namarrkon \u2013 L\u2019home del llamp dels Kunwinjku\" srcset=\"https:\/\/iwell-guard.com\/wp-content\/uploads\/2026\/05\/goetter_aboriginal_namarrkon-683x1024.webp 683w, https:\/\/iwell-guard.com\/wp-content\/uploads\/2026\/05\/goetter_aboriginal_namarrkon-200x300.webp 200w, https:\/\/iwell-guard.com\/wp-content\/uploads\/2026\/05\/goetter_aboriginal_namarrkon-768x1152.webp 768w, https:\/\/iwell-guard.com\/wp-content\/uploads\/2026\/05\/goetter_aboriginal_namarrkon.webp 1024w\" sizes=\"(max-width: 683px) 100vw, 683px\" \/>\t\t\t\t\t\t\t\t\t\t\t\t\t\t\t<\/div>\n\t\t\t\t<\/div>\n\t\t\t\t\t<\/div>\n\t\t\t\t<\/div>\n\t\t\t\t<section class=\"elementor-section elementor-top-section elementor-element elementor-element-sec-iwgcomp2-namarrkon elementor-section-boxed elementor-section-height-default elementor-section-height-default\" data-id=\"sec-iwgcomp2-namarrkon\" data-element_type=\"section\" data-e-type=\"section\">\n\t\t\t\t\t\t<div class=\"elementor-container elementor-column-gap-default\">\n\t\t\t\t\t<div class=\"elementor-column elementor-col-100 elementor-top-column elementor-element elementor-element-col-iwgcomp2-namarrkon\" data-id=\"col-iwgcomp2-namarrkon\" data-element_type=\"column\" data-e-type=\"column\">\n\t\t\t<div class=\"elementor-widget-wrap elementor-element-populated\">\n\t\t\t\t\t\t<div class=\"elementor-element elementor-element-iwgcomp2-namarrkon elementor-widget elementor-widget-text-editor\" data-id=\"iwgcomp2-namarrkon\" data-element_type=\"widget\" data-e-type=\"widget\" data-widget_type=\"text-editor.default\">\n\t\t\t\t\t\t\t\t\t<p>Namarrkon, el <strong>creador del tro<\/strong> de la tradici\u00f3 aborigen de la Terra d&#8217;Arnhem Occidental, colpeja el tro amb les seves destrals de pedra.<\/p>\t\t\t\t\t\t\t\t<\/div>\n\t\t\t\t\t<\/div>\n\t\t<\/div>\n\t\t\t\t\t<\/div>\n\t\t<\/section>\n\t\t<div class=\"elementor-element elementor-element-iwgw-namarrkon-s0 e-flex e-con-boxed e-con e-parent\" data-id=\"iwgw-namarrkon-s0\" data-element_type=\"container\" data-e-type=\"container\">\n\t\t\t\t\t<div class=\"e-con-inner\">\n\t\t\t\t<div class=\"elementor-element elementor-element-iwgw-namarrkon-s0h elementor-widget elementor-widget-heading\" data-id=\"iwgw-namarrkon-s0h\" data-element_type=\"widget\" data-e-type=\"widget\" data-widget_type=\"heading.default\">\n\t\t\t\t\t<h2 class=\"elementor-heading-title elementor-size-default\">Classificaci\u00f3 i perfil breu<\/h2>\t\t\t\t<\/div>\n\t\t<div class=\"elementor-element elementor-element-iwgw-namarrkon-s0c e-con-full e-flex e-con e-child\" data-id=\"iwgw-namarrkon-s0c\" data-element_type=\"container\" data-e-type=\"container\">\n\t\t\t\t<div class=\"elementor-element elementor-element-iwgw-namarrkon-s0t elementor-widget elementor-widget-text-editor\" data-id=\"iwgw-namarrkon-s0t\" data-element_type=\"widget\" data-e-type=\"widget\" data-widget_type=\"text-editor.default\">\n\t\t\t\t\t\t\t\t\t<p>Namarrkon (tamb\u00e9 <em>Namarrgon<\/em>, <em>Namarrgun<\/em>) \u00e9s l&#8217;\u00abhome del llamp\u00bb dels grups ling\u00fc\u00edstics abor\u00edgens Kunwinjku i ve\u00efns de la Terra d&#8217;Arnhem Occidental (Territori del Nord). \u00c9s una de les figures principals de la <span class=\"iwg-fachbegriff\" data-tooltip=\"El conjunt de relats transmesos sobre d\u00e9us d'una cultura.\" tabindex=\"0\">mitologia<\/span> Kunwinjku i, alhora, una de les representacions m\u00e9s freq\u00fcents en les pintures rupestres del Parc Nacional de Kakadu.<\/p><p>Dins la <a href=\"https:\/\/iwell-guard.com\/ca\/australia-aborigen-dreamtime-tjukurpa-objectes-proteccio\/\">tradici\u00f3 aborigen<\/a>, Namarrkon \u00e9s una figura creadora de l&#8217;estaci\u00f3 humida mons\u00f2nica; porta les tempestes que caracteritzen el clima tropical mons\u00f2nic del nord d&#8217;Austr\u00e0lia. La seva relaci\u00f3 amb la <a href=\"https:\/\/iwell-guard.com\/ca\/?page_id=171741\">Serp de l&#8217;Arc de Sant Mart\u00ed<\/a> (Rainbow Serpent) \u00e9s estreta per\u00f2 funcionalment diferenciada: mentre la Serp de l&#8217;Arc de Sant Mart\u00ed est\u00e0 vinculada de manera general amb l&#8217;aigua, Namarrkon est\u00e0 especialitzat en el llamp i el tro.<\/p><p>Des del punt de vista de la fenomenologia religiosa, Namarrkon pertany a la classe dels \u00abd\u00e9us del tro\u00bb, una fam\u00edlia de d\u00e9us present en moltes religions, que inclou Indra (v\u00e8dic), Thor (germ\u00e0nic), Zeus (en la seva funci\u00f3 de d\u00e9u del tro, grec), Xang\u00f3 (ioruba) i Tl\u00e0loc (mesoameric\u00e0).<\/p>\t\t\t\t\t\t\t\t<\/div>\n\t\t\t\t<\/div>\n\t\t\t\t\t<\/div>\n\t\t\t\t<\/div>\n\t\t<div class=\"elementor-element elementor-element-iwgw-namarrkon-s1 e-flex e-con-boxed e-con e-parent\" data-id=\"iwgw-namarrkon-s1\" data-element_type=\"container\" data-e-type=\"container\">\n\t\t\t\t\t<div class=\"e-con-inner\">\n\t\t\t\t<div class=\"elementor-element elementor-element-iwgw-namarrkon-s1h elementor-widget elementor-widget-heading\" data-id=\"iwgw-namarrkon-s1h\" data-element_type=\"widget\" data-e-type=\"widget\" data-widget_type=\"heading.default\">\n\t\t\t\t\t<h2 class=\"elementor-heading-title elementor-size-default\">Nom i etimologia<\/h2>\t\t\t\t<\/div>\n\t\t<div class=\"elementor-element elementor-element-iwgw-namarrkon-s1c e-con-full e-flex e-con e-child\" data-id=\"iwgw-namarrkon-s1c\" data-element_type=\"container\" data-e-type=\"container\">\n\t\t\t\t<div class=\"elementor-element elementor-element-iwgw-namarrkon-s1t elementor-widget elementor-widget-text-editor\" data-id=\"iwgw-namarrkon-s1t\" data-element_type=\"widget\" data-e-type=\"widget\" data-widget_type=\"text-editor.default\">\n\t\t\t\t\t\t\t\t\t<p>El nom <em>Namarrkon<\/em> \u00e9s, en l&#8217;idioma kunwinjku, un compost: <em>namarr-<\/em> \u00e9s un arrel prefixada que suggereix \u00abllampec de llum\u00bb o \u00abdesc\u00e0rrega el\u00e8ctrica\u00bb, amb el sufix personal <em>-kon<\/em>. Literalment, doncs, ve a significar \u00abl&#8217;home del llamp\u00bb o \u00abel portador dels llamps\u00bb.<\/p><p>En les lleng\u00fces ve\u00efnes rep noms una mica diferents: <em>Namarrgun<\/em> en la variant est\u00e0ndard kunwinjku, <em>Wagilag-Namarrkon<\/em> en algunes tradicions relacionades amb els yolngu, <em>Walarringgu<\/em> en la tradici\u00f3 rembarrnga. Aquesta varietat mostra la diferenciaci\u00f3 local pr\u00f2pia de la religi\u00f3 aborigen.<\/p><p>Howard Morphy, a <em>Aboriginal Art<\/em> (1998), va descriure sistem\u00e0ticament les variacions regionals del complex de Namarrkon. La seva tradici\u00f3 ling\u00fc\u00edstica i iconogr\u00e0fica \u00e9s un dels millors exemples de la vinculaci\u00f3 estreta entre ling\u00fc\u00edstica i etnologia religiosa.<\/p>\t\t\t\t\t\t\t\t<\/div>\n\t\t\t\t<\/div>\n\t\t\t\t\t<\/div>\n\t\t\t\t<\/div>\n\t\t<div class=\"elementor-element elementor-element-iwgw-namarrkon-s2 e-flex e-con-boxed e-con e-parent\" data-id=\"iwgw-namarrkon-s2\" data-element_type=\"container\" data-e-type=\"container\">\n\t\t\t\t\t<div class=\"e-con-inner\">\n\t\t\t\t<div class=\"elementor-element elementor-element-iwgw-namarrkon-s2h elementor-widget elementor-widget-heading\" data-id=\"iwgw-namarrkon-s2h\" data-element_type=\"widget\" data-e-type=\"widget\" data-widget_type=\"heading.default\">\n\t\t\t\t\t<h2 class=\"elementor-heading-title elementor-size-default\">Descripci\u00f3 i iconografia<\/h2>\t\t\t\t<\/div>\n\t\t<div class=\"elementor-element elementor-element-iwgw-namarrkon-s2c e-con-full e-flex e-con e-child\" data-id=\"iwgw-namarrkon-s2c\" data-element_type=\"container\" data-e-type=\"container\">\n\t\t\t\t<div class=\"elementor-element elementor-element-iwgw-namarrkon-s2t elementor-widget elementor-widget-text-editor\" data-id=\"iwgw-namarrkon-s2t\" data-element_type=\"widget\" data-e-type=\"widget\" data-widget_type=\"text-editor.default\">\n\t\t\t\t\t\t\t\t\t<p>En la tradici\u00f3 kunwinjku, Namarrkon es descriu com un home fort envoltat de llamps. A les pintures rupestres se sol representar en \u00abestil radiografia\u00bb (X-ray style): amb els \u00f2rgans interns visibles, envoltat d&#8217;arcs de llamp i amb destrals de pedra als genolls, als colzes i als turmells. Aquestes destrals de pedra generen el tro.<\/p><p>L&#8217;\u00abestil radiografia\u00bb \u00e9s caracter\u00edstic de la tradici\u00f3 de pintura rupestre kunwinjku i es considera una de les formes estil\u00edstiques m\u00e9s tardanes, desenvolupada probablement en els darrers 2000 a 4000 anys. Charles P. Mountford el va descriure sistem\u00e0ticament per primera vegada a <em>Records of the American-Australian Scientific Expedition<\/em> (1956).<\/p><p>En la tradici\u00f3 contempor\u00e0nia de pintura sobre escor\u00e7a (bark painting) de la regi\u00f3 de Maningrida i Gunbalanya, Namarrkon continua representant-se en \u00abestil radiografia\u00bb. Artistes com Bardayal \u00abLofty\u00bb Nadjamerrek, Spider Namirrkki i John Mawurndjul han creat obres ic\u00f2niques de Namarrkon que es poden veure en molts museus d&#8217;arreu del m\u00f3n.<\/p>\t\t\t\t\t\t\t\t<\/div>\n\t\t\t\t<\/div>\n\t\t\t\t\t<\/div>\n\t\t\t\t<\/div>\n\t\t<div class=\"elementor-element elementor-element-iwgw-namarrkon-s3 e-flex e-con-boxed e-con e-parent\" data-id=\"iwgw-namarrkon-s3\" data-element_type=\"container\" data-e-type=\"container\">\n\t\t\t\t\t<div class=\"e-con-inner\">\n\t\t\t\t<div class=\"elementor-element elementor-element-iwgw-namarrkon-s3h elementor-widget elementor-widget-heading\" data-id=\"iwgw-namarrkon-s3h\" data-element_type=\"widget\" data-e-type=\"widget\" data-widget_type=\"heading.default\">\n\t\t\t\t\t<h2 class=\"elementor-heading-title elementor-size-default\">Relats mitol\u00f2gics<\/h2>\t\t\t\t<\/div>\n\t\t<div class=\"elementor-element elementor-element-iwgw-namarrkon-s3c e-con-full e-flex e-con e-child\" data-id=\"iwgw-namarrkon-s3c\" data-element_type=\"container\" data-e-type=\"container\">\n\t\t\t\t<div class=\"elementor-element elementor-element-iwgw-namarrkon-s3t elementor-widget elementor-widget-text-editor\" data-id=\"iwgw-namarrkon-s3t\" data-element_type=\"widget\" data-e-type=\"widget\" data-widget_type=\"text-editor.default\">\n\t\t\t\t\t\t\t\t\t<p>El relat central sobre Namarrkon descriu el seu paper en l&#8217;estaci\u00f3 humida: durant la temporada seca, Namarrkon descansa en un forat d&#8217;aigua sagrat prop del pa\u00eds del Somni del Llamp (Lightning Dreaming Country), a l&#8217;est de Gunbalanya.<\/p><p>Amb l&#8217;inici de l&#8217;estaci\u00f3 humida, es desperta, s&#8217;enlaira cap al cel i porta les tempestes mons\u00f2niques. Els llamps s\u00f3n els cops de les seves destrals de pedra; el tro \u00e9s el seu ress\u00f2.<\/p><p>Un segon relat explica com Namarrkon va crear les primeres destrals de pedra i se les va fixar al cos. Aquest relat de creaci\u00f3 vincula la seva funci\u00f3 (portador del llamp) amb la tecnologia de la destral de pedra dels kunwinjku, que arqueol\u00f2gicament es remunta molt enrere en la prehist\u00f2ria.<\/p><p>Un tercer relat descriu un conflicte entre Namarrkon i una figura maligna que vol impedir l&#8217;arribada de la pluja. Namarrkon guanya llan\u00e7ant les seves destrals de pedra, un <span class=\"iwg-fachbegriff\" data-tooltip=\"Un relat transm\u00e8s sobre d\u00e9us, or\u00edgens i l'ordre del m\u00f3n.\" tabindex=\"0\">mite<\/span> etiol\u00f2gic que explica el retorn anual de l&#8217;estaci\u00f3 humida.<\/p>\t\t\t\t\t\t\t\t<\/div>\n\t\t\t\t<\/div>\n\t\t\t\t\t<\/div>\n\t\t\t\t<\/div>\n\t\t<div class=\"elementor-element elementor-element-iwgw-namarrkon-s4 e-flex e-con-boxed e-con e-parent\" data-id=\"iwgw-namarrkon-s4\" data-element_type=\"container\" data-e-type=\"container\">\n\t\t\t\t\t<div class=\"e-con-inner\">\n\t\t\t\t<div class=\"elementor-element elementor-element-iwgw-namarrkon-s4h elementor-widget elementor-widget-heading\" data-id=\"iwgw-namarrkon-s4h\" data-element_type=\"widget\" data-e-type=\"widget\" data-widget_type=\"heading.default\">\n\t\t\t\t\t<h2 class=\"elementor-heading-title elementor-size-default\">Culte i veneraci\u00f3<\/h2>\t\t\t\t<\/div>\n\t\t<div class=\"elementor-element elementor-element-iwgw-namarrkon-s4c e-con-full e-flex e-con e-child\" data-id=\"iwgw-namarrkon-s4c\" data-element_type=\"container\" data-e-type=\"container\">\n\t\t\t\t<div class=\"elementor-element elementor-element-iwgw-namarrkon-s4t elementor-widget elementor-widget-text-editor\" data-id=\"iwgw-namarrkon-s4t\" data-element_type=\"widget\" data-e-type=\"widget\" data-widget_type=\"text-editor.default\">\n\t\t\t\t\t\t\t\t\t<p>Namarrkon no t\u00e9 un <span class=\"iwg-fachbegriff\" data-tooltip=\"El conjunt d'actes de veneraci\u00f3 religiosa dedicats a una divinitat o figura sagrada.\" tabindex=\"0\">culte<\/span> propi dins la tradici\u00f3 kunwinjku, per\u00f2 forma part de diversos rituals d&#8217;iniciaci\u00f3 i estacionals. Abans de l&#8217;inici de l&#8217;estaci\u00f3 humida, els ancians del clan l&#8217;\u00abconviden\u00bb; es visiten determinats forats d&#8217;aigua sagrats del seu territori i es mantenen <span class=\"iwg-fachbegriff\" data-tooltip=\"Pertanyent a una seq\u00fc\u00e8ncia d'actes religiosos establerta.\" tabindex=\"0\">ritualment<\/span>.<\/p><p>Durant l&#8217;estaci\u00f3 humida mateixa s&#8217;observen certs tab\u00fas: els sorolls forts, els xiulets, el fet de tocar determinats arbres poden \u00abpertorbar Namarrkon\u00bb. Aquestes normes tenen un rerefons ecol\u00f2gic clar: la precauci\u00f3 davant la caiguda de llamps en situacions de tempesta.<\/p><p>En la pr\u00e0ctica kunwinjku contempor\u00e0nia, Namarrkon \u00e9s present sobretot a trav\u00e9s de la tradici\u00f3 de pintura sobre escor\u00e7a. Els \u00abFestivals de Maningrida\u00bb anuals i altres esdeveniments d&#8217;art aborigen porten les imatges de Namarrkon al p\u00fablic internacional.<\/p>\t\t\t\t\t\t\t\t<\/div>\n\t\t\t\t<\/div>\n\t\t\t\t\t<\/div>\n\t\t\t\t<\/div>\n\t\t<div class=\"elementor-element elementor-element-iwgw-namarrkon-s5 e-flex e-con-boxed e-con e-parent\" data-id=\"iwgw-namarrkon-s5\" data-element_type=\"container\" data-e-type=\"container\">\n\t\t\t\t\t<div class=\"e-con-inner\">\n\t\t\t\t<div class=\"elementor-element elementor-element-iwgw-namarrkon-s5h elementor-widget elementor-widget-heading\" data-id=\"iwgw-namarrkon-s5h\" data-element_type=\"widget\" data-e-type=\"widget\" data-widget_type=\"heading.default\">\n\t\t\t\t\t<h2 class=\"elementor-heading-title elementor-size-default\">Pr\u00e0ctica de protecci\u00f3 i elements apotropaics<\/h2>\t\t\t\t<\/div>\n\t\t<div class=\"elementor-element elementor-element-iwgw-namarrkon-s5c e-con-full e-flex e-con e-child\" data-id=\"iwgw-namarrkon-s5c\" data-element_type=\"container\" data-e-type=\"container\">\n\t\t\t\t<div class=\"elementor-element elementor-element-iwgw-namarrkon-s5t elementor-widget elementor-widget-text-editor\" data-id=\"iwgw-namarrkon-s5t\" data-element_type=\"widget\" data-e-type=\"widget\" data-widget_type=\"text-editor.default\">\n\t\t\t\t\t\t\t\t\t<p>Descrit des de la ci\u00e8ncia de la religi\u00f3: les pr\u00e0ctiques apotropaiques dins del complex de Namarrkon tenen com a objectiu evitar els danys causats pels llamps durant la Wet Season. Estan prohibits: parlar en veu alta durant una tempesta, romandre sota arbres a\u00efllats i nedar en zones d&#8217;aigua obertes durant la tempesta.<\/p><p>Una pr\u00e0ctica de protecci\u00f3 especialment destacada \u00e9s evitar determinats jaciments d&#8217;art rupestre durant la Wet Season; no s&#8217;entra als gravats rupestres de Namarrkon quan ell est\u00e0 \u00abactiu\u00bb. Aquesta regla forma part de la pr\u00e0ctica aborigen m\u00e9s \u00e0mplia de tractar els llocs sagrats de manera diferenciada segons l&#8217;estaci\u00f3.<\/p><p>Des de la perspectiva etnogr\u00e0fica externa, aquestes pr\u00e0ctiques s\u00f3n normes que estructuren la vida quotidiana i que combinen la prud\u00e8ncia ecol\u00f2gica (protecci\u00f3 contra els llamps) amb la pr\u00e0ctica religiosa. Des de la fenomenologia de la religi\u00f3, es tracta d&#8217;un exemple cl\u00e0ssic de la \u00abfunci\u00f3 ecol\u00f2gica\u00bb dels tab\u00fas tradicionals.<\/p>\t\t\t\t\t\t\t\t<\/div>\n\t\t\t\t<\/div>\n\t\t\t\t\t<\/div>\n\t\t\t\t<\/div>\n\t\t<div class=\"elementor-element elementor-element-iwgw-namarrkon-s6 e-flex e-con-boxed e-con e-parent\" data-id=\"iwgw-namarrkon-s6\" data-element_type=\"container\" data-e-type=\"container\">\n\t\t\t\t\t<div class=\"e-con-inner\">\n\t\t\t\t<div class=\"elementor-element elementor-element-iwgw-namarrkon-s6h elementor-widget elementor-widget-heading\" data-id=\"iwgw-namarrkon-s6h\" data-element_type=\"widget\" data-e-type=\"widget\" data-widget_type=\"heading.default\">\n\t\t\t\t\t<h2 class=\"elementor-heading-title elementor-size-default\">Paral\u00b7lelismes en altres cultures<\/h2>\t\t\t\t<\/div>\n\t\t<div class=\"elementor-element elementor-element-iwgw-namarrkon-s6c e-con-full e-flex e-con e-child\" data-id=\"iwgw-namarrkon-s6c\" data-element_type=\"container\" data-e-type=\"container\">\n\t\t\t\t<div class=\"elementor-element elementor-element-iwgw-namarrkon-s6t elementor-widget elementor-widget-text-editor\" data-id=\"iwgw-namarrkon-s6t\" data-element_type=\"widget\" data-e-type=\"widget\" data-widget_type=\"text-editor.default\">\n\t\t\t\t\t\t\t\t\t<p>Les divinitats del tro estan documentades arreu del m\u00f3n des de la fenomenologia de la religi\u00f3. Comparables estructuralment s\u00f3n: Indra (v\u00e8dic), Thor (germ\u00e0nic), Zeus en la seva funci\u00f3 de d\u00e9u del tro (grec), J\u00fapiter Tonans (rom\u00e0), Shang\u00f3 (ioruba), Tl\u00e1loc (mesoameric\u00e0) i Raijin (japon\u00e8s). A Sib\u00e8ria, <a href=\"https:\/\/iwell-guard.com\/ca\/?page_id=171736\">Khormusta<\/a> \u00e9s t\u00edpicament af\u00ed en la seva funci\u00f3 relacionada amb el vajra.<\/p><p>El punt clau fenomenol\u00f2gic dels d\u00e9us del tro \u00e9s la seva doble funci\u00f3: porten la pluja que dona vida i, alhora, el llamp mortal. Namarrkon \u00e9s aqu\u00ed un exemple cl\u00e0ssic; la tradici\u00f3 kunwinjku reflecteix expl\u00edcitament aquesta doble naturalesa.<\/p><p>La vinculaci\u00f3 de Namarrkon amb la Wet Season mons\u00f2nica \u00e9s espec\u00edfica des del punt de vista de la hist\u00f2ria de les religions: el converteix en l&#8217;encarnaci\u00f3 del cicle clim\u00e0tic tropical del nord d&#8217;Austr\u00e0lia. En les tradicions abor\u00edgens m\u00e9s meridionals d&#8217;Austr\u00e0lia, aquesta especialitzaci\u00f3 no existeix; all\u00e0 els d\u00e9us del tro tenen menys protagonisme.<\/p>\t\t\t\t\t\t\t\t<\/div>\n\t\t\t\t<\/div>\n\t\t\t\t\t<\/div>\n\t\t\t\t<\/div>\n\t\t<div class=\"elementor-element elementor-element-iwgw-namarrkon-s7 e-flex e-con-boxed e-con e-parent\" data-id=\"iwgw-namarrkon-s7\" data-element_type=\"container\" data-e-type=\"container\">\n\t\t\t\t\t<div class=\"e-con-inner\">\n\t\t\t\t<div class=\"elementor-element elementor-element-iwgw-namarrkon-s7h elementor-widget elementor-widget-heading\" data-id=\"iwgw-namarrkon-s7h\" data-element_type=\"widget\" data-e-type=\"widget\" data-widget_type=\"heading.default\">\n\t\t\t\t\t<h2 class=\"elementor-heading-title elementor-size-default\">Recepci\u00f3 i investigaci\u00f3 actuals<\/h2>\t\t\t\t<\/div>\n\t\t<div class=\"elementor-element elementor-element-iwgw-namarrkon-s7c e-con-full e-flex e-con e-child\" data-id=\"iwgw-namarrkon-s7c\" data-element_type=\"container\" data-e-type=\"container\">\n\t\t\t\t<div class=\"elementor-element elementor-element-iwgw-namarrkon-s7t elementor-widget elementor-widget-text-editor\" data-id=\"iwgw-namarrkon-s7t\" data-element_type=\"widget\" data-e-type=\"widget\" data-widget_type=\"text-editor.default\">\n\t\t\t\t\t\t\t\t\t<p><span data-nosnippet>La font primerenca m\u00e9s important \u00e9s el llibre de Charles P. Mountford <em>Records of the American-Australian Scientific Expedition to Arnhem Land<\/em> (1956), vol. 1 (Art, Myth and Symbolism). Aquesta extensa documentaci\u00f3 cont\u00e9 molt material relacionat amb Namarrkon.<\/span><\/p><p><em>Aboriginal Art<\/em> de Howard Morphy (Phaidon 1998) i <em>Seeing the Inside<\/em> de Luke Taylor (1996) s\u00f3n els estudis contemporanis d&#8217;hist\u00f2ria de l&#8217;art m\u00e9s importants sobre la tradici\u00f3 de Namarrkon. Ambdues obres relacionen el material d&#8217;art rupestre amb la pr\u00e0ctica moderna de la pintura sobre escor\u00e7a.<\/p><p><em>Journey in Time<\/em> de George Chaloupka (1993) \u00e9s l&#8217;estudi m\u00e9s important sobre l&#8217;art rupestre de Kakadu, on Namarrkon hi apareix de manera destacada. La cronologia dels estils rupestres de Chaloupka \u00e9s avui l&#8217;est\u00e0ndard de refer\u00e8ncia.<\/p>\t\t\t\t\t\t\t\t<\/div>\n\t\t\t\t<\/div>\n\t\t\t\t\t<\/div>\n\t\t\t\t<\/div>\n\t\t<div class=\"elementor-element elementor-element-iwgw-namarrkon-s8 e-flex e-con-boxed e-con e-parent\" data-id=\"iwgw-namarrkon-s8\" data-element_type=\"container\" data-e-type=\"container\">\n\t\t\t\t\t<div class=\"e-con-inner\">\n\t\t\t\t<div class=\"elementor-element elementor-element-iwgw-namarrkon-s8h elementor-widget elementor-widget-heading\" data-id=\"iwgw-namarrkon-s8h\" data-element_type=\"widget\" data-e-type=\"widget\" data-widget_type=\"heading.default\">\n\t\t\t\t\t<h2 class=\"elementor-heading-title elementor-size-default\">Debats de recerca i q\u00fcestions obertes<\/h2>\t\t\t\t<\/div>\n\t\t<div class=\"elementor-element elementor-element-iwgw-namarrkon-s8c e-con-full e-flex e-con e-child\" data-id=\"iwgw-namarrkon-s8c\" data-element_type=\"container\" data-e-type=\"container\">\n\t\t\t\t<div class=\"elementor-element elementor-element-iwgw-namarrkon-s8t elementor-widget elementor-widget-text-editor\" data-id=\"iwgw-namarrkon-s8t\" data-element_type=\"widget\" data-e-type=\"widget\" data-widget_type=\"text-editor.default\">\n\t\t\t\t\t\t\t\t\t<p><span data-nosnippet>Diversos debats de recerca giren al voltant de Namarrkon. En primer lloc: quina antiguitat t\u00e9 la concepci\u00f3 de Namarrkon? Els gravats rupestres d&#8217;\u00abestil radiografia\u00bb s\u00f3n relativament recents (potser entre 2000 i 4000 anys); estils rupestres m\u00e9s antics mostren \u00e9ssers de tipus llampec afins tipol\u00f2gicament, per\u00f2 no necess\u00e0riament id\u00e8ntics.<\/span><\/p><p>En segon lloc: quina relaci\u00f3 t\u00e9 Namarrkon amb la Serp Arc de Sant Mart\u00ed (Rainbow Serpent)? En algunes narracions apareixen vinculats (Namarrkon com a \u00abserp llampec\u00bb); en altres, s\u00f3n \u00e9ssers clarament separats. Aquesta relaci\u00f3 varia segons la regi\u00f3.<\/p><p>En tercer lloc: com canvia la tradici\u00f3 de Namarrkon a causa del canvi clim\u00e0tic? La Wet Season mons\u00f2nica del nord d&#8217;Austr\u00e0lia experimenta cada vegada m\u00e9s anomalies, fet que afecta el significat religi\u00f3s de Namarrkon. La cr\u00edtica clim\u00e0tica ind\u00edgena incorpora cada vegada m\u00e9s aquest aspecte.<\/p>\t\t\t\t\t\t\t\t<\/div>\n\t\t\t\t<\/div>\n\t\t\t\t\t<\/div>\n\t\t\t\t<\/div>\n\t\t<div class=\"elementor-element elementor-element-iwgw-namarrkon-s9 e-flex e-con-boxed e-con e-parent\" data-id=\"iwgw-namarrkon-s9\" data-element_type=\"container\" data-e-type=\"container\">\n\t\t\t\t\t<div class=\"e-con-inner\">\n\t\t\t\t<div class=\"elementor-element elementor-element-iwgw-namarrkon-s9h elementor-widget elementor-widget-heading\" data-id=\"iwgw-namarrkon-s9h\" data-element_type=\"widget\" data-e-type=\"widget\" data-widget_type=\"heading.default\">\n\t\t\t\t\t<h2 class=\"elementor-heading-title elementor-size-default\">Namarrkon i el complex d'art rupestre de Kakadu<\/h2>\t\t\t\t<\/div>\n\t\t<div class=\"elementor-element elementor-element-iwgw-namarrkon-s9c e-con-full e-flex e-con e-child\" data-id=\"iwgw-namarrkon-s9c\" data-element_type=\"container\" data-e-type=\"container\">\n\t\t\t\t<div class=\"elementor-element elementor-element-iwgw-namarrkon-s9t elementor-widget elementor-widget-text-editor\" data-id=\"iwgw-namarrkon-s9t\" data-element_type=\"widget\" data-e-type=\"widget\" data-widget_type=\"text-editor.default\">\n\t\t\t\t\t\t\t\t\t<p><span data-nosnippet>La posici\u00f3 de Namarrkon dins el complex d&#8217;art rupestre de Kakadu mereix una aprofundiment. El Parc Nacional de Kakadu, Patrimoni Mundial de la UNESCO des de 1981, cont\u00e9 milers de gravats rupestres, dels quals diversos centenars representen Namarrkon. Aquesta concentraci\u00f3 fa de Kakadu l&#8217;arxiu visual m\u00e9s important de la tradici\u00f3 de Namarrkon.<\/span><\/p><p>George Chaloupka va presentar a <em>Journey in Time<\/em> (1993) un estudi exhaustiu de la tradici\u00f3 rupestre de Kakadu. La seva obra de refer\u00e8ncia es considera avui la font m\u00e9s important; cont\u00e9 descripcions detallades i datacions d&#8217;imatges de Namarrkon de diversos mil\u00b7lennis.<\/p><p>Un aspecte especialment interessant cient\u00edficament: els propietaris tradicionals (les actuals comunitats kunwinjku) continuen tenint cura dels gravats rupestres; alguns es \u00abrenoven\u00bb <span class=\"iwg-fachbegriff\" data-tooltip=\"Pertanyent a un procediment religi\u00f3s fixat.\" tabindex=\"0\">ritualment<\/span> (repintats). Aquesta cura forma part de la tradici\u00f3 viva de Namarrkon i no \u00e9s nom\u00e9s una conservaci\u00f3 arqueol\u00f2gica.<\/p>\t\t\t\t\t\t\t\t<\/div>\n\t\t\t\t<\/div>\n\t\t\t\t\t<\/div>\n\t\t\t\t<\/div>\n\t\t<div class=\"elementor-element elementor-element-iwgw-namarrkon-s10 e-flex e-con-boxed e-con e-parent\" data-id=\"iwgw-namarrkon-s10\" data-element_type=\"container\" data-e-type=\"container\">\n\t\t\t\t\t<div class=\"e-con-inner\">\n\t\t\t\t<div class=\"elementor-element elementor-element-iwgw-namarrkon-s10h elementor-widget elementor-widget-heading\" data-id=\"iwgw-namarrkon-s10h\" data-element_type=\"widget\" data-e-type=\"widget\" data-widget_type=\"heading.default\">\n\t\t\t\t\t<h2 class=\"elementor-heading-title elementor-size-default\">Namarrkon en la pintura sobre escor\u00e7a contempor\u00e0nia<\/h2>\t\t\t\t<\/div>\n\t\t<div class=\"elementor-element elementor-element-iwgw-namarrkon-s10c e-con-full e-flex e-con e-child\" data-id=\"iwgw-namarrkon-s10c\" data-element_type=\"container\" data-e-type=\"container\">\n\t\t\t\t<div class=\"elementor-element elementor-element-iwgw-namarrkon-s10t elementor-widget elementor-widget-text-editor\" data-id=\"iwgw-namarrkon-s10t\" data-element_type=\"widget\" data-e-type=\"widget\" data-widget_type=\"text-editor.default\">\n\t\t\t\t\t\t\t\t\t<p><span data-nosnippet>La tradici\u00f3 de pintura sobre escor\u00e7a de la regi\u00f3 kunwinjku ha rebut atenci\u00f3 internacional des dels anys 1950. Namarrkon \u00e9s un dels motius m\u00e9s freq\u00fcents d&#8217;aquesta tradici\u00f3. Artistes reconeguts com Bardayal \u00abLofty\u00bb Nadjamerrek (1926, 2009), Spider Namirrkki i John Mawurndjul han creat obres ic\u00f2niques de Namarrkon.<\/span><\/p><p>Howard Morphy ha mostrat en diversos assaigs com el pas de la pintura rupestre ritual a la pintura sobre escor\u00e7a comercialitzable ha transformat la funci\u00f3 religiosa sense falsificar la tradici\u00f3. Avui aquestes obres s&#8217;exposen en molts grans museus: el Mus\u00e9e du Quai Branly de Par\u00eds, el British Museum de Londres i la National Gallery of Australia de Canberra.<\/p><p>Des de la sociologia de la religi\u00f3, aquesta evoluci\u00f3 \u00e9s un exemple did\u00e0ctic: la religi\u00f3 ind\u00edgena es continua cultivant a trav\u00e9s de l&#8217;economia art\u00edstica sense perdre el seu car\u00e0cter religi\u00f3s. Les comunitats abor\u00edgens han desenvolupat mecanismes per gestionar aquesta doble funci\u00f3.<\/p>\t\t\t\t\t\t\t\t<\/div>\n\t\t\t\t<\/div>\n\t\t\t\t\t<\/div>\n\t\t\t\t<\/div>\n\t\t<div class=\"elementor-element elementor-element-iwgw-namarrkon-s11 e-flex e-con-boxed e-con e-parent\" data-id=\"iwgw-namarrkon-s11\" data-element_type=\"container\" data-e-type=\"container\">\n\t\t\t\t\t<div class=\"e-con-inner\">\n\t\t\t\t<div class=\"elementor-element elementor-element-iwgw-namarrkon-s11h elementor-widget elementor-widget-heading\" data-id=\"iwgw-namarrkon-s11h\" data-element_type=\"widget\" data-e-type=\"widget\" data-widget_type=\"heading.default\">\n\t\t\t\t\t<h2 class=\"elementor-heading-title elementor-size-default\">Reflexi\u00f3 metodol\u00f2gica i fonts<\/h2>\t\t\t\t<\/div>\n\t\t<div class=\"elementor-element elementor-element-iwgw-namarrkon-s11c e-con-full e-flex e-con e-child\" data-id=\"iwgw-namarrkon-s11c\" data-element_type=\"container\" data-e-type=\"container\">\n\t\t\t\t<div class=\"elementor-element elementor-element-iwgw-namarrkon-s11t elementor-widget elementor-widget-text-editor\" data-id=\"iwgw-namarrkon-s11t\" data-element_type=\"widget\" data-e-type=\"widget\" data-widget_type=\"text-editor.default\">\n\t\t\t\t\t\t\t\t\t<p>La recerca sobre Namarrkon planteja diversos problemes metodol\u00f2gics. En primer lloc: la dataci\u00f3 arqueol\u00f2gica de l&#8217;\u00abestil radiografia\u00bb \u00e9s controvertida; diferents m\u00e8todes donen resultats diferents. Encara no s&#8217;ha establert una cronologia de consens.<\/p><p>En segon lloc: molt del coneixement sobre Namarrkon no \u00e9s \u00abrestringit\u00bb en el sentit m\u00e9s estricte, per\u00f2 est\u00e0 profundament arrelat a la pr\u00e0ctica local. Cal un treball respectu\u00f3s amb les fonts, consensuat amb els propietaris tradicionals.<\/p><p>En tercer lloc: la perspectiva de la hist\u00f2ria de l&#8217;art i la de l&#8217;antropologia de la religi\u00f3 sobre Namarrkon haurien de col\u00b7laborar. Ambdues disciplines tenen els seus punts forts; un tractament a\u00efllat no fa just\u00edcia a la profunditat de la tradici\u00f3 de Namarrkon.<\/p><p>Qui vulgui estudiar el complex de Namarrkon en tota la seva amplitud trobar\u00e0 a la p\u00e0gina de resum <a href=\"https:\/\/iwell-guard.com\/ca\/australia-aborigen-dreamtime-tjukurpa-objectes-proteccio\/\">Tradici\u00f3 aborigen<\/a> les remissions m\u00e9s importants a figures relacionades com la <a href=\"https:\/\/iwell-guard.com\/ca\/?page_id=171741\">Serp Arc de Sant Mart\u00ed<\/a>, els <a href=\"https:\/\/iwell-guard.com\/ca\/?page_id=171747\">esperits Mimi<\/a> i <a href=\"https:\/\/iwell-guard.com\/ca\/?page_id=171742\">Wandjina<\/a>.<\/p>\t\t\t\t\t\t\t\t<\/div>\n\t\t\t\t<\/div>\n\t\t\t\t\t<\/div>\n\t\t\t\t<\/div>\n\t\t<div class=\"elementor-element elementor-element-iwgw-namarrkon-s12 e-flex e-con-boxed e-con e-parent\" data-id=\"iwgw-namarrkon-s12\" data-element_type=\"container\" data-e-type=\"container\">\n\t\t\t\t\t<div class=\"e-con-inner\">\n\t\t\t\t<div class=\"elementor-element elementor-element-iwgw-namarrkon-s12h elementor-widget elementor-widget-heading\" data-id=\"iwgw-namarrkon-s12h\" data-element_type=\"widget\" data-e-type=\"widget\" data-widget_type=\"heading.default\">\n\t\t\t\t\t<h2 class=\"elementor-heading-title elementor-size-default\">Namarrkon i l'estatus de Patrimoni Mundial de la UNESCO a Kakadu<\/h2>\t\t\t\t<\/div>\n\t\t<div class=\"elementor-element elementor-element-iwgw-namarrkon-s12c e-con-full e-flex e-con e-child\" data-id=\"iwgw-namarrkon-s12c\" data-element_type=\"container\" data-e-type=\"container\">\n\t\t\t\t<div class=\"elementor-element elementor-element-iwgw-namarrkon-s12t elementor-widget elementor-widget-text-editor\" data-id=\"iwgw-namarrkon-s12t\" data-element_type=\"widget\" data-e-type=\"widget\" data-widget_type=\"text-editor.default\">\n\t\t\t\t\t\t\t\t\t<p><span data-nosnippet>El Parc Nacional de Kakadu \u00e9s Patrimoni Mundial de la UNESCO des de 1981, tant per la seva riquesa natural com per la seva profunditat cultural. Les pintures rupestres, en les quals Namarrkon apareix de forma destacada, s\u00f3n part central d&#8217;aquest reconeixement de la UNESCO.<\/span><\/p><p>Aquest reconeixement internacional t\u00e9 conseq\u00fc\u00e8ncies ambivalents. D&#8217;una banda, garanteix la conservaci\u00f3 dels jaciments de pintures rupestres; de l&#8217;altra, els transforma en \u00abobjectes de Patrimoni Mundial\u00bb, el qual cosa altera la pr\u00e0ctica religiosa mateixa. Els propietaris tradicionals (Bininj\/Mungguy) gestionen avui el parc conjuntament amb el govern australi\u00e0.<\/p><p>Des de la sociologia de la religi\u00f3, Kakadu \u00e9s un exemple paradigm\u00e0tic de l&#8217;entrella\u00e7ament contemporani entre religi\u00f3 ind\u00edgena, conservaci\u00f3 de la natura, turisme i protecci\u00f3 internacional del patrimoni cultural. Aquest entrella\u00e7ament guanyar\u00e0 encara m\u00e9s import\u00e0ncia en les properes d\u00e8cades.<\/p>\t\t\t\t\t\t\t\t<\/div>\n\t\t\t\t<\/div>\n\t\t\t\t\t<\/div>\n\t\t\t\t<\/div>\n\t\t<div class=\"elementor-element elementor-element-iwgw-namarrkon-s13 e-flex e-con-boxed e-con e-parent\" data-id=\"iwgw-namarrkon-s13\" data-element_type=\"container\" data-e-type=\"container\">\n\t\t\t\t\t<div class=\"e-con-inner\">\n\t\t\t\t<div class=\"elementor-element elementor-element-iwgw-namarrkon-s13h elementor-widget elementor-widget-heading\" data-id=\"iwgw-namarrkon-s13h\" data-element_type=\"widget\" data-e-type=\"widget\" data-widget_type=\"heading.default\">\n\t\t\t\t\t<h2 class=\"elementor-heading-title elementor-size-default\">Namarrkon i el canvi clim\u00e0tic al Top End<\/h2>\t\t\t\t<\/div>\n\t\t<div class=\"elementor-element elementor-element-iwgw-namarrkon-s13c e-con-full e-flex e-con e-child\" data-id=\"iwgw-namarrkon-s13c\" data-element_type=\"container\" data-e-type=\"container\">\n\t\t\t\t<div class=\"elementor-element elementor-element-iwgw-namarrkon-s13t elementor-widget elementor-widget-text-editor\" data-id=\"iwgw-namarrkon-s13t\" data-element_type=\"widget\" data-e-type=\"widget\" data-widget_type=\"text-editor.default\">\n\t\t\t\t\t\t\t\t\t<p>Una perspectiva de recerca actual relaciona la tradici\u00f3 de Namarrkon amb les conseq\u00fc\u00e8ncies del canvi clim\u00e0tic per a les comunitats abor\u00edgens del Top End. El cicle mons\u00f2nic de l&#8217;estaci\u00f3 humida, central per a la regi\u00f3 tant econ\u00f2micament com ecol\u00f2gicament i religiosament, presenta cada vegada m\u00e9s anomalies.<\/p><p>Patrons de pluges alterats, augment del nivell del mar (que amena\u00e7a els jaciments costaners de pintures rupestres), fen\u00f2mens meteorol\u00f2gics extrems m\u00e9s freq\u00fcents: tot aix\u00f2 afecta directament la tradici\u00f3 de Namarrkon. La cr\u00edtica clim\u00e0tica ind\u00edgena incorpora cada vegada m\u00e9s aquests aspectes.<\/p><p>Des de l&#8217;antropologia de la religi\u00f3, aquest gir resulta interessant. Una tradici\u00f3 religiosa entrella\u00e7ada des de fa mil\u00b7lennis amb el cicle mons\u00f2nic entra ara en una tensi\u00f3 nova a causa del canvi clim\u00e0tic antropog\u00e8nic. Investigadors com Tyson Yunkaporta i Marcia Langton han conceptualitzat aquesta tensi\u00f3 com a \u00ab<span class=\"iwg-fachbegriff\" data-tooltip=\"La doctrina cient\u00edfica sobre D\u00e9u i sobre la creen\u00e7a d'una religi\u00f3.\" tabindex=\"0\">teologia<\/span> clim\u00e0tica ind\u00edgena\u00bb.<\/p>\t\t\t\t\t\t\t\t<\/div>\n\t\t\t\t<\/div>\n\t\t\t\t\t<\/div>\n\t\t\t\t<\/div>\n\t\t<div class=\"elementor-element elementor-element-iwgw-namarrkon-s14 e-flex e-con-boxed e-con e-parent\" data-id=\"iwgw-namarrkon-s14\" data-element_type=\"container\" data-e-type=\"container\">\n\t\t\t\t\t<div class=\"e-con-inner\">\n\t\t\t\t<div class=\"elementor-element elementor-element-iwgw-namarrkon-s14h elementor-widget elementor-widget-heading\" data-id=\"iwgw-namarrkon-s14h\" data-element_type=\"widget\" data-e-type=\"widget\" data-widget_type=\"heading.default\">\n\t\t\t\t\t<h2 class=\"elementor-heading-title elementor-size-default\">Namarrkon i l'astronomia aborigen<\/h2>\t\t\t\t<\/div>\n\t\t<div class=\"elementor-element elementor-element-iwgw-namarrkon-s14c e-con-full e-flex e-con e-child\" data-id=\"iwgw-namarrkon-s14c\" data-element_type=\"container\" data-e-type=\"container\">\n\t\t\t\t<div class=\"elementor-element elementor-element-iwgw-namarrkon-s14t elementor-widget elementor-widget-text-editor\" data-id=\"iwgw-namarrkon-s14t\" data-element_type=\"widget\" data-e-type=\"widget\" data-widget_type=\"text-editor.default\">\n\t\t\t\t\t\t\t\t\t<p>Mereix una an\u00e0lisi m\u00e9s aprofundida l&#8217;arrelament astron\u00f2mic de Namarrkon en el cel estelat aborigen. En les tradicions kunwinjku, Namarrkon s&#8217;identifica amb determinades estrelles o constel\u00b7lacions estel\u00b7lars que apareixen al cel a l&#8217;inici de l&#8217;estaci\u00f3 humida.<\/p><p>L&#8217;astronomia aborigen dels grups del Top End s&#8217;ha convertit en les darreres d\u00e8cades en un camp de recerca propi. Duane Hamacher i altres han demostrat que les observacions astron\u00f2miques tradicionals s\u00f3n sorprenentment precises i coincideixen amb les observacions cient\u00edfiques modernes.<\/p><p>Des de la fenomenologia de la religi\u00f3, aquest arrelament astron\u00f2mic resulta important. Namarrkon no \u00e9s nom\u00e9s una figura religiosa, sin\u00f3 una constant cosmol\u00f2gica. Ell \u00abs&#8217;anuncia\u00bb mitjan\u00e7ant determinades constel\u00b7lacions estel\u00b7lars; les pr\u00e0ctiques rituals segueixen aquest calendari astron\u00f2mic.<\/p>\t\t\t\t\t\t\t\t<\/div>\n\t\t\t\t<\/div>\n\t\t\t\t\t<\/div>\n\t\t\t\t<\/div>\n\t\t<div class=\"elementor-element elementor-element-iwgw-namarrkon-s15 e-flex e-con-boxed e-con e-parent\" data-id=\"iwgw-namarrkon-s15\" data-element_type=\"container\" data-e-type=\"container\">\n\t\t\t\t\t<div class=\"e-con-inner\">\n\t\t\t\t<div class=\"elementor-element elementor-element-iwgw-namarrkon-s15h elementor-widget elementor-widget-heading\" data-id=\"iwgw-namarrkon-s15h\" data-element_type=\"widget\" data-e-type=\"widget\" data-widget_type=\"heading.default\">\n\t\t\t\t\t<h2 class=\"elementor-heading-title elementor-size-default\">Namarrkon i el pla de gesti\u00f3 conjunta de Kakadu<\/h2>\t\t\t\t<\/div>\n\t\t<div class=\"elementor-element elementor-element-iwgw-namarrkon-s15c e-con-full e-flex e-con e-child\" data-id=\"iwgw-namarrkon-s15c\" data-element_type=\"container\" data-e-type=\"container\">\n\t\t\t\t<div class=\"elementor-element elementor-element-iwgw-namarrkon-s15t elementor-widget elementor-widget-text-editor\" data-id=\"iwgw-namarrkon-s15t\" data-element_type=\"widget\" data-e-type=\"widget\" data-widget_type=\"text-editor.default\">\n\t\t\t\t\t\t\t\t\t<p>El Parc Nacional de Kakadu es gestiona des de 1976 mitjan\u00e7ant un pla de gesti\u00f3 conjunta entre els propietaris tradicionals (Bininj\/Mungguy) i el govern australi\u00e0. Aquesta estructura de gesti\u00f3 \u00e9s una de les primeres del seu tipus al m\u00f3n; s&#8217;ha convertit en model per a estructures similars en altres llocs.<\/p><p>El pla inclou la cura dels jaciments de pintures rupestres, tamb\u00e9 les imatges de Namarrkon, seguint regles tradicionals. El repintat es realitza sota supervisi\u00f3 dels propietaris tradicionals; les rutes tur\u00edstiques estan planificades de manera que es protegeixin els jaciments sensibles.<\/p><p>Des de la sociologia de la religi\u00f3, Kakadu \u00e9s un exemple paradigm\u00e0tic de la integraci\u00f3 de la religi\u00f3 ind\u00edgena en estructures de gesti\u00f3 modernes. Namarrkon \u00e9s aqu\u00ed alhora figura religiosa i punt de refer\u00e8ncia administratiu. Aquesta doble funci\u00f3 transforma la religi\u00f3 mateixa, un fenomen que cal analitzar amb cura des de l&#8217;antropologia de la religi\u00f3.<\/p>\t\t\t\t\t\t\t\t<\/div>\n\t\t\t\t<\/div>\n\t\t\t\t\t<\/div>\n\t\t\t\t<\/div>\n\t\t<div class=\"elementor-element elementor-element-iwgw-namarrkon-s16 e-flex e-con-boxed e-con e-parent\" data-id=\"iwgw-namarrkon-s16\" data-element_type=\"container\" data-e-type=\"container\">\n\t\t\t\t\t<div class=\"e-con-inner\">\n\t\t\t\t<div class=\"elementor-element elementor-element-iwgw-namarrkon-s16h elementor-widget elementor-widget-heading\" data-id=\"iwgw-namarrkon-s16h\" data-element_type=\"widget\" data-e-type=\"widget\" data-widget_type=\"heading.default\">\n\t\t\t\t\t<h2 class=\"elementor-heading-title elementor-size-default\">Namarrkon i el coneixement aborigen del temps<\/h2>\t\t\t\t<\/div>\n\t\t<div class=\"elementor-element elementor-element-iwgw-namarrkon-s16c e-con-full e-flex e-con e-child\" data-id=\"iwgw-namarrkon-s16c\" data-element_type=\"container\" data-e-type=\"container\">\n\t\t\t\t<div class=\"elementor-element elementor-element-iwgw-namarrkon-s16t elementor-widget elementor-widget-text-editor\" data-id=\"iwgw-namarrkon-s16t\" data-element_type=\"widget\" data-e-type=\"widget\" data-widget_type=\"text-editor.default\">\n\t\t\t\t\t\t\t\t\t<p>Mereix una an\u00e0lisi etnol\u00f2gica interessant la connexi\u00f3 entre Namarrkon i el coneixement aborigen del temps meteorol\u00f2gic. Els abor\u00edgens del Top End coneixen un calendari estacional de sis parts, molt m\u00e9s diferenciat que el calendari occidental de quatre estacions.<\/p><p>Entre els kunwinjku es distingeix: <em>Gunumeleng<\/em> (previ al mons\u00f3), <em>Gudjewg<\/em> (mons\u00f3), <em>Banggerreng<\/em> (final de les tempestes), <em>Yegge<\/em> (temporada de transici\u00f3 freda), <em>Wurrgeng<\/em> (estaci\u00f3 seca freda), <em>Gurrung<\/em> (estaci\u00f3 seca calenta). Namarrkon est\u00e0 vinculat a Gunumeleng i Gudjewg.<\/p><p>Aquesta classificaci\u00f3 meteorol\u00f2gica de precisi\u00f3 fina \u00e9s un exemple extraordinari de coneixement ecol\u00f2gic ind\u00edgena. Uneix observaci\u00f3, religi\u00f3 i organitzaci\u00f3 pr\u00e0ctica de la vida en una forma integrada. Tamb\u00e9 aqu\u00ed Namarrkon transcendeix \u00e0mpliament el paper de figura \u00abpurament\u00bb religiosa: forma part d&#8217;una ecologia del coneixement molt m\u00e9s \u00e0mplia.<\/p>\t\t\t\t\t\t\t\t<\/div>\n\t\t\t\t<\/div>\n\t\t\t\t\t<\/div>\n\t\t\t\t<\/div>\n\t\t<div class=\"elementor-element elementor-element-iwgw-namarrkon-s17 e-flex e-con-boxed e-con e-parent\" data-id=\"iwgw-namarrkon-s17\" data-element_type=\"container\" data-e-type=\"container\">\n\t\t\t\t\t<div class=\"e-con-inner\">\n\t\t\t\t<div class=\"elementor-element elementor-element-iwgw-namarrkon-s17h elementor-widget elementor-widget-heading\" data-id=\"iwgw-namarrkon-s17h\" data-element_type=\"widget\" data-e-type=\"widget\" data-widget_type=\"heading.default\">\n\t\t\t\t\t<h2 class=\"elementor-heading-title elementor-size-default\">Namarrkon i l'associaci\u00f3 d'artistes de Maningrida<\/h2>\t\t\t\t<\/div>\n\t\t<div class=\"elementor-element elementor-element-iwgw-namarrkon-s17c e-con-full e-flex e-con e-child\" data-id=\"iwgw-namarrkon-s17c\" data-element_type=\"container\" data-e-type=\"container\">\n\t\t\t\t<div class=\"elementor-element elementor-element-iwgw-namarrkon-s17t elementor-widget elementor-widget-text-editor\" data-id=\"iwgw-namarrkon-s17t\" data-element_type=\"widget\" data-e-type=\"widget\" data-widget_type=\"text-editor.default\">\n\t\t\t\t\t\t\t\t\t<p>L&#8217;associaci\u00f3 d&#8217;artistes de Maningrida (Maningrida Arts and Culture) \u00e9s un dels centres m\u00e9s importants de l&#8217;art aborigen contemporani del nord d&#8217;Austr\u00e0lia. Representa diversos centenars d&#8217;artistes de diferents grups ling\u00fc\u00edstics de la regi\u00f3. Els motius de Namarrkon formen part del repertori habitual d&#8217;aquestes artistes i artistes.<\/p><p>L&#8217;associaci\u00f3 resulta interessant des de la sociologia de la religi\u00f3 perqu\u00e8 combina pr\u00e0ctica tradicional i comercialitzaci\u00f3 moderna. Els artistes reben preus justos per les seves obres; l&#8217;associaci\u00f3 garanteix continu\u00eftat cultural i sostenibilitat econ\u00f2mica. Aquesta doble funci\u00f3 s&#8217;ha convertit en model per a iniciatives similars en altres llocs.<\/p><p>Des de l&#8217;antropologia de la religi\u00f3, aix\u00f2 mostra un mode contemporani de religi\u00f3 ind\u00edgena: sobreviu mitjan\u00e7ant la tradici\u00f3 i, igualment, mitjan\u00e7ant la innovaci\u00f3. Namarrkon no pertany a un passat clos, sin\u00f3 que \u00e9s una realitat religiosa cont\u00ednuament reinterpretada en la regi\u00f3 de Maningrida.<\/p>\t\t\t\t\t\t\t\t<\/div>\n\t\t\t\t<\/div>\n\t\t\t\t\t<\/div>\n\t\t\t\t<\/div>\n\t\t<div class=\"elementor-element elementor-element-cp20809a4c e-flex e-con-boxed e-con e-parent\" data-id=\"cp20809a4c\" data-element_type=\"container\" data-e-type=\"container\">\n\t\t\t\t\t<div class=\"e-con-inner\">\n\t\t\t\t<div class=\"elementor-element elementor-element-cp210b3415 elementor-widget elementor-widget-heading\" data-id=\"cp210b3415\" data-element_type=\"widget\" data-e-type=\"widget\" data-widget_type=\"heading.default\">\n\t\t\t\t\t<h2 class=\"elementor-heading-title elementor-size-default\">La cigala que anuncia el tro: Namarrkon en el cicle anual de la Terra d'Arnhem<\/h2>\t\t\t\t<\/div>\n\t\t<div class=\"elementor-element elementor-element-cp21efe7cf e-flex e-con-boxed e-con e-child\" data-id=\"cp21efe7cf\" data-element_type=\"container\" data-e-type=\"container\">\n\t\t\t\t\t<div class=\"e-con-inner\">\n\t\t\t\t<div class=\"elementor-element elementor-element-cp2e05b38b elementor-widget elementor-widget-text-editor\" data-id=\"cp2e05b38b\" data-element_type=\"widget\" data-e-type=\"widget\" data-widget_type=\"text-editor.default\">\n\t\t\t\t\t\t\t\t\t<p>L&#8217;home del llamp <em>Namarrkon<\/em>, escrit tamb\u00e9 <em>Namarrgon<\/em>, est\u00e0 estretament vinculat, en la <span class=\"iwg-fachbegriff\" data-tooltip=\"La transmissi\u00f3 de coneixements i relats al llarg de generacions.\" tabindex=\"0\">tradici\u00f3<\/span> del Arnhem Land occidental, a un proc\u00e9s natural observat amb detall. A difer\u00e8ncia d&#8217;un d\u00e9u del temps abstracte, Namarrkon est\u00e0 vinculat a un esdeveniment estacional concret, que els parlants del kunwinjku i de lleng\u00fces ve\u00efnes registren en un calendari estacional diferenciat.<\/p><p>Aquest calendari coneix fins a sis estacions en lloc de dues o quatre. Estan lligades al vent, la humitat, les \u00e8poques de floraci\u00f3 i el comportament dels animals.<\/p><p>En aquest sistema s&#8217;inclou el vincle entre Namarrkon i una determinada cigala, anomenada en la regi\u00f3 <em>cigala saltamart\u00ed de Leichhardt<\/em> i que en les lleng\u00fces locals t\u00e9 un nom propi. Aquest insecte de colors lluents apareix cap al final de l&#8217;estaci\u00f3 seca, poc abans que comencin les primeres tempestes fortes de la propera estaci\u00f3 humida.<\/p><p>En la <span class=\"iwg-fachbegriff\" data-tooltip=\"La transmissi\u00f3 de coneixements i relats al llarg de generacions.\" tabindex=\"0\">tradici\u00f3<\/span>, la cigala \u00e9s considerada filla o missatgera de l&#8217;home del llamp. La seva aparici\u00f3 anuncia que Namarrkon tornar\u00e0 a estar actiu ben aviat, que tornaran els trons i els llamps, i que cal comen\u00e7ar la preparaci\u00f3 per a l&#8217;estaci\u00f3 humida. Aix\u00ed, la figura explica la tempesta i alhora forma part d&#8217;un cos de coneixement pr\u00e0ctic que estructura l&#8217;any.<\/p><p>El mateix Namarrkon \u00e9s representat en els relats i en l&#8217;art rupestre amb destrals de pedra situades als seus colzes i genolls, amb les quals fa tronar els n\u00favols i fa esclatar la terra.<\/p><p>Una franja lluminosa que l&#8217;envolta s&#8217;interpreta com el llamp. Una representaci\u00f3 pintada coneguda d&#8217;aquesta figura es troba en una paret rocosa a l&#8217;actual Parc Nacional de Kakadu i \u00e9s un dels llocs d&#8217;art rupestre m\u00e9s visitats d&#8217;Austr\u00e0lia, cosa que planteja q\u00fcestions pr\u00f2pies sobre protecci\u00f3 i tracte adequat.<\/p><p>\u00c9s important, per a una descripci\u00f3 precisa, tenir en compte que la connexi\u00f3 entre la cigala, l&#8217;inici de les tempestes i l&#8217;home del llamp forma part de la <span class=\"iwg-fachbegriff\" data-tooltip=\"La transmissi\u00f3 de coneixements i relats al llarg de generacions.\" tabindex=\"0\">tradici\u00f3<\/span> oral dels propietaris tradicionals, no una interpretaci\u00f3 imposada des de fora, i ha estat documentada en treballs etnogr\u00e0fics sobre el coneixement natural de l&#8217;Arnhem Land.<\/p><p>Aix\u00f2 mostra que la figura de Namarrkon \u00e9s la forma religiosa d&#8217;una observaci\u00f3 precisa de la natura, i que en cap cas s&#8217;hi oposa. La predicci\u00f3 estacional i el relat m\u00edtic s\u00f3n, en aquesta tradici\u00f3, dues cares d&#8217;un mateix coneixement.<\/p>\t\t\t\t\t\t\t\t<\/div>\n\t\t\t\t\t<\/div>\n\t\t\t\t<\/div>\n\t\t\t\t\t<\/div>\n\t\t\t\t<\/div>\n\t\t<div class=\"elementor-element elementor-element-iwgw-namarrkon-lit e-flex e-con-boxed e-con e-parent\" data-id=\"iwgw-namarrkon-lit\" data-element_type=\"container\" data-e-type=\"container\">\n\t\t\t\t\t<div class=\"e-con-inner\">\n\t\t\t\t<div class=\"elementor-element elementor-element-iwgw-namarrkon-lith elementor-widget elementor-widget-heading\" data-id=\"iwgw-namarrkon-lith\" data-element_type=\"widget\" data-e-type=\"widget\" data-widget_type=\"heading.default\">\n\t\t\t\t\t<h2 class=\"elementor-heading-title elementor-size-default\">Bibliografia (selecci\u00f3)<\/h2>\t\t\t\t<\/div>\n\t\t<div class=\"elementor-element elementor-element-iwgw-namarrkon-litc e-con-full e-flex e-con e-child\" data-id=\"iwgw-namarrkon-litc\" data-element_type=\"container\" data-e-type=\"container\">\n\t\t\t\t<div class=\"elementor-element elementor-element-iwgw-namarrkon-litt elementor-widget elementor-widget-text-editor\" data-id=\"iwgw-namarrkon-litt\" data-element_type=\"widget\" data-e-type=\"widget\" data-widget_type=\"text-editor.default\">\n\t\t\t\t\t\t\t\t\t<ul><li>Howard Morphy: <em>Aboriginal Art<\/em> (Phaidon 1998)<\/li><li>Luke Taylor: <em>Seeing the Inside<\/em> (1996)<\/li><li>Charles P. Mountford: <em>Records of the American-Australian Scientific Expedition<\/em> (1956)<\/li><li><span data-nosnippet>Ronald M. Berndt &#038; Catherine H. Berndt: <em>Man, Land and Myth<\/em> (1970)<\/span><\/li><li>George Chaloupka: <em>Journey in Time<\/em> (1993)<\/li><li>Tony Swain: <em>A Place for Strangers<\/em> (1993)<\/li><li>Lynne Hume: <em>Ancestral Power<\/em> (2002)<\/li><\/ul>\t\t\t\t\t\t\t\t<\/div>\n\t\t\t\t<\/div>\n\t\t\t\t\t<\/div>\n\t\t\t\t<\/div>\n\t\t<div class=\"elementor-element elementor-element-iwgkw-add-namarrkon e-flex e-con-boxed e-con e-parent\" data-id=\"iwgkw-add-namarrkon\" data-element_type=\"container\" data-e-type=\"container\">\n\t\t\t\t\t<div class=\"e-con-inner\">\n\t\t\t\t<div class=\"elementor-element elementor-element-iwgkw-add-namarrkon-t elementor-widget elementor-widget-text-editor\" data-id=\"iwgkw-add-namarrkon-t\" data-element_type=\"widget\" data-e-type=\"widget\" data-widget_type=\"text-editor.default\">\n\t\t\t\t\t\t\t\t\t<p>Namarrkon \u00e9s el creador del llamp i el tro en la tradici\u00f3 aborigen del West Arnhem <em>Land<\/em>, al nord d&#8217;Austr\u00e0lia. En el llenguatge visual de les pintures rupestres de la regi\u00f3 de Kakadu, apareix com una figura d&#8217;aspecte hum\u00e0 amb destrals de pedra als colzes i als genolls, amb les quals esquerda els n\u00favols. La seva acci\u00f3 est\u00e0 estretament lligada a la temporada mons\u00f2nica humida, entre octubre i mar\u00e7.<\/p>\t\t\t\t\t\t\t\t<\/div>\n\t\t\t\t\t<\/div>\n\t\t\t\t<\/div>\n\t\t<div class=\"elementor-element elementor-element-iwgkw2-add-namarrkon e-flex e-con-boxed e-con e-parent\" data-id=\"iwgkw2-add-namarrkon\" data-element_type=\"container\" data-e-type=\"container\">\n\t\t\t\t\t<div class=\"e-con-inner\">\n\t\t\t\t<div class=\"elementor-element elementor-element-iwgkw2-add-namarrkon-t elementor-widget elementor-widget-text-editor\" data-id=\"iwgkw2-add-namarrkon-t\" data-element_type=\"widget\" data-e-type=\"widget\" data-widget_type=\"text-editor.default\">\n\t\t\t\t\t\t\t\t\t<p>Com a <em>esperit del llamp<\/em> del West Arnhem Land, Namarrkon colpeja els n\u00favols amb destrals de pedra als genolls i als colzes; les <em>fonts<\/em> orals dels kunwinjku el vinculen amb la temporada mons\u00f2nica i amb les pintures rupestres de la regi\u00f3 de Kakadu.<\/p>\t\t\t\t\t\t\t\t<\/div>\n\t\t\t\t\t<\/div>\n\t\t\t\t<\/div>\n\t\t<div class=\"elementor-element elementor-element-iwgw-namarrkon-kwd e-flex e-con-boxed e-con e-parent\" data-id=\"iwgw-namarrkon-kwd\" data-element_type=\"container\" data-e-type=\"container\">\n\t\t\t\t\t<div class=\"e-con-inner\">\n\t\t<div class=\"elementor-element elementor-element-iwgw-namarrkon-kwdc e-con-full e-flex e-con e-child\" data-id=\"iwgw-namarrkon-kwdc\" data-element_type=\"container\" data-e-type=\"container\">\n\t\t\t\t<div class=\"elementor-element elementor-element-iwgw-namarrkon-kwdt elementor-widget elementor-widget-text-editor\" data-id=\"iwgw-namarrkon-kwdt\" data-element_type=\"widget\" data-e-type=\"widget\" data-widget_type=\"text-editor.default\">\n\t\t\t\t\t\t\t\t\t<p><em>Termes clau relacionats: Namarrkon Kunwinjku Arnhem Land Llamp Wet Season Pintures rupestres.<\/em><\/p>\t\t\t\t\t\t\t\t<\/div>\n\t\t\t\t<\/div>\n\t\t\t\t\t<\/div>\n\t\t\t\t<\/div>\n\t\t<div class=\"elementor-element elementor-element-iwgw-namarrkon-cc e-flex e-con-boxed e-con e-parent\" data-id=\"iwgw-namarrkon-cc\" data-element_type=\"container\" data-e-type=\"container\" id=\"iwg-cc-namarrkon\">\n\t\t\t\t\t<div class=\"e-con-inner\">\n\t\t<div class=\"elementor-element elementor-element-iwgw-namarrkon-ccinner e-flex e-con-boxed e-con e-parent\" data-id=\"iwgw-namarrkon-ccinner\" data-element_type=\"container\" data-e-type=\"container\" data-settings=\"{&quot;background_background&quot;:&quot;classic&quot;}\">\n\t\t\t\t\t<div class=\"e-con-inner\">\n\t\t\t\t<div class=\"elementor-element elementor-element-iwgw-namarrkon-cch elementor-widget elementor-widget-heading\" data-id=\"iwgw-namarrkon-cch\" data-element_type=\"widget\" data-e-type=\"widget\" data-widget_type=\"heading.default\">\n\t\t\t\t\t<h2 class=\"elementor-heading-title elementor-size-default\">iWell Guard i tradicions de protecci\u00f3<\/h2>\t\t\t\t<\/div>\n\t\t\t\t<div class=\"elementor-element elementor-element-iwgw-namarrkon-cct elementor-widget elementor-widget-text-editor\" data-id=\"iwgw-namarrkon-cct\" data-element_type=\"widget\" data-e-type=\"widget\" data-widget_type=\"text-editor.default\">\n\t\t\t\t\t\t\t\t\t<div data-nosnippet=\"true\"><p>iWell Guard s&#8217;inspira en la tradici\u00f3 cultural i hist\u00f2rica dels objectes de protecci\u00f3 port\u00e0tils, seguint la tradici\u00f3 dels <a href=\"https:\/\/iwell-guard.com\/ca\/australia-aborigen-dreamtime-tjukurpa-objectes-proteccio\/\">abor\u00edgens australians<\/a> i de moltes altres cultures d&#8217;arreu del m\u00f3n. 41 capes, or aut\u00e8ntic, plat\u00ed, plata, fabricat a Alemanya. Dret de devoluci\u00f3 de 30 dies.<\/p><\/div>\t\t\t\t\t\t\t\t<\/div>\n\t\t\t\t<div class=\"elementor-element elementor-element-iwgw-namarrkon-ccb iwg-cc-button iwg-cc-cta-2026-05-13 elementor-widget elementor-widget-jet-button\" data-id=\"iwgw-namarrkon-ccb\" data-element_type=\"widget\" data-e-type=\"widget\" data-widget_type=\"jet-button.default\">\n\t\t\t\t<div class=\"elementor-widget-container\">\n\t\t\t\t\t<div class=\"elementor-jet-button jet-elements\"><div class=\"jet-button__container\"><a class=\"jet-button__instance jet-button__instance--icon-left hover-effect-1\" href=\"\/ueber-iwell-guard\/?utm_source=iwell-guard.com&amp;utm_medium=info-box&amp;utm_campaign=wesen-tradition\"><div class=\"jet-button__plane jet-button__plane-normal\"><\/div><div class=\"jet-button__plane jet-button__plane-hover\"><\/div><div class=\"jet-button__state jet-button__state-normal\"><span class=\"jet-button__label\">M\u00e9s informaci\u00f3 sobre l'iWell Guard<\/span><\/div><div class=\"jet-button__state jet-button__state-hover\"><span class=\"jet-button__label\">M\u00e9s informaci\u00f3 sobre l'iWell Guard<\/span><\/div><\/a><\/div><\/div><style>.elementor-element.elementor-element-iwgw-namarrkon-ccb .jet-button__instance{width:320px;height:56px;}.elementor-element.elementor-element-iwgw-namarrkon-ccb .jet-button__state-normal .jet-button__label{text-align:center;margin:0px 0px 0px 0px;color:#1a1b20;font-family:Montserrat,sans-serif;font-size:13px;font-weight:400;letter-spacing:4px;line-height:1.714em;text-transform:uppercase;}.elementor-element.elementor-element-iwgw-namarrkon-ccb .jet-button__state-hover .jet-button__label{text-align:center;margin:0px 0px 0px 0px;color:#FECC76;font-family:Montserrat,sans-serif;font-size:13px;font-weight:400;letter-spacing:4px;line-height:1.714em;text-transform:uppercase;}.elementor-element.elementor-element-iwgw-namarrkon-ccb .jet-button__plane-normal{background-color:#FECC76;border-style:solid;border-color:#C99540;border-width:2px 2px 2px 2px;}.elementor-element.elementor-element-iwgw-namarrkon-ccb .jet-button__plane-hover{background-color:rgba(0,0,0,0.55);border-style:solid;border-color:#FECC76;border-width:2px 2px 2px 2px;}<\/style>\t\t\t\t<\/div>\n\t\t\t\t<\/div>\n\t\t\t\t<div class=\"elementor-element elementor-element-iwgw-namarrkon-ccd elementor-widget elementor-widget-text-editor\" data-id=\"iwgw-namarrkon-ccd\" data-element_type=\"widget\" data-e-type=\"widget\" data-widget_type=\"text-editor.default\">\n\t\t\t\t\t\t\t\t\t<div data-nosnippet=\"true\"><p style=\"text-align:center;font-size:13px;opacity:0.7;margin-top:14px\" data-nosnippet=\"true\">Les experi\u00e8ncies personals poden variar. No \u00e9s un producte sanitari. No \u00e9s una promesa de curaci\u00f3.<\/p><\/div>\t\t\t\t\t\t\t\t<\/div>\n\t\t\t\t\t<\/div>\n\t\t\t\t<\/div>\n\t\t\t\t\t<\/div>\n\t\t\t\t<\/div>\n\t\t<div class=\"elementor-element elementor-element-iwgw-namarrkon-disc e-flex e-con-boxed e-con e-parent\" data-id=\"iwgw-namarrkon-disc\" data-element_type=\"container\" data-e-type=\"container\">\n\t\t\t\t\t<div class=\"e-con-inner\">\n\t\t\t\t<div class=\"elementor-element elementor-element-iwgw-namarrkon-discw elementor-widget elementor-widget-html\" data-id=\"iwgw-namarrkon-discw\" data-element_type=\"widget\" data-e-type=\"widget\" data-widget_type=\"html.default\">\n\t\t\t\t\t<footer data-nosnippet=\"true\" class=\"iwg-disclaimer-block\"><p data-nosnippet=\"true\">iWell Guard <strong>no \u00e9s un producte sanitari<\/strong> i no substitueix cap tractament m\u00e8dic o psicoterap\u00e8utic. Els continguts d'hist\u00f2ria de les religions s\u00f3n una classificaci\u00f3 culturohist\u00f2rica, no una recomanaci\u00f3 de pr\u00e0ctica espiritual.<\/p><\/footer>\t\t\t\t<\/div>\n\t\t\t\t\t<\/div>\n\t\t\t\t<\/div>\n\t\t\t\t<\/div>\n\t\t","protected":false},"excerpt":{"rendered":"","protected":false},"author":3,"featured_media":2874,"parent":0,"menu_order":0,"comment_status":"closed","ping_status":"closed","template":"elementor_header_footer","meta":{"_yoast_wpseo_focuskw":"Llamp aborigen Namarrkon","_yoast_wpseo_title":"Namarrkon \u2013 Esperit del llamp aborigen, mite i fonts","_yoast_wpseo_metadesc":"Namarrkon \u00e9s l'home del llamp dels abor\u00edgens Kunwinjku de la Terra d'Arnhem Occidental. An\u00e0lisi des de la ci\u00e8ncia de la religi\u00f3 amb mite i fonts.","_yoast_wpseo_meta-robots-noindex":"","_yoast_wpseo_canonical":"","_angie_page":false,"gefaehrdungsstufe":"3","wesen_kultur":"aboriginal","wesen_klasse":"goetter","footnotes":""},"categories":[],"class_list":["post-171750","page","type-page","status-publish","has-post-thumbnail","hentry"],"yoast_head":"<!-- This site is optimized with the Yoast SEO Premium plugin v27.7 (Yoast SEO v28.3) - https:\/\/yoast.com\/product\/yoast-seo-premium-wordpress\/ -->\n<title>Namarrkon \u2013 Esperit del llamp aborigen, mite i fonts<\/title>\n<meta name=\"description\" content=\"Namarrkon \u00e9s l&#039;home del llamp dels abor\u00edgens Kunwinjku de la Terra d&#039;Arnhem Occidental. An\u00e0lisi des de la ci\u00e8ncia de la religi\u00f3 amb mite i fonts.\" \/>\n<meta name=\"robots\" content=\"index, follow, max-snippet:-1, max-image-preview:large, max-video-preview:-1\" \/>\n<link rel=\"canonical\" href=\"https:\/\/iwell-guard.com\/ca\/namarrkon-home-del-llamp-kunwinjku\/\" \/>\n<meta property=\"og:locale\" content=\"ca_ES\" \/>\n<meta property=\"og:type\" content=\"article\" \/>\n<meta property=\"og:title\" content=\"Namarrkon \u2013 L&#039;home del llamp dels Kunwinjku\" \/>\n<meta property=\"og:description\" content=\"Namarrkon \u00e9s l&#039;home del llamp dels abor\u00edgens Kunwinjku de la Terra d&#039;Arnhem Occidental. An\u00e0lisi des de la ci\u00e8ncia de la religi\u00f3 amb mite i fonts.\" \/>\n<meta property=\"og:url\" content=\"https:\/\/iwell-guard.com\/ca\/namarrkon-home-del-llamp-kunwinjku\/\" \/>\n<meta property=\"og:site_name\" content=\"iWell Guard\" \/>\n<meta property=\"article:modified_time\" content=\"2026-09-05T16:06:16+00:00\" \/>\n<meta property=\"og:image\" content=\"https:\/\/iwell-guard.com\/wp-content\/uploads\/2026\/05\/goetter_aboriginal_namarrkon.webp\" \/>\n\t<meta property=\"og:image:width\" content=\"1024\" \/>\n\t<meta property=\"og:image:height\" content=\"1536\" \/>\n\t<meta property=\"og:image:type\" content=\"image\/webp\" \/>\n<meta name=\"twitter:card\" content=\"summary_large_image\" \/>\n<script type=\"application\/ld+json\" class=\"yoast-schema-graph\">{\"@context\":\"https:\\\/\\\/schema.org\",\"@graph\":[{\"@type\":\"WebPage\",\"@id\":\"https:\\\/\\\/iwell-guard.com\\\/ca\\\/namarrkon-home-del-llamp-kunwinjku\\\/\",\"url\":\"https:\\\/\\\/iwell-guard.com\\\/ca\\\/namarrkon-home-del-llamp-kunwinjku\\\/\",\"name\":\"Namarrkon \u2013 Esperit del llamp aborigen, mite i fonts\",\"isPartOf\":{\"@id\":\"https:\\\/\\\/iwell-guard.com\\\/ca\\\/#website\"},\"primaryImageOfPage\":{\"@id\":\"https:\\\/\\\/iwell-guard.com\\\/ca\\\/namarrkon-home-del-llamp-kunwinjku\\\/#primaryimage\"},\"image\":{\"@id\":\"https:\\\/\\\/iwell-guard.com\\\/ca\\\/namarrkon-home-del-llamp-kunwinjku\\\/#primaryimage\"},\"thumbnailUrl\":\"https:\\\/\\\/iwell-guard.com\\\/wp-content\\\/uploads\\\/2026\\\/05\\\/goetter_aboriginal_namarrkon.webp\",\"datePublished\":\"2026-09-05T15:42:03+00:00\",\"dateModified\":\"2026-09-05T16:06:16+00:00\",\"description\":\"Namarrkon \u00e9s l'home del llamp dels abor\u00edgens Kunwinjku de la Terra d'Arnhem Occidental. An\u00e0lisi des de la ci\u00e8ncia de la religi\u00f3 amb mite i fonts.\",\"breadcrumb\":{\"@id\":\"https:\\\/\\\/iwell-guard.com\\\/ca\\\/namarrkon-home-del-llamp-kunwinjku\\\/#breadcrumb\"},\"inLanguage\":\"ca\",\"potentialAction\":[{\"@type\":\"ReadAction\",\"target\":[\"https:\\\/\\\/iwell-guard.com\\\/ca\\\/namarrkon-home-del-llamp-kunwinjku\\\/\"]}]},{\"@type\":\"ImageObject\",\"inLanguage\":\"ca\",\"@id\":\"https:\\\/\\\/iwell-guard.com\\\/ca\\\/namarrkon-home-del-llamp-kunwinjku\\\/#primaryimage\",\"url\":\"https:\\\/\\\/iwell-guard.com\\\/wp-content\\\/uploads\\\/2026\\\/05\\\/goetter_aboriginal_namarrkon.webp\",\"contentUrl\":\"https:\\\/\\\/iwell-guard.com\\\/wp-content\\\/uploads\\\/2026\\\/05\\\/goetter_aboriginal_namarrkon.webp\",\"width\":1024,\"height\":1536,\"caption\":\"D\u00e9us de la tradici\u00f3 aborigen.\"},{\"@type\":\"BreadcrumbList\",\"@id\":\"https:\\\/\\\/iwell-guard.com\\\/ca\\\/namarrkon-home-del-llamp-kunwinjku\\\/#breadcrumb\",\"itemListElement\":[{\"@type\":\"ListItem\",\"position\":1,\"name\":\"Start\",\"item\":\"https:\\\/\\\/iwell-guard.com\\\/ca\\\/?page_id=171333\"},{\"@type\":\"ListItem\",\"position\":2,\"name\":\"Namarrkon \u2013 L&#8217;home del llamp dels Kunwinjku\"}]},{\"@type\":\"WebSite\",\"@id\":\"https:\\\/\\\/iwell-guard.com\\\/ca\\\/#website\",\"url\":\"https:\\\/\\\/iwell-guard.com\\\/ca\\\/\",\"name\":\"iWell Guard\",\"description\":\"Schutz vor dunklen Einfl\u00fcssen\",\"publisher\":{\"@id\":\"https:\\\/\\\/iwell-guard.com\\\/ca\\\/#organization\"},\"potentialAction\":[{\"@type\":\"SearchAction\",\"target\":{\"@type\":\"EntryPoint\",\"urlTemplate\":\"https:\\\/\\\/iwell-guard.com\\\/ca\\\/?s={search_term_string}\"},\"query-input\":{\"@type\":\"PropertyValueSpecification\",\"valueRequired\":true,\"valueName\":\"search_term_string\"}}],\"inLanguage\":\"ca\"},{\"@type\":\"Organization\",\"@id\":\"https:\\\/\\\/iwell-guard.com\\\/ca\\\/#organization\",\"name\":\"Ittermann electronic GmbH\",\"url\":\"https:\\\/\\\/iwell-guard.com\\\/ca\\\/\",\"logo\":{\"@type\":\"ImageObject\",\"inLanguage\":\"ca\",\"@id\":\"https:\\\/\\\/iwell-guard.com\\\/ca\\\/#\\\/schema\\\/logo\\\/image\\\/\",\"url\":\"https:\\\/\\\/iwell-guard.com\\\/wp-content\\\/uploads\\\/2026\\\/05\\\/Ittermann-Logo-1182x237-1.png\",\"contentUrl\":\"https:\\\/\\\/iwell-guard.com\\\/wp-content\\\/uploads\\\/2026\\\/05\\\/Ittermann-Logo-1182x237-1.png\",\"width\":1182,\"height\":237,\"caption\":\"Ittermann electronic GmbH\"},\"image\":{\"@id\":\"https:\\\/\\\/iwell-guard.com\\\/ca\\\/#\\\/schema\\\/logo\\\/image\\\/\"},\"sameAs\":[\"https:\\\/\\\/pantip.com\\\/profile\\\/9367242\",\"https:\\\/\\\/micro.blog\\\/iwellguard\",\"https:\\\/\\\/www.diggerslist.com\\\/iwellguard\\\/about\",\"https:\\\/\\\/skitterphoto.com\\\/photographers\\\/2870314\\\/iwell-guard\",\"https:\\\/\\\/iwellguard.wordpress.com\\\/2026\\\/06\\\/06\\\/iwell-guard\\\/\",\"https:\\\/\\\/hub.docker.com\\\/u\\\/iwellguard\",\"https:\\\/\\\/www.pinterest.com\\\/iwellguard\\\/\",\"https:\\\/\\\/bit.ly\\\/m\\\/iwellguard\",\"https:\\\/\\\/entre-vos-mains.alsace.eu\\\/profiles\\\/iwellguard\\\/activity\",\"https:\\\/\\\/gravatar.com\\\/reallybeded8fd34\",\"https:\\\/\\\/naijamatta.com\\\/iwellguard\",\"https:\\\/\\\/www.goodreads.com\\\/iwellguard\",\"https:\\\/\\\/profile.hatena.ne.jp\\\/iwellguard\\\/\",\"https:\\\/\\\/experiment.com\\\/users\\\/iwellguard\",\"https:\\\/\\\/wakelet.com\\\/@iWellGuard82270\",\"https:\\\/\\\/www.chordie.com\\\/forum\\\/profile.php?id=2555664\",\"https:\\\/\\\/www.instapaper.com\\\/p\\\/17757966\",\"https:\\\/\\\/www.mapleprimes.com\\\/users\\\/iwellguard\",\"https:\\\/\\\/businesslistingplus.com\\\/profile\\\/iwell-guard\\\/\",\"https:\\\/\\\/telegra.ph\\\/iWell-Guard-06-06\",\"https:\\\/\\\/pbase.com\\\/iwellguard\\\/iwellguard\",\"https:\\\/\\\/b.hatena.ne.jp\\\/iwellguard\\\/20260607#bookmark-4788405196491818882\",\"https:\\\/\\\/fliphtml5.com\\\/home\\\/iwellguard\",\"https:\\\/\\\/anyflip.com\\\/homepage\\\/cmiwl#About\",\"https:\\\/\\\/transfur.com\\\/Users\\\/iwellguard\",\"http:\\\/\\\/delphi.larsbo.org\\\/user\\\/iwellguard\",\"https:\\\/\\\/jobs.lajobsportal.org\\\/profiles\\\/8380803-iwell-guard\",\"https:\\\/\\\/md.chaosdorf.de\\\/s\\\/jfbe5SBdJD\",\"https:\\\/\\\/www.lingvolive.com\\\/en-us\\\/profile\\\/9ecaeaca-ce11-4e51-9e71-01d55e2bff36\\\/translations\",\"https:\\\/\\\/www.fitday.com\\\/fitness\\\/forums\\\/members\\\/iwellguard.html\",\"https:\\\/\\\/www.mymeetbook.com\\\/iwellguard\",\"https:\\\/\\\/pxhere.com\\\/en\\\/photographer-me\\\/5040798\",\"https:\\\/\\\/disqus.com\\\/by\\\/iwellguard\\\/about\\\/\",\"https:\\\/\\\/pastelink.net\\\/hjwciqwq\",\"https:\\\/\\\/pubhtml5.com\\\/homepage\\\/scjhn\\\/\",\"https:\\\/\\\/www.bitchute.com\\\/channel\\\/2O2eOKzNqujT\",\"https:\\\/\\\/audiomack.com\\\/iwellguard\"]},{\"@type\":\"Article\",\"@id\":\"https:\\\/\\\/iwell-guard.com\\\/ca\\\/namarrkon-home-del-llamp-kunwinjku\\\/#article\",\"isPartOf\":{\"@id\":\"https:\\\/\\\/iwell-guard.com\\\/ca\\\/namarrkon-home-del-llamp-kunwinjku\\\/\"},\"author\":{\"name\":\"Ralf Ittermann\",\"@id\":\"https:\\\/\\\/iwell-guard.com\\\/ca\\\/#\\\/schema\\\/person\\\/ee2a27f1cac3406c7c6fb5820cb7349f\"},\"headline\":\"Namarrkon \u2013 L&#8217;home del llamp dels Kunwinjku\",\"datePublished\":\"2026-09-05T15:42:03+00:00\",\"dateModified\":\"2026-09-05T16:06:16+00:00\",\"mainEntityOfPage\":{\"@id\":\"https:\\\/\\\/iwell-guard.com\\\/ca\\\/namarrkon-home-del-llamp-kunwinjku\\\/\"},\"publisher\":{\"@id\":\"https:\\\/\\\/iwell-guard.com\\\/ca\\\/#organization\"},\"image\":{\"@id\":\"https:\\\/\\\/iwell-guard.com\\\/ca\\\/namarrkon-home-del-llamp-kunwinjku\\\/#primaryimage\"},\"thumbnailUrl\":\"https:\\\/\\\/iwell-guard.com\\\/wp-content\\\/uploads\\\/2026\\\/05\\\/goetter_aboriginal_namarrkon.webp\",\"inLanguage\":\"ca\",\"description\":\"Namarrkon \u00e9s l'home del llamp dels abor\u00edgens Kunwinjku de la Terra d'Arnhem Occidental. An\u00e0lisi des de la ci\u00e8ncia de la religi\u00f3 amb mite i fonts.\"}]}<\/script>\n<!-- \/ Yoast SEO Premium plugin. -->","yoast_head_json":{"title":"Namarrkon \u2013 Esperit del llamp aborigen, mite i fonts","description":"Namarrkon \u00e9s l'home del llamp dels abor\u00edgens Kunwinjku de la Terra d'Arnhem Occidental. An\u00e0lisi des de la ci\u00e8ncia de la religi\u00f3 amb mite i fonts.","robots":{"index":"index","follow":"follow","max-snippet":"max-snippet:-1","max-image-preview":"max-image-preview:large","max-video-preview":"max-video-preview:-1"},"canonical":"https:\/\/iwell-guard.com\/ca\/namarrkon-home-del-llamp-kunwinjku\/","og_locale":"ca_ES","og_type":"article","og_title":"Namarrkon \u2013 L'home del llamp dels Kunwinjku","og_description":"Namarrkon \u00e9s l'home del llamp dels abor\u00edgens Kunwinjku de la Terra d'Arnhem Occidental. An\u00e0lisi des de la ci\u00e8ncia de la religi\u00f3 amb mite i fonts.","og_url":"https:\/\/iwell-guard.com\/ca\/namarrkon-home-del-llamp-kunwinjku\/","og_site_name":"iWell Guard","article_modified_time":"2026-09-05T16:06:16+00:00","og_image":[{"width":1024,"height":1536,"url":"https:\/\/iwell-guard.com\/wp-content\/uploads\/2026\/05\/goetter_aboriginal_namarrkon.webp","type":"image\/webp"}],"twitter_card":"summary_large_image","schema":{"@context":"https:\/\/schema.org","@graph":[{"@type":"Article","@id":"https:\/\/iwell-guard.com\/ca\/namarrkon-home-del-llamp-kunwinjku\/#article","isPartOf":{"@id":"https:\/\/iwell-guard.com\/ca\/namarrkon-home-del-llamp-kunwinjku\/"},"author":{"name":"Ralf Ittermann","@id":"https:\/\/iwell-guard.com\/ca\/#\/schema\/person\/ee2a27f1cac3406c7c6fb5820cb7349f"},"headline":"Namarrkon \u2013 L&#8217;home del llamp dels Kunwinjku","datePublished":"2026-09-05T15:42:03+00:00","dateModified":"2026-09-05T16:06:16+00:00","mainEntityOfPage":{"@id":"https:\/\/iwell-guard.com\/ca\/namarrkon-home-del-llamp-kunwinjku\/"},"publisher":{"@id":"https:\/\/iwell-guard.com\/ca\/#organization"},"image":{"@id":"https:\/\/iwell-guard.com\/ca\/namarrkon-home-del-llamp-kunwinjku\/#primaryimage"},"thumbnailUrl":"https:\/\/iwell-guard.com\/wp-content\/uploads\/2026\/05\/goetter_aboriginal_namarrkon.webp","inLanguage":"ca","description":"Namarrkon \u00e9s l'home del llamp dels abor\u00edgens Kunwinjku de la Terra d'Arnhem Occidental. An\u00e0lisi des de la ci\u00e8ncia de la religi\u00f3 amb mite i fonts."},{"@type":"WebPage","@id":"https:\/\/iwell-guard.com\/ca\/namarrkon-home-del-llamp-kunwinjku\/","url":"https:\/\/iwell-guard.com\/ca\/namarrkon-home-del-llamp-kunwinjku\/","name":"Namarrkon \u2013 Esperit del llamp aborigen, mite i fonts","isPartOf":{"@id":"https:\/\/iwell-guard.com\/ca\/#website"},"primaryImageOfPage":{"@id":"https:\/\/iwell-guard.com\/ca\/namarrkon-home-del-llamp-kunwinjku\/#primaryimage"},"image":{"@id":"https:\/\/iwell-guard.com\/ca\/namarrkon-home-del-llamp-kunwinjku\/#primaryimage"},"thumbnailUrl":"https:\/\/iwell-guard.com\/wp-content\/uploads\/2026\/05\/goetter_aboriginal_namarrkon.webp","datePublished":"2026-09-05T15:42:03+00:00","dateModified":"2026-09-05T16:06:16+00:00","description":"Namarrkon \u00e9s l'home del llamp dels abor\u00edgens Kunwinjku de la Terra d'Arnhem Occidental. An\u00e0lisi des de la ci\u00e8ncia de la religi\u00f3 amb mite i fonts.","breadcrumb":{"@id":"https:\/\/iwell-guard.com\/ca\/namarrkon-home-del-llamp-kunwinjku\/#breadcrumb"},"inLanguage":"ca","potentialAction":[{"@type":"ReadAction","target":["https:\/\/iwell-guard.com\/ca\/namarrkon-home-del-llamp-kunwinjku\/"]}]},{"@type":"ImageObject","inLanguage":"ca","@id":"https:\/\/iwell-guard.com\/ca\/namarrkon-home-del-llamp-kunwinjku\/#primaryimage","url":"https:\/\/iwell-guard.com\/wp-content\/uploads\/2026\/05\/goetter_aboriginal_namarrkon.webp","contentUrl":"https:\/\/iwell-guard.com\/wp-content\/uploads\/2026\/05\/goetter_aboriginal_namarrkon.webp","width":1024,"height":1536,"caption":"D\u00e9us de la tradici\u00f3 aborigen."},{"@type":"BreadcrumbList","@id":"https:\/\/iwell-guard.com\/ca\/namarrkon-home-del-llamp-kunwinjku\/#breadcrumb","itemListElement":[{"@type":"ListItem","position":1,"name":"Start","item":"https:\/\/iwell-guard.com\/ca\/?page_id=171333"},{"@type":"ListItem","position":2,"name":"Namarrkon \u2013 L&#8217;home del llamp dels Kunwinjku"}]},{"@type":"WebSite","@id":"https:\/\/iwell-guard.com\/ca\/#website","url":"https:\/\/iwell-guard.com\/ca\/","name":"iWell Guard","description":"Schutz vor dunklen Einfl\u00fcssen","publisher":{"@id":"https:\/\/iwell-guard.com\/ca\/#organization"},"potentialAction":[{"@type":"SearchAction","target":{"@type":"EntryPoint","urlTemplate":"https:\/\/iwell-guard.com\/ca\/?s={search_term_string}"},"query-input":{"@type":"PropertyValueSpecification","valueRequired":true,"valueName":"search_term_string"}}],"inLanguage":"ca"},{"@type":"Organization","@id":"https:\/\/iwell-guard.com\/ca\/#organization","name":"Ittermann electronic GmbH","url":"https:\/\/iwell-guard.com\/ca\/","logo":{"@type":"ImageObject","inLanguage":"ca","@id":"https:\/\/iwell-guard.com\/ca\/#\/schema\/logo\/image\/","url":"https:\/\/iwell-guard.com\/wp-content\/uploads\/2026\/05\/Ittermann-Logo-1182x237-1.png","contentUrl":"https:\/\/iwell-guard.com\/wp-content\/uploads\/2026\/05\/Ittermann-Logo-1182x237-1.png","width":1182,"height":237,"caption":"Ittermann electronic GmbH"},"image":{"@id":"https:\/\/iwell-guard.com\/ca\/#\/schema\/logo\/image\/"},"sameAs":["https:\/\/pantip.com\/profile\/9367242","https:\/\/micro.blog\/iwellguard","https:\/\/www.diggerslist.com\/iwellguard\/about","https:\/\/skitterphoto.com\/photographers\/2870314\/iwell-guard","https:\/\/iwellguard.wordpress.com\/2026\/06\/06\/iwell-guard\/","https:\/\/hub.docker.com\/u\/iwellguard","https:\/\/www.pinterest.com\/iwellguard\/","https:\/\/bit.ly\/m\/iwellguard","https:\/\/entre-vos-mains.alsace.eu\/profiles\/iwellguard\/activity","https:\/\/gravatar.com\/reallybeded8fd34","https:\/\/naijamatta.com\/iwellguard","https:\/\/www.goodreads.com\/iwellguard","https:\/\/profile.hatena.ne.jp\/iwellguard\/","https:\/\/experiment.com\/users\/iwellguard","https:\/\/wakelet.com\/@iWellGuard82270","https:\/\/www.chordie.com\/forum\/profile.php?id=2555664","https:\/\/www.instapaper.com\/p\/17757966","https:\/\/www.mapleprimes.com\/users\/iwellguard","https:\/\/businesslistingplus.com\/profile\/iwell-guard\/","https:\/\/telegra.ph\/iWell-Guard-06-06","https:\/\/pbase.com\/iwellguard\/iwellguard","https:\/\/b.hatena.ne.jp\/iwellguard\/20260607#bookmark-4788405196491818882","https:\/\/fliphtml5.com\/home\/iwellguard","https:\/\/anyflip.com\/homepage\/cmiwl#About","https:\/\/transfur.com\/Users\/iwellguard","http:\/\/delphi.larsbo.org\/user\/iwellguard","https:\/\/jobs.lajobsportal.org\/profiles\/8380803-iwell-guard","https:\/\/md.chaosdorf.de\/s\/jfbe5SBdJD","https:\/\/www.lingvolive.com\/en-us\/profile\/9ecaeaca-ce11-4e51-9e71-01d55e2bff36\/translations","https:\/\/www.fitday.com\/fitness\/forums\/members\/iwellguard.html","https:\/\/www.mymeetbook.com\/iwellguard","https:\/\/pxhere.com\/en\/photographer-me\/5040798","https:\/\/disqus.com\/by\/iwellguard\/about\/","https:\/\/pastelink.net\/hjwciqwq","https:\/\/pubhtml5.com\/homepage\/scjhn\/","https:\/\/www.bitchute.com\/channel\/2O2eOKzNqujT","https:\/\/audiomack.com\/iwellguard"]},{"@type":"Person","@id":"https:\/\/iwell-guard.com\/ca\/#\/schema\/person\/ee2a27f1cac3406c7c6fb5820cb7349f","name":"Ralf Ittermann","image":{"@type":"ImageObject","inLanguage":"ca","@id":"https:\/\/secure.gravatar.com\/avatar\/073c0153e350a5005b68eb752b445fea71f6b24a26da9449ad7e155e6b446c9d?s=96&d=mm&r=g","url":"https:\/\/secure.gravatar.com\/avatar\/073c0153e350a5005b68eb752b445fea71f6b24a26da9449ad7e155e6b446c9d?s=96&d=mm&r=g","contentUrl":"https:\/\/secure.gravatar.com\/avatar\/073c0153e350a5005b68eb752b445fea71f6b24a26da9449ad7e155e6b446c9d?s=96&d=mm&r=g","caption":"Ralf Ittermann"},"givenName":"Ralf","familyName":"Ittermann","jobTitle":"Gesch\u00e4ftsf\u00fchrer und redaktioneller Verantwortlicher","url":"https:\/\/iwell-guard.com\/ca\/author\/claude\/","description":"Ralf Ittermann ist Gesch\u00e4ftsf\u00fchrer der Ittermann electronic GmbH und redaktioneller Verantwortlicher des iWell-Guard-Lexikons. Er verbindet langj\u00e4hrige Erfahrung in der Pr\u00e4zisionsfertigung mit medialer Praxis und religionsgeschichtlicher Quellenarbeit.","worksFor":{"@type":"Organization","name":"Ittermann electronic GmbH","url":"https:\/\/ittermann.de\/","address":{"@type":"PostalAddress","streetAddress":"K\u00f6hlergasse 16-18","postalCode":"99842","addressLocality":"Ruhla","addressCountry":"DE"}},"knowsAbout":["Religionsgeschichte","Mythologie","Mediale Praxis","Energetische Diagnostik","Schutzpraxis","Volksglauben","Westliche Esoterik"]},{"@type":"Article","@id":"https:\/\/iwell-guard.com\/ca\/namarrkon-home-del-llamp-kunwinjku\/#article","isPartOf":{"@id":"https:\/\/iwell-guard.com\/ca\/namarrkon-home-del-llamp-kunwinjku\/"},"author":{"name":"Ralf Ittermann","@id":"https:\/\/iwell-guard.com\/ca\/#\/schema\/person\/ee2a27f1cac3406c7c6fb5820cb7349f"},"headline":"Namarrkon \u2013 L&#8217;home del llamp dels Kunwinjku","datePublished":"2026-09-05T15:42:03+00:00","dateModified":"2026-09-05T16:06:16+00:00","mainEntityOfPage":{"@id":"https:\/\/iwell-guard.com\/ca\/namarrkon-home-del-llamp-kunwinjku\/"},"publisher":{"@id":"https:\/\/iwell-guard.com\/ca\/#organization"},"image":{"@id":"https:\/\/iwell-guard.com\/ca\/namarrkon-home-del-llamp-kunwinjku\/#primaryimage"},"thumbnailUrl":"https:\/\/iwell-guard.com\/wp-content\/uploads\/2026\/05\/goetter_aboriginal_namarrkon.webp","inLanguage":"ca","description":"Namarrkon \u00e9s l'home del llamp dels abor\u00edgens Kunwinjku de la Terra d'Arnhem Occidental. An\u00e0lisi des de la ci\u00e8ncia de la religi\u00f3 amb mite i fonts."}]}},"_links":{"self":[{"href":"https:\/\/iwell-guard.com\/ca\/wp-json\/wp\/v2\/pages\/171750","targetHints":{"allow":["GET"]}}],"collection":[{"href":"https:\/\/iwell-guard.com\/ca\/wp-json\/wp\/v2\/pages"}],"about":[{"href":"https:\/\/iwell-guard.com\/ca\/wp-json\/wp\/v2\/types\/page"}],"author":[{"embeddable":true,"href":"https:\/\/iwell-guard.com\/ca\/wp-json\/wp\/v2\/users\/3"}],"replies":[{"embeddable":true,"href":"https:\/\/iwell-guard.com\/ca\/wp-json\/wp\/v2\/comments?post=171750"}],"version-history":[{"count":0,"href":"https:\/\/iwell-guard.com\/ca\/wp-json\/wp\/v2\/pages\/171750\/revisions"}],"wp:featuredmedia":[{"embeddable":true,"href":"https:\/\/iwell-guard.com\/ca\/wp-json\/wp\/v2\/media\/2874"}],"wp:attachment":[{"href":"https:\/\/iwell-guard.com\/ca\/wp-json\/wp\/v2\/media?parent=171750"}],"wp:term":[{"taxonomy":"category","embeddable":true,"href":"https:\/\/iwell-guard.com\/ca\/wp-json\/wp\/v2\/categories?post=171750"}],"curies":[{"name":"wp","href":"https:\/\/api.w.org\/{rel}","templated":true}]}}