{"id":171748,"date":"2026-09-05T15:42:03","date_gmt":"2026-09-05T15:42:03","guid":{"rendered":"https:\/\/iwell-guard.com\/?page_id=171748"},"modified":"2026-09-05T16:06:12","modified_gmt":"2026-09-05T16:06:12","slug":"bunyip-esser-nociu-aquatic-tradicio-aborigen","status":"publish","type":"page","link":"https:\/\/iwell-guard.com\/ca\/bunyip-esser-nociu-aquatic-tradicio-aborigen\/","title":{"rendered":"Bunyip \u2013 \u00c9sser nociu aqu\u00e0tic de la tradici\u00f3 aborigen"},"content":{"rendered":"\t\t<div data-elementor-type=\"wp-page\" data-elementor-id=\"171748\" class=\"elementor elementor-171748 elementor-2651 elementor-bc-flex-widget\" data-elementor-post-type=\"page\">\n\t\t\t\t<div class=\"elementor-element elementor-element-iwgw-bunyip-hero e-flex e-con-boxed e-con e-parent\" data-id=\"iwgw-bunyip-hero\" data-element_type=\"container\" data-e-type=\"container\" data-settings=\"{&quot;background_background&quot;:&quot;classic&quot;}\">\n\t\t\t\t\t<div class=\"e-con-inner\">\n\t\t<div class=\"elementor-element elementor-element-iwgw-bunyip-hl e-flex e-con-boxed e-con e-child\" data-id=\"iwgw-bunyip-hl\" data-element_type=\"container\" data-e-type=\"container\">\n\t\t\t\t\t<div class=\"e-con-inner\">\n\t\t<div class=\"elementor-element elementor-element-iwgw-bunyip-htxt e-con-full e-flex e-con e-child\" data-id=\"iwgw-bunyip-htxt\" data-element_type=\"container\" data-e-type=\"container\">\n\t\t\t\t<div class=\"elementor-element elementor-element-iwgw-bunyip-h1 elementor-widget elementor-widget-heading\" data-id=\"iwgw-bunyip-h1\" data-element_type=\"widget\" data-e-type=\"widget\" data-widget_type=\"heading.default\">\n\t\t\t\t\t<h1 class=\"elementor-heading-title elementor-size-default\">Bunyip, \u00e9sser nociu aqu\u00e0tic i figura terror\u00edfica dels aiguamolls i les basses abor\u00edgens<\/h1>\t\t\t\t<\/div>\n\t\t\t\t<div class=\"elementor-element elementor-element-iwgw-bunyip-lead elementor-widget elementor-widget-text-editor\" data-id=\"iwgw-bunyip-lead\" data-element_type=\"widget\" data-e-type=\"widget\" data-widget_type=\"text-editor.default\">\n\t\t\t\t\t\t\t\t\t<p>El Bunyip \u00e9s una temuda figura nociva dels aiguamolls i les basses profundes de les tradicions abor\u00edgens del sud-est d&#8217;Austr\u00e0lia. Viu sota l&#8217;aigua, crida de nit amb una veu retronant i arrossega cap al fons les persones imprudents, especialment dones i infants.<\/p>\t\t\t\t\t\t\t\t<\/div>\n\t\t\t\t<\/div>\n\t\t<div class=\"elementor-element elementor-element-iwgw-bunyip-pillc e-con-full e-flex e-con e-child\" data-id=\"iwgw-bunyip-pillc\" data-element_type=\"container\" data-e-type=\"container\">\n\t\t\t\t<div class=\"elementor-element elementor-element-iwgw-bunyip-pills elementor-widget elementor-widget-html\" data-id=\"iwgw-bunyip-pills\" data-element_type=\"widget\" data-e-type=\"widget\" data-widget_type=\"html.default\">\n\t\t\t\t\t<div class=\"iwg-pill-row\"><span class=\"iwg-klasse-badge\" tabindex=\"0\" data-tooltip=\"\u00c9sser nociu de la tradici\u00f3 aborigen.\">\u00c9sser nociu<\/span><a href=\"https:\/\/iwell-guard.com\/ca\/australia-aborigen-dreamtime-tjukurpa-objectes-proteccio\/\" class=\"iwg-kultur-badge\" tabindex=\"0\" data-tooltip=\"Mitologia de la tradici\u00f3 aborigen.\">Aborigen<\/a><span class=\"iwg-tradition-badge\" tabindex=\"0\" data-tooltip=\"\u00c9sser nociu aqu\u00e0tic.\">\u00c9sser nociu aqu\u00e0tic<\/span><\/div>\t\t\t\t<\/div>\n\t\t\t\t<\/div>\n\t\t<div class=\"elementor-element elementor-element-iwgw-bunyip-tocc e-con-full e-flex e-con e-child\" data-id=\"iwgw-bunyip-tocc\" data-element_type=\"container\" data-e-type=\"container\">\n\t\t\t\t<div class=\"elementor-element elementor-element-iwgw-bunyip-toc elementor-toc--minimized-on-tablet elementor-widget elementor-widget-table-of-contents\" data-id=\"iwgw-bunyip-toc\" data-element_type=\"widget\" data-e-type=\"widget\" data-settings=\"{&quot;headings_by_tags&quot;:[&quot;h2&quot;,&quot;h3&quot;],&quot;minimize_box&quot;:&quot;yes&quot;,&quot;marker_view&quot;:&quot;bullets&quot;,&quot;no_headings_message&quot;:&quot;No s&#039;ha trobat cap encap\\u00e7alament en aquesta p\\u00e0gina.&quot;,&quot;exclude_headings_by_selector&quot;:[],&quot;icon&quot;:{&quot;value&quot;:&quot;fas fa-circle&quot;,&quot;library&quot;:&quot;fa-solid&quot;,&quot;rendered_tag&quot;:&quot;&lt;svg class=\\&quot;e-font-icon-svg e-fas-circle\\&quot; viewBox=\\&quot;0 0 512 512\\&quot; xmlns=\\&quot;http:\\\/\\\/www.w3.org\\\/2000\\\/svg\\&quot;&gt;&lt;path d=\\&quot;M256 8C119 8 8 119 8 256s111 248 248 248 248-111 248-248S393 8 256 8z\\&quot;&gt;&lt;\\\/path&gt;&lt;\\\/svg&gt;&quot;},&quot;minimized_on&quot;:&quot;tablet&quot;,&quot;hierarchical_view&quot;:&quot;yes&quot;,&quot;min_height&quot;:{&quot;unit&quot;:&quot;px&quot;,&quot;size&quot;:&quot;&quot;,&quot;sizes&quot;:[]},&quot;min_height_tablet&quot;:{&quot;unit&quot;:&quot;px&quot;,&quot;size&quot;:&quot;&quot;,&quot;sizes&quot;:[]},&quot;min_height_mobile&quot;:{&quot;unit&quot;:&quot;px&quot;,&quot;size&quot;:&quot;&quot;,&quot;sizes&quot;:[]}}\" data-widget_type=\"table-of-contents.default\">\n\t\t\t\t\t\t\t\t\t<div class=\"elementor-toc__header\">\n\t\t\t\t\t\t<h2 class=\"elementor-toc__header-title\">\n\t\t\t\t\u00cdndex\t\t\t<\/h2>\n\t\t\t\t\t\t\t\t\t\t<div class=\"elementor-toc__toggle-button elementor-toc__toggle-button--expand\" role=\"button\" tabindex=\"0\" aria-controls=\"elementor-toc__iwgw-bunyip-toc\" aria-expanded=\"true\" aria-label=\"Open table of contents\"><svg aria-hidden=\"true\" class=\"e-font-icon-svg e-fas-chevron-down\" viewBox=\"0 0 448 512\" xmlns=\"http:\/\/www.w3.org\/2000\/svg\"><path d=\"M207.029 381.476L12.686 187.132c-9.373-9.373-9.373-24.569 0-33.941l22.667-22.667c9.357-9.357 24.522-9.375 33.901-.04L224 284.505l154.745-154.021c9.379-9.335 24.544-9.317 33.901.04l22.667 22.667c9.373 9.373 9.373 24.569 0 33.941L240.971 381.476c-9.373 9.372-24.569 9.372-33.942 0z\"><\/path><\/svg><\/div>\n\t\t\t\t<div class=\"elementor-toc__toggle-button elementor-toc__toggle-button--collapse\" role=\"button\" tabindex=\"0\" aria-controls=\"elementor-toc__iwgw-bunyip-toc\" aria-expanded=\"true\" aria-label=\"Close table of contents\"><svg aria-hidden=\"true\" class=\"e-font-icon-svg e-fas-chevron-up\" viewBox=\"0 0 448 512\" xmlns=\"http:\/\/www.w3.org\/2000\/svg\"><path d=\"M240.971 130.524l194.343 194.343c9.373 9.373 9.373 24.569 0 33.941l-22.667 22.667c-9.357 9.357-24.522 9.375-33.901.04L224 227.495 69.255 381.516c-9.379 9.335-24.544 9.317-33.901-.04l-22.667-22.667c-9.373-9.373-9.373-24.569 0-33.941L207.03 130.525c9.372-9.373 24.568-9.373 33.941-.001z\"><\/path><\/svg><\/div>\n\t\t\t\t\t<\/div>\n\t\t\t\t<div id=\"elementor-toc__iwgw-bunyip-toc\" class=\"elementor-toc__body\">\n\t\t\t<div class=\"elementor-toc__spinner-container\">\n\t\t\t\t<svg class=\"elementor-toc__spinner eicon-animation-spin e-font-icon-svg e-eicon-loading\" aria-hidden=\"true\" viewBox=\"0 0 1000 1000\" xmlns=\"http:\/\/www.w3.org\/2000\/svg\"><path d=\"M500 975V858C696 858 858 696 858 500S696 142 500 142 142 304 142 500H25C25 237 238 25 500 25S975 237 975 500 763 975 500 975Z\"><\/path><\/svg>\t\t\t<\/div>\n\t\t<\/div>\n\t\t\t\t\t\t<\/div>\n\t\t\t\t<\/div>\n\t\t\t\t\t<\/div>\n\t\t\t\t<\/div>\n\t\t<div class=\"elementor-element elementor-element-iwgw-bunyip-hr e-con-full e-flex e-con e-child\" data-id=\"iwgw-bunyip-hr\" data-element_type=\"container\" data-e-type=\"container\">\n\t\t\t\t<div class=\"elementor-element elementor-element-iwgw-bunyip-heroimg iwg-hero-image elementor-widget elementor-widget-image\" data-id=\"iwgw-bunyip-heroimg\" data-element_type=\"widget\" data-e-type=\"widget\" data-widget_type=\"image.default\">\n\t\t\t\t\t\t\t\t\t\t\t\t\t\t\t<img fetchpriority=\"high\" decoding=\"async\" width=\"683\" height=\"1024\" src=\"https:\/\/iwell-guard.com\/wp-content\/uploads\/2026\/05\/daemonen_aboriginal_bunyip-683x1024.webp\" class=\"attachment-large size-large wp-image-2865\" alt=\"Bunyip \u2013 \u00c9sser nociu aqu\u00e0tic de la tradici\u00f3 aborigen\" srcset=\"https:\/\/iwell-guard.com\/wp-content\/uploads\/2026\/05\/daemonen_aboriginal_bunyip-683x1024.webp 683w, https:\/\/iwell-guard.com\/wp-content\/uploads\/2026\/05\/daemonen_aboriginal_bunyip-200x300.webp 200w, https:\/\/iwell-guard.com\/wp-content\/uploads\/2026\/05\/daemonen_aboriginal_bunyip-768x1152.webp 768w, https:\/\/iwell-guard.com\/wp-content\/uploads\/2026\/05\/daemonen_aboriginal_bunyip.webp 1024w\" sizes=\"(max-width: 683px) 100vw, 683px\" \/>\t\t\t\t\t\t\t\t\t\t\t\t\t\t\t<\/div>\n\t\t\t\t<\/div>\n\t\t\t\t\t<\/div>\n\t\t\t\t<\/div>\n\t\t<div class=\"elementor-element elementor-element-iwgw-bunyip-s0 e-flex e-con-boxed e-con e-parent\" data-id=\"iwgw-bunyip-s0\" data-element_type=\"container\" data-e-type=\"container\">\n\t\t\t\t\t<div class=\"e-con-inner\">\n\t\t\t\t<div class=\"elementor-element elementor-element-iwgw-bunyip-s0h elementor-widget elementor-widget-heading\" data-id=\"iwgw-bunyip-s0h\" data-element_type=\"widget\" data-e-type=\"widget\" data-widget_type=\"heading.default\">\n\t\t\t\t\t<h2 class=\"elementor-heading-title elementor-size-default\">Classificaci\u00f3 i perfil breu<\/h2>\t\t\t\t<\/div>\n\t\t<div class=\"elementor-element elementor-element-iwgw-bunyip-s0c e-con-full e-flex e-con e-child\" data-id=\"iwgw-bunyip-s0c\" data-element_type=\"container\" data-e-type=\"container\">\n\t\t\t\t<div class=\"elementor-element elementor-element-iwgw-bunyip-s0t elementor-widget elementor-widget-text-editor\" data-id=\"iwgw-bunyip-s0t\" data-element_type=\"widget\" data-e-type=\"widget\" data-widget_type=\"text-editor.default\">\n\t\t\t\t\t\t\t\t\t<p>El Bunyip (tamb\u00e9 <em>Banib<\/em>, <em>Bunyup<\/em>, <em>Yaa-loo<\/em>) \u00e9s una figura nociva documentada en nombroses lleng\u00fces abor\u00edgens del sud-est d&#8217;Austr\u00e0lia. Viu en basses profundes, aiguamolls i billabongs, i \u00e9s considerat l&#8217;encarnaci\u00f3 de la for\u00e7a aqu\u00e0tica inexplicable i perillosa. Entre els Wiradjuri, Kamilaroi, Kulin, Wemba Wemba, Eora i molts altres grups, se&#8217;l tem.<\/p><p>Dins de la <a href=\"https:\/\/iwell-guard.com\/ca\/australia-aborigen-dreamtime-tjukurpa-objectes-proteccio\/\">tradici\u00f3 aborigen<\/a>, el Bunyip, a difer\u00e8ncia de la <a href=\"https:\/\/iwell-guard.com\/ca\/?page_id=171741\">Rainbow Serpent<\/a>, no \u00e9s una figura creadora sin\u00f3 purament terror\u00edfica. Totes dues estan vinculades a l&#8217;aigua, per\u00f2 mentre la Rainbow Serpent actua de manera creativa i ordenadora, el Bunyip \u00e9s purament amena\u00e7ador.<\/p><p>Des del punt de vista de la hist\u00f2ria de les religions, resulta especialment interessant: el Bunyip \u00e9s una de les poques figures abor\u00edgens que van passar aviat a la cultura popular europeo-australiana. Ja a finals del segle XIX era objecte de literatura infantil, obres de teatre i hist\u00f2ries populars. Aquest proc\u00e9s de transici\u00f3 constitueix un cas d&#8217;estudi important en l&#8217;antropologia religiosa.<\/p>\t\t\t\t\t\t\t\t<\/div>\n\t\t\t\t<\/div>\n\t\t\t\t\t<\/div>\n\t\t\t\t<\/div>\n\t\t<div class=\"elementor-element elementor-element-iwgw-bunyip-s1 e-flex e-con-boxed e-con e-parent\" data-id=\"iwgw-bunyip-s1\" data-element_type=\"container\" data-e-type=\"container\">\n\t\t\t\t\t<div class=\"e-con-inner\">\n\t\t\t\t<div class=\"elementor-element elementor-element-iwgw-bunyip-s1h elementor-widget elementor-widget-heading\" data-id=\"iwgw-bunyip-s1h\" data-element_type=\"widget\" data-e-type=\"widget\" data-widget_type=\"heading.default\">\n\t\t\t\t\t<h2 class=\"elementor-heading-title elementor-size-default\">Nom i etimologia<\/h2>\t\t\t\t<\/div>\n\t\t<div class=\"elementor-element elementor-element-iwgw-bunyip-s1c e-con-full e-flex e-con e-child\" data-id=\"iwgw-bunyip-s1c\" data-element_type=\"container\" data-e-type=\"container\">\n\t\t\t\t<div class=\"elementor-element elementor-element-iwgw-bunyip-s1t elementor-widget elementor-widget-text-editor\" data-id=\"iwgw-bunyip-s1t\" data-element_type=\"widget\" data-e-type=\"widget\" data-widget_type=\"text-editor.default\">\n\t\t\t\t\t\t\t\t\t<p>El nom <em>Bunyip<\/em> \u00e9s una anglicitzaci\u00f3 de diverses paraules de lleng\u00fces abor\u00edgens; la font exacta \u00e9s discutida. Una derivaci\u00f3 tradicional el relaciona amb la paraula wemba-wemba <em>banib<\/em> (\u00abdiable\u00bb, \u00abesperit nociu\u00bb); altres investigadors proposen el mot wathaurong <em>buniya<\/em>.<\/p><p>En les diferents lleng\u00fces abor\u00edgens, l&#8217;\u00e9sser rep noms diversos: <em>Banib<\/em> (wemba wemba), <em>Mungoongarlie<\/em> (variant wiradjuri), <em>Wowee-wowee<\/em> (kulin), <em>Yaa-loo<\/em> (eora). Aquesta diversitat mostra que el \u00abBunyip\u00bb no \u00e9s un \u00e9sser \u00fanic, sin\u00f3 una fam\u00edlia de figures terror\u00edfiques emparentades que la <span class=\"iwg-fachbegriff\" data-tooltip=\"La cultura popular transmesa amb costums, relats i can\u00e7ons.\" tabindex=\"0\">folklore<\/span> europeo-australiana va agrupar sota un mateix nom.<\/p><p>Robert Holden va treballar detalladament la hist\u00f2ria ling\u00fc\u00edstica i folkl\u00f2rica del Bunyip a <em>Bunyips: Australia&#8217;s <span class=\"iwg-fachbegriff\" data-tooltip=\"La cultura popular transmesa amb costums, relats i can\u00e7ons.\" tabindex=\"0\">Folklore<\/span> of Fear<\/em> (2001). El seu llibre \u00e9s la principal obra de refer\u00e8ncia sobre el tema.<\/p>\t\t\t\t\t\t\t\t<\/div>\n\t\t\t\t<\/div>\n\t\t\t\t\t<\/div>\n\t\t\t\t<\/div>\n\t\t<div class=\"elementor-element elementor-element-iwgw-bunyip-s2 e-flex e-con-boxed e-con e-parent\" data-id=\"iwgw-bunyip-s2\" data-element_type=\"container\" data-e-type=\"container\">\n\t\t\t\t\t<div class=\"e-con-inner\">\n\t\t\t\t<div class=\"elementor-element elementor-element-iwgw-bunyip-s2h elementor-widget elementor-widget-heading\" data-id=\"iwgw-bunyip-s2h\" data-element_type=\"widget\" data-e-type=\"widget\" data-widget_type=\"heading.default\">\n\t\t\t\t\t<h2 class=\"elementor-heading-title elementor-size-default\">Descripci\u00f3 i iconografia<\/h2>\t\t\t\t<\/div>\n\t\t<div class=\"elementor-element elementor-element-iwgw-bunyip-s2c e-con-full e-flex e-con e-child\" data-id=\"iwgw-bunyip-s2c\" data-element_type=\"container\" data-e-type=\"container\">\n\t\t\t\t<div class=\"elementor-element elementor-element-iwgw-bunyip-s2t elementor-widget elementor-widget-text-editor\" data-id=\"iwgw-bunyip-s2t\" data-element_type=\"widget\" data-e-type=\"widget\" data-widget_type=\"text-editor.default\">\n\t\t\t\t\t\t\t\t\t<p>Les descripcions del Bunyip varien molt entre els diferents grups abor\u00edgens. Els elements freq\u00fcents inclouen: un cos gran i fosc de forma semblant a una foca, urpes amples, pelatge llarg, ulls incandescents, banyes o excresc\u00e8ncies semblants a cornes, i una veu retronant o lladradissa. Algunes descripcions esmenten un bec o una banya llarga.<\/p><p><span data-nosnippet>Aquesta variabilitat ha portat els investigadors a distingir tres \u00abtipus\u00bb: un de tipus foca, un de tipus bou aqu\u00e0tic i un de tipus serp. Robert Holden va sistematitzar aquesta tipologia a <em>Bunyips<\/em> (2001).<\/span><\/p><p><span data-nosnippet>A la cultura popular australiana, des de finals del segle XIX, s&#8217;ha consolidat una iconografia del Bunyip diferent: un \u00e9sser m\u00e9s b\u00e9 entendridor, semblant a un cangur, amb una cua llarga i cara amable. Aquesta domesticaci\u00f3 en la literatura infantil (per exemple, <em>The Bunyip of Berkeley&#8217;s Creek<\/em> de Jenny Wagner, 1973) ha suavitzat en gran mesura el car\u00e0cter terror\u00edfic original.<\/span><\/p>\t\t\t\t\t\t\t\t<\/div>\n\t\t\t\t<\/div>\n\t\t\t\t\t<\/div>\n\t\t\t\t<\/div>\n\t\t<div class=\"elementor-element elementor-element-iwgw-bunyip-s3 e-flex e-con-boxed e-con e-parent\" data-id=\"iwgw-bunyip-s3\" data-element_type=\"container\" data-e-type=\"container\">\n\t\t\t\t\t<div class=\"e-con-inner\">\n\t\t\t\t<div class=\"elementor-element elementor-element-iwgw-bunyip-s3h elementor-widget elementor-widget-heading\" data-id=\"iwgw-bunyip-s3h\" data-element_type=\"widget\" data-e-type=\"widget\" data-widget_type=\"heading.default\">\n\t\t\t\t\t<h2 class=\"elementor-heading-title elementor-size-default\">Relats mitol\u00f2gics<\/h2>\t\t\t\t<\/div>\n\t\t<div class=\"elementor-element elementor-element-iwgw-bunyip-s3c e-con-full e-flex e-con e-child\" data-id=\"iwgw-bunyip-s3c\" data-element_type=\"container\" data-e-type=\"container\">\n\t\t\t\t<div class=\"elementor-element elementor-element-iwgw-bunyip-s3t elementor-widget elementor-widget-text-editor\" data-id=\"iwgw-bunyip-s3t\" data-element_type=\"widget\" data-e-type=\"widget\" data-widget_type=\"text-editor.default\">\n\t\t\t\t\t\t\t\t\t<p>El relat t\u00edpic del Bunyip segueix un esquema: alg\u00fa (normalment una dona, un infant o un home imprudent) s&#8217;apropa sense perm\u00eds a una bassa sagrada; se sent un crit retronant; l&#8217;aigua es torna agitada; apareix una figura negra; la persona \u00e9s arrossegada cap al fons i no torna a ser vista mai m\u00e9s.<\/p><p><span data-nosnippet>A. W. Howitt va recollir diversos relats d&#8217;aquest tipus procedents de diferents grups ling\u00fc\u00edstics abor\u00edgens a <em>The Native Tribes of South-East Australia<\/em> (1904). Segueixen un esquema narratiu coherent, la qual cosa suggereix que es tracta d&#8217;una tradici\u00f3 narrativa panaustraliana del sud-est.<\/span><\/p><p>Un relat de Bunyip especialment conegut prov\u00e9 de la regi\u00f3 de Tatjarra (zona de Mallee): un jove va ignorar l&#8217;advertiment dels ancians de no entrar en una bassa sagrada; el Bunyip el va arrossegar cap al fons, i es diu que els seus ossos encara es poden veure avui al fons de la bassa.<\/p>\t\t\t\t\t\t\t\t<\/div>\n\t\t\t\t<\/div>\n\t\t\t\t\t<\/div>\n\t\t\t\t<\/div>\n\t\t<div class=\"elementor-element elementor-element-iwgw-bunyip-s4 e-flex e-con-boxed e-con e-parent\" data-id=\"iwgw-bunyip-s4\" data-element_type=\"container\" data-e-type=\"container\">\n\t\t\t\t\t<div class=\"e-con-inner\">\n\t\t\t\t<div class=\"elementor-element elementor-element-iwgw-bunyip-s4h elementor-widget elementor-widget-heading\" data-id=\"iwgw-bunyip-s4h\" data-element_type=\"widget\" data-e-type=\"widget\" data-widget_type=\"heading.default\">\n\t\t\t\t\t<h2 class=\"elementor-heading-title elementor-size-default\">Culte i veneraci\u00f3<\/h2>\t\t\t\t<\/div>\n\t\t<div class=\"elementor-element elementor-element-iwgw-bunyip-s4c e-con-full e-flex e-con e-child\" data-id=\"iwgw-bunyip-s4c\" data-element_type=\"container\" data-e-type=\"container\">\n\t\t\t\t<div class=\"elementor-element elementor-element-iwgw-bunyip-s4t elementor-widget elementor-widget-text-editor\" data-id=\"iwgw-bunyip-s4t\" data-element_type=\"widget\" data-e-type=\"widget\" data-widget_type=\"text-editor.default\">\n\t\t\t\t\t\t\t\t\t<p>El Bunyip no t\u00e9 un <span class=\"iwg-fachbegriff\" data-tooltip=\"El conjunt d'actes de veneraci\u00f3 religiosa cap a una divinitat o figura sagrada.\" tabindex=\"0\">culte<\/span> en sentit estricte; \u00e9s una figura terror\u00edfica que s&#8217;evita, no un poder al qual se serveix. A la pr\u00e0ctica, aix\u00f2 significa que certes basses i zones d&#8217;aiguamolls s&#8217;eviten, especialment de nit; els infants s\u00f3n advertits amb hist\u00f2ries del Bunyip; els viatgers eviten certes rutes a les zones d&#8217;aiguamolls.<\/p><p>Aquests relats terror\u00edfics tenen una funci\u00f3 pedag\u00f2gica: adverteixen dels perills reals de les zones d&#8217;aiguamolls (ofegament, cocodrils, sorres movents) mitjan\u00e7ant un disfressa m\u00edtica. Des de l&#8217;antropologia religiosa, es tracta d&#8217;un exemple cl\u00e0ssic de la funci\u00f3 ecol\u00f2gico-pedag\u00f2gica de les hist\u00f2ries de terror.<\/p><p>A la <span class=\"iwg-fachbegriff\" data-tooltip=\"La cultura popular transmesa amb costums, relats i can\u00e7ons.\" tabindex=\"0\">folklore<\/span> europeo-australiana, el Bunyip ha assumit un paper diferent: es va convertir en figura d&#8217;identificaci\u00f3 d&#8217;una <span class=\"iwg-fachbegriff\" data-tooltip=\"La cultura popular transmesa amb costums, relats i can\u00e7ons.\" tabindex=\"0\">folklore<\/span> \u00abaustraliana\u00bb que volia distingir-se de l&#8217;europea. Aquest proc\u00e9s d&#8217;apropiaci\u00f3 est\u00e0 documentat des de finals del segle XIX.<\/p>\t\t\t\t\t\t\t\t<\/div>\n\t\t\t\t<\/div>\n\t\t\t\t\t<\/div>\n\t\t\t\t<\/div>\n\t\t<div class=\"elementor-element elementor-element-iwgw-bunyip-s5 e-flex e-con-boxed e-con e-parent\" data-id=\"iwgw-bunyip-s5\" data-element_type=\"container\" data-e-type=\"container\">\n\t\t\t\t\t<div class=\"e-con-inner\">\n\t\t\t\t<div class=\"elementor-element elementor-element-iwgw-bunyip-s5h elementor-widget elementor-widget-heading\" data-id=\"iwgw-bunyip-s5h\" data-element_type=\"widget\" data-e-type=\"widget\" data-widget_type=\"heading.default\">\n\t\t\t\t\t<h2 class=\"elementor-heading-title elementor-size-default\">Pr\u00e0ctica de protecci\u00f3 i elements apotropaics<\/h2>\t\t\t\t<\/div>\n\t\t<div class=\"elementor-element elementor-element-iwgw-bunyip-s5c e-con-full e-flex e-con e-child\" data-id=\"iwgw-bunyip-s5c\" data-element_type=\"container\" data-e-type=\"container\">\n\t\t\t\t<div class=\"elementor-element elementor-element-iwgw-bunyip-s5t elementor-widget elementor-widget-text-editor\" data-id=\"iwgw-bunyip-s5t\" data-element_type=\"widget\" data-e-type=\"widget\" data-widget_type=\"text-editor.default\">\n\t\t\t\t\t\t\t\t\t<p>Descrit des de la ci\u00e8ncia de la religi\u00f3: les pr\u00e0ctiques apotropaiques contra el bunyip inclouen evitar certs bassals d&#8217;aigua, evitar pernoctar a la vora de l&#8217;aigua, cantar en veu alta en travessar zones de pant\u00e0 (als bunyips no els agrada el soroll) i llan\u00e7ar pedres petites a l&#8217;aigua abans de beure (per \u00abdespertar el bunyip\u00bb).<\/p><p>Una pr\u00e0ctica espec\u00edfica \u00e9s invocar els ancians de la tribu abans d&#8217;utilitzar un nou bassal d&#8217;aigua; els ancians determinen si el bassal \u00e9s \u00abpur\u00bb o \u00abterra de bunyip\u00bb. Aquesta determinaci\u00f3 forma part de la pr\u00e0ctica ecol\u00f2gica tradicional.<\/p><p>Des de la perspectiva etnogr\u00e0fica externa, aquestes pr\u00e0ctiques s\u00f3n regles que estructuren la vida quotidiana i que combinen la prud\u00e8ncia ecol\u00f2gica amb l&#8217;autoritat social. Les hist\u00f2ries de bunyip eren un mitj\u00e0 central de transmissi\u00f3 oral del coneixement sobre els perills de l&#8217;aigua.<\/p>\t\t\t\t\t\t\t\t<\/div>\n\t\t\t\t<\/div>\n\t\t\t\t\t<\/div>\n\t\t\t\t<\/div>\n\t\t<div class=\"elementor-element elementor-element-iwgw-bunyip-s6 e-flex e-con-boxed e-con e-parent\" data-id=\"iwgw-bunyip-s6\" data-element_type=\"container\" data-e-type=\"container\">\n\t\t\t\t\t<div class=\"e-con-inner\">\n\t\t\t\t<div class=\"elementor-element elementor-element-iwgw-bunyip-s6h elementor-widget elementor-widget-heading\" data-id=\"iwgw-bunyip-s6h\" data-element_type=\"widget\" data-e-type=\"widget\" data-widget_type=\"heading.default\">\n\t\t\t\t\t<h2 class=\"elementor-heading-title elementor-size-default\">Paral\u00b7lelismes en altres cultures<\/h2>\t\t\t\t<\/div>\n\t\t<div class=\"elementor-element elementor-element-iwgw-bunyip-s6c e-con-full e-flex e-con e-child\" data-id=\"iwgw-bunyip-s6c\" data-element_type=\"container\" data-e-type=\"container\">\n\t\t\t\t<div class=\"elementor-element elementor-element-iwgw-bunyip-s6t elementor-widget elementor-widget-text-editor\" data-id=\"iwgw-bunyip-s6t\" data-element_type=\"widget\" data-e-type=\"widget\" data-widget_type=\"text-editor.default\">\n\t\t\t\t\t\t\t\t\t<p>Els \u00e9ssers nocius aqu\u00e0tics estan documentats arreu del m\u00f3n des de la fenomenologia de la religi\u00f3. Comparables estructuralment s\u00f3n: la kelpie escocesa, l&#8217;each-uisge irland\u00e8s, el nix n\u00f2rdic, el vodyanoy eslau, el kappa japon\u00e8s i el mo&#8217;o hawai\u00e0. En tots els casos es tracta d&#8217;\u00e9ssers terror\u00edfics vinculats a l&#8217;aigua que arrosseguen cap a les profunditats les persones imprudents.<\/p><p>El punt clau fenomenol\u00f2gic d&#8217;aquests \u00e9ssers \u00e9s la seva funci\u00f3 d&#8217;advert\u00e8ncia: disfressen perills aqu\u00e0tics reals en forma m\u00edtica. El bunyip \u00e9s aqu\u00ed la variant caracter\u00edstica d&#8217;Austr\u00e0lia, que destaca sobretot per la diversitat de les descripcions i per la posterior apropiaci\u00f3 euroaustraliana.<\/p><p>Un fet interessant des de la hist\u00f2ria de la religi\u00f3: a difer\u00e8ncia dels \u00e9ssers nocius aqu\u00e0tics europeus, sovint vinculats a religions ind\u00edgenes precristianes, el bunyip s&#8217;arrela en una tradici\u00f3 ind\u00edgena cont\u00ednua que encara avui \u00e9s viva. Aquesta continu\u00eftat el converteix en un cas d&#8217;estudi cient\u00edfic particularment interessant.<\/p>\t\t\t\t\t\t\t\t<\/div>\n\t\t\t\t<\/div>\n\t\t\t\t\t<\/div>\n\t\t\t\t<\/div>\n\t\t<div class=\"elementor-element elementor-element-iwgw-bunyip-s7 e-flex e-con-boxed e-con e-parent\" data-id=\"iwgw-bunyip-s7\" data-element_type=\"container\" data-e-type=\"container\">\n\t\t\t\t\t<div class=\"e-con-inner\">\n\t\t\t\t<div class=\"elementor-element elementor-element-iwgw-bunyip-s7h elementor-widget elementor-widget-heading\" data-id=\"iwgw-bunyip-s7h\" data-element_type=\"widget\" data-e-type=\"widget\" data-widget_type=\"heading.default\">\n\t\t\t\t\t<h2 class=\"elementor-heading-title elementor-size-default\">Recepci\u00f3 i investigaci\u00f3 actuals<\/h2>\t\t\t\t<\/div>\n\t\t<div class=\"elementor-element elementor-element-iwgw-bunyip-s7c e-con-full e-flex e-con e-child\" data-id=\"iwgw-bunyip-s7c\" data-element_type=\"container\" data-e-type=\"container\">\n\t\t\t\t<div class=\"elementor-element elementor-element-iwgw-bunyip-s7t elementor-widget elementor-widget-text-editor\" data-id=\"iwgw-bunyip-s7t\" data-element_type=\"widget\" data-e-type=\"widget\" data-widget_type=\"text-editor.default\">\n\t\t\t\t\t\t\t\t\t<p>Les fonts primerenques m\u00e9s importants s\u00f3n <em>The Aborigines of Victoria<\/em> (1878) de Robert Brough Smyth i <em>The Native Tribes of South-East Australia<\/em> (1904) d&#8217;A. W. Howitt. Ambdues obres recullen relats de bunyip de diversos grups ling\u00fc\u00edstics.<\/p><p><span data-nosnippet><em>Bunyips: Australia&#8217;s <span class=\"iwg-fachbegriff\" data-tooltip=\"La cultura popular transmesa amb costums, relats i can\u00e7ons.\" tabindex=\"0\">Folklore<\/span> of Fear<\/em> (2001) de Robert Holden \u00e9s el resum contemporani m\u00e9s important. Combina la tradici\u00f3 aborigen, el <span class=\"iwg-fachbegriff\" data-tooltip=\"La cultura popular transmesa amb costums, relats i can\u00e7ons.\" tabindex=\"0\">folklore<\/span> euroaustrali\u00e0 i la cultura popular en una presentaci\u00f3 exhaustiva.<\/span><\/p><p>En l&#8217;autorepresentaci\u00f3 aborigen contempor\u00e0nia, el bunyip es tracta relativament poc; no forma part de les figures d&#8217;identificaci\u00f3 del renaixement aborigen actual. Diverses veus ind\u00edgenes adverteixen del risc de \u00abdomesticar-lo\u00bb i d&#8217;ocultar el seu car\u00e0cter terror\u00edfic original.<\/p>\t\t\t\t\t\t\t\t<\/div>\n\t\t\t\t<\/div>\n\t\t\t\t\t<\/div>\n\t\t\t\t<\/div>\n\t\t<div class=\"elementor-element elementor-element-iwgw-bunyip-s8 e-flex e-con-boxed e-con e-parent\" data-id=\"iwgw-bunyip-s8\" data-element_type=\"container\" data-e-type=\"container\">\n\t\t\t\t\t<div class=\"e-con-inner\">\n\t\t\t\t<div class=\"elementor-element elementor-element-iwgw-bunyip-s8h elementor-widget elementor-widget-heading\" data-id=\"iwgw-bunyip-s8h\" data-element_type=\"widget\" data-e-type=\"widget\" data-widget_type=\"heading.default\">\n\t\t\t\t\t<h2 class=\"elementor-heading-title elementor-size-default\">Debats de recerca i q\u00fcestions obertes<\/h2>\t\t\t\t<\/div>\n\t\t<div class=\"elementor-element elementor-element-iwgw-bunyip-s8c e-con-full e-flex e-con e-child\" data-id=\"iwgw-bunyip-s8c\" data-element_type=\"container\" data-e-type=\"container\">\n\t\t\t\t<div class=\"elementor-element elementor-element-iwgw-bunyip-s8t elementor-widget elementor-widget-text-editor\" data-id=\"iwgw-bunyip-s8t\" data-element_type=\"widget\" data-e-type=\"widget\" data-widget_type=\"text-editor.default\">\n\t\t\t\t\t\t\t\t\t<p><span data-nosnippet>Diversos debats de recerca giren al voltant del bunyip. En primer lloc: la idea del bunyip prov\u00e9 d&#8217;un record de grans animals del Plistoc\u00e8 (diprotodon, cangurs gigants) els ossos dels quals els abor\u00edgens trobaven als bassals d&#8217;aigua? Aquesta hip\u00f2tesi (Owen, 1872) \u00e9s avui controvertida, per\u00f2 no del tot abandonada.<\/span><\/p><p>En segon lloc: com es relaciona la idea del bunyip amb la tradici\u00f3 de la Serp Arc de Sant Mart\u00ed? Ambd\u00f3s estan vinculats a l&#8217;aigua, per\u00f2 funcionalment s\u00f3n diferents. Hist\u00f2ricament \u00e9s probable que hi hagi encavalcaments.<\/p><p>En tercer lloc: com cal tractar l&#8217;apropiaci\u00f3 euroaustraliana del bunyip? Aqu\u00ed la recerca sobre <span class=\"iwg-fachbegriff\" data-tooltip=\"La cultura popular transmesa amb costums, relats i can\u00e7ons.\" tabindex=\"0\">folklore<\/span> es combina amb els estudis postcolonials. La suavitzaci\u00f3 del bunyip a la literatura infantil \u00e9s una forma d&#8217;apropiaci\u00f3 cultural ind\u00edgena, amb implicacions \u00e8tiques que es debaten cr\u00edticament.<\/p>\t\t\t\t\t\t\t\t<\/div>\n\t\t\t\t<\/div>\n\t\t\t\t\t<\/div>\n\t\t\t\t<\/div>\n\t\t<div class=\"elementor-element elementor-element-iwgw-bunyip-s9 e-flex e-con-boxed e-con e-parent\" data-id=\"iwgw-bunyip-s9\" data-element_type=\"container\" data-e-type=\"container\">\n\t\t\t\t\t<div class=\"e-con-inner\">\n\t\t\t\t<div class=\"elementor-element elementor-element-iwgw-bunyip-s9h elementor-widget elementor-widget-heading\" data-id=\"iwgw-bunyip-s9h\" data-element_type=\"widget\" data-e-type=\"widget\" data-widget_type=\"heading.default\">\n\t\t\t\t\t<h2 class=\"elementor-heading-title elementor-size-default\">El bunyip en el folklore australoeuropeu<\/h2>\t\t\t\t<\/div>\n\t\t<div class=\"elementor-element elementor-element-iwgw-bunyip-s9c e-con-full e-flex e-con e-child\" data-id=\"iwgw-bunyip-s9c\" data-element_type=\"container\" data-e-type=\"container\">\n\t\t\t\t<div class=\"elementor-element elementor-element-iwgw-bunyip-s9t elementor-widget elementor-widget-text-editor\" data-id=\"iwgw-bunyip-s9t\" data-element_type=\"widget\" data-e-type=\"widget\" data-widget_type=\"text-editor.default\">\n\t\t\t\t\t\t\t\t\t<p>La recepci\u00f3 del bunyip en el <span class=\"iwg-fachbegriff\" data-tooltip=\"La cultura popular transmesa amb costums, relats i can\u00e7ons.\" tabindex=\"0\">folklore<\/span> euroaustrali\u00e0 mereix una atenci\u00f3 especial. Ja a les d\u00e8cades de 1840 i 1850 apareixen relats sobre bunyips als diaris de les col\u00f2nies; es reportaven diverses \u00abobservacions\u00bb a pantans, algunes fins i tot amb descripcions dibuixades.<\/p><p>El bunyip es va convertir en figura d&#8217;identificaci\u00f3 d&#8217;una identitat \u00abaustraliana\u00bb del <span class=\"iwg-fachbegriff\" data-tooltip=\"La cultura popular transmesa amb costums, relats i can\u00e7ons.\" tabindex=\"0\">folklore<\/span>. A finals del segle XIX, aquesta apropiaci\u00f3 es va vincular amb el projecte pol\u00edtic d&#8217;una \u00abnaci\u00f3 australiana\u00bb que volia distingir-se de la metr\u00f2poli brit\u00e0nica. Robert Holden ha discutit \u00e0mpliament aquesta dimensi\u00f3 pol\u00edtica a <em>Bunyips<\/em> (2001).<\/p><p>En la literatura infantil contempor\u00e0nia, el bunyip \u00e9s una figura consolidada; <em>The Bunyip of Berkeley&#8217;s Creek<\/em> (1973) de Jenny Wagner, <em>Hairy Bill<\/em> de Wahlin i molts altres llibres han domesticat el bunyip en un compatriota australi\u00e0 amable i estrafolari.<\/p>\t\t\t\t\t\t\t\t<\/div>\n\t\t\t\t<\/div>\n\t\t\t\t\t<\/div>\n\t\t\t\t<\/div>\n\t\t<div class=\"elementor-element elementor-element-iwgw-bunyip-s10 e-flex e-con-boxed e-con e-parent\" data-id=\"iwgw-bunyip-s10\" data-element_type=\"container\" data-e-type=\"container\">\n\t\t\t\t\t<div class=\"e-con-inner\">\n\t\t\t\t<div class=\"elementor-element elementor-element-iwgw-bunyip-s10h elementor-widget elementor-widget-heading\" data-id=\"iwgw-bunyip-s10h\" data-element_type=\"widget\" data-e-type=\"widget\" data-widget_type=\"heading.default\">\n\t\t\t\t\t<h2 class=\"elementor-heading-title elementor-size-default\">El bunyip i la pr\u00e0ctica ecol\u00f2gica<\/h2>\t\t\t\t<\/div>\n\t\t<div class=\"elementor-element elementor-element-iwgw-bunyip-s10c e-con-full e-flex e-con e-child\" data-id=\"iwgw-bunyip-s10c\" data-element_type=\"container\" data-e-type=\"container\">\n\t\t\t\t<div class=\"elementor-element elementor-element-iwgw-bunyip-s10t elementor-widget elementor-widget-text-editor\" data-id=\"iwgw-bunyip-s10t\" data-element_type=\"widget\" data-e-type=\"widget\" data-widget_type=\"text-editor.default\">\n\t\t\t\t\t\t\t\t\t<p>Una perspectiva interessant des de l&#8217;antropologia de la religi\u00f3 vincula la tradici\u00f3 del bunyip amb la pr\u00e0ctica ecol\u00f2gica de les comunitats abor\u00edgens. Les hist\u00f2ries de bunyip servien per advertir de perills aqu\u00e0tics reals: cocodrils al nord d&#8217;Austr\u00e0lia, sorres movedisses en zones de pant\u00e0, corrents perilloses als rius.<\/p><p>Des d&#8217;aquesta perspectiva, els relats de bunyip s\u00f3n un exemple cl\u00e0ssic de la \u00abfunci\u00f3 ecol\u00f2gica\u00bb dels relats tradicionals, tal com Deborah Bird Rose ha descrit per a altres relats abor\u00edgens a <em>Nourishing Terrains<\/em> (1996).<\/p><p>Aquesta perspectiva ecol\u00f2gica canvia la imatge del bunyip: no \u00e9s (nom\u00e9s) un \u00e9sser terror\u00edfic superstici\u00f3s, sin\u00f3 una codificaci\u00f3 cultural de riscos reals. Aquesta codificaci\u00f3 era pedag\u00f2gicament efica\u00e7 perqu\u00e8 transmetia els riscos amb una for\u00e7a emocional intensa.<\/p>\t\t\t\t\t\t\t\t<\/div>\n\t\t\t\t<\/div>\n\t\t\t\t\t<\/div>\n\t\t\t\t<\/div>\n\t\t<div class=\"elementor-element elementor-element-iwgw-bunyip-s11 e-flex e-con-boxed e-con e-parent\" data-id=\"iwgw-bunyip-s11\" data-element_type=\"container\" data-e-type=\"container\">\n\t\t\t\t\t<div class=\"e-con-inner\">\n\t\t\t\t<div class=\"elementor-element elementor-element-iwgw-bunyip-s11h elementor-widget elementor-widget-heading\" data-id=\"iwgw-bunyip-s11h\" data-element_type=\"widget\" data-e-type=\"widget\" data-widget_type=\"heading.default\">\n\t\t\t\t\t<h2 class=\"elementor-heading-title elementor-size-default\">Reflexi\u00f3 metodol\u00f2gica i fonts<\/h2>\t\t\t\t<\/div>\n\t\t<div class=\"elementor-element elementor-element-iwgw-bunyip-s11c e-con-full e-flex e-con e-child\" data-id=\"iwgw-bunyip-s11c\" data-element_type=\"container\" data-e-type=\"container\">\n\t\t\t\t<div class=\"elementor-element elementor-element-iwgw-bunyip-s11t elementor-widget elementor-widget-text-editor\" data-id=\"iwgw-bunyip-s11t\" data-element_type=\"widget\" data-e-type=\"widget\" data-widget_type=\"text-editor.default\">\n\t\t\t\t\t\t\t\t\t<p>En la recerca sobre el bunyip sorgeixen diversos problemes metodol\u00f2gics. Primer: les fonts primerenques m\u00e9s importants s\u00f3n perspectives colonials externes, que sovint van sensacionalitzar o idealitzar les narracions originals abor\u00edgens. Cal, doncs, una an\u00e0lisi cr\u00edtica de les fonts.<\/p><p>Segon: la tradici\u00f3 del bunyip \u00e9s avui menys viva que altres tradicions abor\u00edgens; s&#8217;han perdut moltes variants locals. El que sabem avui prov\u00e9 majorit\u00e0riament dels registres del segle XIX.<\/p><p>Tercer: l&#8217;apropiaci\u00f3 euroaustraliana del bunyip \u00e9s cient\u00edficament complexa i combina la recerca en <span class=\"iwg-fachbegriff\" data-tooltip=\"La cultura popular transmesa amb costums, narracions i can\u00e7ons.\" tabindex=\"0\">folklore<\/span> amb els estudis postcolonials. Un tractament diferenciat hauria de tenir en compte ambdues perspectives.<\/p><p>Qui vulgui estudiar el complex del bunyip en tota la seva amplitud trobar\u00e0 a la p\u00e0gina de refer\u00e8ncia <a href=\"https:\/\/iwell-guard.com\/ca\/australia-aborigen-dreamtime-tjukurpa-objectes-proteccio\/\">Tradici\u00f3 aborigen<\/a> les remissions m\u00e9s importants a figures relacionades com el <a href=\"https:\/\/iwell-guard.com\/ca\/?page_id=171749\">Yowie<\/a>, la <a href=\"https:\/\/iwell-guard.com\/ca\/?page_id=171741\">Serp de l&#8217;Arc de Sant Mart\u00ed<\/a> i els <a href=\"https:\/\/iwell-guard.com\/ca\/?page_id=171747\">esperits Mimi<\/a>.<\/p>\t\t\t\t\t\t\t\t<\/div>\n\t\t\t\t<\/div>\n\t\t\t\t\t<\/div>\n\t\t\t\t<\/div>\n\t\t<div class=\"elementor-element elementor-element-iwgw-bunyip-s12 e-flex e-con-boxed e-con e-parent\" data-id=\"iwgw-bunyip-s12\" data-element_type=\"container\" data-e-type=\"container\">\n\t\t\t\t\t<div class=\"e-con-inner\">\n\t\t\t\t<div class=\"elementor-element elementor-element-iwgw-bunyip-s12h elementor-widget elementor-widget-heading\" data-id=\"iwgw-bunyip-s12h\" data-element_type=\"widget\" data-e-type=\"widget\" data-widget_type=\"heading.default\">\n\t\t\t\t\t<h2 class=\"elementor-heading-title elementor-size-default\">El bunyip i les especulacions paleontol\u00f2giques<\/h2>\t\t\t\t<\/div>\n\t\t<div class=\"elementor-element elementor-element-iwgw-bunyip-s12c e-con-full e-flex e-con e-child\" data-id=\"iwgw-bunyip-s12c\" data-element_type=\"container\" data-e-type=\"container\">\n\t\t\t\t<div class=\"elementor-element elementor-element-iwgw-bunyip-s12t elementor-widget elementor-widget-text-editor\" data-id=\"iwgw-bunyip-s12t\" data-element_type=\"widget\" data-e-type=\"widget\" data-widget_type=\"text-editor.default\">\n\t\t\t\t\t\t\t\t\t<p><span data-nosnippet>Una l\u00ednia de recerca pr\u00f2pia s&#8217;ocupa de les especulacions paleontol\u00f2giques sobre el bunyip. Ja el 1872, Richard Owen va suggerir que la imatge del bunyip podria ser un record aborigen de grans animals del Plistoc\u00e8 com el Diprotodon, el Zygomaturus i el Genyornis. Aquests animals es van extingir fa uns 40.000 anys, poc despr\u00e9s de l&#8217;arribada dels primers \u00e9ssers humans a Austr\u00e0lia.<\/span><\/p><p>Aquesta hip\u00f2tesi \u00e9s controvertida des de l&#8217;antropologia religiosa. D&#8217;una banda, podria explicar una llarga tradici\u00f3 oral que s&#8217;est\u00e9n al llarg de desenes de milers d&#8217;anys; d&#8217;altra banda, \u00e9s especulativa i no est\u00e0 ben documentada. Robert Holden l&#8217;ha discutit cr\u00edticament a <em>Bunyips<\/em> (2001).<\/p><p><span data-nosnippet>En un sentit m\u00e9s ampli, aquest debat \u00e9s un exemple did\u00e0ctic de fins a quin punt les tradicions orals ind\u00edgenes poden conservar realitats hist\u00f2riques. El fet que les narracions abor\u00edgens conservin records de la pujada del nivell del mar de fa 8.000 anys (Patrick Nunn, <em>The Edge of Memory<\/em>, 2018) suggereix que records d&#8217;una antiguitat similar s\u00f3n en principi possibles.<\/span><\/p>\t\t\t\t\t\t\t\t<\/div>\n\t\t\t\t<\/div>\n\t\t\t\t\t<\/div>\n\t\t\t\t<\/div>\n\t\t<div class=\"elementor-element elementor-element-iwgw-bunyip-s13 e-flex e-con-boxed e-con e-parent\" data-id=\"iwgw-bunyip-s13\" data-element_type=\"container\" data-e-type=\"container\">\n\t\t\t\t\t<div class=\"e-con-inner\">\n\t\t\t\t<div class=\"elementor-element elementor-element-iwgw-bunyip-s13h elementor-widget elementor-widget-heading\" data-id=\"iwgw-bunyip-s13h\" data-element_type=\"widget\" data-e-type=\"widget\" data-widget_type=\"heading.default\">\n\t\t\t\t\t<h2 class=\"elementor-heading-title elementor-size-default\">El bunyip en la identitat australiana<\/h2>\t\t\t\t<\/div>\n\t\t<div class=\"elementor-element elementor-element-iwgw-bunyip-s13c e-con-full e-flex e-con e-child\" data-id=\"iwgw-bunyip-s13c\" data-element_type=\"container\" data-e-type=\"container\">\n\t\t\t\t<div class=\"elementor-element elementor-element-iwgw-bunyip-s13t elementor-widget elementor-widget-text-editor\" data-id=\"iwgw-bunyip-s13t\" data-element_type=\"widget\" data-e-type=\"widget\" data-widget_type=\"text-editor.default\">\n\t\t\t\t\t\t\t\t\t<p>Mereix un estudi especial el paper del bunyip en la identitat australiana. A finals del segle XIX, el bunyip es va convertir en figura d&#8217;identificaci\u00f3 d&#8217;una \u00abnaci\u00f3 australiana\u00bb: a difer\u00e8ncia dels dracs i les fades europees, havia de marcar una identitat de <span class=\"iwg-fachbegriff\" data-tooltip=\"La cultura popular transmesa amb costums, narracions i can\u00e7ons.\" tabindex=\"0\">folklore<\/span> espec\u00edficament australiana.<\/p><p>Aquesta apropiaci\u00f3 pol\u00edtica \u00e9s reveladora des de la hist\u00f2ria de les religions. Mostra com continguts religiosos ind\u00edgenes poden esdevenir s\u00edmbols nacionals durant el per\u00edode colonial, un proc\u00e9s ambivalent que en el debat aborigen contemporani es reflexiona cr\u00edticament.<\/p><p>Robert Holden ha discutit \u00e0mpliament la dimensi\u00f3 pol\u00edtica d&#8217;aquesta apropiaci\u00f3 a <em>Bunyips<\/em> (2001). \u00c9s un exemple did\u00e0ctic dels estudis postcolonials en un context australi\u00e0.<\/p>\t\t\t\t\t\t\t\t<\/div>\n\t\t\t\t<\/div>\n\t\t\t\t\t<\/div>\n\t\t\t\t<\/div>\n\t\t<div class=\"elementor-element elementor-element-iwgw-bunyip-s14 e-flex e-con-boxed e-con e-parent\" data-id=\"iwgw-bunyip-s14\" data-element_type=\"container\" data-e-type=\"container\">\n\t\t\t\t\t<div class=\"e-con-inner\">\n\t\t\t\t<div class=\"elementor-element elementor-element-iwgw-bunyip-s14h elementor-widget elementor-widget-heading\" data-id=\"iwgw-bunyip-s14h\" data-element_type=\"widget\" data-e-type=\"widget\" data-widget_type=\"heading.default\">\n\t\t\t\t\t<h2 class=\"elementor-heading-title elementor-size-default\">El bunyip i la mem\u00f2ria de la tradici\u00f3 oral de Patrick Nunn<\/h2>\t\t\t\t<\/div>\n\t\t<div class=\"elementor-element elementor-element-iwgw-bunyip-s14c e-con-full e-flex e-con e-child\" data-id=\"iwgw-bunyip-s14c\" data-element_type=\"container\" data-e-type=\"container\">\n\t\t\t\t<div class=\"elementor-element elementor-element-iwgw-bunyip-s14t elementor-widget elementor-widget-text-editor\" data-id=\"iwgw-bunyip-s14t\" data-element_type=\"widget\" data-e-type=\"widget\" data-widget_type=\"text-editor.default\">\n\t\t\t\t\t\t\t\t\t<p><span data-nosnippet>Una hip\u00f2tesi especialment interessant prov\u00e9 de la recerca m\u00e9s recent sobre la \u00abprofunditat de la mem\u00f2ria oral\u00bb. Patrick Nunn ha demostrat a <em>The Edge of Memory<\/em> (2018) que moltes narracions abor\u00edgens conserven records d&#8217;esdeveniments hist\u00f2rics reals, entre ells la pujada del nivell del mar de fa uns 7.000-8.000 anys.<\/span><\/p><p>La tesi de Nunn \u00e9s cient\u00edficament revolucion\u00e0ria: implica que les tradicions orals poden transmetre records estables durant mil\u00b7lennis. Per a la tradici\u00f3 del bunyip, aix\u00f2 obre la possibilitat que la imatge original es remunti realment a un record de grans animals del Plistoc\u00e8 (Diprotodon, Zygomaturus).<\/p><p>Aquesta tesi continua sent especulativa, per\u00f2 obre un camp de recerca interessant en la intersecci\u00f3 entre l&#8217;etnologia religiosa, l&#8217;<span class=\"iwg-fachbegriff\" data-tooltip=\"Ci\u00e8ncia que estudia cultures passades a partir de les seves restes materials.\" tabindex=\"0\">arqueologia<\/span> i l&#8217;antropologia cognitiva. Tamb\u00e9 canvia la valoraci\u00f3 epist\u00e8mica de les narracions ind\u00edgenes: no com a \u00ab<span class=\"iwg-fachbegriff\" data-tooltip=\"Denominaci\u00f3 despectiva per a idees considerades religioses sense fonament.\" tabindex=\"0\">superstici\u00f3<\/span>\u00bb, sin\u00f3 com a fonts hist\u00f2riques potencials.<\/p>\t\t\t\t\t\t\t\t<\/div>\n\t\t\t\t<\/div>\n\t\t\t\t\t<\/div>\n\t\t\t\t<\/div>\n\t\t<div class=\"elementor-element elementor-element-iwgw-bunyip-s15 e-flex e-con-boxed e-con e-parent\" data-id=\"iwgw-bunyip-s15\" data-element_type=\"container\" data-e-type=\"container\">\n\t\t\t\t\t<div class=\"e-con-inner\">\n\t\t\t\t<div class=\"elementor-element elementor-element-iwgw-bunyip-s15h elementor-widget elementor-widget-heading\" data-id=\"iwgw-bunyip-s15h\" data-element_type=\"widget\" data-e-type=\"widget\" data-widget_type=\"heading.default\">\n\t\t\t\t\t<h2 class=\"elementor-heading-title elementor-size-default\">El bunyip i la identitat folkl\u00f2rica australiana<\/h2>\t\t\t\t<\/div>\n\t\t<div class=\"elementor-element elementor-element-iwgw-bunyip-s15c e-con-full e-flex e-con e-child\" data-id=\"iwgw-bunyip-s15c\" data-element_type=\"container\" data-e-type=\"container\">\n\t\t\t\t<div class=\"elementor-element elementor-element-iwgw-bunyip-s15t elementor-widget elementor-widget-text-editor\" data-id=\"iwgw-bunyip-s15t\" data-element_type=\"widget\" data-e-type=\"widget\" data-widget_type=\"text-editor.default\">\n\t\t\t\t\t\t\t\t\t<p><span data-nosnippet>Robert Holden ha analitzat, a <em>Bunyips: Australia&#8217;s <span class=\"iwg-fachbegriff\" data-tooltip=\"La cultura popular transmesa amb costums, relats i can\u00e7ons.\" tabindex=\"0\">folklore<\/span> of Fear<\/em> (2001), la posici\u00f3 del bunyip en la identitat del <span class=\"iwg-fachbegriff\" data-tooltip=\"La cultura popular transmesa amb costums, relats i can\u00e7ons.\" tabindex=\"0\">folklore<\/span> australi\u00e0. Demostra que, des de finals del segle XIX, el bunyip s&#8217;ha convertit en la figura del <span class=\"iwg-fachbegriff\" data-tooltip=\"La cultura popular transmesa amb costums, relats i can\u00e7ons.\" tabindex=\"0\">folklore<\/span> considerada m\u00e9s \u00abt\u00edpicament australiana\u00bb, en contrast amb el <span class=\"iwg-fachbegriff\" data-tooltip=\"La cultura popular transmesa amb costums, relats i can\u00e7ons.\" tabindex=\"0\">folklore<\/span> europeu de dracs, bruixes i fades.<\/span><\/p><p>Des d&#8217;un punt de vista hist\u00f2ric, aquesta apropiaci\u00f3 pol\u00edtica resulta reveladora. Mostra com continguts religiosos ind\u00edgenes poden convertir-se, durant el per\u00edode colonial, en s\u00edmbols nacionals, un proc\u00e9s ambivalent. En el debat aborigen contemporani, aquesta apropiaci\u00f3 es reflexiona cr\u00edticament.<\/p><p>Des de la sociologia de la religi\u00f3, el bunyip constitueix un exemple paradigm\u00e0tic: una figura terror\u00edfica ind\u00edgena esdev\u00e9 figura d&#8217;identificaci\u00f3 nacional d&#8217;una societat de colons. Aquest gir planteja q\u00fcestions \u00e8tiques complexes, que la recerca aborigen contempor\u00e0nia aborda amb seriositat.<\/p>\t\t\t\t\t\t\t\t<\/div>\n\t\t\t\t<\/div>\n\t\t\t\t\t<\/div>\n\t\t\t\t<\/div>\n\t\t<div class=\"elementor-element elementor-element-iwgw-bunyip-s16 e-flex e-con-boxed e-con e-parent\" data-id=\"iwgw-bunyip-s16\" data-element_type=\"container\" data-e-type=\"container\">\n\t\t\t\t\t<div class=\"e-con-inner\">\n\t\t\t\t<div class=\"elementor-element elementor-element-iwgw-bunyip-s16h elementor-widget elementor-widget-heading\" data-id=\"iwgw-bunyip-s16h\" data-element_type=\"widget\" data-e-type=\"widget\" data-widget_type=\"heading.default\">\n\t\t\t\t\t<h2 class=\"elementor-heading-title elementor-size-default\">El bunyip i els drets abor\u00edgens sobre l'aigua<\/h2>\t\t\t\t<\/div>\n\t\t<div class=\"elementor-element elementor-element-iwgw-bunyip-s16c e-con-full e-flex e-con e-child\" data-id=\"iwgw-bunyip-s16c\" data-element_type=\"container\" data-e-type=\"container\">\n\t\t\t\t<div class=\"elementor-element elementor-element-iwgw-bunyip-s16t elementor-widget elementor-widget-text-editor\" data-id=\"iwgw-bunyip-s16t\" data-element_type=\"widget\" data-e-type=\"widget\" data-widget_type=\"text-editor.default\">\n\t\t\t\t\t\t\t\t\t<p>Una profunditat pol\u00edtica actual mereix la connexi\u00f3 entre les narracions sobre el Bunyip i els drets contemporanis de l&#8217;aigua dels abor\u00edgens. A Vict\u00f2ria i Nova Gal\u00b7les del Sud, diversos grups abor\u00edgens han reivindicat drets tradicionals sobre l&#8217;aigua; els llocs relacionats amb el Bunyip constitueixen arguments importants en aquest sentit.<\/p><p><span data-nosnippet>La Murray-Darling Basin Authority ha desenvolupat des de 2015 mecanismes de participaci\u00f3 aborigen en els quals es consulta als portadors del coneixement tradicional sobre l&#8217;aigua. Els llocs relacionats amb el Bunyip figuren entre els indrets sagrats que es tenen en compte en la planificaci\u00f3 de la gesti\u00f3 de l&#8217;aigua.<\/span><\/p><p>Des de la sociologia de la religi\u00f3, aquest \u00e9s un cas exemplar: una figura tradicionalment m\u00edtica es converteix en referent de la pol\u00edtica mediambiental i de drets d&#8217;aigua contempor\u00e0nia. Aquesta polititzaci\u00f3 transforma el significat del Bunyip en la pr\u00e0ctica aborigen actual.<\/p>\t\t\t\t\t\t\t\t<\/div>\n\t\t\t\t<\/div>\n\t\t\t\t\t<\/div>\n\t\t\t\t<\/div>\n\t\t<div class=\"elementor-element elementor-element-cp223dc88c e-flex e-con-boxed e-con e-parent\" data-id=\"cp223dc88c\" data-element_type=\"container\" data-e-type=\"container\">\n\t\t\t\t\t<div class=\"e-con-inner\">\n\t\t\t\t<div class=\"elementor-element elementor-element-cp27e30773 elementor-widget elementor-widget-heading\" data-id=\"cp27e30773\" data-element_type=\"widget\" data-e-type=\"widget\" data-widget_type=\"heading.default\">\n\t\t\t\t\t<h2 class=\"elementor-heading-title elementor-size-default\">Cr\u00edtica de fonts: el Bunyip en els registres colonials<\/h2>\t\t\t\t<\/div>\n\t\t<div class=\"elementor-element elementor-element-cp2929640f e-flex e-con-boxed e-con e-child\" data-id=\"cp2929640f\" data-element_type=\"container\" data-e-type=\"container\">\n\t\t\t\t\t<div class=\"e-con-inner\">\n\t\t\t\t<div class=\"elementor-element elementor-element-cp248bfa86 elementor-widget elementor-widget-text-editor\" data-id=\"cp248bfa86\" data-element_type=\"widget\" data-e-type=\"widget\" data-widget_type=\"text-editor.default\">\n\t\t\t\t\t\t\t\t\t<p>Pel que fa al <em>Bunyip<\/em>, la cr\u00edtica de fonts no \u00e9s un tema secundari, sin\u00f3 el nucli de la q\u00fcesti\u00f3. Gaireb\u00e9 tot el que es considera \u00ab<span class=\"iwg-fachbegriff\" data-tooltip=\"La transmissi\u00f3 de coneixements i narracions al llarg de generacions.\" tabindex=\"0\">tradici\u00f3<\/span> del Bunyip\u00bb ha passat pel filtre colonial.<\/p><p>La paraula mateixa va apar\u00e8ixer en diaris de llengua anglesa d&#8217;Austr\u00e0lia a la d\u00e8cada de 1840; una menci\u00f3 primerenca sovint citada apareix al <em>Geelong Advertiser<\/em> de 1845, en relaci\u00f3 amb una suposada troballa d&#8217;ossos. Amb tota probabilitat, el terme prov\u00e9 d&#8217;una de les lleng\u00fces abor\u00edgens del sud-est d&#8217;Austr\u00e0lia, probablement de l&#8217;entorn dels wemba-wemba o de grups ling\u00fc\u00edstics ve\u00efns de la conca del Murray-Darling.<\/p><p>Tanmateix, els colons van fer servir r\u00e0pidament la paraula com a terme gen\u00e8ric per a qualsevol soroll inexplicable, qualsevol os i qualsevol animal aqu\u00e0tic que els resultava inquietant. Aix\u00ed, sota aquesta \u00fanica paraula anglesa es van fondre nocions molt diferents i lligades regionalment de diversos grups ling\u00fc\u00edstics, formant un aparent \u00abmonstre australi\u00e0\u00bb unificat.<\/p><p>Precisament aquesta uniformitzaci\u00f3 \u00e9s el problema: no existeix un bunyip pan-australi\u00e0. El que cada comunitat explicava sobre \u00e9ssers aqu\u00e0tics perillosos pertanyia al seu propi territori i a la seva pr\u00f2pia llengua.<\/p><p>Per aix\u00f2, l&#8217;\u00fanica postura cient\u00edficament rigorosa \u00e9s parlar del \u00abBunyip\u00bb com a terme colonial i atribuir les nocions ind\u00edgenes subjacents, all\u00e0 on estan documentades de manera fiable, al seu grup ling\u00fc\u00edstic i regi\u00f3 concrets. A m\u00e9s, els registres del coneixement aborigen del segle XIX gaireb\u00e9 sempre provenen de persones alienes, sovint sense el consentiment dels portadors del coneixement, i cal tractar-los amb la cautela corresponent.\t\t\t\t\t\t\t\t<\/div>\n\t\t\t\t\t<\/div>\n\t\t\t\t<\/div>\n\t\t\t\t\t<\/div>\n\t\t\t\t<\/div>\n\t\t<div class=\"elementor-element elementor-element-cp2962eeea e-flex e-con-boxed e-con e-parent\" data-id=\"cp2962eeea\" data-element_type=\"container\" data-e-type=\"container\">\n\t\t\t\t\t<div class=\"e-con-inner\">\n\t\t\t\t<div class=\"elementor-element elementor-element-cp2c28e584 elementor-widget elementor-widget-heading\" data-id=\"cp2c28e584\" data-element_type=\"widget\" data-e-type=\"widget\" data-widget_type=\"heading.default\">\n\t\t\t\t\t<h2 class=\"elementor-heading-title elementor-size-default\">\u00c9ssers aqu\u00e0tics, troballes d'ossos i la hip\u00f2tesi del Diprotodon<\/h2>\t\t\t\t<\/div>\n\t\t<div class=\"elementor-element elementor-element-cp21260e30 e-flex e-con-boxed e-con e-child\" data-id=\"cp21260e30\" data-element_type=\"container\" data-e-type=\"container\">\n\t\t\t\t\t<div class=\"e-con-inner\">\n\t\t\t\t<div class=\"elementor-element elementor-element-cp2370b92a elementor-widget elementor-widget-text-editor\" data-id=\"cp2370b92a\" data-element_type=\"widget\" data-e-type=\"widget\" data-widget_type=\"text-editor.default\">\n\t\t\t\t\t\t\t\t\t<p>Un fil recurrent en el debat sobre el Bunyip fa refer\u00e8ncia a ossos f\u00f2ssils. Diverses vegades durant el segle XIX es van desenterrar a Austr\u00e0lia ossos de grans dimensions que la premsa va interpretar com a restes d&#8217;un Bunyip. De fet, en diversos casos documentats es tractava de f\u00f2ssils de grans animals extingits de la megafauna australiana, com el <em>Diprotodon<\/em>, un enorme marsupial herb\u00edvor del Pleistoc\u00e8.<\/p><p>D&#8217;aqu\u00ed ha sorgit una hip\u00f2tesi encara popular avui dia: la idea d&#8217;\u00e9ssers aqu\u00e0tics perillosos podria ser un record cultural de la megafauna que els humans van arribar a con\u00e8ixer a Austr\u00e0lia abans que s&#8217;exting\u00eds. Aquesta idea \u00e9s atractiva, per\u00f2 especulativa.<\/p><p>No hi ha cap manera fiable de demostrar un record oral que es remunti desenes de milers d&#8217;anys fins a esp\u00e8cies animals concretes, i aquesta interpretaci\u00f3 corre el risc de reduir les narracions ind\u00edgenes a un fet naturalista, en lloc de considerar-les una expressi\u00f3 cultural pr\u00f2pia.<\/p><p>M\u00e9s sobri \u00e9s constatar que moltes de les nocions agrupades sota el terme \u00abBunyip\u00bb estan vinculades a masses d&#8217;aigua concretes: bassals, aiguamolls, billabongs i revolts de rius, \u00e9s a dir, llocs realment perillosos, per exemple per ofegament o per vores inestables. Segons aquesta lectura, la narraci\u00f3 d&#8217;un \u00e9sser aqu\u00e0tic perill\u00f3s tamb\u00e9 t\u00e9 una funci\u00f3 pr\u00e0ctica, ja que allunya nens i forasters de llocs arriscats. Tanmateix, fins a quin punt aix\u00f2 s&#8217;aplica a un grup ling\u00fc\u00edstic concret nom\u00e9s es pot determinar a partir de la <span class=\"iwg-fachbegriff\" data-tooltip=\"La transmissi\u00f3 de coneixements i narracions al llarg de generacions.\" tabindex=\"0\">tradici\u00f3<\/span> local ben documentada corresponent, no per generalitzaci\u00f3.\t\t\t\t\t\t\t\t<\/div>\n\t\t\t\t\t<\/div>\n\t\t\t\t<\/div>\n\t\t\t\t\t<\/div>\n\t\t\t\t<\/div>\n\t\t<div class=\"elementor-element elementor-element-iwgw-bunyip-lit e-flex e-con-boxed e-con e-parent\" data-id=\"iwgw-bunyip-lit\" data-element_type=\"container\" data-e-type=\"container\">\n\t\t\t\t\t<div class=\"e-con-inner\">\n\t\t\t\t<div class=\"elementor-element elementor-element-iwgw-bunyip-lith elementor-widget elementor-widget-heading\" data-id=\"iwgw-bunyip-lith\" data-element_type=\"widget\" data-e-type=\"widget\" data-widget_type=\"heading.default\">\n\t\t\t\t\t<h2 class=\"elementor-heading-title elementor-size-default\">Bibliografia (selecci\u00f3)<\/h2>\t\t\t\t<\/div>\n\t\t<div class=\"elementor-element elementor-element-iwgw-bunyip-litc e-con-full e-flex e-con e-child\" data-id=\"iwgw-bunyip-litc\" data-element_type=\"container\" data-e-type=\"container\">\n\t\t\t\t<div class=\"elementor-element elementor-element-iwgw-bunyip-litt elementor-widget elementor-widget-text-editor\" data-id=\"iwgw-bunyip-litt\" data-element_type=\"widget\" data-e-type=\"widget\" data-widget_type=\"text-editor.default\">\n\t\t\t\t\t\t\t\t\t<ul><li><span data-nosnippet>Robert Holden: <em>Bunyips: Australia&#8217;s <span class=\"iwg-fachbegriff\" data-tooltip=\"La cultura popular transmesa amb costums, narracions i can\u00e7ons.\" tabindex=\"0\">Folklore<\/span> of Fear<\/em> (2001)<\/span><\/li><li>A. W. Howitt: <em>The Native Tribes of South-East Australia<\/em> (1904)<\/li><li>Robert Brough Smyth: <em>The Aborigines of Victoria<\/em> (1878)<\/li><li>Charles Fenner: <em>Bunyips and Billabongs<\/em> (1933)<\/li><li>Tony Swain: <em>A Place for Strangers<\/em> (1993)<\/li><li>Bill Edwards: <em>An Introduction to Aboriginal Societies<\/em> (1998)<\/li><li>Lynne Hume: <em>Ancestral Power<\/em> (2002)<\/li><\/ul>\t\t\t\t\t\t\t\t<\/div>\n\t\t\t\t<\/div>\n\t\t\t\t\t<\/div>\n\t\t\t\t<\/div>\n\t\t<div class=\"elementor-element elementor-element-iwgkw2-add-bunyip e-flex e-con-boxed e-con e-parent\" data-id=\"iwgkw2-add-bunyip\" data-element_type=\"container\" data-e-type=\"container\">\n\t\t\t\t\t<div class=\"e-con-inner\">\n\t\t\t\t<div class=\"elementor-element elementor-element-iwgkw2-add-bunyip-t elementor-widget elementor-widget-text-editor\" data-id=\"iwgkw2-add-bunyip-t\" data-element_type=\"widget\" data-e-type=\"widget\" data-widget_type=\"text-editor.default\">\n\t\t\t\t\t\t\t\t\t<p>En el <span class=\"iwg-fachbegriff\" data-tooltip=\"Una narraci\u00f3 transmesa sobre d\u00e9us, or\u00edgens i l'ordre del m\u00f3n.\" tabindex=\"0\">mite<\/span> dels pobles abor\u00edgens del sud-est, el Bunyip viu en aiguamolls, billabongs i bassals, i es considera un \u00e9sser maligne i temut que arrossega cap al fons nens, viatgers i ramats de bestiar.<\/p>\t\t\t\t\t\t\t\t<\/div>\n\t\t\t\t\t<\/div>\n\t\t\t\t<\/div>\n\t\t<div class=\"elementor-element elementor-element-iwgw-bunyip-kwd e-flex e-con-boxed e-con e-parent\" data-id=\"iwgw-bunyip-kwd\" data-element_type=\"container\" data-e-type=\"container\">\n\t\t\t\t\t<div class=\"e-con-inner\">\n\t\t<div class=\"elementor-element elementor-element-iwgw-bunyip-kwdc e-con-full e-flex e-con e-child\" data-id=\"iwgw-bunyip-kwdc\" data-element_type=\"container\" data-e-type=\"container\">\n\t\t\t\t<div class=\"elementor-element elementor-element-iwgw-bunyip-kwdt elementor-widget elementor-widget-text-editor\" data-id=\"iwgw-bunyip-kwdt\" data-element_type=\"widget\" data-e-type=\"widget\" data-widget_type=\"text-editor.default\">\n\t\t\t\t\t\t\t\t\t<p><em>Termes clau relacionats: Bunyip Wiradjuri Kulin aiguamoll bassal \u00e9sser maligne Yowie.<\/em><\/p>\t\t\t\t\t\t\t\t<\/div>\n\t\t\t\t<\/div>\n\t\t\t\t\t<\/div>\n\t\t\t\t<\/div>\n\t\t<div class=\"elementor-element elementor-element-iwgw-bunyip-cc e-flex e-con-boxed e-con e-parent\" data-id=\"iwgw-bunyip-cc\" data-element_type=\"container\" data-e-type=\"container\" id=\"iwg-cc-bunyip\">\n\t\t\t\t\t<div class=\"e-con-inner\">\n\t\t<div class=\"elementor-element elementor-element-iwgw-bunyip-ccinner e-flex e-con-boxed e-con e-parent\" data-id=\"iwgw-bunyip-ccinner\" data-element_type=\"container\" data-e-type=\"container\" data-settings=\"{&quot;background_background&quot;:&quot;classic&quot;}\">\n\t\t\t\t\t<div class=\"e-con-inner\">\n\t\t\t\t<div class=\"elementor-element elementor-element-iwgw-bunyip-cch elementor-widget elementor-widget-heading\" data-id=\"iwgw-bunyip-cch\" data-element_type=\"widget\" data-e-type=\"widget\" data-widget_type=\"heading.default\">\n\t\t\t\t\t<h2 class=\"elementor-heading-title elementor-size-default\">iWell Guard i tradicions de protecci\u00f3<\/h2>\t\t\t\t<\/div>\n\t\t\t\t<div class=\"elementor-element elementor-element-iwgw-bunyip-cct elementor-widget elementor-widget-text-editor\" data-id=\"iwgw-bunyip-cct\" data-element_type=\"widget\" data-e-type=\"widget\" data-widget_type=\"text-editor.default\">\n\t\t\t\t\t\t\t\t\t<div data-nosnippet=\"true\"><p>iWell Guard s&#8217;inspira en la tradici\u00f3 cultural i hist\u00f2rica dels objectes de protecci\u00f3 port\u00e0tils, seguint la tradici\u00f3 dels <a href=\"https:\/\/iwell-guard.com\/ca\/australia-aborigen-dreamtime-tjukurpa-objectes-proteccio\/\">abor\u00edgens australians<\/a> i de moltes altres cultures d&#8217;arreu del m\u00f3n. 41 capes, or aut\u00e8ntic, plat\u00ed, plata, fabricat a Alemanya. Dret de devoluci\u00f3 de 30 dies.<\/p><\/div>\t\t\t\t\t\t\t\t<\/div>\n\t\t\t\t<div class=\"elementor-element elementor-element-iwgw-bunyip-ccb iwg-cc-button iwg-cc-cta-2026-05-13 elementor-widget elementor-widget-jet-button\" data-id=\"iwgw-bunyip-ccb\" data-element_type=\"widget\" data-e-type=\"widget\" data-widget_type=\"jet-button.default\">\n\t\t\t\t<div class=\"elementor-widget-container\">\n\t\t\t\t\t<div class=\"elementor-jet-button jet-elements\"><div class=\"jet-button__container\"><a class=\"jet-button__instance jet-button__instance--icon-left hover-effect-1\" href=\"\/ueber-iwell-guard\/?utm_source=iwell-guard.com&amp;utm_medium=info-box&amp;utm_campaign=wesen-tradition\"><div class=\"jet-button__plane jet-button__plane-normal\"><\/div><div class=\"jet-button__plane jet-button__plane-hover\"><\/div><div class=\"jet-button__state jet-button__state-normal\"><span class=\"jet-button__label\">M\u00e9s informaci\u00f3 sobre l'iWell Guard<\/span><\/div><div class=\"jet-button__state jet-button__state-hover\"><span class=\"jet-button__label\">M\u00e9s informaci\u00f3 sobre l'iWell Guard<\/span><\/div><\/a><\/div><\/div><style>.elementor-element.elementor-element-iwgw-bunyip-ccb .jet-button__instance{width:320px;height:56px;}.elementor-element.elementor-element-iwgw-bunyip-ccb .jet-button__state-normal .jet-button__label{text-align:center;margin:0px 0px 0px 0px;color:#1a1b20;font-family:Montserrat,sans-serif;font-size:13px;font-weight:400;letter-spacing:4px;line-height:1.714em;text-transform:uppercase;}.elementor-element.elementor-element-iwgw-bunyip-ccb .jet-button__state-hover .jet-button__label{text-align:center;margin:0px 0px 0px 0px;color:#FECC76;font-family:Montserrat,sans-serif;font-size:13px;font-weight:400;letter-spacing:4px;line-height:1.714em;text-transform:uppercase;}.elementor-element.elementor-element-iwgw-bunyip-ccb .jet-button__plane-normal{background-color:#FECC76;border-style:solid;border-color:#C99540;border-width:2px 2px 2px 2px;}.elementor-element.elementor-element-iwgw-bunyip-ccb .jet-button__plane-hover{background-color:rgba(0,0,0,0.55);border-style:solid;border-color:#FECC76;border-width:2px 2px 2px 2px;}<\/style>\t\t\t\t<\/div>\n\t\t\t\t<\/div>\n\t\t\t\t<div class=\"elementor-element elementor-element-iwgw-bunyip-ccd elementor-widget elementor-widget-text-editor\" data-id=\"iwgw-bunyip-ccd\" data-element_type=\"widget\" data-e-type=\"widget\" data-widget_type=\"text-editor.default\">\n\t\t\t\t\t\t\t\t\t<div data-nosnippet=\"true\"><p style=\"text-align:center;font-size:13px;opacity:0.7;margin-top:14px\" data-nosnippet=\"true\">Les experi\u00e8ncies personals poden variar. No \u00e9s un producte sanitari. No \u00e9s una promesa de curaci\u00f3.<\/p><\/div>\t\t\t\t\t\t\t\t<\/div>\n\t\t\t\t\t<\/div>\n\t\t\t\t<\/div>\n\t\t\t\t\t<\/div>\n\t\t\t\t<\/div>\n\t\t<div class=\"elementor-element elementor-element-iwgw-bunyip-disc e-flex e-con-boxed e-con e-parent\" data-id=\"iwgw-bunyip-disc\" data-element_type=\"container\" data-e-type=\"container\">\n\t\t\t\t\t<div class=\"e-con-inner\">\n\t\t\t\t<div class=\"elementor-element elementor-element-iwgw-bunyip-discw elementor-widget elementor-widget-html\" data-id=\"iwgw-bunyip-discw\" data-element_type=\"widget\" data-e-type=\"widget\" data-widget_type=\"html.default\">\n\t\t\t\t\t<footer data-nosnippet=\"true\" class=\"iwg-disclaimer-block\"><p data-nosnippet=\"true\">iWell Guard <strong>no \u00e9s un producte sanitari<\/strong> i no substitueix cap tractament m\u00e8dic o psicoterap\u00e8utic. Els continguts d'hist\u00f2ria de les religions s\u00f3n una classificaci\u00f3 culturohist\u00f2rica, no una recomanaci\u00f3 de pr\u00e0ctica espiritual.<\/p><\/footer>\t\t\t\t<\/div>\n\t\t\t\t\t<\/div>\n\t\t\t\t<\/div>\n\t\t\t\t<\/div>\n\t\t","protected":false},"excerpt":{"rendered":"","protected":false},"author":3,"featured_media":2865,"parent":0,"menu_order":0,"comment_status":"closed","ping_status":"closed","template":"elementor_header_footer","meta":{"_yoast_wpseo_focuskw":"Bunyip \u00e9sser nociu aqu\u00e0tic aborigen","_yoast_wpseo_title":"Bunyip \u2013 \u00c9sser nociu aqu\u00e0tic aborigen, mite i fonts","_yoast_wpseo_metadesc":"El Bunyip \u00e9s un \u00e9sser nociu aqu\u00e0tic temut dels aiguamolls i les basses de les tradicions abor\u00edgens del sud-est d'Austr\u00e0lia. Mite i fonts.","_yoast_wpseo_meta-robots-noindex":"","_yoast_wpseo_canonical":"","_angie_page":false,"gefaehrdungsstufe":"4","wesen_kultur":"aboriginal","wesen_klasse":"daemonen","footnotes":""},"categories":[],"class_list":["post-171748","page","type-page","status-publish","has-post-thumbnail","hentry"],"yoast_head":"<!-- This site is optimized with the Yoast SEO Premium plugin v27.7 (Yoast SEO v28.3) - https:\/\/yoast.com\/product\/yoast-seo-premium-wordpress\/ -->\n<title>Bunyip \u2013 \u00c9sser nociu aqu\u00e0tic aborigen, mite i fonts<\/title>\n<meta name=\"description\" content=\"El Bunyip \u00e9s un \u00e9sser nociu aqu\u00e0tic temut dels aiguamolls i les basses de les tradicions abor\u00edgens del sud-est d&#039;Austr\u00e0lia. Mite i fonts.\" \/>\n<meta name=\"robots\" content=\"index, follow, max-snippet:-1, max-image-preview:large, max-video-preview:-1\" \/>\n<link rel=\"canonical\" href=\"https:\/\/iwell-guard.com\/ca\/bunyip-esser-nociu-aquatic-tradicio-aborigen\/\" \/>\n<meta property=\"og:locale\" content=\"ca_ES\" \/>\n<meta property=\"og:type\" content=\"article\" \/>\n<meta property=\"og:title\" content=\"Bunyip \u2013 \u00c9sser nociu aqu\u00e0tic de la tradici\u00f3 aborigen\" \/>\n<meta property=\"og:description\" content=\"El Bunyip \u00e9s un \u00e9sser nociu aqu\u00e0tic temut dels aiguamolls i les basses de les tradicions abor\u00edgens del sud-est d&#039;Austr\u00e0lia. Mite i fonts.\" \/>\n<meta property=\"og:url\" content=\"https:\/\/iwell-guard.com\/ca\/bunyip-esser-nociu-aquatic-tradicio-aborigen\/\" \/>\n<meta property=\"og:site_name\" content=\"iWell Guard\" \/>\n<meta property=\"article:modified_time\" content=\"2026-09-05T16:06:12+00:00\" \/>\n<meta property=\"og:image\" content=\"https:\/\/iwell-guard.com\/wp-content\/uploads\/2026\/05\/daemonen_aboriginal_bunyip.webp\" \/>\n\t<meta property=\"og:image:width\" content=\"1024\" \/>\n\t<meta property=\"og:image:height\" content=\"1536\" \/>\n\t<meta property=\"og:image:type\" content=\"image\/webp\" \/>\n<meta name=\"twitter:card\" content=\"summary_large_image\" \/>\n<script type=\"application\/ld+json\" class=\"yoast-schema-graph\">{\"@context\":\"https:\\\/\\\/schema.org\",\"@graph\":[{\"@type\":\"WebPage\",\"@id\":\"https:\\\/\\\/iwell-guard.com\\\/ca\\\/bunyip-esser-nociu-aquatic-tradicio-aborigen\\\/\",\"url\":\"https:\\\/\\\/iwell-guard.com\\\/ca\\\/bunyip-esser-nociu-aquatic-tradicio-aborigen\\\/\",\"name\":\"Bunyip \u2013 \u00c9sser nociu aqu\u00e0tic aborigen, mite i fonts\",\"isPartOf\":{\"@id\":\"https:\\\/\\\/iwell-guard.com\\\/ca\\\/#website\"},\"primaryImageOfPage\":{\"@id\":\"https:\\\/\\\/iwell-guard.com\\\/ca\\\/bunyip-esser-nociu-aquatic-tradicio-aborigen\\\/#primaryimage\"},\"image\":{\"@id\":\"https:\\\/\\\/iwell-guard.com\\\/ca\\\/bunyip-esser-nociu-aquatic-tradicio-aborigen\\\/#primaryimage\"},\"thumbnailUrl\":\"https:\\\/\\\/iwell-guard.com\\\/wp-content\\\/uploads\\\/2026\\\/05\\\/daemonen_aboriginal_bunyip.webp\",\"datePublished\":\"2026-09-05T15:42:03+00:00\",\"dateModified\":\"2026-09-05T16:06:12+00:00\",\"description\":\"El Bunyip \u00e9s un \u00e9sser nociu aqu\u00e0tic temut dels aiguamolls i les basses de les tradicions abor\u00edgens del sud-est d'Austr\u00e0lia. Mite i fonts.\",\"breadcrumb\":{\"@id\":\"https:\\\/\\\/iwell-guard.com\\\/ca\\\/bunyip-esser-nociu-aquatic-tradicio-aborigen\\\/#breadcrumb\"},\"inLanguage\":\"ca\",\"potentialAction\":[{\"@type\":\"ReadAction\",\"target\":[\"https:\\\/\\\/iwell-guard.com\\\/ca\\\/bunyip-esser-nociu-aquatic-tradicio-aborigen\\\/\"]}]},{\"@type\":\"ImageObject\",\"inLanguage\":\"ca\",\"@id\":\"https:\\\/\\\/iwell-guard.com\\\/ca\\\/bunyip-esser-nociu-aquatic-tradicio-aborigen\\\/#primaryimage\",\"url\":\"https:\\\/\\\/iwell-guard.com\\\/wp-content\\\/uploads\\\/2026\\\/05\\\/daemonen_aboriginal_bunyip.webp\",\"contentUrl\":\"https:\\\/\\\/iwell-guard.com\\\/wp-content\\\/uploads\\\/2026\\\/05\\\/daemonen_aboriginal_bunyip.webp\",\"width\":1024,\"height\":1536,\"caption\":\"Dimonis de la tradici\u00f3 aborigen.\"},{\"@type\":\"BreadcrumbList\",\"@id\":\"https:\\\/\\\/iwell-guard.com\\\/ca\\\/bunyip-esser-nociu-aquatic-tradicio-aborigen\\\/#breadcrumb\",\"itemListElement\":[{\"@type\":\"ListItem\",\"position\":1,\"name\":\"Start\",\"item\":\"https:\\\/\\\/iwell-guard.com\\\/ca\\\/?page_id=171333\"},{\"@type\":\"ListItem\",\"position\":2,\"name\":\"Bunyip \u2013 \u00c9sser nociu aqu\u00e0tic de la tradici\u00f3 aborigen\"}]},{\"@type\":\"WebSite\",\"@id\":\"https:\\\/\\\/iwell-guard.com\\\/ca\\\/#website\",\"url\":\"https:\\\/\\\/iwell-guard.com\\\/ca\\\/\",\"name\":\"iWell Guard\",\"description\":\"Schutz vor dunklen Einfl\u00fcssen\",\"publisher\":{\"@id\":\"https:\\\/\\\/iwell-guard.com\\\/ca\\\/#organization\"},\"potentialAction\":[{\"@type\":\"SearchAction\",\"target\":{\"@type\":\"EntryPoint\",\"urlTemplate\":\"https:\\\/\\\/iwell-guard.com\\\/ca\\\/?s={search_term_string}\"},\"query-input\":{\"@type\":\"PropertyValueSpecification\",\"valueRequired\":true,\"valueName\":\"search_term_string\"}}],\"inLanguage\":\"ca\"},{\"@type\":\"Organization\",\"@id\":\"https:\\\/\\\/iwell-guard.com\\\/ca\\\/#organization\",\"name\":\"Ittermann electronic GmbH\",\"url\":\"https:\\\/\\\/iwell-guard.com\\\/ca\\\/\",\"logo\":{\"@type\":\"ImageObject\",\"inLanguage\":\"ca\",\"@id\":\"https:\\\/\\\/iwell-guard.com\\\/ca\\\/#\\\/schema\\\/logo\\\/image\\\/\",\"url\":\"https:\\\/\\\/iwell-guard.com\\\/wp-content\\\/uploads\\\/2026\\\/05\\\/Ittermann-Logo-1182x237-1.png\",\"contentUrl\":\"https:\\\/\\\/iwell-guard.com\\\/wp-content\\\/uploads\\\/2026\\\/05\\\/Ittermann-Logo-1182x237-1.png\",\"width\":1182,\"height\":237,\"caption\":\"Ittermann electronic GmbH\"},\"image\":{\"@id\":\"https:\\\/\\\/iwell-guard.com\\\/ca\\\/#\\\/schema\\\/logo\\\/image\\\/\"},\"sameAs\":[\"https:\\\/\\\/pantip.com\\\/profile\\\/9367242\",\"https:\\\/\\\/micro.blog\\\/iwellguard\",\"https:\\\/\\\/www.diggerslist.com\\\/iwellguard\\\/about\",\"https:\\\/\\\/skitterphoto.com\\\/photographers\\\/2870314\\\/iwell-guard\",\"https:\\\/\\\/iwellguard.wordpress.com\\\/2026\\\/06\\\/06\\\/iwell-guard\\\/\",\"https:\\\/\\\/hub.docker.com\\\/u\\\/iwellguard\",\"https:\\\/\\\/www.pinterest.com\\\/iwellguard\\\/\",\"https:\\\/\\\/bit.ly\\\/m\\\/iwellguard\",\"https:\\\/\\\/entre-vos-mains.alsace.eu\\\/profiles\\\/iwellguard\\\/activity\",\"https:\\\/\\\/gravatar.com\\\/reallybeded8fd34\",\"https:\\\/\\\/naijamatta.com\\\/iwellguard\",\"https:\\\/\\\/www.goodreads.com\\\/iwellguard\",\"https:\\\/\\\/profile.hatena.ne.jp\\\/iwellguard\\\/\",\"https:\\\/\\\/experiment.com\\\/users\\\/iwellguard\",\"https:\\\/\\\/wakelet.com\\\/@iWellGuard82270\",\"https:\\\/\\\/www.chordie.com\\\/forum\\\/profile.php?id=2555664\",\"https:\\\/\\\/www.instapaper.com\\\/p\\\/17757966\",\"https:\\\/\\\/www.mapleprimes.com\\\/users\\\/iwellguard\",\"https:\\\/\\\/businesslistingplus.com\\\/profile\\\/iwell-guard\\\/\",\"https:\\\/\\\/telegra.ph\\\/iWell-Guard-06-06\",\"https:\\\/\\\/pbase.com\\\/iwellguard\\\/iwellguard\",\"https:\\\/\\\/b.hatena.ne.jp\\\/iwellguard\\\/20260607#bookmark-4788405196491818882\",\"https:\\\/\\\/fliphtml5.com\\\/home\\\/iwellguard\",\"https:\\\/\\\/anyflip.com\\\/homepage\\\/cmiwl#About\",\"https:\\\/\\\/transfur.com\\\/Users\\\/iwellguard\",\"http:\\\/\\\/delphi.larsbo.org\\\/user\\\/iwellguard\",\"https:\\\/\\\/jobs.lajobsportal.org\\\/profiles\\\/8380803-iwell-guard\",\"https:\\\/\\\/md.chaosdorf.de\\\/s\\\/jfbe5SBdJD\",\"https:\\\/\\\/www.lingvolive.com\\\/en-us\\\/profile\\\/9ecaeaca-ce11-4e51-9e71-01d55e2bff36\\\/translations\",\"https:\\\/\\\/www.fitday.com\\\/fitness\\\/forums\\\/members\\\/iwellguard.html\",\"https:\\\/\\\/www.mymeetbook.com\\\/iwellguard\",\"https:\\\/\\\/pxhere.com\\\/en\\\/photographer-me\\\/5040798\",\"https:\\\/\\\/disqus.com\\\/by\\\/iwellguard\\\/about\\\/\",\"https:\\\/\\\/pastelink.net\\\/hjwciqwq\",\"https:\\\/\\\/pubhtml5.com\\\/homepage\\\/scjhn\\\/\",\"https:\\\/\\\/www.bitchute.com\\\/channel\\\/2O2eOKzNqujT\",\"https:\\\/\\\/audiomack.com\\\/iwellguard\"]},{\"@type\":\"Article\",\"@id\":\"https:\\\/\\\/iwell-guard.com\\\/ca\\\/bunyip-esser-nociu-aquatic-tradicio-aborigen\\\/#article\",\"isPartOf\":{\"@id\":\"https:\\\/\\\/iwell-guard.com\\\/ca\\\/bunyip-esser-nociu-aquatic-tradicio-aborigen\\\/\"},\"author\":{\"name\":\"Ralf Ittermann\",\"@id\":\"https:\\\/\\\/iwell-guard.com\\\/ca\\\/#\\\/schema\\\/person\\\/ee2a27f1cac3406c7c6fb5820cb7349f\"},\"headline\":\"Bunyip \u2013 \u00c9sser nociu aqu\u00e0tic de la tradici\u00f3 aborigen\",\"datePublished\":\"2026-09-05T15:42:03+00:00\",\"dateModified\":\"2026-09-05T16:06:12+00:00\",\"mainEntityOfPage\":{\"@id\":\"https:\\\/\\\/iwell-guard.com\\\/ca\\\/bunyip-esser-nociu-aquatic-tradicio-aborigen\\\/\"},\"publisher\":{\"@id\":\"https:\\\/\\\/iwell-guard.com\\\/ca\\\/#organization\"},\"image\":{\"@id\":\"https:\\\/\\\/iwell-guard.com\\\/ca\\\/bunyip-esser-nociu-aquatic-tradicio-aborigen\\\/#primaryimage\"},\"thumbnailUrl\":\"https:\\\/\\\/iwell-guard.com\\\/wp-content\\\/uploads\\\/2026\\\/05\\\/daemonen_aboriginal_bunyip.webp\",\"inLanguage\":\"ca\",\"description\":\"El Bunyip \u00e9s un \u00e9sser nociu aqu\u00e0tic temut dels aiguamolls i les basses de les tradicions abor\u00edgens del sud-est d'Austr\u00e0lia. Mite i fonts.\"}]}<\/script>\n<!-- \/ Yoast SEO Premium plugin. -->","yoast_head_json":{"title":"Bunyip \u2013 \u00c9sser nociu aqu\u00e0tic aborigen, mite i fonts","description":"El Bunyip \u00e9s un \u00e9sser nociu aqu\u00e0tic temut dels aiguamolls i les basses de les tradicions abor\u00edgens del sud-est d'Austr\u00e0lia. Mite i fonts.","robots":{"index":"index","follow":"follow","max-snippet":"max-snippet:-1","max-image-preview":"max-image-preview:large","max-video-preview":"max-video-preview:-1"},"canonical":"https:\/\/iwell-guard.com\/ca\/bunyip-esser-nociu-aquatic-tradicio-aborigen\/","og_locale":"ca_ES","og_type":"article","og_title":"Bunyip \u2013 \u00c9sser nociu aqu\u00e0tic de la tradici\u00f3 aborigen","og_description":"El Bunyip \u00e9s un \u00e9sser nociu aqu\u00e0tic temut dels aiguamolls i les basses de les tradicions abor\u00edgens del sud-est d'Austr\u00e0lia. Mite i fonts.","og_url":"https:\/\/iwell-guard.com\/ca\/bunyip-esser-nociu-aquatic-tradicio-aborigen\/","og_site_name":"iWell Guard","article_modified_time":"2026-09-05T16:06:12+00:00","og_image":[{"width":1024,"height":1536,"url":"https:\/\/iwell-guard.com\/wp-content\/uploads\/2026\/05\/daemonen_aboriginal_bunyip.webp","type":"image\/webp"}],"twitter_card":"summary_large_image","schema":{"@context":"https:\/\/schema.org","@graph":[{"@type":"Article","@id":"https:\/\/iwell-guard.com\/ca\/bunyip-esser-nociu-aquatic-tradicio-aborigen\/#article","isPartOf":{"@id":"https:\/\/iwell-guard.com\/ca\/bunyip-esser-nociu-aquatic-tradicio-aborigen\/"},"author":{"name":"Ralf Ittermann","@id":"https:\/\/iwell-guard.com\/ca\/#\/schema\/person\/ee2a27f1cac3406c7c6fb5820cb7349f"},"headline":"Bunyip \u2013 \u00c9sser nociu aqu\u00e0tic de la tradici\u00f3 aborigen","datePublished":"2026-09-05T15:42:03+00:00","dateModified":"2026-09-05T16:06:12+00:00","mainEntityOfPage":{"@id":"https:\/\/iwell-guard.com\/ca\/bunyip-esser-nociu-aquatic-tradicio-aborigen\/"},"publisher":{"@id":"https:\/\/iwell-guard.com\/ca\/#organization"},"image":{"@id":"https:\/\/iwell-guard.com\/ca\/bunyip-esser-nociu-aquatic-tradicio-aborigen\/#primaryimage"},"thumbnailUrl":"https:\/\/iwell-guard.com\/wp-content\/uploads\/2026\/05\/daemonen_aboriginal_bunyip.webp","inLanguage":"ca","description":"El Bunyip \u00e9s un \u00e9sser nociu aqu\u00e0tic temut dels aiguamolls i les basses de les tradicions abor\u00edgens del sud-est d'Austr\u00e0lia. Mite i fonts."},{"@type":"WebPage","@id":"https:\/\/iwell-guard.com\/ca\/bunyip-esser-nociu-aquatic-tradicio-aborigen\/","url":"https:\/\/iwell-guard.com\/ca\/bunyip-esser-nociu-aquatic-tradicio-aborigen\/","name":"Bunyip \u2013 \u00c9sser nociu aqu\u00e0tic aborigen, mite i fonts","isPartOf":{"@id":"https:\/\/iwell-guard.com\/ca\/#website"},"primaryImageOfPage":{"@id":"https:\/\/iwell-guard.com\/ca\/bunyip-esser-nociu-aquatic-tradicio-aborigen\/#primaryimage"},"image":{"@id":"https:\/\/iwell-guard.com\/ca\/bunyip-esser-nociu-aquatic-tradicio-aborigen\/#primaryimage"},"thumbnailUrl":"https:\/\/iwell-guard.com\/wp-content\/uploads\/2026\/05\/daemonen_aboriginal_bunyip.webp","datePublished":"2026-09-05T15:42:03+00:00","dateModified":"2026-09-05T16:06:12+00:00","description":"El Bunyip \u00e9s un \u00e9sser nociu aqu\u00e0tic temut dels aiguamolls i les basses de les tradicions abor\u00edgens del sud-est d'Austr\u00e0lia. Mite i fonts.","breadcrumb":{"@id":"https:\/\/iwell-guard.com\/ca\/bunyip-esser-nociu-aquatic-tradicio-aborigen\/#breadcrumb"},"inLanguage":"ca","potentialAction":[{"@type":"ReadAction","target":["https:\/\/iwell-guard.com\/ca\/bunyip-esser-nociu-aquatic-tradicio-aborigen\/"]}]},{"@type":"ImageObject","inLanguage":"ca","@id":"https:\/\/iwell-guard.com\/ca\/bunyip-esser-nociu-aquatic-tradicio-aborigen\/#primaryimage","url":"https:\/\/iwell-guard.com\/wp-content\/uploads\/2026\/05\/daemonen_aboriginal_bunyip.webp","contentUrl":"https:\/\/iwell-guard.com\/wp-content\/uploads\/2026\/05\/daemonen_aboriginal_bunyip.webp","width":1024,"height":1536,"caption":"Dimonis de la tradici\u00f3 aborigen."},{"@type":"BreadcrumbList","@id":"https:\/\/iwell-guard.com\/ca\/bunyip-esser-nociu-aquatic-tradicio-aborigen\/#breadcrumb","itemListElement":[{"@type":"ListItem","position":1,"name":"Start","item":"https:\/\/iwell-guard.com\/ca\/?page_id=171333"},{"@type":"ListItem","position":2,"name":"Bunyip \u2013 \u00c9sser nociu aqu\u00e0tic de la tradici\u00f3 aborigen"}]},{"@type":"WebSite","@id":"https:\/\/iwell-guard.com\/ca\/#website","url":"https:\/\/iwell-guard.com\/ca\/","name":"iWell Guard","description":"Schutz vor dunklen Einfl\u00fcssen","publisher":{"@id":"https:\/\/iwell-guard.com\/ca\/#organization"},"potentialAction":[{"@type":"SearchAction","target":{"@type":"EntryPoint","urlTemplate":"https:\/\/iwell-guard.com\/ca\/?s={search_term_string}"},"query-input":{"@type":"PropertyValueSpecification","valueRequired":true,"valueName":"search_term_string"}}],"inLanguage":"ca"},{"@type":"Organization","@id":"https:\/\/iwell-guard.com\/ca\/#organization","name":"Ittermann electronic GmbH","url":"https:\/\/iwell-guard.com\/ca\/","logo":{"@type":"ImageObject","inLanguage":"ca","@id":"https:\/\/iwell-guard.com\/ca\/#\/schema\/logo\/image\/","url":"https:\/\/iwell-guard.com\/wp-content\/uploads\/2026\/05\/Ittermann-Logo-1182x237-1.png","contentUrl":"https:\/\/iwell-guard.com\/wp-content\/uploads\/2026\/05\/Ittermann-Logo-1182x237-1.png","width":1182,"height":237,"caption":"Ittermann electronic GmbH"},"image":{"@id":"https:\/\/iwell-guard.com\/ca\/#\/schema\/logo\/image\/"},"sameAs":["https:\/\/pantip.com\/profile\/9367242","https:\/\/micro.blog\/iwellguard","https:\/\/www.diggerslist.com\/iwellguard\/about","https:\/\/skitterphoto.com\/photographers\/2870314\/iwell-guard","https:\/\/iwellguard.wordpress.com\/2026\/06\/06\/iwell-guard\/","https:\/\/hub.docker.com\/u\/iwellguard","https:\/\/www.pinterest.com\/iwellguard\/","https:\/\/bit.ly\/m\/iwellguard","https:\/\/entre-vos-mains.alsace.eu\/profiles\/iwellguard\/activity","https:\/\/gravatar.com\/reallybeded8fd34","https:\/\/naijamatta.com\/iwellguard","https:\/\/www.goodreads.com\/iwellguard","https:\/\/profile.hatena.ne.jp\/iwellguard\/","https:\/\/experiment.com\/users\/iwellguard","https:\/\/wakelet.com\/@iWellGuard82270","https:\/\/www.chordie.com\/forum\/profile.php?id=2555664","https:\/\/www.instapaper.com\/p\/17757966","https:\/\/www.mapleprimes.com\/users\/iwellguard","https:\/\/businesslistingplus.com\/profile\/iwell-guard\/","https:\/\/telegra.ph\/iWell-Guard-06-06","https:\/\/pbase.com\/iwellguard\/iwellguard","https:\/\/b.hatena.ne.jp\/iwellguard\/20260607#bookmark-4788405196491818882","https:\/\/fliphtml5.com\/home\/iwellguard","https:\/\/anyflip.com\/homepage\/cmiwl#About","https:\/\/transfur.com\/Users\/iwellguard","http:\/\/delphi.larsbo.org\/user\/iwellguard","https:\/\/jobs.lajobsportal.org\/profiles\/8380803-iwell-guard","https:\/\/md.chaosdorf.de\/s\/jfbe5SBdJD","https:\/\/www.lingvolive.com\/en-us\/profile\/9ecaeaca-ce11-4e51-9e71-01d55e2bff36\/translations","https:\/\/www.fitday.com\/fitness\/forums\/members\/iwellguard.html","https:\/\/www.mymeetbook.com\/iwellguard","https:\/\/pxhere.com\/en\/photographer-me\/5040798","https:\/\/disqus.com\/by\/iwellguard\/about\/","https:\/\/pastelink.net\/hjwciqwq","https:\/\/pubhtml5.com\/homepage\/scjhn\/","https:\/\/www.bitchute.com\/channel\/2O2eOKzNqujT","https:\/\/audiomack.com\/iwellguard"]},{"@type":"Person","@id":"https:\/\/iwell-guard.com\/ca\/#\/schema\/person\/ee2a27f1cac3406c7c6fb5820cb7349f","name":"Ralf Ittermann","image":{"@type":"ImageObject","inLanguage":"ca","@id":"https:\/\/secure.gravatar.com\/avatar\/073c0153e350a5005b68eb752b445fea71f6b24a26da9449ad7e155e6b446c9d?s=96&d=mm&r=g","url":"https:\/\/secure.gravatar.com\/avatar\/073c0153e350a5005b68eb752b445fea71f6b24a26da9449ad7e155e6b446c9d?s=96&d=mm&r=g","contentUrl":"https:\/\/secure.gravatar.com\/avatar\/073c0153e350a5005b68eb752b445fea71f6b24a26da9449ad7e155e6b446c9d?s=96&d=mm&r=g","caption":"Ralf Ittermann"},"givenName":"Ralf","familyName":"Ittermann","jobTitle":"Gesch\u00e4ftsf\u00fchrer und redaktioneller Verantwortlicher","url":"https:\/\/iwell-guard.com\/ca\/author\/claude\/","description":"Ralf Ittermann ist Gesch\u00e4ftsf\u00fchrer der Ittermann electronic GmbH und redaktioneller Verantwortlicher des iWell-Guard-Lexikons. Er verbindet langj\u00e4hrige Erfahrung in der Pr\u00e4zisionsfertigung mit medialer Praxis und religionsgeschichtlicher Quellenarbeit.","worksFor":{"@type":"Organization","name":"Ittermann electronic GmbH","url":"https:\/\/ittermann.de\/","address":{"@type":"PostalAddress","streetAddress":"K\u00f6hlergasse 16-18","postalCode":"99842","addressLocality":"Ruhla","addressCountry":"DE"}},"knowsAbout":["Religionsgeschichte","Mythologie","Mediale Praxis","Energetische Diagnostik","Schutzpraxis","Volksglauben","Westliche Esoterik"]},{"@type":"Article","@id":"https:\/\/iwell-guard.com\/ca\/bunyip-esser-nociu-aquatic-tradicio-aborigen\/#article","isPartOf":{"@id":"https:\/\/iwell-guard.com\/ca\/bunyip-esser-nociu-aquatic-tradicio-aborigen\/"},"author":{"name":"Ralf Ittermann","@id":"https:\/\/iwell-guard.com\/ca\/#\/schema\/person\/ee2a27f1cac3406c7c6fb5820cb7349f"},"headline":"Bunyip \u2013 \u00c9sser nociu aqu\u00e0tic de la tradici\u00f3 aborigen","datePublished":"2026-09-05T15:42:03+00:00","dateModified":"2026-09-05T16:06:12+00:00","mainEntityOfPage":{"@id":"https:\/\/iwell-guard.com\/ca\/bunyip-esser-nociu-aquatic-tradicio-aborigen\/"},"publisher":{"@id":"https:\/\/iwell-guard.com\/ca\/#organization"},"image":{"@id":"https:\/\/iwell-guard.com\/ca\/bunyip-esser-nociu-aquatic-tradicio-aborigen\/#primaryimage"},"thumbnailUrl":"https:\/\/iwell-guard.com\/wp-content\/uploads\/2026\/05\/daemonen_aboriginal_bunyip.webp","inLanguage":"ca","description":"El Bunyip \u00e9s un \u00e9sser nociu aqu\u00e0tic temut dels aiguamolls i les basses de les tradicions abor\u00edgens del sud-est d'Austr\u00e0lia. Mite i fonts."}]}},"_links":{"self":[{"href":"https:\/\/iwell-guard.com\/ca\/wp-json\/wp\/v2\/pages\/171748","targetHints":{"allow":["GET"]}}],"collection":[{"href":"https:\/\/iwell-guard.com\/ca\/wp-json\/wp\/v2\/pages"}],"about":[{"href":"https:\/\/iwell-guard.com\/ca\/wp-json\/wp\/v2\/types\/page"}],"author":[{"embeddable":true,"href":"https:\/\/iwell-guard.com\/ca\/wp-json\/wp\/v2\/users\/3"}],"replies":[{"embeddable":true,"href":"https:\/\/iwell-guard.com\/ca\/wp-json\/wp\/v2\/comments?post=171748"}],"version-history":[{"count":0,"href":"https:\/\/iwell-guard.com\/ca\/wp-json\/wp\/v2\/pages\/171748\/revisions"}],"wp:featuredmedia":[{"embeddable":true,"href":"https:\/\/iwell-guard.com\/ca\/wp-json\/wp\/v2\/media\/2865"}],"wp:attachment":[{"href":"https:\/\/iwell-guard.com\/ca\/wp-json\/wp\/v2\/media?parent=171748"}],"wp:term":[{"taxonomy":"category","embeddable":true,"href":"https:\/\/iwell-guard.com\/ca\/wp-json\/wp\/v2\/categories?post=171748"}],"curies":[{"name":"wp","href":"https:\/\/api.w.org\/{rel}","templated":true}]}}