{"id":171747,"date":"2026-09-05T15:42:02","date_gmt":"2026-09-05T15:42:02","guid":{"rendered":"https:\/\/iwell-guard.com\/?page_id=171747"},"modified":"2026-09-05T16:06:11","modified_gmt":"2026-09-05T16:06:11","slug":"esperits-mimi-aborigens-arnhem-land","status":"publish","type":"page","link":"https:\/\/iwell-guard.com\/ca\/esperits-mimi-aborigens-arnhem-land\/","title":{"rendered":"Esperits Mimi \u2013 Prims esperits rocosos dels abor\u00edgens d&#8217;Arnhem Land"},"content":{"rendered":"\t\t<div data-elementor-type=\"wp-page\" data-elementor-id=\"171747\" class=\"elementor elementor-171747 elementor-2650 elementor-bc-flex-widget\" data-elementor-post-type=\"page\">\n\t\t\t\t<div class=\"elementor-element elementor-element-iwgw-mimigeiste-hero e-flex e-con-boxed e-con e-parent\" data-id=\"iwgw-mimigeiste-hero\" data-element_type=\"container\" data-e-type=\"container\" data-settings=\"{&quot;background_background&quot;:&quot;classic&quot;}\">\n\t\t\t\t\t<div class=\"e-con-inner\">\n\t\t<div class=\"elementor-element elementor-element-iwgw-mimigeiste-hl e-flex e-con-boxed e-con e-child\" data-id=\"iwgw-mimigeiste-hl\" data-element_type=\"container\" data-e-type=\"container\">\n\t\t\t\t\t<div class=\"e-con-inner\">\n\t\t<div class=\"elementor-element elementor-element-iwgw-mimigeiste-htxt e-con-full e-flex e-con e-child\" data-id=\"iwgw-mimigeiste-htxt\" data-element_type=\"container\" data-e-type=\"container\">\n\t\t\t\t<div class=\"elementor-element elementor-element-iwgw-mimigeiste-h1 elementor-widget elementor-widget-heading\" data-id=\"iwgw-mimigeiste-h1\" data-element_type=\"widget\" data-e-type=\"widget\" data-widget_type=\"heading.default\">\n\t\t\t\t\t<h1 class=\"elementor-heading-title elementor-size-default\">Esperits Mimi, prims esperits de roques i coves de la tradici\u00f3 aborigen d'Arnhem Land<\/h1>\t\t\t\t<\/div>\n\t\t\t\t<div class=\"elementor-element elementor-element-iwgw-mimigeiste-lead elementor-widget elementor-widget-text-editor\" data-id=\"iwgw-mimigeiste-lead\" data-element_type=\"widget\" data-e-type=\"widget\" data-widget_type=\"text-editor.default\">\n\t\t\t\t\t\t\t\t\t<p>Els esperits Mimi (tamb\u00e9 <em>Mimih<\/em>) s\u00f3n esperits prims i esquius de roques i coves de la tradici\u00f3 aborigen del Arnhem Land occidental, al nord d&#8217;Austr\u00e0lia. S\u00f3n tan prims que poden amagar-se en escletxes de la roca, i tan esquius que nom\u00e9s apareixen quan no bufa gens de vent.<\/p>\t\t\t\t\t\t\t\t<\/div>\n\t\t\t\t<\/div>\n\t\t<div class=\"elementor-element elementor-element-iwgw-mimigeiste-pillc e-con-full e-flex e-con e-child\" data-id=\"iwgw-mimigeiste-pillc\" data-element_type=\"container\" data-e-type=\"container\">\n\t\t\t\t<div class=\"elementor-element elementor-element-iwgw-mimigeiste-pills elementor-widget elementor-widget-html\" data-id=\"iwgw-mimigeiste-pills\" data-element_type=\"widget\" data-e-type=\"widget\" data-widget_type=\"html.default\">\n\t\t\t\t\t<div class=\"iwg-pill-row\"><span class=\"iwg-klasse-badge\" tabindex=\"0\" data-tooltip=\"Esperit de la natura de la tradici\u00f3 aborigen.\">Esperit de la natura<\/span><a href=\"https:\/\/iwell-guard.com\/ca\/australia-aborigen-dreamtime-tjukurpa-objectes-proteccio\/\" class=\"iwg-kultur-badge\" tabindex=\"0\" data-tooltip=\"Mitologia de la tradici\u00f3 aborigen.\">Aborigen<\/a><span class=\"iwg-tradition-badge\" tabindex=\"0\" data-tooltip=\"Esperits de la roca.\">Esperits de la roca<\/span><\/div>\t\t\t\t<\/div>\n\t\t\t\t<\/div>\n\t\t<div class=\"elementor-element elementor-element-iwgw-mimigeiste-tocc e-con-full e-flex e-con e-child\" data-id=\"iwgw-mimigeiste-tocc\" data-element_type=\"container\" data-e-type=\"container\">\n\t\t\t\t<div class=\"elementor-element elementor-element-iwgw-mimigeiste-toc elementor-toc--minimized-on-tablet elementor-widget elementor-widget-table-of-contents\" data-id=\"iwgw-mimigeiste-toc\" data-element_type=\"widget\" data-e-type=\"widget\" data-settings=\"{&quot;headings_by_tags&quot;:[&quot;h2&quot;,&quot;h3&quot;],&quot;minimize_box&quot;:&quot;yes&quot;,&quot;marker_view&quot;:&quot;bullets&quot;,&quot;no_headings_message&quot;:&quot;No s&#039;ha trobat cap encap\\u00e7alament en aquesta p\\u00e0gina.&quot;,&quot;exclude_headings_by_selector&quot;:[],&quot;icon&quot;:{&quot;value&quot;:&quot;fas fa-circle&quot;,&quot;library&quot;:&quot;fa-solid&quot;,&quot;rendered_tag&quot;:&quot;&lt;svg class=\\&quot;e-font-icon-svg e-fas-circle\\&quot; viewBox=\\&quot;0 0 512 512\\&quot; xmlns=\\&quot;http:\\\/\\\/www.w3.org\\\/2000\\\/svg\\&quot;&gt;&lt;path d=\\&quot;M256 8C119 8 8 119 8 256s111 248 248 248 248-111 248-248S393 8 256 8z\\&quot;&gt;&lt;\\\/path&gt;&lt;\\\/svg&gt;&quot;},&quot;minimized_on&quot;:&quot;tablet&quot;,&quot;hierarchical_view&quot;:&quot;yes&quot;,&quot;min_height&quot;:{&quot;unit&quot;:&quot;px&quot;,&quot;size&quot;:&quot;&quot;,&quot;sizes&quot;:[]},&quot;min_height_tablet&quot;:{&quot;unit&quot;:&quot;px&quot;,&quot;size&quot;:&quot;&quot;,&quot;sizes&quot;:[]},&quot;min_height_mobile&quot;:{&quot;unit&quot;:&quot;px&quot;,&quot;size&quot;:&quot;&quot;,&quot;sizes&quot;:[]}}\" data-widget_type=\"table-of-contents.default\">\n\t\t\t\t\t\t\t\t\t<div class=\"elementor-toc__header\">\n\t\t\t\t\t\t<h2 class=\"elementor-toc__header-title\">\n\t\t\t\t\u00cdndex\t\t\t<\/h2>\n\t\t\t\t\t\t\t\t\t\t<div class=\"elementor-toc__toggle-button elementor-toc__toggle-button--expand\" role=\"button\" tabindex=\"0\" aria-controls=\"elementor-toc__iwgw-mimigeiste-toc\" aria-expanded=\"true\" aria-label=\"Open table of contents\"><svg aria-hidden=\"true\" class=\"e-font-icon-svg e-fas-chevron-down\" viewBox=\"0 0 448 512\" xmlns=\"http:\/\/www.w3.org\/2000\/svg\"><path d=\"M207.029 381.476L12.686 187.132c-9.373-9.373-9.373-24.569 0-33.941l22.667-22.667c9.357-9.357 24.522-9.375 33.901-.04L224 284.505l154.745-154.021c9.379-9.335 24.544-9.317 33.901.04l22.667 22.667c9.373 9.373 9.373 24.569 0 33.941L240.971 381.476c-9.373 9.372-24.569 9.372-33.942 0z\"><\/path><\/svg><\/div>\n\t\t\t\t<div class=\"elementor-toc__toggle-button elementor-toc__toggle-button--collapse\" role=\"button\" tabindex=\"0\" aria-controls=\"elementor-toc__iwgw-mimigeiste-toc\" aria-expanded=\"true\" aria-label=\"Close table of contents\"><svg aria-hidden=\"true\" class=\"e-font-icon-svg e-fas-chevron-up\" viewBox=\"0 0 448 512\" xmlns=\"http:\/\/www.w3.org\/2000\/svg\"><path d=\"M240.971 130.524l194.343 194.343c9.373 9.373 9.373 24.569 0 33.941l-22.667 22.667c-9.357 9.357-24.522 9.375-33.901.04L224 227.495 69.255 381.516c-9.379 9.335-24.544 9.317-33.901-.04l-22.667-22.667c-9.373-9.373-9.373-24.569 0-33.941L207.03 130.525c9.372-9.373 24.568-9.373 33.941-.001z\"><\/path><\/svg><\/div>\n\t\t\t\t\t<\/div>\n\t\t\t\t<div id=\"elementor-toc__iwgw-mimigeiste-toc\" class=\"elementor-toc__body\">\n\t\t\t<div class=\"elementor-toc__spinner-container\">\n\t\t\t\t<svg class=\"elementor-toc__spinner eicon-animation-spin e-font-icon-svg e-eicon-loading\" aria-hidden=\"true\" viewBox=\"0 0 1000 1000\" xmlns=\"http:\/\/www.w3.org\/2000\/svg\"><path d=\"M500 975V858C696 858 858 696 858 500S696 142 500 142 142 304 142 500H25C25 237 238 25 500 25S975 237 975 500 763 975 500 975Z\"><\/path><\/svg>\t\t\t<\/div>\n\t\t<\/div>\n\t\t\t\t\t\t<\/div>\n\t\t\t\t<\/div>\n\t\t\t\t\t<\/div>\n\t\t\t\t<\/div>\n\t\t<div class=\"elementor-element elementor-element-iwgw-mimigeiste-hr e-con-full e-flex e-con e-child\" data-id=\"iwgw-mimigeiste-hr\" data-element_type=\"container\" data-e-type=\"container\">\n\t\t\t\t<div class=\"elementor-element elementor-element-iwgw-mimigeiste-heroimg iwg-hero-image elementor-widget elementor-widget-image\" data-id=\"iwgw-mimigeiste-heroimg\" data-element_type=\"widget\" data-e-type=\"widget\" data-widget_type=\"image.default\">\n\t\t\t\t\t\t\t\t\t\t\t\t\t\t\t<img fetchpriority=\"high\" decoding=\"async\" width=\"683\" height=\"1024\" src=\"https:\/\/iwell-guard.com\/wp-content\/uploads\/2026\/05\/geister_aboriginal_mimi-geister-683x1024.webp\" class=\"attachment-large size-large wp-image-2867\" alt=\"Esperits Mimi \u2013 Prims esperits rocosos dels abor\u00edgens d\u2019Arnhem Land\" srcset=\"https:\/\/iwell-guard.com\/wp-content\/uploads\/2026\/05\/geister_aboriginal_mimi-geister-683x1024.webp 683w, https:\/\/iwell-guard.com\/wp-content\/uploads\/2026\/05\/geister_aboriginal_mimi-geister-200x300.webp 200w, https:\/\/iwell-guard.com\/wp-content\/uploads\/2026\/05\/geister_aboriginal_mimi-geister-768x1152.webp 768w, https:\/\/iwell-guard.com\/wp-content\/uploads\/2026\/05\/geister_aboriginal_mimi-geister.webp 1024w\" sizes=\"(max-width: 683px) 100vw, 683px\" \/>\t\t\t\t\t\t\t\t\t\t\t\t\t\t\t<\/div>\n\t\t\t\t<\/div>\n\t\t\t\t\t<\/div>\n\t\t\t\t<\/div>\n\t\t<div class=\"elementor-element elementor-element-iwgw-mimigeiste-s0 e-flex e-con-boxed e-con e-parent\" data-id=\"iwgw-mimigeiste-s0\" data-element_type=\"container\" data-e-type=\"container\">\n\t\t\t\t\t<div class=\"e-con-inner\">\n\t\t\t\t<div class=\"elementor-element elementor-element-iwgw-mimigeiste-s0h elementor-widget elementor-widget-heading\" data-id=\"iwgw-mimigeiste-s0h\" data-element_type=\"widget\" data-e-type=\"widget\" data-widget_type=\"heading.default\">\n\t\t\t\t\t<h2 class=\"elementor-heading-title elementor-size-default\">Classificaci\u00f3 i perfil breu<\/h2>\t\t\t\t<\/div>\n\t\t<div class=\"elementor-element elementor-element-iwgw-mimigeiste-s0c e-con-full e-flex e-con e-child\" data-id=\"iwgw-mimigeiste-s0c\" data-element_type=\"container\" data-e-type=\"container\">\n\t\t\t\t<div class=\"elementor-element elementor-element-iwgw-mimigeiste-s0t elementor-widget elementor-widget-text-editor\" data-id=\"iwgw-mimigeiste-s0t\" data-element_type=\"widget\" data-e-type=\"widget\" data-widget_type=\"text-editor.default\">\n\t\t\t\t\t\t\t\t\t<p>Els esperits Mimi pertanyen a la hist\u00f2ria religiosa de les comunitats abor\u00edgens del Arnhem Land occidental, especialment els Kunwinjku, Mayali, Dangbon i Rembarrnga. Des de la perspectiva interna de la tradici\u00f3 s\u00f3n \u00e9ssers reals que viuen a les roques i coves de l&#8217;altipl\u00e0 d&#8217;Arnhem Land; des de la perspectiva externa de l&#8217;etnologia religiosa s\u00f3n una fam\u00edlia d&#8217;esperits lligats a llocs concrets, amb funcions d&#8217;ensenyament i d&#8217;advert\u00e8ncia.<\/p><p>Dins de la <a href=\"https:\/\/iwell-guard.com\/ca\/australia-aborigen-dreamtime-tjukurpa-objectes-proteccio\/\">tradici\u00f3 aborigen<\/a>, els Mimi resulten especialment interessants perqu\u00e8 els propis abor\u00edgens els atribueixen la invenci\u00f3 de la pintura rupestre: segons el relat, en el temps del somni (Dreaming) els Mimi van pintar les primeres imatges, i els humans en van aprendre l&#8217;art de pintar. Aquesta genealogia m\u00edtica de les pintures rupestres converteix els Mimi en una figura clau de la hist\u00f2ria de l&#8217;art aborigen.<\/p><p>Des de la fenomenologia de la religi\u00f3, els Mimi pertanyen a la classe \u00e0mplia de les \u00abfairy-people\u00bb, petits esperits esquius lligats a un lloc concret, que apareixen en moltes tradicions ind\u00edgenes d&#8217;arreu del m\u00f3n i que solen tenir funcions d&#8217;ensenyament i d&#8217;advert\u00e8ncia.<\/p>\t\t\t\t\t\t\t\t<\/div>\n\t\t\t\t<\/div>\n\t\t\t\t\t<\/div>\n\t\t\t\t<\/div>\n\t\t<div class=\"elementor-element elementor-element-iwgw-mimigeiste-s1 e-flex e-con-boxed e-con e-parent\" data-id=\"iwgw-mimigeiste-s1\" data-element_type=\"container\" data-e-type=\"container\">\n\t\t\t\t\t<div class=\"e-con-inner\">\n\t\t\t\t<div class=\"elementor-element elementor-element-iwgw-mimigeiste-s1h elementor-widget elementor-widget-heading\" data-id=\"iwgw-mimigeiste-s1h\" data-element_type=\"widget\" data-e-type=\"widget\" data-widget_type=\"heading.default\">\n\t\t\t\t\t<h2 class=\"elementor-heading-title elementor-size-default\">Nom i etimologia<\/h2>\t\t\t\t<\/div>\n\t\t<div class=\"elementor-element elementor-element-iwgw-mimigeiste-s1c e-con-full e-flex e-con e-child\" data-id=\"iwgw-mimigeiste-s1c\" data-element_type=\"container\" data-e-type=\"container\">\n\t\t\t\t<div class=\"elementor-element elementor-element-iwgw-mimigeiste-s1t elementor-widget elementor-widget-text-editor\" data-id=\"iwgw-mimigeiste-s1t\" data-element_type=\"widget\" data-e-type=\"widget\" data-widget_type=\"text-editor.default\">\n\t\t\t\t\t\t\t\t\t<p>El nom <em>Mimi<\/em> (tamb\u00e9 <em>Mimih<\/em>) es documenta en la majoria de lleng\u00fces abor\u00edgens de l&#8217;Arnhem Land. L&#8217;etimologia no est\u00e0 del tot resolta; una derivaci\u00f3 tradicional relaciona la paraula amb una arrel onomatopeica que imita el xiuxiueig o el murmuri suau dels esperits.<\/p><p><span data-nosnippet>Entre els Yolngu, a l&#8217;Arnhem Land oriental, se&#8217;ls anomena de manera diferent, <em>Wapitja<\/em> o <em>Yawk<\/em>, amb propietats parcialment diferents. Howard Morphy va documentar sistem\u00e0ticament aquestes variacions regionals a <em>Aboriginal Art<\/em> (1998).<\/span><\/p><p>Els informes etnogr\u00e0fics m\u00e9s antics sovint anomenen els Mimi \u00abmimih spirits\u00bb, una anglicitzaci\u00f3 avui menys habitual. L&#8217;est\u00e0ndard actual \u00e9s l&#8217;escriptura <em>esperits Mimi<\/em> (catal\u00e0) o <em>Mimi spirits<\/em> (angl\u00e8s).<\/p>\t\t\t\t\t\t\t\t<\/div>\n\t\t\t\t<\/div>\n\t\t\t\t\t<\/div>\n\t\t\t\t<\/div>\n\t\t<div class=\"elementor-element elementor-element-iwgw-mimigeiste-s2 e-flex e-con-boxed e-con e-parent\" data-id=\"iwgw-mimigeiste-s2\" data-element_type=\"container\" data-e-type=\"container\">\n\t\t\t\t\t<div class=\"e-con-inner\">\n\t\t\t\t<div class=\"elementor-element elementor-element-iwgw-mimigeiste-s2h elementor-widget elementor-widget-heading\" data-id=\"iwgw-mimigeiste-s2h\" data-element_type=\"widget\" data-e-type=\"widget\" data-widget_type=\"heading.default\">\n\t\t\t\t\t<h2 class=\"elementor-heading-title elementor-size-default\">Descripci\u00f3 i iconografia<\/h2>\t\t\t\t<\/div>\n\t\t<div class=\"elementor-element elementor-element-iwgw-mimigeiste-s2c e-con-full e-flex e-con e-child\" data-id=\"iwgw-mimigeiste-s2c\" data-element_type=\"container\" data-e-type=\"container\">\n\t\t\t\t<div class=\"elementor-element elementor-element-iwgw-mimigeiste-s2t elementor-widget elementor-widget-text-editor\" data-id=\"iwgw-mimigeiste-s2t\" data-element_type=\"widget\" data-e-type=\"widget\" data-widget_type=\"text-editor.default\">\n\t\t\t\t\t\t\t\t\t<p>Els Mimi es descriuen com a \u00e9ssers extraordin\u00e0riament prims i allargassats, tan prims que poden amagar-se en escletxes de la roca, i tan fr\u00e0gils que fins i tot un lleuger vol els podria trencar les v\u00e8rtebres del coll. Per aix\u00f2 nom\u00e9s surten de les seves escletxes quan hi ha calma absoluta de vent. Tenen rostres humans per\u00f2 membres extremadament llargs; sovint se&#8217;ls atribueix una llarga llan\u00e7a a la m\u00e0.<\/p><p>Les pintures rupestres d&#8217;estil Mimi es troben entre les pintures rupestres m\u00e9s antigues conservades de l&#8217;Arnhem Land. Solen mostrar figures primes i molt din\u00e0miques: ca\u00e7adors amb llan\u00e7a, ballarins, dones amb bastons per excavar. Aquest \u00abdynamic figures style\u00bb es data fins a 12.000 anys enrere, el que fa de les pintures Mimi les obres d&#8217;art conservades m\u00e9s antigues d&#8217;Austr\u00e0lia.<\/p><p>La tradici\u00f3 Mimi t\u00e9 un significat especial en la \u00abbark painting\u00bb (pintura sobre escor\u00e7a) del segle XX. Artistes abor\u00edgens com Yirawala, Crusoe Kuningbal i Spider Namirrkki han traslladat els temes Mimi a mitjans moderns. Aquestes obres es troben avui en molts museus arreu del m\u00f3n (p. ex. el National Museum de Canberra, el British Museum, el Mus\u00e9e du Quai Branly de Par\u00eds).<\/p>\t\t\t\t\t\t\t\t<\/div>\n\t\t\t\t<\/div>\n\t\t\t\t\t<\/div>\n\t\t\t\t<\/div>\n\t\t<div class=\"elementor-element elementor-element-iwgw-mimigeiste-s3 e-flex e-con-boxed e-con e-parent\" data-id=\"iwgw-mimigeiste-s3\" data-element_type=\"container\" data-e-type=\"container\">\n\t\t\t\t\t<div class=\"e-con-inner\">\n\t\t\t\t<div class=\"elementor-element elementor-element-iwgw-mimigeiste-s3h elementor-widget elementor-widget-heading\" data-id=\"iwgw-mimigeiste-s3h\" data-element_type=\"widget\" data-e-type=\"widget\" data-widget_type=\"heading.default\">\n\t\t\t\t\t<h2 class=\"elementor-heading-title elementor-size-default\">Relats mitol\u00f2gics<\/h2>\t\t\t\t<\/div>\n\t\t<div class=\"elementor-element elementor-element-iwgw-mimigeiste-s3c e-con-full e-flex e-con e-child\" data-id=\"iwgw-mimigeiste-s3c\" data-element_type=\"container\" data-e-type=\"container\">\n\t\t\t\t<div class=\"elementor-element elementor-element-iwgw-mimigeiste-s3t elementor-widget elementor-widget-text-editor\" data-id=\"iwgw-mimigeiste-s3t\" data-element_type=\"widget\" data-e-type=\"widget\" data-widget_type=\"text-editor.default\">\n\t\t\t\t\t\t\t\t\t<p>El relat central sobre els Mimi \u00e9s el de \u00abl&#8217;ensenyament Mimi\u00bb: en el temps del somni, els Mimi vivien pac\u00edficament a les roques. Eren mestres ca\u00e7adors i mestres pintors. Van veure els primers humans i, compadint-se&#8217;n, els van ensenyar a ca\u00e7ar, a fer foc i a pintar. L&#8217;art i la cultura actuals dels Kunwinjku serien, doncs, una her\u00e8ncia directa dels Mimi.<\/p><p>Un segon relat descriu les estrat\u00e8gies dels Mimi per amagar-se: quan bufa vent, els Mimi es retiren ben endins de les roques; quan hi ha calma, s&#8217;atreveixen a sortir. Qui veu un <span class=\"iwg-fachbegriff\" data-tooltip=\"Un \u00e9sser incorpori al qual s'atribueix acci\u00f3 en el m\u00f3n.\" tabindex=\"0\">esperit<\/span> Mimi no l&#8217;hauria de dirigir la paraula, ja que s\u00f3n esquius i, si se&#8217;ls molesta, es retiren ferits.<\/p><p>Un tercer relat parla de trobades perilloses amb els Mimi: si un ca\u00e7ador es queda massa temps dins una cova, els Mimi el poden \u00abendur-se&#8217;n\u00bb, un <span class=\"iwg-fachbegriff\" data-tooltip=\"Un element de contingut recurrent en l'art o la narrativa.\" tabindex=\"0\">motiu<\/span> que recorda els segrestos de les fades europees i que s&#8217;utilitza en moltes narracions abor\u00edgens d&#8217;advert\u00e8ncia dirigides als infants.<\/p>\t\t\t\t\t\t\t\t<\/div>\n\t\t\t\t<\/div>\n\t\t\t\t\t<\/div>\n\t\t\t\t<\/div>\n\t\t<div class=\"elementor-element elementor-element-iwgw-mimigeiste-s4 e-flex e-con-boxed e-con e-parent\" data-id=\"iwgw-mimigeiste-s4\" data-element_type=\"container\" data-e-type=\"container\">\n\t\t\t\t\t<div class=\"e-con-inner\">\n\t\t\t\t<div class=\"elementor-element elementor-element-iwgw-mimigeiste-s4h elementor-widget elementor-widget-heading\" data-id=\"iwgw-mimigeiste-s4h\" data-element_type=\"widget\" data-e-type=\"widget\" data-widget_type=\"heading.default\">\n\t\t\t\t\t<h2 class=\"elementor-heading-title elementor-size-default\">Culte i veneraci\u00f3<\/h2>\t\t\t\t<\/div>\n\t\t<div class=\"elementor-element elementor-element-iwgw-mimigeiste-s4c e-con-full e-flex e-con e-child\" data-id=\"iwgw-mimigeiste-s4c\" data-element_type=\"container\" data-e-type=\"container\">\n\t\t\t\t<div class=\"elementor-element elementor-element-iwgw-mimigeiste-s4t elementor-widget elementor-widget-text-editor\" data-id=\"iwgw-mimigeiste-s4t\" data-element_type=\"widget\" data-e-type=\"widget\" data-widget_type=\"text-editor.default\">\n\t\t\t\t\t\t\t\t\t<p>Els Mimi no tenen un <span class=\"iwg-fachbegriff\" data-tooltip=\"El conjunt de pr\u00e0ctiques de veneraci\u00f3 religiosa dedicades a una divinitat o figura sagrada.\" tabindex=\"0\">culte<\/span> formal; s\u00f3n m\u00e9s b\u00e9 objecte de precauci\u00f3 quotidiana i d&#8217;una <span class=\"iwg-fachbegriff\" data-tooltip=\"L'acte de dirigir-se a una divinitat o poder amb una s\u00faplica o invocaci\u00f3.\" tabindex=\"0\">invocaci\u00f3<\/span> ocasional. Abans d&#8217;entrar en una cova se&#8217;ls \u00abavisa\u00bb en veu baixa: un breu xiulet, una paraula de respecte, de vegades tocant la roca.<\/p><p>Una pr\u00e0ctica especial \u00e9s la \u00abrenovaci\u00f3\u00bb anual de certes pintures rupestres Mimi per part dels ancians de la tribu: igual que amb els <a href=\"https:\/\/iwell-guard.com\/ca\/?page_id=171742\">Wandjina<\/a> a la regi\u00f3 de Kimberley, una pintura rupestre es repinta de manera <span class=\"iwg-fachbegriff\" data-tooltip=\"Que pertany a una seq\u00fc\u00e8ncia d'accions religioses establerta.\" tabindex=\"0\">ritual<\/span>, gest que s&#8217;ent\u00e9n com una confirmaci\u00f3 de la relaci\u00f3 viva entre els humans i els Mimi.<\/p><p>En la pr\u00e0ctica aborigen contempor\u00e0nia de Maningrida, Gunbalanya i altres comunitats de l&#8217;Arnhem Land, els temes Mimi continuen ben vius en l&#8217;art. Diversos artistes treballen, al llarg de generacions, dins la \u00abtradici\u00f3 Mimi\u00bb, que t\u00e9 una import\u00e0ncia tant religiosa com econ\u00f2mica (venda de les obres).<\/p>\t\t\t\t\t\t\t\t<\/div>\n\t\t\t\t<\/div>\n\t\t\t\t\t<\/div>\n\t\t\t\t<\/div>\n\t\t<div class=\"elementor-element elementor-element-iwgw-mimigeiste-s5 e-flex e-con-boxed e-con e-parent\" data-id=\"iwgw-mimigeiste-s5\" data-element_type=\"container\" data-e-type=\"container\">\n\t\t\t\t\t<div class=\"e-con-inner\">\n\t\t\t\t<div class=\"elementor-element elementor-element-iwgw-mimigeiste-s5h elementor-widget elementor-widget-heading\" data-id=\"iwgw-mimigeiste-s5h\" data-element_type=\"widget\" data-e-type=\"widget\" data-widget_type=\"heading.default\">\n\t\t\t\t\t<h2 class=\"elementor-heading-title elementor-size-default\">Pr\u00e0ctica de protecci\u00f3 i elements apotropaics<\/h2>\t\t\t\t<\/div>\n\t\t<div class=\"elementor-element elementor-element-iwgw-mimigeiste-s5c e-con-full e-flex e-con e-child\" data-id=\"iwgw-mimigeiste-s5c\" data-element_type=\"container\" data-e-type=\"container\">\n\t\t\t\t<div class=\"elementor-element elementor-element-iwgw-mimigeiste-s5t elementor-widget elementor-widget-text-editor\" data-id=\"iwgw-mimigeiste-s5t\" data-element_type=\"widget\" data-e-type=\"widget\" data-widget_type=\"text-editor.default\">\n\t\t\t\t\t\t\t\t\t<p>Descrit des de la ci\u00e8ncia de la religi\u00f3: les pr\u00e0ctiques apotropaiques en el complex dels mimi tenen com a objectiu un tracte respectu\u00f3s amb les coves i les roques. Es prohibeix parlar en veu alta a les coves, repintar sense autoritzaci\u00f3 les pintures rupestres dels mimi, retirar fragments de roca i romandre a l&#8217;interior d&#8217;una cova despr\u00e9s de la posta de sol.<\/p><p>Una pr\u00e0ctica de protecci\u00f3 especial consisteix a portar petites llances o figures de fusta tallades durant la visita a la cova; es consideren un \u00abobsequi\u00bb als mimi i garanteixen una trobada pac\u00edfica.<\/p><p>Des de la perspectiva etnogr\u00e0fica externa, aquestes pr\u00e0ctiques s\u00f3n normes que estructuren la vida quotidiana i que combinen la prud\u00e8ncia ecol\u00f2gica (protecci\u00f3 dels ecosistemes de les coves) amb la pr\u00e0ctica religiosa (respecte envers els esperits). Mary Douglas va descriure estructures tab\u00fa similars des de l&#8217;antropologia de la religi\u00f3 a <em>Reinheit und Gef\u00e4hrdung<\/em> (1966).<\/p>\t\t\t\t\t\t\t\t<\/div>\n\t\t\t\t<\/div>\n\t\t\t\t\t<\/div>\n\t\t\t\t<\/div>\n\t\t<div class=\"elementor-element elementor-element-iwgw-mimigeiste-s6 e-flex e-con-boxed e-con e-parent\" data-id=\"iwgw-mimigeiste-s6\" data-element_type=\"container\" data-e-type=\"container\">\n\t\t\t\t\t<div class=\"e-con-inner\">\n\t\t\t\t<div class=\"elementor-element elementor-element-iwgw-mimigeiste-s6h elementor-widget elementor-widget-heading\" data-id=\"iwgw-mimigeiste-s6h\" data-element_type=\"widget\" data-e-type=\"widget\" data-widget_type=\"heading.default\">\n\t\t\t\t\t<h2 class=\"elementor-heading-title elementor-size-default\">Paral\u00b7lelismes en altres cultures<\/h2>\t\t\t\t<\/div>\n\t\t<div class=\"elementor-element elementor-element-iwgw-mimigeiste-s6c e-con-full e-flex e-con e-child\" data-id=\"iwgw-mimigeiste-s6c\" data-element_type=\"container\" data-e-type=\"container\">\n\t\t\t\t<div class=\"elementor-element elementor-element-iwgw-mimigeiste-s6t elementor-widget elementor-widget-text-editor\" data-id=\"iwgw-mimigeiste-s6t\" data-element_type=\"widget\" data-e-type=\"widget\" data-widget_type=\"text-editor.default\">\n\t\t\t\t\t\t\t\t\t<p>Els esperits rupestres prims i t\u00edmids estan \u00e0mpliament documentats des de la fenomenologia de la religi\u00f3. Estructuralment comparables s\u00f3n els \u00e9ssers irlandesos <em>s\u00eddh<\/em>, les faeries escoceses, els <em>tsuchigumo<\/em> japonesos en versions antigues i els memegwesi nord-americans de la tradici\u00f3 algonquina. En tots els casos es tracta d&#8217;\u00e9ssers lligats a un lloc, t\u00edmids, amb funcions did\u00e0ctiques i d&#8217;advert\u00e8ncia.<\/p><p>Des de la fenomenologia de la religi\u00f3 resulta interessant la connexi\u00f3 dels mimi amb l&#8217;ensenyament de la ca\u00e7a, el foc i l&#8217;art. Aquesta funci\u00f3 d&#8217;\u00abheroi cultural\u00bb els fa tipol\u00f2gicament emparentats amb Prometeu (el foc), Hermes (l&#8217;art) i moltes altres figures de mestre cultural. La variant aborigen \u00e9s especialment interessant perqu\u00e8 no fa servir una \u00fanica figura, sin\u00f3 tot un grup d&#8217;esperits com a mestres.<\/p><p>A Sib\u00e8ria, els mimi s&#8217;assemblen als esperits auxiliars xam\u00e0nics com <a href=\"https:\/\/iwell-guard.com\/ca\/?page_id=171740\">Asbuiga<\/a>, que tamb\u00e9 actuen com a figures mediadores i did\u00e0ctiques. Tot i aix\u00f2, no cal suposar-hi una connexi\u00f3 hist\u00f2rica directa; es tracta d&#8217;una converg\u00e8ncia tipol\u00f2gica.<\/p>\t\t\t\t\t\t\t\t<\/div>\n\t\t\t\t<\/div>\n\t\t\t\t\t<\/div>\n\t\t\t\t<\/div>\n\t\t<div class=\"elementor-element elementor-element-iwgw-mimigeiste-s7 e-flex e-con-boxed e-con e-parent\" data-id=\"iwgw-mimigeiste-s7\" data-element_type=\"container\" data-e-type=\"container\">\n\t\t\t\t\t<div class=\"e-con-inner\">\n\t\t\t\t<div class=\"elementor-element elementor-element-iwgw-mimigeiste-s7h elementor-widget elementor-widget-heading\" data-id=\"iwgw-mimigeiste-s7h\" data-element_type=\"widget\" data-e-type=\"widget\" data-widget_type=\"heading.default\">\n\t\t\t\t\t<h2 class=\"elementor-heading-title elementor-size-default\">Recepci\u00f3 i investigaci\u00f3 actuals<\/h2>\t\t\t\t<\/div>\n\t\t<div class=\"elementor-element elementor-element-iwgw-mimigeiste-s7c e-con-full e-flex e-con e-child\" data-id=\"iwgw-mimigeiste-s7c\" data-element_type=\"container\" data-e-type=\"container\">\n\t\t\t\t<div class=\"elementor-element elementor-element-iwgw-mimigeiste-s7t elementor-widget elementor-widget-text-editor\" data-id=\"iwgw-mimigeiste-s7t\" data-element_type=\"widget\" data-e-type=\"widget\" data-widget_type=\"text-editor.default\">\n\t\t\t\t\t\t\t\t\t<p><span data-nosnippet>La font primerenca m\u00e9s important \u00e9s <em>Records of the American-Australian Scientific Expedition to Arnhem Land<\/em> de Charles P. Mountford (1956), una \u00e0mplia documentaci\u00f3 que reuneix molts materials relacionats amb els mimi. Ronald M. i Catherine H. Berndt han aprofundit la tradici\u00f3 dels mimi en diversos treballs.<\/span><\/p><p><em>Aboriginal Art<\/em> de Howard Morphy (Phaidon 1998) i <em>Seeing the Inside<\/em> de Luke Taylor (1996) s\u00f3n els estudis contemporanis d&#8217;hist\u00f2ria de l&#8217;art m\u00e9s importants sobre la pintura rupestre dels mimi i la seva transposici\u00f3 a mitjans moderns.<\/p><p>En l&#8217;autorepresentaci\u00f3 aborigen contempor\u00e0nia, els mimi tenen pres\u00e8ncia internacional gr\u00e0cies a la tradici\u00f3 de pintura sobre escor\u00e7a (bark painting) de la regi\u00f3 de Maningrida. L&#8217;associaci\u00f3 d&#8217;artistes Bukit Larrtjpi i altres institucions ind\u00edgenes preserven la tradici\u00f3 dels mimi com a patrimoni cultural i econ\u00f2mic.<\/p>\t\t\t\t\t\t\t\t<\/div>\n\t\t\t\t<\/div>\n\t\t\t\t\t<\/div>\n\t\t\t\t<\/div>\n\t\t<div class=\"elementor-element elementor-element-iwgw-mimigeiste-s8 e-flex e-con-boxed e-con e-parent\" data-id=\"iwgw-mimigeiste-s8\" data-element_type=\"container\" data-e-type=\"container\">\n\t\t\t\t\t<div class=\"e-con-inner\">\n\t\t\t\t<div class=\"elementor-element elementor-element-iwgw-mimigeiste-s8h elementor-widget elementor-widget-heading\" data-id=\"iwgw-mimigeiste-s8h\" data-element_type=\"widget\" data-e-type=\"widget\" data-widget_type=\"heading.default\">\n\t\t\t\t\t<h2 class=\"elementor-heading-title elementor-size-default\">Debats de recerca i q\u00fcestions obertes<\/h2>\t\t\t\t<\/div>\n\t\t<div class=\"elementor-element elementor-element-iwgw-mimigeiste-s8c e-con-full e-flex e-con e-child\" data-id=\"iwgw-mimigeiste-s8c\" data-element_type=\"container\" data-e-type=\"container\">\n\t\t\t\t<div class=\"elementor-element elementor-element-iwgw-mimigeiste-s8t elementor-widget elementor-widget-text-editor\" data-id=\"iwgw-mimigeiste-s8t\" data-element_type=\"widget\" data-e-type=\"widget\" data-widget_type=\"text-editor.default\">\n\t\t\t\t\t\t\t\t\t<p>Diversos debats de recerca giren al voltant dels mimi. Primer: quina antiguitat t\u00e9 la tradici\u00f3 dels mimi? Les pintures rupestres d&#8217;estil mimi s&#8217;han datat arqueol\u00f2gicament fins a 12.000 anys, per\u00f2 no \u00e9s segur que la concepci\u00f3 actual dels mimi derivi de manera cont\u00ednua d&#8217;aquestes imatges antigues.<\/p><p>Segon: quina \u00e9s la relaci\u00f3 dels mimi amb figures creadores m\u00e9s grans com la <a href=\"https:\/\/iwell-guard.com\/ca\/?page_id=171741\">Serp Arc de Sant Mart\u00ed (Rainbow Serpent)<\/a> o els <a href=\"https:\/\/iwell-guard.com\/ca\/?page_id=171742\">Wandjina<\/a>? Els mimi s\u00f3n clarament esperits \u00abmenors\u00bb, per\u00f2 la seva funci\u00f3 did\u00e0ctica els fa importants en la hist\u00f2ria de les religions.<\/p><p>Tercer: quin paper tenen els mimi en la pr\u00e0ctica art\u00edstica aborigen contempor\u00e0nia? L&#8217;explotaci\u00f3 comercial de les imatges dels mimi resulta interessant des de la sociologia de la religi\u00f3 i planteja q\u00fcestions sobre els drets de propietat ind\u00edgena sobre motius pict\u00f2rics tradicionals.<\/p>\t\t\t\t\t\t\t\t<\/div>\n\t\t\t\t<\/div>\n\t\t\t\t\t<\/div>\n\t\t\t\t<\/div>\n\t\t<div class=\"elementor-element elementor-element-iwgw-mimigeiste-s9 e-flex e-con-boxed e-con e-parent\" data-id=\"iwgw-mimigeiste-s9\" data-element_type=\"container\" data-e-type=\"container\">\n\t\t\t\t\t<div class=\"e-con-inner\">\n\t\t\t\t<div class=\"elementor-element elementor-element-iwgw-mimigeiste-s9h elementor-widget elementor-widget-heading\" data-id=\"iwgw-mimigeiste-s9h\" data-element_type=\"widget\" data-e-type=\"widget\" data-widget_type=\"heading.default\">\n\t\t\t\t\t<h2 class=\"elementor-heading-title elementor-size-default\">Pintura rupestre dels mimi i hist\u00f2ria de l'art aborigen<\/h2>\t\t\t\t<\/div>\n\t\t<div class=\"elementor-element elementor-element-iwgw-mimigeiste-s9c e-con-full e-flex e-con e-child\" data-id=\"iwgw-mimigeiste-s9c\" data-element_type=\"container\" data-e-type=\"container\">\n\t\t\t\t<div class=\"elementor-element elementor-element-iwgw-mimigeiste-s9t elementor-widget elementor-widget-text-editor\" data-id=\"iwgw-mimigeiste-s9t\" data-element_type=\"widget\" data-e-type=\"widget\" data-widget_type=\"text-editor.default\">\n\t\t\t\t\t\t\t\t\t<p>Mereix una an\u00e0lisi m\u00e9s profunda la posici\u00f3 de la pintura rupestre dels mimi dins la hist\u00f2ria de l&#8217;art aborigen. L&#8217;anomenada tradici\u00f3 de \u00abdynamic figures style\u00bb es considera un dels corrents art\u00edstics conservats m\u00e9s antics del m\u00f3n; les datacions arqueol\u00f2giques arriben fins al plistoc\u00e8 tard\u00e0.<\/p><p>Aquestes pintures rupestres mostren t\u00edpicament figures primes i en moviment din\u00e0mic en escenes de ca\u00e7a i de dansa. Paul Ta\u00e7on ha dut a terme en diversos articles la dataci\u00f3 i interpretaci\u00f3 d&#8217;aquestes imatges; el seu treball \u00e9s avui una refer\u00e8ncia est\u00e0ndard.<\/p><p>La identificaci\u00f3 m\u00edtica d&#8217;aquestes imatges amb els esperits mimi les fa especialment interessants des del punt de vista de la hist\u00f2ria de les religions. Des de la perspectiva interna aborigen, les imatges no s\u00f3n obra dels humans, sin\u00f3 obra dels mimi, una ontologia que q\u00fcestiona els conceptes art\u00edstics occidentals.<\/p>\t\t\t\t\t\t\t\t<\/div>\n\t\t\t\t<\/div>\n\t\t\t\t\t<\/div>\n\t\t\t\t<\/div>\n\t\t<div class=\"elementor-element elementor-element-iwgw-mimigeiste-s10 e-flex e-con-boxed e-con e-parent\" data-id=\"iwgw-mimigeiste-s10\" data-element_type=\"container\" data-e-type=\"container\">\n\t\t\t\t\t<div class=\"e-con-inner\">\n\t\t\t\t<div class=\"elementor-element elementor-element-iwgw-mimigeiste-s10h elementor-widget elementor-widget-heading\" data-id=\"iwgw-mimigeiste-s10h\" data-element_type=\"widget\" data-e-type=\"widget\" data-widget_type=\"heading.default\">\n\t\t\t\t\t<h2 class=\"elementor-heading-title elementor-size-default\">Els mimi en la tradici\u00f3 contempor\u00e0nia de pintura sobre escor\u00e7a<\/h2>\t\t\t\t<\/div>\n\t\t<div class=\"elementor-element elementor-element-iwgw-mimigeiste-s10c e-con-full e-flex e-con e-child\" data-id=\"iwgw-mimigeiste-s10c\" data-element_type=\"container\" data-e-type=\"container\">\n\t\t\t\t<div class=\"elementor-element elementor-element-iwgw-mimigeiste-s10t elementor-widget elementor-widget-text-editor\" data-id=\"iwgw-mimigeiste-s10t\" data-element_type=\"widget\" data-e-type=\"widget\" data-widget_type=\"text-editor.default\">\n\t\t\t\t\t\t\t\t\t<p><span data-nosnippet>La tradici\u00f3 de pintura sobre escor\u00e7a (bark painting) d&#8217;Arnhem Land ha assolit atenci\u00f3 internacional des dels anys 1950. Artistes reconeguts com Yirawala (Kunwinjku, 1903, 1976), Crusoe Kuningbal, John Mawurndjul i Spider Namirrkki han traslladat els temes dels mimi a mitjans moderns i els han fet accessibles al mercat de l&#8217;art internacional.<\/span><\/p><p>Howard Morphy ha mostrat a <em>Becoming Art<\/em> (2007) com la transici\u00f3 de la pintura rupestre ritual a la pintura sobre escor\u00e7a comercialitzable ha transformat la funci\u00f3 religiosa de la representaci\u00f3 dels mimi. Les imatges s&#8217;han \u00abautonomitzat\u00bb i s&#8217;han integrat en un mercat de l&#8217;art global.<\/p><p>Des de la sociologia de la religi\u00f3, aquesta evoluci\u00f3 \u00e9s ambivalent. D&#8217;una banda, garanteix la superviv\u00e8ncia econ\u00f2mica de les comunitats abor\u00edgens; de l&#8217;altra, transforma continguts religiosos secrets en mercaderia p\u00fablica. Els artistes abor\u00edgens i les seves comunitats han desenvolupat mecanismes per gestionar aquesta tensi\u00f3.<\/p>\t\t\t\t\t\t\t\t<\/div>\n\t\t\t\t<\/div>\n\t\t\t\t\t<\/div>\n\t\t\t\t<\/div>\n\t\t<div class=\"elementor-element elementor-element-iwgw-mimigeiste-s11 e-flex e-con-boxed e-con e-parent\" data-id=\"iwgw-mimigeiste-s11\" data-element_type=\"container\" data-e-type=\"container\">\n\t\t\t\t\t<div class=\"e-con-inner\">\n\t\t\t\t<div class=\"elementor-element elementor-element-iwgw-mimigeiste-s11h elementor-widget elementor-widget-heading\" data-id=\"iwgw-mimigeiste-s11h\" data-element_type=\"widget\" data-e-type=\"widget\" data-widget_type=\"heading.default\">\n\t\t\t\t\t<h2 class=\"elementor-heading-title elementor-size-default\">Reflexi\u00f3 metodol\u00f2gica i fonts<\/h2>\t\t\t\t<\/div>\n\t\t<div class=\"elementor-element elementor-element-iwgw-mimigeiste-s11c e-con-full e-flex e-con e-child\" data-id=\"iwgw-mimigeiste-s11c\" data-element_type=\"container\" data-e-type=\"container\">\n\t\t\t\t<div class=\"elementor-element elementor-element-iwgw-mimigeiste-s11t elementor-widget elementor-widget-text-editor\" data-id=\"iwgw-mimigeiste-s11t\" data-element_type=\"widget\" data-e-type=\"widget\" data-widget_type=\"text-editor.default\">\n\t\t\t\t\t\t\t\t\t<p>La recerca sobre els mimi presenta diversos problemes metodol\u00f2gics. Primer: la dataci\u00f3 arqueol\u00f2gica de les pintures rupestres dels mimi \u00e9s dif\u00edcil i objecte de debats persistents. Diferents m\u00e8todes de dataci\u00f3 donen resultats diferents; encara no s&#8217;ha arribat a una cronologia de consens.<\/p><p>Segon: bona part del coneixement sobre els mimi no \u00e9s \u00abrestringit\u00bb en el sentit m\u00e9s estricte, per\u00f2 est\u00e0 profundament arrelat en la pr\u00e0ctica local. Cal un treball de fonts respectu\u00f3s, acordat amb els propietaris tradicionals.<\/p><p>Tercer: la perspectiva d&#8217;hist\u00f2ria de l&#8217;art i la perspectiva de l&#8217;antropologia de la religi\u00f3 sobre els mimi haurien de col\u00b7laborar. Ambdues disciplines tenen els seus punts forts; un tractament a\u00efllat no fa just\u00edcia a la profunditat de la tradici\u00f3 dels mimi.<\/p><p>Qui vulgui estudiar el complex dels mimi en tota la seva amplitud trobar\u00e0 a la p\u00e0gina de resum <a href=\"https:\/\/iwell-guard.com\/ca\/australia-aborigen-dreamtime-tjukurpa-objectes-proteccio\/\">Tradici\u00f3 aborigen<\/a> les refer\u00e8ncies creuades m\u00e9s importants amb figures relacionades com <a href=\"https:\/\/iwell-guard.com\/ca\/?page_id=171742\">Wandjina<\/a>, la <a href=\"https:\/\/iwell-guard.com\/ca\/?page_id=171741\">Serp Arc de Sant Mart\u00ed (Rainbow Serpent)<\/a> i <a href=\"https:\/\/iwell-guard.com\/ca\/?page_id=171750\">Namarrkon<\/a>.<\/p>\t\t\t\t\t\t\t\t<\/div>\n\t\t\t\t<\/div>\n\t\t\t\t\t<\/div>\n\t\t\t\t<\/div>\n\t\t<div class=\"elementor-element elementor-element-iwgw-mimigeiste-s12 e-flex e-con-boxed e-con e-parent\" data-id=\"iwgw-mimigeiste-s12\" data-element_type=\"container\" data-e-type=\"container\">\n\t\t\t\t\t<div class=\"e-con-inner\">\n\t\t\t\t<div class=\"elementor-element elementor-element-iwgw-mimigeiste-s12h elementor-widget elementor-widget-heading\" data-id=\"iwgw-mimigeiste-s12h\" data-element_type=\"widget\" data-e-type=\"widget\" data-widget_type=\"heading.default\">\n\t\t\t\t\t<h2 class=\"elementor-heading-title elementor-size-default\">Els mimi i el mercat de l'art aborigen<\/h2>\t\t\t\t<\/div>\n\t\t<div class=\"elementor-element elementor-element-iwgw-mimigeiste-s12c e-con-full e-flex e-con e-child\" data-id=\"iwgw-mimigeiste-s12c\" data-element_type=\"container\" data-e-type=\"container\">\n\t\t\t\t<div class=\"elementor-element elementor-element-iwgw-mimigeiste-s12t elementor-widget elementor-widget-text-editor\" data-id=\"iwgw-mimigeiste-s12t\" data-element_type=\"widget\" data-e-type=\"widget\" data-widget_type=\"text-editor.default\">\n\t\t\t\t\t\t\t\t\t<p>La tradici\u00f3 Mimi \u00e9s avui present internacionalment, sobretot gr\u00e0cies a la tradici\u00f3 del bark painting de la regi\u00f3 de Maningrida. Artistes coneguts com John Mawurndjul, Spider Namirrkki i altres han tradu\u00eft temes Mimi a un llenguatge art\u00edstic internacional.<\/p><p><span data-nosnippet>Howard Morphy ha mostrat a <em>Becoming Art<\/em> (2007) com el pas de la pintura rupestre ritual al bark painting comercialitzable ha transformat la tradici\u00f3 Mimi sense abolir-la. Les imatges circulen en un mercat global, per\u00f2 mantenen el seu vincle ritual amb la comunitat de Maningrida.<\/span><\/p><p>Aquesta doble funci\u00f3 (comercial i <span class=\"iwg-fachbegriff\" data-tooltip=\"Que pertany a un proc\u00e9s d'acci\u00f3 religi\u00f3s establert.\" tabindex=\"0\">ritual<\/span>) constitueix un cas d&#8217;estudi interessant per a l&#8217;antropologia de la religi\u00f3. Il\u00b7lustra com la religi\u00f3 ind\u00edgena pot sobreviure i transformar-se sota condicions de mercat modernes.<\/p>\t\t\t\t\t\t\t\t<\/div>\n\t\t\t\t<\/div>\n\t\t\t\t\t<\/div>\n\t\t\t\t<\/div>\n\t\t<div class=\"elementor-element elementor-element-iwgw-mimigeiste-s13 e-flex e-con-boxed e-con e-parent\" data-id=\"iwgw-mimigeiste-s13\" data-element_type=\"container\" data-e-type=\"container\">\n\t\t\t\t\t<div class=\"e-con-inner\">\n\t\t\t\t<div class=\"elementor-element elementor-element-iwgw-mimigeiste-s13h elementor-widget elementor-widget-heading\" data-id=\"iwgw-mimigeiste-s13h\" data-element_type=\"widget\" data-e-type=\"widget\" data-widget_type=\"heading.default\">\n\t\t\t\t\t<h2 class=\"elementor-heading-title elementor-size-default\">Els mimih i la perioditzaci\u00f3 historicoart\u00edstica de l'art aborigen<\/h2>\t\t\t\t<\/div>\n\t\t<div class=\"elementor-element elementor-element-iwgw-mimigeiste-s13c e-con-full e-flex e-con e-child\" data-id=\"iwgw-mimigeiste-s13c\" data-element_type=\"container\" data-e-type=\"container\">\n\t\t\t\t<div class=\"elementor-element elementor-element-iwgw-mimigeiste-s13t elementor-widget elementor-widget-text-editor\" data-id=\"iwgw-mimigeiste-s13t\" data-element_type=\"widget\" data-e-type=\"widget\" data-widget_type=\"text-editor.default\">\n\t\t\t\t\t\t\t\t\t<p>Mereix una an\u00e0lisi historicoart\u00edstica m\u00e9s profunda la perioditzaci\u00f3 de les pintures rupestres d&#8217;Arnhem Land. La recerca distingeix diverses fases estil\u00edstiques: les \u00abDynamic Figures\u00bb (probablement de m\u00e9s de 10.000 anys, sovint pintures rupestres dels mimih), l&#8217;\u00abYam Style\u00bb i l&#8217;\u00abX-Ray Style\u00bb (m\u00e9s recent, amb \u00e9ssers com Namarrkon).<\/p><p>Paul Ta\u00e7on, Christopher Chippindale i George Chaloupka han establert aquesta cronologia en diverses obres de refer\u00e8ncia. Les pintures rupestres dels mimih figuren entre les obres d&#8217;art conservades m\u00e9s antigues del m\u00f3n, una troballa hist\u00f2ricament excepcional.<\/p><p>En la recerca contempor\u00e0nia aquesta cronologia es va refinant i \u00e9s objecte de reflexi\u00f3 cr\u00edtica. Nous m\u00e8todes de dataci\u00f3 (dataci\u00f3 per urani-tori) ofereixen resultats m\u00e9s precisos; algunes pintures dels mimih ara es daten fins a 30.000 anys, el que obre novament el debat sobre la dataci\u00f3.<\/p>\t\t\t\t\t\t\t\t<\/div>\n\t\t\t\t<\/div>\n\t\t\t\t\t<\/div>\n\t\t\t\t<\/div>\n\t\t<div class=\"elementor-element elementor-element-iwgw-mimigeiste-s14 e-flex e-con-boxed e-con e-parent\" data-id=\"iwgw-mimigeiste-s14\" data-element_type=\"container\" data-e-type=\"container\">\n\t\t\t\t\t<div class=\"e-con-inner\">\n\t\t\t\t<div class=\"elementor-element elementor-element-iwgw-mimigeiste-s14h elementor-widget elementor-widget-heading\" data-id=\"iwgw-mimigeiste-s14h\" data-element_type=\"widget\" data-e-type=\"widget\" data-widget_type=\"heading.default\">\n\t\t\t\t\t<h2 class=\"elementor-heading-title elementor-size-default\">Els mimih i el coneixement secret<\/h2>\t\t\t\t<\/div>\n\t\t<div class=\"elementor-element elementor-element-iwgw-mimigeiste-s14c e-con-full e-flex e-con e-child\" data-id=\"iwgw-mimigeiste-s14c\" data-element_type=\"container\" data-e-type=\"container\">\n\t\t\t\t<div class=\"elementor-element elementor-element-iwgw-mimigeiste-s14t elementor-widget elementor-widget-text-editor\" data-id=\"iwgw-mimigeiste-s14t\" data-element_type=\"widget\" data-e-type=\"widget\" data-widget_type=\"text-editor.default\">\n\t\t\t\t\t\t\t\t\t<p>Mereix una an\u00e0lisi metodol\u00f2gica especial la q\u00fcesti\u00f3 del coneixement secret. Bona part del coneixement relacionat amb els mimih no \u00e9s \u00abrestricted\u00bb en el sentit m\u00e9s estricte (\u00e9s a dir, no requereix iniciaci\u00f3), per\u00f2 tot i aix\u00ed est\u00e0 lligat a contextos locals on no s&#8217;hauria de presentar p\u00fablicament.<\/p><p><span data-nosnippet>Howard Morphy ha proposat a <em>Aboriginal Art<\/em> (1998) una distinci\u00f3 diferenciada entre diversos nivells de coneixement: \u00abinside knowledge\u00bb (que requereix iniciaci\u00f3), \u00aboutside knowledge\u00bb (per a tota la comunitat) i \u00abpublic knowledge\u00bb (per al p\u00fablic en general). La tradici\u00f3 dels mimih compr\u00e8n elements dels tres nivells.<\/span><\/p><p>Per a la recerca contempor\u00e0nia aix\u00f2 significa que un treball respectu\u00f3s amb les fonts ha de distingir aquests nivells i tractar-los de manera adequada segons el context. Aquesta rigorositat metodol\u00f2gica \u00e9s l&#8217;est\u00e0ndard des dels anys 1990.<\/p>\t\t\t\t\t\t\t\t<\/div>\n\t\t\t\t<\/div>\n\t\t\t\t\t<\/div>\n\t\t\t\t<\/div>\n\t\t<div class=\"elementor-element elementor-element-iwgw-mimigeiste-s15 e-flex e-con-boxed e-con e-parent\" data-id=\"iwgw-mimigeiste-s15\" data-element_type=\"container\" data-e-type=\"container\">\n\t\t\t\t\t<div class=\"e-con-inner\">\n\t\t\t\t<div class=\"elementor-element elementor-element-iwgw-mimigeiste-s15h elementor-widget elementor-widget-heading\" data-id=\"iwgw-mimigeiste-s15h\" data-element_type=\"widget\" data-e-type=\"widget\" data-widget_type=\"heading.default\">\n\t\t\t\t\t<h2 class=\"elementor-heading-title elementor-size-default\">Els mimih i la tradici\u00f3 de coneixement aborigen<\/h2>\t\t\t\t<\/div>\n\t\t<div class=\"elementor-element elementor-element-iwgw-mimigeiste-s15c e-con-full e-flex e-con e-child\" data-id=\"iwgw-mimigeiste-s15c\" data-element_type=\"container\" data-e-type=\"container\">\n\t\t\t\t<div class=\"elementor-element elementor-element-iwgw-mimigeiste-s15t elementor-widget elementor-widget-text-editor\" data-id=\"iwgw-mimigeiste-s15t\" data-element_type=\"widget\" data-e-type=\"widget\" data-widget_type=\"text-editor.default\">\n\t\t\t\t\t\t\t\t\t<p>Mereix un estudi m\u00e9s profund la consideraci\u00f3 dels mimih com a part d&#8217;una tradici\u00f3 de coneixement aborigen m\u00e9s \u00e0mplia. La tradici\u00f3 aborigen no s&#8217;ent\u00e9n nom\u00e9s com a religiosa, sin\u00f3 com una forma de coneixement hol\u00edstica que uneix religi\u00f3, ecologia, ordre social i saber pr\u00e0ctic.<\/p><p><span data-nosnippet>Tyson Yunkaporta ha conceptualitzat a <em>Sand Talk<\/em> (2019) el sistema de coneixement aborigen com un \u00abrelational pattern thinking\u00bb (pensament de patrons relacionals). La tradici\u00f3 dels mimih s&#8217;integra en aquest sistema: combina prud\u00e8ncia ecol\u00f2gica (riscos de les coves), tradici\u00f3 art\u00edstica (pintura rupestre), funci\u00f3 pedag\u00f2gica (ensenyament de la ca\u00e7a) i pr\u00e0ctica religiosa (relaci\u00f3 amb els esperits).<\/span><\/p><p>Fenomenol\u00f2gicament, aquesta \u00e9s una observaci\u00f3 important: la religi\u00f3 ind\u00edgena no \u00e9s un \u00e0mbit de \u00abcreen\u00e7a\u00bb separat, sin\u00f3 una part integral d&#8217;una ecologia de coneixement m\u00e9s \u00e0mplia. Aquesta visi\u00f3 ha influ\u00eft la recerca religiosa contempor\u00e0nia a escala mundial.<\/p>\t\t\t\t\t\t\t\t<\/div>\n\t\t\t\t<\/div>\n\t\t\t\t\t<\/div>\n\t\t\t\t<\/div>\n\t\t<div class=\"elementor-element elementor-element-iwgw-mimigeiste-s16 e-flex e-con-boxed e-con e-parent\" data-id=\"iwgw-mimigeiste-s16\" data-element_type=\"container\" data-e-type=\"container\">\n\t\t\t\t\t<div class=\"e-con-inner\">\n\t\t\t\t<div class=\"elementor-element elementor-element-iwgw-mimigeiste-s16h elementor-widget elementor-widget-heading\" data-id=\"iwgw-mimigeiste-s16h\" data-element_type=\"widget\" data-e-type=\"widget\" data-widget_type=\"heading.default\">\n\t\t\t\t\t<h2 class=\"elementor-heading-title elementor-size-default\">Els mimih i la dataci\u00f3 de l'art rupestre aborigen<\/h2>\t\t\t\t<\/div>\n\t\t<div class=\"elementor-element elementor-element-iwgw-mimigeiste-s16c e-con-full e-flex e-con e-child\" data-id=\"iwgw-mimigeiste-s16c\" data-element_type=\"container\" data-e-type=\"container\">\n\t\t\t\t<div class=\"elementor-element elementor-element-iwgw-mimigeiste-s16t elementor-widget elementor-widget-text-editor\" data-id=\"iwgw-mimigeiste-s16t\" data-element_type=\"widget\" data-e-type=\"widget\" data-widget_type=\"text-editor.default\">\n\t\t\t\t\t\t\t\t\t<p>Una l\u00ednia de recerca actual concerneix la dataci\u00f3 arqueol\u00f2gica de les pintures rupestres dels mimih. Les anomenades \u00abDynamic Figures\u00bb es van datar durant molt temps entre 6.000 i 8.000 anys; m\u00e8todes de dataci\u00f3 m\u00e9s recents (urani-tori, luminesc\u00e8ncia) donen de vegades resultats m\u00e9s antics.<\/p><p>Paul Ta\u00e7on, Christopher Chippindale i altres han discutit la q\u00fcesti\u00f3 de la dataci\u00f3 en diversos articles. Algunes pintures rupestres ara es daten fins a 30.000 anys, el que convertiria la tradici\u00f3 dels mimih en una de les pr\u00e0ctiques art\u00edstiques conservades m\u00e9s antigues del m\u00f3n.<\/p><p>Des del punt de vista de la hist\u00f2ria de les religions, aquesta dataci\u00f3 t\u00e9 una import\u00e0ncia cabdal. Significaria que la concepci\u00f3 dels esperits mimih figura entre els conceptes religiosos m\u00e9s antics que coneixem. La recerca es troba aqu\u00ed en una fase metodol\u00f2gicament fecunda.<\/p>\t\t\t\t\t\t\t\t<\/div>\n\t\t\t\t<\/div>\n\t\t\t\t\t<\/div>\n\t\t\t\t<\/div>\n\t\t<div class=\"elementor-element elementor-element-cp21604241 e-flex e-con-boxed e-con e-parent\" data-id=\"cp21604241\" data-element_type=\"container\" data-e-type=\"container\">\n\t\t\t\t\t<div class=\"e-con-inner\">\n\t\t\t\t<div class=\"elementor-element elementor-element-cp2421a483 elementor-widget elementor-widget-heading\" data-id=\"cp2421a483\" data-element_type=\"widget\" data-e-type=\"widget\" data-widget_type=\"heading.default\">\n\t\t\t\t\t<h2 class=\"elementor-heading-title elementor-size-default\">Prims com un fil i esquius: els mimih en l'art rupestre d'Arnhem Land<\/h2>\t\t\t\t<\/div>\n\t\t<div class=\"elementor-element elementor-element-cp20d64a9e e-flex e-con-boxed e-con e-child\" data-id=\"cp20d64a9e\" data-element_type=\"container\" data-e-type=\"container\">\n\t\t\t\t\t<div class=\"e-con-inner\">\n\t\t\t\t<div class=\"elementor-element elementor-element-cp22fc4a0c elementor-widget elementor-widget-text-editor\" data-id=\"cp22fc4a0c\" data-element_type=\"widget\" data-e-type=\"widget\" data-widget_type=\"text-editor.default\">\n\t\t\t\t\t\t\t\t\t<p>Els <em>Mimih<\/em>, sovint anomenats en textos occidentals esperits Mimi, es troben entre les figures m\u00e9s estretament vinculades a un corpus d&#8217;imatges dins la <span class=\"iwg-fachbegriff\" data-tooltip=\"La transmissi\u00f3 de coneixements i relats al llarg de generacions.\" tabindex=\"0\">tradici\u00f3<\/span> aborigen australiana. Formen part integral de l&#8217;art rupestre de l&#8217;oest d&#8217;Arnhem Land, una regi\u00f3 del nord del continent, els territoris tribals de la qual estan habitats, entre altres, per parlants de kunwinjku i lleng\u00fces emparentades.<\/p><p>En els relats d&#8217;aquestes comunitats, els Mimih s\u00f3n \u00e9ssers prims i de membres allargats que viuen a les esquerdes i cavitats dels penya-segats de gres. El seu cos \u00e9s tan fr\u00e0gil que una r\u00e0fega de vent forta els trencaria el coll, per la qual cosa nom\u00e9s surten quan no hi ha vent i, si hi ha perill, desapareixen dins la roca inflant-la com si fos massa tova.<\/p><p>Aquesta idea es troba en una relaci\u00f3 notable amb l&#8217;art rupestre mateix. Moltes de les figures din\u00e0miques i finament dibuixades de les capes m\u00e9s antigues de la pintura d&#8217;Arnhem Land mostren siluetes esveltes, congelades en moviment, ca\u00e7ant, corrent o ballant. En la <span class=\"iwg-fachbegriff\" data-tooltip=\"La transmissi\u00f3 de coneixements i relats al llarg de generacions.\" tabindex=\"0\">tradici\u00f3<\/span> dels propietaris tradicionals, aquest tipus d&#8217;imatges s&#8217;atribueixen en part als mateixos Mimih.<\/p><p>Segons aquesta interpretaci\u00f3, no van ser els humans qui van pintar les imatges m\u00e9s antigues, sin\u00f3 els Mimih, que despr\u00e9s van ensenyar als humans a ca\u00e7ar, a pintar i a realitzar certes cerim\u00f2nies. Els Mimih apareixen aix\u00ed com a transmissors de t\u00e8cniques culturals, de manera similar a altres \u00e9ssers preposats a l&#8217;exist\u00e8ncia humana dins les tradicions australianes.<\/p><p>La recerca arqueol\u00f2gica, com els treballs de George Chaloupka i especialistes posteriors, ha establert per a l&#8217;art rupestre d&#8217;Arnhem Land una llarga seq\u00fc\u00e8ncia de fases estil\u00edstiques que abasta molts mil\u00b7lennis. \u00c9s important no contraposar l&#8217;atribuci\u00f3 ind\u00edgena als Mimih amb la cronologia estil\u00edstica arqueol\u00f2gica.<\/p><p>Ambdues responen a preguntes diferents. La cronologia arqueol\u00f2gica situa les imatges en una seq\u00fc\u00e8ncia temporal, mentre que la <span class=\"iwg-fachbegriff\" data-tooltip=\"La transmissi\u00f3 de coneixements i relats al llarg de generacions.\" tabindex=\"0\">tradici\u00f3<\/span> ind\u00edgena les situa dins una comprensi\u00f3 del m\u00f3n en la qual el l\u00edmit entre l&#8217;autoria humana i preposada a l&#8217;exist\u00e8ncia humana es tra\u00e7a d&#8217;una altra manera.<\/p><p>Els Mimih no s\u00f3n, doncs, criatures purament del passat. En nombroses comunitats se&#8217;ls considera presents fins avui, inofensius o capriciosos, de vegades \u00fatils, de vegades capa\u00e7os de segrestar persones.<\/p><p>Les figures de Mimih tallades en fusta formen part, des de la segona meitat del segle XX, de la producci\u00f3 art\u00edstica de la regi\u00f3 coneguda a escala m\u00e9s \u00e0mplia, un exemple de com una antiga creen\u00e7a sobre esperits transita cap a noves formes d&#8217;expressi\u00f3 sense perdre el seu lloc dins la tradici\u00f3 viva.<\/p>\t\t\t\t\t\t\t\t<\/div>\n\t\t\t\t\t<\/div>\n\t\t\t\t<\/div>\n\t\t\t\t\t<\/div>\n\t\t\t\t<\/div>\n\t\t<div class=\"elementor-element elementor-element-iwgw-mimigeiste-lit e-flex e-con-boxed e-con e-parent\" data-id=\"iwgw-mimigeiste-lit\" data-element_type=\"container\" data-e-type=\"container\">\n\t\t\t\t\t<div class=\"e-con-inner\">\n\t\t\t\t<div class=\"elementor-element elementor-element-iwgw-mimigeiste-lith elementor-widget elementor-widget-heading\" data-id=\"iwgw-mimigeiste-lith\" data-element_type=\"widget\" data-e-type=\"widget\" data-widget_type=\"heading.default\">\n\t\t\t\t\t<h2 class=\"elementor-heading-title elementor-size-default\">Bibliografia (selecci\u00f3)<\/h2>\t\t\t\t<\/div>\n\t\t<div class=\"elementor-element elementor-element-iwgw-mimigeiste-litc e-con-full e-flex e-con e-child\" data-id=\"iwgw-mimigeiste-litc\" data-element_type=\"container\" data-e-type=\"container\">\n\t\t\t\t<div class=\"elementor-element elementor-element-iwgw-mimigeiste-litt elementor-widget elementor-widget-text-editor\" data-id=\"iwgw-mimigeiste-litt\" data-element_type=\"widget\" data-e-type=\"widget\" data-widget_type=\"text-editor.default\">\n\t\t\t\t\t\t\t\t\t<ul><li>Charles P. Mountford: <em>Records of the American-Australian Scientific Expedition to Arnhem Land<\/em> (1956)<\/li><li><span data-nosnippet>Ronald M. Berndt &#038; Catherine H. Berndt: <em>Man, Land and Myth in North Australia<\/em> (1970)<\/span><\/li><li>Howard Morphy: <em>Aboriginal Art<\/em> (Phaidon 1998)<\/li><li>Luke Taylor: <em>Seeing the Inside<\/em> (1996)<\/li><li>Tony Swain: <em>A Place for Strangers<\/em> (1993)<\/li><li>Lynne Hume: <em>Ancestral Power<\/em> (2002)<\/li><\/ul>\t\t\t\t\t\t\t\t<\/div>\n\t\t\t\t<\/div>\n\t\t\t\t\t<\/div>\n\t\t\t\t<\/div>\n\t\t<div class=\"elementor-element elementor-element-iwgkw2-add-mimigeister e-flex e-con-boxed e-con e-parent\" data-id=\"iwgkw2-add-mimigeister\" data-element_type=\"container\" data-e-type=\"container\">\n\t\t\t\t\t<div class=\"e-con-inner\">\n\t\t\t\t<div class=\"elementor-element elementor-element-iwgkw2-add-mimigeister-t elementor-widget elementor-widget-text-editor\" data-id=\"iwgkw2-add-mimigeister-t\" data-element_type=\"widget\" data-e-type=\"widget\" data-widget_type=\"text-editor.default\">\n\t\t\t\t\t\t\t\t\t<p>El <em><span class=\"iwg-fachbegriff\" data-tooltip=\"Un relat transm\u00e8s sobre d\u00e9us, or\u00edgens i l'ordre del m\u00f3n.\" tabindex=\"0\">mite<\/span><\/em> dels esperits Mimi els transmet com a habitants prims de les esquerdes de la roca d&#8217;Arnhem Land, que van ensenyar als humans la ca\u00e7a, la dansa i el foc; les <em>fonts<\/em> m\u00e9s importants s\u00f3n les pintures rupestres i els relats de les comunitats ling\u00fc\u00edstiques yolngu i kunwinjku.<\/p>\t\t\t\t\t\t\t\t<\/div>\n\t\t\t\t\t<\/div>\n\t\t\t\t<\/div>\n\t\t<div class=\"elementor-element elementor-element-iwgw-mimigeiste-kwd e-flex e-con-boxed e-con e-parent\" data-id=\"iwgw-mimigeiste-kwd\" data-element_type=\"container\" data-e-type=\"container\">\n\t\t\t\t\t<div class=\"e-con-inner\">\n\t\t<div class=\"elementor-element elementor-element-iwgw-mimigeiste-kwdc e-con-full e-flex e-con e-child\" data-id=\"iwgw-mimigeiste-kwdc\" data-element_type=\"container\" data-e-type=\"container\">\n\t\t\t\t<div class=\"elementor-element elementor-element-iwgw-mimigeiste-kwdt elementor-widget elementor-widget-text-editor\" data-id=\"iwgw-mimigeiste-kwdt\" data-element_type=\"widget\" data-e-type=\"widget\" data-widget_type=\"text-editor.default\">\n\t\t\t\t\t\t\t\t\t<p><em>Termes clau relacionats: Mimi Mimih Arnhem Land esperits de la roca mestres de ca\u00e7a kunwinjku.<\/em><\/p>\t\t\t\t\t\t\t\t<\/div>\n\t\t\t\t<\/div>\n\t\t\t\t\t<\/div>\n\t\t\t\t<\/div>\n\t\t<div class=\"elementor-element elementor-element-iwgw-mimigeiste-cc e-flex e-con-boxed e-con e-parent\" data-id=\"iwgw-mimigeiste-cc\" data-element_type=\"container\" data-e-type=\"container\" id=\"iwg-cc-mimi-geister\">\n\t\t\t\t\t<div class=\"e-con-inner\">\n\t\t<div class=\"elementor-element elementor-element-iwgw-mimigeiste-ccinner e-flex e-con-boxed e-con e-parent\" data-id=\"iwgw-mimigeiste-ccinner\" data-element_type=\"container\" data-e-type=\"container\" data-settings=\"{&quot;background_background&quot;:&quot;classic&quot;}\">\n\t\t\t\t\t<div class=\"e-con-inner\">\n\t\t\t\t<div class=\"elementor-element elementor-element-iwgw-mimigeiste-cch elementor-widget elementor-widget-heading\" data-id=\"iwgw-mimigeiste-cch\" data-element_type=\"widget\" data-e-type=\"widget\" data-widget_type=\"heading.default\">\n\t\t\t\t\t<h2 class=\"elementor-heading-title elementor-size-default\">iWell Guard i tradicions de protecci\u00f3<\/h2>\t\t\t\t<\/div>\n\t\t\t\t<div class=\"elementor-element elementor-element-iwgw-mimigeiste-cct elementor-widget elementor-widget-text-editor\" data-id=\"iwgw-mimigeiste-cct\" data-element_type=\"widget\" data-e-type=\"widget\" data-widget_type=\"text-editor.default\">\n\t\t\t\t\t\t\t\t\t<div data-nosnippet=\"true\"><p>iWell Guard s&#8217;inspira en la tradici\u00f3 cultural i hist\u00f2rica dels objectes de protecci\u00f3 port\u00e0tils, seguint la tradici\u00f3 dels <a href=\"https:\/\/iwell-guard.com\/ca\/australia-aborigen-dreamtime-tjukurpa-objectes-proteccio\/\">abor\u00edgens australians<\/a> i de moltes altres cultures d&#8217;arreu del m\u00f3n. 41 capes, or aut\u00e8ntic, plat\u00ed, plata, fabricat a Alemanya. Dret de devoluci\u00f3 de 30 dies.<\/p><\/div>\t\t\t\t\t\t\t\t<\/div>\n\t\t\t\t<div class=\"elementor-element elementor-element-iwgw-mimigeiste-ccb iwg-cc-button iwg-cc-cta-2026-05-13 elementor-widget elementor-widget-jet-button\" data-id=\"iwgw-mimigeiste-ccb\" data-element_type=\"widget\" data-e-type=\"widget\" data-widget_type=\"jet-button.default\">\n\t\t\t\t<div class=\"elementor-widget-container\">\n\t\t\t\t\t<div class=\"elementor-jet-button jet-elements\"><div class=\"jet-button__container\"><a class=\"jet-button__instance jet-button__instance--icon-left hover-effect-1\" href=\"\/ueber-iwell-guard\/?utm_source=iwell-guard.com&amp;utm_medium=info-box&amp;utm_campaign=wesen-tradition\"><div class=\"jet-button__plane jet-button__plane-normal\"><\/div><div class=\"jet-button__plane jet-button__plane-hover\"><\/div><div class=\"jet-button__state jet-button__state-normal\"><span class=\"jet-button__label\">M\u00e9s informaci\u00f3 sobre l'iWell Guard<\/span><\/div><div class=\"jet-button__state jet-button__state-hover\"><span class=\"jet-button__label\">M\u00e9s informaci\u00f3 sobre l'iWell Guard<\/span><\/div><\/a><\/div><\/div><style>.elementor-element.elementor-element-iwgw-mimigeiste-ccb .jet-button__instance{width:320px;height:56px;}.elementor-element.elementor-element-iwgw-mimigeiste-ccb .jet-button__state-normal .jet-button__label{text-align:center;margin:0px 0px 0px 0px;color:#1a1b20;font-family:Montserrat,sans-serif;font-size:13px;font-weight:400;letter-spacing:4px;line-height:1.714em;text-transform:uppercase;}.elementor-element.elementor-element-iwgw-mimigeiste-ccb .jet-button__state-hover .jet-button__label{text-align:center;margin:0px 0px 0px 0px;color:#FECC76;font-family:Montserrat,sans-serif;font-size:13px;font-weight:400;letter-spacing:4px;line-height:1.714em;text-transform:uppercase;}.elementor-element.elementor-element-iwgw-mimigeiste-ccb .jet-button__plane-normal{background-color:#FECC76;border-style:solid;border-color:#C99540;border-width:2px 2px 2px 2px;}.elementor-element.elementor-element-iwgw-mimigeiste-ccb .jet-button__plane-hover{background-color:rgba(0,0,0,0.55);border-style:solid;border-color:#FECC76;border-width:2px 2px 2px 2px;}<\/style>\t\t\t\t<\/div>\n\t\t\t\t<\/div>\n\t\t\t\t<div class=\"elementor-element elementor-element-iwgw-mimigeiste-ccd elementor-widget elementor-widget-text-editor\" data-id=\"iwgw-mimigeiste-ccd\" data-element_type=\"widget\" data-e-type=\"widget\" data-widget_type=\"text-editor.default\">\n\t\t\t\t\t\t\t\t\t<div data-nosnippet=\"true\"><p style=\"text-align:center;font-size:13px;opacity:0.7;margin-top:14px\" data-nosnippet=\"true\">Les experi\u00e8ncies personals poden variar. No \u00e9s un producte sanitari. No \u00e9s una promesa de curaci\u00f3.<\/p><\/div>\t\t\t\t\t\t\t\t<\/div>\n\t\t\t\t\t<\/div>\n\t\t\t\t<\/div>\n\t\t\t\t\t<\/div>\n\t\t\t\t<\/div>\n\t\t<div class=\"elementor-element elementor-element-iwgw-mimigeiste-disc e-flex e-con-boxed e-con e-parent\" data-id=\"iwgw-mimigeiste-disc\" data-element_type=\"container\" data-e-type=\"container\">\n\t\t\t\t\t<div class=\"e-con-inner\">\n\t\t\t\t<div class=\"elementor-element elementor-element-iwgw-mimigeiste-discw elementor-widget elementor-widget-html\" data-id=\"iwgw-mimigeiste-discw\" data-element_type=\"widget\" data-e-type=\"widget\" data-widget_type=\"html.default\">\n\t\t\t\t\t<footer data-nosnippet=\"true\" class=\"iwg-disclaimer-block\"><p data-nosnippet=\"true\">iWell Guard <strong>no \u00e9s un producte sanitari<\/strong> i no substitueix cap tractament m\u00e8dic o psicoterap\u00e8utic. Els continguts d'hist\u00f2ria de les religions s\u00f3n una classificaci\u00f3 culturohist\u00f2rica, no una recomanaci\u00f3 de pr\u00e0ctica espiritual.<\/p><\/footer>\t\t\t\t<\/div>\n\t\t\t\t\t<\/div>\n\t\t\t\t<\/div>\n\t\t\t\t<\/div>\n\t\t","protected":false},"excerpt":{"rendered":"","protected":false},"author":3,"featured_media":2867,"parent":0,"menu_order":0,"comment_status":"closed","ping_status":"closed","template":"elementor_header_footer","meta":{"_yoast_wpseo_focuskw":"Esperits Mimi, abor\u00edgens d'Arnhem Land","_yoast_wpseo_title":"Esperits Mimi \u2013 Esperits rocosos abor\u00edgens, mite i fonts","_yoast_wpseo_metadesc":"Els esperits Mimi s\u00f3n prims esperits de roques i coves dels abor\u00edgens d'Arnhem Land. Classificaci\u00f3 des de la ci\u00e8ncia de la religi\u00f3 amb mite i fonts.","_yoast_wpseo_meta-robots-noindex":"","_yoast_wpseo_canonical":"","_angie_page":false,"gefaehrdungsstufe":"3","wesen_kultur":"aboriginal","wesen_klasse":"geister","footnotes":""},"categories":[],"class_list":["post-171747","page","type-page","status-publish","has-post-thumbnail","hentry"],"yoast_head":"<!-- This site is optimized with the Yoast SEO Premium plugin v27.7 (Yoast SEO v28.3) - https:\/\/yoast.com\/product\/yoast-seo-premium-wordpress\/ -->\n<title>Esperits Mimi \u2013 Esperits rocosos abor\u00edgens, mite i fonts<\/title>\n<meta name=\"description\" content=\"Els esperits Mimi s\u00f3n prims esperits de roques i coves dels abor\u00edgens d&#039;Arnhem Land. Classificaci\u00f3 des de la ci\u00e8ncia de la religi\u00f3 amb mite i fonts.\" \/>\n<meta name=\"robots\" content=\"index, follow, max-snippet:-1, max-image-preview:large, max-video-preview:-1\" \/>\n<link rel=\"canonical\" href=\"https:\/\/iwell-guard.com\/ca\/esperits-mimi-aborigens-arnhem-land\/\" \/>\n<meta property=\"og:locale\" content=\"ca_ES\" \/>\n<meta property=\"og:type\" content=\"article\" \/>\n<meta property=\"og:title\" content=\"Esperits Mimi \u2013 Prims esperits rocosos dels abor\u00edgens d&#039;Arnhem Land\" \/>\n<meta property=\"og:description\" content=\"Els esperits Mimi s\u00f3n prims esperits de roques i coves dels abor\u00edgens d&#039;Arnhem Land. Classificaci\u00f3 des de la ci\u00e8ncia de la religi\u00f3 amb mite i fonts.\" \/>\n<meta property=\"og:url\" content=\"https:\/\/iwell-guard.com\/ca\/esperits-mimi-aborigens-arnhem-land\/\" \/>\n<meta property=\"og:site_name\" content=\"iWell Guard\" \/>\n<meta property=\"article:modified_time\" content=\"2026-09-05T16:06:11+00:00\" \/>\n<meta property=\"og:image\" content=\"https:\/\/iwell-guard.com\/wp-content\/uploads\/2026\/05\/geister_aboriginal_mimi-geister.webp\" \/>\n\t<meta property=\"og:image:width\" content=\"1024\" \/>\n\t<meta property=\"og:image:height\" content=\"1536\" \/>\n\t<meta property=\"og:image:type\" content=\"image\/webp\" \/>\n<meta name=\"twitter:card\" content=\"summary_large_image\" \/>\n<script type=\"application\/ld+json\" class=\"yoast-schema-graph\">{\"@context\":\"https:\\\/\\\/schema.org\",\"@graph\":[{\"@type\":\"WebPage\",\"@id\":\"https:\\\/\\\/iwell-guard.com\\\/ca\\\/esperits-mimi-aborigens-arnhem-land\\\/\",\"url\":\"https:\\\/\\\/iwell-guard.com\\\/ca\\\/esperits-mimi-aborigens-arnhem-land\\\/\",\"name\":\"Esperits Mimi \u2013 Esperits rocosos abor\u00edgens, mite i fonts\",\"isPartOf\":{\"@id\":\"https:\\\/\\\/iwell-guard.com\\\/ca\\\/#website\"},\"primaryImageOfPage\":{\"@id\":\"https:\\\/\\\/iwell-guard.com\\\/ca\\\/esperits-mimi-aborigens-arnhem-land\\\/#primaryimage\"},\"image\":{\"@id\":\"https:\\\/\\\/iwell-guard.com\\\/ca\\\/esperits-mimi-aborigens-arnhem-land\\\/#primaryimage\"},\"thumbnailUrl\":\"https:\\\/\\\/iwell-guard.com\\\/wp-content\\\/uploads\\\/2026\\\/05\\\/geister_aboriginal_mimi-geister.webp\",\"datePublished\":\"2026-09-05T15:42:02+00:00\",\"dateModified\":\"2026-09-05T16:06:11+00:00\",\"description\":\"Els esperits Mimi s\u00f3n prims esperits de roques i coves dels abor\u00edgens d'Arnhem Land. Classificaci\u00f3 des de la ci\u00e8ncia de la religi\u00f3 amb mite i fonts.\",\"breadcrumb\":{\"@id\":\"https:\\\/\\\/iwell-guard.com\\\/ca\\\/esperits-mimi-aborigens-arnhem-land\\\/#breadcrumb\"},\"inLanguage\":\"ca\",\"potentialAction\":[{\"@type\":\"ReadAction\",\"target\":[\"https:\\\/\\\/iwell-guard.com\\\/ca\\\/esperits-mimi-aborigens-arnhem-land\\\/\"]}]},{\"@type\":\"ImageObject\",\"inLanguage\":\"ca\",\"@id\":\"https:\\\/\\\/iwell-guard.com\\\/ca\\\/esperits-mimi-aborigens-arnhem-land\\\/#primaryimage\",\"url\":\"https:\\\/\\\/iwell-guard.com\\\/wp-content\\\/uploads\\\/2026\\\/05\\\/geister_aboriginal_mimi-geister.webp\",\"contentUrl\":\"https:\\\/\\\/iwell-guard.com\\\/wp-content\\\/uploads\\\/2026\\\/05\\\/geister_aboriginal_mimi-geister.webp\",\"width\":1024,\"height\":1536,\"caption\":\"Esperits de la tradici\u00f3 aborigen.\"},{\"@type\":\"BreadcrumbList\",\"@id\":\"https:\\\/\\\/iwell-guard.com\\\/ca\\\/esperits-mimi-aborigens-arnhem-land\\\/#breadcrumb\",\"itemListElement\":[{\"@type\":\"ListItem\",\"position\":1,\"name\":\"Start\",\"item\":\"https:\\\/\\\/iwell-guard.com\\\/ca\\\/?page_id=171333\"},{\"@type\":\"ListItem\",\"position\":2,\"name\":\"Esperits Mimi \u2013 Prims esperits rocosos dels abor\u00edgens d&#8217;Arnhem Land\"}]},{\"@type\":\"WebSite\",\"@id\":\"https:\\\/\\\/iwell-guard.com\\\/ca\\\/#website\",\"url\":\"https:\\\/\\\/iwell-guard.com\\\/ca\\\/\",\"name\":\"iWell Guard\",\"description\":\"Schutz vor dunklen Einfl\u00fcssen\",\"publisher\":{\"@id\":\"https:\\\/\\\/iwell-guard.com\\\/ca\\\/#organization\"},\"potentialAction\":[{\"@type\":\"SearchAction\",\"target\":{\"@type\":\"EntryPoint\",\"urlTemplate\":\"https:\\\/\\\/iwell-guard.com\\\/ca\\\/?s={search_term_string}\"},\"query-input\":{\"@type\":\"PropertyValueSpecification\",\"valueRequired\":true,\"valueName\":\"search_term_string\"}}],\"inLanguage\":\"ca\"},{\"@type\":\"Organization\",\"@id\":\"https:\\\/\\\/iwell-guard.com\\\/ca\\\/#organization\",\"name\":\"Ittermann electronic GmbH\",\"url\":\"https:\\\/\\\/iwell-guard.com\\\/ca\\\/\",\"logo\":{\"@type\":\"ImageObject\",\"inLanguage\":\"ca\",\"@id\":\"https:\\\/\\\/iwell-guard.com\\\/ca\\\/#\\\/schema\\\/logo\\\/image\\\/\",\"url\":\"https:\\\/\\\/iwell-guard.com\\\/wp-content\\\/uploads\\\/2026\\\/05\\\/Ittermann-Logo-1182x237-1.png\",\"contentUrl\":\"https:\\\/\\\/iwell-guard.com\\\/wp-content\\\/uploads\\\/2026\\\/05\\\/Ittermann-Logo-1182x237-1.png\",\"width\":1182,\"height\":237,\"caption\":\"Ittermann electronic GmbH\"},\"image\":{\"@id\":\"https:\\\/\\\/iwell-guard.com\\\/ca\\\/#\\\/schema\\\/logo\\\/image\\\/\"},\"sameAs\":[\"https:\\\/\\\/pantip.com\\\/profile\\\/9367242\",\"https:\\\/\\\/micro.blog\\\/iwellguard\",\"https:\\\/\\\/www.diggerslist.com\\\/iwellguard\\\/about\",\"https:\\\/\\\/skitterphoto.com\\\/photographers\\\/2870314\\\/iwell-guard\",\"https:\\\/\\\/iwellguard.wordpress.com\\\/2026\\\/06\\\/06\\\/iwell-guard\\\/\",\"https:\\\/\\\/hub.docker.com\\\/u\\\/iwellguard\",\"https:\\\/\\\/www.pinterest.com\\\/iwellguard\\\/\",\"https:\\\/\\\/bit.ly\\\/m\\\/iwellguard\",\"https:\\\/\\\/entre-vos-mains.alsace.eu\\\/profiles\\\/iwellguard\\\/activity\",\"https:\\\/\\\/gravatar.com\\\/reallybeded8fd34\",\"https:\\\/\\\/naijamatta.com\\\/iwellguard\",\"https:\\\/\\\/www.goodreads.com\\\/iwellguard\",\"https:\\\/\\\/profile.hatena.ne.jp\\\/iwellguard\\\/\",\"https:\\\/\\\/experiment.com\\\/users\\\/iwellguard\",\"https:\\\/\\\/wakelet.com\\\/@iWellGuard82270\",\"https:\\\/\\\/www.chordie.com\\\/forum\\\/profile.php?id=2555664\",\"https:\\\/\\\/www.instapaper.com\\\/p\\\/17757966\",\"https:\\\/\\\/www.mapleprimes.com\\\/users\\\/iwellguard\",\"https:\\\/\\\/businesslistingplus.com\\\/profile\\\/iwell-guard\\\/\",\"https:\\\/\\\/telegra.ph\\\/iWell-Guard-06-06\",\"https:\\\/\\\/pbase.com\\\/iwellguard\\\/iwellguard\",\"https:\\\/\\\/b.hatena.ne.jp\\\/iwellguard\\\/20260607#bookmark-4788405196491818882\",\"https:\\\/\\\/fliphtml5.com\\\/home\\\/iwellguard\",\"https:\\\/\\\/anyflip.com\\\/homepage\\\/cmiwl#About\",\"https:\\\/\\\/transfur.com\\\/Users\\\/iwellguard\",\"http:\\\/\\\/delphi.larsbo.org\\\/user\\\/iwellguard\",\"https:\\\/\\\/jobs.lajobsportal.org\\\/profiles\\\/8380803-iwell-guard\",\"https:\\\/\\\/md.chaosdorf.de\\\/s\\\/jfbe5SBdJD\",\"https:\\\/\\\/www.lingvolive.com\\\/en-us\\\/profile\\\/9ecaeaca-ce11-4e51-9e71-01d55e2bff36\\\/translations\",\"https:\\\/\\\/www.fitday.com\\\/fitness\\\/forums\\\/members\\\/iwellguard.html\",\"https:\\\/\\\/www.mymeetbook.com\\\/iwellguard\",\"https:\\\/\\\/pxhere.com\\\/en\\\/photographer-me\\\/5040798\",\"https:\\\/\\\/disqus.com\\\/by\\\/iwellguard\\\/about\\\/\",\"https:\\\/\\\/pastelink.net\\\/hjwciqwq\",\"https:\\\/\\\/pubhtml5.com\\\/homepage\\\/scjhn\\\/\",\"https:\\\/\\\/www.bitchute.com\\\/channel\\\/2O2eOKzNqujT\",\"https:\\\/\\\/audiomack.com\\\/iwellguard\"]},{\"@type\":\"Article\",\"@id\":\"https:\\\/\\\/iwell-guard.com\\\/ca\\\/esperits-mimi-aborigens-arnhem-land\\\/#article\",\"isPartOf\":{\"@id\":\"https:\\\/\\\/iwell-guard.com\\\/ca\\\/esperits-mimi-aborigens-arnhem-land\\\/\"},\"author\":{\"name\":\"Ralf Ittermann\",\"@id\":\"https:\\\/\\\/iwell-guard.com\\\/ca\\\/#\\\/schema\\\/person\\\/ee2a27f1cac3406c7c6fb5820cb7349f\"},\"headline\":\"Esperits Mimi \u2013 Prims esperits rocosos dels abor\u00edgens d&#8217;Arnhem Land\",\"datePublished\":\"2026-09-05T15:42:02+00:00\",\"dateModified\":\"2026-09-05T16:06:11+00:00\",\"mainEntityOfPage\":{\"@id\":\"https:\\\/\\\/iwell-guard.com\\\/ca\\\/esperits-mimi-aborigens-arnhem-land\\\/\"},\"publisher\":{\"@id\":\"https:\\\/\\\/iwell-guard.com\\\/ca\\\/#organization\"},\"image\":{\"@id\":\"https:\\\/\\\/iwell-guard.com\\\/ca\\\/esperits-mimi-aborigens-arnhem-land\\\/#primaryimage\"},\"thumbnailUrl\":\"https:\\\/\\\/iwell-guard.com\\\/wp-content\\\/uploads\\\/2026\\\/05\\\/geister_aboriginal_mimi-geister.webp\",\"inLanguage\":\"ca\",\"description\":\"Els esperits Mimi s\u00f3n prims esperits de roques i coves dels abor\u00edgens d'Arnhem Land. Classificaci\u00f3 des de la ci\u00e8ncia de la religi\u00f3 amb mite i fonts.\"}]}<\/script>\n<!-- \/ Yoast SEO Premium plugin. -->","yoast_head_json":{"title":"Esperits Mimi \u2013 Esperits rocosos abor\u00edgens, mite i fonts","description":"Els esperits Mimi s\u00f3n prims esperits de roques i coves dels abor\u00edgens d'Arnhem Land. Classificaci\u00f3 des de la ci\u00e8ncia de la religi\u00f3 amb mite i fonts.","robots":{"index":"index","follow":"follow","max-snippet":"max-snippet:-1","max-image-preview":"max-image-preview:large","max-video-preview":"max-video-preview:-1"},"canonical":"https:\/\/iwell-guard.com\/ca\/esperits-mimi-aborigens-arnhem-land\/","og_locale":"ca_ES","og_type":"article","og_title":"Esperits Mimi \u2013 Prims esperits rocosos dels abor\u00edgens d'Arnhem Land","og_description":"Els esperits Mimi s\u00f3n prims esperits de roques i coves dels abor\u00edgens d'Arnhem Land. Classificaci\u00f3 des de la ci\u00e8ncia de la religi\u00f3 amb mite i fonts.","og_url":"https:\/\/iwell-guard.com\/ca\/esperits-mimi-aborigens-arnhem-land\/","og_site_name":"iWell Guard","article_modified_time":"2026-09-05T16:06:11+00:00","og_image":[{"width":1024,"height":1536,"url":"https:\/\/iwell-guard.com\/wp-content\/uploads\/2026\/05\/geister_aboriginal_mimi-geister.webp","type":"image\/webp"}],"twitter_card":"summary_large_image","schema":{"@context":"https:\/\/schema.org","@graph":[{"@type":"Article","@id":"https:\/\/iwell-guard.com\/ca\/esperits-mimi-aborigens-arnhem-land\/#article","isPartOf":{"@id":"https:\/\/iwell-guard.com\/ca\/esperits-mimi-aborigens-arnhem-land\/"},"author":{"name":"Ralf Ittermann","@id":"https:\/\/iwell-guard.com\/ca\/#\/schema\/person\/ee2a27f1cac3406c7c6fb5820cb7349f"},"headline":"Esperits Mimi \u2013 Prims esperits rocosos dels abor\u00edgens d&#8217;Arnhem Land","datePublished":"2026-09-05T15:42:02+00:00","dateModified":"2026-09-05T16:06:11+00:00","mainEntityOfPage":{"@id":"https:\/\/iwell-guard.com\/ca\/esperits-mimi-aborigens-arnhem-land\/"},"publisher":{"@id":"https:\/\/iwell-guard.com\/ca\/#organization"},"image":{"@id":"https:\/\/iwell-guard.com\/ca\/esperits-mimi-aborigens-arnhem-land\/#primaryimage"},"thumbnailUrl":"https:\/\/iwell-guard.com\/wp-content\/uploads\/2026\/05\/geister_aboriginal_mimi-geister.webp","inLanguage":"ca","description":"Els esperits Mimi s\u00f3n prims esperits de roques i coves dels abor\u00edgens d'Arnhem Land. Classificaci\u00f3 des de la ci\u00e8ncia de la religi\u00f3 amb mite i fonts."},{"@type":"WebPage","@id":"https:\/\/iwell-guard.com\/ca\/esperits-mimi-aborigens-arnhem-land\/","url":"https:\/\/iwell-guard.com\/ca\/esperits-mimi-aborigens-arnhem-land\/","name":"Esperits Mimi \u2013 Esperits rocosos abor\u00edgens, mite i fonts","isPartOf":{"@id":"https:\/\/iwell-guard.com\/ca\/#website"},"primaryImageOfPage":{"@id":"https:\/\/iwell-guard.com\/ca\/esperits-mimi-aborigens-arnhem-land\/#primaryimage"},"image":{"@id":"https:\/\/iwell-guard.com\/ca\/esperits-mimi-aborigens-arnhem-land\/#primaryimage"},"thumbnailUrl":"https:\/\/iwell-guard.com\/wp-content\/uploads\/2026\/05\/geister_aboriginal_mimi-geister.webp","datePublished":"2026-09-05T15:42:02+00:00","dateModified":"2026-09-05T16:06:11+00:00","description":"Els esperits Mimi s\u00f3n prims esperits de roques i coves dels abor\u00edgens d'Arnhem Land. Classificaci\u00f3 des de la ci\u00e8ncia de la religi\u00f3 amb mite i fonts.","breadcrumb":{"@id":"https:\/\/iwell-guard.com\/ca\/esperits-mimi-aborigens-arnhem-land\/#breadcrumb"},"inLanguage":"ca","potentialAction":[{"@type":"ReadAction","target":["https:\/\/iwell-guard.com\/ca\/esperits-mimi-aborigens-arnhem-land\/"]}]},{"@type":"ImageObject","inLanguage":"ca","@id":"https:\/\/iwell-guard.com\/ca\/esperits-mimi-aborigens-arnhem-land\/#primaryimage","url":"https:\/\/iwell-guard.com\/wp-content\/uploads\/2026\/05\/geister_aboriginal_mimi-geister.webp","contentUrl":"https:\/\/iwell-guard.com\/wp-content\/uploads\/2026\/05\/geister_aboriginal_mimi-geister.webp","width":1024,"height":1536,"caption":"Esperits de la tradici\u00f3 aborigen."},{"@type":"BreadcrumbList","@id":"https:\/\/iwell-guard.com\/ca\/esperits-mimi-aborigens-arnhem-land\/#breadcrumb","itemListElement":[{"@type":"ListItem","position":1,"name":"Start","item":"https:\/\/iwell-guard.com\/ca\/?page_id=171333"},{"@type":"ListItem","position":2,"name":"Esperits Mimi \u2013 Prims esperits rocosos dels abor\u00edgens d&#8217;Arnhem Land"}]},{"@type":"WebSite","@id":"https:\/\/iwell-guard.com\/ca\/#website","url":"https:\/\/iwell-guard.com\/ca\/","name":"iWell Guard","description":"Schutz vor dunklen Einfl\u00fcssen","publisher":{"@id":"https:\/\/iwell-guard.com\/ca\/#organization"},"potentialAction":[{"@type":"SearchAction","target":{"@type":"EntryPoint","urlTemplate":"https:\/\/iwell-guard.com\/ca\/?s={search_term_string}"},"query-input":{"@type":"PropertyValueSpecification","valueRequired":true,"valueName":"search_term_string"}}],"inLanguage":"ca"},{"@type":"Organization","@id":"https:\/\/iwell-guard.com\/ca\/#organization","name":"Ittermann electronic GmbH","url":"https:\/\/iwell-guard.com\/ca\/","logo":{"@type":"ImageObject","inLanguage":"ca","@id":"https:\/\/iwell-guard.com\/ca\/#\/schema\/logo\/image\/","url":"https:\/\/iwell-guard.com\/wp-content\/uploads\/2026\/05\/Ittermann-Logo-1182x237-1.png","contentUrl":"https:\/\/iwell-guard.com\/wp-content\/uploads\/2026\/05\/Ittermann-Logo-1182x237-1.png","width":1182,"height":237,"caption":"Ittermann electronic GmbH"},"image":{"@id":"https:\/\/iwell-guard.com\/ca\/#\/schema\/logo\/image\/"},"sameAs":["https:\/\/pantip.com\/profile\/9367242","https:\/\/micro.blog\/iwellguard","https:\/\/www.diggerslist.com\/iwellguard\/about","https:\/\/skitterphoto.com\/photographers\/2870314\/iwell-guard","https:\/\/iwellguard.wordpress.com\/2026\/06\/06\/iwell-guard\/","https:\/\/hub.docker.com\/u\/iwellguard","https:\/\/www.pinterest.com\/iwellguard\/","https:\/\/bit.ly\/m\/iwellguard","https:\/\/entre-vos-mains.alsace.eu\/profiles\/iwellguard\/activity","https:\/\/gravatar.com\/reallybeded8fd34","https:\/\/naijamatta.com\/iwellguard","https:\/\/www.goodreads.com\/iwellguard","https:\/\/profile.hatena.ne.jp\/iwellguard\/","https:\/\/experiment.com\/users\/iwellguard","https:\/\/wakelet.com\/@iWellGuard82270","https:\/\/www.chordie.com\/forum\/profile.php?id=2555664","https:\/\/www.instapaper.com\/p\/17757966","https:\/\/www.mapleprimes.com\/users\/iwellguard","https:\/\/businesslistingplus.com\/profile\/iwell-guard\/","https:\/\/telegra.ph\/iWell-Guard-06-06","https:\/\/pbase.com\/iwellguard\/iwellguard","https:\/\/b.hatena.ne.jp\/iwellguard\/20260607#bookmark-4788405196491818882","https:\/\/fliphtml5.com\/home\/iwellguard","https:\/\/anyflip.com\/homepage\/cmiwl#About","https:\/\/transfur.com\/Users\/iwellguard","http:\/\/delphi.larsbo.org\/user\/iwellguard","https:\/\/jobs.lajobsportal.org\/profiles\/8380803-iwell-guard","https:\/\/md.chaosdorf.de\/s\/jfbe5SBdJD","https:\/\/www.lingvolive.com\/en-us\/profile\/9ecaeaca-ce11-4e51-9e71-01d55e2bff36\/translations","https:\/\/www.fitday.com\/fitness\/forums\/members\/iwellguard.html","https:\/\/www.mymeetbook.com\/iwellguard","https:\/\/pxhere.com\/en\/photographer-me\/5040798","https:\/\/disqus.com\/by\/iwellguard\/about\/","https:\/\/pastelink.net\/hjwciqwq","https:\/\/pubhtml5.com\/homepage\/scjhn\/","https:\/\/www.bitchute.com\/channel\/2O2eOKzNqujT","https:\/\/audiomack.com\/iwellguard"]},{"@type":"Person","@id":"https:\/\/iwell-guard.com\/ca\/#\/schema\/person\/ee2a27f1cac3406c7c6fb5820cb7349f","name":"Ralf Ittermann","image":{"@type":"ImageObject","inLanguage":"ca","@id":"https:\/\/secure.gravatar.com\/avatar\/073c0153e350a5005b68eb752b445fea71f6b24a26da9449ad7e155e6b446c9d?s=96&d=mm&r=g","url":"https:\/\/secure.gravatar.com\/avatar\/073c0153e350a5005b68eb752b445fea71f6b24a26da9449ad7e155e6b446c9d?s=96&d=mm&r=g","contentUrl":"https:\/\/secure.gravatar.com\/avatar\/073c0153e350a5005b68eb752b445fea71f6b24a26da9449ad7e155e6b446c9d?s=96&d=mm&r=g","caption":"Ralf Ittermann"},"givenName":"Ralf","familyName":"Ittermann","jobTitle":"Gesch\u00e4ftsf\u00fchrer und redaktioneller Verantwortlicher","url":"https:\/\/iwell-guard.com\/ca\/author\/claude\/","description":"Ralf Ittermann ist Gesch\u00e4ftsf\u00fchrer der Ittermann electronic GmbH und redaktioneller Verantwortlicher des iWell-Guard-Lexikons. Er verbindet langj\u00e4hrige Erfahrung in der Pr\u00e4zisionsfertigung mit medialer Praxis und religionsgeschichtlicher Quellenarbeit.","worksFor":{"@type":"Organization","name":"Ittermann electronic GmbH","url":"https:\/\/ittermann.de\/","address":{"@type":"PostalAddress","streetAddress":"K\u00f6hlergasse 16-18","postalCode":"99842","addressLocality":"Ruhla","addressCountry":"DE"}},"knowsAbout":["Religionsgeschichte","Mythologie","Mediale Praxis","Energetische Diagnostik","Schutzpraxis","Volksglauben","Westliche Esoterik"]},{"@type":"Article","@id":"https:\/\/iwell-guard.com\/ca\/esperits-mimi-aborigens-arnhem-land\/#article","isPartOf":{"@id":"https:\/\/iwell-guard.com\/ca\/esperits-mimi-aborigens-arnhem-land\/"},"author":{"name":"Ralf Ittermann","@id":"https:\/\/iwell-guard.com\/ca\/#\/schema\/person\/ee2a27f1cac3406c7c6fb5820cb7349f"},"headline":"Esperits Mimi \u2013 Prims esperits rocosos dels abor\u00edgens d&#8217;Arnhem Land","datePublished":"2026-09-05T15:42:02+00:00","dateModified":"2026-09-05T16:06:11+00:00","mainEntityOfPage":{"@id":"https:\/\/iwell-guard.com\/ca\/esperits-mimi-aborigens-arnhem-land\/"},"publisher":{"@id":"https:\/\/iwell-guard.com\/ca\/#organization"},"image":{"@id":"https:\/\/iwell-guard.com\/ca\/esperits-mimi-aborigens-arnhem-land\/#primaryimage"},"thumbnailUrl":"https:\/\/iwell-guard.com\/wp-content\/uploads\/2026\/05\/geister_aboriginal_mimi-geister.webp","inLanguage":"ca","description":"Els esperits Mimi s\u00f3n prims esperits de roques i coves dels abor\u00edgens d'Arnhem Land. Classificaci\u00f3 des de la ci\u00e8ncia de la religi\u00f3 amb mite i fonts."}]}},"_links":{"self":[{"href":"https:\/\/iwell-guard.com\/ca\/wp-json\/wp\/v2\/pages\/171747","targetHints":{"allow":["GET"]}}],"collection":[{"href":"https:\/\/iwell-guard.com\/ca\/wp-json\/wp\/v2\/pages"}],"about":[{"href":"https:\/\/iwell-guard.com\/ca\/wp-json\/wp\/v2\/types\/page"}],"author":[{"embeddable":true,"href":"https:\/\/iwell-guard.com\/ca\/wp-json\/wp\/v2\/users\/3"}],"replies":[{"embeddable":true,"href":"https:\/\/iwell-guard.com\/ca\/wp-json\/wp\/v2\/comments?post=171747"}],"version-history":[{"count":0,"href":"https:\/\/iwell-guard.com\/ca\/wp-json\/wp\/v2\/pages\/171747\/revisions"}],"wp:featuredmedia":[{"embeddable":true,"href":"https:\/\/iwell-guard.com\/ca\/wp-json\/wp\/v2\/media\/2867"}],"wp:attachment":[{"href":"https:\/\/iwell-guard.com\/ca\/wp-json\/wp\/v2\/media?parent=171747"}],"wp:term":[{"taxonomy":"category","embeddable":true,"href":"https:\/\/iwell-guard.com\/ca\/wp-json\/wp\/v2\/categories?post=171747"}],"curies":[{"name":"wp","href":"https:\/\/api.w.org\/{rel}","templated":true}]}}