{"id":171745,"date":"2026-09-05T15:42:01","date_gmt":"2026-09-05T15:42:01","guid":{"rendered":"https:\/\/iwell-guard.com\/?page_id=171745"},"modified":"2026-09-05T16:06:07","modified_gmt":"2026-09-05T16:06:07","slug":"yhi-deessa-del-sol-dels-karraur","status":"publish","type":"page","link":"https:\/\/iwell-guard.com\/ca\/yhi-deessa-del-sol-dels-karraur\/","title":{"rendered":"Yhi \u2013 Deessa del sol dels Karraur"},"content":{"rendered":"\t\t<div data-elementor-type=\"wp-page\" data-elementor-id=\"171745\" class=\"elementor elementor-171745 elementor-2648 elementor-bc-flex-widget\" data-elementor-post-type=\"page\">\n\t\t\t\t<div class=\"elementor-element elementor-element-iwgw-yhi-hero e-flex e-con-boxed e-con e-parent\" data-id=\"iwgw-yhi-hero\" data-element_type=\"container\" data-e-type=\"container\" data-settings=\"{&quot;background_background&quot;:&quot;classic&quot;}\">\n\t\t\t\t\t<div class=\"e-con-inner\">\n\t\t<div class=\"elementor-element elementor-element-iwgw-yhi-hl e-flex e-con-boxed e-con e-child\" data-id=\"iwgw-yhi-hl\" data-element_type=\"container\" data-e-type=\"container\">\n\t\t\t\t\t<div class=\"e-con-inner\">\n\t\t<div class=\"elementor-element elementor-element-iwgw-yhi-htxt e-con-full e-flex e-con e-child\" data-id=\"iwgw-yhi-htxt\" data-element_type=\"container\" data-e-type=\"container\">\n\t\t\t\t<div class=\"elementor-element elementor-element-iwgw-yhi-h1 elementor-widget elementor-widget-heading\" data-id=\"iwgw-yhi-h1\" data-element_type=\"widget\" data-e-type=\"widget\" data-widget_type=\"heading.default\">\n\t\t\t\t\t<h1 class=\"elementor-heading-title elementor-size-default\">Yhi, deessa del sol dels Karraur i creadora de la vida<\/h1>\t\t\t\t<\/div>\n\t\t\t\t<div class=\"elementor-element elementor-element-iwgw-yhi-lead elementor-widget elementor-widget-text-editor\" data-id=\"iwgw-yhi-lead\" data-element_type=\"widget\" data-e-type=\"widget\" data-widget_type=\"text-editor.default\">\n\t\t\t\t\t\t\t\t\t<p>Yhi \u00e9s la deessa del sol dels Karraur i de diversos grups abor\u00edgens ve\u00efns del sud-est d&#8217;Austr\u00e0lia. Se la considera creadora de la vida, que en el temps del Dreaming va despertar el m\u00f3n amb el seu primer sortint del sol.<\/p>\t\t\t\t\t\t\t\t<\/div>\n\t\t\t\t<\/div>\n\t\t<div class=\"elementor-element elementor-element-iwgw-yhi-pillc e-con-full e-flex e-con e-child\" data-id=\"iwgw-yhi-pillc\" data-element_type=\"container\" data-e-type=\"container\">\n\t\t\t\t<div class=\"elementor-element elementor-element-iwgw-yhi-pills elementor-widget elementor-widget-html\" data-id=\"iwgw-yhi-pills\" data-element_type=\"widget\" data-e-type=\"widget\" data-widget_type=\"html.default\">\n\t\t\t\t\t<div class=\"iwg-pill-row\"><span class=\"iwg-klasse-badge\" tabindex=\"0\" data-tooltip=\"Deessa de la tradici\u00f3 aborigen.\">Deessa<\/span><a href=\"https:\/\/iwell-guard.com\/ca\/australia-aborigen-dreamtime-tjukurpa-objectes-proteccio\/\" class=\"iwg-kultur-badge\" tabindex=\"0\" data-tooltip=\"Mitologia de la tradici\u00f3 aborigen.\">Aborigen<\/a><span class=\"iwg-tradition-badge\" tabindex=\"0\" data-tooltip=\"Deessa del sol.\">Deessa del sol<\/span><\/div>\t\t\t\t<\/div>\n\t\t\t\t<\/div>\n\t\t<div class=\"elementor-element elementor-element-iwgw-yhi-tocc e-con-full e-flex e-con e-child\" data-id=\"iwgw-yhi-tocc\" data-element_type=\"container\" data-e-type=\"container\">\n\t\t\t\t<div class=\"elementor-element elementor-element-iwgw-yhi-toc elementor-toc--minimized-on-tablet elementor-widget elementor-widget-table-of-contents\" data-id=\"iwgw-yhi-toc\" data-element_type=\"widget\" data-e-type=\"widget\" data-settings=\"{&quot;headings_by_tags&quot;:[&quot;h2&quot;,&quot;h3&quot;],&quot;minimize_box&quot;:&quot;yes&quot;,&quot;marker_view&quot;:&quot;bullets&quot;,&quot;no_headings_message&quot;:&quot;No s&#039;ha trobat cap encap\\u00e7alament en aquesta p\\u00e0gina.&quot;,&quot;exclude_headings_by_selector&quot;:[],&quot;icon&quot;:{&quot;value&quot;:&quot;fas fa-circle&quot;,&quot;library&quot;:&quot;fa-solid&quot;,&quot;rendered_tag&quot;:&quot;&lt;svg class=\\&quot;e-font-icon-svg e-fas-circle\\&quot; viewBox=\\&quot;0 0 512 512\\&quot; xmlns=\\&quot;http:\\\/\\\/www.w3.org\\\/2000\\\/svg\\&quot;&gt;&lt;path d=\\&quot;M256 8C119 8 8 119 8 256s111 248 248 248 248-111 248-248S393 8 256 8z\\&quot;&gt;&lt;\\\/path&gt;&lt;\\\/svg&gt;&quot;},&quot;minimized_on&quot;:&quot;tablet&quot;,&quot;hierarchical_view&quot;:&quot;yes&quot;,&quot;min_height&quot;:{&quot;unit&quot;:&quot;px&quot;,&quot;size&quot;:&quot;&quot;,&quot;sizes&quot;:[]},&quot;min_height_tablet&quot;:{&quot;unit&quot;:&quot;px&quot;,&quot;size&quot;:&quot;&quot;,&quot;sizes&quot;:[]},&quot;min_height_mobile&quot;:{&quot;unit&quot;:&quot;px&quot;,&quot;size&quot;:&quot;&quot;,&quot;sizes&quot;:[]}}\" data-widget_type=\"table-of-contents.default\">\n\t\t\t\t\t\t\t\t\t<div class=\"elementor-toc__header\">\n\t\t\t\t\t\t<h2 class=\"elementor-toc__header-title\">\n\t\t\t\t\u00cdndex\t\t\t<\/h2>\n\t\t\t\t\t\t\t\t\t\t<div class=\"elementor-toc__toggle-button elementor-toc__toggle-button--expand\" role=\"button\" tabindex=\"0\" aria-controls=\"elementor-toc__iwgw-yhi-toc\" aria-expanded=\"true\" aria-label=\"Open table of contents\"><svg aria-hidden=\"true\" class=\"e-font-icon-svg e-fas-chevron-down\" viewBox=\"0 0 448 512\" xmlns=\"http:\/\/www.w3.org\/2000\/svg\"><path d=\"M207.029 381.476L12.686 187.132c-9.373-9.373-9.373-24.569 0-33.941l22.667-22.667c9.357-9.357 24.522-9.375 33.901-.04L224 284.505l154.745-154.021c9.379-9.335 24.544-9.317 33.901.04l22.667 22.667c9.373 9.373 9.373 24.569 0 33.941L240.971 381.476c-9.373 9.372-24.569 9.372-33.942 0z\"><\/path><\/svg><\/div>\n\t\t\t\t<div class=\"elementor-toc__toggle-button elementor-toc__toggle-button--collapse\" role=\"button\" tabindex=\"0\" aria-controls=\"elementor-toc__iwgw-yhi-toc\" aria-expanded=\"true\" aria-label=\"Close table of contents\"><svg aria-hidden=\"true\" class=\"e-font-icon-svg e-fas-chevron-up\" viewBox=\"0 0 448 512\" xmlns=\"http:\/\/www.w3.org\/2000\/svg\"><path d=\"M240.971 130.524l194.343 194.343c9.373 9.373 9.373 24.569 0 33.941l-22.667 22.667c-9.357 9.357-24.522 9.375-33.901.04L224 227.495 69.255 381.516c-9.379 9.335-24.544 9.317-33.901-.04l-22.667-22.667c-9.373-9.373-9.373-24.569 0-33.941L207.03 130.525c9.372-9.373 24.568-9.373 33.941-.001z\"><\/path><\/svg><\/div>\n\t\t\t\t\t<\/div>\n\t\t\t\t<div id=\"elementor-toc__iwgw-yhi-toc\" class=\"elementor-toc__body\">\n\t\t\t<div class=\"elementor-toc__spinner-container\">\n\t\t\t\t<svg class=\"elementor-toc__spinner eicon-animation-spin e-font-icon-svg e-eicon-loading\" aria-hidden=\"true\" viewBox=\"0 0 1000 1000\" xmlns=\"http:\/\/www.w3.org\/2000\/svg\"><path d=\"M500 975V858C696 858 858 696 858 500S696 142 500 142 142 304 142 500H25C25 237 238 25 500 25S975 237 975 500 763 975 500 975Z\"><\/path><\/svg>\t\t\t<\/div>\n\t\t<\/div>\n\t\t\t\t\t\t<\/div>\n\t\t\t\t<\/div>\n\t\t\t\t\t<\/div>\n\t\t\t\t<\/div>\n\t\t<div class=\"elementor-element elementor-element-iwgw-yhi-hr e-con-full e-flex e-con e-child\" data-id=\"iwgw-yhi-hr\" data-element_type=\"container\" data-e-type=\"container\">\n\t\t\t\t<div class=\"elementor-element elementor-element-iwgw-yhi-heroimg iwg-hero-image elementor-widget elementor-widget-image\" data-id=\"iwgw-yhi-heroimg\" data-element_type=\"widget\" data-e-type=\"widget\" data-widget_type=\"image.default\">\n\t\t\t\t\t\t\t\t\t\t\t\t\t\t\t<img fetchpriority=\"high\" decoding=\"async\" width=\"683\" height=\"1024\" src=\"https:\/\/iwell-guard.com\/wp-content\/uploads\/2026\/05\/goetter_aboriginal_yhi-683x1024.webp\" class=\"attachment-large size-large wp-image-2873\" alt=\"Yhi \u2013 Deessa del sol dels Karraur\" srcset=\"https:\/\/iwell-guard.com\/wp-content\/uploads\/2026\/05\/goetter_aboriginal_yhi-683x1024.webp 683w, https:\/\/iwell-guard.com\/wp-content\/uploads\/2026\/05\/goetter_aboriginal_yhi-200x300.webp 200w, https:\/\/iwell-guard.com\/wp-content\/uploads\/2026\/05\/goetter_aboriginal_yhi-768x1152.webp 768w, https:\/\/iwell-guard.com\/wp-content\/uploads\/2026\/05\/goetter_aboriginal_yhi.webp 1024w\" sizes=\"(max-width: 683px) 100vw, 683px\" \/>\t\t\t\t\t\t\t\t\t\t\t\t\t\t\t<\/div>\n\t\t\t\t<\/div>\n\t\t\t\t\t<\/div>\n\t\t\t\t<\/div>\n\t\t<div class=\"elementor-element elementor-element-iwgw-yhi-s0 e-flex e-con-boxed e-con e-parent\" data-id=\"iwgw-yhi-s0\" data-element_type=\"container\" data-e-type=\"container\">\n\t\t\t\t\t<div class=\"e-con-inner\">\n\t\t\t\t<div class=\"elementor-element elementor-element-iwgw-yhi-s0h elementor-widget elementor-widget-heading\" data-id=\"iwgw-yhi-s0h\" data-element_type=\"widget\" data-e-type=\"widget\" data-widget_type=\"heading.default\">\n\t\t\t\t\t<h2 class=\"elementor-heading-title elementor-size-default\">Classificaci\u00f3 i perfil breu<\/h2>\t\t\t\t<\/div>\n\t\t<div class=\"elementor-element elementor-element-iwgw-yhi-s0c e-con-full e-flex e-con e-child\" data-id=\"iwgw-yhi-s0c\" data-element_type=\"container\" data-e-type=\"container\">\n\t\t\t\t<div class=\"elementor-element elementor-element-iwgw-yhi-s0t elementor-widget elementor-widget-text-editor\" data-id=\"iwgw-yhi-s0t\" data-element_type=\"widget\" data-e-type=\"widget\" data-widget_type=\"text-editor.default\">\n\t\t\t\t\t\t\t\t\t<p>Yhi (tamb\u00e9 <em>Yhi-Karraur<\/em>, <em>Yhi-Bahloo-Cousine<\/em>) \u00e9s la deessa del sol en diversos grups ling\u00fc\u00edstics abor\u00edgens del sud-est d&#8217;Austr\u00e0lia, especialment entre els Karraur, en la tradici\u00f3 dels quals els seus relats estan m\u00e9s ben documentats. Est\u00e0 aparellada amb el d\u00e9u de la lluna Bahloo i s&#8217;integra amb el d\u00e9u suprem <a href=\"https:\/\/iwell-guard.com\/ca\/?page_id=171743\">Baiame<\/a> en una fam\u00edlia cosmol\u00f2gica.<\/p><p>Des del punt de vista fenomenol\u00f2gic de la religi\u00f3, Yhi \u00e9s especialment interessant perqu\u00e8 \u00e9s una de les poques figures supremes expl\u00edcitament femenines de les religions abor\u00edgens d&#8217;Austr\u00e0lia. En la majoria de tradicions abor\u00edgens, les figures religioses supremes s\u00f3n masculines (\u00abAll-Fathers\u00bb); Yhi constitueix aqu\u00ed una excepci\u00f3 destacada.<\/p><p>Dins de la <a href=\"https:\/\/iwell-guard.com\/ca\/australia-aborigen-dreamtime-tjukurpa-objectes-proteccio\/\">tradici\u00f3 aborigen<\/a> t\u00e9 una funci\u00f3 cosmog\u00f2nica: amb el seu primer sortint del sol desperta la vida. Sense ella, el m\u00f3n romandria en la fosca precosmica.<\/p>\t\t\t\t\t\t\t\t<\/div>\n\t\t\t\t<\/div>\n\t\t\t\t\t<\/div>\n\t\t\t\t<\/div>\n\t\t<div class=\"elementor-element elementor-element-iwgw-yhi-s1 e-flex e-con-boxed e-con e-parent\" data-id=\"iwgw-yhi-s1\" data-element_type=\"container\" data-e-type=\"container\">\n\t\t\t\t\t<div class=\"e-con-inner\">\n\t\t\t\t<div class=\"elementor-element elementor-element-iwgw-yhi-s1h elementor-widget elementor-widget-heading\" data-id=\"iwgw-yhi-s1h\" data-element_type=\"widget\" data-e-type=\"widget\" data-widget_type=\"heading.default\">\n\t\t\t\t\t<h2 class=\"elementor-heading-title elementor-size-default\">Nom i etimologia<\/h2>\t\t\t\t<\/div>\n\t\t<div class=\"elementor-element elementor-element-iwgw-yhi-s1c e-con-full e-flex e-con e-child\" data-id=\"iwgw-yhi-s1c\" data-element_type=\"container\" data-e-type=\"container\">\n\t\t\t\t<div class=\"elementor-element elementor-element-iwgw-yhi-s1t elementor-widget elementor-widget-text-editor\" data-id=\"iwgw-yhi-s1t\" data-element_type=\"widget\" data-e-type=\"widget\" data-widget_type=\"text-editor.default\">\n\t\t\t\t\t\t\t\t\t<p>El nom <em>Yhi<\/em> est\u00e0 documentat en Karraur i en diverses lleng\u00fces ve\u00efnes. L&#8217;etimologia exacta \u00e9s discutida; una derivaci\u00f3 tradicional relaciona la paraula amb el significat \u00abresplendor, llum\u00bb, que concorda amb la funci\u00f3 solar.<\/p><p>K. Langloh Parker, que a finals del segle XIX va documentar la tradici\u00f3 Karraur, va estandarditzar el nom com <em>Yhi<\/em> a <em>Australian Legendary Tales<\/em> (1896) i <em>More Australian Legendary Tales<\/em> (1898). La seva grafia s&#8217;ha imposat.<\/p><p>En algunes lleng\u00fces ve\u00efnes el sol es diu diferent: <em>Wuriupranili<\/em> en la tradici\u00f3 tiwi (un sol femen\u00ed que travessa el cel amb una torxa), <em>Walu<\/em> en la tradici\u00f3 yolngu. Yhi i Wuriupranili pertanyen probablement al mateix estrat historicoreligi\u00f3s de pot\u00e8ncies solars femenines a Austr\u00e0lia.<\/p>\t\t\t\t\t\t\t\t<\/div>\n\t\t\t\t<\/div>\n\t\t\t\t\t<\/div>\n\t\t\t\t<\/div>\n\t\t<div class=\"elementor-element elementor-element-iwgw-yhi-s2 e-flex e-con-boxed e-con e-parent\" data-id=\"iwgw-yhi-s2\" data-element_type=\"container\" data-e-type=\"container\">\n\t\t\t\t\t<div class=\"e-con-inner\">\n\t\t\t\t<div class=\"elementor-element elementor-element-iwgw-yhi-s2h elementor-widget elementor-widget-heading\" data-id=\"iwgw-yhi-s2h\" data-element_type=\"widget\" data-e-type=\"widget\" data-widget_type=\"heading.default\">\n\t\t\t\t\t<h2 class=\"elementor-heading-title elementor-size-default\">Descripci\u00f3 i iconografia<\/h2>\t\t\t\t<\/div>\n\t\t<div class=\"elementor-element elementor-element-iwgw-yhi-s2c e-con-full e-flex e-con e-child\" data-id=\"iwgw-yhi-s2c\" data-element_type=\"container\" data-e-type=\"container\">\n\t\t\t\t<div class=\"elementor-element elementor-element-iwgw-yhi-s2t elementor-widget elementor-widget-text-editor\" data-id=\"iwgw-yhi-s2t\" data-element_type=\"widget\" data-e-type=\"widget\" data-widget_type=\"text-editor.default\">\n\t\t\t\t\t\t\t\t\t<p>Yhi es descriu com una dona jove i bella que en el temps del Dreaming va tocar per primera vegada la terra i la va despertar a la vida amb el seu somriure. On posava el peu, sorgien plantes, arbres i flors; on exhalava el seu al\u00e8, sorgien animals; on finalment es va aturar, van sorgir els primers humans.<\/p><p>A difer\u00e8ncia de moltes altres tradicions abor\u00edgens, no existeix una iconografia pr\u00f2pia de Yhi. Les poques representacions gr\u00e0fiques del segle XIX van ser encarregades sobretot per il\u00b7lustradors europeus (per exemple, per als llibres de Parker) i reflecteixen m\u00e9s les tradicions pict\u00f2riques europees que les abor\u00edgens.<\/p><p>Artistes abor\u00edgens contemporanis han recuperat el relat de Yhi i intenten desenvolupar una forma pict\u00f2rica ind\u00edgena. Aquests intents s\u00f3n interessants des del punt de vista sociol\u00f2gic de la religi\u00f3, perqu\u00e8 creen una nova tradici\u00f3 iconogr\u00e0fica que no existia com a tal en la pr\u00e0ctica original.<\/p>\t\t\t\t\t\t\t\t<\/div>\n\t\t\t\t<\/div>\n\t\t\t\t\t<\/div>\n\t\t\t\t<\/div>\n\t\t<div class=\"elementor-element elementor-element-iwgw-yhi-s3 e-flex e-con-boxed e-con e-parent\" data-id=\"iwgw-yhi-s3\" data-element_type=\"container\" data-e-type=\"container\">\n\t\t\t\t\t<div class=\"e-con-inner\">\n\t\t\t\t<div class=\"elementor-element elementor-element-iwgw-yhi-s3h elementor-widget elementor-widget-heading\" data-id=\"iwgw-yhi-s3h\" data-element_type=\"widget\" data-e-type=\"widget\" data-widget_type=\"heading.default\">\n\t\t\t\t\t<h2 class=\"elementor-heading-title elementor-size-default\">Relats mitol\u00f2gics<\/h2>\t\t\t\t<\/div>\n\t\t<div class=\"elementor-element elementor-element-iwgw-yhi-s3c e-con-full e-flex e-con e-child\" data-id=\"iwgw-yhi-s3c\" data-element_type=\"container\" data-e-type=\"container\">\n\t\t\t\t<div class=\"elementor-element elementor-element-iwgw-yhi-s3t elementor-widget elementor-widget-text-editor\" data-id=\"iwgw-yhi-s3t\" data-element_type=\"widget\" data-e-type=\"widget\" data-widget_type=\"text-editor.default\">\n\t\t\t\t\t\t\t\t\t<p>El relat central de Yhi descriu el despertar del m\u00f3n: en la foscor precosmica, Yhi dormia amb tots els altres \u00e9ssers. En sentir un xiulet (en algunes versions, de <a href=\"https:\/\/iwell-guard.com\/ca\/?page_id=171743\">Baiame<\/a>), es va despertar i es va aixecar.<\/p><p>Amb el seu primer sortint del sol, va despertar la vida: van brotar arbres, es van obrir flors, els animals van sortir dels seus amagatalls, els primers humans es van aixecar de terra.<\/p><p>Un segon relat descriu l&#8217;amor de Yhi pel d\u00e9u de la lluna Bahloo. Per\u00f2 Bahloo \u00e9s t\u00edmid i s&#8217;amaga constantment; per aix\u00f2 Yhi el segueix de dia i Bahloo nom\u00e9s es mostra de nit. Aquest <span class=\"iwg-fachbegriff\" data-tooltip=\"Un relat transm\u00e8s sobre d\u00e9us, or\u00edgens i l'ordre del m\u00f3n.\" tabindex=\"0\">mite<\/span> etiol\u00f2gic explica el fenomen pel qual el sol i la lluna gaireb\u00e9 mai es veuen alhora.<\/p><p>K. Langloh Parker va presentar recopilacions extenses de relats sobre Yhi a <em>Australian Legendary Tales<\/em> (1896) i <em>More Australian Legendary Tales<\/em> (1898). Aquestes recopilacions estan reelaborades amb elements estil\u00edstics victorians, per\u00f2 constitueixen la font liter\u00e0ria m\u00e9s important.<\/p>\t\t\t\t\t\t\t\t<\/div>\n\t\t\t\t<\/div>\n\t\t\t\t\t<\/div>\n\t\t\t\t<\/div>\n\t\t<div class=\"elementor-element elementor-element-iwgw-yhi-s4 e-flex e-con-boxed e-con e-parent\" data-id=\"iwgw-yhi-s4\" data-element_type=\"container\" data-e-type=\"container\">\n\t\t\t\t\t<div class=\"e-con-inner\">\n\t\t\t\t<div class=\"elementor-element elementor-element-iwgw-yhi-s4h elementor-widget elementor-widget-heading\" data-id=\"iwgw-yhi-s4h\" data-element_type=\"widget\" data-e-type=\"widget\" data-widget_type=\"heading.default\">\n\t\t\t\t\t<h2 class=\"elementor-heading-title elementor-size-default\">Culte i veneraci\u00f3<\/h2>\t\t\t\t<\/div>\n\t\t<div class=\"elementor-element elementor-element-iwgw-yhi-s4c e-con-full e-flex e-con e-child\" data-id=\"iwgw-yhi-s4c\" data-element_type=\"container\" data-e-type=\"container\">\n\t\t\t\t<div class=\"elementor-element elementor-element-iwgw-yhi-s4t elementor-widget elementor-widget-text-editor\" data-id=\"iwgw-yhi-s4t\" data-element_type=\"widget\" data-e-type=\"widget\" data-widget_type=\"text-editor.default\">\n\t\t\t\t\t\t\t\t\t<p>El <span class=\"iwg-fachbegriff\" data-tooltip=\"El conjunt d'actes de veneraci\u00f3 religiosa cap a una divinitat o figura sagrada.\" tabindex=\"0\">culte<\/span> de Yhi era probablement menys desenvolupat en el territori hist\u00f2ric dels Karraur que el <span class=\"iwg-fachbegriff\" data-tooltip=\"El conjunt d'actes de veneraci\u00f3 religiosa cap a una divinitat o figura sagrada.\" tabindex=\"0\">culte<\/span> de Baiame; no hi havia una pr\u00e0ctica d&#8217;iniciaci\u00f3 equivalent als ritus Bora. Yhi era m\u00e9s aviat objecte de relats mitol\u00f2gics i d&#8217;una <span class=\"iwg-fachbegriff\" data-tooltip=\"L'acte de dirigir-se a una divinitat o poder amb s\u00faplica o invocaci\u00f3.\" tabindex=\"0\">invocaci\u00f3<\/span> general que d&#8217;un complex ritual tancat.<\/p><p>En la vida quotidiana es saludava Yhi en el primer sortint del sol, un <span class=\"iwg-fachbegriff\" data-tooltip=\"Un acte transm\u00e8s i repetit regularment en una comunitat.\" tabindex=\"0\">costum<\/span> documentat en diverses fam\u00edlies Karraur. Aquesta salutaci\u00f3 di\u00e0ria formava part de la religi\u00f3 popular, sense esdevenir un <span class=\"iwg-fachbegriff\" data-tooltip=\"Una seq\u00fc\u00e8ncia regulada d'accions simb\u00f2liques amb significat religi\u00f3s o cultural.\" tabindex=\"0\">ritual<\/span> central.<\/p><p>Amb la colonitzaci\u00f3 europea del sud-est d&#8217;Austr\u00e0lia al segle XIX, la tradici\u00f3 Karraur es va interrompre en gran part; el que sabem avui sobre Yhi prov\u00e9 sobretot dels registres de Parker de finals del segle XIX.<\/p>\t\t\t\t\t\t\t\t<\/div>\n\t\t\t\t<\/div>\n\t\t\t\t\t<\/div>\n\t\t\t\t<\/div>\n\t\t<div class=\"elementor-element elementor-element-iwgw-yhi-s5 e-flex e-con-boxed e-con e-parent\" data-id=\"iwgw-yhi-s5\" data-element_type=\"container\" data-e-type=\"container\">\n\t\t\t\t\t<div class=\"e-con-inner\">\n\t\t\t\t<div class=\"elementor-element elementor-element-iwgw-yhi-s5h elementor-widget elementor-widget-heading\" data-id=\"iwgw-yhi-s5h\" data-element_type=\"widget\" data-e-type=\"widget\" data-widget_type=\"heading.default\">\n\t\t\t\t\t<h2 class=\"elementor-heading-title elementor-size-default\">Pr\u00e0ctica de protecci\u00f3 i elements apotropaics<\/h2>\t\t\t\t<\/div>\n\t\t<div class=\"elementor-element elementor-element-iwgw-yhi-s5c e-con-full e-flex e-con e-child\" data-id=\"iwgw-yhi-s5c\" data-element_type=\"container\" data-e-type=\"container\">\n\t\t\t\t<div class=\"elementor-element elementor-element-iwgw-yhi-s5t elementor-widget elementor-widget-text-editor\" data-id=\"iwgw-yhi-s5t\" data-element_type=\"widget\" data-e-type=\"widget\" data-widget_type=\"text-editor.default\">\n\t\t\t\t\t\t\t\t\t<p>Descrita des del punt de vista de la ci\u00e8ncia de les religions: hi ha poques pr\u00e0ctiques expl\u00edcitament apotropaiques dins el complex de Yhi. Ella \u00e9s un poder que desperta la vida, no un poder que allunya el mal. El que est\u00e0 documentat com a pr\u00e0ctica de protecci\u00f3 es refereix m\u00e9s b\u00e9 a la salutaci\u00f3 ritual de la sortida del sol com a expressi\u00f3 de gratitud c\u00f2smica.<\/p><p>Yhi t\u00e9 una funci\u00f3 protectora particular en relaci\u00f3 amb el creixement de la vida: plantes, animals i persones es mantenen \u00absota la seva llum\u00bb. Un eclipsi solar es considerava, dins la tradici\u00f3, \u00abel dol de Yhi\u00bb i s&#8217;observava amb inquietud.<\/p><p>Des de la perspectiva etnogr\u00e0fica externa, aquestes pr\u00e0ctiques formen part d&#8217;una \u00e0mplia <span class=\"iwg-fachbegriff\" data-tooltip=\"Concepci\u00f3 sobre l'estructura i l'ordre del m\u00f3n dins d'una cultura.\" tabindex=\"0\">cosmologia<\/span> aborigen, en la qual els fen\u00f2mens naturals s&#8217;entenen com a accions d&#8217;\u00e9ssers vius. Mircea Eliade ho va descriure a <em>Australian Religions<\/em> (1973) com a \u00abreligi\u00f3 c\u00f2smica\u00bb.<\/p>\t\t\t\t\t\t\t\t<\/div>\n\t\t\t\t<\/div>\n\t\t\t\t\t<\/div>\n\t\t\t\t<\/div>\n\t\t<div class=\"elementor-element elementor-element-iwgw-yhi-s6 e-flex e-con-boxed e-con e-parent\" data-id=\"iwgw-yhi-s6\" data-element_type=\"container\" data-e-type=\"container\">\n\t\t\t\t\t<div class=\"e-con-inner\">\n\t\t\t\t<div class=\"elementor-element elementor-element-iwgw-yhi-s6h elementor-widget elementor-widget-heading\" data-id=\"iwgw-yhi-s6h\" data-element_type=\"widget\" data-e-type=\"widget\" data-widget_type=\"heading.default\">\n\t\t\t\t\t<h2 class=\"elementor-heading-title elementor-size-default\">Paral\u00b7lelismes en altres cultures<\/h2>\t\t\t\t<\/div>\n\t\t<div class=\"elementor-element elementor-element-iwgw-yhi-s6c e-con-full e-flex e-con e-child\" data-id=\"iwgw-yhi-s6c\" data-element_type=\"container\" data-e-type=\"container\">\n\t\t\t\t<div class=\"elementor-element elementor-element-iwgw-yhi-s6t elementor-widget elementor-widget-text-editor\" data-id=\"iwgw-yhi-s6t\" data-element_type=\"widget\" data-e-type=\"widget\" data-widget_type=\"text-editor.default\">\n\t\t\t\t\t\t\t\t\t<p>Les divinitats solars femenines s\u00f3n, des del punt de vista de la hist\u00f2ria de les religions, menys freq\u00fcents que les masculines, per\u00f2 tot i aix\u00ed \u00e0mpliament documentades: l&#8217;Amaterasu japonesa, la S\u00f3l (tamb\u00e9 Sunna) n\u00f2rdica, la deessa del sol d&#8217;Arinna hitita, la Catha etrusca. Entre els abor\u00edgens australians mateixos, Yhi forma part, junt amb Wuriupranili i Walu, d&#8217;una fam\u00edlia de poders solars femenins.<\/p><p>James G. Frazer va comparar els cultes solars circumglobals a <em>The Worship of Nature<\/em> (1926); Yhi hi apareix tractada com una de les poques divinitats solars femenines d&#8217;Austr\u00e0lia. Des del punt de vista de la fenomenologia de la religi\u00f3, la combinaci\u00f3 de sol femen\u00ed i lluna masculina \u00e9s inusual; en la majoria de cultures \u00e9s a l&#8217;inrev\u00e9s.<\/p><p>Aquesta inversi\u00f3 de g\u00e8neres ha suscitat diversos intents d&#8217;explicaci\u00f3. Wilhelm Schmidt la va interpretar com un reflex d&#8217;una prehist\u00f2ria matriarcal; Tony Swain hi veu m\u00e9s b\u00e9 una variant espec\u00edficament aborigen, sense significat evolutiu universal.<\/p>\t\t\t\t\t\t\t\t<\/div>\n\t\t\t\t<\/div>\n\t\t\t\t\t<\/div>\n\t\t\t\t<\/div>\n\t\t<div class=\"elementor-element elementor-element-iwgw-yhi-s7 e-flex e-con-boxed e-con e-parent\" data-id=\"iwgw-yhi-s7\" data-element_type=\"container\" data-e-type=\"container\">\n\t\t\t\t\t<div class=\"e-con-inner\">\n\t\t\t\t<div class=\"elementor-element elementor-element-iwgw-yhi-s7h elementor-widget elementor-widget-heading\" data-id=\"iwgw-yhi-s7h\" data-element_type=\"widget\" data-e-type=\"widget\" data-widget_type=\"heading.default\">\n\t\t\t\t\t<h2 class=\"elementor-heading-title elementor-size-default\">Recepci\u00f3 i investigaci\u00f3 actuals<\/h2>\t\t\t\t<\/div>\n\t\t<div class=\"elementor-element elementor-element-iwgw-yhi-s7c e-con-full e-flex e-con e-child\" data-id=\"iwgw-yhi-s7c\" data-element_type=\"container\" data-e-type=\"container\">\n\t\t\t\t<div class=\"elementor-element elementor-element-iwgw-yhi-s7t elementor-widget elementor-widget-text-editor\" data-id=\"iwgw-yhi-s7t\" data-element_type=\"widget\" data-e-type=\"widget\" data-widget_type=\"text-editor.default\">\n\t\t\t\t\t\t\t\t\t<p>La font prim\u00e0ria m\u00e9s important sobre Yhi s\u00f3n els reculls de K. Langloh Parker <em>Australian Legendary Tales<\/em> (1896) i <em>More Australian Legendary Tales<\/em> (1898). Aquests llibres van ser \u00e8xits de vendes en l&#8217;\u00e8poca victoriana i van consolidar la figura de Yhi en la cultura popular; tanmateix, estan alterats per l&#8217;elaboraci\u00f3 liter\u00e0ria.<\/p><p>L&#8217;obra d&#8217;A. W. Howitt <em>The Native Tribes of South-East Australia<\/em> (1904) complementa les fonts de Parker amb detalls etnogr\u00e0fics addicionals. Mircea Eliade integra Yhi en la seva fenomenologia de la religi\u00f3 a <em>Australian Religions<\/em> (1973). Tony Swain reflexiona a <em>A Place for Strangers<\/em> (1993) sobre els problemes metodol\u00f2gics que planteja la situaci\u00f3 de les fonts sobre Yhi.<\/p><p>En l&#8217;art aborigen contemporani, Yhi hi \u00e9s relativament poc present, fet que s&#8217;explica en part per l&#8217;escassa arrelament d&#8217;aquesta tradici\u00f3 i en part pel predomini d&#8217;altres figures com la Serp de l&#8217;Arc de Sant Mart\u00ed (Rainbow Serpent) o Bunjil.<\/p>\t\t\t\t\t\t\t\t<\/div>\n\t\t\t\t<\/div>\n\t\t\t\t\t<\/div>\n\t\t\t\t<\/div>\n\t\t<div class=\"elementor-element elementor-element-iwgw-yhi-s8 e-flex e-con-boxed e-con e-parent\" data-id=\"iwgw-yhi-s8\" data-element_type=\"container\" data-e-type=\"container\">\n\t\t\t\t\t<div class=\"e-con-inner\">\n\t\t\t\t<div class=\"elementor-element elementor-element-iwgw-yhi-s8h elementor-widget elementor-widget-heading\" data-id=\"iwgw-yhi-s8h\" data-element_type=\"widget\" data-e-type=\"widget\" data-widget_type=\"heading.default\">\n\t\t\t\t\t<h2 class=\"elementor-heading-title elementor-size-default\">Debats de recerca i q\u00fcestions obertes<\/h2>\t\t\t\t<\/div>\n\t\t<div class=\"elementor-element elementor-element-iwgw-yhi-s8c e-con-full e-flex e-con e-child\" data-id=\"iwgw-yhi-s8c\" data-element_type=\"container\" data-e-type=\"container\">\n\t\t\t\t<div class=\"elementor-element elementor-element-iwgw-yhi-s8t elementor-widget elementor-widget-text-editor\" data-id=\"iwgw-yhi-s8t\" data-element_type=\"widget\" data-e-type=\"widget\" data-widget_type=\"text-editor.default\">\n\t\t\t\t\t\t\t\t\t<p>Diversos debats de recerca envolten Yhi. Primer: quina fiabilitat tenen els registres de K. Langloh Parker? Parker va ser una observadora molt sensible, per\u00f2 la seva elaboraci\u00f3 estil\u00edstica victoriana va alterar les narracions originals. Cal una an\u00e0lisi cr\u00edtica de les fonts.<\/p><p>Segon: quina relaci\u00f3 hi ha entre Yhi i altres divinitats solars femenines de la tradici\u00f3 aborigen, Wuriupranili (tiwi), Walu (yolngu)? Hist\u00f2ricament, aquesta fam\u00edlia de poders solars femenins \u00e9s un fenomen notable.<\/p><p>Tercer: quin paper t\u00e9 Yhi en la identitat karraur contempor\u00e0nia? La comunitat ling\u00fc\u00edstica karraur \u00e9s avui petita; la tradici\u00f3 sobreviu m\u00e9s en la recerca que en una pr\u00e0ctica viva. La revifada de la religi\u00f3 karraur \u00e9s objecte d&#8217;esfor\u00e7os contemporanis.<\/p>\t\t\t\t\t\t\t\t<\/div>\n\t\t\t\t<\/div>\n\t\t\t\t\t<\/div>\n\t\t\t\t<\/div>\n\t\t<div class=\"elementor-element elementor-element-iwgw-yhi-s9 e-flex e-con-boxed e-con e-parent\" data-id=\"iwgw-yhi-s9\" data-element_type=\"container\" data-e-type=\"container\">\n\t\t\t\t\t<div class=\"e-con-inner\">\n\t\t\t\t<div class=\"elementor-element elementor-element-iwgw-yhi-s9h elementor-widget elementor-widget-heading\" data-id=\"iwgw-yhi-s9h\" data-element_type=\"widget\" data-e-type=\"widget\" data-widget_type=\"heading.default\">\n\t\t\t\t\t<h2 class=\"elementor-heading-title elementor-size-default\">Yhi i la simbologia de g\u00e8nere en la religi\u00f3 aborigen<\/h2>\t\t\t\t<\/div>\n\t\t<div class=\"elementor-element elementor-element-iwgw-yhi-s9c e-con-full e-flex e-con e-child\" data-id=\"iwgw-yhi-s9c\" data-element_type=\"container\" data-e-type=\"container\">\n\t\t\t\t<div class=\"elementor-element elementor-element-iwgw-yhi-s9t elementor-widget elementor-widget-text-editor\" data-id=\"iwgw-yhi-s9t\" data-element_type=\"widget\" data-e-type=\"widget\" data-widget_type=\"text-editor.default\">\n\t\t\t\t\t\t\t\t\t<p>Mereix un estudi m\u00e9s aprofundit la simbologia de g\u00e8nere de les religions abor\u00edgens, en la qual Yhi ocupa una posici\u00f3 particular. Mentre que la majoria de les grans divinitats abor\u00edgens es conceben com a masculines (\u00abpares de tot\u00bb com Baiame, Bunjil, Daramulun), les divinitats solars i alguns aspectes de la Serp de l&#8217;Arc de Sant Mart\u00ed s\u00f3n femenins.<\/p><p>Des del punt de vista de l&#8217;antropologia de la religi\u00f3 \u00e9s interessant l&#8217;observaci\u00f3 que en la majoria de grups abor\u00edgens les dones cultiven un sistema religi\u00f3s propi, separat del dels homes. Catherine Berndt va descriure sistem\u00e0ticament aquesta tradici\u00f3 femenina a <em>Women&#8217;s Changing Ceremonies in Northern Australia<\/em> (1950) i en treballs posteriors.<\/p><p>Des del punt de vista de la hist\u00f2ria de les religions, Yhi \u00e9s potser un vincle entre la tradici\u00f3 masculina i la femenina: \u00e9s femenina, per\u00f2 pertany al complex de les grans divinitats, que tradicionalment era coneixement mascul\u00ed. Aquesta doble posici\u00f3 constitueix un camp de recerca obert per a la sociologia de la religi\u00f3.<\/p>\t\t\t\t\t\t\t\t<\/div>\n\t\t\t\t<\/div>\n\t\t\t\t\t<\/div>\n\t\t\t\t<\/div>\n\t\t<div class=\"elementor-element elementor-element-iwgw-yhi-s10 e-flex e-con-boxed e-con e-parent\" data-id=\"iwgw-yhi-s10\" data-element_type=\"container\" data-e-type=\"container\">\n\t\t\t\t\t<div class=\"e-con-inner\">\n\t\t\t\t<div class=\"elementor-element elementor-element-iwgw-yhi-s10h elementor-widget elementor-widget-heading\" data-id=\"iwgw-yhi-s10h\" data-element_type=\"widget\" data-e-type=\"widget\" data-widget_type=\"heading.default\">\n\t\t\t\t\t<h2 class=\"elementor-heading-title elementor-size-default\">K. Langloh Parker i la recepci\u00f3 victoriana de la cultura aborigen<\/h2>\t\t\t\t<\/div>\n\t\t<div class=\"elementor-element elementor-element-iwgw-yhi-s10c e-con-full e-flex e-con e-child\" data-id=\"iwgw-yhi-s10c\" data-element_type=\"container\" data-e-type=\"container\">\n\t\t\t\t<div class=\"elementor-element elementor-element-iwgw-yhi-s10t elementor-widget elementor-widget-text-editor\" data-id=\"iwgw-yhi-s10t\" data-element_type=\"widget\" data-e-type=\"widget\" data-widget_type=\"text-editor.default\">\n\t\t\t\t\t\t\t\t\t<p>Mereix una aprofundiment hist\u00f2ric particular el paper de K. Langloh Parker (1855, 1940) en la recepci\u00f3 victoriana de la cultura aborigen. Parker va viure com a esposa d&#8217;un ramader ovella al pa\u00eds karraur, a Nova Gal\u00b7les del Sud, i va passar dues d\u00e8cades amb les dones locals. Els seus llibres van ser \u00e8xits de vendes en el m\u00f3n victori\u00e0 i van fer que la <span class=\"iwg-fachbegriff\" data-tooltip=\"El conjunt de narracions transmeses sobre els d\u00e9us d'una cultura.\" tabindex=\"0\">mitologia<\/span> aborigen s&#8217;establ\u00eds per primera vegada davant un ampli p\u00fablic occidental.<\/p><p>La seva elaboraci\u00f3 \u00e9s hist\u00f2ricament ambivalent: d&#8217;una banda va salvar una tradici\u00f3 que altrament s&#8217;hauria perdut; de l&#8217;altra, va revestir les narracions amb un estil victori\u00e0, cosa que va alterar la forma narrativa original.<\/p><p>Marcie Muir va treballar sistem\u00e0ticament la biografia i el m\u00e8tode de Parker a <em>My Bush Book<\/em> (1982). Aquest estudi \u00e9s una font important per a la reflexi\u00f3 sobre la recepci\u00f3 colonial de la cultura aborigen.<\/p>\t\t\t\t\t\t\t\t<\/div>\n\t\t\t\t<\/div>\n\t\t\t\t\t<\/div>\n\t\t\t\t<\/div>\n\t\t<div class=\"elementor-element elementor-element-iwgw-yhi-s11 e-flex e-con-boxed e-con e-parent\" data-id=\"iwgw-yhi-s11\" data-element_type=\"container\" data-e-type=\"container\">\n\t\t\t\t\t<div class=\"e-con-inner\">\n\t\t\t\t<div class=\"elementor-element elementor-element-iwgw-yhi-s11h elementor-widget elementor-widget-heading\" data-id=\"iwgw-yhi-s11h\" data-element_type=\"widget\" data-e-type=\"widget\" data-widget_type=\"heading.default\">\n\t\t\t\t\t<h2 class=\"elementor-heading-title elementor-size-default\">Reflexi\u00f3 metodol\u00f2gica i fonts<\/h2>\t\t\t\t<\/div>\n\t\t<div class=\"elementor-element elementor-element-iwgw-yhi-s11c e-con-full e-flex e-con e-child\" data-id=\"iwgw-yhi-s11c\" data-element_type=\"container\" data-e-type=\"container\">\n\t\t\t\t<div class=\"elementor-element elementor-element-iwgw-yhi-s11t elementor-widget elementor-widget-text-editor\" data-id=\"iwgw-yhi-s11t\" data-element_type=\"widget\" data-e-type=\"widget\" data-widget_type=\"text-editor.default\">\n\t\t\t\t\t\t\t\t\t<p>En la recerca sobre Yhi sorgeixen diversos problemes metodol\u00f2gics. Primer: la disponibilitat de fonts \u00e9s m\u00e9s minsa que per a altres figures abor\u00edgens. K. Langloh Parker \u00e9s la font m\u00e9s important, a m\u00e9s d&#8217;algunes notes d&#8217;Howitt.<\/p><p>Segon: la comunitat ling\u00fc\u00edstica karraur \u00e9s avui petita; falta en gran manera una tradici\u00f3 viva. Per tant, el que sabem \u00e9s sobretot una reconstrucci\u00f3 a partir de fonts antigues, no de la pr\u00e0ctica actual.<\/p><p>Tercer: la q\u00fcesti\u00f3 de g\u00e8nere, per qu\u00e8 el sol \u00e9s femen\u00ed?, \u00e9s cient\u00edficament complexa i no s&#8217;hauria de respondre precipitadament amb \u00abprehist\u00f2ries matriarcals\u00bb o altres teories evolucionistes. L&#8217;advertiment de Tony Swain \u00e9s aqu\u00ed determinant.<\/p><p>Qui vulgui estudiar el complex de Yhi en tota la seva amplitud trobar\u00e0 a la p\u00e0gina de resum <a href=\"https:\/\/iwell-guard.com\/ca\/australia-aborigen-dreamtime-tjukurpa-objectes-proteccio\/\">Tradici\u00f3 aborigen<\/a> les refer\u00e8ncies creuades m\u00e9s importants amb figures relacionades com <a href=\"https:\/\/iwell-guard.com\/ca\/?page_id=171743\">Baiame<\/a>, <a href=\"https:\/\/iwell-guard.com\/ca\/?page_id=171744\">Bunjil<\/a> i la <a href=\"https:\/\/iwell-guard.com\/ca\/?page_id=171741\">Serp de l&#8217;Arc de Sant Mart\u00ed<\/a>.<\/p>\t\t\t\t\t\t\t\t<\/div>\n\t\t\t\t<\/div>\n\t\t\t\t\t<\/div>\n\t\t\t\t<\/div>\n\t\t<div class=\"elementor-element elementor-element-iwgw-yhi-s12 e-flex e-con-boxed e-con e-parent\" data-id=\"iwgw-yhi-s12\" data-element_type=\"container\" data-e-type=\"container\">\n\t\t\t\t\t<div class=\"e-con-inner\">\n\t\t\t\t<div class=\"elementor-element elementor-element-iwgw-yhi-s12h elementor-widget elementor-widget-heading\" data-id=\"iwgw-yhi-s12h\" data-element_type=\"widget\" data-e-type=\"widget\" data-widget_type=\"heading.default\">\n\t\t\t\t\t<h2 class=\"elementor-heading-title elementor-size-default\">Yhi i Wuriupranili: sols femenins d'Austr\u00e0lia<\/h2>\t\t\t\t<\/div>\n\t\t<div class=\"elementor-element elementor-element-iwgw-yhi-s12c e-con-full e-flex e-con e-child\" data-id=\"iwgw-yhi-s12c\" data-element_type=\"container\" data-e-type=\"container\">\n\t\t\t\t<div class=\"elementor-element elementor-element-iwgw-yhi-s12t elementor-widget elementor-widget-text-editor\" data-id=\"iwgw-yhi-s12t\" data-element_type=\"widget\" data-e-type=\"widget\" data-widget_type=\"text-editor.default\">\n\t\t\t\t\t\t\t\t\t<p>Mereix un estudi m\u00e9s profund la fam\u00edlia de divinitats solars femenines a Austr\u00e0lia. A m\u00e9s de Yhi, en formen part Wuriupranili (tiwi, illes Bathurst i Melville), Walu (yolngu, Terra d&#8217;Arnhem) i algunes altres figures regionals. Totes s\u00f3n femenines i totes porten la llum i la vida.<\/p><p>Entre els tiwi es diu que Wuriupranili travessa el cel cada mat\u00ed amb una torxa; a la nit apaga la torxa i dorm. Existeix un relat semblant entre els yolngu sobre Walu. Aquest parentiu familiar \u00e9s notable des del punt de vista de la hist\u00f2ria de les religions.<\/p><p>Mircea Eliade va defensar a <em>Australian Religions<\/em> (1973) la tesi que aquesta fam\u00edlia de sols femenins representa un antic estrat hist\u00f2ric. Aquesta tesi \u00e9s especulativa, per\u00f2 el material \u00e9s ric des del punt de vista de la fenomenologia religiosa.<\/p>\t\t\t\t\t\t\t\t<\/div>\n\t\t\t\t<\/div>\n\t\t\t\t\t<\/div>\n\t\t\t\t<\/div>\n\t\t<div class=\"elementor-element elementor-element-iwgw-yhi-s13 e-flex e-con-boxed e-con e-parent\" data-id=\"iwgw-yhi-s13\" data-element_type=\"container\" data-e-type=\"container\">\n\t\t\t\t\t<div class=\"e-con-inner\">\n\t\t\t\t<div class=\"elementor-element elementor-element-iwgw-yhi-s13h elementor-widget elementor-widget-heading\" data-id=\"iwgw-yhi-s13h\" data-element_type=\"widget\" data-e-type=\"widget\" data-widget_type=\"heading.default\">\n\t\t\t\t\t<h2 class=\"elementor-heading-title elementor-size-default\">K. Langloh Parker i la recepci\u00f3 colonial victoriana<\/h2>\t\t\t\t<\/div>\n\t\t<div class=\"elementor-element elementor-element-iwgw-yhi-s13c e-con-full e-flex e-con e-child\" data-id=\"iwgw-yhi-s13c\" data-element_type=\"container\" data-e-type=\"container\">\n\t\t\t\t<div class=\"elementor-element elementor-element-iwgw-yhi-s13t elementor-widget elementor-widget-text-editor\" data-id=\"iwgw-yhi-s13t\" data-element_type=\"widget\" data-e-type=\"widget\" data-widget_type=\"text-editor.default\">\n\t\t\t\t\t\t\t\t\t<p>K. Langloh Parker (1855, 1940) va ser una observadora sensible de la tradici\u00f3 karraur; els seus llibres <em>Australian Legendary Tales<\/em> (1896) i <em>More Australian Legendary Tales<\/em> (1898) van portar Yhi a un ampli p\u00fablic victori\u00e0. La biografia de Marcie Muir <em>My Bush Book<\/em> (1982) ha estudiat la seva vida i el seu m\u00e8tode.<\/p><p>Des del punt de vista de la hist\u00f2ria de les religions, la valoraci\u00f3 \u00e9s ambivalent: els llibres de Parker van salvar la tradici\u00f3 karraur, que altrament s&#8217;hauria perdut; alhora, la van reelaborar amb un estil victori\u00e0 i la van desfigurar de manera rom\u00e0ntica. Una cr\u00edtica de fonts acurada distingeix avui aquests dos estrats.<\/p><p>En un sentit m\u00e9s ampli, Parker \u00e9s un exemple did\u00e0ctic del paper ambivalent de l&#8217;etnografia colonial: va preservar la tradici\u00f3 ind\u00edgena i, alhora, la va traduir a marcs de significat occidentals. Aquest doble efecte marca encara avui l&#8217;estat de les fonts de la religi\u00f3 aborigen.<\/p>\t\t\t\t\t\t\t\t<\/div>\n\t\t\t\t<\/div>\n\t\t\t\t\t<\/div>\n\t\t\t\t<\/div>\n\t\t<div class=\"elementor-element elementor-element-iwgw-yhi-s14 e-flex e-con-boxed e-con e-parent\" data-id=\"iwgw-yhi-s14\" data-element_type=\"container\" data-e-type=\"container\">\n\t\t\t\t\t<div class=\"e-con-inner\">\n\t\t\t\t<div class=\"elementor-element elementor-element-iwgw-yhi-s14h elementor-widget elementor-widget-heading\" data-id=\"iwgw-yhi-s14h\" data-element_type=\"widget\" data-e-type=\"widget\" data-widget_type=\"heading.default\">\n\t\t\t\t\t<h2 class=\"elementor-heading-title elementor-size-default\">Yhi i els relats de la creaci\u00f3 aborigens<\/h2>\t\t\t\t<\/div>\n\t\t<div class=\"elementor-element elementor-element-iwgw-yhi-s14c e-con-full e-flex e-con e-child\" data-id=\"iwgw-yhi-s14c\" data-element_type=\"container\" data-e-type=\"container\">\n\t\t\t\t<div class=\"elementor-element elementor-element-iwgw-yhi-s14t elementor-widget elementor-widget-text-editor\" data-id=\"iwgw-yhi-s14t\" data-element_type=\"widget\" data-e-type=\"widget\" data-widget_type=\"text-editor.default\">\n\t\t\t\t\t\t\t\t\t<p>Mereix una profunditat comparativa la posici\u00f3 de Yhi dins la fam\u00edlia m\u00e9s \u00e0mplia dels relats de la creaci\u00f3 aborigens. Diversos grups abor\u00edgens tenen diferents relats de despertar primigeni: el sol, els primers avantpassats, les serps creadores. Yhi \u00e9s una de les poques figures de despertar primigeni expl\u00edcitament femenines.<\/p><p>Des del punt de vista de la fenomenologia religiosa, resulta interessant la semblan\u00e7a estructural amb el relat b\u00edblic del G\u00e8nesi (\u201ci es va fer la llum\u201d) i amb molts altres mites cosmog\u00f2nics. La difer\u00e8ncia rau en l&#8217;assignaci\u00f3 de g\u00e8nere: mentre que en la majoria de religions patriarcals la paraula creadora es concep com a masculina, en el cas de Yhi \u00e9s femenina.<\/p><p>Diane Bell va descriure sistem\u00e0ticament els aspectes femenins de la religi\u00f3 aborigen a <em>Daughters of the Dreaming<\/em> (1983). Dins el complex de Yhi, les tradicions femenines s\u00f3n especialment prominents, la qual cosa la converteix en una figura de refer\u00e8ncia important per a una etnologia religiosa centrada en el g\u00e8nere.<\/p>\t\t\t\t\t\t\t\t<\/div>\n\t\t\t\t<\/div>\n\t\t\t\t\t<\/div>\n\t\t\t\t<\/div>\n\t\t<div class=\"elementor-element elementor-element-iwgw-yhi-s15 e-flex e-con-boxed e-con e-parent\" data-id=\"iwgw-yhi-s15\" data-element_type=\"container\" data-e-type=\"container\">\n\t\t\t\t\t<div class=\"e-con-inner\">\n\t\t\t\t<div class=\"elementor-element elementor-element-iwgw-yhi-s15h elementor-widget elementor-widget-heading\" data-id=\"iwgw-yhi-s15h\" data-element_type=\"widget\" data-e-type=\"widget\" data-widget_type=\"heading.default\">\n\t\t\t\t\t<h2 class=\"elementor-heading-title elementor-size-default\">Yhi i el renaixement de la llengua karraur<\/h2>\t\t\t\t<\/div>\n\t\t<div class=\"elementor-element elementor-element-iwgw-yhi-s15c e-con-full e-flex e-con e-child\" data-id=\"iwgw-yhi-s15c\" data-element_type=\"container\" data-e-type=\"container\">\n\t\t\t\t<div class=\"elementor-element elementor-element-iwgw-yhi-s15t elementor-widget elementor-widget-text-editor\" data-id=\"iwgw-yhi-s15t\" data-element_type=\"widget\" data-e-type=\"widget\" data-widget_type=\"text-editor.default\">\n\t\t\t\t\t\t\t\t\t<p>La llengua karraur est\u00e0 avui fortament amena\u00e7ada; nom\u00e9s queden pocs parlants actius. Des dels anys 1990 hi ha iniciatives per revitalitzar-la, mitjan\u00e7ant l&#8217;ensenyament escolar, projectes de diccionaris i cultura festiva. Yhi ocupa un lloc central en aquestes iniciatives com a figura d&#8217;identificaci\u00f3 cultural.<\/p><p>Aquest renaixement ling\u00fc\u00edstic \u00e9s interessant des del punt de vista de la sociologia de la religi\u00f3. Mostra com una tradici\u00f3 religiosa pot sostenir-se mitjan\u00e7ant la pol\u00edtica ling\u00fc\u00edstica; alhora mostra la fragilitat de l&#8217;actual diversitat ling\u00fc\u00edstica aborigen.<\/p><p>Des d&#8217;un punt de vista cient\u00edfic, el renaixement karraur \u00e9s un camp de recerca agra\u00eft. Il\u00b7lustra l&#8217;estreta imbricaci\u00f3 entre llengua, religi\u00f3 i identitat, una imbricaci\u00f3 caracter\u00edstica de moltes tradicions ind\u00edgenes d&#8217;arreu del m\u00f3n.<\/p>\t\t\t\t\t\t\t\t<\/div>\n\t\t\t\t<\/div>\n\t\t\t\t\t<\/div>\n\t\t\t\t<\/div>\n\t\t<div class=\"elementor-element elementor-element-iwgw-yhi-s16 e-flex e-con-boxed e-con e-parent\" data-id=\"iwgw-yhi-s16\" data-element_type=\"container\" data-e-type=\"container\">\n\t\t\t\t\t<div class=\"e-con-inner\">\n\t\t\t\t<div class=\"elementor-element elementor-element-iwgw-yhi-s16h elementor-widget elementor-widget-heading\" data-id=\"iwgw-yhi-s16h\" data-element_type=\"widget\" data-e-type=\"widget\" data-widget_type=\"heading.default\">\n\t\t\t\t\t<h2 class=\"elementor-heading-title elementor-size-default\">Yhi i l'estudi feminista de les religions<\/h2>\t\t\t\t<\/div>\n\t\t<div class=\"elementor-element elementor-element-iwgw-yhi-s16c e-con-full e-flex e-con e-child\" data-id=\"iwgw-yhi-s16c\" data-element_type=\"container\" data-e-type=\"container\">\n\t\t\t\t<div class=\"elementor-element elementor-element-iwgw-yhi-s16t elementor-widget elementor-widget-text-editor\" data-id=\"iwgw-yhi-s16t\" data-element_type=\"widget\" data-e-type=\"widget\" data-widget_type=\"text-editor.default\">\n\t\t\t\t\t\t\t\t\t<p>Mereix una atenci\u00f3 especial l&#8217;<span class=\"iwg-fachbegriff\" data-tooltip=\"La ci\u00e8ncia que estudia les religions de manera comparativa i sense vincle de fe.\" tabindex=\"0\">estudi de les religions<\/span> feminista, que ha descobert Yhi com a figura de refer\u00e8ncia important. Diane Bell, Catherine Berndt i altres han mostrat que la religi\u00f3 aborigen coneix una \u00e0mplia tradici\u00f3 femenina que sovint va ser ignorada en la recerca m\u00e9s antiga.<\/p><p>En aquesta lectura, Yhi \u00e9s una de les poques figures femenines de gran rang de la religi\u00f3 aborigen expressades de manera expl\u00edcita. S&#8217;inscriu en una s\u00e8rie amb altres creadores femenines com Eingana (a la regi\u00f3 del Murray), Karaween (entre els kurnai) i alguns aspectes de la Serp Arc de Sant Mart\u00ed.<\/p><p>Des del punt de vista de l&#8217;antropologia religiosa, aquesta relectura forma part d&#8217;una tend\u00e8ncia m\u00e9s \u00e0mplia en la qual les divinitats femenines es revaloren arreu del m\u00f3n. Yhi s&#8217;inscriu en aquest moviment i avui ocupa un lloc central en la recerca sobre la religi\u00f3 aborigen centrada en el g\u00e8nere.<\/p>\t\t\t\t\t\t\t\t<\/div>\n\t\t\t\t<\/div>\n\t\t\t\t\t<\/div>\n\t\t\t\t<\/div>\n\t\t<div class=\"elementor-element elementor-element-cp2df19ea4 e-flex e-con-boxed e-con e-parent\" data-id=\"cp2df19ea4\" data-element_type=\"container\" data-e-type=\"container\">\n\t\t\t\t\t<div class=\"e-con-inner\">\n\t\t\t\t<div class=\"elementor-element elementor-element-cp2b99b982 elementor-widget elementor-widget-heading\" data-id=\"cp2b99b982\" data-element_type=\"widget\" data-e-type=\"widget\" data-widget_type=\"heading.default\">\n\t\t\t\t\t<h2 class=\"elementor-heading-title elementor-size-default\">Un av\u00eds sobre les fonts: Yhi i el problema de la tradici\u00f3 de Langloh Parker<\/h2>\t\t\t\t<\/div>\n\t\t<div class=\"elementor-element elementor-element-cp2d3b92aa e-flex e-con-boxed e-con e-child\" data-id=\"cp2d3b92aa\" data-element_type=\"container\" data-e-type=\"container\">\n\t\t\t\t\t<div class=\"e-con-inner\">\n\t\t\t\t<div class=\"elementor-element elementor-element-cp261caaf7 elementor-widget elementor-widget-text-editor\" data-id=\"cp261caaf7\" data-element_type=\"widget\" data-e-type=\"widget\" data-widget_type=\"text-editor.default\">\n\t\t\t\t\t\t\t\t\t<p>La deessa solar <em>Yhi<\/em> apareix en nombroses representacions populars i tamb\u00e9 acad\u00e8miques de la <span class=\"iwg-fachbegriff\" data-tooltip=\"El conjunt de relats transmesos sobre d\u00e9us d'una cultura.\" tabindex=\"0\">mitologia<\/span> australiana com una figura creadora central, que amb la seva llum desperta la vida. Per estesa que estigui aquesta representaci\u00f3, cal assenyalar que, des del punt de vista de la hist\u00f2ria de les fonts, es basa en una base estreta i que cal examinar cr\u00edticament.<\/p><p>El nom Yhi i els relats detallats de creaci\u00f3 en els quals apareix es deuen essencialment a la recol\u00b7lectora Katie Langloh Parker, que cap al tombant del segle XIX al XX va recollir relats en el territori dels euahlayi, al nord de Nova Gal\u00b7les del Sud.<\/p><p>Els seus llibres, entre els quals una col\u00b7lecci\u00f3 de llegendes australianes i l&#8217;obra sobre els euahlayi, van ser determinants per a la percepci\u00f3 europea dels mites australians.<\/p><p>Tot i aix\u00f2, Parker treballava sense un coneixement segur de la llengua, depenia d&#8217;intermediaris i, segons ella mateixa reconeixia, va transmetre els relats en una forma preparada per a un p\u00fablic lector occidental. Adaptacions posteriors dels seus textos van polir i literaturitzar encara m\u00e9s el material.<\/p><p>A m\u00e9s, Yhi, en aquesta forma, est\u00e0 vinculada sobretot a un \u00fanic grup ling\u00fc\u00edstic i no es pot generalitzar sense m\u00e9s com a <span class=\"iwg-fachbegriff\" data-tooltip=\"Un \u00e9sser venerat com a div\u00ed dins d'una religi\u00f3.\" tabindex=\"0\">divinitat<\/span> panaustraliana. Austr\u00e0lia no \u00e9s un espai religi\u00f3s unitari, sin\u00f3 que compr\u00e8n centenars de grups ling\u00fc\u00edstics independents, cadascun amb les seves pr\u00f2pies tradicions.<\/p><p>La pr\u00e0ctica habitual en obres recopilat\u00f2ries populars de presentar Yhi al costat de figures de regions completament diferents com a part d&#8217;una \u00fanica <span class=\"iwg-fachbegriff\" data-tooltip=\"El conjunt de relats transmesos sobre d\u00e9us d'una cultura.\" tabindex=\"0\">mitologia<\/span> australiana difumina aquesta diversitat i no correspon a l&#8217;estat de les fonts.<\/p><p>Alguns especialistes tamb\u00e9 han assenyalat que certs trets del relat de la creaci\u00f3 narrat per Parker mostren reminisc\u00e8ncies de motius b\u00edblics, el qual planteja la q\u00fcesti\u00f3 d&#8217;una possible influ\u00e8ncia cristiana sobre la versi\u00f3 registrada, sense que aix\u00f2 es pugui aclarir de manera definitiva.<\/p><p>D&#8217;aix\u00f2 no se&#8217;n deriva cap desvaloritzaci\u00f3 de la figura, per\u00f2 s\u00ed una prud\u00e8ncia metodol\u00f2gica. Yhi s&#8217;ha de tractar cient\u00edficament com una figura la forma coneguda de la qual est\u00e0 fortament configurada per una recol\u00b7lectora colonial i per adaptacions posteriors.<\/p><p>Les afirmacions sobre Yhi haurien d&#8217;assenyalar la relaci\u00f3 amb la <span class=\"iwg-fachbegriff\" data-tooltip=\"La transmissi\u00f3 de coneixement i relats al llarg de generacions.\" tabindex=\"0\">tradici\u00f3<\/span> dels euahlayi, fer pal\u00e8s el car\u00e0cter mediador dels textos de Parker i evitar el risc d&#8217;elevar una tradici\u00f3 local al rang de mitologia de la creaci\u00f3 panaustraliana.<\/p>\t\t\t\t\t\t\t\t<\/div>\n\t\t\t\t\t<\/div>\n\t\t\t\t<\/div>\n\t\t\t\t\t<\/div>\n\t\t\t\t<\/div>\n\t\t<div class=\"elementor-element elementor-element-iwgw-yhi-lit e-flex e-con-boxed e-con e-parent\" data-id=\"iwgw-yhi-lit\" data-element_type=\"container\" data-e-type=\"container\">\n\t\t\t\t\t<div class=\"e-con-inner\">\n\t\t\t\t<div class=\"elementor-element elementor-element-iwgw-yhi-lith elementor-widget elementor-widget-heading\" data-id=\"iwgw-yhi-lith\" data-element_type=\"widget\" data-e-type=\"widget\" data-widget_type=\"heading.default\">\n\t\t\t\t\t<h2 class=\"elementor-heading-title elementor-size-default\">Bibliografia (selecci\u00f3)<\/h2>\t\t\t\t<\/div>\n\t\t<div class=\"elementor-element elementor-element-iwgw-yhi-litc e-con-full e-flex e-con e-child\" data-id=\"iwgw-yhi-litc\" data-element_type=\"container\" data-e-type=\"container\">\n\t\t\t\t<div class=\"elementor-element elementor-element-iwgw-yhi-litt elementor-widget elementor-widget-text-editor\" data-id=\"iwgw-yhi-litt\" data-element_type=\"widget\" data-e-type=\"widget\" data-widget_type=\"text-editor.default\">\n\t\t\t\t\t\t\t\t\t<ul><li>K. Langloh Parker: <em>Australian Legendary Tales<\/em> (1896)<\/li><li>K. Langloh Parker: <em>More Australian Legendary Tales<\/em> (1898)<\/li><li>A. W. Howitt: <em>The Native Tribes of South-East Australia<\/em> (1904)<\/li><li>Tony Swain: <em>A Place for Strangers<\/em> (1993)<\/li><li>Mircea Eliade: <em>Australian Religions<\/em> (1973)<\/li><li>James G. Frazer: <em>The Worship of Nature<\/em> (1926)<\/li><li>Lynne Hume: <em>Ancestral Power<\/em> (2002)<\/li><\/ul>\t\t\t\t\t\t\t\t<\/div>\n\t\t\t\t<\/div>\n\t\t\t\t\t<\/div>\n\t\t\t\t<\/div>\n\t\t<div class=\"elementor-element elementor-element-iwgw-yhi-kwd e-flex e-con-boxed e-con e-parent\" data-id=\"iwgw-yhi-kwd\" data-element_type=\"container\" data-e-type=\"container\">\n\t\t\t\t\t<div class=\"e-con-inner\">\n\t\t<div class=\"elementor-element elementor-element-iwgw-yhi-kwdc e-con-full e-flex e-con e-child\" data-id=\"iwgw-yhi-kwdc\" data-element_type=\"container\" data-e-type=\"container\">\n\t\t\t\t<div class=\"elementor-element elementor-element-iwgw-yhi-kwdt elementor-widget elementor-widget-text-editor\" data-id=\"iwgw-yhi-kwdt\" data-element_type=\"widget\" data-e-type=\"widget\" data-widget_type=\"text-editor.default\">\n\t\t\t\t\t\t\t\t\t<p><em>Termes clau relacionats: Yhi Karraur aborigen deessa solar Dreaming Bahloo.<\/em><\/p>\t\t\t\t\t\t\t\t<\/div>\n\t\t\t\t<\/div>\n\t\t\t\t\t<\/div>\n\t\t\t\t<\/div>\n\t\t<div class=\"elementor-element elementor-element-iwgw-yhi-cc e-flex e-con-boxed e-con e-parent\" data-id=\"iwgw-yhi-cc\" data-element_type=\"container\" data-e-type=\"container\" id=\"iwg-cc-yhi\">\n\t\t\t\t\t<div class=\"e-con-inner\">\n\t\t<div class=\"elementor-element elementor-element-iwgw-yhi-ccinner e-flex e-con-boxed e-con e-parent\" data-id=\"iwgw-yhi-ccinner\" data-element_type=\"container\" data-e-type=\"container\" data-settings=\"{&quot;background_background&quot;:&quot;classic&quot;}\">\n\t\t\t\t\t<div class=\"e-con-inner\">\n\t\t\t\t<div class=\"elementor-element elementor-element-iwgw-yhi-cch elementor-widget elementor-widget-heading\" data-id=\"iwgw-yhi-cch\" data-element_type=\"widget\" data-e-type=\"widget\" data-widget_type=\"heading.default\">\n\t\t\t\t\t<h2 class=\"elementor-heading-title elementor-size-default\">iWell Guard i tradicions de protecci\u00f3<\/h2>\t\t\t\t<\/div>\n\t\t\t\t<div class=\"elementor-element elementor-element-iwgw-yhi-cct elementor-widget elementor-widget-text-editor\" data-id=\"iwgw-yhi-cct\" data-element_type=\"widget\" data-e-type=\"widget\" data-widget_type=\"text-editor.default\">\n\t\t\t\t\t\t\t\t\t<div data-nosnippet=\"true\"><p>iWell Guard s&#8217;inspira en la tradici\u00f3 cultural i hist\u00f2rica dels objectes de protecci\u00f3 port\u00e0tils, seguint la tradici\u00f3 dels <a href=\"https:\/\/iwell-guard.com\/ca\/australia-aborigen-dreamtime-tjukurpa-objectes-proteccio\/\">abor\u00edgens australians<\/a> i de moltes altres cultures d&#8217;arreu del m\u00f3n. 41 capes, or aut\u00e8ntic, plat\u00ed, plata, fabricat a Alemanya. Dret de devoluci\u00f3 de 30 dies.<\/p><\/div>\t\t\t\t\t\t\t\t<\/div>\n\t\t\t\t<div class=\"elementor-element elementor-element-iwgw-yhi-ccb iwg-cc-button iwg-cc-cta-2026-05-13 elementor-widget elementor-widget-jet-button\" data-id=\"iwgw-yhi-ccb\" data-element_type=\"widget\" data-e-type=\"widget\" data-widget_type=\"jet-button.default\">\n\t\t\t\t<div class=\"elementor-widget-container\">\n\t\t\t\t\t<div class=\"elementor-jet-button jet-elements\"><div class=\"jet-button__container\"><a class=\"jet-button__instance jet-button__instance--icon-left hover-effect-1\" href=\"\/ueber-iwell-guard\/?utm_source=iwell-guard.com&amp;utm_medium=info-box&amp;utm_campaign=wesen-tradition\"><div class=\"jet-button__plane jet-button__plane-normal\"><\/div><div class=\"jet-button__plane jet-button__plane-hover\"><\/div><div class=\"jet-button__state jet-button__state-normal\"><span class=\"jet-button__label\">M\u00e9s informaci\u00f3 sobre l'iWell Guard<\/span><\/div><div class=\"jet-button__state jet-button__state-hover\"><span class=\"jet-button__label\">M\u00e9s informaci\u00f3 sobre l'iWell Guard<\/span><\/div><\/a><\/div><\/div><style>.elementor-element.elementor-element-iwgw-yhi-ccb .jet-button__instance{width:320px;height:56px;}.elementor-element.elementor-element-iwgw-yhi-ccb .jet-button__state-normal .jet-button__label{text-align:center;margin:0px 0px 0px 0px;color:#1a1b20;font-family:Montserrat,sans-serif;font-size:13px;font-weight:400;letter-spacing:4px;line-height:1.714em;text-transform:uppercase;}.elementor-element.elementor-element-iwgw-yhi-ccb .jet-button__state-hover .jet-button__label{text-align:center;margin:0px 0px 0px 0px;color:#FECC76;font-family:Montserrat,sans-serif;font-size:13px;font-weight:400;letter-spacing:4px;line-height:1.714em;text-transform:uppercase;}.elementor-element.elementor-element-iwgw-yhi-ccb .jet-button__plane-normal{background-color:#FECC76;border-style:solid;border-color:#C99540;border-width:2px 2px 2px 2px;}.elementor-element.elementor-element-iwgw-yhi-ccb .jet-button__plane-hover{background-color:rgba(0,0,0,0.55);border-style:solid;border-color:#FECC76;border-width:2px 2px 2px 2px;}<\/style>\t\t\t\t<\/div>\n\t\t\t\t<\/div>\n\t\t\t\t<div class=\"elementor-element elementor-element-iwgw-yhi-ccd elementor-widget elementor-widget-text-editor\" data-id=\"iwgw-yhi-ccd\" data-element_type=\"widget\" data-e-type=\"widget\" data-widget_type=\"text-editor.default\">\n\t\t\t\t\t\t\t\t\t<div data-nosnippet=\"true\"><p style=\"text-align:center;font-size:13px;opacity:0.7;margin-top:14px\" data-nosnippet=\"true\">Les experi\u00e8ncies personals poden variar. No \u00e9s un producte sanitari. No \u00e9s una promesa de curaci\u00f3.<\/p><\/div>\t\t\t\t\t\t\t\t<\/div>\n\t\t\t\t\t<\/div>\n\t\t\t\t<\/div>\n\t\t\t\t\t<\/div>\n\t\t\t\t<\/div>\n\t\t<div class=\"elementor-element elementor-element-iwgw-yhi-disc e-flex e-con-boxed e-con e-parent\" data-id=\"iwgw-yhi-disc\" data-element_type=\"container\" data-e-type=\"container\">\n\t\t\t\t\t<div class=\"e-con-inner\">\n\t\t\t\t<div class=\"elementor-element elementor-element-iwgw-yhi-discw elementor-widget elementor-widget-html\" data-id=\"iwgw-yhi-discw\" data-element_type=\"widget\" data-e-type=\"widget\" data-widget_type=\"html.default\">\n\t\t\t\t\t<footer data-nosnippet=\"true\" class=\"iwg-disclaimer-block\"><p data-nosnippet=\"true\">iWell Guard <strong>no \u00e9s un producte sanitari<\/strong> i no substitueix cap tractament m\u00e8dic o psicoterap\u00e8utic. Els continguts d'hist\u00f2ria de les religions s\u00f3n una classificaci\u00f3 culturohist\u00f2rica, no una recomanaci\u00f3 de pr\u00e0ctica espiritual.<\/p><\/footer>\t\t\t\t<\/div>\n\t\t\t\t\t<\/div>\n\t\t\t\t<\/div>\n\t\t\t\t<\/div>\n\t\t","protected":false},"excerpt":{"rendered":"","protected":false},"author":3,"featured_media":2873,"parent":0,"menu_order":0,"comment_status":"closed","ping_status":"closed","template":"elementor_header_footer","meta":{"_yoast_wpseo_focuskw":"Yhi deessa del sol aborigen","_yoast_wpseo_title":"Yhi \u2013 Deessa del sol aborigen, mite i fonts","_yoast_wpseo_metadesc":"Yhi \u00e9s la deessa del sol dels abor\u00edgens Karraur i creadora de la vida. An\u00e0lisi de ci\u00e8ncies de la religi\u00f3 amb mite i fonts.","_yoast_wpseo_meta-robots-noindex":"","_yoast_wpseo_canonical":"","_angie_page":false,"gefaehrdungsstufe":"","wesen_kultur":"","wesen_klasse":"","footnotes":""},"categories":[],"class_list":["post-171745","page","type-page","status-publish","has-post-thumbnail","hentry"],"yoast_head":"<!-- This site is optimized with the Yoast SEO Premium plugin v27.7 (Yoast SEO v28.3) - https:\/\/yoast.com\/product\/yoast-seo-premium-wordpress\/ -->\n<title>Yhi \u2013 Deessa del sol aborigen, mite i fonts<\/title>\n<meta name=\"description\" content=\"Yhi \u00e9s la deessa del sol dels abor\u00edgens Karraur i creadora de la vida. An\u00e0lisi de ci\u00e8ncies de la religi\u00f3 amb mite i fonts.\" \/>\n<meta name=\"robots\" content=\"index, follow, max-snippet:-1, max-image-preview:large, max-video-preview:-1\" \/>\n<link rel=\"canonical\" href=\"https:\/\/iwell-guard.com\/ca\/yhi-deessa-del-sol-dels-karraur\/\" \/>\n<meta property=\"og:locale\" content=\"ca_ES\" \/>\n<meta property=\"og:type\" content=\"article\" \/>\n<meta property=\"og:title\" content=\"Yhi \u2013 Deessa del sol dels Karraur\" \/>\n<meta property=\"og:description\" content=\"Yhi \u00e9s la deessa del sol dels abor\u00edgens Karraur i creadora de la vida. An\u00e0lisi de ci\u00e8ncies de la religi\u00f3 amb mite i fonts.\" \/>\n<meta property=\"og:url\" content=\"https:\/\/iwell-guard.com\/ca\/yhi-deessa-del-sol-dels-karraur\/\" \/>\n<meta property=\"og:site_name\" content=\"iWell Guard\" \/>\n<meta property=\"article:modified_time\" content=\"2026-09-05T16:06:07+00:00\" \/>\n<meta property=\"og:image\" content=\"https:\/\/iwell-guard.com\/wp-content\/uploads\/2026\/05\/goetter_aboriginal_yhi.webp\" \/>\n\t<meta property=\"og:image:width\" content=\"1024\" \/>\n\t<meta property=\"og:image:height\" content=\"1536\" \/>\n\t<meta property=\"og:image:type\" content=\"image\/webp\" \/>\n<meta name=\"twitter:card\" content=\"summary_large_image\" \/>\n<script type=\"application\/ld+json\" class=\"yoast-schema-graph\">{\"@context\":\"https:\\\/\\\/schema.org\",\"@graph\":[{\"@type\":\"WebPage\",\"@id\":\"https:\\\/\\\/iwell-guard.com\\\/ca\\\/yhi-deessa-del-sol-dels-karraur\\\/\",\"url\":\"https:\\\/\\\/iwell-guard.com\\\/ca\\\/yhi-deessa-del-sol-dels-karraur\\\/\",\"name\":\"Yhi \u2013 Deessa del sol aborigen, mite i fonts\",\"isPartOf\":{\"@id\":\"https:\\\/\\\/iwell-guard.com\\\/ca\\\/#website\"},\"primaryImageOfPage\":{\"@id\":\"https:\\\/\\\/iwell-guard.com\\\/ca\\\/yhi-deessa-del-sol-dels-karraur\\\/#primaryimage\"},\"image\":{\"@id\":\"https:\\\/\\\/iwell-guard.com\\\/ca\\\/yhi-deessa-del-sol-dels-karraur\\\/#primaryimage\"},\"thumbnailUrl\":\"https:\\\/\\\/iwell-guard.com\\\/wp-content\\\/uploads\\\/2026\\\/05\\\/goetter_aboriginal_yhi.webp\",\"datePublished\":\"2026-09-05T15:42:01+00:00\",\"dateModified\":\"2026-09-05T16:06:07+00:00\",\"description\":\"Yhi \u00e9s la deessa del sol dels abor\u00edgens Karraur i creadora de la vida. An\u00e0lisi de ci\u00e8ncies de la religi\u00f3 amb mite i fonts.\",\"breadcrumb\":{\"@id\":\"https:\\\/\\\/iwell-guard.com\\\/ca\\\/yhi-deessa-del-sol-dels-karraur\\\/#breadcrumb\"},\"inLanguage\":\"ca\",\"potentialAction\":[{\"@type\":\"ReadAction\",\"target\":[\"https:\\\/\\\/iwell-guard.com\\\/ca\\\/yhi-deessa-del-sol-dels-karraur\\\/\"]}]},{\"@type\":\"ImageObject\",\"inLanguage\":\"ca\",\"@id\":\"https:\\\/\\\/iwell-guard.com\\\/ca\\\/yhi-deessa-del-sol-dels-karraur\\\/#primaryimage\",\"url\":\"https:\\\/\\\/iwell-guard.com\\\/wp-content\\\/uploads\\\/2026\\\/05\\\/goetter_aboriginal_yhi.webp\",\"contentUrl\":\"https:\\\/\\\/iwell-guard.com\\\/wp-content\\\/uploads\\\/2026\\\/05\\\/goetter_aboriginal_yhi.webp\",\"width\":1024,\"height\":1536,\"caption\":\"D\u00e9us de la tradici\u00f3 aborigen.\"},{\"@type\":\"BreadcrumbList\",\"@id\":\"https:\\\/\\\/iwell-guard.com\\\/ca\\\/yhi-deessa-del-sol-dels-karraur\\\/#breadcrumb\",\"itemListElement\":[{\"@type\":\"ListItem\",\"position\":1,\"name\":\"Start\",\"item\":\"https:\\\/\\\/iwell-guard.com\\\/ca\\\/?page_id=171333\"},{\"@type\":\"ListItem\",\"position\":2,\"name\":\"Yhi \u2013 Deessa del sol dels Karraur\"}]},{\"@type\":\"WebSite\",\"@id\":\"https:\\\/\\\/iwell-guard.com\\\/ca\\\/#website\",\"url\":\"https:\\\/\\\/iwell-guard.com\\\/ca\\\/\",\"name\":\"iWell Guard\",\"description\":\"Schutz vor dunklen Einfl\u00fcssen\",\"publisher\":{\"@id\":\"https:\\\/\\\/iwell-guard.com\\\/ca\\\/#organization\"},\"potentialAction\":[{\"@type\":\"SearchAction\",\"target\":{\"@type\":\"EntryPoint\",\"urlTemplate\":\"https:\\\/\\\/iwell-guard.com\\\/ca\\\/?s={search_term_string}\"},\"query-input\":{\"@type\":\"PropertyValueSpecification\",\"valueRequired\":true,\"valueName\":\"search_term_string\"}}],\"inLanguage\":\"ca\"},{\"@type\":\"Organization\",\"@id\":\"https:\\\/\\\/iwell-guard.com\\\/ca\\\/#organization\",\"name\":\"Ittermann electronic GmbH\",\"url\":\"https:\\\/\\\/iwell-guard.com\\\/ca\\\/\",\"logo\":{\"@type\":\"ImageObject\",\"inLanguage\":\"ca\",\"@id\":\"https:\\\/\\\/iwell-guard.com\\\/ca\\\/#\\\/schema\\\/logo\\\/image\\\/\",\"url\":\"https:\\\/\\\/iwell-guard.com\\\/wp-content\\\/uploads\\\/2026\\\/05\\\/Ittermann-Logo-1182x237-1.png\",\"contentUrl\":\"https:\\\/\\\/iwell-guard.com\\\/wp-content\\\/uploads\\\/2026\\\/05\\\/Ittermann-Logo-1182x237-1.png\",\"width\":1182,\"height\":237,\"caption\":\"Ittermann electronic GmbH\"},\"image\":{\"@id\":\"https:\\\/\\\/iwell-guard.com\\\/ca\\\/#\\\/schema\\\/logo\\\/image\\\/\"},\"sameAs\":[\"https:\\\/\\\/pantip.com\\\/profile\\\/9367242\",\"https:\\\/\\\/micro.blog\\\/iwellguard\",\"https:\\\/\\\/www.diggerslist.com\\\/iwellguard\\\/about\",\"https:\\\/\\\/skitterphoto.com\\\/photographers\\\/2870314\\\/iwell-guard\",\"https:\\\/\\\/iwellguard.wordpress.com\\\/2026\\\/06\\\/06\\\/iwell-guard\\\/\",\"https:\\\/\\\/hub.docker.com\\\/u\\\/iwellguard\",\"https:\\\/\\\/www.pinterest.com\\\/iwellguard\\\/\",\"https:\\\/\\\/bit.ly\\\/m\\\/iwellguard\",\"https:\\\/\\\/entre-vos-mains.alsace.eu\\\/profiles\\\/iwellguard\\\/activity\",\"https:\\\/\\\/gravatar.com\\\/reallybeded8fd34\",\"https:\\\/\\\/naijamatta.com\\\/iwellguard\",\"https:\\\/\\\/www.goodreads.com\\\/iwellguard\",\"https:\\\/\\\/profile.hatena.ne.jp\\\/iwellguard\\\/\",\"https:\\\/\\\/experiment.com\\\/users\\\/iwellguard\",\"https:\\\/\\\/wakelet.com\\\/@iWellGuard82270\",\"https:\\\/\\\/www.chordie.com\\\/forum\\\/profile.php?id=2555664\",\"https:\\\/\\\/www.instapaper.com\\\/p\\\/17757966\",\"https:\\\/\\\/www.mapleprimes.com\\\/users\\\/iwellguard\",\"https:\\\/\\\/businesslistingplus.com\\\/profile\\\/iwell-guard\\\/\",\"https:\\\/\\\/telegra.ph\\\/iWell-Guard-06-06\",\"https:\\\/\\\/pbase.com\\\/iwellguard\\\/iwellguard\",\"https:\\\/\\\/b.hatena.ne.jp\\\/iwellguard\\\/20260607#bookmark-4788405196491818882\",\"https:\\\/\\\/fliphtml5.com\\\/home\\\/iwellguard\",\"https:\\\/\\\/anyflip.com\\\/homepage\\\/cmiwl#About\",\"https:\\\/\\\/transfur.com\\\/Users\\\/iwellguard\",\"http:\\\/\\\/delphi.larsbo.org\\\/user\\\/iwellguard\",\"https:\\\/\\\/jobs.lajobsportal.org\\\/profiles\\\/8380803-iwell-guard\",\"https:\\\/\\\/md.chaosdorf.de\\\/s\\\/jfbe5SBdJD\",\"https:\\\/\\\/www.lingvolive.com\\\/en-us\\\/profile\\\/9ecaeaca-ce11-4e51-9e71-01d55e2bff36\\\/translations\",\"https:\\\/\\\/www.fitday.com\\\/fitness\\\/forums\\\/members\\\/iwellguard.html\",\"https:\\\/\\\/www.mymeetbook.com\\\/iwellguard\",\"https:\\\/\\\/pxhere.com\\\/en\\\/photographer-me\\\/5040798\",\"https:\\\/\\\/disqus.com\\\/by\\\/iwellguard\\\/about\\\/\",\"https:\\\/\\\/pastelink.net\\\/hjwciqwq\",\"https:\\\/\\\/pubhtml5.com\\\/homepage\\\/scjhn\\\/\",\"https:\\\/\\\/www.bitchute.com\\\/channel\\\/2O2eOKzNqujT\",\"https:\\\/\\\/audiomack.com\\\/iwellguard\"]}]}<\/script>\n<!-- \/ Yoast SEO Premium plugin. -->","yoast_head_json":{"title":"Yhi \u2013 Deessa del sol aborigen, mite i fonts","description":"Yhi \u00e9s la deessa del sol dels abor\u00edgens Karraur i creadora de la vida. An\u00e0lisi de ci\u00e8ncies de la religi\u00f3 amb mite i fonts.","robots":{"index":"index","follow":"follow","max-snippet":"max-snippet:-1","max-image-preview":"max-image-preview:large","max-video-preview":"max-video-preview:-1"},"canonical":"https:\/\/iwell-guard.com\/ca\/yhi-deessa-del-sol-dels-karraur\/","og_locale":"ca_ES","og_type":"article","og_title":"Yhi \u2013 Deessa del sol dels Karraur","og_description":"Yhi \u00e9s la deessa del sol dels abor\u00edgens Karraur i creadora de la vida. An\u00e0lisi de ci\u00e8ncies de la religi\u00f3 amb mite i fonts.","og_url":"https:\/\/iwell-guard.com\/ca\/yhi-deessa-del-sol-dels-karraur\/","og_site_name":"iWell Guard","article_modified_time":"2026-09-05T16:06:07+00:00","og_image":[{"width":1024,"height":1536,"url":"https:\/\/iwell-guard.com\/wp-content\/uploads\/2026\/05\/goetter_aboriginal_yhi.webp","type":"image\/webp"}],"twitter_card":"summary_large_image","schema":{"@context":"https:\/\/schema.org","@graph":[{"@type":"WebPage","@id":"https:\/\/iwell-guard.com\/ca\/yhi-deessa-del-sol-dels-karraur\/","url":"https:\/\/iwell-guard.com\/ca\/yhi-deessa-del-sol-dels-karraur\/","name":"Yhi \u2013 Deessa del sol aborigen, mite i fonts","isPartOf":{"@id":"https:\/\/iwell-guard.com\/ca\/#website"},"primaryImageOfPage":{"@id":"https:\/\/iwell-guard.com\/ca\/yhi-deessa-del-sol-dels-karraur\/#primaryimage"},"image":{"@id":"https:\/\/iwell-guard.com\/ca\/yhi-deessa-del-sol-dels-karraur\/#primaryimage"},"thumbnailUrl":"https:\/\/iwell-guard.com\/wp-content\/uploads\/2026\/05\/goetter_aboriginal_yhi.webp","datePublished":"2026-09-05T15:42:01+00:00","dateModified":"2026-09-05T16:06:07+00:00","description":"Yhi \u00e9s la deessa del sol dels abor\u00edgens Karraur i creadora de la vida. An\u00e0lisi de ci\u00e8ncies de la religi\u00f3 amb mite i fonts.","breadcrumb":{"@id":"https:\/\/iwell-guard.com\/ca\/yhi-deessa-del-sol-dels-karraur\/#breadcrumb"},"inLanguage":"ca","potentialAction":[{"@type":"ReadAction","target":["https:\/\/iwell-guard.com\/ca\/yhi-deessa-del-sol-dels-karraur\/"]}]},{"@type":"ImageObject","inLanguage":"ca","@id":"https:\/\/iwell-guard.com\/ca\/yhi-deessa-del-sol-dels-karraur\/#primaryimage","url":"https:\/\/iwell-guard.com\/wp-content\/uploads\/2026\/05\/goetter_aboriginal_yhi.webp","contentUrl":"https:\/\/iwell-guard.com\/wp-content\/uploads\/2026\/05\/goetter_aboriginal_yhi.webp","width":1024,"height":1536,"caption":"D\u00e9us de la tradici\u00f3 aborigen."},{"@type":"BreadcrumbList","@id":"https:\/\/iwell-guard.com\/ca\/yhi-deessa-del-sol-dels-karraur\/#breadcrumb","itemListElement":[{"@type":"ListItem","position":1,"name":"Start","item":"https:\/\/iwell-guard.com\/ca\/?page_id=171333"},{"@type":"ListItem","position":2,"name":"Yhi \u2013 Deessa del sol dels Karraur"}]},{"@type":"WebSite","@id":"https:\/\/iwell-guard.com\/ca\/#website","url":"https:\/\/iwell-guard.com\/ca\/","name":"iWell Guard","description":"Schutz vor dunklen Einfl\u00fcssen","publisher":{"@id":"https:\/\/iwell-guard.com\/ca\/#organization"},"potentialAction":[{"@type":"SearchAction","target":{"@type":"EntryPoint","urlTemplate":"https:\/\/iwell-guard.com\/ca\/?s={search_term_string}"},"query-input":{"@type":"PropertyValueSpecification","valueRequired":true,"valueName":"search_term_string"}}],"inLanguage":"ca"},{"@type":"Organization","@id":"https:\/\/iwell-guard.com\/ca\/#organization","name":"Ittermann electronic GmbH","url":"https:\/\/iwell-guard.com\/ca\/","logo":{"@type":"ImageObject","inLanguage":"ca","@id":"https:\/\/iwell-guard.com\/ca\/#\/schema\/logo\/image\/","url":"https:\/\/iwell-guard.com\/wp-content\/uploads\/2026\/05\/Ittermann-Logo-1182x237-1.png","contentUrl":"https:\/\/iwell-guard.com\/wp-content\/uploads\/2026\/05\/Ittermann-Logo-1182x237-1.png","width":1182,"height":237,"caption":"Ittermann electronic GmbH"},"image":{"@id":"https:\/\/iwell-guard.com\/ca\/#\/schema\/logo\/image\/"},"sameAs":["https:\/\/pantip.com\/profile\/9367242","https:\/\/micro.blog\/iwellguard","https:\/\/www.diggerslist.com\/iwellguard\/about","https:\/\/skitterphoto.com\/photographers\/2870314\/iwell-guard","https:\/\/iwellguard.wordpress.com\/2026\/06\/06\/iwell-guard\/","https:\/\/hub.docker.com\/u\/iwellguard","https:\/\/www.pinterest.com\/iwellguard\/","https:\/\/bit.ly\/m\/iwellguard","https:\/\/entre-vos-mains.alsace.eu\/profiles\/iwellguard\/activity","https:\/\/gravatar.com\/reallybeded8fd34","https:\/\/naijamatta.com\/iwellguard","https:\/\/www.goodreads.com\/iwellguard","https:\/\/profile.hatena.ne.jp\/iwellguard\/","https:\/\/experiment.com\/users\/iwellguard","https:\/\/wakelet.com\/@iWellGuard82270","https:\/\/www.chordie.com\/forum\/profile.php?id=2555664","https:\/\/www.instapaper.com\/p\/17757966","https:\/\/www.mapleprimes.com\/users\/iwellguard","https:\/\/businesslistingplus.com\/profile\/iwell-guard\/","https:\/\/telegra.ph\/iWell-Guard-06-06","https:\/\/pbase.com\/iwellguard\/iwellguard","https:\/\/b.hatena.ne.jp\/iwellguard\/20260607#bookmark-4788405196491818882","https:\/\/fliphtml5.com\/home\/iwellguard","https:\/\/anyflip.com\/homepage\/cmiwl#About","https:\/\/transfur.com\/Users\/iwellguard","http:\/\/delphi.larsbo.org\/user\/iwellguard","https:\/\/jobs.lajobsportal.org\/profiles\/8380803-iwell-guard","https:\/\/md.chaosdorf.de\/s\/jfbe5SBdJD","https:\/\/www.lingvolive.com\/en-us\/profile\/9ecaeaca-ce11-4e51-9e71-01d55e2bff36\/translations","https:\/\/www.fitday.com\/fitness\/forums\/members\/iwellguard.html","https:\/\/www.mymeetbook.com\/iwellguard","https:\/\/pxhere.com\/en\/photographer-me\/5040798","https:\/\/disqus.com\/by\/iwellguard\/about\/","https:\/\/pastelink.net\/hjwciqwq","https:\/\/pubhtml5.com\/homepage\/scjhn\/","https:\/\/www.bitchute.com\/channel\/2O2eOKzNqujT","https:\/\/audiomack.com\/iwellguard"]}]}},"_links":{"self":[{"href":"https:\/\/iwell-guard.com\/ca\/wp-json\/wp\/v2\/pages\/171745","targetHints":{"allow":["GET"]}}],"collection":[{"href":"https:\/\/iwell-guard.com\/ca\/wp-json\/wp\/v2\/pages"}],"about":[{"href":"https:\/\/iwell-guard.com\/ca\/wp-json\/wp\/v2\/types\/page"}],"author":[{"embeddable":true,"href":"https:\/\/iwell-guard.com\/ca\/wp-json\/wp\/v2\/users\/3"}],"replies":[{"embeddable":true,"href":"https:\/\/iwell-guard.com\/ca\/wp-json\/wp\/v2\/comments?post=171745"}],"version-history":[{"count":0,"href":"https:\/\/iwell-guard.com\/ca\/wp-json\/wp\/v2\/pages\/171745\/revisions"}],"wp:featuredmedia":[{"embeddable":true,"href":"https:\/\/iwell-guard.com\/ca\/wp-json\/wp\/v2\/media\/2873"}],"wp:attachment":[{"href":"https:\/\/iwell-guard.com\/ca\/wp-json\/wp\/v2\/media?parent=171745"}],"wp:term":[{"taxonomy":"category","embeddable":true,"href":"https:\/\/iwell-guard.com\/ca\/wp-json\/wp\/v2\/categories?post=171745"}],"curies":[{"name":"wp","href":"https:\/\/api.w.org\/{rel}","templated":true}]}}