{"id":171743,"date":"2026-09-05T15:42:00","date_gmt":"2026-09-05T15:42:00","guid":{"rendered":"https:\/\/iwell-guard.com\/?page_id=171743"},"modified":"2026-09-05T16:06:05","modified_gmt":"2026-09-05T16:06:05","slug":"baiame-pare-del-cel-aborigen","status":"publish","type":"page","link":"https:\/\/iwell-guard.com\/ca\/baiame-pare-del-cel-aborigen\/","title":{"rendered":"Baiame \u2013 Pare del Cel dels abor\u00edgens del sud-est"},"content":{"rendered":"\t\t<div data-elementor-type=\"wp-page\" data-elementor-id=\"171743\" class=\"elementor elementor-171743 elementor-2646 elementor-bc-flex-widget\" data-elementor-post-type=\"page\">\n\t\t\t\t<div class=\"elementor-element elementor-element-iwgw-baiame-hero e-flex e-con-boxed e-con e-parent\" data-id=\"iwgw-baiame-hero\" data-element_type=\"container\" data-e-type=\"container\" data-settings=\"{&quot;background_background&quot;:&quot;classic&quot;}\">\n\t\t\t\t\t<div class=\"e-con-inner\">\n\t\t<div class=\"elementor-element elementor-element-iwgw-baiame-hl e-flex e-con-boxed e-con e-child\" data-id=\"iwgw-baiame-hl\" data-element_type=\"container\" data-e-type=\"container\">\n\t\t\t\t\t<div class=\"e-con-inner\">\n\t\t<div class=\"elementor-element elementor-element-iwgw-baiame-htxt e-con-full e-flex e-con e-child\" data-id=\"iwgw-baiame-htxt\" data-element_type=\"container\" data-e-type=\"container\">\n\t\t\t\t<div class=\"elementor-element elementor-element-iwgw-baiame-h1 elementor-widget elementor-widget-heading\" data-id=\"iwgw-baiame-h1\" data-element_type=\"widget\" data-e-type=\"widget\" data-widget_type=\"heading.default\">\n\t\t\t\t\t<h1 class=\"elementor-heading-title elementor-size-default\">Baiame, \u00c9sser Suprem dels wiradjuri i els kamilaroi del sud-est d'Austr\u00e0lia<\/h1>\t\t\t\t<\/div>\n\t\t\t\t<div class=\"elementor-element elementor-element-iwgw-baiame-lead elementor-widget elementor-widget-text-editor\" data-id=\"iwgw-baiame-lead\" data-element_type=\"widget\" data-e-type=\"widget\" data-widget_type=\"text-editor.default\">\n\t\t\t\t\t\t\t\t\t<p>Baiame \u00e9s la divinitat suprema de nombrosos grups abor\u00edgens del sud-est d&#8217;Austr\u00e0lia, concretament dels wiradjuri, els kamilaroi, els euahlayi i els bandjalang. Des de la ci\u00e8ncia de la religi\u00f3 pertany a la classe de figures de tipus \u00abPare del Cel\u00bb o \u00abAll-Father\u00bb, ben documentades al sud-est d&#8217;Austr\u00e0lia.<\/p>\t\t\t\t\t\t\t\t<\/div>\n\t\t\t\t<\/div>\n\t\t<div class=\"elementor-element elementor-element-iwgw-baiame-pillc e-con-full e-flex e-con e-child\" data-id=\"iwgw-baiame-pillc\" data-element_type=\"container\" data-e-type=\"container\">\n\t\t\t\t<div class=\"elementor-element elementor-element-iwgw-baiame-pills elementor-widget elementor-widget-html\" data-id=\"iwgw-baiame-pills\" data-element_type=\"widget\" data-e-type=\"widget\" data-widget_type=\"html.default\">\n\t\t\t\t\t<div class=\"iwg-pill-row\"><span class=\"iwg-klasse-badge\" tabindex=\"0\" data-tooltip=\"Creador de la tradici\u00f3 aborigen.\">Creador<\/span><a href=\"https:\/\/iwell-guard.com\/ca\/australia-aborigen-dreamtime-tjukurpa-objectes-proteccio\/\" class=\"iwg-kultur-badge\" tabindex=\"0\" data-tooltip=\"Mitologia de la tradici\u00f3 aborigen.\">Aborigen<\/a><span class=\"iwg-tradition-badge\" tabindex=\"0\" data-tooltip=\"Divinitat suprema.\">Divinitat suprema<\/span><\/div>\t\t\t\t<\/div>\n\t\t\t\t<\/div>\n\t\t<div class=\"elementor-element elementor-element-iwgw-baiame-tocc e-con-full e-flex e-con e-child\" data-id=\"iwgw-baiame-tocc\" data-element_type=\"container\" data-e-type=\"container\">\n\t\t\t\t<div class=\"elementor-element elementor-element-iwgw-baiame-toc elementor-toc--minimized-on-tablet elementor-widget elementor-widget-table-of-contents\" data-id=\"iwgw-baiame-toc\" data-element_type=\"widget\" data-e-type=\"widget\" data-settings=\"{&quot;headings_by_tags&quot;:[&quot;h2&quot;,&quot;h3&quot;],&quot;minimize_box&quot;:&quot;yes&quot;,&quot;marker_view&quot;:&quot;bullets&quot;,&quot;no_headings_message&quot;:&quot;No s&#039;ha trobat cap encap\\u00e7alament en aquesta p\\u00e0gina.&quot;,&quot;exclude_headings_by_selector&quot;:[],&quot;icon&quot;:{&quot;value&quot;:&quot;fas fa-circle&quot;,&quot;library&quot;:&quot;fa-solid&quot;,&quot;rendered_tag&quot;:&quot;&lt;svg class=\\&quot;e-font-icon-svg e-fas-circle\\&quot; viewBox=\\&quot;0 0 512 512\\&quot; xmlns=\\&quot;http:\\\/\\\/www.w3.org\\\/2000\\\/svg\\&quot;&gt;&lt;path d=\\&quot;M256 8C119 8 8 119 8 256s111 248 248 248 248-111 248-248S393 8 256 8z\\&quot;&gt;&lt;\\\/path&gt;&lt;\\\/svg&gt;&quot;},&quot;minimized_on&quot;:&quot;tablet&quot;,&quot;hierarchical_view&quot;:&quot;yes&quot;,&quot;min_height&quot;:{&quot;unit&quot;:&quot;px&quot;,&quot;size&quot;:&quot;&quot;,&quot;sizes&quot;:[]},&quot;min_height_tablet&quot;:{&quot;unit&quot;:&quot;px&quot;,&quot;size&quot;:&quot;&quot;,&quot;sizes&quot;:[]},&quot;min_height_mobile&quot;:{&quot;unit&quot;:&quot;px&quot;,&quot;size&quot;:&quot;&quot;,&quot;sizes&quot;:[]}}\" data-widget_type=\"table-of-contents.default\">\n\t\t\t\t\t\t\t\t\t<div class=\"elementor-toc__header\">\n\t\t\t\t\t\t<h2 class=\"elementor-toc__header-title\">\n\t\t\t\t\u00cdndex\t\t\t<\/h2>\n\t\t\t\t\t\t\t\t\t\t<div class=\"elementor-toc__toggle-button elementor-toc__toggle-button--expand\" role=\"button\" tabindex=\"0\" aria-controls=\"elementor-toc__iwgw-baiame-toc\" aria-expanded=\"true\" aria-label=\"Open table of contents\"><svg aria-hidden=\"true\" class=\"e-font-icon-svg e-fas-chevron-down\" viewBox=\"0 0 448 512\" xmlns=\"http:\/\/www.w3.org\/2000\/svg\"><path d=\"M207.029 381.476L12.686 187.132c-9.373-9.373-9.373-24.569 0-33.941l22.667-22.667c9.357-9.357 24.522-9.375 33.901-.04L224 284.505l154.745-154.021c9.379-9.335 24.544-9.317 33.901.04l22.667 22.667c9.373 9.373 9.373 24.569 0 33.941L240.971 381.476c-9.373 9.372-24.569 9.372-33.942 0z\"><\/path><\/svg><\/div>\n\t\t\t\t<div class=\"elementor-toc__toggle-button elementor-toc__toggle-button--collapse\" role=\"button\" tabindex=\"0\" aria-controls=\"elementor-toc__iwgw-baiame-toc\" aria-expanded=\"true\" aria-label=\"Close table of contents\"><svg aria-hidden=\"true\" class=\"e-font-icon-svg e-fas-chevron-up\" viewBox=\"0 0 448 512\" xmlns=\"http:\/\/www.w3.org\/2000\/svg\"><path d=\"M240.971 130.524l194.343 194.343c9.373 9.373 9.373 24.569 0 33.941l-22.667 22.667c-9.357 9.357-24.522 9.375-33.901.04L224 227.495 69.255 381.516c-9.379 9.335-24.544 9.317-33.901-.04l-22.667-22.667c-9.373-9.373-9.373-24.569 0-33.941L207.03 130.525c9.372-9.373 24.568-9.373 33.941-.001z\"><\/path><\/svg><\/div>\n\t\t\t\t\t<\/div>\n\t\t\t\t<div id=\"elementor-toc__iwgw-baiame-toc\" class=\"elementor-toc__body\">\n\t\t\t<div class=\"elementor-toc__spinner-container\">\n\t\t\t\t<svg class=\"elementor-toc__spinner eicon-animation-spin e-font-icon-svg e-eicon-loading\" aria-hidden=\"true\" viewBox=\"0 0 1000 1000\" xmlns=\"http:\/\/www.w3.org\/2000\/svg\"><path d=\"M500 975V858C696 858 858 696 858 500S696 142 500 142 142 304 142 500H25C25 237 238 25 500 25S975 237 975 500 763 975 500 975Z\"><\/path><\/svg>\t\t\t<\/div>\n\t\t<\/div>\n\t\t\t\t\t\t<\/div>\n\t\t\t\t<\/div>\n\t\t\t\t\t<\/div>\n\t\t\t\t<\/div>\n\t\t<div class=\"elementor-element elementor-element-iwgw-baiame-hr e-con-full e-flex e-con e-child\" data-id=\"iwgw-baiame-hr\" data-element_type=\"container\" data-e-type=\"container\">\n\t\t\t\t<div class=\"elementor-element elementor-element-iwgw-baiame-heroimg iwg-hero-image elementor-widget elementor-widget-image\" data-id=\"iwgw-baiame-heroimg\" data-element_type=\"widget\" data-e-type=\"widget\" data-widget_type=\"image.default\">\n\t\t\t\t\t\t\t\t\t\t\t\t\t\t\t<img fetchpriority=\"high\" decoding=\"async\" width=\"683\" height=\"1024\" src=\"https:\/\/iwell-guard.com\/wp-content\/uploads\/2026\/05\/goetter_aboriginal_baiame-683x1024.webp\" class=\"attachment-large size-large wp-image-2868\" alt=\"Baiame \u2013 Pare del Cel dels abor\u00edgens del sud-est\" srcset=\"https:\/\/iwell-guard.com\/wp-content\/uploads\/2026\/05\/goetter_aboriginal_baiame-683x1024.webp 683w, https:\/\/iwell-guard.com\/wp-content\/uploads\/2026\/05\/goetter_aboriginal_baiame-200x300.webp 200w, https:\/\/iwell-guard.com\/wp-content\/uploads\/2026\/05\/goetter_aboriginal_baiame-768x1152.webp 768w, https:\/\/iwell-guard.com\/wp-content\/uploads\/2026\/05\/goetter_aboriginal_baiame.webp 1024w\" sizes=\"(max-width: 683px) 100vw, 683px\" \/>\t\t\t\t\t\t\t\t\t\t\t\t\t\t\t<\/div>\n\t\t\t\t<\/div>\n\t\t\t\t\t<\/div>\n\t\t\t\t<\/div>\n\t\t<div class=\"elementor-element elementor-element-iwgw-baiame-s0 e-flex e-con-boxed e-con e-parent\" data-id=\"iwgw-baiame-s0\" data-element_type=\"container\" data-e-type=\"container\">\n\t\t\t\t\t<div class=\"e-con-inner\">\n\t\t\t\t<div class=\"elementor-element elementor-element-iwgw-baiame-s0h elementor-widget elementor-widget-heading\" data-id=\"iwgw-baiame-s0h\" data-element_type=\"widget\" data-e-type=\"widget\" data-widget_type=\"heading.default\">\n\t\t\t\t\t<h2 class=\"elementor-heading-title elementor-size-default\">Classificaci\u00f3 i perfil breu<\/h2>\t\t\t\t<\/div>\n\t\t<div class=\"elementor-element elementor-element-iwgw-baiame-s0c e-con-full e-flex e-con e-child\" data-id=\"iwgw-baiame-s0c\" data-element_type=\"container\" data-e-type=\"container\">\n\t\t\t\t<div class=\"elementor-element elementor-element-iwgw-baiame-s0t elementor-widget elementor-widget-text-editor\" data-id=\"iwgw-baiame-s0t\" data-element_type=\"widget\" data-e-type=\"widget\" data-widget_type=\"text-editor.default\">\n\t\t\t\t\t\t\t\t\t<p>Baiame (tamb\u00e9 <em>Biame<\/em>, <em>Baayami<\/em>, <em>Byamee<\/em>) \u00e9s la figura religiosa de rang m\u00e9s alt en diversos grups ling\u00fc\u00edstics abor\u00edgens del sud-est d&#8217;Austr\u00e0lia, entre ells els wiradjuri, els kamilaroi, els euahlayi (yuwaalaraay) i els bandjalang. Pertany al tipus documentat per la fenomenologia de la religi\u00f3 com \u00abPare del Cel\u00bb o \u00abAll-Father\u00bb, una denominaci\u00f3 que Alfred Howitt va introduir sistem\u00e0ticament en el vocabulari antropol\u00f2gic el 1884.<\/p><p>Dins la <a href=\"https:\/\/iwell-guard.com\/ca\/australia-aborigen-dreamtime-tjukurpa-objectes-proteccio\/\">tradici\u00f3 aborigen<\/a>, Baiame marca un estrat particular: no \u00e9s un avantpassat esdevingut hum\u00e0 (com molts \u00e9ssers del Dreaming), sin\u00f3 una pot\u00e8ncia creadora pr\u00f2pia que, en el mite, dona origen al m\u00f3n i estableix la llei tribal.<\/p><p>Wilhelm Schmidt el va emprar en la seva obra en dotze volums <em>Der Ursprung der Gottesidee<\/em> (vol. 3, 1931) com a exemple paradigm\u00e0tic de \u00abmonoteisme original\u00bb, idea que la recerca posterior ha revisat cr\u00edticament.<\/p><p>Tony Swain, a <em>A Place for Strangers<\/em> (Cambridge, 1993), va advertir de no confondre Baiame amb un \u00abd\u00e9u cristi\u00e0 australi\u00e0\u00bb, sin\u00f3 de llegir-lo dins la tradici\u00f3 religiosa espec\u00edfica del sud-est d&#8217;Austr\u00e0lia. \u00c9s un \u00e9sser suprem, per\u00f2 no un d\u00e9u de <span class=\"iwg-fachbegriff\" data-tooltip=\"La creen\u00e7a en un \u00fanic d\u00e9u.\" tabindex=\"0\">monoteisme<\/span>.<\/p>\t\t\t\t\t\t\t\t<\/div>\n\t\t\t\t<\/div>\n\t\t\t\t\t<\/div>\n\t\t\t\t<\/div>\n\t\t<div class=\"elementor-element elementor-element-iwgw-baiame-s1 e-flex e-con-boxed e-con e-parent\" data-id=\"iwgw-baiame-s1\" data-element_type=\"container\" data-e-type=\"container\">\n\t\t\t\t\t<div class=\"e-con-inner\">\n\t\t\t\t<div class=\"elementor-element elementor-element-iwgw-baiame-s1h elementor-widget elementor-widget-heading\" data-id=\"iwgw-baiame-s1h\" data-element_type=\"widget\" data-e-type=\"widget\" data-widget_type=\"heading.default\">\n\t\t\t\t\t<h2 class=\"elementor-heading-title elementor-size-default\">Nom i etimologia<\/h2>\t\t\t\t<\/div>\n\t\t<div class=\"elementor-element elementor-element-iwgw-baiame-s1c e-con-full e-flex e-con e-child\" data-id=\"iwgw-baiame-s1c\" data-element_type=\"container\" data-e-type=\"container\">\n\t\t\t\t<div class=\"elementor-element elementor-element-iwgw-baiame-s1t elementor-widget elementor-widget-text-editor\" data-id=\"iwgw-baiame-s1t\" data-element_type=\"widget\" data-e-type=\"widget\" data-widget_type=\"text-editor.default\">\n\t\t\t\t\t\t\t\t\t<p>L&#8217;etimologia del nom <em>Baiame<\/em> \u00e9s controvertida. Una derivaci\u00f3 tradicional el relaciona amb el mot wiradjuri <em>biyay<\/em>, \u00abgran\u00bb, amb el sufix personal <em>-mi<\/em>. Una derivaci\u00f3 alternativa el relaciona amb el significat \u00abel creador\u00bb. Totes dues etimologies s\u00f3n defensables des del punt de vista de la hist\u00f2ria de la llengua.<\/p><p>K. Langloh Parker, que va viure a finals del segle XIX entre els euahlayi i va documentar-ne la religi\u00f3 a <em>Euahlayi Tribe<\/em> (1905), va emprar la grafia <em>Byamee<\/em>. Aquesta grafia s&#8217;ha mantingut en molts textos, per\u00f2 avui s&#8217;ha deixat en favor de la forma fon\u00e8ticament m\u00e9s precisa <em>Baiame<\/em>.<\/p><p>En els diferents grups ling\u00fc\u00edstics, el nom es localitza amb lleugeres variants: wiradjuri <em>Baiame<\/em>, kamilaroi <em>Baiamai<\/em>, euahlayi <em>Byamee<\/em>, bandjalang <em>Bundjalung-Baiame<\/em>. Aquesta diversitat ling\u00fc\u00edstica mostra que Baiame no \u00e9s una figura uniforme, sin\u00f3 una fam\u00edlia d&#8217;\u00e9ssers suprems emparentats.<\/p>\t\t\t\t\t\t\t\t<\/div>\n\t\t\t\t<\/div>\n\t\t\t\t\t<\/div>\n\t\t\t\t<\/div>\n\t\t<div class=\"elementor-element elementor-element-iwgw-baiame-s2 e-flex e-con-boxed e-con e-parent\" data-id=\"iwgw-baiame-s2\" data-element_type=\"container\" data-e-type=\"container\">\n\t\t\t\t\t<div class=\"e-con-inner\">\n\t\t\t\t<div class=\"elementor-element elementor-element-iwgw-baiame-s2h elementor-widget elementor-widget-heading\" data-id=\"iwgw-baiame-s2h\" data-element_type=\"widget\" data-e-type=\"widget\" data-widget_type=\"heading.default\">\n\t\t\t\t\t<h2 class=\"elementor-heading-title elementor-size-default\">Descripci\u00f3 i iconografia<\/h2>\t\t\t\t<\/div>\n\t\t<div class=\"elementor-element elementor-element-iwgw-baiame-s2c e-con-full e-flex e-con e-child\" data-id=\"iwgw-baiame-s2c\" data-element_type=\"container\" data-e-type=\"container\">\n\t\t\t\t<div class=\"elementor-element elementor-element-iwgw-baiame-s2t elementor-widget elementor-widget-text-editor\" data-id=\"iwgw-baiame-s2t\" data-element_type=\"widget\" data-e-type=\"widget\" data-widget_type=\"text-editor.default\">\n\t\t\t\t\t\t\t\t\t<p>Baiame es descriu com un home gran amb barba blanca i un mantell fet de plomes. En algunes tradicions t\u00e9 els bra\u00e7os estesos que abasten tot el territori; en altres cavalca en un campament celestial entre els estels i observa els homes.<\/p><p>Un jaciment d&#8217;art rupestre especialment conegut \u00e9s la Cova de Baiame, prop de Milbrodale (territori wiradjuri, Nova Gal\u00b7les del Sud), on es conserva una pintura rupestre de Baiame d&#8217;uns cinc metres d&#8217;amplada amb els bra\u00e7os estesos. Aquest lloc est\u00e0 protegit pels abor\u00edgens des de 1980 i \u00e9s gestionat pels propietaris tradicionals.<\/p><p>En l&#8217;art aborigen contemporani, Baiame apareix en moltes obres wiradjuri; l&#8217;artista John Patrick (wiradjuri) i altres han creat representacions modernes de Baiame en acr\u00edlic i sobre paper que recuperen la iconografia tradicional.<\/p>\t\t\t\t\t\t\t\t<\/div>\n\t\t\t\t<\/div>\n\t\t\t\t\t<\/div>\n\t\t\t\t<\/div>\n\t\t<div class=\"elementor-element elementor-element-iwgw-baiame-s3 e-flex e-con-boxed e-con e-parent\" data-id=\"iwgw-baiame-s3\" data-element_type=\"container\" data-e-type=\"container\">\n\t\t\t\t\t<div class=\"e-con-inner\">\n\t\t\t\t<div class=\"elementor-element elementor-element-iwgw-baiame-s3h elementor-widget elementor-widget-heading\" data-id=\"iwgw-baiame-s3h\" data-element_type=\"widget\" data-e-type=\"widget\" data-widget_type=\"heading.default\">\n\t\t\t\t\t<h2 class=\"elementor-heading-title elementor-size-default\">Relats mitol\u00f2gics<\/h2>\t\t\t\t<\/div>\n\t\t<div class=\"elementor-element elementor-element-iwgw-baiame-s3c e-con-full e-flex e-con e-child\" data-id=\"iwgw-baiame-s3c\" data-element_type=\"container\" data-e-type=\"container\">\n\t\t\t\t<div class=\"elementor-element elementor-element-iwgw-baiame-s3t elementor-widget elementor-widget-text-editor\" data-id=\"iwgw-baiame-s3t\" data-element_type=\"widget\" data-e-type=\"widget\" data-widget_type=\"text-editor.default\">\n\t\t\t\t\t\t\t\t\t<p>El relat central sobre Baiame descriu la creaci\u00f3 del m\u00f3n wiradjuri: en el temps del Dreaming, Baiame va baixar del cel, va donar forma al paisatge, als animals i als homes, va lliurar als homes la llei tribal i despr\u00e9s va tornar a pujar al cel, on des d&#8217;aleshores roman visible com a estel o grup d&#8217;estels.<\/p><p>Un segon relat descriu la instituci\u00f3 dels ritus d&#8217;iniciaci\u00f3 <em>bora<\/em>: Baiame va mostrar als primers homes el lloc bora, un gran anell de terra circular unit per un cam\u00ed a un cercle m\u00e9s petit. Aquest lloc bora continua sent avui l&#8217;escenari de la iniciaci\u00f3 masculina.<\/p><p>A. W. Howitt va presentar a <em>The Native Tribes of South-East Australia<\/em> (1904) una recopilaci\u00f3 extensa de relats sobre Baiame de diversos grups ling\u00fc\u00edstics. Aquesta recopilaci\u00f3 segueix essent una font prim\u00e0ria central, encara que avui es reflexiona cr\u00edticament sobre la seva perspectiva externa.<\/p>\t\t\t\t\t\t\t\t<\/div>\n\t\t\t\t<\/div>\n\t\t\t\t\t<\/div>\n\t\t\t\t<\/div>\n\t\t<div class=\"elementor-element elementor-element-iwgw-baiame-s4 e-flex e-con-boxed e-con e-parent\" data-id=\"iwgw-baiame-s4\" data-element_type=\"container\" data-e-type=\"container\">\n\t\t\t\t\t<div class=\"e-con-inner\">\n\t\t\t\t<div class=\"elementor-element elementor-element-iwgw-baiame-s4h elementor-widget elementor-widget-heading\" data-id=\"iwgw-baiame-s4h\" data-element_type=\"widget\" data-e-type=\"widget\" data-widget_type=\"heading.default\">\n\t\t\t\t\t<h2 class=\"elementor-heading-title elementor-size-default\">Culte i veneraci\u00f3<\/h2>\t\t\t\t<\/div>\n\t\t<div class=\"elementor-element elementor-element-iwgw-baiame-s4c e-con-full e-flex e-con e-child\" data-id=\"iwgw-baiame-s4c\" data-element_type=\"container\" data-e-type=\"container\">\n\t\t\t\t<div class=\"elementor-element elementor-element-iwgw-baiame-s4t elementor-widget elementor-widget-text-editor\" data-id=\"iwgw-baiame-s4t\" data-element_type=\"widget\" data-e-type=\"widget\" data-widget_type=\"text-editor.default\">\n\t\t\t\t\t\t\t\t\t<p>El <span class=\"iwg-fachbegriff\" data-tooltip=\"El conjunt d'actes rituals de veneraci\u00f3 dedicats a una divinitat o figura sagrada.\" tabindex=\"0\">culte<\/span> central a Baiame era la <span class=\"iwg-fachbegriff\" data-tooltip=\"Transici\u00f3 ritual per la qual alg\u00fa \u00e9s adm\u00e8s en un nou estatus o comunitat.\" tabindex=\"0\">iniciaci\u00f3<\/span> <em>bora<\/em>: un <span class=\"iwg-fachbegriff\" data-tooltip=\"Una seq\u00fc\u00e8ncia reglada d'actes simb\u00f2lics amb significat religi\u00f3s o cultural.\" tabindex=\"0\">ritual<\/span> de setmanes de durada en el qual els joves eren introdu\u00efts en els secrets religiosos de la tribu. El lloc bora consisteix en dos anells de terra units per un cam\u00ed; el m\u00e9s gran \u00e9s p\u00fablic, i al m\u00e9s petit nom\u00e9s hi accedeixen els iniciats i els ancians.<\/p><p>Durant la <span class=\"iwg-fachbegriff\" data-tooltip=\"Transici\u00f3 ritual per la qual alg\u00fa \u00e9s adm\u00e8s en un nou estatus o comunitat.\" tabindex=\"0\">iniciaci\u00f3<\/span>, els joves aprenen cants dedicats a Baiame, veuen bramadores de Baiame (taules de fusta decorades que, fetes girar a l&#8217;aire amb un cordill, produeixen un so retronant) i s\u00f3n introdu\u00efts en l&#8217;ordre cosmol\u00f2gic. Howitt va descriure aquest <span class=\"iwg-fachbegriff\" data-tooltip=\"Una seq\u00fc\u00e8ncia reglada d'actes simb\u00f2lics amb significat religi\u00f3s o cultural.\" tabindex=\"0\">ritual<\/span> amb detall.<\/p><p>Amb la colonitzaci\u00f3 europea del sud-est d&#8217;Austr\u00e0lia (segle XIX), la pr\u00e0ctica bora es va interrompre en gran part. Des dels anys 1980, algunes comunitats tribals viuen una recuperaci\u00f3 prudent; els llocs bora (com el de Brewarrina, a Nova Gal\u00b7les del Sud) reben avui una nova valoraci\u00f3 arqueol\u00f2gica i religiosa.<\/p>\t\t\t\t\t\t\t\t<\/div>\n\t\t\t\t<\/div>\n\t\t\t\t\t<\/div>\n\t\t\t\t<\/div>\n\t\t<div class=\"elementor-element elementor-element-iwgw-baiame-s5 e-flex e-con-boxed e-con e-parent\" data-id=\"iwgw-baiame-s5\" data-element_type=\"container\" data-e-type=\"container\">\n\t\t\t\t\t<div class=\"e-con-inner\">\n\t\t\t\t<div class=\"elementor-element elementor-element-iwgw-baiame-s5h elementor-widget elementor-widget-heading\" data-id=\"iwgw-baiame-s5h\" data-element_type=\"widget\" data-e-type=\"widget\" data-widget_type=\"heading.default\">\n\t\t\t\t\t<h2 class=\"elementor-heading-title elementor-size-default\">Pr\u00e0ctica de protecci\u00f3 i elements apotropaics<\/h2>\t\t\t\t<\/div>\n\t\t<div class=\"elementor-element elementor-element-iwgw-baiame-s5c e-con-full e-flex e-con e-child\" data-id=\"iwgw-baiame-s5c\" data-element_type=\"container\" data-e-type=\"container\">\n\t\t\t\t<div class=\"elementor-element elementor-element-iwgw-baiame-s5t elementor-widget elementor-widget-text-editor\" data-id=\"iwgw-baiame-s5t\" data-element_type=\"widget\" data-e-type=\"widget\" data-widget_type=\"text-editor.default\">\n\t\t\t\t\t\t\t\t\t<p>Descrit des de la ci\u00e8ncia de la religi\u00f3: les pr\u00e0ctiques apotropaiques dins del complex de Baiame no busquen tant evitar danys com respectar l&#8217;ordre tribal establert per Baiame. Estaven prohibits: el trencament de les regles matrimonials (tab\u00fas de parentiu), la tra\u00efci\u00f3 dels secrets masculins, la profanaci\u00f3 dels llocs bora i la mort d&#8217;animals tot\u00e8micament emparentats fora d&#8217;un context ritual.<\/p><p>Dins de la tradici\u00f3, trencar aquestes regles es considerava desencadenant de malaltia i infortuni social. Des de la perspectiva etnogr\u00e0fica externa, aquestes regles constitueixen l&#8217;estructura social b\u00e0sica de les societats abor\u00edgens del sud-est d&#8217;Austr\u00e0lia: regulen el parentiu, la terra, les relacions amb els animals i les obligacions religioses.<\/p><p>Es considerava que fer sonar el bullroarer (<em>turndun<\/em>) estava directament lligat a Baiame; el seu so era la veu de Baiame. Les dones i els homes no iniciats no podien sentir-lo; el tab\u00fa era estricte i s&#8217;observava amb gran cura.<\/p>\t\t\t\t\t\t\t\t<\/div>\n\t\t\t\t<\/div>\n\t\t\t\t\t<\/div>\n\t\t\t\t<\/div>\n\t\t<div class=\"elementor-element elementor-element-iwgw-baiame-s6 e-flex e-con-boxed e-con e-parent\" data-id=\"iwgw-baiame-s6\" data-element_type=\"container\" data-e-type=\"container\">\n\t\t\t\t\t<div class=\"e-con-inner\">\n\t\t\t\t<div class=\"elementor-element elementor-element-iwgw-baiame-s6h elementor-widget elementor-widget-heading\" data-id=\"iwgw-baiame-s6h\" data-element_type=\"widget\" data-e-type=\"widget\" data-widget_type=\"heading.default\">\n\t\t\t\t\t<h2 class=\"elementor-heading-title elementor-size-default\">Paral\u00b7lelismes en altres cultures<\/h2>\t\t\t\t<\/div>\n\t\t<div class=\"elementor-element elementor-element-iwgw-baiame-s6c e-con-full e-flex e-con e-child\" data-id=\"iwgw-baiame-s6c\" data-element_type=\"container\" data-e-type=\"container\">\n\t\t\t\t<div class=\"elementor-element elementor-element-iwgw-baiame-s6t elementor-widget elementor-widget-text-editor\" data-id=\"iwgw-baiame-s6t\" data-element_type=\"widget\" data-e-type=\"widget\" data-widget_type=\"text-editor.default\">\n\t\t\t\t\t\t\t\t\t<p>Estructuralment comparables a Baiame s\u00f3n: <a href=\"https:\/\/iwell-guard.com\/ca\/?page_id=171744\">Bunjil<\/a> entre les tribus kulin de Vict\u00f2ria, Daramulun en alguns grups de Nova Gal\u00b7les del Sud, Nurelli a la regi\u00f3 del Murray, i Mungan-Ngana entre els kurnai. Totes aquestes figures pertanyen al tipus de \u00abPare Universal\u00bb que Howitt va descriure sistem\u00e0ticament el 1884.<\/p><p>En contextos aliens a Austr\u00e0lia hi ha paral\u00b7lelismes tipol\u00f2gics: <a href=\"https:\/\/iwell-guard.com\/ca\/?page_id=171731\">Tengri<\/a> entre els turcs (un d\u00e9u celeste distant), el Dyaus Pitar v\u00e8dic, el Zeus Pater grec i el n\u00f2rdic Tyr. Wilhelm Schmidt va interpretar aquests paral\u00b7lelismes en la seva obra en dotze volums com a indicis d&#8217;un \u00abmonoteisme originari\u00bb, tesi que la recerca posterior ha revisat de manera cr\u00edtica.<\/p><p>Des de la fenomenologia de la religi\u00f3, Baiame pertany a la classe del <em>deus otiosus<\/em>: un \u00e9sser suprem que, despr\u00e9s de la creaci\u00f3, es retira de la veneraci\u00f3 directa. Aquesta posici\u00f3 la compartteix amb Tengri, el Tian xin\u00e8s i moltes altres divinitats supremes d&#8217;arreu del m\u00f3n.<\/p>\t\t\t\t\t\t\t\t<\/div>\n\t\t\t\t<\/div>\n\t\t\t\t\t<\/div>\n\t\t\t\t<\/div>\n\t\t<div class=\"elementor-element elementor-element-iwgw-baiame-s7 e-flex e-con-boxed e-con e-parent\" data-id=\"iwgw-baiame-s7\" data-element_type=\"container\" data-e-type=\"container\">\n\t\t\t\t\t<div class=\"e-con-inner\">\n\t\t\t\t<div class=\"elementor-element elementor-element-iwgw-baiame-s7h elementor-widget elementor-widget-heading\" data-id=\"iwgw-baiame-s7h\" data-element_type=\"widget\" data-e-type=\"widget\" data-widget_type=\"heading.default\">\n\t\t\t\t\t<h2 class=\"elementor-heading-title elementor-size-default\">Recepci\u00f3 i investigaci\u00f3 actuals<\/h2>\t\t\t\t<\/div>\n\t\t<div class=\"elementor-element elementor-element-iwgw-baiame-s7c e-con-full e-flex e-con e-child\" data-id=\"iwgw-baiame-s7c\" data-element_type=\"container\" data-e-type=\"container\">\n\t\t\t\t<div class=\"elementor-element elementor-element-iwgw-baiame-s7t elementor-widget elementor-widget-text-editor\" data-id=\"iwgw-baiame-s7t\" data-element_type=\"widget\" data-e-type=\"widget\" data-widget_type=\"text-editor.default\">\n\t\t\t\t\t\t\t\t\t<p>Les obres primerenques m\u00e9s importants s\u00f3n <em>The Native Tribes of South-East Australia<\/em> (1904) d&#8217;Alfred Howitt i <em>Euahlayi Tribe<\/em> (1905) de K. Langloh Parker. Ambdues obres presenten febleses metodol\u00f2giques des de la perspectiva actual, per\u00f2 s\u00f3n fonts prim\u00e0ries indispensables.<\/p><p><em>Der Ursprung der Gottesidee<\/em> (vol. 3, 1931) de Wilhelm Schmidt utilitza Baiame com a prova d&#8217;un \u00abmonoteisme originari\u00bb; aquesta tesi \u00e9s avui majorit\u00e0riament rebutjada, per\u00f2 \u00e9s important en la hist\u00f2ria de la religi\u00f3. Mircea Eliade va integrar Baiame en la seva fenomenologia de la religi\u00f3 a <em>Australian Religions<\/em> (1973).<\/p><p><em>A Place for Strangers<\/em> (1993) de Tony Swain ofereix la reflexi\u00f3 contempor\u00e0nia m\u00e9s important i adverteix contra les distorsions pan-abor\u00edgens i monoteistes. <em>An Introduction to Aboriginal Societies<\/em> (1998) de Bill Edwards \u00e9s una introducci\u00f3 exhaustiva.<\/p>\t\t\t\t\t\t\t\t<\/div>\n\t\t\t\t<\/div>\n\t\t\t\t\t<\/div>\n\t\t\t\t<\/div>\n\t\t<div class=\"elementor-element elementor-element-iwgw-baiame-s8 e-flex e-con-boxed e-con e-parent\" data-id=\"iwgw-baiame-s8\" data-element_type=\"container\" data-e-type=\"container\">\n\t\t\t\t\t<div class=\"e-con-inner\">\n\t\t\t\t<div class=\"elementor-element elementor-element-iwgw-baiame-s8h elementor-widget elementor-widget-heading\" data-id=\"iwgw-baiame-s8h\" data-element_type=\"widget\" data-e-type=\"widget\" data-widget_type=\"heading.default\">\n\t\t\t\t\t<h2 class=\"elementor-heading-title elementor-size-default\">Debats de recerca i q\u00fcestions obertes<\/h2>\t\t\t\t<\/div>\n\t\t<div class=\"elementor-element elementor-element-iwgw-baiame-s8c e-con-full e-flex e-con e-child\" data-id=\"iwgw-baiame-s8c\" data-element_type=\"container\" data-e-type=\"container\">\n\t\t\t\t<div class=\"elementor-element elementor-element-iwgw-baiame-s8t elementor-widget elementor-widget-text-editor\" data-id=\"iwgw-baiame-s8t\" data-element_type=\"widget\" data-e-type=\"widget\" data-widget_type=\"text-editor.default\">\n\t\t\t\t\t\t\t\t\t<p>Diverses debats de recerca envolten Baiame. Primer: \u00e9s una figura precolonial o una figura moldejada en part per la missi\u00f3 cristiana primerenca? Tony Swain ha defensat aqu\u00ed la tesi que Baiame \u00e9s, en part, una figura \u00abpost-contacte\u00bb, que va assolir la seva forma actual en confrontaci\u00f3 amb conceptes cristians. Aquesta tesi \u00e9s controvertida.<\/p><p>Segon: quina \u00e9s la seva relaci\u00f3 amb altres figures de \u00abPare Universal\u00bb com <a href=\"https:\/\/iwell-guard.com\/ca\/?page_id=171744\">Bunjil<\/a> o Daramulun? Howitt les considerava variants regionals d&#8217;una tradici\u00f3 comuna; la recerca m\u00e9s recent tendeix a llegir-les com a figures independents.<\/p><p>Tercer: quin paper t\u00e9 Baiame en la pol\u00edtica d&#8217;identitat aborigen contempor\u00e0nia? A Nova Gal\u00b7les del Sud i Queensland \u00e9s un marcador d&#8217;identificaci\u00f3; a Vict\u00f2ria aquesta funci\u00f3 se superposa amb la de Bunjil. Entre els wiradjuri actuals, la tradici\u00f3 de Baiame forma part d&#8217;un ampli renaixement cultural.<\/p>\t\t\t\t\t\t\t\t<\/div>\n\t\t\t\t<\/div>\n\t\t\t\t\t<\/div>\n\t\t\t\t<\/div>\n\t\t<div class=\"elementor-element elementor-element-iwgw-baiame-s9 e-flex e-con-boxed e-con e-parent\" data-id=\"iwgw-baiame-s9\" data-element_type=\"container\" data-e-type=\"container\">\n\t\t\t\t\t<div class=\"e-con-inner\">\n\t\t\t\t<div class=\"elementor-element elementor-element-iwgw-baiame-s9h elementor-widget elementor-widget-heading\" data-id=\"iwgw-baiame-s9h\" data-element_type=\"widget\" data-e-type=\"widget\" data-widget_type=\"heading.default\">\n\t\t\t\t\t<h2 class=\"elementor-heading-title elementor-size-default\">Baiame i la iniciaci\u00f3 bora<\/h2>\t\t\t\t<\/div>\n\t\t<div class=\"elementor-element elementor-element-iwgw-baiame-s9c e-con-full e-flex e-con e-child\" data-id=\"iwgw-baiame-s9c\" data-element_type=\"container\" data-e-type=\"container\">\n\t\t\t\t<div class=\"elementor-element elementor-element-iwgw-baiame-s9t elementor-widget elementor-widget-text-editor\" data-id=\"iwgw-baiame-s9t\" data-element_type=\"widget\" data-e-type=\"widget\" data-widget_type=\"text-editor.default\">\n\t\t\t\t\t\t\t\t\t<p>Mereix una atenci\u00f3 m\u00e9s detallada la <span class=\"iwg-fachbegriff\" data-tooltip=\"Transici\u00f3 ritual per la qual alg\u00fa \u00e9s adm\u00e8s en un nou estatus o comunitat.\" tabindex=\"0\">iniciaci\u00f3<\/span> bora, el centre ritual del culte a Baiame. Els llocs bora consisteixen en dos anells de terra units per un cam\u00ed, amb di\u00e0metres que van d&#8217;aproximadament 5 a 30 metres. Alguns es conserven encara arqueol\u00f2gicament; l&#8217;exemple m\u00e9s conegut \u00e9s el lloc bora de Brewarrina (Nova Gal\u00b7les del Sud), que forma part del National Heritage.<\/p><p>Durant la <span class=\"iwg-fachbegriff\" data-tooltip=\"Transici\u00f3 ritual per la qual alg\u00fa \u00e9s adm\u00e8s en un nou estatus o comunitat.\" tabindex=\"0\">iniciaci\u00f3<\/span>, que durava diverses setmanes, els joves aprenien cants de Baiame, veien bullroarers de Baiame, passaven proves de dolor (extracci\u00f3 de dents, cicatrius rituals) i eren introdu\u00efts en l&#8217;ordre cosmol\u00f2gic. Alfred Howitt va documentar detalladament aquest proc\u00e9s d&#8217;iniciaci\u00f3.<\/p><p>Des de l&#8217;antropologia de la religi\u00f3, la <span class=\"iwg-fachbegriff\" data-tooltip=\"Transici\u00f3 ritual per la qual alg\u00fa \u00e9s adm\u00e8s en un nou estatus o comunitat.\" tabindex=\"0\">iniciaci\u00f3<\/span> bora \u00e9s un exemple cl\u00e0ssic del \u00abrite de passage\u00bb en el sentit de van Gennep: separaci\u00f3, llindar, incorporaci\u00f3. La fase del llindar, en la qual els iniciats moren simb\u00f2licament i renaixen com a \u00abpersones noves\u00bb, hi \u00e9s especialment marcada.<\/p>\t\t\t\t\t\t\t\t<\/div>\n\t\t\t\t<\/div>\n\t\t\t\t\t<\/div>\n\t\t\t\t<\/div>\n\t\t<div class=\"elementor-element elementor-element-iwgw-baiame-s10 e-flex e-con-boxed e-con e-parent\" data-id=\"iwgw-baiame-s10\" data-element_type=\"container\" data-e-type=\"container\">\n\t\t\t\t\t<div class=\"e-con-inner\">\n\t\t\t\t<div class=\"elementor-element elementor-element-iwgw-baiame-s10h elementor-widget elementor-widget-heading\" data-id=\"iwgw-baiame-s10h\" data-element_type=\"widget\" data-e-type=\"widget\" data-widget_type=\"heading.default\">\n\t\t\t\t\t<h2 class=\"elementor-heading-title elementor-size-default\">Baiame i la tesi del monoteisme originari de Wilhelm Schmidt<\/h2>\t\t\t\t<\/div>\n\t\t<div class=\"elementor-element elementor-element-iwgw-baiame-s10c e-con-full e-flex e-con e-child\" data-id=\"iwgw-baiame-s10c\" data-element_type=\"container\" data-e-type=\"container\">\n\t\t\t\t<div class=\"elementor-element elementor-element-iwgw-baiame-s10t elementor-widget elementor-widget-text-editor\" data-id=\"iwgw-baiame-s10t\" data-element_type=\"widget\" data-e-type=\"widget\" data-widget_type=\"text-editor.default\">\n\t\t\t\t\t\t\t\t\t<p>Mereix una atenci\u00f3 hist\u00f2rica especial el paper de Baiame en la tesi del <em>monoteisme originari<\/em> de Wilhelm Schmidt. Schmidt va argumentar en la seva obra en dotze volums <em>Der Ursprung der Gottesidee<\/em> (1912, 1955) que totes les religions provenen d&#8217;un <span class=\"iwg-fachbegriff\" data-tooltip=\"La creen\u00e7a en un \u00fanic d\u00e9u.\" tabindex=\"0\">monoteisme<\/span> originari. Baiame, l&#8217;Apistotoki nord-americ\u00e0 dels peus negres i alguns altres \u00abPares Celestes\u00bb eren els seus exemples m\u00e9s importants.<\/p><p>Avui la tesi \u00e9s majorit\u00e0riament rebutjada; la seva debilitat rau en una predisposici\u00f3 evolucionista i, en part, apolog\u00e8tica. Tot i aix\u00f2, va tenir conseq\u00fc\u00e8ncies importants en la hist\u00f2ria de la religi\u00f3 i va marcar el debat sobre les divinitats supremes durant diverses d\u00e8cades. Raffaele Pettazzoni la va revisar cr\u00edticament a <em>L&#8217;essere supremo nelle religioni primitive<\/em> (1957).<\/p><p>Per a la recerca contempor\u00e0nia sobre Baiame, la tesi de Schmidt \u00e9s un passat que serveix d&#8217;advert\u00e8ncia: mostra com una figura ind\u00edgena pot quedar coberta per una teoria externa i interpretada en un context de significat ali\u00e8.<\/p>\t\t\t\t\t\t\t\t<\/div>\n\t\t\t\t<\/div>\n\t\t\t\t\t<\/div>\n\t\t\t\t<\/div>\n\t\t<div class=\"elementor-element elementor-element-iwgw-baiame-s11 e-flex e-con-boxed e-con e-parent\" data-id=\"iwgw-baiame-s11\" data-element_type=\"container\" data-e-type=\"container\">\n\t\t\t\t\t<div class=\"e-con-inner\">\n\t\t\t\t<div class=\"elementor-element elementor-element-iwgw-baiame-s11h elementor-widget elementor-widget-heading\" data-id=\"iwgw-baiame-s11h\" data-element_type=\"widget\" data-e-type=\"widget\" data-widget_type=\"heading.default\">\n\t\t\t\t\t<h2 class=\"elementor-heading-title elementor-size-default\">Reflexi\u00f3 metodol\u00f2gica i fonts<\/h2>\t\t\t\t<\/div>\n\t\t<div class=\"elementor-element elementor-element-iwgw-baiame-s11c e-con-full e-flex e-con e-child\" data-id=\"iwgw-baiame-s11c\" data-element_type=\"container\" data-e-type=\"container\">\n\t\t\t\t<div class=\"elementor-element elementor-element-iwgw-baiame-s11t elementor-widget elementor-widget-text-editor\" data-id=\"iwgw-baiame-s11t\" data-element_type=\"widget\" data-e-type=\"widget\" data-widget_type=\"text-editor.default\">\n\t\t\t\t\t\t\t\t\t<p>La recerca sobre Baiame planteja diversos problemes metodol\u00f2gics. En primer lloc, les fonts prim\u00e0ries m\u00e9s importants provenen de finals del segle XIX i principis del XX, i estan marcades per perspectives externes colonials i, en part, missioneres. Tony Swain ha analitzat cr\u00edticament aquestes distorsions.<\/p><p>En segon lloc, gran part del coneixement sobre Baiame era \u00abrestricted\u00bb, un secret mascul\u00ed no accessible p\u00fablicament. All\u00f2 que avui sabem sobre Baiame \u00e9s, per tant, necess\u00e0riament nom\u00e9s una fracci\u00f3 de la profunditat tradicional.<\/p><p>En tercer lloc, l&#8217;autorepresentaci\u00f3 contempor\u00e0nia dels wiradjuri, kamilaroi i euahlayi constitueix un nivell de font propi. Investigadors, activistes i artistes ind\u00edgenes ofereixen avui perspectives pr\u00f2pies que haurien d&#8217;entrar en di\u00e0leg amb la perspectiva acad\u00e8mica externa.<\/p><p>Qui vulgui estudiar el complex de Baiame en tota la seva amplitud trobar\u00e0, a la p\u00e0gina de visi\u00f3 general <a href=\"https:\/\/iwell-guard.com\/ca\/australia-aborigen-dreamtime-tjukurpa-objectes-proteccio\/\">Tradici\u00f3 aborigen<\/a>, les remissions m\u00e9s importants a figures relacionades com <a href=\"https:\/\/iwell-guard.com\/ca\/?page_id=171744\">Bunjil<\/a>, <a href=\"https:\/\/iwell-guard.com\/ca\/?page_id=171745\">Yhi<\/a> i <a href=\"https:\/\/iwell-guard.com\/ca\/?page_id=171741\">la Serp Arc de Sant Mart\u00ed (Rainbow Serpent)<\/a>.<\/p>\t\t\t\t\t\t\t\t<\/div>\n\t\t\t\t<\/div>\n\t\t\t\t\t<\/div>\n\t\t\t\t<\/div>\n\t\t<div class=\"elementor-element elementor-element-iwgw-baiame-s12 e-flex e-con-boxed e-con e-parent\" data-id=\"iwgw-baiame-s12\" data-element_type=\"container\" data-e-type=\"container\">\n\t\t\t\t\t<div class=\"e-con-inner\">\n\t\t\t\t<div class=\"elementor-element elementor-element-iwgw-baiame-s12h elementor-widget elementor-widget-heading\" data-id=\"iwgw-baiame-s12h\" data-element_type=\"widget\" data-e-type=\"widget\" data-widget_type=\"heading.default\">\n\t\t\t\t\t<h2 class=\"elementor-heading-title elementor-size-default\">Baiame i el concepte de religi\u00f3 del Pare Celestial<\/h2>\t\t\t\t<\/div>\n\t\t<div class=\"elementor-element elementor-element-iwgw-baiame-s12c e-con-full e-flex e-con e-child\" data-id=\"iwgw-baiame-s12c\" data-element_type=\"container\" data-e-type=\"container\">\n\t\t\t\t<div class=\"elementor-element elementor-element-iwgw-baiame-s12t elementor-widget elementor-widget-text-editor\" data-id=\"iwgw-baiame-s12t\" data-element_type=\"widget\" data-e-type=\"widget\" data-widget_type=\"text-editor.default\">\n\t\t\t\t\t\t\t\t\t<p>El concepte de \u00abreligi\u00f3 del Pare Celestial\u00bb (Sky-Father-Religion) va ser descrit sistem\u00e0ticament per Alfred Howitt el 1884 i aplicat a una s\u00e8rie de divinitats supremes del sud-est d&#8217;Austr\u00e0lia (Baiame, <a href=\"https:\/\/iwell-guard.com\/ca\/?page_id=171744\">Bunjil<\/a>, Daramulun, Mungan-Ngana). Fenomenol\u00f2gicament, marca una forma religiosa pr\u00f2pia: un \u00abPare Universal\u00bb (All-Father) que va crear el m\u00f3n, va donar les lleis i despr\u00e9s es va retirar al cel.<\/p><p>Wilhelm Schmidt va utilitzar aquest concepte en la seva obra en dotze volums <em>Der Ursprung der Gottesidee<\/em> (1912, 1955) com a prova d&#8217;un \u00abmonoteisme originari\u00bb. Aquesta tesi avui es rebutja \u00e0mpliament; les religions del Pare Celestial s\u00f3n construccions ind\u00edgenes pr\u00f2pies, no restes d&#8217;una fe universal origin\u00e0ria.<\/p><p>Tony Swain va descriure a <em>A Place for Strangers<\/em> (1993) la creaci\u00f3 espec\u00edficament del sud-est australi\u00e0 d&#8217;aquesta noci\u00f3 de Pare Celestial. No s&#8217;ha de veure en una jerarquia religiosa evolutiva, sin\u00f3 com una elaboraci\u00f3 culturalment espec\u00edfica d&#8217;un problema religi\u00f3s fonamental.<\/p>\t\t\t\t\t\t\t\t<\/div>\n\t\t\t\t<\/div>\n\t\t\t\t\t<\/div>\n\t\t\t\t<\/div>\n\t\t<div class=\"elementor-element elementor-element-iwgw-baiame-s13 e-flex e-con-boxed e-con e-parent\" data-id=\"iwgw-baiame-s13\" data-element_type=\"container\" data-e-type=\"container\">\n\t\t\t\t\t<div class=\"e-con-inner\">\n\t\t\t\t<div class=\"elementor-element elementor-element-iwgw-baiame-s13h elementor-widget elementor-widget-heading\" data-id=\"iwgw-baiame-s13h\" data-element_type=\"widget\" data-e-type=\"widget\" data-widget_type=\"heading.default\">\n\t\t\t\t\t<h2 class=\"elementor-heading-title elementor-size-default\">Baiame en el renaixement wiradjuri contemporani<\/h2>\t\t\t\t<\/div>\n\t\t<div class=\"elementor-element elementor-element-iwgw-baiame-s13c e-con-full e-flex e-con e-child\" data-id=\"iwgw-baiame-s13c\" data-element_type=\"container\" data-e-type=\"container\">\n\t\t\t\t<div class=\"elementor-element elementor-element-iwgw-baiame-s13t elementor-widget elementor-widget-text-editor\" data-id=\"iwgw-baiame-s13t\" data-element_type=\"widget\" data-e-type=\"widget\" data-widget_type=\"text-editor.default\">\n\t\t\t\t\t\t\t\t\t<p>La comunitat ling\u00fc\u00edstica wiradjuri viu, des de la d\u00e8cada de 1980, un renaixement cultural. L&#8217;ensenyament de la llengua a les escoles, la cultura festiva i la mobilitzaci\u00f3 pol\u00edtica han fet de Baiame la figura d&#8217;identificaci\u00f3 central.<\/p><p>El Wiradjuri Language Recovery Programme (des de 1991) i els estudis wiradjuri en diverses universitats australianes han portat Baiame a un context pedag\u00f2gic modern. En les cerim\u00f2nies oficials de \u00abWelcome to Country\u00bb s&#8217;invoca Baiame regularment.<\/p><p>Des de la sociologia de la religi\u00f3, aquest renaixement \u00e9s un exemple de la pol\u00edtica d&#8217;identitat aborigen contempor\u00e0nia. Les tradicions religioses esdevenen la base de la representaci\u00f3 cultural moderna i de l&#8217;argumentaci\u00f3 pol\u00edtica. Stan Grant i altres veus wiradjuri han portat Baiame a aquest context.<\/p>\t\t\t\t\t\t\t\t<\/div>\n\t\t\t\t<\/div>\n\t\t\t\t\t<\/div>\n\t\t\t\t<\/div>\n\t\t<div class=\"elementor-element elementor-element-iwgw-baiame-s14 e-flex e-con-boxed e-con e-parent\" data-id=\"iwgw-baiame-s14\" data-element_type=\"container\" data-e-type=\"container\">\n\t\t\t\t\t<div class=\"e-con-inner\">\n\t\t\t\t<div class=\"elementor-element elementor-element-iwgw-baiame-s14h elementor-widget elementor-widget-heading\" data-id=\"iwgw-baiame-s14h\" data-element_type=\"widget\" data-e-type=\"widget\" data-widget_type=\"heading.default\">\n\t\t\t\t\t<h2 class=\"elementor-heading-title elementor-size-default\">Baiame i l'astronomia cosmol\u00f2gica<\/h2>\t\t\t\t<\/div>\n\t\t<div class=\"elementor-element elementor-element-iwgw-baiame-s14c e-con-full e-flex e-con e-child\" data-id=\"iwgw-baiame-s14c\" data-element_type=\"container\" data-e-type=\"container\">\n\t\t\t\t<div class=\"elementor-element elementor-element-iwgw-baiame-s14t elementor-widget elementor-widget-text-editor\" data-id=\"iwgw-baiame-s14t\" data-element_type=\"widget\" data-e-type=\"widget\" data-widget_type=\"text-editor.default\">\n\t\t\t\t\t\t\t\t\t<p>Mereix un estudi m\u00e9s profund l&#8217;arrelament cosmol\u00f2gic de Baiame en l&#8217;astronomia aborigen. En les tradicions wiradjuri i kamilaroi, Baiame s&#8217;identifica amb determinades constel\u00b7lacions; la constel\u00b7laci\u00f3 exacta varia regionalment, per\u00f2 sovint se situa a la Via L\u00e0ctia.<\/p><p>L&#8217;astronomia aborigen \u00e9s, des de finals del segle XX, un camp de recerca propi en el qual es combinen el coneixement ind\u00edgena i l&#8217;acad\u00e8mic. Investigadors com Ray Norris (CSIRO), Duane Hamacher i John Goldsmith han demostrat que la tradici\u00f3 aborigen conserva una pr\u00e0ctica d&#8217;observaci\u00f3 i mem\u00f2ria extraordin\u00e0riament detallada.<\/p><p>En aquesta astronomia, Baiame no \u00e9s nom\u00e9s un \u00e9sser religi\u00f3s, sin\u00f3 una orientaci\u00f3 cosmol\u00f2gica. \u00abMira\u00bb des del seu lloc celestial els humans i \u00abes mou\u00bb amb el cicle de l&#8217;any. Aquest arrelament astron\u00f2mic dona a la tradici\u00f3 de Baiame una dimensi\u00f3 que sovint s&#8217;ha passat per alt en la literatura etnogr\u00e0fica m\u00e9s antiga.<\/p>\t\t\t\t\t\t\t\t<\/div>\n\t\t\t\t<\/div>\n\t\t\t\t\t<\/div>\n\t\t\t\t<\/div>\n\t\t<div class=\"elementor-element elementor-element-iwgw-baiame-s15 e-flex e-con-boxed e-con e-parent\" data-id=\"iwgw-baiame-s15\" data-element_type=\"container\" data-e-type=\"container\">\n\t\t\t\t\t<div class=\"e-con-inner\">\n\t\t\t\t<div class=\"elementor-element elementor-element-iwgw-baiame-s15h elementor-widget elementor-widget-heading\" data-id=\"iwgw-baiame-s15h\" data-element_type=\"widget\" data-e-type=\"widget\" data-widget_type=\"heading.default\">\n\t\t\t\t\t<h2 class=\"elementor-heading-title elementor-size-default\">Baiame i la recerca comparativa sobre d\u00e9us suprems<\/h2>\t\t\t\t<\/div>\n\t\t<div class=\"elementor-element elementor-element-iwgw-baiame-s15c e-con-full e-flex e-con e-child\" data-id=\"iwgw-baiame-s15c\" data-element_type=\"container\" data-e-type=\"container\">\n\t\t\t\t<div class=\"elementor-element elementor-element-iwgw-baiame-s15t elementor-widget elementor-widget-text-editor\" data-id=\"iwgw-baiame-s15t\" data-element_type=\"widget\" data-e-type=\"widget\" data-widget_type=\"text-editor.default\">\n\t\t\t\t\t\t\t\t\t<p>Mereix una aprofundida comparaci\u00f3 la posici\u00f3 de Baiame en la recerca internacional sobre d\u00e9us suprems. Fenomenol\u00f2gicament pertany a la classe del <em>deus otiosus<\/em>, el \u00abd\u00e9u inactiu\u00bb, que despr\u00e9s de la creaci\u00f3 es retira de la veneraci\u00f3 directa. Mircea Eliade va descriure sistem\u00e0ticament aquesta classe a <em>Patterns in Comparative Religion<\/em> (1949).<\/p><p>Estructuralment comparables a Baiame, a m\u00e9s dels All-Fathers australians, hi ha: <a href=\"https:\/\/iwell-guard.com\/ca\/?page_id=171731\">Tengri<\/a> en el tengrisme siberi\u00e0, Olorun entre els ioruba, Nyame entre els ashanti, el v\u00e8dic Dyaus Pitar i el xin\u00e8s Tian. Totes aquestes divinitats supremes tenen una estructura similar: creen i despr\u00e9s es retiren.<\/p><p>Tony Swain va descriure a <em>A Place for Strangers<\/em> (1993) l&#8217;expressi\u00f3 espec\u00edficament australiana d&#8217;aquest tipus. Baiame no \u00e9s simplement un \u00abPare Celestial com qualsevol altre\u00bb; \u00e9s una construcci\u00f3 espec\u00edficament del sud-est d&#8217;Austr\u00e0lia amb capes de significat locals pr\u00f2pies.<\/p>\t\t\t\t\t\t\t\t<\/div>\n\t\t\t\t<\/div>\n\t\t\t\t\t<\/div>\n\t\t\t\t<\/div>\n\t\t<div class=\"elementor-element elementor-element-cp24ad2f92 e-flex e-con-boxed e-con e-parent\" data-id=\"cp24ad2f92\" data-element_type=\"container\" data-e-type=\"container\">\n\t\t\t\t\t<div class=\"e-con-inner\">\n\t\t\t\t<div class=\"elementor-element elementor-element-cp2f0c8651 elementor-widget elementor-widget-heading\" data-id=\"cp2f0c8651\" data-element_type=\"widget\" data-e-type=\"widget\" data-widget_type=\"heading.default\">\n\t\t\t\t\t<h2 class=\"elementor-heading-title elementor-size-default\">Distribuci\u00f3 regional al sud-est d'Austr\u00e0lia<\/h2>\t\t\t\t<\/div>\n\t\t<div class=\"elementor-element elementor-element-cp2676faf1 e-flex e-con-boxed e-con e-child\" data-id=\"cp2676faf1\" data-element_type=\"container\" data-e-type=\"container\">\n\t\t\t\t\t<div class=\"e-con-inner\">\n\t\t\t\t<div class=\"elementor-element elementor-element-cp23d14973 elementor-widget elementor-widget-text-editor\" data-id=\"cp23d14973\" data-element_type=\"widget\" data-e-type=\"widget\" data-widget_type=\"text-editor.default\">\n\t\t\t\t\t\t\t\t\t<p>Baiame pertany als grups ling\u00fc\u00edstics del sud-est d&#8217;Austr\u00e0lia, sobretot als kamilaroi, wiradjuri, euahlayi i wonnarua, aix\u00ed com a altres grups ve\u00efns de l&#8217;actual Nova Gal\u00b7les del Sud.<\/p><p>El nom apareix a les fonts en nombroses grafies, entre elles Baiame, Biame, Byamee i Baayami, que reflecteixen les dificultats dels primers registradors amb les lleng\u00fces australianes. Traslladar la tradici\u00f3 de Baiame a cultures abor\u00edgens del nord o l&#8217;oest d&#8217;Austr\u00e0lia \u00e9s factualment erroni; Baiame \u00e9s una figura del sud-est.<\/p><p>Les fonts prim\u00e0ries m\u00e9s importants s\u00f3n els registres de l&#8217;etn\u00f2graf Alfred William Howitt, que a finals del segle XIX va descriure en la seva obra sobre les tribus natives del sud-est d&#8217;Austr\u00e0lia els ritus d&#8217;iniciaci\u00f3 i les creences, aix\u00ed com els llibres de Katie Langloh Parker, que va viure a la regi\u00f3 euahlayi.<\/p><p>Tots dos, per\u00f2, van treballar en una \u00e8poca en la qual les societats de la regi\u00f3 ja estaven profundament sacsejades per l&#8217;ocupaci\u00f3 de terres, les malalties i la missi\u00f3.<\/p><p>Un problema particular de la <span class=\"iwg-fachbegriff\" data-tooltip=\"La transmissi\u00f3 de coneixements i relats al llarg de generacions.\" tabindex=\"0\">transmissi\u00f3<\/span> de Baiame \u00e9s fins a quin punt la imatge d&#8217;un \u00e9sser creador celestial suprem que apareix a les fonts va ser modelada per la influ\u00e8ncia cristiana.<\/p><p>Ja Andrew Lang va utilitzar Baiame en el debat hist\u00f2ric sobre el que s&#8217;anomena d\u00e9u suprem, i investigadors posteriors com Tony Swain han argumentat que el fort \u00e8mfasi en un \u00fanic creador celestial podria ser, en part, una reacci\u00f3 al contacte colonial.<\/p><p>Dif\u00edcilment es pot distingir amb certesa entre el nucli precolonial i la reformulaci\u00f3 postcolonial. Tota afirmaci\u00f3 sobre Baiame ha de portar amb ella aquesta cr\u00edtica de les fonts.<\/p>\t\t\t\t\t\t\t\t<\/div>\n\t\t\t\t\t<\/div>\n\t\t\t\t<\/div>\n\t\t\t\t\t<\/div>\n\t\t\t\t<\/div>\n\t\t<div class=\"elementor-element elementor-element-cp2c6d710e e-flex e-con-boxed e-con e-parent\" data-id=\"cp2c6d710e\" data-element_type=\"container\" data-e-type=\"container\">\n\t\t\t\t\t<div class=\"e-con-inner\">\n\t\t\t\t<div class=\"elementor-element elementor-element-cp2d893f3d elementor-widget elementor-widget-heading\" data-id=\"cp2d893f3d\" data-element_type=\"widget\" data-e-type=\"widget\" data-widget_type=\"heading.default\">\n\t\t\t\t\t<h2 class=\"elementor-heading-title elementor-size-default\">Baiame en els ritus d'iniciaci\u00f3 de la Bora<\/h2>\t\t\t\t<\/div>\n\t\t<div class=\"elementor-element elementor-element-cp256832b6 e-flex e-con-boxed e-con e-child\" data-id=\"cp256832b6\" data-element_type=\"container\" data-e-type=\"container\">\n\t\t\t\t\t<div class=\"e-con-inner\">\n\t\t\t\t<div class=\"elementor-element elementor-element-cp2b926104 elementor-widget elementor-widget-text-editor\" data-id=\"cp2b926104\" data-element_type=\"widget\" data-e-type=\"widget\" data-widget_type=\"text-editor.default\">\n\t\t\t\t\t\t\t\t\t<p>Estretament lligades a Baiame hi ha les cerim\u00f2nies d&#8217;iniciaci\u00f3 masculina, conegudes en aquesta regi\u00f3 amb el nom de <em>Bora<\/em>. En aquests ritus, que duraven diversos dies i de vegades diverses setmanes, els joves eren introdu\u00efts a la vida adulta i al coneixement religi\u00f3s.<\/p><p>Howitt va descriure, en relaci\u00f3 amb diversos grups, que Baiame era considerat aquell qui havia institu\u00eft els ritus i les seves lleis, les quals es transmetien a trav\u00e9s d&#8217;ells.<\/p><p>Els escenaris de les cerim\u00f2nies eren els llocs de Bora, sovint dos terraplens circulars units per un cam\u00ed, amb ocasionals arbres esculpits, els anomenats dendroglifs, i figures de terra al voltant. Alguns d&#8217;aquests dibuixos al terra mostraven, segons els registres, figures relacionades amb Baiame.<\/p><p>La funci\u00f3 exacta de cada element nom\u00e9s s&#8217;ha documentat parcialment, ja que els ritus contenien coneixements secrets, inaccessibles per als forasters i especialment per a les persones no iniciades. Per aquest motiu, els primers registradors sovint nom\u00e9s van obtenir informaci\u00f3 parcial.<\/p><p>Des d&#8217;un punt de vista cient\u00edfic, la vinculaci\u00f3 de Baiame amb la Bora \u00e9s rellevant perqu\u00e8 mostra que aquesta figura no es feia present principalment a trav\u00e9s de mites narrats, sin\u00f3 mitjan\u00e7ant la pr\u00e0ctica ritual i la transmissi\u00f3 de lleis i normes de conducta.<\/p><p>Baiame apareix com a garant d&#8217;un ordre social i moral que passa a la seg\u00fcent generaci\u00f3 a trav\u00e9s de la <span class=\"iwg-fachbegriff\" data-tooltip=\"Transici\u00f3 ritual mitjan\u00e7ant la qual alg\u00fa \u00e9s adm\u00e8s en un nou estatus o en una comunitat.\" tabindex=\"0\">iniciaci\u00f3<\/span>. Molts llocs de Bora s\u00f3n avui dia detectables arqueol\u00f2gicament, per\u00f2 han estat greument danyats per l&#8217;agricultura; la seva protecci\u00f3 es duu a terme actualment en col\u00b7laboraci\u00f3 amb els propietaris tradicionals, que continuen considerant aquests llocs com a significatius.<\/p>\t\t\t\t\t\t\t\t<\/div>\n\t\t\t\t\t<\/div>\n\t\t\t\t<\/div>\n\t\t\t\t\t<\/div>\n\t\t\t\t<\/div>\n\t\t<div class=\"elementor-element elementor-element-iwgw-baiame-lit e-flex e-con-boxed e-con e-parent\" data-id=\"iwgw-baiame-lit\" data-element_type=\"container\" data-e-type=\"container\">\n\t\t\t\t\t<div class=\"e-con-inner\">\n\t\t\t\t<div class=\"elementor-element elementor-element-iwgw-baiame-lith elementor-widget elementor-widget-heading\" data-id=\"iwgw-baiame-lith\" data-element_type=\"widget\" data-e-type=\"widget\" data-widget_type=\"heading.default\">\n\t\t\t\t\t<h2 class=\"elementor-heading-title elementor-size-default\">Bibliografia (selecci\u00f3)<\/h2>\t\t\t\t<\/div>\n\t\t<div class=\"elementor-element elementor-element-iwgw-baiame-litc e-con-full e-flex e-con e-child\" data-id=\"iwgw-baiame-litc\" data-element_type=\"container\" data-e-type=\"container\">\n\t\t\t\t<div class=\"elementor-element elementor-element-iwgw-baiame-litt elementor-widget elementor-widget-text-editor\" data-id=\"iwgw-baiame-litt\" data-element_type=\"widget\" data-e-type=\"widget\" data-widget_type=\"text-editor.default\">\n\t\t\t\t\t\t\t\t\t<ul><li>A. W. Howitt: <em>The Native Tribes of South-East Australia<\/em> (1904)<\/li><li>K. Langloh Parker: <em>Euahlayi Tribe<\/em> (1905)<\/li><li>Tony Swain: <em>A Place for Strangers<\/em> (Cambridge 1993)<\/li><li>Mircea Eliade: <em>Australian Religions<\/em> (1973)<\/li><li>W. E. H. Stanner: <em>On Aboriginal Religion<\/em> (1966)<\/li><li>Wilhelm Schmidt: <em>Der Ursprung der Gottesidee<\/em>, vol. 3 (1931)<\/li><li>Bill Edwards: <em>An Introduction to Aboriginal Societies<\/em> (1998)<\/li><\/ul>\t\t\t\t\t\t\t\t<\/div>\n\t\t\t\t<\/div>\n\t\t\t\t\t<\/div>\n\t\t\t\t<\/div>\n\t\t<div class=\"elementor-element elementor-element-iwgkw2-add-baiame e-flex e-con-boxed e-con e-parent\" data-id=\"iwgkw2-add-baiame\" data-element_type=\"container\" data-e-type=\"container\">\n\t\t\t\t\t<div class=\"e-con-inner\">\n\t\t\t\t<div class=\"elementor-element elementor-element-iwgkw2-add-baiame-t elementor-widget elementor-widget-text-editor\" data-id=\"iwgkw2-add-baiame-t\" data-element_type=\"widget\" data-e-type=\"widget\" data-widget_type=\"text-editor.default\">\n\t\t\t\t\t\t\t\t\t<p>Baiame \u00e9s considerat pels Wiradjuri i els Kamilaroi com l&#8217;\u00e9sser suprem del cel; el <span class=\"iwg-fachbegriff\" data-tooltip=\"Un relat transm\u00e8s sobre d\u00e9us, or\u00edgens i l'ordre del m\u00f3n.\" tabindex=\"0\">mite<\/span> el descriu com el creador del paisatge, l&#8217;institu\u00efdor dels ritus d&#8217;iniciaci\u00f3 i l&#8217;origen de les lleis del cercle de Bora.<\/p>\t\t\t\t\t\t\t\t<\/div>\n\t\t\t\t\t<\/div>\n\t\t\t\t<\/div>\n\t\t<div class=\"elementor-element elementor-element-iwgw-baiame-kwd e-flex e-con-boxed e-con e-parent\" data-id=\"iwgw-baiame-kwd\" data-element_type=\"container\" data-e-type=\"container\">\n\t\t\t\t\t<div class=\"e-con-inner\">\n\t\t<div class=\"elementor-element elementor-element-iwgw-baiame-kwdc e-con-full e-flex e-con e-child\" data-id=\"iwgw-baiame-kwdc\" data-element_type=\"container\" data-e-type=\"container\">\n\t\t\t\t<div class=\"elementor-element elementor-element-iwgw-baiame-kwdt elementor-widget elementor-widget-text-editor\" data-id=\"iwgw-baiame-kwdt\" data-element_type=\"widget\" data-e-type=\"widget\" data-widget_type=\"text-editor.default\">\n\t\t\t\t\t\t\t\t\t<p><em>Termes clau relacionats: Baiame Wiradjuri Kamilaroi All-Father Bora Bunjil.<\/em><\/p>\t\t\t\t\t\t\t\t<\/div>\n\t\t\t\t<\/div>\n\t\t\t\t\t<\/div>\n\t\t\t\t<\/div>\n\t\t<div class=\"elementor-element elementor-element-iwgw-baiame-cc e-flex e-con-boxed e-con e-parent\" data-id=\"iwgw-baiame-cc\" data-element_type=\"container\" data-e-type=\"container\" id=\"iwg-cc-baiame\">\n\t\t\t\t\t<div class=\"e-con-inner\">\n\t\t<div class=\"elementor-element elementor-element-iwgw-baiame-ccinner e-flex e-con-boxed e-con e-parent\" data-id=\"iwgw-baiame-ccinner\" data-element_type=\"container\" data-e-type=\"container\" data-settings=\"{&quot;background_background&quot;:&quot;classic&quot;}\">\n\t\t\t\t\t<div class=\"e-con-inner\">\n\t\t\t\t<div class=\"elementor-element elementor-element-iwgw-baiame-cch elementor-widget elementor-widget-heading\" data-id=\"iwgw-baiame-cch\" data-element_type=\"widget\" data-e-type=\"widget\" data-widget_type=\"heading.default\">\n\t\t\t\t\t<h2 class=\"elementor-heading-title elementor-size-default\">iWell Guard i tradicions de protecci\u00f3<\/h2>\t\t\t\t<\/div>\n\t\t\t\t<div class=\"elementor-element elementor-element-iwgw-baiame-cct elementor-widget elementor-widget-text-editor\" data-id=\"iwgw-baiame-cct\" data-element_type=\"widget\" data-e-type=\"widget\" data-widget_type=\"text-editor.default\">\n\t\t\t\t\t\t\t\t\t<div data-nosnippet=\"true\"><p>iWell Guard s&#8217;inspira en la tradici\u00f3 cultural i hist\u00f2rica dels objectes de protecci\u00f3 port\u00e0tils, seguint la tradici\u00f3 dels <a href=\"https:\/\/iwell-guard.com\/ca\/australia-aborigen-dreamtime-tjukurpa-objectes-proteccio\/\">abor\u00edgens australians<\/a> i de moltes altres cultures d&#8217;arreu del m\u00f3n. 41 capes, or aut\u00e8ntic, plat\u00ed, plata, fabricat a Alemanya. Dret de devoluci\u00f3 de 30 dies.<\/p><\/div>\t\t\t\t\t\t\t\t<\/div>\n\t\t\t\t<div class=\"elementor-element elementor-element-iwgw-baiame-ccb iwg-cc-button iwg-cc-cta-2026-05-13 elementor-widget elementor-widget-jet-button\" data-id=\"iwgw-baiame-ccb\" data-element_type=\"widget\" data-e-type=\"widget\" data-widget_type=\"jet-button.default\">\n\t\t\t\t<div class=\"elementor-widget-container\">\n\t\t\t\t\t<div class=\"elementor-jet-button jet-elements\"><div class=\"jet-button__container\"><a class=\"jet-button__instance jet-button__instance--icon-left hover-effect-1\" href=\"\/ueber-iwell-guard\/?utm_source=iwell-guard.com&amp;utm_medium=info-box&amp;utm_campaign=wesen-tradition\"><div class=\"jet-button__plane jet-button__plane-normal\"><\/div><div class=\"jet-button__plane jet-button__plane-hover\"><\/div><div class=\"jet-button__state jet-button__state-normal\"><span class=\"jet-button__label\">M\u00e9s informaci\u00f3 sobre l'iWell Guard<\/span><\/div><div class=\"jet-button__state jet-button__state-hover\"><span class=\"jet-button__label\">M\u00e9s informaci\u00f3 sobre l'iWell Guard<\/span><\/div><\/a><\/div><\/div><style>.elementor-element.elementor-element-iwgw-baiame-ccb .jet-button__instance{width:320px;height:56px;}.elementor-element.elementor-element-iwgw-baiame-ccb .jet-button__state-normal .jet-button__label{text-align:center;margin:0px 0px 0px 0px;color:#1a1b20;font-family:Montserrat,sans-serif;font-size:13px;font-weight:400;letter-spacing:4px;line-height:1.714em;text-transform:uppercase;}.elementor-element.elementor-element-iwgw-baiame-ccb .jet-button__state-hover .jet-button__label{text-align:center;margin:0px 0px 0px 0px;color:#FECC76;font-family:Montserrat,sans-serif;font-size:13px;font-weight:400;letter-spacing:4px;line-height:1.714em;text-transform:uppercase;}.elementor-element.elementor-element-iwgw-baiame-ccb .jet-button__plane-normal{background-color:#FECC76;border-style:solid;border-color:#C99540;border-width:2px 2px 2px 2px;}.elementor-element.elementor-element-iwgw-baiame-ccb .jet-button__plane-hover{background-color:rgba(0,0,0,0.55);border-style:solid;border-color:#FECC76;border-width:2px 2px 2px 2px;}<\/style>\t\t\t\t<\/div>\n\t\t\t\t<\/div>\n\t\t\t\t<div class=\"elementor-element elementor-element-iwgw-baiame-ccd elementor-widget elementor-widget-text-editor\" data-id=\"iwgw-baiame-ccd\" data-element_type=\"widget\" data-e-type=\"widget\" data-widget_type=\"text-editor.default\">\n\t\t\t\t\t\t\t\t\t<div data-nosnippet=\"true\"><p style=\"text-align:center;font-size:13px;opacity:0.7;margin-top:14px\" data-nosnippet=\"true\">Les experi\u00e8ncies personals poden variar. No \u00e9s un producte sanitari. No \u00e9s una promesa de curaci\u00f3.<\/p><\/div>\t\t\t\t\t\t\t\t<\/div>\n\t\t\t\t\t<\/div>\n\t\t\t\t<\/div>\n\t\t\t\t\t<\/div>\n\t\t\t\t<\/div>\n\t\t<div class=\"elementor-element elementor-element-iwgw-baiame-disc e-flex e-con-boxed e-con e-parent\" data-id=\"iwgw-baiame-disc\" data-element_type=\"container\" data-e-type=\"container\">\n\t\t\t\t\t<div class=\"e-con-inner\">\n\t\t\t\t<div class=\"elementor-element elementor-element-iwgw-baiame-discw elementor-widget elementor-widget-html\" data-id=\"iwgw-baiame-discw\" data-element_type=\"widget\" data-e-type=\"widget\" data-widget_type=\"html.default\">\n\t\t\t\t\t<footer data-nosnippet=\"true\" class=\"iwg-disclaimer-block\"><p data-nosnippet=\"true\">iWell Guard <strong>no \u00e9s un producte sanitari<\/strong> i no substitueix cap tractament m\u00e8dic o psicoterap\u00e8utic. Els continguts d'hist\u00f2ria de les religions s\u00f3n una classificaci\u00f3 culturohist\u00f2rica, no una recomanaci\u00f3 de pr\u00e0ctica espiritual.<\/p><\/footer>\t\t\t\t<\/div>\n\t\t\t\t\t<\/div>\n\t\t\t\t<\/div>\n\t\t\t\t<\/div>\n\t\t","protected":false},"excerpt":{"rendered":"","protected":false},"author":3,"featured_media":2868,"parent":0,"menu_order":0,"comment_status":"closed","ping_status":"closed","template":"elementor_header_footer","meta":{"_yoast_wpseo_focuskw":"Baiame, Pare del Cel aborigen","_yoast_wpseo_title":"Baiame \u2013 Pare del Cel aborigen, mite i fonts","_yoast_wpseo_metadesc":"Baiame \u00e9s la divinitat suprema de les religions abor\u00edgens del sud-est d'Austr\u00e0lia. Aproximaci\u00f3 des de la ci\u00e8ncia de la religi\u00f3, amb mite i fonts.","_yoast_wpseo_meta-robots-noindex":"","_yoast_wpseo_canonical":"","_angie_page":false,"gefaehrdungsstufe":"1","wesen_kultur":"aboriginal","wesen_klasse":"goetter","footnotes":""},"categories":[],"class_list":["post-171743","page","type-page","status-publish","has-post-thumbnail","hentry"],"yoast_head":"<!-- This site is optimized with the Yoast SEO Premium plugin v27.7 (Yoast SEO v28.3) - https:\/\/yoast.com\/product\/yoast-seo-premium-wordpress\/ -->\n<title>Baiame \u2013 Pare del Cel aborigen, mite i fonts<\/title>\n<meta name=\"description\" content=\"Baiame \u00e9s la divinitat suprema de les religions abor\u00edgens del sud-est d&#039;Austr\u00e0lia. Aproximaci\u00f3 des de la ci\u00e8ncia de la religi\u00f3, amb mite i fonts.\" \/>\n<meta name=\"robots\" content=\"index, follow, max-snippet:-1, max-image-preview:large, max-video-preview:-1\" \/>\n<link rel=\"canonical\" href=\"https:\/\/iwell-guard.com\/ca\/baiame-pare-del-cel-aborigen\/\" \/>\n<meta property=\"og:locale\" content=\"ca_ES\" \/>\n<meta property=\"og:type\" content=\"article\" \/>\n<meta property=\"og:title\" content=\"Baiame \u2013 Pare del Cel dels abor\u00edgens del sud-est\" \/>\n<meta property=\"og:description\" content=\"Baiame \u00e9s la divinitat suprema de les religions abor\u00edgens del sud-est d&#039;Austr\u00e0lia. Aproximaci\u00f3 des de la ci\u00e8ncia de la religi\u00f3, amb mite i fonts.\" \/>\n<meta property=\"og:url\" content=\"https:\/\/iwell-guard.com\/ca\/baiame-pare-del-cel-aborigen\/\" \/>\n<meta property=\"og:site_name\" content=\"iWell Guard\" \/>\n<meta property=\"article:modified_time\" content=\"2026-09-05T16:06:05+00:00\" \/>\n<meta property=\"og:image\" content=\"https:\/\/iwell-guard.com\/wp-content\/uploads\/2026\/05\/goetter_aboriginal_baiame.webp\" \/>\n\t<meta property=\"og:image:width\" content=\"1024\" \/>\n\t<meta property=\"og:image:height\" content=\"1536\" \/>\n\t<meta property=\"og:image:type\" content=\"image\/webp\" \/>\n<meta name=\"twitter:card\" content=\"summary_large_image\" \/>\n<script type=\"application\/ld+json\" class=\"yoast-schema-graph\">{\"@context\":\"https:\\\/\\\/schema.org\",\"@graph\":[{\"@type\":\"WebPage\",\"@id\":\"https:\\\/\\\/iwell-guard.com\\\/ca\\\/baiame-pare-del-cel-aborigen\\\/\",\"url\":\"https:\\\/\\\/iwell-guard.com\\\/ca\\\/baiame-pare-del-cel-aborigen\\\/\",\"name\":\"Baiame \u2013 Pare del Cel aborigen, mite i fonts\",\"isPartOf\":{\"@id\":\"https:\\\/\\\/iwell-guard.com\\\/ca\\\/#website\"},\"primaryImageOfPage\":{\"@id\":\"https:\\\/\\\/iwell-guard.com\\\/ca\\\/baiame-pare-del-cel-aborigen\\\/#primaryimage\"},\"image\":{\"@id\":\"https:\\\/\\\/iwell-guard.com\\\/ca\\\/baiame-pare-del-cel-aborigen\\\/#primaryimage\"},\"thumbnailUrl\":\"https:\\\/\\\/iwell-guard.com\\\/wp-content\\\/uploads\\\/2026\\\/05\\\/goetter_aboriginal_baiame.webp\",\"datePublished\":\"2026-09-05T15:42:00+00:00\",\"dateModified\":\"2026-09-05T16:06:05+00:00\",\"description\":\"Baiame \u00e9s la divinitat suprema de les religions abor\u00edgens del sud-est d'Austr\u00e0lia. Aproximaci\u00f3 des de la ci\u00e8ncia de la religi\u00f3, amb mite i fonts.\",\"breadcrumb\":{\"@id\":\"https:\\\/\\\/iwell-guard.com\\\/ca\\\/baiame-pare-del-cel-aborigen\\\/#breadcrumb\"},\"inLanguage\":\"ca\",\"potentialAction\":[{\"@type\":\"ReadAction\",\"target\":[\"https:\\\/\\\/iwell-guard.com\\\/ca\\\/baiame-pare-del-cel-aborigen\\\/\"]}]},{\"@type\":\"ImageObject\",\"inLanguage\":\"ca\",\"@id\":\"https:\\\/\\\/iwell-guard.com\\\/ca\\\/baiame-pare-del-cel-aborigen\\\/#primaryimage\",\"url\":\"https:\\\/\\\/iwell-guard.com\\\/wp-content\\\/uploads\\\/2026\\\/05\\\/goetter_aboriginal_baiame.webp\",\"contentUrl\":\"https:\\\/\\\/iwell-guard.com\\\/wp-content\\\/uploads\\\/2026\\\/05\\\/goetter_aboriginal_baiame.webp\",\"width\":1024,\"height\":1536,\"caption\":\"D\u00e9us de la tradici\u00f3 aborigen.\"},{\"@type\":\"BreadcrumbList\",\"@id\":\"https:\\\/\\\/iwell-guard.com\\\/ca\\\/baiame-pare-del-cel-aborigen\\\/#breadcrumb\",\"itemListElement\":[{\"@type\":\"ListItem\",\"position\":1,\"name\":\"Start\",\"item\":\"https:\\\/\\\/iwell-guard.com\\\/ca\\\/?page_id=171333\"},{\"@type\":\"ListItem\",\"position\":2,\"name\":\"Baiame \u2013 Pare del Cel dels abor\u00edgens del sud-est\"}]},{\"@type\":\"WebSite\",\"@id\":\"https:\\\/\\\/iwell-guard.com\\\/ca\\\/#website\",\"url\":\"https:\\\/\\\/iwell-guard.com\\\/ca\\\/\",\"name\":\"iWell Guard\",\"description\":\"Schutz vor dunklen Einfl\u00fcssen\",\"publisher\":{\"@id\":\"https:\\\/\\\/iwell-guard.com\\\/ca\\\/#organization\"},\"potentialAction\":[{\"@type\":\"SearchAction\",\"target\":{\"@type\":\"EntryPoint\",\"urlTemplate\":\"https:\\\/\\\/iwell-guard.com\\\/ca\\\/?s={search_term_string}\"},\"query-input\":{\"@type\":\"PropertyValueSpecification\",\"valueRequired\":true,\"valueName\":\"search_term_string\"}}],\"inLanguage\":\"ca\"},{\"@type\":\"Organization\",\"@id\":\"https:\\\/\\\/iwell-guard.com\\\/ca\\\/#organization\",\"name\":\"Ittermann electronic GmbH\",\"url\":\"https:\\\/\\\/iwell-guard.com\\\/ca\\\/\",\"logo\":{\"@type\":\"ImageObject\",\"inLanguage\":\"ca\",\"@id\":\"https:\\\/\\\/iwell-guard.com\\\/ca\\\/#\\\/schema\\\/logo\\\/image\\\/\",\"url\":\"https:\\\/\\\/iwell-guard.com\\\/wp-content\\\/uploads\\\/2026\\\/05\\\/Ittermann-Logo-1182x237-1.png\",\"contentUrl\":\"https:\\\/\\\/iwell-guard.com\\\/wp-content\\\/uploads\\\/2026\\\/05\\\/Ittermann-Logo-1182x237-1.png\",\"width\":1182,\"height\":237,\"caption\":\"Ittermann electronic GmbH\"},\"image\":{\"@id\":\"https:\\\/\\\/iwell-guard.com\\\/ca\\\/#\\\/schema\\\/logo\\\/image\\\/\"},\"sameAs\":[\"https:\\\/\\\/pantip.com\\\/profile\\\/9367242\",\"https:\\\/\\\/micro.blog\\\/iwellguard\",\"https:\\\/\\\/www.diggerslist.com\\\/iwellguard\\\/about\",\"https:\\\/\\\/skitterphoto.com\\\/photographers\\\/2870314\\\/iwell-guard\",\"https:\\\/\\\/iwellguard.wordpress.com\\\/2026\\\/06\\\/06\\\/iwell-guard\\\/\",\"https:\\\/\\\/hub.docker.com\\\/u\\\/iwellguard\",\"https:\\\/\\\/www.pinterest.com\\\/iwellguard\\\/\",\"https:\\\/\\\/bit.ly\\\/m\\\/iwellguard\",\"https:\\\/\\\/entre-vos-mains.alsace.eu\\\/profiles\\\/iwellguard\\\/activity\",\"https:\\\/\\\/gravatar.com\\\/reallybeded8fd34\",\"https:\\\/\\\/naijamatta.com\\\/iwellguard\",\"https:\\\/\\\/www.goodreads.com\\\/iwellguard\",\"https:\\\/\\\/profile.hatena.ne.jp\\\/iwellguard\\\/\",\"https:\\\/\\\/experiment.com\\\/users\\\/iwellguard\",\"https:\\\/\\\/wakelet.com\\\/@iWellGuard82270\",\"https:\\\/\\\/www.chordie.com\\\/forum\\\/profile.php?id=2555664\",\"https:\\\/\\\/www.instapaper.com\\\/p\\\/17757966\",\"https:\\\/\\\/www.mapleprimes.com\\\/users\\\/iwellguard\",\"https:\\\/\\\/businesslistingplus.com\\\/profile\\\/iwell-guard\\\/\",\"https:\\\/\\\/telegra.ph\\\/iWell-Guard-06-06\",\"https:\\\/\\\/pbase.com\\\/iwellguard\\\/iwellguard\",\"https:\\\/\\\/b.hatena.ne.jp\\\/iwellguard\\\/20260607#bookmark-4788405196491818882\",\"https:\\\/\\\/fliphtml5.com\\\/home\\\/iwellguard\",\"https:\\\/\\\/anyflip.com\\\/homepage\\\/cmiwl#About\",\"https:\\\/\\\/transfur.com\\\/Users\\\/iwellguard\",\"http:\\\/\\\/delphi.larsbo.org\\\/user\\\/iwellguard\",\"https:\\\/\\\/jobs.lajobsportal.org\\\/profiles\\\/8380803-iwell-guard\",\"https:\\\/\\\/md.chaosdorf.de\\\/s\\\/jfbe5SBdJD\",\"https:\\\/\\\/www.lingvolive.com\\\/en-us\\\/profile\\\/9ecaeaca-ce11-4e51-9e71-01d55e2bff36\\\/translations\",\"https:\\\/\\\/www.fitday.com\\\/fitness\\\/forums\\\/members\\\/iwellguard.html\",\"https:\\\/\\\/www.mymeetbook.com\\\/iwellguard\",\"https:\\\/\\\/pxhere.com\\\/en\\\/photographer-me\\\/5040798\",\"https:\\\/\\\/disqus.com\\\/by\\\/iwellguard\\\/about\\\/\",\"https:\\\/\\\/pastelink.net\\\/hjwciqwq\",\"https:\\\/\\\/pubhtml5.com\\\/homepage\\\/scjhn\\\/\",\"https:\\\/\\\/www.bitchute.com\\\/channel\\\/2O2eOKzNqujT\",\"https:\\\/\\\/audiomack.com\\\/iwellguard\"]},{\"@type\":\"Article\",\"@id\":\"https:\\\/\\\/iwell-guard.com\\\/ca\\\/baiame-pare-del-cel-aborigen\\\/#article\",\"isPartOf\":{\"@id\":\"https:\\\/\\\/iwell-guard.com\\\/ca\\\/baiame-pare-del-cel-aborigen\\\/\"},\"author\":{\"name\":\"Ralf Ittermann\",\"@id\":\"https:\\\/\\\/iwell-guard.com\\\/ca\\\/#\\\/schema\\\/person\\\/ee2a27f1cac3406c7c6fb5820cb7349f\"},\"headline\":\"Baiame \u2013 Pare del Cel dels abor\u00edgens del sud-est\",\"datePublished\":\"2026-09-05T15:42:00+00:00\",\"dateModified\":\"2026-09-05T16:06:05+00:00\",\"mainEntityOfPage\":{\"@id\":\"https:\\\/\\\/iwell-guard.com\\\/ca\\\/baiame-pare-del-cel-aborigen\\\/\"},\"publisher\":{\"@id\":\"https:\\\/\\\/iwell-guard.com\\\/ca\\\/#organization\"},\"image\":{\"@id\":\"https:\\\/\\\/iwell-guard.com\\\/ca\\\/baiame-pare-del-cel-aborigen\\\/#primaryimage\"},\"thumbnailUrl\":\"https:\\\/\\\/iwell-guard.com\\\/wp-content\\\/uploads\\\/2026\\\/05\\\/goetter_aboriginal_baiame.webp\",\"inLanguage\":\"ca\",\"description\":\"Baiame \u00e9s la divinitat suprema de les religions abor\u00edgens del sud-est d'Austr\u00e0lia. Aproximaci\u00f3 des de la ci\u00e8ncia de la religi\u00f3, amb mite i fonts.\"}]}<\/script>\n<!-- \/ Yoast SEO Premium plugin. -->","yoast_head_json":{"title":"Baiame \u2013 Pare del Cel aborigen, mite i fonts","description":"Baiame \u00e9s la divinitat suprema de les religions abor\u00edgens del sud-est d'Austr\u00e0lia. Aproximaci\u00f3 des de la ci\u00e8ncia de la religi\u00f3, amb mite i fonts.","robots":{"index":"index","follow":"follow","max-snippet":"max-snippet:-1","max-image-preview":"max-image-preview:large","max-video-preview":"max-video-preview:-1"},"canonical":"https:\/\/iwell-guard.com\/ca\/baiame-pare-del-cel-aborigen\/","og_locale":"ca_ES","og_type":"article","og_title":"Baiame \u2013 Pare del Cel dels abor\u00edgens del sud-est","og_description":"Baiame \u00e9s la divinitat suprema de les religions abor\u00edgens del sud-est d'Austr\u00e0lia. Aproximaci\u00f3 des de la ci\u00e8ncia de la religi\u00f3, amb mite i fonts.","og_url":"https:\/\/iwell-guard.com\/ca\/baiame-pare-del-cel-aborigen\/","og_site_name":"iWell Guard","article_modified_time":"2026-09-05T16:06:05+00:00","og_image":[{"width":1024,"height":1536,"url":"https:\/\/iwell-guard.com\/wp-content\/uploads\/2026\/05\/goetter_aboriginal_baiame.webp","type":"image\/webp"}],"twitter_card":"summary_large_image","schema":{"@context":"https:\/\/schema.org","@graph":[{"@type":"Article","@id":"https:\/\/iwell-guard.com\/ca\/baiame-pare-del-cel-aborigen\/#article","isPartOf":{"@id":"https:\/\/iwell-guard.com\/ca\/baiame-pare-del-cel-aborigen\/"},"author":{"name":"Ralf Ittermann","@id":"https:\/\/iwell-guard.com\/ca\/#\/schema\/person\/ee2a27f1cac3406c7c6fb5820cb7349f"},"headline":"Baiame \u2013 Pare del Cel dels abor\u00edgens del sud-est","datePublished":"2026-09-05T15:42:00+00:00","dateModified":"2026-09-05T16:06:05+00:00","mainEntityOfPage":{"@id":"https:\/\/iwell-guard.com\/ca\/baiame-pare-del-cel-aborigen\/"},"publisher":{"@id":"https:\/\/iwell-guard.com\/ca\/#organization"},"image":{"@id":"https:\/\/iwell-guard.com\/ca\/baiame-pare-del-cel-aborigen\/#primaryimage"},"thumbnailUrl":"https:\/\/iwell-guard.com\/wp-content\/uploads\/2026\/05\/goetter_aboriginal_baiame.webp","inLanguage":"ca","description":"Baiame \u00e9s la divinitat suprema de les religions abor\u00edgens del sud-est d'Austr\u00e0lia. Aproximaci\u00f3 des de la ci\u00e8ncia de la religi\u00f3, amb mite i fonts."},{"@type":"WebPage","@id":"https:\/\/iwell-guard.com\/ca\/baiame-pare-del-cel-aborigen\/","url":"https:\/\/iwell-guard.com\/ca\/baiame-pare-del-cel-aborigen\/","name":"Baiame \u2013 Pare del Cel aborigen, mite i fonts","isPartOf":{"@id":"https:\/\/iwell-guard.com\/ca\/#website"},"primaryImageOfPage":{"@id":"https:\/\/iwell-guard.com\/ca\/baiame-pare-del-cel-aborigen\/#primaryimage"},"image":{"@id":"https:\/\/iwell-guard.com\/ca\/baiame-pare-del-cel-aborigen\/#primaryimage"},"thumbnailUrl":"https:\/\/iwell-guard.com\/wp-content\/uploads\/2026\/05\/goetter_aboriginal_baiame.webp","datePublished":"2026-09-05T15:42:00+00:00","dateModified":"2026-09-05T16:06:05+00:00","description":"Baiame \u00e9s la divinitat suprema de les religions abor\u00edgens del sud-est d'Austr\u00e0lia. Aproximaci\u00f3 des de la ci\u00e8ncia de la religi\u00f3, amb mite i fonts.","breadcrumb":{"@id":"https:\/\/iwell-guard.com\/ca\/baiame-pare-del-cel-aborigen\/#breadcrumb"},"inLanguage":"ca","potentialAction":[{"@type":"ReadAction","target":["https:\/\/iwell-guard.com\/ca\/baiame-pare-del-cel-aborigen\/"]}]},{"@type":"ImageObject","inLanguage":"ca","@id":"https:\/\/iwell-guard.com\/ca\/baiame-pare-del-cel-aborigen\/#primaryimage","url":"https:\/\/iwell-guard.com\/wp-content\/uploads\/2026\/05\/goetter_aboriginal_baiame.webp","contentUrl":"https:\/\/iwell-guard.com\/wp-content\/uploads\/2026\/05\/goetter_aboriginal_baiame.webp","width":1024,"height":1536,"caption":"D\u00e9us de la tradici\u00f3 aborigen."},{"@type":"BreadcrumbList","@id":"https:\/\/iwell-guard.com\/ca\/baiame-pare-del-cel-aborigen\/#breadcrumb","itemListElement":[{"@type":"ListItem","position":1,"name":"Start","item":"https:\/\/iwell-guard.com\/ca\/?page_id=171333"},{"@type":"ListItem","position":2,"name":"Baiame \u2013 Pare del Cel dels abor\u00edgens del sud-est"}]},{"@type":"WebSite","@id":"https:\/\/iwell-guard.com\/ca\/#website","url":"https:\/\/iwell-guard.com\/ca\/","name":"iWell Guard","description":"Schutz vor dunklen Einfl\u00fcssen","publisher":{"@id":"https:\/\/iwell-guard.com\/ca\/#organization"},"potentialAction":[{"@type":"SearchAction","target":{"@type":"EntryPoint","urlTemplate":"https:\/\/iwell-guard.com\/ca\/?s={search_term_string}"},"query-input":{"@type":"PropertyValueSpecification","valueRequired":true,"valueName":"search_term_string"}}],"inLanguage":"ca"},{"@type":"Organization","@id":"https:\/\/iwell-guard.com\/ca\/#organization","name":"Ittermann electronic GmbH","url":"https:\/\/iwell-guard.com\/ca\/","logo":{"@type":"ImageObject","inLanguage":"ca","@id":"https:\/\/iwell-guard.com\/ca\/#\/schema\/logo\/image\/","url":"https:\/\/iwell-guard.com\/wp-content\/uploads\/2026\/05\/Ittermann-Logo-1182x237-1.png","contentUrl":"https:\/\/iwell-guard.com\/wp-content\/uploads\/2026\/05\/Ittermann-Logo-1182x237-1.png","width":1182,"height":237,"caption":"Ittermann electronic GmbH"},"image":{"@id":"https:\/\/iwell-guard.com\/ca\/#\/schema\/logo\/image\/"},"sameAs":["https:\/\/pantip.com\/profile\/9367242","https:\/\/micro.blog\/iwellguard","https:\/\/www.diggerslist.com\/iwellguard\/about","https:\/\/skitterphoto.com\/photographers\/2870314\/iwell-guard","https:\/\/iwellguard.wordpress.com\/2026\/06\/06\/iwell-guard\/","https:\/\/hub.docker.com\/u\/iwellguard","https:\/\/www.pinterest.com\/iwellguard\/","https:\/\/bit.ly\/m\/iwellguard","https:\/\/entre-vos-mains.alsace.eu\/profiles\/iwellguard\/activity","https:\/\/gravatar.com\/reallybeded8fd34","https:\/\/naijamatta.com\/iwellguard","https:\/\/www.goodreads.com\/iwellguard","https:\/\/profile.hatena.ne.jp\/iwellguard\/","https:\/\/experiment.com\/users\/iwellguard","https:\/\/wakelet.com\/@iWellGuard82270","https:\/\/www.chordie.com\/forum\/profile.php?id=2555664","https:\/\/www.instapaper.com\/p\/17757966","https:\/\/www.mapleprimes.com\/users\/iwellguard","https:\/\/businesslistingplus.com\/profile\/iwell-guard\/","https:\/\/telegra.ph\/iWell-Guard-06-06","https:\/\/pbase.com\/iwellguard\/iwellguard","https:\/\/b.hatena.ne.jp\/iwellguard\/20260607#bookmark-4788405196491818882","https:\/\/fliphtml5.com\/home\/iwellguard","https:\/\/anyflip.com\/homepage\/cmiwl#About","https:\/\/transfur.com\/Users\/iwellguard","http:\/\/delphi.larsbo.org\/user\/iwellguard","https:\/\/jobs.lajobsportal.org\/profiles\/8380803-iwell-guard","https:\/\/md.chaosdorf.de\/s\/jfbe5SBdJD","https:\/\/www.lingvolive.com\/en-us\/profile\/9ecaeaca-ce11-4e51-9e71-01d55e2bff36\/translations","https:\/\/www.fitday.com\/fitness\/forums\/members\/iwellguard.html","https:\/\/www.mymeetbook.com\/iwellguard","https:\/\/pxhere.com\/en\/photographer-me\/5040798","https:\/\/disqus.com\/by\/iwellguard\/about\/","https:\/\/pastelink.net\/hjwciqwq","https:\/\/pubhtml5.com\/homepage\/scjhn\/","https:\/\/www.bitchute.com\/channel\/2O2eOKzNqujT","https:\/\/audiomack.com\/iwellguard"]},{"@type":"Person","@id":"https:\/\/iwell-guard.com\/ca\/#\/schema\/person\/ee2a27f1cac3406c7c6fb5820cb7349f","name":"Ralf Ittermann","image":{"@type":"ImageObject","inLanguage":"ca","@id":"https:\/\/secure.gravatar.com\/avatar\/073c0153e350a5005b68eb752b445fea71f6b24a26da9449ad7e155e6b446c9d?s=96&d=mm&r=g","url":"https:\/\/secure.gravatar.com\/avatar\/073c0153e350a5005b68eb752b445fea71f6b24a26da9449ad7e155e6b446c9d?s=96&d=mm&r=g","contentUrl":"https:\/\/secure.gravatar.com\/avatar\/073c0153e350a5005b68eb752b445fea71f6b24a26da9449ad7e155e6b446c9d?s=96&d=mm&r=g","caption":"Ralf Ittermann"},"givenName":"Ralf","familyName":"Ittermann","jobTitle":"Gesch\u00e4ftsf\u00fchrer und redaktioneller Verantwortlicher","url":"https:\/\/iwell-guard.com\/ca\/author\/claude\/","description":"Ralf Ittermann ist Gesch\u00e4ftsf\u00fchrer der Ittermann electronic GmbH und redaktioneller Verantwortlicher des iWell-Guard-Lexikons. Er verbindet langj\u00e4hrige Erfahrung in der Pr\u00e4zisionsfertigung mit medialer Praxis und religionsgeschichtlicher Quellenarbeit.","worksFor":{"@type":"Organization","name":"Ittermann electronic GmbH","url":"https:\/\/ittermann.de\/","address":{"@type":"PostalAddress","streetAddress":"K\u00f6hlergasse 16-18","postalCode":"99842","addressLocality":"Ruhla","addressCountry":"DE"}},"knowsAbout":["Religionsgeschichte","Mythologie","Mediale Praxis","Energetische Diagnostik","Schutzpraxis","Volksglauben","Westliche Esoterik"]},{"@type":"Article","@id":"https:\/\/iwell-guard.com\/ca\/baiame-pare-del-cel-aborigen\/#article","isPartOf":{"@id":"https:\/\/iwell-guard.com\/ca\/baiame-pare-del-cel-aborigen\/"},"author":{"name":"Ralf Ittermann","@id":"https:\/\/iwell-guard.com\/ca\/#\/schema\/person\/ee2a27f1cac3406c7c6fb5820cb7349f"},"headline":"Baiame \u2013 Pare del Cel dels abor\u00edgens del sud-est","datePublished":"2026-09-05T15:42:00+00:00","dateModified":"2026-09-05T16:06:05+00:00","mainEntityOfPage":{"@id":"https:\/\/iwell-guard.com\/ca\/baiame-pare-del-cel-aborigen\/"},"publisher":{"@id":"https:\/\/iwell-guard.com\/ca\/#organization"},"image":{"@id":"https:\/\/iwell-guard.com\/ca\/baiame-pare-del-cel-aborigen\/#primaryimage"},"thumbnailUrl":"https:\/\/iwell-guard.com\/wp-content\/uploads\/2026\/05\/goetter_aboriginal_baiame.webp","inLanguage":"ca","description":"Baiame \u00e9s la divinitat suprema de les religions abor\u00edgens del sud-est d'Austr\u00e0lia. Aproximaci\u00f3 des de la ci\u00e8ncia de la religi\u00f3, amb mite i fonts."}]}},"_links":{"self":[{"href":"https:\/\/iwell-guard.com\/ca\/wp-json\/wp\/v2\/pages\/171743","targetHints":{"allow":["GET"]}}],"collection":[{"href":"https:\/\/iwell-guard.com\/ca\/wp-json\/wp\/v2\/pages"}],"about":[{"href":"https:\/\/iwell-guard.com\/ca\/wp-json\/wp\/v2\/types\/page"}],"author":[{"embeddable":true,"href":"https:\/\/iwell-guard.com\/ca\/wp-json\/wp\/v2\/users\/3"}],"replies":[{"embeddable":true,"href":"https:\/\/iwell-guard.com\/ca\/wp-json\/wp\/v2\/comments?post=171743"}],"version-history":[{"count":0,"href":"https:\/\/iwell-guard.com\/ca\/wp-json\/wp\/v2\/pages\/171743\/revisions"}],"wp:featuredmedia":[{"embeddable":true,"href":"https:\/\/iwell-guard.com\/ca\/wp-json\/wp\/v2\/media\/2868"}],"wp:attachment":[{"href":"https:\/\/iwell-guard.com\/ca\/wp-json\/wp\/v2\/media?parent=171743"}],"wp:term":[{"taxonomy":"category","embeddable":true,"href":"https:\/\/iwell-guard.com\/ca\/wp-json\/wp\/v2\/categories?post=171743"}],"curies":[{"name":"wp","href":"https:\/\/api.w.org\/{rel}","templated":true}]}}