{"id":171732,"date":"2026-09-05T15:41:54","date_gmt":"2026-09-05T15:41:54","guid":{"rendered":"https:\/\/iwell-guard.com\/?page_id=171732"},"modified":"2026-09-05T16:05:47","modified_gmt":"2026-09-05T16:05:47","slug":"umai-deessa-mare-infants-turcs","status":"publish","type":"page","link":"https:\/\/iwell-guard.com\/ca\/umai-deessa-mare-infants-turcs\/","title":{"rendered":"Umai \u2013 Deessa mare i de la infantesa dels turcs"},"content":{"rendered":"\t\t<div data-elementor-type=\"wp-page\" data-elementor-id=\"171732\" class=\"elementor elementor-171732 elementor-2635 elementor-bc-flex-widget\" data-elementor-post-type=\"page\">\n\t\t\t\t<div class=\"elementor-element elementor-element-iwgw-umai-hero e-flex e-con-boxed e-con e-parent\" data-id=\"iwgw-umai-hero\" data-element_type=\"container\" data-e-type=\"container\" data-settings=\"{&quot;background_background&quot;:&quot;classic&quot;}\">\n\t\t\t\t\t<div class=\"e-con-inner\">\n\t\t<div class=\"elementor-element elementor-element-iwgw-umai-hl e-flex e-con-boxed e-con e-child\" data-id=\"iwgw-umai-hl\" data-element_type=\"container\" data-e-type=\"container\">\n\t\t\t\t\t<div class=\"e-con-inner\">\n\t\t<div class=\"elementor-element elementor-element-iwgw-umai-htxt e-con-full e-flex e-con e-child\" data-id=\"iwgw-umai-htxt\" data-element_type=\"container\" data-e-type=\"container\">\n\t\t\t\t<div class=\"elementor-element elementor-element-iwgw-umai-h1 elementor-widget elementor-widget-heading\" data-id=\"iwgw-umai-h1\" data-element_type=\"widget\" data-e-type=\"widget\" data-widget_type=\"heading.default\">\n\t\t\t\t\t<h1 class=\"elementor-heading-title elementor-size-default\">Umai, deessa protectora turcosiberiana de les mares i els nadons<\/h1>\t\t\t\t<\/div>\n\t\t\t\t<div class=\"elementor-element elementor-element-iwgw-umai-lead elementor-widget elementor-widget-text-editor\" data-id=\"iwgw-umai-lead\" data-element_type=\"widget\" data-e-type=\"widget\" data-widget_type=\"text-editor.default\">\n\t\t\t\t\t\t\t\t\t<p>Umai \u00e9s la deessa mare i de la infantesa de l&#8217;\u00e0mbit religi\u00f3s turcosiberi\u00e0. El seu nom designa alhora la placenta; protegeix les dones embarassades, els nadons i els infants petits, i assisteix xamanes i llevadores com a deessa auxiliar personal.<\/p>\t\t\t\t\t\t\t\t<\/div>\n\t\t\t\t<\/div>\n\t\t<div class=\"elementor-element elementor-element-iwgw-umai-pillc e-con-full e-flex e-con e-child\" data-id=\"iwgw-umai-pillc\" data-element_type=\"container\" data-e-type=\"container\">\n\t\t\t\t<div class=\"elementor-element elementor-element-iwgw-umai-pills elementor-widget elementor-widget-html\" data-id=\"iwgw-umai-pills\" data-element_type=\"widget\" data-e-type=\"widget\" data-widget_type=\"html.default\">\n\t\t\t\t\t<div class=\"iwg-pill-row\"><span class=\"iwg-klasse-badge\" tabindex=\"0\" data-tooltip=\"Deessa de la tradici\u00f3 Sib\u00e8ria \/ Tengrisme.\">Deessa<\/span><a href=\"https:\/\/iwell-guard.com\/ca\/xamanisme-siberia-i-tengrisme-estepa-taiga\/\" class=\"iwg-kultur-badge\" tabindex=\"0\" data-tooltip=\"Mitologia de la tradici\u00f3 Sib\u00e8ria \/ Tengrisme.\">Sib\u00e8ria \/ Tengrisme<\/a><span class=\"iwg-tradition-badge\" tabindex=\"0\" data-tooltip=\"Deessa protectora.\">Deessa protectora<\/span><\/div>\t\t\t\t<\/div>\n\t\t\t\t<\/div>\n\t\t<div class=\"elementor-element elementor-element-iwgw-umai-tocc e-con-full e-flex e-con e-child\" data-id=\"iwgw-umai-tocc\" data-element_type=\"container\" data-e-type=\"container\">\n\t\t\t\t<div class=\"elementor-element elementor-element-iwgw-umai-toc elementor-toc--minimized-on-tablet elementor-widget elementor-widget-table-of-contents\" data-id=\"iwgw-umai-toc\" data-element_type=\"widget\" data-e-type=\"widget\" data-settings=\"{&quot;headings_by_tags&quot;:[&quot;h2&quot;,&quot;h3&quot;],&quot;minimize_box&quot;:&quot;yes&quot;,&quot;marker_view&quot;:&quot;bullets&quot;,&quot;no_headings_message&quot;:&quot;No s&#039;ha trobat cap encap\\u00e7alament en aquesta p\\u00e0gina.&quot;,&quot;exclude_headings_by_selector&quot;:[],&quot;icon&quot;:{&quot;value&quot;:&quot;fas fa-circle&quot;,&quot;library&quot;:&quot;fa-solid&quot;,&quot;rendered_tag&quot;:&quot;&lt;svg class=\\&quot;e-font-icon-svg e-fas-circle\\&quot; viewBox=\\&quot;0 0 512 512\\&quot; xmlns=\\&quot;http:\\\/\\\/www.w3.org\\\/2000\\\/svg\\&quot;&gt;&lt;path d=\\&quot;M256 8C119 8 8 119 8 256s111 248 248 248 248-111 248-248S393 8 256 8z\\&quot;&gt;&lt;\\\/path&gt;&lt;\\\/svg&gt;&quot;},&quot;minimized_on&quot;:&quot;tablet&quot;,&quot;hierarchical_view&quot;:&quot;yes&quot;,&quot;min_height&quot;:{&quot;unit&quot;:&quot;px&quot;,&quot;size&quot;:&quot;&quot;,&quot;sizes&quot;:[]},&quot;min_height_tablet&quot;:{&quot;unit&quot;:&quot;px&quot;,&quot;size&quot;:&quot;&quot;,&quot;sizes&quot;:[]},&quot;min_height_mobile&quot;:{&quot;unit&quot;:&quot;px&quot;,&quot;size&quot;:&quot;&quot;,&quot;sizes&quot;:[]}}\" data-widget_type=\"table-of-contents.default\">\n\t\t\t\t\t\t\t\t\t<div class=\"elementor-toc__header\">\n\t\t\t\t\t\t<h2 class=\"elementor-toc__header-title\">\n\t\t\t\t\u00cdndex\t\t\t<\/h2>\n\t\t\t\t\t\t\t\t\t\t<div class=\"elementor-toc__toggle-button elementor-toc__toggle-button--expand\" role=\"button\" tabindex=\"0\" aria-controls=\"elementor-toc__iwgw-umai-toc\" aria-expanded=\"true\" aria-label=\"Open table of contents\"><svg aria-hidden=\"true\" class=\"e-font-icon-svg e-fas-chevron-down\" viewBox=\"0 0 448 512\" xmlns=\"http:\/\/www.w3.org\/2000\/svg\"><path d=\"M207.029 381.476L12.686 187.132c-9.373-9.373-9.373-24.569 0-33.941l22.667-22.667c9.357-9.357 24.522-9.375 33.901-.04L224 284.505l154.745-154.021c9.379-9.335 24.544-9.317 33.901.04l22.667 22.667c9.373 9.373 9.373 24.569 0 33.941L240.971 381.476c-9.373 9.372-24.569 9.372-33.942 0z\"><\/path><\/svg><\/div>\n\t\t\t\t<div class=\"elementor-toc__toggle-button elementor-toc__toggle-button--collapse\" role=\"button\" tabindex=\"0\" aria-controls=\"elementor-toc__iwgw-umai-toc\" aria-expanded=\"true\" aria-label=\"Close table of contents\"><svg aria-hidden=\"true\" class=\"e-font-icon-svg e-fas-chevron-up\" viewBox=\"0 0 448 512\" xmlns=\"http:\/\/www.w3.org\/2000\/svg\"><path d=\"M240.971 130.524l194.343 194.343c9.373 9.373 9.373 24.569 0 33.941l-22.667 22.667c-9.357 9.357-24.522 9.375-33.901.04L224 227.495 69.255 381.516c-9.379 9.335-24.544 9.317-33.901-.04l-22.667-22.667c-9.373-9.373-9.373-24.569 0-33.941L207.03 130.525c9.372-9.373 24.568-9.373 33.941-.001z\"><\/path><\/svg><\/div>\n\t\t\t\t\t<\/div>\n\t\t\t\t<div id=\"elementor-toc__iwgw-umai-toc\" class=\"elementor-toc__body\">\n\t\t\t<div class=\"elementor-toc__spinner-container\">\n\t\t\t\t<svg class=\"elementor-toc__spinner eicon-animation-spin e-font-icon-svg e-eicon-loading\" aria-hidden=\"true\" viewBox=\"0 0 1000 1000\" xmlns=\"http:\/\/www.w3.org\/2000\/svg\"><path d=\"M500 975V858C696 858 858 696 858 500S696 142 500 142 142 304 142 500H25C25 237 238 25 500 25S975 237 975 500 763 975 500 975Z\"><\/path><\/svg>\t\t\t<\/div>\n\t\t<\/div>\n\t\t\t\t\t\t<\/div>\n\t\t\t\t<\/div>\n\t\t\t\t\t<\/div>\n\t\t\t\t<\/div>\n\t\t<div class=\"elementor-element elementor-element-iwgw-umai-hr e-con-full e-flex e-con e-child\" data-id=\"iwgw-umai-hr\" data-element_type=\"container\" data-e-type=\"container\">\n\t\t\t\t<div class=\"elementor-element elementor-element-iwgw-umai-heroimg iwg-hero-image elementor-widget elementor-widget-image\" data-id=\"iwgw-umai-heroimg\" data-element_type=\"widget\" data-e-type=\"widget\" data-widget_type=\"image.default\">\n\t\t\t\t\t\t\t\t\t\t\t\t\t\t\t<img fetchpriority=\"high\" decoding=\"async\" width=\"683\" height=\"1024\" src=\"https:\/\/iwell-guard.com\/wp-content\/uploads\/2026\/05\/goetter_sibirisch-tengrismus_umai-683x1024.webp\" class=\"attachment-large size-large wp-image-2859\" alt=\"Umai \u2013 Deessa mare i de la infantesa dels turcs\" srcset=\"https:\/\/iwell-guard.com\/wp-content\/uploads\/2026\/05\/goetter_sibirisch-tengrismus_umai-683x1024.webp 683w, https:\/\/iwell-guard.com\/wp-content\/uploads\/2026\/05\/goetter_sibirisch-tengrismus_umai-200x300.webp 200w, https:\/\/iwell-guard.com\/wp-content\/uploads\/2026\/05\/goetter_sibirisch-tengrismus_umai-768x1152.webp 768w, https:\/\/iwell-guard.com\/wp-content\/uploads\/2026\/05\/goetter_sibirisch-tengrismus_umai.webp 1024w\" sizes=\"(max-width: 683px) 100vw, 683px\" \/>\t\t\t\t\t\t\t\t\t\t\t\t\t\t\t<\/div>\n\t\t\t\t<\/div>\n\t\t\t\t\t<\/div>\n\t\t\t\t<\/div>\n\t\t\t\t<section class=\"elementor-section elementor-top-section elementor-element elementor-element-sec-iwgcomp2-umai elementor-section-boxed elementor-section-height-default elementor-section-height-default\" data-id=\"sec-iwgcomp2-umai\" data-element_type=\"section\" data-e-type=\"section\">\n\t\t\t\t\t\t<div class=\"elementor-container elementor-column-gap-default\">\n\t\t\t\t\t<div class=\"elementor-column elementor-col-100 elementor-top-column elementor-element elementor-element-col-iwgcomp2-umai\" data-id=\"col-iwgcomp2-umai\" data-element_type=\"column\" data-e-type=\"column\">\n\t\t\t<div class=\"elementor-widget-wrap elementor-element-populated\">\n\t\t\t\t\t\t<div class=\"elementor-element elementor-element-iwgcomp2-umai elementor-widget elementor-widget-text-editor\" data-id=\"iwgcomp2-umai\" data-element_type=\"widget\" data-e-type=\"widget\" data-widget_type=\"text-editor.default\">\n\t\t\t\t\t\t\t\t\t<p>Umai \u00e9s considerada una deessa protectora <strong>turcosiberiana<\/strong> dels infants i assistent del part. El seu <span class=\"iwg-fachbegriff\" data-tooltip=\"El conjunt de pr\u00e0ctiques religioses de veneraci\u00f3 d'una divinitat o figura sagrada.\" tabindex=\"0\">culte<\/span> est\u00e0 documentat en fonts mongolo-turques des del segle VIII. El seu <span class=\"iwg-fachbegriff\" data-tooltip=\"El conjunt de pr\u00e0ctiques religioses de veneraci\u00f3 d'una divinitat o figura sagrada.\" tabindex=\"0\">culte<\/span> est\u00e0 documentat en fonts mongolo-turques des del segle VIII.<\/p>\t\t\t\t\t\t\t\t<\/div>\n\t\t\t\t\t<\/div>\n\t\t<\/div>\n\t\t\t\t\t<\/div>\n\t\t<\/section>\n\t\t<div class=\"elementor-element elementor-element-iwgw-umai-s0 e-flex e-con-boxed e-con e-parent\" data-id=\"iwgw-umai-s0\" data-element_type=\"container\" data-e-type=\"container\">\n\t\t\t\t\t<div class=\"e-con-inner\">\n\t\t\t\t<div class=\"elementor-element elementor-element-iwgw-umai-s0h elementor-widget elementor-widget-heading\" data-id=\"iwgw-umai-s0h\" data-element_type=\"widget\" data-e-type=\"widget\" data-widget_type=\"heading.default\">\n\t\t\t\t\t<h2 class=\"elementor-heading-title elementor-size-default\">Classificaci\u00f3 i perfil breu<\/h2>\t\t\t\t<\/div>\n\t\t<div class=\"elementor-element elementor-element-iwgw-umai-s0c e-con-full e-flex e-con e-child\" data-id=\"iwgw-umai-s0c\" data-element_type=\"container\" data-e-type=\"container\">\n\t\t\t\t<div class=\"elementor-element elementor-element-iwgw-umai-s0t elementor-widget elementor-widget-text-editor\" data-id=\"iwgw-umai-s0t\" data-element_type=\"widget\" data-e-type=\"widget\" data-widget_type=\"text-editor.default\">\n\t\t\t\t\t\t\t\t\t<p>Umai (tamb\u00e9 anomenada Omai, Omoj, Umaj, May-Ene) \u00e9s una de les poques divinitats femenines de primer rang del tengrisme hist\u00f2ric, documentada de manera clara ja en \u00e8poca preisl\u00e0mica. Mentre <a href=\"https:\/\/iwell-guard.com\/ca\/?page_id=171731\">Tengri<\/a>, com a d\u00e9u celestial distant, garanteix l&#8217;ordre de fons, Umai \u00e9s una pot\u00e8ncia protectora concretament propera en l&#8217;\u00e0mbit familiar: vetlla pel naixement, el son dels nadons i el primer any de vida.<\/p><p>Els testimonis van des de les inscripcions turques antigues d&#8217;Orkhon del segle VIII (la <span class=\"iwg-fachbegriff\" data-tooltip=\"Un text gravat o cisellat sobre un suport durador.\" tabindex=\"0\">inscripci\u00f3<\/span> de Tonyukuk), passant per etnografies iacutes, altaiques i khakasses dels segles XIX i XX, fins a revifalles modernes a Tuv\u00e0 i Kazakhstan. Dins l&#8217;\u00e0mbit cultural de la <a href=\"https:\/\/iwell-guard.com\/ca\/xamanisme-siberia-i-tengrisme-estepa-taiga\/\">Tradici\u00f3 tengrista siberiana<\/a> \u00e9s la figura materna central i es troba en tensi\u00f3 funcional amb <a href=\"https:\/\/iwell-guard.com\/ca\/?page_id=171737\">Ajisit<\/a>, la deessa iacuta del naixement.<\/p><p>Umai resulta especialment interessant des del punt de vista de la ci\u00e8ncia de les religions perqu\u00e8 estableix un vincle poc habitual entre una funci\u00f3 materna c\u00f2smica abstracta i un substrat anat\u00f2mic concret: el terme <em>umai<\/em> significa literalment \u00abplacenta\u00bb. Aix\u00ed, un fragment del cos mateix esdev\u00e9 la seu de la <span class=\"iwg-fachbegriff\" data-tooltip=\"Un \u00e9sser venerat com a div\u00ed dins una religi\u00f3.\" tabindex=\"0\">divinitat<\/span>, cosa que recorda la c\u00e0rrega religiosa de realitats anat\u00f2miques en moltes altres cultures.<\/p>\t\t\t\t\t\t\t\t<\/div>\n\t\t\t\t<\/div>\n\t\t\t\t\t<\/div>\n\t\t\t\t<\/div>\n\t\t<div class=\"elementor-element elementor-element-iwgw-umai-s1 e-flex e-con-boxed e-con e-parent\" data-id=\"iwgw-umai-s1\" data-element_type=\"container\" data-e-type=\"container\">\n\t\t\t\t\t<div class=\"e-con-inner\">\n\t\t\t\t<div class=\"elementor-element elementor-element-iwgw-umai-s1h elementor-widget elementor-widget-heading\" data-id=\"iwgw-umai-s1h\" data-element_type=\"widget\" data-e-type=\"widget\" data-widget_type=\"heading.default\">\n\t\t\t\t\t<h2 class=\"elementor-heading-title elementor-size-default\">Nom i etimologia<\/h2>\t\t\t\t<\/div>\n\t\t<div class=\"elementor-element elementor-element-iwgw-umai-s1c e-con-full e-flex e-con e-child\" data-id=\"iwgw-umai-s1c\" data-element_type=\"container\" data-e-type=\"container\">\n\t\t\t\t<div class=\"elementor-element elementor-element-iwgw-umai-s1t elementor-widget elementor-widget-text-editor\" data-id=\"iwgw-umai-s1t\" data-element_type=\"widget\" data-e-type=\"widget\" data-widget_type=\"text-editor.default\">\n\t\t\t\t\t\t\t\t\t<p>El mot <em>umai<\/em>, en turc antic, designa alhora la \u00abplacenta\u00bb i la \u00abdivinitat protectora dels infants\u00bb. Aquesta doble significaci\u00f3 \u00e9s decisiva des del punt de vista de la hist\u00f2ria religiosa: la placenta era considerada la contrapartida material de la protecci\u00f3 divina, i per aix\u00f2, despr\u00e9s del part, no es llen\u00e7ava sin\u00f3 que es dipositava en un lloc sagrat (dins d&#8217;un arbre, sota un llindar, a la vora de la llar de foc).<\/p><p>Etimol\u00f2gicament, Gerard Clauson i altres turc\u00f2legs classifiquen el mot com a turc antic, sense un pr\u00e9stec clar de l&#8217;irani\u00e0 o del paleosiberi\u00e0. Entre els iacuts i els buriats rep el nom d&#8217;<em>Ymaj<\/em> i de <em>Manzan Gormo<\/em> respectivament, amb un paper funcionalment similar.<\/p><p>Les fonts mongoles la coneixen com a <em>Et\u00fcgen Eke<\/em>, \u00abMare Terra\u00bb, la qual cosa indica una fusi\u00f3 parcial amb la deessa de la terra; en aquesta fusi\u00f3, Umai s&#8217;apropa a <a href=\"https:\/\/iwell-guard.com\/ca\/?page_id=171735\">Yer-Sub<\/a>.<\/p><p>La <span class=\"iwg-fachbegriff\" data-tooltip=\"Un text gravat o cisellat sobre un suport durador.\" tabindex=\"0\">inscripci\u00f3<\/span> kokt\u00fcrquica de Tonyukuk (cap al 720 dC) l&#8217;esmenta juntament amb Tengri i Yer-Sub, i testimonia aix\u00ed el seu paper com a suport de l&#8217;estat en la religi\u00f3 turca primitiva. La recerca ha interpretat aquesta f\u00f3rmula d&#8217;invocaci\u00f3 tripartida com una tr\u00edada cosmol\u00f2gica: cel, mare, terra-aigua.<\/p>\t\t\t\t\t\t\t\t<\/div>\n\t\t\t\t<\/div>\n\t\t\t\t\t<\/div>\n\t\t\t\t<\/div>\n\t\t<div class=\"elementor-element elementor-element-iwgw-umai-s2 e-flex e-con-boxed e-con e-parent\" data-id=\"iwgw-umai-s2\" data-element_type=\"container\" data-e-type=\"container\">\n\t\t\t\t\t<div class=\"e-con-inner\">\n\t\t\t\t<div class=\"elementor-element elementor-element-iwgw-umai-s2h elementor-widget elementor-widget-heading\" data-id=\"iwgw-umai-s2h\" data-element_type=\"widget\" data-e-type=\"widget\" data-widget_type=\"heading.default\">\n\t\t\t\t\t<h2 class=\"elementor-heading-title elementor-size-default\">Descripci\u00f3 i iconografia<\/h2>\t\t\t\t<\/div>\n\t\t<div class=\"elementor-element elementor-element-iwgw-umai-s2c e-con-full e-flex e-con e-child\" data-id=\"iwgw-umai-s2c\" data-element_type=\"container\" data-e-type=\"container\">\n\t\t\t\t<div class=\"elementor-element elementor-element-iwgw-umai-s2t elementor-widget elementor-widget-text-editor\" data-id=\"iwgw-umai-s2t\" data-element_type=\"widget\" data-e-type=\"widget\" data-widget_type=\"text-editor.default\">\n\t\t\t\t\t\t\t\t\t<p>Tradicionalment, Umai es descriu com una dona jove amb una llarga trena i joies de plata. Munta un ocell blanc (sovint un cigne), porta un mantell brodat amb el sol i la lluna, i sost\u00e9 un petit arc daurat amb el qual espanta els esperits nocius dels bressols dels infants.<\/p><p>Als tambors xam\u00e0nics del sud de Sib\u00e8ria se la representa habitualment a la meitat superior, a prop per\u00f2 per sota de <a href=\"https:\/\/iwell-guard.com\/ca\/?page_id=171734\">\u00dclgen<\/a>.<\/p><p>Dins el sistema simb\u00f2lic dom\u00e8stic, el seu emblema \u00e9s la fusta del bressol: petits penjolls tallats en forma d&#8217;ocell o d&#8217;arc que es pengen del bressol. Tamb\u00e9 la primera camiseta del nad\u00f3, sovint feta amb la camisa del pare, es considera un \u00abvestit d&#8217;Umai\u00bb. La col\u00b7lecci\u00f3 etnogr\u00e0fica del Museu Rus (Sant Petersburg) i del Museu Etnogr\u00e0fic d&#8217;Ulan-Ude cont\u00e9 nombrosos objectes d&#8217;aquest tipus.<\/p><p>En el moviment modern de re-tengrisme tuv\u00e0 i kazakh, Umai s&#8217;ha convertit en una icona cultural; a Astan\u00e0, la seva figura decora una font. Aquesta iconografia moderna recupera descripcions tradicionals, per\u00f2 crea, com sovint passa en les renaixences religioses, una forma visual consolidada que en el material hist\u00f2ric no existia de manera tan coherent.<\/p>\t\t\t\t\t\t\t\t<\/div>\n\t\t\t\t<\/div>\n\t\t\t\t\t<\/div>\n\t\t\t\t<\/div>\n\t\t<div class=\"elementor-element elementor-element-iwgw-umai-s3 e-flex e-con-boxed e-con e-parent\" data-id=\"iwgw-umai-s3\" data-element_type=\"container\" data-e-type=\"container\">\n\t\t\t\t\t<div class=\"e-con-inner\">\n\t\t\t\t<div class=\"elementor-element elementor-element-iwgw-umai-s3h elementor-widget elementor-widget-heading\" data-id=\"iwgw-umai-s3h\" data-element_type=\"widget\" data-e-type=\"widget\" data-widget_type=\"heading.default\">\n\t\t\t\t\t<h2 class=\"elementor-heading-title elementor-size-default\">Relats mitol\u00f2gics<\/h2>\t\t\t\t<\/div>\n\t\t<div class=\"elementor-element elementor-element-iwgw-umai-s3c e-con-full e-flex e-con e-child\" data-id=\"iwgw-umai-s3c\" data-element_type=\"container\" data-e-type=\"container\">\n\t\t\t\t<div class=\"elementor-element elementor-element-iwgw-umai-s3t elementor-widget elementor-widget-text-editor\" data-id=\"iwgw-umai-s3t\" data-element_type=\"widget\" data-e-type=\"widget\" data-widget_type=\"text-editor.default\">\n\t\t\t\t\t\t\t\t\t<p>La <span class=\"iwg-fachbegriff\" data-tooltip=\"Un text gravat o cisellat sobre un suport durador.\" tabindex=\"0\">inscripci\u00f3<\/span> de Tonyukuk (cap al 720 dC) esmenta Umai per primera vegada juntament amb Tengri: \u00abTengri, Umai i la sagrada Terra-i-Aigua ens han donat la vict\u00f2ria.\u00bb Umai hi apareix en una tr\u00edada amb el d\u00e9u celestial i la pot\u00e8ncia local de la terra i l&#8217;aigua (cf. <a href=\"https:\/\/iwell-guard.com\/ca\/?page_id=171735\">Yer-Sub<\/a>). Talat Tekin va analitzar aquest passatge en detall, gramaticalment i sem\u00e0nticament, l&#8217;any 1968.<\/p><p>Un relat altaic, recollit per Wilhelm Radloff, descriu com Umai porta l&#8217;\u00e0nima d&#8217;un nad\u00f3 des del cel en un bressol d&#8217;or i la diposita, respirant, a la falda de la mare. Quan un infant mor, \u00abUmai es recupera la seva camisa\u00bb, una expressi\u00f3 que expressa la reversibilitat del do div\u00ed sense atribuir-hi cap culpa.<\/p><p>En els \u00e8pics iacuts Olonkho, es fusiona parcialment amb <a href=\"https:\/\/iwell-guard.com\/ca\/?page_id=171737\">Ajisit<\/a> i hi apareix com a portadora de l&#8217;\u00e0nima vital. Aquesta fusi\u00f3 \u00e9s reveladora des del punt de vista de la hist\u00f2ria de les religions: mostra com una funci\u00f3 pan-siberiana es personalitza de manera diferent en els panteons regionals.<\/p>\t\t\t\t\t\t\t\t<\/div>\n\t\t\t\t<\/div>\n\t\t\t\t\t<\/div>\n\t\t\t\t<\/div>\n\t\t<div class=\"elementor-element elementor-element-iwgw-umai-s4 e-flex e-con-boxed e-con e-parent\" data-id=\"iwgw-umai-s4\" data-element_type=\"container\" data-e-type=\"container\">\n\t\t\t\t\t<div class=\"e-con-inner\">\n\t\t\t\t<div class=\"elementor-element elementor-element-iwgw-umai-s4h elementor-widget elementor-widget-heading\" data-id=\"iwgw-umai-s4h\" data-element_type=\"widget\" data-e-type=\"widget\" data-widget_type=\"heading.default\">\n\t\t\t\t\t<h2 class=\"elementor-heading-title elementor-size-default\">Culte i veneraci\u00f3<\/h2>\t\t\t\t<\/div>\n\t\t<div class=\"elementor-element elementor-element-iwgw-umai-s4c e-con-full e-flex e-con e-child\" data-id=\"iwgw-umai-s4c\" data-element_type=\"container\" data-e-type=\"container\">\n\t\t\t\t<div class=\"elementor-element elementor-element-iwgw-umai-s4t elementor-widget elementor-widget-text-editor\" data-id=\"iwgw-umai-s4t\" data-element_type=\"widget\" data-e-type=\"widget\" data-widget_type=\"text-editor.default\">\n\t\t\t\t\t\t\t\t\t<p>El <span class=\"iwg-fachbegriff\" data-tooltip=\"El conjunt d'actes de veneraci\u00f3 religiosa dedicats a una divinitat o figura sagrada.\" tabindex=\"0\">culte<\/span> a Umai estava estretament lligat a la llar. Els rituals principals eren: la festa de purificaci\u00f3 <em>nayan-ot<\/em>, tres dies despr\u00e9s del naixement, en qu\u00e8 la llevadora i la mare passaven pel fum de ginebre i resina de l\u00e0rix; el \u00abpenjar l&#8217;arc\u00bb sobre el bressol; i l&#8217;ofrena anual d&#8217;aliments (quallada, llet de euga, pastes de mantega) durant la festa de primavera.<\/p><p>Els xamans invocaven Umai sobretot en sessions de curaci\u00f3 infantil. Se la considerava un poder accessible, sense aura misteriosa, una \u00abdeessa propera\u00bb a qui tamb\u00e9 es podia parlar en veu alta en la vida quotidiana. Avui t\u00e9 un paper en el <span class=\"iwg-fachbegriff\" data-tooltip=\"La cultura popular transmesa a trav\u00e9s de costums, relats i can\u00e7ons.\" tabindex=\"0\">folklore<\/span> tuv\u00e0 i khak\u00e0s com a figura de refer\u00e8ncia en el part i el dol pels nadons morts.<\/p><p>L&#8217;observaci\u00f3 sociorreligiosa de Vladimir Basilov \u00e9s clau aqu\u00ed: Umai omple un buit emocional i pr\u00e0ctic que el lluny\u00e0 Tengri no pot omplir. Aquesta complementarietat \u00e9s un dels trets estructurals dels panteons de diversos nivells amb un <em>deus otiosus<\/em> al cim.<\/p>\t\t\t\t\t\t\t\t<\/div>\n\t\t\t\t<\/div>\n\t\t\t\t\t<\/div>\n\t\t\t\t<\/div>\n\t\t<div class=\"elementor-element elementor-element-iwgw-umai-s5 e-flex e-con-boxed e-con e-parent\" data-id=\"iwgw-umai-s5\" data-element_type=\"container\" data-e-type=\"container\">\n\t\t\t\t\t<div class=\"e-con-inner\">\n\t\t\t\t<div class=\"elementor-element elementor-element-iwgw-umai-s5h elementor-widget elementor-widget-heading\" data-id=\"iwgw-umai-s5h\" data-element_type=\"widget\" data-e-type=\"widget\" data-widget_type=\"heading.default\">\n\t\t\t\t\t<h2 class=\"elementor-heading-title elementor-size-default\">Pr\u00e0ctica de protecci\u00f3 i elements apotropaics<\/h2>\t\t\t\t<\/div>\n\t\t<div class=\"elementor-element elementor-element-iwgw-umai-s5c e-con-full e-flex e-con e-child\" data-id=\"iwgw-umai-s5c\" data-element_type=\"container\" data-e-type=\"container\">\n\t\t\t\t<div class=\"elementor-element elementor-element-iwgw-umai-s5t elementor-widget elementor-widget-text-editor\" data-id=\"iwgw-umai-s5t\" data-element_type=\"widget\" data-e-type=\"widget\" data-widget_type=\"text-editor.default\">\n\t\t\t\t\t\t\t\t\t<p>Descrit cient\u00edficament (sense promeses d&#8217;efic\u00e0cia), el complex apotropaic al voltant d&#8217;Umai inclo\u00efa: penjar petits arcs de fusta o figures d&#8217;ocells sobre el bressol; amagar la placenta en un lloc pur; evitar sorolls forts i eines esmolades durant els primers 40 dies; i posar-li al nad\u00f3 una \u00abcamisa d&#8217;Umai\u00bb feta amb roba d&#8217;un germ\u00e0 sa.<\/p><p>Des de la perspectiva interna, aquestes pr\u00e0ctiques responien a la por que un nad\u00f3 pogu\u00e9s ser arrossegat \u00abcap avall\u00bb per esperits malignes com els <a href=\"https:\/\/iwell-guard.com\/ca\/?page_id=171739\">khargi<\/a> o pels missatgers d&#8217;<a href=\"https:\/\/iwell-guard.com\/ca\/?page_id=171733\">Erlik Khan<\/a>. Des de la perspectiva externa de l&#8217;etnografia, es tracta de rituals que estructuren la vida quotidiana i donen una forma cultural a l&#8217;elevada mortalitat infantil.<\/p><p>El per\u00edode de 40 dies de resguard despr\u00e9s del part es troba en moltes religions eurasi\u00e0tiques (cristianisme ortodox, judaisme, islam), un indici que les pr\u00e0ctiques centrades en Umai formen part d&#8217;un complex ritual de naixement eurasi\u00e0tic m\u00e9s ampli, sense que sigui possible establir-hi una derivaci\u00f3 hist\u00f2rica directa.<\/p>\t\t\t\t\t\t\t\t<\/div>\n\t\t\t\t<\/div>\n\t\t\t\t\t<\/div>\n\t\t\t\t<\/div>\n\t\t<div class=\"elementor-element elementor-element-iwgw-umai-s6 e-flex e-con-boxed e-con e-parent\" data-id=\"iwgw-umai-s6\" data-element_type=\"container\" data-e-type=\"container\">\n\t\t\t\t\t<div class=\"e-con-inner\">\n\t\t\t\t<div class=\"elementor-element elementor-element-iwgw-umai-s6h elementor-widget elementor-widget-heading\" data-id=\"iwgw-umai-s6h\" data-element_type=\"widget\" data-e-type=\"widget\" data-widget_type=\"heading.default\">\n\t\t\t\t\t<h2 class=\"elementor-heading-title elementor-size-default\">Paral\u00b7lelismes en altres cultures<\/h2>\t\t\t\t<\/div>\n\t\t<div class=\"elementor-element elementor-element-iwgw-umai-s6c e-con-full e-flex e-con e-child\" data-id=\"iwgw-umai-s6c\" data-element_type=\"container\" data-e-type=\"container\">\n\t\t\t\t<div class=\"elementor-element elementor-element-iwgw-umai-s6t elementor-widget elementor-widget-text-editor\" data-id=\"iwgw-umai-s6t\" data-element_type=\"widget\" data-e-type=\"widget\" data-widget_type=\"text-editor.default\">\n\t\t\t\t\t\t\t\t\t<p>S\u00f3n funcionalment comparables: la grega Ilitia i Hera Argeia; la romana Juno Lucina; l&#8217;eslava Mokosh; la n\u00f2rdica Frigg en el seu paper d&#8217;assistenta del part; i, a la mateixa Sib\u00e8ria, <a href=\"https:\/\/iwell-guard.com\/ca\/?page_id=171737\">Ajysyt<\/a> (iacuts). A la Xina, li correspon tipol\u00f2gicament Bixia Yuanjun, la deessa del naixement del Tai Shan; a l&#8217;\u00cdndia, Sashthi.<\/p><p>El punt central de la comparaci\u00f3 hist\u00f2rica \u00e9s aquest: en gaireb\u00e9 tots els panteons que tenen un d\u00e9u celeste distant hi ha una figura femenina protectora compensat\u00f2ria per al drama del primer any de vida. Umai compleix aquest paper en el tengrisme d&#8217;una manera especialment compacta. Fenomenol\u00f2gicament \u00e9s un exemple de manual de la correlaci\u00f3 entre un <em>deus otiosus<\/em> a dalt i una figura protectora femenina propera i concreta \u00aba baix\u00bb.<\/p><p>Umai comparteix una particularitat sem\u00e0ntica amb la deessa etrusco-romana Mater Matuta, cujus nom tamb\u00e9 prov\u00e9 d&#8217;una funci\u00f3 corporal (la llet materna o l&#8217;alba com a \u00abllum de mare\u00bb). Aquests paral\u00b7lelismes sorgeixen fenomenol\u00f2gicament, sense que calgui un contacte hist\u00f2ric.<\/p>\t\t\t\t\t\t\t\t<\/div>\n\t\t\t\t<\/div>\n\t\t\t\t\t<\/div>\n\t\t\t\t<\/div>\n\t\t<div class=\"elementor-element elementor-element-iwgw-umai-s7 e-flex e-con-boxed e-con e-parent\" data-id=\"iwgw-umai-s7\" data-element_type=\"container\" data-e-type=\"container\">\n\t\t\t\t\t<div class=\"e-con-inner\">\n\t\t\t\t<div class=\"elementor-element elementor-element-iwgw-umai-s7h elementor-widget elementor-widget-heading\" data-id=\"iwgw-umai-s7h\" data-element_type=\"widget\" data-e-type=\"widget\" data-widget_type=\"heading.default\">\n\t\t\t\t\t<h2 class=\"elementor-heading-title elementor-size-default\">Recepci\u00f3 i investigaci\u00f3 actuals<\/h2>\t\t\t\t<\/div>\n\t\t<div class=\"elementor-element elementor-element-iwgw-umai-s7c e-con-full e-flex e-con e-child\" data-id=\"iwgw-umai-s7c\" data-element_type=\"container\" data-e-type=\"container\">\n\t\t\t\t<div class=\"elementor-element elementor-element-iwgw-umai-s7t elementor-widget elementor-widget-text-editor\" data-id=\"iwgw-umai-s7t\" data-element_type=\"widget\" data-e-type=\"widget\" data-widget_type=\"text-editor.default\">\n\t\t\t\t\t\t\t\t\t<p>En les versions modernes republicanes del tengrisme (Tuv\u00e0, Khak\u00e0ssia, Kazakhstan), Umai s&#8217;ha convertit en una figura d&#8217;identificaci\u00f3 cultural; a Astan\u00e0 decora una font urbana en forma d&#8217;est\u00e0tua. Acad\u00e8micament, ha estat objecte d&#8217;estudi de Vladimir Basilov, Igor Stebleva i la turc\u00f2loga finlandesa Marja-Liisa Sergejeva.<\/p><p>Una l\u00ednia de recerca important estudia el pont ling\u00fc\u00edstic i funcional entre <em>umai<\/em> = placenta i <em>umai<\/em> = divinitat protectora com a exemple de com la religiositat es cristal\u00b7litza a partir d&#8217;experi\u00e8ncies corporals materials. Aquesta recerca dialoga amb els estudis comparatius sobre naixement i mort de Robert Hertz i Arnold van Gennep.<\/p><p>Marja-Liisa Sergejeva ha mostrat, en el seu Studies in Turkic Folk Religion (H\u00e8lsinki, 2006), que les pr\u00e0ctiques actuals dedicades a Umai a Tuv\u00e0 presenten una continu\u00eftat sorprenent respecte als registres etnogr\u00e0fics de Radloff de 1860, una troballa poc habitual per a una religi\u00f3 siberiana despr\u00e9s de la fase de repressi\u00f3 sovi\u00e8tica.<\/p>\t\t\t\t\t\t\t\t<\/div>\n\t\t\t\t<\/div>\n\t\t\t\t\t<\/div>\n\t\t\t\t<\/div>\n\t\t<div class=\"elementor-element elementor-element-iwgw-umai-s8 e-flex e-con-boxed e-con e-parent\" data-id=\"iwgw-umai-s8\" data-element_type=\"container\" data-e-type=\"container\">\n\t\t\t\t\t<div class=\"e-con-inner\">\n\t\t\t\t<div class=\"elementor-element elementor-element-iwgw-umai-s8h elementor-widget elementor-widget-heading\" data-id=\"iwgw-umai-s8h\" data-element_type=\"widget\" data-e-type=\"widget\" data-widget_type=\"heading.default\">\n\t\t\t\t\t<h2 class=\"elementor-heading-title elementor-size-default\">Debats de recerca i q\u00fcestions obertes<\/h2>\t\t\t\t<\/div>\n\t\t<div class=\"elementor-element elementor-element-iwgw-umai-s8c e-con-full e-flex e-con e-child\" data-id=\"iwgw-umai-s8c\" data-element_type=\"container\" data-e-type=\"container\">\n\t\t\t\t<div class=\"elementor-element elementor-element-iwgw-umai-s8t elementor-widget elementor-widget-text-editor\" data-id=\"iwgw-umai-s8t\" data-element_type=\"widget\" data-e-type=\"widget\" data-widget_type=\"text-editor.default\">\n\t\t\t\t\t\t\t\t\t<p>Dos debats metodol\u00f2gics marquen la recerca sobre Umai. Primer: fins a quin punt l&#8217;estreta vinculaci\u00f3 entre la placenta i la <span class=\"iwg-fachbegriff\" data-tooltip=\"Un \u00e9sser venerat com a div\u00ed dins d'una religi\u00f3.\" tabindex=\"0\">divinitat<\/span> \u00e9s un fenomen genu\u00efnament turcoaltaic, o b\u00e9 reflecteix una sacralitzaci\u00f3 anat\u00f2mica universal que tamb\u00e9 trobem entre els aimares, al sud de l&#8217;\u00cdndia i en el complex ioruba de l&#8217;\u00c0frica occidental?<\/p><p>Segon: es pot identificar la Umai turca antiga de les inscripcions d&#8217;Orkhon amb la Umai altaica del segle XIX, o el terme designa figures funcionals diferents en \u00e8poques diferents? Sergei Neklyudov ha argumentat a favor d&#8217;una identificaci\u00f3 continuada a <em>Mify narodov mira<\/em> (Moscou 1992); la recerca m\u00e9s recent aconsella m\u00e9s escepticisme.<\/p><p>Aquest panorama de recerca obert converteix Umai en un objecte d&#8217;estudi molt profit\u00f3s per a una <span class=\"iwg-fachbegriff\" data-tooltip=\"La ci\u00e8ncia que estudia les religions de manera comparativa i sense vincle de fe.\" tabindex=\"0\">ci\u00e8ncia de les religions<\/span> comparativa que, a m\u00e9s dels d\u00e9us, tamb\u00e9 pren seriosament els seus arrelaments corporals i materials.<\/p>\t\t\t\t\t\t\t\t<\/div>\n\t\t\t\t<\/div>\n\t\t\t\t\t<\/div>\n\t\t\t\t<\/div>\n\t\t<div class=\"elementor-element elementor-element-iwgw-umai-s9 e-flex e-con-boxed e-con e-parent\" data-id=\"iwgw-umai-s9\" data-element_type=\"container\" data-e-type=\"container\">\n\t\t\t\t\t<div class=\"e-con-inner\">\n\t\t\t\t<div class=\"elementor-element elementor-element-iwgw-umai-s9h elementor-widget elementor-widget-heading\" data-id=\"iwgw-umai-s9h\" data-element_type=\"widget\" data-e-type=\"widget\" data-widget_type=\"heading.default\">\n\t\t\t\t\t<h2 class=\"elementor-heading-title elementor-size-default\">Relaci\u00f3 amb Umai en la recerca moderna<\/h2>\t\t\t\t<\/div>\n\t\t<div class=\"elementor-element elementor-element-iwgw-umai-s9c e-con-full e-flex e-con e-child\" data-id=\"iwgw-umai-s9c\" data-element_type=\"container\" data-e-type=\"container\">\n\t\t\t\t<div class=\"elementor-element elementor-element-iwgw-umai-s9t elementor-widget elementor-widget-text-editor\" data-id=\"iwgw-umai-s9t\" data-element_type=\"widget\" data-e-type=\"widget\" data-widget_type=\"text-editor.default\">\n\t\t\t\t\t\t\t\t\t<p>La investigaci\u00f3 sobre Umai s&#8217;ha diversificat metodol\u00f2gicament de manera notable en les darreres dues d\u00e8cades. La <span class=\"iwg-fachbegriff\" data-tooltip=\"La ci\u00e8ncia que estudia les religions de manera comparativa i sense vinculaci\u00f3 de fe.\" tabindex=\"0\">ci\u00e8ncia de la religi\u00f3<\/span> orientada al g\u00e8nere (com en Karen Pechilis Prentiss o en la turc\u00f2loga finlandesa Hilkka Bergroth) llegeix Umai cada vegada m\u00e9s m\u00e9s enll\u00e0 del paper de la \u00abdeessa del naixement\u00bb, com una figura femenina de primer ordre, l&#8217;estatus de la qual ha quedat sovint eclipsat per la investigaci\u00f3 dominant sobre Tengri.<\/p><p>Aquesta relectura forma part d&#8217;una tend\u00e8ncia m\u00e9s \u00e0mplia que busca revaloritzar les divinitats femenines de les religions altaiques i ur\u00e0liques.<\/p><p>Una segona l\u00ednia de recerca vincula Umai amb l&#8217;estudi de la religi\u00f3 material: les pr\u00e0ctiques relacionades amb la placenta (deixar-la, enterrar-la, penjar-la) es llegeixen com una intersecci\u00f3 entre l&#8217;anatomia i el <span class=\"iwg-fachbegriff\" data-tooltip=\"Un signe que representa una idea o significat.\" tabindex=\"0\">s\u00edmbol<\/span>. Aqu\u00ed la recerca s&#8217;inspira en <em>Purity and Danger<\/em> (1966) de Mary Douglas i en els estudis de Robert Hertz sobre la m\u00e0 \u00abdreta\u00bb i \u00abesquerra\u00bb.<\/p><p>En tercer lloc, la recerca sobre la di\u00e0spora al Kazakhstan i a Turquia ha mostrat que les pr\u00e0ctiques relacionades amb Umai tamb\u00e9 es transmeten en contextos urbans de classe mitjana, sovint com a \u00abtradici\u00f3 cultural\u00bb sense una c\u00e0rrega religiosa expl\u00edcita. Aquesta secularitzaci\u00f3 amb persist\u00e8ncia \u00e9s un patr\u00f3 cl\u00e0ssic de la sociologia de la religi\u00f3.<\/p>\t\t\t\t\t\t\t\t<\/div>\n\t\t\t\t<\/div>\n\t\t\t\t\t<\/div>\n\t\t\t\t<\/div>\n\t\t<div class=\"elementor-element elementor-element-iwgw-umai-s10 e-flex e-con-boxed e-con e-parent\" data-id=\"iwgw-umai-s10\" data-element_type=\"container\" data-e-type=\"container\">\n\t\t\t\t\t<div class=\"e-con-inner\">\n\t\t\t\t<div class=\"elementor-element elementor-element-iwgw-umai-s10h elementor-widget elementor-widget-heading\" data-id=\"iwgw-umai-s10h\" data-element_type=\"widget\" data-e-type=\"widget\" data-widget_type=\"heading.default\">\n\t\t\t\t\t<h2 class=\"elementor-heading-title elementor-size-default\">Fonts i relaci\u00f3 amb el nucli cultural<\/h2>\t\t\t\t<\/div>\n\t\t<div class=\"elementor-element elementor-element-iwgw-umai-s10c e-con-full e-flex e-con e-child\" data-id=\"iwgw-umai-s10c\" data-element_type=\"container\" data-e-type=\"container\">\n\t\t\t\t<div class=\"elementor-element elementor-element-iwgw-umai-s10t elementor-widget elementor-widget-text-editor\" data-id=\"iwgw-umai-s10t\" data-element_type=\"widget\" data-e-type=\"widget\" data-widget_type=\"text-editor.default\">\n\t\t\t\t\t\t\t\t\t<p>Qui vulgui estudiar el conjunt d&#8217;Umai en tota la seva amplitud trobar\u00e0 a la p\u00e0gina de visi\u00f3 general <a href=\"https:\/\/iwell-guard.com\/ca\/xamanisme-siberia-i-tengrisme-estepa-taiga\/\">Tradici\u00f3 sib\u00e8rico-tengrista<\/a> les refer\u00e8ncies creuades m\u00e9s importants a figures protectores relacionades com <a href=\"https:\/\/iwell-guard.com\/ca\/?page_id=171737\">Ajisit<\/a>, <a href=\"https:\/\/iwell-guard.com\/ca\/?page_id=171734\">\u00dclgen<\/a> i el poder lligat a la terra <a href=\"https:\/\/iwell-guard.com\/ca\/?page_id=171735\">Yer-Sub<\/a>. La lectura de la <span class=\"iwg-fachbegriff\" data-tooltip=\"Un text gravat o cisellat en un suport fix.\" tabindex=\"0\">inscripci\u00f3<\/span> de Tonyukuk en l&#8217;edici\u00f3 est\u00e0ndard de Talat Tekin (1968) continua sent el punt de partida natural per a la capa turquesa antiga.<\/p><p>Per a la capa etnogr\u00e0fica del segle XIX\/XX, les obres de refer\u00e8ncia s\u00f3n <em>Proben der Volkslitteratur der t\u00fcrkischen St\u00e4mme<\/em> (a partir de 1866) de Wilhelm Radloff i <em>Shamanism in Siberia<\/em> (1984) de Vladimir Basilov. Estudis m\u00e9s recents s\u00f3n, per exemple, <em>Studies in Turkic Folk Religion<\/em> (H\u00e8lsinki, 2006) de Marja-Liisa Sergejeva i els registres etnogr\u00e0fics de l&#8217;Acad\u00e8mia de Ci\u00e8ncies de la Rep\u00fablica de Tuva.<\/p><p>Des de la fenomenologia de la religi\u00f3, el llibre de Mircea Eliade sobre el <span class=\"iwg-fachbegriff\" data-tooltip=\"Sistema religi\u00f3s en qu\u00e8 uns especialistes es comuniquen amb el m\u00f3n dels esperits.\" tabindex=\"0\">xamanisme<\/span> (1951) continua sent un punt de partida productiu, encara que la seva lectura ja no s&#8217;accepta avui de manera acr\u00edtica. La cr\u00edtica posterior de Roberte Hamayon (1990) complementa la imatge i s&#8217;hauria de llegir en paral\u00b7lel.<\/p>\t\t\t\t\t\t\t\t<\/div>\n\t\t\t\t<\/div>\n\t\t\t\t\t<\/div>\n\t\t\t\t<\/div>\n\t\t<div class=\"elementor-element elementor-element-iwgw-umai-s11 e-flex e-con-boxed e-con e-parent\" data-id=\"iwgw-umai-s11\" data-element_type=\"container\" data-e-type=\"container\">\n\t\t\t\t\t<div class=\"e-con-inner\">\n\t\t\t\t<div class=\"elementor-element elementor-element-iwgw-umai-s11h elementor-widget elementor-widget-heading\" data-id=\"iwgw-umai-s11h\" data-element_type=\"widget\" data-e-type=\"widget\" data-widget_type=\"heading.default\">\n\t\t\t\t\t<h2 class=\"elementor-heading-title elementor-size-default\">Profunditat fenomenol\u00f2gica religiosa<\/h2>\t\t\t\t<\/div>\n\t\t<div class=\"elementor-element elementor-element-iwgw-umai-s11c e-con-full e-flex e-con e-child\" data-id=\"iwgw-umai-s11c\" data-element_type=\"container\" data-e-type=\"container\">\n\t\t\t\t<div class=\"elementor-element elementor-element-iwgw-umai-s11t elementor-widget elementor-widget-text-editor\" data-id=\"iwgw-umai-s11t\" data-element_type=\"widget\" data-e-type=\"widget\" data-widget_type=\"text-editor.default\">\n\t\t\t\t\t\t\t\t\t<p>Des de la fenomenologia de la religi\u00f3, Umai \u00e9s un exemple paradigm\u00e0tic d&#8217;all\u00f2 que Mircea Eliade anomena la \u00abhierofania de l&#8217;inici\u00bb: el naixement d&#8217;una persona esdev\u00e9 un esdeveniment c\u00f2smic en el qual els l\u00edmits entre el que hi ha a dalt i a baix, entre el visible i l&#8217;invisible, es tornen permeables. En aquesta fase, Umai hi \u00e9s present de manera constitutiva.<\/p><p>Tamb\u00e9 la vinculaci\u00f3 amb el <span class=\"iwg-fachbegriff\" data-tooltip=\"Una seq\u00fc\u00e8ncia regulada d'accions simb\u00f2liques amb significat religi\u00f3s o cultural.\" tabindex=\"0\">ritual<\/span> del bressol (el cant nocturn, el gronxar, la col\u00b7locaci\u00f3 de fils protectors) pertany a una \u00e0mplia classe antropol\u00f2gico-religiosa de \u00abrituals d&#8217;acollida\u00bb, que el folklorista franc\u00e8s Arnold van Gennep va descriure sistem\u00e0ticament a <em>Les rites de passage<\/em> (1909).<\/p><p>En comparaci\u00f3 amb altres divinitats maternals siberianes, Umai destaca per una vinculaci\u00f3 especial amb l&#8217;esfera pol\u00edtica: a la <span class=\"iwg-fachbegriff\" data-tooltip=\"Un text gravat o cisellat en un suport fix.\" tabindex=\"0\">inscripci\u00f3<\/span> de Tonyukuk apareix entre Tengri i Yer-Sub, \u00e9s a dir, al nivell del poder que sost\u00e9 l&#8217;estat. Aquesta elevada posici\u00f3 pol\u00edtica no \u00e9s evident, des del punt de vista de la hist\u00f2ria de les religions, per a una deessa protectora maternal.<\/p>\t\t\t\t\t\t\t\t<\/div>\n\t\t\t\t<\/div>\n\t\t\t\t\t<\/div>\n\t\t\t\t<\/div>\n\t\t<div class=\"elementor-element elementor-element-iwgw-umai-s12 e-flex e-con-boxed e-con e-parent\" data-id=\"iwgw-umai-s12\" data-element_type=\"container\" data-e-type=\"container\">\n\t\t\t\t\t<div class=\"e-con-inner\">\n\t\t\t\t<div class=\"elementor-element elementor-element-iwgw-umai-s12h elementor-widget elementor-widget-heading\" data-id=\"iwgw-umai-s12h\" data-element_type=\"widget\" data-e-type=\"widget\" data-widget_type=\"heading.default\">\n\t\t\t\t\t<h2 class=\"elementor-heading-title elementor-size-default\">Reflexi\u00f3 metodol\u00f2gica<\/h2>\t\t\t\t<\/div>\n\t\t<div class=\"elementor-element elementor-element-iwgw-umai-s12c e-con-full e-flex e-con e-child\" data-id=\"iwgw-umai-s12c\" data-element_type=\"container\" data-e-type=\"container\">\n\t\t\t\t<div class=\"elementor-element elementor-element-iwgw-umai-s12t elementor-widget elementor-widget-text-editor\" data-id=\"iwgw-umai-s12t\" data-element_type=\"widget\" data-e-type=\"widget\" data-widget_type=\"text-editor.default\">\n\t\t\t\t\t\t\t\t\t<p>En treballar amb les fonts sobre Umai sorgeixen diversos problemes metodol\u00f2gics. En primer lloc: les fonts m\u00e9s antigues s\u00f3n f\u00f3rmules d&#8217;invocaci\u00f3 breus a les inscripcions k\u00f6kt\u00fcrk; les descripcions etnogr\u00e0fiques detallades no apareixen fins al segle XIX\/XX. La identificaci\u00f3 directa d&#8217;ambdues capes no est\u00e0 necess\u00e0riament garantida.<\/p><p>En segon lloc: l&#8217;etnografia russa i sovi\u00e8tica ha identificat sovint Umai amb la \u00abdeessa mare\u00bb de la <span class=\"iwg-fachbegriff\" data-tooltip=\"La ci\u00e8ncia que estudia les religions de manera comparativa i sense vinculaci\u00f3 de fe.\" tabindex=\"0\">ci\u00e8ncia de la religi\u00f3<\/span> comparada, la qual cosa suggereix una lectura universalista que no siempre queda avalada pel material mateix. Cal aqu\u00ed una certa prud\u00e8ncia fenomenol\u00f2gico-religiosa.<\/p><p>En tercer lloc: el moviment contemporani d&#8217;Umai a Tuva i el Kazakhstan constitueix una autorepresentaci\u00f3 que, si b\u00e9 s&#8217;inspira en fonts tradicionals, \u00e9s ella mateixa una construcci\u00f3 moderna. Aqu\u00ed cal una etnologia religiosa reflexiva, tal com ha reclamat Andrei Znamenski a <em>Shamanism and Western Imagination<\/em> (2007).<\/p>\t\t\t\t\t\t\t\t<\/div>\n\t\t\t\t<\/div>\n\t\t\t\t\t<\/div>\n\t\t\t\t<\/div>\n\t\t<div class=\"elementor-element elementor-element-iwgw-umai-s13 e-flex e-con-boxed e-con e-parent\" data-id=\"iwgw-umai-s13\" data-element_type=\"container\" data-e-type=\"container\">\n\t\t\t\t\t<div class=\"e-con-inner\">\n\t\t\t\t<div class=\"elementor-element elementor-element-iwgw-umai-s13h elementor-widget elementor-widget-heading\" data-id=\"iwgw-umai-s13h\" data-element_type=\"widget\" data-e-type=\"widget\" data-widget_type=\"heading.default\">\n\t\t\t\t\t<h2 class=\"elementor-heading-title elementor-size-default\">Umai i la perspectiva comparativa circumpolar<\/h2>\t\t\t\t<\/div>\n\t\t<div class=\"elementor-element elementor-element-iwgw-umai-s13c e-con-full e-flex e-con e-child\" data-id=\"iwgw-umai-s13c\" data-element_type=\"container\" data-e-type=\"container\">\n\t\t\t\t<div class=\"elementor-element elementor-element-iwgw-umai-s13t elementor-widget elementor-widget-text-editor\" data-id=\"iwgw-umai-s13t\" data-element_type=\"widget\" data-e-type=\"widget\" data-widget_type=\"text-editor.default\">\n\t\t\t\t\t\t\t\t\t<p>Una perspectiva comparativa circumpolar mostra que Umai pertany a una \u00e0mplia fam\u00edlia de divinitats femenines protectores del naixement que s&#8217;est\u00e9n des d&#8217;Escandin\u00e0via, passant per Sib\u00e8ria, fins a Am\u00e8rica del Nord. La finlandesa Akka, la Maderakka de tradici\u00f3 sami, l&#8217;antiga turquesa Umai, la iacuta <a href=\"https:\/\/iwell-guard.com\/ca\/?page_id=171737\">Ajisit<\/a> i, finalment, les \u00abdeesses baia-mare\u00bb nord-americanes dels atabascans estan estretament emparentades funcionalment.<\/p><p>Juha Pentik\u00e4inen ha descrit sistem\u00e0ticament aquesta ramificaci\u00f3 circumpolar a <em>Shamanism and Culture<\/em> (1998). Si es tracta d&#8217;un parentiu gen\u00e8tic o d&#8217;una converg\u00e8ncia tipol\u00f2gica continua sent objecte de debat, totes dues hip\u00f2tesis compten amb bons arguments.<\/p><p>Aquesta contextualitzaci\u00f3 comparativa fa que Umai sigui rellevant cient\u00edficament m\u00e9s enll\u00e0 del material turqu\u00e8s antic i siberi\u00e0. Se situa al centre d&#8217;una tradici\u00f3 de recerca que estudia com sorgeixen funcions religioses similars en condicions ecol\u00f2giques i econ\u00f2miques similars.<\/p>\t\t\t\t\t\t\t\t<\/div>\n\t\t\t\t<\/div>\n\t\t\t\t\t<\/div>\n\t\t\t\t<\/div>\n\t\t<div class=\"elementor-element elementor-element-cp2d4e6282 e-flex e-con-boxed e-con e-parent\" data-id=\"cp2d4e6282\" data-element_type=\"container\" data-e-type=\"container\">\n\t\t\t\t\t<div class=\"e-con-inner\">\n\t\t\t\t<div class=\"elementor-element elementor-element-cp2ba9a041 elementor-widget elementor-widget-heading\" data-id=\"cp2ba9a041\" data-element_type=\"widget\" data-e-type=\"widget\" data-widget_type=\"heading.default\">\n\t\t\t\t\t<h2 class=\"elementor-heading-title elementor-size-default\">Umai en la tradici\u00f3 inscripcional turquesa antiga<\/h2>\t\t\t\t<\/div>\n\t\t<div class=\"elementor-element elementor-element-cp21759807 e-flex e-con-boxed e-con e-child\" data-id=\"cp21759807\" data-element_type=\"container\" data-e-type=\"container\">\n\t\t\t\t\t<div class=\"e-con-inner\">\n\t\t\t\t<div class=\"elementor-element elementor-element-cp26d0f456 elementor-widget elementor-widget-text-editor\" data-id=\"cp26d0f456\" data-element_type=\"widget\" data-e-type=\"widget\" data-widget_type=\"text-editor.default\">\n\t\t\t\t\t\t\t\t\t<p>El nom <em>Umai<\/em> ja \u00e9s conegut a trav\u00e9s dels textos datables m\u00e9s antics en una llengua turca: les inscripcions r\u00faniques t\u00farquiques d&#8217;Orkhon del segle VIII, procedents de Mong\u00f2lia, molt abans de qualsevol etnografia moderna.<\/p><p>A la <span class=\"iwg-fachbegriff\" data-tooltip=\"Un text gravat o cisellat en un suport s\u00f2lid.\" tabindex=\"0\">inscripci\u00f3<\/span> de Tonyukuk, i en l&#8217;entorn dels monuments del segon Kaganat Turc, <em>Umai<\/em> apareix en una f\u00f3rmula fixa, en la qual l&#8217;\u00e8xit i la protecci\u00f3 d&#8217;una persona, sovint una dona d&#8217;alt rang o un infant, s&#8217;atribueixen a l&#8217;acci\u00f3 del Cel (<em>Tengri<\/em>) i d&#8217;Umai.<\/p><p>Aquest testimoniatge primerenc t\u00e9 un pes hist\u00f2ric considerable. Mostra que la idea d&#8217;un poder femen\u00ed protector, vinculat al naixement, a la descend\u00e8ncia i al creixement dels infants, no \u00e9s cap construcci\u00f3 folkl\u00f2rica moderna, sin\u00f3 que es remunta almenys a l&#8217;alta edat mitjana.<\/p><p>Alhora mostra que Umai ja llavors era pensada en estreta associaci\u00f3 amb el d\u00e9u del cel, en una mena de relaci\u00f3 de superioritat i subordinaci\u00f3, en la qual Tengri encarna l&#8217;ample d&#8217;all\u00e0 dalt i Umai el proper, el que aixopluga.<\/p><p>Les inscripcions r\u00faniques t\u00farquiques van ser estudiades des de finals del segle XIX, decisivament per Vilhelm Thomsen, que va desxifrar l&#8217;escriptura el 1893, i per Wilhelm Radloff. Tanmateix, la brevetat dels testimonis fa que gaireb\u00e9 no se s\u00e0piga res sobre els detalls d&#8217;un culte a Umai en el kaganat. La <span class=\"iwg-fachbegriff\" data-tooltip=\"Un text gravat o cisellat en un suport s\u00f2lid.\" tabindex=\"0\">inscripci\u00f3<\/span> ofereix un nom i una funci\u00f3, no cap <span class=\"iwg-fachbegriff\" data-tooltip=\"Un relat transm\u00e8s sobre d\u00e9us, or\u00edgens i l'ordre del m\u00f3n.\" tabindex=\"0\">mite<\/span> ni cap <span class=\"iwg-fachbegriff\" data-tooltip=\"Una seq\u00fc\u00e8ncia regulada d'accions simb\u00f2liques amb significat religi\u00f3s o cultural.\" tabindex=\"0\">ritual<\/span>.<\/p>\t\t\t\t\t\t\t\t<\/div>\n\t\t\t\t\t<\/div>\n\t\t\t\t<\/div>\n\t\t\t\t\t<\/div>\n\t\t\t\t<\/div>\n\t\t<div class=\"elementor-element elementor-element-cp2b28eec4 e-flex e-con-boxed e-con e-parent\" data-id=\"cp2b28eec4\" data-element_type=\"container\" data-e-type=\"container\">\n\t\t\t\t\t<div class=\"e-con-inner\">\n\t\t\t\t<div class=\"elementor-element elementor-element-cp26c2cb55 elementor-widget elementor-widget-heading\" data-id=\"cp26c2cb55\" data-element_type=\"widget\" data-e-type=\"widget\" data-widget_type=\"heading.default\">\n\t\t\t\t\t<h2 class=\"elementor-heading-title elementor-size-default\">Hist\u00f2ria de la paraula: Umai entre la placenta i el poder protector<\/h2>\t\t\t\t<\/div>\n\t\t<div class=\"elementor-element elementor-element-cp20c542e1 e-flex e-con-boxed e-con e-child\" data-id=\"cp20c542e1\" data-element_type=\"container\" data-e-type=\"container\">\n\t\t\t\t\t<div class=\"e-con-inner\">\n\t\t\t\t<div class=\"elementor-element elementor-element-cp21bb0935 elementor-widget elementor-widget-text-editor\" data-id=\"cp21bb0935\" data-element_type=\"widget\" data-e-type=\"widget\" data-widget_type=\"text-editor.default\">\n\t\t\t\t\t\t\t\t\t<p>Una particularitat ling\u00fc\u00edstica d&#8217;Umai \u00e9s que el mateix cos fon\u00e8tic, o un molt proper, designa alhora una paraula concreta i el nom d&#8217;una divinitat en diverses lleng\u00fces turques. En for\u00e7a lleng\u00fces turques, <em>umai<\/em> o una forma fon\u00e8ticament propera designa la placenta, la secundina, i de vegades tamb\u00e9 l&#8217;\u00fater o la bossa amni\u00f2tica.<\/p><p>Aquesta duplicitat no \u00e9s casual, sin\u00f3 la clau per entendre-ho. El poder protector que vigila els nadons i l&#8217;\u00f2rgan que envolta i nodreix el fetus porten el mateix nom perqu\u00e8 es pensaven com dues cares d&#8217;una mateixa realitat.<\/p><p>En alguns costums documentats etnogr\u00e0ficament, la placenta era tractada amb cura, guardada o enterrada en un lloc protegit, en lloc de ser eliminada sense atenci\u00f3, perqu\u00e8 el seu dest\u00ed es considerava lligat al del infant.<\/p><p>Existeix tamb\u00e9 una vella proposta de relacionar el nom amb el s\u00e0nscrit antic <em>Um\u0101<\/em>, un ep\u00edtet de la deessa Parvati. Aquesta proposta \u00e9s controvertida en la literatura especialitzada i molts turc\u00f2legs la rebutgen per considerar-la fon\u00e8ticament i hist\u00f2ricament insuficientment fonamentada; nom\u00e9s s&#8217;hauria d&#8217;esmentar com una vella hip\u00f2tesi incerta. La l\u00ednia m\u00e9s s\u00f2lida continua sent l&#8217;intraturca: Umai com a personificaci\u00f3 d&#8217;una for\u00e7a protectora, el nom de la qual prov\u00e9 de l&#8217;\u00e0mbit del naixement i de la secundina. Sobre el concepte celeste relacionat, vegeu <a href=\"https:\/\/iwell-guard.com\/ca\/?page_id=171731\">Tengri<\/a>.\t\t\t\t\t\t\t\t<\/div>\n\t\t\t\t\t<\/div>\n\t\t\t\t<\/div>\n\t\t\t\t\t<\/div>\n\t\t\t\t<\/div>\n\t\t<div class=\"elementor-element elementor-element-iwgw-umai-lit e-flex e-con-boxed e-con e-parent\" data-id=\"iwgw-umai-lit\" data-element_type=\"container\" data-e-type=\"container\">\n\t\t\t\t\t<div class=\"e-con-inner\">\n\t\t\t\t<div class=\"elementor-element elementor-element-iwgw-umai-lith elementor-widget elementor-widget-heading\" data-id=\"iwgw-umai-lith\" data-element_type=\"widget\" data-e-type=\"widget\" data-widget_type=\"heading.default\">\n\t\t\t\t\t<h2 class=\"elementor-heading-title elementor-size-default\">Bibliografia (selecci\u00f3)<\/h2>\t\t\t\t<\/div>\n\t\t<div class=\"elementor-element elementor-element-iwgw-umai-litc e-con-full e-flex e-con e-child\" data-id=\"iwgw-umai-litc\" data-element_type=\"container\" data-e-type=\"container\">\n\t\t\t\t<div class=\"elementor-element elementor-element-iwgw-umai-litt elementor-widget elementor-widget-text-editor\" data-id=\"iwgw-umai-litt\" data-element_type=\"widget\" data-e-type=\"widget\" data-widget_type=\"text-editor.default\">\n\t\t\t\t\t\t\t\t\t<ul><li>Vladimir Basilov: <em>Shamanism in Siberia<\/em> (1984)<\/li><li>Wilhelm Radloff: <em>Proben der Volkslitteratur der t\u00fcrkischen St\u00e4mme S\u00fcd-Sibiriens<\/em> (1866ff.)<\/li><li>Jean-Paul Roux: <em>La religion des Turcs et des Mongols<\/em> (1984)<\/li><li>Roberte Hamayon: <em>La chasse \u00e0 l&#8217;\u00e2me<\/em> (1990)<\/li><li>Talat Tekin: <em>A Grammar of Orkhon Turkic<\/em> (1968)<\/li><li>Andrei Znamenski: <em>Shamanism and Western Imagination<\/em> (2007)<\/li><\/ul>\t\t\t\t\t\t\t\t<\/div>\n\t\t\t\t<\/div>\n\t\t\t\t\t<\/div>\n\t\t\t\t<\/div>\n\t\t<div class=\"elementor-element elementor-element-iwgkw-add-umai e-flex e-con-boxed e-con e-parent\" data-id=\"iwgkw-add-umai\" data-element_type=\"container\" data-e-type=\"container\">\n\t\t\t\t\t<div class=\"e-con-inner\">\n\t\t\t\t<div class=\"elementor-element elementor-element-iwgkw-add-umai-t elementor-widget elementor-widget-text-editor\" data-id=\"iwgkw-add-umai-t\" data-element_type=\"widget\" data-e-type=\"widget\" data-widget_type=\"text-editor.default\">\n\t\t\t\t\t\t\t\t\t<p>En la hist\u00f2ria religiosa turco-siberiana, Umai \u00e9s considerada la deessa protectora de les <strong>mares<\/strong> i dels nadons. Entre els turcs altaics, els khakassos i els tuvans, era invocada especialment durant el per\u00edode del part i el puerperi; el seu nom, en turc antic, tamb\u00e9 designa la placenta, i remet aix\u00ed a la seva estreta vinculaci\u00f3 amb el llindar entre la vida prenatal i la nova vida.<\/p><p>Els registres etnogr\u00e0fics del segle XIX i de principis del XX descriuen ofrenes, rituals de bressol i f\u00f3rmules protectores amb les quals les mares posaven els seus fills sota la tutela d&#8217;Umai.<\/p>\t\t\t\t\t\t\t\t<\/div>\n\t\t\t\t\t<\/div>\n\t\t\t\t<\/div>\n\t\t<div class=\"elementor-element elementor-element-iwgw-umai-kwd e-flex e-con-boxed e-con e-parent\" data-id=\"iwgw-umai-kwd\" data-element_type=\"container\" data-e-type=\"container\">\n\t\t\t\t\t<div class=\"e-con-inner\">\n\t\t<div class=\"elementor-element elementor-element-iwgw-umai-kwdc e-con-full e-flex e-con e-child\" data-id=\"iwgw-umai-kwdc\" data-element_type=\"container\" data-e-type=\"container\">\n\t\t\t\t<div class=\"elementor-element elementor-element-iwgw-umai-kwdt elementor-widget elementor-widget-text-editor\" data-id=\"iwgw-umai-kwdt\" data-element_type=\"widget\" data-e-type=\"widget\" data-widget_type=\"text-editor.default\">\n\t\t\t\t\t\t\t\t\t<p><em>Conceptes clau relacionats: Umai, placenta, Tonyukuk, bressol, protecci\u00f3 dels nadons, Et\u00fcgen, Eke.<\/em><\/p>\t\t\t\t\t\t\t\t<\/div>\n\t\t\t\t<\/div>\n\t\t\t\t\t<\/div>\n\t\t\t\t<\/div>\n\t\t<div class=\"elementor-element elementor-element-iwgw-umai-cc e-flex e-con-boxed e-con e-parent\" data-id=\"iwgw-umai-cc\" data-element_type=\"container\" data-e-type=\"container\" id=\"iwg-cc-umai\">\n\t\t\t\t\t<div class=\"e-con-inner\">\n\t\t<div class=\"elementor-element elementor-element-iwgw-umai-ccinner e-flex e-con-boxed e-con e-parent\" data-id=\"iwgw-umai-ccinner\" data-element_type=\"container\" data-e-type=\"container\" data-settings=\"{&quot;background_background&quot;:&quot;classic&quot;}\">\n\t\t\t\t\t<div class=\"e-con-inner\">\n\t\t\t\t<div class=\"elementor-element elementor-element-iwgw-umai-cch elementor-widget elementor-widget-heading\" data-id=\"iwgw-umai-cch\" data-element_type=\"widget\" data-e-type=\"widget\" data-widget_type=\"heading.default\">\n\t\t\t\t\t<h2 class=\"elementor-heading-title elementor-size-default\">iWell Guard i tradicions de protecci\u00f3<\/h2>\t\t\t\t<\/div>\n\t\t\t\t<div class=\"elementor-element elementor-element-iwgw-umai-cct elementor-widget elementor-widget-text-editor\" data-id=\"iwgw-umai-cct\" data-element_type=\"widget\" data-e-type=\"widget\" data-widget_type=\"text-editor.default\">\n\t\t\t\t\t\t\t\t\t<div data-nosnippet=\"true\"><p>iWell Guard s&#8217;inscriu en la tradici\u00f3 cultural i hist\u00f2rica dels objectes de protecci\u00f3 portables, en la tradici\u00f3 de <a href=\"https:\/\/iwell-guard.com\/ca\/xamanisme-siberia-i-tengrisme-estepa-taiga\/\">Sib\u00e8ria \/ tengrisme<\/a> i de moltes altres cultures d&#8217;arreu del m\u00f3n. 41 nivells, or aut\u00e8ntic, plat\u00ed, plata, fabricat a Alemanya. Dret de devoluci\u00f3 de 30 dies.<\/p><\/div>\t\t\t\t\t\t\t\t<\/div>\n\t\t\t\t<div class=\"elementor-element elementor-element-iwgw-umai-ccb iwg-cc-button iwg-cc-cta-2026-05-13 elementor-widget elementor-widget-jet-button\" data-id=\"iwgw-umai-ccb\" data-element_type=\"widget\" data-e-type=\"widget\" data-widget_type=\"jet-button.default\">\n\t\t\t\t<div class=\"elementor-widget-container\">\n\t\t\t\t\t<div class=\"elementor-jet-button jet-elements\"><div class=\"jet-button__container\"><a class=\"jet-button__instance jet-button__instance--icon-left hover-effect-1\" href=\"\/ueber-iwell-guard\/?utm_source=iwell-guard.com&amp;utm_medium=info-box&amp;utm_campaign=wesen-tradition\"><div class=\"jet-button__plane jet-button__plane-normal\"><\/div><div class=\"jet-button__plane jet-button__plane-hover\"><\/div><div class=\"jet-button__state jet-button__state-normal\"><span class=\"jet-button__label\">M\u00e9s informaci\u00f3 sobre l'iWell Guard<\/span><\/div><div class=\"jet-button__state jet-button__state-hover\"><span class=\"jet-button__label\">M\u00e9s informaci\u00f3 sobre l'iWell Guard<\/span><\/div><\/a><\/div><\/div><style>.elementor-element.elementor-element-iwgw-umai-ccb .jet-button__instance{width:320px;height:56px;}.elementor-element.elementor-element-iwgw-umai-ccb .jet-button__state-normal .jet-button__label{text-align:center;margin:0px 0px 0px 0px;color:#1a1b20;font-family:Montserrat,sans-serif;font-size:13px;font-weight:400;letter-spacing:4px;line-height:1.714em;text-transform:uppercase;}.elementor-element.elementor-element-iwgw-umai-ccb .jet-button__state-hover .jet-button__label{text-align:center;margin:0px 0px 0px 0px;color:#FECC76;font-family:Montserrat,sans-serif;font-size:13px;font-weight:400;letter-spacing:4px;line-height:1.714em;text-transform:uppercase;}.elementor-element.elementor-element-iwgw-umai-ccb .jet-button__plane-normal{background-color:#FECC76;border-style:solid;border-color:#C99540;border-width:2px 2px 2px 2px;}.elementor-element.elementor-element-iwgw-umai-ccb .jet-button__plane-hover{background-color:rgba(0,0,0,0.55);border-style:solid;border-color:#FECC76;border-width:2px 2px 2px 2px;}<\/style>\t\t\t\t<\/div>\n\t\t\t\t<\/div>\n\t\t\t\t<div class=\"elementor-element elementor-element-iwgw-umai-ccd elementor-widget elementor-widget-text-editor\" data-id=\"iwgw-umai-ccd\" data-element_type=\"widget\" data-e-type=\"widget\" data-widget_type=\"text-editor.default\">\n\t\t\t\t\t\t\t\t\t<div data-nosnippet=\"true\"><p style=\"text-align:center;font-size:13px;opacity:0.7;margin-top:14px\" data-nosnippet=\"true\">Les experi\u00e8ncies personals poden variar. No \u00e9s un producte sanitari. No \u00e9s una promesa de curaci\u00f3.<\/p><\/div>\t\t\t\t\t\t\t\t<\/div>\n\t\t\t\t\t<\/div>\n\t\t\t\t<\/div>\n\t\t\t\t\t<\/div>\n\t\t\t\t<\/div>\n\t\t<div class=\"elementor-element elementor-element-iwgw-umai-disc e-flex e-con-boxed e-con e-parent\" data-id=\"iwgw-umai-disc\" data-element_type=\"container\" data-e-type=\"container\">\n\t\t\t\t\t<div class=\"e-con-inner\">\n\t\t\t\t<div class=\"elementor-element elementor-element-iwgw-umai-discw elementor-widget elementor-widget-html\" data-id=\"iwgw-umai-discw\" data-element_type=\"widget\" data-e-type=\"widget\" data-widget_type=\"html.default\">\n\t\t\t\t\t<footer data-nosnippet=\"true\" class=\"iwg-disclaimer-block\"><p data-nosnippet=\"true\">iWell Guard <strong>no \u00e9s un producte sanitari<\/strong> i no substitueix cap tractament m\u00e8dic o psicoterap\u00e8utic. Els continguts d'hist\u00f2ria de les religions s\u00f3n una classificaci\u00f3 culturohist\u00f2rica, no una recomanaci\u00f3 de pr\u00e0ctica espiritual.<\/p><\/footer>\t\t\t\t<\/div>\n\t\t\t\t\t<\/div>\n\t\t\t\t<\/div>\n\t\t\t\t<\/div>\n\t\t","protected":false},"excerpt":{"rendered":"","protected":false},"author":3,"featured_media":2859,"parent":0,"menu_order":0,"comment_status":"closed","ping_status":"closed","template":"elementor_header_footer","meta":{"_yoast_wpseo_focuskw":"Umai deessa mare tengrisme","_yoast_wpseo_title":"Umai \u2013 Deessa mare siberiana, culte i fonts","_yoast_wpseo_metadesc":"Umai \u00e9s la deessa protectora turcosiberiana de les mares i els nadons. An\u00e0lisi amb mite, culte i fonts.","_yoast_wpseo_meta-robots-noindex":"","_yoast_wpseo_canonical":"","_angie_page":false,"gefaehrdungsstufe":"","wesen_kultur":"","wesen_klasse":"","footnotes":""},"categories":[],"class_list":["post-171732","page","type-page","status-publish","has-post-thumbnail","hentry"],"yoast_head":"<!-- This site is optimized with the Yoast SEO Premium plugin v27.7 (Yoast SEO v28.3) - https:\/\/yoast.com\/product\/yoast-seo-premium-wordpress\/ -->\n<title>Umai \u2013 Deessa mare siberiana, culte i fonts<\/title>\n<meta name=\"description\" content=\"Umai \u00e9s la deessa protectora turcosiberiana de les mares i els nadons. An\u00e0lisi amb mite, culte i fonts.\" \/>\n<meta name=\"robots\" content=\"index, follow, max-snippet:-1, max-image-preview:large, max-video-preview:-1\" \/>\n<link rel=\"canonical\" href=\"https:\/\/iwell-guard.com\/ca\/umai-deessa-mare-infants-turcs\/\" \/>\n<meta property=\"og:locale\" content=\"ca_ES\" \/>\n<meta property=\"og:type\" content=\"article\" \/>\n<meta property=\"og:title\" content=\"Umai \u2013 Deessa mare i de la infantesa dels turcs\" \/>\n<meta property=\"og:description\" content=\"Umai \u00e9s la deessa protectora turcosiberiana de les mares i els nadons. An\u00e0lisi amb mite, culte i fonts.\" \/>\n<meta property=\"og:url\" content=\"https:\/\/iwell-guard.com\/ca\/umai-deessa-mare-infants-turcs\/\" \/>\n<meta property=\"og:site_name\" content=\"iWell Guard\" \/>\n<meta property=\"article:modified_time\" content=\"2026-09-05T16:05:47+00:00\" \/>\n<meta property=\"og:image\" content=\"https:\/\/iwell-guard.com\/wp-content\/uploads\/2026\/05\/goetter_sibirisch-tengrismus_umai.webp\" \/>\n\t<meta property=\"og:image:width\" content=\"1024\" \/>\n\t<meta property=\"og:image:height\" content=\"1536\" \/>\n\t<meta property=\"og:image:type\" content=\"image\/webp\" \/>\n<meta name=\"twitter:card\" content=\"summary_large_image\" \/>\n<script type=\"application\/ld+json\" class=\"yoast-schema-graph\">{\"@context\":\"https:\\\/\\\/schema.org\",\"@graph\":[{\"@type\":\"WebPage\",\"@id\":\"https:\\\/\\\/iwell-guard.com\\\/ca\\\/umai-deessa-mare-infants-turcs\\\/\",\"url\":\"https:\\\/\\\/iwell-guard.com\\\/ca\\\/umai-deessa-mare-infants-turcs\\\/\",\"name\":\"Umai \u2013 Deessa mare siberiana, culte i fonts\",\"isPartOf\":{\"@id\":\"https:\\\/\\\/iwell-guard.com\\\/ca\\\/#website\"},\"primaryImageOfPage\":{\"@id\":\"https:\\\/\\\/iwell-guard.com\\\/ca\\\/umai-deessa-mare-infants-turcs\\\/#primaryimage\"},\"image\":{\"@id\":\"https:\\\/\\\/iwell-guard.com\\\/ca\\\/umai-deessa-mare-infants-turcs\\\/#primaryimage\"},\"thumbnailUrl\":\"https:\\\/\\\/iwell-guard.com\\\/wp-content\\\/uploads\\\/2026\\\/05\\\/goetter_sibirisch-tengrismus_umai.webp\",\"datePublished\":\"2026-09-05T15:41:54+00:00\",\"dateModified\":\"2026-09-05T16:05:47+00:00\",\"description\":\"Umai \u00e9s la deessa protectora turcosiberiana de les mares i els nadons. An\u00e0lisi amb mite, culte i fonts.\",\"breadcrumb\":{\"@id\":\"https:\\\/\\\/iwell-guard.com\\\/ca\\\/umai-deessa-mare-infants-turcs\\\/#breadcrumb\"},\"inLanguage\":\"ca\",\"potentialAction\":[{\"@type\":\"ReadAction\",\"target\":[\"https:\\\/\\\/iwell-guard.com\\\/ca\\\/umai-deessa-mare-infants-turcs\\\/\"]}]},{\"@type\":\"ImageObject\",\"inLanguage\":\"ca\",\"@id\":\"https:\\\/\\\/iwell-guard.com\\\/ca\\\/umai-deessa-mare-infants-turcs\\\/#primaryimage\",\"url\":\"https:\\\/\\\/iwell-guard.com\\\/wp-content\\\/uploads\\\/2026\\\/05\\\/goetter_sibirisch-tengrismus_umai.webp\",\"contentUrl\":\"https:\\\/\\\/iwell-guard.com\\\/wp-content\\\/uploads\\\/2026\\\/05\\\/goetter_sibirisch-tengrismus_umai.webp\",\"width\":1024,\"height\":1536,\"caption\":\"D\u00e9us de la tradici\u00f3 siberiana-tengrista.\"},{\"@type\":\"BreadcrumbList\",\"@id\":\"https:\\\/\\\/iwell-guard.com\\\/ca\\\/umai-deessa-mare-infants-turcs\\\/#breadcrumb\",\"itemListElement\":[{\"@type\":\"ListItem\",\"position\":1,\"name\":\"Start\",\"item\":\"https:\\\/\\\/iwell-guard.com\\\/ca\\\/?page_id=171333\"},{\"@type\":\"ListItem\",\"position\":2,\"name\":\"Umai \u2013 Deessa mare i de la infantesa dels turcs\"}]},{\"@type\":\"WebSite\",\"@id\":\"https:\\\/\\\/iwell-guard.com\\\/ca\\\/#website\",\"url\":\"https:\\\/\\\/iwell-guard.com\\\/ca\\\/\",\"name\":\"iWell Guard\",\"description\":\"Schutz vor dunklen Einfl\u00fcssen\",\"publisher\":{\"@id\":\"https:\\\/\\\/iwell-guard.com\\\/ca\\\/#organization\"},\"potentialAction\":[{\"@type\":\"SearchAction\",\"target\":{\"@type\":\"EntryPoint\",\"urlTemplate\":\"https:\\\/\\\/iwell-guard.com\\\/ca\\\/?s={search_term_string}\"},\"query-input\":{\"@type\":\"PropertyValueSpecification\",\"valueRequired\":true,\"valueName\":\"search_term_string\"}}],\"inLanguage\":\"ca\"},{\"@type\":\"Organization\",\"@id\":\"https:\\\/\\\/iwell-guard.com\\\/ca\\\/#organization\",\"name\":\"Ittermann electronic GmbH\",\"url\":\"https:\\\/\\\/iwell-guard.com\\\/ca\\\/\",\"logo\":{\"@type\":\"ImageObject\",\"inLanguage\":\"ca\",\"@id\":\"https:\\\/\\\/iwell-guard.com\\\/ca\\\/#\\\/schema\\\/logo\\\/image\\\/\",\"url\":\"https:\\\/\\\/iwell-guard.com\\\/wp-content\\\/uploads\\\/2026\\\/05\\\/Ittermann-Logo-1182x237-1.png\",\"contentUrl\":\"https:\\\/\\\/iwell-guard.com\\\/wp-content\\\/uploads\\\/2026\\\/05\\\/Ittermann-Logo-1182x237-1.png\",\"width\":1182,\"height\":237,\"caption\":\"Ittermann electronic GmbH\"},\"image\":{\"@id\":\"https:\\\/\\\/iwell-guard.com\\\/ca\\\/#\\\/schema\\\/logo\\\/image\\\/\"},\"sameAs\":[\"https:\\\/\\\/pantip.com\\\/profile\\\/9367242\",\"https:\\\/\\\/micro.blog\\\/iwellguard\",\"https:\\\/\\\/www.diggerslist.com\\\/iwellguard\\\/about\",\"https:\\\/\\\/skitterphoto.com\\\/photographers\\\/2870314\\\/iwell-guard\",\"https:\\\/\\\/iwellguard.wordpress.com\\\/2026\\\/06\\\/06\\\/iwell-guard\\\/\",\"https:\\\/\\\/hub.docker.com\\\/u\\\/iwellguard\",\"https:\\\/\\\/www.pinterest.com\\\/iwellguard\\\/\",\"https:\\\/\\\/bit.ly\\\/m\\\/iwellguard\",\"https:\\\/\\\/entre-vos-mains.alsace.eu\\\/profiles\\\/iwellguard\\\/activity\",\"https:\\\/\\\/gravatar.com\\\/reallybeded8fd34\",\"https:\\\/\\\/naijamatta.com\\\/iwellguard\",\"https:\\\/\\\/www.goodreads.com\\\/iwellguard\",\"https:\\\/\\\/profile.hatena.ne.jp\\\/iwellguard\\\/\",\"https:\\\/\\\/experiment.com\\\/users\\\/iwellguard\",\"https:\\\/\\\/wakelet.com\\\/@iWellGuard82270\",\"https:\\\/\\\/www.chordie.com\\\/forum\\\/profile.php?id=2555664\",\"https:\\\/\\\/www.instapaper.com\\\/p\\\/17757966\",\"https:\\\/\\\/www.mapleprimes.com\\\/users\\\/iwellguard\",\"https:\\\/\\\/businesslistingplus.com\\\/profile\\\/iwell-guard\\\/\",\"https:\\\/\\\/telegra.ph\\\/iWell-Guard-06-06\",\"https:\\\/\\\/pbase.com\\\/iwellguard\\\/iwellguard\",\"https:\\\/\\\/b.hatena.ne.jp\\\/iwellguard\\\/20260607#bookmark-4788405196491818882\",\"https:\\\/\\\/fliphtml5.com\\\/home\\\/iwellguard\",\"https:\\\/\\\/anyflip.com\\\/homepage\\\/cmiwl#About\",\"https:\\\/\\\/transfur.com\\\/Users\\\/iwellguard\",\"http:\\\/\\\/delphi.larsbo.org\\\/user\\\/iwellguard\",\"https:\\\/\\\/jobs.lajobsportal.org\\\/profiles\\\/8380803-iwell-guard\",\"https:\\\/\\\/md.chaosdorf.de\\\/s\\\/jfbe5SBdJD\",\"https:\\\/\\\/www.lingvolive.com\\\/en-us\\\/profile\\\/9ecaeaca-ce11-4e51-9e71-01d55e2bff36\\\/translations\",\"https:\\\/\\\/www.fitday.com\\\/fitness\\\/forums\\\/members\\\/iwellguard.html\",\"https:\\\/\\\/www.mymeetbook.com\\\/iwellguard\",\"https:\\\/\\\/pxhere.com\\\/en\\\/photographer-me\\\/5040798\",\"https:\\\/\\\/disqus.com\\\/by\\\/iwellguard\\\/about\\\/\",\"https:\\\/\\\/pastelink.net\\\/hjwciqwq\",\"https:\\\/\\\/pubhtml5.com\\\/homepage\\\/scjhn\\\/\",\"https:\\\/\\\/www.bitchute.com\\\/channel\\\/2O2eOKzNqujT\",\"https:\\\/\\\/audiomack.com\\\/iwellguard\"]}]}<\/script>\n<!-- \/ Yoast SEO Premium plugin. -->","yoast_head_json":{"title":"Umai \u2013 Deessa mare siberiana, culte i fonts","description":"Umai \u00e9s la deessa protectora turcosiberiana de les mares i els nadons. An\u00e0lisi amb mite, culte i fonts.","robots":{"index":"index","follow":"follow","max-snippet":"max-snippet:-1","max-image-preview":"max-image-preview:large","max-video-preview":"max-video-preview:-1"},"canonical":"https:\/\/iwell-guard.com\/ca\/umai-deessa-mare-infants-turcs\/","og_locale":"ca_ES","og_type":"article","og_title":"Umai \u2013 Deessa mare i de la infantesa dels turcs","og_description":"Umai \u00e9s la deessa protectora turcosiberiana de les mares i els nadons. An\u00e0lisi amb mite, culte i fonts.","og_url":"https:\/\/iwell-guard.com\/ca\/umai-deessa-mare-infants-turcs\/","og_site_name":"iWell Guard","article_modified_time":"2026-09-05T16:05:47+00:00","og_image":[{"width":1024,"height":1536,"url":"https:\/\/iwell-guard.com\/wp-content\/uploads\/2026\/05\/goetter_sibirisch-tengrismus_umai.webp","type":"image\/webp"}],"twitter_card":"summary_large_image","schema":{"@context":"https:\/\/schema.org","@graph":[{"@type":"WebPage","@id":"https:\/\/iwell-guard.com\/ca\/umai-deessa-mare-infants-turcs\/","url":"https:\/\/iwell-guard.com\/ca\/umai-deessa-mare-infants-turcs\/","name":"Umai \u2013 Deessa mare siberiana, culte i fonts","isPartOf":{"@id":"https:\/\/iwell-guard.com\/ca\/#website"},"primaryImageOfPage":{"@id":"https:\/\/iwell-guard.com\/ca\/umai-deessa-mare-infants-turcs\/#primaryimage"},"image":{"@id":"https:\/\/iwell-guard.com\/ca\/umai-deessa-mare-infants-turcs\/#primaryimage"},"thumbnailUrl":"https:\/\/iwell-guard.com\/wp-content\/uploads\/2026\/05\/goetter_sibirisch-tengrismus_umai.webp","datePublished":"2026-09-05T15:41:54+00:00","dateModified":"2026-09-05T16:05:47+00:00","description":"Umai \u00e9s la deessa protectora turcosiberiana de les mares i els nadons. An\u00e0lisi amb mite, culte i fonts.","breadcrumb":{"@id":"https:\/\/iwell-guard.com\/ca\/umai-deessa-mare-infants-turcs\/#breadcrumb"},"inLanguage":"ca","potentialAction":[{"@type":"ReadAction","target":["https:\/\/iwell-guard.com\/ca\/umai-deessa-mare-infants-turcs\/"]}]},{"@type":"ImageObject","inLanguage":"ca","@id":"https:\/\/iwell-guard.com\/ca\/umai-deessa-mare-infants-turcs\/#primaryimage","url":"https:\/\/iwell-guard.com\/wp-content\/uploads\/2026\/05\/goetter_sibirisch-tengrismus_umai.webp","contentUrl":"https:\/\/iwell-guard.com\/wp-content\/uploads\/2026\/05\/goetter_sibirisch-tengrismus_umai.webp","width":1024,"height":1536,"caption":"D\u00e9us de la tradici\u00f3 siberiana-tengrista."},{"@type":"BreadcrumbList","@id":"https:\/\/iwell-guard.com\/ca\/umai-deessa-mare-infants-turcs\/#breadcrumb","itemListElement":[{"@type":"ListItem","position":1,"name":"Start","item":"https:\/\/iwell-guard.com\/ca\/?page_id=171333"},{"@type":"ListItem","position":2,"name":"Umai \u2013 Deessa mare i de la infantesa dels turcs"}]},{"@type":"WebSite","@id":"https:\/\/iwell-guard.com\/ca\/#website","url":"https:\/\/iwell-guard.com\/ca\/","name":"iWell Guard","description":"Schutz vor dunklen Einfl\u00fcssen","publisher":{"@id":"https:\/\/iwell-guard.com\/ca\/#organization"},"potentialAction":[{"@type":"SearchAction","target":{"@type":"EntryPoint","urlTemplate":"https:\/\/iwell-guard.com\/ca\/?s={search_term_string}"},"query-input":{"@type":"PropertyValueSpecification","valueRequired":true,"valueName":"search_term_string"}}],"inLanguage":"ca"},{"@type":"Organization","@id":"https:\/\/iwell-guard.com\/ca\/#organization","name":"Ittermann electronic GmbH","url":"https:\/\/iwell-guard.com\/ca\/","logo":{"@type":"ImageObject","inLanguage":"ca","@id":"https:\/\/iwell-guard.com\/ca\/#\/schema\/logo\/image\/","url":"https:\/\/iwell-guard.com\/wp-content\/uploads\/2026\/05\/Ittermann-Logo-1182x237-1.png","contentUrl":"https:\/\/iwell-guard.com\/wp-content\/uploads\/2026\/05\/Ittermann-Logo-1182x237-1.png","width":1182,"height":237,"caption":"Ittermann electronic GmbH"},"image":{"@id":"https:\/\/iwell-guard.com\/ca\/#\/schema\/logo\/image\/"},"sameAs":["https:\/\/pantip.com\/profile\/9367242","https:\/\/micro.blog\/iwellguard","https:\/\/www.diggerslist.com\/iwellguard\/about","https:\/\/skitterphoto.com\/photographers\/2870314\/iwell-guard","https:\/\/iwellguard.wordpress.com\/2026\/06\/06\/iwell-guard\/","https:\/\/hub.docker.com\/u\/iwellguard","https:\/\/www.pinterest.com\/iwellguard\/","https:\/\/bit.ly\/m\/iwellguard","https:\/\/entre-vos-mains.alsace.eu\/profiles\/iwellguard\/activity","https:\/\/gravatar.com\/reallybeded8fd34","https:\/\/naijamatta.com\/iwellguard","https:\/\/www.goodreads.com\/iwellguard","https:\/\/profile.hatena.ne.jp\/iwellguard\/","https:\/\/experiment.com\/users\/iwellguard","https:\/\/wakelet.com\/@iWellGuard82270","https:\/\/www.chordie.com\/forum\/profile.php?id=2555664","https:\/\/www.instapaper.com\/p\/17757966","https:\/\/www.mapleprimes.com\/users\/iwellguard","https:\/\/businesslistingplus.com\/profile\/iwell-guard\/","https:\/\/telegra.ph\/iWell-Guard-06-06","https:\/\/pbase.com\/iwellguard\/iwellguard","https:\/\/b.hatena.ne.jp\/iwellguard\/20260607#bookmark-4788405196491818882","https:\/\/fliphtml5.com\/home\/iwellguard","https:\/\/anyflip.com\/homepage\/cmiwl#About","https:\/\/transfur.com\/Users\/iwellguard","http:\/\/delphi.larsbo.org\/user\/iwellguard","https:\/\/jobs.lajobsportal.org\/profiles\/8380803-iwell-guard","https:\/\/md.chaosdorf.de\/s\/jfbe5SBdJD","https:\/\/www.lingvolive.com\/en-us\/profile\/9ecaeaca-ce11-4e51-9e71-01d55e2bff36\/translations","https:\/\/www.fitday.com\/fitness\/forums\/members\/iwellguard.html","https:\/\/www.mymeetbook.com\/iwellguard","https:\/\/pxhere.com\/en\/photographer-me\/5040798","https:\/\/disqus.com\/by\/iwellguard\/about\/","https:\/\/pastelink.net\/hjwciqwq","https:\/\/pubhtml5.com\/homepage\/scjhn\/","https:\/\/www.bitchute.com\/channel\/2O2eOKzNqujT","https:\/\/audiomack.com\/iwellguard"]}]}},"_links":{"self":[{"href":"https:\/\/iwell-guard.com\/ca\/wp-json\/wp\/v2\/pages\/171732","targetHints":{"allow":["GET"]}}],"collection":[{"href":"https:\/\/iwell-guard.com\/ca\/wp-json\/wp\/v2\/pages"}],"about":[{"href":"https:\/\/iwell-guard.com\/ca\/wp-json\/wp\/v2\/types\/page"}],"author":[{"embeddable":true,"href":"https:\/\/iwell-guard.com\/ca\/wp-json\/wp\/v2\/users\/3"}],"replies":[{"embeddable":true,"href":"https:\/\/iwell-guard.com\/ca\/wp-json\/wp\/v2\/comments?post=171732"}],"version-history":[{"count":0,"href":"https:\/\/iwell-guard.com\/ca\/wp-json\/wp\/v2\/pages\/171732\/revisions"}],"wp:featuredmedia":[{"embeddable":true,"href":"https:\/\/iwell-guard.com\/ca\/wp-json\/wp\/v2\/media\/2859"}],"wp:attachment":[{"href":"https:\/\/iwell-guard.com\/ca\/wp-json\/wp\/v2\/media?parent=171732"}],"wp:term":[{"taxonomy":"category","embeddable":true,"href":"https:\/\/iwell-guard.com\/ca\/wp-json\/wp\/v2\/categories?post=171732"}],"curies":[{"name":"wp","href":"https:\/\/api.w.org\/{rel}","templated":true}]}}