{"id":171730,"date":"2026-09-05T15:41:53","date_gmt":"2026-09-05T15:41:53","guid":{"rendered":"https:\/\/iwell-guard.com\/?page_id=171730"},"modified":"2026-09-05T16:05:44","modified_gmt":"2026-09-05T16:05:44","slug":"reshef-deu-fenici-pesta-guerra","status":"publish","type":"page","link":"https:\/\/iwell-guard.com\/ca\/reshef-deu-fenici-pesta-guerra\/","title":{"rendered":"Reshef \u2013 D\u00e9u fenici de la pesta i la guerra"},"content":{"rendered":"\t\t<div data-elementor-type=\"wp-page\" data-elementor-id=\"171730\" class=\"elementor elementor-171730 elementor-2633 elementor-bc-flex-widget\" data-elementor-post-type=\"page\">\n\t\t\t\t<div class=\"elementor-element elementor-element-iwgw-reshef-hero e-flex e-con-boxed e-con e-parent\" data-id=\"iwgw-reshef-hero\" data-element_type=\"container\" data-e-type=\"container\" data-settings=\"{&quot;background_background&quot;:&quot;classic&quot;}\">\n\t\t\t\t\t<div class=\"e-con-inner\">\n\t\t<div class=\"elementor-element elementor-element-iwgw-reshef-hl e-flex e-con-boxed e-con e-child\" data-id=\"iwgw-reshef-hl\" data-element_type=\"container\" data-e-type=\"container\">\n\t\t\t\t\t<div class=\"e-con-inner\">\n\t\t<div class=\"elementor-element elementor-element-iwgw-reshef-htxt e-con-full e-flex e-con e-child\" data-id=\"iwgw-reshef-htxt\" data-element_type=\"container\" data-e-type=\"container\">\n\t\t\t\t<div class=\"elementor-element elementor-element-iwgw-reshef-h1 elementor-widget elementor-widget-heading\" data-id=\"iwgw-reshef-h1\" data-element_type=\"widget\" data-e-type=\"widget\" data-widget_type=\"heading.default\">\n\t\t\t\t\t<h1 class=\"elementor-heading-title elementor-size-default\">Reshef, d\u00e9u fenici-cananeu de la pesta i la guerra<\/h1>\t\t\t\t<\/div>\n\t\t\t\t<div class=\"elementor-element elementor-element-iwgw-reshef-lead elementor-widget elementor-widget-text-editor\" data-id=\"iwgw-reshef-lead\" data-element_type=\"widget\" data-e-type=\"widget\" data-widget_type=\"text-editor.default\">\n\t\t\t\t\t\t\t\t\t<p>Reshef (fenici <em>r\u0161p<\/em>, ugar\u00edtic <em>r\u0161p<\/em>) \u00e9s el d\u00e9u fenici-cananeu de la pesta, la guerra i l&#8217;arc. Era venerat a l&#8217;Orient Pr\u00f2xim i a l&#8217;Egipte fara\u00f2nic com una pot\u00e8ncia ambivalent: portador de malaltia i mort, i alhora d\u00e9u protector contra aquests mals.<\/p>\t\t\t\t\t\t\t\t<\/div>\n\t\t\t\t<\/div>\n\t\t<div class=\"elementor-element elementor-element-iwgw-reshef-pillc e-con-full e-flex e-con e-child\" data-id=\"iwgw-reshef-pillc\" data-element_type=\"container\" data-e-type=\"container\">\n\t\t\t\t<div class=\"elementor-element elementor-element-iwgw-reshef-pills elementor-widget elementor-widget-html\" data-id=\"iwgw-reshef-pills\" data-element_type=\"widget\" data-e-type=\"widget\" data-widget_type=\"html.default\">\n\t\t\t\t\t<div class=\"iwg-pill-row\"><span class=\"iwg-klasse-badge\" tabindex=\"0\" data-tooltip=\"D\u00e9u de la tradici\u00f3 fen\u00edcia.\">D\u00e9u<\/span><a href=\"https:\/\/iwell-guard.com\/ca\/fenicis-cartago-baal-tanit-proteccio\/\" class=\"iwg-kultur-badge\" tabindex=\"0\" data-tooltip=\"Mitologia de la tradici\u00f3 fen\u00edcia.\">Fenici<\/a><span class=\"iwg-tradition-badge\" tabindex=\"0\" data-tooltip=\"D\u00e9u de la pesta i la guerra.\">D\u00e9u de la pesta i la guerra<\/span><\/div>\t\t\t\t<\/div>\n\t\t\t\t<\/div>\n\t\t<div class=\"elementor-element elementor-element-iwgw-reshef-tocc e-con-full e-flex e-con e-child\" data-id=\"iwgw-reshef-tocc\" data-element_type=\"container\" data-e-type=\"container\">\n\t\t\t\t<div class=\"elementor-element elementor-element-iwgw-reshef-toc elementor-toc--minimized-on-tablet elementor-widget elementor-widget-table-of-contents\" data-id=\"iwgw-reshef-toc\" data-element_type=\"widget\" data-e-type=\"widget\" data-settings=\"{&quot;headings_by_tags&quot;:[&quot;h2&quot;,&quot;h3&quot;],&quot;minimize_box&quot;:&quot;yes&quot;,&quot;marker_view&quot;:&quot;bullets&quot;,&quot;no_headings_message&quot;:&quot;No s&#039;ha trobat cap encap\\u00e7alament en aquesta p\\u00e0gina.&quot;,&quot;exclude_headings_by_selector&quot;:[],&quot;icon&quot;:{&quot;value&quot;:&quot;fas fa-circle&quot;,&quot;library&quot;:&quot;fa-solid&quot;,&quot;rendered_tag&quot;:&quot;&lt;svg class=\\&quot;e-font-icon-svg e-fas-circle\\&quot; viewBox=\\&quot;0 0 512 512\\&quot; xmlns=\\&quot;http:\\\/\\\/www.w3.org\\\/2000\\\/svg\\&quot;&gt;&lt;path d=\\&quot;M256 8C119 8 8 119 8 256s111 248 248 248 248-111 248-248S393 8 256 8z\\&quot;&gt;&lt;\\\/path&gt;&lt;\\\/svg&gt;&quot;},&quot;minimized_on&quot;:&quot;tablet&quot;,&quot;hierarchical_view&quot;:&quot;yes&quot;,&quot;min_height&quot;:{&quot;unit&quot;:&quot;px&quot;,&quot;size&quot;:&quot;&quot;,&quot;sizes&quot;:[]},&quot;min_height_tablet&quot;:{&quot;unit&quot;:&quot;px&quot;,&quot;size&quot;:&quot;&quot;,&quot;sizes&quot;:[]},&quot;min_height_mobile&quot;:{&quot;unit&quot;:&quot;px&quot;,&quot;size&quot;:&quot;&quot;,&quot;sizes&quot;:[]}}\" data-widget_type=\"table-of-contents.default\">\n\t\t\t\t\t\t\t\t\t<div class=\"elementor-toc__header\">\n\t\t\t\t\t\t<h2 class=\"elementor-toc__header-title\">\n\t\t\t\t\u00cdndex\t\t\t<\/h2>\n\t\t\t\t\t\t\t\t\t\t<div class=\"elementor-toc__toggle-button elementor-toc__toggle-button--expand\" role=\"button\" tabindex=\"0\" aria-controls=\"elementor-toc__iwgw-reshef-toc\" aria-expanded=\"true\" aria-label=\"Open table of contents\"><svg aria-hidden=\"true\" class=\"e-font-icon-svg e-fas-chevron-down\" viewBox=\"0 0 448 512\" xmlns=\"http:\/\/www.w3.org\/2000\/svg\"><path d=\"M207.029 381.476L12.686 187.132c-9.373-9.373-9.373-24.569 0-33.941l22.667-22.667c9.357-9.357 24.522-9.375 33.901-.04L224 284.505l154.745-154.021c9.379-9.335 24.544-9.317 33.901.04l22.667 22.667c9.373 9.373 9.373 24.569 0 33.941L240.971 381.476c-9.373 9.372-24.569 9.372-33.942 0z\"><\/path><\/svg><\/div>\n\t\t\t\t<div class=\"elementor-toc__toggle-button elementor-toc__toggle-button--collapse\" role=\"button\" tabindex=\"0\" aria-controls=\"elementor-toc__iwgw-reshef-toc\" aria-expanded=\"true\" aria-label=\"Close table of contents\"><svg aria-hidden=\"true\" class=\"e-font-icon-svg e-fas-chevron-up\" viewBox=\"0 0 448 512\" xmlns=\"http:\/\/www.w3.org\/2000\/svg\"><path d=\"M240.971 130.524l194.343 194.343c9.373 9.373 9.373 24.569 0 33.941l-22.667 22.667c-9.357 9.357-24.522 9.375-33.901.04L224 227.495 69.255 381.516c-9.379 9.335-24.544 9.317-33.901-.04l-22.667-22.667c-9.373-9.373-9.373-24.569 0-33.941L207.03 130.525c9.372-9.373 24.568-9.373 33.941-.001z\"><\/path><\/svg><\/div>\n\t\t\t\t\t<\/div>\n\t\t\t\t<div id=\"elementor-toc__iwgw-reshef-toc\" class=\"elementor-toc__body\">\n\t\t\t<div class=\"elementor-toc__spinner-container\">\n\t\t\t\t<svg class=\"elementor-toc__spinner eicon-animation-spin e-font-icon-svg e-eicon-loading\" aria-hidden=\"true\" viewBox=\"0 0 1000 1000\" xmlns=\"http:\/\/www.w3.org\/2000\/svg\"><path d=\"M500 975V858C696 858 858 696 858 500S696 142 500 142 142 304 142 500H25C25 237 238 25 500 25S975 237 975 500 763 975 500 975Z\"><\/path><\/svg>\t\t\t<\/div>\n\t\t<\/div>\n\t\t\t\t\t\t<\/div>\n\t\t\t\t<\/div>\n\t\t\t\t\t<\/div>\n\t\t\t\t<\/div>\n\t\t<div class=\"elementor-element elementor-element-iwgw-reshef-hr e-con-full e-flex e-con e-child\" data-id=\"iwgw-reshef-hr\" data-element_type=\"container\" data-e-type=\"container\">\n\t\t\t\t<div class=\"elementor-element elementor-element-iwgw-reshef-heroimg iwg-hero-image elementor-widget elementor-widget-image\" data-id=\"iwgw-reshef-heroimg\" data-element_type=\"widget\" data-e-type=\"widget\" data-widget_type=\"image.default\">\n\t\t\t\t\t\t\t\t\t\t\t\t\t\t\t<img fetchpriority=\"high\" decoding=\"async\" width=\"683\" height=\"1024\" src=\"https:\/\/iwell-guard.com\/wp-content\/uploads\/2026\/05\/goetter_phoenizisch_reshef-683x1024.webp\" class=\"attachment-large size-large wp-image-173557\" alt=\"Reshef - D\u00e9us de la tradici\u00f3 fen\u00edcia, il\u00b7lustratiu i hist\u00f2ric\" srcset=\"https:\/\/iwell-guard.com\/wp-content\/uploads\/2026\/05\/goetter_phoenizisch_reshef-683x1024.webp 683w, https:\/\/iwell-guard.com\/wp-content\/uploads\/2026\/05\/goetter_phoenizisch_reshef-200x300.webp 200w, https:\/\/iwell-guard.com\/wp-content\/uploads\/2026\/05\/goetter_phoenizisch_reshef-768x1152.webp 768w, https:\/\/iwell-guard.com\/wp-content\/uploads\/2026\/05\/goetter_phoenizisch_reshef.webp 1024w\" sizes=\"(max-width: 683px) 100vw, 683px\" \/>\t\t\t\t\t\t\t\t\t\t\t\t\t\t\t<\/div>\n\t\t\t\t<\/div>\n\t\t\t\t\t<\/div>\n\t\t\t\t<\/div>\n\t\t\t\t<section class=\"elementor-section elementor-top-section elementor-element elementor-element-sec-iwgcomp2-reshef elementor-section-boxed elementor-section-height-default elementor-section-height-default\" data-id=\"sec-iwgcomp2-reshef\" data-element_type=\"section\" data-e-type=\"section\">\n\t\t\t\t\t\t<div class=\"elementor-container elementor-column-gap-default\">\n\t\t\t\t\t<div class=\"elementor-column elementor-col-100 elementor-top-column elementor-element elementor-element-col-iwgcomp2-reshef\" data-id=\"col-iwgcomp2-reshef\" data-element_type=\"column\" data-e-type=\"column\">\n\t\t\t<div class=\"elementor-widget-wrap elementor-element-populated\">\n\t\t\t\t\t\t<div class=\"elementor-element elementor-element-iwgcomp2-reshef elementor-widget elementor-widget-text-editor\" data-id=\"iwgcomp2-reshef\" data-element_type=\"widget\" data-e-type=\"widget\" data-widget_type=\"text-editor.default\">\n\t\t\t\t\t\t\t\t\t<p>Reshef apareix com a d\u00e9u <strong>fenici-cananeu<\/strong> de la pesta i la guerra en els textos d&#8217;Ugarit i del Llevant.<\/p>\t\t\t\t\t\t\t\t<\/div>\n\t\t\t\t\t<\/div>\n\t\t<\/div>\n\t\t\t\t\t<\/div>\n\t\t<\/section>\n\t\t<div class=\"elementor-element elementor-element-iwgw-reshef-s0 e-flex e-con-boxed e-con e-parent\" data-id=\"iwgw-reshef-s0\" data-element_type=\"container\" data-e-type=\"container\">\n\t\t\t\t\t<div class=\"e-con-inner\">\n\t\t\t\t<div class=\"elementor-element elementor-element-iwgw-reshef-s0h elementor-widget elementor-widget-heading\" data-id=\"iwgw-reshef-s0h\" data-element_type=\"widget\" data-e-type=\"widget\" data-widget_type=\"heading.default\">\n\t\t\t\t\t<h2 class=\"elementor-heading-title elementor-size-default\">Classificaci\u00f3 i perfil breu<\/h2>\t\t\t\t<\/div>\n\t\t<div class=\"elementor-element elementor-element-iwgw-reshef-s0c e-con-full e-flex e-con e-child\" data-id=\"iwgw-reshef-s0c\" data-element_type=\"container\" data-e-type=\"container\">\n\t\t\t\t<div class=\"elementor-element elementor-element-iwgw-reshef-s0t elementor-widget elementor-widget-text-editor\" data-id=\"iwgw-reshef-s0t\" data-element_type=\"widget\" data-e-type=\"widget\" data-widget_type=\"text-editor.default\">\n\t\t\t\t\t\t\t\t\t<p>Reshef \u00e9s un dels d\u00e9us m\u00e9s antics de la tradici\u00f3 sem\u00edtica occidental; est\u00e0 documentat des de l&#8217;\u00e8poca ass\u00edria antiga (final del III mil\u00b7lenni a.C.) a Ebla i roman actiu fins al per\u00edode hel\u00b7len\u00edstic-rom\u00e0.<\/p><p>Sabatino Moscati ha mostrat a <em>Die Ph\u00f6niker<\/em> (1966) que Reshef ocupa un paper important en pr\u00e0cticament totes les ciutats-estat fen\u00edcies; el seu perfil com a d\u00e9u de la pesta i de la guerra el fa ambivalent, temut i alhora invocat per demanar ajuda.<\/p><p>Paolo Xella ha estudiat exhaustivament els textos de Reshef a <em>I testi rituali di Ugarit<\/em> (1981), i Maciej M\u00fcnnich a <em>The God Resheph<\/em> (2013). La monografia de M\u00fcnnich \u00e9s l&#8217;estudi modern m\u00e9s complet sobre aquest d\u00e9u i n&#8217;\u00e9s la refer\u00e8ncia est\u00e0ndard. Dins la <a href=\"https:\/\/iwell-guard.com\/ca\/fenicis-cartago-baal-tanit-proteccio\/\">tradici\u00f3 fen\u00edcia<\/a>, Reshef \u00e9s el d\u00e9u ambivalent protot\u00edpic de la malaltia i la mort violenta.<\/p><p>Des del punt de vista de la hist\u00f2ria de les religions, Reshef pertany a la fam\u00edlia internacional de d\u00e9us de les &#8216;fletxes de la pesta&#8217;, que apareixen en pr\u00e0cticament totes les mitologies de l&#8217;\u00c0sia occidental: Erra\/Nergal a Mesopot\u00e0mia, aspectes de d\u00e9u de la pesta de l&#8217;Apol\u00b7lo grec, l&#8217;hitita Yarri i diversos altres. Aquests d\u00e9us envien fletxes que porten malaltia i mort, per\u00f2 tamb\u00e9 poden ser invocats per demanar protecci\u00f3 contra aquests mals. Aquesta ambival\u00e8ncia \u00e9s el tret clau del perfil de Reshef.<\/p><p>Un tret notable de Reshef \u00e9s la seva relaci\u00f3 amb el cavall: en textos ugar\u00edtics de vegades se l&#8217;anomena &#8216;Reshef dels cavalls&#8217;, el qual potser fa refer\u00e8ncia a una funci\u00f3 com a d\u00e9u protector de les tropes de carros de guerra. Aquesta amplitud funcional, pesta, guerra, cavall, arc, fa de Reshef un d\u00e9u complex amb m\u00faltiples aspectes.<\/p>\t\t\t\t\t\t\t\t<\/div>\n\t\t\t\t<\/div>\n\t\t\t\t\t<\/div>\n\t\t\t\t<\/div>\n\t\t<div class=\"elementor-element elementor-element-iwgw-reshef-s1 e-flex e-con-boxed e-con e-parent\" data-id=\"iwgw-reshef-s1\" data-element_type=\"container\" data-e-type=\"container\">\n\t\t\t\t\t<div class=\"e-con-inner\">\n\t\t\t\t<div class=\"elementor-element elementor-element-iwgw-reshef-s1h elementor-widget elementor-widget-heading\" data-id=\"iwgw-reshef-s1h\" data-element_type=\"widget\" data-e-type=\"widget\" data-widget_type=\"heading.default\">\n\t\t\t\t\t<h2 class=\"elementor-heading-title elementor-size-default\">Nom i etimologia<\/h2>\t\t\t\t<\/div>\n\t\t<div class=\"elementor-element elementor-element-iwgw-reshef-s1c e-con-full e-flex e-con e-child\" data-id=\"iwgw-reshef-s1c\" data-element_type=\"container\" data-e-type=\"container\">\n\t\t\t\t<div class=\"elementor-element elementor-element-iwgw-reshef-s1t elementor-widget elementor-widget-text-editor\" data-id=\"iwgw-reshef-s1t\" data-element_type=\"widget\" data-e-type=\"widget\" data-widget_type=\"text-editor.default\">\n\t\t\t\t\t\t\t\t\t<p>El nom <em>r\u0161p<\/em> \u00e9s sem\u00edtic occidental; l&#8217;etimologia no est\u00e0 definitivament aclarida. Una interpretaci\u00f3 plausible el relaciona amb l&#8217;arrel <em>r\u0161p<\/em> &#8216;flama, llampec, espurna&#8217;, que concordaria amb la seva iconografia de fletxa i pesta. En hebreu, <em>re\u0161ef<\/em> apareix com a substantiu per a &#8216;fletxa&#8217; o &#8216;malaltia ardent&#8217; (Dt 32,24; Jb 5,7; Ct 8,6), una her\u00e8ncia sem\u00e0ntica directa.<\/p><p>En les inscripcions apareix com a <em>r\u0161p<\/em>, sovint amb ep\u00edtets: Reshef-Hagab (&#8216;Reshef de la llagosta&#8217;), Reshef-Mlk (&#8216;Reshef el rei&#8217;), Reshef-\u0160uluman (&#8216;Reshef de la pau&#8217;). Aquesta diversitat d&#8217;ep\u00edtets reflecteix les seves m\u00faltiples hip\u00f2stasis en diferents contextos locals. A Ebla apareix ja al segle XXIV a.C.; a Ugarit \u00e9s un d\u00e9u prominent.<\/p><p>A Egipte apareix des del Regne Nou com a &#8216;Reshep&#8217;, importat al <span class=\"iwg-fachbegriff\" data-tooltip=\"El conjunt dels d\u00e9us d'una religi\u00f3 o cultura.\" tabindex=\"0\">pante\u00f3<\/span> egipci. El fara\u00f3 Amenhotep II (segle XV a.C.) el venerava com a d\u00e9u de la guerra i de l&#8217;arc; en nombroses estelas de la zona de Tebes apareix com un guerrer barbut amb casc i arc.<\/p><p>La veneraci\u00f3 eg\u00edpcia de Reshef \u00e9s una notable importaci\u00f3 des del punt de vista de la hist\u00f2ria de les religions i est\u00e0 tractada extensament en els estudis d&#8217;Izak Cornelius (<em>The Iconography of the Canaanite Gods Reshef and Ba\u02bfal<\/em>, 1994).<\/p><p>Tamb\u00e9 en el material aramaic del I mil\u00b7lenni a.C. Reshef apareix en diverses inscripcions, com per exemple a l&#8217;<span class=\"iwg-fachbegriff\" data-tooltip=\"Una llosa de pedra o fusta dreta, amb inscripcions o imatges.\" tabindex=\"0\">estela<\/span> de Bar-Rakib de Sam&#8217;al (segle VIII a.C.). Aquesta tradici\u00f3 aramaica de Reshef mostra la persist\u00e8ncia de la seva veneraci\u00f3 a l&#8217;<span class=\"iwg-fachbegriff\" data-tooltip=\"\u00c8poca prehist\u00f2rica posterior a l'edat del bronze, marcada pel treball del ferro.\" tabindex=\"0\">edat del ferro<\/span> sem\u00edtica oriental.<\/p>\t\t\t\t\t\t\t\t<\/div>\n\t\t\t\t<\/div>\n\t\t\t\t\t<\/div>\n\t\t\t\t<\/div>\n\t\t<div class=\"elementor-element elementor-element-iwgw-reshef-s2 e-flex e-con-boxed e-con e-parent\" data-id=\"iwgw-reshef-s2\" data-element_type=\"container\" data-e-type=\"container\">\n\t\t\t\t\t<div class=\"e-con-inner\">\n\t\t\t\t<div class=\"elementor-element elementor-element-iwgw-reshef-s2h elementor-widget elementor-widget-heading\" data-id=\"iwgw-reshef-s2h\" data-element_type=\"widget\" data-e-type=\"widget\" data-widget_type=\"heading.default\">\n\t\t\t\t\t<h2 class=\"elementor-heading-title elementor-size-default\">Descripci\u00f3 i iconografia<\/h2>\t\t\t\t<\/div>\n\t\t<div class=\"elementor-element elementor-element-iwgw-reshef-s2c e-con-full e-flex e-con e-child\" data-id=\"iwgw-reshef-s2c\" data-element_type=\"container\" data-e-type=\"container\">\n\t\t\t\t<div class=\"elementor-element elementor-element-iwgw-reshef-s2t elementor-widget elementor-widget-text-editor\" data-id=\"iwgw-reshef-s2t\" data-element_type=\"widget\" data-e-type=\"widget\" data-widget_type=\"text-editor.default\">\n\t\t\t\t\t\t\t\t\t<p>Reshef apareix en la iconografia sem\u00edtica occidental i eg\u00edpcia com un home barbut amb un faldar curt, amb un casc o una tiara punxeguda alta, amb un arc o una destral de combat a una m\u00e0, i una llan\u00e7a o un escut a l&#8217;altra.<\/p><p>Una tradici\u00f3 iconogr\u00e0fica caracter\u00edstica el mostra amb una fletxa en la m\u00e0 al\u00e7ada, a punt de disparar; un altre tipus iconogr\u00e0fic el mostra amb un cap de gasela al front.<\/p><p>El seu animal sagrat \u00e9s la gasela; en algunes representacions cavalca una gasela o la subjecta per les banyes. La gasela \u00e9s reveladora des del punt de vista de la hist\u00f2ria de les religions: representa la rapidesa de les fletxes de la pesta i la fugacitat de la malaltia. Tamb\u00e9 el cavall i el brau apareixen ocasionalment com a animals que l&#8217;acompanyen.<\/p><p>A Egipte, Reshef sovint es representava juntament amb Min (d\u00e9u egipci de la fertilitat) i Qadeshet (deessa sem\u00edtica de l&#8217;amor, relacionada amb Astart\u00e9) formant una tr\u00edada; aquesta tr\u00edada &#8216;Reshef-Min-Qadeshet&#8217; apareix en diverses estelas de Memfis i Tanis. Aquesta tr\u00edada eg\u00edpcia \u00e9s un desenvolupament hist\u00f2ric propi que no est\u00e0 documentat com a tal a la Fen\u00edcia mare.<\/p><p>Una tradici\u00f3 iconogr\u00e0fica eg\u00edpcia particular mostra Reshef amb la caracter\u00edstica corona &#8216;\u0160sm&#8217; feta d&#8217;anells o tiares punxegudes, una convenci\u00f3 que el distingeix dels d\u00e9us egipcis i marca el seu origen sem\u00edtic.<\/p>\t\t\t\t\t\t\t\t<\/div>\n\t\t\t\t<\/div>\n\t\t\t\t\t<\/div>\n\t\t\t\t<\/div>\n\t\t<div class=\"elementor-element elementor-element-iwgw-reshef-s3 e-flex e-con-boxed e-con e-parent\" data-id=\"iwgw-reshef-s3\" data-element_type=\"container\" data-e-type=\"container\">\n\t\t\t\t\t<div class=\"e-con-inner\">\n\t\t\t\t<div class=\"elementor-element elementor-element-iwgw-reshef-s3h elementor-widget elementor-widget-heading\" data-id=\"iwgw-reshef-s3h\" data-element_type=\"widget\" data-e-type=\"widget\" data-widget_type=\"heading.default\">\n\t\t\t\t\t<h2 class=\"elementor-heading-title elementor-size-default\">Relats mitol\u00f2gics<\/h2>\t\t\t\t<\/div>\n\t\t<div class=\"elementor-element elementor-element-iwgw-reshef-s3c e-con-full e-flex e-con e-child\" data-id=\"iwgw-reshef-s3c\" data-element_type=\"container\" data-e-type=\"container\">\n\t\t\t\t<div class=\"elementor-element elementor-element-iwgw-reshef-s3t elementor-widget elementor-widget-text-editor\" data-id=\"iwgw-reshef-s3t\" data-element_type=\"widget\" data-e-type=\"widget\" data-widget_type=\"text-editor.default\">\n\t\t\t\t\t\t\t\t\t<p>Pr\u00e0cticament no s&#8217;han conservat mites propis sobre Reshef; \u00e9s sobretot una figura ritual i cultual. En els textos ugar\u00edtics apareix ocasionalment com a d\u00e9u missatger o d\u00e9u de la malaltia, sense una seq\u00fc\u00e8ncia narrativa pr\u00f2pia. En les inscripcions fen\u00edcies se l&#8217;invoca com a d\u00e9u de la pesta i de la guerra, sense un rerefons mitol\u00f2gic.<\/p><p>Una narraci\u00f3 fragment\u00e0ria vincula Reshef amb les &#8216;Set Fletxes&#8217;, que llan\u00e7a contra els enemics d&#8217;Israel (segons el material hebreu) o contra els enemics dels fenicis (en textos sem\u00edtics occidentals).<\/p><p>En el llibre hebreu d&#8217;Habacuc (Ha 3,5) Reshef apareix com a acompanyant de Jahv\u00e8, avan\u00e7ant davant del guerrer div\u00ed: &#8216;Davant seu va la pesta, i Reshef segueix els seus passos.&#8217; Aquesta doble aparici\u00f3 \u00e9s rellevant per a la hist\u00f2ria de les religions i mostra la persist\u00e8ncia de les representacions de Reshef en la tradici\u00f3 po\u00e8tica hebrea.<\/p><p>A l&#8217;Epopeia d&#8217;Aqhat i a l&#8217;Epopeia de Keret, Reshef \u00e9s invocat ocasionalment, sense apar\u00e8ixer com a personatge actiu. Maciej M\u00fcnnich, a <em>The God Resheph<\/em> (2013), ha revisat i comentat tot el material textual disponible; la manca de mites al voltant de Reshef \u00e9s una constataci\u00f3, no una mancan\u00e7a de la <span class=\"iwg-fachbegriff\" data-tooltip=\"La transmissi\u00f3 de coneixements i relats al llarg de generacions.\" tabindex=\"0\">tradici\u00f3<\/span>.<\/p><p>En la visi\u00f3 teof\u00e0nica d&#8217;Habacuc (Ha 3,3-6) Reshef apareix en una constel\u00b7laci\u00f3 impressionant: davant de Jahv\u00e8 avancen la &#8216;Pesta&#8217; (Dever) i &#8216;Reshef&#8217; com a avantguardes c\u00f2smiques.<\/p><p>Aquesta troballa hebrea tardana \u00e9s hist\u00f2ricament molt reveladora, ja que documenta la persist\u00e8ncia de les representacions de Reshef en la <span class=\"iwg-fachbegriff\" data-tooltip=\"La disciplina cient\u00edfica que estudia D\u00e9u i la fe d'una religi\u00f3.\" tabindex=\"0\">teologia<\/span> monoteista; el d\u00e9u independent es converteix aqu\u00ed en un &#8216;missatger div\u00ed&#8217; o en una personificaci\u00f3 dels instruments de c\u00e0stig de Jahv\u00e8.<\/p>\t\t\t\t\t\t\t\t<\/div>\n\t\t\t\t<\/div>\n\t\t\t\t\t<\/div>\n\t\t\t\t<\/div>\n\t\t<div class=\"elementor-element elementor-element-iwgw-reshef-s4 e-flex e-con-boxed e-con e-parent\" data-id=\"iwgw-reshef-s4\" data-element_type=\"container\" data-e-type=\"container\">\n\t\t\t\t\t<div class=\"e-con-inner\">\n\t\t\t\t<div class=\"elementor-element elementor-element-iwgw-reshef-s4h elementor-widget elementor-widget-heading\" data-id=\"iwgw-reshef-s4h\" data-element_type=\"widget\" data-e-type=\"widget\" data-widget_type=\"heading.default\">\n\t\t\t\t\t<h2 class=\"elementor-heading-title elementor-size-default\">Culte i veneraci\u00f3<\/h2>\t\t\t\t<\/div>\n\t\t<div class=\"elementor-element elementor-element-iwgw-reshef-s4c e-con-full e-flex e-con e-child\" data-id=\"iwgw-reshef-s4c\" data-element_type=\"container\" data-e-type=\"container\">\n\t\t\t\t<div class=\"elementor-element elementor-element-iwgw-reshef-s4t elementor-widget elementor-widget-text-editor\" data-id=\"iwgw-reshef-s4t\" data-element_type=\"widget\" data-e-type=\"widget\" data-widget_type=\"text-editor.default\">\n\t\t\t\t\t\t\t\t\t<p>Els principals centres de culte de Reshef a Fen\u00edcia eren Biblos, Tir, Sid\u00f3, Beirut, Idalion a Xipre i Sarepta. En l&#8217;Egipte fara\u00f2nic era venerat a Memfis i Tanis; alguns textos esmenten una &#8216;ciutat de Reshef&#8217; pr\u00f2pia (l&#8217;actual Tell Reshef a Fen\u00edcia?), per\u00f2 l&#8217;arqueologia no l&#8217;ha identificada de manera concloent.<\/p><p>La base documental m\u00e9s important s\u00f3n les estales i les inscripcions votives; a Cartago, Motya i Sulcis, Reshef apareix regularment com a receptor d&#8217;ofrenes votives, sovint juntament amb <a href=\"https:\/\/iwell-guard.com\/ca\/?page_id=171725\">Baal-Hammon<\/a>, <a href=\"https:\/\/iwell-guard.com\/ca\/?page_id=171724\">Tanit<\/a> o <a href=\"https:\/\/iwell-guard.com\/ca\/?page_id=171726\">Eshmun<\/a>. Charles Krahmalkov, a <em>A Phoenician-Punic Grammar<\/em> (2001), i Wolfgang R\u00f6llig, a les <em>Kanaan\u00e4ische und aram\u00e4ische Inschriften<\/em>, han recopilat els testimonis epigr\u00e0fics m\u00e9s importants.<\/p><p>En l&#8217;Egipte fara\u00f2nic, Reshef pertanyia a la categoria dels &#8216;d\u00e9us asi\u00e0tics&#8217;, promoguts activament durant el Regne Nou.<\/p><p>El fara\u00f3 Amenhotep II i els seus successors el veneraven com a d\u00e9u de l&#8217;arc i de la guerra; les estales de Reshef apareixen fins i tot en l&#8217;\u00e0mbit reial, per exemple a les tombes reials de Tebes. Els faraons s&#8217;identificaven amb Reshef com a figura guerrera i s&#8217;apropiaven del seu poder protector per a la persona reial.<\/p><p>En l&#8217;Egipte fara\u00f2nic, Reshef tamb\u00e9 era venerat per particulars; una famosa <span class=\"iwg-fachbegriff\" data-tooltip=\"Una llosa de pedra o fusta dreta, gravada o decorada amb imatges.\" tabindex=\"0\">estela<\/span> de Tanis mostra un particular anomenat &#8216;Pa-Aper-Reshef&#8217; que adre\u00e7a al d\u00e9u una s\u00faplica de curaci\u00f3 d&#8217;una malaltia ocular. Aquesta pietat privada \u00e9s un indici important de la difusi\u00f3 popular del culte en l&#8217;Egipte del Regne Nou.<\/p>\t\t\t\t\t\t\t\t<\/div>\n\t\t\t\t<\/div>\n\t\t\t\t\t<\/div>\n\t\t\t\t<\/div>\n\t\t<div class=\"elementor-element elementor-element-iwgw-reshef-s5 e-flex e-con-boxed e-con e-parent\" data-id=\"iwgw-reshef-s5\" data-element_type=\"container\" data-e-type=\"container\">\n\t\t\t\t\t<div class=\"e-con-inner\">\n\t\t\t\t<div class=\"elementor-element elementor-element-iwgw-reshef-s5h elementor-widget elementor-widget-heading\" data-id=\"iwgw-reshef-s5h\" data-element_type=\"widget\" data-e-type=\"widget\" data-widget_type=\"heading.default\">\n\t\t\t\t\t<h2 class=\"elementor-heading-title elementor-size-default\">Pr\u00e0ctica de protecci\u00f3 i elements apotropaics<\/h2>\t\t\t\t<\/div>\n\t\t<div class=\"elementor-element elementor-element-iwgw-reshef-s5c e-con-full e-flex e-con e-child\" data-id=\"iwgw-reshef-s5c\" data-element_type=\"container\" data-e-type=\"container\">\n\t\t\t\t<div class=\"elementor-element elementor-element-iwgw-reshef-s5t elementor-widget elementor-widget-text-editor\" data-id=\"iwgw-reshef-s5t\" data-element_type=\"widget\" data-e-type=\"widget\" data-widget_type=\"text-editor.default\">\n\t\t\t\t\t\t\t\t\t<p>La funci\u00f3 protectora de Reshef tenia una doble orientaci\u00f3: protecci\u00f3 contra les malalties (sobretot epid\u00e8mies, febres i pesta) i protecci\u00f3 en la guerra. En temps de pesta se l&#8217;invocava per posar fi a l&#8217;epid\u00e8mia; en temps de guerra, per obtenir la vict\u00f2ria sobre els enemics. Aquesta funci\u00f3 ambivalent el converteix en el d\u00e9u apotropaic protot\u00edpic.<\/p><p><span class=\"iwg-fachbegriff\" data-tooltip=\"Que allunya la desgr\u00e0cia: dit de signes i objectes destinats a mantenir a dist\u00e0ncia les influ\u00e8ncies nocives.\" tabindex=\"0\">Apotropaicament<\/span>, es col\u00b7locaven estatuetes i amulets de Reshef a les cases; s&#8217;han trobat petites figures de bronze d&#8217;un guerrer avan\u00e7ant amb la destral de guerra al\u00e7ada en nombrosos jaciments fenicis. Es duien escarabeus amb motius de l&#8217;arc de Reshef com a amulets protectors personals. A Ugarit eren habituals les fletxes de Reshef com a &#8216;amulets en forma de fletxa&#8217;.<\/p><p data-nosnippet=\"true\">En els noms de persona fenicis, els te\u00f2nims amb Reshef s\u00f3n freq\u00fcents: Bod-Reshef, Reshef-Bar, Reshef-Jaton (&#8216;Reshef ha donat&#8217;). Aquesta freq\u00fc\u00e8ncia mostra la intensa pietat privada. Des d&#8217;una perspectiva cient\u00edfica, la funci\u00f3 protectora ambivalent de Reshef \u00e9s un exemple de la concepci\u00f3 de l&#8217;Orient Pr\u00f2xim antic segons la qual el poder destructor i el poder protector poden residir en una mateixa figura. L&#8217;iWell Guard registra Reshef com a figura d&#8217;inter\u00e8s hist\u00f2ric i religi\u00f3s, sense cap relaci\u00f3 amb promeses de curaci\u00f3 actuals.<\/p><p>Els amulets en forma d&#8217;arc de Reshef eren un dels objectes protectors fenici-egipcis m\u00e9s estesos. Es dipositaven com a aixovar funerari, a les cases i als temples. La forma \u00e9s generalment un arc tibat o un arc amb fletxa; alguns porten inscrit el nom de Reshef o f\u00f3rmules protectores fen\u00edcies.<\/p>\t\t\t\t\t\t\t\t<\/div>\n\t\t\t\t<\/div>\n\t\t\t\t\t<\/div>\n\t\t\t\t<\/div>\n\t\t<div class=\"elementor-element elementor-element-iwgw-reshef-s6 e-flex e-con-boxed e-con e-parent\" data-id=\"iwgw-reshef-s6\" data-element_type=\"container\" data-e-type=\"container\">\n\t\t\t\t\t<div class=\"e-con-inner\">\n\t\t\t\t<div class=\"elementor-element elementor-element-iwgw-reshef-s6h elementor-widget elementor-widget-heading\" data-id=\"iwgw-reshef-s6h\" data-element_type=\"widget\" data-e-type=\"widget\" data-widget_type=\"heading.default\">\n\t\t\t\t\t<h2 class=\"elementor-heading-title elementor-size-default\">Paral\u00b7lelismes en altres cultures<\/h2>\t\t\t\t<\/div>\n\t\t<div class=\"elementor-element elementor-element-iwgw-reshef-s6c e-con-full e-flex e-con e-child\" data-id=\"iwgw-reshef-s6c\" data-element_type=\"container\" data-e-type=\"container\">\n\t\t\t\t<div class=\"elementor-element elementor-element-iwgw-reshef-s6t elementor-widget elementor-widget-text-editor\" data-id=\"iwgw-reshef-s6t\" data-element_type=\"widget\" data-e-type=\"widget\" data-widget_type=\"text-editor.default\">\n\t\t\t\t\t\t\t\t\t<p>Reshef est\u00e0 hist\u00f2ricament molt relacionat amb Nergal i Erra a Mesopot\u00e0mia, ambd\u00f3s d\u00e9us de la pesta i de la guerra. Amb Erra comparteix el <span class=\"iwg-fachbegriff\" data-tooltip=\"Un element de contingut recurrent en l'art o la narrativa.\" tabindex=\"0\">motiu<\/span> de la fletxa i la pesta; amb Nergal, el component infernal en alguns textos posteriors.<\/p><p>Tamb\u00e9 el d\u00e9u hitita Yarri, un d\u00e9u-arquer de la pesta, hi \u00e9s funcionalment molt proper; Volkert Haas ha tractat la tradici\u00f3 dels d\u00e9us de la pesta <a href=\"https:\/\/iwell-guard.com\/ca\/hitita-anatolic-tarhunna-deus-proteccio\/\">hitites<\/a> a <em>Materia Magica et Medica Hethitica<\/em> (2003).<\/p><p>Amb el grec Apol\u00b7lo, Reshef comparteix el component de l&#8217;arc i la pesta; a la Il\u00edada, Apol\u00b7lo dispara fletxes de pesta contra l&#8217;ex\u00e8rcit aqueu, un paral\u00b7lelisme directe amb la iconografia de Reshef. Walter Burkert va assenyalar a <em>Die orientalisierende Epoche<\/em> (1984) la probable transmissi\u00f3 del motiu de la fletxa-pesta des de l&#8217;\u00e0mbit sem\u00edtic occidental fins a la tradici\u00f3 grega d&#8217;Apol\u00b7lo.<\/p><p>En el material hebreu, Reshef encara \u00e9s present com a &#8216;re\u0161ef&#8217; per a la fletxa i la pesta; a Habacuc 3,5 apareix fins i tot com a acompanyant div\u00ed. Aquesta pres\u00e8ncia persistent de les concepcions de Reshef \u00e9s notable des del punt de vista de la hist\u00f2ria de les religions. En la tradici\u00f3 jueva i cristiana posterior es redueix a &#8216;fletxa de D\u00e9u&#8217; o &#8216;plaga&#8217;, sense divinitat pr\u00f2pia.<\/p><p>Tamb\u00e9 a l&#8217;Idalion xipriota es venerava Reshef de manera destacada; una <span class=\"iwg-fachbegriff\" data-tooltip=\"Un text gravat o esculpit en un suport permanent.\" tabindex=\"0\">inscripci\u00f3<\/span> biling\u00fce d&#8217;Idalion (segle V a.C., fenici-grec) identifica Reshef-Mikal amb el grec Apol\u00b7lo Amyklaios. Aquesta identificaci\u00f3 \u00e9s hist\u00f2ricament summament reveladora.<\/p>\t\t\t\t\t\t\t\t<\/div>\n\t\t\t\t<\/div>\n\t\t\t\t\t<\/div>\n\t\t\t\t<\/div>\n\t\t<div class=\"elementor-element elementor-element-iwgw-reshef-s7 e-flex e-con-boxed e-con e-parent\" data-id=\"iwgw-reshef-s7\" data-element_type=\"container\" data-e-type=\"container\">\n\t\t\t\t\t<div class=\"e-con-inner\">\n\t\t\t\t<div class=\"elementor-element elementor-element-iwgw-reshef-s7h elementor-widget elementor-widget-heading\" data-id=\"iwgw-reshef-s7h\" data-element_type=\"widget\" data-e-type=\"widget\" data-widget_type=\"heading.default\">\n\t\t\t\t\t<h2 class=\"elementor-heading-title elementor-size-default\">Recepci\u00f3 i investigaci\u00f3 actuals<\/h2>\t\t\t\t<\/div>\n\t\t<div class=\"elementor-element elementor-element-iwgw-reshef-s7c e-con-full e-flex e-con e-child\" data-id=\"iwgw-reshef-s7c\" data-element_type=\"container\" data-e-type=\"container\">\n\t\t\t\t<div class=\"elementor-element elementor-element-iwgw-reshef-s7t elementor-widget elementor-widget-text-editor\" data-id=\"iwgw-reshef-s7t\" data-element_type=\"widget\" data-e-type=\"widget\" data-widget_type=\"text-editor.default\">\n\t\t\t\t\t\t\t\t\t<p>La recerca sobre Reshef es troba avui a un nivell alt. La monografia de Maciej M\u00fcnnich <em>The God Resheph<\/em> (2013) \u00e9s una refer\u00e8ncia est\u00e0ndard; l&#8217;estudi iconogr\u00e0fic d&#8217;Izak Cornelius (1994) ofereix la hist\u00f2ria visual eg\u00edpcia; Paolo Xella ha editat els textos rituals d&#8217;Ugarit. Sabatino Moscati i H\u00e9l\u00e8ne Sader han aportat contribucions importants sobre la veneraci\u00f3 fen\u00edcia de Reshef.<\/p><p>En la recepci\u00f3 popular, Reshef \u00e9s conegut sobretot per la seva veneraci\u00f3 eg\u00edpcia i per les al\u00b7lusions hebreu-b\u00edbliques. No hi ha un renaixement espiritual en sentit neopag\u00e0; el d\u00e9u ambivalent de la pesta i la guerra \u00e9s massa ali\u00e8 i teol\u00f2gicament problem\u00e0tic per a les formes de pietat modernes.<\/p><p>Cient\u00edficament, Reshef \u00e9s avui considerat un objecte d&#8217;estudi central per a la teologia de la pesta i la guerra de l&#8217;Orient Pr\u00f2xim antic. Els focus de recerca actuals se centren en la diferenciaci\u00f3 de les hip\u00f2stasis locals de Reshef, en la tr\u00edada eg\u00edpcia Reshef-Min-Qadeshet i en la q\u00fcesti\u00f3 de les vies de transmissi\u00f3 cap a la tradici\u00f3 grega d&#8217;Apol\u00b7lo. iWell Guard recull Reshef com a exemple d&#8217;hist\u00f2ria de les religions, sense cap refer\u00e8ncia de protecci\u00f3 pr\u00e0ctica.<\/p><p>Les recerques actuals de Maciej M\u00fcnnich i H\u00e9l\u00e8ne Sader situen Reshef en un context hist\u00f2ric ampliat: com a representant d&#8217;una fam\u00edlia de d\u00e9us sir\u00edaco-antics i sem\u00edtics occidentals, la persist\u00e8ncia de la qual des del III mil\u00b7lenni a.C. fins a l&#8217;<span class=\"iwg-fachbegriff\" data-tooltip=\"\u00c8poca prehist\u00f2rica posterior a l'edat del bronze, marcada per l'\u00fas del ferro.\" tabindex=\"0\">edat del ferro<\/span> constitueix un fenomen notable en la hist\u00f2ria de les religions.<\/p>\t\t\t\t\t\t\t\t<\/div>\n\t\t\t\t<\/div>\n\t\t\t\t\t<\/div>\n\t\t\t\t<\/div>\n\t\t<div class=\"elementor-element elementor-element-iwgw-reshef-s8 e-flex e-con-boxed e-con e-parent\" data-id=\"iwgw-reshef-s8\" data-element_type=\"container\" data-e-type=\"container\">\n\t\t\t\t\t<div class=\"e-con-inner\">\n\t\t\t\t<div class=\"elementor-element elementor-element-iwgw-reshef-s8h elementor-widget elementor-widget-heading\" data-id=\"iwgw-reshef-s8h\" data-element_type=\"widget\" data-e-type=\"widget\" data-widget_type=\"heading.default\">\n\t\t\t\t\t<h2 class=\"elementor-heading-title elementor-size-default\">Bibliografia i fonts<\/h2>\t\t\t\t<\/div>\n\t\t<div class=\"elementor-element elementor-element-iwgw-reshef-s8c e-con-full e-flex e-con e-child\" data-id=\"iwgw-reshef-s8c\" data-element_type=\"container\" data-e-type=\"container\">\n\t\t\t\t<div class=\"elementor-element elementor-element-iwgw-reshef-s8t elementor-widget elementor-widget-text-editor\" data-id=\"iwgw-reshef-s8t\" data-element_type=\"widget\" data-e-type=\"widget\" data-widget_type=\"text-editor.default\">\n\t\t\t\t\t\t\t\t\t<p>La seg\u00fcent selecci\u00f3 reuneix les obres de refer\u00e8ncia m\u00e9s importants sobre la recerca de Reshef. Inclou monografies, estudis d&#8217;iconografia, edicions de textos i s\u00edntesis hist\u00f2riques. La monografia de M\u00fcnnich \u00e9s l&#8217;estudi modern m\u00e9s detallat; Cornelius aporta la perspectiva iconogr\u00e0fica; Xella, la base textual ritual\u00edstica; Moscati, el marc de la hist\u00f2ria cultural.<\/p>\t\t\t\t\t\t\t\t<\/div>\n\t\t\t\t<\/div>\n\t\t\t\t\t<\/div>\n\t\t\t\t<\/div>\n\t\t<div class=\"elementor-element elementor-element-cp21744d88 e-flex e-con-boxed e-con e-parent\" data-id=\"cp21744d88\" data-element_type=\"container\" data-e-type=\"container\">\n\t\t\t\t\t<div class=\"e-con-inner\">\n\t\t\t\t<div class=\"elementor-element elementor-element-cp2be1cbf0 elementor-widget elementor-widget-heading\" data-id=\"cp2be1cbf0\" data-element_type=\"widget\" data-e-type=\"widget\" data-widget_type=\"heading.default\">\n\t\t\t\t\t<h2 class=\"elementor-heading-title elementor-size-default\">Reshef en la tradici\u00f3 eg\u00edpcia del Regne Nou<\/h2>\t\t\t\t<\/div>\n\t\t<div class=\"elementor-element elementor-element-cp2c20c806 e-flex e-con-boxed e-con e-child\" data-id=\"cp2c20c806\" data-element_type=\"container\" data-e-type=\"container\">\n\t\t\t\t\t<div class=\"e-con-inner\">\n\t\t\t\t<div class=\"elementor-element elementor-element-cp2f07db72 elementor-widget elementor-widget-text-editor\" data-id=\"cp2f07db72\" data-element_type=\"widget\" data-e-type=\"widget\" data-widget_type=\"text-editor.default\">\n\t\t\t\t\t\t\t\t\t<p>Una particularitat de <em>Reshef<\/em> \u00e9s que apareix en dos corpus de fonts separats: en els textos sem\u00edtics occidentals de la seva regi\u00f3 d&#8217;origen i, de manera molt detallada, en els monuments egipcis del Regne Nou.<\/p><p>Com a m\u00e0xim durant la dinastia XVIII, Reshef va ser adoptat a Egipte, probablement a trav\u00e9s de l&#8217;estreta relaci\u00f3 militar i pol\u00edtica amb el Llevant. Els faraons de l&#8217;\u00e8poca ram\u00e8ssida es feien representar de bon grat prop de Reshef, perqu\u00e8 era considerat un d\u00e9u guerrer i poder\u00f3s.<\/p><p>En estatues eg\u00edpcies, sovint dedicades per particulars, Reshef apareix amb una iconografia fixa: un d\u00e9u caminant amb el bra\u00e7 aixecat, que empunya una ma\u00e7a o destral, sovint amb un escut i una llan\u00e7a, amb la corona del Alt Egipte al cap, al front de la qual sovint hi ha un cap de gasela en lloc de la serp uraeus.<\/p><p>Aquest cap de gasela \u00e9s considerat un dels trets identificatius m\u00e9s fiables.<\/p><p>A Egipte, la seva funci\u00f3 es va transformar. Del d\u00e9u que porta la pesta i la mort sobtada, va esdevenir alhora un d\u00e9u al qual es recorria en cerca de protecci\u00f3 i curaci\u00f3. Aix\u00f2 succe\u00efa en part en un grup amb la deessa Qadeshet i el d\u00e9u Min. Aquesta capa eg\u00edpcia \u00e9s m\u00e9s rica en fonts que algunes tradicions llevantines, per\u00f2 ja mostra Reshef en un entorn ali\u00e8.<\/p><p>Qui cerca el Reshef \u00aboriginal\u00bb ha de llegir els testimonis egipcis com una apropiaci\u00f3, no com un mirall sense modificacions.<\/p>\t\t\t\t\t\t\t\t<\/div>\n\t\t\t\t\t<\/div>\n\t\t\t\t<\/div>\n\t\t\t\t\t<\/div>\n\t\t\t\t<\/div>\n\t\t<div class=\"elementor-element elementor-element-cp2858e9e2 e-flex e-con-boxed e-con e-parent\" data-id=\"cp2858e9e2\" data-element_type=\"container\" data-e-type=\"container\">\n\t\t\t\t\t<div class=\"e-con-inner\">\n\t\t\t\t<div class=\"elementor-element elementor-element-cp2c2fb1d4 elementor-widget elementor-widget-heading\" data-id=\"cp2c2fb1d4\" data-element_type=\"widget\" data-e-type=\"widget\" data-widget_type=\"heading.default\">\n\t\t\t\t\t<h2 class=\"elementor-heading-title elementor-size-default\">Fletxa i pesta: Reshef com a senyor de l'epid\u00e8mia<\/h2>\t\t\t\t<\/div>\n\t\t<div class=\"elementor-element elementor-element-cp2d0acbb6 e-flex e-con-boxed e-con e-child\" data-id=\"cp2d0acbb6\" data-element_type=\"container\" data-e-type=\"container\">\n\t\t\t\t\t<div class=\"e-con-inner\">\n\t\t\t\t<div class=\"elementor-element elementor-element-cp28af87e0 elementor-widget elementor-widget-text-editor\" data-id=\"cp28af87e0\" data-element_type=\"widget\" data-e-type=\"widget\" data-widget_type=\"text-editor.default\">\n\t\t\t\t\t\t\t\t\t<p>El nucli de la concepci\u00f3 de Reshef en les fonts sem\u00edtiques occidentals \u00e9s la connexi\u00f3 entre arc, fletxa i epid\u00e8mia. Reshef porta malaltia i mort massiva, concebudes com a fletxes que dispara contra les persones i el bestiar.<\/p><p>Aquesta concepci\u00f3 es pot documentar a trav\u00e9s de diverses cultures: en textos ugar\u00edtics, <em>Rashap<\/em> apareix en llistes de d\u00e9us i en textos rituals; en fonts mesopot\u00e0miques se&#8217;l vincula amb el d\u00e9u de la pesta i del m\u00f3n infern Nergal.<\/p><p>Especialment reveladora \u00e9s la B\u00edblia hebrea. All\u00e0, <em>reshef<\/em> ja no \u00e9s un d\u00e9u venerat, sin\u00f3 un nom com\u00fa o una pot\u00e8ncia desdeificada. A Habacuc 3,5, D\u00e9u surt en marxa, i <em>Reshef<\/em> el segueix com una mena de sat\u00e8l\u00b7lit, al costat de la pesta.<\/p><p>En altres passatges, la paraula significa \u00abbrasa\u00bb, \u00abespurna\u00bb o precisament la malaltia de la pesta que fibla. Aquesta perviv\u00e8ncia b\u00edblica \u00e9s un exemple cl\u00e0ssic de com un d\u00e9u ve\u00ed \u00e9s rebaixat pels autors dels textos hebreus a mera for\u00e7a natural o a imatge po\u00e8tica.<\/p><p>El simbolisme de la fletxa vincula Reshef amb un ampli grup de divinitats de la pesta, com l&#8217;Apol\u00b7lo llanc\u00edvol de la poesia grega primerenca, que a l&#8217;inici de la Il\u00edada envia la pesta al campament grec. Aquest paral\u00b7lelisme es cita sovint en la recerca, per\u00f2 s&#8217;hauria d&#8217;entendre com una semblan\u00e7a tipol\u00f2gica, no com una depend\u00e8ncia directa. La monografia de refer\u00e8ncia sobre Reshef \u00e9s de William J. Fulco; aportacions importants van ser fetes tamb\u00e9 per Paolo Xella i Maciej M\u00fcnnich, l&#8217;extens estudi del qual repassa cr\u00edticament els testimonis.\t\t\t\t\t\t\t\t<\/div>\n\t\t\t\t\t<\/div>\n\t\t\t\t<\/div>\n\t\t\t\t\t<\/div>\n\t\t\t\t<\/div>\n\t\t<div class=\"elementor-element elementor-element-iwgw-reshef-lit e-flex e-con-boxed e-con e-parent\" data-id=\"iwgw-reshef-lit\" data-element_type=\"container\" data-e-type=\"container\">\n\t\t\t\t\t<div class=\"e-con-inner\">\n\t\t\t\t<div class=\"elementor-element elementor-element-iwgw-reshef-lith elementor-widget elementor-widget-heading\" data-id=\"iwgw-reshef-lith\" data-element_type=\"widget\" data-e-type=\"widget\" data-widget_type=\"heading.default\">\n\t\t\t\t\t<h2 class=\"elementor-heading-title elementor-size-default\">Bibliografia (selecci\u00f3)<\/h2>\t\t\t\t<\/div>\n\t\t<div class=\"elementor-element elementor-element-iwgw-reshef-litc e-con-full e-flex e-con e-child\" data-id=\"iwgw-reshef-litc\" data-element_type=\"container\" data-e-type=\"container\">\n\t\t\t\t<div class=\"elementor-element elementor-element-iwgw-reshef-litt elementor-widget elementor-widget-text-editor\" data-id=\"iwgw-reshef-litt\" data-element_type=\"widget\" data-e-type=\"widget\" data-widget_type=\"text-editor.default\">\n\t\t\t\t\t\t\t\t\t<div data-nosnippet=\"true\"><ul><li>Maciej M\u00fcnnich: <em>The God Resheph in the Ancient Near East<\/em> (T\u00fcbingen 2013)<\/li><li>Izak Cornelius: <em>The Iconography of the Canaanite Gods Reshef and Ba\u02bfal<\/em> (Fribourg 1994)<\/li><li>Paolo Xella: <em>I testi rituali di Ugarit<\/em> (Rom 1981)<\/li><li>Sabatino Moscati: <em>Die Ph\u00f6niker<\/em> (Stuttgart 1966)<\/li><li>H\u00e9l\u00e8ne Sader: <em>The History and Archaeology of Phoenicia<\/em> (Atlanta 2019)<\/li><li>Wolfgang R\u00f6llig: <em>Kanaan\u00e4ische und aram\u00e4ische Inschriften<\/em> (Wiesbaden, mit Donner)<\/li><\/ul><\/div>\t\t\t\t\t\t\t\t<\/div>\n\t\t\t\t<\/div>\n\t\t\t\t\t<\/div>\n\t\t\t\t<\/div>\n\t\t<div class=\"elementor-element elementor-element-iwgkw-add-reshef e-flex e-con-boxed e-con e-parent\" data-id=\"iwgkw-add-reshef\" data-element_type=\"container\" data-e-type=\"container\">\n\t\t\t\t\t<div class=\"e-con-inner\">\n\t\t\t\t<div class=\"elementor-element elementor-element-iwgkw-add-reshef-t elementor-widget elementor-widget-text-editor\" data-id=\"iwgkw-add-reshef-t\" data-element_type=\"widget\" data-e-type=\"widget\" data-widget_type=\"text-editor.default\">\n\t\t\t\t\t\t\t\t\t<p>El <em><span class=\"iwg-fachbegriff\" data-tooltip=\"El conjunt d'actes de veneraci\u00f3 religiosa dedicats a una divinitat o figura sagrada.\" tabindex=\"0\">culte<\/span><\/em> a Reshef est\u00e0 documentat des del tercer mil\u00b7lenni abans de Crist a Ebla, i m\u00e9s tard a Ugarit, Biblos i Xipre. Com a d\u00e9u de la pesta i de la guerra, se&#8217;l representava amb arc i escut; se&#8217;l considerava propagador d&#8217;epid\u00e8mies, per\u00f2 tamb\u00e9 protector dels guerrers. A Egipte, Reshef va ser incorporat al <span class=\"iwg-fachbegriff\" data-tooltip=\"El conjunt de d\u00e9us d'una religi\u00f3 o cultura.\" tabindex=\"0\">pante\u00f3<\/span> oficial sota el regnat d&#8217;Amenofis II.<\/p>\t\t\t\t\t\t\t\t<\/div>\n\t\t\t\t\t<\/div>\n\t\t\t\t<\/div>\n\t\t<div class=\"elementor-element elementor-element-iwgkw2-add-reshef e-flex e-con-boxed e-con e-parent\" data-id=\"iwgkw2-add-reshef\" data-element_type=\"container\" data-e-type=\"container\">\n\t\t\t\t\t<div class=\"e-con-inner\">\n\t\t\t\t<div class=\"elementor-element elementor-element-iwgkw2-add-reshef-t elementor-widget elementor-widget-text-editor\" data-id=\"iwgkw2-add-reshef-t\" data-element_type=\"widget\" data-e-type=\"widget\" data-widget_type=\"text-editor.default\">\n\t\t\t\t\t\t\t\t\t<p>En les fonts d&#8217;Ugarit i Cartago, Reshef \u00e9s considerat d\u00e9u <em>cananeu<\/em> i <em>fenici<\/em> de la pesta i del tir amb arc, el <span class=\"iwg-fachbegriff\" data-tooltip=\"El conjunt d'actes de veneraci\u00f3 religiosa dedicats a una divinitat o figura sagrada.\" tabindex=\"0\">culte<\/span> del qual es va estendre al llarg de la costa llevantina i a trav\u00e9s de Xipre fins a Egipte.<\/p>\t\t\t\t\t\t\t\t<\/div>\n\t\t\t\t\t<\/div>\n\t\t\t\t<\/div>\n\t\t<div class=\"elementor-element elementor-element-iwgw-reshef-kwd e-flex e-con-boxed e-con e-parent\" data-id=\"iwgw-reshef-kwd\" data-element_type=\"container\" data-e-type=\"container\">\n\t\t\t\t\t<div class=\"e-con-inner\">\n\t\t<div class=\"elementor-element elementor-element-iwgw-reshef-kwdc e-con-full e-flex e-con e-child\" data-id=\"iwgw-reshef-kwdc\" data-element_type=\"container\" data-e-type=\"container\">\n\t\t\t\t<div class=\"elementor-element elementor-element-iwgw-reshef-kwdt elementor-widget elementor-widget-text-editor\" data-id=\"iwgw-reshef-kwdt\" data-element_type=\"widget\" data-e-type=\"widget\" data-widget_type=\"text-editor.default\">\n\t\t\t\t\t\t\t\t\t<p><em>Termes clau relacionats: Reshef fenicis d\u00e9u de la pesta d\u00e9u de l&#8217;arc guerra gasela Apol\u00b7lo Yarri.<\/em><\/p>\t\t\t\t\t\t\t\t<\/div>\n\t\t\t\t<\/div>\n\t\t\t\t\t<\/div>\n\t\t\t\t<\/div>\n\t\t<div class=\"elementor-element elementor-element-iwgw-reshef-cc e-flex e-con-boxed e-con e-parent\" data-id=\"iwgw-reshef-cc\" data-element_type=\"container\" data-e-type=\"container\" id=\"iwg-cc-reshef\">\n\t\t\t\t\t<div class=\"e-con-inner\">\n\t\t<div class=\"elementor-element elementor-element-iwgw-reshef-ccinner e-flex e-con-boxed e-con e-parent\" data-id=\"iwgw-reshef-ccinner\" data-element_type=\"container\" data-e-type=\"container\" data-settings=\"{&quot;background_background&quot;:&quot;classic&quot;}\">\n\t\t\t\t\t<div class=\"e-con-inner\">\n\t\t\t\t<div class=\"elementor-element elementor-element-iwgw-reshef-cch elementor-widget elementor-widget-heading\" data-id=\"iwgw-reshef-cch\" data-element_type=\"widget\" data-e-type=\"widget\" data-widget_type=\"heading.default\">\n\t\t\t\t\t<h2 class=\"elementor-heading-title elementor-size-default\">iWell Guard i tradicions de protecci\u00f3<\/h2>\t\t\t\t<\/div>\n\t\t\t\t<div class=\"elementor-element elementor-element-iwgw-reshef-cct elementor-widget elementor-widget-text-editor\" data-id=\"iwgw-reshef-cct\" data-element_type=\"widget\" data-e-type=\"widget\" data-widget_type=\"text-editor.default\">\n\t\t\t\t\t\t\t\t\t<div data-nosnippet=\"true\"><p>iWell Guard s&#8217;inspira en la tradici\u00f3 cultural i hist\u00f2rica dels objectes de protecci\u00f3 port\u00e0tils, seguint la tradici\u00f3 de <a href=\"https:\/\/iwell-guard.com\/ca\/fenicis-cartago-baal-tanit-proteccio\/\">Fenici<\/a> i de moltes altres cultures d&#8217;arreu del m\u00f3n. 41 capes, or aut\u00e8ntic, plat\u00ed, plata, fabricat a Alemanya. Dret de devoluci\u00f3 de 30 dies.<\/p><\/div>\t\t\t\t\t\t\t\t<\/div>\n\t\t\t\t<div class=\"elementor-element elementor-element-iwgw-reshef-ccb iwg-cc-button iwg-cc-cta-2026-05-13 elementor-widget elementor-widget-jet-button\" data-id=\"iwgw-reshef-ccb\" data-element_type=\"widget\" data-e-type=\"widget\" data-widget_type=\"jet-button.default\">\n\t\t\t\t<div class=\"elementor-widget-container\">\n\t\t\t\t\t<div class=\"elementor-jet-button jet-elements\"><div class=\"jet-button__container\"><a class=\"jet-button__instance jet-button__instance--icon-left hover-effect-1\" href=\"\/ueber-iwell-guard\/?utm_source=iwell-guard.com&amp;utm_medium=info-box&amp;utm_campaign=wesen-tradition\"><div class=\"jet-button__plane jet-button__plane-normal\"><\/div><div class=\"jet-button__plane jet-button__plane-hover\"><\/div><div class=\"jet-button__state jet-button__state-normal\"><span class=\"jet-button__label\">M\u00e9s informaci\u00f3 sobre l'iWell Guard<\/span><\/div><div class=\"jet-button__state jet-button__state-hover\"><span class=\"jet-button__label\">M\u00e9s informaci\u00f3 sobre l'iWell Guard<\/span><\/div><\/a><\/div><\/div><style>.elementor-element.elementor-element-iwgw-reshef-ccb .jet-button__instance{width:320px;height:56px;}.elementor-element.elementor-element-iwgw-reshef-ccb .jet-button__state-normal .jet-button__label{text-align:center;margin:0px 0px 0px 0px;color:#1a1b20;font-family:Montserrat,sans-serif;font-size:13px;font-weight:400;letter-spacing:4px;line-height:1.714em;text-transform:uppercase;}.elementor-element.elementor-element-iwgw-reshef-ccb .jet-button__state-hover .jet-button__label{text-align:center;margin:0px 0px 0px 0px;color:#FECC76;font-family:Montserrat,sans-serif;font-size:13px;font-weight:400;letter-spacing:4px;line-height:1.714em;text-transform:uppercase;}.elementor-element.elementor-element-iwgw-reshef-ccb .jet-button__plane-normal{background-color:#FECC76;border-style:solid;border-color:#C99540;border-width:2px 2px 2px 2px;}.elementor-element.elementor-element-iwgw-reshef-ccb .jet-button__plane-hover{background-color:rgba(0,0,0,0.55);border-style:solid;border-color:#FECC76;border-width:2px 2px 2px 2px;}<\/style>\t\t\t\t<\/div>\n\t\t\t\t<\/div>\n\t\t\t\t<div class=\"elementor-element elementor-element-iwgw-reshef-ccd elementor-widget elementor-widget-text-editor\" data-id=\"iwgw-reshef-ccd\" data-element_type=\"widget\" data-e-type=\"widget\" data-widget_type=\"text-editor.default\">\n\t\t\t\t\t\t\t\t\t<div data-nosnippet=\"true\"><p style=\"text-align:center;font-size:13px;opacity:0.7;margin-top:14px\" data-nosnippet=\"true\">Les experi\u00e8ncies personals poden variar. No \u00e9s un producte sanitari. No \u00e9s una promesa de curaci\u00f3.<\/p><\/div>\t\t\t\t\t\t\t\t<\/div>\n\t\t\t\t\t<\/div>\n\t\t\t\t<\/div>\n\t\t\t\t\t<\/div>\n\t\t\t\t<\/div>\n\t\t<div class=\"elementor-element elementor-element-iwgw-reshef-disc e-flex e-con-boxed e-con e-parent\" data-id=\"iwgw-reshef-disc\" data-element_type=\"container\" data-e-type=\"container\">\n\t\t\t\t\t<div class=\"e-con-inner\">\n\t\t\t\t<div class=\"elementor-element elementor-element-iwgw-reshef-discw elementor-widget elementor-widget-html\" data-id=\"iwgw-reshef-discw\" data-element_type=\"widget\" data-e-type=\"widget\" data-widget_type=\"html.default\">\n\t\t\t\t\t<footer data-nosnippet=\"true\" class=\"iwg-disclaimer-block\"><p data-nosnippet=\"true\">iWell Guard <strong>no \u00e9s un producte sanitari<\/strong> i no substitueix cap tractament m\u00e8dic o psicoterap\u00e8utic. Els continguts d'hist\u00f2ria de les religions s\u00f3n una classificaci\u00f3 culturohist\u00f2rica, no una recomanaci\u00f3 de pr\u00e0ctica espiritual.<\/p><\/footer>\t\t\t\t<\/div>\n\t\t\t\t\t<\/div>\n\t\t\t\t<\/div>\n\t\t\t\t<\/div>\n\t\t","protected":false},"excerpt":{"rendered":"","protected":false},"author":3,"featured_media":2852,"parent":0,"menu_order":0,"comment_status":"closed","ping_status":"closed","template":"elementor_header_footer","meta":{"_yoast_wpseo_focuskw":"Reshef fenici d\u00e9u de la pesta d\u00e9u de l'arc","_yoast_wpseo_title":"Reshef \u2013 D\u00e9u fenici de la pesta, d\u00e9u de la guerra, culte","_yoast_wpseo_metadesc":"Reshef \u00e9s el d\u00e9u fenici-cananeu de la pesta i la guerra, d\u00e9u de l'arc i d\u00e9u protector. Classificaci\u00f3 religiol\u00f2gica amb fonts.","_yoast_wpseo_meta-robots-noindex":"","_yoast_wpseo_canonical":"","_angie_page":false,"gefaehrdungsstufe":"4","wesen_kultur":"phoenizisch","wesen_klasse":"goetter","footnotes":""},"categories":[],"class_list":["post-171730","page","type-page","status-publish","has-post-thumbnail","hentry"],"yoast_head":"<!-- This site is optimized with the Yoast SEO Premium plugin v27.7 (Yoast SEO v28.3) - https:\/\/yoast.com\/product\/yoast-seo-premium-wordpress\/ -->\n<title>Reshef \u2013 D\u00e9u fenici de la pesta, d\u00e9u de la guerra, culte<\/title>\n<meta name=\"description\" content=\"Reshef \u00e9s el d\u00e9u fenici-cananeu de la pesta i la guerra, d\u00e9u de l&#039;arc i d\u00e9u protector. Classificaci\u00f3 religiol\u00f2gica amb fonts.\" \/>\n<meta name=\"robots\" content=\"index, follow, max-snippet:-1, max-image-preview:large, max-video-preview:-1\" \/>\n<link rel=\"canonical\" href=\"https:\/\/iwell-guard.com\/ca\/reshef-deu-fenici-pesta-guerra\/\" \/>\n<meta property=\"og:locale\" content=\"ca_ES\" \/>\n<meta property=\"og:type\" content=\"article\" \/>\n<meta property=\"og:title\" content=\"Reshef \u2013 D\u00e9u fenici de la pesta i la guerra\" \/>\n<meta property=\"og:description\" content=\"Reshef \u00e9s el d\u00e9u fenici-cananeu de la pesta i la guerra, d\u00e9u de l&#039;arc i d\u00e9u protector. Classificaci\u00f3 religiol\u00f2gica amb fonts.\" \/>\n<meta property=\"og:url\" content=\"https:\/\/iwell-guard.com\/ca\/reshef-deu-fenici-pesta-guerra\/\" \/>\n<meta property=\"og:site_name\" content=\"iWell Guard\" \/>\n<meta property=\"article:modified_time\" content=\"2026-09-05T16:05:44+00:00\" \/>\n<meta property=\"og:image\" content=\"https:\/\/iwell-guard.com\/wp-content\/uploads\/2026\/05\/goetter_phoenizisch_reshef.webp\" \/>\n\t<meta property=\"og:image:width\" content=\"1024\" \/>\n\t<meta property=\"og:image:height\" content=\"1536\" \/>\n\t<meta property=\"og:image:type\" content=\"image\/webp\" \/>\n<meta name=\"twitter:card\" content=\"summary_large_image\" \/>\n<script type=\"application\/ld+json\" class=\"yoast-schema-graph\">{\"@context\":\"https:\\\/\\\/schema.org\",\"@graph\":[{\"@type\":\"WebPage\",\"@id\":\"https:\\\/\\\/iwell-guard.com\\\/ca\\\/reshef-deu-fenici-pesta-guerra\\\/\",\"url\":\"https:\\\/\\\/iwell-guard.com\\\/ca\\\/reshef-deu-fenici-pesta-guerra\\\/\",\"name\":\"Reshef \u2013 D\u00e9u fenici de la pesta, d\u00e9u de la guerra, culte\",\"isPartOf\":{\"@id\":\"https:\\\/\\\/iwell-guard.com\\\/ca\\\/#website\"},\"primaryImageOfPage\":{\"@id\":\"https:\\\/\\\/iwell-guard.com\\\/ca\\\/reshef-deu-fenici-pesta-guerra\\\/#primaryimage\"},\"image\":{\"@id\":\"https:\\\/\\\/iwell-guard.com\\\/ca\\\/reshef-deu-fenici-pesta-guerra\\\/#primaryimage\"},\"thumbnailUrl\":\"https:\\\/\\\/iwell-guard.com\\\/wp-content\\\/uploads\\\/2026\\\/05\\\/goetter_phoenizisch_reshef.webp\",\"datePublished\":\"2026-09-05T15:41:53+00:00\",\"dateModified\":\"2026-09-05T16:05:44+00:00\",\"description\":\"Reshef \u00e9s el d\u00e9u fenici-cananeu de la pesta i la guerra, d\u00e9u de l'arc i d\u00e9u protector. Classificaci\u00f3 religiol\u00f2gica amb fonts.\",\"breadcrumb\":{\"@id\":\"https:\\\/\\\/iwell-guard.com\\\/ca\\\/reshef-deu-fenici-pesta-guerra\\\/#breadcrumb\"},\"inLanguage\":\"ca\",\"potentialAction\":[{\"@type\":\"ReadAction\",\"target\":[\"https:\\\/\\\/iwell-guard.com\\\/ca\\\/reshef-deu-fenici-pesta-guerra\\\/\"]}]},{\"@type\":\"ImageObject\",\"inLanguage\":\"ca\",\"@id\":\"https:\\\/\\\/iwell-guard.com\\\/ca\\\/reshef-deu-fenici-pesta-guerra\\\/#primaryimage\",\"url\":\"https:\\\/\\\/iwell-guard.com\\\/wp-content\\\/uploads\\\/2026\\\/05\\\/goetter_phoenizisch_reshef.webp\",\"contentUrl\":\"https:\\\/\\\/iwell-guard.com\\\/wp-content\\\/uploads\\\/2026\\\/05\\\/goetter_phoenizisch_reshef.webp\",\"width\":1024,\"height\":1536,\"caption\":\"D\u00e9us de la tradici\u00f3 fen\u00edcia.\"},{\"@type\":\"BreadcrumbList\",\"@id\":\"https:\\\/\\\/iwell-guard.com\\\/ca\\\/reshef-deu-fenici-pesta-guerra\\\/#breadcrumb\",\"itemListElement\":[{\"@type\":\"ListItem\",\"position\":1,\"name\":\"Start\",\"item\":\"https:\\\/\\\/iwell-guard.com\\\/ca\\\/?page_id=171333\"},{\"@type\":\"ListItem\",\"position\":2,\"name\":\"Reshef \u2013 D\u00e9u fenici de la pesta i la guerra\"}]},{\"@type\":\"WebSite\",\"@id\":\"https:\\\/\\\/iwell-guard.com\\\/ca\\\/#website\",\"url\":\"https:\\\/\\\/iwell-guard.com\\\/ca\\\/\",\"name\":\"iWell Guard\",\"description\":\"Schutz vor dunklen Einfl\u00fcssen\",\"publisher\":{\"@id\":\"https:\\\/\\\/iwell-guard.com\\\/ca\\\/#organization\"},\"potentialAction\":[{\"@type\":\"SearchAction\",\"target\":{\"@type\":\"EntryPoint\",\"urlTemplate\":\"https:\\\/\\\/iwell-guard.com\\\/ca\\\/?s={search_term_string}\"},\"query-input\":{\"@type\":\"PropertyValueSpecification\",\"valueRequired\":true,\"valueName\":\"search_term_string\"}}],\"inLanguage\":\"ca\"},{\"@type\":\"Organization\",\"@id\":\"https:\\\/\\\/iwell-guard.com\\\/ca\\\/#organization\",\"name\":\"Ittermann electronic GmbH\",\"url\":\"https:\\\/\\\/iwell-guard.com\\\/ca\\\/\",\"logo\":{\"@type\":\"ImageObject\",\"inLanguage\":\"ca\",\"@id\":\"https:\\\/\\\/iwell-guard.com\\\/ca\\\/#\\\/schema\\\/logo\\\/image\\\/\",\"url\":\"https:\\\/\\\/iwell-guard.com\\\/wp-content\\\/uploads\\\/2026\\\/05\\\/Ittermann-Logo-1182x237-1.png\",\"contentUrl\":\"https:\\\/\\\/iwell-guard.com\\\/wp-content\\\/uploads\\\/2026\\\/05\\\/Ittermann-Logo-1182x237-1.png\",\"width\":1182,\"height\":237,\"caption\":\"Ittermann electronic GmbH\"},\"image\":{\"@id\":\"https:\\\/\\\/iwell-guard.com\\\/ca\\\/#\\\/schema\\\/logo\\\/image\\\/\"},\"sameAs\":[\"https:\\\/\\\/pantip.com\\\/profile\\\/9367242\",\"https:\\\/\\\/micro.blog\\\/iwellguard\",\"https:\\\/\\\/www.diggerslist.com\\\/iwellguard\\\/about\",\"https:\\\/\\\/skitterphoto.com\\\/photographers\\\/2870314\\\/iwell-guard\",\"https:\\\/\\\/iwellguard.wordpress.com\\\/2026\\\/06\\\/06\\\/iwell-guard\\\/\",\"https:\\\/\\\/hub.docker.com\\\/u\\\/iwellguard\",\"https:\\\/\\\/www.pinterest.com\\\/iwellguard\\\/\",\"https:\\\/\\\/bit.ly\\\/m\\\/iwellguard\",\"https:\\\/\\\/entre-vos-mains.alsace.eu\\\/profiles\\\/iwellguard\\\/activity\",\"https:\\\/\\\/gravatar.com\\\/reallybeded8fd34\",\"https:\\\/\\\/naijamatta.com\\\/iwellguard\",\"https:\\\/\\\/www.goodreads.com\\\/iwellguard\",\"https:\\\/\\\/profile.hatena.ne.jp\\\/iwellguard\\\/\",\"https:\\\/\\\/experiment.com\\\/users\\\/iwellguard\",\"https:\\\/\\\/wakelet.com\\\/@iWellGuard82270\",\"https:\\\/\\\/www.chordie.com\\\/forum\\\/profile.php?id=2555664\",\"https:\\\/\\\/www.instapaper.com\\\/p\\\/17757966\",\"https:\\\/\\\/www.mapleprimes.com\\\/users\\\/iwellguard\",\"https:\\\/\\\/businesslistingplus.com\\\/profile\\\/iwell-guard\\\/\",\"https:\\\/\\\/telegra.ph\\\/iWell-Guard-06-06\",\"https:\\\/\\\/pbase.com\\\/iwellguard\\\/iwellguard\",\"https:\\\/\\\/b.hatena.ne.jp\\\/iwellguard\\\/20260607#bookmark-4788405196491818882\",\"https:\\\/\\\/fliphtml5.com\\\/home\\\/iwellguard\",\"https:\\\/\\\/anyflip.com\\\/homepage\\\/cmiwl#About\",\"https:\\\/\\\/transfur.com\\\/Users\\\/iwellguard\",\"http:\\\/\\\/delphi.larsbo.org\\\/user\\\/iwellguard\",\"https:\\\/\\\/jobs.lajobsportal.org\\\/profiles\\\/8380803-iwell-guard\",\"https:\\\/\\\/md.chaosdorf.de\\\/s\\\/jfbe5SBdJD\",\"https:\\\/\\\/www.lingvolive.com\\\/en-us\\\/profile\\\/9ecaeaca-ce11-4e51-9e71-01d55e2bff36\\\/translations\",\"https:\\\/\\\/www.fitday.com\\\/fitness\\\/forums\\\/members\\\/iwellguard.html\",\"https:\\\/\\\/www.mymeetbook.com\\\/iwellguard\",\"https:\\\/\\\/pxhere.com\\\/en\\\/photographer-me\\\/5040798\",\"https:\\\/\\\/disqus.com\\\/by\\\/iwellguard\\\/about\\\/\",\"https:\\\/\\\/pastelink.net\\\/hjwciqwq\",\"https:\\\/\\\/pubhtml5.com\\\/homepage\\\/scjhn\\\/\",\"https:\\\/\\\/www.bitchute.com\\\/channel\\\/2O2eOKzNqujT\",\"https:\\\/\\\/audiomack.com\\\/iwellguard\"]},{\"@type\":\"Article\",\"@id\":\"https:\\\/\\\/iwell-guard.com\\\/ca\\\/reshef-deu-fenici-pesta-guerra\\\/#article\",\"isPartOf\":{\"@id\":\"https:\\\/\\\/iwell-guard.com\\\/ca\\\/reshef-deu-fenici-pesta-guerra\\\/\"},\"author\":{\"name\":\"Ralf Ittermann\",\"@id\":\"https:\\\/\\\/iwell-guard.com\\\/ca\\\/#\\\/schema\\\/person\\\/ee2a27f1cac3406c7c6fb5820cb7349f\"},\"headline\":\"Reshef \u2013 D\u00e9u fenici de la pesta i la guerra\",\"datePublished\":\"2026-09-05T15:41:53+00:00\",\"dateModified\":\"2026-09-05T16:05:44+00:00\",\"mainEntityOfPage\":{\"@id\":\"https:\\\/\\\/iwell-guard.com\\\/ca\\\/reshef-deu-fenici-pesta-guerra\\\/\"},\"publisher\":{\"@id\":\"https:\\\/\\\/iwell-guard.com\\\/ca\\\/#organization\"},\"image\":{\"@id\":\"https:\\\/\\\/iwell-guard.com\\\/ca\\\/reshef-deu-fenici-pesta-guerra\\\/#primaryimage\"},\"thumbnailUrl\":\"https:\\\/\\\/iwell-guard.com\\\/wp-content\\\/uploads\\\/2026\\\/05\\\/goetter_phoenizisch_reshef.webp\",\"inLanguage\":\"ca\",\"description\":\"Reshef \u00e9s el d\u00e9u fenici-cananeu de la pesta i la guerra, d\u00e9u de l'arc i d\u00e9u protector. Classificaci\u00f3 religiol\u00f2gica amb fonts.\"}]}<\/script>\n<!-- \/ Yoast SEO Premium plugin. -->","yoast_head_json":{"title":"Reshef \u2013 D\u00e9u fenici de la pesta, d\u00e9u de la guerra, culte","description":"Reshef \u00e9s el d\u00e9u fenici-cananeu de la pesta i la guerra, d\u00e9u de l'arc i d\u00e9u protector. Classificaci\u00f3 religiol\u00f2gica amb fonts.","robots":{"index":"index","follow":"follow","max-snippet":"max-snippet:-1","max-image-preview":"max-image-preview:large","max-video-preview":"max-video-preview:-1"},"canonical":"https:\/\/iwell-guard.com\/ca\/reshef-deu-fenici-pesta-guerra\/","og_locale":"ca_ES","og_type":"article","og_title":"Reshef \u2013 D\u00e9u fenici de la pesta i la guerra","og_description":"Reshef \u00e9s el d\u00e9u fenici-cananeu de la pesta i la guerra, d\u00e9u de l'arc i d\u00e9u protector. Classificaci\u00f3 religiol\u00f2gica amb fonts.","og_url":"https:\/\/iwell-guard.com\/ca\/reshef-deu-fenici-pesta-guerra\/","og_site_name":"iWell Guard","article_modified_time":"2026-09-05T16:05:44+00:00","og_image":[{"width":1024,"height":1536,"url":"https:\/\/iwell-guard.com\/wp-content\/uploads\/2026\/05\/goetter_phoenizisch_reshef.webp","type":"image\/webp"}],"twitter_card":"summary_large_image","schema":{"@context":"https:\/\/schema.org","@graph":[{"@type":"Article","@id":"https:\/\/iwell-guard.com\/ca\/reshef-deu-fenici-pesta-guerra\/#article","isPartOf":{"@id":"https:\/\/iwell-guard.com\/ca\/reshef-deu-fenici-pesta-guerra\/"},"author":{"name":"Ralf Ittermann","@id":"https:\/\/iwell-guard.com\/ca\/#\/schema\/person\/ee2a27f1cac3406c7c6fb5820cb7349f"},"headline":"Reshef \u2013 D\u00e9u fenici de la pesta i la guerra","datePublished":"2026-09-05T15:41:53+00:00","dateModified":"2026-09-05T16:05:44+00:00","mainEntityOfPage":{"@id":"https:\/\/iwell-guard.com\/ca\/reshef-deu-fenici-pesta-guerra\/"},"publisher":{"@id":"https:\/\/iwell-guard.com\/ca\/#organization"},"image":{"@id":"https:\/\/iwell-guard.com\/ca\/reshef-deu-fenici-pesta-guerra\/#primaryimage"},"thumbnailUrl":"https:\/\/iwell-guard.com\/wp-content\/uploads\/2026\/05\/goetter_phoenizisch_reshef.webp","inLanguage":"ca","description":"Reshef \u00e9s el d\u00e9u fenici-cananeu de la pesta i la guerra, d\u00e9u de l'arc i d\u00e9u protector. Classificaci\u00f3 religiol\u00f2gica amb fonts."},{"@type":"WebPage","@id":"https:\/\/iwell-guard.com\/ca\/reshef-deu-fenici-pesta-guerra\/","url":"https:\/\/iwell-guard.com\/ca\/reshef-deu-fenici-pesta-guerra\/","name":"Reshef \u2013 D\u00e9u fenici de la pesta, d\u00e9u de la guerra, culte","isPartOf":{"@id":"https:\/\/iwell-guard.com\/ca\/#website"},"primaryImageOfPage":{"@id":"https:\/\/iwell-guard.com\/ca\/reshef-deu-fenici-pesta-guerra\/#primaryimage"},"image":{"@id":"https:\/\/iwell-guard.com\/ca\/reshef-deu-fenici-pesta-guerra\/#primaryimage"},"thumbnailUrl":"https:\/\/iwell-guard.com\/wp-content\/uploads\/2026\/05\/goetter_phoenizisch_reshef.webp","datePublished":"2026-09-05T15:41:53+00:00","dateModified":"2026-09-05T16:05:44+00:00","description":"Reshef \u00e9s el d\u00e9u fenici-cananeu de la pesta i la guerra, d\u00e9u de l'arc i d\u00e9u protector. Classificaci\u00f3 religiol\u00f2gica amb fonts.","breadcrumb":{"@id":"https:\/\/iwell-guard.com\/ca\/reshef-deu-fenici-pesta-guerra\/#breadcrumb"},"inLanguage":"ca","potentialAction":[{"@type":"ReadAction","target":["https:\/\/iwell-guard.com\/ca\/reshef-deu-fenici-pesta-guerra\/"]}]},{"@type":"ImageObject","inLanguage":"ca","@id":"https:\/\/iwell-guard.com\/ca\/reshef-deu-fenici-pesta-guerra\/#primaryimage","url":"https:\/\/iwell-guard.com\/wp-content\/uploads\/2026\/05\/goetter_phoenizisch_reshef.webp","contentUrl":"https:\/\/iwell-guard.com\/wp-content\/uploads\/2026\/05\/goetter_phoenizisch_reshef.webp","width":1024,"height":1536,"caption":"D\u00e9us de la tradici\u00f3 fen\u00edcia."},{"@type":"BreadcrumbList","@id":"https:\/\/iwell-guard.com\/ca\/reshef-deu-fenici-pesta-guerra\/#breadcrumb","itemListElement":[{"@type":"ListItem","position":1,"name":"Start","item":"https:\/\/iwell-guard.com\/ca\/?page_id=171333"},{"@type":"ListItem","position":2,"name":"Reshef \u2013 D\u00e9u fenici de la pesta i la guerra"}]},{"@type":"WebSite","@id":"https:\/\/iwell-guard.com\/ca\/#website","url":"https:\/\/iwell-guard.com\/ca\/","name":"iWell Guard","description":"Schutz vor dunklen Einfl\u00fcssen","publisher":{"@id":"https:\/\/iwell-guard.com\/ca\/#organization"},"potentialAction":[{"@type":"SearchAction","target":{"@type":"EntryPoint","urlTemplate":"https:\/\/iwell-guard.com\/ca\/?s={search_term_string}"},"query-input":{"@type":"PropertyValueSpecification","valueRequired":true,"valueName":"search_term_string"}}],"inLanguage":"ca"},{"@type":"Organization","@id":"https:\/\/iwell-guard.com\/ca\/#organization","name":"Ittermann electronic GmbH","url":"https:\/\/iwell-guard.com\/ca\/","logo":{"@type":"ImageObject","inLanguage":"ca","@id":"https:\/\/iwell-guard.com\/ca\/#\/schema\/logo\/image\/","url":"https:\/\/iwell-guard.com\/wp-content\/uploads\/2026\/05\/Ittermann-Logo-1182x237-1.png","contentUrl":"https:\/\/iwell-guard.com\/wp-content\/uploads\/2026\/05\/Ittermann-Logo-1182x237-1.png","width":1182,"height":237,"caption":"Ittermann electronic GmbH"},"image":{"@id":"https:\/\/iwell-guard.com\/ca\/#\/schema\/logo\/image\/"},"sameAs":["https:\/\/pantip.com\/profile\/9367242","https:\/\/micro.blog\/iwellguard","https:\/\/www.diggerslist.com\/iwellguard\/about","https:\/\/skitterphoto.com\/photographers\/2870314\/iwell-guard","https:\/\/iwellguard.wordpress.com\/2026\/06\/06\/iwell-guard\/","https:\/\/hub.docker.com\/u\/iwellguard","https:\/\/www.pinterest.com\/iwellguard\/","https:\/\/bit.ly\/m\/iwellguard","https:\/\/entre-vos-mains.alsace.eu\/profiles\/iwellguard\/activity","https:\/\/gravatar.com\/reallybeded8fd34","https:\/\/naijamatta.com\/iwellguard","https:\/\/www.goodreads.com\/iwellguard","https:\/\/profile.hatena.ne.jp\/iwellguard\/","https:\/\/experiment.com\/users\/iwellguard","https:\/\/wakelet.com\/@iWellGuard82270","https:\/\/www.chordie.com\/forum\/profile.php?id=2555664","https:\/\/www.instapaper.com\/p\/17757966","https:\/\/www.mapleprimes.com\/users\/iwellguard","https:\/\/businesslistingplus.com\/profile\/iwell-guard\/","https:\/\/telegra.ph\/iWell-Guard-06-06","https:\/\/pbase.com\/iwellguard\/iwellguard","https:\/\/b.hatena.ne.jp\/iwellguard\/20260607#bookmark-4788405196491818882","https:\/\/fliphtml5.com\/home\/iwellguard","https:\/\/anyflip.com\/homepage\/cmiwl#About","https:\/\/transfur.com\/Users\/iwellguard","http:\/\/delphi.larsbo.org\/user\/iwellguard","https:\/\/jobs.lajobsportal.org\/profiles\/8380803-iwell-guard","https:\/\/md.chaosdorf.de\/s\/jfbe5SBdJD","https:\/\/www.lingvolive.com\/en-us\/profile\/9ecaeaca-ce11-4e51-9e71-01d55e2bff36\/translations","https:\/\/www.fitday.com\/fitness\/forums\/members\/iwellguard.html","https:\/\/www.mymeetbook.com\/iwellguard","https:\/\/pxhere.com\/en\/photographer-me\/5040798","https:\/\/disqus.com\/by\/iwellguard\/about\/","https:\/\/pastelink.net\/hjwciqwq","https:\/\/pubhtml5.com\/homepage\/scjhn\/","https:\/\/www.bitchute.com\/channel\/2O2eOKzNqujT","https:\/\/audiomack.com\/iwellguard"]},{"@type":"Person","@id":"https:\/\/iwell-guard.com\/ca\/#\/schema\/person\/ee2a27f1cac3406c7c6fb5820cb7349f","name":"Ralf Ittermann","image":{"@type":"ImageObject","inLanguage":"ca","@id":"https:\/\/secure.gravatar.com\/avatar\/073c0153e350a5005b68eb752b445fea71f6b24a26da9449ad7e155e6b446c9d?s=96&d=mm&r=g","url":"https:\/\/secure.gravatar.com\/avatar\/073c0153e350a5005b68eb752b445fea71f6b24a26da9449ad7e155e6b446c9d?s=96&d=mm&r=g","contentUrl":"https:\/\/secure.gravatar.com\/avatar\/073c0153e350a5005b68eb752b445fea71f6b24a26da9449ad7e155e6b446c9d?s=96&d=mm&r=g","caption":"Ralf Ittermann"},"givenName":"Ralf","familyName":"Ittermann","jobTitle":"Gesch\u00e4ftsf\u00fchrer und redaktioneller Verantwortlicher","url":"https:\/\/iwell-guard.com\/ca\/author\/claude\/","description":"Ralf Ittermann ist Gesch\u00e4ftsf\u00fchrer der Ittermann electronic GmbH und redaktioneller Verantwortlicher des iWell-Guard-Lexikons. Er verbindet langj\u00e4hrige Erfahrung in der Pr\u00e4zisionsfertigung mit medialer Praxis und religionsgeschichtlicher Quellenarbeit.","worksFor":{"@type":"Organization","name":"Ittermann electronic GmbH","url":"https:\/\/ittermann.de\/","address":{"@type":"PostalAddress","streetAddress":"K\u00f6hlergasse 16-18","postalCode":"99842","addressLocality":"Ruhla","addressCountry":"DE"}},"knowsAbout":["Religionsgeschichte","Mythologie","Mediale Praxis","Energetische Diagnostik","Schutzpraxis","Volksglauben","Westliche Esoterik"]},{"@type":"Article","@id":"https:\/\/iwell-guard.com\/ca\/reshef-deu-fenici-pesta-guerra\/#article","isPartOf":{"@id":"https:\/\/iwell-guard.com\/ca\/reshef-deu-fenici-pesta-guerra\/"},"author":{"name":"Ralf Ittermann","@id":"https:\/\/iwell-guard.com\/ca\/#\/schema\/person\/ee2a27f1cac3406c7c6fb5820cb7349f"},"headline":"Reshef \u2013 D\u00e9u fenici de la pesta i la guerra","datePublished":"2026-09-05T15:41:53+00:00","dateModified":"2026-09-05T16:05:44+00:00","mainEntityOfPage":{"@id":"https:\/\/iwell-guard.com\/ca\/reshef-deu-fenici-pesta-guerra\/"},"publisher":{"@id":"https:\/\/iwell-guard.com\/ca\/#organization"},"image":{"@id":"https:\/\/iwell-guard.com\/ca\/reshef-deu-fenici-pesta-guerra\/#primaryimage"},"thumbnailUrl":"https:\/\/iwell-guard.com\/wp-content\/uploads\/2026\/05\/goetter_phoenizisch_reshef.webp","inLanguage":"ca","description":"Reshef \u00e9s el d\u00e9u fenici-cananeu de la pesta i la guerra, d\u00e9u de l'arc i d\u00e9u protector. Classificaci\u00f3 religiol\u00f2gica amb fonts."}]}},"_links":{"self":[{"href":"https:\/\/iwell-guard.com\/ca\/wp-json\/wp\/v2\/pages\/171730","targetHints":{"allow":["GET"]}}],"collection":[{"href":"https:\/\/iwell-guard.com\/ca\/wp-json\/wp\/v2\/pages"}],"about":[{"href":"https:\/\/iwell-guard.com\/ca\/wp-json\/wp\/v2\/types\/page"}],"author":[{"embeddable":true,"href":"https:\/\/iwell-guard.com\/ca\/wp-json\/wp\/v2\/users\/3"}],"replies":[{"embeddable":true,"href":"https:\/\/iwell-guard.com\/ca\/wp-json\/wp\/v2\/comments?post=171730"}],"version-history":[{"count":0,"href":"https:\/\/iwell-guard.com\/ca\/wp-json\/wp\/v2\/pages\/171730\/revisions"}],"wp:featuredmedia":[{"embeddable":true,"href":"https:\/\/iwell-guard.com\/ca\/wp-json\/wp\/v2\/media\/2852"}],"wp:attachment":[{"href":"https:\/\/iwell-guard.com\/ca\/wp-json\/wp\/v2\/media?parent=171730"}],"wp:term":[{"taxonomy":"category","embeddable":true,"href":"https:\/\/iwell-guard.com\/ca\/wp-json\/wp\/v2\/categories?post=171730"}],"curies":[{"name":"wp","href":"https:\/\/api.w.org\/{rel}","templated":true}]}}