{"id":171728,"date":"2026-09-05T15:41:51","date_gmt":"2026-09-05T15:41:51","guid":{"rendered":"https:\/\/iwell-guard.com\/?page_id=171728"},"modified":"2026-09-05T16:05:42","modified_gmt":"2026-09-05T16:05:42","slug":"mot-deu-fenici-mort","status":"publish","type":"page","link":"https:\/\/iwell-guard.com\/ca\/mot-deu-fenici-mort\/","title":{"rendered":"Mot \u2013 D\u00e9u fenici de la mort"},"content":{"rendered":"\t\t<div data-elementor-type=\"wp-page\" data-elementor-id=\"171728\" class=\"elementor elementor-171728 elementor-2631 elementor-bc-flex-widget\" data-elementor-post-type=\"page\">\n\t\t\t\t<div class=\"elementor-element elementor-element-iwgw-motphoenix-hero e-flex e-con-boxed e-con e-parent\" data-id=\"iwgw-motphoenix-hero\" data-element_type=\"container\" data-e-type=\"container\" data-settings=\"{&quot;background_background&quot;:&quot;classic&quot;}\">\n\t\t\t\t\t<div class=\"e-con-inner\">\n\t\t<div class=\"elementor-element elementor-element-iwgw-motphoenix-hl e-flex e-con-boxed e-con e-child\" data-id=\"iwgw-motphoenix-hl\" data-element_type=\"container\" data-e-type=\"container\">\n\t\t\t\t\t<div class=\"e-con-inner\">\n\t\t<div class=\"elementor-element elementor-element-iwgw-motphoenix-htxt e-con-full e-flex e-con e-child\" data-id=\"iwgw-motphoenix-htxt\" data-element_type=\"container\" data-e-type=\"container\">\n\t\t\t\t<div class=\"elementor-element elementor-element-iwgw-motphoenix-h1 elementor-widget elementor-widget-heading\" data-id=\"iwgw-motphoenix-h1\" data-element_type=\"widget\" data-e-type=\"widget\" data-widget_type=\"heading.default\">\n\t\t\t\t\t<h1 class=\"elementor-heading-title elementor-size-default\">Mot, d\u00e9u fenici-ugar\u00edtic de la mort i senyor de l'infram\u00f3n<\/h1>\t\t\t\t<\/div>\n\t\t\t\t<div class=\"elementor-element elementor-element-iwgw-motphoenix-lead elementor-widget elementor-widget-text-editor\" data-id=\"iwgw-motphoenix-lead\" data-element_type=\"widget\" data-e-type=\"widget\" data-widget_type=\"text-editor.default\">\n\t\t\t\t\t\t\t\t\t<p>Mot (en ugar\u00edtic i fenici <em>mt<\/em>, literalment &#8216;mort&#8217;) \u00e9s el d\u00e9u de la mort i sobir\u00e0 de l&#8217;infram\u00f3n en la religi\u00f3 ugar\u00edtico-fen\u00edcia. En el Cicle de Baal, devora <a href=\"https:\/\/iwell-guard.com\/ca\/?page_id=171721\">Baal<\/a> i \u00e9s posteriorment destru\u00eft per <a href=\"https:\/\/iwell-guard.com\/ca\/?page_id=171729\">Anat<\/a>, fet que permet la resurrecci\u00f3 de Baal.<\/p>\t\t\t\t\t\t\t\t<\/div>\n\t\t\t\t<\/div>\n\t\t<div class=\"elementor-element elementor-element-iwgw-motphoenix-pillc e-con-full e-flex e-con e-child\" data-id=\"iwgw-motphoenix-pillc\" data-element_type=\"container\" data-e-type=\"container\">\n\t\t\t\t<div class=\"elementor-element elementor-element-iwgw-motphoenix-pills elementor-widget elementor-widget-html\" data-id=\"iwgw-motphoenix-pills\" data-element_type=\"widget\" data-e-type=\"widget\" data-widget_type=\"html.default\">\n\t\t\t\t\t<div class=\"iwg-pill-row\"><span class=\"iwg-klasse-badge\" tabindex=\"0\" data-tooltip=\"D\u00e9u de la tradici\u00f3 fen\u00edcia.\">D\u00e9u<\/span><a href=\"https:\/\/iwell-guard.com\/ca\/fenicis-cartago-baal-tanit-proteccio\/\" class=\"iwg-kultur-badge\" tabindex=\"0\" data-tooltip=\"Mitologia de la tradici\u00f3 fen\u00edcia.\">Fenici<\/a><span class=\"iwg-tradition-badge\" tabindex=\"0\" data-tooltip=\"D\u00e9u de la mort.\">D\u00e9u de la mort<\/span><\/div>\t\t\t\t<\/div>\n\t\t\t\t<\/div>\n\t\t<div class=\"elementor-element elementor-element-iwgw-motphoenix-tocc e-con-full e-flex e-con e-child\" data-id=\"iwgw-motphoenix-tocc\" data-element_type=\"container\" data-e-type=\"container\">\n\t\t\t\t<div class=\"elementor-element elementor-element-iwgw-motphoenix-toc elementor-toc--minimized-on-tablet elementor-widget elementor-widget-table-of-contents\" data-id=\"iwgw-motphoenix-toc\" data-element_type=\"widget\" data-e-type=\"widget\" data-settings=\"{&quot;headings_by_tags&quot;:[&quot;h2&quot;,&quot;h3&quot;],&quot;minimize_box&quot;:&quot;yes&quot;,&quot;marker_view&quot;:&quot;bullets&quot;,&quot;no_headings_message&quot;:&quot;No s&#039;ha trobat cap encap\\u00e7alament en aquesta p\\u00e0gina.&quot;,&quot;exclude_headings_by_selector&quot;:[],&quot;icon&quot;:{&quot;value&quot;:&quot;fas fa-circle&quot;,&quot;library&quot;:&quot;fa-solid&quot;,&quot;rendered_tag&quot;:&quot;&lt;svg class=\\&quot;e-font-icon-svg e-fas-circle\\&quot; viewBox=\\&quot;0 0 512 512\\&quot; xmlns=\\&quot;http:\\\/\\\/www.w3.org\\\/2000\\\/svg\\&quot;&gt;&lt;path d=\\&quot;M256 8C119 8 8 119 8 256s111 248 248 248 248-111 248-248S393 8 256 8z\\&quot;&gt;&lt;\\\/path&gt;&lt;\\\/svg&gt;&quot;},&quot;minimized_on&quot;:&quot;tablet&quot;,&quot;hierarchical_view&quot;:&quot;yes&quot;,&quot;min_height&quot;:{&quot;unit&quot;:&quot;px&quot;,&quot;size&quot;:&quot;&quot;,&quot;sizes&quot;:[]},&quot;min_height_tablet&quot;:{&quot;unit&quot;:&quot;px&quot;,&quot;size&quot;:&quot;&quot;,&quot;sizes&quot;:[]},&quot;min_height_mobile&quot;:{&quot;unit&quot;:&quot;px&quot;,&quot;size&quot;:&quot;&quot;,&quot;sizes&quot;:[]}}\" data-widget_type=\"table-of-contents.default\">\n\t\t\t\t\t\t\t\t\t<div class=\"elementor-toc__header\">\n\t\t\t\t\t\t<h2 class=\"elementor-toc__header-title\">\n\t\t\t\t\u00cdndex\t\t\t<\/h2>\n\t\t\t\t\t\t\t\t\t\t<div class=\"elementor-toc__toggle-button elementor-toc__toggle-button--expand\" role=\"button\" tabindex=\"0\" aria-controls=\"elementor-toc__iwgw-motphoenix-toc\" aria-expanded=\"true\" aria-label=\"Open table of contents\"><svg aria-hidden=\"true\" class=\"e-font-icon-svg e-fas-chevron-down\" viewBox=\"0 0 448 512\" xmlns=\"http:\/\/www.w3.org\/2000\/svg\"><path d=\"M207.029 381.476L12.686 187.132c-9.373-9.373-9.373-24.569 0-33.941l22.667-22.667c9.357-9.357 24.522-9.375 33.901-.04L224 284.505l154.745-154.021c9.379-9.335 24.544-9.317 33.901.04l22.667 22.667c9.373 9.373 9.373 24.569 0 33.941L240.971 381.476c-9.373 9.372-24.569 9.372-33.942 0z\"><\/path><\/svg><\/div>\n\t\t\t\t<div class=\"elementor-toc__toggle-button elementor-toc__toggle-button--collapse\" role=\"button\" tabindex=\"0\" aria-controls=\"elementor-toc__iwgw-motphoenix-toc\" aria-expanded=\"true\" aria-label=\"Close table of contents\"><svg aria-hidden=\"true\" class=\"e-font-icon-svg e-fas-chevron-up\" viewBox=\"0 0 448 512\" xmlns=\"http:\/\/www.w3.org\/2000\/svg\"><path d=\"M240.971 130.524l194.343 194.343c9.373 9.373 9.373 24.569 0 33.941l-22.667 22.667c-9.357 9.357-24.522 9.375-33.901.04L224 227.495 69.255 381.516c-9.379 9.335-24.544 9.317-33.901-.04l-22.667-22.667c-9.373-9.373-9.373-24.569 0-33.941L207.03 130.525c9.372-9.373 24.568-9.373 33.941-.001z\"><\/path><\/svg><\/div>\n\t\t\t\t\t<\/div>\n\t\t\t\t<div id=\"elementor-toc__iwgw-motphoenix-toc\" class=\"elementor-toc__body\">\n\t\t\t<div class=\"elementor-toc__spinner-container\">\n\t\t\t\t<svg class=\"elementor-toc__spinner eicon-animation-spin e-font-icon-svg e-eicon-loading\" aria-hidden=\"true\" viewBox=\"0 0 1000 1000\" xmlns=\"http:\/\/www.w3.org\/2000\/svg\"><path d=\"M500 975V858C696 858 858 696 858 500S696 142 500 142 142 304 142 500H25C25 237 238 25 500 25S975 237 975 500 763 975 500 975Z\"><\/path><\/svg>\t\t\t<\/div>\n\t\t<\/div>\n\t\t\t\t\t\t<\/div>\n\t\t\t\t<\/div>\n\t\t\t\t\t<\/div>\n\t\t\t\t<\/div>\n\t\t<div class=\"elementor-element elementor-element-iwgw-motphoenix-hr e-con-full e-flex e-con e-child\" data-id=\"iwgw-motphoenix-hr\" data-element_type=\"container\" data-e-type=\"container\">\n\t\t\t\t<div class=\"elementor-element elementor-element-iwgw-motphoenix-heroimg iwg-hero-image elementor-widget elementor-widget-image\" data-id=\"iwgw-motphoenix-heroimg\" data-element_type=\"widget\" data-e-type=\"widget\" data-widget_type=\"image.default\">\n\t\t\t\t\t\t\t\t\t\t\t\t\t\t\t<img fetchpriority=\"high\" decoding=\"async\" width=\"683\" height=\"1024\" src=\"https:\/\/iwell-guard.com\/wp-content\/uploads\/2026\/05\/goetter_phoenizisch_mot-phoenix-683x1024.webp\" class=\"attachment-large size-large wp-image-2851\" alt=\"Mot \u2013 D\u00e9u fenici de la mort\" srcset=\"https:\/\/iwell-guard.com\/wp-content\/uploads\/2026\/05\/goetter_phoenizisch_mot-phoenix-683x1024.webp 683w, https:\/\/iwell-guard.com\/wp-content\/uploads\/2026\/05\/goetter_phoenizisch_mot-phoenix-200x300.webp 200w, https:\/\/iwell-guard.com\/wp-content\/uploads\/2026\/05\/goetter_phoenizisch_mot-phoenix-768x1152.webp 768w, https:\/\/iwell-guard.com\/wp-content\/uploads\/2026\/05\/goetter_phoenizisch_mot-phoenix.webp 1024w\" sizes=\"(max-width: 683px) 100vw, 683px\" \/>\t\t\t\t\t\t\t\t\t\t\t\t\t\t\t<\/div>\n\t\t\t\t<\/div>\n\t\t\t\t\t<\/div>\n\t\t\t\t<\/div>\n\t\t\t\t<section class=\"elementor-section elementor-top-section elementor-element elementor-element-sec-iwgcomp2-mot-phoenix elementor-section-boxed elementor-section-height-default elementor-section-height-default\" data-id=\"sec-iwgcomp2-mot-phoenix\" data-element_type=\"section\" data-e-type=\"section\">\n\t\t\t\t\t\t<div class=\"elementor-container elementor-column-gap-default\">\n\t\t\t\t\t<div class=\"elementor-column elementor-col-100 elementor-top-column elementor-element elementor-element-col-iwgcomp2-mot-phoenix\" data-id=\"col-iwgcomp2-mot-phoenix\" data-element_type=\"column\" data-e-type=\"column\">\n\t\t\t<div class=\"elementor-widget-wrap elementor-element-populated\">\n\t\t\t\t\t\t<div class=\"elementor-element elementor-element-iwgcomp2-mot-phoenix elementor-widget elementor-widget-text-editor\" data-id=\"iwgcomp2-mot-phoenix\" data-element_type=\"widget\" data-e-type=\"widget\" data-widget_type=\"text-editor.default\">\n\t\t\t\t\t\t\t\t\t<p>Mot \u00e9s el d\u00e9u de la mort <strong>fenici-ugar\u00edtic<\/strong> i personificaci\u00f3 de l&#8217;estaci\u00f3 seca.<\/p>\t\t\t\t\t\t\t\t<\/div>\n\t\t\t\t\t<\/div>\n\t\t<\/div>\n\t\t\t\t\t<\/div>\n\t\t<\/section>\n\t\t<div class=\"elementor-element elementor-element-iwgw-motphoenix-s0 e-flex e-con-boxed e-con e-parent\" data-id=\"iwgw-motphoenix-s0\" data-element_type=\"container\" data-e-type=\"container\">\n\t\t\t\t\t<div class=\"e-con-inner\">\n\t\t\t\t<div class=\"elementor-element elementor-element-iwgw-motphoenix-s0h elementor-widget elementor-widget-heading\" data-id=\"iwgw-motphoenix-s0h\" data-element_type=\"widget\" data-e-type=\"widget\" data-widget_type=\"heading.default\">\n\t\t\t\t\t<h2 class=\"elementor-heading-title elementor-size-default\">Classificaci\u00f3 i perfil breu<\/h2>\t\t\t\t<\/div>\n\t\t<div class=\"elementor-element elementor-element-iwgw-motphoenix-s0c e-con-full e-flex e-con e-child\" data-id=\"iwgw-motphoenix-s0c\" data-element_type=\"container\" data-e-type=\"container\">\n\t\t\t\t<div class=\"elementor-element elementor-element-iwgw-motphoenix-s0t elementor-widget elementor-widget-text-editor\" data-id=\"iwgw-motphoenix-s0t\" data-element_type=\"widget\" data-e-type=\"widget\" data-widget_type=\"text-editor.default\">\n\t\t\t\t\t\t\t\t\t<p>Mot \u00e9s l&#8217;encarnaci\u00f3 fenicio-cananea de la mort. Mark Smith ha mostrat a <em>The Ugaritic Baal Cycle<\/em> (1994\/2009) que Mot \u00e9s, en el Cicle de Baal, la segona gran figura antagonista despr\u00e9s de <a href=\"https:\/\/iwell-guard.com\/ca\/?page_id=171727\">Yam<\/a>; la seva derrota a mans d&#8217;<a href=\"https:\/\/iwell-guard.com\/ca\/?page_id=171729\">Anat<\/a> permet la resurrecci\u00f3 de Baal i, amb ella, el retorn de l&#8217;estaci\u00f3 de vegetaci\u00f3. Dins de la <a href=\"https:\/\/iwell-guard.com\/ca\/fenicis-cartago-baal-tanit-proteccio\/\">tradici\u00f3 fen\u00edcia<\/a>, Mot \u00e9s el prototip del d\u00e9u de la mort i antagonista dels d\u00e9us de la vida.<\/p><p>Des de la perspectiva de la hist\u00f2ria de les religions, Mot representa el tipus de mort personificada, un fenomen poc habitual amb aquesta claredat en les mitologies del pr\u00f2xim orient antic. En el context mesopot\u00e0mic li corresponen Ereshkigal i Nergal, encara que amb funcions diferents; entre els hitites no hi ha un d\u00e9u paral\u00b7lel exacte, per\u00f2 s\u00ed la &#8216;deessa del sol de la terra&#8217; com a figura ct\u00f2nica de l&#8217;infram\u00f3n.<\/p><p>El conflicte de Mot amb Baal no \u00e9s un combat \u00fanic, sin\u00f3 un esdeveniment c\u00edclic: Mot ven\u00e7 Baal durant l&#8217;estaci\u00f3 seca, Anat ven\u00e7 Mot, i Baal torna amb les pluges.<\/p><p>Aquesta estructura estacional converteix el <span class=\"iwg-fachbegriff\" data-tooltip=\"Un relat transm\u00e8s sobre els d\u00e9us, els or\u00edgens i l'ordre del m\u00f3n.\" tabindex=\"0\">mite<\/span> de Mot en un exemple cl\u00e0ssic de mitologia de vegetaci\u00f3 i de les estacions. Sabatino Moscati a <em>Die Ph\u00f6niker<\/em> (1966) i Mark Smith a <em>The Origins of Biblical Monotheism<\/em> (2001) han analitzat aquesta <span class=\"iwg-fachbegriff\" data-tooltip=\"La disciplina cient\u00edfica sobre D\u00e9u i la fe d'una religi\u00f3.\" tabindex=\"0\">teologia<\/span>.<\/p><p>Un aspecte teol\u00f2gic destacable del <span class=\"iwg-fachbegriff\" data-tooltip=\"Un relat transm\u00e8s sobre els d\u00e9us, els or\u00edgens i l'ordre del m\u00f3n.\" tabindex=\"0\">mite<\/span> de Mot \u00e9s que la destrucci\u00f3 de Mot per part d&#8217;Anat, esquerdant-lo, garbellant-lo, cremant-lo, molent-lo, sembrant-lo, constitueix una transposici\u00f3 directa de pr\u00e0ctiques agr\u00edcoles a un conflicte div\u00ed. Mot \u00e9s tractat com el gra: la seva mort permet un nou creixement.<\/p><p>En comparaci\u00f3 amb la <a href=\"https:\/\/iwell-guard.com\/ca\/hitita-anatolic-tarhunna-deus-proteccio\/\">tradici\u00f3 hitita<\/a> de la &#8216;deessa del sol de la terra&#8217; com a figura ct\u00f2nica contraposada a la celestial <a href=\"https:\/\/iwell-guard.com\/ca\/arinna-deessa-sol\/\">Arinna<\/a>, el perfil de Mot resulta clarament m\u00e9s agressiu i narratiu.<\/p>\t\t\t\t\t\t\t\t<\/div>\n\t\t\t\t<\/div>\n\t\t\t\t\t<\/div>\n\t\t\t\t<\/div>\n\t\t<div class=\"elementor-element elementor-element-iwgw-motphoenix-s1 e-flex e-con-boxed e-con e-parent\" data-id=\"iwgw-motphoenix-s1\" data-element_type=\"container\" data-e-type=\"container\">\n\t\t\t\t\t<div class=\"e-con-inner\">\n\t\t\t\t<div class=\"elementor-element elementor-element-iwgw-motphoenix-s1h elementor-widget elementor-widget-heading\" data-id=\"iwgw-motphoenix-s1h\" data-element_type=\"widget\" data-e-type=\"widget\" data-widget_type=\"heading.default\">\n\t\t\t\t\t<h2 class=\"elementor-heading-title elementor-size-default\">Nom i etimologia<\/h2>\t\t\t\t<\/div>\n\t\t<div class=\"elementor-element elementor-element-iwgw-motphoenix-s1c e-con-full e-flex e-con e-child\" data-id=\"iwgw-motphoenix-s1c\" data-element_type=\"container\" data-e-type=\"container\">\n\t\t\t\t<div class=\"elementor-element elementor-element-iwgw-motphoenix-s1t elementor-widget elementor-widget-text-editor\" data-id=\"iwgw-motphoenix-s1t\" data-element_type=\"widget\" data-e-type=\"widget\" data-widget_type=\"text-editor.default\">\n\t\t\t\t\t\t\t\t\t<p>El nom <em>mt<\/em> \u00e9s el mot com\u00fa sem\u00edtic occidental per &#8216;mort&#8217;. Mot \u00e9s, doncs, literalment &#8216;la Mort&#8217; mateixa, de manera semblant a com <a href=\"https:\/\/iwell-guard.com\/ca\/?page_id=171727\">Yam<\/a> \u00e9s &#8216;el Mar&#8217;. Aquesta identitat entre el nom div\u00ed i la categoria c\u00f2smica \u00e9s t\u00edpica de la teogonia del pr\u00f2xim orient antic.<\/p><p>En accadi, l&#8217;equivalent \u00e9s <em>m\u016btu<\/em> (mort); en hebreu, <em>m\u0101wet<\/em> (amb la mateixa etimologia, tampoc personificat de manera prim\u00e0ria com a d\u00e9u, per\u00f2 atestat com a figura quasi m\u00edtica en alguns passatges po\u00e8tics com Job 18,13; Osees 13,14; Habacuc 2,5).<\/p><p>En els textos ugar\u00edtics, Mot apareix amb diversos ep\u00edtets: bn \u02beilm mt &#8216;fill dels d\u00e9us, Mot&#8217;, ydd \u02beil \u0121zr &#8216;estimat d&#8217;El, l&#8217;heroi&#8217;, mdd \u02beil &#8216;predilecte d&#8217;El&#8217;. Aquests ep\u00edtets el designen com a fill del d\u00e9u pare El i subratllen la seva dignitat teol\u00f2gica. Mot no \u00e9s un d\u00e9u contrari mal\u00e8vol, sin\u00f3 un fill leg\u00edtim del d\u00e9u suprem amb una funci\u00f3 c\u00f2smicament necess\u00e0ria.<\/p><p>En el material hebreu, Mot apareix retallat de manera pol\u00e8mica; la <span class=\"iwg-fachbegriff\" data-tooltip=\"La disciplina cient\u00edfica sobre D\u00e9u i la fe d'una religi\u00f3.\" tabindex=\"0\">teologia<\/span> monoteista no pot acceptar un d\u00e9u de la mort aut\u00f2nom al costat de Jahv\u00e8. Tot i aix\u00f2, Osees 13,14 (&#8216;Mort, on \u00e9s el teu fibl\u00f3?&#8217;) ha conservat literalment la tradici\u00f3 de Mot; Pau cita aquest passatge a la primera carta als Corintis 15,55 en la seva apologia de la resurrecci\u00f3.<\/p><p>En alguns textos m\u00e0gics jueus-aramaics de l&#8217;<span class=\"iwg-fachbegriff\" data-tooltip=\"\u00c8poca de transici\u00f3 entre l'antiguitat i l'edat mitjana, aproximadament del segle III al VII.\" tabindex=\"0\">antiguitat tardana<\/span>, Mot encara apareix com a figura negativa, sobretot en inscripcions d&#8217;<span class=\"iwg-fachbegriff\" data-tooltip=\"Un objecte portat al cos al qual s'atribueix un efecte protector contra el mal.\" tabindex=\"0\">amulet<\/span> de Nippur i Egipte; aquesta tradici\u00f3 tardana mostra la persist\u00e8ncia, en la hist\u00f2ria de les religions, de la <span class=\"iwg-fachbegriff\" data-tooltip=\"La disciplina cient\u00edfica sobre D\u00e9u i la fe d'una religi\u00f3.\" tabindex=\"0\">teologia<\/span> sem\u00edtica occidental dins la <span class=\"iwg-fachbegriff\" data-tooltip=\"Pr\u00e0ctiques que pretenen intervenir en el curs dels esdeveniments mitjan\u00e7ant accions o f\u00f3rmules especials.\" tabindex=\"0\">m\u00e0gia<\/span> jueva.<\/p>\t\t\t\t\t\t\t\t<\/div>\n\t\t\t\t<\/div>\n\t\t\t\t\t<\/div>\n\t\t\t\t<\/div>\n\t\t<div class=\"elementor-element elementor-element-iwgw-motphoenix-s2 e-flex e-con-boxed e-con e-parent\" data-id=\"iwgw-motphoenix-s2\" data-element_type=\"container\" data-e-type=\"container\">\n\t\t\t\t\t<div class=\"e-con-inner\">\n\t\t\t\t<div class=\"elementor-element elementor-element-iwgw-motphoenix-s2h elementor-widget elementor-widget-heading\" data-id=\"iwgw-motphoenix-s2h\" data-element_type=\"widget\" data-e-type=\"widget\" data-widget_type=\"heading.default\">\n\t\t\t\t\t<h2 class=\"elementor-heading-title elementor-size-default\">Descripci\u00f3 i iconografia<\/h2>\t\t\t\t<\/div>\n\t\t<div class=\"elementor-element elementor-element-iwgw-motphoenix-s2c e-con-full e-flex e-con e-child\" data-id=\"iwgw-motphoenix-s2c\" data-element_type=\"container\" data-e-type=\"container\">\n\t\t\t\t<div class=\"elementor-element elementor-element-iwgw-motphoenix-s2t elementor-widget elementor-widget-text-editor\" data-id=\"iwgw-motphoenix-s2t\" data-element_type=\"widget\" data-e-type=\"widget\" data-widget_type=\"text-editor.default\">\n\t\t\t\t\t\t\t\t\t<p>Mot \u00e9s descrit als textos ugar\u00edtics com un gegant colossal, amb un llavi que arriba fins a la terra i l&#8217;altre fins al cel, la llengua li arriba fins a les estrelles i el seu gorja s&#8217;empassa totes les coses. Aquesta descripci\u00f3 hiperb\u00f2lica pertany a l&#8217;estil teol\u00f2gic-po\u00e8tic del Cicle de Baal i il\u00b7lustra la magnitud c\u00f2smica de Mot.<\/p><p>No s&#8217;ha conservat una iconografia inequ\u00edvoca. \u00c9s possible que una <span class=\"iwg-fachbegriff\" data-tooltip=\"Una llosa de pedra o fusta dreta, inscrita o decorada.\" tabindex=\"0\">estela<\/span> ugar\u00edtica fragment\u00e0ria mostri Mot com un gegant barbut amb la boca ben oberta, encara que la identificaci\u00f3 \u00e9s discutida. En l&#8217;hitologia moderna se&#8217;l sol visualitzar conceptualment com un &#8216;gorja gigantina&#8217; o com un &#8216;\u00e9sser monstruosament vora\u00e7&#8217;.<\/p><p>La seva resid\u00e8ncia \u00e9s el m\u00f3n subterrani, sovint anomenat &#8216;ciutat de la pressa&#8217; (<em>qrt<\/em>) o &#8216;terra, pant\u00e0&#8217;.<\/p><p>Aquest m\u00f3n subterrani \u00e9s un lloc fosc i brut, sense llum ni aigua, i la seva atmosfera nom\u00e9s \u00e9s accessible per a Mot mateix i els seus missatgers. Les divinitats vivents que baixen al m\u00f3n subterrani han de prendre precaucions especials per no caure a la gola de Mot.<\/p><p>Una <span class=\"iwg-fachbegriff\" data-tooltip=\"Un text gravat o esculpit en un suport s\u00f2lid.\" tabindex=\"0\">inscripci\u00f3<\/span> fragment\u00e0ria de Sid\u00f3 esmenta Mot en una f\u00f3rmula funer\u00e0ria en la qual es demana al difunt que &#8216;no vagi a Mot, sin\u00f3 que reposi amb els avantpassats&#8217;. Aquesta distinci\u00f3 entre &#8216;Mot&#8217; i els &#8216;avantpassats&#8217; \u00e9s rellevant des del punt de vista de la hist\u00f2ria de les religions i correspon a la separaci\u00f3 ugar\u00edtica entre l&#8217;amena\u00e7a del m\u00f3n subterrani i la protecci\u00f3 del culte als avantpassats.<\/p>\t\t\t\t\t\t\t\t<\/div>\n\t\t\t\t<\/div>\n\t\t\t\t\t<\/div>\n\t\t\t\t<\/div>\n\t\t<div class=\"elementor-element elementor-element-iwgw-motphoenix-s3 e-flex e-con-boxed e-con e-parent\" data-id=\"iwgw-motphoenix-s3\" data-element_type=\"container\" data-e-type=\"container\">\n\t\t\t\t\t<div class=\"e-con-inner\">\n\t\t\t\t<div class=\"elementor-element elementor-element-iwgw-motphoenix-s3h elementor-widget elementor-widget-heading\" data-id=\"iwgw-motphoenix-s3h\" data-element_type=\"widget\" data-e-type=\"widget\" data-widget_type=\"heading.default\">\n\t\t\t\t\t<h2 class=\"elementor-heading-title elementor-size-default\">Relats mitol\u00f2gics<\/h2>\t\t\t\t<\/div>\n\t\t<div class=\"elementor-element elementor-element-iwgw-motphoenix-s3c e-con-full e-flex e-con e-child\" data-id=\"iwgw-motphoenix-s3c\" data-element_type=\"container\" data-e-type=\"container\">\n\t\t\t\t<div class=\"elementor-element elementor-element-iwgw-motphoenix-s3t elementor-widget elementor-widget-text-editor\" data-id=\"iwgw-motphoenix-s3t\" data-element_type=\"widget\" data-e-type=\"widget\" data-widget_type=\"text-editor.default\">\n\t\t\t\t\t\t\t\t\t<p>La font principal sobre Mot \u00e9s el Cicle de Baal ugar\u00edtic (KTU 1.4, 1.6), especialment les tauletes V i VI. L&#8217;argument, en l\u00ednies generals: despr\u00e9s de construir el seu palau al mont Saphon, <a href=\"https:\/\/iwell-guard.com\/ca\/?page_id=171721\">Baal<\/a> envia missatgers a Mot per proclamar el seu domini.<\/p><p>Mot respon amb l&#8217;amena\u00e7a d&#8217;empassar-se Baal, ja que Baal no \u00e9s m\u00e9s que un mortal entre els mortals. Baal primer respon amb resist\u00e8ncia, i despr\u00e9s amb acceptaci\u00f3: baixa al m\u00f3n subterrani.<\/p><p>Mot s&#8217;empassa Baal; la terra s&#8217;asseca, la vegetaci\u00f3 mor, el bestiar deixa de parir. <a href=\"https:\/\/iwell-guard.com\/ca\/?page_id=171729\">Anat<\/a>, germana i companya de Baal, el cerca en va. Finalment troba el seu cos i l&#8217;enterra plorant.<\/p><p>Aleshores es gira contra Mot: &#8216;Agafa el div\u00ed Mot, el parteix amb l&#8217;espasa, el llan\u00e7a al garbell, el crema al foc, el mol amb la mola, el sembra al camp.&#8217;<\/p><p>Aquesta escena espectacular de destrucci\u00f3 \u00e9s un dels episodis m\u00e9s impressionants de la <span class=\"iwg-fachbegriff\" data-tooltip=\"El conjunt de relats m\u00edtics sobre d\u00e9us transmesos per una cultura.\" tabindex=\"0\">mitologia<\/span> de l&#8217;antic Orient Pr\u00f2xim. Amb la mort de Mot, Baal pot ressuscitar; la vegetaci\u00f3 torna. Tot i aix\u00f2, la derrota de Mot no \u00e9s definitiva: es regenera al cap de set anys, i el conflicte amb Baal continua de forma c\u00edclica. Aquesta estructura c\u00edclica correspon al cicle vegetatiu anual.<\/p><p>El set\u00e8 any despr\u00e9s de la seva destrucci\u00f3, Mot torna a al\u00e7ar-se i exigeix a Baal l&#8217;entrega d&#8217;un germ\u00e0 com a substitut. Baal envia sorolls i imatges; despr\u00e9s d&#8217;una llarga negociaci\u00f3 s&#8217;arriba a un comprom\u00eds. Aquesta escena final s&#8217;ha conservat de manera fragment\u00e0ria i \u00e9s un dels passatges m\u00e9s discutits del Cicle de Baal.<\/p>\t\t\t\t\t\t\t\t<\/div>\n\t\t\t\t<\/div>\n\t\t\t\t\t<\/div>\n\t\t\t\t<\/div>\n\t\t<div class=\"elementor-element elementor-element-iwgw-motphoenix-s4 e-flex e-con-boxed e-con e-parent\" data-id=\"iwgw-motphoenix-s4\" data-element_type=\"container\" data-e-type=\"container\">\n\t\t\t\t\t<div class=\"e-con-inner\">\n\t\t\t\t<div class=\"elementor-element elementor-element-iwgw-motphoenix-s4h elementor-widget elementor-widget-heading\" data-id=\"iwgw-motphoenix-s4h\" data-element_type=\"widget\" data-e-type=\"widget\" data-widget_type=\"heading.default\">\n\t\t\t\t\t<h2 class=\"elementor-heading-title elementor-size-default\">Culte i veneraci\u00f3<\/h2>\t\t\t\t<\/div>\n\t\t<div class=\"elementor-element elementor-element-iwgw-motphoenix-s4c e-con-full e-flex e-con e-child\" data-id=\"iwgw-motphoenix-s4c\" data-element_type=\"container\" data-e-type=\"container\">\n\t\t\t\t<div class=\"elementor-element elementor-element-iwgw-motphoenix-s4t elementor-widget elementor-widget-text-editor\" data-id=\"iwgw-motphoenix-s4t\" data-element_type=\"widget\" data-e-type=\"widget\" data-widget_type=\"text-editor.default\">\n\t\t\t\t\t\t\t\t\t<p>Mot no era objecte de culte en sentit positiu; com a d\u00e9u de la mort, no se&#8217;l venerava, sin\u00f3 que se&#8217;l repel\u00b7lia o s&#8217;apaivagava de manera <span class=\"iwg-fachbegriff\" data-tooltip=\"Que pertany a un procediment religi\u00f3s establert.\" tabindex=\"0\">ritual<\/span>. En els rituals funeraris ugar\u00edtics apareix com a receptor dels morts; les f\u00f3rmules funer\u00e0ries demanen a Mot que reculli el difunt sense turmentar-lo.<\/p><p>El seu <span class=\"iwg-fachbegriff\" data-tooltip=\"Un relat transm\u00e8s sobre d\u00e9us, or\u00edgens i l'ordre del m\u00f3n.\" tabindex=\"0\">mite<\/span> es recitava en el culte estatal; probablement la reactuaci\u00f3 ritual de la seq\u00fc\u00e8ncia Baal-Mot formava part de la festa de la tardor o del solstici d&#8217;hivern, quan la vegetaci\u00f3 realment moria. La resurrecci\u00f3 de Baal a la primavera s&#8217;actualitzava aleshores <span class=\"iwg-fachbegriff\" data-tooltip=\"Que pertany a un procediment religi\u00f3s establert.\" tabindex=\"0\">ritualment<\/span> mitjan\u00e7ant el complex festiu primaveral. Aquesta pr\u00e0ctica ritual estacional \u00e9s un tret hist\u00f2ric important de la religi\u00f3 fen\u00edcia.<\/p><p>En f\u00f3rmules funer\u00e0ries fen\u00edcies de contextos de l&#8217;<span class=\"iwg-fachbegriff\" data-tooltip=\"\u00c8poca prehist\u00f2rica posterior a l'edat del bronze, marcada pel treball del ferro.\" tabindex=\"0\">edat del ferro<\/span>, Mot apareix com a receptor subterrani dels morts. Les inscripcions dels sarc\u00f2fags dels reis fenicis (com Eshmunazar II) contenen f\u00f3rmules de protecci\u00f3 contra els lladres de tombes i contra l&#8217;acc\u00e9s prematur de Mot. Aquestes &#8216;f\u00f3rmules de mort&#8217; estan ben documentades des del punt de vista de la hist\u00f2ria de les religions.<\/p><p>La funci\u00f3 de Mot en la pr\u00e0ctica ritual funer\u00e0ria est\u00e0 ben documentada; les associacions ugar\u00edtiques <em>marzi\u1e25u<\/em>, una mena de confraries funer\u00e0ries, celebraven \u00e0pats regulars en mem\u00f2ria dels morts. Aquestes associacions es coneixen a trav\u00e9s de nombroses inscripcions i es compten entre les institucions socioreligioses m\u00e9s importants de la societat ugar\u00edtica.<\/p>\t\t\t\t\t\t\t\t<\/div>\n\t\t\t\t<\/div>\n\t\t\t\t\t<\/div>\n\t\t\t\t<\/div>\n\t\t<div class=\"elementor-element elementor-element-iwgw-motphoenix-s5 e-flex e-con-boxed e-con e-parent\" data-id=\"iwgw-motphoenix-s5\" data-element_type=\"container\" data-e-type=\"container\">\n\t\t\t\t\t<div class=\"e-con-inner\">\n\t\t\t\t<div class=\"elementor-element elementor-element-iwgw-motphoenix-s5h elementor-widget elementor-widget-heading\" data-id=\"iwgw-motphoenix-s5h\" data-element_type=\"widget\" data-e-type=\"widget\" data-widget_type=\"heading.default\">\n\t\t\t\t\t<h2 class=\"elementor-heading-title elementor-size-default\">Pr\u00e0ctica de protecci\u00f3 i elements apotropaics<\/h2>\t\t\t\t<\/div>\n\t\t<div class=\"elementor-element elementor-element-iwgw-motphoenix-s5c e-con-full e-flex e-con e-child\" data-id=\"iwgw-motphoenix-s5c\" data-element_type=\"container\" data-e-type=\"container\">\n\t\t\t\t<div class=\"elementor-element elementor-element-iwgw-motphoenix-s5t elementor-widget elementor-widget-text-editor\" data-id=\"iwgw-motphoenix-s5t\" data-element_type=\"widget\" data-e-type=\"widget\" data-widget_type=\"text-editor.default\">\n\t\t\t\t\t\t\t\t\t<p>Les pr\u00e0ctiques apotropaiques contra Mot eren habituals en el m\u00f3n fenici. A les cases es pronunciaven f\u00f3rmules protectores contra &#8216;Mot el devorador&#8217;; les f\u00f3rmules <em>\u02berr<\/em> (f\u00f3rmules de maledicci\u00f3 i protecci\u00f3) es dirigeixen sovint contra l&#8217;acc\u00e9s de Mot a la casa i la fam\u00edlia. Charles Krahmalkov ha reunit f\u00f3rmules d&#8217;aquest tipus a <em>A Phoenician-Punic Grammar<\/em> (2001).<\/p><p>En contextos funeraris, el nom de Mot apareix vinculat a ofrenes protectores per als morts: aliments, begudes, joies i objectes personals havien d&#8217;acompanyar els morts en el seu viatge al m\u00f3n subterrani. Aquest &#8216;aliment per al viatge&#8217; \u00e9s hist\u00f2ricament comparable a pr\u00e0ctiques funer\u00e0ries eg\u00edpcies i mesopot\u00e0miques.<\/p><p data-nosnippet=\"true\">Des d&#8217;una perspectiva cient\u00edfica, la funci\u00f3 protectora de Mot \u00e9s paradoxal: no \u00e9s un d\u00e9u protector, sin\u00f3 aquell contra qui cal protegir-se. El seu paper en la religi\u00f3 t\u00e9 una connotaci\u00f3 negativa, sense que sigui mal\u00e8vol; \u00e9s una necessitat c\u00f2smica, una funci\u00f3 dins el cicle del m\u00f3n. L&#8217;iWell Guard registra Mot com a figura hist\u00f2rico-mitol\u00f2gica sense funci\u00f3 protectora actual ni relaci\u00f3 amb promeses de curaci\u00f3 modernes.<\/p><p>La c\u00e8lebre f\u00f3rmula funer\u00e0ria <em>&#8216;l yqbr nbt&#8217;<\/em> del sarc\u00f2fag d&#8217;Eshmunazar exhorta a no obrir la tomba, perqu\u00e8, altrament, &#8216;Mot vindr\u00e0 sobre la fam\u00edlia&#8217;. Aquestes f\u00f3rmules de maledicci\u00f3 es troben entre els testimonis epigr\u00e0fics m\u00e9s impressionants de la <span class=\"iwg-fachbegriff\" data-tooltip=\"La disciplina cient\u00edfica que estudia D\u00e9u i la fe d'una religi\u00f3.\" tabindex=\"0\">teologia<\/span> fen\u00edcia de la mort.<\/p>\t\t\t\t\t\t\t\t<\/div>\n\t\t\t\t<\/div>\n\t\t\t\t\t<\/div>\n\t\t\t\t<\/div>\n\t\t<div class=\"elementor-element elementor-element-iwgw-motphoenix-s6 e-flex e-con-boxed e-con e-parent\" data-id=\"iwgw-motphoenix-s6\" data-element_type=\"container\" data-e-type=\"container\">\n\t\t\t\t\t<div class=\"e-con-inner\">\n\t\t\t\t<div class=\"elementor-element elementor-element-iwgw-motphoenix-s6h elementor-widget elementor-widget-heading\" data-id=\"iwgw-motphoenix-s6h\" data-element_type=\"widget\" data-e-type=\"widget\" data-widget_type=\"heading.default\">\n\t\t\t\t\t<h2 class=\"elementor-heading-title elementor-size-default\">Paral\u00b7lelismes en altres cultures<\/h2>\t\t\t\t<\/div>\n\t\t<div class=\"elementor-element elementor-element-iwgw-motphoenix-s6c e-con-full e-flex e-con e-child\" data-id=\"iwgw-motphoenix-s6c\" data-element_type=\"container\" data-e-type=\"container\">\n\t\t\t\t<div class=\"elementor-element elementor-element-iwgw-motphoenix-s6t elementor-widget elementor-widget-text-editor\" data-id=\"iwgw-motphoenix-s6t\" data-element_type=\"widget\" data-e-type=\"widget\" data-widget_type=\"text-editor.default\">\n\t\t\t\t\t\t\t\t\t<p>Mot pertany a la fam\u00edlia internacional dels d\u00e9us de la mort. En el m\u00f3n mesopot\u00e0mic hi corresponen Ere\u0161kigal i Nergal, ambd\u00f3s d\u00e9us del m\u00f3n subterrani; entre els egipcis, Osiris en la seva fase de l&#8217;infram\u00f3n; en l&#8217;hitita, la &#8216;deessa del sol de la terra&#8217;. Mark Smith ha exposat detalladament aquesta hist\u00f2ria comparada de les religions a <em>The Origins of Biblical Monotheism<\/em> (2001).<\/p><p>Amb l&#8217;Hades grec, Mot comparteix la funci\u00f3 de sobirania del m\u00f3n subterrani; amb Thanatos, la funci\u00f3 personificada de la mort. Tanmateix, ambd\u00f3s d\u00e9us grecs tenen perfils teol\u00f2gics clarament diferents dels de Mot, sobretot perqu\u00e8 no estan implicats en combats c\u00edclics de vegetaci\u00f3.<\/p><p>En el material hebreu, Mot no est\u00e0 plenament integrat com a contrapart c\u00f2smica de Jahv\u00e8; tot i aix\u00f2, alguns textos po\u00e8tics (Os 13,14; Is 25,8) conserven la tradici\u00f3 de Mot.<\/p><p>Des del punt de vista de la hist\u00f2ria de les religions, Mot \u00e9s per a l&#8217;antic Israel un &#8216;adversari invisible&#8217; de la <span class=\"iwg-fachbegriff\" data-tooltip=\"La disciplina cient\u00edfica que estudia D\u00e9u i la fe d'una religi\u00f3.\" tabindex=\"0\">teologia<\/span> monoteista; la seva dissoluci\u00f3 en una mera funci\u00f3 forma part de la consolidaci\u00f3 teol\u00f2gica del jahvisme. Amb <a href=\"https:\/\/iwell-guard.com\/ca\/?page_id=171719\">Hedammu<\/a> i <a href=\"https:\/\/iwell-guard.com\/ca\/?page_id=171718\">Ullikummi<\/a> de la <a href=\"https:\/\/iwell-guard.com\/ca\/hitita-anatolic-tarhunna-deus-proteccio\/\">tradici\u00f3 hitita<\/a>, Mot comparteix el car\u00e0cter d&#8217;\u00e9sser ca\u00f2tic, encara que en una variant pr\u00f2pia lligada a la &#8216;mort&#8217;.<\/p><p>En inscripcions arameves i fen\u00edcies del primer mil\u00b7lenni a. C., Mot desapareix majorit\u00e0riament com a d\u00e9u personificat; la mort s&#8217;hi refereix cada vegada m\u00e9s com una esfera c\u00f2smica, no com una <span class=\"iwg-fachbegriff\" data-tooltip=\"Un \u00e9sser venerat com a div\u00ed dins d'una religi\u00f3.\" tabindex=\"0\">divinitat<\/span> actuant. Aquesta &#8216;desdivinitzaci\u00f3&#8217; de la mort resulta reveladora des del punt de vista hist\u00f2ric i transcorre en paral\u00b7lel a una evoluci\u00f3 similar en el cas de <a href=\"https:\/\/iwell-guard.com\/ca\/?page_id=171727\">Yam<\/a>.<\/p>\t\t\t\t\t\t\t\t<\/div>\n\t\t\t\t<\/div>\n\t\t\t\t\t<\/div>\n\t\t\t\t<\/div>\n\t\t<div class=\"elementor-element elementor-element-iwgw-motphoenix-s7 e-flex e-con-boxed e-con e-parent\" data-id=\"iwgw-motphoenix-s7\" data-element_type=\"container\" data-e-type=\"container\">\n\t\t\t\t\t<div class=\"e-con-inner\">\n\t\t\t\t<div class=\"elementor-element elementor-element-iwgw-motphoenix-s7h elementor-widget elementor-widget-heading\" data-id=\"iwgw-motphoenix-s7h\" data-element_type=\"widget\" data-e-type=\"widget\" data-widget_type=\"heading.default\">\n\t\t\t\t\t<h2 class=\"elementor-heading-title elementor-size-default\">Recepci\u00f3 i investigaci\u00f3 actuals<\/h2>\t\t\t\t<\/div>\n\t\t<div class=\"elementor-element elementor-element-iwgw-motphoenix-s7c e-con-full e-flex e-con e-child\" data-id=\"iwgw-motphoenix-s7c\" data-element_type=\"container\" data-e-type=\"container\">\n\t\t\t\t<div class=\"elementor-element elementor-element-iwgw-motphoenix-s7t elementor-widget elementor-widget-text-editor\" data-id=\"iwgw-motphoenix-s7t\" data-element_type=\"widget\" data-e-type=\"widget\" data-widget_type=\"text-editor.default\">\n\t\t\t\t\t\t\t\t\t<p>La recerca sobre Mot es troba avui a un nivell elevat. L&#8217;edici\u00f3 del cicle de Baal de Mark Smith i Wayne Pitard \u00e9s la refer\u00e8ncia est\u00e0ndard; John Day, Daniel Schwemer i Corinne Bonnet han aportat contribucions importants a la hist\u00f2ria de les religions. Theodore Lewis va estudiar el culte funerari ugar\u00edtic a <em>Cults of the Dead in Ancient Israel and Ugarit<\/em> (1989).<\/p><p>En la recepci\u00f3 popular, Mot \u00e9s conegut sobretot a trav\u00e9s dels mites ugar\u00edtics i de les al\u00b7lusions hebreo-b\u00edbliques. No hi ha un renaixement espiritual en sentit neopag\u00e0; el d\u00e9u de la mort resulta massa ali\u00e8 i mitol\u00f2gicament problem\u00e0tic per a les formes de pietat modernes.<\/p><p>Cient\u00edficament, Mot es considera avui un objecte d&#8217;estudi central per a la religi\u00f3 de la mort i del m\u00f3n subterrani de l&#8217;antic Orient Pr\u00f2xim. Els focus actuals de recerca se centren en la connexi\u00f3 del <span class=\"iwg-fachbegriff\" data-tooltip=\"Un relat transm\u00e8s sobre d\u00e9us, or\u00edgens i l'ordre del m\u00f3n.\" tabindex=\"0\">mite<\/span> de Mot amb els rituals funeraris ugar\u00edtics, en els paral\u00b7lelismes hebreo-b\u00edblics i en la q\u00fcesti\u00f3 dels rituals estacionals que actualitzaven el cicle de Baal i Mot. L&#8217;iWell Guard registra Mot com a exemple hist\u00f2ric sense cap relaci\u00f3 protectora pr\u00e0ctica.<\/p><p>Les investigacions actuals de Theodore Lewis i Joseph Lam sobre la religi\u00f3 funer\u00e0ria ugar\u00edtica situen Mot en un context m\u00e9s ampli de la hist\u00f2ria de les religions: com a representant de la capa arcaica de la religi\u00f3 sem\u00edtica occidental, que va ser desmantellada progressivament durant l&#8217;<span class=\"iwg-fachbegriff\" data-tooltip=\"\u00c8poca prehist\u00f2rica posterior a l'edat del bronze, caracteritzada pel treball del ferro.\" tabindex=\"0\">edat del ferro<\/span> a trav\u00e9s d&#8217;una depuraci\u00f3 teol\u00f2gica.<\/p>\t\t\t\t\t\t\t\t<\/div>\n\t\t\t\t<\/div>\n\t\t\t\t\t<\/div>\n\t\t\t\t<\/div>\n\t\t<div class=\"elementor-element elementor-element-iwgw-motphoenix-s8 e-flex e-con-boxed e-con e-parent\" data-id=\"iwgw-motphoenix-s8\" data-element_type=\"container\" data-e-type=\"container\">\n\t\t\t\t\t<div class=\"e-con-inner\">\n\t\t\t\t<div class=\"elementor-element elementor-element-iwgw-motphoenix-s8h elementor-widget elementor-widget-heading\" data-id=\"iwgw-motphoenix-s8h\" data-element_type=\"widget\" data-e-type=\"widget\" data-widget_type=\"heading.default\">\n\t\t\t\t\t<h2 class=\"elementor-heading-title elementor-size-default\">Bibliografia i fonts<\/h2>\t\t\t\t<\/div>\n\t\t<div class=\"elementor-element elementor-element-iwgw-motphoenix-s8c e-con-full e-flex e-con e-child\" data-id=\"iwgw-motphoenix-s8c\" data-element_type=\"container\" data-e-type=\"container\">\n\t\t\t\t<div class=\"elementor-element elementor-element-iwgw-motphoenix-s8t elementor-widget elementor-widget-text-editor\" data-id=\"iwgw-motphoenix-s8t\" data-element_type=\"widget\" data-e-type=\"widget\" data-widget_type=\"text-editor.default\">\n\t\t\t\t\t\t\t\t\t<p>La selecci\u00f3 seg\u00fcent reuneix les obres de refer\u00e8ncia m\u00e9s importants per a la recerca sobre Mot. Inclou edicions de textos, s\u00edntesis hist\u00f2riques i estudis sobre els paral\u00b7lelismes hebreo-b\u00edblics. L&#8217;edici\u00f3 del cicle de Baal de Mark Smith constitueix la base de les fonts prim\u00e0ries; Lewis aporta el context de la hist\u00f2ria ritual; Day, el nivell de comparaci\u00f3 b\u00edblica; Bonnet, la perspectiva fen\u00edcia i mediterr\u00e0nia.<\/p>\t\t\t\t\t\t\t\t<\/div>\n\t\t\t\t<\/div>\n\t\t\t\t\t<\/div>\n\t\t\t\t<\/div>\n\t\t<div class=\"elementor-element elementor-element-cp23bf9f41 e-flex e-con-boxed e-con e-parent\" data-id=\"cp23bf9f41\" data-element_type=\"container\" data-e-type=\"container\">\n\t\t\t\t\t<div class=\"e-con-inner\">\n\t\t\t\t<div class=\"elementor-element elementor-element-cp217e9588 elementor-widget elementor-widget-heading\" data-id=\"cp217e9588\" data-element_type=\"widget\" data-e-type=\"widget\" data-widget_type=\"heading.default\">\n\t\t\t\t\t<h2 class=\"elementor-heading-title elementor-size-default\">La mort de Baal i la devoraci\u00f3 per Mot<\/h2>\t\t\t\t<\/div>\n\t\t<div class=\"elementor-element elementor-element-cp217c13a6 e-flex e-con-boxed e-con e-child\" data-id=\"cp217c13a6\" data-element_type=\"container\" data-e-type=\"container\">\n\t\t\t\t\t<div class=\"e-con-inner\">\n\t\t\t\t<div class=\"elementor-element elementor-element-cp2c8beb88 elementor-widget elementor-widget-text-editor\" data-id=\"cp2c8beb88\" data-element_type=\"widget\" data-e-type=\"widget\" data-widget_type=\"text-editor.default\">\n\t\t\t\t\t\t\t\t\t<p>El relat m\u00e9s detallat sobre <em>Mot<\/em> es troba a la part final del cicle ugar\u00edtic de Baal, a les tauletes KTU 1.4 a 1.6. Despr\u00e9s que Baal construeix el seu palau, desafia Mot o, almenys, entra en el seu \u00e0mbit de poder.<\/p><p>El regne de Mot es descriu amb imatges dr\u00e0stiques: el seu coll s&#8217;est\u00e9n de la terra fins al cel, els seus llavis abasten tot, un llavi a l&#8217;infram\u00f3n, l&#8217;altre al cel. Qui cau en aquesta gola queda engolit.<\/p><p>Baal baixa i es considera mort. El text mostra El, el d\u00e9u suprem, i la deessa Anat sumits en el dol. El baixa del tron, s&#8217;asseu a terra i es fa ferides de dol. Aquesta escena t\u00e9 import\u00e0ncia des del punt de vista de la hist\u00f2ria de les religions, ja que mostra que, en el pensament ugar\u00edtic, fins i tot el d\u00e9u de la tempesta pot sotmetre&#8217;s al poder de la mort, encara que no de manera definitiva.<\/p><p>El rescat arriba per mitj\u00e0 d&#8217;Anat. Ella busca Mot, l&#8217;agafa i el tracta com si fos gra: el parteix amb l&#8217;espasa, el ventalla amb el porgador, el rosteix al foc, el mol amb les moles i l&#8217;escampa pel camp.<\/p><p>Aquest llenguatge d&#8217;imatges ha suscitat un debat intens sobre si el cicle de Baal \u00e9s un cicle agr\u00edcola anual, en el qual Mot encarna la temporada de sequera o el gra tallat. Interpretacions m\u00e9s prudents, com la de Mark S. Smith, adverteixen de no llegir el text precipitadament com un simple drama vegetatiu, i subratllen el nivell pol\u00edtic i cosmic del conflicte.<\/p>\t\t\t\t\t\t\t\t<\/div>\n\t\t\t\t\t<\/div>\n\t\t\t\t<\/div>\n\t\t\t\t\t<\/div>\n\t\t\t\t<\/div>\n\t\t<div class=\"elementor-element elementor-element-cp21f32346 e-flex e-con-boxed e-con e-parent\" data-id=\"cp21f32346\" data-element_type=\"container\" data-e-type=\"container\">\n\t\t\t\t\t<div class=\"e-con-inner\">\n\t\t\t\t<div class=\"elementor-element elementor-element-cp2244ca44 elementor-widget elementor-widget-heading\" data-id=\"cp2244ca44\" data-element_type=\"widget\" data-e-type=\"widget\" data-widget_type=\"heading.default\">\n\t\t\t\t\t<h2 class=\"elementor-heading-title elementor-size-default\">Mot en Sanchuniat\u00f3 i la cosmogonia fen\u00edcia<\/h2>\t\t\t\t<\/div>\n\t\t<div class=\"elementor-element elementor-element-cp2b74897d e-flex e-con-boxed e-con e-child\" data-id=\"cp2b74897d\" data-element_type=\"container\" data-e-type=\"container\">\n\t\t\t\t\t<div class=\"e-con-inner\">\n\t\t\t\t<div class=\"elementor-element elementor-element-cp2eee7780 elementor-widget elementor-widget-text-editor\" data-id=\"cp2eee7780\" data-element_type=\"widget\" data-e-type=\"widget\" data-widget_type=\"text-editor.default\">\n\t\t\t\t\t\t\t\t\t<p>A m\u00e9s d&#8217;Ugarit, hi ha una segona font, ben diferent, en la qual apareix un <em>Mot<\/em>: la cosmogonia fen\u00edcia que l&#8217;autor Fil\u00f3 de Biblos transmet en grec i que atribueix a una font suposadament antiqu\u00edssima anomenada Sanchuniat\u00f3. Aquest text nom\u00e9s s&#8217;ha conservat en citacions de l&#8217;escriptor eclesi\u00e0stic Eusebi de Cesarea, a la seva <em>Praeparatio evangelica<\/em>.<\/p><p>En aquesta cosmogonia, <em>Mot<\/em> no \u00e9s un dimoni de la mort en un combat singular, sin\u00f3 una mat\u00e8ria primordial cosmog\u00f2nica. De la uni\u00f3 del vent i el caos sorgeix una massa fangosa i humida, precisament Mot, de la qual neixen despr\u00e9s els germens de la creaci\u00f3 i, finalment, els \u00e9ssers vius.<\/p><p>Alguns investigadors hi han vist una forma de \u00abfang\u00bb o \u00abmat\u00e8ria en putrefacci\u00f3\u00bb; d&#8217;altres han interpretat fins i tot la paraula grega com una grafia corrompuda d&#8217;un altre terme.<\/p><p>La relaci\u00f3 entre aquestes dues figures de Mot no est\u00e0 resolta. No \u00e9s segur si el d\u00e9u de la mort ugar\u00edtic i la mat\u00e8ria primordial fen\u00edcia s\u00f3n realment id\u00e8ntics des del punt de vista etimol\u00f2gic, o si aqu\u00ed coincideixen dues paraules diferents. La <span class=\"iwg-fachbegriff\" data-tooltip=\"La transmissi\u00f3 de coneixement i relats a trav\u00e9s de generacions.\" tabindex=\"0\">tradici\u00f3<\/span> de Sanchuniat\u00f3 \u00e9s, a m\u00e9s, un text not\u00f2riament dif\u00edcil: durant molt temps es va considerar una invenci\u00f3 tardana, per\u00f2 des de les troballes d&#8217;Ugarit se li torna a recon\u00e8ixer un nucli fenici antic aut\u00e8ntic, sense que es pugui determinar amb seguretat la proporci\u00f3 d&#8217;elaboraci\u00f3 posterior. Per a Mot aix\u00f2 significa: la figura es situa en la cru\u00eflla de dos m\u00f3ns de fonts molt diferents, que no s&#8217;ajusten sense fissures. Sobre l&#8217;adversari en el cicle, vegeu tamb\u00e9 <a href=\"https:\/\/iwell-guard.com\/ca\/?page_id=171727\">Yam<\/a>.\t\t\t\t\t\t\t\t<\/div>\n\t\t\t\t\t<\/div>\n\t\t\t\t<\/div>\n\t\t\t\t\t<\/div>\n\t\t\t\t<\/div>\n\t\t<div class=\"elementor-element elementor-element-iwgw-motphoenix-lit e-flex e-con-boxed e-con e-parent\" data-id=\"iwgw-motphoenix-lit\" data-element_type=\"container\" data-e-type=\"container\">\n\t\t\t\t\t<div class=\"e-con-inner\">\n\t\t\t\t<div class=\"elementor-element elementor-element-iwgw-motphoenix-lith elementor-widget elementor-widget-heading\" data-id=\"iwgw-motphoenix-lith\" data-element_type=\"widget\" data-e-type=\"widget\" data-widget_type=\"heading.default\">\n\t\t\t\t\t<h2 class=\"elementor-heading-title elementor-size-default\">Bibliografia (selecci\u00f3)<\/h2>\t\t\t\t<\/div>\n\t\t<div class=\"elementor-element elementor-element-iwgw-motphoenix-litc e-con-full e-flex e-con e-child\" data-id=\"iwgw-motphoenix-litc\" data-element_type=\"container\" data-e-type=\"container\">\n\t\t\t\t<div class=\"elementor-element elementor-element-iwgw-motphoenix-litt elementor-widget elementor-widget-text-editor\" data-id=\"iwgw-motphoenix-litt\" data-element_type=\"widget\" data-e-type=\"widget\" data-widget_type=\"text-editor.default\">\n\t\t\t\t\t\t\t\t\t<div data-nosnippet=\"true\"><ul><li>Mark Smith \/ Wayne Pitard: <em>The Ugaritic Baal Cycle<\/em> (Leiden 1994\/2009)<\/li><li>Theodore Lewis: <em>Cults of the Dead in Ancient Israel and Ugarit<\/em> (Atlanta 1989)<\/li><li>John Day: <em>God&#8217;s Conflict with the Dragon and the Sea<\/em> (Cambridge 1985)<\/li><li>Mark Smith: <em>The Origins of Biblical Monotheism<\/em> (Oxford 2001)<\/li><li>Corinne Bonnet: <em>Les enfants de Cadmos<\/em> (Paris 2015)<\/li><li>Sabatino Moscati: <em>Die Ph\u00f6niker<\/em> (Stuttgart 1966)<\/li><\/ul><\/div>\t\t\t\t\t\t\t\t<\/div>\n\t\t\t\t<\/div>\n\t\t\t\t\t<\/div>\n\t\t\t\t<\/div>\n\t\t<div class=\"elementor-element elementor-element-iwgkw-add-motphoenix e-flex e-con-boxed e-con e-parent\" data-id=\"iwgkw-add-motphoenix\" data-element_type=\"container\" data-e-type=\"container\">\n\t\t\t\t\t<div class=\"e-con-inner\">\n\t\t\t\t<div class=\"elementor-element elementor-element-iwgkw-add-motphoenix-t elementor-widget elementor-widget-text-editor\" data-id=\"iwgkw-add-motphoenix-t\" data-element_type=\"widget\" data-e-type=\"widget\" data-widget_type=\"text-editor.default\">\n\t\t\t\t\t\t\t\t\t<p>Mot es descriu en els textos ugar\u00edtics de Ras Xamra com el <em>senyor<\/em> de l&#8217;infram\u00f3n, que en el cicle de Baal lluita amb el d\u00e9u de la tempesta pel control de l&#8217;ordre del m\u00f3n. El seu nom significa simplement \u00abmort\u00bb, i encarna el poder devorador de la sequera, la fam i la mort. En la religi\u00f3 fen\u00edcia i cananea segueix essent una figura central entre els poders de l&#8217;ultratomba.<\/p>\t\t\t\t\t\t\t\t<\/div>\n\t\t\t\t\t<\/div>\n\t\t\t\t<\/div>\n\t\t<div class=\"elementor-element elementor-element-iwgkw2-add-motphoenix e-flex e-con-boxed e-con e-parent\" data-id=\"iwgkw2-add-motphoenix\" data-element_type=\"container\" data-e-type=\"container\">\n\t\t\t\t\t<div class=\"e-con-inner\">\n\t\t\t\t<div class=\"elementor-element elementor-element-iwgkw2-add-motphoenix-t elementor-widget elementor-widget-text-editor\" data-id=\"iwgkw2-add-motphoenix-t\" data-element_type=\"widget\" data-e-type=\"widget\" data-widget_type=\"text-editor.default\">\n\t\t\t\t\t\t\t\t\t<p>En el cicle de Baal d&#8217;Ugarit, Mot \u00e9s considerat el senyor de l&#8217;infram\u00f3n, tant <em>fenici<\/em> com <em>ugar\u00edtic<\/em>, i la seva lluita amb Baal representa l&#8217;alternan\u00e7a entre l&#8217;estaci\u00f3 seca i l&#8217;estaci\u00f3 de pluges.<\/p>\t\t\t\t\t\t\t\t<\/div>\n\t\t\t\t\t<\/div>\n\t\t\t\t<\/div>\n\t\t<div class=\"elementor-element elementor-element-iwgw-motphoenix-kwd e-flex e-con-boxed e-con e-parent\" data-id=\"iwgw-motphoenix-kwd\" data-element_type=\"container\" data-e-type=\"container\">\n\t\t\t\t\t<div class=\"e-con-inner\">\n\t\t<div class=\"elementor-element elementor-element-iwgw-motphoenix-kwdc e-con-full e-flex e-con e-child\" data-id=\"iwgw-motphoenix-kwdc\" data-element_type=\"container\" data-e-type=\"container\">\n\t\t\t\t<div class=\"elementor-element elementor-element-iwgw-motphoenix-kwdt elementor-widget elementor-widget-text-editor\" data-id=\"iwgw-motphoenix-kwdt\" data-element_type=\"widget\" data-e-type=\"widget\" data-widget_type=\"text-editor.default\">\n\t\t\t\t\t\t\t\t\t<p><em>Conceptes clau relacionats: Mot Fenicis D\u00e9u de la mort Cicle de Baal Anat Infram\u00f3n Estaci\u00f3.<\/em><\/p>\t\t\t\t\t\t\t\t<\/div>\n\t\t\t\t<\/div>\n\t\t\t\t\t<\/div>\n\t\t\t\t<\/div>\n\t\t<div class=\"elementor-element elementor-element-iwgw-motphoenix-cc e-flex e-con-boxed e-con e-parent\" data-id=\"iwgw-motphoenix-cc\" data-element_type=\"container\" data-e-type=\"container\" id=\"iwg-cc-mot-phoenix\">\n\t\t\t\t\t<div class=\"e-con-inner\">\n\t\t<div class=\"elementor-element elementor-element-iwgw-motphoenix-ccinner e-flex e-con-boxed e-con e-parent\" data-id=\"iwgw-motphoenix-ccinner\" data-element_type=\"container\" data-e-type=\"container\" data-settings=\"{&quot;background_background&quot;:&quot;classic&quot;}\">\n\t\t\t\t\t<div class=\"e-con-inner\">\n\t\t\t\t<div class=\"elementor-element elementor-element-iwgw-motphoenix-cch elementor-widget elementor-widget-heading\" data-id=\"iwgw-motphoenix-cch\" data-element_type=\"widget\" data-e-type=\"widget\" data-widget_type=\"heading.default\">\n\t\t\t\t\t<h2 class=\"elementor-heading-title elementor-size-default\">iWell Guard i tradicions de protecci\u00f3<\/h2>\t\t\t\t<\/div>\n\t\t\t\t<div class=\"elementor-element elementor-element-iwgw-motphoenix-cct elementor-widget elementor-widget-text-editor\" data-id=\"iwgw-motphoenix-cct\" data-element_type=\"widget\" data-e-type=\"widget\" data-widget_type=\"text-editor.default\">\n\t\t\t\t\t\t\t\t\t<div data-nosnippet=\"true\"><p>iWell Guard s&#8217;inspira en la tradici\u00f3 cultural i hist\u00f2rica dels objectes de protecci\u00f3 port\u00e0tils, seguint la tradici\u00f3 de <a href=\"https:\/\/iwell-guard.com\/ca\/fenicis-cartago-baal-tanit-proteccio\/\">Fenici<\/a> i de moltes altres cultures d&#8217;arreu del m\u00f3n. 41 capes, or aut\u00e8ntic, plat\u00ed, plata, fabricat a Alemanya. Dret de devoluci\u00f3 de 30 dies.<\/p><\/div>\t\t\t\t\t\t\t\t<\/div>\n\t\t\t\t<div class=\"elementor-element elementor-element-iwgw-motphoenix-ccb iwg-cc-button iwg-cc-cta-2026-05-13 elementor-widget elementor-widget-jet-button\" data-id=\"iwgw-motphoenix-ccb\" data-element_type=\"widget\" data-e-type=\"widget\" data-widget_type=\"jet-button.default\">\n\t\t\t\t<div class=\"elementor-widget-container\">\n\t\t\t\t\t<div class=\"elementor-jet-button jet-elements\"><div class=\"jet-button__container\"><a class=\"jet-button__instance jet-button__instance--icon-left hover-effect-1\" href=\"\/ueber-iwell-guard\/?utm_source=iwell-guard.com&amp;utm_medium=info-box&amp;utm_campaign=wesen-tradition\"><div class=\"jet-button__plane jet-button__plane-normal\"><\/div><div class=\"jet-button__plane jet-button__plane-hover\"><\/div><div class=\"jet-button__state jet-button__state-normal\"><span class=\"jet-button__label\">M\u00e9s informaci\u00f3 sobre l'iWell Guard<\/span><\/div><div class=\"jet-button__state jet-button__state-hover\"><span class=\"jet-button__label\">M\u00e9s informaci\u00f3 sobre l'iWell Guard<\/span><\/div><\/a><\/div><\/div><style>.elementor-element.elementor-element-iwgw-motphoenix-ccb .jet-button__instance{width:320px;height:56px;}.elementor-element.elementor-element-iwgw-motphoenix-ccb .jet-button__state-normal .jet-button__label{text-align:center;margin:0px 0px 0px 0px;color:#1a1b20;font-family:Montserrat,sans-serif;font-size:13px;font-weight:400;letter-spacing:4px;line-height:1.714em;text-transform:uppercase;}.elementor-element.elementor-element-iwgw-motphoenix-ccb .jet-button__state-hover .jet-button__label{text-align:center;margin:0px 0px 0px 0px;color:#FECC76;font-family:Montserrat,sans-serif;font-size:13px;font-weight:400;letter-spacing:4px;line-height:1.714em;text-transform:uppercase;}.elementor-element.elementor-element-iwgw-motphoenix-ccb .jet-button__plane-normal{background-color:#FECC76;border-style:solid;border-color:#C99540;border-width:2px 2px 2px 2px;}.elementor-element.elementor-element-iwgw-motphoenix-ccb .jet-button__plane-hover{background-color:rgba(0,0,0,0.55);border-style:solid;border-color:#FECC76;border-width:2px 2px 2px 2px;}<\/style>\t\t\t\t<\/div>\n\t\t\t\t<\/div>\n\t\t\t\t<div class=\"elementor-element elementor-element-iwgw-motphoenix-ccd elementor-widget elementor-widget-text-editor\" data-id=\"iwgw-motphoenix-ccd\" data-element_type=\"widget\" data-e-type=\"widget\" data-widget_type=\"text-editor.default\">\n\t\t\t\t\t\t\t\t\t<div data-nosnippet=\"true\"><p style=\"text-align:center;font-size:13px;opacity:0.7;margin-top:14px\" data-nosnippet=\"true\">Les experi\u00e8ncies personals poden variar. No \u00e9s un producte sanitari. No \u00e9s una promesa de curaci\u00f3.<\/p><\/div>\t\t\t\t\t\t\t\t<\/div>\n\t\t\t\t\t<\/div>\n\t\t\t\t<\/div>\n\t\t\t\t\t<\/div>\n\t\t\t\t<\/div>\n\t\t<div class=\"elementor-element elementor-element-iwgw-motphoenix-disc e-flex e-con-boxed e-con e-parent\" data-id=\"iwgw-motphoenix-disc\" data-element_type=\"container\" data-e-type=\"container\">\n\t\t\t\t\t<div class=\"e-con-inner\">\n\t\t\t\t<div class=\"elementor-element elementor-element-iwgw-motphoenix-discw elementor-widget elementor-widget-html\" data-id=\"iwgw-motphoenix-discw\" data-element_type=\"widget\" data-e-type=\"widget\" data-widget_type=\"html.default\">\n\t\t\t\t\t<footer data-nosnippet=\"true\" class=\"iwg-disclaimer-block\"><p data-nosnippet=\"true\">iWell Guard <strong>no \u00e9s un producte sanitari<\/strong> i no substitueix cap tractament m\u00e8dic o psicoterap\u00e8utic. Els continguts d'hist\u00f2ria de les religions s\u00f3n una classificaci\u00f3 culturohist\u00f2rica, no una recomanaci\u00f3 de pr\u00e0ctica espiritual.<\/p><\/footer>\t\t\t\t<\/div>\n\t\t\t\t\t<\/div>\n\t\t\t\t<\/div>\n\t\t\t\t<\/div>\n\t\t","protected":false},"excerpt":{"rendered":"","protected":false},"author":3,"featured_media":2851,"parent":0,"menu_order":0,"comment_status":"closed","ping_status":"closed","template":"elementor_header_footer","meta":{"_yoast_wpseo_focuskw":"Mot Fenicis D\u00e9u de la mort Baal","_yoast_wpseo_title":"Mot \u2013 D\u00e9u fenici de la mort, Cicle de Baal","_yoast_wpseo_metadesc":"Mot \u00e9s el d\u00e9u fenici-ugar\u00edtic de la mort i el que ven\u00e7 Baal en el Cicle de Baal. Classificaci\u00f3 des de la ci\u00e8ncia de la religi\u00f3.","_yoast_wpseo_meta-robots-noindex":"","_yoast_wpseo_canonical":"","_angie_page":false,"gefaehrdungsstufe":"4","wesen_kultur":"phoenizisch","wesen_klasse":"goetter","footnotes":""},"categories":[],"class_list":["post-171728","page","type-page","status-publish","has-post-thumbnail","hentry"],"yoast_head":"<!-- This site is optimized with the Yoast SEO Premium plugin v27.7 (Yoast SEO v28.3) - https:\/\/yoast.com\/product\/yoast-seo-premium-wordpress\/ -->\n<title>Mot \u2013 D\u00e9u fenici de la mort, Cicle de Baal<\/title>\n<meta name=\"description\" content=\"Mot \u00e9s el d\u00e9u fenici-ugar\u00edtic de la mort i el que ven\u00e7 Baal en el Cicle de Baal. Classificaci\u00f3 des de la ci\u00e8ncia de la religi\u00f3.\" \/>\n<meta name=\"robots\" content=\"index, follow, max-snippet:-1, max-image-preview:large, max-video-preview:-1\" \/>\n<link rel=\"canonical\" href=\"https:\/\/iwell-guard.com\/ca\/mot-deu-fenici-mort\/\" \/>\n<meta property=\"og:locale\" content=\"ca_ES\" \/>\n<meta property=\"og:type\" content=\"article\" \/>\n<meta property=\"og:title\" content=\"Mot \u2013 D\u00e9u fenici de la mort\" \/>\n<meta property=\"og:description\" content=\"Mot \u00e9s el d\u00e9u fenici-ugar\u00edtic de la mort i el que ven\u00e7 Baal en el Cicle de Baal. Classificaci\u00f3 des de la ci\u00e8ncia de la religi\u00f3.\" \/>\n<meta property=\"og:url\" content=\"https:\/\/iwell-guard.com\/ca\/mot-deu-fenici-mort\/\" \/>\n<meta property=\"og:site_name\" content=\"iWell Guard\" \/>\n<meta property=\"article:modified_time\" content=\"2026-09-05T16:05:42+00:00\" \/>\n<meta property=\"og:image\" content=\"https:\/\/iwell-guard.com\/wp-content\/uploads\/2026\/05\/goetter_phoenizisch_mot-phoenix.webp\" \/>\n\t<meta property=\"og:image:width\" content=\"1024\" \/>\n\t<meta property=\"og:image:height\" content=\"1536\" \/>\n\t<meta property=\"og:image:type\" content=\"image\/webp\" \/>\n<meta name=\"twitter:card\" content=\"summary_large_image\" \/>\n<script type=\"application\/ld+json\" class=\"yoast-schema-graph\">{\"@context\":\"https:\\\/\\\/schema.org\",\"@graph\":[{\"@type\":\"WebPage\",\"@id\":\"https:\\\/\\\/iwell-guard.com\\\/ca\\\/mot-deu-fenici-mort\\\/\",\"url\":\"https:\\\/\\\/iwell-guard.com\\\/ca\\\/mot-deu-fenici-mort\\\/\",\"name\":\"Mot \u2013 D\u00e9u fenici de la mort, Cicle de Baal\",\"isPartOf\":{\"@id\":\"https:\\\/\\\/iwell-guard.com\\\/ca\\\/#website\"},\"primaryImageOfPage\":{\"@id\":\"https:\\\/\\\/iwell-guard.com\\\/ca\\\/mot-deu-fenici-mort\\\/#primaryimage\"},\"image\":{\"@id\":\"https:\\\/\\\/iwell-guard.com\\\/ca\\\/mot-deu-fenici-mort\\\/#primaryimage\"},\"thumbnailUrl\":\"https:\\\/\\\/iwell-guard.com\\\/wp-content\\\/uploads\\\/2026\\\/05\\\/goetter_phoenizisch_mot-phoenix.webp\",\"datePublished\":\"2026-09-05T15:41:51+00:00\",\"dateModified\":\"2026-09-05T16:05:42+00:00\",\"description\":\"Mot \u00e9s el d\u00e9u fenici-ugar\u00edtic de la mort i el que ven\u00e7 Baal en el Cicle de Baal. Classificaci\u00f3 des de la ci\u00e8ncia de la religi\u00f3.\",\"breadcrumb\":{\"@id\":\"https:\\\/\\\/iwell-guard.com\\\/ca\\\/mot-deu-fenici-mort\\\/#breadcrumb\"},\"inLanguage\":\"ca\",\"potentialAction\":[{\"@type\":\"ReadAction\",\"target\":[\"https:\\\/\\\/iwell-guard.com\\\/ca\\\/mot-deu-fenici-mort\\\/\"]}]},{\"@type\":\"ImageObject\",\"inLanguage\":\"ca\",\"@id\":\"https:\\\/\\\/iwell-guard.com\\\/ca\\\/mot-deu-fenici-mort\\\/#primaryimage\",\"url\":\"https:\\\/\\\/iwell-guard.com\\\/wp-content\\\/uploads\\\/2026\\\/05\\\/goetter_phoenizisch_mot-phoenix.webp\",\"contentUrl\":\"https:\\\/\\\/iwell-guard.com\\\/wp-content\\\/uploads\\\/2026\\\/05\\\/goetter_phoenizisch_mot-phoenix.webp\",\"width\":1024,\"height\":1536,\"caption\":\"D\u00e9us de la tradici\u00f3 fen\u00edcia.\"},{\"@type\":\"BreadcrumbList\",\"@id\":\"https:\\\/\\\/iwell-guard.com\\\/ca\\\/mot-deu-fenici-mort\\\/#breadcrumb\",\"itemListElement\":[{\"@type\":\"ListItem\",\"position\":1,\"name\":\"Start\",\"item\":\"https:\\\/\\\/iwell-guard.com\\\/ca\\\/?page_id=171333\"},{\"@type\":\"ListItem\",\"position\":2,\"name\":\"Mot \u2013 D\u00e9u fenici de la mort\"}]},{\"@type\":\"WebSite\",\"@id\":\"https:\\\/\\\/iwell-guard.com\\\/ca\\\/#website\",\"url\":\"https:\\\/\\\/iwell-guard.com\\\/ca\\\/\",\"name\":\"iWell Guard\",\"description\":\"Schutz vor dunklen Einfl\u00fcssen\",\"publisher\":{\"@id\":\"https:\\\/\\\/iwell-guard.com\\\/ca\\\/#organization\"},\"potentialAction\":[{\"@type\":\"SearchAction\",\"target\":{\"@type\":\"EntryPoint\",\"urlTemplate\":\"https:\\\/\\\/iwell-guard.com\\\/ca\\\/?s={search_term_string}\"},\"query-input\":{\"@type\":\"PropertyValueSpecification\",\"valueRequired\":true,\"valueName\":\"search_term_string\"}}],\"inLanguage\":\"ca\"},{\"@type\":\"Organization\",\"@id\":\"https:\\\/\\\/iwell-guard.com\\\/ca\\\/#organization\",\"name\":\"Ittermann electronic GmbH\",\"url\":\"https:\\\/\\\/iwell-guard.com\\\/ca\\\/\",\"logo\":{\"@type\":\"ImageObject\",\"inLanguage\":\"ca\",\"@id\":\"https:\\\/\\\/iwell-guard.com\\\/ca\\\/#\\\/schema\\\/logo\\\/image\\\/\",\"url\":\"https:\\\/\\\/iwell-guard.com\\\/wp-content\\\/uploads\\\/2026\\\/05\\\/Ittermann-Logo-1182x237-1.png\",\"contentUrl\":\"https:\\\/\\\/iwell-guard.com\\\/wp-content\\\/uploads\\\/2026\\\/05\\\/Ittermann-Logo-1182x237-1.png\",\"width\":1182,\"height\":237,\"caption\":\"Ittermann electronic GmbH\"},\"image\":{\"@id\":\"https:\\\/\\\/iwell-guard.com\\\/ca\\\/#\\\/schema\\\/logo\\\/image\\\/\"},\"sameAs\":[\"https:\\\/\\\/pantip.com\\\/profile\\\/9367242\",\"https:\\\/\\\/micro.blog\\\/iwellguard\",\"https:\\\/\\\/www.diggerslist.com\\\/iwellguard\\\/about\",\"https:\\\/\\\/skitterphoto.com\\\/photographers\\\/2870314\\\/iwell-guard\",\"https:\\\/\\\/iwellguard.wordpress.com\\\/2026\\\/06\\\/06\\\/iwell-guard\\\/\",\"https:\\\/\\\/hub.docker.com\\\/u\\\/iwellguard\",\"https:\\\/\\\/www.pinterest.com\\\/iwellguard\\\/\",\"https:\\\/\\\/bit.ly\\\/m\\\/iwellguard\",\"https:\\\/\\\/entre-vos-mains.alsace.eu\\\/profiles\\\/iwellguard\\\/activity\",\"https:\\\/\\\/gravatar.com\\\/reallybeded8fd34\",\"https:\\\/\\\/naijamatta.com\\\/iwellguard\",\"https:\\\/\\\/www.goodreads.com\\\/iwellguard\",\"https:\\\/\\\/profile.hatena.ne.jp\\\/iwellguard\\\/\",\"https:\\\/\\\/experiment.com\\\/users\\\/iwellguard\",\"https:\\\/\\\/wakelet.com\\\/@iWellGuard82270\",\"https:\\\/\\\/www.chordie.com\\\/forum\\\/profile.php?id=2555664\",\"https:\\\/\\\/www.instapaper.com\\\/p\\\/17757966\",\"https:\\\/\\\/www.mapleprimes.com\\\/users\\\/iwellguard\",\"https:\\\/\\\/businesslistingplus.com\\\/profile\\\/iwell-guard\\\/\",\"https:\\\/\\\/telegra.ph\\\/iWell-Guard-06-06\",\"https:\\\/\\\/pbase.com\\\/iwellguard\\\/iwellguard\",\"https:\\\/\\\/b.hatena.ne.jp\\\/iwellguard\\\/20260607#bookmark-4788405196491818882\",\"https:\\\/\\\/fliphtml5.com\\\/home\\\/iwellguard\",\"https:\\\/\\\/anyflip.com\\\/homepage\\\/cmiwl#About\",\"https:\\\/\\\/transfur.com\\\/Users\\\/iwellguard\",\"http:\\\/\\\/delphi.larsbo.org\\\/user\\\/iwellguard\",\"https:\\\/\\\/jobs.lajobsportal.org\\\/profiles\\\/8380803-iwell-guard\",\"https:\\\/\\\/md.chaosdorf.de\\\/s\\\/jfbe5SBdJD\",\"https:\\\/\\\/www.lingvolive.com\\\/en-us\\\/profile\\\/9ecaeaca-ce11-4e51-9e71-01d55e2bff36\\\/translations\",\"https:\\\/\\\/www.fitday.com\\\/fitness\\\/forums\\\/members\\\/iwellguard.html\",\"https:\\\/\\\/www.mymeetbook.com\\\/iwellguard\",\"https:\\\/\\\/pxhere.com\\\/en\\\/photographer-me\\\/5040798\",\"https:\\\/\\\/disqus.com\\\/by\\\/iwellguard\\\/about\\\/\",\"https:\\\/\\\/pastelink.net\\\/hjwciqwq\",\"https:\\\/\\\/pubhtml5.com\\\/homepage\\\/scjhn\\\/\",\"https:\\\/\\\/www.bitchute.com\\\/channel\\\/2O2eOKzNqujT\",\"https:\\\/\\\/audiomack.com\\\/iwellguard\"]},{\"@type\":\"Article\",\"@id\":\"https:\\\/\\\/iwell-guard.com\\\/ca\\\/mot-deu-fenici-mort\\\/#article\",\"isPartOf\":{\"@id\":\"https:\\\/\\\/iwell-guard.com\\\/ca\\\/mot-deu-fenici-mort\\\/\"},\"author\":{\"name\":\"Ralf Ittermann\",\"@id\":\"https:\\\/\\\/iwell-guard.com\\\/ca\\\/#\\\/schema\\\/person\\\/ee2a27f1cac3406c7c6fb5820cb7349f\"},\"headline\":\"Mot \u2013 D\u00e9u fenici de la mort\",\"datePublished\":\"2026-09-05T15:41:51+00:00\",\"dateModified\":\"2026-09-05T16:05:42+00:00\",\"mainEntityOfPage\":{\"@id\":\"https:\\\/\\\/iwell-guard.com\\\/ca\\\/mot-deu-fenici-mort\\\/\"},\"publisher\":{\"@id\":\"https:\\\/\\\/iwell-guard.com\\\/ca\\\/#organization\"},\"image\":{\"@id\":\"https:\\\/\\\/iwell-guard.com\\\/ca\\\/mot-deu-fenici-mort\\\/#primaryimage\"},\"thumbnailUrl\":\"https:\\\/\\\/iwell-guard.com\\\/wp-content\\\/uploads\\\/2026\\\/05\\\/goetter_phoenizisch_mot-phoenix.webp\",\"inLanguage\":\"ca\",\"description\":\"Mot \u00e9s el d\u00e9u fenici-ugar\u00edtic de la mort i el que ven\u00e7 Baal en el Cicle de Baal. Classificaci\u00f3 des de la ci\u00e8ncia de la religi\u00f3.\"}]}<\/script>\n<!-- \/ Yoast SEO Premium plugin. -->","yoast_head_json":{"title":"Mot \u2013 D\u00e9u fenici de la mort, Cicle de Baal","description":"Mot \u00e9s el d\u00e9u fenici-ugar\u00edtic de la mort i el que ven\u00e7 Baal en el Cicle de Baal. Classificaci\u00f3 des de la ci\u00e8ncia de la religi\u00f3.","robots":{"index":"index","follow":"follow","max-snippet":"max-snippet:-1","max-image-preview":"max-image-preview:large","max-video-preview":"max-video-preview:-1"},"canonical":"https:\/\/iwell-guard.com\/ca\/mot-deu-fenici-mort\/","og_locale":"ca_ES","og_type":"article","og_title":"Mot \u2013 D\u00e9u fenici de la mort","og_description":"Mot \u00e9s el d\u00e9u fenici-ugar\u00edtic de la mort i el que ven\u00e7 Baal en el Cicle de Baal. Classificaci\u00f3 des de la ci\u00e8ncia de la religi\u00f3.","og_url":"https:\/\/iwell-guard.com\/ca\/mot-deu-fenici-mort\/","og_site_name":"iWell Guard","article_modified_time":"2026-09-05T16:05:42+00:00","og_image":[{"width":1024,"height":1536,"url":"https:\/\/iwell-guard.com\/wp-content\/uploads\/2026\/05\/goetter_phoenizisch_mot-phoenix.webp","type":"image\/webp"}],"twitter_card":"summary_large_image","schema":{"@context":"https:\/\/schema.org","@graph":[{"@type":"Article","@id":"https:\/\/iwell-guard.com\/ca\/mot-deu-fenici-mort\/#article","isPartOf":{"@id":"https:\/\/iwell-guard.com\/ca\/mot-deu-fenici-mort\/"},"author":{"name":"Ralf Ittermann","@id":"https:\/\/iwell-guard.com\/ca\/#\/schema\/person\/ee2a27f1cac3406c7c6fb5820cb7349f"},"headline":"Mot \u2013 D\u00e9u fenici de la mort","datePublished":"2026-09-05T15:41:51+00:00","dateModified":"2026-09-05T16:05:42+00:00","mainEntityOfPage":{"@id":"https:\/\/iwell-guard.com\/ca\/mot-deu-fenici-mort\/"},"publisher":{"@id":"https:\/\/iwell-guard.com\/ca\/#organization"},"image":{"@id":"https:\/\/iwell-guard.com\/ca\/mot-deu-fenici-mort\/#primaryimage"},"thumbnailUrl":"https:\/\/iwell-guard.com\/wp-content\/uploads\/2026\/05\/goetter_phoenizisch_mot-phoenix.webp","inLanguage":"ca","description":"Mot \u00e9s el d\u00e9u fenici-ugar\u00edtic de la mort i el que ven\u00e7 Baal en el Cicle de Baal. Classificaci\u00f3 des de la ci\u00e8ncia de la religi\u00f3."},{"@type":"WebPage","@id":"https:\/\/iwell-guard.com\/ca\/mot-deu-fenici-mort\/","url":"https:\/\/iwell-guard.com\/ca\/mot-deu-fenici-mort\/","name":"Mot \u2013 D\u00e9u fenici de la mort, Cicle de Baal","isPartOf":{"@id":"https:\/\/iwell-guard.com\/ca\/#website"},"primaryImageOfPage":{"@id":"https:\/\/iwell-guard.com\/ca\/mot-deu-fenici-mort\/#primaryimage"},"image":{"@id":"https:\/\/iwell-guard.com\/ca\/mot-deu-fenici-mort\/#primaryimage"},"thumbnailUrl":"https:\/\/iwell-guard.com\/wp-content\/uploads\/2026\/05\/goetter_phoenizisch_mot-phoenix.webp","datePublished":"2026-09-05T15:41:51+00:00","dateModified":"2026-09-05T16:05:42+00:00","description":"Mot \u00e9s el d\u00e9u fenici-ugar\u00edtic de la mort i el que ven\u00e7 Baal en el Cicle de Baal. Classificaci\u00f3 des de la ci\u00e8ncia de la religi\u00f3.","breadcrumb":{"@id":"https:\/\/iwell-guard.com\/ca\/mot-deu-fenici-mort\/#breadcrumb"},"inLanguage":"ca","potentialAction":[{"@type":"ReadAction","target":["https:\/\/iwell-guard.com\/ca\/mot-deu-fenici-mort\/"]}]},{"@type":"ImageObject","inLanguage":"ca","@id":"https:\/\/iwell-guard.com\/ca\/mot-deu-fenici-mort\/#primaryimage","url":"https:\/\/iwell-guard.com\/wp-content\/uploads\/2026\/05\/goetter_phoenizisch_mot-phoenix.webp","contentUrl":"https:\/\/iwell-guard.com\/wp-content\/uploads\/2026\/05\/goetter_phoenizisch_mot-phoenix.webp","width":1024,"height":1536,"caption":"D\u00e9us de la tradici\u00f3 fen\u00edcia."},{"@type":"BreadcrumbList","@id":"https:\/\/iwell-guard.com\/ca\/mot-deu-fenici-mort\/#breadcrumb","itemListElement":[{"@type":"ListItem","position":1,"name":"Start","item":"https:\/\/iwell-guard.com\/ca\/?page_id=171333"},{"@type":"ListItem","position":2,"name":"Mot \u2013 D\u00e9u fenici de la mort"}]},{"@type":"WebSite","@id":"https:\/\/iwell-guard.com\/ca\/#website","url":"https:\/\/iwell-guard.com\/ca\/","name":"iWell Guard","description":"Schutz vor dunklen Einfl\u00fcssen","publisher":{"@id":"https:\/\/iwell-guard.com\/ca\/#organization"},"potentialAction":[{"@type":"SearchAction","target":{"@type":"EntryPoint","urlTemplate":"https:\/\/iwell-guard.com\/ca\/?s={search_term_string}"},"query-input":{"@type":"PropertyValueSpecification","valueRequired":true,"valueName":"search_term_string"}}],"inLanguage":"ca"},{"@type":"Organization","@id":"https:\/\/iwell-guard.com\/ca\/#organization","name":"Ittermann electronic GmbH","url":"https:\/\/iwell-guard.com\/ca\/","logo":{"@type":"ImageObject","inLanguage":"ca","@id":"https:\/\/iwell-guard.com\/ca\/#\/schema\/logo\/image\/","url":"https:\/\/iwell-guard.com\/wp-content\/uploads\/2026\/05\/Ittermann-Logo-1182x237-1.png","contentUrl":"https:\/\/iwell-guard.com\/wp-content\/uploads\/2026\/05\/Ittermann-Logo-1182x237-1.png","width":1182,"height":237,"caption":"Ittermann electronic GmbH"},"image":{"@id":"https:\/\/iwell-guard.com\/ca\/#\/schema\/logo\/image\/"},"sameAs":["https:\/\/pantip.com\/profile\/9367242","https:\/\/micro.blog\/iwellguard","https:\/\/www.diggerslist.com\/iwellguard\/about","https:\/\/skitterphoto.com\/photographers\/2870314\/iwell-guard","https:\/\/iwellguard.wordpress.com\/2026\/06\/06\/iwell-guard\/","https:\/\/hub.docker.com\/u\/iwellguard","https:\/\/www.pinterest.com\/iwellguard\/","https:\/\/bit.ly\/m\/iwellguard","https:\/\/entre-vos-mains.alsace.eu\/profiles\/iwellguard\/activity","https:\/\/gravatar.com\/reallybeded8fd34","https:\/\/naijamatta.com\/iwellguard","https:\/\/www.goodreads.com\/iwellguard","https:\/\/profile.hatena.ne.jp\/iwellguard\/","https:\/\/experiment.com\/users\/iwellguard","https:\/\/wakelet.com\/@iWellGuard82270","https:\/\/www.chordie.com\/forum\/profile.php?id=2555664","https:\/\/www.instapaper.com\/p\/17757966","https:\/\/www.mapleprimes.com\/users\/iwellguard","https:\/\/businesslistingplus.com\/profile\/iwell-guard\/","https:\/\/telegra.ph\/iWell-Guard-06-06","https:\/\/pbase.com\/iwellguard\/iwellguard","https:\/\/b.hatena.ne.jp\/iwellguard\/20260607#bookmark-4788405196491818882","https:\/\/fliphtml5.com\/home\/iwellguard","https:\/\/anyflip.com\/homepage\/cmiwl#About","https:\/\/transfur.com\/Users\/iwellguard","http:\/\/delphi.larsbo.org\/user\/iwellguard","https:\/\/jobs.lajobsportal.org\/profiles\/8380803-iwell-guard","https:\/\/md.chaosdorf.de\/s\/jfbe5SBdJD","https:\/\/www.lingvolive.com\/en-us\/profile\/9ecaeaca-ce11-4e51-9e71-01d55e2bff36\/translations","https:\/\/www.fitday.com\/fitness\/forums\/members\/iwellguard.html","https:\/\/www.mymeetbook.com\/iwellguard","https:\/\/pxhere.com\/en\/photographer-me\/5040798","https:\/\/disqus.com\/by\/iwellguard\/about\/","https:\/\/pastelink.net\/hjwciqwq","https:\/\/pubhtml5.com\/homepage\/scjhn\/","https:\/\/www.bitchute.com\/channel\/2O2eOKzNqujT","https:\/\/audiomack.com\/iwellguard"]},{"@type":"Person","@id":"https:\/\/iwell-guard.com\/ca\/#\/schema\/person\/ee2a27f1cac3406c7c6fb5820cb7349f","name":"Ralf Ittermann","image":{"@type":"ImageObject","inLanguage":"ca","@id":"https:\/\/secure.gravatar.com\/avatar\/073c0153e350a5005b68eb752b445fea71f6b24a26da9449ad7e155e6b446c9d?s=96&d=mm&r=g","url":"https:\/\/secure.gravatar.com\/avatar\/073c0153e350a5005b68eb752b445fea71f6b24a26da9449ad7e155e6b446c9d?s=96&d=mm&r=g","contentUrl":"https:\/\/secure.gravatar.com\/avatar\/073c0153e350a5005b68eb752b445fea71f6b24a26da9449ad7e155e6b446c9d?s=96&d=mm&r=g","caption":"Ralf Ittermann"},"givenName":"Ralf","familyName":"Ittermann","jobTitle":"Gesch\u00e4ftsf\u00fchrer und redaktioneller Verantwortlicher","url":"https:\/\/iwell-guard.com\/ca\/author\/claude\/","description":"Ralf Ittermann ist Gesch\u00e4ftsf\u00fchrer der Ittermann electronic GmbH und redaktioneller Verantwortlicher des iWell-Guard-Lexikons. Er verbindet langj\u00e4hrige Erfahrung in der Pr\u00e4zisionsfertigung mit medialer Praxis und religionsgeschichtlicher Quellenarbeit.","worksFor":{"@type":"Organization","name":"Ittermann electronic GmbH","url":"https:\/\/ittermann.de\/","address":{"@type":"PostalAddress","streetAddress":"K\u00f6hlergasse 16-18","postalCode":"99842","addressLocality":"Ruhla","addressCountry":"DE"}},"knowsAbout":["Religionsgeschichte","Mythologie","Mediale Praxis","Energetische Diagnostik","Schutzpraxis","Volksglauben","Westliche Esoterik"]},{"@type":"Article","@id":"https:\/\/iwell-guard.com\/ca\/mot-deu-fenici-mort\/#article","isPartOf":{"@id":"https:\/\/iwell-guard.com\/ca\/mot-deu-fenici-mort\/"},"author":{"name":"Ralf Ittermann","@id":"https:\/\/iwell-guard.com\/ca\/#\/schema\/person\/ee2a27f1cac3406c7c6fb5820cb7349f"},"headline":"Mot \u2013 D\u00e9u fenici de la mort","datePublished":"2026-09-05T15:41:51+00:00","dateModified":"2026-09-05T16:05:42+00:00","mainEntityOfPage":{"@id":"https:\/\/iwell-guard.com\/ca\/mot-deu-fenici-mort\/"},"publisher":{"@id":"https:\/\/iwell-guard.com\/ca\/#organization"},"image":{"@id":"https:\/\/iwell-guard.com\/ca\/mot-deu-fenici-mort\/#primaryimage"},"thumbnailUrl":"https:\/\/iwell-guard.com\/wp-content\/uploads\/2026\/05\/goetter_phoenizisch_mot-phoenix.webp","inLanguage":"ca","description":"Mot \u00e9s el d\u00e9u fenici-ugar\u00edtic de la mort i el que ven\u00e7 Baal en el Cicle de Baal. Classificaci\u00f3 des de la ci\u00e8ncia de la religi\u00f3."}]}},"_links":{"self":[{"href":"https:\/\/iwell-guard.com\/ca\/wp-json\/wp\/v2\/pages\/171728","targetHints":{"allow":["GET"]}}],"collection":[{"href":"https:\/\/iwell-guard.com\/ca\/wp-json\/wp\/v2\/pages"}],"about":[{"href":"https:\/\/iwell-guard.com\/ca\/wp-json\/wp\/v2\/types\/page"}],"author":[{"embeddable":true,"href":"https:\/\/iwell-guard.com\/ca\/wp-json\/wp\/v2\/users\/3"}],"replies":[{"embeddable":true,"href":"https:\/\/iwell-guard.com\/ca\/wp-json\/wp\/v2\/comments?post=171728"}],"version-history":[{"count":0,"href":"https:\/\/iwell-guard.com\/ca\/wp-json\/wp\/v2\/pages\/171728\/revisions"}],"wp:featuredmedia":[{"embeddable":true,"href":"https:\/\/iwell-guard.com\/ca\/wp-json\/wp\/v2\/media\/2851"}],"wp:attachment":[{"href":"https:\/\/iwell-guard.com\/ca\/wp-json\/wp\/v2\/media?parent=171728"}],"wp:term":[{"taxonomy":"category","embeddable":true,"href":"https:\/\/iwell-guard.com\/ca\/wp-json\/wp\/v2\/categories?post=171728"}],"curies":[{"name":"wp","href":"https:\/\/api.w.org\/{rel}","templated":true}]}}