{"id":171723,"date":"2026-09-05T15:41:48","date_gmt":"2026-09-05T15:41:48","guid":{"rendered":"https:\/\/iwell-guard.com\/?page_id=171723"},"modified":"2026-09-05T16:05:33","modified_gmt":"2026-09-05T16:05:33","slug":"melqart-deu-ciutat-de-tir","status":"publish","type":"page","link":"https:\/\/iwell-guard.com\/ca\/melqart-deu-ciutat-de-tir\/","title":{"rendered":"Melqart \u2013 D\u00e9u de la ciutat de Tir"},"content":{"rendered":"\t\t<div data-elementor-type=\"wp-page\" data-elementor-id=\"171723\" class=\"elementor elementor-171723 elementor-2626 elementor-bc-flex-widget\" data-elementor-post-type=\"page\">\n\t\t\t\t<div class=\"elementor-element elementor-element-iwgw-melqart-hero e-flex e-con-boxed e-con e-parent\" data-id=\"iwgw-melqart-hero\" data-element_type=\"container\" data-e-type=\"container\" data-settings=\"{&quot;background_background&quot;:&quot;classic&quot;}\">\n\t\t\t\t\t<div class=\"e-con-inner\">\n\t\t<div class=\"elementor-element elementor-element-iwgw-melqart-hl e-flex e-con-boxed e-con e-child\" data-id=\"iwgw-melqart-hl\" data-element_type=\"container\" data-e-type=\"container\">\n\t\t\t\t\t<div class=\"e-con-inner\">\n\t\t<div class=\"elementor-element elementor-element-iwgw-melqart-htxt e-con-full e-flex e-con e-child\" data-id=\"iwgw-melqart-htxt\" data-element_type=\"container\" data-e-type=\"container\">\n\t\t\t\t<div class=\"elementor-element elementor-element-iwgw-melqart-h1 elementor-widget elementor-widget-heading\" data-id=\"iwgw-melqart-h1\" data-element_type=\"widget\" data-e-type=\"widget\" data-widget_type=\"heading.default\">\n\t\t\t\t\t<h1 class=\"elementor-heading-title elementor-size-default\">Melqart, d\u00e9u fenici de la ciutat de Tir i 'H\u00e8racles' dels fenicis<\/h1>\t\t\t\t<\/div>\n\t\t\t\t<div class=\"elementor-element elementor-element-iwgw-melqart-lead elementor-widget elementor-widget-text-editor\" data-id=\"iwgw-melqart-lead\" data-element_type=\"widget\" data-e-type=\"widget\" data-widget_type=\"text-editor.default\">\n\t\t\t\t\t\t\t\t\t<p>Melqart (en fenici <em>mlqrt<\/em>, literalment &#8216;rei de la ciutat&#8217;) \u00e9s el d\u00e9u suprem de la ciutat de Tir i una de les divinitats fen\u00edcies m\u00e9s importants. Els grecs el van identificar amb H\u00e8racles (&#8216;H\u00e8racles-Melqart&#8217;) i va rebre culte en molts llocs del m\u00f3n hel\u00b7len\u00edstic-rom\u00e0.<\/p>\t\t\t\t\t\t\t\t<\/div>\n\t\t\t\t<\/div>\n\t\t<div class=\"elementor-element elementor-element-iwgw-melqart-pillc e-con-full e-flex e-con e-child\" data-id=\"iwgw-melqart-pillc\" data-element_type=\"container\" data-e-type=\"container\">\n\t\t\t\t<div class=\"elementor-element elementor-element-iwgw-melqart-pills elementor-widget elementor-widget-html\" data-id=\"iwgw-melqart-pills\" data-element_type=\"widget\" data-e-type=\"widget\" data-widget_type=\"html.default\">\n\t\t\t\t\t<div class=\"iwg-pill-row\"><span class=\"iwg-klasse-badge\" tabindex=\"0\" data-tooltip=\"D\u00e9u de la tradici\u00f3 fen\u00edcia.\">D\u00e9u<\/span><a href=\"https:\/\/iwell-guard.com\/ca\/fenicis-cartago-baal-tanit-proteccio\/\" class=\"iwg-kultur-badge\" tabindex=\"0\" data-tooltip=\"Mitologia de la tradici\u00f3 fen\u00edcia.\">Fenici<\/a><span class=\"iwg-tradition-badge\" tabindex=\"0\" data-tooltip=\"D\u00e9u de la ciutat.\">D\u00e9u de la ciutat<\/span><\/div>\t\t\t\t<\/div>\n\t\t\t\t<\/div>\n\t\t<div class=\"elementor-element elementor-element-iwgw-melqart-tocc e-con-full e-flex e-con e-child\" data-id=\"iwgw-melqart-tocc\" data-element_type=\"container\" data-e-type=\"container\">\n\t\t\t\t<div class=\"elementor-element elementor-element-iwgw-melqart-toc elementor-toc--minimized-on-tablet elementor-widget elementor-widget-table-of-contents\" data-id=\"iwgw-melqart-toc\" data-element_type=\"widget\" data-e-type=\"widget\" data-settings=\"{&quot;headings_by_tags&quot;:[&quot;h2&quot;,&quot;h3&quot;],&quot;minimize_box&quot;:&quot;yes&quot;,&quot;marker_view&quot;:&quot;bullets&quot;,&quot;no_headings_message&quot;:&quot;No s&#039;ha trobat cap encap\\u00e7alament en aquesta p\\u00e0gina.&quot;,&quot;exclude_headings_by_selector&quot;:[],&quot;icon&quot;:{&quot;value&quot;:&quot;fas fa-circle&quot;,&quot;library&quot;:&quot;fa-solid&quot;,&quot;rendered_tag&quot;:&quot;&lt;svg class=\\&quot;e-font-icon-svg e-fas-circle\\&quot; viewBox=\\&quot;0 0 512 512\\&quot; xmlns=\\&quot;http:\\\/\\\/www.w3.org\\\/2000\\\/svg\\&quot;&gt;&lt;path d=\\&quot;M256 8C119 8 8 119 8 256s111 248 248 248 248-111 248-248S393 8 256 8z\\&quot;&gt;&lt;\\\/path&gt;&lt;\\\/svg&gt;&quot;},&quot;minimized_on&quot;:&quot;tablet&quot;,&quot;hierarchical_view&quot;:&quot;yes&quot;,&quot;min_height&quot;:{&quot;unit&quot;:&quot;px&quot;,&quot;size&quot;:&quot;&quot;,&quot;sizes&quot;:[]},&quot;min_height_tablet&quot;:{&quot;unit&quot;:&quot;px&quot;,&quot;size&quot;:&quot;&quot;,&quot;sizes&quot;:[]},&quot;min_height_mobile&quot;:{&quot;unit&quot;:&quot;px&quot;,&quot;size&quot;:&quot;&quot;,&quot;sizes&quot;:[]}}\" data-widget_type=\"table-of-contents.default\">\n\t\t\t\t\t\t\t\t\t<div class=\"elementor-toc__header\">\n\t\t\t\t\t\t<h2 class=\"elementor-toc__header-title\">\n\t\t\t\t\u00cdndex\t\t\t<\/h2>\n\t\t\t\t\t\t\t\t\t\t<div class=\"elementor-toc__toggle-button elementor-toc__toggle-button--expand\" role=\"button\" tabindex=\"0\" aria-controls=\"elementor-toc__iwgw-melqart-toc\" aria-expanded=\"true\" aria-label=\"Open table of contents\"><svg aria-hidden=\"true\" class=\"e-font-icon-svg e-fas-chevron-down\" viewBox=\"0 0 448 512\" xmlns=\"http:\/\/www.w3.org\/2000\/svg\"><path d=\"M207.029 381.476L12.686 187.132c-9.373-9.373-9.373-24.569 0-33.941l22.667-22.667c9.357-9.357 24.522-9.375 33.901-.04L224 284.505l154.745-154.021c9.379-9.335 24.544-9.317 33.901.04l22.667 22.667c9.373 9.373 9.373 24.569 0 33.941L240.971 381.476c-9.373 9.372-24.569 9.372-33.942 0z\"><\/path><\/svg><\/div>\n\t\t\t\t<div class=\"elementor-toc__toggle-button elementor-toc__toggle-button--collapse\" role=\"button\" tabindex=\"0\" aria-controls=\"elementor-toc__iwgw-melqart-toc\" aria-expanded=\"true\" aria-label=\"Close table of contents\"><svg aria-hidden=\"true\" class=\"e-font-icon-svg e-fas-chevron-up\" viewBox=\"0 0 448 512\" xmlns=\"http:\/\/www.w3.org\/2000\/svg\"><path d=\"M240.971 130.524l194.343 194.343c9.373 9.373 9.373 24.569 0 33.941l-22.667 22.667c-9.357 9.357-24.522 9.375-33.901.04L224 227.495 69.255 381.516c-9.379 9.335-24.544 9.317-33.901-.04l-22.667-22.667c-9.373-9.373-9.373-24.569 0-33.941L207.03 130.525c9.372-9.373 24.568-9.373 33.941-.001z\"><\/path><\/svg><\/div>\n\t\t\t\t\t<\/div>\n\t\t\t\t<div id=\"elementor-toc__iwgw-melqart-toc\" class=\"elementor-toc__body\">\n\t\t\t<div class=\"elementor-toc__spinner-container\">\n\t\t\t\t<svg class=\"elementor-toc__spinner eicon-animation-spin e-font-icon-svg e-eicon-loading\" aria-hidden=\"true\" viewBox=\"0 0 1000 1000\" xmlns=\"http:\/\/www.w3.org\/2000\/svg\"><path d=\"M500 975V858C696 858 858 696 858 500S696 142 500 142 142 304 142 500H25C25 237 238 25 500 25S975 237 975 500 763 975 500 975Z\"><\/path><\/svg>\t\t\t<\/div>\n\t\t<\/div>\n\t\t\t\t\t\t<\/div>\n\t\t\t\t<\/div>\n\t\t\t\t\t<\/div>\n\t\t\t\t<\/div>\n\t\t<div class=\"elementor-element elementor-element-iwgw-melqart-hr e-con-full e-flex e-con e-child\" data-id=\"iwgw-melqart-hr\" data-element_type=\"container\" data-e-type=\"container\">\n\t\t\t\t<div class=\"elementor-element elementor-element-iwgw-melqart-heroimg iwg-hero-image elementor-widget elementor-widget-image\" data-id=\"iwgw-melqart-heroimg\" data-element_type=\"widget\" data-e-type=\"widget\" data-widget_type=\"image.default\">\n\t\t\t\t\t\t\t\t\t\t\t\t\t\t\t<img fetchpriority=\"high\" decoding=\"async\" width=\"683\" height=\"1024\" src=\"https:\/\/iwell-guard.com\/wp-content\/uploads\/2026\/05\/goetter_phoenizisch_melqart-683x1024.webp\" class=\"attachment-large size-large wp-image-2850\" alt=\"Melqart \u2013 D\u00e9u de la ciutat de Tir\" srcset=\"https:\/\/iwell-guard.com\/wp-content\/uploads\/2026\/05\/goetter_phoenizisch_melqart-683x1024.webp 683w, https:\/\/iwell-guard.com\/wp-content\/uploads\/2026\/05\/goetter_phoenizisch_melqart-200x300.webp 200w, https:\/\/iwell-guard.com\/wp-content\/uploads\/2026\/05\/goetter_phoenizisch_melqart-768x1152.webp 768w, https:\/\/iwell-guard.com\/wp-content\/uploads\/2026\/05\/goetter_phoenizisch_melqart.webp 1024w\" sizes=\"(max-width: 683px) 100vw, 683px\" \/>\t\t\t\t\t\t\t\t\t\t\t\t\t\t\t<\/div>\n\t\t\t\t<\/div>\n\t\t\t\t\t<\/div>\n\t\t\t\t<\/div>\n\t\t<div class=\"elementor-element elementor-element-iwgw-melqart-s0 e-flex e-con-boxed e-con e-parent\" data-id=\"iwgw-melqart-s0\" data-element_type=\"container\" data-e-type=\"container\">\n\t\t\t\t\t<div class=\"e-con-inner\">\n\t\t\t\t<div class=\"elementor-element elementor-element-iwgw-melqart-s0h elementor-widget elementor-widget-heading\" data-id=\"iwgw-melqart-s0h\" data-element_type=\"widget\" data-e-type=\"widget\" data-widget_type=\"heading.default\">\n\t\t\t\t\t<h2 class=\"elementor-heading-title elementor-size-default\">Classificaci\u00f3 i perfil breu<\/h2>\t\t\t\t<\/div>\n\t\t<div class=\"elementor-element elementor-element-iwgw-melqart-s0c e-con-full e-flex e-con e-child\" data-id=\"iwgw-melqart-s0c\" data-element_type=\"container\" data-e-type=\"container\">\n\t\t\t\t<div class=\"elementor-element elementor-element-iwgw-melqart-s0t elementor-widget elementor-widget-text-editor\" data-id=\"iwgw-melqart-s0t\" data-element_type=\"widget\" data-e-type=\"widget\" data-widget_type=\"text-editor.default\">\n\t\t\t\t\t\t\t\t\t<p>Melqart \u00e9s el d\u00e9u principal de Tir, la metr\u00f2poli fen\u00edcia, i ocupa per aix\u00f2 una posici\u00f3 clau en la hist\u00f2ria religiosa mediterr\u00e0nia.<\/p><p>Corinne Bonnet, en la seva monografia <em>Melqart<\/em> (1988), va presentar l&#8217;estudi m\u00e9s complet sobre aquest d\u00e9u; hi mostra que Melqart era alhora d\u00e9u de la ciutat, d\u00e9u protector reial, heroi i d\u00e9u ct\u00f2nic i ressuscitat. Dins de la <a href=\"https:\/\/iwell-guard.com\/ca\/fenicis-cartago-baal-tanit-proteccio\/\">tradici\u00f3 fen\u00edcia<\/a>, \u00e9s la principal divinitat masculina de la tradici\u00f3 t\u00edria.<\/p><p>El seu <span class=\"iwg-fachbegriff\" data-tooltip=\"El conjunt d'actes de veneraci\u00f3 religiosa dedicats a una divinitat o figura sagrada.\" tabindex=\"0\">culte<\/span> es va estendre per tot el Mediterrani a trav\u00e9s de les col\u00f2nies t\u00edries. A Gades (l&#8217;actual Cadis, Espanya) hi havia el <span class=\"iwg-fachbegriff\" data-tooltip=\"Un edifici destinat a la veneraci\u00f3 d'una o m\u00e9s divinitats.\" tabindex=\"0\">temple<\/span> de Melqart m\u00e9s important a l&#8217;oest de Tir mateixa; tamb\u00e9 era present a Cartago. Maria Eugenia Aubet, a <em>The Phoenicians and the West<\/em> (2001), ha documentat detalladament aquesta difusi\u00f3 mediterr\u00e0nia.<\/p><p>Des del punt de vista de la hist\u00f2ria de les religions, Melqart representa el tipus de d\u00e9u de la ciutat i de la reialesa que s&#8217;actualitza estacionalment mitjan\u00e7ant un &#8216;despertar&#8217; anual (<em>egersis<\/em>) a la primavera. Aquesta festa del despertar \u00e9s un dels trets caracter\u00edstics de Melqart en la hist\u00f2ria religiosa i el distingeix d&#8217;altres divinitats urbanes. La vinculaci\u00f3 amb l&#8217;H\u00e8racles grec va sorgir per semblances funcionals i pels intensos contactes grecofenicis des del segle VIII a. C.<\/p><p>Una particularitat notable de Melqart \u00e9s el seu estret vincle amb la casa reial de Tir: el rei de Tir era alhora el summe sacerdot de Melqart; la cerim\u00f2nia anual del despertar era realitzada personalment pel rei. Aquesta identitat entre el poder pol\u00edtic i el ritual \u00e9s comparable, des del punt de vista de la hist\u00f2ria de les religions, amb el fara\u00f3 egipci o el <em>pontifex maximus<\/em> rom\u00e0.<\/p><p>Tamb\u00e9 la <a href=\"https:\/\/iwell-guard.com\/ca\/hitita-anatolic-tarhunna-deus-proteccio\/\">tradici\u00f3 hitita<\/a> coneixia d\u00e9us protectors de ciutats i de reis comparables; la comparaci\u00f3 estreta amb <a href=\"https:\/\/iwell-guard.com\/ca\/?page_id=171720\">Sarruma<\/a> permet obtenir intu\u00efcions estructurals importants sobre la teologia reial del bronze final al Mediterrani oriental.<\/p>\t\t\t\t\t\t\t\t<\/div>\n\t\t\t\t<\/div>\n\t\t\t\t\t<\/div>\n\t\t\t\t<\/div>\n\t\t<div class=\"elementor-element elementor-element-iwgw-melqart-s1 e-flex e-con-boxed e-con e-parent\" data-id=\"iwgw-melqart-s1\" data-element_type=\"container\" data-e-type=\"container\">\n\t\t\t\t\t<div class=\"e-con-inner\">\n\t\t\t\t<div class=\"elementor-element elementor-element-iwgw-melqart-s1h elementor-widget elementor-widget-heading\" data-id=\"iwgw-melqart-s1h\" data-element_type=\"widget\" data-e-type=\"widget\" data-widget_type=\"heading.default\">\n\t\t\t\t\t<h2 class=\"elementor-heading-title elementor-size-default\">Nom i etimologia<\/h2>\t\t\t\t<\/div>\n\t\t<div class=\"elementor-element elementor-element-iwgw-melqart-s1c e-con-full e-flex e-con e-child\" data-id=\"iwgw-melqart-s1c\" data-element_type=\"container\" data-e-type=\"container\">\n\t\t\t\t<div class=\"elementor-element elementor-element-iwgw-melqart-s1t elementor-widget elementor-widget-text-editor\" data-id=\"iwgw-melqart-s1t\" data-element_type=\"widget\" data-e-type=\"widget\" data-widget_type=\"text-editor.default\">\n\t\t\t\t\t\t\t\t\t<p>El nom Melqart \u00e9s un compost de <em>mlk<\/em> &#8216;rei&#8217; i <em>qrt<\/em> &#8216;ciutat&#8217;, \u00e9s a dir, literalment &#8216;rei de la ciutat&#8217;. La ciutat \u00e9s Tir, i Melqart \u00e9s &#8216;el rei de Tir&#8217; en sentit div\u00ed.<\/p><p>Aquesta etimologia \u00e9s indiscutible i est\u00e0 clarament documentada a les inscripcions. En textos cune\u00efformes apareix com <em>Milqartu<\/em>, en fonts gregues com Melqart o Melkart, i en els sincretismes hel\u00b7len\u00edstics com H\u00e8racles-Melqart.<\/p><p>Una interpretaci\u00f3 alternativa veu en <em>mlk<\/em> no nom\u00e9s &#8216;rei&#8217; en sentit terrenal, sin\u00f3 tamb\u00e9 &#8216;<span class=\"iwg-fachbegriff\" data-tooltip=\"Ofrena a una divinitat per expressar gratitud, s\u00faplica o veneraci\u00f3.\" tabindex=\"0\">sacrifici<\/span>&#8216; (<span class=\"iwg-fachbegriff\" data-tooltip=\"Ofrena a una divinitat per expressar gratitud, s\u00faplica o veneraci\u00f3.\" tabindex=\"0\">sacrifici molk<\/span>), un doble sentit de la mateixa arrel en fenici. Tot i aix\u00f2, aquesta interpretaci\u00f3 \u00e9s menys defensada en la recerca.<\/p><p>En l&#8217;\u00e0mbit grec, el seu nom apareix com &#8216;H\u00e8racles Tiri&#8217;, &#8216;H\u00e8racles&#8217; o sota l&#8217;element onom\u00e0stic te\u00f2for &#8216;Melikartos&#8217;. La identificaci\u00f3 amb H\u00e8racles est\u00e0 documentada liter\u00e0riament des del segle V a. C. (Herodot 2.44). La figura mitol\u00f2gica grega d&#8217;H\u00e8racles conserva trets del Melqart fenici, especialment en els mites sobre el viatge a &#8216;Occident&#8217; i la mort de Geri\u00f3.<\/p><p>El nom personal te\u00f2for Ham\u00edlcar era molt est\u00e8s a Cartago; diversos generals cartaginesos importants el portaven, entre ells Am\u00edlcar Barca, el pare d&#8217;Hann\u00edbal. Aquesta tradici\u00f3 onom\u00e0stica testimonia la import\u00e0ncia duradora de Melqart en la vida pol\u00edtica de l&#8217;estat p\u00fanic.<\/p>\t\t\t\t\t\t\t\t<\/div>\n\t\t\t\t<\/div>\n\t\t\t\t\t<\/div>\n\t\t\t\t<\/div>\n\t\t<div class=\"elementor-element elementor-element-iwgw-melqart-s2 e-flex e-con-boxed e-con e-parent\" data-id=\"iwgw-melqart-s2\" data-element_type=\"container\" data-e-type=\"container\">\n\t\t\t\t\t<div class=\"e-con-inner\">\n\t\t\t\t<div class=\"elementor-element elementor-element-iwgw-melqart-s2h elementor-widget elementor-widget-heading\" data-id=\"iwgw-melqart-s2h\" data-element_type=\"widget\" data-e-type=\"widget\" data-widget_type=\"heading.default\">\n\t\t\t\t\t<h2 class=\"elementor-heading-title elementor-size-default\">Descripci\u00f3 i iconografia<\/h2>\t\t\t\t<\/div>\n\t\t<div class=\"elementor-element elementor-element-iwgw-melqart-s2c e-con-full e-flex e-con e-child\" data-id=\"iwgw-melqart-s2c\" data-element_type=\"container\" data-e-type=\"container\">\n\t\t\t\t<div class=\"elementor-element elementor-element-iwgw-melqart-s2t elementor-widget elementor-widget-text-editor\" data-id=\"iwgw-melqart-s2t\" data-element_type=\"widget\" data-e-type=\"widget\" data-widget_type=\"text-editor.default\">\n\t\t\t\t\t\t\t\t\t<p>Melqart apareix a la iconografia fen\u00edcia habitualment com un home barbut amb un faldell\u00ed curt, amb una destral de guerra o una ma\u00e7a al\u00e7ada, de vegades amb un arc, i sovint vestit amb una pell de lle\u00f3. Aquesta iconografia de la pell de lle\u00f3 t\u00e9 import\u00e0ncia hist\u00f2rica, perqu\u00e8 va passar directament a la tradici\u00f3 grega d&#8217;H\u00e8racles amb la pell de lle\u00f3 i la ma\u00e7a.<\/p><p>A les monedes hel\u00b7len\u00edstiques de Tir, Melqart-H\u00e8racles apareix sovint amb la ma\u00e7a i la pell de lle\u00f3; a les esteles cartagineses del tofet, de vegades apareix al costat de <a href=\"https:\/\/iwell-guard.com\/ca\/?page_id=171725\">Baal-Hammon<\/a>. Una tradici\u00f3 iconogr\u00e0fica important \u00e9s &#8216;Melqart sobre l&#8217;hipocamp&#8217;, que documenta la seva vinculaci\u00f3 amb la navegaci\u00f3 i el mar.<\/p><p>El seu animal sagrat \u00e9s el lle\u00f3; en alguns relleus se&#8217;l representa caminant sobre un lle\u00f3 o estrangulant-ne un. Tamb\u00e9 l&#8217;\u00e0guila apareix com el seu animal acompanyant en algunes representacions posteriors. Corinne Bonnet ha documentat detalladament aquesta diversitat iconogr\u00e0fica; mostra que Melqart va desenvolupar tradicions visuals lleugerament diferents en cada context mediterrani.<\/p><p>A la famosa &#8216;<span class=\"iwg-fachbegriff\" data-tooltip=\"Una llosa de pedra o de fusta dreta, inscrita o decorada amb imatges.\" tabindex=\"0\">estela<\/span> de Yehawmilk&#8217;, rei de Biblos (segle V a. C.), no hi apareix pr\u00f2piament Melqart, per\u00f2 s\u00ed la f\u00f3rmula iconogr\u00e0fica de la trobada entre el rei i el d\u00e9u, caracter\u00edstica de la tradici\u00f3 fen\u00edcia dels d\u00e9us reials. Aquesta convenci\u00f3 iconogr\u00e0fica es troba des de Tir fins a Biblos i Cartago.<\/p>\t\t\t\t\t\t\t\t<\/div>\n\t\t\t\t<\/div>\n\t\t\t\t\t<\/div>\n\t\t\t\t<\/div>\n\t\t<div class=\"elementor-element elementor-element-iwgw-melqart-s3 e-flex e-con-boxed e-con e-parent\" data-id=\"iwgw-melqart-s3\" data-element_type=\"container\" data-e-type=\"container\">\n\t\t\t\t\t<div class=\"e-con-inner\">\n\t\t\t\t<div class=\"elementor-element elementor-element-iwgw-melqart-s3h elementor-widget elementor-widget-heading\" data-id=\"iwgw-melqart-s3h\" data-element_type=\"widget\" data-e-type=\"widget\" data-widget_type=\"heading.default\">\n\t\t\t\t\t<h2 class=\"elementor-heading-title elementor-size-default\">Relats mitol\u00f2gics<\/h2>\t\t\t\t<\/div>\n\t\t<div class=\"elementor-element elementor-element-iwgw-melqart-s3c e-con-full e-flex e-con e-child\" data-id=\"iwgw-melqart-s3c\" data-element_type=\"container\" data-e-type=\"container\">\n\t\t\t\t<div class=\"elementor-element elementor-element-iwgw-melqart-s3t elementor-widget elementor-widget-text-editor\" data-id=\"iwgw-melqart-s3t\" data-element_type=\"widget\" data-e-type=\"widget\" data-widget_type=\"text-editor.default\">\n\t\t\t\t\t\t\t\t\t<p>Els mites fenicis de Melqart nom\u00e9s s&#8217;han conservat de manera fragment\u00e0ria. Eusebi de Cesarea cita un relat de Fil\u00f3 de Biblos (Praeparatio Evangelica 1.10), en el qual Melqart apareix com a heroi i com a figura que reneix. Segons diverses fonts antigues, Melqart es desperta cada any en una festa de despertar (<em>egersis<\/em>), i s&#8217;inscriu aix\u00ed en la tradici\u00f3 dels d\u00e9us de la vegetaci\u00f3 i de la ciutat que moren i ressusciten anualment.<\/p><p>Un relat important vincula Melqart amb la fundaci\u00f3 mateixa de Tir: se li atribueix haver fixat, mitjan\u00e7ant un sacrifici d&#8217;aus, les roques flotants sobre les quals es va construir Tir. Un altre relat el connecta amb la invenci\u00f3 de la tintura de porpra, activitat econ\u00f2mica clau dels fenicis: un gos de Melqart hauria mossegat per accident un mol\u00b7lusc de porpra i descobert aix\u00ed el tint porprat.<\/p><p>En l&#8217;adopci\u00f3 grega com a H\u00e8racles-Melqart, aquest hereta els relats de la <span class=\"iwg-fachbegriff\" data-tooltip=\"El conjunt de relats mitol\u00f2gics transmesos sobre els d\u00e9us d'una cultura.\" tabindex=\"0\">mitologia<\/span> d&#8217;H\u00e8racles, sobretot l&#8217;episodi de Ger\u00edon, en el qual H\u00e8racles, a la Mediterr\u00e0nia occidental (a l&#8217;indret de la posterior Gades), roba el bestiar del gegant de tres caps Ger\u00edon. Aquesta connexi\u00f3 \u00e9s rellevant des del punt de vista de la hist\u00f2ria de les religions, perqu\u00e8 Gades va ser efectivament una fundaci\u00f3 fen\u00edcia i el principal <span class=\"iwg-fachbegriff\" data-tooltip=\"Un lloc sagrat dedicat al culte d'una divinitat.\" tabindex=\"0\">santuari<\/span> occidental de Melqart.<\/p><p>Una pseudoepigrafia important \u00e9s &#8216;Sanchunjaton&#8217; (Sanquniat\u00f3), un suposat sacerdot fenici l&#8217;obra del qual s&#8217;hauria transm\u00e8s a trav\u00e9s de Fil\u00f3 de Biblos. L&#8217;edici\u00f3 cr\u00edtica d&#8217;Albert Baumgarten mostra que, si b\u00e9 bona part del material \u00e9s una invenci\u00f3 hel\u00b7len\u00edstica tardana, cont\u00e9 tamb\u00e9 restes aut\u00e8ntiques de la tradici\u00f3 m\u00edtica fen\u00edcia, sobretot pel que fa a Melqart i a la genealogia dels d\u00e9us.<\/p>\t\t\t\t\t\t\t\t<\/div>\n\t\t\t\t<\/div>\n\t\t\t\t\t<\/div>\n\t\t\t\t<\/div>\n\t\t<div class=\"elementor-element elementor-element-iwgw-melqart-s4 e-flex e-con-boxed e-con e-parent\" data-id=\"iwgw-melqart-s4\" data-element_type=\"container\" data-e-type=\"container\">\n\t\t\t\t\t<div class=\"e-con-inner\">\n\t\t\t\t<div class=\"elementor-element elementor-element-iwgw-melqart-s4h elementor-widget elementor-widget-heading\" data-id=\"iwgw-melqart-s4h\" data-element_type=\"widget\" data-e-type=\"widget\" data-widget_type=\"heading.default\">\n\t\t\t\t\t<h2 class=\"elementor-heading-title elementor-size-default\">Culte i veneraci\u00f3<\/h2>\t\t\t\t<\/div>\n\t\t<div class=\"elementor-element elementor-element-iwgw-melqart-s4c e-con-full e-flex e-con e-child\" data-id=\"iwgw-melqart-s4c\" data-element_type=\"container\" data-e-type=\"container\">\n\t\t\t\t<div class=\"elementor-element elementor-element-iwgw-melqart-s4t elementor-widget elementor-widget-text-editor\" data-id=\"iwgw-melqart-s4t\" data-element_type=\"widget\" data-e-type=\"widget\" data-widget_type=\"text-editor.default\">\n\t\t\t\t\t\t\t\t\t<p>El culte principal de Melqart tenia lloc a Tir, en el <span class=\"iwg-fachbegriff\" data-tooltip=\"Una construcci\u00f3 dedicada al culte d'una o diverses divinitats.\" tabindex=\"0\">temple<\/span> m\u00e9s antic i sumptu\u00f3s de la ciutat. Herodot descriu aquest <span class=\"iwg-fachbegriff\" data-tooltip=\"Una construcci\u00f3 dedicada al culte d'una o diverses divinitats.\" tabindex=\"0\">temple<\/span> amb detall (2.44) i menciona dues columnes, una d&#8217;or i una d&#8217;esmaragda, que brillaven de nit, probablement el conegut fenomen &#8216;s\u00eew\u00e2n&#8217; de minerals fosforescents.<\/p><p>Hiram I de Tir (segle X aC) est\u00e0 estretament vinculat al <span class=\"iwg-fachbegriff\" data-tooltip=\"Una construcci\u00f3 dedicada al culte d'una o diverses divinitats.\" tabindex=\"0\">temple<\/span> de Melqart; segons Josep Flavi, el va construir amb or i bronze.<\/p><p>La festa anual de despertar era el punt culminant del culte; un &#8216;despertador&#8217; (<em>mqm-\u02belm<\/em>, &#8216;el que aixeca el d\u00e9u&#8217;) dirigia el <span class=\"iwg-fachbegriff\" data-tooltip=\"Una seq\u00fc\u00e8ncia reglada d'accions simb\u00f2liques amb significat religi\u00f3s o cultural.\" tabindex=\"0\">ritual<\/span>. El rei de Tir era la figura ritual central. Festes de despertar semblants estan documentades a Cartago i a Gades; connecten Melqart, des del punt de vista hist\u00f2ric, amb Tammuz\/Dumuzi i amb Adonis.<\/p><p>A Cartago, Melqart tamb\u00e9 hi era present; el tribut anual al <span class=\"iwg-fachbegriff\" data-tooltip=\"Una construcci\u00f3 dedicada al culte d'una o diverses divinitats.\" tabindex=\"0\">temple<\/span> de Melqart de Tir es va mantenir encara durant la Rep\u00fablica tardana de Cartago, un indici del vincle estret amb la metr\u00f2poli.<\/p><p>A Gades, el <span class=\"iwg-fachbegriff\" data-tooltip=\"Una construcci\u00f3 dedicada al culte d'una o diverses divinitats.\" tabindex=\"0\">temple<\/span> de Melqart s&#8217;aixecava en una petita illa; Polibi, Estrab\u00f3 i Sili It\u00e0lic el van descriure. Fins i tot despr\u00e9s de la conquesta romana, el santuari de Gades-Melqart va continuar actiu com a <span class=\"iwg-fachbegriff\" data-tooltip=\"Un lloc sagrat dedicat al culte d'una divinitat.\" tabindex=\"0\">santuari<\/span> d&#8217;H\u00e8rcules, visitat per Ann\u00edbal, C\u00e8sar i Adri\u00e0.<\/p><p>L&#8217;estudi arqueol\u00f2gic del temple de Melqart a Tir es veu dificultat per l&#8217;urbanisme modern; a Gades, en canvi, les restes del santuari, situades a l&#8217;actual illa de Sancti Petri, s\u00f3n m\u00e9s accessibles. Les excavacions subaqu\u00e0tiques en curs dirigides per Antonio S\u00e1ez Romero han aportat en els darrers anys troballes noves i importants.<\/p>\t\t\t\t\t\t\t\t<\/div>\n\t\t\t\t<\/div>\n\t\t\t\t\t<\/div>\n\t\t\t\t<\/div>\n\t\t<div class=\"elementor-element elementor-element-iwgw-melqart-s5 e-flex e-con-boxed e-con e-parent\" data-id=\"iwgw-melqart-s5\" data-element_type=\"container\" data-e-type=\"container\">\n\t\t\t\t\t<div class=\"e-con-inner\">\n\t\t\t\t<div class=\"elementor-element elementor-element-iwgw-melqart-s5h elementor-widget elementor-widget-heading\" data-id=\"iwgw-melqart-s5h\" data-element_type=\"widget\" data-e-type=\"widget\" data-widget_type=\"heading.default\">\n\t\t\t\t\t<h2 class=\"elementor-heading-title elementor-size-default\">Pr\u00e0ctica de protecci\u00f3 i elements apotropaics<\/h2>\t\t\t\t<\/div>\n\t\t<div class=\"elementor-element elementor-element-iwgw-melqart-s5c e-con-full e-flex e-con e-child\" data-id=\"iwgw-melqart-s5c\" data-element_type=\"container\" data-e-type=\"container\">\n\t\t\t\t<div class=\"elementor-element elementor-element-iwgw-melqart-s5t elementor-widget elementor-widget-text-editor\" data-id=\"iwgw-melqart-s5t\" data-element_type=\"widget\" data-e-type=\"widget\" data-widget_type=\"text-editor.default\">\n\t\t\t\t\t\t\t\t\t<p>Melqart era el d\u00e9u protector de la casa reial, de la ciutat i de la navegaci\u00f3. En segells reials de Tir apareix com a senyor protector; en els noms personals fenicis el seu te\u00f2nim \u00e9s freq\u00fcent (Am\u00edlcar = &#8216;servent de Melqart&#8217;, Bom\u00edlcar = &#8216;per la m\u00e0 de Melqart&#8217;). La freq\u00fc\u00e8ncia de noms te\u00f2fors amb l&#8217;element Melqart \u00e9s indici d&#8217;una intensa devoci\u00f3 privada.<\/p><p><span class=\"iwg-fachbegriff\" data-tooltip=\"Que allunya el mal: dit de signes i objectes destinats a mantenir a dist\u00e0ncia les influ\u00e8ncies nocives.\" tabindex=\"0\">Apotropaics<\/span> es portaven escarabeus de Melqart i petites figures de bronze, o es col\u00b7locaven a la llar. La c\u00e8lebre &#8216;<span class=\"iwg-fachbegriff\" data-tooltip=\"Una llosa de pedra o fusta dreta, amb inscripci\u00f3 o imatges.\" tabindex=\"0\">Estela<\/span> de Melqart&#8217; de Bredsch (Bredja), al nord de S\u00edria, una ofrena votiva inscrita del rei arameu Bar-Hadad a Melqart, \u00e9s un dels testimonis epigr\u00e0fics m\u00e9s importants del culte a Melqart fora de Tir.<\/p><p data-nosnippet=\"true\">En la devoci\u00f3 mar\u00edtima, Melqart era la inst\u00e0ncia protectora suprema; capitans i colons fenicis feien ofrenes votives en el seu honor tant en la sortida com en l&#8217;arribada. Aquesta devoci\u00f3 de viatgers \u00e9s un tret important de la mobilitat fen\u00edcia des del punt de vista de la hist\u00f2ria de les religions. iWell Guard registra Melqart com a figura historicoreligiosa, sense cap relaci\u00f3 amb promeses de curaci\u00f3 actuals.<\/p><p>En els temples cartaginesos dels segles V i IV aC, Melqart apareix com a segon o tercer d\u00e9u despr\u00e9s de <a href=\"https:\/\/iwell-guard.com\/ca\/?page_id=171725\">Baal-Hammon<\/a> i <a href=\"https:\/\/iwell-guard.com\/ca\/?page_id=171724\">Tanit<\/a>. La tr\u00edada dels d\u00e9us de la ciutat mare fen\u00edcia (Baal-\u0160amem, Astart\u00e9, Melqart) es va reconfigurar a Cartago sense que Melqart en qued\u00e9s completament relegat.<\/p>\t\t\t\t\t\t\t\t<\/div>\n\t\t\t\t<\/div>\n\t\t\t\t\t<\/div>\n\t\t\t\t<\/div>\n\t\t<div class=\"elementor-element elementor-element-iwgw-melqart-s6 e-flex e-con-boxed e-con e-parent\" data-id=\"iwgw-melqart-s6\" data-element_type=\"container\" data-e-type=\"container\">\n\t\t\t\t\t<div class=\"e-con-inner\">\n\t\t\t\t<div class=\"elementor-element elementor-element-iwgw-melqart-s6h elementor-widget elementor-widget-heading\" data-id=\"iwgw-melqart-s6h\" data-element_type=\"widget\" data-e-type=\"widget\" data-widget_type=\"heading.default\">\n\t\t\t\t\t<h2 class=\"elementor-heading-title elementor-size-default\">Paral\u00b7lelismes en altres cultures<\/h2>\t\t\t\t<\/div>\n\t\t<div class=\"elementor-element elementor-element-iwgw-melqart-s6c e-con-full e-flex e-con e-child\" data-id=\"iwgw-melqart-s6c\" data-element_type=\"container\" data-e-type=\"container\">\n\t\t\t\t<div class=\"elementor-element elementor-element-iwgw-melqart-s6t elementor-widget elementor-widget-text-editor\" data-id=\"iwgw-melqart-s6t\" data-element_type=\"widget\" data-e-type=\"widget\" data-widget_type=\"text-editor.default\">\n\t\t\t\t\t\t\t\t\t<p>El paral\u00b7lelisme m\u00e9s important des del punt de vista de la hist\u00f2ria de les religions \u00e9s la identificaci\u00f3 grega amb Heracles. Walter Burkert va demostrar a <em>Die orientalisierende Epoche<\/em> (1984) i en diversos estudis posteriors que la figura grega d&#8217;Heracles est\u00e0 fortament influ\u00efda pel Melqart fenici, sobretot en l&#8217;episodi de Ger\u00edon i en les &#8216;Columnes d&#8217;Heracles&#8217; (l&#8217;estret de Gibraltar), que origin\u00e0riament eren les &#8216;Columnes de Melqart&#8217;.<\/p><p>Amb el mesopot\u00e0mic Gilgame\u0161, Melqart comparteix el <span class=\"iwg-fachbegriff\" data-tooltip=\"Un element de contingut recurrent en l'art o la narraci\u00f3.\" tabindex=\"0\">motiu<\/span> de l&#8217;heroi mortal i alhora immortal amb funci\u00f3 reial. A Cartago no es va desenvolupar cap divinitat principal pr\u00f2pia a partir de la seva tradici\u00f3, perqu\u00e8 la religi\u00f3 cartaginesa va elaborar una c\u00fapula divina pr\u00f2pia amb <a href=\"https:\/\/iwell-guard.com\/ca\/?page_id=171725\">Baal-Hammon<\/a> i <a href=\"https:\/\/iwell-guard.com\/ca\/?page_id=171724\">Tanit<\/a>; tot i aix\u00ed, Melqart hi va ser sempre present.<\/p><p>Hist\u00f2ricament, Melqart \u00e9s el d\u00e9u protot\u00edpic de ciutat i de reialesa fenici. Amb <a href=\"https:\/\/iwell-guard.com\/ca\/?page_id=171720\">Sarruma<\/a>, de la <a href=\"https:\/\/iwell-guard.com\/ca\/hitita-anatolic-tarhunna-deus-proteccio\/\">tradici\u00f3 hitita<\/a>, comparteix la funci\u00f3 de d\u00e9u protector personal del rei; amb el mesopot\u00e0mic Marduc, la funci\u00f3 de d\u00e9u urb\u00e0 que ressuscita despr\u00e9s d&#8217;una derrota estacional. En el <span class=\"iwg-fachbegriff\" data-tooltip=\"Fusi\u00f3 de conceptes o divinitats procedents de diferents tradicions religioses.\" tabindex=\"0\">sincretisme<\/span> hel\u00b7len\u00edstic esdev\u00e9 la <span class=\"iwg-fachbegriff\" data-tooltip=\"Un \u00e9sser venerat com a div\u00ed dins d'una religi\u00f3.\" tabindex=\"0\">divinitat<\/span> protot\u00edpica de &#8216;traducci\u00f3&#8217; entre la religi\u00f3 fen\u00edcia i la grega.<\/p><p>A la Mediterr\u00e0nia occidental, Melqart \u00e9s present sota el nom grec d&#8217;Heracles en nombroses inscripcions i monedes; en l&#8217;\u00fas ling\u00fc\u00edstic hel\u00b7len\u00edstic, els l\u00edmits entre &#8216;Melqart&#8217; i &#8216;Heracles&#8217; sovint es difuminen. A Cartago, aquesta doble denominaci\u00f3 es va utilitzar pol\u00edticament per obrir la religi\u00f3 fen\u00edcia a aliats grecs.<\/p>\t\t\t\t\t\t\t\t<\/div>\n\t\t\t\t<\/div>\n\t\t\t\t\t<\/div>\n\t\t\t\t<\/div>\n\t\t<div class=\"elementor-element elementor-element-iwgw-melqart-s7 e-flex e-con-boxed e-con e-parent\" data-id=\"iwgw-melqart-s7\" data-element_type=\"container\" data-e-type=\"container\">\n\t\t\t\t\t<div class=\"e-con-inner\">\n\t\t\t\t<div class=\"elementor-element elementor-element-iwgw-melqart-s7h elementor-widget elementor-widget-heading\" data-id=\"iwgw-melqart-s7h\" data-element_type=\"widget\" data-e-type=\"widget\" data-widget_type=\"heading.default\">\n\t\t\t\t\t<h2 class=\"elementor-heading-title elementor-size-default\">Recepci\u00f3 i investigaci\u00f3 actuals<\/h2>\t\t\t\t<\/div>\n\t\t<div class=\"elementor-element elementor-element-iwgw-melqart-s7c e-con-full e-flex e-con e-child\" data-id=\"iwgw-melqart-s7c\" data-element_type=\"container\" data-e-type=\"container\">\n\t\t\t\t<div class=\"elementor-element elementor-element-iwgw-melqart-s7t elementor-widget elementor-widget-text-editor\" data-id=\"iwgw-melqart-s7t\" data-element_type=\"widget\" data-e-type=\"widget\" data-widget_type=\"text-editor.default\">\n\t\t\t\t\t\t\t\t\t<p>Avui la recerca sobre Melqart es troba en un nivell molt avan\u00e7at. La monografia de Corinne Bonnet, <em>Melqart<\/em> (1988), i els seus estudis posteriors s\u00f3n la refer\u00e8ncia est\u00e0ndard; Maria Eugenia Aubet, Sabatino Moscati i H\u00e9l\u00e8ne Sader han aportat contribucions importants a la vessant arqueol\u00f2gica. Les inscripcions s\u00f3n accessibles a trav\u00e9s de les edicions de Charles Krahmalkov i Wolfgang R\u00f6llig.<\/p><p>En la recepci\u00f3 popular, Melqart \u00e9s conegut sobretot per la seva identificaci\u00f3 amb Heracles i per les llegendes de Tartessos (relacionades amb el tresor del Carambolo, la &#8216;poma d&#8217;or de les Hesp\u00e8rides&#8217;). Al L\u00edban modern, Tir ha rehabilitat Melqart com a <span class=\"iwg-fachbegriff\" data-tooltip=\"Un signe que representa una idea o un significat.\" tabindex=\"0\">s\u00edmbol<\/span> cultural des dels anys 1990, amb la reconstrucci\u00f3 dels seus jaciments arqueol\u00f2gics.<\/p><p>Des del punt de vista cient\u00edfic, Melqart es considera avui un objecte d&#8217;estudi central per a la religi\u00f3 fen\u00edcia, per a la <span class=\"iwg-fachbegriff\" data-tooltip=\"La doctrina cient\u00edfica sobre D\u00e9u i la fe d'una religi\u00f3.\" tabindex=\"0\">teologia<\/span> del d\u00e9u de ciutat i per a la din\u00e0mica religiosa mediterr\u00e0nia. Les l\u00ednies de recerca actuals se centren en la diferenciaci\u00f3 d&#8217;hip\u00f2stasis locals de Melqart, en la transmissi\u00f3 iconogr\u00e0fica cap a la tradici\u00f3 grega d&#8217;Heracles i en l&#8217;exploraci\u00f3 arqueol\u00f2gica del santuari de Gades. L&#8217;iWell Guard registra Melqart com a membre hist\u00f2ric del <span class=\"iwg-fachbegriff\" data-tooltip=\"El conjunt dels d\u00e9us d'una religi\u00f3 o cultura.\" tabindex=\"0\">pante\u00f3<\/span>.<\/p><p>Les monedes hel\u00b7len\u00edstiques de Tir i Cartago tamb\u00e9 mostren imatges de Melqart, sovint amb clava, arc o proa de vaixell. Aquesta iconografia monet\u00e0ria \u00e9s una font important per a la hist\u00f2ria iconogr\u00e0fica de Melqart.<\/p><p>Estudis recents de Josephine Quinn i Brian Doak han reexaminat el paper de Melqart en la construcci\u00f3 de la identitat p\u00fanica i en la zona de contacte romano-fen\u00edcia.<\/p>\t\t\t\t\t\t\t\t<\/div>\n\t\t\t\t<\/div>\n\t\t\t\t\t<\/div>\n\t\t\t\t<\/div>\n\t\t<div class=\"elementor-element elementor-element-iwgw-melqart-s8 e-flex e-con-boxed e-con e-parent\" data-id=\"iwgw-melqart-s8\" data-element_type=\"container\" data-e-type=\"container\">\n\t\t\t\t\t<div class=\"e-con-inner\">\n\t\t\t\t<div class=\"elementor-element elementor-element-iwgw-melqart-s8h elementor-widget elementor-widget-heading\" data-id=\"iwgw-melqart-s8h\" data-element_type=\"widget\" data-e-type=\"widget\" data-widget_type=\"heading.default\">\n\t\t\t\t\t<h2 class=\"elementor-heading-title elementor-size-default\">Bibliografia i fonts<\/h2>\t\t\t\t<\/div>\n\t\t<div class=\"elementor-element elementor-element-iwgw-melqart-s8c e-con-full e-flex e-con e-child\" data-id=\"iwgw-melqart-s8c\" data-element_type=\"container\" data-e-type=\"container\">\n\t\t\t\t<div class=\"elementor-element elementor-element-iwgw-melqart-s8t elementor-widget elementor-widget-text-editor\" data-id=\"iwgw-melqart-s8t\" data-element_type=\"widget\" data-e-type=\"widget\" data-widget_type=\"text-editor.default\">\n\t\t\t\t\t\t\t\t\t<p>La selecci\u00f3 seg\u00fcent recull les obres de refer\u00e8ncia m\u00e9s importants sobre Melqart. Aplega monografies, edicions d&#8217;inscripcions i s\u00edntesis d&#8217;hist\u00f2ria de les religions. La <em>Melqart<\/em> de Corinne Bonnet \u00e9s la primera introducci\u00f3; Burkert tracta la l\u00ednia grega; Aubet, l&#8217;expansi\u00f3 mediterr\u00e0nia; Krahmalkov, el material ling\u00fc\u00edstic i hist\u00f2ric. La monografia m\u00e9s recent d&#8217;H\u00e9l\u00e8ne Sader ofereix la s\u00edntesi arqueol\u00f2gica.<\/p>\t\t\t\t\t\t\t\t<\/div>\n\t\t\t\t<\/div>\n\t\t\t\t\t<\/div>\n\t\t\t\t<\/div>\n\t\t<div class=\"elementor-element elementor-element-cp2ff50c6c e-flex e-con-boxed e-con e-parent\" data-id=\"cp2ff50c6c\" data-element_type=\"container\" data-e-type=\"container\">\n\t\t\t\t\t<div class=\"e-con-inner\">\n\t\t\t\t<div class=\"elementor-element elementor-element-cp202ddb76 elementor-widget elementor-widget-heading\" data-id=\"cp202ddb76\" data-element_type=\"widget\" data-e-type=\"widget\" data-widget_type=\"heading.default\">\n\t\t\t\t\t<h2 class=\"elementor-heading-title elementor-size-default\">L'Egersis, la festa del despertar de Melqart<\/h2>\t\t\t\t<\/div>\n\t\t<div class=\"elementor-element elementor-element-cp2683cd7c e-flex e-con-boxed e-con e-child\" data-id=\"cp2683cd7c\" data-element_type=\"container\" data-e-type=\"container\">\n\t\t\t\t\t<div class=\"e-con-inner\">\n\t\t\t\t<div class=\"elementor-element elementor-element-cp27bc6d8a elementor-widget elementor-widget-text-editor\" data-id=\"cp27bc6d8a\" data-element_type=\"widget\" data-e-type=\"widget\" data-widget_type=\"text-editor.default\">\n\t\t\t\t\t\t\t\t\t<p>Una particularitat del culte a Melqart de Tir era una festa anual que les fonts gregues anomenen <em>egersis<\/em>, el despertar o la resurrecci\u00f3 del d\u00e9u. El terme suggereix que la festa es basava en la idea que Melqart moria i tornava a la vida.<\/p><p>Amb aix\u00f2, Melqart s&#8217;inscriu en la s\u00e8rie de divinitats de l&#8217;antic Orient Pr\u00f2xim el <span class=\"iwg-fachbegriff\" data-tooltip=\"El conjunt d'actes de veneraci\u00f3 religiosa dedicats a una divinitat o figura sagrada.\" tabindex=\"0\">culte<\/span> de les quals estava vinculat a un cicle de mort i retorn, comparable a Adonis o al mesopot\u00e0mic Dumuzi.<\/p><p>Els ritus exactes de l&#8217;egersis nom\u00e9s es coneixen de manera fragment\u00e0ria. Els autors de l&#8217;<span class=\"iwg-fachbegriff\" data-tooltip=\"\u00c8poca de la cultura grega i romana, aproximadament del 800 a.C. al 600 d.C.\" tabindex=\"0\">Antiguitat<\/span> esmenten la crema d&#8217;una imatge o figura del d\u00e9u i parlen d&#8217;una persona que portava el t\u00edtol de despertador del d\u00e9u.<\/p><p>Probablement la festa estava vinculada a una data primaveral i, per tant, al renaixement de la natura, per\u00f2 les fonts no permeten una reconstrucci\u00f3 segura. Una <span class=\"iwg-fachbegriff\" data-tooltip=\"Un text gravat o esculpit en un suport dur.\" tabindex=\"0\">inscripci\u00f3<\/span> important de Kition, a Xipre, esmenta un <em>mqm \u02belm<\/em>, un despertador del d\u00e9u, com a c\u00e0rrec cultual, i confirma aix\u00ed indirectament l&#8217;exist\u00e8ncia d&#8217;una festa d&#8217;aquest tipus.<\/p><p>Hist\u00f2ricament, l&#8217;egersis \u00e9s significativa perqu\u00e8 distingeix Melqart d&#8217;un simple d\u00e9u de ciutat i de reialesa i li confereix un car\u00e0cter c\u00edclic i salv\u00edfic. Corinne Bonnet, en la seva monografia sobre Melqart, va revisar cr\u00edticament el material disponible sobre l&#8217;egersis i va advertir contra una classificaci\u00f3 precipitada dins l&#8217;esquema antic dels d\u00e9us que moren i ressusciten.<\/p><p>La recerca coincideix en que la festa va existir, per\u00f2 no en la seva forma exacta. Continua sent un dels elements m\u00e9s intensament debatuts del calendari festiu fenici.<\/p>\t\t\t\t\t\t\t\t<\/div>\n\t\t\t\t\t<\/div>\n\t\t\t\t<\/div>\n\t\t\t\t\t<\/div>\n\t\t\t\t<\/div>\n\t\t<div class=\"elementor-element elementor-element-cp25186adb e-flex e-con-boxed e-con e-parent\" data-id=\"cp25186adb\" data-element_type=\"container\" data-e-type=\"container\">\n\t\t\t\t\t<div class=\"e-con-inner\">\n\t\t\t\t<div class=\"elementor-element elementor-element-cp2e3a4f25 elementor-widget elementor-widget-heading\" data-id=\"cp2e3a4f25\" data-element_type=\"widget\" data-e-type=\"widget\" data-widget_type=\"heading.default\">\n\t\t\t\t\t<h2 class=\"elementor-heading-title elementor-size-default\">Melqart i Heracles, una doble identitat<\/h2>\t\t\t\t<\/div>\n\t\t<div class=\"elementor-element elementor-element-cp226fa5a4 e-flex e-con-boxed e-con e-child\" data-id=\"cp226fa5a4\" data-element_type=\"container\" data-e-type=\"container\">\n\t\t\t\t\t<div class=\"e-con-inner\">\n\t\t\t\t<div class=\"elementor-element elementor-element-cp243726bf elementor-widget elementor-widget-text-editor\" data-id=\"cp243726bf\" data-element_type=\"widget\" data-e-type=\"widget\" data-widget_type=\"text-editor.default\">\n\t\t\t\t\t\t\t\t\t<p>Els grecs van identificar Melqart de manera constant amb el seu heroi H\u00e8rcules. Aquesta identificaci\u00f3 era tan s\u00f2lida que el fam\u00f3s <span class=\"iwg-fachbegriff\" data-tooltip=\"Un lloc sagrat dedicat al culte d'una divinitat.\" tabindex=\"0\">santuari<\/span> de Melqart a Gadir, l&#8217;actual Cadis, a la costa atl\u00e0ntica espanyola, apareix a les fonts antigues com a temple d&#8217;H\u00e8rcules.<\/p><p>Les columnes d&#8217;H\u00e8rcules, l&#8217;estret de Gibraltar, deuen el seu nom a aquesta connexi\u00f3; origin\u00e0riament devien ser les columnes de Melqart.<\/p><p>Els motius d&#8217;aquesta identificaci\u00f3 es troben en els trets comuns de totes dues figures. Totes dues es consideren herois que emprenen llargs viatges, arriben fins als confins del m\u00f3n conegut i escampen cultura i ordre.<\/p><p>Melqart era considerat el patr\u00f3 de la colonitzaci\u00f3 t\u00edria; all\u00e0 on Tir fundava una ciutat filla, des de Cartago fins a Gadir, se li erigia un <span class=\"iwg-fachbegriff\" data-tooltip=\"Un lloc sagrat dedicat al culte d'una divinitat.\" tabindex=\"0\">santuari<\/span>. H\u00e8rcules, per la seva banda, recorre tot el Mediterrani en la <span class=\"iwg-fachbegriff\" data-tooltip=\"Un relat transm\u00e8s amb sovint un nucli hist\u00f2ric i trets meravellosos.\" tabindex=\"0\">llegenda<\/span> grega. Tots dos vinculen la mort amb la superaci\u00f3 de la mort, Melqart mitjan\u00e7ant l&#8217;egersis, H\u00e8rcules mitjan\u00e7ant la seva acollida entre els d\u00e9us despr\u00e9s de la pira funer\u00e0ria.<\/p><p>La recerca parla d&#8217;una identificaci\u00f3 que va actuar en totes dues direccions. Alguns trets de l&#8217;H\u00e8rcules grec, especialment l&#8217;episodi de la pira, podrien haver estat influ\u00efts pel fenici Melqart. A l&#8217;inrev\u00e9s, Melqart apareix directament identificat amb H\u00e8rcules en inscripcions biling\u00fces, com en una famosa biling\u00fce fenici-grega de Malta.<\/p><p>Aquesta <span class=\"iwg-fachbegriff\" data-tooltip=\"Un text gravat o cisellat en un suport dur.\" tabindex=\"0\">inscripci\u00f3<\/span> maltesa va ser, per cert, al segle XVIII, una de les claus per desxifrar l&#8217;escriptura fen\u00edcia. La doble identitat Melqart-H\u00e8rcules \u00e9s, doncs, un exemple paradigm\u00e0tic de com dues cultures van recon\u00e8ixer una mateixa <span class=\"iwg-fachbegriff\" data-tooltip=\"Un \u00e9sser venerat com a div\u00ed dins d'una religi\u00f3.\" tabindex=\"0\">divinitat<\/span> i van entrella\u00e7ar les seves tradicions.<\/p>\t\t\t\t\t\t\t\t<\/div>\n\t\t\t\t\t<\/div>\n\t\t\t\t<\/div>\n\t\t\t\t\t<\/div>\n\t\t\t\t<\/div>\n\t\t<div class=\"elementor-element elementor-element-cp22fd1a8d e-flex e-con-boxed e-con e-parent\" data-id=\"cp22fd1a8d\" data-element_type=\"container\" data-e-type=\"container\">\n\t\t\t\t\t<div class=\"e-con-inner\">\n\t\t\t\t<div class=\"elementor-element elementor-element-cp2fd95ae4 elementor-widget elementor-widget-heading\" data-id=\"cp2fd95ae4\" data-element_type=\"widget\" data-e-type=\"widget\" data-widget_type=\"heading.default\">\n\t\t\t\t\t<h2 class=\"elementor-heading-title elementor-size-default\">Melqart en la hist\u00f2ria, de Cartago a Tir<\/h2>\t\t\t\t<\/div>\n\t\t<div class=\"elementor-element elementor-element-cp274edf27 e-flex e-con-boxed e-con e-child\" data-id=\"cp274edf27\" data-element_type=\"container\" data-e-type=\"container\">\n\t\t\t\t\t<div class=\"e-con-inner\">\n\t\t\t\t<div class=\"elementor-element elementor-element-cp27b9f300 elementor-widget elementor-widget-text-editor\" data-id=\"cp27b9f300\" data-element_type=\"widget\" data-e-type=\"widget\" data-widget_type=\"text-editor.default\">\n\t\t\t\t\t\t\t\t\t<p>Melqart era el d\u00e9u de la ciutat de Tir, i la seva import\u00e0ncia va molt m\u00e9s enll\u00e0 de la religi\u00f3, fins a la hist\u00f2ria pol\u00edtica de l&#8217;occident fenici. Quan Tir va fundar Cartago al segle IX abans de la nostra era, la nova ciutat va mantenir el seu deute amb el d\u00e9u de la ciutat mare.<\/p><p>Les fonts cartagineses i els relats <span class=\"iwg-fachbegriff\" data-tooltip=\"\u00c8poca de la cultura grega i romana, aproximadament del 800 aC al 600 dC.\" tabindex=\"0\">antics<\/span> transmeten que Cartago enviava anualment un des\u00e8 dels seus ingressos al <span class=\"iwg-fachbegriff\" data-tooltip=\"Un lloc sagrat dedicat al culte d'una divinitat.\" tabindex=\"0\">santuari<\/span> de Melqart a Tir, un <span class=\"iwg-fachbegriff\" data-tooltip=\"Una acci\u00f3 transmesa i repetida regularment dins d'una comunitat.\" tabindex=\"0\">costum<\/span> que va fer visible durant segles el vincle religi\u00f3s i pol\u00edtic entre la col\u00f2nia i la ciutat mare.<\/p><p>El setge de Tir per Alexandre el Gran l&#8217;any 332 abans de la nostra era est\u00e0 estretament vinculat a Melqart. Alexandre volia oferir un sacrifici al <span class=\"iwg-fachbegriff\" data-tooltip=\"Un lloc sagrat dedicat al culte d'una divinitat.\" tabindex=\"0\">santuari<\/span> del d\u00e9u, a qui identificava amb H\u00e8rcules, del qual afirmava descendir.<\/p><p>Els tiris li van negar l&#8217;entrada, fet que va desencadenar un setge de mesos que finalment va tenir \u00e8xit. L&#8217;episodi mostra la for\u00e7a pol\u00edtica que podia tenir l&#8217;acc\u00e9s a un santuari urb\u00e0.<\/p><p>Tamb\u00e9 en \u00e8poca romana el <span class=\"iwg-fachbegriff\" data-tooltip=\"El conjunt d'accions religioses de veneraci\u00f3 a una divinitat o figura sagrada.\" tabindex=\"0\">culte<\/span> a Melqart va continuar viu. Septimi Sever provenia de Lepcis Magna, al nord d&#8217;\u00c0frica, una fundaci\u00f3 origin\u00e0riament fen\u00edcia amb el seu propi <span class=\"iwg-fachbegriff\" data-tooltip=\"El conjunt d'accions religioses de veneraci\u00f3 a una divinitat o figura sagrada.\" tabindex=\"0\">culte<\/span> a Melqart, i la seva dinastia va afavorir les tradicions fen\u00edcies.<\/p><p>Corinne Bonnet ha resseguit aquesta llarga hist\u00f2ria des de l&#8217;inici de l&#8217;<span class=\"iwg-fachbegriff\" data-tooltip=\"\u00c8poca prehist\u00f2rica posterior a l'edat del bronze, marcada pel treball del ferro.\" tabindex=\"0\">edat del ferro<\/span> fins a l&#8217;\u00e8poca imperial, i ha mostrat que Melqart va seguir sent, de manera constant, un d\u00e9u de la ciutat, del poder i de la colonitzaci\u00f3. La seva hist\u00f2ria \u00e9s, per tant, tamb\u00e9 una part de la hist\u00f2ria de l&#8217;expansi\u00f3 fen\u00edcia per tot el Mediterrani.<\/p>\t\t\t\t\t\t\t\t<\/div>\n\t\t\t\t\t<\/div>\n\t\t\t\t<\/div>\n\t\t\t\t\t<\/div>\n\t\t\t\t<\/div>\n\t\t<div class=\"elementor-element elementor-element-iwgw-melqart-lit e-flex e-con-boxed e-con e-parent\" data-id=\"iwgw-melqart-lit\" data-element_type=\"container\" data-e-type=\"container\">\n\t\t\t\t\t<div class=\"e-con-inner\">\n\t\t\t\t<div class=\"elementor-element elementor-element-iwgw-melqart-lith elementor-widget elementor-widget-heading\" data-id=\"iwgw-melqart-lith\" data-element_type=\"widget\" data-e-type=\"widget\" data-widget_type=\"heading.default\">\n\t\t\t\t\t<h2 class=\"elementor-heading-title elementor-size-default\">Bibliografia (selecci\u00f3)<\/h2>\t\t\t\t<\/div>\n\t\t<div class=\"elementor-element elementor-element-iwgw-melqart-litc e-con-full e-flex e-con e-child\" data-id=\"iwgw-melqart-litc\" data-element_type=\"container\" data-e-type=\"container\">\n\t\t\t\t<div class=\"elementor-element elementor-element-iwgw-melqart-litt elementor-widget elementor-widget-text-editor\" data-id=\"iwgw-melqart-litt\" data-element_type=\"widget\" data-e-type=\"widget\" data-widget_type=\"text-editor.default\">\n\t\t\t\t\t\t\t\t\t<div data-nosnippet=\"true\"><ul><li>Corinne Bonnet: <em>Melqart<\/em> (Leuven\/Namur 1988)<\/li><li>Sabatino Moscati: <em>Die Ph\u00f6niker<\/em> (Stuttgart 1966)<\/li><li>Maria Eugenia Aubet: <em>The Phoenicians and the West<\/em> (Cambridge 2001)<\/li><li>Walter Burkert: <em>Die orientalisierende Epoche<\/em> (Heidelberg 1984)<\/li><li>H\u00e9l\u00e8ne Sader: <em>The History and Archaeology of Phoenicia<\/em> (Atlanta 2019)<\/li><li>Charles Krahmalkov: <em>A Phoenician-Punic Grammar<\/em> (Leiden 2001)<\/li><\/ul><\/div>\t\t\t\t\t\t\t\t<\/div>\n\t\t\t\t<\/div>\n\t\t\t\t\t<\/div>\n\t\t\t\t<\/div>\n\t\t<div class=\"elementor-element elementor-element-iwgkw2-add-melqart e-flex e-con-boxed e-con e-parent\" data-id=\"iwgkw2-add-melqart\" data-element_type=\"container\" data-e-type=\"container\">\n\t\t\t\t\t<div class=\"e-con-inner\">\n\t\t\t\t<div class=\"elementor-element elementor-element-iwgkw2-add-melqart-t elementor-widget elementor-widget-text-editor\" data-id=\"iwgkw2-add-melqart-t\" data-element_type=\"widget\" data-e-type=\"widget\" data-widget_type=\"text-editor.default\">\n\t\t\t\t\t\t\t\t\t<p>El <em><span class=\"iwg-fachbegriff\" data-tooltip=\"Un relat transm\u00e8s sobre d\u00e9us, or\u00edgens i l'ordre del m\u00f3n.\" tabindex=\"0\">mite<\/span><\/em> de Melqart vincula la seva mort anual pel foc i la seva resurrecci\u00f3 amb el <span class=\"iwg-fachbegriff\" data-tooltip=\"El conjunt d'accions religioses de veneraci\u00f3 a una divinitat o figura sagrada.\" tabindex=\"0\">culte<\/span> de Tir, i va marcar els santuaris fenicis des de Gades fins a Cartago.<\/p>\t\t\t\t\t\t\t\t<\/div>\n\t\t\t\t\t<\/div>\n\t\t\t\t<\/div>\n\t\t<div class=\"elementor-element elementor-element-iwgw-melqart-kwd e-flex e-con-boxed e-con e-parent\" data-id=\"iwgw-melqart-kwd\" data-element_type=\"container\" data-e-type=\"container\">\n\t\t\t\t\t<div class=\"e-con-inner\">\n\t\t<div class=\"elementor-element elementor-element-iwgw-melqart-kwdc e-con-full e-flex e-con e-child\" data-id=\"iwgw-melqart-kwdc\" data-element_type=\"container\" data-e-type=\"container\">\n\t\t\t\t<div class=\"elementor-element elementor-element-iwgw-melqart-kwdt elementor-widget elementor-widget-text-editor\" data-id=\"iwgw-melqart-kwdt\" data-element_type=\"widget\" data-e-type=\"widget\" data-widget_type=\"text-editor.default\">\n\t\t\t\t\t\t\t\t\t<p><em>Termes clau relacionats: Melqart Tir Fenicis H\u00e8rcules Gades d\u00e9u de la ciutat egersis resurrecci\u00f3.<\/em><\/p>\t\t\t\t\t\t\t\t<\/div>\n\t\t\t\t<\/div>\n\t\t\t\t\t<\/div>\n\t\t\t\t<\/div>\n\t\t<div class=\"elementor-element elementor-element-iwgw-melqart-cc e-flex e-con-boxed e-con e-parent\" data-id=\"iwgw-melqart-cc\" data-element_type=\"container\" data-e-type=\"container\" id=\"iwg-cc-melqart\">\n\t\t\t\t\t<div class=\"e-con-inner\">\n\t\t<div class=\"elementor-element elementor-element-iwgw-melqart-ccinner e-flex e-con-boxed e-con e-parent\" data-id=\"iwgw-melqart-ccinner\" data-element_type=\"container\" data-e-type=\"container\" data-settings=\"{&quot;background_background&quot;:&quot;classic&quot;}\">\n\t\t\t\t\t<div class=\"e-con-inner\">\n\t\t\t\t<div class=\"elementor-element elementor-element-iwgw-melqart-cch elementor-widget elementor-widget-heading\" data-id=\"iwgw-melqart-cch\" data-element_type=\"widget\" data-e-type=\"widget\" data-widget_type=\"heading.default\">\n\t\t\t\t\t<h2 class=\"elementor-heading-title elementor-size-default\">iWell Guard i tradicions de protecci\u00f3<\/h2>\t\t\t\t<\/div>\n\t\t\t\t<div class=\"elementor-element elementor-element-iwgw-melqart-cct elementor-widget elementor-widget-text-editor\" data-id=\"iwgw-melqart-cct\" data-element_type=\"widget\" data-e-type=\"widget\" data-widget_type=\"text-editor.default\">\n\t\t\t\t\t\t\t\t\t<div data-nosnippet=\"true\"><p>iWell Guard s&#8217;inspira en la tradici\u00f3 cultural i hist\u00f2rica dels objectes de protecci\u00f3 port\u00e0tils, seguint la tradici\u00f3 de <a href=\"https:\/\/iwell-guard.com\/ca\/fenicis-cartago-baal-tanit-proteccio\/\">Fenici<\/a> i de moltes altres cultures d&#8217;arreu del m\u00f3n. 41 capes, or aut\u00e8ntic, plat\u00ed, plata, fabricat a Alemanya. Dret de devoluci\u00f3 de 30 dies.<\/p><\/div>\t\t\t\t\t\t\t\t<\/div>\n\t\t\t\t<div class=\"elementor-element elementor-element-iwgw-melqart-ccb iwg-cc-button iwg-cc-cta-2026-05-13 elementor-widget elementor-widget-jet-button\" data-id=\"iwgw-melqart-ccb\" data-element_type=\"widget\" data-e-type=\"widget\" data-widget_type=\"jet-button.default\">\n\t\t\t\t<div class=\"elementor-widget-container\">\n\t\t\t\t\t<div class=\"elementor-jet-button jet-elements\"><div class=\"jet-button__container\"><a class=\"jet-button__instance jet-button__instance--icon-left hover-effect-1\" href=\"\/ueber-iwell-guard\/?utm_source=iwell-guard.com&amp;utm_medium=info-box&amp;utm_campaign=wesen-tradition\"><div class=\"jet-button__plane jet-button__plane-normal\"><\/div><div class=\"jet-button__plane jet-button__plane-hover\"><\/div><div class=\"jet-button__state jet-button__state-normal\"><span class=\"jet-button__label\">M\u00e9s informaci\u00f3 sobre l'iWell Guard<\/span><\/div><div class=\"jet-button__state jet-button__state-hover\"><span class=\"jet-button__label\">M\u00e9s informaci\u00f3 sobre l'iWell Guard<\/span><\/div><\/a><\/div><\/div><style>.elementor-element.elementor-element-iwgw-melqart-ccb .jet-button__instance{width:320px;height:56px;}.elementor-element.elementor-element-iwgw-melqart-ccb .jet-button__state-normal .jet-button__label{text-align:center;margin:0px 0px 0px 0px;color:#1a1b20;font-family:Montserrat,sans-serif;font-size:13px;font-weight:400;letter-spacing:4px;line-height:1.714em;text-transform:uppercase;}.elementor-element.elementor-element-iwgw-melqart-ccb .jet-button__state-hover .jet-button__label{text-align:center;margin:0px 0px 0px 0px;color:#FECC76;font-family:Montserrat,sans-serif;font-size:13px;font-weight:400;letter-spacing:4px;line-height:1.714em;text-transform:uppercase;}.elementor-element.elementor-element-iwgw-melqart-ccb .jet-button__plane-normal{background-color:#FECC76;border-style:solid;border-color:#C99540;border-width:2px 2px 2px 2px;}.elementor-element.elementor-element-iwgw-melqart-ccb .jet-button__plane-hover{background-color:rgba(0,0,0,0.55);border-style:solid;border-color:#FECC76;border-width:2px 2px 2px 2px;}<\/style>\t\t\t\t<\/div>\n\t\t\t\t<\/div>\n\t\t\t\t<div class=\"elementor-element elementor-element-iwgw-melqart-ccd elementor-widget elementor-widget-text-editor\" data-id=\"iwgw-melqart-ccd\" data-element_type=\"widget\" data-e-type=\"widget\" data-widget_type=\"text-editor.default\">\n\t\t\t\t\t\t\t\t\t<div data-nosnippet=\"true\"><p style=\"text-align:center;font-size:13px;opacity:0.7;margin-top:14px\" data-nosnippet=\"true\">Les experi\u00e8ncies personals poden variar. No \u00e9s un producte sanitari. No \u00e9s una promesa de curaci\u00f3.<\/p><\/div>\t\t\t\t\t\t\t\t<\/div>\n\t\t\t\t\t<\/div>\n\t\t\t\t<\/div>\n\t\t\t\t\t<\/div>\n\t\t\t\t<\/div>\n\t\t<div class=\"elementor-element elementor-element-iwgw-melqart-disc e-flex e-con-boxed e-con e-parent\" data-id=\"iwgw-melqart-disc\" data-element_type=\"container\" data-e-type=\"container\">\n\t\t\t\t\t<div class=\"e-con-inner\">\n\t\t\t\t<div class=\"elementor-element elementor-element-iwgw-melqart-discw elementor-widget elementor-widget-html\" data-id=\"iwgw-melqart-discw\" data-element_type=\"widget\" data-e-type=\"widget\" data-widget_type=\"html.default\">\n\t\t\t\t\t<footer data-nosnippet=\"true\" class=\"iwg-disclaimer-block\"><p data-nosnippet=\"true\">iWell Guard <strong>no \u00e9s un producte sanitari<\/strong> i no substitueix cap tractament m\u00e8dic o psicoterap\u00e8utic. Els continguts d'hist\u00f2ria de les religions s\u00f3n una classificaci\u00f3 culturohist\u00f2rica, no una recomanaci\u00f3 de pr\u00e0ctica espiritual.<\/p><\/footer>\t\t\t\t<\/div>\n\t\t\t\t\t<\/div>\n\t\t\t\t<\/div>\n\t\t\t\t<\/div>\n\t\t","protected":false},"excerpt":{"rendered":"","protected":false},"author":3,"featured_media":2850,"parent":0,"menu_order":0,"comment_status":"closed","ping_status":"closed","template":"elementor_header_footer","meta":{"_yoast_wpseo_focuskw":"Melqart Tir Fenicis","_yoast_wpseo_title":"Melqart \u2013 D\u00e9u de la ciutat de Tir, mite, culte, H\u00e8racles","_yoast_wpseo_metadesc":"Melqart, 'rei de la ciutat', \u00e9s el d\u00e9u fenici de la ciutat de Tir, identificat pels grecs amb H\u00e8racles. Mite, culte i contextualitzaci\u00f3.","_yoast_wpseo_meta-robots-noindex":"","_yoast_wpseo_canonical":"","_angie_page":false,"gefaehrdungsstufe":"2","wesen_kultur":"phoenizisch","wesen_klasse":"goetter","footnotes":""},"categories":[],"class_list":["post-171723","page","type-page","status-publish","has-post-thumbnail","hentry"],"yoast_head":"<!-- This site is optimized with the Yoast SEO Premium plugin v27.7 (Yoast SEO v28.3) - https:\/\/yoast.com\/product\/yoast-seo-premium-wordpress\/ -->\n<title>Melqart \u2013 D\u00e9u de la ciutat de Tir, mite, culte, H\u00e8racles<\/title>\n<meta name=\"description\" content=\"Melqart, &#039;rei de la ciutat&#039;, \u00e9s el d\u00e9u fenici de la ciutat de Tir, identificat pels grecs amb H\u00e8racles. Mite, culte i contextualitzaci\u00f3.\" \/>\n<meta name=\"robots\" content=\"index, follow, max-snippet:-1, max-image-preview:large, max-video-preview:-1\" \/>\n<link rel=\"canonical\" href=\"https:\/\/iwell-guard.com\/ca\/melqart-deu-ciutat-de-tir\/\" \/>\n<meta property=\"og:locale\" content=\"ca_ES\" \/>\n<meta property=\"og:type\" content=\"article\" \/>\n<meta property=\"og:title\" content=\"Melqart \u2013 D\u00e9u de la ciutat de Tir\" \/>\n<meta property=\"og:description\" content=\"Melqart, &#039;rei de la ciutat&#039;, \u00e9s el d\u00e9u fenici de la ciutat de Tir, identificat pels grecs amb H\u00e8racles. Mite, culte i contextualitzaci\u00f3.\" \/>\n<meta property=\"og:url\" content=\"https:\/\/iwell-guard.com\/ca\/melqart-deu-ciutat-de-tir\/\" \/>\n<meta property=\"og:site_name\" content=\"iWell Guard\" \/>\n<meta property=\"article:modified_time\" content=\"2026-09-05T16:05:33+00:00\" \/>\n<meta property=\"og:image\" content=\"https:\/\/iwell-guard.com\/wp-content\/uploads\/2026\/05\/goetter_phoenizisch_melqart.webp\" \/>\n\t<meta property=\"og:image:width\" content=\"1024\" \/>\n\t<meta property=\"og:image:height\" content=\"1536\" \/>\n\t<meta property=\"og:image:type\" content=\"image\/webp\" \/>\n<meta name=\"twitter:card\" content=\"summary_large_image\" \/>\n<script type=\"application\/ld+json\" class=\"yoast-schema-graph\">{\"@context\":\"https:\\\/\\\/schema.org\",\"@graph\":[{\"@type\":\"WebPage\",\"@id\":\"https:\\\/\\\/iwell-guard.com\\\/ca\\\/melqart-deu-ciutat-de-tir\\\/\",\"url\":\"https:\\\/\\\/iwell-guard.com\\\/ca\\\/melqart-deu-ciutat-de-tir\\\/\",\"name\":\"Melqart \u2013 D\u00e9u de la ciutat de Tir, mite, culte, H\u00e8racles\",\"isPartOf\":{\"@id\":\"https:\\\/\\\/iwell-guard.com\\\/ca\\\/#website\"},\"primaryImageOfPage\":{\"@id\":\"https:\\\/\\\/iwell-guard.com\\\/ca\\\/melqart-deu-ciutat-de-tir\\\/#primaryimage\"},\"image\":{\"@id\":\"https:\\\/\\\/iwell-guard.com\\\/ca\\\/melqart-deu-ciutat-de-tir\\\/#primaryimage\"},\"thumbnailUrl\":\"https:\\\/\\\/iwell-guard.com\\\/wp-content\\\/uploads\\\/2026\\\/05\\\/goetter_phoenizisch_melqart.webp\",\"datePublished\":\"2026-09-05T15:41:48+00:00\",\"dateModified\":\"2026-09-05T16:05:33+00:00\",\"description\":\"Melqart, 'rei de la ciutat', \u00e9s el d\u00e9u fenici de la ciutat de Tir, identificat pels grecs amb H\u00e8racles. Mite, culte i contextualitzaci\u00f3.\",\"breadcrumb\":{\"@id\":\"https:\\\/\\\/iwell-guard.com\\\/ca\\\/melqart-deu-ciutat-de-tir\\\/#breadcrumb\"},\"inLanguage\":\"ca\",\"potentialAction\":[{\"@type\":\"ReadAction\",\"target\":[\"https:\\\/\\\/iwell-guard.com\\\/ca\\\/melqart-deu-ciutat-de-tir\\\/\"]}]},{\"@type\":\"ImageObject\",\"inLanguage\":\"ca\",\"@id\":\"https:\\\/\\\/iwell-guard.com\\\/ca\\\/melqart-deu-ciutat-de-tir\\\/#primaryimage\",\"url\":\"https:\\\/\\\/iwell-guard.com\\\/wp-content\\\/uploads\\\/2026\\\/05\\\/goetter_phoenizisch_melqart.webp\",\"contentUrl\":\"https:\\\/\\\/iwell-guard.com\\\/wp-content\\\/uploads\\\/2026\\\/05\\\/goetter_phoenizisch_melqart.webp\",\"width\":1024,\"height\":1536,\"caption\":\"D\u00e9us de la tradici\u00f3 fen\u00edcia.\"},{\"@type\":\"BreadcrumbList\",\"@id\":\"https:\\\/\\\/iwell-guard.com\\\/ca\\\/melqart-deu-ciutat-de-tir\\\/#breadcrumb\",\"itemListElement\":[{\"@type\":\"ListItem\",\"position\":1,\"name\":\"Start\",\"item\":\"https:\\\/\\\/iwell-guard.com\\\/ca\\\/?page_id=171333\"},{\"@type\":\"ListItem\",\"position\":2,\"name\":\"Melqart \u2013 D\u00e9u de la ciutat de Tir\"}]},{\"@type\":\"WebSite\",\"@id\":\"https:\\\/\\\/iwell-guard.com\\\/ca\\\/#website\",\"url\":\"https:\\\/\\\/iwell-guard.com\\\/ca\\\/\",\"name\":\"iWell Guard\",\"description\":\"Schutz vor dunklen Einfl\u00fcssen\",\"publisher\":{\"@id\":\"https:\\\/\\\/iwell-guard.com\\\/ca\\\/#organization\"},\"potentialAction\":[{\"@type\":\"SearchAction\",\"target\":{\"@type\":\"EntryPoint\",\"urlTemplate\":\"https:\\\/\\\/iwell-guard.com\\\/ca\\\/?s={search_term_string}\"},\"query-input\":{\"@type\":\"PropertyValueSpecification\",\"valueRequired\":true,\"valueName\":\"search_term_string\"}}],\"inLanguage\":\"ca\"},{\"@type\":\"Organization\",\"@id\":\"https:\\\/\\\/iwell-guard.com\\\/ca\\\/#organization\",\"name\":\"Ittermann electronic GmbH\",\"url\":\"https:\\\/\\\/iwell-guard.com\\\/ca\\\/\",\"logo\":{\"@type\":\"ImageObject\",\"inLanguage\":\"ca\",\"@id\":\"https:\\\/\\\/iwell-guard.com\\\/ca\\\/#\\\/schema\\\/logo\\\/image\\\/\",\"url\":\"https:\\\/\\\/iwell-guard.com\\\/wp-content\\\/uploads\\\/2026\\\/05\\\/Ittermann-Logo-1182x237-1.png\",\"contentUrl\":\"https:\\\/\\\/iwell-guard.com\\\/wp-content\\\/uploads\\\/2026\\\/05\\\/Ittermann-Logo-1182x237-1.png\",\"width\":1182,\"height\":237,\"caption\":\"Ittermann electronic GmbH\"},\"image\":{\"@id\":\"https:\\\/\\\/iwell-guard.com\\\/ca\\\/#\\\/schema\\\/logo\\\/image\\\/\"},\"sameAs\":[\"https:\\\/\\\/pantip.com\\\/profile\\\/9367242\",\"https:\\\/\\\/micro.blog\\\/iwellguard\",\"https:\\\/\\\/www.diggerslist.com\\\/iwellguard\\\/about\",\"https:\\\/\\\/skitterphoto.com\\\/photographers\\\/2870314\\\/iwell-guard\",\"https:\\\/\\\/iwellguard.wordpress.com\\\/2026\\\/06\\\/06\\\/iwell-guard\\\/\",\"https:\\\/\\\/hub.docker.com\\\/u\\\/iwellguard\",\"https:\\\/\\\/www.pinterest.com\\\/iwellguard\\\/\",\"https:\\\/\\\/bit.ly\\\/m\\\/iwellguard\",\"https:\\\/\\\/entre-vos-mains.alsace.eu\\\/profiles\\\/iwellguard\\\/activity\",\"https:\\\/\\\/gravatar.com\\\/reallybeded8fd34\",\"https:\\\/\\\/naijamatta.com\\\/iwellguard\",\"https:\\\/\\\/www.goodreads.com\\\/iwellguard\",\"https:\\\/\\\/profile.hatena.ne.jp\\\/iwellguard\\\/\",\"https:\\\/\\\/experiment.com\\\/users\\\/iwellguard\",\"https:\\\/\\\/wakelet.com\\\/@iWellGuard82270\",\"https:\\\/\\\/www.chordie.com\\\/forum\\\/profile.php?id=2555664\",\"https:\\\/\\\/www.instapaper.com\\\/p\\\/17757966\",\"https:\\\/\\\/www.mapleprimes.com\\\/users\\\/iwellguard\",\"https:\\\/\\\/businesslistingplus.com\\\/profile\\\/iwell-guard\\\/\",\"https:\\\/\\\/telegra.ph\\\/iWell-Guard-06-06\",\"https:\\\/\\\/pbase.com\\\/iwellguard\\\/iwellguard\",\"https:\\\/\\\/b.hatena.ne.jp\\\/iwellguard\\\/20260607#bookmark-4788405196491818882\",\"https:\\\/\\\/fliphtml5.com\\\/home\\\/iwellguard\",\"https:\\\/\\\/anyflip.com\\\/homepage\\\/cmiwl#About\",\"https:\\\/\\\/transfur.com\\\/Users\\\/iwellguard\",\"http:\\\/\\\/delphi.larsbo.org\\\/user\\\/iwellguard\",\"https:\\\/\\\/jobs.lajobsportal.org\\\/profiles\\\/8380803-iwell-guard\",\"https:\\\/\\\/md.chaosdorf.de\\\/s\\\/jfbe5SBdJD\",\"https:\\\/\\\/www.lingvolive.com\\\/en-us\\\/profile\\\/9ecaeaca-ce11-4e51-9e71-01d55e2bff36\\\/translations\",\"https:\\\/\\\/www.fitday.com\\\/fitness\\\/forums\\\/members\\\/iwellguard.html\",\"https:\\\/\\\/www.mymeetbook.com\\\/iwellguard\",\"https:\\\/\\\/pxhere.com\\\/en\\\/photographer-me\\\/5040798\",\"https:\\\/\\\/disqus.com\\\/by\\\/iwellguard\\\/about\\\/\",\"https:\\\/\\\/pastelink.net\\\/hjwciqwq\",\"https:\\\/\\\/pubhtml5.com\\\/homepage\\\/scjhn\\\/\",\"https:\\\/\\\/www.bitchute.com\\\/channel\\\/2O2eOKzNqujT\",\"https:\\\/\\\/audiomack.com\\\/iwellguard\"]},{\"@type\":\"Article\",\"@id\":\"https:\\\/\\\/iwell-guard.com\\\/ca\\\/melqart-deu-ciutat-de-tir\\\/#article\",\"isPartOf\":{\"@id\":\"https:\\\/\\\/iwell-guard.com\\\/ca\\\/melqart-deu-ciutat-de-tir\\\/\"},\"author\":{\"name\":\"Ralf Ittermann\",\"@id\":\"https:\\\/\\\/iwell-guard.com\\\/ca\\\/#\\\/schema\\\/person\\\/ee2a27f1cac3406c7c6fb5820cb7349f\"},\"headline\":\"Melqart \u2013 D\u00e9u de la ciutat de Tir\",\"datePublished\":\"2026-09-05T15:41:48+00:00\",\"dateModified\":\"2026-09-05T16:05:33+00:00\",\"mainEntityOfPage\":{\"@id\":\"https:\\\/\\\/iwell-guard.com\\\/ca\\\/melqart-deu-ciutat-de-tir\\\/\"},\"publisher\":{\"@id\":\"https:\\\/\\\/iwell-guard.com\\\/ca\\\/#organization\"},\"image\":{\"@id\":\"https:\\\/\\\/iwell-guard.com\\\/ca\\\/melqart-deu-ciutat-de-tir\\\/#primaryimage\"},\"thumbnailUrl\":\"https:\\\/\\\/iwell-guard.com\\\/wp-content\\\/uploads\\\/2026\\\/05\\\/goetter_phoenizisch_melqart.webp\",\"inLanguage\":\"ca\",\"description\":\"Melqart, 'rei de la ciutat', \u00e9s el d\u00e9u fenici de la ciutat de Tir, identificat pels grecs amb H\u00e8racles. Mite, culte i contextualitzaci\u00f3.\"}]}<\/script>\n<!-- \/ Yoast SEO Premium plugin. -->","yoast_head_json":{"title":"Melqart \u2013 D\u00e9u de la ciutat de Tir, mite, culte, H\u00e8racles","description":"Melqart, 'rei de la ciutat', \u00e9s el d\u00e9u fenici de la ciutat de Tir, identificat pels grecs amb H\u00e8racles. Mite, culte i contextualitzaci\u00f3.","robots":{"index":"index","follow":"follow","max-snippet":"max-snippet:-1","max-image-preview":"max-image-preview:large","max-video-preview":"max-video-preview:-1"},"canonical":"https:\/\/iwell-guard.com\/ca\/melqart-deu-ciutat-de-tir\/","og_locale":"ca_ES","og_type":"article","og_title":"Melqart \u2013 D\u00e9u de la ciutat de Tir","og_description":"Melqart, 'rei de la ciutat', \u00e9s el d\u00e9u fenici de la ciutat de Tir, identificat pels grecs amb H\u00e8racles. Mite, culte i contextualitzaci\u00f3.","og_url":"https:\/\/iwell-guard.com\/ca\/melqart-deu-ciutat-de-tir\/","og_site_name":"iWell Guard","article_modified_time":"2026-09-05T16:05:33+00:00","og_image":[{"width":1024,"height":1536,"url":"https:\/\/iwell-guard.com\/wp-content\/uploads\/2026\/05\/goetter_phoenizisch_melqart.webp","type":"image\/webp"}],"twitter_card":"summary_large_image","schema":{"@context":"https:\/\/schema.org","@graph":[{"@type":"Article","@id":"https:\/\/iwell-guard.com\/ca\/melqart-deu-ciutat-de-tir\/#article","isPartOf":{"@id":"https:\/\/iwell-guard.com\/ca\/melqart-deu-ciutat-de-tir\/"},"author":{"name":"Ralf Ittermann","@id":"https:\/\/iwell-guard.com\/ca\/#\/schema\/person\/ee2a27f1cac3406c7c6fb5820cb7349f"},"headline":"Melqart \u2013 D\u00e9u de la ciutat de Tir","datePublished":"2026-09-05T15:41:48+00:00","dateModified":"2026-09-05T16:05:33+00:00","mainEntityOfPage":{"@id":"https:\/\/iwell-guard.com\/ca\/melqart-deu-ciutat-de-tir\/"},"publisher":{"@id":"https:\/\/iwell-guard.com\/ca\/#organization"},"image":{"@id":"https:\/\/iwell-guard.com\/ca\/melqart-deu-ciutat-de-tir\/#primaryimage"},"thumbnailUrl":"https:\/\/iwell-guard.com\/wp-content\/uploads\/2026\/05\/goetter_phoenizisch_melqart.webp","inLanguage":"ca","description":"Melqart, 'rei de la ciutat', \u00e9s el d\u00e9u fenici de la ciutat de Tir, identificat pels grecs amb H\u00e8racles. Mite, culte i contextualitzaci\u00f3."},{"@type":"WebPage","@id":"https:\/\/iwell-guard.com\/ca\/melqart-deu-ciutat-de-tir\/","url":"https:\/\/iwell-guard.com\/ca\/melqart-deu-ciutat-de-tir\/","name":"Melqart \u2013 D\u00e9u de la ciutat de Tir, mite, culte, H\u00e8racles","isPartOf":{"@id":"https:\/\/iwell-guard.com\/ca\/#website"},"primaryImageOfPage":{"@id":"https:\/\/iwell-guard.com\/ca\/melqart-deu-ciutat-de-tir\/#primaryimage"},"image":{"@id":"https:\/\/iwell-guard.com\/ca\/melqart-deu-ciutat-de-tir\/#primaryimage"},"thumbnailUrl":"https:\/\/iwell-guard.com\/wp-content\/uploads\/2026\/05\/goetter_phoenizisch_melqart.webp","datePublished":"2026-09-05T15:41:48+00:00","dateModified":"2026-09-05T16:05:33+00:00","description":"Melqart, 'rei de la ciutat', \u00e9s el d\u00e9u fenici de la ciutat de Tir, identificat pels grecs amb H\u00e8racles. Mite, culte i contextualitzaci\u00f3.","breadcrumb":{"@id":"https:\/\/iwell-guard.com\/ca\/melqart-deu-ciutat-de-tir\/#breadcrumb"},"inLanguage":"ca","potentialAction":[{"@type":"ReadAction","target":["https:\/\/iwell-guard.com\/ca\/melqart-deu-ciutat-de-tir\/"]}]},{"@type":"ImageObject","inLanguage":"ca","@id":"https:\/\/iwell-guard.com\/ca\/melqart-deu-ciutat-de-tir\/#primaryimage","url":"https:\/\/iwell-guard.com\/wp-content\/uploads\/2026\/05\/goetter_phoenizisch_melqart.webp","contentUrl":"https:\/\/iwell-guard.com\/wp-content\/uploads\/2026\/05\/goetter_phoenizisch_melqart.webp","width":1024,"height":1536,"caption":"D\u00e9us de la tradici\u00f3 fen\u00edcia."},{"@type":"BreadcrumbList","@id":"https:\/\/iwell-guard.com\/ca\/melqart-deu-ciutat-de-tir\/#breadcrumb","itemListElement":[{"@type":"ListItem","position":1,"name":"Start","item":"https:\/\/iwell-guard.com\/ca\/?page_id=171333"},{"@type":"ListItem","position":2,"name":"Melqart \u2013 D\u00e9u de la ciutat de Tir"}]},{"@type":"WebSite","@id":"https:\/\/iwell-guard.com\/ca\/#website","url":"https:\/\/iwell-guard.com\/ca\/","name":"iWell Guard","description":"Schutz vor dunklen Einfl\u00fcssen","publisher":{"@id":"https:\/\/iwell-guard.com\/ca\/#organization"},"potentialAction":[{"@type":"SearchAction","target":{"@type":"EntryPoint","urlTemplate":"https:\/\/iwell-guard.com\/ca\/?s={search_term_string}"},"query-input":{"@type":"PropertyValueSpecification","valueRequired":true,"valueName":"search_term_string"}}],"inLanguage":"ca"},{"@type":"Organization","@id":"https:\/\/iwell-guard.com\/ca\/#organization","name":"Ittermann electronic GmbH","url":"https:\/\/iwell-guard.com\/ca\/","logo":{"@type":"ImageObject","inLanguage":"ca","@id":"https:\/\/iwell-guard.com\/ca\/#\/schema\/logo\/image\/","url":"https:\/\/iwell-guard.com\/wp-content\/uploads\/2026\/05\/Ittermann-Logo-1182x237-1.png","contentUrl":"https:\/\/iwell-guard.com\/wp-content\/uploads\/2026\/05\/Ittermann-Logo-1182x237-1.png","width":1182,"height":237,"caption":"Ittermann electronic GmbH"},"image":{"@id":"https:\/\/iwell-guard.com\/ca\/#\/schema\/logo\/image\/"},"sameAs":["https:\/\/pantip.com\/profile\/9367242","https:\/\/micro.blog\/iwellguard","https:\/\/www.diggerslist.com\/iwellguard\/about","https:\/\/skitterphoto.com\/photographers\/2870314\/iwell-guard","https:\/\/iwellguard.wordpress.com\/2026\/06\/06\/iwell-guard\/","https:\/\/hub.docker.com\/u\/iwellguard","https:\/\/www.pinterest.com\/iwellguard\/","https:\/\/bit.ly\/m\/iwellguard","https:\/\/entre-vos-mains.alsace.eu\/profiles\/iwellguard\/activity","https:\/\/gravatar.com\/reallybeded8fd34","https:\/\/naijamatta.com\/iwellguard","https:\/\/www.goodreads.com\/iwellguard","https:\/\/profile.hatena.ne.jp\/iwellguard\/","https:\/\/experiment.com\/users\/iwellguard","https:\/\/wakelet.com\/@iWellGuard82270","https:\/\/www.chordie.com\/forum\/profile.php?id=2555664","https:\/\/www.instapaper.com\/p\/17757966","https:\/\/www.mapleprimes.com\/users\/iwellguard","https:\/\/businesslistingplus.com\/profile\/iwell-guard\/","https:\/\/telegra.ph\/iWell-Guard-06-06","https:\/\/pbase.com\/iwellguard\/iwellguard","https:\/\/b.hatena.ne.jp\/iwellguard\/20260607#bookmark-4788405196491818882","https:\/\/fliphtml5.com\/home\/iwellguard","https:\/\/anyflip.com\/homepage\/cmiwl#About","https:\/\/transfur.com\/Users\/iwellguard","http:\/\/delphi.larsbo.org\/user\/iwellguard","https:\/\/jobs.lajobsportal.org\/profiles\/8380803-iwell-guard","https:\/\/md.chaosdorf.de\/s\/jfbe5SBdJD","https:\/\/www.lingvolive.com\/en-us\/profile\/9ecaeaca-ce11-4e51-9e71-01d55e2bff36\/translations","https:\/\/www.fitday.com\/fitness\/forums\/members\/iwellguard.html","https:\/\/www.mymeetbook.com\/iwellguard","https:\/\/pxhere.com\/en\/photographer-me\/5040798","https:\/\/disqus.com\/by\/iwellguard\/about\/","https:\/\/pastelink.net\/hjwciqwq","https:\/\/pubhtml5.com\/homepage\/scjhn\/","https:\/\/www.bitchute.com\/channel\/2O2eOKzNqujT","https:\/\/audiomack.com\/iwellguard"]},{"@type":"Person","@id":"https:\/\/iwell-guard.com\/ca\/#\/schema\/person\/ee2a27f1cac3406c7c6fb5820cb7349f","name":"Ralf Ittermann","image":{"@type":"ImageObject","inLanguage":"ca","@id":"https:\/\/secure.gravatar.com\/avatar\/073c0153e350a5005b68eb752b445fea71f6b24a26da9449ad7e155e6b446c9d?s=96&d=mm&r=g","url":"https:\/\/secure.gravatar.com\/avatar\/073c0153e350a5005b68eb752b445fea71f6b24a26da9449ad7e155e6b446c9d?s=96&d=mm&r=g","contentUrl":"https:\/\/secure.gravatar.com\/avatar\/073c0153e350a5005b68eb752b445fea71f6b24a26da9449ad7e155e6b446c9d?s=96&d=mm&r=g","caption":"Ralf Ittermann"},"givenName":"Ralf","familyName":"Ittermann","jobTitle":"Gesch\u00e4ftsf\u00fchrer und redaktioneller Verantwortlicher","url":"https:\/\/iwell-guard.com\/ca\/author\/claude\/","description":"Ralf Ittermann ist Gesch\u00e4ftsf\u00fchrer der Ittermann electronic GmbH und redaktioneller Verantwortlicher des iWell-Guard-Lexikons. Er verbindet langj\u00e4hrige Erfahrung in der Pr\u00e4zisionsfertigung mit medialer Praxis und religionsgeschichtlicher Quellenarbeit.","worksFor":{"@type":"Organization","name":"Ittermann electronic GmbH","url":"https:\/\/ittermann.de\/","address":{"@type":"PostalAddress","streetAddress":"K\u00f6hlergasse 16-18","postalCode":"99842","addressLocality":"Ruhla","addressCountry":"DE"}},"knowsAbout":["Religionsgeschichte","Mythologie","Mediale Praxis","Energetische Diagnostik","Schutzpraxis","Volksglauben","Westliche Esoterik"]},{"@type":"Article","@id":"https:\/\/iwell-guard.com\/ca\/melqart-deu-ciutat-de-tir\/#article","isPartOf":{"@id":"https:\/\/iwell-guard.com\/ca\/melqart-deu-ciutat-de-tir\/"},"author":{"name":"Ralf Ittermann","@id":"https:\/\/iwell-guard.com\/ca\/#\/schema\/person\/ee2a27f1cac3406c7c6fb5820cb7349f"},"headline":"Melqart \u2013 D\u00e9u de la ciutat de Tir","datePublished":"2026-09-05T15:41:48+00:00","dateModified":"2026-09-05T16:05:33+00:00","mainEntityOfPage":{"@id":"https:\/\/iwell-guard.com\/ca\/melqart-deu-ciutat-de-tir\/"},"publisher":{"@id":"https:\/\/iwell-guard.com\/ca\/#organization"},"image":{"@id":"https:\/\/iwell-guard.com\/ca\/melqart-deu-ciutat-de-tir\/#primaryimage"},"thumbnailUrl":"https:\/\/iwell-guard.com\/wp-content\/uploads\/2026\/05\/goetter_phoenizisch_melqart.webp","inLanguage":"ca","description":"Melqart, 'rei de la ciutat', \u00e9s el d\u00e9u fenici de la ciutat de Tir, identificat pels grecs amb H\u00e8racles. Mite, culte i contextualitzaci\u00f3."}]}},"_links":{"self":[{"href":"https:\/\/iwell-guard.com\/ca\/wp-json\/wp\/v2\/pages\/171723","targetHints":{"allow":["GET"]}}],"collection":[{"href":"https:\/\/iwell-guard.com\/ca\/wp-json\/wp\/v2\/pages"}],"about":[{"href":"https:\/\/iwell-guard.com\/ca\/wp-json\/wp\/v2\/types\/page"}],"author":[{"embeddable":true,"href":"https:\/\/iwell-guard.com\/ca\/wp-json\/wp\/v2\/users\/3"}],"replies":[{"embeddable":true,"href":"https:\/\/iwell-guard.com\/ca\/wp-json\/wp\/v2\/comments?post=171723"}],"version-history":[{"count":0,"href":"https:\/\/iwell-guard.com\/ca\/wp-json\/wp\/v2\/pages\/171723\/revisions"}],"wp:featuredmedia":[{"embeddable":true,"href":"https:\/\/iwell-guard.com\/ca\/wp-json\/wp\/v2\/media\/2850"}],"wp:attachment":[{"href":"https:\/\/iwell-guard.com\/ca\/wp-json\/wp\/v2\/media?parent=171723"}],"wp:term":[{"taxonomy":"category","embeddable":true,"href":"https:\/\/iwell-guard.com\/ca\/wp-json\/wp\/v2\/categories?post=171723"}],"curies":[{"name":"wp","href":"https:\/\/api.w.org\/{rel}","templated":true}]}}