{"id":171721,"date":"2026-09-05T15:41:48","date_gmt":"2026-09-05T15:41:48","guid":{"rendered":"https:\/\/iwell-guard.com\/?page_id=171721"},"modified":"2026-09-05T16:05:30","modified_gmt":"2026-09-05T16:05:30","slug":"baal-hadad-deu-fenici-tempesta","status":"publish","type":"page","link":"https:\/\/iwell-guard.com\/ca\/baal-hadad-deu-fenici-tempesta\/","title":{"rendered":"Baal-Hadad \u2013 D\u00e9u fenici de la tempesta"},"content":{"rendered":"\t\t<div data-elementor-type=\"wp-page\" data-elementor-id=\"171721\" class=\"elementor elementor-171721 elementor-2624 elementor-bc-flex-widget\" data-elementor-post-type=\"page\">\n\t\t\t\t<div class=\"elementor-element elementor-element-iwgw-baalhadad-hero e-flex e-con-boxed e-con e-parent\" data-id=\"iwgw-baalhadad-hero\" data-element_type=\"container\" data-e-type=\"container\" data-settings=\"{&quot;background_background&quot;:&quot;classic&quot;}\">\n\t\t\t\t\t<div class=\"e-con-inner\">\n\t\t<div class=\"elementor-element elementor-element-iwgw-baalhadad-hl e-flex e-con-boxed e-con e-child\" data-id=\"iwgw-baalhadad-hl\" data-element_type=\"container\" data-e-type=\"container\">\n\t\t\t\t\t<div class=\"e-con-inner\">\n\t\t<div class=\"elementor-element elementor-element-iwgw-baalhadad-htxt e-con-full e-flex e-con e-child\" data-id=\"iwgw-baalhadad-htxt\" data-element_type=\"container\" data-e-type=\"container\">\n\t\t\t\t<div class=\"elementor-element elementor-element-iwgw-baalhadad-h1 elementor-widget elementor-widget-heading\" data-id=\"iwgw-baalhadad-h1\" data-element_type=\"widget\" data-e-type=\"widget\" data-widget_type=\"heading.default\">\n\t\t\t\t\t<h1 class=\"elementor-heading-title elementor-size-default\">Baal-Hadad, d\u00e9u fenici de la tempesta i d\u00e9u suprem<\/h1>\t\t\t\t<\/div>\n\t\t\t\t<div class=\"elementor-element elementor-element-iwgw-baalhadad-lead elementor-widget elementor-widget-text-editor\" data-id=\"iwgw-baalhadad-lead\" data-element_type=\"widget\" data-e-type=\"widget\" data-widget_type=\"text-editor.default\">\n\t\t\t\t\t\t\t\t\t<p>Baal-Hadad \u00e9s el d\u00e9u suprem de la tempesta de la religi\u00f3 fen\u00edcia-canaanea i heroi del cicle de Baal, procedent del corpus ugar\u00edtic. Com a d\u00e9u de la tempesta, governa els trons, la pluja i la fertilitat, i lluita contra el mar ca\u00f2tic <a href=\"https:\/\/iwell-guard.com\/ca\/?page_id=171727\">Yam<\/a> i el d\u00e9u de la mort <a href=\"https:\/\/iwell-guard.com\/ca\/?page_id=171728\">Mot<\/a>. Com a d\u00e9u de la tempesta i d\u00e9u suprem, Baal-Hadad governa els trons, la pluja i la fertilitat del m\u00f3n fenici-canaaneu.<\/p>\t\t\t\t\t\t\t\t<\/div>\n\t\t\t\t<\/div>\n\t\t<div class=\"elementor-element elementor-element-iwgw-baalhadad-pillc e-con-full e-flex e-con e-child\" data-id=\"iwgw-baalhadad-pillc\" data-element_type=\"container\" data-e-type=\"container\">\n\t\t\t\t<div class=\"elementor-element elementor-element-iwgw-baalhadad-pills elementor-widget elementor-widget-html\" data-id=\"iwgw-baalhadad-pills\" data-element_type=\"widget\" data-e-type=\"widget\" data-widget_type=\"html.default\">\n\t\t\t\t\t<div class=\"iwg-pill-row\"><span class=\"iwg-klasse-badge\" tabindex=\"0\" data-tooltip=\"D\u00e9u de la tempesta de la tradici\u00f3 fen\u00edcia.\">D\u00e9u de la tempesta<\/span><a href=\"https:\/\/iwell-guard.com\/ca\/fenicis-cartago-baal-tanit-proteccio\/\" class=\"iwg-kultur-badge\" tabindex=\"0\" data-tooltip=\"Mitologia de la tradici\u00f3 fen\u00edcia.\">Fen\u00edcia<\/a><span class=\"iwg-tradition-badge\" tabindex=\"0\" data-tooltip=\"Divinitat suprema.\">Divinitat suprema<\/span><\/div>\t\t\t\t<\/div>\n\t\t\t\t<\/div>\n\t\t<div class=\"elementor-element elementor-element-iwgw-baalhadad-tocc e-con-full e-flex e-con e-child\" data-id=\"iwgw-baalhadad-tocc\" data-element_type=\"container\" data-e-type=\"container\">\n\t\t\t\t<div class=\"elementor-element elementor-element-iwgw-baalhadad-toc elementor-toc--minimized-on-tablet elementor-widget elementor-widget-table-of-contents\" data-id=\"iwgw-baalhadad-toc\" data-element_type=\"widget\" data-e-type=\"widget\" data-settings=\"{&quot;headings_by_tags&quot;:[&quot;h2&quot;,&quot;h3&quot;],&quot;minimize_box&quot;:&quot;yes&quot;,&quot;marker_view&quot;:&quot;bullets&quot;,&quot;no_headings_message&quot;:&quot;No s&#039;ha trobat cap encap\\u00e7alament en aquesta p\\u00e0gina.&quot;,&quot;exclude_headings_by_selector&quot;:[],&quot;icon&quot;:{&quot;value&quot;:&quot;fas fa-circle&quot;,&quot;library&quot;:&quot;fa-solid&quot;,&quot;rendered_tag&quot;:&quot;&lt;svg class=\\&quot;e-font-icon-svg e-fas-circle\\&quot; viewBox=\\&quot;0 0 512 512\\&quot; xmlns=\\&quot;http:\\\/\\\/www.w3.org\\\/2000\\\/svg\\&quot;&gt;&lt;path d=\\&quot;M256 8C119 8 8 119 8 256s111 248 248 248 248-111 248-248S393 8 256 8z\\&quot;&gt;&lt;\\\/path&gt;&lt;\\\/svg&gt;&quot;},&quot;minimized_on&quot;:&quot;tablet&quot;,&quot;hierarchical_view&quot;:&quot;yes&quot;,&quot;min_height&quot;:{&quot;unit&quot;:&quot;px&quot;,&quot;size&quot;:&quot;&quot;,&quot;sizes&quot;:[]},&quot;min_height_tablet&quot;:{&quot;unit&quot;:&quot;px&quot;,&quot;size&quot;:&quot;&quot;,&quot;sizes&quot;:[]},&quot;min_height_mobile&quot;:{&quot;unit&quot;:&quot;px&quot;,&quot;size&quot;:&quot;&quot;,&quot;sizes&quot;:[]}}\" data-widget_type=\"table-of-contents.default\">\n\t\t\t\t\t\t\t\t\t<div class=\"elementor-toc__header\">\n\t\t\t\t\t\t<h2 class=\"elementor-toc__header-title\">\n\t\t\t\t\u00cdndex\t\t\t<\/h2>\n\t\t\t\t\t\t\t\t\t\t<div class=\"elementor-toc__toggle-button elementor-toc__toggle-button--expand\" role=\"button\" tabindex=\"0\" aria-controls=\"elementor-toc__iwgw-baalhadad-toc\" aria-expanded=\"true\" aria-label=\"Open table of contents\"><svg aria-hidden=\"true\" class=\"e-font-icon-svg e-fas-chevron-down\" viewBox=\"0 0 448 512\" xmlns=\"http:\/\/www.w3.org\/2000\/svg\"><path d=\"M207.029 381.476L12.686 187.132c-9.373-9.373-9.373-24.569 0-33.941l22.667-22.667c9.357-9.357 24.522-9.375 33.901-.04L224 284.505l154.745-154.021c9.379-9.335 24.544-9.317 33.901.04l22.667 22.667c9.373 9.373 9.373 24.569 0 33.941L240.971 381.476c-9.373 9.372-24.569 9.372-33.942 0z\"><\/path><\/svg><\/div>\n\t\t\t\t<div class=\"elementor-toc__toggle-button elementor-toc__toggle-button--collapse\" role=\"button\" tabindex=\"0\" aria-controls=\"elementor-toc__iwgw-baalhadad-toc\" aria-expanded=\"true\" aria-label=\"Close table of contents\"><svg aria-hidden=\"true\" class=\"e-font-icon-svg e-fas-chevron-up\" viewBox=\"0 0 448 512\" xmlns=\"http:\/\/www.w3.org\/2000\/svg\"><path d=\"M240.971 130.524l194.343 194.343c9.373 9.373 9.373 24.569 0 33.941l-22.667 22.667c-9.357 9.357-24.522 9.375-33.901.04L224 227.495 69.255 381.516c-9.379 9.335-24.544 9.317-33.901-.04l-22.667-22.667c-9.373-9.373-9.373-24.569 0-33.941L207.03 130.525c9.372-9.373 24.568-9.373 33.941-.001z\"><\/path><\/svg><\/div>\n\t\t\t\t\t<\/div>\n\t\t\t\t<div id=\"elementor-toc__iwgw-baalhadad-toc\" class=\"elementor-toc__body\">\n\t\t\t<div class=\"elementor-toc__spinner-container\">\n\t\t\t\t<svg class=\"elementor-toc__spinner eicon-animation-spin e-font-icon-svg e-eicon-loading\" aria-hidden=\"true\" viewBox=\"0 0 1000 1000\" xmlns=\"http:\/\/www.w3.org\/2000\/svg\"><path d=\"M500 975V858C696 858 858 696 858 500S696 142 500 142 142 304 142 500H25C25 237 238 25 500 25S975 237 975 500 763 975 500 975Z\"><\/path><\/svg>\t\t\t<\/div>\n\t\t<\/div>\n\t\t\t\t\t\t<\/div>\n\t\t\t\t<\/div>\n\t\t\t\t\t<\/div>\n\t\t\t\t<\/div>\n\t\t<div class=\"elementor-element elementor-element-iwgw-baalhadad-hr e-con-full e-flex e-con e-child\" data-id=\"iwgw-baalhadad-hr\" data-element_type=\"container\" data-e-type=\"container\">\n\t\t\t\t<div class=\"elementor-element elementor-element-iwgw-baalhadad-heroimg iwg-hero-image elementor-widget elementor-widget-image\" data-id=\"iwgw-baalhadad-heroimg\" data-element_type=\"widget\" data-e-type=\"widget\" data-widget_type=\"image.default\">\n\t\t\t\t\t\t\t\t\t\t\t\t\t\t\t<img fetchpriority=\"high\" decoding=\"async\" width=\"683\" height=\"1024\" src=\"https:\/\/iwell-guard.com\/wp-content\/uploads\/2026\/05\/goetter_phoenizisch_baal-hadad-683x1024.webp\" class=\"attachment-large size-large wp-image-2845\" alt=\"Baal-Hadad \u2013 D\u00e9u fenici de la tempesta\" srcset=\"https:\/\/iwell-guard.com\/wp-content\/uploads\/2026\/05\/goetter_phoenizisch_baal-hadad-683x1024.webp 683w, https:\/\/iwell-guard.com\/wp-content\/uploads\/2026\/05\/goetter_phoenizisch_baal-hadad-200x300.webp 200w, https:\/\/iwell-guard.com\/wp-content\/uploads\/2026\/05\/goetter_phoenizisch_baal-hadad-768x1152.webp 768w, https:\/\/iwell-guard.com\/wp-content\/uploads\/2026\/05\/goetter_phoenizisch_baal-hadad.webp 1024w\" sizes=\"(max-width: 683px) 100vw, 683px\" \/>\t\t\t\t\t\t\t\t\t\t\t\t\t\t\t<\/div>\n\t\t\t\t<\/div>\n\t\t\t\t\t<\/div>\n\t\t\t\t<\/div>\n\t\t\t\t<section class=\"elementor-section elementor-top-section elementor-element elementor-element-sec-iwgcomp2-baal-hadad elementor-section-boxed elementor-section-height-default elementor-section-height-default\" data-id=\"sec-iwgcomp2-baal-hadad\" data-element_type=\"section\" data-e-type=\"section\">\n\t\t\t\t\t\t<div class=\"elementor-container elementor-column-gap-default\">\n\t\t\t\t\t<div class=\"elementor-column elementor-col-100 elementor-top-column elementor-element elementor-element-col-iwgcomp2-baal-hadad\" data-id=\"col-iwgcomp2-baal-hadad\" data-element_type=\"column\" data-e-type=\"column\">\n\t\t\t<div class=\"elementor-widget-wrap elementor-element-populated\">\n\t\t\t\t\t\t<div class=\"elementor-element elementor-element-iwgcomp2-baal-hadad elementor-widget elementor-widget-text-editor\" data-id=\"iwgcomp2-baal-hadad\" data-element_type=\"widget\" data-e-type=\"widget\" data-widget_type=\"text-editor.default\">\n\t\t\t\t\t\t\t\t\t<p>El <strong><span class=\"iwg-fachbegriff\" data-tooltip=\"El conjunt d'actes de veneraci\u00f3 religiosa cap a una divinitat o figura sagrada.\" tabindex=\"0\">culte<\/span><\/strong> a Baal-Hadad inclou <span class=\"iwg-fachbegriff\" data-tooltip=\"Una construcci\u00f3 destinada a la veneraci\u00f3 d'una o m\u00e9s divinitats.\" tabindex=\"0\">temples<\/span> al Llevant i a Mesopot\u00e0mia.<\/p>\t\t\t\t\t\t\t\t<\/div>\n\t\t\t\t\t<\/div>\n\t\t<\/div>\n\t\t\t\t\t<\/div>\n\t\t<\/section>\n\t\t<div class=\"elementor-element elementor-element-iwgw-baalhadad-s0 e-flex e-con-boxed e-con e-parent\" data-id=\"iwgw-baalhadad-s0\" data-element_type=\"container\" data-e-type=\"container\">\n\t\t\t\t\t<div class=\"e-con-inner\">\n\t\t\t\t<div class=\"elementor-element elementor-element-iwgw-baalhadad-s0h elementor-widget elementor-widget-heading\" data-id=\"iwgw-baalhadad-s0h\" data-element_type=\"widget\" data-e-type=\"widget\" data-widget_type=\"heading.default\">\n\t\t\t\t\t<h2 class=\"elementor-heading-title elementor-size-default\">Classificaci\u00f3 i perfil breu<\/h2>\t\t\t\t<\/div>\n\t\t<div class=\"elementor-element elementor-element-iwgw-baalhadad-s0c e-con-full e-flex e-con e-child\" data-id=\"iwgw-baalhadad-s0c\" data-element_type=\"container\" data-e-type=\"container\">\n\t\t\t\t<div class=\"elementor-element elementor-element-iwgw-baalhadad-s0t elementor-widget elementor-widget-text-editor\" data-id=\"iwgw-baalhadad-s0t\" data-element_type=\"widget\" data-e-type=\"widget\" data-widget_type=\"text-editor.default\">\n\t\t\t\t\t\t\t\t\t<p>Baal-Hadad \u00e9s el d\u00e9u suprem de la tempesta del pante\u00f3 fenici i s&#8217;inscriu en la tradici\u00f3 del d\u00e9u de la tempesta nord-oest-sem\u00edtic Hadad, documentat des de l&#8217;\u00e8poca siriaca antiga (III mil\u00b7lenni a.C.) a Alep, Mari, Ebla i Ugarit.<\/p><p>Sabatino Moscati va mostrar a <em>Die Ph\u00f6niker<\/em> (1965, trad. al. 1966) que Baal-Hadad constitueix el centre de la religi\u00f3 superior fen\u00edcia. Dins de la <a href=\"https:\/\/iwell-guard.com\/ca\/fenicis-cartago-baal-tanit-proteccio\/\">tradici\u00f3 fen\u00edcia<\/a>, \u00e9s de bon tros la <span class=\"iwg-fachbegriff\" data-tooltip=\"Un \u00e9sser venerat com a div\u00ed dins d'una religi\u00f3.\" tabindex=\"0\">divinitat<\/span> masculina m\u00e9s important.<\/p><p>El nom Baal \u00e9s un apel\u00b7latiu sem\u00edtic que significa &#8216;senyor&#8217; o &#8216;propietari&#8217;; s&#8217;antepose a moltes hip\u00f2stasis locals (Baal-\u0160amem, Baal-Hammon, Baal-Saphon, Baal-Sidon). Baal-Hadad designa la forma principal amb el nom personal Hadad, que designa el tro.<\/p><p>Corinne Bonnet va exposar de manera exhaustiva la configuraci\u00f3 del <span class=\"iwg-fachbegriff\" data-tooltip=\"El conjunt de d\u00e9us d'una religi\u00f3 o cultura.\" tabindex=\"0\">pante\u00f3<\/span> fenici a <em>Les enfants de Cadmos<\/em> (2015); Mark Smith, a <em>The Origins of Biblical Monotheism<\/em> (2001), en va exposar el context hist\u00f2ric-religi\u00f3s.<\/p><p>Des del punt de vista de l&#8217;estudi de les religions, Baal-Hadad \u00e9s el d\u00e9u clau nord-oest-sem\u00edtic del tipus d\u00e9u de la tempesta durant el bronze final i l&#8217;<span class=\"iwg-fachbegriff\" data-tooltip=\"\u00c8poca prehist\u00f2rica posterior a l'edat del bronze, caracteritzada pel treball del ferro.\" tabindex=\"0\">edat del ferro<\/span>. El seu <span class=\"iwg-fachbegriff\" data-tooltip=\"Una narraci\u00f3 transmesa sobre d\u00e9us, or\u00edgens i l'ordre del m\u00f3n.\" tabindex=\"0\">mite<\/span> al cicle de Baal d&#8217;Ugarit (segle XIV a.C.) \u00e9s la composici\u00f3 mitol\u00f2gica m\u00e9s important del m\u00f3n nord-oest-sem\u00edtic. A l&#8217;<span class=\"iwg-fachbegriff\" data-tooltip=\"\u00c8poca prehist\u00f2rica posterior a l'edat del bronze, caracteritzada pel treball del ferro.\" tabindex=\"0\">edat del ferro<\/span>, la seva veneraci\u00f3 continua a les ciutats-estat fen\u00edcies de Tir, Sid\u00f3, Biblos, Arwad i les seves col\u00f2nies mediterr\u00e0nies.<\/p><p>La centralitat de Baal-Hadad tamb\u00e9 es reflecteix en el fet que les seves hip\u00f2stasis constitueixen la <span class=\"iwg-fachbegriff\" data-tooltip=\"Un \u00e9sser venerat com a div\u00ed dins d'una religi\u00f3.\" tabindex=\"0\">divinitat<\/span> m\u00e9s important en gaireb\u00e9 cada ciutat-estat fen\u00edcia.<\/p><p>A Tir hi domina <a href=\"https:\/\/iwell-guard.com\/ca\/?page_id=171723\">Melqart<\/a>, a Sid\u00f3 Eshmun i Astart\u00e9, a Biblos Baal-\u0160amem; els tres s\u00f3n, en sentit ampli, hip\u00f2stasis o fills de Baal. Aquesta &#8216;baalitzaci\u00f3&#8217; del pante\u00f3 fenici \u00e9s una de les estructures caracter\u00edstiques de la hist\u00f2ria de les religions de l&#8217;<span class=\"iwg-fachbegriff\" data-tooltip=\"\u00c8poca prehist\u00f2rica posterior a l'edat del bronze, caracteritzada pel treball del ferro.\" tabindex=\"0\">edat del ferro<\/span>.<\/p>\t\t\t\t\t\t\t\t<\/div>\n\t\t\t\t<\/div>\n\t\t\t\t\t<\/div>\n\t\t\t\t<\/div>\n\t\t<div class=\"elementor-element elementor-element-iwgw-baalhadad-s1 e-flex e-con-boxed e-con e-parent\" data-id=\"iwgw-baalhadad-s1\" data-element_type=\"container\" data-e-type=\"container\">\n\t\t\t\t\t<div class=\"e-con-inner\">\n\t\t\t\t<div class=\"elementor-element elementor-element-iwgw-baalhadad-s1h elementor-widget elementor-widget-heading\" data-id=\"iwgw-baalhadad-s1h\" data-element_type=\"widget\" data-e-type=\"widget\" data-widget_type=\"heading.default\">\n\t\t\t\t\t<h2 class=\"elementor-heading-title elementor-size-default\">Nom i etimologia<\/h2>\t\t\t\t<\/div>\n\t\t<div class=\"elementor-element elementor-element-iwgw-baalhadad-s1c e-con-full e-flex e-con e-child\" data-id=\"iwgw-baalhadad-s1c\" data-element_type=\"container\" data-e-type=\"container\">\n\t\t\t\t<div class=\"elementor-element elementor-element-iwgw-baalhadad-s1t elementor-widget elementor-widget-text-editor\" data-id=\"iwgw-baalhadad-s1t\" data-element_type=\"widget\" data-e-type=\"widget\" data-widget_type=\"text-editor.default\">\n\t\t\t\t\t\t\t\t\t<p>El nom doble Baal-Hadad est\u00e0 format per l&#8217;apel\u00b7latiu <em>ba\u02bfal<\/em> &#8216;senyor, propietari&#8217; i el nom personal <em>Haddu<\/em> o <em>Hadad<\/em>. L&#8217;arrel <em>hdd<\/em> significa &#8216;tronar&#8217; i pertany al vocabulari nord-oest-sem\u00edtic per a fen\u00f2mens meteorol\u00f2gics. Daniel Schwemer va discutir \u00e0mpliament els fonaments etimol\u00f2gics a <em>Die Wettergottgestalten Mesopotamiens und Nordsyriens<\/em> (2001).<\/p><p>Als textos ugar\u00edtics apareix com <em>b\u02bfl<\/em> (Baal) o <em>b\u02bfl hd<\/em> (Baal-Haddu); a les inscripcions fen\u00edcies de l&#8217;<span class=\"iwg-fachbegriff\" data-tooltip=\"\u00c8poca prehist\u00f2rica posterior a l'edat del bronze, caracteritzada pel treball del ferro.\" tabindex=\"0\">edat del ferro<\/span> predomina el nom simple de Baal amb una especificaci\u00f3 local en cada cas. Al material de llistes de d\u00e9us accadi s&#8217;identifica amb Adad; en hitita amb DU\/I\u0161kur, la qual cosa va facilitar la identificaci\u00f3 amb <a href=\"https:\/\/iwell-guard.com\/ca\/?page_id=171715\">Teshub<\/a>.<\/p><p>Una forma especial interessant \u00e9s Baal-Saphon, &#8216;senyor de la muntanya Saphon&#8217; (Mons Casius), la muntanya que li estava consagrada al nord d&#8217;Ugarit. Saphon \u00e9s la seva resid\u00e8ncia i correspon funcionalment a l&#8217;hurrita Hazzi o al grec Olimp. La identificaci\u00f3 Baal-Hadad = Baal-Saphon es fa expl\u00edcitament als textos ugar\u00edtics.<\/p><p>A les inscripcions jerogl\u00edfico-luvites de les ciutats-estat del nord de S\u00edria, Baal apareix com el &#8216;Tarhunza de la vinya&#8217; o el &#8216;Tarhunza de la muntanya&#8217;; la identificaci\u00f3 amb el d\u00e9u de la tempesta anatoli \u00e9s una prova de l&#8217;estreta relaci\u00f3 hist\u00f2rica del Llevant durant el bronze final.<\/p>\t\t\t\t\t\t\t\t<\/div>\n\t\t\t\t<\/div>\n\t\t\t\t\t<\/div>\n\t\t\t\t<\/div>\n\t\t<div class=\"elementor-element elementor-element-iwgw-baalhadad-s2 e-flex e-con-boxed e-con e-parent\" data-id=\"iwgw-baalhadad-s2\" data-element_type=\"container\" data-e-type=\"container\">\n\t\t\t\t\t<div class=\"e-con-inner\">\n\t\t\t\t<div class=\"elementor-element elementor-element-iwgw-baalhadad-s2h elementor-widget elementor-widget-heading\" data-id=\"iwgw-baalhadad-s2h\" data-element_type=\"widget\" data-e-type=\"widget\" data-widget_type=\"heading.default\">\n\t\t\t\t\t<h2 class=\"elementor-heading-title elementor-size-default\">Descripci\u00f3 i iconografia<\/h2>\t\t\t\t<\/div>\n\t\t<div class=\"elementor-element elementor-element-iwgw-baalhadad-s2c e-con-full e-flex e-con e-child\" data-id=\"iwgw-baalhadad-s2c\" data-element_type=\"container\" data-e-type=\"container\">\n\t\t\t\t<div class=\"elementor-element elementor-element-iwgw-baalhadad-s2t elementor-widget elementor-widget-text-editor\" data-id=\"iwgw-baalhadad-s2t\" data-element_type=\"widget\" data-e-type=\"widget\" data-widget_type=\"text-editor.default\">\n\t\t\t\t\t\t\t\t\t<p>Baal-Hadad apareix en la iconografia com un home fort i barbut, amb un faldell\u00ed curt, amb la destral de guerra al\u00e7ada o un feix de llamps en una m\u00e0, i una llan\u00e7a o un ceptre en forma d&#8217;espiga a l&#8217;altra.<\/p><p>La representaci\u00f3 m\u00e9s coneguda \u00e9s l&#8217;<span class=\"iwg-fachbegriff\" data-tooltip=\"Una placa de pedra o fusta dreta, amb inscripcions o imatges.\" tabindex=\"0\">estela<\/span> de Ras Xamra (Ugarit, segle XIII a. C.), que mostra Baal en l&#8217;esquema cl\u00e0ssic de posici\u00f3 de marxa amb la ma\u00e7a al\u00e7ada; l&#8217;<span class=\"iwg-fachbegriff\" data-tooltip=\"Una placa de pedra o fusta dreta, amb inscripcions o imatges.\" tabindex=\"0\">estela<\/span> es troba avui al Louvre.<\/p><p>El seu animal sagrat \u00e9s el toro; en molts relleus apareix dret o caminant sobre un toro o al costat d&#8217;un toro. Aquesta iconografia taurina el connecta amb Hadad i amb les antigues tradicions sirianes del d\u00e9u de la tempesta amb forma de toro. En contextos fenicis apareix ocasionalment tamb\u00e9 l&#8217;\u00e0guila com a animal acompanyant, potser per influ\u00e8ncia mesopot\u00e0mica.<\/p><p>En les monedes i esteles fen\u00edcies de l&#8217;<span class=\"iwg-fachbegriff\" data-tooltip=\"\u00c8poca prehist\u00f2rica posterior a l'edat del bronze, caracteritzada pel treball del ferro.\" tabindex=\"0\">edat del ferro<\/span> la seva iconografia \u00e9s una mica m\u00e9s variable; apareix entronitzat, caminant o com a sobir\u00e0 c\u00f2smic amb fons estelat. A les col\u00f2nies de la Mediterr\u00e0nia occidental (Cartago, Sic\u00edlia) la seva tradici\u00f3 iconogr\u00e0fica es fon amb <a href=\"https:\/\/iwell-guard.com\/ca\/?page_id=171725\">Baal-Hammon<\/a>, que desenvolupa una figura teol\u00f2gica pr\u00f2pia.<\/p><p>A les esteles cartagineses del <span class=\"iwg-fachbegriff\" data-tooltip=\"Un lloc sagrat dedicat al culte d'una divinitat.\" tabindex=\"0\">santuari<\/span> del tofet, Baal-Hammon apareix sovint com un d\u00e9u barbut entronitzat, amb el <span class=\"iwg-fachbegriff\" data-tooltip=\"Un signe que representa una idea o significat.\" tabindex=\"0\">s\u00edmbol<\/span> de la &#8216;m\u00e0 de Tanit&#8217; a sobre, una f\u00f3rmula iconogr\u00e0fica de la <span class=\"iwg-fachbegriff\" data-tooltip=\"L'actitud i pr\u00e0ctica religiosa viscuda d'una persona.\" tabindex=\"0\">pietat<\/span> p\u00fanica tardana.<\/p>\t\t\t\t\t\t\t\t<\/div>\n\t\t\t\t<\/div>\n\t\t\t\t\t<\/div>\n\t\t\t\t<\/div>\n\t\t<div class=\"elementor-element elementor-element-iwgw-baalhadad-s3 e-flex e-con-boxed e-con e-parent\" data-id=\"iwgw-baalhadad-s3\" data-element_type=\"container\" data-e-type=\"container\">\n\t\t\t\t\t<div class=\"e-con-inner\">\n\t\t\t\t<div class=\"elementor-element elementor-element-iwgw-baalhadad-s3h elementor-widget elementor-widget-heading\" data-id=\"iwgw-baalhadad-s3h\" data-element_type=\"widget\" data-e-type=\"widget\" data-widget_type=\"heading.default\">\n\t\t\t\t\t<h2 class=\"elementor-heading-title elementor-size-default\">Relats mitol\u00f2gics<\/h2>\t\t\t\t<\/div>\n\t\t<div class=\"elementor-element elementor-element-iwgw-baalhadad-s3c e-con-full e-flex e-con e-child\" data-id=\"iwgw-baalhadad-s3c\" data-element_type=\"container\" data-e-type=\"container\">\n\t\t\t\t<div class=\"elementor-element elementor-element-iwgw-baalhadad-s3t elementor-widget elementor-widget-text-editor\" data-id=\"iwgw-baalhadad-s3t\" data-element_type=\"widget\" data-e-type=\"widget\" data-widget_type=\"text-editor.default\">\n\t\t\t\t\t\t\t\t\t<p>La font mitol\u00f2gica m\u00e9s important \u00e9s el cicle ugar\u00edtic de Baal (KTU 1.1, 1.6), una composici\u00f3 de sis tauletes del segle XIV a. C. que Mark Smith va editar a <em>The Ugaritic Baal Cycle<\/em> (vol. I 1994, vol. II amb Wayne Pitard 2009).<\/p><p>El cicle cont\u00e9 tres conflictes principals: Baal contra <a href=\"https:\/\/iwell-guard.com\/ca\/?page_id=171727\">Yam<\/a> (el mar), Baal com a constructor del temple i Baal contra <a href=\"https:\/\/iwell-guard.com\/ca\/?page_id=171728\">Mot<\/a> (la mort).<\/p><p>En el primer conflicte, Yam reclama la sobirania i obt\u00e9 l&#8217;aprovaci\u00f3 d&#8217;El; Baal lluita amb dues armes m\u00e0giques, forjades pel d\u00e9u ferrer Kothar-wa-Khasis, i ven\u00e7 Yam. En el segon conflicte, Baal construeix un palau al Saphon amb el perm\u00eds del d\u00e9u pare El i la mediaci\u00f3 d&#8217;Athirat.<\/p><p>En el tercer conflicte, Mot s&#8217;emporta Baal al m\u00f3n subterrani; <a href=\"https:\/\/iwell-guard.com\/ca\/?page_id=171729\">Anat<\/a>, germana i companya de Baal, mata llavors Mot i allibera Baal, que ressuscita.<\/p><p>Aquesta seq\u00fc\u00e8ncia de &#8216;vict\u00f2ria sobre el caos, <span class=\"iwg-fachbegriff\" data-tooltip=\"Una construcci\u00f3 dedicada al culte d'una o m\u00e9s divinitats.\" tabindex=\"0\">temple<\/span>, mort i resurrecci\u00f3&#8217; \u00e9s un dels esquemes mitol\u00f2gics m\u00e9s influents de la religi\u00f3 de l&#8217;antic Orient Pr\u00f2xim. El despertar de Baal a la primavera es va entendre com un senyal estacional: quan Baal viu, plou; quan mor, regna la sequera. Des del punt de vista de la hist\u00f2ria de les religions, el <span class=\"iwg-fachbegriff\" data-tooltip=\"Una narraci\u00f3 transmesa sobre d\u00e9us, or\u00edgens i l'ordre del m\u00f3n.\" tabindex=\"0\">mite<\/span> s&#8217;inscriu en una s\u00e8rie amb Tarhunna-Illuyanka, Marduk-Tiamat, Teshub-Ullikummi i el combat grec entre Zeus i Tif\u00f3.<\/p><p>Una tradici\u00f3 secund\u00e0ria important \u00e9s el <span class=\"iwg-fachbegriff\" data-tooltip=\"Una narraci\u00f3 transmesa sobre d\u00e9us, or\u00edgens i l'ordre del m\u00f3n.\" tabindex=\"0\">mite<\/span> hurrita-hitita del &#8216;Cant del mar&#8217; (CTH 346), en el qual <a href=\"https:\/\/iwell-guard.com\/ca\/?page_id=171715\">Teshub<\/a> lluita contra el mar. Els paral\u00b7lelismes amb el combat entre Baal i Yam s\u00f3n tan estrets que una connexi\u00f3 liter\u00e0ria directa \u00e9s probable. Mary Bachvarova ha resseguit detalladament els camins de transmissi\u00f3 d&#8217;aquestes narracions de combat mar\u00ed a <em>From Hittite to Homer<\/em> (2016).<\/p>\t\t\t\t\t\t\t\t<\/div>\n\t\t\t\t<\/div>\n\t\t\t\t\t<\/div>\n\t\t\t\t<\/div>\n\t\t<div class=\"elementor-element elementor-element-iwgw-baalhadad-s4 e-flex e-con-boxed e-con e-parent\" data-id=\"iwgw-baalhadad-s4\" data-element_type=\"container\" data-e-type=\"container\">\n\t\t\t\t\t<div class=\"e-con-inner\">\n\t\t\t\t<div class=\"elementor-element elementor-element-iwgw-baalhadad-s4h elementor-widget elementor-widget-heading\" data-id=\"iwgw-baalhadad-s4h\" data-element_type=\"widget\" data-e-type=\"widget\" data-widget_type=\"heading.default\">\n\t\t\t\t\t<h2 class=\"elementor-heading-title elementor-size-default\">Culte i veneraci\u00f3<\/h2>\t\t\t\t<\/div>\n\t\t<div class=\"elementor-element elementor-element-iwgw-baalhadad-s4c e-con-full e-flex e-con e-child\" data-id=\"iwgw-baalhadad-s4c\" data-element_type=\"container\" data-e-type=\"container\">\n\t\t\t\t<div class=\"elementor-element elementor-element-iwgw-baalhadad-s4t elementor-widget elementor-widget-text-editor\" data-id=\"iwgw-baalhadad-s4t\" data-element_type=\"widget\" data-e-type=\"widget\" data-widget_type=\"text-editor.default\">\n\t\t\t\t\t\t\t\t\t<p>Els principals centres de culte de Baal-Hadad eren Ugarit (<span class=\"iwg-fachbegriff\" data-tooltip=\"Un edifici dedicat a la veneraci\u00f3 d'una o m\u00e9s divinitats.\" tabindex=\"0\">temple<\/span> al tell), Tir (<span class=\"iwg-fachbegriff\" data-tooltip=\"Un edifici dedicat a la veneraci\u00f3 d'una o m\u00e9s divinitats.\" tabindex=\"0\">temple<\/span> de Baal-Saphon), Sid\u00f3, Biblos (amb Baal-\u0160amem) i la ciutat de l&#8217;interior Alep. A Tir, el <span class=\"iwg-fachbegriff\" data-tooltip=\"Un edifici dedicat a la veneraci\u00f3 d'una o m\u00e9s divinitats.\" tabindex=\"0\">temple<\/span> de Baal-\u0160amem es va vincular amb la reialesa; segons Josef, Hiram I de Tir va construir un magn\u00edfic <span class=\"iwg-fachbegriff\" data-tooltip=\"Un edifici dedicat a la veneraci\u00f3 d'una o m\u00e9s divinitats.\" tabindex=\"0\">temple<\/span> de Baal al segle X aC.<\/p><p>Sabatino Moscati va descriure, a <em>Die Ph\u00f6niker<\/em>, l&#8217;arquitectura i el ritual dels temples fenicis. Els <span class=\"iwg-fachbegriff\" data-tooltip=\"Un edifici dedicat a la veneraci\u00f3 d'una o m\u00e9s divinitats.\" tabindex=\"0\">temples<\/span> eren espais allargats amb un pati, una sala principal i un santuari interior (adyton) on hi havia la <span class=\"iwg-fachbegriff\" data-tooltip=\"Representaci\u00f3 figurativa d'una divinitat venerada al temple o santuari.\" tabindex=\"0\">imatge de culte<\/span>. Les <span class=\"iwg-fachbegriff\" data-tooltip=\"Ofrena a una divinitat per expressar gratitud, s\u00faplica o veneraci\u00f3.\" tabindex=\"0\">ofrenes<\/span> inclo\u00efen sacrificis cremats, encens i libacions; un ritual festiu important era el &#8216;despertar&#8217; anual de Baal a la primavera.<\/p><p>A l&#8217;<span class=\"iwg-fachbegriff\" data-tooltip=\"\u00c8poca prehist\u00f2rica posterior a l'edat del bronze, caracteritzada pel treball del ferro.\" tabindex=\"0\">edat del ferro<\/span>, el <span class=\"iwg-fachbegriff\" data-tooltip=\"El conjunt de pr\u00e0ctiques religioses de veneraci\u00f3 d'una divinitat o figura sagrada.\" tabindex=\"0\">culte<\/span> de Baal es va estendre amb les col\u00f2nies fen\u00edcies per tot el Mediterrani: Xipre (Kition, Salamina), Sic\u00edlia (Motya, Lilibeu), Sardenya (Tharros, Sulcis), Tun\u00edsia (Cartago, \u00datica), Espanya (Gades, Tartessos). Corinne Bonnet va documentar detalladament aquesta expansi\u00f3 mediterr\u00e0nia a <em>Melqart<\/em> (1988) i en diverses obres posteriors.<\/p><p>A Cartago, el <span class=\"iwg-fachbegriff\" data-tooltip=\"El conjunt de pr\u00e0ctiques religioses de veneraci\u00f3 d'una divinitat o figura sagrada.\" tabindex=\"0\">culte<\/span> de Baal va evolucionar cap a una tradici\u00f3 pr\u00f2pia amb <a href=\"https:\/\/iwell-guard.com\/ca\/?page_id=171725\">Baal-Hammon<\/a> i <a href=\"https:\/\/iwell-guard.com\/ca\/?page_id=171724\">Tanit<\/a> com a fam\u00edlia divina suprema. Maria Eugenia Aubet va exposar a <em>The Phoenicians and the West<\/em> (2001) la transformaci\u00f3 del culte oriental de Baal en el <span class=\"iwg-fachbegriff\" data-tooltip=\"El conjunt de d\u00e9us d'una religi\u00f3 o cultura.\" tabindex=\"0\">pante\u00f3<\/span> p\u00fanic.<\/p>\t\t\t\t\t\t\t\t<\/div>\n\t\t\t\t<\/div>\n\t\t\t\t\t<\/div>\n\t\t\t\t<\/div>\n\t\t<div class=\"elementor-element elementor-element-iwgw-baalhadad-s5 e-flex e-con-boxed e-con e-parent\" data-id=\"iwgw-baalhadad-s5\" data-element_type=\"container\" data-e-type=\"container\">\n\t\t\t\t\t<div class=\"e-con-inner\">\n\t\t\t\t<div class=\"elementor-element elementor-element-iwgw-baalhadad-s5h elementor-widget elementor-widget-heading\" data-id=\"iwgw-baalhadad-s5h\" data-element_type=\"widget\" data-e-type=\"widget\" data-widget_type=\"heading.default\">\n\t\t\t\t\t<h2 class=\"elementor-heading-title elementor-size-default\">Pr\u00e0ctica de protecci\u00f3 i elements apotropaics<\/h2>\t\t\t\t<\/div>\n\t\t<div class=\"elementor-element elementor-element-iwgw-baalhadad-s5c e-con-full e-flex e-con e-child\" data-id=\"iwgw-baalhadad-s5c\" data-element_type=\"container\" data-e-type=\"container\">\n\t\t\t\t<div class=\"elementor-element elementor-element-iwgw-baalhadad-s5t elementor-widget elementor-widget-text-editor\" data-id=\"iwgw-baalhadad-s5t\" data-element_type=\"widget\" data-e-type=\"widget\" data-widget_type=\"text-editor.default\">\n\t\t\t\t\t\t\t\t\t<p>Baal-Hadad era el d\u00e9u protector del rei, la ciutat i la fertilitat. A les inscripcions fen\u00edcies se l&#8217;invoca com a garant de juraments; els textos de tractats entre reis fenicis i governants estrangers comencen amb la seva <span class=\"iwg-fachbegriff\" data-tooltip=\"L'acte de dirigir-se, suplicant o conjurant, a una divinitat o for\u00e7a.\" tabindex=\"0\">invocaci\u00f3<\/span>. Als segells reals apareix la seva imatge o el seu nom com a f\u00f3rmula de protecci\u00f3.<\/p><p>Les pr\u00e0ctiques apotropaiques feien servir sovint el toro com a <span class=\"iwg-fachbegriff\" data-tooltip=\"Un signe que representa una idea o un significat.\" tabindex=\"0\">s\u00edmbol<\/span>; les formes de banyes de toro apareixen com a amulets i en altars. A les cases fen\u00edcies es col\u00b7locaven estatuetes de bronze de Baal, generalment amb la destral de guerra al\u00e7ada. Aquesta pr\u00e0ctica d&#8217;estatuetes del &#8216;Baal caminant&#8217; est\u00e0 ben documentada arqueol\u00f2gicament i ha sigut objecte de diversos estudis, com el de H\u00e9l\u00e8ne Sader.<\/p><p data-nosnippet=\"true\">Des d&#8217;una perspectiva cient\u00edfica, la funci\u00f3 protectora de Baal-Hadad est\u00e0 vinculada a l&#8217;ordre del regne i a la fertilitat. No garanteix principalment la curaci\u00f3 individual, sin\u00f3 el retorn de l&#8217;estaci\u00f3 de pluges, l&#8217;estabilitat de la reialesa i la vict\u00f2ria en la batalla. iWell Guard el considera una figura hist\u00f2rica i religiosa sense cap relaci\u00f3 amb promeses de curaci\u00f3 actuals.<\/p><p>En les f\u00f3rmules de jurament fen\u00edcies del primer mil\u00b7lenni aC, Baal apareix regularment com el primer garant del jurament; els tractats ad\u00ea d&#8217;Assarhaddon entre el gran rei assiri i els governants vassalls fenicis (segle VII aC) en s\u00f3n un testimoni important.<\/p>\t\t\t\t\t\t\t\t<\/div>\n\t\t\t\t<\/div>\n\t\t\t\t\t<\/div>\n\t\t\t\t<\/div>\n\t\t<div class=\"elementor-element elementor-element-iwgw-baalhadad-s6 e-flex e-con-boxed e-con e-parent\" data-id=\"iwgw-baalhadad-s6\" data-element_type=\"container\" data-e-type=\"container\">\n\t\t\t\t\t<div class=\"e-con-inner\">\n\t\t\t\t<div class=\"elementor-element elementor-element-iwgw-baalhadad-s6h elementor-widget elementor-widget-heading\" data-id=\"iwgw-baalhadad-s6h\" data-element_type=\"widget\" data-e-type=\"widget\" data-widget_type=\"heading.default\">\n\t\t\t\t\t<h2 class=\"elementor-heading-title elementor-size-default\">Paral\u00b7lelismes en altres cultures<\/h2>\t\t\t\t<\/div>\n\t\t<div class=\"elementor-element elementor-element-iwgw-baalhadad-s6c e-con-full e-flex e-con e-child\" data-id=\"iwgw-baalhadad-s6c\" data-element_type=\"container\" data-e-type=\"container\">\n\t\t\t\t<div class=\"elementor-element elementor-element-iwgw-baalhadad-s6t elementor-widget elementor-widget-text-editor\" data-id=\"iwgw-baalhadad-s6t\" data-element_type=\"widget\" data-e-type=\"widget\" data-widget_type=\"text-editor.default\">\n\t\t\t\t\t\t\t\t\t<p>Baal-Hadad est\u00e0 estretament relacionat amb el hurrita <a href=\"https:\/\/iwell-guard.com\/ca\/?page_id=171715\">Teshub<\/a>, l&#8217;hitita <a href=\"https:\/\/iwell-guard.com\/ca\/tarhunna-deu-tempesta-hitites\/\">Tarhunna<\/a>, el mesopot\u00e0mic Adad\/I\u0161kur i l&#8217;urarteu Tei\u0161eba. El seu <span class=\"iwg-fachbegriff\" data-tooltip=\"Un element tem\u00e0tic recurrent en l'art o la narrativa.\" tabindex=\"0\">motiu<\/span> del combat contra el drac t\u00e9 paral\u00b7lelismes estrets amb la vict\u00f2ria d&#8217;Indra sobre Vrtra, amb la vict\u00f2ria de Marduk sobre Tiamat i amb el combat de Zeus contra Tif\u00f3. Daniel Schwemer va tractar detalladament tots aquests paral\u00b7lelismes a la seva monografia.<\/p><p>En el material hebreu, Baal apareix com el gran adversari de Jahv\u00e8; els textos pol\u00e8mics de l&#8217;Antic Testament (especialment 1 Reis 18, Osees, Jeremies) el retraten negativament.<\/p><p>Hist\u00f2ricament, Baal-Hadad no era per als antics hebreus un d\u00e9u estranger, sin\u00f3 un d\u00e9u rival provinent de la mateixa tradici\u00f3 cananea; l&#8217;antibaalisme b\u00edblic \u00e9s la reacci\u00f3 teol\u00f2gica a una ve\u00efnatge religi\u00f3s real. Mark Smith ho va tractar \u00e0mpliament a <em>The Early History of God<\/em> (1990).<\/p><p>Amb el Zeus grec, Baal-Hadad es va identificar durant el per\u00edode hel\u00b7len\u00edstic; Baal-\u0160amem correspon a Zeus Hypsistos, i Baal-Saphon a Zeus Kasios. A Cartago, de la tradici\u00f3 de Baal en sorgeix la figura pr\u00f2pia de <a href=\"https:\/\/iwell-guard.com\/ca\/?page_id=171725\">Baal-Hammon<\/a>, amb una funci\u00f3 diferent.<\/p><p>En la tradici\u00f3 cartaginesa tardana, Baal-Hammon s&#8217;identifica amb el Saturn rom\u00e0; aquesta saturnitzaci\u00f3 del culte fenici de Baal a l&#8217;\u00e0rea nord-africana va ser estudiada detalladament per Marcel Le Glay a <em>Saturne africain<\/em> (1966) i constitueix un exemple cl\u00e0ssic de sincretisme en la hist\u00f2ria de les religions.<\/p>\t\t\t\t\t\t\t\t<\/div>\n\t\t\t\t<\/div>\n\t\t\t\t\t<\/div>\n\t\t\t\t<\/div>\n\t\t<div class=\"elementor-element elementor-element-iwgw-baalhadad-s7 e-flex e-con-boxed e-con e-parent\" data-id=\"iwgw-baalhadad-s7\" data-element_type=\"container\" data-e-type=\"container\">\n\t\t\t\t\t<div class=\"e-con-inner\">\n\t\t\t\t<div class=\"elementor-element elementor-element-iwgw-baalhadad-s7h elementor-widget elementor-widget-heading\" data-id=\"iwgw-baalhadad-s7h\" data-element_type=\"widget\" data-e-type=\"widget\" data-widget_type=\"heading.default\">\n\t\t\t\t\t<h2 class=\"elementor-heading-title elementor-size-default\">Recepci\u00f3 i investigaci\u00f3 actuals<\/h2>\t\t\t\t<\/div>\n\t\t<div class=\"elementor-element elementor-element-iwgw-baalhadad-s7c e-con-full e-flex e-con e-child\" data-id=\"iwgw-baalhadad-s7c\" data-element_type=\"container\" data-e-type=\"container\">\n\t\t\t\t<div class=\"elementor-element elementor-element-iwgw-baalhadad-s7t elementor-widget elementor-widget-text-editor\" data-id=\"iwgw-baalhadad-s7t\" data-element_type=\"widget\" data-e-type=\"widget\" data-widget_type=\"text-editor.default\">\n\t\t\t\t\t\t\t\t\t<p>La investigaci\u00f3 sobre Baal es troba avui molt desenvolupada. L&#8217;edici\u00f3 est\u00e0ndard del cicle de Baal a c\u00e0rrec de Mark Smith i Wayne Pitard \u00e9s obra de refer\u00e8ncia; la monografia de Daniel Schwemer sobre les figures de d\u00e9us de la tempesta n&#8217;\u00e9s la s\u00edntesi m\u00e9s completa. Corinne Bonnet ha exposat \u00e0mpliament en diverses obres la hist\u00f2ria de la religi\u00f3 fen\u00edcia. Sabatino Moscati i Maria Eugenia Aubet s\u00f3n autoritats pel que fa a la difusi\u00f3 mediterr\u00e0nia de la religi\u00f3 fen\u00edcia.<\/p><p>En la recepci\u00f3 popular, Baal \u00e9s conegut sobretot a trav\u00e9s de la pol\u00e8mica b\u00edblica; la paraula \u00abBaal\u00bb t\u00e9 sovint en l&#8217;\u00fas modern una connotaci\u00f3 pejorativa. Es troben representacions cient\u00edficament m\u00e9s matisades en les obres de refer\u00e8ncia esmentades i en nombrosos volums col\u00b7lectius sobre l&#8217;<span class=\"iwg-fachbegriff\" data-tooltip=\"Ci\u00e8ncia que estudia les cultures del passat a partir de les restes materials.\" tabindex=\"0\">arqueologia<\/span> fen\u00edcia.<\/p><p data-nosnippet=\"true\">Els focus actuals de la investigaci\u00f3 se centren en la diferenciaci\u00f3 de les hip\u00f2stasis de Baal (Baal-\u0160amem, Baal-Saphon, Baal-Hammon, Baal-Sidon, etc.), en l&#8217;expansi\u00f3 mediterr\u00e0nia del culte i en la q\u00fcesti\u00f3 de com el cicle de Baal s&#8217;actualitzava <span class=\"iwg-fachbegriff\" data-tooltip=\"Que pertany a una seq\u00fc\u00e8ncia d'accions religioses establerta.\" tabindex=\"0\">ritualment<\/span>. iWell Guard registra Baal-Hadad com a membre hist\u00f2ric central del <span class=\"iwg-fachbegriff\" data-tooltip=\"El conjunt dels d\u00e9us d'una religi\u00f3 o cultura.\" tabindex=\"0\">pante\u00f3<\/span>, i no com a destinatari actual de protecci\u00f3. Cap promesa de curaci\u00f3 ni cap efecte espiritual modern formen part d&#8217;aquesta presentaci\u00f3.<\/p><p>Una l\u00ednia de recerca nova i interessant fa refer\u00e8ncia a la persist\u00e8ncia iconogr\u00e0fica de Baal a l&#8217;Orient Pr\u00f2xim hel\u00b7len\u00edstic i rom\u00e0. Klaus St\u00e4hler i Andreas Kropp han estudiat en diverses publicacions les transicions entre les tradicions iconogr\u00e0fiques fen\u00edcies, hel\u00b7len\u00edstiques i romanes.<\/p>\t\t\t\t\t\t\t\t<\/div>\n\t\t\t\t<\/div>\n\t\t\t\t\t<\/div>\n\t\t\t\t<\/div>\n\t\t<div class=\"elementor-element elementor-element-iwgw-baalhadad-s8 e-flex e-con-boxed e-con e-parent\" data-id=\"iwgw-baalhadad-s8\" data-element_type=\"container\" data-e-type=\"container\">\n\t\t\t\t\t<div class=\"e-con-inner\">\n\t\t\t\t<div class=\"elementor-element elementor-element-iwgw-baalhadad-s8h elementor-widget elementor-widget-heading\" data-id=\"iwgw-baalhadad-s8h\" data-element_type=\"widget\" data-e-type=\"widget\" data-widget_type=\"heading.default\">\n\t\t\t\t\t<h2 class=\"elementor-heading-title elementor-size-default\">Bibliografia i fonts<\/h2>\t\t\t\t<\/div>\n\t\t<div class=\"elementor-element elementor-element-iwgw-baalhadad-s8c e-con-full e-flex e-con e-child\" data-id=\"iwgw-baalhadad-s8c\" data-element_type=\"container\" data-e-type=\"container\">\n\t\t\t\t<div class=\"elementor-element elementor-element-iwgw-baalhadad-s8t elementor-widget elementor-widget-text-editor\" data-id=\"iwgw-baalhadad-s8t\" data-element_type=\"widget\" data-e-type=\"widget\" data-widget_type=\"text-editor.default\">\n\t\t\t\t\t\t\t\t\t<p>La selecci\u00f3 seg\u00fcent recull les obres de refer\u00e8ncia m\u00e9s importants sobre la investigaci\u00f3 de Baal-Hadad. Reuneix edicions de textos, s\u00edntesis hist\u00f2riques i publicacions arqueol\u00f2giques. L&#8217;edici\u00f3 del cicle de Baal de Mark Smith \u00e9s la base de les fonts prim\u00e0ries; Schwemer, Bonnet i Moscati aporten la contextualitzaci\u00f3 historicoreligiosa. Qui vulgui aprofundir en el material trobar\u00e0 en Aubet i Bonnet excel\u00b7lents bibliografies sobre l&#8217;expansi\u00f3 mediterr\u00e0nia del culte.<\/p>\t\t\t\t\t\t\t\t<\/div>\n\t\t\t\t<\/div>\n\t\t\t\t\t<\/div>\n\t\t\t\t<\/div>\n\t\t<div class=\"elementor-element elementor-element-cp23eb14dd e-flex e-con-boxed e-con e-parent\" data-id=\"cp23eb14dd\" data-element_type=\"container\" data-e-type=\"container\">\n\t\t\t\t\t<div class=\"e-con-inner\">\n\t\t\t\t<div class=\"elementor-element elementor-element-cp2cd30715 elementor-widget elementor-widget-heading\" data-id=\"cp2cd30715\" data-element_type=\"widget\" data-e-type=\"widget\" data-widget_type=\"heading.default\">\n\t\t\t\t\t<h2 class=\"elementor-heading-title elementor-size-default\">El combat contra Jam en el cicle de Baal<\/h2>\t\t\t\t<\/div>\n\t\t<div class=\"elementor-element elementor-element-cp2885aeb7 e-flex e-con-boxed e-con e-child\" data-id=\"cp2885aeb7\" data-element_type=\"container\" data-e-type=\"container\">\n\t\t\t\t\t<div class=\"e-con-inner\">\n\t\t\t\t<div class=\"elementor-element elementor-element-cp23bca9d3 elementor-widget elementor-widget-text-editor\" data-id=\"cp23bca9d3\" data-element_type=\"widget\" data-e-type=\"widget\" data-widget_type=\"text-editor.default\">\n\t\t\t\t\t\t\t\t\t<p>L&#8217;episodi central del cicle ugar\u00edtic de Baal \u00e9s l&#8217;enfrontament entre Baal i Jam, el mar divinitzat. A la tauleta que en la numeraci\u00f3 KTU es coneix com a <em>1.2<\/em>, Jam exigeix davant l&#8217;assemblea dels d\u00e9us el lliurament de Baal. El vell rei dels d\u00e9us, El, procurant la pau, hi accedeix d&#8217;entrada i anomena Baal captiu de Jam. Per\u00f2 Baal s&#8217;hi nega.<\/p><p>El desllorigador arriba amb l&#8217;artes\u00e0 div\u00ed Kothar-wa-Hasis. Aquest forja dues armes prodigioses anomenades <em>Jagrusch<\/em> i <em>Ajjamur<\/em>, noms que s&#8217;interpreten com Expulsor i Foragitador.<\/p><p>Amb la primera, Baal colpeja Jam a l&#8217;espatlla; amb la segona, entre els ulls. Jam cau a terra i Baal \u00e9s proclamat sobir\u00e0. Astart\u00e9 l&#8217;impedeix d&#8217;esquarterar el ven\u00e7ut.<\/p><p>Cient\u00edficament, aquest relat pertany al tipus \u00e0mpliament dif\u00f3s del combat contra el caos, en el qual un jove d\u00e9u de la tempesta ven\u00e7 una pot\u00e8ncia aqu\u00e0tica que encarna el caos i, amb aix\u00f2, garanteix l&#8217;ordre del m\u00f3n.<\/p><p>Es troben paral\u00b7lels en el babil\u00f2nic <em>Enuma elix<\/em>, amb Marduk i Tiamat, i en el <span class=\"iwg-fachbegriff\" data-tooltip=\"Un relat transm\u00e8s sobre d\u00e9us, or\u00edgens i l'ordre del m\u00f3n.\" tabindex=\"0\">mite<\/span> hitita d&#8217;Illuianca. Hermann Gunkel ja va assenyalar el 1895 aquests paral\u00b7lels a l&#8217;Orient Antic, molt abans que es coneguessin les tauletes ugar\u00edtiques.<\/p><p>Avui es llegeixen les al\u00b7lusions b\u00edbliques a la vict\u00f2ria de Iahv\u00e8 sobre el mar, sobre Rahab i el Leviatan, precisament en el context d&#8217;aquesta tradici\u00f3 nord-oest-sem\u00edtica. El <span class=\"iwg-fachbegriff\" data-tooltip=\"Un relat transm\u00e8s sobre d\u00e9us, or\u00edgens i l'ordre del m\u00f3n.\" tabindex=\"0\">mite<\/span> de Baal i Jam \u00e9s, doncs, un text clau per entendre la ideologia reial del Pr\u00f2xim Orient antic.<\/p>\t\t\t\t\t\t\t\t<\/div>\n\t\t\t\t\t<\/div>\n\t\t\t\t<\/div>\n\t\t\t\t\t<\/div>\n\t\t\t\t<\/div>\n\t\t<div class=\"elementor-element elementor-element-cp274a5cdf e-flex e-con-boxed e-con e-parent\" data-id=\"cp274a5cdf\" data-element_type=\"container\" data-e-type=\"container\">\n\t\t\t\t\t<div class=\"e-con-inner\">\n\t\t\t\t<div class=\"elementor-element elementor-element-cp2566e22a elementor-widget elementor-widget-heading\" data-id=\"cp2566e22a\" data-element_type=\"widget\" data-e-type=\"widget\" data-widget_type=\"heading.default\">\n\t\t\t\t\t<h2 class=\"elementor-heading-title elementor-size-default\">La mort de Baal, l'infram\u00f3n i el retorn<\/h2>\t\t\t\t<\/div>\n\t\t<div class=\"elementor-element elementor-element-cp21a7bae2 e-flex e-con-boxed e-con e-child\" data-id=\"cp21a7bae2\" data-element_type=\"container\" data-e-type=\"container\">\n\t\t\t\t\t<div class=\"e-con-inner\">\n\t\t\t\t<div class=\"elementor-element elementor-element-cp248db3f1 elementor-widget elementor-widget-text-editor\" data-id=\"cp248db3f1\" data-element_type=\"widget\" data-e-type=\"widget\" data-widget_type=\"text-editor.default\">\n\t\t\t\t\t\t\t\t\t<p>El segon gran arc narratiu del cicle de Baal condueix el d\u00e9u de la tempesta a la mort. Mot, el d\u00e9u de la sequera, de la mort i de l&#8217;infram\u00f3n, convida Baal al seu regne.<\/p><p>Baal accepta la invitaci\u00f3, i les tauletes relaten que baixa a la gola de Mot com un mos que s&#8217;engoleix. La not\u00edcia de la seva mort arriba a El, que baixa del tron, es vesteix de dol, es fa talls a la pell i es lamenta per Baal.<\/p><p>Segueix la cerca de la seva germana <a href=\"https:\/\/iwell-guard.com\/ca\/?page_id=171729\">Anat<\/a>, que recupera el cos de Baal i, amb l&#8217;ajut de la deessa del sol Shapash, el sepulta. Durant un temps governa un sobir\u00e0 substitut, per\u00f2 la terra s&#8217;asseca.<\/p><p>Finalment Baal apareix viu a El en somnis, i els camps tornen a vessar de mel. En un darrer enfrontament, Baal i Mot lluiten com b\u00e8sties salvatges fins que Shapash media i Mot cedeix.<\/p><p>La investigaci\u00f3 m\u00e9s antiga va llegir aquesta seq\u00fc\u00e8ncia com un pur mite estacional, com un reflex de la sequera estiuenca i de la temporada de pluges tardorenca a la costa siriana. Treballs m\u00e9s recents, com el comentari de Mark Smith i Wayne Pitard, consideren aquesta interpretaci\u00f3 massa estreta.<\/p><p>El calendari ugar\u00edtic no coneixeria una mort anual de Baal com a data ritual fixa, i el text mateix parlaria m\u00e9s b\u00e9 d&#8217;un ritme de set anys. L&#8217;episodi combinaria la legitimaci\u00f3 del poder, la fertilitat i l&#8217;experi\u00e8ncia de la sequera, sense reduir-se a un \u00fanic esquema interpretatiu. Continua sent un dels textos m\u00e9s debatuts de la hist\u00f2ria religiosa del Pr\u00f2xim Orient antic.<\/p>\t\t\t\t\t\t\t\t<\/div>\n\t\t\t\t\t<\/div>\n\t\t\t\t<\/div>\n\t\t\t\t\t<\/div>\n\t\t\t\t<\/div>\n\t\t<div class=\"elementor-element elementor-element-cp269d2191 e-flex e-con-boxed e-con e-parent\" data-id=\"cp269d2191\" data-element_type=\"container\" data-e-type=\"container\">\n\t\t\t\t\t<div class=\"e-con-inner\">\n\t\t\t\t<div class=\"elementor-element elementor-element-cp2677d35b elementor-widget elementor-widget-heading\" data-id=\"cp2677d35b\" data-element_type=\"widget\" data-e-type=\"widget\" data-widget_type=\"heading.default\">\n\t\t\t\t\t<h2 class=\"elementor-heading-title elementor-size-default\">Hadad a les cartes d'Amarna i en la tradici\u00f3 de l'\u00e8poca de Mari<\/h2>\t\t\t\t<\/div>\n\t\t<div class=\"elementor-element elementor-element-cp2998a58b e-flex e-con-boxed e-con e-child\" data-id=\"cp2998a58b\" data-element_type=\"container\" data-e-type=\"container\">\n\t\t\t\t\t<div class=\"e-con-inner\">\n\t\t\t\t<div class=\"elementor-element elementor-element-cp2af41bb3 elementor-widget elementor-widget-text-editor\" data-id=\"cp2af41bb3\" data-element_type=\"widget\" data-e-type=\"widget\" data-widget_type=\"text-editor.default\">\n\t\t\t\t\t\t\t\t\t<p>El d\u00e9u que els ugar\u00edtics anomenaven Baal portava el nom pr\u00f2piament dit d&#8217;Hadad o Haddu. Aquest nom \u00e9s molt m\u00e9s antic i est\u00e0 molt m\u00e9s est\u00e8s que les tauletes ugar\u00edtiques. Als arxius de Mari, a l&#8217;\u00c8ufrates mitj\u00e0, que daten del segle XVIII abans de la nostra era, apareix el d\u00e9u de la tempesta d&#8217;Alep, anomenat Adad, com una figura pol\u00edtica important.<\/p><p>Una carta famosa fa parlar un profeta en nom del d\u00e9u al rei Zimri-Lim i li recorda que Adad l&#8217;havia col\u00b7locat al tron del seu pare i que esperava contraprestacions per aix\u00f2.<\/p><p>A les cartes d&#8217;Amarna del segle XIV, la correspond\u00e8ncia diplom\u00e0tica dels faraons egipcis amb els pr\u00ednceps de S\u00edria i Palestina, el d\u00e9u apareix en noms de persona i en comparacions.<\/p><p>Els governants locals descriuen el terror del fara\u00f3 amb imatges preses del tro d&#8217;Hadad. Aquests testimonis mostren que Hadad va ser molt abans de l&#8217;\u00e8poca fen\u00edcia una divinitat imperial central, estretament lligada a la reialesa i al poder militar.<\/p><p>Per a la religi\u00f3 fen\u00edcia, aix\u00f2 significa que el Baal de les ciutats fen\u00edcies \u00e9s l&#8217;hereu tard\u00e0 d&#8217;una tradici\u00f3 del d\u00e9u de la tempesta que es remunta segles enrere. A Tir, <a href=\"https:\/\/iwell-guard.com\/ca\/?page_id=171723\">Melqart<\/a> es va imposar com a d\u00e9u de la ciutat, mentre que en altres llocs el t\u00edtol de Baal va romandre lligat a Hadad.<\/p><p>La denominaci\u00f3 ass\u00edria Adad i la forma aramea Hadad demostren alhora que la mateixa <span class=\"iwg-fachbegriff\" data-tooltip=\"Un \u00e9sser venerat com a div\u00ed dins d'una religi\u00f3.\" tabindex=\"0\">divinitat<\/span> era venerada m\u00e9s enll\u00e0 de fronteres ling\u00fc\u00edstiques i imperials. Les fonts de Mari i Amarna s\u00f3n indispensables per situar hist\u00f2ricament els testimonis fenicis.<\/p>\t\t\t\t\t\t\t\t<\/div>\n\t\t\t\t\t<\/div>\n\t\t\t\t<\/div>\n\t\t\t\t\t<\/div>\n\t\t\t\t<\/div>\n\t\t<div class=\"elementor-element elementor-element-cp27a103e5 e-flex e-con-boxed e-con e-parent\" data-id=\"cp27a103e5\" data-element_type=\"container\" data-e-type=\"container\">\n\t\t\t\t\t<div class=\"e-con-inner\">\n\t\t\t\t<div class=\"elementor-element elementor-element-cp2c2c9948 elementor-widget elementor-widget-heading\" data-id=\"cp2c2c9948\" data-element_type=\"widget\" data-e-type=\"widget\" data-widget_type=\"heading.default\">\n\t\t\t\t\t<h2 class=\"elementor-heading-title elementor-size-default\">L'estela del Baal au foudre i el programa iconogr\u00e0fic<\/h2>\t\t\t\t<\/div>\n\t\t<div class=\"elementor-element elementor-element-cp26b7dfef e-flex e-con-boxed e-con e-child\" data-id=\"cp26b7dfef\" data-element_type=\"container\" data-e-type=\"container\">\n\t\t\t\t\t<div class=\"e-con-inner\">\n\t\t\t\t<div class=\"elementor-element elementor-element-cp2cd9f9fb elementor-widget elementor-widget-text-editor\" data-id=\"cp2cd9f9fb\" data-element_type=\"widget\" data-e-type=\"widget\" data-widget_type=\"text-editor.default\">\n\t\t\t\t\t\t\t\t\t<p>Entre les troballes de Ras Xamra destaca una estela de pedra calc\u00e0ria coneguda en la investigaci\u00f3 com <em>Baal au foudre<\/em>, el Baal amb el llamp. Es va trobar prop del gran temple de Baal a l&#8217;acr\u00f2polis d&#8217;Ugarit i actualment es troba al Louvre.<\/p><p>L&#8217;<span class=\"iwg-fachbegriff\" data-tooltip=\"Una llosa de pedra o fusta dreta, inscrita o decorada amb imatges.\" tabindex=\"0\">estela<\/span> mostra el d\u00e9u en posici\u00f3 de pas, amb el bra\u00e7 dret al\u00e7at brandant una ma\u00e7a, mentre la m\u00e0 esquerra sost\u00e9 una llan\u00e7a amb la punta dirigida cap a terra i l&#8217;extrem superior ramificat en formes vegetals.<\/p><p>Aquest detall \u00e9s revelador. La llan\u00e7a, que \u00e9s alhora llamp i planta que brota, condensa els dos \u00e0mbits d&#8217;acci\u00f3 del d\u00e9u de la tempesta: la for\u00e7a destructora de la tempesta i la for\u00e7a vivificadora de la pluja.<\/p><p>Sota els peus del d\u00e9u, unes l\u00ednies ondulades suggereixen les muntanyes o el mar. Una petita figura humana al marge se sol interpretar com el rei d&#8217;Ugarit, que es posa sota la protecci\u00f3 de Baal.<\/p><p>El casc amb banyes que porta el d\u00e9u \u00e9s un signe de rang div\u00ed propi de l&#8217;Orient Pr\u00f2xim antic. Tota la composici\u00f3 segueix un tipus iconogr\u00e0fic est\u00e8s des de la regi\u00f3 anat\u00f2lica fins a Egipte, on apareix per exemple en representacions del d\u00e9u de la tempesta associat a Seth.<\/p><p>Marguerite Yon, en la seva monografia sobre Ugarit, ha descrit \u00e0mpliament l&#8217;<span class=\"iwg-fachbegriff\" data-tooltip=\"Una llosa de pedra o fusta dreta, inscrita o decorada amb imatges.\" tabindex=\"0\">estela<\/span> i n&#8217;ha assenyalat la import\u00e0ncia com a vincle entre el <span class=\"iwg-fachbegriff\" data-tooltip=\"Un edifici destinat a la veneraci\u00f3 d'una o diverses divinitats.\" tabindex=\"0\">temple<\/span>, la reialesa i la imatge divina. Per a la iconografia del Baal fenici \u00e9s el testimoni conservat m\u00e9s important, encara que estrictament parlant procedeix d&#8217;Ugarit i no d&#8217;una ciutat fen\u00edcia.<\/p>\t\t\t\t\t\t\t\t<\/div>\n\t\t\t\t\t<\/div>\n\t\t\t\t<\/div>\n\t\t\t\t\t<\/div>\n\t\t\t\t<\/div>\n\t\t<div class=\"elementor-element elementor-element-iwgw-baalhadad-lit e-flex e-con-boxed e-con e-parent\" data-id=\"iwgw-baalhadad-lit\" data-element_type=\"container\" data-e-type=\"container\">\n\t\t\t\t\t<div class=\"e-con-inner\">\n\t\t\t\t<div class=\"elementor-element elementor-element-iwgw-baalhadad-lith elementor-widget elementor-widget-heading\" data-id=\"iwgw-baalhadad-lith\" data-element_type=\"widget\" data-e-type=\"widget\" data-widget_type=\"heading.default\">\n\t\t\t\t\t<h2 class=\"elementor-heading-title elementor-size-default\">Bibliografia (selecci\u00f3)<\/h2>\t\t\t\t<\/div>\n\t\t<div class=\"elementor-element elementor-element-iwgw-baalhadad-litc e-con-full e-flex e-con e-child\" data-id=\"iwgw-baalhadad-litc\" data-element_type=\"container\" data-e-type=\"container\">\n\t\t\t\t<div class=\"elementor-element elementor-element-iwgw-baalhadad-litt elementor-widget elementor-widget-text-editor\" data-id=\"iwgw-baalhadad-litt\" data-element_type=\"widget\" data-e-type=\"widget\" data-widget_type=\"text-editor.default\">\n\t\t\t\t\t\t\t\t\t<div data-nosnippet=\"true\"><ul><li>Mark Smith \/ Wayne Pitard: <em>The Ugaritic Baal Cycle<\/em> (Leiden 1994\/2009)<\/li><li>Daniel Schwemer: <em>Die Wettergottgestalten Mesopotamiens und Nordsyriens<\/em> (Wiesbaden 2001)<\/li><li>Sabatino Moscati: <em>Die Ph\u00f6niker<\/em> (Stuttgart 1966)<\/li><li>Corinne Bonnet: <em>Les enfants de Cadmos<\/em> (Paris 2015)<\/li><li>Mark Smith: <em>The Early History of God<\/em> (San Francisco 1990)<\/li><li>Maria Eugenia Aubet: <em>The Phoenicians and the West<\/em> (Cambridge 2001)<\/li><\/ul><\/div>\t\t\t\t\t\t\t\t<\/div>\n\t\t\t\t<\/div>\n\t\t\t\t\t<\/div>\n\t\t\t\t<\/div>\n\t\t<div class=\"elementor-element elementor-element-iwgkw2-add-baalhadad e-flex e-con-boxed e-con e-parent\" data-id=\"iwgkw2-add-baalhadad\" data-element_type=\"container\" data-e-type=\"container\">\n\t\t\t\t\t<div class=\"e-con-inner\">\n\t\t\t\t<div class=\"elementor-element elementor-element-iwgkw2-add-baalhadad-t elementor-widget elementor-widget-text-editor\" data-id=\"iwgkw2-add-baalhadad-t\" data-element_type=\"widget\" data-e-type=\"widget\" data-widget_type=\"text-editor.default\">\n\t\t\t\t\t\t\t\t\t<p>Com a d\u00e9u suprem fenici, Baal-Hadad controla el temps atmosf\u00e8ric, \u00e9s a dir, la tempesta, la pluja i la vegetaci\u00f3; en els textos ugar\u00edtics ven\u00e7 Yam i Mot i garanteix l&#8217;ordre c\u00f2smic del pante\u00f3 fenici.<\/p>\t\t\t\t\t\t\t\t<\/div>\n\t\t\t\t\t<\/div>\n\t\t\t\t<\/div>\n\t\t<div class=\"elementor-element elementor-element-iwgw-baalhadad-kwd e-flex e-con-boxed e-con e-parent\" data-id=\"iwgw-baalhadad-kwd\" data-element_type=\"container\" data-e-type=\"container\">\n\t\t\t\t\t<div class=\"e-con-inner\">\n\t\t<div class=\"elementor-element elementor-element-iwgw-baalhadad-kwdc e-con-full e-flex e-con e-child\" data-id=\"iwgw-baalhadad-kwdc\" data-element_type=\"container\" data-e-type=\"container\">\n\t\t\t\t<div class=\"elementor-element elementor-element-iwgw-baalhadad-kwdt elementor-widget elementor-widget-text-editor\" data-id=\"iwgw-baalhadad-kwdt\" data-element_type=\"widget\" data-e-type=\"widget\" data-widget_type=\"text-editor.default\">\n\t\t\t\t\t\t\t\t\t<p><em>Termes clau relacionats: Baal-Hadad fenicis d\u00e9u de la tempesta cicle de Baal Saphon Ugarit Alep Yam Mot.<\/em><\/p>\t\t\t\t\t\t\t\t<\/div>\n\t\t\t\t<\/div>\n\t\t\t\t\t<\/div>\n\t\t\t\t<\/div>\n\t\t<div class=\"elementor-element elementor-element-iwgw-baalhadad-cc e-flex e-con-boxed e-con e-parent\" data-id=\"iwgw-baalhadad-cc\" data-element_type=\"container\" data-e-type=\"container\" id=\"iwg-cc-baal-hadad\">\n\t\t\t\t\t<div class=\"e-con-inner\">\n\t\t<div class=\"elementor-element elementor-element-iwgw-baalhadad-ccinner e-flex e-con-boxed e-con e-parent\" data-id=\"iwgw-baalhadad-ccinner\" data-element_type=\"container\" data-e-type=\"container\" data-settings=\"{&quot;background_background&quot;:&quot;classic&quot;}\">\n\t\t\t\t\t<div class=\"e-con-inner\">\n\t\t\t\t<div class=\"elementor-element elementor-element-iwgw-baalhadad-cch elementor-widget elementor-widget-heading\" data-id=\"iwgw-baalhadad-cch\" data-element_type=\"widget\" data-e-type=\"widget\" data-widget_type=\"heading.default\">\n\t\t\t\t\t<h2 class=\"elementor-heading-title elementor-size-default\">iWell Guard i tradicions de protecci\u00f3<\/h2>\t\t\t\t<\/div>\n\t\t\t\t<div class=\"elementor-element elementor-element-iwgw-baalhadad-cct elementor-widget elementor-widget-text-editor\" data-id=\"iwgw-baalhadad-cct\" data-element_type=\"widget\" data-e-type=\"widget\" data-widget_type=\"text-editor.default\">\n\t\t\t\t\t\t\t\t\t<div data-nosnippet=\"true\"><p>iWell Guard s&#8217;inspira en la tradici\u00f3 cultural i hist\u00f2rica dels objectes de protecci\u00f3 port\u00e0tils, seguint la tradici\u00f3 de <a href=\"https:\/\/iwell-guard.com\/ca\/fenicis-cartago-baal-tanit-proteccio\/\">Fenici<\/a> i de moltes altres cultures d&#8217;arreu del m\u00f3n. 41 capes, or aut\u00e8ntic, plat\u00ed, plata, fabricat a Alemanya. Dret de devoluci\u00f3 de 30 dies.<\/p><\/div>\t\t\t\t\t\t\t\t<\/div>\n\t\t\t\t<div class=\"elementor-element elementor-element-iwgw-baalhadad-ccb iwg-cc-button iwg-cc-cta-2026-05-13 elementor-widget elementor-widget-jet-button\" data-id=\"iwgw-baalhadad-ccb\" data-element_type=\"widget\" data-e-type=\"widget\" data-widget_type=\"jet-button.default\">\n\t\t\t\t<div class=\"elementor-widget-container\">\n\t\t\t\t\t<div class=\"elementor-jet-button jet-elements\"><div class=\"jet-button__container\"><a class=\"jet-button__instance jet-button__instance--icon-left hover-effect-1\" href=\"\/ueber-iwell-guard\/?utm_source=iwell-guard.com&amp;utm_medium=info-box&amp;utm_campaign=wesen-tradition\"><div class=\"jet-button__plane jet-button__plane-normal\"><\/div><div class=\"jet-button__plane jet-button__plane-hover\"><\/div><div class=\"jet-button__state jet-button__state-normal\"><span class=\"jet-button__label\">M\u00e9s informaci\u00f3 sobre l'iWell Guard<\/span><\/div><div class=\"jet-button__state jet-button__state-hover\"><span class=\"jet-button__label\">M\u00e9s informaci\u00f3 sobre l'iWell Guard<\/span><\/div><\/a><\/div><\/div><style>.elementor-element.elementor-element-iwgw-baalhadad-ccb .jet-button__instance{width:320px;height:56px;}.elementor-element.elementor-element-iwgw-baalhadad-ccb .jet-button__state-normal .jet-button__label{text-align:center;margin:0px 0px 0px 0px;color:#1a1b20;font-family:Montserrat,sans-serif;font-size:13px;font-weight:400;letter-spacing:4px;line-height:1.714em;text-transform:uppercase;}.elementor-element.elementor-element-iwgw-baalhadad-ccb .jet-button__state-hover .jet-button__label{text-align:center;margin:0px 0px 0px 0px;color:#FECC76;font-family:Montserrat,sans-serif;font-size:13px;font-weight:400;letter-spacing:4px;line-height:1.714em;text-transform:uppercase;}.elementor-element.elementor-element-iwgw-baalhadad-ccb .jet-button__plane-normal{background-color:#FECC76;border-style:solid;border-color:#C99540;border-width:2px 2px 2px 2px;}.elementor-element.elementor-element-iwgw-baalhadad-ccb .jet-button__plane-hover{background-color:rgba(0,0,0,0.55);border-style:solid;border-color:#FECC76;border-width:2px 2px 2px 2px;}<\/style>\t\t\t\t<\/div>\n\t\t\t\t<\/div>\n\t\t\t\t<div class=\"elementor-element elementor-element-iwgw-baalhadad-ccd elementor-widget elementor-widget-text-editor\" data-id=\"iwgw-baalhadad-ccd\" data-element_type=\"widget\" data-e-type=\"widget\" data-widget_type=\"text-editor.default\">\n\t\t\t\t\t\t\t\t\t<div data-nosnippet=\"true\"><p style=\"text-align:center;font-size:13px;opacity:0.7;margin-top:14px\" data-nosnippet=\"true\">Les experi\u00e8ncies personals poden variar. No \u00e9s un producte sanitari. No \u00e9s una promesa de curaci\u00f3.<\/p><\/div>\t\t\t\t\t\t\t\t<\/div>\n\t\t\t\t\t<\/div>\n\t\t\t\t<\/div>\n\t\t\t\t\t<\/div>\n\t\t\t\t<\/div>\n\t\t<div class=\"elementor-element elementor-element-iwgw-baalhadad-disc e-flex e-con-boxed e-con e-parent\" data-id=\"iwgw-baalhadad-disc\" data-element_type=\"container\" data-e-type=\"container\">\n\t\t\t\t\t<div class=\"e-con-inner\">\n\t\t\t\t<div class=\"elementor-element elementor-element-iwgw-baalhadad-discw elementor-widget elementor-widget-html\" data-id=\"iwgw-baalhadad-discw\" data-element_type=\"widget\" data-e-type=\"widget\" data-widget_type=\"html.default\">\n\t\t\t\t\t<footer data-nosnippet=\"true\" class=\"iwg-disclaimer-block\"><p data-nosnippet=\"true\">iWell Guard <strong>no \u00e9s un producte sanitari<\/strong> i no substitueix cap tractament m\u00e8dic o psicoterap\u00e8utic. Els continguts d'hist\u00f2ria de les religions s\u00f3n una classificaci\u00f3 culturohist\u00f2rica, no una recomanaci\u00f3 de pr\u00e0ctica espiritual.<\/p><\/footer>\t\t\t\t<\/div>\n\t\t\t\t\t<\/div>\n\t\t\t\t<\/div>\n\t\t\t\t<\/div>\n\t\t","protected":false},"excerpt":{"rendered":"","protected":false},"author":3,"featured_media":2845,"parent":0,"menu_order":0,"comment_status":"closed","ping_status":"closed","template":"elementor_header_footer","meta":{"_yoast_wpseo_focuskw":"Baal-Hadad fenicis d\u00e9u tempesta","_yoast_wpseo_title":"Baal-Hadad \u2013 D\u00e9u fenici de la tempesta, mite, culte","_yoast_wpseo_metadesc":"Baal-Hadad \u00e9s el d\u00e9u fenici-canaaneu de la tempesta i heroi del cicle de Baal. Classificaci\u00f3 des de l'estudi de les religions, amb mitologia i culte.","_yoast_wpseo_meta-robots-noindex":"","_yoast_wpseo_canonical":"","_angie_page":false,"gefaehrdungsstufe":"2","wesen_kultur":"phoenizisch","wesen_klasse":"goetter","footnotes":""},"categories":[],"class_list":["post-171721","page","type-page","status-publish","has-post-thumbnail","hentry"],"yoast_head":"<!-- This site is optimized with the Yoast SEO Premium plugin v27.7 (Yoast SEO v28.3) - https:\/\/yoast.com\/product\/yoast-seo-premium-wordpress\/ -->\n<title>Baal-Hadad \u2013 D\u00e9u fenici de la tempesta, mite, culte<\/title>\n<meta name=\"description\" content=\"Baal-Hadad \u00e9s el d\u00e9u fenici-canaaneu de la tempesta i heroi del cicle de Baal. Classificaci\u00f3 des de l&#039;estudi de les religions, amb mitologia i culte.\" \/>\n<meta name=\"robots\" content=\"index, follow, max-snippet:-1, max-image-preview:large, max-video-preview:-1\" \/>\n<link rel=\"canonical\" href=\"https:\/\/iwell-guard.com\/ca\/baal-hadad-deu-fenici-tempesta\/\" \/>\n<meta property=\"og:locale\" content=\"ca_ES\" \/>\n<meta property=\"og:type\" content=\"article\" \/>\n<meta property=\"og:title\" content=\"Baal-Hadad \u2013 D\u00e9u fenici de la tempesta\" \/>\n<meta property=\"og:description\" content=\"Baal-Hadad \u00e9s el d\u00e9u fenici-canaaneu de la tempesta i heroi del cicle de Baal. Classificaci\u00f3 des de l&#039;estudi de les religions, amb mitologia i culte.\" \/>\n<meta property=\"og:url\" content=\"https:\/\/iwell-guard.com\/ca\/baal-hadad-deu-fenici-tempesta\/\" \/>\n<meta property=\"og:site_name\" content=\"iWell Guard\" \/>\n<meta property=\"article:modified_time\" content=\"2026-09-05T16:05:30+00:00\" \/>\n<meta property=\"og:image\" content=\"https:\/\/iwell-guard.com\/wp-content\/uploads\/2026\/05\/goetter_phoenizisch_baal-hadad.webp\" \/>\n\t<meta property=\"og:image:width\" content=\"1024\" \/>\n\t<meta property=\"og:image:height\" content=\"1536\" \/>\n\t<meta property=\"og:image:type\" content=\"image\/webp\" \/>\n<meta name=\"twitter:card\" content=\"summary_large_image\" \/>\n<script type=\"application\/ld+json\" class=\"yoast-schema-graph\">{\"@context\":\"https:\\\/\\\/schema.org\",\"@graph\":[{\"@type\":\"WebPage\",\"@id\":\"https:\\\/\\\/iwell-guard.com\\\/ca\\\/baal-hadad-deu-fenici-tempesta\\\/\",\"url\":\"https:\\\/\\\/iwell-guard.com\\\/ca\\\/baal-hadad-deu-fenici-tempesta\\\/\",\"name\":\"Baal-Hadad \u2013 D\u00e9u fenici de la tempesta, mite, culte\",\"isPartOf\":{\"@id\":\"https:\\\/\\\/iwell-guard.com\\\/ca\\\/#website\"},\"primaryImageOfPage\":{\"@id\":\"https:\\\/\\\/iwell-guard.com\\\/ca\\\/baal-hadad-deu-fenici-tempesta\\\/#primaryimage\"},\"image\":{\"@id\":\"https:\\\/\\\/iwell-guard.com\\\/ca\\\/baal-hadad-deu-fenici-tempesta\\\/#primaryimage\"},\"thumbnailUrl\":\"https:\\\/\\\/iwell-guard.com\\\/wp-content\\\/uploads\\\/2026\\\/05\\\/goetter_phoenizisch_baal-hadad.webp\",\"datePublished\":\"2026-09-05T15:41:48+00:00\",\"dateModified\":\"2026-09-05T16:05:30+00:00\",\"description\":\"Baal-Hadad \u00e9s el d\u00e9u fenici-canaaneu de la tempesta i heroi del cicle de Baal. Classificaci\u00f3 des de l'estudi de les religions, amb mitologia i culte.\",\"breadcrumb\":{\"@id\":\"https:\\\/\\\/iwell-guard.com\\\/ca\\\/baal-hadad-deu-fenici-tempesta\\\/#breadcrumb\"},\"inLanguage\":\"ca\",\"potentialAction\":[{\"@type\":\"ReadAction\",\"target\":[\"https:\\\/\\\/iwell-guard.com\\\/ca\\\/baal-hadad-deu-fenici-tempesta\\\/\"]}]},{\"@type\":\"ImageObject\",\"inLanguage\":\"ca\",\"@id\":\"https:\\\/\\\/iwell-guard.com\\\/ca\\\/baal-hadad-deu-fenici-tempesta\\\/#primaryimage\",\"url\":\"https:\\\/\\\/iwell-guard.com\\\/wp-content\\\/uploads\\\/2026\\\/05\\\/goetter_phoenizisch_baal-hadad.webp\",\"contentUrl\":\"https:\\\/\\\/iwell-guard.com\\\/wp-content\\\/uploads\\\/2026\\\/05\\\/goetter_phoenizisch_baal-hadad.webp\",\"width\":1024,\"height\":1536,\"caption\":\"D\u00e9us de la tradici\u00f3 fen\u00edcia.\"},{\"@type\":\"BreadcrumbList\",\"@id\":\"https:\\\/\\\/iwell-guard.com\\\/ca\\\/baal-hadad-deu-fenici-tempesta\\\/#breadcrumb\",\"itemListElement\":[{\"@type\":\"ListItem\",\"position\":1,\"name\":\"Start\",\"item\":\"https:\\\/\\\/iwell-guard.com\\\/ca\\\/?page_id=171333\"},{\"@type\":\"ListItem\",\"position\":2,\"name\":\"Baal-Hadad \u2013 D\u00e9u fenici de la tempesta\"}]},{\"@type\":\"WebSite\",\"@id\":\"https:\\\/\\\/iwell-guard.com\\\/ca\\\/#website\",\"url\":\"https:\\\/\\\/iwell-guard.com\\\/ca\\\/\",\"name\":\"iWell Guard\",\"description\":\"Schutz vor dunklen Einfl\u00fcssen\",\"publisher\":{\"@id\":\"https:\\\/\\\/iwell-guard.com\\\/ca\\\/#organization\"},\"potentialAction\":[{\"@type\":\"SearchAction\",\"target\":{\"@type\":\"EntryPoint\",\"urlTemplate\":\"https:\\\/\\\/iwell-guard.com\\\/ca\\\/?s={search_term_string}\"},\"query-input\":{\"@type\":\"PropertyValueSpecification\",\"valueRequired\":true,\"valueName\":\"search_term_string\"}}],\"inLanguage\":\"ca\"},{\"@type\":\"Organization\",\"@id\":\"https:\\\/\\\/iwell-guard.com\\\/ca\\\/#organization\",\"name\":\"Ittermann electronic GmbH\",\"url\":\"https:\\\/\\\/iwell-guard.com\\\/ca\\\/\",\"logo\":{\"@type\":\"ImageObject\",\"inLanguage\":\"ca\",\"@id\":\"https:\\\/\\\/iwell-guard.com\\\/ca\\\/#\\\/schema\\\/logo\\\/image\\\/\",\"url\":\"https:\\\/\\\/iwell-guard.com\\\/wp-content\\\/uploads\\\/2026\\\/05\\\/Ittermann-Logo-1182x237-1.png\",\"contentUrl\":\"https:\\\/\\\/iwell-guard.com\\\/wp-content\\\/uploads\\\/2026\\\/05\\\/Ittermann-Logo-1182x237-1.png\",\"width\":1182,\"height\":237,\"caption\":\"Ittermann electronic GmbH\"},\"image\":{\"@id\":\"https:\\\/\\\/iwell-guard.com\\\/ca\\\/#\\\/schema\\\/logo\\\/image\\\/\"},\"sameAs\":[\"https:\\\/\\\/pantip.com\\\/profile\\\/9367242\",\"https:\\\/\\\/micro.blog\\\/iwellguard\",\"https:\\\/\\\/www.diggerslist.com\\\/iwellguard\\\/about\",\"https:\\\/\\\/skitterphoto.com\\\/photographers\\\/2870314\\\/iwell-guard\",\"https:\\\/\\\/iwellguard.wordpress.com\\\/2026\\\/06\\\/06\\\/iwell-guard\\\/\",\"https:\\\/\\\/hub.docker.com\\\/u\\\/iwellguard\",\"https:\\\/\\\/www.pinterest.com\\\/iwellguard\\\/\",\"https:\\\/\\\/bit.ly\\\/m\\\/iwellguard\",\"https:\\\/\\\/entre-vos-mains.alsace.eu\\\/profiles\\\/iwellguard\\\/activity\",\"https:\\\/\\\/gravatar.com\\\/reallybeded8fd34\",\"https:\\\/\\\/naijamatta.com\\\/iwellguard\",\"https:\\\/\\\/www.goodreads.com\\\/iwellguard\",\"https:\\\/\\\/profile.hatena.ne.jp\\\/iwellguard\\\/\",\"https:\\\/\\\/experiment.com\\\/users\\\/iwellguard\",\"https:\\\/\\\/wakelet.com\\\/@iWellGuard82270\",\"https:\\\/\\\/www.chordie.com\\\/forum\\\/profile.php?id=2555664\",\"https:\\\/\\\/www.instapaper.com\\\/p\\\/17757966\",\"https:\\\/\\\/www.mapleprimes.com\\\/users\\\/iwellguard\",\"https:\\\/\\\/businesslistingplus.com\\\/profile\\\/iwell-guard\\\/\",\"https:\\\/\\\/telegra.ph\\\/iWell-Guard-06-06\",\"https:\\\/\\\/pbase.com\\\/iwellguard\\\/iwellguard\",\"https:\\\/\\\/b.hatena.ne.jp\\\/iwellguard\\\/20260607#bookmark-4788405196491818882\",\"https:\\\/\\\/fliphtml5.com\\\/home\\\/iwellguard\",\"https:\\\/\\\/anyflip.com\\\/homepage\\\/cmiwl#About\",\"https:\\\/\\\/transfur.com\\\/Users\\\/iwellguard\",\"http:\\\/\\\/delphi.larsbo.org\\\/user\\\/iwellguard\",\"https:\\\/\\\/jobs.lajobsportal.org\\\/profiles\\\/8380803-iwell-guard\",\"https:\\\/\\\/md.chaosdorf.de\\\/s\\\/jfbe5SBdJD\",\"https:\\\/\\\/www.lingvolive.com\\\/en-us\\\/profile\\\/9ecaeaca-ce11-4e51-9e71-01d55e2bff36\\\/translations\",\"https:\\\/\\\/www.fitday.com\\\/fitness\\\/forums\\\/members\\\/iwellguard.html\",\"https:\\\/\\\/www.mymeetbook.com\\\/iwellguard\",\"https:\\\/\\\/pxhere.com\\\/en\\\/photographer-me\\\/5040798\",\"https:\\\/\\\/disqus.com\\\/by\\\/iwellguard\\\/about\\\/\",\"https:\\\/\\\/pastelink.net\\\/hjwciqwq\",\"https:\\\/\\\/pubhtml5.com\\\/homepage\\\/scjhn\\\/\",\"https:\\\/\\\/www.bitchute.com\\\/channel\\\/2O2eOKzNqujT\",\"https:\\\/\\\/audiomack.com\\\/iwellguard\"]},{\"@type\":\"Article\",\"@id\":\"https:\\\/\\\/iwell-guard.com\\\/ca\\\/baal-hadad-deu-fenici-tempesta\\\/#article\",\"isPartOf\":{\"@id\":\"https:\\\/\\\/iwell-guard.com\\\/ca\\\/baal-hadad-deu-fenici-tempesta\\\/\"},\"author\":{\"name\":\"Ralf Ittermann\",\"@id\":\"https:\\\/\\\/iwell-guard.com\\\/ca\\\/#\\\/schema\\\/person\\\/ee2a27f1cac3406c7c6fb5820cb7349f\"},\"headline\":\"Baal-Hadad \u2013 D\u00e9u fenici de la tempesta\",\"datePublished\":\"2026-09-05T15:41:48+00:00\",\"dateModified\":\"2026-09-05T16:05:30+00:00\",\"mainEntityOfPage\":{\"@id\":\"https:\\\/\\\/iwell-guard.com\\\/ca\\\/baal-hadad-deu-fenici-tempesta\\\/\"},\"publisher\":{\"@id\":\"https:\\\/\\\/iwell-guard.com\\\/ca\\\/#organization\"},\"image\":{\"@id\":\"https:\\\/\\\/iwell-guard.com\\\/ca\\\/baal-hadad-deu-fenici-tempesta\\\/#primaryimage\"},\"thumbnailUrl\":\"https:\\\/\\\/iwell-guard.com\\\/wp-content\\\/uploads\\\/2026\\\/05\\\/goetter_phoenizisch_baal-hadad.webp\",\"inLanguage\":\"ca\",\"description\":\"Baal-Hadad \u00e9s el d\u00e9u fenici-canaaneu de la tempesta i heroi del cicle de Baal. Classificaci\u00f3 des de l'estudi de les religions, amb mitologia i culte.\"}]}<\/script>\n<!-- \/ Yoast SEO Premium plugin. -->","yoast_head_json":{"title":"Baal-Hadad \u2013 D\u00e9u fenici de la tempesta, mite, culte","description":"Baal-Hadad \u00e9s el d\u00e9u fenici-canaaneu de la tempesta i heroi del cicle de Baal. Classificaci\u00f3 des de l'estudi de les religions, amb mitologia i culte.","robots":{"index":"index","follow":"follow","max-snippet":"max-snippet:-1","max-image-preview":"max-image-preview:large","max-video-preview":"max-video-preview:-1"},"canonical":"https:\/\/iwell-guard.com\/ca\/baal-hadad-deu-fenici-tempesta\/","og_locale":"ca_ES","og_type":"article","og_title":"Baal-Hadad \u2013 D\u00e9u fenici de la tempesta","og_description":"Baal-Hadad \u00e9s el d\u00e9u fenici-canaaneu de la tempesta i heroi del cicle de Baal. Classificaci\u00f3 des de l'estudi de les religions, amb mitologia i culte.","og_url":"https:\/\/iwell-guard.com\/ca\/baal-hadad-deu-fenici-tempesta\/","og_site_name":"iWell Guard","article_modified_time":"2026-09-05T16:05:30+00:00","og_image":[{"width":1024,"height":1536,"url":"https:\/\/iwell-guard.com\/wp-content\/uploads\/2026\/05\/goetter_phoenizisch_baal-hadad.webp","type":"image\/webp"}],"twitter_card":"summary_large_image","schema":{"@context":"https:\/\/schema.org","@graph":[{"@type":"Article","@id":"https:\/\/iwell-guard.com\/ca\/baal-hadad-deu-fenici-tempesta\/#article","isPartOf":{"@id":"https:\/\/iwell-guard.com\/ca\/baal-hadad-deu-fenici-tempesta\/"},"author":{"name":"Ralf Ittermann","@id":"https:\/\/iwell-guard.com\/ca\/#\/schema\/person\/ee2a27f1cac3406c7c6fb5820cb7349f"},"headline":"Baal-Hadad \u2013 D\u00e9u fenici de la tempesta","datePublished":"2026-09-05T15:41:48+00:00","dateModified":"2026-09-05T16:05:30+00:00","mainEntityOfPage":{"@id":"https:\/\/iwell-guard.com\/ca\/baal-hadad-deu-fenici-tempesta\/"},"publisher":{"@id":"https:\/\/iwell-guard.com\/ca\/#organization"},"image":{"@id":"https:\/\/iwell-guard.com\/ca\/baal-hadad-deu-fenici-tempesta\/#primaryimage"},"thumbnailUrl":"https:\/\/iwell-guard.com\/wp-content\/uploads\/2026\/05\/goetter_phoenizisch_baal-hadad.webp","inLanguage":"ca","description":"Baal-Hadad \u00e9s el d\u00e9u fenici-canaaneu de la tempesta i heroi del cicle de Baal. Classificaci\u00f3 des de l'estudi de les religions, amb mitologia i culte."},{"@type":"WebPage","@id":"https:\/\/iwell-guard.com\/ca\/baal-hadad-deu-fenici-tempesta\/","url":"https:\/\/iwell-guard.com\/ca\/baal-hadad-deu-fenici-tempesta\/","name":"Baal-Hadad \u2013 D\u00e9u fenici de la tempesta, mite, culte","isPartOf":{"@id":"https:\/\/iwell-guard.com\/ca\/#website"},"primaryImageOfPage":{"@id":"https:\/\/iwell-guard.com\/ca\/baal-hadad-deu-fenici-tempesta\/#primaryimage"},"image":{"@id":"https:\/\/iwell-guard.com\/ca\/baal-hadad-deu-fenici-tempesta\/#primaryimage"},"thumbnailUrl":"https:\/\/iwell-guard.com\/wp-content\/uploads\/2026\/05\/goetter_phoenizisch_baal-hadad.webp","datePublished":"2026-09-05T15:41:48+00:00","dateModified":"2026-09-05T16:05:30+00:00","description":"Baal-Hadad \u00e9s el d\u00e9u fenici-canaaneu de la tempesta i heroi del cicle de Baal. Classificaci\u00f3 des de l'estudi de les religions, amb mitologia i culte.","breadcrumb":{"@id":"https:\/\/iwell-guard.com\/ca\/baal-hadad-deu-fenici-tempesta\/#breadcrumb"},"inLanguage":"ca","potentialAction":[{"@type":"ReadAction","target":["https:\/\/iwell-guard.com\/ca\/baal-hadad-deu-fenici-tempesta\/"]}]},{"@type":"ImageObject","inLanguage":"ca","@id":"https:\/\/iwell-guard.com\/ca\/baal-hadad-deu-fenici-tempesta\/#primaryimage","url":"https:\/\/iwell-guard.com\/wp-content\/uploads\/2026\/05\/goetter_phoenizisch_baal-hadad.webp","contentUrl":"https:\/\/iwell-guard.com\/wp-content\/uploads\/2026\/05\/goetter_phoenizisch_baal-hadad.webp","width":1024,"height":1536,"caption":"D\u00e9us de la tradici\u00f3 fen\u00edcia."},{"@type":"BreadcrumbList","@id":"https:\/\/iwell-guard.com\/ca\/baal-hadad-deu-fenici-tempesta\/#breadcrumb","itemListElement":[{"@type":"ListItem","position":1,"name":"Start","item":"https:\/\/iwell-guard.com\/ca\/?page_id=171333"},{"@type":"ListItem","position":2,"name":"Baal-Hadad \u2013 D\u00e9u fenici de la tempesta"}]},{"@type":"WebSite","@id":"https:\/\/iwell-guard.com\/ca\/#website","url":"https:\/\/iwell-guard.com\/ca\/","name":"iWell Guard","description":"Schutz vor dunklen Einfl\u00fcssen","publisher":{"@id":"https:\/\/iwell-guard.com\/ca\/#organization"},"potentialAction":[{"@type":"SearchAction","target":{"@type":"EntryPoint","urlTemplate":"https:\/\/iwell-guard.com\/ca\/?s={search_term_string}"},"query-input":{"@type":"PropertyValueSpecification","valueRequired":true,"valueName":"search_term_string"}}],"inLanguage":"ca"},{"@type":"Organization","@id":"https:\/\/iwell-guard.com\/ca\/#organization","name":"Ittermann electronic GmbH","url":"https:\/\/iwell-guard.com\/ca\/","logo":{"@type":"ImageObject","inLanguage":"ca","@id":"https:\/\/iwell-guard.com\/ca\/#\/schema\/logo\/image\/","url":"https:\/\/iwell-guard.com\/wp-content\/uploads\/2026\/05\/Ittermann-Logo-1182x237-1.png","contentUrl":"https:\/\/iwell-guard.com\/wp-content\/uploads\/2026\/05\/Ittermann-Logo-1182x237-1.png","width":1182,"height":237,"caption":"Ittermann electronic GmbH"},"image":{"@id":"https:\/\/iwell-guard.com\/ca\/#\/schema\/logo\/image\/"},"sameAs":["https:\/\/pantip.com\/profile\/9367242","https:\/\/micro.blog\/iwellguard","https:\/\/www.diggerslist.com\/iwellguard\/about","https:\/\/skitterphoto.com\/photographers\/2870314\/iwell-guard","https:\/\/iwellguard.wordpress.com\/2026\/06\/06\/iwell-guard\/","https:\/\/hub.docker.com\/u\/iwellguard","https:\/\/www.pinterest.com\/iwellguard\/","https:\/\/bit.ly\/m\/iwellguard","https:\/\/entre-vos-mains.alsace.eu\/profiles\/iwellguard\/activity","https:\/\/gravatar.com\/reallybeded8fd34","https:\/\/naijamatta.com\/iwellguard","https:\/\/www.goodreads.com\/iwellguard","https:\/\/profile.hatena.ne.jp\/iwellguard\/","https:\/\/experiment.com\/users\/iwellguard","https:\/\/wakelet.com\/@iWellGuard82270","https:\/\/www.chordie.com\/forum\/profile.php?id=2555664","https:\/\/www.instapaper.com\/p\/17757966","https:\/\/www.mapleprimes.com\/users\/iwellguard","https:\/\/businesslistingplus.com\/profile\/iwell-guard\/","https:\/\/telegra.ph\/iWell-Guard-06-06","https:\/\/pbase.com\/iwellguard\/iwellguard","https:\/\/b.hatena.ne.jp\/iwellguard\/20260607#bookmark-4788405196491818882","https:\/\/fliphtml5.com\/home\/iwellguard","https:\/\/anyflip.com\/homepage\/cmiwl#About","https:\/\/transfur.com\/Users\/iwellguard","http:\/\/delphi.larsbo.org\/user\/iwellguard","https:\/\/jobs.lajobsportal.org\/profiles\/8380803-iwell-guard","https:\/\/md.chaosdorf.de\/s\/jfbe5SBdJD","https:\/\/www.lingvolive.com\/en-us\/profile\/9ecaeaca-ce11-4e51-9e71-01d55e2bff36\/translations","https:\/\/www.fitday.com\/fitness\/forums\/members\/iwellguard.html","https:\/\/www.mymeetbook.com\/iwellguard","https:\/\/pxhere.com\/en\/photographer-me\/5040798","https:\/\/disqus.com\/by\/iwellguard\/about\/","https:\/\/pastelink.net\/hjwciqwq","https:\/\/pubhtml5.com\/homepage\/scjhn\/","https:\/\/www.bitchute.com\/channel\/2O2eOKzNqujT","https:\/\/audiomack.com\/iwellguard"]},{"@type":"Person","@id":"https:\/\/iwell-guard.com\/ca\/#\/schema\/person\/ee2a27f1cac3406c7c6fb5820cb7349f","name":"Ralf Ittermann","image":{"@type":"ImageObject","inLanguage":"ca","@id":"https:\/\/secure.gravatar.com\/avatar\/073c0153e350a5005b68eb752b445fea71f6b24a26da9449ad7e155e6b446c9d?s=96&d=mm&r=g","url":"https:\/\/secure.gravatar.com\/avatar\/073c0153e350a5005b68eb752b445fea71f6b24a26da9449ad7e155e6b446c9d?s=96&d=mm&r=g","contentUrl":"https:\/\/secure.gravatar.com\/avatar\/073c0153e350a5005b68eb752b445fea71f6b24a26da9449ad7e155e6b446c9d?s=96&d=mm&r=g","caption":"Ralf Ittermann"},"givenName":"Ralf","familyName":"Ittermann","jobTitle":"Gesch\u00e4ftsf\u00fchrer und redaktioneller Verantwortlicher","url":"https:\/\/iwell-guard.com\/ca\/author\/claude\/","description":"Ralf Ittermann ist Gesch\u00e4ftsf\u00fchrer der Ittermann electronic GmbH und redaktioneller Verantwortlicher des iWell-Guard-Lexikons. Er verbindet langj\u00e4hrige Erfahrung in der Pr\u00e4zisionsfertigung mit medialer Praxis und religionsgeschichtlicher Quellenarbeit.","worksFor":{"@type":"Organization","name":"Ittermann electronic GmbH","url":"https:\/\/ittermann.de\/","address":{"@type":"PostalAddress","streetAddress":"K\u00f6hlergasse 16-18","postalCode":"99842","addressLocality":"Ruhla","addressCountry":"DE"}},"knowsAbout":["Religionsgeschichte","Mythologie","Mediale Praxis","Energetische Diagnostik","Schutzpraxis","Volksglauben","Westliche Esoterik"]},{"@type":"Article","@id":"https:\/\/iwell-guard.com\/ca\/baal-hadad-deu-fenici-tempesta\/#article","isPartOf":{"@id":"https:\/\/iwell-guard.com\/ca\/baal-hadad-deu-fenici-tempesta\/"},"author":{"name":"Ralf Ittermann","@id":"https:\/\/iwell-guard.com\/ca\/#\/schema\/person\/ee2a27f1cac3406c7c6fb5820cb7349f"},"headline":"Baal-Hadad \u2013 D\u00e9u fenici de la tempesta","datePublished":"2026-09-05T15:41:48+00:00","dateModified":"2026-09-05T16:05:30+00:00","mainEntityOfPage":{"@id":"https:\/\/iwell-guard.com\/ca\/baal-hadad-deu-fenici-tempesta\/"},"publisher":{"@id":"https:\/\/iwell-guard.com\/ca\/#organization"},"image":{"@id":"https:\/\/iwell-guard.com\/ca\/baal-hadad-deu-fenici-tempesta\/#primaryimage"},"thumbnailUrl":"https:\/\/iwell-guard.com\/wp-content\/uploads\/2026\/05\/goetter_phoenizisch_baal-hadad.webp","inLanguage":"ca","description":"Baal-Hadad \u00e9s el d\u00e9u fenici-canaaneu de la tempesta i heroi del cicle de Baal. Classificaci\u00f3 des de l'estudi de les religions, amb mitologia i culte."}]}},"_links":{"self":[{"href":"https:\/\/iwell-guard.com\/ca\/wp-json\/wp\/v2\/pages\/171721","targetHints":{"allow":["GET"]}}],"collection":[{"href":"https:\/\/iwell-guard.com\/ca\/wp-json\/wp\/v2\/pages"}],"about":[{"href":"https:\/\/iwell-guard.com\/ca\/wp-json\/wp\/v2\/types\/page"}],"author":[{"embeddable":true,"href":"https:\/\/iwell-guard.com\/ca\/wp-json\/wp\/v2\/users\/3"}],"replies":[{"embeddable":true,"href":"https:\/\/iwell-guard.com\/ca\/wp-json\/wp\/v2\/comments?post=171721"}],"version-history":[{"count":0,"href":"https:\/\/iwell-guard.com\/ca\/wp-json\/wp\/v2\/pages\/171721\/revisions"}],"wp:featuredmedia":[{"embeddable":true,"href":"https:\/\/iwell-guard.com\/ca\/wp-json\/wp\/v2\/media\/2845"}],"wp:attachment":[{"href":"https:\/\/iwell-guard.com\/ca\/wp-json\/wp\/v2\/media?parent=171721"}],"wp:term":[{"taxonomy":"category","embeddable":true,"href":"https:\/\/iwell-guard.com\/ca\/wp-json\/wp\/v2\/categories?post=171721"}],"curies":[{"name":"wp","href":"https:\/\/api.w.org\/{rel}","templated":true}]}}