{"id":171720,"date":"2026-09-05T15:41:47","date_gmt":"2026-09-05T15:41:47","guid":{"rendered":"https:\/\/iwell-guard.com\/?page_id=171720"},"modified":"2026-09-05T16:05:28","modified_gmt":"2026-09-05T16:05:28","slug":"sarruma-deu-hurrita-muntanya-protector-reial","status":"publish","type":"page","link":"https:\/\/iwell-guard.com\/ca\/sarruma-deu-hurrita-muntanya-protector-reial\/","title":{"rendered":"Sarruma \u2013 D\u00e9u hurrita de la muntanya i protector reial"},"content":{"rendered":"\t\t<div data-elementor-type=\"wp-page\" data-elementor-id=\"171720\" class=\"elementor elementor-171720 elementor-2623 elementor-bc-flex-widget\" data-elementor-post-type=\"page\">\n\t\t\t\t<div class=\"elementor-element elementor-element-iwgw-sarruma-hero e-flex e-con-boxed e-con e-parent\" data-id=\"iwgw-sarruma-hero\" data-element_type=\"container\" data-e-type=\"container\" data-settings=\"{&quot;background_background&quot;:&quot;classic&quot;}\">\n\t\t\t\t\t<div class=\"e-con-inner\">\n\t\t<div class=\"elementor-element elementor-element-iwgw-sarruma-hl e-flex e-con-boxed e-con e-child\" data-id=\"iwgw-sarruma-hl\" data-element_type=\"container\" data-e-type=\"container\">\n\t\t\t\t\t<div class=\"e-con-inner\">\n\t\t<div class=\"elementor-element elementor-element-iwgw-sarruma-htxt e-con-full e-flex e-con e-child\" data-id=\"iwgw-sarruma-htxt\" data-element_type=\"container\" data-e-type=\"container\">\n\t\t\t\t<div class=\"elementor-element elementor-element-iwgw-sarruma-h1 elementor-widget elementor-widget-heading\" data-id=\"iwgw-sarruma-h1\" data-element_type=\"widget\" data-e-type=\"widget\" data-widget_type=\"heading.default\">\n\t\t\t\t\t<h1 class=\"elementor-heading-title elementor-size-default\">Sarruma, d\u00e9u hurrita-hitita de la muntanya i protector reial<\/h1>\t\t\t\t<\/div>\n\t\t\t\t<div class=\"elementor-element elementor-element-iwgw-sarruma-lead elementor-widget elementor-widget-text-editor\" data-id=\"iwgw-sarruma-lead\" data-element_type=\"widget\" data-e-type=\"widget\" data-widget_type=\"text-editor.default\">\n\t\t\t\t\t\t\t\t\t<p>Sarruma \u00e9s un d\u00e9u hurrita de la muntanya, fill de <a href=\"https:\/\/iwell-guard.com\/ca\/?page_id=171715\">Teshub<\/a> i <a href=\"https:\/\/iwell-guard.com\/ca\/?page_id=171716\">Hebat<\/a>. Va ser el d\u00e9u protector personal del gran rei hitita Tud\u1e2baliya IV (segle XIII a. C.), que el va fer representar a Yaz\u0131l\u0131kaya en la famosa &#8216;abra\u00e7ada divina&#8217;.<\/p>\t\t\t\t\t\t\t\t<\/div>\n\t\t\t\t<\/div>\n\t\t<div class=\"elementor-element elementor-element-iwgw-sarruma-pillc e-con-full e-flex e-con e-child\" data-id=\"iwgw-sarruma-pillc\" data-element_type=\"container\" data-e-type=\"container\">\n\t\t\t\t<div class=\"elementor-element elementor-element-iwgw-sarruma-pills elementor-widget elementor-widget-html\" data-id=\"iwgw-sarruma-pills\" data-element_type=\"widget\" data-e-type=\"widget\" data-widget_type=\"html.default\">\n\t\t\t\t\t<div class=\"iwg-pill-row\"><span class=\"iwg-klasse-badge\" tabindex=\"0\" data-tooltip=\"D\u00e9u de la tradici\u00f3 hitita.\">D\u00e9u<\/span><a href=\"https:\/\/iwell-guard.com\/ca\/hitita-anatolic-tarhunna-deus-proteccio\/\" class=\"iwg-kultur-badge\" tabindex=\"0\" data-tooltip=\"Mitologia de la tradici\u00f3 hitita.\">Hitita<\/a><span class=\"iwg-tradition-badge\" tabindex=\"0\" data-tooltip=\"D\u00e9u protector.\">D\u00e9u protector<\/span><\/div>\t\t\t\t<\/div>\n\t\t\t\t<\/div>\n\t\t<div class=\"elementor-element elementor-element-iwgw-sarruma-tocc e-con-full e-flex e-con e-child\" data-id=\"iwgw-sarruma-tocc\" data-element_type=\"container\" data-e-type=\"container\">\n\t\t\t\t<div class=\"elementor-element elementor-element-iwgw-sarruma-toc elementor-toc--minimized-on-tablet elementor-widget elementor-widget-table-of-contents\" data-id=\"iwgw-sarruma-toc\" data-element_type=\"widget\" data-e-type=\"widget\" data-settings=\"{&quot;headings_by_tags&quot;:[&quot;h2&quot;,&quot;h3&quot;],&quot;minimize_box&quot;:&quot;yes&quot;,&quot;marker_view&quot;:&quot;bullets&quot;,&quot;no_headings_message&quot;:&quot;No s&#039;ha trobat cap encap\\u00e7alament en aquesta p\\u00e0gina.&quot;,&quot;exclude_headings_by_selector&quot;:[],&quot;icon&quot;:{&quot;value&quot;:&quot;fas fa-circle&quot;,&quot;library&quot;:&quot;fa-solid&quot;,&quot;rendered_tag&quot;:&quot;&lt;svg class=\\&quot;e-font-icon-svg e-fas-circle\\&quot; viewBox=\\&quot;0 0 512 512\\&quot; xmlns=\\&quot;http:\\\/\\\/www.w3.org\\\/2000\\\/svg\\&quot;&gt;&lt;path d=\\&quot;M256 8C119 8 8 119 8 256s111 248 248 248 248-111 248-248S393 8 256 8z\\&quot;&gt;&lt;\\\/path&gt;&lt;\\\/svg&gt;&quot;},&quot;minimized_on&quot;:&quot;tablet&quot;,&quot;hierarchical_view&quot;:&quot;yes&quot;,&quot;min_height&quot;:{&quot;unit&quot;:&quot;px&quot;,&quot;size&quot;:&quot;&quot;,&quot;sizes&quot;:[]},&quot;min_height_tablet&quot;:{&quot;unit&quot;:&quot;px&quot;,&quot;size&quot;:&quot;&quot;,&quot;sizes&quot;:[]},&quot;min_height_mobile&quot;:{&quot;unit&quot;:&quot;px&quot;,&quot;size&quot;:&quot;&quot;,&quot;sizes&quot;:[]}}\" data-widget_type=\"table-of-contents.default\">\n\t\t\t\t\t\t\t\t\t<div class=\"elementor-toc__header\">\n\t\t\t\t\t\t<h2 class=\"elementor-toc__header-title\">\n\t\t\t\t\u00cdndex\t\t\t<\/h2>\n\t\t\t\t\t\t\t\t\t\t<div class=\"elementor-toc__toggle-button elementor-toc__toggle-button--expand\" role=\"button\" tabindex=\"0\" aria-controls=\"elementor-toc__iwgw-sarruma-toc\" aria-expanded=\"true\" aria-label=\"Open table of contents\"><svg aria-hidden=\"true\" class=\"e-font-icon-svg e-fas-chevron-down\" viewBox=\"0 0 448 512\" xmlns=\"http:\/\/www.w3.org\/2000\/svg\"><path d=\"M207.029 381.476L12.686 187.132c-9.373-9.373-9.373-24.569 0-33.941l22.667-22.667c9.357-9.357 24.522-9.375 33.901-.04L224 284.505l154.745-154.021c9.379-9.335 24.544-9.317 33.901.04l22.667 22.667c9.373 9.373 9.373 24.569 0 33.941L240.971 381.476c-9.373 9.372-24.569 9.372-33.942 0z\"><\/path><\/svg><\/div>\n\t\t\t\t<div class=\"elementor-toc__toggle-button elementor-toc__toggle-button--collapse\" role=\"button\" tabindex=\"0\" aria-controls=\"elementor-toc__iwgw-sarruma-toc\" aria-expanded=\"true\" aria-label=\"Close table of contents\"><svg aria-hidden=\"true\" class=\"e-font-icon-svg e-fas-chevron-up\" viewBox=\"0 0 448 512\" xmlns=\"http:\/\/www.w3.org\/2000\/svg\"><path d=\"M240.971 130.524l194.343 194.343c9.373 9.373 9.373 24.569 0 33.941l-22.667 22.667c-9.357 9.357-24.522 9.375-33.901.04L224 227.495 69.255 381.516c-9.379 9.335-24.544 9.317-33.901-.04l-22.667-22.667c-9.373-9.373-9.373-24.569 0-33.941L207.03 130.525c9.372-9.373 24.568-9.373 33.941-.001z\"><\/path><\/svg><\/div>\n\t\t\t\t\t<\/div>\n\t\t\t\t<div id=\"elementor-toc__iwgw-sarruma-toc\" class=\"elementor-toc__body\">\n\t\t\t<div class=\"elementor-toc__spinner-container\">\n\t\t\t\t<svg class=\"elementor-toc__spinner eicon-animation-spin e-font-icon-svg e-eicon-loading\" aria-hidden=\"true\" viewBox=\"0 0 1000 1000\" xmlns=\"http:\/\/www.w3.org\/2000\/svg\"><path d=\"M500 975V858C696 858 858 696 858 500S696 142 500 142 142 304 142 500H25C25 237 238 25 500 25S975 237 975 500 763 975 500 975Z\"><\/path><\/svg>\t\t\t<\/div>\n\t\t<\/div>\n\t\t\t\t\t\t<\/div>\n\t\t\t\t<\/div>\n\t\t\t\t\t<\/div>\n\t\t\t\t<\/div>\n\t\t<div class=\"elementor-element elementor-element-iwgw-sarruma-hr e-con-full e-flex e-con e-child\" data-id=\"iwgw-sarruma-hr\" data-element_type=\"container\" data-e-type=\"container\">\n\t\t\t\t<div class=\"elementor-element elementor-element-iwgw-sarruma-heroimg iwg-hero-image elementor-widget elementor-widget-image\" data-id=\"iwgw-sarruma-heroimg\" data-element_type=\"widget\" data-e-type=\"widget\" data-widget_type=\"image.default\">\n\t\t\t\t\t\t\t\t\t\t\t\t\t\t\t<img fetchpriority=\"high\" decoding=\"async\" width=\"683\" height=\"1024\" src=\"https:\/\/iwell-guard.com\/wp-content\/uploads\/2026\/05\/goetter_hethitisch_sarruma-683x1024.webp\" class=\"attachment-large size-large wp-image-2840\" alt=\"Sarruma \u2013 D\u00e9u hurrita de la muntanya i protector reial\" srcset=\"https:\/\/iwell-guard.com\/wp-content\/uploads\/2026\/05\/goetter_hethitisch_sarruma-683x1024.webp 683w, https:\/\/iwell-guard.com\/wp-content\/uploads\/2026\/05\/goetter_hethitisch_sarruma-200x300.webp 200w, https:\/\/iwell-guard.com\/wp-content\/uploads\/2026\/05\/goetter_hethitisch_sarruma-768x1152.webp 768w, https:\/\/iwell-guard.com\/wp-content\/uploads\/2026\/05\/goetter_hethitisch_sarruma.webp 1024w\" sizes=\"(max-width: 683px) 100vw, 683px\" \/>\t\t\t\t\t\t\t\t\t\t\t\t\t\t\t<\/div>\n\t\t\t\t<\/div>\n\t\t\t\t\t<\/div>\n\t\t\t\t<\/div>\n\t\t\t\t<section class=\"elementor-section elementor-top-section elementor-element elementor-element-sec-iwgcomp2-sarruma elementor-section-boxed elementor-section-height-default elementor-section-height-default\" data-id=\"sec-iwgcomp2-sarruma\" data-element_type=\"section\" data-e-type=\"section\">\n\t\t\t\t\t\t<div class=\"elementor-container elementor-column-gap-default\">\n\t\t\t\t\t<div class=\"elementor-column elementor-col-100 elementor-top-column elementor-element elementor-element-col-iwgcomp2-sarruma\" data-id=\"col-iwgcomp2-sarruma\" data-element_type=\"column\" data-e-type=\"column\">\n\t\t\t<div class=\"elementor-widget-wrap elementor-element-populated\">\n\t\t\t\t\t\t<div class=\"elementor-element elementor-element-iwgcomp2-sarruma elementor-widget elementor-widget-text-editor\" data-id=\"iwgcomp2-sarruma\" data-element_type=\"widget\" data-e-type=\"widget\" data-widget_type=\"text-editor.default\">\n\t\t\t\t\t\t\t\t\t<p>\u0160arruma apareix en el <strong>culte hurrita-hitita<\/strong> com a fill de Te\u0161ub i d\u00e9u de la muntanya en el <span class=\"iwg-fachbegriff\" data-tooltip=\"El conjunt d'actes de veneraci\u00f3 religiosa cap a una divinitat o figura sagrada.\" tabindex=\"0\">culte<\/span>.<\/p>\t\t\t\t\t\t\t\t<\/div>\n\t\t\t\t\t<\/div>\n\t\t<\/div>\n\t\t\t\t\t<\/div>\n\t\t<\/section>\n\t\t<div class=\"elementor-element elementor-element-iwgw-sarruma-s0 e-flex e-con-boxed e-con e-parent\" data-id=\"iwgw-sarruma-s0\" data-element_type=\"container\" data-e-type=\"container\">\n\t\t\t\t\t<div class=\"e-con-inner\">\n\t\t\t\t<div class=\"elementor-element elementor-element-iwgw-sarruma-s0h elementor-widget elementor-widget-heading\" data-id=\"iwgw-sarruma-s0h\" data-element_type=\"widget\" data-e-type=\"widget\" data-widget_type=\"heading.default\">\n\t\t\t\t\t<h2 class=\"elementor-heading-title elementor-size-default\">Classificaci\u00f3 i perfil breu<\/h2>\t\t\t\t<\/div>\n\t\t<div class=\"elementor-element elementor-element-iwgw-sarruma-s0c e-con-full e-flex e-con e-child\" data-id=\"iwgw-sarruma-s0c\" data-element_type=\"container\" data-e-type=\"container\">\n\t\t\t\t<div class=\"elementor-element elementor-element-iwgw-sarruma-s0t elementor-widget elementor-widget-text-editor\" data-id=\"iwgw-sarruma-s0t\" data-element_type=\"widget\" data-e-type=\"widget\" data-widget_type=\"text-editor.default\">\n\t\t\t\t\t\t\t\t\t<p>Sarruma (tamb\u00e9 \u0160arruma, \u0160arrumma) \u00e9s el fill dels grans d\u00e9us hurrites <a href=\"https:\/\/iwell-guard.com\/ca\/?page_id=171715\">Teshub<\/a> i <a href=\"https:\/\/iwell-guard.com\/ca\/?page_id=171716\">Hebat<\/a>. Volkert Haas ha demostrat a <em>Geschichte der hethitischen Religion<\/em> (1994) que origin\u00e0riament era d\u00e9u tutelar de la ciutat de Kummanni, a Kizzuwatna, i que al llarg dels segles XIV i XIII aC va esdevenir un d\u00e9u protector central dels grans reis hitites.<\/p><p>Dins la <a href=\"https:\/\/iwell-guard.com\/ca\/hitita-anatolic-tarhunna-deus-proteccio\/\">tradici\u00f3 hitita<\/a> \u00e9s el d\u00e9u protector m\u00e9s destacat del per\u00edode tard\u00e0 del regne.<\/p><p>El seu perfil dins la hist\u00f2ria de la religi\u00f3 \u00e9s el d&#8217;un &#8216;fill div\u00ed&#8217; i d\u00e9u protector personal: no ocupa el cim del pante\u00f3, per\u00f2 mant\u00e9 una relaci\u00f3 de proximitat particular amb el gran rei.<\/p><p>Tud\u1e2baliya IV es va anomenar &#8216;estimat de Sarruma&#8217; i es va fer representar a la cambra B de Yaz\u0131l\u0131kaya en un gest d&#8217;abra\u00e7ada protectora amb Sarruma. Aquesta f\u00f3rmula ic\u00f2nica \u00e9s una de les imatges de protecci\u00f3 m\u00e9s importants de l&#8217;art de l&#8217;Orient Pr\u00f2xim antic.<\/p><p>Trevor Bryce ha assenyalat a <em>The Kingdom of the Hittites<\/em> (2005) la rellev\u00e0ncia politicoreligiosa d&#8217;aquesta relaci\u00f3 personal amb la divinitat: Sarruma representa la hurrititzaci\u00f3 de la teologia reial hitita en el segle XIII aC. La reina Pudu\u1e2bepa i el seu fill Tud\u1e2baliya IV van convertir l&#8217;hurritisme en religi\u00f3 d&#8217;estat en un grau sense precedents dins l&#8217;imperi hitita.<\/p><p>Una particularitat notable de Sarruma \u00e9s la seva doble funci\u00f3 com a <span class=\"iwg-fachbegriff\" data-tooltip=\"Un \u00e9sser venerat com a div\u00ed dins d'una religi\u00f3.\" tabindex=\"0\">divinitat<\/span> de la muntanya i com a d\u00e9u protector personal del rei. Aquesta combinaci\u00f3 de sacralitat de la natura i religi\u00f3 cortesana \u00e9s poc habitual en la hist\u00f2ria de la religi\u00f3 de l&#8217;Orient Pr\u00f2xim antic i el converteix en una de les figures teol\u00f2gicament m\u00e9s interessants del pante\u00f3 hurrito-hitita. A finals del segle XIII aC, el seu <span class=\"iwg-fachbegriff\" data-tooltip=\"El conjunt d'actes de veneraci\u00f3 religiosa dedicats a una divinitat o figura sagrada.\" tabindex=\"0\">culte<\/span> va assolir el seu punt culminant sota Tud\u1e2baliya IV.<\/p><p>En el corpus jerogl\u00edfic luvita, diverses figures reials porten l&#8217;element onom\u00e0stic teof\u00f2ric &#8216;\u0160arruma&#8217; (p. ex. Sarruma-DEUS, Sarruma-fill-XY), fet que documenta la vitalitat del seu culte durant el primer mil\u00b7lenni aC.<\/p>\t\t\t\t\t\t\t\t<\/div>\n\t\t\t\t<\/div>\n\t\t\t\t\t<\/div>\n\t\t\t\t<\/div>\n\t\t<div class=\"elementor-element elementor-element-iwgw-sarruma-s1 e-flex e-con-boxed e-con e-parent\" data-id=\"iwgw-sarruma-s1\" data-element_type=\"container\" data-e-type=\"container\">\n\t\t\t\t\t<div class=\"e-con-inner\">\n\t\t\t\t<div class=\"elementor-element elementor-element-iwgw-sarruma-s1h elementor-widget elementor-widget-heading\" data-id=\"iwgw-sarruma-s1h\" data-element_type=\"widget\" data-e-type=\"widget\" data-widget_type=\"heading.default\">\n\t\t\t\t\t<h2 class=\"elementor-heading-title elementor-size-default\">Nom i etimologia<\/h2>\t\t\t\t<\/div>\n\t\t<div class=\"elementor-element elementor-element-iwgw-sarruma-s1c e-con-full e-flex e-con e-child\" data-id=\"iwgw-sarruma-s1c\" data-element_type=\"container\" data-e-type=\"container\">\n\t\t\t\t<div class=\"elementor-element elementor-element-iwgw-sarruma-s1t elementor-widget elementor-widget-text-editor\" data-id=\"iwgw-sarruma-s1t\" data-element_type=\"widget\" data-e-type=\"widget\" data-widget_type=\"text-editor.default\">\n\t\t\t\t\t\t\t\t\t<p>El nom Sarruma \u00e9s hurrita; una etimologia plausible el relaciona amb l&#8217;element <em>\u0161arri-<\/em>, que en diverses lleng\u00fces de l&#8217;Orient Pr\u00f2xim antic significa &#8216;rei&#8217; (sem\u00edtic <em>\u0161arru<\/em>, accadi <em>\u0161arru<\/em>). Sarruma seria aix\u00ed &#8216;el reial&#8217;, &#8216;el que pertany a la reialesa&#8217;. Volkert Haas i Daniel Schwemer han discutit aquesta etimologia com a probable.<\/p><p>En textos cune\u00efformes apareix com a <em>\u0160ar-ru-ma<\/em>, <em>\u0160ar-ru-um-ma<\/em>; en jerogl\u00edfic luvita com a &#8216;TUTELARY+ra\/i-ma&#8217; (el logograma TUTELARY remet a la seva funci\u00f3 de d\u00e9u protector). En accadi no s&#8217;identifica f\u00e0cilment; el seu car\u00e0cter hurrita es mant\u00e9 clarament reconeixible.<\/p><p>Una segona etimologia relaciona el nom amb un top\u00f2nim muntany\u00f3s &#8216;\u0160arruma&#8217; a Kizzuwatna; Sarruma seria llavors originalment una divinitat de la muntanya i nom\u00e9s secund\u00e0riament d\u00e9u protector reial.<\/p><p>Ambdues etimologies s\u00f3n probablement compatibles entre elles: d\u00e9u de la muntanya al mont \u0160arruma, el nom del qual remetria despr\u00e9s a &#8216;rei&#8217;. Aquesta doble connotaci\u00f3 de &#8216;muntanya&#8217; i &#8216;rei&#8217; \u00e9s reveladora des del punt de vista de la hist\u00f2ria religiosa i reflecteix la tradici\u00f3 anat\u00f2lica antiga de les muntanyes sagrades com a entitats divines.<\/p>\t\t\t\t\t\t\t\t<\/div>\n\t\t\t\t<\/div>\n\t\t\t\t\t<\/div>\n\t\t\t\t<\/div>\n\t\t<div class=\"elementor-element elementor-element-iwgw-sarruma-s2 e-flex e-con-boxed e-con e-parent\" data-id=\"iwgw-sarruma-s2\" data-element_type=\"container\" data-e-type=\"container\">\n\t\t\t\t\t<div class=\"e-con-inner\">\n\t\t\t\t<div class=\"elementor-element elementor-element-iwgw-sarruma-s2h elementor-widget elementor-widget-heading\" data-id=\"iwgw-sarruma-s2h\" data-element_type=\"widget\" data-e-type=\"widget\" data-widget_type=\"heading.default\">\n\t\t\t\t\t<h2 class=\"elementor-heading-title elementor-size-default\">Descripci\u00f3 i iconografia<\/h2>\t\t\t\t<\/div>\n\t\t<div class=\"elementor-element elementor-element-iwgw-sarruma-s2c e-con-full e-flex e-con e-child\" data-id=\"iwgw-sarruma-s2c\" data-element_type=\"container\" data-e-type=\"container\">\n\t\t\t\t<div class=\"elementor-element elementor-element-iwgw-sarruma-s2t elementor-widget elementor-widget-text-editor\" data-id=\"iwgw-sarruma-s2t\" data-element_type=\"widget\" data-e-type=\"widget\" data-widget_type=\"text-editor.default\">\n\t\t\t\t\t\t\t\t\t<p>Sarruma apareix a la cambra A de Yaz\u0131l\u0131kaya, a la filera femenina, al costat de la seva mare <a href=\"https:\/\/iwell-guard.com\/ca\/?page_id=171716\">Hebat<\/a>, dret sobre un lleopard. Duu una faldilla curta, un barret alt i punxegut i una destral de guerra.<\/p><p>A la cambra B apareix en una escena \u00fanica: abra\u00e7a el gran rei Tud\u1e2baliya IV amb el bra\u00e7 dret, amb el seu propi rostre al costat del rostre del rei. Aquesta f\u00f3rmula visual es coneix com l&#8217;\u00ababra\u00e7ada divina\u00bb i es considera una encarnaci\u00f3 visual de la protecci\u00f3 reial.<\/p><p>El seu animal sagrat \u00e9s el lleopard o la pantera, que comparteix amb la seva mare Hebat. En relleus neohitites de Karkami\u0161 i d&#8217;altres jaciments apareix sovint com un d\u00e9u jove i caminador, amb destral i bast\u00f3. Als segells reials de Tud\u1e2baliya, el seu logograma apareix juntament amb el nom del rei, una f\u00f3rmula visual que expressa el vincle directe amb el d\u00e9u protector.<\/p><p>Una particularitat \u00e9s la seva identificaci\u00f3 amb una muntanya sagrada. En el <span class=\"iwg-fachbegriff\" data-tooltip=\"El conjunt dels d\u00e9us d'una religi\u00f3 o cultura.\" tabindex=\"0\">pante\u00f3<\/span> hurrita, les muntanyes no eren nom\u00e9s resid\u00e8ncies dels d\u00e9us, sin\u00f3 d\u00e9us en si mateixes; Sarruma era una d&#8217;aquestes muntanyes personificades divinament a Kizzuwatna.<\/p><p>Aquesta tradici\u00f3 del d\u00e9u-muntanya est\u00e0 detalladament descrita per Piotr Taracha a <em>Religions of Second Millennium Anatolia<\/em> (2009). La identitat entre muntanya i d\u00e9u \u00e9s un concepte anatoli arcaic que va ser elaborat sistem\u00e0ticament en la <span class=\"iwg-fachbegriff\" data-tooltip=\"La doctrina cient\u00edfica sobre D\u00e9u i la fe d'una religi\u00f3.\" tabindex=\"0\">teologia<\/span> hitita.<\/p><p>La tradici\u00f3 iconogr\u00e0fica continua en els estats ciutat neohitites de Karkami\u0161, Mara\u015f, Malatya i Tabal fins al segle VIII aC.<\/p><p>En els relleus d&#8217;aquests llocs, Sarruma apareix com un d\u00e9u jove caminador amb destral i bast\u00f3, sovint acompanyant el rei. Aquesta continu\u00eftat iconogr\u00e0fica m\u00e9s enll\u00e0 de la fi de l&#8217;<span class=\"iwg-fachbegriff\" data-tooltip=\"\u00c8poca prehist\u00f2rica en la qual el bronze era el metall m\u00e9s important per a les eines.\" tabindex=\"0\">edat del bronze<\/span> \u00e9s un indici de la persist\u00e8ncia de la religi\u00f3 hurrito-hitita en els estats ciutat neohitites.<\/p>\t\t\t\t\t\t\t\t<\/div>\n\t\t\t\t<\/div>\n\t\t\t\t\t<\/div>\n\t\t\t\t<\/div>\n\t\t<div class=\"elementor-element elementor-element-iwgw-sarruma-s3 e-flex e-con-boxed e-con e-parent\" data-id=\"iwgw-sarruma-s3\" data-element_type=\"container\" data-e-type=\"container\">\n\t\t\t\t\t<div class=\"e-con-inner\">\n\t\t\t\t<div class=\"elementor-element elementor-element-iwgw-sarruma-s3h elementor-widget elementor-widget-heading\" data-id=\"iwgw-sarruma-s3h\" data-element_type=\"widget\" data-e-type=\"widget\" data-widget_type=\"heading.default\">\n\t\t\t\t\t<h2 class=\"elementor-heading-title elementor-size-default\">Relats mitol\u00f2gics<\/h2>\t\t\t\t<\/div>\n\t\t<div class=\"elementor-element elementor-element-iwgw-sarruma-s3c e-con-full e-flex e-con e-child\" data-id=\"iwgw-sarruma-s3c\" data-element_type=\"container\" data-e-type=\"container\">\n\t\t\t\t<div class=\"elementor-element elementor-element-iwgw-sarruma-s3t elementor-widget elementor-widget-text-editor\" data-id=\"iwgw-sarruma-s3t\" data-element_type=\"widget\" data-e-type=\"widget\" data-widget_type=\"text-editor.default\">\n\t\t\t\t\t\t\t\t\t<p>Sarruma gaireb\u00e9 no apareix com a figura activa en els grans mites; \u00e9s present en el \u00abCant d&#8217;<a href=\"https:\/\/iwell-guard.com\/ca\/?page_id=171718\">Ullikummi<\/a>\u00bb, quan la seva mare Hebat vol salvar-lo del <span class=\"iwg-fachbegriff\" data-tooltip=\"Una construcci\u00f3 dedicada al culte d'una o diverses divinitats.\" tabindex=\"0\">temple<\/span> assetjat de Kummiya, per\u00f2 no t\u00e9 cap narraci\u00f3 mitol\u00f2gica pr\u00f2pia.<\/p><p>Aquesta discreci\u00f3 narrativa \u00e9s t\u00edpica dels d\u00e9us protectors: la seva funci\u00f3 es troba en el <span class=\"iwg-fachbegriff\" data-tooltip=\"El conjunt d'actes de veneraci\u00f3 religiosa cap a una divinitat o figura sagrada.\" tabindex=\"0\">culte<\/span> i en la relaci\u00f3 amb la persona protegida, no pas en el relat.<\/p><p>En els textos rituals apareix com a d\u00e9u-fill i receptor d&#8217;<span class=\"iwg-fachbegriff\" data-tooltip=\"Ofrena a una divinitat per expressar gratitud, s\u00faplica o veneraci\u00f3.\" tabindex=\"0\">ofrenes<\/span> espec\u00edfiques. Les \u00abf\u00f3rmules de jurament de Sarruma\u00bb es conserven en tractats de vassallatge; l&#8217;associen amb <a href=\"https:\/\/iwell-guard.com\/ca\/?page_id=171715\">Teshub<\/a> i <a href=\"https:\/\/iwell-guard.com\/ca\/?page_id=171716\">Hebat<\/a> en una tr\u00edada. En el calendari festiu hurrita rep dies d&#8217;ofrena propis, en els quals se li ofereixen principalment pa, cervesa, vi i carn d&#8217;ovella.<\/p><p>Des del punt de vista de la hist\u00f2ria de les religions, resulta destacable la seva adopci\u00f3 per part de Tud\u1e2baliya IV. El rei va prendre Sarruma com el seu \u00abd\u00e9u preferit\u00bb personal i va introduir un culte cortes\u00e0 especial, documentat en els textos com a <em>(L\u00da)SANGA \u0160arruma<\/em> (\u00absacerdot de Sarruma\u00bb).<\/p><p>Itamar Singer ha tractat \u00e0mpliament aquesta personalitzaci\u00f3 del culte div\u00ed a <em>Hittite Prayers<\/em> (2002). La relaci\u00f3 personal entre d\u00e9u i home del final del per\u00edode imperial \u00e9s un fenomen hist\u00f2ric important que va complementar la religi\u00f3 imperial abstracta amb una <span class=\"iwg-fachbegriff\" data-tooltip=\"L'actitud i la pr\u00e0ctica religiosa viscuda d'una persona.\" tabindex=\"0\">pietat<\/span> immediata.<\/p><p>Una f\u00f3rmula de jurament especial dels tractats de vassallatge amb Tud\u1e2baliya IV anomena Sarruma com el tercer membre div\u00ed d&#8217;una tr\u00edada hurrita despr\u00e9s de Teshub i Hebat. Es deia que qui trencava el jurament seria \u00abllan\u00e7at per Sarruma a les muntanyes\u00bb, una f\u00f3rmula de c\u00e0stig dr\u00e0stica que incorpora directament la seva funci\u00f3 de d\u00e9u-muntanya.<\/p>\t\t\t\t\t\t\t\t<\/div>\n\t\t\t\t<\/div>\n\t\t\t\t\t<\/div>\n\t\t\t\t<\/div>\n\t\t<div class=\"elementor-element elementor-element-iwgw-sarruma-s4 e-flex e-con-boxed e-con e-parent\" data-id=\"iwgw-sarruma-s4\" data-element_type=\"container\" data-e-type=\"container\">\n\t\t\t\t\t<div class=\"e-con-inner\">\n\t\t\t\t<div class=\"elementor-element elementor-element-iwgw-sarruma-s4h elementor-widget elementor-widget-heading\" data-id=\"iwgw-sarruma-s4h\" data-element_type=\"widget\" data-e-type=\"widget\" data-widget_type=\"heading.default\">\n\t\t\t\t\t<h2 class=\"elementor-heading-title elementor-size-default\">Culte i veneraci\u00f3<\/h2>\t\t\t\t<\/div>\n\t\t<div class=\"elementor-element elementor-element-iwgw-sarruma-s4c e-con-full e-flex e-con e-child\" data-id=\"iwgw-sarruma-s4c\" data-element_type=\"container\" data-e-type=\"container\">\n\t\t\t\t<div class=\"elementor-element elementor-element-iwgw-sarruma-s4t elementor-widget elementor-widget-text-editor\" data-id=\"iwgw-sarruma-s4t\" data-element_type=\"widget\" data-e-type=\"widget\" data-widget_type=\"text-editor.default\">\n\t\t\t\t\t\t\t\t\t<p>El principal centre de culte de Sarruma era Kummanni, a Kizzuwatna, probablement id\u00e8ntic a la posterior Comana Cappadociae, prop de \u015ear. A m\u00e9s, hi havia <span class=\"iwg-fachbegriff\" data-tooltip=\"Una construcci\u00f3 dedicada al culte d'una o diverses divinitats.\" tabindex=\"0\">temples<\/span> de Sarruma a \u1e2aattu\u0161a, a \u0160amu\u1e2ba i en diversos altres jaciments menors. El <span class=\"iwg-fachbegriff\" data-tooltip=\"Una construcci\u00f3 dedicada al culte d'una o diverses divinitats.\" tabindex=\"0\">temple<\/span> de \u1e2aattu\u0161a va ser ampliat sota Tud\u1e2baliya IV.<\/p><p>En el calendari festiu ocupava un lloc important com a d\u00e9u-fill; en les grans festes de primavera i de tardor se li oferien <span class=\"iwg-fachbegriff\" data-tooltip=\"Ofrena a una divinitat per expressar gratitud, s\u00faplica o veneraci\u00f3.\" tabindex=\"0\">ofrenes<\/span>, sovint juntament amb els seus pares.<\/p><p>Joost Hazenbos ha estudiat l&#8217;organitzaci\u00f3 sacerdotal del seu culte a <em>The Organization of the Anatolian Local Cults<\/em> (2003). Tud\u1e2baliya IV va introduir una nova \u00abfesta de Sarruma\u00bb, creada expressament per a la veneraci\u00f3 personal del d\u00e9u, que inclo\u00efa instruccions rituals detallades.<\/p><p>Una particularitat \u00e9s el seu estatus de d\u00e9u protector del rei en les inscripcions jerogl\u00edfiques luvites de l&#8217;\u00e8poca tardana i posthitita. A Karkami\u0161 i Mara\u015f apareix com a d\u00e9u protector reial fins al segle VIII aC, una continu\u00eftat impressionant. David Hawkins ha documentat sistem\u00e0ticament la tradici\u00f3 luvita de Sarruma a <em>Corpus of Hieroglyphic Luwian Inscriptions<\/em> (2000).<\/p><p>Tud\u1e2baliya IV tamb\u00e9 va fer construir la cambra rupestre B de Yaz\u0131l\u0131kaya espec\u00edficament com a <span class=\"iwg-fachbegriff\" data-tooltip=\"Un lloc sagrat dedicat a la veneraci\u00f3 d'una divinitat.\" tabindex=\"0\">santuari<\/span> de Sarruma. Aquest espai inusualment estret, amb la famosa escena de l&#8217;abra\u00e7ada, era probablement una cambra reial funer\u00e0ria i commemorativa. Heinrich Otten i Kurt Bittel han posat en relleu aquesta funci\u00f3 arquitect\u00f2nica i ritual en diverses publicacions.<\/p>\t\t\t\t\t\t\t\t<\/div>\n\t\t\t\t<\/div>\n\t\t\t\t\t<\/div>\n\t\t\t\t<\/div>\n\t\t<div class=\"elementor-element elementor-element-iwgw-sarruma-s5 e-flex e-con-boxed e-con e-parent\" data-id=\"iwgw-sarruma-s5\" data-element_type=\"container\" data-e-type=\"container\">\n\t\t\t\t\t<div class=\"e-con-inner\">\n\t\t\t\t<div class=\"elementor-element elementor-element-iwgw-sarruma-s5h elementor-widget elementor-widget-heading\" data-id=\"iwgw-sarruma-s5h\" data-element_type=\"widget\" data-e-type=\"widget\" data-widget_type=\"heading.default\">\n\t\t\t\t\t<h2 class=\"elementor-heading-title elementor-size-default\">Pr\u00e0ctica de protecci\u00f3 i elements apotropaics<\/h2>\t\t\t\t<\/div>\n\t\t<div class=\"elementor-element elementor-element-iwgw-sarruma-s5c e-con-full e-flex e-con e-child\" data-id=\"iwgw-sarruma-s5c\" data-element_type=\"container\" data-e-type=\"container\">\n\t\t\t\t<div class=\"elementor-element elementor-element-iwgw-sarruma-s5t elementor-widget elementor-widget-text-editor\" data-id=\"iwgw-sarruma-s5t\" data-element_type=\"widget\" data-e-type=\"widget\" data-widget_type=\"text-editor.default\">\n\t\t\t\t\t\t\t\t\t<p>Sarruma era, de manera especial, el d\u00e9u protector del rei. Els seus s\u00edmbols apareixen als segells reials; en les &#8216;abra\u00e7ades divines&#8217; dels relleus, ell representa f\u00edsicament aquesta protecci\u00f3. Aquesta f\u00f3rmula iconogr\u00e0fica \u00e9s una de les representacions m\u00e9s impressionants del gest de protecci\u00f3 en l&#8217;art de l&#8217;Orient Pr\u00f2xim antic.<\/p><p><span class=\"iwg-fachbegriff\" data-tooltip=\"Que allunya el mal: relatiu a signes i objectes destinats a mantenir a dist\u00e0ncia influ\u00e8ncies perjudicials.\" tabindex=\"0\">Apotropaic<\/span>, es dipositaven figuretes de Sarruma als fonaments de palaus i temples; es coneixen for\u00e7a figures de bronze amb destral i barret punxegut. En els rituals de jurament hurrites <em>itkahi<\/em>, el seu nom era invocat regularment junt amb el dels seus pares. Volkert Haas ha descrit detalladament les pr\u00e0ctiques dom\u00e8stiques de protecci\u00f3 a <em>Materia Magica et Medica Hethitica<\/em> (2003).<\/p><p data-nosnippet=\"true\">En l&#8217;\u00e0mbit privat, Sarruma era menys present; era principalment el d\u00e9u protector del rei. Des d&#8217;una perspectiva cient\u00edfica, la seva funci\u00f3 de &#8216;d\u00e9u de la cort&#8217; resulta notable: representa la personalitzaci\u00f3 de la relaci\u00f3 entre d\u00e9us i humans en el nivell pol\u00edtic m\u00e9s alt. iWell Guard el considera una figura hist\u00f2rica i no un destinatari actual de protecci\u00f3. Les promeses de curaci\u00f3 o l&#8217;efic\u00e0cia espiritual moderna no formen part d&#8217;aquesta presentaci\u00f3 lexicogr\u00e0fica.<\/p><p>En els segells reials hitites del segle 13 aC apareixen els seus s\u00edmbols, la muntanya i la destral, com a f\u00f3rmula de protecci\u00f3 personal del rei. Les bul\u00b7les de l&#8217;arxiu de Ni\u015fanta\u015f, a Bo\u011fazk\u00f6y, mostren aquesta f\u00f3rmula iconogr\u00e0fica en nombroses variants i testimonien la intensa pres\u00e8ncia de Sarruma en l&#8217;autorepresentaci\u00f3 reial.<\/p>\t\t\t\t\t\t\t\t<\/div>\n\t\t\t\t<\/div>\n\t\t\t\t\t<\/div>\n\t\t\t\t<\/div>\n\t\t<div class=\"elementor-element elementor-element-iwgw-sarruma-s6 e-flex e-con-boxed e-con e-parent\" data-id=\"iwgw-sarruma-s6\" data-element_type=\"container\" data-e-type=\"container\">\n\t\t\t\t\t<div class=\"e-con-inner\">\n\t\t\t\t<div class=\"elementor-element elementor-element-iwgw-sarruma-s6h elementor-widget elementor-widget-heading\" data-id=\"iwgw-sarruma-s6h\" data-element_type=\"widget\" data-e-type=\"widget\" data-widget_type=\"heading.default\">\n\t\t\t\t\t<h2 class=\"elementor-heading-title elementor-size-default\">Paral\u00b7lelismes en altres cultures<\/h2>\t\t\t\t<\/div>\n\t\t<div class=\"elementor-element elementor-element-iwgw-sarruma-s6c e-con-full e-flex e-con e-child\" data-id=\"iwgw-sarruma-s6c\" data-element_type=\"container\" data-e-type=\"container\">\n\t\t\t\t<div class=\"elementor-element elementor-element-iwgw-sarruma-s6t elementor-widget elementor-widget-text-editor\" data-id=\"iwgw-sarruma-s6t\" data-element_type=\"widget\" data-e-type=\"widget\" data-widget_type=\"text-editor.default\">\n\t\t\t\t\t\t\t\t\t<p>La posici\u00f3 de Sarruma com a &#8216;d\u00e9u fill&#8217; dins del <span class=\"iwg-fachbegriff\" data-tooltip=\"El conjunt de d\u00e9us d'una religi\u00f3 o cultura.\" tabindex=\"0\">pante\u00f3<\/span> t\u00e9 paral\u00b7lelismes amb el constructe ugar\u00edtic d&#8217;Aliyan-Baal, amb la tradici\u00f3 mesopot\u00e0mica de Ninurta i amb l&#8217;esquema egipci del d\u00e9u fill d&#8217;Horus. En el <a href=\"https:\/\/iwell-guard.com\/ca\/fenicis-cartago-baal-tanit-proteccio\/\">pante\u00f3 fenici<\/a>, li correspon <a href=\"https:\/\/iwell-guard.com\/ca\/?page_id=171723\">Melqart<\/a> en la seva funci\u00f3 de d\u00e9u fill i d\u00e9u protector de la ciutat.<\/p><p>La f\u00f3rmula iconogr\u00e0fica de l\u00bbabra\u00e7ada divina&#8217; es troba tamb\u00e9 a Mesopot\u00e0mia i a Egipte; \u00e9s una forma est\u00e0ndard de la iconografia de protecci\u00f3 reial del bronze final. La variant de Sarruma a Yaz\u0131l\u0131kaya \u00e9s, per\u00f2, extraordin\u00e0ria per la fidelitat de detall de la representaci\u00f3 rupestre.<\/p><p>Des del punt de vista de la hist\u00f2ria de les religions, Sarruma pertany a la fam\u00edlia molt estesa dels joves d\u00e9us fills, que tenen un paper creixent en el <span class=\"iwg-fachbegriff\" data-tooltip=\"El conjunt d'actes de veneraci\u00f3 religiosa envers una divinitat o figura sagrada.\" tabindex=\"0\">culte<\/span> de l&#8217;<span class=\"iwg-fachbegriff\" data-tooltip=\"\u00c8poca prehist\u00f2rica posterior a l'edat del bronze, marcada pel treball del ferro.\" tabindex=\"0\">edat del ferro<\/span>. Mary Bachvarova ha assenyalat a <em>From Hittite to Homer<\/em> (2016) paral\u00b7lelismes amb el grec Apol\u00b7lo; Apol\u00b7lo tamb\u00e9 \u00e9s un d\u00e9u fill i d\u00e9u protector personal amb un fort aspecte animal. Les coincid\u00e8ncies estructurals s&#8217;han d&#8217;interpretar, per\u00f2, com a funcionals, no geneal\u00f2giques.<\/p><p>En la religi\u00f3 cartaginesa tardana apareix, amb <a href=\"https:\/\/iwell-guard.com\/ca\/?page_id=171723\">Melqart<\/a>, el &#8216;rei de la ciutat&#8217; de Tir, una figura de funci\u00f3 similar: jove d\u00e9u protector d&#8217;una dinastia reial, amb un car\u00e0cter personal marcat. Sarruma s&#8217;insereix aix\u00ed en una llarga tradici\u00f3 mediterr\u00e0nia de d\u00e9us protectors reials que s&#8217;est\u00e9n des d&#8217;Anat\u00f2lia, passant per Fen\u00edcia, fins a Cartago.<\/p>\t\t\t\t\t\t\t\t<\/div>\n\t\t\t\t<\/div>\n\t\t\t\t\t<\/div>\n\t\t\t\t<\/div>\n\t\t<div class=\"elementor-element elementor-element-iwgw-sarruma-s7 e-flex e-con-boxed e-con e-parent\" data-id=\"iwgw-sarruma-s7\" data-element_type=\"container\" data-e-type=\"container\">\n\t\t\t\t\t<div class=\"e-con-inner\">\n\t\t\t\t<div class=\"elementor-element elementor-element-iwgw-sarruma-s7h elementor-widget elementor-widget-heading\" data-id=\"iwgw-sarruma-s7h\" data-element_type=\"widget\" data-e-type=\"widget\" data-widget_type=\"heading.default\">\n\t\t\t\t\t<h2 class=\"elementor-heading-title elementor-size-default\">Recepci\u00f3 i investigaci\u00f3 actuals<\/h2>\t\t\t\t<\/div>\n\t\t<div class=\"elementor-element elementor-element-iwgw-sarruma-s7c e-con-full e-flex e-con e-child\" data-id=\"iwgw-sarruma-s7c\" data-element_type=\"container\" data-e-type=\"container\">\n\t\t\t\t<div class=\"elementor-element elementor-element-iwgw-sarruma-s7t elementor-widget elementor-widget-text-editor\" data-id=\"iwgw-sarruma-s7t\" data-element_type=\"widget\" data-e-type=\"widget\" data-widget_type=\"text-editor.default\">\n\t\t\t\t\t\t\t\t\t<p>La recerca sobre Sarruma forma part de la recerca sobre Yaz\u0131l\u0131kaya i dels estudis de religi\u00f3 hurrita-hitita. Hi ha aportacions importants de Kurt Bittel, Volkert Haas, Piotr Taracha i David Hawkins (per a la tradici\u00f3 hitita tardana). El <em>Corpus of Hieroglyphic Luwian Inscriptions<\/em> de Hawkins (2000) \u00e9s la refer\u00e8ncia est\u00e0ndard per a la tradici\u00f3 luvita de Sarruma.<\/p><p>A la Turquia moderna, Sarruma t\u00e9 una pres\u00e8ncia modesta com a icona de Yaz\u0131l\u0131kaya; l\u00bbabra\u00e7ada divina&#8217; s&#8217;utilitza ocasionalment com a logotip d&#8217;institucions culturals locals. Una recepci\u00f3 popular hi \u00e9s pr\u00e0cticament absent; no s&#8217;observa un renaixement espiritual en sentit neopag\u00e0.<\/p><p>Cient\u00edficament, Sarruma es considera avui un objecte d&#8217;estudi central per a la <span class=\"iwg-fachbegriff\" data-tooltip=\"La doctrina cient\u00edfica sobre D\u00e9u i la fe d'una religi\u00f3.\" tabindex=\"0\">teologia<\/span> del d\u00e9u protector reial hitita i per a la relaci\u00f3 personal entre d\u00e9us i humans.<\/p><p>Les l\u00ednies de recerca actuals se centren en l&#8217;estudi de la tradici\u00f3 de Sarruma en la hitita tardana dels estats-ciutat neohitites, en la f\u00f3rmula iconogr\u00e0fica de l&#8217;abra\u00e7ada divina i en la q\u00fcesti\u00f3 de com s&#8217;ha d&#8217;explicar teol\u00f2gicament la hurrititzaci\u00f3 sota Tud\u1e2baliya IV. iWell Guard el registra, en conseq\u00fc\u00e8ncia, com a membre hist\u00f2ric del <span class=\"iwg-fachbegriff\" data-tooltip=\"El conjunt de d\u00e9us d'una religi\u00f3 o cultura.\" tabindex=\"0\">pante\u00f3<\/span>.<\/p><p>Una l\u00ednia de recerca particular segueix la connexi\u00f3 entre Sarruma i el concepte posterior de &#8216;d\u00e9u personal&#8217; en els textos neoassiris i neobabil\u00f2nics. La personalitzaci\u00f3 de la relaci\u00f3 entre d\u00e9us i humans en el <span class=\"iwg-fachbegriff\" data-tooltip=\"\u00c8poca prehist\u00f2rica en la qual el bronze era el metall m\u00e9s important per a estris.\" tabindex=\"0\">bronze final<\/span> \u00e9s un fenomen hist\u00f2ric que apareix paral\u00b7lelament en diverses \u00e0rees culturals.<\/p>\t\t\t\t\t\t\t\t<\/div>\n\t\t\t\t<\/div>\n\t\t\t\t\t<\/div>\n\t\t\t\t<\/div>\n\t\t<div class=\"elementor-element elementor-element-iwgw-sarruma-s8 e-flex e-con-boxed e-con e-parent\" data-id=\"iwgw-sarruma-s8\" data-element_type=\"container\" data-e-type=\"container\">\n\t\t\t\t\t<div class=\"e-con-inner\">\n\t\t\t\t<div class=\"elementor-element elementor-element-iwgw-sarruma-s8h elementor-widget elementor-widget-heading\" data-id=\"iwgw-sarruma-s8h\" data-element_type=\"widget\" data-e-type=\"widget\" data-widget_type=\"heading.default\">\n\t\t\t\t\t<h2 class=\"elementor-heading-title elementor-size-default\">Bibliografia i fonts<\/h2>\t\t\t\t<\/div>\n\t\t<div class=\"elementor-element elementor-element-iwgw-sarruma-s8c e-con-full e-flex e-con e-child\" data-id=\"iwgw-sarruma-s8c\" data-element_type=\"container\" data-e-type=\"container\">\n\t\t\t\t<div class=\"elementor-element elementor-element-iwgw-sarruma-s8t elementor-widget elementor-widget-text-editor\" data-id=\"iwgw-sarruma-s8t\" data-element_type=\"widget\" data-e-type=\"widget\" data-widget_type=\"text-editor.default\">\n\t\t\t\t\t\t\t\t\t<p>En la selecci\u00f3 seg\u00fcent es recullen obres de refer\u00e8ncia importants sobre la recerca de Sarruma. Inclouen s\u00edntesis d&#8217;hist\u00f2ria de les religions, publicacions arqueol\u00f2giques sobre Yaz\u0131l\u0131kaya i obres epigr\u00e0fiques sobre la tradici\u00f3 luvita. El corpus d&#8217;inscripcions jerogl\u00edfiques luvites de David Hawkins \u00e9s la refer\u00e8ncia est\u00e0ndard per a la tradici\u00f3 hitita tardana.<\/p>\t\t\t\t\t\t\t\t<\/div>\n\t\t\t\t<\/div>\n\t\t\t\t\t<\/div>\n\t\t\t\t<\/div>\n\t\t<div class=\"elementor-element elementor-element-cp2ffb4b7c e-flex e-con-boxed e-con e-parent\" data-id=\"cp2ffb4b7c\" data-element_type=\"container\" data-e-type=\"container\">\n\t\t\t\t\t<div class=\"e-con-inner\">\n\t\t\t\t<div class=\"elementor-element elementor-element-cp280cc5f0 elementor-widget elementor-widget-heading\" data-id=\"cp280cc5f0\" data-element_type=\"widget\" data-e-type=\"widget\" data-widget_type=\"heading.default\">\n\t\t\t\t\t<h2 class=\"elementor-heading-title elementor-size-default\">\u0160arruma com a d\u00e9u protector de Tudhalija IV i el relleu 81 de Yaz\u0131l\u0131kaya<\/h2>\t\t\t\t<\/div>\n\t\t<div class=\"elementor-element elementor-element-cp2e2458ae e-flex e-con-boxed e-con e-child\" data-id=\"cp2e2458ae\" data-element_type=\"container\" data-e-type=\"container\">\n\t\t\t\t\t<div class=\"e-con-inner\">\n\t\t\t\t<div class=\"elementor-element elementor-element-cp21503a7d elementor-widget elementor-widget-text-editor\" data-id=\"cp21503a7d\" data-element_type=\"widget\" data-e-type=\"widget\" data-widget_type=\"text-editor.default\">\n\t\t\t\t\t\t\t\t\t<p>Una de les escenes individuals m\u00e9s conegudes de l&#8217;art figuratiu hitita mostra el d\u00e9u <em>\u0160arruma<\/em> en una relaci\u00f3 inusualment estreta amb un rei concret.<\/p><p>En una cambra lateral del santuari rupestre de Yaz\u0131l\u0131kaya, l&#8217;anomenada Cambra B, hi ha el <span class=\"iwg-fachbegriff\" data-tooltip=\"Una representaci\u00f3 en relleu treballada sobre una superf\u00edcie.\" tabindex=\"0\">relleu<\/span> en el qual un d\u00e9u representat de mida m\u00e9s gran abra\u00e7a el rei <em>Tudhalija IV<\/em>, passant-li el bra\u00e7 per les espatlles i agafant-li la m\u00e0 amb la seva pr\u00f2pia. La inscripci\u00f3 identifica el d\u00e9u com \u0160arruma.<\/p><p>Aquesta \u00abescena de l&#8217;abra\u00e7ada\u00bb \u00e9s hist\u00f2ricament reveladora perqu\u00e8 fa tangible i corpori el vincle entre d\u00e9u protector i sobir\u00e0. \u0160arruma hi apareix com el d\u00e9u personal protector de Tudhalija IV, com el seu assistent div\u00ed que el guia i el protegeix. \u00c9s una de les poques representacions de l&#8217;antic Orient conservades que mostren un contacte tan directe entre d\u00e9u i rei.<\/p><p>El nom de Tudhalija IV apareix diverses vegades a Yaz\u0131l\u0131kaya, i la investigaci\u00f3 relaciona la construcci\u00f3 de la Cambra B amb el seu regnat, a finals del segle XIII a.C. Es discuteix si la cambra tenia una funci\u00f3 commemorativa o de culte funerari per a aquest rei. \u0160arruma no \u00e9s, doncs, nom\u00e9s un membre de la fam\u00edlia divina hurrita, sin\u00f3 un d\u00e9u arrelat concretament en l&#8217;autoimatge din\u00e0stica d&#8217;un sobir\u00e0 determinat. La investigaci\u00f3 de Yaz\u0131l\u0131kaya es deu en bona part a Kurt Bittel.\t\t\t\t\t\t\t\t<\/div>\n\t\t\t\t\t<\/div>\n\t\t\t\t<\/div>\n\t\t\t\t\t<\/div>\n\t\t\t\t<\/div>\n\t\t<div class=\"elementor-element elementor-element-cp2c514fed e-flex e-con-boxed e-con e-parent\" data-id=\"cp2c514fed\" data-element_type=\"container\" data-e-type=\"container\">\n\t\t\t\t\t<div class=\"e-con-inner\">\n\t\t\t\t<div class=\"elementor-element elementor-element-cp237c89c2 elementor-widget elementor-widget-heading\" data-id=\"cp237c89c2\" data-element_type=\"widget\" data-e-type=\"widget\" data-widget_type=\"heading.default\">\n\t\t\t\t\t<h2 class=\"elementor-heading-title elementor-size-default\">El fill del d\u00e9u de la tempesta: la posici\u00f3 de \u0160arruma en la fam\u00edlia divina hurrita<\/h2>\t\t\t\t<\/div>\n\t\t<div class=\"elementor-element elementor-element-cp2b910df8 e-flex e-con-boxed e-con e-child\" data-id=\"cp2b910df8\" data-element_type=\"container\" data-e-type=\"container\">\n\t\t\t\t\t<div class=\"e-con-inner\">\n\t\t\t\t<div class=\"elementor-element elementor-element-cp2ab5eac0 elementor-widget elementor-widget-text-editor\" data-id=\"cp2ab5eac0\" data-element_type=\"widget\" data-e-type=\"widget\" data-widget_type=\"text-editor.default\">\n\t\t\t\t\t\t\t\t\t<p><em>\u0160arruma<\/em> apareix fermament establert en els textos hurrito-hitites com el fill del d\u00e9u de la tempesta <em>Te\u0161\u0161ub<\/em> i de la deessa <a href=\"https:\/\/iwell-guard.com\/ca\/?page_id=171716\">Hebat<\/a>. Aquesta tr\u00edada de pare, mare i fill constitueix un nucli del pante\u00f3 imperial d&#8217;empremta hurrita del per\u00edode hitita tard\u00e0 i apareix repetidament junta en llistes d&#8217;ofrenes, rituals festius i relleus.<\/p><p>El seu origen es troba probablement a la zona del sud d&#8217;Anat\u00f2lia i el nord de S\u00edria; un lloc de culte important era la regi\u00f3 al voltant d&#8217;una muntanya, el nom de la qual podria ressonar en el seu propi nom. En alguns textos, \u0160arruma apareix ell mateix com a d\u00e9u de la muntanya, cosa que concorda amb el vincle estret, t\u00edpic de la religi\u00f3 anat\u00f2lica, entre les divinitats i muntanyes concretes.<\/p><p>El seu nom s&#8217;escriu sovint amb el pictograma corresponent, i la seva iconografia el mostra de vegades dret sobre un lleopard o sobre una muntanya, amb el barret c\u00f2ni de les divinitats.<\/p><p>El seu ascens dins el culte imperial est\u00e0 lligat, com el d&#8217;Hebat, al foment dels cultes hurrites per part de la casa reial hitita del segle XIII, especialment gr\u00e0cies a la reina Puduhepa. \u00c9s significatiu que Tudhalija IV, el d\u00e9u protector personal del qual era \u0160arruma, port\u00e9s ell mateix un nom que remet a una muntanya, i que en la investigaci\u00f3 es discuteixi si el rei, de nen o com a hereu al tron, va portar fins i tot un nom relacionat amb \u0160arruma. \u0160arruma \u00e9s, doncs, un bon exemple de com una <span class=\"iwg-fachbegriff\" data-tooltip=\"Un \u00e9sser venerat com a div\u00ed dins d'una religi\u00f3.\" tabindex=\"0\">divinitat<\/span> regional podia arribar al centre d&#8217;un culte imperial a trav\u00e9s de la <span class=\"iwg-fachbegriff\" data-tooltip=\"L'actitud i la pr\u00e0ctica religiosa viscudes per una persona.\" tabindex=\"0\">pietat<\/span> din\u00e0stica. Treballs importants sobre la religi\u00f3 hurrita s\u00f3n els de Volkert Haas i Gernot Wilhelm.\t\t\t\t\t\t\t\t<\/div>\n\t\t\t\t\t<\/div>\n\t\t\t\t<\/div>\n\t\t\t\t\t<\/div>\n\t\t\t\t<\/div>\n\t\t<div class=\"elementor-element elementor-element-iwgw-sarruma-lit e-flex e-con-boxed e-con e-parent\" data-id=\"iwgw-sarruma-lit\" data-element_type=\"container\" data-e-type=\"container\">\n\t\t\t\t\t<div class=\"e-con-inner\">\n\t\t\t\t<div class=\"elementor-element elementor-element-iwgw-sarruma-lith elementor-widget elementor-widget-heading\" data-id=\"iwgw-sarruma-lith\" data-element_type=\"widget\" data-e-type=\"widget\" data-widget_type=\"heading.default\">\n\t\t\t\t\t<h2 class=\"elementor-heading-title elementor-size-default\">Bibliografia (selecci\u00f3)<\/h2>\t\t\t\t<\/div>\n\t\t<div class=\"elementor-element elementor-element-iwgw-sarruma-litc e-con-full e-flex e-con e-child\" data-id=\"iwgw-sarruma-litc\" data-element_type=\"container\" data-e-type=\"container\">\n\t\t\t\t<div class=\"elementor-element elementor-element-iwgw-sarruma-litt elementor-widget elementor-widget-text-editor\" data-id=\"iwgw-sarruma-litt\" data-element_type=\"widget\" data-e-type=\"widget\" data-widget_type=\"text-editor.default\">\n\t\t\t\t\t\t\t\t\t<div data-nosnippet=\"true\"><ul><li>Volkert Haas: <em>Geschichte der hethitischen Religion<\/em> (Leiden 1994)<\/li><li>Piotr Taracha: <em>Religions of Second Millennium Anatolia<\/em> (Wiesbaden 2009)<\/li><li>Itamar Singer: <em>Hittite Prayers<\/em> (SBL 2002)<\/li><li>Kurt Bittel: <em>Die Hethiter<\/em> (M\u00fcnchen 1976)<\/li><li>David Hawkins: <em>Corpus of Hieroglyphic Luwian Inscriptions<\/em> (Berlin 2000)<\/li><li>Trevor Bryce: <em>The Kingdom of the Hittites<\/em> (Oxford 2005)<\/li><\/ul><\/div>\t\t\t\t\t\t\t\t<\/div>\n\t\t\t\t<\/div>\n\t\t\t\t\t<\/div>\n\t\t\t\t<\/div>\n\t\t<div class=\"elementor-element elementor-element-iwgkw2-add-sarruma e-flex e-con-boxed e-con e-parent\" data-id=\"iwgkw2-add-sarruma\" data-element_type=\"container\" data-e-type=\"container\">\n\t\t\t\t\t<div class=\"e-con-inner\">\n\t\t\t\t<div class=\"elementor-element elementor-element-iwgkw2-add-sarruma-t elementor-widget elementor-widget-text-editor\" data-id=\"iwgkw2-add-sarruma-t\" data-element_type=\"widget\" data-e-type=\"widget\" data-widget_type=\"text-editor.default\">\n\t\t\t\t\t\t\t\t\t<p>Com a d\u00e9u de la muntanya <em>hitita<\/em> i fill del d\u00e9u de la tempesta Teshub, Sarruma representa en el <em><span class=\"iwg-fachbegriff\" data-tooltip=\"Un relat transm\u00e8s sobre d\u00e9us, or\u00edgens i l'ordre del m\u00f3n.\" tabindex=\"0\">mite<\/span><\/em> el vincle del rei amb el m\u00f3n div\u00ed, visible en els relleus rupestres de Yaz\u0131l\u0131kaya.<\/p>\t\t\t\t\t\t\t\t<\/div>\n\t\t\t\t\t<\/div>\n\t\t\t\t<\/div>\n\t\t<div class=\"elementor-element elementor-element-iwgw-sarruma-kwd e-flex e-con-boxed e-con e-parent\" data-id=\"iwgw-sarruma-kwd\" data-element_type=\"container\" data-e-type=\"container\">\n\t\t\t\t\t<div class=\"e-con-inner\">\n\t\t<div class=\"elementor-element elementor-element-iwgw-sarruma-kwdc e-con-full e-flex e-con e-child\" data-id=\"iwgw-sarruma-kwdc\" data-element_type=\"container\" data-e-type=\"container\">\n\t\t\t\t<div class=\"elementor-element elementor-element-iwgw-sarruma-kwdt elementor-widget elementor-widget-text-editor\" data-id=\"iwgw-sarruma-kwdt\" data-element_type=\"widget\" data-e-type=\"widget\" data-widget_type=\"text-editor.default\">\n\t\t\t\t\t\t\t\t\t<p><em>Termes clau relacionats: Sarruma hurrita d\u00e9u de la muntanya Tud\u1e2baliya protector reial abra\u00e7ada divina.<\/em><\/p>\t\t\t\t\t\t\t\t<\/div>\n\t\t\t\t<\/div>\n\t\t\t\t\t<\/div>\n\t\t\t\t<\/div>\n\t\t<div class=\"elementor-element elementor-element-iwgw-sarruma-cc e-flex e-con-boxed e-con e-parent\" data-id=\"iwgw-sarruma-cc\" data-element_type=\"container\" data-e-type=\"container\" id=\"iwg-cc-sarruma\">\n\t\t\t\t\t<div class=\"e-con-inner\">\n\t\t<div class=\"elementor-element elementor-element-iwgw-sarruma-ccinner e-flex e-con-boxed e-con e-parent\" data-id=\"iwgw-sarruma-ccinner\" data-element_type=\"container\" data-e-type=\"container\" data-settings=\"{&quot;background_background&quot;:&quot;classic&quot;}\">\n\t\t\t\t\t<div class=\"e-con-inner\">\n\t\t\t\t<div class=\"elementor-element elementor-element-iwgw-sarruma-cch elementor-widget elementor-widget-heading\" data-id=\"iwgw-sarruma-cch\" data-element_type=\"widget\" data-e-type=\"widget\" data-widget_type=\"heading.default\">\n\t\t\t\t\t<h2 class=\"elementor-heading-title elementor-size-default\">iWell Guard i tradicions de protecci\u00f3<\/h2>\t\t\t\t<\/div>\n\t\t\t\t<div class=\"elementor-element elementor-element-iwgw-sarruma-cct elementor-widget elementor-widget-text-editor\" data-id=\"iwgw-sarruma-cct\" data-element_type=\"widget\" data-e-type=\"widget\" data-widget_type=\"text-editor.default\">\n\t\t\t\t\t\t\t\t\t<div data-nosnippet=\"true\"><p>iWell Guard s&#8217;inspira en la tradici\u00f3 cultural i hist\u00f2rica dels objectes protectors portables, seguint la tradici\u00f3 de l&#8217;<a href=\"https:\/\/iwell-guard.com\/ca\/hitita-anatolic-tarhunna-deus-proteccio\/\">hitita<\/a> i de moltes altres cultures d&#8217;arreu del m\u00f3n. 41 capes, or aut\u00e8ntic, plat\u00ed, plata, fabricat a Alemanya. Dret de devoluci\u00f3 de 30 dies.<\/p><\/div>\t\t\t\t\t\t\t\t<\/div>\n\t\t\t\t<div class=\"elementor-element elementor-element-iwgw-sarruma-ccb iwg-cc-button iwg-cc-cta-2026-05-13 elementor-widget elementor-widget-jet-button\" data-id=\"iwgw-sarruma-ccb\" data-element_type=\"widget\" data-e-type=\"widget\" data-widget_type=\"jet-button.default\">\n\t\t\t\t<div class=\"elementor-widget-container\">\n\t\t\t\t\t<div class=\"elementor-jet-button jet-elements\"><div class=\"jet-button__container\"><a class=\"jet-button__instance jet-button__instance--icon-left hover-effect-1\" href=\"\/ueber-iwell-guard\/?utm_source=iwell-guard.com&amp;utm_medium=info-box&amp;utm_campaign=wesen-tradition\"><div class=\"jet-button__plane jet-button__plane-normal\"><\/div><div class=\"jet-button__plane jet-button__plane-hover\"><\/div><div class=\"jet-button__state jet-button__state-normal\"><span class=\"jet-button__label\">M\u00e9s informaci\u00f3 sobre l'iWell Guard<\/span><\/div><div class=\"jet-button__state jet-button__state-hover\"><span class=\"jet-button__label\">M\u00e9s informaci\u00f3 sobre l'iWell Guard<\/span><\/div><\/a><\/div><\/div><style>.elementor-element.elementor-element-iwgw-sarruma-ccb .jet-button__instance{width:320px;height:56px;}.elementor-element.elementor-element-iwgw-sarruma-ccb .jet-button__state-normal .jet-button__label{text-align:center;margin:0px 0px 0px 0px;color:#1a1b20;font-family:Montserrat,sans-serif;font-size:13px;font-weight:400;letter-spacing:4px;line-height:1.714em;text-transform:uppercase;}.elementor-element.elementor-element-iwgw-sarruma-ccb .jet-button__state-hover .jet-button__label{text-align:center;margin:0px 0px 0px 0px;color:#FECC76;font-family:Montserrat,sans-serif;font-size:13px;font-weight:400;letter-spacing:4px;line-height:1.714em;text-transform:uppercase;}.elementor-element.elementor-element-iwgw-sarruma-ccb .jet-button__plane-normal{background-color:#FECC76;border-style:solid;border-color:#C99540;border-width:2px 2px 2px 2px;}.elementor-element.elementor-element-iwgw-sarruma-ccb .jet-button__plane-hover{background-color:rgba(0,0,0,0.55);border-style:solid;border-color:#FECC76;border-width:2px 2px 2px 2px;}<\/style>\t\t\t\t<\/div>\n\t\t\t\t<\/div>\n\t\t\t\t<div class=\"elementor-element elementor-element-iwgw-sarruma-ccd elementor-widget elementor-widget-text-editor\" data-id=\"iwgw-sarruma-ccd\" data-element_type=\"widget\" data-e-type=\"widget\" data-widget_type=\"text-editor.default\">\n\t\t\t\t\t\t\t\t\t<div data-nosnippet=\"true\"><p style=\"text-align:center;font-size:13px;opacity:0.7;margin-top:14px\" data-nosnippet=\"true\">Les experi\u00e8ncies personals poden variar. No \u00e9s un producte sanitari. No \u00e9s una promesa de curaci\u00f3.<\/p><\/div>\t\t\t\t\t\t\t\t<\/div>\n\t\t\t\t\t<\/div>\n\t\t\t\t<\/div>\n\t\t\t\t\t<\/div>\n\t\t\t\t<\/div>\n\t\t<div class=\"elementor-element elementor-element-iwgw-sarruma-disc e-flex e-con-boxed e-con e-parent\" data-id=\"iwgw-sarruma-disc\" data-element_type=\"container\" data-e-type=\"container\">\n\t\t\t\t\t<div class=\"e-con-inner\">\n\t\t\t\t<div class=\"elementor-element elementor-element-iwgw-sarruma-discw elementor-widget elementor-widget-html\" data-id=\"iwgw-sarruma-discw\" data-element_type=\"widget\" data-e-type=\"widget\" data-widget_type=\"html.default\">\n\t\t\t\t\t<footer data-nosnippet=\"true\" class=\"iwg-disclaimer-block\"><p data-nosnippet=\"true\">iWell Guard <strong>no \u00e9s un producte sanitari<\/strong> i no substitueix cap tractament m\u00e8dic o psicoterap\u00e8utic. Els continguts d'hist\u00f2ria de les religions s\u00f3n una classificaci\u00f3 culturohist\u00f2rica, no una recomanaci\u00f3 de pr\u00e0ctica espiritual.<\/p><\/footer>\t\t\t\t<\/div>\n\t\t\t\t\t<\/div>\n\t\t\t\t<\/div>\n\t\t\t\t<\/div>\n\t\t","protected":false},"excerpt":{"rendered":"","protected":false},"author":3,"featured_media":2840,"parent":0,"menu_order":0,"comment_status":"closed","ping_status":"closed","template":"elementor_header_footer","meta":{"_yoast_wpseo_focuskw":"Sarruma, d\u00e9u hurrita de la muntanya","_yoast_wpseo_title":"Sarruma \u2013 D\u00e9u hurrita de la muntanya, protector reial, mite","_yoast_wpseo_metadesc":"Sarruma, fill de Teshub i Hebat, \u00e9s un d\u00e9u hurrita de la muntanya i d\u00e9u protector personal del gran rei hitita Tud\u1e2baliya IV.","_yoast_wpseo_meta-robots-noindex":"","_yoast_wpseo_canonical":"","_angie_page":false,"gefaehrdungsstufe":"1","wesen_kultur":"hethitisch","wesen_klasse":"goetter","footnotes":""},"categories":[],"class_list":["post-171720","page","type-page","status-publish","has-post-thumbnail","hentry"],"yoast_head":"<!-- This site is optimized with the Yoast SEO Premium plugin v27.7 (Yoast SEO v28.3) - https:\/\/yoast.com\/product\/yoast-seo-premium-wordpress\/ -->\n<title>Sarruma \u2013 D\u00e9u hurrita de la muntanya, protector reial, mite<\/title>\n<meta name=\"description\" content=\"Sarruma, fill de Teshub i Hebat, \u00e9s un d\u00e9u hurrita de la muntanya i d\u00e9u protector personal del gran rei hitita Tud\u1e2baliya IV.\" \/>\n<meta name=\"robots\" content=\"index, follow, max-snippet:-1, max-image-preview:large, max-video-preview:-1\" \/>\n<link rel=\"canonical\" href=\"https:\/\/iwell-guard.com\/ca\/sarruma-deu-hurrita-muntanya-protector-reial\/\" \/>\n<meta property=\"og:locale\" content=\"ca_ES\" \/>\n<meta property=\"og:type\" content=\"article\" \/>\n<meta property=\"og:title\" content=\"Sarruma \u2013 D\u00e9u hurrita de la muntanya i protector reial\" \/>\n<meta property=\"og:description\" content=\"Sarruma, fill de Teshub i Hebat, \u00e9s un d\u00e9u hurrita de la muntanya i d\u00e9u protector personal del gran rei hitita Tud\u1e2baliya IV.\" \/>\n<meta property=\"og:url\" content=\"https:\/\/iwell-guard.com\/ca\/sarruma-deu-hurrita-muntanya-protector-reial\/\" \/>\n<meta property=\"og:site_name\" content=\"iWell Guard\" \/>\n<meta property=\"article:modified_time\" content=\"2026-09-05T16:05:28+00:00\" \/>\n<meta property=\"og:image\" content=\"https:\/\/iwell-guard.com\/wp-content\/uploads\/2026\/05\/goetter_hethitisch_sarruma.webp\" \/>\n\t<meta property=\"og:image:width\" content=\"1024\" \/>\n\t<meta property=\"og:image:height\" content=\"1536\" \/>\n\t<meta property=\"og:image:type\" content=\"image\/webp\" \/>\n<meta name=\"twitter:card\" content=\"summary_large_image\" \/>\n<script type=\"application\/ld+json\" class=\"yoast-schema-graph\">{\"@context\":\"https:\\\/\\\/schema.org\",\"@graph\":[{\"@type\":\"WebPage\",\"@id\":\"https:\\\/\\\/iwell-guard.com\\\/ca\\\/sarruma-deu-hurrita-muntanya-protector-reial\\\/\",\"url\":\"https:\\\/\\\/iwell-guard.com\\\/ca\\\/sarruma-deu-hurrita-muntanya-protector-reial\\\/\",\"name\":\"Sarruma \u2013 D\u00e9u hurrita de la muntanya, protector reial, mite\",\"isPartOf\":{\"@id\":\"https:\\\/\\\/iwell-guard.com\\\/ca\\\/#website\"},\"primaryImageOfPage\":{\"@id\":\"https:\\\/\\\/iwell-guard.com\\\/ca\\\/sarruma-deu-hurrita-muntanya-protector-reial\\\/#primaryimage\"},\"image\":{\"@id\":\"https:\\\/\\\/iwell-guard.com\\\/ca\\\/sarruma-deu-hurrita-muntanya-protector-reial\\\/#primaryimage\"},\"thumbnailUrl\":\"https:\\\/\\\/iwell-guard.com\\\/wp-content\\\/uploads\\\/2026\\\/05\\\/goetter_hethitisch_sarruma.webp\",\"datePublished\":\"2026-09-05T15:41:47+00:00\",\"dateModified\":\"2026-09-05T16:05:28+00:00\",\"description\":\"Sarruma, fill de Teshub i Hebat, \u00e9s un d\u00e9u hurrita de la muntanya i d\u00e9u protector personal del gran rei hitita Tud\u1e2baliya IV.\",\"breadcrumb\":{\"@id\":\"https:\\\/\\\/iwell-guard.com\\\/ca\\\/sarruma-deu-hurrita-muntanya-protector-reial\\\/#breadcrumb\"},\"inLanguage\":\"ca\",\"potentialAction\":[{\"@type\":\"ReadAction\",\"target\":[\"https:\\\/\\\/iwell-guard.com\\\/ca\\\/sarruma-deu-hurrita-muntanya-protector-reial\\\/\"]}]},{\"@type\":\"ImageObject\",\"inLanguage\":\"ca\",\"@id\":\"https:\\\/\\\/iwell-guard.com\\\/ca\\\/sarruma-deu-hurrita-muntanya-protector-reial\\\/#primaryimage\",\"url\":\"https:\\\/\\\/iwell-guard.com\\\/wp-content\\\/uploads\\\/2026\\\/05\\\/goetter_hethitisch_sarruma.webp\",\"contentUrl\":\"https:\\\/\\\/iwell-guard.com\\\/wp-content\\\/uploads\\\/2026\\\/05\\\/goetter_hethitisch_sarruma.webp\",\"width\":1024,\"height\":1536,\"caption\":\"D\u00e9us de la tradici\u00f3 hitita.\"},{\"@type\":\"BreadcrumbList\",\"@id\":\"https:\\\/\\\/iwell-guard.com\\\/ca\\\/sarruma-deu-hurrita-muntanya-protector-reial\\\/#breadcrumb\",\"itemListElement\":[{\"@type\":\"ListItem\",\"position\":1,\"name\":\"Start\",\"item\":\"https:\\\/\\\/iwell-guard.com\\\/ca\\\/?page_id=171333\"},{\"@type\":\"ListItem\",\"position\":2,\"name\":\"Sarruma \u2013 D\u00e9u hurrita de la muntanya i protector reial\"}]},{\"@type\":\"WebSite\",\"@id\":\"https:\\\/\\\/iwell-guard.com\\\/ca\\\/#website\",\"url\":\"https:\\\/\\\/iwell-guard.com\\\/ca\\\/\",\"name\":\"iWell Guard\",\"description\":\"Schutz vor dunklen Einfl\u00fcssen\",\"publisher\":{\"@id\":\"https:\\\/\\\/iwell-guard.com\\\/ca\\\/#organization\"},\"potentialAction\":[{\"@type\":\"SearchAction\",\"target\":{\"@type\":\"EntryPoint\",\"urlTemplate\":\"https:\\\/\\\/iwell-guard.com\\\/ca\\\/?s={search_term_string}\"},\"query-input\":{\"@type\":\"PropertyValueSpecification\",\"valueRequired\":true,\"valueName\":\"search_term_string\"}}],\"inLanguage\":\"ca\"},{\"@type\":\"Organization\",\"@id\":\"https:\\\/\\\/iwell-guard.com\\\/ca\\\/#organization\",\"name\":\"Ittermann electronic GmbH\",\"url\":\"https:\\\/\\\/iwell-guard.com\\\/ca\\\/\",\"logo\":{\"@type\":\"ImageObject\",\"inLanguage\":\"ca\",\"@id\":\"https:\\\/\\\/iwell-guard.com\\\/ca\\\/#\\\/schema\\\/logo\\\/image\\\/\",\"url\":\"https:\\\/\\\/iwell-guard.com\\\/wp-content\\\/uploads\\\/2026\\\/05\\\/Ittermann-Logo-1182x237-1.png\",\"contentUrl\":\"https:\\\/\\\/iwell-guard.com\\\/wp-content\\\/uploads\\\/2026\\\/05\\\/Ittermann-Logo-1182x237-1.png\",\"width\":1182,\"height\":237,\"caption\":\"Ittermann electronic GmbH\"},\"image\":{\"@id\":\"https:\\\/\\\/iwell-guard.com\\\/ca\\\/#\\\/schema\\\/logo\\\/image\\\/\"},\"sameAs\":[\"https:\\\/\\\/pantip.com\\\/profile\\\/9367242\",\"https:\\\/\\\/micro.blog\\\/iwellguard\",\"https:\\\/\\\/www.diggerslist.com\\\/iwellguard\\\/about\",\"https:\\\/\\\/skitterphoto.com\\\/photographers\\\/2870314\\\/iwell-guard\",\"https:\\\/\\\/iwellguard.wordpress.com\\\/2026\\\/06\\\/06\\\/iwell-guard\\\/\",\"https:\\\/\\\/hub.docker.com\\\/u\\\/iwellguard\",\"https:\\\/\\\/www.pinterest.com\\\/iwellguard\\\/\",\"https:\\\/\\\/bit.ly\\\/m\\\/iwellguard\",\"https:\\\/\\\/entre-vos-mains.alsace.eu\\\/profiles\\\/iwellguard\\\/activity\",\"https:\\\/\\\/gravatar.com\\\/reallybeded8fd34\",\"https:\\\/\\\/naijamatta.com\\\/iwellguard\",\"https:\\\/\\\/www.goodreads.com\\\/iwellguard\",\"https:\\\/\\\/profile.hatena.ne.jp\\\/iwellguard\\\/\",\"https:\\\/\\\/experiment.com\\\/users\\\/iwellguard\",\"https:\\\/\\\/wakelet.com\\\/@iWellGuard82270\",\"https:\\\/\\\/www.chordie.com\\\/forum\\\/profile.php?id=2555664\",\"https:\\\/\\\/www.instapaper.com\\\/p\\\/17757966\",\"https:\\\/\\\/www.mapleprimes.com\\\/users\\\/iwellguard\",\"https:\\\/\\\/businesslistingplus.com\\\/profile\\\/iwell-guard\\\/\",\"https:\\\/\\\/telegra.ph\\\/iWell-Guard-06-06\",\"https:\\\/\\\/pbase.com\\\/iwellguard\\\/iwellguard\",\"https:\\\/\\\/b.hatena.ne.jp\\\/iwellguard\\\/20260607#bookmark-4788405196491818882\",\"https:\\\/\\\/fliphtml5.com\\\/home\\\/iwellguard\",\"https:\\\/\\\/anyflip.com\\\/homepage\\\/cmiwl#About\",\"https:\\\/\\\/transfur.com\\\/Users\\\/iwellguard\",\"http:\\\/\\\/delphi.larsbo.org\\\/user\\\/iwellguard\",\"https:\\\/\\\/jobs.lajobsportal.org\\\/profiles\\\/8380803-iwell-guard\",\"https:\\\/\\\/md.chaosdorf.de\\\/s\\\/jfbe5SBdJD\",\"https:\\\/\\\/www.lingvolive.com\\\/en-us\\\/profile\\\/9ecaeaca-ce11-4e51-9e71-01d55e2bff36\\\/translations\",\"https:\\\/\\\/www.fitday.com\\\/fitness\\\/forums\\\/members\\\/iwellguard.html\",\"https:\\\/\\\/www.mymeetbook.com\\\/iwellguard\",\"https:\\\/\\\/pxhere.com\\\/en\\\/photographer-me\\\/5040798\",\"https:\\\/\\\/disqus.com\\\/by\\\/iwellguard\\\/about\\\/\",\"https:\\\/\\\/pastelink.net\\\/hjwciqwq\",\"https:\\\/\\\/pubhtml5.com\\\/homepage\\\/scjhn\\\/\",\"https:\\\/\\\/www.bitchute.com\\\/channel\\\/2O2eOKzNqujT\",\"https:\\\/\\\/audiomack.com\\\/iwellguard\"]},{\"@type\":\"Article\",\"@id\":\"https:\\\/\\\/iwell-guard.com\\\/ca\\\/sarruma-deu-hurrita-muntanya-protector-reial\\\/#article\",\"isPartOf\":{\"@id\":\"https:\\\/\\\/iwell-guard.com\\\/ca\\\/sarruma-deu-hurrita-muntanya-protector-reial\\\/\"},\"author\":{\"name\":\"Ralf Ittermann\",\"@id\":\"https:\\\/\\\/iwell-guard.com\\\/ca\\\/#\\\/schema\\\/person\\\/ee2a27f1cac3406c7c6fb5820cb7349f\"},\"headline\":\"Sarruma \u2013 D\u00e9u hurrita de la muntanya i protector reial\",\"datePublished\":\"2026-09-05T15:41:47+00:00\",\"dateModified\":\"2026-09-05T16:05:28+00:00\",\"mainEntityOfPage\":{\"@id\":\"https:\\\/\\\/iwell-guard.com\\\/ca\\\/sarruma-deu-hurrita-muntanya-protector-reial\\\/\"},\"publisher\":{\"@id\":\"https:\\\/\\\/iwell-guard.com\\\/ca\\\/#organization\"},\"image\":{\"@id\":\"https:\\\/\\\/iwell-guard.com\\\/ca\\\/sarruma-deu-hurrita-muntanya-protector-reial\\\/#primaryimage\"},\"thumbnailUrl\":\"https:\\\/\\\/iwell-guard.com\\\/wp-content\\\/uploads\\\/2026\\\/05\\\/goetter_hethitisch_sarruma.webp\",\"inLanguage\":\"ca\",\"description\":\"Sarruma, fill de Teshub i Hebat, \u00e9s un d\u00e9u hurrita de la muntanya i d\u00e9u protector personal del gran rei hitita Tud\u1e2baliya IV.\"}]}<\/script>\n<!-- \/ Yoast SEO Premium plugin. -->","yoast_head_json":{"title":"Sarruma \u2013 D\u00e9u hurrita de la muntanya, protector reial, mite","description":"Sarruma, fill de Teshub i Hebat, \u00e9s un d\u00e9u hurrita de la muntanya i d\u00e9u protector personal del gran rei hitita Tud\u1e2baliya IV.","robots":{"index":"index","follow":"follow","max-snippet":"max-snippet:-1","max-image-preview":"max-image-preview:large","max-video-preview":"max-video-preview:-1"},"canonical":"https:\/\/iwell-guard.com\/ca\/sarruma-deu-hurrita-muntanya-protector-reial\/","og_locale":"ca_ES","og_type":"article","og_title":"Sarruma \u2013 D\u00e9u hurrita de la muntanya i protector reial","og_description":"Sarruma, fill de Teshub i Hebat, \u00e9s un d\u00e9u hurrita de la muntanya i d\u00e9u protector personal del gran rei hitita Tud\u1e2baliya IV.","og_url":"https:\/\/iwell-guard.com\/ca\/sarruma-deu-hurrita-muntanya-protector-reial\/","og_site_name":"iWell Guard","article_modified_time":"2026-09-05T16:05:28+00:00","og_image":[{"width":1024,"height":1536,"url":"https:\/\/iwell-guard.com\/wp-content\/uploads\/2026\/05\/goetter_hethitisch_sarruma.webp","type":"image\/webp"}],"twitter_card":"summary_large_image","schema":{"@context":"https:\/\/schema.org","@graph":[{"@type":"Article","@id":"https:\/\/iwell-guard.com\/ca\/sarruma-deu-hurrita-muntanya-protector-reial\/#article","isPartOf":{"@id":"https:\/\/iwell-guard.com\/ca\/sarruma-deu-hurrita-muntanya-protector-reial\/"},"author":{"name":"Ralf Ittermann","@id":"https:\/\/iwell-guard.com\/ca\/#\/schema\/person\/ee2a27f1cac3406c7c6fb5820cb7349f"},"headline":"Sarruma \u2013 D\u00e9u hurrita de la muntanya i protector reial","datePublished":"2026-09-05T15:41:47+00:00","dateModified":"2026-09-05T16:05:28+00:00","mainEntityOfPage":{"@id":"https:\/\/iwell-guard.com\/ca\/sarruma-deu-hurrita-muntanya-protector-reial\/"},"publisher":{"@id":"https:\/\/iwell-guard.com\/ca\/#organization"},"image":{"@id":"https:\/\/iwell-guard.com\/ca\/sarruma-deu-hurrita-muntanya-protector-reial\/#primaryimage"},"thumbnailUrl":"https:\/\/iwell-guard.com\/wp-content\/uploads\/2026\/05\/goetter_hethitisch_sarruma.webp","inLanguage":"ca","description":"Sarruma, fill de Teshub i Hebat, \u00e9s un d\u00e9u hurrita de la muntanya i d\u00e9u protector personal del gran rei hitita Tud\u1e2baliya IV."},{"@type":"WebPage","@id":"https:\/\/iwell-guard.com\/ca\/sarruma-deu-hurrita-muntanya-protector-reial\/","url":"https:\/\/iwell-guard.com\/ca\/sarruma-deu-hurrita-muntanya-protector-reial\/","name":"Sarruma \u2013 D\u00e9u hurrita de la muntanya, protector reial, mite","isPartOf":{"@id":"https:\/\/iwell-guard.com\/ca\/#website"},"primaryImageOfPage":{"@id":"https:\/\/iwell-guard.com\/ca\/sarruma-deu-hurrita-muntanya-protector-reial\/#primaryimage"},"image":{"@id":"https:\/\/iwell-guard.com\/ca\/sarruma-deu-hurrita-muntanya-protector-reial\/#primaryimage"},"thumbnailUrl":"https:\/\/iwell-guard.com\/wp-content\/uploads\/2026\/05\/goetter_hethitisch_sarruma.webp","datePublished":"2026-09-05T15:41:47+00:00","dateModified":"2026-09-05T16:05:28+00:00","description":"Sarruma, fill de Teshub i Hebat, \u00e9s un d\u00e9u hurrita de la muntanya i d\u00e9u protector personal del gran rei hitita Tud\u1e2baliya IV.","breadcrumb":{"@id":"https:\/\/iwell-guard.com\/ca\/sarruma-deu-hurrita-muntanya-protector-reial\/#breadcrumb"},"inLanguage":"ca","potentialAction":[{"@type":"ReadAction","target":["https:\/\/iwell-guard.com\/ca\/sarruma-deu-hurrita-muntanya-protector-reial\/"]}]},{"@type":"ImageObject","inLanguage":"ca","@id":"https:\/\/iwell-guard.com\/ca\/sarruma-deu-hurrita-muntanya-protector-reial\/#primaryimage","url":"https:\/\/iwell-guard.com\/wp-content\/uploads\/2026\/05\/goetter_hethitisch_sarruma.webp","contentUrl":"https:\/\/iwell-guard.com\/wp-content\/uploads\/2026\/05\/goetter_hethitisch_sarruma.webp","width":1024,"height":1536,"caption":"D\u00e9us de la tradici\u00f3 hitita."},{"@type":"BreadcrumbList","@id":"https:\/\/iwell-guard.com\/ca\/sarruma-deu-hurrita-muntanya-protector-reial\/#breadcrumb","itemListElement":[{"@type":"ListItem","position":1,"name":"Start","item":"https:\/\/iwell-guard.com\/ca\/?page_id=171333"},{"@type":"ListItem","position":2,"name":"Sarruma \u2013 D\u00e9u hurrita de la muntanya i protector reial"}]},{"@type":"WebSite","@id":"https:\/\/iwell-guard.com\/ca\/#website","url":"https:\/\/iwell-guard.com\/ca\/","name":"iWell Guard","description":"Schutz vor dunklen Einfl\u00fcssen","publisher":{"@id":"https:\/\/iwell-guard.com\/ca\/#organization"},"potentialAction":[{"@type":"SearchAction","target":{"@type":"EntryPoint","urlTemplate":"https:\/\/iwell-guard.com\/ca\/?s={search_term_string}"},"query-input":{"@type":"PropertyValueSpecification","valueRequired":true,"valueName":"search_term_string"}}],"inLanguage":"ca"},{"@type":"Organization","@id":"https:\/\/iwell-guard.com\/ca\/#organization","name":"Ittermann electronic GmbH","url":"https:\/\/iwell-guard.com\/ca\/","logo":{"@type":"ImageObject","inLanguage":"ca","@id":"https:\/\/iwell-guard.com\/ca\/#\/schema\/logo\/image\/","url":"https:\/\/iwell-guard.com\/wp-content\/uploads\/2026\/05\/Ittermann-Logo-1182x237-1.png","contentUrl":"https:\/\/iwell-guard.com\/wp-content\/uploads\/2026\/05\/Ittermann-Logo-1182x237-1.png","width":1182,"height":237,"caption":"Ittermann electronic GmbH"},"image":{"@id":"https:\/\/iwell-guard.com\/ca\/#\/schema\/logo\/image\/"},"sameAs":["https:\/\/pantip.com\/profile\/9367242","https:\/\/micro.blog\/iwellguard","https:\/\/www.diggerslist.com\/iwellguard\/about","https:\/\/skitterphoto.com\/photographers\/2870314\/iwell-guard","https:\/\/iwellguard.wordpress.com\/2026\/06\/06\/iwell-guard\/","https:\/\/hub.docker.com\/u\/iwellguard","https:\/\/www.pinterest.com\/iwellguard\/","https:\/\/bit.ly\/m\/iwellguard","https:\/\/entre-vos-mains.alsace.eu\/profiles\/iwellguard\/activity","https:\/\/gravatar.com\/reallybeded8fd34","https:\/\/naijamatta.com\/iwellguard","https:\/\/www.goodreads.com\/iwellguard","https:\/\/profile.hatena.ne.jp\/iwellguard\/","https:\/\/experiment.com\/users\/iwellguard","https:\/\/wakelet.com\/@iWellGuard82270","https:\/\/www.chordie.com\/forum\/profile.php?id=2555664","https:\/\/www.instapaper.com\/p\/17757966","https:\/\/www.mapleprimes.com\/users\/iwellguard","https:\/\/businesslistingplus.com\/profile\/iwell-guard\/","https:\/\/telegra.ph\/iWell-Guard-06-06","https:\/\/pbase.com\/iwellguard\/iwellguard","https:\/\/b.hatena.ne.jp\/iwellguard\/20260607#bookmark-4788405196491818882","https:\/\/fliphtml5.com\/home\/iwellguard","https:\/\/anyflip.com\/homepage\/cmiwl#About","https:\/\/transfur.com\/Users\/iwellguard","http:\/\/delphi.larsbo.org\/user\/iwellguard","https:\/\/jobs.lajobsportal.org\/profiles\/8380803-iwell-guard","https:\/\/md.chaosdorf.de\/s\/jfbe5SBdJD","https:\/\/www.lingvolive.com\/en-us\/profile\/9ecaeaca-ce11-4e51-9e71-01d55e2bff36\/translations","https:\/\/www.fitday.com\/fitness\/forums\/members\/iwellguard.html","https:\/\/www.mymeetbook.com\/iwellguard","https:\/\/pxhere.com\/en\/photographer-me\/5040798","https:\/\/disqus.com\/by\/iwellguard\/about\/","https:\/\/pastelink.net\/hjwciqwq","https:\/\/pubhtml5.com\/homepage\/scjhn\/","https:\/\/www.bitchute.com\/channel\/2O2eOKzNqujT","https:\/\/audiomack.com\/iwellguard"]},{"@type":"Person","@id":"https:\/\/iwell-guard.com\/ca\/#\/schema\/person\/ee2a27f1cac3406c7c6fb5820cb7349f","name":"Ralf Ittermann","image":{"@type":"ImageObject","inLanguage":"ca","@id":"https:\/\/secure.gravatar.com\/avatar\/073c0153e350a5005b68eb752b445fea71f6b24a26da9449ad7e155e6b446c9d?s=96&d=mm&r=g","url":"https:\/\/secure.gravatar.com\/avatar\/073c0153e350a5005b68eb752b445fea71f6b24a26da9449ad7e155e6b446c9d?s=96&d=mm&r=g","contentUrl":"https:\/\/secure.gravatar.com\/avatar\/073c0153e350a5005b68eb752b445fea71f6b24a26da9449ad7e155e6b446c9d?s=96&d=mm&r=g","caption":"Ralf Ittermann"},"givenName":"Ralf","familyName":"Ittermann","jobTitle":"Gesch\u00e4ftsf\u00fchrer und redaktioneller Verantwortlicher","url":"https:\/\/iwell-guard.com\/ca\/author\/claude\/","description":"Ralf Ittermann ist Gesch\u00e4ftsf\u00fchrer der Ittermann electronic GmbH und redaktioneller Verantwortlicher des iWell-Guard-Lexikons. Er verbindet langj\u00e4hrige Erfahrung in der Pr\u00e4zisionsfertigung mit medialer Praxis und religionsgeschichtlicher Quellenarbeit.","worksFor":{"@type":"Organization","name":"Ittermann electronic GmbH","url":"https:\/\/ittermann.de\/","address":{"@type":"PostalAddress","streetAddress":"K\u00f6hlergasse 16-18","postalCode":"99842","addressLocality":"Ruhla","addressCountry":"DE"}},"knowsAbout":["Religionsgeschichte","Mythologie","Mediale Praxis","Energetische Diagnostik","Schutzpraxis","Volksglauben","Westliche Esoterik"]},{"@type":"Article","@id":"https:\/\/iwell-guard.com\/ca\/sarruma-deu-hurrita-muntanya-protector-reial\/#article","isPartOf":{"@id":"https:\/\/iwell-guard.com\/ca\/sarruma-deu-hurrita-muntanya-protector-reial\/"},"author":{"name":"Ralf Ittermann","@id":"https:\/\/iwell-guard.com\/ca\/#\/schema\/person\/ee2a27f1cac3406c7c6fb5820cb7349f"},"headline":"Sarruma \u2013 D\u00e9u hurrita de la muntanya i protector reial","datePublished":"2026-09-05T15:41:47+00:00","dateModified":"2026-09-05T16:05:28+00:00","mainEntityOfPage":{"@id":"https:\/\/iwell-guard.com\/ca\/sarruma-deu-hurrita-muntanya-protector-reial\/"},"publisher":{"@id":"https:\/\/iwell-guard.com\/ca\/#organization"},"image":{"@id":"https:\/\/iwell-guard.com\/ca\/sarruma-deu-hurrita-muntanya-protector-reial\/#primaryimage"},"thumbnailUrl":"https:\/\/iwell-guard.com\/wp-content\/uploads\/2026\/05\/goetter_hethitisch_sarruma.webp","inLanguage":"ca","description":"Sarruma, fill de Teshub i Hebat, \u00e9s un d\u00e9u hurrita de la muntanya i d\u00e9u protector personal del gran rei hitita Tud\u1e2baliya IV."}]}},"_links":{"self":[{"href":"https:\/\/iwell-guard.com\/ca\/wp-json\/wp\/v2\/pages\/171720","targetHints":{"allow":["GET"]}}],"collection":[{"href":"https:\/\/iwell-guard.com\/ca\/wp-json\/wp\/v2\/pages"}],"about":[{"href":"https:\/\/iwell-guard.com\/ca\/wp-json\/wp\/v2\/types\/page"}],"author":[{"embeddable":true,"href":"https:\/\/iwell-guard.com\/ca\/wp-json\/wp\/v2\/users\/3"}],"replies":[{"embeddable":true,"href":"https:\/\/iwell-guard.com\/ca\/wp-json\/wp\/v2\/comments?post=171720"}],"version-history":[{"count":0,"href":"https:\/\/iwell-guard.com\/ca\/wp-json\/wp\/v2\/pages\/171720\/revisions"}],"wp:featuredmedia":[{"embeddable":true,"href":"https:\/\/iwell-guard.com\/ca\/wp-json\/wp\/v2\/media\/2840"}],"wp:attachment":[{"href":"https:\/\/iwell-guard.com\/ca\/wp-json\/wp\/v2\/media?parent=171720"}],"wp:term":[{"taxonomy":"category","embeddable":true,"href":"https:\/\/iwell-guard.com\/ca\/wp-json\/wp\/v2\/categories?post=171720"}],"curies":[{"name":"wp","href":"https:\/\/api.w.org\/{rel}","templated":true}]}}