{"id":171718,"date":"2026-09-05T15:41:46","date_gmt":"2026-09-05T15:41:46","guid":{"rendered":"https:\/\/iwell-guard.com\/?page_id=171718"},"modified":"2026-09-05T16:05:25","modified_gmt":"2026-09-05T16:05:25","slug":"ullikummi-gegant-de-pedra","status":"publish","type":"page","link":"https:\/\/iwell-guard.com\/ca\/ullikummi-gegant-de-pedra\/","title":{"rendered":"Ullikummi \u2013 El gegant de pedra contra els d\u00e9us"},"content":{"rendered":"\t\t<div data-elementor-type=\"wp-page\" data-elementor-id=\"171718\" class=\"elementor elementor-171718 elementor-2621 elementor-bc-flex-widget\" data-elementor-post-type=\"page\">\n\t\t\t\t<div class=\"elementor-element elementor-element-iwgw-ullikummi-hero e-flex e-con-boxed e-con e-parent\" data-id=\"iwgw-ullikummi-hero\" data-element_type=\"container\" data-e-type=\"container\" data-settings=\"{&quot;background_background&quot;:&quot;classic&quot;}\">\n\t\t\t\t\t<div class=\"e-con-inner\">\n\t\t<div class=\"elementor-element elementor-element-iwgw-ullikummi-hl e-flex e-con-boxed e-con e-child\" data-id=\"iwgw-ullikummi-hl\" data-element_type=\"container\" data-e-type=\"container\">\n\t\t\t\t\t<div class=\"e-con-inner\">\n\t\t<div class=\"elementor-element elementor-element-iwgw-ullikummi-htxt e-con-full e-flex e-con e-child\" data-id=\"iwgw-ullikummi-htxt\" data-element_type=\"container\" data-e-type=\"container\">\n\t\t\t\t<div class=\"elementor-element elementor-element-iwgw-ullikummi-h1 elementor-widget elementor-widget-heading\" data-id=\"iwgw-ullikummi-h1\" data-element_type=\"widget\" data-e-type=\"widget\" data-widget_type=\"heading.default\">\n\t\t\t\t\t<h1 class=\"elementor-heading-title elementor-size-default\">Ullikummi, gegant de pedra hurrita-hitita i desafiador dels d\u00e9us<\/h1>\t\t\t\t<\/div>\n\t\t\t\t<div class=\"elementor-element elementor-element-iwgw-ullikummi-lead elementor-widget elementor-widget-text-editor\" data-id=\"iwgw-ullikummi-lead\" data-element_type=\"widget\" data-e-type=\"widget\" data-widget_type=\"text-editor.default\">\n\t\t\t\t\t\t\t\t\t<p>Ullikummi \u00e9s un gegant de pedra de diorita del cicle de Kumarbi, d&#8217;origen hurrita-hitita. El seu pare <a href=\"https:\/\/iwell-guard.com\/ca\/?page_id=171714\">Kumarbi<\/a> el va engendrar amb una dona de pedra per enderrocar el r\u00e8gim div\u00ed de <a href=\"https:\/\/iwell-guard.com\/ca\/?page_id=171715\">Teshub<\/a>. Sobre l&#8217;espatlla del gegant primordial Upelluri, Ullikummi creix fins al cel i amena\u00e7a el regne div\u00ed, fins que Ea el separa amb la serra de la creaci\u00f3.<\/p>\t\t\t\t\t\t\t\t<\/div>\n\t\t\t\t<\/div>\n\t\t<div class=\"elementor-element elementor-element-iwgw-ullikummi-pillc e-con-full e-flex e-con e-child\" data-id=\"iwgw-ullikummi-pillc\" data-element_type=\"container\" data-e-type=\"container\">\n\t\t\t\t<div class=\"elementor-element elementor-element-iwgw-ullikummi-pills elementor-widget elementor-widget-html\" data-id=\"iwgw-ullikummi-pills\" data-element_type=\"widget\" data-e-type=\"widget\" data-widget_type=\"html.default\">\n\t\t\t\t\t<div class=\"iwg-pill-row\"><span class=\"iwg-klasse-badge\" tabindex=\"0\" data-tooltip=\"Gegant de la tradici\u00f3 hitita.\">Gegant<\/span><a href=\"https:\/\/iwell-guard.com\/ca\/hitita-anatolic-tarhunna-deus-proteccio\/\" class=\"iwg-kultur-badge\" tabindex=\"0\" data-tooltip=\"Mitologia de la tradici\u00f3 hitita.\">Hitita<\/a><span class=\"iwg-tradition-badge\" tabindex=\"0\" data-tooltip=\"\u00c9sser del caos.\">\u00c9sser del caos<\/span><\/div>\t\t\t\t<\/div>\n\t\t\t\t<\/div>\n\t\t<div class=\"elementor-element elementor-element-iwgw-ullikummi-tocc e-con-full e-flex e-con e-child\" data-id=\"iwgw-ullikummi-tocc\" data-element_type=\"container\" data-e-type=\"container\">\n\t\t\t\t<div class=\"elementor-element elementor-element-iwgw-ullikummi-toc elementor-toc--minimized-on-tablet elementor-widget elementor-widget-table-of-contents\" data-id=\"iwgw-ullikummi-toc\" data-element_type=\"widget\" data-e-type=\"widget\" data-settings=\"{&quot;headings_by_tags&quot;:[&quot;h2&quot;,&quot;h3&quot;],&quot;minimize_box&quot;:&quot;yes&quot;,&quot;marker_view&quot;:&quot;bullets&quot;,&quot;no_headings_message&quot;:&quot;No s&#039;ha trobat cap encap\\u00e7alament en aquesta p\\u00e0gina.&quot;,&quot;exclude_headings_by_selector&quot;:[],&quot;icon&quot;:{&quot;value&quot;:&quot;fas fa-circle&quot;,&quot;library&quot;:&quot;fa-solid&quot;,&quot;rendered_tag&quot;:&quot;&lt;svg class=\\&quot;e-font-icon-svg e-fas-circle\\&quot; viewBox=\\&quot;0 0 512 512\\&quot; xmlns=\\&quot;http:\\\/\\\/www.w3.org\\\/2000\\\/svg\\&quot;&gt;&lt;path d=\\&quot;M256 8C119 8 8 119 8 256s111 248 248 248 248-111 248-248S393 8 256 8z\\&quot;&gt;&lt;\\\/path&gt;&lt;\\\/svg&gt;&quot;},&quot;minimized_on&quot;:&quot;tablet&quot;,&quot;hierarchical_view&quot;:&quot;yes&quot;,&quot;min_height&quot;:{&quot;unit&quot;:&quot;px&quot;,&quot;size&quot;:&quot;&quot;,&quot;sizes&quot;:[]},&quot;min_height_tablet&quot;:{&quot;unit&quot;:&quot;px&quot;,&quot;size&quot;:&quot;&quot;,&quot;sizes&quot;:[]},&quot;min_height_mobile&quot;:{&quot;unit&quot;:&quot;px&quot;,&quot;size&quot;:&quot;&quot;,&quot;sizes&quot;:[]}}\" data-widget_type=\"table-of-contents.default\">\n\t\t\t\t\t\t\t\t\t<div class=\"elementor-toc__header\">\n\t\t\t\t\t\t<h2 class=\"elementor-toc__header-title\">\n\t\t\t\t\u00cdndex\t\t\t<\/h2>\n\t\t\t\t\t\t\t\t\t\t<div class=\"elementor-toc__toggle-button elementor-toc__toggle-button--expand\" role=\"button\" tabindex=\"0\" aria-controls=\"elementor-toc__iwgw-ullikummi-toc\" aria-expanded=\"true\" aria-label=\"Open table of contents\"><svg aria-hidden=\"true\" class=\"e-font-icon-svg e-fas-chevron-down\" viewBox=\"0 0 448 512\" xmlns=\"http:\/\/www.w3.org\/2000\/svg\"><path d=\"M207.029 381.476L12.686 187.132c-9.373-9.373-9.373-24.569 0-33.941l22.667-22.667c9.357-9.357 24.522-9.375 33.901-.04L224 284.505l154.745-154.021c9.379-9.335 24.544-9.317 33.901.04l22.667 22.667c9.373 9.373 9.373 24.569 0 33.941L240.971 381.476c-9.373 9.372-24.569 9.372-33.942 0z\"><\/path><\/svg><\/div>\n\t\t\t\t<div class=\"elementor-toc__toggle-button elementor-toc__toggle-button--collapse\" role=\"button\" tabindex=\"0\" aria-controls=\"elementor-toc__iwgw-ullikummi-toc\" aria-expanded=\"true\" aria-label=\"Close table of contents\"><svg aria-hidden=\"true\" class=\"e-font-icon-svg e-fas-chevron-up\" viewBox=\"0 0 448 512\" xmlns=\"http:\/\/www.w3.org\/2000\/svg\"><path d=\"M240.971 130.524l194.343 194.343c9.373 9.373 9.373 24.569 0 33.941l-22.667 22.667c-9.357 9.357-24.522 9.375-33.901.04L224 227.495 69.255 381.516c-9.379 9.335-24.544 9.317-33.901-.04l-22.667-22.667c-9.373-9.373-9.373-24.569 0-33.941L207.03 130.525c9.372-9.373 24.568-9.373 33.941-.001z\"><\/path><\/svg><\/div>\n\t\t\t\t\t<\/div>\n\t\t\t\t<div id=\"elementor-toc__iwgw-ullikummi-toc\" class=\"elementor-toc__body\">\n\t\t\t<div class=\"elementor-toc__spinner-container\">\n\t\t\t\t<svg class=\"elementor-toc__spinner eicon-animation-spin e-font-icon-svg e-eicon-loading\" aria-hidden=\"true\" viewBox=\"0 0 1000 1000\" xmlns=\"http:\/\/www.w3.org\/2000\/svg\"><path d=\"M500 975V858C696 858 858 696 858 500S696 142 500 142 142 304 142 500H25C25 237 238 25 500 25S975 237 975 500 763 975 500 975Z\"><\/path><\/svg>\t\t\t<\/div>\n\t\t<\/div>\n\t\t\t\t\t\t<\/div>\n\t\t\t\t<\/div>\n\t\t\t\t\t<\/div>\n\t\t\t\t<\/div>\n\t\t<div class=\"elementor-element elementor-element-iwgw-ullikummi-hr e-con-full e-flex e-con e-child\" data-id=\"iwgw-ullikummi-hr\" data-element_type=\"container\" data-e-type=\"container\">\n\t\t\t\t<div class=\"elementor-element elementor-element-iwgw-ullikummi-heroimg iwg-hero-image elementor-widget elementor-widget-image\" data-id=\"iwgw-ullikummi-heroimg\" data-element_type=\"widget\" data-e-type=\"widget\" data-widget_type=\"image.default\">\n\t\t\t\t\t\t\t\t\t\t\t\t\t\t\t<img fetchpriority=\"high\" decoding=\"async\" width=\"683\" height=\"1024\" src=\"https:\/\/iwell-guard.com\/wp-content\/uploads\/2026\/05\/goetter_hethitisch_ullikummi-683x1024.webp\" class=\"attachment-large size-large wp-image-2844\" alt=\"Ullikummi \u2013 El gegant de pedra contra els d\u00e9us\" srcset=\"https:\/\/iwell-guard.com\/wp-content\/uploads\/2026\/05\/goetter_hethitisch_ullikummi-683x1024.webp 683w, https:\/\/iwell-guard.com\/wp-content\/uploads\/2026\/05\/goetter_hethitisch_ullikummi-200x300.webp 200w, https:\/\/iwell-guard.com\/wp-content\/uploads\/2026\/05\/goetter_hethitisch_ullikummi-768x1152.webp 768w, https:\/\/iwell-guard.com\/wp-content\/uploads\/2026\/05\/goetter_hethitisch_ullikummi.webp 1024w\" sizes=\"(max-width: 683px) 100vw, 683px\" \/>\t\t\t\t\t\t\t\t\t\t\t\t\t\t\t<\/div>\n\t\t\t\t<\/div>\n\t\t\t\t\t<\/div>\n\t\t\t\t<\/div>\n\t\t<div class=\"elementor-element elementor-element-iwgw-ullikummi-s0 e-flex e-con-boxed e-con e-parent\" data-id=\"iwgw-ullikummi-s0\" data-element_type=\"container\" data-e-type=\"container\">\n\t\t\t\t\t<div class=\"e-con-inner\">\n\t\t\t\t<div class=\"elementor-element elementor-element-iwgw-ullikummi-s0h elementor-widget elementor-widget-heading\" data-id=\"iwgw-ullikummi-s0h\" data-element_type=\"widget\" data-e-type=\"widget\" data-widget_type=\"heading.default\">\n\t\t\t\t\t<h2 class=\"elementor-heading-title elementor-size-default\">Classificaci\u00f3 i perfil breu<\/h2>\t\t\t\t<\/div>\n\t\t<div class=\"elementor-element elementor-element-iwgw-ullikummi-s0c e-con-full e-flex e-con e-child\" data-id=\"iwgw-ullikummi-s0c\" data-element_type=\"container\" data-e-type=\"container\">\n\t\t\t\t<div class=\"elementor-element elementor-element-iwgw-ullikummi-s0t elementor-widget elementor-widget-text-editor\" data-id=\"iwgw-ullikummi-s0t\" data-element_type=\"widget\" data-e-type=\"widget\" data-widget_type=\"text-editor.default\">\n\t\t\t\t\t\t\t\t\t<p>Ullikummi \u00e9s una de les figures m\u00e9s destacades de la <span class=\"iwg-fachbegriff\" data-tooltip=\"El conjunt de relats sobre d\u00e9us transmesos d'una cultura.\" tabindex=\"0\">mitologia<\/span> de l&#8217;Orient Pr\u00f2xim antic. No \u00e9s un d\u00e9u en el sentit cl\u00e0ssic, sin\u00f3 un \u00e9sser del caos fet de pedra, engendrat per <a href=\"https:\/\/iwell-guard.com\/ca\/?page_id=171714\">Kumarbi<\/a> com a eina per recuperar el domini div\u00ed.<\/p><p>El seu <span class=\"iwg-fachbegriff\" data-tooltip=\"Un relat transm\u00e8s sobre d\u00e9us, or\u00edgens i l'ordre del m\u00f3n.\" tabindex=\"0\">mite<\/span>, el &#8216;Cant d&#8217;Ullikummi&#8217; (CTH 345), \u00e9s una de les peces liter\u00e0riament m\u00e9s impressionants de la <span class=\"iwg-fachbegriff\" data-tooltip=\"El conjunt de relats sobre d\u00e9us transmesos d'una cultura.\" tabindex=\"0\">mitologia<\/span> hurrita, i va ser presentat per Hans G\u00fcterbock en una edici\u00f3 detallada el 1951\/1952.<\/p><p>Des del punt de vista de la hist\u00f2ria de les religions, Ullikummi representa el tipus de l&#8217;antiheroi c\u00f2smic que desafia l&#8217;ordre div\u00ed i finalment \u00e9s ven\u00e7ut. El seu creixement &#8216;com un arbre alt&#8217; fins al cel i la seva mudesa (no pot veure ni sentir) el converteixen en una figura veritablement inquietant.<\/p><p>Aquesta configuraci\u00f3 d&#8217;un gegant de pedra cec i sord \u00e9s singular dins la <span class=\"iwg-fachbegriff\" data-tooltip=\"El conjunt de relats sobre d\u00e9us transmesos d'una cultura.\" tabindex=\"0\">mitologia<\/span> de l&#8217;Orient Pr\u00f2xim antic, i fa d&#8217;Ullikummi una de les figures d&#8217;\u00e9sser del caos m\u00e9s impressionants que existeixen.<\/p><p>Trevor Bryce, a <em>The Kingdom of the Hittites<\/em> (2005), ha assenyalat l&#8217;estructura paral\u00b7lela amb el Tif\u00f3 grec; Ullikummi pertany a la fam\u00edlia internacional dels gegants del caos que lluiten contra l&#8217;ordre celeste ol\u00edmpic o anatoli. Dins la <a href=\"https:\/\/iwell-guard.com\/ca\/hitita-anatolic-tarhunna-deus-proteccio\/\">tradici\u00f3 hitita<\/a>, \u00e9s l&#8217;antid\u00e9u m\u00e9s prominent del cicle de Kumarbi.<\/p><p>Un punt teol\u00f2gic destacat del <span class=\"iwg-fachbegriff\" data-tooltip=\"Un relat transm\u00e8s sobre d\u00e9us, or\u00edgens i l'ordre del m\u00f3n.\" tabindex=\"0\">mite<\/span> \u00e9s que Ullikummi no neix de la maldat o l&#8217;odi, sin\u00f3 com una eina creada deliberadament. Kumarbi el crea de manera program\u00e0tica, amb una tasca clara i un nom significatiu. Aquesta creaci\u00f3 &#8216;instrumental&#8217; d&#8217;un \u00e9sser del caos \u00e9s inusual des del punt de vista de la hist\u00f2ria de les religions i constitueix una categoria mitol\u00f2gica pr\u00f2pia.<\/p>\t\t\t\t\t\t\t\t<\/div>\n\t\t\t\t<\/div>\n\t\t\t\t\t<\/div>\n\t\t\t\t<\/div>\n\t\t<div class=\"elementor-element elementor-element-iwgw-ullikummi-s1 e-flex e-con-boxed e-con e-parent\" data-id=\"iwgw-ullikummi-s1\" data-element_type=\"container\" data-e-type=\"container\">\n\t\t\t\t\t<div class=\"e-con-inner\">\n\t\t\t\t<div class=\"elementor-element elementor-element-iwgw-ullikummi-s1h elementor-widget elementor-widget-heading\" data-id=\"iwgw-ullikummi-s1h\" data-element_type=\"widget\" data-e-type=\"widget\" data-widget_type=\"heading.default\">\n\t\t\t\t\t<h2 class=\"elementor-heading-title elementor-size-default\">Nom i etimologia<\/h2>\t\t\t\t<\/div>\n\t\t<div class=\"elementor-element elementor-element-iwgw-ullikummi-s1c e-con-full e-flex e-con e-child\" data-id=\"iwgw-ullikummi-s1c\" data-element_type=\"container\" data-e-type=\"container\">\n\t\t\t\t<div class=\"elementor-element elementor-element-iwgw-ullikummi-s1t elementor-widget elementor-widget-text-editor\" data-id=\"iwgw-ullikummi-s1t\" data-element_type=\"widget\" data-e-type=\"widget\" data-widget_type=\"text-editor.default\">\n\t\t\t\t\t\t\t\t\t<p>El nom Ullikummi \u00e9s hurrita i probablement significa &#8216;destructor de Kummiya&#8217;, sent Kummiya la resid\u00e8ncia de <a href=\"https:\/\/iwell-guard.com\/ca\/?page_id=171715\">Teshub<\/a>. Volkert Haas, a <em>Geschichte der hethitischen Religion<\/em> (1994), va discutir aquesta etimologia com la m\u00e9s probable; l&#8217;element <em>ulli-<\/em> es relaciona amb &#8216;destruir&#8217;, i <em>-kummi<\/em> es considera un nom de lloc.<\/p><p>En els textos cune\u00efformes el nom apareix com <em>Ul-li-kum-mi<\/em>; en hitita hi ha diverses terminacions gramaticals documentades. Una interpretaci\u00f3 alternativa hi veu un significat apel\u00b7latiu de &#8216;el que ha de ser destru\u00eft&#8217; o &#8216;el que ha crescut molt alt&#8217;, per\u00f2 est\u00e0 menys ben documentada.<\/p><p>El nom, doncs, ja anuncia program\u00e0ticament qu\u00e8 ha de fer el gegant: destruir la resid\u00e8ncia de Teshub i, amb aix\u00f2, l&#8217;ordre div\u00ed. En el <span class=\"iwg-fachbegriff\" data-tooltip=\"Un relat transm\u00e8s sobre d\u00e9us, or\u00edgens i l'ordre del m\u00f3n.\" tabindex=\"0\">mite<\/span>, gaireb\u00e9 compleix aquest objectiu.<\/p><p>Aquest procediment de donar a una figura narrativa un nom &#8216;parlant&#8217; \u00e9s freq\u00fcent en la tradici\u00f3 narrativa de l&#8217;Orient Pr\u00f2xim antic; forma part de les estrat\u00e8gies de caracteritzaci\u00f3 m\u00edtica. Volkert Haas ha discutit casos similars en altres \u00e9ssers del caos com Hedammu i la criatura de plata.<\/p><p>En luvi jerogl\u00edfic el nom no est\u00e0 documentat de manera clara, cosa que subratlla l&#8217;arrelament purament hurrita de la figura. Tampoc apareix en urarteu, llengua en la qual sobreviuen molts teonimes hurrites: Ullikummi continua sent una figura narrativa del cicle de Kumarbi, no d&#8217;un culte viu.<\/p>\t\t\t\t\t\t\t\t<\/div>\n\t\t\t\t<\/div>\n\t\t\t\t\t<\/div>\n\t\t\t\t<\/div>\n\t\t<div class=\"elementor-element elementor-element-iwgw-ullikummi-s2 e-flex e-con-boxed e-con e-parent\" data-id=\"iwgw-ullikummi-s2\" data-element_type=\"container\" data-e-type=\"container\">\n\t\t\t\t\t<div class=\"e-con-inner\">\n\t\t\t\t<div class=\"elementor-element elementor-element-iwgw-ullikummi-s2h elementor-widget elementor-widget-heading\" data-id=\"iwgw-ullikummi-s2h\" data-element_type=\"widget\" data-e-type=\"widget\" data-widget_type=\"heading.default\">\n\t\t\t\t\t<h2 class=\"elementor-heading-title elementor-size-default\">Descripci\u00f3 i iconografia<\/h2>\t\t\t\t<\/div>\n\t\t<div class=\"elementor-element elementor-element-iwgw-ullikummi-s2c e-con-full e-flex e-con e-child\" data-id=\"iwgw-ullikummi-s2c\" data-element_type=\"container\" data-e-type=\"container\">\n\t\t\t\t<div class=\"elementor-element elementor-element-iwgw-ullikummi-s2t elementor-widget elementor-widget-text-editor\" data-id=\"iwgw-ullikummi-s2t\" data-element_type=\"widget\" data-e-type=\"widget\" data-widget_type=\"text-editor.default\">\n\t\t\t\t\t\t\t\t\t<p>Ullikummi est\u00e0 fet de diorita, una pedra fosca extremament dura. \u00c9s cec i sord de naixement; ni d\u00e9us ni humans poden establir contacte amb ell.<\/p><p>Creix constantment: &#8216;Com un arbre alt, com un cany\u00eds, creixia cada cop m\u00e9s r\u00e0pid.&#8217; Al principi es troba dins el mar, fins que les seves espatlles sobresurten de les onades, i despr\u00e9s continua creixent fins arribar al cim del cel.<\/p><p>Iconogr\u00e0ficament, Ullikummi no \u00e9s f\u00e0cil d&#8217;identificar; les possibles representacions en relleus hitites tardans s\u00f3n discutides. En l&#8217;hitittologia moderna sovint es visualitza conceptualment com una &#8216;columna de pedra&#8217;. El seu lloc \u00e9s l&#8217;espatlla dreta del gegant primordial Upelluri, una figura semblant a Atlas, que no s&#8217;adona que sobre la seva espatlla creix un gegant.<\/p><p>Aquesta idea d&#8217;un gegant Atlas adormit, sobre l&#8217;espatlla del qual es desenvolupen esdeveniments c\u00f2smics, \u00e9s una de les imatges de <span class=\"iwg-fachbegriff\" data-tooltip=\"Idea sobre l'estructura i l'ordre del m\u00f3n dins d'una cultura.\" tabindex=\"0\">cosmologia<\/span> m\u00e9s inusuals de la <span class=\"iwg-fachbegriff\" data-tooltip=\"El conjunt de relats sobre d\u00e9us transmesos d'una cultura.\" tabindex=\"0\">mitologia<\/span> de l&#8217;Orient Pr\u00f2xim antic, i Mary Bachvarova l&#8217;ha discutit com a possible precursora de la idea grega d&#8217;Atlas.<\/p><p>Tamb\u00e9 la idea d&#8217;Upelluri com a gegant primordial amb mons sobre l&#8217;espatlla recorda imatges mitol\u00f2giques posteriors del portador del m\u00f3n en diverses cultures mediterr\u00e0nies.<\/p>\t\t\t\t\t\t\t\t<\/div>\n\t\t\t\t<\/div>\n\t\t\t\t\t<\/div>\n\t\t\t\t<\/div>\n\t\t<div class=\"elementor-element elementor-element-iwgw-ullikummi-s3 e-flex e-con-boxed e-con e-parent\" data-id=\"iwgw-ullikummi-s3\" data-element_type=\"container\" data-e-type=\"container\">\n\t\t\t\t\t<div class=\"e-con-inner\">\n\t\t\t\t<div class=\"elementor-element elementor-element-iwgw-ullikummi-s3h elementor-widget elementor-widget-heading\" data-id=\"iwgw-ullikummi-s3h\" data-element_type=\"widget\" data-e-type=\"widget\" data-widget_type=\"heading.default\">\n\t\t\t\t\t<h2 class=\"elementor-heading-title elementor-size-default\">Relats mitol\u00f2gics<\/h2>\t\t\t\t<\/div>\n\t\t<div class=\"elementor-element elementor-element-iwgw-ullikummi-s3c e-con-full e-flex e-con e-child\" data-id=\"iwgw-ullikummi-s3c\" data-element_type=\"container\" data-e-type=\"container\">\n\t\t\t\t<div class=\"elementor-element elementor-element-iwgw-ullikummi-s3t elementor-widget elementor-widget-text-editor\" data-id=\"iwgw-ullikummi-s3t\" data-element_type=\"widget\" data-e-type=\"widget\" data-widget_type=\"text-editor.default\">\n\t\t\t\t\t\t\t\t\t<p>El &#8216;Cant d&#8217;Ullikummi&#8217; (CTH 345) s&#8217;ha conservat en tres tauletes i es pot reconstruir b\u00e9. L&#8217;acci\u00f3: <a href=\"https:\/\/iwell-guard.com\/ca\/?page_id=171714\">Kumarbi<\/a> busca un venjador contra el seu fill <a href=\"https:\/\/iwell-guard.com\/ca\/?page_id=171715\">Teshub<\/a>. Es dirigeix a una roca al mar que cont\u00e9 un <span class=\"iwg-fachbegriff\" data-tooltip=\"Un \u00e9sser sense cos al qual s'atribueix efecte en el m\u00f3n.\" tabindex=\"0\">esperit<\/span> femen\u00ed.<\/p><p>De la seva uni\u00f3 neix Ullikummi. Kumarbi li dona el nom amb un significat program\u00e0tic i el lliura a les deesses Ir\u0161irra, que el col\u00b7loquen sobre l&#8217;espatlla d&#8217;Upelluri.<\/p><p>Ullikummi creix constantment. La <a href=\"https:\/\/iwell-guard.com\/ca\/arinna-deessa-sol\/\">deessa del Sol<\/a> el descobreix primer i ho comunica a <a href=\"https:\/\/iwell-guard.com\/ca\/?page_id=171715\">Teshub<\/a>, que espantat puja la muntanya Hazzi (Mons Casius, prop d&#8217;Antioquia) i veu el monstre.<\/p><p>\u0160au\u0161ga, la germana de Teshub, intenta seduir Ullikummi amb m\u00fasica i dansa, per\u00f2 el seu \u00e9sser cec i sord es mant\u00e9 impassible. Tamb\u00e9 fracassa el primer atac dels d\u00e9us; Ullikummi amena\u00e7a de conquerir el santuari del temple de Teshub a Kummiya.<\/p><p>Finalment, Teshub visita el savi d\u00e9u Ea (en hurrita \u1e2aa\u0161ammilu) al m\u00f3n subterrani. Ea treu la vella serra del magatzem, amb la qual antigament es van separar el cel i la terra, i amb ella separa Ullikummi del seu suport sobre l&#8217;espatlla d&#8217;Upelluri.<\/p><p>Debilitat, Ullikummi \u00e9s finalment ven\u00e7ut en la lluita contra Teshub, encara que el final del text \u00e9s fragmentari. El punt teol\u00f2gic central: no \u00e9s la for\u00e7a bruta de Teshub sola, sin\u00f3 el coneixement d&#8217;Ea sobre les eines c\u00f2smiques, el que decideix el combat.<\/p><p>Un episodi independent descriu la trobada dels d\u00e9us a la muntanya Hazzi, on deliberen sobre l&#8217;amena\u00e7a. Aquesta assemblea divina \u00e9s una de les escenes m\u00e9s impressionants de la <span class=\"iwg-fachbegriff\" data-tooltip=\"El conjunt de narracions divines transmeses d'una cultura.\" tabindex=\"0\">mitologia<\/span> hurrita i alhora constitueix el centre narratiu del cant.<\/p><p>Hazzi s&#8217;identifica amb el Mons Casius (avui Cebel Akra, a Turquia i S\u00edria), una muntanya sagrada que tamb\u00e9 apareix en el <span class=\"iwg-fachbegriff\" data-tooltip=\"Una narraci\u00f3 transmesa sobre d\u00e9us, or\u00edgens i l'ordre del m\u00f3n.\" tabindex=\"0\">mite<\/span> ugar\u00edtic de Baal com a resid\u00e8ncia de Baal.<\/p>\t\t\t\t\t\t\t\t<\/div>\n\t\t\t\t<\/div>\n\t\t\t\t\t<\/div>\n\t\t\t\t<\/div>\n\t\t<div class=\"elementor-element elementor-element-iwgw-ullikummi-s4 e-flex e-con-boxed e-con e-parent\" data-id=\"iwgw-ullikummi-s4\" data-element_type=\"container\" data-e-type=\"container\">\n\t\t\t\t\t<div class=\"e-con-inner\">\n\t\t\t\t<div class=\"elementor-element elementor-element-iwgw-ullikummi-s4h elementor-widget elementor-widget-heading\" data-id=\"iwgw-ullikummi-s4h\" data-element_type=\"widget\" data-e-type=\"widget\" data-widget_type=\"heading.default\">\n\t\t\t\t\t<h2 class=\"elementor-heading-title elementor-size-default\">Culte i veneraci\u00f3<\/h2>\t\t\t\t<\/div>\n\t\t<div class=\"elementor-element elementor-element-iwgw-ullikummi-s4c e-con-full e-flex e-con e-child\" data-id=\"iwgw-ullikummi-s4c\" data-element_type=\"container\" data-e-type=\"container\">\n\t\t\t\t<div class=\"elementor-element elementor-element-iwgw-ullikummi-s4t elementor-widget elementor-widget-text-editor\" data-id=\"iwgw-ullikummi-s4t\" data-element_type=\"widget\" data-e-type=\"widget\" data-widget_type=\"text-editor.default\">\n\t\t\t\t\t\t\t\t\t<p>Ullikummi no era destinatari de cap culte; com a \u00e9sser del caos, no era venerat, sin\u00f3 combatut <span class=\"iwg-fachbegriff\" data-tooltip=\"Que pertany a una seq\u00fc\u00e8ncia d'accions religioses establerta.\" tabindex=\"0\">ritualment<\/span> o invocat com a contraimatge negativa. En alguns rituals de protecci\u00f3 apareix com a exemple protot\u00edpic del perill c\u00f2smic que cal conjurar mitjan\u00e7ant la intervenci\u00f3 divina.<\/p><p>El seu <span class=\"iwg-fachbegriff\" data-tooltip=\"Una narraci\u00f3 transmesa sobre d\u00e9us, or\u00edgens i l'ordre del m\u00f3n.\" tabindex=\"0\">mite<\/span>, per\u00f2, es recitava en el culte imperial; probablement el &#8216;Cant d&#8217;Ullikummi&#8217; formava part del repertori dels cantors hurrites (<em>kaluti<\/em>), que interpretaven les epopeies divines en les grans festes. Joost Hazenbos ha estudiat l&#8217;organitzaci\u00f3 sacerdotal d&#8217;aquestes recitacions a <em>The Organization of the Anatolian Local Cults<\/em> (2003).<\/p><p>La funci\u00f3 historicoreligiosa del <span class=\"iwg-fachbegriff\" data-tooltip=\"Una narraci\u00f3 transmesa sobre d\u00e9us, or\u00edgens i l'ordre del m\u00f3n.\" tabindex=\"0\">mite<\/span> \u00e9s la confirmaci\u00f3 de l&#8217;ordre div\u00ed contra el caos. En recitar-se el <span class=\"iwg-fachbegriff\" data-tooltip=\"Una narraci\u00f3 transmesa sobre d\u00e9us, or\u00edgens i l'ordre del m\u00f3n.\" tabindex=\"0\">mite<\/span>, la derrota de l&#8217;\u00e9sser del caos es reprodu\u00efa cultualment i aix\u00ed s&#8217;enfortia l&#8217;equilibri c\u00f2smic.<\/p><p>Aquesta funci\u00f3 de la &#8216;repetici\u00f3 ritual de les derrotes m\u00edtiques del caos&#8217; pertany a les estructures fonamentals de la religi\u00f3 del pr\u00f2xim orient antic i es troba tamb\u00e9 en la recitaci\u00f3 ac\u00e0dia de l&#8217;Enuma Elish durant la festa d&#8217;Any Nou, aix\u00ed com en la recitaci\u00f3 del cicle de Baal ugar\u00edtic.<\/p><p>La funci\u00f3 ritual de la recitaci\u00f3 m\u00edtica a la cort est\u00e0 ben documentada: en el calendari festiu, el repertori de cants dels cantors hurrites apareix com a component fix de les grans celebracions imperials. Aquesta tradici\u00f3 de cants pertany al patrimoni cultural de l&#8217;edat del bronze tardana i \u00e9s un dels testimonis m\u00e9s importants de l&#8217;alta cultura liter\u00e0ria de l&#8217;Anat\u00f2lia hurrita.<\/p>\t\t\t\t\t\t\t\t<\/div>\n\t\t\t\t<\/div>\n\t\t\t\t\t<\/div>\n\t\t\t\t<\/div>\n\t\t<div class=\"elementor-element elementor-element-iwgw-ullikummi-s5 e-flex e-con-boxed e-con e-parent\" data-id=\"iwgw-ullikummi-s5\" data-element_type=\"container\" data-e-type=\"container\">\n\t\t\t\t\t<div class=\"e-con-inner\">\n\t\t\t\t<div class=\"elementor-element elementor-element-iwgw-ullikummi-s5h elementor-widget elementor-widget-heading\" data-id=\"iwgw-ullikummi-s5h\" data-element_type=\"widget\" data-e-type=\"widget\" data-widget_type=\"heading.default\">\n\t\t\t\t\t<h2 class=\"elementor-heading-title elementor-size-default\">Pr\u00e0ctica de protecci\u00f3 i elements apotropaics<\/h2>\t\t\t\t<\/div>\n\t\t<div class=\"elementor-element elementor-element-iwgw-ullikummi-s5c e-con-full e-flex e-con e-child\" data-id=\"iwgw-ullikummi-s5c\" data-element_type=\"container\" data-e-type=\"container\">\n\t\t\t\t<div class=\"elementor-element elementor-element-iwgw-ullikummi-s5t elementor-widget elementor-widget-text-editor\" data-id=\"iwgw-ullikummi-s5t\" data-element_type=\"widget\" data-e-type=\"widget\" data-widget_type=\"text-editor.default\">\n\t\t\t\t\t\t\t\t\t<p>En els rituals m\u00e0gics hurrito-hitites, Ullikummi apareix com a figura negativa, la derrota de la qual es repeteix <span class=\"iwg-fachbegriff\" data-tooltip=\"Que pertany a una seq\u00fc\u00e8ncia d'accions religioses establerta.\" tabindex=\"0\">ritualment<\/span>. Volkert Haas ha editat textos corresponents a <em>Materia Magica et Medica Hethitica<\/em> (2003).<\/p><p>En cas de malalties, disputes o amenaces c\u00f2smiques (com terratr\u00e8mols), la serra de la creaci\u00f3 s&#8217;utilitzava simb\u00f2licament contra el caos; un sacerdot agafava una petita serra a la m\u00e0 i &#8216;separava&#8217; la malaltia o el conflicte del pacient.<\/p><p><span class=\"iwg-fachbegriff\" data-tooltip=\"Que allunya el mal: dit de signes i objectes destinats a mantenir a dist\u00e0ncia influ\u00e8ncies nocives.\" tabindex=\"0\">Apotropaicament<\/span>, de vegades es duien peces de diorita com a amulets protectors, encara que en refer\u00e8ncia a altres divinitats, no directament a Ullikummi. Aquesta pr\u00e0ctica \u00e9s hist\u00f2ricament reveladora, perqu\u00e8 mostra com els \u00e9ssers del caos poden ser &#8216;invertits&#8217; <span class=\"iwg-fachbegriff\" data-tooltip=\"Que pertany a una seq\u00fc\u00e8ncia d'accions religioses establerta.\" tabindex=\"0\">ritualment<\/span>: all\u00f2 que en el <span class=\"iwg-fachbegriff\" data-tooltip=\"Una narraci\u00f3 transmesa sobre d\u00e9us, or\u00edgens i l'ordre del m\u00f3n.\" tabindex=\"0\">mite<\/span> era amena\u00e7a, en el <span class=\"iwg-fachbegriff\" data-tooltip=\"Una seq\u00fc\u00e8ncia ordenada d'accions simb\u00f2liques amb significat religi\u00f3s o cultural.\" tabindex=\"0\">ritual<\/span> es converteix en recurs protector. Aquesta inversi\u00f3 \u00e9s un fenomen conegut de la <span class=\"iwg-fachbegriff\" data-tooltip=\"Pr\u00e0ctiques que pretenen intervenir en el curs de les coses mitjan\u00e7ant accions o f\u00f3rmules especials.\" tabindex=\"0\">m\u00e0gia<\/span> del pr\u00f2xim orient antic.<\/p><p>Des de la perspectiva d&#8217;iWell Guard, Ullikummi \u00e9s sobretot un exemple historicoreligi\u00f3s de la derrota del caos mitjan\u00e7ant el coneixement div\u00ed (la serra d&#8217;Ea).<\/p><p>No s&#8217;inscriu en la s\u00e8rie de destinataris individuals de protecci\u00f3 i no \u00e9s objecte de la <span class=\"iwg-fachbegriff\" data-tooltip=\"L'actitud i la pr\u00e0ctica religiosa viscuda d'una persona.\" tabindex=\"0\">devoci\u00f3<\/span> moderna. El seu significat s&#8217;esgota en el <span class=\"iwg-fachbegriff\" data-tooltip=\"Una narraci\u00f3 transmesa sobre d\u00e9us, or\u00edgens i l'ordre del m\u00f3n.\" tabindex=\"0\">mite<\/span> i en l&#8217;estudi comparatiu de les religions. La derrota d&#8217;Ullikummi demostra la confian\u00e7a del pr\u00f2xim orient antic en que el coneixement c\u00f2smic, transm\u00e8s a trav\u00e9s dels d\u00e9us de la saviesa, pot superar qualsevol amena\u00e7a material.<\/p>\t\t\t\t\t\t\t\t<\/div>\n\t\t\t\t<\/div>\n\t\t\t\t\t<\/div>\n\t\t\t\t<\/div>\n\t\t<div class=\"elementor-element elementor-element-iwgw-ullikummi-s6 e-flex e-con-boxed e-con e-parent\" data-id=\"iwgw-ullikummi-s6\" data-element_type=\"container\" data-e-type=\"container\">\n\t\t\t\t\t<div class=\"e-con-inner\">\n\t\t\t\t<div class=\"elementor-element elementor-element-iwgw-ullikummi-s6h elementor-widget elementor-widget-heading\" data-id=\"iwgw-ullikummi-s6h\" data-element_type=\"widget\" data-e-type=\"widget\" data-widget_type=\"heading.default\">\n\t\t\t\t\t<h2 class=\"elementor-heading-title elementor-size-default\">Paral\u00b7lelismes en altres cultures<\/h2>\t\t\t\t<\/div>\n\t\t<div class=\"elementor-element elementor-element-iwgw-ullikummi-s6c e-con-full e-flex e-con e-child\" data-id=\"iwgw-ullikummi-s6c\" data-element_type=\"container\" data-e-type=\"container\">\n\t\t\t\t<div class=\"elementor-element elementor-element-iwgw-ullikummi-s6t elementor-widget elementor-widget-text-editor\" data-id=\"iwgw-ullikummi-s6t\" data-element_type=\"widget\" data-e-type=\"widget\" data-widget_type=\"text-editor.default\">\n\t\t\t\t\t\t\t\t\t<p>El paral\u00b7lel m\u00e9s important \u00e9s el grec Tif\u00f3, un gegant que arriba fins al cel i lluita contra Zeus. Hes\u00edode (Teogonia 820, 880) el descriu com a fill de Gaia i T\u00e0rtar amb cent caps de serp.<\/p><p>Igual que Ullikummi, Tif\u00f3 \u00e9s derrotat pel d\u00e9u de les tempestes. Hans G\u00fcterbock ja va elaborar el 1951 el paral\u00b7lelisme estret entre ambd\u00f3s mites; Walter Burkert n&#8217;ha fet un dels exemples est\u00e0ndard de la influ\u00e8ncia oriental sobre la <span class=\"iwg-fachbegriff\" data-tooltip=\"El conjunt de relats sobre d\u00e9us transmesos d'una cultura.\" tabindex=\"0\">mitologia<\/span> grega.<\/p><p>En l&#8217;\u00e0mbit sem\u00edtic occidental, <a href=\"https:\/\/iwell-guard.com\/ca\/?page_id=171727\">Yam<\/a>, el d\u00e9u del mar del cicle de Baal, correspon funcionalment al tipus Ullikummi: tamb\u00e9 ell amena\u00e7a l&#8217;ordre div\u00ed, tamb\u00e9 ell \u00e9s derrotat pel d\u00e9u de la tempesta. Tanmateix, Yam mateix \u00e9s un d\u00e9u, mentre que Ullikummi \u00e9s un \u00e9sser no div\u00ed. Aquesta difer\u00e8ncia subratlla el concepte hurrita d&#8217;una eina pura del caos, no integrada en el <span class=\"iwg-fachbegriff\" data-tooltip=\"El conjunt de d\u00e9us d'una religi\u00f3 o cultura.\" tabindex=\"0\">pante\u00f3<\/span>.<\/p><p>Hist\u00f2ricament, Ullikummi pertany a la fam\u00edlia internacional dels combats contra el caos protagonitzats per gegants de pedra, dracs o monstres marins. Mary Bachvarova, a <em>From Hittite to Homer<\/em> (2016), ha examinat detalladament les vies de transmissi\u00f3 cap a la <span class=\"iwg-fachbegriff\" data-tooltip=\"El conjunt de relats sobre d\u00e9us transmesos d'una cultura.\" tabindex=\"0\">mitologia<\/span> grega i ha mostrat que els cantors hurrites i les ciutats-estat del nord de S\u00edria van ser els principals mitjancers. Tamb\u00e9 <a href=\"https:\/\/iwell-guard.com\/ca\/?page_id=171719\">Hedammu<\/a>, del mateix cicle m\u00edtic, pertany a la fam\u00edlia dels \u00e9ssers del caos.<\/p>\t\t\t\t\t\t\t\t<\/div>\n\t\t\t\t<\/div>\n\t\t\t\t\t<\/div>\n\t\t\t\t<\/div>\n\t\t<div class=\"elementor-element elementor-element-iwgw-ullikummi-s7 e-flex e-con-boxed e-con e-parent\" data-id=\"iwgw-ullikummi-s7\" data-element_type=\"container\" data-e-type=\"container\">\n\t\t\t\t\t<div class=\"e-con-inner\">\n\t\t\t\t<div class=\"elementor-element elementor-element-iwgw-ullikummi-s7h elementor-widget elementor-widget-heading\" data-id=\"iwgw-ullikummi-s7h\" data-element_type=\"widget\" data-e-type=\"widget\" data-widget_type=\"heading.default\">\n\t\t\t\t\t<h2 class=\"elementor-heading-title elementor-size-default\">Recepci\u00f3 i investigaci\u00f3 actuals<\/h2>\t\t\t\t<\/div>\n\t\t<div class=\"elementor-element elementor-element-iwgw-ullikummi-s7c e-con-full e-flex e-con e-child\" data-id=\"iwgw-ullikummi-s7c\" data-element_type=\"container\" data-e-type=\"container\">\n\t\t\t\t<div class=\"elementor-element elementor-element-iwgw-ullikummi-s7t elementor-widget elementor-widget-text-editor\" data-id=\"iwgw-ullikummi-s7t\" data-element_type=\"widget\" data-e-type=\"widget\" data-widget_type=\"text-editor.default\">\n\t\t\t\t\t\t\t\t\t<p>El &#8216;Cant d&#8217;Ullikummi&#8217; va ser editat el 1951\/1952 per Hans G\u00fcterbock i des d&#8217;aleshores \u00e9s material est\u00e0ndard de la <span class=\"iwg-fachbegriff\" data-tooltip=\"El conjunt de relats sobre d\u00e9us transmesos d'una cultura.\" tabindex=\"0\">mitologia<\/span> hitita. Hi ha aportacions rellevants m\u00e9s recents de Beckman, Hoffner, Haas i Bachvarova. L&#8217;estudi de Bachvarova \u00e9s especialment important pels paral\u00b7lels grecs.<\/p><p>En la recepci\u00f3 popular, Ullikummi \u00e9s pr\u00e0cticament desconegut, a difer\u00e8ncia de Tif\u00f3, que apareix ocasionalment en novel\u00b7les modernes de fantasia. En l&#8217;\u00e0mbit cultural turc, s&#8217;esmenta ocasionalment com a refer\u00e8ncia local a Yaz\u0131l\u0131kaya i al mont Casius (avui Cebel Akra, entre Turquia i S\u00edria). Falta una revifada espiritual en sentit neopag\u00e0.<\/p><p>Cient\u00edficament, Ullikummi es considera avui un objecte d&#8217;estudi central per a la <span class=\"iwg-fachbegriff\" data-tooltip=\"La doctrina cient\u00edfica sobre d\u00e9u i la fe d'una religi\u00f3.\" tabindex=\"0\">teologia<\/span> del caos de l&#8217;Orient Antic i per a la transmissi\u00f3 de la teogonia. Els focus de recerca actuals se centren en l&#8217;edici\u00f3 cr\u00edtica de les tauletes, en la comparaci\u00f3 amb Tif\u00f3 i Tiamat, i en la q\u00fcesti\u00f3 de com es recitava realment el <span class=\"iwg-fachbegriff\" data-tooltip=\"Un relat transm\u00e8s sobre d\u00e9us, or\u00edgens i l'ordre del m\u00f3n.\" tabindex=\"0\">mite<\/span> en el culte imperial. L&#8217;iWell Guard el recull com a exemple d&#8217;hist\u00f2ria de les religions, sense cap relaci\u00f3 protectora pr\u00e0ctica.<\/p><p>Investigacions actuals d&#8217;Stefano de Martino i Michel Mazoyer examinen tamb\u00e9 la relaci\u00f3 entre Ullikummi i el concepte neohitita posterior de la &#8216;muntanya c\u00f2smica&#8217;, que apareix en les inscripcions jerogl\u00edfiques luvites de Mara\u015f i Karkami\u0161.<\/p><p>La q\u00fcesti\u00f3 de si la tradici\u00f3 d&#8217;Ullikummi va sobreviure, d&#8217;alguna manera, a la caiguda de l&#8217;imperi hitita ha estat represa recentment.<\/p>\t\t\t\t\t\t\t\t<\/div>\n\t\t\t\t<\/div>\n\t\t\t\t\t<\/div>\n\t\t\t\t<\/div>\n\t\t<div class=\"elementor-element elementor-element-iwgw-ullikummi-s8 e-flex e-con-boxed e-con e-parent\" data-id=\"iwgw-ullikummi-s8\" data-element_type=\"container\" data-e-type=\"container\">\n\t\t\t\t\t<div class=\"e-con-inner\">\n\t\t\t\t<div class=\"elementor-element elementor-element-iwgw-ullikummi-s8h elementor-widget elementor-widget-heading\" data-id=\"iwgw-ullikummi-s8h\" data-element_type=\"widget\" data-e-type=\"widget\" data-widget_type=\"heading.default\">\n\t\t\t\t\t<h2 class=\"elementor-heading-title elementor-size-default\">Bibliografia i fonts<\/h2>\t\t\t\t<\/div>\n\t\t<div class=\"elementor-element elementor-element-iwgw-ullikummi-s8c e-con-full e-flex e-con e-child\" data-id=\"iwgw-ullikummi-s8c\" data-element_type=\"container\" data-e-type=\"container\">\n\t\t\t\t<div class=\"elementor-element elementor-element-iwgw-ullikummi-s8t elementor-widget elementor-widget-text-editor\" data-id=\"iwgw-ullikummi-s8t\" data-element_type=\"widget\" data-e-type=\"widget\" data-widget_type=\"text-editor.default\">\n\t\t\t\t\t\t\t\t\t<p>A la selecci\u00f3 seg\u00fcent es reuneixen les obres de refer\u00e8ncia principals sobre la recerca d&#8217;Ullikummi; inclouen edicions, traduccions i s\u00edntesis hist\u00f2riques. L&#8217;edici\u00f3 de G\u00fcterbock continua sent el punt de refer\u00e8ncia filol\u00f2gic, la traducci\u00f3 de Beckman fa accessible el text en angl\u00e8s, i la s\u00edntesi de Bachvarova ofereix la visi\u00f3 comparativa m\u00e9s actual. Volkert Haas ha exposat en diversos estudis la inserci\u00f3 hist\u00f2rico-ritual, i Walter Burkert ha desenvolupat la perspectiva de la religi\u00f3 comparada.<\/p>\t\t\t\t\t\t\t\t<\/div>\n\t\t\t\t<\/div>\n\t\t\t\t\t<\/div>\n\t\t\t\t<\/div>\n\t\t<div class=\"elementor-element elementor-element-cp2364f09b e-flex e-con-boxed e-con e-parent\" data-id=\"cp2364f09b\" data-element_type=\"container\" data-e-type=\"container\">\n\t\t\t\t\t<div class=\"e-con-inner\">\n\t\t\t\t<div class=\"elementor-element elementor-element-cp21bba06d elementor-widget elementor-widget-heading\" data-id=\"cp21bba06d\" data-element_type=\"widget\" data-e-type=\"widget\" data-widget_type=\"heading.default\">\n\t\t\t\t\t<h2 class=\"elementor-heading-title elementor-size-default\">El Cant d'Ullikummi: estructura i transmissi\u00f3 en tauletes d'argila<\/h2>\t\t\t\t<\/div>\n\t\t<div class=\"elementor-element elementor-element-cp29cc2699 e-flex e-con-boxed e-con e-child\" data-id=\"cp29cc2699\" data-element_type=\"container\" data-e-type=\"container\">\n\t\t\t\t\t<div class=\"e-con-inner\">\n\t\t\t\t<div class=\"elementor-element elementor-element-cp22c337aa elementor-widget elementor-widget-text-editor\" data-id=\"cp22c337aa\" data-element_type=\"widget\" data-e-type=\"widget\" data-widget_type=\"text-editor.default\">\n\t\t\t\t\t\t\t\t\t<p>Ullikummi no es coneix a partir d&#8217;una tradici\u00f3 mitol\u00f2gica continuada, sin\u00f3 gaireb\u00e9 exclusivament d&#8217;una \u00fanica obra liter\u00e0ria, l&#8217;anomenat <em>Cant d&#8217;Ullikummi<\/em>. El text es va trobar en llengua hitita en tauletes d&#8217;argila procedents de la capital Hattu\u0161a, l&#8217;actual Bo\u011fazkale, al centre d&#8217;Anat\u00f2lia.<\/p><p>Les tauletes formen part dels fons recuperats a partir de 1906 per l&#8217;excavaci\u00f3 alemanya dirigida per Hugo Winckler i publicats posteriorment en els Keilschrifturkunden aus Boghazk\u00f6i i els Keilschrifttexte aus Boghazk\u00f6i. Hans Gustav G\u00fcterbock va presentar el 1951 i el 1952 l&#8217;edici\u00f3 original de refer\u00e8ncia amb traducci\u00f3.<\/p><p>L&#8217;obra forma part de l&#8217;anomenat cicle de Kumarbi, un conjunt de relats sobre el d\u00e9u Kumarbi i la seva lluita per la sobirania al cel.<\/p><p>El text hitita es considera una traducci\u00f3 o adaptaci\u00f3 d&#8217;un original hurrita; algunes tauletes porten anotacions que remeten a aquest rerefons hurrita. S&#8217;han conservat tres tauletes, cap de les quals \u00e9s completa, de manera que el final del relat nom\u00e9s es pot reconstruir parcialment.<\/p><p>Pel que fa al contingut, el cant es divideix en la generaci\u00f3 de l&#8217;\u00e9sser de pedra, el seu creixement ocult, el seu descobriment pels d\u00e9us i el combat final. La composici\u00f3 utilitza repeticions literals, com la descripci\u00f3 formular del creixement d&#8217;Ullikummi, freq\u00fcents tant en la <span class=\"iwg-fachbegriff\" data-tooltip=\"La transmissi\u00f3 de coneixements i relats al llarg de generacions.\" tabindex=\"0\">tradici\u00f3<\/span> oral com escrita de l&#8217;Orient Antic.<\/p><p>Per a la recerca, el text t\u00e9 un doble valor: com a testimoni de les relacions liter\u00e0ries hurrito-hitites i com a possible transmissor de motius que despr\u00e9s reapareixen en les teogonies gregues. La fragmentarietat de les tauletes continua sent, tanmateix, una limitaci\u00f3 fonamental de qualsevol interpretaci\u00f3.<\/p>\t\t\t\t\t\t\t\t<\/div>\n\t\t\t\t\t<\/div>\n\t\t\t\t<\/div>\n\t\t\t\t\t<\/div>\n\t\t\t\t<\/div>\n\t\t<div class=\"elementor-element elementor-element-cp296d698b e-flex e-con-boxed e-con e-parent\" data-id=\"cp296d698b\" data-element_type=\"container\" data-e-type=\"container\">\n\t\t\t\t\t<div class=\"e-con-inner\">\n\t\t\t\t<div class=\"elementor-element elementor-element-cp21e9c4e5 elementor-widget elementor-widget-heading\" data-id=\"cp21e9c4e5\" data-element_type=\"widget\" data-e-type=\"widget\" data-widget_type=\"heading.default\">\n\t\t\t\t\t<h2 class=\"elementor-heading-title elementor-size-default\">El diorit i el tall de la base<\/h2>\t\t\t\t<\/div>\n\t\t<div class=\"elementor-element elementor-element-cp28006065 e-flex e-con-boxed e-con e-child\" data-id=\"cp28006065\" data-element_type=\"container\" data-e-type=\"container\">\n\t\t\t\t\t<div class=\"e-con-inner\">\n\t\t\t\t<div class=\"elementor-element elementor-element-cp2e72d9e8 elementor-widget elementor-widget-text-editor\" data-id=\"cp2e72d9e8\" data-element_type=\"widget\" data-e-type=\"widget\" data-widget_type=\"text-editor.default\">\n\t\t\t\t\t\t\t\t\t<p>Un detall de la Can\u00e7\u00f3 d&#8217;Ullikummi ha rebut una atenci\u00f3 especial: el material del qual est\u00e0 fet l&#8217;\u00e9sser i la manera com \u00e9s ven\u00e7ut. Kumarbi engendra Ullikummi amb una roca, i el fill que en resulta \u00e9s un col\u00f3s de pedra, cec i sord.<\/p><p>El text designa el material amb un terme que la investigaci\u00f3 interpreta majorit\u00e0riament com a diorita, una roca dura i fosca. Aquesta materialitat fa que Ullikummi sigui immune als atacs habituals dels d\u00e9us.<\/p><p>Perqu\u00e8 l&#8217;\u00e9sser pugui cr\u00e9ixer sense ser advertit, \u00e9s col\u00b7locat sobre l&#8217;espatlla dreta d&#8217;Upelluri, el d\u00e9u portador semblant a Atlas que sost\u00e9 el m\u00f3n i que no s&#8217;adona de res del que passa.<\/p><p>Ullikummi creix dins el mar fins arribar al cel i amena\u00e7ar les resid\u00e8ncies dels d\u00e9us. El d\u00e9u de la tempesta, identificat en la versi\u00f3 hitita amb Te\u0161ub, fracassa inicialment davant el gegant de pedra.<\/p><p>La soluci\u00f3 l&#8217;aporta el savi d\u00e9u Ea, que fa buscar una eina als antics magatzems dels d\u00e9us anteriors. Es tracta d&#8217;aquella serra o eina de tall amb la qual, en el seu moment, es van separar el cel i la terra.<\/p><p>Amb aquesta eina, Ea talla Ullikummi pels peus, separant-lo de l&#8217;espatlla d&#8217;Upelluri. En perdre el contacte amb la seva base, l&#8217;\u00e9sser perd la seva for\u00e7a.<\/p><p>G\u00fcterbock i, despr\u00e9s d&#8217;ell, nombrosos assiri\u00f2legs han relacionat aquest <span class=\"iwg-fachbegriff\" data-tooltip=\"Un element de contingut recurrent en l'art o la narraci\u00f3.\" tabindex=\"0\">motiu<\/span> amb concepcions cosmog\u00f2niques de separaci\u00f3: l&#8217;eina que va crear el m\u00f3n serveix ara per desfer una amena\u00e7a contra natura. El text conservat s&#8217;interromp poc despr\u00e9s d&#8217;aquest punt d&#8217;inflexi\u00f3, de manera que la vict\u00f2ria final de Te\u0161ub es considera probable, per\u00f2 no queda documentada literalment.<\/p>\t\t\t\t\t\t\t\t<\/div>\n\t\t\t\t\t<\/div>\n\t\t\t\t<\/div>\n\t\t\t\t\t<\/div>\n\t\t\t\t<\/div>\n\t\t<div class=\"elementor-element elementor-element-iwgw-ullikummi-lit e-flex e-con-boxed e-con e-parent\" data-id=\"iwgw-ullikummi-lit\" data-element_type=\"container\" data-e-type=\"container\">\n\t\t\t\t\t<div class=\"e-con-inner\">\n\t\t\t\t<div class=\"elementor-element elementor-element-iwgw-ullikummi-lith elementor-widget elementor-widget-heading\" data-id=\"iwgw-ullikummi-lith\" data-element_type=\"widget\" data-e-type=\"widget\" data-widget_type=\"heading.default\">\n\t\t\t\t\t<h2 class=\"elementor-heading-title elementor-size-default\">Bibliografia (selecci\u00f3)<\/h2>\t\t\t\t<\/div>\n\t\t<div class=\"elementor-element elementor-element-iwgw-ullikummi-litc e-con-full e-flex e-con e-child\" data-id=\"iwgw-ullikummi-litc\" data-element_type=\"container\" data-e-type=\"container\">\n\t\t\t\t<div class=\"elementor-element elementor-element-iwgw-ullikummi-litt elementor-widget elementor-widget-text-editor\" data-id=\"iwgw-ullikummi-litt\" data-element_type=\"widget\" data-e-type=\"widget\" data-widget_type=\"text-editor.default\">\n\t\t\t\t\t\t\t\t\t<div data-nosnippet=\"true\"><ul><li>Hans G\u00fcterbock: <em>The Song of Ullikummi<\/em> (JCS 5, 6, 1951, 1952)<\/li><li>Gary Beckman: <em>Hittite Myths<\/em> (SBL 1998)<\/li><li>Volkert Haas: <em>Geschichte der hethitischen Religion<\/em> (Leiden 1994)<\/li><li>Mary Bachvarova: <em>From Hittite to Homer<\/em> (Cambridge 2016)<\/li><li>Walter Burkert: <em>Die orientalisierende Epoche<\/em> (Heidelberg 1984)<\/li><li>Volkert Haas: <em>Materia Magica et Medica Hethitica<\/em> (Berlin 2003)<\/li><\/ul><\/div>\t\t\t\t\t\t\t\t<\/div>\n\t\t\t\t<\/div>\n\t\t\t\t\t<\/div>\n\t\t\t\t<\/div>\n\t\t<div class=\"elementor-element elementor-element-iwgkw2-add-ullikummi e-flex e-con-boxed e-con e-parent\" data-id=\"iwgkw2-add-ullikummi\" data-element_type=\"container\" data-e-type=\"container\">\n\t\t\t\t\t<div class=\"e-con-inner\">\n\t\t\t\t<div class=\"elementor-element elementor-element-iwgkw2-add-ullikummi-t elementor-widget elementor-widget-text-editor\" data-id=\"iwgkw2-add-ullikummi-t\" data-element_type=\"widget\" data-e-type=\"widget\" data-widget_type=\"text-editor.default\">\n\t\t\t\t\t\t\t\t\t<p>En la tradici\u00f3 <em>hurrita<\/em>, dins el cicle de Kumarbi, Ullikummi apareix com un <em>desafiador dels d\u00e9us<\/em> de pedra, engendrat per Kumarbi contra el d\u00e9u de la tempesta Teschub; la tradici\u00f3 tabular hitita d&#8217;Hattusa ha conservat aquest <span class=\"iwg-fachbegriff\" data-tooltip=\"Una narraci\u00f3 transmesa sobre d\u00e9us, or\u00edgens i l'ordre del m\u00f3n.\" tabindex=\"0\">mite<\/span>.<\/p>\t\t\t\t\t\t\t\t<\/div>\n\t\t\t\t\t<\/div>\n\t\t\t\t<\/div>\n\t\t<div class=\"elementor-element elementor-element-iwgw-ullikummi-kwd e-flex e-con-boxed e-con e-parent\" data-id=\"iwgw-ullikummi-kwd\" data-element_type=\"container\" data-e-type=\"container\">\n\t\t\t\t\t<div class=\"e-con-inner\">\n\t\t<div class=\"elementor-element elementor-element-iwgw-ullikummi-kwdc e-con-full e-flex e-con e-child\" data-id=\"iwgw-ullikummi-kwdc\" data-element_type=\"container\" data-e-type=\"container\">\n\t\t\t\t<div class=\"elementor-element elementor-element-iwgw-ullikummi-kwdt elementor-widget elementor-widget-text-editor\" data-id=\"iwgw-ullikummi-kwdt\" data-element_type=\"widget\" data-e-type=\"widget\" data-widget_type=\"text-editor.default\">\n\t\t\t\t\t\t\t\t\t<p><em>Termes clau relacionats: Ullikummi, hurrites, gegant de pedra, diorita, Upelluri, Kummiya, Can\u00e7\u00f3, Hazzi.<\/em><\/p>\t\t\t\t\t\t\t\t<\/div>\n\t\t\t\t<\/div>\n\t\t\t\t\t<\/div>\n\t\t\t\t<\/div>\n\t\t<div class=\"elementor-element elementor-element-iwgw-ullikummi-cc e-flex e-con-boxed e-con e-parent\" data-id=\"iwgw-ullikummi-cc\" data-element_type=\"container\" data-e-type=\"container\" id=\"iwg-cc-ullikummi\">\n\t\t\t\t\t<div class=\"e-con-inner\">\n\t\t<div class=\"elementor-element elementor-element-iwgw-ullikummi-ccinner e-flex e-con-boxed e-con e-parent\" data-id=\"iwgw-ullikummi-ccinner\" data-element_type=\"container\" data-e-type=\"container\" data-settings=\"{&quot;background_background&quot;:&quot;classic&quot;}\">\n\t\t\t\t\t<div class=\"e-con-inner\">\n\t\t\t\t<div class=\"elementor-element elementor-element-iwgw-ullikummi-cch elementor-widget elementor-widget-heading\" data-id=\"iwgw-ullikummi-cch\" data-element_type=\"widget\" data-e-type=\"widget\" data-widget_type=\"heading.default\">\n\t\t\t\t\t<h2 class=\"elementor-heading-title elementor-size-default\">iWell Guard i tradicions de protecci\u00f3<\/h2>\t\t\t\t<\/div>\n\t\t\t\t<div class=\"elementor-element elementor-element-iwgw-ullikummi-cct elementor-widget elementor-widget-text-editor\" data-id=\"iwgw-ullikummi-cct\" data-element_type=\"widget\" data-e-type=\"widget\" data-widget_type=\"text-editor.default\">\n\t\t\t\t\t\t\t\t\t<div data-nosnippet=\"true\"><p>iWell Guard s&#8217;inspira en la tradici\u00f3 cultural i hist\u00f2rica dels objectes protectors portables, seguint la tradici\u00f3 de l&#8217;<a href=\"https:\/\/iwell-guard.com\/ca\/hitita-anatolic-tarhunna-deus-proteccio\/\">hitita<\/a> i de moltes altres cultures d&#8217;arreu del m\u00f3n. 41 capes, or aut\u00e8ntic, plat\u00ed, plata, fabricat a Alemanya. Dret de devoluci\u00f3 de 30 dies.<\/p><\/div>\t\t\t\t\t\t\t\t<\/div>\n\t\t\t\t<div class=\"elementor-element elementor-element-iwgw-ullikummi-ccb iwg-cc-button iwg-cc-cta-2026-05-13 elementor-widget elementor-widget-jet-button\" data-id=\"iwgw-ullikummi-ccb\" data-element_type=\"widget\" data-e-type=\"widget\" data-widget_type=\"jet-button.default\">\n\t\t\t\t<div class=\"elementor-widget-container\">\n\t\t\t\t\t<div class=\"elementor-jet-button jet-elements\"><div class=\"jet-button__container\"><a class=\"jet-button__instance jet-button__instance--icon-left hover-effect-1\" href=\"\/ueber-iwell-guard\/?utm_source=iwell-guard.com&amp;utm_medium=info-box&amp;utm_campaign=wesen-tradition\"><div class=\"jet-button__plane jet-button__plane-normal\"><\/div><div class=\"jet-button__plane jet-button__plane-hover\"><\/div><div class=\"jet-button__state jet-button__state-normal\"><span class=\"jet-button__label\">M\u00e9s informaci\u00f3 sobre l'iWell Guard<\/span><\/div><div class=\"jet-button__state jet-button__state-hover\"><span class=\"jet-button__label\">M\u00e9s informaci\u00f3 sobre l'iWell Guard<\/span><\/div><\/a><\/div><\/div><style>.elementor-element.elementor-element-iwgw-ullikummi-ccb .jet-button__instance{width:320px;height:56px;}.elementor-element.elementor-element-iwgw-ullikummi-ccb .jet-button__state-normal .jet-button__label{text-align:center;margin:0px 0px 0px 0px;color:#1a1b20;font-family:Montserrat,sans-serif;font-size:13px;font-weight:400;letter-spacing:4px;line-height:1.714em;text-transform:uppercase;}.elementor-element.elementor-element-iwgw-ullikummi-ccb .jet-button__state-hover .jet-button__label{text-align:center;margin:0px 0px 0px 0px;color:#FECC76;font-family:Montserrat,sans-serif;font-size:13px;font-weight:400;letter-spacing:4px;line-height:1.714em;text-transform:uppercase;}.elementor-element.elementor-element-iwgw-ullikummi-ccb .jet-button__plane-normal{background-color:#FECC76;border-style:solid;border-color:#C99540;border-width:2px 2px 2px 2px;}.elementor-element.elementor-element-iwgw-ullikummi-ccb .jet-button__plane-hover{background-color:rgba(0,0,0,0.55);border-style:solid;border-color:#FECC76;border-width:2px 2px 2px 2px;}<\/style>\t\t\t\t<\/div>\n\t\t\t\t<\/div>\n\t\t\t\t<div class=\"elementor-element elementor-element-iwgw-ullikummi-ccd elementor-widget elementor-widget-text-editor\" data-id=\"iwgw-ullikummi-ccd\" data-element_type=\"widget\" data-e-type=\"widget\" data-widget_type=\"text-editor.default\">\n\t\t\t\t\t\t\t\t\t<div data-nosnippet=\"true\"><p style=\"text-align:center;font-size:13px;opacity:0.7;margin-top:14px\" data-nosnippet=\"true\">Les experi\u00e8ncies personals poden variar. No \u00e9s un producte sanitari. No \u00e9s una promesa de curaci\u00f3.<\/p><\/div>\t\t\t\t\t\t\t\t<\/div>\n\t\t\t\t\t<\/div>\n\t\t\t\t<\/div>\n\t\t\t\t\t<\/div>\n\t\t\t\t<\/div>\n\t\t<div class=\"elementor-element elementor-element-iwgw-ullikummi-disc e-flex e-con-boxed e-con e-parent\" data-id=\"iwgw-ullikummi-disc\" data-element_type=\"container\" data-e-type=\"container\">\n\t\t\t\t\t<div class=\"e-con-inner\">\n\t\t\t\t<div class=\"elementor-element elementor-element-iwgw-ullikummi-discw elementor-widget elementor-widget-html\" data-id=\"iwgw-ullikummi-discw\" data-element_type=\"widget\" data-e-type=\"widget\" data-widget_type=\"html.default\">\n\t\t\t\t\t<footer data-nosnippet=\"true\" class=\"iwg-disclaimer-block\"><p data-nosnippet=\"true\">iWell Guard <strong>no \u00e9s un producte sanitari<\/strong> i no substitueix cap tractament m\u00e8dic o psicoterap\u00e8utic. Els continguts d'hist\u00f2ria de les religions s\u00f3n una classificaci\u00f3 culturohist\u00f2rica, no una recomanaci\u00f3 de pr\u00e0ctica espiritual.<\/p><\/footer>\t\t\t\t<\/div>\n\t\t\t\t\t<\/div>\n\t\t\t\t<\/div>\n\t\t\t\t<\/div>\n\t\t","protected":false},"excerpt":{"rendered":"","protected":false},"author":3,"featured_media":2844,"parent":0,"menu_order":0,"comment_status":"closed","ping_status":"closed","template":"elementor_header_footer","meta":{"_yoast_wpseo_focuskw":"Ullikummi, gegant de pedra hurrita","_yoast_wpseo_title":"Ullikummi \u2013 Gegant de pedra hurrita, mite, Kumarbi","_yoast_wpseo_metadesc":"Ullikummi, el gegant de diorita, va cr\u00e9ixer sobre l'espatlla d'Upelluri fins al cel i va amena\u00e7ar el r\u00e8gim div\u00ed de Teshub.","_yoast_wpseo_meta-robots-noindex":"","_yoast_wpseo_canonical":"","_angie_page":false,"gefaehrdungsstufe":"4","wesen_kultur":"hethitisch","wesen_klasse":"geister","footnotes":""},"categories":[],"class_list":["post-171718","page","type-page","status-publish","has-post-thumbnail","hentry"],"yoast_head":"<!-- This site is optimized with the Yoast SEO Premium plugin v27.7 (Yoast SEO v28.3) - https:\/\/yoast.com\/product\/yoast-seo-premium-wordpress\/ -->\n<title>Ullikummi \u2013 Gegant de pedra hurrita, mite, Kumarbi<\/title>\n<meta name=\"description\" content=\"Ullikummi, el gegant de diorita, va cr\u00e9ixer sobre l&#039;espatlla d&#039;Upelluri fins al cel i va amena\u00e7ar el r\u00e8gim div\u00ed de Teshub.\" \/>\n<meta name=\"robots\" content=\"index, follow, max-snippet:-1, max-image-preview:large, max-video-preview:-1\" \/>\n<link rel=\"canonical\" href=\"https:\/\/iwell-guard.com\/ca\/ullikummi-gegant-de-pedra\/\" \/>\n<meta property=\"og:locale\" content=\"ca_ES\" \/>\n<meta property=\"og:type\" content=\"article\" \/>\n<meta property=\"og:title\" content=\"Ullikummi \u2013 El gegant de pedra contra els d\u00e9us\" \/>\n<meta property=\"og:description\" content=\"Ullikummi, el gegant de diorita, va cr\u00e9ixer sobre l&#039;espatlla d&#039;Upelluri fins al cel i va amena\u00e7ar el r\u00e8gim div\u00ed de Teshub.\" \/>\n<meta property=\"og:url\" content=\"https:\/\/iwell-guard.com\/ca\/ullikummi-gegant-de-pedra\/\" \/>\n<meta property=\"og:site_name\" content=\"iWell Guard\" \/>\n<meta property=\"article:modified_time\" content=\"2026-09-05T16:05:25+00:00\" \/>\n<meta property=\"og:image\" content=\"https:\/\/iwell-guard.com\/wp-content\/uploads\/2026\/05\/goetter_hethitisch_ullikummi.webp\" \/>\n\t<meta property=\"og:image:width\" content=\"1024\" \/>\n\t<meta property=\"og:image:height\" content=\"1536\" \/>\n\t<meta property=\"og:image:type\" content=\"image\/webp\" \/>\n<meta name=\"twitter:card\" content=\"summary_large_image\" \/>\n<script type=\"application\/ld+json\" class=\"yoast-schema-graph\">{\"@context\":\"https:\\\/\\\/schema.org\",\"@graph\":[{\"@type\":\"WebPage\",\"@id\":\"https:\\\/\\\/iwell-guard.com\\\/ca\\\/ullikummi-gegant-de-pedra\\\/\",\"url\":\"https:\\\/\\\/iwell-guard.com\\\/ca\\\/ullikummi-gegant-de-pedra\\\/\",\"name\":\"Ullikummi \u2013 Gegant de pedra hurrita, mite, Kumarbi\",\"isPartOf\":{\"@id\":\"https:\\\/\\\/iwell-guard.com\\\/ca\\\/#website\"},\"primaryImageOfPage\":{\"@id\":\"https:\\\/\\\/iwell-guard.com\\\/ca\\\/ullikummi-gegant-de-pedra\\\/#primaryimage\"},\"image\":{\"@id\":\"https:\\\/\\\/iwell-guard.com\\\/ca\\\/ullikummi-gegant-de-pedra\\\/#primaryimage\"},\"thumbnailUrl\":\"https:\\\/\\\/iwell-guard.com\\\/wp-content\\\/uploads\\\/2026\\\/05\\\/goetter_hethitisch_ullikummi.webp\",\"datePublished\":\"2026-09-05T15:41:46+00:00\",\"dateModified\":\"2026-09-05T16:05:25+00:00\",\"description\":\"Ullikummi, el gegant de diorita, va cr\u00e9ixer sobre l'espatlla d'Upelluri fins al cel i va amena\u00e7ar el r\u00e8gim div\u00ed de Teshub.\",\"breadcrumb\":{\"@id\":\"https:\\\/\\\/iwell-guard.com\\\/ca\\\/ullikummi-gegant-de-pedra\\\/#breadcrumb\"},\"inLanguage\":\"ca\",\"potentialAction\":[{\"@type\":\"ReadAction\",\"target\":[\"https:\\\/\\\/iwell-guard.com\\\/ca\\\/ullikummi-gegant-de-pedra\\\/\"]}]},{\"@type\":\"ImageObject\",\"inLanguage\":\"ca\",\"@id\":\"https:\\\/\\\/iwell-guard.com\\\/ca\\\/ullikummi-gegant-de-pedra\\\/#primaryimage\",\"url\":\"https:\\\/\\\/iwell-guard.com\\\/wp-content\\\/uploads\\\/2026\\\/05\\\/goetter_hethitisch_ullikummi.webp\",\"contentUrl\":\"https:\\\/\\\/iwell-guard.com\\\/wp-content\\\/uploads\\\/2026\\\/05\\\/goetter_hethitisch_ullikummi.webp\",\"width\":1024,\"height\":1536,\"caption\":\"D\u00e9us de la tradici\u00f3 hitita.\"},{\"@type\":\"BreadcrumbList\",\"@id\":\"https:\\\/\\\/iwell-guard.com\\\/ca\\\/ullikummi-gegant-de-pedra\\\/#breadcrumb\",\"itemListElement\":[{\"@type\":\"ListItem\",\"position\":1,\"name\":\"Start\",\"item\":\"https:\\\/\\\/iwell-guard.com\\\/ca\\\/?page_id=171333\"},{\"@type\":\"ListItem\",\"position\":2,\"name\":\"Ullikummi \u2013 El gegant de pedra contra els d\u00e9us\"}]},{\"@type\":\"WebSite\",\"@id\":\"https:\\\/\\\/iwell-guard.com\\\/ca\\\/#website\",\"url\":\"https:\\\/\\\/iwell-guard.com\\\/ca\\\/\",\"name\":\"iWell Guard\",\"description\":\"Schutz vor dunklen Einfl\u00fcssen\",\"publisher\":{\"@id\":\"https:\\\/\\\/iwell-guard.com\\\/ca\\\/#organization\"},\"potentialAction\":[{\"@type\":\"SearchAction\",\"target\":{\"@type\":\"EntryPoint\",\"urlTemplate\":\"https:\\\/\\\/iwell-guard.com\\\/ca\\\/?s={search_term_string}\"},\"query-input\":{\"@type\":\"PropertyValueSpecification\",\"valueRequired\":true,\"valueName\":\"search_term_string\"}}],\"inLanguage\":\"ca\"},{\"@type\":\"Organization\",\"@id\":\"https:\\\/\\\/iwell-guard.com\\\/ca\\\/#organization\",\"name\":\"Ittermann electronic GmbH\",\"url\":\"https:\\\/\\\/iwell-guard.com\\\/ca\\\/\",\"logo\":{\"@type\":\"ImageObject\",\"inLanguage\":\"ca\",\"@id\":\"https:\\\/\\\/iwell-guard.com\\\/ca\\\/#\\\/schema\\\/logo\\\/image\\\/\",\"url\":\"https:\\\/\\\/iwell-guard.com\\\/wp-content\\\/uploads\\\/2026\\\/05\\\/Ittermann-Logo-1182x237-1.png\",\"contentUrl\":\"https:\\\/\\\/iwell-guard.com\\\/wp-content\\\/uploads\\\/2026\\\/05\\\/Ittermann-Logo-1182x237-1.png\",\"width\":1182,\"height\":237,\"caption\":\"Ittermann electronic GmbH\"},\"image\":{\"@id\":\"https:\\\/\\\/iwell-guard.com\\\/ca\\\/#\\\/schema\\\/logo\\\/image\\\/\"},\"sameAs\":[\"https:\\\/\\\/pantip.com\\\/profile\\\/9367242\",\"https:\\\/\\\/micro.blog\\\/iwellguard\",\"https:\\\/\\\/www.diggerslist.com\\\/iwellguard\\\/about\",\"https:\\\/\\\/skitterphoto.com\\\/photographers\\\/2870314\\\/iwell-guard\",\"https:\\\/\\\/iwellguard.wordpress.com\\\/2026\\\/06\\\/06\\\/iwell-guard\\\/\",\"https:\\\/\\\/hub.docker.com\\\/u\\\/iwellguard\",\"https:\\\/\\\/www.pinterest.com\\\/iwellguard\\\/\",\"https:\\\/\\\/bit.ly\\\/m\\\/iwellguard\",\"https:\\\/\\\/entre-vos-mains.alsace.eu\\\/profiles\\\/iwellguard\\\/activity\",\"https:\\\/\\\/gravatar.com\\\/reallybeded8fd34\",\"https:\\\/\\\/naijamatta.com\\\/iwellguard\",\"https:\\\/\\\/www.goodreads.com\\\/iwellguard\",\"https:\\\/\\\/profile.hatena.ne.jp\\\/iwellguard\\\/\",\"https:\\\/\\\/experiment.com\\\/users\\\/iwellguard\",\"https:\\\/\\\/wakelet.com\\\/@iWellGuard82270\",\"https:\\\/\\\/www.chordie.com\\\/forum\\\/profile.php?id=2555664\",\"https:\\\/\\\/www.instapaper.com\\\/p\\\/17757966\",\"https:\\\/\\\/www.mapleprimes.com\\\/users\\\/iwellguard\",\"https:\\\/\\\/businesslistingplus.com\\\/profile\\\/iwell-guard\\\/\",\"https:\\\/\\\/telegra.ph\\\/iWell-Guard-06-06\",\"https:\\\/\\\/pbase.com\\\/iwellguard\\\/iwellguard\",\"https:\\\/\\\/b.hatena.ne.jp\\\/iwellguard\\\/20260607#bookmark-4788405196491818882\",\"https:\\\/\\\/fliphtml5.com\\\/home\\\/iwellguard\",\"https:\\\/\\\/anyflip.com\\\/homepage\\\/cmiwl#About\",\"https:\\\/\\\/transfur.com\\\/Users\\\/iwellguard\",\"http:\\\/\\\/delphi.larsbo.org\\\/user\\\/iwellguard\",\"https:\\\/\\\/jobs.lajobsportal.org\\\/profiles\\\/8380803-iwell-guard\",\"https:\\\/\\\/md.chaosdorf.de\\\/s\\\/jfbe5SBdJD\",\"https:\\\/\\\/www.lingvolive.com\\\/en-us\\\/profile\\\/9ecaeaca-ce11-4e51-9e71-01d55e2bff36\\\/translations\",\"https:\\\/\\\/www.fitday.com\\\/fitness\\\/forums\\\/members\\\/iwellguard.html\",\"https:\\\/\\\/www.mymeetbook.com\\\/iwellguard\",\"https:\\\/\\\/pxhere.com\\\/en\\\/photographer-me\\\/5040798\",\"https:\\\/\\\/disqus.com\\\/by\\\/iwellguard\\\/about\\\/\",\"https:\\\/\\\/pastelink.net\\\/hjwciqwq\",\"https:\\\/\\\/pubhtml5.com\\\/homepage\\\/scjhn\\\/\",\"https:\\\/\\\/www.bitchute.com\\\/channel\\\/2O2eOKzNqujT\",\"https:\\\/\\\/audiomack.com\\\/iwellguard\"]},{\"@type\":\"Article\",\"@id\":\"https:\\\/\\\/iwell-guard.com\\\/ca\\\/ullikummi-gegant-de-pedra\\\/#article\",\"isPartOf\":{\"@id\":\"https:\\\/\\\/iwell-guard.com\\\/ca\\\/ullikummi-gegant-de-pedra\\\/\"},\"author\":{\"name\":\"Ralf Ittermann\",\"@id\":\"https:\\\/\\\/iwell-guard.com\\\/ca\\\/#\\\/schema\\\/person\\\/ee2a27f1cac3406c7c6fb5820cb7349f\"},\"headline\":\"Ullikummi \u2013 El gegant de pedra contra els d\u00e9us\",\"datePublished\":\"2026-09-05T15:41:46+00:00\",\"dateModified\":\"2026-09-05T16:05:25+00:00\",\"mainEntityOfPage\":{\"@id\":\"https:\\\/\\\/iwell-guard.com\\\/ca\\\/ullikummi-gegant-de-pedra\\\/\"},\"publisher\":{\"@id\":\"https:\\\/\\\/iwell-guard.com\\\/ca\\\/#organization\"},\"image\":{\"@id\":\"https:\\\/\\\/iwell-guard.com\\\/ca\\\/ullikummi-gegant-de-pedra\\\/#primaryimage\"},\"thumbnailUrl\":\"https:\\\/\\\/iwell-guard.com\\\/wp-content\\\/uploads\\\/2026\\\/05\\\/goetter_hethitisch_ullikummi.webp\",\"inLanguage\":\"ca\",\"description\":\"Ullikummi, el gegant de diorita, va cr\u00e9ixer sobre l'espatlla d'Upelluri fins al cel i va amena\u00e7ar el r\u00e8gim div\u00ed de Teshub.\"}]}<\/script>\n<!-- \/ Yoast SEO Premium plugin. -->","yoast_head_json":{"title":"Ullikummi \u2013 Gegant de pedra hurrita, mite, Kumarbi","description":"Ullikummi, el gegant de diorita, va cr\u00e9ixer sobre l'espatlla d'Upelluri fins al cel i va amena\u00e7ar el r\u00e8gim div\u00ed de Teshub.","robots":{"index":"index","follow":"follow","max-snippet":"max-snippet:-1","max-image-preview":"max-image-preview:large","max-video-preview":"max-video-preview:-1"},"canonical":"https:\/\/iwell-guard.com\/ca\/ullikummi-gegant-de-pedra\/","og_locale":"ca_ES","og_type":"article","og_title":"Ullikummi \u2013 El gegant de pedra contra els d\u00e9us","og_description":"Ullikummi, el gegant de diorita, va cr\u00e9ixer sobre l'espatlla d'Upelluri fins al cel i va amena\u00e7ar el r\u00e8gim div\u00ed de Teshub.","og_url":"https:\/\/iwell-guard.com\/ca\/ullikummi-gegant-de-pedra\/","og_site_name":"iWell Guard","article_modified_time":"2026-09-05T16:05:25+00:00","og_image":[{"width":1024,"height":1536,"url":"https:\/\/iwell-guard.com\/wp-content\/uploads\/2026\/05\/goetter_hethitisch_ullikummi.webp","type":"image\/webp"}],"twitter_card":"summary_large_image","schema":{"@context":"https:\/\/schema.org","@graph":[{"@type":"Article","@id":"https:\/\/iwell-guard.com\/ca\/ullikummi-gegant-de-pedra\/#article","isPartOf":{"@id":"https:\/\/iwell-guard.com\/ca\/ullikummi-gegant-de-pedra\/"},"author":{"name":"Ralf Ittermann","@id":"https:\/\/iwell-guard.com\/ca\/#\/schema\/person\/ee2a27f1cac3406c7c6fb5820cb7349f"},"headline":"Ullikummi \u2013 El gegant de pedra contra els d\u00e9us","datePublished":"2026-09-05T15:41:46+00:00","dateModified":"2026-09-05T16:05:25+00:00","mainEntityOfPage":{"@id":"https:\/\/iwell-guard.com\/ca\/ullikummi-gegant-de-pedra\/"},"publisher":{"@id":"https:\/\/iwell-guard.com\/ca\/#organization"},"image":{"@id":"https:\/\/iwell-guard.com\/ca\/ullikummi-gegant-de-pedra\/#primaryimage"},"thumbnailUrl":"https:\/\/iwell-guard.com\/wp-content\/uploads\/2026\/05\/goetter_hethitisch_ullikummi.webp","inLanguage":"ca","description":"Ullikummi, el gegant de diorita, va cr\u00e9ixer sobre l'espatlla d'Upelluri fins al cel i va amena\u00e7ar el r\u00e8gim div\u00ed de Teshub."},{"@type":"WebPage","@id":"https:\/\/iwell-guard.com\/ca\/ullikummi-gegant-de-pedra\/","url":"https:\/\/iwell-guard.com\/ca\/ullikummi-gegant-de-pedra\/","name":"Ullikummi \u2013 Gegant de pedra hurrita, mite, Kumarbi","isPartOf":{"@id":"https:\/\/iwell-guard.com\/ca\/#website"},"primaryImageOfPage":{"@id":"https:\/\/iwell-guard.com\/ca\/ullikummi-gegant-de-pedra\/#primaryimage"},"image":{"@id":"https:\/\/iwell-guard.com\/ca\/ullikummi-gegant-de-pedra\/#primaryimage"},"thumbnailUrl":"https:\/\/iwell-guard.com\/wp-content\/uploads\/2026\/05\/goetter_hethitisch_ullikummi.webp","datePublished":"2026-09-05T15:41:46+00:00","dateModified":"2026-09-05T16:05:25+00:00","description":"Ullikummi, el gegant de diorita, va cr\u00e9ixer sobre l'espatlla d'Upelluri fins al cel i va amena\u00e7ar el r\u00e8gim div\u00ed de Teshub.","breadcrumb":{"@id":"https:\/\/iwell-guard.com\/ca\/ullikummi-gegant-de-pedra\/#breadcrumb"},"inLanguage":"ca","potentialAction":[{"@type":"ReadAction","target":["https:\/\/iwell-guard.com\/ca\/ullikummi-gegant-de-pedra\/"]}]},{"@type":"ImageObject","inLanguage":"ca","@id":"https:\/\/iwell-guard.com\/ca\/ullikummi-gegant-de-pedra\/#primaryimage","url":"https:\/\/iwell-guard.com\/wp-content\/uploads\/2026\/05\/goetter_hethitisch_ullikummi.webp","contentUrl":"https:\/\/iwell-guard.com\/wp-content\/uploads\/2026\/05\/goetter_hethitisch_ullikummi.webp","width":1024,"height":1536,"caption":"D\u00e9us de la tradici\u00f3 hitita."},{"@type":"BreadcrumbList","@id":"https:\/\/iwell-guard.com\/ca\/ullikummi-gegant-de-pedra\/#breadcrumb","itemListElement":[{"@type":"ListItem","position":1,"name":"Start","item":"https:\/\/iwell-guard.com\/ca\/?page_id=171333"},{"@type":"ListItem","position":2,"name":"Ullikummi \u2013 El gegant de pedra contra els d\u00e9us"}]},{"@type":"WebSite","@id":"https:\/\/iwell-guard.com\/ca\/#website","url":"https:\/\/iwell-guard.com\/ca\/","name":"iWell Guard","description":"Schutz vor dunklen Einfl\u00fcssen","publisher":{"@id":"https:\/\/iwell-guard.com\/ca\/#organization"},"potentialAction":[{"@type":"SearchAction","target":{"@type":"EntryPoint","urlTemplate":"https:\/\/iwell-guard.com\/ca\/?s={search_term_string}"},"query-input":{"@type":"PropertyValueSpecification","valueRequired":true,"valueName":"search_term_string"}}],"inLanguage":"ca"},{"@type":"Organization","@id":"https:\/\/iwell-guard.com\/ca\/#organization","name":"Ittermann electronic GmbH","url":"https:\/\/iwell-guard.com\/ca\/","logo":{"@type":"ImageObject","inLanguage":"ca","@id":"https:\/\/iwell-guard.com\/ca\/#\/schema\/logo\/image\/","url":"https:\/\/iwell-guard.com\/wp-content\/uploads\/2026\/05\/Ittermann-Logo-1182x237-1.png","contentUrl":"https:\/\/iwell-guard.com\/wp-content\/uploads\/2026\/05\/Ittermann-Logo-1182x237-1.png","width":1182,"height":237,"caption":"Ittermann electronic GmbH"},"image":{"@id":"https:\/\/iwell-guard.com\/ca\/#\/schema\/logo\/image\/"},"sameAs":["https:\/\/pantip.com\/profile\/9367242","https:\/\/micro.blog\/iwellguard","https:\/\/www.diggerslist.com\/iwellguard\/about","https:\/\/skitterphoto.com\/photographers\/2870314\/iwell-guard","https:\/\/iwellguard.wordpress.com\/2026\/06\/06\/iwell-guard\/","https:\/\/hub.docker.com\/u\/iwellguard","https:\/\/www.pinterest.com\/iwellguard\/","https:\/\/bit.ly\/m\/iwellguard","https:\/\/entre-vos-mains.alsace.eu\/profiles\/iwellguard\/activity","https:\/\/gravatar.com\/reallybeded8fd34","https:\/\/naijamatta.com\/iwellguard","https:\/\/www.goodreads.com\/iwellguard","https:\/\/profile.hatena.ne.jp\/iwellguard\/","https:\/\/experiment.com\/users\/iwellguard","https:\/\/wakelet.com\/@iWellGuard82270","https:\/\/www.chordie.com\/forum\/profile.php?id=2555664","https:\/\/www.instapaper.com\/p\/17757966","https:\/\/www.mapleprimes.com\/users\/iwellguard","https:\/\/businesslistingplus.com\/profile\/iwell-guard\/","https:\/\/telegra.ph\/iWell-Guard-06-06","https:\/\/pbase.com\/iwellguard\/iwellguard","https:\/\/b.hatena.ne.jp\/iwellguard\/20260607#bookmark-4788405196491818882","https:\/\/fliphtml5.com\/home\/iwellguard","https:\/\/anyflip.com\/homepage\/cmiwl#About","https:\/\/transfur.com\/Users\/iwellguard","http:\/\/delphi.larsbo.org\/user\/iwellguard","https:\/\/jobs.lajobsportal.org\/profiles\/8380803-iwell-guard","https:\/\/md.chaosdorf.de\/s\/jfbe5SBdJD","https:\/\/www.lingvolive.com\/en-us\/profile\/9ecaeaca-ce11-4e51-9e71-01d55e2bff36\/translations","https:\/\/www.fitday.com\/fitness\/forums\/members\/iwellguard.html","https:\/\/www.mymeetbook.com\/iwellguard","https:\/\/pxhere.com\/en\/photographer-me\/5040798","https:\/\/disqus.com\/by\/iwellguard\/about\/","https:\/\/pastelink.net\/hjwciqwq","https:\/\/pubhtml5.com\/homepage\/scjhn\/","https:\/\/www.bitchute.com\/channel\/2O2eOKzNqujT","https:\/\/audiomack.com\/iwellguard"]},{"@type":"Person","@id":"https:\/\/iwell-guard.com\/ca\/#\/schema\/person\/ee2a27f1cac3406c7c6fb5820cb7349f","name":"Ralf Ittermann","image":{"@type":"ImageObject","inLanguage":"ca","@id":"https:\/\/secure.gravatar.com\/avatar\/073c0153e350a5005b68eb752b445fea71f6b24a26da9449ad7e155e6b446c9d?s=96&d=mm&r=g","url":"https:\/\/secure.gravatar.com\/avatar\/073c0153e350a5005b68eb752b445fea71f6b24a26da9449ad7e155e6b446c9d?s=96&d=mm&r=g","contentUrl":"https:\/\/secure.gravatar.com\/avatar\/073c0153e350a5005b68eb752b445fea71f6b24a26da9449ad7e155e6b446c9d?s=96&d=mm&r=g","caption":"Ralf Ittermann"},"givenName":"Ralf","familyName":"Ittermann","jobTitle":"Gesch\u00e4ftsf\u00fchrer und redaktioneller Verantwortlicher","url":"https:\/\/iwell-guard.com\/ca\/author\/claude\/","description":"Ralf Ittermann ist Gesch\u00e4ftsf\u00fchrer der Ittermann electronic GmbH und redaktioneller Verantwortlicher des iWell-Guard-Lexikons. Er verbindet langj\u00e4hrige Erfahrung in der Pr\u00e4zisionsfertigung mit medialer Praxis und religionsgeschichtlicher Quellenarbeit.","worksFor":{"@type":"Organization","name":"Ittermann electronic GmbH","url":"https:\/\/ittermann.de\/","address":{"@type":"PostalAddress","streetAddress":"K\u00f6hlergasse 16-18","postalCode":"99842","addressLocality":"Ruhla","addressCountry":"DE"}},"knowsAbout":["Religionsgeschichte","Mythologie","Mediale Praxis","Energetische Diagnostik","Schutzpraxis","Volksglauben","Westliche Esoterik"]},{"@type":"Article","@id":"https:\/\/iwell-guard.com\/ca\/ullikummi-gegant-de-pedra\/#article","isPartOf":{"@id":"https:\/\/iwell-guard.com\/ca\/ullikummi-gegant-de-pedra\/"},"author":{"name":"Ralf Ittermann","@id":"https:\/\/iwell-guard.com\/ca\/#\/schema\/person\/ee2a27f1cac3406c7c6fb5820cb7349f"},"headline":"Ullikummi \u2013 El gegant de pedra contra els d\u00e9us","datePublished":"2026-09-05T15:41:46+00:00","dateModified":"2026-09-05T16:05:25+00:00","mainEntityOfPage":{"@id":"https:\/\/iwell-guard.com\/ca\/ullikummi-gegant-de-pedra\/"},"publisher":{"@id":"https:\/\/iwell-guard.com\/ca\/#organization"},"image":{"@id":"https:\/\/iwell-guard.com\/ca\/ullikummi-gegant-de-pedra\/#primaryimage"},"thumbnailUrl":"https:\/\/iwell-guard.com\/wp-content\/uploads\/2026\/05\/goetter_hethitisch_ullikummi.webp","inLanguage":"ca","description":"Ullikummi, el gegant de diorita, va cr\u00e9ixer sobre l'espatlla d'Upelluri fins al cel i va amena\u00e7ar el r\u00e8gim div\u00ed de Teshub."}]}},"_links":{"self":[{"href":"https:\/\/iwell-guard.com\/ca\/wp-json\/wp\/v2\/pages\/171718","targetHints":{"allow":["GET"]}}],"collection":[{"href":"https:\/\/iwell-guard.com\/ca\/wp-json\/wp\/v2\/pages"}],"about":[{"href":"https:\/\/iwell-guard.com\/ca\/wp-json\/wp\/v2\/types\/page"}],"author":[{"embeddable":true,"href":"https:\/\/iwell-guard.com\/ca\/wp-json\/wp\/v2\/users\/3"}],"replies":[{"embeddable":true,"href":"https:\/\/iwell-guard.com\/ca\/wp-json\/wp\/v2\/comments?post=171718"}],"version-history":[{"count":0,"href":"https:\/\/iwell-guard.com\/ca\/wp-json\/wp\/v2\/pages\/171718\/revisions"}],"wp:featuredmedia":[{"embeddable":true,"href":"https:\/\/iwell-guard.com\/ca\/wp-json\/wp\/v2\/media\/2844"}],"wp:attachment":[{"href":"https:\/\/iwell-guard.com\/ca\/wp-json\/wp\/v2\/media?parent=171718"}],"wp:term":[{"taxonomy":"category","embeddable":true,"href":"https:\/\/iwell-guard.com\/ca\/wp-json\/wp\/v2\/categories?post=171718"}],"curies":[{"name":"wp","href":"https:\/\/api.w.org\/{rel}","templated":true}]}}